{"id":157875,"date":"2026-09-04T22:18:47","date_gmt":"2026-09-04T22:18:47","guid":{"rendered":"https:\/\/iwell-guard.com\/?page_id=157875"},"modified":"2026-09-04T22:44:39","modified_gmt":"2026-09-04T22:44:39","slug":"belial","status":"publish","type":"page","link":"https:\/\/iwell-guard.com\/sk\/belial\/","title":{"rendered":"Belial"},"content":{"rendered":"\t\t<div data-elementor-type=\"wp-page\" data-elementor-id=\"157875\" class=\"elementor elementor-157875 elementor-2257 elementor-bc-flex-widget\" data-elementor-post-type=\"page\">\n\t\t\t\t<div class=\"elementor-element elementor-element-10fdade e-flex e-con-boxed e-con e-parent\" data-id=\"10fdade\" data-element_type=\"container\" data-e-type=\"container\" data-settings=\"{&quot;background_background&quot;:&quot;classic&quot;}\">\n\t\t\t\t\t<div class=\"e-con-inner\">\n\t\t<div class=\"elementor-element elementor-element-herohlft0 e-flex e-con-boxed e-con e-child\" data-id=\"herohlft0\" data-element_type=\"container\" data-e-type=\"container\">\n\t\t\t\t\t<div class=\"e-con-inner\">\n\t\t<div class=\"elementor-element elementor-element-c3ceb64 e-con-full e-flex e-con e-child\" data-id=\"c3ceb64\" data-element_type=\"container\" data-e-type=\"container\">\n\t\t\t\t<div class=\"elementor-element elementor-element-96ae5e1 elementor-widget elementor-widget-heading\" data-id=\"96ae5e1\" data-element_type=\"widget\" data-e-type=\"widget\" data-widget_type=\"heading.default\">\n\t\t\t\t\t<h1 class=\"elementor-heading-title elementor-size-default\">Belial, kr\u00e1\u013e a anjel slov<\/h1>\t\t\t\t<\/div>\n\t\t\t\t<div class=\"elementor-element elementor-element-e45238a elementor-widget elementor-widget-text-editor\" data-id=\"e45238a\" data-element_type=\"widget\" data-e-type=\"widget\" data-widget_type=\"text-editor.default\">\n\t\t\t\t\t\t\t\t\t<p><strong>Belial patr\u00ed<\/strong> k najstar\u0161\u00edm a jazykovo najbohat\u0161\u00edm postav\u00e1m \u017eidovskej a kres\u0165anskej demonol\u00f3gie. Na rozdiel od Baela alebo Paimona, ktor\u00fdch linia vedie k feni\u010dansko-orient\u00e1lnym bohom, je Belial zakotven\u00fd v hebrejskom jazykovom \u00faze a v ran\u00e9ho-\u017eidovskej apokalyptike.<\/p><p>Z mor\u00e1lneho abstraktn\u00e9ho pojmu sa prostredn\u00edctvom kumr\u00e1nskych spisov vyvinul menovan\u00fd kozmick\u00fd protivn\u00edk. V Goetii je uveden\u00fd ako \u0161es\u0165desiaty \u00f4smy <span class=\"iwg-fachbegriff\" data-tooltip=\"Beztelesn\u00e1 bytos\u0165, ktorej sa pripisuje p\u00f4sobenie vo svete.\" tabindex=\"0\">duch<\/span> a pova\u017euje sa za kr\u00e1\u013ea s pr\u00e1vomocou nad osemdesiatimi l\u00e9giami.<\/p>\t\t\t\t\t\t\t\t<\/div>\n\t\t\t\t<\/div>\n\t\t<div class=\"elementor-element elementor-element-klsbdg01 e-con-full e-flex e-con e-parent\" data-id=\"klsbdg01\" data-element_type=\"container\" data-e-type=\"container\">\n\t\t\t\t<div class=\"elementor-element elementor-element-klshtm01 elementor-widget elementor-widget-html\" data-id=\"klshtm01\" data-element_type=\"widget\" data-e-type=\"widget\" data-widget_type=\"html.default\">\n\t\t\t\t\t<div class=\"iwg-pill-row\"><span class=\"iwg-klasse-badge\" tabindex=\"0\" data-tooltip=\"D\u00e9mon: Nadprirodzen\u00e1, v\u00e4\u010d\u0161inou \u0161kodliv\u00e1 bytos\u0165 medzi bohmi a \u013eu\u010fmi.\">D\u00e9mon<\/span><a href=\"https:\/\/iwell-guard.com\/sk\/?page_id=157604\" class=\"iwg-kultur-badge\" tabindex=\"0\" data-tooltip=\"Kres\u0165ansk\u00e1 trad\u00edcia od 1. storo\u010dia n. l.\">Kres\u0165anstvo<\/a><\/div>\t\t\t\t<\/div>\n\t\t\t\t<\/div>\n\t\t<div class=\"elementor-element elementor-element-3f74855 e-con-full e-flex e-con e-child\" data-id=\"3f74855\" data-element_type=\"container\" data-e-type=\"container\">\n\t\t\t\t<div class=\"elementor-element elementor-element-1c30362 elementor-toc--minimized-on-tablet elementor-widget elementor-widget-table-of-contents\" data-id=\"1c30362\" data-element_type=\"widget\" data-e-type=\"widget\" data-settings=\"{&quot;exclude_headings_by_selector&quot;:[],&quot;no_headings_message&quot;:&quot;Na tejto str\\u00e1nke sa nena\\u0161li \\u017eiadne nadpisy.&quot;,&quot;headings_by_tags&quot;:[&quot;h2&quot;,&quot;h3&quot;],&quot;marker_view&quot;:&quot;bullets&quot;,&quot;minimize_box&quot;:&quot;yes&quot;,&quot;icon&quot;:{&quot;value&quot;:&quot;fas fa-circle&quot;,&quot;library&quot;:&quot;fa-solid&quot;,&quot;rendered_tag&quot;:&quot;&lt;svg class=\\&quot;e-font-icon-svg e-fas-circle\\&quot; viewBox=\\&quot;0 0 512 512\\&quot; xmlns=\\&quot;http:\\\/\\\/www.w3.org\\\/2000\\\/svg\\&quot;&gt;&lt;path d=\\&quot;M256 8C119 8 8 119 8 256s111 248 248 248 248-111 248-248S393 8 256 8z\\&quot;&gt;&lt;\\\/path&gt;&lt;\\\/svg&gt;&quot;},&quot;minimized_on&quot;:&quot;tablet&quot;,&quot;hierarchical_view&quot;:&quot;yes&quot;,&quot;min_height&quot;:{&quot;unit&quot;:&quot;px&quot;,&quot;size&quot;:&quot;&quot;,&quot;sizes&quot;:[]},&quot;min_height_tablet&quot;:{&quot;unit&quot;:&quot;px&quot;,&quot;size&quot;:&quot;&quot;,&quot;sizes&quot;:[]},&quot;min_height_mobile&quot;:{&quot;unit&quot;:&quot;px&quot;,&quot;size&quot;:&quot;&quot;,&quot;sizes&quot;:[]}}\" data-widget_type=\"table-of-contents.default\">\n\t\t\t\t\t\t\t\t\t<div class=\"elementor-toc__header\">\n\t\t\t\t\t\t<h2 class=\"elementor-toc__header-title\">\n\t\t\t\tObsah\t\t\t<\/h2>\n\t\t\t\t\t\t\t\t\t\t<div class=\"elementor-toc__toggle-button elementor-toc__toggle-button--expand\" role=\"button\" tabindex=\"0\" aria-controls=\"elementor-toc__1c30362\" aria-expanded=\"true\" aria-label=\"Open table of contents\"><svg aria-hidden=\"true\" class=\"e-font-icon-svg e-fas-chevron-down\" viewBox=\"0 0 448 512\" xmlns=\"http:\/\/www.w3.org\/2000\/svg\"><path d=\"M207.029 381.476L12.686 187.132c-9.373-9.373-9.373-24.569 0-33.941l22.667-22.667c9.357-9.357 24.522-9.375 33.901-.04L224 284.505l154.745-154.021c9.379-9.335 24.544-9.317 33.901.04l22.667 22.667c9.373 9.373 9.373 24.569 0 33.941L240.971 381.476c-9.373 9.372-24.569 9.372-33.942 0z\"><\/path><\/svg><\/div>\n\t\t\t\t<div class=\"elementor-toc__toggle-button elementor-toc__toggle-button--collapse\" role=\"button\" tabindex=\"0\" aria-controls=\"elementor-toc__1c30362\" aria-expanded=\"true\" aria-label=\"Close table of contents\"><svg aria-hidden=\"true\" class=\"e-font-icon-svg e-fas-chevron-up\" viewBox=\"0 0 448 512\" xmlns=\"http:\/\/www.w3.org\/2000\/svg\"><path d=\"M240.971 130.524l194.343 194.343c9.373 9.373 9.373 24.569 0 33.941l-22.667 22.667c-9.357 9.357-24.522 9.375-33.901.04L224 227.495 69.255 381.516c-9.379 9.335-24.544 9.317-33.901-.04l-22.667-22.667c-9.373-9.373-9.373-24.569 0-33.941L207.03 130.525c9.372-9.373 24.568-9.373 33.941-.001z\"><\/path><\/svg><\/div>\n\t\t\t\t\t<\/div>\n\t\t\t\t<div id=\"elementor-toc__1c30362\" class=\"elementor-toc__body\">\n\t\t\t<div class=\"elementor-toc__spinner-container\">\n\t\t\t\t<svg class=\"elementor-toc__spinner eicon-animation-spin e-font-icon-svg e-eicon-loading\" aria-hidden=\"true\" viewBox=\"0 0 1000 1000\" xmlns=\"http:\/\/www.w3.org\/2000\/svg\"><path d=\"M500 975V858C696 858 858 696 858 500S696 142 500 142 142 304 142 500H25C25 237 238 25 500 25S975 237 975 500 763 975 500 975Z\"><\/path><\/svg>\t\t\t<\/div>\n\t\t<\/div>\n\t\t\t\t\t\t<\/div>\n\t\t\t\t<\/div>\n\t\t\t\t\t<\/div>\n\t\t\t\t<\/div>\n\t\t<div class=\"elementor-element elementor-element-herorght0 e-con-full e-flex e-con e-child\" data-id=\"herorght0\" data-element_type=\"container\" data-e-type=\"container\">\n\t\t\t\t<div class=\"elementor-element elementor-element-heroimg00 iwg-hero-image elementor-widget elementor-widget-image\" data-id=\"heroimg00\" data-element_type=\"widget\" data-e-type=\"widget\" data-widget_type=\"image.default\">\n\t\t\t\t\t\t\t\t\t\t\t\t\t\t\t<img fetchpriority=\"high\" decoding=\"async\" width=\"683\" height=\"1024\" src=\"https:\/\/iwell-guard.com\/wp-content\/uploads\/2026\/05\/daemonen_christentum_belial-683x1024.webp\" class=\"attachment-large size-large wp-image-159868\" alt=\"Belial, d\u00e9mon z kres\u0165ansko-okultistickej trad\u00edcie go\u00e9cie\" srcset=\"https:\/\/iwell-guard.com\/wp-content\/uploads\/2026\/05\/daemonen_christentum_belial-683x1024.webp 683w, https:\/\/iwell-guard.com\/wp-content\/uploads\/2026\/05\/daemonen_christentum_belial-200x300.webp 200w, https:\/\/iwell-guard.com\/wp-content\/uploads\/2026\/05\/daemonen_christentum_belial-768x1152.webp 768w, https:\/\/iwell-guard.com\/wp-content\/uploads\/2026\/05\/daemonen_christentum_belial.webp 1024w\" sizes=\"(max-width: 683px) 100vw, 683px\" \/>\t\t\t\t\t\t\t\t\t\t\t\t\t\t\t<\/div>\n\t\t\t\t<\/div>\n\t\t\t\t\t<\/div>\n\t\t\t\t<\/div>\n\t\t<div class=\"elementor-element elementor-element-32917199 e-flex e-con-boxed e-con e-parent\" data-id=\"32917199\" data-element_type=\"container\" data-e-type=\"container\">\n\t\t\t\t\t<div class=\"e-con-inner\">\n\t\t<div class=\"elementor-element elementor-element-26e916cb e-flex e-con-boxed e-con e-child\" data-id=\"26e916cb\" data-element_type=\"container\" data-e-type=\"container\">\n\t\t\t\t\t<div class=\"e-con-inner\">\n\t\t<div class=\"elementor-element elementor-element-253a40d4 e-flex e-con-boxed e-con e-child\" data-id=\"253a40d4\" data-element_type=\"container\" data-e-type=\"container\">\n\t\t\t\t\t<div class=\"e-con-inner\">\n\t\t\t\t<div class=\"elementor-element elementor-element-1200c304 elementor-widget elementor-widget-heading\" data-id=\"1200c304\" data-element_type=\"widget\" data-e-type=\"widget\" data-widget_type=\"heading.default\">\n\t\t\t\t\t<h2 class=\"elementor-heading-title elementor-size-default\">Belial<\/h2>\t\t\t\t<\/div>\n\t\t\t\t<div class=\"elementor-element elementor-element-11758e7f elementor-widget elementor-widget-text-editor\" data-id=\"11758e7f\" data-element_type=\"widget\" data-e-type=\"widget\" data-widget_type=\"text-editor.default\">\n\t\t\t\t\t\t\t\t\t<p><strong>Belial patr\u00ed<\/strong> k najstar\u0161\u00edm a jazykovo najbohat\u0161\u00edm postav\u00e1m \u017eidovskej a kres\u0165anskej demonol\u00f3gie. Na rozdiel od Baela alebo Paimona, ktor\u00fdch linia vedie k feni\u010dansko-orient\u00e1lnym bohom, je Belial zakotven\u00fd v hebrejskom jazykovom \u00faze a v ran\u00e9ho-\u017eidovskej apokalyptike.<\/p><p>Z mor\u00e1lneho abstraktn\u00e9ho pojmu sa prostredn\u00edctvom kumr\u00e1nskych spisov vyvinul menovan\u00fd kozmick\u00fd protivn\u00edk. V Goetii je uveden\u00fd ako \u0161es\u0165desiaty \u00f4smy <span class=\"iwg-fachbegriff\" data-tooltip=\"Beztelesn\u00e1 bytos\u0165, ktorej sa pripisuje p\u00f4sobenie vo svete.\" tabindex=\"0\">duch<\/span> a pova\u017euje sa za kr\u00e1\u013ea s pr\u00e1vomocou nad osemdesiatimi l\u00e9giami.<\/p>\t\t\t\t\t\t\t\t<\/div>\n\t\t\t\t\t<\/div>\n\t\t\t\t<\/div>\n\t\t<div class=\"elementor-element elementor-element-159dcf9a e-flex e-con-boxed e-con e-child\" data-id=\"159dcf9a\" data-element_type=\"container\" data-e-type=\"container\">\n\t\t\t\t\t<div class=\"e-con-inner\">\n\t\t\t\t<div class=\"elementor-element elementor-element-48cee66f elementor-widget elementor-widget-heading\" data-id=\"48cee66f\" data-element_type=\"widget\" data-e-type=\"widget\" data-widget_type=\"heading.default\">\n\t\t\t\t\t<h2 class=\"elementor-heading-title elementor-size-default\">R\u00fdchly preh\u013ead: Belial<\/h2>\t\t\t\t<\/div>\n\t\t\t\t<div class=\"elementor-element elementor-element-3f50d82c elementor-widget elementor-widget-text-editor\" data-id=\"3f50d82c\" data-element_type=\"widget\" data-e-type=\"widget\" data-widget_type=\"text-editor.default\">\n\t\t\t\t\t\t\t\t\t<p><strong>Typ:<\/strong> <span class=\"iwg-fachbegriff\" data-tooltip=\"Duchovn\u00e1 bytos\u0165, ktorej sa pripisuje \u0161kodliv\u00e9 alebo rozporn\u00e9 p\u00f4sobenie.\" tabindex=\"0\">d\u00e9mon<\/span>, kr\u00e1\u013eovsk\u00fd <span class=\"iwg-fachbegriff\" data-tooltip=\"Beztelesn\u00e1 bytos\u0165, ktorej sa pripisuje p\u00f4sobenie vo svete.\" tabindex=\"0\">duch<\/span> Ars Goetie<br><strong>P\u00f4vod:<\/strong> Hebrejsk\u00e1 Biblia, ran\u00e9ho-\u017eidovsk\u00e1 apokalyptika<br><strong>Postavenie:<\/strong> Kr\u00e1\u013e, 68. <span class=\"iwg-fachbegriff\" data-tooltip=\"Beztelesn\u00e1 bytos\u0165, ktorej sa pripisuje p\u00f4sobenie vo svete.\" tabindex=\"0\">duch<\/span> Goetie, velite\u013e 80 l\u00e9gi\u00ed<br><strong>Zdroje:<\/strong> Kumr\u00e1nske spisy, Testament dvan\u00e1stich patriarchov, Lemegeton<br><strong>Pr\u00edbuzn\u00e9 postavy:<\/strong> Lucifer, Samael, Azazel, Mastema<\/p>\t\t\t\t\t\t\t\t<\/div>\n\t\t\t\t\t<\/div>\n\t\t\t\t<\/div>\n\t\t\t\t\t<\/div>\n\t\t\t\t<\/div>\n\t\t\t\t\t<\/div>\n\t\t\t\t<\/div>\n\t\t<div class=\"elementor-element elementor-element-18613602 e-flex e-con-boxed e-con e-parent\" data-id=\"18613602\" data-element_type=\"container\" data-e-type=\"container\">\n\t\t\t\t\t<div class=\"e-con-inner\">\n\t\t\t\t<div class=\"elementor-element elementor-element-262b8a9f elementor-widget elementor-widget-heading\" data-id=\"262b8a9f\" data-element_type=\"widget\" data-e-type=\"widget\" data-widget_type=\"heading.default\">\n\t\t\t\t\t<h2 class=\"elementor-heading-title elementor-size-default\">Zaradenie<\/h2>\t\t\t\t<\/div>\n\t\t<div class=\"elementor-element elementor-element-46dcb7d e-con-full e-flex e-con e-child\" data-id=\"46dcb7d\" data-element_type=\"container\" data-e-type=\"container\">\n\t\t<div class=\"elementor-element elementor-element-61d3ab3 e-flex e-con-boxed e-con e-child\" data-id=\"61d3ab3\" data-element_type=\"container\" data-e-type=\"container\">\n\t\t\t\t\t<div class=\"e-con-inner\">\n\t\t\t\t<div class=\"elementor-element elementor-element-117c166 elementor-widget elementor-widget-heading\" data-id=\"117c166\" data-element_type=\"widget\" data-e-type=\"widget\" data-widget_type=\"heading.default\">\n\t\t\t\t\t<div class=\"elementor-heading-title elementor-size-default\">Zeitraum der Texte<\/div>\t\t\t\t<\/div>\n\t\t\t\t<div class=\"elementor-element elementor-element-73997a0 elementor-widget elementor-widget-text-editor\" data-id=\"73997a0\" data-element_type=\"widget\" data-e-type=\"widget\" data-widget_type=\"text-editor.default\">\n\t\t\t\t\t\t\t\t\t<p><span class=\"iwg-fachbegriff\" data-tooltip=\"Odovzd\u00e1vanie poznania a rozpr\u00e1vania z gener\u00e1cie na gener\u00e1ciu.\" tabindex=\"0\">Trad\u00edcia<\/span> Beliala sa tiahne cez viac ne\u017e dve tis\u00edcro\u010dia. V hebrejskej Biblii sa toto slovo objavuje ako druhov\u00fd pojem, bez osobovej podoby.<\/p><p>Konkr\u00e9tne demonologick\u00e1 postava sa st\u00e1va uchopite\u013enou v kumr\u00e1nskych spisoch z 2. a 1. storo\u010dia pred na\u0161\u00edm letopo\u010dtom. Liter\u00e1rny rozmach nasleduje v neskorom stredoveku s dielom Liber Belial okolo roku 1382 a magicko-okultn\u00e9 vyhotovenie napokon v Lemegetone zo 17. storo\u010dia.<\/p>\t\t\t\t\t\t\t\t<\/div>\n\t\t\t\t\t<\/div>\n\t\t\t\t<\/div>\n\t\t<div class=\"elementor-element elementor-element-d47b156 e-flex e-con-boxed e-con e-child\" data-id=\"d47b156\" data-element_type=\"container\" data-e-type=\"container\">\n\t\t\t\t\t<div class=\"e-con-inner\">\n\t\t\t\t<div class=\"elementor-element elementor-element-ff38c2b elementor-widget elementor-widget-heading\" data-id=\"ff38c2b\" data-element_type=\"widget\" data-e-type=\"widget\" data-widget_type=\"heading.default\">\n\t\t\t\t\t<div class=\"elementor-heading-title elementor-size-default\">Verbreitungsraum<\/div>\t\t\t\t<\/div>\n\t\t\t\t<div class=\"elementor-element elementor-element-4e49fcc elementor-widget elementor-widget-text-editor\" data-id=\"4e49fcc\" data-element_type=\"widget\" data-e-type=\"widget\" data-widget_type=\"text-editor.default\">\n\t\t\t\t\t\t\t\t\t<p>V\u00fdchodiskov\u00fdm priestorom je <span class=\"iwg-fachbegriff\" data-tooltip=\"Epocha gr\u00e9ckej a r\u00edmskej kult\u00fary, pribli\u017ene od 800 pred Kr. do 600 po Kr.\" tabindex=\"0\">antick\u00fd<\/span> Izrael a ran\u00fd judaizmus Palest\u00edny, uchopite\u013en\u00fd najm\u00e4 v textoch kumr\u00e1nskej obce pri Mrtvom mori. Prostredn\u00edctvom Nov\u00e9ho z\u00e1kona sa meno dostalo do gr\u00e9ckojazy\u010dn\u00e9ho kres\u0165ansk\u00e9ho svet\u0430.<\/p><p>V latinskej strednej Eur\u00f3pe sa Belial roz\u0161\u00edril prostredn\u00edctvom ran\u00e9ho kn\u00edhtla\u010de, v ranom novoveku cez grimo\u00e1re a\u017e po dne\u0161n\u00fa z\u00e1padn\u00fa <span class=\"iwg-fachbegriff\" data-tooltip=\"S\u00faborn\u00fd pojem pre u\u010denia, ktor\u00e9 si n\u00e1rokuj\u00fa skryt\u00e9 poznanie pr\u00edstupn\u00e9 len zasv\u00e4tencom.\" tabindex=\"0\">ezoteriku<\/span>.<\/p>\t\t\t\t\t\t\t\t<\/div>\n\t\t\t\t\t<\/div>\n\t\t\t\t<\/div>\n\t\t\t\t<\/div>\n\t\t<div class=\"elementor-element elementor-element-db03c39 e-con-full e-flex e-con e-child\" data-id=\"db03c39\" data-element_type=\"container\" data-e-type=\"container\">\n\t\t<div class=\"elementor-element elementor-element-229a87b e-flex e-con-boxed e-con e-child\" data-id=\"229a87b\" data-element_type=\"container\" data-e-type=\"container\">\n\t\t\t\t\t<div class=\"e-con-inner\">\n\t\t\t\t<div class=\"elementor-element elementor-element-1f471fc elementor-widget elementor-widget-heading\" data-id=\"1f471fc\" data-element_type=\"widget\" data-e-type=\"widget\" data-widget_type=\"heading.default\">\n\t\t\t\t\t<div class=\"elementor-heading-title elementor-size-default\">Quellenlage<\/div>\t\t\t\t<\/div>\n\t\t\t\t<div class=\"elementor-element elementor-element-36b1201 elementor-widget elementor-widget-text-editor\" data-id=\"36b1201\" data-element_type=\"widget\" data-e-type=\"widget\" data-widget_type=\"text-editor.default\">\n\t\t\t\t\t\t\t\t\t<p>Najd\u00f4le\u017eitej\u0161ou skupinou zdrojov s\u00fa kumr\u00e1nske spisy, konkr\u00e9tne Vojnov\u00fd zvitok (1QM), Pravidlo obce (1QS) a Hodajot. K nim sa prid\u00e1va Testament dvan\u00e1stich patriarchov a jedin\u00e9 miesto v Novom z\u00e1kone (2 Kor 6, 15).<\/p><p>Pre neskor\u0161iu trad\u00edciu s\u00fa rozhoduj\u00face Liber Belial Jacoba de Theramo a Lemegeton. Akademick\u00fd v\u00fdskum sa zaober\u00e1 Belialom najm\u00e4 v kontexte kumr\u00e1nskych \u0161t\u00fadi\u00ed a trad\u00edcie Liber Belial.<\/p>\t\t\t\t\t\t\t\t<\/div>\n\t\t\t\t\t<\/div>\n\t\t\t\t<\/div>\n\t\t\t\t<\/div>\n\t\t\t\t\t<\/div>\n\t\t\t\t<\/div>\n\t\t<div class=\"elementor-element elementor-element-3ae0637c e-flex e-con-boxed e-con e-parent\" data-id=\"3ae0637c\" data-element_type=\"container\" data-e-type=\"container\">\n\t\t\t\t\t<div class=\"e-con-inner\">\n\t\t\t\t<div class=\"elementor-element elementor-element-31d07739 elementor-widget elementor-widget-heading\" data-id=\"31d07739\" data-element_type=\"widget\" data-e-type=\"widget\" data-widget_type=\"heading.default\">\n\t\t\t\t\t<h2 class=\"elementor-heading-title elementor-size-default\">Meno<\/h2>\t\t\t\t<\/div>\n\t\t<div class=\"elementor-element elementor-element-b7642947 e-con-full e-flex e-con e-child\" data-id=\"b7642947\" data-element_type=\"container\" data-e-type=\"container\">\n\t\t\t\t<div class=\"elementor-element elementor-element-a086266 elementor-widget elementor-widget-text-editor\" data-id=\"a086266\" data-element_type=\"widget\" data-e-type=\"widget\" data-widget_type=\"text-editor.default\">\n\t\t\t\t\t\t\t\t\t<p>Meno je jazykovo sporn\u00e9. Najroz\u0161\u00edrenej\u0161ie vysvetlenie rozklad\u00e1 hebrejsk\u00e9 beliyya&#8217;al (\u05d1\u05b0\u05bc\u05dc\u05b4\u05d9\u05b7\u05bc\u05e2\u05b7\u05dc) na neg\u00e1ciu beli (bez, nie) a druh\u00fd prvok. Ak sa tento ch\u00e1pe ako ya&#8217;al v zmysle \u00fa\u017eitok, vznik\u00e1 v\u00fdznam bez \u00fa\u017eitku alebo neu\u017eito\u010dnos\u0165.<\/p><p>In\u00fd v\u00fdklad sp\u00e1ja druh\u00fa \u010das\u0165 s kore\u0148om pre vyst\u00fapi\u0165 nahor a dospieva k v\u00fdrazu ten, \u010do nevystupuje, \u010do bolo ch\u00e1pan\u00e9 ako ozna\u010denie podsvetia. Septuaginta preklad\u00e1 belial \u010dasto v\u00fdrazom paranomos (nez\u00e1konn\u00fd) alebo asebes (bezbo\u017en\u00fd).<\/p><p>V Novom z\u00e1kone sa meno objavuje v podobe Beliar, s r namiesto l. T\u00e1to hl\u00e1skov\u00e1 varianta je dobre dolo\u017een\u00e1 a nach\u00e1dza sa aj v in\u00fdch ran\u00e9ho-\u017eidovsk\u00fdch a ran\u00e9ho-kres\u0165ansk\u00fdch textoch.<\/p><p>V hebrejskej Biblii sa vyskytuje spojenie bene beli&#8217;al, synovia Beliala, ako ozna\u010denie n\u00e1siln\u00fdch, bezz\u00e1konn\u00fdch mu\u017eov (Sdc 19, 22; 1 Sam 10, 27), e\u0161te bez ak\u00e9hoko\u013evek vz\u0165ahu k ur\u010dit\u00e9mu <span class=\"iwg-fachbegriff\" data-tooltip=\"Duchovn\u00e1 bytos\u0165, ktorej sa pripisuje \u0161kodliv\u00e9 alebo rozporn\u00e9 p\u00f4sobenie.\" tabindex=\"0\">d\u00e9monovi<\/span>.<\/p>\t\t\t\t\t\t\t\t<\/div>\n\t\t\t\t<\/div>\n\t\t\t\t\t<\/div>\n\t\t\t\t<\/div>\n\t\t<div class=\"elementor-element elementor-element-709a44a8 e-flex e-con-boxed e-con e-parent\" data-id=\"709a44a8\" data-element_type=\"container\" data-e-type=\"container\">\n\t\t\t\t\t<div class=\"e-con-inner\">\n\t\t\t\t<div class=\"elementor-element elementor-element-2f585873 elementor-widget elementor-widget-heading\" data-id=\"2f585873\" data-element_type=\"widget\" data-e-type=\"widget\" data-widget_type=\"heading.default\">\n\t\t\t\t\t<h2 class=\"elementor-heading-title elementor-size-default\">Popis<\/h2>\t\t\t\t<\/div>\n\t\t<div class=\"elementor-element elementor-element-70621c12 e-con-full e-flex e-con e-child\" data-id=\"70621c12\" data-element_type=\"container\" data-e-type=\"container\">\n\t\t\t\t<div class=\"elementor-element elementor-element-4296eb49 elementor-widget elementor-widget-text-editor\" data-id=\"4296eb49\" data-element_type=\"widget\" data-e-type=\"widget\" data-widget_type=\"text-editor.default\">\n\t\t\t\t\t\t\t\t\t<p>Belial nie je v ranom judaizme bytos\u0165ou s pevnou telesnou podobou, ale osobovou mocnos\u0165ou, ktor\u00e1 je ch\u00e1pan\u00e1 ako vodca temnoty.<\/p><p>Vo Vojnovom zvitku stoj\u00ed na \u010dele nepriate\u013esk\u00e9ho vojska, Pravidlo obce popisuje obmedzen\u00fa vl\u00e1du Beliala, v ktorej temnota vykon\u00e1va moc nad svetom a nad srdcami \u013eud\u00ed. Hodajot hovoria o povrazoch a slu\u010dk\u00e1ch Beliala, z ktor\u00fdch Boh vysvobodzuje modliacich sa.<\/p><p>A\u017e Goetia mu d\u00e1va pevn\u00fa obrazov\u00fa podobu. Tam sa Belial objavuje ako kr\u00e1\u013eovsk\u00fd <span class=\"iwg-fachbegriff\" data-tooltip=\"Beztelesn\u00e1 bytos\u0165, ktorej sa pripisuje p\u00f4sobenie vo svete.\" tabindex=\"0\">duch<\/span> mimoriadnej v\u00fdznamnosti, o ktorom text hovor\u00ed, \u017ee bol stvoren\u00fd bezprostredne po Luciferovi. Ikonografia zobrazuje dvoch \u017eiariv\u00fdch <span class=\"iwg-fachbegriff\" data-tooltip=\"V abrah\u00e1movsk\u00fdch n\u00e1bo\u017eenstv\u00e1ch nebesk\u00e1 poslaneck\u00e1 bytos\u0165 Boha.\" tabindex=\"0\">anjelov<\/span> na ohnivom voze, obrazov\u00e1 podoba, ktor\u00e1 pripom\u00edna Ezechielovo videnie tr\u00f3nneho voza (Ez 1) a sp\u00e1ja Beliala s vy\u0161\u0161\u00edmi anjelsk\u00fdmi triedami.<\/p><p>V liter\u00e1rnej recepcii je Belial \u010dasto zobrazovan\u00fd ako vtelenie l\u017ei a kr\u00e1snych slov bez podstaty. John Milton vo svojom diele Paradise Lost z neho rob\u00ed jedn\u00e9ho z najv\u00fdre\u010dnej\u0161\u00edch padl\u00fdch <span class=\"iwg-fachbegriff\" data-tooltip=\"V abrah\u00e1movsk\u00fdch n\u00e1bo\u017eenstv\u00e1ch nebesk\u00e1 poslaneck\u00e1 bytos\u0165 Boha.\" tabindex=\"0\">anjelov<\/span> v pekelnej rade, elegantn\u00e9ho re\u010dn\u00edka, ktor\u00fd v\u0161ak v konan\u00ed zost\u00e1va v\u00e1hav\u00fd.<\/p><p>Toto zobrazenie nie je historicky dolo\u017een\u00e9, av\u0161ak nadv\u00e4zuje na star\u00fa kumr\u00e1nsku predstavu ch\u00e1pa\u0165 Beliala ako protikr\u00e1\u013ea pravdy.<\/p>\t\t\t\t\t\t\t\t<\/div>\n\t\t\t\t<\/div>\n\t\t\t\t\t<\/div>\n\t\t\t\t<\/div>\n\t\t<div class=\"elementor-element elementor-element-44e71476 e-flex e-con-boxed e-con e-parent\" data-id=\"44e71476\" data-element_type=\"container\" data-e-type=\"container\">\n\t\t\t\t\t<div class=\"e-con-inner\">\n\t\t\t\t<div class=\"elementor-element elementor-element-3c1fc3f0 elementor-widget elementor-widget-heading\" data-id=\"3c1fc3f0\" data-element_type=\"widget\" data-e-type=\"widget\" data-widget_type=\"heading.default\">\n\t\t\t\t\t<h2 class=\"elementor-heading-title elementor-size-default\">Charakteristika: Belial<\/h2>\t\t\t\t<\/div>\n\t\t<div class=\"elementor-element elementor-element-84f33b8e e-con-full e-flex e-con e-child\" data-id=\"84f33b8e\" data-element_type=\"container\" data-e-type=\"container\">\n\t\t\t\t<div class=\"elementor-element elementor-element-hqkdc67p elementor-widget elementor-widget-text-editor\" data-id=\"hqkdc67p\" data-element_type=\"widget\" data-e-type=\"widget\" data-widget_type=\"text-editor.default\">\n\t\t\t\t\t\t\t\t\t<p>Nasleduj\u00face \u00fadaje zh\u0155\u0148aj\u00fa trad\u00edciu Goetie o Belialovi a jej religionistick\u00e9 korene.<\/p>\t\t\t\t\t\t\t\t<\/div>\n\t\t\t\t<\/div>\n\t\t<div class=\"elementor-element elementor-element-pemmx7c5 e-con-full e-flex e-con e-child\" data-id=\"pemmx7c5\" data-element_type=\"container\" data-e-type=\"container\">\n\t\t<div class=\"elementor-element elementor-element-pemmx7c1 e-con-full e-flex e-con e-child\" data-id=\"pemmx7c1\" data-element_type=\"container\" data-e-type=\"container\">\n\t\t<div class=\"elementor-element elementor-element-qh9oavvu iwg-steckbrief-card e-flex e-con-boxed e-con e-child\" data-id=\"qh9oavvu\" data-element_type=\"container\" data-e-type=\"container\">\n\t\t\t\t\t<div class=\"e-con-inner\">\n\t\t\t\t<div class=\"elementor-element elementor-element-awzx8k2k elementor-widget elementor-widget-heading\" data-id=\"awzx8k2k\" data-element_type=\"widget\" data-e-type=\"widget\" data-widget_type=\"heading.default\">\n\t\t\t\t\t<div class=\"elementor-heading-title elementor-size-default\">P\u00f4vod<\/div>\t\t\t\t<\/div>\n\t\t\t\t<div class=\"elementor-element elementor-element-x6rowhv0 elementor-widget elementor-widget-text-editor\" data-id=\"x6rowhv0\" data-element_type=\"widget\" data-e-type=\"widget\" data-widget_type=\"text-editor.default\">\n\t\t\t\t\t\t\t\t\t<p>Belial m\u00e1 korene v hebrejskom jazykovom \u00faze, kde bolo beliyya&#8217;al p\u00f4vodne mor\u00e1lnym abstraktom s v\u00fdznamom skazenos\u0165 alebo zloba. Osobovou mocnos\u0165ou sa t\u00e1to postava stala a\u017e v ran\u00e9ho-\u017eidovskej apokalyptike, najm\u00e4 v kumr\u00e1nskych spisoch. Goetia ho ozna\u010duje za stvoren\u00e9ho bezprostredne po Luciferovi a zara\u010fuje ho tak medzi padl\u00e9 anjelsk\u00e9 bytosti.<\/p>\t\t\t\t\t\t\t\t<\/div>\n\t\t\t\t\t<\/div>\n\t\t\t\t<\/div>\n\t\t<div class=\"elementor-element elementor-element-8e3o4kxs iwg-steckbrief-card e-flex e-con-boxed e-con e-child\" data-id=\"8e3o4kxs\" data-element_type=\"container\" data-e-type=\"container\">\n\t\t\t\t\t<div class=\"e-con-inner\">\n\t\t\t\t<div class=\"elementor-element elementor-element-08rkdgov elementor-widget elementor-widget-heading\" data-id=\"08rkdgov\" data-element_type=\"widget\" data-e-type=\"widget\" data-widget_type=\"heading.default\">\n\t\t\t\t\t<div class=\"elementor-heading-title elementor-size-default\">Postavenie a funkcia<\/div>\t\t\t\t<\/div>\n\t\t\t\t<div class=\"elementor-element elementor-element-uwjelx8s elementor-widget elementor-widget-text-editor\" data-id=\"uwjelx8s\" data-element_type=\"widget\" data-e-type=\"widget\" data-widget_type=\"text-editor.default\">\n\t\t\t\t\t\t\t\t\t<p>V Goetii je Belial kr\u00e1\u013eovsk\u00fd <span class=\"iwg-fachbegriff\" data-tooltip=\"Beztelese\u00e1 bytos\u0165, ktorej sa pripisuje p\u00f4sobenie vo svete.\" tabindex=\"0\">duch<\/span> s velen\u00edm nad osemdesiatimi l\u00e9giami a stoj\u00ed v zozname ako \u0161es\u0165desiaty \u00f4smy <span class=\"iwg-fachbegriff\" data-tooltip=\"Beztelese\u00e1 bytos\u0165, ktorej sa pripisuje p\u00f4sobenie vo svete.\" tabindex=\"0\">duch<\/span>. Pod\u013ea Lemegetonu ude\u013euje hodnosti, sen\u00e1torsk\u00e9 postavenie a preukazuje priaze\u0148 a odpoved\u00e1 na ot\u00e1zky pravdivo. V qumranskej trad\u00edcii je jeho funkcia in\u00e1: tam vedie synov temnoty ako protivn\u00edk knie\u017ea svetla.<\/p>\t\t\t\t\t\t\t\t<\/div>\n\t\t\t\t\t<\/div>\n\t\t\t\t<\/div>\n\t\t<div class=\"elementor-element elementor-element-jm2n74ec iwg-steckbrief-card e-flex e-con-boxed e-con e-child\" data-id=\"jm2n74ec\" data-element_type=\"container\" data-e-type=\"container\">\n\t\t\t\t\t<div class=\"e-con-inner\">\n\t\t\t\t<div class=\"elementor-element elementor-element-8vufse4c elementor-widget elementor-widget-heading\" data-id=\"8vufse4c\" data-element_type=\"widget\" data-e-type=\"widget\" data-widget_type=\"heading.default\">\n\t\t\t\t\t<div class=\"elementor-heading-title elementor-size-default\">Zjav<\/div>\t\t\t\t<\/div>\n\t\t\t\t<div class=\"elementor-element elementor-element-mwb9u015 elementor-widget elementor-widget-text-editor\" data-id=\"mwb9u015\" data-element_type=\"widget\" data-e-type=\"widget\" data-widget_type=\"text-editor.default\">\n\t\t\t\t\t\t\t\t\t<p>Goetia nepopisuje Beliala v zvieracej podobe, ale ako dvoch \u017eiariv\u00fdch <span class=\"iwg-fachbegriff\" data-tooltip=\"V abrah\u00e1mskych n\u00e1bo\u017eenstv\u00e1ch nebesk\u00e1 posoln\u00e1 bytos\u0165 Boha.\" tabindex=\"0\">anjelov<\/span> na ohnivom voze. T\u00e1to podoba nadv\u00e4zuje na Ezechielovo videnie tr\u00f3nov\u00e9ho voza a zd\u00f4raz\u0148uje jeho bl\u00edzkos\u0165 k vy\u0161\u0161\u00edm anjelsk\u00fdm triedam. V qumransk\u00fdch textoch zost\u00e1va bez popisu podoby, \u010dist\u00e1 mocensk\u00e1 postava temnoty.<\/p>\t\t\t\t\t\t\t\t<\/div>\n\t\t\t\t\t<\/div>\n\t\t\t\t<\/div>\n\t\t\t\t<\/div>\n\t\t<div class=\"elementor-element elementor-element-pemmx7c2 e-con-full e-flex e-con e-child\" data-id=\"pemmx7c2\" data-element_type=\"container\" data-e-type=\"container\">\n\t\t<div class=\"elementor-element elementor-element-37ss2yr6 iwg-steckbrief-card e-flex e-con-boxed e-con e-child\" data-id=\"37ss2yr6\" data-element_type=\"container\" data-e-type=\"container\">\n\t\t\t\t\t<div class=\"e-con-inner\">\n\t\t\t\t<div class=\"elementor-element elementor-element-3v0wp3wx elementor-widget elementor-widget-heading\" data-id=\"3v0wp3wx\" data-element_type=\"widget\" data-e-type=\"widget\" data-widget_type=\"heading.default\">\n\t\t\t\t\t<div class=\"elementor-heading-title elementor-size-default\">Ritu\u00e1lne vz\u00fdvanie<\/div>\t\t\t\t<\/div>\n\t\t\t\t<div class=\"elementor-element elementor-element-w3247g2m elementor-widget elementor-widget-text-editor\" data-id=\"w3247g2m\" data-element_type=\"widget\" data-e-type=\"widget\" data-widget_type=\"text-editor.default\">\n\t\t\t\t\t\t\t\t\t<p>Pre podanie v Goetii je charakteristick\u00e1 po\u017eiadavka obetn\u00fdch darov. Bez pr\u00edslu\u0161n\u00e9ho gesta, tvrd\u00ed text, Belial nepod\u00e1 pravdiv\u00fa odpove\u010f. T\u00e1to podmienenos\u0165 magickej praxe je pri Belialovi v Lemegetone formulovan\u00e1 zvl\u00e1\u0161\u0165 zrete\u013ene a odli\u0161uje ho od duchov, ktor\u00ed odpovedaj\u00fa bez podmienok.<\/p>\t\t\t\t\t\t\t\t<\/div>\n\t\t\t\t\t<\/div>\n\t\t\t\t<\/div>\n\t\t<div class=\"elementor-element elementor-element-0qpjal9w iwg-steckbrief-card e-flex e-con-boxed e-con e-child\" data-id=\"0qpjal9w\" data-element_type=\"container\" data-e-type=\"container\">\n\t\t\t\t\t<div class=\"e-con-inner\">\n\t\t\t\t<div class=\"elementor-element elementor-element-6ndoih0o elementor-widget elementor-widget-heading\" data-id=\"6ndoih0o\" data-element_type=\"widget\" data-e-type=\"widget\" data-widget_type=\"heading.default\">\n\t\t\t\t\t<div class=\"elementor-heading-title elementor-size-default\">Pe\u010da\u0165 a symboly<\/div>\t\t\t\t<\/div>\n\t\t\t\t<div class=\"elementor-element elementor-element-6684tyh9 elementor-widget elementor-widget-text-editor\" data-id=\"6684tyh9\" data-element_type=\"widget\" data-e-type=\"widget\" data-widget_type=\"text-editor.default\">\n\t\t\t\t\t\t\t\t\t<p>Belialova pe\u010da\u0165 v Goetii ukazuje geometricky zlo\u017eit\u00fd vzor z \u010diar a kruhov. Astrologicky sa Belial sp\u00e1ja s Vodn\u00e1rom, jeho \u017eivlom je zem a plan\u00e9tou Saturn. V hermetickej renesancii bol zaraden\u00fd medzi \u0161tyroch pekeln\u00fdch knie\u017eat pridelen\u00fdch oblasti zeme a sp\u00e1jan\u00fd s \u0165a\u017ekop\u00e1dnos\u0165ou hmoty.<\/p>\t\t\t\t\t\t\t\t<\/div>\n\t\t\t\t\t<\/div>\n\t\t\t\t<\/div>\n\t\t<div class=\"elementor-element elementor-element-3lfi7x32 iwg-steckbrief-card e-flex e-con-boxed e-con e-child\" data-id=\"3lfi7x32\" data-element_type=\"container\" data-e-type=\"container\">\n\t\t\t\t\t<div class=\"e-con-inner\">\n\t\t\t\t<div class=\"elementor-element elementor-element-0kg99ga1 elementor-widget elementor-widget-heading\" data-id=\"0kg99ga1\" data-element_type=\"widget\" data-e-type=\"widget\" data-widget_type=\"heading.default\">\n\t\t\t\t\t<div class=\"elementor-heading-title elementor-size-default\">Pr\u00edbuzn\u00ed duchovia<\/div>\t\t\t\t<\/div>\n\t\t\t\t<div class=\"elementor-element elementor-element-n0fum6kp elementor-widget elementor-widget-text-editor\" data-id=\"n0fum6kp\" data-element_type=\"widget\" data-e-type=\"widget\" data-widget_type=\"text-editor.default\">\n\t\t\t\t\t\t\t\t\t<p>V ranom judaizme stoj\u00ed Belial ved\u013ea \u010fal\u0161\u00edch mien pre protibo\u017esk\u00fa moc, medzi nimi Satan, Mastema, Azazel a Samael. Tieto men\u00e1 nepoukazuj\u00fa v\u017edy na t\u00fa ist\u00fa presne vymedzen\u00fa osobu, ale prekr\u00fdvaj\u00fa sa pod\u013ea jednotliv\u00fdch textov. V Goetii je Lucifer pova\u017eovan\u00fd za bezprostredne nadraden\u00e9ho Belialovi, so Samaelom ho sp\u00e1ja neskor\u0161ia kabalistick\u00e1 interpret\u00e1cia.<\/p>\t\t\t\t\t\t\t\t<\/div>\n\t\t\t\t\t<\/div>\n\t\t\t\t<\/div>\n\t\t\t\t<\/div>\n\t\t\t\t<\/div>\n\t\t\t\t\t<\/div>\n\t\t\t\t<\/div>\n\t\t<div class=\"elementor-element elementor-element-7533bc7a e-flex e-con-boxed e-con e-parent\" data-id=\"7533bc7a\" data-element_type=\"container\" data-e-type=\"container\">\n\t\t\t\t\t<div class=\"e-con-inner\">\n\t\t\t\t<div class=\"elementor-element elementor-element-2447d18d elementor-widget elementor-widget-heading\" data-id=\"2447d18d\" data-element_type=\"widget\" data-e-type=\"widget\" data-widget_type=\"heading.default\">\n\t\t\t\t\t<h2 class=\"elementor-heading-title elementor-size-default\">Recepcia a dejiny p\u00f4sobenia<\/h2>\t\t\t\t<\/div>\n\t\t<div class=\"elementor-element elementor-element-d5d0260c e-con-full e-flex e-con e-child\" data-id=\"d5d0260c\" data-element_type=\"container\" data-e-type=\"container\">\n\t\t\t\t<div class=\"elementor-element elementor-element-341be2ac elementor-widget elementor-widget-text-editor\" data-id=\"341be2ac\" data-element_type=\"widget\" data-e-type=\"widget\" data-widget_type=\"text-editor.default\">\n\t\t\t\t\t\t\t\t\t<p>V kres\u0165anstve sa Belial do ve\u013ekej miery splynul s postavou diabla, no zachoval si dos\u0165 vlastn\u00e9ho profilu na to, aby v ur\u010dit\u00fdch textov\u00fdch \u017e\u00e1nroch \u017eil \u010falej ako samostatn\u00e9 meno. Ran\u00e1 kres\u0165ansk\u00e1 literat\u00fara, napr\u00edklad Nanebovst\u00fapenie Izai\u00e1\u0161a, pou\u017e\u00edva meno Beliar ako ozna\u010denie protibo\u017eskej moci, niekedy s eschatologick\u00fdmi, antikristovsk\u00fdmi rysmi.<\/p><p>Pozoruhodn\u00fa neskor\u0161iu kari\u00e9ru za\u017eil Belial v neskorom stredoveku prostredn\u00edctvom diela Liber Belial, latinsk\u00e9ho s\u00fadneho trakt\u00e1tu Jacoba de Therama z konca 14. storo\u010dia.<\/p><p>V \u0148om Belial v mene pekla \u017ealuje Krista za to, \u017ee pri svojom zostupe do podsvetia od\u0148al du\u0161e. Ako obhajcovia vystupuj\u00fa Moj\u017ei\u0161 a \u0160alam\u00fan. Toto dielo sa stalo jednou z prv\u00fdch tla\u010den\u00fdch nemeck\u00fdch kn\u00edh.<\/p><p>V ranonovovekej d\u00e9monol\u00f3gii zaradili grimo\u00e1re Beliala do hierarchie pekeln\u00fdch knie\u017eat. Pseudomonarchia Daemonum Johanna Weyera a Ars Goetia ho uv\u00e1dzaj\u00fa ako mocn\u00e9ho kr\u00e1\u013ea s presne stanoven\u00fdm po\u010dtom podriaden\u00fdch l\u00e9gi\u00ed duchov.<\/p><p>Heinrich Cornelius Agrippa ho v diele De occulta philosophia (1533) ozna\u010duje za zodpovedn\u00e9ho za falo\u0161n\u00e9 modloslu\u017eby a diabolsk\u00e9 spory. Tieto systematiz\u00e1cie s\u00fa u\u010den\u00e9 kon\u0161trukcie ranej novoveky a nie pokra\u010dovan\u00edm antickej <span class=\"iwg-fachbegriff\" data-tooltip=\"Odovzd\u00e1vanie vedomost\u00ed a pr\u00edbehov naprie\u010d gener\u00e1ciami.\" tabindex=\"0\">trad\u00edcie<\/span>, no napriek tomu formovali modern\u00fd obraz Beliala.<\/p><p><span data-nosnippet>Crowleyho-Mathersovo vydanie Goetie (1904) ho spopularizovalo v dobovej <span class=\"iwg-fachbegriff\" data-tooltip=\"S\u00fahrnn\u00e9 ozna\u010denie pre u\u010denia, ktor\u00e9 si n\u00e1rokuj\u00fa skryt\u00e9 poznanie pr\u00edstupn\u00e9 len zasv\u00e4ten\u00fdm.\" tabindex=\"0\">ezoterike<\/span>, zatia\u013e \u010do vydanie Josepha Petersona (2001) ho spr\u00edstupnilo z filologick\u00e9ho h\u013eadiska. Crowley ch\u00e1pe Beliala ako zosobnen\u00fd odpor vo\u010di v\u00f4li, \u010do je psychologick\u00fd v\u00fdklad, ktor\u00fd prevzala aj modern\u00e1 chaos<span class=\"iwg-fachbegriff\" data-tooltip=\"Praktiky, ktor\u00e9 sa prostredn\u00edctvom osobitn\u00fdch \u00fakonov alebo form\u00fal sna\u017eia zasiahnu\u0165 do chodu vec\u00ed.\" tabindex=\"0\">m\u00e1gia<\/span>.<\/span><\/p><p>Religionistick\u00fd v\u00fdskum v tom vid\u00ed modern\u00fa svojr\u00e1znu interpret\u00e1ciu, ktor\u00e1 m\u00e1 s judaisticko-kres\u0165anskou trad\u00edciou Beliala len m\u00e1lo spolo\u010dn\u00e9ho. Kto sa dnes stretne s Belialom, naraz\u00ed v\u00e4\u010d\u0161inou pr\u00e1ve na t\u00fato neskor\u00fa, liter\u00e1rne prepracovan\u00fa postavu, nie na Beliala z kumr\u00e1nskych textov.<\/p>\t\t\t\t\t\t\t\t<\/div>\n\t\t\t\t<\/div>\n\t\t\t\t\t<\/div>\n\t\t\t\t<\/div>\n\t\t<div class=\"elementor-element elementor-element-5a584676 e-flex e-con-boxed e-con e-parent\" data-id=\"5a584676\" data-element_type=\"container\" data-e-type=\"container\">\n\t\t\t\t\t<div class=\"e-con-inner\">\n\t\t\t\t<div class=\"elementor-element elementor-element-6d0757bf elementor-widget elementor-widget-heading\" data-id=\"6d0757bf\" data-element_type=\"widget\" data-e-type=\"widget\" data-widget_type=\"heading.default\">\n\t\t\t\t\t<h2 class=\"elementor-heading-title elementor-size-default\">Belial, paralely v in\u00fdch kult\u00farach<\/h2>\t\t\t\t<\/div>\n\t\t<div class=\"elementor-element elementor-element-60563f68 e-con-full e-flex e-con e-child\" data-id=\"60563f68\" data-element_type=\"container\" data-e-type=\"container\">\n\t\t\t\t<div class=\"elementor-element elementor-element-5a93fdd6 elementor-widget elementor-widget-text-editor\" data-id=\"5a93fdd6\" data-element_type=\"widget\" data-e-type=\"widget\" data-widget_type=\"text-editor.default\">\n\t\t\t\t\t\t\t\t\t<p>Postava Beliala stoj\u00ed v n\u00e1bo\u017eenskohistorickej sieti s\u00favislost\u00ed. V perzskom zoroastrizme sa nach\u00e1dza Ae\u0161ma Da\u00e9va, <span class=\"iwg-fachbegriff\" data-tooltip=\"Beztelese\u00e1 bytos\u0165, ktorej sa pripisuje p\u00f4sobenie vo svete.\" tabindex=\"0\">duch<\/span> hnevu, ktor\u00fd zaha\u013euje pravdu, so \u0161truktur\u00e1lne podobnou funkciou.<\/p><p>Mezopot\u00e1mska trad\u00edcia Lama\u0161tu poznala bytosti, ktor\u00e9 zv\u00e1dzavou v\u00fdre\u010dnos\u0165ou poru\u0161uj\u00fa s\u013euby. V hinduistickom kontexte zodpoved\u00e1 belialovskej t\u00e9me Asura Vritra, ktor\u00fd blokuje tok \u017eivota lstiv\u00fdmi pr\u00eds\u013eubmi.<\/p><p>Tieto paralely nie s\u00fa kauz\u00e1lnymi re\u0165azcami, ukazuj\u00fa v\u0161ak opakuj\u00faci sa fenomenologick\u00fd vzor n\u00e1bo\u017eenstva: odpor vo\u010di sv\u00e4t\u00e9mu ako zv\u00e1dzav\u00e1 sila re\u010di, nie ako surov\u00e1 hr\u00f4za. V samotnej judaistickej <span class=\"iwg-fachbegriff\" data-tooltip=\"N\u00e1bo\u017eensk\u00fd smer zameran\u00fd na bezprostredn\u00fa sk\u00fasenos\u0165 s Bohom.\" tabindex=\"0\">mystike<\/span> sa t\u00e1to postava znovu premie\u0148a.<\/p><p>Luri\u00e1nska <span class=\"iwg-fachbegriff\" data-tooltip=\"Smer judaistickej mystiky s hlavn\u00fdmi dielami ako Sefer Jecira a Zohar.\" tabindex=\"0\">kabala<\/span> zara\u010fuje Beliala do oblasti Sitra Achra, druhej strany, a ch\u00e1pe ho ako \u0161truktur\u00e1lnu silu v kozmickej dr\u00e1me obnovy rozbit\u00fdch n\u00e1dob svetla. Chasidsk\u00e1 trad\u00edcia napokon vyklad\u00e1 belialovsk\u00e9 sily predov\u0161etk\u00fdm ako vn\u00fatorn\u00e9 prek\u00e1\u017eky na duchovnej ceste.<\/p>\t\t\t\t\t\t\t\t<\/div>\n\t\t\t\t<\/div>\n\t\t\t\t\t<\/div>\n\t\t\t\t<\/div>\n\t\t<div class=\"elementor-element elementor-element-36dd7469 e-flex e-con-boxed e-con e-parent\" data-id=\"36dd7469\" data-element_type=\"container\" data-e-type=\"container\">\n\t\t\t\t\t<div class=\"e-con-inner\">\n\t\t\t\t<div class=\"elementor-element elementor-element-13760ab4 elementor-widget elementor-widget-heading\" data-id=\"13760ab4\" data-element_type=\"widget\" data-e-type=\"widget\" data-widget_type=\"heading.default\">\n\t\t\t\t\t<h2 class=\"elementor-heading-title elementor-size-default\">S\u00favisiace odkazy<\/h2>\t\t\t\t<\/div>\n\t\t<div class=\"elementor-element elementor-element-28c87796 e-con-full e-flex e-con e-child\" data-id=\"28c87796\" data-element_type=\"container\" data-e-type=\"container\">\n\t\t\t\t<div class=\"elementor-element elementor-element-5d6538df elementor-widget elementor-widget-text-editor\" data-id=\"5d6538df\" data-element_type=\"widget\" data-e-type=\"widget\" data-widget_type=\"text-editor.default\">\n\t\t\t\t\t\t\t\t\t<ul><li><a href=\"https:\/\/iwell-guard.com\/sk\/?page_id=157573\">Demoni<\/a>: preh\u013ead demonov<\/li><li><a href=\"https:\/\/iwell-guard.com\/sk\/?page_id=157860\">Goetia<\/a>: trad\u00edcia Ars Goetia<\/li><li><a href=\"https:\/\/iwell-guard.com\/sk\/?page_id=157604\">Kres\u0165anstvo<\/a>: kult\u00farne zaradenie<\/li><li><a href=\"https:\/\/iwell-guard.com\/sk\/?page_id=157610\">Lucifer<\/a>: <span class=\"iwg-fachbegriff\" data-tooltip=\"Beztelese\u00e1 bytos\u0165, ktorej sa pripisuje p\u00f4sobenie vo svete.\" tabindex=\"0\">duch<\/span> bezprostredne nadraden\u00fd Belialovi<\/li><li><a href=\"https:\/\/iwell-guard.com\/sk\/?page_id=157749\">Samael<\/a>: pr\u00edbuzn\u00e1 postava protivn\u00edka v judaistickej trad\u00edcii<\/li><\/ul>\t\t\t\t\t\t\t\t<\/div>\n\t\t\t\t<\/div>\n\t\t\t\t\t<\/div>\n\t\t\t\t<\/div>\n\t\t<div class=\"elementor-element elementor-element-grl4kl40 e-flex e-con-boxed e-con e-parent\" data-id=\"grl4kl40\" data-element_type=\"container\" data-e-type=\"container\">\n\t\t\t\t\t<div class=\"e-con-inner\">\n\t\t\t\t<div class=\"elementor-element elementor-element-bzsbfrmh elementor-widget elementor-widget-heading\" data-id=\"bzsbfrmh\" data-element_type=\"widget\" data-e-type=\"widget\" data-widget_type=\"heading.default\">\n\t\t\t\t\t<h2 class=\"elementor-heading-title elementor-size-default\">Literat\u00fara (v\u00fdber)<\/h2>\t\t\t\t<\/div>\n\t\t<div class=\"elementor-element elementor-element-2c13224a e-con-full e-flex e-con e-child\" data-id=\"2c13224a\" data-element_type=\"container\" data-e-type=\"container\">\n\t\t\t\t<div class=\"elementor-element elementor-element-0eymh9ub elementor-widget elementor-widget-text-editor\" data-id=\"0eymh9ub\" data-element_type=\"widget\" data-e-type=\"widget\" data-widget_type=\"text-editor.default\">\n\t\t\t\t\t\t\t\t\t<footer class=\"iwg-literatur\"><ul><li><span data-nosnippet>Joseph H. Peterson (Hg.): The Lesser Key of Solomon, Weiser 2001.<\/span><\/li><li><span data-nosnippet>Florentino Garc\u00eda Mart\u00ednez: The Dead Sea Scrolls Translated, Brill 1996.<\/span><\/li><li><span data-nosnippet>Heinrich Cornelius Agrippa: De occulta philosophia libri tres, K\u00f6ln 1533, Buch III.<\/span><\/li><li><span data-nosnippet>Jeffrey Burton Russell: The Devil. Perceptions of Evil from Antiquity to Primitive Christianity, Cornell UP 1977.<\/span><\/li><li><span data-nosnippet>Stephen Skinner, David Rankine: The Goetia of Dr. Rudd, Llewellyn 2007.<\/span><\/li><\/ul><\/footer>\t\t\t\t\t\t\t\t<\/div>\n\t\t\t\t<\/div>\n\t\t\t\t\t<\/div>\n\t\t\t\t<\/div>\n\t\t<div class=\"elementor-element elementor-element-iwgca-belial-sec e-flex e-con-boxed e-con e-parent\" data-id=\"iwgca-belial-sec\" data-element_type=\"container\" data-e-type=\"container\" id=\"iwg-ca-belial\">\n\t\t\t\t\t<div class=\"e-con-inner\">\n\t\t\t\t<div class=\"elementor-element elementor-element-iwgca-belial-te iwg-ca-textwrap elementor-widget elementor-widget-text-editor\" data-id=\"iwgca-belial-te\" data-element_type=\"widget\" data-e-type=\"widget\" data-widget_type=\"text-editor.default\">\n\t\t\t\t\t\t\t\t\t<div data-nosnippet=\"true\"><p class=\"iwg-ca-bridge\">Tu pop\u00edsan\u00e1 ochrann\u00e1 prax je vedeck\u00fdm zaraden\u00edm historick\u00fdch trad\u00edci\u00ed. iWell Guard nadv\u00e4zuje na t\u00fato kult\u00farno-historick\u00fa linku prenosn\u00fdch ochrann\u00fdch predmetov a predstavuje jej s\u00fa\u010dasn\u00fa formu. <a href=\"\/ueber-iwell-guard\/?utm_source=iwell-guard.com&#038;utm_medium=text-link&#038;utm_campaign=schadwesen-tradition\">Viac o iWell Guard \u2192<\/a><\/p><\/div>\t\t\t\t\t\t\t\t<\/div>\n\t\t\t\t\t<\/div>\n\t\t\t\t<\/div>\n\t\t\t\t<section class=\"elementor-section elementor-top-section elementor-element elementor-element-wv-belial-faq elementor-section-boxed elementor-section-height-default elementor-section-height-default\" data-id=\"wv-belial-faq\" data-element_type=\"section\" data-e-type=\"section\">\n\t\t\t\t\t\t<div class=\"elementor-container elementor-column-gap-default\">\n\t\t\t\t\t<div class=\"elementor-column elementor-col-100 elementor-top-column elementor-element elementor-element-wv-belial-faq-col\" data-id=\"wv-belial-faq-col\" data-element_type=\"column\" data-e-type=\"column\">\n\t\t\t<div class=\"elementor-widget-wrap elementor-element-populated\">\n\t\t\t\t\t\t<div class=\"elementor-element elementor-element-wv-belial-h elementor-widget elementor-widget-heading\" data-id=\"wv-belial-h\" data-element_type=\"widget\" data-e-type=\"widget\" data-widget_type=\"heading.default\">\n\t\t\t\t\t<h2 class=\"elementor-heading-title elementor-size-default\">\u010casto kladen\u00e9 ot\u00e1zky o Belialovi<\/h2>\t\t\t\t<\/div>\n\t\t\t\t<div class=\"elementor-element elementor-element-wv-belial-t elementor-widget elementor-widget-text-editor\" data-id=\"wv-belial-t\" data-element_type=\"widget\" data-e-type=\"widget\" data-widget_type=\"text-editor.default\">\n\t\t\t\t\t\t\t\t\t\n<details class=\"iwg-faq-item\">\n  <summary><strong>Kto je Belial?<\/strong><\/summary>\n  <p>Belial patr\u00ed medzi najstar\u0161ie postavy \u017eidovskej a kres\u0165anskej demonol\u00f3gie. Jeho korene s\u00eddlia v hebrejskom jazykovom \u00faze a v ranej \u017eidovskej apokalyptike. Z mor\u00e1lneho abstraktn\u00e9ho pojmu sa prostredn\u00edctvom qumr\u00e1nskych spisov vyvinul menovan\u00fd kozmick\u00fd protivn\u00edk, ktor\u00fd tam vedie synov temnoty. V Goetii vystupuje Belial ako \u0161es\u0165desiaty \u00f4smy duch a je pova\u017eovan\u00fd za kr\u00e1\u013ea s velen\u00edm nad osemdesiatimi l\u00e9giami.<\/p>\n<\/details>\n\n<details class=\"iwg-faq-item\">\n  <summary><strong>Odkia\u013e poch\u00e1dza meno Belial?<\/strong><\/summary>\n  <p>P\u00f4vod mena je jazykovo sporn\u00fd. Najroz\u0161\u00edrenej\u0161\u00ed v\u00fdklad rozklad\u00e1 hebrejsk\u00e9 beliyya&#8217;al na neg\u00e1ciu beli a druh\u00fd prvok. Ten sa ch\u00e1pe ako \u00fa\u017eitok, \u010do vedie k v\u00fdznamu bez \u00fa\u017eitku alebo bezcennos\u0165. In\u00fd v\u00fdklad sp\u00e1ja druh\u00fa \u010das\u0165 s kore\u0148om pre vyst\u00fapi\u0165 nahor, \u010do bolo interpretovan\u00e9 ako ozna\u010denie podsvetia. V Novom z\u00e1kone sa meno objavuje v tvare Beliar, s r namiesto l.<\/p>\n<\/details>\n\n<details class=\"iwg-faq-item\">\n  <summary><strong>Ako je Belial zobrazovan\u00fd v Goetii?<\/strong><\/summary>\n  <p>A\u017e Goetia d\u00e1va Belialovi pevn\u00fa v\u00fdtvarn\u00fa podobu. Nezobrazuje ho v zvieracej forme, ale ako dvoch \u017eiariv\u00fdch anjelov na ohnivom voze. T\u00e1to podoba pripom\u00edna Ezechielovu v\u00edziu tr\u00f3nneho voza a sp\u00e1ja ho s vy\u0161\u0161\u00edmi anjelsk\u00fdmi triedami. Text ozna\u010duje Beliala za stvoren\u00e9ho hne\u010f po Luciferovi. Charakteristick\u00e1 je po\u017eiadavka na obetn\u00e9 dary, bez ktor\u00fdch pod\u013ea textu neposkytuje pravdiv\u00e9 inform\u00e1cie.<\/p>\n<\/details>\n\n<details class=\"iwg-faq-item\">\n  <summary><strong>Ak\u00e9 pramene sa zaoberaj\u00fa Belialom?<\/strong><\/summary>\n  <p>Najd\u00f4le\u017eitej\u0161ou skupinou prame\u0148ov s\u00fa qumr\u00e1nske spisy, konkr\u00e9tne Vojnov\u00fd zvitok, Regula spolo\u010denstva a Hodajot. K nim sa prid\u00e1va Testament dvan\u00e1stich patriarchov a jedin\u00e9 novoz\u00e1konn\u00e9 miesto v 2 Kor 6, 15. Pre neskor\u0161iu trad\u00edciu s\u00fa rozhoduj\u00face Liber Belial od Jacoba de Theramo z konca 14. storo\u010dia a Lemegeton zo 17. storo\u010dia. Akademick\u00fd v\u00fdskum sa Belialom zaober\u00e1 najm\u00e4 v kontexte qumr\u00e1nskych \u0161t\u00fadi\u00ed a trad\u00edcie Liber Belial.<\/p>\n<\/details>\n\t\t\t\t\t\t\t\t<\/div>\n\t\t\t\t<div class=\"elementor-element elementor-element-wv-belial-s elementor-widget elementor-widget-html\" data-id=\"wv-belial-s\" data-element_type=\"widget\" data-e-type=\"widget\" data-widget_type=\"html.default\">\n\t\t\t\t\t<script type=\"application\/ld+json\">{\"@context\": \"https:\/\/schema.org\", \"@type\": \"FAQPage\", \"mainEntity\": [{\"@type\": \"Question\", \"name\": \"Kto je Belial?\", \"acceptedAnswer\": {\"@type\": \"Answer\", \"text\": \"Belial patr\u00ed medzi najstar\u0161ie postavy \u017eidovskej a kres\u0165anskej demonol\u00f3gie a jeho korene s\u00eddlia v hebrejskom jazykovom \u00faze a v ranej \u017eidovskej apokalyptike. Z mor\u00e1lneho abstraktn\u00e9ho pojmu sa prostredn\u00edctvom qumr\u00e1nskych spisov vyvinul menovan\u00fd kozmick\u00fd protivn\u00edk, ktor\u00fd tam vedie synov temnoty. V Goetii vystupuje Belial ako \u0161es\u0165desiaty \u00f4smy duch a je pova\u017eovan\u00fd za kr\u00e1\u013ea s velen\u00edm nad osemdesiatimi l\u00e9giami.\"}}, {\"@type\": \"Question\", \"name\": \"Odkia\u013e poch\u00e1dza meno Belial?\", \"acceptedAnswer\": {\"@type\": \"Answer\", \"text\": \"P\u00f4vod mena je jazykovo sporn\u00fd. Najroz\u0161\u00edrenej\u0161\u00ed v\u00fdklad rozklad\u00e1 hebrejsk\u00e9 beliyya'al na neg\u00e1ciu beli a druh\u00fd prvok, ktor\u00fd sa ch\u00e1pe ako \u00fa\u017eitok a vedie k v\u00fdznamu bez \u00fa\u017eitku alebo bezcennos\u0165. In\u00fd v\u00fdklad sp\u00e1ja druh\u00fa \u010das\u0165 s kore\u0148om pre vyst\u00fapi\u0165 nahor, \u010do bolo interpretovan\u00e9 ako ozna\u010denie podsvetia. V Novom z\u00e1kone sa meno objavuje v tvare Beliar, s r namiesto l.\"}}, {\"@type\": \"Question\", \"name\": \"Ako je Belial zobrazovan\u00fd v Goetii?\", \"acceptedAnswer\": {\"@type\": \"Answer\", \"text\": \"A\u017e Goetia d\u00e1va Belialovi pevn\u00fa v\u00fdtvarn\u00fa podobu. Nezobrazuje ho v zvieracej forme, ale ako dvoch \u017eiariv\u00fdch anjelov na ohnivom voze, podobu, ktor\u00e1 pripom\u00edna Ezechielovu v\u00edziu tr\u00f3nneho voza a sp\u00e1ja ho s vy\u0161\u0161\u00edmi anjelsk\u00fdmi triedami. Text ozna\u010duje Beliala za stvoren\u00e9ho hne\u010f po Luciferovi. Charakteristick\u00e1 je po\u017eiadavka na obetn\u00e9 dary, bez ktor\u00fdch pod\u013ea textu neposkytuje pravdiv\u00e9 inform\u00e1cie.\"}}, {\"@type\": \"Question\", \"name\": \"Ak\u00e9 pramene sa zaoberaj\u00fa Belialom?\", \"acceptedAnswer\": {\"@type\": \"Answer\", \"text\": \"Najd\u00f4le\u017eitej\u0161ou skupinou prame\u0148ov s\u00fa qumr\u00e1nske spisy, konkr\u00e9tne Vojnov\u00fd zvitok, Regula spolo\u010denstva a Hodajot. K nim sa prid\u00e1va Testament dvan\u00e1stich patriarchov a jedin\u00e9 novoz\u00e1konn\u00e9 miesto v 2 Kor 6, 15. Pre neskor\u0161iu trad\u00edciu s\u00fa rozhoduj\u00face Liber Belial od Jacoba de Theramo z konca 14. storo\u010dia a Lemegeton zo 17. storo\u010dia. Akademick\u00fd v\u00fdskum sa Belialom zaober\u00e1 najm\u00e4 v kontexte qumr\u00e1nskych \u0161t\u00fadi\u00ed a trad\u00edcie Liber Belial.\"}}]}<\/script>\t\t\t\t<\/div>\n\t\t\t\t\t<\/div>\n\t\t<\/div>\n\t\t\t\t\t<\/div>\n\t\t<\/section>\n\t\t\t\t<\/div>\n\t\t","protected":false},"excerpt":{"rendered":"","protected":false},"author":3,"featured_media":2428,"parent":0,"menu_order":0,"comment_status":"closed","ping_status":"closed","template":"elementor_header_footer","meta":{"_yoast_wpseo_focuskw":"Belial","_yoast_wpseo_title":"Belial: 68. duch Goetie a protivn\u00edk | iWell Guard","_yoast_wpseo_metadesc":"Belial v hebrejskej Biblii, v Kumr\u00e1ne a v Goetii. Etymol\u00f3gia, kr\u00e1\u013eovsk\u00fd stav, pe\u010da\u0165 a religionistick\u00e9 zaradenie.","_yoast_wpseo_meta-robots-noindex":"","_yoast_wpseo_canonical":"","_angie_page":false,"gefaehrdungsstufe":"4","wesen_kultur":"christentum","wesen_klasse":"daemonen","footnotes":""},"categories":[],"class_list":["post-157875","page","type-page","status-publish","has-post-thumbnail","hentry"],"yoast_head":"<!-- This site is optimized with the Yoast SEO Premium plugin v27.7 (Yoast SEO v28.3) - https:\/\/yoast.com\/product\/yoast-seo-premium-wordpress\/ -->\n<title>Belial: 68. duch Goetie a protivn\u00edk | iWell Guard<\/title>\n<meta name=\"description\" content=\"Belial v hebrejskej Biblii, v Kumr\u00e1ne a v Goetii. Etymol\u00f3gia, kr\u00e1\u013eovsk\u00fd stav, pe\u010da\u0165 a religionistick\u00e9 zaradenie.\" \/>\n<meta name=\"robots\" content=\"index, follow, max-snippet:-1, max-image-preview:large, max-video-preview:-1\" \/>\n<link rel=\"canonical\" href=\"https:\/\/iwell-guard.com\/sk\/belial\/\" \/>\n<meta property=\"og:locale\" content=\"sk_SK\" \/>\n<meta property=\"og:type\" content=\"article\" \/>\n<meta property=\"og:title\" content=\"Belial\" \/>\n<meta property=\"og:description\" content=\"Belial v hebrejskej Biblii, v Kumr\u00e1ne a v Goetii. Etymol\u00f3gia, kr\u00e1\u013eovsk\u00fd stav, pe\u010da\u0165 a religionistick\u00e9 zaradenie.\" \/>\n<meta property=\"og:url\" content=\"https:\/\/iwell-guard.com\/sk\/belial\/\" \/>\n<meta property=\"og:site_name\" content=\"iWell Guard\" \/>\n<meta property=\"article:modified_time\" content=\"2026-09-04T22:44:39+00:00\" \/>\n<meta property=\"og:image\" content=\"https:\/\/iwell-guard.com\/wp-content\/uploads\/2026\/05\/daemonen_christentum_belial.webp\" \/>\n\t<meta property=\"og:image:width\" content=\"1024\" \/>\n\t<meta property=\"og:image:height\" content=\"1536\" \/>\n\t<meta property=\"og:image:type\" content=\"image\/webp\" \/>\n<meta name=\"twitter:card\" content=\"summary_large_image\" \/>\n<script type=\"application\/ld+json\" class=\"yoast-schema-graph\">{\"@context\":\"https:\\\/\\\/schema.org\",\"@graph\":[{\"@type\":\"WebPage\",\"@id\":\"https:\\\/\\\/iwell-guard.com\\\/sk\\\/belial\\\/\",\"url\":\"https:\\\/\\\/iwell-guard.com\\\/sk\\\/belial\\\/\",\"name\":\"Belial: 68. duch Goetie a protivn\u00edk | iWell Guard\",\"isPartOf\":{\"@id\":\"https:\\\/\\\/iwell-guard.com\\\/sk\\\/#website\"},\"primaryImageOfPage\":{\"@id\":\"https:\\\/\\\/iwell-guard.com\\\/sk\\\/belial\\\/#primaryimage\"},\"image\":{\"@id\":\"https:\\\/\\\/iwell-guard.com\\\/sk\\\/belial\\\/#primaryimage\"},\"thumbnailUrl\":\"https:\\\/\\\/iwell-guard.com\\\/wp-content\\\/uploads\\\/2026\\\/05\\\/daemonen_christentum_belial.webp\",\"datePublished\":\"2026-09-04T22:18:47+00:00\",\"dateModified\":\"2026-09-04T22:44:39+00:00\",\"description\":\"Belial v hebrejskej Biblii, v Kumr\u00e1ne a v Goetii. Etymol\u00f3gia, kr\u00e1\u013eovsk\u00fd stav, pe\u010da\u0165 a religionistick\u00e9 zaradenie.\",\"breadcrumb\":{\"@id\":\"https:\\\/\\\/iwell-guard.com\\\/sk\\\/belial\\\/#breadcrumb\"},\"inLanguage\":\"sk-SK\",\"potentialAction\":[{\"@type\":\"ReadAction\",\"target\":[\"https:\\\/\\\/iwell-guard.com\\\/sk\\\/belial\\\/\"]}]},{\"@type\":\"ImageObject\",\"inLanguage\":\"sk-SK\",\"@id\":\"https:\\\/\\\/iwell-guard.com\\\/sk\\\/belial\\\/#primaryimage\",\"url\":\"https:\\\/\\\/iwell-guard.com\\\/wp-content\\\/uploads\\\/2026\\\/05\\\/daemonen_christentum_belial.webp\",\"contentUrl\":\"https:\\\/\\\/iwell-guard.com\\\/wp-content\\\/uploads\\\/2026\\\/05\\\/daemonen_christentum_belial.webp\",\"width\":1024,\"height\":1536,\"caption\":\"Belial, d\u00e9mon z kres\u0165ansko-okultistickej trad\u00edcie go\u00e9cie\"},{\"@type\":\"BreadcrumbList\",\"@id\":\"https:\\\/\\\/iwell-guard.com\\\/sk\\\/belial\\\/#breadcrumb\",\"itemListElement\":[{\"@type\":\"ListItem\",\"position\":1,\"name\":\"Start\",\"item\":\"https:\\\/\\\/iwell-guard.com\\\/sk\\\/?page_id=157572\"},{\"@type\":\"ListItem\",\"position\":2,\"name\":\"Belial\"}]},{\"@type\":\"WebSite\",\"@id\":\"https:\\\/\\\/iwell-guard.com\\\/sk\\\/#website\",\"url\":\"https:\\\/\\\/iwell-guard.com\\\/sk\\\/\",\"name\":\"iWell Guard\",\"description\":\"Schutz vor dunklen Einfl\u00fcssen\",\"publisher\":{\"@id\":\"https:\\\/\\\/iwell-guard.com\\\/sk\\\/#organization\"},\"potentialAction\":[{\"@type\":\"SearchAction\",\"target\":{\"@type\":\"EntryPoint\",\"urlTemplate\":\"https:\\\/\\\/iwell-guard.com\\\/sk\\\/?s={search_term_string}\"},\"query-input\":{\"@type\":\"PropertyValueSpecification\",\"valueRequired\":true,\"valueName\":\"search_term_string\"}}],\"inLanguage\":\"sk-SK\"},{\"@type\":\"Organization\",\"@id\":\"https:\\\/\\\/iwell-guard.com\\\/sk\\\/#organization\",\"name\":\"Ittermann electronic GmbH\",\"url\":\"https:\\\/\\\/iwell-guard.com\\\/sk\\\/\",\"logo\":{\"@type\":\"ImageObject\",\"inLanguage\":\"sk-SK\",\"@id\":\"https:\\\/\\\/iwell-guard.com\\\/sk\\\/#\\\/schema\\\/logo\\\/image\\\/\",\"url\":\"https:\\\/\\\/iwell-guard.com\\\/wp-content\\\/uploads\\\/2026\\\/05\\\/Ittermann-Logo-1182x237-1.png\",\"contentUrl\":\"https:\\\/\\\/iwell-guard.com\\\/wp-content\\\/uploads\\\/2026\\\/05\\\/Ittermann-Logo-1182x237-1.png\",\"width\":1182,\"height\":237,\"caption\":\"Ittermann electronic GmbH\"},\"image\":{\"@id\":\"https:\\\/\\\/iwell-guard.com\\\/sk\\\/#\\\/schema\\\/logo\\\/image\\\/\"},\"sameAs\":[\"https:\\\/\\\/pantip.com\\\/profile\\\/9367242\",\"https:\\\/\\\/micro.blog\\\/iwellguard\",\"https:\\\/\\\/www.diggerslist.com\\\/iwellguard\\\/about\",\"https:\\\/\\\/skitterphoto.com\\\/photographers\\\/2870314\\\/iwell-guard\",\"https:\\\/\\\/iwellguard.wordpress.com\\\/2026\\\/06\\\/06\\\/iwell-guard\\\/\",\"https:\\\/\\\/hub.docker.com\\\/u\\\/iwellguard\",\"https:\\\/\\\/www.pinterest.com\\\/iwellguard\\\/\",\"https:\\\/\\\/bit.ly\\\/m\\\/iwellguard\",\"https:\\\/\\\/entre-vos-mains.alsace.eu\\\/profiles\\\/iwellguard\\\/activity\",\"https:\\\/\\\/gravatar.com\\\/reallybeded8fd34\",\"https:\\\/\\\/naijamatta.com\\\/iwellguard\",\"https:\\\/\\\/www.goodreads.com\\\/iwellguard\",\"https:\\\/\\\/profile.hatena.ne.jp\\\/iwellguard\\\/\",\"https:\\\/\\\/experiment.com\\\/users\\\/iwellguard\",\"https:\\\/\\\/wakelet.com\\\/@iWellGuard82270\",\"https:\\\/\\\/www.chordie.com\\\/forum\\\/profile.php?id=2555664\",\"https:\\\/\\\/www.instapaper.com\\\/p\\\/17757966\",\"https:\\\/\\\/www.mapleprimes.com\\\/users\\\/iwellguard\",\"https:\\\/\\\/businesslistingplus.com\\\/profile\\\/iwell-guard\\\/\",\"https:\\\/\\\/telegra.ph\\\/iWell-Guard-06-06\",\"https:\\\/\\\/pbase.com\\\/iwellguard\\\/iwellguard\",\"https:\\\/\\\/b.hatena.ne.jp\\\/iwellguard\\\/20260607#bookmark-4788405196491818882\",\"https:\\\/\\\/fliphtml5.com\\\/home\\\/iwellguard\",\"https:\\\/\\\/anyflip.com\\\/homepage\\\/cmiwl#About\",\"https:\\\/\\\/transfur.com\\\/Users\\\/iwellguard\",\"http:\\\/\\\/delphi.larsbo.org\\\/user\\\/iwellguard\",\"https:\\\/\\\/jobs.lajobsportal.org\\\/profiles\\\/8380803-iwell-guard\",\"https:\\\/\\\/md.chaosdorf.de\\\/s\\\/jfbe5SBdJD\",\"https:\\\/\\\/www.lingvolive.com\\\/en-us\\\/profile\\\/9ecaeaca-ce11-4e51-9e71-01d55e2bff36\\\/translations\",\"https:\\\/\\\/www.fitday.com\\\/fitness\\\/forums\\\/members\\\/iwellguard.html\",\"https:\\\/\\\/www.mymeetbook.com\\\/iwellguard\",\"https:\\\/\\\/pxhere.com\\\/en\\\/photographer-me\\\/5040798\",\"https:\\\/\\\/disqus.com\\\/by\\\/iwellguard\\\/about\\\/\",\"https:\\\/\\\/pastelink.net\\\/hjwciqwq\",\"https:\\\/\\\/pubhtml5.com\\\/homepage\\\/scjhn\\\/\",\"https:\\\/\\\/www.bitchute.com\\\/channel\\\/2O2eOKzNqujT\",\"https:\\\/\\\/audiomack.com\\\/iwellguard\"]},{\"@type\":\"Article\",\"@id\":\"https:\\\/\\\/iwell-guard.com\\\/sk\\\/belial\\\/#article\",\"isPartOf\":{\"@id\":\"https:\\\/\\\/iwell-guard.com\\\/sk\\\/belial\\\/\"},\"author\":{\"name\":\"Ralf Ittermann\",\"@id\":\"https:\\\/\\\/iwell-guard.com\\\/sk\\\/#\\\/schema\\\/person\\\/ee2a27f1cac3406c7c6fb5820cb7349f\"},\"headline\":\"Belial\",\"datePublished\":\"2026-09-04T22:18:47+00:00\",\"dateModified\":\"2026-09-04T22:44:39+00:00\",\"mainEntityOfPage\":{\"@id\":\"https:\\\/\\\/iwell-guard.com\\\/sk\\\/belial\\\/\"},\"publisher\":{\"@id\":\"https:\\\/\\\/iwell-guard.com\\\/sk\\\/#organization\"},\"image\":{\"@id\":\"https:\\\/\\\/iwell-guard.com\\\/sk\\\/belial\\\/#primaryimage\"},\"thumbnailUrl\":\"https:\\\/\\\/iwell-guard.com\\\/wp-content\\\/uploads\\\/2026\\\/05\\\/daemonen_christentum_belial.webp\",\"inLanguage\":\"sk-SK\",\"description\":\"Belial v hebrejskej Biblii, v Kumr\u00e1ne a v Goetii. Etymol\u00f3gia, kr\u00e1\u013eovsk\u00fd stav, pe\u010da\u0165 a religionistick\u00e9 zaradenie.\"}]}<\/script>\n<!-- \/ Yoast SEO Premium plugin. -->","yoast_head_json":{"title":"Belial: 68. duch Goetie a protivn\u00edk | iWell Guard","description":"Belial v hebrejskej Biblii, v Kumr\u00e1ne a v Goetii. Etymol\u00f3gia, kr\u00e1\u013eovsk\u00fd stav, pe\u010da\u0165 a religionistick\u00e9 zaradenie.","robots":{"index":"index","follow":"follow","max-snippet":"max-snippet:-1","max-image-preview":"max-image-preview:large","max-video-preview":"max-video-preview:-1"},"canonical":"https:\/\/iwell-guard.com\/sk\/belial\/","og_locale":"sk_SK","og_type":"article","og_title":"Belial","og_description":"Belial v hebrejskej Biblii, v Kumr\u00e1ne a v Goetii. Etymol\u00f3gia, kr\u00e1\u013eovsk\u00fd stav, pe\u010da\u0165 a religionistick\u00e9 zaradenie.","og_url":"https:\/\/iwell-guard.com\/sk\/belial\/","og_site_name":"iWell Guard","article_modified_time":"2026-09-04T22:44:39+00:00","og_image":[{"width":1024,"height":1536,"url":"https:\/\/iwell-guard.com\/wp-content\/uploads\/2026\/05\/daemonen_christentum_belial.webp","type":"image\/webp"}],"twitter_card":"summary_large_image","schema":{"@context":"https:\/\/schema.org","@graph":[{"@type":"Article","@id":"https:\/\/iwell-guard.com\/sk\/belial\/#article","isPartOf":{"@id":"https:\/\/iwell-guard.com\/sk\/belial\/"},"author":{"name":"Ralf Ittermann","@id":"https:\/\/iwell-guard.com\/sk\/#\/schema\/person\/ee2a27f1cac3406c7c6fb5820cb7349f"},"headline":"Belial","datePublished":"2026-09-04T22:18:47+00:00","dateModified":"2026-09-04T22:44:39+00:00","mainEntityOfPage":{"@id":"https:\/\/iwell-guard.com\/sk\/belial\/"},"publisher":{"@id":"https:\/\/iwell-guard.com\/sk\/#organization"},"image":{"@id":"https:\/\/iwell-guard.com\/sk\/belial\/#primaryimage"},"thumbnailUrl":"https:\/\/iwell-guard.com\/wp-content\/uploads\/2026\/05\/daemonen_christentum_belial.webp","inLanguage":"sk-SK","description":"Belial v hebrejskej Biblii, v Kumr\u00e1ne a v Goetii. Etymol\u00f3gia, kr\u00e1\u013eovsk\u00fd stav, pe\u010da\u0165 a religionistick\u00e9 zaradenie."},{"@type":"WebPage","@id":"https:\/\/iwell-guard.com\/sk\/belial\/","url":"https:\/\/iwell-guard.com\/sk\/belial\/","name":"Belial: 68. duch Goetie a protivn\u00edk | iWell Guard","isPartOf":{"@id":"https:\/\/iwell-guard.com\/sk\/#website"},"primaryImageOfPage":{"@id":"https:\/\/iwell-guard.com\/sk\/belial\/#primaryimage"},"image":{"@id":"https:\/\/iwell-guard.com\/sk\/belial\/#primaryimage"},"thumbnailUrl":"https:\/\/iwell-guard.com\/wp-content\/uploads\/2026\/05\/daemonen_christentum_belial.webp","datePublished":"2026-09-04T22:18:47+00:00","dateModified":"2026-09-04T22:44:39+00:00","description":"Belial v hebrejskej Biblii, v Kumr\u00e1ne a v Goetii. Etymol\u00f3gia, kr\u00e1\u013eovsk\u00fd stav, pe\u010da\u0165 a religionistick\u00e9 zaradenie.","breadcrumb":{"@id":"https:\/\/iwell-guard.com\/sk\/belial\/#breadcrumb"},"inLanguage":"sk-SK","potentialAction":[{"@type":"ReadAction","target":["https:\/\/iwell-guard.com\/sk\/belial\/"]}]},{"@type":"ImageObject","inLanguage":"sk-SK","@id":"https:\/\/iwell-guard.com\/sk\/belial\/#primaryimage","url":"https:\/\/iwell-guard.com\/wp-content\/uploads\/2026\/05\/daemonen_christentum_belial.webp","contentUrl":"https:\/\/iwell-guard.com\/wp-content\/uploads\/2026\/05\/daemonen_christentum_belial.webp","width":1024,"height":1536,"caption":"Belial, d\u00e9mon z kres\u0165ansko-okultistickej trad\u00edcie go\u00e9cie"},{"@type":"BreadcrumbList","@id":"https:\/\/iwell-guard.com\/sk\/belial\/#breadcrumb","itemListElement":[{"@type":"ListItem","position":1,"name":"Start","item":"https:\/\/iwell-guard.com\/sk\/?page_id=157572"},{"@type":"ListItem","position":2,"name":"Belial"}]},{"@type":"WebSite","@id":"https:\/\/iwell-guard.com\/sk\/#website","url":"https:\/\/iwell-guard.com\/sk\/","name":"iWell Guard","description":"Schutz vor dunklen Einfl\u00fcssen","publisher":{"@id":"https:\/\/iwell-guard.com\/sk\/#organization"},"potentialAction":[{"@type":"SearchAction","target":{"@type":"EntryPoint","urlTemplate":"https:\/\/iwell-guard.com\/sk\/?s={search_term_string}"},"query-input":{"@type":"PropertyValueSpecification","valueRequired":true,"valueName":"search_term_string"}}],"inLanguage":"sk-SK"},{"@type":"Organization","@id":"https:\/\/iwell-guard.com\/sk\/#organization","name":"Ittermann electronic GmbH","url":"https:\/\/iwell-guard.com\/sk\/","logo":{"@type":"ImageObject","inLanguage":"sk-SK","@id":"https:\/\/iwell-guard.com\/sk\/#\/schema\/logo\/image\/","url":"https:\/\/iwell-guard.com\/wp-content\/uploads\/2026\/05\/Ittermann-Logo-1182x237-1.png","contentUrl":"https:\/\/iwell-guard.com\/wp-content\/uploads\/2026\/05\/Ittermann-Logo-1182x237-1.png","width":1182,"height":237,"caption":"Ittermann electronic GmbH"},"image":{"@id":"https:\/\/iwell-guard.com\/sk\/#\/schema\/logo\/image\/"},"sameAs":["https:\/\/pantip.com\/profile\/9367242","https:\/\/micro.blog\/iwellguard","https:\/\/www.diggerslist.com\/iwellguard\/about","https:\/\/skitterphoto.com\/photographers\/2870314\/iwell-guard","https:\/\/iwellguard.wordpress.com\/2026\/06\/06\/iwell-guard\/","https:\/\/hub.docker.com\/u\/iwellguard","https:\/\/www.pinterest.com\/iwellguard\/","https:\/\/bit.ly\/m\/iwellguard","https:\/\/entre-vos-mains.alsace.eu\/profiles\/iwellguard\/activity","https:\/\/gravatar.com\/reallybeded8fd34","https:\/\/naijamatta.com\/iwellguard","https:\/\/www.goodreads.com\/iwellguard","https:\/\/profile.hatena.ne.jp\/iwellguard\/","https:\/\/experiment.com\/users\/iwellguard","https:\/\/wakelet.com\/@iWellGuard82270","https:\/\/www.chordie.com\/forum\/profile.php?id=2555664","https:\/\/www.instapaper.com\/p\/17757966","https:\/\/www.mapleprimes.com\/users\/iwellguard","https:\/\/businesslistingplus.com\/profile\/iwell-guard\/","https:\/\/telegra.ph\/iWell-Guard-06-06","https:\/\/pbase.com\/iwellguard\/iwellguard","https:\/\/b.hatena.ne.jp\/iwellguard\/20260607#bookmark-4788405196491818882","https:\/\/fliphtml5.com\/home\/iwellguard","https:\/\/anyflip.com\/homepage\/cmiwl#About","https:\/\/transfur.com\/Users\/iwellguard","http:\/\/delphi.larsbo.org\/user\/iwellguard","https:\/\/jobs.lajobsportal.org\/profiles\/8380803-iwell-guard","https:\/\/md.chaosdorf.de\/s\/jfbe5SBdJD","https:\/\/www.lingvolive.com\/en-us\/profile\/9ecaeaca-ce11-4e51-9e71-01d55e2bff36\/translations","https:\/\/www.fitday.com\/fitness\/forums\/members\/iwellguard.html","https:\/\/www.mymeetbook.com\/iwellguard","https:\/\/pxhere.com\/en\/photographer-me\/5040798","https:\/\/disqus.com\/by\/iwellguard\/about\/","https:\/\/pastelink.net\/hjwciqwq","https:\/\/pubhtml5.com\/homepage\/scjhn\/","https:\/\/www.bitchute.com\/channel\/2O2eOKzNqujT","https:\/\/audiomack.com\/iwellguard"]},{"@type":"Person","@id":"https:\/\/iwell-guard.com\/sk\/#\/schema\/person\/ee2a27f1cac3406c7c6fb5820cb7349f","name":"Ralf Ittermann","image":{"@type":"ImageObject","inLanguage":"sk-SK","@id":"https:\/\/secure.gravatar.com\/avatar\/073c0153e350a5005b68eb752b445fea71f6b24a26da9449ad7e155e6b446c9d?s=96&d=mm&r=g","url":"https:\/\/secure.gravatar.com\/avatar\/073c0153e350a5005b68eb752b445fea71f6b24a26da9449ad7e155e6b446c9d?s=96&d=mm&r=g","contentUrl":"https:\/\/secure.gravatar.com\/avatar\/073c0153e350a5005b68eb752b445fea71f6b24a26da9449ad7e155e6b446c9d?s=96&d=mm&r=g","caption":"Ralf Ittermann"},"givenName":"Ralf","familyName":"Ittermann","jobTitle":"Gesch\u00e4ftsf\u00fchrer und redaktioneller Verantwortlicher","url":"https:\/\/iwell-guard.com\/sk\/author\/claude\/","description":"Ralf Ittermann ist Gesch\u00e4ftsf\u00fchrer der Ittermann electronic GmbH und redaktioneller Verantwortlicher des iWell-Guard-Lexikons. Er verbindet langj\u00e4hrige Erfahrung in der Pr\u00e4zisionsfertigung mit medialer Praxis und religionsgeschichtlicher Quellenarbeit.","worksFor":{"@type":"Organization","name":"Ittermann electronic GmbH","url":"https:\/\/ittermann.de\/","address":{"@type":"PostalAddress","streetAddress":"K\u00f6hlergasse 16-18","postalCode":"99842","addressLocality":"Ruhla","addressCountry":"DE"}},"knowsAbout":["Religionsgeschichte","Mythologie","Mediale Praxis","Energetische Diagnostik","Schutzpraxis","Volksglauben","Westliche Esoterik"]},{"@type":"Article","@id":"https:\/\/iwell-guard.com\/sk\/belial\/#article","isPartOf":{"@id":"https:\/\/iwell-guard.com\/sk\/belial\/"},"author":{"name":"Ralf Ittermann","@id":"https:\/\/iwell-guard.com\/sk\/#\/schema\/person\/ee2a27f1cac3406c7c6fb5820cb7349f"},"headline":"Belial","datePublished":"2026-09-04T22:18:47+00:00","dateModified":"2026-09-04T22:44:39+00:00","mainEntityOfPage":{"@id":"https:\/\/iwell-guard.com\/sk\/belial\/"},"publisher":{"@id":"https:\/\/iwell-guard.com\/sk\/#organization"},"image":{"@id":"https:\/\/iwell-guard.com\/sk\/belial\/#primaryimage"},"thumbnailUrl":"https:\/\/iwell-guard.com\/wp-content\/uploads\/2026\/05\/daemonen_christentum_belial.webp","inLanguage":"sk-SK","description":"Belial v hebrejskej Biblii, v Kumr\u00e1ne a v Goetii. Etymol\u00f3gia, kr\u00e1\u013eovsk\u00fd stav, pe\u010da\u0165 a religionistick\u00e9 zaradenie."}]}},"_links":{"self":[{"href":"https:\/\/iwell-guard.com\/sk\/wp-json\/wp\/v2\/pages\/157875","targetHints":{"allow":["GET"]}}],"collection":[{"href":"https:\/\/iwell-guard.com\/sk\/wp-json\/wp\/v2\/pages"}],"about":[{"href":"https:\/\/iwell-guard.com\/sk\/wp-json\/wp\/v2\/types\/page"}],"author":[{"embeddable":true,"href":"https:\/\/iwell-guard.com\/sk\/wp-json\/wp\/v2\/users\/3"}],"replies":[{"embeddable":true,"href":"https:\/\/iwell-guard.com\/sk\/wp-json\/wp\/v2\/comments?post=157875"}],"version-history":[{"count":0,"href":"https:\/\/iwell-guard.com\/sk\/wp-json\/wp\/v2\/pages\/157875\/revisions"}],"wp:featuredmedia":[{"embeddable":true,"href":"https:\/\/iwell-guard.com\/sk\/wp-json\/wp\/v2\/media\/2428"}],"wp:attachment":[{"href":"https:\/\/iwell-guard.com\/sk\/wp-json\/wp\/v2\/media?parent=157875"}],"wp:term":[{"taxonomy":"category","embeddable":true,"href":"https:\/\/iwell-guard.com\/sk\/wp-json\/wp\/v2\/categories?post=157875"}],"curies":[{"name":"wp","href":"https:\/\/api.w.org\/{rel}","templated":true}]}}