{"id":157874,"date":"2026-09-04T22:18:46","date_gmt":"2026-09-04T22:18:46","guid":{"rendered":"https:\/\/iwell-guard.com\/?page_id=157874"},"modified":"2026-09-04T22:44:39","modified_gmt":"2026-09-04T22:44:39","slug":"bael","status":"publish","type":"page","link":"https:\/\/iwell-guard.com\/sk\/bael\/","title":{"rendered":"Bael"},"content":{"rendered":"\t\t<div data-elementor-type=\"wp-page\" data-elementor-id=\"157874\" class=\"elementor elementor-157874 elementor-2256 elementor-bc-flex-widget\" data-elementor-post-type=\"page\">\n\t\t\t\t<div class=\"elementor-element elementor-element-10fdade e-flex e-con-boxed e-con e-parent\" data-id=\"10fdade\" data-element_type=\"container\" data-e-type=\"container\" data-settings=\"{&quot;background_background&quot;:&quot;classic&quot;}\">\n\t\t\t\t\t<div class=\"e-con-inner\">\n\t\t<div class=\"elementor-element elementor-element-herohlft0 e-flex e-con-boxed e-con e-child\" data-id=\"herohlft0\" data-element_type=\"container\" data-e-type=\"container\">\n\t\t\t\t\t<div class=\"e-con-inner\">\n\t\t<div class=\"elementor-element elementor-element-c3ceb64 e-con-full e-flex e-con e-child\" data-id=\"c3ceb64\" data-element_type=\"container\" data-e-type=\"container\">\n\t\t\t\t<div class=\"elementor-element elementor-element-96ae5e1 elementor-widget elementor-widget-heading\" data-id=\"96ae5e1\" data-element_type=\"widget\" data-e-type=\"widget\" data-widget_type=\"heading.default\">\n\t\t\t\t\t<h1 class=\"elementor-heading-title elementor-size-default\">Bael, prv\u00fd kr\u00e1\u013e Goetie<\/h1>\t\t\t\t<\/div>\n\t\t\t\t<div class=\"elementor-element elementor-element-e45238a elementor-widget elementor-widget-text-editor\" data-id=\"e45238a\" data-element_type=\"widget\" data-e-type=\"widget\" data-widget_type=\"text-editor.default\">\n\t\t\t\t\t\t\t\t\t<p><strong>Bael je prv\u00fdm<\/strong> z dvadsiatich a sedemdesiatich duchov Ars Goetia, knihy z Lemegetonu, ktor\u00e1 je dolo\u017een\u00e1 v 17. storo\u010d\u00ed a v 19. storo\u010d\u00ed ju nanovo prelo\u017eil S. L. MacGregor Mathers.<\/p><p>V r\u00e1mci d\u00e9monickej hierarchie stoj\u00ed Bael ako kr\u00e1\u013e na \u010dele zoznamu a vel\u00ed \u0161es\u0165desiatim \u0161iestim l\u00e9gi\u00e1m. Jeho meno odkazuje na semitsk\u00e9ho boha Baala, kedysi vysok\u00e9ho boha syrsko-kana\u00e1nskej oblasti, ktor\u00e9ho kres\u0165ansk\u00e1 d\u00e9monol\u00f3gia zaradila do registra padl\u00fdch duchov. Bael sa ako prv\u00fd kr\u00e1\u013e po\u010d\u00edta medzi bytosti, ktor\u00e9 trad\u00edcia zh\u0155\u0148a pod pojem 72 duchov Goetie.<\/p>\t\t\t\t\t\t\t\t<\/div>\n\t\t\t\t<\/div>\n\t\t<div class=\"elementor-element elementor-element-klsbdg01 e-con-full e-flex e-con e-parent\" data-id=\"klsbdg01\" data-element_type=\"container\" data-e-type=\"container\">\n\t\t\t\t<div class=\"elementor-element elementor-element-klshtm01 elementor-widget elementor-widget-html\" data-id=\"klshtm01\" data-element_type=\"widget\" data-e-type=\"widget\" data-widget_type=\"html.default\">\n\t\t\t\t\t<div class=\"iwg-pill-row\"><span class=\"iwg-klasse-badge\" tabindex=\"0\" data-tooltip=\"D\u00e9mon: Nadprirodzen\u00e1, v\u00e4\u010d\u0161inou \u0161kodliv\u00e1 bytos\u0165 medzi bohmi a \u013eu\u010fmi.\">D\u00e9mon<\/span><a href=\"https:\/\/iwell-guard.com\/sk\/?page_id=157604\" class=\"iwg-kultur-badge\" tabindex=\"0\" data-tooltip=\"Kres\u0165ansk\u00e1 trad\u00edcia od 1. storo\u010dia n. l.\">Kres\u0165anstvo<\/a><\/div>\t\t\t\t<\/div>\n\t\t\t\t<\/div>\n\t\t<div class=\"elementor-element elementor-element-3f74855 e-con-full e-flex e-con e-child\" data-id=\"3f74855\" data-element_type=\"container\" data-e-type=\"container\">\n\t\t\t\t<div class=\"elementor-element elementor-element-1c30362 elementor-toc--minimized-on-tablet elementor-widget elementor-widget-table-of-contents\" data-id=\"1c30362\" data-element_type=\"widget\" data-e-type=\"widget\" data-settings=\"{&quot;exclude_headings_by_selector&quot;:[],&quot;no_headings_message&quot;:&quot;Na tejto str\\u00e1nke sa nena\\u0161li \\u017eiadne nadpisy.&quot;,&quot;headings_by_tags&quot;:[&quot;h2&quot;,&quot;h3&quot;],&quot;marker_view&quot;:&quot;bullets&quot;,&quot;minimize_box&quot;:&quot;yes&quot;,&quot;icon&quot;:{&quot;value&quot;:&quot;fas fa-circle&quot;,&quot;library&quot;:&quot;fa-solid&quot;,&quot;rendered_tag&quot;:&quot;&lt;svg class=\\&quot;e-font-icon-svg e-fas-circle\\&quot; viewBox=\\&quot;0 0 512 512\\&quot; xmlns=\\&quot;http:\\\/\\\/www.w3.org\\\/2000\\\/svg\\&quot;&gt;&lt;path d=\\&quot;M256 8C119 8 8 119 8 256s111 248 248 248 248-111 248-248S393 8 256 8z\\&quot;&gt;&lt;\\\/path&gt;&lt;\\\/svg&gt;&quot;},&quot;minimized_on&quot;:&quot;tablet&quot;,&quot;hierarchical_view&quot;:&quot;yes&quot;,&quot;min_height&quot;:{&quot;unit&quot;:&quot;px&quot;,&quot;size&quot;:&quot;&quot;,&quot;sizes&quot;:[]},&quot;min_height_tablet&quot;:{&quot;unit&quot;:&quot;px&quot;,&quot;size&quot;:&quot;&quot;,&quot;sizes&quot;:[]},&quot;min_height_mobile&quot;:{&quot;unit&quot;:&quot;px&quot;,&quot;size&quot;:&quot;&quot;,&quot;sizes&quot;:[]}}\" data-widget_type=\"table-of-contents.default\">\n\t\t\t\t\t\t\t\t\t<div class=\"elementor-toc__header\">\n\t\t\t\t\t\t<h2 class=\"elementor-toc__header-title\">\n\t\t\t\tObsah\t\t\t<\/h2>\n\t\t\t\t\t\t\t\t\t\t<div class=\"elementor-toc__toggle-button elementor-toc__toggle-button--expand\" role=\"button\" tabindex=\"0\" aria-controls=\"elementor-toc__1c30362\" aria-expanded=\"true\" aria-label=\"Open table of contents\"><svg aria-hidden=\"true\" class=\"e-font-icon-svg e-fas-chevron-down\" viewBox=\"0 0 448 512\" xmlns=\"http:\/\/www.w3.org\/2000\/svg\"><path d=\"M207.029 381.476L12.686 187.132c-9.373-9.373-9.373-24.569 0-33.941l22.667-22.667c9.357-9.357 24.522-9.375 33.901-.04L224 284.505l154.745-154.021c9.379-9.335 24.544-9.317 33.901.04l22.667 22.667c9.373 9.373 9.373 24.569 0 33.941L240.971 381.476c-9.373 9.372-24.569 9.372-33.942 0z\"><\/path><\/svg><\/div>\n\t\t\t\t<div class=\"elementor-toc__toggle-button elementor-toc__toggle-button--collapse\" role=\"button\" tabindex=\"0\" aria-controls=\"elementor-toc__1c30362\" aria-expanded=\"true\" aria-label=\"Close table of contents\"><svg aria-hidden=\"true\" class=\"e-font-icon-svg e-fas-chevron-up\" viewBox=\"0 0 448 512\" xmlns=\"http:\/\/www.w3.org\/2000\/svg\"><path d=\"M240.971 130.524l194.343 194.343c9.373 9.373 9.373 24.569 0 33.941l-22.667 22.667c-9.357 9.357-24.522 9.375-33.901.04L224 227.495 69.255 381.516c-9.379 9.335-24.544 9.317-33.901-.04l-22.667-22.667c-9.373-9.373-9.373-24.569 0-33.941L207.03 130.525c9.372-9.373 24.568-9.373 33.941-.001z\"><\/path><\/svg><\/div>\n\t\t\t\t\t<\/div>\n\t\t\t\t<div id=\"elementor-toc__1c30362\" class=\"elementor-toc__body\">\n\t\t\t<div class=\"elementor-toc__spinner-container\">\n\t\t\t\t<svg class=\"elementor-toc__spinner eicon-animation-spin e-font-icon-svg e-eicon-loading\" aria-hidden=\"true\" viewBox=\"0 0 1000 1000\" xmlns=\"http:\/\/www.w3.org\/2000\/svg\"><path d=\"M500 975V858C696 858 858 696 858 500S696 142 500 142 142 304 142 500H25C25 237 238 25 500 25S975 237 975 500 763 975 500 975Z\"><\/path><\/svg>\t\t\t<\/div>\n\t\t<\/div>\n\t\t\t\t\t\t<\/div>\n\t\t\t\t<\/div>\n\t\t\t\t\t<\/div>\n\t\t\t\t<\/div>\n\t\t<div class=\"elementor-element elementor-element-herorght0 e-con-full e-flex e-con e-child\" data-id=\"herorght0\" data-element_type=\"container\" data-e-type=\"container\">\n\t\t\t\t<div class=\"elementor-element elementor-element-heroimg00 iwg-hero-image elementor-widget elementor-widget-image\" data-id=\"heroimg00\" data-element_type=\"widget\" data-e-type=\"widget\" data-widget_type=\"image.default\">\n\t\t\t\t\t\t\t\t\t\t\t\t\t\t\t<img fetchpriority=\"high\" decoding=\"async\" width=\"683\" height=\"1024\" src=\"https:\/\/iwell-guard.com\/wp-content\/uploads\/2026\/05\/daemonen_christentum_bael-683x1024.webp\" class=\"attachment-large size-large wp-image-159869\" alt=\"Bael, d\u00e9mon kres\u0165ansko-okultistickej trad\u00edcie Goetia\" srcset=\"https:\/\/iwell-guard.com\/wp-content\/uploads\/2026\/05\/daemonen_christentum_bael-683x1024.webp 683w, https:\/\/iwell-guard.com\/wp-content\/uploads\/2026\/05\/daemonen_christentum_bael-200x300.webp 200w, https:\/\/iwell-guard.com\/wp-content\/uploads\/2026\/05\/daemonen_christentum_bael-768x1152.webp 768w, https:\/\/iwell-guard.com\/wp-content\/uploads\/2026\/05\/daemonen_christentum_bael.webp 1024w\" sizes=\"(max-width: 683px) 100vw, 683px\" \/>\t\t\t\t\t\t\t\t\t\t\t\t\t\t\t<\/div>\n\t\t\t\t<\/div>\n\t\t\t\t\t<\/div>\n\t\t\t\t<\/div>\n\t\t<div class=\"elementor-element elementor-element-32917199 e-flex e-con-boxed e-con e-parent\" data-id=\"32917199\" data-element_type=\"container\" data-e-type=\"container\">\n\t\t\t\t\t<div class=\"e-con-inner\">\n\t\t<div class=\"elementor-element elementor-element-26e916cb e-flex e-con-boxed e-con e-child\" data-id=\"26e916cb\" data-element_type=\"container\" data-e-type=\"container\">\n\t\t\t\t\t<div class=\"e-con-inner\">\n\t\t<div class=\"elementor-element elementor-element-253a40d4 e-flex e-con-boxed e-con e-child\" data-id=\"253a40d4\" data-element_type=\"container\" data-e-type=\"container\">\n\t\t\t\t\t<div class=\"e-con-inner\">\n\t\t\t\t<div class=\"elementor-element elementor-element-1200c304 elementor-widget elementor-widget-heading\" data-id=\"1200c304\" data-element_type=\"widget\" data-e-type=\"widget\" data-widget_type=\"heading.default\">\n\t\t\t\t\t<h2 class=\"elementor-heading-title elementor-size-default\">Bael<\/h2>\t\t\t\t<\/div>\n\t\t\t\t<div class=\"elementor-element elementor-element-11758e7f elementor-widget elementor-widget-text-editor\" data-id=\"11758e7f\" data-element_type=\"widget\" data-e-type=\"widget\" data-widget_type=\"text-editor.default\">\n\t\t\t\t\t\t\t\t\t<p><strong>Bael je prv\u00fdm<\/strong> z dvadsiatich a sedemdesiatich duchov Ars Goetia, knihy z Lemegetonu, ktor\u00e1 je dolo\u017een\u00e1 v 17. storo\u010d\u00ed a v 19. storo\u010d\u00ed ju nanovo prelo\u017eil S. L. MacGregor Mathers.<\/p><p>V r\u00e1mci d\u00e9monickej hierarchie stoj\u00ed Bael ako kr\u00e1\u013e na \u010dele zoznamu a vel\u00ed \u0161es\u0165desiatim \u0161iestim l\u00e9gi\u00e1m. Jeho meno odkazuje na semitsk\u00e9ho boha Baala, kedysi vysok\u00e9ho boha syrsko-kana\u00e1nskej oblasti, ktor\u00e9ho kres\u0165ansk\u00e1 d\u00e9monol\u00f3gia zaradila do registra padl\u00fdch duchov.<\/p>\t\t\t\t\t\t\t\t<\/div>\n\t\t\t\t\t<\/div>\n\t\t\t\t<\/div>\n\t\t<div class=\"elementor-element elementor-element-159dcf9a e-flex e-con-boxed e-con e-child\" data-id=\"159dcf9a\" data-element_type=\"container\" data-e-type=\"container\">\n\t\t\t\t\t<div class=\"e-con-inner\">\n\t\t\t\t<div class=\"elementor-element elementor-element-48cee66f elementor-widget elementor-widget-heading\" data-id=\"48cee66f\" data-element_type=\"widget\" data-e-type=\"widget\" data-widget_type=\"heading.default\">\n\t\t\t\t\t<h2 class=\"elementor-heading-title elementor-size-default\">R\u00fdchly preh\u013ead: Bael<\/h2>\t\t\t\t<\/div>\n\t\t\t\t<div class=\"elementor-element elementor-element-3f50d82c elementor-widget elementor-widget-text-editor\" data-id=\"3f50d82c\" data-element_type=\"widget\" data-e-type=\"widget\" data-widget_type=\"text-editor.default\">\n\t\t\t\t\t\t\t\t\t<p><span data-nosnippet><strong>Typ:<\/strong> <span class=\"iwg-fachbegriff\" data-tooltip=\"Duchovn\u00e1 bytos\u0165, ktorej sa pripisuje \u0161kodliv\u00e9 alebo protire\u010div\u00e9 p\u00f4sobenie.\" tabindex=\"0\">D\u00e9mon<\/span>, kr\u00e1\u013e Ars Goetie<br><strong>P\u00f4vod:<\/strong> Z\u00e1padosemitsk\u00e1 oblas\u0165, odvoden\u00e9 od mena boha Baala<br><strong>Postavenie:<\/strong> Prv\u00fd z 72 duchov, kr\u00e1\u013e nad 66 l\u00e9giami<br><strong>Zdroje:<\/strong> Pseudomonarchia Daemonum (1577), Ars Goetia, Dictionnaire infernal<br><strong>Pr\u00edbuzn\u00ed:<\/strong> Beelzebub, Paimon, Belial, Asmodai<\/span><\/p>\t\t\t\t\t\t\t\t<\/div>\n\t\t\t\t\t<\/div>\n\t\t\t\t<\/div>\n\t\t\t\t\t<\/div>\n\t\t\t\t<\/div>\n\t\t\t\t\t<\/div>\n\t\t\t\t<\/div>\n\t\t<div class=\"elementor-element elementor-element-18613602 e-flex e-con-boxed e-con e-parent\" data-id=\"18613602\" data-element_type=\"container\" data-e-type=\"container\">\n\t\t\t\t\t<div class=\"e-con-inner\">\n\t\t\t\t<div class=\"elementor-element elementor-element-262b8a9f elementor-widget elementor-widget-heading\" data-id=\"262b8a9f\" data-element_type=\"widget\" data-e-type=\"widget\" data-widget_type=\"heading.default\">\n\t\t\t\t\t<h2 class=\"elementor-heading-title elementor-size-default\">Zaradenie<\/h2>\t\t\t\t<\/div>\n\t\t<div class=\"elementor-element elementor-element-46dcb7d e-con-full e-flex e-con e-child\" data-id=\"46dcb7d\" data-element_type=\"container\" data-e-type=\"container\">\n\t\t<div class=\"elementor-element elementor-element-61d3ab3 e-flex e-con-boxed e-con e-child\" data-id=\"61d3ab3\" data-element_type=\"container\" data-e-type=\"container\">\n\t\t\t\t\t<div class=\"e-con-inner\">\n\t\t\t\t<div class=\"elementor-element elementor-element-117c166 elementor-widget elementor-widget-heading\" data-id=\"117c166\" data-element_type=\"widget\" data-e-type=\"widget\" data-widget_type=\"heading.default\">\n\t\t\t\t\t<div class=\"elementor-heading-title elementor-size-default\">Zeitraum der Texte<\/div>\t\t\t\t<\/div>\n\t\t\t\t<div class=\"elementor-element elementor-element-73997a0 elementor-widget elementor-widget-text-editor\" data-id=\"73997a0\" data-element_type=\"widget\" data-e-type=\"widget\" data-widget_type=\"text-editor.default\">\n\t\t\t\t\t\t\t\t\t<p>Rozhoduj\u00face pramene poch\u00e1dzaj\u00fa z ran\u00e9ho novoveku. Pseudomonarchia Daemonum vy\u0161la v roku 1577 ako pr\u00edloha diela Johanna Weyera De praestigiis daemonum. Rukopisn\u00e1 <span class=\"iwg-fachbegriff\" data-tooltip=\"Odovzd\u00e1vanie vedomost\u00ed a rozpr\u00e1van\u00ed z gener\u00e1cie na gener\u00e1ciu.\" tabindex=\"0\">trad\u00edcia<\/span> Lemegetonu sa d\u00e1 zachyti\u0165 a\u017e v 17. storo\u010d\u00ed, jej pramene v\u0161ak s\u010dasti sahaj\u00fa \u010falej do minulosti.<\/p><p>Dictionnaire infernal od Collina de Plancy vy\u0161iel v roku 1818, vplyvn\u00e9 illustrovan\u00e9 vydanie nasledovalo v roku 1863. N\u00e1bo\u017eenskohistorick\u00e9 pozadie mena sa vracia a\u017e do druh\u00e9ho tis\u00edcro\u010dia pred Kristom.<\/p>\t\t\t\t\t\t\t\t<\/div>\n\t\t\t\t\t<\/div>\n\t\t\t\t<\/div>\n\t\t<div class=\"elementor-element elementor-element-d47b156 e-flex e-con-boxed e-con e-child\" data-id=\"d47b156\" data-element_type=\"container\" data-e-type=\"container\">\n\t\t\t\t\t<div class=\"e-con-inner\">\n\t\t\t\t<div class=\"elementor-element elementor-element-ff38c2b elementor-widget elementor-widget-heading\" data-id=\"ff38c2b\" data-element_type=\"widget\" data-e-type=\"widget\" data-widget_type=\"heading.default\">\n\t\t\t\t\t<div class=\"elementor-heading-title elementor-size-default\">Verbreitungsraum<\/div>\t\t\t\t<\/div>\n\t\t\t\t<div class=\"elementor-element elementor-element-4e49fcc elementor-widget elementor-widget-text-editor\" data-id=\"4e49fcc\" data-element_type=\"widget\" data-e-type=\"widget\" data-widget_type=\"text-editor.default\">\n\t\t\t\t\t\t\t\t\t<p><span data-nosnippet>Meno Bael odkazuje na z\u00e1padosemitsk\u00fa oblas\u0165, teda S\u00fdriu, Fen\u00edciu a star\u00fd Izrael, kde bolo meno boha Baala be\u017en\u00e9. D\u00e9monologick\u00e1 postava Baela je naproti tomu produktom z\u00e1padoeur\u00f3pskej trad\u00edcie grimo\u00e1rov a je zdokumentovan\u00e1 najm\u00e4 vo Franc\u00fazsku, Anglicku a v nemecky hovoriacej oblasti. Prostredn\u00edctvom anglick\u00e9ho vydania Goetie z roku 1904 sa postava dostala k medzin\u00e1rodn\u00e9mu publiku.<\/span><\/p>\t\t\t\t\t\t\t\t<\/div>\n\t\t\t\t\t<\/div>\n\t\t\t\t<\/div>\n\t\t\t\t<\/div>\n\t\t<div class=\"elementor-element elementor-element-db03c39 e-con-full e-flex e-con e-child\" data-id=\"db03c39\" data-element_type=\"container\" data-e-type=\"container\">\n\t\t<div class=\"elementor-element elementor-element-229a87b e-flex e-con-boxed e-con e-child\" data-id=\"229a87b\" data-element_type=\"container\" data-e-type=\"container\">\n\t\t\t\t\t<div class=\"e-con-inner\">\n\t\t\t\t<div class=\"elementor-element elementor-element-1f471fc elementor-widget elementor-widget-heading\" data-id=\"1f471fc\" data-element_type=\"widget\" data-e-type=\"widget\" data-widget_type=\"heading.default\">\n\t\t\t\t\t<div class=\"elementor-heading-title elementor-size-default\">Quellenlage<\/div>\t\t\t\t<\/div>\n\t\t\t\t<div class=\"elementor-element elementor-element-36b1201 elementor-widget elementor-widget-text-editor\" data-id=\"36b1201\" data-element_type=\"widget\" data-e-type=\"widget\" data-widget_type=\"text-editor.default\">\n\t\t\t\t\t\t\t\t\t<p>\u00dastredn\u00e9 texty s\u00fa Pseudomonarchia Daemonum od Johanna Weyera, Ars Goetia ako prv\u00e1 kniha Lemegetonu a Dictionnaire infernal. Weyer prevzal star\u0161\u00ed zoznam a znovu ho usporiadal.<\/p><p>Ot\u00e1zka, \u010di zoznam Goetie vych\u00e1dza z jednotn\u00e9ho historick\u00e9ho jadra, alebo bol zostaven\u00fd z viacer\u00fdch prame\u0148ov, zost\u00e1va vo v\u00fdskume otvoren\u00e1. Joseph Peterson, vydavate\u013e komentovan\u00e9ho vydania, sa prikl\u00e1\u0148a k t\u00e9zi o kompil\u00e1cii a poukazuje na star\u0161ie arabsk\u00e9 a \u017eidovsk\u00e9 zoznamy duchov.<\/p>\t\t\t\t\t\t\t\t<\/div>\n\t\t\t\t\t<\/div>\n\t\t\t\t<\/div>\n\t\t\t\t<\/div>\n\t\t\t\t\t<\/div>\n\t\t\t\t<\/div>\n\t\t<div class=\"elementor-element elementor-element-3ae0637c e-flex e-con-boxed e-con e-parent\" data-id=\"3ae0637c\" data-element_type=\"container\" data-e-type=\"container\">\n\t\t\t\t\t<div class=\"e-con-inner\">\n\t\t\t\t<div class=\"elementor-element elementor-element-31d07739 elementor-widget elementor-widget-heading\" data-id=\"31d07739\" data-element_type=\"widget\" data-e-type=\"widget\" data-widget_type=\"heading.default\">\n\t\t\t\t\t<h2 class=\"elementor-heading-title elementor-size-default\">Meno<\/h2>\t\t\t\t<\/div>\n\t\t<div class=\"elementor-element elementor-element-b7642947 e-con-full e-flex e-con e-child\" data-id=\"b7642947\" data-element_type=\"container\" data-e-type=\"container\">\n\t\t\t\t<div class=\"elementor-element elementor-element-a086266 elementor-widget elementor-widget-text-editor\" data-id=\"a086266\" data-element_type=\"widget\" data-e-type=\"widget\" data-widget_type=\"text-editor.default\">\n\t\t\t\t\t\t\t\t\t<p>Meno Bael je jednou z mnoh\u00fdch pravopisn\u00fdch variantov semitsk\u00e9ho slova ba\u02bfal, ktor\u00e9 jednoducho znamen\u00e1 p\u00e1n alebo majite\u013e. V z\u00e1padosemitskej oblasti nebol ba\u02bfal vlastn\u00fdm menom, ale titulom, ktor\u00fd prisl\u00fachal r\u00f4znym miestnym bo\u017estv\u00e1m.<\/p><p>Najzn\u00e1mej\u0161\u00ed je ugaritsk\u00fd boh b\u00farky Ba\u02bfal, ktor\u00e9ho m\u00fdty zaznamen\u00e1vaj\u00fa hlinen\u00e9 tabu\u013eky z Ras \u0160amry. Okrem toho existoval Ba\u02bfal z T\u00fdru, Ba\u02bfal-Hammon Kart\u00e1ga a mnoh\u00e9 miestne bo\u017estva, ka\u017ed\u00e9 pova\u017eovan\u00e9 za p\u00e1na svojho kultov\u00e9ho miesta.<\/p><p>V trad\u00edcii grimo\u00e1rov sa postava objavuje ako Bael, v popul\u00e1rnej kult\u00fare aj ako Baal alebo Bhaal. Bl\u00edzko pr\u00edbuznou medzistup\u0148ou je Beelzebub, ktor\u00e9ho meno sa objavuje ako ba\u02bfal z\u0259b\u00fbb, p\u00e1n m\u00fach, v Druhej knihe kr\u00e1\u013eov. Tieto pravopisn\u00e9 varianty zakr\u00fdvaj\u00fa, \u017ee sa za nimi skr\u00fdvaj\u00fa viacer\u00e9 oddelen\u00e9 tradi\u010dn\u00e9 l\u00ednie: <span class=\"iwg-fachbegriff\" data-tooltip=\"Epocha gr\u00e9ckej a r\u00edmskej kult\u00fary, pribli\u017ene od 800 pred Kr. do 600 po Kr.\" tabindex=\"0\">antick\u00fd<\/span> boh b\u00farky, biblick\u00e1 polemika a novovekn\u00fd knie\u017ea pekla.<\/p>\t\t\t\t\t\t\t\t<\/div>\n\t\t\t\t<\/div>\n\t\t\t\t\t<\/div>\n\t\t\t\t<\/div>\n\t\t<div class=\"elementor-element elementor-element-709a44a8 e-flex e-con-boxed e-con e-parent\" data-id=\"709a44a8\" data-element_type=\"container\" data-e-type=\"container\">\n\t\t\t\t\t<div class=\"e-con-inner\">\n\t\t\t\t<div class=\"elementor-element elementor-element-2f585873 elementor-widget elementor-widget-heading\" data-id=\"2f585873\" data-element_type=\"widget\" data-e-type=\"widget\" data-widget_type=\"heading.default\">\n\t\t\t\t\t<h2 class=\"elementor-heading-title elementor-size-default\">Popis<\/h2>\t\t\t\t<\/div>\n\t\t<div class=\"elementor-element elementor-element-70621c12 e-con-full e-flex e-con e-child\" data-id=\"70621c12\" data-element_type=\"container\" data-e-type=\"container\">\n\t\t\t\t<div class=\"elementor-element elementor-element-4296eb49 elementor-widget elementor-widget-text-editor\" data-id=\"4296eb49\" data-element_type=\"widget\" data-e-type=\"widget\" data-widget_type=\"text-editor.default\">\n\t\t\t\t\t\t\t\t\t<p>Ikonografick\u00e1 trad\u00edcia Baela je n\u00e1padn\u00e1. Pod\u013ea Ars Goetia sa zjavuje s tromi hlavami, v jednej variante s hlavou ropuchy, hlavou \u010dloveka a hlavou ma\u010dky, nesen\u00fdmi na pav\u00fa\u010d\u00edch noh\u00e1ch. Okrem toho existuj\u00fa zobrazenia s dvoma zvierac\u00edmi hlavami namiesto troch. Text Lemegetonu hovor\u00ed o drsnom, chrap\u013eavom hlase.<\/p><p><span data-nosnippet>Schopnos\u0165, ktor\u00fa mu texty pripisuj\u00fa, je schopnos\u0165 nevidite\u013enosti, ktor\u00fa m\u00f4\u017ee udeli\u0165 tomu, kto ho vz\u00fdva, a k tomu \u013estivos\u0165. Hybridn\u00e1 podoba \u010dlovek-zviera nie je v z\u00e1padoeur\u00f3pskom materi\u00e1li grimo\u00e1rov nezvy\u010dajn\u00e1, kombin\u00e1cia \u010dlovek-ma\u010dka-ropucha je v\u0161ak vyhraden\u00e1 iba pre Baela. Ikonograficky ju vytvoril Collin de Plancy v illustrovanom vydan\u00ed Dictionnaire infernal z roku 1863.<\/span><\/p><p>T\u00e1to illustr\u00e1cia dodnes ur\u010duje popul\u00e1rnu predstavu o Baelovi. Star\u0161ie pramene, ako Munich Handbook of Necromancy z 15. storo\u010dia, neposkytuj\u00fa \u017eiadne obrazy a opis odovzd\u00e1vaj\u00fa len slovami. Ikonografia s hlavou ropuchy nem\u00e1 s historick\u00fdm bohom b\u00farky Baalom ni\u010d spolo\u010dn\u00e9, ide o samostatn\u00fd produkt neskorostredovekej a novovekej predstavivosti.<\/p>\t\t\t\t\t\t\t\t<\/div>\n\t\t\t\t<\/div>\n\t\t\t\t\t<\/div>\n\t\t\t\t<\/div>\n\t\t<div class=\"elementor-element elementor-element-44e71476 e-flex e-con-boxed e-con e-parent\" data-id=\"44e71476\" data-element_type=\"container\" data-e-type=\"container\">\n\t\t\t\t\t<div class=\"e-con-inner\">\n\t\t\t\t<div class=\"elementor-element elementor-element-3c1fc3f0 elementor-widget elementor-widget-heading\" data-id=\"3c1fc3f0\" data-element_type=\"widget\" data-e-type=\"widget\" data-widget_type=\"heading.default\">\n\t\t\t\t\t<h2 class=\"elementor-heading-title elementor-size-default\">Profil: Bael<\/h2>\t\t\t\t<\/div>\n\t\t<div class=\"elementor-element elementor-element-84f33b8e e-con-full e-flex e-con e-child\" data-id=\"84f33b8e\" data-element_type=\"container\" data-e-type=\"container\">\n\t\t\t\t<div class=\"elementor-element elementor-element-hqkdc67p elementor-widget elementor-widget-text-editor\" data-id=\"hqkdc67p\" data-element_type=\"widget\" data-e-type=\"widget\" data-widget_type=\"text-editor.default\">\n\t\t\t\t\t\t\t\t\t<p>Nasleduj\u00face \u00fadaje zh\u0155\u0148aj\u00fa najd\u00f4le\u017eitej\u0161ie inform\u00e1cie z prame\u0148ov o Baelovi.<\/p>\t\t\t\t\t\t\t\t<\/div>\n\t\t\t\t<\/div>\n\t\t<div class=\"elementor-element elementor-element-pemmx7c5 e-con-full e-flex e-con e-child\" data-id=\"pemmx7c5\" data-element_type=\"container\" data-e-type=\"container\">\n\t\t<div class=\"elementor-element elementor-element-pemmx7c1 e-con-full e-flex e-con e-child\" data-id=\"pemmx7c1\" data-element_type=\"container\" data-e-type=\"container\">\n\t\t<div class=\"elementor-element elementor-element-qh9oavvu iwg-steckbrief-card e-flex e-con-boxed e-con e-child\" data-id=\"qh9oavvu\" data-element_type=\"container\" data-e-type=\"container\">\n\t\t\t\t\t<div class=\"e-con-inner\">\n\t\t\t\t<div class=\"elementor-element elementor-element-awzx8k2k elementor-widget elementor-widget-heading\" data-id=\"awzx8k2k\" data-element_type=\"widget\" data-e-type=\"widget\" data-widget_type=\"heading.default\">\n\t\t\t\t\t<div class=\"elementor-heading-title elementor-size-default\">P\u00f4vod<\/div>\t\t\t\t<\/div>\n\t\t\t\t<div class=\"elementor-element elementor-element-x6rowhv0 elementor-widget elementor-widget-text-editor\" data-id=\"x6rowhv0\" data-element_type=\"widget\" data-e-type=\"widget\" data-widget_type=\"text-editor.default\">\n\t\t\t\t\t\t\t\t\t<p>Meno sa odvodzuje od semitsk\u00e9ho Baala, jedn\u00e9ho z najv\u00fdznamnej\u0161\u00edch mien bohov syrsko-kana\u00e1nskej oblasti. Baal znamen\u00e1 p\u00e1n a ozna\u010doval jednak Hadada, boha b\u00farky a po\u010dasia, jednak miestne ochrann\u00e9 bo\u017estva. Kres\u0165ansk\u00e1 d\u00e9monol\u00f3gia posunula tohto kedysi vysok\u00e9ho boha do registra padl\u00fdch duchov. Z funkcie b\u00farky alebo plodnosti nie je v Lemegetone u\u017e ni\u010d rozoznate\u013en\u00e9.<\/p>\t\t\t\t\t\t\t\t<\/div>\n\t\t\t\t\t<\/div>\n\t\t\t\t<\/div>\n\t\t<div class=\"elementor-element elementor-element-8e3o4kxs iwg-steckbrief-card e-flex e-con-boxed e-con e-child\" data-id=\"8e3o4kxs\" data-element_type=\"container\" data-e-type=\"container\">\n\t\t\t\t\t<div class=\"e-con-inner\">\n\t\t\t\t<div class=\"elementor-element elementor-element-08rkdgov elementor-widget elementor-widget-heading\" data-id=\"08rkdgov\" data-element_type=\"widget\" data-e-type=\"widget\" data-widget_type=\"heading.default\">\n\t\t\t\t\t<div class=\"elementor-heading-title elementor-size-default\">Postavenie a funkcia<\/div>\t\t\t\t<\/div>\n\t\t\t\t<div class=\"elementor-element elementor-element-uwjelx8s elementor-widget elementor-widget-text-editor\" data-id=\"uwjelx8s\" data-element_type=\"widget\" data-e-type=\"widget\" data-widget_type=\"text-editor.default\">\n\t\t\t\t\t\t\t\t\t<p>Bael je kr\u00e1\u013e a stoj\u00ed na prvom mieste zoznamu Goetia. Podlieha mu \u0161es\u0165desiat\u0161es\u0165 l\u00e9gi\u00ed. Pod\u013ea Pseudomonarchia Daemonum vl\u00e1dne nad v\u00fdchodnou \u010das\u0165ou pekeln\u00e9ho kr\u00e1\u013eovstva. Kr\u00e1\u013e stoj\u00ed v hierarchii Goetie nad vojvodami, markgr\u00f3fmi, gr\u00f3fmi, prezidentmi a rytiermi, ktor\u00ed nasleduj\u00fa v \u010fal\u0161om v\u00fdklade.<\/p>\t\t\t\t\t\t\t\t<\/div>\n\t\t\t\t\t<\/div>\n\t\t\t\t<\/div>\n\t\t<div class=\"elementor-element elementor-element-jm2n74ec iwg-steckbrief-card e-flex e-con-boxed e-con e-child\" data-id=\"jm2n74ec\" data-element_type=\"container\" data-e-type=\"container\">\n\t\t\t\t\t<div class=\"e-con-inner\">\n\t\t\t\t<div class=\"elementor-element elementor-element-8vufse4c elementor-widget elementor-widget-heading\" data-id=\"8vufse4c\" data-element_type=\"widget\" data-e-type=\"widget\" data-widget_type=\"heading.default\">\n\t\t\t\t\t<div class=\"elementor-heading-title elementor-size-default\">Zjav<\/div>\t\t\t\t<\/div>\n\t\t\t\t<div class=\"elementor-element elementor-element-mwb9u015 elementor-widget elementor-widget-text-editor\" data-id=\"mwb9u015\" data-element_type=\"widget\" data-e-type=\"widget\" data-widget_type=\"text-editor.default\">\n\t\t\t\t\t\t\t\t\t<p><span data-nosnippet>Pod\u013ea Ars Goetia sa Bael zjavuje s tromi hlavami, hlavou ropuchy, \u013eudskou hlavou a hlavou ma\u010dky, nesen\u00fdmi na pav\u00fa\u010d\u00edch noh\u00e1ch. Jeho hlas je opisovan\u00fd ako drsn\u00fd a chrap\u013eav\u00fd. Existuj\u00fa aj zobrazenia s dvomi hlavami namiesto troch. Dnes be\u017en\u00e9 zobrazenie sa odv\u00edja od Dictionnaire infernal z roku 1863.<\/span><\/p>\t\t\t\t\t\t\t\t<\/div>\n\t\t\t\t\t<\/div>\n\t\t\t\t<\/div>\n\t\t\t\t<\/div>\n\t\t<div class=\"elementor-element elementor-element-pemmx7c2 e-con-full e-flex e-con e-child\" data-id=\"pemmx7c2\" data-element_type=\"container\" data-e-type=\"container\">\n\t\t<div class=\"elementor-element elementor-element-37ss2yr6 iwg-steckbrief-card e-flex e-con-boxed e-con e-child\" data-id=\"37ss2yr6\" data-element_type=\"container\" data-e-type=\"container\">\n\t\t\t\t\t<div class=\"e-con-inner\">\n\t\t\t\t<div class=\"elementor-element elementor-element-3v0wp3wx elementor-widget elementor-widget-heading\" data-id=\"3v0wp3wx\" data-element_type=\"widget\" data-e-type=\"widget\" data-widget_type=\"heading.default\">\n\t\t\t\t\t<div class=\"elementor-heading-title elementor-size-default\">Ritu\u00e1lne vz\u00fdvanie<\/div>\t\t\t\t<\/div>\n\t\t\t\t<div class=\"elementor-element elementor-element-w3247g2m elementor-widget elementor-widget-text-editor\" data-id=\"w3247g2m\" data-element_type=\"widget\" data-e-type=\"widget\" data-widget_type=\"text-editor.default\">\n\t\t\t\t\t\t\t\t\t<p>V ritu\u00e1lnom kontexte Goetie sa Bael vz\u00fdva s oh\u013eadom na astrologick\u00e9 kore\u0161pondencie, obvykle vo vz\u0165ahu k Slnku a \u017eivlu oh\u0148a. <span class=\"iwg-fachbegriff\" data-tooltip=\"Prosebn\u00e9 alebo zakl\u00ednacie oslovenie bo\u017estva alebo moci.\" tabindex=\"0\">Vz\u00fdvanie<\/span> sa riadi predpisami salomonsk\u00fdch textov. iWell Guard sa riadi religionistick\u00fdm opisom a zdr\u017eiava sa ak\u00e9hoko\u013evek n\u00e1vodu na <span class=\"iwg-fachbegriff\" data-tooltip=\"Jazykov\u00fd ritu\u00e1l, ktor\u00fd m\u00e1 privola\u0165 alebo sp\u00fata\u0165 nejak\u00fa moc.\" tabindex=\"0\">zakl\u00ednanie<\/span>.<\/p>\t\t\t\t\t\t\t\t<\/div>\n\t\t\t\t\t<\/div>\n\t\t\t\t<\/div>\n\t\t<div class=\"elementor-element elementor-element-0qpjal9w iwg-steckbrief-card e-flex e-con-boxed e-con e-child\" data-id=\"0qpjal9w\" data-element_type=\"container\" data-e-type=\"container\">\n\t\t\t\t\t<div class=\"e-con-inner\">\n\t\t\t\t<div class=\"elementor-element elementor-element-6ndoih0o elementor-widget elementor-widget-heading\" data-id=\"6ndoih0o\" data-element_type=\"widget\" data-e-type=\"widget\" data-widget_type=\"heading.default\">\n\t\t\t\t\t<div class=\"elementor-heading-title elementor-size-default\">Pe\u010da\u0165 a symboly<\/div>\t\t\t\t<\/div>\n\t\t\t\t<div class=\"elementor-element elementor-element-6684tyh9 elementor-widget elementor-widget-text-editor\" data-id=\"6684tyh9\" data-element_type=\"widget\" data-e-type=\"widget\" data-widget_type=\"text-editor.default\">\n\t\t\t\t\t\t\t\t\t<p><span data-nosnippet>Bael je v Lemegetone opatren\u00fd pe\u010da\u0165ou, geometrickou kresbou z \u010diar a kruhov, ktor\u00e1 sa reprodukuje v modern\u00fdch vydaniach grimo\u00e1rov. Pe\u010da\u0165 sl\u00fa\u017ei ako kotva <span class=\"iwg-fachbegriff\" data-tooltip=\"Prosebn\u00e9 alebo zakl\u00ednacie oslovenie bo\u017estva alebo moci.\" tabindex=\"0\">vz\u00fdvania<\/span> a v ceremoni\u00e1lnej <span class=\"iwg-fachbegriff\" data-tooltip=\"Praktiky, ktor\u00e9 sa zvl\u00e1\u0161tnymi \u00fakonmi alebo formulami sna\u017eia zasiahnu\u0165 do chodu vec\u00ed.\" tabindex=\"0\">m\u00e1gii<\/span> sa tradi\u010dne vyhotovuje na pergamene alebo kove. Vydanie Aleistera Crowleyho z roku 1904 preniesol pe\u010da\u0165 do modern\u00e9ho okultn\u00e9ho v\u00fdkladu.<\/span><\/p>\t\t\t\t\t\t\t\t<\/div>\n\t\t\t\t\t<\/div>\n\t\t\t\t<\/div>\n\t\t<div class=\"elementor-element elementor-element-3lfi7x32 iwg-steckbrief-card e-flex e-con-boxed e-con e-child\" data-id=\"3lfi7x32\" data-element_type=\"container\" data-e-type=\"container\">\n\t\t\t\t\t<div class=\"e-con-inner\">\n\t\t\t\t<div class=\"elementor-element elementor-element-0kg99ga1 elementor-widget elementor-widget-heading\" data-id=\"0kg99ga1\" data-element_type=\"widget\" data-e-type=\"widget\" data-widget_type=\"heading.default\">\n\t\t\t\t\t<div class=\"elementor-heading-title elementor-size-default\">Pr\u00edbuzn\u00ed duchovia<\/div>\t\t\t\t<\/div>\n\t\t\t\t<div class=\"elementor-element elementor-element-n0fum6kp elementor-widget elementor-widget-text-editor\" data-id=\"n0fum6kp\" data-element_type=\"widget\" data-e-type=\"widget\" data-widget_type=\"text-editor.default\">\n\t\t\t\t\t\t\t\t\t<p>V r\u00e1mci Lemegetonu Bael otv\u00e1ra radu kr\u00e1\u013eov, medzi ktor\u00fdch patr\u00ed Paimon ako deviaty <span class=\"iwg-fachbegriff\" data-tooltip=\"Netelesn\u00e1 bytos\u0165, ktorej sa pripisuje p\u00f4sobenie vo svete.\" tabindex=\"0\">duch<\/span>, Asmodai ako tridsiaty druh\u00fd <span class=\"iwg-fachbegriff\" data-tooltip=\"Netelesn\u00e1 bytos\u0165, ktorej sa pripisuje p\u00f4sobenie vo svete.\" tabindex=\"0\">duch<\/span> a Belial ako \u0161es\u0165desiaty \u00f4smy <span class=\"iwg-fachbegriff\" data-tooltip=\"Netelesn\u00e1 bytos\u0165, ktorej sa pripisuje p\u00f4sobenie vo svete.\" tabindex=\"0\">duch<\/span>. Bl\u00edzko pr\u00edbuzn\u00fd je aj Belzebub, ktor\u00fd sa rovnako ako Bael odvodzuje od mena boha Baal. Rozdiely medzi kr\u00e1\u013emi s\u00fa v p\u00f4vodnom texte nev\u00fdrazn\u00e9.<\/p>\t\t\t\t\t\t\t\t<\/div>\n\t\t\t\t\t<\/div>\n\t\t\t\t<\/div>\n\t\t\t\t<\/div>\n\t\t\t\t<\/div>\n\t\t\t\t\t<\/div>\n\t\t\t\t<\/div>\n\t\t<div class=\"elementor-element elementor-element-7533bc7a e-flex e-con-boxed e-con e-parent\" data-id=\"7533bc7a\" data-element_type=\"container\" data-e-type=\"container\">\n\t\t\t\t\t<div class=\"e-con-inner\">\n\t\t\t\t<div class=\"elementor-element elementor-element-2447d18d elementor-widget elementor-widget-heading\" data-id=\"2447d18d\" data-element_type=\"widget\" data-e-type=\"widget\" data-widget_type=\"heading.default\">\n\t\t\t\t\t<h2 class=\"elementor-heading-title elementor-size-default\">Recepcia a dejiny p\u00f4sobenia<\/h2>\t\t\t\t<\/div>\n\t\t<div class=\"elementor-element elementor-element-d5d0260c e-con-full e-flex e-con e-child\" data-id=\"d5d0260c\" data-element_type=\"container\" data-e-type=\"container\">\n\t\t\t\t<div class=\"elementor-element elementor-element-341be2ac elementor-widget elementor-widget-text-editor\" data-id=\"341be2ac\" data-element_type=\"widget\" data-e-type=\"widget\" data-widget_type=\"text-editor.default\">\n\t\t\t\t\t\t\t\t\t<p>Pre spr\u00e1vne zaradenie je d\u00f4le\u017eit\u00e9, \u017ee Johann Weyer nemal v \u00famysle nap\u00edsa\u0165 knihu na zakl\u00ednanie. Bol lek\u00e1rom a \u017eiakom Heinricha Cornelia Agrippu z Nettesheimu a sledoval osvietensk\u00fd cie\u013e: chcel uk\u00e1za\u0165, ak\u00e9 absurdn\u00e9 a rozporupln\u00e9 s\u00fa predstavy magikov, aby tak podkopal p\u00f4du pod prenasledovan\u00edm \u010darodejn\u00edc.<\/p><p>To, \u017ee jeho katal\u00f3g bol nesk\u00f4r \u010d\u00edtan\u00fd ako praktick\u00fd n\u00e1vod, bolo v rozpore s jeho \u00famyslom. Owen Davies vypracoval tento obrat od polemiky k n\u00e1vodu na pou\u017eitie ako typick\u00fd pre dejiny p\u00f4sobenia tak\u00fdchto textov.<\/p><p><span data-nosnippet>S op\u00e4tovn\u00fdm objaven\u00edm grimo\u00e1rov okultn\u00fdmi pr\u00fadmi 19. storo\u010dia sa Bael vr\u00e1til do popularnej predstavivosti. K\u013e\u00fa\u010dov\u00fa \u00falohu zohral Samuel Liddell MacGregor Mathers, ktor\u00fd v roku 1904 vydal anglick\u00e9 vydanie Lemegetonu pod titulom The Goetia, na ktorom sa podie\u013eal aj Aleister Crowley.<\/span><\/p><p>Toto vydanie spr\u00edstupnilo katal\u00f3g 72 duchov \u0161ir\u0161iemu publiku a stalo sa z\u00e1kladom takmer v\u0161etk\u00fdch neskor\u0161\u00edch odkazov. Crowley interpretoval duchov ako aspekty vlastn\u00e9ho vedomia, psychologizuj\u00faci v\u00fdklad, ktor\u00fd sa z\u00e1sadne odli\u0161uje od star\u0161ej ceremoni\u00e1lnej trad\u00edcie.<\/p><p>Vo fantasy literat\u00fare, hr\u00e1ch na hrdinov a po\u010d\u00edta\u010dov\u00fdch hr\u00e1ch sa toto meno objavuje v nespo\u010detn\u00fdch pravopisn\u00fdch variantoch, \u010dasto ako Baal alebo Bhaal.<\/p><p>Pritom sa pravidelne stieraj\u00fa dva oddelen\u00e9 tradi\u010dn\u00e9 pramene: <span class=\"iwg-fachbegriff\" data-tooltip=\"Epocha gr\u00e9ckej a r\u00edmskej kult\u00fary, pribli\u017ene od 800 pred Kr. do 600 po Kr.\" tabindex=\"0\">antick\u00fd<\/span> boh po\u010dasia a grimo\u00e1rov\u00fd <span class=\"iwg-fachbegriff\" data-tooltip=\"Duchovn\u00e1 bytos\u0165, ktorej sa pripisuje \u0161kodliv\u00e9 alebo dvojzmyseln\u00e9 p\u00f4sobenie.\" tabindex=\"0\">d\u00e9mon<\/span>. Toto zmie\u0161anie nie je chybou trad\u00edcie, ale typick\u00fdm procesom popul\u00e1rnokult\u00farneho osvojenia, pri ktorom sa p\u00f4sobiv\u00e9 meno odde\u013euje od svojich historick\u00fdch v\u00fdznamov. U\u017e John Milton vo svojom diele Paradise Lost predstavuje Baala ako padl\u00e9ho <span class=\"iwg-fachbegriff\" data-tooltip=\"V abrah\u00e1movsk\u00fdch n\u00e1bo\u017eenstv\u00e1ch nebesk\u00e1 posoln\u00e1 bytos\u0165 Boha.\" tabindex=\"0\">anjela<\/span>, av\u0161ak bez aspektu troch hl\u00e1v.<\/p>\t\t\t\t\t\t\t\t<\/div>\n\t\t\t\t<\/div>\n\t\t\t\t\t<\/div>\n\t\t\t\t<\/div>\n\t\t<div class=\"elementor-element elementor-element-5a584676 e-flex e-con-boxed e-con e-parent\" data-id=\"5a584676\" data-element_type=\"container\" data-e-type=\"container\">\n\t\t\t\t\t<div class=\"e-con-inner\">\n\t\t\t\t<div class=\"elementor-element elementor-element-6d0757bf elementor-widget elementor-widget-heading\" data-id=\"6d0757bf\" data-element_type=\"widget\" data-e-type=\"widget\" data-widget_type=\"heading.default\">\n\t\t\t\t\t<h2 class=\"elementor-heading-title elementor-size-default\">Bael, paralely v in\u00fdch kult\u00farach<\/h2>\t\t\t\t<\/div>\n\t\t<div class=\"elementor-element elementor-element-60563f68 e-con-full e-flex e-con e-child\" data-id=\"60563f68\" data-element_type=\"container\" data-e-type=\"container\">\n\t\t\t\t<div class=\"elementor-element elementor-element-5a93fdd6 elementor-widget elementor-widget-text-editor\" data-id=\"5a93fdd6\" data-element_type=\"widget\" data-e-type=\"widget\" data-widget_type=\"text-editor.default\">\n\t\t\t\t\t\t\t\t\t<p>V porovn\u00e1vacej <span class=\"iwg-fachbegriff\" data-tooltip=\"Veda, ktor\u00e1 sk\u00fama n\u00e1bo\u017eenstv\u00e1 porovn\u00e1vac\u00edm sp\u00f4sobom a bez v\u00e4zby na vieru.\" tabindex=\"0\">religionistike<\/span> sa Bael porovn\u00e1va s b\u00farkov\u00fdmi a kr\u00e1\u013eovsk\u00fdmi bo\u017estvami pr\u00edbuzn\u00fdch kult\u00far, napr\u00edklad s mezopot\u00e1mskym Adadom, chetitsk\u00fdm Tarhunom alebo ugaritsk\u00fdm Baal-Hadadom. Tieto porovnania nesmeruj\u00fa k historickej fili\u00e1cii, ale k typologickej pr\u00edbuznosti. Religionistick\u00e1 l\u00ednia je tu zrete\u013enej\u0161ia ne\u017e u in\u00fdch goetick\u00fdch duchov, ke\u010f\u017ee samotn\u00e9 meno vytv\u00e1ra spojenie so z\u00e1padosemitsk\u00fdm <span class=\"iwg-fachbegriff\" data-tooltip=\"S\u00fahrn bohov ur\u010dit\u00e9ho n\u00e1bo\u017eenstva alebo kult\u00fary.\" tabindex=\"0\">pante\u00f3nom<\/span>.<\/p><p>Bael z Goetie je pr\u00edkladom prehodnotenia antick\u00fdch bohov kres\u0165anstvom, procesu, ktor\u00fd <span class=\"iwg-fachbegriff\" data-tooltip=\"Veda, ktor\u00e1 sk\u00fama n\u00e1bo\u017eenstv\u00e1 porovn\u00e1vac\u00edm sp\u00f4sobom a bez v\u00e4zby na vieru.\" tabindex=\"0\">religionistika<\/span> ozna\u010duje ako interpretatio diabolica. Cirkevn\u00fd otec August\u00edn sformuloval z\u00e1sadu, \u017ee bohovia pohanov s\u00fa d\u00e9moni.<\/p><p>Touto cestou sa b\u00fdval\u00fd vysok\u00fd boh dostal do kres\u0165anskej d\u00e9monol\u00f3gie. Kto chce Baela sk\u00fama\u0165, mal by preto oddeli\u0165 jednotliv\u00e9 vrstvy: kana\u00e1nskeho boha po\u010dasia, biblick\u00fa polemiku a novovek\u00e9ho pekeln\u00e9ho knie\u017ea\u0165a.<\/p>\t\t\t\t\t\t\t\t<\/div>\n\t\t\t\t<\/div>\n\t\t\t\t\t<\/div>\n\t\t\t\t<\/div>\n\t\t<div class=\"elementor-element elementor-element-36dd7469 e-flex e-con-boxed e-con e-parent\" data-id=\"36dd7469\" data-element_type=\"container\" data-e-type=\"container\">\n\t\t\t\t\t<div class=\"e-con-inner\">\n\t\t\t\t<div class=\"elementor-element elementor-element-13760ab4 elementor-widget elementor-widget-heading\" data-id=\"13760ab4\" data-element_type=\"widget\" data-e-type=\"widget\" data-widget_type=\"heading.default\">\n\t\t\t\t\t<h2 class=\"elementor-heading-title elementor-size-default\">S\u00favisiace odkazy<\/h2>\t\t\t\t<\/div>\n\t\t<div class=\"elementor-element elementor-element-28c87796 e-con-full e-flex e-con e-child\" data-id=\"28c87796\" data-element_type=\"container\" data-e-type=\"container\">\n\t\t\t\t<div class=\"elementor-element elementor-element-5d6538df elementor-widget elementor-widget-text-editor\" data-id=\"5d6538df\" data-element_type=\"widget\" data-e-type=\"widget\" data-widget_type=\"text-editor.default\">\n\t\t\t\t\t\t\t\t\t<ul><li><a href=\"https:\/\/iwell-guard.com\/sk\/?page_id=157573\">D\u00e9moni<\/a>: preh\u013ead d\u00e9monov<\/li><li><a href=\"https:\/\/iwell-guard.com\/sk\/?page_id=157860\">Goetia<\/a>: trad\u00edcia Ars Goetia<\/li><li><a href=\"https:\/\/iwell-guard.com\/sk\/?page_id=157604\">Kres\u0165anstvo<\/a>: kult\u00farne zaradenie<\/li><li><a href=\"https:\/\/iwell-guard.com\/sk\/?page_id=157601\">Asmodai<\/a>: \u010fal\u0161\u00ed kr\u00e1\u013e Goetie<\/li><li><a href=\"https:\/\/iwell-guard.com\/sk\/?page_id=157610\">Lucifer<\/a>: centr\u00e1lna postava kres\u0165anskej demonol\u00f3gie<\/li><\/ul>\t\t\t\t\t\t\t\t<\/div>\n\t\t\t\t<\/div>\n\t\t\t\t\t<\/div>\n\t\t\t\t<\/div>\n\t\t<div class=\"elementor-element elementor-element-grl4kl40 e-flex e-con-boxed e-con e-parent\" data-id=\"grl4kl40\" data-element_type=\"container\" data-e-type=\"container\">\n\t\t\t\t\t<div class=\"e-con-inner\">\n\t\t\t\t<div class=\"elementor-element elementor-element-bzsbfrmh elementor-widget elementor-widget-heading\" data-id=\"bzsbfrmh\" data-element_type=\"widget\" data-e-type=\"widget\" data-widget_type=\"heading.default\">\n\t\t\t\t\t<h2 class=\"elementor-heading-title elementor-size-default\">Literat\u00fara (v\u00fdber)<\/h2>\t\t\t\t<\/div>\n\t\t<div class=\"elementor-element elementor-element-2c13224a e-con-full e-flex e-con e-child\" data-id=\"2c13224a\" data-element_type=\"container\" data-e-type=\"container\">\n\t\t\t\t<div class=\"elementor-element elementor-element-0eymh9ub elementor-widget elementor-widget-text-editor\" data-id=\"0eymh9ub\" data-element_type=\"widget\" data-e-type=\"widget\" data-widget_type=\"text-editor.default\">\n\t\t\t\t\t\t\t\t\t<footer class=\"iwg-literatur\"><ul><li><span data-nosnippet>Joseph H. Peterson (Hg.): The Lesser Key of Solomon, Weiser 2001.<\/span><\/li><li><span data-nosnippet>Mark S. Smith: The Early History of God. Yahweh and the Other Deities in Ancient Israel, Eerdmans 2002.<\/span><\/li><li><span data-nosnippet>Wolfgang Behringer: Hexen. Glaube, Verfolgung, Vermarktung, M\u00fcnchen 2005.<\/span><\/li><li><span data-nosnippet>Henk Vreekamp: The Land of Baal, Eerdmans 2014.<\/span><\/li><\/ul><\/footer>\t\t\t\t\t\t\t\t<\/div>\n\t\t\t\t<\/div>\n\t\t\t\t\t<\/div>\n\t\t\t\t<\/div>\n\t\t<div class=\"elementor-element elementor-element-iwgca-bael-sec e-flex e-con-boxed e-con e-parent\" data-id=\"iwgca-bael-sec\" data-element_type=\"container\" data-e-type=\"container\" id=\"iwg-ca-bael\">\n\t\t\t\t\t<div class=\"e-con-inner\">\n\t\t\t\t<div class=\"elementor-element elementor-element-iwgca-bael-te iwg-ca-textwrap elementor-widget elementor-widget-text-editor\" data-id=\"iwgca-bael-te\" data-element_type=\"widget\" data-e-type=\"widget\" data-widget_type=\"text-editor.default\">\n\t\t\t\t\t\t\t\t\t<div data-nosnippet=\"true\"><p class=\"iwg-ca-bridge\">Tu pop\u00edsan\u00e1 ochrann\u00e1 prax je vedeck\u00fdm zaraden\u00edm historick\u00fdch trad\u00edci\u00ed. iWell Guard nadv\u00e4zuje na t\u00fato kult\u00farno-historick\u00fa linku prenosn\u00fdch ochrann\u00fdch predmetov a predstavuje jej s\u00fa\u010dasn\u00fa formu. <a href=\"\/ueber-iwell-guard\/?utm_source=iwell-guard.com&#038;utm_medium=text-link&#038;utm_campaign=schadwesen-tradition\">Viac o iWell Guard \u2192<\/a><\/p><\/div>\t\t\t\t\t\t\t\t<\/div>\n\t\t\t\t\t<\/div>\n\t\t\t\t<\/div>\n\t\t\t\t<section class=\"elementor-section elementor-top-section elementor-element elementor-element-wv-bael-faq elementor-section-boxed elementor-section-height-default elementor-section-height-default\" data-id=\"wv-bael-faq\" data-element_type=\"section\" data-e-type=\"section\">\n\t\t\t\t\t\t<div class=\"elementor-container elementor-column-gap-default\">\n\t\t\t\t\t<div class=\"elementor-column elementor-col-100 elementor-top-column elementor-element elementor-element-wv-bael-faq-col\" data-id=\"wv-bael-faq-col\" data-element_type=\"column\" data-e-type=\"column\">\n\t\t\t<div class=\"elementor-widget-wrap elementor-element-populated\">\n\t\t\t\t\t\t<div class=\"elementor-element elementor-element-wv-bael-h elementor-widget elementor-widget-heading\" data-id=\"wv-bael-h\" data-element_type=\"widget\" data-e-type=\"widget\" data-widget_type=\"heading.default\">\n\t\t\t\t\t<h2 class=\"elementor-heading-title elementor-size-default\">\u010casto kladen\u00e9 ot\u00e1zky o Baelovi<\/h2>\t\t\t\t<\/div>\n\t\t\t\t<div class=\"elementor-element elementor-element-wv-bael-t elementor-widget elementor-widget-text-editor\" data-id=\"wv-bael-t\" data-element_type=\"widget\" data-e-type=\"widget\" data-widget_type=\"text-editor.default\">\n\t\t\t\t\t\t\t\t\t\n<details class=\"iwg-faq-item\">\n  <summary><strong>Kto je Bael?<\/strong><\/summary>\n  <p>Bael je prv\u00fd zo sedemdesiatich dvoch duchov Ars Goetia, prvej knihy Lemegetonu. V demonickej hierarchii stoj\u00ed ako kr\u00e1\u013e na \u010dele zoznamu a vel\u00ed \u0161es\u0165desiatim \u0161iestim l\u00e9gi\u00e1m. Jeho meno odkazuje na semitsk\u00e9ho boha Baala, b\u00fdval\u00e9ho vrchn\u00e9ho boha syrsko-kana\u00e1nskej oblasti. Ten bol kres\u0165anskou demonol\u00f3giou preraden\u00fd do registra padl\u00fdch duchov.<\/p>\n<\/details>\n\n<details class=\"iwg-faq-item\">\n  <summary><strong>Odkia\u013e poch\u00e1dza meno Bael?<\/strong><\/summary>\n  <p>Meno Bael je pravopisn\u00fd variant z\u00e1padosemitsk\u00e9ho slova ba\u02bfal, ktor\u00e9 jednoducho znamen\u00e1 p\u00e1n alebo vlastn\u00edk. V z\u00e1padosemitskej oblasti nebol ba\u02bfal vlastn\u00fdm menom, ale titulom, ktor\u00fd patril r\u00f4znym miestnym bo\u017estv\u00e1m, napr\u00edklad ugaritsk\u00e9mu bohu po\u010dasia alebo ba\u02bfalovi z T\u00fdru. Za pravopisn\u00fdmi variantmi sa skr\u00fdva nieko\u013eko oddelen\u00fdch tradi\u010dn\u00fdch l\u00edni\u00ed. Patr\u00ed k nim starobyl\u00fd boh po\u010dasia, biblick\u00e1 polemika a novovek\u00fd knie\u017ea pekla.<\/p>\n<\/details>\n\n<details class=\"iwg-faq-item\">\n  <summary><strong>Ako je Bael popisovan\u00fd v prame\u0148och?<\/strong><\/summary>\n  <p>Pod\u013ea Ars Goetia sa Bael zjavuje s tromi hlavami, v jednom variante s hlavou ropuchy, hlavou \u010dloveka a hlavou ma\u010dky, nesen\u00fdmi na pav\u00fa\u010d\u00edch noh\u00e1ch. Okrem toho existuj\u00fa zobrazenia s dvomi zvierac\u00edmi hlavami namiesto troch. Text Lemegetonu hovor\u00ed o drsnom, chrap\u013eavom hlase. Texty mu prisudzuj\u00fa schopnos\u0165 udeli\u0165 vyvol\u00e1vate\u013eovi nevidite\u013enos\u0165. Dnes be\u017en\u00fa ikonografiu vytvoril Collin de Plancy v illustrovanom vydan\u00ed Dictionnaire infernal z roku 1863.<\/p>\n<\/details>\n\n<details class=\"iwg-faq-item\">\n  <summary><strong>Ak\u00e9 pramene sa zaoberaj\u00fa Baelom?<\/strong><\/summary>\n  <p>\u00dastredn\u00e9 texty s\u00fa Pseudomonarchia Daemonum od Johanna Weyera z roku 1577, Ars Goetia ako prv\u00e1 kniha Lemegetonu a Dictionnaire infernal od Collina de Plancy. Weyer prevzal star\u0161\u00ed zoznam a preusporiadal ho, jeho dielo v\u0161ak sledovalo osvietensk\u00fd cie\u013e, nie n\u00e1vod na vyvol\u00e1vanie. Prostredn\u00edctvom anglick\u00e9ho vydania Goetie z roku 1904, na ktorom sa podie\u013eali Samuel Liddell MacGregor Mathers a Aleister Crowley, sa t\u00e1to postava dostala k medzin\u00e1rodn\u00e9mu publiku.<\/p>\n<\/details>\n\t\t\t\t\t\t\t\t<\/div>\n\t\t\t\t<div class=\"elementor-element elementor-element-wv-bael-s elementor-widget elementor-widget-html\" data-id=\"wv-bael-s\" data-element_type=\"widget\" data-e-type=\"widget\" data-widget_type=\"html.default\">\n\t\t\t\t\t<script type=\"application\/ld+json\">{\"@context\": \"https:\/\/schema.org\", \"@type\": \"FAQPage\", \"mainEntity\": [{\"@type\": \"Question\", \"name\": \"Kto je Bael?\", \"acceptedAnswer\": {\"@type\": \"Answer\", \"text\": \"Bael je prv\u00fd zo sedemdesiatich dvoch duchov Ars Goetia, prvej knihy Lemegetonu. V demonickej hierarchii stoj\u00ed ako kr\u00e1\u013e na \u010dele zoznamu a vel\u00ed \u0161es\u0165desiatim \u0161iestim l\u00e9gi\u00e1m. Jeho meno odkazuje na semitsk\u00e9ho boha Baala, b\u00fdval\u00e9ho vrchn\u00e9ho boha syrsko-kana\u00e1nskej oblasti, ktor\u00fd bol kres\u0165anskou demonol\u00f3giou preraden\u00fd do registra padl\u00fdch duchov.\"}}, {\"@type\": \"Question\", \"name\": \"Odkia\u013e poch\u00e1dza meno Bael?\", \"acceptedAnswer\": {\"@type\": \"Answer\", \"text\": \"Meno Bael je pravopisn\u00fd variant z\u00e1padosemitsk\u00e9ho slova ba\u02bfal, ktor\u00e9 jednoducho znamen\u00e1 p\u00e1n alebo vlastn\u00edk. V z\u00e1padosemitskej oblasti nebol ba\u02bfal vlastn\u00fdm menom, ale titulom, ktor\u00fd patril r\u00f4znym miestnym bo\u017estv\u00e1m, napr\u00edklad ugaritsk\u00e9mu bohu po\u010dasia alebo ba\u02bfalovi z T\u00fdru. Za pravopisn\u00fdmi variantmi sa skr\u00fdva nieko\u013eko oddelen\u00fdch tradi\u010dn\u00fdch l\u00edni\u00ed: starobyl\u00fd boh po\u010dasia, biblick\u00e1 polemika a novovek\u00fd knie\u017ea pekla.\"}}, {\"@type\": \"Question\", \"name\": \"Ako je Bael popisovan\u00fd v prame\u0148och?\", \"acceptedAnswer\": {\"@type\": \"Answer\", \"text\": \"Pod\u013ea Ars Goetia sa Bael zjavuje s tromi hlavami, v jednom variante s hlavou ropuchy, hlavou \u010dloveka a hlavou ma\u010dky, nesen\u00fdmi na pav\u00fa\u010d\u00edch noh\u00e1ch. Okrem toho existuj\u00fa zobrazenia s dvomi zvierac\u00edmi hlavami namiesto troch, a text Lemegetonu hovor\u00ed o drsnom, chrap\u013eavom hlase. Texty mu prisudzuj\u00fa schopnos\u0165 udeli\u0165 vyvol\u00e1vate\u013eovi nevidite\u013enos\u0165. Dnes be\u017en\u00fa ikonografiu vytvoril Collin de Plancy v illustrovanom vydan\u00ed Dictionnaire infernal z roku 1863.\"}}, {\"@type\": \"Question\", \"name\": \"Ak\u00e9 pramene sa zaoberaj\u00fa Baelom?\", \"acceptedAnswer\": {\"@type\": \"Answer\", \"text\": \"\u00dastredn\u00e9 texty s\u00fa Pseudomonarchia Daemonum od Johanna Weyera z roku 1577, Ars Goetia ako prv\u00e1 kniha Lemegetonu a Dictionnaire infernal od Collina de Plancy. Weyer prevzal star\u0161\u00ed zoznam a preusporiadal ho, jeho dielo v\u0161ak sledovalo osvietensk\u00fd cie\u013e, nie n\u00e1vod na vyvol\u00e1vanie. Prostredn\u00edctvom anglick\u00e9ho vydania Goetie z roku 1904, na ktorom sa podie\u013eali Samuel Liddell MacGregor Mathers a Aleister Crowley, sa t\u00e1to postava dostala k medzin\u00e1rodn\u00e9mu publiku.\"}}]}<\/script>\t\t\t\t<\/div>\n\t\t\t\t\t<\/div>\n\t\t<\/div>\n\t\t\t\t\t<\/div>\n\t\t<\/section>\n\t\t\t\t<\/div>\n\t\t","protected":false},"excerpt":{"rendered":"","protected":false},"author":3,"featured_media":2427,"parent":0,"menu_order":0,"comment_status":"closed","ping_status":"closed","template":"elementor_header_footer","meta":{"_yoast_wpseo_focuskw":"Bael","_yoast_wpseo_title":"Bael, prv\u00fd kr\u00e1\u013e 72 duchov Goetie | iWell Guard","_yoast_wpseo_metadesc":"Bael v Goetii: f\u00e9nick\u00e9 pozadie, ikonografia troch hl\u00e1v, trad\u00edcia Lemegetonu a hist\u00f3ria recepcie.","_yoast_wpseo_meta-robots-noindex":"","_yoast_wpseo_canonical":"","_angie_page":false,"gefaehrdungsstufe":"4","wesen_kultur":"christentum","wesen_klasse":"daemonen","footnotes":""},"categories":[],"class_list":["post-157874","page","type-page","status-publish","has-post-thumbnail","hentry"],"yoast_head":"<!-- This site is optimized with the Yoast SEO Premium plugin v27.7 (Yoast SEO v28.3) - https:\/\/yoast.com\/product\/yoast-seo-premium-wordpress\/ -->\n<title>Bael, prv\u00fd kr\u00e1\u013e 72 duchov Goetie | iWell Guard<\/title>\n<meta name=\"description\" content=\"Bael v Goetii: f\u00e9nick\u00e9 pozadie, ikonografia troch hl\u00e1v, trad\u00edcia Lemegetonu a hist\u00f3ria recepcie.\" \/>\n<meta name=\"robots\" content=\"index, follow, max-snippet:-1, max-image-preview:large, max-video-preview:-1\" \/>\n<link rel=\"canonical\" href=\"https:\/\/iwell-guard.com\/sk\/bael\/\" \/>\n<meta property=\"og:locale\" content=\"sk_SK\" \/>\n<meta property=\"og:type\" content=\"article\" \/>\n<meta property=\"og:title\" content=\"Bael\" \/>\n<meta property=\"og:description\" content=\"Bael v Goetii: f\u00e9nick\u00e9 pozadie, ikonografia troch hl\u00e1v, trad\u00edcia Lemegetonu a hist\u00f3ria recepcie.\" \/>\n<meta property=\"og:url\" content=\"https:\/\/iwell-guard.com\/sk\/bael\/\" \/>\n<meta property=\"og:site_name\" content=\"iWell Guard\" \/>\n<meta property=\"article:modified_time\" content=\"2026-09-04T22:44:39+00:00\" \/>\n<meta property=\"og:image\" content=\"https:\/\/iwell-guard.com\/wp-content\/uploads\/2026\/05\/daemonen_christentum_bael.webp\" \/>\n\t<meta property=\"og:image:width\" content=\"1024\" \/>\n\t<meta property=\"og:image:height\" content=\"1536\" \/>\n\t<meta property=\"og:image:type\" content=\"image\/webp\" \/>\n<meta name=\"twitter:card\" content=\"summary_large_image\" \/>\n<script type=\"application\/ld+json\" class=\"yoast-schema-graph\">{\"@context\":\"https:\\\/\\\/schema.org\",\"@graph\":[{\"@type\":\"WebPage\",\"@id\":\"https:\\\/\\\/iwell-guard.com\\\/sk\\\/bael\\\/\",\"url\":\"https:\\\/\\\/iwell-guard.com\\\/sk\\\/bael\\\/\",\"name\":\"Bael, prv\u00fd kr\u00e1\u013e 72 duchov Goetie | iWell Guard\",\"isPartOf\":{\"@id\":\"https:\\\/\\\/iwell-guard.com\\\/sk\\\/#website\"},\"primaryImageOfPage\":{\"@id\":\"https:\\\/\\\/iwell-guard.com\\\/sk\\\/bael\\\/#primaryimage\"},\"image\":{\"@id\":\"https:\\\/\\\/iwell-guard.com\\\/sk\\\/bael\\\/#primaryimage\"},\"thumbnailUrl\":\"https:\\\/\\\/iwell-guard.com\\\/wp-content\\\/uploads\\\/2026\\\/05\\\/daemonen_christentum_bael.webp\",\"datePublished\":\"2026-09-04T22:18:46+00:00\",\"dateModified\":\"2026-09-04T22:44:39+00:00\",\"description\":\"Bael v Goetii: f\u00e9nick\u00e9 pozadie, ikonografia troch hl\u00e1v, trad\u00edcia Lemegetonu a hist\u00f3ria recepcie.\",\"breadcrumb\":{\"@id\":\"https:\\\/\\\/iwell-guard.com\\\/sk\\\/bael\\\/#breadcrumb\"},\"inLanguage\":\"sk-SK\",\"potentialAction\":[{\"@type\":\"ReadAction\",\"target\":[\"https:\\\/\\\/iwell-guard.com\\\/sk\\\/bael\\\/\"]}]},{\"@type\":\"ImageObject\",\"inLanguage\":\"sk-SK\",\"@id\":\"https:\\\/\\\/iwell-guard.com\\\/sk\\\/bael\\\/#primaryimage\",\"url\":\"https:\\\/\\\/iwell-guard.com\\\/wp-content\\\/uploads\\\/2026\\\/05\\\/daemonen_christentum_bael.webp\",\"contentUrl\":\"https:\\\/\\\/iwell-guard.com\\\/wp-content\\\/uploads\\\/2026\\\/05\\\/daemonen_christentum_bael.webp\",\"width\":1024,\"height\":1536,\"caption\":\"Bael, d\u00e9mon kres\u0165ansko-okultistickej trad\u00edcie Goetia\"},{\"@type\":\"BreadcrumbList\",\"@id\":\"https:\\\/\\\/iwell-guard.com\\\/sk\\\/bael\\\/#breadcrumb\",\"itemListElement\":[{\"@type\":\"ListItem\",\"position\":1,\"name\":\"Start\",\"item\":\"https:\\\/\\\/iwell-guard.com\\\/sk\\\/?page_id=157572\"},{\"@type\":\"ListItem\",\"position\":2,\"name\":\"Bael\"}]},{\"@type\":\"WebSite\",\"@id\":\"https:\\\/\\\/iwell-guard.com\\\/sk\\\/#website\",\"url\":\"https:\\\/\\\/iwell-guard.com\\\/sk\\\/\",\"name\":\"iWell Guard\",\"description\":\"Schutz vor dunklen Einfl\u00fcssen\",\"publisher\":{\"@id\":\"https:\\\/\\\/iwell-guard.com\\\/sk\\\/#organization\"},\"potentialAction\":[{\"@type\":\"SearchAction\",\"target\":{\"@type\":\"EntryPoint\",\"urlTemplate\":\"https:\\\/\\\/iwell-guard.com\\\/sk\\\/?s={search_term_string}\"},\"query-input\":{\"@type\":\"PropertyValueSpecification\",\"valueRequired\":true,\"valueName\":\"search_term_string\"}}],\"inLanguage\":\"sk-SK\"},{\"@type\":\"Organization\",\"@id\":\"https:\\\/\\\/iwell-guard.com\\\/sk\\\/#organization\",\"name\":\"Ittermann electronic GmbH\",\"url\":\"https:\\\/\\\/iwell-guard.com\\\/sk\\\/\",\"logo\":{\"@type\":\"ImageObject\",\"inLanguage\":\"sk-SK\",\"@id\":\"https:\\\/\\\/iwell-guard.com\\\/sk\\\/#\\\/schema\\\/logo\\\/image\\\/\",\"url\":\"https:\\\/\\\/iwell-guard.com\\\/wp-content\\\/uploads\\\/2026\\\/05\\\/Ittermann-Logo-1182x237-1.png\",\"contentUrl\":\"https:\\\/\\\/iwell-guard.com\\\/wp-content\\\/uploads\\\/2026\\\/05\\\/Ittermann-Logo-1182x237-1.png\",\"width\":1182,\"height\":237,\"caption\":\"Ittermann electronic GmbH\"},\"image\":{\"@id\":\"https:\\\/\\\/iwell-guard.com\\\/sk\\\/#\\\/schema\\\/logo\\\/image\\\/\"},\"sameAs\":[\"https:\\\/\\\/pantip.com\\\/profile\\\/9367242\",\"https:\\\/\\\/micro.blog\\\/iwellguard\",\"https:\\\/\\\/www.diggerslist.com\\\/iwellguard\\\/about\",\"https:\\\/\\\/skitterphoto.com\\\/photographers\\\/2870314\\\/iwell-guard\",\"https:\\\/\\\/iwellguard.wordpress.com\\\/2026\\\/06\\\/06\\\/iwell-guard\\\/\",\"https:\\\/\\\/hub.docker.com\\\/u\\\/iwellguard\",\"https:\\\/\\\/www.pinterest.com\\\/iwellguard\\\/\",\"https:\\\/\\\/bit.ly\\\/m\\\/iwellguard\",\"https:\\\/\\\/entre-vos-mains.alsace.eu\\\/profiles\\\/iwellguard\\\/activity\",\"https:\\\/\\\/gravatar.com\\\/reallybeded8fd34\",\"https:\\\/\\\/naijamatta.com\\\/iwellguard\",\"https:\\\/\\\/www.goodreads.com\\\/iwellguard\",\"https:\\\/\\\/profile.hatena.ne.jp\\\/iwellguard\\\/\",\"https:\\\/\\\/experiment.com\\\/users\\\/iwellguard\",\"https:\\\/\\\/wakelet.com\\\/@iWellGuard82270\",\"https:\\\/\\\/www.chordie.com\\\/forum\\\/profile.php?id=2555664\",\"https:\\\/\\\/www.instapaper.com\\\/p\\\/17757966\",\"https:\\\/\\\/www.mapleprimes.com\\\/users\\\/iwellguard\",\"https:\\\/\\\/businesslistingplus.com\\\/profile\\\/iwell-guard\\\/\",\"https:\\\/\\\/telegra.ph\\\/iWell-Guard-06-06\",\"https:\\\/\\\/pbase.com\\\/iwellguard\\\/iwellguard\",\"https:\\\/\\\/b.hatena.ne.jp\\\/iwellguard\\\/20260607#bookmark-4788405196491818882\",\"https:\\\/\\\/fliphtml5.com\\\/home\\\/iwellguard\",\"https:\\\/\\\/anyflip.com\\\/homepage\\\/cmiwl#About\",\"https:\\\/\\\/transfur.com\\\/Users\\\/iwellguard\",\"http:\\\/\\\/delphi.larsbo.org\\\/user\\\/iwellguard\",\"https:\\\/\\\/jobs.lajobsportal.org\\\/profiles\\\/8380803-iwell-guard\",\"https:\\\/\\\/md.chaosdorf.de\\\/s\\\/jfbe5SBdJD\",\"https:\\\/\\\/www.lingvolive.com\\\/en-us\\\/profile\\\/9ecaeaca-ce11-4e51-9e71-01d55e2bff36\\\/translations\",\"https:\\\/\\\/www.fitday.com\\\/fitness\\\/forums\\\/members\\\/iwellguard.html\",\"https:\\\/\\\/www.mymeetbook.com\\\/iwellguard\",\"https:\\\/\\\/pxhere.com\\\/en\\\/photographer-me\\\/5040798\",\"https:\\\/\\\/disqus.com\\\/by\\\/iwellguard\\\/about\\\/\",\"https:\\\/\\\/pastelink.net\\\/hjwciqwq\",\"https:\\\/\\\/pubhtml5.com\\\/homepage\\\/scjhn\\\/\",\"https:\\\/\\\/www.bitchute.com\\\/channel\\\/2O2eOKzNqujT\",\"https:\\\/\\\/audiomack.com\\\/iwellguard\"]},{\"@type\":\"Article\",\"@id\":\"https:\\\/\\\/iwell-guard.com\\\/sk\\\/bael\\\/#article\",\"isPartOf\":{\"@id\":\"https:\\\/\\\/iwell-guard.com\\\/sk\\\/bael\\\/\"},\"author\":{\"name\":\"Ralf Ittermann\",\"@id\":\"https:\\\/\\\/iwell-guard.com\\\/sk\\\/#\\\/schema\\\/person\\\/ee2a27f1cac3406c7c6fb5820cb7349f\"},\"headline\":\"Bael\",\"datePublished\":\"2026-09-04T22:18:46+00:00\",\"dateModified\":\"2026-09-04T22:44:39+00:00\",\"mainEntityOfPage\":{\"@id\":\"https:\\\/\\\/iwell-guard.com\\\/sk\\\/bael\\\/\"},\"publisher\":{\"@id\":\"https:\\\/\\\/iwell-guard.com\\\/sk\\\/#organization\"},\"image\":{\"@id\":\"https:\\\/\\\/iwell-guard.com\\\/sk\\\/bael\\\/#primaryimage\"},\"thumbnailUrl\":\"https:\\\/\\\/iwell-guard.com\\\/wp-content\\\/uploads\\\/2026\\\/05\\\/daemonen_christentum_bael.webp\",\"inLanguage\":\"sk-SK\",\"description\":\"Bael v Goetii: f\u00e9nick\u00e9 pozadie, ikonografia troch hl\u00e1v, trad\u00edcia Lemegetonu a hist\u00f3ria recepcie.\"}]}<\/script>\n<!-- \/ Yoast SEO Premium plugin. -->","yoast_head_json":{"title":"Bael, prv\u00fd kr\u00e1\u013e 72 duchov Goetie | iWell Guard","description":"Bael v Goetii: f\u00e9nick\u00e9 pozadie, ikonografia troch hl\u00e1v, trad\u00edcia Lemegetonu a hist\u00f3ria recepcie.","robots":{"index":"index","follow":"follow","max-snippet":"max-snippet:-1","max-image-preview":"max-image-preview:large","max-video-preview":"max-video-preview:-1"},"canonical":"https:\/\/iwell-guard.com\/sk\/bael\/","og_locale":"sk_SK","og_type":"article","og_title":"Bael","og_description":"Bael v Goetii: f\u00e9nick\u00e9 pozadie, ikonografia troch hl\u00e1v, trad\u00edcia Lemegetonu a hist\u00f3ria recepcie.","og_url":"https:\/\/iwell-guard.com\/sk\/bael\/","og_site_name":"iWell Guard","article_modified_time":"2026-09-04T22:44:39+00:00","og_image":[{"width":1024,"height":1536,"url":"https:\/\/iwell-guard.com\/wp-content\/uploads\/2026\/05\/daemonen_christentum_bael.webp","type":"image\/webp"}],"twitter_card":"summary_large_image","schema":{"@context":"https:\/\/schema.org","@graph":[{"@type":"Article","@id":"https:\/\/iwell-guard.com\/sk\/bael\/#article","isPartOf":{"@id":"https:\/\/iwell-guard.com\/sk\/bael\/"},"author":{"name":"Ralf Ittermann","@id":"https:\/\/iwell-guard.com\/sk\/#\/schema\/person\/ee2a27f1cac3406c7c6fb5820cb7349f"},"headline":"Bael","datePublished":"2026-09-04T22:18:46+00:00","dateModified":"2026-09-04T22:44:39+00:00","mainEntityOfPage":{"@id":"https:\/\/iwell-guard.com\/sk\/bael\/"},"publisher":{"@id":"https:\/\/iwell-guard.com\/sk\/#organization"},"image":{"@id":"https:\/\/iwell-guard.com\/sk\/bael\/#primaryimage"},"thumbnailUrl":"https:\/\/iwell-guard.com\/wp-content\/uploads\/2026\/05\/daemonen_christentum_bael.webp","inLanguage":"sk-SK","description":"Bael v Goetii: f\u00e9nick\u00e9 pozadie, ikonografia troch hl\u00e1v, trad\u00edcia Lemegetonu a hist\u00f3ria recepcie."},{"@type":"WebPage","@id":"https:\/\/iwell-guard.com\/sk\/bael\/","url":"https:\/\/iwell-guard.com\/sk\/bael\/","name":"Bael, prv\u00fd kr\u00e1\u013e 72 duchov Goetie | iWell Guard","isPartOf":{"@id":"https:\/\/iwell-guard.com\/sk\/#website"},"primaryImageOfPage":{"@id":"https:\/\/iwell-guard.com\/sk\/bael\/#primaryimage"},"image":{"@id":"https:\/\/iwell-guard.com\/sk\/bael\/#primaryimage"},"thumbnailUrl":"https:\/\/iwell-guard.com\/wp-content\/uploads\/2026\/05\/daemonen_christentum_bael.webp","datePublished":"2026-09-04T22:18:46+00:00","dateModified":"2026-09-04T22:44:39+00:00","description":"Bael v Goetii: f\u00e9nick\u00e9 pozadie, ikonografia troch hl\u00e1v, trad\u00edcia Lemegetonu a hist\u00f3ria recepcie.","breadcrumb":{"@id":"https:\/\/iwell-guard.com\/sk\/bael\/#breadcrumb"},"inLanguage":"sk-SK","potentialAction":[{"@type":"ReadAction","target":["https:\/\/iwell-guard.com\/sk\/bael\/"]}]},{"@type":"ImageObject","inLanguage":"sk-SK","@id":"https:\/\/iwell-guard.com\/sk\/bael\/#primaryimage","url":"https:\/\/iwell-guard.com\/wp-content\/uploads\/2026\/05\/daemonen_christentum_bael.webp","contentUrl":"https:\/\/iwell-guard.com\/wp-content\/uploads\/2026\/05\/daemonen_christentum_bael.webp","width":1024,"height":1536,"caption":"Bael, d\u00e9mon kres\u0165ansko-okultistickej trad\u00edcie Goetia"},{"@type":"BreadcrumbList","@id":"https:\/\/iwell-guard.com\/sk\/bael\/#breadcrumb","itemListElement":[{"@type":"ListItem","position":1,"name":"Start","item":"https:\/\/iwell-guard.com\/sk\/?page_id=157572"},{"@type":"ListItem","position":2,"name":"Bael"}]},{"@type":"WebSite","@id":"https:\/\/iwell-guard.com\/sk\/#website","url":"https:\/\/iwell-guard.com\/sk\/","name":"iWell Guard","description":"Schutz vor dunklen Einfl\u00fcssen","publisher":{"@id":"https:\/\/iwell-guard.com\/sk\/#organization"},"potentialAction":[{"@type":"SearchAction","target":{"@type":"EntryPoint","urlTemplate":"https:\/\/iwell-guard.com\/sk\/?s={search_term_string}"},"query-input":{"@type":"PropertyValueSpecification","valueRequired":true,"valueName":"search_term_string"}}],"inLanguage":"sk-SK"},{"@type":"Organization","@id":"https:\/\/iwell-guard.com\/sk\/#organization","name":"Ittermann electronic GmbH","url":"https:\/\/iwell-guard.com\/sk\/","logo":{"@type":"ImageObject","inLanguage":"sk-SK","@id":"https:\/\/iwell-guard.com\/sk\/#\/schema\/logo\/image\/","url":"https:\/\/iwell-guard.com\/wp-content\/uploads\/2026\/05\/Ittermann-Logo-1182x237-1.png","contentUrl":"https:\/\/iwell-guard.com\/wp-content\/uploads\/2026\/05\/Ittermann-Logo-1182x237-1.png","width":1182,"height":237,"caption":"Ittermann electronic GmbH"},"image":{"@id":"https:\/\/iwell-guard.com\/sk\/#\/schema\/logo\/image\/"},"sameAs":["https:\/\/pantip.com\/profile\/9367242","https:\/\/micro.blog\/iwellguard","https:\/\/www.diggerslist.com\/iwellguard\/about","https:\/\/skitterphoto.com\/photographers\/2870314\/iwell-guard","https:\/\/iwellguard.wordpress.com\/2026\/06\/06\/iwell-guard\/","https:\/\/hub.docker.com\/u\/iwellguard","https:\/\/www.pinterest.com\/iwellguard\/","https:\/\/bit.ly\/m\/iwellguard","https:\/\/entre-vos-mains.alsace.eu\/profiles\/iwellguard\/activity","https:\/\/gravatar.com\/reallybeded8fd34","https:\/\/naijamatta.com\/iwellguard","https:\/\/www.goodreads.com\/iwellguard","https:\/\/profile.hatena.ne.jp\/iwellguard\/","https:\/\/experiment.com\/users\/iwellguard","https:\/\/wakelet.com\/@iWellGuard82270","https:\/\/www.chordie.com\/forum\/profile.php?id=2555664","https:\/\/www.instapaper.com\/p\/17757966","https:\/\/www.mapleprimes.com\/users\/iwellguard","https:\/\/businesslistingplus.com\/profile\/iwell-guard\/","https:\/\/telegra.ph\/iWell-Guard-06-06","https:\/\/pbase.com\/iwellguard\/iwellguard","https:\/\/b.hatena.ne.jp\/iwellguard\/20260607#bookmark-4788405196491818882","https:\/\/fliphtml5.com\/home\/iwellguard","https:\/\/anyflip.com\/homepage\/cmiwl#About","https:\/\/transfur.com\/Users\/iwellguard","http:\/\/delphi.larsbo.org\/user\/iwellguard","https:\/\/jobs.lajobsportal.org\/profiles\/8380803-iwell-guard","https:\/\/md.chaosdorf.de\/s\/jfbe5SBdJD","https:\/\/www.lingvolive.com\/en-us\/profile\/9ecaeaca-ce11-4e51-9e71-01d55e2bff36\/translations","https:\/\/www.fitday.com\/fitness\/forums\/members\/iwellguard.html","https:\/\/www.mymeetbook.com\/iwellguard","https:\/\/pxhere.com\/en\/photographer-me\/5040798","https:\/\/disqus.com\/by\/iwellguard\/about\/","https:\/\/pastelink.net\/hjwciqwq","https:\/\/pubhtml5.com\/homepage\/scjhn\/","https:\/\/www.bitchute.com\/channel\/2O2eOKzNqujT","https:\/\/audiomack.com\/iwellguard"]},{"@type":"Person","@id":"https:\/\/iwell-guard.com\/sk\/#\/schema\/person\/ee2a27f1cac3406c7c6fb5820cb7349f","name":"Ralf Ittermann","image":{"@type":"ImageObject","inLanguage":"sk-SK","@id":"https:\/\/secure.gravatar.com\/avatar\/073c0153e350a5005b68eb752b445fea71f6b24a26da9449ad7e155e6b446c9d?s=96&d=mm&r=g","url":"https:\/\/secure.gravatar.com\/avatar\/073c0153e350a5005b68eb752b445fea71f6b24a26da9449ad7e155e6b446c9d?s=96&d=mm&r=g","contentUrl":"https:\/\/secure.gravatar.com\/avatar\/073c0153e350a5005b68eb752b445fea71f6b24a26da9449ad7e155e6b446c9d?s=96&d=mm&r=g","caption":"Ralf Ittermann"},"givenName":"Ralf","familyName":"Ittermann","jobTitle":"Gesch\u00e4ftsf\u00fchrer und redaktioneller Verantwortlicher","url":"https:\/\/iwell-guard.com\/sk\/author\/claude\/","description":"Ralf Ittermann ist Gesch\u00e4ftsf\u00fchrer der Ittermann electronic GmbH und redaktioneller Verantwortlicher des iWell-Guard-Lexikons. Er verbindet langj\u00e4hrige Erfahrung in der Pr\u00e4zisionsfertigung mit medialer Praxis und religionsgeschichtlicher Quellenarbeit.","worksFor":{"@type":"Organization","name":"Ittermann electronic GmbH","url":"https:\/\/ittermann.de\/","address":{"@type":"PostalAddress","streetAddress":"K\u00f6hlergasse 16-18","postalCode":"99842","addressLocality":"Ruhla","addressCountry":"DE"}},"knowsAbout":["Religionsgeschichte","Mythologie","Mediale Praxis","Energetische Diagnostik","Schutzpraxis","Volksglauben","Westliche Esoterik"]},{"@type":"Article","@id":"https:\/\/iwell-guard.com\/sk\/bael\/#article","isPartOf":{"@id":"https:\/\/iwell-guard.com\/sk\/bael\/"},"author":{"name":"Ralf Ittermann","@id":"https:\/\/iwell-guard.com\/sk\/#\/schema\/person\/ee2a27f1cac3406c7c6fb5820cb7349f"},"headline":"Bael","datePublished":"2026-09-04T22:18:46+00:00","dateModified":"2026-09-04T22:44:39+00:00","mainEntityOfPage":{"@id":"https:\/\/iwell-guard.com\/sk\/bael\/"},"publisher":{"@id":"https:\/\/iwell-guard.com\/sk\/#organization"},"image":{"@id":"https:\/\/iwell-guard.com\/sk\/bael\/#primaryimage"},"thumbnailUrl":"https:\/\/iwell-guard.com\/wp-content\/uploads\/2026\/05\/daemonen_christentum_bael.webp","inLanguage":"sk-SK","description":"Bael v Goetii: f\u00e9nick\u00e9 pozadie, ikonografia troch hl\u00e1v, trad\u00edcia Lemegetonu a hist\u00f3ria recepcie."}]}},"_links":{"self":[{"href":"https:\/\/iwell-guard.com\/sk\/wp-json\/wp\/v2\/pages\/157874","targetHints":{"allow":["GET"]}}],"collection":[{"href":"https:\/\/iwell-guard.com\/sk\/wp-json\/wp\/v2\/pages"}],"about":[{"href":"https:\/\/iwell-guard.com\/sk\/wp-json\/wp\/v2\/types\/page"}],"author":[{"embeddable":true,"href":"https:\/\/iwell-guard.com\/sk\/wp-json\/wp\/v2\/users\/3"}],"replies":[{"embeddable":true,"href":"https:\/\/iwell-guard.com\/sk\/wp-json\/wp\/v2\/comments?post=157874"}],"version-history":[{"count":0,"href":"https:\/\/iwell-guard.com\/sk\/wp-json\/wp\/v2\/pages\/157874\/revisions"}],"wp:featuredmedia":[{"embeddable":true,"href":"https:\/\/iwell-guard.com\/sk\/wp-json\/wp\/v2\/media\/2427"}],"wp:attachment":[{"href":"https:\/\/iwell-guard.com\/sk\/wp-json\/wp\/v2\/media?parent=157874"}],"wp:term":[{"taxonomy":"category","embeddable":true,"href":"https:\/\/iwell-guard.com\/sk\/wp-json\/wp\/v2\/categories?post=157874"}],"curies":[{"name":"wp","href":"https:\/\/api.w.org\/{rel}","templated":true}]}}