{"id":157825,"date":"2026-09-04T22:18:04","date_gmt":"2026-09-04T22:18:04","guid":{"rendered":"https:\/\/iwell-guard.com\/?page_id=157825"},"modified":"2026-09-04T22:43:23","modified_gmt":"2026-09-04T22:43:23","slug":"manannan-mac-lir","status":"publish","type":"page","link":"https:\/\/iwell-guard.com\/sk\/manannan-mac-lir\/","title":{"rendered":"Manannan mac Lir"},"content":{"rendered":"\t\t<div data-elementor-type=\"wp-page\" data-elementor-id=\"157825\" class=\"elementor elementor-157825 elementor-2127 elementor-bc-flex-widget\" data-elementor-post-type=\"page\">\n\t\t\t\t<div class=\"elementor-element elementor-element-10fdade e-flex e-con-boxed e-con e-parent\" data-id=\"10fdade\" data-element_type=\"container\" data-e-type=\"container\" data-settings=\"{&quot;background_background&quot;:&quot;classic&quot;}\">\n\t\t\t\t\t<div class=\"e-con-inner\">\n\t\t<div class=\"elementor-element elementor-element-herohlft0 e-flex e-con-boxed e-con e-child\" data-id=\"herohlft0\" data-element_type=\"container\" data-e-type=\"container\">\n\t\t\t\t\t<div class=\"e-con-inner\">\n\t\t<div class=\"elementor-element elementor-element-c3ceb64 e-con-full e-flex e-con e-child\" data-id=\"c3ceb64\" data-element_type=\"container\" data-e-type=\"container\">\n\t\t\t\t<div class=\"elementor-element elementor-element-96ae5e1 elementor-widget elementor-widget-heading\" data-id=\"96ae5e1\" data-element_type=\"widget\" data-e-type=\"widget\" data-widget_type=\"heading.default\">\n\t\t\t\t\t<h1 class=\"elementor-heading-title elementor-size-default\">Manannan Mac Lir, boh keltskej trad\u00edcie<\/h1>\t\t\t\t<\/div>\n\t\t\t\t<div class=\"elementor-element elementor-element-e45238a elementor-widget elementor-widget-text-editor\" data-id=\"e45238a\" data-element_type=\"widget\" data-e-type=\"widget\" data-widget_type=\"text-editor.default\">\n\t\t\t\t\t\t\t\t\t<p>Manannan mac Lir je boh keltskej trad\u00edcie, p\u00e1n mora a Druh\u00e9ho svetu (T\u00edr na n\u00d3g), ochrann\u00fd boh prechodov a duchovn\u00fdch sf\u00e9r. Z religionistick\u00e9ho h\u013eadiska predstavuje indoeur\u00f3psky typ hrani\u010dn\u00e9ho a vodn\u00e9ho boha a je z\u00e1sadn\u00fd pre ostrovno-keltsk\u00fa koncepciu \u201edruhostrann\u00fdch&#8220; svetov.<\/p>\t\t\t\t\t\t\t\t<\/div>\n\t\t\t\t<\/div>\n\t\t<div class=\"elementor-element elementor-element-klsbdg01 e-con-full e-flex e-con e-parent\" data-id=\"klsbdg01\" data-element_type=\"container\" data-e-type=\"container\">\n\t\t\t\t<div class=\"elementor-element elementor-element-klshtm01 elementor-widget elementor-widget-html\" data-id=\"klshtm01\" data-element_type=\"widget\" data-e-type=\"widget\" data-widget_type=\"html.default\">\n\t\t\t\t\t<div class=\"iwg-pill-row\"><span class=\"iwg-klasse-badge\" tabindex=\"0\" data-tooltip=\"Boh \/ bohy\u0148a: Personifikovan\u00e1 najvy\u0161\u0161ia moc v pante\u00f3ne kult\u00fary, s jasn\u00fdmi kompetenciami, pr\u00edrodn\u00fdmi silami, osudom, vojnou, plodnos\u0165ou. Uctievan\u00fd kultmi, obe\u0165ami a chr\u00e1mov\u00fdmi in\u0161tit\u00faciami.\">Boh<\/span><a href=\"https:\/\/iwell-guard.com\/sk\/?page_id=157607\" class=\"iwg-kultur-badge\" tabindex=\"0\" data-tooltip=\"Keltsk\u00e9 n\u00e1bo\u017eenstvo z\u00e1padnej Eur\u00f3py a Britsk\u00fdch ostrovov, mytologicky dokumentovan\u00e9 \u00edrsko-walesk\u00fdmi textami.\">Keltsk\u00e1<\/a><\/div>\t\t\t\t<\/div>\n\t\t\t\t<\/div>\n\t\t<div class=\"elementor-element elementor-element-3f74855 e-con-full e-flex e-con e-child\" data-id=\"3f74855\" data-element_type=\"container\" data-e-type=\"container\">\n\t\t\t\t<div class=\"elementor-element elementor-element-1c30362 elementor-toc--minimized-on-tablet elementor-widget elementor-widget-table-of-contents\" data-id=\"1c30362\" data-element_type=\"widget\" data-e-type=\"widget\" data-settings=\"{&quot;exclude_headings_by_selector&quot;:[],&quot;no_headings_message&quot;:&quot;Na tejto str\\u00e1nke sa nena\\u0161li \\u017eiadne nadpisy.&quot;,&quot;headings_by_tags&quot;:[&quot;h2&quot;,&quot;h3&quot;],&quot;marker_view&quot;:&quot;bullets&quot;,&quot;minimize_box&quot;:&quot;yes&quot;,&quot;icon&quot;:{&quot;value&quot;:&quot;fas fa-circle&quot;,&quot;library&quot;:&quot;fa-solid&quot;,&quot;rendered_tag&quot;:&quot;&lt;svg class=\\&quot;e-font-icon-svg e-fas-circle\\&quot; viewBox=\\&quot;0 0 512 512\\&quot; xmlns=\\&quot;http:\\\/\\\/www.w3.org\\\/2000\\\/svg\\&quot;&gt;&lt;path d=\\&quot;M256 8C119 8 8 119 8 256s111 248 248 248 248-111 248-248S393 8 256 8z\\&quot;&gt;&lt;\\\/path&gt;&lt;\\\/svg&gt;&quot;},&quot;minimized_on&quot;:&quot;tablet&quot;,&quot;hierarchical_view&quot;:&quot;yes&quot;,&quot;min_height&quot;:{&quot;unit&quot;:&quot;px&quot;,&quot;size&quot;:&quot;&quot;,&quot;sizes&quot;:[]},&quot;min_height_tablet&quot;:{&quot;unit&quot;:&quot;px&quot;,&quot;size&quot;:&quot;&quot;,&quot;sizes&quot;:[]},&quot;min_height_mobile&quot;:{&quot;unit&quot;:&quot;px&quot;,&quot;size&quot;:&quot;&quot;,&quot;sizes&quot;:[]}}\" data-widget_type=\"table-of-contents.default\">\n\t\t\t\t\t\t\t\t\t<div class=\"elementor-toc__header\">\n\t\t\t\t\t\t<h2 class=\"elementor-toc__header-title\">\n\t\t\t\tObsah\t\t\t<\/h2>\n\t\t\t\t\t\t\t\t\t\t<div class=\"elementor-toc__toggle-button elementor-toc__toggle-button--expand\" role=\"button\" tabindex=\"0\" aria-controls=\"elementor-toc__1c30362\" aria-expanded=\"true\" aria-label=\"Open table of contents\"><svg aria-hidden=\"true\" class=\"e-font-icon-svg e-fas-chevron-down\" viewBox=\"0 0 448 512\" xmlns=\"http:\/\/www.w3.org\/2000\/svg\"><path d=\"M207.029 381.476L12.686 187.132c-9.373-9.373-9.373-24.569 0-33.941l22.667-22.667c9.357-9.357 24.522-9.375 33.901-.04L224 284.505l154.745-154.021c9.379-9.335 24.544-9.317 33.901.04l22.667 22.667c9.373 9.373 9.373 24.569 0 33.941L240.971 381.476c-9.373 9.372-24.569 9.372-33.942 0z\"><\/path><\/svg><\/div>\n\t\t\t\t<div class=\"elementor-toc__toggle-button elementor-toc__toggle-button--collapse\" role=\"button\" tabindex=\"0\" aria-controls=\"elementor-toc__1c30362\" aria-expanded=\"true\" aria-label=\"Close table of contents\"><svg aria-hidden=\"true\" class=\"e-font-icon-svg e-fas-chevron-up\" viewBox=\"0 0 448 512\" xmlns=\"http:\/\/www.w3.org\/2000\/svg\"><path d=\"M240.971 130.524l194.343 194.343c9.373 9.373 9.373 24.569 0 33.941l-22.667 22.667c-9.357 9.357-24.522 9.375-33.901.04L224 227.495 69.255 381.516c-9.379 9.335-24.544 9.317-33.901-.04l-22.667-22.667c-9.373-9.373-9.373-24.569 0-33.941L207.03 130.525c9.372-9.373 24.568-9.373 33.941-.001z\"><\/path><\/svg><\/div>\n\t\t\t\t\t<\/div>\n\t\t\t\t<div id=\"elementor-toc__1c30362\" class=\"elementor-toc__body\">\n\t\t\t<div class=\"elementor-toc__spinner-container\">\n\t\t\t\t<svg class=\"elementor-toc__spinner eicon-animation-spin e-font-icon-svg e-eicon-loading\" aria-hidden=\"true\" viewBox=\"0 0 1000 1000\" xmlns=\"http:\/\/www.w3.org\/2000\/svg\"><path d=\"M500 975V858C696 858 858 696 858 500S696 142 500 142 142 304 142 500H25C25 237 238 25 500 25S975 237 975 500 763 975 500 975Z\"><\/path><\/svg>\t\t\t<\/div>\n\t\t<\/div>\n\t\t\t\t\t\t<\/div>\n\t\t\t\t<\/div>\n\t\t\t\t\t<\/div>\n\t\t\t\t<\/div>\n\t\t<div class=\"elementor-element elementor-element-herorght0 e-con-full e-flex e-con e-child\" data-id=\"herorght0\" data-element_type=\"container\" data-e-type=\"container\">\n\t\t\t\t<div class=\"elementor-element elementor-element-heroimg00 iwg-hero-image elementor-widget elementor-widget-image\" data-id=\"heroimg00\" data-element_type=\"widget\" data-e-type=\"widget\" data-widget_type=\"image.default\">\n\t\t\t\t\t\t\t\t\t\t\t\t\t\t\t<img fetchpriority=\"high\" decoding=\"async\" width=\"683\" height=\"1024\" src=\"https:\/\/iwell-guard.com\/wp-content\/uploads\/2026\/04\/goetter_keltisch_manannan-mac-lir-683x1024.webp\" class=\"attachment-large size-large wp-image-160076\" alt=\"Manann\u00e1n Mac Lir \u2013 bohovia z keltskej trad\u00edcie, historicko-ilustra\u010dn\u00e9 zobrazenie\" srcset=\"https:\/\/iwell-guard.com\/wp-content\/uploads\/2026\/04\/goetter_keltisch_manannan-mac-lir-683x1024.webp 683w, https:\/\/iwell-guard.com\/wp-content\/uploads\/2026\/04\/goetter_keltisch_manannan-mac-lir-200x300.webp 200w, https:\/\/iwell-guard.com\/wp-content\/uploads\/2026\/04\/goetter_keltisch_manannan-mac-lir-768x1152.webp 768w, https:\/\/iwell-guard.com\/wp-content\/uploads\/2026\/04\/goetter_keltisch_manannan-mac-lir.webp 1024w\" sizes=\"(max-width: 683px) 100vw, 683px\" \/>\t\t\t\t\t\t\t\t\t\t\t\t\t\t\t<\/div>\n\t\t\t\t<\/div>\n\t\t\t\t\t<\/div>\n\t\t\t\t<\/div>\n\t\t<div class=\"elementor-element elementor-element-32917199 e-flex e-con-boxed e-con e-parent\" data-id=\"32917199\" data-element_type=\"container\" data-e-type=\"container\">\n\t\t\t\t\t<div class=\"e-con-inner\">\n\t\t<div class=\"elementor-element elementor-element-26e916cb e-flex e-con-boxed e-con e-child\" data-id=\"26e916cb\" data-element_type=\"container\" data-e-type=\"container\">\n\t\t\t\t\t<div class=\"e-con-inner\">\n\t\t<div class=\"elementor-element elementor-element-253a40d4 e-flex e-con-boxed e-con e-child\" data-id=\"253a40d4\" data-element_type=\"container\" data-e-type=\"container\">\n\t\t\t\t\t<div class=\"e-con-inner\">\n\t\t\t\t<div class=\"elementor-element elementor-element-1200c304 elementor-widget elementor-widget-heading\" data-id=\"1200c304\" data-element_type=\"widget\" data-e-type=\"widget\" data-widget_type=\"heading.default\">\n\t\t\t\t\t<h3 class=\"elementor-heading-title elementor-size-default\">Manannan Mac Lir<\/h3>\t\t\t\t<\/div>\n\t\t\t\t<div class=\"elementor-element elementor-element-11758e7f elementor-widget elementor-widget-text-editor\" data-id=\"11758e7f\" data-element_type=\"widget\" data-e-type=\"widget\" data-widget_type=\"text-editor.default\">\n\t\t\t\t\t\t\t\t\t<p>Manannan je zobrazovan\u00fd ako nadprirodzen\u00fd morsk\u00fd kr\u00e1\u013e a plavec, ktor\u00fd sa pohybuje medzi svetom \u013eud\u00ed a Druh\u00fdm svetom (T\u00edr na n\u00d3g, Mag Mell). Vlastn\u00ed ko\u0148a, ktor\u00fd sp\u00f4sobuje nevidite\u013enos\u0165 (Enbarr), a samohybn\u00fa lo\u010f (Scuabtuinne).<\/p><p>V \u00edrskych povestiach vystupuje ako vodca du\u0161\u00ed a ochranca cestovate\u013eov. Pod\u013ea legiend zah\u00e1\u0148a d\u00e9monov a udr\u017euje d\u00e9monick\u00e9 bytosti na uzde. V niektor\u00fdch textoch je u\u010dite\u013eom alebo pest\u00fanom hrdinov, ako je C\u00fa Chulainn.<\/p>\t\t\t\t\t\t\t\t<\/div>\n\t\t\t\t\t<\/div>\n\t\t\t\t<\/div>\n\t\t<div class=\"elementor-element elementor-element-159dcf9a e-flex e-con-boxed e-con e-child\" data-id=\"159dcf9a\" data-element_type=\"container\" data-e-type=\"container\">\n\t\t\t\t\t<div class=\"e-con-inner\">\n\t\t\t\t<div class=\"elementor-element elementor-element-48cee66f elementor-widget elementor-widget-heading\" data-id=\"48cee66f\" data-element_type=\"widget\" data-e-type=\"widget\" data-widget_type=\"heading.default\">\n\t\t\t\t\t<h2 class=\"elementor-heading-title elementor-size-default\">R\u00fdchly preh\u013ead: Manannan Mac Lir<\/h2>\t\t\t\t<\/div>\n\t\t\t\t<div class=\"elementor-element elementor-element-3f50d82c elementor-widget elementor-widget-text-editor\" data-id=\"3f50d82c\" data-element_type=\"widget\" data-e-type=\"widget\" data-widget_type=\"text-editor.default\">\n\t\t\t\t\t\t\t\t\t<p>Doklady poch\u00e1dzaj\u00fa z Immram Brain maic Febail (\u201ePlavba Brana mac Febaila&#8220;), Imram Curaig Ma\u00e9l D\u00fain (\u201ePlavba M\u00e1ela D\u00faina&#8220;) a z \u010fal\u0161\u00edch dobrodru\u017en\u00fdch m\u00fdtov, ktor\u00e9 boli zap\u00edsan\u00e9 od 8. \u2013 9. storo\u010dia.<\/p><p>Manannan sa spom\u00edna v genealogick\u00fdch textoch a v ulsterskej s\u00e1ge. Jeho funkcia sprievodcu du\u0161\u00ed a str\u00e1\u017ecu hran\u00edc je typick\u00e1 pre ostrovno-keltsk\u00fa <span class=\"iwg-fachbegriff\" data-tooltip=\"Predstava o usporiadan\u00ed a poriadku svetom v r\u00e1mci danej kult\u00fary.\" tabindex=\"0\">kozmol\u00f3giu<\/span>. Modern\u00e9 pramene: folkloristick\u00e1 <span class=\"iwg-fachbegriff\" data-tooltip=\"Odovzd\u00e1vanie vedomost\u00ed a rozpr\u00e1van\u00ed z gener\u00e1cie na gener\u00e1ciu.\" tabindex=\"0\">trad\u00edcia<\/span> v \u00cdrsku a \u0160k\u00f3tsku (Hebridy, ostrov Man).<\/p>\t\t\t\t\t\t\t\t<\/div>\n\t\t\t\t\t<\/div>\n\t\t\t\t<\/div>\n\t\t\t\t\t<\/div>\n\t\t\t\t<\/div>\n\t\t\t\t\t<\/div>\n\t\t\t\t<\/div>\n\t\t<div class=\"elementor-element elementor-element-18613602 e-flex e-con-boxed e-con e-parent\" data-id=\"18613602\" data-element_type=\"container\" data-e-type=\"container\">\n\t\t\t\t\t<div class=\"e-con-inner\">\n\t\t\t\t<div class=\"elementor-element elementor-element-262b8a9f elementor-widget elementor-widget-heading\" data-id=\"262b8a9f\" data-element_type=\"widget\" data-e-type=\"widget\" data-widget_type=\"heading.default\">\n\t\t\t\t\t<h2 class=\"elementor-heading-title elementor-size-default\">Kontext<\/h2>\t\t\t\t<\/div>\n\t\t<div class=\"elementor-element elementor-element-46dcb7d e-con-full e-flex e-con e-child\" data-id=\"46dcb7d\" data-element_type=\"container\" data-e-type=\"container\">\n\t\t<div class=\"elementor-element elementor-element-61d3ab3 e-flex e-con-boxed e-con e-child\" data-id=\"61d3ab3\" data-element_type=\"container\" data-e-type=\"container\">\n\t\t\t\t\t<div class=\"e-con-inner\">\n\t\t\t\t<div class=\"elementor-element elementor-element-117c166 elementor-widget elementor-widget-heading\" data-id=\"117c166\" data-element_type=\"widget\" data-e-type=\"widget\" data-widget_type=\"heading.default\">\n\t\t\t\t\t<h3 class=\"elementor-heading-title elementor-size-default\">Zeitraum der Texte<\/h3>\t\t\t\t<\/div>\n\t\t\t\t<div class=\"elementor-element elementor-element-73997a0 elementor-widget elementor-widget-text-editor\" data-id=\"73997a0\" data-element_type=\"widget\" data-e-type=\"widget\" data-widget_type=\"text-editor.default\">\n\t\t\t\t\t\t\t\t\t<p>Manann\u00e1n mac Lir je zdokumentovan\u00fd od ran\u00fdch stredovek\u00fdch \u00edrskych textov a\u017e po novodob\u00fa \u013eudov\u00fa kult\u00faru ostrova Man, ktor\u00e9ho n\u00e1zov sa odvodzuje od jeho mena. E\u0161te v 19. storo\u010d\u00ed obyvatelia ostrova v podve\u010der letn\u00e9ho slnovratu kladali na vrcholy kopcov trstinu ako obetu Manannanovi; z p\u00f4vodn\u00e9ho boha mora sa tak stala legend\u00e1rna zakladate\u013esk\u00e1 postava ostrova, v ktorej v\u0161ak zostali vidite\u013en\u00e9 p\u00f4vodn\u00e9 rysy.<\/p><h3>Mytologick\u00e9 zaradenie<\/h3><p>Manannan mac Lir je boh a nadprirodzen\u00e1 bytos\u0165 \u00edrskej a waleskej keltskej <span class=\"iwg-fachbegriff\" data-tooltip=\"S\u00fabor tradovan\u00fdch rozpr\u00e1van\u00ed o bohoch danej kult\u00fary.\" tabindex=\"0\">mytol\u00f3gie<\/span>. Je p\u00e1nom mora, <span class=\"iwg-fachbegriff\" data-tooltip=\"Praktiky, ktor\u00e9 sa sna\u017eia ovplyvni\u0165 chod vec\u00ed osobit\u00fdmi \u00fakonmi alebo formulami.\" tabindex=\"0\">magie<\/span> a Druh\u00e9ho svetu. Manannan je cestovate\u013eom medzi svetmi a ochrancom. Jeho \u00faloha je k\u013e\u00fa\u010dov\u00e1 pre keltsk\u00e9 ch\u00e1panie svetov.<\/p>\t\t\t\t\t\t\t\t<\/div>\n\t\t\t\t\t<\/div>\n\t\t\t\t<\/div>\n\t\t<div class=\"elementor-element elementor-element-d47b156 e-flex e-con-boxed e-con e-child\" data-id=\"d47b156\" data-element_type=\"container\" data-e-type=\"container\">\n\t\t\t\t\t<div class=\"e-con-inner\">\n\t\t\t\t<div class=\"elementor-element elementor-element-ff38c2b elementor-widget elementor-widget-heading\" data-id=\"ff38c2b\" data-element_type=\"widget\" data-e-type=\"widget\" data-widget_type=\"heading.default\">\n\t\t\t\t\t<h3 class=\"elementor-heading-title elementor-size-default\">Verbreitungsraum<\/h3>\t\t\t\t<\/div>\n\t\t\t\t<div class=\"elementor-element elementor-element-4e49fcc elementor-widget elementor-widget-text-editor\" data-id=\"4e49fcc\" data-element_type=\"widget\" data-e-type=\"widget\" data-widget_type=\"text-editor.default\">\n\t\t\t\t\t\t\t\t\t<p>Manannan mac Lir nebol obmedzen\u00fd na konkr\u00e9tny regi\u00f3n alebo miesto, ale bol univerz\u00e1lne zn\u00e1my a uctievan\u00fd, \u010di s re\u0161pektom ob\u00e1van\u00fd, v celom keltskom svete. \u010ci vo ve\u013ek\u00fdch mestsk\u00fdch centr\u00e1ch, alebo na okraji vidieckych oblast\u00ed, \u010di medzi spolo\u010denskou elitou, alebo medzi jednoduch\u00fdm \u013eudom, duchovn\u00fd a kult\u00farny v\u00fdznam tejto bytosti bol uzn\u00e1van\u00fd jednotne a v\u0161eobecne.<\/p><p>Roz\u0161\u00edrenie kultu Manann\u00e1na mac Lira sa sp\u00e1ja s morsk\u00fdmi cestami \u00cdrskeho mora: bol zn\u00e1my v \u00cdrsku, na ostrove Man a v \u0160k\u00f3tsku, a ostrov Man nesie jeho meno. Tento rozptyl medzi viacer\u00fdmi gaelsky hovoriacimi pobre\u017en\u00fdmi oblas\u0165ami sa vysvet\u013euje \u00fazkymi lo\u010fn\u00fdmi a obchodn\u00fdmi spojeniami medzi nimi; z\u00e1kladn\u00e1 podoba boha zost\u00e1vala vo v\u0161etk\u00fdch regi\u00f3noch rovnak\u00e1, p\u00e1n mora a plavby.<\/p>\t\t\t\t\t\t\t\t<\/div>\n\t\t\t\t\t<\/div>\n\t\t\t\t<\/div>\n\t\t\t\t<\/div>\n\t\t<div class=\"elementor-element elementor-element-db03c39 e-con-full e-flex e-con e-child\" data-id=\"db03c39\" data-element_type=\"container\" data-e-type=\"container\">\n\t\t<div class=\"elementor-element elementor-element-229a87b e-flex e-con-boxed e-con e-child\" data-id=\"229a87b\" data-element_type=\"container\" data-e-type=\"container\">\n\t\t\t\t\t<div class=\"e-con-inner\">\n\t\t\t\t<div class=\"elementor-element elementor-element-1f471fc elementor-widget elementor-widget-heading\" data-id=\"1f471fc\" data-element_type=\"widget\" data-e-type=\"widget\" data-widget_type=\"heading.default\">\n\t\t\t\t\t<h3 class=\"elementor-heading-title elementor-size-default\">Quellenlage<\/h3>\t\t\t\t<\/div>\n\t\t\t\t<div class=\"elementor-element elementor-element-36b1201 elementor-widget elementor-widget-text-editor\" data-id=\"36b1201\" data-element_type=\"widget\" data-e-type=\"widget\" data-widget_type=\"text-editor.default\">\n\t\t\t\t\t\t\t\t\t<p>Prim\u00e1rne pramene: Immram Brain maic Febail (asi 8. stor.), Imram Curaig Ma\u00e9l D\u00fain (asi 9. stor.), Togail Bruidne D\u00e1 Derga (\u201eZni\u010denie domu D\u00e1 Derga&#8220;), nesk\u00f4r aj Mabinogion (walesk\u00fd, 11. \u2013 13. stor., s postavou Manawydana).<\/p><p>\u010casov\u00e9 zaradenie: \u00fastne trad\u00edcie s\u00fa star\u0161ie (mo\u017eno a\u017e z doby \u017eeleznej), p\u00edsomn\u00e9 zaznamenanie prebiehalo v stredoveku. V\u00fdskumn\u00edci: Mac Cana (Celtic Mythology), Jenny Rowland (Early Welsh Saga Poetry), W. Y. Evans-Wentz (The Fairy Faith in Celtic Countries) dokumentuj\u00fa trad\u00edcie o Manannanovi.<\/p>\t\t\t\t\t\t\t\t<\/div>\n\t\t\t\t\t<\/div>\n\t\t\t\t<\/div>\n\t\t\t\t<\/div>\n\t\t\t\t\t<\/div>\n\t\t\t\t<\/div>\n\t\t<div class=\"elementor-element elementor-element-3ae0637c e-flex e-con-boxed e-con e-parent\" data-id=\"3ae0637c\" data-element_type=\"container\" data-e-type=\"container\">\n\t\t\t\t\t<div class=\"e-con-inner\">\n\t\t\t\t<div class=\"elementor-element elementor-element-31d07739 elementor-widget elementor-widget-heading\" data-id=\"31d07739\" data-element_type=\"widget\" data-e-type=\"widget\" data-widget_type=\"heading.default\">\n\t\t\t\t\t<h2 class=\"elementor-heading-title elementor-size-default\">Meno<\/h2>\t\t\t\t<\/div>\n\t\t<div class=\"elementor-element elementor-element-b7642947 e-con-full e-flex e-con e-child\" data-id=\"b7642947\" data-element_type=\"container\" data-e-type=\"container\">\n\t\t\t\t<div class=\"elementor-element elementor-element-a086266 elementor-widget elementor-widget-text-editor\" data-id=\"a086266\" data-element_type=\"widget\" data-e-type=\"widget\" data-widget_type=\"text-editor.default\">\n\t\t\t\t\t\t\t\t\t<p>Manannan mac Lir je v r\u00f4znych prame\u0148och a umeleck\u00fdch trad\u00edci\u00e1ch zobrazovan\u00fd s ur\u010dit\u00fdmi opakuj\u00facimi sa ikonografick\u00fdmi prvkami, ktor\u00e9 zost\u00e1vaj\u00fa relat\u00edvne kon\u0161tantn\u00e9 po\u010das desa\u0165ro\u010d\u00ed a v r\u00f4znych geografick\u00fdch oblastiach. Tieto prvky nie s\u00fa \u010disto dekorat\u00edvne ani n\u00e1hodn\u00e9, ale s\u00fa hlboko symbolicky k\u00f3dovan\u00e9 a nes\u00fa ve\u013ek\u00fd v\u00fdznam.<\/p><p>Atrib\u00faty Manann\u00e1na mac Lira tvoria \u010ditate\u013en\u00fd syst\u00e9m znakov: pl\u00e1\u0161\u0165 z hmly symbolizuje jeho moc skr\u00fdva\u0165 veci a zaha\u013eova\u0165 hranice, samohybn\u00e1 lo\u010f Vlnolam jeho vl\u00e1du nad morom, k\u00f4\u0148 Aonbharr, ktor\u00fd kr\u00e1\u010da po vode, zru\u0161enie hranice medzi zemou a morom, jablkov\u00fd ostrov Emain Ablach jeho spojenie s Druh\u00fdm svetom. Kto pozn\u00e1 \u00edrsku rozpr\u00e1va\u010dsk\u00fa trad\u00edciu, okam\u017eite z t\u00fdchto predmetov rozpozn\u00e1 p\u00f4sobnos\u0165 a postavenie boha; nijak\u00fd z atrib\u00fatov nie je zvolen\u00fd n\u00e1hodne, v\u0161etky s\u00fa pevne zakotven\u00e9 v stredovek\u00fdch textoch.<\/p>\t\t\t\t\t\t\t\t<\/div>\n\t\t\t\t<\/div>\n\t\t\t\t\t<\/div>\n\t\t\t\t<\/div>\n\t\t<div class=\"elementor-element elementor-element-709a44a8 e-flex e-con-boxed e-con e-parent\" data-id=\"709a44a8\" data-element_type=\"container\" data-e-type=\"container\">\n\t\t\t\t\t<div class=\"e-con-inner\">\n\t\t\t\t<div class=\"elementor-element elementor-element-2f585873 elementor-widget elementor-widget-heading\" data-id=\"2f585873\" data-element_type=\"widget\" data-e-type=\"widget\" data-widget_type=\"heading.default\">\n\t\t\t\t\t<h2 class=\"elementor-heading-title elementor-size-default\">Charakteristiky<\/h2>\t\t\t\t<\/div>\n\t\t<div class=\"elementor-element elementor-element-70621c12 e-con-full e-flex e-con e-child\" data-id=\"70621c12\" data-element_type=\"container\" data-e-type=\"container\">\n\t\t\t\t<div class=\"elementor-element elementor-element-4296eb49 elementor-widget elementor-widget-text-editor\" data-id=\"4296eb49\" data-element_type=\"widget\" data-e-type=\"widget\" data-widget_type=\"text-editor.default\">\n\t\t\t\t\t\t\t\t\t<p>Manannan mac Lir zauj\u00edmal \u00fastredn\u00e9 miesto v n\u00e1bo\u017eenskej praxi, v ka\u017edodenn\u00fdch ritu\u00e1loch a v ka\u017edodennom ch\u00e1pan\u00ed Keltov. \u013dudia sa v kritick\u00fdch alebo \u0161pecifick\u00fdch \u017eivotn\u00fdch situ\u00e1ci\u00e1ch \u010di v ur\u010dit\u00fdch ritu\u00e1lnych obdobiach roka obracali na t\u00fato entitu so \u0161trukt\u00farovan\u00fdmi, \u010dasto n\u00e1ro\u010dn\u00fdmi ritu\u00e1lmi, modlitbami alebo obetn\u00fdmi darmi.<\/p><p>Zaobch\u00e1dzanie s Manann\u00e1nom mac Lir sa riadilo pevn\u00fdmi tradi\u010dn\u00fdmi l\u00edniami: v \u00cdrsku u\u010den\u00ed b\u00e1snici a nesk\u00f4r kres\u0165ansk\u00ed pis\u00e1ri v kl\u00e1\u0161toroch zachov\u00e1vali pr\u00edbehy o morskom bohu v ust\u00e1lenej podobe. Na ostrove Man sa navy\u0161e udr\u017eiavali \u013eudov\u00e9 zvyky, napr\u00edklad prin\u00e1\u0161anie sitiny na sv\u00e4toj\u00e1nsky ve\u010der, ktor\u00e9 sa vykon\u00e1vali pod\u013ea deden\u00fdch pravidiel, nie svojvo\u013ene.<\/p><p>Skuto\u010dnos\u0165, \u017ee Manann\u00e1n mac Lir bol po st\u00e1ro\u010dia vz\u00fdvan\u00fd a jeho pr\u00edbehy sa rozpr\u00e1vali, s\u00favis\u00ed s jeho jasne vymedzen\u00fdmi \u00falohami: n\u00e1morn\u00edci od neho o\u010dak\u00e1vali ochranu pred b\u00farkou a bezpe\u010dn\u00fd priechod, teda odvr\u00e1tenie hroziaceho nebezpe\u010denstva na mori. V pr\u00edbehoch sa okrem toho jav\u00ed ako sprievodca do Onoho svetu, ktor\u00fd vedie hrdinov cez hranicu medzi svetmi, a na ostrove Man sa mu prin\u00e1\u0161ali dary, ktor\u00e9 mali zabezpe\u010di\u0165 dobr\u00e9 po\u010dasie a \u00faspe\u0161n\u00fd rybolov.<\/p><h3>Zjav a symbolika<\/h3><p>Manannan je zobrazovan\u00fd ako kr\u00e1sny, tajomn\u00fd mu\u017e v odeve meniacich sa farieb. Jazd\u00ed na svojom koni Enbarr cez moria. Hmla je jeho pl\u00e1\u0161\u0165om, ktor\u00fd mu d\u00e1va nevidite\u013enos\u0165. Jeho magick\u00fd pl\u00e1\u0161\u0165 a me\u010d s\u00fa legend\u00e1rne artefakty. <span class=\"iwg-fachbegriff\" data-tooltip=\"Praktiky, ktor\u00e9 sa sna\u017eia osobitn\u00fdmi \u00fakonmi alebo formulami zasiahnu\u0165 do chodu vec\u00ed.\" tabindex=\"0\">M\u00e1gia<\/span> napl\u0148uje jeho pr\u00edtomnos\u0165.<\/p>\t\t\t\t\t\t\t\t<\/div>\n\t\t\t\t<\/div>\n\t\t\t\t\t<\/div>\n\t\t\t\t<\/div>\n\t\t<div class=\"elementor-element elementor-element-44e71476 e-flex e-con-boxed e-con e-parent\" data-id=\"44e71476\" data-element_type=\"container\" data-e-type=\"container\">\n\t\t\t\t\t<div class=\"e-con-inner\">\n\t\t\t\t<div class=\"elementor-element elementor-element-3c1fc3f0 elementor-widget elementor-widget-heading\" data-id=\"3c1fc3f0\" data-element_type=\"widget\" data-e-type=\"widget\" data-widget_type=\"heading.default\">\n\t\t\t\t\t<h2 class=\"elementor-heading-title elementor-size-default\">Profil: Manannan Mac Lir<\/h2>\t\t\t\t<\/div>\n\t\t<div class=\"elementor-element elementor-element-84f33b8e e-con-full e-flex e-con e-child\" data-id=\"84f33b8e\" data-element_type=\"container\" data-e-type=\"container\">\n\t\t\t\t<div class=\"elementor-element elementor-element-hqkdc67p elementor-widget elementor-widget-text-editor\" data-id=\"hqkdc67p\" data-element_type=\"widget\" data-e-type=\"widget\" data-widget_type=\"text-editor.default\">\n\t\t\t\t\t\t\t\t\t<p>Profil predstavuje Manannana v \u0161iestich aspektoch: jeho postavenie ako p\u00e1na Onoho svet\u0430 a morskej pr\u00edrody, jeho \u00falohu psychopompa a sprievodcu na cest\u00e1ch, jeho charakteristick\u00e9 atrib\u00faty a \u010darovn\u00e9 predmety, jeho kozmick\u00e9 a ochrann\u00e9 sily, ako aj sp\u00f4soby duchovn\u00e9ho vz\u00fdvania a kult\u00farne obdoby. Vznik\u00e1 tak profil tohto tajomn\u00e9ho boha hran\u00edc.<\/p>\t\t\t\t\t\t\t\t<\/div>\n\t\t\t\t<\/div>\n\t\t<div class=\"elementor-element elementor-element-pemmx7c5 e-con-full e-flex e-con e-child\" data-id=\"pemmx7c5\" data-element_type=\"container\" data-e-type=\"container\">\n\t\t<div class=\"elementor-element elementor-element-pemmx7c1 e-con-full e-flex e-con e-child\" data-id=\"pemmx7c1\" data-element_type=\"container\" data-e-type=\"container\">\n\t\t<div class=\"elementor-element elementor-element-qh9oavvu iwg-steckbrief-card e-flex e-con-boxed e-con e-child\" data-id=\"qh9oavvu\" data-element_type=\"container\" data-e-type=\"container\">\n\t\t\t\t\t<div class=\"e-con-inner\">\n\t\t\t\t<div class=\"elementor-element elementor-element-awzx8k2k elementor-widget elementor-widget-heading\" data-id=\"awzx8k2k\" data-element_type=\"widget\" data-e-type=\"widget\" data-widget_type=\"heading.default\">\n\t\t\t\t\t<div class=\"elementor-heading-title elementor-size-default\">Trad\u00edcia<\/div>\t\t\t\t<\/div>\n\t\t\t\t<div class=\"elementor-element elementor-element-x6rowhv0 elementor-widget elementor-widget-text-editor\" data-id=\"x6rowhv0\" data-element_type=\"widget\" data-e-type=\"widget\" data-widget_type=\"text-editor.default\">\n\t\t\t\t\t\t\t\t\t<p>Manannan poch\u00e1dza z Onoho svet\u0430 alebo je samostatnou nadprirodzenou bytos\u0165ou bez jasn\u00e9ho genealogick\u00e9ho zaradenia medzi Tuatha D\u00e9 Danann. Jeho meno sp\u00e1ja \u201eMana\u201c (mo\u017eno \u201emesiac\u201c alebo \u201esila\u201c) so \u201emac Lir\u201c (\u201esyn mora\u201c, Lir je morsk\u00fd boh).<\/p><p>Geograficky je zviazan\u00fd s \u00cdrskom a svetom ostrovov, so stopami na ostrove Man (Mona Innis, nazvan\u00fd po \u0148om). P\u00edsomn\u00e9 svedectv\u00e1 siahaj\u00fa od 8. storo\u010dia.<\/p>\t\t\t\t\t\t\t\t<\/div>\n\t\t\t\t\t<\/div>\n\t\t\t\t<\/div>\n\t\t<div class=\"elementor-element elementor-element-8e3o4kxs iwg-steckbrief-card e-flex e-con-boxed e-con e-child\" data-id=\"8e3o4kxs\" data-element_type=\"container\" data-e-type=\"container\">\n\t\t\t\t\t<div class=\"e-con-inner\">\n\t\t\t\t<div class=\"elementor-element elementor-element-08rkdgov elementor-widget elementor-widget-heading\" data-id=\"08rkdgov\" data-element_type=\"widget\" data-e-type=\"widget\" data-widget_type=\"heading.default\">\n\t\t\t\t\t<div class=\"elementor-heading-title elementor-size-default\">Adres\u00e1ti<\/div>\t\t\t\t<\/div>\n\t\t\t\t<div class=\"elementor-element elementor-element-uwjelx8s elementor-widget elementor-widget-text-editor\" data-id=\"uwjelx8s\" data-element_type=\"widget\" data-e-type=\"widget\" data-widget_type=\"text-editor.default\">\n\t\t\t\t\t\t\t\t\t<p>Manannana vz\u00fdvali n\u00e1morn\u00edci, p\u00fatnici, hrdinovia a duchovn\u00ed h\u013eada\u010di, aby im poskytol ochranu na mori, sprievod do Onoho svet\u0430 a obranu pred d\u00e9monick\u00fdmi silami. Bol patr\u00f3nom t\u00fdch, \u010do putovali medzi svetmi. V magick\u00fdch kontextoch sa ho prosilo o tajomstvo a zahalenie. Jeho uctievanie nem\u00e1 kultovo-organizovan\u00fa formu, ale je folkl\u00f3rne a \u0161amansk\u00e9.<\/p>\t\t\t\t\t\t\t\t<\/div>\n\t\t\t\t\t<\/div>\n\t\t\t\t<\/div>\n\t\t<div class=\"elementor-element elementor-element-jm2n74ec iwg-steckbrief-card e-flex e-con-boxed e-con e-child\" data-id=\"jm2n74ec\" data-element_type=\"container\" data-e-type=\"container\">\n\t\t\t\t\t<div class=\"e-con-inner\">\n\t\t\t\t<div class=\"elementor-element elementor-element-8vufse4c elementor-widget elementor-widget-heading\" data-id=\"8vufse4c\" data-element_type=\"widget\" data-e-type=\"widget\" data-widget_type=\"heading.default\">\n\t\t\t\t\t<div class=\"elementor-heading-title elementor-size-default\">Zobrazenie<\/div>\t\t\t\t<\/div>\n\t\t\t\t<div class=\"elementor-element elementor-element-mwb9u015 elementor-widget elementor-widget-text-editor\" data-id=\"mwb9u015\" data-element_type=\"widget\" data-e-type=\"widget\" data-widget_type=\"text-editor.default\">\n\t\t\t\t\t\t\t\t\t<p>Manannan je zobrazovan\u00fd ako vzne\u0161en\u00fd, nadprirodzen\u00fd mu\u017e, \u010dasto s kr\u00e1\u013eovsk\u00fdmi ins\u00edgniami a v najjemnej\u0161om odeve. Niekedy nos\u00ed zelen\u00e9 alebo \u017eiariv\u00e9 brnenie. Jeho k\u00f4\u0148 Enbarr je popisovan\u00fd ako biely a nadprirodzene r\u00fdchly. Jeho lo\u010f sa pohybuje sama a je nevidite\u013en\u00e1. V niektor\u00fdch textoch m\u00e1 nadprirodzen\u00e9 o\u010di alebo prenikav\u00fd poh\u013ead, ktor\u00fd odha\u013euje pravdu.<\/p>\t\t\t\t\t\t\t\t<\/div>\n\t\t\t\t\t<\/div>\n\t\t\t\t<\/div>\n\t\t\t\t<\/div>\n\t\t<div class=\"elementor-element elementor-element-pemmx7c2 e-con-full e-flex e-con e-child\" data-id=\"pemmx7c2\" data-element_type=\"container\" data-e-type=\"container\">\n\t\t<div class=\"elementor-element elementor-element-37ss2yr6 iwg-steckbrief-card e-flex e-con-boxed e-con e-child\" data-id=\"37ss2yr6\" data-element_type=\"container\" data-e-type=\"container\">\n\t\t\t\t\t<div class=\"e-con-inner\">\n\t\t\t\t<div class=\"elementor-element elementor-element-3v0wp3wx elementor-widget elementor-widget-heading\" data-id=\"3v0wp3wx\" data-element_type=\"widget\" data-e-type=\"widget\" data-widget_type=\"heading.default\">\n\t\t\t\t\t<div class=\"elementor-heading-title elementor-size-default\">P\u00f4sobenie<\/div>\t\t\t\t<\/div>\n\t\t\t\t<div class=\"elementor-element elementor-element-w3247g2m elementor-widget elementor-widget-text-editor\" data-id=\"w3247g2m\" data-element_type=\"widget\" data-e-type=\"widget\" data-widget_type=\"text-editor.default\">\n\t\t\t\t\t\t\t\t\t<strong>Oblas\u0165 p\u00f4sobenia:<\/strong> Manannan mac Lir je v \u00edrskej trad\u00edcii bohom mora, hmly a prechodu medzi svetmi. Jeho moc sa rozprestiera nad v\u0161etk\u00fdmi vodn\u00fdmi plochami, od rozb\u00faren\u00e9ho mora a\u017e po skryt\u00e9 jazer\u00e1 a \u010darovn\u00e9 ostrovy. Steles\u0148uje hranicu medzi t\u00edmto a on\u00fdm svetom (T\u00edr na n\u00d3g). Jeho p\u00f4sobenie sa prejavuje v darovan\u00ed po\u010dasia, bezpe\u010dnosti plavby a otv\u00e1ran\u00ed pr\u00edstupov k nadprirodzen\u00fdm r\u00ed\u0161am. V Sanas Cormaic je op\u00edsan\u00fd ako najvy\u0161\u0161\u00ed p\u00e1n Onoho svet\u0430, ktor\u00fd sprev\u00e1dza putuj\u00face du\u0161e a odovzd\u00e1va mystick\u00e9 poznanie.\n\t\t\t\t\t\t\t\t<\/div>\n\t\t\t\t\t<\/div>\n\t\t\t\t<\/div>\n\t\t<div class=\"elementor-element elementor-element-0qpjal9w iwg-steckbrief-card e-flex e-con-boxed e-con e-child\" data-id=\"0qpjal9w\" data-element_type=\"container\" data-e-type=\"container\">\n\t\t\t\t\t<div class=\"e-con-inner\">\n\t\t\t\t<div class=\"elementor-element elementor-element-6ndoih0o elementor-widget elementor-widget-heading\" data-id=\"6ndoih0o\" data-element_type=\"widget\" data-e-type=\"widget\" data-widget_type=\"heading.default\">\n\t\t\t\t\t<div class=\"elementor-heading-title elementor-size-default\">Ochrana<\/div>\t\t\t\t<\/div>\n\t\t\t\t<div class=\"elementor-element elementor-element-6684tyh9 elementor-widget elementor-widget-text-editor\" data-id=\"6684tyh9\" data-element_type=\"widget\" data-e-type=\"widget\" data-widget_type=\"text-editor.default\">\n\t\t\t\t\t\t\t\t\t<p>Manannan nie je nebezpe\u010dn\u00fd v zlom zmysle, ale je mocn\u00fd a trochu nepredv\u00eddate\u013en\u00fd. Chr\u00e1ni pred d\u00e9monick\u00fdmi bytos\u0165ami, av\u0161ak jeho poznanie Onoho svet\u0430 ho rob\u00ed neovl\u00e1date\u013en\u00fdm.<\/p><p>Pri jeho vz\u00fdvan\u00ed s\u00fa namieste re\u0161pekt a opatrnos\u0165. Modern\u00e1 duchovn\u00e1 prax ho vn\u00edma ako pomocn\u00edka pri prekra\u010dovan\u00ed hran\u00edc a pri vn\u00fatorn\u00fdch cest\u00e1ch. Niektor\u00e9 trad\u00edcie u\u010dia ochrann\u00e9 mantry alebo upokojuj\u00face \u00fakony, aby si jeho podporu zaistili bezpe\u010dne.<\/p>\t\t\t\t\t\t\t\t<\/div>\n\t\t\t\t\t<\/div>\n\t\t\t\t<\/div>\n\t\t<div class=\"elementor-element elementor-element-3lfi7x32 iwg-steckbrief-card e-flex e-con-boxed e-con e-child\" data-id=\"3lfi7x32\" data-element_type=\"container\" data-e-type=\"container\">\n\t\t\t\t\t<div class=\"e-con-inner\">\n\t\t\t\t<div class=\"elementor-element elementor-element-0kg99ga1 elementor-widget elementor-widget-heading\" data-id=\"0kg99ga1\" data-element_type=\"widget\" data-e-type=\"widget\" data-widget_type=\"heading.default\">\n\t\t\t\t\t<div class=\"elementor-heading-title elementor-size-default\">Pendants<\/div>\t\t\t\t<\/div>\n\t\t\t\t<div class=\"elementor-element elementor-element-n0fum6kp elementor-widget elementor-widget-text-editor\" data-id=\"n0fum6kp\" data-element_type=\"widget\" data-e-type=\"widget\" data-widget_type=\"text-editor.default\">\n\t\t\t\t\t\t\t\t\t<p>Porovnate\u013en\u00ed s\u00fa Charon (gr\u00e9cky) ako prievozn\u00edk mrtvych, Poseid\u00f3n ako morsk\u00fd boh a p\u00e1n prechodov, germ\u00e1nsky Forseti ako boh hran\u00edc a zmierenia, a r\u00edmsky Nept\u00fan ako morsk\u00fd boh. V \u00e1zijsk\u00fdch trad\u00edci\u00e1ch: Jama ako boh smrti a sprievodca na ceste, Buddha Amitabha ako spasite\u013e a sprievodca do posmrtn\u00e9ho \u017eivota.<\/p>\t\t\t\t\t\t\t\t<\/div>\n\t\t\t\t\t<\/div>\n\t\t\t\t<\/div>\n\t\t\t\t<\/div>\n\t\t\t\t<\/div>\n\t\t\t\t\t<\/div>\n\t\t\t\t<\/div>\n\t\t<div class=\"elementor-element elementor-element-5a584676 e-flex e-con-boxed e-con e-parent\" data-id=\"5a584676\" data-element_type=\"container\" data-e-type=\"container\">\n\t\t\t\t\t<div class=\"e-con-inner\">\n\t\t\t\t<div class=\"elementor-element elementor-element-6d0757bf elementor-widget elementor-widget-heading\" data-id=\"6d0757bf\" data-element_type=\"widget\" data-e-type=\"widget\" data-widget_type=\"heading.default\">\n\t\t\t\t\t<h2 class=\"elementor-heading-title elementor-size-default\">Manannan Mac Lir, paralely v in\u00fdch kult\u00farach<\/h2>\t\t\t\t<\/div>\n\t\t<div class=\"elementor-element elementor-element-60563f68 e-con-full e-flex e-con e-child\" data-id=\"60563f68\" data-element_type=\"container\" data-e-type=\"container\">\n\t\t\t\t<div class=\"elementor-element elementor-element-5a93fdd6 elementor-widget elementor-widget-text-editor\" data-id=\"5a93fdd6\" data-element_type=\"widget\" data-e-type=\"widget\" data-widget_type=\"text-editor.default\">\n\t\t\t\t\t\t\t\t\t<h3>Ritu\u00e1ly a uctievanie<\/h3><p>V pobre\u017en\u00fdch s\u00eddlisk\u00e1ch \u00cdrska sa Manannanovi mac Lirovi prin\u00e1\u0161ali obetn\u00e9 dary pri vode, \u0161perky, obete v podobe n\u00e1pojov alebo jedla pred dlh\u0161\u00edmi morsk\u00fdmi plavbami. Druidi ho vz\u00fdvali morsk\u00fdm spevom (geis) v osobitn\u00fdch f\u00e1zach mesiaca. V <span class=\"iwg-fachbegriff\" data-tooltip=\"S\u00fahrn n\u00e1bo\u017eensk\u00fdch \u00fakonov uctievania bo\u017estva alebo sv\u00e4tej postavy.\" tabindex=\"0\">kulte<\/span> Tuatha D\u00e9 Danann bola jeho <span class=\"iwg-fachbegriff\" data-tooltip=\"Prosebn\u00e9 alebo zakl\u00ednacie oslovenie bo\u017estva alebo moci.\" tabindex=\"0\">vz\u00fdvanie<\/span> <span class=\"iwg-fachbegriff\" data-tooltip=\"Patriaci k pevne stanoven\u00e9mu n\u00e1bo\u017eensk\u00e9mu \u00fakonu.\" tabindex=\"0\">ritu\u00e1lne<\/span> vyhraden\u00e9 zasv\u00e4ten\u00fdm str\u00e1\u017ecom magick\u00e9ho vedenia.<\/p><h3>Zakl\u00ednania a vz\u00fdvania<\/h3><p>Historick\u00e9 textov\u00e9 zdroje (trad\u00edcia \u00d3sraighe) uchov\u00e1vaj\u00fa formuly na <span class=\"iwg-fachbegriff\" data-tooltip=\"Prosebn\u00e9 alebo zakl\u00ednacie oslovenie bo\u017estva alebo moci.\" tabindex=\"0\">vz\u00fdvanie<\/span> Manannana v hmle: \u201eManannan, p\u00e1n morskej pary, otvor nevidite\u013en\u00e9 cesty.\u201c V literat\u00fare sa objavuje ako radca a duch-vodca, ktor\u00e9ho vz\u00fdvaj\u00fa odv\u00e1\u017eni hrdinovia. Zn\u00e1me <span class=\"iwg-fachbegriff\" data-tooltip=\"Prosebn\u00e9 alebo zakl\u00ednacie oslovenie bo\u017estva alebo moci.\" tabindex=\"0\">vz\u00fdvanie<\/span> pri morsk\u00fdch plavb\u00e1ch znelo: \u201eManannan mac Lir, uk\u00e1\u017e mi bezpe\u010dn\u00e9 cesty.\u201c<\/p><h3>Amulety a ochrann\u00e9 symboly<\/h3><p>Symboly vlny, polmesiaca a spir\u00e1ly sa vyr\u00fdvali na ochrann\u00e9 amulety. N\u00e1morn\u00edci nosili \u201eManannanov prste\u0148\u201c, uzlov\u00fd <span class=\"iwg-fachbegriff\" data-tooltip=\"Znak, ktor\u00fd zastupuje predstavu alebo v\u00fdznam.\" tabindex=\"0\">symbol<\/span> z medi, pre bezpe\u010dnos\u0165 na mori. V modernej ezoterickej praxi sa za spojen\u00e9 s Manannanom pova\u017euj\u00fa talasokry\u0161t\u00e1ly (akvamar\u00edn, modr\u00fd top\u00e1s).<\/p>\n<p><p><strong>\u017didovsk\u00e1 trad\u00edcia:<\/strong> \u017diadna priama zhoda. Vzdialene pr\u00edbuzn\u00fd by mohol by\u0165 Eli\u00e1\u0161, ktor\u00fd sa pohybuje medzi nebom a zemou a podnik\u00e1 nadprirodzen\u00e9 cesty.<\/p><p><strong>Gr\u00e9cko-r\u00edmsky svet:<\/strong> Ch\u00e1ron ako prievozn\u00edk medzi \u017eivotom a smr\u0165ou. Hermes\/Merk\u00far ako psychopompos a boh hran\u00edc, vodca du\u0161\u00ed. Poseid\u00f3n ako boh mora a p\u00e1n prechodov, H\u00e1des ako kr\u00e1\u013e Podsvetia. Funkcie sa v\u00fdrazne prekr\u00fdvaj\u00fa.<\/p><p><strong>Mezopot\u00e1mia:<\/strong> Anu ako boh neba a str\u00e1\u017eca hran\u00edc, Ere\u0161kigal ako kr\u00e1\u013eovn\u00e1 podsvetia, Nergal ako vl\u00e1dca chtonick\u00fdch oblast\u00ed. Aj Enki so svoj\u00edm spojen\u00edm so skryt\u00fdmi vodami a m\u00fadros\u0165ou.<\/p><p><strong>India\/\u00c1zia:<\/strong> Jama ako boh smrti a prechodov, podobn\u00fd Ch\u00e1r\u00f3novi. V buddhizme: Mah\u00e1k\u00e1la ako ochrann\u00fd boh a vl\u00e1dca podsvetia. Aj tibetsk\u00ed jidamovia ako medita\u010dn\u00e9 pom\u00f4cky pre hrani\u010dn\u00e9 sk\u00fasenosti funk\u010dne zodpovedaj\u00fa Manannanovi.<\/p>\t\t\t\t\t\t\t\t<\/div>\n\t\t\t\t<\/div>\n\t\t\t\t\t<\/div>\n\t\t\t\t<\/div>\n\t\t<div class=\"elementor-element elementor-element-cp3033f03 e-flex e-con-boxed e-con e-parent\" data-id=\"cp3033f03\" data-element_type=\"container\" data-e-type=\"container\">\n\t\t\t\t\t<div class=\"e-con-inner\">\n\t\t\t\t<div class=\"elementor-element elementor-element-cpd855ff9 elementor-widget elementor-widget-heading\" data-id=\"cpd855ff9\" data-element_type=\"widget\" data-e-type=\"widget\" data-widget_type=\"heading.default\">\n\t\t\t\t\t<h2 class=\"elementor-heading-title elementor-size-default\">\u00cdrske a walesk\u00e9 zdroje a ich vrstvenie<\/h2>\t\t\t\t<\/div>\n\t\t<div class=\"elementor-element elementor-element-cpb3465a7 e-con-full e-flex e-con e-child\" data-id=\"cpb3465a7\" data-element_type=\"container\" data-e-type=\"container\">\n\t\t\t\t<div class=\"elementor-element elementor-element-cp34f70bc elementor-widget elementor-widget-text-editor\" data-id=\"cp34f70bc\" data-element_type=\"widget\" data-e-type=\"widget\" data-widget_type=\"text-editor.default\">\n\t\t\t\t\t\t\t\t\t<p>Manannan mac Lir, ktor\u00e9ho meno znamen\u00e1 syn mora alebo spojen\u00fd s morom, je v stredovek\u00fdch \u00edrskych rukopisoch bohato zdokumentovan\u00fd, av\u0161ak zdroje s\u00fa nerovnomern\u00e9 a v mnoh\u00fdch pr\u00edpadoch zap\u00edsan\u00e9 a\u017e st\u00e1ro\u010dia po christianiz\u00e1cii.<\/p><p>Mn\u00edsi, ktor\u00ed tieto texty zostavili, zaradili star\u00fdch bohov do nov\u00e9ho, kres\u0165ansky r\u00e1mcovan\u00e9ho obrazu dej\u00edn, napr\u00edklad ako d\u00e1vnych obyvate\u013eov \u00cdrska alebo smrte\u013en\u00fdch kr\u00e1\u013eov praveku.<\/p><p>Manannan sa objavuje vo viacer\u00fdch rozpr\u00e1va\u010dsk\u00fdch okruhoch. V takzvanom Mytologickom cykle patr\u00ed medzi <em>Tuatha De Danann<\/em>, bo\u017esk\u00fd \u013eud, ktor\u00fd ob\u00fdval \u00cdrsko pred pr\u00edchodom \u013eudsk\u00fdch Goidelov.<\/p><p>V diele <em>Lebor Gabala Erenn<\/em>, Knihe z\u00e1borov \u00cdrska, je zaraden\u00fd do geneal\u00f3gi\u00ed tohto \u013eudu. V rozpr\u00e1vaniach ako <em>Immram Brain<\/em>, morsk\u00e1 plavba Brana, a v textoch o hrdinovi Cu Chulainnovi vystupuje ako p\u00e1n ostrovn\u00e9ho sveta za hranicami tohto svet.<\/p><p>Walesk\u00e1 <span class=\"iwg-fachbegriff\" data-tooltip=\"Odovzd\u00e1vanie vedomost\u00ed a rozpr\u00e1van\u00ed z gener\u00e1cie na gener\u00e1ciu.\" tabindex=\"0\">trad\u00edcia<\/span> pozn\u00e1 pr\u00edbuzn\u00fa postavu pod menom Manawydan, syn Llyra, ktor\u00fd sa objavuje v druhej a tretej vetve <em>Mabinogi<\/em>. Manawydan je tam v\u0161ak menej boh mora a viac m\u00fadry, trpezliv\u00fd mu\u017e, ktor\u00fd svoj\u00edm remeslom a li\u0161iactvom odvracia ne\u0161\u0165astie.<\/p><p>Vz\u0165ah medzi t\u00fdmito dvoma postavami je vo v\u00fdskume sporn\u00fd, zdie\u013eaj\u00fa meno otca a niektor\u00e9 rysy, ale v\u00fdrazne sa l\u00ed\u0161ia charakterom a funkciou.<\/p><p>T\u00e1to situ\u00e1cia so zdrojmi si vy\u017eaduje opatrnos\u0165. Jednotn\u00fd, p\u00f4vodn\u00fd obraz boha sa ned\u00e1 rekon\u0161truova\u0165. \u010co rukopisy uchov\u00e1vaj\u00fa, s\u00fa u\u017e liter\u00e1rne stv\u00e1rnen\u00e9, kres\u0165ansky filtrovan\u00e9 a region\u00e1lne odli\u0161n\u00e9 podoby postavy, ktorej predp\u00edsomn\u00e1 forma zost\u00e1va do ve\u013ekej miery zahalen\u00e1 tmou.<\/p>\t\t\t\t\t\t\t\t<\/div>\n\t\t\t\t<\/div>\n\t\t\t\t\t<\/div>\n\t\t\t\t<\/div>\n\t\t<div class=\"elementor-element elementor-element-cp79ddb12 e-flex e-con-boxed e-con e-parent\" data-id=\"cp79ddb12\" data-element_type=\"container\" data-e-type=\"container\">\n\t\t\t\t\t<div class=\"e-con-inner\">\n\t\t\t\t<div class=\"elementor-element elementor-element-cpf5e0c2f elementor-widget elementor-widget-heading\" data-id=\"cpf5e0c2f\" data-element_type=\"widget\" data-e-type=\"widget\" data-widget_type=\"heading.default\">\n\t\t\t\t\t<h2 class=\"elementor-heading-title elementor-size-default\">P\u00e1n ostrovov za hranicami tohto svet a jeho majetky<\/h2>\t\t\t\t<\/div>\n\t\t<div class=\"elementor-element elementor-element-cp6d9e349 e-con-full e-flex e-con e-child\" data-id=\"cp6d9e349\" data-element_type=\"container\" data-e-type=\"container\">\n\t\t\t\t<div class=\"elementor-element elementor-element-cp41bd734 elementor-widget elementor-widget-text-editor\" data-id=\"cp41bd734\" data-element_type=\"widget\" data-e-type=\"widget\" data-widget_type=\"text-editor.default\">\n\t\t\t\t\t\t\t\t\t<p>Manannan je v \u00edrskej <span class=\"iwg-fachbegriff\" data-tooltip=\"Odovzd\u00e1vanie vedomost\u00ed a rozpr\u00e1van\u00ed z gener\u00e1cie na gener\u00e1ciu.\" tabindex=\"0\">trad\u00edcii<\/span> p\u00e1nom nad Onostrann\u00fdm svetom, ktor\u00fd si predstavuj\u00fa ako ostrovn\u00e9 kr\u00e1\u013eovstvo za morom alebo pod vlnami. Jeho najzn\u00e1mej\u0161ie s\u00eddlo nesie meno <em>Emain Ablach<\/em>, Ostrov jab\u013ak, miesto vzdialen\u00e9 od staroby, choroby a nedostatku.<\/p><p>V rozpr\u00e1van\u00ed o morskej plavbe Brana sa mu Manannan zjav\u00ed na vode a popisuje mu skuto\u010dn\u00fa podobu mora, ktor\u00e9 je pre boha rozkvitnutou pl\u00e1\u0148ou, po ktorej sa vezie svoj\u00edm vozom, zatia\u013e \u010do Bran vid\u00ed len vlny.<\/p><p>K Manannanovi patr\u00ed rad menovite dolo\u017een\u00fdch majetkov, ktor\u00e9 sa v textoch st\u00e1le znovu spom\u00ednaj\u00fa. Jeho \u010dln plav\u00ed bez plachty a vesiel, riaden\u00fd jedine v\u00f4\u013eou svojho p\u00e1na.<\/p><p>Jeho k\u00f4\u0148, v niektor\u00fdch zdrojoch naz\u00fdvan\u00fd Aonbharr, m\u00f4\u017ee rovnako cv\u00e1la\u0165 po zemi aj po vode. Jeho pl\u00e1\u0161\u0165, ke\u010f ho zatrasie medzi dvoma \u013eu\u010fmi, sp\u00f4sob\u00ed, \u017ee sa navz\u00e1jom zabudn\u00fa. Jeho me\u010d nesie vlastn\u00e9 meno, a niektor\u00e9 texty hovoria o v\u00fdzbroji, ktor\u00e1 rob\u00ed nezranite\u013en\u00fdm.<\/p><p>Opakuj\u00facim sa <span class=\"iwg-fachbegriff\" data-tooltip=\"Opakuj\u00faci sa obsahov\u00fd prvok v umen\u00ed alebo rozpr\u00e1van\u00ed.\" tabindex=\"0\">mot\u00edvom<\/span> s\u00fa Manannanove svine, ktor\u00e9 mo\u017eno zabi\u0165 a zjes\u0165 a na druh\u00fd de\u0148 s\u00fa znovu \u017eiv\u00e9, tak\u017ee jeho sprievod nikdy netrp\u00ed nedostatkom. Tento pokrm nesmrtelnosti sp\u00e1ja boha s predstavou onostrann\u00e9ho hodovania, ktor\u00e9 nikdy nekon\u010d\u00ed.<\/p><p>Tieto majetky s\u00fa viac ne\u017e len rozpr\u00e1va\u010dsk\u00e1 v\u00fdbava. Vymedzuj\u00fa moc boha nad hranicami medzi svetmi, nad morom a zemou, nad pam\u00e4tan\u00edm a zab\u00fadan\u00edm, nad smr\u0165ou a n\u00e1vratom. Manannan je hrani\u010diar v pravom zmysle slova, a jeho predmety s\u00fa n\u00e1strojmi, ktor\u00fdmi sa tieto hranice prekra\u010duj\u00fa.<\/p>\t\t\t\t\t\t\t\t<\/div>\n\t\t\t\t<\/div>\n\t\t\t\t\t<\/div>\n\t\t\t\t<\/div>\n\t\t<div class=\"elementor-element elementor-element-cpb04ffd2 e-flex e-con-boxed e-con e-parent\" data-id=\"cpb04ffd2\" data-element_type=\"container\" data-e-type=\"container\">\n\t\t\t\t\t<div class=\"e-con-inner\">\n\t\t\t\t<div class=\"elementor-element elementor-element-cpd9ce4c0 elementor-widget elementor-widget-heading\" data-id=\"cpd9ce4c0\" data-element_type=\"widget\" data-e-type=\"widget\" data-widget_type=\"heading.default\">\n\t\t\t\t\t<h2 class=\"elementor-heading-title elementor-size-default\">Manannan, Lugh a pest\u00fanstvo v bo\u017eskom \u013eude<\/h2>\t\t\t\t<\/div>\n\t\t<div class=\"elementor-element elementor-element-cpc5279ee e-con-full e-flex e-con e-child\" data-id=\"cpc5279ee\" data-element_type=\"container\" data-e-type=\"container\">\n\t\t\t\t<div class=\"elementor-element elementor-element-cpecea760 elementor-widget elementor-widget-text-editor\" data-id=\"cpecea760\" data-element_type=\"widget\" data-e-type=\"widget\" data-widget_type=\"text-editor.default\">\n\t\t\t\t\t\t\t\t\t<p>V \u00edrskej <span class=\"iwg-fachbegriff\" data-tooltip=\"Odovzd\u00e1vanie vedomost\u00ed a rozpr\u00e1van\u00ed z gener\u00e1cie na gener\u00e1ciu.\" tabindex=\"0\">trad\u00edcii<\/span> je Manannan pevne zapojen\u00fd do vz\u0165ahovej siete <em>Tuatha De Danann<\/em>, a to najm\u00e4 prostredn\u00edctvom in\u0161tit\u00facie pest\u00fanskej otcovskej starostlivosti. V stredovekom \u00cdrsku bolo odovzdanie die\u0165a\u0165a pest\u00fanovi d\u00f4le\u017eitou spolo\u010denskou praxou, ktor\u00e1 vytv\u00e1rala spojenectv\u00e1. Rozpr\u00e1vania pren\u00e1\u0161aj\u00fa tento vzorec na bohov.<\/p><p>Najzn\u00e1mej\u0161ia je Manannanova \u00faloha ako pest\u00fanskeho otca boha svetla Lugha. Pod\u013ea <span class=\"iwg-fachbegriff\" data-tooltip=\"Odovzd\u00e1vanie vedomost\u00ed a rozpr\u00e1van\u00ed z gener\u00e1cie na gener\u00e1ciu.\" tabindex=\"0\">trad\u00edcie<\/span> vyrastal Lugh u Manannana v jeho z\u00e1hrobnej r\u00ed\u0161i, a boh mora ho vybavil niektor\u00fdmi svojimi darmi, predt\u00fdm ne\u017e sa Lugh pripojil k <em>Tuatha De Danann<\/em>. Manannan tak stoj\u00ed na za\u010diatku hrdinskej cesty jednej z \u00fastredn\u00fdch post\u00e1v \u00edrskeho pante\u00f3nu.<\/p><p>Aj po por\u00e1\u017eke <em>Tuatha De Danann<\/em> od \u013eudsk\u00fdch dobyvate\u013eov si Manannan zachov\u00e1va usporad\u00favaciu funkciu.<\/p><p>Jedna <span class=\"iwg-fachbegriff\" data-tooltip=\"Odovzd\u00e1vanie vedomost\u00ed a rozpr\u00e1van\u00ed z gener\u00e1cie na gener\u00e1ciu.\" tabindex=\"0\">trad\u00edcia<\/span>, zn\u00e1ma ako <em>Altram Tige Da Medar<\/em>, \u010di\u017ee v\u00fdchova v dome dvoch mlie\u010dnych n\u00e1dob, mu pripisuje, \u017ee po odchode bo\u017esk\u00e9ho \u013eudu do <em>s\u00eddu<\/em>, teda kopcov a z\u00e1hrobn\u00fdch obydl\u00ed, tieto rozdelil medzi jednotliv\u00fdch bohov a t\u00fdm usporiadal Onen svet.<\/p><p>V tejto \u00falohe p\u00f4sob\u00ed Manannan takmer ako organiz\u00e1tor prechodu z veku bohov do veku \u013eud\u00ed.<\/p><p>Jeho pr\u00edbuzensk\u00e1 sie\u0165 je v pramenoch nejednotn\u00e1. S n\u00edm sa sp\u00e1ja viacero \u017eien, medzi nimi Fand, ktor\u00e1 hr\u00e1 \u00falohu v rozpr\u00e1van\u00ed o chorobnom l\u00f4\u017eku C\u00fa Chulainna. Pripisuj\u00fa sa mu tie\u017e r\u00f4zne deti.<\/p><p>T\u00e1to neur\u010ditos\u0165 je typick\u00e1 pre \u00edrsku bohovsk\u00fa trad\u00edciu, v ktorej sa geneal\u00f3gie l\u00ed\u0161ia pod\u013ea textu a oblasti. Zost\u00e1va v\u0161ak jasn\u00e9, \u017ee Manannan nie je izolovan\u00fdm bohom mora, ale postavou, ktor\u00e1 sp\u00e1ja bo\u017esk\u00fd \u013eud prostredn\u00edctvom pest\u00fanskych v\u00e4zieb a usporiadania Onoho sveta.<\/p>\t\t\t\t\t\t\t\t<\/div>\n\t\t\t\t<\/div>\n\t\t\t\t\t<\/div>\n\t\t\t\t<\/div>\n\t\t<div class=\"elementor-element elementor-element-cpa5d3d19 e-flex e-con-boxed e-con e-parent\" data-id=\"cpa5d3d19\" data-element_type=\"container\" data-e-type=\"container\">\n\t\t\t\t\t<div class=\"e-con-inner\">\n\t\t\t\t<div class=\"elementor-element elementor-element-cpcf56e79 elementor-widget elementor-widget-heading\" data-id=\"cpcf56e79\" data-element_type=\"widget\" data-e-type=\"widget\" data-widget_type=\"heading.default\">\n\t\t\t\t\t<h2 class=\"elementor-heading-title elementor-size-default\">Ostrov Man a pretrv\u00e1vanie v \u013eudovej viere<\/h2>\t\t\t\t<\/div>\n\t\t<div class=\"elementor-element elementor-element-cp2ced30c e-con-full e-flex e-con e-child\" data-id=\"cp2ced30c\" data-element_type=\"container\" data-e-type=\"container\">\n\t\t\t\t<div class=\"elementor-element elementor-element-cp06133ed elementor-widget elementor-widget-text-editor\" data-id=\"cp06133ed\" data-element_type=\"widget\" data-e-type=\"widget\" data-widget_type=\"text-editor.default\">\n\t\t\t\t\t\t\t\t\t<p>Ostrov Man v \u00cdrskom mori nesie pod\u013ea v\u0161eobecne prij\u00edman\u00e9ho a u\u017e v stredoveku dosved\u010den\u00e9ho n\u00e1zoru svoje meno v spojen\u00ed s Manannanom. Stredovek\u00e9 \u00edrske texty ho uv\u00e1dzaj\u00fa ako prv\u00e9ho vl\u00e1dcu alebo ochrann\u00e9ho ducha ostrova a pripisuj\u00fa mu, \u017ee ho zaha\u013eoval hmlou, aby ho ukryl pred nepriate\u013emi.<\/p><p>\u010ci je n\u00e1zov ostrova skuto\u010dne odvoden\u00fd z mena boha, alebo bolo spojenie vytvoren\u00e9 naopak druhotne, nie je z jazykovedn\u00e9ho h\u013eadiska definit\u00edvne objasnen\u00e9, av\u0161ak toto tesn\u00e9 spojenie je star\u00e9 a kult\u00farne p\u00f4sobiv\u00e9.<\/p><p>Na ostrove Man sa pamiatka na Manannana zachovala a\u017e do novoveku.<\/p><p>Folkl\u00f3rne z\u00e1znamy z osemn\u00e1steho a dev\u00e4tn\u00e1steho storo\u010dia dosved\u010duj\u00fa <span class=\"iwg-fachbegriff\" data-tooltip=\"Tradi\u010dn\u00fd, v spolo\u010denstve pravidelne opakovan\u00fd \u00fakon.\" tabindex=\"0\">zvyk<\/span> prin\u00e1\u0161a\u0165 bytosti pam\u00e4tanej ako <em>Manannan beg mac y Leirr<\/em> dar z trstiny alebo zelen\u00e9ho t\u0155stia po\u010das letn\u00e9ho slnovratu alebo v predve\u010der ur\u010dit\u00fdch sviatkov, \u010dasto na n\u00e1vr\u0161\u00ed. Tento <span class=\"iwg-fachbegriff\" data-tooltip=\"Tradi\u010dn\u00fd, v spolo\u010denstve pravidelne opakovan\u00fd \u00fakon.\" tabindex=\"0\">zvyk<\/span> sp\u00e1jal star\u00fa postavu s rytmom ro\u013en\u00edckeho a ryb\u00e1rskeho \u017eivota.<\/p><p>V samotnom \u00cdrsku pretrv\u00e1valo meno v miestnych n\u00e1zvoch, pr\u00edsloviach a rozpr\u00e1vaniach, \u010dasto v\u00fdrazne pozmenen\u00e9 a oddelen\u00e9 od u\u010denej <span class=\"iwg-fachbegriff\" data-tooltip=\"Odovzd\u00e1vanie vedomost\u00ed a rozpr\u00e1van\u00ed z gener\u00e1cie na gener\u00e1ciu.\" tabindex=\"0\">trad\u00edcie<\/span>. Znovuobjavenie stredovek\u00fdch rukopisov keltskou filol\u00f3giou dev\u00e4tn\u00e1steho a dvadsiateho storo\u010dia potom priviedlo boha sp\u00e4\u0165 aj do liter\u00e1rneho povedomia.<\/p><p>V modernom kult\u00farnom \u017eivote je Manannan pr\u00edtomn\u00fd na ostrove Man, napr\u00edklad vo verejnom umen\u00ed a v starostlivosti o miestnu identitu.<\/p><p>T\u00e1to trv\u00e1cnos\u0165 ukazuje, \u017ee t\u00e1to postava nie je len predmetom v\u00fdskumu rukopisov, ale prostredn\u00edctvom ostrovnej kult\u00fary si udr\u017eala nepretr\u017eit\u00fa, hoci premenen\u00fa linku a\u017e do s\u00fa\u010dasnosti. Manannan tak patr\u00ed k t\u00fdm m\u00e1lo keltsk\u00fdm bohovsk\u00fdm postav\u00e1m, ktor\u00fdch meno sa nikdy \u00faplne nestratilo.<\/p>\t\t\t\t\t\t\t\t<\/div>\n\t\t\t\t<\/div>\n\t\t\t\t\t<\/div>\n\t\t\t\t<\/div>\n\t\t<div class=\"elementor-element elementor-element-36dd7469 e-flex e-con-boxed e-con e-parent\" data-id=\"36dd7469\" data-element_type=\"container\" data-e-type=\"container\">\n\t\t\t\t\t<div class=\"e-con-inner\">\n\t\t\t\t<div class=\"elementor-element elementor-element-13760ab4 elementor-widget elementor-widget-heading\" data-id=\"13760ab4\" data-element_type=\"widget\" data-e-type=\"widget\" data-widget_type=\"heading.default\">\n\t\t\t\t\t<h2 class=\"elementor-heading-title elementor-size-default\">S\u00favisiace odkazy<\/h2>\t\t\t\t<\/div>\n\t\t<div class=\"elementor-element elementor-element-28c87796 e-con-full e-flex e-con e-child\" data-id=\"28c87796\" data-element_type=\"container\" data-e-type=\"container\">\n\t\t\t\t<div class=\"elementor-element elementor-element-5d6538df elementor-widget elementor-widget-text-editor\" data-id=\"5d6538df\" data-element_type=\"widget\" data-e-type=\"widget\" data-widget_type=\"text-editor.default\">\n\t\t\t\t\t\t\t\t\t<ul><li><a href=\"https:\/\/iwell-guard.com\/sk\/?page_id=157824\">Lugh, boh svetla a bojovn\u00edk<\/a><\/li><li><a href=\"https:\/\/iwell-guard.com\/sk\/?page_id=157752\">Dagda, otec bohov a v\u0161evediaci<\/a><\/li><\/ul>\n\t\t\t\t\t\t\t\t<\/div>\n\t\t\t\t<\/div>\n\t\t\t\t\t<\/div>\n\t\t\t\t<\/div>\n\t\t<div class=\"elementor-element elementor-element-grl4kl40 e-flex e-con-boxed e-con e-parent\" data-id=\"grl4kl40\" data-element_type=\"container\" data-e-type=\"container\">\n\t\t\t\t\t<div class=\"e-con-inner\">\n\t\t\t\t<div class=\"elementor-element elementor-element-bzsbfrmh elementor-widget elementor-widget-heading\" data-id=\"bzsbfrmh\" data-element_type=\"widget\" data-e-type=\"widget\" data-widget_type=\"heading.default\">\n\t\t\t\t\t<h2 class=\"elementor-heading-title elementor-size-default\">Literat\u00fara (v\u00fdber)<\/h2>\t\t\t\t<\/div>\n\t\t<div class=\"elementor-element elementor-element-2c13224a e-con-full e-flex e-con e-child\" data-id=\"2c13224a\" data-element_type=\"container\" data-e-type=\"container\">\n\t\t\t\t<div class=\"elementor-element elementor-element-0eymh9ub elementor-widget elementor-widget-text-editor\" data-id=\"0eymh9ub\" data-element_type=\"widget\" data-e-type=\"widget\" data-widget_type=\"text-editor.default\">\n\t\t\t\t\t\t\t\t\t<footer class=\"iwg-literatur\" data-nosnippet=\"true\"><ul><li><span data-nosnippet>\u00d3 h\u00d3g\u00e1in, D.: <em>The Sacred Isle: Belief and Religion in Pre-Christian Ireland<\/em>. Cork University Press, 1999.<\/span><\/li><li><span data-nosnippet>MacKillop, J.: <em>Dictionary of Celtic Mythology<\/em>. Oxford University Press, 2004.<\/span><\/li><\/ul>\n<\/footer>\n<p class=\"iwg-bib-more\"><span data-nosnippet>\u010eal\u0161ie z\u00e1kladn\u00e9 diela v <a href=\"https:\/\/iwell-guard.com\/sk\/?page_id=157722\">zozname literat\u00fary<\/a>.<\/span><\/p>\t\t\t\t\t\t\t\t<\/div>\n\t\t\t\t<\/div>\n\t\t\t\t\t<\/div>\n\t\t\t\t<\/div>\n\t\t\t\t<\/div>\n\t\t","protected":false},"excerpt":{"rendered":"","protected":false},"author":3,"featured_media":1617,"parent":0,"menu_order":0,"comment_status":"closed","ping_status":"closed","template":"elementor_header_footer","meta":{"_yoast_wpseo_focuskw":"Manannan mac Lir","_yoast_wpseo_title":"Manannan mac Lir - P\u00e1n mora a Druh\u00e9ho svet","_yoast_wpseo_metadesc":"Manann\u00e1n mac Lir, keltsk\u00fd boh mora a p\u00e1n Druh\u00e9ho sveta: pl\u00e1\u0161\u0165 z hmly, T\u00edr na n\u00d3g a zvyk z ostrova Man. M\u00fdtus a stav pramenov.","_yoast_wpseo_meta-robots-noindex":"","_yoast_wpseo_canonical":"","_angie_page":false,"gefaehrdungsstufe":"2","wesen_kultur":"keltisch","wesen_klasse":"goetter","footnotes":""},"categories":[],"class_list":["post-157825","page","type-page","status-publish","has-post-thumbnail","hentry"],"yoast_head":"<!-- This site is optimized with the Yoast SEO Premium plugin v27.7 (Yoast SEO v28.3) - https:\/\/yoast.com\/product\/yoast-seo-premium-wordpress\/ -->\n<title>Manannan mac Lir - P\u00e1n mora a Druh\u00e9ho svet<\/title>\n<meta name=\"description\" content=\"Manann\u00e1n mac Lir, keltsk\u00fd boh mora a p\u00e1n Druh\u00e9ho sveta: pl\u00e1\u0161\u0165 z hmly, T\u00edr na n\u00d3g a zvyk z ostrova Man. M\u00fdtus a stav pramenov.\" \/>\n<meta name=\"robots\" content=\"index, follow, max-snippet:-1, max-image-preview:large, max-video-preview:-1\" \/>\n<link rel=\"canonical\" href=\"https:\/\/iwell-guard.com\/sk\/manannan-mac-lir\/\" \/>\n<meta property=\"og:locale\" content=\"sk_SK\" \/>\n<meta property=\"og:type\" content=\"article\" \/>\n<meta property=\"og:title\" content=\"Manannan mac Lir\" \/>\n<meta property=\"og:description\" content=\"Manann\u00e1n mac Lir, keltsk\u00fd boh mora a p\u00e1n Druh\u00e9ho sveta: pl\u00e1\u0161\u0165 z hmly, T\u00edr na n\u00d3g a zvyk z ostrova Man. M\u00fdtus a stav pramenov.\" \/>\n<meta property=\"og:url\" content=\"https:\/\/iwell-guard.com\/sk\/manannan-mac-lir\/\" \/>\n<meta property=\"og:site_name\" content=\"iWell Guard\" \/>\n<meta property=\"article:modified_time\" content=\"2026-09-04T22:43:23+00:00\" \/>\n<meta property=\"og:image\" content=\"https:\/\/iwell-guard.com\/wp-content\/uploads\/2026\/04\/goetter_keltisch_manannan-mac-lir.webp\" \/>\n\t<meta property=\"og:image:width\" content=\"1024\" \/>\n\t<meta property=\"og:image:height\" content=\"1536\" \/>\n\t<meta property=\"og:image:type\" content=\"image\/webp\" \/>\n<meta name=\"twitter:card\" content=\"summary_large_image\" \/>\n<script type=\"application\/ld+json\" class=\"yoast-schema-graph\">{\"@context\":\"https:\\\/\\\/schema.org\",\"@graph\":[{\"@type\":\"WebPage\",\"@id\":\"https:\\\/\\\/iwell-guard.com\\\/sk\\\/manannan-mac-lir\\\/\",\"url\":\"https:\\\/\\\/iwell-guard.com\\\/sk\\\/manannan-mac-lir\\\/\",\"name\":\"Manannan mac Lir - P\u00e1n mora a Druh\u00e9ho svet\",\"isPartOf\":{\"@id\":\"https:\\\/\\\/iwell-guard.com\\\/sk\\\/#website\"},\"primaryImageOfPage\":{\"@id\":\"https:\\\/\\\/iwell-guard.com\\\/sk\\\/manannan-mac-lir\\\/#primaryimage\"},\"image\":{\"@id\":\"https:\\\/\\\/iwell-guard.com\\\/sk\\\/manannan-mac-lir\\\/#primaryimage\"},\"thumbnailUrl\":\"https:\\\/\\\/iwell-guard.com\\\/wp-content\\\/uploads\\\/2026\\\/04\\\/goetter_keltisch_manannan-mac-lir.webp\",\"datePublished\":\"2026-09-04T22:18:04+00:00\",\"dateModified\":\"2026-09-04T22:43:23+00:00\",\"description\":\"Manann\u00e1n mac Lir, keltsk\u00fd boh mora a p\u00e1n Druh\u00e9ho sveta: pl\u00e1\u0161\u0165 z hmly, T\u00edr na n\u00d3g a zvyk z ostrova Man. M\u00fdtus a stav pramenov.\",\"breadcrumb\":{\"@id\":\"https:\\\/\\\/iwell-guard.com\\\/sk\\\/manannan-mac-lir\\\/#breadcrumb\"},\"inLanguage\":\"sk-SK\",\"potentialAction\":[{\"@type\":\"ReadAction\",\"target\":[\"https:\\\/\\\/iwell-guard.com\\\/sk\\\/manannan-mac-lir\\\/\"]}]},{\"@type\":\"ImageObject\",\"inLanguage\":\"sk-SK\",\"@id\":\"https:\\\/\\\/iwell-guard.com\\\/sk\\\/manannan-mac-lir\\\/#primaryimage\",\"url\":\"https:\\\/\\\/iwell-guard.com\\\/wp-content\\\/uploads\\\/2026\\\/04\\\/goetter_keltisch_manannan-mac-lir.webp\",\"contentUrl\":\"https:\\\/\\\/iwell-guard.com\\\/wp-content\\\/uploads\\\/2026\\\/04\\\/goetter_keltisch_manannan-mac-lir.webp\",\"width\":1024,\"height\":1536,\"caption\":\"Bohovia z keltskej trad\u00edcie.\"},{\"@type\":\"BreadcrumbList\",\"@id\":\"https:\\\/\\\/iwell-guard.com\\\/sk\\\/manannan-mac-lir\\\/#breadcrumb\",\"itemListElement\":[{\"@type\":\"ListItem\",\"position\":1,\"name\":\"Start\",\"item\":\"https:\\\/\\\/iwell-guard.com\\\/sk\\\/?page_id=157572\"},{\"@type\":\"ListItem\",\"position\":2,\"name\":\"Manannan mac Lir\"}]},{\"@type\":\"WebSite\",\"@id\":\"https:\\\/\\\/iwell-guard.com\\\/sk\\\/#website\",\"url\":\"https:\\\/\\\/iwell-guard.com\\\/sk\\\/\",\"name\":\"iWell Guard\",\"description\":\"Schutz vor dunklen Einfl\u00fcssen\",\"publisher\":{\"@id\":\"https:\\\/\\\/iwell-guard.com\\\/sk\\\/#organization\"},\"potentialAction\":[{\"@type\":\"SearchAction\",\"target\":{\"@type\":\"EntryPoint\",\"urlTemplate\":\"https:\\\/\\\/iwell-guard.com\\\/sk\\\/?s={search_term_string}\"},\"query-input\":{\"@type\":\"PropertyValueSpecification\",\"valueRequired\":true,\"valueName\":\"search_term_string\"}}],\"inLanguage\":\"sk-SK\"},{\"@type\":\"Organization\",\"@id\":\"https:\\\/\\\/iwell-guard.com\\\/sk\\\/#organization\",\"name\":\"Ittermann electronic GmbH\",\"url\":\"https:\\\/\\\/iwell-guard.com\\\/sk\\\/\",\"logo\":{\"@type\":\"ImageObject\",\"inLanguage\":\"sk-SK\",\"@id\":\"https:\\\/\\\/iwell-guard.com\\\/sk\\\/#\\\/schema\\\/logo\\\/image\\\/\",\"url\":\"https:\\\/\\\/iwell-guard.com\\\/wp-content\\\/uploads\\\/2026\\\/05\\\/Ittermann-Logo-1182x237-1.png\",\"contentUrl\":\"https:\\\/\\\/iwell-guard.com\\\/wp-content\\\/uploads\\\/2026\\\/05\\\/Ittermann-Logo-1182x237-1.png\",\"width\":1182,\"height\":237,\"caption\":\"Ittermann electronic GmbH\"},\"image\":{\"@id\":\"https:\\\/\\\/iwell-guard.com\\\/sk\\\/#\\\/schema\\\/logo\\\/image\\\/\"},\"sameAs\":[\"https:\\\/\\\/pantip.com\\\/profile\\\/9367242\",\"https:\\\/\\\/micro.blog\\\/iwellguard\",\"https:\\\/\\\/www.diggerslist.com\\\/iwellguard\\\/about\",\"https:\\\/\\\/skitterphoto.com\\\/photographers\\\/2870314\\\/iwell-guard\",\"https:\\\/\\\/iwellguard.wordpress.com\\\/2026\\\/06\\\/06\\\/iwell-guard\\\/\",\"https:\\\/\\\/hub.docker.com\\\/u\\\/iwellguard\",\"https:\\\/\\\/www.pinterest.com\\\/iwellguard\\\/\",\"https:\\\/\\\/bit.ly\\\/m\\\/iwellguard\",\"https:\\\/\\\/entre-vos-mains.alsace.eu\\\/profiles\\\/iwellguard\\\/activity\",\"https:\\\/\\\/gravatar.com\\\/reallybeded8fd34\",\"https:\\\/\\\/naijamatta.com\\\/iwellguard\",\"https:\\\/\\\/www.goodreads.com\\\/iwellguard\",\"https:\\\/\\\/profile.hatena.ne.jp\\\/iwellguard\\\/\",\"https:\\\/\\\/experiment.com\\\/users\\\/iwellguard\",\"https:\\\/\\\/wakelet.com\\\/@iWellGuard82270\",\"https:\\\/\\\/www.chordie.com\\\/forum\\\/profile.php?id=2555664\",\"https:\\\/\\\/www.instapaper.com\\\/p\\\/17757966\",\"https:\\\/\\\/www.mapleprimes.com\\\/users\\\/iwellguard\",\"https:\\\/\\\/businesslistingplus.com\\\/profile\\\/iwell-guard\\\/\",\"https:\\\/\\\/telegra.ph\\\/iWell-Guard-06-06\",\"https:\\\/\\\/pbase.com\\\/iwellguard\\\/iwellguard\",\"https:\\\/\\\/b.hatena.ne.jp\\\/iwellguard\\\/20260607#bookmark-4788405196491818882\",\"https:\\\/\\\/fliphtml5.com\\\/home\\\/iwellguard\",\"https:\\\/\\\/anyflip.com\\\/homepage\\\/cmiwl#About\",\"https:\\\/\\\/transfur.com\\\/Users\\\/iwellguard\",\"http:\\\/\\\/delphi.larsbo.org\\\/user\\\/iwellguard\",\"https:\\\/\\\/jobs.lajobsportal.org\\\/profiles\\\/8380803-iwell-guard\",\"https:\\\/\\\/md.chaosdorf.de\\\/s\\\/jfbe5SBdJD\",\"https:\\\/\\\/www.lingvolive.com\\\/en-us\\\/profile\\\/9ecaeaca-ce11-4e51-9e71-01d55e2bff36\\\/translations\",\"https:\\\/\\\/www.fitday.com\\\/fitness\\\/forums\\\/members\\\/iwellguard.html\",\"https:\\\/\\\/www.mymeetbook.com\\\/iwellguard\",\"https:\\\/\\\/pxhere.com\\\/en\\\/photographer-me\\\/5040798\",\"https:\\\/\\\/disqus.com\\\/by\\\/iwellguard\\\/about\\\/\",\"https:\\\/\\\/pastelink.net\\\/hjwciqwq\",\"https:\\\/\\\/pubhtml5.com\\\/homepage\\\/scjhn\\\/\",\"https:\\\/\\\/www.bitchute.com\\\/channel\\\/2O2eOKzNqujT\",\"https:\\\/\\\/audiomack.com\\\/iwellguard\"]},{\"@type\":\"Article\",\"@id\":\"https:\\\/\\\/iwell-guard.com\\\/sk\\\/manannan-mac-lir\\\/#article\",\"isPartOf\":{\"@id\":\"https:\\\/\\\/iwell-guard.com\\\/sk\\\/manannan-mac-lir\\\/\"},\"author\":{\"name\":\"Ralf Ittermann\",\"@id\":\"https:\\\/\\\/iwell-guard.com\\\/sk\\\/#\\\/schema\\\/person\\\/ee2a27f1cac3406c7c6fb5820cb7349f\"},\"headline\":\"Manannan mac Lir\",\"datePublished\":\"2026-09-04T22:18:04+00:00\",\"dateModified\":\"2026-09-04T22:43:23+00:00\",\"mainEntityOfPage\":{\"@id\":\"https:\\\/\\\/iwell-guard.com\\\/sk\\\/manannan-mac-lir\\\/\"},\"publisher\":{\"@id\":\"https:\\\/\\\/iwell-guard.com\\\/sk\\\/#organization\"},\"image\":{\"@id\":\"https:\\\/\\\/iwell-guard.com\\\/sk\\\/manannan-mac-lir\\\/#primaryimage\"},\"thumbnailUrl\":\"https:\\\/\\\/iwell-guard.com\\\/wp-content\\\/uploads\\\/2026\\\/04\\\/goetter_keltisch_manannan-mac-lir.webp\",\"inLanguage\":\"sk-SK\",\"description\":\"Manann\u00e1n mac Lir, keltsk\u00fd boh mora a p\u00e1n Druh\u00e9ho sveta: pl\u00e1\u0161\u0165 z hmly, T\u00edr na n\u00d3g a zvyk z ostrova Man. M\u00fdtus a stav pramenov.\"}]}<\/script>\n<!-- \/ Yoast SEO Premium plugin. -->","yoast_head_json":{"title":"Manannan mac Lir - P\u00e1n mora a Druh\u00e9ho svet","description":"Manann\u00e1n mac Lir, keltsk\u00fd boh mora a p\u00e1n Druh\u00e9ho sveta: pl\u00e1\u0161\u0165 z hmly, T\u00edr na n\u00d3g a zvyk z ostrova Man. M\u00fdtus a stav pramenov.","robots":{"index":"index","follow":"follow","max-snippet":"max-snippet:-1","max-image-preview":"max-image-preview:large","max-video-preview":"max-video-preview:-1"},"canonical":"https:\/\/iwell-guard.com\/sk\/manannan-mac-lir\/","og_locale":"sk_SK","og_type":"article","og_title":"Manannan mac Lir","og_description":"Manann\u00e1n mac Lir, keltsk\u00fd boh mora a p\u00e1n Druh\u00e9ho sveta: pl\u00e1\u0161\u0165 z hmly, T\u00edr na n\u00d3g a zvyk z ostrova Man. M\u00fdtus a stav pramenov.","og_url":"https:\/\/iwell-guard.com\/sk\/manannan-mac-lir\/","og_site_name":"iWell Guard","article_modified_time":"2026-09-04T22:43:23+00:00","og_image":[{"width":1024,"height":1536,"url":"https:\/\/iwell-guard.com\/wp-content\/uploads\/2026\/04\/goetter_keltisch_manannan-mac-lir.webp","type":"image\/webp"}],"twitter_card":"summary_large_image","schema":{"@context":"https:\/\/schema.org","@graph":[{"@type":"Article","@id":"https:\/\/iwell-guard.com\/sk\/manannan-mac-lir\/#article","isPartOf":{"@id":"https:\/\/iwell-guard.com\/sk\/manannan-mac-lir\/"},"author":{"name":"Ralf Ittermann","@id":"https:\/\/iwell-guard.com\/sk\/#\/schema\/person\/ee2a27f1cac3406c7c6fb5820cb7349f"},"headline":"Manannan mac Lir","datePublished":"2026-09-04T22:18:04+00:00","dateModified":"2026-09-04T22:43:23+00:00","mainEntityOfPage":{"@id":"https:\/\/iwell-guard.com\/sk\/manannan-mac-lir\/"},"publisher":{"@id":"https:\/\/iwell-guard.com\/sk\/#organization"},"image":{"@id":"https:\/\/iwell-guard.com\/sk\/manannan-mac-lir\/#primaryimage"},"thumbnailUrl":"https:\/\/iwell-guard.com\/wp-content\/uploads\/2026\/04\/goetter_keltisch_manannan-mac-lir.webp","inLanguage":"sk-SK","description":"Manann\u00e1n mac Lir, keltsk\u00fd boh mora a p\u00e1n Druh\u00e9ho sveta: pl\u00e1\u0161\u0165 z hmly, T\u00edr na n\u00d3g a zvyk z ostrova Man. M\u00fdtus a stav pramenov."},{"@type":"WebPage","@id":"https:\/\/iwell-guard.com\/sk\/manannan-mac-lir\/","url":"https:\/\/iwell-guard.com\/sk\/manannan-mac-lir\/","name":"Manannan mac Lir - P\u00e1n mora a Druh\u00e9ho svet","isPartOf":{"@id":"https:\/\/iwell-guard.com\/sk\/#website"},"primaryImageOfPage":{"@id":"https:\/\/iwell-guard.com\/sk\/manannan-mac-lir\/#primaryimage"},"image":{"@id":"https:\/\/iwell-guard.com\/sk\/manannan-mac-lir\/#primaryimage"},"thumbnailUrl":"https:\/\/iwell-guard.com\/wp-content\/uploads\/2026\/04\/goetter_keltisch_manannan-mac-lir.webp","datePublished":"2026-09-04T22:18:04+00:00","dateModified":"2026-09-04T22:43:23+00:00","description":"Manann\u00e1n mac Lir, keltsk\u00fd boh mora a p\u00e1n Druh\u00e9ho sveta: pl\u00e1\u0161\u0165 z hmly, T\u00edr na n\u00d3g a zvyk z ostrova Man. M\u00fdtus a stav pramenov.","breadcrumb":{"@id":"https:\/\/iwell-guard.com\/sk\/manannan-mac-lir\/#breadcrumb"},"inLanguage":"sk-SK","potentialAction":[{"@type":"ReadAction","target":["https:\/\/iwell-guard.com\/sk\/manannan-mac-lir\/"]}]},{"@type":"ImageObject","inLanguage":"sk-SK","@id":"https:\/\/iwell-guard.com\/sk\/manannan-mac-lir\/#primaryimage","url":"https:\/\/iwell-guard.com\/wp-content\/uploads\/2026\/04\/goetter_keltisch_manannan-mac-lir.webp","contentUrl":"https:\/\/iwell-guard.com\/wp-content\/uploads\/2026\/04\/goetter_keltisch_manannan-mac-lir.webp","width":1024,"height":1536,"caption":"Bohovia z keltskej trad\u00edcie."},{"@type":"BreadcrumbList","@id":"https:\/\/iwell-guard.com\/sk\/manannan-mac-lir\/#breadcrumb","itemListElement":[{"@type":"ListItem","position":1,"name":"Start","item":"https:\/\/iwell-guard.com\/sk\/?page_id=157572"},{"@type":"ListItem","position":2,"name":"Manannan mac Lir"}]},{"@type":"WebSite","@id":"https:\/\/iwell-guard.com\/sk\/#website","url":"https:\/\/iwell-guard.com\/sk\/","name":"iWell Guard","description":"Schutz vor dunklen Einfl\u00fcssen","publisher":{"@id":"https:\/\/iwell-guard.com\/sk\/#organization"},"potentialAction":[{"@type":"SearchAction","target":{"@type":"EntryPoint","urlTemplate":"https:\/\/iwell-guard.com\/sk\/?s={search_term_string}"},"query-input":{"@type":"PropertyValueSpecification","valueRequired":true,"valueName":"search_term_string"}}],"inLanguage":"sk-SK"},{"@type":"Organization","@id":"https:\/\/iwell-guard.com\/sk\/#organization","name":"Ittermann electronic GmbH","url":"https:\/\/iwell-guard.com\/sk\/","logo":{"@type":"ImageObject","inLanguage":"sk-SK","@id":"https:\/\/iwell-guard.com\/sk\/#\/schema\/logo\/image\/","url":"https:\/\/iwell-guard.com\/wp-content\/uploads\/2026\/05\/Ittermann-Logo-1182x237-1.png","contentUrl":"https:\/\/iwell-guard.com\/wp-content\/uploads\/2026\/05\/Ittermann-Logo-1182x237-1.png","width":1182,"height":237,"caption":"Ittermann electronic GmbH"},"image":{"@id":"https:\/\/iwell-guard.com\/sk\/#\/schema\/logo\/image\/"},"sameAs":["https:\/\/pantip.com\/profile\/9367242","https:\/\/micro.blog\/iwellguard","https:\/\/www.diggerslist.com\/iwellguard\/about","https:\/\/skitterphoto.com\/photographers\/2870314\/iwell-guard","https:\/\/iwellguard.wordpress.com\/2026\/06\/06\/iwell-guard\/","https:\/\/hub.docker.com\/u\/iwellguard","https:\/\/www.pinterest.com\/iwellguard\/","https:\/\/bit.ly\/m\/iwellguard","https:\/\/entre-vos-mains.alsace.eu\/profiles\/iwellguard\/activity","https:\/\/gravatar.com\/reallybeded8fd34","https:\/\/naijamatta.com\/iwellguard","https:\/\/www.goodreads.com\/iwellguard","https:\/\/profile.hatena.ne.jp\/iwellguard\/","https:\/\/experiment.com\/users\/iwellguard","https:\/\/wakelet.com\/@iWellGuard82270","https:\/\/www.chordie.com\/forum\/profile.php?id=2555664","https:\/\/www.instapaper.com\/p\/17757966","https:\/\/www.mapleprimes.com\/users\/iwellguard","https:\/\/businesslistingplus.com\/profile\/iwell-guard\/","https:\/\/telegra.ph\/iWell-Guard-06-06","https:\/\/pbase.com\/iwellguard\/iwellguard","https:\/\/b.hatena.ne.jp\/iwellguard\/20260607#bookmark-4788405196491818882","https:\/\/fliphtml5.com\/home\/iwellguard","https:\/\/anyflip.com\/homepage\/cmiwl#About","https:\/\/transfur.com\/Users\/iwellguard","http:\/\/delphi.larsbo.org\/user\/iwellguard","https:\/\/jobs.lajobsportal.org\/profiles\/8380803-iwell-guard","https:\/\/md.chaosdorf.de\/s\/jfbe5SBdJD","https:\/\/www.lingvolive.com\/en-us\/profile\/9ecaeaca-ce11-4e51-9e71-01d55e2bff36\/translations","https:\/\/www.fitday.com\/fitness\/forums\/members\/iwellguard.html","https:\/\/www.mymeetbook.com\/iwellguard","https:\/\/pxhere.com\/en\/photographer-me\/5040798","https:\/\/disqus.com\/by\/iwellguard\/about\/","https:\/\/pastelink.net\/hjwciqwq","https:\/\/pubhtml5.com\/homepage\/scjhn\/","https:\/\/www.bitchute.com\/channel\/2O2eOKzNqujT","https:\/\/audiomack.com\/iwellguard"]},{"@type":"Person","@id":"https:\/\/iwell-guard.com\/sk\/#\/schema\/person\/ee2a27f1cac3406c7c6fb5820cb7349f","name":"Ralf Ittermann","image":{"@type":"ImageObject","inLanguage":"sk-SK","@id":"https:\/\/secure.gravatar.com\/avatar\/073c0153e350a5005b68eb752b445fea71f6b24a26da9449ad7e155e6b446c9d?s=96&d=mm&r=g","url":"https:\/\/secure.gravatar.com\/avatar\/073c0153e350a5005b68eb752b445fea71f6b24a26da9449ad7e155e6b446c9d?s=96&d=mm&r=g","contentUrl":"https:\/\/secure.gravatar.com\/avatar\/073c0153e350a5005b68eb752b445fea71f6b24a26da9449ad7e155e6b446c9d?s=96&d=mm&r=g","caption":"Ralf Ittermann"},"givenName":"Ralf","familyName":"Ittermann","jobTitle":"Gesch\u00e4ftsf\u00fchrer und redaktioneller Verantwortlicher","url":"https:\/\/iwell-guard.com\/sk\/author\/claude\/","description":"Ralf Ittermann ist Gesch\u00e4ftsf\u00fchrer der Ittermann electronic GmbH und redaktioneller Verantwortlicher des iWell-Guard-Lexikons. Er verbindet langj\u00e4hrige Erfahrung in der Pr\u00e4zisionsfertigung mit medialer Praxis und religionsgeschichtlicher Quellenarbeit.","worksFor":{"@type":"Organization","name":"Ittermann electronic GmbH","url":"https:\/\/ittermann.de\/","address":{"@type":"PostalAddress","streetAddress":"K\u00f6hlergasse 16-18","postalCode":"99842","addressLocality":"Ruhla","addressCountry":"DE"}},"knowsAbout":["Religionsgeschichte","Mythologie","Mediale Praxis","Energetische Diagnostik","Schutzpraxis","Volksglauben","Westliche Esoterik"]},{"@type":"Article","@id":"https:\/\/iwell-guard.com\/sk\/manannan-mac-lir\/#article","isPartOf":{"@id":"https:\/\/iwell-guard.com\/sk\/manannan-mac-lir\/"},"author":{"name":"Ralf Ittermann","@id":"https:\/\/iwell-guard.com\/sk\/#\/schema\/person\/ee2a27f1cac3406c7c6fb5820cb7349f"},"headline":"Manannan mac Lir","datePublished":"2026-09-04T22:18:04+00:00","dateModified":"2026-09-04T22:43:23+00:00","mainEntityOfPage":{"@id":"https:\/\/iwell-guard.com\/sk\/manannan-mac-lir\/"},"publisher":{"@id":"https:\/\/iwell-guard.com\/sk\/#organization"},"image":{"@id":"https:\/\/iwell-guard.com\/sk\/manannan-mac-lir\/#primaryimage"},"thumbnailUrl":"https:\/\/iwell-guard.com\/wp-content\/uploads\/2026\/04\/goetter_keltisch_manannan-mac-lir.webp","inLanguage":"sk-SK","description":"Manann\u00e1n mac Lir, keltsk\u00fd boh mora a p\u00e1n Druh\u00e9ho sveta: pl\u00e1\u0161\u0165 z hmly, T\u00edr na n\u00d3g a zvyk z ostrova Man. M\u00fdtus a stav pramenov."}]}},"_links":{"self":[{"href":"https:\/\/iwell-guard.com\/sk\/wp-json\/wp\/v2\/pages\/157825","targetHints":{"allow":["GET"]}}],"collection":[{"href":"https:\/\/iwell-guard.com\/sk\/wp-json\/wp\/v2\/pages"}],"about":[{"href":"https:\/\/iwell-guard.com\/sk\/wp-json\/wp\/v2\/types\/page"}],"author":[{"embeddable":true,"href":"https:\/\/iwell-guard.com\/sk\/wp-json\/wp\/v2\/users\/3"}],"replies":[{"embeddable":true,"href":"https:\/\/iwell-guard.com\/sk\/wp-json\/wp\/v2\/comments?post=157825"}],"version-history":[{"count":0,"href":"https:\/\/iwell-guard.com\/sk\/wp-json\/wp\/v2\/pages\/157825\/revisions"}],"wp:featuredmedia":[{"embeddable":true,"href":"https:\/\/iwell-guard.com\/sk\/wp-json\/wp\/v2\/media\/1617"}],"wp:attachment":[{"href":"https:\/\/iwell-guard.com\/sk\/wp-json\/wp\/v2\/media?parent=157825"}],"wp:term":[{"taxonomy":"category","embeddable":true,"href":"https:\/\/iwell-guard.com\/sk\/wp-json\/wp\/v2\/categories?post=157825"}],"curies":[{"name":"wp","href":"https:\/\/api.w.org\/{rel}","templated":true}]}}