{"id":157824,"date":"2026-09-04T22:18:04","date_gmt":"2026-09-04T22:18:04","guid":{"rendered":"https:\/\/iwell-guard.com\/?page_id=157824"},"modified":"2026-09-04T22:43:19","modified_gmt":"2026-09-04T22:43:19","slug":"lugh","status":"publish","type":"page","link":"https:\/\/iwell-guard.com\/sk\/lugh\/","title":{"rendered":"Lugh"},"content":{"rendered":"\t\t<div data-elementor-type=\"wp-page\" data-elementor-id=\"157824\" class=\"elementor elementor-157824 elementor-2126 elementor-bc-flex-widget\" data-elementor-post-type=\"page\">\n\t\t\t\t<div class=\"elementor-element elementor-element-10fdade e-flex e-con-boxed e-con e-parent\" data-id=\"10fdade\" data-element_type=\"container\" data-e-type=\"container\" data-settings=\"{&quot;background_background&quot;:&quot;classic&quot;}\">\n\t\t\t\t\t<div class=\"e-con-inner\">\n\t\t<div class=\"elementor-element elementor-element-herohlft0 e-flex e-con-boxed e-con e-child\" data-id=\"herohlft0\" data-element_type=\"container\" data-e-type=\"container\">\n\t\t\t\t\t<div class=\"e-con-inner\">\n\t\t<div class=\"elementor-element elementor-element-c3ceb64 e-con-full e-flex e-con e-child\" data-id=\"c3ceb64\" data-element_type=\"container\" data-e-type=\"container\">\n\t\t\t\t<div class=\"elementor-element elementor-element-96ae5e1 elementor-widget elementor-widget-heading\" data-id=\"96ae5e1\" data-element_type=\"widget\" data-e-type=\"widget\" data-widget_type=\"heading.default\">\n\t\t\t\t\t<h1 class=\"elementor-heading-title elementor-size-default\">Lugh, boh keltskej trad\u00edcie<\/h1>\t\t\t\t<\/div>\n\t\t\t\t<div class=\"elementor-element elementor-element-e45238a elementor-widget elementor-widget-text-editor\" data-id=\"e45238a\" data-element_type=\"widget\" data-e-type=\"widget\" data-widget_type=\"text-editor.default\">\n\t\t\t\t\t\t\t\t\t<p>Lugh je boh keltskej trad\u00edcie, zn\u00e1my ako \u00bbDlhoruk\u00fd\u00ab (Lugh L\u00e1mfhada), boh umen\u00ed, vojensk\u00e9ho umenia, svetla a remeselnej zru\u010dnosti. Z n\u00e1bo\u017eensko-historick\u00e9ho h\u013eadiska predstavuje indoeur\u00f3psky typ univerz\u00e1lne nadan\u00e9ho kult\u00farneho boha a z kult\u00farno-historick\u00e9ho h\u013eadiska je jedn\u00fdm z najlep\u0161ie dosved\u010den\u00fdch keltsk\u00fdch bo\u017estiev.<\/p>\t\t\t\t\t\t\t\t<\/div>\n\t\t\t\t<\/div>\n\t\t<div class=\"elementor-element elementor-element-klsbdg01 e-con-full e-flex e-con e-parent\" data-id=\"klsbdg01\" data-element_type=\"container\" data-e-type=\"container\">\n\t\t\t\t<div class=\"elementor-element elementor-element-klshtm01 elementor-widget elementor-widget-html\" data-id=\"klshtm01\" data-element_type=\"widget\" data-e-type=\"widget\" data-widget_type=\"html.default\">\n\t\t\t\t\t<div class=\"iwg-pill-row\"><span class=\"iwg-klasse-badge\" tabindex=\"0\" data-tooltip=\"Boh \/ bohy\u0148a: Zosobnen\u00e1 najvy\u0161\u0161ia moc v pante\u00f3ne kult\u00fary, s jasn\u00fdmi p\u00f4sobnos\u0165ami, pr\u00edrodn\u00fdmi silami, osudom, vojnou, plodnos\u0165ou. Uctievan\u00e1 prostredn\u00edctvom kultov, obet\u00ed a chr\u00e1mov\u00fdch in\u0161tit\u00faci\u00ed.\">Boh<\/span><a href=\"https:\/\/iwell-guard.com\/sk\/?page_id=157607\" class=\"iwg-kultur-badge\" tabindex=\"0\" data-tooltip=\"Keltsk\u00e9 n\u00e1bo\u017eenstvo z\u00e1padnej Eur\u00f3py a Britsk\u00fdch ostrovov, mytologicky dochovan\u00e9 prostredn\u00edctvom \u00edrsko-walesk\u00fdch textov.\">Keltsk\u00e1<\/a><a href=\"https:\/\/iwell-guard.com\/sk\/?page_id=157699\" class=\"iwg-tradition-badge\" tabindex=\"0\" data-tooltip=\"Najvy\u0161\u0161\u00ed bohovia pante\u00f3nu, kozmick\u00e1 suverenita, tvoriv\u00fd alebo vl\u00e1dny aspekt.\">Najvy\u0161\u0161ie bo\u017estvo<\/a><\/div>\t\t\t\t<\/div>\n\t\t\t\t<\/div>\n\t\t<div class=\"elementor-element elementor-element-3f74855 e-con-full e-flex e-con e-child\" data-id=\"3f74855\" data-element_type=\"container\" data-e-type=\"container\">\n\t\t\t\t<div class=\"elementor-element elementor-element-1c30362 elementor-toc--minimized-on-tablet elementor-widget elementor-widget-table-of-contents\" data-id=\"1c30362\" data-element_type=\"widget\" data-e-type=\"widget\" data-settings=\"{&quot;exclude_headings_by_selector&quot;:[],&quot;no_headings_message&quot;:&quot;Na tejto str\\u00e1nke sa nena\\u0161li \\u017eiadne nadpisy.&quot;,&quot;headings_by_tags&quot;:[&quot;h2&quot;,&quot;h3&quot;],&quot;marker_view&quot;:&quot;bullets&quot;,&quot;minimize_box&quot;:&quot;yes&quot;,&quot;icon&quot;:{&quot;value&quot;:&quot;fas fa-circle&quot;,&quot;library&quot;:&quot;fa-solid&quot;,&quot;rendered_tag&quot;:&quot;&lt;svg class=\\&quot;e-font-icon-svg e-fas-circle\\&quot; viewBox=\\&quot;0 0 512 512\\&quot; xmlns=\\&quot;http:\\\/\\\/www.w3.org\\\/2000\\\/svg\\&quot;&gt;&lt;path d=\\&quot;M256 8C119 8 8 119 8 256s111 248 248 248 248-111 248-248S393 8 256 8z\\&quot;&gt;&lt;\\\/path&gt;&lt;\\\/svg&gt;&quot;},&quot;minimized_on&quot;:&quot;tablet&quot;,&quot;hierarchical_view&quot;:&quot;yes&quot;,&quot;min_height&quot;:{&quot;unit&quot;:&quot;px&quot;,&quot;size&quot;:&quot;&quot;,&quot;sizes&quot;:[]},&quot;min_height_tablet&quot;:{&quot;unit&quot;:&quot;px&quot;,&quot;size&quot;:&quot;&quot;,&quot;sizes&quot;:[]},&quot;min_height_mobile&quot;:{&quot;unit&quot;:&quot;px&quot;,&quot;size&quot;:&quot;&quot;,&quot;sizes&quot;:[]}}\" data-widget_type=\"table-of-contents.default\">\n\t\t\t\t\t\t\t\t\t<div class=\"elementor-toc__header\">\n\t\t\t\t\t\t<h2 class=\"elementor-toc__header-title\">\n\t\t\t\tObsah\t\t\t<\/h2>\n\t\t\t\t\t\t\t\t\t\t<div class=\"elementor-toc__toggle-button elementor-toc__toggle-button--expand\" role=\"button\" tabindex=\"0\" aria-controls=\"elementor-toc__1c30362\" aria-expanded=\"true\" aria-label=\"Open table of contents\"><svg aria-hidden=\"true\" class=\"e-font-icon-svg e-fas-chevron-down\" viewBox=\"0 0 448 512\" xmlns=\"http:\/\/www.w3.org\/2000\/svg\"><path d=\"M207.029 381.476L12.686 187.132c-9.373-9.373-9.373-24.569 0-33.941l22.667-22.667c9.357-9.357 24.522-9.375 33.901-.04L224 284.505l154.745-154.021c9.379-9.335 24.544-9.317 33.901.04l22.667 22.667c9.373 9.373 9.373 24.569 0 33.941L240.971 381.476c-9.373 9.372-24.569 9.372-33.942 0z\"><\/path><\/svg><\/div>\n\t\t\t\t<div class=\"elementor-toc__toggle-button elementor-toc__toggle-button--collapse\" role=\"button\" tabindex=\"0\" aria-controls=\"elementor-toc__1c30362\" aria-expanded=\"true\" aria-label=\"Close table of contents\"><svg aria-hidden=\"true\" class=\"e-font-icon-svg e-fas-chevron-up\" viewBox=\"0 0 448 512\" xmlns=\"http:\/\/www.w3.org\/2000\/svg\"><path d=\"M240.971 130.524l194.343 194.343c9.373 9.373 9.373 24.569 0 33.941l-22.667 22.667c-9.357 9.357-24.522 9.375-33.901.04L224 227.495 69.255 381.516c-9.379 9.335-24.544 9.317-33.901-.04l-22.667-22.667c-9.373-9.373-9.373-24.569 0-33.941L207.03 130.525c9.372-9.373 24.568-9.373 33.941-.001z\"><\/path><\/svg><\/div>\n\t\t\t\t\t<\/div>\n\t\t\t\t<div id=\"elementor-toc__1c30362\" class=\"elementor-toc__body\">\n\t\t\t<div class=\"elementor-toc__spinner-container\">\n\t\t\t\t<svg class=\"elementor-toc__spinner eicon-animation-spin e-font-icon-svg e-eicon-loading\" aria-hidden=\"true\" viewBox=\"0 0 1000 1000\" xmlns=\"http:\/\/www.w3.org\/2000\/svg\"><path d=\"M500 975V858C696 858 858 696 858 500S696 142 500 142 142 304 142 500H25C25 237 238 25 500 25S975 237 975 500 763 975 500 975Z\"><\/path><\/svg>\t\t\t<\/div>\n\t\t<\/div>\n\t\t\t\t\t\t<\/div>\n\t\t\t\t<\/div>\n\t\t\t\t\t<\/div>\n\t\t\t\t<\/div>\n\t\t<div class=\"elementor-element elementor-element-herorght0 e-con-full e-flex e-con e-child\" data-id=\"herorght0\" data-element_type=\"container\" data-e-type=\"container\">\n\t\t\t\t<div class=\"elementor-element elementor-element-heroimg00 iwg-hero-image elementor-widget elementor-widget-image\" data-id=\"heroimg00\" data-element_type=\"widget\" data-e-type=\"widget\" data-widget_type=\"image.default\">\n\t\t\t\t\t\t\t\t\t\t\t\t\t\t\t<img fetchpriority=\"high\" decoding=\"async\" width=\"683\" height=\"1024\" src=\"https:\/\/iwell-guard.com\/wp-content\/uploads\/2026\/04\/goetter_keltisch_lugh-683x1024.webp\" class=\"attachment-large size-large wp-image-160077\" alt=\"Lugh \u2013 bohovia z keltskej trad\u00edcie, historicko-ilustra\u010dn\u00e9 zobrazenie\" srcset=\"https:\/\/iwell-guard.com\/wp-content\/uploads\/2026\/04\/goetter_keltisch_lugh-683x1024.webp 683w, https:\/\/iwell-guard.com\/wp-content\/uploads\/2026\/04\/goetter_keltisch_lugh-200x300.webp 200w, https:\/\/iwell-guard.com\/wp-content\/uploads\/2026\/04\/goetter_keltisch_lugh-768x1152.webp 768w, https:\/\/iwell-guard.com\/wp-content\/uploads\/2026\/04\/goetter_keltisch_lugh.webp 1024w\" sizes=\"(max-width: 683px) 100vw, 683px\" \/>\t\t\t\t\t\t\t\t\t\t\t\t\t\t\t<\/div>\n\t\t\t\t<\/div>\n\t\t\t\t\t<\/div>\n\t\t\t\t<\/div>\n\t\t<div class=\"elementor-element elementor-element-32917199 e-flex e-con-boxed e-con e-parent\" data-id=\"32917199\" data-element_type=\"container\" data-e-type=\"container\">\n\t\t\t\t\t<div class=\"e-con-inner\">\n\t\t<div class=\"elementor-element elementor-element-26e916cb e-flex e-con-boxed e-con e-child\" data-id=\"26e916cb\" data-element_type=\"container\" data-e-type=\"container\">\n\t\t\t\t\t<div class=\"e-con-inner\">\n\t\t<div class=\"elementor-element elementor-element-253a40d4 e-flex e-con-boxed e-con e-child\" data-id=\"253a40d4\" data-element_type=\"container\" data-e-type=\"container\">\n\t\t\t\t\t<div class=\"e-con-inner\">\n\t\t\t\t<div class=\"elementor-element elementor-element-1200c304 elementor-widget elementor-widget-heading\" data-id=\"1200c304\" data-element_type=\"widget\" data-e-type=\"widget\" data-widget_type=\"heading.default\">\n\t\t\t\t\t<h2 class=\"elementor-heading-title elementor-size-default\">Lugh<\/h2>\t\t\t\t<\/div>\n\t\t\t\t<div class=\"elementor-element elementor-element-11758e7f elementor-widget elementor-widget-text-editor\" data-id=\"11758e7f\" data-element_type=\"widget\" data-e-type=\"widget\" data-widget_type=\"text-editor.default\">\n\t\t\t\t\t\t\t\t\t<p>Lugh je opisovan\u00fd ako vojnov\u00fd hrdina, umelec, druid a univerz\u00e1lny majster v\u0161etk\u00fdch umen\u00ed a zru\u010dnost\u00ed. Patr\u00ed k Tuatha D\u00e9 Danann a bojuje v bitk\u00e1ch o Mag Tuired proti Fomoranom. Legend\u00e1rne s\u00fa jeho nadprirodzen\u00e9 zbrane a jeho harfa.<\/p><p>Jeho sviatok, Lughnasadh (1. august), ozna\u010duje prechod do jesene. \u010casto sa uv\u00e1dza ako syn Dian C\u00e9cht alebo in\u00fdch bo\u017estiev, geneal\u00f3gia sa v\u0161ak l\u00ed\u0161i.<\/p>\t\t\t\t\t\t\t\t<\/div>\n\t\t\t\t\t<\/div>\n\t\t\t\t<\/div>\n\t\t<div class=\"elementor-element elementor-element-159dcf9a e-flex e-con-boxed e-con e-child\" data-id=\"159dcf9a\" data-element_type=\"container\" data-e-type=\"container\">\n\t\t\t\t\t<div class=\"e-con-inner\">\n\t\t\t\t<div class=\"elementor-element elementor-element-48cee66f elementor-widget elementor-widget-heading\" data-id=\"48cee66f\" data-element_type=\"widget\" data-e-type=\"widget\" data-widget_type=\"heading.default\">\n\t\t\t\t\t<h2 class=\"elementor-heading-title elementor-size-default\">V preh\u013eade: Lugh<\/h2>\t\t\t\t<\/div>\n\t\t\t\t<div class=\"elementor-element elementor-element-3f50d82c elementor-widget elementor-widget-text-editor\" data-id=\"3f50d82c\" data-element_type=\"widget\" data-e-type=\"widget\" data-widget_type=\"text-editor.default\">\n\t\t\t\t\t\t\t\t\t<p>Prim\u00e1rnymi prame\u0148mi s\u00fa Cath Maige Tuired (\u00bbBitka na pl\u00e1niach Mag Tuired\u00ab), Oidheadh Chloinne Tuireann (\u00bbOsud det\u00ed Tuireanna\u00ab) a Lebor Gab\u00e1la \u00c9renn. Lugh sa spom\u00edna aj u r\u00edmskych spisovate\u013eov (Loucetius Mars = Lugh-Mars).<\/p><p>Meno a sviatok Lughnasadh s\u00fa bohato dokumentovan\u00e9 v galsk\u00fdch prame\u0148och. Bernhard Maier a Proinsias Mac Cana ozna\u010duj\u00fa Lugha za jednu z najv\u00fdznamnej\u0161ie dosved\u010den\u00fdch post\u00e1v keltsk\u00e9ho n\u00e1bo\u017eenstva.<\/p>\t\t\t\t\t\t\t\t<\/div>\n\t\t\t\t\t<\/div>\n\t\t\t\t<\/div>\n\t\t\t\t\t<\/div>\n\t\t\t\t<\/div>\n\t\t\t\t\t<\/div>\n\t\t\t\t<\/div>\n\t\t<div class=\"elementor-element elementor-element-18613602 e-flex e-con-boxed e-con e-parent\" data-id=\"18613602\" data-element_type=\"container\" data-e-type=\"container\">\n\t\t\t\t\t<div class=\"e-con-inner\">\n\t\t\t\t<div class=\"elementor-element elementor-element-262b8a9f elementor-widget elementor-widget-heading\" data-id=\"262b8a9f\" data-element_type=\"widget\" data-e-type=\"widget\" data-widget_type=\"heading.default\">\n\t\t\t\t\t<h2 class=\"elementor-heading-title elementor-size-default\">Kontext<\/h2>\t\t\t\t<\/div>\n\t\t<div class=\"elementor-element elementor-element-46dcb7d e-con-full e-flex e-con e-child\" data-id=\"46dcb7d\" data-element_type=\"container\" data-e-type=\"container\">\n\t\t<div class=\"elementor-element elementor-element-61d3ab3 e-flex e-con-boxed e-con e-child\" data-id=\"61d3ab3\" data-element_type=\"container\" data-e-type=\"container\">\n\t\t\t\t\t<div class=\"e-con-inner\">\n\t\t\t\t<div class=\"elementor-element elementor-element-117c166 elementor-widget elementor-widget-heading\" data-id=\"117c166\" data-element_type=\"widget\" data-e-type=\"widget\" data-widget_type=\"heading.default\">\n\t\t\t\t\t<h3 class=\"elementor-heading-title elementor-size-default\">Zeitraum der Texte<\/h3>\t\t\t\t<\/div>\n\t\t\t\t<div class=\"elementor-element elementor-element-73997a0 elementor-widget elementor-widget-text-editor\" data-id=\"73997a0\" data-element_type=\"widget\" data-e-type=\"widget\" data-widget_type=\"text-editor.default\">\n\t\t\t\t\t\t\t\t\t<p>Stopa Lugha vedie od kontinent\u00e1lno-keltsk\u00e9ho boha Luga, ktor\u00e9ho meno je zakotven\u00e9 v n\u00e1zvoch miest ako Lugdunum, dne\u0161n\u00fd Lyon, cez stredovek\u00e9 \u00edrske rukopisy a\u017e po zvyky Lughnasadhu v novoveku. E\u0161te aj \u00edrsky n\u00e1zov mesiaca august, L\u00fanasa, nesie jeho meno. Dne\u0161n\u00e9 podoby, napr\u00edklad horsk\u00e9 p\u00fate v posledn\u00fd j\u00falov\u00fd nede\u013eu, s\u00fa kres\u0165ansky prezna\u010den\u00e9, ale vz\u0165ah k star\u00e9mu sviatku \u00farody je v nich st\u00e1le rozpoznate\u013en\u00fd.<\/p><h3>Mytologick\u00e9 zaradenie<\/h3><p>Lugh je bohom umen\u00ed, remesiel, svetla a vojny v \u00edrskej <span class=\"iwg-fachbegriff\" data-tooltip=\"S\u00fahrn tradovan\u00fdch pr\u00edbehov o bohoch danej kult\u00fary.\" tabindex=\"0\">mytol\u00f3gii<\/span>. Je jedn\u00fdm z najviacstrann\u00fdch bohov s mnoh\u00fdmi schopnos\u0165ami, ve\u0161tectvom, kov\u00e1\u010dstvom, hudbou, b\u00e1snick\u00fdm umen\u00edm, bojom. Sviatok Lughnasadh ho ct\u00ed. Jeho postavenie je centr\u00e1lne.<\/p>\t\t\t\t\t\t\t\t<\/div>\n\t\t\t\t\t<\/div>\n\t\t\t\t<\/div>\n\t\t<div class=\"elementor-element elementor-element-d47b156 e-flex e-con-boxed e-con e-child\" data-id=\"d47b156\" data-element_type=\"container\" data-e-type=\"container\">\n\t\t\t\t\t<div class=\"e-con-inner\">\n\t\t\t\t<div class=\"elementor-element elementor-element-ff38c2b elementor-widget elementor-widget-heading\" data-id=\"ff38c2b\" data-element_type=\"widget\" data-e-type=\"widget\" data-widget_type=\"heading.default\">\n\t\t\t\t\t<h3 class=\"elementor-heading-title elementor-size-default\">Verbreitungsraum<\/h3>\t\t\t\t<\/div>\n\t\t\t\t<div class=\"elementor-element elementor-element-4e49fcc elementor-widget elementor-widget-text-editor\" data-id=\"4e49fcc\" data-element_type=\"widget\" data-e-type=\"widget\" data-widget_type=\"text-editor.default\">\n\t\t\t\t\t\t\t\t\t<p>Lugh nebol obmedzen\u00fd na ur\u010dit\u00fd regi\u00f3n alebo miesto, ale bol univerz\u00e1lne zn\u00e1my a uctievan\u00fd alebo s re\u0161pektom ob\u00e1van\u00fd v celom keltskom svete. \u010ci vo ve\u013ek\u00fdch mestsk\u00fdch centr\u00e1ch alebo v od\u013eahlom vidieckom regi\u00f3ne, \u010di medzi spolo\u010denskou elitou alebo medzi jednoduch\u00fdm \u013eudom, duchovn\u00fd \u010di kult\u00farny v\u00fdznam tejto bytosti bol trvalo uzn\u00e1van\u00fd a univerz\u00e1lny.<\/p><p>To, \u017ee august sa v \u00edr\u010dine dodnes vol\u00e1 L\u00fanasa a \u017ee n\u00e1zvy miest od Lyonu a\u017e po Leiden sa odvodzuj\u00fa od boha Luga, ukazuje, ako pevne bol Lugh sp\u00e4t\u00fd so sebaobrazom keltsk\u00fdch spolo\u010denstiev. Presuny keltsk\u00fdch kme\u0148ov a v\u00fdmena po obchodn\u00fdch cest\u00e1ch rozn\u00e1\u0161ali jeho kult z kontinentu a\u017e po \u00cdrsko, kde zost\u00e1va zachyten\u00fd v n\u00e1padne jednotnej podobe: ako boh umen\u00ed s vlastn\u00fdm sviatkom na za\u010diatku zberu \u00farody.<\/p>\t\t\t\t\t\t\t\t<\/div>\n\t\t\t\t\t<\/div>\n\t\t\t\t<\/div>\n\t\t\t\t<\/div>\n\t\t<div class=\"elementor-element elementor-element-db03c39 e-con-full e-flex e-con e-child\" data-id=\"db03c39\" data-element_type=\"container\" data-e-type=\"container\">\n\t\t<div class=\"elementor-element elementor-element-229a87b e-flex e-con-boxed e-con e-child\" data-id=\"229a87b\" data-element_type=\"container\" data-e-type=\"container\">\n\t\t\t\t\t<div class=\"e-con-inner\">\n\t\t\t\t<div class=\"elementor-element elementor-element-1f471fc elementor-widget elementor-widget-heading\" data-id=\"1f471fc\" data-element_type=\"widget\" data-e-type=\"widget\" data-widget_type=\"heading.default\">\n\t\t\t\t\t<h3 class=\"elementor-heading-title elementor-size-default\">Quellenlage<\/h3>\t\t\t\t<\/div>\n\t\t\t\t<div class=\"elementor-element elementor-element-36b1201 elementor-widget elementor-widget-text-editor\" data-id=\"36b1201\" data-element_type=\"widget\" data-e-type=\"widget\" data-widget_type=\"text-editor.default\">\n\t\t\t\t\t\t\t\t\t<p>Prim\u00e1rne prame\u0148e: Cath Maige Tuired (recenzia A, zaznamenan\u00e1 pribli\u017ene v 9. \u2013 10. storo\u010d\u00ed), Lebor Gab\u00e1la \u00c9renn (recenzia s Lughovou genealogickou \u00falohou), Oidheadh Chloinne Tuireann. R\u00edmska epigrafika: n\u00e1pisy Loucetia Marta v Galii (napr. z oblasti Mosely).<\/p><p>\u010casov\u00e9 zaradenie: m\u00fdty odr\u00e1\u017eaj\u00fa kulty z doby \u017eeleznej a v\u010dasn\u00e9ho stredoveku (asi 500 pred Kr. \u2013 800 po Kr.). B\u00e1datelia: Mac Cana (Celtic Mythology), Maier (Die Religion der Kelten), Sjoestedt (Gods and Heroes of the Celts) a Green (The Gods of the Celts) sa Lughom podrobne zaoberaj\u00fa.<\/p>\t\t\t\t\t\t\t\t<\/div>\n\t\t\t\t\t<\/div>\n\t\t\t\t<\/div>\n\t\t\t\t<\/div>\n\t\t\t\t\t<\/div>\n\t\t\t\t<\/div>\n\t\t<div class=\"elementor-element elementor-element-3ae0637c e-flex e-con-boxed e-con e-parent\" data-id=\"3ae0637c\" data-element_type=\"container\" data-e-type=\"container\">\n\t\t\t\t\t<div class=\"e-con-inner\">\n\t\t\t\t<div class=\"elementor-element elementor-element-31d07739 elementor-widget elementor-widget-heading\" data-id=\"31d07739\" data-element_type=\"widget\" data-e-type=\"widget\" data-widget_type=\"heading.default\">\n\t\t\t\t\t<h2 class=\"elementor-heading-title elementor-size-default\">Meno<\/h2>\t\t\t\t<\/div>\n\t\t<div class=\"elementor-element elementor-element-b7642947 e-con-full e-flex e-con e-child\" data-id=\"b7642947\" data-element_type=\"container\" data-e-type=\"container\">\n\t\t\t\t<div class=\"elementor-element elementor-element-a086266 elementor-widget elementor-widget-text-editor\" data-id=\"a086266\" data-element_type=\"widget\" data-e-type=\"widget\" data-widget_type=\"text-editor.default\">\n\t\t\t\t\t\t\t\t\t<p>Lugh je v r\u00f4znych prame\u0148och a umeleck\u00fdch trad\u00edci\u00e1ch zobrazovan\u00fd s ur\u010dit\u00fdmi opakuj\u00facimi sa ikonografick\u00fdmi prvkami, ktor\u00e9 zost\u00e1vaj\u00fa relat\u00edvne kon\u0161tantn\u00e9 cez desa\u0165ro\u010dia a r\u00f4zne geografick\u00e9 oblasti. Tieto prvky nie s\u00fa \u010disto dekorat\u00edvne alebo n\u00e1hodne zvolen\u00e9, ale s\u00fa hlboko symbolicky k\u00f3dovan\u00e9 a nes\u00fa ve\u013ek\u00fd v\u00fdznam.<\/p><p>Atrib\u00faty Lugha presne vymedzuj\u00fa jeho postavenie medzi Tuatha D\u00e9 Danann: jeho pr\u00edmenie Samild\u00e1nach, znal\u00fd v\u0161etk\u00fdch umen\u00ed, popisuje jeho \u00falohu, a rozpr\u00e1vanie o jeho pr\u00edchode do Tary to doklad\u00e1, preto\u017ee je vpusten\u00fd a\u017e vtedy, ke\u010f sa uk\u00e1\u017ee, \u017ee je kov\u00e1\u010d, harfista, b\u00e1snik, lie\u010dite\u013e a bojovn\u00edk v jednej osobe. Jeho o\u0161tep patr\u00ed medzi \u0161tyri pokladu Tuatha D\u00e9 Danann a symbolizuje nevyhnutn\u00e9 v\u00ed\u0165azstvo, jeho vrh proti Balorovmu oku rozhoduje bitku o Mag Tuired. Kto pozn\u00e1 \u00edrsky svet povest\u00ed, vy\u010d\u00edta z o\u0161tepu, pr\u00edmenia a sviatku profil boha, ktor\u00fd sp\u00e1ja zru\u010dnos\u0165, kr\u00e1\u013eovstvo a \u00farodu.<\/p>\t\t\t\t\t\t\t\t<\/div>\n\t\t\t\t<\/div>\n\t\t\t\t\t<\/div>\n\t\t\t\t<\/div>\n\t\t<div class=\"elementor-element elementor-element-709a44a8 e-flex e-con-boxed e-con e-parent\" data-id=\"709a44a8\" data-element_type=\"container\" data-e-type=\"container\">\n\t\t\t\t\t<div class=\"e-con-inner\">\n\t\t\t\t<div class=\"elementor-element elementor-element-2f585873 elementor-widget elementor-widget-heading\" data-id=\"2f585873\" data-element_type=\"widget\" data-e-type=\"widget\" data-widget_type=\"heading.default\">\n\t\t\t\t\t<h2 class=\"elementor-heading-title elementor-size-default\">Charakteristick\u00e9 rysy<\/h2>\t\t\t\t<\/div>\n\t\t<div class=\"elementor-element elementor-element-70621c12 e-con-full e-flex e-con e-child\" data-id=\"70621c12\" data-element_type=\"container\" data-e-type=\"container\">\n\t\t\t\t<div class=\"elementor-element elementor-element-4296eb49 elementor-widget elementor-widget-text-editor\" data-id=\"4296eb49\" data-element_type=\"widget\" data-e-type=\"widget\" data-widget_type=\"text-editor.default\">\n\t\t\t\t\t\t\t\t\t<p>Lugh bol centr\u00e1lny v n\u00e1bo\u017eenskej praxi, ka\u017edodenn\u00fdch ritu\u00e1loch a be\u017enom ch\u00e1pan\u00ed Keltov. \u013dudia sa v kritick\u00fdch alebo ur\u010dit\u00fdch \u017eivotn\u00fdch situ\u00e1ci\u00e1ch \u010di v ur\u010dit\u00fdch ritu\u00e1lnych ro\u010dn\u00fdch obdobiach obracali na t\u00fato bytos\u0165 so \u0161trukt\u00farovan\u00fdmi, \u010dasto n\u00e1ro\u010dn\u00fdmi ritu\u00e1lmi, modlitbami alebo obetn\u00fdmi darmi.<\/p><p>Uctievanie Lugha bolo upraven\u00e9 a term\u00ednovan\u00e9: sviatok Lughnasadh sa sl\u00e1vil za\u010diatkom augusta na za\u010diatku zberu \u00farody, so zhroma\u017edeniami, s\u00fa\u0165a\u017eami a trhmi na stanoven\u00fdch miestach, ako bolo Tailtiu. \u00cdrska trad\u00edcia odvodzuje sviatok od samotn\u00e9ho Lugha, ktor\u00fd ho mal zalo\u017ei\u0165 na po\u010des\u0165 svojej pest\u00fanky, a popisuje ho tak ako in\u0161tit\u00faciu s pevnou pr\u00edle\u017eitos\u0165ou, miestom a priebehom.<\/p><p>To, \u017ee Lughnasadh sa v \u00cdrsku sl\u00e1vil po mnoho storo\u010d\u00ed a v zvy\u0161koch, ako s\u00fa zvyky spojen\u00e9 s \u00farodou a horsk\u00e9 p\u00fate, pre\u017e\u00edval a\u017e do novoveku, dokazuje praktick\u00fa hodnotu sviatku pre ro\u013en\u00edcke spolo\u010denstv\u00e1. Vz\u0165ahy k Lughovi boli r\u00f4znorod\u00e9: jeho v\u00ed\u0165azstvo nad Balorom v rozpr\u00e1van\u00ed odvr\u00e1tilo ohrozenie \u00farody, jeho spojenie so za\u010diatkom zberu \u00farody zais\u0165ovalo ob\u017eivu, a samotn\u00fd sviatok sprev\u00e1dzal prechod z leta do doby zberu \u00farody.<\/p><h3>Zjav a symbolika<\/h3><p>Lugh je zobrazovan\u00fd ako mlad\u00fd, \u017eiariv\u00fd bojovn\u00edk so zlat\u00fdm jasom. Nos\u00ed zbroj a magick\u00fa kopiu. Jeho o\u010di svietia ako slnko. Sprev\u00e1dzaj\u00fa ho pes, havran a lastovi\u010dka. N\u00e1stroje umeleck\u00fdch remesiel s\u00fa jeho atrib\u00fatmi. Vy\u017earuje z neho svetlo.<\/p>\t\t\t\t\t\t\t\t<\/div>\n\t\t\t\t<\/div>\n\t\t\t\t\t<\/div>\n\t\t\t\t<\/div>\n\t\t<div class=\"elementor-element elementor-element-44e71476 e-flex e-con-boxed e-con e-parent\" data-id=\"44e71476\" data-element_type=\"container\" data-e-type=\"container\">\n\t\t\t\t\t<div class=\"e-con-inner\">\n\t\t\t\t<div class=\"elementor-element elementor-element-3c1fc3f0 elementor-widget elementor-widget-heading\" data-id=\"3c1fc3f0\" data-element_type=\"widget\" data-e-type=\"widget\" data-widget_type=\"heading.default\">\n\t\t\t\t\t<h2 class=\"elementor-heading-title elementor-size-default\">Profil: Lugh<\/h2>\t\t\t\t<\/div>\n\t\t<div class=\"elementor-element elementor-element-84f33b8e e-con-full e-flex e-con e-child\" data-id=\"84f33b8e\" data-element_type=\"container\" data-e-type=\"container\">\n\t\t\t\t<div class=\"elementor-element elementor-element-hqkdc67p elementor-widget elementor-widget-text-editor\" data-id=\"hqkdc67p\" data-element_type=\"widget\" data-e-type=\"widget\" data-widget_type=\"text-editor.default\">\n\t\t\t\t\t\t\t\t\t<p>Profil zachyt\u00e1va Lugha v \u0161iestich rozmeroch: jeho m\u00fdtogenealogick\u00fd p\u00f4vod a postavenie v Tuatha D\u00e9 Danann, okruhy jeho uctievania a spolo\u010densk\u00e9 \u00falohy, jeho ikonografiu a magick\u00e9 atrib\u00faty, jeho vojnov\u00e9 a umeleck\u00e9 schopnosti, ako aj duchovn\u00e9 praktiky vz\u00fdvania a kult\u00farne paralely. Tak vznik\u00e1 profil tohto mnohostranne nadan\u00e9ho kult\u00farneho boha.<\/p>\t\t\t\t\t\t\t\t<\/div>\n\t\t\t\t<\/div>\n\t\t<div class=\"elementor-element elementor-element-pemmx7c5 e-con-full e-flex e-con e-child\" data-id=\"pemmx7c5\" data-element_type=\"container\" data-e-type=\"container\">\n\t\t<div class=\"elementor-element elementor-element-pemmx7c1 e-con-full e-flex e-con e-child\" data-id=\"pemmx7c1\" data-element_type=\"container\" data-e-type=\"container\">\n\t\t<div class=\"elementor-element elementor-element-qh9oavvu iwg-steckbrief-card e-flex e-con-boxed e-con e-child\" data-id=\"qh9oavvu\" data-element_type=\"container\" data-e-type=\"container\">\n\t\t\t\t\t<div class=\"e-con-inner\">\n\t\t\t\t<div class=\"elementor-element elementor-element-awzx8k2k elementor-widget elementor-widget-heading\" data-id=\"awzx8k2k\" data-element_type=\"widget\" data-e-type=\"widget\" data-widget_type=\"heading.default\">\n\t\t\t\t\t<div class=\"elementor-heading-title elementor-size-default\">P\u00f4vod<\/div>\t\t\t\t<\/div>\n\t\t\t\t<div class=\"elementor-element elementor-element-x6rowhv0 elementor-widget elementor-widget-text-editor\" data-id=\"x6rowhv0\" data-element_type=\"widget\" data-e-type=\"widget\" data-widget_type=\"text-editor.default\">\n\t\t\t\t\t\t\t\t\t<p>Lugh patr\u00ed k Tuatha D\u00e9 Danann a je r\u00f4zne ozna\u010dovan\u00fd ako syn Dian C\u00e9cht (boha lie\u010dite\u013esk\u00e9ho umenia), Ethniu alebo abstraktnej\u0161\u00edch s\u00edl.<\/p><p>Zosob\u0148uje mlad\u0161ie bo\u017esk\u00e9 gener\u00e1cie (v protiklade k star\u0161iemu Dagdovi). Geograficky je zameran\u00fd na \u00cdrsko, s r\u00edmsko-galsk\u00fdmi paralelami (Loucetius). Jeho prv\u00e9 liter\u00e1rne dolo\u017eenie sa nach\u00e1dza v textoch z 9. \u2013 10. storo\u010dia, opisuje v\u0161ak star\u0161\u00ed kult.<\/p>\t\t\t\t\t\t\t\t<\/div>\n\t\t\t\t\t<\/div>\n\t\t\t\t<\/div>\n\t\t<div class=\"elementor-element elementor-element-8e3o4kxs iwg-steckbrief-card e-flex e-con-boxed e-con e-child\" data-id=\"8e3o4kxs\" data-element_type=\"container\" data-e-type=\"container\">\n\t\t\t\t\t<div class=\"e-con-inner\">\n\t\t\t\t<div class=\"elementor-element elementor-element-08rkdgov elementor-widget elementor-widget-heading\" data-id=\"08rkdgov\" data-element_type=\"widget\" data-e-type=\"widget\" data-widget_type=\"heading.default\">\n\t\t\t\t\t<div class=\"elementor-heading-title elementor-size-default\">Adres\u00e1ti<\/div>\t\t\t\t<\/div>\n\t\t\t\t<div class=\"elementor-element elementor-element-uwjelx8s elementor-widget elementor-widget-text-editor\" data-id=\"uwjelx8s\" data-element_type=\"widget\" data-e-type=\"widget\" data-widget_type=\"text-editor.default\">\n\t\t\t\t\t\t\t\t\t<p>Lugha uctievali bojovn\u00edci, remeseln\u00edci, umelci, druidsk\u00ed k\u0148azi a kr\u00e1\u013eovsk\u00e9 rody. Jeho sviatok Lughnasadh mal verejn\u00fd a \u013eudov\u00fd charakter, sp\u00e1jal sa s obchodn\u00fdmi a bojov\u00fdmi hrami, ako aj s pr\u00e1vnymi spormi. Vo vojnovom kontexte ho bojovn\u00edci vz\u00fdvali za taktick\u00fa genialitu a prevahu. Remeseln\u00edci a umelci ho ctili ako patr\u00f3na svojich umen\u00ed.<\/p>\t\t\t\t\t\t\t\t<\/div>\n\t\t\t\t\t<\/div>\n\t\t\t\t<\/div>\n\t\t<div class=\"elementor-element elementor-element-jm2n74ec iwg-steckbrief-card e-flex e-con-boxed e-con e-child\" data-id=\"jm2n74ec\" data-element_type=\"container\" data-e-type=\"container\">\n\t\t\t\t\t<div class=\"e-con-inner\">\n\t\t\t\t<div class=\"elementor-element elementor-element-8vufse4c elementor-widget elementor-widget-heading\" data-id=\"8vufse4c\" data-element_type=\"widget\" data-e-type=\"widget\" data-widget_type=\"heading.default\">\n\t\t\t\t\t<div class=\"elementor-heading-title elementor-size-default\">Zobrazenie<\/div>\t\t\t\t<\/div>\n\t\t\t\t<div class=\"elementor-element elementor-element-mwb9u015 elementor-widget elementor-widget-text-editor\" data-id=\"mwb9u015\" data-element_type=\"widget\" data-e-type=\"widget\" data-widget_type=\"text-editor.default\">\n\t\t\t\t\t\t\t\t\t<p>Lugh je zobrazovan\u00fd ako mlad\u00fd, \u017eiariv\u00fd a umelecky nadan\u00fd, \u010dasto so svetlom alebo jasom okolo seba (jeho meno m\u00f4\u017ee znamena\u0165 \u00bbsvetlo\u00ab). Nesie typick\u00e9 vojnov\u00e9 atrib\u00faty: kopiju, me\u010d alebo magick\u00e9 zbrane. Niekedy je zobrazovan\u00fd s harfou. V umeleck\u00fdch vyobrazeniach je elegantn\u00fd, atletick\u00fd, bez mas\u00edvnosti star\u0161ieho Dagdu. Jeho rysy tv\u00e1re s\u00fa jemn\u00e9 a vzne\u0161en\u00e9.<\/p>\t\t\t\t\t\t\t\t<\/div>\n\t\t\t\t\t<\/div>\n\t\t\t\t<\/div>\n\t\t\t\t<\/div>\n\t\t<div class=\"elementor-element elementor-element-pemmx7c2 e-con-full e-flex e-con e-child\" data-id=\"pemmx7c2\" data-element_type=\"container\" data-e-type=\"container\">\n\t\t<div class=\"elementor-element elementor-element-37ss2yr6 iwg-steckbrief-card e-flex e-con-boxed e-con e-child\" data-id=\"37ss2yr6\" data-element_type=\"container\" data-e-type=\"container\">\n\t\t\t\t\t<div class=\"e-con-inner\">\n\t\t\t\t<div class=\"elementor-element elementor-element-3v0wp3wx elementor-widget elementor-widget-heading\" data-id=\"3v0wp3wx\" data-element_type=\"widget\" data-e-type=\"widget\" data-widget_type=\"heading.default\">\n\t\t\t\t\t<div class=\"elementor-heading-title elementor-size-default\">P\u00f4sobenie<\/div>\t\t\t\t<\/div>\n\t\t\t\t<div class=\"elementor-element elementor-element-w3247g2m elementor-widget elementor-widget-text-editor\" data-id=\"w3247g2m\" data-element_type=\"widget\" data-e-type=\"widget\" data-widget_type=\"text-editor.default\">\n\t\t\t\t\t\t\t\t\t<strong>Oblas\u0165 p\u00f4sobenia:<\/strong> Lugh je keltsk\u00fd boh svetla, vojny, umenia a remesiel. Jeho moc sa vz\u0165ahuje na v\u0161etky oblasti \u013eudsk\u00e9ho tvorenia, po\u00e9ziu, hudbu, kov\u00e1\u010dstvo a vojnov\u00e9 remeslo. Zosob\u0148uje aspekt \u017eiariv\u00e9ho, v\u0161etko preh\u013ead\u00e1vaj\u00faceho vedomia. Historicky je Lugh \u00fazko sp\u00e4t\u00fd so sviatkom Lughnasa (1. august), ktor\u00fd pre\u017e\u00edva v kres\u0165anstve ako Lammas. Jeho p\u00f4sobenie sa prejavuje v umeleckej in\u0161pir\u00e1cii, strategickom myslen\u00ed a v\u00ed\u0165aznom prekon\u00e1van\u00ed prek\u00e1\u017eok. V mytologickej <span class=\"iwg-fachbegriff\" data-tooltip=\"Odovzd\u00e1vanie vedomost\u00ed a rozpr\u00e1van\u00ed z gener\u00e1cie na gener\u00e1ciu.\" tabindex=\"0\">trad\u00edcii<\/span> (Cath Maige Tuired) Lugh v\u00ed\u0165az\u00ed nad nepriate\u013esk\u00fdm rodom Fom\u00f3rov.\n\t\t\t\t\t\t\t\t<\/div>\n\t\t\t\t\t<\/div>\n\t\t\t\t<\/div>\n\t\t<div class=\"elementor-element elementor-element-0qpjal9w iwg-steckbrief-card e-flex e-con-boxed e-con e-child\" data-id=\"0qpjal9w\" data-element_type=\"container\" data-e-type=\"container\">\n\t\t\t\t\t<div class=\"e-con-inner\">\n\t\t\t\t<div class=\"elementor-element elementor-element-6ndoih0o elementor-widget elementor-widget-heading\" data-id=\"6ndoih0o\" data-element_type=\"widget\" data-e-type=\"widget\" data-widget_type=\"heading.default\">\n\t\t\t\t\t<div class=\"elementor-heading-title elementor-size-default\">Formy ochrany<\/div>\t\t\t\t<\/div>\n\t\t\t\t<div class=\"elementor-element elementor-element-6684tyh9 elementor-widget elementor-widget-text-editor\" data-id=\"6684tyh9\" data-element_type=\"widget\" data-e-type=\"widget\" data-widget_type=\"text-editor.default\">\n\t\t\t\t\t\t\t\t\t<p>Lugh je dobrotiv\u00fd a hrdinsk\u00fd. Bojovn\u00edci a umelci ho vz\u00fdvali za zru\u010dnos\u0165, prekon\u00e1vanie prek\u00e1\u017eok a umeleck\u00e9 nadanie. Jeho sviatok Lughnasadh bol pr\u00edle\u017eitos\u0165ou na s\u00fa\u0165a\u017ee a ritu\u00e1lne posilnenie spolo\u010denstva. Lugh nie je nebezpe\u010dn\u00fd ani \u0161kodliv\u00fd, ale ochrann\u00fd a povzn\u00e1\u0161aj\u00faci. Obrann\u00e9 praktiky sa nevyu\u017e\u00edvali; namiesto toho platilo <span class=\"iwg-fachbegriff\" data-tooltip=\"Prosebn\u00e9 alebo zakl\u00ednacie oslovenie bo\u017estva alebo moci.\" tabindex=\"0\">vz\u00fdvanie<\/span> a <span class=\"iwg-fachbegriff\" data-tooltip=\"Dar bo\u017estvu na vyjadrenie v\u010faky, prosby alebo \u00facty.\" tabindex=\"0\">obeta<\/span> na roz\u0161\u00edrenie jeho cti.<\/p>\t\t\t\t\t\t\t\t<\/div>\n\t\t\t\t\t<\/div>\n\t\t\t\t<\/div>\n\t\t<div class=\"elementor-element elementor-element-3lfi7x32 iwg-steckbrief-card e-flex e-con-boxed e-con e-child\" data-id=\"3lfi7x32\" data-element_type=\"container\" data-e-type=\"container\">\n\t\t\t\t\t<div class=\"e-con-inner\">\n\t\t\t\t<div class=\"elementor-element elementor-element-0kg99ga1 elementor-widget elementor-widget-heading\" data-id=\"0kg99ga1\" data-element_type=\"widget\" data-e-type=\"widget\" data-widget_type=\"heading.default\">\n\t\t\t\t\t<div class=\"elementor-heading-title elementor-size-default\">Pendants<\/div>\t\t\t\t<\/div>\n\t\t\t\t<div class=\"elementor-element elementor-element-n0fum6kp elementor-widget elementor-widget-text-editor\" data-id=\"n0fum6kp\" data-element_type=\"widget\" data-e-type=\"widget\" data-widget_type=\"text-editor.default\">\n\t\t\t\t\t\t\t\t\t<p>Porovnate\u013en\u00ed s\u00fa Apol\u00f3n (gr\u00e9cky) ako boh umeleck\u00fdch a vojnov\u00fdch umen\u00ed, svetla a hudby, Merk\u00far\/Hermes ako univerz\u00e1lny umelec a ochranca, germ\u00e1nsky Wodan ako boh umenia a m\u00fadrosti, a indick\u00fd Indra ako boh vojny a darca <span class=\"iwg-fachbegriff\" data-tooltip=\"Pr\u00eds\u013eub blaha a ochrany, \u010dasto v pevnej jazykovej forme.\" tabindex=\"0\">po\u017eehnania<\/span>. Typ \u00bbuniverz\u00e1lneho majstra\u00ab je indoeur\u00f3psky <span class=\"iwg-fachbegriff\" data-tooltip=\"Opakuj\u00faci sa obsahov\u00fd prvok v umen\u00ed alebo rozpr\u00e1van\u00ed.\" tabindex=\"0\">mot\u00edv<\/span>.<\/p>\t\t\t\t\t\t\t\t<\/div>\n\t\t\t\t\t<\/div>\n\t\t\t\t<\/div>\n\t\t\t\t<\/div>\n\t\t\t\t<\/div>\n\t\t\t\t\t<\/div>\n\t\t\t\t<\/div>\n\t\t<div class=\"elementor-element elementor-element-5a584676 e-flex e-con-boxed e-con e-parent\" data-id=\"5a584676\" data-element_type=\"container\" data-e-type=\"container\">\n\t\t\t\t\t<div class=\"e-con-inner\">\n\t\t\t\t<div class=\"elementor-element elementor-element-6d0757bf elementor-widget elementor-widget-heading\" data-id=\"6d0757bf\" data-element_type=\"widget\" data-e-type=\"widget\" data-widget_type=\"heading.default\">\n\t\t\t\t\t<h2 class=\"elementor-heading-title elementor-size-default\">Lugh, paralely v in\u00fdch kult\u00farach<\/h2>\t\t\t\t<\/div>\n\t\t<div class=\"elementor-element elementor-element-60563f68 e-con-full e-flex e-con e-child\" data-id=\"60563f68\" data-element_type=\"container\" data-e-type=\"container\">\n\t\t\t\t<div class=\"elementor-element elementor-element-5a93fdd6 elementor-widget elementor-widget-text-editor\" data-id=\"5a93fdd6\" data-element_type=\"widget\" data-e-type=\"widget\" data-widget_type=\"text-editor.default\">\n\t\t\t\t\t\t\t\t\t<h3>Ritu\u00e1ly a uctievanie<\/h3><p>Sviatok Lughnasa (1. august) bol hlavn\u00fdm obetn\u00fdm sviatkom pre Lugha, <span class=\"iwg-fachbegriff\" data-tooltip=\"Dar bo\u017estvu na vyjadrenie v\u010faky, prosby alebo \u00facty.\" tabindex=\"0\">obety<\/span> prvej \u00farody sa prin\u00e1\u0161ali na vrcholoch sv\u00e4t\u00fdch h\u00f4r. V Tare, kr\u00e1\u013eovskom s\u00eddle, sa konali zhroma\u017edenia, na ktor\u00fdch sa s\u00fa\u0165a\u017eilo v remeselnom umen\u00ed a bojov\u00fdch zru\u010dnostiach. Druidi vykon\u00e1vali vysv\u00e4tenia nov\u00fdch bojovn\u00edkov na Lughovu poctu.<\/p><h3>Zakl\u00ednania a vz\u00fdvania<\/h3><p>Vz\u00fdvania Lugha boli typicky rann\u00fdmi ritu\u00e1lmi pred bojom alebo umeleck\u00fdm dielom: \u201eLugh, svetlo v\u0161etk\u00fdch umen\u00ed, osvetli mi cestu.\u201c Bardi ho vz\u00fdvali o in\u0161pir\u00e1ciu v b\u00e1snick\u00fdch s\u00fa\u0165a\u017eiach. Klasick\u00e9 <span class=\"iwg-fachbegriff\" data-tooltip=\"Prosebn\u00e9 alebo zakl\u00ednacie oslovenie bo\u017estva alebo moci.\" tabindex=\"0\">vz\u00fdvanie<\/span> znelo: \u201eSamhildanach Lugh, ktor\u00fd vl\u00e1dne v\u0161etk\u00fdm umeniam, daj mi m\u00fadros\u0165 a silu.\u201c<\/p><h3>Amulety a ochrann\u00e9 symboly<\/h3><p>Slne\u010dn\u00e9 koleso a zlat\u00e1 spir\u00e1la boli Lughov\u00fdmi symbolmi. Bojovn\u00edci nosili \u201eLughovu kopiju\u201c (symbolicky, ako zbra\u0148ov\u00fd <span class=\"iwg-fachbegriff\" data-tooltip=\"Nosen\u00fd predmet, ktor\u00e9mu sa pripisuje ochrann\u00fd, zlo odvracaj\u00faci \u00fa\u010dinok.\" tabindex=\"0\">amulet<\/span>), umelci nosili slne\u010dn\u00e9 kamene a jant\u00e1r ako nositele in\u0161pir\u00e1cie. Zlat\u00fd \u0161perk so spir\u00e1lov\u00fdmi vzormi bol pova\u017eovan\u00fd za Lughovo <span class=\"iwg-fachbegriff\" data-tooltip=\"Pr\u00eds\u013eub blaha a ochrany, \u010dasto v pevnej jazykovej forme.\" tabindex=\"0\">po\u017eehnanie<\/span>.<\/p>\n<p><p><strong>\u017didovsk\u00e1 trad\u00edcia:<\/strong> Priama paralela neexistuje. Vzdialene pr\u00edbuzn\u00ed s\u00fa D\u00e1vid ako bojovn\u00edk-kr\u00e1\u013e a hudobn\u00edk (\u017ealmista), alebo postava Salam\u00fana ako univerz\u00e1lneho mudrca a umelca.<\/p><p><strong>Gr\u00e9cko-r\u00edmsky svet:<\/strong> Apol\u00f3n ako boh svetla, hudby, vojny a lie\u010denia. Merk\u00far\/Hermes ako umelec, vyn\u00e1lezca (l\u00fdra) a univerz\u00e1lny ochrann\u00fd boh. Tie\u017e Ares alebo Mars vo svojom vojnovom aspekte. Podobnos\u0165 je \u00fazka.<\/p><p><strong>Mezopot\u00e1mia:<\/strong> \u0160ama\u0161 ako boh svetla a spravodlivosti, Nabu ako boh umenia a vedy, Adad ako boh vojny. V\u0161etci zdie\u013eaj\u00fa s Lughom aspekty boja, poznania a bo\u017esk\u00e9ho jasu.<\/p><p><strong>India\/\u00c1zia:<\/strong> Indra ako vojnov\u00fd hrdina a darca <span class=\"iwg-fachbegriff\" data-tooltip=\"Pr\u00eds\u013eub blaha a ochrany, \u010dasto v pevnej jazykovej forme.\" tabindex=\"0\">po\u017eehnania<\/span>, Saraswati ako bohy\u0148a umenia a hudby. V buddhistickom kontexte: Manju\u0161r\u00ed ako boh m\u00fadrosti a umenia. Tieto ukazuj\u00fa kult\u00farne \u0161pecifick\u00e9 paralely k Lughovmu mnohostrann\u00e9mu nadaniu.<\/p>\t\t\t\t\t\t\t\t<\/div>\n\t\t\t\t<\/div>\n\t\t\t\t\t<\/div>\n\t\t\t\t<\/div>\n\t\t<div class=\"elementor-element elementor-element-cp977bc6b e-flex e-con-boxed e-con e-parent\" data-id=\"cp977bc6b\" data-element_type=\"container\" data-e-type=\"container\">\n\t\t\t\t\t<div class=\"e-con-inner\">\n\t\t\t\t<div class=\"elementor-element elementor-element-cp5f2b077 elementor-widget elementor-widget-heading\" data-id=\"cp5f2b077\" data-element_type=\"widget\" data-e-type=\"widget\" data-widget_type=\"heading.default\">\n\t\t\t\t\t<h2 class=\"elementor-heading-title elementor-size-default\">Lugh v bitke pri Mag Tuired<\/h2>\t\t\t\t<\/div>\n\t\t<div class=\"elementor-element elementor-element-cpeedcba8 e-con-full e-flex e-con e-child\" data-id=\"cpeedcba8\" data-element_type=\"container\" data-e-type=\"container\">\n\t\t\t\t<div class=\"elementor-element elementor-element-cp91d9c27 elementor-widget elementor-widget-text-editor\" data-id=\"cp91d9c27\" data-element_type=\"widget\" data-e-type=\"widget\" data-widget_type=\"text-editor.default\">\n\t\t\t\t\t\t\t\t\t<p>Najd\u00f4le\u017eitej\u0161\u00edm rozpr\u00e1van\u00edm o Lughovi je <em>Cath Maige Tuired<\/em>, Bitka pri Mag Tuired, v ktorej sa T\u00faatha D\u00e9 Danann postavia proti Fomoriom. Lughovo vyst\u00fapenie v nej patr\u00ed medzi najzn\u00e1mej\u0161ie sc\u00e9ny \u00edrskej rozpr\u00e1va\u010dskej literat\u00fary.<\/p><p>Lugh prich\u00e1dza na dvor kr\u00e1\u013ea Nuadu a \u017eiada o vstup. Vr\u00e1tnik ho odmietne s pozn\u00e1mkou, \u017ee ka\u017ed\u00fd, kto m\u00e1 by\u0165 vpusten\u00fd, mus\u00ed ovl\u00e1da\u0165 nejak\u00e9 umenie.<\/p><p>Lugh potom postupne vymen\u00fava radu schopnost\u00ed, je tes\u00e1r, kov\u00e1\u010d, bojovn\u00edk, harfista, b\u00e1snik, lie\u010dite\u013e, \u010da\u0161n\u00edk a e\u0161te viac. Na ka\u017ed\u00e9 z toho vr\u00e1tnik odpoved\u00e1, \u017ee tak\u00e9ho u\u017e maj\u00fa. Nakoniec sa Lugh sp\u00fdta, \u010di niekto na dvore ovl\u00e1da v\u0161etky tieto umenia naraz. Ke\u010f\u017ee to musia popriec\u0165, je vpusten\u00fd.<\/p><p>Z tejto epiz\u00f3dy poch\u00e1dza jedno z najzn\u00e1mej\u0161\u00edch Lughov\u00fdch pr\u00edmen, <em>Samild\u00e1nach<\/em>, \u010do znamen\u00e1 pribli\u017ene zdatn\u00fd v mnoh\u00fdch umeniach. Lugh nie je odborn\u00edkom na jedin\u00fa zru\u010dnos\u0165, ale t\u00fdm, kto ich v\u0161etky sp\u00e1ja. V samotnej bitke prevezme vedenie a svoj\u00edm bojov\u00fdm \u010darom a pokynmi podstatne prispeje k v\u00ed\u0165azstvu.<\/p><p>\u00dastredn\u00fdm momentom je zabitie Balora, vodcu Fomorov, ktor\u00fd m\u00e1 zni\u010duj\u00face oko. Pod\u013ea <span class=\"iwg-fachbegriff\" data-tooltip=\"Odovzd\u00e1vanie vedomost\u00ed a rozpr\u00e1van\u00ed z gener\u00e1cie na gener\u00e1ciu.\" tabindex=\"0\">\u00fastneho podania<\/span> je Balor Lughov\u00fdm star\u00fdm otcom, preto\u017ee pod\u013ea proroctva mal Balor zomrie\u0165 rukou svojho vnuka.<\/p><p>Lugh zasiahne Balorove smrtiace oko a t\u00fdm napln\u00ed <span class=\"iwg-fachbegriff\" data-tooltip=\"Predpovedanie bud\u00facich udalost\u00ed n\u00e1bo\u017eensk\u00fdmi alebo magick\u00fdmi prostriedkami.\" tabindex=\"0\">predpove\u010f<\/span>. Toto spojenie hrdinsk\u00e9ho a rodinn\u00e9ho pr\u00edbehu, vnuk, ktor\u00fd zabije star\u00e9ho otca, je star\u00fd rozpr\u00e1va\u010dsk\u00fd vzor, ktor\u00fd povy\u0161uje bitku pri Mag Tuired nad r\u00e1mec oby\u010dajn\u00e9ho vojnov\u00e9ho diania.<\/p>\t\t\t\t\t\t\t\t<\/div>\n\t\t\t\t<\/div>\n\t\t\t\t\t<\/div>\n\t\t\t\t<\/div>\n\t\t<div class=\"elementor-element elementor-element-cpfc80b04 e-flex e-con-boxed e-con e-parent\" data-id=\"cpfc80b04\" data-element_type=\"container\" data-e-type=\"container\">\n\t\t\t\t\t<div class=\"e-con-inner\">\n\t\t\t\t<div class=\"elementor-element elementor-element-cpd6c6169 elementor-widget elementor-widget-heading\" data-id=\"cpd6c6169\" data-element_type=\"widget\" data-e-type=\"widget\" data-widget_type=\"heading.default\">\n\t\t\t\t\t<h2 class=\"elementor-heading-title elementor-size-default\">Lugnasad: sviatok a meno v krajine<\/h2>\t\t\t\t<\/div>\n\t\t<div class=\"elementor-element elementor-element-cp670b9ce e-con-full e-flex e-con e-child\" data-id=\"cp670b9ce\" data-element_type=\"container\" data-e-type=\"container\">\n\t\t\t\t<div class=\"elementor-element elementor-element-cp154f098 elementor-widget elementor-widget-text-editor\" data-id=\"cp154f098\" data-element_type=\"widget\" data-e-type=\"widget\" data-widget_type=\"text-editor.default\">\n\t\t\t\t\t\t\t\t\t<p>S Lughom je spojen\u00fd jeden zo \u0161tyroch ve\u013ek\u00fdch sviatkov \u00edrskeho roka, <em>Lugnasad<\/em>, ktor\u00fd sa sl\u00e1vil na za\u010diatku augusta. Meno znamen\u00e1 pribli\u017ene zhroma\u017edenie Lugha.<\/p><p>Stredovek\u00e9 \u00edrske texty vysvet\u013euj\u00fa sviatok t\u00fdm, \u017ee Lugh ho zriadil na po\u010des\u0165 svojej pest\u00fanky alebo nevlastnej matky Tailtiu, ktor\u00e1 zomrela po vykl\u010dovan\u00ed roviny. Sviatok bol teda p\u00f4vodne pam\u00e4tn\u00fdm a zhroma\u017e\u010fovac\u00edm sviatkom.<\/p><p>Lugnasad pripadal na za\u010diatok obilnej \u017eatvy a bol spojen\u00fd so zhroma\u017edeniami, s\u00fa\u0165a\u017eami, trhmi a pr\u00e1vnymi zasadnutiami. Tak\u00e9to sez\u00f3nne ve\u013ek\u00e9 zhroma\u017edenia mali v \u00edrskej spolo\u010dnosti d\u00f4le\u017eit\u00fa spolo\u010densk\u00fa a politick\u00fa funkciu.<\/p><p>Skuto\u010dnos\u0165, \u017ee za zakladate\u013ea tak\u00e9hoto sviatku sa pokladal boh, ukazuje, ako \u00fazko boli v <span class=\"iwg-fachbegriff\" data-tooltip=\"Odovzd\u00e1vanie vedomost\u00ed a rozpr\u00e1van\u00ed z gener\u00e1cie na gener\u00e1ciu.\" tabindex=\"0\">\u00fastnom podan\u00ed<\/span> prepojen\u00e9 m\u00fdtick\u00e9 rozpr\u00e1vanie a \u017eit\u00fd spolo\u010densk\u00fd poriadok.<\/p><p>Meno Lugh navy\u0161e zanechalo stopy v eur\u00f3pskej krajine. Rad miestnych n\u00e1zvov utvoren\u00fdch s prvkom Lug- sa vo v\u00fdskume sp\u00e1ja s bohom, ktor\u00fd zodpoved\u00e1 \u00edrskemu Lughovi a hrdinovi zn\u00e1memu z wale\u0161tiny ako Lleu.<\/p><p>Najzn\u00e1mej\u0161\u00edm pr\u00edpadom je mesto Lyon vo Franc\u00fazsku, ktor\u00e9ho antick\u00fd n\u00e1zov Lugdunum sa \u010dasto vyklad\u00e1 ako pevnos\u0165 alebo vrch Luga, hoci presn\u00e9 vysvetlenie prvej \u010dasti mena je vo v\u00fdskume predmetom diskusie. Tak\u00e9to n\u00e1zvy nazna\u010duj\u00fa, \u017ee pr\u00edbuzn\u00e9 <span class=\"iwg-fachbegriff\" data-tooltip=\"Bytos\u0165 uctievan\u00e1 ako bo\u017esk\u00e1 v r\u00e1mci n\u00e1bo\u017eenstva.\" tabindex=\"0\">bo\u017estvo<\/span> bolo uctievan\u00e9 nielen v \u00cdrsku, ale v \u0161ir\u0161om keltskom priestore.<\/p>\t\t\t\t\t\t\t\t<\/div>\n\t\t\t\t<\/div>\n\t\t\t\t\t<\/div>\n\t\t\t\t<\/div>\n\t\t<div class=\"elementor-element elementor-element-cpcc3173c e-flex e-con-boxed e-con e-parent\" data-id=\"cpcc3173c\" data-element_type=\"container\" data-e-type=\"container\">\n\t\t\t\t\t<div class=\"e-con-inner\">\n\t\t\t\t<div class=\"elementor-element elementor-element-cp3c06964 elementor-widget elementor-widget-heading\" data-id=\"cp3c06964\" data-element_type=\"widget\" data-e-type=\"widget\" data-widget_type=\"heading.default\">\n\t\t\t\t\t<h2 class=\"elementor-heading-title elementor-size-default\">Lleu Llaw Gyffes: walesk\u00fd pr\u00edbuzn\u00fd<\/h2>\t\t\t\t<\/div>\n\t\t<div class=\"elementor-element elementor-element-cpdca373e e-con-full e-flex e-con e-child\" data-id=\"cpdca373e\" data-element_type=\"container\" data-e-type=\"container\">\n\t\t\t\t<div class=\"elementor-element elementor-element-cpe868a3a elementor-widget elementor-widget-text-editor\" data-id=\"cpe868a3a\" data-element_type=\"widget\" data-e-type=\"widget\" data-widget_type=\"text-editor.default\">\n\t\t\t\t\t\t\t\t\t<p>Vo waleskej rozpr\u00e1va\u010dskej trad\u00edcii m\u00e1 Lugh svoj protip\u00f3l v postave Lleu Llaw Gyffesa, ktor\u00e9ho pr\u00edbeh sa rozpr\u00e1va vo \u0161tvrtej vetve <em>Mabinogi<\/em>, s\u00faboru stredovek\u00fdch walesk\u00fdch rozpr\u00e1van\u00ed.<\/p><p>Lleu sa narod\u00ed za nezvy\u010dajn\u00fdch okolnost\u00ed a jeho matka Arianrhod ho za\u0165a\u017e\u00ed troma osudmi: nesmie z\u00edska\u0165 meno, nesmie nosi\u0165 zbrane a nesmie z\u00edska\u0165 za man\u017eelku \u017eenu z pozemsk\u00e9ho rodu.<\/p><p>\u010carodejn\u00edk Gwydion ka\u017ed\u00fd z t\u00fdchto osudov prekab\u00e1ti, \u013estivo d\u00e1 Lleuovi meno, zaobstar\u00e1 mu zbrane a spolu s in\u00fdm \u010darodejn\u00edkom mu stvor\u00ed \u017eenu z kvetov, Blodeuwedd.<\/p><p>Pr\u00edbeh sa obr\u00e1t\u00ed temn\u00fdm smerom, ke\u010f sa Blodeuwedd zamiluje do in\u00e9ho mu\u017ea a s jeho pomocou takmer Lleua zabije.<\/p><p>Lleu m\u00f4\u017ee by\u0165 zranen\u00fd iba za ve\u013emi zvl\u00e1\u0161tnych podmienok, a ke\u010f sa tieto podmienky \u013estivo naplnia, je zasiahnut\u00fd, premen\u00ed sa na orla a \u0165a\u017eko zranen\u00fd unikne. Gwydion ho nakoniec n\u00e1jde, vr\u00e1ti mu jeho podobu a pom\u00f4\u017ee mu sa pomsti\u0165.<\/p><p>V\u00fdskum u\u017e dlho diskutuje o vz\u0165ahu medzi Lughom a Lleuom. Men\u00e1 s\u00fa jazykovo pr\u00edbuzn\u00e9 a obe postavy maj\u00fa spolo\u010dn\u00e9 rysy, ako je nezvy\u010dajn\u00e9 narodenie a spojenie so zvl\u00e1\u0161tnymi podmienkami ich \u017eivota a smrti.<\/p><p>Z\u00e1rove\u0148 s\u00fa rozpr\u00e1vania ve\u013emi odli\u0161n\u00e9 a bolo by nespr\u00e1vne ch\u00e1pa\u0165 Lleua jednoducho ako walesk\u00fa verziu \u00edrskeho Lugha. Pravdepodobnej\u0161ie je, \u017ee obaja vych\u00e1dzaj\u00fa zo spolo\u010dnej star\u0161ej postavy, ktor\u00e1 sa v \u00cdrsku a Walese \u010falej vyv\u00edjala vlastn\u00fdmi cestami. Pr\u00edbuzn\u00fdmi postavami \u00edrskej rozpr\u00e1va\u010dskej trad\u00edcie s\u00fa napr\u00edklad <a href=\"https:\/\/iwell-guard.com\/sk\/?page_id=157753\">Morr\u00edgan<\/a> a <a href=\"https:\/\/iwell-guard.com\/sk\/?page_id=157752\">Dagda<\/a>.<\/p>\t\t\t\t\t\t\t\t<\/div>\n\t\t\t\t<\/div>\n\t\t\t\t\t<\/div>\n\t\t\t\t<\/div>\n\t\t<div class=\"elementor-element elementor-element-36dd7469 e-flex e-con-boxed e-con e-parent\" data-id=\"36dd7469\" data-element_type=\"container\" data-e-type=\"container\">\n\t\t\t\t\t<div class=\"e-con-inner\">\n\t\t\t\t<div class=\"elementor-element elementor-element-13760ab4 elementor-widget elementor-widget-heading\" data-id=\"13760ab4\" data-element_type=\"widget\" data-e-type=\"widget\" data-widget_type=\"heading.default\">\n\t\t\t\t\t<h2 class=\"elementor-heading-title elementor-size-default\">S\u00favisiace odkazy<\/h2>\t\t\t\t<\/div>\n\t\t<div class=\"elementor-element elementor-element-28c87796 e-con-full e-flex e-con e-child\" data-id=\"28c87796\" data-element_type=\"container\" data-e-type=\"container\">\n\t\t\t\t<div class=\"elementor-element elementor-element-5d6538df elementor-widget elementor-widget-text-editor\" data-id=\"5d6538df\" data-element_type=\"widget\" data-e-type=\"widget\" data-widget_type=\"text-editor.default\">\n\t\t\t\t\t\t\t\t\t<ul><li><a href=\"https:\/\/iwell-guard.com\/sk\/?page_id=157825\">Manannan mac Lir, boh mora<\/a><\/li><li><a href=\"https:\/\/iwell-guard.com\/sk\/?page_id=157752\">Dagda, boh otec<\/a><\/li><\/ul>\n\t\t\t\t\t\t\t\t<\/div>\n\t\t\t\t<\/div>\n\t\t\t\t\t<\/div>\n\t\t\t\t<\/div>\n\t\t<div class=\"elementor-element elementor-element-grl4kl40 e-flex e-con-boxed e-con e-parent\" data-id=\"grl4kl40\" data-element_type=\"container\" data-e-type=\"container\">\n\t\t\t\t\t<div class=\"e-con-inner\">\n\t\t\t\t<div class=\"elementor-element elementor-element-bzsbfrmh elementor-widget elementor-widget-heading\" data-id=\"bzsbfrmh\" data-element_type=\"widget\" data-e-type=\"widget\" data-widget_type=\"heading.default\">\n\t\t\t\t\t<h2 class=\"elementor-heading-title elementor-size-default\">Odborn\u00e1 literat\u00fara<\/h2>\t\t\t\t<\/div>\n\t\t<div class=\"elementor-element elementor-element-2c13224a e-con-full e-flex e-con e-child\" data-id=\"2c13224a\" data-element_type=\"container\" data-e-type=\"container\">\n\t\t\t\t<div class=\"elementor-element elementor-element-0eymh9ub elementor-widget elementor-widget-text-editor\" data-id=\"0eymh9ub\" data-element_type=\"widget\" data-e-type=\"widget\" data-widget_type=\"text-editor.default\">\n\t\t\t\t\t\t\t\t\t<footer class=\"iwg-literatur\" data-nosnippet=\"true\"><ul><li><span data-nosnippet>\u00d3 h\u00d3g\u00e1in, D.: <em>Myth, Legend and Romance<\/em>. Prentice Hall, 1990.<\/span><\/li><li><span data-nosnippet>MacKillop, J.: <em>Dictionary of Celtic Mythology<\/em>. Oxford University Press, 2004.<\/span><\/li><\/ul>\n<\/footer>\n<p class=\"iwg-bib-more\"><span data-nosnippet>\u010eal\u0161ie z\u00e1kladn\u00e9 diela v <a href=\"https:\/\/iwell-guard.com\/sk\/?page_id=157722\">zozname literat\u00fary<\/a>.<\/span><\/p>\t\t\t\t\t\t\t\t<\/div>\n\t\t\t\t<\/div>\n\t\t\t\t\t<\/div>\n\t\t\t\t<\/div>\n\t\t\t\t<\/div>\n\t\t","protected":false},"excerpt":{"rendered":"","protected":false},"author":3,"featured_media":1616,"parent":0,"menu_order":0,"comment_status":"closed","ping_status":"closed","template":"elementor_header_footer","meta":{"_yoast_wpseo_focuskw":"Lugh","_yoast_wpseo_title":"Lugh \u2013 keltsk\u00fd boh svetla a umen\u00ed","_yoast_wpseo_metadesc":"Lugh, keltsk\u00fd majster v\u0161etk\u00fdch umen\u00ed: v\u00ed\u0165azstvo nad Balorom, sviatok Lughnasadh a jeho stopy od Tary a\u017e po Lyon. Vysvetlenie p\u00f4vodu a v\u00fdznamu.","_yoast_wpseo_meta-robots-noindex":"","_yoast_wpseo_canonical":"","_angie_page":false,"gefaehrdungsstufe":"2","wesen_kultur":"keltisch","wesen_klasse":"goetter","footnotes":""},"categories":[],"class_list":["post-157824","page","type-page","status-publish","has-post-thumbnail","hentry"],"yoast_head":"<!-- This site is optimized with the Yoast SEO Premium plugin v27.7 (Yoast SEO v28.3) - https:\/\/yoast.com\/product\/yoast-seo-premium-wordpress\/ -->\n<title>Lugh \u2013 keltsk\u00fd boh svetla a umen\u00ed<\/title>\n<meta name=\"description\" content=\"Lugh, keltsk\u00fd majster v\u0161etk\u00fdch umen\u00ed: v\u00ed\u0165azstvo nad Balorom, sviatok Lughnasadh a jeho stopy od Tary a\u017e po Lyon. Vysvetlenie p\u00f4vodu a v\u00fdznamu.\" \/>\n<meta name=\"robots\" content=\"index, follow, max-snippet:-1, max-image-preview:large, max-video-preview:-1\" \/>\n<link rel=\"canonical\" href=\"https:\/\/iwell-guard.com\/sk\/lugh\/\" \/>\n<meta property=\"og:locale\" content=\"sk_SK\" \/>\n<meta property=\"og:type\" content=\"article\" \/>\n<meta property=\"og:title\" content=\"Lugh\" \/>\n<meta property=\"og:description\" content=\"Lugh, keltsk\u00fd majster v\u0161etk\u00fdch umen\u00ed: v\u00ed\u0165azstvo nad Balorom, sviatok Lughnasadh a jeho stopy od Tary a\u017e po Lyon. Vysvetlenie p\u00f4vodu a v\u00fdznamu.\" \/>\n<meta property=\"og:url\" content=\"https:\/\/iwell-guard.com\/sk\/lugh\/\" \/>\n<meta property=\"og:site_name\" content=\"iWell Guard\" \/>\n<meta property=\"article:modified_time\" content=\"2026-09-04T22:43:19+00:00\" \/>\n<meta property=\"og:image\" content=\"https:\/\/iwell-guard.com\/wp-content\/uploads\/2026\/04\/goetter_keltisch_lugh.webp\" \/>\n\t<meta property=\"og:image:width\" content=\"1024\" \/>\n\t<meta property=\"og:image:height\" content=\"1536\" \/>\n\t<meta property=\"og:image:type\" content=\"image\/webp\" \/>\n<meta name=\"twitter:card\" content=\"summary_large_image\" \/>\n<script type=\"application\/ld+json\" class=\"yoast-schema-graph\">{\"@context\":\"https:\\\/\\\/schema.org\",\"@graph\":[{\"@type\":\"WebPage\",\"@id\":\"https:\\\/\\\/iwell-guard.com\\\/sk\\\/lugh\\\/\",\"url\":\"https:\\\/\\\/iwell-guard.com\\\/sk\\\/lugh\\\/\",\"name\":\"Lugh \u2013 keltsk\u00fd boh svetla a umen\u00ed\",\"isPartOf\":{\"@id\":\"https:\\\/\\\/iwell-guard.com\\\/sk\\\/#website\"},\"primaryImageOfPage\":{\"@id\":\"https:\\\/\\\/iwell-guard.com\\\/sk\\\/lugh\\\/#primaryimage\"},\"image\":{\"@id\":\"https:\\\/\\\/iwell-guard.com\\\/sk\\\/lugh\\\/#primaryimage\"},\"thumbnailUrl\":\"https:\\\/\\\/iwell-guard.com\\\/wp-content\\\/uploads\\\/2026\\\/04\\\/goetter_keltisch_lugh.webp\",\"datePublished\":\"2026-09-04T22:18:04+00:00\",\"dateModified\":\"2026-09-04T22:43:19+00:00\",\"description\":\"Lugh, keltsk\u00fd majster v\u0161etk\u00fdch umen\u00ed: v\u00ed\u0165azstvo nad Balorom, sviatok Lughnasadh a jeho stopy od Tary a\u017e po Lyon. Vysvetlenie p\u00f4vodu a v\u00fdznamu.\",\"breadcrumb\":{\"@id\":\"https:\\\/\\\/iwell-guard.com\\\/sk\\\/lugh\\\/#breadcrumb\"},\"inLanguage\":\"sk-SK\",\"potentialAction\":[{\"@type\":\"ReadAction\",\"target\":[\"https:\\\/\\\/iwell-guard.com\\\/sk\\\/lugh\\\/\"]}]},{\"@type\":\"ImageObject\",\"inLanguage\":\"sk-SK\",\"@id\":\"https:\\\/\\\/iwell-guard.com\\\/sk\\\/lugh\\\/#primaryimage\",\"url\":\"https:\\\/\\\/iwell-guard.com\\\/wp-content\\\/uploads\\\/2026\\\/04\\\/goetter_keltisch_lugh.webp\",\"contentUrl\":\"https:\\\/\\\/iwell-guard.com\\\/wp-content\\\/uploads\\\/2026\\\/04\\\/goetter_keltisch_lugh.webp\",\"width\":1024,\"height\":1536,\"caption\":\"Bohovia z keltskej trad\u00edcie.\"},{\"@type\":\"BreadcrumbList\",\"@id\":\"https:\\\/\\\/iwell-guard.com\\\/sk\\\/lugh\\\/#breadcrumb\",\"itemListElement\":[{\"@type\":\"ListItem\",\"position\":1,\"name\":\"Start\",\"item\":\"https:\\\/\\\/iwell-guard.com\\\/sk\\\/?page_id=157572\"},{\"@type\":\"ListItem\",\"position\":2,\"name\":\"Lugh\"}]},{\"@type\":\"WebSite\",\"@id\":\"https:\\\/\\\/iwell-guard.com\\\/sk\\\/#website\",\"url\":\"https:\\\/\\\/iwell-guard.com\\\/sk\\\/\",\"name\":\"iWell Guard\",\"description\":\"Schutz vor dunklen Einfl\u00fcssen\",\"publisher\":{\"@id\":\"https:\\\/\\\/iwell-guard.com\\\/sk\\\/#organization\"},\"potentialAction\":[{\"@type\":\"SearchAction\",\"target\":{\"@type\":\"EntryPoint\",\"urlTemplate\":\"https:\\\/\\\/iwell-guard.com\\\/sk\\\/?s={search_term_string}\"},\"query-input\":{\"@type\":\"PropertyValueSpecification\",\"valueRequired\":true,\"valueName\":\"search_term_string\"}}],\"inLanguage\":\"sk-SK\"},{\"@type\":\"Organization\",\"@id\":\"https:\\\/\\\/iwell-guard.com\\\/sk\\\/#organization\",\"name\":\"Ittermann electronic GmbH\",\"url\":\"https:\\\/\\\/iwell-guard.com\\\/sk\\\/\",\"logo\":{\"@type\":\"ImageObject\",\"inLanguage\":\"sk-SK\",\"@id\":\"https:\\\/\\\/iwell-guard.com\\\/sk\\\/#\\\/schema\\\/logo\\\/image\\\/\",\"url\":\"https:\\\/\\\/iwell-guard.com\\\/wp-content\\\/uploads\\\/2026\\\/05\\\/Ittermann-Logo-1182x237-1.png\",\"contentUrl\":\"https:\\\/\\\/iwell-guard.com\\\/wp-content\\\/uploads\\\/2026\\\/05\\\/Ittermann-Logo-1182x237-1.png\",\"width\":1182,\"height\":237,\"caption\":\"Ittermann electronic GmbH\"},\"image\":{\"@id\":\"https:\\\/\\\/iwell-guard.com\\\/sk\\\/#\\\/schema\\\/logo\\\/image\\\/\"},\"sameAs\":[\"https:\\\/\\\/pantip.com\\\/profile\\\/9367242\",\"https:\\\/\\\/micro.blog\\\/iwellguard\",\"https:\\\/\\\/www.diggerslist.com\\\/iwellguard\\\/about\",\"https:\\\/\\\/skitterphoto.com\\\/photographers\\\/2870314\\\/iwell-guard\",\"https:\\\/\\\/iwellguard.wordpress.com\\\/2026\\\/06\\\/06\\\/iwell-guard\\\/\",\"https:\\\/\\\/hub.docker.com\\\/u\\\/iwellguard\",\"https:\\\/\\\/www.pinterest.com\\\/iwellguard\\\/\",\"https:\\\/\\\/bit.ly\\\/m\\\/iwellguard\",\"https:\\\/\\\/entre-vos-mains.alsace.eu\\\/profiles\\\/iwellguard\\\/activity\",\"https:\\\/\\\/gravatar.com\\\/reallybeded8fd34\",\"https:\\\/\\\/naijamatta.com\\\/iwellguard\",\"https:\\\/\\\/www.goodreads.com\\\/iwellguard\",\"https:\\\/\\\/profile.hatena.ne.jp\\\/iwellguard\\\/\",\"https:\\\/\\\/experiment.com\\\/users\\\/iwellguard\",\"https:\\\/\\\/wakelet.com\\\/@iWellGuard82270\",\"https:\\\/\\\/www.chordie.com\\\/forum\\\/profile.php?id=2555664\",\"https:\\\/\\\/www.instapaper.com\\\/p\\\/17757966\",\"https:\\\/\\\/www.mapleprimes.com\\\/users\\\/iwellguard\",\"https:\\\/\\\/businesslistingplus.com\\\/profile\\\/iwell-guard\\\/\",\"https:\\\/\\\/telegra.ph\\\/iWell-Guard-06-06\",\"https:\\\/\\\/pbase.com\\\/iwellguard\\\/iwellguard\",\"https:\\\/\\\/b.hatena.ne.jp\\\/iwellguard\\\/20260607#bookmark-4788405196491818882\",\"https:\\\/\\\/fliphtml5.com\\\/home\\\/iwellguard\",\"https:\\\/\\\/anyflip.com\\\/homepage\\\/cmiwl#About\",\"https:\\\/\\\/transfur.com\\\/Users\\\/iwellguard\",\"http:\\\/\\\/delphi.larsbo.org\\\/user\\\/iwellguard\",\"https:\\\/\\\/jobs.lajobsportal.org\\\/profiles\\\/8380803-iwell-guard\",\"https:\\\/\\\/md.chaosdorf.de\\\/s\\\/jfbe5SBdJD\",\"https:\\\/\\\/www.lingvolive.com\\\/en-us\\\/profile\\\/9ecaeaca-ce11-4e51-9e71-01d55e2bff36\\\/translations\",\"https:\\\/\\\/www.fitday.com\\\/fitness\\\/forums\\\/members\\\/iwellguard.html\",\"https:\\\/\\\/www.mymeetbook.com\\\/iwellguard\",\"https:\\\/\\\/pxhere.com\\\/en\\\/photographer-me\\\/5040798\",\"https:\\\/\\\/disqus.com\\\/by\\\/iwellguard\\\/about\\\/\",\"https:\\\/\\\/pastelink.net\\\/hjwciqwq\",\"https:\\\/\\\/pubhtml5.com\\\/homepage\\\/scjhn\\\/\",\"https:\\\/\\\/www.bitchute.com\\\/channel\\\/2O2eOKzNqujT\",\"https:\\\/\\\/audiomack.com\\\/iwellguard\"]},{\"@type\":\"Article\",\"@id\":\"https:\\\/\\\/iwell-guard.com\\\/sk\\\/lugh\\\/#article\",\"isPartOf\":{\"@id\":\"https:\\\/\\\/iwell-guard.com\\\/sk\\\/lugh\\\/\"},\"author\":{\"name\":\"Ralf Ittermann\",\"@id\":\"https:\\\/\\\/iwell-guard.com\\\/sk\\\/#\\\/schema\\\/person\\\/ee2a27f1cac3406c7c6fb5820cb7349f\"},\"headline\":\"Lugh\",\"datePublished\":\"2026-09-04T22:18:04+00:00\",\"dateModified\":\"2026-09-04T22:43:19+00:00\",\"mainEntityOfPage\":{\"@id\":\"https:\\\/\\\/iwell-guard.com\\\/sk\\\/lugh\\\/\"},\"publisher\":{\"@id\":\"https:\\\/\\\/iwell-guard.com\\\/sk\\\/#organization\"},\"image\":{\"@id\":\"https:\\\/\\\/iwell-guard.com\\\/sk\\\/lugh\\\/#primaryimage\"},\"thumbnailUrl\":\"https:\\\/\\\/iwell-guard.com\\\/wp-content\\\/uploads\\\/2026\\\/04\\\/goetter_keltisch_lugh.webp\",\"inLanguage\":\"sk-SK\",\"description\":\"Lugh, keltsk\u00fd majster v\u0161etk\u00fdch umen\u00ed: v\u00ed\u0165azstvo nad Balorom, sviatok Lughnasadh a jeho stopy od Tary a\u017e po Lyon. Vysvetlenie p\u00f4vodu a v\u00fdznamu.\"}]}<\/script>\n<!-- \/ Yoast SEO Premium plugin. -->","yoast_head_json":{"title":"Lugh \u2013 keltsk\u00fd boh svetla a umen\u00ed","description":"Lugh, keltsk\u00fd majster v\u0161etk\u00fdch umen\u00ed: v\u00ed\u0165azstvo nad Balorom, sviatok Lughnasadh a jeho stopy od Tary a\u017e po Lyon. Vysvetlenie p\u00f4vodu a v\u00fdznamu.","robots":{"index":"index","follow":"follow","max-snippet":"max-snippet:-1","max-image-preview":"max-image-preview:large","max-video-preview":"max-video-preview:-1"},"canonical":"https:\/\/iwell-guard.com\/sk\/lugh\/","og_locale":"sk_SK","og_type":"article","og_title":"Lugh","og_description":"Lugh, keltsk\u00fd majster v\u0161etk\u00fdch umen\u00ed: v\u00ed\u0165azstvo nad Balorom, sviatok Lughnasadh a jeho stopy od Tary a\u017e po Lyon. Vysvetlenie p\u00f4vodu a v\u00fdznamu.","og_url":"https:\/\/iwell-guard.com\/sk\/lugh\/","og_site_name":"iWell Guard","article_modified_time":"2026-09-04T22:43:19+00:00","og_image":[{"width":1024,"height":1536,"url":"https:\/\/iwell-guard.com\/wp-content\/uploads\/2026\/04\/goetter_keltisch_lugh.webp","type":"image\/webp"}],"twitter_card":"summary_large_image","schema":{"@context":"https:\/\/schema.org","@graph":[{"@type":"Article","@id":"https:\/\/iwell-guard.com\/sk\/lugh\/#article","isPartOf":{"@id":"https:\/\/iwell-guard.com\/sk\/lugh\/"},"author":{"name":"Ralf Ittermann","@id":"https:\/\/iwell-guard.com\/sk\/#\/schema\/person\/ee2a27f1cac3406c7c6fb5820cb7349f"},"headline":"Lugh","datePublished":"2026-09-04T22:18:04+00:00","dateModified":"2026-09-04T22:43:19+00:00","mainEntityOfPage":{"@id":"https:\/\/iwell-guard.com\/sk\/lugh\/"},"publisher":{"@id":"https:\/\/iwell-guard.com\/sk\/#organization"},"image":{"@id":"https:\/\/iwell-guard.com\/sk\/lugh\/#primaryimage"},"thumbnailUrl":"https:\/\/iwell-guard.com\/wp-content\/uploads\/2026\/04\/goetter_keltisch_lugh.webp","inLanguage":"sk-SK","description":"Lugh, keltsk\u00fd majster v\u0161etk\u00fdch umen\u00ed: v\u00ed\u0165azstvo nad Balorom, sviatok Lughnasadh a jeho stopy od Tary a\u017e po Lyon. Vysvetlenie p\u00f4vodu a v\u00fdznamu."},{"@type":"WebPage","@id":"https:\/\/iwell-guard.com\/sk\/lugh\/","url":"https:\/\/iwell-guard.com\/sk\/lugh\/","name":"Lugh \u2013 keltsk\u00fd boh svetla a umen\u00ed","isPartOf":{"@id":"https:\/\/iwell-guard.com\/sk\/#website"},"primaryImageOfPage":{"@id":"https:\/\/iwell-guard.com\/sk\/lugh\/#primaryimage"},"image":{"@id":"https:\/\/iwell-guard.com\/sk\/lugh\/#primaryimage"},"thumbnailUrl":"https:\/\/iwell-guard.com\/wp-content\/uploads\/2026\/04\/goetter_keltisch_lugh.webp","datePublished":"2026-09-04T22:18:04+00:00","dateModified":"2026-09-04T22:43:19+00:00","description":"Lugh, keltsk\u00fd majster v\u0161etk\u00fdch umen\u00ed: v\u00ed\u0165azstvo nad Balorom, sviatok Lughnasadh a jeho stopy od Tary a\u017e po Lyon. Vysvetlenie p\u00f4vodu a v\u00fdznamu.","breadcrumb":{"@id":"https:\/\/iwell-guard.com\/sk\/lugh\/#breadcrumb"},"inLanguage":"sk-SK","potentialAction":[{"@type":"ReadAction","target":["https:\/\/iwell-guard.com\/sk\/lugh\/"]}]},{"@type":"ImageObject","inLanguage":"sk-SK","@id":"https:\/\/iwell-guard.com\/sk\/lugh\/#primaryimage","url":"https:\/\/iwell-guard.com\/wp-content\/uploads\/2026\/04\/goetter_keltisch_lugh.webp","contentUrl":"https:\/\/iwell-guard.com\/wp-content\/uploads\/2026\/04\/goetter_keltisch_lugh.webp","width":1024,"height":1536,"caption":"Bohovia z keltskej trad\u00edcie."},{"@type":"BreadcrumbList","@id":"https:\/\/iwell-guard.com\/sk\/lugh\/#breadcrumb","itemListElement":[{"@type":"ListItem","position":1,"name":"Start","item":"https:\/\/iwell-guard.com\/sk\/?page_id=157572"},{"@type":"ListItem","position":2,"name":"Lugh"}]},{"@type":"WebSite","@id":"https:\/\/iwell-guard.com\/sk\/#website","url":"https:\/\/iwell-guard.com\/sk\/","name":"iWell Guard","description":"Schutz vor dunklen Einfl\u00fcssen","publisher":{"@id":"https:\/\/iwell-guard.com\/sk\/#organization"},"potentialAction":[{"@type":"SearchAction","target":{"@type":"EntryPoint","urlTemplate":"https:\/\/iwell-guard.com\/sk\/?s={search_term_string}"},"query-input":{"@type":"PropertyValueSpecification","valueRequired":true,"valueName":"search_term_string"}}],"inLanguage":"sk-SK"},{"@type":"Organization","@id":"https:\/\/iwell-guard.com\/sk\/#organization","name":"Ittermann electronic GmbH","url":"https:\/\/iwell-guard.com\/sk\/","logo":{"@type":"ImageObject","inLanguage":"sk-SK","@id":"https:\/\/iwell-guard.com\/sk\/#\/schema\/logo\/image\/","url":"https:\/\/iwell-guard.com\/wp-content\/uploads\/2026\/05\/Ittermann-Logo-1182x237-1.png","contentUrl":"https:\/\/iwell-guard.com\/wp-content\/uploads\/2026\/05\/Ittermann-Logo-1182x237-1.png","width":1182,"height":237,"caption":"Ittermann electronic GmbH"},"image":{"@id":"https:\/\/iwell-guard.com\/sk\/#\/schema\/logo\/image\/"},"sameAs":["https:\/\/pantip.com\/profile\/9367242","https:\/\/micro.blog\/iwellguard","https:\/\/www.diggerslist.com\/iwellguard\/about","https:\/\/skitterphoto.com\/photographers\/2870314\/iwell-guard","https:\/\/iwellguard.wordpress.com\/2026\/06\/06\/iwell-guard\/","https:\/\/hub.docker.com\/u\/iwellguard","https:\/\/www.pinterest.com\/iwellguard\/","https:\/\/bit.ly\/m\/iwellguard","https:\/\/entre-vos-mains.alsace.eu\/profiles\/iwellguard\/activity","https:\/\/gravatar.com\/reallybeded8fd34","https:\/\/naijamatta.com\/iwellguard","https:\/\/www.goodreads.com\/iwellguard","https:\/\/profile.hatena.ne.jp\/iwellguard\/","https:\/\/experiment.com\/users\/iwellguard","https:\/\/wakelet.com\/@iWellGuard82270","https:\/\/www.chordie.com\/forum\/profile.php?id=2555664","https:\/\/www.instapaper.com\/p\/17757966","https:\/\/www.mapleprimes.com\/users\/iwellguard","https:\/\/businesslistingplus.com\/profile\/iwell-guard\/","https:\/\/telegra.ph\/iWell-Guard-06-06","https:\/\/pbase.com\/iwellguard\/iwellguard","https:\/\/b.hatena.ne.jp\/iwellguard\/20260607#bookmark-4788405196491818882","https:\/\/fliphtml5.com\/home\/iwellguard","https:\/\/anyflip.com\/homepage\/cmiwl#About","https:\/\/transfur.com\/Users\/iwellguard","http:\/\/delphi.larsbo.org\/user\/iwellguard","https:\/\/jobs.lajobsportal.org\/profiles\/8380803-iwell-guard","https:\/\/md.chaosdorf.de\/s\/jfbe5SBdJD","https:\/\/www.lingvolive.com\/en-us\/profile\/9ecaeaca-ce11-4e51-9e71-01d55e2bff36\/translations","https:\/\/www.fitday.com\/fitness\/forums\/members\/iwellguard.html","https:\/\/www.mymeetbook.com\/iwellguard","https:\/\/pxhere.com\/en\/photographer-me\/5040798","https:\/\/disqus.com\/by\/iwellguard\/about\/","https:\/\/pastelink.net\/hjwciqwq","https:\/\/pubhtml5.com\/homepage\/scjhn\/","https:\/\/www.bitchute.com\/channel\/2O2eOKzNqujT","https:\/\/audiomack.com\/iwellguard"]},{"@type":"Person","@id":"https:\/\/iwell-guard.com\/sk\/#\/schema\/person\/ee2a27f1cac3406c7c6fb5820cb7349f","name":"Ralf Ittermann","image":{"@type":"ImageObject","inLanguage":"sk-SK","@id":"https:\/\/secure.gravatar.com\/avatar\/073c0153e350a5005b68eb752b445fea71f6b24a26da9449ad7e155e6b446c9d?s=96&d=mm&r=g","url":"https:\/\/secure.gravatar.com\/avatar\/073c0153e350a5005b68eb752b445fea71f6b24a26da9449ad7e155e6b446c9d?s=96&d=mm&r=g","contentUrl":"https:\/\/secure.gravatar.com\/avatar\/073c0153e350a5005b68eb752b445fea71f6b24a26da9449ad7e155e6b446c9d?s=96&d=mm&r=g","caption":"Ralf Ittermann"},"givenName":"Ralf","familyName":"Ittermann","jobTitle":"Gesch\u00e4ftsf\u00fchrer und redaktioneller Verantwortlicher","url":"https:\/\/iwell-guard.com\/sk\/author\/claude\/","description":"Ralf Ittermann ist Gesch\u00e4ftsf\u00fchrer der Ittermann electronic GmbH und redaktioneller Verantwortlicher des iWell-Guard-Lexikons. Er verbindet langj\u00e4hrige Erfahrung in der Pr\u00e4zisionsfertigung mit medialer Praxis und religionsgeschichtlicher Quellenarbeit.","worksFor":{"@type":"Organization","name":"Ittermann electronic GmbH","url":"https:\/\/ittermann.de\/","address":{"@type":"PostalAddress","streetAddress":"K\u00f6hlergasse 16-18","postalCode":"99842","addressLocality":"Ruhla","addressCountry":"DE"}},"knowsAbout":["Religionsgeschichte","Mythologie","Mediale Praxis","Energetische Diagnostik","Schutzpraxis","Volksglauben","Westliche Esoterik"]},{"@type":"Article","@id":"https:\/\/iwell-guard.com\/sk\/lugh\/#article","isPartOf":{"@id":"https:\/\/iwell-guard.com\/sk\/lugh\/"},"author":{"name":"Ralf Ittermann","@id":"https:\/\/iwell-guard.com\/sk\/#\/schema\/person\/ee2a27f1cac3406c7c6fb5820cb7349f"},"headline":"Lugh","datePublished":"2026-09-04T22:18:04+00:00","dateModified":"2026-09-04T22:43:19+00:00","mainEntityOfPage":{"@id":"https:\/\/iwell-guard.com\/sk\/lugh\/"},"publisher":{"@id":"https:\/\/iwell-guard.com\/sk\/#organization"},"image":{"@id":"https:\/\/iwell-guard.com\/sk\/lugh\/#primaryimage"},"thumbnailUrl":"https:\/\/iwell-guard.com\/wp-content\/uploads\/2026\/04\/goetter_keltisch_lugh.webp","inLanguage":"sk-SK","description":"Lugh, keltsk\u00fd majster v\u0161etk\u00fdch umen\u00ed: v\u00ed\u0165azstvo nad Balorom, sviatok Lughnasadh a jeho stopy od Tary a\u017e po Lyon. Vysvetlenie p\u00f4vodu a v\u00fdznamu."}]}},"_links":{"self":[{"href":"https:\/\/iwell-guard.com\/sk\/wp-json\/wp\/v2\/pages\/157824","targetHints":{"allow":["GET"]}}],"collection":[{"href":"https:\/\/iwell-guard.com\/sk\/wp-json\/wp\/v2\/pages"}],"about":[{"href":"https:\/\/iwell-guard.com\/sk\/wp-json\/wp\/v2\/types\/page"}],"author":[{"embeddable":true,"href":"https:\/\/iwell-guard.com\/sk\/wp-json\/wp\/v2\/users\/3"}],"replies":[{"embeddable":true,"href":"https:\/\/iwell-guard.com\/sk\/wp-json\/wp\/v2\/comments?post=157824"}],"version-history":[{"count":0,"href":"https:\/\/iwell-guard.com\/sk\/wp-json\/wp\/v2\/pages\/157824\/revisions"}],"wp:featuredmedia":[{"embeddable":true,"href":"https:\/\/iwell-guard.com\/sk\/wp-json\/wp\/v2\/media\/1616"}],"wp:attachment":[{"href":"https:\/\/iwell-guard.com\/sk\/wp-json\/wp\/v2\/media?parent=157824"}],"wp:term":[{"taxonomy":"category","embeddable":true,"href":"https:\/\/iwell-guard.com\/sk\/wp-json\/wp\/v2\/categories?post=157824"}],"curies":[{"name":"wp","href":"https:\/\/api.w.org\/{rel}","templated":true}]}}