{"id":157820,"date":"2026-09-04T22:18:00","date_gmt":"2026-09-04T22:18:00","guid":{"rendered":"https:\/\/iwell-guard.com\/?page_id=157820"},"modified":"2026-09-04T22:43:14","modified_gmt":"2026-09-04T22:43:14","slug":"brigid","status":"publish","type":"page","link":"https:\/\/iwell-guard.com\/sk\/brigid\/","title":{"rendered":"Brigid"},"content":{"rendered":"\t\t<div data-elementor-type=\"wp-page\" data-elementor-id=\"157820\" class=\"elementor elementor-157820 elementor-2122 elementor-bc-flex-widget\" data-elementor-post-type=\"page\">\n\t\t\t\t<div class=\"elementor-element elementor-element-10fdade e-flex e-con-boxed e-con e-parent\" data-id=\"10fdade\" data-element_type=\"container\" data-e-type=\"container\" data-settings=\"{&quot;background_background&quot;:&quot;classic&quot;}\">\n\t\t\t\t\t<div class=\"e-con-inner\">\n\t\t<div class=\"elementor-element elementor-element-herohlft0 e-flex e-con-boxed e-con e-child\" data-id=\"herohlft0\" data-element_type=\"container\" data-e-type=\"container\">\n\t\t\t\t\t<div class=\"e-con-inner\">\n\t\t<div class=\"elementor-element elementor-element-c3ceb64 e-con-full e-flex e-con e-child\" data-id=\"c3ceb64\" data-element_type=\"container\" data-e-type=\"container\">\n\t\t\t\t<div class=\"elementor-element elementor-element-96ae5e1 elementor-widget elementor-widget-heading\" data-id=\"96ae5e1\" data-element_type=\"widget\" data-e-type=\"widget\" data-widget_type=\"heading.default\">\n\t\t\t\t\t<h1 class=\"elementor-heading-title elementor-size-default\">Brigid, bohy\u0148a keltskej trad\u00edcie<\/h1>\t\t\t\t<\/div>\n\t\t\t\t<div class=\"elementor-element elementor-element-e45238a elementor-widget elementor-widget-text-editor\" data-id=\"e45238a\" data-element_type=\"widget\" data-e-type=\"widget\" data-widget_type=\"text-editor.default\">\n\t\t\t\t\t\t\t\t\t<p>Brigid je bohy\u0148a keltskej trad\u00edcie, ktor\u00e1 steles\u0148uje ohe\u0148, lie\u010dite\u013estvo, po\u00e9ziu a remeslo. Predstavuje jeden z m\u00e1la kres\u0165ansko-pohansk\u00fdch synkretizmov ran\u00e9ho stredoveku na Britsk\u00fdch ostrovoch a z religionistick\u00e9ho h\u013eadiska je k\u013e\u00fa\u010dov\u00fdm d\u00f4kazom kontinuity predkeltsk\u00fdch foriem uctievania v nomin\u00e1lne christianizovanej spolo\u010dnosti.<\/p>\t\t\t\t\t\t\t\t<\/div>\n\t\t\t\t<\/div>\n\t\t<div class=\"elementor-element elementor-element-klsbdg01 e-con-full e-flex e-con e-parent\" data-id=\"klsbdg01\" data-element_type=\"container\" data-e-type=\"container\">\n\t\t\t\t<div class=\"elementor-element elementor-element-klshtm01 elementor-widget elementor-widget-html\" data-id=\"klshtm01\" data-element_type=\"widget\" data-e-type=\"widget\" data-widget_type=\"html.default\">\n\t\t\t\t\t<div class=\"iwg-pill-row\"><span class=\"iwg-klasse-badge\" tabindex=\"0\" data-tooltip=\"Boh \/ bohy\u0148a: Personifikovan\u00e1 najvy\u0161\u0161ia moc v pante\u00f3ne kult\u00fary, s jasn\u00fdmi zodpovednos\u0165ami, silami pr\u00edrody, osudom, vojnou, plodnos\u0165ou. Uctievan\u00fd prostredn\u00edctvom kultov, obet\u00ed a chr\u00e1mov\u00fdch in\u0161tit\u00faci\u00ed.\">Bohy\u0148a<\/span><a href=\"https:\/\/iwell-guard.com\/sk\/?page_id=157607\" class=\"iwg-kultur-badge\" tabindex=\"0\" data-tooltip=\"Keltsk\u00e9 n\u00e1bo\u017eenstvo z\u00e1padnej Eur\u00f3py a Britsk\u00fdch ostrovov, mytologicky dokumentovan\u00e9 \u00edrsko-walesk\u00fdmi textami.\">Keltsk\u00e1<\/a><a href=\"https:\/\/iwell-guard.com\/sk\/?page_id=157700\" class=\"iwg-tradition-badge\" tabindex=\"0\" data-tooltip=\"Ochrann\u00e9 bo\u017estva, str\u00e1\u017ecovia domu, mesta, p\u00f4rodov, ciest alebo \u017eivotn\u00fdch obdob\u00ed.\">Ochrann\u00e9 bo\u017estvo<\/a><\/div>\t\t\t\t<\/div>\n\t\t\t\t<\/div>\n\t\t<div class=\"elementor-element elementor-element-3f74855 e-con-full e-flex e-con e-child\" data-id=\"3f74855\" data-element_type=\"container\" data-e-type=\"container\">\n\t\t\t\t<div class=\"elementor-element elementor-element-1c30362 elementor-toc--minimized-on-tablet elementor-widget elementor-widget-table-of-contents\" data-id=\"1c30362\" data-element_type=\"widget\" data-e-type=\"widget\" data-settings=\"{&quot;exclude_headings_by_selector&quot;:[],&quot;no_headings_message&quot;:&quot;Na tejto str\\u00e1nke sa nena\\u0161li \\u017eiadne nadpisy.&quot;,&quot;headings_by_tags&quot;:[&quot;h2&quot;,&quot;h3&quot;],&quot;marker_view&quot;:&quot;bullets&quot;,&quot;minimize_box&quot;:&quot;yes&quot;,&quot;icon&quot;:{&quot;value&quot;:&quot;fas fa-circle&quot;,&quot;library&quot;:&quot;fa-solid&quot;,&quot;rendered_tag&quot;:&quot;&lt;svg class=\\&quot;e-font-icon-svg e-fas-circle\\&quot; viewBox=\\&quot;0 0 512 512\\&quot; xmlns=\\&quot;http:\\\/\\\/www.w3.org\\\/2000\\\/svg\\&quot;&gt;&lt;path d=\\&quot;M256 8C119 8 8 119 8 256s111 248 248 248 248-111 248-248S393 8 256 8z\\&quot;&gt;&lt;\\\/path&gt;&lt;\\\/svg&gt;&quot;},&quot;minimized_on&quot;:&quot;tablet&quot;,&quot;hierarchical_view&quot;:&quot;yes&quot;,&quot;min_height&quot;:{&quot;unit&quot;:&quot;px&quot;,&quot;size&quot;:&quot;&quot;,&quot;sizes&quot;:[]},&quot;min_height_tablet&quot;:{&quot;unit&quot;:&quot;px&quot;,&quot;size&quot;:&quot;&quot;,&quot;sizes&quot;:[]},&quot;min_height_mobile&quot;:{&quot;unit&quot;:&quot;px&quot;,&quot;size&quot;:&quot;&quot;,&quot;sizes&quot;:[]}}\" data-widget_type=\"table-of-contents.default\">\n\t\t\t\t\t\t\t\t\t<div class=\"elementor-toc__header\">\n\t\t\t\t\t\t<h2 class=\"elementor-toc__header-title\">\n\t\t\t\tObsah\t\t\t<\/h2>\n\t\t\t\t\t\t\t\t\t\t<div class=\"elementor-toc__toggle-button elementor-toc__toggle-button--expand\" role=\"button\" tabindex=\"0\" aria-controls=\"elementor-toc__1c30362\" aria-expanded=\"true\" aria-label=\"Open table of contents\"><svg aria-hidden=\"true\" class=\"e-font-icon-svg e-fas-chevron-down\" viewBox=\"0 0 448 512\" xmlns=\"http:\/\/www.w3.org\/2000\/svg\"><path d=\"M207.029 381.476L12.686 187.132c-9.373-9.373-9.373-24.569 0-33.941l22.667-22.667c9.357-9.357 24.522-9.375 33.901-.04L224 284.505l154.745-154.021c9.379-9.335 24.544-9.317 33.901.04l22.667 22.667c9.373 9.373 9.373 24.569 0 33.941L240.971 381.476c-9.373 9.372-24.569 9.372-33.942 0z\"><\/path><\/svg><\/div>\n\t\t\t\t<div class=\"elementor-toc__toggle-button elementor-toc__toggle-button--collapse\" role=\"button\" tabindex=\"0\" aria-controls=\"elementor-toc__1c30362\" aria-expanded=\"true\" aria-label=\"Close table of contents\"><svg aria-hidden=\"true\" class=\"e-font-icon-svg e-fas-chevron-up\" viewBox=\"0 0 448 512\" xmlns=\"http:\/\/www.w3.org\/2000\/svg\"><path d=\"M240.971 130.524l194.343 194.343c9.373 9.373 9.373 24.569 0 33.941l-22.667 22.667c-9.357 9.357-24.522 9.375-33.901.04L224 227.495 69.255 381.516c-9.379 9.335-24.544 9.317-33.901-.04l-22.667-22.667c-9.373-9.373-9.373-24.569 0-33.941L207.03 130.525c9.372-9.373 24.568-9.373 33.941-.001z\"><\/path><\/svg><\/div>\n\t\t\t\t\t<\/div>\n\t\t\t\t<div id=\"elementor-toc__1c30362\" class=\"elementor-toc__body\">\n\t\t\t<div class=\"elementor-toc__spinner-container\">\n\t\t\t\t<svg class=\"elementor-toc__spinner eicon-animation-spin e-font-icon-svg e-eicon-loading\" aria-hidden=\"true\" viewBox=\"0 0 1000 1000\" xmlns=\"http:\/\/www.w3.org\/2000\/svg\"><path d=\"M500 975V858C696 858 858 696 858 500S696 142 500 142 142 304 142 500H25C25 237 238 25 500 25S975 237 975 500 763 975 500 975Z\"><\/path><\/svg>\t\t\t<\/div>\n\t\t<\/div>\n\t\t\t\t\t\t<\/div>\n\t\t\t\t<\/div>\n\t\t\t\t\t<\/div>\n\t\t\t\t<\/div>\n\t\t<div class=\"elementor-element elementor-element-herorght0 e-con-full e-flex e-con e-child\" data-id=\"herorght0\" data-element_type=\"container\" data-e-type=\"container\">\n\t\t\t\t<div class=\"elementor-element elementor-element-heroimg00 iwg-hero-image elementor-widget elementor-widget-image\" data-id=\"heroimg00\" data-element_type=\"widget\" data-e-type=\"widget\" data-widget_type=\"image.default\">\n\t\t\t\t\t\t\t\t\t\t\t\t\t\t\t<img fetchpriority=\"high\" decoding=\"async\" width=\"683\" height=\"1024\" src=\"https:\/\/iwell-guard.com\/wp-content\/uploads\/2026\/04\/goetter_keltisch_brigid-683x1024.webp\" class=\"attachment-large size-large wp-image-160080\" alt=\"Brigid \u2013 bohovia z keltskej trad\u00edcie, historicko-ilustra\u010dn\u00e9 zobrazenie\" srcset=\"https:\/\/iwell-guard.com\/wp-content\/uploads\/2026\/04\/goetter_keltisch_brigid-683x1024.webp 683w, https:\/\/iwell-guard.com\/wp-content\/uploads\/2026\/04\/goetter_keltisch_brigid-200x300.webp 200w, https:\/\/iwell-guard.com\/wp-content\/uploads\/2026\/04\/goetter_keltisch_brigid-768x1152.webp 768w, https:\/\/iwell-guard.com\/wp-content\/uploads\/2026\/04\/goetter_keltisch_brigid.webp 1024w\" sizes=\"(max-width: 683px) 100vw, 683px\" \/>\t\t\t\t\t\t\t\t\t\t\t\t\t\t\t<\/div>\n\t\t\t\t<\/div>\n\t\t\t\t\t<\/div>\n\t\t\t\t<\/div>\n\t\t<div class=\"elementor-element elementor-element-32917199 e-flex e-con-boxed e-con e-parent\" data-id=\"32917199\" data-element_type=\"container\" data-e-type=\"container\">\n\t\t\t\t\t<div class=\"e-con-inner\">\n\t\t<div class=\"elementor-element elementor-element-26e916cb e-flex e-con-boxed e-con e-child\" data-id=\"26e916cb\" data-element_type=\"container\" data-e-type=\"container\">\n\t\t\t\t\t<div class=\"e-con-inner\">\n\t\t<div class=\"elementor-element elementor-element-253a40d4 e-flex e-con-boxed e-con e-child\" data-id=\"253a40d4\" data-element_type=\"container\" data-e-type=\"container\">\n\t\t\t\t\t<div class=\"e-con-inner\">\n\t\t\t\t<div class=\"elementor-element elementor-element-1200c304 elementor-widget elementor-widget-heading\" data-id=\"1200c304\" data-element_type=\"widget\" data-e-type=\"widget\" data-widget_type=\"heading.default\">\n\t\t\t\t\t<div class=\"elementor-heading-title elementor-size-default\">Brigid<\/div>\t\t\t\t<\/div>\n\t\t\t\t<div class=\"elementor-element elementor-element-11758e7f elementor-widget elementor-widget-text-editor\" data-id=\"11758e7f\" data-element_type=\"widget\" data-e-type=\"widget\" data-widget_type=\"text-editor.default\">\n\t\t\t\t\t\t\t\t\t<p>Brigid je v literat\u00fare popisovan\u00e1 ako bohy\u0148a trojit\u00e9ho aspektu: lie\u010dite\u013estva, po\u00e9zie a umeleck\u00e9ho remesla. Patr\u00ed k Tuatha D\u00e9 Danann, bo\u017esk\u00e9mu rodu keltskej <span class=\"iwg-fachbegriff\" data-tooltip=\"Odovzd\u00e1vanie vedomost\u00ed a pr\u00edbehov z gener\u00e1cie na gener\u00e1ciu.\" tabindex=\"0\">trad\u00edcie<\/span>, a v prame\u0148och sa uv\u00e1dza ako man\u017eelka Bresa alebo in\u00fdch v\u00fdznamn\u00fdch post\u00e1v.<\/p><p>Po christianiz\u00e1cii pokra\u010dovala v podobe sv\u00e4tej Brigity, patr\u00f3nky \u00cdrska. \u00dastredn\u00fdm bodom jej kultu je sviatok Imbolc, prv\u00fd febru\u00e1r, prechodov\u00fd de\u0148 k jari, sp\u00e1jan\u00fd s plodnos\u0165ou a nov\u00fdm \u017eivotom.<\/p>\t\t\t\t\t\t\t\t<\/div>\n\t\t\t\t\t<\/div>\n\t\t\t\t<\/div>\n\t\t<div class=\"elementor-element elementor-element-159dcf9a e-flex e-con-boxed e-con e-child\" data-id=\"159dcf9a\" data-element_type=\"container\" data-e-type=\"container\">\n\t\t\t\t\t<div class=\"e-con-inner\">\n\t\t\t\t<div class=\"elementor-element elementor-element-48cee66f elementor-widget elementor-widget-heading\" data-id=\"48cee66f\" data-element_type=\"widget\" data-e-type=\"widget\" data-widget_type=\"heading.default\">\n\t\t\t\t\t<h2 class=\"elementor-heading-title elementor-size-default\">R\u00fdchly preh\u013ead: Brigid<\/h2>\t\t\t\t<\/div>\n\t\t\t\t<div class=\"elementor-element elementor-element-3f50d82c elementor-widget elementor-widget-text-editor\" data-id=\"3f50d82c\" data-element_type=\"widget\" data-e-type=\"widget\" data-widget_type=\"text-editor.default\">\n\t\t\t\t\t\t\t\t\t<p>Doklady poch\u00e1dzaj\u00fa predov\u0161etk\u00fdm zo stredovek\u00fdch \u00edrskych rukopisov, ako je Metrical Dindshenchas, ktor\u00fd zhroma\u017e\u010fuje miestne legendy, a z hagiografick\u00fdch textov o sv\u00e4tej Brigite, ktor\u00e9 vznikali od 7. storo\u010dia.<\/p><p>Bernhard Maier a Birkhan uk\u00e1zali, \u017ee kontinuita tejto postavy medzi pohanskou bohy\u0148ou a kres\u0165anskou sv\u00e4tou zost\u00e1va nevyjasnen\u00e1, ale textovo je nevyhnutn\u00e1. \u00cdrska ostrovn\u00e1 cirkev zachovala keltsk\u00e9 trad\u00edcie intenz\u00edvnej\u0161ie ne\u017e kontinent\u00e1lne kres\u0165anstvo.<\/p>\t\t\t\t\t\t\t\t<\/div>\n\t\t\t\t\t<\/div>\n\t\t\t\t<\/div>\n\t\t\t\t\t<\/div>\n\t\t\t\t<\/div>\n\t\t\t\t\t<\/div>\n\t\t\t\t<\/div>\n\t\t<div class=\"elementor-element elementor-element-18613602 e-flex e-con-boxed e-con e-parent\" data-id=\"18613602\" data-element_type=\"container\" data-e-type=\"container\">\n\t\t\t\t\t<div class=\"e-con-inner\">\n\t\t\t\t<div class=\"elementor-element elementor-element-262b8a9f elementor-widget elementor-widget-heading\" data-id=\"262b8a9f\" data-element_type=\"widget\" data-e-type=\"widget\" data-widget_type=\"heading.default\">\n\t\t\t\t\t<h2 class=\"elementor-heading-title elementor-size-default\">Kontext<\/h2>\t\t\t\t<\/div>\n\t\t<div class=\"elementor-element elementor-element-46dcb7d e-con-full e-flex e-con e-child\" data-id=\"46dcb7d\" data-element_type=\"container\" data-e-type=\"container\">\n\t\t<div class=\"elementor-element elementor-element-61d3ab3 e-flex e-con-boxed e-con e-child\" data-id=\"61d3ab3\" data-element_type=\"container\" data-e-type=\"container\">\n\t\t\t\t\t<div class=\"e-con-inner\">\n\t\t\t\t<div class=\"elementor-element elementor-element-117c166 elementor-widget elementor-widget-heading\" data-id=\"117c166\" data-element_type=\"widget\" data-e-type=\"widget\" data-widget_type=\"heading.default\">\n\t\t\t\t\t<div class=\"elementor-heading-title elementor-size-default\">Zeitraum der Texte<\/div>\t\t\t\t<\/div>\n\t\t\t\t<div class=\"elementor-element elementor-element-73997a0 elementor-widget elementor-widget-text-editor\" data-id=\"73997a0\" data-element_type=\"widget\" data-e-type=\"widget\" data-widget_type=\"text-editor.default\">\n\t\t\t\t\t\t\t\t\t<p>Od bohyne Tuatha D\u00e9 Danann cez sv\u00e4t\u00fa Brigidu z Kildare a\u017e po zvyky spojen\u00e9 s Brigid v 20. storo\u010d\u00ed mo\u017eno trad\u00edciu v \u00cdrsku sledova\u0165 v priebehu dlh\u00fdch obdob\u00ed. Pletenie Brigidin\u00fdch kr\u00ed\u017eov z p\u0155h\u013eavy sa praktizuje na 1. febru\u00e1ra dodnes, od roku 2023 je Brigidin sviatok v \u00cdrsku \u0161t\u00e1tnym sviatkom. Kres\u0165ansk\u00e1 sv\u00e4tica pritom prevzala rysy star\u0161ej bohyne, tak\u017ee z\u00e1kladn\u00e1 postava zostala navzdory zmene n\u00e1bo\u017eenstva rozpoznate\u013en\u00e1.<\/p><h3>Mytologick\u00e9 zaradenie<\/h3><p>Brigid je jednou z najv\u00fdznamnej\u0161\u00edch boh\u00fd\u0148 \u00edrskej a britskej keltskej trad\u00edcie. Je bohy\u0148ou oh\u0148a, lie\u010dite\u013estva, po\u00e9zie a kov\u00e1\u010dstva. V geneal\u00f3gii sa objavuje ako trojit\u00e1 alebo dev\u00e4\u0165n\u00e1sobn\u00e1 postava. Brigid bola tak v\u00fdznamn\u00e1, \u017ee bola prijat\u00e1 do kres\u0165ansk\u00e9ho kultu sv\u00e4t\u00fdch.<\/p>\t\t\t\t\t\t\t\t<\/div>\n\t\t\t\t\t<\/div>\n\t\t\t\t<\/div>\n\t\t<div class=\"elementor-element elementor-element-d47b156 e-flex e-con-boxed e-con e-child\" data-id=\"d47b156\" data-element_type=\"container\" data-e-type=\"container\">\n\t\t\t\t\t<div class=\"e-con-inner\">\n\t\t\t\t<div class=\"elementor-element elementor-element-ff38c2b elementor-widget elementor-widget-heading\" data-id=\"ff38c2b\" data-element_type=\"widget\" data-e-type=\"widget\" data-widget_type=\"heading.default\">\n\t\t\t\t\t<div class=\"elementor-heading-title elementor-size-default\">Verbreitungsraum<\/div>\t\t\t\t<\/div>\n\t\t\t\t<div class=\"elementor-element elementor-element-4e49fcc elementor-widget elementor-widget-text-editor\" data-id=\"4e49fcc\" data-element_type=\"widget\" data-e-type=\"widget\" data-widget_type=\"text-editor.default\">\n\t\t\t\t\t\t\t\t\t<p>Brigid nebola obmedzen\u00e1 na ur\u010dit\u00fd regi\u00f3n alebo lokalitu, ale bola v\u0161eobecne zn\u00e1ma a uctievan\u00e1, alebo s re\u0161pektom ob\u00e1van\u00e1, v celom keltskom svete. \u010ci vo ve\u013ek\u00fdch mestsk\u00fdch centr\u00e1ch alebo na perif\u00e9rnom vidieku, medzi spolo\u010denskou elitou alebo u prost\u00e9ho \u013eudu, duchovn\u00fd a kult\u00farny v\u00fdznam tejto bytosti bol trvalo uzn\u00e1van\u00fd a univerz\u00e1lny.<\/p><p>Cormacov glos\u00e1r naz\u00fdva Brigid bohy\u0148ou, ktor\u00fa uctievali v\u0161etci \u00edrski b\u00e1snici, \u010do dokazuje jej postavenie medzi u\u010den\u00fdmi vrstvami \u00cdrska. Jej meno sa navy\u0161e objavuje v Brit\u00e1nii a Galii v podobn\u00fdch form\u00e1ch, ako Brigantia, kme\u0148ov\u00e1 bohy\u0148a Brigantov. Toto roz\u0161\u00edrenie po keltsky ob\u00fdvan\u00fdch oblastiach sa vysvet\u013euje spolo\u010dn\u00fdmi jazykov\u00fdmi kore\u0148mi a v\u00e4zbami medzi keltsk\u00fdmi skupinami na ostrovoch a na kontinente.<\/p>\t\t\t\t\t\t\t\t<\/div>\n\t\t\t\t\t<\/div>\n\t\t\t\t<\/div>\n\t\t\t\t<\/div>\n\t\t<div class=\"elementor-element elementor-element-db03c39 e-con-full e-flex e-con e-child\" data-id=\"db03c39\" data-element_type=\"container\" data-e-type=\"container\">\n\t\t<div class=\"elementor-element elementor-element-229a87b e-flex e-con-boxed e-con e-child\" data-id=\"229a87b\" data-element_type=\"container\" data-e-type=\"container\">\n\t\t\t\t\t<div class=\"e-con-inner\">\n\t\t\t\t<div class=\"elementor-element elementor-element-1f471fc elementor-widget elementor-widget-heading\" data-id=\"1f471fc\" data-element_type=\"widget\" data-e-type=\"widget\" data-widget_type=\"heading.default\">\n\t\t\t\t\t<div class=\"elementor-heading-title elementor-size-default\">Quellenlage<\/div>\t\t\t\t<\/div>\n\t\t\t\t<div class=\"elementor-element elementor-element-36b1201 elementor-widget elementor-widget-text-editor\" data-id=\"36b1201\" data-element_type=\"widget\" data-e-type=\"widget\" data-widget_type=\"text-editor.default\">\n\t\t\t\t\t\t\t\t\t<p>Prim\u00e1rne prame\u0148e: Metrical Dindshenchas (stredovek\u00fd, zhroma\u017e\u010fuje predkres\u0165ansk\u00fd materi\u00e1l), \u017eivotopisy sv\u00e4tej Brigity (7. \u2013 9. stor.) a fragment\u00e1rne s\u00fapisy bohov v Yellow Book of Lecan.<\/p><p>\u010casov\u00e9 zaradenie: mytologick\u00e9 rozpr\u00e1vania rekon\u0161truuj\u00fa pom\u011bry doby \u017eeleznej a r\u00edmskej doby (cca 500 pred n. l. \u2013 400 n. l.), samotn\u00e9 z\u00e1pisy v\u0161ak vznikali v 8. \u2013 12. stor. B\u00e1datelia Proinsias Mac Cana (Celtic Mythology), Bernhard Maier (Die Religion der Kelten) a Helmut Birkhan (Kelten) analyzuj\u00fa javy synkretizmu.<\/p>\t\t\t\t\t\t\t\t<\/div>\n\t\t\t\t\t<\/div>\n\t\t\t\t<\/div>\n\t\t\t\t<\/div>\n\t\t\t\t\t<\/div>\n\t\t\t\t<\/div>\n\t\t<div class=\"elementor-element elementor-element-3ae0637c e-flex e-con-boxed e-con e-parent\" data-id=\"3ae0637c\" data-element_type=\"container\" data-e-type=\"container\">\n\t\t\t\t\t<div class=\"e-con-inner\">\n\t\t\t\t<div class=\"elementor-element elementor-element-31d07739 elementor-widget elementor-widget-heading\" data-id=\"31d07739\" data-element_type=\"widget\" data-e-type=\"widget\" data-widget_type=\"heading.default\">\n\t\t\t\t\t<h2 class=\"elementor-heading-title elementor-size-default\">Meno a varianty<\/h2>\t\t\t\t<\/div>\n\t\t<div class=\"elementor-element elementor-element-b7642947 e-con-full e-flex e-con e-child\" data-id=\"b7642947\" data-element_type=\"container\" data-e-type=\"container\">\n\t\t\t\t<div class=\"elementor-element elementor-element-a086266 elementor-widget elementor-widget-text-editor\" data-id=\"a086266\" data-element_type=\"widget\" data-e-type=\"widget\" data-widget_type=\"text-editor.default\">\n\t\t\t\t\t\t\t\t\t<p>Brigid je v r\u00f4znych prame\u0148och a umeleck\u00fdch trad\u00edci\u00e1ch zobrazovan\u00e1 s ur\u010dit\u00fdmi opakuj\u00facimi sa ikonografick\u00fdmi prvkami, ktor\u00e9 zost\u00e1vaj\u00fa relat\u00edvne st\u00e1le po\u010das desiatok rokov a v r\u00f4znych geografick\u00fdch oblastiach. Tieto prvky nie s\u00fa len ozdobn\u00e9 alebo n\u00e1hodne zvolen\u00e9, ale s\u00fa hlboko symbolicky k\u00f3dovan\u00e9 a nes\u00fa ve\u013ek\u00fd v\u00fdznam.<\/p><p>Znaky Brigid v\u017edy vyjadruj\u00fa konkr\u00e9tnu v\u00fdpove\u010f: spojenie s oh\u0148om a kov\u00e1\u010dstvom odkazuje na jej remeseln\u00fa funkciu, sv\u00e4t\u00e9 ohe\u0148 v Kildare na jej lie\u010dite\u013esk\u00fa \u00falohu, spojenie s po\u00e9ziou na jej postavenie ochrankyne filid, u\u010den\u00fdch \u00edrskych b\u00e1snikov. Brigidin kr\u00ed\u017e z pletenej p\u0155h\u013eavy, s\u00favislos\u0165 s prame\u0148om a jarn\u00fd sviatok Imbolc spolo\u010dne tvoria \u010ditate\u013en\u00fd syst\u00e9m znakov. Kto poznal \u00edrsku trad\u00edciu, mohol z toho vy\u010d\u00edta\u0165 zodpovednos\u0165 a postavenie bohyne: postavu, ktor\u00e1 sp\u00e1ja po\u00e9ziu, kov\u00e1\u010dstvo a lie\u010denie v trojitej forme, ako ju v 9. storo\u010d\u00ed popisuje Cormacov glos\u00e1r.<\/p>\t\t\t\t\t\t\t\t<\/div>\n\t\t\t\t<\/div>\n\t\t\t\t\t<\/div>\n\t\t\t\t<\/div>\n\t\t<div class=\"elementor-element elementor-element-709a44a8 e-flex e-con-boxed e-con e-parent\" data-id=\"709a44a8\" data-element_type=\"container\" data-e-type=\"container\">\n\t\t\t\t\t<div class=\"e-con-inner\">\n\t\t\t\t<div class=\"elementor-element elementor-element-2f585873 elementor-widget elementor-widget-heading\" data-id=\"2f585873\" data-element_type=\"widget\" data-e-type=\"widget\" data-widget_type=\"heading.default\">\n\t\t\t\t\t<h2 class=\"elementor-heading-title elementor-size-default\">Popis<\/h2>\t\t\t\t<\/div>\n\t\t<div class=\"elementor-element elementor-element-70621c12 e-con-full e-flex e-con e-child\" data-id=\"70621c12\" data-element_type=\"container\" data-e-type=\"container\">\n\t\t\t\t<div class=\"elementor-element elementor-element-4296eb49 elementor-widget elementor-widget-text-editor\" data-id=\"4296eb49\" data-element_type=\"widget\" data-e-type=\"widget\" data-widget_type=\"text-editor.default\">\n\t\t\t\t\t\t\t\t\t<p>Brigid bola \u00fastrednou postavou n\u00e1bo\u017eenskej praxe, ka\u017edodenn\u00fdch ritu\u00e1lov a be\u017en\u00e9ho ch\u00e1pania Keltov. \u013dudia sa na t\u00fato bytos\u0165 obracali v kritick\u00fdch alebo v\u00fdznamn\u00fdch \u017eivotn\u00fdch situ\u00e1ci\u00e1ch, alebo v ur\u010den\u00fdch ritu\u00e1lnych obdobiach roka, so \u0161trukt\u00farovan\u00fdmi, \u010dasto n\u00e1ro\u010dn\u00fdmi ritu\u00e1lmi, modlitbami alebo obetn\u00fdmi darmi.<\/p><p>Uctievanie Brigid sa riadilo pevn\u00fdmi zvykmi: sviatok Imbolc 1. febru\u00e1ra ozna\u010doval presne ur\u010den\u00fd term\u00edn v priebehu roka, a zvyky spojen\u00e9 s Brigidin\u00fdmi kr\u00ed\u017emi z p\u0155h\u013eavy alebo vykladan\u00edm l\u00e1tok po\u010das sviato\u010dnej noci sa odovzd\u00e1vali v ust\u00e1lenej forme. Po zl\u00fa\u010den\u00ed s postavou sv\u00e4tej Brigity z Kildare spo\u010d\u00edvala starostlivos\u0165 o tamoj\u0161\u00ed kult v ruk\u00e1ch usporiadanej kl\u00e1\u0161tornej komunity, ktorej \u017eeny str\u00e1\u017eili zdeden\u00fd ohe\u0148.<\/p><p>Skuto\u010dnos\u0165, \u017ee Imbolc bol od predkres\u0165ansk\u00e9ho \u00cdrska a\u017e do kres\u0165anskej doby sl\u00e1ven\u00fd ako Brigidin de\u0148 (L\u00e1 Fh\u00e9ile Br\u00edde), ukazuje, ak\u00fd \u00fa\u017eitok sa t\u00fdmto zvykom pripisoval. Jej \u00falohy zasahovali do viacer\u00fdch oblast\u00ed: Brigidin kr\u00ed\u017e nad dverami mal chr\u00e1ni\u0165 dom a dobytok od \u0161kody, jej zodpovednos\u0165 za lie\u010denie sa vz\u0165ahovala na chor\u00fdch a rodiace \u017eeny, a sviatok 1. febru\u00e1ra sprev\u00e1dzal prechod od zimy k za\u010d\u00ednaj\u00facemu pasienkov\u00e9mu obdobiu s prv\u00fdm jahniatkami oviec.<\/p><h3>Zjav a symbolika<\/h3><p>Brigid je zobrazovan\u00e1 ako \u017eiarivo kr\u00e1sna \u017eena s \u010derven\u00fdmi alebo zlat\u00fdmi vlasmi, \u010dasto zahalen\u00e1 v ohni. Obklopuje ju koruna. K jej atrib\u00fatom patr\u00ed fak\u013ea, kovadlina a kladivo, lie\u010div\u00e9 byliny, harfa. Pramene a studne s\u00fa <span class=\"iwg-fachbegriff\" data-tooltip=\"Patriace bo\u017esk\u00e9mu, a t\u00fdm vy\u0148at\u00e9 z be\u017en\u00e9ho pou\u017e\u00edvania.\" tabindex=\"0\">sv\u00e4t\u00e9<\/span>. Brigidin kr\u00ed\u017e je jej <span class=\"iwg-fachbegriff\" data-tooltip=\"Znak, ktor\u00fd zastupuje predstavu alebo v\u00fdznam.\" tabindex=\"0\">symbolom<\/span>.<\/p>\t\t\t\t\t\t\t\t<\/div>\n\t\t\t\t<\/div>\n\t\t\t\t\t<\/div>\n\t\t\t\t<\/div>\n\t\t<div class=\"elementor-element elementor-element-44e71476 e-flex e-con-boxed e-con e-parent\" data-id=\"44e71476\" data-element_type=\"container\" data-e-type=\"container\">\n\t\t\t\t\t<div class=\"e-con-inner\">\n\t\t\t\t<div class=\"elementor-element elementor-element-3c1fc3f0 elementor-widget elementor-widget-heading\" data-id=\"3c1fc3f0\" data-element_type=\"widget\" data-e-type=\"widget\" data-widget_type=\"heading.default\">\n\t\t\t\t\t<div class=\"elementor-heading-title elementor-size-default\">Profil: Brigid<\/div>\t\t\t\t<\/div>\n\t\t<div class=\"elementor-element elementor-element-84f33b8e e-con-full e-flex e-con e-child\" data-id=\"84f33b8e\" data-element_type=\"container\" data-e-type=\"container\">\n\t\t\t\t<div class=\"elementor-element elementor-element-hqkdc67p elementor-widget elementor-widget-text-editor\" data-id=\"hqkdc67p\" data-element_type=\"widget\" data-e-type=\"widget\" data-widget_type=\"text-editor.default\">\n\t\t\t\t\t\t\t\t\t<p>Vizitka predstavuje Brigid v \u0161iestich rozmeroch: jej kult\u00farny p\u00f4vod, okruhy uctievania, ikonografiu, pripisovan\u00e9 sily, formy \u00facty a vz\u00fdvania, ako aj obdoby v susedn\u00fdch kult\u00farach. To umo\u017e\u0148uje systematick\u00fd preh\u013ead tejto mnohovrstevnej bohyne.<\/p>\t\t\t\t\t\t\t\t<\/div>\n\t\t\t\t<\/div>\n\t\t<div class=\"elementor-element elementor-element-pemmx7c5 e-con-full e-flex e-con e-child\" data-id=\"pemmx7c5\" data-element_type=\"container\" data-e-type=\"container\">\n\t\t<div class=\"elementor-element elementor-element-pemmx7c1 e-con-full e-flex e-con e-child\" data-id=\"pemmx7c1\" data-element_type=\"container\" data-e-type=\"container\">\n\t\t<div class=\"elementor-element elementor-element-qh9oavvu iwg-steckbrief-card e-flex e-con-boxed e-con e-child\" data-id=\"qh9oavvu\" data-element_type=\"container\" data-e-type=\"container\">\n\t\t\t\t\t<div class=\"e-con-inner\">\n\t\t\t\t<div class=\"elementor-element elementor-element-awzx8k2k elementor-widget elementor-widget-heading\" data-id=\"awzx8k2k\" data-element_type=\"widget\" data-e-type=\"widget\" data-widget_type=\"heading.default\">\n\t\t\t\t\t<div class=\"elementor-heading-title elementor-size-default\">Kult\u00farny kontext<\/div>\t\t\t\t<\/div>\n\t\t\t\t<div class=\"elementor-element elementor-element-x6rowhv0 elementor-widget elementor-widget-text-editor\" data-id=\"x6rowhv0\" data-element_type=\"widget\" data-e-type=\"widget\" data-widget_type=\"text-editor.default\">\n\t\t\t\t\t\t\t\t\t<p>Brigid poch\u00e1dza z predkeltskej alebo ran\u011b indoeur\u00f3pskej vrstvy \u00edrskej trad\u00edcie, na \u010do poukazuje bo\u017e\u00ed rod Tuatha D\u00e9 Danann. Jej prv\u00e1 liter\u00e1rna zmienka sa nach\u00e1dza v Metrical Dindshenchas a v geneal\u00f3gi\u00e1ch z 9. a 10. storo\u010dia. Geograficky je viazan\u00e1 predov\u0161etk\u00fdm na \u00cdrsko, s druhotn\u00fdmi dokladmi zo \u0161k\u00f3tskej vyso\u010diny.<\/p><p>Postava sv\u00e4tej Brigity, dolo\u017eenej od 7. storo\u010dia, prekr\u00fdva bo\u017esk\u00fa podobu a ukazuje kontinuitu <span class=\"iwg-fachbegriff\" data-tooltip=\"S\u00fahrn n\u00e1bo\u017eensk\u00fdch \u00fakonov \u00facty k bo\u017estvu alebo sv\u00e4tej postave.\" tabindex=\"0\">kultu<\/span> aj po prechode ku kres\u0165anstvu.<\/p>\t\t\t\t\t\t\t\t<\/div>\n\t\t\t\t\t<\/div>\n\t\t\t\t<\/div>\n\t\t<div class=\"elementor-element elementor-element-8e3o4kxs iwg-steckbrief-card e-flex e-con-boxed e-con e-child\" data-id=\"8e3o4kxs\" data-element_type=\"container\" data-e-type=\"container\">\n\t\t\t\t\t<div class=\"e-con-inner\">\n\t\t\t\t<div class=\"elementor-element elementor-element-08rkdgov elementor-widget elementor-widget-heading\" data-id=\"08rkdgov\" data-element_type=\"widget\" data-e-type=\"widget\" data-widget_type=\"heading.default\">\n\t\t\t\t\t<div class=\"elementor-heading-title elementor-size-default\">Predmet p\u00f4sobenia<\/div>\t\t\t\t<\/div>\n\t\t\t\t<div class=\"elementor-element elementor-element-uwjelx8s elementor-widget elementor-widget-text-editor\" data-id=\"uwjelx8s\" data-element_type=\"widget\" data-e-type=\"widget\" data-widget_type=\"text-editor.default\">\n\t\t\t\t\t\t\t\t\t<p>Brigid vz\u00fdvali b\u00e1snick\u00e9 rody (fil\u00ed), lie\u010dite\u013eky, kov\u00e1\u010di a remeseln\u00ed\u010dky. Jej sviatok Imbolc bol pr\u00edle\u017eitos\u0165ou na o\u010distn\u00e9 ritu\u00e1ly a oslavy plodnosti. V kres\u0165anskej dobe sa na sv\u00e4t\u00fa Brigitu obracali \u017eeny pri p\u00f4rodn\u00fdch \u0165a\u017ekostiach a v ot\u00e1zkach chor\u00f4b. Jej uctievaniu sa venovali najm\u00e4 kl\u00e1\u0161tory, napr\u00edklad kl\u00e1\u0161tor v Kildare, ktor\u00fd pestoval brigit\u00ednsku trad\u00edciu a stal sa hospod\u00e1rskym i intelektu\u00e1lnym centrom.<\/p>\t\t\t\t\t\t\t\t<\/div>\n\t\t\t\t\t<\/div>\n\t\t\t\t<\/div>\n\t\t<div class=\"elementor-element elementor-element-jm2n74ec iwg-steckbrief-card e-flex e-con-boxed e-con e-child\" data-id=\"jm2n74ec\" data-element_type=\"container\" data-e-type=\"container\">\n\t\t\t\t\t<div class=\"e-con-inner\">\n\t\t\t\t<div class=\"elementor-element elementor-element-8vufse4c elementor-widget elementor-widget-heading\" data-id=\"8vufse4c\" data-element_type=\"widget\" data-e-type=\"widget\" data-widget_type=\"heading.default\">\n\t\t\t\t\t<div class=\"elementor-heading-title elementor-size-default\">Forma<\/div>\t\t\t\t<\/div>\n\t\t\t\t<div class=\"elementor-element elementor-element-mwb9u015 elementor-widget elementor-widget-text-editor\" data-id=\"mwb9u015\" data-element_type=\"widget\" data-e-type=\"widget\" data-widget_type=\"text-editor.default\">\n\t\t\t\t\t\t\t\t\t<p>Brigid sa v umeleckom remesle a liter\u00e1rnych opisoch sp\u00e1ja s oh\u0148om, ako plame\u0148 in\u0161pir\u00e1cie, uzdravovania a kov\u00e1\u010dskeho umenia. Ohe\u0148 v Kildare mal by\u0165 jej <span class=\"iwg-fachbegriff\" data-tooltip=\"Prostredn\u00edctvom n\u00e1bo\u017eensk\u00e9ho \u00fakonu odovzdan\u00e9 sv\u00e4t\u00e9mu, a t\u00fdm vy\u0148at\u00e9 z be\u017en\u00e9ho, ka\u017edodenn\u00e9ho.\" tabindex=\"0\">zasv\u00e4ten\u00fd<\/span>, opatrovan\u00fd mn\u00ed\u0161kami.<\/p><p>Niekedy nesie atrib\u00faty p\u00f4rodnej asistentky a lek\u00e1rky. V stredovek\u00fdch rukopisoch p\u00f4sob\u00ed d\u00f4stojne, obklopen\u00e1 \u017eiarou, \u010dasto v sprievode plame\u0148ov alebo lie\u010div\u00fdch v\u00f4d.<\/p>\t\t\t\t\t\t\t\t<\/div>\n\t\t\t\t\t<\/div>\n\t\t\t\t<\/div>\n\t\t\t\t<\/div>\n\t\t<div class=\"elementor-element elementor-element-pemmx7c2 e-con-full e-flex e-con e-child\" data-id=\"pemmx7c2\" data-element_type=\"container\" data-e-type=\"container\">\n\t\t<div class=\"elementor-element elementor-element-37ss2yr6 iwg-steckbrief-card e-flex e-con-boxed e-con e-child\" data-id=\"37ss2yr6\" data-element_type=\"container\" data-e-type=\"container\">\n\t\t\t\t\t<div class=\"e-con-inner\">\n\t\t\t\t<div class=\"elementor-element elementor-element-3v0wp3wx elementor-widget elementor-widget-heading\" data-id=\"3v0wp3wx\" data-element_type=\"widget\" data-e-type=\"widget\" data-widget_type=\"heading.default\">\n\t\t\t\t\t<div class=\"elementor-heading-title elementor-size-default\">P\u00f4sobenie<\/div>\t\t\t\t<\/div>\n\t\t\t\t<div class=\"elementor-element elementor-element-w3247g2m elementor-widget elementor-widget-text-editor\" data-id=\"w3247g2m\" data-element_type=\"widget\" data-e-type=\"widget\" data-widget_type=\"text-editor.default\">\n\t\t\t\t\t\t\t\t\t<p>Brigid p\u00f4sobila ako patr\u00f3nka v nezvy\u010dajne \u0161irokej palete funkci\u00ed: ako lie\u010dite\u013eka, str\u00e1\u017eky\u0148a kov\u00e1\u010dskeho umenia, ochranky\u0148a b\u00e1snikov a darky\u0148a plodnosti pre dobytok i \u013eud\u00ed. V <em>Cath Maige Tuired<\/em> vystupuje ako kult\u00farotvorn\u00e1 postava, ktorej \u017ealospev nad padl\u00fdm synom Ruad\u00e1nom zaklad\u00e1 prv\u00fa tak\u00fato piese\u0148 v \u00edrskej trad\u00edcii.<\/p><p>Neskor\u0161ie hagiografick\u00e9 texty, napr\u00edklad <em>Bethu Brigte<\/em> (9. stor.), pren\u00e1\u0161aj\u00fa jej p\u00f4sobenie na kres\u0165ansk\u00fa sv\u00e4t\u00fa Brigidu z Kildare a pripisuj\u00fa jej uzdravovanie chor\u00fdch, rozmno\u017eovanie pokrmov a ochranu st\u00e1d.<\/p>\t\t\t\t\t\t\t\t<\/div>\n\t\t\t\t\t<\/div>\n\t\t\t\t<\/div>\n\t\t<div class=\"elementor-element elementor-element-0qpjal9w iwg-steckbrief-card e-flex e-con-boxed e-con e-child\" data-id=\"0qpjal9w\" data-element_type=\"container\" data-e-type=\"container\">\n\t\t\t\t\t<div class=\"e-con-inner\">\n\t\t\t\t<div class=\"elementor-element elementor-element-6ndoih0o elementor-widget elementor-widget-heading\" data-id=\"6ndoih0o\" data-element_type=\"widget\" data-e-type=\"widget\" data-widget_type=\"heading.default\">\n\t\t\t\t\t<div class=\"elementor-heading-title elementor-size-default\">Formy ochrany<\/div>\t\t\t\t<\/div>\n\t\t\t\t<div class=\"elementor-element elementor-element-6684tyh9 elementor-widget elementor-widget-text-editor\" data-id=\"6684tyh9\" data-element_type=\"widget\" data-e-type=\"widget\" data-widget_type=\"text-editor.default\">\n\t\t\t\t\t\t\t\t\t<p>Brigid je pova\u017eovan\u00e1 za dobrotiv\u00fa a podporuj\u00facu. \u017deny a remeseln\u00edci ju vz\u00fdvali, aby z\u00edskali zru\u010dnos\u0165 a ochranu vo svojej \u010dinnosti. V hagiografick\u00fdch textoch pom\u00e1ha n\u00fadznym prostredn\u00edctvom z\u00e1zrakov. Dnes je postavou vz\u00fdvanou pri umeleckej tvorbe, uzdravovan\u00ed a ochrane domova. Neexistuj\u00fa \u017eiadne obrann\u00e9 praktiky, ke\u010f\u017ee Brigid nie je pova\u017eovan\u00e1 za \u0161kodliv\u00fa \u010di nebezpe\u010dn\u00fa.<\/p>\t\t\t\t\t\t\t\t<\/div>\n\t\t\t\t\t<\/div>\n\t\t\t\t<\/div>\n\t\t<div class=\"elementor-element elementor-element-3lfi7x32 iwg-steckbrief-card e-flex e-con-boxed e-con e-child\" data-id=\"3lfi7x32\" data-element_type=\"container\" data-e-type=\"container\">\n\t\t\t\t\t<div class=\"e-con-inner\">\n\t\t\t\t<div class=\"elementor-element elementor-element-0kg99ga1 elementor-widget elementor-widget-heading\" data-id=\"0kg99ga1\" data-element_type=\"widget\" data-e-type=\"widget\" data-widget_type=\"heading.default\">\n\t\t\t\t\t<div class=\"elementor-heading-title elementor-size-default\">S\u00favisiace bytosti<\/div>\t\t\t\t<\/div>\n\t\t\t\t<div class=\"elementor-element elementor-element-n0fum6kp elementor-widget elementor-widget-text-editor\" data-id=\"n0fum6kp\" data-element_type=\"widget\" data-e-type=\"widget\" data-widget_type=\"text-editor.default\">\n\t\t\t\t\t\t\t\t\t<p>Porovnate\u013en\u00e9 s\u00fa gr\u00e9cka Ath\u00e9na (remeslo, boj, m\u00fadros\u0165), r\u00edmska Vesta (dom\u00e1ci ohe\u0148, ochrana) a v indickej trad\u00edcii bohy\u0148a Sarasvat\u00ed (umenie, po\u00e9zia). Trojit\u00e1 povaha jej postavy pripom\u00edna zobrazenia Hekat\u00e9 alebo trojgestaltn\u00e9 bo\u017esk\u00e9 tri\u00e1dy v keltsk\u00fdch pamiatkach. Tieto paralely poukazuj\u00fa na univerz\u00e1lne n\u00e1bo\u017eensk\u00e9 vzorce \u00facty k bo\u017estv\u00e1m tvoriacim kult\u00faru.<\/p>\t\t\t\t\t\t\t\t<\/div>\n\t\t\t\t\t<\/div>\n\t\t\t\t<\/div>\n\t\t\t\t<\/div>\n\t\t\t\t<\/div>\n\t\t\t\t\t<\/div>\n\t\t\t\t<\/div>\n\t\t<div class=\"elementor-element elementor-element-5a584676 e-flex e-con-boxed e-con e-parent\" data-id=\"5a584676\" data-element_type=\"container\" data-e-type=\"container\">\n\t\t\t\t\t<div class=\"e-con-inner\">\n\t\t\t\t<div class=\"elementor-element elementor-element-6d0757bf elementor-widget elementor-widget-heading\" data-id=\"6d0757bf\" data-element_type=\"widget\" data-e-type=\"widget\" data-widget_type=\"heading.default\">\n\t\t\t\t\t<h2 class=\"elementor-heading-title elementor-size-default\">Brigid, paralely v in\u00fdch kult\u00farach<\/h2>\t\t\t\t<\/div>\n\t\t<div class=\"elementor-element elementor-element-60563f68 e-con-full e-flex e-con e-child\" data-id=\"60563f68\" data-element_type=\"container\" data-e-type=\"container\">\n\t\t\t\t<div class=\"elementor-element elementor-element-5a93fdd6 elementor-widget elementor-widget-text-editor\" data-id=\"5a93fdd6\" data-element_type=\"widget\" data-e-type=\"widget\" data-widget_type=\"text-editor.default\">\n\t\t\t\t\t\t\t\t\t<p>Sv\u00e4t\u00e9 \u017eeny, ktor\u00e9 v sebe sp\u00e1jaj\u00fa lie\u010dite\u013esk\u00e9 umenie, kov\u00e1\u010dske remeslo a po\u00e9ziu, sa nach\u00e1dzaj\u00fa vo viacer\u00fdch mytol\u00f3gi\u00e1ch, od r\u00edmskej Minervy cez seversk\u00fa Eir a\u017e po slovansk\u00fa Moko\u0161; ka\u017ed\u00e1 trad\u00edcia inak v\u00e1\u017ei tieto tri aspekty.<\/p>\n<p><p><strong>\u017didovsk\u00e1 trad\u00edcia:<\/strong> Priama obdoba neexistuje. Vzdialene pr\u00edbuzn\u00e9 s\u00fa Miriam (proroky\u0148a, hudba, vodky\u0148a) v trad\u00edcii Exodu alebo personifikovan\u00e1 m\u00fadros\u0165 (Chokmah\/Sofia) ako postava podobn\u00e1 \u017eensk\u00e9mu stvorite\u013esk\u00e9mu bo\u017estvu.<\/p><p><strong>Gr\u00e9cko-r\u00edmsky svet:<\/strong> Ath\u00e9na steles\u0148uje umeleck\u00e9 remeslo a strategick\u00fa m\u00fadros\u0165, zatia\u013e \u010do Hestia\/Vesta predstavuje dom\u00e1ci ohe\u0148 a s\u00fadr\u017enos\u0165 spolo\u010denstva. Askl\u00e9pios a Hygieia zodpovedaj\u00fa Brigidinmu lie\u010dite\u013esk\u00e9mu aspektu. R\u00edmska <span class=\"iwg-fachbegriff\" data-tooltip=\"Posv\u00e4tn\u00e9 miesto zasv\u00e4ten\u00e9 uctievaniu bo\u017estva.\" tabindex=\"0\">sv\u00e4ty\u0148a<\/span> Vesty s ve\u010dn\u00fdm oh\u0148om je paralelou k Brigidinmu oh\u0148u v Kildare.<\/p><p><strong>Mezopot\u00e1mia:<\/strong> Ninchursag, bohy\u0148a p\u00f4rodu a uzdravovania, a Inanna, bohy\u0148a umeleckej zru\u010dnosti a l\u00e1sky, vykazuj\u00fa tematick\u00e9 zhody. Aj Enki, boh remesla, by mohol by\u0165 mu\u017eskou obdobou.<\/p><p><strong>India\/\u00c1zia:<\/strong> Sarasvat\u00ed (po\u00e9zia, umenie, m\u00fadros\u0165) a Lak\u0161m\u00ed (blahobyt, podpora remesiel) zdie\u013eaj\u00fa Brigidinu \u00falohu podporovate\u013eky \u013eudskej tvorby. V japonskom \u0161intoizme jej \u010diasto\u010dne zodpoved\u00e1 Benzaiten (umenie, hudba).<\/p>\t\t\t\t\t\t\t\t<\/div>\n\t\t\t\t<\/div>\n\t\t\t\t\t<\/div>\n\t\t\t\t<\/div>\n\t\t<div class=\"elementor-element elementor-element-cp963119b e-flex e-con-boxed e-con e-parent\" data-id=\"cp963119b\" data-element_type=\"container\" data-e-type=\"container\">\n\t\t\t\t\t<div class=\"e-con-inner\">\n\t\t\t\t<div class=\"elementor-element elementor-element-cpb656ff4 elementor-widget elementor-widget-heading\" data-id=\"cpb656ff4\" data-element_type=\"widget\" data-e-type=\"widget\" data-widget_type=\"heading.default\">\n\t\t\t\t\t<h2 class=\"elementor-heading-title elementor-size-default\">Zl\u00fa\u010denie so sv\u00e4tou Brigitou z Kildare<\/h2>\t\t\t\t<\/div>\n\t\t<div class=\"elementor-element elementor-element-cp41801bb e-con-full e-flex e-con e-child\" data-id=\"cp41801bb\" data-element_type=\"container\" data-e-type=\"container\">\n\t\t\t\t<div class=\"elementor-element elementor-element-cp6ed9bb7 elementor-widget elementor-widget-text-editor\" data-id=\"cp6ed9bb7\" data-element_type=\"widget\" data-e-type=\"widget\" data-widget_type=\"text-editor.default\">\n\t\t\t\t\t\t\t\t\t<p>Jedna z najviac diskutovan\u00fdch ot\u00e1zok \u00edrskych n\u00e1bo\u017eensk\u00fdch dej\u00edn sa t\u00fdka vz\u0165ahu medzi bohy\u0148ou Brigid a kres\u0165anskou sv\u00e4tou Brigitou z Kildare, ktorej sviatok sa sl\u00e1vi 1. febru\u00e1ra, v de\u0148 sviatku <em>Imbolc<\/em>.<\/p><p>Sv\u00e4t\u00e1 mala \u017ei\u0165 v 5. alebo na za\u010diatku 6. storo\u010dia; jej najstar\u0161\u00ed \u017eivotopis, <em>Vita Sanctae Brigitae<\/em>, nap\u00edsal mn\u00edch Cogitosus okolo roku 650.<\/p><p>Cogitosus opisuje kl\u00e1\u0161tor v Kildare (<em>Cill Dara<\/em>, Kostol pri dube), v ktorom horel posv\u00e4tn\u00fd ohe\u0148 str\u00e1\u017een\u00fd mn\u00ed\u0161kami, ktor\u00fd nesmel nikdy zhasn\u00fa\u0165.<\/p><p>Giraldus Cambrensis op\u00edsal tento ohe\u0148 e\u0161te v 12. storo\u010d\u00ed. Toto uctievanie oh\u0148a, spojenie s dobytkom, mliekom a plodnos\u0165ou, ako aj term\u00edn sviatku viedli mnoh\u00fdch b\u00e1date\u013eov k z\u00e1veru, \u017ee vo sv\u00e4tej vidia kres\u0165anizovan\u00fa podobu bohyne.<\/p><p>Nov\u0161ie v\u00fdskumy v\u0161ak radia k opatrnosti. Historici ako Lisa Bitelov\u00e1 pouk\u00e1zali na to, \u017ee skuto\u010dn\u00e1 abati\u0161a menom Brigita mohla naozaj existova\u0165 a \u017ee hagiografia sa riadi vlastn\u00fdmi liter\u00e1rnymi z\u00e1konitos\u0165ami. Zhody mo\u017eno \u010diasto\u010dne vysvetli\u0165 z\u00e1mern\u00fdm prevzat\u00edm predkres\u0165ansk\u00fdch mot\u00edvov kl\u00e1\u0161tornou komunitou, \u010diasto\u010dne v\u0161eobecn\u00fdmi spolo\u010dn\u00fdmi \u010drtami ran\u011b stredovek\u00fdch \u017eivotopisov sv\u00e4t\u00fdch.<\/p><p>Ist\u00e9 je, \u017ee <span class=\"iwg-fachbegriff\" data-tooltip=\"S\u00fahrn n\u00e1bo\u017eensk\u00fdch \u00fakonov \u00facty k bo\u017estvu alebo sv\u00e4tej postave.\" tabindex=\"0\">kult<\/span> sv\u00e4tej prekryl kult bohyne a star\u0161ie zvyky, napr\u00edklad pletenie <em>Brigid&#8217;s Cross<\/em> zo sitiny, priviazal na kres\u0165ansk\u00fd sviato\u010dn\u00fd de\u0148. Kontinuita je re\u00e1lna, jej presn\u00e1 podoba zost\u00e1va sporn\u00e1.<\/p>\t\t\t\t\t\t\t\t<\/div>\n\t\t\t\t<\/div>\n\t\t\t\t\t<\/div>\n\t\t\t\t<\/div>\n\t\t<div class=\"elementor-element elementor-element-cp82e756a e-flex e-con-boxed e-con e-parent\" data-id=\"cp82e756a\" data-element_type=\"container\" data-e-type=\"container\">\n\t\t\t\t\t<div class=\"e-con-inner\">\n\t\t\t\t<div class=\"elementor-element elementor-element-cp7acc7a0 elementor-widget elementor-widget-heading\" data-id=\"cp7acc7a0\" data-element_type=\"widget\" data-e-type=\"widget\" data-widget_type=\"heading.default\">\n\t\t\t\t\t<h2 class=\"elementor-heading-title elementor-size-default\">Brigid v stredovekej textovej trad\u00edcii<\/h2>\t\t\t\t<\/div>\n\t\t<div class=\"elementor-element elementor-element-cpff2cb9f e-con-full e-flex e-con e-child\" data-id=\"cpff2cb9f\" data-element_type=\"container\" data-e-type=\"container\">\n\t\t\t\t<div class=\"elementor-element elementor-element-cp425ffe9 elementor-widget elementor-widget-text-editor\" data-id=\"cp425ffe9\" data-element_type=\"widget\" data-e-type=\"widget\" data-widget_type=\"text-editor.default\">\n\t\t\t\t\t\t\t\t\t<p>V\u00e4\u010d\u0161ina toho, \u010do sa vie o bohyni Brigid, nepoch\u00e1dza z p\u00f4vodn\u00fdch pohansk\u00fdch prame\u0148ov, ale z textov, ktor\u00e9 nap\u00edsali kres\u0165ansk\u00ed u\u010denci v stredoveku. Najd\u00f4le\u017eitej\u0161ia zmienka sa nach\u00e1dza v diele <em>Sanas Cormaic<\/em> (Cormacov glos\u00e1r), etymologickej zbierke, ktor\u00e1 sa tradi\u010dne pripisuje biskupovi Cormacovi mac Cuilenn\u00e1inovi (zomrel 908).<\/p><p>Tam sa uv\u00e1dza, \u017ee Brigid bola poetka (<em>banfili<\/em>), dc\u00e9ra <a href=\"https:\/\/iwell-guard.com\/sk\/?page_id=157752\">Dagdu<\/a>, a \u017ee existovali e\u0161te dve \u010fal\u0161ie Brigidy, jedna zodpovedn\u00e1 za lie\u010dite\u013esk\u00e9 umenie a druh\u00e1 za kov\u00e1\u010dske umenie.<\/p><p>Z tejto zmienky v\u00fdskum odvodzuje predstavu trojitej bohyne alebo troch rovnomenn\u00fdch sestier. \u010ci ide o p\u00f4vodne star\u00fa predstavu, alebo o u\u010den\u00fa kon\u0161trukciu glos\u00e1tora, sa ned\u00e1 jednozna\u010dne ur\u010di\u0165.<\/p><p>\u010eal\u0161ie zmienky sa nach\u00e1dzaj\u00fa v diele <em>Lebor Gab\u00e1la \u00c9renn<\/em> (Kniha o dobyt\u00ed \u00cdrska) a v rozpr\u00e1van\u00ed <em>Cath Maige Tuired<\/em> (Bitka o Mag Tuired), kde Brigid vystupuje ako man\u017eelka Bresa a matka Ruad\u00e1na a po jeho smrti mala vyn\u00e1js\u0165 n\u00e1reky (<em>keening<\/em>).<\/p><p>Tieto prameny sa zachovali v rukopisoch z 11. a\u017e 15. storo\u010dia, hoci sa \u010diasto\u010dne zakladaj\u00fa na star\u0161\u00edch predloh\u00e1ch. <span class=\"iwg-fachbegriff\" data-tooltip=\"Veda, ktor\u00e1 sk\u00fama n\u00e1bo\u017eenstv\u00e1 porovn\u00e1vac\u00edm sp\u00f4sobom a bez v\u00e4zby na vieru.\" tabindex=\"0\">Religionistika<\/span> preto zd\u00f4raz\u0148uje, \u017ee ka\u017ed\u00fd v\u00fdrok o Brigid pre\u0161iel filtrom kl\u00e1\u0161tornej u\u010denosti.<\/p>\t\t\t\t\t\t\t\t<\/div>\n\t\t\t\t<\/div>\n\t\t\t\t\t<\/div>\n\t\t\t\t<\/div>\n\t\t<div class=\"elementor-element elementor-element-cpe440084 e-flex e-con-boxed e-con e-parent\" data-id=\"cpe440084\" data-element_type=\"container\" data-e-type=\"container\">\n\t\t\t\t\t<div class=\"e-con-inner\">\n\t\t\t\t<div class=\"elementor-element elementor-element-cpbc2fb09 elementor-widget elementor-widget-heading\" data-id=\"cpbc2fb09\" data-element_type=\"widget\" data-e-type=\"widget\" data-widget_type=\"heading.default\">\n\t\t\t\t\t<h2 class=\"elementor-heading-title elementor-size-default\">Imbolc: sviatok za\u010diatku jari<\/h2>\t\t\t\t<\/div>\n\t\t<div class=\"elementor-element elementor-element-cpfe97b11 e-con-full e-flex e-con e-child\" data-id=\"cpfe97b11\" data-element_type=\"container\" data-e-type=\"container\">\n\t\t\t\t<div class=\"elementor-element elementor-element-cp8c339ee elementor-widget elementor-widget-text-editor\" data-id=\"cp8c339ee\" data-element_type=\"widget\" data-e-type=\"widget\" data-widget_type=\"text-editor.default\">\n\t\t\t\t\t\t\t\t\t<p>S Brigid je \u00fazko spojen\u00fd <em>Imbolc<\/em>, jeden zo \u0161tyroch ve\u013ek\u00fdch sviatkov \u00edrskeho kalend\u00e1rneho roka, ktor\u00fd pripad\u00e1 na 1. febru\u00e1ra a ozna\u010duje za\u010diatok jari.<\/p><p>Meno sa naj\u010dastej\u0161ie sp\u00e1ja s jahnen\u00edm oviec a za\u010diatkom produkcie mlieka; roz\u0161\u00edren\u00e1 etymol\u00f3gia ho vyklad\u00e1 ako <em>i mbolg<\/em> (v bruchu) v zmysle gravidn\u00fdch bahn\u00edc, hoci ani v tomto bode sa v\u00fdskum nezhoduje.<\/p><p>Najstar\u0161ie doklady o sviatku poch\u00e1dzaj\u00fa zo stredovek\u00fdch textov, ako je rozpr\u00e1vanie <em>Tochmarc Emire<\/em> (Dvorenie o Emer), ktor\u00e9 spom\u00edna Imbolc spolu so <em>Samhainom<\/em>, <em>Beltaine<\/em> a <em>Lugnasadom<\/em>. Konkr\u00e9tne ritu\u00e1lne podrobnosti z pohansk\u00e9ho obdobia takmer \u00faplne ch\u00fdbaj\u00fa; poznatky o oby\u010dajoch poch\u00e1dzaj\u00fa z novodobej \u013eudovej <span class=\"iwg-fachbegriff\" data-tooltip=\"Odovzd\u00e1vanie vedomost\u00ed a rozpr\u00e1van\u00ed z gener\u00e1cie na gener\u00e1ciu.\" tabindex=\"0\">trad\u00edcie<\/span>.<\/p><p>Z vidieckeho \u00cdrska a \u0160k\u00f3tska s\u00fa zdokumentovan\u00e9 pletenie Brigidinho kr\u00ed\u017eika, v\u00fdroba slamenej fig\u00farky (<em>Br\u00edde\u00f3g<\/em>), ktor\u00fa nosili z domu do domu, a takisto vykladanie pl\u00e1tna alebo stuhy na noc, tzv. <em>Brat Br\u00edde<\/em>, ktor\u00e9mu sa pripisovala lie\u010div\u00e1 sila.<\/p><p>Tieto praktiky zaznamenali v 19. a za\u010diatkom 20. storo\u010dia zberatelia ako Alexander Carmichael v diele <em>Carmina Gadelica<\/em>. Do akej miery sa tieto zvyky via\u017eu na predkres\u0165ansk\u00fa bohy\u0148u, sa metodicky \u0165a\u017eko ur\u010duje.<\/p>\t\t\t\t\t\t\t\t<\/div>\n\t\t\t\t<\/div>\n\t\t\t\t\t<\/div>\n\t\t\t\t<\/div>\n\t\t<div class=\"elementor-element elementor-element-cp87ef1ee e-flex e-con-boxed e-con e-parent\" data-id=\"cp87ef1ee\" data-element_type=\"container\" data-e-type=\"container\">\n\t\t\t\t\t<div class=\"e-con-inner\">\n\t\t\t\t<div class=\"elementor-element elementor-element-cp18a755f elementor-widget elementor-widget-heading\" data-id=\"cp18a755f\" data-element_type=\"widget\" data-e-type=\"widget\" data-widget_type=\"heading.default\">\n\t\t\t\t\t<h2 class=\"elementor-heading-title elementor-size-default\">Brigantia a ot\u00e1zka roz\u0161\u00edrenia na eur\u00f3pskej pevnine<\/h2>\t\t\t\t<\/div>\n\t\t<div class=\"elementor-element elementor-element-cp0dfc208 e-con-full e-flex e-con e-child\" data-id=\"cp0dfc208\" data-element_type=\"container\" data-e-type=\"container\">\n\t\t\t\t<div class=\"elementor-element elementor-element-cp61715b4 elementor-widget elementor-widget-text-editor\" data-id=\"cp61715b4\" data-element_type=\"widget\" data-e-type=\"widget\" data-widget_type=\"text-editor.default\">\n\t\t\t\t\t\t\t\t\t<p>Meno Brigid sa jazykovo odvodzuje od praketleck\u00e9ho kore\u0148a <em>*brigant\u012b<\/em>, ktor\u00fd znamen\u00e1 pribli\u017ene vzne\u0161en\u00e1 alebo vysok\u00e1. Rovnak\u00fd kore\u0148 sa nach\u00e1dza v mene bohyne Brigantie, ktor\u00e1 je v r\u00edmskej Brit\u00e1nii, najm\u00e4 na \u00fazem\u00ed kme\u0148a Brigantov v severnom Anglicku, dolo\u017een\u00e1 n\u00e1pismi a vot\u00edvnymi kame\u0148mi.<\/p><p>Na <span class=\"iwg-fachbegriff\" data-tooltip=\"Plastick\u00fd reli\u00e9f vypracovan\u00fd z plochy.\" tabindex=\"0\">reli\u00e9fe<\/span> z Birrensu v \u0160k\u00f3tsku sa Brigantia zjavuje v podobe Minervy alebo Vict\u00f3rie, s kopijou, \u0161t\u00edtom a hradbovou korunou. N\u00e1pisy ju niekedy spom\u00ednaj\u00fa spolu s r\u00edmskym \u0161t\u00e1tnym bo\u017estvom, \u010do nazna\u010duje jej \u00faradn\u00fa funkciu ako ochrannej bohyne kme\u0148ov\u00e9ho zv\u00e4zu.<\/p><p>\u010ci Brigantia a \u00edrska Brigid vych\u00e1dzaj\u00fa zo spolo\u010dn\u00e9ho, roz\u0161\u00edren\u00e9ho keltsk\u00e9ho <span class=\"iwg-fachbegriff\" data-tooltip=\"Bytos\u0165 uctievan\u00e1 ako bo\u017esk\u00e1 v r\u00e1mci n\u00e1bo\u017eenstva.\" tabindex=\"0\">bo\u017estva<\/span>, alebo ide len o pr\u00edbuznos\u0165 mena, patr\u00ed medzi otvoren\u00e9 ot\u00e1zky keltskej religionistiky.<\/p><p>Podobn\u00e9 men\u00e1 sa objavuj\u00fa aj v oblasti kontinent\u00e1lnej Keltie, napr\u00edklad v n\u00e1zvoch miest ako Bregenz (<em>Brigantion<\/em>) na Bodamskom jazere.<\/p><p>Niektor\u00ed b\u00e1datelia, vr\u00e1tane religionistov pracuj\u00facich v trad\u00edcii Georgesa Dum\u00e9zila, porovn\u00e1vali Brigid s indoeur\u00f3pskymi predstavami bohyne \u00fasvitu alebo b\u00e1snickej in\u0161pir\u00e1cie a upozor\u0148ovali na paralely s v\u00e9dskou bohy\u0148ou Bharat\u012b alebo so Sarasvat\u012b. Tak\u00e9to porovnania zost\u00e1vaj\u00fa hypotetick\u00e9, ale ukazuj\u00fa, ako hlboko je toto meno jazykovo zakotven\u00e9.<\/p>\t\t\t\t\t\t\t\t<\/div>\n\t\t\t\t<\/div>\n\t\t\t\t\t<\/div>\n\t\t\t\t<\/div>\n\t\t<div class=\"elementor-element elementor-element-cpd9c7750 e-flex e-con-boxed e-con e-parent\" data-id=\"cpd9c7750\" data-element_type=\"container\" data-e-type=\"container\">\n\t\t\t\t\t<div class=\"e-con-inner\">\n\t\t\t\t<div class=\"elementor-element elementor-element-cpac607fa elementor-widget elementor-widget-heading\" data-id=\"cpac607fa\" data-element_type=\"widget\" data-e-type=\"widget\" data-widget_type=\"heading.default\">\n\t\t\t\t\t<h2 class=\"elementor-heading-title elementor-size-default\">Modern\u00e1 recepcia: novopohanstvo a kult\u00farne obrodenie<\/h2>\t\t\t\t<\/div>\n\t\t<div class=\"elementor-element elementor-element-cp1f5ec82 e-con-full e-flex e-con e-child\" data-id=\"cp1f5ec82\" data-element_type=\"container\" data-e-type=\"container\">\n\t\t\t\t<div class=\"elementor-element elementor-element-cp7c7a406 elementor-widget elementor-widget-text-editor\" data-id=\"cp7c7a406\" data-element_type=\"widget\" data-e-type=\"widget\" data-widget_type=\"text-editor.default\">\n\t\t\t\t\t\t\t\t\t<p>Od konca 20. storo\u010dia za\u017e\u00edva Brigid v\u00fdrazn\u00e9 obrodenie. V novopohansk\u00fdch a wiccansk\u00fdch pr\u00fadoch plat\u00ed za jedno z najuctievanej\u0161\u00edch bo\u017estiev, \u010dasto vykladan\u00e9 ako trojit\u00e1 bohy\u0148a po\u00e9zie, lie\u010dite\u013esk\u00e9ho a kov\u00e1\u010dskeho umenia. Imbolc sa stal jedn\u00fdm z \u00f4smich sviatkov modern\u00e9ho pohansk\u00e9ho kalend\u00e1rneho roka.<\/p><p>T\u00e1to recepcia \u010dasto zlu\u010duje materi\u00e1ly r\u00f4zneho p\u00f4vodu: stredovek\u00e9 \u00edrske texty, novodob\u00e9 \u013eudov\u00e9 oby\u010daje, hagiografiu sv\u00e4tice a romantick\u00e9 rekon\u0161trukcie 19. storo\u010dia. Z religionistick\u00e9ho h\u013eadiska je d\u00f4le\u017eit\u00e9 odde\u013eova\u0165 to, \u010do je historicky dolo\u017een\u00e9, od s\u00fa\u010dasn\u00e9ho osvojovania. Modern\u00e1 Brigid je samostatn\u00fdm n\u00e1bo\u017eensk\u00fdm javom, nie jednoducho pokra\u010dovan\u00edm stredovekej bohyne.<\/p><p><span data-nosnippet>S\u00fa\u010dasne prebieha kult\u00farne obrodenie v samotnom \u00cdrsku. V meste Kildare udr\u017eiava komunita Brigidiniek od roku 1993 op\u00e4\u0165 symbolick\u00fd ve\u010dn\u00fd oh\u0148a. Od roku 2023 je 1. febru\u00e1r v \u00cdrskej republike \u0161t\u00e1tnym sviatkom nazvan\u00fdm po Brigid, \u010do dokazuje trval\u00fa identitotvorn\u00fa silu tejto postavy.<\/span><\/p><p>Vo feministickej <span class=\"iwg-fachbegriff\" data-tooltip=\"Vedeck\u00e1 n\u00e1uka o Bohu a viere n\u00e1bo\u017eenstva.\" tabindex=\"0\">teol\u00f3gii<\/span> a v hnut\u00ed za mier sa Brigid \u010falej ch\u00e1pe ako <span class=\"iwg-fachbegriff\" data-tooltip=\"Znak, ktor\u00fd zastupuje predstavu alebo v\u00fdznam.\" tabindex=\"0\">symbol<\/span> \u017eenskej autority a tvorivej sily. T\u00e1to postava tak zost\u00e1va pr\u00edkladom toho, ako sa mytologick\u00e1 fig\u00fara v priebehu storo\u010d\u00ed opakovane napl\u0148uje nov\u00fdm v\u00fdznamom.<\/p>\t\t\t\t\t\t\t\t<\/div>\n\t\t\t\t<\/div>\n\t\t\t\t\t<\/div>\n\t\t\t\t<\/div>\n\t\t<div class=\"elementor-element elementor-element-cp1c8a1f7 e-flex e-con-boxed e-con e-parent\" data-id=\"cp1c8a1f7\" data-element_type=\"container\" data-e-type=\"container\">\n\t\t\t\t\t<div class=\"e-con-inner\">\n\t\t\t\t<div class=\"elementor-element elementor-element-cpb9e96f0 elementor-widget elementor-widget-heading\" data-id=\"cpb9e96f0\" data-element_type=\"widget\" data-e-type=\"widget\" data-widget_type=\"heading.default\">\n\t\t\t\t\t<h2 class=\"elementor-heading-title elementor-size-default\">Brigid v rodine T\u00faatha D\u00e9 Danann<\/h2>\t\t\t\t<\/div>\n\t\t<div class=\"elementor-element elementor-element-cpabc4612 e-con-full e-flex e-con e-child\" data-id=\"cpabc4612\" data-element_type=\"container\" data-e-type=\"container\">\n\t\t\t\t<div class=\"elementor-element elementor-element-cpb80a943 elementor-widget elementor-widget-text-editor\" data-id=\"cpb80a943\" data-element_type=\"widget\" data-e-type=\"widget\" data-widget_type=\"text-editor.default\">\n\t\t\t\t\t\t\t\t\t<p>V r\u00e1mci mytologickej geneal\u00f3gie <em>T\u00faatha D\u00e9 Danann<\/em>, rodu bohov irskej <span class=\"iwg-fachbegriff\" data-tooltip=\"Odovzd\u00e1vanie poznatkov a rozpr\u00e1van\u00ed z gener\u00e1cie na gener\u00e1ciu.\" tabindex=\"0\">trad\u00edcie<\/span>, zauj\u00edma Brigid centr\u00e1lne postavenie v pr\u00edbuzenskej \u0161trukt\u00fare. Pova\u017euje sa za dc\u00e9ru Dagdy, ve\u013ek\u00e9ho boha otca, a t\u00fdm aj za sestru post\u00e1v ako Aengus, Bodb Derg a Cermait.<\/p><p>V texte <em>Cath Maige Tuired<\/em> sa spom\u00edna ako man\u017eelka Bresa, kr\u00e1\u013ea, ktor\u00fd bol zo strany otca pr\u00edslu\u0161n\u00edkom T\u00faatha D\u00e9 a zo strany matky nepriate\u013esk\u00fdch Fomorov. Z tohto zv\u00e4zku poch\u00e1dza syn Ruad\u00e1n.<\/p><p>Brigid tak stoj\u00ed na priese\u010dn\u00edku dvoch znepriatelen\u00fdch mytick\u00fdch rodov, \u010do z nej rob\u00ed sprostredkovate\u013eku. Ke\u010f Ruad\u00e1n padol v boji, mala Brigid zaspieva\u0165 prv\u00fd \u017ealospev v \u00cdrsku, \u010d\u00edm sa jej pripisuje vyn\u00e1jdenie ritu\u00e1lneho sm\u00fatku.<\/p><p>Tieto genealogick\u00e9 \u00fadaje nie s\u00fa v\u017edy vz\u00e1jomne konzistentn\u00e9. R\u00f4zne rukopisy a textov\u00e9 trad\u00edcie prira\u010fuj\u00fa Brigid r\u00f4znych pr\u00edbuzn\u00fdch a u\u017e spom\u00ednan\u00e9 rozdelenie na tri rovnomenn\u00e9 sestry obraz e\u0161te viac komplikuje.<\/p><p>B\u00e1datelia v tom vidia sk\u00f4r znak \u00fastne pod\u00e1vanej <span class=\"iwg-fachbegriff\" data-tooltip=\"Odovzd\u00e1vanie poznatkov a rozpr\u00e1van\u00ed z gener\u00e1cie na gener\u00e1ciu.\" tabindex=\"0\">trad\u00edcie<\/span>, ktor\u00e1 prip\u00fa\u0161\u0165ala viacero paraleln\u00fdch verzi\u00ed, ne\u017e skuto\u010dn\u00fd rozpor. Ist\u00e9 je, \u017ee Brigid sa takmer vo v\u0161etk\u00fdch l\u00edni\u00e1ch jav\u00ed ako vysoko postaven\u00e1 postava, \u00fazko spojen\u00e1 s Dagdom a viazan\u00e1 na k\u013e\u00fa\u010dov\u00e9 oblasti po\u00e9zie, lie\u010denia a remesiel.<\/p>\t\t\t\t\t\t\t\t<\/div>\n\t\t\t\t<\/div>\n\t\t\t\t\t<\/div>\n\t\t\t\t<\/div>\n\t\t<div class=\"elementor-element elementor-element-36dd7469 e-flex e-con-boxed e-con e-parent\" data-id=\"36dd7469\" data-element_type=\"container\" data-e-type=\"container\">\n\t\t\t\t\t<div class=\"e-con-inner\">\n\t\t\t\t<div class=\"elementor-element elementor-element-13760ab4 elementor-widget elementor-widget-heading\" data-id=\"13760ab4\" data-element_type=\"widget\" data-e-type=\"widget\" data-widget_type=\"heading.default\">\n\t\t\t\t\t<h2 class=\"elementor-heading-title elementor-size-default\">S\u00favisiace odkazy<\/h2>\t\t\t\t<\/div>\n\t\t<div class=\"elementor-element elementor-element-28c87796 e-con-full e-flex e-con e-child\" data-id=\"28c87796\" data-element_type=\"container\" data-e-type=\"container\">\n\t\t\t\t<div class=\"elementor-element elementor-element-5d6538df elementor-widget elementor-widget-text-editor\" data-id=\"5d6538df\" data-element_type=\"widget\" data-e-type=\"widget\" data-widget_type=\"text-editor.default\">\n\t\t\t\t\t\t\t\t\t<p>Odpor\u00fa\u010dan\u00e9 intern\u00e9 odkazy pre t\u00fato str\u00e1nku:<\/p><ul><li><a href=\"https:\/\/iwell-guard.com\/sk\/?page_id=157607\">Keltsk\u00e1 kult\u00fara<\/a> (nadraden\u00e1 kult\u00farna str\u00e1nka)<\/li><li><a href=\"https:\/\/iwell-guard.com\/sk\/?page_id=157823\">Cernunnos<\/a> (paraleln\u00fd boh v keltskom <span class=\"iwg-fachbegriff\" data-tooltip=\"S\u00fabor v\u0161etk\u00fdch bohov nejak\u00e9ho n\u00e1bo\u017eenstva alebo kult\u00fary.\" tabindex=\"0\">pante\u00f3ne<\/span>)<\/li><li><a href=\"https:\/\/iwell-guard.com\/sk\/?page_id=157624\">Banshee<\/a> (\u017eensk\u00e1 duchovn\u00e1 postava rovnakej trad\u00edcie)<\/li><li><a href=\"https:\/\/iwell-guard.com\/sk\/?page_id=157700\">Ochrann\u00e9 bo\u017estv\u00e1<\/a> (preh\u013ead kateg\u00f3rie)<\/li><\/ul>\t\t\t\t\t\t\t\t<\/div>\n\t\t\t\t<\/div>\n\t\t\t\t\t<\/div>\n\t\t\t\t<\/div>\n\t\t<div class=\"elementor-element elementor-element-grl4kl40 e-flex e-con-boxed e-con e-parent\" data-id=\"grl4kl40\" data-element_type=\"container\" data-e-type=\"container\">\n\t\t\t\t\t<div class=\"e-con-inner\">\n\t\t\t\t<div class=\"elementor-element elementor-element-bzsbfrmh elementor-widget elementor-widget-heading\" data-id=\"bzsbfrmh\" data-element_type=\"widget\" data-e-type=\"widget\" data-widget_type=\"heading.default\">\n\t\t\t\t\t<h2 class=\"elementor-heading-title elementor-size-default\">Literat\u00fara (v\u00fdber)<\/h2>\t\t\t\t<\/div>\n\t\t<div class=\"elementor-element elementor-element-2c13224a e-con-full e-flex e-con e-child\" data-id=\"2c13224a\" data-element_type=\"container\" data-e-type=\"container\">\n\t\t\t\t<div class=\"elementor-element elementor-element-0eymh9ub elementor-widget elementor-widget-text-editor\" data-id=\"0eymh9ub\" data-element_type=\"widget\" data-e-type=\"widget\" data-widget_type=\"text-editor.default\">\n\t\t\t\t\t\t\t\t\t<footer class=\"iwg-literatur\" data-nosnippet=\"true\"><p>Zdroje k Brigid:<\/p><ul><li><span data-nosnippet>\u00d3 h\u00d3g\u00e1in, D\u00e1ith\u00ed: <em>The Lore of Ireland. An Encyclopaedia of Myth, Legend and Romance.<\/em> Boydell Press, Woodbridge 2006.<\/span><\/li><li><span data-nosnippet>Aldhouse-Green, Miranda: <em>The Celtic Goddesses. Warriors, Virgins and Mothers.<\/em> British Museum Press, London 1995.<\/span><\/li><li><span data-nosnippet>Wright, Brian: <em>Brigid. Goddess, Druidess and Saint.<\/em> The History Press, Stroud 2009.<\/span><\/li><\/ul><\/footer>\n<p class=\"iwg-bib-more\"><span data-nosnippet>\u010eal\u0161ie z\u00e1kladn\u00e9 diela v <a href=\"https:\/\/iwell-guard.com\/sk\/?page_id=157722\">zozname literat\u00fary<\/a>.<\/span><\/p>\t\t\t\t\t\t\t\t<\/div>\n\t\t\t\t<\/div>\n\t\t\t\t\t<\/div>\n\t\t\t\t<\/div>\n\t\t<div class=\"elementor-element elementor-element-07f6324 e-con-boxed e-flex e-con e-parent\" data-id=\"07f6324\" data-element_type=\"container\" data-e-type=\"container\">\n\t\t\t\t\t<div class=\"e-con-inner\">\n\t\t\t\t<div class=\"elementor-element elementor-element-a5cd9dc elementor-widget elementor-widget-text-editor\" data-id=\"a5cd9dc\" data-element_type=\"widget\" data-e-type=\"widget\" data-widget_type=\"text-editor.default\">\n\t\t\t\t\t\t\t\t\t\n<h2>\u010casto kladen\u00e9 ot\u00e1zky o Brigid<\/h2>\n<div class=\"iwg-faq-q\"><h3>Kto je Brigid v keltsko-\u00edrskej trad\u00edcii?<\/h3><p>Brigid (starobyl\u00e1 irsk\u00e1 Brigit, walessk\u00e1 Ffraid) je jednou z najv\u00fdznamnej\u0161\u00edch boh\u00fd\u0148 \u00edrsko-keltskej <span class=\"iwg-fachbegriff\" data-tooltip=\"S\u00fabor tradovan\u00fdch rozpr\u00e1van\u00ed o bohoch nejakej kult\u00fary.\" tabindex=\"0\">mytol\u00f3gie<\/span>, dc\u00e9ra Dagdy, patr\u00f3nka b\u00e1snikov, kov\u00e1\u010dov a lie\u010dite\u013eov.<\/p><p>Zosob\u0148uje tri ve\u013ek\u00e9 kult\u00farne oblasti keltsk\u00e9ho svetadielu: hovoren\u00e9 slovo (filidh, b\u00e1snici), ohniv\u00fa premenu (kov\u00e1\u010dstvo) a lie\u010denie. V trojtv\u00e1rnej trad\u00edcii vystupuje ako tri sestry, Brigid b\u00e1sni\u010dka, Brigid kov\u00e1\u010dka, Brigid lie\u010dite\u013eka.<\/p><\/div>\n<div class=\"iwg-faq-q\"><h3>Ako spolu s\u00favisia pohansk\u00e1 Brigid a kres\u0165ansk\u00e1 sv\u00e4t\u00e1 Brigita?<\/h3><p>Sv\u00e4t\u00e1 Brigita z Kildare (asi 451-525), \u00edrska patr\u00f3nka, je z n\u00e1bo\u017eenskohistorick\u00e9ho h\u013eadiska jednou z najv\u00fdraznej\u0161\u00edch post\u00e1v <span class=\"iwg-fachbegriff\" data-tooltip=\"Splynutie predst\u00e1v alebo bo\u017estiev z r\u00f4znych n\u00e1bo\u017eensk\u00fdch trad\u00edci\u00ed.\" tabindex=\"0\">synkretizmu<\/span>. Kres\u0165ansk\u00e1 cirkev prevzala od pohanskej bohyne <span class=\"iwg-fachbegriff\" data-tooltip=\"S\u00fabor n\u00e1bo\u017eensk\u00fdch \u00factov\u00fdch \u00fakonov vo\u010di nejak\u00e9mu bo\u017estvu alebo sv\u00e4tej postave.\" tabindex=\"0\">kult<\/span>, sviatok (Imbolc\/Hromnice 1.\/2. febru\u00e1ra), <span class=\"iwg-fachbegriff\" data-tooltip=\"Posv\u00e4tn\u00e9 miesto zasv\u00e4ten\u00e9 \u00facte nejak\u00e9ho bo\u017estva.\" tabindex=\"0\">sv\u00e4ty\u0148u<\/span> (ve\u010dn\u00fd Brigidin ohe\u0148 v Kildare udr\u017eiavali a\u017e do roku 1220) a dokonca aj mnoh\u00e9 z\u00e1zra\u010dn\u00e9 pr\u00edbehy.<\/p><p>\u00cdrska <span class=\"iwg-fachbegriff\" data-tooltip=\"N\u00e1bo\u017eensk\u00e9 predstavy a zvyky roz\u0161\u00edren\u00e9 v be\u017enom \u017eivote.\" tabindex=\"0\">\u013eudov\u00e1 viera<\/span> spojila obe postavy tak tesne, \u017ee u\u017e nie je mo\u017en\u00e9 rozl\u00ed\u0161i\u0165, ktor\u00e1 vlastnos\u0165 p\u00f4vodne patrila ktorej z nich.<\/p><\/div>\n<script type=\"application\/ld+json\">{\"@context\":\"https:\/\/schema.org\",\"@type\":\"FAQPage\",\"mainEntity\":[{\"@type\":\"Question\",\"name\":\"Kto je Brigid v keltsko-\u00edrskej trad\u00edcii?\",\"acceptedAnswer\":{\"@type\":\"Answer\",\"text\":\"Brigid (starobyl\u00e1 irsk\u00e1 Brigit, walessk\u00e1 Ffraid) je jednou z najv\u00fdznamnej\u0161\u00edch boh\u00fd\u0148 \u00edrsko-keltskej mytol\u00f3gie, dc\u00e9ra Dagdy, patr\u00f3nka b\u00e1snikov, kov\u00e1\u010dov a lie\u010dite\u013eov.Zosob\u0148uje tri ve\u013ek\u00e9 kult\u00farne oblasti keltsk\u00e9ho svetadielu: hovoren\u00e9 slovo (filidh, b\u00e1snici), ohniv\u00fa premenu (kov\u00e1\u010dstvo) a lie\u010denie. V trojtv\u00e1rnej trad\u00edcii vystupuje ako tri sestry, Brigid b\u00e1sni\u010dka, Brigid kov\u00e1\u010dka, Brigid lie\u010dite\u013eka.\"}},{\"@type\":\"Question\",\"name\":\"Ako spolu s\u00favisia pohansk\u00e1 Brigid a kres\u0165ansk\u00e1 sv\u00e4t\u00e1 Brigita?\",\"acceptedAnswer\":{\"@type\":\"Answer\",\"text\":\"Sv\u00e4t\u00e1 Brigita z Kildare (asi 451-525), \u00edrska patr\u00f3nka, je z n\u00e1bo\u017eenskohistorick\u00e9ho h\u013eadiska jednou z najv\u00fdraznej\u0161\u00edch post\u00e1v synkretizmu. Kres\u0165ansk\u00e1 cirkev prevzala od pohanskej bohyne kult, sviatok (Imbolc\/Hromnice 1.\/2. febru\u00e1ra), sv\u00e4ty\u0148u (ve\u010dn\u00fd Brigidin ohe\u0148 v Kildare udr\u017eiavali a\u017e do roku 1220) a dokonca aj mnoh\u00e9 z\u00e1zra\u010dn\u00e9 pr\u00edbehy.\u00cdrska \u013eudov\u00e1 viera spojila obe postavy tak tesne, \u017ee u\u017e nie je mo\u017en\u00e9 rozl\u00ed\u0161i\u0165, ktor\u00e1 vlastnos\u0165 p\u00f4vodne patrila ktorej z nich.\"}}]}<\/script>\t\t\t\t\t\t\t\t<\/div>\n\t\t\t\t\t<\/div>\n\t\t\t\t<\/div>\n\t\t\t\t<\/div>\n\t\t","protected":false},"excerpt":{"rendered":"","protected":false},"author":3,"featured_media":1613,"parent":0,"menu_order":0,"comment_status":"closed","ping_status":"closed","template":"elementor_header_footer","meta":{"_yoast_wpseo_focuskw":"Brigid","_yoast_wpseo_title":"Brigid - bohy\u0148a oh\u0148a, lie\u010dite\u013estva a po\u00e9zie","_yoast_wpseo_metadesc":"Brigid, bohy\u0148a keltskej trad\u00edcie sp\u00e1jan\u00e1 s oh\u0148om, lie\u010dite\u013estvom a po\u00e9ziou, uctievan\u00e1 po st\u00e1ro\u010dia a pokra\u010duj\u00faca v podobe sv\u00e4tej Brigity \u00cdrskej.","_yoast_wpseo_meta-robots-noindex":"","_yoast_wpseo_canonical":"","_angie_page":false,"gefaehrdungsstufe":"1","wesen_kultur":"keltisch","wesen_klasse":"goetter","footnotes":""},"categories":[],"class_list":["post-157820","page","type-page","status-publish","has-post-thumbnail","hentry"],"yoast_head":"<!-- This site is optimized with the Yoast SEO Premium plugin v27.7 (Yoast SEO v28.3) - https:\/\/yoast.com\/product\/yoast-seo-premium-wordpress\/ -->\n<title>Brigid - bohy\u0148a oh\u0148a, lie\u010dite\u013estva a po\u00e9zie<\/title>\n<meta name=\"description\" content=\"Brigid, bohy\u0148a keltskej trad\u00edcie sp\u00e1jan\u00e1 s oh\u0148om, lie\u010dite\u013estvom a po\u00e9ziou, uctievan\u00e1 po st\u00e1ro\u010dia a pokra\u010duj\u00faca v podobe sv\u00e4tej Brigity \u00cdrskej.\" \/>\n<meta name=\"robots\" content=\"index, follow, max-snippet:-1, max-image-preview:large, max-video-preview:-1\" \/>\n<link rel=\"canonical\" href=\"https:\/\/iwell-guard.com\/sk\/brigid\/\" \/>\n<meta property=\"og:locale\" content=\"sk_SK\" \/>\n<meta property=\"og:type\" content=\"article\" \/>\n<meta property=\"og:title\" content=\"Brigid\" \/>\n<meta property=\"og:description\" content=\"Brigid, bohy\u0148a keltskej trad\u00edcie sp\u00e1jan\u00e1 s oh\u0148om, lie\u010dite\u013estvom a po\u00e9ziou, uctievan\u00e1 po st\u00e1ro\u010dia a pokra\u010duj\u00faca v podobe sv\u00e4tej Brigity \u00cdrskej.\" \/>\n<meta property=\"og:url\" content=\"https:\/\/iwell-guard.com\/sk\/brigid\/\" \/>\n<meta property=\"og:site_name\" content=\"iWell Guard\" \/>\n<meta property=\"article:modified_time\" content=\"2026-09-04T22:43:14+00:00\" \/>\n<meta property=\"og:image\" content=\"https:\/\/iwell-guard.com\/wp-content\/uploads\/2026\/04\/goetter_keltisch_brigid.webp\" \/>\n\t<meta property=\"og:image:width\" content=\"1024\" \/>\n\t<meta property=\"og:image:height\" content=\"1536\" \/>\n\t<meta property=\"og:image:type\" content=\"image\/webp\" \/>\n<meta name=\"twitter:card\" content=\"summary_large_image\" \/>\n<script type=\"application\/ld+json\" class=\"yoast-schema-graph\">{\"@context\":\"https:\\\/\\\/schema.org\",\"@graph\":[{\"@type\":\"WebPage\",\"@id\":\"https:\\\/\\\/iwell-guard.com\\\/sk\\\/brigid\\\/\",\"url\":\"https:\\\/\\\/iwell-guard.com\\\/sk\\\/brigid\\\/\",\"name\":\"Brigid - bohy\u0148a oh\u0148a, lie\u010dite\u013estva a po\u00e9zie\",\"isPartOf\":{\"@id\":\"https:\\\/\\\/iwell-guard.com\\\/sk\\\/#website\"},\"primaryImageOfPage\":{\"@id\":\"https:\\\/\\\/iwell-guard.com\\\/sk\\\/brigid\\\/#primaryimage\"},\"image\":{\"@id\":\"https:\\\/\\\/iwell-guard.com\\\/sk\\\/brigid\\\/#primaryimage\"},\"thumbnailUrl\":\"https:\\\/\\\/iwell-guard.com\\\/wp-content\\\/uploads\\\/2026\\\/04\\\/goetter_keltisch_brigid.webp\",\"datePublished\":\"2026-09-04T22:18:00+00:00\",\"dateModified\":\"2026-09-04T22:43:14+00:00\",\"description\":\"Brigid, bohy\u0148a keltskej trad\u00edcie sp\u00e1jan\u00e1 s oh\u0148om, lie\u010dite\u013estvom a po\u00e9ziou, uctievan\u00e1 po st\u00e1ro\u010dia a pokra\u010duj\u00faca v podobe sv\u00e4tej Brigity \u00cdrskej.\",\"breadcrumb\":{\"@id\":\"https:\\\/\\\/iwell-guard.com\\\/sk\\\/brigid\\\/#breadcrumb\"},\"inLanguage\":\"sk-SK\",\"potentialAction\":[{\"@type\":\"ReadAction\",\"target\":[\"https:\\\/\\\/iwell-guard.com\\\/sk\\\/brigid\\\/\"]}]},{\"@type\":\"ImageObject\",\"inLanguage\":\"sk-SK\",\"@id\":\"https:\\\/\\\/iwell-guard.com\\\/sk\\\/brigid\\\/#primaryimage\",\"url\":\"https:\\\/\\\/iwell-guard.com\\\/wp-content\\\/uploads\\\/2026\\\/04\\\/goetter_keltisch_brigid.webp\",\"contentUrl\":\"https:\\\/\\\/iwell-guard.com\\\/wp-content\\\/uploads\\\/2026\\\/04\\\/goetter_keltisch_brigid.webp\",\"width\":1024,\"height\":1536,\"caption\":\"Bohovia z keltskej trad\u00edcie.\"},{\"@type\":\"BreadcrumbList\",\"@id\":\"https:\\\/\\\/iwell-guard.com\\\/sk\\\/brigid\\\/#breadcrumb\",\"itemListElement\":[{\"@type\":\"ListItem\",\"position\":1,\"name\":\"Start\",\"item\":\"https:\\\/\\\/iwell-guard.com\\\/sk\\\/?page_id=157572\"},{\"@type\":\"ListItem\",\"position\":2,\"name\":\"Brigid\"}]},{\"@type\":\"WebSite\",\"@id\":\"https:\\\/\\\/iwell-guard.com\\\/sk\\\/#website\",\"url\":\"https:\\\/\\\/iwell-guard.com\\\/sk\\\/\",\"name\":\"iWell Guard\",\"description\":\"Schutz vor dunklen Einfl\u00fcssen\",\"publisher\":{\"@id\":\"https:\\\/\\\/iwell-guard.com\\\/sk\\\/#organization\"},\"potentialAction\":[{\"@type\":\"SearchAction\",\"target\":{\"@type\":\"EntryPoint\",\"urlTemplate\":\"https:\\\/\\\/iwell-guard.com\\\/sk\\\/?s={search_term_string}\"},\"query-input\":{\"@type\":\"PropertyValueSpecification\",\"valueRequired\":true,\"valueName\":\"search_term_string\"}}],\"inLanguage\":\"sk-SK\"},{\"@type\":\"Organization\",\"@id\":\"https:\\\/\\\/iwell-guard.com\\\/sk\\\/#organization\",\"name\":\"Ittermann electronic GmbH\",\"url\":\"https:\\\/\\\/iwell-guard.com\\\/sk\\\/\",\"logo\":{\"@type\":\"ImageObject\",\"inLanguage\":\"sk-SK\",\"@id\":\"https:\\\/\\\/iwell-guard.com\\\/sk\\\/#\\\/schema\\\/logo\\\/image\\\/\",\"url\":\"https:\\\/\\\/iwell-guard.com\\\/wp-content\\\/uploads\\\/2026\\\/05\\\/Ittermann-Logo-1182x237-1.png\",\"contentUrl\":\"https:\\\/\\\/iwell-guard.com\\\/wp-content\\\/uploads\\\/2026\\\/05\\\/Ittermann-Logo-1182x237-1.png\",\"width\":1182,\"height\":237,\"caption\":\"Ittermann electronic GmbH\"},\"image\":{\"@id\":\"https:\\\/\\\/iwell-guard.com\\\/sk\\\/#\\\/schema\\\/logo\\\/image\\\/\"},\"sameAs\":[\"https:\\\/\\\/pantip.com\\\/profile\\\/9367242\",\"https:\\\/\\\/micro.blog\\\/iwellguard\",\"https:\\\/\\\/www.diggerslist.com\\\/iwellguard\\\/about\",\"https:\\\/\\\/skitterphoto.com\\\/photographers\\\/2870314\\\/iwell-guard\",\"https:\\\/\\\/iwellguard.wordpress.com\\\/2026\\\/06\\\/06\\\/iwell-guard\\\/\",\"https:\\\/\\\/hub.docker.com\\\/u\\\/iwellguard\",\"https:\\\/\\\/www.pinterest.com\\\/iwellguard\\\/\",\"https:\\\/\\\/bit.ly\\\/m\\\/iwellguard\",\"https:\\\/\\\/entre-vos-mains.alsace.eu\\\/profiles\\\/iwellguard\\\/activity\",\"https:\\\/\\\/gravatar.com\\\/reallybeded8fd34\",\"https:\\\/\\\/naijamatta.com\\\/iwellguard\",\"https:\\\/\\\/www.goodreads.com\\\/iwellguard\",\"https:\\\/\\\/profile.hatena.ne.jp\\\/iwellguard\\\/\",\"https:\\\/\\\/experiment.com\\\/users\\\/iwellguard\",\"https:\\\/\\\/wakelet.com\\\/@iWellGuard82270\",\"https:\\\/\\\/www.chordie.com\\\/forum\\\/profile.php?id=2555664\",\"https:\\\/\\\/www.instapaper.com\\\/p\\\/17757966\",\"https:\\\/\\\/www.mapleprimes.com\\\/users\\\/iwellguard\",\"https:\\\/\\\/businesslistingplus.com\\\/profile\\\/iwell-guard\\\/\",\"https:\\\/\\\/telegra.ph\\\/iWell-Guard-06-06\",\"https:\\\/\\\/pbase.com\\\/iwellguard\\\/iwellguard\",\"https:\\\/\\\/b.hatena.ne.jp\\\/iwellguard\\\/20260607#bookmark-4788405196491818882\",\"https:\\\/\\\/fliphtml5.com\\\/home\\\/iwellguard\",\"https:\\\/\\\/anyflip.com\\\/homepage\\\/cmiwl#About\",\"https:\\\/\\\/transfur.com\\\/Users\\\/iwellguard\",\"http:\\\/\\\/delphi.larsbo.org\\\/user\\\/iwellguard\",\"https:\\\/\\\/jobs.lajobsportal.org\\\/profiles\\\/8380803-iwell-guard\",\"https:\\\/\\\/md.chaosdorf.de\\\/s\\\/jfbe5SBdJD\",\"https:\\\/\\\/www.lingvolive.com\\\/en-us\\\/profile\\\/9ecaeaca-ce11-4e51-9e71-01d55e2bff36\\\/translations\",\"https:\\\/\\\/www.fitday.com\\\/fitness\\\/forums\\\/members\\\/iwellguard.html\",\"https:\\\/\\\/www.mymeetbook.com\\\/iwellguard\",\"https:\\\/\\\/pxhere.com\\\/en\\\/photographer-me\\\/5040798\",\"https:\\\/\\\/disqus.com\\\/by\\\/iwellguard\\\/about\\\/\",\"https:\\\/\\\/pastelink.net\\\/hjwciqwq\",\"https:\\\/\\\/pubhtml5.com\\\/homepage\\\/scjhn\\\/\",\"https:\\\/\\\/www.bitchute.com\\\/channel\\\/2O2eOKzNqujT\",\"https:\\\/\\\/audiomack.com\\\/iwellguard\"]},{\"@type\":\"Article\",\"@id\":\"https:\\\/\\\/iwell-guard.com\\\/sk\\\/brigid\\\/#article\",\"isPartOf\":{\"@id\":\"https:\\\/\\\/iwell-guard.com\\\/sk\\\/brigid\\\/\"},\"author\":{\"name\":\"Ralf Ittermann\",\"@id\":\"https:\\\/\\\/iwell-guard.com\\\/sk\\\/#\\\/schema\\\/person\\\/ee2a27f1cac3406c7c6fb5820cb7349f\"},\"headline\":\"Brigid\",\"datePublished\":\"2026-09-04T22:18:00+00:00\",\"dateModified\":\"2026-09-04T22:43:14+00:00\",\"mainEntityOfPage\":{\"@id\":\"https:\\\/\\\/iwell-guard.com\\\/sk\\\/brigid\\\/\"},\"publisher\":{\"@id\":\"https:\\\/\\\/iwell-guard.com\\\/sk\\\/#organization\"},\"image\":{\"@id\":\"https:\\\/\\\/iwell-guard.com\\\/sk\\\/brigid\\\/#primaryimage\"},\"thumbnailUrl\":\"https:\\\/\\\/iwell-guard.com\\\/wp-content\\\/uploads\\\/2026\\\/04\\\/goetter_keltisch_brigid.webp\",\"inLanguage\":\"sk-SK\",\"description\":\"Brigid, bohy\u0148a keltskej trad\u00edcie sp\u00e1jan\u00e1 s oh\u0148om, lie\u010dite\u013estvom a po\u00e9ziou, uctievan\u00e1 po st\u00e1ro\u010dia a pokra\u010duj\u00faca v podobe sv\u00e4tej Brigity \u00cdrskej.\"}]}<\/script>\n<!-- \/ Yoast SEO Premium plugin. -->","yoast_head_json":{"title":"Brigid - bohy\u0148a oh\u0148a, lie\u010dite\u013estva a po\u00e9zie","description":"Brigid, bohy\u0148a keltskej trad\u00edcie sp\u00e1jan\u00e1 s oh\u0148om, lie\u010dite\u013estvom a po\u00e9ziou, uctievan\u00e1 po st\u00e1ro\u010dia a pokra\u010duj\u00faca v podobe sv\u00e4tej Brigity \u00cdrskej.","robots":{"index":"index","follow":"follow","max-snippet":"max-snippet:-1","max-image-preview":"max-image-preview:large","max-video-preview":"max-video-preview:-1"},"canonical":"https:\/\/iwell-guard.com\/sk\/brigid\/","og_locale":"sk_SK","og_type":"article","og_title":"Brigid","og_description":"Brigid, bohy\u0148a keltskej trad\u00edcie sp\u00e1jan\u00e1 s oh\u0148om, lie\u010dite\u013estvom a po\u00e9ziou, uctievan\u00e1 po st\u00e1ro\u010dia a pokra\u010duj\u00faca v podobe sv\u00e4tej Brigity \u00cdrskej.","og_url":"https:\/\/iwell-guard.com\/sk\/brigid\/","og_site_name":"iWell Guard","article_modified_time":"2026-09-04T22:43:14+00:00","og_image":[{"width":1024,"height":1536,"url":"https:\/\/iwell-guard.com\/wp-content\/uploads\/2026\/04\/goetter_keltisch_brigid.webp","type":"image\/webp"}],"twitter_card":"summary_large_image","schema":{"@context":"https:\/\/schema.org","@graph":[{"@type":"Article","@id":"https:\/\/iwell-guard.com\/sk\/brigid\/#article","isPartOf":{"@id":"https:\/\/iwell-guard.com\/sk\/brigid\/"},"author":{"name":"Ralf Ittermann","@id":"https:\/\/iwell-guard.com\/sk\/#\/schema\/person\/ee2a27f1cac3406c7c6fb5820cb7349f"},"headline":"Brigid","datePublished":"2026-09-04T22:18:00+00:00","dateModified":"2026-09-04T22:43:14+00:00","mainEntityOfPage":{"@id":"https:\/\/iwell-guard.com\/sk\/brigid\/"},"publisher":{"@id":"https:\/\/iwell-guard.com\/sk\/#organization"},"image":{"@id":"https:\/\/iwell-guard.com\/sk\/brigid\/#primaryimage"},"thumbnailUrl":"https:\/\/iwell-guard.com\/wp-content\/uploads\/2026\/04\/goetter_keltisch_brigid.webp","inLanguage":"sk-SK","description":"Brigid, bohy\u0148a keltskej trad\u00edcie sp\u00e1jan\u00e1 s oh\u0148om, lie\u010dite\u013estvom a po\u00e9ziou, uctievan\u00e1 po st\u00e1ro\u010dia a pokra\u010duj\u00faca v podobe sv\u00e4tej Brigity \u00cdrskej."},{"@type":"WebPage","@id":"https:\/\/iwell-guard.com\/sk\/brigid\/","url":"https:\/\/iwell-guard.com\/sk\/brigid\/","name":"Brigid - bohy\u0148a oh\u0148a, lie\u010dite\u013estva a po\u00e9zie","isPartOf":{"@id":"https:\/\/iwell-guard.com\/sk\/#website"},"primaryImageOfPage":{"@id":"https:\/\/iwell-guard.com\/sk\/brigid\/#primaryimage"},"image":{"@id":"https:\/\/iwell-guard.com\/sk\/brigid\/#primaryimage"},"thumbnailUrl":"https:\/\/iwell-guard.com\/wp-content\/uploads\/2026\/04\/goetter_keltisch_brigid.webp","datePublished":"2026-09-04T22:18:00+00:00","dateModified":"2026-09-04T22:43:14+00:00","description":"Brigid, bohy\u0148a keltskej trad\u00edcie sp\u00e1jan\u00e1 s oh\u0148om, lie\u010dite\u013estvom a po\u00e9ziou, uctievan\u00e1 po st\u00e1ro\u010dia a pokra\u010duj\u00faca v podobe sv\u00e4tej Brigity \u00cdrskej.","breadcrumb":{"@id":"https:\/\/iwell-guard.com\/sk\/brigid\/#breadcrumb"},"inLanguage":"sk-SK","potentialAction":[{"@type":"ReadAction","target":["https:\/\/iwell-guard.com\/sk\/brigid\/"]}]},{"@type":"ImageObject","inLanguage":"sk-SK","@id":"https:\/\/iwell-guard.com\/sk\/brigid\/#primaryimage","url":"https:\/\/iwell-guard.com\/wp-content\/uploads\/2026\/04\/goetter_keltisch_brigid.webp","contentUrl":"https:\/\/iwell-guard.com\/wp-content\/uploads\/2026\/04\/goetter_keltisch_brigid.webp","width":1024,"height":1536,"caption":"Bohovia z keltskej trad\u00edcie."},{"@type":"BreadcrumbList","@id":"https:\/\/iwell-guard.com\/sk\/brigid\/#breadcrumb","itemListElement":[{"@type":"ListItem","position":1,"name":"Start","item":"https:\/\/iwell-guard.com\/sk\/?page_id=157572"},{"@type":"ListItem","position":2,"name":"Brigid"}]},{"@type":"WebSite","@id":"https:\/\/iwell-guard.com\/sk\/#website","url":"https:\/\/iwell-guard.com\/sk\/","name":"iWell Guard","description":"Schutz vor dunklen Einfl\u00fcssen","publisher":{"@id":"https:\/\/iwell-guard.com\/sk\/#organization"},"potentialAction":[{"@type":"SearchAction","target":{"@type":"EntryPoint","urlTemplate":"https:\/\/iwell-guard.com\/sk\/?s={search_term_string}"},"query-input":{"@type":"PropertyValueSpecification","valueRequired":true,"valueName":"search_term_string"}}],"inLanguage":"sk-SK"},{"@type":"Organization","@id":"https:\/\/iwell-guard.com\/sk\/#organization","name":"Ittermann electronic GmbH","url":"https:\/\/iwell-guard.com\/sk\/","logo":{"@type":"ImageObject","inLanguage":"sk-SK","@id":"https:\/\/iwell-guard.com\/sk\/#\/schema\/logo\/image\/","url":"https:\/\/iwell-guard.com\/wp-content\/uploads\/2026\/05\/Ittermann-Logo-1182x237-1.png","contentUrl":"https:\/\/iwell-guard.com\/wp-content\/uploads\/2026\/05\/Ittermann-Logo-1182x237-1.png","width":1182,"height":237,"caption":"Ittermann electronic GmbH"},"image":{"@id":"https:\/\/iwell-guard.com\/sk\/#\/schema\/logo\/image\/"},"sameAs":["https:\/\/pantip.com\/profile\/9367242","https:\/\/micro.blog\/iwellguard","https:\/\/www.diggerslist.com\/iwellguard\/about","https:\/\/skitterphoto.com\/photographers\/2870314\/iwell-guard","https:\/\/iwellguard.wordpress.com\/2026\/06\/06\/iwell-guard\/","https:\/\/hub.docker.com\/u\/iwellguard","https:\/\/www.pinterest.com\/iwellguard\/","https:\/\/bit.ly\/m\/iwellguard","https:\/\/entre-vos-mains.alsace.eu\/profiles\/iwellguard\/activity","https:\/\/gravatar.com\/reallybeded8fd34","https:\/\/naijamatta.com\/iwellguard","https:\/\/www.goodreads.com\/iwellguard","https:\/\/profile.hatena.ne.jp\/iwellguard\/","https:\/\/experiment.com\/users\/iwellguard","https:\/\/wakelet.com\/@iWellGuard82270","https:\/\/www.chordie.com\/forum\/profile.php?id=2555664","https:\/\/www.instapaper.com\/p\/17757966","https:\/\/www.mapleprimes.com\/users\/iwellguard","https:\/\/businesslistingplus.com\/profile\/iwell-guard\/","https:\/\/telegra.ph\/iWell-Guard-06-06","https:\/\/pbase.com\/iwellguard\/iwellguard","https:\/\/b.hatena.ne.jp\/iwellguard\/20260607#bookmark-4788405196491818882","https:\/\/fliphtml5.com\/home\/iwellguard","https:\/\/anyflip.com\/homepage\/cmiwl#About","https:\/\/transfur.com\/Users\/iwellguard","http:\/\/delphi.larsbo.org\/user\/iwellguard","https:\/\/jobs.lajobsportal.org\/profiles\/8380803-iwell-guard","https:\/\/md.chaosdorf.de\/s\/jfbe5SBdJD","https:\/\/www.lingvolive.com\/en-us\/profile\/9ecaeaca-ce11-4e51-9e71-01d55e2bff36\/translations","https:\/\/www.fitday.com\/fitness\/forums\/members\/iwellguard.html","https:\/\/www.mymeetbook.com\/iwellguard","https:\/\/pxhere.com\/en\/photographer-me\/5040798","https:\/\/disqus.com\/by\/iwellguard\/about\/","https:\/\/pastelink.net\/hjwciqwq","https:\/\/pubhtml5.com\/homepage\/scjhn\/","https:\/\/www.bitchute.com\/channel\/2O2eOKzNqujT","https:\/\/audiomack.com\/iwellguard"]},{"@type":"Person","@id":"https:\/\/iwell-guard.com\/sk\/#\/schema\/person\/ee2a27f1cac3406c7c6fb5820cb7349f","name":"Ralf Ittermann","image":{"@type":"ImageObject","inLanguage":"sk-SK","@id":"https:\/\/secure.gravatar.com\/avatar\/073c0153e350a5005b68eb752b445fea71f6b24a26da9449ad7e155e6b446c9d?s=96&d=mm&r=g","url":"https:\/\/secure.gravatar.com\/avatar\/073c0153e350a5005b68eb752b445fea71f6b24a26da9449ad7e155e6b446c9d?s=96&d=mm&r=g","contentUrl":"https:\/\/secure.gravatar.com\/avatar\/073c0153e350a5005b68eb752b445fea71f6b24a26da9449ad7e155e6b446c9d?s=96&d=mm&r=g","caption":"Ralf Ittermann"},"givenName":"Ralf","familyName":"Ittermann","jobTitle":"Gesch\u00e4ftsf\u00fchrer und redaktioneller Verantwortlicher","url":"https:\/\/iwell-guard.com\/sk\/author\/claude\/","description":"Ralf Ittermann ist Gesch\u00e4ftsf\u00fchrer der Ittermann electronic GmbH und redaktioneller Verantwortlicher des iWell-Guard-Lexikons. Er verbindet langj\u00e4hrige Erfahrung in der Pr\u00e4zisionsfertigung mit medialer Praxis und religionsgeschichtlicher Quellenarbeit.","worksFor":{"@type":"Organization","name":"Ittermann electronic GmbH","url":"https:\/\/ittermann.de\/","address":{"@type":"PostalAddress","streetAddress":"K\u00f6hlergasse 16-18","postalCode":"99842","addressLocality":"Ruhla","addressCountry":"DE"}},"knowsAbout":["Religionsgeschichte","Mythologie","Mediale Praxis","Energetische Diagnostik","Schutzpraxis","Volksglauben","Westliche Esoterik"]},{"@type":"Article","@id":"https:\/\/iwell-guard.com\/sk\/brigid\/#article","isPartOf":{"@id":"https:\/\/iwell-guard.com\/sk\/brigid\/"},"author":{"name":"Ralf Ittermann","@id":"https:\/\/iwell-guard.com\/sk\/#\/schema\/person\/ee2a27f1cac3406c7c6fb5820cb7349f"},"headline":"Brigid","datePublished":"2026-09-04T22:18:00+00:00","dateModified":"2026-09-04T22:43:14+00:00","mainEntityOfPage":{"@id":"https:\/\/iwell-guard.com\/sk\/brigid\/"},"publisher":{"@id":"https:\/\/iwell-guard.com\/sk\/#organization"},"image":{"@id":"https:\/\/iwell-guard.com\/sk\/brigid\/#primaryimage"},"thumbnailUrl":"https:\/\/iwell-guard.com\/wp-content\/uploads\/2026\/04\/goetter_keltisch_brigid.webp","inLanguage":"sk-SK","description":"Brigid, bohy\u0148a keltskej trad\u00edcie sp\u00e1jan\u00e1 s oh\u0148om, lie\u010dite\u013estvom a po\u00e9ziou, uctievan\u00e1 po st\u00e1ro\u010dia a pokra\u010duj\u00faca v podobe sv\u00e4tej Brigity \u00cdrskej."}]}},"_links":{"self":[{"href":"https:\/\/iwell-guard.com\/sk\/wp-json\/wp\/v2\/pages\/157820","targetHints":{"allow":["GET"]}}],"collection":[{"href":"https:\/\/iwell-guard.com\/sk\/wp-json\/wp\/v2\/pages"}],"about":[{"href":"https:\/\/iwell-guard.com\/sk\/wp-json\/wp\/v2\/types\/page"}],"author":[{"embeddable":true,"href":"https:\/\/iwell-guard.com\/sk\/wp-json\/wp\/v2\/users\/3"}],"replies":[{"embeddable":true,"href":"https:\/\/iwell-guard.com\/sk\/wp-json\/wp\/v2\/comments?post=157820"}],"version-history":[{"count":0,"href":"https:\/\/iwell-guard.com\/sk\/wp-json\/wp\/v2\/pages\/157820\/revisions"}],"wp:featuredmedia":[{"embeddable":true,"href":"https:\/\/iwell-guard.com\/sk\/wp-json\/wp\/v2\/media\/1613"}],"wp:attachment":[{"href":"https:\/\/iwell-guard.com\/sk\/wp-json\/wp\/v2\/media?parent=157820"}],"wp:term":[{"taxonomy":"category","embeddable":true,"href":"https:\/\/iwell-guard.com\/sk\/wp-json\/wp\/v2\/categories?post=157820"}],"curies":[{"name":"wp","href":"https:\/\/api.w.org\/{rel}","templated":true}]}}