{"id":157811,"date":"2026-09-04T22:17:51","date_gmt":"2026-09-04T22:17:51","guid":{"rendered":"https:\/\/iwell-guard.com\/?page_id=157811"},"modified":"2026-09-04T22:43:00","modified_gmt":"2026-09-04T22:43:00","slug":"marena","status":"publish","type":"page","link":"https:\/\/iwell-guard.com\/sk\/marena\/","title":{"rendered":"Marena"},"content":{"rendered":"\t\t<div data-elementor-type=\"wp-page\" data-elementor-id=\"157811\" class=\"elementor elementor-157811 elementor-2099 elementor-bc-flex-widget\" data-elementor-post-type=\"page\">\n\t\t\t\t<div class=\"elementor-element elementor-element-10fdade e-flex e-con-boxed e-con e-parent\" data-id=\"10fdade\" data-element_type=\"container\" data-e-type=\"container\" data-settings=\"{&quot;background_background&quot;:&quot;classic&quot;}\">\n\t\t\t\t\t<div class=\"e-con-inner\">\n\t\t<div class=\"elementor-element elementor-element-herohlft0 e-flex e-con-boxed e-con e-child\" data-id=\"herohlft0\" data-element_type=\"container\" data-e-type=\"container\">\n\t\t\t\t\t<div class=\"e-con-inner\">\n\t\t<div class=\"elementor-element elementor-element-c3ceb64 e-con-full e-flex e-con e-child\" data-id=\"c3ceb64\" data-element_type=\"container\" data-e-type=\"container\">\n\t\t\t\t<div class=\"elementor-element elementor-element-96ae5e1 elementor-widget elementor-widget-heading\" data-id=\"96ae5e1\" data-element_type=\"widget\" data-e-type=\"widget\" data-widget_type=\"heading.default\">\n\t\t\t\t\t<h1 class=\"elementor-heading-title elementor-size-default\">Marena, bohy\u0148a slovanskej trad\u00edcie<\/h1>\t\t\t\t<\/div>\n\t\t\t\t<div class=\"elementor-element elementor-element-e45238a elementor-widget elementor-widget-text-editor\" data-id=\"e45238a\" data-element_type=\"widget\" data-e-type=\"widget\" data-widget_type=\"text-editor.default\">\n\t\t\t\t\t\t\t\t\t<p>Marena (\u041c\u043e\u0440\u0435\u043d\u0430, tie\u017e Morana alebo Marzanna) je slovansk\u00e1 bohy\u0148a zimy, smrti a znovuzrodenia. Steles\u0148uje tmav\u00fa \u010das\u0165 roka a smr\u0165 ako s\u00fa\u010das\u0165 prirodzen\u00e9ho kolobehu a je uctievan\u00e1 v ritu\u00e1loch, ktor\u00e9 sp\u00e1jaj\u00fa \u017eivot a smr\u0165.\t\t\t\t\t\t\t\t<\/div>\n\t\t\t\t<\/div>\n\t\t<div class=\"elementor-element elementor-element-klsbdg01 e-con-full e-flex e-con e-parent\" data-id=\"klsbdg01\" data-element_type=\"container\" data-e-type=\"container\">\n\t\t\t\t<div class=\"elementor-element elementor-element-klshtm01 elementor-widget elementor-widget-html\" data-id=\"klshtm01\" data-element_type=\"widget\" data-e-type=\"widget\" data-widget_type=\"html.default\">\n\t\t\t\t\t<div class=\"iwg-pill-row\"><span class=\"iwg-klasse-badge\" tabindex=\"0\" data-tooltip=\"Boh \/ bohy\u0148a: Personifikovan\u00e1 najvy\u0161\u0161ia moc v pante\u00f3ne kult\u00fary, s jasn\u00fdmi p\u00f4sobnos\u0165ami, pr\u00edrodn\u00e9 sily, osud, vojna, plodnos\u0165. Uctievan\u00e1 prostredn\u00edctvom kultov, obet\u00ed a chr\u00e1mov\u00fdch in\u0161tit\u00faci\u00ed.\">Bohy\u0148a<\/span><a href=\"https:\/\/iwell-guard.com\/sk\/?page_id=157608\" class=\"iwg-kultur-badge\" tabindex=\"0\" data-tooltip=\"Slovansk\u00e1 mytol\u00f3gia a \u013eudov\u00e9 n\u00e1bo\u017eenstvo, prekryt\u00e9 kres\u0165anstvom od 10. storo\u010dia.\">Slovansk\u00e1<\/a><a href=\"https:\/\/iwell-guard.com\/sk\/?page_id=157701\" class=\"iwg-tradition-badge\" tabindex=\"0\" data-tooltip=\"Bohovia podsvetia a smrti, vl\u00e1dcovia z\u00e1hrobia, s\u00fadcovia m\u0155tvych, sprievodcovia du\u0161\u00ed.\">Bohy\u0148a smrti<\/a><\/div>\t\t\t\t<\/div>\n\t\t\t\t<\/div>\n\t\t<div class=\"elementor-element elementor-element-3f74855 e-con-full e-flex e-con e-child\" data-id=\"3f74855\" data-element_type=\"container\" data-e-type=\"container\">\n\t\t\t\t<div class=\"elementor-element elementor-element-1c30362 elementor-toc--minimized-on-tablet elementor-widget elementor-widget-table-of-contents\" data-id=\"1c30362\" data-element_type=\"widget\" data-e-type=\"widget\" data-settings=\"{&quot;exclude_headings_by_selector&quot;:[],&quot;no_headings_message&quot;:&quot;Na tejto str\\u00e1nke sa nena\\u0161li \\u017eiadne nadpisy.&quot;,&quot;headings_by_tags&quot;:[&quot;h2&quot;,&quot;h3&quot;],&quot;marker_view&quot;:&quot;bullets&quot;,&quot;minimize_box&quot;:&quot;yes&quot;,&quot;icon&quot;:{&quot;value&quot;:&quot;fas fa-circle&quot;,&quot;library&quot;:&quot;fa-solid&quot;,&quot;rendered_tag&quot;:&quot;&lt;svg class=\\&quot;e-font-icon-svg e-fas-circle\\&quot; viewBox=\\&quot;0 0 512 512\\&quot; xmlns=\\&quot;http:\\\/\\\/www.w3.org\\\/2000\\\/svg\\&quot;&gt;&lt;path d=\\&quot;M256 8C119 8 8 119 8 256s111 248 248 248 248-111 248-248S393 8 256 8z\\&quot;&gt;&lt;\\\/path&gt;&lt;\\\/svg&gt;&quot;},&quot;minimized_on&quot;:&quot;tablet&quot;,&quot;hierarchical_view&quot;:&quot;yes&quot;,&quot;min_height&quot;:{&quot;unit&quot;:&quot;px&quot;,&quot;size&quot;:&quot;&quot;,&quot;sizes&quot;:[]},&quot;min_height_tablet&quot;:{&quot;unit&quot;:&quot;px&quot;,&quot;size&quot;:&quot;&quot;,&quot;sizes&quot;:[]},&quot;min_height_mobile&quot;:{&quot;unit&quot;:&quot;px&quot;,&quot;size&quot;:&quot;&quot;,&quot;sizes&quot;:[]}}\" data-widget_type=\"table-of-contents.default\">\n\t\t\t\t\t\t\t\t\t<div class=\"elementor-toc__header\">\n\t\t\t\t\t\t<h2 class=\"elementor-toc__header-title\">\n\t\t\t\tObsah\t\t\t<\/h2>\n\t\t\t\t\t\t\t\t\t\t<div class=\"elementor-toc__toggle-button elementor-toc__toggle-button--expand\" role=\"button\" tabindex=\"0\" aria-controls=\"elementor-toc__1c30362\" aria-expanded=\"true\" aria-label=\"Open table of contents\"><svg aria-hidden=\"true\" class=\"e-font-icon-svg e-fas-chevron-down\" viewBox=\"0 0 448 512\" xmlns=\"http:\/\/www.w3.org\/2000\/svg\"><path d=\"M207.029 381.476L12.686 187.132c-9.373-9.373-9.373-24.569 0-33.941l22.667-22.667c9.357-9.357 24.522-9.375 33.901-.04L224 284.505l154.745-154.021c9.379-9.335 24.544-9.317 33.901.04l22.667 22.667c9.373 9.373 9.373 24.569 0 33.941L240.971 381.476c-9.373 9.372-24.569 9.372-33.942 0z\"><\/path><\/svg><\/div>\n\t\t\t\t<div class=\"elementor-toc__toggle-button elementor-toc__toggle-button--collapse\" role=\"button\" tabindex=\"0\" aria-controls=\"elementor-toc__1c30362\" aria-expanded=\"true\" aria-label=\"Close table of contents\"><svg aria-hidden=\"true\" class=\"e-font-icon-svg e-fas-chevron-up\" viewBox=\"0 0 448 512\" xmlns=\"http:\/\/www.w3.org\/2000\/svg\"><path d=\"M240.971 130.524l194.343 194.343c9.373 9.373 9.373 24.569 0 33.941l-22.667 22.667c-9.357 9.357-24.522 9.375-33.901.04L224 227.495 69.255 381.516c-9.379 9.335-24.544 9.317-33.901-.04l-22.667-22.667c-9.373-9.373-9.373-24.569 0-33.941L207.03 130.525c9.372-9.373 24.568-9.373 33.941-.001z\"><\/path><\/svg><\/div>\n\t\t\t\t\t<\/div>\n\t\t\t\t<div id=\"elementor-toc__1c30362\" class=\"elementor-toc__body\">\n\t\t\t<div class=\"elementor-toc__spinner-container\">\n\t\t\t\t<svg class=\"elementor-toc__spinner eicon-animation-spin e-font-icon-svg e-eicon-loading\" aria-hidden=\"true\" viewBox=\"0 0 1000 1000\" xmlns=\"http:\/\/www.w3.org\/2000\/svg\"><path d=\"M500 975V858C696 858 858 696 858 500S696 142 500 142 142 304 142 500H25C25 237 238 25 500 25S975 237 975 500 763 975 500 975Z\"><\/path><\/svg>\t\t\t<\/div>\n\t\t<\/div>\n\t\t\t\t\t\t<\/div>\n\t\t\t\t<\/div>\n\t\t\t\t\t<\/div>\n\t\t\t\t<\/div>\n\t\t<div class=\"elementor-element elementor-element-herorght0 e-con-full e-flex e-con e-child\" data-id=\"herorght0\" data-element_type=\"container\" data-e-type=\"container\">\n\t\t\t\t<div class=\"elementor-element elementor-element-heroimg00 iwg-hero-image elementor-widget elementor-widget-image\" data-id=\"heroimg00\" data-element_type=\"widget\" data-e-type=\"widget\" data-widget_type=\"image.default\">\n\t\t\t\t\t\t\t\t\t\t\t\t\t\t\t<img fetchpriority=\"high\" decoding=\"async\" width=\"683\" height=\"1024\" src=\"https:\/\/iwell-guard.com\/wp-content\/uploads\/2026\/04\/goetter_slawisch_marena-683x1024.webp\" class=\"attachment-large size-large wp-image-160044\" alt=\"Marena \u2013 bohy\u0148a zo slovanskej trad\u00edcie, historicko-ilustra\u010dn\u00e9 zobrazenie\" srcset=\"https:\/\/iwell-guard.com\/wp-content\/uploads\/2026\/04\/goetter_slawisch_marena-683x1024.webp 683w, https:\/\/iwell-guard.com\/wp-content\/uploads\/2026\/04\/goetter_slawisch_marena-200x300.webp 200w, https:\/\/iwell-guard.com\/wp-content\/uploads\/2026\/04\/goetter_slawisch_marena-768x1152.webp 768w, https:\/\/iwell-guard.com\/wp-content\/uploads\/2026\/04\/goetter_slawisch_marena.webp 1024w\" sizes=\"(max-width: 683px) 100vw, 683px\" \/>\t\t\t\t\t\t\t\t\t\t\t\t\t\t\t<\/div>\n\t\t\t\t<\/div>\n\t\t\t\t\t<\/div>\n\t\t\t\t<\/div>\n\t\t<div class=\"elementor-element elementor-element-32917199 e-flex e-con-boxed e-con e-parent\" data-id=\"32917199\" data-element_type=\"container\" data-e-type=\"container\">\n\t\t\t\t\t<div class=\"e-con-inner\">\n\t\t<div class=\"elementor-element elementor-element-26e916cb e-flex e-con-boxed e-con e-child\" data-id=\"26e916cb\" data-element_type=\"container\" data-e-type=\"container\">\n\t\t\t\t\t<div class=\"e-con-inner\">\n\t\t<div class=\"elementor-element elementor-element-253a40d4 e-flex e-con-boxed e-con e-child\" data-id=\"253a40d4\" data-element_type=\"container\" data-e-type=\"container\">\n\t\t\t\t\t<div class=\"e-con-inner\">\n\t\t\t\t<div class=\"elementor-element elementor-element-1200c304 elementor-widget elementor-widget-heading\" data-id=\"1200c304\" data-element_type=\"widget\" data-e-type=\"widget\" data-widget_type=\"heading.default\">\n\t\t\t\t\t<h2 class=\"elementor-heading-title elementor-size-default\">Marena<\/h2>\t\t\t\t<\/div>\n\t\t\t\t<div class=\"elementor-element elementor-element-11758e7f elementor-widget elementor-widget-text-editor\" data-id=\"11758e7f\" data-element_type=\"widget\" data-e-type=\"widget\" data-widget_type=\"text-editor.default\">\n\t\t\t\t\t\t\t\t\t<p>Marena je zobrazovan\u00e1 ako tmav\u00e1, kr\u00e1sna \u017eena, \u010dasto so symbolmi zimy (sneh, \u013ead, hol\u00e9 stromy) a smrti (kosti, lebky, ohe\u0148). Na rozdiel od zl\u00fdch d\u00e9monov je Marena kozmick\u00e1 bohy\u0148a, ktor\u00e1 steles\u0148uje nevyhnutn\u00e9, ale z\u00e1rove\u0148 ob\u00e1van\u00e9 sily.<\/p><p>Vl\u00e1dne zimn\u00fdm mesiacom a je uctievan\u00e1 ako pr\u00ed\u010dina snehu, mrazu a zni\u010denej \u00farody. Jej protip\u00f3lom je Vesna (bohy\u0148a jari). Marena je ambivalentn\u00e1: je de\u0161trukt\u00edvna, ale aj regenera\u010dn\u00e1, zima usmrcuje, aby jar mohla znovu o\u017ei\u0165.<\/p>\t\t\t\t\t\t\t\t<\/div>\n\t\t\t\t\t<\/div>\n\t\t\t\t<\/div>\n\t\t<div class=\"elementor-element elementor-element-159dcf9a e-flex e-con-boxed e-con e-child\" data-id=\"159dcf9a\" data-element_type=\"container\" data-e-type=\"container\">\n\t\t\t\t\t<div class=\"e-con-inner\">\n\t\t\t\t<div class=\"elementor-element elementor-element-48cee66f elementor-widget elementor-widget-heading\" data-id=\"48cee66f\" data-element_type=\"widget\" data-e-type=\"widget\" data-widget_type=\"heading.default\">\n\t\t\t\t\t<h2 class=\"elementor-heading-title elementor-size-default\">R\u00fdchly preh\u013ead: Marena<\/h2>\t\t\t\t<\/div>\n\t\t\t\t<div class=\"elementor-element elementor-element-3f50d82c elementor-widget elementor-widget-text-editor\" data-id=\"3f50d82c\" data-element_type=\"widget\" data-e-type=\"widget\" data-widget_type=\"text-editor.default\">\n\t\t\t\t\t\t\t\t\t<p>Marena je dokumentovan\u00e1 v etnografick\u00fdch zbierkach slovansk\u00e9ho \u013eudov\u00e9ho n\u00e1bo\u017eenstva (Afanasjev, Rybnikov, S\u00e9chan), menej v\u0161ak v rann\u00fdch p\u00edsomn\u00fdch prame\u0148och. Prim\u00e1rnymi textami s\u00fa z\u00e1pisy <span class=\"iwg-fachbegriff\" data-tooltip=\"Tradovan\u00e1 \u013eudov\u00e1 kult\u00fara so zvykmi, pr\u00edbehmi a pies\u0148ami.\" tabindex=\"0\">folkl\u00f3ru<\/span> z 19. a 20. storo\u010dia a etnografick\u00e9 \u0161t\u00fadie.<\/p><p>Roz\u0161\u00edrenie je panslovansk\u00e9: Rusko, Bielorusko, Ukrajina, Po\u013esko, Srbsko. Religionisti ako Nora Chadwick a Mathieu-Colas dokumentuj\u00fa kulty Mareny v sez\u00f3nnych ritu\u00e1loch. T\u00e1to postava je rekon\u0161truovan\u00e1 aj v modernom novopohanstve.<\/p>\t\t\t\t\t\t\t\t<\/div>\n\t\t\t\t\t<\/div>\n\t\t\t\t<\/div>\n\t\t\t\t\t<\/div>\n\t\t\t\t<\/div>\n\t\t\t\t\t<\/div>\n\t\t\t\t<\/div>\n\t\t<div class=\"elementor-element elementor-element-18613602 e-flex e-con-boxed e-con e-parent\" data-id=\"18613602\" data-element_type=\"container\" data-e-type=\"container\">\n\t\t\t\t\t<div class=\"e-con-inner\">\n\t\t\t\t<div class=\"elementor-element elementor-element-262b8a9f elementor-widget elementor-widget-heading\" data-id=\"262b8a9f\" data-element_type=\"widget\" data-e-type=\"widget\" data-widget_type=\"heading.default\">\n\t\t\t\t\t<h2 class=\"elementor-heading-title elementor-size-default\">Historick\u00e9 zaradenie<\/h2>\t\t\t\t<\/div>\n\t\t<div class=\"elementor-element elementor-element-46dcb7d e-con-full e-flex e-con e-child\" data-id=\"46dcb7d\" data-element_type=\"container\" data-e-type=\"container\">\n\t\t<div class=\"elementor-element elementor-element-61d3ab3 e-flex e-con-boxed e-con e-child\" data-id=\"61d3ab3\" data-element_type=\"container\" data-e-type=\"container\">\n\t\t\t\t\t<div class=\"e-con-inner\">\n\t\t\t\t<div class=\"elementor-element elementor-element-117c166 elementor-widget elementor-widget-heading\" data-id=\"117c166\" data-element_type=\"widget\" data-e-type=\"widget\" data-widget_type=\"heading.default\">\n\t\t\t\t\t<h3 class=\"elementor-heading-title elementor-size-default\">Zeitraum der Texte<\/h3>\t\t\t\t<\/div>\n\t\t\t\t<div class=\"elementor-element elementor-element-73997a0 elementor-widget elementor-widget-text-editor\" data-id=\"73997a0\" data-element_type=\"widget\" data-e-type=\"widget\" data-widget_type=\"text-editor.default\">\n\t\t\t\t\t\t\t\t\t<p>Zvyk Marzanny je \u017eiv\u00fd a\u017e do s\u00fa\u010dasnosti, najm\u00e4 v Po\u013esku, \u010cesku, na Slovensku a v \u010dasti \u010fal\u0161\u00edch slovansk\u00fdch kraj\u00edn. Na mnoh\u00fdch miestach dnes \u0161kolsk\u00e9 triedy a spolky vyn\u00e1\u0161aj\u00fa a spa\u013euj\u00fa alebo pon\u00e1raj\u00fa do vody figur\u00ednu okolo 21. marca ako za\u010diatku jari.<\/p><p>Forma sa pritom postupne zmenila: z p\u00f4vodne v\u00e1\u017eneho sez\u00f3nneho ritu\u00e1lu sa \u010dasom stal \u013eudov\u00fd, miestami aj turisticky po\u0148at\u00fd zvyk. Jadro, rozl\u00fa\u010denie so zimou odstr\u00e1nen\u00edm fig\u00fary Marzanny, sa v\u0161ak zachovalo a je st\u00e1le vidite\u013en\u00e9 v region\u00e1lnej sviato\u010dnej kult\u00fare.<\/p><h3>Mytologick\u00e9 zaradenie<\/h3><p>Marena je bohy\u0148a zimn\u00e9ho chladu a zomierania v slovanskej <span class=\"iwg-fachbegriff\" data-tooltip=\"S\u00fahrn tradovan\u00fdch pr\u00edbehov o bohoch v danej kult\u00fare.\" tabindex=\"0\">mytol\u00f3gii<\/span>. Steles\u0148uje tmav\u00fa polovicu roka a hrani\u010dn\u00e9 oblasti medzi \u017eivotom a smr\u0165ou. Nie je zlou bohy\u0148ou, ale nevyhnutnou silou v kolobehu.<\/p>\t\t\t\t\t\t\t\t<\/div>\n\t\t\t\t\t<\/div>\n\t\t\t\t<\/div>\n\t\t<div class=\"elementor-element elementor-element-d47b156 e-flex e-con-boxed e-con e-child\" data-id=\"d47b156\" data-element_type=\"container\" data-e-type=\"container\">\n\t\t\t\t\t<div class=\"e-con-inner\">\n\t\t\t\t<div class=\"elementor-element elementor-element-ff38c2b elementor-widget elementor-widget-heading\" data-id=\"ff38c2b\" data-element_type=\"widget\" data-e-type=\"widget\" data-widget_type=\"heading.default\">\n\t\t\t\t\t<h3 class=\"elementor-heading-title elementor-size-default\">Verbreitungsraum<\/h3>\t\t\t\t<\/div>\n\t\t\t\t<div class=\"elementor-element elementor-element-4e49fcc elementor-widget elementor-widget-text-editor\" data-id=\"4e49fcc\" data-element_type=\"widget\" data-e-type=\"widget\" data-widget_type=\"text-editor.default\">\n\t\t\t\t\t\t\t\t\t<p>Marena nebola obmedzen\u00e1 na ur\u010dit\u00e9 regi\u00f3ny, ale bola v\u0161eobecne zn\u00e1ma a uctievan\u00e1 v celom slovanskom svete. \u010ci v mestsk\u00fdch centr\u00e1ch alebo na vidieku, \u010di medzi elitou alebo oby\u010dajn\u00fdmi \u013eu\u010fmi, jej duchovn\u00fd v\u00fdznam bol v\u0161ade uzn\u00e1van\u00fd a re\u0161pektovan\u00fd.<\/p><p>Uctievanie, respekt\u00edve vyh\u00e1\u0148anie Mareny bolo roz\u0161\u00edren\u00e9 v celej slovanskej os\u00eddlenej oblasti, pri\u010dom meno sa region\u00e1lne l\u00ed\u0161i: Marzanna v Po\u013esku, Morana v \u010cesku a na Slovensku, Mara alebo Morena v \u010fal\u0161\u00edch oblastiach.<\/p><p>T\u00e1to jazykov\u00e1 rozmanitos\u0165 nazna\u010duje spolo\u010dn\u00fd star\u0161ie z\u00e1klad. Prostredn\u00edctvom susedstva, migr\u00e1cie a v\u00fdmeny medzi slovansk\u00fdmi spolo\u010denstvami sa jarn\u00fd ritu\u00e1l roz\u0161\u00edril na ve\u013ek\u00e9 \u00fazemia, pri\u010dom si vo svojom priebehu, nesen\u00ed a ni\u010den\u00ed fig\u00fary, zachoval porovnate\u013en\u00fa podobu vo v\u0161etk\u00fdch regi\u00f3noch.<\/p>\t\t\t\t\t\t\t\t<\/div>\n\t\t\t\t\t<\/div>\n\t\t\t\t<\/div>\n\t\t\t\t<\/div>\n\t\t<div class=\"elementor-element elementor-element-db03c39 e-con-full e-flex e-con e-child\" data-id=\"db03c39\" data-element_type=\"container\" data-e-type=\"container\">\n\t\t<div class=\"elementor-element elementor-element-229a87b e-flex e-con-boxed e-con e-child\" data-id=\"229a87b\" data-element_type=\"container\" data-e-type=\"container\">\n\t\t\t\t\t<div class=\"e-con-inner\">\n\t\t\t\t<div class=\"elementor-element elementor-element-1f471fc elementor-widget elementor-widget-heading\" data-id=\"1f471fc\" data-element_type=\"widget\" data-e-type=\"widget\" data-widget_type=\"heading.default\">\n\t\t\t\t\t<h3 class=\"elementor-heading-title elementor-size-default\">Quellenlage<\/h3>\t\t\t\t<\/div>\n\t\t\t\t<div class=\"elementor-element elementor-element-36b1201 elementor-widget elementor-widget-text-editor\" data-id=\"36b1201\" data-element_type=\"widget\" data-e-type=\"widget\" data-widget_type=\"text-editor.default\">\n\t\t\t\t\t\t\t\t\t<p>Marena je dokumentovan\u00e1 v prim\u00e1rnych prame\u0148och <span class=\"iwg-fachbegriff\" data-tooltip=\"Tradovan\u00e1 \u013eudov\u00e1 kult\u00fara so zvykmi, pr\u00edbehmi a pies\u0148ami.\" tabindex=\"0\">folkl\u00f3ru<\/span>, najm\u00e4 v slovansk\u00fdch poh\u00e1dk\u00e1ch a \u013eudov\u00fdch pies\u0148ach (Sbornik russkich narodnych pesen, zbierky rusk\u00fdch \u013eudov\u00fdch piesn\u00ed). Priame liter\u00e1rne prim\u00e1rne prame\u0148e s\u00fa neskor\u00e9 a nesystematick\u00e9.<\/p><p>Sekund\u00e1rna literat\u00fara: Nora Chadwick (The Slavic Peoples), Mathieu-Colas (Dictionnaire de <span class=\"iwg-fachbegriff\" data-tooltip=\"S\u00fahrn tradovan\u00fdch pr\u00edbehov o bohoch v danej kult\u00fare.\" tabindex=\"0\">mytol\u00f3gii<\/span> slave), Linda J. Ivanits (Russian Folk Belief), Vladimir Toporov a Vja\u010deslav Ivanov (Toporov-Ivanovova \u0161kola rekon\u0161trukcie indoeur\u00f3pskej <span class=\"iwg-fachbegriff\" data-tooltip=\"S\u00fahrn tradovan\u00fdch pr\u00edbehov o bohoch v danej kult\u00fare.\" tabindex=\"0\">mytol\u00f3gie<\/span>). Koncept Mareny je rekon\u0161truovan\u00fd z \u013eudov\u00fdch zvykov a rastlinn\u00fdch ritu\u00e1lov, nie z kanonick\u00fdch textov, ako je to pri \u010d\u00ednskych bohoch.<\/p>\t\t\t\t\t\t\t\t<\/div>\n\t\t\t\t\t<\/div>\n\t\t\t\t<\/div>\n\t\t\t\t<\/div>\n\t\t\t\t\t<\/div>\n\t\t\t\t<\/div>\n\t\t<div class=\"elementor-element elementor-element-3ae0637c e-flex e-con-boxed e-con e-parent\" data-id=\"3ae0637c\" data-element_type=\"container\" data-e-type=\"container\">\n\t\t\t\t\t<div class=\"e-con-inner\">\n\t\t\t\t<div class=\"elementor-element elementor-element-31d07739 elementor-widget elementor-widget-heading\" data-id=\"31d07739\" data-element_type=\"widget\" data-e-type=\"widget\" data-widget_type=\"heading.default\">\n\t\t\t\t\t<h2 class=\"elementor-heading-title elementor-size-default\">Ozna\u010denie a sp\u00f4soby z\u00e1pisu<\/h2>\t\t\t\t<\/div>\n\t\t<div class=\"elementor-element elementor-element-b7642947 e-con-full e-flex e-con e-child\" data-id=\"b7642947\" data-element_type=\"container\" data-e-type=\"container\">\n\t\t\t\t<div class=\"elementor-element elementor-element-a086266 elementor-widget elementor-widget-text-editor\" data-id=\"a086266\" data-element_type=\"widget\" data-e-type=\"widget\" data-widget_type=\"text-editor.default\">\n\t\t\t\t\t\t\t\t\t<p>Marena je zobrazovan\u00e1 pomocou ur\u010dit\u00fdch ikonografick\u00fdch prvkov, ktor\u00e9 s\u00fa symbolicky k\u00f3dovan\u00e9 a nes\u00fa hlbok\u00fd v\u00fdznam. Tieto prvky vyjadruj\u00fa predov\u0161etk\u00fdm funkcie, zdroje moci, p\u00f4sobnos\u0165 a kozmick\u00fa \u00falohu tejto bytosti. Vizu\u00e1lny syst\u00e9m umo\u017e\u0148uje zasv\u00e4ten\u00fdm a kult\u00farne vzdelan\u00fdm \u013eu\u010fom pochopi\u0165 ich hlbok\u00fd zmysel.<\/p><p>Marena, tie\u017e naz\u00fdvan\u00e1 Morana alebo Marzanna, sa st\u00e1va hmatate\u013enou predov\u0161etk\u00fdm prostredn\u00edctvom ritu\u00e1lu s jej fig\u00farou. T\u00e1to sa splieta zo slamy, oblieka sa do zvy\u0161kov l\u00e1tok a stu\u017eiek a je opatren\u00e1 bielymi \u0161atkami alebo svetl\u00fdm odevom, ktor\u00e9 symbolicky predstavuj\u00fa smr\u0165 a zimu. V niektor\u00fdch regi\u00f3noch m\u00e1 postava veniec alebo n\u00e1hrdeln\u00edky z vaje\u010dn\u00fdch \u0161krupiniek.<\/p><p>Na rozdiel od pevn\u00e9ho zobrazenia bo\u017estva tu stoj\u00ed v centre z\u00e1ujmu ka\u017edoro\u010dne novo vyroben\u00e1 fig\u00fara, ktorej vzh\u013ead sa lok\u00e1lne l\u00ed\u0161i, ale v z\u00e1kladn\u00fdch rysoch sa opakuje. Spojenie slamy, svetlej l\u00e1tky a zimn\u00fdch znakov odkazuje na jej \u00falohu ako stelesnenia odumret\u00e9ho chladn\u00e9ho ro\u010dn\u00e9ho obdobia.<\/p>\t\t\t\t\t\t\t\t<\/div>\n\t\t\t\t<\/div>\n\t\t\t\t\t<\/div>\n\t\t\t\t<\/div>\n\t\t<div class=\"elementor-element elementor-element-709a44a8 e-flex e-con-boxed e-con e-parent\" data-id=\"709a44a8\" data-element_type=\"container\" data-e-type=\"container\">\n\t\t\t\t\t<div class=\"e-con-inner\">\n\t\t\t\t<div class=\"elementor-element elementor-element-2f585873 elementor-widget elementor-widget-heading\" data-id=\"2f585873\" data-element_type=\"widget\" data-e-type=\"widget\" data-widget_type=\"heading.default\">\n\t\t\t\t\t<h2 class=\"elementor-heading-title elementor-size-default\">Charakteristiky<\/h2>\t\t\t\t<\/div>\n\t\t<div class=\"elementor-element elementor-element-70621c12 e-con-full e-flex e-con e-child\" data-id=\"70621c12\" data-element_type=\"container\" data-e-type=\"container\">\n\t\t\t\t<div class=\"elementor-element elementor-element-4296eb49 elementor-widget elementor-widget-text-editor\" data-id=\"4296eb49\" data-element_type=\"widget\" data-e-type=\"widget\" data-widget_type=\"text-editor.default\">\n\t\t\t\t\t\t\t\t\t<p>Marena zohr\u00e1vala k\u013e\u00fa\u010dov\u00fa \u00falohu v n\u00e1bo\u017eenskej praxi a v ka\u017edodennom ch\u00e1pan\u00ed Slovanov. \u013dudia sa na t\u00fato entitu obracali v kritick\u00fdch situ\u00e1ci\u00e1ch alebo v ur\u010dit\u00fdch ritu\u00e1lnych obdobiach roka, prostredn\u00edctvom \u0161trukt\u00farovan\u00fdch ritu\u00e1lov, modlitieb alebo obetn\u00fdch darov. Prax bola presne odovzd\u00e1van\u00e1 a \u010dasto ju viedli k\u0148azi alebo \u0161pecialisti.<\/p><p>Zvyky spojen\u00e9 s Marenou mali jasn\u00fa sez\u00f3nnu funkciu. Na konci zimy, tradi\u010dne okolo jarnej rovnodennosti, sa figur\u00edna Marzanny nosila v sprievode dedinou, potom bola sp\u00e1len\u00e1 alebo hoden\u00e1 do te\u010d\u00facej vody, niekedy oboje po sebe.<\/p><p>T\u00fdm sa mala symbolicky vyhna\u0165 zima a podpori\u0165 pr\u00edchod jari a plodnosti. Zvyk sa dlho odovzd\u00e1val v slovansk\u00fdch oblastiach, preto\u017ee ozna\u010doval prechod do rastov\u00e9ho obdobia a sl\u00e1vil sa spolo\u010dne.<\/p><h3>Zjavenie a symbolika<\/h3><p>Marena sa zjavuje ako vychudnut\u00e1, star\u00e1 \u017eena, oble\u010den\u00e1 v bielom alebo v pohrebn\u00fdch placht\u00e1ch. Sp\u00e1ja sa s mrazom a snehom. V niektor\u00fdch zobrazeniach nesie kosu. Biela a siv\u00e1 s\u00fa jej farby.<\/p>\t\t\t\t\t\t\t\t<\/div>\n\t\t\t\t<\/div>\n\t\t\t\t\t<\/div>\n\t\t\t\t<\/div>\n\t\t<div class=\"elementor-element elementor-element-44e71476 e-flex e-con-boxed e-con e-parent\" data-id=\"44e71476\" data-element_type=\"container\" data-e-type=\"container\">\n\t\t\t\t\t<div class=\"e-con-inner\">\n\t\t\t\t<div class=\"elementor-element elementor-element-3c1fc3f0 elementor-widget elementor-widget-heading\" data-id=\"3c1fc3f0\" data-element_type=\"widget\" data-e-type=\"widget\" data-widget_type=\"heading.default\">\n\t\t\t\t\t<h2 class=\"elementor-heading-title elementor-size-default\">Profil: Marena<\/h2>\t\t\t\t<\/div>\n\t\t<div class=\"elementor-element elementor-element-84f33b8e e-con-full e-flex e-con e-child\" data-id=\"84f33b8e\" data-element_type=\"container\" data-e-type=\"container\">\n\t\t\t\t<div class=\"elementor-element elementor-element-hqkdc67p elementor-widget elementor-widget-text-editor\" data-id=\"hqkdc67p\" data-element_type=\"widget\" data-e-type=\"widget\" data-widget_type=\"text-editor.default\">\n\t\t\t\t\t\t\t\t\t<p>Profil sa venuje Marene z \u0161iestich poh\u013eadov: jej kozmologick\u00fd p\u00f4vod ako bohyne zimy a smrti, skupiny, ktor\u00e9 ju ritu\u00e1lne uctievali (ro\u013en\u00edci, sez\u00f3nne), jej ikonografia a temn\u00fd vzh\u013ead, jej \u00faloha pri pohrebn\u00fdch ritu\u00e1loch a potvrdzovan\u00ed cyklu, a napokon paralely v pr\u00edbuzn\u00fdch kult\u00farach. Tieto dimenzie ukazuj\u00fa jej k\u013e\u00fa\u010dov\u00fa \u00falohu v slovanskom syst\u00e9me kolobehu roka.<\/p>\t\t\t\t\t\t\t\t<\/div>\n\t\t\t\t<\/div>\n\t\t<div class=\"elementor-element elementor-element-pemmx7c5 e-con-full e-flex e-con e-child\" data-id=\"pemmx7c5\" data-element_type=\"container\" data-e-type=\"container\">\n\t\t<div class=\"elementor-element elementor-element-pemmx7c1 e-con-full e-flex e-con e-child\" data-id=\"pemmx7c1\" data-element_type=\"container\" data-e-type=\"container\">\n\t\t<div class=\"elementor-element elementor-element-qh9oavvu iwg-steckbrief-card e-flex e-con-boxed e-con e-child\" data-id=\"qh9oavvu\" data-element_type=\"container\" data-e-type=\"container\">\n\t\t\t\t\t<div class=\"e-con-inner\">\n\t\t\t\t<div class=\"elementor-element elementor-element-awzx8k2k elementor-widget elementor-widget-heading\" data-id=\"awzx8k2k\" data-element_type=\"widget\" data-e-type=\"widget\" data-widget_type=\"heading.default\">\n\t\t\t\t\t<div class=\"elementor-heading-title elementor-size-default\">P\u00f4vod Mareny<\/div>\t\t\t\t<\/div>\n\t\t\t\t<div class=\"elementor-element elementor-element-x6rowhv0 elementor-widget elementor-widget-text-editor\" data-id=\"x6rowhv0\" data-element_type=\"widget\" data-e-type=\"widget\" data-widget_type=\"text-editor.default\">\n\t\t\t\t\t\t\t\t\t<p>Marena sa geograficky a kozmologicky sp\u00e1ja so zimou a so severom. Jej kult\u00farny p\u00f4vod je proto-slovansk\u00fd, pravdepodobne prehistorick\u00fd, ke\u010f\u017ee zimn\u00ed bohovia sa vyskytuj\u00fa v mnoh\u00fdch indoeur\u00f3pskych kult\u00farach. P\u00edsomn\u00e9 doklady s\u00fa neskor\u00e9 a \u010dasto skreslen\u00e9 kres\u0165ansk\u00fdm vplyvom.<\/p><p>Z h\u013eadiska dej\u00edn n\u00e1bo\u017eenstva sa Marena ch\u00e1pe ako \u0161pecializ\u00e1cia v\u0161eobecnej bohyne smrti a znovuzrodenia, ktorej funkcia sa upevnila spolu so sez\u00f3nnymi po\u013enohospod\u00e1rskymi cyklami. Jej meno by mohlo poch\u00e1dza\u0165 zo slovansko-indoeur\u00f3pskeho kore\u0148a *mer (zomiera\u0165).<\/p>\t\t\t\t\t\t\t\t<\/div>\n\t\t\t\t\t<\/div>\n\t\t\t\t<\/div>\n\t\t<div class=\"elementor-element elementor-element-8e3o4kxs iwg-steckbrief-card e-flex e-con-boxed e-con e-child\" data-id=\"8e3o4kxs\" data-element_type=\"container\" data-e-type=\"container\">\n\t\t\t\t\t<div class=\"e-con-inner\">\n\t\t\t\t<div class=\"elementor-element elementor-element-08rkdgov elementor-widget elementor-widget-heading\" data-id=\"08rkdgov\" data-element_type=\"widget\" data-e-type=\"widget\" data-widget_type=\"heading.default\">\n\t\t\t\t\t<div class=\"elementor-heading-title elementor-size-default\">Vz\u0165ahuje sa na<\/div>\t\t\t\t<\/div>\n\t\t\t\t<div class=\"elementor-element elementor-element-uwjelx8s elementor-widget elementor-widget-text-editor\" data-id=\"uwjelx8s\" data-element_type=\"widget\" data-e-type=\"widget\" data-widget_type=\"text-editor.default\">\n\t\t\t\t\t\t\t\t\t<p>Marenu uctievali predov\u0161etk\u00fdm ro\u013en\u00edci a pastieri po\u010das zimn\u00fdch ritu\u00e1lov, najm\u00e4 v prechodn\u00fdch f\u00e1zach (prv\u00fd sneh, zimn\u00fd slnovrat, koniec zimy). Sviatky a ritu\u00e1ly ako Maslenica (Fa\u0161iangy, <span class=\"iwg-fachbegriff\" data-tooltip=\"Regulovan\u00fd sled symbolick\u00fdch \u00fakonov s n\u00e1bo\u017eensk\u00fdm alebo kult\u00farnym v\u00fdznamom.\" tabindex=\"0\">ritu\u00e1l<\/span> rozl\u00fa\u010dky so zimou) boli pr\u00edle\u017eitos\u0165ami spojen\u00fdmi s Marenou.<\/p><p>\u017deny mali v ritu\u00e1loch spojen\u00fdch s Marenou osobitn\u00e9 \u00falohy: zapa\u013eovanie oh\u0148ov radosti alebo v\u00fdroba figur\u00edn Mareny (b\u00e1bik), ktor\u00e9 sa potom sp\u00e1lili alebo hodili do riek (vyhnanie Mareny). Uctievanie bolo sez\u00f3nno-cyklick\u00e9, nie celoro\u010dn\u00e9 ako pri Domovojovi.<\/p>\t\t\t\t\t\t\t\t<\/div>\n\t\t\t\t\t<\/div>\n\t\t\t\t<\/div>\n\t\t<div class=\"elementor-element elementor-element-jm2n74ec iwg-steckbrief-card e-flex e-con-boxed e-con e-child\" data-id=\"jm2n74ec\" data-element_type=\"container\" data-e-type=\"container\">\n\t\t\t\t\t<div class=\"e-con-inner\">\n\t\t\t\t<div class=\"elementor-element elementor-element-8vufse4c elementor-widget elementor-widget-heading\" data-id=\"8vufse4c\" data-element_type=\"widget\" data-e-type=\"widget\" data-widget_type=\"heading.default\">\n\t\t\t\t\t<div class=\"elementor-heading-title elementor-size-default\">Zjav<\/div>\t\t\t\t<\/div>\n\t\t\t\t<div class=\"elementor-element elementor-element-mwb9u015 elementor-widget elementor-widget-text-editor\" data-id=\"mwb9u015\" data-element_type=\"widget\" data-e-type=\"widget\" data-widget_type=\"text-editor.default\">\n\t\t\t\t\t\t\t\t\t<p>Marena je zobrazovan\u00e1 ako kr\u00e1sna, ale temn\u00e1 \u017eena, \u010dasto v tmavom odeve s bielymi alebo siv\u00fdmi vlasmi. Jej atrib\u00faty s\u00fa sneh, \u013ead, kosti, kos\u00e1k (\u017enica podobn\u00e1 Osudkyniam) alebo ohniv\u00fd <span class=\"iwg-fachbegriff\" data-tooltip=\"Znak, ktor\u00fd zastupuje predstavu alebo v\u00fdznam.\" tabindex=\"0\">symbol<\/span>. Niekedy je zobrazovan\u00e1 s kr\u00eddlami, \u010do nazna\u010duje jej r\u00fdchlos\u0165 a neodvratnos\u0165.<\/p><p>V \u013eudovom umen\u00ed je zobrazovan\u00e1 ako z\u00e1rove\u0148 desiv\u00e1 a fascinuj\u00faca. Jej farbami s\u00fa biela (sneh), \u010dierna (temnota) a \u010derven\u00e1 (\u017eivot a ohe\u0148). Ikonografia je stra\u0161ideln\u00e1, ale nie prehnane zl\u00e1, sk\u00f4r melancholicko-<span class=\"iwg-fachbegriff\" data-tooltip=\"N\u00e1le\u017eiace bo\u017esk\u00e9mu, a t\u00fdm vy\u0148at\u00e9 z be\u017en\u00e9ho pou\u017e\u00edvania.\" tabindex=\"0\">posv\u00e4tn\u00e1<\/span>.<\/p>\t\t\t\t\t\t\t\t<\/div>\n\t\t\t\t\t<\/div>\n\t\t\t\t<\/div>\n\t\t\t\t<\/div>\n\t\t<div class=\"elementor-element elementor-element-pemmx7c2 e-con-full e-flex e-con e-child\" data-id=\"pemmx7c2\" data-element_type=\"container\" data-e-type=\"container\">\n\t\t<div class=\"elementor-element elementor-element-37ss2yr6 iwg-steckbrief-card e-flex e-con-boxed e-con e-child\" data-id=\"37ss2yr6\" data-element_type=\"container\" data-e-type=\"container\">\n\t\t\t\t\t<div class=\"e-con-inner\">\n\t\t\t\t<div class=\"elementor-element elementor-element-3v0wp3wx elementor-widget elementor-widget-heading\" data-id=\"3v0wp3wx\" data-element_type=\"widget\" data-e-type=\"widget\" data-widget_type=\"heading.default\">\n\t\t\t\t\t<div class=\"elementor-heading-title elementor-size-default\">P\u00f4sobenie<\/div>\t\t\t\t<\/div>\n\t\t\t\t<div class=\"elementor-element elementor-element-w3247g2m elementor-widget elementor-widget-text-editor\" data-id=\"w3247g2m\" data-element_type=\"widget\" data-e-type=\"widget\" data-widget_type=\"text-editor.default\">\n\t\t\t\t\t\t\t\t\t<p><strong>Oblas\u0165 p\u00f4sobenia:<\/strong> Marena (aj Morena, Mara) symbolizuje zimu, smr\u0165 a hranicu medzi \u017eivotom a z\u00e1hrob\u00edm. Je bohy\u0148ou rozpadu a znovuzrodenia, ka\u017ed\u00fd rok sa jej figur\u00edna spa\u013euje (ritu\u00e1l sp\u00e1lenia), aby sa vyhnala zima a privolala jar.<\/p><p>Jazd\u00ed na bielych ko\u0148och po snehu a \u013eade. Nie je zlomyse\u013en\u00e1, ale nevyhnutn\u00e1, je to sila, ktor\u00e1 sp\u00f4sobuje starnutie v\u0161etk\u00e9ho a jeho op\u00e4tovn\u00e9 obnovenie.<\/p>\t\t\t\t\t\t\t\t<\/div>\n\t\t\t\t\t<\/div>\n\t\t\t\t<\/div>\n\t\t<div class=\"elementor-element elementor-element-0qpjal9w iwg-steckbrief-card e-flex e-con-boxed e-con e-child\" data-id=\"0qpjal9w\" data-element_type=\"container\" data-e-type=\"container\">\n\t\t\t\t\t<div class=\"e-con-inner\">\n\t\t\t\t<div class=\"elementor-element elementor-element-6ndoih0o elementor-widget elementor-widget-heading\" data-id=\"6ndoih0o\" data-element_type=\"widget\" data-e-type=\"widget\" data-widget_type=\"heading.default\">\n\t\t\t\t\t<div class=\"elementor-heading-title elementor-size-default\">Obrana proti Marene<\/div>\t\t\t\t<\/div>\n\t\t\t\t<div class=\"elementor-element elementor-element-6684tyh9 elementor-widget elementor-widget-text-editor\" data-id=\"6684tyh9\" data-element_type=\"widget\" data-e-type=\"widget\" data-widget_type=\"text-editor.default\">\n\t\t\t\t\t\t\t\t\t<p>Marena je kozmick\u00e1 bohy\u0148a, nie dobr\u00e1 ani zl\u00e1, ale nevyhnutn\u00e1. Jej uctievanie prebiehalo prostredn\u00edctvom sez\u00f3nnych ritu\u00e1lov, ktor\u00fdmi sa uzn\u00e1vala jej moc a prosilo sa o miernu zimu alebo r\u00fdchly pr\u00edchod jari.<\/p><p><span class=\"iwg-fachbegriff\" data-tooltip=\"Regulovan\u00fd sled symbolick\u00fdch \u00fakonov s n\u00e1bo\u017eensk\u00fdm alebo kult\u00farnym v\u00fdznamom.\" tabindex=\"0\">Ritu\u00e1l<\/span> s figur\u00ednou Mareny (fa\u0161iangov\u00e1 sl\u00e1vnos\u0165) bol zmesou uctievania a symbolick\u00e9ho vyhnania: figur\u00edna (Marena) sa sp\u00e1lila alebo hodila do vody, aby sa ukon\u010dila zima a privolala jar. Ochrann\u00e9 ritu\u00e1ly zah\u0155\u0148ali ohniv\u00e9 symboly a modlitby. Uctievanie bolo kozmicko-cyklick\u00e9 a uzn\u00e1valo Marenu ako nevyhnutn\u00fa silu v priebehu roka, nie ako nepriate\u013esk\u00fa entitu, proti ktorej treba bojova\u0165.<\/p>\t\t\t\t\t\t\t\t<\/div>\n\t\t\t\t\t<\/div>\n\t\t\t\t<\/div>\n\t\t<div class=\"elementor-element elementor-element-3lfi7x32 iwg-steckbrief-card e-flex e-con-boxed e-con e-child\" data-id=\"3lfi7x32\" data-element_type=\"container\" data-e-type=\"container\">\n\t\t\t\t\t<div class=\"e-con-inner\">\n\t\t\t\t<div class=\"elementor-element elementor-element-0kg99ga1 elementor-widget elementor-widget-heading\" data-id=\"0kg99ga1\" data-element_type=\"widget\" data-e-type=\"widget\" data-widget_type=\"heading.default\">\n\t\t\t\t\t<div class=\"elementor-heading-title elementor-size-default\">S\u00favisiace bytosti<\/div>\t\t\t\t<\/div>\n\t\t\t\t<div class=\"elementor-element elementor-element-n0fum6kp elementor-widget elementor-widget-text-editor\" data-id=\"n0fum6kp\" data-element_type=\"widget\" data-e-type=\"widget\" data-widget_type=\"text-editor.default\">\n\t\t\t\t\t\t\t\t\t<p>Porovnate\u013en\u00ed s\u00fa in\u00ed bohovia zimy a smrti: H\u00e1des alebo Perzefona v gr\u00e9ckor\u00edmskej trad\u00edcii (bohovia smrti), seversk\u00e1 Hel (bohy\u0148a podsvetia), Hekat\u00e9 v gr\u00e9ckej <span class=\"iwg-fachbegriff\" data-tooltip=\"S\u00fahrn tradovan\u00fdch pr\u00edbehov o bohoch danej kult\u00fary.\" tabindex=\"0\">mytol\u00f3gii<\/span> (bohy\u0148a prahov a smrti) a K\u00e1l\u00ed v hinduizme (bohy\u0148a zni\u010denia a znovuzrodenia). V\u0161etk\u00fdm je spolo\u010dn\u00e1 ambivalentn\u00e1 povaha medzi zni\u010den\u00edm a regener\u00e1ciou, ako aj aspekt cyklickosti.<\/p>\t\t\t\t\t\t\t\t<\/div>\n\t\t\t\t\t<\/div>\n\t\t\t\t<\/div>\n\t\t\t\t<\/div>\n\t\t\t\t<\/div>\n\t\t\t\t\t<\/div>\n\t\t\t\t<\/div>\n\t\t<div class=\"elementor-element elementor-element-5a584676 e-flex e-con-boxed e-con e-parent\" data-id=\"5a584676\" data-element_type=\"container\" data-e-type=\"container\">\n\t\t\t\t\t<div class=\"e-con-inner\">\n\t\t\t\t<div class=\"elementor-element elementor-element-6d0757bf elementor-widget elementor-widget-heading\" data-id=\"6d0757bf\" data-element_type=\"widget\" data-e-type=\"widget\" data-widget_type=\"heading.default\">\n\t\t\t\t\t<h2 class=\"elementor-heading-title elementor-size-default\">Marena, paralely v in\u00fdch kult\u00farach<\/h2>\t\t\t\t<\/div>\n\t\t<div class=\"elementor-element elementor-element-60563f68 e-con-full e-flex e-con e-child\" data-id=\"60563f68\" data-element_type=\"container\" data-e-type=\"container\">\n\t\t\t\t<div class=\"elementor-element elementor-element-5a93fdd6 elementor-widget elementor-widget-text-editor\" data-id=\"5a93fdd6\" data-element_type=\"widget\" data-e-type=\"widget\" data-widget_type=\"text-editor.default\">\n\t\t\t\t\t\t\t\t\t<p>Marena stoj\u00ed v rade sez\u00f3nnych boh\u00fd\u0148 smrti a obnovy a svojou kompoz\u00edciou pripom\u00edna helenistick\u00fa Persefonu a egyptsk\u00fa truchliacu \u00cdzidu. Jej cyklus zima-jar sa v slovanskom <span class=\"iwg-fachbegriff\" data-tooltip=\"S\u00fahrn tradovan\u00fdch zvykov nejak\u00e9ho spolo\u010denstva.\" tabindex=\"0\">oby\u010dajovom folkl\u00f3re<\/span> konkr\u00e9tne <span class=\"iwg-fachbegriff\" data-tooltip=\"Patriaci k pevne stanoven\u00e9mu n\u00e1bo\u017eensk\u00e9mu postupu.\" tabindex=\"0\">ritu\u00e1lne<\/span> uskuto\u010d\u0148uje sp\u00e1len\u00edm alebo utopen\u00edm slamenej figur\u00edny, praktikou, ktor\u00e1 v tejto forme nem\u00e1 priamu obdobu v Stredomor\u00ed.<\/p>\n<p><strong>\u017didovsk\u00e1 trad\u00edcia:<\/strong> V judaizme neexistuje priama bohy\u0148a zimy alebo smrti ako Marena. Boh JHVH ovl\u00e1da ro\u010dn\u00e9 obdobia a smr\u0165, ale nie je zosobnen\u00fd ako \u017eensk\u00e1 bohy\u0148a. Kabala v\u0161ak pozn\u00e1 Binah ako \u201ematku\u201c a kozmick\u00fa protivn\u00ed\u010dku (Gevura\/pr\u00edsnos\u0165 ako de\u0161trukt\u00edvna str\u00e1nka), \u010do pon\u00faka vzdialen\u00fa koncep\u010dn\u00fa paralelu.<\/p><p><strong>Gr\u00e9cko-r\u00edmsky svet:<\/strong> Persefona ako kr\u00e1\u013eovn\u00e1 podsvetia a <span class=\"iwg-fachbegriff\" data-tooltip=\"Znak, ktor\u00fd zastupuje nejak\u00fa predstavu alebo v\u00fdznam.\" tabindex=\"0\">symbol<\/span> zimy (polovicu roka pod zemou) sa podob\u00e1 Marene. Aj Hekat\u00e9 je bohy\u0148ou temnoty a prahov. Rozdiel je v tom, \u017ee Persefona a Hekat\u00e9 s\u00fa viac mytologick\u00e9 postavy v stabiln\u00fdch \u00faloh\u00e1ch ne\u017e kozmick\u00e9 bohyne cyklu ako Marena. Hekat\u00e9 je \u010darodejnica a str\u00e1\u017eky\u0148a, nie bohy\u0148a ro\u010dn\u00fdch obdob\u00ed.<\/p><p><strong>Mezopot\u00e1mia:<\/strong> Bohy\u0148a Ere\u0161kigal vl\u00e1dne podsvetiu (Kur), podobne ako Marena vl\u00e1dne zime. Ere\u0161kigal v\u0161ak nie je sez\u00f3nna, je statick\u00e1 vo svojej podsvetnej dom\u00e9ne. Ch\u00fdba tu aspekt cyklu ro\u010dn\u00fdch obdob\u00ed ako u Mareny.<\/p><p><strong>India\/\u00c1zia:<\/strong> K\u00e1l\u00ed alebo Durga v hinduizme steles\u0148uj\u00fa ni\u010divo-regenerat\u00edvnu \u017eenskos\u0165 podobn\u00fa Marene. V taoizme existuje princ\u00edp jin (temn\u00fd, chladn\u00fd), ktor\u00fd zodpoved\u00e1 zime, ale nie je zosobnen\u00fd ako bohy\u0148a. V japonskom <span class=\"iwg-fachbegriff\" data-tooltip=\"N\u00e1bo\u017eensk\u00fd syst\u00e9m, v ktorom \u0161pecialisti komunikuj\u00fa so svetom duchov.\" tabindex=\"0\">\u0161amanizme<\/span> existuj\u00fa podsvetn\u00ed bohovia ako Izanami, sp\u00e1jan\u00ed so smr\u0165ou. V\u0161etk\u00fdm t\u00fdmto trad\u00edci\u00e1m je spolo\u010dn\u00e1 \u017eenskos\u0165 smrti a regener\u00e1cia cyklu.<\/p>\t\t\t\t\t\t\t\t<\/div>\n\t\t\t\t<\/div>\n\t\t\t\t\t<\/div>\n\t\t\t\t<\/div>\n\t\t<div class=\"elementor-element elementor-element-cpd5d54a1 e-flex e-con-boxed e-con e-parent\" data-id=\"cpd5d54a1\" data-element_type=\"container\" data-e-type=\"container\">\n\t\t\t\t\t<div class=\"e-con-inner\">\n\t\t\t\t<div class=\"elementor-element elementor-element-cpe274c99 elementor-widget elementor-widget-heading\" data-id=\"cpe274c99\" data-element_type=\"widget\" data-e-type=\"widget\" data-widget_type=\"heading.default\">\n\t\t\t\t\t<h2 class=\"elementor-heading-title elementor-size-default\">Probl\u00e9m pramenn\u00e9ho materi\u00e1lu k slovansk\u00e9mu svetu bohov<\/h2>\t\t\t\t<\/div>\n\t\t<div class=\"elementor-element elementor-element-cp7d012d9 e-con-full e-flex e-con e-child\" data-id=\"cp7d012d9\" data-element_type=\"container\" data-e-type=\"container\">\n\t\t\t\t<div class=\"elementor-element elementor-element-cp0032283 elementor-widget elementor-widget-text-editor\" data-id=\"cp0032283\" data-element_type=\"widget\" data-e-type=\"widget\" data-widget_type=\"text-editor.default\">\n\t\t\t\t\t\t\t\t\t<p>Kto sa chce zbl\u00ed\u017ei\u0165 s Marenou, naz\u00fdvanou aj Morana, Mara \u010di Marzanna, mus\u00ed najprv zoh\u013eadni\u0165 n\u00e1ro\u010dn\u00fa situ\u00e1ciu s prame\u0148mi k slovansk\u00e9mu n\u00e1bo\u017eenstvu.<\/p><p>Pohansk\u00ed Slovania nezanechali vlastn\u00e9 n\u00e1bo\u017eensk\u00e9 texty, kristianiz\u00e1cia prebiehala v priebehu viacer\u00fdch storo\u010d\u00ed, a to, \u010do vieme o ich bohoch, poch\u00e1dza preva\u017ene z troch druhov prame\u0148ov: zo spr\u00e1v kres\u0165ansk\u00fdch kronik\u00e1rov, z neskor\u0161\u00edch cirkevn\u00fdch z\u00e1kazov\u00fdch spisov proti pohansk\u00fdm zvykom a z folkloristickej <span class=\"iwg-fachbegriff\" data-tooltip=\"Odovzd\u00e1vanie vedomost\u00ed a rozpr\u00e1van\u00ed z gener\u00e1cie na gener\u00e1ciu.\" tabindex=\"0\">trad\u00edcie<\/span> novoveku.<\/p><p>Pre Marenu je stredovek\u00e9 dokladovanie chudobn\u00e9. Na rozdiel od napr\u00edklad v\u00fdchodoslovansk\u00e9ho Peruna sa v ran\u00fdch kronik\u00e1ch takmer nevyskytuje ako uctievan\u00e1 <span class=\"iwg-fachbegriff\" data-tooltip=\"Bytos\u0165 uctievan\u00e1 ako bo\u017esk\u00e1 v r\u00e1mci nejak\u00e9ho n\u00e1bo\u017eenstva.\" tabindex=\"0\">bohy\u0148a<\/span>.<\/p><p>\u010co o nej vieme, sa opiera predov\u0161etk\u00fdm o neskor\u00e9 pramene zo z\u00e1padoslovansk\u00e9ho priestoru, najm\u00e4 z Po\u013eska, \u010ceska a Slovenska, a o zvyky sp\u00e1jan\u00e9 s pr\u00edchodom jari, ktor\u00e9 pre\u017e\u00edvali a\u017e do novoveku.<\/p><p>D\u00f4le\u017eit\u00fdm, \u010dasto citovan\u00fdm prame\u0148om je po\u013esk\u00fd kronik\u00e1r Jan Dlugosz z p\u00e4tn\u00e1steho storo\u010dia, ktor\u00fd sa vo svojich Dejin\u00e1ch Po\u013eska pok\u00fasil stoto\u017eni\u0165 star\u00fdch slovansk\u00fdch bohov s r\u00edmskymi bo\u017estvami. Tak\u00e9to u\u010den\u00e9 kon\u0161trukcie treba bra\u0165 s opatrnos\u0165ou, preto\u017ee slovansk\u00fd materi\u00e1l vykladaj\u00fa cez <span class=\"iwg-fachbegriff\" data-tooltip=\"Epocha gr\u00e9ckej a r\u00edmskej kult\u00fary, pribli\u017ene 800 pred Kr. a\u017e 600 po Kr.\" tabindex=\"0\">antick\u00fa<\/span> optiku.<\/p><p>Religionistick\u00fd z\u00e1ver je jasn\u00fd. Spo\u013eahliv\u00fd, jednotn\u00fd obraz bohyne Mareny z pohansk\u00fdch \u010dias sa ned\u00e1 zostavi\u0165. Ist\u00e9 je predov\u0161etk\u00fdm to, \u017ee existuje ritu\u00e1lna postava jarn\u00e9ho zvyku, slamen\u00e1 figur\u00edna naz\u00fdvan\u00e1 Marzanna alebo Morena, ktor\u00e1 sa vyn\u00e1\u0161a a ni\u010d\u00ed.<\/p><p>\u010ci a v akej podobe za t\u00fdm stoj\u00ed skuto\u010dne uctievan\u00e1 <span class=\"iwg-fachbegriff\" data-tooltip=\"Bytos\u0165 uctievan\u00e1 ako bo\u017esk\u00e1 v r\u00e1mci nejak\u00e9ho n\u00e1bo\u017eenstva.\" tabindex=\"0\">bohy\u0148a<\/span> pohansk\u00fdch Slovanov, je vo v\u00fdskume sporn\u00e9. T\u00e1to neistota patr\u00ed k \u010destn\u00e9mu podaniu tejto postavy.<\/p>\t\t\t\t\t\t\t\t<\/div>\n\t\t\t\t<\/div>\n\t\t\t\t\t<\/div>\n\t\t\t\t<\/div>\n\t\t<div class=\"elementor-element elementor-element-cpd610a66 e-flex e-con-boxed e-con e-parent\" data-id=\"cpd610a66\" data-element_type=\"container\" data-e-type=\"container\">\n\t\t\t\t\t<div class=\"e-con-inner\">\n\t\t\t\t<div class=\"elementor-element elementor-element-cp75c7cd5 elementor-widget elementor-widget-heading\" data-id=\"cp75c7cd5\" data-element_type=\"widget\" data-e-type=\"widget\" data-widget_type=\"heading.default\">\n\t\t\t\t\t<h2 class=\"elementor-heading-title elementor-size-default\">Vyn\u00e1\u0161anie Marzanny ako jarn\u00fd ritu\u00e1l<\/h2>\t\t\t\t<\/div>\n\t\t<div class=\"elementor-element elementor-element-cp5897b73 e-con-full e-flex e-con e-child\" data-id=\"cp5897b73\" data-element_type=\"container\" data-e-type=\"container\">\n\t\t\t\t<div class=\"elementor-element elementor-element-cpb48ef19 elementor-widget elementor-widget-text-editor\" data-id=\"cpb48ef19\" data-element_type=\"widget\" data-e-type=\"widget\" data-widget_type=\"text-editor.default\">\n\t\t\t\t\t\t\t\t\t<p>Najisto sa Marena d\u00e1 zachyti\u0165 v roz\u0161\u00edrenom z\u00e1padoslovanskom <span class=\"iwg-fachbegriff\" data-tooltip=\"Odovzd\u00e1van\u00e1, v spolo\u010denstve pravidelne opakovan\u00e1 \u010dinnos\u0165.\" tabindex=\"0\">zvyku<\/span> v\u00edtania jari, ktor\u00fd sa v Po\u013esku, \u010cesku, na Slovensku a v susedn\u00fdch oblastiach dodr\u017eiava a\u017e do s\u00fa\u010dasnosti.<\/p><p>V strede stoj\u00ed figur\u00edna zo slamy, \u010dasto oble\u010den\u00e1 do \u017eensk\u00fdch \u0161iat, ktor\u00e1 sa naz\u00fdva Marzanna, Morena alebo podobne. Predstavuje zimu, smr\u0165 a stuhnutos\u0165 chladn\u00e9ho ro\u010dn\u00e9ho obdobia.<\/p><p>Tento <span class=\"iwg-fachbegriff\" data-tooltip=\"Odovzd\u00e1van\u00e1, v spolo\u010denstve pravidelne opakovan\u00e1 \u010dinnos\u0165.\" tabindex=\"0\">zvyk<\/span> sa tradi\u010dne dodr\u017eiava okolo astronomick\u00e9ho za\u010diatku jari alebo na \u0161tvrt\u00fa p\u00f4stnu nede\u013eu. Spolo\u010denstvo, \u010dasto deti a ml\u00e1de\u017e, nos\u00ed figur\u00ednu v sprievode dedinou a potom mimo nej, pri\u010dom sa v\u00e4\u010d\u0161inou spieva.<\/p><p>Na konci sa Marzanna zni\u010d\u00ed, sp\u00e1li sa, hod\u00ed sa do te\u010d\u00facej vody, alebo obidve tieto veci po sebe. Na mnoh\u00fdch miestach plat\u00ed za nebezpe\u010dn\u00e9 dotkn\u00fa\u0165 sa pot\u00e1paj\u00facej sa figur\u00edny alebo sa za \u0148ou obzrie\u0165, k\u00fdm sa vracia.<\/p><p>Vyn\u00e1\u0161aniu Marzanny \u010dasto stoj\u00ed naproti druh\u00fd, opa\u010dn\u00fd akt, v\u00edtanie jari alebo leta, symbolizovan\u00e9 zelenou vetvi\u010dkou, vyzdoben\u00fdm strom\u010dekom alebo inou figur\u00ednou. <span class=\"iwg-fachbegriff\" data-tooltip=\"Odovzd\u00e1van\u00e1, v spolo\u010denstve pravidelne opakovan\u00e1 \u010dinnos\u0165.\" tabindex=\"0\">Zvyk<\/span> je tak dvoj\u010das\u0165ov\u00fdm <span class=\"iwg-fachbegriff\" data-tooltip=\"Usporiadan\u00e1 sekvencia symbolick\u00fdch \u010dinnost\u00ed s n\u00e1bo\u017eensk\u00fdm alebo kult\u00farnym v\u00fdznamom.\" tabindex=\"0\">ritu\u00e1lom<\/span>, smr\u0165 a chladn\u00e1 zima sa vyh\u00e1\u0148aj\u00fa, \u017eivot a tepl\u00e9 ro\u010dn\u00e9 obdobie sa priv\u00e1dzaj\u00fa.<\/p><p>Z folkloristick\u00e9ho h\u013eadiska sa tento <span class=\"iwg-fachbegriff\" data-tooltip=\"Odovzd\u00e1van\u00e1, v spolo\u010denstve pravidelne opakovan\u00e1 \u010dinnos\u0165.\" tabindex=\"0\">zvyk<\/span> vyklad\u00e1 ako prechodov\u00fd a \u010distiaci ritu\u00e1l, ktor\u00fd sprev\u00e1dza zmenu ro\u010dn\u00fdch obdob\u00ed a <span class=\"iwg-fachbegriff\" data-tooltip=\"Patriaci k pevne stanoven\u00e9mu n\u00e1bo\u017eensk\u00e9mu postupu.\" tabindex=\"0\">ritu\u00e1lne<\/span> jej napom\u00e1ha. Stredovek\u00e1 cirkev bojovala proti vyn\u00e1\u0161aniu tak\u00fdchto figur\u00edn, \u010do ukazuje, \u017ee tento <span class=\"iwg-fachbegriff\" data-tooltip=\"Odovzd\u00e1van\u00e1, v spolo\u010denstve pravidelne opakovan\u00e1 \u010dinnos\u0165.\" tabindex=\"0\">zvyk<\/span> bol vn\u00edman\u00fd ako <span class=\"iwg-fachbegriff\" data-tooltip=\"Z kres\u0165ansk\u00e9ho h\u013eadiska: patriaci k predkres\u0165ansk\u00e9mu alebo nekres\u0165ansk\u00e9mu n\u00e1bo\u017eenstvu.\" tabindex=\"0\">pohansk\u00fd<\/span>, a pr\u00e1ve tento cirkevn\u00fd odpor je jedn\u00fdm z najd\u00f4le\u017eitej\u0161\u00edch d\u00f4kazov jeho staroby.<\/p><p>\u010ci figur\u00edna p\u00f4vodne predstavovala bohy\u0148u, alebo od za\u010diatku bola stelesnen\u00edm zimy, sa zo samotn\u00e9ho <span class=\"iwg-fachbegriff\" data-tooltip=\"Odovzd\u00e1van\u00e1, v spolo\u010denstve pravidelne opakovan\u00e1 \u010dinnos\u0165.\" tabindex=\"0\">zvyku<\/span> ned\u00e1 rozhodn\u00fa\u0165.<\/p>\t\t\t\t\t\t\t\t<\/div>\n\t\t\t\t<\/div>\n\t\t\t\t\t<\/div>\n\t\t\t\t<\/div>\n\t\t<div class=\"elementor-element elementor-element-cp212838e e-flex e-con-boxed e-con e-parent\" data-id=\"cp212838e\" data-element_type=\"container\" data-e-type=\"container\">\n\t\t\t\t\t<div class=\"e-con-inner\">\n\t\t\t\t<div class=\"elementor-element elementor-element-cp6060732 elementor-widget elementor-widget-heading\" data-id=\"cp6060732\" data-element_type=\"widget\" data-e-type=\"widget\" data-widget_type=\"heading.default\">\n\t\t\t\t\t<h2 class=\"elementor-heading-title elementor-size-default\">Marena ako bohy\u0148a smrti a zimn\u00e9ho obdobia<\/h2>\t\t\t\t<\/div>\n\t\t<div class=\"elementor-element elementor-element-cp0bac407 e-con-full e-flex e-con e-child\" data-id=\"cp0bac407\" data-element_type=\"container\" data-e-type=\"container\">\n\t\t\t\t<div class=\"elementor-element elementor-element-cpc986f3f elementor-widget elementor-widget-text-editor\" data-id=\"cpc986f3f\" data-element_type=\"widget\" data-e-type=\"widget\" data-widget_type=\"text-editor.default\">\n\t\t\t\t\t\t\t\t\t<p>Z jarn\u00e9ho zvyku a z jazykov\u00fdch poukazov si v\u00fdskum vytvoril obraz slovanskej bohyne smrti, zimy a stuhnutosti, pri\u010dom je v\u017edy potrebn\u00e9 zd\u00f4razni\u0165 hypotetick\u00fd charakter tejto rekonstrukcie.<\/p><p>Samotn\u00e9 meno poskytuje ist\u00fd bod opory, patr\u00ed do slovnej rodiny okolo indoeur\u00f3pskeho kore\u0148a s v\u00fdznamom zomrie\u0165, k ktorej patr\u00ed aj latinsk\u00e9 <em>mors<\/em>, smr\u0165, a slov\u00e1 pre vra\u017edu a m\u0155tvych v r\u00f4znych jazykoch. Diskutuje sa tie\u017e o s\u00favise s no\u010dnou tla\u010diacou bytos\u0165ou, slovanskou <em>marou<\/em> a germ\u00e1nskou morou.<\/p><p>Z toho vypl\u00fdva v\u00fdklad Mareny ako stelesnenia proti\u017eitiaschopn\u00fdch s\u00edl, chladu, tmy, zastavenia rastu veget\u00e1cie a smrti. V tomto v\u00fdklade je zimn\u00fdm protip\u00f3lom jarn\u00fdch a plodnostn\u00fdch s\u00edl.<\/p><p>Niektor\u00ed b\u00e1datelia, predov\u0161etk\u00fdm v po\u013eskej a \u010deskej trad\u00edcii, ju vykladali ako ambivalentn\u00fa bohy\u0148u, ktor\u00e1 neprin\u00e1\u0161a len hr\u00f4zu, ale patr\u00ed aj k nevyhnutn\u00e9mu kolobehu, ve\u010f bez zimy nie je jar, bez smrti nie je obnova.<\/p><p>Neskor\u0161ie, predov\u0161etk\u00fdm popul\u00e1rnovedeck\u00e9 a novopohansk\u00e9 zobrazenia rozvinuli Marenu na prepracovan\u00fa bohy\u0148u smrti s pevn\u00fdm \u017eivotopisom, pr\u00edbuzenstvom a funkciou. Tieto obrazy s\u00fa p\u00fatav\u00e9, ale z poh\u013eadu kritiky prame\u0148ov nie s\u00fa podlo\u017een\u00e9, \u010dasto do postavy vn\u00e1\u0161aj\u00fa viac z modern\u00e9ho sveta predst\u00e1v ne\u017e zo stredovekej <span class=\"iwg-fachbegriff\" data-tooltip=\"Odovzd\u00e1vanie vedomost\u00ed a rozpr\u00e1van\u00ed z gener\u00e1cie na gener\u00e1ciu.\" tabindex=\"0\">trad\u00edcie<\/span>.<\/p><p>V\u00e1\u017ene vedeck\u00e9 stanovisko zost\u00e1va opatrn\u00e9. Existuj\u00fa dobr\u00e9 d\u00f4vody predpoklada\u0165, \u017ee za <span class=\"iwg-fachbegriff\" data-tooltip=\"Odovzd\u00e1van\u00e1, v spolo\u010denstve pravidelne opakovan\u00e1 \u010dinnos\u0165.\" tabindex=\"0\">zvykom<\/span> a menom stoj\u00ed predstava personifikovanej zimno-smrtiacej sily.<\/p><p>Bohy\u0148u Marenu uctievan\u00fa v <span class=\"iwg-fachbegriff\" data-tooltip=\"S\u00fahrn n\u00e1bo\u017eensk\u00fdch \u00factov\u00fdch prakt\u00edk vo\u010di bo\u017estvu alebo sv\u00e4tej postave.\" tabindex=\"0\">kulte<\/span> s rozvinut\u00fdm <span class=\"iwg-fachbegriff\" data-tooltip=\"Odovzd\u00e1van\u00fd pr\u00edbeh o bohoch, p\u00f4vode a poriadku svet\u0430.\" tabindex=\"0\">m\u00fdtom<\/span> v\u0161ak z dostupn\u00fdch prame\u0148ov nie je mo\u017en\u00e9 jednozna\u010dne dok\u00e1za\u0165. Marena je tak vzorov\u00fdm pr\u00edkladom hran\u00edc n\u00e1\u0161ho poznania slovansk\u00e9ho n\u00e1bo\u017eenstva.<\/p>\t\t\t\t\t\t\t\t<\/div>\n\t\t\t\t<\/div>\n\t\t\t\t\t<\/div>\n\t\t\t\t<\/div>\n\t\t<div class=\"elementor-element elementor-element-36dd7469 e-flex e-con-boxed e-con e-parent\" data-id=\"36dd7469\" data-element_type=\"container\" data-e-type=\"container\">\n\t\t\t\t\t<div class=\"e-con-inner\">\n\t\t\t\t<div class=\"elementor-element elementor-element-13760ab4 elementor-widget elementor-widget-heading\" data-id=\"13760ab4\" data-element_type=\"widget\" data-e-type=\"widget\" data-widget_type=\"heading.default\">\n\t\t\t\t\t<h2 class=\"elementor-heading-title elementor-size-default\">S\u00favisiace odkazy<\/h2>\t\t\t\t<\/div>\n\t\t<div class=\"elementor-element elementor-element-28c87796 e-con-full e-flex e-con e-child\" data-id=\"28c87796\" data-element_type=\"container\" data-e-type=\"container\">\n\t\t\t\t<div class=\"elementor-element elementor-element-5d6538df elementor-widget elementor-widget-text-editor\" data-id=\"5d6538df\" data-element_type=\"widget\" data-e-type=\"widget\" data-widget_type=\"text-editor.default\">\n\t\t\t\t\t\t\t\t\t<ul><li><a href=\"https:\/\/iwell-guard.com\/sk\/?page_id=157608\">Slovansk\u00e9 kult\u00fary<\/a><\/li><li><a href=\"https:\/\/iwell-guard.com\/sk\/?page_id=157756\">Perun, boh hromu a obnovy<\/a><\/li><li><a href=\"https:\/\/iwell-guard.com\/sk\/?page_id=157712\">Hel, germ\u00e1nska bohy\u0148a podsvetia<\/a><\/li><li><a href=\"https:\/\/iwell-guard.com\/sk\/?page_id=157708\">H\u00e1des, gr\u00e9cky boh podsvetia<\/a><\/li><\/ul>\t\t\t\t\t\t\t\t<\/div>\n\t\t\t\t<\/div>\n\t\t\t\t\t<\/div>\n\t\t\t\t<\/div>\n\t\t<div class=\"elementor-element elementor-element-grl4kl40 e-flex e-con-boxed e-con e-parent\" data-id=\"grl4kl40\" data-element_type=\"container\" data-e-type=\"container\">\n\t\t\t\t\t<div class=\"e-con-inner\">\n\t\t\t\t<div class=\"elementor-element elementor-element-bzsbfrmh elementor-widget elementor-widget-heading\" data-id=\"bzsbfrmh\" data-element_type=\"widget\" data-e-type=\"widget\" data-widget_type=\"heading.default\">\n\t\t\t\t\t<h2 class=\"elementor-heading-title elementor-size-default\">Odborn\u00e1 literat\u00fara<\/h2>\t\t\t\t<\/div>\n\t\t<div class=\"elementor-element elementor-element-2c13224a e-con-full e-flex e-con e-child\" data-id=\"2c13224a\" data-element_type=\"container\" data-e-type=\"container\">\n\t\t\t\t<div class=\"elementor-element elementor-element-0eymh9ub elementor-widget elementor-widget-text-editor\" data-id=\"0eymh9ub\" data-element_type=\"widget\" data-e-type=\"widget\" data-widget_type=\"text-editor.default\">\n\t\t\t\t\t\t\t\t\t<footer class=\"iwg-literatur\" data-nosnippet=\"true\"><ul><li><span data-nosnippet>Ivanits, Linda: <em>Russian Folk Belief<\/em>. M.E. Sharpe, 1989.<\/span><\/li><li><span data-nosnippet>Hubbs, Joanna: <em>Mother Russia. The Feminine Myth in Russian Culture<\/em>. Indiana University Press, 1988.<\/span><\/li><li><span data-nosnippet>Gimbutas, Marija: <em>The Goddesses and Gods of Old Europe<\/em>. Thames and Hudson, 1982.<\/span><\/li><li><span data-nosnippet>Roux, Valentina: <em>Ancient Slavic Religion<\/em>. Routledge, 1999.<\/span><\/li><\/ul><\/footer>\t\t\t\t\t\t\t\t<\/div>\n\t\t\t\t<\/div>\n\t\t\t\t\t<\/div>\n\t\t\t\t<\/div>\n\t\t\t\t<\/div>\n\t\t","protected":false},"excerpt":{"rendered":"","protected":false},"author":3,"featured_media":1649,"parent":0,"menu_order":0,"comment_status":"closed","ping_status":"closed","template":"elementor_header_footer","meta":{"_yoast_wpseo_focuskw":"Marena","_yoast_wpseo_title":"Marena - stelesnenie tmav\u00e9ho ro\u010dn\u00e9ho obdobia a smrti","_yoast_wpseo_metadesc":"Marena, slovansk\u00e1 bohy\u0148a zimy a smrti. Ritu\u00e1l topenia symbolu na priv\u00edtanie jari, jej spa\u013eovanie v r\u00e1mci zvyku Maslenica a pr\u00edbuznos\u0165 s Moranou.","_yoast_wpseo_meta-robots-noindex":"","_yoast_wpseo_canonical":"","_angie_page":false,"gefaehrdungsstufe":"3","wesen_kultur":"slawisch","wesen_klasse":"goetter","footnotes":""},"categories":[],"class_list":["post-157811","page","type-page","status-publish","has-post-thumbnail","hentry"],"yoast_head":"<!-- This site is optimized with the Yoast SEO Premium plugin v27.7 (Yoast SEO v28.3) - https:\/\/yoast.com\/product\/yoast-seo-premium-wordpress\/ -->\n<title>Marena - stelesnenie tmav\u00e9ho ro\u010dn\u00e9ho obdobia a smrti<\/title>\n<meta name=\"description\" content=\"Marena, slovansk\u00e1 bohy\u0148a zimy a smrti. Ritu\u00e1l topenia symbolu na priv\u00edtanie jari, jej spa\u013eovanie v r\u00e1mci zvyku Maslenica a pr\u00edbuznos\u0165 s Moranou.\" \/>\n<meta name=\"robots\" content=\"index, follow, max-snippet:-1, max-image-preview:large, max-video-preview:-1\" \/>\n<link rel=\"canonical\" href=\"https:\/\/iwell-guard.com\/sk\/marena\/\" \/>\n<meta property=\"og:locale\" content=\"sk_SK\" \/>\n<meta property=\"og:type\" content=\"article\" \/>\n<meta property=\"og:title\" content=\"Marena\" \/>\n<meta property=\"og:description\" content=\"Marena, slovansk\u00e1 bohy\u0148a zimy a smrti. Ritu\u00e1l topenia symbolu na priv\u00edtanie jari, jej spa\u013eovanie v r\u00e1mci zvyku Maslenica a pr\u00edbuznos\u0165 s Moranou.\" \/>\n<meta property=\"og:url\" content=\"https:\/\/iwell-guard.com\/sk\/marena\/\" \/>\n<meta property=\"og:site_name\" content=\"iWell Guard\" \/>\n<meta property=\"article:modified_time\" content=\"2026-09-04T22:43:00+00:00\" \/>\n<meta property=\"og:image\" content=\"https:\/\/iwell-guard.com\/wp-content\/uploads\/2026\/04\/goetter_slawisch_marena.webp\" \/>\n\t<meta property=\"og:image:width\" content=\"1024\" \/>\n\t<meta property=\"og:image:height\" content=\"1536\" \/>\n\t<meta property=\"og:image:type\" content=\"image\/webp\" \/>\n<meta name=\"twitter:card\" content=\"summary_large_image\" \/>\n<script type=\"application\/ld+json\" class=\"yoast-schema-graph\">{\"@context\":\"https:\\\/\\\/schema.org\",\"@graph\":[{\"@type\":\"WebPage\",\"@id\":\"https:\\\/\\\/iwell-guard.com\\\/sk\\\/marena\\\/\",\"url\":\"https:\\\/\\\/iwell-guard.com\\\/sk\\\/marena\\\/\",\"name\":\"Marena - stelesnenie tmav\u00e9ho ro\u010dn\u00e9ho obdobia a smrti\",\"isPartOf\":{\"@id\":\"https:\\\/\\\/iwell-guard.com\\\/sk\\\/#website\"},\"primaryImageOfPage\":{\"@id\":\"https:\\\/\\\/iwell-guard.com\\\/sk\\\/marena\\\/#primaryimage\"},\"image\":{\"@id\":\"https:\\\/\\\/iwell-guard.com\\\/sk\\\/marena\\\/#primaryimage\"},\"thumbnailUrl\":\"https:\\\/\\\/iwell-guard.com\\\/wp-content\\\/uploads\\\/2026\\\/04\\\/goetter_slawisch_marena.webp\",\"datePublished\":\"2026-09-04T22:17:51+00:00\",\"dateModified\":\"2026-09-04T22:43:00+00:00\",\"description\":\"Marena, slovansk\u00e1 bohy\u0148a zimy a smrti. Ritu\u00e1l topenia symbolu na priv\u00edtanie jari, jej spa\u013eovanie v r\u00e1mci zvyku Maslenica a pr\u00edbuznos\u0165 s Moranou.\",\"breadcrumb\":{\"@id\":\"https:\\\/\\\/iwell-guard.com\\\/sk\\\/marena\\\/#breadcrumb\"},\"inLanguage\":\"sk-SK\",\"potentialAction\":[{\"@type\":\"ReadAction\",\"target\":[\"https:\\\/\\\/iwell-guard.com\\\/sk\\\/marena\\\/\"]}]},{\"@type\":\"ImageObject\",\"inLanguage\":\"sk-SK\",\"@id\":\"https:\\\/\\\/iwell-guard.com\\\/sk\\\/marena\\\/#primaryimage\",\"url\":\"https:\\\/\\\/iwell-guard.com\\\/wp-content\\\/uploads\\\/2026\\\/04\\\/goetter_slawisch_marena.webp\",\"contentUrl\":\"https:\\\/\\\/iwell-guard.com\\\/wp-content\\\/uploads\\\/2026\\\/04\\\/goetter_slawisch_marena.webp\",\"width\":1024,\"height\":1536,\"caption\":\"Bohovia zo slovanskej trad\u00edcie.\"},{\"@type\":\"BreadcrumbList\",\"@id\":\"https:\\\/\\\/iwell-guard.com\\\/sk\\\/marena\\\/#breadcrumb\",\"itemListElement\":[{\"@type\":\"ListItem\",\"position\":1,\"name\":\"Start\",\"item\":\"https:\\\/\\\/iwell-guard.com\\\/sk\\\/?page_id=157572\"},{\"@type\":\"ListItem\",\"position\":2,\"name\":\"Marena\"}]},{\"@type\":\"WebSite\",\"@id\":\"https:\\\/\\\/iwell-guard.com\\\/sk\\\/#website\",\"url\":\"https:\\\/\\\/iwell-guard.com\\\/sk\\\/\",\"name\":\"iWell Guard\",\"description\":\"Schutz vor dunklen Einfl\u00fcssen\",\"publisher\":{\"@id\":\"https:\\\/\\\/iwell-guard.com\\\/sk\\\/#organization\"},\"potentialAction\":[{\"@type\":\"SearchAction\",\"target\":{\"@type\":\"EntryPoint\",\"urlTemplate\":\"https:\\\/\\\/iwell-guard.com\\\/sk\\\/?s={search_term_string}\"},\"query-input\":{\"@type\":\"PropertyValueSpecification\",\"valueRequired\":true,\"valueName\":\"search_term_string\"}}],\"inLanguage\":\"sk-SK\"},{\"@type\":\"Organization\",\"@id\":\"https:\\\/\\\/iwell-guard.com\\\/sk\\\/#organization\",\"name\":\"Ittermann electronic GmbH\",\"url\":\"https:\\\/\\\/iwell-guard.com\\\/sk\\\/\",\"logo\":{\"@type\":\"ImageObject\",\"inLanguage\":\"sk-SK\",\"@id\":\"https:\\\/\\\/iwell-guard.com\\\/sk\\\/#\\\/schema\\\/logo\\\/image\\\/\",\"url\":\"https:\\\/\\\/iwell-guard.com\\\/wp-content\\\/uploads\\\/2026\\\/05\\\/Ittermann-Logo-1182x237-1.png\",\"contentUrl\":\"https:\\\/\\\/iwell-guard.com\\\/wp-content\\\/uploads\\\/2026\\\/05\\\/Ittermann-Logo-1182x237-1.png\",\"width\":1182,\"height\":237,\"caption\":\"Ittermann electronic GmbH\"},\"image\":{\"@id\":\"https:\\\/\\\/iwell-guard.com\\\/sk\\\/#\\\/schema\\\/logo\\\/image\\\/\"},\"sameAs\":[\"https:\\\/\\\/pantip.com\\\/profile\\\/9367242\",\"https:\\\/\\\/micro.blog\\\/iwellguard\",\"https:\\\/\\\/www.diggerslist.com\\\/iwellguard\\\/about\",\"https:\\\/\\\/skitterphoto.com\\\/photographers\\\/2870314\\\/iwell-guard\",\"https:\\\/\\\/iwellguard.wordpress.com\\\/2026\\\/06\\\/06\\\/iwell-guard\\\/\",\"https:\\\/\\\/hub.docker.com\\\/u\\\/iwellguard\",\"https:\\\/\\\/www.pinterest.com\\\/iwellguard\\\/\",\"https:\\\/\\\/bit.ly\\\/m\\\/iwellguard\",\"https:\\\/\\\/entre-vos-mains.alsace.eu\\\/profiles\\\/iwellguard\\\/activity\",\"https:\\\/\\\/gravatar.com\\\/reallybeded8fd34\",\"https:\\\/\\\/naijamatta.com\\\/iwellguard\",\"https:\\\/\\\/www.goodreads.com\\\/iwellguard\",\"https:\\\/\\\/profile.hatena.ne.jp\\\/iwellguard\\\/\",\"https:\\\/\\\/experiment.com\\\/users\\\/iwellguard\",\"https:\\\/\\\/wakelet.com\\\/@iWellGuard82270\",\"https:\\\/\\\/www.chordie.com\\\/forum\\\/profile.php?id=2555664\",\"https:\\\/\\\/www.instapaper.com\\\/p\\\/17757966\",\"https:\\\/\\\/www.mapleprimes.com\\\/users\\\/iwellguard\",\"https:\\\/\\\/businesslistingplus.com\\\/profile\\\/iwell-guard\\\/\",\"https:\\\/\\\/telegra.ph\\\/iWell-Guard-06-06\",\"https:\\\/\\\/pbase.com\\\/iwellguard\\\/iwellguard\",\"https:\\\/\\\/b.hatena.ne.jp\\\/iwellguard\\\/20260607#bookmark-4788405196491818882\",\"https:\\\/\\\/fliphtml5.com\\\/home\\\/iwellguard\",\"https:\\\/\\\/anyflip.com\\\/homepage\\\/cmiwl#About\",\"https:\\\/\\\/transfur.com\\\/Users\\\/iwellguard\",\"http:\\\/\\\/delphi.larsbo.org\\\/user\\\/iwellguard\",\"https:\\\/\\\/jobs.lajobsportal.org\\\/profiles\\\/8380803-iwell-guard\",\"https:\\\/\\\/md.chaosdorf.de\\\/s\\\/jfbe5SBdJD\",\"https:\\\/\\\/www.lingvolive.com\\\/en-us\\\/profile\\\/9ecaeaca-ce11-4e51-9e71-01d55e2bff36\\\/translations\",\"https:\\\/\\\/www.fitday.com\\\/fitness\\\/forums\\\/members\\\/iwellguard.html\",\"https:\\\/\\\/www.mymeetbook.com\\\/iwellguard\",\"https:\\\/\\\/pxhere.com\\\/en\\\/photographer-me\\\/5040798\",\"https:\\\/\\\/disqus.com\\\/by\\\/iwellguard\\\/about\\\/\",\"https:\\\/\\\/pastelink.net\\\/hjwciqwq\",\"https:\\\/\\\/pubhtml5.com\\\/homepage\\\/scjhn\\\/\",\"https:\\\/\\\/www.bitchute.com\\\/channel\\\/2O2eOKzNqujT\",\"https:\\\/\\\/audiomack.com\\\/iwellguard\"]},{\"@type\":\"Article\",\"@id\":\"https:\\\/\\\/iwell-guard.com\\\/sk\\\/marena\\\/#article\",\"isPartOf\":{\"@id\":\"https:\\\/\\\/iwell-guard.com\\\/sk\\\/marena\\\/\"},\"author\":{\"name\":\"Ralf Ittermann\",\"@id\":\"https:\\\/\\\/iwell-guard.com\\\/sk\\\/#\\\/schema\\\/person\\\/ee2a27f1cac3406c7c6fb5820cb7349f\"},\"headline\":\"Marena\",\"datePublished\":\"2026-09-04T22:17:51+00:00\",\"dateModified\":\"2026-09-04T22:43:00+00:00\",\"mainEntityOfPage\":{\"@id\":\"https:\\\/\\\/iwell-guard.com\\\/sk\\\/marena\\\/\"},\"publisher\":{\"@id\":\"https:\\\/\\\/iwell-guard.com\\\/sk\\\/#organization\"},\"image\":{\"@id\":\"https:\\\/\\\/iwell-guard.com\\\/sk\\\/marena\\\/#primaryimage\"},\"thumbnailUrl\":\"https:\\\/\\\/iwell-guard.com\\\/wp-content\\\/uploads\\\/2026\\\/04\\\/goetter_slawisch_marena.webp\",\"inLanguage\":\"sk-SK\",\"description\":\"Marena, slovansk\u00e1 bohy\u0148a zimy a smrti. Ritu\u00e1l topenia symbolu na priv\u00edtanie jari, jej spa\u013eovanie v r\u00e1mci zvyku Maslenica a pr\u00edbuznos\u0165 s Moranou.\"}]}<\/script>\n<!-- \/ Yoast SEO Premium plugin. -->","yoast_head_json":{"title":"Marena - stelesnenie tmav\u00e9ho ro\u010dn\u00e9ho obdobia a smrti","description":"Marena, slovansk\u00e1 bohy\u0148a zimy a smrti. Ritu\u00e1l topenia symbolu na priv\u00edtanie jari, jej spa\u013eovanie v r\u00e1mci zvyku Maslenica a pr\u00edbuznos\u0165 s Moranou.","robots":{"index":"index","follow":"follow","max-snippet":"max-snippet:-1","max-image-preview":"max-image-preview:large","max-video-preview":"max-video-preview:-1"},"canonical":"https:\/\/iwell-guard.com\/sk\/marena\/","og_locale":"sk_SK","og_type":"article","og_title":"Marena","og_description":"Marena, slovansk\u00e1 bohy\u0148a zimy a smrti. Ritu\u00e1l topenia symbolu na priv\u00edtanie jari, jej spa\u013eovanie v r\u00e1mci zvyku Maslenica a pr\u00edbuznos\u0165 s Moranou.","og_url":"https:\/\/iwell-guard.com\/sk\/marena\/","og_site_name":"iWell Guard","article_modified_time":"2026-09-04T22:43:00+00:00","og_image":[{"width":1024,"height":1536,"url":"https:\/\/iwell-guard.com\/wp-content\/uploads\/2026\/04\/goetter_slawisch_marena.webp","type":"image\/webp"}],"twitter_card":"summary_large_image","schema":{"@context":"https:\/\/schema.org","@graph":[{"@type":"Article","@id":"https:\/\/iwell-guard.com\/sk\/marena\/#article","isPartOf":{"@id":"https:\/\/iwell-guard.com\/sk\/marena\/"},"author":{"name":"Ralf Ittermann","@id":"https:\/\/iwell-guard.com\/sk\/#\/schema\/person\/ee2a27f1cac3406c7c6fb5820cb7349f"},"headline":"Marena","datePublished":"2026-09-04T22:17:51+00:00","dateModified":"2026-09-04T22:43:00+00:00","mainEntityOfPage":{"@id":"https:\/\/iwell-guard.com\/sk\/marena\/"},"publisher":{"@id":"https:\/\/iwell-guard.com\/sk\/#organization"},"image":{"@id":"https:\/\/iwell-guard.com\/sk\/marena\/#primaryimage"},"thumbnailUrl":"https:\/\/iwell-guard.com\/wp-content\/uploads\/2026\/04\/goetter_slawisch_marena.webp","inLanguage":"sk-SK","description":"Marena, slovansk\u00e1 bohy\u0148a zimy a smrti. Ritu\u00e1l topenia symbolu na priv\u00edtanie jari, jej spa\u013eovanie v r\u00e1mci zvyku Maslenica a pr\u00edbuznos\u0165 s Moranou."},{"@type":"WebPage","@id":"https:\/\/iwell-guard.com\/sk\/marena\/","url":"https:\/\/iwell-guard.com\/sk\/marena\/","name":"Marena - stelesnenie tmav\u00e9ho ro\u010dn\u00e9ho obdobia a smrti","isPartOf":{"@id":"https:\/\/iwell-guard.com\/sk\/#website"},"primaryImageOfPage":{"@id":"https:\/\/iwell-guard.com\/sk\/marena\/#primaryimage"},"image":{"@id":"https:\/\/iwell-guard.com\/sk\/marena\/#primaryimage"},"thumbnailUrl":"https:\/\/iwell-guard.com\/wp-content\/uploads\/2026\/04\/goetter_slawisch_marena.webp","datePublished":"2026-09-04T22:17:51+00:00","dateModified":"2026-09-04T22:43:00+00:00","description":"Marena, slovansk\u00e1 bohy\u0148a zimy a smrti. Ritu\u00e1l topenia symbolu na priv\u00edtanie jari, jej spa\u013eovanie v r\u00e1mci zvyku Maslenica a pr\u00edbuznos\u0165 s Moranou.","breadcrumb":{"@id":"https:\/\/iwell-guard.com\/sk\/marena\/#breadcrumb"},"inLanguage":"sk-SK","potentialAction":[{"@type":"ReadAction","target":["https:\/\/iwell-guard.com\/sk\/marena\/"]}]},{"@type":"ImageObject","inLanguage":"sk-SK","@id":"https:\/\/iwell-guard.com\/sk\/marena\/#primaryimage","url":"https:\/\/iwell-guard.com\/wp-content\/uploads\/2026\/04\/goetter_slawisch_marena.webp","contentUrl":"https:\/\/iwell-guard.com\/wp-content\/uploads\/2026\/04\/goetter_slawisch_marena.webp","width":1024,"height":1536,"caption":"Bohovia zo slovanskej trad\u00edcie."},{"@type":"BreadcrumbList","@id":"https:\/\/iwell-guard.com\/sk\/marena\/#breadcrumb","itemListElement":[{"@type":"ListItem","position":1,"name":"Start","item":"https:\/\/iwell-guard.com\/sk\/?page_id=157572"},{"@type":"ListItem","position":2,"name":"Marena"}]},{"@type":"WebSite","@id":"https:\/\/iwell-guard.com\/sk\/#website","url":"https:\/\/iwell-guard.com\/sk\/","name":"iWell Guard","description":"Schutz vor dunklen Einfl\u00fcssen","publisher":{"@id":"https:\/\/iwell-guard.com\/sk\/#organization"},"potentialAction":[{"@type":"SearchAction","target":{"@type":"EntryPoint","urlTemplate":"https:\/\/iwell-guard.com\/sk\/?s={search_term_string}"},"query-input":{"@type":"PropertyValueSpecification","valueRequired":true,"valueName":"search_term_string"}}],"inLanguage":"sk-SK"},{"@type":"Organization","@id":"https:\/\/iwell-guard.com\/sk\/#organization","name":"Ittermann electronic GmbH","url":"https:\/\/iwell-guard.com\/sk\/","logo":{"@type":"ImageObject","inLanguage":"sk-SK","@id":"https:\/\/iwell-guard.com\/sk\/#\/schema\/logo\/image\/","url":"https:\/\/iwell-guard.com\/wp-content\/uploads\/2026\/05\/Ittermann-Logo-1182x237-1.png","contentUrl":"https:\/\/iwell-guard.com\/wp-content\/uploads\/2026\/05\/Ittermann-Logo-1182x237-1.png","width":1182,"height":237,"caption":"Ittermann electronic GmbH"},"image":{"@id":"https:\/\/iwell-guard.com\/sk\/#\/schema\/logo\/image\/"},"sameAs":["https:\/\/pantip.com\/profile\/9367242","https:\/\/micro.blog\/iwellguard","https:\/\/www.diggerslist.com\/iwellguard\/about","https:\/\/skitterphoto.com\/photographers\/2870314\/iwell-guard","https:\/\/iwellguard.wordpress.com\/2026\/06\/06\/iwell-guard\/","https:\/\/hub.docker.com\/u\/iwellguard","https:\/\/www.pinterest.com\/iwellguard\/","https:\/\/bit.ly\/m\/iwellguard","https:\/\/entre-vos-mains.alsace.eu\/profiles\/iwellguard\/activity","https:\/\/gravatar.com\/reallybeded8fd34","https:\/\/naijamatta.com\/iwellguard","https:\/\/www.goodreads.com\/iwellguard","https:\/\/profile.hatena.ne.jp\/iwellguard\/","https:\/\/experiment.com\/users\/iwellguard","https:\/\/wakelet.com\/@iWellGuard82270","https:\/\/www.chordie.com\/forum\/profile.php?id=2555664","https:\/\/www.instapaper.com\/p\/17757966","https:\/\/www.mapleprimes.com\/users\/iwellguard","https:\/\/businesslistingplus.com\/profile\/iwell-guard\/","https:\/\/telegra.ph\/iWell-Guard-06-06","https:\/\/pbase.com\/iwellguard\/iwellguard","https:\/\/b.hatena.ne.jp\/iwellguard\/20260607#bookmark-4788405196491818882","https:\/\/fliphtml5.com\/home\/iwellguard","https:\/\/anyflip.com\/homepage\/cmiwl#About","https:\/\/transfur.com\/Users\/iwellguard","http:\/\/delphi.larsbo.org\/user\/iwellguard","https:\/\/jobs.lajobsportal.org\/profiles\/8380803-iwell-guard","https:\/\/md.chaosdorf.de\/s\/jfbe5SBdJD","https:\/\/www.lingvolive.com\/en-us\/profile\/9ecaeaca-ce11-4e51-9e71-01d55e2bff36\/translations","https:\/\/www.fitday.com\/fitness\/forums\/members\/iwellguard.html","https:\/\/www.mymeetbook.com\/iwellguard","https:\/\/pxhere.com\/en\/photographer-me\/5040798","https:\/\/disqus.com\/by\/iwellguard\/about\/","https:\/\/pastelink.net\/hjwciqwq","https:\/\/pubhtml5.com\/homepage\/scjhn\/","https:\/\/www.bitchute.com\/channel\/2O2eOKzNqujT","https:\/\/audiomack.com\/iwellguard"]},{"@type":"Person","@id":"https:\/\/iwell-guard.com\/sk\/#\/schema\/person\/ee2a27f1cac3406c7c6fb5820cb7349f","name":"Ralf Ittermann","image":{"@type":"ImageObject","inLanguage":"sk-SK","@id":"https:\/\/secure.gravatar.com\/avatar\/073c0153e350a5005b68eb752b445fea71f6b24a26da9449ad7e155e6b446c9d?s=96&d=mm&r=g","url":"https:\/\/secure.gravatar.com\/avatar\/073c0153e350a5005b68eb752b445fea71f6b24a26da9449ad7e155e6b446c9d?s=96&d=mm&r=g","contentUrl":"https:\/\/secure.gravatar.com\/avatar\/073c0153e350a5005b68eb752b445fea71f6b24a26da9449ad7e155e6b446c9d?s=96&d=mm&r=g","caption":"Ralf Ittermann"},"givenName":"Ralf","familyName":"Ittermann","jobTitle":"Gesch\u00e4ftsf\u00fchrer und redaktioneller Verantwortlicher","url":"https:\/\/iwell-guard.com\/sk\/author\/claude\/","description":"Ralf Ittermann ist Gesch\u00e4ftsf\u00fchrer der Ittermann electronic GmbH und redaktioneller Verantwortlicher des iWell-Guard-Lexikons. Er verbindet langj\u00e4hrige Erfahrung in der Pr\u00e4zisionsfertigung mit medialer Praxis und religionsgeschichtlicher Quellenarbeit.","worksFor":{"@type":"Organization","name":"Ittermann electronic GmbH","url":"https:\/\/ittermann.de\/","address":{"@type":"PostalAddress","streetAddress":"K\u00f6hlergasse 16-18","postalCode":"99842","addressLocality":"Ruhla","addressCountry":"DE"}},"knowsAbout":["Religionsgeschichte","Mythologie","Mediale Praxis","Energetische Diagnostik","Schutzpraxis","Volksglauben","Westliche Esoterik"]},{"@type":"Article","@id":"https:\/\/iwell-guard.com\/sk\/marena\/#article","isPartOf":{"@id":"https:\/\/iwell-guard.com\/sk\/marena\/"},"author":{"name":"Ralf Ittermann","@id":"https:\/\/iwell-guard.com\/sk\/#\/schema\/person\/ee2a27f1cac3406c7c6fb5820cb7349f"},"headline":"Marena","datePublished":"2026-09-04T22:17:51+00:00","dateModified":"2026-09-04T22:43:00+00:00","mainEntityOfPage":{"@id":"https:\/\/iwell-guard.com\/sk\/marena\/"},"publisher":{"@id":"https:\/\/iwell-guard.com\/sk\/#organization"},"image":{"@id":"https:\/\/iwell-guard.com\/sk\/marena\/#primaryimage"},"thumbnailUrl":"https:\/\/iwell-guard.com\/wp-content\/uploads\/2026\/04\/goetter_slawisch_marena.webp","inLanguage":"sk-SK","description":"Marena, slovansk\u00e1 bohy\u0148a zimy a smrti. Ritu\u00e1l topenia symbolu na priv\u00edtanie jari, jej spa\u013eovanie v r\u00e1mci zvyku Maslenica a pr\u00edbuznos\u0165 s Moranou."}]}},"_links":{"self":[{"href":"https:\/\/iwell-guard.com\/sk\/wp-json\/wp\/v2\/pages\/157811","targetHints":{"allow":["GET"]}}],"collection":[{"href":"https:\/\/iwell-guard.com\/sk\/wp-json\/wp\/v2\/pages"}],"about":[{"href":"https:\/\/iwell-guard.com\/sk\/wp-json\/wp\/v2\/types\/page"}],"author":[{"embeddable":true,"href":"https:\/\/iwell-guard.com\/sk\/wp-json\/wp\/v2\/users\/3"}],"replies":[{"embeddable":true,"href":"https:\/\/iwell-guard.com\/sk\/wp-json\/wp\/v2\/comments?post=157811"}],"version-history":[{"count":0,"href":"https:\/\/iwell-guard.com\/sk\/wp-json\/wp\/v2\/pages\/157811\/revisions"}],"wp:featuredmedia":[{"embeddable":true,"href":"https:\/\/iwell-guard.com\/sk\/wp-json\/wp\/v2\/media\/1649"}],"wp:attachment":[{"href":"https:\/\/iwell-guard.com\/sk\/wp-json\/wp\/v2\/media?parent=157811"}],"wp:term":[{"taxonomy":"category","embeddable":true,"href":"https:\/\/iwell-guard.com\/sk\/wp-json\/wp\/v2\/categories?post=157811"}],"curies":[{"name":"wp","href":"https:\/\/api.w.org\/{rel}","templated":true}]}}