{"id":157809,"date":"2026-09-04T22:17:50","date_gmt":"2026-09-04T22:17:50","guid":{"rendered":"https:\/\/iwell-guard.com\/?page_id=157809"},"modified":"2026-09-04T22:42:59","modified_gmt":"2026-09-04T22:42:59","slug":"frigg","status":"publish","type":"page","link":"https:\/\/iwell-guard.com\/sk\/frigg\/","title":{"rendered":"Frigg"},"content":{"rendered":"\t\t<div data-elementor-type=\"wp-page\" data-elementor-id=\"157809\" class=\"elementor elementor-157809 elementor-2098 elementor-bc-flex-widget\" data-elementor-post-type=\"page\">\n\t\t\t\t<div class=\"elementor-element elementor-element-10fdade e-flex e-con-boxed e-con e-parent\" data-id=\"10fdade\" data-element_type=\"container\" data-e-type=\"container\" data-settings=\"{&quot;background_background&quot;:&quot;classic&quot;}\">\n\t\t\t\t\t<div class=\"e-con-inner\">\n\t\t<div class=\"elementor-element elementor-element-herohlft0 e-flex e-con-boxed e-con e-child\" data-id=\"herohlft0\" data-element_type=\"container\" data-e-type=\"container\">\n\t\t\t\t\t<div class=\"e-con-inner\">\n\t\t<div class=\"elementor-element elementor-element-c3ceb64 e-con-full e-flex e-con e-child\" data-id=\"c3ceb64\" data-element_type=\"container\" data-e-type=\"container\">\n\t\t\t\t<div class=\"elementor-element elementor-element-96ae5e1 elementor-widget elementor-widget-heading\" data-id=\"96ae5e1\" data-element_type=\"widget\" data-e-type=\"widget\" data-widget_type=\"heading.default\">\n\t\t\t\t\t<h1 class=\"elementor-heading-title elementor-size-default\">Frigg, bohy\u0148a germ\u00e1nskej trad\u00edcie<\/h1>\t\t\t\t<\/div>\n\t\t\t\t<div class=\"elementor-element elementor-element-e45238a elementor-widget elementor-widget-text-editor\" data-id=\"e45238a\" data-element_type=\"widget\" data-e-type=\"widget\" data-widget_type=\"text-editor.default\">\n\t\t\t\t\t\t\t\t\t<p>Vrchn\u00e1 bohy\u0148a germ\u00e1nskej <span class=\"iwg-fachbegriff\" data-tooltip=\"S\u00fabor tradovan\u00fdch rozpr\u00e1van\u00ed o bohoch v danej kult\u00fare.\" tabindex=\"0\">mytol\u00f3gie<\/span>, man\u017eelka Odina, matka Baldera. Frigg je v seversk\u00fdch prame\u0148och pokladan\u00e1 za najvy\u0161\u0161iu bohy\u0148u rodiny \u00c1sov a vl\u00e1dky\u0148u Fensalir. Stoj\u00ed za man\u017eelstvom, materstvom a usporiadan\u00fdm dom\u00e1cim hospod\u00e1rstvom a z\u00e1rove\u0148 m\u00e1 dar vidie\u0165 osud, o ktorom v\u0161ak nehovor\u00ed.<\/p>\t\t\t\t\t\t\t\t<\/div>\n\t\t\t\t<\/div>\n\t\t<div class=\"elementor-element elementor-element-klsbdg01 e-con-full e-flex e-con e-parent\" data-id=\"klsbdg01\" data-element_type=\"container\" data-e-type=\"container\">\n\t\t\t\t<div class=\"elementor-element elementor-element-klshtm01 elementor-widget elementor-widget-html\" data-id=\"klshtm01\" data-element_type=\"widget\" data-e-type=\"widget\" data-widget_type=\"html.default\">\n\t\t\t\t\t<div class=\"iwg-pill-row\"><span class=\"iwg-klasse-badge\" tabindex=\"0\" data-tooltip=\"Boh \/ bohy\u0148a: Personifikovan\u00e1 najvy\u0161\u0161ia moc v pante\u00f3ne danej kult\u00fary, s presne ur\u010den\u00fdmi p\u00f4sobnos\u0165ami, pr\u00edrodn\u00e9 sily, osud, vojna, plodnos\u0165. Uctievan\u00e1 prostredn\u00edctvom kultov, obet\u00ed a chr\u00e1mov\u00fdch in\u0161tit\u00faci\u00ed.\">Bohy\u0148a<\/span><a href=\"https:\/\/iwell-guard.com\/sk\/?page_id=157606\" class=\"iwg-kultur-badge\" tabindex=\"0\" data-tooltip=\"Predkres\u0165ansk\u00fd svet bohov a duchov severnej a strednej Eur\u00f3py.\">Germ\u00e1nska<\/a><a href=\"https:\/\/iwell-guard.com\/sk\/?page_id=157700\" class=\"iwg-tradition-badge\" tabindex=\"0\" data-tooltip=\"Ochrann\u00e9 bo\u017estv\u00e1, str\u00e1\u017ecovia domu, mesta, p\u00f4rodov, ciest alebo \u017eivotn\u00fdch obdob\u00ed.\">Ochrann\u00e9 bo\u017estvo<\/a><\/div>\t\t\t\t<\/div>\n\t\t\t\t<\/div>\n\t\t<div class=\"elementor-element elementor-element-3f74855 e-con-full e-flex e-con e-child\" data-id=\"3f74855\" data-element_type=\"container\" data-e-type=\"container\">\n\t\t\t\t<div class=\"elementor-element elementor-element-1c30362 elementor-toc--minimized-on-tablet elementor-widget elementor-widget-table-of-contents\" data-id=\"1c30362\" data-element_type=\"widget\" data-e-type=\"widget\" data-settings=\"{&quot;exclude_headings_by_selector&quot;:[],&quot;no_headings_message&quot;:&quot;Na tejto str\\u00e1nke sa nena\\u0161li \\u017eiadne nadpisy.&quot;,&quot;headings_by_tags&quot;:[&quot;h2&quot;,&quot;h3&quot;],&quot;marker_view&quot;:&quot;bullets&quot;,&quot;minimize_box&quot;:&quot;yes&quot;,&quot;icon&quot;:{&quot;value&quot;:&quot;fas fa-circle&quot;,&quot;library&quot;:&quot;fa-solid&quot;,&quot;rendered_tag&quot;:&quot;&lt;svg class=\\&quot;e-font-icon-svg e-fas-circle\\&quot; viewBox=\\&quot;0 0 512 512\\&quot; xmlns=\\&quot;http:\\\/\\\/www.w3.org\\\/2000\\\/svg\\&quot;&gt;&lt;path d=\\&quot;M256 8C119 8 8 119 8 256s111 248 248 248 248-111 248-248S393 8 256 8z\\&quot;&gt;&lt;\\\/path&gt;&lt;\\\/svg&gt;&quot;},&quot;minimized_on&quot;:&quot;tablet&quot;,&quot;hierarchical_view&quot;:&quot;yes&quot;,&quot;min_height&quot;:{&quot;unit&quot;:&quot;px&quot;,&quot;size&quot;:&quot;&quot;,&quot;sizes&quot;:[]},&quot;min_height_tablet&quot;:{&quot;unit&quot;:&quot;px&quot;,&quot;size&quot;:&quot;&quot;,&quot;sizes&quot;:[]},&quot;min_height_mobile&quot;:{&quot;unit&quot;:&quot;px&quot;,&quot;size&quot;:&quot;&quot;,&quot;sizes&quot;:[]}}\" data-widget_type=\"table-of-contents.default\">\n\t\t\t\t\t\t\t\t\t<div class=\"elementor-toc__header\">\n\t\t\t\t\t\t<h2 class=\"elementor-toc__header-title\">\n\t\t\t\tObsah\t\t\t<\/h2>\n\t\t\t\t\t\t\t\t\t\t<div class=\"elementor-toc__toggle-button elementor-toc__toggle-button--expand\" role=\"button\" tabindex=\"0\" aria-controls=\"elementor-toc__1c30362\" aria-expanded=\"true\" aria-label=\"Open table of contents\"><svg aria-hidden=\"true\" class=\"e-font-icon-svg e-fas-chevron-down\" viewBox=\"0 0 448 512\" xmlns=\"http:\/\/www.w3.org\/2000\/svg\"><path d=\"M207.029 381.476L12.686 187.132c-9.373-9.373-9.373-24.569 0-33.941l22.667-22.667c9.357-9.357 24.522-9.375 33.901-.04L224 284.505l154.745-154.021c9.379-9.335 24.544-9.317 33.901.04l22.667 22.667c9.373 9.373 9.373 24.569 0 33.941L240.971 381.476c-9.373 9.372-24.569 9.372-33.942 0z\"><\/path><\/svg><\/div>\n\t\t\t\t<div class=\"elementor-toc__toggle-button elementor-toc__toggle-button--collapse\" role=\"button\" tabindex=\"0\" aria-controls=\"elementor-toc__1c30362\" aria-expanded=\"true\" aria-label=\"Close table of contents\"><svg aria-hidden=\"true\" class=\"e-font-icon-svg e-fas-chevron-up\" viewBox=\"0 0 448 512\" xmlns=\"http:\/\/www.w3.org\/2000\/svg\"><path d=\"M240.971 130.524l194.343 194.343c9.373 9.373 9.373 24.569 0 33.941l-22.667 22.667c-9.357 9.357-24.522 9.375-33.901.04L224 227.495 69.255 381.516c-9.379 9.335-24.544 9.317-33.901-.04l-22.667-22.667c-9.373-9.373-9.373-24.569 0-33.941L207.03 130.525c9.372-9.373 24.568-9.373 33.941-.001z\"><\/path><\/svg><\/div>\n\t\t\t\t\t<\/div>\n\t\t\t\t<div id=\"elementor-toc__1c30362\" class=\"elementor-toc__body\">\n\t\t\t<div class=\"elementor-toc__spinner-container\">\n\t\t\t\t<svg class=\"elementor-toc__spinner eicon-animation-spin e-font-icon-svg e-eicon-loading\" aria-hidden=\"true\" viewBox=\"0 0 1000 1000\" xmlns=\"http:\/\/www.w3.org\/2000\/svg\"><path d=\"M500 975V858C696 858 858 696 858 500S696 142 500 142 142 304 142 500H25C25 237 238 25 500 25S975 237 975 500 763 975 500 975Z\"><\/path><\/svg>\t\t\t<\/div>\n\t\t<\/div>\n\t\t\t\t\t\t<\/div>\n\t\t\t\t<\/div>\n\t\t\t\t\t<\/div>\n\t\t\t\t<\/div>\n\t\t<div class=\"elementor-element elementor-element-herorght0 e-con-full e-flex e-con e-child\" data-id=\"herorght0\" data-element_type=\"container\" data-e-type=\"container\">\n\t\t\t\t<div class=\"elementor-element elementor-element-heroimg00 iwg-hero-image elementor-widget elementor-widget-image\" data-id=\"heroimg00\" data-element_type=\"widget\" data-e-type=\"widget\" data-widget_type=\"image.default\">\n\t\t\t\t\t\t\t\t\t\t\t\t\t\t\t<img fetchpriority=\"high\" decoding=\"async\" width=\"683\" height=\"1024\" src=\"https:\/\/iwell-guard.com\/wp-content\/uploads\/2026\/04\/goetter_germanisch_frigg-683x1024.webp\" class=\"attachment-large size-large wp-image-160120\" alt=\"Frigg \u2013 bohovia z germ\u00e1nskej trad\u00edcie, historicko-ilustra\u010dn\u00e9\" srcset=\"https:\/\/iwell-guard.com\/wp-content\/uploads\/2026\/04\/goetter_germanisch_frigg-683x1024.webp 683w, https:\/\/iwell-guard.com\/wp-content\/uploads\/2026\/04\/goetter_germanisch_frigg-200x300.webp 200w, https:\/\/iwell-guard.com\/wp-content\/uploads\/2026\/04\/goetter_germanisch_frigg-768x1152.webp 768w, https:\/\/iwell-guard.com\/wp-content\/uploads\/2026\/04\/goetter_germanisch_frigg.webp 1024w\" sizes=\"(max-width: 683px) 100vw, 683px\" \/>\t\t\t\t\t\t\t\t\t\t\t\t\t\t\t<\/div>\n\t\t\t\t<\/div>\n\t\t\t\t\t<\/div>\n\t\t\t\t<\/div>\n\t\t<div class=\"elementor-element elementor-element-32917199 e-flex e-con-boxed e-con e-parent\" data-id=\"32917199\" data-element_type=\"container\" data-e-type=\"container\">\n\t\t\t\t\t<div class=\"e-con-inner\">\n\t\t<div class=\"elementor-element elementor-element-26e916cb e-flex e-con-boxed e-con e-child\" data-id=\"26e916cb\" data-element_type=\"container\" data-e-type=\"container\">\n\t\t\t\t\t<div class=\"e-con-inner\">\n\t\t<div class=\"elementor-element elementor-element-253a40d4 e-flex e-con-boxed e-con e-child\" data-id=\"253a40d4\" data-element_type=\"container\" data-e-type=\"container\">\n\t\t\t\t\t<div class=\"e-con-inner\">\n\t\t\t\t<div class=\"elementor-element elementor-element-1200c304 elementor-widget elementor-widget-heading\" data-id=\"1200c304\" data-element_type=\"widget\" data-e-type=\"widget\" data-widget_type=\"heading.default\">\n\t\t\t\t\t<h2 class=\"elementor-heading-title elementor-size-default\">Frigg<\/h2>\t\t\t\t<\/div>\n\t\t\t\t\t<\/div>\n\t\t\t\t<\/div>\n\t\t<div class=\"elementor-element elementor-element-159dcf9a e-flex e-con-boxed e-con e-child\" data-id=\"159dcf9a\" data-element_type=\"container\" data-e-type=\"container\">\n\t\t\t\t\t<div class=\"e-con-inner\">\n\t\t\t\t<div class=\"elementor-element elementor-element-48cee66f elementor-widget elementor-widget-heading\" data-id=\"48cee66f\" data-element_type=\"widget\" data-e-type=\"widget\" data-widget_type=\"heading.default\">\n\t\t\t\t\t<h3 class=\"elementor-heading-title elementor-size-default\">V skratke: Frigg<\/h3>\t\t\t\t<\/div>\n\t\t\t\t<div class=\"elementor-element elementor-element-3f50d82c elementor-widget elementor-widget-text-editor\" data-id=\"3f50d82c\" data-element_type=\"widget\" data-e-type=\"widget\" data-widget_type=\"text-editor.default\">\n\t\t\t\t\t\t\t\t\t<p><strong>Typ:<\/strong> Germ\u00e1nska hlavn\u00e1 bohy\u0148a, \u00c1synja, man\u017eelka Odina, bohy\u0148a-matka<br><span class=\"iwg-fachbegriff\" data-tooltip=\"S\u00fabor bohov n\u00e1bo\u017eenstva alebo kult\u00fary.\" tabindex=\"0\">Pante\u00f3n<\/span>: Germ\u00e1nsky \/ seversk\u00fd (rod \u00c1sov)<br>Funkcia: materstvo, ochrana domu, m\u00fadros\u0165 (ml\u010danliv\u00e9 vedenie), predv\u00eddanie bud\u00facnosti (v\u0161eved\u00faca, bez toho, aby o tom hovorila)<br>Hlavn\u00e9 atrib\u00faty: kolovrat, zv\u00e4zok k\u013e\u00fa\u010dov (ochrana domu), sokol\u00ed perov\u00fd pl\u00e1\u0161\u0165, dvorn\u00fd odev<br>Hlavn\u00e9 kultov\u00e9 miesta: neexistuj\u00fa vlastn\u00e9 dokumentovan\u00e9 <span class=\"iwg-fachbegriff\" data-tooltip=\"Stavba sl\u00fa\u017eiaca na uctievanie jedn\u00e9ho alebo viacer\u00fdch bo\u017estiev.\" tabindex=\"0\">chr\u00e1my<\/span>, v Sasku a Dolnom Sasku roz\u0161\u00edren\u00e1 <span class=\"iwg-fachbegriff\" data-tooltip=\"Poch\u00e1dzaj\u00face z \u010dias pred \u0161\u00edren\u00edm kres\u0165anstva.\" tabindex=\"0\">predkres\u0165ansk\u00e1<\/span> \u00facta<br>R\u00edmska identifik\u00e1cia: Venu\u0161a (v trad\u00edcii dn\u00ed t\u00fd\u017ed\u0148a: piatok = de\u0148 Frigg, paralelne k Veneris dies)<\/p>\t\t\t\t\t\t\t\t<\/div>\n\t\t\t\t\t<\/div>\n\t\t\t\t<\/div>\n\t\t\t\t\t<\/div>\n\t\t\t\t<\/div>\n\t\t\t\t\t<\/div>\n\t\t\t\t<\/div>\n\t\t<div class=\"elementor-element elementor-element-18613602 e-flex e-con-boxed e-con e-parent\" data-id=\"18613602\" data-element_type=\"container\" data-e-type=\"container\">\n\t\t\t\t\t<div class=\"e-con-inner\">\n\t\t\t\t<div class=\"elementor-element elementor-element-262b8a9f elementor-widget elementor-widget-heading\" data-id=\"262b8a9f\" data-element_type=\"widget\" data-e-type=\"widget\" data-widget_type=\"heading.default\">\n\t\t\t\t\t<h2 class=\"elementor-heading-title elementor-size-default\">Historick\u00e9 zaradenie<\/h2>\t\t\t\t<\/div>\n\t\t<div class=\"elementor-element elementor-element-46dcb7d e-con-full e-flex e-con e-child\" data-id=\"46dcb7d\" data-element_type=\"container\" data-e-type=\"container\">\n\t\t<div class=\"elementor-element elementor-element-61d3ab3 e-flex e-con-boxed e-con e-child\" data-id=\"61d3ab3\" data-element_type=\"container\" data-e-type=\"container\">\n\t\t\t\t\t<div class=\"e-con-inner\">\n\t\t\t\t<div class=\"elementor-element elementor-element-117c166 elementor-widget elementor-widget-heading\" data-id=\"117c166\" data-element_type=\"widget\" data-e-type=\"widget\" data-widget_type=\"heading.default\">\n\t\t\t\t\t<h3 class=\"elementor-heading-title elementor-size-default\">Zeitraum der Texte<\/h3>\t\t\t\t<\/div>\n\t\t\t\t<div class=\"elementor-element elementor-element-73997a0 elementor-widget elementor-widget-text-editor\" data-id=\"73997a0\" data-element_type=\"widget\" data-e-type=\"widget\" data-widget_type=\"text-editor.default\">\n\t\t\t\t\t\t\t\t\t<p>Frigg je centr\u00e1lnou postavou od najstar\u0161\u00edch germ\u00e1nskych prame\u0148ov (r\u00edmsky Tacitus, 1. stor. n. l., nesk\u00f4r Snorriho Sturlusona <em>Edda<\/em>, 13. stor.). Hlavn\u00fdm liter\u00e1rnym prame\u0148om je <em>Snorra-Edda<\/em> (1220) a <em>Pies\u0148ov\u00e1 Edda<\/em> (zozbieran\u00e1 v 13. stor., obsahuje star\u0161ie mytologick\u00e9 piesne).<\/p><p>V germ\u00e1nskom syst\u00e9me n\u00e1zvov dn\u00ed v t\u00fd\u017edni je <em>piatok<\/em> pomenovan\u00fd po Frigg (germ\u00e1nsky <em>Frij\u0101dagaz<\/em>, paralelne k latinsk\u00e9mu <em>dies Veneris<\/em>). Christianiz\u00e1cia \u0160kandin\u00e1vie (10.\u201312. stor.) preru\u0161ila <span class=\"iwg-fachbegriff\" data-tooltip=\"S\u00fahrn n\u00e1bo\u017eensk\u00fdch \u00factov\u00fdch \u00fakonov vo\u010di bo\u017estvu alebo posv\u00e4tnej postave.\" tabindex=\"0\">kult<\/span>, no ten sa zachoval v n\u00e1zve d\u0148a v t\u00fd\u017edni, v \u013eudov\u00fdch zvykoch a v liter\u00e1rnej trad\u00edcii. V 19.\/20. storo\u010d\u00ed do\u0161lo k germ\u00e1nsko-romantick\u00e9mu a novopohansk\u00e9mu (\u00e1satr\u00fa) obrodeniu.\t\t\t\t\t\t\t\t<\/div>\n\t\t\t\t\t<\/div>\n\t\t\t\t<\/div>\n\t\t<div class=\"elementor-element elementor-element-d47b156 e-flex e-con-boxed e-con e-child\" data-id=\"d47b156\" data-element_type=\"container\" data-e-type=\"container\">\n\t\t\t\t\t<div class=\"e-con-inner\">\n\t\t\t\t<div class=\"elementor-element elementor-element-ff38c2b elementor-widget elementor-widget-heading\" data-id=\"ff38c2b\" data-element_type=\"widget\" data-e-type=\"widget\" data-widget_type=\"heading.default\">\n\t\t\t\t\t<h3 class=\"elementor-heading-title elementor-size-default\">Verbreitungsraum<\/h3>\t\t\t\t<\/div>\n\t\t\t\t<div class=\"elementor-element elementor-element-4e49fcc elementor-widget elementor-widget-text-editor\" data-id=\"4e49fcc\" data-element_type=\"widget\" data-e-type=\"widget\" data-widget_type=\"text-editor.default\">\n\t\t\t\t\t\t\t\t\t<p>Priame Friggine <span class=\"iwg-fachbegriff\" data-tooltip=\"Stavba sl\u00fa\u017eiaca na uctievanie jedn\u00e9ho alebo viacer\u00fdch bo\u017estiev.\" tabindex=\"0\">chr\u00e1my<\/span> nie s\u00fa jednozna\u010dne dokumentovan\u00e9. Star\u00e9 germ\u00e1nske uctievanie bolo v podstate dom\u00e1cim kultom a <span class=\"iwg-fachbegriff\" data-tooltip=\"N\u00e1bo\u017eensk\u00e9 predstavy a zvyky roz\u0161\u00edren\u00e9 v ka\u017edodennom \u017eivote.\" tabindex=\"0\">\u013eudovou vierou<\/span>. Tacitus spom\u00edna \u010diernolesn\u00fd <span class=\"iwg-fachbegriff\" data-tooltip=\"Sv\u00e4t\u00fd porast stromov, ktor\u00fd sl\u00fa\u017eil ako kultov\u00e9 miesto.\" tabindex=\"0\">h\u00e1j<\/span> ako sv\u00e4t\u00e9 miesto.<\/p><p>V skandin\u00e1vskom stredoveku s\u00fa zmienky o nej dominantne liter\u00e1rne (Edda, skaldsk\u00e1 po\u00e9zia). V modernej trad\u00edcii <em>\u00c1satr\u00fa<\/em> (germ\u00e1nsko-pohansk\u00e9 n\u00e1bo\u017eenstvo od 70. rokov 20. storo\u010dia) je znovu akt\u00edvne uctievan\u00e1; v Nemecku, USA a Skandin\u00e1vii dnes existuj\u00fa asatr\u00faovsk\u00e9 zhroma\u017edenia bl\u00f3t.<\/p>\t\t\t\t\t\t\t\t<\/div>\n\t\t\t\t\t<\/div>\n\t\t\t\t<\/div>\n\t\t\t\t<\/div>\n\t\t<div class=\"elementor-element elementor-element-db03c39 e-con-full e-flex e-con e-child\" data-id=\"db03c39\" data-element_type=\"container\" data-e-type=\"container\">\n\t\t<div class=\"elementor-element elementor-element-229a87b e-flex e-con-boxed e-con e-child\" data-id=\"229a87b\" data-element_type=\"container\" data-e-type=\"container\">\n\t\t\t\t\t<div class=\"e-con-inner\">\n\t\t\t\t<div class=\"elementor-element elementor-element-1f471fc elementor-widget elementor-widget-heading\" data-id=\"1f471fc\" data-element_type=\"widget\" data-e-type=\"widget\" data-widget_type=\"heading.default\">\n\t\t\t\t\t<h3 class=\"elementor-heading-title elementor-size-default\">Quellenlage<\/h3>\t\t\t\t<\/div>\n\t\t\t\t<div class=\"elementor-element elementor-element-36b1201 elementor-widget elementor-widget-text-editor\" data-id=\"36b1201\" data-element_type=\"widget\" data-e-type=\"widget\" data-widget_type=\"text-editor.default\">\n\t\t\t\t\t\t\t\t\t<p>Hlavn\u00e9 pramene: <span class=\"iwg-fachbegriff\" tabindex=\"0\" data-tooltip=\"Islandsk\u00fd u\u010denec (1179\u20131241); autor Prozaickej Eddy a Heimskringly.\">Snorri Sturluson<\/span>, <em>Snorrova Edda<\/em> (Gylfaginning, Sk\u00e1ldskaparm\u00e1l); <em>Pies\u0148ov\u00e1 Edda<\/em> (Vafthr\u00fadnism\u00e1l, Lokasenna s Friggovou obhajobnou re\u010dou); Saxo Grammaticus, <em>Gesta Danorum<\/em> (12. stor., euhemerizovan\u00e9 germ\u00e1nske m\u00fdty); Tacitus, <em>Germania<\/em> (1. stor.).<\/p><p>Sekund\u00e1rna literat\u00fara: Simek, <em>Lexikon der germanischen <span class=\"iwg-fachbegriff\" data-tooltip=\"S\u00fabor tradovan\u00fdch rozpr\u00e1van\u00ed o bohoch v danej kult\u00fare.\" tabindex=\"0\">Mythologie<\/span><\/em>; de Vries, <em>Altgermanische Religionsgeschichte<\/em>; Lindow, <em>Norse Mythology. A Guide to the Gods, Heroes, Rituals, and Beliefs<\/em>; Davidson, <em>Roles of the Northern Goddess<\/em>.<\/p>\t\t\t\t\t\t\t\t<\/div>\n\t\t\t\t\t<\/div>\n\t\t\t\t<\/div>\n\t\t\t\t<\/div>\n\t\t\t\t\t<\/div>\n\t\t\t\t<\/div>\n\t\t<div class=\"elementor-element elementor-element-3ae0637c e-flex e-con-boxed e-con e-parent\" data-id=\"3ae0637c\" data-element_type=\"container\" data-e-type=\"container\">\n\t\t\t\t\t<div class=\"e-con-inner\">\n\t\t\t\t<div class=\"elementor-element elementor-element-31d07739 elementor-widget elementor-widget-heading\" data-id=\"31d07739\" data-element_type=\"widget\" data-e-type=\"widget\" data-widget_type=\"heading.default\">\n\t\t\t\t\t<h2 class=\"elementor-heading-title elementor-size-default\">Meno<\/h2>\t\t\t\t<\/div>\n\t\t<div class=\"elementor-element elementor-element-b7642947 e-con-full e-flex e-con e-child\" data-id=\"b7642947\" data-element_type=\"container\" data-e-type=\"container\">\n\t\t\t\t<div class=\"elementor-element elementor-element-a086266 elementor-widget elementor-widget-text-editor\" data-id=\"a086266\" data-element_type=\"widget\" data-e-type=\"widget\" data-widget_type=\"text-editor.default\">\n\t\t\t\t\t\t\t\t\t<p>Frigg je zobrazovan\u00e1 ako zrel\u00e1, d\u00f4stojn\u00e1 \u017eena, \u010dasto s kolovratom alebo zv\u00e4zkom k\u013e\u00fa\u010dov, oboje symbolizuj\u00face moc nad dom\u00e1cnos\u0165ou vo vikingskej dobe na severe. Jej sokol\u00ed pl\u00e1\u0161\u0165 d\u00e1va jej, a pr\u00edle\u017eitostne aj bohom, ktor\u00ed si ho vypo\u017ei\u010daj\u00fa, ako napr\u00edklad Loki, schopnos\u0165 lieta\u0165.<\/p><p>Dvan\u00e1s\u0165 \u00c1syniek, podriaden\u00fdch boh\u00fd\u0148, sa poklad\u00e1 za jej sluky. Jej farby s\u00fa biela, striebrn\u00e1 a bledomodr\u00e1; jej zviera je sokol.<\/p>\t\t\t\t\t\t\t\t<\/div>\n\t\t\t\t<\/div>\n\t\t\t\t\t<\/div>\n\t\t\t\t<\/div>\n\t\t<div class=\"elementor-element elementor-element-709a44a8 e-flex e-con-boxed e-con e-parent\" data-id=\"709a44a8\" data-element_type=\"container\" data-e-type=\"container\">\n\t\t\t\t\t<div class=\"e-con-inner\">\n\t\t\t\t<div class=\"elementor-element elementor-element-2f585873 elementor-widget elementor-widget-heading\" data-id=\"2f585873\" data-element_type=\"widget\" data-e-type=\"widget\" data-widget_type=\"heading.default\">\n\t\t\t\t\t<h2 class=\"elementor-heading-title elementor-size-default\">Popis<\/h2>\t\t\t\t<\/div>\n\t\t<div class=\"elementor-element elementor-element-70621c12 e-con-full e-flex e-con e-child\" data-id=\"70621c12\" data-element_type=\"container\" data-e-type=\"container\">\n\t\t\t\t<div class=\"elementor-element elementor-element-4296eb49 elementor-widget elementor-widget-text-editor\" data-id=\"4296eb49\" data-element_type=\"widget\" data-e-type=\"widget\" data-widget_type=\"text-editor.default\">\n\t\t\t\t\t\t\t\t\t<p>Frigg zaru\u010duje poriadok v dom\u00e1cnosti a v pr\u00edbuzenstve. Pozn\u00e1 osud v\u0161etk\u00fdch bytost\u00ed, ale ml\u010d\u00ed o \u0148om. Tento dar z nej rob\u00ed tragick\u00fa matku: vie o smrti svojho syna Baldera, ale nem\u00f4\u017ee jej zabr\u00e1ni\u0165.<\/p><p>V <span class=\"iwg-fachbegriff\" data-tooltip=\"Tradovan\u00e9 rozpr\u00e1vanie o bohoch, p\u00f4vode a poriadku svet.\" tabindex=\"0\">m\u00fdte<\/span> o Balderovej smrti sa sna\u017e\u00ed zaviaza\u0165 pr\u00edsahou v\u0161etky veci vesm\u00edru, aby nikdy neubl\u00ed\u017eili jej synovi, no pritom prehliadne mlad\u00fa imelov\u00fa ratoles\u0165, ktorou ho nesk\u00f4r Loki zabije.<\/p>\t\t\t\t\t\t\t\t<\/div>\n\t\t\t\t<\/div>\n\t\t\t\t\t<\/div>\n\t\t\t\t<\/div>\n\t\t<div class=\"elementor-element elementor-element-44e71476 e-flex e-con-boxed e-con e-parent\" data-id=\"44e71476\" data-element_type=\"container\" data-e-type=\"container\">\n\t\t\t\t\t<div class=\"e-con-inner\">\n\t\t\t\t<div class=\"elementor-element elementor-element-3c1fc3f0 elementor-widget elementor-widget-heading\" data-id=\"3c1fc3f0\" data-element_type=\"widget\" data-e-type=\"widget\" data-widget_type=\"heading.default\">\n\t\t\t\t\t<h2 class=\"elementor-heading-title elementor-size-default\">Profil: Frigg<\/h2>\t\t\t\t<\/div>\n\t\t<div class=\"elementor-element elementor-element-84f33b8e e-con-full e-flex e-con e-child\" data-id=\"84f33b8e\" data-element_type=\"container\" data-e-type=\"container\">\n\t\t\t\t<div class=\"elementor-element elementor-element-hqkdc67p elementor-widget elementor-widget-text-editor\" data-id=\"hqkdc67p\" data-element_type=\"widget\" data-e-type=\"widget\" data-widget_type=\"text-editor.default\">\n\t\t\t\t\t\t\t\t\t<p>Najd\u00f4le\u017eitej\u0161ie aspekty Frigg na jeden poh\u013ead. Nasleduj\u00face polia zh\u0155\u0148aj\u00fa p\u00f4vod, funkciu, zobrazenie, uctievanie, symboly a kult\u00farne paralely.<\/p>\t\t\t\t\t\t\t\t<\/div>\n\t\t\t\t<\/div>\n\t\t<div class=\"elementor-element elementor-element-pemmx7c5 e-con-full e-flex e-con e-child\" data-id=\"pemmx7c5\" data-element_type=\"container\" data-e-type=\"container\">\n\t\t<div class=\"elementor-element elementor-element-pemmx7c1 e-con-full e-flex e-con e-child\" data-id=\"pemmx7c1\" data-element_type=\"container\" data-e-type=\"container\">\n\t\t<div class=\"elementor-element elementor-element-qh9oavvu iwg-steckbrief-card e-flex e-con-boxed e-con e-child\" data-id=\"qh9oavvu\" data-element_type=\"container\" data-e-type=\"container\">\n\t\t\t\t\t<div class=\"e-con-inner\">\n\t\t\t\t<div class=\"elementor-element elementor-element-awzx8k2k elementor-widget elementor-widget-heading\" data-id=\"awzx8k2k\" data-element_type=\"widget\" data-e-type=\"widget\" data-widget_type=\"heading.default\">\n\t\t\t\t\t<h3 class=\"elementor-heading-title elementor-size-default\">Trad\u00edcia<\/h3>\t\t\t\t<\/div>\n\t\t\t\t<div class=\"elementor-element elementor-element-x6rowhv0 elementor-widget elementor-widget-text-editor\" data-id=\"x6rowhv0\" data-element_type=\"widget\" data-e-type=\"widget\" data-widget_type=\"text-editor.default\">\n\t\t\t\t\t\t\t\t\t<p>Frigg je man\u017eelkou Odina (germ. Wodan) a matkou svetl\u00e9ho boha <em>Baldura<\/em>. Dc\u00e9ra Fjorgyn (pod\u013ea jednej trad\u00edcie; geneal\u00f3gia nie je jasn\u00e1). Ved\u00faca postava <em>\u00c1syniek<\/em> (\u00c1synjur).<\/p><p>Jej hlavn\u00fdm m\u00fdtom je predv\u00eddanie a m\u00e1rny pokus zachr\u00e1ni\u0165 svojho syna Baldura pred smr\u0165ou: nech\u00e1va v\u0161etky veci na svete zlo\u017ei\u0165 pr\u00edsahu, \u017ee mu neubl\u00ed\u017eia, no prehliadne imelo, ktor\u00e9 nesk\u00f4r Loki pou\u017eije na Baldurovo zabitie.<\/p>\t\t\t\t\t\t\t\t<\/div>\n\t\t\t\t\t<\/div>\n\t\t\t\t<\/div>\n\t\t<div class=\"elementor-element elementor-element-8e3o4kxs iwg-steckbrief-card e-flex e-con-boxed e-con e-child\" data-id=\"8e3o4kxs\" data-element_type=\"container\" data-e-type=\"container\">\n\t\t\t\t\t<div class=\"e-con-inner\">\n\t\t\t\t<div class=\"elementor-element elementor-element-08rkdgov elementor-widget elementor-widget-heading\" data-id=\"08rkdgov\" data-element_type=\"widget\" data-e-type=\"widget\" data-widget_type=\"heading.default\">\n\t\t\t\t\t<h3 class=\"elementor-heading-title elementor-size-default\">Predmet p\u00f4sobenia<\/h3>\t\t\t\t<\/div>\n\t\t\t\t<div class=\"elementor-element elementor-element-uwjelx8s elementor-widget elementor-widget-text-editor\" data-id=\"uwjelx8s\" data-element_type=\"widget\" data-e-type=\"widget\" data-widget_type=\"text-editor.default\">\n\t\t\t\t\t\t\t\t\t<p>Matka-bohy\u0148a, patr\u00f3nka man\u017eelstva a dom\u00e1cnosti. Str\u00e1\u017eky\u0148a k\u013e\u00fa\u010dov domu (<span class=\"iwg-fachbegriff\" data-tooltip=\"Znak, ktor\u00fd zastupuje predstavu alebo v\u00fdznam.\" tabindex=\"0\">symbol<\/span> panovania nad domom, v starogerm\u00e1nskej trad\u00edcii nosila hospod\u00e1rka zv\u00e4zok k\u013e\u00fa\u010dov na opasku).<\/p><p>V\u0161evediaca ve\u0161tecky\u0148a, ktor\u00e1 si v\u0161ak zachov\u00e1va ml\u010danie (na rozdiel od Odina, ktor\u00fd hovor\u00ed). V osobnom \u013eudovom kulte <span class=\"iwg-fachbegriff\" data-tooltip=\"Prosebn\u00e9 alebo vz\u00fdvaj\u00face oslovenie bo\u017estva alebo moci.\" tabindex=\"0\">vz\u00fdvanie<\/span> pri p\u00f4rodn\u00fdch bolestiach, pri uzavieran\u00ed man\u017eelstva, pri ochrane domu. V hnut\u00ed \u00c1satr\u00fa patr\u00f3nka \u017eenskej <span class=\"iwg-fachbegriff\" data-tooltip=\"Ritu\u00e1lny prechod, prostredn\u00edctvom ktor\u00e9ho je niekto prijat\u00fd do nov\u00e9ho postavenia alebo spolo\u010denstva.\" tabindex=\"0\">inici\u00e1cie<\/span> a rodinn\u00e9ho bl\u00f3tu.<\/p>\t\t\t\t\t\t\t\t<\/div>\n\t\t\t\t\t<\/div>\n\t\t\t\t<\/div>\n\t\t<div class=\"elementor-element elementor-element-jm2n74ec iwg-steckbrief-card e-flex e-con-boxed e-con e-child\" data-id=\"jm2n74ec\" data-element_type=\"container\" data-e-type=\"container\">\n\t\t\t\t\t<div class=\"e-con-inner\">\n\t\t\t\t<div class=\"elementor-element elementor-element-8vufse4c elementor-widget elementor-widget-heading\" data-id=\"8vufse4c\" data-element_type=\"widget\" data-e-type=\"widget\" data-widget_type=\"heading.default\">\n\t\t\t\t\t<h3 class=\"elementor-heading-title elementor-size-default\">Friggin v\u00fdzor<\/h3>\t\t\t\t<\/div>\n\t\t\t\t<div class=\"elementor-element elementor-element-mwb9u015 elementor-widget elementor-widget-text-editor\" data-id=\"mwb9u015\" data-element_type=\"widget\" data-e-type=\"widget\" data-widget_type=\"text-editor.default\">\n\t\t\t\t\t\t\t\t\t<p>Frigg nem\u00e1 pevne stanoven\u00fa ikonografick\u00fa podobu z \u010dias Vikingov (zobrazen\u00ed germ\u00e1nskych bo\u017estiev sa zachovalo ve\u013emi m\u00e1lo). V liter\u00e1rnej trad\u00edcii ide o matr\u00f3nsku \u017eensk\u00fa postavu s dlh\u00fdmi svetl\u00fdmi vlasmi, v honosnom dvornom odeve, so zv\u00e4zkom k\u013e\u00fa\u010dov na opasku, \u010dasto sediacu pri kolovr\u00e1tku (preto\u017ee spriada osud).<\/p><p>V \u013eudovej trad\u00edcii je sp\u00e1jan\u00e1 s hviezdokopou Orionov p\u00e1s (v severnom Nemecku <em>Friggerock<\/em>, Friggin kolovr\u00e1tok). V modernej ikonografii \u00c1satr\u00fa b\u00fdva zobrazovan\u00e1 ako vzne\u0161en\u00e1 matr\u00f3nska kr\u00e1\u013eovn\u00e1 s korunou a \u0161perkami.<\/p>\t\t\t\t\t\t\t\t<\/div>\n\t\t\t\t\t<\/div>\n\t\t\t\t<\/div>\n\t\t\t\t<\/div>\n\t\t<div class=\"elementor-element elementor-element-pemmx7c2 e-con-full e-flex e-con e-child\" data-id=\"pemmx7c2\" data-element_type=\"container\" data-e-type=\"container\">\n\t\t<div class=\"elementor-element elementor-element-37ss2yr6 iwg-steckbrief-card e-flex e-con-boxed e-con e-child\" data-id=\"37ss2yr6\" data-element_type=\"container\" data-e-type=\"container\">\n\t\t\t\t\t<div class=\"e-con-inner\">\n\t\t\t\t<div class=\"elementor-element elementor-element-3v0wp3wx elementor-widget elementor-widget-heading\" data-id=\"3v0wp3wx\" data-element_type=\"widget\" data-e-type=\"widget\" data-widget_type=\"heading.default\">\n\t\t\t\t\t<h3 class=\"elementor-heading-title elementor-size-default\">Friggino p\u00f4sobenie<\/h3>\t\t\t\t<\/div>\n\t\t\t\t<div class=\"elementor-element elementor-element-w3247g2m elementor-widget elementor-widget-text-editor\" data-id=\"w3247g2m\" data-element_type=\"widget\" data-e-type=\"widget\" data-widget_type=\"text-editor.default\">\n\t\t\t\t\t\t\t\t\t<p><strong>Oblas\u0165 p\u00f4sobenia:<\/strong> V starogerm\u00e1nskom dom\u00e1com kulte bola <span class=\"iwg-fachbegriff\" data-tooltip=\"Prosebn\u00e9 alebo vz\u00fdvaj\u00face oslovenie bo\u017estva alebo moci.\" tabindex=\"0\">vz\u00fdvan\u00e1<\/span> pri p\u00f4rodn\u00fdch z\u00e1le\u017eitostiach, pred uzavret\u00edm man\u017eelstva, pri ochrane domu. <em>Friggin kolovr\u00e1tok<\/em> (hvezdna kon\u0161tel\u00e1cia) bol v severonemeckej \u013eudovej trad\u00edcii sp\u00e1jan\u00fd s predpovedan\u00edm po\u010dasia a ochranou spriada\u010diek. V kres\u0165anstve bola prepodobnen\u00e1 na M\u00e1riu (M\u00e1ria-spriada\u010dka).<\/p><p>V modernej trad\u00edcii \u00c1satr\u00fa (akt\u00edvnej znova v Nemecku, Skandin\u00e1vii, USA a Ve\u013ekej Brit\u00e1nii od 70. rokov 20. storo\u010dia) je vz\u00fdvan\u00e1 pri \u017eensk\u00fdch inicia\u010dn\u00fdch bl\u00f3toch a rodinn\u00fdch sviatkoch. Nie je zdokumentovan\u00fd \u017eiadny centr\u00e1lny sviatok, ale tradi\u010dne sa za jej de\u0148 v t\u00fd\u017edni pova\u017euje <em>piatok<\/em> (Friggin de\u0148).<\/p>\t\t\t\t\t\t\t\t<\/div>\n\t\t\t\t\t<\/div>\n\t\t\t\t<\/div>\n\t\t<div class=\"elementor-element elementor-element-0qpjal9w iwg-steckbrief-card e-flex e-con-boxed e-con e-child\" data-id=\"0qpjal9w\" data-element_type=\"container\" data-e-type=\"container\">\n\t\t\t\t\t<div class=\"e-con-inner\">\n\t\t\t\t<div class=\"elementor-element elementor-element-6ndoih0o elementor-widget elementor-widget-heading\" data-id=\"6ndoih0o\" data-element_type=\"widget\" data-e-type=\"widget\" data-widget_type=\"heading.default\">\n\t\t\t\t\t<h3 class=\"elementor-heading-title elementor-size-default\">Ochrann\u00e9 prostriedky<\/h3>\t\t\t\t<\/div>\n\t\t\t\t<div class=\"elementor-element elementor-element-6684tyh9 elementor-widget elementor-widget-text-editor\" data-id=\"6684tyh9\" data-element_type=\"widget\" data-e-type=\"widget\" data-widget_type=\"text-editor.default\">\n\t\t\t\t\t\t\t\t\t<p>Zv\u00e4zok k\u013e\u00fa\u010dov (panovanie nad domom), kolovr\u00e1tok, pl\u00e1\u0161\u0165 z jastrab\u00edch pier (ktor\u00fd si od nej vypo\u017ei\u010diava Loki), honosn\u00fd dvorn\u00fd odev, koruna. Sv\u00e4t\u00e9 rastliny: imelo (k\u013e\u00fa\u010dov\u00e9 v <span class=\"iwg-fachbegriff\" data-tooltip=\"Tradovan\u00fd pr\u00edbeh o bohoch, p\u00f4vode a poriadku svet.\" tabindex=\"0\">m\u00fdte<\/span> o Baldurovi, paradoxne v s\u00favislosti s jej previnen\u00edm), kontakt\u00edk (\u013eudovo naz\u00fdvan\u00fd Friggina rastlina). Sv\u00e4t\u00e9 zvierat\u00e1: jastrab (prostredn\u00edctvom jej pierkov\u00e9ho pl\u00e1\u0161\u0165a), kuku\u010dka (v \u013eudovej trad\u00edcii), bocian (nos\u00ed deti, symbolika p\u00f4rodu). Sv\u00e4t\u00fd de\u0148 v t\u00fd\u017edni: piatok.<\/p>\t\t\t\t\t\t\t\t<\/div>\n\t\t\t\t\t<\/div>\n\t\t\t\t<\/div>\n\t\t<div class=\"elementor-element elementor-element-3lfi7x32 iwg-steckbrief-card e-flex e-con-boxed e-con e-child\" data-id=\"3lfi7x32\" data-element_type=\"container\" data-e-type=\"container\">\n\t\t\t\t\t<div class=\"e-con-inner\">\n\t\t\t\t<div class=\"elementor-element elementor-element-0kg99ga1 elementor-widget elementor-widget-heading\" data-id=\"0kg99ga1\" data-element_type=\"widget\" data-e-type=\"widget\" data-widget_type=\"heading.default\">\n\t\t\t\t\t<h3 class=\"elementor-heading-title elementor-size-default\">Pendants<\/h3>\t\t\t\t<\/div>\n\t\t\t\t<div class=\"elementor-element elementor-element-n0fum6kp elementor-widget elementor-widget-text-editor\" data-id=\"n0fum6kp\" data-element_type=\"widget\" data-e-type=\"widget\" data-widget_type=\"text-editor.default\">\n\t\t\t\t\t\t\t\t\t<p><em>Freyja<\/em> (germ\u00e1nska, v\u00e1nska bohy\u0148a l\u00e1sky; pod\u013ea niektor\u00fdch vedeck\u00fdch te\u00f3ri\u00ed toto\u017en\u00e1 alebo bl\u00edzko pr\u00edbuzn\u00e1 s Frigg, v trad\u00edcii Eddy s\u00fa v\u0161ak jasne odli\u0161n\u00e9), <em>Fricka<\/em> (starohornonemeck\u00e1, neskor\u0161ia varianta), <em>Hera<\/em> (Gr\u00e9cko, man\u017eelka Dia, patr\u00f3nka man\u017eelstva), <em>Iuno<\/em> (R\u00edm), <em>Inanna\/I\u0161tar<\/em> (Mezopot\u00e1mia, ale v\u00fdraznej\u0161ie erotick\u00e1). Nemeck\u00e9 jazykovo pr\u00edbuzn\u00e9 slov\u00e1: <em>Friede<\/em>, <em>Frigerich<\/em>. Funk\u010dne je paralelizovan\u00e1 s Herou\/Iuno ako \u201ematka-bohy\u0148a a patr\u00f3nka dom\u00e1cnosti\u201c.<\/p>\t\t\t\t\t\t\t\t<\/div>\n\t\t\t\t\t<\/div>\n\t\t\t\t<\/div>\n\t\t\t\t<\/div>\n\t\t\t\t<\/div>\n\t\t\t\t\t<\/div>\n\t\t\t\t<\/div>\n\t\t<div class=\"elementor-element elementor-element-5a584676 e-flex e-con-boxed e-con e-parent\" data-id=\"5a584676\" data-element_type=\"container\" data-e-type=\"container\">\n\t\t\t\t\t<div class=\"e-con-inner\">\n\t\t\t\t<div class=\"elementor-element elementor-element-6d0757bf elementor-widget elementor-widget-heading\" data-id=\"6d0757bf\" data-element_type=\"widget\" data-e-type=\"widget\" data-widget_type=\"heading.default\">\n\t\t\t\t\t<h2 class=\"elementor-heading-title elementor-size-default\">Frigg, paralely v in\u00fdch kult\u00farach<\/h2>\t\t\t\t<\/div>\n\t\t<div class=\"elementor-element elementor-element-60563f68 e-con-full e-flex e-con e-child\" data-id=\"60563f68\" data-element_type=\"container\" data-e-type=\"container\">\n\t\t\t\t<div class=\"elementor-element elementor-element-5a93fdd6 elementor-widget elementor-widget-text-editor\" data-id=\"5a93fdd6\" data-element_type=\"widget\" data-e-type=\"widget\" data-widget_type=\"text-editor.default\">\n\t\t\t\t\t\t\t\t\t<p>Funk\u010dne porovnate\u013en\u00e9 s\u00fa Iuno (R\u00edm) ako bohy\u0148a man\u017eelstva a mesta, Hera (Gr\u00e9cko) ako najvy\u0161\u0161ia bohy\u0148a a man\u017eelka hlavn\u00e9ho boha, a Frigga ako juhonemeck\u00e1 varianta. Etymologicky je pr\u00edbuzn\u00e1 s Freyou &#8211; obidve men\u00e1 poch\u00e1dzaj\u00fa z indoeur\u00f3pskeho *priH-jaH (milovan\u00e1). V anglosaskej trad\u00edcii sa objavuje ako Frige.<\/p>\n<p><strong>Indoeur\u00f3pske porovn\u00e1vacie bohyne:<\/strong> Frigg je v religionistickom v\u00fdskume ch\u00e1pan\u00e1 ako predstavite\u013eka indoeur\u00f3pskej vrstvy boh\u00fd\u0148, ktor\u00e1 sa tiahne cez r\u00f4zne kult\u00fary. \u0160truktur\u00e1lna podobnos\u0165 s Herou v gr\u00e9ckom n\u00e1bo\u017eenstve (ako man\u017eelka kr\u00e1\u013ea bohov, ochranky\u0148a man\u017eelstva a rodiny) poukazuje na spolo\u010dn\u00e9 indoeur\u00f3pske dedi\u010dstvo.<\/p><p>Podobne sa ukazuj\u00fa paralely s r\u00edmskou Iuno (latinizovane Juno), ktor\u00e1 st\u00e1la v kapitolskej tri\u00e1de ved\u013ea Jupitera a Minervy. Obidve bohyne zdie\u013eaj\u00fa s Frigg atrib\u00faty man\u017eelskej bohyne, plodnosti a dom\u00e1cej ochrany. V\u00e9dska Sarasvat\u00ed naopak sk\u00f4r predstavuje aspekty m\u00fadrosti a poznania, no aj v nej sa nach\u00e1dzaj\u00fa stopy funkcie matky-bohyne.<\/p><p><strong>Slovansko-baltsk\u00e9 paralely:<\/strong> V slovansk\u00fdch trad\u00edci\u00e1ch sa Moko\u0161 objavuje ako bohy\u0148a zeme a matky, sp\u00e1jan\u00e1 s plodnos\u0165ou, remeslami a \u017eensk\u00fdm osudom. Baltsk\u00e1 Laum\u0117 m\u00e1 podobn\u00e9 rysy ako bohy\u0148a osudu a ochranky\u0148a rodiny.<\/p><p>Obe vykazuj\u00fa \u0161truktur\u00e1lnu pr\u00edbuznos\u0165 s Frigg: p\u00f4sobia ako prostredn\u00ed\u010dky medzi svetom bohov a \u013eud\u00ed, tkaj\u00fa osud smrte\u013en\u00edkov a formuj\u00fa dom\u00e1ci a kultov\u00fd \u017eivot. Friggin aspekt tk\u00e1\u010dky a spriada\u010dky, ktor\u00e1 pozn\u00e1 osudy v\u0161etk\u00fdch, ale neodha\u013euje ich, priamo rezonuje s t\u00fdmito v\u00fdchodoeur\u00f3pskymi bohy\u0148ami.<\/p><p><strong>Keltsko-skandin\u00e1vske synkretizmy:<\/strong> \u00cdrska Brigit vykazuje podobnosti s Frigg vo svojej \u00falohe ochrankyne remesiel (najm\u00e4 kov\u00e1\u010dstva a tk\u00e1\u010dstva) a bohyne sv\u00e4t\u00fdch miest. Bojovn\u00e1 Macha zas s Frigg zdie\u013ea autoritu nad osudom bojovn\u00edkov a vl\u00e1dcov.<\/p><p>V severskom <span class=\"iwg-fachbegriff\" tabindex=\"0\" data-tooltip=\"Zl\u00fa\u010denie prvkov r\u00f4znych n\u00e1bo\u017eenstiev alebo kultov do zmie\u0161an\u00fdch foriem, napr\u00edklad v haitskom vodou.\">synkretizme<\/span>, najm\u00e4 tam, kde sa Vanovia (bohovia plodnosti a dom\u00e1cnosti ako Freya) prel\u00ednali s \u00c1smi (vl\u00e1dnucimi bohmi ako Odin a Frigg), vznikali hybridn\u00e9 formy, v ktor\u00fdch sa Frigginy vlastnosti (ochrana, tkanie, man\u017eelstvo) m\u00edsili s vlastnos\u0165ami Freye (l\u00e1ska, sexualita, bojov\u00e1 v\u00fdchova).<\/p><p>Tieto synkretistick\u00e9 procesy poukazuj\u00fa na spolo\u010dn\u00e9 indoeur\u00f3pske jadro, ktor\u00e9 sa v jednotliv\u00fdch kult\u00farach rozvinulo odli\u0161n\u00fdm sp\u00f4sobom.<\/p>\t\t\t\t\t\t\t\t<\/div>\n\t\t\t\t<\/div>\n\t\t\t\t\t<\/div>\n\t\t\t\t<\/div>\n\t\t<div class=\"elementor-element elementor-element-cp0bf895f e-flex e-con-boxed e-con e-parent\" data-id=\"cp0bf895f\" data-element_type=\"container\" data-e-type=\"container\">\n\t\t\t\t\t<div class=\"e-con-inner\">\n\t\t\t\t<div class=\"elementor-element elementor-element-cp56cc4ad elementor-widget elementor-widget-heading\" data-id=\"cp56cc4ad\" data-element_type=\"widget\" data-e-type=\"widget\" data-widget_type=\"heading.default\">\n\t\t\t\t\t<h2 class=\"elementor-heading-title elementor-size-default\">Frigg v Pies\u0148ovej Edde a Snorriho Edde<\/h2>\t\t\t\t<\/div>\n\t\t<div class=\"elementor-element elementor-element-cp29e9373 e-con-full e-flex e-con e-child\" data-id=\"cp29e9373\" data-element_type=\"container\" data-e-type=\"container\">\n\t\t\t\t<div class=\"elementor-element elementor-element-cp8315ca5 elementor-widget elementor-widget-text-editor\" data-id=\"cp8315ca5\" data-element_type=\"widget\" data-e-type=\"widget\" data-widget_type=\"text-editor.default\">\n\t\t\t\t\t\t\t\t\t<p>Najd\u00f4le\u017eitej\u0161ie svedectv\u00e1 o Frigg poch\u00e1dzaj\u00fa z dvoch stredovek\u00fdch zbierok zn\u00e1mych pod n\u00e1zvom <em>Edda<\/em>. Star\u0161ia z nich, Pies\u0148ov\u00e1 Edda, pon\u00faka p\u00f4sobiv\u00fd obraz najm\u00e4 v piesni <em>Lokasenna<\/em>: bohovia sa tam h\u00e1daj\u00fa a Loki obvi\u0148uje Frigg, \u017ee sa zapletala s in\u00fdmi mu\u017emi, zatia\u013e \u010do Odin bol pre\u010d.<\/p><p>Frigg odpoved\u00e1 zdr\u017eanlivo a Freyja ju obhajuje s t\u00fdm, \u017ee Frigg pozn\u00e1 osud v\u0161etk\u00fdch, hoci ho nevyslovuje. Toto miesto je k\u013e\u00fa\u010dov\u00e9, preto\u017ee Frigg pripisuje znalos\u0165 osudu, ktor\u00fa si nech\u00e1va pre seba.<\/p><p>Podrobnej\u0161ia je Snorra Edda, u\u010debnica b\u00e1snick\u00e9ho umenia, ktor\u00fa v trin\u00e1stom storo\u010d\u00ed nap\u00edsal Snorri Sturluson. Snorri naz\u00fdva Frigg najvzne\u0161enej\u0161ou z \u00c1syniek, man\u017eelkou Odina a matkou Baldra.<\/p><p>U neho sa nach\u00e1dza aj najpodrobnej\u0161\u00ed <span class=\"iwg-fachbegriff\" data-tooltip=\"Tradovan\u00fd pr\u00edbeh o bohoch, p\u00f4vode a usporiadan\u00ed svet.\" tabindex=\"0\">m\u00fdtus<\/span> o Frigg, predohra k Baldrovej smrti. Frigg d\u00e1 zlo\u017ei\u0165 s\u013eub od v\u0161etk\u00fdch vec\u00ed svet, \u017ee Baldrovi neubl\u00ed\u017eia, no prehliadne pri tom mlad\u00fa vetvi\u010dku imela, ktor\u00fa pova\u017euje za pr\u00edli\u0161 nev\u00fdznamn\u00fa. Presne t\u00fato medzeru vyu\u017eije Loki.<\/p><p>Snorri je cenn\u00fd, ale nie bezprobl\u00e9mov\u00fd pramen. P\u00edsal takmer dve storo\u010dia po christianiz\u00e1cii Islandu a tradovan\u00fd materi\u00e1l usporiadal do syst\u00e9mu, ktor\u00fd je \u010diasto\u010dne ovplyvnen\u00fd u\u010deneck\u00fdmi a kres\u0165ansk\u00fdmi predstavami.<\/p><p>Religionistick\u00fd v\u00fdskum preto \u010d\u00edta Snorriho ako spracovate\u013ea, nie ako priameho svedka pohansk\u00e9ho n\u00e1bo\u017eenstva. Jeho podanie v\u0161ak uchov\u00e1va jadr\u00e1 pr\u00edbehov, ktor\u00e9 sa \u010diasto\u010dne objavuj\u00fa aj v star\u0161\u00edch b\u00e1s\u0148ach, a preto sa pova\u017euj\u00fa za relat\u00edvne star\u00e9.<\/p>\t\t\t\t\t\t\t\t<\/div>\n\t\t\t\t<\/div>\n\t\t\t\t\t<\/div>\n\t\t\t\t<\/div>\n\t\t<div class=\"elementor-element elementor-element-cpc3f2470 e-flex e-con-boxed e-con e-parent\" data-id=\"cpc3f2470\" data-element_type=\"container\" data-e-type=\"container\">\n\t\t\t\t\t<div class=\"e-con-inner\">\n\t\t\t\t<div class=\"elementor-element elementor-element-cpab01758 elementor-widget elementor-widget-heading\" data-id=\"cpab01758\" data-element_type=\"widget\" data-e-type=\"widget\" data-widget_type=\"heading.default\">\n\t\t\t\t\t<h2 class=\"elementor-heading-title elementor-size-default\">M\u00fdtus o Baldrovi a Friggina m\u00e1rna predv\u00eddavos\u0165<\/h2>\t\t\t\t<\/div>\n\t\t<div class=\"elementor-element elementor-element-cpadb449b e-con-full e-flex e-con e-child\" data-id=\"cpadb449b\" data-element_type=\"container\" data-e-type=\"container\">\n\t\t\t\t<div class=\"elementor-element elementor-element-cp1c6dfe0 elementor-widget elementor-widget-text-editor\" data-id=\"cp1c6dfe0\" data-element_type=\"widget\" data-e-type=\"widget\" data-widget_type=\"text-editor.default\">\n\t\t\t\t\t\t\t\t\t<p>Najzn\u00e1mej\u0161\u00ed <span class=\"iwg-fachbegriff\" data-tooltip=\"Tradovan\u00fd pr\u00edbeh o bohoch, p\u00f4vode a usporiadan\u00ed svet.\" tabindex=\"0\">m\u00fdtus<\/span>, v ktorom Frigg zohr\u00e1va rozhoduj\u00facu \u00falohu, je smr\u0165 jej syna Baldra. Pr\u00edbeh sp\u00e1ja viacer\u00e9 t\u00e9my d\u00f4le\u017eit\u00e9 pre seversk\u00fd obraz bohov: nevyhnutnos\u0165 osudu, hranice moci bohov a ni\u010div\u00e9 p\u00f4sobenie Lokiho. Frigg stoj\u00ed v centre snahy odvr\u00e1ti\u0165 predv\u00eddan\u00e9 ne\u0161\u0165astie.<\/p><p>Ke\u010f Baldra su\u017euj\u00fa zl\u00e9 sny, Frigg prech\u00e1dza svetom a od v\u0161etk\u00fdch vec\u00ed, od oh\u0148a, vody, \u017eeleza, kame\u0148ov, zvierat i chor\u00f4b, si vy\u017eiada s\u013eub, \u017ee jej synovi ni\u010d neurobia.<\/p><p>Iba imelo ob\u00edde. Loki sa o tom dozvie, z vetvi\u010dky imela vytvor\u00ed strelu a prin\u00fati slep\u00e9ho H\u00f6dra, aby ju vrhol na Baldra. Baldr zomiera a Friggina d\u00f4kladn\u00e1 predv\u00eddavos\u0165 sa ukazuje ako nedostato\u010dn\u00e1.<\/p><p>V\u00fdskum tento <span class=\"iwg-fachbegriff\" data-tooltip=\"Tradovan\u00fd pr\u00edbeh o bohoch, p\u00f4vode a usporiadan\u00ed svet.\" tabindex=\"0\">m\u00fdtus<\/span> vyklad\u00e1 r\u00f4zne. Niektor\u00ed v \u0148om vidia star\u00fd pr\u00edbeh o umieraj\u00facom a nen\u00e1vratnom bohovi, in\u00ed zd\u00f4raz\u0148uj\u00fa liter\u00e1rny <span class=\"iwg-fachbegriff\" data-tooltip=\"Opakuj\u00faci sa obsahov\u00fd prvok v umen\u00ed alebo rozpr\u00e1van\u00ed.\" tabindex=\"0\">mot\u00edv<\/span> jedinej prehliadnutej mo\u017enosti, ktor\u00e1 zmar\u00ed cel\u00fd z\u00e1mer. D\u00f4le\u017eit\u00e1 je dvojit\u00e1 \u00faloha Frigg: je tou, \u010do pozn\u00e1 osud, a z\u00e1rove\u0148 tou, ktor\u00e1 ho nem\u00f4\u017ee odvr\u00e1ti\u0165.<\/p><p>Po Baldrovej smrti vy\u0161le posla do podsvetia a z\u00e1chrana takmer uspeje, no Loki op\u00e4\u0165 zabr\u00e1ni \u00faspechu. <span class=\"iwg-fachbegriff\" data-tooltip=\"Tradovan\u00fd pr\u00edbeh o bohoch, p\u00f4vode a usporiadan\u00ed svet.\" tabindex=\"0\">M\u00fdtus<\/span> ukazuje Frigg ako konaj\u00facu, predv\u00eddav\u00fa postavu, ktorej moc v\u0161ak nar\u00e1\u017ea na hranicu dan\u00e9ho osudu. \u010eal\u0161ie s\u00favislosti ved\u00fa k ostatn\u00fdm postav\u00e1m <a href=\"https:\/\/iwell-guard.com\/sk\/?page_id=157606\">germ\u00e1nskeho pante\u00f3nu<\/a>.<\/p>\t\t\t\t\t\t\t\t<\/div>\n\t\t\t\t<\/div>\n\t\t\t\t\t<\/div>\n\t\t\t\t<\/div>\n\t\t<div class=\"elementor-element elementor-element-cp7ba8148 e-flex e-con-boxed e-con e-parent\" data-id=\"cp7ba8148\" data-element_type=\"container\" data-e-type=\"container\">\n\t\t\t\t\t<div class=\"e-con-inner\">\n\t\t\t\t<div class=\"elementor-element elementor-element-cpeaa0648 elementor-widget elementor-widget-heading\" data-id=\"cpeaa0648\" data-element_type=\"widget\" data-e-type=\"widget\" data-widget_type=\"heading.default\">\n\t\t\t\t\t<h2 class=\"elementor-heading-title elementor-size-default\">Frigg, Freyja a probl\u00e9m dvojitej bohyne<\/h2>\t\t\t\t<\/div>\n\t\t<div class=\"elementor-element elementor-element-cpdbeb154 e-con-full e-flex e-con e-child\" data-id=\"cpdbeb154\" data-element_type=\"container\" data-e-type=\"container\">\n\t\t\t\t<div class=\"elementor-element elementor-element-cpda43d24 elementor-widget elementor-widget-text-editor\" data-id=\"cpda43d24\" data-element_type=\"widget\" data-e-type=\"widget\" data-widget_type=\"text-editor.default\">\n\t\t\t\t\t\t\t\t\t<p>Jednou z najstar\u0161\u00edch a najdiskutovanej\u0161\u00edch ot\u00e1zok seversk\u00fdch n\u00e1bo\u017eensk\u00fdch dej\u00edn je vz\u0165ah medzi Frigg a Freyjou. Obe bohyne vykazuj\u00fa n\u00e1padn\u00e9 podobnosti. Obidvom sa pripisuje perov\u00e9 r\u00facho, s ktor\u00fdm mo\u017eno letie\u0165.<\/p><p>Obe s\u00fa sp\u00e1jan\u00e9 s l\u00e1skou, man\u017eelstvom a plodnos\u0165ou. Ich men\u00e1 sa jazykovo daj\u00fa odvodi\u0165 z podobn\u00fdch korienkov, pri\u010dom <em>Frigg<\/em> sa sp\u00e1ja so slovom pre \u201el\u00e1sku\u201c a <em>Freyja<\/em> so slovom \u201epan\u00ed\u201c.<\/p><p>\u010cas\u0165 star\u0161ieho v\u00fdskumu, napr\u00edklad v okol\u00ed Jana de Vriesa, sa preto domnievala, \u017ee Frigg a Freyja boli p\u00f4vodne jedinou bohy\u0148ou, ktor\u00e1 sa v priebehu <span class=\"iwg-fachbegriff\" data-tooltip=\"Odovzd\u00e1vanie vedomost\u00ed a pr\u00edbehov cez gener\u00e1cie.\" tabindex=\"0\">tradovania<\/span> rozdelila do dvoch post\u00e1v.<\/p><p>In\u00ed b\u00e1datelia a b\u00e1date\u013eky, vr\u00e1tane nov\u0161\u00edch pr\u00e1c o vikingskom obdob\u00ed, naopak zd\u00f4raz\u0148uj\u00fa, \u017ee v prame\u0148och s\u00fa obe bohyne jasne odl\u00ed\u0161en\u00e9: Frigg patr\u00ed medzi \u00c1sov, Freyja medzi Vanov, maj\u00fa rozdielnych man\u017eelov a rozdielne \u0165a\u017eisk\u00e1 p\u00f4sobenia.<\/p><p>Frigg je silnej\u0161ie spojen\u00e1 s man\u017eelstvom, dom\u00e1cnos\u0165ou a materstvom, Freyja s t\u00fa\u017ebou, vojnou a vlastnou formou magie, <em>sei\u00f0r<\/em>.<\/p><p>Diskusia doteraz nie je uzavret\u00e1, preto\u017ee prame\u0148 neumo\u017e\u0148uj\u00fa jednozna\u010dn\u00fd z\u00e1ver. D\u00e1 sa kon\u0161tatova\u0165, \u017ee obe bohyne boli v tradovanom n\u00e1bo\u017eenstve vikingsk\u00e9ho obdob\u00ed uctievan\u00e9 ako oddelen\u00e9 postavy, ich podobnos\u0165 v\u0161ak m\u00f4\u017ee nazna\u010dova\u0165 spolo\u010dn\u00fd p\u00f4vod alebo vz\u00e1jomn\u00e9 ovplyv\u0148ovanie.<\/p><p>Pre pochopenie Frigg je toto vymedzenie d\u00f4le\u017eit\u00e9: nie je bohy\u0148ou l\u00e1sky v zmysle t\u00fa\u017eby, ale pa\u0148ou domu, man\u017eelstva a predv\u00eddavej starostlivosti. Porovnanie s <a href=\"https:\/\/iwell-guard.com\/sk\/?page_id=157606\">pr\u00edbuzn\u00fdmi \u017eensk\u00fdmi postavami<\/a> <span class=\"iwg-fachbegriff\" data-tooltip=\"Odovzd\u00e1vanie vedomost\u00ed a pr\u00edbehov cez gener\u00e1cie.\" tabindex=\"0\">tradovania<\/span> tento profil e\u0161te zostruje.<\/p>\t\t\t\t\t\t\t\t<\/div>\n\t\t\t\t<\/div>\n\t\t\t\t\t<\/div>\n\t\t\t\t<\/div>\n\t\t<div class=\"elementor-element elementor-element-cp967972e e-flex e-con-boxed e-con e-parent\" data-id=\"cp967972e\" data-element_type=\"container\" data-e-type=\"container\">\n\t\t\t\t\t<div class=\"e-con-inner\">\n\t\t\t\t<div class=\"elementor-element elementor-element-cp4b21c27 elementor-widget elementor-widget-heading\" data-id=\"cp4b21c27\" data-element_type=\"widget\" data-e-type=\"widget\" data-widget_type=\"heading.default\">\n\t\t\t\t\t<h2 class=\"elementor-heading-title elementor-size-default\">Stopy na kontinente, v miestnych n\u00e1zvoch a v n\u00e1zve d\u0148a v t\u00fd\u017edni<\/h2>\t\t\t\t<\/div>\n\t\t<div class=\"elementor-element elementor-element-cp7a1b465 e-con-full e-flex e-con e-child\" data-id=\"cp7a1b465\" data-element_type=\"container\" data-e-type=\"container\">\n\t\t\t\t<div class=\"elementor-element elementor-element-cp193b30a elementor-widget elementor-widget-text-editor\" data-id=\"cp193b30a\" data-element_type=\"widget\" data-e-type=\"widget\" data-widget_type=\"text-editor.default\">\n\t\t\t\t\t\t\t\t\t<p>Frigg nie je len postavou staron\u00f3rskej po\u00e9zie, ale zanechala stopy v celom germ\u00e1nskom jazykovom priestore. Najzrete\u013enej\u0161\u00edm d\u00f4kazom je n\u00e1zov d\u0148a v t\u00fd\u017edni, piatok. R\u00edmske pomenovanie dn\u00ed v t\u00fd\u017edni prira\u010fovalo d\u0148om planet\u00e1rnych bohov, a de\u0148 Venu\u0161e bol pri prevzat\u00ed do germ\u00e1nskych jazykov prip\u00edsan\u00fd vlastnej bohyni.<\/p><p>V angli\u010dtine <em>Friday<\/em>, v nem\u010dine <em>Freitag<\/em>, v seversk\u00fdch jazykoch podobne, sa skr\u00fdva toto stoto\u017enenie. Ktor\u00e1 bohy\u0148a bola presne mienen\u00e1, Frigg alebo Freyja, je pre u\u017e spom\u00ednan\u00fa pr\u00edbuznos\u0165 sporn\u00e9, v\u00e4\u010d\u0161ina jazykov\u00fdch historikov sa v\u0161ak prikl\u00e1\u0148a k Frigg, respekt\u00edve jej kontinent\u00e1lnej obdobe.<\/p><p>Na kontinente sa s Frigg pr\u00edbuzn\u00e1 bohy\u0148a objavuje v longobardskej <span class=\"iwg-fachbegriff\" data-tooltip=\"Odovzd\u00e1vanie vedomost\u00ed a rozpr\u00e1van\u00ed z gener\u00e1cie na gener\u00e1ciu.\" tabindex=\"0\">trad\u00edcii<\/span> pod menom <em>Frea<\/em>. Paulus Diaconus vo svojej <em>Historia Langobardorum<\/em> z \u00f4smeho storo\u010dia uv\u00e1dza rozpr\u00e1vanie, v ktorom Frea v\u010faka lsti pom\u00f4\u017ee svojmu man\u017eelovi Godanovi, teda Odinovi, k v\u00ed\u0165azstvu.<\/p><p>T\u00e1to epiz\u00f3da sa pova\u017euje za d\u00f4le\u017eit\u00fd d\u00f4kaz toho, \u017ee uctievanie postavy podobnej Frigg nebolo obmedzen\u00e9 na Skandin\u00e1viu, ale bolo zn\u00e1me u r\u00f4znych germ\u00e1nskych kme\u0148ov.<\/p><p>Miestne n\u00e1zvy odkazuj\u00face na Frigg s\u00fa vz\u00e1cnej\u0161ie a menej ist\u00e9 ne\u017e pri niektor\u00fdch in\u00fdch bo\u017estv\u00e1ch, \u010do b\u00e1danie \u010diasto\u010dne vysvet\u013euje dom\u00e1cim, menej verejno-kultov\u00fdm charakterom jej uctievania. Star\u00e9 pomenovanie hviezdneho zoskupenia, ktor\u00e9 dnes pozn\u00e1me ako Orionov p\u00e1s, sa v Skandin\u00e1vii miestami sp\u00e1jalo s Frigg, t\u00e1to <span class=\"iwg-fachbegriff\" data-tooltip=\"Odovzd\u00e1vanie vedomost\u00ed a rozpr\u00e1van\u00ed z gener\u00e1cie na gener\u00e1ciu.\" tabindex=\"0\">trad\u00edcia<\/span> je v\u0161ak neskor\u00e1 a nepresved\u010div\u00e1.<\/p><p>Celkovo p\u00e1tranie po stop\u00e1ch ukazuje, \u017ee Frigg bola postavou hlboko zakorenenou aj mimo islandsk\u00fdch textov, jej uctievanie sa v\u0161ak odohr\u00e1valo sk\u00f4r v dom\u00e1cej ne\u017e v monument\u00e1lnej sf\u00e9re, a preto zanechalo menej vidite\u013en\u00e9 archeologick\u00e9 stopy.<\/p>\t\t\t\t\t\t\t\t<\/div>\n\t\t\t\t<\/div>\n\t\t\t\t\t<\/div>\n\t\t\t\t<\/div>\n\t\t<div class=\"elementor-element elementor-element-36dd7469 e-flex e-con-boxed e-con e-parent\" data-id=\"36dd7469\" data-element_type=\"container\" data-e-type=\"container\">\n\t\t\t\t\t<div class=\"e-con-inner\">\n\t\t\t\t<div class=\"elementor-element elementor-element-13760ab4 elementor-widget elementor-widget-heading\" data-id=\"13760ab4\" data-element_type=\"widget\" data-e-type=\"widget\" data-widget_type=\"heading.default\">\n\t\t\t\t\t<h2 class=\"elementor-heading-title elementor-size-default\">S\u00favisiace odkazy<\/h2>\t\t\t\t<\/div>\n\t\t<div class=\"elementor-element elementor-element-28c87796 e-con-full e-flex e-con e-child\" data-id=\"28c87796\" data-element_type=\"container\" data-e-type=\"container\">\n\t\t\t\t<div class=\"elementor-element elementor-element-5d6538df elementor-widget elementor-widget-text-editor\" data-id=\"5d6538df\" data-element_type=\"widget\" data-e-type=\"widget\" data-widget_type=\"text-editor.default\">\n\t\t\t\t\t\t\t\t\t<ul><li><a href=\"https:\/\/iwell-guard.com\/sk\/?page_id=157707\">Odin, man\u017eel<\/a><\/li><li><a href=\"https:\/\/iwell-guard.com\/sk\/?page_id=157806\">Freyja, pr\u00edbuzn\u00e1 germ\u00e1nska bohy\u0148a<\/a><\/li><li><a href=\"https:\/\/iwell-guard.com\/sk\/?page_id=157754\">Loki, protagonista v m\u00fdte o Baldrovi<\/a><\/li><li><a href=\"https:\/\/iwell-guard.com\/sk\/?page_id=157606\">Germ\u00e1nska trad\u00edcia, preh\u013ead pante\u00f3nu<\/a><\/li><li><a href=\"https:\/\/iwell-guard.com\/sk\/?page_id=157699\">Vysok\u00ed bohovia, podkateg\u00f3ria<\/a><\/li><li><a href=\"https:\/\/iwell-guard.com\/sk\/?page_id=157671\">Bohovia, preh\u013ead tried<\/a><\/li><\/ul>\t\t\t\t\t\t\t\t<\/div>\n\t\t\t\t<\/div>\n\t\t\t\t\t<\/div>\n\t\t\t\t<\/div>\n\t\t<div class=\"elementor-element elementor-element-grl4kl40 e-flex e-con-boxed e-con e-parent\" data-id=\"grl4kl40\" data-element_type=\"container\" data-e-type=\"container\">\n\t\t\t\t\t<div class=\"e-con-inner\">\n\t\t\t\t<div class=\"elementor-element elementor-element-bzsbfrmh elementor-widget elementor-widget-heading\" data-id=\"bzsbfrmh\" data-element_type=\"widget\" data-e-type=\"widget\" data-widget_type=\"heading.default\">\n\t\t\t\t\t<h2 class=\"elementor-heading-title elementor-size-default\">Literat\u00fara (v\u00fdber)<\/h2>\t\t\t\t<\/div>\n\t\t<div class=\"elementor-element elementor-element-2c13224a e-con-full e-flex e-con e-child\" data-id=\"2c13224a\" data-element_type=\"container\" data-e-type=\"container\">\n\t\t\t\t<div class=\"elementor-element elementor-element-0eymh9ub elementor-widget elementor-widget-text-editor\" data-id=\"0eymh9ub\" data-element_type=\"widget\" data-e-type=\"widget\" data-widget_type=\"text-editor.default\">\n\t\t\t\t\t\t\t\t\t<footer class=\"iwg-literatur\" data-nosnippet=\"true\"><ul><li><span data-nosnippet>Simek, Rudolf: <em>Lexikon der germanischen <span class=\"iwg-fachbegriff\" data-tooltip=\"S\u00fahrn tradovan\u00fdch rozpr\u00e1van\u00ed o bohoch v danej kult\u00fare.\" tabindex=\"0\">Mythologie<\/span><\/em>. Stuttgart 2006.<\/span><\/li><li><span data-nosnippet>de Vries, Jan: <em>Altgermanische Religionsgeschichte<\/em>. 2 zv\u00e4zky, Berl\u00edn 1956\/57.<\/span><\/li><li><span data-nosnippet>Lindow, John: <em>Norse Mythology. A Guide to the Gods, Heroes, Rituals, and Beliefs<\/em>. Oxford 2001.<\/span><\/li><li><span data-nosnippet>Davidson, Hilda Ellis: <em>Roles of the Northern Goddess<\/em>. Lond\u00fdn 1998.<\/span><\/li><li><span class=\"iwg-fachbegriff\" tabindex=\"0\" data-tooltip=\"Islandsk\u00fd u\u010denec (1179\u20131241); autor Prozaickej Eddy a Heimskringly.\">Snorri Sturluson<\/span>: <em>Snorra-Edda<\/em> (mnoh\u00e9 preklady).<\/li><li>Walde, Christine (Hg.): <em>Der Neue Pauly<\/em> (heslo \u201eFrigg\u201c).<\/li><\/ul><\/footer>\t\t\t\t\t\t\t\t<\/div>\n\t\t\t\t<\/div>\n\t\t\t\t\t<\/div>\n\t\t\t\t<\/div>\n\t\t<div class=\"elementor-element elementor-element-iwgkw2-add-frigg e-flex e-con-boxed e-con e-parent\" data-id=\"iwgkw2-add-frigg\" data-element_type=\"container\" data-e-type=\"container\">\n\t\t\t\t\t<div class=\"e-con-inner\">\n\t\t\t\t<div class=\"elementor-element elementor-element-iwgkw2-add-frigg-t elementor-widget elementor-widget-text-editor\" data-id=\"iwgkw2-add-frigg-t\" data-element_type=\"widget\" data-e-type=\"widget\" data-widget_type=\"text-editor.default\">\n\t\t\t\t\t\t\t\t\t<p>Frigg sa v severskej <span class=\"iwg-fachbegriff\" data-tooltip=\"Odovzd\u00e1vanie vedomost\u00ed a rozpr\u00e1van\u00ed z gener\u00e1cie na gener\u00e1ciu.\" tabindex=\"0\">trad\u00edcii<\/span> pova\u017euje za <em>vysok\u00fa bohy\u0148u<\/em> \u00c1sov, man\u017eelku Odina a matku Baldra; Edda ju opisuje ako str\u00e1\u017eky\u0148u osudov\u00fdch vl\u00e1kien a garantku pr\u00edsah.<\/p>\t\t\t\t\t\t\t\t<\/div>\n\t\t\t\t\t<\/div>\n\t\t\t\t<\/div>\n\t\t\t\t<\/div>\n\t\t","protected":false},"excerpt":{"rendered":"","protected":false},"author":3,"featured_media":1572,"parent":0,"menu_order":0,"comment_status":"closed","ping_status":"closed","template":"elementor_header_footer","meta":{"_yoast_wpseo_focuskw":"frigg","_yoast_wpseo_title":"Frigg - Vrchn\u00e1 bohy\u0148a \u00c1sov, matka Baldera","_yoast_wpseo_metadesc":"Frigg, vrchn\u00e1 bohy\u0148a \u00c1sov a matka Baldera. Dar osudu, materstvo, dom\u00e1ce hospod\u00e1rstvo. Pramene v Edde, u Saxa a stopy v germ\u00e1nskych kultoch.","_yoast_wpseo_meta-robots-noindex":"","_yoast_wpseo_canonical":"","_angie_page":false,"gefaehrdungsstufe":"1","wesen_kultur":"germanisch","wesen_klasse":"goetter","footnotes":""},"categories":[],"class_list":["post-157809","page","type-page","status-publish","has-post-thumbnail","hentry"],"yoast_head":"<!-- This site is optimized with the Yoast SEO Premium plugin v27.7 (Yoast SEO v28.3) - https:\/\/yoast.com\/product\/yoast-seo-premium-wordpress\/ -->\n<title>Frigg - Vrchn\u00e1 bohy\u0148a \u00c1sov, matka Baldera<\/title>\n<meta name=\"description\" content=\"Frigg, vrchn\u00e1 bohy\u0148a \u00c1sov a matka Baldera. Dar osudu, materstvo, dom\u00e1ce hospod\u00e1rstvo. Pramene v Edde, u Saxa a stopy v germ\u00e1nskych kultoch.\" \/>\n<meta name=\"robots\" content=\"index, follow, max-snippet:-1, max-image-preview:large, max-video-preview:-1\" \/>\n<link rel=\"canonical\" href=\"https:\/\/iwell-guard.com\/sk\/frigg\/\" \/>\n<meta property=\"og:locale\" content=\"sk_SK\" \/>\n<meta property=\"og:type\" content=\"article\" \/>\n<meta property=\"og:title\" content=\"Frigg\" \/>\n<meta property=\"og:description\" content=\"Frigg, vrchn\u00e1 bohy\u0148a \u00c1sov a matka Baldera. Dar osudu, materstvo, dom\u00e1ce hospod\u00e1rstvo. Pramene v Edde, u Saxa a stopy v germ\u00e1nskych kultoch.\" \/>\n<meta property=\"og:url\" content=\"https:\/\/iwell-guard.com\/sk\/frigg\/\" \/>\n<meta property=\"og:site_name\" content=\"iWell Guard\" \/>\n<meta property=\"article:modified_time\" content=\"2026-09-04T22:42:59+00:00\" \/>\n<meta property=\"og:image\" content=\"https:\/\/iwell-guard.com\/wp-content\/uploads\/2026\/04\/goetter_germanisch_frigg.webp\" \/>\n\t<meta property=\"og:image:width\" content=\"1024\" \/>\n\t<meta property=\"og:image:height\" content=\"1536\" \/>\n\t<meta property=\"og:image:type\" content=\"image\/webp\" \/>\n<meta name=\"twitter:card\" content=\"summary_large_image\" \/>\n<script type=\"application\/ld+json\" class=\"yoast-schema-graph\">{\"@context\":\"https:\\\/\\\/schema.org\",\"@graph\":[{\"@type\":\"WebPage\",\"@id\":\"https:\\\/\\\/iwell-guard.com\\\/sk\\\/frigg\\\/\",\"url\":\"https:\\\/\\\/iwell-guard.com\\\/sk\\\/frigg\\\/\",\"name\":\"Frigg - Vrchn\u00e1 bohy\u0148a \u00c1sov, matka Baldera\",\"isPartOf\":{\"@id\":\"https:\\\/\\\/iwell-guard.com\\\/sk\\\/#website\"},\"primaryImageOfPage\":{\"@id\":\"https:\\\/\\\/iwell-guard.com\\\/sk\\\/frigg\\\/#primaryimage\"},\"image\":{\"@id\":\"https:\\\/\\\/iwell-guard.com\\\/sk\\\/frigg\\\/#primaryimage\"},\"thumbnailUrl\":\"https:\\\/\\\/iwell-guard.com\\\/wp-content\\\/uploads\\\/2026\\\/04\\\/goetter_germanisch_frigg.webp\",\"datePublished\":\"2026-09-04T22:17:50+00:00\",\"dateModified\":\"2026-09-04T22:42:59+00:00\",\"description\":\"Frigg, vrchn\u00e1 bohy\u0148a \u00c1sov a matka Baldera. Dar osudu, materstvo, dom\u00e1ce hospod\u00e1rstvo. Pramene v Edde, u Saxa a stopy v germ\u00e1nskych kultoch.\",\"breadcrumb\":{\"@id\":\"https:\\\/\\\/iwell-guard.com\\\/sk\\\/frigg\\\/#breadcrumb\"},\"inLanguage\":\"sk-SK\",\"potentialAction\":[{\"@type\":\"ReadAction\",\"target\":[\"https:\\\/\\\/iwell-guard.com\\\/sk\\\/frigg\\\/\"]}]},{\"@type\":\"ImageObject\",\"inLanguage\":\"sk-SK\",\"@id\":\"https:\\\/\\\/iwell-guard.com\\\/sk\\\/frigg\\\/#primaryimage\",\"url\":\"https:\\\/\\\/iwell-guard.com\\\/wp-content\\\/uploads\\\/2026\\\/04\\\/goetter_germanisch_frigg.webp\",\"contentUrl\":\"https:\\\/\\\/iwell-guard.com\\\/wp-content\\\/uploads\\\/2026\\\/04\\\/goetter_germanisch_frigg.webp\",\"width\":1024,\"height\":1536,\"caption\":\"Bohovia z germ\u00e1nskej trad\u00edcie.\"},{\"@type\":\"BreadcrumbList\",\"@id\":\"https:\\\/\\\/iwell-guard.com\\\/sk\\\/frigg\\\/#breadcrumb\",\"itemListElement\":[{\"@type\":\"ListItem\",\"position\":1,\"name\":\"Start\",\"item\":\"https:\\\/\\\/iwell-guard.com\\\/sk\\\/?page_id=157572\"},{\"@type\":\"ListItem\",\"position\":2,\"name\":\"Frigg\"}]},{\"@type\":\"WebSite\",\"@id\":\"https:\\\/\\\/iwell-guard.com\\\/sk\\\/#website\",\"url\":\"https:\\\/\\\/iwell-guard.com\\\/sk\\\/\",\"name\":\"iWell Guard\",\"description\":\"Schutz vor dunklen Einfl\u00fcssen\",\"publisher\":{\"@id\":\"https:\\\/\\\/iwell-guard.com\\\/sk\\\/#organization\"},\"potentialAction\":[{\"@type\":\"SearchAction\",\"target\":{\"@type\":\"EntryPoint\",\"urlTemplate\":\"https:\\\/\\\/iwell-guard.com\\\/sk\\\/?s={search_term_string}\"},\"query-input\":{\"@type\":\"PropertyValueSpecification\",\"valueRequired\":true,\"valueName\":\"search_term_string\"}}],\"inLanguage\":\"sk-SK\"},{\"@type\":\"Organization\",\"@id\":\"https:\\\/\\\/iwell-guard.com\\\/sk\\\/#organization\",\"name\":\"Ittermann electronic GmbH\",\"url\":\"https:\\\/\\\/iwell-guard.com\\\/sk\\\/\",\"logo\":{\"@type\":\"ImageObject\",\"inLanguage\":\"sk-SK\",\"@id\":\"https:\\\/\\\/iwell-guard.com\\\/sk\\\/#\\\/schema\\\/logo\\\/image\\\/\",\"url\":\"https:\\\/\\\/iwell-guard.com\\\/wp-content\\\/uploads\\\/2026\\\/05\\\/Ittermann-Logo-1182x237-1.png\",\"contentUrl\":\"https:\\\/\\\/iwell-guard.com\\\/wp-content\\\/uploads\\\/2026\\\/05\\\/Ittermann-Logo-1182x237-1.png\",\"width\":1182,\"height\":237,\"caption\":\"Ittermann electronic GmbH\"},\"image\":{\"@id\":\"https:\\\/\\\/iwell-guard.com\\\/sk\\\/#\\\/schema\\\/logo\\\/image\\\/\"},\"sameAs\":[\"https:\\\/\\\/pantip.com\\\/profile\\\/9367242\",\"https:\\\/\\\/micro.blog\\\/iwellguard\",\"https:\\\/\\\/www.diggerslist.com\\\/iwellguard\\\/about\",\"https:\\\/\\\/skitterphoto.com\\\/photographers\\\/2870314\\\/iwell-guard\",\"https:\\\/\\\/iwellguard.wordpress.com\\\/2026\\\/06\\\/06\\\/iwell-guard\\\/\",\"https:\\\/\\\/hub.docker.com\\\/u\\\/iwellguard\",\"https:\\\/\\\/www.pinterest.com\\\/iwellguard\\\/\",\"https:\\\/\\\/bit.ly\\\/m\\\/iwellguard\",\"https:\\\/\\\/entre-vos-mains.alsace.eu\\\/profiles\\\/iwellguard\\\/activity\",\"https:\\\/\\\/gravatar.com\\\/reallybeded8fd34\",\"https:\\\/\\\/naijamatta.com\\\/iwellguard\",\"https:\\\/\\\/www.goodreads.com\\\/iwellguard\",\"https:\\\/\\\/profile.hatena.ne.jp\\\/iwellguard\\\/\",\"https:\\\/\\\/experiment.com\\\/users\\\/iwellguard\",\"https:\\\/\\\/wakelet.com\\\/@iWellGuard82270\",\"https:\\\/\\\/www.chordie.com\\\/forum\\\/profile.php?id=2555664\",\"https:\\\/\\\/www.instapaper.com\\\/p\\\/17757966\",\"https:\\\/\\\/www.mapleprimes.com\\\/users\\\/iwellguard\",\"https:\\\/\\\/businesslistingplus.com\\\/profile\\\/iwell-guard\\\/\",\"https:\\\/\\\/telegra.ph\\\/iWell-Guard-06-06\",\"https:\\\/\\\/pbase.com\\\/iwellguard\\\/iwellguard\",\"https:\\\/\\\/b.hatena.ne.jp\\\/iwellguard\\\/20260607#bookmark-4788405196491818882\",\"https:\\\/\\\/fliphtml5.com\\\/home\\\/iwellguard\",\"https:\\\/\\\/anyflip.com\\\/homepage\\\/cmiwl#About\",\"https:\\\/\\\/transfur.com\\\/Users\\\/iwellguard\",\"http:\\\/\\\/delphi.larsbo.org\\\/user\\\/iwellguard\",\"https:\\\/\\\/jobs.lajobsportal.org\\\/profiles\\\/8380803-iwell-guard\",\"https:\\\/\\\/md.chaosdorf.de\\\/s\\\/jfbe5SBdJD\",\"https:\\\/\\\/www.lingvolive.com\\\/en-us\\\/profile\\\/9ecaeaca-ce11-4e51-9e71-01d55e2bff36\\\/translations\",\"https:\\\/\\\/www.fitday.com\\\/fitness\\\/forums\\\/members\\\/iwellguard.html\",\"https:\\\/\\\/www.mymeetbook.com\\\/iwellguard\",\"https:\\\/\\\/pxhere.com\\\/en\\\/photographer-me\\\/5040798\",\"https:\\\/\\\/disqus.com\\\/by\\\/iwellguard\\\/about\\\/\",\"https:\\\/\\\/pastelink.net\\\/hjwciqwq\",\"https:\\\/\\\/pubhtml5.com\\\/homepage\\\/scjhn\\\/\",\"https:\\\/\\\/www.bitchute.com\\\/channel\\\/2O2eOKzNqujT\",\"https:\\\/\\\/audiomack.com\\\/iwellguard\"]},{\"@type\":\"Article\",\"@id\":\"https:\\\/\\\/iwell-guard.com\\\/sk\\\/frigg\\\/#article\",\"isPartOf\":{\"@id\":\"https:\\\/\\\/iwell-guard.com\\\/sk\\\/frigg\\\/\"},\"author\":{\"name\":\"Ralf Ittermann\",\"@id\":\"https:\\\/\\\/iwell-guard.com\\\/sk\\\/#\\\/schema\\\/person\\\/ee2a27f1cac3406c7c6fb5820cb7349f\"},\"headline\":\"Frigg\",\"datePublished\":\"2026-09-04T22:17:50+00:00\",\"dateModified\":\"2026-09-04T22:42:59+00:00\",\"mainEntityOfPage\":{\"@id\":\"https:\\\/\\\/iwell-guard.com\\\/sk\\\/frigg\\\/\"},\"publisher\":{\"@id\":\"https:\\\/\\\/iwell-guard.com\\\/sk\\\/#organization\"},\"image\":{\"@id\":\"https:\\\/\\\/iwell-guard.com\\\/sk\\\/frigg\\\/#primaryimage\"},\"thumbnailUrl\":\"https:\\\/\\\/iwell-guard.com\\\/wp-content\\\/uploads\\\/2026\\\/04\\\/goetter_germanisch_frigg.webp\",\"inLanguage\":\"sk-SK\",\"description\":\"Frigg, vrchn\u00e1 bohy\u0148a \u00c1sov a matka Baldera. Dar osudu, materstvo, dom\u00e1ce hospod\u00e1rstvo. Pramene v Edde, u Saxa a stopy v germ\u00e1nskych kultoch.\"}]}<\/script>\n<!-- \/ Yoast SEO Premium plugin. -->","yoast_head_json":{"title":"Frigg - Vrchn\u00e1 bohy\u0148a \u00c1sov, matka Baldera","description":"Frigg, vrchn\u00e1 bohy\u0148a \u00c1sov a matka Baldera. Dar osudu, materstvo, dom\u00e1ce hospod\u00e1rstvo. Pramene v Edde, u Saxa a stopy v germ\u00e1nskych kultoch.","robots":{"index":"index","follow":"follow","max-snippet":"max-snippet:-1","max-image-preview":"max-image-preview:large","max-video-preview":"max-video-preview:-1"},"canonical":"https:\/\/iwell-guard.com\/sk\/frigg\/","og_locale":"sk_SK","og_type":"article","og_title":"Frigg","og_description":"Frigg, vrchn\u00e1 bohy\u0148a \u00c1sov a matka Baldera. Dar osudu, materstvo, dom\u00e1ce hospod\u00e1rstvo. Pramene v Edde, u Saxa a stopy v germ\u00e1nskych kultoch.","og_url":"https:\/\/iwell-guard.com\/sk\/frigg\/","og_site_name":"iWell Guard","article_modified_time":"2026-09-04T22:42:59+00:00","og_image":[{"width":1024,"height":1536,"url":"https:\/\/iwell-guard.com\/wp-content\/uploads\/2026\/04\/goetter_germanisch_frigg.webp","type":"image\/webp"}],"twitter_card":"summary_large_image","schema":{"@context":"https:\/\/schema.org","@graph":[{"@type":"Article","@id":"https:\/\/iwell-guard.com\/sk\/frigg\/#article","isPartOf":{"@id":"https:\/\/iwell-guard.com\/sk\/frigg\/"},"author":{"name":"Ralf Ittermann","@id":"https:\/\/iwell-guard.com\/sk\/#\/schema\/person\/ee2a27f1cac3406c7c6fb5820cb7349f"},"headline":"Frigg","datePublished":"2026-09-04T22:17:50+00:00","dateModified":"2026-09-04T22:42:59+00:00","mainEntityOfPage":{"@id":"https:\/\/iwell-guard.com\/sk\/frigg\/"},"publisher":{"@id":"https:\/\/iwell-guard.com\/sk\/#organization"},"image":{"@id":"https:\/\/iwell-guard.com\/sk\/frigg\/#primaryimage"},"thumbnailUrl":"https:\/\/iwell-guard.com\/wp-content\/uploads\/2026\/04\/goetter_germanisch_frigg.webp","inLanguage":"sk-SK","description":"Frigg, vrchn\u00e1 bohy\u0148a \u00c1sov a matka Baldera. Dar osudu, materstvo, dom\u00e1ce hospod\u00e1rstvo. Pramene v Edde, u Saxa a stopy v germ\u00e1nskych kultoch."},{"@type":"WebPage","@id":"https:\/\/iwell-guard.com\/sk\/frigg\/","url":"https:\/\/iwell-guard.com\/sk\/frigg\/","name":"Frigg - Vrchn\u00e1 bohy\u0148a \u00c1sov, matka Baldera","isPartOf":{"@id":"https:\/\/iwell-guard.com\/sk\/#website"},"primaryImageOfPage":{"@id":"https:\/\/iwell-guard.com\/sk\/frigg\/#primaryimage"},"image":{"@id":"https:\/\/iwell-guard.com\/sk\/frigg\/#primaryimage"},"thumbnailUrl":"https:\/\/iwell-guard.com\/wp-content\/uploads\/2026\/04\/goetter_germanisch_frigg.webp","datePublished":"2026-09-04T22:17:50+00:00","dateModified":"2026-09-04T22:42:59+00:00","description":"Frigg, vrchn\u00e1 bohy\u0148a \u00c1sov a matka Baldera. Dar osudu, materstvo, dom\u00e1ce hospod\u00e1rstvo. Pramene v Edde, u Saxa a stopy v germ\u00e1nskych kultoch.","breadcrumb":{"@id":"https:\/\/iwell-guard.com\/sk\/frigg\/#breadcrumb"},"inLanguage":"sk-SK","potentialAction":[{"@type":"ReadAction","target":["https:\/\/iwell-guard.com\/sk\/frigg\/"]}]},{"@type":"ImageObject","inLanguage":"sk-SK","@id":"https:\/\/iwell-guard.com\/sk\/frigg\/#primaryimage","url":"https:\/\/iwell-guard.com\/wp-content\/uploads\/2026\/04\/goetter_germanisch_frigg.webp","contentUrl":"https:\/\/iwell-guard.com\/wp-content\/uploads\/2026\/04\/goetter_germanisch_frigg.webp","width":1024,"height":1536,"caption":"Bohovia z germ\u00e1nskej trad\u00edcie."},{"@type":"BreadcrumbList","@id":"https:\/\/iwell-guard.com\/sk\/frigg\/#breadcrumb","itemListElement":[{"@type":"ListItem","position":1,"name":"Start","item":"https:\/\/iwell-guard.com\/sk\/?page_id=157572"},{"@type":"ListItem","position":2,"name":"Frigg"}]},{"@type":"WebSite","@id":"https:\/\/iwell-guard.com\/sk\/#website","url":"https:\/\/iwell-guard.com\/sk\/","name":"iWell Guard","description":"Schutz vor dunklen Einfl\u00fcssen","publisher":{"@id":"https:\/\/iwell-guard.com\/sk\/#organization"},"potentialAction":[{"@type":"SearchAction","target":{"@type":"EntryPoint","urlTemplate":"https:\/\/iwell-guard.com\/sk\/?s={search_term_string}"},"query-input":{"@type":"PropertyValueSpecification","valueRequired":true,"valueName":"search_term_string"}}],"inLanguage":"sk-SK"},{"@type":"Organization","@id":"https:\/\/iwell-guard.com\/sk\/#organization","name":"Ittermann electronic GmbH","url":"https:\/\/iwell-guard.com\/sk\/","logo":{"@type":"ImageObject","inLanguage":"sk-SK","@id":"https:\/\/iwell-guard.com\/sk\/#\/schema\/logo\/image\/","url":"https:\/\/iwell-guard.com\/wp-content\/uploads\/2026\/05\/Ittermann-Logo-1182x237-1.png","contentUrl":"https:\/\/iwell-guard.com\/wp-content\/uploads\/2026\/05\/Ittermann-Logo-1182x237-1.png","width":1182,"height":237,"caption":"Ittermann electronic GmbH"},"image":{"@id":"https:\/\/iwell-guard.com\/sk\/#\/schema\/logo\/image\/"},"sameAs":["https:\/\/pantip.com\/profile\/9367242","https:\/\/micro.blog\/iwellguard","https:\/\/www.diggerslist.com\/iwellguard\/about","https:\/\/skitterphoto.com\/photographers\/2870314\/iwell-guard","https:\/\/iwellguard.wordpress.com\/2026\/06\/06\/iwell-guard\/","https:\/\/hub.docker.com\/u\/iwellguard","https:\/\/www.pinterest.com\/iwellguard\/","https:\/\/bit.ly\/m\/iwellguard","https:\/\/entre-vos-mains.alsace.eu\/profiles\/iwellguard\/activity","https:\/\/gravatar.com\/reallybeded8fd34","https:\/\/naijamatta.com\/iwellguard","https:\/\/www.goodreads.com\/iwellguard","https:\/\/profile.hatena.ne.jp\/iwellguard\/","https:\/\/experiment.com\/users\/iwellguard","https:\/\/wakelet.com\/@iWellGuard82270","https:\/\/www.chordie.com\/forum\/profile.php?id=2555664","https:\/\/www.instapaper.com\/p\/17757966","https:\/\/www.mapleprimes.com\/users\/iwellguard","https:\/\/businesslistingplus.com\/profile\/iwell-guard\/","https:\/\/telegra.ph\/iWell-Guard-06-06","https:\/\/pbase.com\/iwellguard\/iwellguard","https:\/\/b.hatena.ne.jp\/iwellguard\/20260607#bookmark-4788405196491818882","https:\/\/fliphtml5.com\/home\/iwellguard","https:\/\/anyflip.com\/homepage\/cmiwl#About","https:\/\/transfur.com\/Users\/iwellguard","http:\/\/delphi.larsbo.org\/user\/iwellguard","https:\/\/jobs.lajobsportal.org\/profiles\/8380803-iwell-guard","https:\/\/md.chaosdorf.de\/s\/jfbe5SBdJD","https:\/\/www.lingvolive.com\/en-us\/profile\/9ecaeaca-ce11-4e51-9e71-01d55e2bff36\/translations","https:\/\/www.fitday.com\/fitness\/forums\/members\/iwellguard.html","https:\/\/www.mymeetbook.com\/iwellguard","https:\/\/pxhere.com\/en\/photographer-me\/5040798","https:\/\/disqus.com\/by\/iwellguard\/about\/","https:\/\/pastelink.net\/hjwciqwq","https:\/\/pubhtml5.com\/homepage\/scjhn\/","https:\/\/www.bitchute.com\/channel\/2O2eOKzNqujT","https:\/\/audiomack.com\/iwellguard"]},{"@type":"Person","@id":"https:\/\/iwell-guard.com\/sk\/#\/schema\/person\/ee2a27f1cac3406c7c6fb5820cb7349f","name":"Ralf Ittermann","image":{"@type":"ImageObject","inLanguage":"sk-SK","@id":"https:\/\/secure.gravatar.com\/avatar\/073c0153e350a5005b68eb752b445fea71f6b24a26da9449ad7e155e6b446c9d?s=96&d=mm&r=g","url":"https:\/\/secure.gravatar.com\/avatar\/073c0153e350a5005b68eb752b445fea71f6b24a26da9449ad7e155e6b446c9d?s=96&d=mm&r=g","contentUrl":"https:\/\/secure.gravatar.com\/avatar\/073c0153e350a5005b68eb752b445fea71f6b24a26da9449ad7e155e6b446c9d?s=96&d=mm&r=g","caption":"Ralf Ittermann"},"givenName":"Ralf","familyName":"Ittermann","jobTitle":"Gesch\u00e4ftsf\u00fchrer und redaktioneller Verantwortlicher","url":"https:\/\/iwell-guard.com\/sk\/author\/claude\/","description":"Ralf Ittermann ist Gesch\u00e4ftsf\u00fchrer der Ittermann electronic GmbH und redaktioneller Verantwortlicher des iWell-Guard-Lexikons. Er verbindet langj\u00e4hrige Erfahrung in der Pr\u00e4zisionsfertigung mit medialer Praxis und religionsgeschichtlicher Quellenarbeit.","worksFor":{"@type":"Organization","name":"Ittermann electronic GmbH","url":"https:\/\/ittermann.de\/","address":{"@type":"PostalAddress","streetAddress":"K\u00f6hlergasse 16-18","postalCode":"99842","addressLocality":"Ruhla","addressCountry":"DE"}},"knowsAbout":["Religionsgeschichte","Mythologie","Mediale Praxis","Energetische Diagnostik","Schutzpraxis","Volksglauben","Westliche Esoterik"]},{"@type":"Article","@id":"https:\/\/iwell-guard.com\/sk\/frigg\/#article","isPartOf":{"@id":"https:\/\/iwell-guard.com\/sk\/frigg\/"},"author":{"name":"Ralf Ittermann","@id":"https:\/\/iwell-guard.com\/sk\/#\/schema\/person\/ee2a27f1cac3406c7c6fb5820cb7349f"},"headline":"Frigg","datePublished":"2026-09-04T22:17:50+00:00","dateModified":"2026-09-04T22:42:59+00:00","mainEntityOfPage":{"@id":"https:\/\/iwell-guard.com\/sk\/frigg\/"},"publisher":{"@id":"https:\/\/iwell-guard.com\/sk\/#organization"},"image":{"@id":"https:\/\/iwell-guard.com\/sk\/frigg\/#primaryimage"},"thumbnailUrl":"https:\/\/iwell-guard.com\/wp-content\/uploads\/2026\/04\/goetter_germanisch_frigg.webp","inLanguage":"sk-SK","description":"Frigg, vrchn\u00e1 bohy\u0148a \u00c1sov a matka Baldera. Dar osudu, materstvo, dom\u00e1ce hospod\u00e1rstvo. Pramene v Edde, u Saxa a stopy v germ\u00e1nskych kultoch."}]}},"_links":{"self":[{"href":"https:\/\/iwell-guard.com\/sk\/wp-json\/wp\/v2\/pages\/157809","targetHints":{"allow":["GET"]}}],"collection":[{"href":"https:\/\/iwell-guard.com\/sk\/wp-json\/wp\/v2\/pages"}],"about":[{"href":"https:\/\/iwell-guard.com\/sk\/wp-json\/wp\/v2\/types\/page"}],"author":[{"embeddable":true,"href":"https:\/\/iwell-guard.com\/sk\/wp-json\/wp\/v2\/users\/3"}],"replies":[{"embeddable":true,"href":"https:\/\/iwell-guard.com\/sk\/wp-json\/wp\/v2\/comments?post=157809"}],"version-history":[{"count":0,"href":"https:\/\/iwell-guard.com\/sk\/wp-json\/wp\/v2\/pages\/157809\/revisions"}],"wp:featuredmedia":[{"embeddable":true,"href":"https:\/\/iwell-guard.com\/sk\/wp-json\/wp\/v2\/media\/1572"}],"wp:attachment":[{"href":"https:\/\/iwell-guard.com\/sk\/wp-json\/wp\/v2\/media?parent=157809"}],"wp:term":[{"taxonomy":"category","embeddable":true,"href":"https:\/\/iwell-guard.com\/sk\/wp-json\/wp\/v2\/categories?post=157809"}],"curies":[{"name":"wp","href":"https:\/\/api.w.org\/{rel}","templated":true}]}}