{"id":157807,"date":"2026-09-04T22:17:47","date_gmt":"2026-09-04T22:17:47","guid":{"rendered":"https:\/\/iwell-guard.com\/?page_id=157807"},"modified":"2026-09-04T22:42:54","modified_gmt":"2026-09-04T22:42:54","slug":"thor","status":"publish","type":"page","link":"https:\/\/iwell-guard.com\/sk\/thor\/","title":{"rendered":"Thor"},"content":{"rendered":"\t\t<div data-elementor-type=\"wp-page\" data-elementor-id=\"157807\" class=\"elementor elementor-157807 elementor-2095 elementor-bc-flex-widget\" data-elementor-post-type=\"page\">\n\t\t\t\t<div class=\"elementor-element elementor-element-10fdade e-flex e-con-boxed e-con e-parent\" data-id=\"10fdade\" data-element_type=\"container\" data-e-type=\"container\" data-settings=\"{&quot;background_background&quot;:&quot;classic&quot;}\">\n\t\t\t\t\t<div class=\"e-con-inner\">\n\t\t<div class=\"elementor-element elementor-element-herohlft0 e-flex e-con-boxed e-con e-child\" data-id=\"herohlft0\" data-element_type=\"container\" data-e-type=\"container\">\n\t\t\t\t\t<div class=\"e-con-inner\">\n\t\t<div class=\"elementor-element elementor-element-c3ceb64 e-con-full e-flex e-con e-child\" data-id=\"c3ceb64\" data-element_type=\"container\" data-e-type=\"container\">\n\t\t\t\t<div class=\"elementor-element elementor-element-96ae5e1 elementor-widget elementor-widget-heading\" data-id=\"96ae5e1\" data-element_type=\"widget\" data-e-type=\"widget\" data-widget_type=\"heading.default\">\n\t\t\t\t\t<h1 class=\"elementor-heading-title elementor-size-default\">Thor, boh germ\u00e1nskej trad\u00edcie<\/h1>\t\t\t\t<\/div>\n\t\t\t\t<div class=\"elementor-element elementor-element-e45238a elementor-widget elementor-widget-text-editor\" data-id=\"e45238a\" data-element_type=\"widget\" data-e-type=\"widget\" data-widget_type=\"text-editor.default\">\n\t\t\t\t\t\t\t\t\t<p>Thor je bohom hromu, blesku a ochrany v germ\u00e1nskej trad\u00edcii. Ako syn Wodana a ochranca \u013eudstva i bohov steles\u0148uje silu, odvahu a poriadok proti chaosu.<\/p><p>Z n\u00e1bo\u017eenskovedn\u00e9ho h\u013eadiska je Thor pr\u00edkladom centr\u00e1lneho postavenia boha b\u00farky v indoeur\u00f3pskych pante\u00f3noch a jeho politickej premeny na ochrann\u00fa bo\u017estvo ro\u013en\u00edkov a bojovn\u00edkov.<\/p>\t\t\t\t\t\t\t\t<\/div>\n\t\t\t\t<\/div>\n\t\t<div class=\"elementor-element elementor-element-klsbdg01 e-con-full e-flex e-con e-parent\" data-id=\"klsbdg01\" data-element_type=\"container\" data-e-type=\"container\">\n\t\t\t\t<div class=\"elementor-element elementor-element-klshtm01 elementor-widget elementor-widget-html\" data-id=\"klshtm01\" data-element_type=\"widget\" data-e-type=\"widget\" data-widget_type=\"html.default\">\n\t\t\t\t\t<div class=\"iwg-pill-row\"><span class=\"iwg-klasse-badge\" tabindex=\"0\" data-tooltip=\"Boh \/ bohy\u0148a: Personifikovan\u00e1 najvy\u0161\u0161ia moc v pante\u00f3ne kult\u00fary, s presne ur\u010den\u00fdmi kompetenciami \u2013 pr\u00edrodn\u00e9 sily, osud, vojna, plodnos\u0165. Uctievan\u00e1 prostredn\u00edctvom kultov, obet\u00ed a chr\u00e1mov\u00fdch in\u0161tit\u00faci\u00ed.\">Boh<\/span><a href=\"https:\/\/iwell-guard.com\/sk\/?page_id=157606\" class=\"iwg-kultur-badge\" tabindex=\"0\" data-tooltip=\"Predkres\u0165ansk\u00fd svet bohov a duchov severnej a strednej Eur\u00f3py.\">Germ\u00e1nska trad\u00edcia<\/a><\/div>\t\t\t\t<\/div>\n\t\t\t\t<\/div>\n\t\t<div class=\"elementor-element elementor-element-3f74855 e-con-full e-flex e-con e-child\" data-id=\"3f74855\" data-element_type=\"container\" data-e-type=\"container\">\n\t\t\t\t<div class=\"elementor-element elementor-element-1c30362 elementor-toc--minimized-on-tablet elementor-widget elementor-widget-table-of-contents\" data-id=\"1c30362\" data-element_type=\"widget\" data-e-type=\"widget\" data-settings=\"{&quot;exclude_headings_by_selector&quot;:[],&quot;no_headings_message&quot;:&quot;Na tejto str\\u00e1nke sa nena\\u0161li \\u017eiadne nadpisy.&quot;,&quot;headings_by_tags&quot;:[&quot;h2&quot;,&quot;h3&quot;],&quot;marker_view&quot;:&quot;bullets&quot;,&quot;minimize_box&quot;:&quot;yes&quot;,&quot;icon&quot;:{&quot;value&quot;:&quot;fas fa-circle&quot;,&quot;library&quot;:&quot;fa-solid&quot;,&quot;rendered_tag&quot;:&quot;&lt;svg class=\\&quot;e-font-icon-svg e-fas-circle\\&quot; viewBox=\\&quot;0 0 512 512\\&quot; xmlns=\\&quot;http:\\\/\\\/www.w3.org\\\/2000\\\/svg\\&quot;&gt;&lt;path d=\\&quot;M256 8C119 8 8 119 8 256s111 248 248 248 248-111 248-248S393 8 256 8z\\&quot;&gt;&lt;\\\/path&gt;&lt;\\\/svg&gt;&quot;},&quot;minimized_on&quot;:&quot;tablet&quot;,&quot;hierarchical_view&quot;:&quot;yes&quot;,&quot;min_height&quot;:{&quot;unit&quot;:&quot;px&quot;,&quot;size&quot;:&quot;&quot;,&quot;sizes&quot;:[]},&quot;min_height_tablet&quot;:{&quot;unit&quot;:&quot;px&quot;,&quot;size&quot;:&quot;&quot;,&quot;sizes&quot;:[]},&quot;min_height_mobile&quot;:{&quot;unit&quot;:&quot;px&quot;,&quot;size&quot;:&quot;&quot;,&quot;sizes&quot;:[]}}\" data-widget_type=\"table-of-contents.default\">\n\t\t\t\t\t\t\t\t\t<div class=\"elementor-toc__header\">\n\t\t\t\t\t\t<h2 class=\"elementor-toc__header-title\">\n\t\t\t\tObsah\t\t\t<\/h2>\n\t\t\t\t\t\t\t\t\t\t<div class=\"elementor-toc__toggle-button elementor-toc__toggle-button--expand\" role=\"button\" tabindex=\"0\" aria-controls=\"elementor-toc__1c30362\" aria-expanded=\"true\" aria-label=\"Open table of contents\"><svg aria-hidden=\"true\" class=\"e-font-icon-svg e-fas-chevron-down\" viewBox=\"0 0 448 512\" xmlns=\"http:\/\/www.w3.org\/2000\/svg\"><path d=\"M207.029 381.476L12.686 187.132c-9.373-9.373-9.373-24.569 0-33.941l22.667-22.667c9.357-9.357 24.522-9.375 33.901-.04L224 284.505l154.745-154.021c9.379-9.335 24.544-9.317 33.901.04l22.667 22.667c9.373 9.373 9.373 24.569 0 33.941L240.971 381.476c-9.373 9.372-24.569 9.372-33.942 0z\"><\/path><\/svg><\/div>\n\t\t\t\t<div class=\"elementor-toc__toggle-button elementor-toc__toggle-button--collapse\" role=\"button\" tabindex=\"0\" aria-controls=\"elementor-toc__1c30362\" aria-expanded=\"true\" aria-label=\"Close table of contents\"><svg aria-hidden=\"true\" class=\"e-font-icon-svg e-fas-chevron-up\" viewBox=\"0 0 448 512\" xmlns=\"http:\/\/www.w3.org\/2000\/svg\"><path d=\"M240.971 130.524l194.343 194.343c9.373 9.373 9.373 24.569 0 33.941l-22.667 22.667c-9.357 9.357-24.522 9.375-33.901.04L224 227.495 69.255 381.516c-9.379 9.335-24.544 9.317-33.901-.04l-22.667-22.667c-9.373-9.373-9.373-24.569 0-33.941L207.03 130.525c9.372-9.373 24.568-9.373 33.941-.001z\"><\/path><\/svg><\/div>\n\t\t\t\t\t<\/div>\n\t\t\t\t<div id=\"elementor-toc__1c30362\" class=\"elementor-toc__body\">\n\t\t\t<div class=\"elementor-toc__spinner-container\">\n\t\t\t\t<svg class=\"elementor-toc__spinner eicon-animation-spin e-font-icon-svg e-eicon-loading\" aria-hidden=\"true\" viewBox=\"0 0 1000 1000\" xmlns=\"http:\/\/www.w3.org\/2000\/svg\"><path d=\"M500 975V858C696 858 858 696 858 500S696 142 500 142 142 304 142 500H25C25 237 238 25 500 25S975 237 975 500 763 975 500 975Z\"><\/path><\/svg>\t\t\t<\/div>\n\t\t<\/div>\n\t\t\t\t\t\t<\/div>\n\t\t\t\t<\/div>\n\t\t\t\t\t<\/div>\n\t\t\t\t<\/div>\n\t\t<div class=\"elementor-element elementor-element-herorght0 e-con-full e-flex e-con e-child\" data-id=\"herorght0\" data-element_type=\"container\" data-e-type=\"container\">\n\t\t\t\t<div class=\"elementor-element elementor-element-heroimg00 iwg-hero-image elementor-widget elementor-widget-image\" data-id=\"heroimg00\" data-element_type=\"widget\" data-e-type=\"widget\" data-widget_type=\"image.default\">\n\t\t\t\t\t\t\t\t\t\t\t\t\t\t\t<img fetchpriority=\"high\" decoding=\"async\" width=\"683\" height=\"1024\" src=\"https:\/\/iwell-guard.com\/wp-content\/uploads\/2026\/04\/goetter_germanisch_thor-683x1024.webp\" class=\"attachment-large size-large wp-image-160119\" alt=\"Thor \u2013 bohovia z germ\u00e1nskej trad\u00edcie, historicko-ilustra\u010dn\u00e9\" srcset=\"https:\/\/iwell-guard.com\/wp-content\/uploads\/2026\/04\/goetter_germanisch_thor-683x1024.webp 683w, https:\/\/iwell-guard.com\/wp-content\/uploads\/2026\/04\/goetter_germanisch_thor-200x300.webp 200w, https:\/\/iwell-guard.com\/wp-content\/uploads\/2026\/04\/goetter_germanisch_thor-768x1152.webp 768w, https:\/\/iwell-guard.com\/wp-content\/uploads\/2026\/04\/goetter_germanisch_thor.webp 1024w\" sizes=\"(max-width: 683px) 100vw, 683px\" \/>\t\t\t\t\t\t\t\t\t\t\t\t\t\t\t<\/div>\n\t\t\t\t<\/div>\n\t\t\t\t\t<\/div>\n\t\t\t\t<\/div>\n\t\t<div class=\"elementor-element elementor-element-32917199 e-flex e-con-boxed e-con e-parent\" data-id=\"32917199\" data-element_type=\"container\" data-e-type=\"container\">\n\t\t\t\t\t<div class=\"e-con-inner\">\n\t\t<div class=\"elementor-element elementor-element-26e916cb e-flex e-con-boxed e-con e-child\" data-id=\"26e916cb\" data-element_type=\"container\" data-e-type=\"container\">\n\t\t\t\t\t<div class=\"e-con-inner\">\n\t\t<div class=\"elementor-element elementor-element-253a40d4 e-flex e-con-boxed e-con e-child\" data-id=\"253a40d4\" data-element_type=\"container\" data-e-type=\"container\">\n\t\t\t\t\t<div class=\"e-con-inner\">\n\t\t\t\t<div class=\"elementor-element elementor-element-1200c304 elementor-widget elementor-widget-heading\" data-id=\"1200c304\" data-element_type=\"widget\" data-e-type=\"widget\" data-widget_type=\"heading.default\">\n\t\t\t\t\t<h2 class=\"elementor-heading-title elementor-size-default\">Thor<\/h2>\t\t\t\t<\/div>\n\t\t\t\t<div class=\"elementor-element elementor-element-11758e7f elementor-widget elementor-widget-text-editor\" data-id=\"11758e7f\" data-element_type=\"widget\" data-e-type=\"widget\" data-widget_type=\"text-editor.default\">\n\t\t\t\t\t\t\t\t\t<p>Thor steles\u0148uje silu, hnev, hrom a ochranu Midgardu. Jeho \u00fastredn\u00fdmi vlastnos\u0165ami s\u00fa sila, vytrvalos\u0165, vernos\u0165 a priama, \u010destn\u00e1 povaha. V <span class=\"iwg-fachbegriff\" data-tooltip=\"Tradovan\u00fd pr\u00edbeh o bohoch, p\u00f4vode a poriadku sveta.\" tabindex=\"0\">m\u00fdte<\/span> bojuje Thor proti obrom, prech\u00e1dza po nebi na voze \u0165ahanom capmi a nos\u00ed kladivo Mj\u00f6lnir.<\/p><p>Jeho dobrodru\u017estv\u00e1 vyp\u013a\u0148aj\u00fa ve\u013ek\u00fa \u010das\u0165 Prozaickej Eddy a Pies\u0148ovej Eddy. \u00dastredn\u00fdmi m\u00fdtmi s\u00fa Thorov rybolov s Midgardsk\u00fdm hadom, \u00fanos kladiva a boj proti kr\u00e1\u013eovi obrov Thrymovi.<\/p>\t\t\t\t\t\t\t\t<\/div>\n\t\t\t\t\t<\/div>\n\t\t\t\t<\/div>\n\t\t<div class=\"elementor-element elementor-element-159dcf9a e-flex e-con-boxed e-con e-child\" data-id=\"159dcf9a\" data-element_type=\"container\" data-e-type=\"container\">\n\t\t\t\t\t<div class=\"e-con-inner\">\n\t\t\t\t<div class=\"elementor-element elementor-element-48cee66f elementor-widget elementor-widget-heading\" data-id=\"48cee66f\" data-element_type=\"widget\" data-e-type=\"widget\" data-widget_type=\"heading.default\">\n\t\t\t\t\t<div class=\"elementor-heading-title elementor-size-default\">Preh\u013ead: Thor<\/div>\t\t\t\t<\/div>\n\t\t\t\t<div class=\"elementor-element elementor-element-3f50d82c elementor-widget elementor-widget-text-editor\" data-id=\"3f50d82c\" data-element_type=\"widget\" data-e-type=\"widget\" data-widget_type=\"text-editor.default\">\n\t\t\t\t\t\t\t\t\t<p>Zdrojmi s\u00fa Prozaick\u00e1 Edda od <span class=\"iwg-fachbegriff\" tabindex=\"0\" data-tooltip=\"Islandsk\u00fd u\u010denec (1179\u20131241); autor Prozaickej Eddy a Heimskringly.\">Snorriho Sturlusona<\/span>, Pies\u0148ov\u00e1 Edda (najm\u00e4 Thrymskvida, H\u00e0rbardslj\u00f3d), Tacitova Germ\u00e1nia, archeologick\u00e9 n\u00e1lezy (Thorove amulety, runov\u00e9 kamene) a seversk\u00e9 n\u00e1zvy miest. Sekund\u00e1rne: Rudolf Simek (Lexik\u00f3n germ\u00e1nskej <span class=\"iwg-fachbegriff\" data-tooltip=\"S\u00fabor tradovan\u00fdch pr\u00edbehov o bohoch v danej kult\u00fare.\" tabindex=\"0\">mytol\u00f3gie<\/span>), Jan de Vries (Dejiny starogerm\u00e1nskeho n\u00e1bo\u017eenstva), Georges Dum\u00e9zil, Kurt N\u00e4sstr\u00f6m. \u00dacta k Thorovi bola roz\u0161\u00edren\u00e1 v \u0160kandin\u00e1vii, severnej a strednej Eur\u00f3pe a dodnes sa odr\u00e1\u017ea v n\u00e1zve d\u0148a \u0161tvrtok.<\/p>\t\t\t\t\t\t\t\t<\/div>\n\t\t\t\t\t<\/div>\n\t\t\t\t<\/div>\n\t\t\t\t\t<\/div>\n\t\t\t\t<\/div>\n\t\t\t\t\t<\/div>\n\t\t\t\t<\/div>\n\t\t<div class=\"elementor-element elementor-element-18613602 e-flex e-con-boxed e-con e-parent\" data-id=\"18613602\" data-element_type=\"container\" data-e-type=\"container\">\n\t\t\t\t\t<div class=\"e-con-inner\">\n\t\t\t\t<div class=\"elementor-element elementor-element-262b8a9f elementor-widget elementor-widget-heading\" data-id=\"262b8a9f\" data-element_type=\"widget\" data-e-type=\"widget\" data-widget_type=\"heading.default\">\n\t\t\t\t\t<h2 class=\"elementor-heading-title elementor-size-default\">Kontext<\/h2>\t\t\t\t<\/div>\n\t\t<div class=\"elementor-element elementor-element-46dcb7d e-con-full e-flex e-con e-child\" data-id=\"46dcb7d\" data-element_type=\"container\" data-e-type=\"container\">\n\t\t<div class=\"elementor-element elementor-element-61d3ab3 e-flex e-con-boxed e-con e-child\" data-id=\"61d3ab3\" data-element_type=\"container\" data-e-type=\"container\">\n\t\t\t\t\t<div class=\"e-con-inner\">\n\t\t\t\t<div class=\"elementor-element elementor-element-117c166 elementor-widget elementor-widget-heading\" data-id=\"117c166\" data-element_type=\"widget\" data-e-type=\"widget\" data-widget_type=\"heading.default\">\n\t\t\t\t\t<div class=\"elementor-heading-title elementor-size-default\">Zeitraum der Texte<\/div>\t\t\t\t<\/div>\n\t\t\t\t<div class=\"elementor-element elementor-element-73997a0 elementor-widget elementor-widget-text-editor\" data-id=\"73997a0\" data-element_type=\"widget\" data-e-type=\"widget\" data-widget_type=\"text-editor.default\">\n\t\t\t\t\t\t\t\t\t<p>Thora m\u00f4\u017eeme sledova\u0165 od svedectiev o Donarovi z r\u00edmskeho obdobia a\u017e po islandsk\u00e9 edick\u00e9 rukopisy z 13. storo\u010dia, teda cez viac ne\u017e tis\u00edcro\u010die. Jeho meno \u017eije \u010falej v n\u00e1zve d\u0148a \u0161tvrtok a pr\u00edvesky s Thorov\u00fdm kladivom sa nosia dodnes, dnes \u010dasto ako prejav seversk\u00e9ho p\u00f4vodu alebo v modernom pohanstve, pri\u010dom v\u00e4zba na star\u00e9ho boha hromu v nich zost\u00e1va rozpoznate\u013en\u00e1.<\/p>\t\t\t\t\t\t\t\t<\/div>\n\t\t\t\t\t<\/div>\n\t\t\t\t<\/div>\n\t\t<div class=\"elementor-element elementor-element-d47b156 e-flex e-con-boxed e-con e-child\" data-id=\"d47b156\" data-element_type=\"container\" data-e-type=\"container\">\n\t\t\t\t\t<div class=\"e-con-inner\">\n\t\t\t\t<div class=\"elementor-element elementor-element-ff38c2b elementor-widget elementor-widget-heading\" data-id=\"ff38c2b\" data-element_type=\"widget\" data-e-type=\"widget\" data-widget_type=\"heading.default\">\n\t\t\t\t\t<div class=\"elementor-heading-title elementor-size-default\">Verbreitungsraum<\/div>\t\t\t\t<\/div>\n\t\t\t\t<div class=\"elementor-element elementor-element-4e49fcc elementor-widget elementor-widget-text-editor\" data-id=\"4e49fcc\" data-element_type=\"widget\" data-e-type=\"widget\" data-widget_type=\"text-editor.default\">\n\t\t\t\t\t\t\t\t\t<p>Thor nebol viazan\u00fd na konkr\u00e9tny regi\u00f3n alebo miesto, ale bol univerz\u00e1lne zn\u00e1my a uctievan\u00fd, respekt\u00edve s re\u0161pektom ob\u00e1van\u00fd, v celom germ\u00e1nskom svete. \u010ci vo ve\u013ek\u00fdch mestsk\u00fdch centr\u00e1ch alebo na okrajovom vidieku, \u010di medzi spolo\u010denskou elitou alebo medzi jednoduch\u00fdm \u013eudom, duchovn\u00fd a kult\u00farny v\u00fdznam tejto bytosti bol trvalo uzn\u00e1van\u00fd a univerz\u00e1lny.<\/p><p>N\u00e1zvy miest ako Thorshavn, nespo\u010detn\u00e9 osobn\u00e9 men\u00e1 obsahuj\u00face prvok Thor a hojnos\u0165 kladivov\u00fdch amuletov ukazuj\u00fa, \u017ee boh hromu bol pevne zakotven\u00fd v ka\u017edodennom \u017eivote \u0161irok\u00fdch vrstiev obyvate\u013estva, od ro\u013en\u00edka a\u017e po moreplavca. S plavbami Vikingov sa jeho kult dostal na Island, do Anglicka, \u00cdrska a na Rus, pri\u010dom zobrazenie a vz\u00fdvanie zostali v t\u00fdchto oblastiach os\u00eddlenia do ve\u013ekej miery jednotn\u00e9.<\/p>\t\t\t\t\t\t\t\t<\/div>\n\t\t\t\t\t<\/div>\n\t\t\t\t<\/div>\n\t\t\t\t<\/div>\n\t\t<div class=\"elementor-element elementor-element-db03c39 e-con-full e-flex e-con e-child\" data-id=\"db03c39\" data-element_type=\"container\" data-e-type=\"container\">\n\t\t<div class=\"elementor-element elementor-element-229a87b e-flex e-con-boxed e-con e-child\" data-id=\"229a87b\" data-element_type=\"container\" data-e-type=\"container\">\n\t\t\t\t\t<div class=\"e-con-inner\">\n\t\t\t\t<div class=\"elementor-element elementor-element-1f471fc elementor-widget elementor-widget-heading\" data-id=\"1f471fc\" data-element_type=\"widget\" data-e-type=\"widget\" data-widget_type=\"heading.default\">\n\t\t\t\t\t<div class=\"elementor-heading-title elementor-size-default\">Quellenlage<\/div>\t\t\t\t<\/div>\n\t\t\t\t<div class=\"elementor-element elementor-element-36b1201 elementor-widget elementor-widget-text-editor\" data-id=\"36b1201\" data-element_type=\"widget\" data-e-type=\"widget\" data-widget_type=\"text-editor.default\">\n\t\t\t\t\t\t\t\t\t<p>Prim\u00e1rne zdroje: Prozaick\u00e1 Edda od <span class=\"iwg-fachbegriff\" tabindex=\"0\" data-tooltip=\"Islandsk\u00fd u\u010denec (1179\u20131241); autor Prozaickej Eddy a Heimskringly.\">Snorriho Sturlusona<\/span> (najm\u00e4 Gylfaginning a Sk\u00e1ldskaparm\u00e1l), Pies\u0148ov\u00e1 Edda (Thrymskvida, H\u00e0rbardslj\u00f3d, Hymiskvi\u00f0a), Tacitova Germ\u00e1nia (kapitola 9: zmienka o kulte Donara), neskoro r\u00edmske n\u00e1pisy z Germ\u00e1nie (IOM = Iovi Optimo Maximo, \u010dasto Thorov <span class=\"iwg-fachbegriff\" data-tooltip=\"Zl\u00fa\u010denie predst\u00e1v alebo bo\u017estiev z r\u00f4znych n\u00e1bo\u017eensk\u00fdch trad\u00edci\u00ed.\" tabindex=\"0\">synkretizmus<\/span>), runov\u00e9 n\u00e1pisy.<\/p><p>\u010casov\u00e9 rozp\u00e4tie: 1. storo\u010die pred Kr. a\u017e 13. storo\u010die po Kr. B\u00e1datelia: Rudolf Simek, Jan de Vries, Folke Str\u00f6m, Kurt N\u00e4sstr\u00f6m, Jens Peter Schj\u00f8dt. Archeologick\u00e9 n\u00e1lezy: amulety s Mj\u00f6lnirom, obetn\u00e9 n\u00e1lezy, <span class=\"iwg-fachbegriff\" data-tooltip=\"Stavba sl\u00fa\u017eiaca na uctievanie jedn\u00e9ho alebo viacer\u00fdch bo\u017estiev.\" tabindex=\"0\">chr\u00e1my<\/span> v Uppsale a Lade.<\/p>\t\t\t\t\t\t\t\t<\/div>\n\t\t\t\t\t<\/div>\n\t\t\t\t<\/div>\n\t\t\t\t<\/div>\n\t\t\t\t\t<\/div>\n\t\t\t\t<\/div>\n\t\t<div class=\"elementor-element elementor-element-3ae0637c e-flex e-con-boxed e-con e-parent\" data-id=\"3ae0637c\" data-element_type=\"container\" data-e-type=\"container\">\n\t\t\t\t\t<div class=\"e-con-inner\">\n\t\t\t\t<div class=\"elementor-element elementor-element-31d07739 elementor-widget elementor-widget-heading\" data-id=\"31d07739\" data-element_type=\"widget\" data-e-type=\"widget\" data-widget_type=\"heading.default\">\n\t\t\t\t\t<h2 class=\"elementor-heading-title elementor-size-default\">Ozna\u010denie a sp\u00f4soby z\u00e1pisu<\/h2>\t\t\t\t<\/div>\n\t\t<div class=\"elementor-element elementor-element-b7642947 e-con-full e-flex e-con e-child\" data-id=\"b7642947\" data-element_type=\"container\" data-e-type=\"container\">\n\t\t\t\t<div class=\"elementor-element elementor-element-a086266 elementor-widget elementor-widget-text-editor\" data-id=\"a086266\" data-element_type=\"widget\" data-e-type=\"widget\" data-widget_type=\"text-editor.default\">\n\t\t\t\t\t\t\t\t\t<p>Thor je v r\u00f4znych prame\u0148och a umeleck\u00fdch trad\u00edci\u00e1ch zobrazovan\u00fd s ur\u010dit\u00fdmi opakuj\u00facimi sa ikonografick\u00fdmi prvkami, ktor\u00e9 zost\u00e1vaj\u00fa relat\u00edvne st\u00e1le v priebehu desa\u0165ro\u010d\u00ed a r\u00f4znych geografick\u00fdch oblast\u00ed. Tieto prvky nie s\u00fa \u010disto dekorat\u00edvne alebo n\u00e1hodn\u00e9, ale s\u00fa hlboko symbolicky k\u00f3dovan\u00e9 a nes\u00fa ve\u013ek\u00fd v\u00fdznam.<\/p><p>Thorove atrib\u00faty tvoria \u010ditate\u013en\u00fd znakov\u00fd syst\u00e9m: kladivo Mj\u00f6lnir vyjadruje jeho moc nad bleskom a hromom a ochranu bohov i \u013eud\u00ed, opasok sily Megingj\u00f6r\u00f0 a \u017eelezn\u00e9 rukavice odkazuj\u00fa na jeho telesn\u00fa silu, voz \u0165ahan\u00fd dvomi capmi na jeho cesty medzi svetmi. Kto poznal Eddu a seversk\u00fa v\u00fdtvarn\u00fa trad\u00edciu, okam\u017eite rozpoznal pod\u013ea t\u00fdchto znakov kompetenciu a postavenie boha hromu: moc nad po\u010das\u00edm, obranu proti obrom a napokon boj proti Midgardsk\u00e9mu hadovi. Ka\u017ed\u00fd detail, od ry\u0161avej brady a\u017e po zbra\u0148, bol pevne stanoven\u00fd a takto sa \u010falej odovzd\u00e1val.<\/p>\t\t\t\t\t\t\t\t<\/div>\n\t\t\t\t<\/div>\n\t\t\t\t\t<\/div>\n\t\t\t\t<\/div>\n\t\t<div class=\"elementor-element elementor-element-709a44a8 e-flex e-con-boxed e-con e-parent\" data-id=\"709a44a8\" data-element_type=\"container\" data-e-type=\"container\">\n\t\t\t\t\t<div class=\"e-con-inner\">\n\t\t\t\t<div class=\"elementor-element elementor-element-2f585873 elementor-widget elementor-widget-heading\" data-id=\"2f585873\" data-element_type=\"widget\" data-e-type=\"widget\" data-widget_type=\"heading.default\">\n\t\t\t\t\t<h2 class=\"elementor-heading-title elementor-size-default\">Charakteristiky<\/h2>\t\t\t\t<\/div>\n\t\t<div class=\"elementor-element elementor-element-70621c12 e-con-full e-flex e-con e-child\" data-id=\"70621c12\" data-element_type=\"container\" data-e-type=\"container\">\n\t\t\t\t<div class=\"elementor-element elementor-element-4296eb49 elementor-widget elementor-widget-text-editor\" data-id=\"4296eb49\" data-element_type=\"widget\" data-e-type=\"widget\" data-widget_type=\"text-editor.default\">\n\t\t\t\t\t\t\t\t\t<p>Thor mal \u00fastredn\u00e9 postavenie v n\u00e1bo\u017eenskej praxi, v ka\u017edodenn\u00fdch ritu\u00e1loch a v be\u017enom ch\u00e1pan\u00ed germ\u00e1nskej trad\u00edcie. \u013dudia sa v kritick\u00fdch alebo ur\u010dit\u00fdch \u017eivotn\u00fdch situ\u00e1ci\u00e1ch, \u010di v ur\u010dit\u00fdch ritu\u00e1lnych obdobiach roka, obracali na t\u00fato bytos\u0165 so \u0161trukt\u00farovan\u00fdmi, \u010dasto n\u00e1ro\u010dn\u00fdmi ritu\u00e1lmi, modlitbami alebo obetn\u00fdmi darmi.<\/p><p>Uctievanie Thora sa riadilo pevn\u00fdmi formami: obetn\u00e9 \u00fakony, tzv. bl\u00f3t, sa konali pri ur\u010dit\u00fdch pr\u00edle\u017eitostiach a viedli ich godovia, teda osoby, ktor\u00e9 v severskej spolo\u010dnosti zast\u00e1vali s\u00fa\u010dasne k\u0148azsk\u00e9 a pr\u00e1vne \u00falohy. Aj \u017eehnanie znakom kladiva pri svadb\u00e1ch a vysv\u00e4teniach nebolo spont\u00e1nnym zvykom, ale tradovanou praxou.<\/p><p>To, \u017ee pr\u00edvesky s Thorov\u00fdm kladivom sa nosili po\u010das celej doby vikingov a ukladali do hrobov, dokazuje, ak\u00fa konkr\u00e9tnu pomoc od boha hromu \u013eudia o\u010dak\u00e1vali. Vz\u00fdvanie Thora sl\u00fa\u017eilo r\u00f4znym \u00fa\u010delom: malo odvr\u00e1ti\u0165 ne\u0161\u0165astie od dvora a plavby, sprev\u00e1dzalo vysv\u00e4tenia a svadby ako \u00fakon po\u017eehnania a znak kladiva ozna\u010doval prechody ako uzavretie man\u017eelstva alebo pohreb.<\/p>\t\t\t\t\t\t\t\t<\/div>\n\t\t\t\t<\/div>\n\t\t\t\t\t<\/div>\n\t\t\t\t<\/div>\n\t\t<div class=\"elementor-element elementor-element-44e71476 e-flex e-con-boxed e-con e-parent\" data-id=\"44e71476\" data-element_type=\"container\" data-e-type=\"container\">\n\t\t\t\t\t<div class=\"e-con-inner\">\n\t\t\t\t<div class=\"elementor-element elementor-element-3c1fc3f0 elementor-widget elementor-widget-heading\" data-id=\"3c1fc3f0\" data-element_type=\"widget\" data-e-type=\"widget\" data-widget_type=\"heading.default\">\n\t\t\t\t\t<h2 class=\"elementor-heading-title elementor-size-default\">Profil: Thor<\/h2>\t\t\t\t<\/div>\n\t\t<div class=\"elementor-element elementor-element-84f33b8e e-con-full e-flex e-con e-child\" data-id=\"84f33b8e\" data-element_type=\"container\" data-e-type=\"container\">\n\t\t\t\t<div class=\"elementor-element elementor-element-hqkdc67p elementor-widget elementor-widget-text-editor\" data-id=\"hqkdc67p\" data-element_type=\"widget\" data-e-type=\"widget\" data-widget_type=\"text-editor.default\">\n\t\t\t\t\t\t\t\t\t<p>Profil vysvet\u013euje Thorovu podstatu prostredn\u00edctvom \u0161iestich rozmerov: jeho mytologicko-genealogick\u00fd p\u00f4vod, uctievanie medzi bojovn\u00edkmi a ro\u013en\u00edkmi, jeho charakteristick\u00fa ikonografiu boha sily s kladivom, v\u00fdznam <span class=\"iwg-fachbegriff\" data-tooltip=\"Prosebn\u00e9 alebo zakl\u00ednacie oslovenie bo\u017estva alebo moci.\" tabindex=\"0\">vz\u00fdvania<\/span> a bo\u017eskej ochrany, porovnate\u013en\u00e9 postavy v in\u00fdch indoeur\u00f3pskych a susedn\u00fdch kult\u00farach a z\u00e1vere\u010dn\u00fa synt\u00e9zu jeho \u00falohy v kozmickom boji proti chaosu.<\/p>\t\t\t\t\t\t\t\t<\/div>\n\t\t\t\t<\/div>\n\t\t<div class=\"elementor-element elementor-element-pemmx7c5 e-con-full e-flex e-con e-child\" data-id=\"pemmx7c5\" data-element_type=\"container\" data-e-type=\"container\">\n\t\t<div class=\"elementor-element elementor-element-pemmx7c1 e-con-full e-flex e-con e-child\" data-id=\"pemmx7c1\" data-element_type=\"container\" data-e-type=\"container\">\n\t\t<div class=\"elementor-element elementor-element-qh9oavvu iwg-steckbrief-card e-flex e-con-boxed e-con e-child\" data-id=\"qh9oavvu\" data-element_type=\"container\" data-e-type=\"container\">\n\t\t\t\t\t<div class=\"e-con-inner\">\n\t\t\t\t<div class=\"elementor-element elementor-element-awzx8k2k elementor-widget elementor-widget-heading\" data-id=\"awzx8k2k\" data-element_type=\"widget\" data-e-type=\"widget\" data-widget_type=\"heading.default\">\n\t\t\t\t\t<div class=\"elementor-heading-title elementor-size-default\">Thorov p\u00f4vod<\/div>\t\t\t\t<\/div>\n\t\t\t\t<div class=\"elementor-element elementor-element-x6rowhv0 elementor-widget elementor-widget-text-editor\" data-id=\"x6rowhv0\" data-element_type=\"widget\" data-e-type=\"widget\" data-widget_type=\"text-editor.default\">\n\t\t\t\t\t\t\t\t\t<p>Thor je odvoden\u00fd od indoeur\u00f3pskych bohov hromu a po\u010dasia (Indra, Zeus, Iuppiter). V germ\u00e1nskej <span class=\"iwg-fachbegriff\" data-tooltip=\"S\u00fabor tradovan\u00fdch rozpr\u00e1van\u00ed o bohoch danej kult\u00fary.\" tabindex=\"0\">mytol\u00f3gii<\/span> siaha jeho po\u010diatok do rannej predkres\u0165anskej <span class=\"iwg-fachbegriff\" data-tooltip=\"Predhistorick\u00e1 epocha nasleduj\u00faca po bronzovej dobe, charakterizovan\u00e1 spracovan\u00edm \u017eeleza.\" tabindex=\"0\">doby \u017eeleznej<\/span> (asi 500 pred Kr. a\u017e 1000 po Kr.).<\/p><p>Tacitus spom\u00edna jeho <span class=\"iwg-fachbegriff\" data-tooltip=\"S\u00fabor n\u00e1bo\u017eensk\u00fdch \u00factov\u00fdch \u00fakonov vo\u010di bo\u017estvu alebo sv\u00e4tej postave.\" tabindex=\"0\">kult<\/span> pod menom Donar u Chattov a Bat\u00e1vov. Skandin\u00e1vske prameny (Edda) boli zap\u00edsan\u00e9 okolo roku 1200 po Kr., ale zachov\u00e1vaj\u00fa star\u0161ie \u00fastne trad\u00edcie. Trojica bohov zlo\u017een\u00e1 z Wodana, Donara\/Thora a Tiwaza bola v Germ\u00e1nii ve\u013emi roz\u0161\u00edren\u00e1.<\/p>\t\t\t\t\t\t\t\t<\/div>\n\t\t\t\t\t<\/div>\n\t\t\t\t<\/div>\n\t\t<div class=\"elementor-element elementor-element-8e3o4kxs iwg-steckbrief-card e-flex e-con-boxed e-con e-child\" data-id=\"8e3o4kxs\" data-element_type=\"container\" data-e-type=\"container\">\n\t\t\t\t\t<div class=\"e-con-inner\">\n\t\t\t\t<div class=\"elementor-element elementor-element-08rkdgov elementor-widget elementor-widget-heading\" data-id=\"08rkdgov\" data-element_type=\"widget\" data-e-type=\"widget\" data-widget_type=\"heading.default\">\n\t\t\t\t\t<div class=\"elementor-heading-title elementor-size-default\">Adres\u00e1ti<\/div>\t\t\t\t<\/div>\n\t\t\t\t<div class=\"elementor-element elementor-element-uwjelx8s elementor-widget elementor-widget-text-editor\" data-id=\"uwjelx8s\" data-element_type=\"widget\" data-e-type=\"widget\" data-widget_type=\"text-editor.default\">\n\t\t\t\t\t\t\t\t\t<p>Thora vz\u00fdvali bojovn\u00edci pred bitkami, ro\u013en\u00edci pri zbere \u00farody, moreplavci i remeseln\u00edci. Zvl\u00e1\u0161\u0165 v Skandin\u00e1vii bolo uctievanie Thora demokratick\u00e9, obetovali mu kr\u00e1li aj slobodn\u00ed ro\u013en\u00edci.<\/p><p>\u0160tvrtok (Thorsdag) bol jeho sv\u00e4t\u00fdm d\u0148om. <span class=\"iwg-fachbegriff\" data-tooltip=\"P\u00edsmo germ\u00e1nskych n\u00e1rodov, pou\u017e\u00edvan\u00e9 aj na ochrann\u00e9 a zakl\u00ednacie formuly.\" tabindex=\"0\">Runov\u00e9<\/span> amulety s Mj\u00f6lnirom nosili bojovn\u00edci. Na Islande bola pr\u00edsaha na Thorov <span class=\"iwg-fachbegriff\" data-tooltip=\"Vyv\u00fd\u0161en\u00e9 miesto alebo st\u00f4l na obety a n\u00e1bo\u017eensk\u00e9 \u00fakony.\" tabindex=\"0\">olt\u00e1r<\/span> z\u00e1v\u00e4znej\u0161ia ne\u017e na olt\u00e1re in\u00fdch bohov. Berserkri (bojovn\u00edci v bojovom \u0161ialenstve) uctievali Thora ako boha bojovej pr\u00edsahy.<\/p>\t\t\t\t\t\t\t\t<\/div>\n\t\t\t\t\t<\/div>\n\t\t\t\t<\/div>\n\t\t<div class=\"elementor-element elementor-element-jm2n74ec iwg-steckbrief-card e-flex e-con-boxed e-con e-child\" data-id=\"jm2n74ec\" data-element_type=\"container\" data-e-type=\"container\">\n\t\t\t\t\t<div class=\"e-con-inner\">\n\t\t\t\t<div class=\"elementor-element elementor-element-8vufse4c elementor-widget elementor-widget-heading\" data-id=\"8vufse4c\" data-element_type=\"widget\" data-e-type=\"widget\" data-widget_type=\"heading.default\">\n\t\t\t\t\t<div class=\"elementor-heading-title elementor-size-default\">Thorov v\u00fdzor<\/div>\t\t\t\t<\/div>\n\t\t\t\t<div class=\"elementor-element elementor-element-mwb9u015 elementor-widget elementor-widget-text-editor\" data-id=\"mwb9u015\" data-element_type=\"widget\" data-e-type=\"widget\" data-widget_type=\"text-editor.default\">\n\t\t\t\t\t\t\t\t\t<p>Thor bol zobrazovan\u00fd ako vysok\u00fd, bradat\u00fd mu\u017e s ry\u0161av\u00fdmi vlasmi a bradou, svalnat\u00fd a siln\u00fd. Jeho hlavn\u00fdmi atrib\u00fatmi s\u00fa kladivo Mj\u00f6lnir (<span class=\"iwg-fachbegriff\" data-tooltip=\"Znak, ktor\u00fd zastupuje predstavu alebo v\u00fdznam.\" tabindex=\"0\">symbol<\/span> \u00faderu bleskom a sily), jeho opasok Megingj\u00f6rdr (opasok sily) a jeho \u017eelezn\u00e9 rukavice.<\/p><p>V run\u00e1ch bol zobrazovan\u00fd znakom Thorovho kladiva. Archeologick\u00e9 n\u00e1lezy dokazuj\u00fa existenciu amuletov Mj\u00f6lnir zo striebra a bronzu. V ikonografii jazd\u00ed na voze \u0165ahanom kozami po nebi a sp\u00f4sobuje hrmenie.<\/p>\t\t\t\t\t\t\t\t<\/div>\n\t\t\t\t\t<\/div>\n\t\t\t\t<\/div>\n\t\t\t\t<\/div>\n\t\t<div class=\"elementor-element elementor-element-pemmx7c2 e-con-full e-flex e-con e-child\" data-id=\"pemmx7c2\" data-element_type=\"container\" data-e-type=\"container\">\n\t\t<div class=\"elementor-element elementor-element-37ss2yr6 iwg-steckbrief-card e-flex e-con-boxed e-con e-child\" data-id=\"37ss2yr6\" data-element_type=\"container\" data-e-type=\"container\">\n\t\t\t\t\t<div class=\"e-con-inner\">\n\t\t\t\t<div class=\"elementor-element elementor-element-3v0wp3wx elementor-widget elementor-widget-heading\" data-id=\"3v0wp3wx\" data-element_type=\"widget\" data-e-type=\"widget\" data-widget_type=\"heading.default\">\n\t\t\t\t\t<div class=\"elementor-heading-title elementor-size-default\">P\u00f4sobenie<\/div>\t\t\t\t<\/div>\n\t\t\t\t<div class=\"elementor-element elementor-element-w3247g2m elementor-widget elementor-widget-text-editor\" data-id=\"w3247g2m\" data-element_type=\"widget\" data-e-type=\"widget\" data-widget_type=\"text-editor.default\">\n\t\t\t\t\t\t\t\t\t<p>Thorovi sa pripisovala schopnos\u0165 vrha\u0165 blesky, privol\u00e1va\u0165 d\u00e1\u017e\u010f a rozdrvi\u0165 nepriate\u013eov. Jeho sila bola mimoriadna, mohol zab\u00edja\u0165 obrov a dokonca zrani\u0165 Midgardsk\u00e9ho hada (nie v\u0161ak zabi\u0165, preto\u017ee ten pre\u017e\u00edva a\u017e do Ragnar\u00f6ku).<\/p><p>Svoj\u00edm kladivom Mj\u00f6lnir sa Thor mohol chr\u00e1ni\u0165 a zahna\u0165 svojich nepriate\u013eov. Jeho <span class=\"iwg-fachbegriff\" data-tooltip=\"Udelenie blaha a ochrany, \u010dasto vo pevnej jazykovej forme.\" tabindex=\"0\">po\u017eehnanie<\/span> zais\u0165ovalo bohat\u00fa \u00farodu a v\u00ed\u0165azstvo vo vojn\u00e1ch. Kliatby proti Thorovi sa pova\u017eovali za obzvl\u00e1\u0161\u0165 \u0165a\u017ek\u00e9 a vy\u017eadovali siln\u00e9 protiopatrenia.<\/p>\t\t\t\t\t\t\t\t<\/div>\n\t\t\t\t\t<\/div>\n\t\t\t\t<\/div>\n\t\t<div class=\"elementor-element elementor-element-0qpjal9w iwg-steckbrief-card e-flex e-con-boxed e-con e-child\" data-id=\"0qpjal9w\" data-element_type=\"container\" data-e-type=\"container\">\n\t\t\t\t\t<div class=\"e-con-inner\">\n\t\t\t\t<div class=\"elementor-element elementor-element-6ndoih0o elementor-widget elementor-widget-heading\" data-id=\"6ndoih0o\" data-element_type=\"widget\" data-e-type=\"widget\" data-widget_type=\"heading.default\">\n\t\t\t\t\t<div class=\"elementor-heading-title elementor-size-default\">Ochrana<\/div>\t\t\t\t<\/div>\n\t\t\t\t<div class=\"elementor-element elementor-element-6684tyh9 elementor-widget elementor-widget-text-editor\" data-id=\"6684tyh9\" data-element_type=\"widget\" data-e-type=\"widget\" data-widget_type=\"text-editor.default\">\n\t\t\t\t\t\t\t\t\t<p>Thor bol predmetom <span class=\"iwg-fachbegriff\" data-tooltip=\"Prosebn\u00e9 alebo zakl\u00ednacie oslovenie bo\u017estva alebo moci.\" tabindex=\"0\">vz\u00fdvania<\/span> a b\u00e1zlivej \u00facty, ch\u00e1pan\u00fd ako ochranca, ale z\u00e1rove\u0148 ob\u00e1van\u00e1 sila. <span class=\"iwg-fachbegriff\" data-tooltip=\"Dar bo\u017estvu na vyjadrenie v\u010faky, prosby alebo \u00facty.\" tabindex=\"0\">Obetami<\/span> boli b\u00fdky, ovce, kone a chlieb. Pred bitkami sa bojovn\u00edci zav\u00e4zovali pr\u00edsahou na Thorov <span class=\"iwg-fachbegriff\" data-tooltip=\"Vyv\u00fd\u0161en\u00e9 miesto alebo st\u00f4l na obety a n\u00e1bo\u017eensk\u00e9 \u00fakony.\" tabindex=\"0\">olt\u00e1r<\/span>. V domoch sa zavesovali amulety Mj\u00f6lnir na odh\u00e1\u0148anie zl\u00fdch s\u00edl.<\/p><p>Po\u010das b\u00farok sa k Thorovi modlili za ochranu pred bleskom. Pohania v obdob\u00ed christianiz\u00e1cie Skandin\u00e1vie sa pridr\u017eiavali uctievania Thora, preto\u017ee bolo priamej\u0161ie a hmatate\u013enej\u0161ie ne\u017e abstraktnej\u0161ie n\u00e1bo\u017eenstvo Wodana.<\/p>\t\t\t\t\t\t\t\t<\/div>\n\t\t\t\t\t<\/div>\n\t\t\t\t<\/div>\n\t\t<div class=\"elementor-element elementor-element-3lfi7x32 iwg-steckbrief-card e-flex e-con-boxed e-con e-child\" data-id=\"3lfi7x32\" data-element_type=\"container\" data-e-type=\"container\">\n\t\t\t\t\t<div class=\"e-con-inner\">\n\t\t\t\t<div class=\"elementor-element elementor-element-0kg99ga1 elementor-widget elementor-widget-heading\" data-id=\"0kg99ga1\" data-element_type=\"widget\" data-e-type=\"widget\" data-widget_type=\"heading.default\">\n\t\t\t\t\t<div class=\"elementor-heading-title elementor-size-default\">S\u00favisiace bytosti<\/div>\t\t\t\t<\/div>\n\t\t\t\t<div class=\"elementor-element elementor-element-n0fum6kp elementor-widget elementor-widget-text-editor\" data-id=\"n0fum6kp\" data-element_type=\"widget\" data-e-type=\"widget\" data-widget_type=\"text-editor.default\">\n\t\t\t\t\t\t\t\t\t<p>Zeus\/Iuppiter s\u00fa gr\u00e9cko-r\u00edmske paralely s podobn\u00fdm atrib\u00fatom (blesk, sila). Zeus je v\u0161ak prim\u00e1rne kr\u00e1\u013eom, Thor prim\u00e1rne bojovn\u00edkom a ochrancom. Indra v hinduizme je bl\u00edzkou \u0161trukt\u00farnou paralelou, bojovn\u00edk-kr\u00e1\u013e, vrha\u010d blesku, boj proti d\u00e9monom. Keltsk\u00fd Taranis vykazuje podobn\u00e9 funkcie. V slovanskom <span class=\"iwg-fachbegriff\" data-tooltip=\"S\u00fabor bohov n\u00e1bo\u017eenstva alebo kult\u00fary.\" tabindex=\"0\">pant\u00e9one<\/span> zodpoved\u00e1 Thorovi Per\u00fan.<\/p>\t\t\t\t\t\t\t\t<\/div>\n\t\t\t\t\t<\/div>\n\t\t\t\t<\/div>\n\t\t\t\t<\/div>\n\t\t\t\t<\/div>\n\t\t\t\t\t<\/div>\n\t\t\t\t<\/div>\n\t\t<div class=\"elementor-element elementor-element-5a584676 e-flex e-con-boxed e-con e-parent\" data-id=\"5a584676\" data-element_type=\"container\" data-e-type=\"container\">\n\t\t\t\t\t<div class=\"e-con-inner\">\n\t\t\t\t<div class=\"elementor-element elementor-element-6d0757bf elementor-widget elementor-widget-heading\" data-id=\"6d0757bf\" data-element_type=\"widget\" data-e-type=\"widget\" data-widget_type=\"heading.default\">\n\t\t\t\t\t<h2 class=\"elementor-heading-title elementor-size-default\">Thor, paralely v in\u00fdch kult\u00farach<\/h2>\t\t\t\t<\/div>\n\t\t<div class=\"elementor-element elementor-element-60563f68 e-con-full e-flex e-con e-child\" data-id=\"60563f68\" data-element_type=\"container\" data-e-type=\"container\">\n\t\t\t\t<div class=\"elementor-element elementor-element-5a93fdd6 elementor-widget elementor-widget-text-editor\" data-id=\"5a93fdd6\" data-element_type=\"widget\" data-e-type=\"widget\" data-widget_type=\"text-editor.default\">\n\t\t\t\t\t\t\t\t\t<p>Bohovia hromu, b\u00farky a vojny s kladivom ako ins\u00edgniou sa opakuj\u00fa v mnoh\u00fdch indoeur\u00f3pskych mytol\u00f3gi\u00e1ch; porovnate\u013en\u00fdmi postavami s\u00fa napr\u00edklad hetitsk\u00fd Tarhunna, v\u00e9dsky Indra alebo baltsk\u00fd Perk\u016bnas, kult\u00farne odli\u0161n\u00ed, ale funk\u010dne pr\u00edbuzn\u00ed.<\/p>\n<p><p><strong>\u017didovsk\u00e1 trad\u00edcia:<\/strong> V \u017eidovskej <span class=\"iwg-fachbegriff\" data-tooltip=\"Vedeck\u00e9 u\u010denie o Bohu a viere danej n\u00e1bo\u017eenskej trad\u00edcie.\" tabindex=\"0\">teol\u00f3gii<\/span> neexistuje boh hromu alebo po\u010dasia podobn\u00fd Thorovi. JHVH sa prejavuje v b\u00farke (<span class=\"iwg-fachbegriff\" tabindex=\"0\" data-tooltip=\"Zjavenie Boha, uk\u00e1zanie sa bo\u017estva \u013eu\u010fom; klasick\u00fdm pr\u00edkladom je teof\u00e1nia na Sinaji.\">teof\u00e1nia<\/span> na Sinaji), ale Thor je viac zameran\u00fd na vedenie vojny a ochranu. Nejde o priamu paralelu, ale o \u0161truktur\u00e1lnu podobnos\u0165 v manifest\u00e1cii sily.<\/p><p><strong>Gr\u00e9cko-r\u00edmsky svet:<\/strong> Zeus a jeho r\u00edmsky protiklad Iuppiter s\u00fa najbli\u017e\u0161ie porovnania, vrhanie blesku, kr\u00e1\u013eovsk\u00e1 moc. Zeus je v\u0161ak vy\u0161\u0161ie v hierarchii a je prim\u00e1rne kr\u00e1\u013eom, k\u00fdm Thor stoj\u00ed pod viacer\u00fdmi bohmi a m\u00e1 \u00falohu ochrancu. Ares zdie\u013ea s Thorom vojnov\u00e9 aspekty, ale bez funkcie boha po\u010dasia.<\/p><p><strong>Mezopot\u00e1mia:<\/strong> Adad\/Hadad je boh po\u010dasia s podobnou funkciou blesku, ale menej osobn\u00fd a dramatick\u00fd ne\u017e Thor. Ninurta je boh vojny s porovnate\u013en\u00fdm bojov\u00fdm pr\u00edbehom, ale bez aspektu hromu.<\/p><p><strong>India\/\u00c1zia:<\/strong> Indra je najsilnej\u0161ou paralelou, vojnov\u00fd kr\u00e1\u013e, vrha\u010d blesku (Vad\u017era), boj proti d\u00e9monom (Vritra). Nesk\u00f4r ho zatienili Vi\u0161nu a \u0160iva, ale \u0161truktur\u00e1lne je toto\u017en\u00fd. V budhizme m\u00e1 \u0160akra\/Indra men\u0161\u00ed v\u00fdznam, ale nestr\u00e1ca svoje atrib\u00faty.<\/p>\t\t\t\t\t\t\t\t<\/div>\n\t\t\t\t<\/div>\n\t\t\t\t\t<\/div>\n\t\t\t\t<\/div>\n\t\t<div class=\"elementor-element elementor-element-cpaa94cb7 e-flex e-con-boxed e-con e-parent\" data-id=\"cpaa94cb7\" data-element_type=\"container\" data-e-type=\"container\">\n\t\t\t\t\t<div class=\"e-con-inner\">\n\t\t\t\t<div class=\"elementor-element elementor-element-cp54feb73 elementor-widget elementor-widget-heading\" data-id=\"cp54feb73\" data-element_type=\"widget\" data-e-type=\"widget\" data-widget_type=\"heading.default\">\n\t\t\t\t\t<h2 class=\"elementor-heading-title elementor-size-default\">Thorov rybolov na Midgardsk\u00e9ho hada<\/h2>\t\t\t\t<\/div>\n\t\t<div class=\"elementor-element elementor-element-cp581887b e-con-full e-flex e-con e-child\" data-id=\"cp581887b\" data-element_type=\"container\" data-e-type=\"container\">\n\t\t\t\t<div class=\"elementor-element elementor-element-cpb0e0265 elementor-widget elementor-widget-text-editor\" data-id=\"cpb0e0265\" data-element_type=\"widget\" data-e-type=\"widget\" data-widget_type=\"text-editor.default\">\n\t\t\t\t\t\t\t\t\t<p>Jedn\u00fdm z najzn\u00e1mej\u0161\u00edch samostatn\u00fdch pr\u00edbehov o Thorovi je jeho ryb\u00e1rsky v\u00fdlet, po\u010das ktor\u00e9ho vytiahne z mora svetov\u00fd hada J\u00f6rmungandra. <span class=\"iwg-fachbegriff\" data-tooltip=\"Tradovan\u00fd pr\u00edbeh o bohoch, p\u00f4vode a poriadku svet.\" tabindex=\"0\">M\u00fdtus<\/span> sa zachoval vo viacer\u00fdch verzi\u00e1ch: v eddickej b\u00e1sni <em>Hymiskvi\u00f0a<\/em>, v <em>Prozaickej Edde<\/em> Snorriho Sturlusona a v n\u00e1znakoch viacer\u00fdch skaldsk\u00fdch b\u00e1sn\u00ed, napr\u00edklad v <em>H\u00fasdr\u00e1pe<\/em> \u00dalfra Uggasona.<\/p><p>Thor sa vyberie k obrovi Hymirovi, aby s n\u00edm vypl\u00e1val na more. Ako n\u00e1vnadu odtrhne obrovmu volovi hlavu. Na mori Thor odpl\u00e1va \u010faleko za obvykl\u00e9 ryb\u00e1rske rev\u00edry, a\u017e sa Hymir za\u010dne b\u00e1\u0165.<\/p><p>Thor nahod\u00ed udicu s volskou hlavou a Midgardsk\u00fd had sa chyt\u00ed. Nasleduje obrovsk\u00fd z\u00e1pas.<\/p><p>Thor sa vzpiera tak silno, \u017ee mu nohy prerazia dno lode a n\u00e1jdu oporu na morskom dne. Vytiahne hada tak, \u017ee jeho hlava sa vynor\u00ed nad okraj lode, a rozm\u00e1chne sa kladivom.<\/p><p>V tomto momente sa verzie rozch\u00e1dzaj\u00fa. Pod\u013ea Snorriho vydesen\u00fd Hymir presek\u00e1 udicov\u00fa \u0161n\u00faru, tak\u017ee had klesne sp\u00e4\u0165 do mora; Thorova rana bu\u010f mieri do pr\u00e1zdna, alebo hada iba zasiahne. In\u00e9 n\u00e1znaky prip\u00fa\u0161\u0165aj\u00fa, \u017ee Thor \u00fadar skuto\u010dne dokon\u010d\u00ed.<\/p><p>B\u00e1datelia vidia v tejto epiz\u00f3de obrazov\u00e9 predznamenanie kone\u010dn\u00e9ho stretnutia po\u010das z\u00e1niku svetov. Viacer\u00e9 kamenn\u00e9 reli\u00e9fy, medzi nimi n\u00e1lezy zo \u0160v\u00e9dska, Anglicka a D\u00e1nska, zobrazuj\u00fa sc\u00e9nu, ktor\u00e1 sa zvy\u010dajne vyklad\u00e1 pr\u00e1ve ako tento ryb\u00e1rsky v\u00fdlet, \u010do dokazuje ve\u013ek\u00fa popularitu tohto pr\u00edbehu u\u017e vo vikingskej dobe.<\/p>\t\t\t\t\t\t\t\t<\/div>\n\t\t\t\t<\/div>\n\t\t\t\t\t<\/div>\n\t\t\t\t<\/div>\n\t\t<div class=\"elementor-element elementor-element-cped84c2c e-flex e-con-boxed e-con e-parent\" data-id=\"cped84c2c\" data-element_type=\"container\" data-e-type=\"container\">\n\t\t\t\t\t<div class=\"e-con-inner\">\n\t\t\t\t<div class=\"elementor-element elementor-element-cp12f9869 elementor-widget elementor-widget-heading\" data-id=\"cp12f9869\" data-element_type=\"widget\" data-e-type=\"widget\" data-widget_type=\"heading.default\">\n\t\t\t\t\t<h2 class=\"elementor-heading-title elementor-size-default\">Mj\u00f6lnir: m\u00fdtus o vzniku, funkcia a archeologick\u00e9 n\u00e1lezy<\/h2>\t\t\t\t<\/div>\n\t\t<div class=\"elementor-element elementor-element-cp83bbc93 e-con-full e-flex e-con e-child\" data-id=\"cp83bbc93\" data-element_type=\"container\" data-e-type=\"container\">\n\t\t\t\t<div class=\"elementor-element elementor-element-cpca15ba8 elementor-widget elementor-widget-text-editor\" data-id=\"cpca15ba8\" data-element_type=\"widget\" data-e-type=\"widget\" data-widget_type=\"text-editor.default\">\n\t\t\t\t\t\t\t\t\t<p>Thorovo kladivo Mj\u00f6lnir je jeho najd\u00f4le\u017eitej\u0161\u00edm atrib\u00fatom. Snorri v <em>Prozaickej Edde<\/em> rozpr\u00e1va, ako kladivo vzniklo. Loki dal trpasl\u00edkom, synom Ivaldiho a bratom Brokkovi a Eitrimu, vyrobi\u0165 vz\u00e1cne predmety.<\/p><p>V s\u00fa\u0165a\u017ei o najlep\u0161ie dielo vytvorili Brokk a Eitri kladivo, ale preto\u017ee Loki v podobe muchy vyru\u0161oval trpasl\u00edka pri mechu, rukov\u00e4\u0165 vy\u0161la pr\u00edli\u0161 kr\u00e1tka. Napriek tejto chybe sa Mj\u00f6lnir pova\u017eoval za najhodnotnej\u0161ie dielo, preto\u017ee nikdy neminulo cie\u013e a po vrhu sa vracalo sp\u00e4\u0165 do ruky.<\/p><p>Mj\u00f6lnir nie je len zbra\u0148ou proti obrom, ale aj n\u00e1strojom <span class=\"iwg-fachbegriff\" data-tooltip=\"Ritu\u00e1lny akt, ktor\u00fdm sa predmet, miesto alebo osoba odovzd\u00e1va do n\u00e1bo\u017eenskej sf\u00e9ry.\" tabindex=\"0\">posv\u00e4tenia<\/span>. V <em>\u00derymskvide<\/em> sa kladivo pou\u017eije na po\u017eehnanie nevesty a aj inak sa objavuje ako posv\u00e4cuj\u00faci n\u00e1stroj, napr\u00edklad pri o\u017eiven\u00ed Thorov\u00fdch capov.<\/p><p>T\u00e1to dvojit\u00e1 funkcia, ni\u010div\u00e1 a posv\u00e4cuj\u00faca moc, je pre pochopenie Thora z\u00e1sadn\u00e1.<\/p><p>Archeologicky je Mj\u00f6lnir dolo\u017een\u00fd mnoh\u00fdmi kladivkov\u00fdmi amuletmi, mal\u00fdmi pr\u00edvesmi zo striebra, bronzu alebo \u017eeleza, n\u00e1jden\u00fdmi v celej Skandin\u00e1vii a v oblastiach ovplyvnen\u00fdch Vikingami. Ich roz\u0161\u00edrenie nar\u00e1stlo v 10. storo\u010d\u00ed, teda pr\u00e1ve v obdob\u00ed nastupuj\u00facej christianiz\u00e1cie.<\/p><p>B\u00e1datelia to \u010diasto\u010dne vysvet\u013euj\u00fa ako vedom\u00e9 pohansk\u00e9 vyznanie v protiklade k kres\u0165ansk\u00e9mu kr\u00ed\u017eu. N\u00e1lez odlievacej formy z D\u00e1nska, v ktorej sa dali odlieva\u0165 z\u00e1rove\u0148 kr\u00ed\u017e aj kladivo, ukazuje n\u00e1bo\u017eensk\u00fa s\u00fa\u010dasnos\u0165 tejto doby zvl\u00e1\u0161\u0165 v\u00fdsti\u017ene.<\/p>\t\t\t\t\t\t\t\t<\/div>\n\t\t\t\t<\/div>\n\t\t\t\t\t<\/div>\n\t\t\t\t<\/div>\n\t\t<div class=\"elementor-element elementor-element-cp9b6b7d4 e-flex e-con-boxed e-con e-parent\" data-id=\"cp9b6b7d4\" data-element_type=\"container\" data-e-type=\"container\">\n\t\t\t\t\t<div class=\"e-con-inner\">\n\t\t\t\t<div class=\"elementor-element elementor-element-cp42a88ae elementor-widget elementor-widget-heading\" data-id=\"cp42a88ae\" data-element_type=\"widget\" data-e-type=\"widget\" data-widget_type=\"heading.default\">\n\t\t\t\t\t<h2 class=\"elementor-heading-title elementor-size-default\">Thor v n\u00e1bo\u017eenskej praxi vikingskej doby<\/h2>\t\t\t\t<\/div>\n\t\t<div class=\"elementor-element elementor-element-cp1f657a0 e-con-full e-flex e-con e-child\" data-id=\"cp1f657a0\" data-element_type=\"container\" data-e-type=\"container\">\n\t\t\t\t<div class=\"elementor-element elementor-element-cp07126b7 elementor-widget elementor-widget-text-editor\" data-id=\"cp07126b7\" data-element_type=\"widget\" data-e-type=\"widget\" data-widget_type=\"text-editor.default\">\n\t\t\t\t\t\t\t\t\t<p>Thor nebol vzdialen\u00fdm bohom, ale <span class=\"iwg-fachbegriff\" data-tooltip=\"Bytos\u0165 uctievan\u00e1 ako bo\u017esk\u00e1 v r\u00e1mci n\u00e1bo\u017eenstva.\" tabindex=\"0\">bo\u017estvom<\/span>, ktor\u00e9 bolo v ka\u017edodennom \u017eivote uctievan\u00e9 ve\u013emi \u0161irokou vrstvou obyvate\u013estva, mo\u017eno najpopul\u00e1rnej\u0161\u00edm medzi sedliakmi a slobodn\u00fdmi \u013eu\u010fmi. Na to poukazuje viacero d\u00f4kazov.<\/p><p>Po prv\u00e9 osobn\u00e9 men\u00e1: men\u00e1 utvoren\u00e9 s prvkom Thor, napr\u00edklad Thorsteinn, Thorgeirr alebo Thorger\u00f0r, patria k naj\u010dastej\u0161\u00edm v starosevernom <span class=\"iwg-fachbegriff\" data-tooltip=\"Odovzd\u00e1vanie vedomost\u00ed a pr\u00edbehov medzi gener\u00e1ciami.\" tabindex=\"0\">podan\u00ed<\/span>. Po druh\u00e9 miestne n\u00e1zvy: v N\u00f3rsku, \u0160v\u00e9dsku, D\u00e1nsku a v oblastiach os\u00eddlen\u00fdch Severanmi sa nach\u00e1dza mnoho miest, ktor\u00fdch n\u00e1zov odkazuje na Thorov <span class=\"iwg-fachbegriff\" data-tooltip=\"S\u00fabor n\u00e1bo\u017eensk\u00fdch \u00factov\u00fdch \u00fakonov vo\u010di bo\u017estvu alebo sv\u00e4tej postave.\" tabindex=\"0\">kult<\/span>.<\/p><p>Islandsk\u00e9 s\u00e1gy, najm\u00e4 <em>Eyrbyggja saga<\/em> a <em>Landn\u00e1mab\u00f3k<\/em>, opisuj\u00fa usadl\u00edkov, ktor\u00ed boli Thorovi zvl\u00e1\u0161\u0165 oddan\u00ed, zasv\u00e4tili mu <span class=\"iwg-fachbegriff\" data-tooltip=\"Stavba sl\u00fa\u017eiaca na uctievanie jedn\u00e9ho alebo viacer\u00fdch bo\u017estiev.\" tabindex=\"0\">chr\u00e1m<\/span> alebo hodili do mora jeho dreven\u00e9 st\u013apy, aby tak n\u00e1jdi miesto na os\u00eddlenie, ktor\u00e9 on ur\u010dil. Tieto spr\u00e1vy s\u00fa v\u0161ak neskor\u0161ie, kres\u0165ansky prepracovan\u00e9 a treba k nim pristupova\u0165 s opatrnos\u0165ou.<\/p><p>Adam z Br\u00e9m v 11. storo\u010d\u00ed popisuje <span class=\"iwg-fachbegriff\" data-tooltip=\"Stavba sl\u00fa\u017eiaca na uctievanie jedn\u00e9ho alebo viacer\u00fdch bo\u017estiev.\" tabindex=\"0\">chr\u00e1m<\/span> v Upsale a zobrazuje Thora v \u0148om uprostred medzi Wodanom a Friccom; Thor vraj vl\u00e1dne nad hromom, vetrom, da\u017e\u010fom, dobr\u00fdm po\u010das\u00edm a po\u013enou \u00farodou.<\/p><p>Aj ke\u010f Adamova spr\u00e1va poch\u00e1dza z kres\u0165ansk\u00e9ho vonkaj\u0161ieho poh\u013eadu a nie je vo v\u0161etk\u00fdch detailoch spo\u013eahliv\u00e1, potvrdzuje v\u00fdznam Thora pre po\u010dasie a \u00farodu, teda pre \u017eivotn\u00e9 z\u00e1klady ro\u013en\u00edckeho obyvate\u013estva.<\/p><p>Z religionistick\u00e9ho h\u013eadiska sa tak ukazuje obraz boha, ktor\u00fd bol sp\u00e1jan\u00fd menej s vl\u00e1dou a vojnou a viac s ochranou, poriadkom a plodnos\u0165ou, boha dom\u00e1cnosti a spolo\u010denstva.<\/p>\t\t\t\t\t\t\t\t<\/div>\n\t\t\t\t<\/div>\n\t\t\t\t\t<\/div>\n\t\t\t\t<\/div>\n\t\t<div class=\"elementor-element elementor-element-cp8e4387d e-flex e-con-boxed e-con e-parent\" data-id=\"cp8e4387d\" data-element_type=\"container\" data-e-type=\"container\">\n\t\t\t\t\t<div class=\"e-con-inner\">\n\t\t\t\t<div class=\"elementor-element elementor-element-cp6d78bd4 elementor-widget elementor-widget-heading\" data-id=\"cp6d78bd4\" data-element_type=\"widget\" data-e-type=\"widget\" data-widget_type=\"heading.default\">\n\t\t\t\t\t<h2 class=\"elementor-heading-title elementor-size-default\">Boh hromu v indoeur\u00f3pskom porovnan\u00ed<\/h2>\t\t\t\t<\/div>\n\t\t<div class=\"elementor-element elementor-element-cpfaac837 e-con-full e-flex e-con e-child\" data-id=\"cpfaac837\" data-element_type=\"container\" data-e-type=\"container\">\n\t\t\t\t<div class=\"elementor-element elementor-element-cpc407166 elementor-widget elementor-widget-text-editor\" data-id=\"cpc407166\" data-element_type=\"widget\" data-e-type=\"widget\" data-widget_type=\"text-editor.default\">\n\t\t\t\t\t\t\t\t\t<p>Thora mo\u017eno zaradi\u0165 do \u0161irokej skupiny bohov hromu indoeur\u00f3pskej jazykovej rodiny, \u010do od 19. storo\u010dia zauj\u00edma porovn\u00e1vaciu <span class=\"iwg-fachbegriff\" data-tooltip=\"Veda, ktor\u00e1 sk\u00fama n\u00e1bo\u017eenstv\u00e1 porovn\u00e1vac\u00edm sp\u00f4sobom a bez viery.\" tabindex=\"0\">religionistiku<\/span>. Medzi pr\u00edbuzn\u00e9 postavy patria okrem in\u00e9ho baltsk\u00fd Perk\u016bnas, slovansk\u00fd Per\u00fan, v\u00e9dsky Indra a \u010diasto\u010dne aj gr\u00e9cky Zeus, pokia\u013e vystupuje ako boh b\u00farky.<\/p><p>Viacer\u00ed b\u00e1datelia, medzi nimi Georges Dum\u00e9zil v r\u00e1mci svojej te\u00f3rie troch spolo\u010densk\u00fdch funkci\u00ed, zaradili Thora do \u201evojenskej\u201c alebo \u201eochrannej\u201c funkcie. In\u00ed zd\u00f4raz\u0148uj\u00fa spolo\u010dn\u00fd <span class=\"iwg-fachbegriff\" data-tooltip=\"Opakuj\u00faci sa obsahov\u00fd prvok v umen\u00ed alebo rozpr\u00e1van\u00ed.\" tabindex=\"0\">mot\u00edv<\/span> boja s drakom alebo hadom, ktor\u00fd je v mnoh\u00fdch indoeur\u00f3pskych trad\u00edci\u00e1ch sp\u00e1jan\u00fd s bohom b\u00farky. Thorov s\u00faboj s Midgardsk\u00fdm hadom sa do tohto vzoru zap\u00e1ja.<\/p><p>Aj z jazykov\u00e9ho h\u013eadiska existuj\u00fa n\u00e1znaky. Meno Thor, staron\u00f3rsky <em>\u00de\u00f3rr<\/em>, staronemecky <em>Donar<\/em>, staroanglicky <em>\u00deunor<\/em>, sa odvodzuje od spolo\u010dn\u00e9ho germ\u00e1nskeho slova pre \u201ehrom\u201c.<\/p><p>Latinsk\u00fd preklad n\u00e1zvu d\u0148a <em>dies Iovis<\/em>, d\u0148a Jupitera, ako Donnerstag (\u0161tvrtok), po anglicky <em>Thursday<\/em>, ukazuje, \u017ee antick\u00ed a stredovek\u00ed u\u010denci stoto\u017e\u0148ovali Thora s Jupiterom, teda s najvy\u0161\u0161\u00edm r\u00edmskym bohom a vl\u00e1dcom b\u00farky.<\/p><p>Napriek presved\u010divosti t\u00fdchto porovnan\u00ed nov\u0161ie b\u00e1danie varuje pred jednozna\u010dn\u00fdmi z\u00e1vermi. Spolo\u010dn\u00e9 mot\u00edvy m\u00f4\u017eu ma\u0165 spolo\u010dn\u00fd p\u00f4vod, ale m\u00f4\u017eu vznikn\u00fa\u0165 aj neskor\u0161\u00edm prenosom alebo nez\u00e1visl\u00fdm paraleln\u00fdm v\u00fdvojom. Rekon\u0161trukcia jednotn\u00e9ho \u201epraindoeur\u00f3pskeho boha hromu\u201c tak zost\u00e1va hypot\u00e9zou, ktor\u00e1 vysvet\u013euje niektor\u00e9 zhody, nie v\u0161ak v\u0161etky osobitosti Thora.<\/p>\t\t\t\t\t\t\t\t<\/div>\n\t\t\t\t<\/div>\n\t\t\t\t\t<\/div>\n\t\t\t\t<\/div>\n\t\t<div class=\"elementor-element elementor-element-cpe7dfbd0 e-flex e-con-boxed e-con e-parent\" data-id=\"cpe7dfbd0\" data-element_type=\"container\" data-e-type=\"container\">\n\t\t\t\t\t<div class=\"e-con-inner\">\n\t\t\t\t<div class=\"elementor-element elementor-element-cpdf20168 elementor-widget elementor-widget-heading\" data-id=\"cpdf20168\" data-element_type=\"widget\" data-e-type=\"widget\" data-widget_type=\"heading.default\">\n\t\t\t\t\t<h2 class=\"elementor-heading-title elementor-size-default\">Od pohansk\u00e9ho boha k popkult\u00fare: dejiny recepcie<\/h2>\t\t\t\t<\/div>\n\t\t<div class=\"elementor-element elementor-element-cpf86863a e-con-full e-flex e-con e-child\" data-id=\"cpf86863a\" data-element_type=\"container\" data-e-type=\"container\">\n\t\t\t\t<div class=\"elementor-element elementor-element-cp5a46695 elementor-widget elementor-widget-text-editor\" data-id=\"cp5a46695\" data-element_type=\"widget\" data-e-type=\"widget\" data-widget_type=\"text-editor.default\">\n\t\t\t\t\t\t\t\t\t<p>Po christianiz\u00e1cii \u0160kandin\u00e1vie <span class=\"iwg-fachbegriff\" data-tooltip=\"S\u00fahrn n\u00e1bo\u017eensk\u00fdch \u00factov\u00fdch prejavov vo\u010di bo\u017estvu alebo sv\u00e4tej postave.\" tabindex=\"0\">kult<\/span> Thora zanikol, pr\u00edbehy sa v\u0161ak zachovali prostredn\u00edctvom islandskej p\u00edsomnej kult\u00fary. Snorri Sturluson nap\u00edsal svoju <em>Pr\u00f3zov\u00fa Eddu<\/em> v 13. storo\u010d\u00ed ako kres\u0165ansk\u00fd u\u010denec, ktor\u00fd chcel zachova\u0165 star\u00e9 poznanie pre b\u00e1snick\u00e9 umenie. Bez nej a bez ru\u010dne op\u00edsanej <em>Pies\u0148ovej Eddy<\/em> by sa v\u00e4\u010d\u0161ina Thorov\u00fdch m\u00fdtov stratila.<\/p><p>K \u0161ir\u0161iemu znovuobjaveniu pri\u0161lo s romantizmom neskor\u00e9ho 18. a 19. storo\u010dia. V \u0160kandin\u00e1vii a Nemecku sa b\u00e1snici a u\u010denci vracali k severskej <span class=\"iwg-fachbegriff\" data-tooltip=\"S\u00fahrn tradovan\u00fdch pr\u00edbehov o bohoch danej kult\u00fary.\" tabindex=\"0\">mytol\u00f3gii<\/span>.<\/p><p>D\u00e1nsky b\u00e1snik Adam Oehlenschl\u00e4ger venoval Thorovi ver\u0161e a v Nemecku sa Donarom podrobne zaoberal okrem in\u00fdch aj Jacob Grimm vo svojom diele <em>Deutsche <span class=\"iwg-fachbegriff\" data-tooltip=\"S\u00fahrn tradovan\u00fdch pr\u00edbehov o bohoch danej kult\u00fary.\" tabindex=\"0\">Mythologie<\/span><\/em>. T\u00e1to recepcia nebola bez n\u00e1rodn\u00fdch a ideologick\u00fdch n\u00e1nosov, ktor\u00e9 sa v 20. storo\u010d\u00ed niekedy zvr\u00e1tili do nebezpe\u010dnej podoby, ke\u010f si germ\u00e1nske symboly osvojili v\u00f6lkische a n\u00e1rodnosocialistick\u00e9 kruhy.<\/p><p>V 20. a 21. storo\u010d\u00ed sa Thor stal celosvetovo zn\u00e1mym najm\u00e4 prostredn\u00edctvom komiksovej adapt\u00e1cie americk\u00e9ho vydavate\u013estva Marvel od roku 1962 a jej neskor\u0161\u00edch filmov\u00fdch spracovan\u00ed. T\u00e1to popul\u00e1rna verzia sa v\u00fdrazne odli\u0161uje od stredovek\u00fdch prame\u0148ov: z ry\u0161avobrad\u00e9ho ro\u013en\u00edckeho boha rob\u00ed blon\u010fav\u00e9ho mlad\u00e9ho hrdinu a vym\u00fd\u0161\u013ea mnoh\u00e9 nov\u00e9 udalosti.<\/p><p>Z vedeck\u00e9ho h\u013eadiska treba t\u00fato vetvu ch\u00e1pa\u0165 menej ako <span class=\"iwg-fachbegriff\" data-tooltip=\"Odovzd\u00e1vanie poznania a pr\u00edbehov cez gener\u00e1cie.\" tabindex=\"0\">trad\u00edciu<\/span> a viac ako samostatn\u00fd modern\u00fd mytologick\u00fd materi\u00e1l. Z\u00e1rove\u0148 od konca 20. storo\u010dia existuj\u00fa novopohansk\u00e9 hnutia, ktor\u00e9 Thora znovu n\u00e1bo\u017eenske uctievaj\u00fa. Kto h\u013ead\u00e1 viac o tomto <span class=\"iwg-fachbegriff\" data-tooltip=\"S\u00fahrn bohov danej religie alebo kult\u00fary.\" tabindex=\"0\">pante\u00f3ne<\/span>, n\u00e1jde \u010fal\u0161ie hesl\u00e1 o <a href=\"https:\/\/iwell-guard.com\/sk\/?page_id=157707\">Odinovi<\/a> a o <a href=\"https:\/\/iwell-guard.com\/sk\/?page_id=157754\">Lokim<\/a>.<\/p>\t\t\t\t\t\t\t\t<\/div>\n\t\t\t\t<\/div>\n\t\t\t\t\t<\/div>\n\t\t\t\t<\/div>\n\t\t<div class=\"elementor-element elementor-element-36dd7469 e-flex e-con-boxed e-con e-parent\" data-id=\"36dd7469\" data-element_type=\"container\" data-e-type=\"container\">\n\t\t\t\t\t<div class=\"e-con-inner\">\n\t\t\t\t<div class=\"elementor-element elementor-element-13760ab4 elementor-widget elementor-widget-heading\" data-id=\"13760ab4\" data-element_type=\"widget\" data-e-type=\"widget\" data-widget_type=\"heading.default\">\n\t\t\t\t\t<h2 class=\"elementor-heading-title elementor-size-default\">S\u00favisiace odkazy<\/h2>\t\t\t\t<\/div>\n\t\t<div class=\"elementor-element elementor-element-28c87796 e-con-full e-flex e-con e-child\" data-id=\"28c87796\" data-element_type=\"container\" data-e-type=\"container\">\n\t\t\t\t<div class=\"elementor-element elementor-element-5d6538df elementor-widget elementor-widget-text-editor\" data-id=\"5d6538df\" data-element_type=\"widget\" data-e-type=\"widget\" data-widget_type=\"text-editor.default\">\n\t\t\t\t\t\t\t\t\t<p>Odpor\u00fa\u010dan\u00e9 intern\u00e9 odkazy pre t\u00fato str\u00e1nku:<\/p><ul><li><a href=\"https:\/\/iwell-guard.com\/sk\/?page_id=157606\">Germ\u00e1nska kult\u00fara<\/a> (nadraden\u00e1 str\u00e1nka kult\u00fary)<\/li><li><a href=\"https:\/\/iwell-guard.com\/sk\/?page_id=157707\">Odin<\/a> (hlavn\u00fd boh v <span class=\"iwg-fachbegriff\" data-tooltip=\"S\u00fahrn bohov danej religie alebo kult\u00fary.\" tabindex=\"0\">pante\u00f3ne<\/span> \u00c1sov)<\/li><li><a href=\"https:\/\/iwell-guard.com\/sk\/?page_id=157806\">Freyja<\/a> (Vanka a sestersk\u00e1 funkcia v <span class=\"iwg-fachbegriff\" data-tooltip=\"S\u00fahrn bohov danej religie alebo kult\u00fary.\" tabindex=\"0\">pante\u00f3ne<\/span>)<\/li><li><a href=\"https:\/\/iwell-guard.com\/sk\/?page_id=157699\">Vysok\u00ed bohovia<\/a> (preh\u013ead triedy)<\/li><\/ul>\t\t\t\t\t\t\t\t<\/div>\n\t\t\t\t<\/div>\n\t\t\t\t\t<\/div>\n\t\t\t\t<\/div>\n\t\t<div class=\"elementor-element elementor-element-grl4kl40 e-flex e-con-boxed e-con e-parent\" data-id=\"grl4kl40\" data-element_type=\"container\" data-e-type=\"container\">\n\t\t\t\t\t<div class=\"e-con-inner\">\n\t\t\t\t<div class=\"elementor-element elementor-element-bzsbfrmh elementor-widget elementor-widget-heading\" data-id=\"bzsbfrmh\" data-element_type=\"widget\" data-e-type=\"widget\" data-widget_type=\"heading.default\">\n\t\t\t\t\t<h2 class=\"elementor-heading-title elementor-size-default\">Odborn\u00e1 literat\u00fara<\/h2>\t\t\t\t<\/div>\n\t\t<div class=\"elementor-element elementor-element-2c13224a e-con-full e-flex e-con e-child\" data-id=\"2c13224a\" data-element_type=\"container\" data-e-type=\"container\">\n\t\t\t\t<div class=\"elementor-element elementor-element-0eymh9ub elementor-widget elementor-widget-text-editor\" data-id=\"0eymh9ub\" data-element_type=\"widget\" data-e-type=\"widget\" data-widget_type=\"text-editor.default\">\n\t\t\t\t\t\t\t\t\t<footer class=\"iwg-literatur\" data-nosnippet=\"true\"><p>Pramene k Thorovi:<\/p><ul><li><span data-nosnippet><span class=\"iwg-fachbegriff\" tabindex=\"0\" data-tooltip=\"Islandsk\u00fd u\u010denec (1179\u20131241); autor Pr\u00f3zovej Eddy a Heimskringly.\">Snorri Sturluson<\/span>: <em>Edda. Pr\u00edbehy zo severskej <span class=\"iwg-fachbegriff\" data-tooltip=\"S\u00fahrn tradovan\u00fdch pr\u00edbehov o bohoch danej kult\u00fary.\" tabindex=\"0\">mytol\u00f3gie<\/span>.<\/em> Prel. Arnulf Krause. Reclam, Stuttgart 1997.<\/span><\/li><li><span data-nosnippet>Simek, Rudolf: <em>Lexikon der germanischen <span class=\"iwg-fachbegriff\" data-tooltip=\"S\u00fahrn tradovan\u00fdch pr\u00edbehov o bohoch danej kult\u00fary.\" tabindex=\"0\">Mythologie<\/span>.<\/em> 3., \u00faplne prepracovan\u00e9 vyd. Kr\u00f6ner, Stuttgart 2006.<\/span><\/li><\/ul><\/footer>\n<p class=\"iwg-bib-more\"><span data-nosnippet>\u010eal\u0161ie z\u00e1kladn\u00e9 diela v <a href=\"https:\/\/iwell-guard.com\/sk\/?page_id=157722\">zozname literat\u00fary<\/a>.<\/span><\/p>\t\t\t\t\t\t\t\t<\/div>\n\t\t\t\t<\/div>\n\t\t\t\t\t<\/div>\n\t\t\t\t<\/div>\n\t\t\t\t<\/div>\n\t\t","protected":false},"excerpt":{"rendered":"","protected":false},"author":3,"featured_media":1573,"parent":0,"menu_order":0,"comment_status":"closed","ping_status":"closed","template":"elementor_header_footer","meta":{"_yoast_wpseo_focuskw":"Thor","_yoast_wpseo_title":"Thor - Boh hromu a ochrany","_yoast_wpseo_metadesc":"Thor, boh hromu s kladivom Mj\u00f6lnir: ochranca Midgardu, jeho ka\u017edodenn\u00e1 \u00facta na severe a jeho odkaz a\u017e po s\u00fa\u010dasnos\u0165.","_yoast_wpseo_meta-robots-noindex":"","_yoast_wpseo_canonical":"","_angie_page":false,"gefaehrdungsstufe":"3","wesen_kultur":"germanisch","wesen_klasse":"goetter","footnotes":""},"categories":[],"class_list":["post-157807","page","type-page","status-publish","has-post-thumbnail","hentry"],"yoast_head":"<!-- This site is optimized with the Yoast SEO Premium plugin v27.7 (Yoast SEO v28.3) - https:\/\/yoast.com\/product\/yoast-seo-premium-wordpress\/ -->\n<title>Thor - Boh hromu a ochrany<\/title>\n<meta name=\"description\" content=\"Thor, boh hromu s kladivom Mj\u00f6lnir: ochranca Midgardu, jeho ka\u017edodenn\u00e1 \u00facta na severe a jeho odkaz a\u017e po s\u00fa\u010dasnos\u0165.\" \/>\n<meta name=\"robots\" content=\"index, follow, max-snippet:-1, max-image-preview:large, max-video-preview:-1\" \/>\n<link rel=\"canonical\" href=\"https:\/\/iwell-guard.com\/sk\/thor\/\" \/>\n<meta property=\"og:locale\" content=\"sk_SK\" \/>\n<meta property=\"og:type\" content=\"article\" \/>\n<meta property=\"og:title\" content=\"Thor\" \/>\n<meta property=\"og:description\" content=\"Thor, boh hromu s kladivom Mj\u00f6lnir: ochranca Midgardu, jeho ka\u017edodenn\u00e1 \u00facta na severe a jeho odkaz a\u017e po s\u00fa\u010dasnos\u0165.\" \/>\n<meta property=\"og:url\" content=\"https:\/\/iwell-guard.com\/sk\/thor\/\" \/>\n<meta property=\"og:site_name\" content=\"iWell Guard\" \/>\n<meta property=\"article:modified_time\" content=\"2026-09-04T22:42:54+00:00\" \/>\n<meta property=\"og:image\" content=\"https:\/\/iwell-guard.com\/wp-content\/uploads\/2026\/04\/goetter_germanisch_thor.webp\" \/>\n\t<meta property=\"og:image:width\" content=\"1024\" \/>\n\t<meta property=\"og:image:height\" content=\"1536\" \/>\n\t<meta property=\"og:image:type\" content=\"image\/webp\" \/>\n<meta name=\"twitter:card\" content=\"summary_large_image\" \/>\n<script type=\"application\/ld+json\" class=\"yoast-schema-graph\">{\"@context\":\"https:\\\/\\\/schema.org\",\"@graph\":[{\"@type\":\"WebPage\",\"@id\":\"https:\\\/\\\/iwell-guard.com\\\/sk\\\/thor\\\/\",\"url\":\"https:\\\/\\\/iwell-guard.com\\\/sk\\\/thor\\\/\",\"name\":\"Thor - Boh hromu a ochrany\",\"isPartOf\":{\"@id\":\"https:\\\/\\\/iwell-guard.com\\\/sk\\\/#website\"},\"primaryImageOfPage\":{\"@id\":\"https:\\\/\\\/iwell-guard.com\\\/sk\\\/thor\\\/#primaryimage\"},\"image\":{\"@id\":\"https:\\\/\\\/iwell-guard.com\\\/sk\\\/thor\\\/#primaryimage\"},\"thumbnailUrl\":\"https:\\\/\\\/iwell-guard.com\\\/wp-content\\\/uploads\\\/2026\\\/04\\\/goetter_germanisch_thor.webp\",\"datePublished\":\"2026-09-04T22:17:47+00:00\",\"dateModified\":\"2026-09-04T22:42:54+00:00\",\"description\":\"Thor, boh hromu s kladivom Mj\u00f6lnir: ochranca Midgardu, jeho ka\u017edodenn\u00e1 \u00facta na severe a jeho odkaz a\u017e po s\u00fa\u010dasnos\u0165.\",\"breadcrumb\":{\"@id\":\"https:\\\/\\\/iwell-guard.com\\\/sk\\\/thor\\\/#breadcrumb\"},\"inLanguage\":\"sk-SK\",\"potentialAction\":[{\"@type\":\"ReadAction\",\"target\":[\"https:\\\/\\\/iwell-guard.com\\\/sk\\\/thor\\\/\"]}]},{\"@type\":\"ImageObject\",\"inLanguage\":\"sk-SK\",\"@id\":\"https:\\\/\\\/iwell-guard.com\\\/sk\\\/thor\\\/#primaryimage\",\"url\":\"https:\\\/\\\/iwell-guard.com\\\/wp-content\\\/uploads\\\/2026\\\/04\\\/goetter_germanisch_thor.webp\",\"contentUrl\":\"https:\\\/\\\/iwell-guard.com\\\/wp-content\\\/uploads\\\/2026\\\/04\\\/goetter_germanisch_thor.webp\",\"width\":1024,\"height\":1536,\"caption\":\"Bohovia z germ\u00e1nskej trad\u00edcie.\"},{\"@type\":\"BreadcrumbList\",\"@id\":\"https:\\\/\\\/iwell-guard.com\\\/sk\\\/thor\\\/#breadcrumb\",\"itemListElement\":[{\"@type\":\"ListItem\",\"position\":1,\"name\":\"Start\",\"item\":\"https:\\\/\\\/iwell-guard.com\\\/sk\\\/?page_id=157572\"},{\"@type\":\"ListItem\",\"position\":2,\"name\":\"Thor\"}]},{\"@type\":\"WebSite\",\"@id\":\"https:\\\/\\\/iwell-guard.com\\\/sk\\\/#website\",\"url\":\"https:\\\/\\\/iwell-guard.com\\\/sk\\\/\",\"name\":\"iWell Guard\",\"description\":\"Schutz vor dunklen Einfl\u00fcssen\",\"publisher\":{\"@id\":\"https:\\\/\\\/iwell-guard.com\\\/sk\\\/#organization\"},\"potentialAction\":[{\"@type\":\"SearchAction\",\"target\":{\"@type\":\"EntryPoint\",\"urlTemplate\":\"https:\\\/\\\/iwell-guard.com\\\/sk\\\/?s={search_term_string}\"},\"query-input\":{\"@type\":\"PropertyValueSpecification\",\"valueRequired\":true,\"valueName\":\"search_term_string\"}}],\"inLanguage\":\"sk-SK\"},{\"@type\":\"Organization\",\"@id\":\"https:\\\/\\\/iwell-guard.com\\\/sk\\\/#organization\",\"name\":\"Ittermann electronic GmbH\",\"url\":\"https:\\\/\\\/iwell-guard.com\\\/sk\\\/\",\"logo\":{\"@type\":\"ImageObject\",\"inLanguage\":\"sk-SK\",\"@id\":\"https:\\\/\\\/iwell-guard.com\\\/sk\\\/#\\\/schema\\\/logo\\\/image\\\/\",\"url\":\"https:\\\/\\\/iwell-guard.com\\\/wp-content\\\/uploads\\\/2026\\\/05\\\/Ittermann-Logo-1182x237-1.png\",\"contentUrl\":\"https:\\\/\\\/iwell-guard.com\\\/wp-content\\\/uploads\\\/2026\\\/05\\\/Ittermann-Logo-1182x237-1.png\",\"width\":1182,\"height\":237,\"caption\":\"Ittermann electronic GmbH\"},\"image\":{\"@id\":\"https:\\\/\\\/iwell-guard.com\\\/sk\\\/#\\\/schema\\\/logo\\\/image\\\/\"},\"sameAs\":[\"https:\\\/\\\/pantip.com\\\/profile\\\/9367242\",\"https:\\\/\\\/micro.blog\\\/iwellguard\",\"https:\\\/\\\/www.diggerslist.com\\\/iwellguard\\\/about\",\"https:\\\/\\\/skitterphoto.com\\\/photographers\\\/2870314\\\/iwell-guard\",\"https:\\\/\\\/iwellguard.wordpress.com\\\/2026\\\/06\\\/06\\\/iwell-guard\\\/\",\"https:\\\/\\\/hub.docker.com\\\/u\\\/iwellguard\",\"https:\\\/\\\/www.pinterest.com\\\/iwellguard\\\/\",\"https:\\\/\\\/bit.ly\\\/m\\\/iwellguard\",\"https:\\\/\\\/entre-vos-mains.alsace.eu\\\/profiles\\\/iwellguard\\\/activity\",\"https:\\\/\\\/gravatar.com\\\/reallybeded8fd34\",\"https:\\\/\\\/naijamatta.com\\\/iwellguard\",\"https:\\\/\\\/www.goodreads.com\\\/iwellguard\",\"https:\\\/\\\/profile.hatena.ne.jp\\\/iwellguard\\\/\",\"https:\\\/\\\/experiment.com\\\/users\\\/iwellguard\",\"https:\\\/\\\/wakelet.com\\\/@iWellGuard82270\",\"https:\\\/\\\/www.chordie.com\\\/forum\\\/profile.php?id=2555664\",\"https:\\\/\\\/www.instapaper.com\\\/p\\\/17757966\",\"https:\\\/\\\/www.mapleprimes.com\\\/users\\\/iwellguard\",\"https:\\\/\\\/businesslistingplus.com\\\/profile\\\/iwell-guard\\\/\",\"https:\\\/\\\/telegra.ph\\\/iWell-Guard-06-06\",\"https:\\\/\\\/pbase.com\\\/iwellguard\\\/iwellguard\",\"https:\\\/\\\/b.hatena.ne.jp\\\/iwellguard\\\/20260607#bookmark-4788405196491818882\",\"https:\\\/\\\/fliphtml5.com\\\/home\\\/iwellguard\",\"https:\\\/\\\/anyflip.com\\\/homepage\\\/cmiwl#About\",\"https:\\\/\\\/transfur.com\\\/Users\\\/iwellguard\",\"http:\\\/\\\/delphi.larsbo.org\\\/user\\\/iwellguard\",\"https:\\\/\\\/jobs.lajobsportal.org\\\/profiles\\\/8380803-iwell-guard\",\"https:\\\/\\\/md.chaosdorf.de\\\/s\\\/jfbe5SBdJD\",\"https:\\\/\\\/www.lingvolive.com\\\/en-us\\\/profile\\\/9ecaeaca-ce11-4e51-9e71-01d55e2bff36\\\/translations\",\"https:\\\/\\\/www.fitday.com\\\/fitness\\\/forums\\\/members\\\/iwellguard.html\",\"https:\\\/\\\/www.mymeetbook.com\\\/iwellguard\",\"https:\\\/\\\/pxhere.com\\\/en\\\/photographer-me\\\/5040798\",\"https:\\\/\\\/disqus.com\\\/by\\\/iwellguard\\\/about\\\/\",\"https:\\\/\\\/pastelink.net\\\/hjwciqwq\",\"https:\\\/\\\/pubhtml5.com\\\/homepage\\\/scjhn\\\/\",\"https:\\\/\\\/www.bitchute.com\\\/channel\\\/2O2eOKzNqujT\",\"https:\\\/\\\/audiomack.com\\\/iwellguard\"]},{\"@type\":\"Article\",\"@id\":\"https:\\\/\\\/iwell-guard.com\\\/sk\\\/thor\\\/#article\",\"isPartOf\":{\"@id\":\"https:\\\/\\\/iwell-guard.com\\\/sk\\\/thor\\\/\"},\"author\":{\"name\":\"Ralf Ittermann\",\"@id\":\"https:\\\/\\\/iwell-guard.com\\\/sk\\\/#\\\/schema\\\/person\\\/ee2a27f1cac3406c7c6fb5820cb7349f\"},\"headline\":\"Thor\",\"datePublished\":\"2026-09-04T22:17:47+00:00\",\"dateModified\":\"2026-09-04T22:42:54+00:00\",\"mainEntityOfPage\":{\"@id\":\"https:\\\/\\\/iwell-guard.com\\\/sk\\\/thor\\\/\"},\"publisher\":{\"@id\":\"https:\\\/\\\/iwell-guard.com\\\/sk\\\/#organization\"},\"image\":{\"@id\":\"https:\\\/\\\/iwell-guard.com\\\/sk\\\/thor\\\/#primaryimage\"},\"thumbnailUrl\":\"https:\\\/\\\/iwell-guard.com\\\/wp-content\\\/uploads\\\/2026\\\/04\\\/goetter_germanisch_thor.webp\",\"inLanguage\":\"sk-SK\",\"description\":\"Thor, boh hromu s kladivom Mj\u00f6lnir: ochranca Midgardu, jeho ka\u017edodenn\u00e1 \u00facta na severe a jeho odkaz a\u017e po s\u00fa\u010dasnos\u0165.\"}]}<\/script>\n<!-- \/ Yoast SEO Premium plugin. -->","yoast_head_json":{"title":"Thor - Boh hromu a ochrany","description":"Thor, boh hromu s kladivom Mj\u00f6lnir: ochranca Midgardu, jeho ka\u017edodenn\u00e1 \u00facta na severe a jeho odkaz a\u017e po s\u00fa\u010dasnos\u0165.","robots":{"index":"index","follow":"follow","max-snippet":"max-snippet:-1","max-image-preview":"max-image-preview:large","max-video-preview":"max-video-preview:-1"},"canonical":"https:\/\/iwell-guard.com\/sk\/thor\/","og_locale":"sk_SK","og_type":"article","og_title":"Thor","og_description":"Thor, boh hromu s kladivom Mj\u00f6lnir: ochranca Midgardu, jeho ka\u017edodenn\u00e1 \u00facta na severe a jeho odkaz a\u017e po s\u00fa\u010dasnos\u0165.","og_url":"https:\/\/iwell-guard.com\/sk\/thor\/","og_site_name":"iWell Guard","article_modified_time":"2026-09-04T22:42:54+00:00","og_image":[{"width":1024,"height":1536,"url":"https:\/\/iwell-guard.com\/wp-content\/uploads\/2026\/04\/goetter_germanisch_thor.webp","type":"image\/webp"}],"twitter_card":"summary_large_image","schema":{"@context":"https:\/\/schema.org","@graph":[{"@type":"Article","@id":"https:\/\/iwell-guard.com\/sk\/thor\/#article","isPartOf":{"@id":"https:\/\/iwell-guard.com\/sk\/thor\/"},"author":{"name":"Ralf Ittermann","@id":"https:\/\/iwell-guard.com\/sk\/#\/schema\/person\/ee2a27f1cac3406c7c6fb5820cb7349f"},"headline":"Thor","datePublished":"2026-09-04T22:17:47+00:00","dateModified":"2026-09-04T22:42:54+00:00","mainEntityOfPage":{"@id":"https:\/\/iwell-guard.com\/sk\/thor\/"},"publisher":{"@id":"https:\/\/iwell-guard.com\/sk\/#organization"},"image":{"@id":"https:\/\/iwell-guard.com\/sk\/thor\/#primaryimage"},"thumbnailUrl":"https:\/\/iwell-guard.com\/wp-content\/uploads\/2026\/04\/goetter_germanisch_thor.webp","inLanguage":"sk-SK","description":"Thor, boh hromu s kladivom Mj\u00f6lnir: ochranca Midgardu, jeho ka\u017edodenn\u00e1 \u00facta na severe a jeho odkaz a\u017e po s\u00fa\u010dasnos\u0165."},{"@type":"WebPage","@id":"https:\/\/iwell-guard.com\/sk\/thor\/","url":"https:\/\/iwell-guard.com\/sk\/thor\/","name":"Thor - Boh hromu a ochrany","isPartOf":{"@id":"https:\/\/iwell-guard.com\/sk\/#website"},"primaryImageOfPage":{"@id":"https:\/\/iwell-guard.com\/sk\/thor\/#primaryimage"},"image":{"@id":"https:\/\/iwell-guard.com\/sk\/thor\/#primaryimage"},"thumbnailUrl":"https:\/\/iwell-guard.com\/wp-content\/uploads\/2026\/04\/goetter_germanisch_thor.webp","datePublished":"2026-09-04T22:17:47+00:00","dateModified":"2026-09-04T22:42:54+00:00","description":"Thor, boh hromu s kladivom Mj\u00f6lnir: ochranca Midgardu, jeho ka\u017edodenn\u00e1 \u00facta na severe a jeho odkaz a\u017e po s\u00fa\u010dasnos\u0165.","breadcrumb":{"@id":"https:\/\/iwell-guard.com\/sk\/thor\/#breadcrumb"},"inLanguage":"sk-SK","potentialAction":[{"@type":"ReadAction","target":["https:\/\/iwell-guard.com\/sk\/thor\/"]}]},{"@type":"ImageObject","inLanguage":"sk-SK","@id":"https:\/\/iwell-guard.com\/sk\/thor\/#primaryimage","url":"https:\/\/iwell-guard.com\/wp-content\/uploads\/2026\/04\/goetter_germanisch_thor.webp","contentUrl":"https:\/\/iwell-guard.com\/wp-content\/uploads\/2026\/04\/goetter_germanisch_thor.webp","width":1024,"height":1536,"caption":"Bohovia z germ\u00e1nskej trad\u00edcie."},{"@type":"BreadcrumbList","@id":"https:\/\/iwell-guard.com\/sk\/thor\/#breadcrumb","itemListElement":[{"@type":"ListItem","position":1,"name":"Start","item":"https:\/\/iwell-guard.com\/sk\/?page_id=157572"},{"@type":"ListItem","position":2,"name":"Thor"}]},{"@type":"WebSite","@id":"https:\/\/iwell-guard.com\/sk\/#website","url":"https:\/\/iwell-guard.com\/sk\/","name":"iWell Guard","description":"Schutz vor dunklen Einfl\u00fcssen","publisher":{"@id":"https:\/\/iwell-guard.com\/sk\/#organization"},"potentialAction":[{"@type":"SearchAction","target":{"@type":"EntryPoint","urlTemplate":"https:\/\/iwell-guard.com\/sk\/?s={search_term_string}"},"query-input":{"@type":"PropertyValueSpecification","valueRequired":true,"valueName":"search_term_string"}}],"inLanguage":"sk-SK"},{"@type":"Organization","@id":"https:\/\/iwell-guard.com\/sk\/#organization","name":"Ittermann electronic GmbH","url":"https:\/\/iwell-guard.com\/sk\/","logo":{"@type":"ImageObject","inLanguage":"sk-SK","@id":"https:\/\/iwell-guard.com\/sk\/#\/schema\/logo\/image\/","url":"https:\/\/iwell-guard.com\/wp-content\/uploads\/2026\/05\/Ittermann-Logo-1182x237-1.png","contentUrl":"https:\/\/iwell-guard.com\/wp-content\/uploads\/2026\/05\/Ittermann-Logo-1182x237-1.png","width":1182,"height":237,"caption":"Ittermann electronic GmbH"},"image":{"@id":"https:\/\/iwell-guard.com\/sk\/#\/schema\/logo\/image\/"},"sameAs":["https:\/\/pantip.com\/profile\/9367242","https:\/\/micro.blog\/iwellguard","https:\/\/www.diggerslist.com\/iwellguard\/about","https:\/\/skitterphoto.com\/photographers\/2870314\/iwell-guard","https:\/\/iwellguard.wordpress.com\/2026\/06\/06\/iwell-guard\/","https:\/\/hub.docker.com\/u\/iwellguard","https:\/\/www.pinterest.com\/iwellguard\/","https:\/\/bit.ly\/m\/iwellguard","https:\/\/entre-vos-mains.alsace.eu\/profiles\/iwellguard\/activity","https:\/\/gravatar.com\/reallybeded8fd34","https:\/\/naijamatta.com\/iwellguard","https:\/\/www.goodreads.com\/iwellguard","https:\/\/profile.hatena.ne.jp\/iwellguard\/","https:\/\/experiment.com\/users\/iwellguard","https:\/\/wakelet.com\/@iWellGuard82270","https:\/\/www.chordie.com\/forum\/profile.php?id=2555664","https:\/\/www.instapaper.com\/p\/17757966","https:\/\/www.mapleprimes.com\/users\/iwellguard","https:\/\/businesslistingplus.com\/profile\/iwell-guard\/","https:\/\/telegra.ph\/iWell-Guard-06-06","https:\/\/pbase.com\/iwellguard\/iwellguard","https:\/\/b.hatena.ne.jp\/iwellguard\/20260607#bookmark-4788405196491818882","https:\/\/fliphtml5.com\/home\/iwellguard","https:\/\/anyflip.com\/homepage\/cmiwl#About","https:\/\/transfur.com\/Users\/iwellguard","http:\/\/delphi.larsbo.org\/user\/iwellguard","https:\/\/jobs.lajobsportal.org\/profiles\/8380803-iwell-guard","https:\/\/md.chaosdorf.de\/s\/jfbe5SBdJD","https:\/\/www.lingvolive.com\/en-us\/profile\/9ecaeaca-ce11-4e51-9e71-01d55e2bff36\/translations","https:\/\/www.fitday.com\/fitness\/forums\/members\/iwellguard.html","https:\/\/www.mymeetbook.com\/iwellguard","https:\/\/pxhere.com\/en\/photographer-me\/5040798","https:\/\/disqus.com\/by\/iwellguard\/about\/","https:\/\/pastelink.net\/hjwciqwq","https:\/\/pubhtml5.com\/homepage\/scjhn\/","https:\/\/www.bitchute.com\/channel\/2O2eOKzNqujT","https:\/\/audiomack.com\/iwellguard"]},{"@type":"Person","@id":"https:\/\/iwell-guard.com\/sk\/#\/schema\/person\/ee2a27f1cac3406c7c6fb5820cb7349f","name":"Ralf Ittermann","image":{"@type":"ImageObject","inLanguage":"sk-SK","@id":"https:\/\/secure.gravatar.com\/avatar\/073c0153e350a5005b68eb752b445fea71f6b24a26da9449ad7e155e6b446c9d?s=96&d=mm&r=g","url":"https:\/\/secure.gravatar.com\/avatar\/073c0153e350a5005b68eb752b445fea71f6b24a26da9449ad7e155e6b446c9d?s=96&d=mm&r=g","contentUrl":"https:\/\/secure.gravatar.com\/avatar\/073c0153e350a5005b68eb752b445fea71f6b24a26da9449ad7e155e6b446c9d?s=96&d=mm&r=g","caption":"Ralf Ittermann"},"givenName":"Ralf","familyName":"Ittermann","jobTitle":"Gesch\u00e4ftsf\u00fchrer und redaktioneller Verantwortlicher","url":"https:\/\/iwell-guard.com\/sk\/author\/claude\/","description":"Ralf Ittermann ist Gesch\u00e4ftsf\u00fchrer der Ittermann electronic GmbH und redaktioneller Verantwortlicher des iWell-Guard-Lexikons. Er verbindet langj\u00e4hrige Erfahrung in der Pr\u00e4zisionsfertigung mit medialer Praxis und religionsgeschichtlicher Quellenarbeit.","worksFor":{"@type":"Organization","name":"Ittermann electronic GmbH","url":"https:\/\/ittermann.de\/","address":{"@type":"PostalAddress","streetAddress":"K\u00f6hlergasse 16-18","postalCode":"99842","addressLocality":"Ruhla","addressCountry":"DE"}},"knowsAbout":["Religionsgeschichte","Mythologie","Mediale Praxis","Energetische Diagnostik","Schutzpraxis","Volksglauben","Westliche Esoterik"]},{"@type":"Article","@id":"https:\/\/iwell-guard.com\/sk\/thor\/#article","isPartOf":{"@id":"https:\/\/iwell-guard.com\/sk\/thor\/"},"author":{"name":"Ralf Ittermann","@id":"https:\/\/iwell-guard.com\/sk\/#\/schema\/person\/ee2a27f1cac3406c7c6fb5820cb7349f"},"headline":"Thor","datePublished":"2026-09-04T22:17:47+00:00","dateModified":"2026-09-04T22:42:54+00:00","mainEntityOfPage":{"@id":"https:\/\/iwell-guard.com\/sk\/thor\/"},"publisher":{"@id":"https:\/\/iwell-guard.com\/sk\/#organization"},"image":{"@id":"https:\/\/iwell-guard.com\/sk\/thor\/#primaryimage"},"thumbnailUrl":"https:\/\/iwell-guard.com\/wp-content\/uploads\/2026\/04\/goetter_germanisch_thor.webp","inLanguage":"sk-SK","description":"Thor, boh hromu s kladivom Mj\u00f6lnir: ochranca Midgardu, jeho ka\u017edodenn\u00e1 \u00facta na severe a jeho odkaz a\u017e po s\u00fa\u010dasnos\u0165."}]}},"_links":{"self":[{"href":"https:\/\/iwell-guard.com\/sk\/wp-json\/wp\/v2\/pages\/157807","targetHints":{"allow":["GET"]}}],"collection":[{"href":"https:\/\/iwell-guard.com\/sk\/wp-json\/wp\/v2\/pages"}],"about":[{"href":"https:\/\/iwell-guard.com\/sk\/wp-json\/wp\/v2\/types\/page"}],"author":[{"embeddable":true,"href":"https:\/\/iwell-guard.com\/sk\/wp-json\/wp\/v2\/users\/3"}],"replies":[{"embeddable":true,"href":"https:\/\/iwell-guard.com\/sk\/wp-json\/wp\/v2\/comments?post=157807"}],"version-history":[{"count":0,"href":"https:\/\/iwell-guard.com\/sk\/wp-json\/wp\/v2\/pages\/157807\/revisions"}],"wp:featuredmedia":[{"embeddable":true,"href":"https:\/\/iwell-guard.com\/sk\/wp-json\/wp\/v2\/media\/1573"}],"wp:attachment":[{"href":"https:\/\/iwell-guard.com\/sk\/wp-json\/wp\/v2\/media?parent=157807"}],"wp:term":[{"taxonomy":"category","embeddable":true,"href":"https:\/\/iwell-guard.com\/sk\/wp-json\/wp\/v2\/categories?post=157807"}],"curies":[{"name":"wp","href":"https:\/\/api.w.org\/{rel}","templated":true}]}}