{"id":157806,"date":"2026-09-04T22:17:46","date_gmt":"2026-09-04T22:17:46","guid":{"rendered":"https:\/\/iwell-guard.com\/?page_id=157806"},"modified":"2026-09-04T22:42:51","modified_gmt":"2026-09-04T22:42:51","slug":"freyja","status":"publish","type":"page","link":"https:\/\/iwell-guard.com\/sk\/freyja\/","title":{"rendered":"Freyja"},"content":{"rendered":"\t\t<div data-elementor-type=\"wp-page\" data-elementor-id=\"157806\" class=\"elementor elementor-157806 elementor-2094 elementor-bc-flex-widget\" data-elementor-post-type=\"page\">\n\t\t\t\t<div class=\"elementor-element elementor-element-10fdade e-flex e-con-boxed e-con e-parent\" data-id=\"10fdade\" data-element_type=\"container\" data-e-type=\"container\" data-settings=\"{&quot;background_background&quot;:&quot;classic&quot;}\">\n\t\t\t\t\t<div class=\"e-con-inner\">\n\t\t<div class=\"elementor-element elementor-element-herohlft0 e-flex e-con-boxed e-con e-child\" data-id=\"herohlft0\" data-element_type=\"container\" data-e-type=\"container\">\n\t\t\t\t\t<div class=\"e-con-inner\">\n\t\t<div class=\"elementor-element elementor-element-c3ceb64 e-con-full e-flex e-con e-child\" data-id=\"c3ceb64\" data-element_type=\"container\" data-e-type=\"container\">\n\t\t\t\t<div class=\"elementor-element elementor-element-96ae5e1 elementor-widget elementor-widget-heading\" data-id=\"96ae5e1\" data-element_type=\"widget\" data-e-type=\"widget\" data-widget_type=\"heading.default\">\n\t\t\t\t\t<h1 class=\"elementor-heading-title elementor-size-default\">Freyja, bohy\u0148a germ\u00e1nskej trad\u00edcie<\/h1>\t\t\t\t<\/div>\n\t\t\t\t<div class=\"elementor-element elementor-element-e45238a elementor-widget elementor-widget-text-editor\" data-id=\"e45238a\" data-element_type=\"widget\" data-e-type=\"widget\" data-widget_type=\"text-editor.default\">\n\t\t\t\t\t\t\t\t\t<p>Freyja je jednou z \u00fastredn\u00fdch boh\u00fd\u0148 germ\u00e1nskej <span class=\"iwg-fachbegriff\" data-tooltip=\"S\u00fabor tradovan\u00fdch pr\u00edbehov o bohoch v danej kult\u00fare.\" tabindex=\"0\">mytol\u00f3gie<\/span>, vl\u00e1dnuca l\u00e1ske, plodnosti, vojne a blahobytu. Patr\u00ed k rodu Vanov a v seversk\u00fdch prame\u0148och, ako je Prozaick\u00e1 Edda, steles\u0148uje zmyselnos\u0165, \u017eensk\u00fa silu a magick\u00e9 poznanie.<\/p>\t\t\t\t\t\t\t\t<\/div>\n\t\t\t\t<\/div>\n\t\t<div class=\"elementor-element elementor-element-klsbdg01 e-con-full e-flex e-con e-parent\" data-id=\"klsbdg01\" data-element_type=\"container\" data-e-type=\"container\">\n\t\t\t\t<div class=\"elementor-element elementor-element-klshtm01 elementor-widget elementor-widget-html\" data-id=\"klshtm01\" data-element_type=\"widget\" data-e-type=\"widget\" data-widget_type=\"html.default\">\n\t\t\t\t\t<div class=\"iwg-pill-row\"><span class=\"iwg-klasse-badge\" tabindex=\"0\" data-tooltip=\"Boh \/ bohy\u0148a: Zosobnen\u00e1 najvy\u0161\u0161ia moc v pante\u00f3ne danej kult\u00fary, s jasn\u00fdmi p\u00f4sobnos\u0165ami \u2013 pr\u00edrodn\u00e9 sily, osud, vojna, plodnos\u0165. Uctievan\u00e1 prostredn\u00edctvom kultov, obet\u00ed a chr\u00e1mov\u00fdch in\u0161tit\u00faci\u00ed.\">Bohy\u0148a<\/span><a href=\"https:\/\/iwell-guard.com\/sk\/?page_id=157606\" class=\"iwg-kultur-badge\" tabindex=\"0\" data-tooltip=\"Predkres\u0165ansk\u00fd svet bohov a duchov severnej a strednej Eur\u00f3py.\">Germ\u00e1nska<\/a><\/div>\t\t\t\t<\/div>\n\t\t\t\t<\/div>\n\t\t<div class=\"elementor-element elementor-element-3f74855 e-con-full e-flex e-con e-child\" data-id=\"3f74855\" data-element_type=\"container\" data-e-type=\"container\">\n\t\t\t\t<div class=\"elementor-element elementor-element-1c30362 elementor-toc--minimized-on-tablet elementor-widget elementor-widget-table-of-contents\" data-id=\"1c30362\" data-element_type=\"widget\" data-e-type=\"widget\" data-settings=\"{&quot;exclude_headings_by_selector&quot;:[],&quot;no_headings_message&quot;:&quot;Na tejto str\\u00e1nke sa nena\\u0161li \\u017eiadne nadpisy.&quot;,&quot;headings_by_tags&quot;:[&quot;h2&quot;,&quot;h3&quot;],&quot;marker_view&quot;:&quot;bullets&quot;,&quot;minimize_box&quot;:&quot;yes&quot;,&quot;icon&quot;:{&quot;value&quot;:&quot;fas fa-circle&quot;,&quot;library&quot;:&quot;fa-solid&quot;,&quot;rendered_tag&quot;:&quot;&lt;svg class=\\&quot;e-font-icon-svg e-fas-circle\\&quot; viewBox=\\&quot;0 0 512 512\\&quot; xmlns=\\&quot;http:\\\/\\\/www.w3.org\\\/2000\\\/svg\\&quot;&gt;&lt;path d=\\&quot;M256 8C119 8 8 119 8 256s111 248 248 248 248-111 248-248S393 8 256 8z\\&quot;&gt;&lt;\\\/path&gt;&lt;\\\/svg&gt;&quot;},&quot;minimized_on&quot;:&quot;tablet&quot;,&quot;hierarchical_view&quot;:&quot;yes&quot;,&quot;min_height&quot;:{&quot;unit&quot;:&quot;px&quot;,&quot;size&quot;:&quot;&quot;,&quot;sizes&quot;:[]},&quot;min_height_tablet&quot;:{&quot;unit&quot;:&quot;px&quot;,&quot;size&quot;:&quot;&quot;,&quot;sizes&quot;:[]},&quot;min_height_mobile&quot;:{&quot;unit&quot;:&quot;px&quot;,&quot;size&quot;:&quot;&quot;,&quot;sizes&quot;:[]}}\" data-widget_type=\"table-of-contents.default\">\n\t\t\t\t\t\t\t\t\t<div class=\"elementor-toc__header\">\n\t\t\t\t\t\t<h2 class=\"elementor-toc__header-title\">\n\t\t\t\tObsah\t\t\t<\/h2>\n\t\t\t\t\t\t\t\t\t\t<div class=\"elementor-toc__toggle-button elementor-toc__toggle-button--expand\" role=\"button\" tabindex=\"0\" aria-controls=\"elementor-toc__1c30362\" aria-expanded=\"true\" aria-label=\"Open table of contents\"><svg aria-hidden=\"true\" class=\"e-font-icon-svg e-fas-chevron-down\" viewBox=\"0 0 448 512\" xmlns=\"http:\/\/www.w3.org\/2000\/svg\"><path d=\"M207.029 381.476L12.686 187.132c-9.373-9.373-9.373-24.569 0-33.941l22.667-22.667c9.357-9.357 24.522-9.375 33.901-.04L224 284.505l154.745-154.021c9.379-9.335 24.544-9.317 33.901.04l22.667 22.667c9.373 9.373 9.373 24.569 0 33.941L240.971 381.476c-9.373 9.372-24.569 9.372-33.942 0z\"><\/path><\/svg><\/div>\n\t\t\t\t<div class=\"elementor-toc__toggle-button elementor-toc__toggle-button--collapse\" role=\"button\" tabindex=\"0\" aria-controls=\"elementor-toc__1c30362\" aria-expanded=\"true\" aria-label=\"Close table of contents\"><svg aria-hidden=\"true\" class=\"e-font-icon-svg e-fas-chevron-up\" viewBox=\"0 0 448 512\" xmlns=\"http:\/\/www.w3.org\/2000\/svg\"><path d=\"M240.971 130.524l194.343 194.343c9.373 9.373 9.373 24.569 0 33.941l-22.667 22.667c-9.357 9.357-24.522 9.375-33.901.04L224 227.495 69.255 381.516c-9.379 9.335-24.544 9.317-33.901-.04l-22.667-22.667c-9.373-9.373-9.373-24.569 0-33.941L207.03 130.525c9.372-9.373 24.568-9.373 33.941-.001z\"><\/path><\/svg><\/div>\n\t\t\t\t\t<\/div>\n\t\t\t\t<div id=\"elementor-toc__1c30362\" class=\"elementor-toc__body\">\n\t\t\t<div class=\"elementor-toc__spinner-container\">\n\t\t\t\t<svg class=\"elementor-toc__spinner eicon-animation-spin e-font-icon-svg e-eicon-loading\" aria-hidden=\"true\" viewBox=\"0 0 1000 1000\" xmlns=\"http:\/\/www.w3.org\/2000\/svg\"><path d=\"M500 975V858C696 858 858 696 858 500S696 142 500 142 142 304 142 500H25C25 237 238 25 500 25S975 237 975 500 763 975 500 975Z\"><\/path><\/svg>\t\t\t<\/div>\n\t\t<\/div>\n\t\t\t\t\t\t<\/div>\n\t\t\t\t<\/div>\n\t\t\t\t\t<\/div>\n\t\t\t\t<\/div>\n\t\t<div class=\"elementor-element elementor-element-herorght0 e-con-full e-flex e-con e-child\" data-id=\"herorght0\" data-element_type=\"container\" data-e-type=\"container\">\n\t\t\t\t<div class=\"elementor-element elementor-element-heroimg00 iwg-hero-image elementor-widget elementor-widget-image\" data-id=\"heroimg00\" data-element_type=\"widget\" data-e-type=\"widget\" data-widget_type=\"image.default\">\n\t\t\t\t\t\t\t\t\t\t\t\t\t\t\t<img fetchpriority=\"high\" decoding=\"async\" width=\"683\" height=\"1024\" src=\"https:\/\/iwell-guard.com\/wp-content\/uploads\/2026\/04\/goetter_germanisch_freyja-683x1024.webp\" class=\"attachment-large size-large wp-image-160121\" alt=\"Freyja \u2013 bohy\u0148a z germ\u00e1nskej trad\u00edcie, historicko-ilustra\u010dn\u00e9 zobrazenie\" srcset=\"https:\/\/iwell-guard.com\/wp-content\/uploads\/2026\/04\/goetter_germanisch_freyja-683x1024.webp 683w, https:\/\/iwell-guard.com\/wp-content\/uploads\/2026\/04\/goetter_germanisch_freyja-200x300.webp 200w, https:\/\/iwell-guard.com\/wp-content\/uploads\/2026\/04\/goetter_germanisch_freyja-768x1152.webp 768w, https:\/\/iwell-guard.com\/wp-content\/uploads\/2026\/04\/goetter_germanisch_freyja.webp 1024w\" sizes=\"(max-width: 683px) 100vw, 683px\" \/>\t\t\t\t\t\t\t\t\t\t\t\t\t\t\t<\/div>\n\t\t\t\t<\/div>\n\t\t\t\t\t<\/div>\n\t\t\t\t<\/div>\n\t\t<div class=\"elementor-element elementor-element-32917199 e-flex e-con-boxed e-con e-parent\" data-id=\"32917199\" data-element_type=\"container\" data-e-type=\"container\">\n\t\t\t\t\t<div class=\"e-con-inner\">\n\t\t<div class=\"elementor-element elementor-element-26e916cb e-flex e-con-boxed e-con e-child\" data-id=\"26e916cb\" data-element_type=\"container\" data-e-type=\"container\">\n\t\t\t\t\t<div class=\"e-con-inner\">\n\t\t<div class=\"elementor-element elementor-element-253a40d4 e-flex e-con-boxed e-con e-child\" data-id=\"253a40d4\" data-element_type=\"container\" data-e-type=\"container\">\n\t\t\t\t\t<div class=\"e-con-inner\">\n\t\t\t\t<div class=\"elementor-element elementor-element-1200c304 elementor-widget elementor-widget-heading\" data-id=\"1200c304\" data-element_type=\"widget\" data-e-type=\"widget\" data-widget_type=\"heading.default\">\n\t\t\t\t\t<div class=\"elementor-heading-title elementor-size-default\">Freyja<\/div>\t\t\t\t<\/div>\n\t\t\t\t<div class=\"elementor-element elementor-element-11758e7f elementor-widget elementor-widget-text-editor\" data-id=\"11758e7f\" data-element_type=\"widget\" data-e-type=\"widget\" data-widget_type=\"text-editor.default\">\n\t\t\t\t\t\t\t\t\t<p>Freyja sa zobrazuje so zlatom, ma\u010dkami, jastrabmi a n\u00e1hrdeln\u00edkom Br\u00edsingamen. Vyber\u00e1 si polovicu padl\u00fdch v boji (spolu s Odinom) a odv\u00e1dza ich do svojej siene Folkvangr. Uctievan\u00e1 v kultoch plodnosti, pri man\u017eelsk\u00fdch s\u013euboch a v \u017eensk\u00fdch remeseln\u00fdch praktik\u00e1ch.<\/p>\t\t\t\t\t\t\t\t<\/div>\n\t\t\t\t\t<\/div>\n\t\t\t\t<\/div>\n\t\t<div class=\"elementor-element elementor-element-159dcf9a e-flex e-con-boxed e-con e-child\" data-id=\"159dcf9a\" data-element_type=\"container\" data-e-type=\"container\">\n\t\t\t\t\t<div class=\"e-con-inner\">\n\t\t\t\t<div class=\"elementor-element elementor-element-48cee66f elementor-widget elementor-widget-heading\" data-id=\"48cee66f\" data-element_type=\"widget\" data-e-type=\"widget\" data-widget_type=\"heading.default\">\n\t\t\t\t\t<h3 class=\"elementor-heading-title elementor-size-default\">R\u00fdchly preh\u013ead: Freyja<\/h3>\t\t\t\t<\/div>\n\t\t\t\t<div class=\"elementor-element elementor-element-3f50d82c elementor-widget elementor-widget-text-editor\" data-id=\"3f50d82c\" data-element_type=\"widget\" data-e-type=\"widget\" data-widget_type=\"text-editor.default\">\n\t\t\t\t\t\t\t\t\t<p><strong>Typ:<\/strong> Germ\u00e1nska hlavn\u00e1 bohy\u0148a, Vanka, bohy\u0148a l\u00e1sky, vojny a <span class=\"iwg-fachbegriff\" data-tooltip=\"Praktiky, ktor\u00e9 sa sna\u017eia zvl\u00e1\u0161tnymi \u00fakonmi alebo formulami ovplyvni\u0165 chod udalost\u00ed.\" tabindex=\"0\">m\u00e1gie<\/span><br><span class=\"iwg-fachbegriff\" data-tooltip=\"S\u00fabor bohov ur\u010dit\u00e9ho n\u00e1bo\u017eenstva alebo kult\u00fary.\" tabindex=\"0\">Pante\u00f3n<\/span>: Germ\u00e1nsky \/ seversk\u00fd (rod Vanov)<br>Funkcia: l\u00e1ska, kr\u00e1sa, sex, vojna, seid-<span class=\"iwg-fachbegriff\" data-tooltip=\"Praktiky, ktor\u00e9 sa sna\u017eia zvl\u00e1\u0161tnymi \u00fakonmi alebo formulami ovplyvni\u0165 chod udalost\u00ed.\" tabindex=\"0\">m\u00e1gia<\/span>, polovica padl\u00fdch bojovn\u00edkov<br>Hlavn\u00e9 atrib\u00faty: n\u00e1hrdeln\u00edk Br\u00edsingamen, pl\u00e1\u0161\u0165 z jastrab\u00edch pier, voz \u0165ahan\u00fd ma\u010dkami, slzy zo zlata<br>Hlavn\u00e9 kultov\u00e9 miesta: vlastn\u00e9 <span class=\"iwg-fachbegriff\" data-tooltip=\"Stavba sl\u00fa\u017eiaca na uctievanie jedn\u00e9ho alebo viacer\u00fdch bo\u017estiev.\" tabindex=\"0\">chr\u00e1my<\/span> nie s\u00fa dolo\u017een\u00e9; \u013eudov\u00fd kult v \u0160kandin\u00e1vii a severnom Nemecku<br>S\u00farodenci: Freyr (brat, hlavn\u00fd Van)<\/p>\t\t\t\t\t\t\t\t<\/div>\n\t\t\t\t\t<\/div>\n\t\t\t\t<\/div>\n\t\t\t\t\t<\/div>\n\t\t\t\t<\/div>\n\t\t\t\t\t<\/div>\n\t\t\t\t<\/div>\n\t\t<div class=\"elementor-element elementor-element-18613602 e-flex e-con-boxed e-con e-parent\" data-id=\"18613602\" data-element_type=\"container\" data-e-type=\"container\">\n\t\t\t\t\t<div class=\"e-con-inner\">\n\t\t\t\t<div class=\"elementor-element elementor-element-262b8a9f elementor-widget elementor-widget-heading\" data-id=\"262b8a9f\" data-element_type=\"widget\" data-e-type=\"widget\" data-widget_type=\"heading.default\">\n\t\t\t\t\t<h2 class=\"elementor-heading-title elementor-size-default\">Historick\u00e9 zaradenie<\/h2>\t\t\t\t<\/div>\n\t\t<div class=\"elementor-element elementor-element-46dcb7d e-con-full e-flex e-con e-child\" data-id=\"46dcb7d\" data-element_type=\"container\" data-e-type=\"container\">\n\t\t<div class=\"elementor-element elementor-element-61d3ab3 e-flex e-con-boxed e-con e-child\" data-id=\"61d3ab3\" data-element_type=\"container\" data-e-type=\"container\">\n\t\t\t\t\t<div class=\"e-con-inner\">\n\t\t\t\t<div class=\"elementor-element elementor-element-117c166 elementor-widget elementor-widget-heading\" data-id=\"117c166\" data-element_type=\"widget\" data-e-type=\"widget\" data-widget_type=\"heading.default\">\n\t\t\t\t\t<div class=\"elementor-heading-title elementor-size-default\">Zeitraum der Texte<\/div>\t\t\t\t<\/div>\n\t\t\t\t<div class=\"elementor-element elementor-element-73997a0 elementor-widget elementor-widget-text-editor\" data-id=\"73997a0\" data-element_type=\"widget\" data-e-type=\"widget\" data-widget_type=\"text-editor.default\">\n\t\t\t\t\t\t\t\t\t<p>Freyja je \u00fastrednou postavou u\u017e od najstar\u0161\u00edch skandin\u00e1vskych prame\u0148ov. Hlavn\u00e9 pramene: <span class=\"iwg-fachbegriff\" tabindex=\"0\" data-tooltip=\"Islandsk\u00fd u\u010denec (1179\u20131241); autor Prozaickej Eddy a Heimskringly.\">Snorri Sturluson<\/span> <em>Snorra-Edda<\/em> (1220) a <em>Pies\u0148ov\u00e1 Edda<\/em> (13. stor., obsahuje star\u0161ie piesne). Je najv\u00fdznamnej\u0161ou z boh\u00fd\u0148 <em>Vanov<\/em> (star\u0161\u00ed, pred\u00e1sovsk\u00fd rod bohov), ktor\u00e1 bola po vojne medzi \u00c1smi a Vanmi prijat\u00e1 ako rukojemn\u00ed\u010dka spolu so svoj\u00edm otcom Njordom a bratom Freyrom do \u00c1sgardu.<\/p><p>Hlavn\u00fd rozkvet jej kultu: predkres\u0165ansk\u00e1 \u0160kandin\u00e1via (vikingsk\u00e1 doba, 8.\u201311. stor.). Christianiz\u00e1cia \u0160kandin\u00e1vie (10.\u201312. stor.) tento <span class=\"iwg-fachbegriff\" data-tooltip=\"S\u00fabor n\u00e1bo\u017eensk\u00fdch \u00factov\u00fdch \u00fakonov vo\u010di bo\u017estvu alebo sv\u00e4tej postave.\" tabindex=\"0\">kult<\/span> preru\u0161ila, \u013eudov\u00e9 zvyky (piatkov\u00e9 \u017eensk\u00e9 sl\u00e1vnosti, uctievanie ma\u010diek v niektor\u00fdch regi\u00f3noch) sa v\u0161ak zachovali. V 19.\/20. storo\u010d\u00ed do\u0161lo k romantick\u00e9mu o\u017eiveniu; v modernej trad\u00edcii <em>\u00c1satr\u00fa<\/em> je znovu \u00fastrednou postavou.<\/p>\n<p>Tacitus vo svojej <em>Germ\u00e1nii<\/em> (98 n. l.) spom\u00edna bohy\u0148u Nerthus, ktor\u00fa uctievalo viacero germ\u00e1nskych kme\u0148ov a ktorej meno je jazykovo pr\u00edbuzn\u00e9 s Njordom. B\u00e1datelia pova\u017euj\u00fa Nerthus za postavu patriacu k Vanom, a teda za mo\u017en\u00fa ran\u00fa paralelu alebo predchodky\u0148u freyjovskej trad\u00edcie, aj ke\u010f priame identifikovanie nie je mo\u017en\u00e9.<\/p>\t\t\t\t\t\t\t\t<\/div>\n\t\t\t\t\t<\/div>\n\t\t\t\t<\/div>\n\t\t<div class=\"elementor-element elementor-element-d47b156 e-flex e-con-boxed e-con e-child\" data-id=\"d47b156\" data-element_type=\"container\" data-e-type=\"container\">\n\t\t\t\t\t<div class=\"e-con-inner\">\n\t\t\t\t<div class=\"elementor-element elementor-element-ff38c2b elementor-widget elementor-widget-heading\" data-id=\"ff38c2b\" data-element_type=\"widget\" data-e-type=\"widget\" data-widget_type=\"heading.default\">\n\t\t\t\t\t<div class=\"elementor-heading-title elementor-size-default\">Verbreitungsraum<\/div>\t\t\t\t<\/div>\n\t\t\t\t<div class=\"elementor-element elementor-element-4e49fcc elementor-widget elementor-widget-text-editor\" data-id=\"4e49fcc\" data-element_type=\"widget\" data-e-type=\"widget\" data-widget_type=\"text-editor.default\">\n\t\t\t\t\t\t\t\t\t<p>Priame Freyjine <span class=\"iwg-fachbegriff\" data-tooltip=\"Stavba sl\u00fa\u017eiaca na uctievanie jedn\u00e9ho alebo viacer\u00fdch bo\u017estiev.\" tabindex=\"0\">chr\u00e1my<\/span> nie s\u00fa jednozna\u010dne dolo\u017een\u00e9; niektor\u00e9 \u0161kandin\u00e1vske n\u00e1zvy miest (napr. Frejskult-Steden v \u0160v\u00e9dsku) v\u0161ak nazna\u010duj\u00fa star\u00e9 kultov\u00e9 miesta. Adam z Br\u00e9m spom\u00edna v 11. storo\u010d\u00ed <em><span class=\"iwg-fachbegriff\" data-tooltip=\"Stavba sl\u00fa\u017eiaca na uctievanie jedn\u00e9ho alebo viacer\u00fdch bo\u017estiev.\" tabindex=\"0\">chr\u00e1m<\/span> v Uppsale<\/em> so sochami Odina, Thora a Freyra (Freyja nie je uveden\u00e1 priamo, ale v kontexte Vanov je jej pr\u00edtomnos\u0165 implicitn\u00e1).<\/p><p><span data-nosnippet>V modernom <em>\u00c1satr\u00fa<\/em> (akt\u00edvnom v \u0160kandin\u00e1vii, USA, Ve\u013ekej Brit\u00e1nii a Nemecku) je op\u00e4\u0165 uctievan\u00e1; na Islande je \u00c1satr\u00fa od roku 1973 \u0161t\u00e1tom uznan\u00fdm n\u00e1bo\u017eenstvom, v ktorom je v niektor\u00fdch l\u00edni\u00e1ch Freyja hlavnou bohy\u0148ou.<\/span><\/p>\n<p>V\u00fdskum n\u00e1zvov miest zaznamenal vo \u0160v\u00e9dsku, N\u00f3rsku a D\u00e1nsku cel\u00fd rad n\u00e1zvov typu Fr\u00f6- a Freys-, ktor\u00e9 odkazuj\u00fa na kultov\u00e9 miesta alebo kultov\u00e9 oblasti. T\u00e1to oblas\u0165 v\u00fdskumu sa pova\u017euje za d\u00f4le\u017eit\u00fd doplnok k liter\u00e1rnej trad\u00edcii, preto\u017ee prin\u00e1\u0161a poznatky o geografickom roz\u0161\u00edren\u00ed a miestnom zakotven\u00ed kultu, ktor\u00e9 samotn\u00e9 eddick\u00e9 texty neposkytuj\u00fa.<\/p>\t\t\t\t\t\t\t\t<\/div>\n\t\t\t\t\t<\/div>\n\t\t\t\t<\/div>\n\t\t\t\t<\/div>\n\t\t<div class=\"elementor-element elementor-element-db03c39 e-con-full e-flex e-con e-child\" data-id=\"db03c39\" data-element_type=\"container\" data-e-type=\"container\">\n\t\t<div class=\"elementor-element elementor-element-229a87b e-flex e-con-boxed e-con e-child\" data-id=\"229a87b\" data-element_type=\"container\" data-e-type=\"container\">\n\t\t\t\t\t<div class=\"e-con-inner\">\n\t\t\t\t<div class=\"elementor-element elementor-element-1f471fc elementor-widget elementor-widget-heading\" data-id=\"1f471fc\" data-element_type=\"widget\" data-e-type=\"widget\" data-widget_type=\"heading.default\">\n\t\t\t\t\t<div class=\"elementor-heading-title elementor-size-default\">Quellenlage<\/div>\t\t\t\t<\/div>\n\t\t\t\t<div class=\"elementor-element elementor-element-36b1201 elementor-widget elementor-widget-text-editor\" data-id=\"36b1201\" data-element_type=\"widget\" data-e-type=\"widget\" data-widget_type=\"text-editor.default\">\n\t\t\t\t\t\t\t\t\t<p>Hlavn\u00e9 pramene: <span class=\"iwg-fachbegriff\" tabindex=\"0\" data-tooltip=\"Islandsk\u00fd u\u010denec (1179\u20131241); autor Prozaickej Eddy a Heimskringly.\">Snorri Sturluson<\/span> <em>Snorra-Edda<\/em> (Gylfaginning, Sk\u00e1ldskaparm\u00e1l); <em>Pies\u0148ov\u00e1 Edda<\/em> (Hyndlulj\u00f3\u00f0, s hlavn\u00fdm m\u00fdtom o Freyji a \u00d3ttarovi; \u00derymskvi\u00f0a, Freyjin Br\u00edsingamen). Sekund\u00e1rna literat\u00fara: Simek, <em>Lexikon der germanischen <span class=\"iwg-fachbegriff\" data-tooltip=\"S\u00fabor tradovan\u00fdch pr\u00edbehov o bohoch v danej kult\u00fare.\" tabindex=\"0\">Mythologie<\/span><\/em>; de Vries, <em>Altgermanische Religionsgeschichte<\/em>; N\u00e4sstr\u00f6m, <em>Freyja. The Great Goddess of the North<\/em> (z\u00e1kladn\u00e9 dielo); Lindow, <em>Norse Mythology<\/em>; Davidson, <em>Roles of the Northern Goddess<\/em>.<\/p>\n<p>K archeologick\u00fdm dokladom patria zlat\u00e9 brakte\u00e1ty z doby s\u0165ahovania n\u00e1rodov, na ktor\u00fdch s\u00fa zobrazen\u00e9 \u017eensk\u00e9 postavy s n\u00e1hrdeln\u00edkmi; b\u00e1datelia ich niekedy interpretuj\u00fa ako zobrazenia Freyje, hoci bezpe\u010dn\u00e1 identifik\u00e1cia zost\u00e1va n\u00e1ro\u010dn\u00e1. Doplnkovo v\u00fdskum n\u00e1zvov miest v \u0160kandin\u00e1vii dokumentuje mnoh\u00e9 n\u00e1zvy typu Fr\u00f6- a Freys-, ktor\u00e9 sa hodnotia ako d\u00f4kaz roz\u0161\u00edren\u00e9ho predkres\u0165ansk\u00e9ho kultu.<\/p>\t\t\t\t\t\t\t\t<\/div>\n\t\t\t\t\t<\/div>\n\t\t\t\t<\/div>\n\t\t\t\t<\/div>\n\t\t\t\t\t<\/div>\n\t\t\t\t<\/div>\n\t\t<div class=\"elementor-element elementor-element-3ae0637c e-flex e-con-boxed e-con e-parent\" data-id=\"3ae0637c\" data-element_type=\"container\" data-e-type=\"container\">\n\t\t\t\t\t<div class=\"e-con-inner\">\n\t\t\t\t<div class=\"elementor-element elementor-element-31d07739 elementor-widget elementor-widget-heading\" data-id=\"31d07739\" data-element_type=\"widget\" data-e-type=\"widget\" data-widget_type=\"heading.default\">\n\t\t\t\t\t<h2 class=\"elementor-heading-title elementor-size-default\">Meno a varianty<\/h2>\t\t\t\t<\/div>\n\t\t<div class=\"elementor-element elementor-element-b7642947 e-con-full e-flex e-con e-child\" data-id=\"b7642947\" data-element_type=\"container\" data-e-type=\"container\">\n\t\t\t\t<div class=\"elementor-element elementor-element-a086266 elementor-widget elementor-widget-text-editor\" data-id=\"a086266\" data-element_type=\"widget\" data-e-type=\"widget\" data-widget_type=\"text-editor.default\">\n\t\t\t\t\t\t\t\t\t<p>Freyja je v r\u00f4znych prame\u0148och a umeleck\u00fdch trad\u00edci\u00e1ch zobrazovan\u00e1 s ur\u010dit\u00fdmi opakuj\u00facimi sa ikonografick\u00fdmi prvkami, ktor\u00e9 zost\u00e1vaj\u00fa relat\u00edvne kon\u0161tantn\u00e9 po cel\u00e9 desa\u0165ro\u010dia a v r\u00f4znych geografick\u00fdch oblastiach. Tieto prvky nie s\u00fa \u010disto dekorat\u00edvne alebo n\u00e1hodne zvolen\u00e9, ale s\u00fa hlboko symbolicky k\u00f3dovan\u00e9 a nes\u00fa ve\u013ek\u00fd v\u00fdznam.<\/p><p>Freyjine atrib\u00faty s\u00fa v Edde jasne pomenovan\u00e9 a ka\u017ed\u00fd z nich nesie vlastn\u00fd v\u00fdznam: n\u00e1hrdeln\u00edk Br\u00edsingamen odkazuje na jej spojenie s kr\u00e1sou, l\u00e1skou a plodnos\u0165ou, sokol\u00ed pl\u00e1\u0161\u0165 jej umo\u017e\u0148uje zmenu podoby a let medzi svetmi, voze\u0148 \u0165ahan\u00fd ma\u010dkami je jej pevn\u00fdm cestovn\u00fdm atrib\u00fatom.<\/p><p>Skuto\u010dnos\u0165, \u017ee jej patr\u00ed polovica padl\u00fdch, ktor\u00fdch si odv\u00e1dza do F\u00f3lkvangru, navy\u0161e ukazuje jej zodpovednos\u0165 za smr\u0165 po boku Odina. Kto poznal seversk\u00fa po\u00e9ziu, mohol z t\u00fdchto znakov okam\u017eite vy\u010d\u00edta\u0165 postavenie a mocensk\u00e9 oblasti bohyne; s\u00fa takto pod\u00e1van\u00e9 d\u00f4sledne.<\/p>\t\t\t\t\t\t\t\t<\/div>\n\t\t\t\t<\/div>\n\t\t\t\t\t<\/div>\n\t\t\t\t<\/div>\n\t\t<div class=\"elementor-element elementor-element-709a44a8 e-flex e-con-boxed e-con e-parent\" data-id=\"709a44a8\" data-element_type=\"container\" data-e-type=\"container\">\n\t\t\t\t\t<div class=\"e-con-inner\">\n\t\t\t\t<div class=\"elementor-element elementor-element-2f585873 elementor-widget elementor-widget-heading\" data-id=\"2f585873\" data-element_type=\"widget\" data-e-type=\"widget\" data-widget_type=\"heading.default\">\n\t\t\t\t\t<h2 class=\"elementor-heading-title elementor-size-default\">Charakteristick\u00e9 rysy<\/h2>\t\t\t\t<\/div>\n\t\t<div class=\"elementor-element elementor-element-70621c12 e-con-full e-flex e-con e-child\" data-id=\"70621c12\" data-element_type=\"container\" data-e-type=\"container\">\n\t\t\t\t<div class=\"elementor-element elementor-element-4296eb49 elementor-widget elementor-widget-text-editor\" data-id=\"4296eb49\" data-element_type=\"widget\" data-e-type=\"widget\" data-widget_type=\"text-editor.default\">\n\t\t\t\t\t\t\t\t\t<p>Freyja mala \u00fastredn\u00e9 miesto v n\u00e1bo\u017eenskej praxi, ka\u017edodenn\u00fdch ritu\u00e1loch a be\u017enom ch\u00e1pan\u00ed germ\u00e1nskej kult\u00fary. \u013dudia sa na t\u00fato bytos\u0165 obracali v kritick\u00fdch alebo v\u00fdnimo\u010dn\u00fdch \u017eivotn\u00fdch situ\u00e1ci\u00e1ch \u010di v ur\u010dit\u00fdch ritu\u00e1lnych obdobiach roka, so \u0161trukt\u00farovan\u00fdmi, \u010dasto n\u00e1ro\u010dn\u00fdmi ritu\u00e1lmi, modlitbami alebo obetn\u00fdmi darmi.<\/p><p>M\u00e1gia sei\u00f0r spojen\u00e1 s Freyjou bola upravenou discipl\u00ednou s vlastn\u00fdmi odborn\u00ed\u010dkami: vykon\u00e1vala ju v\u00f6lva, putuj\u00faca vidky\u0148a s palicou a pevn\u00fdm ritu\u00e1lnym postupom, a pod\u013ea Eddy t\u00fato prax medzi \u00c1sov zaviedla sama Freyja. Kto praktikoval sei\u00f0r, dodr\u017eiaval nau\u010den\u00e9 postupy, spevy a pravidl\u00e1 \u00faloh, \u017eiadna vo\u013en\u00e1 improviz\u00e1cia sa neprip\u00fa\u0161\u0165ala.<\/p><p>Vz\u00fdvanie Freyje malo pod\u013ea \u017eivotnej situ\u00e1cie r\u00f4zne \u00fa\u010dely: obracali sa na \u0148u v ot\u00e1zkach l\u00e1sky a pri t\u00fa\u017ebe po de\u0165och, m\u00e1gia sei\u00f0r, ktor\u00e1 sa jej pripisuje, sl\u00fa\u017eila na sk\u00famanie a ovplyv\u0148ovanie osudu, a ako vl\u00e1dky\u0148a F\u00f3lkvangru prij\u00edmala polovicu padl\u00fdch, st\u00e1la teda aj na prahu medzi \u017eivotom a smr\u0165ou.<\/p><p>Skuto\u010dnos\u0165, \u017ee miestne n\u00e1zvy v \u0160kandin\u00e1vii nes\u00fa jej meno, sved\u010d\u00ed o tom, \u017ee jej kult sa pova\u017eoval za \u00fa\u010dinn\u00fd a bol udr\u017eiavan\u00fd po dlh\u00fd \u010das.<\/p><h3>Podoba a symbolika<\/h3><p>Freyja je zobrazovan\u00e1 so zlat\u00fdm n\u00e1hrdeln\u00edkom Brisingamen. Cestuje na voze \u0165ahanom ma\u010dkami. Jej sokol\u00ed pl\u00e1\u0161\u0165 jej umo\u017e\u0148uje nevidite\u013ene letie\u0165. Ru\u017ea, jar a bojovn\u00ed\u010dka steles\u0148uj\u00fa jej rozmanitos\u0165. More patr\u00ed do jej sf\u00e9ry.<\/p>\t\t\t\t\t\t\t\t<\/div>\n\t\t\t\t<\/div>\n\t\t\t\t\t<\/div>\n\t\t\t\t<\/div>\n\t\t<div class=\"elementor-element elementor-element-44e71476 e-flex e-con-boxed e-con e-parent\" data-id=\"44e71476\" data-element_type=\"container\" data-e-type=\"container\">\n\t\t\t\t\t<div class=\"e-con-inner\">\n\t\t\t\t<div class=\"elementor-element elementor-element-3c1fc3f0 elementor-widget elementor-widget-heading\" data-id=\"3c1fc3f0\" data-element_type=\"widget\" data-e-type=\"widget\" data-widget_type=\"heading.default\">\n\t\t\t\t\t<div class=\"elementor-heading-title elementor-size-default\">Profil: Freyja<\/div>\t\t\t\t<\/div>\n\t\t<div class=\"elementor-element elementor-element-84f33b8e e-con-full e-flex e-con e-child\" data-id=\"84f33b8e\" data-element_type=\"container\" data-e-type=\"container\">\n\t\t\t\t<div class=\"elementor-element elementor-element-hqkdc67p elementor-widget elementor-widget-text-editor\" data-id=\"hqkdc67p\" data-element_type=\"widget\" data-e-type=\"widget\" data-widget_type=\"text-editor.default\">\n\t\t\t\t\t\t\t\t\t<p>Najd\u00f4le\u017eitej\u0161ie aspekty Freyje na jeden poh\u013ead. Nasleduj\u00face oddiely zh\u0155\u0148aj\u00fa p\u00f4vod, funkciu, podobu, uctievanie, symboly a kult\u00farne paralely.<\/p>\t\t\t\t\t\t\t\t<\/div>\n\t\t\t\t<\/div>\n\t\t<div class=\"elementor-element elementor-element-pemmx7c5 e-con-full e-flex e-con e-child\" data-id=\"pemmx7c5\" data-element_type=\"container\" data-e-type=\"container\">\n\t\t<div class=\"elementor-element elementor-element-pemmx7c1 e-con-full e-flex e-con e-child\" data-id=\"pemmx7c1\" data-element_type=\"container\" data-e-type=\"container\">\n\t\t<div class=\"elementor-element elementor-element-qh9oavvu iwg-steckbrief-card e-flex e-con-boxed e-con e-child\" data-id=\"qh9oavvu\" data-element_type=\"container\" data-e-type=\"container\">\n\t\t\t\t\t<div class=\"e-con-inner\">\n\t\t\t\t<div class=\"elementor-element elementor-element-awzx8k2k elementor-widget elementor-widget-heading\" data-id=\"awzx8k2k\" data-element_type=\"widget\" data-e-type=\"widget\" data-widget_type=\"heading.default\">\n\t\t\t\t\t<h3 class=\"elementor-heading-title elementor-size-default\">Trad\u00edcia<\/h3>\t\t\t\t<\/div>\n\t\t\t\t<div class=\"elementor-element elementor-element-x6rowhv0 elementor-widget elementor-widget-text-editor\" data-id=\"x6rowhv0\" data-element_type=\"widget\" data-e-type=\"widget\" data-widget_type=\"text-editor.default\">\n\t\t\t\t\t\t\t\t\t<p>Freyja je dc\u00e9ra <em>Njorda<\/em> (boha mora) a jeho sestry (sestra Nerthus). Sestra <em>Freyra<\/em>, s ktor\u00fdm tvor\u00ed vansk\u00fd sestersk\u00fd p\u00e1r.<\/p><p>Man\u017eelka <em>\u00d3da\/\u00d3dura<\/em> (v niektor\u00fdch prame\u0148och identifikovan\u00e9ho s Odinom), jej mu\u017e sa str\u00e1ca na nekone\u010dn\u00fdch cest\u00e1ch a Freyja ho h\u013ead\u00e1 v slz\u00e1ch, ktor\u00e9 sa menia na zlato. Matka dc\u00e9r <em>Hnoss<\/em> (\u201e\u0161perk\u201c) a Gersemi (\u201evz\u00e1cnos\u0165\u201c). V <em>Hyndlulj\u00f3\u00f0<\/em> m\u00e1 vz\u0165ah so smrte\u013en\u00edkom Ottarom.<\/p>\t\t\t\t\t\t\t\t<\/div>\n\t\t\t\t\t<\/div>\n\t\t\t\t<\/div>\n\t\t<div class=\"elementor-element elementor-element-8e3o4kxs iwg-steckbrief-card e-flex e-con-boxed e-con e-child\" data-id=\"8e3o4kxs\" data-element_type=\"container\" data-e-type=\"container\">\n\t\t\t\t\t<div class=\"e-con-inner\">\n\t\t\t\t<div class=\"elementor-element elementor-element-08rkdgov elementor-widget elementor-widget-heading\" data-id=\"08rkdgov\" data-element_type=\"widget\" data-e-type=\"widget\" data-widget_type=\"heading.default\">\n\t\t\t\t\t<h3 class=\"elementor-heading-title elementor-size-default\">Predmet p\u00f4sobenia<\/h3>\t\t\t\t<\/div>\n\t\t\t\t<div class=\"elementor-element elementor-element-uwjelx8s elementor-widget elementor-widget-text-editor\" data-id=\"uwjelx8s\" data-element_type=\"widget\" data-e-type=\"widget\" data-widget_type=\"text-editor.default\">\n\t\t\t\t\t\t\t\t\t<p>Bohy\u0148a l\u00e1sky, kr\u00e1sy, sexuality a plodnosti. M\u00e1 aj dvojfunkciu <em>bohyne vojny<\/em>: pod\u013ea Snorriho si vyber\u00e1 polovicu padl\u00fdch bojovn\u00edkov pre svoju dru\u017einu vo <em>F\u00f3lkvangri<\/em> (druh\u00fa polovicu si berie Odin do Valhaly), \u010do je pozoruhodn\u00e1 hierarchia, ktor\u00e1 stavia Freyju na rove\u0148 Odinovi.<\/p><p>Patr\u00f3nka <em>seidskej <span class=\"iwg-fachbegriff\" data-tooltip=\"Praktiky, ktor\u00e9 chc\u00fa prostredn\u00edctvom osobitn\u00fdch \u00fakonov alebo form\u00fal zasiahnu\u0165 do priebehu vec\u00ed.\" tabindex=\"0\">m\u00e1gie<\/span><\/em> (\u0161amanisticko-ve\u0161teck\u00e1 hlbok\u00e1 <span class=\"iwg-fachbegriff\" data-tooltip=\"Praktiky, ktor\u00e9 chc\u00fa prostredn\u00edctvom osobitn\u00fdch \u00fakonov alebo form\u00fal zasiahnu\u0165 do priebehu vec\u00ed.\" tabindex=\"0\">m\u00e1gia<\/span>, ktorej nau\u010dila \u00c1sov). V osobnom <span class=\"iwg-fachbegriff\" data-tooltip=\"S\u00fahrn n\u00e1bo\u017eensk\u00fdch \u00factov\u00fdch \u00fakonov vo\u010di bo\u017estvu alebo posv\u00e4tnej bytosti.\" tabindex=\"0\">kulte<\/span> bola <span class=\"iwg-fachbegriff\" data-tooltip=\"Prosebn\u00e9 alebo zakl\u00ednacie oslovenie bo\u017estva alebo moci.\" tabindex=\"0\">vz\u00fdvan\u00e1<\/span> v z\u00e1le\u017eitostiach l\u00e1sky, pri potrebe plodnosti, aj vo vojnovej a seidskej praxi. V modernom \u00e1satr\u00fa je \u00fastrednou bohy\u0148ou \u017eenskej inici\u00e1cie.<\/p>\t\t\t\t\t\t\t\t<\/div>\n\t\t\t\t\t<\/div>\n\t\t\t\t<\/div>\n\t\t<div class=\"elementor-element elementor-element-jm2n74ec iwg-steckbrief-card e-flex e-con-boxed e-con e-child\" data-id=\"jm2n74ec\" data-element_type=\"container\" data-e-type=\"container\">\n\t\t\t\t\t<div class=\"e-con-inner\">\n\t\t\t\t<div class=\"elementor-element elementor-element-8vufse4c elementor-widget elementor-widget-heading\" data-id=\"8vufse4c\" data-element_type=\"widget\" data-e-type=\"widget\" data-widget_type=\"heading.default\">\n\t\t\t\t\t<h3 class=\"elementor-heading-title elementor-size-default\">Zobrazenie<\/h3>\t\t\t\t<\/div>\n\t\t\t\t<div class=\"elementor-element elementor-element-mwb9u015 elementor-widget elementor-widget-text-editor\" data-id=\"mwb9u015\" data-element_type=\"widget\" data-e-type=\"widget\" data-widget_type=\"text-editor.default\">\n\t\t\t\t\t\t\t\t\t<p>Kr\u00e1sna mlad\u00e1 \u017eena, \u010dasto zobrazovan\u00e1 mladistvo-eroticky, v\u00fdrazne odli\u0161n\u00e1 od materskej Frigg. Zlat\u00e9 vlasy, viacvrstvov\u00e9 dvorsk\u00e9 \u0161aty, \u010dasto s brnen\u00edm pod nimi (dvojit\u00e1 funkcia). <em>N\u00e1hrdeln\u00edk Brisingamen<\/em> ako hlavn\u00fd atrib\u00fat, umelecky vyhotoven\u00fd zlat\u00fd n\u00e1hrdeln\u00edk, ktor\u00fd z\u00edskala od \u0161tyroch trpasl\u00edkov (v\u00fdmenou za pohlavn\u00fd styk s ka\u017ed\u00fdm z nich), jeden z najzn\u00e1mej\u0161\u00edch pr\u00edbehov germ\u00e1nskej <span class=\"iwg-fachbegriff\" data-tooltip=\"S\u00fahrn tradovan\u00fdch pr\u00edbehov o bohoch v danej kult\u00fare.\" tabindex=\"0\">mytol\u00f3gie<\/span>. <em>Sokol\u00ed perov\u00fd pl\u00e1\u0161\u0165<\/em> (sokol\u00ed fja\u00f0rhamr), ktor\u00fd si od nej vypo\u017ei\u010diava aj Loki.<\/p><p>Jazd\u00ed na voze, ktor\u00fd \u0165ahaj\u00fa <em>dve ve\u013ek\u00e9 ma\u010dky<\/em> (najzn\u00e1mej\u0161\u00ed a najnezamenite\u013enej\u0161\u00ed <span class=\"iwg-fachbegriff\" data-tooltip=\"Znak, ktor\u00fd zastupuje predstavu alebo v\u00fdznam.\" tabindex=\"0\">symbol<\/span> Freyje). \u010casto aj s me\u010dom alebo prilbou s kan\u010dou hlavou.<\/p>\t\t\t\t\t\t\t\t<\/div>\n\t\t\t\t\t<\/div>\n\t\t\t\t<\/div>\n\t\t\t\t<\/div>\n\t\t<div class=\"elementor-element elementor-element-pemmx7c2 e-con-full e-flex e-con e-child\" data-id=\"pemmx7c2\" data-element_type=\"container\" data-e-type=\"container\">\n\t\t<div class=\"elementor-element elementor-element-37ss2yr6 iwg-steckbrief-card e-flex e-con-boxed e-con e-child\" data-id=\"37ss2yr6\" data-element_type=\"container\" data-e-type=\"container\">\n\t\t\t\t\t<div class=\"e-con-inner\">\n\t\t\t\t<div class=\"elementor-element elementor-element-3v0wp3wx elementor-widget elementor-widget-heading\" data-id=\"3v0wp3wx\" data-element_type=\"widget\" data-e-type=\"widget\" data-widget_type=\"heading.default\">\n\t\t\t\t\t<h3 class=\"elementor-heading-title elementor-size-default\">P\u00f4sobenie Freyje<\/h3>\t\t\t\t<\/div>\n\t\t\t\t<div class=\"elementor-element elementor-element-w3247g2m elementor-widget elementor-widget-text-editor\" data-id=\"w3247g2m\" data-element_type=\"widget\" data-e-type=\"widget\" data-widget_type=\"text-editor.default\">\n\t\t\t\t\t\t\t\t\t<p><strong>Oblas\u0165 p\u00f4sobenia:<\/strong> V staro\u00adgerm\u00e1nskom \u013eudovom kulte bola Freyja vz\u00fdvan\u00e1 v z\u00e1le\u017eitostiach l\u00e1sky a v ot\u00e1zkach plodnosti. <em>Prakti\u010dky sei\u00f0r<\/em> (nesk\u00f4r <em>v\u00f6lvy<\/em>, prorock\u00e9 \u017eeny) sa pova\u017eovali za jej nasledovn\u00ed\u010dky. V \u0161kandin\u00e1vskej \u013eudovej trad\u00edcii boli ma\u010dky jej sv\u00e4t\u00fdmi zvieratami, odtia\u013e tabu ubli\u017eova\u0165 ma\u010dke.<\/p><p>V modernej trad\u00edcii <em>\u00e1satr\u00fa<\/em> je hlavnou bohy\u0148ou \u017eensk\u00fdch bl\u00f3tov\u00fdch zhroma\u017eden\u00ed (najm\u00e4 vo vanatr\u00fa vetv\u00e1ch, zameran\u00fdch na Vanov). Sviato\u010dn\u00fd de\u0148 t\u00fd\u017ed\u0148a: piatok (v niektor\u00fdch trad\u00edci\u00e1ch zdie\u013ean\u00fd s Frigg; niektor\u00ed b\u00e1datelia sa domnievaj\u00fa, \u017ee Frigg a Freyja boli p\u00f4vodne toto\u017en\u00e9).<\/p>\t\t\t\t\t\t\t\t<\/div>\n\t\t\t\t\t<\/div>\n\t\t\t\t<\/div>\n\t\t<div class=\"elementor-element elementor-element-0qpjal9w iwg-steckbrief-card e-flex e-con-boxed e-con e-child\" data-id=\"0qpjal9w\" data-element_type=\"container\" data-e-type=\"container\">\n\t\t\t\t\t<div class=\"e-con-inner\">\n\t\t\t\t<div class=\"elementor-element elementor-element-6ndoih0o elementor-widget elementor-widget-heading\" data-id=\"6ndoih0o\" data-element_type=\"widget\" data-e-type=\"widget\" data-widget_type=\"heading.default\">\n\t\t\t\t\t<h3 class=\"elementor-heading-title elementor-size-default\">Formy ochrany<\/h3>\t\t\t\t<\/div>\n\t\t\t\t<div class=\"elementor-element elementor-element-6684tyh9 elementor-widget elementor-widget-text-editor\" data-id=\"6684tyh9\" data-element_type=\"widget\" data-e-type=\"widget\" data-widget_type=\"text-editor.default\">\n\t\t\t\t\t\t\t\t\t<p>N\u00e1hrdeln\u00edk Brisingamen (hlavn\u00fd atrib\u00fat, umelecky vyhotoven\u00e1 zlat\u00e1 re\u0165az), sokol\u00ed perov\u00fd pl\u00e1\u0161\u0165, voz \u0165ahan\u00fd ma\u010dkami (dve ve\u013ek\u00e9 ma\u010dky), me\u010d, prilba s kan\u010dou hlavou, slzy zo zlata (<span class=\"iwg-fachbegriff\" data-tooltip=\"Znak, ktor\u00fd zastupuje predstavu alebo v\u00fdznam.\" tabindex=\"0\">symbol<\/span> jej h\u013eadania \u00d3da). Sv\u00e4t\u00e9 zvierat\u00e1: ma\u010dka (najm\u00e4 seversk\u00e1 lesn\u00e1 ma\u010dka), diviak (jazd\u00ed aj na zlatosrstom <em>Hildisv\u00edni<\/em>), sokol. Sv\u00e4t\u00e9 rastliny: jahoda, baza, sedmokr\u00e1ska (pod\u013ea \u013eudovej viery \u201eFreyjine rastliny\u201c), koh\u00fatik l\u00fa\u010dny. Sviato\u010dn\u00fd de\u0148 t\u00fd\u017ed\u0148a: piatok.<\/p>\t\t\t\t\t\t\t\t<\/div>\n\t\t\t\t\t<\/div>\n\t\t\t\t<\/div>\n\t\t<div class=\"elementor-element elementor-element-3lfi7x32 iwg-steckbrief-card e-flex e-con-boxed e-con e-child\" data-id=\"3lfi7x32\" data-element_type=\"container\" data-e-type=\"container\">\n\t\t\t\t\t<div class=\"e-con-inner\">\n\t\t\t\t<div class=\"elementor-element elementor-element-0kg99ga1 elementor-widget elementor-widget-heading\" data-id=\"0kg99ga1\" data-element_type=\"widget\" data-e-type=\"widget\" data-widget_type=\"heading.default\">\n\t\t\t\t\t<h3 class=\"elementor-heading-title elementor-size-default\">Pendants<\/h3>\t\t\t\t<\/div>\n\t\t\t\t<div class=\"elementor-element elementor-element-n0fum6kp elementor-widget elementor-widget-text-editor\" data-id=\"n0fum6kp\" data-element_type=\"widget\" data-e-type=\"widget\" data-widget_type=\"text-editor.default\">\n\t\t\t\t\t\t\t\t\t<p><em>Frigg<\/em> (germ\u00e1nska, bl\u00edzko pr\u00edbuzn\u00e1 alebo mo\u017eno p\u00f4vodne toto\u017en\u00e1 bohy\u0148a), <em>Afrodita<\/em> (Gr\u00e9cko, bohy\u0148a l\u00e1sky), <em>Venu\u0161a<\/em> (R\u00edm), <em>Inanna\/I\u0161tar<\/em> (Mezopot\u00e1mia, l\u00e1ska a vojna v jednej postave, n\u00e1padne podobn\u00e1 Freyji), <em>A\u0161tarta<\/em> (Fen\u00edcia), <em>Hathor<\/em> (Egypt), <em>Lak\u0161m\u00ed<\/em> (hinduizmus), <em>Erzulie Freda<\/em> (vod\u00fa). Funk\u010dne maj\u00fa v\u0161etky dvojit\u00e9 bohyne l\u00e1sky a vojny spolo\u010dn\u00e9 rysy s Freyjou. V germ\u00e1nskom <span class=\"iwg-fachbegriff\" data-tooltip=\"S\u00fahrn bohov jedn\u00e9ho n\u00e1bo\u017eenstva alebo kult\u00fary.\" tabindex=\"0\">pante\u00f3ne<\/span> je po Odinovi najv\u00fdznamnej\u0161\u00edm <span class=\"iwg-fachbegriff\" data-tooltip=\"Bytos\u0165 uctievan\u00e1 ako bo\u017esk\u00e1 v r\u00e1mci n\u00e1bo\u017eenstva.\" tabindex=\"0\">bo\u017estvom<\/span> v\u00f4bec.<\/p>\n<p>V anglosaskej trad\u00edcii sa priama obdoba Freyje nezachovala, av\u0161ak n\u00e1zov d\u0148a piatok (starosax\u00f3nsky <em>fr\u012bged\u00e6g<\/em>) sa odvodzuje od bohyne menom Frige. B\u00e1danie diskutuje o tom, \u010di Frige, Frigg a Freyja poch\u00e1dzaj\u00fa zo spolo\u010dnej star\u0161ej bohyne, alebo boli v\u017edy oddelen\u00fdmi postavami. Britt-Mari N\u00e4sstr\u00f6m zast\u00e1vala t\u00e9zu o p\u00f4vodnej toto\u017enosti v\u0161etk\u00fdch troch post\u00e1v, t\u00e1to t\u00e9za je v\u0161ak pova\u017eovan\u00e1 za sporn\u00e1 a in\u00ed b\u00e1datelia ju odmietaj\u00fa.<\/p>\t\t\t\t\t\t\t\t<\/div>\n\t\t\t\t\t<\/div>\n\t\t\t\t<\/div>\n\t\t\t\t<\/div>\n\t\t\t\t<\/div>\n\t\t\t\t\t<\/div>\n\t\t\t\t<\/div>\n\t\t<div class=\"elementor-element elementor-element-5a584676 e-flex e-con-boxed e-con e-parent\" data-id=\"5a584676\" data-element_type=\"container\" data-e-type=\"container\">\n\t\t\t\t\t<div class=\"e-con-inner\">\n\t\t\t\t<div class=\"elementor-element elementor-element-6d0757bf elementor-widget elementor-widget-heading\" data-id=\"6d0757bf\" data-element_type=\"widget\" data-e-type=\"widget\" data-widget_type=\"heading.default\">\n\t\t\t\t\t<h2 class=\"elementor-heading-title elementor-size-default\">Freyja, paralely v in\u00fdch kult\u00farach<\/h2>\t\t\t\t<\/div>\n\t\t<div class=\"elementor-element elementor-element-60563f68 e-con-full e-flex e-con e-child\" data-id=\"60563f68\" data-element_type=\"container\" data-e-type=\"container\">\n\t\t\t\t<div class=\"elementor-element elementor-element-5a93fdd6 elementor-widget elementor-widget-text-editor\" data-id=\"5a93fdd6\" data-element_type=\"widget\" data-e-type=\"widget\" data-widget_type=\"text-editor.default\">\n\t\t\t\t\t\t\t\t\t<p>Freyja zdie\u013ea charakteristiky s Inannou, Afroditou a trad\u00edciou Devi-\u0160akti, viacn\u00e1sobn\u00fa funkciu l\u00e1sky, vojny a <span class=\"iwg-fachbegriff\" data-tooltip=\"Praktiky, ktor\u00e9 sa sna\u017eia zvl\u00e1\u0161tnymi \u00fakonmi alebo formulami ovplyvni\u0165 priebeh vec\u00ed.\" tabindex=\"0\">m\u00e1gie<\/span>, ktor\u00e1 je v germ\u00e1nsko-severskom <span class=\"iwg-fachbegriff\" data-tooltip=\"S\u00fahrn bohov jedn\u00e9ho n\u00e1bo\u017eenstva alebo kult\u00fary.\" tabindex=\"0\">pante\u00f3ne<\/span> jedine\u010dne zhusten\u00e1. Na rozdiel od \u010dist\u00fdch boh\u00fd\u0148 l\u00e1sky v in\u00fdch kult\u00farach Freyja vedie vlastn\u00e9 vojsko a disponuje vlastnou magickou trad\u00edciou Sei\u00f0r.<\/p>\n<p><strong>\u017didovsk\u00e1 trad\u00edcia:<\/strong> Lilith a \u010fal\u0161ie demonick\u00e9 alebo magick\u00e9 \u017eensk\u00e9 postavy zdie\u013eaj\u00fa s Freyjou znaky sexu\u00e1lnej auton\u00f3mie, kompetencie v m\u00e1gii a nez\u00e1vislosti od patriarch\u00e1lneho <span class=\"iwg-fachbegriff\" data-tooltip=\"S\u00fahrn bohov jedn\u00e9ho n\u00e1bo\u017eenstva alebo kult\u00fary.\" tabindex=\"0\">pante\u00f3nu<\/span>, kult\u00farno-historicky odli\u0161n\u00e9, \u0161truktur\u00e1lne podobn\u00e9 v prvku subverzie.<\/p><p><strong>Gr\u00e9cko-r\u00edmsky svet:<\/strong> Afrodita a Venu\u0161a zodpovedaj\u00fa Freyji v l\u00e1ske a zmyselnosti, zatia\u013e \u010do At\u00e9na zodpoved\u00e1 jej vojnovej str\u00e1nke. \u017diadna gr\u00e9cka bohy\u0148a nesp\u00e1ja oba tieto rozmery tak, ako Freyja.<\/p><p><strong>Slovansk\u00e1 trad\u00edcia:<\/strong> Freyja a slovansk\u00e9 bohyne l\u00e1sky ako Moko\u0161 alebo Sre\u0107a\/Sudica vykazuj\u00fa paralely v plodnosti, dom\u00e1cnosti a \u017eenskej <span class=\"iwg-fachbegriff\" data-tooltip=\"Praktiky, ktor\u00e9 sa sna\u017eia zvl\u00e1\u0161tnymi \u00fakonmi alebo formulami ovplyvni\u0165 priebeh vec\u00ed.\" tabindex=\"0\">m\u00e1gii<\/span>. Obe trad\u00edcie zachov\u00e1vaj\u00fa indoeur\u00f3psku dualitu bohyne (gazdinej a bojovn\u00ed\u010dky).<\/p><p><strong>Hinduizmus:<\/strong> Lak\u0161m\u00ed a Durga podobne steles\u0148uj\u00fa blahobyt\/zmyselnos\u0165 a bojovn\u00fa silu, pri\u010dom Durga ako \u0160akti sa tie\u017e zbli\u017euje s Freyjinou bojovou \u00falohou.<\/p>\n<p>V porovn\u00e1vacom indoeur\u00f3pskom b\u00e1dan\u00ed o n\u00e1bo\u017eenstve interpretoval Georges Dum\u00e9zil Freyju ako pr\u00edklad tretej z troch indoeur\u00f3pskych z\u00e1kladn\u00fdch funkci\u00ed, funkcie plodnosti, materi\u00e1lneho bohatstva a reprodukcie. Vanovia ako celok sa v tomto v\u00fdkladovom r\u00e1mci pova\u017euj\u00fa za bohov tejto tretej funkcie, zatia\u013e \u010do \u00c1sovia steles\u0148uj\u00fa predov\u0161etk\u00fdm prv\u00fa (suverenitu) a druh\u00fa (bojovn\u00edctvo) funkciu.<\/p>\t\t\t\t\t\t\t\t<\/div>\n\t\t\t\t<\/div>\n\t\t\t\t\t<\/div>\n\t\t\t\t<\/div>\n\t\t<div class=\"elementor-element elementor-element-cp34382c3 e-flex e-con-boxed e-con e-parent\" data-id=\"cp34382c3\" data-element_type=\"container\" data-e-type=\"container\">\n\t\t\t\t\t<div class=\"e-con-inner\">\n\t\t\t\t<div class=\"elementor-element elementor-element-cpc1c652b elementor-widget elementor-widget-heading\" data-id=\"cpc1c652b\" data-element_type=\"widget\" data-e-type=\"widget\" data-widget_type=\"heading.default\">\n\t\t\t\t\t<h2 class=\"elementor-heading-title elementor-size-default\">Pramene: Snorri, Pies\u0148ov\u00e1 Edda a probl\u00e9m neskor\u00e9ho podania<\/h2>\t\t\t\t<\/div>\n\t\t<div class=\"elementor-element elementor-element-cp2297e66 e-con-full e-flex e-con e-child\" data-id=\"cp2297e66\" data-element_type=\"container\" data-e-type=\"container\">\n\t\t\t\t<div class=\"elementor-element elementor-element-cp05b5ca9 elementor-widget elementor-widget-text-editor\" data-id=\"cp05b5ca9\" data-element_type=\"widget\" data-e-type=\"widget\" data-widget_type=\"text-editor.default\">\n\t\t\t\t\t\t\t\t\t<p>To, \u010do o Freyji vieme, poch\u00e1dza takmer v\u00fdlu\u010dne z textov zap\u00edsan\u00fdch v kres\u0165anskom Islande 13. storo\u010dia, teda st\u00e1ro\u010dia po christianiz\u00e1cii Skandin\u00e1vie. Najd\u00f4le\u017eitej\u0161\u00edmi prame\u0148mi s\u00fa <em>Pies\u0148ov\u00e1 Edda<\/em>, zbierka mytologick\u00fdch a hrdinsk\u00fdch b\u00e1sn\u00ed, a <em>Prozaick\u00e1 Edda<\/em> Snorriho Sturlusona, pr\u00edru\u010dka b\u00e1snick\u00e9ho umenia, ktor\u00e1 systematicky opisuje mytologick\u00fa l\u00e1tku.<\/p><p>Snorri zara\u010fuje Freyju k <em>Vanom<\/em>, tomu rodu bohov, ktor\u00fd sa odli\u0161uje od <em>\u00c1sov<\/em> a je s nimi spojen\u00fd po mytickej vojne medzi oboma skupinami.<\/p><p>Naz\u00fdva ju najvzne\u0161enej\u0161ou z boh\u00fd\u0148 a prisudzuje jej s\u00eddlo F\u00f3lkvangr, na ktorom sa nach\u00e1dza sie\u0148 Sessr\u00famnir. \u010casto citovan\u00e1 strofa hovor\u00ed, \u017ee Freyja z\u00edskava polovicu padl\u00fdch z bojiska, zatia\u013e \u010do druh\u00e1 polovica sa dost\u00e1va k Odinovi do Valhaly.<\/p><p>T\u00e1to situ\u00e1cia pramenn\u00e9ho materi\u00e1lu vy\u017eaduje metodick\u00fa obozretnos\u0165. Snorri bol vzdelan\u00fd kres\u0165an, ktor\u00fd chcel star\u00e9 vedomosti usporiada\u0165 a zachova\u0165 pre b\u00e1snictvo, av\u0161ak videl ich aj prostredn\u00edctvom vlastnej doby. Kde sa <em>Pies\u0148ov\u00e1 Edda<\/em> a Snorri navz\u00e1jom podporuj\u00fa, je <span class=\"iwg-fachbegriff\" data-tooltip=\"Odovzd\u00e1vanie poznatkov a rozpr\u00e1van\u00ed z gener\u00e1cie na gener\u00e1ciu.\" tabindex=\"0\">podanie<\/span> relat\u00edvne pevn\u00e9.<\/p><p>Kde stoj\u00ed Snorri osamote, zost\u00e1va otvoren\u00e9, \u010di reprodukuje star\u0161ie poznatky, alebo ich systematizuj\u00facim sp\u00f4sobom doplnil. B\u00e1danie posledn\u00fdch desa\u0165ro\u010d\u00ed, napr\u00edklad pr\u00e1ce Britt-Mari N\u00e4sstr\u00f6m venovan\u00e9 \u0161pecificky Freyji, preto zd\u00f4raznilo, \u017ee ka\u017ed\u00e9 tvrdenie o bohyni mus\u00ed by\u0165 sp\u00e4t\u00e9 s jeho prame\u0148om.<\/p>\n<p>Na niektor\u00fdch miestach prame\u0148ov sa Sessr\u00famnir objavuje aj ako meno lode, \u010do vedie k \u00favah\u00e1m o s\u00favislosti medzi Freyjou, lo\u010fou a kultom mrtvych. Hilda Ellis Davidson v diele <em>Gods and Myths of Northern Europe<\/em> (1964) argumentovala, \u017ee Freyjin vz\u0165ah k smrti a osudu bol star\u0161\u00ed a rozsiahlej\u0161\u00ed, ne\u017e ukazuje neskor\u0161ia liter\u00e1rna trad\u00edcia, a \u017ee rozdelenie padl\u00fdch s Odinom sa zaklad\u00e1 na synt\u00e9ze vansk\u00fdch a \u00e1sovsk\u00fdch predst\u00e1v.<\/p>\t\t\t\t\t\t\t\t<\/div>\n\t\t\t\t<\/div>\n\t\t\t\t\t<\/div>\n\t\t\t\t<\/div>\n\t\t<div class=\"elementor-element elementor-element-cp7374b57 e-flex e-con-boxed e-con e-parent\" data-id=\"cp7374b57\" data-element_type=\"container\" data-e-type=\"container\">\n\t\t\t\t\t<div class=\"e-con-inner\">\n\t\t\t\t<div class=\"elementor-element elementor-element-cp4d63e8b elementor-widget elementor-widget-heading\" data-id=\"cp4d63e8b\" data-element_type=\"widget\" data-e-type=\"widget\" data-widget_type=\"heading.default\">\n\t\t\t\t\t<h2 class=\"elementor-heading-title elementor-size-default\">Br\u00edsingamen a spor o ma\u010dky<\/h2>\t\t\t\t<\/div>\n\t\t<div class=\"elementor-element elementor-element-cp60a613c e-con-full e-flex e-con e-child\" data-id=\"cp60a613c\" data-element_type=\"container\" data-e-type=\"container\">\n\t\t\t\t<div class=\"elementor-element elementor-element-cp5b7a91b elementor-widget elementor-widget-text-editor\" data-id=\"cp5b7a91b\" data-element_type=\"widget\" data-e-type=\"widget\" data-widget_type=\"text-editor.default\">\n\t\t\t\t\t\t\t\t\t<p>K st\u00e1lym atrib\u00fatom Freyje patr\u00ed n\u00e1hrdeln\u00edk alebo \u0161perk okolo krku <em>Br\u00edsingamen<\/em>. Snorri ho spom\u00edna, a anglosask\u00fd epos <em>Beowulf<\/em> pozn\u00e1 pr\u00edbuzn\u00fd klenot, <em>Brosinga mene<\/em>, \u010do nazna\u010duje, \u017ee t\u00e1to predstava bola zn\u00e1ma aj mimo Skandin\u00e1vie.<\/p><p>Podrobn\u00e9 rozpr\u00e1vanie o z\u00edskan\u00ed Br\u00edsingamenu sa v\u0161ak zachovalo len v neskorom prameni, <em>S\u00f6rla \u00fe\u00e1ttr<\/em>, pr\u00edbehu zo 14. storo\u010dia, ktor\u00e9ho hodnota pre poznanie predkres\u0165ansk\u00e9ho n\u00e1bo\u017eenstva je sporn\u00e1.<\/p><p>V piesni <em>\u00derymskvi\u00f0a<\/em> z <em>Pies\u0148ovej Eddy<\/em> hr\u00e1 Br\u00edsingamen \u00falohu, ke\u010f sa Thor mus\u00ed prezliec\u0165 za Freyju, aby z\u00edskal sp\u00e4\u0165 svoje ukradnut\u00e9 kladivo, a pri tom si oble\u010die aj n\u00e1hrdeln\u00edk bohyne. Epiz\u00f3da je komicky vyznen\u00e1 a z\u00e1rove\u0148 ukazuje, ako \u00fazko bol Br\u00edsingamen sp\u00e1jan\u00fd s identitou Freyje.<\/p><p>\u010eal\u0161\u00edm zn\u00e1mym atrib\u00fatom je jej z\u00e1prah z ma\u010diek, ktor\u00e9 \u0165ahaj\u00fa jej voze\u0148. Aj tento detail sa vo v\u00e4\u010d\u0161ine opiera v\u00fdlu\u010dne o Snorriho svedectvo. B\u00e1datelia diskutovali o tom, ak\u00e9 zvierat\u00e1 boli p\u00f4vodne mienen\u00e9, ke\u010f\u017ee staron\u00f3rske slovo nie je v\u017edy jednozna\u010dn\u00e9 a navrhovali sa aj v\u00e4\u010d\u0161ie div\u00e9 ma\u010dky alebo in\u00e9 zvierat\u00e1.<\/p><p>Tak\u00e9to diskusie ukazuj\u00fa, \u017ee aj zdanlivo pevn\u00e9 \u201efakty&#8220; o Freyji sa \u010dasto zakladaj\u00fa na v\u00fdklade jednotliv\u00fdch slov. Okrem toho vlastn\u00ed pod\u013ea Snorriho pl\u00e1\u0161\u0165 z jastrab\u00edch pier, s ktor\u00fdm sa d\u00e1 lieta\u0165, a diviaka Hildisv\u00edniho.<\/p>\n<p>V <em>\u00derymskvi\u0111e<\/em> z <em>Pies\u0148ovej Eddy<\/em> obor \u00derymr \u017eiada Freyju ako v\u00fdkupn\u00e9 za vr\u00e1tenie Thorovho kladiva. Freyja to nazlostene odmietne, na \u010do je k \u00derymrovi vyslan\u00fd s\u00e1m Thor prezle\u010den\u00fd za nevestu, v \u017eensk\u00fdch \u0161at\u00e1ch a s Br\u00edsingamenom. T\u00e1to epiz\u00f3da dokazuje, ako \u00fazko bol Br\u00edsingamen sp\u00e1jan\u00fd s identitou a d\u00f4stojnos\u0165ou Freyje, a z\u00e1rove\u0148 ukazuje, \u017ee bohy\u0148a nebola pova\u017eovan\u00e1 za obchodovate\u013en\u00fd tovar, ale za samostatn\u00fa veli\u010dinu v usporiadan\u00ed bohov.<\/p>\t\t\t\t\t\t\t\t<\/div>\n\t\t\t\t<\/div>\n\t\t\t\t\t<\/div>\n\t\t\t\t<\/div>\n\t\t<div class=\"elementor-element elementor-element-cp2f361da e-flex e-con-boxed e-con e-parent\" data-id=\"cp2f361da\" data-element_type=\"container\" data-e-type=\"container\">\n\t\t\t\t\t<div class=\"e-con-inner\">\n\t\t\t\t<div class=\"elementor-element elementor-element-cp93ea821 elementor-widget elementor-widget-heading\" data-id=\"cp93ea821\" data-element_type=\"widget\" data-e-type=\"widget\" data-widget_type=\"heading.default\">\n\t\t\t\t\t<h2 class=\"elementor-heading-title elementor-size-default\">Freyja a sei\u00f0r: m\u00e1gia na hranici rodov\u00fdch rol\u00ed<\/h2>\t\t\t\t<\/div>\n\t\t<div class=\"elementor-element elementor-element-cp786ef96 e-con-full e-flex e-con e-child\" data-id=\"cp786ef96\" data-element_type=\"container\" data-e-type=\"container\">\n\t\t\t\t<div class=\"elementor-element elementor-element-cp169d5c6 elementor-widget elementor-widget-text-editor\" data-id=\"cp169d5c6\" data-element_type=\"widget\" data-e-type=\"widget\" data-widget_type=\"text-editor.default\">\n\t\t\t\t\t\t\t\t\t<p>N\u00e1bo\u017eensko-historicky obzvl\u00e1\u0161\u0165 zauj\u00edmav\u00e1 <span class=\"iwg-fachbegriff\" data-tooltip=\"Odovzd\u00e1vanie vedomost\u00ed a pr\u00edbehov z gener\u00e1cie na gener\u00e1ciu.\" tabindex=\"0\">trad\u00edcia<\/span> sp\u00e1ja Freyju s <em>sei\u00f0rom<\/em>, formou ritu\u00e1lnej m\u00e1gie. Snorri v <em>Ynglinga saga<\/em> uv\u00e1dza, \u017ee Freyja ovl\u00e1dala toto umenie a nau\u010dila ho \u00c1sov, konkr\u00e9tne Odina. Pod\u013ea prame\u0148ov sl\u00fa\u017eil <em>sei\u00f0r<\/em> okrem in\u00e9ho na <span class=\"iwg-fachbegriff\" data-tooltip=\"V\u00fdklad znamen\u00ed na rozpoznanie skryt\u00e9ho alebo bud\u00faceho.\" tabindex=\"0\">ve\u0161tenie<\/span>, ovplyv\u0148ovanie \u0161\u0165astia a osudu, ako aj na \u0161kodliv\u00fa <span class=\"iwg-fachbegriff\" data-tooltip=\"Praktiky, ktor\u00e9 sa sna\u017eia zvl\u00e1\u0161tnymi \u00fakonmi alebo formulkami zasiahnu\u0165 do chodu vec\u00ed.\" tabindex=\"0\">m\u00e1giu<\/span>.<\/p><p>Zauj\u00edmav\u00e9 je, \u017ee <em>sei\u00f0r<\/em> sa v prame\u0148och jav\u00ed ako spojen\u00fd s probl\u00e9mom rodov\u00fdch rol\u00ed. Viacer\u00e9 texty nazna\u010duj\u00fa, \u017ee vykon\u00e1vanie <em>sei\u00f0ru<\/em> mu\u017emi bolo pova\u017eovan\u00e9 za nemu\u017en\u00e9, za <em>ergi<\/em>.<\/p><p>Ke\u010f Odin praktizuje <em>sei\u00f0r<\/em>, Loki mu to v <em>Lokasenne<\/em> vyt\u00fdka ako hanbu. Skuto\u010dnos\u0165, \u017ee toto umenie poch\u00e1dza od bohyne a vykon\u00e1vali ho predov\u0161etk\u00fdm \u017eeny, do tohto obrazu dobre zapad\u00e1.<\/p><p>Freyja tak stoj\u00ed na priese\u010dn\u00edku. Sp\u00e1ja oblasti l\u00e1sky a plodnosti, ktor\u00e9 sa jej v\u00e4\u010d\u0161inou pripisuj\u00fa, s mocou nad skryt\u00fdm poznan\u00edm a osudom. Toto spojenie nie je rozporom, ale zodpoved\u00e1 vzoru, ktor\u00fd sa vyskytuje aj pri in\u00fdch bo\u017estv\u00e1ch Vanov: plodnos\u0165 a moc nad osudom patria k sebe, preto\u017ee obe sa t\u00fdkaj\u00fa vznikania a zanikania.<\/p><p>B\u00e1danie diskutuje o tom, \u010di za Freyjou stoj\u00ed star\u0161ia, rozsiahlej\u0161ia bohy\u0148a osudu a veget\u00e1cie, ktorej profil je v zachovanej <span class=\"iwg-fachbegriff\" data-tooltip=\"S\u00fahrn tradovan\u00fdch pr\u00edbehov o bohoch v danej kult\u00fare.\" tabindex=\"0\">mytol\u00f3gii<\/span> vidite\u013en\u00fd u\u017e len s\u010dasti. Ist\u00e9 odpove\u010f prameniami nedovo\u013euj\u00fa, ale spojenie <em>sei\u00f0ru<\/em>, vojny, l\u00e1sky a smrti rob\u00ed z Freyje jednu z najviacvrstvov\u00fdch post\u00e1v seversk\u00e9ho pante\u00f3nu.<\/p>\n<p><em>Eir\u00edks saga rau\u00f0a<\/em> pod\u00e1va jeden z najplastickej\u0161\u00edch opisov praxe sei\u00f0ru v islandskej sagovej literat\u00fare: ve\u0161tica sed\u00ed vyv\u00fd\u0161en\u00e1 na le\u0161en\u00ed, spevom je priveden\u00e1 do transu a ude\u013euje prorock\u00e9 odpovede. Tento popis ukazuje ritu\u00e1lny r\u00e1mec, v ktorom sa sei\u00f0r vykon\u00e1val, a doklad\u00e1 \u00fazke spojenie transu, spevu a ve\u0161tenia. Neil Price vo svojich pr\u00e1cach o sei\u00f0re a severskej vojnovej ideol\u00f3gii vyzdvihol t\u00fato prax ako \u00fastredn\u00fa, dlho podce\u0148ovan\u00fa zlo\u017eku staron\u00f3rskeho n\u00e1bo\u017eenstva, a zd\u00f4raznil pri tom aj \u00falohu Freyje ako p\u00f4vodnej u\u010dite\u013eky tohto umenia.<\/p>\t\t\t\t\t\t\t\t<\/div>\n\t\t\t\t<\/div>\n\t\t\t\t\t<\/div>\n\t\t\t\t<\/div>\n\t\t<div class=\"elementor-element elementor-element-36dd7469 e-flex e-con-boxed e-con e-parent\" data-id=\"36dd7469\" data-element_type=\"container\" data-e-type=\"container\">\n\t\t\t\t\t<div class=\"e-con-inner\">\n\t\t\t\t<div class=\"elementor-element elementor-element-13760ab4 elementor-widget elementor-widget-heading\" data-id=\"13760ab4\" data-element_type=\"widget\" data-e-type=\"widget\" data-widget_type=\"heading.default\">\n\t\t\t\t\t<h2 class=\"elementor-heading-title elementor-size-default\">S\u00favisiace odkazy<\/h2>\t\t\t\t<\/div>\n\t\t<div class=\"elementor-element elementor-element-28c87796 e-con-full e-flex e-con e-child\" data-id=\"28c87796\" data-element_type=\"container\" data-e-type=\"container\">\n\t\t\t\t<div class=\"elementor-element elementor-element-5d6538df elementor-widget elementor-widget-text-editor\" data-id=\"5d6538df\" data-element_type=\"widget\" data-e-type=\"widget\" data-widget_type=\"text-editor.default\">\n\t\t\t\t\t\t\t\t\t<ul><li><a href=\"https:\/\/iwell-guard.com\/sk\/?page_id=157707\">Odin, del\u00ed sa s \u0148ou o padl\u00fdch bojovn\u00edkov<\/a><\/li><li><a href=\"https:\/\/iwell-guard.com\/sk\/?page_id=157809\">Frigg, pr\u00edbuzn\u00e1 germ\u00e1nska bohy\u0148a<\/a><\/li><li><a href=\"https:\/\/iwell-guard.com\/sk\/?page_id=157871\">Afrodita, gr\u00e9cka paralela l\u00e1sky<\/a><\/li><li><a href=\"https:\/\/iwell-guard.com\/sk\/?page_id=157606\">Germ\u00e1nsky, preh\u013ead pante\u00f3nu<\/a><\/li><li><a href=\"https:\/\/iwell-guard.com\/sk\/?page_id=157671\">Bohovia, preh\u013ead tried<\/a><\/li><\/ul>\t\t\t\t\t\t\t\t<\/div>\n\t\t\t\t<\/div>\n\t\t\t\t\t<\/div>\n\t\t\t\t<\/div>\n\t\t<div class=\"elementor-element elementor-element-grl4kl40 e-flex e-con-boxed e-con e-parent\" data-id=\"grl4kl40\" data-element_type=\"container\" data-e-type=\"container\">\n\t\t\t\t\t<div class=\"e-con-inner\">\n\t\t\t\t<div class=\"elementor-element elementor-element-bzsbfrmh elementor-widget elementor-widget-heading\" data-id=\"bzsbfrmh\" data-element_type=\"widget\" data-e-type=\"widget\" data-widget_type=\"heading.default\">\n\t\t\t\t\t<h2 class=\"elementor-heading-title elementor-size-default\">Odborn\u00e1 literat\u00fara<\/h2>\t\t\t\t<\/div>\n\t\t<div class=\"elementor-element elementor-element-2c13224a e-con-full e-flex e-con e-child\" data-id=\"2c13224a\" data-element_type=\"container\" data-e-type=\"container\">\n\t\t\t\t<div class=\"elementor-element elementor-element-0eymh9ub elementor-widget elementor-widget-text-editor\" data-id=\"0eymh9ub\" data-element_type=\"widget\" data-e-type=\"widget\" data-widget_type=\"text-editor.default\">\n\t\t\t\t\t\t\t\t\t<footer class=\"iwg-literatur\" data-nosnippet=\"true\"><ul><li><span data-nosnippet>N\u00e4sstr\u00f6m, Britt-Mari: <em>Freyja. The Great Goddess of the North<\/em>. Lund 1995 (z\u00e1kladn\u00e9 dielo).<\/span><\/li><li><span data-nosnippet>Simek, Rudolf: <em>Lexikon der germanischen <span class=\"iwg-fachbegriff\" data-tooltip=\"S\u00fahrn tradovan\u00fdch pr\u00edbehov o bohoch v danej kult\u00fare.\" tabindex=\"0\">Mythologie<\/span><\/em>. Stuttgart 2006.<\/span><\/li><li><span data-nosnippet>de Vries, Jan: <em>Altgermanische Religionsgeschichte<\/em>. Berlin 1956\/57.<\/span><\/li><li><span data-nosnippet>Lindow, John: <em>Norse Mythology. A Guide to the Gods, Heroes, Rituals, and Beliefs<\/em>. Oxford 2001.<\/span><\/li><li><span data-nosnippet>Davidson, Hilda Ellis: <em>Roles of the Northern Goddess<\/em>. London 1998.<\/span><\/li><li>Snorri Sturluson: <em>Snorra-Edda<\/em> (mnoh\u00e9 preklady).<\/li><li>Walde, Christine (vyd.): <em>Der Neue Pauly<\/em> (heslo \u201eFreyja&#8220;).<\/li><li><span data-nosnippet>Davidson, Hilda Ellis: <em>Gods and Myths of Northern Europe<\/em>. London 1964.<\/span><\/li><li><span data-nosnippet>Brink, Stefan; Hultg\u00e5rd, Anders: Pr\u00edspevky k trad\u00edcii Freye v: <em>Old Norse Religion in Long-Term Perspectives<\/em>. Lund 2006.<\/span><\/li><li><span data-nosnippet>\u00c1sd\u00edsard\u00f3ttir, Ingunn: <em>Frigg og Freyja<\/em>. Reykjav\u00edk 2007.<\/span><\/li><\/ul><\/footer>\t\t\t\t\t\t\t\t<\/div>\n\t\t\t\t<\/div>\n\t\t\t\t\t<\/div>\n\t\t\t\t<\/div>\n\t\t\t\t<section class=\"elementor-section elementor-top-section elementor-element elementor-element-wv-freyja-faq elementor-section-boxed elementor-section-height-default elementor-section-height-default\" data-id=\"wv-freyja-faq\" data-element_type=\"section\" data-e-type=\"section\">\n\t\t\t\t\t\t<div class=\"elementor-container elementor-column-gap-default\">\n\t\t\t\t\t<div class=\"elementor-column elementor-col-100 elementor-top-column elementor-element elementor-element-wv-freyja-faq-col\" data-id=\"wv-freyja-faq-col\" data-element_type=\"column\" data-e-type=\"column\">\n\t\t\t<div class=\"elementor-widget-wrap elementor-element-populated\">\n\t\t\t\t\t\t<div class=\"elementor-element elementor-element-wv-freyja-h elementor-widget elementor-widget-heading\" data-id=\"wv-freyja-h\" data-element_type=\"widget\" data-e-type=\"widget\" data-widget_type=\"heading.default\">\n\t\t\t\t\t<h2 class=\"elementor-heading-title elementor-size-default\">\u010casto kladen\u00e9 ot\u00e1zky o Freyji<\/h2>\t\t\t\t<\/div>\n\t\t\t\t<div class=\"elementor-element elementor-element-wv-freyja-t elementor-widget elementor-widget-text-editor\" data-id=\"wv-freyja-t\" data-element_type=\"widget\" data-e-type=\"widget\" data-widget_type=\"text-editor.default\">\n\t\t\t\t\t\t\t\t\t\n<details class=\"iwg-faq-item\">\n  <summary><strong>Kto je Freya?<\/strong><\/summary>\n  <p>Freya (staroseverne Freyja, \u201ePani&quot;) je najv\u00fdznamnej\u0161ia \u017eensk\u00e1 <span class=\"iwg-fachbegriff\" data-tooltip=\"Bytos\u0165 uctievan\u00e1 ako bo\u017esk\u00e1 v r\u00e1mci nejak\u00e9ho n\u00e1bo\u017eenstva.\" tabindex=\"0\">bo\u017estvo<\/span> severskej <span class=\"iwg-fachbegriff\" data-tooltip=\"S\u00fabor tradovan\u00fdch rozpr\u00e1van\u00ed o bohoch v r\u00e1mci danej kult\u00fary.\" tabindex=\"0\">mytol\u00f3gie<\/span>. Patr\u00ed k rodu Vanov a je pova\u017eovan\u00e1 za patr\u00f3nku l\u00e1sky, plodnosti, znalosti osudu a sei\u00f0r-<span class=\"iwg-fachbegriff\" data-tooltip=\"Praktiky, ktor\u00e9 sa zvl\u00e1\u0161tnymi \u00fakonmi alebo formulami sna\u017eia zasiahnu\u0165 do priebehu vec\u00ed.\" tabindex=\"0\">magie<\/span>. V nej sa sp\u00e1jaj\u00fa erotick\u00e9, magick\u00e9 a bojovn\u00e9 aspekty, \u010do z nej rob\u00ed jednu z najviacvrstvov\u00fdch post\u00e1v germ\u00e1nskej <span class=\"iwg-fachbegriff\" data-tooltip=\"Odovzd\u00e1vanie vedomost\u00ed a rozpr\u00e1van\u00ed z gener\u00e1cie na gener\u00e1ciu.\" tabindex=\"0\">trad\u00edcie<\/span>.<\/p>\n<\/details>\n\n<details class=\"iwg-faq-item\">\n  <summary><strong>Ak\u00fa \u00falohu zohr\u00e1va Freya medzi Vanmi?<\/strong><\/summary>\n  <p>Freya poch\u00e1dza z rodu Vanov, star\u0161ej rodiny bohov, ktor\u00e1 bola po Vanskej vojne prijat\u00e1 do kruhu \u00c1sov. Je dc\u00e9rou Nj\u00f6r\u00f0a a sestrou Freyra a je pova\u017eovan\u00e1 za najvy\u0161\u0161iu bohy\u0148u Vanov. Snorri ju v Gylfaginningu opisuje ako druh\u00e9 najv\u00fdznamnej\u0161ie \u017eensk\u00e9 <span class=\"iwg-fachbegriff\" data-tooltip=\"Bytos\u0165 uctievan\u00e1 ako bo\u017esk\u00e1 v r\u00e1mci nejak\u00e9ho n\u00e1bo\u017eenstva.\" tabindex=\"0\">bo\u017estvo<\/span> seversk\u00e9ho pante\u00f3nu po Frigg.<\/p>\n<\/details>\n\n<details class=\"iwg-faq-item\">\n  <summary><strong>Ak\u00fd je vz\u0165ah Freyy k padl\u00fdm vo vojne?<\/strong><\/summary>\n  <p>Pod\u013ea Gr\u00edmnism\u00e1lu a Snorriho Gylfaginningu prij\u00edma Freya vo svojej sieni Folkvang polovicu padl\u00fdch v boji. Druh\u00e1 polovica pripad\u00e1 Odinovi a odch\u00e1dza do Valhaly. Hilda Ellis Davidson argumentovala, \u017ee Freyin vz\u0165ah k smrti a osudu bol star\u0161\u00ed a rozsiahlej\u0161\u00ed, ne\u017e ukazuje neskor\u0161ia liter\u00e1rna trad\u00edcia. Sp\u00e1ja tak pr\u00e1vomoci, ktor\u00e9 sa inak zdaj\u00fa by\u0165 rozdelen\u00e9 medzi viacero bo\u017estiev.<\/p>\n<\/details>\n\n<details class=\"iwg-faq-item\">\n  <summary><strong>Ak\u00e1 je situ\u00e1cia s pramenmi o Freyi?<\/strong><\/summary>\n  <p>Hlavn\u00e9 p\u00edsomn\u00e9 svedectv\u00e1 poch\u00e1dzaj\u00fa z 13. storo\u010dia, medzi nimi Snorra Edda, Pies\u0148ov\u00e1 Edda a nesk\u00f4r zaznamenan\u00e1 S\u00f6rla \u00fe\u00e1ttr. Texty neodr\u00e1\u017eaj\u00fa predkres\u0165ansk\u00e9 n\u00e1bo\u017eenstvo neskreslene, ale prostredn\u00edctvom kres\u0165ansky ovplyvnen\u00e9ho z\u00e1pisu. Archeologick\u00e1 <span class=\"iwg-fachbegriff\" data-tooltip=\"Odovzd\u00e1vanie vedomost\u00ed a rozpr\u00e1van\u00ed z gener\u00e1cie na gener\u00e1ciu.\" tabindex=\"0\">trad\u00edcia<\/span> je skromnej\u0161ia ne\u017e v pr\u00edpade Odina alebo Thora, preto zost\u00e1va ve\u013ea v\u00fdrokov o Freyi predmetom vedeckej diskusie.<\/p>\n<\/details>\n\t\t\t\t\t\t\t\t<\/div>\n\t\t\t\t<div class=\"elementor-element elementor-element-wv-freyja-s elementor-widget elementor-widget-html\" data-id=\"wv-freyja-s\" data-element_type=\"widget\" data-e-type=\"widget\" data-widget_type=\"html.default\">\n\t\t\t\t\t<script type=\"application\/ld+json\">{\"@context\": \"https:\/\/schema.org\", \"@type\": \"FAQPage\", \"mainEntity\": [{\"@type\": \"Question\", \"name\": \"Kto je Freya?\", \"acceptedAnswer\": {\"@type\": \"Answer\", \"text\": \"Freya (staroseverne Freyja, \u201ePani\\\") je najv\u00fdznamnej\u0161ia \u017eensk\u00e1 bohy\u0148a severskej mytol\u00f3gie. Patr\u00ed k rodu Vanov a je pova\u017eovan\u00e1 za patr\u00f3nku l\u00e1sky, plodnosti, znalosti osudu a sei\u00f0r-magie. V nej sa sp\u00e1jaj\u00fa erotick\u00e9, magick\u00e9 a bojovn\u00e9 aspekty, \u010do z nej rob\u00ed jednu z najviacvrstvov\u00fdch post\u00e1v germ\u00e1nskej trad\u00edcie.\"}}, {\"@type\": \"Question\", \"name\": \"Ak\u00fa \u00falohu zohr\u00e1va Freya medzi Vanmi?\", \"acceptedAnswer\": {\"@type\": \"Answer\", \"text\": \"Freya poch\u00e1dza z rodu Vanov, star\u0161ej rodiny bohov, ktor\u00e1 bola po Vanskej vojne prijat\u00e1 do kruhu \u00c1sov. Je dc\u00e9rou Nj\u00f6r\u00f0a a sestrou Freyra a je pova\u017eovan\u00e1 za najvy\u0161\u0161iu bohy\u0148u Vanov. Snorri ju v Gylfaginningu opisuje ako druh\u00e9 najv\u00fdznamnej\u0161ie \u017eensk\u00e9 bo\u017estvo seversk\u00e9ho pante\u00f3nu po Frigg.\"}}, {\"@type\": \"Question\", \"name\": \"Ak\u00fd je vz\u0165ah Freyy k padl\u00fdm vo vojne?\", \"acceptedAnswer\": {\"@type\": \"Answer\", \"text\": \"Pod\u013ea Gr\u00edmnism\u00e1lu a Snorriho Gylfaginningu prij\u00edma Freya vo svojej sieni Folkvang polovicu padl\u00fdch v boji, zatia\u013e \u010do druh\u00e1 polovica pripad\u00e1 Odinovi a odch\u00e1dza do Valhaly. Hilda Ellis Davidson argumentovala, \u017ee Freyin vz\u0165ah k smrti a osudu bol star\u0161\u00ed a rozsiahlej\u0161\u00ed, ne\u017e ukazuje neskor\u0161ia liter\u00e1rna trad\u00edcia. Sp\u00e1ja tak pr\u00e1vomoci, ktor\u00e9 sa inak zdaj\u00fa by\u0165 rozdelen\u00e9 medzi viacero bo\u017estiev.\"}}, {\"@type\": \"Question\", \"name\": \"Ak\u00e1 je situ\u00e1cia s pramenmi o Freyi?\", \"acceptedAnswer\": {\"@type\": \"Answer\", \"text\": \"Hlavn\u00e9 p\u00edsomn\u00e9 svedectv\u00e1 poch\u00e1dzaj\u00fa z 13. storo\u010dia, medzi nimi Snorra Edda, Pies\u0148ov\u00e1 Edda a nesk\u00f4r zaznamenan\u00e1 S\u00f6rla \u00fe\u00e1ttr. Texty neodr\u00e1\u017eaj\u00fa predkres\u0165ansk\u00e9 n\u00e1bo\u017eenstvo neskreslene, ale prostredn\u00edctvom kres\u0165ansky ovplyvnen\u00e9ho z\u00e1pisu. Archeologick\u00e1 trad\u00edcia je skromnej\u0161ia ne\u017e v pr\u00edpade Odina alebo Thora, preto zost\u00e1va ve\u013ea v\u00fdrokov o Freyi predmetom vedeckej diskusie.\"}}]}<\/script>\t\t\t\t<\/div>\n\t\t\t\t\t<\/div>\n\t\t<\/div>\n\t\t\t\t\t<\/div>\n\t\t<\/section>\n\t\t\t\t<\/div>\n\t\t","protected":false},"excerpt":{"rendered":"","protected":false},"author":3,"featured_media":1571,"parent":0,"menu_order":0,"comment_status":"closed","ping_status":"closed","template":"elementor_header_footer","meta":{"_yoast_wpseo_focuskw":"Freyja","_yoast_wpseo_title":"Freyja - bohy\u0148a l\u00e1sky a plodnosti","_yoast_wpseo_metadesc":"Freyja, po st\u00e1ro\u010dia dolo\u017een\u00e1 v prame\u0148och ako Prozaick\u00e1 Edda: Vanka l\u00e1sky, plodnosti, vojny a seid-m\u00e1gie, vl\u00e1dky\u0148a Folkvangru.","_yoast_wpseo_meta-robots-noindex":"","_yoast_wpseo_canonical":"","_angie_page":false,"gefaehrdungsstufe":"2","wesen_kultur":"germanisch","wesen_klasse":"goetter","footnotes":""},"categories":[],"class_list":["post-157806","page","type-page","status-publish","has-post-thumbnail","hentry"],"yoast_head":"<!-- This site is optimized with the Yoast SEO Premium plugin v27.7 (Yoast SEO v28.3) - https:\/\/yoast.com\/product\/yoast-seo-premium-wordpress\/ -->\n<title>Freyja - bohy\u0148a l\u00e1sky a plodnosti<\/title>\n<meta name=\"description\" content=\"Freyja, po st\u00e1ro\u010dia dolo\u017een\u00e1 v prame\u0148och ako Prozaick\u00e1 Edda: Vanka l\u00e1sky, plodnosti, vojny a seid-m\u00e1gie, vl\u00e1dky\u0148a Folkvangru.\" \/>\n<meta name=\"robots\" content=\"index, follow, max-snippet:-1, max-image-preview:large, max-video-preview:-1\" \/>\n<link rel=\"canonical\" href=\"https:\/\/iwell-guard.com\/sk\/freyja\/\" \/>\n<meta property=\"og:locale\" content=\"sk_SK\" \/>\n<meta property=\"og:type\" content=\"article\" \/>\n<meta property=\"og:title\" content=\"Freyja\" \/>\n<meta property=\"og:description\" content=\"Freyja, po st\u00e1ro\u010dia dolo\u017een\u00e1 v prame\u0148och ako Prozaick\u00e1 Edda: Vanka l\u00e1sky, plodnosti, vojny a seid-m\u00e1gie, vl\u00e1dky\u0148a Folkvangru.\" \/>\n<meta property=\"og:url\" content=\"https:\/\/iwell-guard.com\/sk\/freyja\/\" \/>\n<meta property=\"og:site_name\" content=\"iWell Guard\" \/>\n<meta property=\"article:modified_time\" content=\"2026-09-04T22:42:51+00:00\" \/>\n<meta property=\"og:image\" content=\"https:\/\/iwell-guard.com\/wp-content\/uploads\/2026\/04\/goetter_germanisch_freyja.webp\" \/>\n\t<meta property=\"og:image:width\" content=\"1024\" \/>\n\t<meta property=\"og:image:height\" content=\"1536\" \/>\n\t<meta property=\"og:image:type\" content=\"image\/webp\" \/>\n<meta name=\"twitter:card\" content=\"summary_large_image\" \/>\n<script type=\"application\/ld+json\" class=\"yoast-schema-graph\">{\"@context\":\"https:\\\/\\\/schema.org\",\"@graph\":[{\"@type\":\"WebPage\",\"@id\":\"https:\\\/\\\/iwell-guard.com\\\/sk\\\/freyja\\\/\",\"url\":\"https:\\\/\\\/iwell-guard.com\\\/sk\\\/freyja\\\/\",\"name\":\"Freyja - bohy\u0148a l\u00e1sky a plodnosti\",\"isPartOf\":{\"@id\":\"https:\\\/\\\/iwell-guard.com\\\/sk\\\/#website\"},\"primaryImageOfPage\":{\"@id\":\"https:\\\/\\\/iwell-guard.com\\\/sk\\\/freyja\\\/#primaryimage\"},\"image\":{\"@id\":\"https:\\\/\\\/iwell-guard.com\\\/sk\\\/freyja\\\/#primaryimage\"},\"thumbnailUrl\":\"https:\\\/\\\/iwell-guard.com\\\/wp-content\\\/uploads\\\/2026\\\/04\\\/goetter_germanisch_freyja.webp\",\"datePublished\":\"2026-09-04T22:17:46+00:00\",\"dateModified\":\"2026-09-04T22:42:51+00:00\",\"description\":\"Freyja, po st\u00e1ro\u010dia dolo\u017een\u00e1 v prame\u0148och ako Prozaick\u00e1 Edda: Vanka l\u00e1sky, plodnosti, vojny a seid-m\u00e1gie, vl\u00e1dky\u0148a Folkvangru.\",\"breadcrumb\":{\"@id\":\"https:\\\/\\\/iwell-guard.com\\\/sk\\\/freyja\\\/#breadcrumb\"},\"inLanguage\":\"sk-SK\",\"potentialAction\":[{\"@type\":\"ReadAction\",\"target\":[\"https:\\\/\\\/iwell-guard.com\\\/sk\\\/freyja\\\/\"]}]},{\"@type\":\"ImageObject\",\"inLanguage\":\"sk-SK\",\"@id\":\"https:\\\/\\\/iwell-guard.com\\\/sk\\\/freyja\\\/#primaryimage\",\"url\":\"https:\\\/\\\/iwell-guard.com\\\/wp-content\\\/uploads\\\/2026\\\/04\\\/goetter_germanisch_freyja.webp\",\"contentUrl\":\"https:\\\/\\\/iwell-guard.com\\\/wp-content\\\/uploads\\\/2026\\\/04\\\/goetter_germanisch_freyja.webp\",\"width\":1024,\"height\":1536,\"caption\":\"Bohovia z germ\u00e1nskej trad\u00edcie.\"},{\"@type\":\"BreadcrumbList\",\"@id\":\"https:\\\/\\\/iwell-guard.com\\\/sk\\\/freyja\\\/#breadcrumb\",\"itemListElement\":[{\"@type\":\"ListItem\",\"position\":1,\"name\":\"Start\",\"item\":\"https:\\\/\\\/iwell-guard.com\\\/sk\\\/?page_id=157572\"},{\"@type\":\"ListItem\",\"position\":2,\"name\":\"Freyja\"}]},{\"@type\":\"WebSite\",\"@id\":\"https:\\\/\\\/iwell-guard.com\\\/sk\\\/#website\",\"url\":\"https:\\\/\\\/iwell-guard.com\\\/sk\\\/\",\"name\":\"iWell Guard\",\"description\":\"Schutz vor dunklen Einfl\u00fcssen\",\"publisher\":{\"@id\":\"https:\\\/\\\/iwell-guard.com\\\/sk\\\/#organization\"},\"potentialAction\":[{\"@type\":\"SearchAction\",\"target\":{\"@type\":\"EntryPoint\",\"urlTemplate\":\"https:\\\/\\\/iwell-guard.com\\\/sk\\\/?s={search_term_string}\"},\"query-input\":{\"@type\":\"PropertyValueSpecification\",\"valueRequired\":true,\"valueName\":\"search_term_string\"}}],\"inLanguage\":\"sk-SK\"},{\"@type\":\"Organization\",\"@id\":\"https:\\\/\\\/iwell-guard.com\\\/sk\\\/#organization\",\"name\":\"Ittermann electronic GmbH\",\"url\":\"https:\\\/\\\/iwell-guard.com\\\/sk\\\/\",\"logo\":{\"@type\":\"ImageObject\",\"inLanguage\":\"sk-SK\",\"@id\":\"https:\\\/\\\/iwell-guard.com\\\/sk\\\/#\\\/schema\\\/logo\\\/image\\\/\",\"url\":\"https:\\\/\\\/iwell-guard.com\\\/wp-content\\\/uploads\\\/2026\\\/05\\\/Ittermann-Logo-1182x237-1.png\",\"contentUrl\":\"https:\\\/\\\/iwell-guard.com\\\/wp-content\\\/uploads\\\/2026\\\/05\\\/Ittermann-Logo-1182x237-1.png\",\"width\":1182,\"height\":237,\"caption\":\"Ittermann electronic GmbH\"},\"image\":{\"@id\":\"https:\\\/\\\/iwell-guard.com\\\/sk\\\/#\\\/schema\\\/logo\\\/image\\\/\"},\"sameAs\":[\"https:\\\/\\\/pantip.com\\\/profile\\\/9367242\",\"https:\\\/\\\/micro.blog\\\/iwellguard\",\"https:\\\/\\\/www.diggerslist.com\\\/iwellguard\\\/about\",\"https:\\\/\\\/skitterphoto.com\\\/photographers\\\/2870314\\\/iwell-guard\",\"https:\\\/\\\/iwellguard.wordpress.com\\\/2026\\\/06\\\/06\\\/iwell-guard\\\/\",\"https:\\\/\\\/hub.docker.com\\\/u\\\/iwellguard\",\"https:\\\/\\\/www.pinterest.com\\\/iwellguard\\\/\",\"https:\\\/\\\/bit.ly\\\/m\\\/iwellguard\",\"https:\\\/\\\/entre-vos-mains.alsace.eu\\\/profiles\\\/iwellguard\\\/activity\",\"https:\\\/\\\/gravatar.com\\\/reallybeded8fd34\",\"https:\\\/\\\/naijamatta.com\\\/iwellguard\",\"https:\\\/\\\/www.goodreads.com\\\/iwellguard\",\"https:\\\/\\\/profile.hatena.ne.jp\\\/iwellguard\\\/\",\"https:\\\/\\\/experiment.com\\\/users\\\/iwellguard\",\"https:\\\/\\\/wakelet.com\\\/@iWellGuard82270\",\"https:\\\/\\\/www.chordie.com\\\/forum\\\/profile.php?id=2555664\",\"https:\\\/\\\/www.instapaper.com\\\/p\\\/17757966\",\"https:\\\/\\\/www.mapleprimes.com\\\/users\\\/iwellguard\",\"https:\\\/\\\/businesslistingplus.com\\\/profile\\\/iwell-guard\\\/\",\"https:\\\/\\\/telegra.ph\\\/iWell-Guard-06-06\",\"https:\\\/\\\/pbase.com\\\/iwellguard\\\/iwellguard\",\"https:\\\/\\\/b.hatena.ne.jp\\\/iwellguard\\\/20260607#bookmark-4788405196491818882\",\"https:\\\/\\\/fliphtml5.com\\\/home\\\/iwellguard\",\"https:\\\/\\\/anyflip.com\\\/homepage\\\/cmiwl#About\",\"https:\\\/\\\/transfur.com\\\/Users\\\/iwellguard\",\"http:\\\/\\\/delphi.larsbo.org\\\/user\\\/iwellguard\",\"https:\\\/\\\/jobs.lajobsportal.org\\\/profiles\\\/8380803-iwell-guard\",\"https:\\\/\\\/md.chaosdorf.de\\\/s\\\/jfbe5SBdJD\",\"https:\\\/\\\/www.lingvolive.com\\\/en-us\\\/profile\\\/9ecaeaca-ce11-4e51-9e71-01d55e2bff36\\\/translations\",\"https:\\\/\\\/www.fitday.com\\\/fitness\\\/forums\\\/members\\\/iwellguard.html\",\"https:\\\/\\\/www.mymeetbook.com\\\/iwellguard\",\"https:\\\/\\\/pxhere.com\\\/en\\\/photographer-me\\\/5040798\",\"https:\\\/\\\/disqus.com\\\/by\\\/iwellguard\\\/about\\\/\",\"https:\\\/\\\/pastelink.net\\\/hjwciqwq\",\"https:\\\/\\\/pubhtml5.com\\\/homepage\\\/scjhn\\\/\",\"https:\\\/\\\/www.bitchute.com\\\/channel\\\/2O2eOKzNqujT\",\"https:\\\/\\\/audiomack.com\\\/iwellguard\"]},{\"@type\":\"Article\",\"@id\":\"https:\\\/\\\/iwell-guard.com\\\/sk\\\/freyja\\\/#article\",\"isPartOf\":{\"@id\":\"https:\\\/\\\/iwell-guard.com\\\/sk\\\/freyja\\\/\"},\"author\":{\"name\":\"Ralf Ittermann\",\"@id\":\"https:\\\/\\\/iwell-guard.com\\\/sk\\\/#\\\/schema\\\/person\\\/ee2a27f1cac3406c7c6fb5820cb7349f\"},\"headline\":\"Freyja\",\"datePublished\":\"2026-09-04T22:17:46+00:00\",\"dateModified\":\"2026-09-04T22:42:51+00:00\",\"mainEntityOfPage\":{\"@id\":\"https:\\\/\\\/iwell-guard.com\\\/sk\\\/freyja\\\/\"},\"publisher\":{\"@id\":\"https:\\\/\\\/iwell-guard.com\\\/sk\\\/#organization\"},\"image\":{\"@id\":\"https:\\\/\\\/iwell-guard.com\\\/sk\\\/freyja\\\/#primaryimage\"},\"thumbnailUrl\":\"https:\\\/\\\/iwell-guard.com\\\/wp-content\\\/uploads\\\/2026\\\/04\\\/goetter_germanisch_freyja.webp\",\"inLanguage\":\"sk-SK\",\"description\":\"Freyja, po st\u00e1ro\u010dia dolo\u017een\u00e1 v prame\u0148och ako Prozaick\u00e1 Edda: Vanka l\u00e1sky, plodnosti, vojny a seid-m\u00e1gie, vl\u00e1dky\u0148a Folkvangru.\"}]}<\/script>\n<!-- \/ Yoast SEO Premium plugin. -->","yoast_head_json":{"title":"Freyja - bohy\u0148a l\u00e1sky a plodnosti","description":"Freyja, po st\u00e1ro\u010dia dolo\u017een\u00e1 v prame\u0148och ako Prozaick\u00e1 Edda: Vanka l\u00e1sky, plodnosti, vojny a seid-m\u00e1gie, vl\u00e1dky\u0148a Folkvangru.","robots":{"index":"index","follow":"follow","max-snippet":"max-snippet:-1","max-image-preview":"max-image-preview:large","max-video-preview":"max-video-preview:-1"},"canonical":"https:\/\/iwell-guard.com\/sk\/freyja\/","og_locale":"sk_SK","og_type":"article","og_title":"Freyja","og_description":"Freyja, po st\u00e1ro\u010dia dolo\u017een\u00e1 v prame\u0148och ako Prozaick\u00e1 Edda: Vanka l\u00e1sky, plodnosti, vojny a seid-m\u00e1gie, vl\u00e1dky\u0148a Folkvangru.","og_url":"https:\/\/iwell-guard.com\/sk\/freyja\/","og_site_name":"iWell Guard","article_modified_time":"2026-09-04T22:42:51+00:00","og_image":[{"width":1024,"height":1536,"url":"https:\/\/iwell-guard.com\/wp-content\/uploads\/2026\/04\/goetter_germanisch_freyja.webp","type":"image\/webp"}],"twitter_card":"summary_large_image","schema":{"@context":"https:\/\/schema.org","@graph":[{"@type":"Article","@id":"https:\/\/iwell-guard.com\/sk\/freyja\/#article","isPartOf":{"@id":"https:\/\/iwell-guard.com\/sk\/freyja\/"},"author":{"name":"Ralf Ittermann","@id":"https:\/\/iwell-guard.com\/sk\/#\/schema\/person\/ee2a27f1cac3406c7c6fb5820cb7349f"},"headline":"Freyja","datePublished":"2026-09-04T22:17:46+00:00","dateModified":"2026-09-04T22:42:51+00:00","mainEntityOfPage":{"@id":"https:\/\/iwell-guard.com\/sk\/freyja\/"},"publisher":{"@id":"https:\/\/iwell-guard.com\/sk\/#organization"},"image":{"@id":"https:\/\/iwell-guard.com\/sk\/freyja\/#primaryimage"},"thumbnailUrl":"https:\/\/iwell-guard.com\/wp-content\/uploads\/2026\/04\/goetter_germanisch_freyja.webp","inLanguage":"sk-SK","description":"Freyja, po st\u00e1ro\u010dia dolo\u017een\u00e1 v prame\u0148och ako Prozaick\u00e1 Edda: Vanka l\u00e1sky, plodnosti, vojny a seid-m\u00e1gie, vl\u00e1dky\u0148a Folkvangru."},{"@type":"WebPage","@id":"https:\/\/iwell-guard.com\/sk\/freyja\/","url":"https:\/\/iwell-guard.com\/sk\/freyja\/","name":"Freyja - bohy\u0148a l\u00e1sky a plodnosti","isPartOf":{"@id":"https:\/\/iwell-guard.com\/sk\/#website"},"primaryImageOfPage":{"@id":"https:\/\/iwell-guard.com\/sk\/freyja\/#primaryimage"},"image":{"@id":"https:\/\/iwell-guard.com\/sk\/freyja\/#primaryimage"},"thumbnailUrl":"https:\/\/iwell-guard.com\/wp-content\/uploads\/2026\/04\/goetter_germanisch_freyja.webp","datePublished":"2026-09-04T22:17:46+00:00","dateModified":"2026-09-04T22:42:51+00:00","description":"Freyja, po st\u00e1ro\u010dia dolo\u017een\u00e1 v prame\u0148och ako Prozaick\u00e1 Edda: Vanka l\u00e1sky, plodnosti, vojny a seid-m\u00e1gie, vl\u00e1dky\u0148a Folkvangru.","breadcrumb":{"@id":"https:\/\/iwell-guard.com\/sk\/freyja\/#breadcrumb"},"inLanguage":"sk-SK","potentialAction":[{"@type":"ReadAction","target":["https:\/\/iwell-guard.com\/sk\/freyja\/"]}]},{"@type":"ImageObject","inLanguage":"sk-SK","@id":"https:\/\/iwell-guard.com\/sk\/freyja\/#primaryimage","url":"https:\/\/iwell-guard.com\/wp-content\/uploads\/2026\/04\/goetter_germanisch_freyja.webp","contentUrl":"https:\/\/iwell-guard.com\/wp-content\/uploads\/2026\/04\/goetter_germanisch_freyja.webp","width":1024,"height":1536,"caption":"Bohovia z germ\u00e1nskej trad\u00edcie."},{"@type":"BreadcrumbList","@id":"https:\/\/iwell-guard.com\/sk\/freyja\/#breadcrumb","itemListElement":[{"@type":"ListItem","position":1,"name":"Start","item":"https:\/\/iwell-guard.com\/sk\/?page_id=157572"},{"@type":"ListItem","position":2,"name":"Freyja"}]},{"@type":"WebSite","@id":"https:\/\/iwell-guard.com\/sk\/#website","url":"https:\/\/iwell-guard.com\/sk\/","name":"iWell Guard","description":"Schutz vor dunklen Einfl\u00fcssen","publisher":{"@id":"https:\/\/iwell-guard.com\/sk\/#organization"},"potentialAction":[{"@type":"SearchAction","target":{"@type":"EntryPoint","urlTemplate":"https:\/\/iwell-guard.com\/sk\/?s={search_term_string}"},"query-input":{"@type":"PropertyValueSpecification","valueRequired":true,"valueName":"search_term_string"}}],"inLanguage":"sk-SK"},{"@type":"Organization","@id":"https:\/\/iwell-guard.com\/sk\/#organization","name":"Ittermann electronic GmbH","url":"https:\/\/iwell-guard.com\/sk\/","logo":{"@type":"ImageObject","inLanguage":"sk-SK","@id":"https:\/\/iwell-guard.com\/sk\/#\/schema\/logo\/image\/","url":"https:\/\/iwell-guard.com\/wp-content\/uploads\/2026\/05\/Ittermann-Logo-1182x237-1.png","contentUrl":"https:\/\/iwell-guard.com\/wp-content\/uploads\/2026\/05\/Ittermann-Logo-1182x237-1.png","width":1182,"height":237,"caption":"Ittermann electronic GmbH"},"image":{"@id":"https:\/\/iwell-guard.com\/sk\/#\/schema\/logo\/image\/"},"sameAs":["https:\/\/pantip.com\/profile\/9367242","https:\/\/micro.blog\/iwellguard","https:\/\/www.diggerslist.com\/iwellguard\/about","https:\/\/skitterphoto.com\/photographers\/2870314\/iwell-guard","https:\/\/iwellguard.wordpress.com\/2026\/06\/06\/iwell-guard\/","https:\/\/hub.docker.com\/u\/iwellguard","https:\/\/www.pinterest.com\/iwellguard\/","https:\/\/bit.ly\/m\/iwellguard","https:\/\/entre-vos-mains.alsace.eu\/profiles\/iwellguard\/activity","https:\/\/gravatar.com\/reallybeded8fd34","https:\/\/naijamatta.com\/iwellguard","https:\/\/www.goodreads.com\/iwellguard","https:\/\/profile.hatena.ne.jp\/iwellguard\/","https:\/\/experiment.com\/users\/iwellguard","https:\/\/wakelet.com\/@iWellGuard82270","https:\/\/www.chordie.com\/forum\/profile.php?id=2555664","https:\/\/www.instapaper.com\/p\/17757966","https:\/\/www.mapleprimes.com\/users\/iwellguard","https:\/\/businesslistingplus.com\/profile\/iwell-guard\/","https:\/\/telegra.ph\/iWell-Guard-06-06","https:\/\/pbase.com\/iwellguard\/iwellguard","https:\/\/b.hatena.ne.jp\/iwellguard\/20260607#bookmark-4788405196491818882","https:\/\/fliphtml5.com\/home\/iwellguard","https:\/\/anyflip.com\/homepage\/cmiwl#About","https:\/\/transfur.com\/Users\/iwellguard","http:\/\/delphi.larsbo.org\/user\/iwellguard","https:\/\/jobs.lajobsportal.org\/profiles\/8380803-iwell-guard","https:\/\/md.chaosdorf.de\/s\/jfbe5SBdJD","https:\/\/www.lingvolive.com\/en-us\/profile\/9ecaeaca-ce11-4e51-9e71-01d55e2bff36\/translations","https:\/\/www.fitday.com\/fitness\/forums\/members\/iwellguard.html","https:\/\/www.mymeetbook.com\/iwellguard","https:\/\/pxhere.com\/en\/photographer-me\/5040798","https:\/\/disqus.com\/by\/iwellguard\/about\/","https:\/\/pastelink.net\/hjwciqwq","https:\/\/pubhtml5.com\/homepage\/scjhn\/","https:\/\/www.bitchute.com\/channel\/2O2eOKzNqujT","https:\/\/audiomack.com\/iwellguard"]},{"@type":"Person","@id":"https:\/\/iwell-guard.com\/sk\/#\/schema\/person\/ee2a27f1cac3406c7c6fb5820cb7349f","name":"Ralf Ittermann","image":{"@type":"ImageObject","inLanguage":"sk-SK","@id":"https:\/\/secure.gravatar.com\/avatar\/073c0153e350a5005b68eb752b445fea71f6b24a26da9449ad7e155e6b446c9d?s=96&d=mm&r=g","url":"https:\/\/secure.gravatar.com\/avatar\/073c0153e350a5005b68eb752b445fea71f6b24a26da9449ad7e155e6b446c9d?s=96&d=mm&r=g","contentUrl":"https:\/\/secure.gravatar.com\/avatar\/073c0153e350a5005b68eb752b445fea71f6b24a26da9449ad7e155e6b446c9d?s=96&d=mm&r=g","caption":"Ralf Ittermann"},"givenName":"Ralf","familyName":"Ittermann","jobTitle":"Gesch\u00e4ftsf\u00fchrer und redaktioneller Verantwortlicher","url":"https:\/\/iwell-guard.com\/sk\/author\/claude\/","description":"Ralf Ittermann ist Gesch\u00e4ftsf\u00fchrer der Ittermann electronic GmbH und redaktioneller Verantwortlicher des iWell-Guard-Lexikons. Er verbindet langj\u00e4hrige Erfahrung in der Pr\u00e4zisionsfertigung mit medialer Praxis und religionsgeschichtlicher Quellenarbeit.","worksFor":{"@type":"Organization","name":"Ittermann electronic GmbH","url":"https:\/\/ittermann.de\/","address":{"@type":"PostalAddress","streetAddress":"K\u00f6hlergasse 16-18","postalCode":"99842","addressLocality":"Ruhla","addressCountry":"DE"}},"knowsAbout":["Religionsgeschichte","Mythologie","Mediale Praxis","Energetische Diagnostik","Schutzpraxis","Volksglauben","Westliche Esoterik"]},{"@type":"Article","@id":"https:\/\/iwell-guard.com\/sk\/freyja\/#article","isPartOf":{"@id":"https:\/\/iwell-guard.com\/sk\/freyja\/"},"author":{"name":"Ralf Ittermann","@id":"https:\/\/iwell-guard.com\/sk\/#\/schema\/person\/ee2a27f1cac3406c7c6fb5820cb7349f"},"headline":"Freyja","datePublished":"2026-09-04T22:17:46+00:00","dateModified":"2026-09-04T22:42:51+00:00","mainEntityOfPage":{"@id":"https:\/\/iwell-guard.com\/sk\/freyja\/"},"publisher":{"@id":"https:\/\/iwell-guard.com\/sk\/#organization"},"image":{"@id":"https:\/\/iwell-guard.com\/sk\/freyja\/#primaryimage"},"thumbnailUrl":"https:\/\/iwell-guard.com\/wp-content\/uploads\/2026\/04\/goetter_germanisch_freyja.webp","inLanguage":"sk-SK","description":"Freyja, po st\u00e1ro\u010dia dolo\u017een\u00e1 v prame\u0148och ako Prozaick\u00e1 Edda: Vanka l\u00e1sky, plodnosti, vojny a seid-m\u00e1gie, vl\u00e1dky\u0148a Folkvangru."}]}},"_links":{"self":[{"href":"https:\/\/iwell-guard.com\/sk\/wp-json\/wp\/v2\/pages\/157806","targetHints":{"allow":["GET"]}}],"collection":[{"href":"https:\/\/iwell-guard.com\/sk\/wp-json\/wp\/v2\/pages"}],"about":[{"href":"https:\/\/iwell-guard.com\/sk\/wp-json\/wp\/v2\/types\/page"}],"author":[{"embeddable":true,"href":"https:\/\/iwell-guard.com\/sk\/wp-json\/wp\/v2\/users\/3"}],"replies":[{"embeddable":true,"href":"https:\/\/iwell-guard.com\/sk\/wp-json\/wp\/v2\/comments?post=157806"}],"version-history":[{"count":0,"href":"https:\/\/iwell-guard.com\/sk\/wp-json\/wp\/v2\/pages\/157806\/revisions"}],"wp:featuredmedia":[{"embeddable":true,"href":"https:\/\/iwell-guard.com\/sk\/wp-json\/wp\/v2\/media\/1571"}],"wp:attachment":[{"href":"https:\/\/iwell-guard.com\/sk\/wp-json\/wp\/v2\/media?parent=157806"}],"wp:term":[{"taxonomy":"category","embeddable":true,"href":"https:\/\/iwell-guard.com\/sk\/wp-json\/wp\/v2\/categories?post=157806"}],"curies":[{"name":"wp","href":"https:\/\/api.w.org\/{rel}","templated":true}]}}