{"id":157742,"date":"2026-09-04T22:16:58","date_gmt":"2026-09-04T22:16:58","guid":{"rendered":"https:\/\/iwell-guard.com\/?page_id=157742"},"modified":"2026-09-04T22:41:11","modified_gmt":"2026-09-04T22:41:11","slug":"persefona","status":"publish","type":"page","link":"https:\/\/iwell-guard.com\/sk\/persefona\/","title":{"rendered":"Persefona"},"content":{"rendered":"\t\t<div data-elementor-type=\"wp-page\" data-elementor-id=\"157742\" class=\"elementor elementor-157742 elementor-1963 elementor-bc-flex-widget\" data-elementor-post-type=\"page\">\n\t\t\t\t<div class=\"elementor-element elementor-element-10fdade e-flex e-con-boxed e-con e-parent\" data-id=\"10fdade\" data-element_type=\"container\" data-e-type=\"container\" data-settings=\"{&quot;background_background&quot;:&quot;classic&quot;}\">\n\t\t\t\t\t<div class=\"e-con-inner\">\n\t\t<div class=\"elementor-element elementor-element-herohlft0 e-flex e-con-boxed e-con e-child\" data-id=\"herohlft0\" data-element_type=\"container\" data-e-type=\"container\">\n\t\t\t\t\t<div class=\"e-con-inner\">\n\t\t<div class=\"elementor-element elementor-element-c3ceb64 e-con-full e-flex e-con e-child\" data-id=\"c3ceb64\" data-element_type=\"container\" data-e-type=\"container\">\n\t\t\t\t<div class=\"elementor-element elementor-element-96ae5e1 elementor-widget elementor-widget-heading\" data-id=\"96ae5e1\" data-element_type=\"widget\" data-e-type=\"widget\" data-widget_type=\"heading.default\">\n\t\t\t\t\t<h1 class=\"elementor-heading-title elementor-size-default\">Persefona, bohy\u0148a gr\u00e9cke trad\u00edcie<\/h1>\t\t\t\t<\/div>\n\t\t\t\t<div class=\"elementor-element elementor-element-e45238a elementor-widget elementor-widget-text-editor\" data-id=\"e45238a\" data-element_type=\"widget\" data-e-type=\"widget\" data-widget_type=\"text-editor.default\">\n\t\t\t\t\t\t\t\t\t<p>Dc\u00e9ra plodnosti, kr\u00e1\u013eovn\u00e1 podsvetia, stelesnenie premeny. Persefona (naz\u00fdvan\u00e1 aj K\u00f3re) je dc\u00e9ra Demeter a spojnica medzi zemou a podsvet\u00edm.<\/p><p>Jej \u00fanos, ktor\u00fd sp\u00e1chal H\u00e1des, formoval v gr\u00e9ckej kult\u00fare ch\u00e1panie smrti, znovuzrodenia a kolobehu ro\u010dn\u00fdch obdob\u00ed. Vl\u00e1dne ako d\u00f4stojn\u00e1 man\u017eelka po boku H\u00e1da, bohy\u0148a sp\u00e1jaj\u00faca v sebe pr\u00edsnos\u0165 a s\u00facit.<\/p><p>Persefona je bohy\u0148ou gr\u00e9cke trad\u00edcie, dc\u00e9rou Demeter a kr\u00e1\u013eovnou podsvetia.<\/p>\t\t\t\t\t\t\t\t<\/div>\n\t\t\t\t<\/div>\n\t\t<div class=\"elementor-element elementor-element-klsbdg01 e-con-full e-flex e-con e-parent\" data-id=\"klsbdg01\" data-element_type=\"container\" data-e-type=\"container\">\n\t\t\t\t<div class=\"elementor-element elementor-element-klshtm01 elementor-widget elementor-widget-html\" data-id=\"klshtm01\" data-element_type=\"widget\" data-e-type=\"widget\" data-widget_type=\"html.default\">\n\t\t\t\t\t<div class=\"iwg-pill-row\"><span class=\"iwg-klasse-badge\" tabindex=\"0\" data-tooltip=\"Boh \/ bohy\u0148a: Personifikovan\u00e1 najvy\u0161\u0161ia moc v pante\u00f3ne danej kult\u00fary, s jasn\u00fdmi p\u00f4sobnos\u0165ami, pr\u00edrodn\u00e9 sily, osud, vojna, plodnos\u0165. Uctievan\u00e1 prostredn\u00edctvom kultov, obet\u00ed a chr\u00e1mov\u00fdch in\u0161tit\u00faci\u00ed.\">Bohy\u0148a<\/span><a href=\"https:\/\/iwell-guard.com\/sk\/?page_id=157586\" class=\"iwg-kultur-badge\" tabindex=\"0\" data-tooltip=\"N\u00e1bo\u017eenstvo a mytol\u00f3gia starovek\u00e9ho Gr\u00e9cka od myk\u00e9nskej doby a\u017e po neskor\u00fa antiku.\">Gr\u00e9cko<\/a><a href=\"https:\/\/iwell-guard.com\/sk\/?page_id=157701\" class=\"iwg-tradition-badge\" tabindex=\"0\" data-tooltip=\"Bohovia podsvetia a smrti, vl\u00e1dcovia z\u00e1hrobia, sudcovia du\u0161\u00ed, sprievodcovia du\u0161\u00ed.\">Bohy\u0148a smrti<\/a><\/div>\t\t\t\t<\/div>\n\t\t\t\t<\/div>\n\t\t<div class=\"elementor-element elementor-element-3f74855 e-con-full e-flex e-con e-child\" data-id=\"3f74855\" data-element_type=\"container\" data-e-type=\"container\">\n\t\t\t\t<div class=\"elementor-element elementor-element-1c30362 elementor-toc--minimized-on-tablet elementor-widget elementor-widget-table-of-contents\" data-id=\"1c30362\" data-element_type=\"widget\" data-e-type=\"widget\" data-settings=\"{&quot;exclude_headings_by_selector&quot;:[],&quot;no_headings_message&quot;:&quot;Na tejto str\\u00e1nke sa nena\\u0161li \\u017eiadne nadpisy.&quot;,&quot;headings_by_tags&quot;:[&quot;h2&quot;,&quot;h3&quot;],&quot;marker_view&quot;:&quot;bullets&quot;,&quot;minimize_box&quot;:&quot;yes&quot;,&quot;icon&quot;:{&quot;value&quot;:&quot;fas fa-circle&quot;,&quot;library&quot;:&quot;fa-solid&quot;,&quot;rendered_tag&quot;:&quot;&lt;svg class=\\&quot;e-font-icon-svg e-fas-circle\\&quot; viewBox=\\&quot;0 0 512 512\\&quot; xmlns=\\&quot;http:\\\/\\\/www.w3.org\\\/2000\\\/svg\\&quot;&gt;&lt;path d=\\&quot;M256 8C119 8 8 119 8 256s111 248 248 248 248-111 248-248S393 8 256 8z\\&quot;&gt;&lt;\\\/path&gt;&lt;\\\/svg&gt;&quot;},&quot;minimized_on&quot;:&quot;tablet&quot;,&quot;hierarchical_view&quot;:&quot;yes&quot;,&quot;min_height&quot;:{&quot;unit&quot;:&quot;px&quot;,&quot;size&quot;:&quot;&quot;,&quot;sizes&quot;:[]},&quot;min_height_tablet&quot;:{&quot;unit&quot;:&quot;px&quot;,&quot;size&quot;:&quot;&quot;,&quot;sizes&quot;:[]},&quot;min_height_mobile&quot;:{&quot;unit&quot;:&quot;px&quot;,&quot;size&quot;:&quot;&quot;,&quot;sizes&quot;:[]}}\" data-widget_type=\"table-of-contents.default\">\n\t\t\t\t\t\t\t\t\t<div class=\"elementor-toc__header\">\n\t\t\t\t\t\t<h2 class=\"elementor-toc__header-title\">\n\t\t\t\tObsah\t\t\t<\/h2>\n\t\t\t\t\t\t\t\t\t\t<div class=\"elementor-toc__toggle-button elementor-toc__toggle-button--expand\" role=\"button\" tabindex=\"0\" aria-controls=\"elementor-toc__1c30362\" aria-expanded=\"true\" aria-label=\"Open table of contents\"><svg aria-hidden=\"true\" class=\"e-font-icon-svg e-fas-chevron-down\" viewBox=\"0 0 448 512\" xmlns=\"http:\/\/www.w3.org\/2000\/svg\"><path d=\"M207.029 381.476L12.686 187.132c-9.373-9.373-9.373-24.569 0-33.941l22.667-22.667c9.357-9.357 24.522-9.375 33.901-.04L224 284.505l154.745-154.021c9.379-9.335 24.544-9.317 33.901.04l22.667 22.667c9.373 9.373 9.373 24.569 0 33.941L240.971 381.476c-9.373 9.372-24.569 9.372-33.942 0z\"><\/path><\/svg><\/div>\n\t\t\t\t<div class=\"elementor-toc__toggle-button elementor-toc__toggle-button--collapse\" role=\"button\" tabindex=\"0\" aria-controls=\"elementor-toc__1c30362\" aria-expanded=\"true\" aria-label=\"Close table of contents\"><svg aria-hidden=\"true\" class=\"e-font-icon-svg e-fas-chevron-up\" viewBox=\"0 0 448 512\" xmlns=\"http:\/\/www.w3.org\/2000\/svg\"><path d=\"M240.971 130.524l194.343 194.343c9.373 9.373 9.373 24.569 0 33.941l-22.667 22.667c-9.357 9.357-24.522 9.375-33.901.04L224 227.495 69.255 381.516c-9.379 9.335-24.544 9.317-33.901-.04l-22.667-22.667c-9.373-9.373-9.373-24.569 0-33.941L207.03 130.525c9.372-9.373 24.568-9.373 33.941-.001z\"><\/path><\/svg><\/div>\n\t\t\t\t\t<\/div>\n\t\t\t\t<div id=\"elementor-toc__1c30362\" class=\"elementor-toc__body\">\n\t\t\t<div class=\"elementor-toc__spinner-container\">\n\t\t\t\t<svg class=\"elementor-toc__spinner eicon-animation-spin e-font-icon-svg e-eicon-loading\" aria-hidden=\"true\" viewBox=\"0 0 1000 1000\" xmlns=\"http:\/\/www.w3.org\/2000\/svg\"><path d=\"M500 975V858C696 858 858 696 858 500S696 142 500 142 142 304 142 500H25C25 237 238 25 500 25S975 237 975 500 763 975 500 975Z\"><\/path><\/svg>\t\t\t<\/div>\n\t\t<\/div>\n\t\t\t\t\t\t<\/div>\n\t\t\t\t<\/div>\n\t\t\t\t\t<\/div>\n\t\t\t\t<\/div>\n\t\t<div class=\"elementor-element elementor-element-herorght0 e-con-full e-flex e-con e-child\" data-id=\"herorght0\" data-element_type=\"container\" data-e-type=\"container\">\n\t\t\t\t<div class=\"elementor-element elementor-element-heroimg00 iwg-hero-image elementor-widget elementor-widget-image\" data-id=\"heroimg00\" data-element_type=\"widget\" data-e-type=\"widget\" data-widget_type=\"image.default\">\n\t\t\t\t\t\t\t\t\t\t\t\t\t\t\t<img fetchpriority=\"high\" decoding=\"async\" width=\"683\" height=\"1024\" src=\"https:\/\/iwell-guard.com\/wp-content\/uploads\/2026\/04\/goetter_griechenland_persephone-683x1024.webp\" class=\"attachment-large size-large wp-image-159969\" alt=\"Perzefona \u2013 bohovia z gr\u00e9ckej trad\u00edcie, historicko-ilustra\u010dn\u00e9 zobrazenie\" srcset=\"https:\/\/iwell-guard.com\/wp-content\/uploads\/2026\/04\/goetter_griechenland_persephone-683x1024.webp 683w, https:\/\/iwell-guard.com\/wp-content\/uploads\/2026\/04\/goetter_griechenland_persephone-200x300.webp 200w, https:\/\/iwell-guard.com\/wp-content\/uploads\/2026\/04\/goetter_griechenland_persephone-768x1152.webp 768w, https:\/\/iwell-guard.com\/wp-content\/uploads\/2026\/04\/goetter_griechenland_persephone.webp 1024w\" sizes=\"(max-width: 683px) 100vw, 683px\" \/>\t\t\t\t\t\t\t\t\t\t\t\t\t\t\t<\/div>\n\t\t\t\t<\/div>\n\t\t\t\t\t<\/div>\n\t\t\t\t<\/div>\n\t\t<div class=\"elementor-element elementor-element-32917199 e-flex e-con-boxed e-con e-parent\" data-id=\"32917199\" data-element_type=\"container\" data-e-type=\"container\">\n\t\t\t\t\t<div class=\"e-con-inner\">\n\t\t<div class=\"elementor-element elementor-element-26e916cb e-flex e-con-boxed e-con e-child\" data-id=\"26e916cb\" data-element_type=\"container\" data-e-type=\"container\">\n\t\t\t\t\t<div class=\"e-con-inner\">\n\t\t<div class=\"elementor-element elementor-element-253a40d4 e-flex e-con-boxed e-con e-child\" data-id=\"253a40d4\" data-element_type=\"container\" data-e-type=\"container\">\n\t\t\t\t\t<div class=\"e-con-inner\">\n\t\t\t\t<div class=\"elementor-element elementor-element-1200c304 elementor-widget elementor-widget-heading\" data-id=\"1200c304\" data-element_type=\"widget\" data-e-type=\"widget\" data-widget_type=\"heading.default\">\n\t\t\t\t\t<h2 class=\"elementor-heading-title elementor-size-default\">Persefona<\/h2>\t\t\t\t<\/div>\n\t\t\t\t\t<\/div>\n\t\t\t\t<\/div>\n\t\t<div class=\"elementor-element elementor-element-159dcf9a e-flex e-con-boxed e-con e-child\" data-id=\"159dcf9a\" data-element_type=\"container\" data-e-type=\"container\">\n\t\t\t\t\t<div class=\"e-con-inner\">\n\t\t\t\t<div class=\"elementor-element elementor-element-48cee66f elementor-widget elementor-widget-heading\" data-id=\"48cee66f\" data-element_type=\"widget\" data-e-type=\"widget\" data-widget_type=\"heading.default\">\n\t\t\t\t\t<h2 class=\"elementor-heading-title elementor-size-default\">R\u00fdchly preh\u013ead: Persefona<\/h2>\t\t\t\t<\/div>\n\t\t\t\t<div class=\"elementor-element elementor-element-3f50d82c elementor-widget elementor-widget-text-editor\" data-id=\"3f50d82c\" data-element_type=\"widget\" data-e-type=\"widget\" data-widget_type=\"text-editor.default\">\n\t\t\t\t\t\t\t\t\t<p><strong>Typ:<\/strong> Gr\u00e9cke hlavn\u00e9 bo\u017estvo, bohy\u0148a podsvetia a veget\u00e1cie<br><span class=\"iwg-fachbegriff\" data-tooltip=\"S\u00fabor v\u0161etk\u00fdch bohov jedn\u00e9ho n\u00e1bo\u017eenstva alebo kult\u00fary.\" tabindex=\"0\">Pante\u00f3n<\/span>: Gr\u00e9cko (Olymp a podsvetie)<br>Funkcia: kr\u00e1\u013eovn\u00e1 podsvetia, rast a odumieranie veget\u00e1cie, myst\u00e9ri\u00e1<br>Hlavn\u00e9 atrib\u00faty: gran\u00e1tov\u00e9 jablko, fak\u013ea, veniec z klasov<br>Hlavn\u00e9 kultov\u00e9 miesta: Eleusis, Lokroi Epizephyrioi, Sic\u00edlia (Enna)<br>R\u00edmsky ekvivalent: Proserpina<\/p>\t\t\t\t\t\t\t\t<\/div>\n\t\t\t\t\t<\/div>\n\t\t\t\t<\/div>\n\t\t\t\t\t<\/div>\n\t\t\t\t<\/div>\n\t\t\t\t\t<\/div>\n\t\t\t\t<\/div>\n\t\t<div class=\"elementor-element elementor-element-18613602 e-flex e-con-boxed e-con e-parent\" data-id=\"18613602\" data-element_type=\"container\" data-e-type=\"container\">\n\t\t\t\t\t<div class=\"e-con-inner\">\n\t\t\t\t<div class=\"elementor-element elementor-element-262b8a9f elementor-widget elementor-widget-heading\" data-id=\"262b8a9f\" data-element_type=\"widget\" data-e-type=\"widget\" data-widget_type=\"heading.default\">\n\t\t\t\t\t<h2 class=\"elementor-heading-title elementor-size-default\">Kontext<\/h2>\t\t\t\t<\/div>\n\t\t<div class=\"elementor-element elementor-element-46dcb7d e-con-full e-flex e-con e-child\" data-id=\"46dcb7d\" data-element_type=\"container\" data-e-type=\"container\">\n\t\t<div class=\"elementor-element elementor-element-61d3ab3 e-flex e-con-boxed e-con e-child\" data-id=\"61d3ab3\" data-element_type=\"container\" data-e-type=\"container\">\n\t\t\t\t\t<div class=\"e-con-inner\">\n\t\t\t\t<div class=\"elementor-element elementor-element-117c166 elementor-widget elementor-widget-heading\" data-id=\"117c166\" data-element_type=\"widget\" data-e-type=\"widget\" data-widget_type=\"heading.default\">\n\t\t\t\t\t<h3 class=\"elementor-heading-title elementor-size-default\">Zeitraum der Texte<\/h3>\t\t\t\t<\/div>\n\t\t\t\t<div class=\"elementor-element elementor-element-73997a0 elementor-widget elementor-widget-text-editor\" data-id=\"73997a0\" data-element_type=\"widget\" data-e-type=\"widget\" data-widget_type=\"text-editor.default\">\n\t\t\t\t\t\t\t\t\t<p><span data-nosnippet>M\u00fdty o Persefone s\u00fa liter\u00e1rne zachyten\u00e9 u\u017e od Hom\u00e9ra (8. stor. pred n. l.); hlavn\u00fd m\u00fdtus (\u00fanos H\u00e1dom) je podrobne rozpovedan\u00fd v <em>Hom\u00e9rskom hymne na Demeter<\/em>. Eleuz\u00ednske myst\u00e9ri\u00e1, jeden z najv\u00fdznamnej\u0161\u00edch myst\u00e9riov\u00fdch kultov staroveku, sa s\u00fastredili na pr\u00edbeh matky a dc\u00e9ry, Demeter a Persefony, a trvali nepretr\u017eite takmer 2000 rokov, a\u017e do roku 392 n. l., ke\u010f ich zru\u0161il Theodosius.<\/span><\/p>\t\t\t\t\t\t\t\t<\/div>\n\t\t\t\t\t<\/div>\n\t\t\t\t<\/div>\n\t\t<div class=\"elementor-element elementor-element-d47b156 e-flex e-con-boxed e-con e-child\" data-id=\"d47b156\" data-element_type=\"container\" data-e-type=\"container\">\n\t\t\t\t\t<div class=\"e-con-inner\">\n\t\t\t\t<div class=\"elementor-element elementor-element-ff38c2b elementor-widget elementor-widget-heading\" data-id=\"ff38c2b\" data-element_type=\"widget\" data-e-type=\"widget\" data-widget_type=\"heading.default\">\n\t\t\t\t\t<h3 class=\"elementor-heading-title elementor-size-default\">Verbreitungsraum<\/h3>\t\t\t\t<\/div>\n\t\t\t\t<div class=\"elementor-element elementor-element-4e49fcc elementor-widget elementor-widget-text-editor\" data-id=\"4e49fcc\" data-element_type=\"widget\" data-e-type=\"widget\" data-widget_type=\"text-editor.default\">\n\t\t\t\t\t\t\t\t\t<p>Najv\u00fdznamnej\u0161ie kultov\u00e9 miesto: <strong>Eleusis<\/strong> pri At\u00e9nach (najsl\u00e1vnej\u0161ie myst\u00e9ri\u00e1). \u010ealej: Sic\u00edlia (Enna ako miesto \u00fanosu), Lokroi Epizephyrioi (juhoitalsk\u00fd \u0161pecializovan\u00fd <span class=\"iwg-fachbegriff\" data-tooltip=\"S\u00fabor n\u00e1bo\u017eensk\u00fdch \u00factov\u00fdch prakt\u00edk venovan\u00fdch bo\u017estvu alebo sv\u00e4tej postave.\" tabindex=\"0\">kult<\/span> s pinakmi), Korint, T\u00e9by. V helenistickom a r\u00edmskom obdob\u00ed sa uctievanie Persefony pod menom Proserpina roz\u0161\u00edrilo po celom Stredomor\u00ed.<\/p>\t\t\t\t\t\t\t\t<\/div>\n\t\t\t\t\t<\/div>\n\t\t\t\t<\/div>\n\t\t\t\t<\/div>\n\t\t<div class=\"elementor-element elementor-element-db03c39 e-con-full e-flex e-con e-child\" data-id=\"db03c39\" data-element_type=\"container\" data-e-type=\"container\">\n\t\t<div class=\"elementor-element elementor-element-229a87b e-flex e-con-boxed e-con e-child\" data-id=\"229a87b\" data-element_type=\"container\" data-e-type=\"container\">\n\t\t\t\t\t<div class=\"e-con-inner\">\n\t\t\t\t<div class=\"elementor-element elementor-element-1f471fc elementor-widget elementor-widget-heading\" data-id=\"1f471fc\" data-element_type=\"widget\" data-e-type=\"widget\" data-widget_type=\"heading.default\">\n\t\t\t\t\t<h3 class=\"elementor-heading-title elementor-size-default\">Quellenlage<\/h3>\t\t\t\t<\/div>\n\t\t\t\t<div class=\"elementor-element elementor-element-36b1201 elementor-widget elementor-widget-text-editor\" data-id=\"36b1201\" data-element_type=\"widget\" data-e-type=\"widget\" data-widget_type=\"text-editor.default\">\n\t\t\t\t\t\t\t\t\t<p>K\u013e\u00fa\u010dov\u00e9 pramene: <em>Hom\u00e9rsky hymnus na Demeter<\/em> (najdlh\u0161ie zachovan\u00e9 <span class=\"iwg-fachbegriff\" data-tooltip=\"Epocha gr\u00e9ckej a r\u00edmskej kult\u00fary, pribli\u017ene od 800 pred n. l. do 600 n. l.\" tabindex=\"0\">antick\u00e9<\/span> rozpr\u00e1vanie tohto <span class=\"iwg-fachbegriff\" data-tooltip=\"Tradovan\u00fd pr\u00edbeh o bohoch, p\u00f4vode a poriadku svetu.\" tabindex=\"0\">m\u00fdtu<\/span>), Hesiodova <em>Teog\u00f3nia<\/em>, Hesychiove glosy k eleuz\u00ednskym ritu\u00e1lom, lokroisk\u00e9 pinaky (terakotov\u00e9 tabu\u013eky), Pausaniov <em>Popis Gr\u00e9cka<\/em> (kapitola o Eleusise). Sekund\u00e1rna literat\u00fara: Burkert, <em><span class=\"iwg-fachbegriff\" data-tooltip=\"Epocha gr\u00e9ckej a r\u00edmskej kult\u00fary, pribli\u017ene od 800 pred n. l. do 600 n. l.\" tabindex=\"0\">Antick\u00e9<\/span> myst\u00e9ri\u00e1<\/em>; Foley, <em>The Homeric Hymn to Demeter<\/em>; Clinton, <em>The Eleusinian Mysteries<\/em>.<\/p>\t\t\t\t\t\t\t\t<\/div>\n\t\t\t\t\t<\/div>\n\t\t\t\t<\/div>\n\t\t\t\t<\/div>\n\t\t\t\t\t<\/div>\n\t\t\t\t<\/div>\n\t\t<div class=\"elementor-element elementor-element-3ae0637c e-flex e-con-boxed e-con e-parent\" data-id=\"3ae0637c\" data-element_type=\"container\" data-e-type=\"container\">\n\t\t\t\t\t<div class=\"e-con-inner\">\n\t\t\t\t<div class=\"elementor-element elementor-element-31d07739 elementor-widget elementor-widget-heading\" data-id=\"31d07739\" data-element_type=\"widget\" data-e-type=\"widget\" data-widget_type=\"heading.default\">\n\t\t\t\t\t<h2 class=\"elementor-heading-title elementor-size-default\">Meno<\/h2>\t\t\t\t<\/div>\n\t\t<div class=\"elementor-element elementor-element-b7642947 e-con-full e-flex e-con e-child\" data-id=\"b7642947\" data-element_type=\"container\" data-e-type=\"container\">\n\t\t\t\t<div class=\"elementor-element elementor-element-a086266 elementor-widget elementor-widget-text-editor\" data-id=\"a086266\" data-element_type=\"widget\" data-e-type=\"widget\" data-widget_type=\"text-editor.default\">\n\t\t\t\t\t\t\t\t\t<p>Persefona je zobrazovan\u00e1 ako d\u00f4stojn\u00e1 \u017eena, \u010dasto s korunou alebo diad\u00e9mom, zvy\u010dajne sediaca na tr\u00f3ne ved\u013ea H\u00e1da. Jej atrib\u00fatmi s\u00fa gran\u00e1tov\u00e9 jablko (<span class=\"iwg-fachbegriff\" data-tooltip=\"Znak, ktor\u00fd zastupuje ist\u00fa predstavu alebo v\u00fdznam.\" tabindex=\"0\">symbol<\/span> jej spojenia s podsvet\u00edm), fak\u013ea (Demeter ju h\u013eadala s fak\u013eou), mak a obilie.<\/p><p>V podsvet\u00ed nos\u00ed kr\u00e1\u013eovsk\u00e9 r\u00facho; po\u010das svojho pobytu na zemi je zobrazovan\u00e1 mlad\u00e1 a rozkvitnut\u00e1.<\/p>\t\t\t\t\t\t\t\t<\/div>\n\t\t\t\t<\/div>\n\t\t\t\t\t<\/div>\n\t\t\t\t<\/div>\n\t\t<div class=\"elementor-element elementor-element-709a44a8 e-flex e-con-boxed e-con e-parent\" data-id=\"709a44a8\" data-element_type=\"container\" data-e-type=\"container\">\n\t\t\t\t\t<div class=\"e-con-inner\">\n\t\t\t\t<div class=\"elementor-element elementor-element-2f585873 elementor-widget elementor-widget-heading\" data-id=\"2f585873\" data-element_type=\"widget\" data-e-type=\"widget\" data-widget_type=\"heading.default\">\n\t\t\t\t\t<h2 class=\"elementor-heading-title elementor-size-default\">Charakteristick\u00e9 rysy<\/h2>\t\t\t\t<\/div>\n\t\t<div class=\"elementor-element elementor-element-70621c12 e-con-full e-flex e-con e-child\" data-id=\"70621c12\" data-element_type=\"container\" data-e-type=\"container\">\n\t\t\t\t<div class=\"elementor-element elementor-element-4296eb49 elementor-widget elementor-widget-text-editor\" data-id=\"4296eb49\" data-element_type=\"widget\" data-e-type=\"widget\" data-widget_type=\"text-editor.default\">\n\t\t\t\t\t\t\t\t\t<p>Persefona vl\u00e1dne spolu s H\u00e1dom nad podsvet\u00edm. Nie je krut\u00e1, ale spravodliv\u00e1, po\u010d\u00fava prosby zosnul\u00fdch a mierni tvrdos\u0165 svojho man\u017eela. V Eleusise sa konali myst\u00e9riov\u00e9 obrady, ktor\u00e9 znovu zobrazovali Persefonin zostup a n\u00e1vrat a s\u013eubovali veriacim n\u00e1dej na bla\u017een\u00e9 posmrtn\u00e9 bytie.<\/p><p>Persefonin n\u00e1vrat z podsvetia na zem ohlasuje jar; jej odchod do hlb\u00edn ohlasuje jese\u0148. Jej pr\u00edbeh vyklad\u00e1 utrpenie ako nevyhnutn\u00e9 a premie\u0148a ho na d\u00f4stojnos\u0165.<\/p><p><strong>Zjav a symbolika<\/strong><\/p><p>Persefona je zobrazovan\u00e1 ako kr\u00e1sna, elegantn\u00e1 \u017eena, niekedy mlad\u00e1 a ozdoben\u00e1 kvetmi (ako K\u00f3re), inokedy zrel\u0161ia a s tiarou na hlave (ako kr\u00e1\u013eovn\u00e1 podsvetia). Gran\u00e1tov\u00e9 jablko je jej hlavn\u00fdm atrib\u00fatom, plod, ktor\u00e9ho zrnk\u00e1 zjedla a ktor\u00e9 tak spe\u010datili jej puto s H\u00e1dom. Fak\u013ea (podobne ako u Demeter) symbolizuje jej cesty medzi svetmi.<\/p><p>Obilie a mak s\u00fa jej zasv\u00e4ten\u00e9, rovnako aj narcis (kvet, ktor\u00fd trhala, ke\u010f ju H\u00e1des uniesol). Jej farba sa men\u00ed: biela alebo kr\u00e9mov\u00e1 ako panna, tmavo\u010derven\u00e1 alebo \u010dierna ako kr\u00e1\u013eovn\u00e1 podsvetia. Steles\u0148uje samotn\u00fa premenu, pre\u017e\u00edvanie straty a obnovy, nie iba jeden z t\u00fdchto stavov.<\/p>\t\t\t\t\t\t\t\t<\/div>\n\t\t\t\t<\/div>\n\t\t\t\t\t<\/div>\n\t\t\t\t<\/div>\n\t\t<div class=\"elementor-element elementor-element-44e71476 e-flex e-con-boxed e-con e-parent\" data-id=\"44e71476\" data-element_type=\"container\" data-e-type=\"container\">\n\t\t\t\t\t<div class=\"e-con-inner\">\n\t\t\t\t<div class=\"elementor-element elementor-element-3c1fc3f0 elementor-widget elementor-widget-heading\" data-id=\"3c1fc3f0\" data-element_type=\"widget\" data-e-type=\"widget\" data-widget_type=\"heading.default\">\n\t\t\t\t\t<h2 class=\"elementor-heading-title elementor-size-default\">Profil: Persefona<\/h2>\t\t\t\t<\/div>\n\t\t<div class=\"elementor-element elementor-element-84f33b8e e-con-full e-flex e-con e-child\" data-id=\"84f33b8e\" data-element_type=\"container\" data-e-type=\"container\">\n\t\t\t\t<div class=\"elementor-element elementor-element-hqkdc67p elementor-widget elementor-widget-text-editor\" data-id=\"hqkdc67p\" data-element_type=\"widget\" data-e-type=\"widget\" data-widget_type=\"text-editor.default\">\n\t\t\t\t\t\t\t\t\t<p>Najd\u00f4le\u017eitej\u0161ie aspekty Persefony v skratke. Nasleduj\u00face \u00fadaje zh\u0155\u0148aj\u00fa p\u00f4vod, funkciu, zjav, uctievanie, symboly a paralely.<\/p>\t\t\t\t\t\t\t\t<\/div>\n\t\t\t\t<\/div>\n\t\t<div class=\"elementor-element elementor-element-pemmx7c5 e-con-full e-flex e-con e-child\" data-id=\"pemmx7c5\" data-element_type=\"container\" data-e-type=\"container\">\n\t\t<div class=\"elementor-element elementor-element-pemmx7c1 e-con-full e-flex e-con e-child\" data-id=\"pemmx7c1\" data-element_type=\"container\" data-e-type=\"container\">\n\t\t<div class=\"elementor-element elementor-element-qh9oavvu iwg-steckbrief-card e-flex e-con-boxed e-con e-child\" data-id=\"qh9oavvu\" data-element_type=\"container\" data-e-type=\"container\">\n\t\t\t\t\t<div class=\"e-con-inner\">\n\t\t\t\t<div class=\"elementor-element elementor-element-awzx8k2k elementor-widget elementor-widget-heading\" data-id=\"awzx8k2k\" data-element_type=\"widget\" data-e-type=\"widget\" data-widget_type=\"heading.default\">\n\t\t\t\t\t<div class=\"elementor-heading-title elementor-size-default\">P\u00f4vod Persefony<\/div>\t\t\t\t<\/div>\n\t\t\t\t<div class=\"elementor-element elementor-element-x6rowhv0 elementor-widget elementor-widget-text-editor\" data-id=\"x6rowhv0\" data-element_type=\"widget\" data-e-type=\"widget\" data-widget_type=\"text-editor.default\">\n\t\t\t\t\t\t\t\t\t<p>Persefona je dc\u00e9rou Zeusa a Demeter. V \u00fastrednom <span class=\"iwg-fachbegriff\" data-tooltip=\"Tradovan\u00fd pr\u00edbeh o bohoch, p\u00f4vode a poriadku svetu.\" tabindex=\"0\">m\u00fdte<\/span> ju n\u00e1silne uniesol <em>H\u00e1des<\/em>, vl\u00e1dca podsvetia; jej matka Demeter ju z\u00fafalo h\u013ead\u00e1 a nech\u00e1va veget\u00e1ciu vyschn\u00fa\u0165.<\/p><p>Napokon sa dosiahne kompromis: Persefona str\u00e1vi tretinu roka u H\u00e1da (zima) a dve tretiny u Demeter (leto). Gran\u00e1tov\u00e9 jablko, z ktor\u00e9ho v podsvet\u00ed jedla, ju via\u017ee k H\u00e1dovi.<\/p>\t\t\t\t\t\t\t\t<\/div>\n\t\t\t\t\t<\/div>\n\t\t\t\t<\/div>\n\t\t<div class=\"elementor-element elementor-element-8e3o4kxs iwg-steckbrief-card e-flex e-con-boxed e-con e-child\" data-id=\"8e3o4kxs\" data-element_type=\"container\" data-e-type=\"container\">\n\t\t\t\t\t<div class=\"e-con-inner\">\n\t\t\t\t<div class=\"elementor-element elementor-element-08rkdgov elementor-widget elementor-widget-heading\" data-id=\"08rkdgov\" data-element_type=\"widget\" data-e-type=\"widget\" data-widget_type=\"heading.default\">\n\t\t\t\t\t<div class=\"elementor-heading-title elementor-size-default\">Vz\u0165ahuje sa na<\/div>\t\t\t\t<\/div>\n\t\t\t\t<div class=\"elementor-element elementor-element-uwjelx8s elementor-widget elementor-widget-text-editor\" data-id=\"uwjelx8s\" data-element_type=\"widget\" data-e-type=\"widget\" data-widget_type=\"text-editor.default\">\n\t\t\t\t\t\t\t\t\t<p>Kr\u00e1\u013eovn\u00e1 podsvetia (aspekt K\u00f3re oproti aspektu Persefony, panna a vl\u00e1dky\u0148a). V eleuz\u00ednskej trad\u00edcii sprostredkovate\u013eka medzi \u017eivotom a smr\u0165ou, myst\u00e9ri\u00e1 s\u013eubovali zasv\u00e4tencom \u0161\u0165astn\u00fd posmrtn\u00fd \u017eivot pod jej z\u00e1\u0161titou. Spojenie s kolobehom plodnosti: rast a odumieranie rastlinstva pod\u013ea jej pr\u00edtomnosti alebo nepr\u00edtomnosti na zemi. Na Sic\u00edlii je uctievan\u00e1 ako ochranky\u0148a panien.<\/p>\t\t\t\t\t\t\t\t<\/div>\n\t\t\t\t\t<\/div>\n\t\t\t\t<\/div>\n\t\t<div class=\"elementor-element elementor-element-jm2n74ec iwg-steckbrief-card e-flex e-con-boxed e-con e-child\" data-id=\"jm2n74ec\" data-element_type=\"container\" data-e-type=\"container\">\n\t\t\t\t\t<div class=\"e-con-inner\">\n\t\t\t\t<div class=\"elementor-element elementor-element-8vufse4c elementor-widget elementor-widget-heading\" data-id=\"8vufse4c\" data-element_type=\"widget\" data-e-type=\"widget\" data-widget_type=\"heading.default\">\n\t\t\t\t\t<div class=\"elementor-heading-title elementor-size-default\">Zobrazenie<\/div>\t\t\t\t<\/div>\n\t\t\t\t<div class=\"elementor-element elementor-element-mwb9u015 elementor-widget elementor-widget-text-editor\" data-id=\"mwb9u015\" data-element_type=\"widget\" data-e-type=\"widget\" data-widget_type=\"text-editor.default\">\n\t\t\t\t\t\t\t\t\t<p>Mlad\u00e1 \u017eena, \u010dasto s gran\u00e1tov\u00fdm jablkom v ruke, s vencom z klasov alebo fak\u013eou. Vo svojej podzemnej podobe zobrazovan\u00e1 tr\u00f3nska po boku H\u00e1desa, \u010dasto s v\u00e1\u017enym v\u00fdrazom tv\u00e1re. Na lokrijsk\u00fdch pinak\u00e1ch sa \u010dasto objavuje v sc\u00e9ne svadby s H\u00e1desom. Ako Kore (Panna) s polos-korunou (vysokou valcovitou pokr\u00fdvkou hlavy). \u010casto ju sprev\u00e1dza Hekat\u00e9 (s fak\u013eou) a Hermes (ako sprievod na spiato\u010dnej ceste na zemsk\u00fd povrch).<\/p>\t\t\t\t\t\t\t\t<\/div>\n\t\t\t\t\t<\/div>\n\t\t\t\t<\/div>\n\t\t\t\t<\/div>\n\t\t<div class=\"elementor-element elementor-element-pemmx7c2 e-con-full e-flex e-con e-child\" data-id=\"pemmx7c2\" data-element_type=\"container\" data-e-type=\"container\">\n\t\t<div class=\"elementor-element elementor-element-37ss2yr6 iwg-steckbrief-card e-flex e-con-boxed e-con e-child\" data-id=\"37ss2yr6\" data-element_type=\"container\" data-e-type=\"container\">\n\t\t\t\t\t<div class=\"e-con-inner\">\n\t\t\t\t<div class=\"elementor-element elementor-element-3v0wp3wx elementor-widget elementor-widget-heading\" data-id=\"3v0wp3wx\" data-element_type=\"widget\" data-e-type=\"widget\" data-widget_type=\"heading.default\">\n\t\t\t\t\t<div class=\"elementor-heading-title elementor-size-default\">Funkcia<\/div>\t\t\t\t<\/div>\n\t\t\t\t<div class=\"elementor-element elementor-element-w3247g2m elementor-widget elementor-widget-text-editor\" data-id=\"w3247g2m\" data-element_type=\"widget\" data-e-type=\"widget\" data-widget_type=\"text-editor.default\">\n\t\t\t\t\t\t\t\t\t<p><strong>P\u00f4sobnos\u0165:<\/strong> Persefona zohr\u00e1vala \u00fastredn\u00fa \u00falohu v eleuz\u00ednskych myst\u00e9ri\u00e1ch, zasv\u00e4tenci z cel\u00e9ho Stredomoria putovali do Eleus\u00edny, aby za\u017eili dev\u00e4\u0165d\u0148ov\u00fd tajn\u00fd obrad.<\/p><p>V osobnom <span class=\"iwg-fachbegriff\" data-tooltip=\"S\u00fahrn n\u00e1bo\u017eensk\u00fdch \u00fakonov uctievania venovan\u00fdch bo\u017estvu alebo posv\u00e4tnej bytosti.\" tabindex=\"0\">kulte<\/span> ju vz\u00fdvali \u017eeny pred svadbou (aspekt panny, ktor\u00e1 prech\u00e1dza do novej \u017eivotnej f\u00e1zy). V kulte m\u0155tvych bola ochranky\u0148ou zosnul\u00fdch, hrobov\u00e9 pr\u00eddavky so symbolikou gran\u00e1tov\u00e9ho jablka s\u00fa v gr\u00e9ckych hroboch \u010dast\u00e9.<\/p>\t\t\t\t\t\t\t\t<\/div>\n\t\t\t\t\t<\/div>\n\t\t\t\t<\/div>\n\t\t<div class=\"elementor-element elementor-element-0qpjal9w iwg-steckbrief-card e-flex e-con-boxed e-con e-child\" data-id=\"0qpjal9w\" data-element_type=\"container\" data-e-type=\"container\">\n\t\t\t\t\t<div class=\"e-con-inner\">\n\t\t\t\t<div class=\"elementor-element elementor-element-6ndoih0o elementor-widget elementor-widget-heading\" data-id=\"6ndoih0o\" data-element_type=\"widget\" data-e-type=\"widget\" data-widget_type=\"heading.default\">\n\t\t\t\t\t<div class=\"elementor-heading-title elementor-size-default\">Ochrana<\/div>\t\t\t\t<\/div>\n\t\t\t\t<div class=\"elementor-element elementor-element-6684tyh9 elementor-widget elementor-widget-text-editor\" data-id=\"6684tyh9\" data-element_type=\"widget\" data-e-type=\"widget\" data-widget_type=\"text-editor.default\">\n\t\t\t\t\t\t\t\t\t<p>Gran\u00e1tov\u00e9 jablko (<span class=\"iwg-fachbegriff\" data-tooltip=\"Znak, ktor\u00fd zastupuje predstavu alebo v\u00fdznam.\" tabindex=\"0\">symbol<\/span> puta k podsvetiu), fak\u013ea (Demetrino h\u013eadanie), veniec z klasov (aspekt veget\u00e1cie), polos-koruna, asfodel (kvet podsvetia), me\u010d (lokrijsk\u00e1 trad\u00edcia). Rastliny: gran\u00e1tov\u00e9 jablko, klasy, asfodel, mak. Sv\u00e4t\u00e9 zvierat\u00e1: hady.<\/p>\t\t\t\t\t\t\t\t<\/div>\n\t\t\t\t\t<\/div>\n\t\t\t\t<\/div>\n\t\t<div class=\"elementor-element elementor-element-3lfi7x32 iwg-steckbrief-card e-flex e-con-boxed e-con e-child\" data-id=\"3lfi7x32\" data-element_type=\"container\" data-e-type=\"container\">\n\t\t\t\t\t<div class=\"e-con-inner\">\n\t\t\t\t<div class=\"elementor-element elementor-element-0kg99ga1 elementor-widget elementor-widget-heading\" data-id=\"0kg99ga1\" data-element_type=\"widget\" data-e-type=\"widget\" data-widget_type=\"heading.default\">\n\t\t\t\t\t<div class=\"elementor-heading-title elementor-size-default\">S\u00favisiace bytosti<\/div>\t\t\t\t<\/div>\n\t\t\t\t<div class=\"elementor-element elementor-element-n0fum6kp elementor-widget elementor-widget-text-editor\" data-id=\"n0fum6kp\" data-element_type=\"widget\" data-e-type=\"widget\" data-widget_type=\"text-editor.default\">\n\t\t\t\t\t\t\t\t\t<p><em>Proserpina<\/em> (R\u00edm, takmer identick\u00e9 prevzatie), <em>Inanna\/I\u0161tar<\/em> (Mezopot\u00e1mia, zostup do podsvetia), <em>Ere\u0161kigal<\/em> (Mezopot\u00e1mia, kr\u00e1\u013eovn\u00e1 podsvetia), <em>Hel<\/em> (germ\u00e1nska mytol\u00f3gia, vl\u00e1dky\u0148a podsvetia), <em>S\u00edt\u00e1<\/em> (hinduizmus, spojenie so zemou, zmiznutie do zeme), <em>Izanami<\/em> (Japonsko, tvoriv\u00e1 bohy\u0148a uv\u00e4znen\u00e1 v Jomi).<\/p>\t\t\t\t\t\t\t\t<\/div>\n\t\t\t\t\t<\/div>\n\t\t\t\t<\/div>\n\t\t\t\t<\/div>\n\t\t\t\t<\/div>\n\t\t\t\t\t<\/div>\n\t\t\t\t<\/div>\n\t\t<div class=\"elementor-element elementor-element-7533bc7a e-flex e-con-boxed e-con e-parent\" data-id=\"7533bc7a\" data-element_type=\"container\" data-e-type=\"container\">\n\t\t\t\t\t<div class=\"e-con-inner\">\n\t\t\t\t<div class=\"elementor-element elementor-element-2447d18d elementor-widget elementor-widget-heading\" data-id=\"2447d18d\" data-element_type=\"widget\" data-e-type=\"widget\" data-widget_type=\"heading.default\">\n\t\t\t\t\t<h2 class=\"elementor-heading-title elementor-size-default\">Praktick\u00e1 obrana<\/h2>\t\t\t\t<\/div>\n\t\t<div class=\"elementor-element elementor-element-d5d0260c e-con-full e-flex e-con e-child\" data-id=\"d5d0260c\" data-element_type=\"container\" data-e-type=\"container\">\n\t\t\t\t<div class=\"elementor-element elementor-element-341be2ac elementor-widget elementor-widget-text-editor\" data-id=\"341be2ac\" data-element_type=\"widget\" data-e-type=\"widget\" data-widget_type=\"text-editor.default\">\n\t\t\t\t\t\t\t\t\t<p><strong>Ritu\u00e1ly na odvr\u00e1tenie<\/strong><\/p><p>Persefona, vl\u00e1dky\u0148a podsvetia, nebola ani tak predmetom odvracac\u00edch, ako sk\u00f4r uzmierovac\u00edch ritu\u00e1lov. Ke\u010f\u017ee jej meno sa v be\u017enom \u017eivote vyslovovalo s opatrnos\u0165ou, \u010dasto ju zahalene volali Kore, \u201ediev\u010da\u201c, jazykov\u00fa formu \u00facty vo\u010di podzemn\u00fdm mocnostiam.<\/p><p>V eleus\u00ednskych myst\u00e9ri\u00e1ch st\u00e1la v centre n\u00e1dej na dobr\u00fd osud na druhom svete, menej odvr\u00e1tenie zla.<\/p><p>V\u00fdrazn\u00fa apotropaick\u00fa trad\u00edciu tvoria orfick\u00e9 a bakchick\u00e9 zlat\u00e9 lupienky: tenk\u00e9 pop\u00edsan\u00e9 zlat\u00e9 pl\u00e1tky, ktor\u00e9 sa vkladali zosnul\u00fdm do hrobu a obsahovali pokyny pre cestu podsvet\u00edm, ako aj oslovenia Persefony. Mali zosnul\u00e9mu zaisti\u0165 prechod, boli ochrann\u00fdm predmetom v pravom zmysle slova.<\/p><p><strong>Zakl\u00ednania<\/strong><\/p><p>Eleus\u00ednske myst\u00e9ri\u00e1 poskytovali najd\u00f4le\u017eitej\u0161iu kultick\u00fa cestu, ako si z\u00edska\u0165 priaze\u0148 Persefony a Demeter: zasv\u00e4ten\u00ed si od nich s\u013eubovali lep\u0161\u00ed osud po smrti. Okrem toho orfick\u00e9 zlat\u00e9 lupienky obsahuj\u00fa v\u00fdroky, ktor\u00e9 du\u0161i v podsvet\u00ed vkladaj\u00fa do \u00fast spr\u00e1vne oslovenie kr\u00e1\u013eovnej, aby bola milostivo prijat\u00e1. M\u00fdtus o gran\u00e1tovom jablku, ktor\u00e9ho zrnk\u00e1 Persefonu prip\u00fatali k podsvetiu, z\u00e1rove\u0148 varoval pred neopatrnos\u0165ou pri jedle z r\u00ed\u0161e m\u0155tvych.<\/p><p><strong>Amulety a ochrann\u00e9 symboly<\/strong><\/p><p>V gr\u00e9ckom kulte sa s Persefonou ako vl\u00e1dky\u0148ou podsvetia zaobch\u00e1dzalo s \u00factou, o odvracan\u00ed nemohla by\u0165 re\u010d: \u010dasto ju volali len Kore, diev\u010da, alebo ju opisovali priazniv\u00fdmi pr\u00edvlastkami, aby sa vyhli jej skuto\u010dn\u00e9mu menu. Ochranu pri styku s jej sf\u00e9rou h\u013eadali Gr\u00e9ci prostredn\u00edctvom spr\u00e1vnych pohrebn\u00fdch a posmrtn\u00fdch obradov, ktor\u00e9 zosnul\u00fdm zais\u0165ovali prechod. Kliatobn\u00e9 tabu\u013eky (defixiones) naopak dokazuj\u00fa, \u017ee ju bolo mo\u017en\u00e9 aj cielene vz\u00fdva\u0165, preto sa \u00factiv\u00e9 zaobch\u00e1dzanie s jej menom pokladalo za pr\u00edkaz.<\/p><p><strong><span class=\"iwg-fachbegriff\" data-tooltip=\"S\u00fahrn n\u00e1bo\u017eensk\u00fdch \u00factov\u00fdch \u00fakonov vo\u010di bo\u017estvu alebo sv\u00e4tej bytosti.\" tabindex=\"0\">Kult<\/span> a uctievanie<\/strong><\/p><p>Persefona zohr\u00e1vala \u00fastredn\u00fa \u00falohu v eleus\u00ednskych myst\u00e9ri\u00e1ch, mo\u017eno e\u0161te v\u00e4\u010d\u0161iu ne\u017e jej matka Demeter. Jej \u00fanos a n\u00e1vrat sa dramaticky zahr\u00e1vali, zasv\u00e4tenci t\u00fato cestu za\u017e\u00edvali v ritu\u00e1lnej forme. Anthesteria, sviatok zasv\u00e4ten\u00fd Persefone a bohom podsvetia, bola \u010dasom, ke\u010f hranica medzi \u017eivotom a smr\u0165ou sten\u010dovala.<\/p><p>\u017deny sa k Persefone modlili po\u010das dospievania a svadby, ako k ochrankyni prechodu do \u017eenstva. Podoba Kore bola uctievan\u00e1 ako ochranky\u0148a panenstva, kr\u00e1\u013eovn\u00e1 H\u00e1desa ako ochranky\u0148a man\u017eelstva a materstva. K\u0148a\u017eky vysvet\u013eovali jej dvojakos\u0165 ako spojenie, nie protire\u010denie.<\/p>\t\t\t\t\t\t\t\t<\/div>\n\t\t\t\t<\/div>\n\t\t\t\t\t<\/div>\n\t\t\t\t<\/div>\n\t\t<div class=\"elementor-element elementor-element-5a584676 e-flex e-con-boxed e-con e-parent\" data-id=\"5a584676\" data-element_type=\"container\" data-e-type=\"container\">\n\t\t\t\t\t<div class=\"e-con-inner\">\n\t\t\t\t<div class=\"elementor-element elementor-element-6d0757bf elementor-widget elementor-widget-heading\" data-id=\"6d0757bf\" data-element_type=\"widget\" data-e-type=\"widget\" data-widget_type=\"heading.default\">\n\t\t\t\t\t<h2 class=\"elementor-heading-title elementor-size-default\">Persefona, paralely v in\u00fdch kult\u00farach<\/h2>\t\t\t\t<\/div>\n\t\t<div class=\"elementor-element elementor-element-60563f68 e-con-full e-flex e-con e-child\" data-id=\"60563f68\" data-element_type=\"container\" data-e-type=\"container\">\n\t\t\t\t<div class=\"elementor-element elementor-element-5a93fdd6 elementor-widget elementor-widget-text-editor\" data-id=\"5a93fdd6\" data-element_type=\"widget\" data-e-type=\"widget\" data-widget_type=\"text-editor.default\">\n\t\t\t\t\t\t\t\t\t<p>Podobn\u00e9 bohyne podsvetia sa nach\u00e1dzaj\u00fa aj v in\u00fdch kult\u00farach: Inanna\/I\u0161tar (Mezopot\u00e1mia) tie\u017e prech\u00e1dza podsvet\u00edm; Izanami (Japonsko) vl\u00e1dne r\u00ed\u0161i mrtvych. Epiz\u00f3da s gran\u00e1tov\u00fdm jablkom pripom\u00edna keltsk\u00e9 podsvetn\u00e9 zakliata a indick\u00e9 m\u00fdty o \u00fanose. Aspekt ro\u010dn\u00e9ho cyklu ju sp\u00e1ja s vegeta\u010dn\u00fdmi bo\u017estvami, ako s\u00fa Osiris alebo Dion\u00fdzos.<\/p>\t\t\t\t\t\t\t\t<\/div>\n\t\t\t\t<\/div>\n\t\t\t\t\t<\/div>\n\t\t\t\t<\/div>\n\t\t<div class=\"elementor-element elementor-element-cp8742374 e-flex e-con-boxed e-con e-parent\" data-id=\"cp8742374\" data-element_type=\"container\" data-e-type=\"container\">\n\t\t\t\t\t<div class=\"e-con-inner\">\n\t\t\t\t<div class=\"elementor-element elementor-element-cp23b39fb elementor-widget elementor-widget-heading\" data-id=\"cp23b39fb\" data-element_type=\"widget\" data-e-type=\"widget\" data-widget_type=\"heading.default\">\n\t\t\t\t\t<h2 class=\"elementor-heading-title elementor-size-default\">\u00danos Persefony v Hom\u00e9rskom hymne na Demeter<\/h2>\t\t\t\t<\/div>\n\t\t<div class=\"elementor-element elementor-element-cp4da9781 e-con-full e-flex e-con e-child\" data-id=\"cp4da9781\" data-element_type=\"container\" data-e-type=\"container\">\n\t\t\t\t<div class=\"elementor-element elementor-element-cp9c8ea7c elementor-widget elementor-widget-text-editor\" data-id=\"cp9c8ea7c\" data-element_type=\"widget\" data-e-type=\"widget\" data-widget_type=\"text-editor.default\">\n\t\t\t\t\t\t\t\t\t<p>Najpodrobnej\u0161ie <span class=\"iwg-fachbegriff\" data-tooltip=\"Epocha gr\u00e9ckej a r\u00edmskej kult\u00fary, pribli\u017ene od 800 pred Kr. do 600 po Kr.\" tabindex=\"0\">antick\u00e9<\/span> rozpr\u00e1vanie o Persefone sa nach\u00e1dza v tzv. Hom\u00e9rskom hymne na <a href=\"https:\/\/iwell-guard.com\/sk\/?page_id=157779\">Dem\u00e9ter<\/a>, texte, ktor\u00fd vznikol pravdepodobne v 7. alebo 6. storo\u010d\u00ed pred Kr.<\/p><p>Opisuje, ako diev\u010da, v hymne preva\u017ene naz\u00fdvan\u00e9 <em>Kore<\/em>, teda jednoducho diev\u010da, zbiera na l\u00fake kvety. Ke\u010f sa na\u0165ahuje po nezvy\u010dajne kr\u00e1snom narcise, otvor\u00ed sa zem a <a href=\"https:\/\/iwell-guard.com\/sk\/?page_id=157708\">H\u00e1des<\/a> ju na svojom voze unesie do podsvetia.<\/p><p>Dem\u00e9ter h\u013ead\u00e1 dc\u00e9ru dev\u00e4\u0165 dn\u00ed po celej zemi a nakoniec sa od H\u00e9lia, v\u0161adevidiaceho boha slnka, dozvie, \u010do sa stalo.<\/p><p>Z hnevu a sm\u00fatku sa odvr\u00e1ti od bohov, sp\u00f4sob\u00ed, \u017ee polia sa stan\u00fa ne\u00farodn\u00fdmi, a vyhr\u00e1\u017ea sa, \u017ee \u013eudstvo zahynie hladom. A\u017e to don\u00fati Dia zasiahnu\u0165 a posla\u0165 Herma do podsvetia, aby Persefonu privedol sp\u00e4\u0165.<\/p><p>K\u013e\u00fa\u010dov\u00e1 je epiz\u00f3da so zrnkom gran\u00e1tov\u00e9ho jablka. Sk\u00f4r ne\u017e Persefona opust\u00ed podsvetie, d\u00e1 jej H\u00e1des zjes\u0165 zrnko gran\u00e1tov\u00e9ho jablka. Kto raz ok\u00fasil potravu mrtvych, je s podsvet\u00edm naviazan\u00fd. Tak vznik\u00e1 kompromis, \u017ee Persefona mus\u00ed \u010das\u0165 roka str\u00e1vi\u0165 u H\u00e1da a \u010das\u0165 u matky.<\/p><p>Hymnus tak sp\u00e1ja <span class=\"iwg-fachbegriff\" data-tooltip=\"Tradi\u010dn\u00e9 rozpr\u00e1vanie o bohoch, p\u00f4vode a poriadku svet.\" tabindex=\"0\">m\u00fdtus<\/span> priamo so striedan\u00edm ro\u010dn\u00fdch obdob\u00ed a s rastom a odumieran\u00edm veget\u00e1cie. Z\u00e1rove\u0148 je zakladaj\u00facim m\u00fdtom eleuz\u00ednskych myst\u00e9ri\u00ed, ktor\u00fdch zavedenie text pripisuje samotnej Demeter.<\/p>\t\t\t\t\t\t\t\t<\/div>\n\t\t\t\t<\/div>\n\t\t\t\t\t<\/div>\n\t\t\t\t<\/div>\n\t\t<div class=\"elementor-element elementor-element-cpfe3dad8 e-flex e-con-boxed e-con e-parent\" data-id=\"cpfe3dad8\" data-element_type=\"container\" data-e-type=\"container\">\n\t\t\t\t\t<div class=\"e-con-inner\">\n\t\t\t\t<div class=\"elementor-element elementor-element-cp24a098d elementor-widget elementor-widget-heading\" data-id=\"cp24a098d\" data-element_type=\"widget\" data-e-type=\"widget\" data-widget_type=\"heading.default\">\n\t\t\t\t\t<h2 class=\"elementor-heading-title elementor-size-default\">Kr\u00e1\u013eovn\u00e1 podsvetia<\/h2>\t\t\t\t<\/div>\n\t\t<div class=\"elementor-element elementor-element-cp198d44d e-con-full e-flex e-con e-child\" data-id=\"cp198d44d\" data-element_type=\"container\" data-e-type=\"container\">\n\t\t\t\t<div class=\"elementor-element elementor-element-cpe43e879 elementor-widget elementor-widget-text-editor\" data-id=\"cpe43e879\" data-element_type=\"widget\" data-e-type=\"widget\" data-widget_type=\"text-editor.default\">\n\t\t\t\t\t\t\t\t\t<p>Hoci m\u00fdtus o \u00fanose formuje obraz Persefony najv\u00fdraznej\u0161ie, v \u017eivej gr\u00e9ckej n\u00e1bo\u017eenskej praxi je predov\u0161etk\u00fdm vl\u00e1dky\u0148ou r\u00ed\u0161e mrtvych. Po boku H\u00e1da vl\u00e1dne nad zosnulymi a v tejto \u00falohe vystupuje \u010dastej\u0161ie a s v\u00e4\u010d\u0161ou \u00factou ne\u017e v podobe unesen\u00e9ho diev\u010da\u0165a.<\/p><p>Gr\u00e9ci jej meno niekedy vyslovovali len nerado a naz\u00fdvali ju opisne, napr\u00edklad <em>Hagn\u00e9<\/em>, \u010dist\u00e1, alebo jednoducho bohy\u0148a.<\/p><p>V tejto funkcii sa Persefona objavuje v mnoh\u00fdch liter\u00e1rnych sc\u00e9nach. V <em>Odysei<\/em> je to pr\u00e1ve Persefona, ktor\u00e1 vysiela z\u00e1stupy mrtvych k Odyseovi a znova ich zah\u00e1\u0148a.<\/p><p>V m\u00fdte o Orfeovi je to ona, ktor\u00fa spev\u00e1kov spev dojme a ktor\u00e1 povol\u00ed n\u00e1vrat Eurydiky. Aj na kliatebn\u00fdch tabu\u013ek\u00e1ch, tzv. <em>defixiones<\/em>, ktor\u00e9 kl\u00e1dli mrtvym do hrobu, je vz\u00fdvan\u00e1 ako moc, ktor\u00e1 vl\u00e1dne nad st\u00ednmi.<\/p><p>T\u00e1to dvojit\u00e1 \u00faloha, dc\u00e9ra bohyne veget\u00e1cie a vl\u00e1dky\u0148a mrtvych, sa dlho stala predmetom b\u00e1dania. Walter Burkert vo svojej <em>Griechische Religion<\/em> zd\u00f4raznil, \u017ee oba aspekty patria spolu: zrno mus\u00ed zost\u00fapi\u0165 do zeme, do temnoty, aby mohol vznikn\u00fa\u0165 nov\u00fd \u017eivot.<\/p><p>Persefona tak steles\u0148uje spojenie medzi smr\u0165ou a plodnos\u0165ou, ktor\u00e9 bolo v po\u013enohospod\u00e1rstve priamo za\u017e\u00edvan\u00e9; nem\u00f4\u017ee by\u0165 re\u010d o dvoch nes\u00favisiacich funkci\u00e1ch. D\u00f4stojnos\u0165, s akou ju Gr\u00e9ci uctievali v \u00falohe vl\u00e1dkyne podsvetia, ukazuje, \u017ee ju nech\u00e1pali ako <span class=\"iwg-fachbegriff\" data-tooltip=\"Dar bo\u017estvu na vyjadrenie v\u010faky, prosby alebo \u00facty.\" tabindex=\"0\">obe\u0165<\/span> zlo\u010dinu, ale ako v\u00e1\u017een\u00fa kozmick\u00fa moc.<\/p>\t\t\t\t\t\t\t\t<\/div>\n\t\t\t\t<\/div>\n\t\t\t\t\t<\/div>\n\t\t\t\t<\/div>\n\t\t<div class=\"elementor-element elementor-element-cp9b8f38d e-flex e-con-boxed e-con e-parent\" data-id=\"cp9b8f38d\" data-element_type=\"container\" data-e-type=\"container\">\n\t\t\t\t\t<div class=\"e-con-inner\">\n\t\t\t\t<div class=\"elementor-element elementor-element-cp2bff7ff elementor-widget elementor-widget-heading\" data-id=\"cp2bff7ff\" data-element_type=\"widget\" data-e-type=\"widget\" data-widget_type=\"heading.default\">\n\t\t\t\t\t<h2 class=\"elementor-heading-title elementor-size-default\">Persefona v eleuz\u00ednskych myst\u00e9ri\u00e1ch<\/h2>\t\t\t\t<\/div>\n\t\t<div class=\"elementor-element elementor-element-cp7292d98 e-con-full e-flex e-con e-child\" data-id=\"cp7292d98\" data-element_type=\"container\" data-e-type=\"container\">\n\t\t\t\t<div class=\"elementor-element elementor-element-cp6de0ebe elementor-widget elementor-widget-text-editor\" data-id=\"cp6de0ebe\" data-element_type=\"widget\" data-e-type=\"widget\" data-widget_type=\"text-editor.default\">\n\t\t\t\t\t\t\t\t\t<p><span class=\"iwg-fachbegriff\" data-tooltip=\"Sv\u00e4temiesto zasv\u00e4ten\u00e9 uctievaniu bo\u017estva.\" tabindex=\"0\">Sv\u00e4ty\u0148a<\/span> v Eleuz\u00edne pri At\u00e9nach bola najv\u00fdznamnej\u0161\u00edm miestom kultu Persefony a Demeter v gr\u00e9ckom svete.<\/p><p>Tam sa viac ne\u017e tis\u00edc rokov konali eleuz\u00ednske myst\u00e9ri\u00e1, inicia\u010dn\u00fd kult, ktor\u00fd zasv\u00e4ten\u00fdm, tzv. <em>mystai<\/em>, s\u013euboval lep\u0161iu vyhliadku na osud po smrti. Hymnus na Demeter odvodzuje zalo\u017eenie tohto kultu od Demeterinho h\u013eadania dc\u00e9ry.<\/p><p>O presnom priebehu tajn\u00fdch ritu\u00e1lov sa vie m\u00e1lo, preto\u017ee zasv\u00e4ten\u00ed boli zaviazan\u00ed k ml\u010daniu a tento z\u00e1v\u00e4zok obdivuhodne d\u00f4sledne dodr\u017eiavali.<\/p><p>Ist\u00e9 je vonkaj\u0161ie usporiadanie: <span class=\"iwg-fachbegriff\" data-tooltip=\"Sl\u00e1vnostn\u00fd n\u00e1bo\u017eensk\u00fd sprievod.\" tabindex=\"0\">procesia<\/span> z At\u00e9n do Eleuz\u00edny po Sv\u00e4tej ceste, obdobia p\u00f4stu, osobitn\u00fd n\u00e1poj <em>kykeon<\/em> a no\u010dn\u00e9 sl\u00e1vnosti v Telesteriu, ve\u013ekej inicia\u010dnej sieni. V centre pravdepodobne st\u00e1lo predvedenie alebo znovupre\u017eitie osudu oboch boh\u00fd\u0148, od odl\u00fa\u010denia a\u017e po op\u00e4tovn\u00e9 zjednotenie.<\/p><p>B\u00e1danie sa u\u017e dlho zaober\u00e1 t\u00fdm, \u010do bolo zasv\u00e4ten\u00fdm v skuto\u010dnosti pris\u013e\u00faben\u00e9 a v \u010dom spo\u010d\u00edvala samotn\u00e1 sk\u00fasenos\u0165. <span class=\"iwg-fachbegriff\" data-tooltip=\"Epocha gr\u00e9ckej a r\u00edmskej kult\u00fary, pribli\u017ene od 800 pred Kr. do 600 po Kr.\" tabindex=\"0\">Antick\u00e9<\/span> svedectv\u00e1 od Pindara a\u017e po kres\u0165ansk\u00fdch autorov nazna\u010duj\u00fa, \u017ee myst\u00e9ri\u00e1 poskytovali \u00fatechu vo\u010di smrti.<\/p><p>N\u00e1vrat Persefony z podsvetia sl\u00fa\u017eil ako obraz n\u00e1deje, \u017ee aj \u013eudsk\u00e1 smr\u0165 nemus\u00ed by\u0165 posledn\u00fdm slovom.<\/p><p>D\u00f4le\u017eit\u00e9 je vecn\u00e9 kon\u0161tatovanie, \u017ee samotn\u00fd centr\u00e1lny dej obradu nepozn\u00e1me. V\u0161etky modern\u00e9 v\u00fdklady, od racionalistick\u00fdch a\u017e po tie, ktor\u00e9 predpokladaj\u00fa pr\u00edtomnos\u0165 rastlinnej psychoakt\u00edvnej l\u00e1tky v <em>kykeone<\/em>, zost\u00e1vaj\u00fa hypot\u00e9zami, ktor\u00e9 sa vyrovn\u00e1vaj\u00fa so z\u00e1merne medzernou pramennou situ\u00e1ciou.<\/p>\t\t\t\t\t\t\t\t<\/div>\n\t\t\t\t<\/div>\n\t\t\t\t\t<\/div>\n\t\t\t\t<\/div>\n\t\t<div class=\"elementor-element elementor-element-cp60fe985 e-flex e-con-boxed e-con e-parent\" data-id=\"cp60fe985\" data-element_type=\"container\" data-e-type=\"container\">\n\t\t\t\t\t<div class=\"e-con-inner\">\n\t\t\t\t<div class=\"elementor-element elementor-element-cp75c4864 elementor-widget elementor-widget-heading\" data-id=\"cp75c4864\" data-element_type=\"widget\" data-e-type=\"widget\" data-widget_type=\"heading.default\">\n\t\t\t\t\t<h2 class=\"elementor-heading-title elementor-size-default\">Ikonografia a kult na Sic\u00edlii a v juznom Taliansku<\/h2>\t\t\t\t<\/div>\n\t\t<div class=\"elementor-element elementor-element-cp2b58f9b e-con-full e-flex e-con e-child\" data-id=\"cp2b58f9b\" data-element_type=\"container\" data-e-type=\"container\">\n\t\t\t\t<div class=\"elementor-element elementor-element-cpbe4c059 elementor-widget elementor-widget-text-editor\" data-id=\"cpbe4c059\" data-element_type=\"widget\" data-e-type=\"widget\" data-widget_type=\"text-editor.default\">\n\t\t\t\t\t\t\t\t\t<p>Vo v\u00fdtvarnom umen\u00ed sa Persefona zobrazuje v dvoch z\u00e1kladn\u00fdch typoch. Ako K\u00f3re je to mladistv\u00e1 \u017eensk\u00e1 postava, \u010dasto s obiln\u00fdmi klasmi, fak\u013eou alebo kvetmi, len m\u00e1lo odl\u00ed\u0161ite\u013en\u00e1 od in\u00fdch mlad\u00fdch boh\u00fd\u0148.<\/p><p>Ako kr\u00e1\u013eovn\u00e1 podsvetia tr\u00f3ni po boku H\u00e1da, \u010dasto so \u017eezlom, niekedy s gran\u00e1tov\u00fdm jablkom ako atrib\u00fatom. V\u00e1zov\u00e9 ma\u013eby z 5. a 4. storo\u010dia pred Kr. opakovane zobrazuj\u00fa H\u00e1dov \u00fanos, voz, otvoren\u00fa zem a h\u013eadaj\u00facu Demeter.<\/p><p>Uctievanie bolo osobitne intenz\u00edvne na Sic\u00edlii a v gr\u00e9ckych mest\u00e1ch ju\u017enej It\u00e1lie. Sic\u00edlia sa pova\u017eovala za ob\u013e\u00faben\u00e9 dejisko \u00fanosu; oblas\u0165 okolo jazera Pergusa pri Enne bola identifikovan\u00e1 s kvetnatou l\u00fakou.<\/p><p>V Lokr\u00e1ch Epizef\u00fdrskych v Kal\u00e1brii sa na\u0161lo ve\u013ek\u00e9 mno\u017estvo hlinen\u00fdch tabuliek, tzv. pinakov, ktor\u00e9 zobrazuj\u00fa sc\u00e9ny z m\u00fdtu o Persefone a jej <span class=\"iwg-fachbegriff\" data-tooltip=\"S\u00fahrn n\u00e1bo\u017eensk\u00fdch \u00factov\u00fdch \u00fakonov vo\u010di bo\u017estvu alebo sv\u00e4tej postave.\" tabindex=\"0\">kultu<\/span>. Poskytuj\u00fa vz\u00e1cny poh\u013ead do predstavov\u00e9ho svetla miestnej obce a sp\u00e1jaj\u00fa Persefonu tam aj so svadbou a man\u017eelsk\u00fdm \u017eivotom.<\/p><p>V\u00fdznam Persefony v tomto regi\u00f3ne s\u00favis\u00ed s hospod\u00e1rskou \u0161trukt\u00farou. Sic\u00edlia bola jednou z ve\u013ek\u00fdch obiln\u00edc antick\u00e9ho svet, a bohy\u0148a zodpovedn\u00e1 za obilie a za oblas\u0165 pod zemou tu mala pevn\u00e9 miesto.<\/p><p>Cicero vo svojich re\u010diach proti Verrovi podrobne opisuje sl\u00e1vnu <span class=\"iwg-fachbegriff\" data-tooltip=\"Bohyni zasv\u00e4ten\u00e9 sv\u00e4t\u00e9 miesto \u00facty.\" tabindex=\"0\">sv\u00e4ty\u0148u<\/span> bohyne pri Enne a sv\u00e4tokr\u00e1de\u017e, ktor\u00fa na nej sp\u00e1chal r\u00edmsky guvern\u00e9r. Tak\u00e9to svedectv\u00e1 ukazuj\u00fa, \u017ee Persefona bola ove\u013ea viac ne\u017e postavou z po\u00e9zie: bola mocou, ktorej sv\u00e4tyne si v\u00e1\u017enos\u0165 a bohatstvo zachovali e\u0161te aj v r\u00edmskych \u010dasoch.<\/p>\t\t\t\t\t\t\t\t<\/div>\n\t\t\t\t<\/div>\n\t\t\t\t\t<\/div>\n\t\t\t\t<\/div>\n\t\t<div class=\"elementor-element elementor-element-36dd7469 e-flex e-con-boxed e-con e-parent\" data-id=\"36dd7469\" data-element_type=\"container\" data-e-type=\"container\">\n\t\t\t\t\t<div class=\"e-con-inner\">\n\t\t\t\t<div class=\"elementor-element elementor-element-13760ab4 elementor-widget elementor-widget-heading\" data-id=\"13760ab4\" data-element_type=\"widget\" data-e-type=\"widget\" data-widget_type=\"heading.default\">\n\t\t\t\t\t<h2 class=\"elementor-heading-title elementor-size-default\">S\u00favisiace odkazy<\/h2>\t\t\t\t<\/div>\n\t\t<div class=\"elementor-element elementor-element-28c87796 e-con-full e-flex e-con e-child\" data-id=\"28c87796\" data-element_type=\"container\" data-e-type=\"container\">\n\t\t\t\t<div class=\"elementor-element elementor-element-5d6538df elementor-widget elementor-widget-text-editor\" data-id=\"5d6538df\" data-element_type=\"widget\" data-e-type=\"widget\" data-widget_type=\"text-editor.default\">\n\t\t\t\t\t\t\t\t\t<ul><li><a href=\"https:\/\/iwell-guard.com\/sk\/?page_id=157779\">Demeter, matka<\/a><\/li><li><a href=\"https:\/\/iwell-guard.com\/sk\/?page_id=157708\">H\u00e1des, man\u017eel v podsvet\u00ed<\/a><\/li><li><a href=\"https:\/\/iwell-guard.com\/sk\/?page_id=157592\">Hekat\u00e9, spolo\u010dn\u00ed\u010dka v m\u00fdte<\/a><\/li><li><a href=\"https:\/\/iwell-guard.com\/sk\/?page_id=157750\">Proserpina, r\u00edmsky ekvivalent<\/a><\/li><li><a href=\"https:\/\/iwell-guard.com\/sk\/?page_id=157586\">Gr\u00e9cko, preh\u013ead pante\u00f3nu<\/a><\/li><li><a href=\"https:\/\/iwell-guard.com\/sk\/?page_id=157671\">Bohovia, preh\u013ead tried<\/a><\/li><\/ul>\t\t\t\t\t\t\t\t<\/div>\n\t\t\t\t<\/div>\n\t\t\t\t\t<\/div>\n\t\t\t\t<\/div>\n\t\t<div class=\"elementor-element elementor-element-grl4kl40 e-flex e-con-boxed e-con e-parent\" data-id=\"grl4kl40\" data-element_type=\"container\" data-e-type=\"container\">\n\t\t\t\t\t<div class=\"e-con-inner\">\n\t\t\t\t<div class=\"elementor-element elementor-element-bzsbfrmh elementor-widget elementor-widget-heading\" data-id=\"bzsbfrmh\" data-element_type=\"widget\" data-e-type=\"widget\" data-widget_type=\"heading.default\">\n\t\t\t\t\t<h2 class=\"elementor-heading-title elementor-size-default\">Zdroje a literat\u00fara<\/h2>\t\t\t\t<\/div>\n\t\t<div class=\"elementor-element elementor-element-2c13224a e-con-full e-flex e-con e-child\" data-id=\"2c13224a\" data-element_type=\"container\" data-e-type=\"container\">\n\t\t\t\t<div class=\"elementor-element elementor-element-0eymh9ub elementor-widget elementor-widget-text-editor\" data-id=\"0eymh9ub\" data-element_type=\"widget\" data-e-type=\"widget\" data-widget_type=\"text-editor.default\">\n\t\t\t\t\t\t\t\t\t<footer class=\"iwg-literatur\" data-nosnippet=\"true\"><ul><li><span data-nosnippet>Burkert, Walter: <em><span class=\"iwg-fachbegriff\" data-tooltip=\"Epocha gr\u00e9ckej a r\u00edmskej kult\u00fary, pribli\u017ene od 800 pred Kr. do 600 po Kr.\" tabindex=\"0\">Antick\u00e9<\/span> myst\u00e9ri\u00e1. Funkcie a obsah<\/em>. Mn\u00edchov 1990.<\/span><\/li><li><span data-nosnippet>Foley, Helene P.: <em>The Homeric Hymn to Demeter<\/em>. Princeton 1994.<\/span><\/li><li><span data-nosnippet>Clinton, Kevin: <em>Myth and Cult. The Iconography of the Eleusinian Mysteries<\/em>. Stockholm 1992.<\/span><\/li><li>Walde, Christine (Hg.): <em>Der Neue Pauly<\/em> (heslo \u201ePersephone\u201c).<\/li><li>Pausanias: <em>Beschreibung Griechenlands<\/em>, kniha I (Eleusis).<\/li><\/ul><\/footer>\n<p class=\"iwg-bib-more\"><span data-nosnippet>\u010eal\u0161ie \u0161tandardn\u00e9 diela v <a href=\"https:\/\/iwell-guard.com\/sk\/?page_id=157722\">zozname literat\u00fary<\/a>.<\/span><\/p>\t\t\t\t\t\t\t\t<\/div>\n\t\t\t\t<\/div>\n\t\t\t\t\t<\/div>\n\t\t\t\t<\/div>\n\t\t<div class=\"elementor-element elementor-element-iwgkw2-add-persephone e-flex e-con-boxed e-con e-parent\" data-id=\"iwgkw2-add-persephone\" data-element_type=\"container\" data-e-type=\"container\">\n\t\t\t\t\t<div class=\"e-con-inner\">\n\t\t\t\t<div class=\"elementor-element elementor-element-iwgkw2-add-persephone-t elementor-widget elementor-widget-text-editor\" data-id=\"iwgkw2-add-persephone-t\" data-element_type=\"widget\" data-e-type=\"widget\" data-widget_type=\"text-editor.default\">\n\t\t\t\t\t\t\t\t\t<p>V gr\u00e9ckej <em><span class=\"iwg-fachbegriff\" data-tooltip=\"S\u00fahrn tradovan\u00fdch rozpr\u00e1van\u00ed o bohoch danej kult\u00fary.\" tabindex=\"0\">mytol\u00f3gii<\/span><\/em> zosob\u0148uje Persefona premenu ro\u010dn\u00fdch obdob\u00ed: ako dc\u00e9ra Demeter a man\u017eelka H\u00e1da si rozde\u013euje rok medzi svet nad zemou a podsvetie a v eleuz\u00ednskych myst\u00e9ri\u00e1ch je uctievan\u00e1 ako K\u00f3re.<\/p>\t\t\t\t\t\t\t\t<\/div>\n\t\t\t\t\t<\/div>\n\t\t\t\t<\/div>\n\t\t<div class=\"elementor-element elementor-element-c678c54 e-con-boxed e-flex e-con e-parent\" data-id=\"c678c54\" data-element_type=\"container\" data-e-type=\"container\">\n\t\t\t\t\t<div class=\"e-con-inner\">\n\t\t\t\t<div class=\"elementor-element elementor-element-c343e0f elementor-widget elementor-widget-text-editor\" data-id=\"c343e0f\" data-element_type=\"widget\" data-e-type=\"widget\" data-widget_type=\"text-editor.default\">\n\t\t\t\t\t\t\t\t\t\n<h2>\u010casto kladen\u00e9 ot\u00e1zky o Persefone<\/h2>\n<div class=\"iwg-faq-q\"><h3>Kto je Persefona v gr\u00e9ckej <span class=\"iwg-fachbegriff\" data-tooltip=\"S\u00fahrn tradovan\u00fdch rozpr\u00e1van\u00ed o bohoch danej kult\u00fary.\" tabindex=\"0\">mytol\u00f3gii<\/span>?<\/h3><p>Persefona (r\u00edmsky Proserpina) je dc\u00e9ra Demeter (bohyne \u00farody) a Zeusa. \u00dastredn\u00fd <span class=\"iwg-fachbegriff\" data-tooltip=\"Tradovan\u00e9 rozpr\u00e1vanie o bohoch, p\u00f4vode a poriadku svet.\" tabindex=\"0\">m\u00fdtus<\/span>: Persefonu unesie H\u00e1des, vl\u00e1dca podsvetia. Demeter sm\u00fati tak silno, \u017ee zem vyschne.<\/p><p>Zeus vystupuje ako sprostredkovate\u013e, Persefona m\u00f4\u017ee dve tretiny roka str\u00e1vi\u0165 s matkou (jar, leto, jese\u0148), jednu tretinu ako kr\u00e1\u013eovn\u00e1 podsvetia (zima). Tento <span class=\"iwg-fachbegriff\" data-tooltip=\"Tradovan\u00e9 rozpr\u00e1vanie o bohoch, p\u00f4vode a poriadku svet.\" tabindex=\"0\">m\u00fdtus<\/span> je n\u00e1bo\u017eensk\u00fdm vysvetlen\u00edm ro\u010dn\u00e9ho cyklu a z\u00e1kladom Eleuz\u00ednskych myst\u00e9ri\u00ed.<\/p><\/div>\n<div class=\"iwg-faq-q\"><h3>\u010co boli Eleuz\u00ednske myst\u00e9ri\u00e1?<\/h3><p>Eleuz\u00ednske myst\u00e9ri\u00e1 boli najv\u00fdznamnej\u0161\u00edm myst\u00e9riov\u00fdm kultom antick\u00e9ho Gr\u00e9cka, praktizovan\u00fdm takmer dvetis\u00edc rokov (pribli\u017ene od 1500 pred Kr. do 392 po Kr.).<\/p><p>V <span class=\"iwg-fachbegriff\" data-tooltip=\"Bohyni zasv\u00e4ten\u00e9 sv\u00e4t\u00e9 miesto \u00facty.\" tabindex=\"0\">sv\u00e4tyni<\/span> v Eleuz\u00edne pri At\u00e9nach zasv\u00e4tenci za\u017e\u00edvali dr\u00e1mu Demeter a Persefony ako <span class=\"iwg-fachbegriff\" data-tooltip=\"Ritu\u00e1lny prechod, ktor\u00fdm je niekto prijat\u00fd do nov\u00e9ho stavu alebo spolo\u010denstva.\" tabindex=\"0\">inici\u00e1ciu<\/span>, ako pr\u00eds\u013eub, \u017ee ani smr\u0165 nie je koncom. Presn\u00e9 ritu\u00e1ly boli najstro\u017e\u0161ie tajomstvo (eleuz\u00ednska ml\u010danlivos\u0165). Medzi sl\u00e1vnych zasv\u00e4tencov patrili napr\u00edklad Sofokles, Plat\u00f3n, Cicero, Augustus a Marcus Aurelius.<\/p><\/div>\n<script type=\"application\/ld+json\">{\"@context\":\"https:\/\/schema.org\",\"@type\":\"FAQPage\",\"mainEntity\":[{\"@type\":\"Question\",\"name\":\"Kto je Persefona v gr\u00e9ckej mytol\u00f3gii?\",\"acceptedAnswer\":{\"@type\":\"Answer\",\"text\":\"Persefona (r\u00edmsky Proserpina) je dc\u00e9ra Demeter (bohyne \u00farody) a Zeusa. \u00dastredn\u00fd m\u00fdtus: Persefonu unesie H\u00e1des, vl\u00e1dca podsvetia. Demeter sm\u00fati tak silno, \u017ee zem vyschne.Zeus vystupuje ako sprostredkovate\u013e, Persefona m\u00f4\u017ee dve tretiny roka str\u00e1vi\u0165 s matkou (jar, leto, jese\u0148), jednu tretinu ako kr\u00e1\u013eovn\u00e1 podsvetia (zima). Tento m\u00fdtus je n\u00e1bo\u017eensk\u00fdm vysvetlen\u00edm ro\u010dn\u00e9ho cyklu a z\u00e1kladom Eleuz\u00ednskych myst\u00e9ri\u00ed.\"}},{\"@type\":\"Question\",\"name\":\"\u010co boli Eleuz\u00ednske myst\u00e9ri\u00e1?\",\"acceptedAnswer\":{\"@type\":\"Answer\",\"text\":\"Eleuz\u00ednske myst\u00e9ri\u00e1 boli najv\u00fdznamnej\u0161\u00edm myst\u00e9riov\u00fdm kultom antick\u00e9ho Gr\u00e9cka, praktizovan\u00fdm takmer dvetis\u00edc rokov (pribli\u017ene od 1500 pred Kr. do 392 po Kr.).V sv\u00e4tyni v Eleuz\u00edne pri At\u00e9nach zasv\u00e4tenci za\u017e\u00edvali dr\u00e1mu Demeter a Persefony ako inici\u00e1ciu, ako pr\u00eds\u013eub, \u017ee ani smr\u0165 nie je koncom. Presn\u00e9 ritu\u00e1ly boli najstro\u017e\u0161ie tajomstvo (eleuz\u00ednska ml\u010danlivos\u0165). Medzi sl\u00e1vnych zasv\u00e4tencov patrili napr\u00edklad Sofokles, Plat\u00f3n, Cicero, Augustus a Marcus Aurelius.\"}}]}<\/script>\t\t\t\t\t\t\t\t<\/div>\n\t\t\t\t\t<\/div>\n\t\t\t\t<\/div>\n\t\t\t\t<\/div>\n\t\t","protected":false},"excerpt":{"rendered":"","protected":false},"author":3,"featured_media":1725,"parent":0,"menu_order":0,"comment_status":"closed","ping_status":"closed","template":"elementor_header_footer","meta":{"_yoast_wpseo_focuskw":"Persefona","_yoast_wpseo_title":"Persefona \u2013 gr\u00e9cka bohy\u0148a podsvetia","_yoast_wpseo_metadesc":"Dc\u00e9ra Demeter, kr\u00e1\u013eovn\u00e1 podsvetia, gran\u00e1tov\u00e9 jablko a eleuz\u00ednske myst\u00e9ri\u00e1. Symbol smrti, znovuzrodenia a kolobehu ro\u010dn\u00fdch obdob\u00ed.","_yoast_wpseo_meta-robots-noindex":"","_yoast_wpseo_canonical":"","_angie_page":false,"gefaehrdungsstufe":"2","wesen_kultur":"griechenland","wesen_klasse":"goetter","footnotes":""},"categories":[],"class_list":["post-157742","page","type-page","status-publish","has-post-thumbnail","hentry"],"yoast_head":"<!-- This site is optimized with the Yoast SEO Premium plugin v27.7 (Yoast SEO v28.3) - https:\/\/yoast.com\/product\/yoast-seo-premium-wordpress\/ -->\n<title>Persefona \u2013 gr\u00e9cka bohy\u0148a podsvetia<\/title>\n<meta name=\"description\" content=\"Dc\u00e9ra Demeter, kr\u00e1\u013eovn\u00e1 podsvetia, gran\u00e1tov\u00e9 jablko a eleuz\u00ednske myst\u00e9ri\u00e1. Symbol smrti, znovuzrodenia a kolobehu ro\u010dn\u00fdch obdob\u00ed.\" \/>\n<meta name=\"robots\" content=\"index, follow, max-snippet:-1, max-image-preview:large, max-video-preview:-1\" \/>\n<link rel=\"canonical\" href=\"https:\/\/iwell-guard.com\/sk\/persefona\/\" \/>\n<meta property=\"og:locale\" content=\"sk_SK\" \/>\n<meta property=\"og:type\" content=\"article\" \/>\n<meta property=\"og:title\" content=\"Persefona\" \/>\n<meta property=\"og:description\" content=\"Dc\u00e9ra Demeter, kr\u00e1\u013eovn\u00e1 podsvetia, gran\u00e1tov\u00e9 jablko a eleuz\u00ednske myst\u00e9ri\u00e1. Symbol smrti, znovuzrodenia a kolobehu ro\u010dn\u00fdch obdob\u00ed.\" \/>\n<meta property=\"og:url\" content=\"https:\/\/iwell-guard.com\/sk\/persefona\/\" \/>\n<meta property=\"og:site_name\" content=\"iWell Guard\" \/>\n<meta property=\"article:modified_time\" content=\"2026-09-04T22:41:11+00:00\" \/>\n<meta property=\"og:image\" content=\"https:\/\/iwell-guard.com\/wp-content\/uploads\/2026\/04\/goetter_griechenland_persephone.webp\" \/>\n\t<meta property=\"og:image:width\" content=\"1024\" \/>\n\t<meta property=\"og:image:height\" content=\"1536\" \/>\n\t<meta property=\"og:image:type\" content=\"image\/webp\" \/>\n<meta name=\"twitter:card\" content=\"summary_large_image\" \/>\n<script type=\"application\/ld+json\" class=\"yoast-schema-graph\">{\"@context\":\"https:\\\/\\\/schema.org\",\"@graph\":[{\"@type\":\"WebPage\",\"@id\":\"https:\\\/\\\/iwell-guard.com\\\/sk\\\/persefona\\\/\",\"url\":\"https:\\\/\\\/iwell-guard.com\\\/sk\\\/persefona\\\/\",\"name\":\"Persefona \u2013 gr\u00e9cka bohy\u0148a podsvetia\",\"isPartOf\":{\"@id\":\"https:\\\/\\\/iwell-guard.com\\\/sk\\\/#website\"},\"primaryImageOfPage\":{\"@id\":\"https:\\\/\\\/iwell-guard.com\\\/sk\\\/persefona\\\/#primaryimage\"},\"image\":{\"@id\":\"https:\\\/\\\/iwell-guard.com\\\/sk\\\/persefona\\\/#primaryimage\"},\"thumbnailUrl\":\"https:\\\/\\\/iwell-guard.com\\\/wp-content\\\/uploads\\\/2026\\\/04\\\/goetter_griechenland_persephone.webp\",\"datePublished\":\"2026-09-04T22:16:58+00:00\",\"dateModified\":\"2026-09-04T22:41:11+00:00\",\"description\":\"Dc\u00e9ra Demeter, kr\u00e1\u013eovn\u00e1 podsvetia, gran\u00e1tov\u00e9 jablko a eleuz\u00ednske myst\u00e9ri\u00e1. Symbol smrti, znovuzrodenia a kolobehu ro\u010dn\u00fdch obdob\u00ed.\",\"breadcrumb\":{\"@id\":\"https:\\\/\\\/iwell-guard.com\\\/sk\\\/persefona\\\/#breadcrumb\"},\"inLanguage\":\"sk-SK\",\"potentialAction\":[{\"@type\":\"ReadAction\",\"target\":[\"https:\\\/\\\/iwell-guard.com\\\/sk\\\/persefona\\\/\"]}]},{\"@type\":\"ImageObject\",\"inLanguage\":\"sk-SK\",\"@id\":\"https:\\\/\\\/iwell-guard.com\\\/sk\\\/persefona\\\/#primaryimage\",\"url\":\"https:\\\/\\\/iwell-guard.com\\\/wp-content\\\/uploads\\\/2026\\\/04\\\/goetter_griechenland_persephone.webp\",\"contentUrl\":\"https:\\\/\\\/iwell-guard.com\\\/wp-content\\\/uploads\\\/2026\\\/04\\\/goetter_griechenland_persephone.webp\",\"width\":1024,\"height\":1536,\"caption\":\"Bohovia z gr\u00e9ckej trad\u00edcie.\"},{\"@type\":\"BreadcrumbList\",\"@id\":\"https:\\\/\\\/iwell-guard.com\\\/sk\\\/persefona\\\/#breadcrumb\",\"itemListElement\":[{\"@type\":\"ListItem\",\"position\":1,\"name\":\"Start\",\"item\":\"https:\\\/\\\/iwell-guard.com\\\/sk\\\/?page_id=157572\"},{\"@type\":\"ListItem\",\"position\":2,\"name\":\"Persefona\"}]},{\"@type\":\"WebSite\",\"@id\":\"https:\\\/\\\/iwell-guard.com\\\/sk\\\/#website\",\"url\":\"https:\\\/\\\/iwell-guard.com\\\/sk\\\/\",\"name\":\"iWell Guard\",\"description\":\"Schutz vor dunklen Einfl\u00fcssen\",\"publisher\":{\"@id\":\"https:\\\/\\\/iwell-guard.com\\\/sk\\\/#organization\"},\"potentialAction\":[{\"@type\":\"SearchAction\",\"target\":{\"@type\":\"EntryPoint\",\"urlTemplate\":\"https:\\\/\\\/iwell-guard.com\\\/sk\\\/?s={search_term_string}\"},\"query-input\":{\"@type\":\"PropertyValueSpecification\",\"valueRequired\":true,\"valueName\":\"search_term_string\"}}],\"inLanguage\":\"sk-SK\"},{\"@type\":\"Organization\",\"@id\":\"https:\\\/\\\/iwell-guard.com\\\/sk\\\/#organization\",\"name\":\"Ittermann electronic GmbH\",\"url\":\"https:\\\/\\\/iwell-guard.com\\\/sk\\\/\",\"logo\":{\"@type\":\"ImageObject\",\"inLanguage\":\"sk-SK\",\"@id\":\"https:\\\/\\\/iwell-guard.com\\\/sk\\\/#\\\/schema\\\/logo\\\/image\\\/\",\"url\":\"https:\\\/\\\/iwell-guard.com\\\/wp-content\\\/uploads\\\/2026\\\/05\\\/Ittermann-Logo-1182x237-1.png\",\"contentUrl\":\"https:\\\/\\\/iwell-guard.com\\\/wp-content\\\/uploads\\\/2026\\\/05\\\/Ittermann-Logo-1182x237-1.png\",\"width\":1182,\"height\":237,\"caption\":\"Ittermann electronic GmbH\"},\"image\":{\"@id\":\"https:\\\/\\\/iwell-guard.com\\\/sk\\\/#\\\/schema\\\/logo\\\/image\\\/\"},\"sameAs\":[\"https:\\\/\\\/pantip.com\\\/profile\\\/9367242\",\"https:\\\/\\\/micro.blog\\\/iwellguard\",\"https:\\\/\\\/www.diggerslist.com\\\/iwellguard\\\/about\",\"https:\\\/\\\/skitterphoto.com\\\/photographers\\\/2870314\\\/iwell-guard\",\"https:\\\/\\\/iwellguard.wordpress.com\\\/2026\\\/06\\\/06\\\/iwell-guard\\\/\",\"https:\\\/\\\/hub.docker.com\\\/u\\\/iwellguard\",\"https:\\\/\\\/www.pinterest.com\\\/iwellguard\\\/\",\"https:\\\/\\\/bit.ly\\\/m\\\/iwellguard\",\"https:\\\/\\\/entre-vos-mains.alsace.eu\\\/profiles\\\/iwellguard\\\/activity\",\"https:\\\/\\\/gravatar.com\\\/reallybeded8fd34\",\"https:\\\/\\\/naijamatta.com\\\/iwellguard\",\"https:\\\/\\\/www.goodreads.com\\\/iwellguard\",\"https:\\\/\\\/profile.hatena.ne.jp\\\/iwellguard\\\/\",\"https:\\\/\\\/experiment.com\\\/users\\\/iwellguard\",\"https:\\\/\\\/wakelet.com\\\/@iWellGuard82270\",\"https:\\\/\\\/www.chordie.com\\\/forum\\\/profile.php?id=2555664\",\"https:\\\/\\\/www.instapaper.com\\\/p\\\/17757966\",\"https:\\\/\\\/www.mapleprimes.com\\\/users\\\/iwellguard\",\"https:\\\/\\\/businesslistingplus.com\\\/profile\\\/iwell-guard\\\/\",\"https:\\\/\\\/telegra.ph\\\/iWell-Guard-06-06\",\"https:\\\/\\\/pbase.com\\\/iwellguard\\\/iwellguard\",\"https:\\\/\\\/b.hatena.ne.jp\\\/iwellguard\\\/20260607#bookmark-4788405196491818882\",\"https:\\\/\\\/fliphtml5.com\\\/home\\\/iwellguard\",\"https:\\\/\\\/anyflip.com\\\/homepage\\\/cmiwl#About\",\"https:\\\/\\\/transfur.com\\\/Users\\\/iwellguard\",\"http:\\\/\\\/delphi.larsbo.org\\\/user\\\/iwellguard\",\"https:\\\/\\\/jobs.lajobsportal.org\\\/profiles\\\/8380803-iwell-guard\",\"https:\\\/\\\/md.chaosdorf.de\\\/s\\\/jfbe5SBdJD\",\"https:\\\/\\\/www.lingvolive.com\\\/en-us\\\/profile\\\/9ecaeaca-ce11-4e51-9e71-01d55e2bff36\\\/translations\",\"https:\\\/\\\/www.fitday.com\\\/fitness\\\/forums\\\/members\\\/iwellguard.html\",\"https:\\\/\\\/www.mymeetbook.com\\\/iwellguard\",\"https:\\\/\\\/pxhere.com\\\/en\\\/photographer-me\\\/5040798\",\"https:\\\/\\\/disqus.com\\\/by\\\/iwellguard\\\/about\\\/\",\"https:\\\/\\\/pastelink.net\\\/hjwciqwq\",\"https:\\\/\\\/pubhtml5.com\\\/homepage\\\/scjhn\\\/\",\"https:\\\/\\\/www.bitchute.com\\\/channel\\\/2O2eOKzNqujT\",\"https:\\\/\\\/audiomack.com\\\/iwellguard\"]},{\"@type\":\"Article\",\"@id\":\"https:\\\/\\\/iwell-guard.com\\\/sk\\\/persefona\\\/#article\",\"isPartOf\":{\"@id\":\"https:\\\/\\\/iwell-guard.com\\\/sk\\\/persefona\\\/\"},\"author\":{\"name\":\"Ralf Ittermann\",\"@id\":\"https:\\\/\\\/iwell-guard.com\\\/sk\\\/#\\\/schema\\\/person\\\/ee2a27f1cac3406c7c6fb5820cb7349f\"},\"headline\":\"Persefona\",\"datePublished\":\"2026-09-04T22:16:58+00:00\",\"dateModified\":\"2026-09-04T22:41:11+00:00\",\"mainEntityOfPage\":{\"@id\":\"https:\\\/\\\/iwell-guard.com\\\/sk\\\/persefona\\\/\"},\"publisher\":{\"@id\":\"https:\\\/\\\/iwell-guard.com\\\/sk\\\/#organization\"},\"image\":{\"@id\":\"https:\\\/\\\/iwell-guard.com\\\/sk\\\/persefona\\\/#primaryimage\"},\"thumbnailUrl\":\"https:\\\/\\\/iwell-guard.com\\\/wp-content\\\/uploads\\\/2026\\\/04\\\/goetter_griechenland_persephone.webp\",\"inLanguage\":\"sk-SK\",\"description\":\"Dc\u00e9ra Demeter, kr\u00e1\u013eovn\u00e1 podsvetia, gran\u00e1tov\u00e9 jablko a eleuz\u00ednske myst\u00e9ri\u00e1. Symbol smrti, znovuzrodenia a kolobehu ro\u010dn\u00fdch obdob\u00ed.\"}]}<\/script>\n<!-- \/ Yoast SEO Premium plugin. -->","yoast_head_json":{"title":"Persefona \u2013 gr\u00e9cka bohy\u0148a podsvetia","description":"Dc\u00e9ra Demeter, kr\u00e1\u013eovn\u00e1 podsvetia, gran\u00e1tov\u00e9 jablko a eleuz\u00ednske myst\u00e9ri\u00e1. Symbol smrti, znovuzrodenia a kolobehu ro\u010dn\u00fdch obdob\u00ed.","robots":{"index":"index","follow":"follow","max-snippet":"max-snippet:-1","max-image-preview":"max-image-preview:large","max-video-preview":"max-video-preview:-1"},"canonical":"https:\/\/iwell-guard.com\/sk\/persefona\/","og_locale":"sk_SK","og_type":"article","og_title":"Persefona","og_description":"Dc\u00e9ra Demeter, kr\u00e1\u013eovn\u00e1 podsvetia, gran\u00e1tov\u00e9 jablko a eleuz\u00ednske myst\u00e9ri\u00e1. Symbol smrti, znovuzrodenia a kolobehu ro\u010dn\u00fdch obdob\u00ed.","og_url":"https:\/\/iwell-guard.com\/sk\/persefona\/","og_site_name":"iWell Guard","article_modified_time":"2026-09-04T22:41:11+00:00","og_image":[{"width":1024,"height":1536,"url":"https:\/\/iwell-guard.com\/wp-content\/uploads\/2026\/04\/goetter_griechenland_persephone.webp","type":"image\/webp"}],"twitter_card":"summary_large_image","schema":{"@context":"https:\/\/schema.org","@graph":[{"@type":"Article","@id":"https:\/\/iwell-guard.com\/sk\/persefona\/#article","isPartOf":{"@id":"https:\/\/iwell-guard.com\/sk\/persefona\/"},"author":{"name":"Ralf Ittermann","@id":"https:\/\/iwell-guard.com\/sk\/#\/schema\/person\/ee2a27f1cac3406c7c6fb5820cb7349f"},"headline":"Persefona","datePublished":"2026-09-04T22:16:58+00:00","dateModified":"2026-09-04T22:41:11+00:00","mainEntityOfPage":{"@id":"https:\/\/iwell-guard.com\/sk\/persefona\/"},"publisher":{"@id":"https:\/\/iwell-guard.com\/sk\/#organization"},"image":{"@id":"https:\/\/iwell-guard.com\/sk\/persefona\/#primaryimage"},"thumbnailUrl":"https:\/\/iwell-guard.com\/wp-content\/uploads\/2026\/04\/goetter_griechenland_persephone.webp","inLanguage":"sk-SK","description":"Dc\u00e9ra Demeter, kr\u00e1\u013eovn\u00e1 podsvetia, gran\u00e1tov\u00e9 jablko a eleuz\u00ednske myst\u00e9ri\u00e1. Symbol smrti, znovuzrodenia a kolobehu ro\u010dn\u00fdch obdob\u00ed."},{"@type":"WebPage","@id":"https:\/\/iwell-guard.com\/sk\/persefona\/","url":"https:\/\/iwell-guard.com\/sk\/persefona\/","name":"Persefona \u2013 gr\u00e9cka bohy\u0148a podsvetia","isPartOf":{"@id":"https:\/\/iwell-guard.com\/sk\/#website"},"primaryImageOfPage":{"@id":"https:\/\/iwell-guard.com\/sk\/persefona\/#primaryimage"},"image":{"@id":"https:\/\/iwell-guard.com\/sk\/persefona\/#primaryimage"},"thumbnailUrl":"https:\/\/iwell-guard.com\/wp-content\/uploads\/2026\/04\/goetter_griechenland_persephone.webp","datePublished":"2026-09-04T22:16:58+00:00","dateModified":"2026-09-04T22:41:11+00:00","description":"Dc\u00e9ra Demeter, kr\u00e1\u013eovn\u00e1 podsvetia, gran\u00e1tov\u00e9 jablko a eleuz\u00ednske myst\u00e9ri\u00e1. Symbol smrti, znovuzrodenia a kolobehu ro\u010dn\u00fdch obdob\u00ed.","breadcrumb":{"@id":"https:\/\/iwell-guard.com\/sk\/persefona\/#breadcrumb"},"inLanguage":"sk-SK","potentialAction":[{"@type":"ReadAction","target":["https:\/\/iwell-guard.com\/sk\/persefona\/"]}]},{"@type":"ImageObject","inLanguage":"sk-SK","@id":"https:\/\/iwell-guard.com\/sk\/persefona\/#primaryimage","url":"https:\/\/iwell-guard.com\/wp-content\/uploads\/2026\/04\/goetter_griechenland_persephone.webp","contentUrl":"https:\/\/iwell-guard.com\/wp-content\/uploads\/2026\/04\/goetter_griechenland_persephone.webp","width":1024,"height":1536,"caption":"Bohovia z gr\u00e9ckej trad\u00edcie."},{"@type":"BreadcrumbList","@id":"https:\/\/iwell-guard.com\/sk\/persefona\/#breadcrumb","itemListElement":[{"@type":"ListItem","position":1,"name":"Start","item":"https:\/\/iwell-guard.com\/sk\/?page_id=157572"},{"@type":"ListItem","position":2,"name":"Persefona"}]},{"@type":"WebSite","@id":"https:\/\/iwell-guard.com\/sk\/#website","url":"https:\/\/iwell-guard.com\/sk\/","name":"iWell Guard","description":"Schutz vor dunklen Einfl\u00fcssen","publisher":{"@id":"https:\/\/iwell-guard.com\/sk\/#organization"},"potentialAction":[{"@type":"SearchAction","target":{"@type":"EntryPoint","urlTemplate":"https:\/\/iwell-guard.com\/sk\/?s={search_term_string}"},"query-input":{"@type":"PropertyValueSpecification","valueRequired":true,"valueName":"search_term_string"}}],"inLanguage":"sk-SK"},{"@type":"Organization","@id":"https:\/\/iwell-guard.com\/sk\/#organization","name":"Ittermann electronic GmbH","url":"https:\/\/iwell-guard.com\/sk\/","logo":{"@type":"ImageObject","inLanguage":"sk-SK","@id":"https:\/\/iwell-guard.com\/sk\/#\/schema\/logo\/image\/","url":"https:\/\/iwell-guard.com\/wp-content\/uploads\/2026\/05\/Ittermann-Logo-1182x237-1.png","contentUrl":"https:\/\/iwell-guard.com\/wp-content\/uploads\/2026\/05\/Ittermann-Logo-1182x237-1.png","width":1182,"height":237,"caption":"Ittermann electronic GmbH"},"image":{"@id":"https:\/\/iwell-guard.com\/sk\/#\/schema\/logo\/image\/"},"sameAs":["https:\/\/pantip.com\/profile\/9367242","https:\/\/micro.blog\/iwellguard","https:\/\/www.diggerslist.com\/iwellguard\/about","https:\/\/skitterphoto.com\/photographers\/2870314\/iwell-guard","https:\/\/iwellguard.wordpress.com\/2026\/06\/06\/iwell-guard\/","https:\/\/hub.docker.com\/u\/iwellguard","https:\/\/www.pinterest.com\/iwellguard\/","https:\/\/bit.ly\/m\/iwellguard","https:\/\/entre-vos-mains.alsace.eu\/profiles\/iwellguard\/activity","https:\/\/gravatar.com\/reallybeded8fd34","https:\/\/naijamatta.com\/iwellguard","https:\/\/www.goodreads.com\/iwellguard","https:\/\/profile.hatena.ne.jp\/iwellguard\/","https:\/\/experiment.com\/users\/iwellguard","https:\/\/wakelet.com\/@iWellGuard82270","https:\/\/www.chordie.com\/forum\/profile.php?id=2555664","https:\/\/www.instapaper.com\/p\/17757966","https:\/\/www.mapleprimes.com\/users\/iwellguard","https:\/\/businesslistingplus.com\/profile\/iwell-guard\/","https:\/\/telegra.ph\/iWell-Guard-06-06","https:\/\/pbase.com\/iwellguard\/iwellguard","https:\/\/b.hatena.ne.jp\/iwellguard\/20260607#bookmark-4788405196491818882","https:\/\/fliphtml5.com\/home\/iwellguard","https:\/\/anyflip.com\/homepage\/cmiwl#About","https:\/\/transfur.com\/Users\/iwellguard","http:\/\/delphi.larsbo.org\/user\/iwellguard","https:\/\/jobs.lajobsportal.org\/profiles\/8380803-iwell-guard","https:\/\/md.chaosdorf.de\/s\/jfbe5SBdJD","https:\/\/www.lingvolive.com\/en-us\/profile\/9ecaeaca-ce11-4e51-9e71-01d55e2bff36\/translations","https:\/\/www.fitday.com\/fitness\/forums\/members\/iwellguard.html","https:\/\/www.mymeetbook.com\/iwellguard","https:\/\/pxhere.com\/en\/photographer-me\/5040798","https:\/\/disqus.com\/by\/iwellguard\/about\/","https:\/\/pastelink.net\/hjwciqwq","https:\/\/pubhtml5.com\/homepage\/scjhn\/","https:\/\/www.bitchute.com\/channel\/2O2eOKzNqujT","https:\/\/audiomack.com\/iwellguard"]},{"@type":"Person","@id":"https:\/\/iwell-guard.com\/sk\/#\/schema\/person\/ee2a27f1cac3406c7c6fb5820cb7349f","name":"Ralf Ittermann","image":{"@type":"ImageObject","inLanguage":"sk-SK","@id":"https:\/\/secure.gravatar.com\/avatar\/073c0153e350a5005b68eb752b445fea71f6b24a26da9449ad7e155e6b446c9d?s=96&d=mm&r=g","url":"https:\/\/secure.gravatar.com\/avatar\/073c0153e350a5005b68eb752b445fea71f6b24a26da9449ad7e155e6b446c9d?s=96&d=mm&r=g","contentUrl":"https:\/\/secure.gravatar.com\/avatar\/073c0153e350a5005b68eb752b445fea71f6b24a26da9449ad7e155e6b446c9d?s=96&d=mm&r=g","caption":"Ralf Ittermann"},"givenName":"Ralf","familyName":"Ittermann","jobTitle":"Gesch\u00e4ftsf\u00fchrer und redaktioneller Verantwortlicher","url":"https:\/\/iwell-guard.com\/sk\/author\/claude\/","description":"Ralf Ittermann ist Gesch\u00e4ftsf\u00fchrer der Ittermann electronic GmbH und redaktioneller Verantwortlicher des iWell-Guard-Lexikons. Er verbindet langj\u00e4hrige Erfahrung in der Pr\u00e4zisionsfertigung mit medialer Praxis und religionsgeschichtlicher Quellenarbeit.","worksFor":{"@type":"Organization","name":"Ittermann electronic GmbH","url":"https:\/\/ittermann.de\/","address":{"@type":"PostalAddress","streetAddress":"K\u00f6hlergasse 16-18","postalCode":"99842","addressLocality":"Ruhla","addressCountry":"DE"}},"knowsAbout":["Religionsgeschichte","Mythologie","Mediale Praxis","Energetische Diagnostik","Schutzpraxis","Volksglauben","Westliche Esoterik"]},{"@type":"Article","@id":"https:\/\/iwell-guard.com\/sk\/persefona\/#article","isPartOf":{"@id":"https:\/\/iwell-guard.com\/sk\/persefona\/"},"author":{"name":"Ralf Ittermann","@id":"https:\/\/iwell-guard.com\/sk\/#\/schema\/person\/ee2a27f1cac3406c7c6fb5820cb7349f"},"headline":"Persefona","datePublished":"2026-09-04T22:16:58+00:00","dateModified":"2026-09-04T22:41:11+00:00","mainEntityOfPage":{"@id":"https:\/\/iwell-guard.com\/sk\/persefona\/"},"publisher":{"@id":"https:\/\/iwell-guard.com\/sk\/#organization"},"image":{"@id":"https:\/\/iwell-guard.com\/sk\/persefona\/#primaryimage"},"thumbnailUrl":"https:\/\/iwell-guard.com\/wp-content\/uploads\/2026\/04\/goetter_griechenland_persephone.webp","inLanguage":"sk-SK","description":"Dc\u00e9ra Demeter, kr\u00e1\u013eovn\u00e1 podsvetia, gran\u00e1tov\u00e9 jablko a eleuz\u00ednske myst\u00e9ri\u00e1. Symbol smrti, znovuzrodenia a kolobehu ro\u010dn\u00fdch obdob\u00ed."}]}},"_links":{"self":[{"href":"https:\/\/iwell-guard.com\/sk\/wp-json\/wp\/v2\/pages\/157742","targetHints":{"allow":["GET"]}}],"collection":[{"href":"https:\/\/iwell-guard.com\/sk\/wp-json\/wp\/v2\/pages"}],"about":[{"href":"https:\/\/iwell-guard.com\/sk\/wp-json\/wp\/v2\/types\/page"}],"author":[{"embeddable":true,"href":"https:\/\/iwell-guard.com\/sk\/wp-json\/wp\/v2\/users\/3"}],"replies":[{"embeddable":true,"href":"https:\/\/iwell-guard.com\/sk\/wp-json\/wp\/v2\/comments?post=157742"}],"version-history":[{"count":0,"href":"https:\/\/iwell-guard.com\/sk\/wp-json\/wp\/v2\/pages\/157742\/revisions"}],"wp:featuredmedia":[{"embeddable":true,"href":"https:\/\/iwell-guard.com\/sk\/wp-json\/wp\/v2\/media\/1725"}],"wp:attachment":[{"href":"https:\/\/iwell-guard.com\/sk\/wp-json\/wp\/v2\/media?parent=157742"}],"wp:term":[{"taxonomy":"category","embeddable":true,"href":"https:\/\/iwell-guard.com\/sk\/wp-json\/wp\/v2\/categories?post=157742"}],"curies":[{"name":"wp","href":"https:\/\/api.w.org\/{rel}","templated":true}]}}