{"id":157681,"date":"2026-09-04T22:16:20","date_gmt":"2026-09-04T22:16:20","guid":{"rendered":"https:\/\/iwell-guard.com\/?page_id=157681"},"modified":"2026-09-04T22:39:32","modified_gmt":"2026-09-04T22:39:32","slug":"archanjel-rafael","status":"publish","type":"page","link":"https:\/\/iwell-guard.com\/sk\/archanjel-rafael\/","title":{"rendered":"Archanjel Rafael"},"content":{"rendered":"\t\t<div data-elementor-type=\"wp-page\" data-elementor-id=\"157681\" class=\"elementor elementor-157681 elementor-1802 elementor-bc-flex-widget\" data-elementor-post-type=\"page\">\n\t\t\t\t<div class=\"elementor-element elementor-element-10fdade e-flex e-con-boxed e-con e-parent\" data-id=\"10fdade\" data-element_type=\"container\" data-e-type=\"container\" data-settings=\"{&quot;background_background&quot;:&quot;classic&quot;}\">\n\t\t\t\t\t<div class=\"e-con-inner\">\n\t\t<div class=\"elementor-element elementor-element-herohlft0 e-flex e-con-boxed e-con e-child\" data-id=\"herohlft0\" data-element_type=\"container\" data-e-type=\"container\">\n\t\t\t\t\t<div class=\"e-con-inner\">\n\t\t<div class=\"elementor-element elementor-element-c3ceb64 e-con-full e-flex e-con e-child\" data-id=\"c3ceb64\" data-element_type=\"container\" data-e-type=\"container\">\n\t\t\t\t<div class=\"elementor-element elementor-element-96ae5e1 elementor-widget elementor-widget-heading\" data-id=\"96ae5e1\" data-element_type=\"widget\" data-e-type=\"widget\" data-widget_type=\"heading.default\">\n\t\t\t\t\t<h1 class=\"elementor-heading-title elementor-size-default\">Archanjel Rafael, sveteln\u00e1 bytos\u0165<\/h1>\t\t\t\t<\/div>\n\t\t\t\t<div class=\"elementor-element elementor-element-e45238a elementor-widget elementor-widget-text-editor\" data-id=\"e45238a\" data-element_type=\"widget\" data-e-type=\"widget\" data-widget_type=\"text-editor.default\">\n\t\t\t\t\t\t\t\t\t<p>Anjel lie\u010denia a patr\u00f3n cestuj\u00facich v judaisticko-kres\u0165ansko-islamskej trad\u00edcii. Zn\u00e1my z Knihy Tobi\u00e1\u0161.<\/p><p>T\u00e1to str\u00e1nka zara\u010fuje archanjela Rafaela ako koncept svetelnej bytosti.<\/p>\n<h2 id=\"dif-raphael\">\u0160pecifikum Rafaela: lie\u010dite\u013e a spolo\u010dn\u00edk na cest\u00e1ch<\/h2>\n<p>Rafaelovou hlavnou sc\u00e9nou je <strong>Kniha Tobi\u00e1\u0161<\/strong> (Tob 3,17; 5,4-22; 12,15). Sprev\u00e1dza tam mlad\u00e9ho Tobi\u00e1\u0161a na ceste do Ekbatany, pom\u00e1ha pri love r\u00fdb na rieke Tigris, d\u00e1va lie\u010div\u00fd <strong>\u017el\u010dov\u00fd prostriedok<\/strong> proti <span class=\"iwg-fachbegriff\" data-tooltip=\"Duchovn\u00e1 bytos\u0165, ktorej sa pripisuje \u0161kodliv\u00e9 alebo protire\u010div\u00e9 p\u00f4sobenie.\" tabindex=\"0\">d\u00e9monovi<\/span> Asmodeovi a nakoniec ho vyh\u00e1\u0148a. Jeho meno <em>r\u0101ph\u0101\u02be\u0113l<\/em> znamen\u00e1 \u201eBoh lie\u010di\u201c.<\/p><p>V rab\u00ednskej literat\u00fare je pova\u017eovan\u00fd za jedn\u00e9ho zo \u0161tyroch archanjelov tr\u00f3nu, v kres\u0165anskej <span class=\"iwg-fachbegriff\" data-tooltip=\"Pevne ust\u00e1len\u00fd poriadok bohoslu\u017eby n\u00e1bo\u017eensk\u00e9ho spolo\u010denstva.\" tabindex=\"0\">liturgii<\/span> za <strong>patr\u00f3na cestuj\u00facich, lek\u00e1rnikov a lie\u010dite\u013eov<\/strong>. Jeho atrib\u00fatmi s\u00fa <strong>palica a ryba<\/strong>, jeho sviatok pripad\u00e1 na 29. septembra.<\/p><p>V ikonografii renesancie (Botticelli, Verrocchio) sa zjavuje ako mlad\u00fd p\u00fatnik s Tobi\u00e1\u0161om po svojej strane. Terapeutick\u00e9 <span class=\"iwg-fachbegriff\" data-tooltip=\"Prosebn\u00e9 alebo zakl\u00ednacie oslovenie bo\u017estva \u010di moci.\" tabindex=\"0\">vz\u00fdvanie<\/span> v pr\u00edpade choroby je jeho najzn\u00e1mej\u0161ou devo\u010dnou funkciou.<\/p>\n\t\t\t\t\t\t\t\t<\/div>\n\t\t\t\t<\/div>\n\t\t<div class=\"elementor-element elementor-element-klsbdg01 e-con-full e-flex e-con e-parent\" data-id=\"klsbdg01\" data-element_type=\"container\" data-e-type=\"container\">\n\t\t\t\t<div class=\"elementor-element elementor-element-klshtm01 elementor-widget elementor-widget-html\" data-id=\"klshtm01\" data-element_type=\"widget\" data-e-type=\"widget\" data-widget_type=\"html.default\">\n\t\t\t\t\t<div class=\"iwg-pill-row\"><span class=\"iwg-klasse-badge\" tabindex=\"0\" data-tooltip=\"Sveteln\u00e9 bytosti: Osvieten\u00e9, ochrann\u00e9 alebo u\u010diace bytosti, archanjeli, majstri vzostupu, sveteln\u00e9 pr\u00edrodn\u00e9 bytosti. V novodob\u00fdch i star\u0161\u00edch duchovn\u00fdch trad\u00edci\u00e1ch popisovan\u00e9 ako pomocn\u00edci a u\u010ditelia.\">Sveteln\u00e1 bytos\u0165<\/span><a href=\"https:\/\/iwell-guard.com\/sk\/?page_id=157588\" class=\"iwg-kultur-badge\" tabindex=\"0\" data-tooltip=\"\u017didovsk\u00e1 n\u00e1bo\u017eensk\u00e1 trad\u00edcia od Tanachu po kabalu a novodob\u00fa mystiku.\">Judaizmus<\/a><span class=\"iwg-tradition-badge\" tabindex=\"0\" data-tooltip=\"Archanjeli, najvy\u0161\u0161ia trieda anjelov v \u017eidovskej, kres\u0165anskej a islamskej trad\u00edcii.\">Archanjeli<\/span><\/div>\t\t\t\t<\/div>\n\t\t\t\t<\/div>\n\t\t<div class=\"elementor-element elementor-element-3f74855 e-con-full e-flex e-con e-child\" data-id=\"3f74855\" data-element_type=\"container\" data-e-type=\"container\">\n\t\t\t\t<div class=\"elementor-element elementor-element-1c30362 elementor-toc--minimized-on-tablet elementor-widget elementor-widget-table-of-contents\" data-id=\"1c30362\" data-element_type=\"widget\" data-e-type=\"widget\" data-settings=\"{&quot;exclude_headings_by_selector&quot;:[],&quot;no_headings_message&quot;:&quot;Na tejto str\\u00e1nke sa nena\\u0161li \\u017eiadne nadpisy.&quot;,&quot;headings_by_tags&quot;:[&quot;h2&quot;,&quot;h3&quot;],&quot;marker_view&quot;:&quot;bullets&quot;,&quot;minimize_box&quot;:&quot;yes&quot;,&quot;icon&quot;:{&quot;value&quot;:&quot;fas fa-circle&quot;,&quot;library&quot;:&quot;fa-solid&quot;,&quot;rendered_tag&quot;:&quot;&lt;svg class=\\&quot;e-font-icon-svg e-fas-circle\\&quot; viewBox=\\&quot;0 0 512 512\\&quot; xmlns=\\&quot;http:\\\/\\\/www.w3.org\\\/2000\\\/svg\\&quot;&gt;&lt;path d=\\&quot;M256 8C119 8 8 119 8 256s111 248 248 248 248-111 248-248S393 8 256 8z\\&quot;&gt;&lt;\\\/path&gt;&lt;\\\/svg&gt;&quot;},&quot;minimized_on&quot;:&quot;tablet&quot;,&quot;hierarchical_view&quot;:&quot;yes&quot;,&quot;min_height&quot;:{&quot;unit&quot;:&quot;px&quot;,&quot;size&quot;:&quot;&quot;,&quot;sizes&quot;:[]},&quot;min_height_tablet&quot;:{&quot;unit&quot;:&quot;px&quot;,&quot;size&quot;:&quot;&quot;,&quot;sizes&quot;:[]},&quot;min_height_mobile&quot;:{&quot;unit&quot;:&quot;px&quot;,&quot;size&quot;:&quot;&quot;,&quot;sizes&quot;:[]}}\" data-widget_type=\"table-of-contents.default\">\n\t\t\t\t\t\t\t\t\t<div class=\"elementor-toc__header\">\n\t\t\t\t\t\t<h2 class=\"elementor-toc__header-title\">\n\t\t\t\tObsah\t\t\t<\/h2>\n\t\t\t\t\t\t\t\t\t\t<div class=\"elementor-toc__toggle-button elementor-toc__toggle-button--expand\" role=\"button\" tabindex=\"0\" aria-controls=\"elementor-toc__1c30362\" aria-expanded=\"true\" aria-label=\"Open table of contents\"><svg aria-hidden=\"true\" class=\"e-font-icon-svg e-fas-chevron-down\" viewBox=\"0 0 448 512\" xmlns=\"http:\/\/www.w3.org\/2000\/svg\"><path d=\"M207.029 381.476L12.686 187.132c-9.373-9.373-9.373-24.569 0-33.941l22.667-22.667c9.357-9.357 24.522-9.375 33.901-.04L224 284.505l154.745-154.021c9.379-9.335 24.544-9.317 33.901.04l22.667 22.667c9.373 9.373 9.373 24.569 0 33.941L240.971 381.476c-9.373 9.372-24.569 9.372-33.942 0z\"><\/path><\/svg><\/div>\n\t\t\t\t<div class=\"elementor-toc__toggle-button elementor-toc__toggle-button--collapse\" role=\"button\" tabindex=\"0\" aria-controls=\"elementor-toc__1c30362\" aria-expanded=\"true\" aria-label=\"Close table of contents\"><svg aria-hidden=\"true\" class=\"e-font-icon-svg e-fas-chevron-up\" viewBox=\"0 0 448 512\" xmlns=\"http:\/\/www.w3.org\/2000\/svg\"><path d=\"M240.971 130.524l194.343 194.343c9.373 9.373 9.373 24.569 0 33.941l-22.667 22.667c-9.357 9.357-24.522 9.375-33.901.04L224 227.495 69.255 381.516c-9.379 9.335-24.544 9.317-33.901-.04l-22.667-22.667c-9.373-9.373-9.373-24.569 0-33.941L207.03 130.525c9.372-9.373 24.568-9.373 33.941-.001z\"><\/path><\/svg><\/div>\n\t\t\t\t\t<\/div>\n\t\t\t\t<div id=\"elementor-toc__1c30362\" class=\"elementor-toc__body\">\n\t\t\t<div class=\"elementor-toc__spinner-container\">\n\t\t\t\t<svg class=\"elementor-toc__spinner eicon-animation-spin e-font-icon-svg e-eicon-loading\" aria-hidden=\"true\" viewBox=\"0 0 1000 1000\" xmlns=\"http:\/\/www.w3.org\/2000\/svg\"><path d=\"M500 975V858C696 858 858 696 858 500S696 142 500 142 142 304 142 500H25C25 237 238 25 500 25S975 237 975 500 763 975 500 975Z\"><\/path><\/svg>\t\t\t<\/div>\n\t\t<\/div>\n\t\t\t\t\t\t<\/div>\n\t\t\t\t<\/div>\n\t\t\t\t\t<\/div>\n\t\t\t\t<\/div>\n\t\t<div class=\"elementor-element elementor-element-herorght0 e-con-full e-flex e-con e-child\" data-id=\"herorght0\" data-element_type=\"container\" data-e-type=\"container\">\n\t\t\t\t<div class=\"elementor-element elementor-element-heroimg00 iwg-hero-image elementor-widget elementor-widget-image\" data-id=\"heroimg00\" data-element_type=\"widget\" data-e-type=\"widget\" data-widget_type=\"image.default\">\n\t\t\t\t\t\t\t\t\t\t\t\t\t\t\t<img fetchpriority=\"high\" decoding=\"async\" width=\"683\" height=\"1024\" src=\"https:\/\/iwell-guard.com\/wp-content\/uploads\/2026\/04\/lichtwesen_erzengel-raphael-683x1024.webp\" class=\"attachment-large size-large wp-image-160070\" alt=\"Archanjel Rafael - svetlom presiaknut\u00e1 ilustr\u00e1cia svetelnej bytosti\" srcset=\"https:\/\/iwell-guard.com\/wp-content\/uploads\/2026\/04\/lichtwesen_erzengel-raphael-683x1024.webp 683w, https:\/\/iwell-guard.com\/wp-content\/uploads\/2026\/04\/lichtwesen_erzengel-raphael-200x300.webp 200w, https:\/\/iwell-guard.com\/wp-content\/uploads\/2026\/04\/lichtwesen_erzengel-raphael-768x1152.webp 768w, https:\/\/iwell-guard.com\/wp-content\/uploads\/2026\/04\/lichtwesen_erzengel-raphael.webp 1024w\" sizes=\"(max-width: 683px) 100vw, 683px\" \/>\t\t\t\t\t\t\t\t\t\t\t\t\t\t\t<\/div>\n\t\t\t\t<\/div>\n\t\t\t\t\t<\/div>\n\t\t\t\t<\/div>\n\t\t<div class=\"elementor-element elementor-element-wmd-s1 e-con-boxed e-flex e-con e-parent\" data-id=\"wmd-s1\" data-element_type=\"container\" data-e-type=\"container\">\n\t\t\t\t\t<div class=\"e-con-inner\">\n\t\t\t\t<div class=\"elementor-element elementor-element-wmd-h1 elementor-widget elementor-widget-heading\" data-id=\"wmd-h1\" data-element_type=\"widget\" data-e-type=\"widget\" data-widget_type=\"heading.default\">\n\t\t\t\t\t<h2 class=\"elementor-heading-title elementor-size-default\">R\u00fdchly preh\u013ead: Archanjel Rafael<\/h2>\t\t\t\t<\/div>\n\t\t<div class=\"elementor-element elementor-element-wmd-s1-bw e-flex e-con-boxed e-con e-parent\" data-id=\"wmd-s1-bw\" data-element_type=\"container\" data-e-type=\"container\" data-settings=\"{&quot;background_background&quot;:&quot;classic&quot;}\">\n\t\t\t\t\t<div class=\"e-con-inner\">\n\t\t\t\t<div class=\"elementor-element elementor-element-wmd-t1 elementor-widget elementor-widget-text-editor\" data-id=\"wmd-t1\" data-element_type=\"widget\" data-e-type=\"widget\" data-widget_type=\"text-editor.default\">\n\t\t\t\t\t\t\t\t\t<p><strong>Typ:<\/strong> archanjel, lie\u010dite\u013e, spolo\u010dn\u00edk a vodca na cest\u00e1ch. Trad\u00edcia: judaizmus (Kniha Tobi\u00e1\u0161), kres\u0165anstvo (angelol\u00f3gia), z\u00e1padn\u00e9 ezoterick\u00e9 trad\u00edcie. Funkcia: lie\u010denie, uzdravenie, ochrana na cest\u00e1ch a duchovn\u00fdch cest\u00e1ch. Hlavn\u00e9 atrib\u00faty\/symboly: zelen\u00fd a jadovo zelen\u00fd plame\u0148, Askl\u00e9piova palica, kr\u010dah, lie\u010div\u00e9 byliny. Roz\u0161\u00edrenie: judaisticko-kres\u0165ansk\u00e1 trad\u00edcia, ezoterick\u00e9 a \u0161amansk\u00e9 lie\u010debn\u00e9 praktiky<\/p>\t\t\t\t\t\t\t\t<\/div>\n\t\t\t\t\t<\/div>\n\t\t\t\t<\/div>\n\t\t\t\t\t<\/div>\n\t\t\t\t<\/div>\n\t\t<div class=\"elementor-element elementor-element-wmd-s2 e-con-boxed e-flex e-con e-parent\" data-id=\"wmd-s2\" data-element_type=\"container\" data-e-type=\"container\">\n\t\t\t\t\t<div class=\"e-con-inner\">\n\t\t\t\t<div class=\"elementor-element elementor-element-wmd-h2 elementor-widget elementor-widget-heading\" data-id=\"wmd-h2\" data-element_type=\"widget\" data-e-type=\"widget\" data-widget_type=\"heading.default\">\n\t\t\t\t\t<h2 class=\"elementor-heading-title elementor-size-default\">Zaradenie<\/h2>\t\t\t\t<\/div>\n\t\t<div class=\"elementor-element elementor-element-wmd-s2-bw e-flex e-con-boxed e-con e-parent\" data-id=\"wmd-s2-bw\" data-element_type=\"container\" data-e-type=\"container\" data-settings=\"{&quot;background_background&quot;:&quot;classic&quot;}\">\n\t\t\t\t\t<div class=\"e-con-inner\">\n\t\t\t\t<div class=\"elementor-element elementor-element-wmd-t2 elementor-widget elementor-widget-text-editor\" data-id=\"wmd-t2\" data-element_type=\"widget\" data-e-type=\"widget\" data-widget_type=\"text-editor.default\">\n\t\t\t\t\t\t\t\t\t<h3>Trad\u00edcia<\/h3><p>Rafael (<em>Refael<\/em>, \u201eBoh lie\u010di\u201c) sa v\u00fdrazne objavuje v apokryfnej Knihe Tobi\u00e1\u0161, kde lie\u010di slep\u00e9ho Tobi\u00e1\u0161a a chr\u00e1ni ho po\u010das nebezpe\u010dnej cesty. Menovite je spom\u00ednan\u00fd len v mlad\u0161\u00edch biblick\u00fdch a apokryfn\u00fdch textoch, ale v judaisticko-kres\u0165anskej trad\u00edcii je uzn\u00e1van\u00fdm archanjelom.<\/p><p><span class=\"iwg-fachbegriff\" data-tooltip=\"Pr\u00fad \u017eidovskej mystiky s hlavn\u00fdmi dielami ako Sefer Jecira a Zohar.\" tabindex=\"0\">Kabala<\/span> prira\u010fuje Rafaela k sefire Tiferet (slnko\/srdce), miestu lie\u010denia a celistvosti. Z\u00e1padn\u00e1 angelol\u00f3gia uctievala Rafaela ako lie\u010dite\u013ea a vodcu, najm\u00e4 cestuj\u00facich a h\u013eadaj\u00facich. V teozofii je Rafael sp\u00e1jan\u00fd s oblas\u0165ou solar plexu a emocion\u00e1lnym lie\u010den\u00edm.<\/p><h3>Zdrojov\u00e1 situ\u00e1cia<\/h3><p>Hlavn\u00fdm zdrojom je Kniha Tobi\u00e1\u0161 (staroz\u00e1konn\u00e1, <span class=\"iwg-fachbegriff\" data-tooltip=\"Stojaci mimo uzn\u00e1van\u00e9ho k\u00e1nonu.\" tabindex=\"0\">apokryfn\u00e1<\/span>), kapitoly 3-13. <span class=\"iwg-fachbegriff\" data-tooltip=\"Hlavn\u00e9 dielo rab\u00ednskeho judaizmu s v\u00fdkladom n\u00e1bo\u017eenskej trad\u00edcie.\" tabindex=\"0\">Talmud<\/span> a stredovek\u00e9 kabalistick\u00e9 spisy roz\u0161iruj\u00fa Rafaelovu \u00falohu. Kres\u0165ansk\u00e1 v\u00fdtvarn\u00e1 trad\u00edcia zobrazovala Rafaela \u010dasto s palicou alebo lie\u010div\u00fdm kr\u010dahom. Modern\u00e1 ezoterick\u00e1 literat\u00fara zd\u00f4raz\u0148uje Rafaelovu \u00falohu v holistickom lie\u010den\u00ed a duchovnom sprev\u00e1dzan\u00ed. \u0160amansk\u00e9 a pr\u00edrodn\u00e9 lie\u010debn\u00e9 praktiky zara\u010fuj\u00fa Rafaela ako patr\u00f3na lie\u010div\u00e9ho umenia.<\/p><div><h3>Kniha Tobi\u00e1\u0161 ako hlavn\u00fd zdroj<\/h3><p>Archanjel Rafael je jedinou postavou archanjela, ktorej hlavn\u00fdm biblick\u00fdm zdrojom je samostatn\u00e9 rozpr\u00e1vanie: deuterokanonick\u00e1 Kniha Tobi\u00e1\u0161 (pravdepodobne 3.-2. storo\u010die pred Kr.). Rafael sprev\u00e1dza mlad\u00e9ho Tobi\u00e1\u0161a na ceste z Ninive do Ekbatany, chr\u00e1ni ho pred <span class=\"iwg-fachbegriff\" data-tooltip=\"Duchovn\u00e1 bytos\u0165, ktorej sa pripisuje \u0161kodliv\u00e9 alebo protire\u010div\u00e9 p\u00f4sobenie.\" tabindex=\"0\">d\u00e9monom<\/span> Asmodeom, na konci lie\u010di slep\u00e9ho otca Tobi\u00e1\u0161a.<\/p><p>Meno <em>Refa&#8217;el<\/em> znamen\u00e1 doslovne <em>Boh lie\u010di<\/em>. V 1. knihe Henochovej (20,3) je ozna\u010den\u00fd ako <em><span class=\"iwg-fachbegriff\" data-tooltip=\"V abrah\u00e1movsk\u00fdch n\u00e1bo\u017eenstv\u00e1ch nebesk\u00e1 posolsk\u00e1 bytos\u0165 Boha.\" tabindex=\"0\">anjel<\/span> nad duchmi \u013eud\u00ed<\/em>; v neskor\u0161ej rab\u00ednskej a kres\u0165anskej trad\u00edcii sa st\u00e1va archanjelom lie\u010denia a cestuj\u00facich.<\/p><p>Liturgick\u00e1 \u00facta pozn\u00e1 jeho sviatok 24. okt\u00f3bra, od roku 1969 spolu s Michaelom a Gabrielom presunut\u00fd na 29. septembra.<\/p><\/div>\t\t\t\t\t\t\t\t<\/div>\n\t\t\t\t\t<\/div>\n\t\t\t\t<\/div>\n\t\t\t\t\t<\/div>\n\t\t\t\t<\/div>\n\t\t<div class=\"elementor-element elementor-element-wmd-s3 e-con-boxed e-flex e-con e-parent\" data-id=\"wmd-s3\" data-element_type=\"container\" data-e-type=\"container\">\n\t\t\t\t\t<div class=\"e-con-inner\">\n\t\t\t\t<div class=\"elementor-element elementor-element-wmd-h3 elementor-widget elementor-widget-heading\" data-id=\"wmd-h3\" data-element_type=\"widget\" data-e-type=\"widget\" data-widget_type=\"heading.default\">\n\t\t\t\t\t<h2 class=\"elementor-heading-title elementor-size-default\">Vzh\u013ead a symboly<\/h2>\t\t\t\t<\/div>\n\t\t<div class=\"elementor-element elementor-element-wmd-s3-bw e-flex e-con-boxed e-con e-parent\" data-id=\"wmd-s3-bw\" data-element_type=\"container\" data-e-type=\"container\" data-settings=\"{&quot;background_background&quot;:&quot;classic&quot;}\">\n\t\t\t\t\t<div class=\"e-con-inner\">\n\t\t\t\t<div class=\"elementor-element elementor-element-wmd-t3 elementor-widget elementor-widget-text-editor\" data-id=\"wmd-t3\" data-element_type=\"widget\" data-e-type=\"widget\" data-widget_type=\"text-editor.default\">\n\t\t\t\t\t\t\t\t\t<p>Rafael je zobrazovan\u00fd ako dobre propor\u010dn\u00e1, mladistv\u00e1 sveteln\u00e1 bytos\u0165 v zelenom alebo jadovo zelenom r\u00fachu. Jeho farba je hlbok\u00e1 smaragdovozelen\u00e1 alebo ne\u017en\u00e1 lie\u010div\u00e1 zelen\u00e1 a\u017e tyrkysov\u00e1, niekedy prepleten\u00e1 zlatom. Jeho rozpozn\u00e1vac\u00edmi znakmi s\u00fa p\u00fatnick\u00e1 palica a n\u00e1doba s liekom; okrem toho nos\u00ed Askl\u00e9piovu palicu (hada okolo palice), lie\u010div\u00fd kr\u010dah alebo uzdravuj\u00facu vodu.<\/p><p>Obklopuj\u00fa ho kr\u00eddla z jemn\u00e9ho zelen\u00e9ho svetla. V renesan\u010dnom maliarstve je \u010dasto zobrazovan\u00fd ako mladistv\u00fd <span class=\"iwg-fachbegriff\" data-tooltip=\"V abrah\u00e1movsk\u00fdch n\u00e1bo\u017eenstv\u00e1ch nebesk\u00e1 posolsk\u00e1 bytos\u0165 Boha.\" tabindex=\"0\">anjel<\/span> s cestovnou palicou a spolo\u010dn\u00edkom. Energeticky p\u00f4sob\u00ed Rafael teplo, upokojuj\u00faco a regenera\u010dne, ako v\u00f4\u0148a lie\u010div\u00fdch byl\u00edn alebo tepl\u00e9 zelen\u00e9 svetlo na ran\u00e1ch. Jeho pr\u00edtomnos\u0165 vytv\u00e1ra d\u00f4veru a bezpe\u010die.<\/p>\t\t\t\t\t\t\t\t<\/div>\n\t\t\t\t\t<\/div>\n\t\t\t\t<\/div>\n\t\t\t\t\t<\/div>\n\t\t\t\t<\/div>\n\t\t<div class=\"elementor-element elementor-element-wmd-s4 e-con-boxed e-flex e-con e-parent\" data-id=\"wmd-s4\" data-element_type=\"container\" data-e-type=\"container\">\n\t\t\t\t\t<div class=\"e-con-inner\">\n\t\t\t\t<div class=\"elementor-element elementor-element-wmd-h4 elementor-widget elementor-widget-heading\" data-id=\"wmd-h4\" data-element_type=\"widget\" data-e-type=\"widget\" data-widget_type=\"heading.default\">\n\t\t\t\t\t<h2 class=\"elementor-heading-title elementor-size-default\">Funkcia a v\u00fdznam<\/h2>\t\t\t\t<\/div>\n\t\t<div class=\"elementor-element elementor-element-wmd-s4-bw e-flex e-con-boxed e-con e-parent\" data-id=\"wmd-s4-bw\" data-element_type=\"container\" data-e-type=\"container\" data-settings=\"{&quot;background_background&quot;:&quot;classic&quot;}\">\n\t\t\t\t\t<div class=\"e-con-inner\">\n\t\t\t\t<div class=\"elementor-element elementor-element-wmd-t4 elementor-widget elementor-widget-text-editor\" data-id=\"wmd-t4\" data-element_type=\"widget\" data-e-type=\"widget\" data-widget_type=\"text-editor.default\">\n\t\t\t\t\t\t\t\t\t<p>Rafael lie\u010di na v\u0161etk\u00fdch \u00farovniach: telesnej, emocion\u00e1lnej, ment\u00e1lnej a duchovnej. Je lie\u010dite\u013eom a z\u00e1rove\u0148 sprievodcom, ktor\u00fd chr\u00e1ni h\u013eadaj\u00faceho na nebezpe\u010dn\u00fdch alebo nezn\u00e1mych cest\u00e1ch. Rafael symbolizuje vn\u00fatorn\u00fa m\u00fadros\u0165, ktor\u00e1 vie, ako lie\u010di\u0165, a aktivuje vn\u00fatorn\u00e9ho lie\u010dite\u013ea.<\/p><p>V psychologick\u00fdch pojmoch predstavuje Rafael lie\u010div\u00e9 ja a schopnos\u0165 regener\u00e1cie. Jeho zelen\u00e1 energia otv\u00e1ra srdcov\u00fa \u010dakru a sp\u00e1ja s pr\u00edrodnou inteligenciou, ktor\u00e1 vedie ka\u017ed\u00e9 lie\u010denie.<\/p><div><h3>Lie\u010div\u00e1 funkcia v <span class=\"iwg-fachbegriff\" data-tooltip=\"S\u00fahrnn\u00fd pojem pre u\u010denia, ktor\u00e9 si n\u00e1rokuj\u00fa skryt\u00e9 poznanie pr\u00edstupn\u00e9 iba zasv\u00e4ten\u00fdm.\" tabindex=\"0\">ezoterike<\/span><\/h3><p>V \u017eidovskej anjelskej m\u00e1gii je Rafael <span class=\"iwg-fachbegriff\" data-tooltip=\"V abrah\u00e1movsk\u00fdch n\u00e1bo\u017eenstv\u00e1ch nebesk\u00e1 poslova bytos\u0165 Boha.\" tabindex=\"0\">anjelom<\/span> v\u00fdchodn\u00e9ho svetov\u00e9ho smeru a sf\u00e9ry Tiferet (v niektor\u00fdch kabalistick\u00fdch \u0161kol\u00e1ch) alebo Hod (v in\u00fdch). V ritu\u00e1lno-magickej trad\u00edcii Zlat\u00e9ho \u00fasvitu je archanjelom v\u00fdchodu a vzduchu.<\/p><p>V modernej new-age anjelskej doktr\u00edne (Doreen Virtue, Diana Cooper) je centr\u00e1lnou postavou vz\u00fdvanou pri zdravotn\u00fdch z\u00e1le\u017eitostiach, \u010dasto sp\u00e1janou so zelen\u00fdm l\u00fa\u010dom. T\u00e1to variabilita priraden\u00ed je z h\u013eadiska dej\u00edn n\u00e1bo\u017eenstva typick\u00e1: priradenia <span class=\"iwg-fachbegriff\" data-tooltip=\"V abrah\u00e1movsk\u00fdch n\u00e1bo\u017eenstv\u00e1ch nebesk\u00e1 poslova bytos\u0165 Boha.\" tabindex=\"0\">anjelov<\/span> k \u0161tyrom svetov\u00fdm stran\u00e1m sa l\u00ed\u0161ia pod\u013ea trad\u00edcie a zdroja.<\/p><\/div>\t\t\t\t\t\t\t\t<\/div>\n\t\t\t\t\t<\/div>\n\t\t\t\t<\/div>\n\t\t\t\t\t<\/div>\n\t\t\t\t<\/div>\n\t\t<div class=\"elementor-element elementor-element-wmd-s5 e-con-boxed e-flex e-con e-parent\" data-id=\"wmd-s5\" data-element_type=\"container\" data-e-type=\"container\">\n\t\t\t\t\t<div class=\"e-con-inner\">\n\t\t\t\t<div class=\"elementor-element elementor-element-wmd-h5 elementor-widget elementor-widget-heading\" data-id=\"wmd-h5\" data-element_type=\"widget\" data-e-type=\"widget\" data-widget_type=\"heading.default\">\n\t\t\t\t\t<h2 class=\"elementor-heading-title elementor-size-default\">Prax \/ vz\u00fdvanie \/ v\u00fdznam v kontexte iWell Guard<\/h2>\t\t\t\t<\/div>\n\t\t<div class=\"elementor-element elementor-element-wmd-s5-bw e-flex e-con-boxed e-con e-parent\" data-id=\"wmd-s5-bw\" data-element_type=\"container\" data-e-type=\"container\" data-settings=\"{&quot;background_background&quot;:&quot;classic&quot;}\">\n\t\t\t\t\t<div class=\"e-con-inner\">\n\t\t\t\t<div class=\"elementor-element elementor-element-wmd-t5 elementor-widget elementor-widget-text-editor\" data-id=\"wmd-t5\" data-element_type=\"widget\" data-e-type=\"widget\" data-widget_type=\"text-editor.default\">\n\t\t\t\t\t\t\t\t\t<p>V iWell Guard sa Rafael vz\u00fdva na lie\u010denie telesn\u00fdch a energetick\u00fdch zranen\u00ed a na podporu vn\u00fatorn\u00e9ho uzdravenia. Jednou z prakt\u00edk je zap\u00e1li\u0165 zelen\u00fa svie\u010dku a poprosi\u0165 Rafaela, aby priniesol lie\u010denie na v\u0161etk\u00fdch \u00farovniach.<\/p><p>Rafaelova zelen\u00e1 energia sa vizualizuje na opravu po\u0161koden\u00fdch energetick\u00fdch \u0161trukt\u00far a regener\u00e1ciu ochrann\u00e9ho po\u013ea. Rafael je obzvl\u00e1\u0161\u0165 d\u00f4le\u017eit\u00fd pre \u013eud\u00ed pre\u017e\u00edvaj\u00facich traumu alebo energetick\u00e9 zranenia. Jeho sila zmier\u0148uje boles\u0165 bez toho, aby ju potl\u00e1\u010dala, a priv\u00e1dza skuto\u010dn\u00e9 uzdravenie. Chr\u00e1ni tie\u017e na vn\u00fatorn\u00fdch duchovn\u00fdch cest\u00e1ch a prechodoch.<\/p><div><h3>Postavenie v iWell Guard<\/h3><p>V ochrannom poli iWell Guard nie je Rafael v\u00fdslovne uveden\u00fd v jednotlivej vete <span class=\"iwg-fachbegriff\" data-tooltip=\"Sv\u00e4t\u00e1 slabika alebo formula, ktor\u00e1 sa opakovane recituje v hinduizme a budhizme.\" tabindex=\"0\">mantry<\/span>, ale je implicitne pr\u00edtomn\u00fd ako jeden zo \u0161tyroch archanjelov. Geometria sveteln\u00e9ho kr\u00ed\u017ea a <span class=\"iwg-fachbegriff\" data-tooltip=\"Prosebn\u00e9 alebo zakl\u00ednaj\u00face oslovenie bo\u017estva alebo moci.\" tabindex=\"0\">vz\u00fdvanie<\/span> pozit\u00edvnych bytost\u00ed (bod 8 mantry) zah\u0155\u0148aj\u00fa Rafaela ako lie\u010dite\u013esk\u00e9ho archanjela.<\/p><p>Kto chce s Rafaelom akt\u00edvne pracova\u0165 v ochrannej praxi, m\u00f4\u017ee ho zaradi\u0165 ako v\u00fdchodn\u00fa ochrann\u00fa silu do roz\u0161\u00edrenej vizualiz\u00e1cie sveteln\u00e9ho kr\u00ed\u017ea (Michael juh, Gabriel sever, Rafael v\u00fdchod, Uriel z\u00e1pad). T\u00e1to kon\u0161tel\u00e1cia \u0161tyroch archanjelov je od trad\u00edcie Zlat\u00e9ho \u00fasvitu \u0161tandardom z\u00e1padnej ritu\u00e1lnej m\u00e1gie.<\/p><\/div>\t\t\t\t\t\t\t\t<\/div>\n\t\t\t\t\t<\/div>\n\t\t\t\t<\/div>\n\t\t\t\t\t<\/div>\n\t\t\t\t<\/div>\n\t\t<div class=\"elementor-element elementor-element-wmd-s6 e-con-boxed e-flex e-con e-parent\" data-id=\"wmd-s6\" data-element_type=\"container\" data-e-type=\"container\">\n\t\t\t\t\t<div class=\"e-con-inner\">\n\t\t\t\t<div class=\"elementor-element elementor-element-wmd-h6 elementor-widget elementor-widget-heading\" data-id=\"wmd-h6\" data-element_type=\"widget\" data-e-type=\"widget\" data-widget_type=\"heading.default\">\n\t\t\t\t\t<h2 class=\"elementor-heading-title elementor-size-default\">Paralely<\/h2>\t\t\t\t<\/div>\n\t\t<div class=\"elementor-element elementor-element-wmd-s6-bw e-flex e-con-boxed e-con e-parent\" data-id=\"wmd-s6-bw\" data-element_type=\"container\" data-e-type=\"container\" data-settings=\"{&quot;background_background&quot;:&quot;classic&quot;}\">\n\t\t\t\t\t<div class=\"e-con-inner\">\n\t\t\t\t<div class=\"elementor-element elementor-element-wmd-t6 elementor-widget elementor-widget-text-editor\" data-id=\"wmd-t6\" data-element_type=\"widget\" data-e-type=\"widget\" data-widget_type=\"text-editor.default\">\n\t\t\t\t\t\t\t\t\t<footer class=\"iwg-literatur\" data-nosnippet=\"true\"><p>Rafaela ako lie\u010dite\u013esk\u00fd archetyp n\u00e1jdete v: <em>Askl\u00e9pios<\/em> gr\u00e9ckej <span class=\"iwg-fachbegriff\" data-tooltip=\"S\u00fahrn tradovan\u00fdch rozpr\u00e1van\u00ed o bohoch danej kult\u00fary.\" tabindex=\"0\">mytol\u00f3gie<\/span> (boh lie\u010dite\u013esk\u00e9ho umenia), <em>Imhotep<\/em> v egyptskom <span class=\"iwg-fachbegriff\" data-tooltip=\"S\u00fahrn bohov n\u00e1bo\u017eenstva alebo kult\u00fary.\" tabindex=\"0\">pante\u00f3ne<\/span> (lie\u010dite\u013e a architekt), <em>Dhanvantari<\/em> v hinduizme (boh lie\u010dite\u013esk\u00e9ho umenia a medic\u00edny) a <em>White Buffalo Calf Woman<\/em> v domorodej severoamerickej spiritualite (lie\u010dite\u013eka a u\u010dite\u013eka). V\u0161etci steles\u0148uj\u00fa silu regener\u00e1cie a bezpe\u010dnej cesty.<\/p><\/footer>\t\t\t\t\t\t\t\t<\/div>\n\t\t\t\t\t<\/div>\n\t\t\t\t<\/div>\n\t\t\t\t\t<\/div>\n\t\t\t\t<\/div>\n\t\t<div class=\"elementor-element elementor-element-cpa12c7f2 e-flex e-con-boxed e-con e-parent\" data-id=\"cpa12c7f2\" data-element_type=\"container\" data-e-type=\"container\">\n\t\t\t\t\t<div class=\"e-con-inner\">\n\t\t\t\t<div class=\"elementor-element elementor-element-cp707736a elementor-widget elementor-widget-heading\" data-id=\"cp707736a\" data-element_type=\"widget\" data-e-type=\"widget\" data-widget_type=\"heading.default\">\n\t\t\t\t\t<h2 class=\"elementor-heading-title elementor-size-default\">Kniha Tobi\u00e1\u0161: Rafael ako skryt\u00fd sprievodca<\/h2>\t\t\t\t<\/div>\n\t\t<div class=\"elementor-element elementor-element-cp0267557 e-con-full e-flex e-con e-child\" data-id=\"cp0267557\" data-element_type=\"container\" data-e-type=\"container\">\n\t\t\t\t<div class=\"elementor-element elementor-element-cp745d9b1 elementor-widget elementor-widget-text-editor\" data-id=\"cp745d9b1\" data-element_type=\"widget\" data-e-type=\"widget\" data-widget_type=\"text-editor.default\">\n\t\t\t\t\t\t\t\t\t<p>Rafael je v biblickej <span class=\"iwg-fachbegriff\" data-tooltip=\"Odovzd\u00e1vanie poznania a rozpr\u00e1van\u00ed cez gener\u00e1cie.\" tabindex=\"0\">trad\u00edcii<\/span> takmer v\u00fdlu\u010dne spojen\u00fd s jednou jedinou knihou, Knihou Tobi\u00e1\u0161. T\u00e1to kniha patr\u00ed v katol\u00edckej a ortodoxnej trad\u00edcii do biblick\u00e9ho <span class=\"iwg-fachbegriff\" data-tooltip=\"Za z\u00e1v\u00e4zn\u00fd uznan\u00fd s\u00fabor sv\u00e4t\u00fdch p\u00edsiem n\u00e1bo\u017eenstva.\" tabindex=\"0\">k\u00e1nonu<\/span>, v \u017eidovskej a protestantskej <span class=\"iwg-fachbegriff\" data-tooltip=\"Odovzd\u00e1vanie poznania a rozpr\u00e1van\u00ed cez gener\u00e1cie.\" tabindex=\"0\">trad\u00edcii<\/span> sa zara\u010fuje medzi apokryfy, respekt\u00edve deuterok\u00e1nonick\u00e9 spisy.<\/p><p>Vznikla pravdepodobne v tre\u0165om alebo druhom storo\u010d\u00ed pred na\u0161\u00edm letopo\u010dtom a rozpr\u00e1va umne vystavan\u00fd rodinn\u00fd pr\u00edbeh.<\/p><p>V strede stoj\u00ed zbo\u017en\u00fd, oslepnut\u00fd Tobi\u00e1\u0161 a jeho pr\u00edbuzn\u00e1 S\u00e1ra, ktor\u00fa su\u017euje <span class=\"iwg-fachbegriff\" data-tooltip=\"Duchovn\u00e1 bytos\u0165, ktorej sa pripisuje \u0161kodliv\u00e9 alebo protire\u010div\u00e9 p\u00f4sobenie.\" tabindex=\"0\">d\u00e9mon<\/span> menom Asmodeus, ktor\u00fd sp\u00f4sobuje smr\u0165 jej man\u017eelov v\u017edy v svadobn\u00fa noc. Tobi\u00e1\u0161ov syn Tobi\u00e1\u0161 mlad\u0161\u00ed sa vyd\u00e1va na cestu, aby vymohol peniaze, a prij\u00edma sprievodcu, ktor\u00fd sa vyd\u00e1va za pr\u00edbuzn\u00e9ho.<\/p><p>V skuto\u010dnosti je t\u00fdmto sprievodcom <span class=\"iwg-fachbegriff\" data-tooltip=\"V abrah\u00e1movsk\u00fdch n\u00e1bo\u017eenstv\u00e1ch nebesk\u00e1 poslova bytos\u0165 Boha.\" tabindex=\"0\">anjel<\/span> Rafael, ktor\u00fd svoju prav\u00fa podstatu dlho skr\u00fdva. Vedie Tobi\u00e1\u0161a, pom\u00e1ha mu ulovi\u0165 rybu, z ktorej vn\u00fatornost\u00ed vznikaj\u00fa lie\u010div\u00e1, umo\u017e\u0148uje sob\u00e1\u0161 so S\u00e1rou a vyh\u00e1\u0148a <span class=\"iwg-fachbegriff\" data-tooltip=\"Duchovn\u00e1 bytos\u0165, ktorej sa pripisuje \u0161kodliv\u00e9 alebo protire\u010div\u00e9 p\u00f4sobenie.\" tabindex=\"0\">d\u00e9mona<\/span>. Na konci liek z ryby uzdrav\u00ed aj Tobi\u00e1\u0161ove o\u010di.<\/p><p>A\u017e na konci sa Rafael prezrad\u00ed. Vysvet\u013euje, \u017ee je jedn\u00fdm z <span class=\"iwg-fachbegriff\" data-tooltip=\"V abrah\u00e1movsk\u00fdch n\u00e1bo\u017eenstv\u00e1ch nebesk\u00e1 poslova bytos\u0165 Boha.\" tabindex=\"0\">anjelov<\/span>, ktor\u00ed stoja pred Bohom, a bol vyslan\u00fd, aby predn\u00e1\u0161al modlitby zbo\u017en\u00fdch pred Bohom.<\/p><p>Rafael je tak jedin\u00fd <span class=\"iwg-fachbegriff\" data-tooltip=\"V abrah\u00e1movsk\u00fdch n\u00e1bo\u017eenstv\u00e1ch nebesk\u00e1 poslova bytos\u0165 Boha.\" tabindex=\"0\">anjel<\/span>, ktor\u00e9ho meno v s\u00favislom rozpr\u00e1vacom texte biblickej <span class=\"iwg-fachbegriff\" data-tooltip=\"Odovzd\u00e1vanie poznania a rozpr\u00e1van\u00ed cez gener\u00e1cie.\" tabindex=\"0\">trad\u00edcie<\/span> vystupuje ako konaj\u00faca postava cez viacero kapitol. Kniha Tobi\u00e1\u0161 je preto pre pochopenie tejto postavy rozhoduj\u00faca.<\/p>\t\t\t\t\t\t\t\t<\/div>\n\t\t\t\t<\/div>\n\t\t\t\t\t<\/div>\n\t\t\t\t<\/div>\n\t\t<div class=\"elementor-element elementor-element-cpdd14eaa e-flex e-con-boxed e-con e-parent\" data-id=\"cpdd14eaa\" data-element_type=\"container\" data-e-type=\"container\">\n\t\t\t\t\t<div class=\"e-con-inner\">\n\t\t\t\t<div class=\"elementor-element elementor-element-cp680be57 elementor-widget elementor-widget-heading\" data-id=\"cp680be57\" data-element_type=\"widget\" data-e-type=\"widget\" data-widget_type=\"heading.default\">\n\t\t\t\t\t<h2 class=\"elementor-heading-title elementor-size-default\">Meno ako program: Rafael, lie\u010dite\u013e<\/h2>\t\t\t\t<\/div>\n\t\t<div class=\"elementor-element elementor-element-cp662286e e-con-full e-flex e-con e-child\" data-id=\"cp662286e\" data-element_type=\"container\" data-e-type=\"container\">\n\t\t\t\t<div class=\"elementor-element elementor-element-cp1690ec5 elementor-widget elementor-widget-text-editor\" data-id=\"cp1690ec5\" data-element_type=\"widget\" data-e-type=\"widget\" data-widget_type=\"text-editor.default\">\n\t\t\t\t\t\t\t\t\t<p>Meno Rafael je hebrejsk\u00e9ho p\u00f4vodu a obsahuje kore\u0148 slova lie\u010di\u0165 spolu s prvkom el, ozna\u010duj\u00facim Boha. D\u00e1 sa prelo\u017ei\u0165 ako Boh lie\u010di alebo Boh uzdravil.<\/p><p>V Knihe Tobi\u00e1\u0161 tento v\u00fdznam mena nie je n\u00e1hodn\u00fd, ale napln\u00ed sa v priebehu deja: Rafael je ten, prostredn\u00edctvom ktor\u00e9ho skon\u010d\u00ed S\u00e1rino s\u00fa\u017eenie zapr\u00ed\u010dinen\u00e9 <span class=\"iwg-fachbegriff\" data-tooltip=\"Duchovn\u00e1 bytos\u0165, ktorej sa pripisuje \u0161kodliv\u00e9 alebo rozporn\u00e9 p\u00f4sobenie.\" tabindex=\"0\">d\u00e9monom<\/span> aj Tobi\u00e1\u0161ova slepota.<\/p><p>Neskor\u0161ia \u017eidovsk\u00e1 a kres\u0165ansk\u00e1 trad\u00edcia toto spojenie mena a funkcie \u010falej rozvinula. V \u017eidovsk\u00fdch textoch z poviacpisomn\u00e9ho obdobia, napr\u00edklad v Henochov\u00fdch spisoch, sa Rafael objavuje medzi ved\u00facimi anjelmi a opakovane sa mu pripisuje zodpovednos\u0165 za uzdravovanie.<\/p><p>V kres\u0165anskej <span class=\"iwg-fachbegriff\" data-tooltip=\"Odovzd\u00e1vanie poznania a rozpr\u00e1van\u00ed z gener\u00e1cie na gener\u00e1ciu.\" tabindex=\"0\">trad\u00edcii<\/span> sa Rafael stal <span class=\"iwg-fachbegriff\" data-tooltip=\"V abrah\u00e1movsk\u00fdch n\u00e1bo\u017eenstv\u00e1ch nebesk\u00fd posol Boha.\" tabindex=\"0\">anjelom<\/span> uzdravovania, cestuj\u00facich a stretnutia choroby s uzdraven\u00edm. Toto priradenie sa opiera v\u00fdlu\u010dne o Knihu Tobi\u00e1\u0161, v ktorej s\u00fa v\u0161etky tri t\u00e9my, uzdravenie, cesta a ochrana na ceste, tesne prepojen\u00e9.<\/p><p>Je zauj\u00edmav\u00e9, \u017ee Kniha Tobi\u00e1\u0161 nezobrazuje uzdravenie ako magick\u00fd akt, ale zasadzuje ho do r\u00e1mca <span class=\"iwg-fachbegriff\" data-tooltip=\"Jazykov\u00e9 obr\u00e1tenie \u010dloveka k bo\u017estvu.\" tabindex=\"0\">modlitby<\/span>, <span class=\"iwg-fachbegriff\" data-tooltip=\"Pre\u017e\u00edvan\u00fd n\u00e1bo\u017eensk\u00fd postoj a praxe \u010dloveka.\" tabindex=\"0\">n\u00e1bo\u017enosti<\/span> a bo\u017esk\u00e9ho poslania. Rafael kon\u00e1 na pr\u00edkaz a, ako s\u00e1m hovor\u00ed, prin\u00e1\u0161a modlitby pred Boha.<\/p><p>Lie\u010div\u00e9 prostriedky z\u00edskan\u00e9 z ryby s\u00fa prostriedkami v jeho ruk\u00e1ch, nie samostatn\u00fdmi \u010darovn\u00fdmi prostriedkami. <span class=\"iwg-fachbegriff\" data-tooltip=\"Veda, ktor\u00e1 porovn\u00e1vac\u00edm sp\u00f4sobom a bez v\u00e4zby na vieru sk\u00fama n\u00e1bo\u017eenstv\u00e1.\" tabindex=\"0\">Religionistika<\/span> v tom vid\u00ed pr\u00edklad toho, ako sa v jednom texte sp\u00e1jaj\u00fa \u013eudov\u00e9 predstavy o uzdravovan\u00ed a teologick\u00e1 reflexia.<\/p>\t\t\t\t\t\t\t\t<\/div>\n\t\t\t\t<\/div>\n\t\t\t\t\t<\/div>\n\t\t\t\t<\/div>\n\t\t<div class=\"elementor-element elementor-element-cp5269aa8 e-flex e-con-boxed e-con e-parent\" data-id=\"cp5269aa8\" data-element_type=\"container\" data-e-type=\"container\">\n\t\t\t\t\t<div class=\"e-con-inner\">\n\t\t\t\t<div class=\"elementor-element elementor-element-cp9e66ac7 elementor-widget elementor-widget-heading\" data-id=\"cp9e66ac7\" data-element_type=\"widget\" data-e-type=\"widget\" data-widget_type=\"heading.default\">\n\t\t\t\t\t<h2 class=\"elementor-heading-title elementor-size-default\">Rafael v umen\u00ed, patron\u00e1te a \u013eudovej n\u00e1bo\u017enosti<\/h2>\t\t\t\t<\/div>\n\t\t<div class=\"elementor-element elementor-element-cpaae636f e-con-full e-flex e-con e-child\" data-id=\"cpaae636f\" data-element_type=\"container\" data-e-type=\"container\">\n\t\t\t\t<div class=\"elementor-element elementor-element-cp3a706bf elementor-widget elementor-widget-text-editor\" data-id=\"cp3a706bf\" data-element_type=\"widget\" data-e-type=\"widget\" data-widget_type=\"text-editor.default\">\n\t\t\t\t\t\t\t\t\t<p>Z rozpr\u00e1vania Knihy Tobi\u00e1\u0161 sa vyvinula samostatn\u00e1 v\u00fdtvarn\u00e1 t\u00e9ma, ktor\u00e1 sa \u010dasto stret\u00e1va najm\u00e4 v maliarstve renesancie a baroka. Zvy\u010dajne je zobrazen\u00fd Rafael, ako vedie za ruku mlad\u00e9ho Tobi\u00e1\u0161a, \u010dasto s rybou a psom, ktor\u00fdch text spom\u00edna.<\/p><p>Tieto zobrazenia, v talianskom umen\u00ed zn\u00e1me ako Tobi\u00e1\u0161 a <span class=\"iwg-fachbegriff\" data-tooltip=\"V abrah\u00e1movsk\u00fdch n\u00e1bo\u017eenstv\u00e1ch nebesk\u00fd posol Boha.\" tabindex=\"0\">anjel<\/span>, boli mimoriadne ob\u013e\u00faben\u00e9 a niekedy boli objedn\u00e1van\u00e9 ako ochrann\u00e9 obrazy pre mlad\u00fdch \u013eud\u00ed na cest\u00e1ch.<\/p><p>V katol\u00edckej trad\u00edcii je Rafael uctievan\u00fd ako patr\u00f3n cestuj\u00facich, chor\u00fdch a lek\u00e1rov, okrem toho aj lek\u00e1rnikov a v niektor\u00fdch oblastiach vys\u0165ahovalcov. Tieto patron\u00e1ty logicky vypl\u00fdvaj\u00fa z jeho \u00falohy v Knihe Tobi\u00e1\u0161. Vlastn\u00fd sviatok ho liturgicky sp\u00e1jal s ostatn\u00fdmi menovite zn\u00e1mymi archanjelmi Michaelom a Gabrielom.<\/p><p>V <span class=\"iwg-fachbegriff\" data-tooltip=\"N\u00e1bo\u017eenskos\u0165 pre\u017e\u00edvan\u00e1 v ka\u017edodennom \u017eivote, \u010dasto popri ofici\u00e1lnej n\u00e1uke.\" tabindex=\"0\">\u013eudovej n\u00e1bo\u017enosti<\/span> zostal Rafael dlho menej v\u00fdrazn\u00fd ako Michael, ktor\u00fd mal siln\u00fa v\u00fdtvarn\u00fa trad\u00edciu ako v\u00ed\u0165az nad drakom a v\u00e1hy du\u0161\u00ed, alebo Gabriel, ktor\u00fd bol pevne zakotven\u00fd v umen\u00ed prostredn\u00edctvom zvestovania M\u00e1rii.<\/p><p>Napriek tomu si Rafael zachoval pevn\u00e9 miesto v\u010faka spojeniu s uzdravovan\u00edm, ochranou na cest\u00e1ch a dobre zn\u00e1mym rozpr\u00e1van\u00edm o Tobi\u00e1\u0161ovi.<\/p><p>V modernom vn\u00edman\u00ed sa objavuje pr\u00edle\u017eitostne v literat\u00fare a v\u00fdtvarnom umen\u00ed, av\u0161ak d\u00f4raz st\u00e1le zost\u00e1va na biblickom rozpr\u00e1van\u00ed, ktor\u00e9 formovalo cel\u00fd neskor\u0161\u00ed obraz tejto postavy. V r\u00e1mci anjelskej n\u00e1uky stoj\u00ed Rafael ved\u013ea <a href=\"https:\/\/iwell-guard.com\/sk\/?page_id=157679\">Michaela<\/a> a <a href=\"https:\/\/iwell-guard.com\/sk\/?page_id=157680\">archanjela Gabriela<\/a>.<\/p>\t\t\t\t\t\t\t\t<\/div>\n\t\t\t\t<\/div>\n\t\t\t\t\t<\/div>\n\t\t\t\t<\/div>\n\t\t<div class=\"elementor-element elementor-element-fc1748d e-con-boxed e-flex e-con e-parent\" data-id=\"fc1748d\" data-element_type=\"container\" data-e-type=\"container\">\n\t\t\t\t\t<div class=\"e-con-inner\">\n\t\t\t\t<div class=\"elementor-element elementor-element-255812c elementor-widget elementor-widget-text-editor\" data-id=\"255812c\" data-element_type=\"widget\" data-e-type=\"widget\" data-widget_type=\"text-editor.default\">\n\t\t\t\t\t\t\t\t\t\n<h2>\u010cast\u00e9 ot\u00e1zky o archanjelovi Rafaelovi<\/h2>\n<div class=\"iwg-faq-q\"><h3>Kto je archanjel Rafael?<\/h3><p>Rafael (hebrejsky Rafa-el, Boh lie\u010di) je lie\u010dite\u013esk\u00fd archanjel judaisticko-kres\u0165anskej trad\u00edcie. V deuterokanonickej Knihe Tobi\u00e1\u0161 sprev\u00e1dza mlad\u00e9ho Tobi\u00e1\u0161a na ceste a lie\u010di jeho slep\u00e9ho otca. Rafael je uctievan\u00fd ako patr\u00f3n cestuj\u00facich, lek\u00e1rnikov, lek\u00e1rov, o\u0161etrovate\u013eov a <span class=\"iwg-fachbegriff\" data-tooltip=\"\u010clovek, ktor\u00fd podnik\u00e1 n\u00e1bo\u017eensky motivovan\u00fa cestu na sv\u00e4t\u00e9 miesto.\" tabindex=\"0\">p\u00fatnikov<\/span>. V kres\u0165anskej anjelskej hierarchii je jedn\u00fdm z troch menovite uveden\u00fdch archanjelov.<\/p><\/div>\n<div class=\"iwg-faq-q\"><h3>Ak\u00e9 s\u00fa symboly a kore\u0161pondencie Rafaela?<\/h3><p>Klasick\u00fdmi symbolmi Rafaela s\u00fa p\u00fatnick\u00e1 palica, ryba (z pr\u00edbehu o Tobi\u00e1\u0161ovi), lek\u00e1rnick\u00e1 n\u00e1doba s lie\u010div\u00fdmi bylinami a cestovn\u00fd pl\u00e1\u0161\u0165. V modernej ezoterickej <span class=\"iwg-fachbegriff\" data-tooltip=\"V abrah\u00e1movsk\u00fdch n\u00e1bo\u017eenstv\u00e1ch nebesk\u00fd posol Boha.\" tabindex=\"0\">anjelskej<\/span> n\u00e1uke sa Rafael sp\u00e1ja so zelenou farbou, \u017eivlom vzduchu, v\u00fdchodom a l\u00fa\u010dom uzdravenia. Vz\u00fdvania Rafaela za uzdravenie sa nach\u00e1dzaj\u00fa v mnoh\u00fdch kres\u0165ansko-mystick\u00fdch modlitebn\u00fdch knih\u00e1ch.<\/p><\/div>\n<script type=\"application\/ld+json\">{\"@context\":\"https:\/\/schema.org\",\"@type\":\"FAQPage\",\"mainEntity\":[{\"@type\":\"Question\",\"name\":\"Wer ist der Erzengel Raphael?\",\"acceptedAnswer\":{\"@type\":\"Answer\",\"text\":\"Raphael (hebr\u00e4isch Rafa-el, Gott heilt) ist der Heiler-Erzengel der j\u00fcdisch-christlichen Tradition. Im deuterokanonischen Buch Tobit begleitet er den jungen Tobias auf der Reise und heilt seinen blinden Vater. Raphael gilt als Patron der Reisenden, Apotheker, \u00c4rzte, Krankenpfleger und Pilger. In der christlichen Engelhierarchie ist er einer der drei namentlich genannten Erzengel.\"}},{\"@type\":\"Question\",\"name\":\"Was sind die Symbole und Korrespondenzen Raphaels?\",\"acceptedAnswer\":{\"@type\":\"Answer\",\"text\":\"Klassische Raphael-Symbole sind der Pilgerstab, der Fisch (aus der Tobit-Geschichte), das Apothekenglas mit Heilkr\u00e4utern und der Reisemantel. In der modernen esoterischen Engel-Lehre wird Raphael mit der Farbe Gr\u00fcn, dem Element Luft, dem Osten und dem Heilstrahl assoziiert. Heilungsanrufungen Raphaels finden sich in vielen christlich-mystischen Gebetb\u00fcchern.\"}}]}<\/script>\t\t\t\t\t\t\t\t<\/div>\n\t\t\t\t\t<\/div>\n\t\t\t\t<\/div>\n\t\t\t\t<\/div>\n\t\t","protected":false},"excerpt":{"rendered":"","protected":false},"author":3,"featured_media":1623,"parent":0,"menu_order":0,"comment_status":"closed","ping_status":"closed","template":"elementor_header_footer","meta":{"_yoast_wpseo_focuskw":"Lie\u010denie archanjela Rafaela","_yoast_wpseo_title":"Archanjel Rafael \u2013 anjel lie\u010denia a patr\u00f3n cestuj\u00facich","_yoast_wpseo_metadesc":"Archanjel Rafael lie\u010di na v\u0161etk\u00fdch \u00farovniach a bezpe\u010dne sprev\u00e1dza h\u013eadaj\u00facich. Objavte jeho v\u00fdznam v ezoterike a lie\u010debnej praxi iWell Guard.","_yoast_wpseo_meta-robots-noindex":"","_yoast_wpseo_canonical":"","_angie_page":false,"gefaehrdungsstufe":"","wesen_kultur":"","wesen_klasse":"","footnotes":""},"categories":[],"class_list":["post-157681","page","type-page","status-publish","has-post-thumbnail","hentry"],"yoast_head":"<!-- This site is optimized with the Yoast SEO Premium plugin v27.7 (Yoast SEO v28.3) - https:\/\/yoast.com\/product\/yoast-seo-premium-wordpress\/ -->\n<title>Archanjel Rafael \u2013 anjel lie\u010denia a patr\u00f3n cestuj\u00facich<\/title>\n<meta name=\"description\" content=\"Archanjel Rafael lie\u010di na v\u0161etk\u00fdch \u00farovniach a bezpe\u010dne sprev\u00e1dza h\u013eadaj\u00facich. Objavte jeho v\u00fdznam v ezoterike a lie\u010debnej praxi iWell Guard.\" \/>\n<meta name=\"robots\" content=\"index, follow, max-snippet:-1, max-image-preview:large, max-video-preview:-1\" \/>\n<link rel=\"canonical\" href=\"https:\/\/iwell-guard.com\/sk\/archanjel-rafael\/\" \/>\n<meta property=\"og:locale\" content=\"sk_SK\" \/>\n<meta property=\"og:type\" content=\"article\" \/>\n<meta property=\"og:title\" content=\"Archanjel Rafael\" \/>\n<meta property=\"og:description\" content=\"Archanjel Rafael lie\u010di na v\u0161etk\u00fdch \u00farovniach a bezpe\u010dne sprev\u00e1dza h\u013eadaj\u00facich. Objavte jeho v\u00fdznam v ezoterike a lie\u010debnej praxi iWell Guard.\" \/>\n<meta property=\"og:url\" content=\"https:\/\/iwell-guard.com\/sk\/archanjel-rafael\/\" \/>\n<meta property=\"og:site_name\" content=\"iWell Guard\" \/>\n<meta property=\"article:modified_time\" content=\"2026-09-04T22:39:32+00:00\" \/>\n<meta property=\"og:image\" content=\"https:\/\/iwell-guard.com\/wp-content\/uploads\/2026\/04\/lichtwesen_erzengel-raphael.webp\" \/>\n\t<meta property=\"og:image:width\" content=\"1024\" \/>\n\t<meta property=\"og:image:height\" content=\"1536\" \/>\n\t<meta property=\"og:image:type\" content=\"image\/webp\" \/>\n<meta name=\"twitter:card\" content=\"summary_large_image\" \/>\n<script type=\"application\/ld+json\" class=\"yoast-schema-graph\">{\"@context\":\"https:\\\/\\\/schema.org\",\"@graph\":[{\"@type\":\"WebPage\",\"@id\":\"https:\\\/\\\/iwell-guard.com\\\/sk\\\/archanjel-rafael\\\/\",\"url\":\"https:\\\/\\\/iwell-guard.com\\\/sk\\\/archanjel-rafael\\\/\",\"name\":\"Archanjel Rafael \u2013 anjel lie\u010denia a patr\u00f3n cestuj\u00facich\",\"isPartOf\":{\"@id\":\"https:\\\/\\\/iwell-guard.com\\\/sk\\\/#website\"},\"primaryImageOfPage\":{\"@id\":\"https:\\\/\\\/iwell-guard.com\\\/sk\\\/archanjel-rafael\\\/#primaryimage\"},\"image\":{\"@id\":\"https:\\\/\\\/iwell-guard.com\\\/sk\\\/archanjel-rafael\\\/#primaryimage\"},\"thumbnailUrl\":\"https:\\\/\\\/iwell-guard.com\\\/wp-content\\\/uploads\\\/2026\\\/04\\\/lichtwesen_erzengel-raphael.webp\",\"datePublished\":\"2026-09-04T22:16:20+00:00\",\"dateModified\":\"2026-09-04T22:39:32+00:00\",\"description\":\"Archanjel Rafael lie\u010di na v\u0161etk\u00fdch \u00farovniach a bezpe\u010dne sprev\u00e1dza h\u013eadaj\u00facich. Objavte jeho v\u00fdznam v ezoterike a lie\u010debnej praxi iWell Guard.\",\"breadcrumb\":{\"@id\":\"https:\\\/\\\/iwell-guard.com\\\/sk\\\/archanjel-rafael\\\/#breadcrumb\"},\"inLanguage\":\"sk-SK\",\"potentialAction\":[{\"@type\":\"ReadAction\",\"target\":[\"https:\\\/\\\/iwell-guard.com\\\/sk\\\/archanjel-rafael\\\/\"]}]},{\"@type\":\"ImageObject\",\"inLanguage\":\"sk-SK\",\"@id\":\"https:\\\/\\\/iwell-guard.com\\\/sk\\\/archanjel-rafael\\\/#primaryimage\",\"url\":\"https:\\\/\\\/iwell-guard.com\\\/wp-content\\\/uploads\\\/2026\\\/04\\\/lichtwesen_erzengel-raphael.webp\",\"contentUrl\":\"https:\\\/\\\/iwell-guard.com\\\/wp-content\\\/uploads\\\/2026\\\/04\\\/lichtwesen_erzengel-raphael.webp\",\"width\":1024,\"height\":1536,\"caption\":\"Sveteln\u00e1 bytos\u0165. Svetlom preniknut\u00e1 ilustr\u00e1cia.\"},{\"@type\":\"BreadcrumbList\",\"@id\":\"https:\\\/\\\/iwell-guard.com\\\/sk\\\/archanjel-rafael\\\/#breadcrumb\",\"itemListElement\":[{\"@type\":\"ListItem\",\"position\":1,\"name\":\"Start\",\"item\":\"https:\\\/\\\/iwell-guard.com\\\/sk\\\/?page_id=157572\"},{\"@type\":\"ListItem\",\"position\":2,\"name\":\"Archanjel Rafael\"}]},{\"@type\":\"WebSite\",\"@id\":\"https:\\\/\\\/iwell-guard.com\\\/sk\\\/#website\",\"url\":\"https:\\\/\\\/iwell-guard.com\\\/sk\\\/\",\"name\":\"iWell Guard\",\"description\":\"Schutz vor dunklen Einfl\u00fcssen\",\"publisher\":{\"@id\":\"https:\\\/\\\/iwell-guard.com\\\/sk\\\/#organization\"},\"potentialAction\":[{\"@type\":\"SearchAction\",\"target\":{\"@type\":\"EntryPoint\",\"urlTemplate\":\"https:\\\/\\\/iwell-guard.com\\\/sk\\\/?s={search_term_string}\"},\"query-input\":{\"@type\":\"PropertyValueSpecification\",\"valueRequired\":true,\"valueName\":\"search_term_string\"}}],\"inLanguage\":\"sk-SK\"},{\"@type\":\"Organization\",\"@id\":\"https:\\\/\\\/iwell-guard.com\\\/sk\\\/#organization\",\"name\":\"Ittermann electronic GmbH\",\"url\":\"https:\\\/\\\/iwell-guard.com\\\/sk\\\/\",\"logo\":{\"@type\":\"ImageObject\",\"inLanguage\":\"sk-SK\",\"@id\":\"https:\\\/\\\/iwell-guard.com\\\/sk\\\/#\\\/schema\\\/logo\\\/image\\\/\",\"url\":\"https:\\\/\\\/iwell-guard.com\\\/wp-content\\\/uploads\\\/2026\\\/05\\\/Ittermann-Logo-1182x237-1.png\",\"contentUrl\":\"https:\\\/\\\/iwell-guard.com\\\/wp-content\\\/uploads\\\/2026\\\/05\\\/Ittermann-Logo-1182x237-1.png\",\"width\":1182,\"height\":237,\"caption\":\"Ittermann electronic GmbH\"},\"image\":{\"@id\":\"https:\\\/\\\/iwell-guard.com\\\/sk\\\/#\\\/schema\\\/logo\\\/image\\\/\"},\"sameAs\":[\"https:\\\/\\\/pantip.com\\\/profile\\\/9367242\",\"https:\\\/\\\/micro.blog\\\/iwellguard\",\"https:\\\/\\\/www.diggerslist.com\\\/iwellguard\\\/about\",\"https:\\\/\\\/skitterphoto.com\\\/photographers\\\/2870314\\\/iwell-guard\",\"https:\\\/\\\/iwellguard.wordpress.com\\\/2026\\\/06\\\/06\\\/iwell-guard\\\/\",\"https:\\\/\\\/hub.docker.com\\\/u\\\/iwellguard\",\"https:\\\/\\\/www.pinterest.com\\\/iwellguard\\\/\",\"https:\\\/\\\/bit.ly\\\/m\\\/iwellguard\",\"https:\\\/\\\/entre-vos-mains.alsace.eu\\\/profiles\\\/iwellguard\\\/activity\",\"https:\\\/\\\/gravatar.com\\\/reallybeded8fd34\",\"https:\\\/\\\/naijamatta.com\\\/iwellguard\",\"https:\\\/\\\/www.goodreads.com\\\/iwellguard\",\"https:\\\/\\\/profile.hatena.ne.jp\\\/iwellguard\\\/\",\"https:\\\/\\\/experiment.com\\\/users\\\/iwellguard\",\"https:\\\/\\\/wakelet.com\\\/@iWellGuard82270\",\"https:\\\/\\\/www.chordie.com\\\/forum\\\/profile.php?id=2555664\",\"https:\\\/\\\/www.instapaper.com\\\/p\\\/17757966\",\"https:\\\/\\\/www.mapleprimes.com\\\/users\\\/iwellguard\",\"https:\\\/\\\/businesslistingplus.com\\\/profile\\\/iwell-guard\\\/\",\"https:\\\/\\\/telegra.ph\\\/iWell-Guard-06-06\",\"https:\\\/\\\/pbase.com\\\/iwellguard\\\/iwellguard\",\"https:\\\/\\\/b.hatena.ne.jp\\\/iwellguard\\\/20260607#bookmark-4788405196491818882\",\"https:\\\/\\\/fliphtml5.com\\\/home\\\/iwellguard\",\"https:\\\/\\\/anyflip.com\\\/homepage\\\/cmiwl#About\",\"https:\\\/\\\/transfur.com\\\/Users\\\/iwellguard\",\"http:\\\/\\\/delphi.larsbo.org\\\/user\\\/iwellguard\",\"https:\\\/\\\/jobs.lajobsportal.org\\\/profiles\\\/8380803-iwell-guard\",\"https:\\\/\\\/md.chaosdorf.de\\\/s\\\/jfbe5SBdJD\",\"https:\\\/\\\/www.lingvolive.com\\\/en-us\\\/profile\\\/9ecaeaca-ce11-4e51-9e71-01d55e2bff36\\\/translations\",\"https:\\\/\\\/www.fitday.com\\\/fitness\\\/forums\\\/members\\\/iwellguard.html\",\"https:\\\/\\\/www.mymeetbook.com\\\/iwellguard\",\"https:\\\/\\\/pxhere.com\\\/en\\\/photographer-me\\\/5040798\",\"https:\\\/\\\/disqus.com\\\/by\\\/iwellguard\\\/about\\\/\",\"https:\\\/\\\/pastelink.net\\\/hjwciqwq\",\"https:\\\/\\\/pubhtml5.com\\\/homepage\\\/scjhn\\\/\",\"https:\\\/\\\/www.bitchute.com\\\/channel\\\/2O2eOKzNqujT\",\"https:\\\/\\\/audiomack.com\\\/iwellguard\"]}]}<\/script>\n<!-- \/ Yoast SEO Premium plugin. -->","yoast_head_json":{"title":"Archanjel Rafael \u2013 anjel lie\u010denia a patr\u00f3n cestuj\u00facich","description":"Archanjel Rafael lie\u010di na v\u0161etk\u00fdch \u00farovniach a bezpe\u010dne sprev\u00e1dza h\u013eadaj\u00facich. Objavte jeho v\u00fdznam v ezoterike a lie\u010debnej praxi iWell Guard.","robots":{"index":"index","follow":"follow","max-snippet":"max-snippet:-1","max-image-preview":"max-image-preview:large","max-video-preview":"max-video-preview:-1"},"canonical":"https:\/\/iwell-guard.com\/sk\/archanjel-rafael\/","og_locale":"sk_SK","og_type":"article","og_title":"Archanjel Rafael","og_description":"Archanjel Rafael lie\u010di na v\u0161etk\u00fdch \u00farovniach a bezpe\u010dne sprev\u00e1dza h\u013eadaj\u00facich. Objavte jeho v\u00fdznam v ezoterike a lie\u010debnej praxi iWell Guard.","og_url":"https:\/\/iwell-guard.com\/sk\/archanjel-rafael\/","og_site_name":"iWell Guard","article_modified_time":"2026-09-04T22:39:32+00:00","og_image":[{"width":1024,"height":1536,"url":"https:\/\/iwell-guard.com\/wp-content\/uploads\/2026\/04\/lichtwesen_erzengel-raphael.webp","type":"image\/webp"}],"twitter_card":"summary_large_image","schema":{"@context":"https:\/\/schema.org","@graph":[{"@type":"WebPage","@id":"https:\/\/iwell-guard.com\/sk\/archanjel-rafael\/","url":"https:\/\/iwell-guard.com\/sk\/archanjel-rafael\/","name":"Archanjel Rafael \u2013 anjel lie\u010denia a patr\u00f3n cestuj\u00facich","isPartOf":{"@id":"https:\/\/iwell-guard.com\/sk\/#website"},"primaryImageOfPage":{"@id":"https:\/\/iwell-guard.com\/sk\/archanjel-rafael\/#primaryimage"},"image":{"@id":"https:\/\/iwell-guard.com\/sk\/archanjel-rafael\/#primaryimage"},"thumbnailUrl":"https:\/\/iwell-guard.com\/wp-content\/uploads\/2026\/04\/lichtwesen_erzengel-raphael.webp","datePublished":"2026-09-04T22:16:20+00:00","dateModified":"2026-09-04T22:39:32+00:00","description":"Archanjel Rafael lie\u010di na v\u0161etk\u00fdch \u00farovniach a bezpe\u010dne sprev\u00e1dza h\u013eadaj\u00facich. Objavte jeho v\u00fdznam v ezoterike a lie\u010debnej praxi iWell Guard.","breadcrumb":{"@id":"https:\/\/iwell-guard.com\/sk\/archanjel-rafael\/#breadcrumb"},"inLanguage":"sk-SK","potentialAction":[{"@type":"ReadAction","target":["https:\/\/iwell-guard.com\/sk\/archanjel-rafael\/"]}]},{"@type":"ImageObject","inLanguage":"sk-SK","@id":"https:\/\/iwell-guard.com\/sk\/archanjel-rafael\/#primaryimage","url":"https:\/\/iwell-guard.com\/wp-content\/uploads\/2026\/04\/lichtwesen_erzengel-raphael.webp","contentUrl":"https:\/\/iwell-guard.com\/wp-content\/uploads\/2026\/04\/lichtwesen_erzengel-raphael.webp","width":1024,"height":1536,"caption":"Sveteln\u00e1 bytos\u0165. Svetlom preniknut\u00e1 ilustr\u00e1cia."},{"@type":"BreadcrumbList","@id":"https:\/\/iwell-guard.com\/sk\/archanjel-rafael\/#breadcrumb","itemListElement":[{"@type":"ListItem","position":1,"name":"Start","item":"https:\/\/iwell-guard.com\/sk\/?page_id=157572"},{"@type":"ListItem","position":2,"name":"Archanjel Rafael"}]},{"@type":"WebSite","@id":"https:\/\/iwell-guard.com\/sk\/#website","url":"https:\/\/iwell-guard.com\/sk\/","name":"iWell Guard","description":"Schutz vor dunklen Einfl\u00fcssen","publisher":{"@id":"https:\/\/iwell-guard.com\/sk\/#organization"},"potentialAction":[{"@type":"SearchAction","target":{"@type":"EntryPoint","urlTemplate":"https:\/\/iwell-guard.com\/sk\/?s={search_term_string}"},"query-input":{"@type":"PropertyValueSpecification","valueRequired":true,"valueName":"search_term_string"}}],"inLanguage":"sk-SK"},{"@type":"Organization","@id":"https:\/\/iwell-guard.com\/sk\/#organization","name":"Ittermann electronic GmbH","url":"https:\/\/iwell-guard.com\/sk\/","logo":{"@type":"ImageObject","inLanguage":"sk-SK","@id":"https:\/\/iwell-guard.com\/sk\/#\/schema\/logo\/image\/","url":"https:\/\/iwell-guard.com\/wp-content\/uploads\/2026\/05\/Ittermann-Logo-1182x237-1.png","contentUrl":"https:\/\/iwell-guard.com\/wp-content\/uploads\/2026\/05\/Ittermann-Logo-1182x237-1.png","width":1182,"height":237,"caption":"Ittermann electronic GmbH"},"image":{"@id":"https:\/\/iwell-guard.com\/sk\/#\/schema\/logo\/image\/"},"sameAs":["https:\/\/pantip.com\/profile\/9367242","https:\/\/micro.blog\/iwellguard","https:\/\/www.diggerslist.com\/iwellguard\/about","https:\/\/skitterphoto.com\/photographers\/2870314\/iwell-guard","https:\/\/iwellguard.wordpress.com\/2026\/06\/06\/iwell-guard\/","https:\/\/hub.docker.com\/u\/iwellguard","https:\/\/www.pinterest.com\/iwellguard\/","https:\/\/bit.ly\/m\/iwellguard","https:\/\/entre-vos-mains.alsace.eu\/profiles\/iwellguard\/activity","https:\/\/gravatar.com\/reallybeded8fd34","https:\/\/naijamatta.com\/iwellguard","https:\/\/www.goodreads.com\/iwellguard","https:\/\/profile.hatena.ne.jp\/iwellguard\/","https:\/\/experiment.com\/users\/iwellguard","https:\/\/wakelet.com\/@iWellGuard82270","https:\/\/www.chordie.com\/forum\/profile.php?id=2555664","https:\/\/www.instapaper.com\/p\/17757966","https:\/\/www.mapleprimes.com\/users\/iwellguard","https:\/\/businesslistingplus.com\/profile\/iwell-guard\/","https:\/\/telegra.ph\/iWell-Guard-06-06","https:\/\/pbase.com\/iwellguard\/iwellguard","https:\/\/b.hatena.ne.jp\/iwellguard\/20260607#bookmark-4788405196491818882","https:\/\/fliphtml5.com\/home\/iwellguard","https:\/\/anyflip.com\/homepage\/cmiwl#About","https:\/\/transfur.com\/Users\/iwellguard","http:\/\/delphi.larsbo.org\/user\/iwellguard","https:\/\/jobs.lajobsportal.org\/profiles\/8380803-iwell-guard","https:\/\/md.chaosdorf.de\/s\/jfbe5SBdJD","https:\/\/www.lingvolive.com\/en-us\/profile\/9ecaeaca-ce11-4e51-9e71-01d55e2bff36\/translations","https:\/\/www.fitday.com\/fitness\/forums\/members\/iwellguard.html","https:\/\/www.mymeetbook.com\/iwellguard","https:\/\/pxhere.com\/en\/photographer-me\/5040798","https:\/\/disqus.com\/by\/iwellguard\/about\/","https:\/\/pastelink.net\/hjwciqwq","https:\/\/pubhtml5.com\/homepage\/scjhn\/","https:\/\/www.bitchute.com\/channel\/2O2eOKzNqujT","https:\/\/audiomack.com\/iwellguard"]}]}},"_links":{"self":[{"href":"https:\/\/iwell-guard.com\/sk\/wp-json\/wp\/v2\/pages\/157681","targetHints":{"allow":["GET"]}}],"collection":[{"href":"https:\/\/iwell-guard.com\/sk\/wp-json\/wp\/v2\/pages"}],"about":[{"href":"https:\/\/iwell-guard.com\/sk\/wp-json\/wp\/v2\/types\/page"}],"author":[{"embeddable":true,"href":"https:\/\/iwell-guard.com\/sk\/wp-json\/wp\/v2\/users\/3"}],"replies":[{"embeddable":true,"href":"https:\/\/iwell-guard.com\/sk\/wp-json\/wp\/v2\/comments?post=157681"}],"version-history":[{"count":0,"href":"https:\/\/iwell-guard.com\/sk\/wp-json\/wp\/v2\/pages\/157681\/revisions"}],"wp:featuredmedia":[{"embeddable":true,"href":"https:\/\/iwell-guard.com\/sk\/wp-json\/wp\/v2\/media\/1623"}],"wp:attachment":[{"href":"https:\/\/iwell-guard.com\/sk\/wp-json\/wp\/v2\/media?parent=157681"}],"wp:term":[{"taxonomy":"category","embeddable":true,"href":"https:\/\/iwell-guard.com\/sk\/wp-json\/wp\/v2\/categories?post=157681"}],"curies":[{"name":"wp","href":"https:\/\/api.w.org\/{rel}","templated":true}]}}