{"id":157625,"date":"2026-09-04T22:15:21","date_gmt":"2026-09-04T22:15:21","guid":{"rendered":"https:\/\/iwell-guard.com\/?page_id=157625"},"modified":"2026-09-04T22:38:04","modified_gmt":"2026-09-04T22:38:04","slug":"sluagh","status":"publish","type":"page","link":"https:\/\/iwell-guard.com\/sk\/sluagh\/","title":{"rendered":"Sluagh"},"content":{"rendered":"\t\t<div data-elementor-type=\"wp-page\" data-elementor-id=\"157625\" class=\"elementor elementor-157625 elementor-1034\" data-elementor-post-type=\"page\">\n\t\t\t\t<div class=\"elementor-element elementor-element-10fdade e-flex e-con-boxed e-con e-parent\" data-id=\"10fdade\" data-element_type=\"container\" data-e-type=\"container\" data-settings=\"{&quot;background_background&quot;:&quot;classic&quot;}\">\n\t\t\t\t\t<div class=\"e-con-inner\">\n\t\t<div class=\"elementor-element elementor-element-herohlft0 e-flex e-con-boxed e-con e-child\" data-id=\"herohlft0\" data-element_type=\"container\" data-e-type=\"container\">\n\t\t\t\t\t<div class=\"e-con-inner\">\n\t\t<div class=\"elementor-element elementor-element-c3ceb64 e-con-full e-flex e-con e-child\" data-id=\"c3ceb64\" data-element_type=\"container\" data-e-type=\"container\">\n\t\t\t\t<div class=\"elementor-element elementor-element-96ae5e1 elementor-widget elementor-widget-heading\" data-id=\"96ae5e1\" data-element_type=\"widget\" data-e-type=\"widget\" data-widget_type=\"heading.default\">\n\t\t\t\t\t<h1 class=\"elementor-heading-title elementor-size-default\">Sluagh, duch keltskej trad\u00edcie<\/h1>\t\t\t\t<\/div>\n\t\t\t\t<div class=\"elementor-element elementor-element-e45238a elementor-widget elementor-widget-text-editor\" data-id=\"e45238a\" data-element_type=\"widget\" data-e-type=\"widget\" data-widget_type=\"text-editor.default\">\n\t\t\t\t\t\t\t\t\t<p><strong>Nesv\u00e4t\u00e9 vojsko mrtvych, letiace du\u0161e bez domova.<\/strong><\/p>\t\t\t\t\t\t\t\t<\/div>\n\t\t\t\t<\/div>\n\t\t<div class=\"elementor-element elementor-element-klsbdg01 e-con-full e-flex e-con e-parent\" data-id=\"klsbdg01\" data-element_type=\"container\" data-e-type=\"container\">\n\t\t\t\t<div class=\"elementor-element elementor-element-klshtm01 elementor-widget elementor-widget-html\" data-id=\"klshtm01\" data-element_type=\"widget\" data-e-type=\"widget\" data-widget_type=\"html.default\">\n\t\t\t\t\t<div class=\"iwg-pill-row\"><span class=\"iwg-klasse-badge\" tabindex=\"0\" data-tooltip=\"Duch: Nehmotn\u00e1 alebo polovi\u010dne hmotn\u00e1 bytos\u0165, zosnul\u00ed, pr\u00edrodn\u00e9 bytosti, dom\u00e1ci duchovia alebo str\u00e1\u017ecovia prahu. P\u00f4sob\u00ed v ka\u017edodennom \u017eivote, \u010dasto viazan\u00ed na miesta alebo rodiny.\">Duch<\/span><a href=\"https:\/\/iwell-guard.com\/sk\/?page_id=157607\" class=\"iwg-kultur-badge\" tabindex=\"0\" data-tooltip=\"Keltsk\u00e9 n\u00e1bo\u017eenstvo z\u00e1padnej Eur\u00f3py a Britsk\u00fdch ostrovov, mytologicky dochovan\u00e9 prostredn\u00edctvom \u00edrsko-walesk\u00fdch textov.\">Keltsk\u00e9<\/a><\/div>\t\t\t\t<\/div>\n\t\t\t\t<\/div>\n\t\t<div class=\"elementor-element elementor-element-3f74855 e-con-full e-flex e-con e-child\" data-id=\"3f74855\" data-element_type=\"container\" data-e-type=\"container\">\n\t\t\t\t<div class=\"elementor-element elementor-element-1c30362 elementor-toc--minimized-on-tablet elementor-widget elementor-widget-table-of-contents\" data-id=\"1c30362\" data-element_type=\"widget\" data-e-type=\"widget\" data-settings=\"{&quot;exclude_headings_by_selector&quot;:[],&quot;no_headings_message&quot;:&quot;Na tejto str\\u00e1nke sa nena\\u0161li \\u017eiadne nadpisy.&quot;,&quot;headings_by_tags&quot;:[&quot;h2&quot;,&quot;h3&quot;],&quot;marker_view&quot;:&quot;bullets&quot;,&quot;icon&quot;:{&quot;value&quot;:&quot;fas fa-circle&quot;,&quot;library&quot;:&quot;fa-solid&quot;,&quot;rendered_tag&quot;:&quot;&lt;svg class=\\&quot;e-font-icon-svg e-fas-circle\\&quot; viewBox=\\&quot;0 0 512 512\\&quot; xmlns=\\&quot;http:\\\/\\\/www.w3.org\\\/2000\\\/svg\\&quot;&gt;&lt;path d=\\&quot;M256 8C119 8 8 119 8 256s111 248 248 248 248-111 248-248S393 8 256 8z\\&quot;&gt;&lt;\\\/path&gt;&lt;\\\/svg&gt;&quot;},&quot;minimize_box&quot;:&quot;yes&quot;,&quot;minimized_on&quot;:&quot;tablet&quot;,&quot;hierarchical_view&quot;:&quot;yes&quot;,&quot;min_height&quot;:{&quot;unit&quot;:&quot;px&quot;,&quot;size&quot;:&quot;&quot;,&quot;sizes&quot;:[]},&quot;min_height_tablet&quot;:{&quot;unit&quot;:&quot;px&quot;,&quot;size&quot;:&quot;&quot;,&quot;sizes&quot;:[]},&quot;min_height_mobile&quot;:{&quot;unit&quot;:&quot;px&quot;,&quot;size&quot;:&quot;&quot;,&quot;sizes&quot;:[]}}\" data-widget_type=\"table-of-contents.default\">\n\t\t\t\t\t\t\t\t\t<div class=\"elementor-toc__header\">\n\t\t\t\t\t\t<h2 class=\"elementor-toc__header-title\">\n\t\t\t\tObsah\t\t\t<\/h2>\n\t\t\t\t\t\t\t\t\t\t<div class=\"elementor-toc__toggle-button elementor-toc__toggle-button--expand\" role=\"button\" tabindex=\"0\" aria-controls=\"elementor-toc__1c30362\" aria-expanded=\"true\" aria-label=\"Open table of contents\"><svg aria-hidden=\"true\" class=\"e-font-icon-svg e-fas-chevron-down\" viewBox=\"0 0 448 512\" xmlns=\"http:\/\/www.w3.org\/2000\/svg\"><path d=\"M207.029 381.476L12.686 187.132c-9.373-9.373-9.373-24.569 0-33.941l22.667-22.667c9.357-9.357 24.522-9.375 33.901-.04L224 284.505l154.745-154.021c9.379-9.335 24.544-9.317 33.901.04l22.667 22.667c9.373 9.373 9.373 24.569 0 33.941L240.971 381.476c-9.373 9.372-24.569 9.372-33.942 0z\"><\/path><\/svg><\/div>\n\t\t\t\t<div class=\"elementor-toc__toggle-button elementor-toc__toggle-button--collapse\" role=\"button\" tabindex=\"0\" aria-controls=\"elementor-toc__1c30362\" aria-expanded=\"true\" aria-label=\"Close table of contents\"><svg aria-hidden=\"true\" class=\"e-font-icon-svg e-fas-chevron-up\" viewBox=\"0 0 448 512\" xmlns=\"http:\/\/www.w3.org\/2000\/svg\"><path d=\"M240.971 130.524l194.343 194.343c9.373 9.373 9.373 24.569 0 33.941l-22.667 22.667c-9.357 9.357-24.522 9.375-33.901.04L224 227.495 69.255 381.516c-9.379 9.335-24.544 9.317-33.901-.04l-22.667-22.667c-9.373-9.373-9.373-24.569 0-33.941L207.03 130.525c9.372-9.373 24.568-9.373 33.941-.001z\"><\/path><\/svg><\/div>\n\t\t\t\t\t<\/div>\n\t\t\t\t<div id=\"elementor-toc__1c30362\" class=\"elementor-toc__body\">\n\t\t\t<div class=\"elementor-toc__spinner-container\">\n\t\t\t\t<svg class=\"elementor-toc__spinner eicon-animation-spin e-font-icon-svg e-eicon-loading\" aria-hidden=\"true\" viewBox=\"0 0 1000 1000\" xmlns=\"http:\/\/www.w3.org\/2000\/svg\"><path d=\"M500 975V858C696 858 858 696 858 500S696 142 500 142 142 304 142 500H25C25 237 238 25 500 25S975 237 975 500 763 975 500 975Z\"><\/path><\/svg>\t\t\t<\/div>\n\t\t<\/div>\n\t\t\t\t\t\t<\/div>\n\t\t\t\t<\/div>\n\t\t\t\t\t<\/div>\n\t\t\t\t<\/div>\n\t\t<div class=\"elementor-element elementor-element-herorght0 e-con-full e-flex e-con e-child\" data-id=\"herorght0\" data-element_type=\"container\" data-e-type=\"container\">\n\t\t\t\t<div class=\"elementor-element elementor-element-heroimg00 iwg-hero-image elementor-widget elementor-widget-image\" data-id=\"heroimg00\" data-element_type=\"widget\" data-e-type=\"widget\" data-widget_type=\"image.default\">\n\t\t\t\t\t\t\t\t\t\t\t\t\t\t\t<img fetchpriority=\"high\" decoding=\"async\" width=\"683\" height=\"1024\" src=\"https:\/\/iwell-guard.com\/wp-content\/uploads\/2026\/04\/geister_keltisch_sluagh-683x1024.webp\" class=\"attachment-large size-large wp-image-159991\" alt=\"Sluagh \u2013 duchovia z keltskej trad\u00edcie, historicko-ilustra\u010dn\u00e9 zobrazenie\" srcset=\"https:\/\/iwell-guard.com\/wp-content\/uploads\/2026\/04\/geister_keltisch_sluagh-683x1024.webp 683w, https:\/\/iwell-guard.com\/wp-content\/uploads\/2026\/04\/geister_keltisch_sluagh-200x300.webp 200w, https:\/\/iwell-guard.com\/wp-content\/uploads\/2026\/04\/geister_keltisch_sluagh-768x1152.webp 768w, https:\/\/iwell-guard.com\/wp-content\/uploads\/2026\/04\/geister_keltisch_sluagh.webp 1024w\" sizes=\"(max-width: 683px) 100vw, 683px\" \/>\t\t\t\t\t\t\t\t\t\t\t\t\t\t\t<\/div>\n\t\t\t\t<\/div>\n\t\t\t\t\t<\/div>\n\t\t\t\t<\/div>\n\t\t<div class=\"elementor-element elementor-element-32917199 e-flex e-con-boxed e-con e-parent\" data-id=\"32917199\" data-element_type=\"container\" data-e-type=\"container\">\n\t\t\t\t\t<div class=\"e-con-inner\">\n\t\t<div class=\"elementor-element elementor-element-26e916cb e-flex e-con-boxed e-con e-child\" data-id=\"26e916cb\" data-element_type=\"container\" data-e-type=\"container\">\n\t\t\t\t\t<div class=\"e-con-inner\">\n\t\t<div class=\"elementor-element elementor-element-253a40d4 e-flex e-con-boxed e-con e-child\" data-id=\"253a40d4\" data-element_type=\"container\" data-e-type=\"container\">\n\t\t\t\t\t<div class=\"e-con-inner\">\n\t\t\t\t<div class=\"elementor-element elementor-element-1200c304 elementor-widget elementor-widget-heading\" data-id=\"1200c304\" data-element_type=\"widget\" data-e-type=\"widget\" data-widget_type=\"heading.default\">\n\t\t\t\t\t<div class=\"elementor-heading-title elementor-size-default\">Sluagh<\/div>\t\t\t\t<\/div>\n\t\t\t\t<div class=\"elementor-element elementor-element-11758e7f elementor-widget elementor-widget-text-editor\" data-id=\"11758e7f\" data-element_type=\"widget\" data-e-type=\"widget\" data-widget_type=\"text-editor.default\">\n\t\t\t\t\t\t\t\t\t<p>Sluagh je <span class=\"iwg-fachbegriff\" data-tooltip=\"Netelesn\u00e1 bytos\u0165, ktorej sa pripisuje p\u00f4sobenie vo svete.\" tabindex=\"0\">duch<\/span> keltskej trad\u00edcie.<\/p><p>Sluagh, po gaelsky \u201evojsko&#8220;, je kolektiv nepokojn\u00fdch du\u0161\u00ed v keltskom (predov\u0161etk\u00fdm \u0161k\u00f3tsko-gaelskom a \u00edrskom) <span class=\"iwg-fachbegriff\" data-tooltip=\"Dochovan\u00e1 \u013eudov\u00e1 kult\u00fara so zvykmi, rozpr\u00e1vaniami a pies\u0148ami.\" tabindex=\"0\">folkl\u00f3re<\/span>. Tvoria letiaci roj na no\u010dnom nebi, prech\u00e1dzaj\u00fa okolo s ve\u013ek\u00fdm hlukom a m\u00f4\u017eu odnies\u0165 umieraj\u00facich z ich postel\u00ed.<\/p><p>Vraj prenikaj\u00fa predov\u0161etk\u00fdm cez z\u00e1padn\u00e9 okno; v mnoh\u00fdch pobre\u017en\u00fdch oblastiach z\u00e1padn\u00e9ho \u0160k\u00f3tska preto a\u017e do 20. storo\u010dia zost\u00e1vala z\u00e1padn\u00e1 strana domu, kde le\u017eal zomieraj\u00faci, zatvoren\u00e1 a zahalen\u00e1.<\/p><p>Ako zbern\u00e1 postava neupokojen\u00fdch mrtvych stoj\u00ed Sluagh spolu s <a href=\"https:\/\/iwell-guard.com\/sk\/?page_id=157624\">Banshee<\/a> a <a href=\"https:\/\/iwell-guard.com\/sk\/?page_id=157628\">Dullahanom<\/a> za keltsk\u00fdm vz\u0165ahom k smrti: nie individu\u00e1lny protivn\u00edk, ale spolo\u010denstvo neupokojen\u00fdch. T\u00e1to postava m\u00e1 paralely s germ\u00e1nskym \u201eDiv\u00fdm honom&#8220;, s gr\u00e9ckymi <a href=\"https:\/\/iwell-guard.com\/sk\/?page_id=157591\">K\u00e9rami (Keres)<\/a> a s mezopot\u00e1mskymi <a href=\"https:\/\/iwell-guard.com\/sk\/?page_id=157579\">Gallu<\/a>. V modernej fantasy recepcii zost\u00e1va \u017eiv\u00e1.<\/p><div><p><strong>\u0160k\u00f3tsko-\u00edrska trad\u00edcia vojsk mrtvych<\/strong><\/p><p><em>Sluagh<\/em> (\u00edrsky \u201emno\u017estvo&#8220; alebo \u201evojsko&#8220;) sa objavuje v \u0161k\u00f3tskych a \u00edrskych podaniach ako mno\u017estvo mrtvych, ktor\u00e9 no\u010dne putuj\u00fa krajinou. V \u0161k\u00f3tskej gael\u010dine sa t\u00e1to bytos\u0165 \u010dasto naz\u00fdva <em>sluagh s\u00eddhe<\/em> (vojsko v\u00edlin\u00fdch kopcov) alebo <em>sluagh gaoithe<\/em> (vojsko vetra).<\/p><p>To odkazuje na ist\u00fa ambivalenciu: Sluagh m\u00f4\u017ee pozost\u00e1va\u0165 bu\u010f z padl\u00fdch v\u00edl, alebo z nepokojn\u00fdch \u013eudsk\u00fdch du\u0161\u00ed; prame\u0148e to jednozna\u010dne nevysvet\u013euj\u00fa.<\/p><p>John Gregorson Campbell, \u0161k\u00f3tsky folklorista 19. storo\u010dia, vo svojich zbierkach zaznamenal Sluagh ako no\u010dn\u00fd jav, pri ktorom bolo treba ma\u0165 zatvoren\u00e9 okn\u00e1, aby vojsko neprenikalo do domu. Tieto opatrenia boli region\u00e1lne ust\u00e1len\u00e9, \u010do nazna\u010duje, \u017ee t\u00e1to viera nebola len individu\u00e1lnym v\u00fdmyslom, ale bola zakotven\u00e1 kolekt\u00edvne.<\/p><\/div>\t\t\t\t\t\t\t\t<\/div>\n\t\t\t\t\t<\/div>\n\t\t\t\t<\/div>\n\t\t<div class=\"elementor-element elementor-element-159dcf9a e-flex e-con-boxed e-con e-child\" data-id=\"159dcf9a\" data-element_type=\"container\" data-e-type=\"container\">\n\t\t\t\t\t<div class=\"e-con-inner\">\n\t\t\t\t<div class=\"elementor-element elementor-element-48cee66f elementor-widget elementor-widget-heading\" data-id=\"48cee66f\" data-element_type=\"widget\" data-e-type=\"widget\" data-widget_type=\"heading.default\">\n\t\t\t\t\t<h2 class=\"elementor-heading-title elementor-size-default\">Na prv\u00fd poh\u013ead: Sluagh<\/h2>\t\t\t\t<\/div>\n\t\t\t\t<div class=\"elementor-element elementor-element-3f50d82c elementor-widget elementor-widget-text-editor\" data-id=\"3f50d82c\" data-element_type=\"widget\" data-e-type=\"widget\" data-widget_type=\"text-editor.default\">\n\t\t\t\t\t\t\t\t\t<p><strong>Typ:<\/strong> Kolektiv nepokojn\u00fdch du\u0161\u00ed, letiace vojsko mrtvych<br>P\u00f4vod: Neupokojen\u00ed, hre\u0161iaci, opusten\u00ed mrtv\u00ed<br>Texty: \u0161k\u00f3tska a \u00edrska \u013eudov\u00e1 trad\u00edcia, Evans-Wentz<br>\u010casov\u00e9 obdobie: od stredoveku po s\u00fa\u010dasnos\u0165<br>Obrana: zatvoren\u00e9 z\u00e1padn\u00e9 okno, kr\u00ed\u017ee, so\u013e, \u017eelezo<\/p>\t\t\t\t\t\t\t\t<\/div>\n\t\t\t\t\t<\/div>\n\t\t\t\t<\/div>\n\t\t\t\t\t<\/div>\n\t\t\t\t<\/div>\n\t\t\t\t\t<\/div>\n\t\t\t\t<\/div>\n\t\t<div class=\"elementor-element elementor-element-18613602 e-flex e-con-boxed e-con e-parent\" data-id=\"18613602\" data-element_type=\"container\" data-e-type=\"container\">\n\t\t\t\t\t<div class=\"e-con-inner\">\n\t\t\t\t<div class=\"elementor-element elementor-element-262b8a9f elementor-widget elementor-widget-heading\" data-id=\"262b8a9f\" data-element_type=\"widget\" data-e-type=\"widget\" data-widget_type=\"heading.default\">\n\t\t\t\t\t<h2 class=\"elementor-heading-title elementor-size-default\">Historick\u00e9 zaradenie<\/h2>\t\t\t\t<\/div>\n\t\t<div class=\"elementor-element elementor-element-46dcb7d e-con-full e-flex e-con e-child\" data-id=\"46dcb7d\" data-element_type=\"container\" data-e-type=\"container\">\n\t\t<div class=\"elementor-element elementor-element-61d3ab3 e-flex e-con-boxed e-con e-child\" data-id=\"61d3ab3\" data-element_type=\"container\" data-e-type=\"container\">\n\t\t\t\t\t<div class=\"e-con-inner\">\n\t\t\t\t<div class=\"elementor-element elementor-element-117c166 elementor-widget elementor-widget-heading\" data-id=\"117c166\" data-element_type=\"widget\" data-e-type=\"widget\" data-widget_type=\"heading.default\">\n\t\t\t\t\t<div class=\"elementor-heading-title elementor-size-default\">Zeitraum der Texte<\/div>\t\t\t\t<\/div>\n\t\t\t\t<div class=\"elementor-element elementor-element-73997a0 elementor-widget elementor-widget-text-editor\" data-id=\"73997a0\" data-element_type=\"widget\" data-e-type=\"widget\" data-widget_type=\"text-editor.default\">\n\t\t\t\t\t\t\t\t\t<p><span data-nosnippet>Stredovek\u00e9 gaelsk\u00e9 pramene, hust\u00e1 pr\u00edtomnos\u0165 v \u0161k\u00f3tskej a \u00edrskej \u013eudovej literat\u00fare, bohato zdokumentovan\u00e9 v diele Evans-Wentza <em>Fairy-Faith in Celtic Countries<\/em> (1911) a v zbierkach Lady Gregory a J. F. Campbella.<\/span><\/p>\t\t\t\t\t\t\t\t<\/div>\n\t\t\t\t\t<\/div>\n\t\t\t\t<\/div>\n\t\t<div class=\"elementor-element elementor-element-d47b156 e-flex e-con-boxed e-con e-child\" data-id=\"d47b156\" data-element_type=\"container\" data-e-type=\"container\">\n\t\t\t\t\t<div class=\"e-con-inner\">\n\t\t\t\t<div class=\"elementor-element elementor-element-ff38c2b elementor-widget elementor-widget-heading\" data-id=\"ff38c2b\" data-element_type=\"widget\" data-e-type=\"widget\" data-widget_type=\"heading.default\">\n\t\t\t\t\t<div class=\"elementor-heading-title elementor-size-default\">Verbreitungsraum<\/div>\t\t\t\t<\/div>\n\t\t\t\t<div class=\"elementor-element elementor-element-4e49fcc elementor-widget elementor-widget-text-editor\" data-id=\"4e49fcc\" data-element_type=\"widget\" data-e-type=\"widget\" data-widget_type=\"text-editor.default\">\n\t\t\t\t\t\t\t\t\t<p>Predov\u0161etk\u00fdm gaelsk\u00e9 \u0160k\u00f3tsko (Hebridy, Highlands) a \u00cdrsko. Podobn\u00e9 mot\u00edvy v bret\u00f3nskej trad\u00edcii (<em>anaon<\/em>, mrtv\u00ed). Germ\u00e1nsky \u201eDiv\u00fd hon&#8220; je \u0161truktur\u00e1lne pr\u00edbuzn\u00fd.<\/p>\t\t\t\t\t\t\t\t<\/div>\n\t\t\t\t\t<\/div>\n\t\t\t\t<\/div>\n\t\t\t\t<\/div>\n\t\t<div class=\"elementor-element elementor-element-db03c39 e-con-full e-flex e-con e-child\" data-id=\"db03c39\" data-element_type=\"container\" data-e-type=\"container\">\n\t\t<div class=\"elementor-element elementor-element-229a87b e-flex e-con-boxed e-con e-child\" data-id=\"229a87b\" data-element_type=\"container\" data-e-type=\"container\">\n\t\t\t\t\t<div class=\"e-con-inner\">\n\t\t\t\t<div class=\"elementor-element elementor-element-1f471fc elementor-widget elementor-widget-heading\" data-id=\"1f471fc\" data-element_type=\"widget\" data-e-type=\"widget\" data-widget_type=\"heading.default\">\n\t\t\t\t\t<div class=\"elementor-heading-title elementor-size-default\">Quellenlage<\/div>\t\t\t\t<\/div>\n\t\t\t\t<div class=\"elementor-element elementor-element-36b1201 elementor-widget elementor-widget-text-editor\" data-id=\"36b1201\" data-element_type=\"widget\" data-e-type=\"widget\" data-widget_type=\"text-editor.default\">\n\t\t\t\t\t\t\t\t\t<p><span data-nosnippet>J. F. Campbellovo <em>Popular Tales of the West Highlands<\/em> (1860, 62), Evans-Wentz, Alexander Carmichaelove <em>Carmina Gadelica<\/em> (1900), arch\u00edvy <span class=\"iwg-fachbegriff\" data-tooltip=\"Veda, ktor\u00e1 sk\u00fama ka\u017edodenn\u00fa kult\u00faru, zvyky a dochovan\u00e9 predstavy.\" tabindex=\"0\">etnografie<\/span> Hebrid, modern\u00e9 etnografick\u00e9 pr\u00e1ce o \u0161k\u00f3tskom z\u00e1pade.<\/span><\/p>\t\t\t\t\t\t\t\t<\/div>\n\t\t\t\t\t<\/div>\n\t\t\t\t<\/div>\n\t\t\t\t<\/div>\n\t\t\t\t\t<\/div>\n\t\t\t\t<\/div>\n\t\t<div class=\"elementor-element elementor-element-3ae0637c e-flex e-con-boxed e-con e-parent\" data-id=\"3ae0637c\" data-element_type=\"container\" data-e-type=\"container\">\n\t\t\t\t\t<div class=\"e-con-inner\">\n\t\t\t\t<div class=\"elementor-element elementor-element-31d07739 elementor-widget elementor-widget-heading\" data-id=\"31d07739\" data-element_type=\"widget\" data-e-type=\"widget\" data-widget_type=\"heading.default\">\n\t\t\t\t\t<h2 class=\"elementor-heading-title elementor-size-default\">Ozna\u010denie a sp\u00f4soby z\u00e1pisu<\/h2>\t\t\t\t<\/div>\n\t\t<div class=\"elementor-element elementor-element-b7642947 e-con-full e-flex e-con e-child\" data-id=\"b7642947\" data-element_type=\"container\" data-e-type=\"container\">\n\t\t\t\t<div class=\"elementor-element elementor-element-a086266 elementor-widget elementor-widget-text-editor\" data-id=\"a086266\" data-element_type=\"widget\" data-e-type=\"widget\" data-widget_type=\"text-editor.default\">\n\t\t\t\t\t\t\t\t\t<p><strong>\u0160k\u00f3tsko-gaelsky:<\/strong> <em>sluagh<\/em>; <em>sluagh na marbh<\/em>, \u201evojsko mrtvych&#8220;; <em>sluagh s\u00ecth<\/em>, \u201evojsko kopcov&#8220;.<br>\u00cdrsky: <em>slua<\/em>, <em>sluagh<\/em>, m\u00e1lo roz\u0161\u00edren\u00e9 ako samostatn\u00fd pojem; sk\u00f4r ako zbern\u00e9 ozna\u010denie nepokojn\u00fdch mrtvych.<br>Pr\u00edbuzn\u00e9: bret\u00f3nsky <em>anaon<\/em>; germ\u00e1nsky Div\u00fd hon; severofranc\u00fazsky <em>Mesnie Hellequin<\/em>.<\/p><p>Gaelsk\u00e9 slovo <em>sluagh<\/em> p\u00f4vodne znamen\u00e1 jednoducho \u201evojsko&#8220;, ak\u00e9ko\u013evek mno\u017estvo \u013eud\u00ed. V \u013eudovej trad\u00edcii sa jeho v\u00fdznam z\u00fa\u017eil na vojsko mrtvych.<\/p>\t\t\t\t\t\t\t\t<\/div>\n\t\t\t\t<\/div>\n\t\t\t\t\t<\/div>\n\t\t\t\t<\/div>\n\t\t<div class=\"elementor-element elementor-element-709a44a8 e-flex e-con-boxed e-con e-parent\" data-id=\"709a44a8\" data-element_type=\"container\" data-e-type=\"container\">\n\t\t\t\t\t<div class=\"e-con-inner\">\n\t\t\t\t<div class=\"elementor-element elementor-element-2f585873 elementor-widget elementor-widget-heading\" data-id=\"2f585873\" data-element_type=\"widget\" data-e-type=\"widget\" data-widget_type=\"heading.default\">\n\t\t\t\t\t<h2 class=\"elementor-heading-title elementor-size-default\">Popis<\/h2>\t\t\t\t<\/div>\n\t\t<div class=\"elementor-element elementor-element-70621c12 e-con-full e-flex e-con e-child\" data-id=\"70621c12\" data-element_type=\"container\" data-e-type=\"container\">\n\t\t\t\t<div class=\"elementor-element elementor-element-4296eb49 elementor-widget elementor-widget-text-editor\" data-id=\"4296eb49\" data-element_type=\"widget\" data-e-type=\"widget\" data-widget_type=\"text-editor.default\">\n\t\t\t\t\t\t\t\t\t<p><strong>Zjav<\/strong><\/p><p>H\u00faf tmav\u00fdch vt\u00e1kov na ve\u010dernej obohnave, s nezvy\u010dajne hlu\u010dn\u00fdm tlkotom kr\u00eddel. Alebo h\u00faf \u010diernych tie\u0148ov, ktor\u00e9 sa \u0165ahaj\u00fa ako mraky. Jednotliv\u00e9 bytosti Sluagh s\u00fa niekedy individualizovan\u00e9 (s tv\u00e1rami, \u017ealostn\u00fdmi hlasmi), ale spravidla s\u00fa za\u017e\u00edvan\u00e9 ako kolekt\u00edv.<\/p><p><strong>Spr\u00e1vanie<\/strong><\/p><p>\u0164ahaj\u00fa sa nocou, najm\u00e4 na z\u00e1pad. M\u00f4\u017eu vytrhn\u00fa\u0165 umieraj\u00facich z ich l\u00f4\u017eok a vzia\u0165 ich do svojho sprievodu, du\u0161a sa potom st\u00e1va s\u00fa\u010das\u0165ou vojska. Niekedy sa usadia na domoch; \u017ealostn\u00fd zvuk cez kom\u00edn sa pova\u017euje za znamenie, \u017ee ich niekto z domu bude nasledova\u0165.<\/p><p><strong>Oblas\u0165 p\u00f4sobenia<\/strong><\/p><p>Vzduch nad domami, najm\u00e4 ve\u010der a v noci. Izby umieraj\u00facich, najm\u00e4 ak je otvoren\u00e9 z\u00e1padn\u00e9 okno. Cintor\u00edny a ich okolie v ur\u010dit\u00fdch prechodn\u00fdch nociach.<\/p><p><strong>Mytologick\u00e9 zaradenie<\/strong><\/p><p>S\u00fa\u010das\u0165 sveta Aes S\u00eddhe, ale na jeho temnom okraji, Sluagh nie s\u00fa obyvatelia pahorkov, ale t\u00ed, ktor\u00ed si pahorok nena\u0161li. V christianizovanom v\u00fdklade du\u0161e, ktor\u00e9 nem\u00f4\u017eu dosiahnu\u0165 ani nebo, ani peklo.<\/p><div><p><strong>James Macpherson a recepcia Ossiana<\/strong><\/p><p><span data-nosnippet>James <span class=\"iwg-fachbegriff\" tabindex=\"0\" data-tooltip=\"James Macpherson (1736\u20131796); \u0161k\u00f3tsky b\u00e1snik; autor Ossianov\u00fdch fragmentov (od 1760).\">Macpherson<\/span> vydal v roku 1760 <em>Fragments of Ancient Poetry<\/em>, ktor\u00e9 mali \u00fadajne poch\u00e1dza\u0165 od gaelsk\u00e9ho b\u00e1snika Ossiana. Macpherson prezentoval tieto diela ako prav\u00e9 stredovek\u00e9 texty, \u010do sa nesk\u00f4r uk\u00e1zalo ako podvrh.<\/span><\/p><p>Napriek tomu mali tieto texty enormn\u00fd kult\u00farny dosah. V Ossianov\u00fdch b\u00e1s\u0148ach sa objavuje koncept Sluagh, zosilnen\u00fd Macphersonov\u00fdm romantick\u00fdm v\u00fdkladom ako tragick\u00e9ho vojska m\u0155tvych, v\u00fdklad, ktor\u00fd dovtedy nebol takto centr\u00e1lny.<\/p><p>Macphersonova ossiansk\u00e1 fikcia trvalo ovplyvnila kult\u00farne vn\u00edmanie \u0161k\u00f3tskych a \u00edrskych trad\u00edci\u00ed. Sluagh sa touto liter\u00e1rnou sprostredkovan\u00edm romantizovala a preniesla k \u0161ir\u0161iemu eur\u00f3pskemu publiku. Historici sa st\u00e1le dohaduj\u00fa, ko\u013eko z modernej predstavy o Sluagh sa opiera o skuto\u010dn\u00fa trad\u00edciu a ko\u013eko o Macphersonovu fikciu.<\/p><\/div>\t\t\t\t\t\t\t\t<\/div>\n\t\t\t\t<\/div>\n\t\t\t\t\t<\/div>\n\t\t\t\t<\/div>\n\t\t<div class=\"elementor-element elementor-element-44e71476 e-flex e-con-boxed e-con e-parent\" data-id=\"44e71476\" data-element_type=\"container\" data-e-type=\"container\">\n\t\t\t\t\t<div class=\"e-con-inner\">\n\t\t\t\t<div class=\"elementor-element elementor-element-3c1fc3f0 elementor-widget elementor-widget-heading\" data-id=\"3c1fc3f0\" data-element_type=\"widget\" data-e-type=\"widget\" data-widget_type=\"heading.default\">\n\t\t\t\t\t<h2 class=\"elementor-heading-title elementor-size-default\">Profil: Sluagh<\/h2>\t\t\t\t<\/div>\n\t\t<div class=\"elementor-element elementor-element-84f33b8e e-con-full e-flex e-con e-child\" data-id=\"84f33b8e\" data-element_type=\"container\" data-e-type=\"container\">\n\t\t\t\t<div class=\"elementor-element elementor-element-hqkdc67p elementor-widget elementor-widget-text-editor\" data-id=\"hqkdc67p\" data-element_type=\"widget\" data-e-type=\"widget\" data-widget_type=\"text-editor.default\">\n\t\t\t\t\t\t\t\t\t<p>Najd\u00f4le\u017eitej\u0161ie charakteristiky bytosti Sluagh na jeden poh\u013ead.<\/p>\t\t\t\t\t\t\t\t<\/div>\n\t\t\t\t<\/div>\n\t\t<div class=\"elementor-element elementor-element-pemmx7c5 e-con-full e-flex e-con e-child\" data-id=\"pemmx7c5\" data-element_type=\"container\" data-e-type=\"container\">\n\t\t<div class=\"elementor-element elementor-element-pemmx7c1 e-con-full e-flex e-con e-child\" data-id=\"pemmx7c1\" data-element_type=\"container\" data-e-type=\"container\">\n\t\t<div class=\"elementor-element elementor-element-qh9oavvu iwg-steckbrief-card e-flex e-con-boxed e-con e-child\" data-id=\"qh9oavvu\" data-element_type=\"container\" data-e-type=\"container\">\n\t\t\t\t\t<div class=\"e-con-inner\">\n\t\t\t\t<div class=\"elementor-element elementor-element-awzx8k2k elementor-widget elementor-widget-heading\" data-id=\"awzx8k2k\" data-element_type=\"widget\" data-e-type=\"widget\" data-widget_type=\"heading.default\">\n\t\t\t\t\t<div class=\"elementor-heading-title elementor-size-default\">Trad\u00edcia<\/div>\t\t\t\t<\/div>\n\t\t\t\t<div class=\"elementor-element elementor-element-x6rowhv0 elementor-widget elementor-widget-text-editor\" data-id=\"x6rowhv0\" data-element_type=\"widget\" data-e-type=\"widget\" data-widget_type=\"text-editor.default\">\n\t\t\t\t\t\t\t\t\t<p>Kolekt\u00edv neodpo\u010d\u00edvaj\u00facich du\u0161\u00ed, hrie\u0161nych, zabudnut\u00fdch, zanedban\u00fdch mrtvych. Nie s\u00fa to jednotliv\u00e9 postavy, ale h\u00faf.<\/p>\t\t\t\t\t\t\t\t<\/div>\n\t\t\t\t\t<\/div>\n\t\t\t\t<\/div>\n\t\t<div class=\"elementor-element elementor-element-8e3o4kxs iwg-steckbrief-card e-flex e-con-boxed e-con e-child\" data-id=\"8e3o4kxs\" data-element_type=\"container\" data-e-type=\"container\">\n\t\t\t\t\t<div class=\"e-con-inner\">\n\t\t\t\t<div class=\"elementor-element elementor-element-08rkdgov elementor-widget elementor-widget-heading\" data-id=\"08rkdgov\" data-element_type=\"widget\" data-e-type=\"widget\" data-widget_type=\"heading.default\">\n\t\t\t\t\t<div class=\"elementor-heading-title elementor-size-default\">Ciele Sluagh<\/div>\t\t\t\t<\/div>\n\t\t\t\t<div class=\"elementor-element elementor-element-uwjelx8s elementor-widget elementor-widget-text-editor\" data-id=\"uwjelx8s\" data-element_type=\"widget\" data-e-type=\"widget\" data-widget_type=\"text-editor.default\">\n\t\t\t\t\t\t\t\t\t<p>Umieraj\u00faci na svojich l\u00f4\u017ekach, najm\u00e4 pri otvorenom z\u00e1padnom okne. V \u0161ir\u0161om v\u00fdklade: \u013eudia v hrani\u010dn\u00fdch situ\u00e1ci\u00e1ch medzi \u017eivotom a smr\u0165ou.<\/p>\t\t\t\t\t\t\t\t<\/div>\n\t\t\t\t\t<\/div>\n\t\t\t\t<\/div>\n\t\t<div class=\"elementor-element elementor-element-jm2n74ec iwg-steckbrief-card e-flex e-con-boxed e-con e-child\" data-id=\"jm2n74ec\" data-element_type=\"container\" data-e-type=\"container\">\n\t\t\t\t\t<div class=\"e-con-inner\">\n\t\t\t\t<div class=\"elementor-element elementor-element-8vufse4c elementor-widget elementor-widget-heading\" data-id=\"8vufse4c\" data-element_type=\"widget\" data-e-type=\"widget\" data-widget_type=\"heading.default\">\n\t\t\t\t\t<div class=\"elementor-heading-title elementor-size-default\">Forma<\/div>\t\t\t\t<\/div>\n\t\t\t\t<div class=\"elementor-element elementor-element-mwb9u015 elementor-widget elementor-widget-text-editor\" data-id=\"mwb9u015\" data-element_type=\"widget\" data-e-type=\"widget\" data-widget_type=\"text-editor.default\">\n\t\t\t\t\t\t\t\t\t<p>H\u00faf tmav\u00fdch vt\u00e1kov alebo tie\u0148ov, hlu\u010dn\u00fd tlkot kr\u00eddel. Jednotliv\u00e9 tv\u00e1re s\u00fa pr\u00edle\u017eitostne vidite\u013en\u00e9, spravidla sa v\u0161ak javia ako kolekt\u00edv.<\/p>\t\t\t\t\t\t\t\t<\/div>\n\t\t\t\t\t<\/div>\n\t\t\t\t<\/div>\n\t\t\t\t<\/div>\n\t\t<div class=\"elementor-element elementor-element-pemmx7c2 e-con-full e-flex e-con e-child\" data-id=\"pemmx7c2\" data-element_type=\"container\" data-e-type=\"container\">\n\t\t<div class=\"elementor-element elementor-element-37ss2yr6 iwg-steckbrief-card e-flex e-con-boxed e-con e-child\" data-id=\"37ss2yr6\" data-element_type=\"container\" data-e-type=\"container\">\n\t\t\t\t\t<div class=\"e-con-inner\">\n\t\t\t\t<div class=\"elementor-element elementor-element-3v0wp3wx elementor-widget elementor-widget-heading\" data-id=\"3v0wp3wx\" data-element_type=\"widget\" data-e-type=\"widget\" data-widget_type=\"heading.default\">\n\t\t\t\t\t<div class=\"elementor-heading-title elementor-size-default\">Oblas\u0165 p\u00f4sobenia<\/div>\t\t\t\t<\/div>\n\t\t\t\t<div class=\"elementor-element elementor-element-w3247g2m elementor-widget elementor-widget-text-editor\" data-id=\"w3247g2m\" data-element_type=\"widget\" data-e-type=\"widget\" data-widget_type=\"text-editor.default\">\n\t\t\t\t\t\t\t\t\t<p>Vytrh\u00e1va umieraj\u00facich, odn\u00e1\u0161a du\u0161e do podsvetia. Samotn\u00fd sprievod prin\u00e1\u0161a ne\u0161\u0165astie na domy, okolo ktor\u00fdch prech\u00e1dza.<\/p>\t\t\t\t\t\t\t\t<\/div>\n\t\t\t\t\t<\/div>\n\t\t\t\t<\/div>\n\t\t<div class=\"elementor-element elementor-element-0qpjal9w iwg-steckbrief-card e-flex e-con-boxed e-con e-child\" data-id=\"0qpjal9w\" data-element_type=\"container\" data-e-type=\"container\">\n\t\t\t\t\t<div class=\"e-con-inner\">\n\t\t\t\t<div class=\"elementor-element elementor-element-6ndoih0o elementor-widget elementor-widget-heading\" data-id=\"6ndoih0o\" data-element_type=\"widget\" data-e-type=\"widget\" data-widget_type=\"heading.default\">\n\t\t\t\t\t<div class=\"elementor-heading-title elementor-size-default\">Ochrana<\/div>\t\t\t\t<\/div>\n\t\t\t\t<div class=\"elementor-element elementor-element-6684tyh9 elementor-widget elementor-widget-text-editor\" data-id=\"6684tyh9\" data-element_type=\"widget\" data-e-type=\"widget\" data-widget_type=\"text-editor.default\">\n\t\t\t\t\t\t\t\t\t<p>Z\u00e1padn\u00e9 okno zatvoren\u00e9 a zahalen\u00e9 v pr\u00edpade \u00famrtia; kr\u00ed\u017ee a sv\u00e4t\u00e9 obr\u00e1zky v izbe umieraj\u00faceho; so\u013e na prahoch; \u017eelezo na okenn\u00fdch r\u00e1moch. Pri prechode Sluagh: utiec\u0165 do domu, nechodi\u0165 na polia.<\/p>\t\t\t\t\t\t\t\t<\/div>\n\t\t\t\t\t<\/div>\n\t\t\t\t<\/div>\n\t\t<div class=\"elementor-element elementor-element-3lfi7x32 iwg-steckbrief-card e-flex e-con-boxed e-con e-child\" data-id=\"3lfi7x32\" data-element_type=\"container\" data-e-type=\"container\">\n\t\t\t\t\t<div class=\"e-con-inner\">\n\t\t\t\t<div class=\"elementor-element elementor-element-0kg99ga1 elementor-widget elementor-widget-heading\" data-id=\"0kg99ga1\" data-element_type=\"widget\" data-e-type=\"widget\" data-widget_type=\"heading.default\">\n\t\t\t\t\t<div class=\"elementor-heading-title elementor-size-default\">Paralely Sluagh<\/div>\t\t\t\t<\/div>\n\t\t\t\t<div class=\"elementor-element elementor-element-n0fum6kp elementor-widget elementor-widget-text-editor\" data-id=\"n0fum6kp\" data-element_type=\"widget\" data-e-type=\"widget\" data-widget_type=\"text-editor.default\">\n\t\t\t\t\t\t\t\t\t<p>Div\u00fd lov (germ\u00e1nsky), <a href=\"https:\/\/iwell-guard.com\/sk\/?page_id=157591\">Keres<\/a>, Mesnie Hellequin (franc\u00fazsky), <a href=\"https:\/\/iwell-guard.com\/sk\/?page_id=157579\">Gallu<\/a>, bret\u00f3nski anaon.<\/p>\t\t\t\t\t\t\t\t<\/div>\n\t\t\t\t\t<\/div>\n\t\t\t\t<\/div>\n\t\t\t\t<\/div>\n\t\t\t\t<\/div>\n\t\t\t\t\t<\/div>\n\t\t\t\t<\/div>\n\t\t<div class=\"elementor-element elementor-element-7533bc7a e-flex e-con-boxed e-con e-parent\" data-id=\"7533bc7a\" data-element_type=\"container\" data-e-type=\"container\">\n\t\t\t\t\t<div class=\"e-con-inner\">\n\t\t\t\t<div class=\"elementor-element elementor-element-2447d18d elementor-widget elementor-widget-heading\" data-id=\"2447d18d\" data-element_type=\"widget\" data-e-type=\"widget\" data-widget_type=\"heading.default\">\n\t\t\t\t\t<h2 class=\"elementor-heading-title elementor-size-default\">Ochrann\u00e1 prax<\/h2>\t\t\t\t<\/div>\n\t\t<div class=\"elementor-element elementor-element-d5d0260c e-con-full e-flex e-con e-child\" data-id=\"d5d0260c\" data-element_type=\"container\" data-e-type=\"container\">\n\t\t\t\t<div class=\"elementor-element elementor-element-341be2ac elementor-widget elementor-widget-text-editor\" data-id=\"341be2ac\" data-element_type=\"widget\" data-e-type=\"widget\" data-widget_type=\"text-editor.default\">\n\t\t\t\t\t\t\t\t\t<p><strong>Prax pri smrte\u013enej posteli<\/strong><\/p><p>V zachodo\u0161k\u00f3tskom \u013eudovom presved\u010den\u00ed sa pri umieraj\u00facich zamykalo z\u00e1padn\u00e9 okno a zaha\u013eovalo l\u00e1tkou. Niektor\u00e9 rodiny ponechali otvoren\u00e9 okno na severnej strane, aby du\u0161a mohla od\u00eds\u0165 severn\u00fdm oknom, ale nikdy na z\u00e1pad, kde \u010dakaj\u00fa bytosti Sluagh.<\/p><p><strong>Ochrana domu<\/strong><\/p><p>Stopy soli pred z\u00e1padn\u00fdmi oknami a pri vchodoch domov. \u017delezn\u00e9 klince na okenn\u00fdch r\u00e1moch. Horiace svie\u010dky, ktor\u00e9 nesm\u00fa vyhasn\u00fa\u0165. Modlitby z Carmina Gadelica (zbierka Alexandra Carmichaela) obsahuj\u00fa vlastn\u00e9 texty na obranu proti Sluagh.<\/p><p><strong>Spr\u00e1vanie pri zjaven\u00ed<\/strong><\/p><p>Ke\u010f Sluagh prech\u00e1dza: \u013eudia sa uchy\u013euj\u00fa do domov. Nikdy nechodi\u0165 na polia, nepozera\u0165 na nebo. V niektor\u00fdch trad\u00edci\u00e1ch \u013eudia padaj\u00fa na zem a zakr\u00fdvaj\u00fa si tv\u00e1r a u\u0161i, k\u00fdm sprievod neprejde.<\/p>\t\t\t\t\t\t\t\t<\/div>\n\t\t\t\t<\/div>\n\t\t\t\t\t<\/div>\n\t\t\t\t<\/div>\n\t\t<div class=\"elementor-element elementor-element-5a584676 e-flex e-con-boxed e-con e-parent\" data-id=\"5a584676\" data-element_type=\"container\" data-e-type=\"container\">\n\t\t\t\t\t<div class=\"e-con-inner\">\n\t\t\t\t<div class=\"elementor-element elementor-element-6d0757bf elementor-widget elementor-widget-heading\" data-id=\"6d0757bf\" data-element_type=\"widget\" data-e-type=\"widget\" data-widget_type=\"heading.default\">\n\t\t\t\t\t<h2 class=\"elementor-heading-title elementor-size-default\">Paralely a v\u00fdznam<\/h2>\t\t\t\t<\/div>\n\t\t<div class=\"elementor-element elementor-element-60563f68 e-con-full e-flex e-con e-child\" data-id=\"60563f68\" data-element_type=\"container\" data-e-type=\"container\">\n\t\t\t\t<div class=\"elementor-element elementor-element-5a93fdd6 elementor-widget elementor-widget-text-editor\" data-id=\"5a93fdd6\" data-element_type=\"widget\" data-e-type=\"widget\" data-widget_type=\"text-editor.default\">\n\t\t\t\t\t\t\t\t\t<p><strong>Eur\u00f3pske paralely:<\/strong> Germ\u00e1nsky \u201eDiv\u00fd lov&#8220;, Odin alebo mytick\u00fd lovec s vojskom mrtvych, je \u0161truktur\u00e1lne najbli\u017e\u0161ou paralelou. Mesnie Hellequin vo Franc\u00fazsku, Z\u00fariv\u00e9 vojsko v \u010dasti Nemecka, bret\u00f3nski anaon, v\u0161etci zdie\u013eaj\u00fa <span class=\"iwg-fachbegriff\" data-tooltip=\"Opakuj\u00faci sa obsahov\u00fd prvok v umen\u00ed alebo rozpr\u00e1van\u00ed.\" tabindex=\"0\">mot\u00edv<\/span> letiaceho kolekt\u00edvu mrtvych.<\/p><p><strong><span class=\"iwg-fachbegriff\" data-tooltip=\"Epocha gr\u00e9ckej a r\u00edmskej kult\u00fary, pribli\u017ene od 800 pred Kr. do 600 po Kr.\" tabindex=\"0\">Antika<\/span> paralely<\/strong><\/p><p><a href=\"https:\/\/iwell-guard.com\/sk\/?page_id=157591\">Keres<\/a> nad bojiskom a <a href=\"https:\/\/iwell-guard.com\/sk\/?page_id=157579\">Gallu<\/a> ako vykon\u00e1vatelia podsvetia ukazuj\u00fa \u0161truktur\u00e1lne podobn\u00e9 kolekt\u00edvne obrazy smrti.<\/p><p><strong>Kult\u00farny kontext:<\/strong> Predstava o Sluagh odr\u00e1\u017ea keltsk\u00e9 nap\u00e4tie medzi smr\u0165ou a in\u00fdm svetom: nie v\u0161etko je prijat\u00e9, nie\u010do zost\u00e1va desivo medzi. <span class=\"iwg-fachbegriff\" data-tooltip=\"Opakuj\u00faci sa obsahov\u00fd prvok v umen\u00ed alebo rozpr\u00e1van\u00ed.\" tabindex=\"0\">Mot\u00edv<\/span> z\u00edskal za koloni\u00e1lnych podmienok a po\u010das Ve\u013ek\u00e9ho hladomoru \u010fal\u0161iu vrstvu aktualiz\u00e1cie ako obraz historick\u00fdch traum.<\/p><div><p><strong>Kosmologick\u00e1 funkcia a hranica medzi \u017eivotom a smr\u0165ou<\/strong><\/p><p>Sluagh v keltsk\u00fdch predstav\u00e1ch vyzna\u010duje hranicu medzi svetom \u017eiv\u00fdch a in\u00fdm svetom. Nie s\u00fa zatraten\u00ed v kres\u0165anskom zmysle, ale s\u00fa prechodn\u00ed, bytosti putuj\u00face medzi svetmi.<\/p><p>Toto kosmologick\u00e9 postavenie odli\u0161uje Sluagh od demonick\u00fdch bytost\u00ed, ktor\u00e9 existuj\u00fa samy pre seba. Sluagh je sk\u00f4r manifest\u00e1ciou kolekt\u00edvneho nepokoja, prechodu, ktor\u00fd nie je uzavret\u00fd.<\/p><p>Modern\u00e1 religionistick\u00e1 literat\u00fara pova\u017euje Sluagh za kult\u00farnu externaliz\u00e1ciu sm\u00fatku a straty, formu, ktorou spolo\u010dnosti sprac\u00favaj\u00fa svojich mrtvych a narat\u00edvne im vyhradzuj\u00fa priestor. T\u00e1to psychologick\u00e1 alebo soci\u00e1lna interpret\u00e1cia nenahr\u00e1dza, ale dopl\u0148a nadprirodzen\u00fd v\u00fdklad.<\/p><\/div>\t\t\t\t\t\t\t\t<\/div>\n\t\t\t\t<\/div>\n\t\t\t\t\t<\/div>\n\t\t\t\t<\/div>\n\t\t<div class=\"elementor-element elementor-element-cp11d2237 e-flex e-con-boxed e-con e-parent\" data-id=\"cp11d2237\" data-element_type=\"container\" data-e-type=\"container\">\n\t\t\t\t\t<div class=\"e-con-inner\">\n\t\t\t\t<div class=\"elementor-element elementor-element-cpe310340 elementor-widget elementor-widget-heading\" data-id=\"cpe310340\" data-element_type=\"widget\" data-e-type=\"widget\" data-widget_type=\"heading.default\">\n\t\t\t\t\t<h2 class=\"elementor-heading-title elementor-size-default\">Vojsko mrtvych gaelskej trad\u00edcie<\/h2>\t\t\t\t<\/div>\n\t\t<div class=\"elementor-element elementor-element-cp3533826 e-con-full e-flex e-con e-child\" data-id=\"cp3533826\" data-element_type=\"container\" data-e-type=\"container\">\n\t\t\t\t<div class=\"elementor-element elementor-element-cpffc10cc elementor-widget elementor-widget-text-editor\" data-id=\"cpffc10cc\" data-element_type=\"widget\" data-e-type=\"widget\" data-widget_type=\"text-editor.default\">\n\t\t\t\t\t\t\t\t\t<p><em>Sluagh<\/em> (v gael\u010dine \u201evojsko, z\u00e1stup, dav\u201c), vo <span class=\"iwg-fachbegriff\" data-tooltip=\"Tradovan\u00e1 \u013eudov\u00e1 kult\u00fara so zvykmi, rozpr\u00e1vaniami a pies\u0148ami.\" tabindex=\"0\">folkl\u00f3re<\/span> \u010dasto ozna\u010dovan\u00fd ako <em>sluagh sidhe<\/em>, teda vojsko Inosveta, patr\u00ed medzi najstra\u0161idelnej\u0161ie postavy \u0161k\u00f3tsko- a \u00edrsko-gaelskej <span class=\"iwg-fachbegriff\" data-tooltip=\"Odovzd\u00e1vanie vedomost\u00ed a rozpr\u00e1van\u00ed naprie\u010d gener\u00e1ciami.\" tabindex=\"0\">trad\u00edcie<\/span>. Na rozdiel od jednotliv\u00e9ho <span class=\"iwg-fachbegriff\" data-tooltip=\"Beztelesn\u00e1 bytos\u0165, ktorej sa pripisuje p\u00f4sobenie vo svete.\" tabindex=\"0\">ducha<\/span> je <em>sluagh<\/em> kolekt\u00edvnou bytos\u0165ou: lietaj\u00facim z\u00e1stupom duchov, ktor\u00fd sa preh\u00e1\u0148a no\u010dn\u00fdm vzduchom.<\/p><p>Pod\u013ea roz\u0161\u00edrenej predstavy ide o duchov nepokojn\u00fdch m\u0155tvych, \u010dasto najm\u00e4 du\u0161e hrie\u0161nikov, nepokrsten\u00fdch alebo \u013eud\u00ed, ktor\u00fdm nie je otvoren\u00e9 ani nebo, ani zem, ani usporiadan\u00fd Inosvet.<\/p><p>D\u00f4le\u017eit\u00e9 doklady o <em>sluagh<\/em> poch\u00e1dzaj\u00fa z rozsiahlych zbierok \u0161k\u00f3tskeho <span class=\"iwg-fachbegriff\" data-tooltip=\"Tradovan\u00e1 \u013eudov\u00e1 kult\u00fara so zvykmi, rozpr\u00e1vaniami a pies\u0148ami.\" tabindex=\"0\">folkl\u00f3ru<\/span>, predov\u0161etk\u00fdm z diela <em>Carmina Gadelica<\/em> od Alexandra Carmichaela, ktor\u00fd koncom 19. storo\u010dia na \u0161k\u00f3tskych ostrovoch a vo Vyso\u010dine zaznamenal modlitby, \u017eehnacie formuly a \u013eudovo-n\u00e1bo\u017eensk\u00e9 trad\u00edcie.<\/p><p>Tam sa <em>sluagh<\/em> objavuje ako z\u00e1stup bojuj\u00faci vo vzduchu, ktor\u00e9ho stopy vraj mo\u017eno r\u00e1no vidie\u0165 ako krvav\u00e9 \u0161kvrny na skal\u00e1ch a ktor\u00fd prich\u00e1dza od z\u00e1padu.<\/p><p>Religionistick\u00e9 zaradenie zd\u00f4raz\u0148uje prel\u00ednanie vrstiev. V <em>sluagh<\/em> sa sp\u00e1jaj\u00fa predkres\u0165ansk\u00e9 predstavy o putuj\u00facom vojsku duchov s kres\u0165anskou staros\u0165ou o osud du\u0161e po smrti, najm\u00e4 du\u0161\u00ed, ktor\u00e9 nedosiahnu pokoj.<\/p><p>Vojsko m\u0155tvych tak nie je ani tak jasne vymedzenou mytologickou postavou, ako sk\u00f4r uzlov\u00fdm bodom, v ktorom sa sp\u00e1ja <span class=\"iwg-fachbegriff\" data-tooltip=\"N\u00e1bo\u017eensk\u00e9 predstavy a zvyky roz\u0161\u00edren\u00e9 v ka\u017edodennom \u017eivote.\" tabindex=\"0\">\u013eudov\u00e1 viera<\/span>, kres\u0165ansk\u00e1 predstava o posmrtnom \u017eivote a sk\u00fasenos\u0165 b\u00farky a no\u010dn\u00fdch zvukov.<\/p>\t\t\t\t\t\t\t\t<\/div>\n\t\t\t\t<\/div>\n\t\t\t\t\t<\/div>\n\t\t\t\t<\/div>\n\t\t<div class=\"elementor-element elementor-element-cp02db394 e-flex e-con-boxed e-con e-parent\" data-id=\"cp02db394\" data-element_type=\"container\" data-e-type=\"container\">\n\t\t\t\t\t<div class=\"e-con-inner\">\n\t\t\t\t<div class=\"elementor-element elementor-element-cpfddb6fa elementor-widget elementor-widget-heading\" data-id=\"cpfddb6fa\" data-element_type=\"widget\" data-e-type=\"widget\" data-widget_type=\"heading.default\">\n\t\t\t\t\t<h2 class=\"elementor-heading-title elementor-size-default\">Smer, okno a ochrana pred sluagh<\/h2>\t\t\t\t<\/div>\n\t\t<div class=\"elementor-element elementor-element-cp060deeb e-con-full e-flex e-con e-child\" data-id=\"cp060deeb\" data-element_type=\"container\" data-e-type=\"container\">\n\t\t\t\t<div class=\"elementor-element elementor-element-cp8b7ac6d elementor-widget elementor-widget-text-editor\" data-id=\"cp8b7ac6d\" data-element_type=\"widget\" data-e-type=\"widget\" data-widget_type=\"text-editor.default\">\n\t\t\t\t\t\t\t\t\t<p>V \u017eivej \u013eudovej viere bol <em>sluagh<\/em> sp\u00e1jan\u00fd s konkr\u00e9tnymi opatreniami. Roz\u0161\u00edren\u00e1 predstava sa t\u00fdkala svetovej strany: z\u00e1pad platil za nebezpe\u010dn\u00fa stranu, odkia\u013e prich\u00e1dzalo vojsko mrtvych, z\u00e1pad bol z\u00e1rove\u0148 smerom zapadaj\u00faceho slnka a v gaelskej trad\u00edcii sa sp\u00e1jal s krajinou mrtvych.<\/p><p>Z toho vypl\u00fdvala prax zatv\u00e1ra\u0165 v bl\u00edzkosti umieraj\u00facich alebo v noci okn\u00e1 oto\u010den\u00e9 na z\u00e1pad, aby <em>sluagh<\/em> nemohol vnikn\u00fa\u0165 a uchv\u00e1ti\u0165 du\u0161u umieraj\u00faceho.<\/p><p>Hovorilo sa toti\u017e, \u017ee <em>sluagh<\/em> strh\u00e1va \u013eud\u00ed so sebou. Kto sa v noci zdr\u017eiaval pod hol\u00fdm nebom, najm\u00e4 slab\u00ed, umieraj\u00faci alebo neopatrn\u00ed \u013eudia, riskoval, \u017ee ho h\u00faf zachyt\u00ed a odnesie.<\/p><p>V niektor\u00fdch pr\u00edbehoch <em>sluagh<\/em> n\u00fati unesen\u00e9ho dokonca podie\u013ea\u0165 sa na svojich zlo\u010dinoch, napr\u00edklad vystreli\u0165 \u0161\u00edp na dobytok alebo na in\u00fdch \u013eud\u00ed. Vojsko tak nie je len hrozbou zvonka, ale m\u00f4\u017ee \u010dloveka strhn\u00fa\u0165 do svojho vlastn\u00e9ho ni\u010div\u00e9ho konania.<\/p><p>Ochrana pred <em>sluagh<\/em> spo\u010d\u00edvala teda predov\u0161etk\u00fdm v vyh\u00fdban\u00ed sa a zabezpe\u010den\u00ed: zosta\u0165 v noci v dome, zabezpe\u010di\u0165 okn\u00e1 a dvere obr\u00e1ten\u00e9 na nebezpe\u010dn\u00fa stranu, nenech\u00e1va\u0165 umieraj\u00facich sam\u00fdch a nechr\u00e1nen\u00fdch. Carmichael zaznamenal aj po\u017eehnania a ochrann\u00e9 modlitby, ktor\u00e9 patria do tohto okruhu.<\/p><p>Z vedeck\u00e9ho h\u013eadiska <em>sluagh<\/em> funguje ako vysvetlenie n\u00e1hlych \u00famrt\u00ed, no\u010dn\u00fdch strachov a zmiznut\u00ed \u013eud\u00ed, a z\u00e1rove\u0148 ako napomenutie neprekra\u010dova\u0165 bezstarostne hranicu medzi d\u0148om a nocou, vn\u00fatrom a vonkaj\u0161kom, \u017eivotom a smr\u0165ou.<\/p>\t\t\t\t\t\t\t\t<\/div>\n\t\t\t\t<\/div>\n\t\t\t\t\t<\/div>\n\t\t\t\t<\/div>\n\t\t<div class=\"elementor-element elementor-element-36dd7469 e-flex e-con-boxed e-con e-parent\" data-id=\"36dd7469\" data-element_type=\"container\" data-e-type=\"container\">\n\t\t\t\t\t<div class=\"e-con-inner\">\n\t\t\t\t<div class=\"elementor-element elementor-element-13760ab4 elementor-widget elementor-widget-heading\" data-id=\"13760ab4\" data-element_type=\"widget\" data-e-type=\"widget\" data-widget_type=\"heading.default\">\n\t\t\t\t\t<div class=\"elementor-heading-title elementor-size-default\">S\u00favisiace odkazy<\/div>\t\t\t\t<\/div>\n\t\t<div class=\"elementor-element elementor-element-28c87796 e-con-full e-flex e-con e-child\" data-id=\"28c87796\" data-element_type=\"container\" data-e-type=\"container\">\n\t\t\t\t<div class=\"elementor-element elementor-element-5d6538df elementor-widget elementor-widget-text-editor\" data-id=\"5d6538df\" data-element_type=\"widget\" data-e-type=\"widget\" data-widget_type=\"text-editor.default\">\n\t\t\t\t\t\t\t\t\t<p>Odpor\u00fa\u010dan\u00e9 intern\u00e9 odkazy:<\/p><ul><li><a href=\"https:\/\/iwell-guard.com\/sk\/?page_id=157607\">Keltsk\u00e1 trad\u00edcia<\/a><\/li><li><a href=\"https:\/\/iwell-guard.com\/sk\/?page_id=157624\">Banshee<\/a>, <a href=\"https:\/\/iwell-guard.com\/sk\/?page_id=157626\">Cailleach<\/a>, P\u00faca, <a href=\"https:\/\/iwell-guard.com\/sk\/?page_id=157628\">Dullahan<\/a><\/li><li><a href=\"https:\/\/iwell-guard.com\/sk\/?page_id=157591\">Keres<\/a>, <a href=\"https:\/\/iwell-guard.com\/sk\/?page_id=157579\">Gallu<\/a> (paralely)<\/li><li>Div\u00fd lov (germ\u00e1nsky)<\/li><li>Carmina Gadelica<\/li><\/ul>\t\t\t\t\t\t\t\t<\/div>\n\t\t\t\t<\/div>\n\t\t\t\t\t<\/div>\n\t\t\t\t<\/div>\n\t\t<div class=\"elementor-element elementor-element-grl4kl40 e-flex e-con-boxed e-con e-parent\" data-id=\"grl4kl40\" data-element_type=\"container\" data-e-type=\"container\">\n\t\t\t\t\t<div class=\"e-con-inner\">\n\t\t\t\t<div class=\"elementor-element elementor-element-bzsbfrmh elementor-widget elementor-widget-heading\" data-id=\"bzsbfrmh\" data-element_type=\"widget\" data-e-type=\"widget\" data-widget_type=\"heading.default\">\n\t\t\t\t\t<h2 class=\"elementor-heading-title elementor-size-default\">Literat\u00fara (v\u00fdber)<\/h2>\t\t\t\t<\/div>\n\t\t<div class=\"elementor-element elementor-element-2c13224a e-con-full e-flex e-con e-child\" data-id=\"2c13224a\" data-element_type=\"container\" data-e-type=\"container\">\n\t\t\t\t<div class=\"elementor-element elementor-element-0eymh9ub elementor-widget elementor-widget-text-editor\" data-id=\"0eymh9ub\" data-element_type=\"widget\" data-e-type=\"widget\" data-widget_type=\"text-editor.default\">\n\t\t\t\t\t\t\t\t\t<footer class=\"iwg-literatur\"><p>V\u00fdber z\u00e1sadn\u00fdch pr\u00e1c o Sluagh:<\/p><ul><li><span data-nosnippet>Carmichael, Alexander: <em>Carmina Gadelica<\/em>. 6 Bde. Edinburgh 1900, 71.<\/span><\/li><li><span data-nosnippet>Evans-Wentz, W. Y.: <em>The Fairy-Faith in Celtic Countries<\/em>. Oxford 1911.<\/span><\/li><li><span data-nosnippet>Campbell, J. F.: <em>Popular Tales of the West Highlands<\/em>. Edinburgh 1860, 62.<\/span><\/li><li><span data-nosnippet>MacInnes, John: <em>D\u00f9thchas nan G\u00e0idheal<\/em>. Edinburgh 2006.<\/span><\/li><li><span data-nosnippet>Black, Ronald: <em>The Gaelic Otherworld<\/em>. Edinburgh 2005.<\/span><\/li><\/ul><div data-nosnippet=\"true\" class=\"iwg-litliste\"><\/div><\/footer>\n<p class=\"iwg-bib-more\"><span data-nosnippet>\u010eal\u0161ie z\u00e1kladn\u00e9 diela v <a href=\"https:\/\/iwell-guard.com\/sk\/?page_id=157722\">zozname literat\u00fary<\/a>.<\/span><\/p>\t\t\t\t\t\t\t\t<\/div>\n\t\t\t\t<\/div>\n\t\t\t\t\t<\/div>\n\t\t\t\t<\/div>\n\t\t<div class=\"elementor-element elementor-element-iwgca-sluagh-sec e-flex e-con-boxed e-con e-parent\" data-id=\"iwgca-sluagh-sec\" data-element_type=\"container\" data-e-type=\"container\" id=\"iwg-ca-sluagh\">\n\t\t\t\t\t<div class=\"e-con-inner\">\n\t\t\t\t<div class=\"elementor-element elementor-element-iwgca-sluagh-te iwg-ca-textwrap elementor-widget elementor-widget-text-editor\" data-id=\"iwgca-sluagh-te\" data-element_type=\"widget\" data-e-type=\"widget\" data-widget_type=\"text-editor.default\">\n\t\t\t\t\t\t\t\t\t<div data-nosnippet=\"true\"><p class=\"iwg-ca-bridge\">Tu pop\u00edsan\u00e1 ochrann\u00e1 prax je vedeck\u00fdm zaraden\u00edm historick\u00fdch trad\u00edci\u00ed. iWell Guard nadv\u00e4zuje na t\u00fato kult\u00farno-historick\u00fa linku prenosn\u00fdch ochrann\u00fdch predmetov a predstavuje jej s\u00fa\u010dasn\u00fa formu. <a href=\"\/ueber-iwell-guard\/?utm_source=iwell-guard.com&#038;utm_medium=text-link&#038;utm_campaign=schadwesen-tradition\">Viac o iWell Guard \u2192<\/a><\/p><\/div>\t\t\t\t\t\t\t\t<\/div>\n\t\t\t\t\t<\/div>\n\t\t\t\t<\/div>\n\t\t\t\t<\/div>\n\t\t","protected":false},"excerpt":{"rendered":"","protected":false},"author":3,"featured_media":1703,"parent":0,"menu_order":0,"comment_status":"closed","ping_status":"closed","template":"elementor_header_footer","meta":{"_yoast_wpseo_focuskw":"Sluagh","_yoast_wpseo_title":"Sluagh - Nesv\u00e4t\u00e9 vojsko mrtvych, letiace du\u0161e bez domova","_yoast_wpseo_metadesc":"Sluagh, po gaelsky \u201evojsko\", je kolektiv nepokojn\u00fdch du\u0161\u00ed v keltskom (predov\u0161etk\u00fdm \u0161k\u00f3tsko-gaelskom a \u00edrskom) folkl\u00f3re.","_yoast_wpseo_meta-robots-noindex":"","_yoast_wpseo_canonical":"","_angie_page":false,"gefaehrdungsstufe":"4","wesen_kultur":"keltisch","wesen_klasse":"geister","footnotes":""},"categories":[],"class_list":["post-157625","page","type-page","status-publish","has-post-thumbnail","hentry"],"yoast_head":"<!-- This site is optimized with the Yoast SEO Premium plugin v27.7 (Yoast SEO v28.3) - https:\/\/yoast.com\/product\/yoast-seo-premium-wordpress\/ -->\n<title>Sluagh - Nesv\u00e4t\u00e9 vojsko mrtvych, letiace du\u0161e bez domova<\/title>\n<meta name=\"description\" content=\"Sluagh, po gaelsky \u201evojsko&quot;, je kolektiv nepokojn\u00fdch du\u0161\u00ed v keltskom (predov\u0161etk\u00fdm \u0161k\u00f3tsko-gaelskom a \u00edrskom) folkl\u00f3re.\" \/>\n<meta name=\"robots\" content=\"index, follow, max-snippet:-1, max-image-preview:large, max-video-preview:-1\" \/>\n<link rel=\"canonical\" href=\"https:\/\/iwell-guard.com\/sk\/sluagh\/\" \/>\n<meta property=\"og:locale\" content=\"sk_SK\" \/>\n<meta property=\"og:type\" content=\"article\" \/>\n<meta property=\"og:title\" content=\"Sluagh\" \/>\n<meta property=\"og:description\" content=\"Sluagh, po gaelsky \u201evojsko&quot;, je kolektiv nepokojn\u00fdch du\u0161\u00ed v keltskom (predov\u0161etk\u00fdm \u0161k\u00f3tsko-gaelskom a \u00edrskom) folkl\u00f3re.\" \/>\n<meta property=\"og:url\" content=\"https:\/\/iwell-guard.com\/sk\/sluagh\/\" \/>\n<meta property=\"og:site_name\" content=\"iWell Guard\" \/>\n<meta property=\"article:modified_time\" content=\"2026-09-04T22:38:04+00:00\" \/>\n<meta property=\"og:image\" content=\"https:\/\/iwell-guard.com\/wp-content\/uploads\/2026\/04\/geister_keltisch_sluagh.webp\" \/>\n\t<meta property=\"og:image:width\" content=\"1024\" \/>\n\t<meta property=\"og:image:height\" content=\"1536\" \/>\n\t<meta property=\"og:image:type\" content=\"image\/webp\" \/>\n<meta name=\"twitter:card\" content=\"summary_large_image\" \/>\n<script type=\"application\/ld+json\" class=\"yoast-schema-graph\">{\"@context\":\"https:\\\/\\\/schema.org\",\"@graph\":[{\"@type\":\"WebPage\",\"@id\":\"https:\\\/\\\/iwell-guard.com\\\/sk\\\/sluagh\\\/\",\"url\":\"https:\\\/\\\/iwell-guard.com\\\/sk\\\/sluagh\\\/\",\"name\":\"Sluagh - Nesv\u00e4t\u00e9 vojsko mrtvych, letiace du\u0161e bez domova\",\"isPartOf\":{\"@id\":\"https:\\\/\\\/iwell-guard.com\\\/sk\\\/#website\"},\"primaryImageOfPage\":{\"@id\":\"https:\\\/\\\/iwell-guard.com\\\/sk\\\/sluagh\\\/#primaryimage\"},\"image\":{\"@id\":\"https:\\\/\\\/iwell-guard.com\\\/sk\\\/sluagh\\\/#primaryimage\"},\"thumbnailUrl\":\"https:\\\/\\\/iwell-guard.com\\\/wp-content\\\/uploads\\\/2026\\\/04\\\/geister_keltisch_sluagh.webp\",\"datePublished\":\"2026-09-04T22:15:21+00:00\",\"dateModified\":\"2026-09-04T22:38:04+00:00\",\"description\":\"Sluagh, po gaelsky \u201evojsko\\\", je kolektiv nepokojn\u00fdch du\u0161\u00ed v keltskom (predov\u0161etk\u00fdm \u0161k\u00f3tsko-gaelskom a \u00edrskom) folkl\u00f3re.\",\"breadcrumb\":{\"@id\":\"https:\\\/\\\/iwell-guard.com\\\/sk\\\/sluagh\\\/#breadcrumb\"},\"inLanguage\":\"sk-SK\",\"potentialAction\":[{\"@type\":\"ReadAction\",\"target\":[\"https:\\\/\\\/iwell-guard.com\\\/sk\\\/sluagh\\\/\"]}]},{\"@type\":\"ImageObject\",\"inLanguage\":\"sk-SK\",\"@id\":\"https:\\\/\\\/iwell-guard.com\\\/sk\\\/sluagh\\\/#primaryimage\",\"url\":\"https:\\\/\\\/iwell-guard.com\\\/wp-content\\\/uploads\\\/2026\\\/04\\\/geister_keltisch_sluagh.webp\",\"contentUrl\":\"https:\\\/\\\/iwell-guard.com\\\/wp-content\\\/uploads\\\/2026\\\/04\\\/geister_keltisch_sluagh.webp\",\"width\":1024,\"height\":1536,\"caption\":\"Duchovia z keltskej trad\u00edcie.\"},{\"@type\":\"BreadcrumbList\",\"@id\":\"https:\\\/\\\/iwell-guard.com\\\/sk\\\/sluagh\\\/#breadcrumb\",\"itemListElement\":[{\"@type\":\"ListItem\",\"position\":1,\"name\":\"Start\",\"item\":\"https:\\\/\\\/iwell-guard.com\\\/sk\\\/?page_id=157572\"},{\"@type\":\"ListItem\",\"position\":2,\"name\":\"Sluagh\"}]},{\"@type\":\"WebSite\",\"@id\":\"https:\\\/\\\/iwell-guard.com\\\/sk\\\/#website\",\"url\":\"https:\\\/\\\/iwell-guard.com\\\/sk\\\/\",\"name\":\"iWell Guard\",\"description\":\"Schutz vor dunklen Einfl\u00fcssen\",\"publisher\":{\"@id\":\"https:\\\/\\\/iwell-guard.com\\\/sk\\\/#organization\"},\"potentialAction\":[{\"@type\":\"SearchAction\",\"target\":{\"@type\":\"EntryPoint\",\"urlTemplate\":\"https:\\\/\\\/iwell-guard.com\\\/sk\\\/?s={search_term_string}\"},\"query-input\":{\"@type\":\"PropertyValueSpecification\",\"valueRequired\":true,\"valueName\":\"search_term_string\"}}],\"inLanguage\":\"sk-SK\"},{\"@type\":\"Organization\",\"@id\":\"https:\\\/\\\/iwell-guard.com\\\/sk\\\/#organization\",\"name\":\"Ittermann electronic GmbH\",\"url\":\"https:\\\/\\\/iwell-guard.com\\\/sk\\\/\",\"logo\":{\"@type\":\"ImageObject\",\"inLanguage\":\"sk-SK\",\"@id\":\"https:\\\/\\\/iwell-guard.com\\\/sk\\\/#\\\/schema\\\/logo\\\/image\\\/\",\"url\":\"https:\\\/\\\/iwell-guard.com\\\/wp-content\\\/uploads\\\/2026\\\/05\\\/Ittermann-Logo-1182x237-1.png\",\"contentUrl\":\"https:\\\/\\\/iwell-guard.com\\\/wp-content\\\/uploads\\\/2026\\\/05\\\/Ittermann-Logo-1182x237-1.png\",\"width\":1182,\"height\":237,\"caption\":\"Ittermann electronic GmbH\"},\"image\":{\"@id\":\"https:\\\/\\\/iwell-guard.com\\\/sk\\\/#\\\/schema\\\/logo\\\/image\\\/\"},\"sameAs\":[\"https:\\\/\\\/pantip.com\\\/profile\\\/9367242\",\"https:\\\/\\\/micro.blog\\\/iwellguard\",\"https:\\\/\\\/www.diggerslist.com\\\/iwellguard\\\/about\",\"https:\\\/\\\/skitterphoto.com\\\/photographers\\\/2870314\\\/iwell-guard\",\"https:\\\/\\\/iwellguard.wordpress.com\\\/2026\\\/06\\\/06\\\/iwell-guard\\\/\",\"https:\\\/\\\/hub.docker.com\\\/u\\\/iwellguard\",\"https:\\\/\\\/www.pinterest.com\\\/iwellguard\\\/\",\"https:\\\/\\\/bit.ly\\\/m\\\/iwellguard\",\"https:\\\/\\\/entre-vos-mains.alsace.eu\\\/profiles\\\/iwellguard\\\/activity\",\"https:\\\/\\\/gravatar.com\\\/reallybeded8fd34\",\"https:\\\/\\\/naijamatta.com\\\/iwellguard\",\"https:\\\/\\\/www.goodreads.com\\\/iwellguard\",\"https:\\\/\\\/profile.hatena.ne.jp\\\/iwellguard\\\/\",\"https:\\\/\\\/experiment.com\\\/users\\\/iwellguard\",\"https:\\\/\\\/wakelet.com\\\/@iWellGuard82270\",\"https:\\\/\\\/www.chordie.com\\\/forum\\\/profile.php?id=2555664\",\"https:\\\/\\\/www.instapaper.com\\\/p\\\/17757966\",\"https:\\\/\\\/www.mapleprimes.com\\\/users\\\/iwellguard\",\"https:\\\/\\\/businesslistingplus.com\\\/profile\\\/iwell-guard\\\/\",\"https:\\\/\\\/telegra.ph\\\/iWell-Guard-06-06\",\"https:\\\/\\\/pbase.com\\\/iwellguard\\\/iwellguard\",\"https:\\\/\\\/b.hatena.ne.jp\\\/iwellguard\\\/20260607#bookmark-4788405196491818882\",\"https:\\\/\\\/fliphtml5.com\\\/home\\\/iwellguard\",\"https:\\\/\\\/anyflip.com\\\/homepage\\\/cmiwl#About\",\"https:\\\/\\\/transfur.com\\\/Users\\\/iwellguard\",\"http:\\\/\\\/delphi.larsbo.org\\\/user\\\/iwellguard\",\"https:\\\/\\\/jobs.lajobsportal.org\\\/profiles\\\/8380803-iwell-guard\",\"https:\\\/\\\/md.chaosdorf.de\\\/s\\\/jfbe5SBdJD\",\"https:\\\/\\\/www.lingvolive.com\\\/en-us\\\/profile\\\/9ecaeaca-ce11-4e51-9e71-01d55e2bff36\\\/translations\",\"https:\\\/\\\/www.fitday.com\\\/fitness\\\/forums\\\/members\\\/iwellguard.html\",\"https:\\\/\\\/www.mymeetbook.com\\\/iwellguard\",\"https:\\\/\\\/pxhere.com\\\/en\\\/photographer-me\\\/5040798\",\"https:\\\/\\\/disqus.com\\\/by\\\/iwellguard\\\/about\\\/\",\"https:\\\/\\\/pastelink.net\\\/hjwciqwq\",\"https:\\\/\\\/pubhtml5.com\\\/homepage\\\/scjhn\\\/\",\"https:\\\/\\\/www.bitchute.com\\\/channel\\\/2O2eOKzNqujT\",\"https:\\\/\\\/audiomack.com\\\/iwellguard\"]},{\"@type\":\"Article\",\"@id\":\"https:\\\/\\\/iwell-guard.com\\\/sk\\\/sluagh\\\/#article\",\"isPartOf\":{\"@id\":\"https:\\\/\\\/iwell-guard.com\\\/sk\\\/sluagh\\\/\"},\"author\":{\"name\":\"Ralf Ittermann\",\"@id\":\"https:\\\/\\\/iwell-guard.com\\\/sk\\\/#\\\/schema\\\/person\\\/ee2a27f1cac3406c7c6fb5820cb7349f\"},\"headline\":\"Sluagh\",\"datePublished\":\"2026-09-04T22:15:21+00:00\",\"dateModified\":\"2026-09-04T22:38:04+00:00\",\"mainEntityOfPage\":{\"@id\":\"https:\\\/\\\/iwell-guard.com\\\/sk\\\/sluagh\\\/\"},\"publisher\":{\"@id\":\"https:\\\/\\\/iwell-guard.com\\\/sk\\\/#organization\"},\"image\":{\"@id\":\"https:\\\/\\\/iwell-guard.com\\\/sk\\\/sluagh\\\/#primaryimage\"},\"thumbnailUrl\":\"https:\\\/\\\/iwell-guard.com\\\/wp-content\\\/uploads\\\/2026\\\/04\\\/geister_keltisch_sluagh.webp\",\"inLanguage\":\"sk-SK\",\"description\":\"Sluagh, po gaelsky \u201evojsko\\\", je kolektiv nepokojn\u00fdch du\u0161\u00ed v keltskom (predov\u0161etk\u00fdm \u0161k\u00f3tsko-gaelskom a \u00edrskom) folkl\u00f3re.\"}]}<\/script>\n<!-- \/ Yoast SEO Premium plugin. -->","yoast_head_json":{"title":"Sluagh - Nesv\u00e4t\u00e9 vojsko mrtvych, letiace du\u0161e bez domova","description":"Sluagh, po gaelsky \u201evojsko\", je kolektiv nepokojn\u00fdch du\u0161\u00ed v keltskom (predov\u0161etk\u00fdm \u0161k\u00f3tsko-gaelskom a \u00edrskom) folkl\u00f3re.","robots":{"index":"index","follow":"follow","max-snippet":"max-snippet:-1","max-image-preview":"max-image-preview:large","max-video-preview":"max-video-preview:-1"},"canonical":"https:\/\/iwell-guard.com\/sk\/sluagh\/","og_locale":"sk_SK","og_type":"article","og_title":"Sluagh","og_description":"Sluagh, po gaelsky \u201evojsko\", je kolektiv nepokojn\u00fdch du\u0161\u00ed v keltskom (predov\u0161etk\u00fdm \u0161k\u00f3tsko-gaelskom a \u00edrskom) folkl\u00f3re.","og_url":"https:\/\/iwell-guard.com\/sk\/sluagh\/","og_site_name":"iWell Guard","article_modified_time":"2026-09-04T22:38:04+00:00","og_image":[{"width":1024,"height":1536,"url":"https:\/\/iwell-guard.com\/wp-content\/uploads\/2026\/04\/geister_keltisch_sluagh.webp","type":"image\/webp"}],"twitter_card":"summary_large_image","schema":{"@context":"https:\/\/schema.org","@graph":[{"@type":"Article","@id":"https:\/\/iwell-guard.com\/sk\/sluagh\/#article","isPartOf":{"@id":"https:\/\/iwell-guard.com\/sk\/sluagh\/"},"author":{"name":"Ralf Ittermann","@id":"https:\/\/iwell-guard.com\/sk\/#\/schema\/person\/ee2a27f1cac3406c7c6fb5820cb7349f"},"headline":"Sluagh","datePublished":"2026-09-04T22:15:21+00:00","dateModified":"2026-09-04T22:38:04+00:00","mainEntityOfPage":{"@id":"https:\/\/iwell-guard.com\/sk\/sluagh\/"},"publisher":{"@id":"https:\/\/iwell-guard.com\/sk\/#organization"},"image":{"@id":"https:\/\/iwell-guard.com\/sk\/sluagh\/#primaryimage"},"thumbnailUrl":"https:\/\/iwell-guard.com\/wp-content\/uploads\/2026\/04\/geister_keltisch_sluagh.webp","inLanguage":"sk-SK","description":"Sluagh, po gaelsky \u201evojsko\", je kolektiv nepokojn\u00fdch du\u0161\u00ed v keltskom (predov\u0161etk\u00fdm \u0161k\u00f3tsko-gaelskom a \u00edrskom) folkl\u00f3re."},{"@type":"WebPage","@id":"https:\/\/iwell-guard.com\/sk\/sluagh\/","url":"https:\/\/iwell-guard.com\/sk\/sluagh\/","name":"Sluagh - Nesv\u00e4t\u00e9 vojsko mrtvych, letiace du\u0161e bez domova","isPartOf":{"@id":"https:\/\/iwell-guard.com\/sk\/#website"},"primaryImageOfPage":{"@id":"https:\/\/iwell-guard.com\/sk\/sluagh\/#primaryimage"},"image":{"@id":"https:\/\/iwell-guard.com\/sk\/sluagh\/#primaryimage"},"thumbnailUrl":"https:\/\/iwell-guard.com\/wp-content\/uploads\/2026\/04\/geister_keltisch_sluagh.webp","datePublished":"2026-09-04T22:15:21+00:00","dateModified":"2026-09-04T22:38:04+00:00","description":"Sluagh, po gaelsky \u201evojsko\", je kolektiv nepokojn\u00fdch du\u0161\u00ed v keltskom (predov\u0161etk\u00fdm \u0161k\u00f3tsko-gaelskom a \u00edrskom) folkl\u00f3re.","breadcrumb":{"@id":"https:\/\/iwell-guard.com\/sk\/sluagh\/#breadcrumb"},"inLanguage":"sk-SK","potentialAction":[{"@type":"ReadAction","target":["https:\/\/iwell-guard.com\/sk\/sluagh\/"]}]},{"@type":"ImageObject","inLanguage":"sk-SK","@id":"https:\/\/iwell-guard.com\/sk\/sluagh\/#primaryimage","url":"https:\/\/iwell-guard.com\/wp-content\/uploads\/2026\/04\/geister_keltisch_sluagh.webp","contentUrl":"https:\/\/iwell-guard.com\/wp-content\/uploads\/2026\/04\/geister_keltisch_sluagh.webp","width":1024,"height":1536,"caption":"Duchovia z keltskej trad\u00edcie."},{"@type":"BreadcrumbList","@id":"https:\/\/iwell-guard.com\/sk\/sluagh\/#breadcrumb","itemListElement":[{"@type":"ListItem","position":1,"name":"Start","item":"https:\/\/iwell-guard.com\/sk\/?page_id=157572"},{"@type":"ListItem","position":2,"name":"Sluagh"}]},{"@type":"WebSite","@id":"https:\/\/iwell-guard.com\/sk\/#website","url":"https:\/\/iwell-guard.com\/sk\/","name":"iWell Guard","description":"Schutz vor dunklen Einfl\u00fcssen","publisher":{"@id":"https:\/\/iwell-guard.com\/sk\/#organization"},"potentialAction":[{"@type":"SearchAction","target":{"@type":"EntryPoint","urlTemplate":"https:\/\/iwell-guard.com\/sk\/?s={search_term_string}"},"query-input":{"@type":"PropertyValueSpecification","valueRequired":true,"valueName":"search_term_string"}}],"inLanguage":"sk-SK"},{"@type":"Organization","@id":"https:\/\/iwell-guard.com\/sk\/#organization","name":"Ittermann electronic GmbH","url":"https:\/\/iwell-guard.com\/sk\/","logo":{"@type":"ImageObject","inLanguage":"sk-SK","@id":"https:\/\/iwell-guard.com\/sk\/#\/schema\/logo\/image\/","url":"https:\/\/iwell-guard.com\/wp-content\/uploads\/2026\/05\/Ittermann-Logo-1182x237-1.png","contentUrl":"https:\/\/iwell-guard.com\/wp-content\/uploads\/2026\/05\/Ittermann-Logo-1182x237-1.png","width":1182,"height":237,"caption":"Ittermann electronic GmbH"},"image":{"@id":"https:\/\/iwell-guard.com\/sk\/#\/schema\/logo\/image\/"},"sameAs":["https:\/\/pantip.com\/profile\/9367242","https:\/\/micro.blog\/iwellguard","https:\/\/www.diggerslist.com\/iwellguard\/about","https:\/\/skitterphoto.com\/photographers\/2870314\/iwell-guard","https:\/\/iwellguard.wordpress.com\/2026\/06\/06\/iwell-guard\/","https:\/\/hub.docker.com\/u\/iwellguard","https:\/\/www.pinterest.com\/iwellguard\/","https:\/\/bit.ly\/m\/iwellguard","https:\/\/entre-vos-mains.alsace.eu\/profiles\/iwellguard\/activity","https:\/\/gravatar.com\/reallybeded8fd34","https:\/\/naijamatta.com\/iwellguard","https:\/\/www.goodreads.com\/iwellguard","https:\/\/profile.hatena.ne.jp\/iwellguard\/","https:\/\/experiment.com\/users\/iwellguard","https:\/\/wakelet.com\/@iWellGuard82270","https:\/\/www.chordie.com\/forum\/profile.php?id=2555664","https:\/\/www.instapaper.com\/p\/17757966","https:\/\/www.mapleprimes.com\/users\/iwellguard","https:\/\/businesslistingplus.com\/profile\/iwell-guard\/","https:\/\/telegra.ph\/iWell-Guard-06-06","https:\/\/pbase.com\/iwellguard\/iwellguard","https:\/\/b.hatena.ne.jp\/iwellguard\/20260607#bookmark-4788405196491818882","https:\/\/fliphtml5.com\/home\/iwellguard","https:\/\/anyflip.com\/homepage\/cmiwl#About","https:\/\/transfur.com\/Users\/iwellguard","http:\/\/delphi.larsbo.org\/user\/iwellguard","https:\/\/jobs.lajobsportal.org\/profiles\/8380803-iwell-guard","https:\/\/md.chaosdorf.de\/s\/jfbe5SBdJD","https:\/\/www.lingvolive.com\/en-us\/profile\/9ecaeaca-ce11-4e51-9e71-01d55e2bff36\/translations","https:\/\/www.fitday.com\/fitness\/forums\/members\/iwellguard.html","https:\/\/www.mymeetbook.com\/iwellguard","https:\/\/pxhere.com\/en\/photographer-me\/5040798","https:\/\/disqus.com\/by\/iwellguard\/about\/","https:\/\/pastelink.net\/hjwciqwq","https:\/\/pubhtml5.com\/homepage\/scjhn\/","https:\/\/www.bitchute.com\/channel\/2O2eOKzNqujT","https:\/\/audiomack.com\/iwellguard"]},{"@type":"Person","@id":"https:\/\/iwell-guard.com\/sk\/#\/schema\/person\/ee2a27f1cac3406c7c6fb5820cb7349f","name":"Ralf Ittermann","image":{"@type":"ImageObject","inLanguage":"sk-SK","@id":"https:\/\/secure.gravatar.com\/avatar\/073c0153e350a5005b68eb752b445fea71f6b24a26da9449ad7e155e6b446c9d?s=96&d=mm&r=g","url":"https:\/\/secure.gravatar.com\/avatar\/073c0153e350a5005b68eb752b445fea71f6b24a26da9449ad7e155e6b446c9d?s=96&d=mm&r=g","contentUrl":"https:\/\/secure.gravatar.com\/avatar\/073c0153e350a5005b68eb752b445fea71f6b24a26da9449ad7e155e6b446c9d?s=96&d=mm&r=g","caption":"Ralf Ittermann"},"givenName":"Ralf","familyName":"Ittermann","jobTitle":"Gesch\u00e4ftsf\u00fchrer und redaktioneller Verantwortlicher","url":"https:\/\/iwell-guard.com\/sk\/author\/claude\/","description":"Ralf Ittermann ist Gesch\u00e4ftsf\u00fchrer der Ittermann electronic GmbH und redaktioneller Verantwortlicher des iWell-Guard-Lexikons. Er verbindet langj\u00e4hrige Erfahrung in der Pr\u00e4zisionsfertigung mit medialer Praxis und religionsgeschichtlicher Quellenarbeit.","worksFor":{"@type":"Organization","name":"Ittermann electronic GmbH","url":"https:\/\/ittermann.de\/","address":{"@type":"PostalAddress","streetAddress":"K\u00f6hlergasse 16-18","postalCode":"99842","addressLocality":"Ruhla","addressCountry":"DE"}},"knowsAbout":["Religionsgeschichte","Mythologie","Mediale Praxis","Energetische Diagnostik","Schutzpraxis","Volksglauben","Westliche Esoterik"]},{"@type":"Article","@id":"https:\/\/iwell-guard.com\/sk\/sluagh\/#article","isPartOf":{"@id":"https:\/\/iwell-guard.com\/sk\/sluagh\/"},"author":{"name":"Ralf Ittermann","@id":"https:\/\/iwell-guard.com\/sk\/#\/schema\/person\/ee2a27f1cac3406c7c6fb5820cb7349f"},"headline":"Sluagh","datePublished":"2026-09-04T22:15:21+00:00","dateModified":"2026-09-04T22:38:04+00:00","mainEntityOfPage":{"@id":"https:\/\/iwell-guard.com\/sk\/sluagh\/"},"publisher":{"@id":"https:\/\/iwell-guard.com\/sk\/#organization"},"image":{"@id":"https:\/\/iwell-guard.com\/sk\/sluagh\/#primaryimage"},"thumbnailUrl":"https:\/\/iwell-guard.com\/wp-content\/uploads\/2026\/04\/geister_keltisch_sluagh.webp","inLanguage":"sk-SK","description":"Sluagh, po gaelsky \u201evojsko\", je kolektiv nepokojn\u00fdch du\u0161\u00ed v keltskom (predov\u0161etk\u00fdm \u0161k\u00f3tsko-gaelskom a \u00edrskom) folkl\u00f3re."}]}},"_links":{"self":[{"href":"https:\/\/iwell-guard.com\/sk\/wp-json\/wp\/v2\/pages\/157625","targetHints":{"allow":["GET"]}}],"collection":[{"href":"https:\/\/iwell-guard.com\/sk\/wp-json\/wp\/v2\/pages"}],"about":[{"href":"https:\/\/iwell-guard.com\/sk\/wp-json\/wp\/v2\/types\/page"}],"author":[{"embeddable":true,"href":"https:\/\/iwell-guard.com\/sk\/wp-json\/wp\/v2\/users\/3"}],"replies":[{"embeddable":true,"href":"https:\/\/iwell-guard.com\/sk\/wp-json\/wp\/v2\/comments?post=157625"}],"version-history":[{"count":0,"href":"https:\/\/iwell-guard.com\/sk\/wp-json\/wp\/v2\/pages\/157625\/revisions"}],"wp:featuredmedia":[{"embeddable":true,"href":"https:\/\/iwell-guard.com\/sk\/wp-json\/wp\/v2\/media\/1703"}],"wp:attachment":[{"href":"https:\/\/iwell-guard.com\/sk\/wp-json\/wp\/v2\/media?parent=157625"}],"wp:term":[{"taxonomy":"category","embeddable":true,"href":"https:\/\/iwell-guard.com\/sk\/wp-json\/wp\/v2\/categories?post=157625"}],"curies":[{"name":"wp","href":"https:\/\/api.w.org\/{rel}","templated":true}]}}