{"id":157623,"date":"2026-09-04T22:15:20","date_gmt":"2026-09-04T22:15:20","guid":{"rendered":"https:\/\/iwell-guard.com\/?page_id=157623"},"modified":"2026-09-04T22:38:01","modified_gmt":"2026-09-04T22:38:01","slug":"mahr","status":"publish","type":"page","link":"https:\/\/iwell-guard.com\/sk\/mahr\/","title":{"rendered":"Mahr"},"content":{"rendered":"\t\t<div data-elementor-type=\"wp-page\" data-elementor-id=\"157623\" class=\"elementor elementor-157623 elementor-1032\" data-elementor-post-type=\"page\">\n\t\t\t\t<div class=\"elementor-element elementor-element-10fdade e-flex e-con-boxed e-con e-parent\" data-id=\"10fdade\" data-element_type=\"container\" data-e-type=\"container\" data-settings=\"{&quot;background_background&quot;:&quot;classic&quot;}\">\n\t\t\t\t\t<div class=\"e-con-inner\">\n\t\t<div class=\"elementor-element elementor-element-herohlft0 e-flex e-con-boxed e-con e-child\" data-id=\"herohlft0\" data-element_type=\"container\" data-e-type=\"container\">\n\t\t\t\t\t<div class=\"e-con-inner\">\n\t\t<div class=\"elementor-element elementor-element-c3ceb64 e-con-full e-flex e-con e-child\" data-id=\"c3ceb64\" data-element_type=\"container\" data-e-type=\"container\">\n\t\t\t\t<div class=\"elementor-element elementor-element-96ae5e1 elementor-widget elementor-widget-heading\" data-id=\"96ae5e1\" data-element_type=\"widget\" data-e-type=\"widget\" data-widget_type=\"heading.default\">\n\t\t\t\t\t<h1 class=\"elementor-heading-title elementor-size-default\">Mahr, duch germ\u00e1nskej trad\u00edcie<\/h1>\t\t\t\t<\/div>\n\t\t\t\t<div class=\"elementor-element elementor-element-e45238a elementor-widget elementor-widget-text-editor\" data-id=\"e45238a\" data-element_type=\"widget\" data-e-type=\"widget\" data-widget_type=\"text-editor.default\">\n\t\t\t\t\t\t\t\t\t<p>Mahr je <span class=\"iwg-fachbegriff\" data-tooltip=\"Beztelesn\u00e1 bytos\u0165, ktorej sa pripisuje p\u00f4sobenie vo svete.\" tabindex=\"0\">duch<\/span> germ\u00e1nskej trad\u00edcie.<\/p><p><strong>\u017densk\u00e1 no\u010dn\u00e1 dusite\u013eka, jazykovo zachovan\u00e1 prastar\u00e1 podoba.<\/strong><\/p>\t\t\t\t\t\t\t\t<\/div>\n\t\t\t\t<\/div>\n\t\t<div class=\"elementor-element elementor-element-klsbdg01 e-con-full e-flex e-con e-parent\" data-id=\"klsbdg01\" data-element_type=\"container\" data-e-type=\"container\">\n\t\t\t\t<div class=\"elementor-element elementor-element-klshtm01 elementor-widget elementor-widget-html\" data-id=\"klshtm01\" data-element_type=\"widget\" data-e-type=\"widget\" data-widget_type=\"html.default\">\n\t\t\t\t\t<div class=\"iwg-pill-row\"><span class=\"iwg-klasse-badge\" tabindex=\"0\" data-tooltip=\"Duch: Netelesn\u00e1 alebo poloTelesn\u00e1 bytos\u0165, zosnul\u00ed, pr\u00edrodn\u00e9 bytosti, dom\u00e1ci duchovia alebo str\u00e1\u017ecovia prahov. P\u00f4sob\u00ed v ka\u017edodennom \u017eivote, \u010dasto sp\u00e4t\u00fd s miestami alebo rodinami.\">Duch<\/span><a href=\"https:\/\/iwell-guard.com\/sk\/?page_id=157606\" class=\"iwg-kultur-badge\" tabindex=\"0\" data-tooltip=\"Predkres\u0165ansk\u00fd svet bohov a duchov severnej a strednej Eur\u00f3py.\">Germ\u00e1nsky<\/a><\/div>\t\t\t\t<\/div>\n\t\t\t\t<\/div>\n\t\t<div class=\"elementor-element elementor-element-3f74855 e-con-full e-flex e-con e-child\" data-id=\"3f74855\" data-element_type=\"container\" data-e-type=\"container\">\n\t\t\t\t<div class=\"elementor-element elementor-element-1c30362 elementor-toc--minimized-on-tablet elementor-widget elementor-widget-table-of-contents\" data-id=\"1c30362\" data-element_type=\"widget\" data-e-type=\"widget\" data-settings=\"{&quot;exclude_headings_by_selector&quot;:[],&quot;no_headings_message&quot;:&quot;Na tejto str\\u00e1nke sa nena\\u0161li \\u017eiadne nadpisy.&quot;,&quot;headings_by_tags&quot;:[&quot;h2&quot;,&quot;h3&quot;],&quot;marker_view&quot;:&quot;bullets&quot;,&quot;icon&quot;:{&quot;value&quot;:&quot;fas fa-circle&quot;,&quot;library&quot;:&quot;fa-solid&quot;,&quot;rendered_tag&quot;:&quot;&lt;svg class=\\&quot;e-font-icon-svg e-fas-circle\\&quot; viewBox=\\&quot;0 0 512 512\\&quot; xmlns=\\&quot;http:\\\/\\\/www.w3.org\\\/2000\\\/svg\\&quot;&gt;&lt;path d=\\&quot;M256 8C119 8 8 119 8 256s111 248 248 248 248-111 248-248S393 8 256 8z\\&quot;&gt;&lt;\\\/path&gt;&lt;\\\/svg&gt;&quot;},&quot;minimize_box&quot;:&quot;yes&quot;,&quot;minimized_on&quot;:&quot;tablet&quot;,&quot;hierarchical_view&quot;:&quot;yes&quot;,&quot;min_height&quot;:{&quot;unit&quot;:&quot;px&quot;,&quot;size&quot;:&quot;&quot;,&quot;sizes&quot;:[]},&quot;min_height_tablet&quot;:{&quot;unit&quot;:&quot;px&quot;,&quot;size&quot;:&quot;&quot;,&quot;sizes&quot;:[]},&quot;min_height_mobile&quot;:{&quot;unit&quot;:&quot;px&quot;,&quot;size&quot;:&quot;&quot;,&quot;sizes&quot;:[]}}\" data-widget_type=\"table-of-contents.default\">\n\t\t\t\t\t\t\t\t\t<div class=\"elementor-toc__header\">\n\t\t\t\t\t\t<h2 class=\"elementor-toc__header-title\">\n\t\t\t\tObsah\t\t\t<\/h2>\n\t\t\t\t\t\t\t\t\t\t<div class=\"elementor-toc__toggle-button elementor-toc__toggle-button--expand\" role=\"button\" tabindex=\"0\" aria-controls=\"elementor-toc__1c30362\" aria-expanded=\"true\" aria-label=\"Open table of contents\"><svg aria-hidden=\"true\" class=\"e-font-icon-svg e-fas-chevron-down\" viewBox=\"0 0 448 512\" xmlns=\"http:\/\/www.w3.org\/2000\/svg\"><path d=\"M207.029 381.476L12.686 187.132c-9.373-9.373-9.373-24.569 0-33.941l22.667-22.667c9.357-9.357 24.522-9.375 33.901-.04L224 284.505l154.745-154.021c9.379-9.335 24.544-9.317 33.901.04l22.667 22.667c9.373 9.373 9.373 24.569 0 33.941L240.971 381.476c-9.373 9.372-24.569 9.372-33.942 0z\"><\/path><\/svg><\/div>\n\t\t\t\t<div class=\"elementor-toc__toggle-button elementor-toc__toggle-button--collapse\" role=\"button\" tabindex=\"0\" aria-controls=\"elementor-toc__1c30362\" aria-expanded=\"true\" aria-label=\"Close table of contents\"><svg aria-hidden=\"true\" class=\"e-font-icon-svg e-fas-chevron-up\" viewBox=\"0 0 448 512\" xmlns=\"http:\/\/www.w3.org\/2000\/svg\"><path d=\"M240.971 130.524l194.343 194.343c9.373 9.373 9.373 24.569 0 33.941l-22.667 22.667c-9.357 9.357-24.522 9.375-33.901.04L224 227.495 69.255 381.516c-9.379 9.335-24.544 9.317-33.901-.04l-22.667-22.667c-9.373-9.373-9.373-24.569 0-33.941L207.03 130.525c9.372-9.373 24.568-9.373 33.941-.001z\"><\/path><\/svg><\/div>\n\t\t\t\t\t<\/div>\n\t\t\t\t<div id=\"elementor-toc__1c30362\" class=\"elementor-toc__body\">\n\t\t\t<div class=\"elementor-toc__spinner-container\">\n\t\t\t\t<svg class=\"elementor-toc__spinner eicon-animation-spin e-font-icon-svg e-eicon-loading\" aria-hidden=\"true\" viewBox=\"0 0 1000 1000\" xmlns=\"http:\/\/www.w3.org\/2000\/svg\"><path d=\"M500 975V858C696 858 858 696 858 500S696 142 500 142 142 304 142 500H25C25 237 238 25 500 25S975 237 975 500 763 975 500 975Z\"><\/path><\/svg>\t\t\t<\/div>\n\t\t<\/div>\n\t\t\t\t\t\t<\/div>\n\t\t\t\t<\/div>\n\t\t\t\t\t<\/div>\n\t\t\t\t<\/div>\n\t\t<div class=\"elementor-element elementor-element-herorght0 e-con-full e-flex e-con e-child\" data-id=\"herorght0\" data-element_type=\"container\" data-e-type=\"container\">\n\t\t\t\t<div class=\"elementor-element elementor-element-heroimg00 iwg-hero-image elementor-widget elementor-widget-image\" data-id=\"heroimg00\" data-element_type=\"widget\" data-e-type=\"widget\" data-widget_type=\"image.default\">\n\t\t\t\t\t\t\t\t\t\t\t\t\t\t\t<img fetchpriority=\"high\" decoding=\"async\" width=\"683\" height=\"1024\" src=\"https:\/\/iwell-guard.com\/wp-content\/uploads\/2026\/04\/geister_germanisch_mahr-683x1024.webp\" class=\"attachment-large size-large wp-image-160013\" alt=\"Mahr \u2013 duchovia z germ\u00e1nskej trad\u00edcie, historicko-ilustra\u010dn\u00e9 zobrazenie\" srcset=\"https:\/\/iwell-guard.com\/wp-content\/uploads\/2026\/04\/geister_germanisch_mahr-683x1024.webp 683w, https:\/\/iwell-guard.com\/wp-content\/uploads\/2026\/04\/geister_germanisch_mahr-200x300.webp 200w, https:\/\/iwell-guard.com\/wp-content\/uploads\/2026\/04\/geister_germanisch_mahr-768x1152.webp 768w, https:\/\/iwell-guard.com\/wp-content\/uploads\/2026\/04\/geister_germanisch_mahr.webp 1024w\" sizes=\"(max-width: 683px) 100vw, 683px\" \/>\t\t\t\t\t\t\t\t\t\t\t\t\t\t\t<\/div>\n\t\t\t\t<\/div>\n\t\t\t\t\t<\/div>\n\t\t\t\t<\/div>\n\t\t<div class=\"elementor-element elementor-element-32917199 e-flex e-con-boxed e-con e-parent\" data-id=\"32917199\" data-element_type=\"container\" data-e-type=\"container\">\n\t\t\t\t\t<div class=\"e-con-inner\">\n\t\t<div class=\"elementor-element elementor-element-26e916cb e-flex e-con-boxed e-con e-child\" data-id=\"26e916cb\" data-element_type=\"container\" data-e-type=\"container\">\n\t\t\t\t\t<div class=\"e-con-inner\">\n\t\t<div class=\"elementor-element elementor-element-253a40d4 e-flex e-con-boxed e-con e-child\" data-id=\"253a40d4\" data-element_type=\"container\" data-e-type=\"container\">\n\t\t\t\t\t<div class=\"e-con-inner\">\n\t\t\t\t<div class=\"elementor-element elementor-element-1200c304 elementor-widget elementor-widget-heading\" data-id=\"1200c304\" data-element_type=\"widget\" data-e-type=\"widget\" data-widget_type=\"heading.default\">\n\t\t\t\t\t<h2 class=\"elementor-heading-title elementor-size-default\">Mahr<\/h2>\t\t\t\t<\/div>\n\t\t\t\t<div class=\"elementor-element elementor-element-11758e7f elementor-widget elementor-widget-text-editor\" data-id=\"11758e7f\" data-element_type=\"widget\" data-e-type=\"widget\" data-widget_type=\"text-editor.default\">\n\t\t\t\t\t\t\t\t\t<p>Mahr (\u017eensk\u00fd rod, tradi\u010dne \u017eensk\u00e1 bytos\u0165) je postava germ\u00e1nskej \u013eudovej viery \u00fazko pr\u00edbuzn\u00e1 s Alpom.<\/p><p>Obe postavy s\u00fa no\u010dn\u00fdmi dusiacimi duchmi, obe sp\u00f4sobuj\u00fa no\u010dn\u00e9 mory a <a class=\"iwg-fachbegriff\" href=\"https:\/\/iwell-guard.com\/sk\/?page_id=157880\" tabindex=\"0\" data-tooltip=\"Stav vn\u00edmania, v ktorom je vedomie bdel\u00e9, ale telo je e\u0161te paralyzovan\u00e9 v d\u00f4sledku REM at\u00f3nie; \u010dasto spojen\u00fd s halucin\u00e1ciami.\" style=\"color:inherit;text-decoration:none\">sp\u00e1nkov\u00fa paral\u00fdzu<\/a>. Rozdiel je jazykovo-historick\u00fd: Mahr poch\u00e1dza zo star\u0161ej, prastarej germ\u00e1nskej vrstvy (germ. <em>*maran-<\/em>), dolo\u017eenej v staroanglickom <em>m\u00e6re<\/em>, staron\u00f3rskom <em>mara<\/em> a starohornonemeckom <em>mara<\/em>. Anglick\u00e9 <em>nightmare<\/em> a franc\u00fazske <em>cauchemar<\/em> nes\u00fa toto slovo a\u017e do s\u00fa\u010dasnosti.<\/p><div><p><strong>\u017densk\u00e1 postava v severskej a nemeckej <span class=\"iwg-fachbegriff\" data-tooltip=\"Odovzd\u00e1vanie vedomost\u00ed a rozpr\u00e1van\u00ed z gener\u00e1cie na gener\u00e1ciu.\" tabindex=\"0\">trad\u00edcii<\/span><\/strong><\/p><p>Mahr sa v severskej a nemeckej <span class=\"iwg-fachbegriff\" data-tooltip=\"Odovzd\u00e1vanie vedomost\u00ed a rozpr\u00e1van\u00ed z gener\u00e1cie na gener\u00e1ciu.\" tabindex=\"0\">trad\u00edcii<\/span> \u010dasto vyskytuje ako \u017eensk\u00e1 no\u010dn\u00e1 postava. V Snorriho Sturlusonovej <em>Prosa-Edde<\/em> (nap\u00edsanej okolo 1220) sa opisuj\u00fa poh\u00e1dkovo-d\u00e9monick\u00e9 \u017eensk\u00e9 postavy, ktor\u00fdch povaha kol\u00ed\u0161e medzi bohy\u0148ou a d\u00e9monkou.<\/p><p>Hoci Edda v\u00fdslovne nepomen\u00fava Mahr, popisovan\u00e9 no\u010dn\u00e9 n\u00e1v\u0161tevy \u017eensk\u00fdmi bytos\u0165ami zodpovedaj\u00fa nesk\u00f4r dokumentovan\u00fdm spr\u00e1vam o Mahr. \u0160v\u00e9dska a nemeck\u00e1 \u013eudov\u00e1 trad\u00edcia ran\u00e9ho novoveku t\u00fato postavu potom presnej\u0161ie vymedzila.<\/p><p>Jacobus Sprenger a \u010fal\u0161\u00ed demonol\u00f3govia Kladiva na \u010darodejnice popisovali \u017eensk\u00e9 no\u010dn\u00e9 d\u00e9mony, ktor\u00e9 nav\u0161tevovali mu\u017eov a st\u00fdkali sa s nimi. Tieto bytosti boli v jednotliv\u00fdch pr\u00edpadoch identifikovan\u00e9 ako M\u00e4hre alebo Mahr, \u010do nazna\u010duje kontinuitu medzi pohanskou severskou trad\u00edciou a kres\u0165anskou demonol\u00f3giou.<\/p><p>Mahr teda nebola prim\u00e1rne prevzat\u00e1 z cudz\u00edch trad\u00edci\u00ed, ale miestnym v\u00fdtvorom s vlastnou historickou h\u013abkou.<\/p><\/div>\t\t\t\t\t\t\t\t<\/div>\n\t\t\t\t\t<\/div>\n\t\t\t\t<\/div>\n\t\t<div class=\"elementor-element elementor-element-159dcf9a e-flex e-con-boxed e-con e-child\" data-id=\"159dcf9a\" data-element_type=\"container\" data-e-type=\"container\">\n\t\t\t\t\t<div class=\"e-con-inner\">\n\t\t\t\t<div class=\"elementor-element elementor-element-48cee66f elementor-widget elementor-widget-heading\" data-id=\"48cee66f\" data-element_type=\"widget\" data-e-type=\"widget\" data-widget_type=\"heading.default\">\n\t\t\t\t\t<h2 class=\"elementor-heading-title elementor-size-default\">Preh\u013ead: Mahr<\/h2>\t\t\t\t<\/div>\n\t\t\t\t<div class=\"elementor-element elementor-element-3f50d82c elementor-widget elementor-widget-text-editor\" data-id=\"3f50d82c\" data-element_type=\"widget\" data-e-type=\"widget\" data-widget_type=\"text-editor.default\">\n\t\t\t\t\t\t\t\t\t<p><strong>Typ:<\/strong> \u017densk\u00fd dusiaci duch noci<br>P\u00f4vod: Star\u00e1 germ\u00e1nska vrstva (<em>*maran-<\/em>)<br>Texty: staron\u00f3rsky, staroanglick\u00fd, strednohornonemeck\u00fd; Grimm, folkloristick\u00e9 zbierky<br>\u010casov\u00e9 obdobie: od ran\u00e9ho stredoveku po s\u00fa\u010dasnos\u0165 (jazykovo \u017eiv\u00e9 dodnes)<br>Ochrana: podobne ako pri Alpovi \u2013 drudov kr\u00ed\u017e, top\u00e1nky, oce\u013e, <span class=\"iwg-fachbegriff\" data-tooltip=\"Jazykov\u00e9 obr\u00e1tenie sa \u010dloveka na bo\u017estvo.\" tabindex=\"0\">modlitba<\/span><\/p>\t\t\t\t\t\t\t\t<\/div>\n\t\t\t\t\t<\/div>\n\t\t\t\t<\/div>\n\t\t\t\t\t<\/div>\n\t\t\t\t<\/div>\n\t\t\t\t\t<\/div>\n\t\t\t\t<\/div>\n\t\t<div class=\"elementor-element elementor-element-18613602 e-flex e-con-boxed e-con e-parent\" data-id=\"18613602\" data-element_type=\"container\" data-e-type=\"container\">\n\t\t\t\t\t<div class=\"e-con-inner\">\n\t\t\t\t<div class=\"elementor-element elementor-element-262b8a9f elementor-widget elementor-widget-heading\" data-id=\"262b8a9f\" data-element_type=\"widget\" data-e-type=\"widget\" data-widget_type=\"heading.default\">\n\t\t\t\t\t<h2 class=\"elementor-heading-title elementor-size-default\">Zaradenie<\/h2>\t\t\t\t<\/div>\n\t\t<div class=\"elementor-element elementor-element-46dcb7d e-con-full e-flex e-con e-child\" data-id=\"46dcb7d\" data-element_type=\"container\" data-e-type=\"container\">\n\t\t<div class=\"elementor-element elementor-element-61d3ab3 e-flex e-con-boxed e-con e-child\" data-id=\"61d3ab3\" data-element_type=\"container\" data-e-type=\"container\">\n\t\t\t\t\t<div class=\"e-con-inner\">\n\t\t\t\t<div class=\"elementor-element elementor-element-117c166 elementor-widget elementor-widget-heading\" data-id=\"117c166\" data-element_type=\"widget\" data-e-type=\"widget\" data-widget_type=\"heading.default\">\n\t\t\t\t\t<div class=\"elementor-heading-title elementor-size-default\">Zeitraum der Texte<\/div>\t\t\t\t<\/div>\n\t\t\t\t<div class=\"elementor-element elementor-element-73997a0 elementor-widget elementor-widget-text-editor\" data-id=\"73997a0\" data-element_type=\"widget\" data-e-type=\"widget\" data-widget_type=\"text-editor.default\">\n\t\t\t\t\t\t\t\t\t<p>Jazykovo dolo\u017een\u00e9 ako prastar\u00e1 germ\u00e1nska postava (spolo\u010dn\u00fd kore\u0148 v staron\u00f3rskom, staroanglickom a starohornonemeckom jazyku). Stredovek\u00e9 d\u00f4kazy v literat\u00fare a pr\u00e1vnych prame\u0148och. Bohato dokumentovan\u00e9 v 19. storo\u010d\u00ed (Grimm). Dodnes \u017eije v slov\u00e1ch \u201enightmare\u201c \/ \u201ecauchemar\u201c \/ \u201eAlbtraum\u201c (posledn\u00e9 ako synonymum pre obe postavy).<\/p>\t\t\t\t\t\t\t\t<\/div>\n\t\t\t\t\t<\/div>\n\t\t\t\t<\/div>\n\t\t<div class=\"elementor-element elementor-element-d47b156 e-flex e-con-boxed e-con e-child\" data-id=\"d47b156\" data-element_type=\"container\" data-e-type=\"container\">\n\t\t\t\t\t<div class=\"e-con-inner\">\n\t\t\t\t<div class=\"elementor-element elementor-element-ff38c2b elementor-widget elementor-widget-heading\" data-id=\"ff38c2b\" data-element_type=\"widget\" data-e-type=\"widget\" data-widget_type=\"heading.default\">\n\t\t\t\t\t<div class=\"elementor-heading-title elementor-size-default\">Verbreitungsraum<\/div>\t\t\t\t<\/div>\n\t\t\t\t<div class=\"elementor-element elementor-element-4e49fcc elementor-widget elementor-widget-text-editor\" data-id=\"4e49fcc\" data-element_type=\"widget\" data-e-type=\"widget\" data-widget_type=\"text-editor.default\">\n\t\t\t\t\t\t\t\t\t<p>Cel\u00fd germ\u00e1nsky priestor, s region\u00e1lnymi n\u00e1zvami: Mahr (nem.), mare (angl. v <em>nightmare<\/em>), mara (staron\u00f3r.\/\u0161v\u00e9d.), Mart\/M\u00e5rt, Mahrt, holandsky <em>nachtmerrie<\/em>. Cez franc\u00fazske <em>cauchemar<\/em> sa slovo roz\u0161\u00edrilo aj do rom\u00e1nskych jazykov.<\/p>\t\t\t\t\t\t\t\t<\/div>\n\t\t\t\t\t<\/div>\n\t\t\t\t<\/div>\n\t\t\t\t<\/div>\n\t\t<div class=\"elementor-element elementor-element-db03c39 e-con-full e-flex e-con e-child\" data-id=\"db03c39\" data-element_type=\"container\" data-e-type=\"container\">\n\t\t<div class=\"elementor-element elementor-element-229a87b e-flex e-con-boxed e-con e-child\" data-id=\"229a87b\" data-element_type=\"container\" data-e-type=\"container\">\n\t\t\t\t\t<div class=\"e-con-inner\">\n\t\t\t\t<div class=\"elementor-element elementor-element-1f471fc elementor-widget elementor-widget-heading\" data-id=\"1f471fc\" data-element_type=\"widget\" data-e-type=\"widget\" data-widget_type=\"heading.default\">\n\t\t\t\t\t<div class=\"elementor-heading-title elementor-size-default\">Quellenlage<\/div>\t\t\t\t<\/div>\n\t\t\t\t<div class=\"elementor-element elementor-element-36b1201 elementor-widget elementor-widget-text-editor\" data-id=\"36b1201\" data-element_type=\"widget\" data-e-type=\"widget\" data-widget_type=\"text-editor.default\">\n\t\t\t\t\t\t\t\t\t<p>Staroanglick\u00e9 lie\u010dite\u013esk\u00e9 texty, staron\u00f3rske s\u00e1gy (kr\u00e1\u013ea Vanlandiho v Ynglinga saga zab\u00edja Mara), strednohornonemeck\u00e9 pr\u00e1vne pramene, Grimmova <span class=\"iwg-fachbegriff\" data-tooltip=\"S\u00fabor tradovan\u00fdch rozpr\u00e1van\u00ed o bohoch v danej kult\u00fare.\" tabindex=\"0\">mytol\u00f3gia<\/span>, folkloristick\u00e9 arch\u00edvy z 19.\/20. storo\u010dia.<\/p>\t\t\t\t\t\t\t\t<\/div>\n\t\t\t\t\t<\/div>\n\t\t\t\t<\/div>\n\t\t\t\t<\/div>\n\t\t\t\t\t<\/div>\n\t\t\t\t<\/div>\n\t\t<div class=\"elementor-element elementor-element-3ae0637c e-flex e-con-boxed e-con e-parent\" data-id=\"3ae0637c\" data-element_type=\"container\" data-e-type=\"container\">\n\t\t\t\t\t<div class=\"e-con-inner\">\n\t\t\t\t<div class=\"elementor-element elementor-element-31d07739 elementor-widget elementor-widget-heading\" data-id=\"31d07739\" data-element_type=\"widget\" data-e-type=\"widget\" data-widget_type=\"heading.default\">\n\t\t\t\t\t<h2 class=\"elementor-heading-title elementor-size-default\">Meno<\/h2>\t\t\t\t<\/div>\n\t\t<div class=\"elementor-element elementor-element-b7642947 e-con-full e-flex e-con e-child\" data-id=\"b7642947\" data-element_type=\"container\" data-e-type=\"container\">\n\t\t\t\t<div class=\"elementor-element elementor-element-a086266 elementor-widget elementor-widget-text-editor\" data-id=\"a086266\" data-element_type=\"widget\" data-e-type=\"widget\" data-widget_type=\"text-editor.default\">\n\t\t\t\t\t\t\t\t\t<p><strong>Staron\u00f3rsky:<\/strong> <em>mara<\/em>, mno\u017en\u00e9 \u010d\u00edslo <em>marur<\/em>.<br>Staroanglick\u00fd: <em>m\u00e6re<\/em>.<br>Starohornonemeck\u00fd: <em>mara<\/em>.<br>Modern\u00e9 formy: Nachtmahr, Nachtmar, Mart, M\u00e5rt, Mahrt, angl. <em>nightmare<\/em>, franc. <em>cauchemar<\/em>.<br>Pr\u00edbuzn\u00e1 postava: Alp (mu\u017esk\u00fd rod, \u010dasto synonymn\u00fd).<\/p><p>Ynglinga saga rozpr\u00e1va, ako \u0161v\u00e9dska kr\u00e1\u013eovn\u00e1-\u010darodejnica Hulda posiela Maru na kr\u00e1\u013ea Vanlandiho, ktor\u00fd je v posteli po\u010das sp\u00e1nku u\u0161liapan\u00fd na smr\u0165. Je to jeden z najstar\u0161\u00edch liter\u00e1rnych d\u00f4kazov a ukazuje smrtiacu silu tejto postavy.<\/p>\t\t\t\t\t\t\t\t<\/div>\n\t\t\t\t<\/div>\n\t\t\t\t\t<\/div>\n\t\t\t\t<\/div>\n\t\t<div class=\"elementor-element elementor-element-709a44a8 e-flex e-con-boxed e-con e-parent\" data-id=\"709a44a8\" data-element_type=\"container\" data-e-type=\"container\">\n\t\t\t\t\t<div class=\"e-con-inner\">\n\t\t\t\t<div class=\"elementor-element elementor-element-2f585873 elementor-widget elementor-widget-heading\" data-id=\"2f585873\" data-element_type=\"widget\" data-e-type=\"widget\" data-widget_type=\"heading.default\">\n\t\t\t\t\t<h2 class=\"elementor-heading-title elementor-size-default\">Charakteristick\u00e9 rysy<\/h2>\t\t\t\t<\/div>\n\t\t<div class=\"elementor-element elementor-element-70621c12 e-con-full e-flex e-con e-child\" data-id=\"70621c12\" data-element_type=\"container\" data-e-type=\"container\">\n\t\t\t\t<div class=\"elementor-element elementor-element-4296eb49 elementor-widget elementor-widget-text-editor\" data-id=\"4296eb49\" data-element_type=\"widget\" data-e-type=\"widget\" data-widget_type=\"text-editor.default\">\n\t\t\t\t\t\t\t\t\t<p><strong>Vzh\u013ead<\/strong><\/p><p>\u017densk\u00e1 postava, mal\u00e1, s dlh\u00fdmi zamotan\u00fdmi vlasmi. M\u00f4\u017ee na seba bra\u0165 zvieraciu podobu, ma\u010dky, psa, pav\u00faka. Vnik\u00e1 cez k\u013e\u00fa\u010dov\u00fa dierku, kom\u00edn, \u0161k\u00e1ru vo dver\u00e1ch. V niektor\u00fdch oblastiach je opisovan\u00e1 ako kr\u00e1sna mlad\u00e1 \u017eena, v in\u00fdch ako zvr\u00e1skaven\u00e1 star\u00e1 \u017eena.<\/p><p><strong>Chovanie<\/strong><\/p><p>Sad\u00e1 si na hru\u010f spiaceho, tla\u010d\u00ed, ober\u00e1 o dych, sp\u00f4sobuje stavy no\u010dnej mory. M\u00f4\u017ee \u201ejazdi\u0165&#8220; na ko\u0148och, r\u00e1no sa ukazuj\u00fa zamotan\u00e9 \u017erebe (\u201emariny vrko\u010de&#8220;) a vy\u010derpan\u00e9 zvierat\u00e1. V najhor\u0161\u00edch pr\u00edpadoch m\u00e1 smrtiace n\u00e1sledky (Ynglinga saga).<\/p><p><strong>Oblas\u0165 p\u00f4sobenia<\/strong><\/p><p>Sp\u00e1l\u0148a, konsk\u00e1 staj\u0148a. Ur\u010dit\u00e9 noci (hrani\u010dn\u00e9 dni, \u0161tvrtkov\u00e9 noci) sa pova\u017euj\u00fa za obzvl\u00e1\u0161\u0165 rizikov\u00e9. \u013dudia so slab\u00fdm krvn\u00fdm obehom, po \u0165a\u017ekom jedle, v polohe na chrbte s\u00fa pod\u013ea \u013eudovej predstavy zranite\u013enej\u0161\u00ed.<\/p><p><strong>Mytologick\u00e9 zaradenie<\/strong><\/p><p>Prastarogerm\u00e1nska bytos\u0165. Mo\u017eno s\u00favis\u00ed s predstavou putuj\u00facej du\u0161e (<em>mara<\/em> ako oddelen\u00e1 \u017eensk\u00e1 podoba du\u0161e, ktor\u00e1 sa v noci pohybuje). V slovanskej trad\u00edcii s\u00fa s \u0148ou bl\u00edzko pr\u00edbuzn\u00e9 postavy (Mora, Mura).<\/p><p><strong>Vzh\u013ead a symbolika<\/strong><\/p><p>Mahr je opisovan\u00e1 ako s\u00famrakov\u00fd st\u00edn, ktor\u00fd si sad\u00e1 na spiacich. Niekedy sa zjavuje ako elfovsk\u00e1 bytos\u0165. Alb sa m\u00f4\u017ee premeni\u0165 na zviera, ko\u0148a, vt\u00e1ka alebo ma\u010dku. Zovretie a paral\u00fdza dychu s\u00fa jej typick\u00fdmi znakmi. \u017delezo sa pova\u017euje za ochranu.<\/p><div><p><strong>\u010carodejn\u00edctvo a \u013eudov\u00e1 trad\u00edcia ran\u00e9ho novoveku<\/strong><\/p><p>V nemeckom prostred\u00ed 16. a\u017e 18. storo\u010dia bola Mahr \u00fazko spojen\u00e1 s \u010darodejn\u00edctvom. Obvinen\u00e9 \u010darodejnice boli okrem in\u00e9ho ob\u017ealovan\u00e9, \u017ee v noci v podobe Mahr nav\u0161tevovali spiacich \u013eud\u00ed, sp\u00f4sobovali no\u010dn\u00e9 mory a zv\u00e1dzali mu\u017eov.<\/p><p>Hranica medzi d\u00e9monickou bytos\u0165ou a \u010darodejnicou, ktor\u00e1 sa magicky pretransformuje do tejto podoby, sa \u010dasto stierala. Dedinsk\u00e9 podania hovorili o \u017een\u00e1ch, ktor\u00e9 <em>chodili ako Mahr<\/em>, teda vysielali svoju du\u0161u v tejto podobe, zatia\u013e \u010do telo spalo.<\/p><p><span data-nosnippet>T\u00e1to viera nebola obmedzen\u00e1 na jeden regi\u00f3n, ale bola roz\u0161\u00edren\u00e1 v celej nemecky hovoriacej oblasti a Skandin\u00e1vii. Jakob Grimm zdokumentoval v diele <em>Deutsche <span class=\"iwg-fachbegriff\" data-tooltip=\"S\u00fabor tradovan\u00fdch pr\u00edbehov o bohoch ur\u010ditej kult\u00fary.\" tabindex=\"0\">Mythologie<\/span><\/em> (1835) stovky spr\u00e1v o Mahr z r\u00f4znych oblast\u00ed a uk\u00e1zal, \u017ee trad\u00edcia Mahr bola star\u0161ia a roz\u0161\u00edrenej\u0161ia, ne\u017e by nazna\u010dovala dobov\u00e1 akademick\u00e1 pozornos\u0165.<\/span><\/p><\/div>\t\t\t\t\t\t\t\t<\/div>\n\t\t\t\t<\/div>\n\t\t\t\t\t<\/div>\n\t\t\t\t<\/div>\n\t\t<div class=\"elementor-element elementor-element-44e71476 e-flex e-con-boxed e-con e-parent\" data-id=\"44e71476\" data-element_type=\"container\" data-e-type=\"container\">\n\t\t\t\t\t<div class=\"e-con-inner\">\n\t\t\t\t<div class=\"elementor-element elementor-element-3c1fc3f0 elementor-widget elementor-widget-heading\" data-id=\"3c1fc3f0\" data-element_type=\"widget\" data-e-type=\"widget\" data-widget_type=\"heading.default\">\n\t\t\t\t\t<h2 class=\"elementor-heading-title elementor-size-default\">Profil: Mahr<\/h2>\t\t\t\t<\/div>\n\t\t<div class=\"elementor-element elementor-element-84f33b8e e-con-full e-flex e-con e-child\" data-id=\"84f33b8e\" data-element_type=\"container\" data-e-type=\"container\">\n\t\t\t\t<div class=\"elementor-element elementor-element-hqkdc67p elementor-widget elementor-widget-text-editor\" data-id=\"hqkdc67p\" data-element_type=\"widget\" data-e-type=\"widget\" data-widget_type=\"text-editor.default\">\n\t\t\t\t\t\t\t\t\t<p>Najd\u00f4le\u017eitej\u0161ie aspekty bytosti Mahr na prv\u00fd poh\u013ead.<\/p>\t\t\t\t\t\t\t\t<\/div>\n\t\t\t\t<\/div>\n\t\t<div class=\"elementor-element elementor-element-pemmx7c5 e-con-full e-flex e-con e-child\" data-id=\"pemmx7c5\" data-element_type=\"container\" data-e-type=\"container\">\n\t\t<div class=\"elementor-element elementor-element-pemmx7c1 e-con-full e-flex e-con e-child\" data-id=\"pemmx7c1\" data-element_type=\"container\" data-e-type=\"container\">\n\t\t<div class=\"elementor-element elementor-element-qh9oavvu iwg-steckbrief-card e-flex e-con-boxed e-con e-child\" data-id=\"qh9oavvu\" data-element_type=\"container\" data-e-type=\"container\">\n\t\t\t\t\t<div class=\"e-con-inner\">\n\t\t\t\t<div class=\"elementor-element elementor-element-awzx8k2k elementor-widget elementor-widget-heading\" data-id=\"awzx8k2k\" data-element_type=\"widget\" data-e-type=\"widget\" data-widget_type=\"heading.default\">\n\t\t\t\t\t<div class=\"elementor-heading-title elementor-size-default\">Kult\u00farny kontext<\/div>\t\t\t\t<\/div>\n\t\t\t\t<div class=\"elementor-element elementor-element-x6rowhv0 elementor-widget elementor-widget-text-editor\" data-id=\"x6rowhv0\" data-element_type=\"widget\" data-e-type=\"widget\" data-widget_type=\"text-editor.default\">\n\t\t\t\t\t\t\t\t\t<p>Prastarogerm\u00e1nska vrstva; mo\u017eno putuj\u00faca \u017eensk\u00e1 podoba du\u0161e. Jazykovo sa dodnes zachovala v slov\u00e1ch \u201enightmare&#8220; a \u201ecauchemar&#8220;.<\/p>\t\t\t\t\t\t\t\t<\/div>\n\t\t\t\t\t<\/div>\n\t\t\t\t<\/div>\n\t\t<div class=\"elementor-element elementor-element-8e3o4kxs iwg-steckbrief-card e-flex e-con-boxed e-con e-child\" data-id=\"8e3o4kxs\" data-element_type=\"container\" data-e-type=\"container\">\n\t\t\t\t\t<div class=\"e-con-inner\">\n\t\t\t\t<div class=\"elementor-element elementor-element-08rkdgov elementor-widget elementor-widget-heading\" data-id=\"08rkdgov\" data-element_type=\"widget\" data-e-type=\"widget\" data-widget_type=\"heading.default\">\n\t\t\t\t\t<div class=\"elementor-heading-title elementor-size-default\">Adres\u00e1ti<\/div>\t\t\t\t<\/div>\n\t\t\t\t<div class=\"elementor-element elementor-element-uwjelx8s elementor-widget elementor-widget-text-editor\" data-id=\"uwjelx8s\" data-element_type=\"widget\" data-e-type=\"widget\" data-widget_type=\"text-editor.default\">\n\t\t\t\t\t\t\t\t\t<p>Spiaci \u013eudia (v polohe na chrbte, po \u0165a\u017ekom jedle), kone v stajni. Ur\u010dit\u00e9 hrani\u010dn\u00e9 noci s\u00fa obzvl\u00e1\u0161\u0165 rizikov\u00e9.<\/p>\t\t\t\t\t\t\t\t<\/div>\n\t\t\t\t\t<\/div>\n\t\t\t\t<\/div>\n\t\t<div class=\"elementor-element elementor-element-jm2n74ec iwg-steckbrief-card e-flex e-con-boxed e-con e-child\" data-id=\"jm2n74ec\" data-element_type=\"container\" data-e-type=\"container\">\n\t\t\t\t\t<div class=\"e-con-inner\">\n\t\t\t\t<div class=\"elementor-element elementor-element-8vufse4c elementor-widget elementor-widget-heading\" data-id=\"8vufse4c\" data-element_type=\"widget\" data-e-type=\"widget\" data-widget_type=\"heading.default\">\n\t\t\t\t\t<div class=\"elementor-heading-title elementor-size-default\">Vzh\u013ead Mahr<\/div>\t\t\t\t<\/div>\n\t\t\t\t<div class=\"elementor-element elementor-element-mwb9u015 elementor-widget elementor-widget-text-editor\" data-id=\"mwb9u015\" data-element_type=\"widget\" data-e-type=\"widget\" data-widget_type=\"text-editor.default\">\n\t\t\t\t\t\t\t\t\t<p>\u017dena, mal\u00e1 postava, dlh\u00e9 zamotan\u00e9 vlasy. Schopn\u00e1 premeny na zviera (ma\u010dka, pav\u00fak). V niektor\u00fdch oblastiach kr\u00e1sna \u017eena, v in\u00fdch star\u00e1 \u017eena.<\/p>\t\t\t\t\t\t\t\t<\/div>\n\t\t\t\t\t<\/div>\n\t\t\t\t<\/div>\n\t\t\t\t<\/div>\n\t\t<div class=\"elementor-element elementor-element-pemmx7c2 e-con-full e-flex e-con e-child\" data-id=\"pemmx7c2\" data-element_type=\"container\" data-e-type=\"container\">\n\t\t<div class=\"elementor-element elementor-element-37ss2yr6 iwg-steckbrief-card e-flex e-con-boxed e-con e-child\" data-id=\"37ss2yr6\" data-element_type=\"container\" data-e-type=\"container\">\n\t\t\t\t\t<div class=\"e-con-inner\">\n\t\t\t\t<div class=\"elementor-element elementor-element-3v0wp3wx elementor-widget elementor-widget-heading\" data-id=\"3v0wp3wx\" data-element_type=\"widget\" data-e-type=\"widget\" data-widget_type=\"heading.default\">\n\t\t\t\t\t<div class=\"elementor-heading-title elementor-size-default\">Funkcia<\/div>\t\t\t\t<\/div>\n\t\t\t\t<div class=\"elementor-element elementor-element-w3247g2m elementor-widget elementor-widget-text-editor\" data-id=\"w3247g2m\" data-element_type=\"widget\" data-e-type=\"widget\" data-widget_type=\"text-editor.default\">\n\t\t\t\t\t\t\t\t\t<p>Tla\u010d\u00ed, ober\u00e1 o dych, sp\u00f4sobuje no\u010dn\u00e9 mory. \u201eJazd\u00ed&#8220; na ko\u0148och. Pod\u013ea liter\u00e1rnej <span class=\"iwg-fachbegriff\" data-tooltip=\"Odovzd\u00e1vanie vedomost\u00ed a pr\u00edbehov z gener\u00e1cie na gener\u00e1ciu.\" tabindex=\"0\">trad\u00edcie<\/span> m\u00f4\u017ee p\u00f4sobi\u0165 smrtiace (Ynglinga saga).<\/p>\t\t\t\t\t\t\t\t<\/div>\n\t\t\t\t\t<\/div>\n\t\t\t\t<\/div>\n\t\t<div class=\"elementor-element elementor-element-0qpjal9w iwg-steckbrief-card e-flex e-con-boxed e-con e-child\" data-id=\"0qpjal9w\" data-element_type=\"container\" data-e-type=\"container\">\n\t\t\t\t\t<div class=\"e-con-inner\">\n\t\t\t\t<div class=\"elementor-element elementor-element-6ndoih0o elementor-widget elementor-widget-heading\" data-id=\"6ndoih0o\" data-element_type=\"widget\" data-e-type=\"widget\" data-widget_type=\"heading.default\">\n\t\t\t\t\t<div class=\"elementor-heading-title elementor-size-default\">Ochrana<\/div>\t\t\t\t<\/div>\n\t\t\t\t<div class=\"elementor-element elementor-element-6684tyh9 elementor-widget elementor-widget-text-editor\" data-id=\"6684tyh9\" data-element_type=\"widget\" data-e-type=\"widget\" data-widget_type=\"text-editor.default\">\n\t\t\t\t\t\t\t\t\t<p>Ako pri Albovi: drudov kr\u00ed\u017e, obut\u00e9 naopak postaven\u00e9 pri posteli, n\u00f4\u017e pod vank\u00fa\u0161om. Navy\u0161e: kancion\u00e1l alebo \u017ealt\u00e1r pod vank\u00fa\u0161om, znak kr\u00ed\u017ea pri ukladan\u00ed sa na l\u00f4\u017eko.<\/p>\t\t\t\t\t\t\t\t<\/div>\n\t\t\t\t\t<\/div>\n\t\t\t\t<\/div>\n\t\t<div class=\"elementor-element elementor-element-3lfi7x32 iwg-steckbrief-card e-flex e-con-boxed e-con e-child\" data-id=\"3lfi7x32\" data-element_type=\"container\" data-e-type=\"container\">\n\t\t\t\t\t<div class=\"e-con-inner\">\n\t\t\t\t<div class=\"elementor-element elementor-element-0kg99ga1 elementor-widget elementor-widget-heading\" data-id=\"0kg99ga1\" data-element_type=\"widget\" data-e-type=\"widget\" data-widget_type=\"heading.default\">\n\t\t\t\t\t<div class=\"elementor-heading-title elementor-size-default\">Porovnate\u013en\u00e9 bytosti<\/div>\t\t\t\t<\/div>\n\t\t\t\t<div class=\"elementor-element elementor-element-n0fum6kp elementor-widget elementor-widget-text-editor\" data-id=\"n0fum6kp\" data-element_type=\"widget\" data-e-type=\"widget\" data-widget_type=\"text-editor.default\">\n\t\t\t\t\t\t\t\t\t<p>Alb (bl\u00edzka pr\u00edbuzn\u00e1), slovansk\u00e1 Mora\/Mura, <a href=\"https:\/\/iwell-guard.com\/sk\/?page_id=157577\">Lil\u016b a Lil\u012btu<\/a>, <a href=\"https:\/\/iwell-guard.com\/sk\/?page_id=157599\">Lilith<\/a>, <a href=\"https:\/\/iwell-guard.com\/sk\/?page_id=157589\">Empusa<\/a>, <a href=\"https:\/\/iwell-guard.com\/sk\/?page_id=157596\">Striga<\/a>.<\/p>\t\t\t\t\t\t\t\t<\/div>\n\t\t\t\t\t<\/div>\n\t\t\t\t<\/div>\n\t\t\t\t<\/div>\n\t\t\t\t<\/div>\n\t\t\t\t\t<\/div>\n\t\t\t\t<\/div>\n\t\t<div class=\"elementor-element elementor-element-7533bc7a e-flex e-con-boxed e-con e-parent\" data-id=\"7533bc7a\" data-element_type=\"container\" data-e-type=\"container\">\n\t\t\t\t\t<div class=\"e-con-inner\">\n\t\t\t\t<div class=\"elementor-element elementor-element-2447d18d elementor-widget elementor-widget-heading\" data-id=\"2447d18d\" data-element_type=\"widget\" data-e-type=\"widget\" data-widget_type=\"heading.default\">\n\t\t\t\t\t<h2 class=\"elementor-heading-title elementor-size-default\">Ochrana a v\u00fdklad<\/h2>\t\t\t\t<\/div>\n\t\t<div class=\"elementor-element elementor-element-d5d0260c e-con-full e-flex e-con e-child\" data-id=\"d5d0260c\" data-element_type=\"container\" data-e-type=\"container\">\n\t\t\t\t<div class=\"elementor-element elementor-element-341be2ac elementor-widget elementor-widget-text-editor\" data-id=\"341be2ac\" data-element_type=\"widget\" data-e-type=\"widget\" data-widget_type=\"text-editor.default\">\n\t\t\t\t\t\t\t\t\t<p><strong>Ochrann\u00e9 praktiky<\/strong><\/p><p>Zhodn\u00e9 s ochranou proti Albovi: drudov kr\u00ed\u017e, obut\u00e9 naopak, n\u00f4\u017e pod vank\u00fa\u0161om, \u017ealt\u00e1r alebo Biblia pod hlavou. Region\u00e1lne: metla so \u0161tetinami hore v k\u00fate, slamen\u00e1 b\u00e1bika v stajni.<\/p><p><strong>Ochrana kon\u00ed<\/strong><\/p><p>V stajni proti \u201ejazdeniu&#8220; Mahr: albovo zrkadlo (k\u00fasok zrkadla na krku ko\u0148a), posv\u00e4ten\u00e9 amulety, horiaci lamp\u00e1\u0161 v stajni. Zamotan\u00e9 \u017erebe r\u00e1no sa pova\u017eovali za jasn\u00fd znak n\u00e1v\u0161tevy Mahr.<\/p><p><strong>Modern\u00fd v\u00fdklad<\/strong><\/p><p>Podobne ako Alb je aj Mahr dnes ch\u00e1pan\u00e1 ako jav <a class=\"iwg-fachbegriff\" href=\"https:\/\/iwell-guard.com\/sk\/?page_id=157880\" tabindex=\"0\" data-tooltip=\"Bdel\u00fd stav so svalovou REM at\u00f3niou; celosvetovo vykladan\u00fd ako duchovn\u00fd z\u00e1\u017eitok (Mahr, Old Hag, Kanashibari) \u2013 neurologicky vysvetlite\u013en\u00fd.\" style=\"color:inherit;text-decoration:none\">sp\u00e1nkovej paral\u00fdzy<\/a>. Etnografick\u00fd v\u00fdskum (David Hufford a in\u00ed) uk\u00e1zal, \u017ee fenomenol\u00f3gia z\u00e1\u017eitku je medzikult\u00farne stabiln\u00e1, mytologick\u00e9 obrazy sa l\u00ed\u0161ia, ale samotn\u00fd z\u00e1\u017eitok zost\u00e1va rovnak\u00fd.<\/p>\t\t\t\t\t\t\t\t<\/div>\n\t\t\t\t<\/div>\n\t\t\t\t\t<\/div>\n\t\t\t\t<\/div>\n\t\t<div class=\"elementor-element elementor-element-5a584676 e-flex e-con-boxed e-con e-parent\" data-id=\"5a584676\" data-element_type=\"container\" data-e-type=\"container\">\n\t\t\t\t\t<div class=\"e-con-inner\">\n\t\t\t\t<div class=\"elementor-element elementor-element-6d0757bf elementor-widget elementor-widget-heading\" data-id=\"6d0757bf\" data-element_type=\"widget\" data-e-type=\"widget\" data-widget_type=\"heading.default\">\n\t\t\t\t\t<h2 class=\"elementor-heading-title elementor-size-default\">Paralely a recepcia<\/h2>\t\t\t\t<\/div>\n\t\t<div class=\"elementor-element elementor-element-60563f68 e-con-full e-flex e-con e-child\" data-id=\"60563f68\" data-element_type=\"container\" data-e-type=\"container\">\n\t\t\t\t<div class=\"elementor-element elementor-element-5a93fdd6 elementor-widget elementor-widget-text-editor\" data-id=\"5a93fdd6\" data-element_type=\"widget\" data-e-type=\"widget\" data-widget_type=\"text-editor.default\">\n\t\t\t\t\t\t\t\t\t<footer class=\"iwg-literatur\"><p><strong>Panerm\u00e1nske a slovansk\u00e9 paralely<\/strong><\/p><p>Alp v nemecky hovoriacej oblasti, <em>mare<\/em> v angli\u010dtine, <em>mara<\/em> v seversk\u00fdch jazykoch, <em>mora<\/em>\/<em>mura<\/em> v slovanskej oblasti. V\u0161etky odkazuj\u00fa na spolo\u010dn\u00fa indoeur\u00f3psku alebo e\u0161te star\u0161iu vrstvu.<\/p><p><strong>Paralely z <span class=\"iwg-fachbegriff\" data-tooltip=\"Epocha gr\u00e9ckej a r\u00edmskej kult\u00fary, pribli\u017ene od 800 pred Kr. do 600 po Kr.\" tabindex=\"0\">antiky<\/span><\/strong><\/p><p><a href=\"https:\/\/iwell-guard.com\/sk\/?page_id=157577\">Lil\u016b a Lil\u012btu<\/a>, <a href=\"https:\/\/iwell-guard.com\/sk\/?page_id=157599\">Lilith<\/a>, <a href=\"https:\/\/iwell-guard.com\/sk\/?page_id=157589\">Empusa<\/a>, <a href=\"https:\/\/iwell-guard.com\/sk\/?page_id=157596\">Striga<\/a> maj\u00fa s mahrou spolo\u010dn\u00fa \u0161trukt\u00faru a funkciu. \u017densk\u00e1 no\u010dn\u00e1 postava, ktor\u00e1 su\u017euje sp\u00e1\u010dov, je celosvetovo roz\u0161\u00edren\u00fd <span class=\"iwg-fachbegriff\" data-tooltip=\"Opakuj\u00faci sa obsahov\u00fd prvok v umen\u00ed alebo rozpr\u00e1van\u00ed.\" tabindex=\"0\">mot\u00edv<\/span>.<\/p><p><strong>Recepcia<\/strong><\/p><p>F\u00fcssliho obraz <em>Nachtmahr<\/em> (1781) je najzn\u00e1mej\u0161\u00edm v\u00fdtvarn\u00fdm spracovan\u00edm. Heineho lyrika a Goetheho Kr\u00e1\u013e duchov (Erlk\u00f6nig) sprac\u00favaj\u00fa tento <span class=\"iwg-fachbegriff\" data-tooltip=\"Opakuj\u00faci sa obsahov\u00fd prvok v umen\u00ed alebo rozpr\u00e1van\u00ed.\" tabindex=\"0\">mot\u00edv<\/span>. Modern\u00e1 hororn\u00fa literat\u00fara a filmy sa k tejto postave pravidelne vracaj\u00fa.<\/p><p><strong>Dedi\u010dstvo a recepcia:<\/strong> Trad\u00edcia mahry pretrv\u00e1va v modernom <span class=\"iwg-fachbegriff\" data-tooltip=\"N\u00e1bo\u017eensk\u00fd syst\u00e9m, v ktorom \u0161pecialisti komunikuj\u00fa so svetom duchov.\" tabindex=\"0\">\u0161amanizme<\/span>. Javy no\u010dn\u00fdch hr\u00f4z sa jej niekedy pripisuj\u00fa. V z\u00e1padnej psychol\u00f3gii je alp javom, ktor\u00fd presahuje jednotliv\u00e9 kult\u00fary. Vo fantasy literat\u00fare s\u00fa mahry \u010dasto elfsk\u00e9 trikstery. Kult\u00fara alpa zost\u00e1va \u017eiv\u00e1 v Bavorsku.<\/p><div data-nosnippet=\"true\" class=\"iwg-litliste\"><\/div><\/footer><div><p><strong>Fyzick\u00e1 a d\u00e9monick\u00e1 povaha mahry<\/strong><\/p><p>Opakuj\u00facim sa <span class=\"iwg-fachbegriff\" data-tooltip=\"Opakuj\u00faci sa obsahov\u00fd prvok v umen\u00ed alebo rozpr\u00e1van\u00ed.\" tabindex=\"0\">mot\u00edvom<\/span> v svedectv\u00e1ch je ambivalentn\u00e1 fyzick\u00e1 pr\u00edtomnos\u0165 mahry. Niektor\u00e9 rozpr\u00e1vania hovoria o hmatate\u013enej bytosti, vychudnutej \u017eene s dlh\u00fdmi nechtami a bledou tv\u00e1rou, ktor\u00e1 rob\u00ed zvieracie pohyby.<\/p><p>In\u00e9 svedectv\u00e1 sk\u00f4r nazna\u010duj\u00fa duchovn\u00fa alebo prelietav\u00fa pr\u00edtomnos\u0165, druh vn\u00fatornej podoby strachu, ktor\u00e1 sa vymyk\u00e1 fyzick\u00e9mu zhmotneniu. T\u00e1to ambivalencia rob\u00ed mahru ani \u00faplne duchovnou, ani \u00faplne telesnou, ale sk\u00f4r existuj\u00facou na hranici medzi oboma.<\/p><p>Ot\u00e1zka, \u010di mahru ch\u00e1pa\u0165 ako d\u00e9monick\u00fa bytos\u0165, projekciu \u013eudsk\u00e9ho strachu alebo d\u00f4sledok medic\u00ednskej poruchy sp\u00e1nku, bola vo folkloristike zodpovedan\u00e1 rozdielne. S\u00fa\u010dasn\u00e1 <span class=\"iwg-fachbegriff\" data-tooltip=\"Veda, ktor\u00e1 porovn\u00e1vac\u00edm sp\u00f4sobom a bez n\u00e1bo\u017eenskej viazanosti sk\u00fama n\u00e1bo\u017eenstv\u00e1.\" tabindex=\"0\">religionistika<\/span> t\u00fato ambivalenciu uzn\u00e1va bez toho, aby ju rozpustila, a ch\u00e1pe mahru ako kult\u00farny produkt s re\u00e1lnymi soci\u00e1lnymi a psychologick\u00fdmi funkciami.<\/p><\/div>\t\t\t\t\t\t\t\t<\/div>\n\t\t\t\t<\/div>\n\t\t\t\t\t<\/div>\n\t\t\t\t<\/div>\n\t\t<div class=\"elementor-element elementor-element-cpf76f55e e-flex e-con-boxed e-con e-parent\" data-id=\"cpf76f55e\" data-element_type=\"container\" data-e-type=\"container\">\n\t\t\t\t\t<div class=\"e-con-inner\">\n\t\t\t\t<div class=\"elementor-element elementor-element-cp607ca10 elementor-widget elementor-widget-heading\" data-id=\"cp607ca10\" data-element_type=\"widget\" data-e-type=\"widget\" data-widget_type=\"heading.default\">\n\t\t\t\t\t<h2 class=\"elementor-heading-title elementor-size-default\">Mahra a eur\u00f3pske slovo pre no\u010dn\u00fa moru<\/h2>\t\t\t\t<\/div>\n\t\t<div class=\"elementor-element elementor-element-cpee16b4c e-con-full e-flex e-con e-child\" data-id=\"cpee16b4c\" data-element_type=\"container\" data-e-type=\"container\">\n\t\t\t\t<div class=\"elementor-element elementor-element-cp91fe14d elementor-widget elementor-widget-text-editor\" data-id=\"cp91fe14d\" data-element_type=\"widget\" data-e-type=\"widget\" data-widget_type=\"text-editor.default\">\n\t\t\t\t\t\t\t\t\t<p><em>Mahra<\/em> je jazykovo jednou z najv\u00fdznamnej\u0161\u00edch duchovn\u00fdch bytost\u00ed germ\u00e1nskej <span class=\"iwg-fachbegriff\" data-tooltip=\"Odovzd\u00e1vanie vedomost\u00ed a rozpr\u00e1van\u00ed z gener\u00e1cie na gener\u00e1ciu.\" tabindex=\"0\">trad\u00edcie<\/span>. Jej meno je zachovan\u00e9 v anglickom slove <em>nightmare<\/em>, vo franc\u00fazskom <em>cauchemar<\/em> a v \u010fal\u0161\u00edch eur\u00f3pskych slov\u00e1ch pre no\u010dn\u00fa moru. Tieto stopy dokazuj\u00fa, \u017ee predstava \u017eensk\u00e9ho tlakov\u00e9ho ducha, ktor\u00fd v noci su\u017euje sp\u00e1\u010da, bola v z\u00e1padnej Eur\u00f3pe roz\u0161\u00edren\u00e1 a m\u00e1 hlubok\u00e9 korene.<\/p><p>T\u00e1to slovn\u00e1 rodina je dobre zdokumentovan\u00e1 v germ\u00e1nskych jazykoch, v starohornej nem\u010dine, v starej angli\u010dtine ako <em>m\u00e6re<\/em>, v starej sever\u010dine ako <em>mara<\/em>. Staroseversk\u00e1 literat\u00fara obsahuje p\u00f4sobiv\u00e9 rozpr\u00e1vanie v <em>Ynglinga saga<\/em> od Snorriho Sturlusona: kr\u00e1\u013ea Vanlandiho udupie k smrti <em>mara<\/em>, ktor\u00e1 mu najprv st\u00fapi na nohy a potom na hlavu.<\/p><p>T\u00e1to pas\u00e1\u017e patr\u00ed medzi najstar\u0161ie podrobn\u00e9 liter\u00e1rne svedectv\u00e1 tejto predstavy a dokazuje, \u017ee mahra bola u\u017e v stredoveku ch\u00e1pan\u00e1 ako smrtiaca hrozba.<\/p><p>Jazykovedn\u00fd v\u00fdskum navrhol r\u00f4zne v\u00fdklady kore\u0148a slova, medzi in\u00fdm spojenie so slovesom s v\u00fdznamom \u201edrvi\u0165\u201c alebo \u201estl\u00e1\u010da\u0165\u201c, \u010do by dobre zodpovedalo funkcii tlakov\u00e9ho ducha. \u00daplne overen\u00e1 etymol\u00f3gia v\u0161ak neexistuje. Ist\u00e9 je v\u0161ak ve\u013ek\u00fd geografick\u00fd a \u010dasov\u00fd rozsah tohto slova.<\/p><p>Mahra je tak pr\u00edkladom toho, ako duchovn\u00e1 bytos\u0165 p\u00f4sob\u00ed prostredn\u00edctvom jazyka sp\u00f4sobom, ktor\u00fd ove\u013ea presahuje jej p\u00f4vodn\u00e9 n\u00e1bo\u017eensk\u00e9 pozadie. Kto dnes hovor\u00ed o no\u010dnej more, pou\u017e\u00edva bez toho, aby to vedel, meno star\u00e9ho tlakov\u00e9ho ducha.<\/p>\t\t\t\t\t\t\t\t<\/div>\n\t\t\t\t<\/div>\n\t\t\t\t\t<\/div>\n\t\t\t\t<\/div>\n\t\t<div class=\"elementor-element elementor-element-cp599ff74 e-flex e-con-boxed e-con e-parent\" data-id=\"cp599ff74\" data-element_type=\"container\" data-e-type=\"container\">\n\t\t\t\t\t<div class=\"e-con-inner\">\n\t\t\t\t<div class=\"elementor-element elementor-element-cpcaa6cd3 elementor-widget elementor-widget-heading\" data-id=\"cpcaa6cd3\" data-element_type=\"widget\" data-e-type=\"widget\" data-widget_type=\"heading.default\">\n\t\t\t\t\t<h2 class=\"elementor-heading-title elementor-size-default\">Mahra medzi duchovnou bytos\u0165ou a vyslanou du\u0161ou<\/h2>\t\t\t\t<\/div>\n\t\t<div class=\"elementor-element elementor-element-cp5ca891c e-con-full e-flex e-con e-child\" data-id=\"cp5ca891c\" data-element_type=\"container\" data-e-type=\"container\">\n\t\t\t\t<div class=\"elementor-element elementor-element-cp888ab8f elementor-widget elementor-widget-text-editor\" data-id=\"cp888ab8f\" data-element_type=\"widget\" data-e-type=\"widget\" data-widget_type=\"text-editor.default\">\n\t\t\t\t\t\t\t\t\t<p>\u013dudov\u00e1 <span class=\"iwg-fachbegriff\" data-tooltip=\"Odovzd\u00e1vanie vedomost\u00ed a rozpr\u00e1van\u00ed z gener\u00e1cie na gener\u00e1ciu.\" tabindex=\"0\">trad\u00edcia<\/span> o mahre nie je jednotn\u00e1, ale sp\u00e1ja dva odli\u0161n\u00e9 v\u00fdkladov\u00e9 modely. Pod\u013ea jedn\u00e9ho je mahra samostatn\u00e1 duchovn\u00e1 bytos\u0165, ktor\u00e1 prich\u00e1dza zvonka a su\u017euje sp\u00e1\u010da.<\/p><p>Pod\u013ea druh\u00e9ho je mahra vyslan\u00e1 du\u0161a alebo vyslan\u00e1 v\u00f4\u013ea \u017eij\u00faceho \u010dloveka. V tomto druhom v\u00fdklade jeden \u010dlovek, \u010dasto bez toho, aby o tom vedel, v sp\u00e1nku tr\u00e1pi druh\u00e9ho tak, \u017ee \u010das\u0165 jeho bytosti opust\u00ed telo a putuje ako mahra.<\/p><p>Z tejto druhej predstavy vzniknuli konkr\u00e9tne rozpr\u00e1vacie vzory. Roz\u0161\u00edren\u00fd typ rozpr\u00e1vania hovor\u00ed, \u017ee mahra vnikne do sp\u00e1lne mal\u00fdm otvorom, napr\u00edklad dierou od hr\u010da v dreve. Ak sa tento otvor zapch\u00e1, mahra nem\u00f4\u017ee unikn\u00fa\u0165 a je uv\u00e4znen\u00e1.<\/p><p>R\u00e1no sa na tomto mieste nach\u00e1dza osoba, \u010dasto \u017eena, ktor\u00e1 je tak odhalen\u00e1 ako mahra. V niektor\u00fdch verzi\u00e1ch si ju mu\u017e vezme za \u017eenu, ale hne\u010f ako sa raz zapchan\u00fd otvor znova otvor\u00ed, zmizne rovnakou cestou.<\/p><p>Tieto rozpr\u00e1vania sp\u00e1jaj\u00fa mahru \u00fazko s vierou v \u010darodejnice a s predstavami o vo\u013ene pohyblivej du\u0161i. Religionistick\u00fd a etnografick\u00fd v\u00fdskum v tom vid\u00ed splynutie viacer\u00fdch vrstiev: starej predstavy o no\u010dnom tlakovom duchu, predstavy o vyslanej du\u0161i a novovekej predstavy o \u010darodejniciach.<\/p><p>Mahra teda nie je jasne ohrani\u010den\u00e1 bytos\u0165 s pevn\u00fdm \u017eivotopisom, ale sk\u00f4r uzlov\u00fd bod, v ktorom sa kri\u017euj\u00fa r\u00f4zne n\u00e1bo\u017eensk\u00e9 predstavy. Pr\u00e1ve t\u00e1to viacvrstvovos\u0165 ju rob\u00ed pre v\u00fdskum \u013eudovej viery v duchov tak bohatou.<\/p>\t\t\t\t\t\t\t\t<\/div>\n\t\t\t\t<\/div>\n\t\t\t\t\t<\/div>\n\t\t\t\t<\/div>\n\t\t<div class=\"elementor-element elementor-element-cpaac957d e-flex e-con-boxed e-con e-parent\" data-id=\"cpaac957d\" data-element_type=\"container\" data-e-type=\"container\">\n\t\t\t\t\t<div class=\"e-con-inner\">\n\t\t\t\t<div class=\"elementor-element elementor-element-cp91fb037 elementor-widget elementor-widget-heading\" data-id=\"cp91fb037\" data-element_type=\"widget\" data-e-type=\"widget\" data-widget_type=\"heading.default\">\n\t\t\t\t\t<h2 class=\"elementor-heading-title elementor-size-default\">Zjazden\u00e9 obete: mahra, zviera a \u010dlovek<\/h2>\t\t\t\t<\/div>\n\t\t<div class=\"elementor-element elementor-element-cp75a2800 e-con-full e-flex e-con e-child\" data-id=\"cp75a2800\" data-element_type=\"container\" data-e-type=\"container\">\n\t\t\t\t<div class=\"elementor-element elementor-element-cpa41a19d elementor-widget elementor-widget-text-editor\" data-id=\"cpa41a19d\" data-element_type=\"widget\" data-e-type=\"widget\" data-widget_type=\"text-editor.default\">\n\t\t\t\t\t\t\t\t\t<p>Osobitn\u00e1 l\u00ednia <span class=\"iwg-fachbegriff\" data-tooltip=\"Odovzd\u00e1vanie vedomost\u00ed a rozpr\u00e1van\u00ed z gener\u00e1cie na gener\u00e1ciu.\" tabindex=\"0\">\u00fastneho podania<\/span> o Mahr sa net\u00fdka \u010dloveka, ale dobytka. Vo ve\u013ekej \u010dasti nemecky hovoriaceho priestoru a v \u0160kandin\u00e1vii sa Mahr pova\u017eovala aj za tr\u00e1penie kon\u00ed.<\/p><p>K\u00f4\u0148, ktor\u00fd r\u00e1no st\u00e1l v stajni vy\u010derpan\u00fd, spoten\u00fd a so zamotanou hrivou, sa pokladal za zajazden\u00e9ho Mahrou. Poprepletan\u00e9, zamotan\u00e9 pramene v hrive sa ozna\u010dovali ako <em>Mahrine ku\u010dery<\/em> alebo podobn\u00fdmi v\u00fdrazmi a vykladali sa ako vidite\u013en\u00fd d\u00f4kaz no\u010dnej n\u00e1v\u0161tevy.<\/p><p>T\u00e1to predstava vysvet\u013euje skuto\u010dn\u00e9 po\u013enohospod\u00e1rske pozorovanie: kone m\u00f4\u017eu naozaj by\u0165 cez noc spoten\u00e9 a ma\u0165 zamotan\u00fa hrivu, \u010di u\u017e kv\u00f4li chorobe, nepokoju alebo parazitom.<\/p><p>Na pozad\u00ed viery v Mahru sa toto pozorovanie stalo potvrden\u00edm n\u00e1v\u0161tevy ducha. Z toho vypl\u00fdvali obrann\u00e9 opatrenia v stajni: ve\u0161ali sa ur\u010dit\u00e9 predmety, do dreva sa vyrez\u00e1vali znaky alebo sa spoliehalo na ochrann\u00e9 rastliny, aby Mahru odohnali.<\/p><p>V\u00fdraz pre zamotan\u00fa hrivu sa v niektor\u00fdch oblastiach dokonca preniesol na \u013eudsk\u00fd jav, na silne zamotan\u00e9, u\u017e neroz\u010desate\u013en\u00e9 vlasy. Folkloristick\u00fd v\u00fdskum dobre zdokumentoval toto roz\u0161\u00edrenie predstavy Mahry zo sp\u00e1lne do stajne a zo sk\u00fasenosti sp\u00e1nkovej obrny na pozorovanie na zvierati.<\/p><p>N\u00e1zorne to ukazuje, ako sa raz zaveden\u00fd vysvet\u013eovac\u00ed vzor roz\u0161iruje na st\u00e1le nov\u00e9 javy. Mahra p\u00f4vodne vysvet\u013eovala no\u010dn\u00fd pocit dusenia u \u010dloveka. Okrem toho vysvet\u013eovala aj rad \u010fal\u0161\u00edch n\u00e1padn\u00fdch, nevysvetlen\u00fdch pozorovan\u00ed, ktor\u00e9 sa dali zaradi\u0165 do rovnakej v\u00fdkladovej sch\u00e9my.<\/p>\t\t\t\t\t\t\t\t<\/div>\n\t\t\t\t<\/div>\n\t\t\t\t\t<\/div>\n\t\t\t\t<\/div>\n\t\t<div class=\"elementor-element elementor-element-36dd7469 e-flex e-con-boxed e-con e-parent\" data-id=\"36dd7469\" data-element_type=\"container\" data-e-type=\"container\">\n\t\t\t\t\t<div class=\"e-con-inner\">\n\t\t\t\t<div class=\"elementor-element elementor-element-13760ab4 elementor-widget elementor-widget-heading\" data-id=\"13760ab4\" data-element_type=\"widget\" data-e-type=\"widget\" data-widget_type=\"heading.default\">\n\t\t\t\t\t<h2 class=\"elementor-heading-title elementor-size-default\">S\u00favisiace odkazy<\/h2>\t\t\t\t<\/div>\n\t\t<div class=\"elementor-element elementor-element-28c87796 e-con-full e-flex e-con e-child\" data-id=\"28c87796\" data-element_type=\"container\" data-e-type=\"container\">\n\t\t\t\t<div class=\"elementor-element elementor-element-5d6538df elementor-widget elementor-widget-text-editor\" data-id=\"5d6538df\" data-element_type=\"widget\" data-e-type=\"widget\" data-widget_type=\"text-editor.default\">\n\t\t\t\t\t\t\t\t\t<p>Odpor\u00fa\u010dan\u00e9 intern\u00e9 odkazy:<\/p><ul><li><a href=\"https:\/\/iwell-guard.com\/sk\/?page_id=157606\">Germ\u00e1nska trad\u00edcia<\/a><\/li><li><a href=\"https:\/\/iwell-guard.com\/sk\/?page_id=157619\">Alp<\/a> (najbli\u017e\u0161ia pr\u00edbuznos\u0165), <a href=\"https:\/\/iwell-guard.com\/sk\/?page_id=157620\">Draugr<\/a>, <a href=\"https:\/\/iwell-guard.com\/sk\/?page_id=157621\">Nix<\/a>, <a href=\"https:\/\/iwell-guard.com\/sk\/?page_id=157622\">Troll<\/a><\/li><li><a href=\"https:\/\/iwell-guard.com\/sk\/?page_id=157577\">Lil\u016b a Lil\u012btu<\/a>, <a href=\"https:\/\/iwell-guard.com\/sk\/?page_id=157599\">Lilith<\/a><\/li><li><a class=\"iwg-fachbegriff\" href=\"https:\/\/iwell-guard.com\/sk\/?page_id=157880\" tabindex=\"0\" data-tooltip=\"Bdel\u00fd stav so svalovou REM-at\u00f3niou; po celom svete vykladan\u00fd ako sk\u00fasenos\u0165 s duchmi (Mahr, Old Hag, Kanashibari) \u2013 neurologicky vysvetlite\u013en\u00fd.\" style=\"color:inherit;text-decoration:none\">Sp\u00e1nkov\u00e1 paral\u00fdza<\/a> \u2013 v\u00fdskum<\/li><li>F\u00fcssli, \u201eNo\u010dn\u00e1 mora\u201c<\/li><\/ul>\t\t\t\t\t\t\t\t<\/div>\n\t\t\t\t<\/div>\n\t\t\t\t\t<\/div>\n\t\t\t\t<\/div>\n\t\t<div class=\"elementor-element elementor-element-grl4kl40 e-flex e-con-boxed e-con e-parent\" data-id=\"grl4kl40\" data-element_type=\"container\" data-e-type=\"container\">\n\t\t\t\t\t<div class=\"e-con-inner\">\n\t\t\t\t<div class=\"elementor-element elementor-element-bzsbfrmh elementor-widget elementor-widget-heading\" data-id=\"bzsbfrmh\" data-element_type=\"widget\" data-e-type=\"widget\" data-widget_type=\"heading.default\">\n\t\t\t\t\t<h2 class=\"elementor-heading-title elementor-size-default\">Literat\u00fara (v\u00fdber)<\/h2>\t\t\t\t<\/div>\n\t\t<div class=\"elementor-element elementor-element-2c13224a e-con-full e-flex e-con e-child\" data-id=\"2c13224a\" data-element_type=\"container\" data-e-type=\"container\">\n\t\t\t\t<div class=\"elementor-element elementor-element-0eymh9ub elementor-widget elementor-widget-text-editor\" data-id=\"0eymh9ub\" data-element_type=\"widget\" data-e-type=\"widget\" data-widget_type=\"text-editor.default\">\n\t\t\t\t\t\t\t\t\t<footer class=\"iwg-literatur\" data-nosnippet=\"true\"><p>V\u00fdber k\u013e\u00fa\u010dov\u00fdch pr\u00e1c o Mahr:<\/p><ul><li><span data-nosnippet>Hufford, David J.: <em><a href=\"https:\/\/www.pennpress.org\/9780812213058\/the-terror-that-comes-in-the-night\/\" target=\"_blank\" rel=\"noopener noreferrer\">The Terror That Comes in the Night<\/a><\/em>. Philadelphia 1982.<\/span><\/li><li><span data-nosnippet>Roscher, Wilhelm Heinrich: <em>Ephialtes<\/em>. Leipzig 1900.<\/span><\/li><li><span data-nosnippet>Grimm, Jacob: <em><a href=\"https:\/\/en.wikipedia.org\/wiki\/Deutsche_Mythologie\" target=\"_blank\" rel=\"noopener noreferrer\">Deutsche Mythologie<\/a><\/em>. Berlin 1875, 78.<\/span><\/li><li><span data-nosnippet>Kvideland, Reimund \/ Sehmsdorf, Henning: <em>Scandinavian Folk Belief and Legend<\/em>. Minneapolis 1988.<\/span><\/li><\/ul><\/footer>\n<p class=\"iwg-bib-more\"><span data-nosnippet>\u010eal\u0161ie \u0161tandardn\u00e9 diela v <a href=\"https:\/\/iwell-guard.com\/sk\/?page_id=157722\">zozname literat\u00fary<\/a>.<\/span><\/p>\t\t\t\t\t\t\t\t<\/div>\n\t\t\t\t<\/div>\n\t\t\t\t\t<\/div>\n\t\t\t\t<\/div>\n\t\t<div class=\"elementor-element elementor-element-iwgca-mahr-sec e-flex e-con-boxed e-con e-parent\" data-id=\"iwgca-mahr-sec\" data-element_type=\"container\" data-e-type=\"container\" id=\"iwg-ca-mahr\">\n\t\t\t\t\t<div class=\"e-con-inner\">\n\t\t\t\t<div class=\"elementor-element elementor-element-iwgca-mahr-te iwg-ca-textwrap elementor-widget elementor-widget-text-editor\" data-id=\"iwgca-mahr-te\" data-element_type=\"widget\" data-e-type=\"widget\" data-widget_type=\"text-editor.default\">\n\t\t\t\t\t\t\t\t\t<div data-nosnippet=\"true\"><p class=\"iwg-ca-bridge\">Tu pop\u00edsan\u00e1 ochrann\u00e1 prax je religionistick\u00e9 zaradenie historick\u00fdch trad\u00edci\u00ed. iWell Guard nadv\u00e4zuje na t\u00fato kult\u00farno-historick\u00fa linku nosen\u00fdch ochrann\u00fdch predmetov a predstavuje jej s\u00fa\u010dasn\u00fa formu. <a href=\"\/ueber-iwell-guard\/?utm_source=iwell-guard.com&#038;utm_medium=text-link&#038;utm_campaign=schadwesen-tradition\">Viac o iWell Guard \u2192<\/a><\/p><\/div>\t\t\t\t\t\t\t\t<\/div>\n\t\t\t\t\t<\/div>\n\t\t\t\t<\/div>\n\t\t\t\t<\/div>\n\t\t","protected":false},"excerpt":{"rendered":"","protected":false},"author":3,"featured_media":1681,"parent":0,"menu_order":0,"comment_status":"closed","ping_status":"closed","template":"elementor_header_footer","meta":{"_yoast_wpseo_focuskw":"Mahr","_yoast_wpseo_title":"Mahr - \u017densk\u00e1 no\u010dn\u00e1 dusite\u013eka","_yoast_wpseo_metadesc":"Mahr, \u017eensk\u00e1 no\u010dn\u00e1 dusite\u013eka germ\u00e1nskej trad\u00edcie. Jazykovo zachovan\u00e1 prastar\u00e1 podoba spojen\u00e1 s morovou no\u010dnou ties\u0148ou a no\u010dnou morou.","_yoast_wpseo_meta-robots-noindex":"","_yoast_wpseo_canonical":"","_angie_page":false,"gefaehrdungsstufe":"3","wesen_kultur":"germanisch","wesen_klasse":"geister","footnotes":""},"categories":[],"class_list":["post-157623","page","type-page","status-publish","has-post-thumbnail","hentry"],"yoast_head":"<!-- This site is optimized with the Yoast SEO Premium plugin v27.7 (Yoast SEO v28.3) - https:\/\/yoast.com\/product\/yoast-seo-premium-wordpress\/ -->\n<title>Mahr - \u017densk\u00e1 no\u010dn\u00e1 dusite\u013eka<\/title>\n<meta name=\"description\" content=\"Mahr, \u017eensk\u00e1 no\u010dn\u00e1 dusite\u013eka germ\u00e1nskej trad\u00edcie. Jazykovo zachovan\u00e1 prastar\u00e1 podoba spojen\u00e1 s morovou no\u010dnou ties\u0148ou a no\u010dnou morou.\" \/>\n<meta name=\"robots\" content=\"index, follow, max-snippet:-1, max-image-preview:large, max-video-preview:-1\" \/>\n<link rel=\"canonical\" href=\"https:\/\/iwell-guard.com\/sk\/mahr\/\" \/>\n<meta property=\"og:locale\" content=\"sk_SK\" \/>\n<meta property=\"og:type\" content=\"article\" \/>\n<meta property=\"og:title\" content=\"Mahr\" \/>\n<meta property=\"og:description\" content=\"Mahr, \u017eensk\u00e1 no\u010dn\u00e1 dusite\u013eka germ\u00e1nskej trad\u00edcie. Jazykovo zachovan\u00e1 prastar\u00e1 podoba spojen\u00e1 s morovou no\u010dnou ties\u0148ou a no\u010dnou morou.\" \/>\n<meta property=\"og:url\" content=\"https:\/\/iwell-guard.com\/sk\/mahr\/\" \/>\n<meta property=\"og:site_name\" content=\"iWell Guard\" \/>\n<meta property=\"article:modified_time\" content=\"2026-09-04T22:38:01+00:00\" \/>\n<meta property=\"og:image\" content=\"https:\/\/iwell-guard.com\/wp-content\/uploads\/2026\/04\/geister_germanisch_mahr.webp\" \/>\n\t<meta property=\"og:image:width\" content=\"1024\" \/>\n\t<meta property=\"og:image:height\" content=\"1536\" \/>\n\t<meta property=\"og:image:type\" content=\"image\/webp\" \/>\n<meta name=\"twitter:card\" content=\"summary_large_image\" \/>\n<script type=\"application\/ld+json\" class=\"yoast-schema-graph\">{\"@context\":\"https:\\\/\\\/schema.org\",\"@graph\":[{\"@type\":\"WebPage\",\"@id\":\"https:\\\/\\\/iwell-guard.com\\\/sk\\\/mahr\\\/\",\"url\":\"https:\\\/\\\/iwell-guard.com\\\/sk\\\/mahr\\\/\",\"name\":\"Mahr - \u017densk\u00e1 no\u010dn\u00e1 dusite\u013eka\",\"isPartOf\":{\"@id\":\"https:\\\/\\\/iwell-guard.com\\\/sk\\\/#website\"},\"primaryImageOfPage\":{\"@id\":\"https:\\\/\\\/iwell-guard.com\\\/sk\\\/mahr\\\/#primaryimage\"},\"image\":{\"@id\":\"https:\\\/\\\/iwell-guard.com\\\/sk\\\/mahr\\\/#primaryimage\"},\"thumbnailUrl\":\"https:\\\/\\\/iwell-guard.com\\\/wp-content\\\/uploads\\\/2026\\\/04\\\/geister_germanisch_mahr.webp\",\"datePublished\":\"2026-09-04T22:15:20+00:00\",\"dateModified\":\"2026-09-04T22:38:01+00:00\",\"description\":\"Mahr, \u017eensk\u00e1 no\u010dn\u00e1 dusite\u013eka germ\u00e1nskej trad\u00edcie. Jazykovo zachovan\u00e1 prastar\u00e1 podoba spojen\u00e1 s morovou no\u010dnou ties\u0148ou a no\u010dnou morou.\",\"breadcrumb\":{\"@id\":\"https:\\\/\\\/iwell-guard.com\\\/sk\\\/mahr\\\/#breadcrumb\"},\"inLanguage\":\"sk-SK\",\"potentialAction\":[{\"@type\":\"ReadAction\",\"target\":[\"https:\\\/\\\/iwell-guard.com\\\/sk\\\/mahr\\\/\"]}]},{\"@type\":\"ImageObject\",\"inLanguage\":\"sk-SK\",\"@id\":\"https:\\\/\\\/iwell-guard.com\\\/sk\\\/mahr\\\/#primaryimage\",\"url\":\"https:\\\/\\\/iwell-guard.com\\\/wp-content\\\/uploads\\\/2026\\\/04\\\/geister_germanisch_mahr.webp\",\"contentUrl\":\"https:\\\/\\\/iwell-guard.com\\\/wp-content\\\/uploads\\\/2026\\\/04\\\/geister_germanisch_mahr.webp\",\"width\":1024,\"height\":1536,\"caption\":\"Duchovia z germ\u00e1nskej trad\u00edcie.\"},{\"@type\":\"BreadcrumbList\",\"@id\":\"https:\\\/\\\/iwell-guard.com\\\/sk\\\/mahr\\\/#breadcrumb\",\"itemListElement\":[{\"@type\":\"ListItem\",\"position\":1,\"name\":\"Start\",\"item\":\"https:\\\/\\\/iwell-guard.com\\\/sk\\\/?page_id=157572\"},{\"@type\":\"ListItem\",\"position\":2,\"name\":\"Mahr\"}]},{\"@type\":\"WebSite\",\"@id\":\"https:\\\/\\\/iwell-guard.com\\\/sk\\\/#website\",\"url\":\"https:\\\/\\\/iwell-guard.com\\\/sk\\\/\",\"name\":\"iWell Guard\",\"description\":\"Schutz vor dunklen Einfl\u00fcssen\",\"publisher\":{\"@id\":\"https:\\\/\\\/iwell-guard.com\\\/sk\\\/#organization\"},\"potentialAction\":[{\"@type\":\"SearchAction\",\"target\":{\"@type\":\"EntryPoint\",\"urlTemplate\":\"https:\\\/\\\/iwell-guard.com\\\/sk\\\/?s={search_term_string}\"},\"query-input\":{\"@type\":\"PropertyValueSpecification\",\"valueRequired\":true,\"valueName\":\"search_term_string\"}}],\"inLanguage\":\"sk-SK\"},{\"@type\":\"Organization\",\"@id\":\"https:\\\/\\\/iwell-guard.com\\\/sk\\\/#organization\",\"name\":\"Ittermann electronic GmbH\",\"url\":\"https:\\\/\\\/iwell-guard.com\\\/sk\\\/\",\"logo\":{\"@type\":\"ImageObject\",\"inLanguage\":\"sk-SK\",\"@id\":\"https:\\\/\\\/iwell-guard.com\\\/sk\\\/#\\\/schema\\\/logo\\\/image\\\/\",\"url\":\"https:\\\/\\\/iwell-guard.com\\\/wp-content\\\/uploads\\\/2026\\\/05\\\/Ittermann-Logo-1182x237-1.png\",\"contentUrl\":\"https:\\\/\\\/iwell-guard.com\\\/wp-content\\\/uploads\\\/2026\\\/05\\\/Ittermann-Logo-1182x237-1.png\",\"width\":1182,\"height\":237,\"caption\":\"Ittermann electronic GmbH\"},\"image\":{\"@id\":\"https:\\\/\\\/iwell-guard.com\\\/sk\\\/#\\\/schema\\\/logo\\\/image\\\/\"},\"sameAs\":[\"https:\\\/\\\/pantip.com\\\/profile\\\/9367242\",\"https:\\\/\\\/micro.blog\\\/iwellguard\",\"https:\\\/\\\/www.diggerslist.com\\\/iwellguard\\\/about\",\"https:\\\/\\\/skitterphoto.com\\\/photographers\\\/2870314\\\/iwell-guard\",\"https:\\\/\\\/iwellguard.wordpress.com\\\/2026\\\/06\\\/06\\\/iwell-guard\\\/\",\"https:\\\/\\\/hub.docker.com\\\/u\\\/iwellguard\",\"https:\\\/\\\/www.pinterest.com\\\/iwellguard\\\/\",\"https:\\\/\\\/bit.ly\\\/m\\\/iwellguard\",\"https:\\\/\\\/entre-vos-mains.alsace.eu\\\/profiles\\\/iwellguard\\\/activity\",\"https:\\\/\\\/gravatar.com\\\/reallybeded8fd34\",\"https:\\\/\\\/naijamatta.com\\\/iwellguard\",\"https:\\\/\\\/www.goodreads.com\\\/iwellguard\",\"https:\\\/\\\/profile.hatena.ne.jp\\\/iwellguard\\\/\",\"https:\\\/\\\/experiment.com\\\/users\\\/iwellguard\",\"https:\\\/\\\/wakelet.com\\\/@iWellGuard82270\",\"https:\\\/\\\/www.chordie.com\\\/forum\\\/profile.php?id=2555664\",\"https:\\\/\\\/www.instapaper.com\\\/p\\\/17757966\",\"https:\\\/\\\/www.mapleprimes.com\\\/users\\\/iwellguard\",\"https:\\\/\\\/businesslistingplus.com\\\/profile\\\/iwell-guard\\\/\",\"https:\\\/\\\/telegra.ph\\\/iWell-Guard-06-06\",\"https:\\\/\\\/pbase.com\\\/iwellguard\\\/iwellguard\",\"https:\\\/\\\/b.hatena.ne.jp\\\/iwellguard\\\/20260607#bookmark-4788405196491818882\",\"https:\\\/\\\/fliphtml5.com\\\/home\\\/iwellguard\",\"https:\\\/\\\/anyflip.com\\\/homepage\\\/cmiwl#About\",\"https:\\\/\\\/transfur.com\\\/Users\\\/iwellguard\",\"http:\\\/\\\/delphi.larsbo.org\\\/user\\\/iwellguard\",\"https:\\\/\\\/jobs.lajobsportal.org\\\/profiles\\\/8380803-iwell-guard\",\"https:\\\/\\\/md.chaosdorf.de\\\/s\\\/jfbe5SBdJD\",\"https:\\\/\\\/www.lingvolive.com\\\/en-us\\\/profile\\\/9ecaeaca-ce11-4e51-9e71-01d55e2bff36\\\/translations\",\"https:\\\/\\\/www.fitday.com\\\/fitness\\\/forums\\\/members\\\/iwellguard.html\",\"https:\\\/\\\/www.mymeetbook.com\\\/iwellguard\",\"https:\\\/\\\/pxhere.com\\\/en\\\/photographer-me\\\/5040798\",\"https:\\\/\\\/disqus.com\\\/by\\\/iwellguard\\\/about\\\/\",\"https:\\\/\\\/pastelink.net\\\/hjwciqwq\",\"https:\\\/\\\/pubhtml5.com\\\/homepage\\\/scjhn\\\/\",\"https:\\\/\\\/www.bitchute.com\\\/channel\\\/2O2eOKzNqujT\",\"https:\\\/\\\/audiomack.com\\\/iwellguard\"]},{\"@type\":\"Article\",\"@id\":\"https:\\\/\\\/iwell-guard.com\\\/sk\\\/mahr\\\/#article\",\"isPartOf\":{\"@id\":\"https:\\\/\\\/iwell-guard.com\\\/sk\\\/mahr\\\/\"},\"author\":{\"name\":\"Ralf Ittermann\",\"@id\":\"https:\\\/\\\/iwell-guard.com\\\/sk\\\/#\\\/schema\\\/person\\\/ee2a27f1cac3406c7c6fb5820cb7349f\"},\"headline\":\"Mahr\",\"datePublished\":\"2026-09-04T22:15:20+00:00\",\"dateModified\":\"2026-09-04T22:38:01+00:00\",\"mainEntityOfPage\":{\"@id\":\"https:\\\/\\\/iwell-guard.com\\\/sk\\\/mahr\\\/\"},\"publisher\":{\"@id\":\"https:\\\/\\\/iwell-guard.com\\\/sk\\\/#organization\"},\"image\":{\"@id\":\"https:\\\/\\\/iwell-guard.com\\\/sk\\\/mahr\\\/#primaryimage\"},\"thumbnailUrl\":\"https:\\\/\\\/iwell-guard.com\\\/wp-content\\\/uploads\\\/2026\\\/04\\\/geister_germanisch_mahr.webp\",\"inLanguage\":\"sk-SK\",\"description\":\"Mahr, \u017eensk\u00e1 no\u010dn\u00e1 dusite\u013eka germ\u00e1nskej trad\u00edcie. Jazykovo zachovan\u00e1 prastar\u00e1 podoba spojen\u00e1 s morovou no\u010dnou ties\u0148ou a no\u010dnou morou.\"}]}<\/script>\n<!-- \/ Yoast SEO Premium plugin. -->","yoast_head_json":{"title":"Mahr - \u017densk\u00e1 no\u010dn\u00e1 dusite\u013eka","description":"Mahr, \u017eensk\u00e1 no\u010dn\u00e1 dusite\u013eka germ\u00e1nskej trad\u00edcie. Jazykovo zachovan\u00e1 prastar\u00e1 podoba spojen\u00e1 s morovou no\u010dnou ties\u0148ou a no\u010dnou morou.","robots":{"index":"index","follow":"follow","max-snippet":"max-snippet:-1","max-image-preview":"max-image-preview:large","max-video-preview":"max-video-preview:-1"},"canonical":"https:\/\/iwell-guard.com\/sk\/mahr\/","og_locale":"sk_SK","og_type":"article","og_title":"Mahr","og_description":"Mahr, \u017eensk\u00e1 no\u010dn\u00e1 dusite\u013eka germ\u00e1nskej trad\u00edcie. Jazykovo zachovan\u00e1 prastar\u00e1 podoba spojen\u00e1 s morovou no\u010dnou ties\u0148ou a no\u010dnou morou.","og_url":"https:\/\/iwell-guard.com\/sk\/mahr\/","og_site_name":"iWell Guard","article_modified_time":"2026-09-04T22:38:01+00:00","og_image":[{"width":1024,"height":1536,"url":"https:\/\/iwell-guard.com\/wp-content\/uploads\/2026\/04\/geister_germanisch_mahr.webp","type":"image\/webp"}],"twitter_card":"summary_large_image","schema":{"@context":"https:\/\/schema.org","@graph":[{"@type":"Article","@id":"https:\/\/iwell-guard.com\/sk\/mahr\/#article","isPartOf":{"@id":"https:\/\/iwell-guard.com\/sk\/mahr\/"},"author":{"name":"Ralf Ittermann","@id":"https:\/\/iwell-guard.com\/sk\/#\/schema\/person\/ee2a27f1cac3406c7c6fb5820cb7349f"},"headline":"Mahr","datePublished":"2026-09-04T22:15:20+00:00","dateModified":"2026-09-04T22:38:01+00:00","mainEntityOfPage":{"@id":"https:\/\/iwell-guard.com\/sk\/mahr\/"},"publisher":{"@id":"https:\/\/iwell-guard.com\/sk\/#organization"},"image":{"@id":"https:\/\/iwell-guard.com\/sk\/mahr\/#primaryimage"},"thumbnailUrl":"https:\/\/iwell-guard.com\/wp-content\/uploads\/2026\/04\/geister_germanisch_mahr.webp","inLanguage":"sk-SK","description":"Mahr, \u017eensk\u00e1 no\u010dn\u00e1 dusite\u013eka germ\u00e1nskej trad\u00edcie. Jazykovo zachovan\u00e1 prastar\u00e1 podoba spojen\u00e1 s morovou no\u010dnou ties\u0148ou a no\u010dnou morou."},{"@type":"WebPage","@id":"https:\/\/iwell-guard.com\/sk\/mahr\/","url":"https:\/\/iwell-guard.com\/sk\/mahr\/","name":"Mahr - \u017densk\u00e1 no\u010dn\u00e1 dusite\u013eka","isPartOf":{"@id":"https:\/\/iwell-guard.com\/sk\/#website"},"primaryImageOfPage":{"@id":"https:\/\/iwell-guard.com\/sk\/mahr\/#primaryimage"},"image":{"@id":"https:\/\/iwell-guard.com\/sk\/mahr\/#primaryimage"},"thumbnailUrl":"https:\/\/iwell-guard.com\/wp-content\/uploads\/2026\/04\/geister_germanisch_mahr.webp","datePublished":"2026-09-04T22:15:20+00:00","dateModified":"2026-09-04T22:38:01+00:00","description":"Mahr, \u017eensk\u00e1 no\u010dn\u00e1 dusite\u013eka germ\u00e1nskej trad\u00edcie. Jazykovo zachovan\u00e1 prastar\u00e1 podoba spojen\u00e1 s morovou no\u010dnou ties\u0148ou a no\u010dnou morou.","breadcrumb":{"@id":"https:\/\/iwell-guard.com\/sk\/mahr\/#breadcrumb"},"inLanguage":"sk-SK","potentialAction":[{"@type":"ReadAction","target":["https:\/\/iwell-guard.com\/sk\/mahr\/"]}]},{"@type":"ImageObject","inLanguage":"sk-SK","@id":"https:\/\/iwell-guard.com\/sk\/mahr\/#primaryimage","url":"https:\/\/iwell-guard.com\/wp-content\/uploads\/2026\/04\/geister_germanisch_mahr.webp","contentUrl":"https:\/\/iwell-guard.com\/wp-content\/uploads\/2026\/04\/geister_germanisch_mahr.webp","width":1024,"height":1536,"caption":"Duchovia z germ\u00e1nskej trad\u00edcie."},{"@type":"BreadcrumbList","@id":"https:\/\/iwell-guard.com\/sk\/mahr\/#breadcrumb","itemListElement":[{"@type":"ListItem","position":1,"name":"Start","item":"https:\/\/iwell-guard.com\/sk\/?page_id=157572"},{"@type":"ListItem","position":2,"name":"Mahr"}]},{"@type":"WebSite","@id":"https:\/\/iwell-guard.com\/sk\/#website","url":"https:\/\/iwell-guard.com\/sk\/","name":"iWell Guard","description":"Schutz vor dunklen Einfl\u00fcssen","publisher":{"@id":"https:\/\/iwell-guard.com\/sk\/#organization"},"potentialAction":[{"@type":"SearchAction","target":{"@type":"EntryPoint","urlTemplate":"https:\/\/iwell-guard.com\/sk\/?s={search_term_string}"},"query-input":{"@type":"PropertyValueSpecification","valueRequired":true,"valueName":"search_term_string"}}],"inLanguage":"sk-SK"},{"@type":"Organization","@id":"https:\/\/iwell-guard.com\/sk\/#organization","name":"Ittermann electronic GmbH","url":"https:\/\/iwell-guard.com\/sk\/","logo":{"@type":"ImageObject","inLanguage":"sk-SK","@id":"https:\/\/iwell-guard.com\/sk\/#\/schema\/logo\/image\/","url":"https:\/\/iwell-guard.com\/wp-content\/uploads\/2026\/05\/Ittermann-Logo-1182x237-1.png","contentUrl":"https:\/\/iwell-guard.com\/wp-content\/uploads\/2026\/05\/Ittermann-Logo-1182x237-1.png","width":1182,"height":237,"caption":"Ittermann electronic GmbH"},"image":{"@id":"https:\/\/iwell-guard.com\/sk\/#\/schema\/logo\/image\/"},"sameAs":["https:\/\/pantip.com\/profile\/9367242","https:\/\/micro.blog\/iwellguard","https:\/\/www.diggerslist.com\/iwellguard\/about","https:\/\/skitterphoto.com\/photographers\/2870314\/iwell-guard","https:\/\/iwellguard.wordpress.com\/2026\/06\/06\/iwell-guard\/","https:\/\/hub.docker.com\/u\/iwellguard","https:\/\/www.pinterest.com\/iwellguard\/","https:\/\/bit.ly\/m\/iwellguard","https:\/\/entre-vos-mains.alsace.eu\/profiles\/iwellguard\/activity","https:\/\/gravatar.com\/reallybeded8fd34","https:\/\/naijamatta.com\/iwellguard","https:\/\/www.goodreads.com\/iwellguard","https:\/\/profile.hatena.ne.jp\/iwellguard\/","https:\/\/experiment.com\/users\/iwellguard","https:\/\/wakelet.com\/@iWellGuard82270","https:\/\/www.chordie.com\/forum\/profile.php?id=2555664","https:\/\/www.instapaper.com\/p\/17757966","https:\/\/www.mapleprimes.com\/users\/iwellguard","https:\/\/businesslistingplus.com\/profile\/iwell-guard\/","https:\/\/telegra.ph\/iWell-Guard-06-06","https:\/\/pbase.com\/iwellguard\/iwellguard","https:\/\/b.hatena.ne.jp\/iwellguard\/20260607#bookmark-4788405196491818882","https:\/\/fliphtml5.com\/home\/iwellguard","https:\/\/anyflip.com\/homepage\/cmiwl#About","https:\/\/transfur.com\/Users\/iwellguard","http:\/\/delphi.larsbo.org\/user\/iwellguard","https:\/\/jobs.lajobsportal.org\/profiles\/8380803-iwell-guard","https:\/\/md.chaosdorf.de\/s\/jfbe5SBdJD","https:\/\/www.lingvolive.com\/en-us\/profile\/9ecaeaca-ce11-4e51-9e71-01d55e2bff36\/translations","https:\/\/www.fitday.com\/fitness\/forums\/members\/iwellguard.html","https:\/\/www.mymeetbook.com\/iwellguard","https:\/\/pxhere.com\/en\/photographer-me\/5040798","https:\/\/disqus.com\/by\/iwellguard\/about\/","https:\/\/pastelink.net\/hjwciqwq","https:\/\/pubhtml5.com\/homepage\/scjhn\/","https:\/\/www.bitchute.com\/channel\/2O2eOKzNqujT","https:\/\/audiomack.com\/iwellguard"]},{"@type":"Person","@id":"https:\/\/iwell-guard.com\/sk\/#\/schema\/person\/ee2a27f1cac3406c7c6fb5820cb7349f","name":"Ralf Ittermann","image":{"@type":"ImageObject","inLanguage":"sk-SK","@id":"https:\/\/secure.gravatar.com\/avatar\/073c0153e350a5005b68eb752b445fea71f6b24a26da9449ad7e155e6b446c9d?s=96&d=mm&r=g","url":"https:\/\/secure.gravatar.com\/avatar\/073c0153e350a5005b68eb752b445fea71f6b24a26da9449ad7e155e6b446c9d?s=96&d=mm&r=g","contentUrl":"https:\/\/secure.gravatar.com\/avatar\/073c0153e350a5005b68eb752b445fea71f6b24a26da9449ad7e155e6b446c9d?s=96&d=mm&r=g","caption":"Ralf Ittermann"},"givenName":"Ralf","familyName":"Ittermann","jobTitle":"Gesch\u00e4ftsf\u00fchrer und redaktioneller Verantwortlicher","url":"https:\/\/iwell-guard.com\/sk\/author\/claude\/","description":"Ralf Ittermann ist Gesch\u00e4ftsf\u00fchrer der Ittermann electronic GmbH und redaktioneller Verantwortlicher des iWell-Guard-Lexikons. Er verbindet langj\u00e4hrige Erfahrung in der Pr\u00e4zisionsfertigung mit medialer Praxis und religionsgeschichtlicher Quellenarbeit.","worksFor":{"@type":"Organization","name":"Ittermann electronic GmbH","url":"https:\/\/ittermann.de\/","address":{"@type":"PostalAddress","streetAddress":"K\u00f6hlergasse 16-18","postalCode":"99842","addressLocality":"Ruhla","addressCountry":"DE"}},"knowsAbout":["Religionsgeschichte","Mythologie","Mediale Praxis","Energetische Diagnostik","Schutzpraxis","Volksglauben","Westliche Esoterik"]},{"@type":"Article","@id":"https:\/\/iwell-guard.com\/sk\/mahr\/#article","isPartOf":{"@id":"https:\/\/iwell-guard.com\/sk\/mahr\/"},"author":{"name":"Ralf Ittermann","@id":"https:\/\/iwell-guard.com\/sk\/#\/schema\/person\/ee2a27f1cac3406c7c6fb5820cb7349f"},"headline":"Mahr","datePublished":"2026-09-04T22:15:20+00:00","dateModified":"2026-09-04T22:38:01+00:00","mainEntityOfPage":{"@id":"https:\/\/iwell-guard.com\/sk\/mahr\/"},"publisher":{"@id":"https:\/\/iwell-guard.com\/sk\/#organization"},"image":{"@id":"https:\/\/iwell-guard.com\/sk\/mahr\/#primaryimage"},"thumbnailUrl":"https:\/\/iwell-guard.com\/wp-content\/uploads\/2026\/04\/geister_germanisch_mahr.webp","inLanguage":"sk-SK","description":"Mahr, \u017eensk\u00e1 no\u010dn\u00e1 dusite\u013eka germ\u00e1nskej trad\u00edcie. Jazykovo zachovan\u00e1 prastar\u00e1 podoba spojen\u00e1 s morovou no\u010dnou ties\u0148ou a no\u010dnou morou."}]}},"_links":{"self":[{"href":"https:\/\/iwell-guard.com\/sk\/wp-json\/wp\/v2\/pages\/157623","targetHints":{"allow":["GET"]}}],"collection":[{"href":"https:\/\/iwell-guard.com\/sk\/wp-json\/wp\/v2\/pages"}],"about":[{"href":"https:\/\/iwell-guard.com\/sk\/wp-json\/wp\/v2\/types\/page"}],"author":[{"embeddable":true,"href":"https:\/\/iwell-guard.com\/sk\/wp-json\/wp\/v2\/users\/3"}],"replies":[{"embeddable":true,"href":"https:\/\/iwell-guard.com\/sk\/wp-json\/wp\/v2\/comments?post=157623"}],"version-history":[{"count":0,"href":"https:\/\/iwell-guard.com\/sk\/wp-json\/wp\/v2\/pages\/157623\/revisions"}],"wp:featuredmedia":[{"embeddable":true,"href":"https:\/\/iwell-guard.com\/sk\/wp-json\/wp\/v2\/media\/1681"}],"wp:attachment":[{"href":"https:\/\/iwell-guard.com\/sk\/wp-json\/wp\/v2\/media?parent=157623"}],"wp:term":[{"taxonomy":"category","embeddable":true,"href":"https:\/\/iwell-guard.com\/sk\/wp-json\/wp\/v2\/categories?post=157623"}],"curies":[{"name":"wp","href":"https:\/\/api.w.org\/{rel}","templated":true}]}}