{"id":157613,"date":"2026-09-04T22:15:14","date_gmt":"2026-09-04T22:15:14","guid":{"rendered":"https:\/\/iwell-guard.com\/?page_id=157613"},"modified":"2026-09-04T22:37:44","modified_gmt":"2026-09-04T22:37:44","slug":"legia-posadnutost-a-kolektivni-demoni","status":"publish","type":"page","link":"https:\/\/iwell-guard.com\/sk\/legia-posadnutost-a-kolektivni-demoni\/","title":{"rendered":"L\u00e9gia \u2013 posadnutos\u0165 a kolekt\u00edvni d\u00e9moni"},"content":{"rendered":"\t\t<div data-elementor-type=\"wp-page\" data-elementor-id=\"157613\" class=\"elementor elementor-157613 elementor-1022\" data-elementor-post-type=\"page\">\n\t\t\t\t<div class=\"elementor-element elementor-element-10fdade e-flex e-con-boxed e-con e-parent\" data-id=\"10fdade\" data-element_type=\"container\" data-e-type=\"container\" data-settings=\"{&quot;background_background&quot;:&quot;classic&quot;}\">\n\t\t\t\t\t<div class=\"e-con-inner\">\n\t\t<div class=\"elementor-element elementor-element-herohlft0 e-flex e-con-boxed e-con e-child\" data-id=\"herohlft0\" data-element_type=\"container\" data-e-type=\"container\">\n\t\t\t\t\t<div class=\"e-con-inner\">\n\t\t<div class=\"elementor-element elementor-element-c3ceb64 e-con-full e-flex e-con e-child\" data-id=\"c3ceb64\" data-element_type=\"container\" data-e-type=\"container\">\n\t\t\t\t<div class=\"elementor-element elementor-element-96ae5e1 elementor-widget elementor-widget-heading\" data-id=\"96ae5e1\" data-element_type=\"widget\" data-e-type=\"widget\" data-widget_type=\"heading.default\">\n\t\t\t\t\t<h1 class=\"elementor-heading-title elementor-size-default\">L\u00e9gia, d\u00e9mon kres\u0165anskej trad\u00edcie<\/h1>\t\t\t\t<\/div>\n\t\t\t\t<div class=\"elementor-element elementor-element-e45238a elementor-widget elementor-widget-text-editor\" data-id=\"e45238a\" data-element_type=\"widget\" data-e-type=\"widget\" data-widget_type=\"text-editor.default\">\n\t\t\t\t\t\t\t\t\t<p>L\u00e9gia je <span class=\"iwg-fachbegriff\" data-tooltip=\"Duchovn\u00e1 bytos\u0165, ktorej sa pripisuje \u0161kodliv\u00e9 alebo protire\u010div\u00e9 p\u00f4sobenie.\" tabindex=\"0\">d\u00e9mon<\/span> kres\u0165anskej trad\u00edcie.<\/p><p><strong>\u201eLebo sme mnoh\u00ed&#8220;, kolekt\u00edvna posadnutos\u0165 v Geraze.<\/strong><\/p>\t\t\t\t\t\t\t\t<\/div>\n\t\t\t\t<\/div>\n\t\t<div class=\"elementor-element elementor-element-klsbdg01 e-con-full e-flex e-con e-parent\" data-id=\"klsbdg01\" data-element_type=\"container\" data-e-type=\"container\">\n\t\t\t\t<div class=\"elementor-element elementor-element-klshtm01 elementor-widget elementor-widget-html\" data-id=\"klshtm01\" data-element_type=\"widget\" data-e-type=\"widget\" data-widget_type=\"html.default\">\n\t\t\t\t\t<div class=\"iwg-pill-row\"><span class=\"iwg-klasse-badge\" tabindex=\"0\" data-tooltip=\"D\u00e9mon \/ D\u00e9monka: Nadprirodzen\u00e1 bytos\u0165 s v\u00e4\u010d\u0161inou \u0161kodliv\u00fdm alebo ambivalentn\u00fdm p\u00f4soben\u00edm. Stoj\u00ed medzi bohmi a \u013eu\u010fmi, sp\u00f4sobuje choroby, poku\u0161enie alebo ne\u0161\u0165astie a odh\u00e1\u0148a sa zakl\u00ednan\u00edm, apotropajami a ritu\u00e1lmi.\">D\u00e9mon<\/span><a href=\"https:\/\/iwell-guard.com\/sk\/?page_id=157604\" class=\"iwg-kultur-badge\" tabindex=\"0\" data-tooltip=\"Kres\u0165ansk\u00e1 trad\u00edcia s jej anjelmi, d\u00e9monmi a mystick\u00fdmi bytos\u0165ami.\">Kres\u0165anstvo<\/a><\/div>\t\t\t\t<\/div>\n\t\t\t\t<\/div>\n\t\t<div class=\"elementor-element elementor-element-3f74855 e-con-full e-flex e-con e-child\" data-id=\"3f74855\" data-element_type=\"container\" data-e-type=\"container\">\n\t\t\t\t<div class=\"elementor-element elementor-element-1c30362 elementor-toc--minimized-on-tablet elementor-widget elementor-widget-table-of-contents\" data-id=\"1c30362\" data-element_type=\"widget\" data-e-type=\"widget\" data-settings=\"{&quot;exclude_headings_by_selector&quot;:[],&quot;no_headings_message&quot;:&quot;Na tejto str\\u00e1nke sa nena\\u0161li \\u017eiadne nadpisy.&quot;,&quot;headings_by_tags&quot;:[&quot;h2&quot;,&quot;h3&quot;],&quot;marker_view&quot;:&quot;bullets&quot;,&quot;icon&quot;:{&quot;value&quot;:&quot;fas fa-circle&quot;,&quot;library&quot;:&quot;fa-solid&quot;,&quot;rendered_tag&quot;:&quot;&lt;svg class=\\&quot;e-font-icon-svg e-fas-circle\\&quot; viewBox=\\&quot;0 0 512 512\\&quot; xmlns=\\&quot;http:\\\/\\\/www.w3.org\\\/2000\\\/svg\\&quot;&gt;&lt;path d=\\&quot;M256 8C119 8 8 119 8 256s111 248 248 248 248-111 248-248S393 8 256 8z\\&quot;&gt;&lt;\\\/path&gt;&lt;\\\/svg&gt;&quot;},&quot;minimize_box&quot;:&quot;yes&quot;,&quot;minimized_on&quot;:&quot;tablet&quot;,&quot;hierarchical_view&quot;:&quot;yes&quot;,&quot;min_height&quot;:{&quot;unit&quot;:&quot;px&quot;,&quot;size&quot;:&quot;&quot;,&quot;sizes&quot;:[]},&quot;min_height_tablet&quot;:{&quot;unit&quot;:&quot;px&quot;,&quot;size&quot;:&quot;&quot;,&quot;sizes&quot;:[]},&quot;min_height_mobile&quot;:{&quot;unit&quot;:&quot;px&quot;,&quot;size&quot;:&quot;&quot;,&quot;sizes&quot;:[]}}\" data-widget_type=\"table-of-contents.default\">\n\t\t\t\t\t\t\t\t\t<div class=\"elementor-toc__header\">\n\t\t\t\t\t\t<h2 class=\"elementor-toc__header-title\">\n\t\t\t\tObsah\t\t\t<\/h2>\n\t\t\t\t\t\t\t\t\t\t<div class=\"elementor-toc__toggle-button elementor-toc__toggle-button--expand\" role=\"button\" tabindex=\"0\" aria-controls=\"elementor-toc__1c30362\" aria-expanded=\"true\" aria-label=\"Open table of contents\"><svg aria-hidden=\"true\" class=\"e-font-icon-svg e-fas-chevron-down\" viewBox=\"0 0 448 512\" xmlns=\"http:\/\/www.w3.org\/2000\/svg\"><path d=\"M207.029 381.476L12.686 187.132c-9.373-9.373-9.373-24.569 0-33.941l22.667-22.667c9.357-9.357 24.522-9.375 33.901-.04L224 284.505l154.745-154.021c9.379-9.335 24.544-9.317 33.901.04l22.667 22.667c9.373 9.373 9.373 24.569 0 33.941L240.971 381.476c-9.373 9.372-24.569 9.372-33.942 0z\"><\/path><\/svg><\/div>\n\t\t\t\t<div class=\"elementor-toc__toggle-button elementor-toc__toggle-button--collapse\" role=\"button\" tabindex=\"0\" aria-controls=\"elementor-toc__1c30362\" aria-expanded=\"true\" aria-label=\"Close table of contents\"><svg aria-hidden=\"true\" class=\"e-font-icon-svg e-fas-chevron-up\" viewBox=\"0 0 448 512\" xmlns=\"http:\/\/www.w3.org\/2000\/svg\"><path d=\"M240.971 130.524l194.343 194.343c9.373 9.373 9.373 24.569 0 33.941l-22.667 22.667c-9.357 9.357-24.522 9.375-33.901.04L224 227.495 69.255 381.516c-9.379 9.335-24.544 9.317-33.901-.04l-22.667-22.667c-9.373-9.373-9.373-24.569 0-33.941L207.03 130.525c9.372-9.373 24.568-9.373 33.941-.001z\"><\/path><\/svg><\/div>\n\t\t\t\t\t<\/div>\n\t\t\t\t<div id=\"elementor-toc__1c30362\" class=\"elementor-toc__body\">\n\t\t\t<div class=\"elementor-toc__spinner-container\">\n\t\t\t\t<svg class=\"elementor-toc__spinner eicon-animation-spin e-font-icon-svg e-eicon-loading\" aria-hidden=\"true\" viewBox=\"0 0 1000 1000\" xmlns=\"http:\/\/www.w3.org\/2000\/svg\"><path d=\"M500 975V858C696 858 858 696 858 500S696 142 500 142 142 304 142 500H25C25 237 238 25 500 25S975 237 975 500 763 975 500 975Z\"><\/path><\/svg>\t\t\t<\/div>\n\t\t<\/div>\n\t\t\t\t\t\t<\/div>\n\t\t\t\t<\/div>\n\t\t\t\t\t<\/div>\n\t\t\t\t<\/div>\n\t\t<div class=\"elementor-element elementor-element-herorght0 e-con-full e-flex e-con e-child\" data-id=\"herorght0\" data-element_type=\"container\" data-e-type=\"container\">\n\t\t\t\t<div class=\"elementor-element elementor-element-heroimg00 iwg-hero-image elementor-widget elementor-widget-image\" data-id=\"heroimg00\" data-element_type=\"widget\" data-e-type=\"widget\" data-widget_type=\"image.default\">\n\t\t\t\t\t\t\t\t\t\t\t\t\t\t\t<img fetchpriority=\"high\" decoding=\"async\" width=\"683\" height=\"1024\" src=\"https:\/\/iwell-guard.com\/wp-content\/uploads\/2026\/04\/daemonen_christentum_legion-683x1024.webp\" class=\"attachment-large size-large wp-image-160130\" alt=\"L\u00e9gia - d\u00e9moni z trad\u00edcie kres\u0165anstva, historicko-ilustra\u010dn\u00e9\" srcset=\"https:\/\/iwell-guard.com\/wp-content\/uploads\/2026\/04\/daemonen_christentum_legion-683x1024.webp 683w, https:\/\/iwell-guard.com\/wp-content\/uploads\/2026\/04\/daemonen_christentum_legion-200x300.webp 200w, https:\/\/iwell-guard.com\/wp-content\/uploads\/2026\/04\/daemonen_christentum_legion-768x1152.webp 768w, https:\/\/iwell-guard.com\/wp-content\/uploads\/2026\/04\/daemonen_christentum_legion.webp 1024w\" sizes=\"(max-width: 683px) 100vw, 683px\" \/>\t\t\t\t\t\t\t\t\t\t\t\t\t\t\t<\/div>\n\t\t\t\t<\/div>\n\t\t\t\t\t<\/div>\n\t\t\t\t<\/div>\n\t\t<div class=\"elementor-element elementor-element-32917199 e-flex e-con-boxed e-con e-parent\" data-id=\"32917199\" data-element_type=\"container\" data-e-type=\"container\">\n\t\t\t\t\t<div class=\"e-con-inner\">\n\t\t<div class=\"elementor-element elementor-element-26e916cb e-flex e-con-boxed e-con e-child\" data-id=\"26e916cb\" data-element_type=\"container\" data-e-type=\"container\">\n\t\t\t\t\t<div class=\"e-con-inner\">\n\t\t<div class=\"elementor-element elementor-element-253a40d4 e-flex e-con-boxed e-con e-child\" data-id=\"253a40d4\" data-element_type=\"container\" data-e-type=\"container\">\n\t\t\t\t\t<div class=\"e-con-inner\">\n\t\t\t\t<div class=\"elementor-element elementor-element-1200c304 elementor-widget elementor-widget-heading\" data-id=\"1200c304\" data-element_type=\"widget\" data-e-type=\"widget\" data-widget_type=\"heading.default\">\n\t\t\t\t\t<div class=\"elementor-heading-title elementor-size-default\">L\u00e9gia<\/div>\t\t\t\t<\/div>\n\t\t\t\t<div class=\"elementor-element elementor-element-11758e7f elementor-widget elementor-widget-text-editor\" data-id=\"11758e7f\" data-element_type=\"widget\" data-e-type=\"widget\" data-widget_type=\"text-editor.default\">\n\t\t\t\t\t\t\t\t\t<p>L\u00e9gia je n\u00e1zov skupiny d\u00e9monov, ktor\u00ed s\u00fa zjednoten\u00ed v novoz\u00e1konnom rozpr\u00e1van\u00ed o gerazskom posadnutom (Mk 5,1, 20; Lk 8,26, 39; Mt 8,28, 34).<\/p><p>Na Jozi\u0161ov pr\u00edkaz vch\u00e1dzaj\u00fa do st\u00e1da o\u0161\u00edpan\u00fdch, ktor\u00e9 sa hne\u010f vrhne do mora. T\u00e1to sc\u00e9na sa stala vzorom kres\u0165ansk\u00e9ho vyh\u00e1\u0148ania d\u00e9monov a formovala predstavu o kolekt\u00edvnej posadnutosti.<\/p><p>N\u00e1zov \u201eL\u00e9gia&#8220; odkazuje na r\u00edmsku vojensk\u00fa jednotku, a\u017e do 6 000 vojakov. T\u00fdm je stanoven\u00fd skupinov\u00fd a masov\u00fd rozmer javu. V neskor\u0161om teologickom a psychologickom v\u00fdklade sl\u00fa\u017ei L\u00e9gia ako modelov\u00fd pr\u00edpad: posadnutos\u0165 ako viacn\u00e1sobn\u00e9 prekrytie, vn\u00fatorn\u00e1 fragment\u00e1cia, rozpad osobnosti. Modern\u00e1 psychol\u00f3gia disociat\u00edvnych por\u00fach sa niekedy odvol\u00e1va na toto rozpr\u00e1vanie ako na ved\u00faci mot\u00edv.<\/p><div><p><strong>Synoptick\u00e1 trad\u00edcia a politick\u00fd podt\u00f3n<\/strong><\/p><p>Rozpr\u00e1vanie o L\u00e9gii sa nach\u00e1dza v troch synoptick\u00fdch evangeli\u00e1ch (Marek 5,1, 20; Mat\u00fa\u0161 8,28, 34; Luk\u00e1\u0161 8,26, 39) a popisuje uzdravenie posadnut\u00e9ho v oblasti Gerazenov (alebo Gadarenov) na v\u00fdchodnom brehu Galilejsk\u00e9ho jazera.<\/p><p>\u00dastrednou sc\u00e9nou je dial\u00f3g medzi Jozi\u0161om a posadnut\u00fdm: Jozi\u0161om sa p\u00fdta na meno, odpove\u010f je <em>L\u00e9gia, lebo sme mnoh\u00ed<\/em>. Pojem <em>l\u00e9gia<\/em> (gr\u00e9cky <em>legi\u014dn<\/em>, latinsky <em>legio<\/em>) ozna\u010doval v 1. storo\u010d\u00ed r\u00edmsky vojensk\u00fd \u00fatvar s pribli\u017ene 5 000 a\u017e 6 000 vojakmi.<\/p><p><span data-nosnippet>Vo\u013eba pr\u00e1ve tohto pojmu pre d\u00e9monick\u00e9 samo-ozna\u010denie podnietila vo v\u00fdskume (Paul W. Hollenbach, <em>Jesus, Demoniacs, and Public Authorities<\/em>, 1981) politick\u00fd v\u00fdklad: rozpr\u00e1vanie \u00fadajne obsahuje protir\u00edmsky podt\u00f3n, v ktorom je r\u00edmska okupa\u010dn\u00e1 moc symbolicky vyh\u00e1\u0148an\u00e1.<\/span><\/p><p>Tento v\u00fdklad zast\u00e1vaj\u00fa aj Ched Myers (<em>Binding the Strong Man<\/em>, 1988) a John Dominic Crossan v neskor\u0161om b\u00e1dan\u00ed o Jozi\u0161ovi.<\/p><\/div>\t\t\t\t\t\t\t\t<\/div>\n\t\t\t\t\t<\/div>\n\t\t\t\t<\/div>\n\t\t<div class=\"elementor-element elementor-element-159dcf9a e-flex e-con-boxed e-con e-child\" data-id=\"159dcf9a\" data-element_type=\"container\" data-e-type=\"container\">\n\t\t\t\t\t<div class=\"e-con-inner\">\n\t\t\t\t<div class=\"elementor-element elementor-element-48cee66f elementor-widget elementor-widget-heading\" data-id=\"48cee66f\" data-element_type=\"widget\" data-e-type=\"widget\" data-widget_type=\"heading.default\">\n\t\t\t\t\t<h2 class=\"elementor-heading-title elementor-size-default\">Preh\u013ead: L\u00e9gia<\/h2>\t\t\t\t<\/div>\n\t\t\t\t<div class=\"elementor-element elementor-element-3f50d82c elementor-widget elementor-widget-text-editor\" data-id=\"3f50d82c\" data-element_type=\"widget\" data-e-type=\"widget\" data-widget_type=\"text-editor.default\">\n\t\t\t\t\t\t\t\t\t<p><strong>Typ:<\/strong> kolekt\u00edvny <span class=\"iwg-fachbegriff\" data-tooltip=\"Duchovn\u00e1 bytos\u0165, ktorej sa pripisuje \u0161kodliv\u00e9 alebo protire\u010div\u00e9 p\u00f4sobenie.\" tabindex=\"0\">d\u00e9mon<\/span> (skupina pod jedn\u00fdm menom)<br>P\u00f4vod: posadnut\u00fd z Gerazy<br>Texty: Mk 5, Mt 8, Lk 8, patristick\u00e9 v\u00fdklady<br>\u010casov\u00fd r\u00e1mec: 1. stor. a\u017e s\u00fa\u010dasnos\u0165<br><span class=\"iwg-fachbegriff\" data-tooltip=\"Opakuj\u00faci sa obsahov\u00fd prvok v umen\u00ed alebo rozpr\u00e1van\u00ed.\" tabindex=\"0\">Mot\u00edv<\/span>: vzor viacn\u00e1sobnej posadnutosti a kres\u0165ansk\u00e9ho vyh\u00e1\u0148ania d\u00e9monov<\/p>\t\t\t\t\t\t\t\t<\/div>\n\t\t\t\t\t<\/div>\n\t\t\t\t<\/div>\n\t\t\t\t\t<\/div>\n\t\t\t\t<\/div>\n\t\t\t\t\t<\/div>\n\t\t\t\t<\/div>\n\t\t<div class=\"elementor-element elementor-element-18613602 e-flex e-con-boxed e-con e-parent\" data-id=\"18613602\" data-element_type=\"container\" data-e-type=\"container\">\n\t\t\t\t\t<div class=\"e-con-inner\">\n\t\t\t\t<div class=\"elementor-element elementor-element-262b8a9f elementor-widget elementor-widget-heading\" data-id=\"262b8a9f\" data-element_type=\"widget\" data-e-type=\"widget\" data-widget_type=\"heading.default\">\n\t\t\t\t\t<h2 class=\"elementor-heading-title elementor-size-default\">Kontext<\/h2>\t\t\t\t<\/div>\n\t\t<div class=\"elementor-element elementor-element-46dcb7d e-con-full e-flex e-con e-child\" data-id=\"46dcb7d\" data-element_type=\"container\" data-e-type=\"container\">\n\t\t<div class=\"elementor-element elementor-element-61d3ab3 e-flex e-con-boxed e-con e-child\" data-id=\"61d3ab3\" data-element_type=\"container\" data-e-type=\"container\">\n\t\t\t\t\t<div class=\"e-con-inner\">\n\t\t\t\t<div class=\"elementor-element elementor-element-117c166 elementor-widget elementor-widget-heading\" data-id=\"117c166\" data-element_type=\"widget\" data-e-type=\"widget\" data-widget_type=\"heading.default\">\n\t\t\t\t\t<div class=\"elementor-heading-title elementor-size-default\">Zeitraum der Texte<\/div>\t\t\t\t<\/div>\n\t\t\t\t<div class=\"elementor-element elementor-element-73997a0 elementor-widget elementor-widget-text-editor\" data-id=\"73997a0\" data-element_type=\"widget\" data-e-type=\"widget\" data-widget_type=\"text-editor.default\">\n\t\t\t\t\t\t\t\t\t<p>Synoptick\u00e9 evangeli\u00e1 (Mk, Mt, Lk) opisuj\u00fa t\u00fato sc\u00e9nu; Mk 5 sa pova\u017euje za najstar\u0161iu verziu. Patristick\u00e9 v\u00fdklady (Origenes, <span class=\"iwg-fachbegriff\" tabindex=\"0\" data-tooltip=\"August\u00edn z Hippa (354\u2013430); kres\u0165ansk\u00fd cirkevn\u00fd otec, hlavn\u00e9 diela Confessiones a De civitate Dei.\">August\u00edn<\/span>) roz\u0161\u00edrili tento v\u00fdklad. Modern\u00e1 <span class=\"iwg-fachbegriff\" tabindex=\"0\" data-tooltip=\"Vedeck\u00fd v\u00fdklad n\u00e1bo\u017eensk\u00fdch textov filologick\u00fdmi, historick\u00fdmi a teologick\u00fdmi met\u00f3dami.\">exeg\u00e9za<\/span> a psychol\u00f3gia sa pravidelne odvol\u00e1vaj\u00fa na L\u00e9giu ako modelov\u00fd pr\u00edpad.<\/p>\t\t\t\t\t\t\t\t<\/div>\n\t\t\t\t\t<\/div>\n\t\t\t\t<\/div>\n\t\t<div class=\"elementor-element elementor-element-d47b156 e-flex e-con-boxed e-con e-child\" data-id=\"d47b156\" data-element_type=\"container\" data-e-type=\"container\">\n\t\t\t\t\t<div class=\"e-con-inner\">\n\t\t\t\t<div class=\"elementor-element elementor-element-ff38c2b elementor-widget elementor-widget-heading\" data-id=\"ff38c2b\" data-element_type=\"widget\" data-e-type=\"widget\" data-widget_type=\"heading.default\">\n\t\t\t\t\t<div class=\"elementor-heading-title elementor-size-default\">Verbreitungsraum<\/div>\t\t\t\t<\/div>\n\t\t\t\t<div class=\"elementor-element elementor-element-4e49fcc elementor-widget elementor-widget-text-editor\" data-id=\"4e49fcc\" data-element_type=\"widget\" data-e-type=\"widget\" data-widget_type=\"text-editor.default\">\n\t\t\t\t\t\t\t\t\t<p>Geraza na v\u00fdchodnom brehu Galilejsk\u00e9ho jazera (dne\u0161n\u00e9 Jord\u00e1nsko) je dejiskom rozpr\u00e1vania. V kres\u0165anskej misii a <span class=\"iwg-fachbegriff\" data-tooltip=\"N\u00e1bo\u017enos\u0165 \u017eit\u00e1 v ka\u017edodennom \u017eivote, \u010dasto popri \u00faradnej n\u00e1uke.\" tabindex=\"0\">\u013eudovej n\u00e1bo\u017enosti<\/span> je po celom svete pr\u00edtomn\u00e1 ako pr\u00edkladn\u00fd pr\u00edpad.<\/p>\t\t\t\t\t\t\t\t<\/div>\n\t\t\t\t\t<\/div>\n\t\t\t\t<\/div>\n\t\t\t\t<\/div>\n\t\t<div class=\"elementor-element elementor-element-db03c39 e-con-full e-flex e-con e-child\" data-id=\"db03c39\" data-element_type=\"container\" data-e-type=\"container\">\n\t\t<div class=\"elementor-element elementor-element-229a87b e-flex e-con-boxed e-con e-child\" data-id=\"229a87b\" data-element_type=\"container\" data-e-type=\"container\">\n\t\t\t\t\t<div class=\"e-con-inner\">\n\t\t\t\t<div class=\"elementor-element elementor-element-1f471fc elementor-widget elementor-widget-heading\" data-id=\"1f471fc\" data-element_type=\"widget\" data-e-type=\"widget\" data-widget_type=\"heading.default\">\n\t\t\t\t\t<div class=\"elementor-heading-title elementor-size-default\">Quellenlage<\/div>\t\t\t\t<\/div>\n\t\t\t\t<div class=\"elementor-element elementor-element-36b1201 elementor-widget elementor-widget-text-editor\" data-id=\"36b1201\" data-element_type=\"widget\" data-e-type=\"widget\" data-widget_type=\"text-editor.default\">\n\t\t\t\t\t\t\t\t\t<p>Synoptick\u00e9 evangeli\u00e1, patristick\u00e9 k\u00e1zne, stredovek\u00e9 exempla, ikonografick\u00e9 zobrazenia, modern\u00e1 exeg\u00e9za, psychoanalyticko-psychologick\u00e9 interpret\u00e1cie (Jung a i.).<\/p>\t\t\t\t\t\t\t\t<\/div>\n\t\t\t\t\t<\/div>\n\t\t\t\t<\/div>\n\t\t\t\t<\/div>\n\t\t\t\t\t<\/div>\n\t\t\t\t<\/div>\n\t\t<div class=\"elementor-element elementor-element-3ae0637c e-flex e-con-boxed e-con e-parent\" data-id=\"3ae0637c\" data-element_type=\"container\" data-e-type=\"container\">\n\t\t\t\t\t<div class=\"e-con-inner\">\n\t\t\t\t<div class=\"elementor-element elementor-element-31d07739 elementor-widget elementor-widget-heading\" data-id=\"31d07739\" data-element_type=\"widget\" data-e-type=\"widget\" data-widget_type=\"heading.default\">\n\t\t\t\t\t<h2 class=\"elementor-heading-title elementor-size-default\">Meno a v\u00fdklad<\/h2>\t\t\t\t<\/div>\n\t\t<div class=\"elementor-element elementor-element-b7642947 e-con-full e-flex e-con e-child\" data-id=\"b7642947\" data-element_type=\"container\" data-e-type=\"container\">\n\t\t\t\t<div class=\"elementor-element elementor-element-a086266 elementor-widget elementor-widget-text-editor\" data-id=\"a086266\" data-element_type=\"widget\" data-e-type=\"widget\" data-widget_type=\"text-editor.default\">\n\t\t\t\t\t\t\t\t\t<p><strong>Gr\u00e9cky:<\/strong> <em>Legi\u014dn<\/em>, z lat. <em>legio<\/em>.<br>Kontext: Posadnut\u00fd nebol jedin\u00fdm d\u00e9monom, ale kolekt\u00edvom, \u201elebo sme mnoh\u00ed&#8220; (Mk 5,9). Meno je preto funk\u010dn\u00fdm ozna\u010den\u00edm, nie vlastn\u00fdm menom individu\u00e1lneho d\u00e9mona.<\/p><p>\u010c\u00edslo \u201el\u00e9gia&#8220; z\u00e1rove\u0148 odkazuje na r\u00edmsku okupa\u010dn\u00fa moc. Aspekt politick\u00e9ho v\u00fdkladu, L\u00e9gia ako <span class=\"iwg-fachbegriff\" data-tooltip=\"Znak, ktor\u00fd zastupuje predstavu alebo v\u00fdznam.\" tabindex=\"0\">symbol<\/span> r\u00edmskej vl\u00e1dy, ktor\u00e1 krajinu \u201eobsadila&#8220;, je zd\u00f4raz\u0148ovan\u00fd v modernej postkoloni\u00e1lnej exeg\u00e9ze.<\/p>\t\t\t\t\t\t\t\t<\/div>\n\t\t\t\t<\/div>\n\t\t\t\t\t<\/div>\n\t\t\t\t<\/div>\n\t\t<div class=\"elementor-element elementor-element-709a44a8 e-flex e-con-boxed e-con e-parent\" data-id=\"709a44a8\" data-element_type=\"container\" data-e-type=\"container\">\n\t\t\t\t\t<div class=\"e-con-inner\">\n\t\t\t\t<div class=\"elementor-element elementor-element-2f585873 elementor-widget elementor-widget-heading\" data-id=\"2f585873\" data-element_type=\"widget\" data-e-type=\"widget\" data-widget_type=\"heading.default\">\n\t\t\t\t\t<h2 class=\"elementor-heading-title elementor-size-default\">Charakteristiky<\/h2>\t\t\t\t<\/div>\n\t\t<div class=\"elementor-element elementor-element-70621c12 e-con-full e-flex e-con e-child\" data-id=\"70621c12\" data-element_type=\"container\" data-e-type=\"container\">\n\t\t\t\t<div class=\"elementor-element elementor-element-4296eb49 elementor-widget elementor-widget-text-editor\" data-id=\"4296eb49\" data-element_type=\"widget\" data-e-type=\"widget\" data-widget_type=\"text-editor.default\">\n\t\t\t\t\t\t\t\t\t<p><strong>Zjav<\/strong><\/p><p>Neexistuje samostatn\u00e1 ikonografick\u00e1 trad\u00edcia. Zobrazovan\u00e1 je v\u017edy t\u00e1 ist\u00e1 sc\u00e9na: Jesus na brehu, posadnut\u00fd mu\u017e medzi hrobmi, st\u00e1do sv\u00ed\u0148 vrhaj\u00face sa do mora.<\/p><p><strong>Spr\u00e1vanie<\/strong><\/p><p>Posadnut\u00fd \u017eije v skaln\u00fdch hroboch, ned\u00e1 sa u\u017e sp\u00fata\u0165, kri\u010d\u00ed d\u0148om i nocou a zra\u0148uje sa kame\u0148mi. Po vyhnan\u00ed d\u00e9monov je zdrav\u00fd, oble\u010den\u00fd a m\u00e1 jasn\u00fa myse\u013e.<\/p><p><strong>Oblas\u0165 p\u00f4sobenia<\/strong><\/p><p>Jednotliv\u00fd \u010dlovek, ktor\u00fd sa st\u00e1va nosite\u013eom kolekt\u00edvnej posadnutosti. Symbolicky ide o rozpad spolo\u010densk\u00e9ho zaradenia (\u017eivot medzi hrobmi), telesn\u00e9 samopo\u0161kodzovanie a izol\u00e1ciu.<\/p><p><strong>Narat\u00edvna funkcia<\/strong><\/p><p>Prv\u00fd jasne rozpracovan\u00fd <span class=\"iwg-fachbegriff\" data-tooltip=\"Ritu\u00e1lne vyh\u00e1\u0148anie ducha alebo d\u00e9mona pova\u017eovan\u00e9ho za \u0161kodliv\u00e9ho.\" tabindex=\"0\">exorcizmus<\/span> Jesusa v Markovom evangeliu, a teda z\u00e1klad kres\u0165anskej trad\u00edcie exorcizmu. St\u00e1do sv\u00ed\u0148 zd\u00f4raz\u0148uje re\u00e1lnos\u0165 d\u00e9monov (p\u00f4sobia \u010falej aj po vyhnan\u00ed) a z\u00e1rove\u0148 mo\u017enos\u0165 ich zni\u010denia.<\/p><div><p><strong>Patristick\u00e9 a stredovek\u00e9 spracovanie<\/strong><\/p><p>Origenes vo svojom koment\u00e1ri k Markovi vyklad\u00e1 pr\u00edbeh o L\u00e9gii alegoricky: mnoh\u00ed d\u00e9moni zodpovedaj\u00fa mnoh\u00fdm hriechom, ktor\u00e9 z jedn\u00e9ho \u010dloveka robia mnohos\u0165, zatia\u013e \u010do uzdravenie znamen\u00e1 op\u00e4tovn\u00e9 zjednotenie osoby v Kristovi. Tento alegorick\u00fd v\u00fdklad zost\u00e1va v patristickej trad\u00edcii \u0161tandardom.<\/p><p><span data-nosnippet>V stredovekej <span class=\"iwg-fachbegriff\" tabindex=\"0\" data-tooltip=\"N\u00e1bo\u017eensk\u00e9 predstavy mimo ofici\u00e1lnej teol\u00f3gie, \u010dasto so synkretick\u00fdmi prvkami.\">\u013eudovej teol\u00f3gii<\/span> sa L\u00e9gia st\u00e1va prototypom viacn\u00e1sobnej posadnutosti, pri ktorej jedn\u00e9ho \u010dloveka obsad\u00ed viacero d\u00e9monov. <span class=\"iwg-fachbegriff\" data-tooltip=\"Ritu\u00e1lne vyh\u00e1\u0148anie ducha alebo d\u00e9mona pova\u017eovan\u00e9ho za \u0161kodliv\u00e9ho.\" tabindex=\"0\">Exorcistick\u00fd<\/span> apar\u00e1t <em>Rituale Romanum<\/em> (1614) predpisuje pre tak\u00e9to pr\u00edpady osobitn\u00fd postup vypo\u010d\u00favania, pri ktorom sa mus\u00ed zisti\u0165 po\u010det, men\u00e1 a okolnosti vstupu d\u00e9monov.<\/span><\/p><\/div>\t\t\t\t\t\t\t\t<\/div>\n\t\t\t\t<\/div>\n\t\t\t\t\t<\/div>\n\t\t\t\t<\/div>\n\t\t<div class=\"elementor-element elementor-element-44e71476 e-flex e-con-boxed e-con e-parent\" data-id=\"44e71476\" data-element_type=\"container\" data-e-type=\"container\">\n\t\t\t\t\t<div class=\"e-con-inner\">\n\t\t\t\t<div class=\"elementor-element elementor-element-3c1fc3f0 elementor-widget elementor-widget-heading\" data-id=\"3c1fc3f0\" data-element_type=\"widget\" data-e-type=\"widget\" data-widget_type=\"heading.default\">\n\t\t\t\t\t<h2 class=\"elementor-heading-title elementor-size-default\">Profil: L\u00e9gia<\/h2>\t\t\t\t<\/div>\n\t\t<div class=\"elementor-element elementor-element-84f33b8e e-con-full e-flex e-con e-child\" data-id=\"84f33b8e\" data-element_type=\"container\" data-e-type=\"container\">\n\t\t\t\t<div class=\"elementor-element elementor-element-hqkdc67p elementor-widget elementor-widget-text-editor\" data-id=\"hqkdc67p\" data-element_type=\"widget\" data-e-type=\"widget\" data-widget_type=\"text-editor.default\">\n\t\t\t\t\t\t\t\t\t<p>Najd\u00f4le\u017eitej\u0161ie aspekty L\u00e9gie na jeden poh\u013ead.<\/p>\t\t\t\t\t\t\t\t<\/div>\n\t\t\t\t<\/div>\n\t\t<div class=\"elementor-element elementor-element-pemmx7c5 e-con-full e-flex e-con e-child\" data-id=\"pemmx7c5\" data-element_type=\"container\" data-e-type=\"container\">\n\t\t<div class=\"elementor-element elementor-element-pemmx7c1 e-con-full e-flex e-con e-child\" data-id=\"pemmx7c1\" data-element_type=\"container\" data-e-type=\"container\">\n\t\t<div class=\"elementor-element elementor-element-qh9oavvu iwg-steckbrief-card e-flex e-con-boxed e-con e-child\" data-id=\"qh9oavvu\" data-element_type=\"container\" data-e-type=\"container\">\n\t\t\t\t\t<div class=\"e-con-inner\">\n\t\t\t\t<div class=\"elementor-element elementor-element-awzx8k2k elementor-widget elementor-widget-heading\" data-id=\"awzx8k2k\" data-element_type=\"widget\" data-e-type=\"widget\" data-widget_type=\"heading.default\">\n\t\t\t\t\t<div class=\"elementor-heading-title elementor-size-default\">Trad\u00edcia<\/div>\t\t\t\t<\/div>\n\t\t\t\t<div class=\"elementor-element elementor-element-x6rowhv0 elementor-widget elementor-widget-text-editor\" data-id=\"x6rowhv0\" data-element_type=\"widget\" data-e-type=\"widget\" data-widget_type=\"text-editor.default\">\n\t\t\t\t\t\t\t\t\t<p>Nejde o jednotliv\u00e9ho d\u00e9mona, ale o kolekt\u00edv (\u201eve\u010f je n\u00e1s ve\u013ea&#8220;). Meno \u201eL\u00e9gia&#8220; poch\u00e1dza z r\u00edmskeho vojska, ktor\u00e9 mohlo ma\u0165 a\u017e 6 000 vojakov.<\/p>\t\t\t\t\t\t\t\t<\/div>\n\t\t\t\t\t<\/div>\n\t\t\t\t<\/div>\n\t\t<div class=\"elementor-element elementor-element-8e3o4kxs iwg-steckbrief-card e-flex e-con-boxed e-con e-child\" data-id=\"8e3o4kxs\" data-element_type=\"container\" data-e-type=\"container\">\n\t\t\t\t\t<div class=\"e-con-inner\">\n\t\t\t\t<div class=\"elementor-element elementor-element-08rkdgov elementor-widget elementor-widget-heading\" data-id=\"08rkdgov\" data-element_type=\"widget\" data-e-type=\"widget\" data-widget_type=\"heading.default\">\n\t\t\t\t\t<div class=\"elementor-heading-title elementor-size-default\">Cie\u013eov\u00e1 skupina L\u00e9gie<\/div>\t\t\t\t<\/div>\n\t\t\t\t<div class=\"elementor-element elementor-element-uwjelx8s elementor-widget elementor-widget-text-editor\" data-id=\"uwjelx8s\" data-element_type=\"widget\" data-e-type=\"widget\" data-widget_type=\"text-editor.default\">\n\t\t\t\t\t\t\t\t\t<p>Jednotliv\u00ed \u013eudia, ktor\u00ed sa st\u00e1vaj\u00fa nosite\u013emi viacn\u00e1sobnej posadnutosti. V neskor\u0161om psychologickom v\u00fdklade: disociat\u00edvne stavy a roz\u0161tiepenie osobnosti.<\/p>\t\t\t\t\t\t\t\t<\/div>\n\t\t\t\t\t<\/div>\n\t\t\t\t<\/div>\n\t\t<div class=\"elementor-element elementor-element-jm2n74ec iwg-steckbrief-card e-flex e-con-boxed e-con e-child\" data-id=\"jm2n74ec\" data-element_type=\"container\" data-e-type=\"container\">\n\t\t\t\t\t<div class=\"e-con-inner\">\n\t\t\t\t<div class=\"elementor-element elementor-element-8vufse4c elementor-widget elementor-widget-heading\" data-id=\"8vufse4c\" data-element_type=\"widget\" data-e-type=\"widget\" data-widget_type=\"heading.default\">\n\t\t\t\t\t<div class=\"elementor-heading-title elementor-size-default\">Forma<\/div>\t\t\t\t<\/div>\n\t\t\t\t<div class=\"elementor-element elementor-element-mwb9u015 elementor-widget elementor-widget-text-editor\" data-id=\"mwb9u015\" data-element_type=\"widget\" data-e-type=\"widget\" data-widget_type=\"text-editor.default\">\n\t\t\t\t\t\t\t\t\t<p>Neexistuje samostatn\u00e1 <span class=\"iwg-fachbegriff\" data-tooltip=\"N\u00e1uka o obsahu obrazov a ich v\u00fdzname.\" tabindex=\"0\">ikonografia<\/span>; v\u017edy je zobrazen\u00e1 t\u00e1 ist\u00e1 sc\u00e9na: Jesus, posadnut\u00fd mu\u017e, st\u00e1do sv\u00ed\u0148 vrhaj\u00face sa do mora.<\/p>\t\t\t\t\t\t\t\t<\/div>\n\t\t\t\t\t<\/div>\n\t\t\t\t<\/div>\n\t\t\t\t<\/div>\n\t\t<div class=\"elementor-element elementor-element-pemmx7c2 e-con-full e-flex e-con e-child\" data-id=\"pemmx7c2\" data-element_type=\"container\" data-e-type=\"container\">\n\t\t<div class=\"elementor-element elementor-element-37ss2yr6 iwg-steckbrief-card e-flex e-con-boxed e-con e-child\" data-id=\"37ss2yr6\" data-element_type=\"container\" data-e-type=\"container\">\n\t\t\t\t\t<div class=\"e-con-inner\">\n\t\t\t\t<div class=\"elementor-element elementor-element-3v0wp3wx elementor-widget elementor-widget-heading\" data-id=\"3v0wp3wx\" data-element_type=\"widget\" data-e-type=\"widget\" data-widget_type=\"heading.default\">\n\t\t\t\t\t<div class=\"elementor-heading-title elementor-size-default\">Funkcia<\/div>\t\t\t\t<\/div>\n\t\t\t\t<div class=\"elementor-element elementor-element-w3247g2m elementor-widget elementor-widget-text-editor\" data-id=\"w3247g2m\" data-element_type=\"widget\" data-e-type=\"widget\" data-widget_type=\"text-editor.default\">\n\t\t\t\t\t\t\t\t\t<p>Sp\u00f4sobuje radik\u00e1lnu soci\u00e1lnu a telesn\u00fa izol\u00e1ciu: \u017eivot v hroboch, samopo\u0161kodzovanie, neschopnos\u0165 hovori\u0165 alebo spa\u0165.<\/p>\t\t\t\t\t\t\t\t<\/div>\n\t\t\t\t\t<\/div>\n\t\t\t\t<\/div>\n\t\t<div class=\"elementor-element elementor-element-0qpjal9w iwg-steckbrief-card e-flex e-con-boxed e-con e-child\" data-id=\"0qpjal9w\" data-element_type=\"container\" data-e-type=\"container\">\n\t\t\t\t\t<div class=\"e-con-inner\">\n\t\t\t\t<div class=\"elementor-element elementor-element-6ndoih0o elementor-widget elementor-widget-heading\" data-id=\"6ndoih0o\" data-element_type=\"widget\" data-e-type=\"widget\" data-widget_type=\"heading.default\">\n\t\t\t\t\t<div class=\"elementor-heading-title elementor-size-default\">Ochrann\u00e9 prostriedky<\/div>\t\t\t\t<\/div>\n\t\t\t\t<div class=\"elementor-element elementor-element-6684tyh9 elementor-widget elementor-widget-text-editor\" data-id=\"6684tyh9\" data-element_type=\"widget\" data-e-type=\"widget\" data-widget_type=\"text-editor.default\">\n\t\t\t\t\t\t\t\t\t<p>Priamy exorcistick\u00fd pr\u00edkaz Jesusa. V cirkevnej trad\u00edcii predstavuje modelov\u00fd pr\u00edpad exorcistick\u00e9ho ritu\u00e1lu: vz\u00fdvanie, ot\u00e1zka po mene, pr\u00edkaz na vyhnanie.<\/p>\t\t\t\t\t\t\t\t<\/div>\n\t\t\t\t\t<\/div>\n\t\t\t\t<\/div>\n\t\t<div class=\"elementor-element elementor-element-3lfi7x32 iwg-steckbrief-card e-flex e-con-boxed e-con e-child\" data-id=\"3lfi7x32\" data-element_type=\"container\" data-e-type=\"container\">\n\t\t\t\t\t<div class=\"e-con-inner\">\n\t\t\t\t<div class=\"elementor-element elementor-element-0kg99ga1 elementor-widget elementor-widget-heading\" data-id=\"0kg99ga1\" data-element_type=\"widget\" data-e-type=\"widget\" data-widget_type=\"heading.default\">\n\t\t\t\t\t<div class=\"elementor-heading-title elementor-size-default\">Pendants<\/div>\t\t\t\t<\/div>\n\t\t\t\t<div class=\"elementor-element elementor-element-n0fum6kp elementor-widget elementor-widget-text-editor\" data-id=\"n0fum6kp\" data-element_type=\"widget\" data-e-type=\"widget\" data-widget_type=\"text-editor.default\">\n\t\t\t\t\t\t\t\t\t<p><a href=\"https:\/\/iwell-guard.com\/sk\/?page_id=157602\">Dybbuk<\/a> (\u017eidovsk\u00e1 posadnutos\u0165), posadnutos\u0165 d\u017einom (islamsk\u00e1 trad\u00edcia), buddhistick\u00e9 predstavy o posadnutosti, modern\u00e9 disociat\u00edvne poruchy.<\/p>\t\t\t\t\t\t\t\t<\/div>\n\t\t\t\t\t<\/div>\n\t\t\t\t<\/div>\n\t\t\t\t<\/div>\n\t\t\t\t<\/div>\n\t\t\t\t\t<\/div>\n\t\t\t\t<\/div>\n\t\t<div class=\"elementor-element elementor-element-7533bc7a e-flex e-con-boxed e-con e-parent\" data-id=\"7533bc7a\" data-element_type=\"container\" data-e-type=\"container\">\n\t\t\t\t\t<div class=\"e-con-inner\">\n\t\t\t\t<div class=\"elementor-element elementor-element-2447d18d elementor-widget elementor-widget-heading\" data-id=\"2447d18d\" data-element_type=\"widget\" data-e-type=\"widget\" data-widget_type=\"heading.default\">\n\t\t\t\t\t<h2 class=\"elementor-heading-title elementor-size-default\">Recepcia<\/h2>\t\t\t\t<\/div>\n\t\t<div class=\"elementor-element elementor-element-d5d0260c e-con-full e-flex e-con e-child\" data-id=\"d5d0260c\" data-element_type=\"container\" data-e-type=\"container\">\n\t\t\t\t<div class=\"elementor-element elementor-element-341be2ac elementor-widget elementor-widget-text-editor\" data-id=\"341be2ac\" data-element_type=\"widget\" data-e-type=\"widget\" data-widget_type=\"text-editor.default\">\n\t\t\t\t\t\t\t\t\t<p><strong>Patristika a stredovek<\/strong><\/p><p>Origenes vyklad\u00e1 L\u00e9giu alegoricky ako mno\u017estvo neresti; August\u00edn vid\u00ed v tejto epiz\u00f3de d\u00f4kaz re\u00e1lnej moci Krista nad d\u00e9monmi. Stredovek\u00e9 exempl\u00e1 vyu\u017e\u00edvaj\u00fa sc\u00e9nu ako vzorov\u00fd pr\u00edpad duchovn\u00e9ho vyslobodenia.<\/p><p><strong>Moderna<\/strong><\/p><p>Psychoanal\u00fdza a hlbinn\u00e1 psychol\u00f3gia vykladaj\u00fa L\u00e9giu ako obraz vn\u00fatornej fragment\u00e1cie. Postkolonialistick\u00fd v\u00fdklad vid\u00ed v tom \u010d\u00edsle r\u00edmsku okupa\u010dn\u00fa moc. Filmov\u00fd titul <em>Legion<\/em> (1998) je len jedn\u00fdm z mnoh\u00fdch popkult\u00farnych ohlasov.<\/p><p><strong>Exorcistick\u00e1 prax<\/strong><\/p><p>Ot\u00e1zka \u201eAko sa vol\u00e1?&#8220; (Mk 5,9) sa dodnes pou\u017e\u00edva v Rituale Romanum ako centr\u00e1lny prvok. Po\u017eiadavka na meno plat\u00ed za klasick\u00fd n\u00e1stroj rozpoznania a vyhnania d\u00e9monov.<\/p>\t\t\t\t\t\t\t\t<\/div>\n\t\t\t\t<\/div>\n\t\t\t\t\t<\/div>\n\t\t\t\t<\/div>\n\t\t<div class=\"elementor-element elementor-element-5a584676 e-flex e-con-boxed e-con e-parent\" data-id=\"5a584676\" data-element_type=\"container\" data-e-type=\"container\">\n\t\t\t\t\t<div class=\"e-con-inner\">\n\t\t\t\t<div class=\"elementor-element elementor-element-6d0757bf elementor-widget elementor-widget-heading\" data-id=\"6d0757bf\" data-element_type=\"widget\" data-e-type=\"widget\" data-widget_type=\"heading.default\">\n\t\t\t\t\t<h2 class=\"elementor-heading-title elementor-size-default\">Paralely<\/h2>\t\t\t\t<\/div>\n\t\t<div class=\"elementor-element elementor-element-60563f68 e-con-full e-flex e-con e-child\" data-id=\"60563f68\" data-element_type=\"container\" data-e-type=\"container\">\n\t\t\t\t<div class=\"elementor-element elementor-element-5a93fdd6 elementor-widget elementor-widget-text-editor\" data-id=\"5a93fdd6\" data-element_type=\"widget\" data-e-type=\"widget\" data-widget_type=\"text-editor.default\">\n\t\t\t\t\t\t\t\t\t<p><strong>\u017didovsk\u00e1 trad\u00edcia<\/strong><\/p><p><a href=\"https:\/\/iwell-guard.com\/sk\/?page_id=157602\">Dybbuk<\/a> ako duch posadnutosti je najbli\u017e\u0161ou \u0161truktur\u00e1lnou paralelou. Obe trad\u00edcie poznaj\u00fa ot\u00e1zku po mene ako centr\u00e1lny n\u00e1stroj <span class=\"iwg-fachbegriff\" data-tooltip=\"Ritu\u00e1lne vyhnanie ducha alebo d\u00e9mona pova\u017eovan\u00e9ho za \u0161kodliv\u00e9ho.\" tabindex=\"0\">exorcizmu<\/span>.<\/p><p><strong>Islamsk\u00e1 trad\u00edcia:<\/strong> posadnutos\u0165 d\u017einom, s ruqyou ako vyh\u00e1\u0148ac\u00edm ritu\u00e1lom. Funk\u010dne paraleln\u00e1, teologicky samostatn\u00e1.<\/p><p><strong>Sekul\u00e1rne v\u00fdklady:<\/strong> disociat\u00edvna porucha identity (\u201emultipl\u00e1 osobnos\u0165&#8220;) modernej psychiatrie je sekul\u00e1rnou n\u00e1stupky\u0148ou. Z\u00e1kladn\u00e1 my\u0161lienka vn\u00fatornej mnohosti zost\u00e1va zachovan\u00e1.<\/p><div><p><strong>Porovn\u00e1vacia <span class=\"iwg-fachbegriff\" data-tooltip=\"Veda, ktor\u00e1 sk\u00fama n\u00e1bo\u017eenstv\u00e1 porovn\u00e1vac\u00edm sp\u00f4sobom a bez viery.\" tabindex=\"0\">religionistika<\/span><\/strong><\/p><p><span data-nosnippet>\u0160truktur\u00e1lne pr\u00edbuzn\u00e9 s\u00fa \u017eidovsk\u00e1 dybbukova trad\u00edcia (kabalisticky rozvinut\u00e1 od 16. storo\u010dia, so z\u00e1kladn\u00fdm dielom <span class=\"iwg-fachbegriff\" tabindex=\"0\" data-tooltip=\"Izraelsk\u00fd historik n\u00e1bo\u017eenstva (1897\u20131982); zakladate\u013e modernej kabalistiky.\">Gershoma Scholema<\/span>, <em>\u00dcber einige Grundbegriffe des Judentums<\/em>, 1970) a islamsk\u00e1 trad\u00edcia posadnutosti d\u017einom. Obe poznaj\u00fa fenom\u00e9n viacn\u00e1sobnej posadnutosti, bez pou\u017eitia konkr\u00e9tneho pojmu L\u00e9gia.<\/span><\/p><p>Haitsk\u00e1 v\u00fad\u00fa trad\u00edcia pozn\u00e1 fenom\u00e9n \u201emont\u00e9&#8220;, jazdenia viacer\u00fdch lwa postupne. Afrobraz\u00edlska trad\u00edcia candombl\u00e9 pozn\u00e1 analogicky obsadenie r\u00f4znymi orix\u00e1. V celkovom n\u00e1bo\u017eenskohistorickom obraze je fenom\u00e9n viacn\u00e1sobnej posadnutosti dokumentovan\u00fd prakticky vo v\u0161etk\u00fdch rozvinut\u00fdch kult\u00farach s vlastnou terminol\u00f3giou a vlastn\u00fdm ritu\u00e1lnym sp\u00f4sobom lie\u010dby. Kres\u0165ansk\u00fd evangeliov\u00fd pr\u00edbeh o L\u00e9gii je jedin\u00fdm pr\u00edpadom v \u0161irokom religionistickom spektre.<\/p><\/div>\t\t\t\t\t\t\t\t<\/div>\n\t\t\t\t<\/div>\n\t\t\t\t\t<\/div>\n\t\t\t\t<\/div>\n\t\t<div class=\"elementor-element elementor-element-cp66b8cee e-flex e-con-boxed e-con e-parent\" data-id=\"cp66b8cee\" data-element_type=\"container\" data-e-type=\"container\">\n\t\t\t\t\t<div class=\"e-con-inner\">\n\t\t\t\t<div class=\"elementor-element elementor-element-cp7f10273 elementor-widget elementor-widget-heading\" data-id=\"cp7f10273\" data-element_type=\"widget\" data-e-type=\"widget\" data-widget_type=\"heading.default\">\n\t\t\t\t\t<h2 class=\"elementor-heading-title elementor-size-default\">Posadnut\u00fd z Gerasy podrobne<\/h2>\t\t\t\t<\/div>\n\t\t<div class=\"elementor-element elementor-element-cp15be3db e-con-full e-flex e-con e-child\" data-id=\"cp15be3db\" data-element_type=\"container\" data-e-type=\"container\">\n\t\t\t\t<div class=\"elementor-element elementor-element-cpf697bcc elementor-widget elementor-widget-text-editor\" data-id=\"cpf697bcc\" data-element_type=\"widget\" data-e-type=\"widget\" data-widget_type=\"text-editor.default\">\n\t\t\t\t\t\t\t\t\t<p>Jedin\u00e9 novoz\u00e1konn\u00e9 miesto, na ktorom sa spom\u00edna meno L\u00e9gia, je pr\u00edbeh o posadnutom mu\u017eovi z krajiny Geraz\u00e9nov.<\/p><p>Nach\u00e1dza sa u <em>Marka<\/em> 5,1 a\u017e 20, v skr\u00e1tenej forme u <em>Luk\u00e1\u0161a<\/em> 8,26 a\u017e 39 a v\u00fdrazne skr\u00e1ten\u00fd u <em>Mat\u00fa\u0161a<\/em> 8,28 a\u017e 34, kde ide o dvoch posadnut\u00fdch. Marek pon\u00faka najpodrobnej\u0161iu verziu a v\u00e4\u010d\u0161ina exeg\u00e9tov ju pova\u017euje za najstar\u0161iu.<\/p><p>Marek opisuje mu\u017ea ako toho, kto \u017eije medzi hrobov\u00fdmi jasky\u0148ami, ktor\u00e9ho nedok\u00e1\u017ee sp\u00fata\u0165 \u017eiadne puto a ktor\u00fd sa d\u0148om i nocou bije kame\u0148mi. Ke\u010f sa ho Jezus op\u00fdta na meno, ne\u010dist\u00fd <span class=\"iwg-fachbegriff\" data-tooltip=\"Beztelesn\u00e1 bytos\u0165, ktorej sa pripisuje p\u00f4sobenie vo svete.\" tabindex=\"0\">duch<\/span> odpovie: L\u00e9gia je moje meno, preto\u017ee n\u00e1s je mnoho.<\/p><p><span class=\"iwg-fachbegriff\" data-tooltip=\"Beztelesn\u00e1 bytos\u0165, ktorej sa pripisuje p\u00f4sobenie vo svete.\" tabindex=\"0\">Duch<\/span> pros\u00ed, aby nemusel opusti\u0165 oblas\u0165, ale mohol vst\u00fapi\u0165 do st\u00e1da sv\u00ed\u0148. Jezus to dovol\u00ed, pribli\u017ene dvetis\u00edc sv\u00ed\u0148 sa vrhne z \u00fatesu do mora a utop\u00ed sa. Vylie\u010den\u00fd mu\u017e potom sed\u00ed oble\u010den\u00fd a pri zdravom rozume pri Jezusov\u00fdch noh\u00e1ch.<\/p><p>Zauj\u00edmav\u00e1 je presn\u00e1 vo\u013eba slova. <em>L\u00e9gia<\/em> nie je hebrejsk\u00fd ani aramejsk\u00fd v\u00fdraz, ale latinsk\u00e9 v\u00fdpo\u017ei\u010dn\u00e9 slovo pre najv\u00e4\u010d\u0161iu jednotku r\u00edmskeho vojska, \u010d\u00edtaj\u00facu nieko\u013eko tis\u00edc mu\u017eov. Po\u010det sv\u00ed\u0148 pribli\u017ene zodpoved\u00e1 po\u010dtu mu\u017estva jednej l\u00e9gie.<\/p><p>Mnoh\u00ed vyklada\u010di, napr\u00edklad v trad\u00edcii Gerda Thei\u00dfena, ch\u00e1pu t\u00fato formul\u00e1ciu ako vedom\u00fd odkaz na r\u00edmsku okupa\u010dn\u00fa moc. Pr\u00edbeh tak nadob\u00fada okrem rovny uzdravenia aj politick\u00fd podt\u00f3n, hoci text to nevyjadruje v\u00fdslovne.<\/p>\t\t\t\t\t\t\t\t<\/div>\n\t\t\t\t<\/div>\n\t\t\t\t\t<\/div>\n\t\t\t\t<\/div>\n\t\t<div class=\"elementor-element elementor-element-cp3467d26 e-flex e-con-boxed e-con e-parent\" data-id=\"cp3467d26\" data-element_type=\"container\" data-e-type=\"container\">\n\t\t\t\t\t<div class=\"e-con-inner\">\n\t\t\t\t<div class=\"elementor-element elementor-element-cp9237c3c elementor-widget elementor-widget-heading\" data-id=\"cp9237c3c\" data-element_type=\"widget\" data-e-type=\"widget\" data-widget_type=\"heading.default\">\n\t\t\t\t\t<h2 class=\"elementor-heading-title elementor-size-default\">L\u00e9gia ako mnohos\u0165: teol\u00f3gia a dejiny v\u00fdkladu<\/h2>\t\t\t\t<\/div>\n\t\t<div class=\"elementor-element elementor-element-cpd98ca11 e-con-full e-flex e-con e-child\" data-id=\"cpd98ca11\" data-element_type=\"container\" data-e-type=\"container\">\n\t\t\t\t<div class=\"elementor-element elementor-element-cp9269ef5 elementor-widget elementor-widget-text-editor\" data-id=\"cp9269ef5\" data-element_type=\"widget\" data-e-type=\"widget\" data-widget_type=\"text-editor.default\">\n\t\t\t\t\t\t\t\t\t<p>L\u00e9gia nie je v presnom zmysle vlastn\u00e9 meno jedin\u00e9ho d\u00e9mona, ale sebaozna\u010denie mnohosti. T\u00e1to skuto\u010dnos\u0165 zauj\u00edmala v\u00fdklad od sam\u00e9ho za\u010diatku.<\/p><p>Cirkevn\u00ed otcovia, medzi nimi Origenes a nesk\u00f4r August\u00edn, vykladali mno\u017estvo duchov ako v\u00fdraz vn\u00fatornej rozpoltenosti \u010dloveka, ktor\u00e9ho hriech ovl\u00e1da nie jedna, ale nespo\u010detn\u00e9 mno\u017estvo moc\u00ed.<\/p><p>Uzdravenie sa tak st\u00e1va obrazom obnovenia jednotnej, Bohom usporiadanej osoby, \u010do v texte podporuje detail pri zdravom rozume.<\/p><p><span data-nosnippet>V stredovekej a novovekej d\u00e9monol\u00f3gii bola L\u00e9gia pr\u00edle\u017eitostne ch\u00e1pan\u00e1 ako konkr\u00e9tny knie\u017ea pekla, ide v\u0161ak o neskor\u0161\u00ed v\u00fdvoj, ktor\u00fd je v rozpore s p\u00f4vodn\u00fdm zmyslom biblick\u00e9ho miesta. Ve\u013ek\u00e9 d\u00e9monologick\u00e9 katal\u00f3gy ran\u00e9ho novoveku, napr\u00edklad <em>Pseudomonarchia daemonum<\/em> Johanna Weyera z roku 1577, neuv\u00e1dzaj\u00fa L\u00e9giu ako samostatn\u00e9ho <span class=\"iwg-fachbegriff\" data-tooltip=\"Beztelesn\u00e1 bytos\u0165, ktorej sa pripisuje p\u00f4sobenie vo svete.\" tabindex=\"0\">ducha<\/span>, preto\u017ee samotn\u00e9 meno ozna\u010duje mnohos\u0165.<\/span><\/p><p>Historicko-kritick\u00e1 exeg\u00e9za 20. storo\u010dia posunula d\u00f4raz inam. Menej sa p\u00fdta na identitu d\u00e9mona a viac na funkciu pr\u00edbehu v ranokres\u0165anskej obci.<\/p><p>Diskutuje sa o geografickom probl\u00e9me, \u017ee Geraza le\u017e\u00ed \u010faleko od jazera, o \u00falohe sv\u00ed\u0148 ako pre \u017didov ne\u010dist\u00fdch zvierat a o ot\u00e1zke, \u010di je v epiz\u00f3de za\u0161ifrovan\u00e1 protir\u00edmska n\u00e1dej na osvobodenie.<\/p><p>Tieto diskusie nie s\u00fa uzavret\u00e9. Treba v\u0161ak kon\u0161tatova\u0165, \u017ee L\u00e9gia v samotnej Biblii nie je samostatn\u00e1 bytos\u0165 s biografiou, ale \u0161ifra pre prem\u00e1haj\u00facu, zn\u00e1soben\u00fa moc.<\/p>\t\t\t\t\t\t\t\t<\/div>\n\t\t\t\t<\/div>\n\t\t\t\t\t<\/div>\n\t\t\t\t<\/div>\n\t\t<div class=\"elementor-element elementor-element-cp2b460b3 e-flex e-con-boxed e-con e-parent\" data-id=\"cp2b460b3\" data-element_type=\"container\" data-e-type=\"container\">\n\t\t\t\t\t<div class=\"e-con-inner\">\n\t\t\t\t<div class=\"elementor-element elementor-element-cpd1dd0d6 elementor-widget elementor-widget-heading\" data-id=\"cpd1dd0d6\" data-element_type=\"widget\" data-e-type=\"widget\" data-widget_type=\"heading.default\">\n\t\t\t\t\t<h2 class=\"elementor-heading-title elementor-size-default\">Svine, hrobov\u00e9 jaskyne a ne\u010dist\u00e1 krajina<\/h2>\t\t\t\t<\/div>\n\t\t<div class=\"elementor-element elementor-element-cp95352cb e-con-full e-flex e-con e-child\" data-id=\"cp95352cb\" data-element_type=\"container\" data-e-type=\"container\">\n\t\t\t\t<div class=\"elementor-element elementor-element-cp08853ad elementor-widget elementor-widget-text-editor\" data-id=\"cp08853ad\" data-element_type=\"widget\" data-e-type=\"widget\" data-widget_type=\"text-editor.default\">\n\t\t\t\t\t\t\t\t\t<p>Pr\u00edbeh o L\u00e9gii je hust\u043e popretk\u00e1van\u00fd mot\u00edvmi ritu\u00e1lnej ne\u010distoty, a to nie je n\u00e1hoda. Posadnut\u00fd mu\u017e \u017eije medzi hrobov\u00fdmi jasky\u0148ami, teda na mieste, ktor\u00e9 pod\u013ea \u017eidovsk\u00e9ho ch\u00e1pania \u010distoty pren\u00e1\u0161a ne\u010distotu.<\/p><p>Nach\u00e1dza sa na v\u00fdchodnej strane jazera, v preva\u017ene ne\u017eidovskej oblasti naz\u00fdvanej Dekapolis. A duchovia vstupuj\u00fa do st\u00e1da sv\u00ed\u0148, ktor\u00e9 \u017didia pova\u017eovali za ne\u010dist\u00e9 zvierat\u00e1 a v \u017eidovskom prostred\u00ed by sa v\u00f4bec nechovali.<\/p><p>T\u00e1to hromada mot\u00edvov signalizuje starobyl\u00e9mu \u010ditate\u013eovi, \u017ee sc\u00e9na sa odohr\u00e1va na mieste najvy\u0161\u0161ej ne\u010distoty, mimo usporiadan\u00e9ho, \u010dist\u00e9ho svet\u0430. Exeg\u00e9za v tom vid\u00ed z\u00e1mern\u00fd rozpr\u00e1va\u010dsk\u00fd prostriedok.<\/p><p>Jezus tu prekra\u010duje viacero hran\u00edc: geografick\u00fa hranicu jazera, etnick\u00fa hranicu k pohanskej krajine, ritu\u00e1lnu hranicu k ne\u010dist\u00e9mu. B\u00e1datelia Markovho evangelia tak d\u00e1vaj\u00fa uzdraveniu \u010fal\u0161\u00ed v\u00fdznam, st\u00e1va sa znamen\u00edm, \u017ee moc Bo\u017eieho kr\u00e1\u013eovstva presahuje aj hranice Izraela.<\/p><p>Zauj\u00edmav\u00fd je z\u00e1ver. Zatia\u013e \u010do Jezus v mnoh\u00fdch Markov\u00fdch pr\u00edbehoch prikazuje ml\u010da\u0165, tu v\u00fdslovne vyz\u00fdva vylie\u010den\u00e9ho Geraz\u00e9na, aby vo svojom meste ohl\u00e1sil, \u010do sa stalo. B\u00fdval\u00fd posadnut\u00fd L\u00e9giou sa tak st\u00e1va prv\u00fdm zvestovate\u013eom v pohanskom \u00fazem\u00ed.<\/p><p>Aj spr\u00e1vanie obyvate\u013eov, ktor\u00ed Jezusa zo strachu prosia, aby odi\u0161iel, patr\u00ed k z\u00e1meru rozpr\u00e1vania. T\u00e1to epiz\u00f3da nie je len oby\u010dajnou spr\u00e1vou o exorcizme, ale teologicky prepracovanou sc\u00e9nou o \u010distote, hraniciach a rozsahu Bo\u017eej moci.<\/p>\t\t\t\t\t\t\t\t<\/div>\n\t\t\t\t<\/div>\n\t\t\t\t\t<\/div>\n\t\t\t\t<\/div>\n\t\t<div class=\"elementor-element elementor-element-36dd7469 e-flex e-con-boxed e-con e-parent\" data-id=\"36dd7469\" data-element_type=\"container\" data-e-type=\"container\">\n\t\t\t\t\t<div class=\"e-con-inner\">\n\t\t\t\t<div class=\"elementor-element elementor-element-13760ab4 elementor-widget elementor-widget-heading\" data-id=\"13760ab4\" data-element_type=\"widget\" data-e-type=\"widget\" data-widget_type=\"heading.default\">\n\t\t\t\t\t<div class=\"elementor-heading-title elementor-size-default\">S\u00favisiace odkazy<\/div>\t\t\t\t<\/div>\n\t\t<div class=\"elementor-element elementor-element-28c87796 e-con-full e-flex e-con e-child\" data-id=\"28c87796\" data-element_type=\"container\" data-e-type=\"container\">\n\t\t\t\t<div class=\"elementor-element elementor-element-5d6538df elementor-widget elementor-widget-text-editor\" data-id=\"5d6538df\" data-element_type=\"widget\" data-e-type=\"widget\" data-widget_type=\"text-editor.default\">\n\t\t\t\t\t\t\t\t\t<p>Odpor\u00fa\u010dan\u00e9 intern\u00e9 odkazy:<\/p><ul><li><a href=\"https:\/\/iwell-guard.com\/sk\/?page_id=157604\">Kres\u0165anstvo<\/a><\/li><li><a href=\"https:\/\/iwell-guard.com\/sk\/?page_id=157609\">Satan<\/a>, <a href=\"https:\/\/iwell-guard.com\/sk\/?page_id=157610\">Lucifer<\/a>, <a href=\"https:\/\/iwell-guard.com\/sk\/?page_id=157611\">Belzebub<\/a>, <a href=\"https:\/\/iwell-guard.com\/sk\/?page_id=157612\">Leviatan<\/a><\/li><li><a href=\"https:\/\/iwell-guard.com\/sk\/?page_id=157602\">Dybbuk<\/a> (paralela posadnutia)<\/li><li><span class=\"iwg-fachbegriff\" data-tooltip=\"Ritu\u00e1lne vyhnanie ducha alebo d\u00e9mona pova\u017eovan\u00e9ho za \u0161kodliv\u00e9ho.\" tabindex=\"0\">Exorcizmus<\/span> a Rituale Romanum<\/li><li>Disociat\u00edvne poruchy (psychologick\u00fd v\u00fdklad)<\/li><\/ul>\t\t\t\t\t\t\t\t<\/div>\n\t\t\t\t<\/div>\n\t\t\t\t\t<\/div>\n\t\t\t\t<\/div>\n\t\t<div class=\"elementor-element elementor-element-grl4kl40 e-flex e-con-boxed e-con e-parent\" data-id=\"grl4kl40\" data-element_type=\"container\" data-e-type=\"container\">\n\t\t\t\t\t<div class=\"e-con-inner\">\n\t\t\t\t<div class=\"elementor-element elementor-element-bzsbfrmh elementor-widget elementor-widget-heading\" data-id=\"bzsbfrmh\" data-element_type=\"widget\" data-e-type=\"widget\" data-widget_type=\"heading.default\">\n\t\t\t\t\t<h2 class=\"elementor-heading-title elementor-size-default\">Odborn\u00e1 literat\u00fara<\/h2>\t\t\t\t<\/div>\n\t\t<div class=\"elementor-element elementor-element-2c13224a e-con-full e-flex e-con e-child\" data-id=\"2c13224a\" data-element_type=\"container\" data-e-type=\"container\">\n\t\t\t\t<div class=\"elementor-element elementor-element-0eymh9ub elementor-widget elementor-widget-text-editor\" data-id=\"0eymh9ub\" data-element_type=\"widget\" data-e-type=\"widget\" data-widget_type=\"text-editor.default\">\n\t\t\t\t\t\t\t\t\t<footer class=\"iwg-literatur\"><p>V\u00fdber z\u00e1sadn\u00fdch pr\u00e1c o Legi\u00f3novi a o novoz\u00e1konnej predstave posadnutosti:<\/p><ul><li><span data-nosnippet>Pesch, Rudolf: <em>Der Besessene von Gerasa<\/em>. Stuttgart 1972.<\/span><\/li><li><span data-nosnippet>Twelftree, Graham H.: <em>In the Name of Jesus. Exorcism among Early Christians<\/em>. Grand Rapids 2007.<\/span><\/li><li><span data-nosnippet>Ferguson, Everett: <em>Demonology of the Early Christian World<\/em>. Lewiston 1984.<\/span><\/li><li><span data-nosnippet>Horsley, Richard A.: <em>Jesus and Empire<\/em>. Minneapolis 2003 (postkoloni\u00e1lny v\u00fdklad).<\/span><\/li><li><span data-nosnippet>Sorensen, Eric: <em>Possession and Exorcism in the New Testament and Early Christianity<\/em>. T\u00fcbingen 2002.<\/span><\/li><\/ul><div data-nosnippet=\"true\" class=\"iwg-litliste\"><p><strong>Z\u00e1kladn\u00e1 literat\u00fara (kres\u0165anstvo):<\/strong><\/p><ul><li><span data-nosnippet><strong>Markschies, Christoph<\/strong>: <em>Das <span class=\"iwg-fachbegriff\" data-tooltip=\"Epocha gr\u00e9ckej a r\u00edmskej kult\u00fary, pribli\u017ene od 800 pred Kr. do 600 po Kr.\" tabindex=\"0\">antike<\/span> Christentum. <span class=\"iwg-fachbegriff\" data-tooltip=\"Pre\u017e\u00edvan\u00fd n\u00e1bo\u017eensk\u00fd postoj a prax \u010dloveka.\" tabindex=\"0\">Fr\u00f6mmigkeit<\/span>, Lebensformen, Institutionen. Beck, M\u00fcnchen 2006.<\/em><\/span><\/li><\/ul><\/div><\/footer>\n<p class=\"iwg-bib-more\"><span data-nosnippet>\u010eal\u0161ie z\u00e1kladn\u00e9 diela v <a href=\"https:\/\/iwell-guard.com\/sk\/?page_id=157722\">zozname literat\u00fary<\/a>.<\/span><\/p>\t\t\t\t\t\t\t\t<\/div>\n\t\t\t\t<\/div>\n\t\t\t\t\t<\/div>\n\t\t\t\t<\/div>\n\t\t<div class=\"elementor-element elementor-element-iwgca-legion-sec e-flex e-con-boxed e-con e-parent\" data-id=\"iwgca-legion-sec\" data-element_type=\"container\" data-e-type=\"container\" id=\"iwg-ca-legion\">\n\t\t\t\t\t<div class=\"e-con-inner\">\n\t\t\t\t<div class=\"elementor-element elementor-element-iwgca-legion-te iwg-ca-textwrap elementor-widget elementor-widget-text-editor\" data-id=\"iwgca-legion-te\" data-element_type=\"widget\" data-e-type=\"widget\" data-widget_type=\"text-editor.default\">\n\t\t\t\t\t\t\t\t\t<div data-nosnippet=\"true\"><p class=\"iwg-ca-bridge\">Tu pop\u00edsan\u00e1 ochrann\u00e1 prax je religionistick\u00e9 zaradenie historick\u00fdch trad\u00edci\u00ed. iWell Guard nadv\u00e4zuje na t\u00fato kult\u00farno-historick\u00fa linku nosen\u00fdch ochrann\u00fdch predmetov a predstavuje jej s\u00fa\u010dasn\u00fa formu. <a href=\"\/ueber-iwell-guard\/?utm_source=iwell-guard.com&#038;utm_medium=text-link&#038;utm_campaign=schadwesen-tradition\">Viac o iWell Guard \u2192<\/a><\/p><\/div>\t\t\t\t\t\t\t\t<\/div>\n\t\t\t\t\t<\/div>\n\t\t\t\t<\/div>\n\t\t<div class=\"elementor-element elementor-element-61be43b e-con-boxed e-flex e-con e-parent\" data-id=\"61be43b\" data-element_type=\"container\" data-e-type=\"container\">\n\t\t\t\t\t<div class=\"e-con-inner\">\n\t\t\t\t<div class=\"elementor-element elementor-element-7f86082 elementor-widget elementor-widget-text-editor\" data-id=\"7f86082\" data-element_type=\"widget\" data-e-type=\"widget\" data-widget_type=\"text-editor.default\">\n\t\t\t\t\t\t\t\t\t\n<h2>\u010casto kladen\u00e9 ot\u00e1zky o Legi\u00f3novi<\/h2>\n<div class=\"iwg-faq-q\"><h3>Kto alebo \u010do je Legi\u00f3n v Novom z\u00e1kone?<\/h3><p>Legi\u00f3n je v Markovom evangeliu (5,9) meno d\u00e9mona alebo skupiny d\u00e9monov, ktor\u00ed posadli mu\u017ea v Geraze. Na J\u00e9zu\u0161ovu ot\u00e1zku po jeho mene odpoved\u00e1 <span class=\"iwg-fachbegriff\" data-tooltip=\"Duchovn\u00e1 bytos\u0165, ktorej sa pripisuje \u0161kodliv\u00e9 alebo protire\u010div\u00e9 p\u00f4sobenie.\" tabindex=\"0\">d\u00e9mon<\/span>: Legi\u00f3n, preto\u017ee n\u00e1s je ve\u013ea.<\/p><p>R\u00edmska l\u00e9gia mala okolo 6000 vojakov, meno teda zd\u00f4raz\u0148uje kolekt\u00edvny charakter posadnutosti. Jezu\u0161 d\u00e9monov vyh\u00e1\u0148a a posiela ich do st\u00e1da o\u0161\u00edpan\u00fdch, ktor\u00e9 sa vrhne do jazera.<\/p><\/div>\n<div class=\"iwg-faq-q\"><h3>Ako sa Legi\u00f3n ch\u00e1pe v modernej demonol\u00f3gii a v popkult\u00fare?<\/h3><p>V modernej <span class=\"iwg-fachbegriff\" data-tooltip=\"Vedeck\u00e1 n\u00e1uka o Bohu a o viere danej n\u00e1bo\u017eenskej trad\u00edcie.\" tabindex=\"0\">teol\u00f3gii<\/span> sa Legi\u00f3n \u010dasto ch\u00e1pe ako obraz psychickej mnohosti, z\u00e1vislosti alebo kolekt\u00edvnej posadnutosti, nie nutne v doslovnom zmysle.<\/p><p>V popkult\u00fare (hororov\u00e9 filmy, heavymetalov\u00e9 piesne) je Legi\u00f3n obl\u00faben\u00fdm menom pre mocn\u00fdch zbern\u00fdch d\u00e9monov, preto\u017ee biblick\u00fd ver\u0161 pon\u00faka v\u00fdrazn\u00fa kolekt\u00edvnu postavu antagonistu. Teologicky je d\u00f4le\u017eit\u00e9, \u017ee pr\u00edbeh o gerazskom posadnutom ukazuje predov\u0161etk\u00fdm moc Jezu\u0161a, nie moc d\u00e9mona.<\/p><\/div>\n<script type=\"application\/ld+json\">{\"@context\":\"https:\/\/schema.org\",\"@type\":\"FAQPage\",\"mainEntity\":[{\"@type\":\"Question\",\"name\":\"Kto alebo \u010do je Legi\u00f3n v Novom z\u00e1kone?\",\"acceptedAnswer\":{\"@type\":\"Answer\",\"text\":\"Legi\u00f3n je v Markovom evangeliu (5,9) meno d\u00e9mona alebo skupiny d\u00e9monov, ktor\u00ed posadli mu\u017ea v Geraze. Na Jezu\u0161ovu ot\u00e1zku po jeho mene odpoved\u00e1 d\u00e9mon: Legi\u00f3n, preto\u017ee n\u00e1s je ve\u013ea.R\u00edmska l\u00e9gia mala okolo 6000 vojakov, meno teda zd\u00f4raz\u0148uje kolekt\u00edvny charakter posadnutosti. Jezu\u0161 d\u00e9monov vyh\u00e1\u0148a a posiela ich do st\u00e1da o\u0161\u00edpan\u00fdch, ktor\u00e9 sa vrhne do jazera.\"}},{\"@type\":\"Question\",\"name\":\"Ako sa Legi\u00f3n ch\u00e1pe v modernej demonol\u00f3gii a v popkult\u00fare?\",\"acceptedAnswer\":{\"@type\":\"Answer\",\"text\":\"V modernej teol\u00f3gii sa Legi\u00f3n \u010dasto ch\u00e1pe ako obraz psychickej mnohosti, z\u00e1vislosti alebo kolekt\u00edvnej posadnutosti, nie nutne v doslovnom zmysle.V popkult\u00fare (hororov\u00e9 filmy, heavymetalov\u00e9 piesne) je Legi\u00f3n obl\u00faben\u00fdm menom pre mocn\u00fdch zbern\u00fdch d\u00e9monov, preto\u017ee biblick\u00fd ver\u0161 pon\u00faka v\u00fdrazn\u00fa kolekt\u00edvnu postavu antagonistu. Teologicky je d\u00f4le\u017eit\u00e9, \u017ee pr\u00edbeh o gerazskom posadnutom ukazuje predov\u0161etk\u00fdm moc Jezu\u0161a, nie moc d\u00e9mona.\"}}]}<\/script>\t\t\t\t\t\t\t\t<\/div>\n\t\t\t\t\t<\/div>\n\t\t\t\t<\/div>\n\t\t\t\t<\/div>\n\t\t","protected":false},"excerpt":{"rendered":"","protected":false},"author":3,"featured_media":1562,"parent":0,"menu_order":0,"comment_status":"closed","ping_status":"closed","template":"elementor_header_footer","meta":{"_yoast_wpseo_focuskw":"L\u00e9gia gerazsk\u00fd posadnut\u00fd","_yoast_wpseo_title":"L\u00e9gia \u2013 posadnutos\u0165 a kolekt\u00edvni d\u00e9moni","_yoast_wpseo_metadesc":"L\u00e9gia ozna\u010duje kolekt\u00edvnu skupinu d\u00e9monov z rozpr\u00e1vania o gerazskom posadnutom (Mk 5,1\u201320). Z\u00e1stup v jednom \u010dloveku.","_yoast_wpseo_meta-robots-noindex":"","_yoast_wpseo_canonical":"","_angie_page":false,"gefaehrdungsstufe":"5","wesen_kultur":"christentum","wesen_klasse":"daemonen","footnotes":""},"categories":[],"class_list":["post-157613","page","type-page","status-publish","has-post-thumbnail","hentry"],"yoast_head":"<!-- This site is optimized with the Yoast SEO Premium plugin v27.7 (Yoast SEO v28.3) - https:\/\/yoast.com\/product\/yoast-seo-premium-wordpress\/ -->\n<title>L\u00e9gia \u2013 posadnutos\u0165 a kolekt\u00edvni d\u00e9moni<\/title>\n<meta name=\"description\" content=\"L\u00e9gia ozna\u010duje kolekt\u00edvnu skupinu d\u00e9monov z rozpr\u00e1vania o gerazskom posadnutom (Mk 5,1\u201320). Z\u00e1stup v jednom \u010dloveku.\" \/>\n<meta name=\"robots\" content=\"index, follow, max-snippet:-1, max-image-preview:large, max-video-preview:-1\" \/>\n<link rel=\"canonical\" href=\"https:\/\/iwell-guard.com\/sk\/legia-posadnutost-a-kolektivni-demoni\/\" \/>\n<meta property=\"og:locale\" content=\"sk_SK\" \/>\n<meta property=\"og:type\" content=\"article\" \/>\n<meta property=\"og:title\" content=\"L\u00e9gia \u2013 posadnutos\u0165 a kolekt\u00edvni d\u00e9moni\" \/>\n<meta property=\"og:description\" content=\"L\u00e9gia ozna\u010duje kolekt\u00edvnu skupinu d\u00e9monov z rozpr\u00e1vania o gerazskom posadnutom (Mk 5,1\u201320). Z\u00e1stup v jednom \u010dloveku.\" \/>\n<meta property=\"og:url\" content=\"https:\/\/iwell-guard.com\/sk\/legia-posadnutost-a-kolektivni-demoni\/\" \/>\n<meta property=\"og:site_name\" content=\"iWell Guard\" \/>\n<meta property=\"article:modified_time\" content=\"2026-09-04T22:37:44+00:00\" \/>\n<meta property=\"og:image\" content=\"https:\/\/iwell-guard.com\/wp-content\/uploads\/2026\/04\/daemonen_christentum_legion.webp\" \/>\n\t<meta property=\"og:image:width\" content=\"1024\" \/>\n\t<meta property=\"og:image:height\" content=\"1536\" \/>\n\t<meta property=\"og:image:type\" content=\"image\/webp\" \/>\n<meta name=\"twitter:card\" content=\"summary_large_image\" \/>\n<script type=\"application\/ld+json\" class=\"yoast-schema-graph\">{\"@context\":\"https:\\\/\\\/schema.org\",\"@graph\":[{\"@type\":\"WebPage\",\"@id\":\"https:\\\/\\\/iwell-guard.com\\\/sk\\\/legia-posadnutost-a-kolektivni-demoni\\\/\",\"url\":\"https:\\\/\\\/iwell-guard.com\\\/sk\\\/legia-posadnutost-a-kolektivni-demoni\\\/\",\"name\":\"L\u00e9gia \u2013 posadnutos\u0165 a kolekt\u00edvni d\u00e9moni\",\"isPartOf\":{\"@id\":\"https:\\\/\\\/iwell-guard.com\\\/sk\\\/#website\"},\"primaryImageOfPage\":{\"@id\":\"https:\\\/\\\/iwell-guard.com\\\/sk\\\/legia-posadnutost-a-kolektivni-demoni\\\/#primaryimage\"},\"image\":{\"@id\":\"https:\\\/\\\/iwell-guard.com\\\/sk\\\/legia-posadnutost-a-kolektivni-demoni\\\/#primaryimage\"},\"thumbnailUrl\":\"https:\\\/\\\/iwell-guard.com\\\/wp-content\\\/uploads\\\/2026\\\/04\\\/daemonen_christentum_legion.webp\",\"datePublished\":\"2026-09-04T22:15:14+00:00\",\"dateModified\":\"2026-09-04T22:37:44+00:00\",\"description\":\"L\u00e9gia ozna\u010duje kolekt\u00edvnu skupinu d\u00e9monov z rozpr\u00e1vania o gerazskom posadnutom (Mk 5,1\u201320). Z\u00e1stup v jednom \u010dloveku.\",\"breadcrumb\":{\"@id\":\"https:\\\/\\\/iwell-guard.com\\\/sk\\\/legia-posadnutost-a-kolektivni-demoni\\\/#breadcrumb\"},\"inLanguage\":\"sk-SK\",\"potentialAction\":[{\"@type\":\"ReadAction\",\"target\":[\"https:\\\/\\\/iwell-guard.com\\\/sk\\\/legia-posadnutost-a-kolektivni-demoni\\\/\"]}]},{\"@type\":\"ImageObject\",\"inLanguage\":\"sk-SK\",\"@id\":\"https:\\\/\\\/iwell-guard.com\\\/sk\\\/legia-posadnutost-a-kolektivni-demoni\\\/#primaryimage\",\"url\":\"https:\\\/\\\/iwell-guard.com\\\/wp-content\\\/uploads\\\/2026\\\/04\\\/daemonen_christentum_legion.webp\",\"contentUrl\":\"https:\\\/\\\/iwell-guard.com\\\/wp-content\\\/uploads\\\/2026\\\/04\\\/daemonen_christentum_legion.webp\",\"width\":1024,\"height\":1536,\"caption\":\"D\u00e9moni z trad\u00edcie kres\u0165anstva.\"},{\"@type\":\"BreadcrumbList\",\"@id\":\"https:\\\/\\\/iwell-guard.com\\\/sk\\\/legia-posadnutost-a-kolektivni-demoni\\\/#breadcrumb\",\"itemListElement\":[{\"@type\":\"ListItem\",\"position\":1,\"name\":\"Start\",\"item\":\"https:\\\/\\\/iwell-guard.com\\\/sk\\\/?page_id=157572\"},{\"@type\":\"ListItem\",\"position\":2,\"name\":\"L\u00e9gia \u2013 posadnutos\u0165 a kolekt\u00edvni d\u00e9moni\"}]},{\"@type\":\"WebSite\",\"@id\":\"https:\\\/\\\/iwell-guard.com\\\/sk\\\/#website\",\"url\":\"https:\\\/\\\/iwell-guard.com\\\/sk\\\/\",\"name\":\"iWell Guard\",\"description\":\"Schutz vor dunklen Einfl\u00fcssen\",\"publisher\":{\"@id\":\"https:\\\/\\\/iwell-guard.com\\\/sk\\\/#organization\"},\"potentialAction\":[{\"@type\":\"SearchAction\",\"target\":{\"@type\":\"EntryPoint\",\"urlTemplate\":\"https:\\\/\\\/iwell-guard.com\\\/sk\\\/?s={search_term_string}\"},\"query-input\":{\"@type\":\"PropertyValueSpecification\",\"valueRequired\":true,\"valueName\":\"search_term_string\"}}],\"inLanguage\":\"sk-SK\"},{\"@type\":\"Organization\",\"@id\":\"https:\\\/\\\/iwell-guard.com\\\/sk\\\/#organization\",\"name\":\"Ittermann electronic GmbH\",\"url\":\"https:\\\/\\\/iwell-guard.com\\\/sk\\\/\",\"logo\":{\"@type\":\"ImageObject\",\"inLanguage\":\"sk-SK\",\"@id\":\"https:\\\/\\\/iwell-guard.com\\\/sk\\\/#\\\/schema\\\/logo\\\/image\\\/\",\"url\":\"https:\\\/\\\/iwell-guard.com\\\/wp-content\\\/uploads\\\/2026\\\/05\\\/Ittermann-Logo-1182x237-1.png\",\"contentUrl\":\"https:\\\/\\\/iwell-guard.com\\\/wp-content\\\/uploads\\\/2026\\\/05\\\/Ittermann-Logo-1182x237-1.png\",\"width\":1182,\"height\":237,\"caption\":\"Ittermann electronic GmbH\"},\"image\":{\"@id\":\"https:\\\/\\\/iwell-guard.com\\\/sk\\\/#\\\/schema\\\/logo\\\/image\\\/\"},\"sameAs\":[\"https:\\\/\\\/pantip.com\\\/profile\\\/9367242\",\"https:\\\/\\\/micro.blog\\\/iwellguard\",\"https:\\\/\\\/www.diggerslist.com\\\/iwellguard\\\/about\",\"https:\\\/\\\/skitterphoto.com\\\/photographers\\\/2870314\\\/iwell-guard\",\"https:\\\/\\\/iwellguard.wordpress.com\\\/2026\\\/06\\\/06\\\/iwell-guard\\\/\",\"https:\\\/\\\/hub.docker.com\\\/u\\\/iwellguard\",\"https:\\\/\\\/www.pinterest.com\\\/iwellguard\\\/\",\"https:\\\/\\\/bit.ly\\\/m\\\/iwellguard\",\"https:\\\/\\\/entre-vos-mains.alsace.eu\\\/profiles\\\/iwellguard\\\/activity\",\"https:\\\/\\\/gravatar.com\\\/reallybeded8fd34\",\"https:\\\/\\\/naijamatta.com\\\/iwellguard\",\"https:\\\/\\\/www.goodreads.com\\\/iwellguard\",\"https:\\\/\\\/profile.hatena.ne.jp\\\/iwellguard\\\/\",\"https:\\\/\\\/experiment.com\\\/users\\\/iwellguard\",\"https:\\\/\\\/wakelet.com\\\/@iWellGuard82270\",\"https:\\\/\\\/www.chordie.com\\\/forum\\\/profile.php?id=2555664\",\"https:\\\/\\\/www.instapaper.com\\\/p\\\/17757966\",\"https:\\\/\\\/www.mapleprimes.com\\\/users\\\/iwellguard\",\"https:\\\/\\\/businesslistingplus.com\\\/profile\\\/iwell-guard\\\/\",\"https:\\\/\\\/telegra.ph\\\/iWell-Guard-06-06\",\"https:\\\/\\\/pbase.com\\\/iwellguard\\\/iwellguard\",\"https:\\\/\\\/b.hatena.ne.jp\\\/iwellguard\\\/20260607#bookmark-4788405196491818882\",\"https:\\\/\\\/fliphtml5.com\\\/home\\\/iwellguard\",\"https:\\\/\\\/anyflip.com\\\/homepage\\\/cmiwl#About\",\"https:\\\/\\\/transfur.com\\\/Users\\\/iwellguard\",\"http:\\\/\\\/delphi.larsbo.org\\\/user\\\/iwellguard\",\"https:\\\/\\\/jobs.lajobsportal.org\\\/profiles\\\/8380803-iwell-guard\",\"https:\\\/\\\/md.chaosdorf.de\\\/s\\\/jfbe5SBdJD\",\"https:\\\/\\\/www.lingvolive.com\\\/en-us\\\/profile\\\/9ecaeaca-ce11-4e51-9e71-01d55e2bff36\\\/translations\",\"https:\\\/\\\/www.fitday.com\\\/fitness\\\/forums\\\/members\\\/iwellguard.html\",\"https:\\\/\\\/www.mymeetbook.com\\\/iwellguard\",\"https:\\\/\\\/pxhere.com\\\/en\\\/photographer-me\\\/5040798\",\"https:\\\/\\\/disqus.com\\\/by\\\/iwellguard\\\/about\\\/\",\"https:\\\/\\\/pastelink.net\\\/hjwciqwq\",\"https:\\\/\\\/pubhtml5.com\\\/homepage\\\/scjhn\\\/\",\"https:\\\/\\\/www.bitchute.com\\\/channel\\\/2O2eOKzNqujT\",\"https:\\\/\\\/audiomack.com\\\/iwellguard\"]},{\"@type\":\"Article\",\"@id\":\"https:\\\/\\\/iwell-guard.com\\\/sk\\\/legia-posadnutost-a-kolektivni-demoni\\\/#article\",\"isPartOf\":{\"@id\":\"https:\\\/\\\/iwell-guard.com\\\/sk\\\/legia-posadnutost-a-kolektivni-demoni\\\/\"},\"author\":{\"name\":\"Ralf Ittermann\",\"@id\":\"https:\\\/\\\/iwell-guard.com\\\/sk\\\/#\\\/schema\\\/person\\\/ee2a27f1cac3406c7c6fb5820cb7349f\"},\"headline\":\"L\u00e9gia \u2013 posadnutos\u0165 a kolekt\u00edvni d\u00e9moni\",\"datePublished\":\"2026-09-04T22:15:14+00:00\",\"dateModified\":\"2026-09-04T22:37:44+00:00\",\"mainEntityOfPage\":{\"@id\":\"https:\\\/\\\/iwell-guard.com\\\/sk\\\/legia-posadnutost-a-kolektivni-demoni\\\/\"},\"publisher\":{\"@id\":\"https:\\\/\\\/iwell-guard.com\\\/sk\\\/#organization\"},\"image\":{\"@id\":\"https:\\\/\\\/iwell-guard.com\\\/sk\\\/legia-posadnutost-a-kolektivni-demoni\\\/#primaryimage\"},\"thumbnailUrl\":\"https:\\\/\\\/iwell-guard.com\\\/wp-content\\\/uploads\\\/2026\\\/04\\\/daemonen_christentum_legion.webp\",\"inLanguage\":\"sk-SK\",\"description\":\"L\u00e9gia ozna\u010duje kolekt\u00edvnu skupinu d\u00e9monov z rozpr\u00e1vania o gerazskom posadnutom (Mk 5,1\u201320). Z\u00e1stup v jednom \u010dloveku.\"}]}<\/script>\n<!-- \/ Yoast SEO Premium plugin. -->","yoast_head_json":{"title":"L\u00e9gia \u2013 posadnutos\u0165 a kolekt\u00edvni d\u00e9moni","description":"L\u00e9gia ozna\u010duje kolekt\u00edvnu skupinu d\u00e9monov z rozpr\u00e1vania o gerazskom posadnutom (Mk 5,1\u201320). Z\u00e1stup v jednom \u010dloveku.","robots":{"index":"index","follow":"follow","max-snippet":"max-snippet:-1","max-image-preview":"max-image-preview:large","max-video-preview":"max-video-preview:-1"},"canonical":"https:\/\/iwell-guard.com\/sk\/legia-posadnutost-a-kolektivni-demoni\/","og_locale":"sk_SK","og_type":"article","og_title":"L\u00e9gia \u2013 posadnutos\u0165 a kolekt\u00edvni d\u00e9moni","og_description":"L\u00e9gia ozna\u010duje kolekt\u00edvnu skupinu d\u00e9monov z rozpr\u00e1vania o gerazskom posadnutom (Mk 5,1\u201320). Z\u00e1stup v jednom \u010dloveku.","og_url":"https:\/\/iwell-guard.com\/sk\/legia-posadnutost-a-kolektivni-demoni\/","og_site_name":"iWell Guard","article_modified_time":"2026-09-04T22:37:44+00:00","og_image":[{"width":1024,"height":1536,"url":"https:\/\/iwell-guard.com\/wp-content\/uploads\/2026\/04\/daemonen_christentum_legion.webp","type":"image\/webp"}],"twitter_card":"summary_large_image","schema":{"@context":"https:\/\/schema.org","@graph":[{"@type":"Article","@id":"https:\/\/iwell-guard.com\/sk\/legia-posadnutost-a-kolektivni-demoni\/#article","isPartOf":{"@id":"https:\/\/iwell-guard.com\/sk\/legia-posadnutost-a-kolektivni-demoni\/"},"author":{"name":"Ralf Ittermann","@id":"https:\/\/iwell-guard.com\/sk\/#\/schema\/person\/ee2a27f1cac3406c7c6fb5820cb7349f"},"headline":"L\u00e9gia \u2013 posadnutos\u0165 a kolekt\u00edvni d\u00e9moni","datePublished":"2026-09-04T22:15:14+00:00","dateModified":"2026-09-04T22:37:44+00:00","mainEntityOfPage":{"@id":"https:\/\/iwell-guard.com\/sk\/legia-posadnutost-a-kolektivni-demoni\/"},"publisher":{"@id":"https:\/\/iwell-guard.com\/sk\/#organization"},"image":{"@id":"https:\/\/iwell-guard.com\/sk\/legia-posadnutost-a-kolektivni-demoni\/#primaryimage"},"thumbnailUrl":"https:\/\/iwell-guard.com\/wp-content\/uploads\/2026\/04\/daemonen_christentum_legion.webp","inLanguage":"sk-SK","description":"L\u00e9gia ozna\u010duje kolekt\u00edvnu skupinu d\u00e9monov z rozpr\u00e1vania o gerazskom posadnutom (Mk 5,1\u201320). Z\u00e1stup v jednom \u010dloveku."},{"@type":"WebPage","@id":"https:\/\/iwell-guard.com\/sk\/legia-posadnutost-a-kolektivni-demoni\/","url":"https:\/\/iwell-guard.com\/sk\/legia-posadnutost-a-kolektivni-demoni\/","name":"L\u00e9gia \u2013 posadnutos\u0165 a kolekt\u00edvni d\u00e9moni","isPartOf":{"@id":"https:\/\/iwell-guard.com\/sk\/#website"},"primaryImageOfPage":{"@id":"https:\/\/iwell-guard.com\/sk\/legia-posadnutost-a-kolektivni-demoni\/#primaryimage"},"image":{"@id":"https:\/\/iwell-guard.com\/sk\/legia-posadnutost-a-kolektivni-demoni\/#primaryimage"},"thumbnailUrl":"https:\/\/iwell-guard.com\/wp-content\/uploads\/2026\/04\/daemonen_christentum_legion.webp","datePublished":"2026-09-04T22:15:14+00:00","dateModified":"2026-09-04T22:37:44+00:00","description":"L\u00e9gia ozna\u010duje kolekt\u00edvnu skupinu d\u00e9monov z rozpr\u00e1vania o gerazskom posadnutom (Mk 5,1\u201320). Z\u00e1stup v jednom \u010dloveku.","breadcrumb":{"@id":"https:\/\/iwell-guard.com\/sk\/legia-posadnutost-a-kolektivni-demoni\/#breadcrumb"},"inLanguage":"sk-SK","potentialAction":[{"@type":"ReadAction","target":["https:\/\/iwell-guard.com\/sk\/legia-posadnutost-a-kolektivni-demoni\/"]}]},{"@type":"ImageObject","inLanguage":"sk-SK","@id":"https:\/\/iwell-guard.com\/sk\/legia-posadnutost-a-kolektivni-demoni\/#primaryimage","url":"https:\/\/iwell-guard.com\/wp-content\/uploads\/2026\/04\/daemonen_christentum_legion.webp","contentUrl":"https:\/\/iwell-guard.com\/wp-content\/uploads\/2026\/04\/daemonen_christentum_legion.webp","width":1024,"height":1536,"caption":"D\u00e9moni z trad\u00edcie kres\u0165anstva."},{"@type":"BreadcrumbList","@id":"https:\/\/iwell-guard.com\/sk\/legia-posadnutost-a-kolektivni-demoni\/#breadcrumb","itemListElement":[{"@type":"ListItem","position":1,"name":"Start","item":"https:\/\/iwell-guard.com\/sk\/?page_id=157572"},{"@type":"ListItem","position":2,"name":"L\u00e9gia \u2013 posadnutos\u0165 a kolekt\u00edvni d\u00e9moni"}]},{"@type":"WebSite","@id":"https:\/\/iwell-guard.com\/sk\/#website","url":"https:\/\/iwell-guard.com\/sk\/","name":"iWell Guard","description":"Schutz vor dunklen Einfl\u00fcssen","publisher":{"@id":"https:\/\/iwell-guard.com\/sk\/#organization"},"potentialAction":[{"@type":"SearchAction","target":{"@type":"EntryPoint","urlTemplate":"https:\/\/iwell-guard.com\/sk\/?s={search_term_string}"},"query-input":{"@type":"PropertyValueSpecification","valueRequired":true,"valueName":"search_term_string"}}],"inLanguage":"sk-SK"},{"@type":"Organization","@id":"https:\/\/iwell-guard.com\/sk\/#organization","name":"Ittermann electronic GmbH","url":"https:\/\/iwell-guard.com\/sk\/","logo":{"@type":"ImageObject","inLanguage":"sk-SK","@id":"https:\/\/iwell-guard.com\/sk\/#\/schema\/logo\/image\/","url":"https:\/\/iwell-guard.com\/wp-content\/uploads\/2026\/05\/Ittermann-Logo-1182x237-1.png","contentUrl":"https:\/\/iwell-guard.com\/wp-content\/uploads\/2026\/05\/Ittermann-Logo-1182x237-1.png","width":1182,"height":237,"caption":"Ittermann electronic GmbH"},"image":{"@id":"https:\/\/iwell-guard.com\/sk\/#\/schema\/logo\/image\/"},"sameAs":["https:\/\/pantip.com\/profile\/9367242","https:\/\/micro.blog\/iwellguard","https:\/\/www.diggerslist.com\/iwellguard\/about","https:\/\/skitterphoto.com\/photographers\/2870314\/iwell-guard","https:\/\/iwellguard.wordpress.com\/2026\/06\/06\/iwell-guard\/","https:\/\/hub.docker.com\/u\/iwellguard","https:\/\/www.pinterest.com\/iwellguard\/","https:\/\/bit.ly\/m\/iwellguard","https:\/\/entre-vos-mains.alsace.eu\/profiles\/iwellguard\/activity","https:\/\/gravatar.com\/reallybeded8fd34","https:\/\/naijamatta.com\/iwellguard","https:\/\/www.goodreads.com\/iwellguard","https:\/\/profile.hatena.ne.jp\/iwellguard\/","https:\/\/experiment.com\/users\/iwellguard","https:\/\/wakelet.com\/@iWellGuard82270","https:\/\/www.chordie.com\/forum\/profile.php?id=2555664","https:\/\/www.instapaper.com\/p\/17757966","https:\/\/www.mapleprimes.com\/users\/iwellguard","https:\/\/businesslistingplus.com\/profile\/iwell-guard\/","https:\/\/telegra.ph\/iWell-Guard-06-06","https:\/\/pbase.com\/iwellguard\/iwellguard","https:\/\/b.hatena.ne.jp\/iwellguard\/20260607#bookmark-4788405196491818882","https:\/\/fliphtml5.com\/home\/iwellguard","https:\/\/anyflip.com\/homepage\/cmiwl#About","https:\/\/transfur.com\/Users\/iwellguard","http:\/\/delphi.larsbo.org\/user\/iwellguard","https:\/\/jobs.lajobsportal.org\/profiles\/8380803-iwell-guard","https:\/\/md.chaosdorf.de\/s\/jfbe5SBdJD","https:\/\/www.lingvolive.com\/en-us\/profile\/9ecaeaca-ce11-4e51-9e71-01d55e2bff36\/translations","https:\/\/www.fitday.com\/fitness\/forums\/members\/iwellguard.html","https:\/\/www.mymeetbook.com\/iwellguard","https:\/\/pxhere.com\/en\/photographer-me\/5040798","https:\/\/disqus.com\/by\/iwellguard\/about\/","https:\/\/pastelink.net\/hjwciqwq","https:\/\/pubhtml5.com\/homepage\/scjhn\/","https:\/\/www.bitchute.com\/channel\/2O2eOKzNqujT","https:\/\/audiomack.com\/iwellguard"]},{"@type":"Person","@id":"https:\/\/iwell-guard.com\/sk\/#\/schema\/person\/ee2a27f1cac3406c7c6fb5820cb7349f","name":"Ralf Ittermann","image":{"@type":"ImageObject","inLanguage":"sk-SK","@id":"https:\/\/secure.gravatar.com\/avatar\/073c0153e350a5005b68eb752b445fea71f6b24a26da9449ad7e155e6b446c9d?s=96&d=mm&r=g","url":"https:\/\/secure.gravatar.com\/avatar\/073c0153e350a5005b68eb752b445fea71f6b24a26da9449ad7e155e6b446c9d?s=96&d=mm&r=g","contentUrl":"https:\/\/secure.gravatar.com\/avatar\/073c0153e350a5005b68eb752b445fea71f6b24a26da9449ad7e155e6b446c9d?s=96&d=mm&r=g","caption":"Ralf Ittermann"},"givenName":"Ralf","familyName":"Ittermann","jobTitle":"Gesch\u00e4ftsf\u00fchrer und redaktioneller Verantwortlicher","url":"https:\/\/iwell-guard.com\/sk\/author\/claude\/","description":"Ralf Ittermann ist Gesch\u00e4ftsf\u00fchrer der Ittermann electronic GmbH und redaktioneller Verantwortlicher des iWell-Guard-Lexikons. Er verbindet langj\u00e4hrige Erfahrung in der Pr\u00e4zisionsfertigung mit medialer Praxis und religionsgeschichtlicher Quellenarbeit.","worksFor":{"@type":"Organization","name":"Ittermann electronic GmbH","url":"https:\/\/ittermann.de\/","address":{"@type":"PostalAddress","streetAddress":"K\u00f6hlergasse 16-18","postalCode":"99842","addressLocality":"Ruhla","addressCountry":"DE"}},"knowsAbout":["Religionsgeschichte","Mythologie","Mediale Praxis","Energetische Diagnostik","Schutzpraxis","Volksglauben","Westliche Esoterik"]},{"@type":"Article","@id":"https:\/\/iwell-guard.com\/sk\/legia-posadnutost-a-kolektivni-demoni\/#article","isPartOf":{"@id":"https:\/\/iwell-guard.com\/sk\/legia-posadnutost-a-kolektivni-demoni\/"},"author":{"name":"Ralf Ittermann","@id":"https:\/\/iwell-guard.com\/sk\/#\/schema\/person\/ee2a27f1cac3406c7c6fb5820cb7349f"},"headline":"L\u00e9gia \u2013 posadnutos\u0165 a kolekt\u00edvni d\u00e9moni","datePublished":"2026-09-04T22:15:14+00:00","dateModified":"2026-09-04T22:37:44+00:00","mainEntityOfPage":{"@id":"https:\/\/iwell-guard.com\/sk\/legia-posadnutost-a-kolektivni-demoni\/"},"publisher":{"@id":"https:\/\/iwell-guard.com\/sk\/#organization"},"image":{"@id":"https:\/\/iwell-guard.com\/sk\/legia-posadnutost-a-kolektivni-demoni\/#primaryimage"},"thumbnailUrl":"https:\/\/iwell-guard.com\/wp-content\/uploads\/2026\/04\/daemonen_christentum_legion.webp","inLanguage":"sk-SK","description":"L\u00e9gia ozna\u010duje kolekt\u00edvnu skupinu d\u00e9monov z rozpr\u00e1vania o gerazskom posadnutom (Mk 5,1\u201320). Z\u00e1stup v jednom \u010dloveku."}]}},"_links":{"self":[{"href":"https:\/\/iwell-guard.com\/sk\/wp-json\/wp\/v2\/pages\/157613","targetHints":{"allow":["GET"]}}],"collection":[{"href":"https:\/\/iwell-guard.com\/sk\/wp-json\/wp\/v2\/pages"}],"about":[{"href":"https:\/\/iwell-guard.com\/sk\/wp-json\/wp\/v2\/types\/page"}],"author":[{"embeddable":true,"href":"https:\/\/iwell-guard.com\/sk\/wp-json\/wp\/v2\/users\/3"}],"replies":[{"embeddable":true,"href":"https:\/\/iwell-guard.com\/sk\/wp-json\/wp\/v2\/comments?post=157613"}],"version-history":[{"count":0,"href":"https:\/\/iwell-guard.com\/sk\/wp-json\/wp\/v2\/pages\/157613\/revisions"}],"wp:featuredmedia":[{"embeddable":true,"href":"https:\/\/iwell-guard.com\/sk\/wp-json\/wp\/v2\/media\/1562"}],"wp:attachment":[{"href":"https:\/\/iwell-guard.com\/sk\/wp-json\/wp\/v2\/media?parent=157613"}],"wp:term":[{"taxonomy":"category","embeddable":true,"href":"https:\/\/iwell-guard.com\/sk\/wp-json\/wp\/v2\/categories?post=157613"}],"curies":[{"name":"wp","href":"https:\/\/api.w.org\/{rel}","templated":true}]}}