{"id":157606,"date":"2026-09-04T22:15:09","date_gmt":"2026-09-04T22:15:09","guid":{"rendered":"https:\/\/iwell-guard.com\/?page_id=157606"},"modified":"2026-09-04T22:37:32","modified_gmt":"2026-09-04T22:37:32","slug":"germanske","status":"publish","type":"page","link":"https:\/\/iwell-guard.com\/sk\/germanske\/","title":{"rendered":"Germ\u00e1nska trad\u00edcia"},"content":{"rendered":"\t\t<div data-elementor-type=\"wp-page\" data-elementor-id=\"157606\" class=\"elementor elementor-157606 elementor-1015\" data-elementor-post-type=\"page\">\n\t\t\t\t<div class=\"elementor-element elementor-element-k-hero-rebuilt-german iwg-kultur-hero e-flex e-con-boxed e-con e-parent\" data-id=\"k-hero-rebuilt-german\" data-element_type=\"container\" data-e-type=\"container\">\n\t\t\t\t\t<div class=\"e-con-inner\">\n\t\t<div class=\"elementor-element elementor-element-khleft-german iwg-kultur-hero-left e-flex e-con-boxed e-con e-child\" data-id=\"khleft-german\" data-element_type=\"container\" data-e-type=\"container\">\n\t\t\t\t\t<div class=\"e-con-inner\">\n\t\t\t\t<div class=\"elementor-element elementor-element-k-h1-germanisch elementor-widget elementor-widget-heading\" data-id=\"k-h1-germanisch\" data-element_type=\"widget\" data-e-type=\"widget\" data-widget_type=\"heading.default\">\n\t\t\t\t\t<h1 class=\"elementor-heading-title elementor-size-default\">Seversk\u00ed bohovia, \u00c1sovia, Vanovia a germ\u00e1nska mytol\u00f3gia<\/h1>\t\t\t\t<\/div>\n\t\t<div class=\"elementor-element elementor-element-aj11-hero-lead-german e-con-full e-flex e-con e-child\" data-id=\"aj11-hero-lead-german\" data-element_type=\"container\" data-e-type=\"container\">\n\t\t\t\t<div class=\"elementor-element elementor-element-k-lead-germanisch elementor-widget elementor-widget-text-editor\" data-id=\"k-lead-germanisch\" data-element_type=\"widget\" data-e-type=\"widget\" data-widget_type=\"text-editor.default\">\n\t\t\t\t\t\t\t\t\t<p><strong>Bytosti z germ\u00e1nskej trad\u00edcie<\/strong> na iWell Guard. Predkres\u0165ansk\u00fd svet bohov a duchov severnej a strednej Eur\u00f3py. Hlavn\u00e9 zdroje: Snorra-Edda, Pies\u0148ov\u00e1 Edda, skaldsk\u00e1 po\u00e9zia, archeologick\u00e9 n\u00e1lezy.<\/p>\t\t\t\t\t\t\t\t<\/div>\n\t\t\t\t<\/div>\n\t\t<div class=\"elementor-element elementor-element-aj11-hero-toc-german e-con-full e-flex e-con e-child\" data-id=\"aj11-hero-toc-german\" data-element_type=\"container\" data-e-type=\"container\">\n\t\t\t\t<div class=\"elementor-element elementor-element-k-toc-germanisch elementor-widget elementor-widget-text-editor\" data-id=\"k-toc-germanisch\" data-element_type=\"widget\" data-e-type=\"widget\" data-widget_type=\"text-editor.default\">\n\t\t\t\t\t\t\t\t\t<p><strong>Obsah tejto str\u00e1nky:<\/strong><\/p><ul><li><a href=\"#k-germanisch-h1\">Zaradenie<\/a><\/li><li><a href=\"#x-germanisch-h100\">Dejiny a pante\u00f3n<\/a><\/li><li><a href=\"#x-germanisch-h101\">Bytosti v ka\u017edodennom \u017eivote<\/a><\/li><li><a href=\"#x-germanisch-h102\">S\u00fa\u010dasn\u00fd v\u00fdznam<\/a><\/li><li><a href=\"#k-germanisch-h2\">Bohovia (6)<\/a><\/li><li><a href=\"#k-germanisch-h3\">Duchovia (6)<\/a><\/li><li><a href=\"#72d1854\">\u010eal\u0161ie inform\u00e1cie<\/a><\/li><\/ul>\t\t\t\t\t\t\t\t<\/div>\n\t\t\t\t<\/div>\n\t\t\t\t\t<\/div>\n\t\t\t\t<\/div>\n\t\t<div class=\"elementor-element elementor-element-khrght-german iwg-kultur-hero-right e-flex e-con-boxed e-con e-child\" data-id=\"khrght-german\" data-element_type=\"container\" data-e-type=\"container\">\n\t\t\t\t\t<div class=\"e-con-inner\">\n\t\t\t\t<div class=\"elementor-element elementor-element-k-img-germanisch iwg-hero-image elementor-widget elementor-widget-image\" data-id=\"k-img-germanisch\" data-element_type=\"widget\" data-e-type=\"widget\" data-widget_type=\"image.default\">\n\t\t\t\t\t\t\t\t\t\t\t\t\t\t\t<img fetchpriority=\"high\" decoding=\"async\" width=\"683\" height=\"1024\" src=\"https:\/\/iwell-guard.com\/wp-content\/uploads\/2026\/04\/goetter_germanisch_odin-683x1024.webp\" class=\"attachment-large size-large wp-image-159971\" alt=\"Odin \u2013 bohovia z germ\u00e1nskej trad\u00edcie, historicko-ilustra\u010dn\u00e9\" srcset=\"https:\/\/iwell-guard.com\/wp-content\/uploads\/2026\/04\/goetter_germanisch_odin-683x1024.webp 683w, https:\/\/iwell-guard.com\/wp-content\/uploads\/2026\/04\/goetter_germanisch_odin-200x300.webp 200w, https:\/\/iwell-guard.com\/wp-content\/uploads\/2026\/04\/goetter_germanisch_odin-768x1152.webp 768w, https:\/\/iwell-guard.com\/wp-content\/uploads\/2026\/04\/goetter_germanisch_odin.webp 1024w\" sizes=\"(max-width: 683px) 100vw, 683px\" \/>\t\t\t\t\t\t\t\t\t\t\t\t\t\t\t<\/div>\n\t\t\t\t\t<\/div>\n\t\t\t\t<\/div>\n\t\t\t\t\t<\/div>\n\t\t\t\t<\/div>\n\t\t\t\t<section class=\"elementor-section elementor-top-section elementor-element elementor-element-sec-iwgcomp2-germanisch elementor-section-boxed elementor-section-height-default elementor-section-height-default\" data-id=\"sec-iwgcomp2-germanisch\" data-element_type=\"section\" data-e-type=\"section\">\n\t\t\t\t\t\t<div class=\"elementor-container elementor-column-gap-default\">\n\t\t\t\t\t<div class=\"elementor-column elementor-col-100 elementor-top-column elementor-element elementor-element-col-iwgcomp2-germanisch\" data-id=\"col-iwgcomp2-germanisch\" data-element_type=\"column\" data-e-type=\"column\">\n\t\t\t<div class=\"elementor-widget-wrap elementor-element-populated\">\n\t\t\t\t\t\t<div class=\"elementor-element elementor-element-iwgcomp2-germanisch elementor-widget elementor-widget-text-editor\" data-id=\"iwgcomp2-germanisch\" data-element_type=\"widget\" data-e-type=\"widget\" data-widget_type=\"text-editor.default\">\n\t\t\t\t\t\t\t\t\t<p>T\u00e1to str\u00e1nka dokumentuje <strong>germ\u00e1nske<\/strong> n\u00e1bo\u017eenstvo od <span class=\"iwg-fachbegriff\" data-tooltip=\"Prehistorick\u00e1 epocha po dobe bronzovej, charakterizovan\u00e1 spracovan\u00edm \u017eeleza.\" tabindex=\"0\">doby \u017eeleznej<\/span>ho <span class=\"iwg-fachbegriff\" data-tooltip=\"S\u00fahrn bohov nejak\u00e9ho n\u00e1bo\u017eenstva alebo kult\u00fary.\" tabindex=\"0\">pante\u00f3nu<\/span> a\u017e po dobu Edd.<\/p>\t\t\t\t\t\t\t\t<\/div>\n\t\t\t\t\t<\/div>\n\t\t<\/div>\n\t\t\t\t\t<\/div>\n\t\t<\/section>\n\t\t<div class=\"elementor-element elementor-element-clstrsec-aj12-germanis e-con-boxed e-flex e-con e-parent\" data-id=\"clstrsec-aj12-germanis\" data-element_type=\"container\" data-e-type=\"container\">\n\t\t\t\t\t<div class=\"e-con-inner\">\n\t\t\t\t<div class=\"elementor-element elementor-element-clstrh2-aj12-german elementor-widget elementor-widget-heading\" data-id=\"clstrh2-aj12-german\" data-element_type=\"widget\" data-e-type=\"widget\" data-widget_type=\"heading.default\">\n\t\t\t\t\t<h2 class=\"elementor-heading-title elementor-size-default\">Edda, dvor bohov a seversk\u00e9 m\u00fdty<\/h2>\t\t\t\t<\/div>\n\t\t<div class=\"elementor-element elementor-element-aj12-cluster-text-germanis e-con-full e-flex e-con e-child\" data-id=\"aj12-cluster-text-germanis\" data-element_type=\"container\" data-e-type=\"container\">\n\t\t\t\t<div class=\"elementor-element elementor-element-aj12-cluster-text-german-t elementor-widget elementor-widget-text-editor\" data-id=\"aj12-cluster-text-german-t\" data-element_type=\"widget\" data-e-type=\"widget\" data-widget_type=\"text-editor.default\">\n\t\t\t\t\t\t\t\t\t<p>Germ\u00e1nske n\u00e1bo\u017eenstvo je z h\u013eadiska kritiky pramenov n\u00e1ro\u010dnou trad\u00edciou. To, \u010do o \u0148om vieme, poch\u00e1dza takmer v\u00fdlu\u010dne z neskor\u00fdch kres\u0165ansko-islandsk\u00fdch prame\u0148ov: Pies\u0148ov\u00e1 Edda a Snorra-Edda boli zostaven\u00e9 v 13. storo\u010d\u00ed, dlho po tom, \u010do seversk\u00e9 pohanstvo prestalo by\u0165 \u017eit\u00fdm n\u00e1bo\u017eenstvom.<\/p><p>Predkres\u0165ansk\u00e9 n\u00e1pisy, runy a n\u00e1zvy miest tento obraz dopl\u0148uj\u00fa, nie v\u0161ak nahr\u00e1dzaj\u00fa.<\/p>\n<p>V centre stoja dva rody bohov: bojovn\u00ed \u00c1sovia okolo Odina, Thora, Tyra a Frigg, a s plodnos\u0165ou spojen\u00ed Vanovia okolo Freyra, Freyje a Nj\u00f6rda.<\/p><p>Mytologicky je tento syst\u00e9m dynamick\u00fd: kon\u010d\u00ed Ragnar\u00f6kom, z\u00e1nikom bohov, \u010d\u00edm z\u00edskava eschatologick\u00fa h\u013abku, ktor\u00fa in\u00e9 polyteistick\u00e9 syst\u00e9my nepoznaj\u00fa.<\/p>\n<p><strong>\u013dudov\u00e1 viera<\/strong> sa s\u00fastre\u010fovala okolo ochrann\u00fdch duchov: dom\u00e1cich duchov (hausv\u00e4ttr), duchov krajiny (landv\u00e4ttir), fylgj\u00ed (osobn\u00fdch duchov osudu) a d\u00eds (\u017eensk\u00fdch predkovsk\u00fdch duchov). T\u00e1to vrstva je z h\u013eadiska dej\u00edn n\u00e1bo\u017eenstva \u010dasto hlb\u0161ia a star\u0161ia ne\u017e <span class=\"iwg-fachbegriff\" data-tooltip=\"S\u00fahrn tradovan\u00fdch pr\u00edbehov o bohoch nejakej kult\u00fary.\" tabindex=\"0\">mytol\u00f3gia<\/span> \u00c1sov a v skandin\u00e1vskych \u013eudov\u00fdch zvykoch pretrvala a\u017e do 19. storo\u010dia.<\/p>\t\t\t\t\t\t\t\t<\/div>\n\t\t\t\t<\/div>\n\t\t\t\t\t<\/div>\n\t\t\t\t<\/div>\n\t\t<div class=\"elementor-element elementor-element-k-germanisch-s1 e-con-boxed e-flex e-con e-parent\" data-id=\"k-germanisch-s1\" data-element_type=\"container\" data-e-type=\"container\">\n\t\t\t\t\t<div class=\"e-con-inner\">\n\t\t\t\t<div class=\"elementor-element elementor-element-k-germanisch-h1 elementor-widget elementor-widget-heading\" data-id=\"k-germanisch-h1\" data-element_type=\"widget\" data-e-type=\"widget\" data-widget_type=\"heading.default\">\n\t\t\t\t\t<h2 class=\"elementor-heading-title elementor-size-default\">Zaradenie<\/h2>\t\t\t\t<\/div>\n\t\t<div class=\"elementor-element elementor-element-aj11-inner-0003 e-con-full e-flex e-con e-child\" data-id=\"aj11-inner-0003\" data-element_type=\"container\" data-e-type=\"container\">\n\t\t\t\t<div class=\"elementor-element elementor-element-k-germanisch-t1 elementor-widget elementor-widget-text-editor\" data-id=\"k-germanisch-t1\" data-element_type=\"widget\" data-e-type=\"widget\" data-widget_type=\"text-editor.default\">\n\t\t\t\t\t\t\t\t\t<p><strong>\u010casov\u00e9 rozp\u00e4tie:<\/strong> <span class=\"iwg-fachbegriff\" data-tooltip=\"Prehistorick\u00e1 epocha, v ktorej bola bronz najd\u00f4le\u017eitej\u0161\u00edm kovom na n\u00e1stroje.\" tabindex=\"0\">doba bronzov\u00e1<\/span> (1500 pred Kr.) a\u017e christianiz\u00e1cia (10.\u201312. stor.). Texty: Snorra-Edda (1220), Pies\u0148ov\u00e1 Edda.<\/p><p>Roz\u0161\u00edrenie: Skandin\u00e1via, kontinent\u00e1lna Germ\u00e1nia, Britsk\u00e9 ostrovy. Expanzia v obdob\u00ed vikingov a\u017e po Rusko a Severn\u00fa Ameriku.<\/p><p>Zdroje: Snorra-Edda, Pies\u0148ov\u00e1 Edda, skaldsk\u00e1 po\u00e9zia, Saxo Grammaticus, Tacitova Germ\u00e1nia, runov\u00e9 n\u00e1pisy.<\/p><p><span class=\"iwg-fachbegriff\" data-tooltip=\"S\u00fahrn bohov nejak\u00e9ho n\u00e1bo\u017eenstva alebo kult\u00fary.\" tabindex=\"0\">Pante\u00f3n<\/span> a triedy bytost\u00ed: \u00c1sovia (Odin, Thor, Frigg), Vanovia (Freyr, Freyja), obri, trpasl\u00edci, elfovia, norny.<\/p>\t\t\t\t\t\t\t\t<\/div>\n\t\t\t\t<\/div>\n\t\t\t\t\t<\/div>\n\t\t\t\t<\/div>\n\t\t<div class=\"elementor-element elementor-element-x-germanisch-s100 e-con-boxed e-flex e-con e-parent\" data-id=\"x-germanisch-s100\" data-element_type=\"container\" data-e-type=\"container\">\n\t\t\t\t\t<div class=\"e-con-inner\">\n\t\t\t\t<div class=\"elementor-element elementor-element-x-germanisch-h100 elementor-widget elementor-widget-heading\" data-id=\"x-germanisch-h100\" data-element_type=\"widget\" data-e-type=\"widget\" data-widget_type=\"heading.default\">\n\t\t\t\t\t<h2 class=\"elementor-heading-title elementor-size-default\">Dejiny a pante\u00f3n<\/h2>\t\t\t\t<\/div>\n\t\t<div class=\"elementor-element elementor-element-aj11-inner-0004 e-con-full e-flex e-con e-child\" data-id=\"aj11-inner-0004\" data-element_type=\"container\" data-e-type=\"container\">\n\t\t\t\t<div class=\"elementor-element elementor-element-x-germanisch-t100 elementor-widget elementor-widget-text-editor\" data-id=\"x-germanisch-t100\" data-element_type=\"widget\" data-e-type=\"widget\" data-widget_type=\"text-editor.default\">\n\t\t\t\t\t\t\t\t\t<p>Germ\u00e1nske n\u00e1bo\u017eenstvo pred christianiz\u00e1ciou je zn\u00e1me len z archeologick\u00fdch n\u00e1lezov, neskor\u00fdch p\u00edsomn\u00fdch prame\u0148ov (Eddy) a <span class=\"iwg-fachbegriff\" data-tooltip=\"Epocha gr\u00e9ckej a r\u00edmskej kult\u00fary, pribli\u017ene 800 pred Kr. a\u017e 600 po Kr.\" tabindex=\"0\">antick\u00fdch<\/span> prame\u0148ov (Tacitus). Rekon\u0161truovan\u00fd <span class=\"iwg-fachbegriff\" data-tooltip=\"S\u00fahrn bohov nejak\u00e9ho n\u00e1bo\u017eenstva alebo kult\u00fary.\" tabindex=\"0\">pante\u00f3n<\/span> sa del\u00ed na dve kozmick\u00e9 dynastie: \u00c1sov (bohov poriadku a vojny, ktor\u00fdch ved\u00fa Odin a Thor) a Vanov (bohov plodnosti a <span class=\"iwg-fachbegriff\" data-tooltip=\"Praktiky, ktor\u00e9 sa sna\u017eia ovplyvni\u0165 chod vec\u00ed prostredn\u00edctvom osobitn\u00fdch \u00fakonov alebo form\u00fal.\" tabindex=\"0\">magie<\/span>). Mytologicky je to zaznamenan\u00e9 ako predch\u00e1dzaj\u00faca vojna medzi t\u00fdmito dynastiami.<\/p><p>Kozmick\u00fd kone\u010dn\u00fd stav Ragnar\u00f6k popisuje cyklick\u00e9 zni\u010denie a znovuzrodenie svet\u0430. D\u00f4le\u017eit\u00fdmi postavami s\u00fa Odin (m\u00fadros\u0165, vojna, <span class=\"iwg-fachbegriff\" data-tooltip=\"Praktiky, ktor\u00e9 sa sna\u017eia ovplyvni\u0165 chod vec\u00ed prostredn\u00edctvom osobitn\u00fdch \u00fakonov alebo form\u00fal.\" tabindex=\"0\">magia<\/span>), Thor (hrom, poriadok), Freyja (l\u00e1ska, vojna, <span class=\"iwg-fachbegriff\" data-tooltip=\"Praktiky, ktor\u00e9 sa sna\u017eia ovplyvni\u0165 chod vec\u00ed prostredn\u00edctvom osobitn\u00fdch \u00fakonov alebo form\u00fal.\" tabindex=\"0\">magia<\/span>) a Loki (chaos, prekra\u010dovanie hran\u00edc).<\/p><p>P\u00edsomn\u00e9 zdroje poch\u00e1dzaj\u00fa od autorov kres\u0165anskej doby, a preto s\u00fa ideologicky sfarben\u00e9; p\u00f4vodn\u00e9 obrady sa nezachovali.<\/p>\t\t\t\t\t\t\t\t<\/div>\n\t\t\t\t<\/div>\n\t\t\t\t\t<\/div>\n\t\t\t\t<\/div>\n\t\t<div class=\"elementor-element elementor-element-x-germanisch-s101 e-con-boxed e-flex e-con e-parent\" data-id=\"x-germanisch-s101\" data-element_type=\"container\" data-e-type=\"container\">\n\t\t\t\t\t<div class=\"e-con-inner\">\n\t\t\t\t<div class=\"elementor-element elementor-element-x-germanisch-h101 elementor-widget elementor-widget-heading\" data-id=\"x-germanisch-h101\" data-element_type=\"widget\" data-e-type=\"widget\" data-widget_type=\"heading.default\">\n\t\t\t\t\t<h2 class=\"elementor-heading-title elementor-size-default\">Bytosti v ka\u017edodennom \u017eivote<\/h2>\t\t\t\t<\/div>\n\t\t<div class=\"elementor-element elementor-element-aj11-inner-0005 e-con-full e-flex e-con e-child\" data-id=\"aj11-inner-0005\" data-element_type=\"container\" data-e-type=\"container\">\n\t\t\t\t<div class=\"elementor-element elementor-element-x-germanisch-t101 elementor-widget elementor-widget-text-editor\" data-id=\"x-germanisch-t101\" data-element_type=\"widget\" data-e-type=\"widget\" data-widget_type=\"text-editor.default\">\n\t\t\t\t\t\t\t\t\t<p>Rekon\u0161truovate\u013en\u00e9 praktiky zah\u0155\u0148aj\u00fa obetn\u00e9 ritu\u00e1ly (bl\u00f3t), ve\u0161tenie z r\u00fan a ritu\u00e1lne \u00fakony pre \u00farodu a vojnu. Kultov\u00fdmi centrami boli sv\u00e4t\u00e9 h\u00e1je a prameni\u00e1, skaldi a k\u0148azi udr\u017eiavali mytologick\u00e9 poznanie, a ochrann\u00e9 ritu\u00e1ly a runov\u00e9 p\u00edsmo sl\u00fa\u017eili na duchovn\u00fa obranu.<\/p><p>Christianiz\u00e1cia od 8. do 12. storo\u010dia tieto praktiky vytla\u010dila, pretrvali v\u0161ak v \u013eudov\u00fdch trad\u00edci\u00e1ch (noc filipojakubsk\u00e1, m\u00e1jov\u00e9 sl\u00e1vnosti) a v region\u00e1lnej viere v duchov. Duchovn\u00e9 bytosti ako alfovia (elfovia) a d\u00edsy (ochrann\u00ed duchovia) zostali pr\u00edtomn\u00e9 v \u013eudovej trad\u00edcii a ve\u0161tic\u0435 (v\u00f6lvy) boli \u0161pecializovan\u00fdmi odborn\u00ed\u010dkami na kontakt s duchmi.<\/p>\t\t\t\t\t\t\t\t<\/div>\n\t\t\t\t<\/div>\n\t\t\t\t\t<\/div>\n\t\t\t\t<\/div>\n\t\t<div class=\"elementor-element elementor-element-x-germanisch-s102 e-con-boxed e-flex e-con e-parent\" data-id=\"x-germanisch-s102\" data-element_type=\"container\" data-e-type=\"container\">\n\t\t\t\t\t<div class=\"e-con-inner\">\n\t\t\t\t<div class=\"elementor-element elementor-element-x-germanisch-h102 elementor-widget elementor-widget-heading\" data-id=\"x-germanisch-h102\" data-element_type=\"widget\" data-e-type=\"widget\" data-widget_type=\"heading.default\">\n\t\t\t\t\t<h2 class=\"elementor-heading-title elementor-size-default\">S\u00fa\u010dasn\u00fd v\u00fdznam<\/h2>\t\t\t\t<\/div>\n\t\t<div class=\"elementor-element elementor-element-aj11-inner-0006 e-con-full e-flex e-con e-child\" data-id=\"aj11-inner-0006\" data-element_type=\"container\" data-e-type=\"container\">\n\t\t\t\t<div class=\"elementor-element elementor-element-x-germanisch-t102 elementor-widget elementor-widget-text-editor\" data-id=\"x-germanisch-t102\" data-element_type=\"widget\" data-e-type=\"widget\" data-widget_type=\"text-editor.default\">\n\t\t\t\t\t\t\t\t\t<p>Germ\u00e1nske n\u00e1bo\u017eenstvo u\u017e neexistuje ako \u017eiv\u00e1 trad\u00edcia. Jeho archeologick\u00e1 a liter\u00e1rna rekon\u0161trukcia je akademicky pr\u00edsna, zost\u00e1va v\u0161ak spekulat\u00edvna. Modern\u00e9 hnutie \u00c1satr\u00fa sa od 20. storo\u010dia pok\u00fa\u0161a o obnovu, je v\u0161ak ideologicky nejednotn\u00e9 a bolo zneu\u017eit\u00e9 pravicovo extr\u00e9mistick\u00fdmi skupinami.<\/p><p>Popkult\u00fara (Tolkien, Marvelov Thor, videohry) seversk\u00fa <span class=\"iwg-fachbegriff\" data-tooltip=\"S\u00fahrn tradovan\u00fdch pr\u00edbehov o bohoch nejakej kult\u00fary.\" tabindex=\"0\">mytol\u00f3giu<\/span> estetizovala a spr\u00edstupnila masovej kult\u00fare. M\u00fdty dnes sl\u00fa\u017eia ako metafory psychologick\u00fdch a existenci\u00e1lnych t\u00e9mat, nie ako \u017eiv\u00fd syst\u00e9m viery.<\/p>\t\t\t\t\t\t\t\t<\/div>\n\t\t\t\t<\/div>\n\t\t\t\t\t<\/div>\n\t\t\t\t<\/div>\n\t\t<div class=\"elementor-element elementor-element-k-germanisch-s2 e-con-boxed e-flex e-con e-parent\" data-id=\"k-germanisch-s2\" data-element_type=\"container\" data-e-type=\"container\">\n\t\t\t\t\t<div class=\"e-con-inner\">\n\t\t\t\t<div class=\"elementor-element elementor-element-k-germanisch-h2 elementor-widget elementor-widget-heading\" data-id=\"k-germanisch-h2\" data-element_type=\"widget\" data-e-type=\"widget\" data-widget_type=\"heading.default\">\n\t\t\t\t\t<h2 class=\"elementor-heading-title elementor-size-default\">Bohovia (12)<\/h2>\t\t\t\t<\/div>\n\t\t<div class=\"elementor-element elementor-element-aj11-inner-0007 e-con-full e-flex e-con e-child\" data-id=\"aj11-inner-0007\" data-element_type=\"container\" data-e-type=\"container\">\n\t\t\t\t<div class=\"elementor-element elementor-element-k-germanisch-t2 elementor-widget elementor-widget-text-editor\" data-id=\"k-germanisch-t2\" data-element_type=\"widget\" data-e-type=\"widget\" data-widget_type=\"text-editor.default\">\n\t\t\t\t\t\t\t\t\t<div class=\"iwg-wesen-grid\"><a class=\"iwg-wesen-card\" href=\"https:\/\/iwell-guard.com\/sk\/freyja\/\" aria-label=\"Freyja\"><div class=\"iwg-wesen-card-imgwrap\"><img decoding=\"async\" src=\"https:\/\/iwell-guard.com\/wp-content\/uploads\/2026\/04\/goetter_germanisch_freyja-200x300.webp\" alt=\"Freyja\" loading=\"lazy\"><\/div><div class=\"iwg-wesen-card-body\"><div class=\"iwg-wesen-card-name\">Freyja<\/div><div class=\"iwg-wesen-card-arrow\">\u2192 K bytosti<\/div><\/div><\/a><a class=\"iwg-wesen-card\" href=\"https:\/\/iwell-guard.com\/sk\/frigg\/\" aria-label=\"Frigg\"><div class=\"iwg-wesen-card-imgwrap\"><img decoding=\"async\" src=\"https:\/\/iwell-guard.com\/wp-content\/uploads\/2026\/04\/goetter_germanisch_frigg-200x300.webp\" alt=\"Frigg\" loading=\"lazy\"><\/div><div class=\"iwg-wesen-card-body\"><div class=\"iwg-wesen-card-name\">Frigg<\/div><div class=\"iwg-wesen-card-arrow\">\u2192 K bytosti<\/div><\/div><\/a><a class=\"iwg-wesen-card\" href=\"https:\/\/iwell-guard.com\/sk\/hel\/\" aria-label=\"Hel\"><div class=\"iwg-wesen-card-imgwrap\"><img decoding=\"async\" src=\"https:\/\/iwell-guard.com\/wp-content\/uploads\/2026\/04\/goetter_germanisch_hel-200x300.webp\" alt=\"Hel\" loading=\"lazy\"><\/div><div class=\"iwg-wesen-card-body\"><div class=\"iwg-wesen-card-name\">Hel<\/div><div class=\"iwg-wesen-card-arrow\">\u2192 K bytosti<\/div><\/div><\/a><a class=\"iwg-wesen-card\" href=\"https:\/\/iwell-guard.com\/sk\/loki\/\" aria-label=\"Loki\"><div class=\"iwg-wesen-card-imgwrap\"><img decoding=\"async\" src=\"https:\/\/iwell-guard.com\/wp-content\/uploads\/2026\/04\/goetter_germanisch_loki-200x300.webp\" alt=\"Loki\" loading=\"lazy\"><\/div><div class=\"iwg-wesen-card-body\"><div class=\"iwg-wesen-card-name\">Loki<\/div><div class=\"iwg-wesen-card-arrow\">\u2192 K bytosti<\/div><\/div><\/a><a class=\"iwg-wesen-card\" href=\"https:\/\/iwell-guard.com\/sk\/odin\/\" aria-label=\"Odin\"><div class=\"iwg-wesen-card-imgwrap\"><img decoding=\"async\" src=\"https:\/\/iwell-guard.com\/wp-content\/uploads\/2026\/04\/goetter_germanisch_odin-200x300.webp\" alt=\"Odin\" loading=\"lazy\"><\/div><div class=\"iwg-wesen-card-body\"><div class=\"iwg-wesen-card-name\">Odin<\/div><div class=\"iwg-wesen-card-arrow\">\u2192 K bytosti<\/div><\/div><\/a><a class=\"iwg-wesen-card\" href=\"https:\/\/iwell-guard.com\/sk\/thor\/\" aria-label=\"Thor\"><div class=\"iwg-wesen-card-imgwrap\"><img decoding=\"async\" src=\"https:\/\/iwell-guard.com\/wp-content\/uploads\/2026\/04\/goetter_germanisch_thor-200x300.webp\" alt=\"Thor\" loading=\"lazy\"><\/div><div class=\"iwg-wesen-card-body\"><div class=\"iwg-wesen-card-name\">Thor<\/div><div class=\"iwg-wesen-card-arrow\">\u2192 K bytosti<\/div><\/div><\/a><a class=\"iwg-wesen-card\" href=\"https:\/\/iwell-guard.com\/sk\/tyr\/\" aria-label=\"Tyr\"><div class=\"iwg-wesen-card-imgwrap\"><img decoding=\"async\" src=\"https:\/\/iwell-guard.com\/wp-content\/uploads\/2026\/05\/goetter_germanisch_tyr-1-200x300.webp\" alt=\"Tyr\" loading=\"lazy\"><\/div><div class=\"iwg-wesen-card-body\"><div class=\"iwg-wesen-card-name\">Tyr<\/div><div class=\"iwg-wesen-card-arrow\">\u2192 K bytosti<\/div><\/div><\/a><a class=\"iwg-wesen-card\" href=\"https:\/\/iwell-guard.com\/sk\/heimdall\/\" aria-label=\"Heimdall\"><div class=\"iwg-wesen-card-imgwrap\"><img decoding=\"async\" src=\"https:\/\/iwell-guard.com\/wp-content\/uploads\/2026\/05\/goetter_germanisch_heimdall-200x300.webp\" alt=\"Heimdall\" loading=\"lazy\"><\/div><div class=\"iwg-wesen-card-body\"><div class=\"iwg-wesen-card-name\">Heimdall<\/div><div class=\"iwg-wesen-card-arrow\">\u2192 K bytosti<\/div><\/div><\/a><a class=\"iwg-wesen-card\" href=\"https:\/\/iwell-guard.com\/sk\/baldur\/\" aria-label=\"Baldur\"><div class=\"iwg-wesen-card-imgwrap\"><img decoding=\"async\" src=\"https:\/\/iwell-guard.com\/wp-content\/uploads\/2026\/05\/goetter_germanisch_baldur-200x300.webp\" alt=\"Baldur\" loading=\"lazy\"><\/div><div class=\"iwg-wesen-card-body\"><div class=\"iwg-wesen-card-name\">Baldur<\/div><div class=\"iwg-wesen-card-arrow\">\u2192 K bytosti<\/div><\/div><\/a><a class=\"iwg-wesen-card\" href=\"https:\/\/iwell-guard.com\/sk\/idun\/\" aria-label=\"Idun\"><div class=\"iwg-wesen-card-imgwrap\"><img decoding=\"async\" src=\"https:\/\/iwell-guard.com\/wp-content\/uploads\/2026\/05\/goetter_germanisch_idun-200x300.webp\" alt=\"Idun\" loading=\"lazy\"><\/div><div class=\"iwg-wesen-card-body\"><div class=\"iwg-wesen-card-name\">Idun<\/div><div class=\"iwg-wesen-card-arrow\">\u2192 K bytosti<\/div><\/div><\/a><a class=\"iwg-wesen-card\" href=\"https:\/\/iwell-guard.com\/sk\/njord\/\" aria-label=\"Nj\u00f6rd\"><div class=\"iwg-wesen-card-imgwrap\"><img decoding=\"async\" src=\"https:\/\/iwell-guard.com\/wp-content\/uploads\/2026\/05\/goetter_germanisch_njord-200x300.webp\" alt=\"Nj\u00f6rd\" loading=\"lazy\"><\/div><div class=\"iwg-wesen-card-body\"><div class=\"iwg-wesen-card-name\">Nj\u00f6rd<\/div><div class=\"iwg-wesen-card-arrow\">\u2192 K bytosti<\/div><\/div><\/a><a class=\"iwg-wesen-card\" href=\"https:\/\/iwell-guard.com\/sk\/freyr\/\" aria-label=\"Freyr\"><div class=\"iwg-wesen-card-imgwrap\"><img decoding=\"async\" src=\"https:\/\/iwell-guard.com\/wp-content\/uploads\/2026\/05\/goetter_germanisch_freyr-200x300.webp\" alt=\"Freyr\" loading=\"lazy\"><\/div><div class=\"iwg-wesen-card-body\"><div class=\"iwg-wesen-card-name\">Freyr<\/div><div class=\"iwg-wesen-card-arrow\">\u2192 K bytosti<\/div><\/div><\/a><\/div>\t\t\t\t\t\t\t\t<\/div>\n\t\t\t\t<\/div>\n\t\t\t\t\t<\/div>\n\t\t\t\t<\/div>\n\t\t<div class=\"elementor-element elementor-element-k-germanisch-s3 e-con-boxed e-flex e-con e-parent\" data-id=\"k-germanisch-s3\" data-element_type=\"container\" data-e-type=\"container\">\n\t\t\t\t\t<div class=\"e-con-inner\">\n\t\t\t\t<div class=\"elementor-element elementor-element-k-germanisch-h3 elementor-widget elementor-widget-heading\" data-id=\"k-germanisch-h3\" data-element_type=\"widget\" data-e-type=\"widget\" data-widget_type=\"heading.default\">\n\t\t\t\t\t<h2 class=\"elementor-heading-title elementor-size-default\">Duchovia (6)<\/h2>\t\t\t\t<\/div>\n\t\t<div class=\"elementor-element elementor-element-aj11-inner-0008 e-con-full e-flex e-con e-child\" data-id=\"aj11-inner-0008\" data-element_type=\"container\" data-e-type=\"container\">\n\t\t\t\t<div class=\"elementor-element elementor-element-k-germanisch-t3 elementor-widget elementor-widget-text-editor\" data-id=\"k-germanisch-t3\" data-element_type=\"widget\" data-e-type=\"widget\" data-widget_type=\"text-editor.default\">\n\t\t\t\t\t\t\t\t\t<div class=\"iwg-wesen-grid\"><a class=\"iwg-wesen-card\" href=\"https:\/\/iwell-guard.com\/sk\/alp\/\" aria-label=\"Alp\"><div class=\"iwg-wesen-card-imgwrap\"><img decoding=\"async\" src=\"https:\/\/iwell-guard.com\/wp-content\/uploads\/2026\/04\/geister_germanisch_alp-200x300.webp\" alt=\"Alp\" loading=\"lazy\"><\/div><div class=\"iwg-wesen-card-body\"><div class=\"iwg-wesen-card-name\">Alp<\/div><div class=\"iwg-wesen-card-arrow\">\u2192 K bytosti<\/div><\/div><\/a><a class=\"iwg-wesen-card\" href=\"https:\/\/iwell-guard.com\/sk\/draugr\/\" aria-label=\"Draugr\"><div class=\"iwg-wesen-card-imgwrap\"><img decoding=\"async\" src=\"https:\/\/iwell-guard.com\/wp-content\/uploads\/2026\/04\/geister_germanisch_draugr-200x300.webp\" alt=\"Draugr\" loading=\"lazy\"><\/div><div class=\"iwg-wesen-card-body\"><div class=\"iwg-wesen-card-name\">Draugr<\/div><div class=\"iwg-wesen-card-arrow\">\u2192 K bytosti<\/div><\/div><\/a><a class=\"iwg-wesen-card\" href=\"https:\/\/iwell-guard.com\/sk\/mahr\/\" aria-label=\"Mahr\"><div class=\"iwg-wesen-card-imgwrap\"><img decoding=\"async\" src=\"https:\/\/iwell-guard.com\/wp-content\/uploads\/2026\/04\/geister_germanisch_mahr-200x300.webp\" alt=\"Mahr\" loading=\"lazy\"><\/div><div class=\"iwg-wesen-card-body\"><div class=\"iwg-wesen-card-name\">Mahr<\/div><div class=\"iwg-wesen-card-arrow\">\u2192 K bytosti<\/div><\/div><\/a><a class=\"iwg-wesen-card\" href=\"https:\/\/iwell-guard.com\/sk\/nix\/\" aria-label=\"Nix\"><div class=\"iwg-wesen-card-imgwrap\"><img decoding=\"async\" src=\"https:\/\/iwell-guard.com\/wp-content\/uploads\/2026\/04\/geister_germanisch_nix-200x300.webp\" alt=\"Nix\" loading=\"lazy\"><\/div><div class=\"iwg-wesen-card-body\"><div class=\"iwg-wesen-card-name\">Nix<\/div><div class=\"iwg-wesen-card-arrow\">\u2192 K bytosti<\/div><\/div><\/a><a class=\"iwg-wesen-card\" href=\"https:\/\/iwell-guard.com\/sk\/troll\/\" aria-label=\"Troll\"><div class=\"iwg-wesen-card-imgwrap\"><img decoding=\"async\" src=\"https:\/\/iwell-guard.com\/wp-content\/uploads\/2026\/04\/geister_germanisch_troll-200x300.webp\" alt=\"Troll\" loading=\"lazy\"><\/div><div class=\"iwg-wesen-card-body\"><div class=\"iwg-wesen-card-name\">Troll<\/div><div class=\"iwg-wesen-card-arrow\">\u2192 K bytosti<\/div><\/div><\/a><a class=\"iwg-wesen-card\" href=\"https:\/\/iwell-guard.com\/sk\/ragnarok-zanik-svetov-severska-mytologia\/\" aria-label=\"Ragnar\u00f6k \u2013 z\u00e1nik svetov v severskej mytol\u00f3gii\"><div class=\"iwg-wesen-card-imgwrap\"><img decoding=\"async\" src=\"https:\/\/iwell-guard.com\/wp-content\/uploads\/2026\/05\/phaenomene_germanisch_ragnaroek-200x300.webp\" alt=\"Ragnar\u00f6k \u2013 z\u00e1nik svetov v severskej mytol\u00f3gii\" loading=\"lazy\"><\/div><div class=\"iwg-wesen-card-body\"><div class=\"iwg-wesen-card-name\">Ragnar\u00f6k \u2013 z\u00e1nik svetov v severskej mytol\u00f3gii<\/div><div class=\"iwg-wesen-card-arrow\">\u2192 K bytosti<\/div><\/div><\/a><\/div>\t\t\t\t\t\t\t\t<\/div>\n\t\t\t\t<\/div>\n\t\t\t\t\t<\/div>\n\t\t\t\t<\/div>\n\t\t<div class=\"elementor-element elementor-element-x-germanisch-s-faq e-con-boxed e-flex e-con e-parent\" data-id=\"x-germanisch-s-faq\" data-element_type=\"container\" data-e-type=\"container\">\n\t\t\t\t\t<div class=\"e-con-inner\">\n\t\t\t\t<div class=\"elementor-element elementor-element-x-germanisch-h-faq elementor-widget elementor-widget-heading\" data-id=\"x-germanisch-h-faq\" data-element_type=\"widget\" data-e-type=\"widget\" data-widget_type=\"heading.default\">\n\t\t\t\t\t<h2 class=\"elementor-heading-title elementor-size-default\">\u010casto kladen\u00e9 ot\u00e1zky o seversk\u00fdch bohoch<\/h2>\t\t\t\t<\/div>\n\t\t<div class=\"elementor-element elementor-element-aj11-inner-0006 e-con-full e-flex e-con e-child\" data-id=\"aj11-inner-0006\" data-element_type=\"container\" data-e-type=\"container\">\n\t\t\t\t<div class=\"elementor-element elementor-element-x-germanisch-t-faq elementor-widget elementor-widget-text-editor\" data-id=\"x-germanisch-t-faq\" data-element_type=\"widget\" data-e-type=\"widget\" data-widget_type=\"text-editor.default\">\n\t\t\t\t\t\t\t\t\t<h3>Ko\u013eko seversk\u00fdch bohov existuje?<\/h3>\n<p>Seversk\u00e9 <span class=\"iwg-fachbegriff\" data-tooltip=\"S\u00fahrn bohov ur\u010dit\u00e9ho n\u00e1bo\u017eenstva alebo kult\u00fary.\" tabindex=\"0\">pantheon<\/span> zah\u0155\u0148a dva rody bohov: \u00c1sov (Aesir) s pribli\u017ene 13 hlavn\u00fdmi bohmi (Odin, Thor, Tyr, Heimdall, Baldur, Bragi, Forseti, Hodur, Vidar, Vali, Ull a \u010fal\u0161\u00ed) a Vanov (Vanir) s Nj\u00f6rdom, Freyrom a Freyjou ako centr\u00e1lnymi postavami.<\/p><p>K nim sa prid\u00e1vaj\u00fa \u00e1synje (Frigg, Idun, Sif, Skadi, Saga) a nespo\u010detn\u00e9 pr\u00edrodn\u00e9 bytosti, obri, trpasl\u00edci, elfi a valk\u00fdry. Edda spom\u00edna celkovo pribli\u017ene 50 a\u017e 60 menovite uveden\u00fdch bohov a boh\u00fd\u0148.<\/p>\n<h3>Kto je najvy\u0161\u0161\u00ed seversk\u00fd boh?<\/h3>\n<p>Odin (tie\u017e Wodan alebo Woden) je hlavn\u00fdm bohom \u00e1sovsk\u00e9ho pantheonu, boh m\u00fadrosti, po\u00e9zie, <span class=\"iwg-fachbegriff\" data-tooltip=\"Praktiky, ktor\u00e9 sa prostredn\u00edctvom osobitn\u00fdch \u00fakonov alebo formuliek sna\u017eia zasiahnu\u0165 do chodu vec\u00ed.\" tabindex=\"0\">m\u00e1gie<\/span>, vojny a mrtv\u00fdch. Za d\u00fa\u0161ok z Mimirovho prame\u0148a obetoval svoje oko a dev\u00e4\u0165 dn\u00ed visel na svetovom strome Yggdrasil, aby z\u00edskal runy.<\/p><p>Thor je jeho syn a v \u013eudovej viere, najm\u00e4 medzi ro\u013en\u00edkmi a moreplavcami, ob\u013e\u00fabenej\u0161\u00ed, av\u0161ak Odin si udr\u017eiava kozmick\u00e9 prvenstvo.<\/p>\n<h3>\u010c\u00edm sa l\u00ed\u0161ia \u00c1sovia a Vanovia?<\/h3>\n<p>\u00c1sovia a Vanovia s\u00fa dva rody bohov. \u00c1sovia (Odin, Thor, Tyr, Heimdall, Baldur) predstavuj\u00fa vojnu, pr\u00e1vo, kr\u00e1\u013eovstvo a osud; Vanovia (Nj\u00f6rd, Freyr, Freyja) plodnos\u0165, mier a bohatstvo.<\/p><p>Po vojne medzi \u00c1smi a Vanmi si oba rody vymenili rukojemn\u00edkov, Nj\u00f6rd, Freyr a Freyja pri\u0161li k \u00c1som. Z religionistick\u00e9ho h\u013eadiska sa toto rozdelenie pova\u017euje za pamiatku na splynutie dvoch predgerm\u00e1nskych n\u00e1bo\u017eensk\u00fdch vrstiev.<\/p>\n<h3>\u010co je Ragnar\u00f6k a kedy nastane?<\/h3>\n<p>Ragnar\u00f6k je s\u00famrak bohov, koniec s\u00fa\u010dasn\u00e9ho svetov\u00e9ho poriadku. Predzves\u0165ami s\u00fa tri zimy bez leta (Fimbulwinter), bratovra\u017eedn\u00e1 vojna a rozpad mravn\u00e9ho poriadku.<\/p><p>Po\u010das Ragnar\u00f6ku sa Loki vyslobod\u00ed z p\u00fat, vlk Fenrir pohlt\u00ed Odina, Thor zabije Midgardsk\u00e9ho hada a zomrie na jeho jed, Freyr padne v boji proti Surtovi a Heimdall zaduje na rohu Gjallarhorn. Po katastrofe sa vynor\u00ed nov\u00fd, o\u010disten\u00fd svet a vracia sa Baldur.<\/p>\n<h3>\u010co je Yggdrasil?<\/h3>\n<p>Yggdrasil je svetov\u00fd strom, ve\u010dne zelen\u00fd jase\u0148, ktor\u00fd nesie cel\u00fd vesm\u00edr. Tri korene siahaj\u00fa do \u00c1sgardu (k bohom), do J\u00f6tunheimu (k obrom) a do Niflheimu (do podsvetia Hel); pri nich sa nach\u00e1dzaj\u00fa tri pramene: Urd (osud), Mimir (m\u00fadros\u0165) a Hvergelmir (prapramen).<\/p><p>Kme\u0148 sp\u00e1ja dev\u00e4\u0165 svetov. Veveri\u010dka Ratat\u00f6skr pobehuje medzi orlom v korune a drakom Nidh\u00f6ggom pri kore\u0148och a pren\u00e1\u0161a medzi nimi ur\u00e1\u017eky.<\/p>\n<h3>Ktor\u00fd de\u0148 t\u00fd\u017ed\u0148a je <span class=\"iwg-fachbegriff\" data-tooltip=\"N\u00e1bo\u017eensk\u00fdm aktom zasv\u00e4ten\u00e9 a t\u00fdm vy\u0148at\u00e9 z be\u017en\u00e9ho, ka\u017edodenn\u00e9ho.\" tabindex=\"0\">zasv\u00e4ten\u00fd<\/span> ktor\u00e9mu seversk\u00e9mu bohovi?<\/h3>\n<p>Germ\u00e1nske n\u00e1zvy dn\u00ed v t\u00fd\u017edni odr\u00e1\u017eaj\u00fa <span class=\"iwg-fachbegriff\" data-tooltip=\"S\u00fahrn bohov ur\u010dit\u00e9ho n\u00e1bo\u017eenstva alebo kult\u00fary.\" tabindex=\"0\">pantheon<\/span>: Utorok (anglicky Tuesday) patr\u00ed Tyrovi (Tiwaz, Tiu), streda (Wednesday) Odinovi\/Wodanovi, \u010do je v angli\u010dtine priamo rozpoznate\u013en\u00e9 ako \u201eWoden&#8217;s day&#8220;.<\/p><p>\u0160tvrtok (Thursday) je Thorov de\u0148; nemeck\u00fd n\u00e1zov ukazuje na Donara, star\u0161iu formu Thora. Piatok (Friday) patr\u00ed Freyji alebo Frigg, \u010do je predmetom vedeckej diskusie. Tieto n\u00e1zvy dn\u00ed nahradili v germ\u00e1nskej oblasti r\u00edmsky planet\u00e1rny t\u00fd\u017ede\u0148.<\/p>\n<script type=\"application\/ld+json\">{\"@context\": \"https:\/\/schema.org\", \"@type\": \"FAQPage\", \"mainEntity\": [{\"@type\": \"Question\", \"name\": \"Ko\u013eko seversk\u00fdch bohov existuje?\", \"acceptedAnswer\": {\"@type\": \"Answer\", \"text\": \"Seversk\u00e9 pantheon zah\u0155\u0148a dva rody bohov: \u00c1sov (Aesir) s pribli\u017ene 13 hlavn\u00fdmi bohmi (Odin, Thor, Tyr, Heimdall, Baldur, Bragi, Forseti, Hodur, Vidar, Vali, Ull a \u010fal\u0161\u00ed) a Vanov (Vanir) s Nj\u00f6rdom, Freyrom a Freyjou ako centr\u00e1lnymi postavami. K nim sa prid\u00e1vaj\u00fa \u00e1synje (Frigg, Idun, Sif, Skadi, Saga) a nespo\u010detn\u00e9 pr\u00edrodn\u00e9 bytosti, obri, trpasl\u00edci, elfi a valk\u00fdry. Edda spom\u00edna celkovo pribli\u017ene 50 a\u017e 60 menovite uveden\u00fdch bohov a boh\u00fd\u0148.\"}}, {\"@type\": \"Question\", \"name\": \"Kto je najvy\u0161\u0161\u00ed seversk\u00fd boh?\", \"acceptedAnswer\": {\"@type\": \"Answer\", \"text\": \"Odin (tie\u017e Wodan alebo Woden) je hlavn\u00fdm bohom \u00e1sovsk\u00e9ho pantheonu, boh m\u00fadrosti, po\u00e9zie, m\u00e1gie, vojny a mrtv\u00fdch. Za d\u00fa\u0161ok z Mimirovho prame\u0148a obetoval svoje oko a dev\u00e4\u0165 dn\u00ed visel na svetovom strome Yggdrasil, aby z\u00edskal runy. Thor je jeho syn a v \u013eudovej viere, najm\u00e4 medzi ro\u013en\u00edkmi a moreplavcami, ob\u013e\u00fabenej\u0161\u00ed, av\u0161ak Odin si udr\u017eiava kozmick\u00e9 prvenstvo.\"}}, {\"@type\": \"Question\", \"name\": \"\u010c\u00edm sa l\u00ed\u0161ia \u00c1sovia a Vanovia?\", \"acceptedAnswer\": {\"@type\": \"Answer\", \"text\": \"\u00c1sovia a Vanovia s\u00fa dva rody bohov. \u00c1sovia (Odin, Thor, Tyr, Heimdall, Baldur) predstavuj\u00fa vojnu, pr\u00e1vo, kr\u00e1\u013eovstvo a osud; Vanovia (Nj\u00f6rd, Freyr, Freyja) plodnos\u0165, mier a bohatstvo. Po vojne medzi \u00c1smi a Vanmi si oba rody vymenili rukojemn\u00edkov, Nj\u00f6rd, Freyr a Freyja pri\u0161li k \u00c1som. Vedecky sa toto rozdelenie pova\u017euje za pamiatku na splynutie dvoch predgerm\u00e1nskych n\u00e1bo\u017eensk\u00fdch vrstiev.\"}}, {\"@type\": \"Question\", \"name\": \"\u010co je Ragnar\u00f6k a kedy nastane?\", \"acceptedAnswer\": {\"@type\": \"Answer\", \"text\": \"Ragnar\u00f6k je s\u00famrak bohov, koniec s\u00fa\u010dasn\u00e9ho svetov\u00e9ho poriadku. Predzves\u0165ami s\u00fa tri zimy bez leta (Fimbulwinter), bratovra\u017eedn\u00e1 vojna a rozpad mravn\u00e9ho poriadku. Po\u010das Ragnar\u00f6ku sa Loki vyslobod\u00ed z p\u00fat, vlk Fenrir pohlt\u00ed Odina, Thor zabije Midgardsk\u00e9ho hada a zomrie na jeho jed, Freyr padne v boji proti Surtovi a Heimdall zaduje na rohu Gjallarhorn. Po katastrofe sa vynor\u00ed nov\u00fd, o\u010disten\u00fd svet a vracia sa Baldur.\"}}, {\"@type\": \"Question\", \"name\": \"\u010co je Yggdrasil?\", \"acceptedAnswer\": {\"@type\": \"Answer\", \"text\": \"Yggdrasil je svetov\u00fd strom, ve\u010dne zelen\u00fd jase\u0148, ktor\u00fd nesie cel\u00fd vesm\u00edr. Tri korene siahaj\u00fa do \u00c1sgardu (k bohom), do J\u00f6tunheimu (k obrom) a do Niflheimu (do podsvetia Hel); pri nich sa nach\u00e1dzaj\u00fa tri pramene: Urd (osud), Mimir (m\u00fadros\u0165) a Hvergelmir (prapramen). Kme\u0148 sp\u00e1ja dev\u00e4\u0165 svetov. Veveri\u010dka Ratat\u00f6skr pobehuje medzi orlom v korune a drakom Nidh\u00f6ggom pri kore\u0148och a pren\u00e1\u0161a medzi nimi ur\u00e1\u017eky.\"}}, {\"@type\": \"Question\", \"name\": \"Ktor\u00fd de\u0148 t\u00fd\u017ed\u0148a je zasv\u00e4ten\u00fd ktor\u00e9mu seversk\u00e9mu bohovi?\", \"acceptedAnswer\": {\"@type\": \"Answer\", \"text\": \"Germ\u00e1nske n\u00e1zvy dn\u00ed v t\u00fd\u017edni odr\u00e1\u017eaj\u00fa pantheon: Utorok (anglicky Tuesday) patr\u00ed Tyrovi (Tiwaz, Tiu), streda (Wednesday) Odinovi\/Wodanovi, \u010do je v angli\u010dtine priamo rozpoznate\u013en\u00e9 ako \u201eWoden's day\\\". \u0160tvrtok (Thursday) je Thorov de\u0148; nemeck\u00fd n\u00e1zov ukazuje na Donara, star\u0161iu formu Thora. Piatok (Friday) patr\u00ed Freyji alebo Frigg, \u010do je predmetom vedeckej diskusie. Tieto n\u00e1zvy dn\u00ed nahradili v germ\u00e1nskej oblasti r\u00edmsky planet\u00e1rny t\u00fd\u017ede\u0148.\"}}]}<\/script>\t\t\t\t\t\t\t\t<\/div>\n\t\t\t\t<\/div>\n\t\t\t\t\t<\/div>\n\t\t\t\t<\/div>\n\t\t<div class=\"elementor-element elementor-element-9f85551 e-con-boxed e-flex e-con e-parent\" data-id=\"9f85551\" data-element_type=\"container\" data-e-type=\"container\">\n\t\t\t\t\t<div class=\"e-con-inner\">\n\t\t\t\t<div class=\"elementor-element elementor-element-72d1854 elementor-widget elementor-widget-heading\" data-id=\"72d1854\" data-element_type=\"widget\" data-e-type=\"widget\" data-widget_type=\"heading.default\">\n\t\t\t\t\t<h2 class=\"elementor-heading-title elementor-size-default\">Preh\u013ead<\/h2>\t\t\t\t<\/div>\n\t\t\t\t<div class=\"elementor-element elementor-element-1421b68 elementor-widget elementor-widget-heading\" data-id=\"1421b68\" data-element_type=\"widget\" data-e-type=\"widget\" data-widget_type=\"heading.default\">\n\t\t\t\t\t<h3 class=\"elementor-heading-title elementor-size-default\">Problematika pramenov<\/h3>\t\t\t\t<\/div>\n\t\t<div class=\"elementor-element elementor-element-aj11-inner-0009 e-con-full e-flex e-con e-child\" data-id=\"aj11-inner-0009\" data-element_type=\"container\" data-e-type=\"container\">\n\t\t\t\t<div class=\"elementor-element elementor-element-1faa1dd elementor-widget elementor-widget-text-editor\" data-id=\"1faa1dd\" data-element_type=\"widget\" data-e-type=\"widget\" data-widget_type=\"text-editor.default\">\n\t\t\t\t\t\t\t\t\t<p>Germ\u00e1nske n\u00e1bo\u017eenstvo je ove\u013ea hor\u0161ie zdokumentovan\u00e9 ne\u017e gr\u00e9cke \u010di mezopot\u00e1mske. Najd\u00f4le\u017eitej\u0161ie prameny, Snorriho Sturlusonova Prozaick\u00e1 Edda a anonymn\u00e1 Pies\u0148ov\u00e1 Edda, boli zap\u00edsan\u00e9 v 13. storo\u010d\u00ed na Islande, teda st\u00e1ro\u010dia po christianiz\u00e1cii.<\/p><p>K tomu sa prid\u00e1va Tacitova Germ\u00e1nia, islandsk\u00e9 sagy a archeologick\u00e9 n\u00e1lezy. Kontinent\u00e1lna germ\u00e1nska trad\u00edcia je takmer v\u00fdlu\u010dne zn\u00e1ma len z druhej ruky.<\/p>\t\t\t\t\t\t\t\t<\/div>\n\t\t\t\t<\/div>\n\t\t\t\t<div class=\"elementor-element elementor-element-4f78a30 elementor-widget elementor-widget-heading\" data-id=\"4f78a30\" data-element_type=\"widget\" data-e-type=\"widget\" data-widget_type=\"heading.default\">\n\t\t\t\t\t<h3 class=\"elementor-heading-title elementor-size-default\">\u00c1sovia, Vanovia a obri<\/h3>\t\t\t\t<\/div>\n\t\t<div class=\"elementor-element elementor-element-bw-90dac6c-19472f9 e-flex e-con-boxed e-con e-parent\" data-id=\"bw-90dac6c-19472f9\" data-element_type=\"container\" data-e-type=\"container\" data-settings=\"{&quot;background_background&quot;:&quot;classic&quot;}\">\n\t\t\t\t\t<div class=\"e-con-inner\">\n\t\t\t\t<div class=\"elementor-element elementor-element-90dac6c elementor-widget elementor-widget-text-editor\" data-id=\"90dac6c\" data-element_type=\"widget\" data-e-type=\"widget\" data-widget_type=\"text-editor.default\">\n\t\t\t\t\t\t\t\t\t<p>Germ\u00e1nsky <span class=\"iwg-fachbegriff\" data-tooltip=\"S\u00fahrn bohov ur\u010dit\u00e9ho n\u00e1bo\u017eenstva alebo kult\u00fary.\" tabindex=\"0\">pante\u00f3n<\/span> pozn\u00e1 dva rody bohov: \u00c1sov (Odin, Thor, Tyr, Frigg, Loki) a star\u0161\u00edch Vanov spojen\u00fdch s plodnos\u0165ou (Nj\u00f6rd, Freyr, Freyja).<\/p><p>Oba rody viedli vojnu, ktor\u00e1 sa skon\u010dila v\u00fdmenou rukojemn\u00edkov, mytologick\u00fd obraz historick\u00e9ho splynutia dvoch kultov\u00fdch vrstiev. Ved\u013ea nich stoja obri (J\u00f6tunn) ako kozmick\u00e9 prap\u00f4vodn\u00e9 sily.<\/p>\t\t\t\t\t\t\t\t<\/div>\n\t\t\t\t\t<\/div>\n\t\t\t\t<\/div>\n\t\t\t\t<div class=\"elementor-element elementor-element-7034308 elementor-widget elementor-widget-heading\" data-id=\"7034308\" data-element_type=\"widget\" data-e-type=\"widget\" data-widget_type=\"heading.default\">\n\t\t\t\t\t<h3 class=\"elementor-heading-title elementor-size-default\">Ragnar\u00f6k a cyklick\u00fd \u010das<\/h3>\t\t\t\t<\/div>\n\t\t<div class=\"elementor-element elementor-element-bw-4c66308-86a31f7 e-flex e-con-boxed e-con e-parent\" data-id=\"bw-4c66308-86a31f7\" data-element_type=\"container\" data-e-type=\"container\" data-settings=\"{&quot;background_background&quot;:&quot;classic&quot;}\">\n\t\t\t\t\t<div class=\"e-con-inner\">\n\t\t\t\t<div class=\"elementor-element elementor-element-4c66308 elementor-widget elementor-widget-text-editor\" data-id=\"4c66308\" data-element_type=\"widget\" data-e-type=\"widget\" data-widget_type=\"text-editor.default\">\n\t\t\t\t\t\t\t\t\t<p>Na rozdiel od v\u00e4\u010d\u0161iny antick\u00fdch mytol\u00f3gi\u00ed pozn\u00e1 germ\u00e1nska trad\u00edcia jasn\u00fd koncov\u00fd bod: Ragnar\u00f6k, osud bohov. V\u00f6lusp\u00e1 podrobne popisuje z\u00e1vere\u010dn\u00fd boj, Thor zomiera v boji proti Midgardsk\u00e9mu hadovi, Odin v tlame vlka Fenrira.<\/p><p>Potom v\u0161ak z mora vyst\u00fapi nov\u00e1 zem a niektor\u00ed bohovia sa vr\u00e1tia.<\/p>\t\t\t\t\t\t\t\t<\/div>\n\t\t\t\t\t<\/div>\n\t\t\t\t<\/div>\n\t\t\t\t<div class=\"elementor-element elementor-element-5a0ae0b elementor-widget elementor-widget-heading\" data-id=\"5a0ae0b\" data-element_type=\"widget\" data-e-type=\"widget\" data-widget_type=\"heading.default\">\n\t\t\t\t\t<h3 class=\"elementor-heading-title elementor-size-default\">Magick\u00e1 prax a runy<\/h3>\t\t\t\t<\/div>\n\t\t<div class=\"elementor-element elementor-element-bw-874aa76-27ff3bf e-flex e-con-boxed e-con e-parent\" data-id=\"bw-874aa76-27ff3bf\" data-element_type=\"container\" data-e-type=\"container\" data-settings=\"{&quot;background_background&quot;:&quot;classic&quot;}\">\n\t\t\t\t\t<div class=\"e-con-inner\">\n\t\t\t\t<div class=\"elementor-element elementor-element-874aa76 elementor-widget elementor-widget-text-editor\" data-id=\"874aa76\" data-element_type=\"widget\" data-e-type=\"widget\" data-widget_type=\"text-editor.default\">\n\t\t\t\t\t\t\t\t\t<p>Runy, star\u0161ie <span class=\"iwg-fachbegriff\" data-tooltip=\"Poradie znakov germ\u00e1nskej runovej abecedy, nazvan\u00e9 pod\u013ea jej prv\u00fdch znakov.\" tabindex=\"0\">futhark<\/span>, mlad\u0161ie i anglosask\u00e9, boli viac ne\u017e len p\u00edsmov\u00fdm syst\u00e9mom. N\u00e1pisy na zbraniach, amuletoch a n\u00e1hrobn\u00fdch kame\u0148och sved\u010dia o ich ritu\u00e1lnom pou\u017e\u00edvan\u00ed, a Odinova sebaobeta na svetovom strome Yggdrasil je pova\u017eovan\u00e1 za mytologick\u00e9 zd\u00f4vodnenie runovej magie.<\/p><p>Prameny okrem toho poznaj\u00fa galdr (spievan\u00e9 zakl\u00ednanie) a sei\u00f0r, \u0161amansk\u00fa tranzov\u00fa prax.<\/p><h3>Stav v\u00fdskumu<\/h3><p>Germ\u00e1nske n\u00e1bo\u017eenstvo je metodicky n\u00e1ro\u010dn\u00e9 b\u00e1da\u0165, preto\u017ee ve\u013ek\u00e1 \u010das\u0165 prame\u0148ov, Snorra Edda a Gylfaginning, bola zredigovan\u00e1 a\u017e v 13. storo\u010d\u00ed na u\u017e christianizovanom Islande.<\/p><p>Z\u00e1kladn\u00fdmi dielami s\u00fa Hilda Ellis Davidsonov\u00e1 (<em>Gods and Myths of Northern Europe<\/em>, 1964), Rudolf Simek (<em>Lexikon der germanischen <span class=\"iwg-fachbegriff\" data-tooltip=\"S\u00fahrn tradovan\u00fdch rozpr\u00e1van\u00ed o bohoch ur\u010ditej kult\u00fary.\" tabindex=\"0\">Mythologie<\/span><\/em>, 1995) a Anders Hultg\u00e5rd s viacer\u00fdmi pr\u00edspevkami k dejin\u00e1m indoeur\u00f3pskeho n\u00e1bo\u017eenstva.<\/p>\t\t\t\t\t\t\t\t<\/div>\n\t\t\t\t\t<\/div>\n\t\t\t\t<\/div>\n\t\t\t\t\t<\/div>\n\t\t\t\t<\/div>\n\t\t<div class=\"elementor-element elementor-element-iwgcc-germanis-sec e-flex e-con-boxed e-con e-parent\" data-id=\"iwgcc-germanis-sec\" data-element_type=\"container\" data-e-type=\"container\" id=\"iwg-cc-germanisch\">\n\t\t\t\t\t<div class=\"e-con-inner\">\n\t\t<div class=\"elementor-element elementor-element-iwgcc-germanis-inner e-flex e-con-boxed e-con e-parent\" data-id=\"iwgcc-germanis-inner\" data-element_type=\"container\" data-e-type=\"container\" data-settings=\"{&quot;background_background&quot;:&quot;classic&quot;}\">\n\t\t\t\t\t<div class=\"e-con-inner\">\n\t\t\t\t<div class=\"elementor-element elementor-element-iwgcc-germanis-h elementor-widget elementor-widget-heading\" data-id=\"iwgcc-germanis-h\" data-element_type=\"widget\" data-e-type=\"widget\" data-widget_type=\"heading.default\">\n\t\t\t\t\t<h2 class=\"elementor-heading-title elementor-size-default\">Ochrann\u00e9 predmety v tejto kult\u00farnej trad\u00edcii<\/h2>\t\t\t\t<\/div>\n\t\t\t\t<div class=\"elementor-element elementor-element-iwgcc-germanis-t elementor-widget elementor-widget-text-editor\" data-id=\"iwgcc-germanis-t\" data-element_type=\"widget\" data-e-type=\"widget\" data-widget_type=\"text-editor.default\">\n\t\t\t\t\t\t\t\t\t<div data-nosnippet=\"true\"><p>V germ\u00e1nsko-severskej trad\u00edcii boli najbe\u017enej\u0161\u00edmi prenosn\u00fdmi ochrann\u00fdmi znakmi pr\u00edvesky s Thorov\u00fdm kladivom (Mj\u00f6lnir) a runov\u00e9 kamene.<\/p><div data-nosnippet=\"true\"><p>iWell Guard sa za\u010dle\u0148uje do tejto kult\u00farno-historickej l\u00ednie prenosn\u00fdch ochrann\u00fdch predmetov, v s\u00fa\u010dasnej materi\u00e1lovej architekt\u00fare, vyroben\u00fd v Nemecku. 41 vrstiev, prav\u00e9 zlato, platina, striebro. 30-d\u0148ov\u00e1 lehota na vr\u00e1tenie.<\/p><\/div><\/div>\t\t\t\t\t\t\t\t<\/div>\n\t\t\t\t<div class=\"elementor-element elementor-element-iwgcc-germanis-b iwg-cc-button iwg-cc-cta-2026-05-13 elementor-widget elementor-widget-jet-button\" data-id=\"iwgcc-germanis-b\" data-element_type=\"widget\" data-e-type=\"widget\" data-widget_type=\"jet-button.default\">\n\t\t\t\t<div class=\"elementor-widget-container\">\n\t\t\t\t\t<div class=\"elementor-jet-button jet-elements\"><div class=\"jet-button__container\"><a class=\"jet-button__instance jet-button__instance--icon-left hover-effect-1\" href=\"\/ueber-iwell-guard\/?utm_source=iwell-guard.com&amp;utm_medium=info-box&amp;utm_campaign=kultur-tradition\"><div class=\"jet-button__plane jet-button__plane-normal\"><\/div><div class=\"jet-button__plane jet-button__plane-hover\"><\/div><div class=\"jet-button__state jet-button__state-normal\"><span class=\"jet-button__label\">Viac o iWell Guard<\/span><\/div><div class=\"jet-button__state jet-button__state-hover\"><span class=\"jet-button__label\">Viac o iWell Guard<\/span><\/div><\/a><\/div><\/div><style>.elementor-element.elementor-element-iwgcc-germanis-b .jet-button__instance{width:320px;height:56px;}.elementor-element.elementor-element-iwgcc-germanis-b .jet-button__state-normal .jet-button__label{text-align:center;margin:0px 0px 0px 0px;color:#1a1b20;font-family:Montserrat,sans-serif;font-size:13px;font-weight:400;letter-spacing:4px;line-height:1.714em;text-transform:uppercase;}.elementor-element.elementor-element-iwgcc-germanis-b .jet-button__state-hover .jet-button__label{text-align:center;margin:0px 0px 0px 0px;color:#FECC76;font-family:Montserrat,sans-serif;font-size:13px;font-weight:400;letter-spacing:4px;line-height:1.714em;text-transform:uppercase;}.elementor-element.elementor-element-iwgcc-germanis-b .jet-button__plane-normal{background-color:#FECC76;border-style:solid;border-color:#C99540;border-width:2px 2px 2px 2px;}.elementor-element.elementor-element-iwgcc-germanis-b .jet-button__plane-hover{background-color:rgba(0,0,0,0.55);border-style:solid;border-color:#FECC76;border-width:2px 2px 2px 2px;}<\/style>\t\t\t\t<\/div>\n\t\t\t\t<\/div>\n\t\t\t\t<div class=\"elementor-element elementor-element-iwgcc-germanis-d elementor-widget elementor-widget-text-editor\" data-id=\"iwgcc-germanis-d\" data-element_type=\"widget\" data-e-type=\"widget\" data-widget_type=\"text-editor.default\">\n\t\t\t\t\t\t\t\t\t<div data-nosnippet=\"true\"><p style=\"text-align:center;font-size:13px;opacity:0.7;margin-top:14px\" data-nosnippet=\"true\">Osobn\u00e9 sk\u00fasenosti sa m\u00f4\u017eu l\u00ed\u0161i\u0165. Nie je to zdravotn\u00edcka pom\u00f4cka. \u017diadny pr\u00eds\u013eub lie\u010denia.<\/p><\/div>\t\t\t\t\t\t\t\t<\/div>\n\t\t\t\t\t<\/div>\n\t\t\t\t<\/div>\n\t\t\t\t\t<\/div>\n\t\t\t\t<\/div>\n\t\t<div class=\"elementor-element elementor-element-iwgssrev-germanisch e-flex e-con-boxed e-con e-parent\" data-id=\"iwgssrev-germanisch\" data-element_type=\"container\" data-e-type=\"container\">\n\t\t\t\t\t<div class=\"e-con-inner\">\n\t\t\t\t<div class=\"elementor-element elementor-element-iwgssrev-germanisch-h elementor-widget elementor-widget-heading\" data-id=\"iwgssrev-germanisch-h\" data-element_type=\"widget\" data-e-type=\"widget\" data-widget_type=\"heading.default\">\n\t\t\t\t\t<h2 class=\"elementor-heading-title elementor-size-default\">Ochrann\u00e9 symboly germ\u00e1nskeho svet\u0430<\/h2>\t\t\t\t<\/div>\n\t\t\t\t<div class=\"elementor-element elementor-element-iwgssrev-germanisch-t elementor-widget elementor-widget-text-editor\" data-id=\"iwgssrev-germanisch-t\" data-element_type=\"widget\" data-e-type=\"widget\" data-widget_type=\"text-editor.default\">\n\t\t\t\t\t\t\t\t\t<p>Lexik\u00f3n ochrann\u00fdch symbolov sprac\u00fava viacero znakov a predmetov z germ\u00e1nskeho sveta na vlastn\u00fdch str\u00e1nkach: <a href=\"https:\/\/iwell-guard.com\/sk\/?page_id=158163\">bratte\u00e1t<\/a>, <a href=\"https:\/\/iwell-guard.com\/sk\/?page_id=158162\">ochrann\u00e9 runy<\/a>, <a href=\"https:\/\/iwell-guard.com\/sk\/?page_id=158116\">Thorovo kladivo<\/a>, <a href=\"https:\/\/iwell-guard.com\/sk\/?page_id=158164\">troll\u00ed kr\u00ed\u017e<\/a>, <a href=\"https:\/\/iwell-guard.com\/sk\/?page_id=158130\">valknut<\/a>, <a href=\"https:\/\/iwell-guard.com\/sk\/?page_id=158131\">vegv\u00edsir<\/a> a <a href=\"https:\/\/iwell-guard.com\/sk\/?page_id=158161\">\u00c6gishj\u00e1lmur<\/a>. Preh\u013ead naprie\u010d kult\u00farami pon\u00faka str\u00e1nka o <a href=\"https:\/\/iwell-guard.com\/sk\/?page_id=157896\">ochrann\u00fdch symboloch<\/a>.<\/p>\t\t\t\t\t\t\t\t<\/div>\n\t\t\t\t\t<\/div>\n\t\t\t\t<\/div>\n\t\t\t\t<\/div>\n\t\t","protected":false},"excerpt":{"rendered":"","protected":false},"author":3,"featured_media":1723,"parent":0,"menu_order":0,"comment_status":"closed","ping_status":"closed","template":"elementor_header_footer","meta":{"_yoast_wpseo_focuskw":"seversk\u00ed bohovia","_yoast_wpseo_title":"Seversk\u00ed bohovia \u2013 \u00c1sovia, Vanovia, Edda | iWell Guard","_yoast_wpseo_metadesc":"Seversk\u00ed bohovia a germ\u00e1nska mytol\u00f3gia: Odin, Thor, Freyja, Loki, Hel. Trad\u00edcia Eddy, Yggdrasil, Ragnar\u00f6k. Pante\u00f3n \u00c1sov a Vanov.","_yoast_wpseo_meta-robots-noindex":"","_yoast_wpseo_canonical":"","_angie_page":false,"gefaehrdungsstufe":"","wesen_kultur":"","wesen_klasse":"","footnotes":""},"categories":[],"class_list":["post-157606","page","type-page","status-publish","has-post-thumbnail","hentry"],"yoast_head":"<!-- This site is optimized with the Yoast SEO Premium plugin v27.7 (Yoast SEO v28.3) - https:\/\/yoast.com\/product\/yoast-seo-premium-wordpress\/ -->\n<title>Seversk\u00ed bohovia \u2013 \u00c1sovia, Vanovia, Edda | iWell Guard<\/title>\n<meta name=\"description\" content=\"Seversk\u00ed bohovia a germ\u00e1nska mytol\u00f3gia: Odin, Thor, Freyja, Loki, Hel. Trad\u00edcia Eddy, Yggdrasil, Ragnar\u00f6k. Pante\u00f3n \u00c1sov a Vanov.\" \/>\n<meta name=\"robots\" content=\"index, follow, max-snippet:-1, max-image-preview:large, max-video-preview:-1\" \/>\n<link rel=\"canonical\" href=\"https:\/\/iwell-guard.com\/sk\/germanske\/\" \/>\n<meta property=\"og:locale\" content=\"sk_SK\" \/>\n<meta property=\"og:type\" content=\"article\" \/>\n<meta property=\"og:title\" content=\"Germ\u00e1nska trad\u00edcia\" \/>\n<meta property=\"og:description\" content=\"Seversk\u00ed bohovia a germ\u00e1nska mytol\u00f3gia: Odin, Thor, Freyja, Loki, Hel. Trad\u00edcia Eddy, Yggdrasil, Ragnar\u00f6k. Pante\u00f3n \u00c1sov a Vanov.\" \/>\n<meta property=\"og:url\" content=\"https:\/\/iwell-guard.com\/sk\/germanske\/\" \/>\n<meta property=\"og:site_name\" content=\"iWell Guard\" \/>\n<meta property=\"article:modified_time\" content=\"2026-09-04T22:37:32+00:00\" \/>\n<meta property=\"og:image\" content=\"https:\/\/iwell-guard.com\/wp-content\/uploads\/2026\/04\/goetter_germanisch_odin.webp\" \/>\n\t<meta property=\"og:image:width\" content=\"1024\" \/>\n\t<meta property=\"og:image:height\" content=\"1536\" \/>\n\t<meta property=\"og:image:type\" content=\"image\/webp\" \/>\n<meta name=\"twitter:card\" content=\"summary_large_image\" \/>\n<script type=\"application\/ld+json\" class=\"yoast-schema-graph\">{\"@context\":\"https:\\\/\\\/schema.org\",\"@graph\":[{\"@type\":\"WebPage\",\"@id\":\"https:\\\/\\\/iwell-guard.com\\\/sk\\\/germanske\\\/\",\"url\":\"https:\\\/\\\/iwell-guard.com\\\/sk\\\/germanske\\\/\",\"name\":\"Seversk\u00ed bohovia \u2013 \u00c1sovia, Vanovia, Edda | iWell Guard\",\"isPartOf\":{\"@id\":\"https:\\\/\\\/iwell-guard.com\\\/sk\\\/#website\"},\"primaryImageOfPage\":{\"@id\":\"https:\\\/\\\/iwell-guard.com\\\/sk\\\/germanske\\\/#primaryimage\"},\"image\":{\"@id\":\"https:\\\/\\\/iwell-guard.com\\\/sk\\\/germanske\\\/#primaryimage\"},\"thumbnailUrl\":\"https:\\\/\\\/iwell-guard.com\\\/wp-content\\\/uploads\\\/2026\\\/04\\\/goetter_germanisch_odin.webp\",\"datePublished\":\"2026-09-04T22:15:09+00:00\",\"dateModified\":\"2026-09-04T22:37:32+00:00\",\"description\":\"Seversk\u00ed bohovia a germ\u00e1nska mytol\u00f3gia: Odin, Thor, Freyja, Loki, Hel. Trad\u00edcia Eddy, Yggdrasil, Ragnar\u00f6k. Pante\u00f3n \u00c1sov a Vanov.\",\"breadcrumb\":{\"@id\":\"https:\\\/\\\/iwell-guard.com\\\/sk\\\/germanske\\\/#breadcrumb\"},\"inLanguage\":\"sk-SK\",\"potentialAction\":[{\"@type\":\"ReadAction\",\"target\":[\"https:\\\/\\\/iwell-guard.com\\\/sk\\\/germanske\\\/\"]}]},{\"@type\":\"ImageObject\",\"inLanguage\":\"sk-SK\",\"@id\":\"https:\\\/\\\/iwell-guard.com\\\/sk\\\/germanske\\\/#primaryimage\",\"url\":\"https:\\\/\\\/iwell-guard.com\\\/wp-content\\\/uploads\\\/2026\\\/04\\\/goetter_germanisch_odin.webp\",\"contentUrl\":\"https:\\\/\\\/iwell-guard.com\\\/wp-content\\\/uploads\\\/2026\\\/04\\\/goetter_germanisch_odin.webp\",\"width\":1024,\"height\":1536,\"caption\":\"Bohovia z germ\u00e1nskej trad\u00edcie.\"},{\"@type\":\"BreadcrumbList\",\"@id\":\"https:\\\/\\\/iwell-guard.com\\\/sk\\\/germanske\\\/#breadcrumb\",\"itemListElement\":[{\"@type\":\"ListItem\",\"position\":1,\"name\":\"Start\",\"item\":\"https:\\\/\\\/iwell-guard.com\\\/sk\\\/?page_id=157572\"},{\"@type\":\"ListItem\",\"position\":2,\"name\":\"Germ\u00e1nska trad\u00edcia\"}]},{\"@type\":\"WebSite\",\"@id\":\"https:\\\/\\\/iwell-guard.com\\\/sk\\\/#website\",\"url\":\"https:\\\/\\\/iwell-guard.com\\\/sk\\\/\",\"name\":\"iWell Guard\",\"description\":\"Schutz vor dunklen Einfl\u00fcssen\",\"publisher\":{\"@id\":\"https:\\\/\\\/iwell-guard.com\\\/sk\\\/#organization\"},\"potentialAction\":[{\"@type\":\"SearchAction\",\"target\":{\"@type\":\"EntryPoint\",\"urlTemplate\":\"https:\\\/\\\/iwell-guard.com\\\/sk\\\/?s={search_term_string}\"},\"query-input\":{\"@type\":\"PropertyValueSpecification\",\"valueRequired\":true,\"valueName\":\"search_term_string\"}}],\"inLanguage\":\"sk-SK\"},{\"@type\":\"Organization\",\"@id\":\"https:\\\/\\\/iwell-guard.com\\\/sk\\\/#organization\",\"name\":\"Ittermann electronic GmbH\",\"url\":\"https:\\\/\\\/iwell-guard.com\\\/sk\\\/\",\"logo\":{\"@type\":\"ImageObject\",\"inLanguage\":\"sk-SK\",\"@id\":\"https:\\\/\\\/iwell-guard.com\\\/sk\\\/#\\\/schema\\\/logo\\\/image\\\/\",\"url\":\"https:\\\/\\\/iwell-guard.com\\\/wp-content\\\/uploads\\\/2026\\\/05\\\/Ittermann-Logo-1182x237-1.png\",\"contentUrl\":\"https:\\\/\\\/iwell-guard.com\\\/wp-content\\\/uploads\\\/2026\\\/05\\\/Ittermann-Logo-1182x237-1.png\",\"width\":1182,\"height\":237,\"caption\":\"Ittermann electronic GmbH\"},\"image\":{\"@id\":\"https:\\\/\\\/iwell-guard.com\\\/sk\\\/#\\\/schema\\\/logo\\\/image\\\/\"},\"sameAs\":[\"https:\\\/\\\/pantip.com\\\/profile\\\/9367242\",\"https:\\\/\\\/micro.blog\\\/iwellguard\",\"https:\\\/\\\/www.diggerslist.com\\\/iwellguard\\\/about\",\"https:\\\/\\\/skitterphoto.com\\\/photographers\\\/2870314\\\/iwell-guard\",\"https:\\\/\\\/iwellguard.wordpress.com\\\/2026\\\/06\\\/06\\\/iwell-guard\\\/\",\"https:\\\/\\\/hub.docker.com\\\/u\\\/iwellguard\",\"https:\\\/\\\/www.pinterest.com\\\/iwellguard\\\/\",\"https:\\\/\\\/bit.ly\\\/m\\\/iwellguard\",\"https:\\\/\\\/entre-vos-mains.alsace.eu\\\/profiles\\\/iwellguard\\\/activity\",\"https:\\\/\\\/gravatar.com\\\/reallybeded8fd34\",\"https:\\\/\\\/naijamatta.com\\\/iwellguard\",\"https:\\\/\\\/www.goodreads.com\\\/iwellguard\",\"https:\\\/\\\/profile.hatena.ne.jp\\\/iwellguard\\\/\",\"https:\\\/\\\/experiment.com\\\/users\\\/iwellguard\",\"https:\\\/\\\/wakelet.com\\\/@iWellGuard82270\",\"https:\\\/\\\/www.chordie.com\\\/forum\\\/profile.php?id=2555664\",\"https:\\\/\\\/www.instapaper.com\\\/p\\\/17757966\",\"https:\\\/\\\/www.mapleprimes.com\\\/users\\\/iwellguard\",\"https:\\\/\\\/businesslistingplus.com\\\/profile\\\/iwell-guard\\\/\",\"https:\\\/\\\/telegra.ph\\\/iWell-Guard-06-06\",\"https:\\\/\\\/pbase.com\\\/iwellguard\\\/iwellguard\",\"https:\\\/\\\/b.hatena.ne.jp\\\/iwellguard\\\/20260607#bookmark-4788405196491818882\",\"https:\\\/\\\/fliphtml5.com\\\/home\\\/iwellguard\",\"https:\\\/\\\/anyflip.com\\\/homepage\\\/cmiwl#About\",\"https:\\\/\\\/transfur.com\\\/Users\\\/iwellguard\",\"http:\\\/\\\/delphi.larsbo.org\\\/user\\\/iwellguard\",\"https:\\\/\\\/jobs.lajobsportal.org\\\/profiles\\\/8380803-iwell-guard\",\"https:\\\/\\\/md.chaosdorf.de\\\/s\\\/jfbe5SBdJD\",\"https:\\\/\\\/www.lingvolive.com\\\/en-us\\\/profile\\\/9ecaeaca-ce11-4e51-9e71-01d55e2bff36\\\/translations\",\"https:\\\/\\\/www.fitday.com\\\/fitness\\\/forums\\\/members\\\/iwellguard.html\",\"https:\\\/\\\/www.mymeetbook.com\\\/iwellguard\",\"https:\\\/\\\/pxhere.com\\\/en\\\/photographer-me\\\/5040798\",\"https:\\\/\\\/disqus.com\\\/by\\\/iwellguard\\\/about\\\/\",\"https:\\\/\\\/pastelink.net\\\/hjwciqwq\",\"https:\\\/\\\/pubhtml5.com\\\/homepage\\\/scjhn\\\/\",\"https:\\\/\\\/www.bitchute.com\\\/channel\\\/2O2eOKzNqujT\",\"https:\\\/\\\/audiomack.com\\\/iwellguard\"]}]}<\/script>\n<!-- \/ Yoast SEO Premium plugin. -->","yoast_head_json":{"title":"Seversk\u00ed bohovia \u2013 \u00c1sovia, Vanovia, Edda | iWell Guard","description":"Seversk\u00ed bohovia a germ\u00e1nska mytol\u00f3gia: Odin, Thor, Freyja, Loki, Hel. Trad\u00edcia Eddy, Yggdrasil, Ragnar\u00f6k. Pante\u00f3n \u00c1sov a Vanov.","robots":{"index":"index","follow":"follow","max-snippet":"max-snippet:-1","max-image-preview":"max-image-preview:large","max-video-preview":"max-video-preview:-1"},"canonical":"https:\/\/iwell-guard.com\/sk\/germanske\/","og_locale":"sk_SK","og_type":"article","og_title":"Germ\u00e1nska trad\u00edcia","og_description":"Seversk\u00ed bohovia a germ\u00e1nska mytol\u00f3gia: Odin, Thor, Freyja, Loki, Hel. Trad\u00edcia Eddy, Yggdrasil, Ragnar\u00f6k. Pante\u00f3n \u00c1sov a Vanov.","og_url":"https:\/\/iwell-guard.com\/sk\/germanske\/","og_site_name":"iWell Guard","article_modified_time":"2026-09-04T22:37:32+00:00","og_image":[{"width":1024,"height":1536,"url":"https:\/\/iwell-guard.com\/wp-content\/uploads\/2026\/04\/goetter_germanisch_odin.webp","type":"image\/webp"}],"twitter_card":"summary_large_image","schema":{"@context":"https:\/\/schema.org","@graph":[{"@type":"WebPage","@id":"https:\/\/iwell-guard.com\/sk\/germanske\/","url":"https:\/\/iwell-guard.com\/sk\/germanske\/","name":"Seversk\u00ed bohovia \u2013 \u00c1sovia, Vanovia, Edda | iWell Guard","isPartOf":{"@id":"https:\/\/iwell-guard.com\/sk\/#website"},"primaryImageOfPage":{"@id":"https:\/\/iwell-guard.com\/sk\/germanske\/#primaryimage"},"image":{"@id":"https:\/\/iwell-guard.com\/sk\/germanske\/#primaryimage"},"thumbnailUrl":"https:\/\/iwell-guard.com\/wp-content\/uploads\/2026\/04\/goetter_germanisch_odin.webp","datePublished":"2026-09-04T22:15:09+00:00","dateModified":"2026-09-04T22:37:32+00:00","description":"Seversk\u00ed bohovia a germ\u00e1nska mytol\u00f3gia: Odin, Thor, Freyja, Loki, Hel. Trad\u00edcia Eddy, Yggdrasil, Ragnar\u00f6k. Pante\u00f3n \u00c1sov a Vanov.","breadcrumb":{"@id":"https:\/\/iwell-guard.com\/sk\/germanske\/#breadcrumb"},"inLanguage":"sk-SK","potentialAction":[{"@type":"ReadAction","target":["https:\/\/iwell-guard.com\/sk\/germanske\/"]}]},{"@type":"ImageObject","inLanguage":"sk-SK","@id":"https:\/\/iwell-guard.com\/sk\/germanske\/#primaryimage","url":"https:\/\/iwell-guard.com\/wp-content\/uploads\/2026\/04\/goetter_germanisch_odin.webp","contentUrl":"https:\/\/iwell-guard.com\/wp-content\/uploads\/2026\/04\/goetter_germanisch_odin.webp","width":1024,"height":1536,"caption":"Bohovia z germ\u00e1nskej trad\u00edcie."},{"@type":"BreadcrumbList","@id":"https:\/\/iwell-guard.com\/sk\/germanske\/#breadcrumb","itemListElement":[{"@type":"ListItem","position":1,"name":"Start","item":"https:\/\/iwell-guard.com\/sk\/?page_id=157572"},{"@type":"ListItem","position":2,"name":"Germ\u00e1nska trad\u00edcia"}]},{"@type":"WebSite","@id":"https:\/\/iwell-guard.com\/sk\/#website","url":"https:\/\/iwell-guard.com\/sk\/","name":"iWell Guard","description":"Schutz vor dunklen Einfl\u00fcssen","publisher":{"@id":"https:\/\/iwell-guard.com\/sk\/#organization"},"potentialAction":[{"@type":"SearchAction","target":{"@type":"EntryPoint","urlTemplate":"https:\/\/iwell-guard.com\/sk\/?s={search_term_string}"},"query-input":{"@type":"PropertyValueSpecification","valueRequired":true,"valueName":"search_term_string"}}],"inLanguage":"sk-SK"},{"@type":"Organization","@id":"https:\/\/iwell-guard.com\/sk\/#organization","name":"Ittermann electronic GmbH","url":"https:\/\/iwell-guard.com\/sk\/","logo":{"@type":"ImageObject","inLanguage":"sk-SK","@id":"https:\/\/iwell-guard.com\/sk\/#\/schema\/logo\/image\/","url":"https:\/\/iwell-guard.com\/wp-content\/uploads\/2026\/05\/Ittermann-Logo-1182x237-1.png","contentUrl":"https:\/\/iwell-guard.com\/wp-content\/uploads\/2026\/05\/Ittermann-Logo-1182x237-1.png","width":1182,"height":237,"caption":"Ittermann electronic GmbH"},"image":{"@id":"https:\/\/iwell-guard.com\/sk\/#\/schema\/logo\/image\/"},"sameAs":["https:\/\/pantip.com\/profile\/9367242","https:\/\/micro.blog\/iwellguard","https:\/\/www.diggerslist.com\/iwellguard\/about","https:\/\/skitterphoto.com\/photographers\/2870314\/iwell-guard","https:\/\/iwellguard.wordpress.com\/2026\/06\/06\/iwell-guard\/","https:\/\/hub.docker.com\/u\/iwellguard","https:\/\/www.pinterest.com\/iwellguard\/","https:\/\/bit.ly\/m\/iwellguard","https:\/\/entre-vos-mains.alsace.eu\/profiles\/iwellguard\/activity","https:\/\/gravatar.com\/reallybeded8fd34","https:\/\/naijamatta.com\/iwellguard","https:\/\/www.goodreads.com\/iwellguard","https:\/\/profile.hatena.ne.jp\/iwellguard\/","https:\/\/experiment.com\/users\/iwellguard","https:\/\/wakelet.com\/@iWellGuard82270","https:\/\/www.chordie.com\/forum\/profile.php?id=2555664","https:\/\/www.instapaper.com\/p\/17757966","https:\/\/www.mapleprimes.com\/users\/iwellguard","https:\/\/businesslistingplus.com\/profile\/iwell-guard\/","https:\/\/telegra.ph\/iWell-Guard-06-06","https:\/\/pbase.com\/iwellguard\/iwellguard","https:\/\/b.hatena.ne.jp\/iwellguard\/20260607#bookmark-4788405196491818882","https:\/\/fliphtml5.com\/home\/iwellguard","https:\/\/anyflip.com\/homepage\/cmiwl#About","https:\/\/transfur.com\/Users\/iwellguard","http:\/\/delphi.larsbo.org\/user\/iwellguard","https:\/\/jobs.lajobsportal.org\/profiles\/8380803-iwell-guard","https:\/\/md.chaosdorf.de\/s\/jfbe5SBdJD","https:\/\/www.lingvolive.com\/en-us\/profile\/9ecaeaca-ce11-4e51-9e71-01d55e2bff36\/translations","https:\/\/www.fitday.com\/fitness\/forums\/members\/iwellguard.html","https:\/\/www.mymeetbook.com\/iwellguard","https:\/\/pxhere.com\/en\/photographer-me\/5040798","https:\/\/disqus.com\/by\/iwellguard\/about\/","https:\/\/pastelink.net\/hjwciqwq","https:\/\/pubhtml5.com\/homepage\/scjhn\/","https:\/\/www.bitchute.com\/channel\/2O2eOKzNqujT","https:\/\/audiomack.com\/iwellguard"]}]}},"_links":{"self":[{"href":"https:\/\/iwell-guard.com\/sk\/wp-json\/wp\/v2\/pages\/157606","targetHints":{"allow":["GET"]}}],"collection":[{"href":"https:\/\/iwell-guard.com\/sk\/wp-json\/wp\/v2\/pages"}],"about":[{"href":"https:\/\/iwell-guard.com\/sk\/wp-json\/wp\/v2\/types\/page"}],"author":[{"embeddable":true,"href":"https:\/\/iwell-guard.com\/sk\/wp-json\/wp\/v2\/users\/3"}],"replies":[{"embeddable":true,"href":"https:\/\/iwell-guard.com\/sk\/wp-json\/wp\/v2\/comments?post=157606"}],"version-history":[{"count":0,"href":"https:\/\/iwell-guard.com\/sk\/wp-json\/wp\/v2\/pages\/157606\/revisions"}],"wp:featuredmedia":[{"embeddable":true,"href":"https:\/\/iwell-guard.com\/sk\/wp-json\/wp\/v2\/media\/1723"}],"wp:attachment":[{"href":"https:\/\/iwell-guard.com\/sk\/wp-json\/wp\/v2\/media?parent=157606"}],"wp:term":[{"taxonomy":"category","embeddable":true,"href":"https:\/\/iwell-guard.com\/sk\/wp-json\/wp\/v2\/categories?post=157606"}],"curies":[{"name":"wp","href":"https:\/\/api.w.org\/{rel}","templated":true}]}}