{"id":157591,"date":"2026-09-04T22:14:59","date_gmt":"2026-09-04T22:14:59","guid":{"rendered":"https:\/\/iwell-guard.com\/?page_id=157591"},"modified":"2026-09-04T22:37:08","modified_gmt":"2026-09-04T22:37:08","slug":"keres","status":"publish","type":"page","link":"https:\/\/iwell-guard.com\/sk\/keres\/","title":{"rendered":"Keres"},"content":{"rendered":"\t\t<div data-elementor-type=\"wp-page\" data-elementor-id=\"157591\" class=\"elementor elementor-157591 elementor-841\" data-elementor-post-type=\"page\">\n\t\t\t\t<div class=\"elementor-element elementor-element-10fdade e-flex e-con-boxed e-con e-parent\" data-id=\"10fdade\" data-element_type=\"container\" data-e-type=\"container\" data-settings=\"{&quot;background_background&quot;:&quot;classic&quot;}\">\n\t\t\t\t\t<div class=\"e-con-inner\">\n\t\t<div class=\"elementor-element elementor-element-herohlft0 e-flex e-con-boxed e-con e-child\" data-id=\"herohlft0\" data-element_type=\"container\" data-e-type=\"container\">\n\t\t\t\t\t<div class=\"e-con-inner\">\n\t\t<div class=\"elementor-element elementor-element-c3ceb64 e-con-full e-flex e-con e-child\" data-id=\"c3ceb64\" data-element_type=\"container\" data-e-type=\"container\">\n\t\t\t\t<div class=\"elementor-element elementor-element-96ae5e1 elementor-widget elementor-widget-heading\" data-id=\"96ae5e1\" data-element_type=\"widget\" data-e-type=\"widget\" data-widget_type=\"heading.default\">\n\t\t\t\t\t<h1 class=\"elementor-heading-title elementor-size-default\">Keres, duch gr\u00e9ckej trad\u00edcie<\/h1>\t\t\t\t<\/div>\n\t\t\t\t<div class=\"elementor-element elementor-element-e45238a elementor-widget elementor-widget-text-editor\" data-id=\"e45238a\" data-element_type=\"widget\" data-e-type=\"widget\" data-widget_type=\"text-editor.default\">\n\t\t\t\t\t\t\t\t\t<p>Keres je <span class=\"iwg-fachbegriff\" data-tooltip=\"Beztelesn\u00e1 bytos\u0165, ktorej sa pripisuje p\u00f4sobenie vo svete.\" tabindex=\"0\">duch<\/span> gr\u00e9ckej trad\u00edcie.<\/p><p><strong>D\u00e9moni bojiska, poslovia smrti gr\u00e9ckej <span class=\"iwg-fachbegriff\" data-tooltip=\"S\u00fabor tradovan\u00fdch rozpr\u00e1van\u00ed o bohoch v danej kult\u00fare.\" tabindex=\"0\">mytol\u00f3gie<\/span>.<\/strong><\/p>\n<h2 id=\"dif-keres\">Keres na H\u00e9siodovom bojisku<\/h2>\n<p>Keres s\u00fa <strong>d\u00e9moni bojiska<\/strong> gr\u00e9ckej <span class=\"iwg-fachbegriff\" data-tooltip=\"S\u00fabor tradovan\u00fdch rozpr\u00e1van\u00ed o bohoch v danej kult\u00fare.\" tabindex=\"0\">mytol\u00f3gie<\/span>, ktor\u00e9 pod\u013ea H\u00e9sioda (Herakleov \u0161t\u00edt 248-257; Theog\u00f3nia 211) poch\u00e1dzaj\u00fa spolu s Thanatom a Hypnom z rodiny Nyx. S\u00fa <strong>\u010dierne, s dlh\u00fdmi paz\u00farmi a tes\u00e1kmi, odet\u00ed v krvou nasiaknut\u00fdch \u0161at\u00e1ch<\/strong>, vzn\u00e1\u0161aj\u00fa sa nad bojiskami a vytrh\u00e1vaj\u00fa du\u0161e umieraj\u00facich vojakov.<\/p><p>Na rozdiel od Er\u00edny\u00ed neprenasleduj\u00fa mor\u00e1lne-pr\u00e1vne previnenia, ale zosob\u0148uj\u00fa <strong>statistick\u00fa n\u00e1silnos\u0165 vojny<\/strong>. V <em>Herakleovom \u0161t\u00edte<\/em> z\u00e1pasia o mrtvoly ako mrcho\u017er\u00fati.<\/p><p>V <strong>rozpr\u00e1van\u00ed o Pandore<\/strong> unikaj\u00fa Keres z Pandorou otvorenej skrinky ako duchovia choroby a ne\u0161\u0165astia ved\u013ea \u00fatrap, starost\u00ed a chor\u00f4b. Pausanias hovor\u00ed o chr\u00e1mov\u00fdch vyobrazeniach, ktor\u00e9 zobrazuj\u00fa Keres ako vychudnut\u00e9, hladuj\u00face no\u010dn\u00e9 postavy. Pr\u00edbuzn\u00e9 postavy: Moiry (priadky osudu), Eris (sv\u00e1r), Achlys (mr\u00e1kota smrti).<\/p>\n\t\t\t\t\t\t\t\t<\/div>\n\t\t\t\t<\/div>\n\t\t<div class=\"elementor-element elementor-element-klsbdg01 e-con-full e-flex e-con e-parent\" data-id=\"klsbdg01\" data-element_type=\"container\" data-e-type=\"container\">\n\t\t\t\t<div class=\"elementor-element elementor-element-klshtm01 elementor-widget elementor-widget-html\" data-id=\"klshtm01\" data-element_type=\"widget\" data-e-type=\"widget\" data-widget_type=\"html.default\">\n\t\t\t\t\t<div class=\"iwg-pill-row\"><span class=\"iwg-klasse-badge\" tabindex=\"0\" data-tooltip=\"Duch: Beztelesn\u00e1 alebo poltelesn\u00e1 bytos\u0165, zosnul\u00ed, pr\u00edrodn\u00e9 bytosti, dom\u00e1ci duchovia alebo str\u00e1\u017ecovia prahu. P\u00f4sob\u00ed v be\u017enom \u017eivote, \u010dasto viazan\u00fd na miesta alebo rodiny.\">Duch<\/span><a href=\"https:\/\/iwell-guard.com\/sk\/?page_id=157586\" class=\"iwg-kultur-badge\" tabindex=\"0\" data-tooltip=\"N\u00e1bo\u017eenstvo a mytol\u00f3gia antick\u00e9ho Gr\u00e9cka od myk\u00e9nskej doby po neskor\u00fa antiku.\">Gr\u00e9cko<\/a><a href=\"https:\/\/iwell-guard.com\/sk\/?page_id=157691\" class=\"iwg-tradition-badge\" tabindex=\"0\" data-tooltip=\"Zosnul\u00ed, ktor\u00fdch duchovia p\u00f4sobia \u010falej v tomto svete, dom\u00e1ci duchovia, predkovia, nepokojn\u00ed mrtvi.\">Duch zosnul\u00e9ho<\/a><\/div>\t\t\t\t<\/div>\n\t\t\t\t<\/div>\n\t\t<div class=\"elementor-element elementor-element-3f74855 e-con-full e-flex e-con e-child\" data-id=\"3f74855\" data-element_type=\"container\" data-e-type=\"container\">\n\t\t\t\t<div class=\"elementor-element elementor-element-1c30362 elementor-toc--minimized-on-tablet elementor-widget elementor-widget-table-of-contents\" data-id=\"1c30362\" data-element_type=\"widget\" data-e-type=\"widget\" data-settings=\"{&quot;exclude_headings_by_selector&quot;:[],&quot;no_headings_message&quot;:&quot;Na tejto str\\u00e1nke sa nena\\u0161li \\u017eiadne nadpisy.&quot;,&quot;headings_by_tags&quot;:[&quot;h2&quot;,&quot;h3&quot;],&quot;marker_view&quot;:&quot;bullets&quot;,&quot;icon&quot;:{&quot;value&quot;:&quot;fas fa-circle&quot;,&quot;library&quot;:&quot;fa-solid&quot;,&quot;rendered_tag&quot;:&quot;&lt;svg class=\\&quot;e-font-icon-svg e-fas-circle\\&quot; viewBox=\\&quot;0 0 512 512\\&quot; xmlns=\\&quot;http:\\\/\\\/www.w3.org\\\/2000\\\/svg\\&quot;&gt;&lt;path d=\\&quot;M256 8C119 8 8 119 8 256s111 248 248 248 248-111 248-248S393 8 256 8z\\&quot;&gt;&lt;\\\/path&gt;&lt;\\\/svg&gt;&quot;},&quot;minimize_box&quot;:&quot;yes&quot;,&quot;minimized_on&quot;:&quot;tablet&quot;,&quot;hierarchical_view&quot;:&quot;yes&quot;,&quot;min_height&quot;:{&quot;unit&quot;:&quot;px&quot;,&quot;size&quot;:&quot;&quot;,&quot;sizes&quot;:[]},&quot;min_height_tablet&quot;:{&quot;unit&quot;:&quot;px&quot;,&quot;size&quot;:&quot;&quot;,&quot;sizes&quot;:[]},&quot;min_height_mobile&quot;:{&quot;unit&quot;:&quot;px&quot;,&quot;size&quot;:&quot;&quot;,&quot;sizes&quot;:[]}}\" data-widget_type=\"table-of-contents.default\">\n\t\t\t\t\t\t\t\t\t<div class=\"elementor-toc__header\">\n\t\t\t\t\t\t<h2 class=\"elementor-toc__header-title\">\n\t\t\t\tObsah\t\t\t<\/h2>\n\t\t\t\t\t\t\t\t\t\t<div class=\"elementor-toc__toggle-button elementor-toc__toggle-button--expand\" role=\"button\" tabindex=\"0\" aria-controls=\"elementor-toc__1c30362\" aria-expanded=\"true\" aria-label=\"Open table of contents\"><svg aria-hidden=\"true\" class=\"e-font-icon-svg e-fas-chevron-down\" viewBox=\"0 0 448 512\" xmlns=\"http:\/\/www.w3.org\/2000\/svg\"><path d=\"M207.029 381.476L12.686 187.132c-9.373-9.373-9.373-24.569 0-33.941l22.667-22.667c9.357-9.357 24.522-9.375 33.901-.04L224 284.505l154.745-154.021c9.379-9.335 24.544-9.317 33.901.04l22.667 22.667c9.373 9.373 9.373 24.569 0 33.941L240.971 381.476c-9.373 9.372-24.569 9.372-33.942 0z\"><\/path><\/svg><\/div>\n\t\t\t\t<div class=\"elementor-toc__toggle-button elementor-toc__toggle-button--collapse\" role=\"button\" tabindex=\"0\" aria-controls=\"elementor-toc__1c30362\" aria-expanded=\"true\" aria-label=\"Close table of contents\"><svg aria-hidden=\"true\" class=\"e-font-icon-svg e-fas-chevron-up\" viewBox=\"0 0 448 512\" xmlns=\"http:\/\/www.w3.org\/2000\/svg\"><path d=\"M240.971 130.524l194.343 194.343c9.373 9.373 9.373 24.569 0 33.941l-22.667 22.667c-9.357 9.357-24.522 9.375-33.901.04L224 227.495 69.255 381.516c-9.379 9.335-24.544 9.317-33.901-.04l-22.667-22.667c-9.373-9.373-9.373-24.569 0-33.941L207.03 130.525c9.372-9.373 24.568-9.373 33.941-.001z\"><\/path><\/svg><\/div>\n\t\t\t\t\t<\/div>\n\t\t\t\t<div id=\"elementor-toc__1c30362\" class=\"elementor-toc__body\">\n\t\t\t<div class=\"elementor-toc__spinner-container\">\n\t\t\t\t<svg class=\"elementor-toc__spinner eicon-animation-spin e-font-icon-svg e-eicon-loading\" aria-hidden=\"true\" viewBox=\"0 0 1000 1000\" xmlns=\"http:\/\/www.w3.org\/2000\/svg\"><path d=\"M500 975V858C696 858 858 696 858 500S696 142 500 142 142 304 142 500H25C25 237 238 25 500 25S975 237 975 500 763 975 500 975Z\"><\/path><\/svg>\t\t\t<\/div>\n\t\t<\/div>\n\t\t\t\t\t\t<\/div>\n\t\t\t\t<\/div>\n\t\t\t\t\t<\/div>\n\t\t\t\t<\/div>\n\t\t<div class=\"elementor-element elementor-element-herorght0 e-con-full e-flex e-con e-child\" data-id=\"herorght0\" data-element_type=\"container\" data-e-type=\"container\">\n\t\t\t\t<div class=\"elementor-element elementor-element-heroimg00 iwg-hero-image elementor-widget elementor-widget-image\" data-id=\"heroimg00\" data-element_type=\"widget\" data-e-type=\"widget\" data-widget_type=\"image.default\">\n\t\t\t\t\t\t\t\t\t\t\t\t\t\t\t<img fetchpriority=\"high\" decoding=\"async\" width=\"683\" height=\"1024\" src=\"https:\/\/iwell-guard.com\/wp-content\/uploads\/2026\/04\/geister_griechenland_keres-683x1024.webp\" class=\"attachment-large size-large wp-image-160011\" alt=\"K\u00e9ry \u2013 duchovia z gr\u00e9ckej trad\u00edcie, historicko-ilustra\u010dn\u00e9 zobrazenie\" srcset=\"https:\/\/iwell-guard.com\/wp-content\/uploads\/2026\/04\/geister_griechenland_keres-683x1024.webp 683w, https:\/\/iwell-guard.com\/wp-content\/uploads\/2026\/04\/geister_griechenland_keres-200x300.webp 200w, https:\/\/iwell-guard.com\/wp-content\/uploads\/2026\/04\/geister_griechenland_keres-768x1152.webp 768w, https:\/\/iwell-guard.com\/wp-content\/uploads\/2026\/04\/geister_griechenland_keres.webp 1024w\" sizes=\"(max-width: 683px) 100vw, 683px\" \/>\t\t\t\t\t\t\t\t\t\t\t\t\t\t\t<\/div>\n\t\t\t\t<\/div>\n\t\t\t\t\t<\/div>\n\t\t\t\t<\/div>\n\t\t<div class=\"elementor-element elementor-element-32917199 e-flex e-con-boxed e-con e-parent\" data-id=\"32917199\" data-element_type=\"container\" data-e-type=\"container\">\n\t\t\t\t\t<div class=\"e-con-inner\">\n\t\t<div class=\"elementor-element elementor-element-26e916cb e-flex e-con-boxed e-con e-child\" data-id=\"26e916cb\" data-element_type=\"container\" data-e-type=\"container\">\n\t\t\t\t\t<div class=\"e-con-inner\">\n\t\t<div class=\"elementor-element elementor-element-253a40d4 e-flex e-con-boxed e-con e-child\" data-id=\"253a40d4\" data-element_type=\"container\" data-e-type=\"container\">\n\t\t\t\t\t<div class=\"e-con-inner\">\n\t\t\t\t<div class=\"elementor-element elementor-element-1200c304 elementor-widget elementor-widget-heading\" data-id=\"1200c304\" data-element_type=\"widget\" data-e-type=\"widget\" data-widget_type=\"heading.default\">\n\t\t\t\t\t<div class=\"elementor-heading-title elementor-size-default\">Keres<\/div>\t\t\t\t<\/div>\n\t\t\t\t<div class=\"elementor-element elementor-element-11758e7f elementor-widget elementor-widget-text-editor\" data-id=\"11758e7f\" data-element_type=\"widget\" data-e-type=\"widget\" data-widget_type=\"text-editor.default\">\n\t\t\t\t\t\t\t\t\t<p>Keres s\u00fa d\u00e9monice smrti gr\u00e9ckej trad\u00edcie. Zvy\u010dajne sa objavuj\u00fa v h\u00fafoch, vzn\u00e1\u0161aj\u00fa sa nad bojiskami a odn\u00e1\u0161aj\u00fa du\u0161e umieraj\u00facich. U\u017e Hom\u00e9r ich popisuje v Iliade, H\u00e9siodos usta\u013euje ich <span class=\"iwg-fachbegriff\" data-tooltip=\"N\u00e1uka o obsahu obrazov a ich v\u00fdzname.\" tabindex=\"0\">ikonografiu<\/span>. Na rozdiel od jednotlivo menovan\u00fdch post\u00e1v s\u00fa Keres v\u00e4\u010d\u0161inou anonymn\u00e9, ide o triedu, nie o jedin\u00fa bytos\u0165.<\/p><p>Typick\u00e9 je ich zjavenie sa tam, kde smr\u0165 prich\u00e1dza n\u00e1hle a n\u00e1silne: vo vojne, po\u010das morov, pri tragick\u00fdch ne\u0161\u0165astiach. Zosob\u0148uj\u00fa n\u00e1siln\u00fa smr\u0165 samu, a ich po\u010det a podoba sa menia pod\u013ea toho. V neskoroantickej recepcii sa pribli\u017euj\u00fa k Er\u00edny\u00e1m; niektor\u00ed autori tieto pojmy pou\u017e\u00edvaj\u00fa zamenite\u013ene.<\/p><div><p><strong>Keres v hom\u00e9rskej <span class=\"iwg-fachbegriff\" data-tooltip=\"Predstava o stavbe a poriadku svetu v r\u00e1mci danej kult\u00fary.\" tabindex=\"0\">kozmol\u00f3gii<\/span><\/strong><\/p><p>V Hom\u00e9rovej <em>Iliade<\/em> 18.535 s\u00fa Keres pop\u00edsan\u00e9 ako d\u00e9monick\u00e9 bytosti, ktor\u00e9 sa vzn\u00e1\u0161aj\u00fa nad bojiskami a odoberaj\u00fa \u017eivot smrte\u013en\u00edkom. Nie s\u00fa to bo\u017estv\u00e1 s vlastn\u00fdm <span class=\"iwg-fachbegriff\" data-tooltip=\"S\u00fabor n\u00e1bo\u017eensk\u00fdch \u00factov\u00fdch \u00fakonov vo\u010di bo\u017estvu alebo sv\u00e4tej postave.\" tabindex=\"0\">kultom<\/span>, ale n\u00e1strojov\u00e9 sily, personifikovan\u00e9 tendencie k smrti a z\u00e1hube. Hom\u00e9r ich naz\u00fdva len v mno\u017enom \u010d\u00edsle, nikdy v jednotnom: p\u00f4sobia ako roj, ich pr\u00edtomnos\u0165 znamen\u00e1 bezprostredn\u00e9 ohrozenie smr\u0165ou.<\/p><p>H\u00e9siodove <em>Pr\u00e1ce a dni<\/em> a <em>Theog\u00f3nia<\/em> ich zara\u010fuj\u00fa ako dc\u00e9ry Noci, pr\u00edbuzn\u00e9 s Ker (funkcia smrti v jednotnom \u010d\u00edsle). V tomto ranom epose s\u00fa e\u0161te bez pevnej podoby, viac abstrakcia ne\u017e zjavenie. Ich funkcia je kozmicky nevyhnutn\u00e1: zosob\u0148uj\u00fa hranicu medzi \u017eivotom a smr\u0165ou.<\/p><\/div>\t\t\t\t\t\t\t\t<\/div>\n\t\t\t\t\t<\/div>\n\t\t\t\t<\/div>\n\t\t<div class=\"elementor-element elementor-element-159dcf9a e-flex e-con-boxed e-con e-child\" data-id=\"159dcf9a\" data-element_type=\"container\" data-e-type=\"container\">\n\t\t\t\t\t<div class=\"e-con-inner\">\n\t\t\t\t<div class=\"elementor-element elementor-element-48cee66f elementor-widget elementor-widget-heading\" data-id=\"48cee66f\" data-element_type=\"widget\" data-e-type=\"widget\" data-widget_type=\"heading.default\">\n\t\t\t\t\t<h2 class=\"elementor-heading-title elementor-size-default\">Kr\u00e1tky profil: Keres<\/h2>\t\t\t\t<\/div>\n\t\t\t\t<div class=\"elementor-element elementor-element-3f50d82c elementor-widget elementor-widget-text-editor\" data-id=\"3f50d82c\" data-element_type=\"widget\" data-e-type=\"widget\" data-widget_type=\"text-editor.default\">\n\t\t\t\t\t\t\t\t\t<p><strong>Typ:<\/strong> d\u00e9monice smrti, zberate\u013eky du\u0161\u00ed<br>P\u00f4vod: Nyx (Noc), H\u00e9siodos; alebo z praveku stvorenia<br>Texty: Hom\u00e9r, H\u00e9siodos, v\u00e1zov\u00e1 ma\u013eba<br>\u010casov\u00fd \u00fasek: archaick\u00e1 doba a\u017e <span class=\"iwg-fachbegriff\" data-tooltip=\"Prechodn\u00e1 epocha medzi antikou a stredovekom, pribli\u017ene 3. a\u017e 7. storo\u010die.\" tabindex=\"0\">neskor\u00e1 antika<\/span><br>Roz\u0161\u00edrenie: gr\u00e9cky kult\u00farny priestor<br>Ochrana: pohrebn\u00e9 ritu\u00e1ly; \u017eiadna \u0161pecifick\u00e1 obrann\u00e1 magia, preto\u017ee Keres sa zjavuj\u00fa tam, kde smr\u0165 u\u017e nastala<\/p>\t\t\t\t\t\t\t\t<\/div>\n\t\t\t\t\t<\/div>\n\t\t\t\t<\/div>\n\t\t\t\t\t<\/div>\n\t\t\t\t<\/div>\n\t\t\t\t\t<\/div>\n\t\t\t\t<\/div>\n\t\t<div class=\"elementor-element elementor-element-18613602 e-flex e-con-boxed e-con e-parent\" data-id=\"18613602\" data-element_type=\"container\" data-e-type=\"container\">\n\t\t\t\t\t<div class=\"e-con-inner\">\n\t\t\t\t<div class=\"elementor-element elementor-element-262b8a9f elementor-widget elementor-widget-heading\" data-id=\"262b8a9f\" data-element_type=\"widget\" data-e-type=\"widget\" data-widget_type=\"heading.default\">\n\t\t\t\t\t<h2 class=\"elementor-heading-title elementor-size-default\">Kontext<\/h2>\t\t\t\t<\/div>\n\t\t<div class=\"elementor-element elementor-element-46dcb7d e-con-full e-flex e-con e-child\" data-id=\"46dcb7d\" data-element_type=\"container\" data-e-type=\"container\">\n\t\t<div class=\"elementor-element elementor-element-61d3ab3 e-flex e-con-boxed e-con e-child\" data-id=\"61d3ab3\" data-element_type=\"container\" data-e-type=\"container\">\n\t\t\t\t\t<div class=\"e-con-inner\">\n\t\t\t\t<div class=\"elementor-element elementor-element-117c166 elementor-widget elementor-widget-heading\" data-id=\"117c166\" data-element_type=\"widget\" data-e-type=\"widget\" data-widget_type=\"heading.default\">\n\t\t\t\t\t<div class=\"elementor-heading-title elementor-size-default\">Zeitraum der Texte<\/div>\t\t\t\t<\/div>\n\t\t\t\t<div class=\"elementor-element elementor-element-73997a0 elementor-widget elementor-widget-text-editor\" data-id=\"73997a0\" data-element_type=\"widget\" data-e-type=\"widget\" data-widget_type=\"text-editor.default\">\n\t\t\t\t\t\t\t\t\t<p>Prv\u00e1 zmienka u Hom\u00e9ra (Ilias). H\u00e9siodos (Theog\u00f3nia, Herakleov \u0161t\u00edt) rozv\u00edja ich <span class=\"iwg-fachbegriff\" data-tooltip=\"N\u00e1uka o obsahu obrazov a ich v\u00fdzname.\" tabindex=\"0\">ikonografiu<\/span>. Tragici ich pou\u017e\u00edvaj\u00fa ako obrazn\u00e9 metafory smrti. V neskorej klasickej a helenistickej dobe sa v literat\u00fare pribli\u017euj\u00fa k Er\u00edny\u00e1m.<\/p>\t\t\t\t\t\t\t\t<\/div>\n\t\t\t\t\t<\/div>\n\t\t\t\t<\/div>\n\t\t<div class=\"elementor-element elementor-element-d47b156 e-flex e-con-boxed e-con e-child\" data-id=\"d47b156\" data-element_type=\"container\" data-e-type=\"container\">\n\t\t\t\t\t<div class=\"e-con-inner\">\n\t\t\t\t<div class=\"elementor-element elementor-element-ff38c2b elementor-widget elementor-widget-heading\" data-id=\"ff38c2b\" data-element_type=\"widget\" data-e-type=\"widget\" data-widget_type=\"heading.default\">\n\t\t\t\t\t<div class=\"elementor-heading-title elementor-size-default\">Verbreitungsraum<\/div>\t\t\t\t<\/div>\n\t\t\t\t<div class=\"elementor-element elementor-element-4e49fcc elementor-widget elementor-widget-text-editor\" data-id=\"4e49fcc\" data-element_type=\"widget\" data-e-type=\"widget\" data-widget_type=\"text-editor.default\">\n\t\t\t\t\t\t\t\t\t<p>Gr\u00e9cky jadrov\u00fd priestor. Neexistuje samostatn\u00e1 hist\u00f3ria \u0161\u00edrenia, <span class=\"iwg-fachbegriff\" data-tooltip=\"Opakuj\u00faci sa obsahov\u00fd prvok v umen\u00ed alebo rozpr\u00e1van\u00ed.\" tabindex=\"0\">mot\u00edv<\/span> zost\u00e1va viazan\u00fd na hom\u00e9rsko-h\u00e9siodovsk\u00e9 <span class=\"iwg-fachbegriff\" data-tooltip=\"Odovzd\u00e1vanie vedomost\u00ed a rozpr\u00e1van\u00ed cez gener\u00e1cie.\" tabindex=\"0\">podanie<\/span>, ale ako mot\u00edv p\u00f4sob\u00ed \u010falej aj v r\u00edmskej a byzantskej literat\u00fare.<\/p>\t\t\t\t\t\t\t\t<\/div>\n\t\t\t\t\t<\/div>\n\t\t\t\t<\/div>\n\t\t\t\t<\/div>\n\t\t<div class=\"elementor-element elementor-element-db03c39 e-con-full e-flex e-con e-child\" data-id=\"db03c39\" data-element_type=\"container\" data-e-type=\"container\">\n\t\t<div class=\"elementor-element elementor-element-229a87b e-flex e-con-boxed e-con e-child\" data-id=\"229a87b\" data-element_type=\"container\" data-e-type=\"container\">\n\t\t\t\t\t<div class=\"e-con-inner\">\n\t\t\t\t<div class=\"elementor-element elementor-element-1f471fc elementor-widget elementor-widget-heading\" data-id=\"1f471fc\" data-element_type=\"widget\" data-e-type=\"widget\" data-widget_type=\"heading.default\">\n\t\t\t\t\t<div class=\"elementor-heading-title elementor-size-default\">Quellenlage<\/div>\t\t\t\t<\/div>\n\t\t\t\t<div class=\"elementor-element elementor-element-36b1201 elementor-widget elementor-widget-text-editor\" data-id=\"36b1201\" data-element_type=\"widget\" data-e-type=\"widget\" data-widget_type=\"text-editor.default\">\n\t\t\t\t\t\t\t\t\t<p>Epick\u00e1 a tragick\u00e1 literat\u00fara; popisy na H\u00e9siodovom \u201eHerakleovom \u0161t\u00edte&#8220;; ikonograficky vo v\u00e1zovej ma\u013ebe. Na rozdiel od Lamie alebo Emp\u00fasy ch\u00fdba vo\u010di nim \u013eudov\u00e1 amuletov\u00e1 kult\u00fara.<\/p>\t\t\t\t\t\t\t\t<\/div>\n\t\t\t\t\t<\/div>\n\t\t\t\t<\/div>\n\t\t\t\t<\/div>\n\t\t\t\t\t<\/div>\n\t\t\t\t<\/div>\n\t\t<div class=\"elementor-element elementor-element-3ae0637c e-flex e-con-boxed e-con e-parent\" data-id=\"3ae0637c\" data-element_type=\"container\" data-e-type=\"container\">\n\t\t\t\t\t<div class=\"e-con-inner\">\n\t\t\t\t<div class=\"elementor-element elementor-element-31d07739 elementor-widget elementor-widget-heading\" data-id=\"31d07739\" data-element_type=\"widget\" data-e-type=\"widget\" data-widget_type=\"heading.default\">\n\t\t\t\t\t<h2 class=\"elementor-heading-title elementor-size-default\">Meno a varianty<\/h2>\t\t\t\t<\/div>\n\t\t<div class=\"elementor-element elementor-element-b7642947 e-con-full e-flex e-con e-child\" data-id=\"b7642947\" data-element_type=\"container\" data-e-type=\"container\">\n\t\t\t\t<div class=\"elementor-element elementor-element-a086266 elementor-widget elementor-widget-text-editor\" data-id=\"a086266\" data-element_type=\"widget\" data-e-type=\"widget\" data-widget_type=\"text-editor.default\">\n\t\t\t\t\t\t\t\t\t<p><strong>Gr\u00e9cky:<\/strong> <em>\u039a\u03ae\u03c1<\/em> (Ker, jednotn\u00e9 \u010d\u00edslo), <em>\u039a\u1fc6\u03c1\u03b5\u03c2<\/em> (Keres, mno\u017en\u00e9 \u010d\u00edslo).<br>Etymol\u00f3gia: sp\u00e1jan\u00e1 s pojmami pre \u201ez\u00e1hubu&#8220;, \u201e\u00fadel osudu&#8220;.<\/p><p>V <span class=\"iwg-fachbegriff\" data-tooltip=\"Epocha gr\u00e9ckej a r\u00edmskej kult\u00fary, pribli\u017ene 800 pred Kr. a\u017e 600 po Kr.\" tabindex=\"0\">antike<\/span> sa ich po\u010det menil. U H\u00e9sioda s\u00fa nespo\u010detn\u00e9 a tvarovate\u013en\u00e9; tragici pou\u017e\u00edvaj\u00fa \u201eKer&#8220; aj metaforicky pre samu smr\u0165. Jednotliv\u00e1 osoba s menom a \u017eivotopisom neexistuje, Keres zost\u00e1vaj\u00fa anonymnou triedou.<\/p>\t\t\t\t\t\t\t\t<\/div>\n\t\t\t\t<\/div>\n\t\t\t\t\t<\/div>\n\t\t\t\t<\/div>\n\t\t<div class=\"elementor-element elementor-element-709a44a8 e-flex e-con-boxed e-con e-parent\" data-id=\"709a44a8\" data-element_type=\"container\" data-e-type=\"container\">\n\t\t\t\t\t<div class=\"e-con-inner\">\n\t\t\t\t<div class=\"elementor-element elementor-element-2f585873 elementor-widget elementor-widget-heading\" data-id=\"2f585873\" data-element_type=\"widget\" data-e-type=\"widget\" data-widget_type=\"heading.default\">\n\t\t\t\t\t<h2 class=\"elementor-heading-title elementor-size-default\">Popis<\/h2>\t\t\t\t<\/div>\n\t\t<div class=\"elementor-element elementor-element-70621c12 e-con-full e-flex e-con e-child\" data-id=\"70621c12\" data-element_type=\"container\" data-e-type=\"container\">\n\t\t\t\t<div class=\"elementor-element elementor-element-4296eb49 elementor-widget elementor-widget-text-editor\" data-id=\"4296eb49\" data-element_type=\"widget\" data-e-type=\"widget\" data-widget_type=\"text-editor.default\">\n\t\t\t\t\t\t\t\t\t<p><strong>Vzh\u013ead<\/strong><\/p><p>Okr\u00eddlen\u00e9 \u017eeny v tmav\u00fdch r\u00fachach, s dlh\u00fdmi tes\u00e1kmi a krvav\u00fdmi paz\u00farmi. H\u00e9siodos popisuje ich zuby ako biele a o\u010di ako iskriace. Objavuj\u00fa sa v roji, \u010dasto kr\u00fa\u017eia nad bojiskami.<\/p><p><strong>Chovanie<\/strong><\/p><p>Odn\u00e1\u0161aj\u00fa du\u0161e umieraj\u00facich, pij\u00fa ich krv, s\u00faperia o mrtvoly. Na rozdiel od Thanata, ktor\u00fd prin\u00e1\u0161a pokojn\u00fa smr\u0165, s\u00fa K\u00e9ry postavami n\u00e1silnej, krvavej a chaotickej smrti.<\/p><p><strong>Oblas\u0165 p\u00f4sobenia<\/strong><\/p><p>Bojisk\u00e1, miesta moru, katastrofy. P\u00f4sobia tam, kde \u013eudia hromadne a n\u00e1silne umieraj\u00fa. V dob\u00e1ch mieru s\u00fa do ve\u013ekej miery nepr\u00edtomn\u00e9.<\/p><p><strong>Mytologick\u00fd p\u00f4vod<\/strong><\/p><p>U H\u00e9sioda s\u00fa dc\u00e9rami Nyx, sestrami Moir a Thanata. Niektor\u00e9 trad\u00edcie ich robia v\u00fdplodmi Chaosu. V oboch pr\u00edpadoch patria k archaickej no\u010dnej vrstve stvorenia.<\/p><div><p><strong>K\u00e9ry a koncepty skazy u Plat\u00f3na a v helenistickej <span class=\"iwg-fachbegriff\" data-tooltip=\"Vedeck\u00e1 n\u00e1uka o Bohu a viere danej n\u00e1bo\u017eenstva.\" tabindex=\"0\">teol\u00f3gii<\/span><\/strong><\/p><p>Plat\u00f3n vo svojich dial\u00f3goch K\u00e9ry priamo nepou\u017e\u00edva, ale koncept chtonick\u00fdch duchov skazy ovplyv\u0148uje jeho hierarchiu d\u00e9monov. V <em>Politeii<\/em> s\u00fa ni\u017e\u0161\u00ed duchovia klasifikovan\u00ed ako vykon\u00e1vatelia kozmick\u00e9ho poriadku, podobne ako K\u00e9ry.<\/p><p>Helenistick\u00e1 <span class=\"iwg-fachbegriff\" data-tooltip=\"Vedeck\u00e1 n\u00e1uka o Bohu a viere danej n\u00e1bo\u017eenstva.\" tabindex=\"0\">teol\u00f3gia<\/span>, najm\u00e4 v orfickej a novoplat\u00f3nskej trad\u00edcii, rozli\u0161ovala medzi vy\u0161\u0161\u00edmi bo\u017estvami a ni\u017e\u0161\u00edmi d\u00e9monick\u00fdmi silami, medzi ktor\u00fdmi sa K\u00e9ry radili ako d\u00e9moni smrti.<\/p><p>U\u017e neboli ch\u00e1pan\u00e9 len ako hom\u00e9rske atrib\u00faty boja, ale ako skuto\u010dn\u00e1 ontologick\u00e1 trieda: bytosti, ktor\u00e9 sprostredk\u00favali medzi bohmi a \u013eu\u010fmi, so \u0161pecializovan\u00fdmi funkciami v premene \u017eivota a smrti. Z tohto poh\u013eadu sa K\u00e9ry stali pr\u00edkladom demiurgick\u00e9ho rozdelenia sveta: ka\u017ed\u00e1 sila mala svoju kozmologick\u00fa niku.<\/p><\/div>\t\t\t\t\t\t\t\t<\/div>\n\t\t\t\t<\/div>\n\t\t\t\t\t<\/div>\n\t\t\t\t<\/div>\n\t\t<div class=\"elementor-element elementor-element-44e71476 e-flex e-con-boxed e-con e-parent\" data-id=\"44e71476\" data-element_type=\"container\" data-e-type=\"container\">\n\t\t\t\t\t<div class=\"e-con-inner\">\n\t\t\t\t<div class=\"elementor-element elementor-element-3c1fc3f0 elementor-widget elementor-widget-heading\" data-id=\"3c1fc3f0\" data-element_type=\"widget\" data-e-type=\"widget\" data-widget_type=\"heading.default\">\n\t\t\t\t\t<h2 class=\"elementor-heading-title elementor-size-default\">Profil: K\u00e9ry<\/h2>\t\t\t\t<\/div>\n\t\t<div class=\"elementor-element elementor-element-84f33b8e e-con-full e-flex e-con e-child\" data-id=\"84f33b8e\" data-element_type=\"container\" data-e-type=\"container\">\n\t\t\t\t<div class=\"elementor-element elementor-element-hqkdc67p elementor-widget elementor-widget-text-editor\" data-id=\"hqkdc67p\" data-element_type=\"widget\" data-e-type=\"widget\" data-widget_type=\"text-editor.default\">\n\t\t\t\t\t\t\t\t\t<p>Najd\u00f4le\u017eitej\u0161ie aspekty K\u00e9r na jeden poh\u013ead. Podrobnosti o mene, popise, obrane a paralel\u00e1ch n\u00e1jdete v nasleduj\u00facich \u010dastiach.<\/p>\t\t\t\t\t\t\t\t<\/div>\n\t\t\t\t<\/div>\n\t\t<div class=\"elementor-element elementor-element-pemmx7c5 e-con-full e-flex e-con e-child\" data-id=\"pemmx7c5\" data-element_type=\"container\" data-e-type=\"container\">\n\t\t<div class=\"elementor-element elementor-element-pemmx7c1 e-con-full e-flex e-con e-child\" data-id=\"pemmx7c1\" data-element_type=\"container\" data-e-type=\"container\">\n\t\t<div class=\"elementor-element elementor-element-qh9oavvu iwg-steckbrief-card e-flex e-con-boxed e-con e-child\" data-id=\"qh9oavvu\" data-element_type=\"container\" data-e-type=\"container\">\n\t\t\t\t\t<div class=\"e-con-inner\">\n\t\t\t\t<div class=\"elementor-element elementor-element-awzx8k2k elementor-widget elementor-widget-heading\" data-id=\"awzx8k2k\" data-element_type=\"widget\" data-e-type=\"widget\" data-widget_type=\"heading.default\">\n\t\t\t\t\t<div class=\"elementor-heading-title elementor-size-default\">P\u00f4vod K\u00e9r<\/div>\t\t\t\t<\/div>\n\t\t\t\t<div class=\"elementor-element elementor-element-x6rowhv0 elementor-widget elementor-widget-text-editor\" data-id=\"x6rowhv0\" data-element_type=\"widget\" data-e-type=\"widget\" data-widget_type=\"text-editor.default\">\n\t\t\t\t\t\t\t\t\t<p>Dc\u00e9ry Nyx, noci. Sestry Moir a Thanata, patriace k no\u010dnej archaickej vrstve stvorenia.<\/p>\t\t\t\t\t\t\t\t<\/div>\n\t\t\t\t\t<\/div>\n\t\t\t\t<\/div>\n\t\t<div class=\"elementor-element elementor-element-8e3o4kxs iwg-steckbrief-card e-flex e-con-boxed e-con e-child\" data-id=\"8e3o4kxs\" data-element_type=\"container\" data-e-type=\"container\">\n\t\t\t\t\t<div class=\"e-con-inner\">\n\t\t\t\t<div class=\"elementor-element elementor-element-08rkdgov elementor-widget elementor-widget-heading\" data-id=\"08rkdgov\" data-element_type=\"widget\" data-e-type=\"widget\" data-widget_type=\"heading.default\">\n\t\t\t\t\t<div class=\"elementor-heading-title elementor-size-default\">Cie\u013eov\u00e1 skupina K\u00e9r<\/div>\t\t\t\t<\/div>\n\t\t\t\t<div class=\"elementor-element elementor-element-uwjelx8s elementor-widget elementor-widget-text-editor\" data-id=\"uwjelx8s\" data-element_type=\"widget\" data-e-type=\"widget\" data-widget_type=\"text-editor.default\">\n\t\t\t\t\t\t\t\t\t<p>Vojaci, chor\u00ed na mor, <span class=\"iwg-fachbegriff\" data-tooltip=\"Dar bo\u017estvu na vyjadrenie v\u010faky, prosby alebo uctenia.\" tabindex=\"0\">obete<\/span> ne\u0161\u0165astia a katastrof. Objavuj\u00fa sa tam, kde je smr\u0165 n\u00e1siln\u00e1 a n\u00e1hla.<\/p>\t\t\t\t\t\t\t\t<\/div>\n\t\t\t\t\t<\/div>\n\t\t\t\t<\/div>\n\t\t<div class=\"elementor-element elementor-element-jm2n74ec iwg-steckbrief-card e-flex e-con-boxed e-con e-child\" data-id=\"jm2n74ec\" data-element_type=\"container\" data-e-type=\"container\">\n\t\t\t\t\t<div class=\"e-con-inner\">\n\t\t\t\t<div class=\"elementor-element elementor-element-8vufse4c elementor-widget elementor-widget-heading\" data-id=\"8vufse4c\" data-element_type=\"widget\" data-e-type=\"widget\" data-widget_type=\"heading.default\">\n\t\t\t\t\t<div class=\"elementor-heading-title elementor-size-default\">Vzh\u013ead K\u00e9r<\/div>\t\t\t\t<\/div>\n\t\t\t\t<div class=\"elementor-element elementor-element-mwb9u015 elementor-widget elementor-widget-text-editor\" data-id=\"mwb9u015\" data-element_type=\"widget\" data-e-type=\"widget\" data-widget_type=\"text-editor.default\">\n\t\t\t\t\t\t\t\t\t<p>Okr\u00eddlen\u00e9 \u017eeny, tmav\u00e9 r\u00facho, dlh\u00e9 tes\u00e1ky, krvav\u00e9 paz\u00fary. V roji, \u010dasto kr\u00fa\u017eiace nad bojiskami.<\/p>\t\t\t\t\t\t\t\t<\/div>\n\t\t\t\t\t<\/div>\n\t\t\t\t<\/div>\n\t\t\t\t<\/div>\n\t\t<div class=\"elementor-element elementor-element-pemmx7c2 e-con-full e-flex e-con e-child\" data-id=\"pemmx7c2\" data-element_type=\"container\" data-e-type=\"container\">\n\t\t<div class=\"elementor-element elementor-element-37ss2yr6 iwg-steckbrief-card e-flex e-con-boxed e-con e-child\" data-id=\"37ss2yr6\" data-element_type=\"container\" data-e-type=\"container\">\n\t\t\t\t\t<div class=\"e-con-inner\">\n\t\t\t\t<div class=\"elementor-element elementor-element-3v0wp3wx elementor-widget elementor-widget-heading\" data-id=\"3v0wp3wx\" data-element_type=\"widget\" data-e-type=\"widget\" data-widget_type=\"heading.default\">\n\t\t\t\t\t<div class=\"elementor-heading-title elementor-size-default\">\u00da\u010dinok K\u00e9r<\/div>\t\t\t\t<\/div>\n\t\t\t\t<div class=\"elementor-element elementor-element-w3247g2m elementor-widget elementor-widget-text-editor\" data-id=\"w3247g2m\" data-element_type=\"widget\" data-e-type=\"widget\" data-widget_type=\"text-editor.default\">\n\t\t\t\t\t\t\t\t\t<p>Odn\u00e1\u0161aj\u00fa du\u0161e, pij\u00fa krv, trhaj\u00fa mrtvoly. Neprin\u00e1\u0161aj\u00fa nov\u00fa smr\u0165, ale konzumuj\u00fa t\u00fa, ktor\u00e1 u\u017e nastala.<\/p>\t\t\t\t\t\t\t\t<\/div>\n\t\t\t\t\t<\/div>\n\t\t\t\t<\/div>\n\t\t<div class=\"elementor-element elementor-element-0qpjal9w iwg-steckbrief-card e-flex e-con-boxed e-con e-child\" data-id=\"0qpjal9w\" data-element_type=\"container\" data-e-type=\"container\">\n\t\t\t\t\t<div class=\"e-con-inner\">\n\t\t\t\t<div class=\"elementor-element elementor-element-6ndoih0o elementor-widget elementor-widget-heading\" data-id=\"6ndoih0o\" data-element_type=\"widget\" data-e-type=\"widget\" data-widget_type=\"heading.default\">\n\t\t\t\t\t<div class=\"elementor-heading-title elementor-size-default\">Obrana proti K\u00e9r\u00e1m<\/div>\t\t\t\t<\/div>\n\t\t\t\t<div class=\"elementor-element elementor-element-6684tyh9 elementor-widget elementor-widget-text-editor\" data-id=\"6684tyh9\" data-element_type=\"widget\" data-e-type=\"widget\" data-widget_type=\"text-editor.default\">\n\t\t\t\t\t\t\t\t\t<p>Neexistuje \u017eiadna \u0161pecifick\u00e1 ochrann\u00e1 magia; K\u00e9ry s\u00fa s\u00fa\u010das\u0165ou samotnej smrti. Ochranu poskytuje len vyh\u00fdbanie sa bojisku, miestu moru, n\u00e1silnej situ\u00e1cii.<\/p>\t\t\t\t\t\t\t\t<\/div>\n\t\t\t\t\t<\/div>\n\t\t\t\t<\/div>\n\t\t<div class=\"elementor-element elementor-element-3lfi7x32 iwg-steckbrief-card e-flex e-con-boxed e-con e-child\" data-id=\"3lfi7x32\" data-element_type=\"container\" data-e-type=\"container\">\n\t\t\t\t\t<div class=\"e-con-inner\">\n\t\t\t\t<div class=\"elementor-element elementor-element-0kg99ga1 elementor-widget elementor-widget-heading\" data-id=\"0kg99ga1\" data-element_type=\"widget\" data-e-type=\"widget\" data-widget_type=\"heading.default\">\n\t\t\t\t\t<div class=\"elementor-heading-title elementor-size-default\">Paralely K\u00e9r<\/div>\t\t\t\t<\/div>\n\t\t\t\t<div class=\"elementor-element elementor-element-n0fum6kp elementor-widget elementor-widget-text-editor\" data-id=\"n0fum6kp\" data-element_type=\"widget\" data-e-type=\"widget\" data-widget_type=\"text-editor.default\">\n\t\t\t\t\t\t\t\t\t<p>Er\u00ednye (plynul\u00fd prechod), Valk\u00fdry (germ\u00e1nske), Gall\u00fa (mezopot\u00e1mske), Cicimime (azt\u00e9cke), mot\u00edvy Kosca.<\/p>\t\t\t\t\t\t\t\t<\/div>\n\t\t\t\t\t<\/div>\n\t\t\t\t<\/div>\n\t\t\t\t<\/div>\n\t\t\t\t<\/div>\n\t\t\t\t\t<\/div>\n\t\t\t\t<\/div>\n\t\t<div class=\"elementor-element elementor-element-7533bc7a e-flex e-con-boxed e-con e-parent\" data-id=\"7533bc7a\" data-element_type=\"container\" data-e-type=\"container\">\n\t\t\t\t\t<div class=\"e-con-inner\">\n\t\t\t\t<div class=\"elementor-element elementor-element-2447d18d elementor-widget elementor-widget-heading\" data-id=\"2447d18d\" data-element_type=\"widget\" data-e-type=\"widget\" data-widget_type=\"heading.default\">\n\t\t\t\t\t<h2 class=\"elementor-heading-title elementor-size-default\">D\u00e9monol\u00f3gia v ka\u017edodennom \u017eivote<\/h2>\t\t\t\t<\/div>\n\t\t<div class=\"elementor-element elementor-element-d5d0260c e-con-full e-flex e-con e-child\" data-id=\"d5d0260c\" data-element_type=\"container\" data-e-type=\"container\">\n\t\t\t\t<div class=\"elementor-element elementor-element-341be2ac elementor-widget elementor-widget-text-editor\" data-id=\"341be2ac\" data-element_type=\"widget\" data-e-type=\"widget\" data-widget_type=\"text-editor.default\">\n\t\t\t\t\t\t\t\t\t<p><strong>Ritu\u00e1ly na obranu<\/strong><\/p><p>Jednotliv\u00e9 K\u00e9ry sa neoslovuj\u00fa ani neodh\u00e1\u0148aj\u00fa; patria k smrti, ktor\u00e1 je nezmenite\u013en\u00e1. Ritu\u00e1lne d\u00f4le\u017eit\u00fd je spr\u00e1vny pohreb a sm\u00fato\u010dn\u00fd n\u00e1rek, ktor\u00e9 reguluj\u00fa to, \u010do K\u00e9ry nereguluj: d\u00f4stojnos\u0165 rozl\u00fa\u010dky.<\/p><p><strong>Zakl\u00ednania<\/strong><\/p><p>Neexistuj\u00fa \u017eiadne \u0161pecifick\u00e9 zakl\u00ednania proti K\u00e9r\u00e1m. V magick\u00fdch papyroch a defixi\u00e1ch sa \u201eK\u00e9ry&#8220; m\u00f4\u017eu vyskytova\u0165 ako v\u00fdraz pre ne\u0161\u0165astie kliatby, nie v\u0161ak ako individu\u00e1lni adres\u00e1ti.<\/p><p><strong>Amulety a ochrann\u00e9 symboly<\/strong><\/p><p>V\u0161eobecn\u00e1 obrana proti smrti prostredn\u00edctvom apotropa\u00edk (Gorgoneion, falus, <span class=\"iwg-fachbegriff\" data-tooltip=\"Roz\u0161\u00edren\u00e1 predstava, \u017ee z\u00e1vistliv\u00fd poh\u013ead inej osoby m\u00f4\u017ee sp\u00f4sobi\u0165 \u0161kodu.\" tabindex=\"0\">urieknutie<\/span>). \u0160pecifick\u00e9 amulety proti K\u00e9r\u00e1m ch\u00fdbaj\u00fa. Ochranu sk\u00f4r poskytuje vyh\u00fdbanie sa situ\u00e1ci\u00e1m, v ktor\u00fdch sa K\u00e9ry objavuj\u00fa.<\/p>\t\t\t\t\t\t\t\t<\/div>\n\t\t\t\t<\/div>\n\t\t\t\t\t<\/div>\n\t\t\t\t<\/div>\n\t\t<div class=\"elementor-element elementor-element-5a584676 e-flex e-con-boxed e-con e-parent\" data-id=\"5a584676\" data-element_type=\"container\" data-e-type=\"container\">\n\t\t\t\t\t<div class=\"e-con-inner\">\n\t\t\t\t<div class=\"elementor-element elementor-element-6d0757bf elementor-widget elementor-widget-heading\" data-id=\"6d0757bf\" data-element_type=\"widget\" data-e-type=\"widget\" data-widget_type=\"heading.default\">\n\t\t\t\t\t<h2 class=\"elementor-heading-title elementor-size-default\">K\u00e9ry, paralely v in\u00fdch kult\u00farach<\/h2>\t\t\t\t<\/div>\n\t\t<div class=\"elementor-element elementor-element-60563f68 e-con-full e-flex e-con e-child\" data-id=\"60563f68\" data-element_type=\"container\" data-e-type=\"container\">\n\t\t\t\t<div class=\"elementor-element elementor-element-5a93fdd6 elementor-widget elementor-widget-text-editor\" data-id=\"5a93fdd6\" data-element_type=\"widget\" data-e-type=\"widget\" data-widget_type=\"text-editor.default\">\n\t\t\t\t\t\t\t\t\t<p><strong>R\u00edm:<\/strong> Dirae\/Furiae preberaj\u00fa aspekt pomstiteliek, zatia\u013e \u010do K\u00e9ry ako \u010dist\u00e9 postavy smrti s\u00fa v r\u00edmskom <span class=\"iwg-fachbegriff\" data-tooltip=\"S\u00fahrn bohov ur\u010dit\u00e9ho n\u00e1bo\u017eenstva alebo kult\u00fary.\" tabindex=\"0\">pante\u00f3ne<\/span> menej pr\u00edtomn\u00e9. Namiesto toho preber\u00e1 t\u00fato funkciu jednotlivo Mors (smr\u0165).<\/p><p><strong>Germ\u00e1nska trad\u00edcia:<\/strong> Valk\u00fdry odn\u00e1\u0161aj\u00fa padl\u00fdch z bojiska. \u0160truktur\u00e1lne bl\u00edzko pr\u00edbuzn\u00e9, no v inom teologickom r\u00e1mci.<\/p><p><strong>Mezopot\u00e1mia a \u010fal\u0161ie kult\u00fary:<\/strong> Vykon\u00e1vatelia podsvetia Gall\u00fb s\u00fa funk\u010dne pr\u00edbuzn\u00ed, hoci v celkom odli\u0161nom mytologickom r\u00e1mci. V mnoh\u00fdch kult\u00farach sa nach\u00e1dzaj\u00fa poslovia smrti, ktor\u00ed sa objavuj\u00fa v skupin\u00e1ch a odn\u00e1\u0161aj\u00fa du\u0161e.<\/p><div><p><strong>K\u00e9ry v <span class=\"iwg-fachbegriff\" data-tooltip=\"Praktiky, ktor\u00e9 sa prostredn\u00edctvom osobitn\u00fdch \u00fakonov alebo form\u00fal sna\u017eia zasiahnu\u0165 do behu vec\u00ed.\" tabindex=\"0\">m\u00e1gii<\/span>-papyroch a magickej praxi<\/strong><\/p><p>V helenistick\u00fdch \u010darodejn\u00fdch papyroch (PGM) sa K\u00e9ry priamo vz\u00fdvaj\u00fa len zriedka, no koncept d\u00e9monok smrti a skazy prestupuje magick\u00e9 <span class=\"iwg-fachbegriff\" data-tooltip=\"Jazykov\u00e1 formula, ktorou sa m\u00e1 osobe alebo veci sp\u00f4sobi\u0165 ne\u0161\u0165astie.\" tabindex=\"0\">kliatbov\u00e9<\/span> texty. Papyry obsahuj\u00face kliatby trhania, vysu\u0161ovania alebo ochromenia \u010dasto vz\u00fdvaj\u00fa anonymn\u00e9 chtonick\u00e9 mocnosti, ktor\u00fdch funkcia zodpoved\u00e1 K\u00e9r\u00e1m: oddelenie, zni\u010denie, odobratie \u017eivotnej sily.<\/p><p>Papyry ukazuj\u00fa, \u017ee \u010darodejn\u00edci <span class=\"iwg-fachbegriff\" data-tooltip=\"Prechodn\u00e9 obdobie medzi staroveku a stredovekom, pribli\u017ene 3. a\u017e 7. storo\u010die.\" tabindex=\"0\">neskorej antiky<\/span> disponovali prepracovanou te\u00f3riou ni\u017e\u0161\u00edch mocnost\u00ed; nie v\u0161etky boli zl\u00e9, ale v\u0161etky boli \u0161pecializovan\u00e9. K\u00e9ry patrili do triedy nevyhnutn\u00fdch s\u00edl, ktor\u00e9 nepotrebovali mor\u00e1lku, preto\u017ee ich \u00faloha vypl\u00fdvala z kozmickej architekt\u00fary.<\/p><p>\u010carodejn\u00edk, ktor\u00fd chcel sp\u00f4sobi\u0165 chorobu alebo oslabenie, tieto mocnosti nevz\u00fdval ako nepriate\u013eov, ale ako technick\u00e9 n\u00e1stroje, ktor\u00fdch pou\u017eitie si vy\u017eadovalo etick\u00e9 od\u00f4vodnenie.<\/p><\/div>\t\t\t\t\t\t\t\t<\/div>\n\t\t\t\t<\/div>\n\t\t\t\t\t<\/div>\n\t\t\t\t<\/div>\n\t\t<div class=\"elementor-element elementor-element-cp8602301 e-flex e-con-boxed e-con e-parent\" data-id=\"cp8602301\" data-element_type=\"container\" data-e-type=\"container\">\n\t\t\t\t\t<div class=\"e-con-inner\">\n\t\t\t\t<div class=\"elementor-element elementor-element-cp7b7edad elementor-widget elementor-widget-heading\" data-id=\"cp7b7edad\" data-element_type=\"widget\" data-e-type=\"widget\" data-widget_type=\"heading.default\">\n\t\t\t\t\t<h2 class=\"elementor-heading-title elementor-size-default\">K\u00e9ry u Hom\u00e9ra: smr\u0165 na bojisku<\/h2>\t\t\t\t<\/div>\n\t\t<div class=\"elementor-element elementor-element-cpbfea484 e-con-full e-flex e-con e-child\" data-id=\"cpbfea484\" data-element_type=\"container\" data-e-type=\"container\">\n\t\t\t\t<div class=\"elementor-element elementor-element-cp74cc2f1 elementor-widget elementor-widget-text-editor\" data-id=\"cp74cc2f1\" data-element_type=\"widget\" data-e-type=\"widget\" data-widget_type=\"text-editor.default\">\n\t\t\t\t\t\t\t\t\t<p>Najstar\u0161ie a najhustej\u0161ie doklady o Ker\u00e1ch poch\u00e1dzaj\u00fa z hom\u00e9rskych eposov, predov\u0161etk\u00fdm z <em>Iliady<\/em>. Tam K\u00e9ry nie s\u00fa abstraktn\u00fdmi personifik\u00e1ciami, ale s\u00fa \u00fazko sp\u00e4t\u00e9 so sk\u00fasenos\u0165ou n\u00e1silnej smrti vo vojne.<\/p><p>Gr\u00e9cke slovo <em>k\u0113r<\/em> p\u00f4vodne ozna\u010duje osudov\u00fa porciu smrti pridelen\u00fa \u010dloveku, skazu, ktor\u00e1 ho postihuje. V mno\u017enom \u010d\u00edsle sa K\u00e9ry objavuj\u00fa ako duchovit\u00e9 bytosti, ktor\u00e9 t\u00fato smr\u0165 privodzuj\u00fa alebo ju steles\u0148uj\u00fa.<\/p><p>Sl\u00e1vnym miestom je v\u00e1\u017eenie osudov smrti: Zeus v dev\u00e4tn\u00e1stej spievave <em>Iliady<\/em> vklad\u00e1 do svojich v\u00e1h osudy Achilla a Hektora, a \u0165a\u017e\u0161\u00ed osud kles\u00e1 do podsvetia, \u010d\u00edm je rozhodnut\u00e1 Hektorova smr\u0165.<\/p><p>Tu je K\u00e9r takmer toto\u017en\u00e1 s osobn\u00fdm osudom hrdinu. Na inom mieste, v osemn\u00e1stej spievave, sa na \u0161t\u00edte Achilla objavuje stra\u0161n\u00e1 K\u00e9r uprostred bitky, v krvou za\u0161pinenom r\u00fachu, ktor\u00e1 vle\u010die padl\u00fdch a ranen\u00fdch za nohy z boja.<\/p><p>Z t\u00fdchto miest vypl\u00fdva dvojak\u00fd obraz. Na jednej strane je K\u00e9r individu\u00e1lnym osudom smrti, ktor\u00fd je ur\u010den\u00fd u\u017e pri naroden\u00ed; Achilles hovor\u00ed o dvoch osudoch, medzi ktor\u00fdmi si m\u00f4\u017ee vybra\u0165, o kr\u00e1tkom sl\u00e1vnom a dlhom nesl\u00e1avnom \u017eivote. Na druhej strane s\u00fa K\u00e9ry akt\u00edvne, krvila\u010dn\u00e9 bytosti, ktor\u00e9 sa pohybuj\u00fa po bojisku.<\/p><p>Odborn\u00edci sa dlho zam\u00fd\u0161\u013eali nad t\u00fdm, \u010di ide o dve odli\u0161n\u00e9 predstavy, alebo o aspekty jednej a tej istej. Ve\u013ea nasved\u010duje tomu, \u017ee Gr\u00e9ci mohli smr\u0165 ch\u00e1pa\u0165 z\u00e1rove\u0148 ako pridelen\u00fa mieru aj ako \u00fato\u010diacu silu, bez toho, aby v tom videli rozpor.<\/p>\t\t\t\t\t\t\t\t<\/div>\n\t\t\t\t<\/div>\n\t\t\t\t\t<\/div>\n\t\t\t\t<\/div>\n\t\t<div class=\"elementor-element elementor-element-cpbd673b2 e-flex e-con-boxed e-con e-parent\" data-id=\"cpbd673b2\" data-element_type=\"container\" data-e-type=\"container\">\n\t\t\t\t\t<div class=\"e-con-inner\">\n\t\t\t\t<div class=\"elementor-element elementor-element-cp0a14da8 elementor-widget elementor-widget-heading\" data-id=\"cp0a14da8\" data-element_type=\"widget\" data-e-type=\"widget\" data-widget_type=\"heading.default\">\n\t\t\t\t\t<h2 class=\"elementor-heading-title elementor-size-default\">K\u00e9ry, Moiry a Thanatos: vymedzenie pr\u00edbuzn\u00fdch moc\u00ed smrti<\/h2>\t\t\t\t<\/div>\n\t\t<div class=\"elementor-element elementor-element-cp890fc3c e-con-full e-flex e-con e-child\" data-id=\"cp890fc3c\" data-element_type=\"container\" data-e-type=\"container\">\n\t\t\t\t<div class=\"elementor-element elementor-element-cp209632e elementor-widget elementor-widget-text-editor\" data-id=\"cp209632e\" data-element_type=\"widget\" data-e-type=\"widget\" data-widget_type=\"text-editor.default\">\n\t\t\t\t\t\t\t\t\t<p>K\u00e9ry stoja v gr\u00e9ckom myslen\u00ed ved\u013ea viacer\u00fdch \u010fal\u0161\u00edch moc\u00ed spojen\u00fdch so smr\u0165ou a osudom, a ich presn\u00e9 vymedzenie nebolo jasn\u00e9 ani antick\u00fdm autorom. Najd\u00f4le\u017eitej\u0161ie je odl\u00ed\u0161enie od <a href=\"https:\/\/iwell-guard.com\/sk\/?page_id=158025\">Mo\u00edr<\/a>, troch boh\u00fd\u0148 osudu, ktor\u00e9 priadli ni\u0165 \u017eivota.<\/p><p>Zatia\u013e \u010do Moiry u H\u00e9sioda a v neskor\u0161ej trad\u00edcii pride\u013euj\u00fa, meraj\u00fa a strihaj\u00fa mieru \u017eivota, teda steles\u0148uj\u00fa usporaduj\u00facu str\u00e1nku osudu, K\u00e9ry viac zastupuj\u00fa konkr\u00e9tny, \u010dasto n\u00e1siln\u00fd a zlovestn\u00fd pr\u00edpad smrti.<\/p><p>H\u00e9siodos v diele <em>Theog\u00f3nia<\/em> sp\u00e1ja oboch s Nyx, Nocou, ktor\u00e1 ich rod\u00ed bez otca; v jeho v\u00fdpo\u010dte sa K\u00e9ry, Moiry, Thanatos, Hypnos a \u010fal\u0161ie temn\u00e9 postavy objavuj\u00fa ako s\u00farodenci.<\/p><p>T\u00e1to geneal\u00f3gia zara\u010fuje K\u00e9ry na no\u010dn\u00fa, tajomn\u00fa stranu kosmu. Od Thanata, pokojnej personifik\u00e1cie samotnej smrti, sa K\u00e9ry l\u00ed\u0161ia svoj\u00edm akt\u00edvnym, drav\u00fdm charakterom. Thanatos si odn\u00e1\u0161a, K\u00e9ry trhaj\u00fa.<\/p><p>V diele <em>Aspis<\/em>, \u0161t\u00edtovej b\u00e1sni tradovanej pod H\u00e9siodov\u00fdm menom, sa nach\u00e1dza obzvl\u00e1\u0161\u0165 drastick\u00fd popis: K\u00e9ry s\u00fa tam vykreslen\u00e9 ako modr\u00e9, s bielo vycenen\u00fdmi zubami, ako sa ha\u0161teria o padl\u00fdch, zab\u00e1raj\u00fa im paz\u00fary do tela a pij\u00fa tmav\u00fa krv.<\/p><p>T\u00e1to up\u00edrsky p\u00f4sobiaca kresba patr\u00ed medzi najpodrobnej\u0161ie z <span class=\"iwg-fachbegriff\" data-tooltip=\"Epocha gr\u00e9ckej a r\u00edmskej kult\u00fary, pribli\u017ene od 800 pred Kr. do 600 po Kr.\" tabindex=\"0\">antiky<\/span>. Odborn\u00edci upozor\u0148uj\u00fa, \u017ee K\u00e9ry sa t\u00fdm najviac pribli\u017euj\u00fa predstave o krv saj\u00facich d\u00e9monoch bojiska a \u017ee sa t\u00fdm z\u00e1rove\u0148 odli\u0161uj\u00fa od vzne\u0161enej\u0161ie ch\u00e1pan\u00fdch Mo\u00edr.<\/p>\t\t\t\t\t\t\t\t<\/div>\n\t\t\t\t<\/div>\n\t\t\t\t\t<\/div>\n\t\t\t\t<\/div>\n\t\t<div class=\"elementor-element elementor-element-cpe357717 e-flex e-con-boxed e-con e-parent\" data-id=\"cpe357717\" data-element_type=\"container\" data-e-type=\"container\">\n\t\t\t\t\t<div class=\"e-con-inner\">\n\t\t\t\t<div class=\"elementor-element elementor-element-cp2d7b0d1 elementor-widget elementor-widget-heading\" data-id=\"cp2d7b0d1\" data-element_type=\"widget\" data-e-type=\"widget\" data-widget_type=\"heading.default\">\n\t\t\t\t\t<h2 class=\"elementor-heading-title elementor-size-default\">Ath\u00e9nsky sviatok Anthesterie a vyh\u00e1\u0148anie K\u00e9r<\/h2>\t\t\t\t<\/div>\n\t\t<div class=\"elementor-element elementor-element-cp7d73762 e-con-full e-flex e-con e-child\" data-id=\"cp7d73762\" data-element_type=\"container\" data-e-type=\"container\">\n\t\t\t\t<div class=\"elementor-element elementor-element-cpba9eef3 elementor-widget elementor-widget-text-editor\" data-id=\"cpba9eef3\" data-element_type=\"widget\" data-e-type=\"widget\" data-widget_type=\"text-editor.default\">\n\t\t\t\t\t\t\t\t\t<p>Okrem epickej po\u00e9zie s\u00fa K\u00e9ry spojen\u00e9 aj s ath\u00e9nskym sviato\u010dn\u00fdm kalend\u00e1rom, konkr\u00e9tne s <em>Anthesteriami<\/em>, jarn\u00fdm sviatkom na po\u010des\u0165 Dion\u00fdza v mesiaci Anthesterion. Tento trojd\u0148ov\u00fd sviatok mal v\u00fdrazne dvojzna\u010dn\u00fd charakter.<\/p><p>Oslavoval nov\u00e9 v\u00edno, ale z\u00e1rove\u0148 platil za \u010das, ke\u010f sa mestom pohybovali m\u0155tvi a tajomn\u00ed duchovia. Posledn\u00fd de\u0148, <em>Chytroi<\/em>, bol venovan\u00fd zosnul\u00fdm a chtonick\u00fdm mocnostiam.<\/p><p>Z antickej <span class=\"iwg-fachbegriff\" data-tooltip=\"Odovzd\u00e1vanie poznatkov a rozpr\u00e1van\u00ed z gener\u00e1cie na gener\u00e1ciu.\" tabindex=\"0\">trad\u00edcie<\/span>, najm\u00e4 od neskor\u0161\u00edch lexikografov a scholiastov, je zn\u00e1my v\u00fdrok: \u201eVon, K\u00e9ry, Anthesterie sa skon\u010dili.\u201c Zjavne sa vyslovoval na konci sviatku, aby sa duchovia, ktor\u00ed boli po\u010das sviato\u010dn\u00e9ho obdobia vpusten\u00ed alebo tolerovan\u00ed, znova vyhnali z domov a z mesta.<\/p><p>Niektor\u00e9 prame\u0148e uv\u00e1dzaj\u00fa miesto \u201eK\u00e9ry\u201c aj \u201eKares\u201c, teda K\u00e1rov, \u010do viedlo k rozdielnym v\u00fdkladom. N\u00e1bo\u017eenskovedn\u00fd v\u00fdskum, napr\u00edklad v klasick\u00fdch pr\u00e1cach Erwina Rohdeho a Jane Harrisonovej, sa touto pas\u00e1\u017eou intenz\u00edvne zaoberal.<\/p><p>Ak je \u010d\u00edtanie \u201eK\u00e9ry\u201c spr\u00e1vne, vypl\u00fdva z toho d\u00f4le\u017eit\u00e9 zistenie: K\u00e9ry neboli len liter\u00e1rnymi postavami epiky, ale s\u00fa\u010das\u0165ou \u017eitej ritu\u00e1lnej praxe. Po\u010das Anthesteri\u00ed sa dvern\u00fdmi z\u00e1rub\u0148ami natieral decht a dodr\u017eiavali sa ur\u010dit\u00e9 zvyky, ktor\u00e9 r\u00e1mcovali toto tajomn\u00e9 sviato\u010dn\u00e9 obdobie.<\/p><p>K\u00e9ry sa tu javia ako otvoren\u00e1 triieda duchov mrtvych a mocnost\u00ed ne\u0161\u0165astia, ktor\u00e9 sa po obmedzen\u00fd \u010das trpelo a potom sa <span class=\"iwg-fachbegriff\" data-tooltip=\"Patriaci k pevne stanoven\u00e9mu n\u00e1bo\u017eensk\u00e9mu postupu.\" tabindex=\"0\">ritu\u00e1lne<\/span> vyh\u00e1\u0148alo. K\u00e9ry tak patria do \u0161irok\u00e9ho gr\u00e9ckeho okruhu predst\u00e1v o duchoch, ktor\u00ed v prahov\u00fdch \u010dasoch roka prenikaj\u00fa do \u013eudsk\u00e9ho svet a musia by\u0165 op\u00e4\u0165 zahnan\u00ed pevne stanoven\u00fdm <span class=\"iwg-fachbegriff\" data-tooltip=\"Usporiadan\u00e1 sled symbolick\u00fdch \u00fakonov s n\u00e1bo\u017eensk\u00fdm alebo kult\u00farnym v\u00fdznamom.\" tabindex=\"0\">ritu\u00e1lom<\/span>.<\/p>\t\t\t\t\t\t\t\t<\/div>\n\t\t\t\t<\/div>\n\t\t\t\t\t<\/div>\n\t\t\t\t<\/div>\n\t\t<div class=\"elementor-element elementor-element-cpa2f747d e-flex e-con-boxed e-con e-parent\" data-id=\"cpa2f747d\" data-element_type=\"container\" data-e-type=\"container\">\n\t\t\t\t\t<div class=\"e-con-inner\">\n\t\t\t\t<div class=\"elementor-element elementor-element-cpe0b90e8 elementor-widget elementor-widget-heading\" data-id=\"cpe0b90e8\" data-element_type=\"widget\" data-e-type=\"widget\" data-widget_type=\"heading.default\">\n\t\t\t\t\t<h2 class=\"elementor-heading-title elementor-size-default\">Roz\u0161\u00edrenie pojmu: K\u00e9ry ako d\u00e9moni choroby a ne\u0161\u0165astia<\/h2>\t\t\t\t<\/div>\n\t\t<div class=\"elementor-element elementor-element-cp33e1509 e-con-full e-flex e-con e-child\" data-id=\"cp33e1509\" data-element_type=\"container\" data-e-type=\"container\">\n\t\t\t\t<div class=\"elementor-element elementor-element-cp11c849e elementor-widget elementor-widget-text-editor\" data-id=\"cp11c849e\" data-element_type=\"widget\" data-e-type=\"widget\" data-widget_type=\"text-editor.default\">\n\t\t\t\t\t\t\t\t\t<p>V pohom\u00e9rskej literat\u00fare sa pojem Ker roz\u0161iruje nad r\u00e1mec smrti na bojisku. U Hesioda a v neskor\u0161\u00edch textoch m\u00f4\u017ee <em>k\u0113r<\/em> ozna\u010dova\u0165 ak\u00fako\u013evek formu z\u00e1niku: chorobu, starobu, hlad, \u0161ialenstvo, ka\u017ed\u00e9 zlo, ktor\u00e9 postihuje \u010dloveka. Kery sa tak st\u00e1vaj\u00fa zbernou kateg\u00f3riou pre v\u0161etko, \u010do skracuje, po\u0161kodzuje a ukon\u010duje \u017eivot.<\/p><p>Toto roz\u0161\u00edrenie v\u00fdznamu sa zvl\u00e1\u0161\u0165 zrete\u013ene prejavuje v pr\u00edbehu o Pandore. Z otvorenej n\u00e1doby, ktor\u00fa Pandora pod\u013ea Hesioda prin\u00e1\u0161a, unikaj\u00fa na \u013eudstvo zl\u00e1; v antickom v\u00fdklade sa tieto pliagy \u010dasto stoto\u017e\u0148ovali s Kerami alebo sa im aspo\u0148 prira\u010fovali.<\/p><p>Aj vo v\u00fdtvarnom umen\u00ed sa objavuj\u00fa okr\u00eddlen\u00e9 postavy spojen\u00e9 s chorobou a smr\u0165ou, ktor\u00e9 sa prira\u010fuj\u00fa Ker\u00e1m, hoci ikonografick\u00e9 priradenie zost\u00e1va \u010dasto neist\u00e9, preto\u017ee sa v zobrazen\u00ed prekr\u00fdvaj\u00fa Kery, <a href=\"https:\/\/iwell-guard.com\/sk\/?page_id=157593\">Er\u00ednye<\/a>, harpye a sir\u00e9ny.<\/p><p>T\u00e1to pojmov\u00e1 otvorenos\u0165 je pre pochopenie Kier k\u013e\u00fa\u010dov\u00e1. Nikdy neboli jasne vymedzen\u00fdm <span class=\"iwg-fachbegriff\" data-tooltip=\"S\u00fahrn bohov ur\u010dit\u00e9ho n\u00e1bo\u017eenstva alebo kult\u00fary.\" tabindex=\"0\">pante\u00f3nom<\/span> s pevn\u00fdmi menami a funkciami, ako to bolo napr\u00edklad u dvan\u00e1stich olympsk\u00fdch bohov.<\/p><p>V\u00fdskum opisuje Kery sk\u00f4r ako predstavov\u00fa kateg\u00f3riu: ako personifikovan\u00fa mnohorakos\u0165 sp\u00f4sobov smrti a \u017eivotn\u00fdch \u00fatrap. Pr\u00e1ve t\u00e1to neur\u010ditos\u0165 ich robila u\u017eito\u010dn\u00fdmi pre gr\u00e9ckych b\u00e1snikov a myslite\u013eov.<\/p><p>Kdeko\u013evek bolo potrebn\u00e9 uchopi\u0165 ne\u0161\u0165astie ako p\u00f4sobiacu silu bez toho, aby sa mu priznal pln\u00fd status pomenovan\u00e9ho <span class=\"iwg-fachbegriff\" data-tooltip=\"Bytos\u0165 uctievan\u00e1 ako bo\u017esk\u00e1 v r\u00e1mci ur\u010dit\u00e9ho n\u00e1bo\u017eenstva.\" tabindex=\"0\">bo\u017estva<\/span>, hovorilo sa o Ker alebo o Ker\u00e1ch. Stoja tak na hranici medzi personifik\u00e1ciou, pojmom osudu a demonol\u00f3giou, a pr\u00e1ve na tejto hranici spo\u010d\u00edva ich n\u00e1bo\u017eenskohistorick\u00fd v\u00fdznam.<\/p>\t\t\t\t\t\t\t\t<\/div>\n\t\t\t\t<\/div>\n\t\t\t\t\t<\/div>\n\t\t\t\t<\/div>\n\t\t<div class=\"elementor-element elementor-element-cpaa4ebda e-flex e-con-boxed e-con e-parent\" data-id=\"cpaa4ebda\" data-element_type=\"container\" data-e-type=\"container\">\n\t\t\t\t\t<div class=\"e-con-inner\">\n\t\t\t\t<div class=\"elementor-element elementor-element-cpf7b01df elementor-widget elementor-widget-heading\" data-id=\"cpf7b01df\" data-element_type=\"widget\" data-e-type=\"widget\" data-widget_type=\"heading.default\">\n\t\t\t\t\t<h2 class=\"elementor-heading-title elementor-size-default\">Pre\u017e\u00edvanie Kier v neskoroantickej a novogr\u00e9ckej trad\u00edcii<\/h2>\t\t\t\t<\/div>\n\t\t<div class=\"elementor-element elementor-element-cp70a8cae e-con-full e-flex e-con e-child\" data-id=\"cp70a8cae\" data-element_type=\"container\" data-e-type=\"container\">\n\t\t\t\t<div class=\"elementor-element elementor-element-cp316af1f elementor-widget elementor-widget-text-editor\" data-id=\"cp316af1f\" data-element_type=\"widget\" data-e-type=\"widget\" data-widget_type=\"text-editor.default\">\n\t\t\t\t\t\t\t\t\t<p>Ot\u00e1zka, \u010di a ako Kery pre\u017eili po konci antick\u00e9ho n\u00e1bo\u017eenstva, je vo folkloristickom v\u00fdskume predmetom rozsiahlych diskusi\u00ed. \u010casto citovan\u00e1 l\u00ednia sp\u00e1ja antick\u00e9 Kery s novogr\u00e9ckym <em>Charosom<\/em> \u010di <em>Charontasom<\/em> a s \u010fal\u0161\u00edmi postavami smrti v gr\u00e9ckej \u013eudovej trad\u00edcii.<\/p><p>Meno antick\u00e9ho prievozn\u00edka Char\u00f3na sa v novogr\u00e9ckej \u013eudovej viere skuto\u010dne premenilo na akt\u00edvnu, \u010dasto jazdiacu postavu smrti, ktor\u00e1 si prich\u00e1dza po \u013eud\u00ed.<\/p><p>B\u00e1datelia 19. a za\u010diatku 20. storo\u010dia, medzi nimi Bernhard Schmidt vo svojej pr\u00e1ci o \u013eudovom \u017eivote Novogr\u00e9kov, sa sna\u017eili v tak\u00fdchto postav\u00e1ch vidie\u0165 pokra\u010dovanie antick\u00fdch d\u00e9monov smrti. S\u00fa\u010dasn\u00fd v\u00fdskum je v tomto oh\u013eade opatrnej\u0161\u00ed.<\/p><p>Zd\u00f4raz\u0148uje, \u017ee medzi antick\u00fdmi Kerami a novogr\u00e9ckymi predstavami o smrti nie je preuk\u00e1zate\u013en\u00e1 nepreru\u0161en\u00e1 l\u00ednia a \u017ee medzi nimi le\u017eia kres\u0165ansk\u00e9, byzantsk\u00e9 a \u013eudovokult\u00farne vrstvy. Priamu toto\u017enos\u0165 antickej Ker a novogr\u00e9ckeho Charosa nie je mo\u017en\u00e9 dok\u00e1za\u0165.<\/p><p>\u010co sa naopak d\u00e1 poveda\u0165 seri\u00f3zne: gr\u00e9cka kult\u00fara si po\u010das st\u00e1ro\u010d\u00ed zachovala tendenciu ch\u00e1pa\u0165 smr\u0165 ako p\u00f4sobiacu, \u010dasto ohrozuj\u00facu postavu, nie iba ako stav.<\/p><p>Na za\u010diatku tejto dlhej l\u00ednie stoj\u00ed Ker. V modernej recepcii, v lexik\u00f3noch <span class=\"iwg-fachbegriff\" data-tooltip=\"S\u00fahrn tradovan\u00fdch pr\u00edbehov o bohoch ur\u010ditej kult\u00fary.\" tabindex=\"0\">mytol\u00f3gie<\/span>, v fantasy literat\u00fare a v po\u010d\u00edta\u010dov\u00fdch hr\u00e1ch sa Kery znovu objavili, v\u00e4\u010d\u0161inou ako okr\u00eddlen\u00ed duchovia smrti alebo ako v\u0161eobecn\u00ed d\u00e9moni bojiska.<\/p><p>Tieto zobrazenia \u010derpaj\u00fa najm\u00e4 z drastick\u00e9ho opisu v <em>Aspis<\/em> a do ve\u013ekej miery obch\u00e1dzaj\u00fa n\u00e1ro\u010dnej\u0161ie aspekty, pojem osudu a ritu\u00e1lne zakotvenie. Pre vedeck\u00e9 sk\u00famanie zost\u00e1va rozhoduj\u00face odli\u0161ova\u0165 popul\u00e1rne zjednodu\u0161enie od mnohovrstevnej antickej <span class=\"iwg-fachbegriff\" data-tooltip=\"Odovzd\u00e1vanie poznania a pr\u00edbehov cez gener\u00e1cie.\" tabindex=\"0\">trad\u00edcie<\/span>.<\/p>\t\t\t\t\t\t\t\t<\/div>\n\t\t\t\t<\/div>\n\t\t\t\t\t<\/div>\n\t\t\t\t<\/div>\n\t\t<div class=\"elementor-element elementor-element-36dd7469 e-flex e-con-boxed e-con e-parent\" data-id=\"36dd7469\" data-element_type=\"container\" data-e-type=\"container\">\n\t\t\t\t\t<div class=\"e-con-inner\">\n\t\t\t\t<div class=\"elementor-element elementor-element-13760ab4 elementor-widget elementor-widget-heading\" data-id=\"13760ab4\" data-element_type=\"widget\" data-e-type=\"widget\" data-widget_type=\"heading.default\">\n\t\t\t\t\t<div class=\"elementor-heading-title elementor-size-default\">S\u00favisiace odkazy<\/div>\t\t\t\t<\/div>\n\t\t<div class=\"elementor-element elementor-element-28c87796 e-con-full e-flex e-con e-child\" data-id=\"28c87796\" data-element_type=\"container\" data-e-type=\"container\">\n\t\t\t\t<div class=\"elementor-element elementor-element-5d6538df elementor-widget elementor-widget-text-editor\" data-id=\"5d6538df\" data-element_type=\"widget\" data-e-type=\"widget\" data-widget_type=\"text-editor.default\">\n\t\t\t\t\t\t\t\t\t<p>Odpor\u00fa\u010dan\u00e9 intern\u00e9 odkazy:<\/p><ul><li><a href=\"https:\/\/iwell-guard.com\/sk\/?page_id=157586\">Gr\u00e9cko<\/a><\/li><li><a href=\"https:\/\/iwell-guard.com\/sk\/?page_id=157593\">Er\u00ednye<\/a> (bl\u00edzky prechod)<\/li><li><a href=\"https:\/\/iwell-guard.com\/sk\/?page_id=157579\">Gallu<\/a> (mezopot\u00e1mska paralela)<\/li><li><a href=\"https:\/\/iwell-guard.com\/sk\/?page_id=157743\">Thanatos<\/a> a Moiry (mytologick\u00fd kontext)<\/li><li>Bojiskov\u00e1 <span class=\"iwg-fachbegriff\" data-tooltip=\"S\u00fahrn tradovan\u00fdch pr\u00edbehov o bohoch ur\u010ditej kult\u00fary.\" tabindex=\"0\">mytol\u00f3gia<\/span> a kult m\u0155tvych<\/li><\/ul>\t\t\t\t\t\t\t\t<\/div>\n\t\t\t\t<\/div>\n\t\t\t\t\t<\/div>\n\t\t\t\t<\/div>\n\t\t<div class=\"elementor-element elementor-element-grl4kl40 e-flex e-con-boxed e-con e-parent\" data-id=\"grl4kl40\" data-element_type=\"container\" data-e-type=\"container\">\n\t\t\t\t\t<div class=\"e-con-inner\">\n\t\t\t\t<div class=\"elementor-element elementor-element-bzsbfrmh elementor-widget elementor-widget-heading\" data-id=\"bzsbfrmh\" data-element_type=\"widget\" data-e-type=\"widget\" data-widget_type=\"heading.default\">\n\t\t\t\t\t<h2 class=\"elementor-heading-title elementor-size-default\">Zdroje a literat\u00fara<\/h2>\t\t\t\t<\/div>\n\t\t<div class=\"elementor-element elementor-element-2c13224a e-con-full e-flex e-con e-child\" data-id=\"2c13224a\" data-element_type=\"container\" data-e-type=\"container\">\n\t\t\t\t<div class=\"elementor-element elementor-element-0eymh9ub elementor-widget elementor-widget-text-editor\" data-id=\"0eymh9ub\" data-element_type=\"widget\" data-e-type=\"widget\" data-widget_type=\"text-editor.default\">\n\t\t\t\t\t\t\t\t\t<footer class=\"iwg-literatur\"><p>V\u00fdber k\u013e\u00fa\u010dov\u00fdch pr\u00e1c o Ker\u00e1ch a gr\u00e9ckych predstav\u00e1ch o smrti:<\/p><ul><li><span data-nosnippet>Vermeule, Emily: <em>Aspects of Death in Early Greek Art and Poetry<\/em>. Berkeley 1979.<\/span><\/li><li><span data-nosnippet>Burkert, Walter: <em>Griechische Religion der archaischen und klassischen Epoche<\/em>. Stuttgart 1977.<\/span><\/li><li>Wachsmuth, Dietrich: \u201eKeres\u201c, in: <em>Der kleine Pauly<\/em>, Bd. 3.<\/li><li><span data-nosnippet>Sourvinou-Inwood, Christiane: <em>&#39;Reading&#39; Greek Death<\/em>. Oxford 1995.<\/span><\/li><\/ul><div data-nosnippet=\"true\" class=\"iwg-litliste\"><p><strong>Z\u00e1kladn\u00e1 literat\u00fara (Gr\u00e9cko):<\/strong><\/p><ul><li><span data-nosnippet><strong>Bremmer, Jan N.<\/strong>: <em>Greek Religion. Cambridge University Press, Cambridge 1999.<\/em><\/span><\/li><li><span data-nosnippet><strong>Bonnefoy, Yves<\/strong>: <em>Greek and Egyptian Mythologies. University of Chicago Press, Chicago 1992.<\/em><\/span><\/li><\/ul><\/div><\/footer>\n<p class=\"iwg-bib-more\"><span data-nosnippet>\u010eal\u0161ie z\u00e1kladn\u00e9 diela v <a href=\"https:\/\/iwell-guard.com\/sk\/?page_id=157722\">zozname literat\u00fary<\/a>.<\/span><\/p>\t\t\t\t\t\t\t\t<\/div>\n\t\t\t\t<\/div>\n\t\t\t\t\t<\/div>\n\t\t\t\t<\/div>\n\t\t<div class=\"elementor-element elementor-element-iwgca-keres-sec e-flex e-con-boxed e-con e-parent\" data-id=\"iwgca-keres-sec\" data-element_type=\"container\" data-e-type=\"container\" id=\"iwg-ca-keres\">\n\t\t\t\t\t<div class=\"e-con-inner\">\n\t\t\t\t<div class=\"elementor-element elementor-element-iwgca-keres-te iwg-ca-textwrap elementor-widget elementor-widget-text-editor\" data-id=\"iwgca-keres-te\" data-element_type=\"widget\" data-e-type=\"widget\" data-widget_type=\"text-editor.default\">\n\t\t\t\t\t\t\t\t\t<div data-nosnippet=\"true\"><p class=\"iwg-ca-bridge\">Tu pop\u00edsan\u00e1 ochrann\u00e1 prax je vedeck\u00fdm zaraden\u00edm historick\u00fdch trad\u00edci\u00ed. iWell Guard nadv\u00e4zuje na t\u00fato kult\u00farno-historick\u00fa linku prenosn\u00fdch ochrann\u00fdch predmetov a predstavuje jej s\u00fa\u010dasn\u00fa formu. <a href=\"\/ueber-iwell-guard\/?utm_source=iwell-guard.com&#038;utm_medium=text-link&#038;utm_campaign=schadwesen-tradition\">Viac o iWell Guard \u2192<\/a><\/p><\/div>\t\t\t\t\t\t\t\t<\/div>\n\t\t\t\t\t<\/div>\n\t\t\t\t<\/div>\n\t\t\t\t<\/div>\n\t\t","protected":false},"excerpt":{"rendered":"","protected":false},"author":3,"featured_media":1683,"parent":0,"menu_order":0,"comment_status":"closed","ping_status":"closed","template":"elementor_header_footer","meta":{"_yoast_wpseo_focuskw":"Keres, d\u00e9moni bojiska","_yoast_wpseo_title":"Keres - d\u00e9moni bojiska","_yoast_wpseo_metadesc":"Keres, d\u00e9moni bojiska a posli smrti gr\u00e9ckej mytol\u00f3gie. H\u00e9siodos a Hom\u00e9r, ich postavenie ved\u013ea Thanata a mot\u00edv smrti.","_yoast_wpseo_meta-robots-noindex":"","_yoast_wpseo_canonical":"","_angie_page":false,"gefaehrdungsstufe":"4","wesen_kultur":"griechenland","wesen_klasse":"geister","footnotes":""},"categories":[],"class_list":["post-157591","page","type-page","status-publish","has-post-thumbnail","hentry"],"yoast_head":"<!-- This site is optimized with the Yoast SEO Premium plugin v27.7 (Yoast SEO v28.3) - https:\/\/yoast.com\/product\/yoast-seo-premium-wordpress\/ -->\n<title>Keres - d\u00e9moni bojiska<\/title>\n<meta name=\"description\" content=\"Keres, d\u00e9moni bojiska a posli smrti gr\u00e9ckej mytol\u00f3gie. H\u00e9siodos a Hom\u00e9r, ich postavenie ved\u013ea Thanata a mot\u00edv smrti.\" \/>\n<meta name=\"robots\" content=\"index, follow, max-snippet:-1, max-image-preview:large, max-video-preview:-1\" \/>\n<link rel=\"canonical\" href=\"https:\/\/iwell-guard.com\/sk\/keres\/\" \/>\n<meta property=\"og:locale\" content=\"sk_SK\" \/>\n<meta property=\"og:type\" content=\"article\" \/>\n<meta property=\"og:title\" content=\"Keres\" \/>\n<meta property=\"og:description\" content=\"Keres, d\u00e9moni bojiska a posli smrti gr\u00e9ckej mytol\u00f3gie. H\u00e9siodos a Hom\u00e9r, ich postavenie ved\u013ea Thanata a mot\u00edv smrti.\" \/>\n<meta property=\"og:url\" content=\"https:\/\/iwell-guard.com\/sk\/keres\/\" \/>\n<meta property=\"og:site_name\" content=\"iWell Guard\" \/>\n<meta property=\"article:modified_time\" content=\"2026-09-04T22:37:08+00:00\" \/>\n<meta property=\"og:image\" content=\"https:\/\/iwell-guard.com\/wp-content\/uploads\/2026\/04\/geister_griechenland_keres.webp\" \/>\n\t<meta property=\"og:image:width\" content=\"1024\" \/>\n\t<meta property=\"og:image:height\" content=\"1536\" \/>\n\t<meta property=\"og:image:type\" content=\"image\/webp\" \/>\n<meta name=\"twitter:card\" content=\"summary_large_image\" \/>\n<script type=\"application\/ld+json\" class=\"yoast-schema-graph\">{\"@context\":\"https:\\\/\\\/schema.org\",\"@graph\":[{\"@type\":\"WebPage\",\"@id\":\"https:\\\/\\\/iwell-guard.com\\\/sk\\\/keres\\\/\",\"url\":\"https:\\\/\\\/iwell-guard.com\\\/sk\\\/keres\\\/\",\"name\":\"Keres - d\u00e9moni bojiska\",\"isPartOf\":{\"@id\":\"https:\\\/\\\/iwell-guard.com\\\/sk\\\/#website\"},\"primaryImageOfPage\":{\"@id\":\"https:\\\/\\\/iwell-guard.com\\\/sk\\\/keres\\\/#primaryimage\"},\"image\":{\"@id\":\"https:\\\/\\\/iwell-guard.com\\\/sk\\\/keres\\\/#primaryimage\"},\"thumbnailUrl\":\"https:\\\/\\\/iwell-guard.com\\\/wp-content\\\/uploads\\\/2026\\\/04\\\/geister_griechenland_keres.webp\",\"datePublished\":\"2026-09-04T22:14:59+00:00\",\"dateModified\":\"2026-09-04T22:37:08+00:00\",\"description\":\"Keres, d\u00e9moni bojiska a posli smrti gr\u00e9ckej mytol\u00f3gie. H\u00e9siodos a Hom\u00e9r, ich postavenie ved\u013ea Thanata a mot\u00edv smrti.\",\"breadcrumb\":{\"@id\":\"https:\\\/\\\/iwell-guard.com\\\/sk\\\/keres\\\/#breadcrumb\"},\"inLanguage\":\"sk-SK\",\"potentialAction\":[{\"@type\":\"ReadAction\",\"target\":[\"https:\\\/\\\/iwell-guard.com\\\/sk\\\/keres\\\/\"]}]},{\"@type\":\"ImageObject\",\"inLanguage\":\"sk-SK\",\"@id\":\"https:\\\/\\\/iwell-guard.com\\\/sk\\\/keres\\\/#primaryimage\",\"url\":\"https:\\\/\\\/iwell-guard.com\\\/wp-content\\\/uploads\\\/2026\\\/04\\\/geister_griechenland_keres.webp\",\"contentUrl\":\"https:\\\/\\\/iwell-guard.com\\\/wp-content\\\/uploads\\\/2026\\\/04\\\/geister_griechenland_keres.webp\",\"width\":1024,\"height\":1536,\"caption\":\"Duchovia z gr\u00e9ckej trad\u00edcie.\"},{\"@type\":\"BreadcrumbList\",\"@id\":\"https:\\\/\\\/iwell-guard.com\\\/sk\\\/keres\\\/#breadcrumb\",\"itemListElement\":[{\"@type\":\"ListItem\",\"position\":1,\"name\":\"Start\",\"item\":\"https:\\\/\\\/iwell-guard.com\\\/sk\\\/?page_id=157572\"},{\"@type\":\"ListItem\",\"position\":2,\"name\":\"Keres\"}]},{\"@type\":\"WebSite\",\"@id\":\"https:\\\/\\\/iwell-guard.com\\\/sk\\\/#website\",\"url\":\"https:\\\/\\\/iwell-guard.com\\\/sk\\\/\",\"name\":\"iWell Guard\",\"description\":\"Schutz vor dunklen Einfl\u00fcssen\",\"publisher\":{\"@id\":\"https:\\\/\\\/iwell-guard.com\\\/sk\\\/#organization\"},\"potentialAction\":[{\"@type\":\"SearchAction\",\"target\":{\"@type\":\"EntryPoint\",\"urlTemplate\":\"https:\\\/\\\/iwell-guard.com\\\/sk\\\/?s={search_term_string}\"},\"query-input\":{\"@type\":\"PropertyValueSpecification\",\"valueRequired\":true,\"valueName\":\"search_term_string\"}}],\"inLanguage\":\"sk-SK\"},{\"@type\":\"Organization\",\"@id\":\"https:\\\/\\\/iwell-guard.com\\\/sk\\\/#organization\",\"name\":\"Ittermann electronic GmbH\",\"url\":\"https:\\\/\\\/iwell-guard.com\\\/sk\\\/\",\"logo\":{\"@type\":\"ImageObject\",\"inLanguage\":\"sk-SK\",\"@id\":\"https:\\\/\\\/iwell-guard.com\\\/sk\\\/#\\\/schema\\\/logo\\\/image\\\/\",\"url\":\"https:\\\/\\\/iwell-guard.com\\\/wp-content\\\/uploads\\\/2026\\\/05\\\/Ittermann-Logo-1182x237-1.png\",\"contentUrl\":\"https:\\\/\\\/iwell-guard.com\\\/wp-content\\\/uploads\\\/2026\\\/05\\\/Ittermann-Logo-1182x237-1.png\",\"width\":1182,\"height\":237,\"caption\":\"Ittermann electronic GmbH\"},\"image\":{\"@id\":\"https:\\\/\\\/iwell-guard.com\\\/sk\\\/#\\\/schema\\\/logo\\\/image\\\/\"},\"sameAs\":[\"https:\\\/\\\/pantip.com\\\/profile\\\/9367242\",\"https:\\\/\\\/micro.blog\\\/iwellguard\",\"https:\\\/\\\/www.diggerslist.com\\\/iwellguard\\\/about\",\"https:\\\/\\\/skitterphoto.com\\\/photographers\\\/2870314\\\/iwell-guard\",\"https:\\\/\\\/iwellguard.wordpress.com\\\/2026\\\/06\\\/06\\\/iwell-guard\\\/\",\"https:\\\/\\\/hub.docker.com\\\/u\\\/iwellguard\",\"https:\\\/\\\/www.pinterest.com\\\/iwellguard\\\/\",\"https:\\\/\\\/bit.ly\\\/m\\\/iwellguard\",\"https:\\\/\\\/entre-vos-mains.alsace.eu\\\/profiles\\\/iwellguard\\\/activity\",\"https:\\\/\\\/gravatar.com\\\/reallybeded8fd34\",\"https:\\\/\\\/naijamatta.com\\\/iwellguard\",\"https:\\\/\\\/www.goodreads.com\\\/iwellguard\",\"https:\\\/\\\/profile.hatena.ne.jp\\\/iwellguard\\\/\",\"https:\\\/\\\/experiment.com\\\/users\\\/iwellguard\",\"https:\\\/\\\/wakelet.com\\\/@iWellGuard82270\",\"https:\\\/\\\/www.chordie.com\\\/forum\\\/profile.php?id=2555664\",\"https:\\\/\\\/www.instapaper.com\\\/p\\\/17757966\",\"https:\\\/\\\/www.mapleprimes.com\\\/users\\\/iwellguard\",\"https:\\\/\\\/businesslistingplus.com\\\/profile\\\/iwell-guard\\\/\",\"https:\\\/\\\/telegra.ph\\\/iWell-Guard-06-06\",\"https:\\\/\\\/pbase.com\\\/iwellguard\\\/iwellguard\",\"https:\\\/\\\/b.hatena.ne.jp\\\/iwellguard\\\/20260607#bookmark-4788405196491818882\",\"https:\\\/\\\/fliphtml5.com\\\/home\\\/iwellguard\",\"https:\\\/\\\/anyflip.com\\\/homepage\\\/cmiwl#About\",\"https:\\\/\\\/transfur.com\\\/Users\\\/iwellguard\",\"http:\\\/\\\/delphi.larsbo.org\\\/user\\\/iwellguard\",\"https:\\\/\\\/jobs.lajobsportal.org\\\/profiles\\\/8380803-iwell-guard\",\"https:\\\/\\\/md.chaosdorf.de\\\/s\\\/jfbe5SBdJD\",\"https:\\\/\\\/www.lingvolive.com\\\/en-us\\\/profile\\\/9ecaeaca-ce11-4e51-9e71-01d55e2bff36\\\/translations\",\"https:\\\/\\\/www.fitday.com\\\/fitness\\\/forums\\\/members\\\/iwellguard.html\",\"https:\\\/\\\/www.mymeetbook.com\\\/iwellguard\",\"https:\\\/\\\/pxhere.com\\\/en\\\/photographer-me\\\/5040798\",\"https:\\\/\\\/disqus.com\\\/by\\\/iwellguard\\\/about\\\/\",\"https:\\\/\\\/pastelink.net\\\/hjwciqwq\",\"https:\\\/\\\/pubhtml5.com\\\/homepage\\\/scjhn\\\/\",\"https:\\\/\\\/www.bitchute.com\\\/channel\\\/2O2eOKzNqujT\",\"https:\\\/\\\/audiomack.com\\\/iwellguard\"]},{\"@type\":\"Article\",\"@id\":\"https:\\\/\\\/iwell-guard.com\\\/sk\\\/keres\\\/#article\",\"isPartOf\":{\"@id\":\"https:\\\/\\\/iwell-guard.com\\\/sk\\\/keres\\\/\"},\"author\":{\"name\":\"Ralf Ittermann\",\"@id\":\"https:\\\/\\\/iwell-guard.com\\\/sk\\\/#\\\/schema\\\/person\\\/ee2a27f1cac3406c7c6fb5820cb7349f\"},\"headline\":\"Keres\",\"datePublished\":\"2026-09-04T22:14:59+00:00\",\"dateModified\":\"2026-09-04T22:37:08+00:00\",\"mainEntityOfPage\":{\"@id\":\"https:\\\/\\\/iwell-guard.com\\\/sk\\\/keres\\\/\"},\"publisher\":{\"@id\":\"https:\\\/\\\/iwell-guard.com\\\/sk\\\/#organization\"},\"image\":{\"@id\":\"https:\\\/\\\/iwell-guard.com\\\/sk\\\/keres\\\/#primaryimage\"},\"thumbnailUrl\":\"https:\\\/\\\/iwell-guard.com\\\/wp-content\\\/uploads\\\/2026\\\/04\\\/geister_griechenland_keres.webp\",\"inLanguage\":\"sk-SK\",\"description\":\"Keres, d\u00e9moni bojiska a posli smrti gr\u00e9ckej mytol\u00f3gie. H\u00e9siodos a Hom\u00e9r, ich postavenie ved\u013ea Thanata a mot\u00edv smrti.\"}]}<\/script>\n<!-- \/ Yoast SEO Premium plugin. -->","yoast_head_json":{"title":"Keres - d\u00e9moni bojiska","description":"Keres, d\u00e9moni bojiska a posli smrti gr\u00e9ckej mytol\u00f3gie. H\u00e9siodos a Hom\u00e9r, ich postavenie ved\u013ea Thanata a mot\u00edv smrti.","robots":{"index":"index","follow":"follow","max-snippet":"max-snippet:-1","max-image-preview":"max-image-preview:large","max-video-preview":"max-video-preview:-1"},"canonical":"https:\/\/iwell-guard.com\/sk\/keres\/","og_locale":"sk_SK","og_type":"article","og_title":"Keres","og_description":"Keres, d\u00e9moni bojiska a posli smrti gr\u00e9ckej mytol\u00f3gie. H\u00e9siodos a Hom\u00e9r, ich postavenie ved\u013ea Thanata a mot\u00edv smrti.","og_url":"https:\/\/iwell-guard.com\/sk\/keres\/","og_site_name":"iWell Guard","article_modified_time":"2026-09-04T22:37:08+00:00","og_image":[{"width":1024,"height":1536,"url":"https:\/\/iwell-guard.com\/wp-content\/uploads\/2026\/04\/geister_griechenland_keres.webp","type":"image\/webp"}],"twitter_card":"summary_large_image","schema":{"@context":"https:\/\/schema.org","@graph":[{"@type":"Article","@id":"https:\/\/iwell-guard.com\/sk\/keres\/#article","isPartOf":{"@id":"https:\/\/iwell-guard.com\/sk\/keres\/"},"author":{"name":"Ralf Ittermann","@id":"https:\/\/iwell-guard.com\/sk\/#\/schema\/person\/ee2a27f1cac3406c7c6fb5820cb7349f"},"headline":"Keres","datePublished":"2026-09-04T22:14:59+00:00","dateModified":"2026-09-04T22:37:08+00:00","mainEntityOfPage":{"@id":"https:\/\/iwell-guard.com\/sk\/keres\/"},"publisher":{"@id":"https:\/\/iwell-guard.com\/sk\/#organization"},"image":{"@id":"https:\/\/iwell-guard.com\/sk\/keres\/#primaryimage"},"thumbnailUrl":"https:\/\/iwell-guard.com\/wp-content\/uploads\/2026\/04\/geister_griechenland_keres.webp","inLanguage":"sk-SK","description":"Keres, d\u00e9moni bojiska a posli smrti gr\u00e9ckej mytol\u00f3gie. H\u00e9siodos a Hom\u00e9r, ich postavenie ved\u013ea Thanata a mot\u00edv smrti."},{"@type":"WebPage","@id":"https:\/\/iwell-guard.com\/sk\/keres\/","url":"https:\/\/iwell-guard.com\/sk\/keres\/","name":"Keres - d\u00e9moni bojiska","isPartOf":{"@id":"https:\/\/iwell-guard.com\/sk\/#website"},"primaryImageOfPage":{"@id":"https:\/\/iwell-guard.com\/sk\/keres\/#primaryimage"},"image":{"@id":"https:\/\/iwell-guard.com\/sk\/keres\/#primaryimage"},"thumbnailUrl":"https:\/\/iwell-guard.com\/wp-content\/uploads\/2026\/04\/geister_griechenland_keres.webp","datePublished":"2026-09-04T22:14:59+00:00","dateModified":"2026-09-04T22:37:08+00:00","description":"Keres, d\u00e9moni bojiska a posli smrti gr\u00e9ckej mytol\u00f3gie. H\u00e9siodos a Hom\u00e9r, ich postavenie ved\u013ea Thanata a mot\u00edv smrti.","breadcrumb":{"@id":"https:\/\/iwell-guard.com\/sk\/keres\/#breadcrumb"},"inLanguage":"sk-SK","potentialAction":[{"@type":"ReadAction","target":["https:\/\/iwell-guard.com\/sk\/keres\/"]}]},{"@type":"ImageObject","inLanguage":"sk-SK","@id":"https:\/\/iwell-guard.com\/sk\/keres\/#primaryimage","url":"https:\/\/iwell-guard.com\/wp-content\/uploads\/2026\/04\/geister_griechenland_keres.webp","contentUrl":"https:\/\/iwell-guard.com\/wp-content\/uploads\/2026\/04\/geister_griechenland_keres.webp","width":1024,"height":1536,"caption":"Duchovia z gr\u00e9ckej trad\u00edcie."},{"@type":"BreadcrumbList","@id":"https:\/\/iwell-guard.com\/sk\/keres\/#breadcrumb","itemListElement":[{"@type":"ListItem","position":1,"name":"Start","item":"https:\/\/iwell-guard.com\/sk\/?page_id=157572"},{"@type":"ListItem","position":2,"name":"Keres"}]},{"@type":"WebSite","@id":"https:\/\/iwell-guard.com\/sk\/#website","url":"https:\/\/iwell-guard.com\/sk\/","name":"iWell Guard","description":"Schutz vor dunklen Einfl\u00fcssen","publisher":{"@id":"https:\/\/iwell-guard.com\/sk\/#organization"},"potentialAction":[{"@type":"SearchAction","target":{"@type":"EntryPoint","urlTemplate":"https:\/\/iwell-guard.com\/sk\/?s={search_term_string}"},"query-input":{"@type":"PropertyValueSpecification","valueRequired":true,"valueName":"search_term_string"}}],"inLanguage":"sk-SK"},{"@type":"Organization","@id":"https:\/\/iwell-guard.com\/sk\/#organization","name":"Ittermann electronic GmbH","url":"https:\/\/iwell-guard.com\/sk\/","logo":{"@type":"ImageObject","inLanguage":"sk-SK","@id":"https:\/\/iwell-guard.com\/sk\/#\/schema\/logo\/image\/","url":"https:\/\/iwell-guard.com\/wp-content\/uploads\/2026\/05\/Ittermann-Logo-1182x237-1.png","contentUrl":"https:\/\/iwell-guard.com\/wp-content\/uploads\/2026\/05\/Ittermann-Logo-1182x237-1.png","width":1182,"height":237,"caption":"Ittermann electronic GmbH"},"image":{"@id":"https:\/\/iwell-guard.com\/sk\/#\/schema\/logo\/image\/"},"sameAs":["https:\/\/pantip.com\/profile\/9367242","https:\/\/micro.blog\/iwellguard","https:\/\/www.diggerslist.com\/iwellguard\/about","https:\/\/skitterphoto.com\/photographers\/2870314\/iwell-guard","https:\/\/iwellguard.wordpress.com\/2026\/06\/06\/iwell-guard\/","https:\/\/hub.docker.com\/u\/iwellguard","https:\/\/www.pinterest.com\/iwellguard\/","https:\/\/bit.ly\/m\/iwellguard","https:\/\/entre-vos-mains.alsace.eu\/profiles\/iwellguard\/activity","https:\/\/gravatar.com\/reallybeded8fd34","https:\/\/naijamatta.com\/iwellguard","https:\/\/www.goodreads.com\/iwellguard","https:\/\/profile.hatena.ne.jp\/iwellguard\/","https:\/\/experiment.com\/users\/iwellguard","https:\/\/wakelet.com\/@iWellGuard82270","https:\/\/www.chordie.com\/forum\/profile.php?id=2555664","https:\/\/www.instapaper.com\/p\/17757966","https:\/\/www.mapleprimes.com\/users\/iwellguard","https:\/\/businesslistingplus.com\/profile\/iwell-guard\/","https:\/\/telegra.ph\/iWell-Guard-06-06","https:\/\/pbase.com\/iwellguard\/iwellguard","https:\/\/b.hatena.ne.jp\/iwellguard\/20260607#bookmark-4788405196491818882","https:\/\/fliphtml5.com\/home\/iwellguard","https:\/\/anyflip.com\/homepage\/cmiwl#About","https:\/\/transfur.com\/Users\/iwellguard","http:\/\/delphi.larsbo.org\/user\/iwellguard","https:\/\/jobs.lajobsportal.org\/profiles\/8380803-iwell-guard","https:\/\/md.chaosdorf.de\/s\/jfbe5SBdJD","https:\/\/www.lingvolive.com\/en-us\/profile\/9ecaeaca-ce11-4e51-9e71-01d55e2bff36\/translations","https:\/\/www.fitday.com\/fitness\/forums\/members\/iwellguard.html","https:\/\/www.mymeetbook.com\/iwellguard","https:\/\/pxhere.com\/en\/photographer-me\/5040798","https:\/\/disqus.com\/by\/iwellguard\/about\/","https:\/\/pastelink.net\/hjwciqwq","https:\/\/pubhtml5.com\/homepage\/scjhn\/","https:\/\/www.bitchute.com\/channel\/2O2eOKzNqujT","https:\/\/audiomack.com\/iwellguard"]},{"@type":"Person","@id":"https:\/\/iwell-guard.com\/sk\/#\/schema\/person\/ee2a27f1cac3406c7c6fb5820cb7349f","name":"Ralf Ittermann","image":{"@type":"ImageObject","inLanguage":"sk-SK","@id":"https:\/\/secure.gravatar.com\/avatar\/073c0153e350a5005b68eb752b445fea71f6b24a26da9449ad7e155e6b446c9d?s=96&d=mm&r=g","url":"https:\/\/secure.gravatar.com\/avatar\/073c0153e350a5005b68eb752b445fea71f6b24a26da9449ad7e155e6b446c9d?s=96&d=mm&r=g","contentUrl":"https:\/\/secure.gravatar.com\/avatar\/073c0153e350a5005b68eb752b445fea71f6b24a26da9449ad7e155e6b446c9d?s=96&d=mm&r=g","caption":"Ralf Ittermann"},"givenName":"Ralf","familyName":"Ittermann","jobTitle":"Gesch\u00e4ftsf\u00fchrer und redaktioneller Verantwortlicher","url":"https:\/\/iwell-guard.com\/sk\/author\/claude\/","description":"Ralf Ittermann ist Gesch\u00e4ftsf\u00fchrer der Ittermann electronic GmbH und redaktioneller Verantwortlicher des iWell-Guard-Lexikons. Er verbindet langj\u00e4hrige Erfahrung in der Pr\u00e4zisionsfertigung mit medialer Praxis und religionsgeschichtlicher Quellenarbeit.","worksFor":{"@type":"Organization","name":"Ittermann electronic GmbH","url":"https:\/\/ittermann.de\/","address":{"@type":"PostalAddress","streetAddress":"K\u00f6hlergasse 16-18","postalCode":"99842","addressLocality":"Ruhla","addressCountry":"DE"}},"knowsAbout":["Religionsgeschichte","Mythologie","Mediale Praxis","Energetische Diagnostik","Schutzpraxis","Volksglauben","Westliche Esoterik"]},{"@type":"Article","@id":"https:\/\/iwell-guard.com\/sk\/keres\/#article","isPartOf":{"@id":"https:\/\/iwell-guard.com\/sk\/keres\/"},"author":{"name":"Ralf Ittermann","@id":"https:\/\/iwell-guard.com\/sk\/#\/schema\/person\/ee2a27f1cac3406c7c6fb5820cb7349f"},"headline":"Keres","datePublished":"2026-09-04T22:14:59+00:00","dateModified":"2026-09-04T22:37:08+00:00","mainEntityOfPage":{"@id":"https:\/\/iwell-guard.com\/sk\/keres\/"},"publisher":{"@id":"https:\/\/iwell-guard.com\/sk\/#organization"},"image":{"@id":"https:\/\/iwell-guard.com\/sk\/keres\/#primaryimage"},"thumbnailUrl":"https:\/\/iwell-guard.com\/wp-content\/uploads\/2026\/04\/geister_griechenland_keres.webp","inLanguage":"sk-SK","description":"Keres, d\u00e9moni bojiska a posli smrti gr\u00e9ckej mytol\u00f3gie. H\u00e9siodos a Hom\u00e9r, ich postavenie ved\u013ea Thanata a mot\u00edv smrti."}]}},"_links":{"self":[{"href":"https:\/\/iwell-guard.com\/sk\/wp-json\/wp\/v2\/pages\/157591","targetHints":{"allow":["GET"]}}],"collection":[{"href":"https:\/\/iwell-guard.com\/sk\/wp-json\/wp\/v2\/pages"}],"about":[{"href":"https:\/\/iwell-guard.com\/sk\/wp-json\/wp\/v2\/types\/page"}],"author":[{"embeddable":true,"href":"https:\/\/iwell-guard.com\/sk\/wp-json\/wp\/v2\/users\/3"}],"replies":[{"embeddable":true,"href":"https:\/\/iwell-guard.com\/sk\/wp-json\/wp\/v2\/comments?post=157591"}],"version-history":[{"count":0,"href":"https:\/\/iwell-guard.com\/sk\/wp-json\/wp\/v2\/pages\/157591\/revisions"}],"wp:featuredmedia":[{"embeddable":true,"href":"https:\/\/iwell-guard.com\/sk\/wp-json\/wp\/v2\/media\/1683"}],"wp:attachment":[{"href":"https:\/\/iwell-guard.com\/sk\/wp-json\/wp\/v2\/media?parent=157591"}],"wp:term":[{"taxonomy":"category","embeddable":true,"href":"https:\/\/iwell-guard.com\/sk\/wp-json\/wp\/v2\/categories?post=157591"}],"curies":[{"name":"wp","href":"https:\/\/api.w.org\/{rel}","templated":true}]}}