{"id":21771,"date":"2026-07-16T10:32:42","date_gmt":"2026-07-16T10:32:42","guid":{"rendered":"https:\/\/iwell-guard.com\/frau-perchta\/"},"modified":"2026-08-26T10:20:25","modified_gmt":"2026-08-26T10:20:25","slug":"frau-perchta","status":"publish","type":"page","link":"https:\/\/iwell-guard.com\/pt-pt\/frau-perchta\/","title":{"rendered":"Frau Perchta"},"content":{"rendered":"\t\t<div data-elementor-type=\"wp-page\" data-elementor-id=\"21771\" class=\"elementor elementor-21771 elementor-20476\" data-elementor-post-type=\"page\">\n\t\t\t\t<div class=\"elementor-element elementor-element-10fdade e-flex e-con-boxed e-con e-parent\" data-id=\"10fdade\" data-element_type=\"container\" data-e-type=\"container\" data-settings=\"{&quot;background_background&quot;:&quot;classic&quot;}\">\n\t\t\t\t\t<div class=\"e-con-inner\">\n\t\t<div class=\"elementor-element elementor-element-herohlft0 e-flex e-con-boxed e-con e-child\" data-id=\"herohlft0\" data-element_type=\"container\" data-e-type=\"container\">\n\t\t\t\t\t<div class=\"e-con-inner\">\n\t\t<div class=\"elementor-element elementor-element-c3ceb64 e-con-full e-flex e-con e-child\" data-id=\"c3ceb64\" data-element_type=\"container\" data-e-type=\"container\">\n\t\t\t\t<div class=\"elementor-element elementor-element-96ae5e1 elementor-widget elementor-widget-heading\" data-id=\"96ae5e1\" data-element_type=\"widget\" data-e-type=\"widget\" data-widget_type=\"heading.default\">\n\t\t\t\t\t<h1 class=\"elementor-heading-title elementor-size-default\">Frau Perchta, examinadora da dilig\u00eancia e da ordem<\/h1>\t\t\t\t<\/div>\n\t\t\t\t<div class=\"elementor-element elementor-element-e45238a elementor-widget elementor-widget-text-editor\" data-id=\"e45238a\" data-element_type=\"widget\" data-e-type=\"widget\" data-widget_type=\"text-editor.default\">\n\t\t\t\t\t\t\t\t\t<p>Frau Perchta \u00e9 <span class=\"iwg-fachbegriff\" tabindex=\"0\" data-tooltip=\"Um ser incorp\u00f3reo, ao qual \u00e9 atribu\u00edda a\u00e7\u00e3o no mundo.\">esp\u00edrito<\/span> da tradi\u00e7\u00e3o alpina.<\/p>\n<p><strong>Guardi\u00e3 da dilig\u00eancia e da ordem nas doze Raun\u00e4chte.<\/strong><\/p>\n\t\t\t\t\t\t\t\t<\/div>\n\t\t\t\t<\/div>\n\t\t<div class=\"elementor-element elementor-element-klsbdg01 e-con-full e-flex e-con e-child\" data-id=\"klsbdg01\" data-element_type=\"container\" data-e-type=\"container\">\n\t\t\t\t<div class=\"elementor-element elementor-element-klshtm01 elementor-widget elementor-widget-html\" data-id=\"klshtm01\" data-element_type=\"widget\" data-e-type=\"widget\" data-widget_type=\"html.default\">\n\t\t\t\t\t<div class=\"iwg-pill-row\"><span class=\"iwg-klasse-badge\" tabindex=\"0\" data-tooltip=\"Esp\u00edrito: entidade incorp\u00f3rea ou semi-corp\u00f3rea, falecidos, seres da natureza, esp\u00edritos dom\u00e9sticos ou guardi\u00f5es de limiares. Actua na vida quotidiana, muitas vezes ligado a lugares ou fam\u00edlias.\">Esp\u00edrito<\/span><a href=\"https:\/\/iwell-guard.com\/pt-pt\/lendas-alpinas\/\" class=\"iwg-kultur-badge\" tabindex=\"0\" data-tooltip=\"Universo lend\u00e1rio da regi\u00e3o alpina: Baviera, \u00c1ustria, Su\u00ed\u00e7a e Tirol do Sul, desde os esp\u00edritos dos alpes at\u00e9 \u00e0s figuras das Raun\u00e4chte.\">Regi\u00e3o Alpina<\/a><\/div>\t\t\t\t<\/div>\n\t\t\t\t<\/div>\n\t\t<div class=\"elementor-element elementor-element-3f74855 e-con-full e-flex e-con e-child\" data-id=\"3f74855\" data-element_type=\"container\" data-e-type=\"container\">\n\t\t\t\t<div class=\"elementor-element elementor-element-1c30362 elementor-toc--minimized-on-tablet elementor-widget elementor-widget-table-of-contents\" data-id=\"1c30362\" data-element_type=\"widget\" data-e-type=\"widget\" data-settings=\"{&quot;exclude_headings_by_selector&quot;:[],&quot;no_headings_message&quot;:&quot;Es wurden keine \\u00dcberschriften auf dieser Seite gefunden.&quot;,&quot;headings_by_tags&quot;:[&quot;h2&quot;,&quot;h3&quot;],&quot;marker_view&quot;:&quot;bullets&quot;,&quot;icon&quot;:{&quot;value&quot;:&quot;fas fa-circle&quot;,&quot;library&quot;:&quot;fa-solid&quot;,&quot;rendered_tag&quot;:&quot;&lt;svg class=\\&quot;e-font-icon-svg e-fas-circle\\&quot; viewBox=\\&quot;0 0 512 512\\&quot; xmlns=\\&quot;http:\\\/\\\/www.w3.org\\\/2000\\\/svg\\&quot;&gt;&lt;path d=\\&quot;M256 8C119 8 8 119 8 256s111 248 248 248 248-111 248-248S393 8 256 8z\\&quot;&gt;&lt;\\\/path&gt;&lt;\\\/svg&gt;&quot;},&quot;minimize_box&quot;:&quot;yes&quot;,&quot;minimized_on&quot;:&quot;tablet&quot;,&quot;hierarchical_view&quot;:&quot;yes&quot;,&quot;min_height&quot;:{&quot;unit&quot;:&quot;px&quot;,&quot;size&quot;:&quot;&quot;,&quot;sizes&quot;:[]},&quot;min_height_tablet&quot;:{&quot;unit&quot;:&quot;px&quot;,&quot;size&quot;:&quot;&quot;,&quot;sizes&quot;:[]},&quot;min_height_mobile&quot;:{&quot;unit&quot;:&quot;px&quot;,&quot;size&quot;:&quot;&quot;,&quot;sizes&quot;:[]}}\" data-widget_type=\"table-of-contents.default\">\n\t\t\t\t\t\t\t\t\t<div class=\"elementor-toc__header\">\n\t\t\t\t\t\t<h2 class=\"elementor-toc__header-title\">\n\t\t\t\t\u00cdndice\t\t\t<\/h2>\n\t\t\t\t\t\t\t\t\t\t<div class=\"elementor-toc__toggle-button elementor-toc__toggle-button--expand\" role=\"button\" tabindex=\"0\" aria-controls=\"elementor-toc__1c30362\" aria-expanded=\"true\" aria-label=\"Open table of contents\"><svg aria-hidden=\"true\" class=\"e-font-icon-svg e-fas-chevron-down\" viewBox=\"0 0 448 512\" xmlns=\"http:\/\/www.w3.org\/2000\/svg\"><path d=\"M207.029 381.476L12.686 187.132c-9.373-9.373-9.373-24.569 0-33.941l22.667-22.667c9.357-9.357 24.522-9.375 33.901-.04L224 284.505l154.745-154.021c9.379-9.335 24.544-9.317 33.901.04l22.667 22.667c9.373 9.373 9.373 24.569 0 33.941L240.971 381.476c-9.373 9.372-24.569 9.372-33.942 0z\"><\/path><\/svg><\/div>\n\t\t\t\t<div class=\"elementor-toc__toggle-button elementor-toc__toggle-button--collapse\" role=\"button\" tabindex=\"0\" aria-controls=\"elementor-toc__1c30362\" aria-expanded=\"true\" aria-label=\"Close table of contents\"><svg aria-hidden=\"true\" class=\"e-font-icon-svg e-fas-chevron-up\" viewBox=\"0 0 448 512\" xmlns=\"http:\/\/www.w3.org\/2000\/svg\"><path d=\"M240.971 130.524l194.343 194.343c9.373 9.373 9.373 24.569 0 33.941l-22.667 22.667c-9.357 9.357-24.522 9.375-33.901.04L224 227.495 69.255 381.516c-9.379 9.335-24.544 9.317-33.901-.04l-22.667-22.667c-9.373-9.373-9.373-24.569 0-33.941L207.03 130.525c9.372-9.373 24.568-9.373 33.941-.001z\"><\/path><\/svg><\/div>\n\t\t\t\t\t<\/div>\n\t\t\t\t<div id=\"elementor-toc__1c30362\" class=\"elementor-toc__body\">\n\t\t\t<div class=\"elementor-toc__spinner-container\">\n\t\t\t\t<svg class=\"elementor-toc__spinner eicon-animation-spin e-font-icon-svg e-eicon-loading\" aria-hidden=\"true\" viewBox=\"0 0 1000 1000\" xmlns=\"http:\/\/www.w3.org\/2000\/svg\"><path d=\"M500 975V858C696 858 858 696 858 500S696 142 500 142 142 304 142 500H25C25 237 238 25 500 25S975 237 975 500 763 975 500 975Z\"><\/path><\/svg>\t\t\t<\/div>\n\t\t<\/div>\n\t\t\t\t\t\t<\/div>\n\t\t\t\t<\/div>\n\t\t\t\t\t<\/div>\n\t\t\t\t<\/div>\n\t\t<div class=\"elementor-element elementor-element-herorght0 e-con-full e-flex e-con e-child\" data-id=\"herorght0\" data-element_type=\"container\" data-e-type=\"container\">\n\t\t\t\t<div class=\"elementor-element elementor-element-heroimg00 iwg-hero-image elementor-widget elementor-widget-image\" data-id=\"heroimg00\" data-element_type=\"widget\" data-e-type=\"widget\" data-widget_type=\"image.default\">\n\t\t\t\t\t\t\t\t\t\t\t\t\t\t\t<img fetchpriority=\"high\" decoding=\"async\" width=\"682\" height=\"1024\" src=\"https:\/\/iwell-guard.com\/wp-content\/uploads\/2026\/07\/geister_alpin_perchta-682x1024.webp\" class=\"attachment-large size-large wp-image-21772\" alt=\"Frau Perchta - esp\u00edritos da tradi\u00e7\u00e3o alpina, hist\u00f3rico-ilustrativo\" srcset=\"https:\/\/iwell-guard.com\/wp-content\/uploads\/2026\/07\/geister_alpin_perchta-682x1024.webp 682w, https:\/\/iwell-guard.com\/wp-content\/uploads\/2026\/07\/geister_alpin_perchta-200x300.webp 200w, https:\/\/iwell-guard.com\/wp-content\/uploads\/2026\/07\/geister_alpin_perchta-768x1154.webp 768w, https:\/\/iwell-guard.com\/wp-content\/uploads\/2026\/07\/geister_alpin_perchta.webp 1023w\" sizes=\"(max-width: 682px) 100vw, 682px\" \/>\t\t\t\t\t\t\t\t\t\t\t\t\t\t\t<\/div>\n\t\t\t\t<\/div>\n\t\t\t\t\t<\/div>\n\t\t\t\t<\/div>\n\t\t<div class=\"elementor-element elementor-element-32917199 e-flex e-con-boxed e-con e-parent\" data-id=\"32917199\" data-element_type=\"container\" data-e-type=\"container\">\n\t\t\t\t\t<div class=\"e-con-inner\">\n\t\t<div class=\"elementor-element elementor-element-26e916cb e-flex e-con-boxed e-con e-child\" data-id=\"26e916cb\" data-element_type=\"container\" data-e-type=\"container\">\n\t\t\t\t\t<div class=\"e-con-inner\">\n\t\t<div class=\"elementor-element elementor-element-253a40d4 e-flex e-con-boxed e-con e-child\" data-id=\"253a40d4\" data-element_type=\"container\" data-e-type=\"container\">\n\t\t\t\t\t<div class=\"e-con-inner\">\n\t\t\t\t<div class=\"elementor-element elementor-element-1200c304 elementor-widget elementor-widget-heading\" data-id=\"1200c304\" data-element_type=\"widget\" data-e-type=\"widget\" data-widget_type=\"heading.default\">\n\t\t\t\t\t<div class=\"elementor-heading-title elementor-size-default\">Frau Perchta<\/div>\t\t\t\t<\/div>\n\t\t\t\t<div class=\"elementor-element elementor-element-11758e7f elementor-widget elementor-widget-text-editor\" data-id=\"11758e7f\" data-element_type=\"widget\" data-e-type=\"widget\" data-widget_type=\"text-editor.default\">\n\t\t\t\t\t\t\t\t\t<p>Frau Perchta \u00e9 considerada, nos Alpes e na Baviera, guardi\u00e3 da ordem e da dilig\u00eancia: quem trabalhou e fiou ao longo do ano \u00e9 recompensado, quem foi negligente tem de contar com a sua repreens\u00e3o. Torna-se documentalmente apreens\u00edvel pela primeira vez no s\u00e9culo XV, em Thomas Ebendorfer von Haselbach.<\/p>\n<p>Nas Raun\u00e4chte percorre casas e ruas, ora como mulher bela em vestes claras, ora como figura magra com p\u00e9 de ganso. O cortejo de Perchten, ainda vivo at\u00e9 hoje, traduz essa dupla forma num ritual invernal vis\u00edvel.<\/p>\n\t\t\t\t\t\t\t\t<\/div>\n\t\t\t\t\t<\/div>\n\t\t\t\t<\/div>\n\t\t<div class=\"elementor-element elementor-element-159dcf9a e-flex e-con-boxed e-con e-child\" data-id=\"159dcf9a\" data-element_type=\"container\" data-e-type=\"container\">\n\t\t\t\t\t<div class=\"e-con-inner\">\n\t\t\t\t<div class=\"elementor-element elementor-element-48cee66f elementor-widget elementor-widget-heading\" data-id=\"48cee66f\" data-element_type=\"widget\" data-e-type=\"widget\" data-widget_type=\"heading.default\">\n\t\t\t\t\t<div class=\"elementor-heading-title elementor-size-default\">Em vis\u00e3o geral: Frau Perchta<\/div>\t\t\t\t<\/div>\n\t\t\t\t<div class=\"elementor-element elementor-element-3f50d82c elementor-widget elementor-widget-text-editor\" data-id=\"3f50d82c\" data-element_type=\"widget\" data-e-type=\"widget\" data-widget_type=\"text-editor.default\">\n\t\t\t\t\t\t\t\t\t<p><strong>Tipo:<\/strong> esp\u00edrito sazonal e examinadora da dilig\u00eancia e da ordem<br \/>Origem: regi\u00e3o oriental alpina, documentada por escrito desde o s\u00e9culo XV (Thomas Ebendorfer, 1439)<br \/>Textos: serm\u00f5es medievais de penit\u00eancia, Handw\u00f6rterbuch des deutschen Aberglaubens, colect\u00e2neas de lendas do s\u00e9culo XIX<br \/>Per\u00edodo: as doze Raun\u00e4chte entre o Natal e o Dia de Reis<br \/>Apar\u00eancia: mulher bela vestida de branco ou anci\u00e3 magra e de nariz longo, com p\u00e9 de ganso<\/p>\n\t\t\t\t\t\t\t\t<\/div>\n\t\t\t\t\t<\/div>\n\t\t\t\t<\/div>\n\t\t\t\t\t<\/div>\n\t\t\t\t<\/div>\n\t\t\t\t\t<\/div>\n\t\t\t\t<\/div>\n\t\t<div class=\"elementor-element elementor-element-18613602 e-flex e-con-boxed e-con e-parent\" data-id=\"18613602\" data-element_type=\"container\" data-e-type=\"container\">\n\t\t\t\t\t<div class=\"e-con-inner\">\n\t\t\t\t<div class=\"elementor-element elementor-element-262b8a9f elementor-widget elementor-widget-heading\" data-id=\"262b8a9f\" data-element_type=\"widget\" data-e-type=\"widget\" data-widget_type=\"heading.default\">\n\t\t\t\t\t<h2 class=\"elementor-heading-title elementor-size-default\">Contexto das fontes<\/h2>\t\t\t\t<\/div>\n\t\t<div class=\"elementor-element elementor-element-46dcb7d e-con-full e-flex e-con e-child\" data-id=\"46dcb7d\" data-element_type=\"container\" data-e-type=\"container\">\n\t\t<div class=\"elementor-element elementor-element-61d3ab3 e-flex e-con-boxed e-con e-child\" data-id=\"61d3ab3\" data-element_type=\"container\" data-e-type=\"container\">\n\t\t\t\t\t<div class=\"e-con-inner\">\n\t\t\t\t<div class=\"elementor-element elementor-element-117c166 elementor-widget elementor-widget-heading\" data-id=\"117c166\" data-element_type=\"widget\" data-e-type=\"widget\" data-widget_type=\"heading.default\">\n\t\t\t\t\t<h3 class=\"elementor-heading-title elementor-size-default\">Per\u00edodo dos textos<\/h3>\t\t\t\t<\/div>\n\t\t\t\t<div class=\"elementor-element elementor-element-73997a0 elementor-widget elementor-widget-text-editor\" data-id=\"73997a0\" data-element_type=\"widget\" data-e-type=\"widget\" data-widget_type=\"text-editor.default\">\n\t\t\t\t\t\t\t\t\t<p>Documentada por escrito desde o s\u00e9culo XV, com Thomas Ebendorfer em 1439 como testemunho precoce; amplamente documentada pela etnografia no s\u00e9culo XIX e in\u00edcio do s\u00e9culo XX.<\/p>\n\t\t\t\t\t\t\t\t<\/div>\n\t\t\t\t\t<\/div>\n\t\t\t\t<\/div>\n\t\t<div class=\"elementor-element elementor-element-d47b156 e-flex e-con-boxed e-con e-child\" data-id=\"d47b156\" data-element_type=\"container\" data-e-type=\"container\">\n\t\t\t\t\t<div class=\"e-con-inner\">\n\t\t\t\t<div class=\"elementor-element elementor-element-ff38c2b elementor-widget elementor-widget-heading\" data-id=\"ff38c2b\" data-element_type=\"widget\" data-e-type=\"widget\" data-widget_type=\"heading.default\">\n\t\t\t\t\t<h3 class=\"elementor-heading-title elementor-size-default\">\u00c1rea de difus\u00e3o<\/h3>\t\t\t\t<\/div>\n\t\t\t\t<div class=\"elementor-element elementor-element-4e49fcc elementor-widget elementor-widget-text-editor\" data-id=\"4e49fcc\" data-element_type=\"widget\" data-e-type=\"widget\" data-widget_type=\"text-editor.default\">\n\t\t\t\t\t\t\t\t\t<p>Baviera, \u00c1ustria, Tirol do Sul e a regi\u00e3o oriental alpina, com figuras paralelas setentrionais que chegam at\u00e9 \u00e0 Alemanha central.<\/p>\n\t\t\t\t\t\t\t\t<\/div>\n\t\t\t\t\t<\/div>\n\t\t\t\t<\/div>\n\t\t\t\t<\/div>\n\t\t<div class=\"elementor-element elementor-element-db03c39 e-con-full e-flex e-con e-child\" data-id=\"db03c39\" data-element_type=\"container\" data-e-type=\"container\">\n\t\t<div class=\"elementor-element elementor-element-229a87b e-flex e-con-boxed e-con e-child\" data-id=\"229a87b\" data-element_type=\"container\" data-e-type=\"container\">\n\t\t\t\t\t<div class=\"e-con-inner\">\n\t\t\t\t<div class=\"elementor-element elementor-element-1f471fc elementor-widget elementor-widget-heading\" data-id=\"1f471fc\" data-element_type=\"widget\" data-e-type=\"widget\" data-widget_type=\"heading.default\">\n\t\t\t\t\t<h3 class=\"elementor-heading-title elementor-size-default\">Situa\u00e7\u00e3o das fontes<\/h3>\t\t\t\t<\/div>\n\t\t\t\t<div class=\"elementor-element elementor-element-36b1201 elementor-widget elementor-widget-text-editor\" data-id=\"36b1201\" data-element_type=\"widget\" data-e-type=\"widget\" data-widget_type=\"text-editor.default\">\n\t\t\t\t\t\t\t\t\t<p>Os serm\u00f5es medievais de penit\u00eancia, o Handw\u00f6rterbuch des deutschen Aberglaubens e as colect\u00e2neas de lendas do s\u00e9culo XIX constituem a base documental.<\/p>\n\t\t\t\t\t\t\t\t<\/div>\n\t\t\t\t\t<\/div>\n\t\t\t\t<\/div>\n\t\t\t\t<\/div>\n\t\t\t\t\t<\/div>\n\t\t\t\t<\/div>\n\t\t<div class=\"elementor-element elementor-element-3ae0637c e-flex e-con-boxed e-con e-parent\" data-id=\"3ae0637c\" data-element_type=\"container\" data-e-type=\"container\">\n\t\t\t\t\t<div class=\"e-con-inner\">\n\t\t\t\t<div class=\"elementor-element elementor-element-31d07739 elementor-widget elementor-widget-heading\" data-id=\"31d07739\" data-element_type=\"widget\" data-e-type=\"widget\" data-widget_type=\"heading.default\">\n\t\t\t\t\t<h2 class=\"elementor-heading-title elementor-size-default\">Nome e variantes<\/h2>\t\t\t\t<\/div>\n\t\t<div class=\"elementor-element elementor-element-b7642947 e-con-full e-flex e-con e-child\" data-id=\"b7642947\" data-element_type=\"container\" data-e-type=\"container\">\n\t\t\t\t<div class=\"elementor-element elementor-element-a086266 elementor-widget elementor-widget-text-editor\" data-id=\"a086266\" data-element_type=\"widget\" data-e-type=\"widget\" data-widget_type=\"text-editor.default\">\n\t\t\t\t\t\t\t\t\t<p><strong>Alto-alem\u00e3o antigo:<\/strong> O nome \u00e9 geralmente associado a beraht, a brilhante, mais raramente a pergan, a oculta; a investiga\u00e7\u00e3o n\u00e3o esclareceu definitivamente a quest\u00e3o. O nome est\u00e1 ainda relacionado com o Berchtentag, a festa da Epifania a 6 de janeiro.<\/p>\n\t\t\t\t\t\t\t\t<\/div>\n\t\t\t\t<\/div>\n\t\t\t\t\t<\/div>\n\t\t\t\t<\/div>\n\t\t<div class=\"elementor-element elementor-element-709a44a8 e-flex e-con-boxed e-con e-parent\" data-id=\"709a44a8\" data-element_type=\"container\" data-e-type=\"container\">\n\t\t\t\t\t<div class=\"e-con-inner\">\n\t\t\t\t<div class=\"elementor-element elementor-element-2f585873 elementor-widget elementor-widget-heading\" data-id=\"2f585873\" data-element_type=\"widget\" data-e-type=\"widget\" data-widget_type=\"heading.default\">\n\t\t\t\t\t<h2 class=\"elementor-heading-title elementor-size-default\">Forma e a\u00e7\u00e3o<\/h2>\t\t\t\t<\/div>\n\t\t<div class=\"elementor-element elementor-element-70621c12 e-con-full e-flex e-con e-child\" data-id=\"70621c12\" data-element_type=\"container\" data-e-type=\"container\">\n\t\t\t\t<div class=\"elementor-element elementor-element-4296eb49 elementor-widget elementor-widget-text-editor\" data-id=\"4296eb49\" data-element_type=\"widget\" data-e-type=\"widget\" data-widget_type=\"text-editor.default\">\n\t\t\t\t\t\t\t\t\t<p><strong>Apar\u00eancia<\/strong><\/p>\n<p>Perchta aparece em duas formas opostas: como uma mulher bela, vestida com um manto claro, frequentemente branco, associada \u00e0 luz, \u00e0 pureza e \u00e0 fertilidade, ou como uma figura magra, de nariz longo, cabelo desgrenhado e o caracter\u00edstico p\u00e9 de ganso ou p\u00e9 de cisne que lhe d\u00e1 o nome.<\/p>\n<p><strong>A\u00e7\u00e3o<\/strong><\/p>\n<p>Ambas as formas verificam se as rocas de fiar foram guardadas, as casas arrumadas e o trabalho do ano devidamente terminado. No Perchtenlauf dos Alpes Orientais, esta figura dupla reflete-se ainda hoje nas m\u00e1scaras bonitas e nas m\u00e1scaras feias do Perchten.<\/p>\n\t\t\t\t\t\t\t\t<\/div>\n\t\t\t\t<\/div>\n\t\t\t\t\t<\/div>\n\t\t\t\t<\/div>\n\t\t<div class=\"elementor-element elementor-element-44e71476 e-flex e-con-boxed e-con e-parent\" data-id=\"44e71476\" data-element_type=\"container\" data-e-type=\"container\">\n\t\t\t\t\t<div class=\"e-con-inner\">\n\t\t\t\t<div class=\"elementor-element elementor-element-3c1fc3f0 elementor-widget elementor-widget-heading\" data-id=\"3c1fc3f0\" data-element_type=\"widget\" data-e-type=\"widget\" data-widget_type=\"heading.default\">\n\t\t\t\t\t<h2 class=\"elementor-heading-title elementor-size-default\">Perfil: Frau Perchta<\/h2>\t\t\t\t<\/div>\n\t\t<div class=\"elementor-element elementor-element-84f33b8e e-con-full e-flex e-con e-child\" data-id=\"84f33b8e\" data-element_type=\"container\" data-e-type=\"container\">\n\t\t\t\t<div class=\"elementor-element elementor-element-hqkdc67p elementor-widget elementor-widget-text-editor\" data-id=\"hqkdc67p\" data-element_type=\"widget\" data-e-type=\"widget\" data-widget_type=\"text-editor.default\">\n\t\t\t\t\t\t\t\t\t<p>Os aspetos mais importantes da guardi\u00e3 das Raun\u00e4chte, num s\u00f3 olhar.<\/p>\n\t\t\t\t\t\t\t\t<\/div>\n\t\t\t\t<\/div>\n\t\t<div class=\"elementor-element elementor-element-pemmx7c5 e-con-full e-flex e-con e-child\" data-id=\"pemmx7c5\" data-element_type=\"container\" data-e-type=\"container\">\n\t\t<div class=\"elementor-element elementor-element-pemmx7c1 e-con-full e-flex e-con e-child\" data-id=\"pemmx7c1\" data-element_type=\"container\" data-e-type=\"container\">\n\t\t<div class=\"elementor-element elementor-element-qh9oavvu iwg-steckbrief-card e-flex e-con-boxed e-con e-child\" data-id=\"qh9oavvu\" data-element_type=\"container\" data-e-type=\"container\">\n\t\t\t\t\t<div class=\"e-con-inner\">\n\t\t\t\t<div class=\"elementor-element elementor-element-awzx8k2k elementor-widget elementor-widget-heading\" data-id=\"awzx8k2k\" data-element_type=\"widget\" data-e-type=\"widget\" data-widget_type=\"heading.default\">\n\t\t\t\t\t<div class=\"elementor-heading-title elementor-size-default\">Contexto cultural<\/div>\t\t\t\t<\/div>\n\t\t\t\t<div class=\"elementor-element elementor-element-x6rowhv0 elementor-widget elementor-widget-text-editor\" data-id=\"x6rowhv0\" data-element_type=\"widget\" data-e-type=\"widget\" data-widget_type=\"text-editor.default\">\n\t\t\t\t\t\t\t\t\t<p>Esp\u00edrito sazonal do espa\u00e7o alpino oriental, atestado pela Igreja desde o s\u00e9culo XV e classificado por Jacob Grimm como parente do sul da Frau Holle.<\/p>\n\t\t\t\t\t\t\t\t<\/div>\n\t\t\t\t\t<\/div>\n\t\t\t\t<\/div>\n\t\t<div class=\"elementor-element elementor-element-8e3o4kxs iwg-steckbrief-card e-flex e-con-boxed e-con e-child\" data-id=\"8e3o4kxs\" data-element_type=\"container\" data-e-type=\"container\">\n\t\t\t\t\t<div class=\"e-con-inner\">\n\t\t\t\t<div class=\"elementor-element elementor-element-08rkdgov elementor-widget elementor-widget-heading\" data-id=\"08rkdgov\" data-element_type=\"widget\" data-e-type=\"widget\" data-widget_type=\"heading.default\">\n\t\t\t\t\t<div class=\"elementor-heading-title elementor-size-default\">Respons\u00e1vel por<\/div>\t\t\t\t<\/div>\n\t\t\t\t<div class=\"elementor-element elementor-element-uwjelx8s elementor-widget elementor-widget-text-editor\" data-id=\"uwjelx8s\" data-element_type=\"widget\" data-e-type=\"widget\" data-widget_type=\"text-editor.default\">\n\t\t\t\t\t\t\t\t\t<p>Fiandeiras, criados e crian\u00e7as: Perchta controla a dilig\u00eancia e a ordem na casa e vigia a passagem do ano velho para o novo.<\/p>\n\t\t\t\t\t\t\t\t<\/div>\n\t\t\t\t\t<\/div>\n\t\t\t\t<\/div>\n\t\t<div class=\"elementor-element elementor-element-jm2n74ec iwg-steckbrief-card e-flex e-con-boxed e-con e-child\" data-id=\"jm2n74ec\" data-element_type=\"container\" data-e-type=\"container\">\n\t\t\t\t\t<div class=\"e-con-inner\">\n\t\t\t\t<div class=\"elementor-element elementor-element-8vufse4c elementor-widget elementor-widget-heading\" data-id=\"8vufse4c\" data-element_type=\"widget\" data-e-type=\"widget\" data-widget_type=\"heading.default\">\n\t\t\t\t\t<div class=\"elementor-heading-title elementor-size-default\">Representa\u00e7\u00e3o<\/div>\t\t\t\t<\/div>\n\t\t\t\t<div class=\"elementor-element elementor-element-mwb9u015 elementor-widget elementor-widget-text-editor\" data-id=\"mwb9u015\" data-element_type=\"widget\" data-e-type=\"widget\" data-widget_type=\"text-editor.default\">\n\t\t\t\t\t\t\t\t\t<p>Mulher bela, vestida de branco, ou velha magra de nariz longo e p\u00e9 de ganso; representada no Perchtenlauf como m\u00e1scara bonita e m\u00e1scara feia.<\/p>\n\t\t\t\t\t\t\t\t<\/div>\n\t\t\t\t\t<\/div>\n\t\t\t\t<\/div>\n\t\t\t\t<\/div>\n\t\t<div class=\"elementor-element elementor-element-pemmx7c2 e-con-full e-flex e-con e-child\" data-id=\"pemmx7c2\" data-element_type=\"container\" data-e-type=\"container\">\n\t\t<div class=\"elementor-element elementor-element-37ss2yr6 iwg-steckbrief-card e-flex e-con-boxed e-con e-child\" data-id=\"37ss2yr6\" data-element_type=\"container\" data-e-type=\"container\">\n\t\t\t\t\t<div class=\"e-con-inner\">\n\t\t\t\t<div class=\"elementor-element elementor-element-3v0wp3wx elementor-widget elementor-widget-heading\" data-id=\"3v0wp3wx\" data-element_type=\"widget\" data-e-type=\"widget\" data-widget_type=\"heading.default\">\n\t\t\t\t\t<div class=\"elementor-heading-title elementor-size-default\">\u00c2mbito de a\u00e7\u00e3o<\/div>\t\t\t\t<\/div>\n\t\t\t\t<div class=\"elementor-element elementor-element-w3247g2m elementor-widget elementor-widget-text-editor\" data-id=\"w3247g2m\" data-element_type=\"widget\" data-e-type=\"widget\" data-widget_type=\"text-editor.default\">\n\t\t\t\t\t\t\t\t\t<p>Recompensa da dilig\u00eancia com b\u00ean\u00e7\u00e3o e boa colheita, repreens\u00e3o e, em narrativas mais antigas, castigos mais duros em caso de neglig\u00eancia.<\/p>\n\t\t\t\t\t\t\t\t<\/div>\n\t\t\t\t\t<\/div>\n\t\t\t\t<\/div>\n\t\t<div class=\"elementor-element elementor-element-0qpjal9w iwg-steckbrief-card e-flex e-con-boxed e-con e-child\" data-id=\"0qpjal9w\" data-element_type=\"container\" data-e-type=\"container\">\n\t\t\t\t\t<div class=\"e-con-inner\">\n\t\t\t\t<div class=\"elementor-element elementor-element-6ndoih0o elementor-widget elementor-widget-heading\" data-id=\"6ndoih0o\" data-element_type=\"widget\" data-e-type=\"widget\" data-widget_type=\"heading.default\">\n\t\t\t\t\t<div class=\"elementor-heading-title elementor-size-default\">Comportamento recomendado<\/div>\t\t\t\t<\/div>\n\t\t\t\t<div class=\"elementor-element elementor-element-6684tyh9 elementor-widget elementor-widget-text-editor\" data-id=\"6684tyh9\" data-element_type=\"widget\" data-e-type=\"widget\" data-widget_type=\"text-editor.default\">\n\t\t\t\t\t\t\t\t\t<p>Rocas de fiar guardadas e salas arrumadas antes da noite cr\u00edtica, al\u00e9m de fumiga\u00e7\u00e3o, f\u00f3rmulas de conjuro e ora\u00e7\u00f5es no limiar.<\/p>\n\t\t\t\t\t\t\t\t<\/div>\n\t\t\t\t\t<\/div>\n\t\t\t\t<\/div>\n\t\t<div class=\"elementor-element elementor-element-3lfi7x32 iwg-steckbrief-card e-flex e-con-boxed e-con e-child\" data-id=\"3lfi7x32\" data-element_type=\"container\" data-e-type=\"container\">\n\t\t\t\t\t<div class=\"e-con-inner\">\n\t\t\t\t<div class=\"elementor-element elementor-element-0kg99ga1 elementor-widget elementor-widget-heading\" data-id=\"0kg99ga1\" data-element_type=\"widget\" data-e-type=\"widget\" data-widget_type=\"heading.default\">\n\t\t\t\t\t<div class=\"elementor-heading-title elementor-size-default\">Relacionados<\/div>\t\t\t\t<\/div>\n\t\t\t\t<div class=\"elementor-element elementor-element-n0fum6kp elementor-widget elementor-widget-text-editor\" data-id=\"n0fum6kp\" data-element_type=\"widget\" data-e-type=\"widget\" data-widget_type=\"text-editor.default\">\n\t\t\t\t\t\t\t\t\t<p>A <a href=\"https:\/\/iwell-guard.com\/pt-pt\/kikimora\/\">Kikimora<\/a> eslava oriental como esp\u00edrito dom\u00e9stico punitivo relacionado, al\u00e9m dos cortejos noturnos de mulheres em torno de <a href=\"https:\/\/iwell-guard.com\/pt-pt\/diana\/\">Diana<\/a>, provenientes do Canon Episcopi.<\/p>\n\t\t\t\t\t\t\t\t<\/div>\n\t\t\t\t\t<\/div>\n\t\t\t\t<\/div>\n\t\t\t\t<\/div>\n\t\t\t\t<\/div>\n\t\t\t\t\t<\/div>\n\t\t\t\t<\/div>\n\t\t<div class=\"elementor-element elementor-element-7533bc7a e-flex e-con-boxed e-con e-parent\" data-id=\"7533bc7a\" data-element_type=\"container\" data-e-type=\"container\">\n\t\t\t\t\t<div class=\"e-con-inner\">\n\t\t\t\t<div class=\"elementor-element elementor-element-2447d18d elementor-widget elementor-widget-heading\" data-id=\"2447d18d\" data-element_type=\"widget\" data-e-type=\"widget\" data-widget_type=\"heading.default\">\n\t\t\t\t\t<h2 class=\"elementor-heading-title elementor-size-default\">Do serm\u00e3o penitencial ao Berchtentag<\/h2>\t\t\t\t<\/div>\n\t\t<div class=\"elementor-element elementor-element-d5d0260c e-con-full e-flex e-con e-child\" data-id=\"d5d0260c\" data-element_type=\"container\" data-e-type=\"container\">\n\t\t\t\t<div class=\"elementor-element elementor-element-341be2ac elementor-widget elementor-widget-text-editor\" data-id=\"341be2ac\" data-element_type=\"widget\" data-e-type=\"widget\" data-widget_type=\"text-editor.default\">\n\t\t\t\t\t\t\t\t\t<p>O nome Perchta \u00e9 geralmente associado ao alto-alem\u00e3o antigo beraht, a brilhante, mais raramente a pergan, a oculta. Os primeiros vest\u00edgios liter\u00e1rios encontram-se no s\u00e9culo XV, em Thomas Ebendorfer von Haselbach, que na sua colet\u00e2nea de serm\u00f5es De decem praeceptis condena o culto de Perchta como supersti\u00e7\u00e3o, e no Thesaurus pauperum de 1468. O nome est\u00e1 relacionado com o Berchtentag, a festa da Epifania a 6 de janeiro, na qual a figura recebia especial aten\u00e7\u00e3o.<\/p>\n<p>Jacob Grimm classificou Perchta, na sua Deutsche Mythologie, como parente do sul da Frau Holle do norte da Alemanha, com quem partilha os pap\u00e9is de vigilante das salas de fia\u00e7\u00e3o e protetora dos animais; se est\u00e1 na base uma figura antiga comum ou tradi\u00e7\u00f5es regionalmente distintas surgidas em paralelo \u00e9 algo discutido na investiga\u00e7\u00e3o. Camadas mais antigas da lenda conhecem um motivo punitivo dr\u00e1stico, no qual Perchta abre a barriga e a enche com palha ou restos de forragem; na tradi\u00e7\u00e3o hoje narrada e vivida nos Alpes, contudo, sobressai claramente o papel de examinadora branda, ainda que rigorosa.<\/p>\n\t\t\t\t\t\t\t\t<\/div>\n\t\t\t\t<\/div>\n\t\t\t\t\t<\/div>\n\t\t\t\t<\/div>\n\t\t<div class=\"elementor-element elementor-element-cf9ff8f e-flex e-con-boxed e-con e-parent\" data-id=\"cf9ff8f\" data-element_type=\"container\" data-e-type=\"container\">\n\t\t\t\t\t<div class=\"e-con-inner\">\n\t\t\t\t<div class=\"elementor-element elementor-element- elementor-widget elementor-widget-heading\" data-id=\"\" data-element_type=\"widget\" data-e-type=\"widget\" data-widget_type=\"heading.default\">\n\t\t\t\t\t<h2 class=\"elementor-heading-title elementor-size-default\">Primeiros testemunhos: a Giperchtennacht, 1393 e 1411<\/h2>\t\t\t\t<\/div>\n\t\t<div class=\"elementor-element elementor-element- e-con-full e-flex e-con e-child\" data-id=\"\" data-element_type=\"container\" data-e-type=\"container\">\n\t\t\t\t<div class=\"elementor-element elementor-element- elementor-widget elementor-widget-text-editor\" data-id=\"\" data-element_type=\"widget\" data-e-type=\"widget\" data-widget_type=\"text-editor.default\">\n\t\t\t\t\t\t\t\t\t<p>O nome remonta \u00e0 linguagem eclesi\u00e1stica medieval. Em alto-alem\u00e3o m\u00e9dio, bercht significa brilhante ou luminoso. Essa noite brilhante era a v\u00e9spera de 6 de janeiro, a festa da Epifania do Senhor. Nas Glosas de Mondsee, do s\u00e9culo XI, est\u00e1 documentada para essa noite a designa\u00e7\u00e3o Giperchtennacht.<\/p><p>A figura lend\u00e1ria de Perchta \u00e9 atestada desde o final da Idade M\u00e9dia. Um poema tirol\u00eas de 1393 menciona as Berchten de nariz comprido. Em 1411, Hans Vintler zomba, em Pluemen der Tugent, da cren\u00e7a nas Perchten de nariz de ferro.<\/p><p>Os cortejos mascarados na mudan\u00e7a de ano s\u00e3o, contudo, mais antigos do que o nome. J\u00e1 por volta do ano 500, Ces\u00e1rio de Arles pregava contra os ruidosos costumes de disfarce do in\u00edcio do ano. Se existe continuidade entre esses cortejos da Antiguidade tardia e as Perchten alpinas \u00e9 algo que a investiga\u00e7\u00e3o discute sem consenso.<\/p><p>A folclorista Marianne Rumpf interpretou a figura sobretudo a partir da catequese eclesi\u00e1stica, n\u00e3o de uma tradi\u00e7\u00e3o pag\u00e3. N\u00e3o existe nas fontes qualquer testemunho de uma deusa pr\u00e9-crist\u00e3 Perchta.<\/p>\t\t\t\t\t\t\t\t<\/div>\n\t\t\t\t<\/div>\n\t\t\t\t\t<\/div>\n\t\t\t\t<\/div>\n\t\t<div class=\"elementor-element elementor-element-5a584676 e-flex e-con-boxed e-con e-parent\" data-id=\"5a584676\" data-element_type=\"container\" data-e-type=\"container\">\n\t\t\t\t\t<div class=\"e-con-inner\">\n\t\t\t\t<div class=\"elementor-element elementor-element-6d0757bf elementor-widget elementor-widget-heading\" data-id=\"6d0757bf\" data-element_type=\"widget\" data-e-type=\"widget\" data-widget_type=\"heading.default\">\n\t\t\t\t\t<h2 class=\"elementor-heading-title elementor-size-default\">Perchtenlauf e reinterpreta\u00e7\u00e3o moderna<\/h2>\t\t\t\t<\/div>\n\t\t<div class=\"elementor-element elementor-element-60563f68 e-con-full e-flex e-con e-child\" data-id=\"60563f68\" data-element_type=\"container\" data-e-type=\"container\">\n\t\t\t\t<div class=\"elementor-element elementor-element-5a93fdd6 elementor-widget elementor-widget-text-editor\" data-id=\"5a93fdd6\" data-element_type=\"widget\" data-e-type=\"widget\" data-widget_type=\"text-editor.default\">\n\t\t\t\t\t\t\t\t\t<p>Perchta manteve-se viva no espa\u00e7o alpino sobretudo atrav\u00e9s do Perchtenlauf, que se realiza at\u00e9 hoje na passagem de ano e em torno de 6 de janeiro em Salzburgo, no Tirol e em regi\u00f5es vizinhas. Na literatura popular e esot\u00e9rica contempor\u00e2nea, \u00e9 frequentemente reinterpretada como uma deusa das Raun\u00e4chte e das esta\u00e7\u00f5es, uma leitura que se distancia da tradi\u00e7\u00e3o popular mais antiga e rigorosa.<\/p>\n<p>Perchta pertence \u00e0s chamadas dem\u00f3nias sazonais, cuja apari\u00e7\u00e3o est\u00e1 ligada \u00e0 passagem entre os anos e que encarnam simultaneamente controlo e fertilidade. A figura dupla, de apar\u00eancia bela e feia, pode ser lida como personifica\u00e7\u00e3o de recompensa e castigo, inserida numa economia do trabalho dom\u00e9stico em que fiar e a ordem eram valores centrais. A condena\u00e7\u00e3o eclesi\u00e1stica do culto de Perchta desde o s\u00e9culo XV mostra que a figura foi, durante muito tempo, entendida como resqu\u00edcio de conce\u00e7\u00f5es pr\u00e9-crist\u00e3s, ainda que n\u00e3o se possa comprovar, a partir das fontes tardias, uma continuidade cultual ininterrupta.<\/p>\n\t\t\t\t\t\t\t\t<\/div>\n\t\t\t\t<\/div>\n\t\t\t\t\t<\/div>\n\t\t\t\t<\/div>\n\t\t<div class=\"elementor-element elementor-element-337f328 e-flex e-con-boxed e-con e-parent\" data-id=\"337f328\" data-element_type=\"container\" data-e-type=\"container\">\n\t\t\t\t\t<div class=\"e-con-inner\">\n\t\t\t\t<div class=\"elementor-element elementor-element- elementor-widget elementor-widget-heading\" data-id=\"\" data-element_type=\"widget\" data-e-type=\"widget\" data-widget_type=\"heading.default\">\n\t\t\t\t\t<h2 class=\"elementor-heading-title elementor-size-default\">Sch\u00f6nperchten e Schiachperchten<\/h2>\t\t\t\t<\/div>\n\t\t<div class=\"elementor-element elementor-element- e-con-full e-flex e-con e-child\" data-id=\"\" data-element_type=\"container\" data-e-type=\"container\">\n\t\t\t\t<div class=\"elementor-element elementor-element- elementor-widget elementor-widget-text-editor\" data-id=\"\" data-element_type=\"widget\" data-e-type=\"widget\" data-widget_type=\"text-editor.default\">\n\t\t\t\t\t\t\t\t\t<p>O costume tem dois rostos, e ambos pertencem um ao outro.<\/p><p>As Sch\u00f6nperchten (\u00abPerchten belas\u00bb) aparecem de dia. Trazem estruturas suntuosas, muitas vezes com a altura de uma torre, enfeitadas com espelhos, flores e fitas, e desejam \u00e0s casas sorte e b\u00ean\u00e7\u00e3o para o novo ano.<\/p><p>As Schiachperchten s\u00e3o o lado noturno do costume. A palavra do alto-alem\u00e3o schiach significa feio. Trazem m\u00e1scaras de madeira demon\u00edacas, com chifres e dentes, pele e chocalhos. Percorrem as ruas fazendo barulho. Segundo a interpreta\u00e7\u00e3o corrente, expulsam assim o mal do ano velho antes de a b\u00ean\u00e7\u00e3o poder entrar.<\/p>\t\t\t\t\t\t\t\t<\/div>\n\t\t\t\t<\/div>\n\t\t\t\t\t<\/div>\n\t\t\t\t<\/div>\n\t\t<div class=\"elementor-element elementor-element-e89e661 e-flex e-con-boxed e-con e-parent\" data-id=\"e89e661\" data-element_type=\"container\" data-e-type=\"container\">\n\t\t\t\t\t<div class=\"e-con-inner\">\n\t\t\t\t<div class=\"elementor-element elementor-element- elementor-widget elementor-widget-heading\" data-id=\"\" data-element_type=\"widget\" data-e-type=\"widget\" data-widget_type=\"heading.default\">\n\t\t\t\t\t<h2 class=\"elementor-heading-title elementor-size-default\">O tempo das Perchten: as Raun\u00e4chte e a Perchtennacht<\/h2>\t\t\t\t<\/div>\n\t\t<div class=\"elementor-element elementor-element- e-con-full e-flex e-con e-child\" data-id=\"\" data-element_type=\"container\" data-e-type=\"container\">\n\t\t\t\t<div class=\"elementor-element elementor-element- elementor-widget elementor-widget-text-editor\" data-id=\"\" data-element_type=\"widget\" data-e-type=\"widget\" data-widget_type=\"text-editor.default\">\n\t\t\t\t\t\t\t\t\t<p>O verdadeiro tempo das Perchten s\u00e3o as <a href=\"https:\/\/iwell-guard.com\/rauhnaechte\/\">Raun\u00e4chte<\/a>, da v\u00e9spera de Natal ao Dia de Reis. Nessas noites, a ordem do mundo era tida como perme\u00e1vel. Cortejos, barulho e votos de b\u00ean\u00e7\u00e3o deviam conduzir a casa e a quinta atrav\u00e9s da mudan\u00e7a de ano.<\/p><p>O encerramento \u00e9 a 5 de janeiro, nalguns lugares chamado Gl\u00f6ckeltag (\u00abdia dos chocalhos\u00bb), seguido pela Perchtennacht na v\u00e9spera do Dia de Reis. \u00c9 nessa data que as localidades fi\u00e9is \u00e0 tradi\u00e7\u00e3o realizam at\u00e9 hoje os seus cortejos.<\/p>\t\t\t\t\t\t\t\t<\/div>\n\t\t\t\t<\/div>\n\t\t\t\t\t<\/div>\n\t\t\t\t<\/div>\n\t\t<div class=\"elementor-element elementor-element-de94d99 e-flex e-con-boxed e-con e-parent\" data-id=\"de94d99\" data-element_type=\"container\" data-e-type=\"container\">\n\t\t\t\t\t<div class=\"e-con-inner\">\n\t\t\t\t<div class=\"elementor-element elementor-element- elementor-widget elementor-widget-heading\" data-id=\"\" data-element_type=\"widget\" data-e-type=\"widget\" data-widget_type=\"heading.default\">\n\t\t\t\t\t<h2 class=\"elementor-heading-title elementor-size-default\">Perchtenl\u00e4ufe: do Pongau ao Salzkammergut<\/h2>\t\t\t\t<\/div>\n\t\t<div class=\"elementor-element elementor-element- e-con-full e-flex e-con e-child\" data-id=\"\" data-element_type=\"container\" data-e-type=\"container\">\n\t\t\t\t<div class=\"elementor-element elementor-element- elementor-widget elementor-widget-text-editor\" data-id=\"\" data-element_type=\"widget\" data-e-type=\"widget\" data-widget_type=\"text-editor.default\">\n\t\t\t\t\t\t\t\t\t<p>O cortejo tradicional mais conhecido \u00e9 o Pongauer Perchtenlauf, na regi\u00e3o de Salzburgo, comprovadamente existente desde antes de 1850. Realiza-se, alternadamente, nos munic\u00edpios de St. Johann, Altenmarkt, Bischofshofen, Bad Gastein e Bad Hofgastein, sempre por volta do Dia de Reis. No vale de Gastein, o cortejo inclui as Tafelperchten e as Kappenperchten, com as suas estruturas de v\u00e1rios metros de altura, al\u00e9m de figuras de acompanhamento como a <a href=\"https:\/\/iwell-guard.com\/habergeiss\/\">Habergei\u00df<\/a> ou o urso com o seu domador.<\/p><p>Existem ainda formas especiais e aut\u00f3nomas. Em Rauris, saem \u00e0 rua as Schnabelperchten, figuras com longos bicos de tecido que, segundo a lenda, verificam a ordem e a limpeza da casa. No Salzkammergut, a 5 de janeiro, desfilam os Gl\u00f6ckler, figuras vestidas de branco com gorros luminosos. No Pinzgau, os Tresterer saltam a sua antiga dan\u00e7a de passos, e no Ennstal aparece a Vogelpercht.<\/p>\t\t\t\t\t\t\t\t<\/div>\n\t\t\t\t<\/div>\n\t\t\t\t\t<\/div>\n\t\t\t\t<\/div>\n\t\t<div class=\"elementor-element elementor-element-16c1f9d e-flex e-con-boxed e-con e-parent\" data-id=\"16c1f9d\" data-element_type=\"container\" data-e-type=\"container\">\n\t\t\t\t\t<div class=\"e-con-inner\">\n\t\t\t\t<div class=\"elementor-element elementor-element- elementor-widget elementor-widget-heading\" data-id=\"\" data-element_type=\"widget\" data-e-type=\"widget\" data-widget_type=\"heading.default\">\n\t\t\t\t\t<h2 class=\"elementor-heading-title elementor-size-default\">Que outros nomes t\u00eam as Perchten? Nomes regionais<\/h2>\t\t\t\t<\/div>\n\t\t<div class=\"elementor-element elementor-element- e-con-full e-flex e-con e-child\" data-id=\"\" data-element_type=\"container\" data-e-type=\"container\">\n\t\t\t\t<div class=\"elementor-element elementor-element- elementor-widget elementor-widget-text-editor\" data-id=\"\" data-element_type=\"widget\" data-e-type=\"widget\" data-widget_type=\"text-editor.default\">\n\t\t\t\t\t\t\t\t\t<p>Consoante a regi\u00e3o, a figura tem nomes diferentes. Na Baixa \u00c1ustria, era conhecida como Bechtra; na regi\u00e3o de Ausseerland, como B\u00e4rigl; na Est\u00edria Oriental e no Burgenland, como Rauweib ou Pudelfrau. Na Alta Baviera conhecem-se figuras aparentadas como Holzmandl ou Moosmann; no nordeste da Baviera, como Specht. Na Alemanha central, \u00e9 <a href=\"https:\/\/iwell-guard.com\/holla\/\">Frau Holle<\/a> quem assume o papel da figura feminina do inverno.<\/p><p>Tamb\u00e9m a grafia varia: Percht, Bercht, Berchta, Perchta. Trata-se sempre da mesma figura das Raun\u00e4chte.<\/p>\t\t\t\t\t\t\t\t<\/div>\n\t\t\t\t<\/div>\n\t\t\t\t\t<\/div>\n\t\t\t\t<\/div>\n\t\t<div class=\"elementor-element elementor-element-61aefbe e-flex e-con-boxed e-con e-parent\" data-id=\"61aefbe\" data-element_type=\"container\" data-e-type=\"container\">\n\t\t\t\t\t<div class=\"e-con-inner\">\n\t\t\t\t<div class=\"elementor-element elementor-element- elementor-widget elementor-widget-heading\" data-id=\"\" data-element_type=\"widget\" data-e-type=\"widget\" data-widget_type=\"heading.default\">\n\t\t\t\t\t<h2 class=\"elementor-heading-title elementor-size-default\">M\u00e1scaras, associa\u00e7\u00f5es e o costume hoje<\/h2>\t\t\t\t<\/div>\n\t\t<div class=\"elementor-element elementor-element- e-con-full e-flex e-con e-child\" data-id=\"\" data-element_type=\"container\" data-e-type=\"container\">\n\t\t\t\t<div class=\"elementor-element elementor-element- elementor-widget elementor-widget-text-editor\" data-id=\"\" data-element_type=\"widget\" data-e-type=\"widget\" data-widget_type=\"text-editor.default\">\n\t\t\t\t\t\t\t\t\t<p>As m\u00e1scaras das Perchten, no espa\u00e7o alpino chamadas Larven, s\u00e3o talhadas em madeira de pinheiro-cembro ou de t\u00edlia, muitas vezes com chifres verdadeiros e guarni\u00e7\u00f5es de pele. Muitas Passen, isto \u00e9, os grupos que desfilam, fazem as suas pr\u00f3prias Larven ou encomendam-nas a entalhadores especializados. As Larven antigas s\u00e3o pe\u00e7as de cole\u00e7\u00e3o muito procuradas e encontram-se em museus etnogr\u00e1ficos regionais do espa\u00e7o alpino.<\/p><p>Hoje, o costume vive em duas formas. As localidades tradicionais mant\u00eam a data e o desenrolar do cortejo. Ao lado delas surgiu uma cena de eventos, com grandes espet\u00e1culos, exibi\u00e7\u00f5es de fogo e centenas de participantes que preenchem o Advento. A tens\u00e3o entre a preserva\u00e7\u00e3o da tradi\u00e7\u00e3o e o evento tornou-se, entretanto, ela pr\u00f3pria parte do tema das Perchten.<\/p>\t\t\t\t\t\t\t\t<\/div>\n\t\t\t\t<\/div>\n\t\t\t\t\t<\/div>\n\t\t\t\t<\/div>\n\t\t<div class=\"elementor-element elementor-element-7ec5e0e e-flex e-con-boxed e-con e-parent\" data-id=\"7ec5e0e\" data-element_type=\"container\" data-e-type=\"container\">\n\t\t\t\t\t<div class=\"e-con-inner\">\n\t\t\t\t<div class=\"elementor-element elementor-element- elementor-widget elementor-widget-heading\" data-id=\"\" data-element_type=\"widget\" data-e-type=\"widget\" data-widget_type=\"heading.default\">\n\t\t\t\t\t<h2 class=\"elementor-heading-title elementor-size-default\">Perchten e Krampus: a diferen\u00e7a<\/h2>\t\t\t\t<\/div>\n\t\t<div class=\"elementor-element elementor-element- e-con-full e-flex e-con e-child\" data-id=\"\" data-element_type=\"container\" data-e-type=\"container\">\n\t\t\t\t<div class=\"elementor-element elementor-element- elementor-widget elementor-widget-text-editor\" data-id=\"\" data-element_type=\"widget\" data-e-type=\"widget\" data-widget_type=\"text-editor.default\">\n\t\t\t\t\t\t\t\t\t<p>As duas figuras s\u00e3o frequentemente confundidas, mas devem ser distinguidas.<\/p><p>O <a href=\"https:\/\/iwell-guard.com\/krampus\/\">Krampus<\/a> pertence a S\u00e3o Nicolau e, por isso, ao Advento. Sai \u00e0 rua a 5 e 6 de dezembro, como acompanhante castigador do santo. As Perchten pertencem \u00e0 outra extremidade do tempo natal\u00edcio, \u00e0s Raun\u00e4chte em torno de 6 de janeiro, e n\u00e3o acompanham ningu\u00e9m. Aparecem como um grupo aut\u00f3nomo.<\/p><p>Atualmente, os dois costumes misturam-se. Muitos eventos do Advento chamam-se Perchtenlauf, mas mostram figuras do Krampus, e os cortejos de espet\u00e1culo modernos combinam ambos os tipos de m\u00e1scara. J\u00e1 os investigadores do folclore e as Passen de longa tradi\u00e7\u00e3o distinguem-nos rigorosamente pela data e pelo papel.<\/p>\t\t\t\t\t\t\t\t<\/div>\n\t\t\t\t<\/div>\n\t\t\t\t\t<\/div>\n\t\t\t\t<\/div>\n\t\t<div class=\"elementor-element elementor-element-cp9a031aa e-flex e-con-boxed e-con e-parent\" data-id=\"cp9a031aa\" data-element_type=\"container\" data-e-type=\"container\">\n\t\t\t\t\t<div class=\"e-con-inner\">\n\t\t\t\t<div class=\"elementor-element elementor-element-cp9193514 elementor-widget elementor-widget-heading\" data-id=\"cp9193514\" data-element_type=\"widget\" data-e-type=\"widget\" data-widget_type=\"heading.default\">\n\t\t\t\t\t<h2 class=\"elementor-heading-title elementor-size-default\">Dilig\u00eancia, ordem e a prote\u00e7\u00e3o do limiar<\/h2>\t\t\t\t<\/div>\n\t\t<div class=\"elementor-element elementor-element-cp02ca0ee e-con-full e-flex e-con e-child\" data-id=\"cp02ca0ee\" data-element_type=\"container\" data-e-type=\"container\">\n\t\t\t\t<div class=\"elementor-element elementor-element-cp444e0f1 elementor-widget elementor-widget-text-editor\" data-id=\"cp444e0f1\" data-element_type=\"widget\" data-e-type=\"widget\" data-widget_type=\"text-editor.default\">\n\t\t\t\t\t\t\t\t\t<p>Quem temia o exame de Perchta podia, segundo a tradi\u00e7\u00e3o, proteger-se sobretudo atrav\u00e9s da dilig\u00eancia e da ordem: rocas de fiar guardadas e salas e est\u00e1bulos arrumados antes da noite cr\u00edtica eram considerados a preven\u00e7\u00e3o mais eficaz. Al\u00e9m disso, nas Raun\u00e4chte conhecia-se a fumiga\u00e7\u00e3o dos aposentos com incenso, para purificar o ar de esp\u00edritos errantes, bem como f\u00f3rmulas de conjuro e ora\u00e7\u00f5es proferidas no limiar. Tamb\u00e9m o besprechen, a recita\u00e7\u00e3o ritual de f\u00f3rmulas fixas por pessoas experientes, fazia parte dos meios de defesa tradicionais contra a forma de apari\u00e7\u00e3o mais sinistra da Percht.<\/p>\n\t\t\t\t\t\t\t\t<\/div>\n\t\t\t\t<\/div>\n\t\t\t\t\t<\/div>\n\t\t\t\t<\/div>\n\t\t<div class=\"elementor-element elementor-element-258586c e-flex e-con-boxed e-con e-parent\" data-id=\"258586c\" data-element_type=\"container\" data-e-type=\"container\">\n\t\t\t\t\t<div class=\"e-con-inner\">\n\t\t\t\t<div class=\"elementor-element elementor-element- elementor-widget elementor-widget-heading\" data-id=\"\" data-element_type=\"widget\" data-e-type=\"widget\" data-widget_type=\"heading.default\">\n\t\t\t\t\t<h2 class=\"elementor-heading-title elementor-size-default\">O terror que protege<\/h2>\t\t\t\t<\/div>\n\t\t<div class=\"elementor-element elementor-element- e-con-full e-flex e-con e-child\" data-id=\"\" data-element_type=\"container\" data-e-type=\"container\">\n\t\t\t\t<div class=\"elementor-element elementor-element- elementor-widget elementor-widget-text-editor\" data-id=\"\" data-element_type=\"widget\" data-e-type=\"widget\" data-widget_type=\"text-editor.default\">\n\t\t\t\t\t\t\t\t\t<p>As Perchten mostram um padr\u00e3o que se repete em muitas culturas: a figura aterradora \u00e9, ao mesmo tempo, a figura protetora. O barulho dos chocalhos, a m\u00e1scara demon\u00edaca, o cortejo noturno n\u00e3o se dirigem contra as pessoas, mas sim contra aquilo que lhes poderia fazer mal. Quem tem a figura assustadora do seu lado entra fortalecido no novo ano.<\/p><p>Assim, as Perchten situam-se no l\u00e9xico ao lado de figuras como o <a href=\"https:\/\/iwell-guard.com\/krampus\/\">Krampus<\/a>, dos esp\u00edritos noturnos opressores como o <a href=\"https:\/\/iwell-guard.com\/alp\/\">Alp<\/a>, ou das figuras guardi\u00e3s de outras culturas: o terror transforma-se em prote\u00e7\u00e3o.<\/p>\t\t\t\t\t\t\t\t<\/div>\n\t\t\t\t<\/div>\n\t\t\t\t\t<\/div>\n\t\t\t\t<\/div>\n\t\t<div class=\"elementor-element elementor-element-cp11de5b2 e-flex e-con-boxed e-con e-parent\" data-id=\"cp11de5b2\" data-element_type=\"container\" data-e-type=\"container\">\n\t\t\t\t\t<div class=\"e-con-inner\">\n\t\t\t\t<div class=\"elementor-element elementor-element-cp8d35271 elementor-widget elementor-widget-heading\" data-id=\"cp8d35271\" data-element_type=\"widget\" data-e-type=\"widget\" data-widget_type=\"heading.default\">\n\t\t\t\t\t<h2 class=\"elementor-heading-title elementor-size-default\">Esp\u00edritos dom\u00e9sticos punitivos e cortejos noturnos de mulheres<\/h2>\t\t\t\t<\/div>\n\t\t<div class=\"elementor-element elementor-element-cp02f26b8 e-con-full e-flex e-con e-child\" data-id=\"cp02f26b8\" data-element_type=\"container\" data-e-type=\"container\">\n\t\t\t\t<div class=\"elementor-element elementor-element-cp58c4390 elementor-widget elementor-widget-text-editor\" data-id=\"cp58c4390\" data-element_type=\"widget\" data-e-type=\"widget\" data-widget_type=\"text-editor.default\">\n\t\t\t\t\t\t\t\t\t<p>Na tradi\u00e7\u00e3o eslava oriental, a <a href=\"https:\/\/iwell-guard.com\/pt-pt\/kikimora\/\">Kikimora<\/a> desempenha um papel semelhante como esp\u00edrito dom\u00e9stico, que castiga a neglig\u00eancia na fia\u00e7\u00e3o e na gest\u00e3o da casa, ainda que com uma tonalidade de fundo claramente mais sinistra do que a Percht alpina. Um paralelo mais antigo, transmitido pela Igreja, encontra-se no Canon Episcopi do s\u00e9culo X, que relata mulheres que criam cavalgar de noite com a deusa romana <a href=\"https:\/\/iwell-guard.com\/pt-pt\/diana\/\">Diana<\/a>; esta ideia de um cortejo noturno de mulheres \u00e9 frequentemente associada, na investiga\u00e7\u00e3o, \u00e0s lendas posteriores sobre Perchta e Holda. Dentro do espa\u00e7o alpino, a <a href=\"https:\/\/iwell-guard.com\/pt-pt\/salige-frau\/\">Salige Frau<\/a> \u00e9 considerada outra figura afim de prote\u00e7\u00e3o e natureza.<\/p>\n\t\t\t\t\t\t\t\t<\/div>\n\t\t\t\t<\/div>\n\t\t\t\t\t<\/div>\n\t\t\t\t<\/div>\n\t\t<div class=\"elementor-element elementor-element-cp406577c e-flex e-con-boxed e-con e-parent\" data-id=\"cp406577c\" data-element_type=\"container\" data-e-type=\"container\">\n\t\t\t\t\t<div class=\"e-con-inner\">\n\t\t\t\t<div class=\"elementor-element elementor-element-cpdd9c543 elementor-widget elementor-widget-heading\" data-id=\"cpdd9c543\" data-element_type=\"widget\" data-e-type=\"widget\" data-widget_type=\"heading.default\">\n\t\t\t\t\t<h2 class=\"elementor-heading-title elementor-size-default\">Perguntas frequentes sobre Frau Perchta<\/h2>\t\t\t\t<\/div>\n\t\t<div class=\"elementor-element elementor-element-cp9e731bb e-con-full e-flex e-con e-child\" data-id=\"cp9e731bb\" data-element_type=\"container\" data-e-type=\"container\">\n\t\t\t\t<div class=\"elementor-element elementor-element-cpa7c898c elementor-widget elementor-widget-text-editor\" data-id=\"cpa7c898c\" data-element_type=\"widget\" data-e-type=\"widget\" data-widget_type=\"text-editor.default\">\n\t\t\t\t\t\t\t\t\t<p><strong>Frau Perchta \u00e9 a mesma coisa que Frau Holle?<\/strong><\/p>\n<p>Ambas as figuras partilham fun\u00e7\u00f5es essenciais, como a supervis\u00e3o do trabalho de fia\u00e7\u00e3o e a liga\u00e7\u00e3o \u00e0s Raun\u00e4chte. Jacob Grimm descreveu Perchta como parente do sul de Holle; se est\u00e1 na base uma figura primordial comum ou duas tradi\u00e7\u00f5es regionais independentes \u00e9 algo que a investiga\u00e7\u00e3o n\u00e3o esclareceu definitivamente.<\/p>\n<p><strong>Por que raz\u00e3o Perchta tem duas formas de apari\u00e7\u00e3o t\u00e3o diferentes?<\/strong><\/p>\n<p>A figura bela e a figura magra representam os dois lados da sua fun\u00e7\u00e3o: a recompensa da dilig\u00eancia e a advert\u00eancia em caso de neglig\u00eancia. Essa dualidade perdura, at\u00e9 hoje, no Perchtenlauf, nas m\u00e1scaras bonitas e nas m\u00e1scaras feias.<\/p>\n<p><strong>Quando exatamente aparece Perchta?<\/strong><\/p>\n<p>O foco principal est\u00e1 nas doze Raun\u00e4chte entre o Natal e o Dia de Reis, com especial destaque para a noite anterior a 6 de janeiro, o antigo Berchtentag. Nesse per\u00edodo, segundo a lenda, os trabalhos de fia\u00e7\u00e3o deviam descansar e a casa e o p\u00e1tio deviam estar em ordem.<\/p>\n<p><strong>O que significam as Perchten?<\/strong><\/p>\n<p>As Perchten s\u00e3o figuras mascaradas das Raun\u00e4chte no espa\u00e7o alpino. Encarnam o duplo car\u00e1ter da mudan\u00e7a de ano: as Schiachperchten expulsam, com barulho e terror, o mal do ano velho, enquanto as Sch\u00f6nperchten trazem sorte e b\u00ean\u00e7\u00e3o para o novo. O nome remonta \u00e0 Giperchtennacht, a noite brilhante antes do Dia de Reis.<\/p>\n<p><strong>Qual \u00e9 a diferen\u00e7a entre as Perchten e o Krampus?<\/strong><\/p>\n<p>O Krampus \u00e9 o acompanhante castigador de S\u00e3o Nicolau e sai \u00e0 rua a 5 e 6 de dezembro. As Perchten aparecem de forma aut\u00f3noma e pertencem \u00e0s Raun\u00e4chte em torno de 6 de janeiro. Hoje, os dois costumes misturam-se em cortejos comerciais; tradicionalmente, a data e o papel de cada um est\u00e3o claramente separados.<\/p>\n<p><strong>De onde vem o costume das Perchten?<\/strong><\/p>\n<p>O costume \u00e9 origin\u00e1rio do espa\u00e7o alpino, sobretudo da \u00c1ustria, da Baviera antiga e do Tirol do Sul. A figura da Percht est\u00e1 documentada desde o final da Idade M\u00e9dia, e o nome j\u00e1 no s\u00e9culo XI. Se por tr\u00e1s disso est\u00e3o costumes pr\u00e9-crist\u00e3os de cortejo \u00e9 algo que a investiga\u00e7\u00e3o discute sem consenso. O Pongauer Perchtenlauf \u00e9 comprov\u00e1vel desde antes de 1850.<\/p>\n<p><strong>Que outros nomes t\u00eam as Perchten?<\/strong><\/p>\n<p>Consoante a sua forma de apari\u00e7\u00e3o, distinguem-se as Sch\u00f6nperchten e as Schiachperchten. Nomes regionais da figura s\u00e3o, entre outros, Bechtra, B\u00e4rigl, Rauweib e Pudelfrau. Formas especiais aparentadas s\u00e3o os Gl\u00f6ckler no Salzkammergut, os Tresterer no Pinzgau e as Schnabelperchten em Rauris.<\/p>\t\t\t\t\t\t\t\t<\/div>\n\t\t\t\t<div class=\"elementor-element elementor-element-78e8854 elementor-widget elementor-widget-html\" data-id=\"78e8854\" data-element_type=\"widget\" data-e-type=\"widget\" data-widget_type=\"html.default\">\n\t\t\t\t\t<script type=\"application\/ld+json\">{\"@context\":\"https:\/\/schema.org\",\"@type\":\"FAQPage\",\"mainEntity\":[{\"@type\":\"Question\",\"name\":\"Frau Perchta \u00e9 a mesma coisa que Frau Holle?\",\"acceptedAnswer\":{\"@type\":\"Answer\",\"text\":\"Ambas as figuras partilham fun\u00e7\u00f5es essenciais, como a supervis\u00e3o do trabalho de fia\u00e7\u00e3o e a liga\u00e7\u00e3o \u00e0s Raun\u00e4chte. Jacob Grimm descreveu Perchta como parente do sul de Holle; se est\u00e1 na base uma figura primordial comum ou duas tradi\u00e7\u00f5es regionais independentes \u00e9 algo que a investiga\u00e7\u00e3o n\u00e3o esclareceu definitivamente.\"}},{\"@type\":\"Question\",\"name\":\"Por que raz\u00e3o Perchta tem duas formas de apari\u00e7\u00e3o t\u00e3o diferentes?\",\"acceptedAnswer\":{\"@type\":\"Answer\",\"text\":\"A figura bela e a figura magra representam os dois lados da sua fun\u00e7\u00e3o: a recompensa da dilig\u00eancia e a advert\u00eancia em caso de neglig\u00eancia. Essa dualidade perdura, at\u00e9 hoje, no Perchtenlauf, nas m\u00e1scaras bonitas e nas m\u00e1scaras feias.\"}},{\"@type\":\"Question\",\"name\":\"Quando exatamente aparece Perchta?\",\"acceptedAnswer\":{\"@type\":\"Answer\",\"text\":\"O foco principal est\u00e1 nas doze Raun\u00e4chte entre o Natal e o Dia de Reis, com especial destaque para a noite anterior a 6 de janeiro, o antigo Berchtentag. Nesse per\u00edodo, segundo a lenda, os trabalhos de fia\u00e7\u00e3o deviam descansar e a casa e o p\u00e1tio deviam estar em ordem.\"}},{\"@type\":\"Question\",\"name\":\"O que significam as Perchten?\",\"acceptedAnswer\":{\"@type\":\"Answer\",\"text\":\"As Perchten s\u00e3o figuras mascaradas das Raun\u00e4chte no espa\u00e7o alpino. Encarnam o duplo car\u00e1ter da mudan\u00e7a de ano: as Schiachperchten expulsam, com barulho e terror, o mal do ano velho, enquanto as Sch\u00f6nperchten trazem sorte e b\u00ean\u00e7\u00e3o para o novo. O nome remonta \u00e0 Giperchtennacht, a noite brilhante antes do Dia de Reis.\"}},{\"@type\":\"Question\",\"name\":\"Qual \u00e9 a diferen\u00e7a entre as Perchten e o Krampus?\",\"acceptedAnswer\":{\"@type\":\"Answer\",\"text\":\"O Krampus \u00e9 o acompanhante castigador de S\u00e3o Nicolau e sai \u00e0 rua a 5 e 6 de dezembro. As Perchten aparecem de forma aut\u00f3noma e pertencem \u00e0s Raun\u00e4chte em torno de 6 de janeiro. Hoje, os dois costumes misturam-se em cortejos comerciais; tradicionalmente, a data e o papel de cada um est\u00e3o claramente separados.\"}},{\"@type\":\"Question\",\"name\":\"De onde vem o costume das Perchten?\",\"acceptedAnswer\":{\"@type\":\"Answer\",\"text\":\"O costume \u00e9 origin\u00e1rio do espa\u00e7o alpino, sobretudo da \u00c1ustria, da Baviera antiga e do Tirol do Sul. A figura da Percht est\u00e1 documentada desde o final da Idade M\u00e9dia, e o nome j\u00e1 no s\u00e9culo XI. Se por tr\u00e1s disso est\u00e3o costumes pr\u00e9-crist\u00e3os de cortejo \u00e9 algo que a investiga\u00e7\u00e3o discute sem consenso. O Pongauer Perchtenlauf \u00e9 comprov\u00e1vel desde antes de 1850.\"}},{\"@type\":\"Question\",\"name\":\"Que outros nomes t\u00eam as Perchten?\",\"acceptedAnswer\":{\"@type\":\"Answer\",\"text\":\"Consoante a sua forma de apari\u00e7\u00e3o, distinguem-se as Sch\u00f6nperchten e as Schiachperchten. Nomes regionais da figura s\u00e3o, entre outros, Bechtra, B\u00e4rigl, Rauweib e Pudelfrau. Formas especiais aparentadas s\u00e3o os Gl\u00f6ckler no Salzkammergut, os Tresterer no Pinzgau e as Schnabelperchten em Rauris.\"}}]}<\/script>\t\t\t\t<\/div>\n\t\t\t\t<\/div>\n\t\t\t\t\t<\/div>\n\t\t\t\t<\/div>\n\t\t<div class=\"elementor-element elementor-element-36dd7469 e-flex e-con-boxed e-con e-parent\" data-id=\"36dd7469\" data-element_type=\"container\" data-e-type=\"container\">\n\t\t\t\t\t<div class=\"e-con-inner\">\n\t\t\t\t<div class=\"elementor-element elementor-element-13760ab4 elementor-widget elementor-widget-heading\" data-id=\"13760ab4\" data-element_type=\"widget\" data-e-type=\"widget\" data-widget_type=\"heading.default\">\n\t\t\t\t\t<h2 class=\"elementor-heading-title elementor-size-default\">Liga\u00e7\u00f5es adicionais<\/h2>\t\t\t\t<\/div>\n\t\t<div class=\"elementor-element elementor-element-28c87796 e-con-full e-flex e-con e-child\" data-id=\"28c87796\" data-element_type=\"container\" data-e-type=\"container\">\n\t\t\t\t<div class=\"elementor-element elementor-element-5d6538df elementor-widget elementor-widget-text-editor\" data-id=\"5d6538df\" data-element_type=\"widget\" data-e-type=\"widget\" data-widget_type=\"text-editor.default\">\n\t\t\t\t\t\t\t\t\t<p>Liga\u00e7\u00f5es internas recomendadas:<\/p>\n<ul>\n<li><a href=\"https:\/\/iwell-guard.com\/pt-pt\/lendas-alpinas\/\">Alpenraum<\/a> \u2013 todos os seres do mundo lend\u00e1rio alpino<\/li>\n<li><a href=\"https:\/\/iwell-guard.com\/pt-pt\/holla-frau-holle\/\">Frau Holle<\/a>, <a href=\"https:\/\/iwell-guard.com\/pt-pt\/habergeiss\/\">Habergei\u00df<\/a> \u2013 figuras afins das Raun\u00e4chte<\/li>\n<li><a href=\"https:\/\/iwell-guard.com\/pt-pt\/weihrauch\/\">Weihrauch<\/a>, <a href=\"https:\/\/iwell-guard.com\/pt-pt\/bannspruch\/\">Bannspruch<\/a>, <a href=\"https:\/\/iwell-guard.com\/pt-pt\/besprechen\/\">Besprechen<\/a>, <a href=\"https:\/\/iwell-guard.com\/pt-pt\/oracoes-como-protecao\/\">Gebete<\/a>, <a href=\"https:\/\/iwell-guard.com\/pt-pt\/simbolos-magicos-de-protecao\/\">Schutzzeichen<\/a> \u2013 formas de prote\u00e7\u00e3o tradicionais<\/li>\n<li><a href=\"https:\/\/iwell-guard.com\/pt-pt\/bussola-de-protecao\/\">B\u00fassola de prote\u00e7\u00e3o<\/a> \u2013 vis\u00e3o geral dos meios de prote\u00e7\u00e3o<\/li>\n<\/ul>\n\t\t\t\t\t\t\t\t<\/div>\n\t\t\t\t<\/div>\n\t\t\t\t\t<\/div>\n\t\t\t\t<\/div>\n\t\t<div class=\"elementor-element elementor-element-grl4kl40 e-flex e-con-boxed e-con e-parent\" data-id=\"grl4kl40\" data-element_type=\"container\" data-e-type=\"container\">\n\t\t\t\t\t<div class=\"e-con-inner\">\n\t\t\t\t<div class=\"elementor-element elementor-element-bzsbfrmh elementor-widget elementor-widget-heading\" data-id=\"bzsbfrmh\" data-element_type=\"widget\" data-e-type=\"widget\" data-widget_type=\"heading.default\">\n\t\t\t\t\t<h2 class=\"elementor-heading-title elementor-size-default\">Literatura (sele\u00e7\u00e3o)<\/h2>\t\t\t\t<\/div>\n\t\t<div class=\"elementor-element elementor-element-2c13224a e-con-full e-flex e-con e-child\" data-id=\"2c13224a\" data-element_type=\"container\" data-e-type=\"container\">\n\t\t\t\t<div class=\"elementor-element elementor-element-0eymh9ub elementor-widget elementor-widget-text-editor\" data-id=\"0eymh9ub\" data-element_type=\"widget\" data-e-type=\"widget\" data-widget_type=\"text-editor.default\">\n\t\t\t\t\t\t\t\t\t<footer class=\"iwg-literatur\" data-nosnippet=\"true\">Uma sele\u00e7\u00e3o de fontes e estudos centrais:\r\n<ul>\r\n \t<li><span data-nosnippet=\"\">Waschnitius, Viktor: <em>Perht, Holda und verwandte Gestalten. Ein Beitrag zur deutschen Religionsgeschichte<\/em>. Wien 1913.<\/span><\/li>\r\n \t<li><span data-nosnippet=\"\">B\u00e4chtold-St\u00e4ubli, Hanns (Hg.): <em>Handw\u00f6rterbuch des deutschen Aberglaubens<\/em>, Bd. 6 (Artikel Perchta). Berlin\/Leipzig 1934\/35.<\/span><\/li>\r\n \t<li><span data-nosnippet=\"\">Smith, John B.: <em>Perchta the Belly-Slitter and Her Kin: A View of Some Traditional Threatening Figures, Threats and Punishments<\/em>. In: Folklore, Bd. 115, 2004.<\/span><\/li>\r\n \t<li><span data-nosnippet=\"\">Grimm, Jacob: <em>Deutsche Mythologie<\/em>. G\u00f6ttingen 1835.<\/span><\/li>\r\n \t<li><span data-nosnippet=\"\">Zingerle, Ignaz Vinzenz: <em>Sitten, Br\u00e4uche und Meinungen des Tiroler Volkes<\/em>. 2. Auflage, Innsbruck 1871.<\/span><\/li>\r\n<\/ul>\r\n<\/footer><br><p class=\"iwg-bib-more\"><span data-nosnippet=\"\">Mais obras de refer\u00eancia na <a href=\"https:\/\/iwell-guard.com\/pt-pt\/literatur\/\">bibliografia<\/a>.<\/span><\/p>\t\t\t\t\t\t\t\t<\/div>\n\t\t\t\t<\/div>\n\t\t\t\t\t<\/div>\n\t\t\t\t<\/div>\n\t\t<div class=\"elementor-element elementor-element-iwgkw2-add-hulijing e-flex e-con-boxed e-con e-parent\" data-id=\"iwgkw2-add-hulijing\" data-element_type=\"container\" data-e-type=\"container\">\n\t\t\t\t\t<div class=\"e-con-inner\">\n\t\t\t\t<div class=\"elementor-element elementor-element-iwgkw2-add-hulijing-t elementor-widget elementor-widget-text-editor\" data-id=\"iwgkw2-add-hulijing-t\" data-element_type=\"widget\" data-e-type=\"widget\" data-widget_type=\"text-editor.default\">\n\t\t\t\t\t\t\t\t\t<p>Tamb\u00e9m conhecida como Percht, figura lend\u00e1ria dos Alpes, permanece intimamente ligada \u00e0s Raun\u00e4chte de Perchta, essas doze noites entre o Natal e o Dia de Reis, em que a dilig\u00eancia \u00e9 recompensada e a neglig\u00eancia \u00e9 repreendida.<\/p>\n\t\t\t\t\t\t\t\t<\/div>\n\t\t\t\t\t<\/div>\n\t\t\t\t<\/div>\n\t\t\t\t<\/div>\n\t\t","protected":false},"excerpt":{"rendered":"<p>Frau Perchta, examinadora da dilig\u00eancia e da ordem Frau Perchta \u00e9 esp\u00edrito da tradi\u00e7\u00e3o alpina. Guardi\u00e3 da dilig\u00eancia e da ordem nas doze Raun\u00e4chte. Esp\u00edritoRegi\u00e3o Alpina \u00cdndice Frau Perchta Frau Perchta \u00e9 considerada, nos Alpes e na Baviera, guardi\u00e3 da ordem e da dilig\u00eancia: quem trabalhou e fiou ao longo do ano \u00e9 recompensado, quem [&hellip;]<\/p>\n","protected":false},"author":3,"featured_media":21772,"parent":0,"menu_order":0,"comment_status":"closed","ping_status":"closed","template":"elementor_header_footer","meta":{"_yoast_wpseo_focuskw":"frau perchta","_yoast_wpseo_title":"Frau Perchta, guardi\u00e3 das Raun\u00e4chte","_yoast_wpseo_metadesc":"Frau Perchta: guardi\u00e3 da ordem e da dilig\u00eancia nas Raun\u00e4chte. Origem, apar\u00eancia e formas de prote\u00e7\u00e3o tradicionais das lendas alpinas numa vis\u00e3o geral.","_yoast_wpseo_meta-robots-noindex":"","_yoast_wpseo_canonical":"","_angie_page":false,"gefaehrdungsstufe":"","wesen_kultur":"","wesen_klasse":"","footnotes":""},"categories":[344,342,343],"class_list":["post-21771","page","type-page","status-publish","has-post-thumbnail","hentry","category-alpino","category-culturas","category-espiritos"],"yoast_head":"<!-- This site is optimized with the Yoast SEO Premium plugin v27.7 (Yoast SEO v28.3) - https:\/\/yoast.com\/product\/yoast-seo-premium-wordpress\/ -->\n<title>Frau Perchta, guardi\u00e3 das Raun\u00e4chte<\/title>\n<meta name=\"description\" content=\"Frau Perchta: guardi\u00e3 da ordem e da dilig\u00eancia nas Raun\u00e4chte. Origem, apar\u00eancia e formas de prote\u00e7\u00e3o tradicionais das lendas alpinas numa vis\u00e3o geral.\" \/>\n<meta name=\"robots\" content=\"index, follow, max-snippet:-1, max-image-preview:large, max-video-preview:-1\" \/>\n<link rel=\"canonical\" href=\"https:\/\/iwell-guard.com\/pt-pt\/frau-perchta\/\" \/>\n<meta property=\"og:locale\" content=\"pt_PT\" \/>\n<meta property=\"og:type\" content=\"article\" \/>\n<meta property=\"og:title\" content=\"Frau Perchta\" \/>\n<meta property=\"og:description\" content=\"Frau Perchta: guardi\u00e3 da ordem e da dilig\u00eancia nas Raun\u00e4chte. Origem, apar\u00eancia e formas de prote\u00e7\u00e3o tradicionais das lendas alpinas numa vis\u00e3o geral.\" \/>\n<meta property=\"og:url\" content=\"https:\/\/iwell-guard.com\/pt-pt\/frau-perchta\/\" \/>\n<meta property=\"og:site_name\" content=\"iWell Guard\" \/>\n<meta property=\"article:modified_time\" content=\"2026-08-26T10:20:25+00:00\" \/>\n<meta property=\"og:image\" content=\"https:\/\/iwell-guard.com\/wp-content\/uploads\/2026\/07\/geister_alpin_perchta.webp\" \/>\n\t<meta property=\"og:image:width\" content=\"1023\" \/>\n\t<meta property=\"og:image:height\" content=\"1537\" \/>\n\t<meta property=\"og:image:type\" content=\"image\/webp\" \/>\n<meta name=\"twitter:card\" content=\"summary_large_image\" \/>\n<meta name=\"twitter:label1\" content=\"Tempo estimado de leitura\" \/>\n\t<meta name=\"twitter:data1\" content=\"12 minutos\" \/>\n<script type=\"application\/ld+json\" class=\"yoast-schema-graph\">{\"@context\":\"https:\\\/\\\/schema.org\",\"@graph\":[{\"@type\":\"WebPage\",\"@id\":\"https:\\\/\\\/iwell-guard.com\\\/pt-pt\\\/frau-perchta\\\/\",\"url\":\"https:\\\/\\\/iwell-guard.com\\\/pt-pt\\\/frau-perchta\\\/\",\"name\":\"Frau Perchta, guardi\u00e3 das Raun\u00e4chte\",\"isPartOf\":{\"@id\":\"https:\\\/\\\/iwell-guard.com\\\/pt-pt\\\/#website\"},\"primaryImageOfPage\":{\"@id\":\"https:\\\/\\\/iwell-guard.com\\\/pt-pt\\\/frau-perchta\\\/#primaryimage\"},\"image\":{\"@id\":\"https:\\\/\\\/iwell-guard.com\\\/pt-pt\\\/frau-perchta\\\/#primaryimage\"},\"thumbnailUrl\":\"https:\\\/\\\/iwell-guard.com\\\/wp-content\\\/uploads\\\/2026\\\/07\\\/geister_alpin_perchta.webp\",\"datePublished\":\"2026-07-16T10:32:42+00:00\",\"dateModified\":\"2026-08-26T10:20:25+00:00\",\"description\":\"Frau Perchta: guardi\u00e3 da ordem e da dilig\u00eancia nas Raun\u00e4chte. Origem, apar\u00eancia e formas de prote\u00e7\u00e3o tradicionais das lendas alpinas numa vis\u00e3o geral.\",\"breadcrumb\":{\"@id\":\"https:\\\/\\\/iwell-guard.com\\\/pt-pt\\\/frau-perchta\\\/#breadcrumb\"},\"inLanguage\":\"pt-PT\",\"potentialAction\":[{\"@type\":\"ReadAction\",\"target\":[\"https:\\\/\\\/iwell-guard.com\\\/pt-pt\\\/frau-perchta\\\/\"]}]},{\"@type\":\"ImageObject\",\"inLanguage\":\"pt-PT\",\"@id\":\"https:\\\/\\\/iwell-guard.com\\\/pt-pt\\\/frau-perchta\\\/#primaryimage\",\"url\":\"https:\\\/\\\/iwell-guard.com\\\/wp-content\\\/uploads\\\/2026\\\/07\\\/geister_alpin_perchta.webp\",\"contentUrl\":\"https:\\\/\\\/iwell-guard.com\\\/wp-content\\\/uploads\\\/2026\\\/07\\\/geister_alpin_perchta.webp\",\"width\":1023,\"height\":1537,\"caption\":\"Frau Perchta - esp\u00edritos da tradi\u00e7\u00e3o alpina, hist\u00f3rico-ilustrativo\"},{\"@type\":\"BreadcrumbList\",\"@id\":\"https:\\\/\\\/iwell-guard.com\\\/pt-pt\\\/frau-perchta\\\/#breadcrumb\",\"itemListElement\":[{\"@type\":\"ListItem\",\"position\":1,\"name\":\"Start\",\"item\":\"https:\\\/\\\/iwell-guard.com\\\/pt-pt\\\/home\\\/\"},{\"@type\":\"ListItem\",\"position\":2,\"name\":\"Frau Perchta\"}]},{\"@type\":\"WebSite\",\"@id\":\"https:\\\/\\\/iwell-guard.com\\\/pt-pt\\\/#website\",\"url\":\"https:\\\/\\\/iwell-guard.com\\\/pt-pt\\\/\",\"name\":\"iWell Guard\",\"description\":\"Schutz vor dunklen Einfl\u00fcssen\",\"publisher\":{\"@id\":\"https:\\\/\\\/iwell-guard.com\\\/pt-pt\\\/#organization\"},\"potentialAction\":[{\"@type\":\"SearchAction\",\"target\":{\"@type\":\"EntryPoint\",\"urlTemplate\":\"https:\\\/\\\/iwell-guard.com\\\/pt-pt\\\/?s={search_term_string}\"},\"query-input\":{\"@type\":\"PropertyValueSpecification\",\"valueRequired\":true,\"valueName\":\"search_term_string\"}}],\"inLanguage\":\"pt-PT\"},{\"@type\":\"Organization\",\"@id\":\"https:\\\/\\\/iwell-guard.com\\\/pt-pt\\\/#organization\",\"name\":\"Ittermann electronic GmbH\",\"url\":\"https:\\\/\\\/iwell-guard.com\\\/pt-pt\\\/\",\"logo\":{\"@type\":\"ImageObject\",\"inLanguage\":\"pt-PT\",\"@id\":\"https:\\\/\\\/iwell-guard.com\\\/pt-pt\\\/#\\\/schema\\\/logo\\\/image\\\/\",\"url\":\"https:\\\/\\\/iwell-guard.com\\\/wp-content\\\/uploads\\\/2026\\\/05\\\/Ittermann-Logo-1182x237-1.png\",\"contentUrl\":\"https:\\\/\\\/iwell-guard.com\\\/wp-content\\\/uploads\\\/2026\\\/05\\\/Ittermann-Logo-1182x237-1.png\",\"width\":1182,\"height\":237,\"caption\":\"Ittermann electronic GmbH\"},\"image\":{\"@id\":\"https:\\\/\\\/iwell-guard.com\\\/pt-pt\\\/#\\\/schema\\\/logo\\\/image\\\/\"},\"sameAs\":[\"https:\\\/\\\/pantip.com\\\/profile\\\/9367242\",\"https:\\\/\\\/micro.blog\\\/iwellguard\",\"https:\\\/\\\/www.diggerslist.com\\\/iwellguard\\\/about\",\"https:\\\/\\\/skitterphoto.com\\\/photographers\\\/2870314\\\/iwell-guard\",\"https:\\\/\\\/iwellguard.wordpress.com\\\/2026\\\/06\\\/06\\\/iwell-guard\\\/\",\"https:\\\/\\\/hub.docker.com\\\/u\\\/iwellguard\",\"https:\\\/\\\/www.pinterest.com\\\/iwellguard\\\/\",\"https:\\\/\\\/bit.ly\\\/m\\\/iwellguard\",\"https:\\\/\\\/entre-vos-mains.alsace.eu\\\/profiles\\\/iwellguard\\\/activity\",\"https:\\\/\\\/gravatar.com\\\/reallybeded8fd34\",\"https:\\\/\\\/naijamatta.com\\\/iwellguard\",\"https:\\\/\\\/www.goodreads.com\\\/iwellguard\",\"https:\\\/\\\/profile.hatena.ne.jp\\\/iwellguard\\\/\",\"https:\\\/\\\/experiment.com\\\/users\\\/iwellguard\",\"https:\\\/\\\/wakelet.com\\\/@iWellGuard82270\",\"https:\\\/\\\/www.chordie.com\\\/forum\\\/profile.php?id=2555664\",\"https:\\\/\\\/www.instapaper.com\\\/p\\\/17757966\",\"https:\\\/\\\/www.mapleprimes.com\\\/users\\\/iwellguard\",\"https:\\\/\\\/businesslistingplus.com\\\/profile\\\/iwell-guard\\\/\",\"https:\\\/\\\/telegra.ph\\\/iWell-Guard-06-06\",\"https:\\\/\\\/pbase.com\\\/iwellguard\\\/iwellguard\",\"https:\\\/\\\/b.hatena.ne.jp\\\/iwellguard\\\/20260607#bookmark-4788405196491818882\",\"https:\\\/\\\/fliphtml5.com\\\/home\\\/iwellguard\",\"https:\\\/\\\/anyflip.com\\\/homepage\\\/cmiwl#About\",\"https:\\\/\\\/transfur.com\\\/Users\\\/iwellguard\",\"http:\\\/\\\/delphi.larsbo.org\\\/user\\\/iwellguard\",\"https:\\\/\\\/jobs.lajobsportal.org\\\/profiles\\\/8380803-iwell-guard\",\"https:\\\/\\\/md.chaosdorf.de\\\/s\\\/jfbe5SBdJD\",\"https:\\\/\\\/www.lingvolive.com\\\/en-us\\\/profile\\\/9ecaeaca-ce11-4e51-9e71-01d55e2bff36\\\/translations\",\"https:\\\/\\\/www.fitday.com\\\/fitness\\\/forums\\\/members\\\/iwellguard.html\",\"https:\\\/\\\/www.mymeetbook.com\\\/iwellguard\",\"https:\\\/\\\/pxhere.com\\\/en\\\/photographer-me\\\/5040798\",\"https:\\\/\\\/disqus.com\\\/by\\\/iwellguard\\\/about\\\/\",\"https:\\\/\\\/pastelink.net\\\/hjwciqwq\",\"https:\\\/\\\/pubhtml5.com\\\/homepage\\\/scjhn\\\/\",\"https:\\\/\\\/www.bitchute.com\\\/channel\\\/2O2eOKzNqujT\",\"https:\\\/\\\/audiomack.com\\\/iwellguard\"]},{\"@type\":\"Article\",\"@id\":\"https:\\\/\\\/iwell-guard.com\\\/pt-pt\\\/frau-perchta\\\/#article\",\"isPartOf\":{\"@id\":\"https:\\\/\\\/iwell-guard.com\\\/pt-pt\\\/frau-perchta\\\/\"},\"author\":{\"name\":\"Ralf Ittermann\",\"@id\":\"https:\\\/\\\/iwell-guard.com\\\/pt-pt\\\/#\\\/schema\\\/person\\\/ee2a27f1cac3406c7c6fb5820cb7349f\"},\"headline\":\"Frau Perchta\",\"datePublished\":\"2026-07-16T10:32:42+00:00\",\"dateModified\":\"2026-08-26T10:20:25+00:00\",\"mainEntityOfPage\":{\"@id\":\"https:\\\/\\\/iwell-guard.com\\\/pt-pt\\\/frau-perchta\\\/\"},\"wordCount\":2418,\"publisher\":{\"@id\":\"https:\\\/\\\/iwell-guard.com\\\/pt-pt\\\/#organization\"},\"image\":{\"@id\":\"https:\\\/\\\/iwell-guard.com\\\/pt-pt\\\/frau-perchta\\\/#primaryimage\"},\"thumbnailUrl\":\"https:\\\/\\\/iwell-guard.com\\\/wp-content\\\/uploads\\\/2026\\\/07\\\/geister_alpin_perchta.webp\",\"articleSection\":[\"Alpino\",\"Culturas\",\"Esp\u00edritos\"],\"inLanguage\":\"pt-PT\",\"description\":\"Frau Perchta: guardi\u00e3 da ordem e da dilig\u00eancia nas Raun\u00e4chte. Origem, apar\u00eancia e formas de prote\u00e7\u00e3o tradicionais das lendas alpinas numa vis\u00e3o geral.\"}]}<\/script>\n<!-- \/ Yoast SEO Premium plugin. -->","yoast_head_json":{"title":"Frau Perchta, guardi\u00e3 das Raun\u00e4chte","description":"Frau Perchta: guardi\u00e3 da ordem e da dilig\u00eancia nas Raun\u00e4chte. Origem, apar\u00eancia e formas de prote\u00e7\u00e3o tradicionais das lendas alpinas numa vis\u00e3o geral.","robots":{"index":"index","follow":"follow","max-snippet":"max-snippet:-1","max-image-preview":"max-image-preview:large","max-video-preview":"max-video-preview:-1"},"canonical":"https:\/\/iwell-guard.com\/pt-pt\/frau-perchta\/","og_locale":"pt_PT","og_type":"article","og_title":"Frau Perchta","og_description":"Frau Perchta: guardi\u00e3 da ordem e da dilig\u00eancia nas Raun\u00e4chte. Origem, apar\u00eancia e formas de prote\u00e7\u00e3o tradicionais das lendas alpinas numa vis\u00e3o geral.","og_url":"https:\/\/iwell-guard.com\/pt-pt\/frau-perchta\/","og_site_name":"iWell Guard","article_modified_time":"2026-08-26T10:20:25+00:00","og_image":[{"width":1023,"height":1537,"url":"https:\/\/iwell-guard.com\/wp-content\/uploads\/2026\/07\/geister_alpin_perchta.webp","type":"image\/webp"}],"twitter_card":"summary_large_image","twitter_misc":{"Tempo estimado de leitura":"12 minutos"},"schema":{"@context":"https:\/\/schema.org","@graph":[{"@type":"Article","@id":"https:\/\/iwell-guard.com\/pt-pt\/frau-perchta\/#article","isPartOf":{"@id":"https:\/\/iwell-guard.com\/pt-pt\/frau-perchta\/"},"author":{"name":"Ralf Ittermann","@id":"https:\/\/iwell-guard.com\/pt-pt\/#\/schema\/person\/ee2a27f1cac3406c7c6fb5820cb7349f"},"headline":"Frau Perchta","datePublished":"2026-07-16T10:32:42+00:00","dateModified":"2026-08-26T10:20:25+00:00","mainEntityOfPage":{"@id":"https:\/\/iwell-guard.com\/pt-pt\/frau-perchta\/"},"wordCount":2418,"publisher":{"@id":"https:\/\/iwell-guard.com\/pt-pt\/#organization"},"image":{"@id":"https:\/\/iwell-guard.com\/pt-pt\/frau-perchta\/#primaryimage"},"thumbnailUrl":"https:\/\/iwell-guard.com\/wp-content\/uploads\/2026\/07\/geister_alpin_perchta.webp","articleSection":["Alpino","Culturas","Esp\u00edritos"],"inLanguage":"pt-PT","description":"Frau Perchta: guardi\u00e3 da ordem e da dilig\u00eancia nas Raun\u00e4chte. Origem, apar\u00eancia e formas de prote\u00e7\u00e3o tradicionais das lendas alpinas numa vis\u00e3o geral."},{"@type":"WebPage","@id":"https:\/\/iwell-guard.com\/pt-pt\/frau-perchta\/","url":"https:\/\/iwell-guard.com\/pt-pt\/frau-perchta\/","name":"Frau Perchta, guardi\u00e3 das Raun\u00e4chte","isPartOf":{"@id":"https:\/\/iwell-guard.com\/pt-pt\/#website"},"primaryImageOfPage":{"@id":"https:\/\/iwell-guard.com\/pt-pt\/frau-perchta\/#primaryimage"},"image":{"@id":"https:\/\/iwell-guard.com\/pt-pt\/frau-perchta\/#primaryimage"},"thumbnailUrl":"https:\/\/iwell-guard.com\/wp-content\/uploads\/2026\/07\/geister_alpin_perchta.webp","datePublished":"2026-07-16T10:32:42+00:00","dateModified":"2026-08-26T10:20:25+00:00","description":"Frau Perchta: guardi\u00e3 da ordem e da dilig\u00eancia nas Raun\u00e4chte. Origem, apar\u00eancia e formas de prote\u00e7\u00e3o tradicionais das lendas alpinas numa vis\u00e3o geral.","breadcrumb":{"@id":"https:\/\/iwell-guard.com\/pt-pt\/frau-perchta\/#breadcrumb"},"inLanguage":"pt-PT","potentialAction":[{"@type":"ReadAction","target":["https:\/\/iwell-guard.com\/pt-pt\/frau-perchta\/"]}]},{"@type":"ImageObject","inLanguage":"pt-PT","@id":"https:\/\/iwell-guard.com\/pt-pt\/frau-perchta\/#primaryimage","url":"https:\/\/iwell-guard.com\/wp-content\/uploads\/2026\/07\/geister_alpin_perchta.webp","contentUrl":"https:\/\/iwell-guard.com\/wp-content\/uploads\/2026\/07\/geister_alpin_perchta.webp","width":1023,"height":1537,"caption":"Frau Perchta - esp\u00edritos da tradi\u00e7\u00e3o alpina, hist\u00f3rico-ilustrativo"},{"@type":"BreadcrumbList","@id":"https:\/\/iwell-guard.com\/pt-pt\/frau-perchta\/#breadcrumb","itemListElement":[{"@type":"ListItem","position":1,"name":"Start","item":"https:\/\/iwell-guard.com\/pt-pt\/home\/"},{"@type":"ListItem","position":2,"name":"Frau Perchta"}]},{"@type":"WebSite","@id":"https:\/\/iwell-guard.com\/pt-pt\/#website","url":"https:\/\/iwell-guard.com\/pt-pt\/","name":"iWell Guard","description":"Schutz vor dunklen Einfl\u00fcssen","publisher":{"@id":"https:\/\/iwell-guard.com\/pt-pt\/#organization"},"potentialAction":[{"@type":"SearchAction","target":{"@type":"EntryPoint","urlTemplate":"https:\/\/iwell-guard.com\/pt-pt\/?s={search_term_string}"},"query-input":{"@type":"PropertyValueSpecification","valueRequired":true,"valueName":"search_term_string"}}],"inLanguage":"pt-PT"},{"@type":"Organization","@id":"https:\/\/iwell-guard.com\/pt-pt\/#organization","name":"Ittermann electronic GmbH","url":"https:\/\/iwell-guard.com\/pt-pt\/","logo":{"@type":"ImageObject","inLanguage":"pt-PT","@id":"https:\/\/iwell-guard.com\/pt-pt\/#\/schema\/logo\/image\/","url":"https:\/\/iwell-guard.com\/wp-content\/uploads\/2026\/05\/Ittermann-Logo-1182x237-1.png","contentUrl":"https:\/\/iwell-guard.com\/wp-content\/uploads\/2026\/05\/Ittermann-Logo-1182x237-1.png","width":1182,"height":237,"caption":"Ittermann electronic GmbH"},"image":{"@id":"https:\/\/iwell-guard.com\/pt-pt\/#\/schema\/logo\/image\/"},"sameAs":["https:\/\/pantip.com\/profile\/9367242","https:\/\/micro.blog\/iwellguard","https:\/\/www.diggerslist.com\/iwellguard\/about","https:\/\/skitterphoto.com\/photographers\/2870314\/iwell-guard","https:\/\/iwellguard.wordpress.com\/2026\/06\/06\/iwell-guard\/","https:\/\/hub.docker.com\/u\/iwellguard","https:\/\/www.pinterest.com\/iwellguard\/","https:\/\/bit.ly\/m\/iwellguard","https:\/\/entre-vos-mains.alsace.eu\/profiles\/iwellguard\/activity","https:\/\/gravatar.com\/reallybeded8fd34","https:\/\/naijamatta.com\/iwellguard","https:\/\/www.goodreads.com\/iwellguard","https:\/\/profile.hatena.ne.jp\/iwellguard\/","https:\/\/experiment.com\/users\/iwellguard","https:\/\/wakelet.com\/@iWellGuard82270","https:\/\/www.chordie.com\/forum\/profile.php?id=2555664","https:\/\/www.instapaper.com\/p\/17757966","https:\/\/www.mapleprimes.com\/users\/iwellguard","https:\/\/businesslistingplus.com\/profile\/iwell-guard\/","https:\/\/telegra.ph\/iWell-Guard-06-06","https:\/\/pbase.com\/iwellguard\/iwellguard","https:\/\/b.hatena.ne.jp\/iwellguard\/20260607#bookmark-4788405196491818882","https:\/\/fliphtml5.com\/home\/iwellguard","https:\/\/anyflip.com\/homepage\/cmiwl#About","https:\/\/transfur.com\/Users\/iwellguard","http:\/\/delphi.larsbo.org\/user\/iwellguard","https:\/\/jobs.lajobsportal.org\/profiles\/8380803-iwell-guard","https:\/\/md.chaosdorf.de\/s\/jfbe5SBdJD","https:\/\/www.lingvolive.com\/en-us\/profile\/9ecaeaca-ce11-4e51-9e71-01d55e2bff36\/translations","https:\/\/www.fitday.com\/fitness\/forums\/members\/iwellguard.html","https:\/\/www.mymeetbook.com\/iwellguard","https:\/\/pxhere.com\/en\/photographer-me\/5040798","https:\/\/disqus.com\/by\/iwellguard\/about\/","https:\/\/pastelink.net\/hjwciqwq","https:\/\/pubhtml5.com\/homepage\/scjhn\/","https:\/\/www.bitchute.com\/channel\/2O2eOKzNqujT","https:\/\/audiomack.com\/iwellguard"]},{"@type":"Person","@id":"https:\/\/iwell-guard.com\/pt-pt\/#\/schema\/person\/ee2a27f1cac3406c7c6fb5820cb7349f","name":"Ralf Ittermann","image":{"@type":"ImageObject","inLanguage":"pt-PT","@id":"https:\/\/secure.gravatar.com\/avatar\/073c0153e350a5005b68eb752b445fea71f6b24a26da9449ad7e155e6b446c9d?s=96&d=mm&r=g","url":"https:\/\/secure.gravatar.com\/avatar\/073c0153e350a5005b68eb752b445fea71f6b24a26da9449ad7e155e6b446c9d?s=96&d=mm&r=g","contentUrl":"https:\/\/secure.gravatar.com\/avatar\/073c0153e350a5005b68eb752b445fea71f6b24a26da9449ad7e155e6b446c9d?s=96&d=mm&r=g","caption":"Ralf Ittermann"},"givenName":"Ralf","familyName":"Ittermann","jobTitle":"Gesch\u00e4ftsf\u00fchrer und redaktioneller Verantwortlicher","url":"https:\/\/iwell-guard.com\/pt-pt\/author\/claude\/","description":"Ralf Ittermann ist Gesch\u00e4ftsf\u00fchrer der Ittermann electronic GmbH und redaktioneller Verantwortlicher des iWell-Guard-Lexikons. Er verbindet langj\u00e4hrige Erfahrung in der Pr\u00e4zisionsfertigung mit medialer Praxis und religionsgeschichtlicher Quellenarbeit.","worksFor":{"@type":"Organization","name":"Ittermann electronic GmbH","url":"https:\/\/ittermann.de\/","address":{"@type":"PostalAddress","streetAddress":"K\u00f6hlergasse 16-18","postalCode":"99842","addressLocality":"Ruhla","addressCountry":"DE"}},"knowsAbout":["Religionsgeschichte","Mythologie","Mediale Praxis","Energetische Diagnostik","Schutzpraxis","Volksglauben","Westliche Esoterik"]},{"@type":"Article","@id":"https:\/\/iwell-guard.com\/pt-pt\/frau-perchta\/#article","isPartOf":{"@id":"https:\/\/iwell-guard.com\/pt-pt\/frau-perchta\/"},"author":{"name":"Ralf Ittermann","@id":"https:\/\/iwell-guard.com\/pt-pt\/#\/schema\/person\/ee2a27f1cac3406c7c6fb5820cb7349f"},"headline":"Frau Perchta","datePublished":"2026-07-16T10:32:42+00:00","dateModified":"2026-08-26T10:20:25+00:00","mainEntityOfPage":{"@id":"https:\/\/iwell-guard.com\/pt-pt\/frau-perchta\/"},"wordCount":2418,"publisher":{"@id":"https:\/\/iwell-guard.com\/pt-pt\/#organization"},"image":{"@id":"https:\/\/iwell-guard.com\/pt-pt\/frau-perchta\/#primaryimage"},"thumbnailUrl":"https:\/\/iwell-guard.com\/wp-content\/uploads\/2026\/07\/geister_alpin_perchta.webp","articleSection":["Alpino","Culturas","Esp\u00edritos"],"inLanguage":"pt-PT","description":"Frau Perchta: guardi\u00e3 da ordem e da dilig\u00eancia nas Raun\u00e4chte. Origem, apar\u00eancia e formas de prote\u00e7\u00e3o tradicionais das lendas alpinas numa vis\u00e3o geral."}]}},"_links":{"self":[{"href":"https:\/\/iwell-guard.com\/pt-pt\/wp-json\/wp\/v2\/pages\/21771","targetHints":{"allow":["GET"]}}],"collection":[{"href":"https:\/\/iwell-guard.com\/pt-pt\/wp-json\/wp\/v2\/pages"}],"about":[{"href":"https:\/\/iwell-guard.com\/pt-pt\/wp-json\/wp\/v2\/types\/page"}],"author":[{"embeddable":true,"href":"https:\/\/iwell-guard.com\/pt-pt\/wp-json\/wp\/v2\/users\/3"}],"replies":[{"embeddable":true,"href":"https:\/\/iwell-guard.com\/pt-pt\/wp-json\/wp\/v2\/comments?post=21771"}],"version-history":[{"count":1,"href":"https:\/\/iwell-guard.com\/pt-pt\/wp-json\/wp\/v2\/pages\/21771\/revisions"}],"predecessor-version":[{"id":107139,"href":"https:\/\/iwell-guard.com\/pt-pt\/wp-json\/wp\/v2\/pages\/21771\/revisions\/107139"}],"wp:featuredmedia":[{"embeddable":true,"href":"https:\/\/iwell-guard.com\/pt-pt\/wp-json\/wp\/v2\/media\/21772"}],"wp:attachment":[{"href":"https:\/\/iwell-guard.com\/pt-pt\/wp-json\/wp\/v2\/media?parent=21771"}],"wp:term":[{"taxonomy":"category","embeddable":true,"href":"https:\/\/iwell-guard.com\/pt-pt\/wp-json\/wp\/v2\/categories?post=21771"}],"curies":[{"name":"wp","href":"https:\/\/api.w.org\/{rel}","templated":true}]}}