{"id":21068,"date":"2026-07-16T10:32:42","date_gmt":"2026-07-16T10:32:42","guid":{"rendered":"https:\/\/iwell-guard.com\/frau-perchta\/"},"modified":"2026-08-26T11:45:35","modified_gmt":"2026-08-26T11:45:35","slug":"frau-perchta","status":"publish","type":"page","link":"https:\/\/iwell-guard.com\/pl\/frau-perchta\/","title":{"rendered":"Frau Perchta"},"content":{"rendered":"\t\t<div data-elementor-type=\"wp-page\" data-elementor-id=\"21068\" class=\"elementor elementor-21068 elementor-20476\" data-elementor-post-type=\"page\">\n\t\t\t\t<div class=\"elementor-element elementor-element-10fdade e-flex e-con-boxed e-con e-parent\" data-id=\"10fdade\" data-element_type=\"container\" data-e-type=\"container\" data-settings=\"{&quot;background_background&quot;:&quot;classic&quot;}\">\n\t\t\t\t\t<div class=\"e-con-inner\">\n\t\t<div class=\"elementor-element elementor-element-herohlft0 e-flex e-con-boxed e-con e-child\" data-id=\"herohlft0\" data-element_type=\"container\" data-e-type=\"container\">\n\t\t\t\t\t<div class=\"e-con-inner\">\n\t\t<div class=\"elementor-element elementor-element-c3ceb64 e-con-full e-flex e-con e-child\" data-id=\"c3ceb64\" data-element_type=\"container\" data-e-type=\"container\">\n\t\t\t\t<div class=\"elementor-element elementor-element-96ae5e1 elementor-widget elementor-widget-heading\" data-id=\"96ae5e1\" data-element_type=\"widget\" data-e-type=\"widget\" data-widget_type=\"heading.default\">\n\t\t\t\t\t<h1 class=\"elementor-heading-title elementor-size-default\">Frau Perchta, egzaminatorka pracowito\u015bci i porz\u0105dku<\/h1>\t\t\t\t<\/div>\n\t\t\t\t<div class=\"elementor-element elementor-element-e45238a elementor-widget elementor-widget-text-editor\" data-id=\"e45238a\" data-element_type=\"widget\" data-e-type=\"widget\" data-widget_type=\"text-editor.default\">\n\t\t\t\t\t\t\t\t\t<p>Frau Perchta jest <span class=\"iwg-fachbegriff\" tabindex=\"0\" data-tooltip=\"Bezcielesna istota, kt\u00f3rej przypisuje si\u0119 wp\u0142yw na \u015bwiat.\">duchem<\/span> tradycji alpejskiej.<\/p>\n<p><strong>Stra\u017cniczka pracowito\u015bci i porz\u0105dku w dwunastu Raun\u00e4chte.<\/strong><\/p>\n\t\t\t\t\t\t\t\t<\/div>\n\t\t\t\t<\/div>\n\t\t<div class=\"elementor-element elementor-element-klsbdg01 e-con-full e-flex e-con e-child\" data-id=\"klsbdg01\" data-element_type=\"container\" data-e-type=\"container\">\n\t\t\t\t<div class=\"elementor-element elementor-element-klshtm01 elementor-widget elementor-widget-html\" data-id=\"klshtm01\" data-element_type=\"widget\" data-e-type=\"widget\" data-widget_type=\"html.default\">\n\t\t\t\t\t<div class=\"iwg-pill-row\"><span class=\"iwg-klasse-badge\" tabindex=\"0\" data-tooltip=\"Duch: Byt bezcielesny lub p\u00f3\u0142cielesny, zmarli, istoty natury, duchy domowe lub stra\u017cnicy granic. Dzia\u0142a w codziennym \u017cyciu, cz\u0119sto zwi\u0105zany z miejscami lub rodzinami.\">Duch<\/span><a href=\"https:\/\/iwell-guard.com\/pl\/sagi-alpejskie\/\" class=\"iwg-kultur-badge\" tabindex=\"0\" data-tooltip=\"\u015awiat poda\u0144 obszaru alpejskiego: Bawaria, Austria, Szwajcaria i Po\u0142udniowy Tyrol, od duch\u00f3w alpejskich pastwisk do postaci Raun\u00e4chte.\">Alpenraum<\/a><\/div>\t\t\t\t<\/div>\n\t\t\t\t<\/div>\n\t\t<div class=\"elementor-element elementor-element-3f74855 e-con-full e-flex e-con e-child\" data-id=\"3f74855\" data-element_type=\"container\" data-e-type=\"container\">\n\t\t\t\t<div class=\"elementor-element elementor-element-1c30362 elementor-toc--minimized-on-tablet elementor-widget elementor-widget-table-of-contents\" data-id=\"1c30362\" data-element_type=\"widget\" data-e-type=\"widget\" data-settings=\"{&quot;exclude_headings_by_selector&quot;:[],&quot;no_headings_message&quot;:&quot;Es wurden keine \\u00dcberschriften auf dieser Seite gefunden.&quot;,&quot;headings_by_tags&quot;:[&quot;h2&quot;,&quot;h3&quot;],&quot;marker_view&quot;:&quot;bullets&quot;,&quot;icon&quot;:{&quot;value&quot;:&quot;fas fa-circle&quot;,&quot;library&quot;:&quot;fa-solid&quot;,&quot;rendered_tag&quot;:&quot;&lt;svg class=\\&quot;e-font-icon-svg e-fas-circle\\&quot; viewBox=\\&quot;0 0 512 512\\&quot; xmlns=\\&quot;http:\\\/\\\/www.w3.org\\\/2000\\\/svg\\&quot;&gt;&lt;path d=\\&quot;M256 8C119 8 8 119 8 256s111 248 248 248 248-111 248-248S393 8 256 8z\\&quot;&gt;&lt;\\\/path&gt;&lt;\\\/svg&gt;&quot;},&quot;minimize_box&quot;:&quot;yes&quot;,&quot;minimized_on&quot;:&quot;tablet&quot;,&quot;hierarchical_view&quot;:&quot;yes&quot;,&quot;min_height&quot;:{&quot;unit&quot;:&quot;px&quot;,&quot;size&quot;:&quot;&quot;,&quot;sizes&quot;:[]},&quot;min_height_tablet&quot;:{&quot;unit&quot;:&quot;px&quot;,&quot;size&quot;:&quot;&quot;,&quot;sizes&quot;:[]},&quot;min_height_mobile&quot;:{&quot;unit&quot;:&quot;px&quot;,&quot;size&quot;:&quot;&quot;,&quot;sizes&quot;:[]}}\" data-widget_type=\"table-of-contents.default\">\n\t\t\t\t\t\t\t\t\t<div class=\"elementor-toc__header\">\n\t\t\t\t\t\t<h2 class=\"elementor-toc__header-title\">\n\t\t\t\tSpis tre\u015bci\t\t\t<\/h2>\n\t\t\t\t\t\t\t\t\t\t<div class=\"elementor-toc__toggle-button elementor-toc__toggle-button--expand\" role=\"button\" tabindex=\"0\" aria-controls=\"elementor-toc__1c30362\" aria-expanded=\"true\" aria-label=\"Open table of contents\"><svg aria-hidden=\"true\" class=\"e-font-icon-svg e-fas-chevron-down\" viewBox=\"0 0 448 512\" xmlns=\"http:\/\/www.w3.org\/2000\/svg\"><path d=\"M207.029 381.476L12.686 187.132c-9.373-9.373-9.373-24.569 0-33.941l22.667-22.667c9.357-9.357 24.522-9.375 33.901-.04L224 284.505l154.745-154.021c9.379-9.335 24.544-9.317 33.901.04l22.667 22.667c9.373 9.373 9.373 24.569 0 33.941L240.971 381.476c-9.373 9.372-24.569 9.372-33.942 0z\"><\/path><\/svg><\/div>\n\t\t\t\t<div class=\"elementor-toc__toggle-button elementor-toc__toggle-button--collapse\" role=\"button\" tabindex=\"0\" aria-controls=\"elementor-toc__1c30362\" aria-expanded=\"true\" aria-label=\"Close table of contents\"><svg aria-hidden=\"true\" class=\"e-font-icon-svg e-fas-chevron-up\" viewBox=\"0 0 448 512\" xmlns=\"http:\/\/www.w3.org\/2000\/svg\"><path d=\"M240.971 130.524l194.343 194.343c9.373 9.373 9.373 24.569 0 33.941l-22.667 22.667c-9.357 9.357-24.522 9.375-33.901.04L224 227.495 69.255 381.516c-9.379 9.335-24.544 9.317-33.901-.04l-22.667-22.667c-9.373-9.373-9.373-24.569 0-33.941L207.03 130.525c9.372-9.373 24.568-9.373 33.941-.001z\"><\/path><\/svg><\/div>\n\t\t\t\t\t<\/div>\n\t\t\t\t<div id=\"elementor-toc__1c30362\" class=\"elementor-toc__body\">\n\t\t\t<div class=\"elementor-toc__spinner-container\">\n\t\t\t\t<svg class=\"elementor-toc__spinner eicon-animation-spin e-font-icon-svg e-eicon-loading\" aria-hidden=\"true\" viewBox=\"0 0 1000 1000\" xmlns=\"http:\/\/www.w3.org\/2000\/svg\"><path d=\"M500 975V858C696 858 858 696 858 500S696 142 500 142 142 304 142 500H25C25 237 238 25 500 25S975 237 975 500 763 975 500 975Z\"><\/path><\/svg>\t\t\t<\/div>\n\t\t<\/div>\n\t\t\t\t\t\t<\/div>\n\t\t\t\t<\/div>\n\t\t\t\t\t<\/div>\n\t\t\t\t<\/div>\n\t\t<div class=\"elementor-element elementor-element-herorght0 e-con-full e-flex e-con e-child\" data-id=\"herorght0\" data-element_type=\"container\" data-e-type=\"container\">\n\t\t\t\t<div class=\"elementor-element elementor-element-heroimg00 iwg-hero-image elementor-widget elementor-widget-image\" data-id=\"heroimg00\" data-element_type=\"widget\" data-e-type=\"widget\" data-widget_type=\"image.default\">\n\t\t\t\t\t\t\t\t\t\t\t\t\t\t\t<img fetchpriority=\"high\" decoding=\"async\" width=\"682\" height=\"1024\" src=\"https:\/\/iwell-guard.com\/wp-content\/uploads\/2026\/07\/geister_alpin_perchta-682x1024.webp\" class=\"attachment-large size-large wp-image-21069\" alt=\"Frau Perchta - duchy z alpejskiej tradycji, ilustracja historyczna\" srcset=\"https:\/\/iwell-guard.com\/wp-content\/uploads\/2026\/07\/geister_alpin_perchta-682x1024.webp 682w, https:\/\/iwell-guard.com\/wp-content\/uploads\/2026\/07\/geister_alpin_perchta-200x300.webp 200w, https:\/\/iwell-guard.com\/wp-content\/uploads\/2026\/07\/geister_alpin_perchta-768x1154.webp 768w, https:\/\/iwell-guard.com\/wp-content\/uploads\/2026\/07\/geister_alpin_perchta.webp 1023w\" sizes=\"(max-width: 682px) 100vw, 682px\" \/>\t\t\t\t\t\t\t\t\t\t\t\t\t\t\t<\/div>\n\t\t\t\t<\/div>\n\t\t\t\t\t<\/div>\n\t\t\t\t<\/div>\n\t\t<div class=\"elementor-element elementor-element-32917199 e-flex e-con-boxed e-con e-parent\" data-id=\"32917199\" data-element_type=\"container\" data-e-type=\"container\">\n\t\t\t\t\t<div class=\"e-con-inner\">\n\t\t<div class=\"elementor-element elementor-element-26e916cb e-flex e-con-boxed e-con e-child\" data-id=\"26e916cb\" data-element_type=\"container\" data-e-type=\"container\">\n\t\t\t\t\t<div class=\"e-con-inner\">\n\t\t<div class=\"elementor-element elementor-element-253a40d4 e-flex e-con-boxed e-con e-child\" data-id=\"253a40d4\" data-element_type=\"container\" data-e-type=\"container\">\n\t\t\t\t\t<div class=\"e-con-inner\">\n\t\t\t\t<div class=\"elementor-element elementor-element-1200c304 elementor-widget elementor-widget-heading\" data-id=\"1200c304\" data-element_type=\"widget\" data-e-type=\"widget\" data-widget_type=\"heading.default\">\n\t\t\t\t\t<div class=\"elementor-heading-title elementor-size-default\">Frau Perchta<\/div>\t\t\t\t<\/div>\n\t\t\t\t<div class=\"elementor-element elementor-element-11758e7f elementor-widget elementor-widget-text-editor\" data-id=\"11758e7f\" data-element_type=\"widget\" data-e-type=\"widget\" data-widget_type=\"text-editor.default\">\n\t\t\t\t\t\t\t\t\t<p>Frau Perchta uwa\u017cana jest w Alpach i Bawarii za stra\u017cniczk\u0119 porz\u0105dku i pracowito\u015bci: kto w ci\u0105gu roku pracowa\u0142 i prz\u0105d\u0142, zostanie nagrodzony, kto by\u0142 niedba\u0142y, musi liczy\u0107 si\u0119 z jej nagana. Literacko udokumentowana jest po raz pierwszy w XV wieku u Thomasa Ebendorfera z Haselbach.<\/p>\n<p>W Raun\u00e4chte przechodzi przez domy i uliczki, raz jako pi\u0119kna kobieta w jasnej sukni, raz jako wychudzona posta\u0107 z g\u0119si\u0105 nog\u0105. \u017bywy do dzi\u015b korow\u00f3d Perchten\u00f3w przek\u0142ada t\u0119 podw\u00f3jn\u0105 posta\u0107 na widowiskowy zimowy rytua\u0142.<\/p>\n\t\t\t\t\t\t\t\t<\/div>\n\t\t\t\t\t<\/div>\n\t\t\t\t<\/div>\n\t\t<div class=\"elementor-element elementor-element-159dcf9a e-flex e-con-boxed e-con e-child\" data-id=\"159dcf9a\" data-element_type=\"container\" data-e-type=\"container\">\n\t\t\t\t\t<div class=\"e-con-inner\">\n\t\t\t\t<div class=\"elementor-element elementor-element-48cee66f elementor-widget elementor-widget-heading\" data-id=\"48cee66f\" data-element_type=\"widget\" data-e-type=\"widget\" data-widget_type=\"heading.default\">\n\t\t\t\t\t<div class=\"elementor-heading-title elementor-size-default\">W skr\u00f3cie: Frau Perchta<\/div>\t\t\t\t<\/div>\n\t\t\t\t<div class=\"elementor-element elementor-element-3f50d82c elementor-widget elementor-widget-text-editor\" data-id=\"3f50d82c\" data-element_type=\"widget\" data-e-type=\"widget\" data-widget_type=\"text-editor.default\">\n\t\t\t\t\t\t\t\t\t<p><strong>Typ:<\/strong> duch pory roku i egzaminatorka pracowito\u015bci i porz\u0105dku<br \/>Pochodzenie: alpejski wschodni obszar, literacko od XV wieku (Thomas Ebendorfer, 1439)<br \/>Teksty: \u015bredniowieczne kazania pokutne, Handw\u00f6rterbuch des deutschen Aberglaubens, zbiory poda\u0144 z XIX wieku<br \/>Okres: dwana\u015bcie Raun\u00e4chte mi\u0119dzy Bo\u017cym Narodzeniem a Trzech Kr\u00f3li<br \/>Wygl\u0105d: pi\u0119kna kobieta w bia\u0142ej sukni lub wychudzona, d\u0142ugonosa staruszka z g\u0119si\u0105 nog\u0105<\/p>\n\t\t\t\t\t\t\t\t<\/div>\n\t\t\t\t\t<\/div>\n\t\t\t\t<\/div>\n\t\t\t\t\t<\/div>\n\t\t\t\t<\/div>\n\t\t\t\t\t<\/div>\n\t\t\t\t<\/div>\n\t\t<div class=\"elementor-element elementor-element-18613602 e-flex e-con-boxed e-con e-parent\" data-id=\"18613602\" data-element_type=\"container\" data-e-type=\"container\">\n\t\t\t\t\t<div class=\"e-con-inner\">\n\t\t\t\t<div class=\"elementor-element elementor-element-262b8a9f elementor-widget elementor-widget-heading\" data-id=\"262b8a9f\" data-element_type=\"widget\" data-e-type=\"widget\" data-widget_type=\"heading.default\">\n\t\t\t\t\t<h2 class=\"elementor-heading-title elementor-size-default\">Kontekst \u017ar\u00f3d\u0142owy<\/h2>\t\t\t\t<\/div>\n\t\t<div class=\"elementor-element elementor-element-46dcb7d e-con-full e-flex e-con e-child\" data-id=\"46dcb7d\" data-element_type=\"container\" data-e-type=\"container\">\n\t\t<div class=\"elementor-element elementor-element-61d3ab3 e-flex e-con-boxed e-con e-child\" data-id=\"61d3ab3\" data-element_type=\"container\" data-e-type=\"container\">\n\t\t\t\t\t<div class=\"e-con-inner\">\n\t\t\t\t<div class=\"elementor-element elementor-element-117c166 elementor-widget elementor-widget-heading\" data-id=\"117c166\" data-element_type=\"widget\" data-e-type=\"widget\" data-widget_type=\"heading.default\">\n\t\t\t\t\t<h3 class=\"elementor-heading-title elementor-size-default\">Okres powstania tekst\u00f3w<\/h3>\t\t\t\t<\/div>\n\t\t\t\t<div class=\"elementor-element elementor-element-73997a0 elementor-widget elementor-widget-text-editor\" data-id=\"73997a0\" data-element_type=\"widget\" data-e-type=\"widget\" data-widget_type=\"text-editor.default\">\n\t\t\t\t\t\t\t\t\t<p>Literacko potwierdzona od XV wieku, z Thomasem Ebendorferem w 1439 roku jako wczesnym \u015bwiadectwem; bogato dokumentowana etnograficznie w XIX i na pocz\u0105tku XX wieku.<\/p>\n\t\t\t\t\t\t\t\t<\/div>\n\t\t\t\t\t<\/div>\n\t\t\t\t<\/div>\n\t\t<div class=\"elementor-element elementor-element-d47b156 e-flex e-con-boxed e-con e-child\" data-id=\"d47b156\" data-element_type=\"container\" data-e-type=\"container\">\n\t\t\t\t\t<div class=\"e-con-inner\">\n\t\t\t\t<div class=\"elementor-element elementor-element-ff38c2b elementor-widget elementor-widget-heading\" data-id=\"ff38c2b\" data-element_type=\"widget\" data-e-type=\"widget\" data-widget_type=\"heading.default\">\n\t\t\t\t\t<h3 class=\"elementor-heading-title elementor-size-default\">Zasi\u0119g geograficzny<\/h3>\t\t\t\t<\/div>\n\t\t\t\t<div class=\"elementor-element elementor-element-4e49fcc elementor-widget elementor-widget-text-editor\" data-id=\"4e49fcc\" data-element_type=\"widget\" data-e-type=\"widget\" data-widget_type=\"text-editor.default\">\n\t\t\t\t\t\t\t\t\t<p>Bawaria, Austria, Tyrol Po\u0142udniowy i alpejski obszar wschodni, z p\u00f3\u0142nocnymi postaciami paralelnymi si\u0119gaj\u0105cymi po Niemcy \u015arodkowe.<\/p>\n\t\t\t\t\t\t\t\t<\/div>\n\t\t\t\t\t<\/div>\n\t\t\t\t<\/div>\n\t\t\t\t<\/div>\n\t\t<div class=\"elementor-element elementor-element-db03c39 e-con-full e-flex e-con e-child\" data-id=\"db03c39\" data-element_type=\"container\" data-e-type=\"container\">\n\t\t<div class=\"elementor-element elementor-element-229a87b e-flex e-con-boxed e-con e-child\" data-id=\"229a87b\" data-element_type=\"container\" data-e-type=\"container\">\n\t\t\t\t\t<div class=\"e-con-inner\">\n\t\t\t\t<div class=\"elementor-element elementor-element-1f471fc elementor-widget elementor-widget-heading\" data-id=\"1f471fc\" data-element_type=\"widget\" data-e-type=\"widget\" data-widget_type=\"heading.default\">\n\t\t\t\t\t<h3 class=\"elementor-heading-title elementor-size-default\">Stan \u017ar\u00f3de\u0142<\/h3>\t\t\t\t<\/div>\n\t\t\t\t<div class=\"elementor-element elementor-element-36b1201 elementor-widget elementor-widget-text-editor\" data-id=\"36b1201\" data-element_type=\"widget\" data-e-type=\"widget\" data-widget_type=\"text-editor.default\">\n\t\t\t\t\t\t\t\t\t<p>Podstaw\u0119 \u017ar\u00f3d\u0142ow\u0105 tworz\u0105 \u015bredniowieczne kazania pokutne, Handw\u00f6rterbuch des deutschen Aberglaubens oraz zbiory poda\u0144 z XIX wieku.<\/p>\n\t\t\t\t\t\t\t\t<\/div>\n\t\t\t\t\t<\/div>\n\t\t\t\t<\/div>\n\t\t\t\t<\/div>\n\t\t\t\t\t<\/div>\n\t\t\t\t<\/div>\n\t\t<div class=\"elementor-element elementor-element-3ae0637c e-flex e-con-boxed e-con e-parent\" data-id=\"3ae0637c\" data-element_type=\"container\" data-e-type=\"container\">\n\t\t\t\t\t<div class=\"e-con-inner\">\n\t\t\t\t<div class=\"elementor-element elementor-element-31d07739 elementor-widget elementor-widget-heading\" data-id=\"31d07739\" data-element_type=\"widget\" data-e-type=\"widget\" data-widget_type=\"heading.default\">\n\t\t\t\t\t<h2 class=\"elementor-heading-title elementor-size-default\">Nazwa i warianty<\/h2>\t\t\t\t<\/div>\n\t\t<div class=\"elementor-element elementor-element-b7642947 e-con-full e-flex e-con e-child\" data-id=\"b7642947\" data-element_type=\"container\" data-e-type=\"container\">\n\t\t\t\t<div class=\"elementor-element elementor-element-a086266 elementor-widget elementor-widget-text-editor\" data-id=\"a086266\" data-element_type=\"widget\" data-e-type=\"widget\" data-widget_type=\"text-editor.default\">\n\t\t\t\t\t\t\t\t\t<p><strong>Staro-wysoko-niemiecki:<\/strong> Nazw\u0119 zwykle wywodzi si\u0119 od beraht, czyli b\u0142yszcz\u0105ca, rzadziej od pergan, czyli skryta; badania nie wyja\u015bni\u0142y tej kwestii jednoznacznie. Nazwa \u0142\u0105czona jest ponadto z Berchtentag, \u015bwi\u0119tem Objawienia Pa\u0144skiego przypadaj\u0105cym 6 stycznia.<\/p>\n\t\t\t\t\t\t\t\t<\/div>\n\t\t\t\t<\/div>\n\t\t\t\t\t<\/div>\n\t\t\t\t<\/div>\n\t\t<div class=\"elementor-element elementor-element-709a44a8 e-flex e-con-boxed e-con e-parent\" data-id=\"709a44a8\" data-element_type=\"container\" data-e-type=\"container\">\n\t\t\t\t\t<div class=\"e-con-inner\">\n\t\t\t\t<div class=\"elementor-element elementor-element-2f585873 elementor-widget elementor-widget-heading\" data-id=\"2f585873\" data-element_type=\"widget\" data-e-type=\"widget\" data-widget_type=\"heading.default\">\n\t\t\t\t\t<h2 class=\"elementor-heading-title elementor-size-default\">Posta\u0107 i dzia\u0142anie<\/h2>\t\t\t\t<\/div>\n\t\t<div class=\"elementor-element elementor-element-70621c12 e-con-full e-flex e-con e-child\" data-id=\"70621c12\" data-element_type=\"container\" data-e-type=\"container\">\n\t\t\t\t<div class=\"elementor-element elementor-element-4296eb49 elementor-widget elementor-widget-text-editor\" data-id=\"4296eb49\" data-element_type=\"widget\" data-e-type=\"widget\" data-widget_type=\"text-editor.default\">\n\t\t\t\t\t\t\t\t\t<p><strong>Wygl\u0105d<\/strong><\/p>\n<p>Perchta pojawia si\u0119 w dw\u00f3ch przeciwstawnych postaciach: jako pi\u0119kna kobieta w jasnej, cz\u0119sto bia\u0142ej szacie, kojarzona ze \u015bwiat\u0142em, czysto\u015bci\u0105 i p\u0142odno\u015bci\u0105, lub jako wychudzona posta\u0107 z d\u0142ugim nosem, zmierzwionymi w\u0142osami i nazwotw\u00f3rcz\u0105 g\u0119si\u0105 lub \u0142ab\u0119dzi\u0105 stop\u0105.<\/p>\n<p><strong>Dzia\u0142anie<\/strong><\/p>\n<p>Obie formy sprawdzaj\u0105, czy ko\u0142owrotki zosta\u0142y uporz\u0105dkowane, domy uprz\u0105tni\u0119te, a prace roczne nale\u017cycie zako\u0144czone. W Perchtenlauf w Alpach Wschodnich ta podw\u00f3jna posta\u0107 odzwierciedla si\u0119 do dzi\u015b w pi\u0119knych i szpetnych maskach Percht\u00f3w.<\/p>\n\t\t\t\t\t\t\t\t<\/div>\n\t\t\t\t<\/div>\n\t\t\t\t\t<\/div>\n\t\t\t\t<\/div>\n\t\t<div class=\"elementor-element elementor-element-44e71476 e-flex e-con-boxed e-con e-parent\" data-id=\"44e71476\" data-element_type=\"container\" data-e-type=\"container\">\n\t\t\t\t\t<div class=\"e-con-inner\">\n\t\t\t\t<div class=\"elementor-element elementor-element-3c1fc3f0 elementor-widget elementor-widget-heading\" data-id=\"3c1fc3f0\" data-element_type=\"widget\" data-e-type=\"widget\" data-widget_type=\"heading.default\">\n\t\t\t\t\t<h2 class=\"elementor-heading-title elementor-size-default\">Profil: Frau Perchta<\/h2>\t\t\t\t<\/div>\n\t\t<div class=\"elementor-element elementor-element-84f33b8e e-con-full e-flex e-con e-child\" data-id=\"84f33b8e\" data-element_type=\"container\" data-e-type=\"container\">\n\t\t\t\t<div class=\"elementor-element elementor-element-hqkdc67p elementor-widget elementor-widget-text-editor\" data-id=\"hqkdc67p\" data-element_type=\"widget\" data-e-type=\"widget\" data-widget_type=\"text-editor.default\">\n\t\t\t\t\t\t\t\t\t<p>Najwa\u017cniejsze aspekty stra\u017cniczki Raun\u00e4chte w skr\u00f3cie.<\/p>\n\t\t\t\t\t\t\t\t<\/div>\n\t\t\t\t<\/div>\n\t\t<div class=\"elementor-element elementor-element-pemmx7c5 e-con-full e-flex e-con e-child\" data-id=\"pemmx7c5\" data-element_type=\"container\" data-e-type=\"container\">\n\t\t<div class=\"elementor-element elementor-element-pemmx7c1 e-con-full e-flex e-con e-child\" data-id=\"pemmx7c1\" data-element_type=\"container\" data-e-type=\"container\">\n\t\t<div class=\"elementor-element elementor-element-qh9oavvu iwg-steckbrief-card e-flex e-con-boxed e-con e-child\" data-id=\"qh9oavvu\" data-element_type=\"container\" data-e-type=\"container\">\n\t\t\t\t\t<div class=\"e-con-inner\">\n\t\t\t\t<div class=\"elementor-element elementor-element-awzx8k2k elementor-widget elementor-widget-heading\" data-id=\"awzx8k2k\" data-element_type=\"widget\" data-e-type=\"widget\" data-widget_type=\"heading.default\">\n\t\t\t\t\t<div class=\"elementor-heading-title elementor-size-default\">Kontekst kulturowy<\/div>\t\t\t\t<\/div>\n\t\t\t\t<div class=\"elementor-element elementor-element-x6rowhv0 elementor-widget elementor-widget-text-editor\" data-id=\"x6rowhv0\" data-element_type=\"widget\" data-e-type=\"widget\" data-widget_type=\"text-editor.default\">\n\t\t\t\t\t\t\t\t\t<p>Duch p\u00f3r roku alpejskiego obszaru wschodniego, po\u015bwiadczony przez Ko\u015bci\u00f3\u0142 od XV wieku i uznany przez Jacoba Grimma za po\u0142udniow\u0105 krewn\u0105 Frau Holle.<\/p>\n\t\t\t\t\t\t\t\t<\/div>\n\t\t\t\t\t<\/div>\n\t\t\t\t<\/div>\n\t\t<div class=\"elementor-element elementor-element-8e3o4kxs iwg-steckbrief-card e-flex e-con-boxed e-con e-child\" data-id=\"8e3o4kxs\" data-element_type=\"container\" data-e-type=\"container\">\n\t\t\t\t\t<div class=\"e-con-inner\">\n\t\t\t\t<div class=\"elementor-element elementor-element-08rkdgov elementor-widget elementor-widget-heading\" data-id=\"08rkdgov\" data-element_type=\"widget\" data-e-type=\"widget\" data-widget_type=\"heading.default\">\n\t\t\t\t\t<div class=\"elementor-heading-title elementor-size-default\">Odpowiedzialny za<\/div>\t\t\t\t<\/div>\n\t\t\t\t<div class=\"elementor-element elementor-element-uwjelx8s elementor-widget elementor-widget-text-editor\" data-id=\"uwjelx8s\" data-element_type=\"widget\" data-e-type=\"widget\" data-widget_type=\"text-editor.default\">\n\t\t\t\t\t\t\t\t\t<p>Prz\u0105dki, s\u0142u\u017cba i dzieci: Perchta kontroluje pracowito\u015b\u0107 i porz\u0105dek w domu i czuwa nad przej\u015bciem ze starego do nowego roku.<\/p>\n\t\t\t\t\t\t\t\t<\/div>\n\t\t\t\t\t<\/div>\n\t\t\t\t<\/div>\n\t\t<div class=\"elementor-element elementor-element-jm2n74ec iwg-steckbrief-card e-flex e-con-boxed e-con e-child\" data-id=\"jm2n74ec\" data-element_type=\"container\" data-e-type=\"container\">\n\t\t\t\t\t<div class=\"e-con-inner\">\n\t\t\t\t<div class=\"elementor-element elementor-element-8vufse4c elementor-widget elementor-widget-heading\" data-id=\"8vufse4c\" data-element_type=\"widget\" data-e-type=\"widget\" data-widget_type=\"heading.default\">\n\t\t\t\t\t<div class=\"elementor-heading-title elementor-size-default\">Wygl\u0105d<\/div>\t\t\t\t<\/div>\n\t\t\t\t<div class=\"elementor-element elementor-element-mwb9u015 elementor-widget elementor-widget-text-editor\" data-id=\"mwb9u015\" data-element_type=\"widget\" data-e-type=\"widget\" data-widget_type=\"text-editor.default\">\n\t\t\t\t\t\t\t\t\t<p>Pi\u0119kna, bia\u0142o odziana kobieta lub wychudzona, d\u0142ugonosa staruszka z g\u0119si\u0105 stop\u0105; w Perchtenlauf przedstawiana jako pi\u0119kna i szpetna maska.<\/p>\n\t\t\t\t\t\t\t\t<\/div>\n\t\t\t\t\t<\/div>\n\t\t\t\t<\/div>\n\t\t\t\t<\/div>\n\t\t<div class=\"elementor-element elementor-element-pemmx7c2 e-con-full e-flex e-con e-child\" data-id=\"pemmx7c2\" data-element_type=\"container\" data-e-type=\"container\">\n\t\t<div class=\"elementor-element elementor-element-37ss2yr6 iwg-steckbrief-card e-flex e-con-boxed e-con e-child\" data-id=\"37ss2yr6\" data-element_type=\"container\" data-e-type=\"container\">\n\t\t\t\t\t<div class=\"e-con-inner\">\n\t\t\t\t<div class=\"elementor-element elementor-element-3v0wp3wx elementor-widget elementor-widget-heading\" data-id=\"3v0wp3wx\" data-element_type=\"widget\" data-e-type=\"widget\" data-widget_type=\"heading.default\">\n\t\t\t\t\t<div class=\"elementor-heading-title elementor-size-default\">Zakres dzia\u0142ania<\/div>\t\t\t\t<\/div>\n\t\t\t\t<div class=\"elementor-element elementor-element-w3247g2m elementor-widget elementor-widget-text-editor\" data-id=\"w3247g2m\" data-element_type=\"widget\" data-e-type=\"widget\" data-widget_type=\"text-editor.default\">\n\t\t\t\t\t\t\t\t\t<p>Nagradzanie pracowito\u015bci b\u0142ogos\u0142awie\u0144stwem i dobrymi zbiorami, upomnienia, a w starszych przekazach surowsze kary za zaniedbania.<\/p>\n\t\t\t\t\t\t\t\t<\/div>\n\t\t\t\t\t<\/div>\n\t\t\t\t<\/div>\n\t\t<div class=\"elementor-element elementor-element-0qpjal9w iwg-steckbrief-card e-flex e-con-boxed e-con e-child\" data-id=\"0qpjal9w\" data-element_type=\"container\" data-e-type=\"container\">\n\t\t\t\t\t<div class=\"e-con-inner\">\n\t\t\t\t<div class=\"elementor-element elementor-element-6ndoih0o elementor-widget elementor-widget-heading\" data-id=\"6ndoih0o\" data-element_type=\"widget\" data-e-type=\"widget\" data-widget_type=\"heading.default\">\n\t\t\t\t\t<div class=\"elementor-heading-title elementor-size-default\">Post\u0119powanie<\/div>\t\t\t\t<\/div>\n\t\t\t\t<div class=\"elementor-element elementor-element-6684tyh9 elementor-widget elementor-widget-text-editor\" data-id=\"6684tyh9\" data-element_type=\"widget\" data-e-type=\"widget\" data-widget_type=\"text-editor.default\">\n\t\t\t\t\t\t\t\t\t<p>Uporz\u0105dkowane ko\u0142owrotki i uprz\u0105tni\u0119te izby przed krytyczn\u0105 noc\u0105, a tak\u017ce okadzanie, zakl\u0119cia ochronne i modlitwy przy progu.<\/p>\n\t\t\t\t\t\t\t\t<\/div>\n\t\t\t\t\t<\/div>\n\t\t\t\t<\/div>\n\t\t<div class=\"elementor-element elementor-element-3lfi7x32 iwg-steckbrief-card e-flex e-con-boxed e-con e-child\" data-id=\"3lfi7x32\" data-element_type=\"container\" data-e-type=\"container\">\n\t\t\t\t\t<div class=\"e-con-inner\">\n\t\t\t\t<div class=\"elementor-element elementor-element-0kg99ga1 elementor-widget elementor-widget-heading\" data-id=\"0kg99ga1\" data-element_type=\"widget\" data-e-type=\"widget\" data-widget_type=\"heading.default\">\n\t\t\t\t\t<div class=\"elementor-heading-title elementor-size-default\">Powi\u0105zane<\/div>\t\t\t\t<\/div>\n\t\t\t\t<div class=\"elementor-element elementor-element-n0fum6kp elementor-widget elementor-widget-text-editor\" data-id=\"n0fum6kp\" data-element_type=\"widget\" data-e-type=\"widget\" data-widget_type=\"text-editor.default\">\n\t\t\t\t\t\t\t\t\t<p>Wschodnios\u0142owia\u0144ska <a href=\"https:\/\/iwell-guard.com\/pl\/kikimora\/\">Kikimora<\/a> jako pokrewny karc\u0105cy duch domowy, a tak\u017ce nocne pochody kobiet wok\u00f3\u0142 <a href=\"https:\/\/iwell-guard.com\/pl\/diana\/\">Diany<\/a> z Canon Episcopi.<\/p>\n\t\t\t\t\t\t\t\t<\/div>\n\t\t\t\t\t<\/div>\n\t\t\t\t<\/div>\n\t\t\t\t<\/div>\n\t\t\t\t<\/div>\n\t\t\t\t\t<\/div>\n\t\t\t\t<\/div>\n\t\t<div class=\"elementor-element elementor-element-7533bc7a e-flex e-con-boxed e-con e-parent\" data-id=\"7533bc7a\" data-element_type=\"container\" data-e-type=\"container\">\n\t\t\t\t\t<div class=\"e-con-inner\">\n\t\t\t\t<div class=\"elementor-element elementor-element-2447d18d elementor-widget elementor-widget-heading\" data-id=\"2447d18d\" data-element_type=\"widget\" data-e-type=\"widget\" data-widget_type=\"heading.default\">\n\t\t\t\t\t<h2 class=\"elementor-heading-title elementor-size-default\">Od kazania pokutnego do dnia Berchty<\/h2>\t\t\t\t<\/div>\n\t\t<div class=\"elementor-element elementor-element-d5d0260c e-con-full e-flex e-con e-child\" data-id=\"d5d0260c\" data-element_type=\"container\" data-e-type=\"container\">\n\t\t\t\t<div class=\"elementor-element elementor-element-341be2ac elementor-widget elementor-widget-text-editor\" data-id=\"341be2ac\" data-element_type=\"widget\" data-e-type=\"widget\" data-widget_type=\"text-editor.default\">\n\t\t\t\t\t\t\t\t\t<p>Nazwa Perchta jest zwykle \u0142\u0105czona ze staro-g\u00f3rno-niemieckim beraht, \u201el\u015bni\u0105ca&#8221;, rzadziej z pergan, \u201eskryta&#8221;. Najwcze\u015bniejsze literackie \u015bledy pojawiaj\u0105 si\u0119 w XV wieku u Thomasa Ebendorfera von Haselbach, kt\u00f3ry w swoim zbiorze kaza\u0144 De decem praeceptis pot\u0119pia kult Perchty jako przes\u0105d, oraz w Thesaurus pauperum z 1468 roku. Nazwa \u0142\u0105czy si\u0119 z dniem Berchty, \u015bwi\u0119tem Epifanii 6 stycznia, w kt\u00f3rym posta\u0107 otrzymywa\u0142a szczeg\u00f3ln\u0105 uwag\u0119.<\/p>\n<p>Jacob Grimm w swojej Deutsche Mythologie zaklasyfikowa\u0142 Percht\u0119 jako po\u0142udniow\u0105 krewn\u0105 p\u00f3\u0142nocnoniemieckiej Frau Holle, z kt\u00f3r\u0105 dzieli role nadzorczyni izb do prz\u0119dzenia i opiekunki zwierz\u0105t; kwestia, czy chodzi o wsp\u00f3ln\u0105, starsz\u0105 posta\u0107 czy o r\u00f3wnolegle powsta\u0142e, regionalnie odr\u0119bne przekazy, jest przedmiotem dyskusji badawczej. Starsze warstwy poda\u0144 znaj\u0105 drastyczny motyw karny, w kt\u00f3rym Perchta rozdziera brzuch i wype\u0142nia go s\u0142om\u0105 lub sieczk\u0105; w dzisiejszej, \u017cywej tradycji alpejskiej na pierwszy plan wyra\u017anie wysuwa si\u0119 jednak rola \u0142agodnej, cho\u0107 wymagaj\u0105cej egzaminatorki.<\/p>\n\t\t\t\t\t\t\t\t<\/div>\n\t\t\t\t<\/div>\n\t\t\t\t\t<\/div>\n\t\t\t\t<\/div>\n\t\t<div class=\"elementor-element elementor-element-cf9ff8f e-flex e-con-boxed e-con e-parent\" data-id=\"cf9ff8f\" data-element_type=\"container\" data-e-type=\"container\">\n\t\t\t\t\t<div class=\"e-con-inner\">\n\t\t\t\t<div class=\"elementor-element elementor-element- elementor-widget elementor-widget-heading\" data-id=\"\" data-element_type=\"widget\" data-e-type=\"widget\" data-widget_type=\"heading.default\">\n\t\t\t\t\t<h2 class=\"elementor-heading-title elementor-size-default\">Wczesne po\u015bwiadczenia: Giperchtennacht, 1393 i 1411<\/h2>\t\t\t\t<\/div>\n\t\t<div class=\"elementor-element elementor-element- e-con-full e-flex e-con e-child\" data-id=\"\" data-element_type=\"container\" data-e-type=\"container\">\n\t\t\t\t<div class=\"elementor-element elementor-element- elementor-widget elementor-widget-text-editor\" data-id=\"\" data-element_type=\"widget\" data-e-type=\"widget\" data-widget_type=\"text-editor.default\">\n\t\t\t\t\t\t\t\t\t<p>Nazwa si\u0119ga korzeniami \u015bredniowiecznego j\u0119zyka ko\u015bcielnego. \u015aredniowysokoniemieckie s\u0142owo bercht oznacza \u201el\u015bni\u0105cy\u201d lub \u201eja\u015bniej\u0105cy\u201d. L\u015bni\u0105ca noc to wigilia 6 stycznia, \u015bwi\u0119ta Objawienia Pa\u0144skiego. W tzw. glosach z Mondsee z XI wieku po\u015bwiadczona jest dla niej nazwa Giperchtennacht.<\/p><p>Posta\u0107 Perchty, znana z poda\u0144, jest uchwytna \u017ar\u00f3d\u0142owo od p\u00f3\u017anego \u015bredniowiecza. Tyrolski wiersz z 1393 roku wspomina Berchty o d\u0142ugim nosie. Hans Vintler w 1411 roku szydzi w dziele Pluemen der Tugent z wiary w Perchty o \u017celaznym nosie.<\/p><p>Pochody w maskach z okazji prze\u0142omu roku s\u0105 jednak starsze ni\u017c sama nazwa. Ju\u017c oko\u0142o roku 500 Cezary z Arles pot\u0119pia\u0142 w kazaniach ha\u0142a\u015bliwe zwyczaje przebierania si\u0119 na pocz\u0105tku roku. Czy mi\u0119dzy takimi p\u00f3\u017anoantycznymi pochodami a alpejskimi Perchtami istnieje ci\u0105g\u0142o\u015b\u0107, pozostaje kwesti\u0105 sporn\u0105 w badaniach.<\/p><p>Etnolo\u017cka Marianne Rumpf wywodzi\u0142a t\u0119 posta\u0107 przede wszystkim z ko\u015bcielnego nauczania, a nie z poga\u0144skiej tradycji. Po\u015bwiadczona przedchrze\u015bcija\u0144ska bogini Perchta nie istnieje w \u017ar\u00f3d\u0142ach.<\/p>\t\t\t\t\t\t\t\t<\/div>\n\t\t\t\t<\/div>\n\t\t\t\t\t<\/div>\n\t\t\t\t<\/div>\n\t\t<div class=\"elementor-element elementor-element-5a584676 e-flex e-con-boxed e-con e-parent\" data-id=\"5a584676\" data-element_type=\"container\" data-e-type=\"container\">\n\t\t\t\t\t<div class=\"e-con-inner\">\n\t\t\t\t<div class=\"elementor-element elementor-element-6d0757bf elementor-widget elementor-widget-heading\" data-id=\"6d0757bf\" data-element_type=\"widget\" data-e-type=\"widget\" data-widget_type=\"heading.default\">\n\t\t\t\t\t<h2 class=\"elementor-heading-title elementor-size-default\">Perchtenlauf i wsp\u00f3\u0142czesna reinterpretacja<\/h2>\t\t\t\t<\/div>\n\t\t<div class=\"elementor-element elementor-element-60563f68 e-con-full e-flex e-con e-child\" data-id=\"60563f68\" data-element_type=\"container\" data-e-type=\"container\">\n\t\t\t\t<div class=\"elementor-element elementor-element-5a93fdd6 elementor-widget elementor-widget-text-editor\" data-id=\"5a93fdd6\" data-element_type=\"widget\" data-e-type=\"widget\" data-widget_type=\"text-editor.default\">\n\t\t\t\t\t\t\t\t\t<p>Perchta pozosta\u0142a \u017cywa w Alpach przede wszystkim dzi\u0119ki Perchtenlauf, kt\u00f3ry do dzi\u015b odbywa si\u0119 w Sylwestra i wok\u00f3\u0142 6 stycznia w Salzburgu, Tyrolu i regionach przygranicznych. We wsp\u00f3\u0142czesnej literaturze ludowej i ezoterycznej bywa cz\u0119sto przekszta\u0142cana w bogini\u0119 Rauhn\u00e4chte i p\u00f3r roku, co jest interpretacj\u0105 odbiegaj\u0105c\u0105 od starszej, bardziej surowej podaniowej tradycji ludowej.<\/p>\n<p>Perchta nale\u017cy do tak zwanych demonic p\u00f3r roku, kt\u00f3rych pojawienie si\u0119 zwi\u0105zane jest z przej\u015bciem mi\u0119dzy latami i kt\u00f3re jednocze\u015bnie uciele\u015bniaj\u0105 kontrol\u0119 i p\u0142odno\u015b\u0107. Podw\u00f3jn\u0105 posta\u0107, pi\u0119kn\u0105 i szpetn\u0105, mo\u017cna odczytywa\u0107 jako personifikacj\u0119 nagrody i kary, wpisan\u0105 w ekonomi\u0119 prac domowych, w kt\u00f3rej prz\u0119dzenie i porz\u0105dek stanowi\u0142y centralne warto\u015bci. Ko\u015bcielne pot\u0119pienie kultu Perchty od XV wieku pokazuje, \u017ce posta\u0107 ta by\u0142a d\u0142ugo postrzegana jako pozosta\u0142o\u015b\u0107 przedchrze\u015bcija\u0144skich wyobra\u017ce\u0144, cho\u0107 nieprzerwanej ci\u0105g\u0142o\u015bci kultowej nie mo\u017cna udowodni\u0107 na podstawie p\u00f3\u017anych \u017ar\u00f3de\u0142.<\/p>\n\t\t\t\t\t\t\t\t<\/div>\n\t\t\t\t<\/div>\n\t\t\t\t\t<\/div>\n\t\t\t\t<\/div>\n\t\t<div class=\"elementor-element elementor-element-337f328 e-flex e-con-boxed e-con e-parent\" data-id=\"337f328\" data-element_type=\"container\" data-e-type=\"container\">\n\t\t\t\t\t<div class=\"e-con-inner\">\n\t\t\t\t<div class=\"elementor-element elementor-element- elementor-widget elementor-widget-heading\" data-id=\"\" data-element_type=\"widget\" data-e-type=\"widget\" data-widget_type=\"heading.default\">\n\t\t\t\t\t<h2 class=\"elementor-heading-title elementor-size-default\">Sch\u00f6nperchten i Schiachperchten<\/h2>\t\t\t\t<\/div>\n\t\t<div class=\"elementor-element elementor-element- e-con-full e-flex e-con e-child\" data-id=\"\" data-element_type=\"container\" data-e-type=\"container\">\n\t\t\t\t<div class=\"elementor-element elementor-element- elementor-widget elementor-widget-text-editor\" data-id=\"\" data-element_type=\"widget\" data-e-type=\"widget\" data-widget_type=\"text-editor.default\">\n\t\t\t\t\t\t\t\t\t<p>Zwyczaj ma dwa oblicza, kt\u00f3re s\u0105 ze sob\u0105 nierozerwalnie zwi\u0105zane.<\/p><p>Sch\u00f6nperchten (\u201epi\u0119kne Perchty\u201d) pojawiaj\u0105 si\u0119 za dnia. Nosz\u0105 wspania\u0142e, cz\u0119sto wie\u017cowej wysoko\u015bci konstrukcje ze zwierciad\u0142ami, kwiatami i wst\u0119gami i \u017cycz\u0105 domom szcz\u0119\u015bcia oraz b\u0142ogos\u0142awie\u0144stwa na nowy rok.<\/p><p>Schiachperchten s\u0105 nocn\u0105 stron\u0105 zwyczaju. G\u00f3rnoniemieckie s\u0142owo schiach oznacza \u201ebrzydki\u201d. Nosz\u0105 demoniczne drewniane maski (Larven) z rogami i z\u0119bami, futro i dzwonki. Z ha\u0142asem przemierzaj\u0105 uliczki. Wed\u0142ug powszechnej interpretacji wyp\u0119dzaj\u0105 w ten spos\u00f3b nieszcz\u0119\u015bcie starego roku, zanim b\u0119dzie mog\u0142o nadej\u015b\u0107 b\u0142ogos\u0142awie\u0144stwo.<\/p>\t\t\t\t\t\t\t\t<\/div>\n\t\t\t\t<\/div>\n\t\t\t\t\t<\/div>\n\t\t\t\t<\/div>\n\t\t<div class=\"elementor-element elementor-element-e89e661 e-flex e-con-boxed e-con e-parent\" data-id=\"e89e661\" data-element_type=\"container\" data-e-type=\"container\">\n\t\t\t\t\t<div class=\"e-con-inner\">\n\t\t\t\t<div class=\"elementor-element elementor-element- elementor-widget elementor-widget-heading\" data-id=\"\" data-element_type=\"widget\" data-e-type=\"widget\" data-widget_type=\"heading.default\">\n\t\t\t\t\t<h2 class=\"elementor-heading-title elementor-size-default\">Czas Percht\u00f3w: Raun\u00e4chte i Perchtennacht<\/h2>\t\t\t\t<\/div>\n\t\t<div class=\"elementor-element elementor-element- e-con-full e-flex e-con e-child\" data-id=\"\" data-element_type=\"container\" data-e-type=\"container\">\n\t\t\t\t<div class=\"elementor-element elementor-element- elementor-widget elementor-widget-text-editor\" data-id=\"\" data-element_type=\"widget\" data-e-type=\"widget\" data-widget_type=\"text-editor.default\">\n\t\t\t\t\t\t\t\t\t<p>W\u0142a\u015bciwym czasem Percht\u00f3w s\u0105 <a href=\"https:\/\/iwell-guard.com\/rauhnaechte\/\">Raun\u00e4chte<\/a> \u2013 noce od Wigilii Bo\u017cego Narodzenia do \u015bwi\u0119ta Trzech Kr\u00f3li. W tych nocach porz\u0105dek \u015bwiata uchodzi\u0142 za przepuszczalny. Pochody, ha\u0142as i \u017cyczenia b\u0142ogos\u0142awie\u0144stwa mia\u0142y bezpiecznie przeprowadzi\u0107 dom i gospodarstwo przez prze\u0142om roku.<\/p><p>Zwie\u0144czeniem jest 5 stycznia, miejscami zwany Gl\u00f6ckeltag, oraz nast\u0119puj\u0105ca po nim Perchtennacht w wigili\u0119 \u015bwi\u0119ta Trzech Kr\u00f3li. W tym terminie miejscowo\u015bci wierne tradycji do dzi\u015b organizuj\u0105 swoje pochody.<\/p>\t\t\t\t\t\t\t\t<\/div>\n\t\t\t\t<\/div>\n\t\t\t\t\t<\/div>\n\t\t\t\t<\/div>\n\t\t<div class=\"elementor-element elementor-element-de94d99 e-flex e-con-boxed e-con e-parent\" data-id=\"de94d99\" data-element_type=\"container\" data-e-type=\"container\">\n\t\t\t\t\t<div class=\"e-con-inner\">\n\t\t\t\t<div class=\"elementor-element elementor-element- elementor-widget elementor-widget-heading\" data-id=\"\" data-element_type=\"widget\" data-e-type=\"widget\" data-widget_type=\"heading.default\">\n\t\t\t\t\t<h2 class=\"elementor-heading-title elementor-size-default\">Perchtenl\u00e4ufe: od Pongau po Salzkammergut<\/h2>\t\t\t\t<\/div>\n\t\t<div class=\"elementor-element elementor-element- e-con-full e-flex e-con e-child\" data-id=\"\" data-element_type=\"container\" data-e-type=\"container\">\n\t\t\t\t<div class=\"elementor-element elementor-element- elementor-widget elementor-widget-text-editor\" data-id=\"\" data-element_type=\"widget\" data-e-type=\"widget\" data-widget_type=\"text-editor.default\">\n\t\t\t\t\t\t\t\t\t<p>Najbardziej znanym tradycyjnym pochodem jest Pongauer Perchtenlauf w Kraju Salzburskim, po\u015bwiadczony ju\u017c przed 1850 rokiem. Odbywa si\u0119 on kolejno w gminach St. Johann, Altenmarkt, Bischofshofen, Bad Gastein i Bad Hofgastein, zawsze w okolicach \u015bwi\u0119ta Trzech Kr\u00f3li. W dolinie Gastein w pochodzie uczestnicz\u0105 Tafelperchten i Kappenperchten ze swoimi wielometrowymi konstrukcjami, a tak\u017ce postacie towarzysz\u0105ce, jak <a href=\"https:\/\/iwell-guard.com\/habergeiss\/\">Habergei\u00df<\/a> czy nied\u017awied\u017a ze swoim poganiaczem.<\/p><p>Obok nich istniej\u0105 samodzielne formy szczeg\u00f3lne. W Rauris chodz\u0105 Schnabelperchten, postacie z d\u0142ugimi dziobami z tkaniny, kt\u00f3re wed\u0142ug podania sprawdzaj\u0105 porz\u0105dek i czysto\u015b\u0107 w domu. W Salzkammergut 5 stycznia chodz\u0105 Gl\u00f6ckler, postacie odziane na bia\u0142o w ja\u015bniej\u0105ce czapy-korony ze \u015bwiecami. W Pinzgau Tresterer ta\u0144cz\u0105 sw\u00f3j dawny taniec kroczony, w Ennstal wyst\u0119puje Vogelpercht.<\/p>\t\t\t\t\t\t\t\t<\/div>\n\t\t\t\t<\/div>\n\t\t\t\t\t<\/div>\n\t\t\t\t<\/div>\n\t\t<div class=\"elementor-element elementor-element-16c1f9d e-flex e-con-boxed e-con e-parent\" data-id=\"16c1f9d\" data-element_type=\"container\" data-e-type=\"container\">\n\t\t\t\t\t<div class=\"e-con-inner\">\n\t\t\t\t<div class=\"elementor-element elementor-element- elementor-widget elementor-widget-heading\" data-id=\"\" data-element_type=\"widget\" data-e-type=\"widget\" data-widget_type=\"heading.default\">\n\t\t\t\t\t<h2 class=\"elementor-heading-title elementor-size-default\">Jak jeszcze nazywaj\u0105 si\u0119 Perchty? Nazwy regionalne<\/h2>\t\t\t\t<\/div>\n\t\t<div class=\"elementor-element elementor-element- e-con-full e-flex e-con e-child\" data-id=\"\" data-element_type=\"container\" data-e-type=\"container\">\n\t\t\t\t<div class=\"elementor-element elementor-element- elementor-widget elementor-widget-text-editor\" data-id=\"\" data-element_type=\"widget\" data-e-type=\"widget\" data-widget_type=\"text-editor.default\">\n\t\t\t\t\t\t\t\t\t<p>W zale\u017cno\u015bci od regionu posta\u0107 nosi r\u00f3\u017cne nazwy. W Dolnej Austrii nazywano j\u0105 Bechtra, w Ausseerland B\u00e4rigl, we wschodniej Styrii i Burgenlandzie Rauweib lub Pudelfrau. W G\u00f3rnej Bawarii pokrewne postacie znane s\u0105 jako Holzmandl lub Moosmann, w p\u00f3\u0142nocno-wschodniej Bawarii jako Specht. Na obszarze \u015brodkowoniemieckim rol\u0119 zimowej postaci kobiecej przejmuje <a href=\"https:\/\/iwell-guard.com\/holla\/\">Frau Holle<\/a>.<\/p><p>Zmienia si\u0119 te\u017c pisownia: Percht, Bercht, Berchta, Perchta. Chodzi jednak zawsze o t\u0119 sam\u0105 posta\u0107 z Raun\u00e4chte.<\/p>\t\t\t\t\t\t\t\t<\/div>\n\t\t\t\t<\/div>\n\t\t\t\t\t<\/div>\n\t\t\t\t<\/div>\n\t\t<div class=\"elementor-element elementor-element-61aefbe e-flex e-con-boxed e-con e-parent\" data-id=\"61aefbe\" data-element_type=\"container\" data-e-type=\"container\">\n\t\t\t\t\t<div class=\"e-con-inner\">\n\t\t\t\t<div class=\"elementor-element elementor-element- elementor-widget elementor-widget-heading\" data-id=\"\" data-element_type=\"widget\" data-e-type=\"widget\" data-widget_type=\"heading.default\">\n\t\t\t\t\t<h2 class=\"elementor-heading-title elementor-size-default\">Maski, stowarzyszenia i zwyczaj dzisiaj<\/h2>\t\t\t\t<\/div>\n\t\t<div class=\"elementor-element elementor-element- e-con-full e-flex e-con e-child\" data-id=\"\" data-element_type=\"container\" data-e-type=\"container\">\n\t\t\t\t<div class=\"elementor-element elementor-element- elementor-widget elementor-widget-text-editor\" data-id=\"\" data-element_type=\"widget\" data-e-type=\"widget\" data-widget_type=\"text-editor.default\">\n\t\t\t\t\t\t\t\t\t<p>Maski Percht\u00f3w, w regionie alpejskim zwane Larven, s\u0105 rze\u017abione w drewnie limby lub lipy, cz\u0119sto z prawdziwymi rogami i futrem. Wiele Passen, czyli grup bior\u0105cych udzia\u0142 w pochodzie, wykonuje swoje Larven samodzielnie lub zleca ich wykonanie wyspecjalizowanym rze\u017abiarzom. Stare Larven s\u0105 cenionymi obiektami kolekcjonerskimi i mo\u017cna je ogl\u0105da\u0107 w muzeach regionalnych na obszarze alpejskim.<\/p><p>Zwyczaj \u017cyje dzi\u015b w dw\u00f3ch formach. Miejscowo\u015bci wierne tradycji trzymaj\u0105 si\u0119 ustalonego terminu i przebiegu. Obok nich powsta\u0142a scena eventowa z wielkimi pokazowymi pochodami, pokazami ognia i setkami uczestnik\u00f3w wype\u0142niaj\u0105cych adwent. Napi\u0119cie mi\u0119dzy piel\u0119gnowaniem tradycji a wydarzeniem komercyjnym samo sta\u0142o si\u0119 dzi\u015b cz\u0119\u015bci\u0105 dyskusji o Perchtach.<\/p>\t\t\t\t\t\t\t\t<\/div>\n\t\t\t\t<\/div>\n\t\t\t\t\t<\/div>\n\t\t\t\t<\/div>\n\t\t<div class=\"elementor-element elementor-element-7ec5e0e e-flex e-con-boxed e-con e-parent\" data-id=\"7ec5e0e\" data-element_type=\"container\" data-e-type=\"container\">\n\t\t\t\t\t<div class=\"e-con-inner\">\n\t\t\t\t<div class=\"elementor-element elementor-element- elementor-widget elementor-widget-heading\" data-id=\"\" data-element_type=\"widget\" data-e-type=\"widget\" data-widget_type=\"heading.default\">\n\t\t\t\t\t<h2 class=\"elementor-heading-title elementor-size-default\">Perchty i Krampus: r\u00f3\u017cnica<\/h2>\t\t\t\t<\/div>\n\t\t<div class=\"elementor-element elementor-element- e-con-full e-flex e-con e-child\" data-id=\"\" data-element_type=\"container\" data-e-type=\"container\">\n\t\t\t\t<div class=\"elementor-element elementor-element- elementor-widget elementor-widget-text-editor\" data-id=\"\" data-element_type=\"widget\" data-e-type=\"widget\" data-widget_type=\"text-editor.default\">\n\t\t\t\t\t\t\t\t\t<p>Obie postacie s\u0105 cz\u0119sto mylone, nale\u017cy je jednak wyra\u017anie rozr\u00f3\u017cnia\u0107.<\/p><p><a href=\"https:\/\/iwell-guard.com\/krampus\/\">Krampus<\/a> nale\u017cy do \u015bwi\u0119tego Miko\u0142aja, a wi\u0119c do adwentu. Chodzi 5 i 6 grudnia jako karc\u0105cy towarzysz \u015bwi\u0119tego. Perchty nale\u017c\u0105 do drugiego ko\u0144ca okresu bo\u017conarodzeniowego, do Raun\u00e4chte wok\u00f3\u0142 6 stycznia, i nikomu nie towarzysz\u0105. Wyst\u0119puj\u0105 jako samodzielna gromada.<\/p><p>Wsp\u00f3\u0142cze\u015bnie oba zwyczaje si\u0119 przenikaj\u0105. Wiele wydarze\u0144 adwentowych nazywa si\u0119 Perchtenlauf, cho\u0107 pokazuje postacie Krampusa, a nowoczesne pochody pokazowe \u0142\u0105cz\u0105 oba typy masek. Badacze zwyczaj\u00f3w ludowych i zadomowione od pokole\u0144 Passen rozr\u00f3\u017cniaj\u0105 je natomiast \u015bci\u015ble wed\u0142ug terminu i roli.<\/p>\t\t\t\t\t\t\t\t<\/div>\n\t\t\t\t<\/div>\n\t\t\t\t\t<\/div>\n\t\t\t\t<\/div>\n\t\t<div class=\"elementor-element elementor-element-cp9a031aa e-flex e-con-boxed e-con e-parent\" data-id=\"cp9a031aa\" data-element_type=\"container\" data-e-type=\"container\">\n\t\t\t\t\t<div class=\"e-con-inner\">\n\t\t\t\t<div class=\"elementor-element elementor-element-cp9193514 elementor-widget elementor-widget-heading\" data-id=\"cp9193514\" data-element_type=\"widget\" data-e-type=\"widget\" data-widget_type=\"heading.default\">\n\t\t\t\t\t<h2 class=\"elementor-heading-title elementor-size-default\">Pracowito\u015b\u0107, porz\u0105dek i ochrona progu<\/h2>\t\t\t\t<\/div>\n\t\t<div class=\"elementor-element elementor-element-cp02ca0ee e-con-full e-flex e-con e-child\" data-id=\"cp02ca0ee\" data-element_type=\"container\" data-e-type=\"container\">\n\t\t\t\t<div class=\"elementor-element elementor-element-cp444e0f1 elementor-widget elementor-widget-text-editor\" data-id=\"cp444e0f1\" data-element_type=\"widget\" data-e-type=\"widget\" data-widget_type=\"text-editor.default\">\n\t\t\t\t\t\t\t\t\t<p>Kto obawia\u0142 si\u0119 egzaminu Perchty, m\u00f3g\u0142 si\u0119 chroni\u0107 wed\u0142ug przekazu przede wszystkim poprzez pracowito\u015b\u0107 i porz\u0105dek: uporz\u0105dkowane ko\u0142owrotki, uprz\u0105tni\u0119te izby i stajnie przed krytyczn\u0105 noc\u0105 uznawano za najskuteczniejsz\u0105 profilaktyk\u0119. Ponadto w Raun\u00e4chte znano okadzanie pomieszcze\u0144 kadzid\u0142em, aby oczy\u015bci\u0107 powietrze z b\u0142\u0105dz\u0105cych duch\u00f3w, a tak\u017ce zakl\u0119cia ochronne i modlitwy wypowiadane przy progu. Do przekazanych \u015brodk\u00f3w obrony przed bardziej niepokoj\u0105c\u0105 postaci\u0105 Perchty nale\u017ca\u0142o r\u00f3wnie\u017c besprechen, rytualne wypowiadanie ustalonych formu\u0142 przez do\u015bwiadczone osoby.<\/p>\n\t\t\t\t\t\t\t\t<\/div>\n\t\t\t\t<\/div>\n\t\t\t\t\t<\/div>\n\t\t\t\t<\/div>\n\t\t<div class=\"elementor-element elementor-element-258586c e-flex e-con-boxed e-con e-parent\" data-id=\"258586c\" data-element_type=\"container\" data-e-type=\"container\">\n\t\t\t\t\t<div class=\"e-con-inner\">\n\t\t\t\t<div class=\"elementor-element elementor-element- elementor-widget elementor-widget-heading\" data-id=\"\" data-element_type=\"widget\" data-e-type=\"widget\" data-widget_type=\"heading.default\">\n\t\t\t\t\t<h2 class=\"elementor-heading-title elementor-size-default\">Groza, kt\u00f3ra ma chroni\u0107<\/h2>\t\t\t\t<\/div>\n\t\t<div class=\"elementor-element elementor-element- e-con-full e-flex e-con e-child\" data-id=\"\" data-element_type=\"container\" data-e-type=\"container\">\n\t\t\t\t<div class=\"elementor-element elementor-element- elementor-widget elementor-widget-text-editor\" data-id=\"\" data-element_type=\"widget\" data-e-type=\"widget\" data-widget_type=\"text-editor.default\">\n\t\t\t\t\t\t\t\t\t<p>Perchty ukazuj\u0105 wzorzec, kt\u00f3ry powraca w wielu kulturach: posta\u0107 budz\u0105ca groz\u0119 jest zarazem postaci\u0105 chroni\u0105c\u0105. Ha\u0142as dzwonk\u00f3w, demoniczna maska (Larve) i nocny poch\u00f3d nie s\u0105 skierowane przeciwko ludziom, lecz przeciwko temu, co mog\u0142oby im zaszkodzi\u0107. Kto ma budz\u0105c\u0105 groz\u0119 posta\u0107 po swojej stronie, wkracza w nowy rok wzmocniony.<\/p><p>Tym samym Perchty stoj\u0105 w tym leksykonie obok takich postaci jak <a href=\"https:\/\/iwell-guard.com\/krampus\/\">Krampus<\/a>, nocnych duch\u00f3w d\u0142awi\u0105cych jak <a href=\"https:\/\/iwell-guard.com\/alp\/\">Alp<\/a> czy figur stra\u017cniczych innych kultur: groza zostaje przemieniona w ochron\u0119.<\/p>\t\t\t\t\t\t\t\t<\/div>\n\t\t\t\t<\/div>\n\t\t\t\t\t<\/div>\n\t\t\t\t<\/div>\n\t\t<div class=\"elementor-element elementor-element-cp11de5b2 e-flex e-con-boxed e-con e-parent\" data-id=\"cp11de5b2\" data-element_type=\"container\" data-e-type=\"container\">\n\t\t\t\t\t<div class=\"e-con-inner\">\n\t\t\t\t<div class=\"elementor-element elementor-element-cp8d35271 elementor-widget elementor-widget-heading\" data-id=\"cp8d35271\" data-element_type=\"widget\" data-e-type=\"widget\" data-widget_type=\"heading.default\">\n\t\t\t\t\t<h2 class=\"elementor-heading-title elementor-size-default\">Karc\u0105ce duchy domowe i nocne pochody kobiet<\/h2>\t\t\t\t<\/div>\n\t\t<div class=\"elementor-element elementor-element-cp02f26b8 e-con-full e-flex e-con e-child\" data-id=\"cp02f26b8\" data-element_type=\"container\" data-e-type=\"container\">\n\t\t\t\t<div class=\"elementor-element elementor-element-cp58c4390 elementor-widget elementor-widget-text-editor\" data-id=\"cp58c4390\" data-element_type=\"widget\" data-e-type=\"widget\" data-widget_type=\"text-editor.default\">\n\t\t\t\t\t\t\t\t\t<p>W tradycji wschodnios\u0142owia\u0144skiej <a href=\"https:\/\/iwell-guard.com\/pl\/kikimora\/\">Kikimora<\/a> pe\u0142ni pokrewn\u0105 rol\u0119 ducha domowego, kt\u00f3ry karze zaniedbania w prz\u0119dzeniu i prowadzeniu gospodarstwa domowego, cho\u0107 ma zdecydowanie bardziej niepokoj\u0105cy charakter ni\u017c alpejska Percht. Starsz\u0105, przekazan\u0105 przez Ko\u015bci\u00f3\u0142 paralel\u0119 znajdujemy w Canon Episcopi z X wieku, kt\u00f3ry donosi o kobietach wierz\u0105cych, \u017ce noc\u0105 je\u017cd\u017c\u0105 z rzymsk\u0105 bogini\u0105 <a href=\"https:\/\/iwell-guard.com\/pl\/diana\/\">Dian\u0105<\/a>; to wyobra\u017cenie nocnego pochodu kobiet jest w badaniach cz\u0119sto \u0142\u0105czone z p\u00f3\u017aniejszymi podaniami o Perchcie i Holdzie. W obr\u0119bie Alp za kolejn\u0105 pokrewn\u0105 posta\u0107 ochronn\u0105 i przyrodnicz\u0105 uznaje si\u0119 <a href=\"https:\/\/iwell-guard.com\/pl\/salige-frau\/\">Salige Frau<\/a>.<\/p>\n\t\t\t\t\t\t\t\t<\/div>\n\t\t\t\t<\/div>\n\t\t\t\t\t<\/div>\n\t\t\t\t<\/div>\n\t\t<div class=\"elementor-element elementor-element-cp406577c e-flex e-con-boxed e-con e-parent\" data-id=\"cp406577c\" data-element_type=\"container\" data-e-type=\"container\">\n\t\t\t\t\t<div class=\"e-con-inner\">\n\t\t\t\t<div class=\"elementor-element elementor-element-cpdd9c543 elementor-widget elementor-widget-heading\" data-id=\"cpdd9c543\" data-element_type=\"widget\" data-e-type=\"widget\" data-widget_type=\"heading.default\">\n\t\t\t\t\t<h2 class=\"elementor-heading-title elementor-size-default\">Najcz\u0119\u015bciej zadawane pytania o Frau Percht\u0119<\/h2>\t\t\t\t<\/div>\n\t\t<div class=\"elementor-element elementor-element-cp9e731bb e-con-full e-flex e-con e-child\" data-id=\"cp9e731bb\" data-element_type=\"container\" data-e-type=\"container\">\n\t\t\t\t<div class=\"elementor-element elementor-element-cpa7c898c elementor-widget elementor-widget-text-editor\" data-id=\"cpa7c898c\" data-element_type=\"widget\" data-e-type=\"widget\" data-widget_type=\"text-editor.default\">\n\t\t\t\t\t\t\t\t\t<p><strong>Czy Frau Perchta to to samo co Frau Holle?<\/strong><\/p>\n<p>Obie postacie dziel\u0105 istotne funkcje, takie jak nadz\u00f3r nad pracami przy prz\u0119dzeniu i zwi\u0105zek z Raun\u00e4chte. Jacob Grimm opisa\u0142 Percht\u0119 jako po\u0142udniow\u0105 krewn\u0105 Holle; kwestia, czy u podstaw le\u017cy wsp\u00f3lna pierwotna posta\u0107, czy dwie odr\u0119bne regionalne tradycje, nie jest ostatecznie wyja\u015bniona w badaniach.<\/p>\n<p><strong>Dlaczego Perchta ma dwie tak r\u00f3\u017cne postaci?<\/strong><\/p>\n<p>Pi\u0119kna i wychudzona posta\u0107 reprezentuj\u0105 dwie strony jej funkcji: nagradzanie pracowito\u015bci i upomnienie za zaniedbania. Ta dwoisto\u015b\u0107 \u017cyje do dzi\u015b w Perchtenlauf, w postaci pi\u0119knych i szpetnych masek.<\/p>\n<p><strong>Kiedy dok\u0142adnie pojawia si\u0119 Perchta?<\/strong><\/p>\n<p>Punkt ci\u0119\u017cko\u015bci przypada na dwana\u015bcie Raun\u00e4chte mi\u0119dzy Bo\u017cym Narodzeniem a Trzech Kr\u00f3li, ze szczeg\u00f3lnym naciskiem na noc przed 6 stycznia, dawnym dniem Berchty. W tym czasie, wed\u0142ug podania, prace przy prz\u0119dzeniu powinny odpoczywa\u0107, a dom i gospodarstwo powinny by\u0107 uporz\u0105dkowane.<\/p>\n<p><strong>Co oznaczaj\u0105 Perchty?<\/strong><\/p>\n<p>Perchty to maskowe postacie Raun\u00e4chte w regionie alpejskim. Uosabiaj\u0105 podw\u00f3jny charakter prze\u0142omu roku: Schiachperchten ha\u0142asem i groz\u0105 wyp\u0119dzaj\u0105 nieszcz\u0119\u015bcie starego roku, Sch\u00f6nperchten przynosz\u0105 szcz\u0119\u015bcie i b\u0142ogos\u0142awie\u0144stwo na nowy. Nazwa wywodzi si\u0119 od Giperchtennacht, l\u015bni\u0105cej nocy przed \u015bwi\u0119tem Trzech Kr\u00f3li.<\/p>\n<p><strong>Jaka jest r\u00f3\u017cnica mi\u0119dzy Perchtami a Krampusem?<\/strong><\/p>\n<p>Krampus jest karc\u0105cym towarzyszem \u015bwi\u0119tego Miko\u0142aja i chodzi 5 i 6 grudnia. Perchty wyst\u0119puj\u0105 samodzielnie i nale\u017c\u0105 do Raun\u00e4chte wok\u00f3\u0142 6 stycznia. Dzi\u015b oba zwyczaje mieszaj\u0105 si\u0119 w komercyjnych pochodach, tradycyjnie termin i rola s\u0105 jednak wyra\u017anie rozdzielone.<\/p>\n<p><strong>Sk\u0105d pochodzi zwyczaj Percht\u00f3w?<\/strong><\/p>\n<p>Zwyczaj pochodzi z regionu alpejskiego, przede wszystkim z Austrii, Starej Bawarii i Po\u0142udniowego Tyrolu. Posta\u0107 Percht jest po\u015bwiadczona od p\u00f3\u017anego \u015bredniowiecza, sama nazwa ju\u017c w XI wieku. Czy stoj\u0105 za tym przedchrze\u015bcija\u0144skie zwyczaje pochodowe, pozostaje kwesti\u0105 sporn\u0105 w badaniach. Pongauer Perchtenlauf jest udokumentowany od czasu sprzed 1850 roku.<\/p>\n<p><strong>Jak jeszcze nazywaj\u0105 si\u0119 Perchty?<\/strong><\/p>\n<p>Ze wzgl\u0119du na spos\u00f3b wyst\u0119powania rozr\u00f3\u017cnia si\u0119 Sch\u00f6nperchten i Schiachperchten. Regionalne nazwy tej postaci to mi\u0119dzy innymi Bechtra, B\u00e4rigl, Rauweib i Pudelfrau. Pokrewnymi formami szczeg\u00f3lnymi s\u0105 Gl\u00f6ckler w Salzkammergut, Tresterer w Pinzgau i Schnabelperchten w Rauris.<\/p>\t\t\t\t\t\t\t\t<\/div>\n\t\t\t\t<div class=\"elementor-element elementor-element-78e8854 elementor-widget elementor-widget-html\" data-id=\"78e8854\" data-element_type=\"widget\" data-e-type=\"widget\" data-widget_type=\"html.default\">\n\t\t\t\t\t<script type=\"application\/ld+json\">{\"@context\":\"https:\/\/schema.org\",\"@type\":\"FAQPage\",\"mainEntity\":[{\"@type\":\"Question\",\"name\":\"Czy Frau Perchta to to samo co Frau Holle?\",\"acceptedAnswer\":{\"@type\":\"Answer\",\"text\":\"Obie postacie dziel\u0105 istotne funkcje, takie jak nadz\u00f3r nad pracami przy prz\u0119dzeniu i zwi\u0105zek z Raun\u00e4chte. Jacob Grimm opisa\u0142 Percht\u0119 jako po\u0142udniow\u0105 krewn\u0105 Holle; kwestia, czy u podstaw le\u017cy wsp\u00f3lna pierwotna posta\u0107, czy dwie odr\u0119bne regionalne tradycje, nie jest ostatecznie wyja\u015bniona w badaniach.\"}},{\"@type\":\"Question\",\"name\":\"Dlaczego Perchta ma dwie tak r\u00f3\u017cne postaci?\",\"acceptedAnswer\":{\"@type\":\"Answer\",\"text\":\"Pi\u0119kna i wychudzona posta\u0107 reprezentuj\u0105 dwie strony jej funkcji: nagradzanie pracowito\u015bci i upomnienie za zaniedbania. Ta dwoisto\u015b\u0107 \u017cyje do dzi\u015b w Perchtenlauf, w postaci pi\u0119knych i szpetnych masek.\"}},{\"@type\":\"Question\",\"name\":\"Kiedy dok\u0142adnie pojawia si\u0119 Perchta?\",\"acceptedAnswer\":{\"@type\":\"Answer\",\"text\":\"Punkt ci\u0119\u017cko\u015bci przypada na dwana\u015bcie Raun\u00e4chte mi\u0119dzy Bo\u017cym Narodzeniem a Trzech Kr\u00f3li, ze szczeg\u00f3lnym naciskiem na noc przed 6 stycznia, dawnym dniem Berchty. W tym czasie, wed\u0142ug podania, prace przy prz\u0119dzeniu powinny odpoczywa\u0107, a dom i gospodarstwo powinny by\u0107 uporz\u0105dkowane.\"}},{\"@type\":\"Question\",\"name\":\"Co oznaczaj\u0105 Perchty?\",\"acceptedAnswer\":{\"@type\":\"Answer\",\"text\":\"Perchty to maskowe postacie Raun\u00e4chte w regionie alpejskim. Uosabiaj\u0105 podw\u00f3jny charakter prze\u0142omu roku: Schiachperchten ha\u0142asem i groz\u0105 wyp\u0119dzaj\u0105 nieszcz\u0119\u015bcie starego roku, Sch\u00f6nperchten przynosz\u0105 szcz\u0119\u015bcie i b\u0142ogos\u0142awie\u0144stwo na nowy. Nazwa wywodzi si\u0119 od Giperchtennacht, l\u015bni\u0105cej nocy przed \u015bwi\u0119tem Trzech Kr\u00f3li.\"}},{\"@type\":\"Question\",\"name\":\"Jaka jest r\u00f3\u017cnica mi\u0119dzy Perchtami a Krampusem?\",\"acceptedAnswer\":{\"@type\":\"Answer\",\"text\":\"Krampus jest karc\u0105cym towarzyszem \u015bwi\u0119tego Miko\u0142aja i chodzi 5 i 6 grudnia. Perchty wyst\u0119puj\u0105 samodzielnie i nale\u017c\u0105 do Raun\u00e4chte wok\u00f3\u0142 6 stycznia. Dzi\u015b oba zwyczaje mieszaj\u0105 si\u0119 w komercyjnych pochodach, tradycyjnie termin i rola s\u0105 jednak wyra\u017anie rozdzielone.\"}},{\"@type\":\"Question\",\"name\":\"Sk\u0105d pochodzi zwyczaj Percht\u00f3w?\",\"acceptedAnswer\":{\"@type\":\"Answer\",\"text\":\"Zwyczaj pochodzi z regionu alpejskiego, przede wszystkim z Austrii, Starej Bawarii i Po\u0142udniowego Tyrolu. Posta\u0107 Percht jest po\u015bwiadczona od p\u00f3\u017anego \u015bredniowiecza, sama nazwa ju\u017c w XI wieku. Czy stoj\u0105 za tym przedchrze\u015bcija\u0144skie zwyczaje pochodowe, pozostaje kwesti\u0105 sporn\u0105 w badaniach. Pongauer Perchtenlauf jest udokumentowany od czasu sprzed 1850 roku.\"}},{\"@type\":\"Question\",\"name\":\"Jak jeszcze nazywaj\u0105 si\u0119 Perchty?\",\"acceptedAnswer\":{\"@type\":\"Answer\",\"text\":\"Ze wzgl\u0119du na spos\u00f3b wyst\u0119powania rozr\u00f3\u017cnia si\u0119 Sch\u00f6nperchten i Schiachperchten. Regionalne nazwy tej postaci to mi\u0119dzy innymi Bechtra, B\u00e4rigl, Rauweib i Pudelfrau. Pokrewnymi formami szczeg\u00f3lnymi s\u0105 Gl\u00f6ckler w Salzkammergut, Tresterer w Pinzgau i Schnabelperchten w Rauris.\"}}]}<\/script>\t\t\t\t<\/div>\n\t\t\t\t<\/div>\n\t\t\t\t\t<\/div>\n\t\t\t\t<\/div>\n\t\t<div class=\"elementor-element elementor-element-36dd7469 e-flex e-con-boxed e-con e-parent\" data-id=\"36dd7469\" data-element_type=\"container\" data-e-type=\"container\">\n\t\t\t\t\t<div class=\"e-con-inner\">\n\t\t\t\t<div class=\"elementor-element elementor-element-13760ab4 elementor-widget elementor-widget-heading\" data-id=\"13760ab4\" data-element_type=\"widget\" data-e-type=\"widget\" data-widget_type=\"heading.default\">\n\t\t\t\t\t<h2 class=\"elementor-heading-title elementor-size-default\">Dalsze odsy\u0142acze<\/h2>\t\t\t\t<\/div>\n\t\t<div class=\"elementor-element elementor-element-28c87796 e-con-full e-flex e-con e-child\" data-id=\"28c87796\" data-element_type=\"container\" data-e-type=\"container\">\n\t\t\t\t<div class=\"elementor-element elementor-element-5d6538df elementor-widget elementor-widget-text-editor\" data-id=\"5d6538df\" data-element_type=\"widget\" data-e-type=\"widget\" data-widget_type=\"text-editor.default\">\n\t\t\t\t\t\t\t\t\t<p>Polecane linki wewn\u0119trzne:<\/p>\n<ul>\n<li><a href=\"https:\/\/iwell-guard.com\/pl\/sagi-alpejskie\/\">Obszar alpejski<\/a> \u2013 wszystkie istoty alpejskiego \u015bwiata poda\u0144<\/li>\n<li><a href=\"https:\/\/iwell-guard.com\/pl\/holla-frau-holle\/\">Frau Holle<\/a>, <a href=\"https:\/\/iwell-guard.com\/pl\/habergeiss\/\">Habergei\u00df<\/a> \u2013 pokrewne postacie Raun\u00e4chte<\/li>\n<li><a href=\"https:\/\/iwell-guard.com\/pl\/kadzidlo\/\">Kadzid\u0142o<\/a>, <a href=\"https:\/\/iwell-guard.com\/pl\/zaklecie-wypedzajace-i-rytual-wypedzajacy\/\">Zakl\u0119cie ochronne<\/a>, <a href=\"https:\/\/iwell-guard.com\/pl\/besprechen\/\">Besprechen<\/a>, <a href=\"https:\/\/iwell-guard.com\/pl\/modlitwy-jako-ochrona\/\">Modlitwy<\/a>, <a href=\"https:\/\/iwell-guard.com\/pl\/magiczne-symbole-ochronne\/\">Symbol ochronny<\/a> \u2013 przekazane formy ochrony<\/li>\n<li><a href=\"https:\/\/iwell-guard.com\/pl\/kompas-ochronny\/\">Kompas ochronny<\/a> \u2013 przegl\u0105d \u015brodk\u00f3w ochronnych<\/li>\n<\/ul>\n\t\t\t\t\t\t\t\t<\/div>\n\t\t\t\t<\/div>\n\t\t\t\t\t<\/div>\n\t\t\t\t<\/div>\n\t\t<div class=\"elementor-element elementor-element-grl4kl40 e-flex e-con-boxed e-con e-parent\" data-id=\"grl4kl40\" data-element_type=\"container\" data-e-type=\"container\">\n\t\t\t\t\t<div class=\"e-con-inner\">\n\t\t\t\t<div class=\"elementor-element elementor-element-bzsbfrmh elementor-widget elementor-widget-heading\" data-id=\"bzsbfrmh\" data-element_type=\"widget\" data-e-type=\"widget\" data-widget_type=\"heading.default\">\n\t\t\t\t\t<h2 class=\"elementor-heading-title elementor-size-default\">Literatura (wyb\u00f3r)<\/h2>\t\t\t\t<\/div>\n\t\t<div class=\"elementor-element elementor-element-2c13224a e-con-full e-flex e-con e-child\" data-id=\"2c13224a\" data-element_type=\"container\" data-e-type=\"container\">\n\t\t\t\t<div class=\"elementor-element elementor-element-0eymh9ub elementor-widget elementor-widget-text-editor\" data-id=\"0eymh9ub\" data-element_type=\"widget\" data-e-type=\"widget\" data-widget_type=\"text-editor.default\">\n\t\t\t\t\t\t\t\t\t<footer class=\"iwg-literatur\" data-nosnippet=\"true\">Wyb\u00f3r kluczowych \u017ar\u00f3de\u0142 i bada\u0144:\r\n<ul>\r\n \t<li><span data-nosnippet=\"\">Waschnitius, Viktor: <em>Perht, Holda und verwandte Gestalten. Ein Beitrag zur deutschen Religionsgeschichte<\/em>. Wien 1913.<\/span><\/li>\r\n \t<li><span data-nosnippet=\"\">B\u00e4chtold-St\u00e4ubli, Hanns (Hg.): <em>Handw\u00f6rterbuch des deutschen Aberglaubens<\/em>, Bd. 6 (Artikel Perchta). Berlin\/Leipzig 1934\/35.<\/span><\/li>\r\n \t<li><span data-nosnippet=\"\">Smith, John B.: <em>Perchta the Belly-Slitter and Her Kin: A View of Some Traditional Threatening Figures, Threats and Punishments<\/em>. In: Folklore, Bd. 115, 2004.<\/span><\/li>\r\n \t<li><span data-nosnippet=\"\">Grimm, Jacob: <em>Deutsche Mythologie<\/em>. G\u00f6ttingen 1835.<\/span><\/li>\r\n \t<li><span data-nosnippet=\"\">Zingerle, Ignaz Vinzenz: <em>Sitten, Br\u00e4uche und Meinungen des Tiroler Volkes<\/em>. 2. Auflage, Innsbruck 1871.<\/span><\/li>\r\n<\/ul>\r\n<\/footer><br><p class=\"iwg-bib-more\"><span data-nosnippet=\"\">Wi\u0119cej podstawowych dzie\u0142 w <a href=\"https:\/\/iwell-guard.com\/pl\/literatura\/\">wykazie literatury<\/a>.<\/span><\/p>\t\t\t\t\t\t\t\t<\/div>\n\t\t\t\t<\/div>\n\t\t\t\t\t<\/div>\n\t\t\t\t<\/div>\n\t\t<div class=\"elementor-element elementor-element-iwgkw2-add-hulijing e-flex e-con-boxed e-con e-parent\" data-id=\"iwgkw2-add-hulijing\" data-element_type=\"container\" data-e-type=\"container\">\n\t\t\t\t\t<div class=\"e-con-inner\">\n\t\t\t\t<div class=\"elementor-element elementor-element-iwgkw2-add-hulijing-t elementor-widget elementor-widget-text-editor\" data-id=\"iwgkw2-add-hulijing-t\" data-element_type=\"widget\" data-e-type=\"widget\" data-widget_type=\"text-editor.default\">\n\t\t\t\t\t\t\t\t\t<p>Znana tak\u017ce jako posta\u0107 podania Percht z Alp, pozostaje \u015bci\u015ble zwi\u0105zana z Raun\u00e4chte Perchty, dwunastoma nocami mi\u0119dzy Bo\u017cym Narodzeniem a Trzech Kr\u00f3li, w kt\u00f3rych pracowito\u015b\u0107 jest nagradzana, a zaniedbanie upominane.<\/p>\n\t\t\t\t\t\t\t\t<\/div>\n\t\t\t\t\t<\/div>\n\t\t\t\t<\/div>\n\t\t\t\t<\/div>\n\t\t","protected":false},"excerpt":{"rendered":"<p>Frau Perchta, egzaminatorka pracowito\u015bci i porz\u0105dku Frau Perchta jest duchem tradycji alpejskiej. Stra\u017cniczka pracowito\u015bci i porz\u0105dku w dwunastu Raun\u00e4chte. DuchAlpenraum Spis tre\u015bci Frau Perchta Frau Perchta uwa\u017cana jest w Alpach i Bawarii za stra\u017cniczk\u0119 porz\u0105dku i pracowito\u015bci: kto w ci\u0105gu roku pracowa\u0142 i prz\u0105d\u0142, zostanie nagrodzony, kto by\u0142 niedba\u0142y, musi liczy\u0107 si\u0119 z jej nagana. [&hellip;]<\/p>\n","protected":false},"author":3,"featured_media":21069,"parent":0,"menu_order":0,"comment_status":"closed","ping_status":"closed","template":"elementor_header_footer","meta":{"_yoast_wpseo_focuskw":"frau perchta","_yoast_wpseo_title":"Frau Perchta \u2013 Stra\u017cniczka Raun\u00e4chte","_yoast_wpseo_metadesc":"Frau Perchta: stra\u017cniczka porz\u0105dku i pracowito\u015bci w Raun\u00e4chte. Pochodzenie, wygl\u0105d i tradycyjne formy ochrony poda\u0144 alpejskich w przegl\u0105dzie.","_yoast_wpseo_meta-robots-noindex":"","_yoast_wpseo_canonical":"","_angie_page":false,"gefaehrdungsstufe":"","wesen_kultur":"","wesen_klasse":"","footnotes":""},"categories":[312,162,157],"class_list":["post-21068","page","type-page","status-publish","has-post-thumbnail","hentry","category-alpejski","category-duchy","category-kultury"],"yoast_head":"<!-- This site is optimized with the Yoast SEO Premium plugin v27.7 (Yoast SEO v28.3) - https:\/\/yoast.com\/product\/yoast-seo-premium-wordpress\/ -->\n<title>Frau Perchta \u2013 Stra\u017cniczka Raun\u00e4chte<\/title>\n<meta name=\"description\" content=\"Frau Perchta: stra\u017cniczka porz\u0105dku i pracowito\u015bci w Raun\u00e4chte. Pochodzenie, wygl\u0105d i tradycyjne formy ochrony poda\u0144 alpejskich w przegl\u0105dzie.\" \/>\n<meta name=\"robots\" content=\"index, follow, max-snippet:-1, max-image-preview:large, max-video-preview:-1\" \/>\n<link rel=\"canonical\" href=\"https:\/\/iwell-guard.com\/pl\/frau-perchta\/\" \/>\n<meta property=\"og:locale\" content=\"pl_PL\" \/>\n<meta property=\"og:type\" content=\"article\" \/>\n<meta property=\"og:title\" content=\"Frau Perchta\" \/>\n<meta property=\"og:description\" content=\"Frau Perchta: stra\u017cniczka porz\u0105dku i pracowito\u015bci w Raun\u00e4chte. Pochodzenie, wygl\u0105d i tradycyjne formy ochrony poda\u0144 alpejskich w przegl\u0105dzie.\" \/>\n<meta property=\"og:url\" content=\"https:\/\/iwell-guard.com\/pl\/frau-perchta\/\" \/>\n<meta property=\"og:site_name\" content=\"iWell Guard\" \/>\n<meta property=\"article:modified_time\" content=\"2026-08-26T11:45:35+00:00\" \/>\n<meta property=\"og:image\" content=\"https:\/\/iwell-guard.com\/wp-content\/uploads\/2026\/07\/geister_alpin_perchta.webp\" \/>\n\t<meta property=\"og:image:width\" content=\"1023\" \/>\n\t<meta property=\"og:image:height\" content=\"1537\" \/>\n\t<meta property=\"og:image:type\" content=\"image\/webp\" \/>\n<meta name=\"twitter:card\" content=\"summary_large_image\" \/>\n<meta name=\"twitter:label1\" content=\"Szacowany czas czytania\" \/>\n\t<meta name=\"twitter:data1\" content=\"11 minut\" \/>\n<script type=\"application\/ld+json\" class=\"yoast-schema-graph\">{\"@context\":\"https:\\\/\\\/schema.org\",\"@graph\":[{\"@type\":\"WebPage\",\"@id\":\"https:\\\/\\\/iwell-guard.com\\\/pl\\\/frau-perchta\\\/\",\"url\":\"https:\\\/\\\/iwell-guard.com\\\/pl\\\/frau-perchta\\\/\",\"name\":\"Frau Perchta \u2013 Stra\u017cniczka Raun\u00e4chte\",\"isPartOf\":{\"@id\":\"https:\\\/\\\/iwell-guard.com\\\/pl\\\/#website\"},\"primaryImageOfPage\":{\"@id\":\"https:\\\/\\\/iwell-guard.com\\\/pl\\\/frau-perchta\\\/#primaryimage\"},\"image\":{\"@id\":\"https:\\\/\\\/iwell-guard.com\\\/pl\\\/frau-perchta\\\/#primaryimage\"},\"thumbnailUrl\":\"https:\\\/\\\/iwell-guard.com\\\/wp-content\\\/uploads\\\/2026\\\/07\\\/geister_alpin_perchta.webp\",\"datePublished\":\"2026-07-16T10:32:42+00:00\",\"dateModified\":\"2026-08-26T11:45:35+00:00\",\"description\":\"Frau Perchta: stra\u017cniczka porz\u0105dku i pracowito\u015bci w Raun\u00e4chte. Pochodzenie, wygl\u0105d i tradycyjne formy ochrony poda\u0144 alpejskich w przegl\u0105dzie.\",\"breadcrumb\":{\"@id\":\"https:\\\/\\\/iwell-guard.com\\\/pl\\\/frau-perchta\\\/#breadcrumb\"},\"inLanguage\":\"pl-PL\",\"potentialAction\":[{\"@type\":\"ReadAction\",\"target\":[\"https:\\\/\\\/iwell-guard.com\\\/pl\\\/frau-perchta\\\/\"]}]},{\"@type\":\"ImageObject\",\"inLanguage\":\"pl-PL\",\"@id\":\"https:\\\/\\\/iwell-guard.com\\\/pl\\\/frau-perchta\\\/#primaryimage\",\"url\":\"https:\\\/\\\/iwell-guard.com\\\/wp-content\\\/uploads\\\/2026\\\/07\\\/geister_alpin_perchta.webp\",\"contentUrl\":\"https:\\\/\\\/iwell-guard.com\\\/wp-content\\\/uploads\\\/2026\\\/07\\\/geister_alpin_perchta.webp\",\"width\":1023,\"height\":1537,\"caption\":\"Frau Perchta - duchy z alpejskiej tradycji, ilustracja historyczna\"},{\"@type\":\"BreadcrumbList\",\"@id\":\"https:\\\/\\\/iwell-guard.com\\\/pl\\\/frau-perchta\\\/#breadcrumb\",\"itemListElement\":[{\"@type\":\"ListItem\",\"position\":1,\"name\":\"Start\",\"item\":\"https:\\\/\\\/iwell-guard.com\\\/pl\\\/strona-glowna\\\/\"},{\"@type\":\"ListItem\",\"position\":2,\"name\":\"Frau Perchta\"}]},{\"@type\":\"WebSite\",\"@id\":\"https:\\\/\\\/iwell-guard.com\\\/pl\\\/#website\",\"url\":\"https:\\\/\\\/iwell-guard.com\\\/pl\\\/\",\"name\":\"iWell Guard\",\"description\":\"Schutz vor dunklen Einfl\u00fcssen\",\"publisher\":{\"@id\":\"https:\\\/\\\/iwell-guard.com\\\/pl\\\/#organization\"},\"potentialAction\":[{\"@type\":\"SearchAction\",\"target\":{\"@type\":\"EntryPoint\",\"urlTemplate\":\"https:\\\/\\\/iwell-guard.com\\\/pl\\\/?s={search_term_string}\"},\"query-input\":{\"@type\":\"PropertyValueSpecification\",\"valueRequired\":true,\"valueName\":\"search_term_string\"}}],\"inLanguage\":\"pl-PL\"},{\"@type\":\"Organization\",\"@id\":\"https:\\\/\\\/iwell-guard.com\\\/pl\\\/#organization\",\"name\":\"Ittermann electronic GmbH\",\"url\":\"https:\\\/\\\/iwell-guard.com\\\/pl\\\/\",\"logo\":{\"@type\":\"ImageObject\",\"inLanguage\":\"pl-PL\",\"@id\":\"https:\\\/\\\/iwell-guard.com\\\/pl\\\/#\\\/schema\\\/logo\\\/image\\\/\",\"url\":\"https:\\\/\\\/iwell-guard.com\\\/wp-content\\\/uploads\\\/2026\\\/05\\\/Ittermann-Logo-1182x237-1.png\",\"contentUrl\":\"https:\\\/\\\/iwell-guard.com\\\/wp-content\\\/uploads\\\/2026\\\/05\\\/Ittermann-Logo-1182x237-1.png\",\"width\":1182,\"height\":237,\"caption\":\"Ittermann electronic GmbH\"},\"image\":{\"@id\":\"https:\\\/\\\/iwell-guard.com\\\/pl\\\/#\\\/schema\\\/logo\\\/image\\\/\"},\"sameAs\":[\"https:\\\/\\\/pantip.com\\\/profile\\\/9367242\",\"https:\\\/\\\/micro.blog\\\/iwellguard\",\"https:\\\/\\\/www.diggerslist.com\\\/iwellguard\\\/about\",\"https:\\\/\\\/skitterphoto.com\\\/photographers\\\/2870314\\\/iwell-guard\",\"https:\\\/\\\/iwellguard.wordpress.com\\\/2026\\\/06\\\/06\\\/iwell-guard\\\/\",\"https:\\\/\\\/hub.docker.com\\\/u\\\/iwellguard\",\"https:\\\/\\\/www.pinterest.com\\\/iwellguard\\\/\",\"https:\\\/\\\/bit.ly\\\/m\\\/iwellguard\",\"https:\\\/\\\/entre-vos-mains.alsace.eu\\\/profiles\\\/iwellguard\\\/activity\",\"https:\\\/\\\/gravatar.com\\\/reallybeded8fd34\",\"https:\\\/\\\/naijamatta.com\\\/iwellguard\",\"https:\\\/\\\/www.goodreads.com\\\/iwellguard\",\"https:\\\/\\\/profile.hatena.ne.jp\\\/iwellguard\\\/\",\"https:\\\/\\\/experiment.com\\\/users\\\/iwellguard\",\"https:\\\/\\\/wakelet.com\\\/@iWellGuard82270\",\"https:\\\/\\\/www.chordie.com\\\/forum\\\/profile.php?id=2555664\",\"https:\\\/\\\/www.instapaper.com\\\/p\\\/17757966\",\"https:\\\/\\\/www.mapleprimes.com\\\/users\\\/iwellguard\",\"https:\\\/\\\/businesslistingplus.com\\\/profile\\\/iwell-guard\\\/\",\"https:\\\/\\\/telegra.ph\\\/iWell-Guard-06-06\",\"https:\\\/\\\/pbase.com\\\/iwellguard\\\/iwellguard\",\"https:\\\/\\\/b.hatena.ne.jp\\\/iwellguard\\\/20260607#bookmark-4788405196491818882\",\"https:\\\/\\\/fliphtml5.com\\\/home\\\/iwellguard\",\"https:\\\/\\\/anyflip.com\\\/homepage\\\/cmiwl#About\",\"https:\\\/\\\/transfur.com\\\/Users\\\/iwellguard\",\"http:\\\/\\\/delphi.larsbo.org\\\/user\\\/iwellguard\",\"https:\\\/\\\/jobs.lajobsportal.org\\\/profiles\\\/8380803-iwell-guard\",\"https:\\\/\\\/md.chaosdorf.de\\\/s\\\/jfbe5SBdJD\",\"https:\\\/\\\/www.lingvolive.com\\\/en-us\\\/profile\\\/9ecaeaca-ce11-4e51-9e71-01d55e2bff36\\\/translations\",\"https:\\\/\\\/www.fitday.com\\\/fitness\\\/forums\\\/members\\\/iwellguard.html\",\"https:\\\/\\\/www.mymeetbook.com\\\/iwellguard\",\"https:\\\/\\\/pxhere.com\\\/en\\\/photographer-me\\\/5040798\",\"https:\\\/\\\/disqus.com\\\/by\\\/iwellguard\\\/about\\\/\",\"https:\\\/\\\/pastelink.net\\\/hjwciqwq\",\"https:\\\/\\\/pubhtml5.com\\\/homepage\\\/scjhn\\\/\",\"https:\\\/\\\/www.bitchute.com\\\/channel\\\/2O2eOKzNqujT\",\"https:\\\/\\\/audiomack.com\\\/iwellguard\"]},{\"@type\":\"Article\",\"@id\":\"https:\\\/\\\/iwell-guard.com\\\/pl\\\/frau-perchta\\\/#article\",\"isPartOf\":{\"@id\":\"https:\\\/\\\/iwell-guard.com\\\/pl\\\/frau-perchta\\\/\"},\"author\":{\"name\":\"Ralf Ittermann\",\"@id\":\"https:\\\/\\\/iwell-guard.com\\\/pl\\\/#\\\/schema\\\/person\\\/ee2a27f1cac3406c7c6fb5820cb7349f\"},\"headline\":\"Frau Perchta\",\"datePublished\":\"2026-07-16T10:32:42+00:00\",\"dateModified\":\"2026-08-26T11:45:35+00:00\",\"mainEntityOfPage\":{\"@id\":\"https:\\\/\\\/iwell-guard.com\\\/pl\\\/frau-perchta\\\/\"},\"wordCount\":2269,\"publisher\":{\"@id\":\"https:\\\/\\\/iwell-guard.com\\\/pl\\\/#organization\"},\"image\":{\"@id\":\"https:\\\/\\\/iwell-guard.com\\\/pl\\\/frau-perchta\\\/#primaryimage\"},\"thumbnailUrl\":\"https:\\\/\\\/iwell-guard.com\\\/wp-content\\\/uploads\\\/2026\\\/07\\\/geister_alpin_perchta.webp\",\"articleSection\":[\"Alpejski\",\"Duchy\",\"Kultury\"],\"inLanguage\":\"pl-PL\",\"description\":\"Frau Perchta: stra\u017cniczka porz\u0105dku i pracowito\u015bci w Raun\u00e4chte. Pochodzenie, wygl\u0105d i tradycyjne formy ochrony poda\u0144 alpejskich w przegl\u0105dzie.\"}]}<\/script>\n<!-- \/ Yoast SEO Premium plugin. -->","yoast_head_json":{"title":"Frau Perchta \u2013 Stra\u017cniczka Raun\u00e4chte","description":"Frau Perchta: stra\u017cniczka porz\u0105dku i pracowito\u015bci w Raun\u00e4chte. Pochodzenie, wygl\u0105d i tradycyjne formy ochrony poda\u0144 alpejskich w przegl\u0105dzie.","robots":{"index":"index","follow":"follow","max-snippet":"max-snippet:-1","max-image-preview":"max-image-preview:large","max-video-preview":"max-video-preview:-1"},"canonical":"https:\/\/iwell-guard.com\/pl\/frau-perchta\/","og_locale":"pl_PL","og_type":"article","og_title":"Frau Perchta","og_description":"Frau Perchta: stra\u017cniczka porz\u0105dku i pracowito\u015bci w Raun\u00e4chte. Pochodzenie, wygl\u0105d i tradycyjne formy ochrony poda\u0144 alpejskich w przegl\u0105dzie.","og_url":"https:\/\/iwell-guard.com\/pl\/frau-perchta\/","og_site_name":"iWell Guard","article_modified_time":"2026-08-26T11:45:35+00:00","og_image":[{"width":1023,"height":1537,"url":"https:\/\/iwell-guard.com\/wp-content\/uploads\/2026\/07\/geister_alpin_perchta.webp","type":"image\/webp"}],"twitter_card":"summary_large_image","twitter_misc":{"Szacowany czas czytania":"11 minut"},"schema":{"@context":"https:\/\/schema.org","@graph":[{"@type":"Article","@id":"https:\/\/iwell-guard.com\/pl\/frau-perchta\/#article","isPartOf":{"@id":"https:\/\/iwell-guard.com\/pl\/frau-perchta\/"},"author":{"name":"Ralf Ittermann","@id":"https:\/\/iwell-guard.com\/pl\/#\/schema\/person\/ee2a27f1cac3406c7c6fb5820cb7349f"},"headline":"Frau Perchta","datePublished":"2026-07-16T10:32:42+00:00","dateModified":"2026-08-26T11:45:35+00:00","mainEntityOfPage":{"@id":"https:\/\/iwell-guard.com\/pl\/frau-perchta\/"},"wordCount":2269,"publisher":{"@id":"https:\/\/iwell-guard.com\/pl\/#organization"},"image":{"@id":"https:\/\/iwell-guard.com\/pl\/frau-perchta\/#primaryimage"},"thumbnailUrl":"https:\/\/iwell-guard.com\/wp-content\/uploads\/2026\/07\/geister_alpin_perchta.webp","articleSection":["Alpejski","Duchy","Kultury"],"inLanguage":"pl-PL","description":"Frau Perchta: stra\u017cniczka porz\u0105dku i pracowito\u015bci w Raun\u00e4chte. Pochodzenie, wygl\u0105d i tradycyjne formy ochrony poda\u0144 alpejskich w przegl\u0105dzie."},{"@type":"WebPage","@id":"https:\/\/iwell-guard.com\/pl\/frau-perchta\/","url":"https:\/\/iwell-guard.com\/pl\/frau-perchta\/","name":"Frau Perchta \u2013 Stra\u017cniczka Raun\u00e4chte","isPartOf":{"@id":"https:\/\/iwell-guard.com\/pl\/#website"},"primaryImageOfPage":{"@id":"https:\/\/iwell-guard.com\/pl\/frau-perchta\/#primaryimage"},"image":{"@id":"https:\/\/iwell-guard.com\/pl\/frau-perchta\/#primaryimage"},"thumbnailUrl":"https:\/\/iwell-guard.com\/wp-content\/uploads\/2026\/07\/geister_alpin_perchta.webp","datePublished":"2026-07-16T10:32:42+00:00","dateModified":"2026-08-26T11:45:35+00:00","description":"Frau Perchta: stra\u017cniczka porz\u0105dku i pracowito\u015bci w Raun\u00e4chte. Pochodzenie, wygl\u0105d i tradycyjne formy ochrony poda\u0144 alpejskich w przegl\u0105dzie.","breadcrumb":{"@id":"https:\/\/iwell-guard.com\/pl\/frau-perchta\/#breadcrumb"},"inLanguage":"pl-PL","potentialAction":[{"@type":"ReadAction","target":["https:\/\/iwell-guard.com\/pl\/frau-perchta\/"]}]},{"@type":"ImageObject","inLanguage":"pl-PL","@id":"https:\/\/iwell-guard.com\/pl\/frau-perchta\/#primaryimage","url":"https:\/\/iwell-guard.com\/wp-content\/uploads\/2026\/07\/geister_alpin_perchta.webp","contentUrl":"https:\/\/iwell-guard.com\/wp-content\/uploads\/2026\/07\/geister_alpin_perchta.webp","width":1023,"height":1537,"caption":"Frau Perchta - duchy z alpejskiej tradycji, ilustracja historyczna"},{"@type":"BreadcrumbList","@id":"https:\/\/iwell-guard.com\/pl\/frau-perchta\/#breadcrumb","itemListElement":[{"@type":"ListItem","position":1,"name":"Start","item":"https:\/\/iwell-guard.com\/pl\/strona-glowna\/"},{"@type":"ListItem","position":2,"name":"Frau Perchta"}]},{"@type":"WebSite","@id":"https:\/\/iwell-guard.com\/pl\/#website","url":"https:\/\/iwell-guard.com\/pl\/","name":"iWell Guard","description":"Schutz vor dunklen Einfl\u00fcssen","publisher":{"@id":"https:\/\/iwell-guard.com\/pl\/#organization"},"potentialAction":[{"@type":"SearchAction","target":{"@type":"EntryPoint","urlTemplate":"https:\/\/iwell-guard.com\/pl\/?s={search_term_string}"},"query-input":{"@type":"PropertyValueSpecification","valueRequired":true,"valueName":"search_term_string"}}],"inLanguage":"pl-PL"},{"@type":"Organization","@id":"https:\/\/iwell-guard.com\/pl\/#organization","name":"Ittermann electronic GmbH","url":"https:\/\/iwell-guard.com\/pl\/","logo":{"@type":"ImageObject","inLanguage":"pl-PL","@id":"https:\/\/iwell-guard.com\/pl\/#\/schema\/logo\/image\/","url":"https:\/\/iwell-guard.com\/wp-content\/uploads\/2026\/05\/Ittermann-Logo-1182x237-1.png","contentUrl":"https:\/\/iwell-guard.com\/wp-content\/uploads\/2026\/05\/Ittermann-Logo-1182x237-1.png","width":1182,"height":237,"caption":"Ittermann electronic GmbH"},"image":{"@id":"https:\/\/iwell-guard.com\/pl\/#\/schema\/logo\/image\/"},"sameAs":["https:\/\/pantip.com\/profile\/9367242","https:\/\/micro.blog\/iwellguard","https:\/\/www.diggerslist.com\/iwellguard\/about","https:\/\/skitterphoto.com\/photographers\/2870314\/iwell-guard","https:\/\/iwellguard.wordpress.com\/2026\/06\/06\/iwell-guard\/","https:\/\/hub.docker.com\/u\/iwellguard","https:\/\/www.pinterest.com\/iwellguard\/","https:\/\/bit.ly\/m\/iwellguard","https:\/\/entre-vos-mains.alsace.eu\/profiles\/iwellguard\/activity","https:\/\/gravatar.com\/reallybeded8fd34","https:\/\/naijamatta.com\/iwellguard","https:\/\/www.goodreads.com\/iwellguard","https:\/\/profile.hatena.ne.jp\/iwellguard\/","https:\/\/experiment.com\/users\/iwellguard","https:\/\/wakelet.com\/@iWellGuard82270","https:\/\/www.chordie.com\/forum\/profile.php?id=2555664","https:\/\/www.instapaper.com\/p\/17757966","https:\/\/www.mapleprimes.com\/users\/iwellguard","https:\/\/businesslistingplus.com\/profile\/iwell-guard\/","https:\/\/telegra.ph\/iWell-Guard-06-06","https:\/\/pbase.com\/iwellguard\/iwellguard","https:\/\/b.hatena.ne.jp\/iwellguard\/20260607#bookmark-4788405196491818882","https:\/\/fliphtml5.com\/home\/iwellguard","https:\/\/anyflip.com\/homepage\/cmiwl#About","https:\/\/transfur.com\/Users\/iwellguard","http:\/\/delphi.larsbo.org\/user\/iwellguard","https:\/\/jobs.lajobsportal.org\/profiles\/8380803-iwell-guard","https:\/\/md.chaosdorf.de\/s\/jfbe5SBdJD","https:\/\/www.lingvolive.com\/en-us\/profile\/9ecaeaca-ce11-4e51-9e71-01d55e2bff36\/translations","https:\/\/www.fitday.com\/fitness\/forums\/members\/iwellguard.html","https:\/\/www.mymeetbook.com\/iwellguard","https:\/\/pxhere.com\/en\/photographer-me\/5040798","https:\/\/disqus.com\/by\/iwellguard\/about\/","https:\/\/pastelink.net\/hjwciqwq","https:\/\/pubhtml5.com\/homepage\/scjhn\/","https:\/\/www.bitchute.com\/channel\/2O2eOKzNqujT","https:\/\/audiomack.com\/iwellguard"]},{"@type":"Person","@id":"https:\/\/iwell-guard.com\/pl\/#\/schema\/person\/ee2a27f1cac3406c7c6fb5820cb7349f","name":"Ralf Ittermann","image":{"@type":"ImageObject","inLanguage":"pl-PL","@id":"https:\/\/secure.gravatar.com\/avatar\/073c0153e350a5005b68eb752b445fea71f6b24a26da9449ad7e155e6b446c9d?s=96&d=mm&r=g","url":"https:\/\/secure.gravatar.com\/avatar\/073c0153e350a5005b68eb752b445fea71f6b24a26da9449ad7e155e6b446c9d?s=96&d=mm&r=g","contentUrl":"https:\/\/secure.gravatar.com\/avatar\/073c0153e350a5005b68eb752b445fea71f6b24a26da9449ad7e155e6b446c9d?s=96&d=mm&r=g","caption":"Ralf Ittermann"},"givenName":"Ralf","familyName":"Ittermann","jobTitle":"Gesch\u00e4ftsf\u00fchrer und redaktioneller Verantwortlicher","url":"https:\/\/iwell-guard.com\/pl\/author\/claude\/","description":"Ralf Ittermann ist Gesch\u00e4ftsf\u00fchrer der Ittermann electronic GmbH und redaktioneller Verantwortlicher des iWell-Guard-Lexikons. Er verbindet langj\u00e4hrige Erfahrung in der Pr\u00e4zisionsfertigung mit medialer Praxis und religionsgeschichtlicher Quellenarbeit.","worksFor":{"@type":"Organization","name":"Ittermann electronic GmbH","url":"https:\/\/ittermann.de\/","address":{"@type":"PostalAddress","streetAddress":"K\u00f6hlergasse 16-18","postalCode":"99842","addressLocality":"Ruhla","addressCountry":"DE"}},"knowsAbout":["Religionsgeschichte","Mythologie","Mediale Praxis","Energetische Diagnostik","Schutzpraxis","Volksglauben","Westliche Esoterik"]},{"@type":"Article","@id":"https:\/\/iwell-guard.com\/pl\/frau-perchta\/#article","isPartOf":{"@id":"https:\/\/iwell-guard.com\/pl\/frau-perchta\/"},"author":{"name":"Ralf Ittermann","@id":"https:\/\/iwell-guard.com\/pl\/#\/schema\/person\/ee2a27f1cac3406c7c6fb5820cb7349f"},"headline":"Frau Perchta","datePublished":"2026-07-16T10:32:42+00:00","dateModified":"2026-08-26T11:45:35+00:00","mainEntityOfPage":{"@id":"https:\/\/iwell-guard.com\/pl\/frau-perchta\/"},"wordCount":2269,"publisher":{"@id":"https:\/\/iwell-guard.com\/pl\/#organization"},"image":{"@id":"https:\/\/iwell-guard.com\/pl\/frau-perchta\/#primaryimage"},"thumbnailUrl":"https:\/\/iwell-guard.com\/wp-content\/uploads\/2026\/07\/geister_alpin_perchta.webp","articleSection":["Alpejski","Duchy","Kultury"],"inLanguage":"pl-PL","description":"Frau Perchta: stra\u017cniczka porz\u0105dku i pracowito\u015bci w Raun\u00e4chte. Pochodzenie, wygl\u0105d i tradycyjne formy ochrony poda\u0144 alpejskich w przegl\u0105dzie."}]}},"_links":{"self":[{"href":"https:\/\/iwell-guard.com\/pl\/wp-json\/wp\/v2\/pages\/21068","targetHints":{"allow":["GET"]}}],"collection":[{"href":"https:\/\/iwell-guard.com\/pl\/wp-json\/wp\/v2\/pages"}],"about":[{"href":"https:\/\/iwell-guard.com\/pl\/wp-json\/wp\/v2\/types\/page"}],"author":[{"embeddable":true,"href":"https:\/\/iwell-guard.com\/pl\/wp-json\/wp\/v2\/users\/3"}],"replies":[{"embeddable":true,"href":"https:\/\/iwell-guard.com\/pl\/wp-json\/wp\/v2\/comments?post=21068"}],"version-history":[{"count":1,"href":"https:\/\/iwell-guard.com\/pl\/wp-json\/wp\/v2\/pages\/21068\/revisions"}],"predecessor-version":[{"id":107137,"href":"https:\/\/iwell-guard.com\/pl\/wp-json\/wp\/v2\/pages\/21068\/revisions\/107137"}],"wp:featuredmedia":[{"embeddable":true,"href":"https:\/\/iwell-guard.com\/pl\/wp-json\/wp\/v2\/media\/21069"}],"wp:attachment":[{"href":"https:\/\/iwell-guard.com\/pl\/wp-json\/wp\/v2\/media?parent=21068"}],"wp:term":[{"taxonomy":"category","embeddable":true,"href":"https:\/\/iwell-guard.com\/pl\/wp-json\/wp\/v2\/categories?post=21068"}],"curies":[{"name":"wp","href":"https:\/\/api.w.org\/{rel}","templated":true}]}}