{"id":21056,"date":"2026-07-16T10:33:11","date_gmt":"2026-07-16T10:33:11","guid":{"rendered":"https:\/\/iwell-guard.com\/sennentuntschi\/"},"modified":"2026-07-17T12:10:50","modified_gmt":"2026-07-17T12:10:50","slug":"sennentuntschi","status":"publish","type":"page","link":"https:\/\/iwell-guard.com\/pl\/sennentuntschi\/","title":{"rendered":"Sennentuntschi"},"content":{"rendered":"\t\t<div data-elementor-type=\"wp-page\" data-elementor-id=\"21056\" class=\"elementor elementor-21056 elementor-20484\" data-elementor-post-type=\"page\">\n\t\t\t\t<div class=\"elementor-element elementor-element-10fdade e-flex e-con-boxed e-con e-parent\" data-id=\"10fdade\" data-element_type=\"container\" data-e-type=\"container\" data-settings=\"{&quot;background_background&quot;:&quot;classic&quot;}\">\n\t\t\t\t\t<div class=\"e-con-inner\">\n\t\t<div class=\"elementor-element elementor-element-herohlft0 e-flex e-con-boxed e-con e-child\" data-id=\"herohlft0\" data-element_type=\"container\" data-e-type=\"container\">\n\t\t\t\t\t<div class=\"e-con-inner\">\n\t\t<div class=\"elementor-element elementor-element-c3ceb64 e-con-full e-flex e-con e-child\" data-id=\"c3ceb64\" data-element_type=\"container\" data-e-type=\"container\">\n\t\t\t\t<div class=\"elementor-element elementor-element-96ae5e1 elementor-widget elementor-widget-heading\" data-id=\"96ae5e1\" data-element_type=\"widget\" data-e-type=\"widget\" data-widget_type=\"heading.default\">\n\t\t\t\t\t<h1 class=\"elementor-heading-title elementor-size-default\">Sennentuntschi, zemsta samotnej chaty pasterskiej<\/h1>\t\t\t\t<\/div>\n\t\t\t\t<div class=\"elementor-element elementor-element-e45238a elementor-widget elementor-widget-text-editor\" data-id=\"e45238a\" data-element_type=\"widget\" data-e-type=\"widget\" data-widget_type=\"text-editor.default\">\n\t\t\t\t\t\t\t\t\t<p>Sennentuntschi jest <span class=\"iwg-fachbegriff\" tabindex=\"0\" data-tooltip=\"Geistiges Wesen, dem sch\u00e4dliche oder zwiesp\u00e4ltige Wirkung zugeschrieben wird.\">demonem<\/span> tradycji alpejskiej.<\/p>\n<p><strong>O\u017cywiona lalka pasterska, kt\u00f3ra karze swoich stw\u00f3rc\u00f3w.<\/strong> Profil przedstawia Sennentuntschi jako m\u015bcicielk\u0119 samotnej chaty pasterskiej, karz\u0105c\u0105 swoich stw\u00f3rc\u00f3w.<\/p>\n\t\t\t\t\t\t\t\t<\/div>\n\t\t\t\t<\/div>\n\t\t<div class=\"elementor-element elementor-element-klsbdg01 e-con-full e-flex e-con e-parent\" data-id=\"klsbdg01\" data-element_type=\"container\" data-e-type=\"container\">\n\t\t\t\t<div class=\"elementor-element elementor-element-klshtm01 elementor-widget elementor-widget-html\" data-id=\"klshtm01\" data-element_type=\"widget\" data-e-type=\"widget\" data-widget_type=\"html.default\">\n\t\t\t\t\t<div class=\"iwg-pill-row\"><span class=\"iwg-klasse-badge\" tabindex=\"0\" data-tooltip=\"Demon \/ demonica: istota nadprzyrodzona o przewa\u017cnie szkodliwym lub ambiwalentnym dzia\u0142aniu. Stoi mi\u0119dzy bogami i lud\u017ami, powoduje choroby, kuszenie lub nieszcz\u0119\u015bcie, a odpiera si\u0119 j\u0105 poprzez zakl\u0119cia, amulety apotropaiczne i rytua\u0142y.\">Demon<\/span><a href=\"\/pl\/sagi-alpejskie\/\" class=\"iwg-kultur-badge\" tabindex=\"0\" data-tooltip=\"\u015awiat poda\u0144 regionu alpejskiego: Bawarii, Austrii, Szwajcarii i Po\u0142udniowego Tyrolu, od duch\u00f3w pastwisk g\u00f3rskich do postaci nocy przesileniowych.\">Region alpejski<\/a><\/div>\t\t\t\t<\/div>\n\t\t\t\t<\/div>\n\t\t<div class=\"elementor-element elementor-element-3f74855 e-con-full e-flex e-con e-child\" data-id=\"3f74855\" data-element_type=\"container\" data-e-type=\"container\">\n\t\t\t\t<div class=\"elementor-element elementor-element-1c30362 elementor-toc--minimized-on-tablet elementor-widget elementor-widget-table-of-contents\" data-id=\"1c30362\" data-element_type=\"widget\" data-e-type=\"widget\" data-settings=\"{&quot;exclude_headings_by_selector&quot;:[],&quot;no_headings_message&quot;:&quot;Es wurden keine \\u00dcberschriften auf dieser Seite gefunden.&quot;,&quot;headings_by_tags&quot;:[&quot;h2&quot;,&quot;h3&quot;],&quot;marker_view&quot;:&quot;bullets&quot;,&quot;icon&quot;:{&quot;value&quot;:&quot;fas fa-circle&quot;,&quot;library&quot;:&quot;fa-solid&quot;,&quot;rendered_tag&quot;:&quot;&lt;svg class=\\&quot;e-font-icon-svg e-fas-circle\\&quot; viewBox=\\&quot;0 0 512 512\\&quot; xmlns=\\&quot;http:\\\/\\\/www.w3.org\\\/2000\\\/svg\\&quot;&gt;&lt;path d=\\&quot;M256 8C119 8 8 119 8 256s111 248 248 248 248-111 248-248S393 8 256 8z\\&quot;&gt;&lt;\\\/path&gt;&lt;\\\/svg&gt;&quot;},&quot;minimize_box&quot;:&quot;yes&quot;,&quot;minimized_on&quot;:&quot;tablet&quot;,&quot;hierarchical_view&quot;:&quot;yes&quot;,&quot;min_height&quot;:{&quot;unit&quot;:&quot;px&quot;,&quot;size&quot;:&quot;&quot;,&quot;sizes&quot;:[]},&quot;min_height_tablet&quot;:{&quot;unit&quot;:&quot;px&quot;,&quot;size&quot;:&quot;&quot;,&quot;sizes&quot;:[]},&quot;min_height_mobile&quot;:{&quot;unit&quot;:&quot;px&quot;,&quot;size&quot;:&quot;&quot;,&quot;sizes&quot;:[]}}\" data-widget_type=\"table-of-contents.default\">\n\t\t\t\t\t\t\t\t\t<div class=\"elementor-toc__header\">\n\t\t\t\t\t\t<h2 class=\"elementor-toc__header-title\">\n\t\t\t\tSpis tre\u015bci\t\t\t<\/h2>\n\t\t\t\t\t\t\t\t\t\t<div class=\"elementor-toc__toggle-button elementor-toc__toggle-button--expand\" role=\"button\" tabindex=\"0\" aria-controls=\"elementor-toc__1c30362\" aria-expanded=\"true\" aria-label=\"Open table of contents\"><svg aria-hidden=\"true\" class=\"e-font-icon-svg e-fas-chevron-down\" viewBox=\"0 0 448 512\" xmlns=\"http:\/\/www.w3.org\/2000\/svg\"><path d=\"M207.029 381.476L12.686 187.132c-9.373-9.373-9.373-24.569 0-33.941l22.667-22.667c9.357-9.357 24.522-9.375 33.901-.04L224 284.505l154.745-154.021c9.379-9.335 24.544-9.317 33.901.04l22.667 22.667c9.373 9.373 9.373 24.569 0 33.941L240.971 381.476c-9.373 9.372-24.569 9.372-33.942 0z\"><\/path><\/svg><\/div>\n\t\t\t\t<div class=\"elementor-toc__toggle-button elementor-toc__toggle-button--collapse\" role=\"button\" tabindex=\"0\" aria-controls=\"elementor-toc__1c30362\" aria-expanded=\"true\" aria-label=\"Close table of contents\"><svg aria-hidden=\"true\" class=\"e-font-icon-svg e-fas-chevron-up\" viewBox=\"0 0 448 512\" xmlns=\"http:\/\/www.w3.org\/2000\/svg\"><path d=\"M240.971 130.524l194.343 194.343c9.373 9.373 9.373 24.569 0 33.941l-22.667 22.667c-9.357 9.357-24.522 9.375-33.901.04L224 227.495 69.255 381.516c-9.379 9.335-24.544 9.317-33.901-.04l-22.667-22.667c-9.373-9.373-9.373-24.569 0-33.941L207.03 130.525c9.372-9.373 24.568-9.373 33.941-.001z\"><\/path><\/svg><\/div>\n\t\t\t\t\t<\/div>\n\t\t\t\t<div id=\"elementor-toc__1c30362\" class=\"elementor-toc__body\">\n\t\t\t<div class=\"elementor-toc__spinner-container\">\n\t\t\t\t<svg class=\"elementor-toc__spinner eicon-animation-spin e-font-icon-svg e-eicon-loading\" aria-hidden=\"true\" viewBox=\"0 0 1000 1000\" xmlns=\"http:\/\/www.w3.org\/2000\/svg\"><path d=\"M500 975V858C696 858 858 696 858 500S696 142 500 142 142 304 142 500H25C25 237 238 25 500 25S975 237 975 500 763 975 500 975Z\"><\/path><\/svg>\t\t\t<\/div>\n\t\t<\/div>\n\t\t\t\t\t\t<\/div>\n\t\t\t\t<\/div>\n\t\t\t\t\t<\/div>\n\t\t\t\t<\/div>\n\t\t<div class=\"elementor-element elementor-element-herorght0 e-con-full e-flex e-con e-child\" data-id=\"herorght0\" data-element_type=\"container\" data-e-type=\"container\">\n\t\t\t\t<div class=\"elementor-element elementor-element-heroimg00 iwg-hero-image elementor-widget elementor-widget-image\" data-id=\"heroimg00\" data-element_type=\"widget\" data-e-type=\"widget\" data-widget_type=\"image.default\">\n\t\t\t\t\t\t\t\t\t\t\t\t\t\t\t<img fetchpriority=\"high\" decoding=\"async\" width=\"683\" height=\"1024\" src=\"https:\/\/iwell-guard.com\/wp-content\/uploads\/2026\/07\/daemonen_alpin_sennentuntschi-683x1024.webp\" class=\"attachment-large size-large wp-image-21057\" alt=\"Sennentuntschi - demony z alpejskiej tradycji, historyczno-ilustracyjne\" srcset=\"https:\/\/iwell-guard.com\/wp-content\/uploads\/2026\/07\/daemonen_alpin_sennentuntschi-683x1024.webp 683w, https:\/\/iwell-guard.com\/wp-content\/uploads\/2026\/07\/daemonen_alpin_sennentuntschi-200x300.webp 200w, https:\/\/iwell-guard.com\/wp-content\/uploads\/2026\/07\/daemonen_alpin_sennentuntschi-768x1152.webp 768w, https:\/\/iwell-guard.com\/wp-content\/uploads\/2026\/07\/daemonen_alpin_sennentuntschi.webp 1024w\" sizes=\"(max-width: 683px) 100vw, 683px\" \/>\t\t\t\t\t\t\t\t\t\t\t\t\t\t\t<\/div>\n\t\t\t\t<\/div>\n\t\t\t\t\t<\/div>\n\t\t\t\t<\/div>\n\t\t<div class=\"elementor-element elementor-element-32917199 e-flex e-con-boxed e-con e-parent\" data-id=\"32917199\" data-element_type=\"container\" data-e-type=\"container\">\n\t\t\t\t\t<div class=\"e-con-inner\">\n\t\t<div class=\"elementor-element elementor-element-26e916cb e-flex e-con-boxed e-con e-child\" data-id=\"26e916cb\" data-element_type=\"container\" data-e-type=\"container\">\n\t\t\t\t\t<div class=\"e-con-inner\">\n\t\t<div class=\"elementor-element elementor-element-253a40d4 e-flex e-con-boxed e-con e-child\" data-id=\"253a40d4\" data-element_type=\"container\" data-e-type=\"container\">\n\t\t\t\t\t<div class=\"e-con-inner\">\n\t\t\t\t<div class=\"elementor-element elementor-element-1200c304 elementor-widget elementor-widget-heading\" data-id=\"1200c304\" data-element_type=\"widget\" data-e-type=\"widget\" data-widget_type=\"heading.default\">\n\t\t\t\t\t<div class=\"elementor-heading-title elementor-size-default\">Sennentuntschi<\/div>\t\t\t\t<\/div>\n\t\t\t\t<div class=\"elementor-element elementor-element-11758e7f elementor-widget elementor-widget-text-editor\" data-id=\"11758e7f\" data-element_type=\"widget\" data-e-type=\"widget\" data-widget_type=\"text-editor.default\">\n\t\t\t\t\t\t\t\t\t<p>Sennentuntschi jest postaci\u0105 podaniow\u0105 ze szwajcarskich Alp: kobiec\u0105 lalk\u0105 wykonan\u0105 przez samotnych pasterzy ze s\u0142omy, drewna i tkaniny, kt\u00f3ra o\u017cywa kr\u00f3tko przed ko\u0144cem sezonu pasterskiego. To, co zacz\u0119\u0142o si\u0119 jako rozrywka w czasie samotnego sezonu na pastwisku, w wi\u0119kszo\u015bci wersji ko\u0144czy si\u0119 krwaw\u0105 odp\u0142at\u0105 na tych, kt\u00f3rzy j\u0105 stworzyli i wykorzystywali.<\/p>\n<p>Motyw podaniowy jest rozpowszechniony w ca\u0142ym niemieckoj\u0119zycznym obszarze alpejskim, od Alp Berne\u0144skich przez Uri, Gryzoni\u0119 i region St. Gallen Oberland a\u017c do Vorarlbergu, Tyrolu i Karyntii. Jeden zachowany obiekt, drewniana lalka nabyta w 1978 roku w dolinie Calanca w Gryzonii, jest przechowywana od 1986 roku w R\u00e4tisches Museum w Chur.<\/p>\n\t\t\t\t\t\t\t\t<\/div>\n\t\t\t\t\t<\/div>\n\t\t\t\t<\/div>\n\t\t<div class=\"elementor-element elementor-element-159dcf9a e-flex e-con-boxed e-con e-child\" data-id=\"159dcf9a\" data-element_type=\"container\" data-e-type=\"container\">\n\t\t\t\t\t<div class=\"e-con-inner\">\n\t\t\t\t<div class=\"elementor-element elementor-element-48cee66f elementor-widget elementor-widget-heading\" data-id=\"48cee66f\" data-element_type=\"widget\" data-e-type=\"widget\" data-widget_type=\"heading.default\">\n\t\t\t\t\t<div class=\"elementor-heading-title elementor-size-default\">W skr\u00f3cie: Sennentuntschi<\/div>\t\t\t\t<\/div>\n\t\t\t\t<div class=\"elementor-element elementor-element-3f50d82c elementor-widget elementor-widget-text-editor\" data-id=\"3f50d82c\" data-element_type=\"widget\" data-e-type=\"widget\" data-widget_type=\"text-editor.default\">\n\t\t\t\t\t\t\t\t\t<p><strong>Typ:<\/strong> O\u017cywiona lalka pasterska, posta\u0107 m\u015bcicielska poda\u0144 alpejskich<br \/>Pochodzenie: przekaz ustny, ludoznawczo udokumentowany od XIX wieku<br \/>Teksty: regionalne zbiory poda\u0144 z XIX wieku<br \/>Okres: przez ca\u0142e lato sezonu pasterskiego, kulminuj\u0105cy w dniu zjazdu z pastwiska<br \/>Wygl\u0105d: kobieca lalka wykonana z drewna, s\u0142omy i odzie\u017cy, kt\u00f3ra o\u017cywa<\/p>\n\t\t\t\t\t\t\t\t<\/div>\n\t\t\t\t\t<\/div>\n\t\t\t\t<\/div>\n\t\t\t\t\t<\/div>\n\t\t\t\t<\/div>\n\t\t\t\t\t<\/div>\n\t\t\t\t<\/div>\n\t\t<div class=\"elementor-element elementor-element-18613602 e-flex e-con-boxed e-con e-parent\" data-id=\"18613602\" data-element_type=\"container\" data-e-type=\"container\">\n\t\t\t\t\t<div class=\"e-con-inner\">\n\t\t\t\t<div class=\"elementor-element elementor-element-262b8a9f elementor-widget elementor-widget-heading\" data-id=\"262b8a9f\" data-element_type=\"widget\" data-e-type=\"widget\" data-widget_type=\"heading.default\">\n\t\t\t\t\t<h2 class=\"elementor-heading-title elementor-size-default\">Kontekst przekazu<\/h2>\t\t\t\t<\/div>\n\t\t<div class=\"elementor-element elementor-element-46dcb7d e-con-full e-flex e-con e-child\" data-id=\"46dcb7d\" data-element_type=\"container\" data-e-type=\"container\">\n\t\t<div class=\"elementor-element elementor-element-61d3ab3 e-flex e-con-boxed e-con e-child\" data-id=\"61d3ab3\" data-element_type=\"container\" data-e-type=\"container\">\n\t\t\t\t\t<div class=\"e-con-inner\">\n\t\t\t\t<div class=\"elementor-element elementor-element-117c166 elementor-widget elementor-widget-heading\" data-id=\"117c166\" data-element_type=\"widget\" data-e-type=\"widget\" data-widget_type=\"heading.default\">\n\t\t\t\t\t<h3 class=\"elementor-heading-title elementor-size-default\">Okres powstania tekst\u00f3w<\/h3>\t\t\t\t<\/div>\n\t\t\t\t<div class=\"elementor-element elementor-element-73997a0 elementor-widget elementor-widget-text-editor\" data-id=\"73997a0\" data-element_type=\"widget\" data-e-type=\"widget\" data-widget_type=\"text-editor.default\">\n\t\t\t\t\t\t\t\t\t<p>Motyw podaniowy przekazywany jest ustnie i zosta\u0142 udokumentowany ludoznawczo od XIX wieku, mi\u0119dzy innymi w zbiorach poda\u0144 L\u00fctolfa i Rochholza.<\/p>\n\t\t\t\t\t\t\t\t<\/div>\n\t\t\t\t\t<\/div>\n\t\t\t\t<\/div>\n\t\t<div class=\"elementor-element elementor-element-d47b156 e-flex e-con-boxed e-con e-child\" data-id=\"d47b156\" data-element_type=\"container\" data-e-type=\"container\">\n\t\t\t\t\t<div class=\"e-con-inner\">\n\t\t\t\t<div class=\"elementor-element elementor-element-ff38c2b elementor-widget elementor-widget-heading\" data-id=\"ff38c2b\" data-element_type=\"widget\" data-e-type=\"widget\" data-widget_type=\"heading.default\">\n\t\t\t\t\t<h3 class=\"elementor-heading-title elementor-size-default\">Zasi\u0119g geograficzny<\/h3>\t\t\t\t<\/div>\n\t\t\t\t<div class=\"elementor-element elementor-element-4e49fcc elementor-widget elementor-widget-text-editor\" data-id=\"4e49fcc\" data-element_type=\"widget\" data-e-type=\"widget\" data-widget_type=\"text-editor.default\">\n\t\t\t\t\t\t\t\t\t<p>Podanie jest rozpowszechnione w Alpach Berne\u0144skich, w Uri, Gryzonii i regionie St. Gallen Oberland, a tak\u017ce w Vorarlbergu, Tyrolu i Karyntii, z dalszymi wariantami w G\u00f3rnym Wallis, Styrii i G\u00f3rnej Bawarii.<\/p>\n\t\t\t\t\t\t\t\t<\/div>\n\t\t\t\t\t<\/div>\n\t\t\t\t<\/div>\n\t\t\t\t<\/div>\n\t\t<div class=\"elementor-element elementor-element-db03c39 e-con-full e-flex e-con e-child\" data-id=\"db03c39\" data-element_type=\"container\" data-e-type=\"container\">\n\t\t<div class=\"elementor-element elementor-element-229a87b e-flex e-con-boxed e-con e-child\" data-id=\"229a87b\" data-element_type=\"container\" data-e-type=\"container\">\n\t\t\t\t\t<div class=\"e-con-inner\">\n\t\t\t\t<div class=\"elementor-element elementor-element-1f471fc elementor-widget elementor-widget-heading\" data-id=\"1f471fc\" data-element_type=\"widget\" data-e-type=\"widget\" data-widget_type=\"heading.default\">\n\t\t\t\t\t<h3 class=\"elementor-heading-title elementor-size-default\">Stan \u017ar\u00f3de\u0142<\/h3>\t\t\t\t<\/div>\n\t\t\t\t<div class=\"elementor-element elementor-element-36b1201 elementor-widget elementor-widget-text-editor\" data-id=\"36b1201\" data-element_type=\"widget\" data-e-type=\"widget\" data-widget_type=\"text-editor.default\">\n\t\t\t\t\t\t\t\t\t<p>Stan \u017ar\u00f3de\u0142 opiera si\u0119 na regionalnych zbiorach poda\u0144 z XIX wieku oraz na jednym zachowanym obiekcie w R\u00e4tisches Museum w Chur, kt\u00f3rego pierwotne przeznaczenie, wed\u0142ug kierownictwa muzeum, nie jest potwierdzone.<\/p>\n\t\t\t\t\t\t\t\t<\/div>\n\t\t\t\t\t<\/div>\n\t\t\t\t<\/div>\n\t\t\t\t<\/div>\n\t\t\t\t\t<\/div>\n\t\t\t\t<\/div>\n\t\t<div class=\"elementor-element elementor-element-3ae0637c e-flex e-con-boxed e-con e-parent\" data-id=\"3ae0637c\" data-element_type=\"container\" data-e-type=\"container\">\n\t\t\t\t\t<div class=\"e-con-inner\">\n\t\t\t\t<div class=\"elementor-element elementor-element-31d07739 elementor-widget elementor-widget-heading\" data-id=\"31d07739\" data-element_type=\"widget\" data-e-type=\"widget\" data-widget_type=\"heading.default\">\n\t\t\t\t\t<h2 class=\"elementor-heading-title elementor-size-default\">Nazwa i warianty<\/h2>\t\t\t\t<\/div>\n\t\t<div class=\"elementor-element elementor-element-b7642947 e-con-full e-flex e-con e-child\" data-id=\"b7642947\" data-element_type=\"container\" data-e-type=\"container\">\n\t\t\t\t<div class=\"elementor-element elementor-element-a086266 elementor-widget elementor-widget-text-editor\" data-id=\"a086266\" data-element_type=\"widget\" data-e-type=\"widget\" data-widget_type=\"text-editor.default\">\n\t\t\t\t\t\t\t\t\t<p><strong>Nazwa:<\/strong> Nazwa sk\u0142ada si\u0119 z Senn, okre\u015blenia pasterza alpejskiego, oraz Tuntschi, u\u017cywanego w tek\u015bcie podania okre\u015blenia samej lalki. Ustalone miejsca akcji opowie\u015bci to mi\u0119dzy innymi Weissenboden poni\u017cej prze\u0142\u0119czy Kinzig w dolinie Sch\u00e4chental oraz dolina Urserental.<\/p>\n\t\t\t\t\t\t\t\t<\/div>\n\t\t\t\t<\/div>\n\t\t\t\t\t<\/div>\n\t\t\t\t<\/div>\n\t\t<div class=\"elementor-element elementor-element-709a44a8 e-flex e-con-boxed e-con e-parent\" data-id=\"709a44a8\" data-element_type=\"container\" data-e-type=\"container\">\n\t\t\t\t\t<div class=\"e-con-inner\">\n\t\t\t\t<div class=\"elementor-element elementor-element-2f585873 elementor-widget elementor-widget-heading\" data-id=\"2f585873\" data-element_type=\"widget\" data-e-type=\"widget\" data-widget_type=\"heading.default\">\n\t\t\t\t\t<h2 class=\"elementor-heading-title elementor-size-default\">Wygl\u0105d i zachowanie<\/h2>\t\t\t\t<\/div>\n\t\t<div class=\"elementor-element elementor-element-70621c12 e-con-full e-flex e-con e-child\" data-id=\"70621c12\" data-element_type=\"container\" data-e-type=\"container\">\n\t\t\t\t<div class=\"elementor-element elementor-element-4296eb49 elementor-widget elementor-widget-text-editor\" data-id=\"4296eb49\" data-element_type=\"widget\" data-e-type=\"widget\" data-widget_type=\"text-editor.default\">\n\t\t\t\t\t\t\t\t\t<p><strong>Wygl\u0105d<\/strong><\/p>\n<p>Tuntschi powstaje z najprostszych materia\u0142\u00f3w dost\u0119pnych w alpejskiej chacie: drewno, s\u0142oma, resztki tkanin i stare ubrania nadaj\u0105 mu z grubsza ludzk\u0105, kobiec\u0105 form\u0119. To pochodzenie z materia\u0142\u00f3w roboczych czyni przemian\u0119 w dzia\u0142aj\u0105c\u0105 istot\u0119 szczeg\u00f3lnie wyrazist\u0105.<\/p>\n<p><strong>Dzia\u0142anie<\/strong><\/p>\n<p>Po o\u017cywieniu podczas swoistej ceremonii chrztu przed zjazdem z alpy, Tuntschi zaczyna zachowywa\u0107 si\u0119 coraz bardziej samodzielnie: domaga si\u0119 po\u017cywienia i uwagi i nie podporz\u0105dkowuje si\u0119 ju\u017c pastuchom. Wed\u0142ug przekazu, przy zje\u017adzie z alpy \u017c\u0105da, by jeden z m\u0119\u017cczyzn przy nim pozosta\u0142; ten pasterz zostaje zabity, w wielu wersjach w szczeg\u00f3lnie okrutny spos\u00f3b.<\/p>\n\t\t\t\t\t\t\t\t<\/div>\n\t\t\t\t<\/div>\n\t\t\t\t\t<\/div>\n\t\t\t\t<\/div>\n\t\t<div class=\"elementor-element elementor-element-44e71476 e-flex e-con-boxed e-con e-parent\" data-id=\"44e71476\" data-element_type=\"container\" data-e-type=\"container\">\n\t\t\t\t\t<div class=\"e-con-inner\">\n\t\t\t\t<div class=\"elementor-element elementor-element-3c1fc3f0 elementor-widget elementor-widget-heading\" data-id=\"3c1fc3f0\" data-element_type=\"widget\" data-e-type=\"widget\" data-widget_type=\"heading.default\">\n\t\t\t\t\t<h2 class=\"elementor-heading-title elementor-size-default\">Profil: Sennentuntschi<\/h2>\t\t\t\t<\/div>\n\t\t<div class=\"elementor-element elementor-element-84f33b8e e-con-full e-flex e-con e-child\" data-id=\"84f33b8e\" data-element_type=\"container\" data-e-type=\"container\">\n\t\t\t\t<div class=\"elementor-element elementor-element-hqkdc67p elementor-widget elementor-widget-text-editor\" data-id=\"hqkdc67p\" data-element_type=\"widget\" data-e-type=\"widget\" data-widget_type=\"text-editor.default\">\n\t\t\t\t\t\t\t\t\t<p>Najwa\u017cniejsze aspekty tej m\u015bcicielskiej postaci w skr\u00f3cie.<\/p>\n\t\t\t\t\t\t\t\t<\/div>\n\t\t\t\t<\/div>\n\t\t<div class=\"elementor-element elementor-element-pemmx7c5 e-con-full e-flex e-con e-child\" data-id=\"pemmx7c5\" data-element_type=\"container\" data-e-type=\"container\">\n\t\t<div class=\"elementor-element elementor-element-pemmx7c1 e-con-full e-flex e-con e-child\" data-id=\"pemmx7c1\" data-element_type=\"container\" data-e-type=\"container\">\n\t\t<div class=\"elementor-element elementor-element-qh9oavvu iwg-steckbrief-card e-flex e-con-boxed e-con e-child\" data-id=\"qh9oavvu\" data-element_type=\"container\" data-e-type=\"container\">\n\t\t\t\t\t<div class=\"e-con-inner\">\n\t\t\t\t<div class=\"elementor-element elementor-element-awzx8k2k elementor-widget elementor-widget-heading\" data-id=\"awzx8k2k\" data-element_type=\"widget\" data-e-type=\"widget\" data-widget_type=\"heading.default\">\n\t\t\t\t\t<div class=\"elementor-heading-title elementor-size-default\">Tradycja<\/div>\t\t\t\t<\/div>\n\t\t\t\t<div class=\"elementor-element elementor-element-x6rowhv0 elementor-widget elementor-widget-text-editor\" data-id=\"x6rowhv0\" data-element_type=\"widget\" data-e-type=\"widget\" data-widget_type=\"text-editor.default\">\n\t\t\t\t\t\t\t\t\t<p>Motyw ludowy z ca\u0142ego niemieckoj\u0119zycznego obszaru alpejskiego, od Szwajcarii przez Tyrol do Karyntii, dokumentowany etnograficznie od XIX wieku.<\/p>\n\t\t\t\t\t\t\t\t<\/div>\n\t\t\t\t\t<\/div>\n\t\t\t\t<\/div>\n\t\t<div class=\"elementor-element elementor-element-8e3o4kxs iwg-steckbrief-card e-flex e-con-boxed e-con e-child\" data-id=\"8e3o4kxs\" data-element_type=\"container\" data-e-type=\"container\">\n\t\t\t\t\t<div class=\"e-con-inner\">\n\t\t\t\t<div class=\"elementor-element elementor-element-08rkdgov elementor-widget elementor-widget-heading\" data-id=\"08rkdgov\" data-element_type=\"widget\" data-e-type=\"widget\" data-widget_type=\"heading.default\">\n\t\t\t\t\t<div class=\"elementor-heading-title elementor-size-default\">Dotyczy<\/div>\t\t\t\t<\/div>\n\t\t\t\t<div class=\"elementor-element elementor-element-uwjelx8s elementor-widget elementor-widget-text-editor\" data-id=\"uwjelx8s\" data-element_type=\"widget\" data-e-type=\"widget\" data-widget_type=\"text-editor.default\">\n\t\t\t\t\t\t\t\t\t<p>Samotni pasterze na oddalonych alpejskich pastwiskach podczas wielomiesi\u0119cznego sezonu, bez ludzkiego towarzystwa.<\/p>\n\t\t\t\t\t\t\t\t<\/div>\n\t\t\t\t\t<\/div>\n\t\t\t\t<\/div>\n\t\t<div class=\"elementor-element elementor-element-jm2n74ec iwg-steckbrief-card e-flex e-con-boxed e-con e-child\" data-id=\"jm2n74ec\" data-element_type=\"container\" data-e-type=\"container\">\n\t\t\t\t\t<div class=\"e-con-inner\">\n\t\t\t\t<div class=\"elementor-element elementor-element-8vufse4c elementor-widget elementor-widget-heading\" data-id=\"8vufse4c\" data-element_type=\"widget\" data-e-type=\"widget\" data-widget_type=\"heading.default\">\n\t\t\t\t\t<div class=\"elementor-heading-title elementor-size-default\">Wygl\u0105d<\/div>\t\t\t\t<\/div>\n\t\t\t\t<div class=\"elementor-element elementor-element-mwb9u015 elementor-widget elementor-widget-text-editor\" data-id=\"mwb9u015\" data-element_type=\"widget\" data-e-type=\"widget\" data-widget_type=\"text-editor.default\">\n\t\t\t\t\t\t\t\t\t<p>Kobieca kuk\u0142a wykonana z drewna, s\u0142omy i ubra\u0144: g\u0142owa z drewna na wid\u0142ach do gnoju, \u017c\u00f3\u0142te wst\u0105\u017cki jako w\u0142osy, bale s\u0142omy jako piersi.<\/p>\n\t\t\t\t\t\t\t\t<\/div>\n\t\t\t\t\t<\/div>\n\t\t\t\t<\/div>\n\t\t\t\t<\/div>\n\t\t<div class=\"elementor-element elementor-element-pemmx7c2 e-con-full e-flex e-con e-child\" data-id=\"pemmx7c2\" data-element_type=\"container\" data-e-type=\"container\">\n\t\t<div class=\"elementor-element elementor-element-37ss2yr6 iwg-steckbrief-card e-flex e-con-boxed e-con e-child\" data-id=\"37ss2yr6\" data-element_type=\"container\" data-e-type=\"container\">\n\t\t\t\t\t<div class=\"e-con-inner\">\n\t\t\t\t<div class=\"elementor-element elementor-element-3v0wp3wx elementor-widget elementor-widget-heading\" data-id=\"3v0wp3wx\" data-element_type=\"widget\" data-e-type=\"widget\" data-widget_type=\"heading.default\">\n\t\t\t\t\t<div class=\"elementor-heading-title elementor-size-default\">Zakres dzia\u0142ania<\/div>\t\t\t\t<\/div>\n\t\t\t\t<div class=\"elementor-element elementor-element-w3247g2m elementor-widget elementor-widget-text-editor\" data-id=\"w3247g2m\" data-element_type=\"widget\" data-e-type=\"widget\" data-widget_type=\"text-editor.default\">\n\t\t\t\t\t\t\t\t\t<p>Zemsta na pasterzach, kt\u00f3rzy stworzyli i maltretowali kuk\u0142\u0119; zabicie pasterza pozostaj\u0105cego przy niej w chwili zjazdu z alpy.<\/p>\n\t\t\t\t\t\t\t\t<\/div>\n\t\t\t\t\t<\/div>\n\t\t\t\t<\/div>\n\t\t<div class=\"elementor-element elementor-element-0qpjal9w iwg-steckbrief-card e-flex e-con-boxed e-con e-child\" data-id=\"0qpjal9w\" data-element_type=\"container\" data-e-type=\"container\">\n\t\t\t\t\t<div class=\"e-con-inner\">\n\t\t\t\t<div class=\"elementor-element elementor-element-6ndoih0o elementor-widget elementor-widget-heading\" data-id=\"6ndoih0o\" data-element_type=\"widget\" data-e-type=\"widget\" data-widget_type=\"heading.default\">\n\t\t\t\t\t<div class=\"elementor-heading-title elementor-size-default\">Post\u0119powanie<\/div>\t\t\t\t<\/div>\n\t\t\t\t<div class=\"elementor-element elementor-element-6684tyh9 elementor-widget elementor-widget-text-editor\" data-id=\"6684tyh9\" data-element_type=\"widget\" data-e-type=\"widget\" data-widget_type=\"text-editor.default\">\n\t\t\t\t\t\t\t\t\t<p>Nie przekazano \u017cadnego w\u0142asnego \u015brodka ochronnego; kluczow\u0105 zasad\u0105 jest wyrzeczenie si\u0119 samego wytwarzania kuk\u0142y, gdzieniegdzie uzupe\u0142nione o duchowe b\u0142ogos\u0142awie\u0144stwo.<\/p>\n\t\t\t\t\t\t\t\t<\/div>\n\t\t\t\t\t<\/div>\n\t\t\t\t<\/div>\n\t\t<div class=\"elementor-element elementor-element-3lfi7x32 iwg-steckbrief-card e-flex e-con-boxed e-con e-child\" data-id=\"3lfi7x32\" data-element_type=\"container\" data-e-type=\"container\">\n\t\t\t\t\t<div class=\"e-con-inner\">\n\t\t\t\t<div class=\"elementor-element elementor-element-0kg99ga1 elementor-widget elementor-widget-heading\" data-id=\"0kg99ga1\" data-element_type=\"widget\" data-e-type=\"widget\" data-widget_type=\"heading.default\">\n\t\t\t\t\t<div class=\"elementor-heading-title elementor-size-default\">Analogie<\/div>\t\t\t\t<\/div>\n\t\t\t\t<div class=\"elementor-element elementor-element-n0fum6kp elementor-widget elementor-widget-text-editor\" data-id=\"n0fum6kp\" data-element_type=\"widget\" data-e-type=\"widget\" data-widget_type=\"text-editor.default\">\n\t\t\t\t\t\t\t\t\t<p><a href=\"https:\/\/iwell-guard.com\/pl\/golem\/\">Golem<\/a> z tradycji \u017cydowskiej jako sztucznie o\u017cywiona posta\u0107, wymykaj\u0105ca si\u0119 kontroli.<\/p>\n\t\t\t\t\t\t\t\t<\/div>\n\t\t\t\t\t<\/div>\n\t\t\t\t<\/div>\n\t\t\t\t<\/div>\n\t\t\t\t<\/div>\n\t\t\t\t\t<\/div>\n\t\t\t\t<\/div>\n\t\t<div class=\"elementor-element elementor-element-7533bc7a e-flex e-con-boxed e-con e-parent\" data-id=\"7533bc7a\" data-element_type=\"container\" data-e-type=\"container\">\n\t\t\t\t\t<div class=\"e-con-inner\">\n\t\t\t\t<div class=\"elementor-element elementor-element-2447d18d elementor-widget elementor-widget-heading\" data-id=\"2447d18d\" data-element_type=\"widget\" data-e-type=\"widget\" data-widget_type=\"heading.default\">\n\t\t\t\t\t<h2 class=\"elementor-heading-title elementor-size-default\">Od rozrywki do m\u015bcicielskiej sagi<\/h2>\t\t\t\t<\/div>\n\t\t<div class=\"elementor-element elementor-element-d5d0260c e-con-full e-flex e-con e-child\" data-id=\"d5d0260c\" data-element_type=\"container\" data-e-type=\"container\">\n\t\t\t\t<div class=\"elementor-element elementor-element-341be2ac elementor-widget elementor-widget-text-editor\" data-id=\"341be2ac\" data-element_type=\"widget\" data-e-type=\"widget\" data-widget_type=\"text-editor.default\">\n\t\t\t\t\t\t\t\t\t<p>Motyw ludowy jest rozpowszechniony w ca\u0142ym niemieckoj\u0119zycznym obszarze alpejskim, od Alp Berne\u0144skich przez Uri, Gryzoni\u0119 i wy\u017cyn\u0119 St. Gallen do Liechtensteinu, Vorarlbergu, Tyrolu i Karyntii, z dalszymi wariantami w G\u00f3rnym Wallis, Styrii i G\u00f3rnej Bawarii. Sta\u0142ymi miejscami przypisanymi tej opowie\u015bci s\u0105 mi\u0119dzy innymi Weissenboden pod prze\u0142\u0119cz\u0105 Kinzig w Sch\u00e4chental oraz Urserental.<\/p>\n<p>W centralnym w\u0105tku samotni pasterze z nudy podczas samotnego alpejskiego lata wykonuj\u0105 kuk\u0142\u0119: g\u0142ow\u0119 z kawa\u0142ka drewna umieszczonego na wid\u0142ach do gnoju, z namalowanymi oczami, nosem i czerwonymi ustami, \u017c\u00f3\u0142tymi wst\u0105\u017ckami jako w\u0142osami, balami s\u0142omy jako piersiami. Kuk\u0142a jest traktowana jak osoba, prowadzona do ta\u0144ca, sadzana przy stole i nocuje w chacie. Podczas swoistej ceremonii chrztu przed zjazdem z alpy, w kt\u00f3rej kuk\u0142\u0119 zalewa si\u0119 gnoj\u00f3wk\u0105, wed\u0142ug przekazu otwiera oczy i zaczyna dzia\u0142a\u0107.<\/p>\n\t\t\t\t\t\t\t\t<\/div>\n\t\t\t\t<\/div>\n\t\t\t\t\t<\/div>\n\t\t\t\t<\/div>\n\t\t<div class=\"elementor-element elementor-element-5a584676 e-flex e-con-boxed e-con e-parent\" data-id=\"5a584676\" data-element_type=\"container\" data-e-type=\"container\">\n\t\t\t\t\t<div class=\"e-con-inner\">\n\t\t\t\t<div class=\"elementor-element elementor-element-6d0757bf elementor-widget elementor-widget-heading\" data-id=\"6d0757bf\" data-element_type=\"widget\" data-e-type=\"widget\" data-widget_type=\"heading.default\">\n\t\t\t\t\t<h2 class=\"elementor-heading-title elementor-size-default\">Trwanie i klasyfikacja<\/h2>\t\t\t\t<\/div>\n\t\t<div class=\"elementor-element elementor-element-60563f68 e-con-full e-flex e-con e-child\" data-id=\"60563f68\" data-element_type=\"container\" data-e-type=\"container\">\n\t\t\t\t<div class=\"elementor-element elementor-element-5a93fdd6 elementor-widget elementor-widget-text-editor\" data-id=\"5a93fdd6\" data-element_type=\"widget\" data-e-type=\"widget\" data-widget_type=\"text-editor.default\">\n\t\t\t\t\t\t\t\t\t<p>Motyw ten by\u0142 w XX i XXI wieku wielokrotnie przetwarzany artystycznie: dialektalny utw\u00f3r Hansj\u00f6rga Schneidera z 1972 roku wywo\u0142a\u0142 po emisji telewizyjnej w 1981 roku zawiadomienie o blu\u017anierstwie, Jost Meier skomponowa\u0142 na jego podstawie opere, a film Michaela Steinera Sennentuntschi z 2010 roku przybli\u017cy\u0142 sag\u0119 szerszej publiczno\u015bci. Tak\u017ce Marie Luise Kaschnitz podj\u0119\u0142a ten motyw literacko w 1966 roku w opowiadaniu Der Tunsch.<\/p>\n<p>Z religioznawczego punktu widzenia Sennentuntschi mo\u017cna odczyta\u0107 jako sag\u0119 pokutn\u0105: kar\u0119, kt\u00f3ra spada na maltretowanego pasterza, badacze interpretuj\u0105 jako religijny dodatek, maj\u0105cy w retrospekcji odkupi\u0107 zniewag\u0119 stworzenia i spos\u00f3b traktowania kuk\u0142y. Jednocze\u015bnie opowie\u015b\u0107 odzwierciedla realn\u0105 izolacj\u0119 pasterzy alpejskich w miesi\u0105cach letnich. Za jedyny zachowany obiekt tego rodzaju uwa\u017cana jest ma\u0142a drewniana kuk\u0142a w R\u00e4tisches Museum w Chur; do czego faktycznie s\u0142u\u017cy\u0142a, wed\u0142ug kierownictwa muzeum nie jest ustalone. Blisko\u015b\u0107 do antycznego motywu Pigmaliona, o\u017cywionej statuy, jest w badaniach dyskutowana, cho\u0107 bez mo\u017cliwo\u015bci udowodnienia bezpo\u015bredniego wywodu.<\/p>\n\t\t\t\t\t\t\t\t<\/div>\n\t\t\t\t<\/div>\n\t\t\t\t\t<\/div>\n\t\t\t\t<\/div>\n\t\t<div class=\"elementor-element elementor-element-cp9a031aa e-flex e-con-boxed e-con e-parent\" data-id=\"cp9a031aa\" data-element_type=\"container\" data-e-type=\"container\">\n\t\t\t\t\t<div class=\"e-con-inner\">\n\t\t\t\t<div class=\"elementor-element elementor-element-cp9193514 elementor-widget elementor-widget-heading\" data-id=\"cp9193514\" data-element_type=\"widget\" data-e-type=\"widget\" data-widget_type=\"heading.default\">\n\t\t\t\t\t<h2 class=\"elementor-heading-title elementor-size-default\">Wyrzeczenie jako jedyna przekazana forma ochrony<\/h2>\t\t\t\t<\/div>\n\t\t<div class=\"elementor-element elementor-element-cp02ca0ee e-con-full e-flex e-con e-child\" data-id=\"cp02ca0ee\" data-element_type=\"container\" data-e-type=\"container\">\n\t\t\t\t<div class=\"elementor-element elementor-element-cp444e0f1 elementor-widget elementor-widget-text-editor\" data-id=\"cp444e0f1\" data-element_type=\"widget\" data-e-type=\"widget\" data-widget_type=\"text-editor.default\">\n\t\t\t\t\t\t\t\t\t<p>W przeciwie\u0144stwie do wielu innych postaci ludowych, przekaz o Sennentuntschi nie zna w\u0142a\u015bciwie \u017cadnych w\u0142asnych \u015brodk\u00f3w ochronnych, gdy\u017c niebezpiecze\u0144stwo wynika z dzia\u0142a\u0144 samych pasterzy, a nie przychodzi z zewn\u0105trz. Najwa\u017cniejsz\u0105 przekazan\u0105 zasad\u0105 jest wi\u0119c samo wyrzeczenie si\u0119: nieformowanie kuk\u0142y w ludzkiej postaci i nietraktowanie jej jak \u017cywej osoby. W niekt\u00f3rych wersjach opowiada si\u0119, \u017ce w odpowiednim czasie przyprowadzony duchowny lub ko\u015bcielne b\u0142ogos\u0142awie\u0144stwo mog\u0142yby jeszcze odwr\u00f3ci\u0107 nieszcz\u0119\u015bcie, co przybli\u017ca sag\u0119 do og\u00f3lnych przedstawie\u0144 pokuty.<\/p>\n\t\t\t\t\t\t\t\t<\/div>\n\t\t\t\t<\/div>\n\t\t\t\t\t<\/div>\n\t\t\t\t<\/div>\n\t\t<div class=\"elementor-element elementor-element-cp11de5b2 e-flex e-con-boxed e-con e-parent\" data-id=\"cp11de5b2\" data-element_type=\"container\" data-e-type=\"container\">\n\t\t\t\t\t<div class=\"e-con-inner\">\n\t\t\t\t<div class=\"elementor-element elementor-element-cp8d35271 elementor-widget elementor-widget-heading\" data-id=\"cp8d35271\" data-element_type=\"widget\" data-e-type=\"widget\" data-widget_type=\"heading.default\">\n\t\t\t\t\t<h2 class=\"elementor-heading-title elementor-size-default\">Golem i pokrewne istoty alpejskie<\/h2>\t\t\t\t<\/div>\n\t\t<div class=\"elementor-element elementor-element-cp02f26b8 e-con-full e-flex e-con e-child\" data-id=\"cp02f26b8\" data-element_type=\"container\" data-e-type=\"container\">\n\t\t\t\t<div class=\"elementor-element elementor-element-cp58c4390 elementor-widget elementor-widget-text-editor\" data-id=\"cp58c4390\" data-element_type=\"widget\" data-e-type=\"widget\" data-widget_type=\"text-editor.default\">\n\t\t\t\t\t\t\t\t\t<p>Strukturaln\u0105 analogi\u0119 stanowi <a href=\"https:\/\/iwell-guard.com\/pl\/golem\/\">Golem<\/a> z tradycji \u017cydowskiej, uformowana z gliny, sztucznie o\u017cywiona posta\u0107, kt\u00f3ra wymyka si\u0119 kontroli swojego stw\u00f3rcy. Obie opowie\u015bci przedstawiaj\u0105 strach przed w\u0142asnor\u0119cznie stworzon\u0105 istot\u0105, kt\u00f3ra zwraca si\u0119 przeciw swemu tw\u00f3rcy, cho\u0107 Golem jest przedstawiany zazwyczaj jako s\u0142uga, natomiast Tuntschi od pocz\u0105tku jako maltretowane stworzenie. W alpejskim \u015bwiecie ludowym towarzysz\u0105 mu <a href=\"\/pl\/salige-frau\/\">Salige Frau<\/a> i <a href=\"\/pl\/faenggen\/\">F\u00e4nggen<\/a> jako inne kobiece istoty natury, podczas gdy <a href=\"https:\/\/iwell-guard.com\/pl\/kasermandl\/\">Kasermandl<\/a> i <a href=\"https:\/\/iwell-guard.com\/pl\/venedigermandl\/\">Venedigermandl<\/a>, jako m\u0119skie duchy pastwisk, dope\u0142niaj\u0105 alpejski krajobraz poda\u0144.<\/p>\n\t\t\t\t\t\t\t\t<\/div>\n\t\t\t\t<\/div>\n\t\t\t\t\t<\/div>\n\t\t\t\t<\/div>\n\t\t<div class=\"elementor-element elementor-element-cp406577c e-flex e-con-boxed e-con e-parent\" data-id=\"cp406577c\" data-element_type=\"container\" data-e-type=\"container\">\n\t\t\t\t\t<div class=\"e-con-inner\">\n\t\t\t\t<div class=\"elementor-element elementor-element-cpdd9c543 elementor-widget elementor-widget-heading\" data-id=\"cpdd9c543\" data-element_type=\"widget\" data-e-type=\"widget\" data-widget_type=\"heading.default\">\n\t\t\t\t\t<h2 class=\"elementor-heading-title elementor-size-default\">Najcz\u0119stsze pytania o Sennentuntschi<\/h2>\t\t\t\t<\/div>\n\t\t<div class=\"elementor-element elementor-element-cp9e731bb e-con-full e-flex e-con e-child\" data-id=\"cp9e731bb\" data-element_type=\"container\" data-e-type=\"container\">\n\t\t\t\t<div class=\"elementor-element elementor-element-cpa7c898c elementor-widget elementor-widget-text-editor\" data-id=\"cpa7c898c\" data-element_type=\"widget\" data-e-type=\"widget\" data-widget_type=\"text-editor.default\">\n\t\t\t\t\t\t\t\t\t<p><strong>Czy Sennentuntschi naprawd\u0119 istnieje?<\/strong><\/p>\n<p>W R\u00e4tisches Museum w Chur przechowywana jest ma\u0142a drewniana kuk\u0142a, nabyta w 1978 roku w b\u00fcndne\u0144skiej dolinie Calancatal, uwa\u017cana za jedyny znany rzeczywisty obiekt tego rodzaju. Do czego pierwotnie s\u0142u\u017cy\u0142a, wed\u0142ug kierownictwa muzeum nie jest ustalone.<\/p>\n<p><strong>Dlaczego kuk\u0142a ma kobiec\u0105 form\u0119?<\/strong><\/p>\n<p>Saga odzwierciedla wielomiesi\u0119czne odosobnienie pasterzy na alpie oraz brak kobiecego towarzystwa w sezonie letnim. O\u017cywienie kuk\u0142y i jej p\u00f3\u017aniejsz\u0105 zemst\u0119 mo\u017cna odczyta\u0107 jako narracyjne przetworzenie tej izolacji.<\/p>\n<p><strong>Czy saga jest taka sama we wszystkich regionach?<\/strong><\/p>\n<p>Nie, podstawowa struktura z\u0142o\u017cona z kuk\u0142y, o\u017cywienia i zemsty zostaje zachowana, lecz szczeg\u00f3\u0142y, takie jak miejsce, imiona i zako\u0144czenie, r\u00f3\u017cni\u0105 si\u0119 mi\u0119dzy dolinami. Wsp\u00f3lne dla wi\u0119kszo\u015bci wersji jest to, \u017ce koniec sezonu alpejskiego stanowi moment zwrotny.<\/p>\n\t\t\t\t\t\t\t\t<\/div>\n\t\t\t\t<\/div>\n\t\t\t\t\t<\/div>\n\t\t\t\t<\/div>\n\t\t<div class=\"elementor-element elementor-element-36dd7469 e-flex e-con-boxed e-con e-parent\" data-id=\"36dd7469\" data-element_type=\"container\" data-e-type=\"container\">\n\t\t\t\t\t<div class=\"e-con-inner\">\n\t\t\t\t<div class=\"elementor-element elementor-element-13760ab4 elementor-widget elementor-widget-heading\" data-id=\"13760ab4\" data-element_type=\"widget\" data-e-type=\"widget\" data-widget_type=\"heading.default\">\n\t\t\t\t\t<h2 class=\"elementor-heading-title elementor-size-default\">Dalsze odsy\u0142acze<\/h2>\t\t\t\t<\/div>\n\t\t<div class=\"elementor-element elementor-element-28c87796 e-con-full e-flex e-con e-child\" data-id=\"28c87796\" data-element_type=\"container\" data-e-type=\"container\">\n\t\t\t\t<div class=\"elementor-element elementor-element-5d6538df elementor-widget elementor-widget-text-editor\" data-id=\"5d6538df\" data-element_type=\"widget\" data-e-type=\"widget\" data-widget_type=\"text-editor.default\">\n\t\t\t\t\t\t\t\t\t<p>Polecane linki wewn\u0119trzne:<\/p>\n<ul>\n<li><a href=\"\/pl\/sagi-alpejskie\/\">Obszar alpejski<\/a> \u2013 wszystkie istoty alpejskiego \u015bwiata poda\u0144<\/li>\n<li><a href=\"https:\/\/iwell-guard.com\/pl\/golem\/\">Golem<\/a>, <a href=\"\/pl\/salige-frau\/\">Salige Frau<\/a> \u2013 powi\u0105zane o\u017cywione i kobiece istoty poda\u0144<\/li>\n<li><a href=\"https:\/\/iwell-guard.com\/pl\/kasermandl\/\">Kasermandl<\/a>, <a href=\"https:\/\/iwell-guard.com\/pl\/venedigermandl\/\">Venedigermandl<\/a> \u2013 dalsze duchy pastwisk regionu<\/li>\n<li><a href=\"https:\/\/iwell-guard.com\/pl\/woda-swiecona\/\">Woda \u015bwi\u0119cona<\/a>, <a href=\"https:\/\/iwell-guard.com\/pl\/woreczki-ochronne-i-breverl\/\">Woreczek ochronny<\/a>, <a href=\"https:\/\/iwell-guard.com\/pl\/ochrona-domu-i-rytualy-progowe\/\">Ochrona domu<\/a> \u2013 przekazane \u015brodki ochronne<\/li>\n<li><a href=\"https:\/\/iwell-guard.com\/pl\/kompas-ochronny\/\">Kompas ochronny<\/a> \u2013 przegl\u0105d \u015brodk\u00f3w ochronnych<\/li>\n<\/ul>\n\t\t\t\t\t\t\t\t<\/div>\n\t\t\t\t<\/div>\n\t\t\t\t\t<\/div>\n\t\t\t\t<\/div>\n\t\t<div class=\"elementor-element elementor-element-grl4kl40 e-flex e-con-boxed e-con e-parent\" data-id=\"grl4kl40\" data-element_type=\"container\" data-e-type=\"container\">\n\t\t\t\t\t<div class=\"e-con-inner\">\n\t\t\t\t<div class=\"elementor-element elementor-element-bzsbfrmh elementor-widget elementor-widget-heading\" data-id=\"bzsbfrmh\" data-element_type=\"widget\" data-e-type=\"widget\" data-widget_type=\"heading.default\">\n\t\t\t\t\t<h2 class=\"elementor-heading-title elementor-size-default\">Literatura (wyb\u00f3r)<\/h2>\t\t\t\t<\/div>\n\t\t<div class=\"elementor-element elementor-element-2c13224a e-con-full e-flex e-con e-child\" data-id=\"2c13224a\" data-element_type=\"container\" data-e-type=\"container\">\n\t\t\t\t<div class=\"elementor-element elementor-element-0eymh9ub elementor-widget elementor-widget-text-editor\" data-id=\"0eymh9ub\" data-element_type=\"widget\" data-e-type=\"widget\" data-widget_type=\"text-editor.default\">\n\t\t\t\t\t\t\t\t\t<footer class=\"iwg-literatur\" data-nosnippet=\"true\">Wyb\u00f3r kluczowych \u017ar\u00f3de\u0142 i bada\u0144:\r\n<ul>\r\n \t<li><span data-nosnippet=\"\">L\u00fctolf, Alois: <em>Sagen, Br\u00e4uche, Legenden aus den f\u00fcnf Orten Luzern, Uri, Schwyz, Unterwalden und Zug<\/em>. Luzern 1862.<\/span><\/li>\r\n \t<li><span data-nosnippet=\"\">Rochholz, Ernst Ludwig: <em>Schweizersagen aus dem Aargau<\/em>. Aarau 1856.<\/span><\/li>\r\n \t<li><span data-nosnippet=\"\">Kuoni, Jakob: <em>Sagen des Kantons St. Gallen<\/em>. St. Gallen 1903.<\/span><\/li>\r\n<\/ul>\r\n<\/footer><br><p class=\"iwg-bib-more\"><span data-nosnippet=\"\">Wi\u0119cej standardowych dzie\u0142 w <a href=\"https:\/\/iwell-guard.com\/pl\/literatura\/\">bibliografii<\/a>.<\/span><\/p>\t\t\t\t\t\t\t\t<\/div>\n\t\t\t\t<\/div>\n\t\t\t\t\t<\/div>\n\t\t\t\t<\/div>\n\t\t<div class=\"elementor-element elementor-element-iwgkw2-add-hulijing e-flex e-con-boxed e-con e-parent\" data-id=\"iwgkw2-add-hulijing\" data-element_type=\"container\" data-e-type=\"container\">\n\t\t\t\t\t<div class=\"e-con-inner\">\n\t\t\t\t<div class=\"elementor-element elementor-element-iwgkw2-add-hulijing-t elementor-widget elementor-widget-text-editor\" data-id=\"iwgkw2-add-hulijing-t\" data-element_type=\"widget\" data-e-type=\"widget\" data-widget_type=\"text-editor.default\">\n\t\t\t\t\t\t\t\t\t<p>Jako sennentuntschi alpsage ta historia opowiada o o\u017cywionej kukle pasterskiej ze Szwajcarii, kt\u00f3ra sta\u0142a si\u0119 jedn\u0105 z najbardziej wstrz\u0105saj\u0105cych sag ostrzegawczych obszaru alpejskiego: \u017caden zewn\u0119trzny demon nie nachodzi alpejskiej chaty, lecz stworzenie, kt\u00f3re sami stworzyli samotni pasterze.<\/p>\n\t\t\t\t\t\t\t\t<\/div>\n\t\t\t\t\t<\/div>\n\t\t\t\t<\/div>\n\t\t\t\t<\/div>\n\t\t","protected":false},"excerpt":{"rendered":"<p>Sennentuntschi, zemsta samotnej chaty pasterskiej Sennentuntschi jest demonem tradycji alpejskiej. O\u017cywiona lalka pasterska, kt\u00f3ra karze swoich stw\u00f3rc\u00f3w. DemonRegion alpejski Spis tre\u015bci Sennentuntschi Sennentuntschi jest postaci\u0105 podaniow\u0105 ze szwajcarskich Alp: kobiec\u0105 lalk\u0105 wykonan\u0105 przez samotnych pasterzy ze s\u0142omy, drewna i tkaniny, kt\u00f3ra o\u017cywa kr\u00f3tko przed ko\u0144cem sezonu pasterskiego. To, co zacz\u0119\u0142o si\u0119 jako rozrywka w czasie [&hellip;]<\/p>\n","protected":false},"author":3,"featured_media":21057,"parent":0,"menu_order":0,"comment_status":"closed","ping_status":"closed","template":"elementor_header_footer","meta":{"_yoast_wpseo_focuskw":"sennentuntschi","_yoast_wpseo_title":"Sennentuntschi \u2013 posta\u0107 m\u015bcicielska Alp szwajcarskich","_yoast_wpseo_metadesc":"Sennentuntschi: o\u017cywiona lalka pasterska ze szwajcarskich poda\u0144 alpejskich. Pochodzenie, interpretacja i przekazane formy ochrony przed.","_yoast_wpseo_meta-robots-noindex":"","_yoast_wpseo_canonical":"","_angie_page":false,"gefaehrdungsstufe":"","wesen_kultur":"","wesen_klasse":"","footnotes":""},"categories":[312,158,157],"class_list":["post-21056","page","type-page","status-publish","has-post-thumbnail","hentry","category-alpejski","category-demony","category-kultury"],"yoast_head":"<!-- This site is optimized with the Yoast SEO Premium plugin v27.7 (Yoast SEO v28.3) - https:\/\/yoast.com\/product\/yoast-seo-premium-wordpress\/ -->\n<title>Sennentuntschi \u2013 posta\u0107 m\u015bcicielska Alp szwajcarskich<\/title>\n<meta name=\"description\" content=\"Sennentuntschi: o\u017cywiona lalka pasterska ze szwajcarskich poda\u0144 alpejskich. Pochodzenie, interpretacja i przekazane formy ochrony przed.\" \/>\n<meta name=\"robots\" content=\"index, follow, max-snippet:-1, max-image-preview:large, max-video-preview:-1\" \/>\n<link rel=\"canonical\" href=\"https:\/\/iwell-guard.com\/pl\/sennentuntschi\/\" \/>\n<meta property=\"og:locale\" content=\"pl_PL\" \/>\n<meta property=\"og:type\" content=\"article\" \/>\n<meta property=\"og:title\" content=\"Sennentuntschi\" \/>\n<meta property=\"og:description\" content=\"Sennentuntschi: o\u017cywiona lalka pasterska ze szwajcarskich poda\u0144 alpejskich. Pochodzenie, interpretacja i przekazane formy ochrony przed.\" \/>\n<meta property=\"og:url\" content=\"https:\/\/iwell-guard.com\/pl\/sennentuntschi\/\" \/>\n<meta property=\"og:site_name\" content=\"iWell Guard\" \/>\n<meta property=\"article:modified_time\" content=\"2026-07-17T12:10:50+00:00\" \/>\n<meta property=\"og:image\" content=\"https:\/\/iwell-guard.com\/wp-content\/uploads\/2026\/07\/daemonen_alpin_sennentuntschi.webp\" \/>\n\t<meta property=\"og:image:width\" content=\"1024\" \/>\n\t<meta property=\"og:image:height\" content=\"1536\" \/>\n\t<meta property=\"og:image:type\" content=\"image\/webp\" \/>\n<meta name=\"twitter:card\" content=\"summary_large_image\" \/>\n<meta name=\"twitter:label1\" content=\"Szacowany czas czytania\" \/>\n\t<meta name=\"twitter:data1\" content=\"7 minut\" \/>\n<script type=\"application\/ld+json\" class=\"yoast-schema-graph\">{\"@context\":\"https:\\\/\\\/schema.org\",\"@graph\":[{\"@type\":\"WebPage\",\"@id\":\"https:\\\/\\\/iwell-guard.com\\\/pl\\\/sennentuntschi\\\/\",\"url\":\"https:\\\/\\\/iwell-guard.com\\\/pl\\\/sennentuntschi\\\/\",\"name\":\"Sennentuntschi \u2013 posta\u0107 m\u015bcicielska Alp szwajcarskich\",\"isPartOf\":{\"@id\":\"https:\\\/\\\/iwell-guard.com\\\/pl\\\/#website\"},\"primaryImageOfPage\":{\"@id\":\"https:\\\/\\\/iwell-guard.com\\\/pl\\\/sennentuntschi\\\/#primaryimage\"},\"image\":{\"@id\":\"https:\\\/\\\/iwell-guard.com\\\/pl\\\/sennentuntschi\\\/#primaryimage\"},\"thumbnailUrl\":\"https:\\\/\\\/iwell-guard.com\\\/wp-content\\\/uploads\\\/2026\\\/07\\\/daemonen_alpin_sennentuntschi.webp\",\"datePublished\":\"2026-07-16T10:33:11+00:00\",\"dateModified\":\"2026-07-17T12:10:50+00:00\",\"description\":\"Sennentuntschi: o\u017cywiona lalka pasterska ze szwajcarskich poda\u0144 alpejskich. Pochodzenie, interpretacja i przekazane formy ochrony przed.\",\"breadcrumb\":{\"@id\":\"https:\\\/\\\/iwell-guard.com\\\/pl\\\/sennentuntschi\\\/#breadcrumb\"},\"inLanguage\":\"pl-PL\",\"potentialAction\":[{\"@type\":\"ReadAction\",\"target\":[\"https:\\\/\\\/iwell-guard.com\\\/pl\\\/sennentuntschi\\\/\"]}]},{\"@type\":\"ImageObject\",\"inLanguage\":\"pl-PL\",\"@id\":\"https:\\\/\\\/iwell-guard.com\\\/pl\\\/sennentuntschi\\\/#primaryimage\",\"url\":\"https:\\\/\\\/iwell-guard.com\\\/wp-content\\\/uploads\\\/2026\\\/07\\\/daemonen_alpin_sennentuntschi.webp\",\"contentUrl\":\"https:\\\/\\\/iwell-guard.com\\\/wp-content\\\/uploads\\\/2026\\\/07\\\/daemonen_alpin_sennentuntschi.webp\",\"width\":1024,\"height\":1536,\"caption\":\"Sennentuntschi - demony z alpejskiej tradycji, historyczno-ilustracyjne\"},{\"@type\":\"BreadcrumbList\",\"@id\":\"https:\\\/\\\/iwell-guard.com\\\/pl\\\/sennentuntschi\\\/#breadcrumb\",\"itemListElement\":[{\"@type\":\"ListItem\",\"position\":1,\"name\":\"Start\",\"item\":\"https:\\\/\\\/iwell-guard.com\\\/pl\\\/strona-glowna\\\/\"},{\"@type\":\"ListItem\",\"position\":2,\"name\":\"Sennentuntschi\"}]},{\"@type\":\"WebSite\",\"@id\":\"https:\\\/\\\/iwell-guard.com\\\/pl\\\/#website\",\"url\":\"https:\\\/\\\/iwell-guard.com\\\/pl\\\/\",\"name\":\"iWell Guard\",\"description\":\"Schutz vor dunklen Einfl\u00fcssen\",\"publisher\":{\"@id\":\"https:\\\/\\\/iwell-guard.com\\\/pl\\\/#organization\"},\"potentialAction\":[{\"@type\":\"SearchAction\",\"target\":{\"@type\":\"EntryPoint\",\"urlTemplate\":\"https:\\\/\\\/iwell-guard.com\\\/pl\\\/?s={search_term_string}\"},\"query-input\":{\"@type\":\"PropertyValueSpecification\",\"valueRequired\":true,\"valueName\":\"search_term_string\"}}],\"inLanguage\":\"pl-PL\"},{\"@type\":\"Organization\",\"@id\":\"https:\\\/\\\/iwell-guard.com\\\/pl\\\/#organization\",\"name\":\"Ittermann electronic GmbH\",\"url\":\"https:\\\/\\\/iwell-guard.com\\\/pl\\\/\",\"logo\":{\"@type\":\"ImageObject\",\"inLanguage\":\"pl-PL\",\"@id\":\"https:\\\/\\\/iwell-guard.com\\\/pl\\\/#\\\/schema\\\/logo\\\/image\\\/\",\"url\":\"https:\\\/\\\/iwell-guard.com\\\/wp-content\\\/uploads\\\/2026\\\/05\\\/Ittermann-Logo-1182x237-1.png\",\"contentUrl\":\"https:\\\/\\\/iwell-guard.com\\\/wp-content\\\/uploads\\\/2026\\\/05\\\/Ittermann-Logo-1182x237-1.png\",\"width\":1182,\"height\":237,\"caption\":\"Ittermann electronic GmbH\"},\"image\":{\"@id\":\"https:\\\/\\\/iwell-guard.com\\\/pl\\\/#\\\/schema\\\/logo\\\/image\\\/\"},\"sameAs\":[\"https:\\\/\\\/pantip.com\\\/profile\\\/9367242\",\"https:\\\/\\\/micro.blog\\\/iwellguard\",\"https:\\\/\\\/www.diggerslist.com\\\/iwellguard\\\/about\",\"https:\\\/\\\/skitterphoto.com\\\/photographers\\\/2870314\\\/iwell-guard\",\"https:\\\/\\\/iwellguard.wordpress.com\\\/2026\\\/06\\\/06\\\/iwell-guard\\\/\",\"https:\\\/\\\/hub.docker.com\\\/u\\\/iwellguard\",\"https:\\\/\\\/www.pinterest.com\\\/iwellguard\\\/\",\"https:\\\/\\\/bit.ly\\\/m\\\/iwellguard\",\"https:\\\/\\\/entre-vos-mains.alsace.eu\\\/profiles\\\/iwellguard\\\/activity\",\"https:\\\/\\\/gravatar.com\\\/reallybeded8fd34\",\"https:\\\/\\\/naijamatta.com\\\/iwellguard\",\"https:\\\/\\\/www.goodreads.com\\\/iwellguard\",\"https:\\\/\\\/profile.hatena.ne.jp\\\/iwellguard\\\/\",\"https:\\\/\\\/experiment.com\\\/users\\\/iwellguard\",\"https:\\\/\\\/wakelet.com\\\/@iWellGuard82270\",\"https:\\\/\\\/www.chordie.com\\\/forum\\\/profile.php?id=2555664\",\"https:\\\/\\\/www.instapaper.com\\\/p\\\/17757966\",\"https:\\\/\\\/www.mapleprimes.com\\\/users\\\/iwellguard\",\"https:\\\/\\\/businesslistingplus.com\\\/profile\\\/iwell-guard\\\/\",\"https:\\\/\\\/telegra.ph\\\/iWell-Guard-06-06\",\"https:\\\/\\\/pbase.com\\\/iwellguard\\\/iwellguard\",\"https:\\\/\\\/b.hatena.ne.jp\\\/iwellguard\\\/20260607#bookmark-4788405196491818882\",\"https:\\\/\\\/fliphtml5.com\\\/home\\\/iwellguard\",\"https:\\\/\\\/anyflip.com\\\/homepage\\\/cmiwl#About\",\"https:\\\/\\\/transfur.com\\\/Users\\\/iwellguard\",\"http:\\\/\\\/delphi.larsbo.org\\\/user\\\/iwellguard\",\"https:\\\/\\\/jobs.lajobsportal.org\\\/profiles\\\/8380803-iwell-guard\",\"https:\\\/\\\/md.chaosdorf.de\\\/s\\\/jfbe5SBdJD\",\"https:\\\/\\\/www.lingvolive.com\\\/en-us\\\/profile\\\/9ecaeaca-ce11-4e51-9e71-01d55e2bff36\\\/translations\",\"https:\\\/\\\/www.fitday.com\\\/fitness\\\/forums\\\/members\\\/iwellguard.html\",\"https:\\\/\\\/www.mymeetbook.com\\\/iwellguard\",\"https:\\\/\\\/pxhere.com\\\/en\\\/photographer-me\\\/5040798\",\"https:\\\/\\\/disqus.com\\\/by\\\/iwellguard\\\/about\\\/\",\"https:\\\/\\\/pastelink.net\\\/hjwciqwq\",\"https:\\\/\\\/pubhtml5.com\\\/homepage\\\/scjhn\\\/\",\"https:\\\/\\\/www.bitchute.com\\\/channel\\\/2O2eOKzNqujT\",\"https:\\\/\\\/audiomack.com\\\/iwellguard\"]},{\"@type\":\"Article\",\"@id\":\"https:\\\/\\\/iwell-guard.com\\\/pl\\\/sennentuntschi\\\/#article\",\"isPartOf\":{\"@id\":\"https:\\\/\\\/iwell-guard.com\\\/pl\\\/sennentuntschi\\\/\"},\"author\":{\"name\":\"Ralf Ittermann\",\"@id\":\"https:\\\/\\\/iwell-guard.com\\\/pl\\\/#\\\/schema\\\/person\\\/ee2a27f1cac3406c7c6fb5820cb7349f\"},\"headline\":\"Sennentuntschi\",\"datePublished\":\"2026-07-16T10:33:11+00:00\",\"dateModified\":\"2026-07-17T12:10:50+00:00\",\"mainEntityOfPage\":{\"@id\":\"https:\\\/\\\/iwell-guard.com\\\/pl\\\/sennentuntschi\\\/\"},\"wordCount\":1412,\"publisher\":{\"@id\":\"https:\\\/\\\/iwell-guard.com\\\/pl\\\/#organization\"},\"image\":{\"@id\":\"https:\\\/\\\/iwell-guard.com\\\/pl\\\/sennentuntschi\\\/#primaryimage\"},\"thumbnailUrl\":\"https:\\\/\\\/iwell-guard.com\\\/wp-content\\\/uploads\\\/2026\\\/07\\\/daemonen_alpin_sennentuntschi.webp\",\"articleSection\":[\"Alpejski\",\"Demony\",\"Kultury\"],\"inLanguage\":\"pl-PL\",\"description\":\"Sennentuntschi: o\u017cywiona lalka pasterska ze szwajcarskich poda\u0144 alpejskich. Pochodzenie, interpretacja i przekazane formy ochrony przed.\"}]}<\/script>\n<!-- \/ Yoast SEO Premium plugin. -->","yoast_head_json":{"title":"Sennentuntschi \u2013 posta\u0107 m\u015bcicielska Alp szwajcarskich","description":"Sennentuntschi: o\u017cywiona lalka pasterska ze szwajcarskich poda\u0144 alpejskich. Pochodzenie, interpretacja i przekazane formy ochrony przed.","robots":{"index":"index","follow":"follow","max-snippet":"max-snippet:-1","max-image-preview":"max-image-preview:large","max-video-preview":"max-video-preview:-1"},"canonical":"https:\/\/iwell-guard.com\/pl\/sennentuntschi\/","og_locale":"pl_PL","og_type":"article","og_title":"Sennentuntschi","og_description":"Sennentuntschi: o\u017cywiona lalka pasterska ze szwajcarskich poda\u0144 alpejskich. Pochodzenie, interpretacja i przekazane formy ochrony przed.","og_url":"https:\/\/iwell-guard.com\/pl\/sennentuntschi\/","og_site_name":"iWell Guard","article_modified_time":"2026-07-17T12:10:50+00:00","og_image":[{"width":1024,"height":1536,"url":"https:\/\/iwell-guard.com\/wp-content\/uploads\/2026\/07\/daemonen_alpin_sennentuntschi.webp","type":"image\/webp"}],"twitter_card":"summary_large_image","twitter_misc":{"Szacowany czas czytania":"7 minut"},"schema":{"@context":"https:\/\/schema.org","@graph":[{"@type":"Article","@id":"https:\/\/iwell-guard.com\/pl\/sennentuntschi\/#article","isPartOf":{"@id":"https:\/\/iwell-guard.com\/pl\/sennentuntschi\/"},"author":{"name":"Ralf Ittermann","@id":"https:\/\/iwell-guard.com\/pl\/#\/schema\/person\/ee2a27f1cac3406c7c6fb5820cb7349f"},"headline":"Sennentuntschi","datePublished":"2026-07-16T10:33:11+00:00","dateModified":"2026-07-17T12:10:50+00:00","mainEntityOfPage":{"@id":"https:\/\/iwell-guard.com\/pl\/sennentuntschi\/"},"wordCount":1412,"publisher":{"@id":"https:\/\/iwell-guard.com\/pl\/#organization"},"image":{"@id":"https:\/\/iwell-guard.com\/pl\/sennentuntschi\/#primaryimage"},"thumbnailUrl":"https:\/\/iwell-guard.com\/wp-content\/uploads\/2026\/07\/daemonen_alpin_sennentuntschi.webp","articleSection":["Alpejski","Demony","Kultury"],"inLanguage":"pl-PL","description":"Sennentuntschi: o\u017cywiona lalka pasterska ze szwajcarskich poda\u0144 alpejskich. Pochodzenie, interpretacja i przekazane formy ochrony przed."},{"@type":"WebPage","@id":"https:\/\/iwell-guard.com\/pl\/sennentuntschi\/","url":"https:\/\/iwell-guard.com\/pl\/sennentuntschi\/","name":"Sennentuntschi \u2013 posta\u0107 m\u015bcicielska Alp szwajcarskich","isPartOf":{"@id":"https:\/\/iwell-guard.com\/pl\/#website"},"primaryImageOfPage":{"@id":"https:\/\/iwell-guard.com\/pl\/sennentuntschi\/#primaryimage"},"image":{"@id":"https:\/\/iwell-guard.com\/pl\/sennentuntschi\/#primaryimage"},"thumbnailUrl":"https:\/\/iwell-guard.com\/wp-content\/uploads\/2026\/07\/daemonen_alpin_sennentuntschi.webp","datePublished":"2026-07-16T10:33:11+00:00","dateModified":"2026-07-17T12:10:50+00:00","description":"Sennentuntschi: o\u017cywiona lalka pasterska ze szwajcarskich poda\u0144 alpejskich. Pochodzenie, interpretacja i przekazane formy ochrony przed.","breadcrumb":{"@id":"https:\/\/iwell-guard.com\/pl\/sennentuntschi\/#breadcrumb"},"inLanguage":"pl-PL","potentialAction":[{"@type":"ReadAction","target":["https:\/\/iwell-guard.com\/pl\/sennentuntschi\/"]}]},{"@type":"ImageObject","inLanguage":"pl-PL","@id":"https:\/\/iwell-guard.com\/pl\/sennentuntschi\/#primaryimage","url":"https:\/\/iwell-guard.com\/wp-content\/uploads\/2026\/07\/daemonen_alpin_sennentuntschi.webp","contentUrl":"https:\/\/iwell-guard.com\/wp-content\/uploads\/2026\/07\/daemonen_alpin_sennentuntschi.webp","width":1024,"height":1536,"caption":"Sennentuntschi - demony z alpejskiej tradycji, historyczno-ilustracyjne"},{"@type":"BreadcrumbList","@id":"https:\/\/iwell-guard.com\/pl\/sennentuntschi\/#breadcrumb","itemListElement":[{"@type":"ListItem","position":1,"name":"Start","item":"https:\/\/iwell-guard.com\/pl\/strona-glowna\/"},{"@type":"ListItem","position":2,"name":"Sennentuntschi"}]},{"@type":"WebSite","@id":"https:\/\/iwell-guard.com\/pl\/#website","url":"https:\/\/iwell-guard.com\/pl\/","name":"iWell Guard","description":"Schutz vor dunklen Einfl\u00fcssen","publisher":{"@id":"https:\/\/iwell-guard.com\/pl\/#organization"},"potentialAction":[{"@type":"SearchAction","target":{"@type":"EntryPoint","urlTemplate":"https:\/\/iwell-guard.com\/pl\/?s={search_term_string}"},"query-input":{"@type":"PropertyValueSpecification","valueRequired":true,"valueName":"search_term_string"}}],"inLanguage":"pl-PL"},{"@type":"Organization","@id":"https:\/\/iwell-guard.com\/pl\/#organization","name":"Ittermann electronic GmbH","url":"https:\/\/iwell-guard.com\/pl\/","logo":{"@type":"ImageObject","inLanguage":"pl-PL","@id":"https:\/\/iwell-guard.com\/pl\/#\/schema\/logo\/image\/","url":"https:\/\/iwell-guard.com\/wp-content\/uploads\/2026\/05\/Ittermann-Logo-1182x237-1.png","contentUrl":"https:\/\/iwell-guard.com\/wp-content\/uploads\/2026\/05\/Ittermann-Logo-1182x237-1.png","width":1182,"height":237,"caption":"Ittermann electronic GmbH"},"image":{"@id":"https:\/\/iwell-guard.com\/pl\/#\/schema\/logo\/image\/"},"sameAs":["https:\/\/pantip.com\/profile\/9367242","https:\/\/micro.blog\/iwellguard","https:\/\/www.diggerslist.com\/iwellguard\/about","https:\/\/skitterphoto.com\/photographers\/2870314\/iwell-guard","https:\/\/iwellguard.wordpress.com\/2026\/06\/06\/iwell-guard\/","https:\/\/hub.docker.com\/u\/iwellguard","https:\/\/www.pinterest.com\/iwellguard\/","https:\/\/bit.ly\/m\/iwellguard","https:\/\/entre-vos-mains.alsace.eu\/profiles\/iwellguard\/activity","https:\/\/gravatar.com\/reallybeded8fd34","https:\/\/naijamatta.com\/iwellguard","https:\/\/www.goodreads.com\/iwellguard","https:\/\/profile.hatena.ne.jp\/iwellguard\/","https:\/\/experiment.com\/users\/iwellguard","https:\/\/wakelet.com\/@iWellGuard82270","https:\/\/www.chordie.com\/forum\/profile.php?id=2555664","https:\/\/www.instapaper.com\/p\/17757966","https:\/\/www.mapleprimes.com\/users\/iwellguard","https:\/\/businesslistingplus.com\/profile\/iwell-guard\/","https:\/\/telegra.ph\/iWell-Guard-06-06","https:\/\/pbase.com\/iwellguard\/iwellguard","https:\/\/b.hatena.ne.jp\/iwellguard\/20260607#bookmark-4788405196491818882","https:\/\/fliphtml5.com\/home\/iwellguard","https:\/\/anyflip.com\/homepage\/cmiwl#About","https:\/\/transfur.com\/Users\/iwellguard","http:\/\/delphi.larsbo.org\/user\/iwellguard","https:\/\/jobs.lajobsportal.org\/profiles\/8380803-iwell-guard","https:\/\/md.chaosdorf.de\/s\/jfbe5SBdJD","https:\/\/www.lingvolive.com\/en-us\/profile\/9ecaeaca-ce11-4e51-9e71-01d55e2bff36\/translations","https:\/\/www.fitday.com\/fitness\/forums\/members\/iwellguard.html","https:\/\/www.mymeetbook.com\/iwellguard","https:\/\/pxhere.com\/en\/photographer-me\/5040798","https:\/\/disqus.com\/by\/iwellguard\/about\/","https:\/\/pastelink.net\/hjwciqwq","https:\/\/pubhtml5.com\/homepage\/scjhn\/","https:\/\/www.bitchute.com\/channel\/2O2eOKzNqujT","https:\/\/audiomack.com\/iwellguard"]},{"@type":"Person","@id":"https:\/\/iwell-guard.com\/pl\/#\/schema\/person\/ee2a27f1cac3406c7c6fb5820cb7349f","name":"Ralf Ittermann","image":{"@type":"ImageObject","inLanguage":"pl-PL","@id":"https:\/\/secure.gravatar.com\/avatar\/073c0153e350a5005b68eb752b445fea71f6b24a26da9449ad7e155e6b446c9d?s=96&d=mm&r=g","url":"https:\/\/secure.gravatar.com\/avatar\/073c0153e350a5005b68eb752b445fea71f6b24a26da9449ad7e155e6b446c9d?s=96&d=mm&r=g","contentUrl":"https:\/\/secure.gravatar.com\/avatar\/073c0153e350a5005b68eb752b445fea71f6b24a26da9449ad7e155e6b446c9d?s=96&d=mm&r=g","caption":"Ralf Ittermann"},"givenName":"Ralf","familyName":"Ittermann","jobTitle":"Gesch\u00e4ftsf\u00fchrer und redaktioneller Verantwortlicher","url":"https:\/\/iwell-guard.com\/pl\/author\/claude\/","description":"Ralf Ittermann ist Gesch\u00e4ftsf\u00fchrer der Ittermann electronic GmbH und redaktioneller Verantwortlicher des iWell-Guard-Lexikons. Er verbindet langj\u00e4hrige Erfahrung in der Pr\u00e4zisionsfertigung mit medialer Praxis und religionsgeschichtlicher Quellenarbeit.","worksFor":{"@type":"Organization","name":"Ittermann electronic GmbH","url":"https:\/\/ittermann.de\/","address":{"@type":"PostalAddress","streetAddress":"K\u00f6hlergasse 16-18","postalCode":"99842","addressLocality":"Ruhla","addressCountry":"DE"}},"knowsAbout":["Religionsgeschichte","Mythologie","Mediale Praxis","Energetische Diagnostik","Schutzpraxis","Volksglauben","Westliche Esoterik"]},{"@type":"Article","@id":"https:\/\/iwell-guard.com\/pl\/sennentuntschi\/#article","isPartOf":{"@id":"https:\/\/iwell-guard.com\/pl\/sennentuntschi\/"},"author":{"name":"Ralf Ittermann","@id":"https:\/\/iwell-guard.com\/pl\/#\/schema\/person\/ee2a27f1cac3406c7c6fb5820cb7349f"},"headline":"Sennentuntschi","datePublished":"2026-07-16T10:33:11+00:00","dateModified":"2026-07-17T12:10:50+00:00","mainEntityOfPage":{"@id":"https:\/\/iwell-guard.com\/pl\/sennentuntschi\/"},"wordCount":1412,"publisher":{"@id":"https:\/\/iwell-guard.com\/pl\/#organization"},"image":{"@id":"https:\/\/iwell-guard.com\/pl\/sennentuntschi\/#primaryimage"},"thumbnailUrl":"https:\/\/iwell-guard.com\/wp-content\/uploads\/2026\/07\/daemonen_alpin_sennentuntschi.webp","articleSection":["Alpejski","Demony","Kultury"],"inLanguage":"pl-PL","description":"Sennentuntschi: o\u017cywiona lalka pasterska ze szwajcarskich poda\u0144 alpejskich. Pochodzenie, interpretacja i przekazane formy ochrony przed."}]}},"_links":{"self":[{"href":"https:\/\/iwell-guard.com\/pl\/wp-json\/wp\/v2\/pages\/21056","targetHints":{"allow":["GET"]}}],"collection":[{"href":"https:\/\/iwell-guard.com\/pl\/wp-json\/wp\/v2\/pages"}],"about":[{"href":"https:\/\/iwell-guard.com\/pl\/wp-json\/wp\/v2\/types\/page"}],"author":[{"embeddable":true,"href":"https:\/\/iwell-guard.com\/pl\/wp-json\/wp\/v2\/users\/3"}],"replies":[{"embeddable":true,"href":"https:\/\/iwell-guard.com\/pl\/wp-json\/wp\/v2\/comments?post=21056"}],"version-history":[{"count":0,"href":"https:\/\/iwell-guard.com\/pl\/wp-json\/wp\/v2\/pages\/21056\/revisions"}],"wp:featuredmedia":[{"embeddable":true,"href":"https:\/\/iwell-guard.com\/pl\/wp-json\/wp\/v2\/media\/21057"}],"wp:attachment":[{"href":"https:\/\/iwell-guard.com\/pl\/wp-json\/wp\/v2\/media?parent=21056"}],"wp:term":[{"taxonomy":"category","embeddable":true,"href":"https:\/\/iwell-guard.com\/pl\/wp-json\/wp\/v2\/categories?post=21056"}],"curies":[{"name":"wp","href":"https:\/\/api.w.org\/{rel}","templated":true}]}}