{"id":142084,"date":"2026-09-03T09:30:52","date_gmt":"2026-09-03T09:30:52","guid":{"rendered":"https:\/\/iwell-guard.com\/?page_id=142084"},"modified":"2026-09-03T10:24:46","modified_gmt":"2026-09-03T10:24:46","slug":"rauhnaechte","status":"publish","type":"page","link":"https:\/\/iwell-guard.com\/no\/rauhnaechte\/","title":{"rendered":"Rauhn\u00e4chte"},"content":{"rendered":"\t\t<div data-elementor-type=\"wp-page\" data-elementor-id=\"142084\" class=\"elementor elementor-142084 elementor-107038\" data-elementor-post-type=\"page\">\n\t\t\t\t<div class=\"elementor-element elementor-element-iwgs-raeuchern-hero e-flex e-con-boxed e-con e-parent\" data-id=\"iwgs-raeuchern-hero\" data-element_type=\"container\" data-e-type=\"container\">\n\t\t\t\t\t<div class=\"e-con-inner\">\n\t\t<div class=\"elementor-element elementor-element-iw-raeuchern-hero-left e-con-full e-flex e-con e-child\" data-id=\"iw-raeuchern-hero-left\" data-element_type=\"container\" data-e-type=\"container\">\n\t\t\t\t<div class=\"elementor-element elementor-element-iwgs-raeuchern-h1 elementor-widget elementor-widget-heading\" data-id=\"iwgs-raeuchern-h1\" data-element_type=\"widget\" data-e-type=\"widget\" data-widget_type=\"heading.default\">\n\t\t\t\t\t<h1 class=\"elementor-heading-title elementor-size-default\">Rauhn\u00e4chte: de tolv nettene mellom jul og nytt\u00e5r<\/h1>\t\t\t\t<\/div>\n\t\t<div class=\"elementor-element elementor-element-iw-raeuchern-hero-bw e-con-full e-flex e-con e-child\" data-id=\"iw-raeuchern-hero-bw\" data-element_type=\"container\" data-e-type=\"container\">\n\t\t\t\t<div class=\"elementor-element elementor-element-iwgs-raeuchern-pills elementor-widget elementor-widget-html\" data-id=\"iwgs-raeuchern-pills\" data-element_type=\"widget\" data-e-type=\"widget\" data-widget_type=\"html.default\">\n\t\t\t\t\t<div class=\"iwg-pill-row\"><span class=\"iwg-klasse-badge\" tabindex=\"0\" data-tooltip=\"Tidsrom med egne skikker.\">Tradisjon<\/span><a href=\"https:\/\/iwell-guard.com\/no\/germansk\/\" class=\"iwg-kultur-badge\" tabindex=\"0\" data-tooltip=\"Til oversikten over germansk overlevering.\">Germansk omr\u00e5de<\/a><\/div>\t\t\t\t<\/div>\n\t\t\t\t<div class=\"elementor-element elementor-element-iwgs-raeuchern-lead elementor-widget elementor-widget-text-editor\" data-id=\"iwgs-raeuchern-lead\" data-element_type=\"widget\" data-e-type=\"widget\" data-widget_type=\"text-editor.default\">\n\t\t\t\t\t\t\t\t\t<p>Mellom jul og helligtrekongersdag ligger det en tidsperiode som i det tyskspr\u00e5klige omr\u00e5det hadde sine egne regler. Den ble kalt de tolv nettene, Rauhn\u00e4chte eller Raun\u00e4chte. I disse nettene ble grensen mellom den synlige og den usynlige verden ansett som gjennomtrengelig.<\/p><p>For leksikonet er disse nettene \u00e5rets tetteste beskyttelsesperiode. Nesten alt overleveringen kjenner til av vern samles her: r\u00f8yk, br\u00e5k, vievann, tegn p\u00e5 d\u00f8rstokken og en rekke forbud. Samtidig samles skikkelsene som ellers har egne sider i leksikonet.<\/p>\t\t\t\t\t\t\t\t<\/div>\n\t\t\t\t<\/div>\n\t\t\t\t<\/div>\n\t\t<div class=\"elementor-element elementor-element-iw-raeuchern-hero-img e-con-full e-flex e-con e-child\" data-id=\"iw-raeuchern-hero-img\" data-element_type=\"container\" data-e-type=\"container\">\n\t\t\t\t<div class=\"elementor-element elementor-element-iwgs-raeuchern-himg iwg-hero-image elementor-widget elementor-widget-image\" data-id=\"iwgs-raeuchern-himg\" data-element_type=\"widget\" data-e-type=\"widget\" data-widget_type=\"image.default\">\n\t\t\t\t\t\t\t\t\t\t\t\t\t\t\t<img fetchpriority=\"high\" decoding=\"async\" width=\"683\" height=\"1024\" src=\"https:\/\/iwell-guard.com\/wp-content\/uploads\/2026\/05\/schutzsymbol_universell_raeuchern-683x1024.png\" class=\"attachment-large size-large wp-image-142653\" alt=\"R\u00f8kelse og renselse \u2013 stigende r\u00f8yk som symbol p\u00e5 renselse\" srcset=\"https:\/\/iwell-guard.com\/wp-content\/uploads\/2026\/05\/schutzsymbol_universell_raeuchern-683x1024.png 683w, https:\/\/iwell-guard.com\/wp-content\/uploads\/2026\/05\/schutzsymbol_universell_raeuchern-200x300.png 200w, https:\/\/iwell-guard.com\/wp-content\/uploads\/2026\/05\/schutzsymbol_universell_raeuchern-768x1152.png 768w, https:\/\/iwell-guard.com\/wp-content\/uploads\/2026\/05\/schutzsymbol_universell_raeuchern.png 1024w\" sizes=\"(max-width: 683px) 100vw, 683px\" \/>\t\t\t\t\t\t\t\t\t\t\t\t\t\t\t<\/div>\n\t\t\t\t<\/div>\n\t\t\t\t\t<\/div>\n\t\t\t\t<\/div>\n\t\t<div class=\"elementor-element elementor-element-iwgs-raeuchern-s0 e-flex e-con-boxed e-con e-parent\" data-id=\"iwgs-raeuchern-s0\" data-element_type=\"container\" data-e-type=\"container\">\n\t\t\t\t\t<div class=\"e-con-inner\">\n\t\t\t\t<div class=\"elementor-element elementor-element-iwgs-raeuchern-s0h elementor-widget elementor-widget-heading\" data-id=\"iwgs-raeuchern-s0h\" data-element_type=\"widget\" data-e-type=\"widget\" data-widget_type=\"heading.default\">\n\t\t\t\t\t<h2 class=\"elementor-heading-title elementor-size-default\">Hva er Rauhn\u00e4chte?<\/h2>\t\t\t\t<\/div>\n\t\t<div class=\"elementor-element elementor-element-iw-raeuchern-s0-bw e-con-full e-flex e-con e-child\" data-id=\"iw-raeuchern-s0-bw\" data-element_type=\"container\" data-e-type=\"container\">\n\t\t\t\t<div class=\"elementor-element elementor-element-iwgs-raeuchern-s0t elementor-widget elementor-widget-text-editor\" data-id=\"iwgs-raeuchern-s0t\" data-element_type=\"widget\" data-e-type=\"widget\" data-widget_type=\"text-editor.default\">\n\t\t\t\t\t\t\t\t\t<p>Rauhn\u00e4chte er de tolv nettene mellom julefesten og Kristi \u00e5penbaringsdag den 6. januar. Den eldre betegnelsen er de tolv nettene eller tolvnettene. Regionalt finnes ogs\u00e5 navn som Innern\u00e4chte, Untern\u00e4chte eller Gl\u00f6ckeln\u00e4chte.<\/p><p>Folketroen tilla denne tiden en unntakstilstand. \u00c5rets ordning var avsluttet, den nye hadde ikke begynt, og i dette mellomrommet beveget det seg, if\u00f8lge overleveringen, vandrende \u00e5nder og sagnskikkelser. Dette forklarer tettheten av beskyttelsesskikker som er dokumentert for disse nettene.<\/p><p>Viktig for forst\u00e5elsen: Rauhn\u00e4chte er ikke et vesen og ikke en enkelt skikk, men et tidsrom som mange skikker har festet seg til. Hva som ble gjort og unnlatt i dem, varierte betydelig fra dal til dal.<\/p>\t\t\t\t\t\t\t\t<\/div>\n\t\t\t\t<\/div>\n\t\t\t\t\t<\/div>\n\t\t\t\t<\/div>\n\t\t<div class=\"elementor-element elementor-element-82e1f70 e-flex e-con-boxed e-con e-parent\" data-id=\"82e1f70\" data-element_type=\"container\" data-e-type=\"container\">\n\t\t\t\t\t<div class=\"e-con-inner\">\n\t\t\t\t<div class=\"elementor-element elementor-element- elementor-widget elementor-widget-heading\" data-id=\"\" data-element_type=\"widget\" data-e-type=\"widget\" data-widget_type=\"heading.default\">\n\t\t\t\t\t<h2 class=\"elementor-heading-title elementor-size-default\">Beslektede vesener og temaer<\/h2>\t\t\t\t<\/div>\n\t\t<div class=\"elementor-element elementor-element- e-con-full e-flex e-con e-child\" data-id=\"\" data-element_type=\"container\" data-e-type=\"container\">\n\t\t\t\t<div class=\"elementor-element elementor-element- elementor-widget elementor-widget-text-editor\" data-id=\"\" data-element_type=\"widget\" data-e-type=\"widget\" data-widget_type=\"text-editor.default\">\n\t\t\t\t\t\t\t\t\t<p>Gestaltene og praksisene fra disse nettene er beskrevet enkeltvis i leksikonet: <a href=\"https:\/\/iwell-guard.com\/no\/?page_id=142038\">Frau Perchta og perchtene<\/a> som pr\u00f8ver av de tolv nettene, <a href=\"https:\/\/iwell-guard.com\/no\/?page_id=142040\">Frau Holle<\/a> som hennes midttyske motstykke, <a href=\"https:\/\/iwell-guard.com\/no\/odin\/\">Odin<\/a> i forbindelse med den ville jakten, og <a href=\"https:\/\/iwell-guard.com\/no\/?page_id=142037\">Krampus<\/a> som adventens skremmegestalt. En oversikt over tradisjonen finnes p\u00e5 siden om <a href=\"https:\/\/iwell-guard.com\/no\/germansk\/\">germansk overlevering<\/a>, mens periodens overleverte beskyttelsesformer er beskrevet under <a href=\"https:\/\/iwell-guard.com\/no\/rokelse-og-renselse\/\">r\u00f8yking<\/a> og <a href=\"https:\/\/iwell-guard.com\/no\/rokelse\/\">r\u00f8kelse<\/a>.<\/p>\t\t\t\t\t\t\t\t<\/div>\n\t\t\t\t<\/div>\n\t\t\t\t\t<\/div>\n\t\t\t\t<\/div>\n\t\t<div class=\"elementor-element elementor-element-188289f e-flex e-con-boxed e-con e-parent\" data-id=\"188289f\" data-element_type=\"container\" data-e-type=\"container\">\n\t\t\t\t\t<div class=\"e-con-inner\">\n\t\t\t\t<div class=\"elementor-element elementor-element- elementor-widget elementor-widget-heading\" data-id=\"\" data-element_type=\"widget\" data-e-type=\"widget\" data-widget_type=\"heading.default\">\n\t\t\t\t\t<h2 class=\"elementor-heading-title elementor-size-default\">Beslektede vesener og temaer<\/h2>\t\t\t\t<\/div>\n\t\t<div class=\"elementor-element elementor-element- e-con-full e-flex e-con e-child\" data-id=\"\" data-element_type=\"container\" data-e-type=\"container\">\n\t\t\t\t<div class=\"elementor-element elementor-element- elementor-widget elementor-widget-text-editor\" data-id=\"\" data-element_type=\"widget\" data-e-type=\"widget\" data-widget_type=\"text-editor.default\">\n\t\t\t\t\t\t\t\t\t<p>Gestaltene og praksisene fra disse nettene er beskrevet enkeltvis i leksikonet: <a href=\"https:\/\/iwell-guard.com\/no\/?page_id=142038\">Frau Perchta og perchtene<\/a> som pr\u00f8ver av de tolv nettene, <a href=\"https:\/\/iwell-guard.com\/no\/?page_id=142040\">Frau Holle<\/a> som hennes midttyske motstykke, <a href=\"https:\/\/iwell-guard.com\/no\/odin\/\">Odin<\/a> i forbindelse med den ville jakten, og <a href=\"https:\/\/iwell-guard.com\/no\/?page_id=142037\">Krampus<\/a> som adventens skremmegestalt. En oversikt over tradisjonen finnes p\u00e5 siden om <a href=\"https:\/\/iwell-guard.com\/no\/germansk\/\">germansk overlevering<\/a>, mens periodens overleverte beskyttelsesformer er beskrevet under <a href=\"https:\/\/iwell-guard.com\/no\/rokelse-og-renselse\/\">r\u00f8yking<\/a> og <a href=\"https:\/\/iwell-guard.com\/no\/rokelse\/\">r\u00f8kelse<\/a>.<\/p>\t\t\t\t\t\t\t\t<\/div>\n\t\t\t\t<\/div>\n\t\t\t\t\t<\/div>\n\t\t\t\t<\/div>\n\t\t<div class=\"elementor-element elementor-element-2256a9e e-flex e-con-boxed e-con e-parent\" data-id=\"2256a9e\" data-element_type=\"container\" data-e-type=\"container\">\n\t\t\t\t\t<div class=\"e-con-inner\">\n\t\t\t\t<div class=\"elementor-element elementor-element- elementor-widget elementor-widget-heading\" data-id=\"\" data-element_type=\"widget\" data-e-type=\"widget\" data-widget_type=\"heading.default\">\n\t\t\t\t\t<h2 class=\"elementor-heading-title elementor-size-default\">Beslektede vesener og temaer<\/h2>\t\t\t\t<\/div>\n\t\t<div class=\"elementor-element elementor-element- e-con-full e-flex e-con e-child\" data-id=\"\" data-element_type=\"container\" data-e-type=\"container\">\n\t\t\t\t<div class=\"elementor-element elementor-element- elementor-widget elementor-widget-text-editor\" data-id=\"\" data-element_type=\"widget\" data-e-type=\"widget\" data-widget_type=\"text-editor.default\">\n\t\t\t\t\t\t\t\t\t<p>Gestaltene og praksisene fra disse nettene er beskrevet enkeltvis i leksikonet: <a href=\"https:\/\/iwell-guard.com\/no\/?page_id=142038\">Frau Perchta og perchtene<\/a> som pr\u00f8ver av de tolv nettene, <a href=\"https:\/\/iwell-guard.com\/no\/?page_id=142040\">Frau Holle<\/a> som hennes midttyske motstykke, <a href=\"https:\/\/iwell-guard.com\/no\/odin\/\">Odin<\/a> i forbindelse med den ville jakten, og <a href=\"https:\/\/iwell-guard.com\/no\/?page_id=142037\">Krampus<\/a> som adventens skremmegestalt. En oversikt over tradisjonen finnes p\u00e5 siden om <a href=\"https:\/\/iwell-guard.com\/no\/germansk\/\">germansk overlevering<\/a>, mens periodens overleverte beskyttelsesformer er beskrevet under <a href=\"https:\/\/iwell-guard.com\/no\/rokelse-og-renselse\/\">r\u00f8yking<\/a> og <a href=\"https:\/\/iwell-guard.com\/no\/rokelse\/\">r\u00f8kelse<\/a>.<\/p>\t\t\t\t\t\t\t\t<\/div>\n\t\t\t\t<\/div>\n\t\t\t\t\t<\/div>\n\t\t\t\t<\/div>\n\t\t<div class=\"elementor-element elementor-element-0678d93 e-flex e-con-boxed e-con e-parent\" data-id=\"0678d93\" data-element_type=\"container\" data-e-type=\"container\">\n\t\t\t\t\t<div class=\"e-con-inner\">\n\t\t\t\t<div class=\"elementor-element elementor-element- elementor-widget elementor-widget-heading\" data-id=\"\" data-element_type=\"widget\" data-e-type=\"widget\" data-widget_type=\"heading.default\">\n\t\t\t\t\t<h2 class=\"elementor-heading-title elementor-size-default\">Beslektede vesener og temaer<\/h2>\t\t\t\t<\/div>\n\t\t<div class=\"elementor-element elementor-element- e-con-full e-flex e-con e-child\" data-id=\"\" data-element_type=\"container\" data-e-type=\"container\">\n\t\t\t\t<div class=\"elementor-element elementor-element- elementor-widget elementor-widget-text-editor\" data-id=\"\" data-element_type=\"widget\" data-e-type=\"widget\" data-widget_type=\"text-editor.default\">\n\t\t\t\t\t\t\t\t\t<p>Gestaltene og praksisene fra disse nettene er beskrevet enkeltvis i leksikonet: <a href=\"https:\/\/iwell-guard.com\/no\/?page_id=142038\">Frau Perchta og perchtene<\/a> som pr\u00f8ver av de tolv nettene, <a href=\"https:\/\/iwell-guard.com\/no\/?page_id=142040\">Frau Holle<\/a> som hennes midttyske motstykke, <a href=\"https:\/\/iwell-guard.com\/no\/odin\/\">Odin<\/a> i forbindelse med den ville jakten, og <a href=\"https:\/\/iwell-guard.com\/no\/?page_id=142037\">Krampus<\/a> som adventens skremmegestalt. En oversikt over tradisjonen finnes p\u00e5 siden om <a href=\"https:\/\/iwell-guard.com\/no\/germansk\/\">germansk overlevering<\/a>, mens periodens overleverte beskyttelsesformer er beskrevet under <a href=\"https:\/\/iwell-guard.com\/no\/rokelse-og-renselse\/\">r\u00f8yking<\/a> og <a href=\"https:\/\/iwell-guard.com\/no\/rokelse\/\">r\u00f8kelse<\/a>.<\/p>\t\t\t\t\t\t\t\t<\/div>\n\t\t\t\t<\/div>\n\t\t\t\t\t<\/div>\n\t\t\t\t<\/div>\n\t\t<div class=\"elementor-element elementor-element-df2669e e-flex e-con-boxed e-con e-parent\" data-id=\"df2669e\" data-element_type=\"container\" data-e-type=\"container\">\n\t\t\t\t\t<div class=\"e-con-inner\">\n\t\t\t\t<div class=\"elementor-element elementor-element- elementor-widget elementor-widget-heading\" data-id=\"\" data-element_type=\"widget\" data-e-type=\"widget\" data-widget_type=\"heading.default\">\n\t\t\t\t\t<h2 class=\"elementor-heading-title elementor-size-default\">Beslektede vesener og temaer<\/h2>\t\t\t\t<\/div>\n\t\t<div class=\"elementor-element elementor-element- e-con-full e-flex e-con e-child\" data-id=\"\" data-element_type=\"container\" data-e-type=\"container\">\n\t\t\t\t<div class=\"elementor-element elementor-element- elementor-widget elementor-widget-text-editor\" data-id=\"\" data-element_type=\"widget\" data-e-type=\"widget\" data-widget_type=\"text-editor.default\">\n\t\t\t\t\t\t\t\t\t<p>Gestaltene og praksisene fra disse nettene er beskrevet enkeltvis i leksikonet: <a href=\"https:\/\/iwell-guard.com\/no\/?page_id=142038\">Frau Perchta og perchtene<\/a> som pr\u00f8ver av de tolv nettene, <a href=\"https:\/\/iwell-guard.com\/no\/?page_id=142040\">Frau Holle<\/a> som hennes midttyske motstykke, <a href=\"https:\/\/iwell-guard.com\/no\/odin\/\">Odin<\/a> i forbindelse med den ville jakten, og <a href=\"https:\/\/iwell-guard.com\/no\/?page_id=142037\">Krampus<\/a> som adventens skremmegestalt. En oversikt over tradisjonen finnes p\u00e5 siden om <a href=\"https:\/\/iwell-guard.com\/no\/germansk\/\">germansk overlevering<\/a>, mens periodens overleverte beskyttelsesformer er beskrevet under <a href=\"https:\/\/iwell-guard.com\/no\/rokelse-og-renselse\/\">r\u00f8yking<\/a> og <a href=\"https:\/\/iwell-guard.com\/no\/rokelse\/\">r\u00f8kelse<\/a>.<\/p>\t\t\t\t\t\t\t\t<\/div>\n\t\t\t\t<\/div>\n\t\t\t\t\t<\/div>\n\t\t\t\t<\/div>\n\t\t<div class=\"elementor-element elementor-element-79fba3f e-flex e-con-boxed e-con e-parent\" data-id=\"79fba3f\" data-element_type=\"container\" data-e-type=\"container\">\n\t\t\t\t\t<div class=\"e-con-inner\">\n\t\t\t\t<div class=\"elementor-element elementor-element- elementor-widget elementor-widget-heading\" data-id=\"\" data-element_type=\"widget\" data-e-type=\"widget\" data-widget_type=\"heading.default\">\n\t\t\t\t\t<h2 class=\"elementor-heading-title elementor-size-default\">Beslektede vesener og temaer<\/h2>\t\t\t\t<\/div>\n\t\t<div class=\"elementor-element elementor-element- e-con-full e-flex e-con e-child\" data-id=\"\" data-element_type=\"container\" data-e-type=\"container\">\n\t\t\t\t<div class=\"elementor-element elementor-element- elementor-widget elementor-widget-text-editor\" data-id=\"\" data-element_type=\"widget\" data-e-type=\"widget\" data-widget_type=\"text-editor.default\">\n\t\t\t\t\t\t\t\t\t<p>Gestaltene og praksisene fra disse nettene er beskrevet enkeltvis i leksikonet: <a href=\"https:\/\/iwell-guard.com\/no\/?page_id=142038\">Frau Perchta og perchtene<\/a> som pr\u00f8ver av de tolv nettene, <a href=\"https:\/\/iwell-guard.com\/no\/?page_id=142040\">Frau Holle<\/a> som hennes midttyske motstykke, <a href=\"https:\/\/iwell-guard.com\/no\/odin\/\">Odin<\/a> i forbindelse med den ville jakten, og <a href=\"https:\/\/iwell-guard.com\/no\/?page_id=142037\">Krampus<\/a> som adventens skremmegestalt. En oversikt over tradisjonen finnes p\u00e5 siden om <a href=\"https:\/\/iwell-guard.com\/no\/germansk\/\">germansk overlevering<\/a>, mens periodens overleverte beskyttelsesformer er beskrevet under <a href=\"https:\/\/iwell-guard.com\/no\/rokelse-og-renselse\/\">r\u00f8yking<\/a> og <a href=\"https:\/\/iwell-guard.com\/no\/rokelse\/\">r\u00f8kelse<\/a>.<\/p>\t\t\t\t\t\t\t\t<\/div>\n\t\t\t\t<\/div>\n\t\t\t\t\t<\/div>\n\t\t\t\t<\/div>\n\t\t<div class=\"elementor-element elementor-element-92ffc6f e-flex e-con-boxed e-con e-parent\" data-id=\"92ffc6f\" data-element_type=\"container\" data-e-type=\"container\">\n\t\t\t\t\t<div class=\"e-con-inner\">\n\t\t\t\t<div class=\"elementor-element elementor-element- elementor-widget elementor-widget-heading\" data-id=\"\" data-element_type=\"widget\" data-e-type=\"widget\" data-widget_type=\"heading.default\">\n\t\t\t\t\t<h2 class=\"elementor-heading-title elementor-size-default\">Beslektede vesener og temaer<\/h2>\t\t\t\t<\/div>\n\t\t<div class=\"elementor-element elementor-element- e-con-full e-flex e-con e-child\" data-id=\"\" data-element_type=\"container\" data-e-type=\"container\">\n\t\t\t\t<div class=\"elementor-element elementor-element- elementor-widget elementor-widget-text-editor\" data-id=\"\" data-element_type=\"widget\" data-e-type=\"widget\" data-widget_type=\"text-editor.default\">\n\t\t\t\t\t\t\t\t\t<p>Gestaltene og praksisene fra disse nettene er beskrevet enkeltvis i leksikonet: <a href=\"https:\/\/iwell-guard.com\/no\/?page_id=142038\">Frau Perchta og perchtene<\/a> som pr\u00f8ver av de tolv nettene, <a href=\"https:\/\/iwell-guard.com\/no\/?page_id=142040\">Frau Holle<\/a> som hennes midttyske motstykke, <a href=\"https:\/\/iwell-guard.com\/no\/odin\/\">Odin<\/a> i forbindelse med den ville jakten, og <a href=\"https:\/\/iwell-guard.com\/no\/?page_id=142037\">Krampus<\/a> som adventens skremmegestalt. En oversikt over tradisjonen finnes p\u00e5 siden om <a href=\"https:\/\/iwell-guard.com\/no\/germansk\/\">germansk overlevering<\/a>, mens periodens overleverte beskyttelsesformer er beskrevet under <a href=\"https:\/\/iwell-guard.com\/no\/rokelse-og-renselse\/\">r\u00f8yking<\/a> og <a href=\"https:\/\/iwell-guard.com\/no\/rokelse\/\">r\u00f8kelse<\/a>.<\/p>\t\t\t\t\t\t\t\t<\/div>\n\t\t\t\t<\/div>\n\t\t\t\t\t<\/div>\n\t\t\t\t<\/div>\n\t\t<div class=\"elementor-element elementor-element-19277ab e-flex e-con-boxed e-con e-parent\" data-id=\"19277ab\" data-element_type=\"container\" data-e-type=\"container\">\n\t\t\t\t\t<div class=\"e-con-inner\">\n\t\t\t\t<div class=\"elementor-element elementor-element- elementor-widget elementor-widget-heading\" data-id=\"\" data-element_type=\"widget\" data-e-type=\"widget\" data-widget_type=\"heading.default\">\n\t\t\t\t\t<h2 class=\"elementor-heading-title elementor-size-default\">Beslektede vesener og temaer<\/h2>\t\t\t\t<\/div>\n\t\t<div class=\"elementor-element elementor-element- e-con-full e-flex e-con e-child\" data-id=\"\" data-element_type=\"container\" data-e-type=\"container\">\n\t\t\t\t<div class=\"elementor-element elementor-element- elementor-widget elementor-widget-text-editor\" data-id=\"\" data-element_type=\"widget\" data-e-type=\"widget\" data-widget_type=\"text-editor.default\">\n\t\t\t\t\t\t\t\t\t<p>Gestaltene og praksisene fra disse nettene er beskrevet enkeltvis i leksikonet: <a href=\"https:\/\/iwell-guard.com\/no\/?page_id=142038\">Frau Perchta og perchtene<\/a> som pr\u00f8ver av de tolv nettene, <a href=\"https:\/\/iwell-guard.com\/no\/?page_id=142040\">Frau Holle<\/a> som hennes midttyske motstykke, <a href=\"https:\/\/iwell-guard.com\/no\/odin\/\">Odin<\/a> i forbindelse med den ville jakten, og <a href=\"https:\/\/iwell-guard.com\/no\/?page_id=142037\">Krampus<\/a> som adventens skremmegestalt. En oversikt over tradisjonen finnes p\u00e5 siden om <a href=\"https:\/\/iwell-guard.com\/no\/germansk\/\">germansk overlevering<\/a>, mens periodens overleverte beskyttelsesformer er beskrevet under <a href=\"https:\/\/iwell-guard.com\/no\/rokelse-og-renselse\/\">r\u00f8yking<\/a> og <a href=\"https:\/\/iwell-guard.com\/no\/rokelse\/\">r\u00f8kelse<\/a>.<\/p>\t\t\t\t\t\t\t\t<\/div>\n\t\t\t\t<\/div>\n\t\t\t\t\t<\/div>\n\t\t\t\t<\/div>\n\t\t<div class=\"elementor-element elementor-element-0493a62 e-flex e-con-boxed e-con e-parent\" data-id=\"0493a62\" data-element_type=\"container\" data-e-type=\"container\">\n\t\t\t\t\t<div class=\"e-con-inner\">\n\t\t\t\t<div class=\"elementor-element elementor-element- elementor-widget elementor-widget-heading\" data-id=\"\" data-element_type=\"widget\" data-e-type=\"widget\" data-widget_type=\"heading.default\">\n\t\t\t\t\t<h2 class=\"elementor-heading-title elementor-size-default\">Beslektede vesener og temaer<\/h2>\t\t\t\t<\/div>\n\t\t<div class=\"elementor-element elementor-element- e-con-full e-flex e-con e-child\" data-id=\"\" data-element_type=\"container\" data-e-type=\"container\">\n\t\t\t\t<div class=\"elementor-element elementor-element- elementor-widget elementor-widget-text-editor\" data-id=\"\" data-element_type=\"widget\" data-e-type=\"widget\" data-widget_type=\"text-editor.default\">\n\t\t\t\t\t\t\t\t\t<p>Gestaltene og praksisene fra disse nettene er beskrevet enkeltvis i leksikonet: <a href=\"https:\/\/iwell-guard.com\/no\/?page_id=142038\">Frau Perchta og perchtene<\/a> som pr\u00f8ver av de tolv nettene, <a href=\"https:\/\/iwell-guard.com\/no\/?page_id=142040\">Frau Holle<\/a> som hennes midttyske motstykke, <a href=\"https:\/\/iwell-guard.com\/no\/odin\/\">Odin<\/a> i forbindelse med den ville jakten, og <a href=\"https:\/\/iwell-guard.com\/no\/?page_id=142037\">Krampus<\/a> som adventens skremmegestalt. En oversikt over tradisjonen finnes p\u00e5 siden om <a href=\"https:\/\/iwell-guard.com\/no\/germansk\/\">germansk overlevering<\/a>, mens periodens overleverte beskyttelsesformer er beskrevet under <a href=\"https:\/\/iwell-guard.com\/no\/rokelse-og-renselse\/\">r\u00f8yking<\/a> og <a href=\"https:\/\/iwell-guard.com\/no\/rokelse\/\">r\u00f8kelse<\/a>.<\/p>\t\t\t\t\t\t\t\t<\/div>\n\t\t\t\t<\/div>\n\t\t\t\t\t<\/div>\n\t\t\t\t<\/div>\n\t\t<div class=\"elementor-element elementor-element-87a8df2 e-flex e-con-boxed e-con e-parent\" data-id=\"87a8df2\" data-element_type=\"container\" data-e-type=\"container\">\n\t\t\t\t\t<div class=\"e-con-inner\">\n\t\t\t\t<div class=\"elementor-element elementor-element- elementor-widget elementor-widget-heading\" data-id=\"\" data-element_type=\"widget\" data-e-type=\"widget\" data-widget_type=\"heading.default\">\n\t\t\t\t\t<h2 class=\"elementor-heading-title elementor-size-default\">Beslektede vesener og temaer<\/h2>\t\t\t\t<\/div>\n\t\t<div class=\"elementor-element elementor-element- e-con-full e-flex e-con e-child\" data-id=\"\" data-element_type=\"container\" data-e-type=\"container\">\n\t\t\t\t<div class=\"elementor-element elementor-element- elementor-widget elementor-widget-text-editor\" data-id=\"\" data-element_type=\"widget\" data-e-type=\"widget\" data-widget_type=\"text-editor.default\">\n\t\t\t\t\t\t\t\t\t<p>Gestaltene og praksisene fra disse nettene er beskrevet enkeltvis i leksikonet: <a href=\"https:\/\/iwell-guard.com\/no\/?page_id=142038\">Frau Perchta og perchtene<\/a> som pr\u00f8ver av de tolv nettene, <a href=\"https:\/\/iwell-guard.com\/no\/?page_id=142040\">Frau Holle<\/a> som hennes midttyske motstykke, <a href=\"https:\/\/iwell-guard.com\/no\/odin\/\">Odin<\/a> i forbindelse med den ville jakten, og <a href=\"https:\/\/iwell-guard.com\/no\/?page_id=142037\">Krampus<\/a> som adventens skremmegestalt. En oversikt over tradisjonen finnes p\u00e5 siden om <a href=\"https:\/\/iwell-guard.com\/no\/germansk\/\">germansk overlevering<\/a>, mens periodens overleverte beskyttelsesformer er beskrevet under <a href=\"https:\/\/iwell-guard.com\/no\/rokelse-og-renselse\/\">r\u00f8yking<\/a> og <a href=\"https:\/\/iwell-guard.com\/no\/rokelse\/\">r\u00f8kelse<\/a>.<\/p>\t\t\t\t\t\t\t\t<\/div>\n\t\t\t\t<\/div>\n\t\t\t\t\t<\/div>\n\t\t\t\t<\/div>\n\t\t<div class=\"elementor-element elementor-element-9000290 e-flex e-con-boxed e-con e-parent\" data-id=\"9000290\" data-element_type=\"container\" data-e-type=\"container\">\n\t\t\t\t\t<div class=\"e-con-inner\">\n\t\t\t\t<div class=\"elementor-element elementor-element- elementor-widget elementor-widget-heading\" data-id=\"\" data-element_type=\"widget\" data-e-type=\"widget\" data-widget_type=\"heading.default\">\n\t\t\t\t\t<h2 class=\"elementor-heading-title elementor-size-default\">Beslektede vesener og temaer<\/h2>\t\t\t\t<\/div>\n\t\t<div class=\"elementor-element elementor-element- e-con-full e-flex e-con e-child\" data-id=\"\" data-element_type=\"container\" data-e-type=\"container\">\n\t\t\t\t<div class=\"elementor-element elementor-element- elementor-widget elementor-widget-text-editor\" data-id=\"\" data-element_type=\"widget\" data-e-type=\"widget\" data-widget_type=\"text-editor.default\">\n\t\t\t\t\t\t\t\t\t<p>Gestaltene og praksisene fra disse nettene er beskrevet enkeltvis i leksikonet: <a href=\"https:\/\/iwell-guard.com\/no\/?page_id=142038\">Frau Perchta og perchtene<\/a> som pr\u00f8ver av de tolv nettene, <a href=\"https:\/\/iwell-guard.com\/no\/?page_id=142040\">Frau Holle<\/a> som hennes midttyske motstykke, <a href=\"https:\/\/iwell-guard.com\/no\/odin\/\">Odin<\/a> i forbindelse med den ville jakten, og <a href=\"https:\/\/iwell-guard.com\/no\/?page_id=142037\">Krampus<\/a> som adventens skremmegestalt. En oversikt over tradisjonen finnes p\u00e5 siden om <a href=\"https:\/\/iwell-guard.com\/no\/germansk\/\">germansk overlevering<\/a>, mens periodens overleverte beskyttelsesformer er beskrevet under <a href=\"https:\/\/iwell-guard.com\/no\/rokelse-og-renselse\/\">r\u00f8yking<\/a> og <a href=\"https:\/\/iwell-guard.com\/no\/rokelse\/\">r\u00f8kelse<\/a>.<\/p>\t\t\t\t\t\t\t\t<\/div>\n\t\t\t\t<\/div>\n\t\t\t\t\t<\/div>\n\t\t\t\t<\/div>\n\t\t<div class=\"elementor-element elementor-element-918fb03 e-flex e-con-boxed e-con e-parent\" data-id=\"918fb03\" data-element_type=\"container\" data-e-type=\"container\">\n\t\t\t\t\t<div class=\"e-con-inner\">\n\t\t\t\t<div class=\"elementor-element elementor-element- elementor-widget elementor-widget-heading\" data-id=\"\" data-element_type=\"widget\" data-e-type=\"widget\" data-widget_type=\"heading.default\">\n\t\t\t\t\t<h2 class=\"elementor-heading-title elementor-size-default\">Beslektede vesener og temaer<\/h2>\t\t\t\t<\/div>\n\t\t<div class=\"elementor-element elementor-element- e-con-full e-flex e-con e-child\" data-id=\"\" data-element_type=\"container\" data-e-type=\"container\">\n\t\t\t\t<div class=\"elementor-element elementor-element- elementor-widget elementor-widget-text-editor\" data-id=\"\" data-element_type=\"widget\" data-e-type=\"widget\" data-widget_type=\"text-editor.default\">\n\t\t\t\t\t\t\t\t\t<p>Gestaltene og praksisene fra disse nettene er beskrevet enkeltvis i leksikonet: <a href=\"https:\/\/iwell-guard.com\/no\/?page_id=142038\">Frau Perchta og perchtene<\/a> som pr\u00f8ver av de tolv nettene, <a href=\"https:\/\/iwell-guard.com\/no\/?page_id=142040\">Frau Holle<\/a> som hennes midttyske motstykke, <a href=\"https:\/\/iwell-guard.com\/no\/odin\/\">Odin<\/a> i forbindelse med den ville jakten, og <a href=\"https:\/\/iwell-guard.com\/no\/?page_id=142037\">Krampus<\/a> som adventens skremmegestalt. En oversikt over tradisjonen finnes p\u00e5 siden om <a href=\"https:\/\/iwell-guard.com\/no\/germansk\/\">germansk overlevering<\/a>, mens periodens overleverte beskyttelsesformer er beskrevet under <a href=\"https:\/\/iwell-guard.com\/no\/rokelse-og-renselse\/\">r\u00f8yking<\/a> og <a href=\"https:\/\/iwell-guard.com\/no\/rokelse\/\">r\u00f8kelse<\/a>.<\/p>\t\t\t\t\t\t\t\t<\/div>\n\t\t\t\t<div class=\"elementor-element elementor-element-8ab5043 elementor-widget elementor-widget-html\" data-id=\"8ab5043\" data-element_type=\"widget\" data-e-type=\"widget\" data-widget_type=\"html.default\">\n\t\t\t\t\t<script type=\"application\/ld+json\">{\"@context\": \"https:\/\/schema.org\", \"@type\": \"FAQPage\", \"mainEntity\": [{\"@type\": \"Question\", \"name\": \"Hva b\u00f8r man ikke gj\u00f8re i Rauhn\u00e4chte?\", \"acceptedAnswer\": {\"@type\": \"Answer\", \"text\": \"Overleveringen nevner s\u00e6rlig tre forbud. Man skulle ikke vaske kl\u00e6r eller la dem hengje ute over natten, fordi den Ville Jakt if\u00f8lge sagnet skulle sette seg fast i dem. P\u00e5begynt arbeid skulle avsluttes, og rokker skulle ryddes bort. Utl\u00e5nte gjenstander ble hentet tilbake, og i denne perioden skulle ingenting gis ut av huset. Dette er skikkregler fra tidligere tider, som i dag f\u00f8rst og fremst lever videre som fortellingsstoff.\"}}, {\"@type\": \"Question\", \"name\": \"Hva gj\u00f8r man egentlig i Rauhn\u00e4chte?\", \"acceptedAnswer\": {\"@type\": \"Answer\", \"text\": \"Fire handlingsfelt er overlevert: r\u00f8yking av hus og fj\u00f8s med r\u00f8kelse og urter, velsignelsen ved d\u00f8rtrinnet med innviet vann og kritteinnskriften fra stjernesangerne, tydning av v\u00e6r og dr\u00f8mmer som forvarsler for de tolv m\u00e5nedene, og maskeopptogene i alpeomr\u00e5det. I dagens praksis kommer tilbakeblikket med notatbok og ritualet med de tretten \u00f8nskene i tillegg, som regnes som en yngre skikk.\"}}, {\"@type\": \"Question\", \"name\": \"Hva er de 12 Rauhn\u00e4chte?\", \"acceptedAnswer\": {\"@type\": \"Answer\", \"text\": \"De tolv Rauhn\u00e4chte er nettene mellom julefesten og helligtrekongersdag, i den mest utbredte tellingen fra 25. desember til 6. januar. Eldre tellinger begynner med Thomasnatten 21. desember eller med julenatten. Hver av de tolv nettene gjelder i overleveringen som forvarsel for en m\u00e5ned i det kommende \u00e5ret.\"}}, {\"@type\": \"Question\", \"name\": \"Hvilke er de 4 viktigste Rauhn\u00e4chte?\", \"acceptedAnswer\": {\"@type\": \"Answer\", \"text\": \"I de fleste framstillinger framheves Thomasnatten fra 20. til 21. desember som den lengste natten i den gamle kalenderen, julenatten fra 24. til 25. desember, nytt\u00e5rsnatten som den klassiske orakelnatten, og Perchten-natten fra 5. til 6. januar som avslutningen p\u00e5 rekken.\"}}]}<\/script>\t\t\t\t<\/div>\n\t\t\t\t<\/div>\n\t\t\t\t\t<\/div>\n\t\t\t\t<\/div>\n\t\t<div class=\"elementor-element elementor-element-7b4a206 e-flex e-con-boxed e-con e-parent\" data-id=\"7b4a206\" data-element_type=\"container\" data-e-type=\"container\">\n\t\t\t\t\t<div class=\"e-con-inner\">\n\t\t\t\t<div class=\"elementor-element elementor-element- elementor-widget elementor-widget-heading\" data-id=\"\" data-element_type=\"widget\" data-e-type=\"widget\" data-widget_type=\"heading.default\">\n\t\t\t\t\t<h2 class=\"elementor-heading-title elementor-size-default\">Beslektede vesener og temaer<\/h2>\t\t\t\t<\/div>\n\t\t<div class=\"elementor-element elementor-element- e-con-full e-flex e-con e-child\" data-id=\"\" data-element_type=\"container\" data-e-type=\"container\">\n\t\t\t\t<div class=\"elementor-element elementor-element- elementor-widget elementor-widget-text-editor\" data-id=\"\" data-element_type=\"widget\" data-e-type=\"widget\" data-widget_type=\"text-editor.default\">\n\t\t\t\t\t\t\t\t\t<p>Gestaltene og praksisene fra disse nettene er beskrevet enkeltvis i leksikonet: <a href=\"https:\/\/iwell-guard.com\/no\/?page_id=142038\">Frau Perchta og perchtene<\/a> som pr\u00f8ver av de tolv nettene, <a href=\"https:\/\/iwell-guard.com\/no\/?page_id=142040\">Frau Holle<\/a> som hennes midttyske motstykke, <a href=\"https:\/\/iwell-guard.com\/no\/odin\/\">Odin<\/a> i forbindelse med den ville jakten, og <a href=\"https:\/\/iwell-guard.com\/no\/?page_id=142037\">Krampus<\/a> som adventens skremmegestalt. En oversikt over tradisjonen finnes p\u00e5 siden om <a href=\"https:\/\/iwell-guard.com\/no\/germansk\/\">germansk overlevering<\/a>, mens periodens overleverte beskyttelsesformer er beskrevet under <a href=\"https:\/\/iwell-guard.com\/no\/rokelse-og-renselse\/\">r\u00f8yking<\/a> og <a href=\"https:\/\/iwell-guard.com\/no\/rokelse\/\">r\u00f8kelse<\/a>.<\/p>\t\t\t\t\t\t\t\t<\/div>\n\t\t\t\t<\/div>\n\t\t\t\t\t<\/div>\n\t\t\t\t<\/div>\n\t\t<div class=\"elementor-element elementor-element-iwgs-raeuchern-lit e-flex e-con-boxed e-con e-parent\" data-id=\"iwgs-raeuchern-lit\" data-element_type=\"container\" data-e-type=\"container\">\n\t\t\t\t\t<div class=\"e-con-inner\">\n\t\t\t\t<div class=\"elementor-element elementor-element-iwgs-raeuchern-lith elementor-widget elementor-widget-heading\" data-id=\"iwgs-raeuchern-lith\" data-element_type=\"widget\" data-e-type=\"widget\" data-widget_type=\"heading.default\">\n\t\t\t\t\t<h2 class=\"elementor-heading-title elementor-size-default\">Litteratur (utvalg)<\/h2>\t\t\t\t<\/div>\n\t\t<div class=\"elementor-element elementor-element-iw-raeuchern-lit-bw e-con-full e-flex e-con e-child\" data-id=\"iw-raeuchern-lit-bw\" data-element_type=\"container\" data-e-type=\"container\">\n\t\t\t\t<div class=\"elementor-element elementor-element-iwgs-raeuchern-litt elementor-widget elementor-widget-html\" data-id=\"iwgs-raeuchern-litt\" data-element_type=\"widget\" data-e-type=\"widget\" data-widget_type=\"html.default\">\n\t\t\t\t\t<footer data-nosnippet=\"true\"><ul><li>Handw\u00f6rterbuch des deutschen Aberglaubens. Hrsg. von Hanns B\u00e4chtold-St\u00e4ubli. Bd. 9, Artikel \u201eZw\u00f6lften\". Berlin: de Gruyter, 1938-1941.<\/li><li>Dietz-R\u00fcdiger Moser: Br\u00e4uche und Feste im christlichen Jahreslauf. Brauchformen der Gegenwart in kulturgeschichtlichen Zusammenh\u00e4ngen. Graz: Styria, 1993.<\/li><li>Manfred Becker-Huberti: Feiern, Feste, Jahreszeiten. Lebendige Br\u00e4uche im ganzen Jahr. Freiburg: Herder, 2001.<\/li><li>Marianne Rumpf: Perchten. Popul\u00e4re Glaubensgestalten zwischen Mythos und Katechese. W\u00fcrzburg: K\u00f6nigshausen und Neumann, 1991.<\/li><\/ul><\/footer>\t\t\t\t<\/div>\n\t\t\t\t<\/div>\n\t\t\t\t\t<\/div>\n\t\t\t\t<\/div>\n\t\t<div class=\"elementor-element elementor-element-iwgs-raeuchern-kwd e-flex e-con-boxed e-con e-parent\" data-id=\"iwgs-raeuchern-kwd\" data-element_type=\"container\" data-e-type=\"container\">\n\t\t\t\t\t<div class=\"e-con-inner\">\n\t\t<div class=\"elementor-element elementor-element-iw-raeuchern-kwd-bw e-con-full e-flex e-con e-child\" data-id=\"iw-raeuchern-kwd-bw\" data-element_type=\"container\" data-e-type=\"container\">\n\t\t\t\t<div class=\"elementor-element elementor-element-iwgs-raeuchern-kwdt elementor-widget elementor-widget-text-editor\" data-id=\"iwgs-raeuchern-kwdt\" data-element_type=\"widget\" data-e-type=\"widget\" data-widget_type=\"text-editor.default\">\n\t\t\t\t\t\t\t\t\t<p><em>Beslektede n\u00f8kkelbegreper: rauhnaechte raunaechte zwoelften raeuchern losnaechte perchtennacht.<\/em><\/p>\t\t\t\t\t\t\t\t<\/div>\n\t\t\t\t<\/div>\n\t\t\t\t\t<\/div>\n\t\t\t\t<\/div>\n\t\t<div class=\"elementor-element elementor-element-iwgs-raeuchern-cc e-flex e-con-boxed e-con e-parent\" data-id=\"iwgs-raeuchern-cc\" data-element_type=\"container\" data-e-type=\"container\" id=\"iwg-cc-raeuchern\">\n\t\t\t\t\t<div class=\"e-con-inner\">\n\t\t<div class=\"elementor-element elementor-element-iwgs-raeuchern-ccinner e-flex e-con-boxed e-con e-child\" data-id=\"iwgs-raeuchern-ccinner\" data-element_type=\"container\" data-e-type=\"container\" data-settings=\"{&quot;background_background&quot;:&quot;classic&quot;}\">\n\t\t\t\t\t<div class=\"e-con-inner\">\n\t\t\t\t<div class=\"elementor-element elementor-element-iwgs-raeuchern-cch elementor-widget elementor-widget-heading\" data-id=\"iwgs-raeuchern-cch\" data-element_type=\"widget\" data-e-type=\"widget\" data-widget_type=\"heading.default\">\n\t\t\t\t\t<h2 class=\"elementor-heading-title elementor-size-default\">iWell Guard og beskyttelsestradisjoner<\/h2>\t\t\t\t<\/div>\n\t\t\t\t<div class=\"elementor-element elementor-element-iwgs-raeuchern-cct elementor-widget elementor-widget-text-editor\" data-id=\"iwgs-raeuchern-cct\" data-element_type=\"widget\" data-e-type=\"widget\" data-widget_type=\"text-editor.default\">\n\t\t\t\t\t\t\t\t\t<p>Mangfoldet av r\u00f8ykepraksiser viser at mennesker p\u00e5 forskjellige kontinenter kom til lignende slutninger: Et rom eller en person kan gjennom m\u00e5lrettede handlinger settes i en tilstand som gj\u00f8r p\u00e5virkning utenfra vanskeligere eller forhindrer den.<\/p><p><a href=\"https:\/\/iwell-guard.com\/no\/beskyttelsesanheng-iwell-guard-kjop\/\">iWell Guard<\/a> tar opp disse overleveringene og fortetter dem i et tegn som b\u00e6res p\u00e5 kroppen. Det kulturer oppn\u00e5dde for rommet gjennom r\u00f8yking, skal anhenget oppn\u00e5 for personen: en varig, medb\u00e5ret p\u00e5minnelse om beskyttelsesviljen, hentet fra tradisjoner tvers over kulturer.<\/p>\t\t\t\t\t\t\t\t<\/div>\n\t\t\t\t<div class=\"elementor-element elementor-element-iwgs-raeuchern-ccb iwg-cc-button iwg-cc-cta-2026-05-13 elementor-widget elementor-widget-jet-button\" data-id=\"iwgs-raeuchern-ccb\" data-element_type=\"widget\" data-e-type=\"widget\" data-widget_type=\"jet-button.default\">\n\t\t\t\t<div class=\"elementor-widget-container\">\n\t\t\t\t\t<div class=\"elementor-jet-button jet-elements\"><div class=\"jet-button__container\"><a class=\"jet-button__instance jet-button__instance--icon-left hover-effect-1\" href=\"\/schutzanhaenger-iwell-guard-kaufen\/?utm_source=iwell-guard.com&amp;utm_medium=info-box&amp;utm_campaign=schutzsymbole\"><div class=\"jet-button__plane jet-button__plane-normal\"><\/div><div class=\"jet-button__plane jet-button__plane-hover\"><\/div><div class=\"jet-button__state jet-button__state-normal\"><span class=\"jet-button__label\">Mer om iWell Guard<\/span><\/div><div class=\"jet-button__state jet-button__state-hover\"><span class=\"jet-button__label\">Mer om iWell Guard<\/span><\/div><\/a><\/div><\/div><style>.elementor-element.elementor-element-iwgs-raeuchern-ccb .jet-button__instance{width:320px;height:56px;}.elementor-element.elementor-element-iwgs-raeuchern-ccb .jet-button__state-normal .jet-button__label{text-align:center;margin:0px 0px 0px 0px;color:#1a1b20;font-family:Montserrat,sans-serif;font-size:13px;font-weight:400;letter-spacing:4px;line-height:1.714em;text-transform:uppercase;}.elementor-element.elementor-element-iwgs-raeuchern-ccb .jet-button__state-hover .jet-button__label{text-align:center;margin:0px 0px 0px 0px;color:#FECC76;font-family:Montserrat,sans-serif;font-size:13px;font-weight:400;letter-spacing:4px;line-height:1.714em;text-transform:uppercase;}.elementor-element.elementor-element-iwgs-raeuchern-ccb .jet-button__plane-normal{background-color:#FECC76;border-style:solid;border-color:#C99540;border-width:2px 2px 2px 2px;}.elementor-element.elementor-element-iwgs-raeuchern-ccb .jet-button__plane-hover{background-color:rgba(0,0,0,0.55);border-style:solid;border-color:#FECC76;border-width:2px 2px 2px 2px;}<\/style>\t\t\t\t<\/div>\n\t\t\t\t<\/div>\n\t\t\t\t<div class=\"elementor-element elementor-element-iwgs-raeuchern-ccd elementor-widget elementor-widget-text-editor\" data-id=\"iwgs-raeuchern-ccd\" data-element_type=\"widget\" data-e-type=\"widget\" data-widget_type=\"text-editor.default\">\n\t\t\t\t\t\t\t\t\t<p style=\"text-align:center;font-size:13px;opacity:0.7;margin-top:14px\" data-nosnippet=\"true\">Personlige erfaringer kan variere. Ikke et medisinsk produkt. Ingen garanti for helbredelse.<\/p>\t\t\t\t\t\t\t\t<\/div>\n\t\t\t\t\t<\/div>\n\t\t\t\t<\/div>\n\t\t\t\t\t<\/div>\n\t\t\t\t<\/div>\n\t\t<div class=\"elementor-element elementor-element-iwgs-raeuchern-disc e-flex e-con-boxed e-con e-parent\" data-id=\"iwgs-raeuchern-disc\" data-element_type=\"container\" data-e-type=\"container\">\n\t\t\t\t\t<div class=\"e-con-inner\">\n\t\t<div class=\"elementor-element elementor-element-iw-raeuchern-disc-bw e-con-full e-flex e-con e-child\" data-id=\"iw-raeuchern-disc-bw\" data-element_type=\"container\" data-e-type=\"container\">\n\t\t\t\t<div class=\"elementor-element elementor-element-iwgs-raeuchern-discw elementor-widget elementor-widget-html\" data-id=\"iwgs-raeuchern-discw\" data-element_type=\"widget\" data-e-type=\"widget\" data-widget_type=\"html.default\">\n\t\t\t\t\t<footer data-nosnippet=\"true\" class=\"iwg-disclaimer-block\"><p data-nosnippet=\"true\">iWell Guard er <strong>ikke et medisinsk produkt<\/strong> og erstatter ikke medisinsk eller psykoterapeutisk behandling. Innholdet som presenteres her, er en religionsvitenskapelig og kulturhistorisk kontekstualisering, ikke et l\u00f8fte om spirituell virkning.<\/p><\/footer>\t\t\t\t<\/div>\n\t\t\t\t<\/div>\n\t\t\t\t\t<\/div>\n\t\t\t\t<\/div>\n\t\t\t\t<\/div>\n\t\t","protected":false},"excerpt":{"rendered":"","protected":false},"author":1,"featured_media":4143,"parent":0,"menu_order":0,"comment_status":"closed","ping_status":"closed","template":"elementor_header_footer","meta":{"_yoast_wpseo_focuskw":"rauhn\u00e4chte","_yoast_wpseo_title":"Rauhn\u00e4chte: betydning, ritualer og datoer","_yoast_wpseo_metadesc":"Hva er Rauhn\u00e4chte? Betydningen av de tolv nettene mellom jul og nytt\u00e5r, skikker og forbud, r\u00f8yking og orakler, fra Frau Perchta til Det ville jaktet.","_yoast_wpseo_meta-robots-noindex":"","_yoast_wpseo_canonical":"","_angie_page":false,"gefaehrdungsstufe":"","wesen_kultur":"","wesen_klasse":"","footnotes":""},"categories":[],"class_list":["post-142084","page","type-page","status-publish","has-post-thumbnail","hentry"],"yoast_head":"<!-- This site is optimized with the Yoast SEO Premium plugin v27.7 (Yoast SEO v28.3) - https:\/\/yoast.com\/product\/yoast-seo-premium-wordpress\/ -->\n<title>Rauhn\u00e4chte: betydning, ritualer og datoer<\/title>\n<meta name=\"description\" content=\"Hva er Rauhn\u00e4chte? Betydningen av de tolv nettene mellom jul og nytt\u00e5r, skikker og forbud, r\u00f8yking og orakler, fra Frau Perchta til Det ville jaktet.\" \/>\n<meta name=\"robots\" content=\"index, follow, max-snippet:-1, max-image-preview:large, max-video-preview:-1\" \/>\n<link rel=\"canonical\" href=\"https:\/\/iwell-guard.com\/no\/rauhnaechte\/\" \/>\n<meta property=\"og:locale\" content=\"nb_NO\" \/>\n<meta property=\"og:type\" content=\"article\" \/>\n<meta property=\"og:title\" content=\"Rauhn\u00e4chte\" \/>\n<meta property=\"og:description\" content=\"Hva er Rauhn\u00e4chte? Betydningen av de tolv nettene mellom jul og nytt\u00e5r, skikker og forbud, r\u00f8yking og orakler, fra Frau Perchta til Det ville jaktet.\" \/>\n<meta property=\"og:url\" content=\"https:\/\/iwell-guard.com\/no\/rauhnaechte\/\" \/>\n<meta property=\"og:site_name\" content=\"iWell Guard\" \/>\n<meta property=\"article:modified_time\" content=\"2026-09-03T10:24:46+00:00\" \/>\n<meta property=\"og:image\" content=\"https:\/\/iwell-guard.com\/wp-content\/uploads\/2026\/05\/schutzsymbol_universell_raeuchern-683x1024.png\" \/>\n\t<meta property=\"og:image:width\" content=\"683\" \/>\n\t<meta property=\"og:image:height\" content=\"1024\" \/>\n\t<meta property=\"og:image:type\" content=\"image\/png\" \/>\n<meta name=\"twitter:card\" content=\"summary_large_image\" \/>\n<script type=\"application\/ld+json\" class=\"yoast-schema-graph\">{\"@context\":\"https:\\\/\\\/schema.org\",\"@graph\":[{\"@type\":\"WebPage\",\"@id\":\"https:\\\/\\\/iwell-guard.com\\\/no\\\/rauhnaechte\\\/\",\"url\":\"https:\\\/\\\/iwell-guard.com\\\/no\\\/rauhnaechte\\\/\",\"name\":\"Rauhn\u00e4chte: betydning, ritualer og datoer\",\"isPartOf\":{\"@id\":\"https:\\\/\\\/iwell-guard.com\\\/no\\\/#website\"},\"primaryImageOfPage\":{\"@id\":\"https:\\\/\\\/iwell-guard.com\\\/no\\\/rauhnaechte\\\/#primaryimage\"},\"image\":{\"@id\":\"https:\\\/\\\/iwell-guard.com\\\/no\\\/rauhnaechte\\\/#primaryimage\"},\"thumbnailUrl\":\"https:\\\/\\\/iwell-guard.com\\\/wp-content\\\/uploads\\\/2026\\\/05\\\/schutzsymbol_universell_raeuchern.png\",\"datePublished\":\"2026-09-03T09:30:52+00:00\",\"dateModified\":\"2026-09-03T10:24:46+00:00\",\"description\":\"Hva er Rauhn\u00e4chte? Betydningen av de tolv nettene mellom jul og nytt\u00e5r, skikker og forbud, r\u00f8yking og orakler, fra Frau Perchta til Det ville jaktet.\",\"breadcrumb\":{\"@id\":\"https:\\\/\\\/iwell-guard.com\\\/no\\\/rauhnaechte\\\/#breadcrumb\"},\"inLanguage\":\"nb-NO\",\"potentialAction\":[{\"@type\":\"ReadAction\",\"target\":[\"https:\\\/\\\/iwell-guard.com\\\/no\\\/rauhnaechte\\\/\"]}]},{\"@type\":\"ImageObject\",\"inLanguage\":\"nb-NO\",\"@id\":\"https:\\\/\\\/iwell-guard.com\\\/no\\\/rauhnaechte\\\/#primaryimage\",\"url\":\"https:\\\/\\\/iwell-guard.com\\\/wp-content\\\/uploads\\\/2026\\\/05\\\/schutzsymbol_universell_raeuchern.png\",\"contentUrl\":\"https:\\\/\\\/iwell-guard.com\\\/wp-content\\\/uploads\\\/2026\\\/05\\\/schutzsymbol_universell_raeuchern.png\",\"width\":1024,\"height\":1536,\"caption\":\"R\u00f8kelse og renselse \u2013 stigende r\u00f8yk som symbol p\u00e5 renselse\"},{\"@type\":\"BreadcrumbList\",\"@id\":\"https:\\\/\\\/iwell-guard.com\\\/no\\\/rauhnaechte\\\/#breadcrumb\",\"itemListElement\":[{\"@type\":\"ListItem\",\"position\":1,\"name\":\"Start\",\"item\":\"https:\\\/\\\/iwell-guard.com\\\/no\\\/?page_id=140795\"},{\"@type\":\"ListItem\",\"position\":2,\"name\":\"Rauhn\u00e4chte\"}]},{\"@type\":\"WebSite\",\"@id\":\"https:\\\/\\\/iwell-guard.com\\\/no\\\/#website\",\"url\":\"https:\\\/\\\/iwell-guard.com\\\/no\\\/\",\"name\":\"iWell Guard\",\"description\":\"Schutz vor dunklen Einfl\u00fcssen\",\"publisher\":{\"@id\":\"https:\\\/\\\/iwell-guard.com\\\/no\\\/#organization\"},\"potentialAction\":[{\"@type\":\"SearchAction\",\"target\":{\"@type\":\"EntryPoint\",\"urlTemplate\":\"https:\\\/\\\/iwell-guard.com\\\/no\\\/?s={search_term_string}\"},\"query-input\":{\"@type\":\"PropertyValueSpecification\",\"valueRequired\":true,\"valueName\":\"search_term_string\"}}],\"inLanguage\":\"nb-NO\"},{\"@type\":\"Organization\",\"@id\":\"https:\\\/\\\/iwell-guard.com\\\/no\\\/#organization\",\"name\":\"Ittermann electronic GmbH\",\"url\":\"https:\\\/\\\/iwell-guard.com\\\/no\\\/\",\"logo\":{\"@type\":\"ImageObject\",\"inLanguage\":\"nb-NO\",\"@id\":\"https:\\\/\\\/iwell-guard.com\\\/no\\\/#\\\/schema\\\/logo\\\/image\\\/\",\"url\":\"https:\\\/\\\/iwell-guard.com\\\/wp-content\\\/uploads\\\/2026\\\/05\\\/Ittermann-Logo-1182x237-1.png\",\"contentUrl\":\"https:\\\/\\\/iwell-guard.com\\\/wp-content\\\/uploads\\\/2026\\\/05\\\/Ittermann-Logo-1182x237-1.png\",\"width\":1182,\"height\":237,\"caption\":\"Ittermann electronic GmbH\"},\"image\":{\"@id\":\"https:\\\/\\\/iwell-guard.com\\\/no\\\/#\\\/schema\\\/logo\\\/image\\\/\"},\"sameAs\":[\"https:\\\/\\\/pantip.com\\\/profile\\\/9367242\",\"https:\\\/\\\/micro.blog\\\/iwellguard\",\"https:\\\/\\\/www.diggerslist.com\\\/iwellguard\\\/about\",\"https:\\\/\\\/skitterphoto.com\\\/photographers\\\/2870314\\\/iwell-guard\",\"https:\\\/\\\/iwellguard.wordpress.com\\\/2026\\\/06\\\/06\\\/iwell-guard\\\/\",\"https:\\\/\\\/hub.docker.com\\\/u\\\/iwellguard\",\"https:\\\/\\\/www.pinterest.com\\\/iwellguard\\\/\",\"https:\\\/\\\/bit.ly\\\/m\\\/iwellguard\",\"https:\\\/\\\/entre-vos-mains.alsace.eu\\\/profiles\\\/iwellguard\\\/activity\",\"https:\\\/\\\/gravatar.com\\\/reallybeded8fd34\",\"https:\\\/\\\/naijamatta.com\\\/iwellguard\",\"https:\\\/\\\/www.goodreads.com\\\/iwellguard\",\"https:\\\/\\\/profile.hatena.ne.jp\\\/iwellguard\\\/\",\"https:\\\/\\\/experiment.com\\\/users\\\/iwellguard\",\"https:\\\/\\\/wakelet.com\\\/@iWellGuard82270\",\"https:\\\/\\\/www.chordie.com\\\/forum\\\/profile.php?id=2555664\",\"https:\\\/\\\/www.instapaper.com\\\/p\\\/17757966\",\"https:\\\/\\\/www.mapleprimes.com\\\/users\\\/iwellguard\",\"https:\\\/\\\/businesslistingplus.com\\\/profile\\\/iwell-guard\\\/\",\"https:\\\/\\\/telegra.ph\\\/iWell-Guard-06-06\",\"https:\\\/\\\/pbase.com\\\/iwellguard\\\/iwellguard\",\"https:\\\/\\\/b.hatena.ne.jp\\\/iwellguard\\\/20260607#bookmark-4788405196491818882\",\"https:\\\/\\\/fliphtml5.com\\\/home\\\/iwellguard\",\"https:\\\/\\\/anyflip.com\\\/homepage\\\/cmiwl#About\",\"https:\\\/\\\/transfur.com\\\/Users\\\/iwellguard\",\"http:\\\/\\\/delphi.larsbo.org\\\/user\\\/iwellguard\",\"https:\\\/\\\/jobs.lajobsportal.org\\\/profiles\\\/8380803-iwell-guard\",\"https:\\\/\\\/md.chaosdorf.de\\\/s\\\/jfbe5SBdJD\",\"https:\\\/\\\/www.lingvolive.com\\\/en-us\\\/profile\\\/9ecaeaca-ce11-4e51-9e71-01d55e2bff36\\\/translations\",\"https:\\\/\\\/www.fitday.com\\\/fitness\\\/forums\\\/members\\\/iwellguard.html\",\"https:\\\/\\\/www.mymeetbook.com\\\/iwellguard\",\"https:\\\/\\\/pxhere.com\\\/en\\\/photographer-me\\\/5040798\",\"https:\\\/\\\/disqus.com\\\/by\\\/iwellguard\\\/about\\\/\",\"https:\\\/\\\/pastelink.net\\\/hjwciqwq\",\"https:\\\/\\\/pubhtml5.com\\\/homepage\\\/scjhn\\\/\",\"https:\\\/\\\/www.bitchute.com\\\/channel\\\/2O2eOKzNqujT\",\"https:\\\/\\\/audiomack.com\\\/iwellguard\"]}]}<\/script>\n<!-- \/ Yoast SEO Premium plugin. -->","yoast_head_json":{"title":"Rauhn\u00e4chte: betydning, ritualer og datoer","description":"Hva er Rauhn\u00e4chte? Betydningen av de tolv nettene mellom jul og nytt\u00e5r, skikker og forbud, r\u00f8yking og orakler, fra Frau Perchta til Det ville jaktet.","robots":{"index":"index","follow":"follow","max-snippet":"max-snippet:-1","max-image-preview":"max-image-preview:large","max-video-preview":"max-video-preview:-1"},"canonical":"https:\/\/iwell-guard.com\/no\/rauhnaechte\/","og_locale":"nb_NO","og_type":"article","og_title":"Rauhn\u00e4chte","og_description":"Hva er Rauhn\u00e4chte? Betydningen av de tolv nettene mellom jul og nytt\u00e5r, skikker og forbud, r\u00f8yking og orakler, fra Frau Perchta til Det ville jaktet.","og_url":"https:\/\/iwell-guard.com\/no\/rauhnaechte\/","og_site_name":"iWell Guard","article_modified_time":"2026-09-03T10:24:46+00:00","og_image":[{"width":683,"height":1024,"url":"https:\/\/iwell-guard.com\/wp-content\/uploads\/2026\/05\/schutzsymbol_universell_raeuchern-683x1024.png","type":"image\/png"}],"twitter_card":"summary_large_image","schema":{"@context":"https:\/\/schema.org","@graph":[{"@type":"WebPage","@id":"https:\/\/iwell-guard.com\/no\/rauhnaechte\/","url":"https:\/\/iwell-guard.com\/no\/rauhnaechte\/","name":"Rauhn\u00e4chte: betydning, ritualer og datoer","isPartOf":{"@id":"https:\/\/iwell-guard.com\/no\/#website"},"primaryImageOfPage":{"@id":"https:\/\/iwell-guard.com\/no\/rauhnaechte\/#primaryimage"},"image":{"@id":"https:\/\/iwell-guard.com\/no\/rauhnaechte\/#primaryimage"},"thumbnailUrl":"https:\/\/iwell-guard.com\/wp-content\/uploads\/2026\/05\/schutzsymbol_universell_raeuchern.png","datePublished":"2026-09-03T09:30:52+00:00","dateModified":"2026-09-03T10:24:46+00:00","description":"Hva er Rauhn\u00e4chte? Betydningen av de tolv nettene mellom jul og nytt\u00e5r, skikker og forbud, r\u00f8yking og orakler, fra Frau Perchta til Det ville jaktet.","breadcrumb":{"@id":"https:\/\/iwell-guard.com\/no\/rauhnaechte\/#breadcrumb"},"inLanguage":"nb-NO","potentialAction":[{"@type":"ReadAction","target":["https:\/\/iwell-guard.com\/no\/rauhnaechte\/"]}]},{"@type":"ImageObject","inLanguage":"nb-NO","@id":"https:\/\/iwell-guard.com\/no\/rauhnaechte\/#primaryimage","url":"https:\/\/iwell-guard.com\/wp-content\/uploads\/2026\/05\/schutzsymbol_universell_raeuchern.png","contentUrl":"https:\/\/iwell-guard.com\/wp-content\/uploads\/2026\/05\/schutzsymbol_universell_raeuchern.png","width":1024,"height":1536,"caption":"R\u00f8kelse og renselse \u2013 stigende r\u00f8yk som symbol p\u00e5 renselse"},{"@type":"BreadcrumbList","@id":"https:\/\/iwell-guard.com\/no\/rauhnaechte\/#breadcrumb","itemListElement":[{"@type":"ListItem","position":1,"name":"Start","item":"https:\/\/iwell-guard.com\/no\/?page_id=140795"},{"@type":"ListItem","position":2,"name":"Rauhn\u00e4chte"}]},{"@type":"WebSite","@id":"https:\/\/iwell-guard.com\/no\/#website","url":"https:\/\/iwell-guard.com\/no\/","name":"iWell Guard","description":"Schutz vor dunklen Einfl\u00fcssen","publisher":{"@id":"https:\/\/iwell-guard.com\/no\/#organization"},"potentialAction":[{"@type":"SearchAction","target":{"@type":"EntryPoint","urlTemplate":"https:\/\/iwell-guard.com\/no\/?s={search_term_string}"},"query-input":{"@type":"PropertyValueSpecification","valueRequired":true,"valueName":"search_term_string"}}],"inLanguage":"nb-NO"},{"@type":"Organization","@id":"https:\/\/iwell-guard.com\/no\/#organization","name":"Ittermann electronic GmbH","url":"https:\/\/iwell-guard.com\/no\/","logo":{"@type":"ImageObject","inLanguage":"nb-NO","@id":"https:\/\/iwell-guard.com\/no\/#\/schema\/logo\/image\/","url":"https:\/\/iwell-guard.com\/wp-content\/uploads\/2026\/05\/Ittermann-Logo-1182x237-1.png","contentUrl":"https:\/\/iwell-guard.com\/wp-content\/uploads\/2026\/05\/Ittermann-Logo-1182x237-1.png","width":1182,"height":237,"caption":"Ittermann electronic GmbH"},"image":{"@id":"https:\/\/iwell-guard.com\/no\/#\/schema\/logo\/image\/"},"sameAs":["https:\/\/pantip.com\/profile\/9367242","https:\/\/micro.blog\/iwellguard","https:\/\/www.diggerslist.com\/iwellguard\/about","https:\/\/skitterphoto.com\/photographers\/2870314\/iwell-guard","https:\/\/iwellguard.wordpress.com\/2026\/06\/06\/iwell-guard\/","https:\/\/hub.docker.com\/u\/iwellguard","https:\/\/www.pinterest.com\/iwellguard\/","https:\/\/bit.ly\/m\/iwellguard","https:\/\/entre-vos-mains.alsace.eu\/profiles\/iwellguard\/activity","https:\/\/gravatar.com\/reallybeded8fd34","https:\/\/naijamatta.com\/iwellguard","https:\/\/www.goodreads.com\/iwellguard","https:\/\/profile.hatena.ne.jp\/iwellguard\/","https:\/\/experiment.com\/users\/iwellguard","https:\/\/wakelet.com\/@iWellGuard82270","https:\/\/www.chordie.com\/forum\/profile.php?id=2555664","https:\/\/www.instapaper.com\/p\/17757966","https:\/\/www.mapleprimes.com\/users\/iwellguard","https:\/\/businesslistingplus.com\/profile\/iwell-guard\/","https:\/\/telegra.ph\/iWell-Guard-06-06","https:\/\/pbase.com\/iwellguard\/iwellguard","https:\/\/b.hatena.ne.jp\/iwellguard\/20260607#bookmark-4788405196491818882","https:\/\/fliphtml5.com\/home\/iwellguard","https:\/\/anyflip.com\/homepage\/cmiwl#About","https:\/\/transfur.com\/Users\/iwellguard","http:\/\/delphi.larsbo.org\/user\/iwellguard","https:\/\/jobs.lajobsportal.org\/profiles\/8380803-iwell-guard","https:\/\/md.chaosdorf.de\/s\/jfbe5SBdJD","https:\/\/www.lingvolive.com\/en-us\/profile\/9ecaeaca-ce11-4e51-9e71-01d55e2bff36\/translations","https:\/\/www.fitday.com\/fitness\/forums\/members\/iwellguard.html","https:\/\/www.mymeetbook.com\/iwellguard","https:\/\/pxhere.com\/en\/photographer-me\/5040798","https:\/\/disqus.com\/by\/iwellguard\/about\/","https:\/\/pastelink.net\/hjwciqwq","https:\/\/pubhtml5.com\/homepage\/scjhn\/","https:\/\/www.bitchute.com\/channel\/2O2eOKzNqujT","https:\/\/audiomack.com\/iwellguard"]}]}},"_links":{"self":[{"href":"https:\/\/iwell-guard.com\/no\/wp-json\/wp\/v2\/pages\/142084","targetHints":{"allow":["GET"]}}],"collection":[{"href":"https:\/\/iwell-guard.com\/no\/wp-json\/wp\/v2\/pages"}],"about":[{"href":"https:\/\/iwell-guard.com\/no\/wp-json\/wp\/v2\/types\/page"}],"author":[{"embeddable":true,"href":"https:\/\/iwell-guard.com\/no\/wp-json\/wp\/v2\/users\/1"}],"replies":[{"embeddable":true,"href":"https:\/\/iwell-guard.com\/no\/wp-json\/wp\/v2\/comments?post=142084"}],"version-history":[{"count":0,"href":"https:\/\/iwell-guard.com\/no\/wp-json\/wp\/v2\/pages\/142084\/revisions"}],"wp:featuredmedia":[{"embeddable":true,"href":"https:\/\/iwell-guard.com\/no\/wp-json\/wp\/v2\/media\/4143"}],"wp:attachment":[{"href":"https:\/\/iwell-guard.com\/no\/wp-json\/wp\/v2\/media?parent=142084"}],"wp:term":[{"taxonomy":"category","embeddable":true,"href":"https:\/\/iwell-guard.com\/no\/wp-json\/wp\/v2\/categories?post=142084"}],"curies":[{"name":"wp","href":"https:\/\/api.w.org\/{rel}","templated":true}]}}