{"id":142075,"date":"2026-09-03T09:30:45","date_gmt":"2026-09-03T09:30:45","guid":{"rendered":"https:\/\/iwell-guard.com\/?page_id=142075"},"modified":"2026-09-03T10:24:30","modified_gmt":"2026-09-03T10:24:30","slug":"alpesagn","status":"publish","type":"page","link":"https:\/\/iwell-guard.com\/no\/alpesagn\/","title":{"rendered":"Alpesagn"},"content":{"rendered":"\t\t<div data-elementor-type=\"wp-page\" data-elementor-id=\"142075\" class=\"elementor elementor-142075 elementor-20578 elementor-bc-flex-widget\" data-elementor-post-type=\"page\">\n\t\t\t\t<div class=\"elementor-element elementor-element-iwgcn-sami-hero iwg-kultur-hero e-flex e-con-boxed e-con e-parent\" data-id=\"iwgcn-sami-hero\" data-element_type=\"container\" data-e-type=\"container\">\n\t\t\t\t\t<div class=\"e-con-inner\">\n\t\t<div class=\"elementor-element elementor-element-iwgcn-sami-hl iwg-kultur-hero-left e-flex e-con-boxed e-con e-child\" data-id=\"iwgcn-sami-hl\" data-element_type=\"container\" data-e-type=\"container\">\n\t\t\t\t\t<div class=\"e-con-inner\">\n\t\t\t\t<div class=\"elementor-element elementor-element-iwgcn-sami-h1 elementor-widget elementor-widget-heading\" data-id=\"iwgcn-sami-h1\" data-element_type=\"widget\" data-e-type=\"widget\" data-widget_type=\"heading.default\">\n\t\t\t\t\t<h1 class=\"elementor-heading-title elementor-size-default\">Perchta, Krampus og alpenes sagnverden<\/h1>\t\t\t\t<\/div>\n\t\t<div class=\"elementor-element elementor-element-iwgcn-sami-leadc e-con-full e-flex e-con e-child\" data-id=\"iwgcn-sami-leadc\" data-element_type=\"container\" data-e-type=\"container\">\n\t\t\t\t<div class=\"elementor-element elementor-element-iwgcn-sami-lead elementor-widget elementor-widget-text-editor\" data-id=\"iwgcn-sami-lead\" data-element_type=\"widget\" data-e-type=\"widget\" data-widget_type=\"text-editor.default\">\n\t\t\t\t\t\t\t\t\t<p>Sagnverdenen i Alperegionen, fra Bayern via \u00d8sterrike og Sveits til S\u00f8r-Tirol, forbinder den vinterlige brukstradisjonen rundt Rauhn\u00e4chte med Perchta og Krampus, seter\u00e5nder som Kasermandl, mareritt-skikkelser som Drud og Toggeli, samt fjellsagn om Tatzelwurm. Disse overleveringene er tett vevd sammen med den bondepregede seter- og fjell\u00f8konomien, det katolske kirke\u00e5ret og lokale skikker som perchtenopptog.<\/p>\n<p class=\"iwg-kwfix\">Alpesagnene omfatter et mangfold av regionalt ulike vesener, fra skogkvinnen til fjellnissen, som fortsatt lever videre i tradisjon, fortelling og turisme i alperegionene.<\/p>\t\t\t\t\t\t\t\t<\/div>\n\t\t\t\t<\/div>\n\t\t\t\t\t<\/div>\n\t\t\t\t<\/div>\n\t\t<div class=\"elementor-element elementor-element-iwgcn-sami-hr iwg-kultur-hero-right e-flex e-con-boxed e-con e-child\" data-id=\"iwgcn-sami-hr\" data-element_type=\"container\" data-e-type=\"container\">\n\t\t\t\t\t<div class=\"e-con-inner\">\n\t\t\t\t<div class=\"elementor-element elementor-element-iwgcn-sami-himg iwg-hero-image elementor-widget elementor-widget-image\" data-id=\"iwgcn-sami-himg\" data-element_type=\"widget\" data-e-type=\"widget\" data-widget_type=\"image.default\">\n\t\t\t\t\t\t\t\t\t\t\t\t\t\t\t<img fetchpriority=\"high\" decoding=\"async\" width=\"683\" height=\"1024\" src=\"https:\/\/iwell-guard.com\/wp-content\/uploads\/2026\/05\/goetter_sami_beaivi-683x1024.webp\" class=\"attachment-large size-large wp-image-142982\" alt=\"Beaivi \u2013 guder fra samisk tradisjon, historisk-illustrativt\" srcset=\"https:\/\/iwell-guard.com\/wp-content\/uploads\/2026\/05\/goetter_sami_beaivi-683x1024.webp 683w, https:\/\/iwell-guard.com\/wp-content\/uploads\/2026\/05\/goetter_sami_beaivi-200x300.webp 200w, https:\/\/iwell-guard.com\/wp-content\/uploads\/2026\/05\/goetter_sami_beaivi-768x1152.webp 768w, https:\/\/iwell-guard.com\/wp-content\/uploads\/2026\/05\/goetter_sami_beaivi.webp 1024w\" sizes=\"(max-width: 683px) 100vw, 683px\" \/>\t\t\t\t\t\t\t\t\t\t\t\t\t\t\t<\/div>\n\t\t\t\t\t<\/div>\n\t\t\t\t<\/div>\n\t\t\t\t\t<\/div>\n\t\t\t\t<\/div>\n\t\t\t\t<section class=\"elementor-section elementor-top-section elementor-element elementor-element-sec-iwgcomp-sami elementor-section-boxed elementor-section-height-default elementor-section-height-default\" data-id=\"sec-iwgcomp-sami\" data-element_type=\"section\" data-e-type=\"section\">\n\t\t\t\t\t\t<div class=\"elementor-container elementor-column-gap-default\">\n\t\t\t\t\t<div class=\"elementor-column elementor-col-100 elementor-top-column elementor-element elementor-element-col-iwgcomp-sami\" data-id=\"col-iwgcomp-sami\" data-element_type=\"column\" data-e-type=\"column\">\n\t\t\t<div class=\"elementor-widget-wrap elementor-element-populated\">\n\t\t\t\t\t\t<div class=\"elementor-element elementor-element-iwgcomp-sami elementor-widget elementor-widget-text-editor\" data-id=\"iwgcomp-sami\" data-element_type=\"widget\" data-e-type=\"widget\" data-widget_type=\"text-editor.default\">\n\t\t\t\t\t\t\t\t\t<p>Den alpine <strong><span class=\"iwg-fachbegriff\" data-tooltip=\"Tolv netter mellom jul og trettondedag jul, som i folketroen tillegges spesielle krefter.\" tabindex=\"0\">Rauhn\u00e4chte-tradisjonen<\/span><\/strong> danner rammen for en stor del av de vinterlige sagnskikkelsene i Alperegionen.<\/p>\n<p class=\"iwg-kwfix\">Alpesagnene deles inn i Rauhn\u00e4chte-skikkelser som <a href=\"https:\/\/iwell-guard.com\/no\/?page_id=142038\">Perchta<\/a> og <a href=\"https:\/\/iwell-guard.com\/no\/?page_id=142037\">Krampus<\/a>, seter\u00e5nder som <a href=\"https:\/\/iwell-guard.com\/no\/?page_id=142050\">Kasermandl<\/a> og <a href=\"https:\/\/iwell-guard.com\/no\/?page_id=142049\">Venedigermandl<\/a>, mareritt-vesener som <a href=\"https:\/\/iwell-guard.com\/no\/?page_id=142041\">Drud<\/a> og <a href=\"https:\/\/iwell-guard.com\/no\/?page_id=142043\">Toggeli<\/a>, samt fjellsagn om <a href=\"https:\/\/iwell-guard.com\/no\/tatzelwurm\/\">Tatzelwurm<\/a>. De fortelles fortsatt i Bayern, \u00d8sterrike, Sveits og S\u00f8r-Tirol.<\/p>\t\t\t\t\t\t\t\t<\/div>\n\t\t\t\t\t<\/div>\n\t\t<\/div>\n\t\t\t\t\t<\/div>\n\t\t<\/section>\n\t\t<div class=\"elementor-element elementor-element-iwgcn-sami-s0 e-flex e-con-boxed e-con e-parent\" data-id=\"iwgcn-sami-s0\" data-element_type=\"container\" data-e-type=\"container\">\n\t\t\t\t\t<div class=\"e-con-inner\">\n\t\t\t\t<div class=\"elementor-element elementor-element-iwgcn-sami-s0h elementor-widget elementor-widget-heading\" data-id=\"iwgcn-sami-s0h\" data-element_type=\"widget\" data-e-type=\"widget\" data-widget_type=\"heading.default\">\n\t\t\t\t\t<h2 class=\"elementor-heading-title elementor-size-default\">Bayern, \u00d8sterrike, Sveits, S\u00f8r-Tirol: alpenes religi\u00f8se landskap<\/h2>\t\t\t\t<\/div>\n\t\t<div class=\"elementor-element elementor-element-iwgcn-sami-s0-c e-con-full e-flex e-con e-child\" data-id=\"iwgcn-sami-s0-c\" data-element_type=\"container\" data-e-type=\"container\">\n\t\t\t\t<div class=\"elementor-element elementor-element-iwgcn-sami-s0t elementor-widget elementor-widget-text-editor\" data-id=\"iwgcn-sami-s0t\" data-element_type=\"widget\" data-e-type=\"widget\" data-widget_type=\"text-editor.default\">\n\t\t\t\t\t\t\t\t\t<p>Alperegionen er overveiende romersk-katolsk, med reformerte flertall i deler av Sveits. Sagnverdenen utviklet seg over \u00e5rhundrer i spenningsfeltet mellom kirkelig fromhet og eldre, f\u00f8rkristne forestillinger om natur- og fjellvesener, som hadde praktisk betydning i den bondepregede seter- og fjell\u00f8konomien.<\/p>\n<p>Fra Bayern via Tirol og Vorarlberg til Sveits og S\u00f8r-Tirol varierer navn og fremtoning p\u00e5 sagnskikkelsene betydelig; et Kasermandl i Tirol er ikke n\u00f8dvendigvis identisk med en tilsvarende skikkelse i Berner Oberland. Dette mangfoldet gjenspeiler den sm\u00e5skalapregede topografien i alpine dalf\u00f8rer, der fortellertradisjoner har kunnet utvikle seg relativt isolert gjennom \u00e5rhundrer.<\/p>\n<p class=\"iwg-kwfix\">Grunnlinjene i denne overleveringen: en \u00e5rskalender med Rauhn\u00e4chte som en terskeltid, seter\u00e5nder som vokter av seter og buskap, mareritt-skikkelser som forklaring p\u00e5 mareritt, og fjellsagn som tolkning av uforklarlige naturfenomener i h\u00f8yfjellet.<\/p>\t\t\t\t\t\t\t\t<\/div>\n\t\t\t\t<\/div>\n\t\t\t\t\t<\/div>\n\t\t\t\t<\/div>\n\t\t<div class=\"elementor-element elementor-element-iwgcn-sami-s1 e-flex e-con-boxed e-con e-parent\" data-id=\"iwgcn-sami-s1\" data-element_type=\"container\" data-e-type=\"container\">\n\t\t\t\t\t<div class=\"e-con-inner\">\n\t\t\t\t<div class=\"elementor-element elementor-element-iwgcn-sami-s1h elementor-widget elementor-widget-heading\" data-id=\"iwgcn-sami-s1h\" data-element_type=\"widget\" data-e-type=\"widget\" data-widget_type=\"heading.default\">\n\t\t\t\t\t<h2 class=\"elementor-heading-title elementor-size-default\">Perchta og Rauhn\u00e4chte<\/h2>\t\t\t\t<\/div>\n\t\t<div class=\"elementor-element elementor-element-iwgcn-sami-s1-c e-con-full e-flex e-con e-child\" data-id=\"iwgcn-sami-s1-c\" data-element_type=\"container\" data-e-type=\"container\">\n\t\t\t\t<div class=\"elementor-element elementor-element-iwgcn-sami-s1t elementor-widget elementor-widget-text-editor\" data-id=\"iwgcn-sami-s1t\" data-element_type=\"widget\" data-e-type=\"widget\" data-widget_type=\"text-editor.default\">\n\t\t\t\t\t\t\t\t\t<p><a href=\"https:\/\/iwell-guard.com\/no\/?page_id=142038\">Perchta<\/a>, ogs\u00e5 kalt Frau Percht eller Berchta, er en av de sentrale skikkelsene i den vinterlige alpetradisjonen, b\u00e5de \u00e6ret og fryktet som herskerinne over vilt, hus og tjenerskap. I Rauhn\u00e4chte, mellom jul og trettondedag jul, drar hun if\u00f8lge overleveringen med sitt f\u00f8lge gjennom landsbyer og g\u00e5rder, pr\u00f8ver flid og orden, og straffer fors\u00f8mmelighet.<\/p>\n<p>Under perchtenopptog opptrer den dag i dag Schiachperchten, \u00abstygge\u00bb skikkelser med groteske masker og pelsverk, og Sch\u00f6nperchten i praktfulle kostymer, en skikk som holdes levende i Salzburg, Tirol og tilst\u00f8tende regioner, og som gjennom larm skal jage bort onde \u00e5nder.<\/p>\t\t\t\t\t\t\t\t<\/div>\n\t\t\t\t<\/div>\n\t\t\t\t\t<\/div>\n\t\t\t\t<\/div>\n\t\t<div class=\"elementor-element elementor-element-iwgcn-sami-s2 e-flex e-con-boxed e-con e-parent\" data-id=\"iwgcn-sami-s2\" data-element_type=\"container\" data-e-type=\"container\">\n\t\t\t\t\t<div class=\"e-con-inner\">\n\t\t\t\t<div class=\"elementor-element elementor-element-iwgcn-sami-s2h elementor-widget elementor-widget-heading\" data-id=\"iwgcn-sami-s2h\" data-element_type=\"widget\" data-e-type=\"widget\" data-widget_type=\"heading.default\">\n\t\t\t\t\t<h2 class=\"elementor-heading-title elementor-size-default\">Krampus: f\u00f8lgesvennen til Nikolaus<\/h2>\t\t\t\t<\/div>\n\t\t<div class=\"elementor-element elementor-element-iwgcn-sami-s2-c e-con-full e-flex e-con e-child\" data-id=\"iwgcn-sami-s2-c\" data-element_type=\"container\" data-e-type=\"container\">\n\t\t\t\t<div class=\"elementor-element elementor-element-iwgcn-sami-s2t elementor-widget elementor-widget-text-editor\" data-id=\"iwgcn-sami-s2t\" data-element_type=\"widget\" data-e-type=\"widget\" data-widget_type=\"text-editor.default\">\n\t\t\t\t\t\t\t\t\t<p><a href=\"https:\/\/iwell-guard.com\/no\/?page_id=142037\">Krampus<\/a> opptrer i alperegionen kvelden f\u00f8r Nikolausdagen, den 5. desember, som en m\u00f8rk motpart til den hellige Nikolaus, med horn, skinn, lenke og ris, for \u00e5 skremme uskikkelige barn. Den n\u00f8yaktige opprinnelsen til figuren er ikke fullstendig klarlagt religionsvitenskapelig; det antas et samspill mellom f\u00f8rkristne forestillinger om vinterdemoner og den kirkelige Nikolaus-tradisjonen.<\/p>\n<p>Krampusopptog, avhengig av region ogs\u00e5 kalt Krampuslauf eller Perchtenlauf, og til dels sammenblandet, er i dag blant de mest kjente vinterskikkene i \u00d8sterrike, Bayern og S\u00f8r-Tirol, og trekker i \u00f8kende grad til seg ogs\u00e5 turistinteresse.<\/p>\t\t\t\t\t\t\t\t<\/div>\n\t\t\t\t<\/div>\n\t\t\t\t\t<\/div>\n\t\t\t\t<\/div>\n\t\t<div class=\"elementor-element elementor-element-iwgcn-sami-s3 e-flex e-con-boxed e-con e-parent\" data-id=\"iwgcn-sami-s3\" data-element_type=\"container\" data-e-type=\"container\">\n\t\t\t\t\t<div class=\"e-con-inner\">\n\t\t\t\t<div class=\"elementor-element elementor-element-iwgcn-sami-s3h elementor-widget elementor-widget-heading\" data-id=\"iwgcn-sami-s3h\" data-element_type=\"widget\" data-e-type=\"widget\" data-widget_type=\"heading.default\">\n\t\t\t\t\t<h2 class=\"elementor-heading-title elementor-size-default\">Seter\u00e5nder: Kasermandl, Venedigermandl og Barbegazi<\/h2>\t\t\t\t<\/div>\n\t\t<div class=\"elementor-element elementor-element-iwgcn-sami-s3-c e-con-full e-flex e-con e-child\" data-id=\"iwgcn-sami-s3-c\" data-element_type=\"container\" data-e-type=\"container\">\n\t\t\t\t<div class=\"elementor-element elementor-element-iwgcn-sami-s3t elementor-widget elementor-widget-text-editor\" data-id=\"iwgcn-sami-s3t\" data-element_type=\"widget\" data-e-type=\"widget\" data-widget_type=\"text-editor.default\">\n\t\t\t\t\t\t\t\t\t<p><a href=\"https:\/\/iwell-guard.com\/no\/?page_id=142050\">Kasermandl<\/a> regnes som en liten, vanligvis godlynt \u00e5nd som holder til p\u00e5 avsidesliggende seterhytter (Kasern), som om natten vokter fe og hytte og hjelper senneren i arbeidet, s\u00e5 lenge denne viser respekt og lar litt melk eller mat st\u00e5 igjen til ham; utakknemlighet eller h\u00e5n skal if\u00f8lge overleveringen gjengjeldes med streker eller ulykke.<\/p>\n<p><a href=\"https:\/\/iwell-guard.com\/no\/?page_id=142049\">Venedigermandl<\/a> er en sm\u00e5vokst skikkelse fra tirolske og salzburgske bergsagn, som forbindes med de s\u00e5kalte venedigerne, fremmede skattejegere fra s\u00f8r; han skal besitte kunnskap om skjulte malm- og gullforekomster og gir av og til hj\u00f8rder eller bergarbeidere hint. <a href=\"https:\/\/iwell-guard.com\/no\/?page_id=142048\">Barbegazi<\/a> er en snegeist-skikkelse fra de fransk-sveitsiske alpene, med overdimensjonerte, ski-lignende f\u00f8tter og isbart ansikt, som varsler sn\u00f8ras og forsvinner i bergsprekker om sommeren.<\/p>\t\t\t\t\t\t\t\t<\/div>\n\t\t\t\t<\/div>\n\t\t\t\t\t<\/div>\n\t\t\t\t<\/div>\n\t\t<div class=\"elementor-element elementor-element-x-sami-s-faq e-flex e-con-boxed e-con e-parent\" data-id=\"x-sami-s-faq\" data-element_type=\"container\" data-e-type=\"container\">\n\t\t\t\t\t<div class=\"e-con-inner\">\n\t\t\t\t<div class=\"elementor-element elementor-element-x-sami-h-faq elementor-widget elementor-widget-heading\" data-id=\"x-sami-h-faq\" data-element_type=\"widget\" data-e-type=\"widget\" data-widget_type=\"heading.default\">\n\t\t\t\t\t<h2 class=\"elementor-heading-title elementor-size-default\">Vanlige sp\u00f8rsm\u00e5l om alpesagn<\/h2>\t\t\t\t<\/div>\n\t\t<div class=\"elementor-element elementor-element-iwgcn-sami-s3-c e-con-full e-flex e-con e-child\" data-id=\"iwgcn-sami-s3-c\" data-element_type=\"container\" data-e-type=\"container\">\n\t\t\t\t<div class=\"elementor-element elementor-element-x-sami-t-faq elementor-widget elementor-widget-text-editor\" data-id=\"x-sami-t-faq\" data-element_type=\"widget\" data-e-type=\"widget\" data-widget_type=\"text-editor.default\">\n\t\t\t\t\t\t\t\t\t<h3>Hva er Rauhn\u00e4chte?<\/h3>\n<p>Rauhn\u00e4chte er de tolv nettene mellom jul og trettondedag jul, som i Alperegionen regnes som en terskeltid mellom \u00e5rene, der Perchta og andre \u00e5ndevesener skal ferdes. Til tradisjonen h\u00f8rer r\u00f8kelse og ulike orakler.<\/p>\n<h3>Hva er forskjellen mellom Perchta og Krampus?<\/h3>\n<p>Perchta er en Rauhn\u00e4chte-skikkelse som pr\u00f8ver flid og orden og drar gjennom g\u00e5rdene med sitt f\u00f8lge, mens Krampus opptrer som den m\u00f8rke f\u00f8lgesvennen til den hellige Nikolas 5. desember og skremmer uskikkelige barn. Begge skikkene kombineres eller forveksles i enkelte regioner.<\/p>\n<h3>Hva er et Kasermandl?<\/h3>\n<p>Kasermandl er en seter\u00e5nd som holder til p\u00e5 avsidesliggende seterhytter, vokter buskap og hytte om natten og hjelper seterjenta eller gjeteren, s\u00e5 lenge denne viser respekt og lar en liten gave, som melk, st\u00e5 igjen.<\/p>\n<h3>Er Tatzelwurm reell?<\/h3>\n<p>Det finnes ingen zoologisk dokumentasjon for Tatzelwurm. Den regnes som et fjellsagn-motiv fra Alperegionen, som mange, dels helt opp til 1900-tallet, tilskrives observasjonsberetninger, uten at det kan utledes noe dokumentert dyr av dette.<\/p>\n<script type=\"application\/ld+json\">{\"@context\": \"https:\/\/schema.org\", \"@type\": \"FAQPage\", \"mainEntity\": [{\"@type\": \"Question\", \"name\": \"Hva er Rauhn\u00e4chte?\", \"acceptedAnswer\": {\"@type\": \"Answer\", \"text\": \"Rauhn\u00e4chte er de tolv nettene mellom jul og trettondedag jul, som i Alperegionen regnes som en terskeltid mellom \u00e5rene, der Perchta og andre \u00e5ndevesener skal ferdes. Til tradisjonen h\u00f8rer r\u00f8kelse og ulike orakler.\"}}, {\"@type\": \"Question\", \"name\": \"Hva er forskjellen mellom Perchta og Krampus?\", \"acceptedAnswer\": {\"@type\": \"Answer\", \"text\": \"Perchta er en Rauhn\u00e4chte-skikkelse som pr\u00f8ver flid og orden og drar gjennom g\u00e5rdene med sitt f\u00f8lge, mens Krampus opptrer som den m\u00f8rke f\u00f8lgesvennen til den hellige Nikolas 5. desember og skremmer uskikkelige barn. Begge skikkene kombineres eller forveksles i enkelte regioner.\"}}, {\"@type\": \"Question\", \"name\": \"Hva er et Kasermandl?\", \"acceptedAnswer\": {\"@type\": \"Answer\", \"text\": \"Kasermandl er en seter\u00e5nd som holder til p\u00e5 avsidesliggende seterhytter, vokter buskap og hytte om natten og hjelper seterjenta eller gjeteren, s\u00e5 lenge denne viser respekt og lar en liten gave, som melk, st\u00e5 igjen.\"}}, {\"@type\": \"Question\", \"name\": \"Er Tatzelwurm reell?\", \"acceptedAnswer\": {\"@type\": \"Answer\", \"text\": \"Det finnes ingen zoologisk dokumentasjon for Tatzelwurm. Den regnes som et fjellsagn-motiv fra Alperegionen, som mange, dels helt opp til 1900-tallet, tilskrives observasjonsberetninger, uten at det kan utledes noe dokumentert dyr av dette.\"}}]}<\/script>\t\t\t\t\t\t\t\t<\/div>\n\t\t\t\t<\/div>\n\t\t\t\t\t<\/div>\n\t\t\t\t<\/div>\n\t\t<div class=\"elementor-element elementor-element-iwgcn-sami-s4 e-flex e-con-boxed e-con e-parent\" data-id=\"iwgcn-sami-s4\" data-element_type=\"container\" data-e-type=\"container\">\n\t\t\t\t\t<div class=\"e-con-inner\">\n\t\t\t\t<div class=\"elementor-element elementor-element-iwgcn-sami-s4h elementor-widget elementor-widget-heading\" data-id=\"iwgcn-sami-s4h\" data-element_type=\"widget\" data-e-type=\"widget\" data-widget_type=\"heading.default\">\n\t\t\t\t\t<h2 class=\"elementor-heading-title elementor-size-default\">Marerittskikkelser: Drud, Toggeli og alpdrukket<\/h2>\t\t\t\t<\/div>\n\t\t<div class=\"elementor-element elementor-element-iwgcn-sami-s4-c e-con-full e-flex e-con e-child\" data-id=\"iwgcn-sami-s4-c\" data-element_type=\"container\" data-e-type=\"container\">\n\t\t\t\t<div class=\"elementor-element elementor-element-iwgcn-sami-s4t elementor-widget elementor-widget-text-editor\" data-id=\"iwgcn-sami-s4t\" data-element_type=\"widget\" data-e-type=\"widget\" data-widget_type=\"text-editor.default\">\n\t\t\t\t\t\t\t\t\t<p><a href=\"https:\/\/iwell-guard.com\/no\/?page_id=142041\">Drud<\/a>, ogs\u00e5 kalt Trud, er en bayersk-\u00f8sterriksk forestilling om en nattlig plage\u00e5nd som presser seg p\u00e5 brystet til sovende og for\u00e5rsaker mareritt, det s\u00e5kalte alpdrukket. Som beskyttelsestegn ble drudefoten brukt, en femkantet stjerne som ble festet over d\u00f8rer og senger.<\/p>\n<p>I Sveits er den motsvarende skikkelsen kjent som <a href=\"https:\/\/iwell-guard.com\/no\/?page_id=142043\">Toggeli<\/a>, et nattlig vesen som skaffer seg tilgang til soverommet i katte- eller dyreskikkelse, og som ogs\u00e5 skal utl\u00f8se mareritt og en f\u00f8lelse av lammelse. Begge forestillingene h\u00f8rer til det utbredte europeiske forklaringsm\u00f8nsteret for alpdrukket, som tolket s\u00f8vnfysiologiske fenomener som s\u00f8vnparalyse p\u00e5 folkelig vis.<\/p>\t\t\t\t\t\t\t\t<\/div>\n\t\t\t\t<\/div>\n\t\t\t\t\t<\/div>\n\t\t\t\t<\/div>\n\t\t<div class=\"elementor-element elementor-element-iwgcn-sami-s5 e-flex e-con-boxed e-con e-parent\" data-id=\"iwgcn-sami-s5\" data-element_type=\"container\" data-e-type=\"container\">\n\t\t\t\t\t<div class=\"e-con-inner\">\n\t\t\t\t<div class=\"elementor-element elementor-element-iwgcn-sami-s5h elementor-widget elementor-widget-heading\" data-id=\"iwgcn-sami-s5h\" data-element_type=\"widget\" data-e-type=\"widget\" data-widget_type=\"heading.default\">\n\t\t\t\t\t<h2 class=\"elementor-heading-title elementor-size-default\">Bergsagn: Tatzelwurm, Habergeiss og Nachtkrapp<\/h2>\t\t\t\t<\/div>\n\t\t<div class=\"elementor-element elementor-element-iwgcn-sami-s5-c e-con-full e-flex e-con e-child\" data-id=\"iwgcn-sami-s5-c\" data-element_type=\"container\" data-e-type=\"container\">\n\t\t\t\t<div class=\"elementor-element elementor-element-iwgcn-sami-s5t elementor-widget elementor-widget-text-editor\" data-id=\"iwgcn-sami-s5t\" data-element_type=\"widget\" data-e-type=\"widget\" data-widget_type=\"text-editor.default\">\n\t\t\t\t\t\t\t\t\t<p><a href=\"https:\/\/iwell-guard.com\/no\/tatzelwurm\/\">Tatzelwurm<\/a> er ett av de mest kjente bergsagnene fra alperegionen, et vesen med katteaktig hode og en orm- eller firfisleaktig kropp med korte forben, som tallrike observasjonsrapporter, delvis frem til 1900-tallet, fra Sveits, Bayern og \u00d8sterrike tilskrives. Naturvitenskapelig regnes Tatzelwurm som et uoppklart sagnmotiv uten dokumentert zoologisk bakgrunn, kryptozoologisk settes det av og til i forbindelse med uoppdagede reptiler.<\/p>\n<p><a href=\"https:\/\/iwell-guard.com\/no\/?page_id=142039\">Habergeiss<\/a>, et sp\u00f8kelsesaktig, geiteaktig blandingsvesen, opptrer f\u00f8rst og fremst i perchten-tradisjonen som en larmende skremmeskikkelse. <a href=\"https:\/\/iwell-guard.com\/no\/?page_id=142047\">Nachtkrapp<\/a>, en gigantisk ravnefugl, og <a href=\"https:\/\/iwell-guard.com\/no\/?page_id=142044\">Butz<\/a>, ogs\u00e5 kalt Butzemann, fra det alemannisk-schwabiske omr\u00e5det, gjaldt for barn som nattlige skremmeskikkelser for dem som ikke gikk til sengs i tide, fortellerfigurer med en oppdragende funksjon, slik de er kjent i lignende former i store deler av Sentral-Europa.<\/p>\t\t\t\t\t\t\t\t<\/div>\n\t\t\t\t<\/div>\n\t\t\t\t\t<\/div>\n\t\t\t\t<\/div>\n\t\t<div class=\"elementor-element elementor-element-iwgcn-sami-s6 e-flex e-con-boxed e-con e-parent\" data-id=\"iwgcn-sami-s6\" data-element_type=\"container\" data-e-type=\"container\">\n\t\t\t\t\t<div class=\"e-con-inner\">\n\t\t\t\t<div class=\"elementor-element elementor-element-iwgcn-sami-s6h elementor-widget elementor-widget-heading\" data-id=\"iwgcn-sami-s6h\" data-element_type=\"widget\" data-e-type=\"widget\" data-widget_type=\"heading.default\">\n\t\t\t\t\t<h2 class=\"elementor-heading-title elementor-size-default\">Rauhn\u00e4chte-tradisjoner: r\u00f8kelse, drudefot og beskyttelsesskikker<\/h2>\t\t\t\t<\/div>\n\t\t<div class=\"elementor-element elementor-element-iwgcn-sami-s6-c e-con-full e-flex e-con e-child\" data-id=\"iwgcn-sami-s6-c\" data-element_type=\"container\" data-e-type=\"container\">\n\t\t\t\t<div class=\"elementor-element elementor-element-iwgcn-sami-s6t elementor-widget elementor-widget-text-editor\" data-id=\"iwgcn-sami-s6t\" data-element_type=\"widget\" data-e-type=\"widget\" data-widget_type=\"text-editor.default\">\n\t\t\t\t\t\t\t\t\t<p>Til den vinterlige beskyttelsestradisjonen i Alperegionen h\u00f8rer r\u00f8king av hus, fj\u00f8s og seter med r\u00f8kelse og velsignede urter i Rauhn\u00e4chte, for \u00e5 holde onde \u00e5nder og sykdom borte fra det kommende \u00e5ret. Drudefoten, en femtaggers stjerne, ble festet over d\u00f8rer, fj\u00f8s og senger for \u00e5 holde Drud og Toggeli borte fra nattlig mareritt.<\/p>\n<p>Til Maria himmelfart 15. august bindes det i katolske deler av Alperegionen urtebuketter av sju, ni eller flere planteslag, som velsignes i kirken, deretter oppbevares i huset og delvis brennes som r\u00f8kelse ved uv\u00e6r eller sykdom. De tunge bjellene og rullene i perchten- og krampusopptogene tjener det samme grunnmotivet: \u00e5 jage bort vinterdemoner og onde \u00e5nder gjennom st\u00f8y.<\/p>\t\t\t\t\t\t\t\t<\/div>\n\t\t\t\t<\/div>\n\t\t\t\t\t<\/div>\n\t\t\t\t<\/div>\n\t\t<div class=\"elementor-element elementor-element-cp2d9a92a3 e-flex e-con-boxed e-con e-parent\" data-id=\"cp2d9a92a3\" data-element_type=\"container\" data-e-type=\"container\">\n\t\t\t\t\t<div class=\"e-con-inner\">\n\t\t\t\t<div class=\"elementor-element elementor-element-cp2515827f elementor-widget elementor-widget-heading\" data-id=\"cp2515827f\" data-element_type=\"widget\" data-e-type=\"widget\" data-widget_type=\"heading.default\">\n\t\t\t\t\t<h2 class=\"elementor-heading-title elementor-size-default\">Regional variasjon: fra Bayern til S\u00f8r-Tirol<\/h2>\t\t\t\t<\/div>\n\t\t<div class=\"elementor-element elementor-element-cp25cbddf2 e-flex e-con-boxed e-con e-child\" data-id=\"cp25cbddf2\" data-element_type=\"container\" data-e-type=\"container\">\n\t\t\t\t\t<div class=\"e-con-inner\">\n\t\t\t\t<div class=\"elementor-element elementor-element-cp240cdc6c elementor-widget elementor-widget-text-editor\" data-id=\"cp240cdc6c\" data-element_type=\"widget\" data-e-type=\"widget\" data-widget_type=\"text-editor.default\">\n\t\t\t\t\t\t\t\t\t<p>Alpesagnene er ikke et enhetlig korpus, men en samlebetegnelse for fortellertradisjoner fra et omr\u00e5de som strekker seg over Bayern, \u00d8sterrike, Sveits, Liechtenstein og S\u00f8r-Tirol, med egne dialekter, landskap og historiske utviklinger.<\/p>\n<p>Vesener som <a href=\"https:\/\/iwell-guard.com\/no\/norgel\/\">N\u00f6rgel<\/a> (N\u00f6rggele) og <a href=\"https:\/\/iwell-guard.com\/no\/fanggen\/\">F\u00e4nggen<\/a> er hovedsakelig belagt i S\u00f8r-Tirol og deler av Tirol, n\u00e6rt knyttet til <a href=\"https:\/\/iwell-guard.com\/no\/salige-frau\/\">Salige Frau<\/a>, en sky, men hjelpsom fjellkvinne som if\u00f8lge overleveringen skal ha l\u00e6rt gjetere veving og jordbruk. <a href=\"https:\/\/iwell-guard.com\/no\/dellermannle\/\">Dellerm\u00e4nnle<\/a> stammer fra vorarlbergsk overlevering, <a href=\"https:\/\/iwell-guard.com\/no\/?page_id=142045\">Isarnixe<\/a> er knyttet til den bayerske floden Isar, og <a href=\"https:\/\/iwell-guard.com\/no\/?page_id=142046\">Wolpertinger<\/a>, et fabelvesen satt sammen av deler fra forskjellige dyr, regnes spesifikt som en bayersk sagnfigur med en humoristisk, skr\u00f8ne-aktig karakter.<\/p>\n<p>Enkelte motiver fra disse vinterlige opptogene med maskerte skikkelser viser fjerne paralleller til <a href=\"https:\/\/iwell-guard.com\/no\/germansk\/\">germansk mytologi<\/a>, blant annet forestillinger om vilde nattlige opptog, uten at man derav kan utlede en gjennomg\u00e5ende, belagt kontinuitet.<\/p>\n<p>Denne kleinskala spredningen gj\u00f8r det vanskelig \u00e5 komme med generelle utsagn om alpesagnet. Det er mer presist \u00e5 tale om et nettverk av lokale og regionale overleveringer som forbinder felles grunnm\u00f8nstre, alm-\u00e5nder, marerittvesener, fjelluhyrer, med sine egne navn og utforminger.<\/p>\t\t\t\t\t\t\t\t<\/div>\n\t\t\t\t\t<\/div>\n\t\t\t\t<\/div>\n\t\t\t\t\t<\/div>\n\t\t\t\t<\/div>\n\t\t<div class=\"elementor-element elementor-element-cp2b1a3dae e-flex e-con-boxed e-con e-parent\" data-id=\"cp2b1a3dae\" data-element_type=\"container\" data-e-type=\"container\">\n\t\t\t\t\t<div class=\"e-con-inner\">\n\t\t\t\t<div class=\"elementor-element elementor-element-cp282c06ff elementor-widget elementor-widget-heading\" data-id=\"cp282c06ff\" data-element_type=\"widget\" data-e-type=\"widget\" data-widget_type=\"heading.default\">\n\t\t\t\t\t<h2 class=\"elementor-heading-title elementor-size-default\">Kalenderen for Rauhn\u00e4chte<\/h2>\t\t\t\t<\/div>\n\t\t<div class=\"elementor-element elementor-element-cp228b4522 e-flex e-con-boxed e-con e-child\" data-id=\"cp228b4522\" data-element_type=\"container\" data-e-type=\"container\">\n\t\t\t\t\t<div class=\"e-con-inner\">\n\t\t\t\t<div class=\"elementor-element elementor-element-cp261454c5 elementor-widget elementor-widget-text-editor\" data-id=\"cp261454c5\" data-element_type=\"widget\" data-e-type=\"widget\" data-widget_type=\"text-editor.default\">\n\t\t\t\t\t\t\t\t\t<p>De tolv Rauhn\u00e4chtene mellom jul, 24.\/25. desember, og Hellig tre kongers dag, 6. januar, regnes tradisjonelt i alperegionen som en overgangstid mellom \u00e5rene, der grensen mellom denne verden og \u00e5ndeverdenen beskrives som gjennomtrengelig. Rauhn\u00e4chtene er de tolv nettene mellom jul og Hellig tre kongers dag. I denne perioden skal Perchta og hennes f\u00f8lge, men ogs\u00e5 andre \u00e5nde- og demonskikkelser, vandre omkring.<\/p>\n<p>Til skikkene rundt Rauhn\u00e4chtene h\u00f8rer r\u00f8yking av hus og fj\u00f8s med urter og r\u00f8kelse for \u00e5 holde onde \u00e5nder unna og velsigne det kommende \u00e5ret, samt ulike sp\u00e5doms- og v\u00e6rorakler. Perchtenl\u00f8p markerer ofte overgangen fra Rauhn\u00e4chtene til den vanlige tiden, med larmende opptog som symbolsk skal jage bort vinterdemoner.<\/p>\n<p>Krampus-skikken kvelden f\u00f8r Nikolausdagen ligger tidsmessig f\u00f8r selve Rauhn\u00e4chtene, men blir i offentlighetens oppfatning ofte oppfattet sammen med dem, som del av et bredere vinterlig <span class=\"iwg-fachbegriff\" data-tooltip=\"Dager eller netter som i folketroen tillegges s\u00e6rlige, ofte farlige krefter.\" tabindex=\"0\">overgangstid<\/span>-kompleks.<\/p>\t\t\t\t\t\t\t\t<\/div>\n\t\t\t\t\t<\/div>\n\t\t\t\t<\/div>\n\t\t\t\t\t<\/div>\n\t\t\t\t<\/div>\n\t\t<div class=\"elementor-element elementor-element-cp295547c2 e-flex e-con-boxed e-con e-parent\" data-id=\"cp295547c2\" data-element_type=\"container\" data-e-type=\"container\">\n\t\t\t\t\t<div class=\"e-con-inner\">\n\t\t\t\t<div class=\"elementor-element elementor-element-cp28944fb0 elementor-widget elementor-widget-heading\" data-id=\"cp28944fb0\" data-element_type=\"widget\" data-e-type=\"widget\" data-widget_type=\"heading.default\">\n\t\t\t\t\t<h2 class=\"elementor-heading-title elementor-size-default\">Kilder: sagnsamlinger fra 1800- og 1900-tallet<\/h2>\t\t\t\t<\/div>\n\t\t<div class=\"elementor-element elementor-element-cp23d59da4 e-flex e-con-boxed e-con e-child\" data-id=\"cp23d59da4\" data-element_type=\"container\" data-e-type=\"container\">\n\t\t\t\t\t<div class=\"e-con-inner\">\n\t\t\t\t<div class=\"elementor-element elementor-element-cp2ce157b6 elementor-widget elementor-widget-text-editor\" data-id=\"cp2ce157b6\" data-element_type=\"widget\" data-e-type=\"widget\" data-widget_type=\"text-editor.default\">\n\t\t\t\t\t\t\t\t\t<p>En stor del av de i dag kjente alpesagnene ble nedskrevet p\u00e5 1800- og tidlig 1900-tall av regionale sagnsamlere, i milj\u00f8et rundt den romantiske folkeminnevitenskapen etter forbilde av br\u00f8drene Grimm. For Tirol kan blant annet Ignaz Vinzenz Zingerles samlinger nevnes, for andre regioner ble det utarbeidet sammenlignbare verk av lokale hjemstavnsforskere.<\/p>\n<p>Disse tidlige samlingene er viktige, men ikke uproblematiske kilder: de ble ofte bearbeidet litter\u00e6rt i ettertid, satt sammen regionalt og glattet ut etter datidens estetiske forestillinger, slik at muntlige varianter og deres opprinnelige fortellersituasjon bare i begrenset grad kan rekonstrueres.<\/p>\n<p>Moderne folkeminnevitenskapelig og religionsvitenskapelig forskning setter disse sagnfigurene inn i st\u00f8rre sammenhenger, for eksempel det europeiske komplekset av mareritt-forestillinger, Drud og Toggeli, forklaringer p\u00e5 uforklarte naturfenomener, Tatzelwurm, eller skremmefigurer for barn med oppdragende funksjon, Nachtkrapp og Habergeiss. Digitale sagnarkiver har de siste ti\u00e5rene gjort det lettere \u00e5 f\u00e5 tilgang til dette spredte materialet.<\/p>\t\t\t\t\t\t\t\t<\/div>\n\t\t\t\t\t<\/div>\n\t\t\t\t<\/div>\n\t\t\t\t\t<\/div>\n\t\t\t\t<\/div>\n\t\t<div class=\"elementor-element elementor-element-cp2c009332 e-flex e-con-boxed e-con e-parent\" data-id=\"cp2c009332\" data-element_type=\"container\" data-e-type=\"container\">\n\t\t\t\t\t<div class=\"e-con-inner\">\n\t\t\t\t<div class=\"elementor-element elementor-element-cp225c94da elementor-widget elementor-widget-heading\" data-id=\"cp225c94da\" data-element_type=\"widget\" data-e-type=\"widget\" data-widget_type=\"heading.default\">\n\t\t\t\t\t<h2 class=\"elementor-heading-title elementor-size-default\">Fra fj\u00f8s til Perchtenlauf-scene: skikker i endring<\/h2>\t\t\t\t<\/div>\n\t\t<div class=\"elementor-element elementor-element-cp2c7191ab e-flex e-con-boxed e-con e-child\" data-id=\"cp2c7191ab\" data-element_type=\"container\" data-e-type=\"container\">\n\t\t\t\t\t<div class=\"e-con-inner\">\n\t\t\t\t<div class=\"elementor-element elementor-element-cp23f4061d elementor-widget elementor-widget-text-editor\" data-id=\"cp23f4061d\" data-element_type=\"widget\" data-e-type=\"widget\" data-widget_type=\"text-editor.default\">\n\t\t\t\t\t\t\t\t\t<p>Mange alpesagn er n\u00e6rt knyttet til konkrete jordbrukssammenhenger: seter\u00e5ndsvesener som Kasermandl eller Barbegazi oppstod i sammenheng med seter- og beitedrift, mareritt-skikkelser som Drud og Toggeli forklarte nattlige angstanfall, og fjellsagn som Tatzelwurm tolket uforklarlige observasjoner h\u00f8yt til fjells.<\/p>\n<p>P\u00e5 1900- og 2000-tallet har en del av disse skikkene, s\u00e6rlig Perchtenl\u00f8p og Krampusl\u00f8p, l\u00f8srevet seg fra den opprinnelige bondekulturelle sammenhengen og utviklet seg til offentlig iscenesatte, turistisk markedsf\u00f8rte arrangementer, med utf\u00f8rlig utsk\u00e5rne masker, organiserte foreninger og til dels et publikum fra store deler av landet.<\/p>\n<p>Skikkelser som <a href=\"https:\/\/iwell-guard.com\/no\/?page_id=142042\">Sennentuntschi<\/a>, et sagn om en dukke laget av halm og stoff p\u00e5 setra som v\u00e5kner til liv og hevner seg p\u00e5 sine skapere, viser samtidig at alpesagnenes verden ogs\u00e5 omfatter m\u00f8rkere, moralsk ladede fortellinger om ensomhet, isolasjon og grenseoverskridelse p\u00e5 setra, som skiller seg tydelig fra de mer beskyttende seter\u00e5ndene.<\/p>\n<p>Religionsvitenskapelig kan denne endringen beskrives som en overgang fra en <span class=\"iwg-fachbegriff\" data-tooltip=\"Videref\u00f8ring av kunnskap og fortellinger gjennom generasjoner.\" tabindex=\"0\">overlevering<\/span> forankret i hverdagslivet til en bevisst dyrket kulturarv, uten at sagnenes eldre beskyttende og forklarende funksjoner dermed er helt forsvunnet.<\/p>\t\t\t\t\t\t\t\t<\/div>\n\t\t\t\t\t<\/div>\n\t\t\t\t<\/div>\n\t\t\t\t\t<\/div>\n\t\t\t\t<\/div>\n\t\t<div class=\"elementor-element elementor-element-iwgha-sami-sec e-flex e-con-boxed e-con e-parent\" data-id=\"iwgha-sami-sec\" data-element_type=\"container\" data-e-type=\"container\">\n\t\t\t\t\t<div class=\"e-con-inner\">\n\t\t\t\t<div class=\"elementor-element elementor-element-iwgha-sami-h elementor-widget elementor-widget-heading\" data-id=\"iwgha-sami-h\" data-element_type=\"widget\" data-e-type=\"widget\" data-widget_type=\"heading.default\">\n\t\t\t\t\t<h2 class=\"elementor-heading-title elementor-size-default\">Vesener i denne tradisjonen (18)<\/h2>\t\t\t\t<\/div>\n\t\t<div class=\"elementor-element elementor-element-iwgha-sami-gc e-flex e-con-boxed e-con e-parent\" data-id=\"iwgha-sami-gc\" data-element_type=\"container\" data-e-type=\"container\">\n\t\t\t\t\t<div class=\"e-con-inner\">\n\t\t\t\t<div class=\"elementor-element elementor-element-iwgha-sami-grid elementor-widget elementor-widget-text-editor\" data-id=\"iwgha-sami-grid\" data-element_type=\"widget\" data-e-type=\"widget\" data-widget_type=\"text-editor.default\">\n\t\t\t\t\t\t\t\t\t<div class=\"iwg-wesen-grid\"><a class=\"iwg-wesen-card\" href=\"https:\/\/iwell-guard.com\/no\/venedigermandl-erzsoker\/\" aria-label=\"Venedigermandl\"><div class=\"iwg-wesen-card-imgwrap\"><img decoding=\"async\" src=\"https:\/\/iwell-guard.com\/wp-content\/uploads\/2026\/07\/geister_alpin_venedigermandl-200x300.webp\" alt=\"Venedigermandl\" loading=\"lazy\"><\/div><div class=\"iwg-wesen-card-body\"><div class=\"iwg-wesen-card-name\">Venedigermandl<\/div><div class=\"iwg-wesen-card-arrow\">\u2192 Til vesenet<\/div><\/div><\/a><a class=\"iwg-wesen-card\" href=\"https:\/\/iwell-guard.com\/no\/kasermandl\/\" aria-label=\"Kasermandl\"><div class=\"iwg-wesen-card-imgwrap\"><img decoding=\"async\" src=\"https:\/\/iwell-guard.com\/wp-content\/uploads\/2026\/07\/geister_alpin_kasermandl-200x300.webp\" alt=\"Kasermandl\" loading=\"lazy\"><\/div><div class=\"iwg-wesen-card-body\"><div class=\"iwg-wesen-card-name\">Kasermandl<\/div><div class=\"iwg-wesen-card-arrow\">\u2192 Til vesenet<\/div><\/div><\/a><a class=\"iwg-wesen-card\" href=\"https:\/\/iwell-guard.com\/no\/barbegazi\/\" aria-label=\"Barbegazi\"><div class=\"iwg-wesen-card-imgwrap\"><img decoding=\"async\" src=\"https:\/\/iwell-guard.com\/wp-content\/uploads\/2026\/07\/geister_alpin_barbegazi-200x300.webp\" alt=\"Barbegazi\" loading=\"lazy\"><\/div><div class=\"iwg-wesen-card-body\"><div class=\"iwg-wesen-card-name\">Barbegazi<\/div><div class=\"iwg-wesen-card-arrow\">\u2192 Til vesenet<\/div><\/div><\/a><a class=\"iwg-wesen-card\" href=\"https:\/\/iwell-guard.com\/no\/nachtkrapp\/\" aria-label=\"Nachtkrapp\"><div class=\"iwg-wesen-card-imgwrap\"><img decoding=\"async\" src=\"https:\/\/iwell-guard.com\/wp-content\/uploads\/2026\/07\/geister_alpin_nachtkrapp-200x300.webp\" alt=\"Nachtkrapp\" loading=\"lazy\"><\/div><div class=\"iwg-wesen-card-body\"><div class=\"iwg-wesen-card-name\">Nachtkrapp<\/div><div class=\"iwg-wesen-card-arrow\">\u2192 Til vesenet<\/div><\/div><\/a><a class=\"iwg-wesen-card\" href=\"https:\/\/iwell-guard.com\/no\/wolpertinger\/\" aria-label=\"Wolpertinger\"><div class=\"iwg-wesen-card-imgwrap\"><img decoding=\"async\" src=\"https:\/\/iwell-guard.com\/wp-content\/uploads\/2026\/07\/geister_alpin_wolpertinger-200x300.webp\" alt=\"Wolpertinger\" loading=\"lazy\"><\/div><div class=\"iwg-wesen-card-body\"><div class=\"iwg-wesen-card-name\">Wolpertinger<\/div><div class=\"iwg-wesen-card-arrow\">\u2192 Til vesenet<\/div><\/div><\/a><a class=\"iwg-wesen-card\" href=\"https:\/\/iwell-guard.com\/no\/isarnixe\/\" aria-label=\"Isarnixe\"><div class=\"iwg-wesen-card-imgwrap\"><img decoding=\"async\" src=\"https:\/\/iwell-guard.com\/wp-content\/uploads\/2026\/07\/geister_alpin_isarnixe-200x300.webp\" alt=\"Isarnixe\" loading=\"lazy\"><\/div><div class=\"iwg-wesen-card-body\"><div class=\"iwg-wesen-card-name\">Isarnixe<\/div><div class=\"iwg-wesen-card-arrow\">\u2192 Til vesenet<\/div><\/div><\/a><a class=\"iwg-wesen-card\" href=\"https:\/\/iwell-guard.com\/no\/butz\/\" aria-label=\"Butz\"><div class=\"iwg-wesen-card-imgwrap\"><img decoding=\"async\" src=\"https:\/\/iwell-guard.com\/wp-content\/uploads\/2026\/07\/geister_alpin_butz-200x300.webp\" alt=\"Butz\" loading=\"lazy\"><\/div><div class=\"iwg-wesen-card-body\"><div class=\"iwg-wesen-card-name\">Butz<\/div><div class=\"iwg-wesen-card-arrow\">\u2192 Til vesenet<\/div><\/div><\/a><a class=\"iwg-wesen-card\" href=\"https:\/\/iwell-guard.com\/no\/toggeli\/\" aria-label=\"Toggeli\"><div class=\"iwg-wesen-card-imgwrap\"><img decoding=\"async\" src=\"https:\/\/iwell-guard.com\/wp-content\/uploads\/2026\/07\/daemonen_alpin_toggeli-200x300.webp\" alt=\"Toggeli\" loading=\"lazy\"><\/div><div class=\"iwg-wesen-card-body\"><div class=\"iwg-wesen-card-name\">Toggeli<\/div><div class=\"iwg-wesen-card-arrow\">\u2192 Til vesenet<\/div><\/div><\/a><a class=\"iwg-wesen-card\" href=\"https:\/\/iwell-guard.com\/no\/sennentuntschi\/\" aria-label=\"Sennentuntschi\"><div class=\"iwg-wesen-card-imgwrap\"><img decoding=\"async\" src=\"https:\/\/iwell-guard.com\/wp-content\/uploads\/2026\/07\/daemonen_alpin_sennentuntschi-200x300.webp\" alt=\"Sennentuntschi\" loading=\"lazy\"><\/div><div class=\"iwg-wesen-card-body\"><div class=\"iwg-wesen-card-name\">Sennentuntschi<\/div><div class=\"iwg-wesen-card-arrow\">\u2192 Til vesenet<\/div><\/div><\/a><a class=\"iwg-wesen-card\" href=\"https:\/\/iwell-guard.com\/no\/drud\/\" aria-label=\"Drud\"><div class=\"iwg-wesen-card-imgwrap\"><img decoding=\"async\" src=\"https:\/\/iwell-guard.com\/wp-content\/uploads\/2026\/07\/daemonen_alpin_drud-200x300.webp\" alt=\"Drud\" loading=\"lazy\"><\/div><div class=\"iwg-wesen-card-body\"><div class=\"iwg-wesen-card-name\">Drud<\/div><div class=\"iwg-wesen-card-arrow\">\u2192 Til vesenet<\/div><\/div><\/a><a class=\"iwg-wesen-card\" href=\"https:\/\/iwell-guard.com\/no\/habergeiss\/\" aria-label=\"Habergei\u00df\"><div class=\"iwg-wesen-card-imgwrap\"><img decoding=\"async\" src=\"https:\/\/iwell-guard.com\/wp-content\/uploads\/2026\/07\/daemonen_alpin_habergeiss-200x300.webp\" alt=\"Habergei\u00df\" loading=\"lazy\"><\/div><div class=\"iwg-wesen-card-body\"><div class=\"iwg-wesen-card-name\">Habergei\u00df<\/div><div class=\"iwg-wesen-card-arrow\">\u2192 Til vesenet<\/div><\/div><\/a><a class=\"iwg-wesen-card\" href=\"https:\/\/iwell-guard.com\/no\/frau-perchta\/\" aria-label=\"Fru Perchta\"><div class=\"iwg-wesen-card-imgwrap\"><img decoding=\"async\" src=\"https:\/\/iwell-guard.com\/wp-content\/uploads\/2026\/07\/geister_alpin_perchta-200x300.webp\" alt=\"Fru Perchta\" loading=\"lazy\"><\/div><div class=\"iwg-wesen-card-body\"><div class=\"iwg-wesen-card-name\">Fru Perchta<\/div><div class=\"iwg-wesen-card-arrow\">\u2192 Til vesenet<\/div><\/div><\/a><a class=\"iwg-wesen-card\" href=\"https:\/\/iwell-guard.com\/no\/krampus\/\" aria-label=\"Krampus\"><div class=\"iwg-wesen-card-imgwrap\"><img decoding=\"async\" src=\"https:\/\/iwell-guard.com\/wp-content\/uploads\/2026\/07\/daemonen_alpin_krampus-200x300.webp\" alt=\"Krampus\" loading=\"lazy\"><\/div><div class=\"iwg-wesen-card-body\"><div class=\"iwg-wesen-card-name\">Krampus<\/div><div class=\"iwg-wesen-card-arrow\">\u2192 Til vesenet<\/div><\/div><\/a><a class=\"iwg-wesen-card\" href=\"https:\/\/iwell-guard.com\/no\/tatzelwurm\/\" aria-label=\"Tatzelwurm\"><div class=\"iwg-wesen-card-imgwrap\"><img decoding=\"async\" src=\"https:\/\/iwell-guard.com\/wp-content\/uploads\/2026\/07\/daemonen_alpin_tatzelwurm-200x300.webp\" alt=\"Tatzelwurm\" loading=\"lazy\"><\/div><div class=\"iwg-wesen-card-body\"><div class=\"iwg-wesen-card-name\">Tatzelwurm<\/div><div class=\"iwg-wesen-card-arrow\">\u2192 Til vesenet<\/div><\/div><\/a><a class=\"iwg-wesen-card\" href=\"https:\/\/iwell-guard.com\/no\/salige-frau\/\" aria-label=\"Salige Frau\"><div class=\"iwg-wesen-card-imgwrap\"><img decoding=\"async\" src=\"https:\/\/iwell-guard.com\/wp-content\/uploads\/2026\/07\/geister_alpin_salige-frau-200x300.webp\" alt=\"Salige Frau\" loading=\"lazy\"><\/div><div class=\"iwg-wesen-card-body\"><div class=\"iwg-wesen-card-name\">Salige Frau<\/div><div class=\"iwg-wesen-card-arrow\">\u2192 Til vesenet<\/div><\/div><\/a><a class=\"iwg-wesen-card\" href=\"https:\/\/iwell-guard.com\/no\/norgel\/\" aria-label=\"N\u00f6rgel\"><div class=\"iwg-wesen-card-imgwrap\"><img decoding=\"async\" src=\"https:\/\/iwell-guard.com\/wp-content\/uploads\/2026\/07\/geister_alpin_noergel-200x300.webp\" alt=\"N\u00f6rgel\" loading=\"lazy\"><\/div><div class=\"iwg-wesen-card-body\"><div class=\"iwg-wesen-card-name\">N\u00f6rgel<\/div><div class=\"iwg-wesen-card-arrow\">\u2192 Til vesenet<\/div><\/div><\/a><a class=\"iwg-wesen-card\" href=\"https:\/\/iwell-guard.com\/no\/fanggen\/\" aria-label=\"F\u00e4nggen\"><div class=\"iwg-wesen-card-imgwrap\"><img decoding=\"async\" src=\"https:\/\/iwell-guard.com\/wp-content\/uploads\/2026\/07\/geister_alpin_faenggen-200x300.webp\" alt=\"F\u00e4nggen\" loading=\"lazy\"><\/div><div class=\"iwg-wesen-card-body\"><div class=\"iwg-wesen-card-name\">F\u00e4nggen<\/div><div class=\"iwg-wesen-card-arrow\">\u2192 Til vesenet<\/div><\/div><\/a><a class=\"iwg-wesen-card\" href=\"https:\/\/iwell-guard.com\/no\/dellermannle\/\" aria-label=\"Dellerm\u00e4nnle\"><div class=\"iwg-wesen-card-imgwrap\"><img decoding=\"async\" src=\"https:\/\/iwell-guard.com\/wp-content\/uploads\/2026\/07\/geister_alpin_dellermaennle-200x300.webp\" alt=\"Dellerm\u00e4nnle\" loading=\"lazy\"><\/div><div class=\"iwg-wesen-card-body\"><div class=\"iwg-wesen-card-name\">Dellerm\u00e4nnle<\/div><div class=\"iwg-wesen-card-arrow\">\u2192 Til vesenet<\/div><\/div><\/a><\/div>\t\t\t\t\t\t\t\t<\/div>\n\t\t\t\t\t<\/div>\n\t\t\t\t<\/div>\n\t\t\t\t\t<\/div>\n\t\t\t\t<\/div>\n\t\t<div class=\"elementor-element elementor-element-iwgkw2-add-sami e-flex e-con-boxed e-con e-parent\" data-id=\"iwgkw2-add-sami\" data-element_type=\"container\" data-e-type=\"container\">\n\t\t\t\t\t<div class=\"e-con-inner\">\n\t\t\t\t<div class=\"elementor-element elementor-element-iwgkw2-add-sami-t elementor-widget elementor-widget-text-editor\" data-id=\"iwgkw2-add-sami-t\" data-element_type=\"widget\" data-e-type=\"widget\" data-widget_type=\"text-editor.default\">\n\t\t\t\t\t\t\t\t\t<p><em>perchtenlauf brauchtum<\/em> og de \u00f8vrige <em>almgeister alpen<\/em>, seter\u00e5ndene rundt Kasermandl, Venedigermandl og Barbegazi, forener Rauhnacht-r\u00f8yking, drudefot og innviede urtebuketter til en egen beskyttelsespraksis som skulle bevare hus, g\u00e5rd og seter fra vinterdemoner og mareritt-skikkelser.<\/p>\t\t\t\t\t\t\t\t<\/div>\n\t\t\t\t\t<\/div>\n\t\t\t\t<\/div>\n\t\t<div class=\"elementor-element elementor-element-iwgcn-sami-kwd e-flex e-con-boxed e-con e-parent\" data-id=\"iwgcn-sami-kwd\" data-element_type=\"container\" data-e-type=\"container\">\n\t\t\t\t\t<div class=\"e-con-inner\">\n\t\t<div class=\"elementor-element elementor-element-iwgcn-sami-kwd-c e-con-full e-flex e-con e-child\" data-id=\"iwgcn-sami-kwd-c\" data-element_type=\"container\" data-e-type=\"container\">\n\t\t\t\t<div class=\"elementor-element elementor-element-iwgcn-sami-kwdt elementor-widget elementor-widget-text-editor\" data-id=\"iwgcn-sami-kwdt\" data-element_type=\"widget\" data-e-type=\"widget\" data-widget_type=\"text-editor.default\">\n\t\t\t\t\t\t\t\t\t<p><em>Relaterte n\u00f8kkelbegreper: Perchta Krampus Rauhn\u00e4chte Kasermandl Drud Toggeli Tatzelwurm Habergeiss Salige Frau Alpeomr\u00e5det S\u00f8r-Tirol Tirol.<\/em><\/p>\t\t\t\t\t\t\t\t<\/div>\n\t\t\t\t<\/div>\n\t\t\t\t\t<\/div>\n\t\t\t\t<\/div>\n\t\t<div class=\"elementor-element elementor-element-iwgcn-sami-cc e-flex e-con-boxed e-con e-parent\" data-id=\"iwgcn-sami-cc\" data-element_type=\"container\" data-e-type=\"container\" id=\"iwg-cc-sami\">\n\t\t\t\t\t<div class=\"e-con-inner\">\n\t\t<div class=\"elementor-element elementor-element-iwgcn-sami-ccinner e-flex e-con-boxed e-con e-parent\" data-id=\"iwgcn-sami-ccinner\" data-element_type=\"container\" data-e-type=\"container\" data-settings=\"{&quot;background_background&quot;:&quot;classic&quot;}\">\n\t\t\t\t\t<div class=\"e-con-inner\">\n\t\t\t\t<div class=\"elementor-element elementor-element-iwgcn-sami-cch elementor-widget elementor-widget-heading\" data-id=\"iwgcn-sami-cch\" data-element_type=\"widget\" data-e-type=\"widget\" data-widget_type=\"heading.default\">\n\t\t\t\t\t<h2 class=\"elementor-heading-title elementor-size-default\">Beskyttelsesobjekter i denne kulturtradisjonen<\/h2>\t\t\t\t<\/div>\n\t\t\t\t<div class=\"elementor-element elementor-element-iwgcn-sami-cct elementor-widget elementor-widget-text-editor\" data-id=\"iwgcn-sami-cct\" data-element_type=\"widget\" data-e-type=\"widget\" data-widget_type=\"text-editor.default\">\n\t\t\t\t\t\t\t\t\t<p>Den alpelandske tradisjonen kjenner <a href=\"https:\/\/iwell-guard.com\/no\/drudefot-og-pentagram\/\">drudefoten<\/a> over d\u00f8rer og senger, innviede <a href=\"https:\/\/iwell-guard.com\/no\/?page_id=142051\">urtebuketter<\/a> til Marias himmelfart, <a href=\"https:\/\/iwell-guard.com\/no\/rokelse-og-renselse\/\">Rauhnacht-r\u00f8yking<\/a> av hus og fj\u00f8s med <a href=\"https:\/\/iwell-guard.com\/no\/rokelse\/\">r\u00f8kelse<\/a>, samt de tunge <a href=\"https:\/\/iwell-guard.com\/no\/bjeller-som-stoyende-beskyttelse\/\">bjellene<\/a> i Perchten- og Krampusl\u00f8pene, der lyden skal jage bort vinterdemoner. En kulturovergripende oversikt finner du i <a href=\"https:\/\/iwell-guard.com\/no\/beskyttelseskompass\/\">Schutz-Kompass<\/a>.<\/p>\n<div data-nosnippet=\"true\"><p>iWell Guard f\u00f8yer seg inn i denne kulturhistoriske linjen av b\u00e6rbare beskyttelsesobjekter, i en samtidig materialarkitektur, laget i Tyskland. 41 lag, ekte gull, platina, s\u00f8lv. 30 dagers returrett.<\/p><\/div>\t\t\t\t\t\t\t\t<\/div>\n\t\t\t\t<div class=\"elementor-element elementor-element-iwgcn-sami-ccb iwg-cc-button iwg-cc-cta-2026-05-13 elementor-widget elementor-widget-jet-button\" data-id=\"iwgcn-sami-ccb\" data-element_type=\"widget\" data-e-type=\"widget\" data-widget_type=\"jet-button.default\">\n\t\t\t\t<div class=\"elementor-widget-container\">\n\t\t\t\t\t<div class=\"elementor-jet-button jet-elements\"><div class=\"jet-button__container\"><a class=\"jet-button__instance jet-button__instance--icon-left hover-effect-1\" href=\"\/ueber-iwell-guard\/?utm_source=iwell-guard.com&amp;utm_medium=info-box&amp;utm_campaign=kultur-tradition\"><div class=\"jet-button__plane jet-button__plane-normal\"><\/div><div class=\"jet-button__plane jet-button__plane-hover\"><\/div><div class=\"jet-button__state jet-button__state-normal\"><span class=\"jet-button__label\">Mer om iWell Guard<\/span><\/div><div class=\"jet-button__state jet-button__state-hover\"><span class=\"jet-button__label\">Mer om iWell Guard<\/span><\/div><\/a><\/div><\/div><style>.elementor-element.elementor-element-iwgcn-sami-ccb .jet-button__instance{width:320px;height:56px;}.elementor-element.elementor-element-iwgcn-sami-ccb .jet-button__state-normal .jet-button__label{text-align:center;margin:0px 0px 0px 0px;color:#1a1b20;font-family:Montserrat,sans-serif;font-size:13px;font-weight:400;letter-spacing:4px;line-height:1.714em;text-transform:uppercase;}.elementor-element.elementor-element-iwgcn-sami-ccb .jet-button__state-hover .jet-button__label{text-align:center;margin:0px 0px 0px 0px;color:#FECC76;font-family:Montserrat,sans-serif;font-size:13px;font-weight:400;letter-spacing:4px;line-height:1.714em;text-transform:uppercase;}.elementor-element.elementor-element-iwgcn-sami-ccb .jet-button__plane-normal{background-color:#FECC76;border-style:solid;border-color:#C99540;border-width:2px 2px 2px 2px;}.elementor-element.elementor-element-iwgcn-sami-ccb .jet-button__plane-hover{background-color:rgba(0,0,0,0.55);border-style:solid;border-color:#FECC76;border-width:2px 2px 2px 2px;}<\/style>\t\t\t\t<\/div>\n\t\t\t\t<\/div>\n\t\t\t\t<div class=\"elementor-element elementor-element-iwgcn-sami-ccd elementor-widget elementor-widget-text-editor\" data-id=\"iwgcn-sami-ccd\" data-element_type=\"widget\" data-e-type=\"widget\" data-widget_type=\"text-editor.default\">\n\t\t\t\t\t\t\t\t\t<div data-nosnippet=\"true\"><p style=\"text-align:center;font-size:13px;opacity:0.7;margin-top:14px\" data-nosnippet=\"true\">Personlige erfaringer kan variere. Ikke et medisinsk produkt. Ingen garanti for helbredelse.<\/p><\/div>\t\t\t\t\t\t\t\t<\/div>\n\t\t\t\t\t<\/div>\n\t\t\t\t<\/div>\n\t\t\t\t\t<\/div>\n\t\t\t\t<\/div>\n\t\t<div class=\"elementor-element elementor-element-iwgcn-sami-disc e-flex e-con-boxed e-con e-parent\" data-id=\"iwgcn-sami-disc\" data-element_type=\"container\" data-e-type=\"container\">\n\t\t\t\t\t<div class=\"e-con-inner\">\n\t\t\t\t<div class=\"elementor-element elementor-element-iwgcn-sami-discw elementor-widget elementor-widget-html\" data-id=\"iwgcn-sami-discw\" data-element_type=\"widget\" data-e-type=\"widget\" data-widget_type=\"html.default\">\n\t\t\t\t\t<footer data-nosnippet=\"true\" class=\"iwg-disclaimer-block\"><p data-nosnippet=\"true\">iWell Guard er <strong>ikke et medisinsk produkt<\/strong> og erstatter ingen medisinsk eller psykoterapeutisk behandling. Det religionsvitenskapelige innholdet er kulturhistorisk plassering, ikke en anbefaling om spirituell praksis.<\/p><\/footer>\t\t\t\t<\/div>\n\t\t\t\t\t<\/div>\n\t\t\t\t<\/div>\n\t\t\t\t<\/div>\n\t\t","protected":false},"excerpt":{"rendered":"","protected":false},"author":3,"featured_media":20516,"parent":0,"menu_order":0,"comment_status":"closed","ping_status":"closed","template":"elementor_header_footer","meta":{"_yoast_wpseo_focuskw":"alpesagn","_yoast_wpseo_title":"Alpesagn: Perchta, Krampus og Tatzelwurm","_yoast_wpseo_metadesc":"Perchta, Krampus, Kasermandl og Tatzelwurm: sagnverdenen i Alpene forklart religionsvitenskapelig, med Rauhn\u00e4chte-tradisjoner fra Bayern og S\u00f8r-Tirol.","_yoast_wpseo_meta-robots-noindex":"","_yoast_wpseo_canonical":"","_angie_page":false,"gefaehrdungsstufe":"","wesen_kultur":"","wesen_klasse":"","footnotes":""},"categories":[],"class_list":["post-142075","page","type-page","status-publish","has-post-thumbnail","hentry"],"yoast_head":"<!-- This site is optimized with the Yoast SEO Premium plugin v27.7 (Yoast SEO v28.3) - https:\/\/yoast.com\/product\/yoast-seo-premium-wordpress\/ -->\n<title>Alpesagn: Perchta, Krampus og Tatzelwurm<\/title>\n<meta name=\"description\" content=\"Perchta, Krampus, Kasermandl og Tatzelwurm: sagnverdenen i Alpene forklart religionsvitenskapelig, med Rauhn\u00e4chte-tradisjoner fra Bayern og S\u00f8r-Tirol.\" \/>\n<meta name=\"robots\" content=\"index, follow, max-snippet:-1, max-image-preview:large, max-video-preview:-1\" \/>\n<link rel=\"canonical\" href=\"https:\/\/iwell-guard.com\/no\/alpesagn\/\" \/>\n<meta property=\"og:locale\" content=\"nb_NO\" \/>\n<meta property=\"og:type\" content=\"article\" \/>\n<meta property=\"og:title\" content=\"Alpesagn\" \/>\n<meta property=\"og:description\" content=\"Perchta, Krampus, Kasermandl og Tatzelwurm: sagnverdenen i Alpene forklart religionsvitenskapelig, med Rauhn\u00e4chte-tradisjoner fra Bayern og S\u00f8r-Tirol.\" \/>\n<meta property=\"og:url\" content=\"https:\/\/iwell-guard.com\/no\/alpesagn\/\" \/>\n<meta property=\"og:site_name\" content=\"iWell Guard\" \/>\n<meta property=\"article:modified_time\" content=\"2026-09-03T10:24:30+00:00\" \/>\n<meta property=\"og:image\" content=\"https:\/\/iwell-guard.com\/wp-content\/uploads\/2026\/07\/daemonen_alpin_krampus.webp\" \/>\n\t<meta property=\"og:image:width\" content=\"1024\" \/>\n\t<meta property=\"og:image:height\" content=\"1536\" \/>\n\t<meta property=\"og:image:type\" content=\"image\/webp\" \/>\n<meta name=\"twitter:card\" content=\"summary_large_image\" \/>\n<script type=\"application\/ld+json\" class=\"yoast-schema-graph\">{\"@context\":\"https:\\\/\\\/schema.org\",\"@graph\":[{\"@type\":\"WebPage\",\"@id\":\"https:\\\/\\\/iwell-guard.com\\\/no\\\/alpesagn\\\/\",\"url\":\"https:\\\/\\\/iwell-guard.com\\\/no\\\/alpesagn\\\/\",\"name\":\"Alpesagn: Perchta, Krampus og Tatzelwurm\",\"isPartOf\":{\"@id\":\"https:\\\/\\\/iwell-guard.com\\\/no\\\/#website\"},\"primaryImageOfPage\":{\"@id\":\"https:\\\/\\\/iwell-guard.com\\\/no\\\/alpesagn\\\/#primaryimage\"},\"image\":{\"@id\":\"https:\\\/\\\/iwell-guard.com\\\/no\\\/alpesagn\\\/#primaryimage\"},\"thumbnailUrl\":\"https:\\\/\\\/iwell-guard.com\\\/wp-content\\\/uploads\\\/2026\\\/07\\\/daemonen_alpin_krampus.webp\",\"datePublished\":\"2026-09-03T09:30:45+00:00\",\"dateModified\":\"2026-09-03T10:24:30+00:00\",\"description\":\"Perchta, Krampus, Kasermandl og Tatzelwurm: sagnverdenen i Alpene forklart religionsvitenskapelig, med Rauhn\u00e4chte-tradisjoner fra Bayern og S\u00f8r-Tirol.\",\"breadcrumb\":{\"@id\":\"https:\\\/\\\/iwell-guard.com\\\/no\\\/alpesagn\\\/#breadcrumb\"},\"inLanguage\":\"nb-NO\",\"potentialAction\":[{\"@type\":\"ReadAction\",\"target\":[\"https:\\\/\\\/iwell-guard.com\\\/no\\\/alpesagn\\\/\"]}]},{\"@type\":\"ImageObject\",\"inLanguage\":\"nb-NO\",\"@id\":\"https:\\\/\\\/iwell-guard.com\\\/no\\\/alpesagn\\\/#primaryimage\",\"url\":\"https:\\\/\\\/iwell-guard.com\\\/wp-content\\\/uploads\\\/2026\\\/07\\\/daemonen_alpin_krampus.webp\",\"contentUrl\":\"https:\\\/\\\/iwell-guard.com\\\/wp-content\\\/uploads\\\/2026\\\/07\\\/daemonen_alpin_krampus.webp\",\"width\":1024,\"height\":1536,\"caption\":\"Krampus \u2013 demoner fra den alpine tradisjonen, historisk-illustrativt\"},{\"@type\":\"BreadcrumbList\",\"@id\":\"https:\\\/\\\/iwell-guard.com\\\/no\\\/alpesagn\\\/#breadcrumb\",\"itemListElement\":[{\"@type\":\"ListItem\",\"position\":1,\"name\":\"Start\",\"item\":\"https:\\\/\\\/iwell-guard.com\\\/no\\\/?page_id=140795\"},{\"@type\":\"ListItem\",\"position\":2,\"name\":\"Alpesagn\"}]},{\"@type\":\"WebSite\",\"@id\":\"https:\\\/\\\/iwell-guard.com\\\/no\\\/#website\",\"url\":\"https:\\\/\\\/iwell-guard.com\\\/no\\\/\",\"name\":\"iWell Guard\",\"description\":\"Schutz vor dunklen Einfl\u00fcssen\",\"publisher\":{\"@id\":\"https:\\\/\\\/iwell-guard.com\\\/no\\\/#organization\"},\"potentialAction\":[{\"@type\":\"SearchAction\",\"target\":{\"@type\":\"EntryPoint\",\"urlTemplate\":\"https:\\\/\\\/iwell-guard.com\\\/no\\\/?s={search_term_string}\"},\"query-input\":{\"@type\":\"PropertyValueSpecification\",\"valueRequired\":true,\"valueName\":\"search_term_string\"}}],\"inLanguage\":\"nb-NO\"},{\"@type\":\"Organization\",\"@id\":\"https:\\\/\\\/iwell-guard.com\\\/no\\\/#organization\",\"name\":\"Ittermann electronic GmbH\",\"url\":\"https:\\\/\\\/iwell-guard.com\\\/no\\\/\",\"logo\":{\"@type\":\"ImageObject\",\"inLanguage\":\"nb-NO\",\"@id\":\"https:\\\/\\\/iwell-guard.com\\\/no\\\/#\\\/schema\\\/logo\\\/image\\\/\",\"url\":\"https:\\\/\\\/iwell-guard.com\\\/wp-content\\\/uploads\\\/2026\\\/05\\\/Ittermann-Logo-1182x237-1.png\",\"contentUrl\":\"https:\\\/\\\/iwell-guard.com\\\/wp-content\\\/uploads\\\/2026\\\/05\\\/Ittermann-Logo-1182x237-1.png\",\"width\":1182,\"height\":237,\"caption\":\"Ittermann electronic GmbH\"},\"image\":{\"@id\":\"https:\\\/\\\/iwell-guard.com\\\/no\\\/#\\\/schema\\\/logo\\\/image\\\/\"},\"sameAs\":[\"https:\\\/\\\/pantip.com\\\/profile\\\/9367242\",\"https:\\\/\\\/micro.blog\\\/iwellguard\",\"https:\\\/\\\/www.diggerslist.com\\\/iwellguard\\\/about\",\"https:\\\/\\\/skitterphoto.com\\\/photographers\\\/2870314\\\/iwell-guard\",\"https:\\\/\\\/iwellguard.wordpress.com\\\/2026\\\/06\\\/06\\\/iwell-guard\\\/\",\"https:\\\/\\\/hub.docker.com\\\/u\\\/iwellguard\",\"https:\\\/\\\/www.pinterest.com\\\/iwellguard\\\/\",\"https:\\\/\\\/bit.ly\\\/m\\\/iwellguard\",\"https:\\\/\\\/entre-vos-mains.alsace.eu\\\/profiles\\\/iwellguard\\\/activity\",\"https:\\\/\\\/gravatar.com\\\/reallybeded8fd34\",\"https:\\\/\\\/naijamatta.com\\\/iwellguard\",\"https:\\\/\\\/www.goodreads.com\\\/iwellguard\",\"https:\\\/\\\/profile.hatena.ne.jp\\\/iwellguard\\\/\",\"https:\\\/\\\/experiment.com\\\/users\\\/iwellguard\",\"https:\\\/\\\/wakelet.com\\\/@iWellGuard82270\",\"https:\\\/\\\/www.chordie.com\\\/forum\\\/profile.php?id=2555664\",\"https:\\\/\\\/www.instapaper.com\\\/p\\\/17757966\",\"https:\\\/\\\/www.mapleprimes.com\\\/users\\\/iwellguard\",\"https:\\\/\\\/businesslistingplus.com\\\/profile\\\/iwell-guard\\\/\",\"https:\\\/\\\/telegra.ph\\\/iWell-Guard-06-06\",\"https:\\\/\\\/pbase.com\\\/iwellguard\\\/iwellguard\",\"https:\\\/\\\/b.hatena.ne.jp\\\/iwellguard\\\/20260607#bookmark-4788405196491818882\",\"https:\\\/\\\/fliphtml5.com\\\/home\\\/iwellguard\",\"https:\\\/\\\/anyflip.com\\\/homepage\\\/cmiwl#About\",\"https:\\\/\\\/transfur.com\\\/Users\\\/iwellguard\",\"http:\\\/\\\/delphi.larsbo.org\\\/user\\\/iwellguard\",\"https:\\\/\\\/jobs.lajobsportal.org\\\/profiles\\\/8380803-iwell-guard\",\"https:\\\/\\\/md.chaosdorf.de\\\/s\\\/jfbe5SBdJD\",\"https:\\\/\\\/www.lingvolive.com\\\/en-us\\\/profile\\\/9ecaeaca-ce11-4e51-9e71-01d55e2bff36\\\/translations\",\"https:\\\/\\\/www.fitday.com\\\/fitness\\\/forums\\\/members\\\/iwellguard.html\",\"https:\\\/\\\/www.mymeetbook.com\\\/iwellguard\",\"https:\\\/\\\/pxhere.com\\\/en\\\/photographer-me\\\/5040798\",\"https:\\\/\\\/disqus.com\\\/by\\\/iwellguard\\\/about\\\/\",\"https:\\\/\\\/pastelink.net\\\/hjwciqwq\",\"https:\\\/\\\/pubhtml5.com\\\/homepage\\\/scjhn\\\/\",\"https:\\\/\\\/www.bitchute.com\\\/channel\\\/2O2eOKzNqujT\",\"https:\\\/\\\/audiomack.com\\\/iwellguard\"]}]}<\/script>\n<!-- \/ Yoast SEO Premium plugin. -->","yoast_head_json":{"title":"Alpesagn: Perchta, Krampus og Tatzelwurm","description":"Perchta, Krampus, Kasermandl og Tatzelwurm: sagnverdenen i Alpene forklart religionsvitenskapelig, med Rauhn\u00e4chte-tradisjoner fra Bayern og S\u00f8r-Tirol.","robots":{"index":"index","follow":"follow","max-snippet":"max-snippet:-1","max-image-preview":"max-image-preview:large","max-video-preview":"max-video-preview:-1"},"canonical":"https:\/\/iwell-guard.com\/no\/alpesagn\/","og_locale":"nb_NO","og_type":"article","og_title":"Alpesagn","og_description":"Perchta, Krampus, Kasermandl og Tatzelwurm: sagnverdenen i Alpene forklart religionsvitenskapelig, med Rauhn\u00e4chte-tradisjoner fra Bayern og S\u00f8r-Tirol.","og_url":"https:\/\/iwell-guard.com\/no\/alpesagn\/","og_site_name":"iWell Guard","article_modified_time":"2026-09-03T10:24:30+00:00","og_image":[{"width":1024,"height":1536,"url":"https:\/\/iwell-guard.com\/wp-content\/uploads\/2026\/07\/daemonen_alpin_krampus.webp","type":"image\/webp"}],"twitter_card":"summary_large_image","schema":{"@context":"https:\/\/schema.org","@graph":[{"@type":"WebPage","@id":"https:\/\/iwell-guard.com\/no\/alpesagn\/","url":"https:\/\/iwell-guard.com\/no\/alpesagn\/","name":"Alpesagn: Perchta, Krampus og Tatzelwurm","isPartOf":{"@id":"https:\/\/iwell-guard.com\/no\/#website"},"primaryImageOfPage":{"@id":"https:\/\/iwell-guard.com\/no\/alpesagn\/#primaryimage"},"image":{"@id":"https:\/\/iwell-guard.com\/no\/alpesagn\/#primaryimage"},"thumbnailUrl":"https:\/\/iwell-guard.com\/wp-content\/uploads\/2026\/07\/daemonen_alpin_krampus.webp","datePublished":"2026-09-03T09:30:45+00:00","dateModified":"2026-09-03T10:24:30+00:00","description":"Perchta, Krampus, Kasermandl og Tatzelwurm: sagnverdenen i Alpene forklart religionsvitenskapelig, med Rauhn\u00e4chte-tradisjoner fra Bayern og S\u00f8r-Tirol.","breadcrumb":{"@id":"https:\/\/iwell-guard.com\/no\/alpesagn\/#breadcrumb"},"inLanguage":"nb-NO","potentialAction":[{"@type":"ReadAction","target":["https:\/\/iwell-guard.com\/no\/alpesagn\/"]}]},{"@type":"ImageObject","inLanguage":"nb-NO","@id":"https:\/\/iwell-guard.com\/no\/alpesagn\/#primaryimage","url":"https:\/\/iwell-guard.com\/wp-content\/uploads\/2026\/07\/daemonen_alpin_krampus.webp","contentUrl":"https:\/\/iwell-guard.com\/wp-content\/uploads\/2026\/07\/daemonen_alpin_krampus.webp","width":1024,"height":1536,"caption":"Krampus \u2013 demoner fra den alpine tradisjonen, historisk-illustrativt"},{"@type":"BreadcrumbList","@id":"https:\/\/iwell-guard.com\/no\/alpesagn\/#breadcrumb","itemListElement":[{"@type":"ListItem","position":1,"name":"Start","item":"https:\/\/iwell-guard.com\/no\/?page_id=140795"},{"@type":"ListItem","position":2,"name":"Alpesagn"}]},{"@type":"WebSite","@id":"https:\/\/iwell-guard.com\/no\/#website","url":"https:\/\/iwell-guard.com\/no\/","name":"iWell Guard","description":"Schutz vor dunklen Einfl\u00fcssen","publisher":{"@id":"https:\/\/iwell-guard.com\/no\/#organization"},"potentialAction":[{"@type":"SearchAction","target":{"@type":"EntryPoint","urlTemplate":"https:\/\/iwell-guard.com\/no\/?s={search_term_string}"},"query-input":{"@type":"PropertyValueSpecification","valueRequired":true,"valueName":"search_term_string"}}],"inLanguage":"nb-NO"},{"@type":"Organization","@id":"https:\/\/iwell-guard.com\/no\/#organization","name":"Ittermann electronic GmbH","url":"https:\/\/iwell-guard.com\/no\/","logo":{"@type":"ImageObject","inLanguage":"nb-NO","@id":"https:\/\/iwell-guard.com\/no\/#\/schema\/logo\/image\/","url":"https:\/\/iwell-guard.com\/wp-content\/uploads\/2026\/05\/Ittermann-Logo-1182x237-1.png","contentUrl":"https:\/\/iwell-guard.com\/wp-content\/uploads\/2026\/05\/Ittermann-Logo-1182x237-1.png","width":1182,"height":237,"caption":"Ittermann electronic GmbH"},"image":{"@id":"https:\/\/iwell-guard.com\/no\/#\/schema\/logo\/image\/"},"sameAs":["https:\/\/pantip.com\/profile\/9367242","https:\/\/micro.blog\/iwellguard","https:\/\/www.diggerslist.com\/iwellguard\/about","https:\/\/skitterphoto.com\/photographers\/2870314\/iwell-guard","https:\/\/iwellguard.wordpress.com\/2026\/06\/06\/iwell-guard\/","https:\/\/hub.docker.com\/u\/iwellguard","https:\/\/www.pinterest.com\/iwellguard\/","https:\/\/bit.ly\/m\/iwellguard","https:\/\/entre-vos-mains.alsace.eu\/profiles\/iwellguard\/activity","https:\/\/gravatar.com\/reallybeded8fd34","https:\/\/naijamatta.com\/iwellguard","https:\/\/www.goodreads.com\/iwellguard","https:\/\/profile.hatena.ne.jp\/iwellguard\/","https:\/\/experiment.com\/users\/iwellguard","https:\/\/wakelet.com\/@iWellGuard82270","https:\/\/www.chordie.com\/forum\/profile.php?id=2555664","https:\/\/www.instapaper.com\/p\/17757966","https:\/\/www.mapleprimes.com\/users\/iwellguard","https:\/\/businesslistingplus.com\/profile\/iwell-guard\/","https:\/\/telegra.ph\/iWell-Guard-06-06","https:\/\/pbase.com\/iwellguard\/iwellguard","https:\/\/b.hatena.ne.jp\/iwellguard\/20260607#bookmark-4788405196491818882","https:\/\/fliphtml5.com\/home\/iwellguard","https:\/\/anyflip.com\/homepage\/cmiwl#About","https:\/\/transfur.com\/Users\/iwellguard","http:\/\/delphi.larsbo.org\/user\/iwellguard","https:\/\/jobs.lajobsportal.org\/profiles\/8380803-iwell-guard","https:\/\/md.chaosdorf.de\/s\/jfbe5SBdJD","https:\/\/www.lingvolive.com\/en-us\/profile\/9ecaeaca-ce11-4e51-9e71-01d55e2bff36\/translations","https:\/\/www.fitday.com\/fitness\/forums\/members\/iwellguard.html","https:\/\/www.mymeetbook.com\/iwellguard","https:\/\/pxhere.com\/en\/photographer-me\/5040798","https:\/\/disqus.com\/by\/iwellguard\/about\/","https:\/\/pastelink.net\/hjwciqwq","https:\/\/pubhtml5.com\/homepage\/scjhn\/","https:\/\/www.bitchute.com\/channel\/2O2eOKzNqujT","https:\/\/audiomack.com\/iwellguard"]}]}},"_links":{"self":[{"href":"https:\/\/iwell-guard.com\/no\/wp-json\/wp\/v2\/pages\/142075","targetHints":{"allow":["GET"]}}],"collection":[{"href":"https:\/\/iwell-guard.com\/no\/wp-json\/wp\/v2\/pages"}],"about":[{"href":"https:\/\/iwell-guard.com\/no\/wp-json\/wp\/v2\/types\/page"}],"author":[{"embeddable":true,"href":"https:\/\/iwell-guard.com\/no\/wp-json\/wp\/v2\/users\/3"}],"replies":[{"embeddable":true,"href":"https:\/\/iwell-guard.com\/no\/wp-json\/wp\/v2\/comments?post=142075"}],"version-history":[{"count":0,"href":"https:\/\/iwell-guard.com\/no\/wp-json\/wp\/v2\/pages\/142075\/revisions"}],"wp:featuredmedia":[{"embeddable":true,"href":"https:\/\/iwell-guard.com\/no\/wp-json\/wp\/v2\/media\/20516"}],"wp:attachment":[{"href":"https:\/\/iwell-guard.com\/no\/wp-json\/wp\/v2\/media?parent=142075"}],"wp:term":[{"taxonomy":"category","embeddable":true,"href":"https:\/\/iwell-guard.com\/no\/wp-json\/wp\/v2\/categories?post=142075"}],"curies":[{"name":"wp","href":"https:\/\/api.w.org\/{rel}","templated":true}]}}