{"id":141900,"date":"2026-09-03T09:28:00","date_gmt":"2026-09-03T09:28:00","guid":{"rendered":"https:\/\/iwell-guard.com\/?page_id=141900"},"modified":"2026-09-03T10:12:56","modified_gmt":"2026-09-03T10:12:56","slug":"mula-sem-cabeca","status":"publish","type":"page","link":"https:\/\/iwell-guard.com\/no\/mula-sem-cabeca\/","title":{"rendered":"Mula sem cabe\u00e7a"},"content":{"rendered":"\t\t<div data-elementor-type=\"wp-page\" data-elementor-id=\"141900\" class=\"elementor elementor-141900 elementor-19623\" data-elementor-post-type=\"page\">\n\t\t\t\t<div class=\"elementor-element elementor-element-10fdade e-flex e-con-boxed e-con e-parent\" data-id=\"10fdade\" data-element_type=\"container\" data-e-type=\"container\" data-settings=\"{&quot;background_background&quot;:&quot;classic&quot;}\">\n\t\t\t\t\t<div class=\"e-con-inner\">\n\t\t<div class=\"elementor-element elementor-element-herohlft0 e-flex e-con-boxed e-con e-child\" data-id=\"herohlft0\" data-element_type=\"container\" data-e-type=\"container\">\n\t\t\t\t\t<div class=\"e-con-inner\">\n\t\t<div class=\"elementor-element elementor-element-c3ceb64 e-con-full e-flex e-con e-child\" data-id=\"c3ceb64\" data-element_type=\"container\" data-e-type=\"container\">\n\t\t\t\t<div class=\"elementor-element elementor-element-96ae5e1 elementor-widget elementor-widget-heading\" data-id=\"96ae5e1\" data-element_type=\"widget\" data-e-type=\"widget\" data-widget_type=\"heading.default\">\n\t\t\t\t\t<h1 class=\"elementor-heading-title elementor-size-default\">Mula sem cabe\u00e7a, forbannet natten mellom torsdag og fredag<\/h1>\t\t\t\t<\/div>\n\t\t\t\t<div class=\"elementor-element elementor-element-e45238a elementor-widget elementor-widget-text-editor\" data-id=\"e45238a\" data-element_type=\"widget\" data-e-type=\"widget\" data-widget_type=\"text-editor.default\">\n\t\t\t\t\t\t\t\t\t<p>Mula sem cabe\u00e7a er <span class=\"iwg-fachbegriff\" data-tooltip=\"Et kroppsl\u00f8st vesen som tilskrives virkning i verden.\" tabindex=\"0\">\u00e5nd<\/span> i den brasilianske tradisjonen.<\/p><p><strong>En kvinne, forbannet til et ildsprutende muldyr uten hode.<\/strong><\/p>\t\t\t\t\t\t\t\t<\/div>\n\t\t\t\t<\/div>\n\t\t<div class=\"elementor-element elementor-element-klsbdg01 e-con-full e-flex e-con e-parent\" data-id=\"klsbdg01\" data-element_type=\"container\" data-e-type=\"container\">\n\t\t\t\t<div class=\"elementor-element elementor-element-klshtm01 elementor-widget elementor-widget-html\" data-id=\"klshtm01\" data-element_type=\"widget\" data-e-type=\"widget\" data-widget_type=\"html.default\">\n\t\t\t\t\t<div class=\"iwg-pill-row\"><span class=\"iwg-klasse-badge\" tabindex=\"0\" data-tooltip=\"\u00c5nd: Ukroppslig eller halvkroppslig vesenhet, avd\u00f8de, naturvesener, husgeister eller vokterne av terskler. Virker i dagliglivet, ofte bundet til steder eller familier.\">\u00c5nd<\/span><span class=\"iwg-kultur-badge\" tabindex=\"0\" data-tooltip=\"Brasiliansk folketradisjon med kolonial og afrobrasiliansk bakgrunn.\">Brasil<\/span><\/div>\t\t\t\t<\/div>\n\t\t\t\t<\/div>\n\t\t<div class=\"elementor-element elementor-element-3f74855 e-con-full e-flex e-con e-child\" data-id=\"3f74855\" data-element_type=\"container\" data-e-type=\"container\">\n\t\t\t\t<div class=\"elementor-element elementor-element-1c30362 elementor-toc--minimized-on-tablet elementor-widget elementor-widget-table-of-contents\" data-id=\"1c30362\" data-element_type=\"widget\" data-e-type=\"widget\" data-settings=\"{&quot;exclude_headings_by_selector&quot;:[],&quot;no_headings_message&quot;:&quot;Det ble ikke funnet noen overskrifter p\\u00e5 denne siden.&quot;,&quot;headings_by_tags&quot;:[&quot;h2&quot;,&quot;h3&quot;],&quot;marker_view&quot;:&quot;bullets&quot;,&quot;icon&quot;:{&quot;value&quot;:&quot;fas fa-circle&quot;,&quot;library&quot;:&quot;fa-solid&quot;,&quot;rendered_tag&quot;:&quot;&lt;svg class=\\&quot;e-font-icon-svg e-fas-circle\\&quot; viewBox=\\&quot;0 0 512 512\\&quot; xmlns=\\&quot;http:\\\/\\\/www.w3.org\\\/2000\\\/svg\\&quot;&gt;&lt;path d=\\&quot;M256 8C119 8 8 119 8 256s111 248 248 248 248-111 248-248S393 8 256 8z\\&quot;&gt;&lt;\\\/path&gt;&lt;\\\/svg&gt;&quot;},&quot;minimize_box&quot;:&quot;yes&quot;,&quot;minimized_on&quot;:&quot;tablet&quot;,&quot;hierarchical_view&quot;:&quot;yes&quot;,&quot;min_height&quot;:{&quot;unit&quot;:&quot;px&quot;,&quot;size&quot;:&quot;&quot;,&quot;sizes&quot;:[]},&quot;min_height_tablet&quot;:{&quot;unit&quot;:&quot;px&quot;,&quot;size&quot;:&quot;&quot;,&quot;sizes&quot;:[]},&quot;min_height_mobile&quot;:{&quot;unit&quot;:&quot;px&quot;,&quot;size&quot;:&quot;&quot;,&quot;sizes&quot;:[]}}\" data-widget_type=\"table-of-contents.default\">\n\t\t\t\t\t\t\t\t\t<div class=\"elementor-toc__header\">\n\t\t\t\t\t\t<h2 class=\"elementor-toc__header-title\">\n\t\t\t\tInnholdsfortegnelse\t\t\t<\/h2>\n\t\t\t\t\t\t\t\t\t\t<div class=\"elementor-toc__toggle-button elementor-toc__toggle-button--expand\" role=\"button\" tabindex=\"0\" aria-controls=\"elementor-toc__1c30362\" aria-expanded=\"true\" aria-label=\"Open table of contents\"><svg aria-hidden=\"true\" class=\"e-font-icon-svg e-fas-chevron-down\" viewBox=\"0 0 448 512\" xmlns=\"http:\/\/www.w3.org\/2000\/svg\"><path d=\"M207.029 381.476L12.686 187.132c-9.373-9.373-9.373-24.569 0-33.941l22.667-22.667c9.357-9.357 24.522-9.375 33.901-.04L224 284.505l154.745-154.021c9.379-9.335 24.544-9.317 33.901.04l22.667 22.667c9.373 9.373 9.373 24.569 0 33.941L240.971 381.476c-9.373 9.372-24.569 9.372-33.942 0z\"><\/path><\/svg><\/div>\n\t\t\t\t<div class=\"elementor-toc__toggle-button elementor-toc__toggle-button--collapse\" role=\"button\" tabindex=\"0\" aria-controls=\"elementor-toc__1c30362\" aria-expanded=\"true\" aria-label=\"Close table of contents\"><svg aria-hidden=\"true\" class=\"e-font-icon-svg e-fas-chevron-up\" viewBox=\"0 0 448 512\" xmlns=\"http:\/\/www.w3.org\/2000\/svg\"><path d=\"M240.971 130.524l194.343 194.343c9.373 9.373 9.373 24.569 0 33.941l-22.667 22.667c-9.357 9.357-24.522 9.375-33.901.04L224 227.495 69.255 381.516c-9.379 9.335-24.544 9.317-33.901-.04l-22.667-22.667c-9.373-9.373-9.373-24.569 0-33.941L207.03 130.525c9.372-9.373 24.568-9.373 33.941-.001z\"><\/path><\/svg><\/div>\n\t\t\t\t\t<\/div>\n\t\t\t\t<div id=\"elementor-toc__1c30362\" class=\"elementor-toc__body\">\n\t\t\t<div class=\"elementor-toc__spinner-container\">\n\t\t\t\t<svg class=\"elementor-toc__spinner eicon-animation-spin e-font-icon-svg e-eicon-loading\" aria-hidden=\"true\" viewBox=\"0 0 1000 1000\" xmlns=\"http:\/\/www.w3.org\/2000\/svg\"><path d=\"M500 975V858C696 858 858 696 858 500S696 142 500 142 142 304 142 500H25C25 237 238 25 500 25S975 237 975 500 763 975 500 975Z\"><\/path><\/svg>\t\t\t<\/div>\n\t\t<\/div>\n\t\t\t\t\t\t<\/div>\n\t\t\t\t<\/div>\n\t\t\t\t\t<\/div>\n\t\t\t\t<\/div>\n\t\t<div class=\"elementor-element elementor-element-herorght0 e-con-full e-flex e-con e-child\" data-id=\"herorght0\" data-element_type=\"container\" data-e-type=\"container\">\n\t\t\t\t<div class=\"elementor-element elementor-element-heroimg00 iwg-hero-image elementor-widget elementor-widget-image\" data-id=\"heroimg00\" data-element_type=\"widget\" data-e-type=\"widget\" data-widget_type=\"image.default\">\n\t\t\t\t\t\t\t\t\t\t\t\t\t\t\t<img fetchpriority=\"high\" decoding=\"async\" width=\"683\" height=\"1024\" src=\"https:\/\/iwell-guard.com\/wp-content\/uploads\/2026\/07\/geister_brasilianisch_mula-sem-cabeca-683x1024.webp\" class=\"attachment-large size-large wp-image-142323\" alt=\"Mula sem cabe\u00e7a, \u00e5nd fra brasiliansk overlevering\" srcset=\"https:\/\/iwell-guard.com\/wp-content\/uploads\/2026\/07\/geister_brasilianisch_mula-sem-cabeca-683x1024.webp 683w, https:\/\/iwell-guard.com\/wp-content\/uploads\/2026\/07\/geister_brasilianisch_mula-sem-cabeca-200x300.webp 200w, https:\/\/iwell-guard.com\/wp-content\/uploads\/2026\/07\/geister_brasilianisch_mula-sem-cabeca-768x1152.webp 768w, https:\/\/iwell-guard.com\/wp-content\/uploads\/2026\/07\/geister_brasilianisch_mula-sem-cabeca.webp 1024w\" sizes=\"(max-width: 683px) 100vw, 683px\" \/>\t\t\t\t\t\t\t\t\t\t\t\t\t\t\t<\/div>\n\t\t\t\t<\/div>\n\t\t\t\t\t<\/div>\n\t\t\t\t<\/div>\n\t\t<div class=\"elementor-element elementor-element-32917199 e-flex e-con-boxed e-con e-parent\" data-id=\"32917199\" data-element_type=\"container\" data-e-type=\"container\">\n\t\t\t\t\t<div class=\"e-con-inner\">\n\t\t<div class=\"elementor-element elementor-element-26e916cb e-flex e-con-boxed e-con e-child\" data-id=\"26e916cb\" data-element_type=\"container\" data-e-type=\"container\">\n\t\t\t\t\t<div class=\"e-con-inner\">\n\t\t<div class=\"elementor-element elementor-element-253a40d4 e-flex e-con-boxed e-con e-child\" data-id=\"253a40d4\" data-element_type=\"container\" data-e-type=\"container\">\n\t\t\t\t\t<div class=\"e-con-inner\">\n\t\t\t\t<div class=\"elementor-element elementor-element-1200c304 elementor-widget elementor-widget-heading\" data-id=\"1200c304\" data-element_type=\"widget\" data-e-type=\"widget\" data-widget_type=\"heading.default\">\n\t\t\t\t\t<div class=\"elementor-heading-title elementor-size-default\">Mula sem cabe\u00e7a<\/div>\t\t\t\t<\/div>\n\t\t\t\t<div class=\"elementor-element elementor-element-11758e7f elementor-widget elementor-widget-text-editor\" data-id=\"11758e7f\" data-element_type=\"widget\" data-e-type=\"widget\" data-widget_type=\"text-editor.default\">\n\t\t\t\t\t\t\t\t\t<p>Mula sem cabe\u00e7a, det hodel\u00f8se muldyret, er en brasiliansk forbannelsesgestalt. En kvinne som hadde et forhold til en prest forvandles om natten til et ildsprutende, hodel\u00f8st muldyr som galopperer og skriker mens det raser gjennom omr\u00e5det.<\/p><p>Legenden har iberiske r\u00f8tter og ble f\u00f8rt til Brasil i kolonitiden, hvor den er s\u00e6rlig utbredt p\u00e5 landsbygda, i sukkerr\u00f8rregionene i nord\u00f8st s\u00e5 vel som i innlandet i s\u00f8r\u00f8st. S\u00e6rlig natten mellom torsdag og fredag rammer forvandlingen reisende og landbefolkning.<\/p>\t\t\t\t\t\t\t\t<\/div>\n\t\t\t\t\t<\/div>\n\t\t\t\t<\/div>\n\t\t<div class=\"elementor-element elementor-element-159dcf9a e-flex e-con-boxed e-con e-child\" data-id=\"159dcf9a\" data-element_type=\"container\" data-e-type=\"container\">\n\t\t\t\t\t<div class=\"e-con-inner\">\n\t\t\t\t<div class=\"elementor-element elementor-element-48cee66f elementor-widget elementor-widget-heading\" data-id=\"48cee66f\" data-element_type=\"widget\" data-e-type=\"widget\" data-widget_type=\"heading.default\">\n\t\t\t\t\t<div class=\"elementor-heading-title elementor-size-default\">I oversikt: Mula sem cabe\u00e7a<\/div>\t\t\t\t<\/div>\n\t\t\t\t<div class=\"elementor-element elementor-element-3f50d82c elementor-widget elementor-widget-text-editor\" data-id=\"3f50d82c\" data-element_type=\"widget\" data-e-type=\"widget\" data-widget_type=\"text-editor.default\">\n\t\t\t\t\t\t\t\t\t<p><strong>Type:<\/strong> Brasiliansk forbannelsesgestalt, en forvandlet kvinne som ildsprutende muldyr<br>Opphav: Iberisk folkelegende, f\u00f8rt til Brasil i kolonitiden<br>Tekster: Kanonisk hos Lu\u00eds da C\u00e2mara Cascudo<br>Tidsperiode: Utbredt brasiliansk folkelegende inn i n\u00e5tiden<br>Utseende: Svart eller brunt hodel\u00f8st muldyr med ildfakkel i stedet for hode<\/p>\t\t\t\t\t\t\t\t<\/div>\n\t\t\t\t\t<\/div>\n\t\t\t\t<\/div>\n\t\t\t\t\t<\/div>\n\t\t\t\t<\/div>\n\t\t\t\t\t<\/div>\n\t\t\t\t<\/div>\n\t\t<div class=\"elementor-element elementor-element-18613602 e-flex e-con-boxed e-con e-parent\" data-id=\"18613602\" data-element_type=\"container\" data-e-type=\"container\">\n\t\t\t\t\t<div class=\"e-con-inner\">\n\t\t\t\t<div class=\"elementor-element elementor-element-262b8a9f elementor-widget elementor-widget-heading\" data-id=\"262b8a9f\" data-element_type=\"widget\" data-e-type=\"widget\" data-widget_type=\"heading.default\">\n\t\t\t\t\t<h2 class=\"elementor-heading-title elementor-size-default\">Overleveringskontekst<\/h2>\t\t\t\t<\/div>\n\t\t<div class=\"elementor-element elementor-element-46dcb7d e-con-full e-flex e-con e-child\" data-id=\"46dcb7d\" data-element_type=\"container\" data-e-type=\"container\">\n\t\t<div class=\"elementor-element elementor-element-61d3ab3 e-flex e-con-boxed e-con e-child\" data-id=\"61d3ab3\" data-element_type=\"container\" data-e-type=\"container\">\n\t\t\t\t\t<div class=\"e-con-inner\">\n\t\t\t\t<div class=\"elementor-element elementor-element-117c166 elementor-widget elementor-widget-heading\" data-id=\"117c166\" data-element_type=\"widget\" data-e-type=\"widget\" data-widget_type=\"heading.default\">\n\t\t\t\t\t<h3 class=\"elementor-heading-title elementor-size-default\">Tidsrom for tekstene<\/h3>\t\t\t\t<\/div>\n\t\t\t\t<div class=\"elementor-element elementor-element-73997a0 elementor-widget elementor-widget-text-editor\" data-id=\"73997a0\" data-element_type=\"widget\" data-e-type=\"widget\" data-widget_type=\"text-editor.default\">\n\t\t\t\t\t\t\t\t\t<p>En utbredt brasiliansk folkelegende med iberiske r\u00f8tter, kanonisk behandlet i verket til Lu\u00eds da C\u00e2mara Cascudo.<\/p>\t\t\t\t\t\t\t\t<\/div>\n\t\t\t\t\t<\/div>\n\t\t\t\t<\/div>\n\t\t<div class=\"elementor-element elementor-element-d47b156 e-flex e-con-boxed e-con e-child\" data-id=\"d47b156\" data-element_type=\"container\" data-e-type=\"container\">\n\t\t\t\t\t<div class=\"e-con-inner\">\n\t\t\t\t<div class=\"elementor-element elementor-element-ff38c2b elementor-widget elementor-widget-heading\" data-id=\"ff38c2b\" data-element_type=\"widget\" data-e-type=\"widget\" data-widget_type=\"heading.default\">\n\t\t\t\t\t<h3 class=\"elementor-heading-title elementor-size-default\">Utbredelsesomr\u00e5de<\/h3>\t\t\t\t<\/div>\n\t\t\t\t<div class=\"elementor-element elementor-element-4e49fcc elementor-widget elementor-widget-text-editor\" data-id=\"4e49fcc\" data-element_type=\"widget\" data-e-type=\"widget\" data-widget_type=\"text-editor.default\">\n\t\t\t\t\t\t\t\t\t<p>Landlige Brasil, s\u00e6rlig sukkerr\u00f8rregionene i nord\u00f8st og innlandet i s\u00f8r\u00f8st.<\/p>\t\t\t\t\t\t\t\t<\/div>\n\t\t\t\t\t<\/div>\n\t\t\t\t<\/div>\n\t\t\t\t<\/div>\n\t\t<div class=\"elementor-element elementor-element-db03c39 e-con-full e-flex e-con e-child\" data-id=\"db03c39\" data-element_type=\"container\" data-e-type=\"container\">\n\t\t<div class=\"elementor-element elementor-element-229a87b e-flex e-con-boxed e-con e-child\" data-id=\"229a87b\" data-element_type=\"container\" data-e-type=\"container\">\n\t\t\t\t\t<div class=\"e-con-inner\">\n\t\t\t\t<div class=\"elementor-element elementor-element-1f471fc elementor-widget elementor-widget-heading\" data-id=\"1f471fc\" data-element_type=\"widget\" data-e-type=\"widget\" data-widget_type=\"heading.default\">\n\t\t\t\t\t<h3 class=\"elementor-heading-title elementor-size-default\">Kildesituasjon<\/h3>\t\t\t\t<\/div>\n\t\t\t\t<div class=\"elementor-element elementor-element-36b1201 elementor-widget elementor-widget-text-editor\" data-id=\"36b1201\" data-element_type=\"widget\" data-e-type=\"widget\" data-widget_type=\"text-editor.default\">\n\t\t\t\t\t\t\t\t\t<p>God: Lu\u00eds da C\u00e2mara Cascudo behandler legenden i sin Dicion\u00e1rio do Folclore Brasileiro.<\/p>\t\t\t\t\t\t\t\t<\/div>\n\t\t\t\t\t<\/div>\n\t\t\t\t<\/div>\n\t\t\t\t<\/div>\n\t\t\t\t\t<\/div>\n\t\t\t\t<\/div>\n\t\t<div class=\"elementor-element elementor-element-3ae0637c e-flex e-con-boxed e-con e-parent\" data-id=\"3ae0637c\" data-element_type=\"container\" data-e-type=\"container\">\n\t\t\t\t\t<div class=\"e-con-inner\">\n\t\t\t\t<div class=\"elementor-element elementor-element-31d07739 elementor-widget elementor-widget-heading\" data-id=\"31d07739\" data-element_type=\"widget\" data-e-type=\"widget\" data-widget_type=\"heading.default\">\n\t\t\t\t\t<h2 class=\"elementor-heading-title elementor-size-default\">Navn og varianter<\/h2>\t\t\t\t<\/div>\n\t\t<div class=\"elementor-element elementor-element-b7642947 e-con-full e-flex e-con e-child\" data-id=\"b7642947\" data-element_type=\"container\" data-e-type=\"container\">\n\t\t\t\t<div class=\"elementor-element elementor-element-a086266 elementor-widget elementor-widget-text-editor\" data-id=\"a086266\" data-element_type=\"widget\" data-e-type=\"widget\" data-widget_type=\"text-editor.default\">\n\t\t\t\t\t\t\t\t\t<p><strong>Portugisisk:<\/strong> <em>Mula sem cabe\u00e7a<\/em> betyr ordrett muldyr uten hode. Forbannelsesgestalten er en kvinne som ble forbannet av Gud for sin synd, ofte konkret for et samboerskap eller et utroskapsforhold med en prest.<\/p>\t\t\t\t\t\t\t\t<\/div>\n\t\t\t\t<\/div>\n\t\t\t\t\t<\/div>\n\t\t\t\t<\/div>\n\t\t<div class=\"elementor-element elementor-element-709a44a8 e-flex e-con-boxed e-con e-parent\" data-id=\"709a44a8\" data-element_type=\"container\" data-e-type=\"container\">\n\t\t\t\t\t<div class=\"e-con-inner\">\n\t\t\t\t<div class=\"elementor-element elementor-element-2f585873 elementor-widget elementor-widget-heading\" data-id=\"2f585873\" data-element_type=\"widget\" data-e-type=\"widget\" data-widget_type=\"heading.default\">\n\t\t\t\t\t<h2 class=\"elementor-heading-title elementor-size-default\">Skikkelse og virkning<\/h2>\t\t\t\t<\/div>\n\t\t<div class=\"elementor-element elementor-element-70621c12 e-con-full e-flex e-con e-child\" data-id=\"70621c12\" data-element_type=\"container\" data-e-type=\"container\">\n\t\t\t\t<div class=\"elementor-element elementor-element-4296eb49 elementor-widget elementor-widget-text-editor\" data-id=\"4296eb49\" data-element_type=\"widget\" data-e-type=\"widget\" data-widget_type=\"text-editor.default\">\n\t\t\t\t\t\t\t\t\t<p><strong>Utseende<\/strong><\/p><p>Hodel\u00f8shet og ild i stedet for hodet st\u00e5r for vansiring og straff. Muldyret, en steril hybrid, understreker samtidig den ufruktbare synden, og forvandlingen fra torsdag til fredag knytter forbannelsen til den kirkelige kalenderen og langfredag.<\/p><p><strong>Virkning<\/strong><\/p><p>Om natten forvandler kvinnen seg, og det ildsprutende muldyret galopperer med \u00f8red\u00f8vende skrik gjennom omr\u00e5det. Det skremmer reisende og landbefolkning og forblir f\u00f8rst og fremst en skremme- og forbannelsesgestalt.<\/p>\t\t\t\t\t\t\t\t<\/div>\n\t\t\t\t<\/div>\n\t\t\t\t\t<\/div>\n\t\t\t\t<\/div>\n\t\t<div class=\"elementor-element elementor-element-44e71476 e-flex e-con-boxed e-con e-parent\" data-id=\"44e71476\" data-element_type=\"container\" data-e-type=\"container\">\n\t\t\t\t\t<div class=\"e-con-inner\">\n\t\t\t\t<div class=\"elementor-element elementor-element-3c1fc3f0 elementor-widget elementor-widget-heading\" data-id=\"3c1fc3f0\" data-element_type=\"widget\" data-e-type=\"widget\" data-widget_type=\"heading.default\">\n\t\t\t\t\t<h2 class=\"elementor-heading-title elementor-size-default\">Kjennetegn: Mula sem cabe\u00e7a<\/h2>\t\t\t\t<\/div>\n\t\t<div class=\"elementor-element elementor-element-84f33b8e e-con-full e-flex e-con e-child\" data-id=\"84f33b8e\" data-element_type=\"container\" data-e-type=\"container\">\n\t\t\t\t<div class=\"elementor-element elementor-element-hqkdc67p elementor-widget elementor-widget-text-editor\" data-id=\"hqkdc67p\" data-element_type=\"widget\" data-e-type=\"widget\" data-widget_type=\"text-editor.default\">\n\t\t\t\t\t\t\t\t\t<p>De viktigste aspektene ved det hodel\u00f8se muldyret p\u00e5 et blikk.<\/p>\t\t\t\t\t\t\t\t<\/div>\n\t\t\t\t<\/div>\n\t\t<div class=\"elementor-element elementor-element-pemmx7c5 e-con-full e-flex e-con e-child\" data-id=\"pemmx7c5\" data-element_type=\"container\" data-e-type=\"container\">\n\t\t<div class=\"elementor-element elementor-element-pemmx7c1 e-con-full e-flex e-con e-child\" data-id=\"pemmx7c1\" data-element_type=\"container\" data-e-type=\"container\">\n\t\t<div class=\"elementor-element elementor-element-qh9oavvu iwg-steckbrief-card e-flex e-con-boxed e-con e-child\" data-id=\"qh9oavvu\" data-element_type=\"container\" data-e-type=\"container\">\n\t\t\t\t\t<div class=\"e-con-inner\">\n\t\t\t\t<div class=\"elementor-element elementor-element-awzx8k2k elementor-widget elementor-widget-heading\" data-id=\"awzx8k2k\" data-element_type=\"widget\" data-e-type=\"widget\" data-widget_type=\"heading.default\">\n\t\t\t\t\t<div class=\"elementor-heading-title elementor-size-default\">Tradisjon<\/div>\t\t\t\t<\/div>\n\t\t\t\t<div class=\"elementor-element elementor-element-x6rowhv0 elementor-widget elementor-widget-text-editor\" data-id=\"x6rowhv0\" data-element_type=\"widget\" data-e-type=\"widget\" data-widget_type=\"text-editor.default\">\n\t\t\t\t\t\t\t\t\t<p>Brasiliansk folkelegende med iberiske r\u00f8tter, kanonisk registrert hos Lu\u00eds da C\u00e2mara Cascudo.<\/p>\t\t\t\t\t\t\t\t<\/div>\n\t\t\t\t\t<\/div>\n\t\t\t\t<\/div>\n\t\t<div class=\"elementor-element elementor-element-8e3o4kxs iwg-steckbrief-card e-flex e-con-boxed e-con e-child\" data-id=\"8e3o4kxs\" data-element_type=\"container\" data-e-type=\"container\">\n\t\t\t\t\t<div class=\"e-con-inner\">\n\t\t\t\t<div class=\"elementor-element elementor-element-08rkdgov elementor-widget elementor-widget-heading\" data-id=\"08rkdgov\" data-element_type=\"widget\" data-e-type=\"widget\" data-widget_type=\"heading.default\">\n\t\t\t\t\t<div class=\"elementor-heading-title elementor-size-default\">Virkningsgjenstand<\/div>\t\t\t\t<\/div>\n\t\t\t\t<div class=\"elementor-element elementor-element-uwjelx8s elementor-widget elementor-widget-text-editor\" data-id=\"uwjelx8s\" data-element_type=\"widget\" data-e-type=\"widget\" data-widget_type=\"text-editor.default\">\n\t\t\t\t\t\t\t\t\t<p>Reisende og landbefolkning som m\u00f8ter henne om natten p\u00e5 ensomme veier.<\/p>\t\t\t\t\t\t\t\t<\/div>\n\t\t\t\t\t<\/div>\n\t\t\t\t<\/div>\n\t\t<div class=\"elementor-element elementor-element-jm2n74ec iwg-steckbrief-card e-flex e-con-boxed e-con e-child\" data-id=\"jm2n74ec\" data-element_type=\"container\" data-e-type=\"container\">\n\t\t\t\t\t<div class=\"e-con-inner\">\n\t\t\t\t<div class=\"elementor-element elementor-element-8vufse4c elementor-widget elementor-widget-heading\" data-id=\"8vufse4c\" data-element_type=\"widget\" data-e-type=\"widget\" data-widget_type=\"heading.default\">\n\t\t\t\t\t<div class=\"elementor-heading-title elementor-size-default\">Fremstilling<\/div>\t\t\t\t<\/div>\n\t\t\t\t<div class=\"elementor-element elementor-element-mwb9u015 elementor-widget elementor-widget-text-editor\" data-id=\"mwb9u015\" data-element_type=\"widget\" data-e-type=\"widget\" data-widget_type=\"text-editor.default\">\n\t\t\t\t\t\t\t\t\t<p>Svart eller brunt hodel\u00f8st muldyr med flammende ildfakkel i stedet for hode.<\/p>\t\t\t\t\t\t\t\t<\/div>\n\t\t\t\t\t<\/div>\n\t\t\t\t<\/div>\n\t\t\t\t<\/div>\n\t\t<div class=\"elementor-element elementor-element-pemmx7c2 e-con-full e-flex e-con e-child\" data-id=\"pemmx7c2\" data-element_type=\"container\" data-e-type=\"container\">\n\t\t<div class=\"elementor-element elementor-element-37ss2yr6 iwg-steckbrief-card e-flex e-con-boxed e-con e-child\" data-id=\"37ss2yr6\" data-element_type=\"container\" data-e-type=\"container\">\n\t\t\t\t\t<div class=\"e-con-inner\">\n\t\t\t\t<div class=\"elementor-element elementor-element-3v0wp3wx elementor-widget elementor-widget-heading\" data-id=\"3v0wp3wx\" data-element_type=\"widget\" data-e-type=\"widget\" data-widget_type=\"heading.default\">\n\t\t\t\t\t<div class=\"elementor-heading-title elementor-size-default\">Funksjon<\/div>\t\t\t\t<\/div>\n\t\t\t\t<div class=\"elementor-element elementor-element-w3247g2m elementor-widget elementor-widget-text-editor\" data-id=\"w3247g2m\" data-element_type=\"widget\" data-e-type=\"widget\" data-widget_type=\"text-editor.default\">\n\t\t\t\t\t\t\t\t\t<p>Skremmegestalt og samtidig straff: en advarsel mot forholdet til en prest.<\/p>\t\t\t\t\t\t\t\t<\/div>\n\t\t\t\t\t<\/div>\n\t\t\t\t<\/div>\n\t\t<div class=\"elementor-element elementor-element-0qpjal9w iwg-steckbrief-card e-flex e-con-boxed e-con e-child\" data-id=\"0qpjal9w\" data-element_type=\"container\" data-e-type=\"container\">\n\t\t\t\t\t<div class=\"e-con-inner\">\n\t\t\t\t<div class=\"elementor-element elementor-element-6ndoih0o elementor-widget elementor-widget-heading\" data-id=\"6ndoih0o\" data-element_type=\"widget\" data-e-type=\"widget\" data-widget_type=\"heading.default\">\n\t\t\t\t\t<div class=\"elementor-heading-title elementor-size-default\">Avvergende midler<\/div>\t\t\t\t<\/div>\n\t\t\t\t<div class=\"elementor-element elementor-element-6684tyh9 elementor-widget elementor-widget-text-editor\" data-id=\"6684tyh9\" data-element_type=\"widget\" data-e-type=\"widget\" data-widget_type=\"text-editor.default\">\n\t\t\t\t\t\t\t\t\t<p>Gjemme seg, la blod flyte eller ta av det jernbesl\u00e5tte hodelaget for \u00e5 bryte forbannelsen.<\/p>\t\t\t\t\t\t\t\t<\/div>\n\t\t\t\t\t<\/div>\n\t\t\t\t<\/div>\n\t\t<div class=\"elementor-element elementor-element-3lfi7x32 iwg-steckbrief-card e-flex e-con-boxed e-con e-child\" data-id=\"3lfi7x32\" data-element_type=\"container\" data-e-type=\"container\">\n\t\t\t\t\t<div class=\"e-con-inner\">\n\t\t\t\t<div class=\"elementor-element elementor-element-0kg99ga1 elementor-widget elementor-widget-heading\" data-id=\"0kg99ga1\" data-element_type=\"widget\" data-e-type=\"widget\" data-widget_type=\"heading.default\">\n\t\t\t\t\t<div class=\"elementor-heading-title elementor-size-default\">Sammenlignbart<\/div>\t\t\t\t<\/div>\n\t\t\t\t<div class=\"elementor-element elementor-element-n0fum6kp elementor-widget elementor-widget-text-editor\" data-id=\"n0fum6kp\" data-element_type=\"widget\" data-e-type=\"widget\" data-widget_type=\"text-editor.default\">\n\t\t\t\t\t\t\t\t\t<p>Den venezuelanske <a href=\"https:\/\/iwell-guard.com\/no\/?page_id=141899\">La Sayona<\/a> og den karibiske <a href=\"https:\/\/iwell-guard.com\/no\/?page_id=141895\">Lagahoo<\/a> som andre amerikanske forbannelses- og skremmegestalter.<\/p>\t\t\t\t\t\t\t\t<\/div>\n\t\t\t\t\t<\/div>\n\t\t\t\t<\/div>\n\t\t\t\t<\/div>\n\t\t\t\t<\/div>\n\t\t\t\t\t<\/div>\n\t\t\t\t<\/div>\n\t\t<div class=\"elementor-element elementor-element-7533bc7a e-flex e-con-boxed e-con e-parent\" data-id=\"7533bc7a\" data-element_type=\"container\" data-e-type=\"container\">\n\t\t\t\t\t<div class=\"e-con-inner\">\n\t\t\t\t<div class=\"elementor-element elementor-element-2447d18d elementor-widget elementor-widget-heading\" data-id=\"2447d18d\" data-element_type=\"widget\" data-e-type=\"widget\" data-widget_type=\"heading.default\">\n\t\t\t\t\t<h2 class=\"elementor-heading-title elementor-size-default\">Forbannelsen for kj\u00e6rligheten til presten<\/h2>\t\t\t\t<\/div>\n\t\t<div class=\"elementor-element elementor-element-d5d0260c e-con-full e-flex e-con e-child\" data-id=\"d5d0260c\" data-element_type=\"container\" data-e-type=\"container\">\n\t\t\t\t<div class=\"elementor-element elementor-element-341be2ac elementor-widget elementor-widget-text-editor\" data-id=\"341be2ac\" data-element_type=\"widget\" data-e-type=\"widget\" data-widget_type=\"text-editor.default\">\n\t\t\t\t\t\t\t\t\t<p>Mula sem cabe\u00e7a, portugisisk for muldyr uten hode, betegner en kvinne som ble forbannet av Gud for sin synd, ofte konkret for et samboerskap eller et utroskapsforhold med en prest. Straffen forvandler henne om natten til det navngivende hodel\u00f8se dyret.<\/p><p>Legenden har iberiske r\u00f8tter og ble f\u00f8rt til Brasil i kolonitiden, hvor den s\u00e6rlig festet seg p\u00e5 landsbygda. Lu\u00eds da C\u00e2mara Cascudo behandler den i sin Dicion\u00e1rio do Folclore Brasileiro og peker samtidig p\u00e5 en mulig p\u00e5virkning fra den greske kentaur-figuren.<\/p>\t\t\t\t\t\t\t\t<\/div>\n\t\t\t\t<\/div>\n\t\t\t\t\t<\/div>\n\t\t\t\t<\/div>\n\t\t<div class=\"elementor-element elementor-element-5a584676 e-flex e-con-boxed e-con e-parent\" data-id=\"5a584676\" data-element_type=\"container\" data-e-type=\"container\">\n\t\t\t\t\t<div class=\"e-con-inner\">\n\t\t\t\t<div class=\"elementor-element elementor-element-6d0757bf elementor-widget elementor-widget-heading\" data-id=\"6d0757bf\" data-element_type=\"widget\" data-e-type=\"widget\" data-widget_type=\"heading.default\">\n\t\t\t\t\t<h2 class=\"elementor-heading-title elementor-size-default\">Skolestoff og folklorekanon<\/h2>\t\t\t\t<\/div>\n\t\t<div class=\"elementor-element elementor-element-60563f68 e-con-full e-flex e-con e-child\" data-id=\"60563f68\" data-element_type=\"container\" data-e-type=\"container\">\n\t\t\t\t<div class=\"elementor-element elementor-element-5a93fdd6 elementor-widget elementor-widget-text-editor\" data-id=\"5a93fdd6\" data-element_type=\"widget\" data-e-type=\"widget\" data-widget_type=\"text-editor.default\">\n\t\t\t\t\t\t\t\t\t<p>Mula sem cabe\u00e7a er en av de mest kjente brasilianske legendene og en fast del av folklorekanonen, folkloredagen og skolestoffet, med utallige gjenfortellinger i tegneserier, barne- og skrekkmedier.<\/p><p>Religionsvitenskapelig er hun en forbannelse for seksuelt tabubrudd, forholdet til en prest, og en kirkelig-moralsk kontrollfortelling med iberisk opphav og forankring i den kristne ukekalenderen: natten mellom torsdag og fredag knytter forbannelsen direkte til den kirkelige kalenderen.<\/p>\t\t\t\t\t\t\t\t<\/div>\n\t\t\t\t<\/div>\n\t\t\t\t\t<\/div>\n\t\t\t\t<\/div>\n\t\t<div class=\"elementor-element elementor-element-cp9a031aa e-flex e-con-boxed e-con e-parent\" data-id=\"cp9a031aa\" data-element_type=\"container\" data-e-type=\"container\">\n\t\t\t\t\t<div class=\"e-con-inner\">\n\t\t\t\t<div class=\"elementor-element elementor-element-cp9193514 elementor-widget elementor-widget-heading\" data-id=\"cp9193514\" data-element_type=\"widget\" data-e-type=\"widget\" data-widget_type=\"heading.default\">\n\t\t\t\t\t<h2 class=\"elementor-heading-title elementor-size-default\">Gjemme seg, blod og det jernbesl\u00e5tte hodelaget<\/h2>\t\t\t\t<\/div>\n\t\t<div class=\"elementor-element elementor-element-cp02ca0ee e-con-full e-flex e-con e-child\" data-id=\"cp02ca0ee\" data-element_type=\"container\" data-e-type=\"container\">\n\t\t\t\t<div class=\"elementor-element elementor-element-cp444e0f1 elementor-widget elementor-widget-text-editor\" data-id=\"cp444e0f1\" data-element_type=\"widget\" data-e-type=\"widget\" data-widget_type=\"text-editor.default\">\n\t\t\t\t\t\t\t\t\t<p>Kildesikkert er det at det \u00e5 gjemme seg gir beskyttelse: Den som legger seg med ansiktet ned mot jorden og skjuler negler og tenner, blir if\u00f8lge overleveringen ikke angrepet. \u00c5 la blod flyte, for eksempel gjennom et lett stikk med en n\u00e5l, bryter forbannelsen p\u00e5 samme m\u00e5te som \u00e5 ta av det jernbesl\u00e5tte hodelaget: f\u00f8rst n\u00e5r <a href=\"https:\/\/iwell-guard.com\/no\/jern-og-kaldt-jern\/\">jernet<\/a> i hodelaget faller, tar forvandlingen slutt. Ogs\u00e5 presten selv kan oppheve trolldommen. Et b\u00e5ret <a href=\"https:\/\/iwell-guard.com\/no\/amulett\/\">amulett<\/a> regnes dessuten blant de overleverte beskyttelsestegnene mot nattlige forbannelsesgestalter, og <a href=\"https:\/\/iwell-guard.com\/no\/vievann\/\">vievann<\/a> virker som et kristent tegn mot den forbannede kvinnen.<\/p>\t\t\t\t\t\t\t\t<\/div>\n\t\t\t\t<\/div>\n\t\t\t\t\t<\/div>\n\t\t\t\t<\/div>\n\t\t<div class=\"elementor-element elementor-element-cp11de5b2 e-flex e-con-boxed e-con e-parent\" data-id=\"cp11de5b2\" data-element_type=\"container\" data-e-type=\"container\">\n\t\t\t\t\t<div class=\"e-con-inner\">\n\t\t\t\t<div class=\"elementor-element elementor-element-cp8d35271 elementor-widget elementor-widget-heading\" data-id=\"cp8d35271\" data-element_type=\"widget\" data-e-type=\"widget\" data-widget_type=\"heading.default\">\n\t\t\t\t\t<h2 class=\"elementor-heading-title elementor-size-default\">Hodel\u00f8se ryttere mellom Brasil og Europa<\/h2>\t\t\t\t<\/div>\n\t\t<div class=\"elementor-element elementor-element-cp02f26b8 e-con-full e-flex e-con e-child\" data-id=\"cp02f26b8\" data-element_type=\"container\" data-e-type=\"container\">\n\t\t\t\t<div class=\"elementor-element elementor-element-cp58c4390 elementor-widget elementor-widget-text-editor\" data-id=\"cp58c4390\" data-element_type=\"widget\" data-e-type=\"widget\" data-widget_type=\"text-editor.default\">\n\t\t\t\t\t\t\t\t\t<p>Som en hodel\u00f8s skremmegestalt tilsvarer Mula sem cabe\u00e7a det internasjonalt utbredte motivet av den hodel\u00f8se rytteren og den irske Dullahan, et likeledes hodel\u00f8st, nattlig ridende skremmevesen. C\u00e2mara Cascudo peker ogs\u00e5 p\u00e5 den greske kentauren som en mulig motivp\u00e5virkning. Som andre beslektede gestalter nevner overleveringen den venezuelanske <a href=\"https:\/\/iwell-guard.com\/no\/?page_id=141899\">La Sayona<\/a>, den karibiske <a href=\"https:\/\/iwell-guard.com\/no\/?page_id=141895\">Lagahoo<\/a> og den kinesiske <a href=\"https:\/\/iwell-guard.com\/no\/?page_id=141936\">Wutou-gui<\/a>.<\/p>\t\t\t\t\t\t\t\t<\/div>\n\t\t\t\t<\/div>\n\t\t\t\t\t<\/div>\n\t\t\t\t<\/div>\n\t\t<div class=\"elementor-element elementor-element-cp406577c e-flex e-con-boxed e-con e-parent\" data-id=\"cp406577c\" data-element_type=\"container\" data-e-type=\"container\">\n\t\t\t\t\t<div class=\"e-con-inner\">\n\t\t\t\t<div class=\"elementor-element elementor-element-cpdd9c543 elementor-widget elementor-widget-heading\" data-id=\"cpdd9c543\" data-element_type=\"widget\" data-e-type=\"widget\" data-widget_type=\"heading.default\">\n\t\t\t\t\t<h2 class=\"elementor-heading-title elementor-size-default\">Vanlige sp\u00f8rsm\u00e5l om Mula sem cabe\u00e7a<\/h2>\t\t\t\t<\/div>\n\t\t<div class=\"elementor-element elementor-element-cp9e731bb e-con-full e-flex e-con e-child\" data-id=\"cp9e731bb\" data-element_type=\"container\" data-e-type=\"container\">\n\t\t\t\t<div class=\"elementor-element elementor-element-cpa7c898c elementor-widget elementor-widget-text-editor\" data-id=\"cpa7c898c\" data-element_type=\"widget\" data-e-type=\"widget\" data-widget_type=\"text-editor.default\">\n\t\t\t\t\t\t\t\t\t<p><strong>N\u00e5r forvandler Mula sem cabe\u00e7a seg?<\/strong><\/p><p>Om natten, s\u00e6rlig natten mellom torsdag og fredag, n\u00e5r forvandlingen er knyttet til kirkekalenderen.<\/p><p><strong>Hvordan brytes forbannelsen?<\/strong><\/p><p>Ved at blod utgytes, for eksempel et lite stikk med en n\u00e5l, ved at det jernbesl\u00e5tte grimen tas av, eller gjennom presten selv.<\/p><p><strong>Hvorfor forvandler hun seg nettopp til et mulesel?<\/strong><\/p><p>Som straff for kj\u00e6rlighetsforholdet til en prest: det hodel\u00f8se, brennende muleselet, en ufruktbar hybrid, symboliserer den forbannede kvinnen og hennes synd, som tolkes som ufruktbar.<\/p>\t\t\t\t\t\t\t\t<\/div>\n\t\t\t\t<\/div>\n\t\t\t\t\t<\/div>\n\t\t\t\t<\/div>\n\t\t<div class=\"elementor-element elementor-element-36dd7469 e-flex e-con-boxed e-con e-parent\" data-id=\"36dd7469\" data-element_type=\"container\" data-e-type=\"container\">\n\t\t\t\t\t<div class=\"e-con-inner\">\n\t\t\t\t<div class=\"elementor-element elementor-element-13760ab4 elementor-widget elementor-widget-heading\" data-id=\"13760ab4\" data-element_type=\"widget\" data-e-type=\"widget\" data-widget_type=\"heading.default\">\n\t\t\t\t\t<h2 class=\"elementor-heading-title elementor-size-default\">Videre lenker<\/h2>\t\t\t\t<\/div>\n\t\t<div class=\"elementor-element elementor-element-28c87796 e-con-full e-flex e-con e-child\" data-id=\"28c87796\" data-element_type=\"container\" data-e-type=\"container\">\n\t\t\t\t<div class=\"elementor-element elementor-element-5d6538df elementor-widget elementor-widget-text-editor\" data-id=\"5d6538df\" data-element_type=\"widget\" data-e-type=\"widget\" data-widget_type=\"text-editor.default\">\n\t\t\t\t\t\t\t\t\t<p>Anbefalte interne lenker:<\/p><ul><li><a href=\"https:\/\/iwell-guard.com\/no\/?page_id=141899\">La Sayona<\/a>, <a href=\"https:\/\/iwell-guard.com\/no\/?page_id=141895\">Lagahoo<\/a> \u2013 beslektede amerikanske skremmegestalter<\/li><li><a href=\"https:\/\/iwell-guard.com\/no\/?page_id=141936\">Wutou-gui<\/a> \u2013 beslektet kinesisk \u00e5nd<\/li><li><a href=\"https:\/\/iwell-guard.com\/no\/jern-og-kaldt-jern\/\">Jern<\/a>, <a href=\"https:\/\/iwell-guard.com\/no\/amulett\/\">Amulett<\/a>, <a href=\"https:\/\/iwell-guard.com\/no\/vievann\/\">Vievann<\/a> \u2013 overleverte beskyttelsesmidler<\/li><li><a href=\"https:\/\/iwell-guard.com\/no\/beskyttelseskompass\/\">Beskyttelseskompass<\/a> \u2013 beskyttelsesmidler i oversikt<\/li><\/ul>\t\t\t\t\t\t\t\t<\/div>\n\t\t\t\t<\/div>\n\t\t\t\t\t<\/div>\n\t\t\t\t<\/div>\n\t\t<div class=\"elementor-element elementor-element-grl4kl40 e-flex e-con-boxed e-con e-parent\" data-id=\"grl4kl40\" data-element_type=\"container\" data-e-type=\"container\">\n\t\t\t\t\t<div class=\"e-con-inner\">\n\t\t\t\t<div class=\"elementor-element elementor-element-bzsbfrmh elementor-widget elementor-widget-heading\" data-id=\"bzsbfrmh\" data-element_type=\"widget\" data-e-type=\"widget\" data-widget_type=\"heading.default\">\n\t\t\t\t\t<h2 class=\"elementor-heading-title elementor-size-default\">Litteratur (utvalg)<\/h2>\t\t\t\t<\/div>\n\t\t<div class=\"elementor-element elementor-element-2c13224a e-con-full e-flex e-con e-child\" data-id=\"2c13224a\" data-element_type=\"container\" data-e-type=\"container\">\n\t\t\t\t<div class=\"elementor-element elementor-element-0eymh9ub elementor-widget elementor-widget-text-editor\" data-id=\"0eymh9ub\" data-element_type=\"widget\" data-e-type=\"widget\" data-widget_type=\"text-editor.default\">\n\t\t\t\t\t\t\t\t\t<footer class=\"iwg-literatur\" data-nosnippet=\"true\"><p>Et utvalg sentrale kilder og studier:<\/p><ul><li><span data-nosnippet>C\u00e2mara Cascudo, Lu\u00eds da: <em>Dicion\u00e1rio do Folclore Brasileiro<\/em>. Rio de Janeiro 1954.<\/span><\/li><li><span data-nosnippet>Portugisiskspr\u00e5klige folklore-kompendier og legendesamlinger.<\/span><\/li><\/ul><\/footer>\n<p class=\"iwg-bib-more\"><span data-nosnippet>Flere standardverk i <a href=\"https:\/\/iwell-guard.com\/no\/litteratur\/\">litteraturlisten<\/a>.<\/span><\/p>\t\t\t\t\t\t\t\t<\/div>\n\t\t\t\t<\/div>\n\t\t\t\t\t<\/div>\n\t\t\t\t<\/div>\n\t\t<div class=\"elementor-element elementor-element-iwgkw2-add-hulijing e-flex e-con-boxed e-con e-parent\" data-id=\"iwgkw2-add-hulijing\" data-element_type=\"container\" data-e-type=\"container\">\n\t\t\t\t\t<div class=\"e-con-inner\">\n\t\t\t\t<div class=\"elementor-element elementor-element-iwgkw2-add-hulijing-t elementor-widget elementor-widget-text-editor\" data-id=\"iwgkw2-add-hulijing-t\" data-element_type=\"widget\" data-e-type=\"widget\" data-widget_type=\"text-editor.default\">\n\t\t\t\t\t\t\t\t\t<p>Som en hodel\u00f8s muleselhoppe forblir Mula sem cabe\u00e7a en brasiliansk forbannelsesgestalt, bundet til natten mellom torsdag og fredag, og kan bare l\u00f8ses fra forbannelsen ved blod, det jernbesl\u00e5tte grimen eller presten selv.<\/p>\t\t\t\t\t\t\t\t<\/div>\n\t\t\t\t\t<\/div>\n\t\t\t\t<\/div>\n\t\t\t\t<\/div>\n\t\t","protected":false},"excerpt":{"rendered":"","protected":false},"author":3,"featured_media":20232,"parent":0,"menu_order":0,"comment_status":"closed","ping_status":"closed","template":"elementor_header_footer","meta":{"_yoast_wpseo_focuskw":"mula sem cabe\u00e7a","_yoast_wpseo_title":"Mula sem cabe\u00e7a \u2013 det hodel\u00f8se muldyret","_yoast_wpseo_metadesc":"Mula sem cabe\u00e7a, det hodel\u00f8se ildmuldyret fra Brasil. Opphav i forbannelsen for kj\u00e6rlighetsforholdet til en prest, og vernet mot henne i oversikt.","_yoast_wpseo_meta-robots-noindex":"","_yoast_wpseo_canonical":"","_angie_page":false,"gefaehrdungsstufe":"3","wesen_kultur":"brasilianisch","wesen_klasse":"geister","footnotes":""},"categories":[],"class_list":["post-141900","page","type-page","status-publish","has-post-thumbnail","hentry"],"yoast_head":"<!-- This site is optimized with the Yoast SEO Premium plugin v27.7 (Yoast SEO v28.3) - https:\/\/yoast.com\/product\/yoast-seo-premium-wordpress\/ -->\n<title>Mula sem cabe\u00e7a \u2013 det hodel\u00f8se muldyret<\/title>\n<meta name=\"description\" content=\"Mula sem cabe\u00e7a, det hodel\u00f8se ildmuldyret fra Brasil. Opphav i forbannelsen for kj\u00e6rlighetsforholdet til en prest, og vernet mot henne i oversikt.\" \/>\n<meta name=\"robots\" content=\"index, follow, max-snippet:-1, max-image-preview:large, max-video-preview:-1\" \/>\n<link rel=\"canonical\" href=\"https:\/\/iwell-guard.com\/no\/mula-sem-cabeca\/\" \/>\n<meta property=\"og:locale\" content=\"nb_NO\" \/>\n<meta property=\"og:type\" content=\"article\" \/>\n<meta property=\"og:title\" content=\"Mula sem cabe\u00e7a\" \/>\n<meta property=\"og:description\" content=\"Mula sem cabe\u00e7a, det hodel\u00f8se ildmuldyret fra Brasil. Opphav i forbannelsen for kj\u00e6rlighetsforholdet til en prest, og vernet mot henne i oversikt.\" \/>\n<meta property=\"og:url\" content=\"https:\/\/iwell-guard.com\/no\/mula-sem-cabeca\/\" \/>\n<meta property=\"og:site_name\" content=\"iWell Guard\" \/>\n<meta property=\"article:modified_time\" content=\"2026-09-03T10:12:56+00:00\" \/>\n<meta property=\"og:image\" content=\"https:\/\/iwell-guard.com\/wp-content\/uploads\/2026\/07\/geister_brasilianisch_mula-sem-cabeca.webp\" \/>\n\t<meta property=\"og:image:width\" content=\"1024\" \/>\n\t<meta property=\"og:image:height\" content=\"1536\" \/>\n\t<meta property=\"og:image:type\" content=\"image\/webp\" \/>\n<meta name=\"twitter:card\" content=\"summary_large_image\" \/>\n<script type=\"application\/ld+json\" class=\"yoast-schema-graph\">{\"@context\":\"https:\\\/\\\/schema.org\",\"@graph\":[{\"@type\":\"WebPage\",\"@id\":\"https:\\\/\\\/iwell-guard.com\\\/no\\\/mula-sem-cabeca\\\/\",\"url\":\"https:\\\/\\\/iwell-guard.com\\\/no\\\/mula-sem-cabeca\\\/\",\"name\":\"Mula sem cabe\u00e7a \u2013 det hodel\u00f8se muldyret\",\"isPartOf\":{\"@id\":\"https:\\\/\\\/iwell-guard.com\\\/no\\\/#website\"},\"primaryImageOfPage\":{\"@id\":\"https:\\\/\\\/iwell-guard.com\\\/no\\\/mula-sem-cabeca\\\/#primaryimage\"},\"image\":{\"@id\":\"https:\\\/\\\/iwell-guard.com\\\/no\\\/mula-sem-cabeca\\\/#primaryimage\"},\"thumbnailUrl\":\"https:\\\/\\\/iwell-guard.com\\\/wp-content\\\/uploads\\\/2026\\\/07\\\/geister_brasilianisch_mula-sem-cabeca.webp\",\"datePublished\":\"2026-09-03T09:28:00+00:00\",\"dateModified\":\"2026-09-03T10:12:56+00:00\",\"description\":\"Mula sem cabe\u00e7a, det hodel\u00f8se ildmuldyret fra Brasil. Opphav i forbannelsen for kj\u00e6rlighetsforholdet til en prest, og vernet mot henne i oversikt.\",\"breadcrumb\":{\"@id\":\"https:\\\/\\\/iwell-guard.com\\\/no\\\/mula-sem-cabeca\\\/#breadcrumb\"},\"inLanguage\":\"nb-NO\",\"potentialAction\":[{\"@type\":\"ReadAction\",\"target\":[\"https:\\\/\\\/iwell-guard.com\\\/no\\\/mula-sem-cabeca\\\/\"]}]},{\"@type\":\"ImageObject\",\"inLanguage\":\"nb-NO\",\"@id\":\"https:\\\/\\\/iwell-guard.com\\\/no\\\/mula-sem-cabeca\\\/#primaryimage\",\"url\":\"https:\\\/\\\/iwell-guard.com\\\/wp-content\\\/uploads\\\/2026\\\/07\\\/geister_brasilianisch_mula-sem-cabeca.webp\",\"contentUrl\":\"https:\\\/\\\/iwell-guard.com\\\/wp-content\\\/uploads\\\/2026\\\/07\\\/geister_brasilianisch_mula-sem-cabeca.webp\",\"width\":1024,\"height\":1536,\"caption\":\"Mula sem cabe\u00e7a, \u00e5nd fra brasiliansk overlevering\"},{\"@type\":\"BreadcrumbList\",\"@id\":\"https:\\\/\\\/iwell-guard.com\\\/no\\\/mula-sem-cabeca\\\/#breadcrumb\",\"itemListElement\":[{\"@type\":\"ListItem\",\"position\":1,\"name\":\"Start\",\"item\":\"https:\\\/\\\/iwell-guard.com\\\/no\\\/?page_id=140795\"},{\"@type\":\"ListItem\",\"position\":2,\"name\":\"Mula sem cabe\u00e7a\"}]},{\"@type\":\"WebSite\",\"@id\":\"https:\\\/\\\/iwell-guard.com\\\/no\\\/#website\",\"url\":\"https:\\\/\\\/iwell-guard.com\\\/no\\\/\",\"name\":\"iWell Guard\",\"description\":\"Schutz vor dunklen Einfl\u00fcssen\",\"publisher\":{\"@id\":\"https:\\\/\\\/iwell-guard.com\\\/no\\\/#organization\"},\"potentialAction\":[{\"@type\":\"SearchAction\",\"target\":{\"@type\":\"EntryPoint\",\"urlTemplate\":\"https:\\\/\\\/iwell-guard.com\\\/no\\\/?s={search_term_string}\"},\"query-input\":{\"@type\":\"PropertyValueSpecification\",\"valueRequired\":true,\"valueName\":\"search_term_string\"}}],\"inLanguage\":\"nb-NO\"},{\"@type\":\"Organization\",\"@id\":\"https:\\\/\\\/iwell-guard.com\\\/no\\\/#organization\",\"name\":\"Ittermann electronic GmbH\",\"url\":\"https:\\\/\\\/iwell-guard.com\\\/no\\\/\",\"logo\":{\"@type\":\"ImageObject\",\"inLanguage\":\"nb-NO\",\"@id\":\"https:\\\/\\\/iwell-guard.com\\\/no\\\/#\\\/schema\\\/logo\\\/image\\\/\",\"url\":\"https:\\\/\\\/iwell-guard.com\\\/wp-content\\\/uploads\\\/2026\\\/05\\\/Ittermann-Logo-1182x237-1.png\",\"contentUrl\":\"https:\\\/\\\/iwell-guard.com\\\/wp-content\\\/uploads\\\/2026\\\/05\\\/Ittermann-Logo-1182x237-1.png\",\"width\":1182,\"height\":237,\"caption\":\"Ittermann electronic GmbH\"},\"image\":{\"@id\":\"https:\\\/\\\/iwell-guard.com\\\/no\\\/#\\\/schema\\\/logo\\\/image\\\/\"},\"sameAs\":[\"https:\\\/\\\/pantip.com\\\/profile\\\/9367242\",\"https:\\\/\\\/micro.blog\\\/iwellguard\",\"https:\\\/\\\/www.diggerslist.com\\\/iwellguard\\\/about\",\"https:\\\/\\\/skitterphoto.com\\\/photographers\\\/2870314\\\/iwell-guard\",\"https:\\\/\\\/iwellguard.wordpress.com\\\/2026\\\/06\\\/06\\\/iwell-guard\\\/\",\"https:\\\/\\\/hub.docker.com\\\/u\\\/iwellguard\",\"https:\\\/\\\/www.pinterest.com\\\/iwellguard\\\/\",\"https:\\\/\\\/bit.ly\\\/m\\\/iwellguard\",\"https:\\\/\\\/entre-vos-mains.alsace.eu\\\/profiles\\\/iwellguard\\\/activity\",\"https:\\\/\\\/gravatar.com\\\/reallybeded8fd34\",\"https:\\\/\\\/naijamatta.com\\\/iwellguard\",\"https:\\\/\\\/www.goodreads.com\\\/iwellguard\",\"https:\\\/\\\/profile.hatena.ne.jp\\\/iwellguard\\\/\",\"https:\\\/\\\/experiment.com\\\/users\\\/iwellguard\",\"https:\\\/\\\/wakelet.com\\\/@iWellGuard82270\",\"https:\\\/\\\/www.chordie.com\\\/forum\\\/profile.php?id=2555664\",\"https:\\\/\\\/www.instapaper.com\\\/p\\\/17757966\",\"https:\\\/\\\/www.mapleprimes.com\\\/users\\\/iwellguard\",\"https:\\\/\\\/businesslistingplus.com\\\/profile\\\/iwell-guard\\\/\",\"https:\\\/\\\/telegra.ph\\\/iWell-Guard-06-06\",\"https:\\\/\\\/pbase.com\\\/iwellguard\\\/iwellguard\",\"https:\\\/\\\/b.hatena.ne.jp\\\/iwellguard\\\/20260607#bookmark-4788405196491818882\",\"https:\\\/\\\/fliphtml5.com\\\/home\\\/iwellguard\",\"https:\\\/\\\/anyflip.com\\\/homepage\\\/cmiwl#About\",\"https:\\\/\\\/transfur.com\\\/Users\\\/iwellguard\",\"http:\\\/\\\/delphi.larsbo.org\\\/user\\\/iwellguard\",\"https:\\\/\\\/jobs.lajobsportal.org\\\/profiles\\\/8380803-iwell-guard\",\"https:\\\/\\\/md.chaosdorf.de\\\/s\\\/jfbe5SBdJD\",\"https:\\\/\\\/www.lingvolive.com\\\/en-us\\\/profile\\\/9ecaeaca-ce11-4e51-9e71-01d55e2bff36\\\/translations\",\"https:\\\/\\\/www.fitday.com\\\/fitness\\\/forums\\\/members\\\/iwellguard.html\",\"https:\\\/\\\/www.mymeetbook.com\\\/iwellguard\",\"https:\\\/\\\/pxhere.com\\\/en\\\/photographer-me\\\/5040798\",\"https:\\\/\\\/disqus.com\\\/by\\\/iwellguard\\\/about\\\/\",\"https:\\\/\\\/pastelink.net\\\/hjwciqwq\",\"https:\\\/\\\/pubhtml5.com\\\/homepage\\\/scjhn\\\/\",\"https:\\\/\\\/www.bitchute.com\\\/channel\\\/2O2eOKzNqujT\",\"https:\\\/\\\/audiomack.com\\\/iwellguard\"]},{\"@type\":\"Article\",\"@id\":\"https:\\\/\\\/iwell-guard.com\\\/no\\\/mula-sem-cabeca\\\/#article\",\"isPartOf\":{\"@id\":\"https:\\\/\\\/iwell-guard.com\\\/no\\\/mula-sem-cabeca\\\/\"},\"author\":{\"name\":\"Ralf Ittermann\",\"@id\":\"https:\\\/\\\/iwell-guard.com\\\/no\\\/#\\\/schema\\\/person\\\/ee2a27f1cac3406c7c6fb5820cb7349f\"},\"headline\":\"Mula sem cabe\u00e7a\",\"datePublished\":\"2026-09-03T09:28:00+00:00\",\"dateModified\":\"2026-09-03T10:12:56+00:00\",\"mainEntityOfPage\":{\"@id\":\"https:\\\/\\\/iwell-guard.com\\\/no\\\/mula-sem-cabeca\\\/\"},\"publisher\":{\"@id\":\"https:\\\/\\\/iwell-guard.com\\\/no\\\/#organization\"},\"image\":{\"@id\":\"https:\\\/\\\/iwell-guard.com\\\/no\\\/mula-sem-cabeca\\\/#primaryimage\"},\"thumbnailUrl\":\"https:\\\/\\\/iwell-guard.com\\\/wp-content\\\/uploads\\\/2026\\\/07\\\/geister_brasilianisch_mula-sem-cabeca.webp\",\"inLanguage\":\"nb-NO\",\"description\":\"Mula sem cabe\u00e7a, det hodel\u00f8se ildmuldyret fra Brasil. Opphav i forbannelsen for kj\u00e6rlighetsforholdet til en prest, og vernet mot henne i oversikt.\"}]}<\/script>\n<!-- \/ Yoast SEO Premium plugin. -->","yoast_head_json":{"title":"Mula sem cabe\u00e7a \u2013 det hodel\u00f8se muldyret","description":"Mula sem cabe\u00e7a, det hodel\u00f8se ildmuldyret fra Brasil. Opphav i forbannelsen for kj\u00e6rlighetsforholdet til en prest, og vernet mot henne i oversikt.","robots":{"index":"index","follow":"follow","max-snippet":"max-snippet:-1","max-image-preview":"max-image-preview:large","max-video-preview":"max-video-preview:-1"},"canonical":"https:\/\/iwell-guard.com\/no\/mula-sem-cabeca\/","og_locale":"nb_NO","og_type":"article","og_title":"Mula sem cabe\u00e7a","og_description":"Mula sem cabe\u00e7a, det hodel\u00f8se ildmuldyret fra Brasil. Opphav i forbannelsen for kj\u00e6rlighetsforholdet til en prest, og vernet mot henne i oversikt.","og_url":"https:\/\/iwell-guard.com\/no\/mula-sem-cabeca\/","og_site_name":"iWell Guard","article_modified_time":"2026-09-03T10:12:56+00:00","og_image":[{"width":1024,"height":1536,"url":"https:\/\/iwell-guard.com\/wp-content\/uploads\/2026\/07\/geister_brasilianisch_mula-sem-cabeca.webp","type":"image\/webp"}],"twitter_card":"summary_large_image","schema":{"@context":"https:\/\/schema.org","@graph":[{"@type":"Article","@id":"https:\/\/iwell-guard.com\/no\/mula-sem-cabeca\/#article","isPartOf":{"@id":"https:\/\/iwell-guard.com\/no\/mula-sem-cabeca\/"},"author":{"name":"Ralf Ittermann","@id":"https:\/\/iwell-guard.com\/no\/#\/schema\/person\/ee2a27f1cac3406c7c6fb5820cb7349f"},"headline":"Mula sem cabe\u00e7a","datePublished":"2026-09-03T09:28:00+00:00","dateModified":"2026-09-03T10:12:56+00:00","mainEntityOfPage":{"@id":"https:\/\/iwell-guard.com\/no\/mula-sem-cabeca\/"},"publisher":{"@id":"https:\/\/iwell-guard.com\/no\/#organization"},"image":{"@id":"https:\/\/iwell-guard.com\/no\/mula-sem-cabeca\/#primaryimage"},"thumbnailUrl":"https:\/\/iwell-guard.com\/wp-content\/uploads\/2026\/07\/geister_brasilianisch_mula-sem-cabeca.webp","inLanguage":"nb-NO","description":"Mula sem cabe\u00e7a, det hodel\u00f8se ildmuldyret fra Brasil. Opphav i forbannelsen for kj\u00e6rlighetsforholdet til en prest, og vernet mot henne i oversikt."},{"@type":"WebPage","@id":"https:\/\/iwell-guard.com\/no\/mula-sem-cabeca\/","url":"https:\/\/iwell-guard.com\/no\/mula-sem-cabeca\/","name":"Mula sem cabe\u00e7a \u2013 det hodel\u00f8se muldyret","isPartOf":{"@id":"https:\/\/iwell-guard.com\/no\/#website"},"primaryImageOfPage":{"@id":"https:\/\/iwell-guard.com\/no\/mula-sem-cabeca\/#primaryimage"},"image":{"@id":"https:\/\/iwell-guard.com\/no\/mula-sem-cabeca\/#primaryimage"},"thumbnailUrl":"https:\/\/iwell-guard.com\/wp-content\/uploads\/2026\/07\/geister_brasilianisch_mula-sem-cabeca.webp","datePublished":"2026-09-03T09:28:00+00:00","dateModified":"2026-09-03T10:12:56+00:00","description":"Mula sem cabe\u00e7a, det hodel\u00f8se ildmuldyret fra Brasil. Opphav i forbannelsen for kj\u00e6rlighetsforholdet til en prest, og vernet mot henne i oversikt.","breadcrumb":{"@id":"https:\/\/iwell-guard.com\/no\/mula-sem-cabeca\/#breadcrumb"},"inLanguage":"nb-NO","potentialAction":[{"@type":"ReadAction","target":["https:\/\/iwell-guard.com\/no\/mula-sem-cabeca\/"]}]},{"@type":"ImageObject","inLanguage":"nb-NO","@id":"https:\/\/iwell-guard.com\/no\/mula-sem-cabeca\/#primaryimage","url":"https:\/\/iwell-guard.com\/wp-content\/uploads\/2026\/07\/geister_brasilianisch_mula-sem-cabeca.webp","contentUrl":"https:\/\/iwell-guard.com\/wp-content\/uploads\/2026\/07\/geister_brasilianisch_mula-sem-cabeca.webp","width":1024,"height":1536,"caption":"Mula sem cabe\u00e7a, \u00e5nd fra brasiliansk overlevering"},{"@type":"BreadcrumbList","@id":"https:\/\/iwell-guard.com\/no\/mula-sem-cabeca\/#breadcrumb","itemListElement":[{"@type":"ListItem","position":1,"name":"Start","item":"https:\/\/iwell-guard.com\/no\/?page_id=140795"},{"@type":"ListItem","position":2,"name":"Mula sem cabe\u00e7a"}]},{"@type":"WebSite","@id":"https:\/\/iwell-guard.com\/no\/#website","url":"https:\/\/iwell-guard.com\/no\/","name":"iWell Guard","description":"Schutz vor dunklen Einfl\u00fcssen","publisher":{"@id":"https:\/\/iwell-guard.com\/no\/#organization"},"potentialAction":[{"@type":"SearchAction","target":{"@type":"EntryPoint","urlTemplate":"https:\/\/iwell-guard.com\/no\/?s={search_term_string}"},"query-input":{"@type":"PropertyValueSpecification","valueRequired":true,"valueName":"search_term_string"}}],"inLanguage":"nb-NO"},{"@type":"Organization","@id":"https:\/\/iwell-guard.com\/no\/#organization","name":"Ittermann electronic GmbH","url":"https:\/\/iwell-guard.com\/no\/","logo":{"@type":"ImageObject","inLanguage":"nb-NO","@id":"https:\/\/iwell-guard.com\/no\/#\/schema\/logo\/image\/","url":"https:\/\/iwell-guard.com\/wp-content\/uploads\/2026\/05\/Ittermann-Logo-1182x237-1.png","contentUrl":"https:\/\/iwell-guard.com\/wp-content\/uploads\/2026\/05\/Ittermann-Logo-1182x237-1.png","width":1182,"height":237,"caption":"Ittermann electronic GmbH"},"image":{"@id":"https:\/\/iwell-guard.com\/no\/#\/schema\/logo\/image\/"},"sameAs":["https:\/\/pantip.com\/profile\/9367242","https:\/\/micro.blog\/iwellguard","https:\/\/www.diggerslist.com\/iwellguard\/about","https:\/\/skitterphoto.com\/photographers\/2870314\/iwell-guard","https:\/\/iwellguard.wordpress.com\/2026\/06\/06\/iwell-guard\/","https:\/\/hub.docker.com\/u\/iwellguard","https:\/\/www.pinterest.com\/iwellguard\/","https:\/\/bit.ly\/m\/iwellguard","https:\/\/entre-vos-mains.alsace.eu\/profiles\/iwellguard\/activity","https:\/\/gravatar.com\/reallybeded8fd34","https:\/\/naijamatta.com\/iwellguard","https:\/\/www.goodreads.com\/iwellguard","https:\/\/profile.hatena.ne.jp\/iwellguard\/","https:\/\/experiment.com\/users\/iwellguard","https:\/\/wakelet.com\/@iWellGuard82270","https:\/\/www.chordie.com\/forum\/profile.php?id=2555664","https:\/\/www.instapaper.com\/p\/17757966","https:\/\/www.mapleprimes.com\/users\/iwellguard","https:\/\/businesslistingplus.com\/profile\/iwell-guard\/","https:\/\/telegra.ph\/iWell-Guard-06-06","https:\/\/pbase.com\/iwellguard\/iwellguard","https:\/\/b.hatena.ne.jp\/iwellguard\/20260607#bookmark-4788405196491818882","https:\/\/fliphtml5.com\/home\/iwellguard","https:\/\/anyflip.com\/homepage\/cmiwl#About","https:\/\/transfur.com\/Users\/iwellguard","http:\/\/delphi.larsbo.org\/user\/iwellguard","https:\/\/jobs.lajobsportal.org\/profiles\/8380803-iwell-guard","https:\/\/md.chaosdorf.de\/s\/jfbe5SBdJD","https:\/\/www.lingvolive.com\/en-us\/profile\/9ecaeaca-ce11-4e51-9e71-01d55e2bff36\/translations","https:\/\/www.fitday.com\/fitness\/forums\/members\/iwellguard.html","https:\/\/www.mymeetbook.com\/iwellguard","https:\/\/pxhere.com\/en\/photographer-me\/5040798","https:\/\/disqus.com\/by\/iwellguard\/about\/","https:\/\/pastelink.net\/hjwciqwq","https:\/\/pubhtml5.com\/homepage\/scjhn\/","https:\/\/www.bitchute.com\/channel\/2O2eOKzNqujT","https:\/\/audiomack.com\/iwellguard"]},{"@type":"Person","@id":"https:\/\/iwell-guard.com\/no\/#\/schema\/person\/ee2a27f1cac3406c7c6fb5820cb7349f","name":"Ralf Ittermann","image":{"@type":"ImageObject","inLanguage":"nb-NO","@id":"https:\/\/secure.gravatar.com\/avatar\/073c0153e350a5005b68eb752b445fea71f6b24a26da9449ad7e155e6b446c9d?s=96&d=mm&r=g","url":"https:\/\/secure.gravatar.com\/avatar\/073c0153e350a5005b68eb752b445fea71f6b24a26da9449ad7e155e6b446c9d?s=96&d=mm&r=g","contentUrl":"https:\/\/secure.gravatar.com\/avatar\/073c0153e350a5005b68eb752b445fea71f6b24a26da9449ad7e155e6b446c9d?s=96&d=mm&r=g","caption":"Ralf Ittermann"},"givenName":"Ralf","familyName":"Ittermann","jobTitle":"Gesch\u00e4ftsf\u00fchrer und redaktioneller Verantwortlicher","url":"https:\/\/iwell-guard.com\/no\/author\/claude\/","description":"Ralf Ittermann ist Gesch\u00e4ftsf\u00fchrer der Ittermann electronic GmbH und redaktioneller Verantwortlicher des iWell-Guard-Lexikons. Er verbindet langj\u00e4hrige Erfahrung in der Pr\u00e4zisionsfertigung mit medialer Praxis und religionsgeschichtlicher Quellenarbeit.","worksFor":{"@type":"Organization","name":"Ittermann electronic GmbH","url":"https:\/\/ittermann.de\/","address":{"@type":"PostalAddress","streetAddress":"K\u00f6hlergasse 16-18","postalCode":"99842","addressLocality":"Ruhla","addressCountry":"DE"}},"knowsAbout":["Religionsgeschichte","Mythologie","Mediale Praxis","Energetische Diagnostik","Schutzpraxis","Volksglauben","Westliche Esoterik"]},{"@type":"Article","@id":"https:\/\/iwell-guard.com\/no\/mula-sem-cabeca\/#article","isPartOf":{"@id":"https:\/\/iwell-guard.com\/no\/mula-sem-cabeca\/"},"author":{"name":"Ralf Ittermann","@id":"https:\/\/iwell-guard.com\/no\/#\/schema\/person\/ee2a27f1cac3406c7c6fb5820cb7349f"},"headline":"Mula sem cabe\u00e7a","datePublished":"2026-09-03T09:28:00+00:00","dateModified":"2026-09-03T10:12:56+00:00","mainEntityOfPage":{"@id":"https:\/\/iwell-guard.com\/no\/mula-sem-cabeca\/"},"publisher":{"@id":"https:\/\/iwell-guard.com\/no\/#organization"},"image":{"@id":"https:\/\/iwell-guard.com\/no\/mula-sem-cabeca\/#primaryimage"},"thumbnailUrl":"https:\/\/iwell-guard.com\/wp-content\/uploads\/2026\/07\/geister_brasilianisch_mula-sem-cabeca.webp","inLanguage":"nb-NO","description":"Mula sem cabe\u00e7a, det hodel\u00f8se ildmuldyret fra Brasil. Opphav i forbannelsen for kj\u00e6rlighetsforholdet til en prest, og vernet mot henne i oversikt."}]}},"_links":{"self":[{"href":"https:\/\/iwell-guard.com\/no\/wp-json\/wp\/v2\/pages\/141900","targetHints":{"allow":["GET"]}}],"collection":[{"href":"https:\/\/iwell-guard.com\/no\/wp-json\/wp\/v2\/pages"}],"about":[{"href":"https:\/\/iwell-guard.com\/no\/wp-json\/wp\/v2\/types\/page"}],"author":[{"embeddable":true,"href":"https:\/\/iwell-guard.com\/no\/wp-json\/wp\/v2\/users\/3"}],"replies":[{"embeddable":true,"href":"https:\/\/iwell-guard.com\/no\/wp-json\/wp\/v2\/comments?post=141900"}],"version-history":[{"count":0,"href":"https:\/\/iwell-guard.com\/no\/wp-json\/wp\/v2\/pages\/141900\/revisions"}],"wp:featuredmedia":[{"embeddable":true,"href":"https:\/\/iwell-guard.com\/no\/wp-json\/wp\/v2\/media\/20232"}],"wp:attachment":[{"href":"https:\/\/iwell-guard.com\/no\/wp-json\/wp\/v2\/media?parent=141900"}],"wp:term":[{"taxonomy":"category","embeddable":true,"href":"https:\/\/iwell-guard.com\/no\/wp-json\/wp\/v2\/categories?post=141900"}],"curies":[{"name":"wp","href":"https:\/\/api.w.org\/{rel}","templated":true}]}}