{"id":141848,"date":"2026-09-03T09:27:25","date_gmt":"2026-09-03T09:27:25","guid":{"rendered":"https:\/\/iwell-guard.com\/?page_id=141848"},"modified":"2026-09-03T10:09:47","modified_gmt":"2026-09-03T10:09:47","slug":"pricolici","status":"publish","type":"page","link":"https:\/\/iwell-guard.com\/no\/pricolici\/","title":{"rendered":"Pricolici"},"content":{"rendered":"\t\t<div data-elementor-type=\"wp-page\" data-elementor-id=\"141848\" class=\"elementor elementor-141848 elementor-19518\" data-elementor-post-type=\"page\">\n\t\t\t\t<div class=\"elementor-element elementor-element-10fdade e-flex e-con-boxed e-con e-parent\" data-id=\"10fdade\" data-element_type=\"container\" data-e-type=\"container\" data-settings=\"{&quot;background_background&quot;:&quot;classic&quot;}\">\n\t\t\t\t\t<div class=\"e-con-inner\">\n\t\t<div class=\"elementor-element elementor-element-herohlft0 e-flex e-con-boxed e-con e-child\" data-id=\"herohlft0\" data-element_type=\"container\" data-e-type=\"container\">\n\t\t\t\t\t<div class=\"e-con-inner\">\n\t\t<div class=\"elementor-element elementor-element-c3ceb64 e-con-full e-flex e-con e-child\" data-id=\"c3ceb64\" data-element_type=\"container\" data-e-type=\"container\">\n\t\t\t\t<div class=\"elementor-element elementor-element-96ae5e1 elementor-widget elementor-widget-heading\" data-id=\"96ae5e1\" data-element_type=\"widget\" data-e-type=\"widget\" data-widget_type=\"heading.default\">\n\t\t\t\t\t<h1 class=\"elementor-heading-title elementor-size-default\">Pricolici, den onde d\u00f8de i ulveskikkelse<\/h1>\t\t\t\t<\/div>\n\t\t\t\t<div class=\"elementor-element elementor-element-e45238a elementor-widget elementor-widget-text-editor\" data-id=\"e45238a\" data-element_type=\"widget\" data-e-type=\"widget\" data-widget_type=\"text-editor.default\">\n\t\t\t\t\t\t\t\t\t<p>Pricolici er <span class=\"iwg-fachbegriff\" data-tooltip=\"\u00c5ndelig vesen som tilskrives skadelig eller tvetydig virkning.\" tabindex=\"0\">demon<\/span> i den rumenske overleveringen.<\/p><p><strong>Den onde d\u00f8de som vandrer og angriper i ulve- eller hundeskikkelse.<\/strong> Kjernen i skikkelsen er ulveformen han bruker for \u00e5 true de levende. Pricolici regnes blant Romanias ud\u00f8de og f\u00f8res som en varulvskikkelse, noe det f\u00f8lgende avsnittet g\u00e5r n\u00e6rmere inn p\u00e5.<\/p>\t\t\t\t\t\t\t\t<\/div>\n\t\t\t\t<\/div>\n\t\t<div class=\"elementor-element elementor-element-klsbdg01 e-con-full e-flex e-con e-parent\" data-id=\"klsbdg01\" data-element_type=\"container\" data-e-type=\"container\">\n\t\t\t\t<div class=\"elementor-element elementor-element-klshtm01 elementor-widget elementor-widget-html\" data-id=\"klshtm01\" data-element_type=\"widget\" data-e-type=\"widget\" data-widget_type=\"html.default\">\n\t\t\t\t\t<div class=\"iwg-pill-row\"><span class=\"iwg-klasse-badge\" tabindex=\"0\" data-tooltip=\"Demon\/d\u00e6monin: Overnaturlig vesen med for det meste skadelig eller ambivalent virkning. St\u00e5r mellom guder og mennesker, for\u00e5rsaker sykdom, fristelse eller ulykke og avverges gjennom besvergelse, apotropaika og ritualer.\">Demon<\/span><span class=\"iwg-kultur-badge\" tabindex=\"0\" data-tooltip=\"Rumensk folketradisjon i det karpatisk-balkanske omr\u00e5det, opprinnelsesland for vampyrforestillingen.\">Romania<\/span><\/div>\t\t\t\t<\/div>\n\t\t\t\t<\/div>\n\t\t<div class=\"elementor-element elementor-element-3f74855 e-con-full e-flex e-con e-child\" data-id=\"3f74855\" data-element_type=\"container\" data-e-type=\"container\">\n\t\t\t\t<div class=\"elementor-element elementor-element-1c30362 elementor-toc--minimized-on-tablet elementor-widget elementor-widget-table-of-contents\" data-id=\"1c30362\" data-element_type=\"widget\" data-e-type=\"widget\" data-settings=\"{&quot;exclude_headings_by_selector&quot;:[],&quot;no_headings_message&quot;:&quot;Det ble ikke funnet noen overskrifter p\\u00e5 denne siden.&quot;,&quot;headings_by_tags&quot;:[&quot;h2&quot;,&quot;h3&quot;],&quot;marker_view&quot;:&quot;bullets&quot;,&quot;icon&quot;:{&quot;value&quot;:&quot;fas fa-circle&quot;,&quot;library&quot;:&quot;fa-solid&quot;,&quot;rendered_tag&quot;:&quot;&lt;svg class=\\&quot;e-font-icon-svg e-fas-circle\\&quot; viewBox=\\&quot;0 0 512 512\\&quot; xmlns=\\&quot;http:\\\/\\\/www.w3.org\\\/2000\\\/svg\\&quot;&gt;&lt;path d=\\&quot;M256 8C119 8 8 119 8 256s111 248 248 248 248-111 248-248S393 8 256 8z\\&quot;&gt;&lt;\\\/path&gt;&lt;\\\/svg&gt;&quot;},&quot;minimize_box&quot;:&quot;yes&quot;,&quot;minimized_on&quot;:&quot;tablet&quot;,&quot;hierarchical_view&quot;:&quot;yes&quot;,&quot;min_height&quot;:{&quot;unit&quot;:&quot;px&quot;,&quot;size&quot;:&quot;&quot;,&quot;sizes&quot;:[]},&quot;min_height_tablet&quot;:{&quot;unit&quot;:&quot;px&quot;,&quot;size&quot;:&quot;&quot;,&quot;sizes&quot;:[]},&quot;min_height_mobile&quot;:{&quot;unit&quot;:&quot;px&quot;,&quot;size&quot;:&quot;&quot;,&quot;sizes&quot;:[]}}\" data-widget_type=\"table-of-contents.default\">\n\t\t\t\t\t\t\t\t\t<div class=\"elementor-toc__header\">\n\t\t\t\t\t\t<h2 class=\"elementor-toc__header-title\">\n\t\t\t\tInnholdsfortegnelse\t\t\t<\/h2>\n\t\t\t\t\t\t\t\t\t\t<div class=\"elementor-toc__toggle-button elementor-toc__toggle-button--expand\" role=\"button\" tabindex=\"0\" aria-controls=\"elementor-toc__1c30362\" aria-expanded=\"true\" aria-label=\"Open table of contents\"><svg aria-hidden=\"true\" class=\"e-font-icon-svg e-fas-chevron-down\" viewBox=\"0 0 448 512\" xmlns=\"http:\/\/www.w3.org\/2000\/svg\"><path d=\"M207.029 381.476L12.686 187.132c-9.373-9.373-9.373-24.569 0-33.941l22.667-22.667c9.357-9.357 24.522-9.375 33.901-.04L224 284.505l154.745-154.021c9.379-9.335 24.544-9.317 33.901.04l22.667 22.667c9.373 9.373 9.373 24.569 0 33.941L240.971 381.476c-9.373 9.372-24.569 9.372-33.942 0z\"><\/path><\/svg><\/div>\n\t\t\t\t<div class=\"elementor-toc__toggle-button elementor-toc__toggle-button--collapse\" role=\"button\" tabindex=\"0\" aria-controls=\"elementor-toc__1c30362\" aria-expanded=\"true\" aria-label=\"Close table of contents\"><svg aria-hidden=\"true\" class=\"e-font-icon-svg e-fas-chevron-up\" viewBox=\"0 0 448 512\" xmlns=\"http:\/\/www.w3.org\/2000\/svg\"><path d=\"M240.971 130.524l194.343 194.343c9.373 9.373 9.373 24.569 0 33.941l-22.667 22.667c-9.357 9.357-24.522 9.375-33.901.04L224 227.495 69.255 381.516c-9.379 9.335-24.544 9.317-33.901-.04l-22.667-22.667c-9.373-9.373-9.373-24.569 0-33.941L207.03 130.525c9.372-9.373 24.568-9.373 33.941-.001z\"><\/path><\/svg><\/div>\n\t\t\t\t\t<\/div>\n\t\t\t\t<div id=\"elementor-toc__1c30362\" class=\"elementor-toc__body\">\n\t\t\t<div class=\"elementor-toc__spinner-container\">\n\t\t\t\t<svg class=\"elementor-toc__spinner eicon-animation-spin e-font-icon-svg e-eicon-loading\" aria-hidden=\"true\" viewBox=\"0 0 1000 1000\" xmlns=\"http:\/\/www.w3.org\/2000\/svg\"><path d=\"M500 975V858C696 858 858 696 858 500S696 142 500 142 142 304 142 500H25C25 237 238 25 500 25S975 237 975 500 763 975 500 975Z\"><\/path><\/svg>\t\t\t<\/div>\n\t\t<\/div>\n\t\t\t\t\t\t<\/div>\n\t\t\t\t<\/div>\n\t\t\t\t\t<\/div>\n\t\t\t\t<\/div>\n\t\t<div class=\"elementor-element elementor-element-herorght0 e-con-full e-flex e-con e-child\" data-id=\"herorght0\" data-element_type=\"container\" data-e-type=\"container\">\n\t\t\t\t<div class=\"elementor-element elementor-element-heroimg00 iwg-hero-image elementor-widget elementor-widget-image\" data-id=\"heroimg00\" data-element_type=\"widget\" data-e-type=\"widget\" data-widget_type=\"image.default\">\n\t\t\t\t\t\t\t\t\t\t\t\t\t\t\t<img fetchpriority=\"high\" decoding=\"async\" width=\"683\" height=\"1024\" src=\"https:\/\/iwell-guard.com\/wp-content\/uploads\/2026\/07\/daemonen_rumaenisch_pricolici-683x1024.webp\" class=\"attachment-large size-large wp-image-142378\" alt=\"Pricolici, demon fra rumensk overlevering\" srcset=\"https:\/\/iwell-guard.com\/wp-content\/uploads\/2026\/07\/daemonen_rumaenisch_pricolici-683x1024.webp 683w, https:\/\/iwell-guard.com\/wp-content\/uploads\/2026\/07\/daemonen_rumaenisch_pricolici-200x300.webp 200w, https:\/\/iwell-guard.com\/wp-content\/uploads\/2026\/07\/daemonen_rumaenisch_pricolici-768x1152.webp 768w, https:\/\/iwell-guard.com\/wp-content\/uploads\/2026\/07\/daemonen_rumaenisch_pricolici.webp 1024w\" sizes=\"(max-width: 683px) 100vw, 683px\" \/>\t\t\t\t\t\t\t\t\t\t\t\t\t\t\t<\/div>\n\t\t\t\t<\/div>\n\t\t\t\t\t<\/div>\n\t\t\t\t<\/div>\n\t\t<div class=\"elementor-element elementor-element-32917199 e-flex e-con-boxed e-con e-parent\" data-id=\"32917199\" data-element_type=\"container\" data-e-type=\"container\">\n\t\t\t\t\t<div class=\"e-con-inner\">\n\t\t<div class=\"elementor-element elementor-element-26e916cb e-flex e-con-boxed e-con e-child\" data-id=\"26e916cb\" data-element_type=\"container\" data-e-type=\"container\">\n\t\t\t\t\t<div class=\"e-con-inner\">\n\t\t<div class=\"elementor-element elementor-element-253a40d4 e-flex e-con-boxed e-con e-child\" data-id=\"253a40d4\" data-element_type=\"container\" data-e-type=\"container\">\n\t\t\t\t\t<div class=\"e-con-inner\">\n\t\t\t\t<div class=\"elementor-element elementor-element-1200c304 elementor-widget elementor-widget-heading\" data-id=\"1200c304\" data-element_type=\"widget\" data-e-type=\"widget\" data-widget_type=\"heading.default\">\n\t\t\t\t\t<div class=\"elementor-heading-title elementor-size-default\">Pricolici<\/div>\t\t\t\t<\/div>\n\t\t\t\t<div class=\"elementor-element elementor-element-11758e7f elementor-widget elementor-widget-text-editor\" data-id=\"11758e7f\" data-element_type=\"widget\" data-e-type=\"widget\" data-widget_type=\"text-editor.default\">\n\t\t\t\t\t\t\t\t\t<p>I rumensk folketro er Pricolici \u00e5nden til en ond, voldelig mann som etter d\u00f8den ikke vender tilbake som menneske, men som et villdyr. I motsetning til den menneskelignende Strigoi reiser han seg alltid i ulve- eller hundeskikkelse og angriper mennesker som reiser alene, samt husdyr, lydl\u00f8st og uventet.<\/p><p>Pricolici st\u00e5r n\u00e6r forestillingen om V\u00e2rcolac, den vanlige rumenske varulven, og forst\u00e5s som dennes ud\u00f8de forsterkning: Som rumensk varulv forbinder han varulvtroen med gjengangertroen i Karpatene-regionen. Overleveringen er godt belagt og strekker seg til i dag.<\/p>\t\t\t\t\t\t\t\t<\/div>\n\t\t\t\t\t<\/div>\n\t\t\t\t<\/div>\n\t\t<div class=\"elementor-element elementor-element-159dcf9a e-flex e-con-boxed e-con e-child\" data-id=\"159dcf9a\" data-element_type=\"container\" data-e-type=\"container\">\n\t\t\t\t\t<div class=\"e-con-inner\">\n\t\t\t\t<div class=\"elementor-element elementor-element-48cee66f elementor-widget elementor-widget-heading\" data-id=\"48cee66f\" data-element_type=\"widget\" data-e-type=\"widget\" data-widget_type=\"heading.default\">\n\t\t\t\t\t<div class=\"elementor-heading-title elementor-size-default\">Pricolici i korte trekk<\/div>\t\t\t\t<\/div>\n\t\t\t\t<div class=\"elementor-element elementor-element-3f50d82c elementor-widget elementor-widget-text-editor\" data-id=\"3f50d82c\" data-element_type=\"widget\" data-e-type=\"widget\" data-widget_type=\"text-editor.default\">\n\t\t\t\t\t\t\t\t\t<p><strong>Type:<\/strong> Ulvformet varulv-ud\u00f8d, \u00e5nden til en ond d\u00f8d<br>Opprinnelse: Rumensk overlevering fra de landlige Karpatene-regionene<br>Tekster: God folkelig overlevering frem til i dag, samt tidlige samlinger og nyere studier<br>Tidsrom: Rumensk overlevering, rapportert frem til i dag<br>Utseende: Ulv- eller storhundlignende villdyr, mer sjelden et vanskapt menneske<\/p>\t\t\t\t\t\t\t\t<\/div>\n\t\t\t\t\t<\/div>\n\t\t\t\t<\/div>\n\t\t\t\t\t<\/div>\n\t\t\t\t<\/div>\n\t\t\t\t\t<\/div>\n\t\t\t\t<\/div>\n\t\t<div class=\"elementor-element elementor-element-18613602 e-flex e-con-boxed e-con e-parent\" data-id=\"18613602\" data-element_type=\"container\" data-e-type=\"container\">\n\t\t\t\t\t<div class=\"e-con-inner\">\n\t\t\t\t<div class=\"elementor-element elementor-element-262b8a9f elementor-widget elementor-widget-heading\" data-id=\"262b8a9f\" data-element_type=\"widget\" data-e-type=\"widget\" data-widget_type=\"heading.default\">\n\t\t\t\t\t<h2 class=\"elementor-heading-title elementor-size-default\">Kildekontekst<\/h2>\t\t\t\t<\/div>\n\t\t<div class=\"elementor-element elementor-element-46dcb7d e-con-full e-flex e-con e-child\" data-id=\"46dcb7d\" data-element_type=\"container\" data-e-type=\"container\">\n\t\t<div class=\"elementor-element elementor-element-61d3ab3 e-flex e-con-boxed e-con e-child\" data-id=\"61d3ab3\" data-element_type=\"container\" data-e-type=\"container\">\n\t\t\t\t\t<div class=\"e-con-inner\">\n\t\t\t\t<div class=\"elementor-element elementor-element-117c166 elementor-widget elementor-widget-heading\" data-id=\"117c166\" data-element_type=\"widget\" data-e-type=\"widget\" data-widget_type=\"heading.default\">\n\t\t\t\t\t<h3 class=\"elementor-heading-title elementor-size-default\">Tidsrom for tekstene<\/h3>\t\t\t\t<\/div>\n\t\t\t\t<div class=\"elementor-element elementor-element-73997a0 elementor-widget elementor-widget-text-editor\" data-id=\"73997a0\" data-element_type=\"widget\" data-e-type=\"widget\" data-widget_type=\"text-editor.default\">\n\t\t\t\t\t\t\t\t\t<p>Rumensk overlevering som strekker seg til i dag: Ogs\u00e5 i moderne landlige rapporter blir uvanlig store, aggressive ulver tolket som Pricolici.<\/p>\t\t\t\t\t\t\t\t<\/div>\n\t\t\t\t\t<\/div>\n\t\t\t\t<\/div>\n\t\t<div class=\"elementor-element elementor-element-d47b156 e-flex e-con-boxed e-con e-child\" data-id=\"d47b156\" data-element_type=\"container\" data-e-type=\"container\">\n\t\t\t\t\t<div class=\"e-con-inner\">\n\t\t\t\t<div class=\"elementor-element elementor-element-ff38c2b elementor-widget elementor-widget-heading\" data-id=\"ff38c2b\" data-element_type=\"widget\" data-e-type=\"widget\" data-widget_type=\"heading.default\">\n\t\t\t\t\t<h3 class=\"elementor-heading-title elementor-size-default\">Utbredelsesomr\u00e5de<\/h3>\t\t\t\t<\/div>\n\t\t\t\t<div class=\"elementor-element elementor-element-4e49fcc elementor-widget elementor-widget-text-editor\" data-id=\"4e49fcc\" data-element_type=\"widget\" data-e-type=\"widget\" data-widget_type=\"text-editor.default\">\n\t\t\t\t\t\t\t\t\t<p>Romania, s\u00e6rlig de landlige Karpatene-regionene, der troen p\u00e5 varulver og gjengangere har holdt seg spesielt levende.<\/p>\t\t\t\t\t\t\t\t<\/div>\n\t\t\t\t\t<\/div>\n\t\t\t\t<\/div>\n\t\t\t\t<\/div>\n\t\t<div class=\"elementor-element elementor-element-db03c39 e-con-full e-flex e-con e-child\" data-id=\"db03c39\" data-element_type=\"container\" data-e-type=\"container\">\n\t\t<div class=\"elementor-element elementor-element-229a87b e-flex e-con-boxed e-con e-child\" data-id=\"229a87b\" data-element_type=\"container\" data-e-type=\"container\">\n\t\t\t\t\t<div class=\"e-con-inner\">\n\t\t\t\t<div class=\"elementor-element elementor-element-1f471fc elementor-widget elementor-widget-heading\" data-id=\"1f471fc\" data-element_type=\"widget\" data-e-type=\"widget\" data-widget_type=\"heading.default\">\n\t\t\t\t\t<h3 class=\"elementor-heading-title elementor-size-default\">Kildesituasjon<\/h3>\t\t\t\t<\/div>\n\t\t\t\t<div class=\"elementor-element elementor-element-36b1201 elementor-widget elementor-widget-text-editor\" data-id=\"36b1201\" data-element_type=\"widget\" data-e-type=\"widget\" data-widget_type=\"text-editor.default\">\n\t\t\t\t\t\t\t\t\t<p>God: en bred rumensk folkelig overlevering, samt de tidlige samlingene av Murgoci og Summers og nyere studier om vampyrtroen p\u00e5 Balkan.<\/p>\t\t\t\t\t\t\t\t<\/div>\n\t\t\t\t\t<\/div>\n\t\t\t\t<\/div>\n\t\t\t\t<\/div>\n\t\t\t\t\t<\/div>\n\t\t\t\t<\/div>\n\t\t<div class=\"elementor-element elementor-element-3ae0637c e-flex e-con-boxed e-con e-parent\" data-id=\"3ae0637c\" data-element_type=\"container\" data-e-type=\"container\">\n\t\t\t\t\t<div class=\"e-con-inner\">\n\t\t\t\t<div class=\"elementor-element elementor-element-31d07739 elementor-widget elementor-widget-heading\" data-id=\"31d07739\" data-element_type=\"widget\" data-e-type=\"widget\" data-widget_type=\"heading.default\">\n\t\t\t\t\t<h2 class=\"elementor-heading-title elementor-size-default\">Navn og varianter<\/h2>\t\t\t\t<\/div>\n\t\t<div class=\"elementor-element elementor-element-b7642947 e-con-full e-flex e-con e-child\" data-id=\"b7642947\" data-element_type=\"container\" data-e-type=\"container\">\n\t\t\t\t<div class=\"elementor-element elementor-element-a086266 elementor-widget elementor-widget-text-editor\" data-id=\"a086266\" data-element_type=\"widget\" data-e-type=\"widget\" data-widget_type=\"text-editor.default\">\n\t\t\t\t\t\t\t\t\t<p><strong>Rumensk:<\/strong> Pricolici betegner den ulvformede varulv-ud\u00f8de og st\u00e5r ved siden av V\u00e2rcolac, den vanlige varulven i rumensk overlevering: Der V\u00e2rcolac som levende menneske skifter skikkelse, vender Pricolici tilbake som d\u00f8d.<\/p>\t\t\t\t\t\t\t\t<\/div>\n\t\t\t\t<\/div>\n\t\t\t\t\t<\/div>\n\t\t\t\t<\/div>\n\t\t<div class=\"elementor-element elementor-element-709a44a8 e-flex e-con-boxed e-con e-parent\" data-id=\"709a44a8\" data-element_type=\"container\" data-e-type=\"container\">\n\t\t\t\t\t<div class=\"e-con-inner\">\n\t\t\t\t<div class=\"elementor-element elementor-element-2f585873 elementor-widget elementor-widget-heading\" data-id=\"2f585873\" data-element_type=\"widget\" data-e-type=\"widget\" data-widget_type=\"heading.default\">\n\t\t\t\t\t<h2 class=\"elementor-heading-title elementor-size-default\">Erscheinungsbild<\/h2>\t\t\t\t<\/div>\n\t\t<div class=\"elementor-element elementor-element-70621c12 e-con-full e-flex e-con e-child\" data-id=\"70621c12\" data-element_type=\"container\" data-e-type=\"container\">\n\t\t\t\t<div class=\"elementor-element elementor-element-4296eb49 elementor-widget elementor-widget-text-editor\" data-id=\"4296eb49\" data-element_type=\"widget\" data-e-type=\"widget\" data-widget_type=\"text-editor.default\">\n\t\t\t\t\t\t\t\t\t<p><strong>Utseende<\/strong><\/p><p>Pricolici viser seg som en rendyrket ulve- eller villdyrskikkelse med reist pels, i sterk motsetning til den menneskelignende Strigoi. Mer sjelden fremst\u00e5r han som et vanskapt menneske som st\u00e5r oppreist og imiterer menneskelige gester for \u00e5 lokke offer.<\/p><p><strong>Virkning<\/strong><\/p><p>Han utf\u00f8rer d\u00f8delige angrep p\u00e5 enkeltpersoner: mennesker som reiser alene, og husdyr. Angrepet skjer lydl\u00f8st og uventet. I moderne landlige rapporter blir uvanlig store, aggressive ulver som angriper p\u00e5 denne m\u00e5ten, tolket som Pricolici.<\/p>\t\t\t\t\t\t\t\t<\/div>\n\t\t\t\t<\/div>\n\t\t\t\t\t<\/div>\n\t\t\t\t<\/div>\n\t\t<div class=\"elementor-element elementor-element-44e71476 e-flex e-con-boxed e-con e-parent\" data-id=\"44e71476\" data-element_type=\"container\" data-e-type=\"container\">\n\t\t\t\t\t<div class=\"e-con-inner\">\n\t\t\t\t<div class=\"elementor-element elementor-element-3c1fc3f0 elementor-widget elementor-widget-heading\" data-id=\"3c1fc3f0\" data-element_type=\"widget\" data-e-type=\"widget\" data-widget_type=\"heading.default\">\n\t\t\t\t\t<h2 class=\"elementor-heading-title elementor-size-default\">Faktaboks: Pricolici<\/h2>\t\t\t\t<\/div>\n\t\t<div class=\"elementor-element elementor-element-84f33b8e e-con-full e-flex e-con e-child\" data-id=\"84f33b8e\" data-element_type=\"container\" data-e-type=\"container\">\n\t\t\t\t<div class=\"elementor-element elementor-element-hqkdc67p elementor-widget elementor-widget-text-editor\" data-id=\"hqkdc67p\" data-element_type=\"widget\" data-e-type=\"widget\" data-widget_type=\"text-editor.default\">\n\t\t\t\t\t\t\t\t\t<p>De viktigste aspektene ved den ud\u00f8de ulven i korte trekk.<\/p>\t\t\t\t\t\t\t\t<\/div>\n\t\t\t\t<\/div>\n\t\t<div class=\"elementor-element elementor-element-pemmx7c5 e-con-full e-flex e-con e-child\" data-id=\"pemmx7c5\" data-element_type=\"container\" data-e-type=\"container\">\n\t\t<div class=\"elementor-element elementor-element-pemmx7c1 e-con-full e-flex e-con e-child\" data-id=\"pemmx7c1\" data-element_type=\"container\" data-e-type=\"container\">\n\t\t<div class=\"elementor-element elementor-element-qh9oavvu iwg-steckbrief-card e-flex e-con-boxed e-con e-child\" data-id=\"qh9oavvu\" data-element_type=\"container\" data-e-type=\"container\">\n\t\t\t\t\t<div class=\"e-con-inner\">\n\t\t\t\t<div class=\"elementor-element elementor-element-awzx8k2k elementor-widget elementor-widget-heading\" data-id=\"awzx8k2k\" data-element_type=\"widget\" data-e-type=\"widget\" data-widget_type=\"heading.default\">\n\t\t\t\t\t<div class=\"elementor-heading-title elementor-size-default\">Tradisjon<\/div>\t\t\t\t<\/div>\n\t\t\t\t<div class=\"elementor-element elementor-element-x6rowhv0 elementor-widget elementor-widget-text-editor\" data-id=\"x6rowhv0\" data-element_type=\"widget\" data-e-type=\"widget\" data-widget_type=\"text-editor.default\">\n\t\t\t\t\t\t\t\t\t<p>Rumensk gjengangertro fra Karpatene-regionen, n\u00e6rt beslektet med varulvtroen om V\u00e2rcolac.<\/p>\t\t\t\t\t\t\t\t<\/div>\n\t\t\t\t\t<\/div>\n\t\t\t\t<\/div>\n\t\t<div class=\"elementor-element elementor-element-8e3o4kxs iwg-steckbrief-card e-flex e-con-boxed e-con e-child\" data-id=\"8e3o4kxs\" data-element_type=\"container\" data-e-type=\"container\">\n\t\t\t\t\t<div class=\"e-con-inner\">\n\t\t\t\t<div class=\"elementor-element elementor-element-08rkdgov elementor-widget elementor-widget-heading\" data-id=\"08rkdgov\" data-element_type=\"widget\" data-e-type=\"widget\" data-widget_type=\"heading.default\">\n\t\t\t\t\t<div class=\"elementor-heading-title elementor-size-default\">Rettet mot<\/div>\t\t\t\t<\/div>\n\t\t\t\t<div class=\"elementor-element elementor-element-uwjelx8s elementor-widget elementor-widget-text-editor\" data-id=\"uwjelx8s\" data-element_type=\"widget\" data-e-type=\"widget\" data-widget_type=\"text-editor.default\">\n\t\t\t\t\t\t\t\t\t<p>Mennesker som reiser alene, og husdyr: Pricolici s\u00f8ker enkelte, ubeskyttede offer utenfor fellesskapet.<\/p>\t\t\t\t\t\t\t\t<\/div>\n\t\t\t\t\t<\/div>\n\t\t\t\t<\/div>\n\t\t<div class=\"elementor-element elementor-element-jm2n74ec iwg-steckbrief-card e-flex e-con-boxed e-con e-child\" data-id=\"jm2n74ec\" data-element_type=\"container\" data-e-type=\"container\">\n\t\t\t\t\t<div class=\"e-con-inner\">\n\t\t\t\t<div class=\"elementor-element elementor-element-8vufse4c elementor-widget elementor-widget-heading\" data-id=\"8vufse4c\" data-element_type=\"widget\" data-e-type=\"widget\" data-widget_type=\"heading.default\">\n\t\t\t\t\t<div class=\"elementor-heading-title elementor-size-default\">Fremstilling<\/div>\t\t\t\t<\/div>\n\t\t\t\t<div class=\"elementor-element elementor-element-mwb9u015 elementor-widget elementor-widget-text-editor\" data-id=\"mwb9u015\" data-element_type=\"widget\" data-e-type=\"widget\" data-widget_type=\"text-editor.default\">\n\t\t\t\t\t\t\t\t\t<p>Ulv- eller storhundlignende villdyr med reist pels, mer sjelden et vanskapt menneske som g\u00e5r oppreist.<\/p>\t\t\t\t\t\t\t\t<\/div>\n\t\t\t\t\t<\/div>\n\t\t\t\t<\/div>\n\t\t\t\t<\/div>\n\t\t<div class=\"elementor-element elementor-element-pemmx7c2 e-con-full e-flex e-con e-child\" data-id=\"pemmx7c2\" data-element_type=\"container\" data-e-type=\"container\">\n\t\t<div class=\"elementor-element elementor-element-37ss2yr6 iwg-steckbrief-card e-flex e-con-boxed e-con e-child\" data-id=\"37ss2yr6\" data-element_type=\"container\" data-e-type=\"container\">\n\t\t\t\t\t<div class=\"e-con-inner\">\n\t\t\t\t<div class=\"elementor-element elementor-element-3v0wp3wx elementor-widget elementor-widget-heading\" data-id=\"3v0wp3wx\" data-element_type=\"widget\" data-e-type=\"widget\" data-widget_type=\"heading.default\">\n\t\t\t\t\t<div class=\"elementor-heading-title elementor-size-default\">Wirkningsomr\u00e5de<\/div>\t\t\t\t<\/div>\n\t\t\t\t<div class=\"elementor-element elementor-element-w3247g2m elementor-widget elementor-widget-text-editor\" data-id=\"w3247g2m\" data-element_type=\"widget\" data-e-type=\"widget\" data-widget_type=\"text-editor.default\">\n\t\t\t\t\t\t\t\t\t<p>D\u00f8delige enkeltangrep: lydl\u00f8se, uventede, uten varselet som noen andre gjengangere gir.<\/p>\t\t\t\t\t\t\t\t<\/div>\n\t\t\t\t\t<\/div>\n\t\t\t\t<\/div>\n\t\t<div class=\"elementor-element elementor-element-0qpjal9w iwg-steckbrief-card e-flex e-con-boxed e-con e-child\" data-id=\"0qpjal9w\" data-element_type=\"container\" data-e-type=\"container\">\n\t\t\t\t\t<div class=\"e-con-inner\">\n\t\t\t\t<div class=\"elementor-element elementor-element-6ndoih0o elementor-widget elementor-widget-heading\" data-id=\"6ndoih0o\" data-element_type=\"widget\" data-e-type=\"widget\" data-widget_type=\"heading.default\">\n\t\t\t\t\t<div class=\"elementor-heading-title elementor-size-default\">Avvergende midler<\/div>\t\t\t\t<\/div>\n\t\t\t\t<div class=\"elementor-element elementor-element-6684tyh9 elementor-widget elementor-widget-text-editor\" data-id=\"6684tyh9\" data-element_type=\"widget\" data-e-type=\"widget\" data-widget_type=\"text-editor.default\">\n\t\t\t\t\t\t\t\t\t<p>Ekshumering og p\u00e6ling av den mistenkte, samt de vanlige midlene mot den onde d\u00f8de: jern, hvitl\u00f8k og vievann.<\/p>\t\t\t\t\t\t\t\t<\/div>\n\t\t\t\t\t<\/div>\n\t\t\t\t<\/div>\n\t\t<div class=\"elementor-element elementor-element-3lfi7x32 iwg-steckbrief-card e-flex e-con-boxed e-con e-child\" data-id=\"3lfi7x32\" data-element_type=\"container\" data-e-type=\"container\">\n\t\t\t\t\t<div class=\"e-con-inner\">\n\t\t\t\t<div class=\"elementor-element elementor-element-0kg99ga1 elementor-widget elementor-widget-heading\" data-id=\"0kg99ga1\" data-element_type=\"widget\" data-e-type=\"widget\" data-widget_type=\"heading.default\">\n\t\t\t\t\t<div class=\"elementor-heading-title elementor-size-default\">Avgrensning<\/div>\t\t\t\t<\/div>\n\t\t\t\t<div class=\"elementor-element elementor-element-n0fum6kp elementor-widget elementor-widget-text-editor\" data-id=\"n0fum6kp\" data-element_type=\"widget\" data-e-type=\"widget\" data-widget_type=\"text-editor.default\">\n\t\t\t\t\t\t\t\t\t<p><a href=\"https:\/\/iwell-guard.com\/no\/?page_id=141846\">Strigoi<\/a>, den menneskelignende motparten, samt <a href=\"https:\/\/iwell-guard.com\/no\/?page_id=141851\">Vukodlak<\/a> og <a href=\"https:\/\/iwell-guard.com\/no\/?page_id=141849\">Vrykolakas<\/a> som beslektede varulv-vampyrer fra Balkan-omr\u00e5det.<\/p>\t\t\t\t\t\t\t\t<\/div>\n\t\t\t\t\t<\/div>\n\t\t\t\t<\/div>\n\t\t\t\t<\/div>\n\t\t\t\t<\/div>\n\t\t\t\t\t<\/div>\n\t\t\t\t<\/div>\n\t\t<div class=\"elementor-element elementor-element-7533bc7a e-flex e-con-boxed e-con e-parent\" data-id=\"7533bc7a\" data-element_type=\"container\" data-e-type=\"container\">\n\t\t\t\t\t<div class=\"e-con-inner\">\n\t\t\t\t<div class=\"elementor-element elementor-element-2447d18d elementor-widget elementor-widget-heading\" data-id=\"2447d18d\" data-element_type=\"widget\" data-e-type=\"widget\" data-widget_type=\"heading.default\">\n\t\t\t\t\t<h2 class=\"elementor-heading-title elementor-size-default\">Fra V\u00e2rcolac til den ud\u00f8de ulven<\/h2>\t\t\t\t<\/div>\n\t\t<div class=\"elementor-element elementor-element-d5d0260c e-con-full e-flex e-con e-child\" data-id=\"d5d0260c\" data-element_type=\"container\" data-e-type=\"container\">\n\t\t\t\t<div class=\"elementor-element elementor-element-341be2ac elementor-widget elementor-widget-text-editor\" data-id=\"341be2ac\" data-element_type=\"widget\" data-e-type=\"widget\" data-widget_type=\"text-editor.default\">\n\t\t\t\t\t\t\t\t\t<p>Pricolici er den rumenske varulv-ud\u00f8de og st\u00e5r n\u00e6rt V\u00e2rcolac, den vanlige varulven i rumensk overlevering. Mens den levende V\u00e2rcolac skifter skikkelse, er Pricolici allerede d\u00f8d og vender tilbake i dyreskikkelse; han forener dermed to forestillinger som ellers holdes atskilt: gestaltskifteren og gjengangeren.<\/p><p>En utbredt overlevering forklarer hans opprinnelse med et barn som ble ammet en gang til etter avvenning. Oftere blir imidlertid s\u00e6rlig onde, voldelige menn til Pricolici etter d\u00f8den, fordi deres jordiske brutalitet ikke kan begraves med en enkel b\u00f8nn. I motsetning til den menneskelignende Strigoi beholder Pricolici aldri sin menneskeskikkelse.<\/p>\t\t\t\t\t\t\t\t<\/div>\n\t\t\t\t<\/div>\n\t\t\t\t\t<\/div>\n\t\t\t\t<\/div>\n\t\t<div class=\"elementor-element elementor-element-5a584676 e-flex e-con-boxed e-con e-parent\" data-id=\"5a584676\" data-element_type=\"container\" data-e-type=\"container\">\n\t\t\t\t\t<div class=\"e-con-inner\">\n\t\t\t\t<div class=\"elementor-element elementor-element-6d0757bf elementor-widget elementor-widget-heading\" data-id=\"6d0757bf\" data-element_type=\"widget\" data-e-type=\"widget\" data-widget_type=\"heading.default\">\n\t\t\t\t\t<h2 class=\"elementor-heading-title elementor-size-default\">Den rumenske varulven i litteratur og tolkning<\/h2>\t\t\t\t<\/div>\n\t\t<div class=\"elementor-element elementor-element-60563f68 e-con-full e-flex e-con e-child\" data-id=\"60563f68\" data-element_type=\"container\" data-e-type=\"container\">\n\t\t\t\t<div class=\"elementor-element elementor-element-5a93fdd6 elementor-widget elementor-widget-text-editor\" data-id=\"5a93fdd6\" data-element_type=\"widget\" data-e-type=\"widget\" data-widget_type=\"text-editor.default\">\n\t\t\t\t\t\t\t\t\t<p>I Emily Gerards innflytelsesrike oppramsing av transsylvansk overtro, som ogs\u00e5 Bram Stoker brukte til sin Dracula, er Pricolici nevnt. I moderne rumensk og internasjonal skrekk- og fantasykultur regnes han fortsatt som den rumenske varulven og forener varulv- og vampyrmotivet i \u00e9n og samme skikkelse.<\/p><p>Religionsvitenskapelig viser Pricolici den n\u00e6re sammenvevingen av varulv- og vampyrtro i Balkan-Karpatene-omr\u00e5det: Samme kategori av den onde, voldsomt avd\u00f8de kan vende tilbake enten som en menneskelignende blodsuger, Strigoi, eller som et dyrisk villdyr, Pricolici. Begge er uttrykksformer for det samme grunnproblemet: den d\u00e5rlige d\u00f8den.<\/p>\t\t\t\t\t\t\t\t<\/div>\n\t\t\t\t<\/div>\n\t\t\t\t\t<\/div>\n\t\t\t\t<\/div>\n\t\t<div class=\"elementor-element elementor-element-cp9a031aa e-flex e-con-boxed e-con e-parent\" data-id=\"cp9a031aa\" data-element_type=\"container\" data-e-type=\"container\">\n\t\t\t\t\t<div class=\"e-con-inner\">\n\t\t\t\t<div class=\"elementor-element elementor-element-cp9193514 elementor-widget elementor-widget-heading\" data-id=\"cp9193514\" data-element_type=\"widget\" data-e-type=\"widget\" data-widget_type=\"heading.default\">\n\t\t\t\t\t<h2 class=\"elementor-heading-title elementor-size-default\">Ekshumering, p\u00e6ling og midlene mot den ud\u00f8de ulven<\/h2>\t\t\t\t<\/div>\n\t\t<div class=\"elementor-element elementor-element-cp02ca0ee e-con-full e-flex e-con e-child\" data-id=\"cp02ca0ee\" data-element_type=\"container\" data-e-type=\"container\">\n\t\t\t\t<div class=\"elementor-element elementor-element-cp444e0f1 elementor-widget elementor-widget-text-editor\" data-id=\"cp444e0f1\" data-element_type=\"widget\" data-e-type=\"widget\" data-widget_type=\"text-editor.default\">\n\t\t\t\t\t\t\t\t\t<p>Som ved den onde d\u00f8de generelt gjaldt ekshumering av den mistenkte, p\u00e6ling, halshugging og brenning av liket og hjertet som virksomme midler, samt en fra begynnelsen korrekt gravlegging som skulle forhindre en tilbakekomst. Siden Pricolici regnes som en varulv-vampyr-ud\u00f8d, gjelder ogs\u00e5 de samme apotropeiske midlene som mot Strigoi og Vukodlak: <a href=\"https:\/\/iwell-guard.com\/no\/jern-og-kaldt-jern\/\">jern<\/a>, hvis klinge holdes mot det bestialske ud\u00f8de, <a href=\"https:\/\/iwell-guard.com\/no\/hvitlok-som-beskyttelse\/\">hvitl\u00f8k<\/a> som et utbredt rumensk middel mot den ud\u00f8de gjengangeren, og <a href=\"https:\/\/iwell-guard.com\/no\/vievann\/\">vievann<\/a> som et kristent tegn mot den onde d\u00f8de.<\/p>\t\t\t\t\t\t\t\t<\/div>\n\t\t\t\t<\/div>\n\t\t\t\t\t<\/div>\n\t\t\t\t<\/div>\n\t\t<div class=\"elementor-element elementor-element-cp11de5b2 e-flex e-con-boxed e-con e-parent\" data-id=\"cp11de5b2\" data-element_type=\"container\" data-e-type=\"container\">\n\t\t\t\t\t<div class=\"e-con-inner\">\n\t\t\t\t<div class=\"elementor-element elementor-element-cp8d35271 elementor-widget elementor-widget-heading\" data-id=\"cp8d35271\" data-element_type=\"widget\" data-e-type=\"widget\" data-widget_type=\"heading.default\">\n\t\t\t\t\t<h2 class=\"elementor-heading-title elementor-size-default\">Varulv-vampyrer fra Balkan og Karpatene<\/h2>\t\t\t\t<\/div>\n\t\t<div class=\"elementor-element elementor-element-cp02f26b8 e-con-full e-flex e-con e-child\" data-id=\"cp02f26b8\" data-element_type=\"container\" data-e-type=\"container\">\n\t\t\t\t<div class=\"elementor-element elementor-element-cp58c4390 elementor-widget elementor-widget-text-editor\" data-id=\"cp58c4390\" data-element_type=\"widget\" data-e-type=\"widget\" data-widget_type=\"text-editor.default\">\n\t\t\t\t\t\t\t\t\t<p>Pricolici er det rumenske motstykket til den s\u00f8rslaviske <a href=\"https:\/\/iwell-guard.com\/no\/?page_id=141851\">Vukodlak<\/a> og den greske <a href=\"https:\/\/iwell-guard.com\/no\/?page_id=141849\">Vrykolakas<\/a>, der varulv og vampyr p\u00e5 samme m\u00e5te smelter sammen. Han er ogs\u00e5 beslektet med den menneskelignende <a href=\"https:\/\/iwell-guard.com\/no\/?page_id=141846\">Strigoi<\/a> og <a href=\"https:\/\/iwell-guard.com\/no\/?page_id=141847\">Moroi<\/a>, samt med V\u00e2rcolac, den vanlige rumenske varulven. I den germansk-nordiske sammenhengen kan han sammenlignes med den kroppssterke, bestialske Draugr fra den norr\u00f8ne overleveringen.<\/p>\t\t\t\t\t\t\t\t<\/div>\n\t\t\t\t<\/div>\n\t\t\t\t\t<\/div>\n\t\t\t\t<\/div>\n\t\t<div class=\"elementor-element elementor-element-cp406577c e-flex e-con-boxed e-con e-parent\" data-id=\"cp406577c\" data-element_type=\"container\" data-e-type=\"container\">\n\t\t\t\t\t<div class=\"e-con-inner\">\n\t\t\t\t<div class=\"elementor-element elementor-element-cpdd9c543 elementor-widget elementor-widget-heading\" data-id=\"cpdd9c543\" data-element_type=\"widget\" data-e-type=\"widget\" data-widget_type=\"heading.default\">\n\t\t\t\t\t<h2 class=\"elementor-heading-title elementor-size-default\">Ofte stilte sp\u00f8rsm\u00e5l om Pricolici<\/h2>\t\t\t\t<\/div>\n\t\t<div class=\"elementor-element elementor-element-cp9e731bb e-con-full e-flex e-con e-child\" data-id=\"cp9e731bb\" data-element_type=\"container\" data-e-type=\"container\">\n\t\t\t\t<div class=\"elementor-element elementor-element-cpa7c898c elementor-widget elementor-widget-text-editor\" data-id=\"cpa7c898c\" data-element_type=\"widget\" data-e-type=\"widget\" data-widget_type=\"text-editor.default\">\n\t\t\t\t\t\t\t\t\t<p><strong>Er en Pricolici en varulv eller en vampyr?<\/strong><\/p><p>Begge deler p\u00e5 samme tid: en ud\u00f8d, ulveformet ond avd\u00f8d, som er like n\u00e6rt knyttet til varulven V\u00e2rcolac som til vampyr-gjenferdet Strigoi. Han forener den enes skikkelse med den andres skjebne.<\/p><p><strong>Hvem blir til en Pricolici?<\/strong><\/p><p>Det er f\u00f8rst og fremst s\u00e6rlig onde, voldelige menn som vender tilbake etter d\u00f8den som en Pricolici. Deres jordiske brutalitet kan, if\u00f8lge overleveringen, ikke begraves med en enkel b\u00f8nn.<\/p><p><strong>Hvordan skiller han seg fra Strigoi?<\/strong><\/p><p>Strigoien beholder menneskeskikkelse etter sin tilbakekomst, mens Pricolici alltid reiser seg som ulv eller hund. Begge regnes likevel som former av den samme onde, voldsomt omkomne avd\u00f8de.<\/p>\t\t\t\t\t\t\t\t<\/div>\n\t\t\t\t<\/div>\n\t\t\t\t\t<\/div>\n\t\t\t\t<\/div>\n\t\t<div class=\"elementor-element elementor-element-36dd7469 e-flex e-con-boxed e-con e-parent\" data-id=\"36dd7469\" data-element_type=\"container\" data-e-type=\"container\">\n\t\t\t\t\t<div class=\"e-con-inner\">\n\t\t\t\t<div class=\"elementor-element elementor-element-13760ab4 elementor-widget elementor-widget-heading\" data-id=\"13760ab4\" data-element_type=\"widget\" data-e-type=\"widget\" data-widget_type=\"heading.default\">\n\t\t\t\t\t<h2 class=\"elementor-heading-title elementor-size-default\">Videre lenker<\/h2>\t\t\t\t<\/div>\n\t\t<div class=\"elementor-element elementor-element-28c87796 e-con-full e-flex e-con e-child\" data-id=\"28c87796\" data-element_type=\"container\" data-e-type=\"container\">\n\t\t\t\t<div class=\"elementor-element elementor-element-5d6538df elementor-widget elementor-widget-text-editor\" data-id=\"5d6538df\" data-element_type=\"widget\" data-e-type=\"widget\" data-widget_type=\"text-editor.default\">\n\t\t\t\t\t\t\t\t\t<p>Anbefalte interne lenker:<\/p><ul><li><a href=\"https:\/\/iwell-guard.com\/no\/?page_id=141846\">Strigoi<\/a> \u2013 Romanias menneskelignende vampyr-gjenferd<\/li><li><a href=\"https:\/\/iwell-guard.com\/no\/?page_id=141847\">Moroi<\/a> \u2013 den d\u00f8delige motparten til Strigoi<\/li><li><a href=\"https:\/\/iwell-guard.com\/no\/?page_id=141851\">Vukodlak<\/a>, <a href=\"https:\/\/iwell-guard.com\/no\/?page_id=141849\">Vrykolakas<\/a> \u2013 beslektede varulv-vampyrer fra Balkan<\/li><li><a href=\"https:\/\/iwell-guard.com\/no\/jern-og-kaldt-jern\/\">Jern<\/a>, <a href=\"https:\/\/iwell-guard.com\/no\/hvitlok-som-beskyttelse\/\">hvitl\u00f8k<\/a>, <a href=\"https:\/\/iwell-guard.com\/no\/vievann\/\">vievann<\/a> \u2013 overleverte beskyttelsesmidler<\/li><\/ul>\t\t\t\t\t\t\t\t<\/div>\n\t\t\t\t<\/div>\n\t\t\t\t\t<\/div>\n\t\t\t\t<\/div>\n\t\t<div class=\"elementor-element elementor-element-grl4kl40 e-flex e-con-boxed e-con e-parent\" data-id=\"grl4kl40\" data-element_type=\"container\" data-e-type=\"container\">\n\t\t\t\t\t<div class=\"e-con-inner\">\n\t\t\t\t<div class=\"elementor-element elementor-element-bzsbfrmh elementor-widget elementor-widget-heading\" data-id=\"bzsbfrmh\" data-element_type=\"widget\" data-e-type=\"widget\" data-widget_type=\"heading.default\">\n\t\t\t\t\t<h2 class=\"elementor-heading-title elementor-size-default\">Litteratur (utvalg)<\/h2>\t\t\t\t<\/div>\n\t\t<div class=\"elementor-element elementor-element-2c13224a e-con-full e-flex e-con e-child\" data-id=\"2c13224a\" data-element_type=\"container\" data-e-type=\"container\">\n\t\t\t\t<div class=\"elementor-element elementor-element-0eymh9ub elementor-widget elementor-widget-text-editor\" data-id=\"0eymh9ub\" data-element_type=\"widget\" data-e-type=\"widget\" data-widget_type=\"text-editor.default\">\n\t\t\t\t\t\t\t\t\t<footer class=\"iwg-literatur\" data-nosnippet=\"true\"><p>Et utvalg av sentrale kilder og studier:<\/p><ul><li><span data-nosnippet>Murgoci, Agnes: <em>The Vampire in Roumania<\/em>. In: Folklore 37 (1926).<\/span><\/li><li><span data-nosnippet>Summers, Montague: <em>The Werewolf<\/em>. London 1933.<\/span><\/li><li><span data-nosnippet>Barber, Paul: <em>Vampires, Burial, and Death. Folklore and Reality<\/em>. New Haven 1988.<\/span><\/li><li><span data-nosnippet>Perkowski, Jan L.: <em>The Darkling. A Treatise on Slavic Vampirism<\/em>. Columbus 1989.<\/span><\/li><\/ul><\/footer>\n<p class=\"iwg-bib-more\"><span data-nosnippet>Flere standardverk i <a href=\"https:\/\/iwell-guard.com\/no\/litteratur\/\">litteraturlisten<\/a>.<\/span><\/p>\t\t\t\t\t\t\t\t<\/div>\n\t\t\t\t<\/div>\n\t\t\t\t\t<\/div>\n\t\t\t\t<\/div>\n\t\t<div class=\"elementor-element elementor-element-iwgkw2-add-hulijing e-flex e-con-boxed e-con e-parent\" data-id=\"iwgkw2-add-hulijing\" data-element_type=\"container\" data-e-type=\"container\">\n\t\t\t\t\t<div class=\"e-con-inner\">\n\t\t\t\t<div class=\"elementor-element elementor-element-iwgkw2-add-hulijing-t elementor-widget elementor-widget-text-editor\" data-id=\"iwgkw2-add-hulijing-t\" data-element_type=\"widget\" data-e-type=\"widget\" data-widget_type=\"text-editor.default\">\n\t\t\t\t\t\t\t\t\t<p>Som rumensk varulv og varulv-ud\u00f8d p\u00e5 samme tid forener Pricolici det som ellers forblir separat: Han er ingen enkel gestaltskifter, men et ondt menneske som i d\u00f8den endelig blir til et udyr, og som nettopp i denne formen angriper de levende.<\/p>\t\t\t\t\t\t\t\t<\/div>\n\t\t\t\t\t<\/div>\n\t\t\t\t<\/div>\n\t\t\t\t<\/div>\n\t\t","protected":false},"excerpt":{"rendered":"","protected":false},"author":3,"featured_media":20177,"parent":0,"menu_order":0,"comment_status":"closed","ping_status":"closed","template":"elementor_header_footer","meta":{"_yoast_wpseo_focuskw":"pricolici","_yoast_wpseo_title":"Pricolici \u2013 Romanias varulv-ud\u00f8de","_yoast_wpseo_metadesc":"Pricolici, den ulvformede varulv-ud\u00f8de i Romania. Opprinnelse, den onde d\u00f8des \u00e5nd og forbindelsen til Strigoi og Vukodlak i oversikt.","_yoast_wpseo_meta-robots-noindex":"","_yoast_wpseo_canonical":"","_angie_page":false,"gefaehrdungsstufe":"4","wesen_kultur":"rumaenisch","wesen_klasse":"daemonen","footnotes":""},"categories":[],"class_list":["post-141848","page","type-page","status-publish","has-post-thumbnail","hentry"],"yoast_head":"<!-- This site is optimized with the Yoast SEO Premium plugin v27.7 (Yoast SEO v28.3) - https:\/\/yoast.com\/product\/yoast-seo-premium-wordpress\/ -->\n<title>Pricolici \u2013 Romanias varulv-ud\u00f8de<\/title>\n<meta name=\"description\" content=\"Pricolici, den ulvformede varulv-ud\u00f8de i Romania. Opprinnelse, den onde d\u00f8des \u00e5nd og forbindelsen til Strigoi og Vukodlak i oversikt.\" \/>\n<meta name=\"robots\" content=\"index, follow, max-snippet:-1, max-image-preview:large, max-video-preview:-1\" \/>\n<link rel=\"canonical\" href=\"https:\/\/iwell-guard.com\/no\/pricolici\/\" \/>\n<meta property=\"og:locale\" content=\"nb_NO\" \/>\n<meta property=\"og:type\" content=\"article\" \/>\n<meta property=\"og:title\" content=\"Pricolici\" \/>\n<meta property=\"og:description\" content=\"Pricolici, den ulvformede varulv-ud\u00f8de i Romania. Opprinnelse, den onde d\u00f8des \u00e5nd og forbindelsen til Strigoi og Vukodlak i oversikt.\" \/>\n<meta property=\"og:url\" content=\"https:\/\/iwell-guard.com\/no\/pricolici\/\" \/>\n<meta property=\"og:site_name\" content=\"iWell Guard\" \/>\n<meta property=\"article:modified_time\" content=\"2026-09-03T10:09:47+00:00\" \/>\n<meta property=\"og:image\" content=\"https:\/\/iwell-guard.com\/wp-content\/uploads\/2026\/07\/daemonen_rumaenisch_pricolici.webp\" \/>\n\t<meta property=\"og:image:width\" content=\"1024\" \/>\n\t<meta property=\"og:image:height\" content=\"1536\" \/>\n\t<meta property=\"og:image:type\" content=\"image\/webp\" \/>\n<meta name=\"twitter:card\" content=\"summary_large_image\" \/>\n<script type=\"application\/ld+json\" class=\"yoast-schema-graph\">{\"@context\":\"https:\\\/\\\/schema.org\",\"@graph\":[{\"@type\":\"WebPage\",\"@id\":\"https:\\\/\\\/iwell-guard.com\\\/no\\\/pricolici\\\/\",\"url\":\"https:\\\/\\\/iwell-guard.com\\\/no\\\/pricolici\\\/\",\"name\":\"Pricolici \u2013 Romanias varulv-ud\u00f8de\",\"isPartOf\":{\"@id\":\"https:\\\/\\\/iwell-guard.com\\\/no\\\/#website\"},\"primaryImageOfPage\":{\"@id\":\"https:\\\/\\\/iwell-guard.com\\\/no\\\/pricolici\\\/#primaryimage\"},\"image\":{\"@id\":\"https:\\\/\\\/iwell-guard.com\\\/no\\\/pricolici\\\/#primaryimage\"},\"thumbnailUrl\":\"https:\\\/\\\/iwell-guard.com\\\/wp-content\\\/uploads\\\/2026\\\/07\\\/daemonen_rumaenisch_pricolici.webp\",\"datePublished\":\"2026-09-03T09:27:25+00:00\",\"dateModified\":\"2026-09-03T10:09:47+00:00\",\"description\":\"Pricolici, den ulvformede varulv-ud\u00f8de i Romania. Opprinnelse, den onde d\u00f8des \u00e5nd og forbindelsen til Strigoi og Vukodlak i oversikt.\",\"breadcrumb\":{\"@id\":\"https:\\\/\\\/iwell-guard.com\\\/no\\\/pricolici\\\/#breadcrumb\"},\"inLanguage\":\"nb-NO\",\"potentialAction\":[{\"@type\":\"ReadAction\",\"target\":[\"https:\\\/\\\/iwell-guard.com\\\/no\\\/pricolici\\\/\"]}]},{\"@type\":\"ImageObject\",\"inLanguage\":\"nb-NO\",\"@id\":\"https:\\\/\\\/iwell-guard.com\\\/no\\\/pricolici\\\/#primaryimage\",\"url\":\"https:\\\/\\\/iwell-guard.com\\\/wp-content\\\/uploads\\\/2026\\\/07\\\/daemonen_rumaenisch_pricolici.webp\",\"contentUrl\":\"https:\\\/\\\/iwell-guard.com\\\/wp-content\\\/uploads\\\/2026\\\/07\\\/daemonen_rumaenisch_pricolici.webp\",\"width\":1024,\"height\":1536,\"caption\":\"Pricolici, demon fra rumensk overlevering\"},{\"@type\":\"BreadcrumbList\",\"@id\":\"https:\\\/\\\/iwell-guard.com\\\/no\\\/pricolici\\\/#breadcrumb\",\"itemListElement\":[{\"@type\":\"ListItem\",\"position\":1,\"name\":\"Start\",\"item\":\"https:\\\/\\\/iwell-guard.com\\\/no\\\/?page_id=140795\"},{\"@type\":\"ListItem\",\"position\":2,\"name\":\"Pricolici\"}]},{\"@type\":\"WebSite\",\"@id\":\"https:\\\/\\\/iwell-guard.com\\\/no\\\/#website\",\"url\":\"https:\\\/\\\/iwell-guard.com\\\/no\\\/\",\"name\":\"iWell Guard\",\"description\":\"Schutz vor dunklen Einfl\u00fcssen\",\"publisher\":{\"@id\":\"https:\\\/\\\/iwell-guard.com\\\/no\\\/#organization\"},\"potentialAction\":[{\"@type\":\"SearchAction\",\"target\":{\"@type\":\"EntryPoint\",\"urlTemplate\":\"https:\\\/\\\/iwell-guard.com\\\/no\\\/?s={search_term_string}\"},\"query-input\":{\"@type\":\"PropertyValueSpecification\",\"valueRequired\":true,\"valueName\":\"search_term_string\"}}],\"inLanguage\":\"nb-NO\"},{\"@type\":\"Organization\",\"@id\":\"https:\\\/\\\/iwell-guard.com\\\/no\\\/#organization\",\"name\":\"Ittermann electronic GmbH\",\"url\":\"https:\\\/\\\/iwell-guard.com\\\/no\\\/\",\"logo\":{\"@type\":\"ImageObject\",\"inLanguage\":\"nb-NO\",\"@id\":\"https:\\\/\\\/iwell-guard.com\\\/no\\\/#\\\/schema\\\/logo\\\/image\\\/\",\"url\":\"https:\\\/\\\/iwell-guard.com\\\/wp-content\\\/uploads\\\/2026\\\/05\\\/Ittermann-Logo-1182x237-1.png\",\"contentUrl\":\"https:\\\/\\\/iwell-guard.com\\\/wp-content\\\/uploads\\\/2026\\\/05\\\/Ittermann-Logo-1182x237-1.png\",\"width\":1182,\"height\":237,\"caption\":\"Ittermann electronic GmbH\"},\"image\":{\"@id\":\"https:\\\/\\\/iwell-guard.com\\\/no\\\/#\\\/schema\\\/logo\\\/image\\\/\"},\"sameAs\":[\"https:\\\/\\\/pantip.com\\\/profile\\\/9367242\",\"https:\\\/\\\/micro.blog\\\/iwellguard\",\"https:\\\/\\\/www.diggerslist.com\\\/iwellguard\\\/about\",\"https:\\\/\\\/skitterphoto.com\\\/photographers\\\/2870314\\\/iwell-guard\",\"https:\\\/\\\/iwellguard.wordpress.com\\\/2026\\\/06\\\/06\\\/iwell-guard\\\/\",\"https:\\\/\\\/hub.docker.com\\\/u\\\/iwellguard\",\"https:\\\/\\\/www.pinterest.com\\\/iwellguard\\\/\",\"https:\\\/\\\/bit.ly\\\/m\\\/iwellguard\",\"https:\\\/\\\/entre-vos-mains.alsace.eu\\\/profiles\\\/iwellguard\\\/activity\",\"https:\\\/\\\/gravatar.com\\\/reallybeded8fd34\",\"https:\\\/\\\/naijamatta.com\\\/iwellguard\",\"https:\\\/\\\/www.goodreads.com\\\/iwellguard\",\"https:\\\/\\\/profile.hatena.ne.jp\\\/iwellguard\\\/\",\"https:\\\/\\\/experiment.com\\\/users\\\/iwellguard\",\"https:\\\/\\\/wakelet.com\\\/@iWellGuard82270\",\"https:\\\/\\\/www.chordie.com\\\/forum\\\/profile.php?id=2555664\",\"https:\\\/\\\/www.instapaper.com\\\/p\\\/17757966\",\"https:\\\/\\\/www.mapleprimes.com\\\/users\\\/iwellguard\",\"https:\\\/\\\/businesslistingplus.com\\\/profile\\\/iwell-guard\\\/\",\"https:\\\/\\\/telegra.ph\\\/iWell-Guard-06-06\",\"https:\\\/\\\/pbase.com\\\/iwellguard\\\/iwellguard\",\"https:\\\/\\\/b.hatena.ne.jp\\\/iwellguard\\\/20260607#bookmark-4788405196491818882\",\"https:\\\/\\\/fliphtml5.com\\\/home\\\/iwellguard\",\"https:\\\/\\\/anyflip.com\\\/homepage\\\/cmiwl#About\",\"https:\\\/\\\/transfur.com\\\/Users\\\/iwellguard\",\"http:\\\/\\\/delphi.larsbo.org\\\/user\\\/iwellguard\",\"https:\\\/\\\/jobs.lajobsportal.org\\\/profiles\\\/8380803-iwell-guard\",\"https:\\\/\\\/md.chaosdorf.de\\\/s\\\/jfbe5SBdJD\",\"https:\\\/\\\/www.lingvolive.com\\\/en-us\\\/profile\\\/9ecaeaca-ce11-4e51-9e71-01d55e2bff36\\\/translations\",\"https:\\\/\\\/www.fitday.com\\\/fitness\\\/forums\\\/members\\\/iwellguard.html\",\"https:\\\/\\\/www.mymeetbook.com\\\/iwellguard\",\"https:\\\/\\\/pxhere.com\\\/en\\\/photographer-me\\\/5040798\",\"https:\\\/\\\/disqus.com\\\/by\\\/iwellguard\\\/about\\\/\",\"https:\\\/\\\/pastelink.net\\\/hjwciqwq\",\"https:\\\/\\\/pubhtml5.com\\\/homepage\\\/scjhn\\\/\",\"https:\\\/\\\/www.bitchute.com\\\/channel\\\/2O2eOKzNqujT\",\"https:\\\/\\\/audiomack.com\\\/iwellguard\"]},{\"@type\":\"Article\",\"@id\":\"https:\\\/\\\/iwell-guard.com\\\/no\\\/pricolici\\\/#article\",\"isPartOf\":{\"@id\":\"https:\\\/\\\/iwell-guard.com\\\/no\\\/pricolici\\\/\"},\"author\":{\"name\":\"Ralf Ittermann\",\"@id\":\"https:\\\/\\\/iwell-guard.com\\\/no\\\/#\\\/schema\\\/person\\\/ee2a27f1cac3406c7c6fb5820cb7349f\"},\"headline\":\"Pricolici\",\"datePublished\":\"2026-09-03T09:27:25+00:00\",\"dateModified\":\"2026-09-03T10:09:47+00:00\",\"mainEntityOfPage\":{\"@id\":\"https:\\\/\\\/iwell-guard.com\\\/no\\\/pricolici\\\/\"},\"publisher\":{\"@id\":\"https:\\\/\\\/iwell-guard.com\\\/no\\\/#organization\"},\"image\":{\"@id\":\"https:\\\/\\\/iwell-guard.com\\\/no\\\/pricolici\\\/#primaryimage\"},\"thumbnailUrl\":\"https:\\\/\\\/iwell-guard.com\\\/wp-content\\\/uploads\\\/2026\\\/07\\\/daemonen_rumaenisch_pricolici.webp\",\"inLanguage\":\"nb-NO\",\"description\":\"Pricolici, den ulvformede varulv-ud\u00f8de i Romania. Opprinnelse, den onde d\u00f8des \u00e5nd og forbindelsen til Strigoi og Vukodlak i oversikt.\"}]}<\/script>\n<!-- \/ Yoast SEO Premium plugin. -->","yoast_head_json":{"title":"Pricolici \u2013 Romanias varulv-ud\u00f8de","description":"Pricolici, den ulvformede varulv-ud\u00f8de i Romania. Opprinnelse, den onde d\u00f8des \u00e5nd og forbindelsen til Strigoi og Vukodlak i oversikt.","robots":{"index":"index","follow":"follow","max-snippet":"max-snippet:-1","max-image-preview":"max-image-preview:large","max-video-preview":"max-video-preview:-1"},"canonical":"https:\/\/iwell-guard.com\/no\/pricolici\/","og_locale":"nb_NO","og_type":"article","og_title":"Pricolici","og_description":"Pricolici, den ulvformede varulv-ud\u00f8de i Romania. Opprinnelse, den onde d\u00f8des \u00e5nd og forbindelsen til Strigoi og Vukodlak i oversikt.","og_url":"https:\/\/iwell-guard.com\/no\/pricolici\/","og_site_name":"iWell Guard","article_modified_time":"2026-09-03T10:09:47+00:00","og_image":[{"width":1024,"height":1536,"url":"https:\/\/iwell-guard.com\/wp-content\/uploads\/2026\/07\/daemonen_rumaenisch_pricolici.webp","type":"image\/webp"}],"twitter_card":"summary_large_image","schema":{"@context":"https:\/\/schema.org","@graph":[{"@type":"Article","@id":"https:\/\/iwell-guard.com\/no\/pricolici\/#article","isPartOf":{"@id":"https:\/\/iwell-guard.com\/no\/pricolici\/"},"author":{"name":"Ralf Ittermann","@id":"https:\/\/iwell-guard.com\/no\/#\/schema\/person\/ee2a27f1cac3406c7c6fb5820cb7349f"},"headline":"Pricolici","datePublished":"2026-09-03T09:27:25+00:00","dateModified":"2026-09-03T10:09:47+00:00","mainEntityOfPage":{"@id":"https:\/\/iwell-guard.com\/no\/pricolici\/"},"publisher":{"@id":"https:\/\/iwell-guard.com\/no\/#organization"},"image":{"@id":"https:\/\/iwell-guard.com\/no\/pricolici\/#primaryimage"},"thumbnailUrl":"https:\/\/iwell-guard.com\/wp-content\/uploads\/2026\/07\/daemonen_rumaenisch_pricolici.webp","inLanguage":"nb-NO","description":"Pricolici, den ulvformede varulv-ud\u00f8de i Romania. Opprinnelse, den onde d\u00f8des \u00e5nd og forbindelsen til Strigoi og Vukodlak i oversikt."},{"@type":"WebPage","@id":"https:\/\/iwell-guard.com\/no\/pricolici\/","url":"https:\/\/iwell-guard.com\/no\/pricolici\/","name":"Pricolici \u2013 Romanias varulv-ud\u00f8de","isPartOf":{"@id":"https:\/\/iwell-guard.com\/no\/#website"},"primaryImageOfPage":{"@id":"https:\/\/iwell-guard.com\/no\/pricolici\/#primaryimage"},"image":{"@id":"https:\/\/iwell-guard.com\/no\/pricolici\/#primaryimage"},"thumbnailUrl":"https:\/\/iwell-guard.com\/wp-content\/uploads\/2026\/07\/daemonen_rumaenisch_pricolici.webp","datePublished":"2026-09-03T09:27:25+00:00","dateModified":"2026-09-03T10:09:47+00:00","description":"Pricolici, den ulvformede varulv-ud\u00f8de i Romania. Opprinnelse, den onde d\u00f8des \u00e5nd og forbindelsen til Strigoi og Vukodlak i oversikt.","breadcrumb":{"@id":"https:\/\/iwell-guard.com\/no\/pricolici\/#breadcrumb"},"inLanguage":"nb-NO","potentialAction":[{"@type":"ReadAction","target":["https:\/\/iwell-guard.com\/no\/pricolici\/"]}]},{"@type":"ImageObject","inLanguage":"nb-NO","@id":"https:\/\/iwell-guard.com\/no\/pricolici\/#primaryimage","url":"https:\/\/iwell-guard.com\/wp-content\/uploads\/2026\/07\/daemonen_rumaenisch_pricolici.webp","contentUrl":"https:\/\/iwell-guard.com\/wp-content\/uploads\/2026\/07\/daemonen_rumaenisch_pricolici.webp","width":1024,"height":1536,"caption":"Pricolici, demon fra rumensk overlevering"},{"@type":"BreadcrumbList","@id":"https:\/\/iwell-guard.com\/no\/pricolici\/#breadcrumb","itemListElement":[{"@type":"ListItem","position":1,"name":"Start","item":"https:\/\/iwell-guard.com\/no\/?page_id=140795"},{"@type":"ListItem","position":2,"name":"Pricolici"}]},{"@type":"WebSite","@id":"https:\/\/iwell-guard.com\/no\/#website","url":"https:\/\/iwell-guard.com\/no\/","name":"iWell Guard","description":"Schutz vor dunklen Einfl\u00fcssen","publisher":{"@id":"https:\/\/iwell-guard.com\/no\/#organization"},"potentialAction":[{"@type":"SearchAction","target":{"@type":"EntryPoint","urlTemplate":"https:\/\/iwell-guard.com\/no\/?s={search_term_string}"},"query-input":{"@type":"PropertyValueSpecification","valueRequired":true,"valueName":"search_term_string"}}],"inLanguage":"nb-NO"},{"@type":"Organization","@id":"https:\/\/iwell-guard.com\/no\/#organization","name":"Ittermann electronic GmbH","url":"https:\/\/iwell-guard.com\/no\/","logo":{"@type":"ImageObject","inLanguage":"nb-NO","@id":"https:\/\/iwell-guard.com\/no\/#\/schema\/logo\/image\/","url":"https:\/\/iwell-guard.com\/wp-content\/uploads\/2026\/05\/Ittermann-Logo-1182x237-1.png","contentUrl":"https:\/\/iwell-guard.com\/wp-content\/uploads\/2026\/05\/Ittermann-Logo-1182x237-1.png","width":1182,"height":237,"caption":"Ittermann electronic GmbH"},"image":{"@id":"https:\/\/iwell-guard.com\/no\/#\/schema\/logo\/image\/"},"sameAs":["https:\/\/pantip.com\/profile\/9367242","https:\/\/micro.blog\/iwellguard","https:\/\/www.diggerslist.com\/iwellguard\/about","https:\/\/skitterphoto.com\/photographers\/2870314\/iwell-guard","https:\/\/iwellguard.wordpress.com\/2026\/06\/06\/iwell-guard\/","https:\/\/hub.docker.com\/u\/iwellguard","https:\/\/www.pinterest.com\/iwellguard\/","https:\/\/bit.ly\/m\/iwellguard","https:\/\/entre-vos-mains.alsace.eu\/profiles\/iwellguard\/activity","https:\/\/gravatar.com\/reallybeded8fd34","https:\/\/naijamatta.com\/iwellguard","https:\/\/www.goodreads.com\/iwellguard","https:\/\/profile.hatena.ne.jp\/iwellguard\/","https:\/\/experiment.com\/users\/iwellguard","https:\/\/wakelet.com\/@iWellGuard82270","https:\/\/www.chordie.com\/forum\/profile.php?id=2555664","https:\/\/www.instapaper.com\/p\/17757966","https:\/\/www.mapleprimes.com\/users\/iwellguard","https:\/\/businesslistingplus.com\/profile\/iwell-guard\/","https:\/\/telegra.ph\/iWell-Guard-06-06","https:\/\/pbase.com\/iwellguard\/iwellguard","https:\/\/b.hatena.ne.jp\/iwellguard\/20260607#bookmark-4788405196491818882","https:\/\/fliphtml5.com\/home\/iwellguard","https:\/\/anyflip.com\/homepage\/cmiwl#About","https:\/\/transfur.com\/Users\/iwellguard","http:\/\/delphi.larsbo.org\/user\/iwellguard","https:\/\/jobs.lajobsportal.org\/profiles\/8380803-iwell-guard","https:\/\/md.chaosdorf.de\/s\/jfbe5SBdJD","https:\/\/www.lingvolive.com\/en-us\/profile\/9ecaeaca-ce11-4e51-9e71-01d55e2bff36\/translations","https:\/\/www.fitday.com\/fitness\/forums\/members\/iwellguard.html","https:\/\/www.mymeetbook.com\/iwellguard","https:\/\/pxhere.com\/en\/photographer-me\/5040798","https:\/\/disqus.com\/by\/iwellguard\/about\/","https:\/\/pastelink.net\/hjwciqwq","https:\/\/pubhtml5.com\/homepage\/scjhn\/","https:\/\/www.bitchute.com\/channel\/2O2eOKzNqujT","https:\/\/audiomack.com\/iwellguard"]},{"@type":"Person","@id":"https:\/\/iwell-guard.com\/no\/#\/schema\/person\/ee2a27f1cac3406c7c6fb5820cb7349f","name":"Ralf Ittermann","image":{"@type":"ImageObject","inLanguage":"nb-NO","@id":"https:\/\/secure.gravatar.com\/avatar\/073c0153e350a5005b68eb752b445fea71f6b24a26da9449ad7e155e6b446c9d?s=96&d=mm&r=g","url":"https:\/\/secure.gravatar.com\/avatar\/073c0153e350a5005b68eb752b445fea71f6b24a26da9449ad7e155e6b446c9d?s=96&d=mm&r=g","contentUrl":"https:\/\/secure.gravatar.com\/avatar\/073c0153e350a5005b68eb752b445fea71f6b24a26da9449ad7e155e6b446c9d?s=96&d=mm&r=g","caption":"Ralf Ittermann"},"givenName":"Ralf","familyName":"Ittermann","jobTitle":"Gesch\u00e4ftsf\u00fchrer und redaktioneller Verantwortlicher","url":"https:\/\/iwell-guard.com\/no\/author\/claude\/","description":"Ralf Ittermann ist Gesch\u00e4ftsf\u00fchrer der Ittermann electronic GmbH und redaktioneller Verantwortlicher des iWell-Guard-Lexikons. Er verbindet langj\u00e4hrige Erfahrung in der Pr\u00e4zisionsfertigung mit medialer Praxis und religionsgeschichtlicher Quellenarbeit.","worksFor":{"@type":"Organization","name":"Ittermann electronic GmbH","url":"https:\/\/ittermann.de\/","address":{"@type":"PostalAddress","streetAddress":"K\u00f6hlergasse 16-18","postalCode":"99842","addressLocality":"Ruhla","addressCountry":"DE"}},"knowsAbout":["Religionsgeschichte","Mythologie","Mediale Praxis","Energetische Diagnostik","Schutzpraxis","Volksglauben","Westliche Esoterik"]},{"@type":"Article","@id":"https:\/\/iwell-guard.com\/no\/pricolici\/#article","isPartOf":{"@id":"https:\/\/iwell-guard.com\/no\/pricolici\/"},"author":{"name":"Ralf Ittermann","@id":"https:\/\/iwell-guard.com\/no\/#\/schema\/person\/ee2a27f1cac3406c7c6fb5820cb7349f"},"headline":"Pricolici","datePublished":"2026-09-03T09:27:25+00:00","dateModified":"2026-09-03T10:09:47+00:00","mainEntityOfPage":{"@id":"https:\/\/iwell-guard.com\/no\/pricolici\/"},"publisher":{"@id":"https:\/\/iwell-guard.com\/no\/#organization"},"image":{"@id":"https:\/\/iwell-guard.com\/no\/pricolici\/#primaryimage"},"thumbnailUrl":"https:\/\/iwell-guard.com\/wp-content\/uploads\/2026\/07\/daemonen_rumaenisch_pricolici.webp","inLanguage":"nb-NO","description":"Pricolici, den ulvformede varulv-ud\u00f8de i Romania. Opprinnelse, den onde d\u00f8des \u00e5nd og forbindelsen til Strigoi og Vukodlak i oversikt."}]}},"_links":{"self":[{"href":"https:\/\/iwell-guard.com\/no\/wp-json\/wp\/v2\/pages\/141848","targetHints":{"allow":["GET"]}}],"collection":[{"href":"https:\/\/iwell-guard.com\/no\/wp-json\/wp\/v2\/pages"}],"about":[{"href":"https:\/\/iwell-guard.com\/no\/wp-json\/wp\/v2\/types\/page"}],"author":[{"embeddable":true,"href":"https:\/\/iwell-guard.com\/no\/wp-json\/wp\/v2\/users\/3"}],"replies":[{"embeddable":true,"href":"https:\/\/iwell-guard.com\/no\/wp-json\/wp\/v2\/comments?post=141848"}],"version-history":[{"count":0,"href":"https:\/\/iwell-guard.com\/no\/wp-json\/wp\/v2\/pages\/141848\/revisions"}],"wp:featuredmedia":[{"embeddable":true,"href":"https:\/\/iwell-guard.com\/no\/wp-json\/wp\/v2\/media\/20177"}],"wp:attachment":[{"href":"https:\/\/iwell-guard.com\/no\/wp-json\/wp\/v2\/media?parent=141848"}],"wp:term":[{"taxonomy":"category","embeddable":true,"href":"https:\/\/iwell-guard.com\/no\/wp-json\/wp\/v2\/categories?post=141848"}],"curies":[{"name":"wp","href":"https:\/\/api.w.org\/{rel}","templated":true}]}}