{"id":141467,"date":"2026-09-03T09:21:18","date_gmt":"2026-09-03T09:21:18","guid":{"rendered":"https:\/\/iwell-guard.com\/?page_id=141467"},"modified":"2026-09-03T09:52:44","modified_gmt":"2026-09-03T09:52:44","slug":"beskyttelsesfarger-blatt-rodt-svart","status":"publish","type":"page","link":"https:\/\/iwell-guard.com\/no\/beskyttelsesfarger-blatt-rodt-svart\/","title":{"rendered":"Beskyttelsesfarger \u2013 bl\u00e5tt, r\u00f8dt og svart som avvergingsmiddel"},"content":{"rendered":"\t\t<div data-elementor-type=\"wp-page\" data-elementor-id=\"141467\" class=\"elementor elementor-141467 elementor-3745 elementor-bc-flex-widget\" data-elementor-post-type=\"page\">\n\t\t\t\t<div class=\"elementor-element elementor-element-iwgs-schutzfarben-hero e-flex e-con-boxed e-con e-parent\" data-id=\"iwgs-schutzfarben-hero\" data-element_type=\"container\" data-e-type=\"container\">\n\t\t\t\t\t<div class=\"e-con-inner\">\n\t\t<div class=\"elementor-element elementor-element-iwgs-schutzfarben-hl e-flex e-con-boxed e-con e-parent\" data-id=\"iwgs-schutzfarben-hl\" data-element_type=\"container\" data-e-type=\"container\">\n\t\t\t\t\t<div class=\"e-con-inner\">\n\t\t<div class=\"elementor-element elementor-element-iwgs-schutzfarben-hlbox e-con-full e-flex e-con e-parent\" data-id=\"iwgs-schutzfarben-hlbox\" data-element_type=\"container\" data-e-type=\"container\">\n\t\t\t\t<div class=\"elementor-element elementor-element-iwgs-schutzfarben-h1 elementor-widget elementor-widget-heading\" data-id=\"iwgs-schutzfarben-h1\" data-element_type=\"widget\" data-e-type=\"widget\" data-widget_type=\"heading.default\">\n\t\t\t\t\t<h1 class=\"elementor-heading-title elementor-size-default\">Beskyttelsesfarger: farger med avvergende betydning<\/h1>\t\t\t\t<\/div>\n\t\t\t\t<div class=\"elementor-element elementor-element-iwgs-schutzfarben-lead elementor-widget elementor-widget-text-editor\" data-id=\"iwgs-schutzfarben-lead\" data-element_type=\"widget\" data-e-type=\"widget\" data-widget_type=\"text-editor.default\">\n\t\t\t\t\t\t\t\t\t<p>I mange kulturer tilskrives visse farger en avvergende betydning. Bl\u00e5tt, r\u00f8dt og svart forekommer s\u00e6rlig ofte som beskyttelsesfarger, hver med sine egne forklaringer. Denne artikkelen plasserer prinsippet om beskyttelsesfarger religionsvitenskapelig og f\u00f8lger sporene fra <span class=\"iwg-fachbegriff\" data-tooltip=\"Epoke av gresk og romersk kultur, omtrent 800 f.Kr. til 600 e.Kr.\" tabindex=\"0\">antikken<\/span> til dagens resepsjon. Det skilles mellom historisk dokumentert <span class=\"iwg-fachbegriff\" data-tooltip=\"Summen av overleverte skikker i et samfunn.\" tabindex=\"0\">skikk og bruk<\/span> og moderne tolkning.<\/p>\t\t\t\t\t\t\t\t<\/div>\n\t\t\t\t<\/div>\n\t\t\t\t<div class=\"elementor-element elementor-element-iwgs-schutzfarben-pills elementor-widget elementor-widget-html\" data-id=\"iwgs-schutzfarben-pills\" data-element_type=\"widget\" data-e-type=\"widget\" data-widget_type=\"html.default\">\n\t\t\t\t\t<div class=\"iwg-pill-row\"><span class=\"iwg-klasse-badge\" tabindex=\"0\" data-tooltip=\"Beskyttelsessymbol, amulett eller apotropeisk objekt.\">Beskyttelsessymbol<\/span><a href=\"https:\/\/iwell-guard.com\/no\/beskyttelsessymboler\/\" class=\"iwg-kultur-badge\" tabindex=\"0\" data-tooltip=\"Beskyttelsestradisjon: Kulturovergripende\">Kulturovergripende<\/a><span class=\"iwg-tradition-badge\" tabindex=\"0\" data-tooltip=\"Et generelt virkeprinsipp som beskyttelsesskikker bygger p\u00e5.\">Beskyttelsesprinsipp<\/span><\/div>\t\t\t\t<\/div>\n\t\t\t\t\t<\/div>\n\t\t\t\t<\/div>\n\t\t<div class=\"elementor-element elementor-element-iwgs-schutzfarben-hr e-con-full e-flex e-con e-parent\" data-id=\"iwgs-schutzfarben-hr\" data-element_type=\"container\" data-e-type=\"container\">\n\t\t\t\t<div class=\"elementor-element elementor-element-iwgs-schutzfarben-himg iwg-hero-image elementor-widget elementor-widget-image\" data-id=\"iwgs-schutzfarben-himg\" data-element_type=\"widget\" data-e-type=\"widget\" data-widget_type=\"image.default\">\n\t\t\t\t\t\t\t\t\t\t\t\t\t\t\t<img fetchpriority=\"high\" decoding=\"async\" width=\"683\" height=\"1024\" src=\"https:\/\/iwell-guard.com\/wp-content\/uploads\/2026\/05\/schutzsymbol_universell_schutzfarben-683x1024.webp\" class=\"attachment-large size-large wp-image-142684\" alt=\"Beskyttelsesfarger - beskyttelsessymbol, museal illustrasjon\" srcset=\"https:\/\/iwell-guard.com\/wp-content\/uploads\/2026\/05\/schutzsymbol_universell_schutzfarben-683x1024.webp 683w, https:\/\/iwell-guard.com\/wp-content\/uploads\/2026\/05\/schutzsymbol_universell_schutzfarben-200x300.webp 200w, https:\/\/iwell-guard.com\/wp-content\/uploads\/2026\/05\/schutzsymbol_universell_schutzfarben-768x1152.webp 768w, https:\/\/iwell-guard.com\/wp-content\/uploads\/2026\/05\/schutzsymbol_universell_schutzfarben.webp 1024w\" sizes=\"(max-width: 683px) 100vw, 683px\" \/>\t\t\t\t\t\t\t\t\t\t\t\t\t\t\t<\/div>\n\t\t\t\t<\/div>\n\t\t\t\t\t<\/div>\n\t\t\t\t<\/div>\n\t\t<div class=\"elementor-element elementor-element-iwgs-schutzfarben-s0 e-flex e-con-boxed e-con e-parent\" data-id=\"iwgs-schutzfarben-s0\" data-element_type=\"container\" data-e-type=\"container\">\n\t\t\t\t\t<div class=\"e-con-inner\">\n\t\t\t\t<div class=\"elementor-element elementor-element-iwgs-schutzfarben-s0h elementor-widget elementor-widget-heading\" data-id=\"iwgs-schutzfarben-s0h\" data-element_type=\"widget\" data-e-type=\"widget\" data-widget_type=\"heading.default\">\n\t\t\t\t\t<h2 class=\"elementor-heading-title elementor-size-default\">Innramming: Hva en beskyttelsesfarge er<\/h2>\t\t\t\t<\/div>\n\t\t<div class=\"elementor-element elementor-element-iwgs-schutzfarben-s0box e-con-full e-flex e-con e-parent\" data-id=\"iwgs-schutzfarben-s0box\" data-element_type=\"container\" data-e-type=\"container\">\n\t\t\t\t<div class=\"elementor-element elementor-element-iwgs-schutzfarben-s0t elementor-widget elementor-widget-text-editor\" data-id=\"iwgs-schutzfarben-s0t\" data-element_type=\"widget\" data-e-type=\"widget\" data-widget_type=\"text-editor.default\">\n\t\t\t\t\t\t\t\t\t<p>En beskyttelsesfarge er en farge som tilskrives en avvergende betydning. Den brukes p\u00e5 gjenstander, kl\u00e6r, smykker eller bygninger med en forventning om \u00e5 holde skadelige krefter borte.<\/p><p>Det spesielle med beskyttelsesfargen er at betydningen er knyttet til selve fargen, ikke til et bestemt <span class=\"iwg-fachbegriff\" data-tooltip=\"Et gjentakende innholdselement i kunst eller fortelling.\" tabindex=\"0\">motiv<\/span>. Et bl\u00e5tt b\u00e5nd, en r\u00f8d snor eller en svartkl\u00e6dd person b\u00e6rer fargen som b\u00e6rer av tolkningen.<\/p><p>Hvilken farge som regnes som beskyttende, avhenger sterkt av kulturen. Bl\u00e5tt, r\u00f8dt og svart er de vanligste beskyttelsesfargene, men ogs\u00e5 andre farger kan regionalt ha denne rollen.<\/p><p>Beskyttelsesfargen forekommer sjelden alene. Oftest er den knyttet til en gjenstand, som en perle, et b\u00e5nd, en stein eller et stykke t\u00f8y. Fargen forsterker da den tilskrevne betydningen til gjenstanden.<\/p><p>Innenfor <a href=\"https:\/\/iwell-guard.com\/no\/beskyttelsessymboler\/\">beskyttelsessymbolene<\/a> h\u00f8rer beskyttelsesfargen til de egenskapene som gj\u00f8r en gjenstand til et beskyttelsestegn. Den st\u00e5r side om side med materiale, form og <span class=\"iwg-fachbegriff\" data-tooltip=\"Et gjentakende innholdselement i kunst eller fortelling.\" tabindex=\"0\">motiv<\/span>.<\/p><p>Beskyttelsesfargen er dermed mindre et eget <span class=\"iwg-fachbegriff\" data-tooltip=\"Et tegn som representerer en forestilling eller betydning.\" tabindex=\"0\">symbol<\/span> enn et gjennomg\u00e5ende prinsipp. Den viser at ikke bare bilde og stoff, men ogs\u00e5 fargen kan v\u00e6re b\u00e6rer av en avvergende tolkning.<\/p><p>Beskyttelsesfargen er sjelden entydig, ettersom samme farge kan tolkes sv\u00e6rt forskjellig i ulike kulturer. Det som i en tradisjon regnes som beskyttende, kan i en annen forbindes med sorg eller fare. Denne mangetydigheten er en del av fargesymbolikkens vesen.<\/p>\t\t\t\t\t\t\t\t<\/div>\n\t\t\t\t<\/div>\n\t\t\t\t\t<\/div>\n\t\t\t\t<\/div>\n\t\t<div class=\"elementor-element elementor-element-iwgs-schutzfarben-s1 e-flex e-con-boxed e-con e-parent\" data-id=\"iwgs-schutzfarben-s1\" data-element_type=\"container\" data-e-type=\"container\">\n\t\t\t\t\t<div class=\"e-con-inner\">\n\t\t\t\t<div class=\"elementor-element elementor-element-iwgs-schutzfarben-s1h elementor-widget elementor-widget-heading\" data-id=\"iwgs-schutzfarben-s1h\" data-element_type=\"widget\" data-e-type=\"widget\" data-widget_type=\"heading.default\">\n\t\t\t\t\t<h2 class=\"elementor-heading-title elementor-size-default\">Opprinnelse og historisk dybde til beskyttelsesfargene<\/h2>\t\t\t\t<\/div>\n\t\t<div class=\"elementor-element elementor-element-iwgs-schutzfarben-s1box e-con-full e-flex e-con e-parent\" data-id=\"iwgs-schutzfarben-s1box\" data-element_type=\"container\" data-e-type=\"container\">\n\t\t\t\t<div class=\"elementor-element elementor-element-iwgs-schutzfarben-s1t elementor-widget elementor-widget-text-editor\" data-id=\"iwgs-schutzfarben-s1t\" data-element_type=\"widget\" data-e-type=\"widget\" data-widget_type=\"text-editor.default\">\n\t\t\t\t\t\t\t\t\t<p>Forbindelsen mellom farger og betydninger er sv\u00e6rt gammel. Allerede i tidlige kulturer ble fargepigmenter utvunnet og brukt m\u00e5lrettet, blant annet ved begravelser og i <span class=\"iwg-fachbegriff\" data-tooltip=\"Summen av religi\u00f8se tilbedelseshandlinger for en gudom eller hellig skikkelse.\" tabindex=\"0\">kult<\/span>. Bestemte forestillinger knyttet seg tidlig til fargene.<\/p><p>Betydningen av en farge var ofte knyttet til hvor vanskelig den var \u00e5 fremstille. Noen fargestoffer var sjeldne og kostbare, andre lett tilgjengelige. Disse forskjellene formet verdsettelsen av enkelte farger.<\/p><p>Bl\u00e5tt var i mange regioner en farge som var vanskelig \u00e5 fremstille. Bestemte bl\u00e5 pigmenter og bl\u00e5 glassflusser ble regnet som verdifulle. Denne kostbarheten er en bakgrunn for den spesielle stillingen fargen bl\u00e5tt har.<\/p><p>R\u00f8dt er fargen til blod og ild og er blant de eldste fargene som er brukt. R\u00f8d ockerjord er allerede kjent fra forhistoriske sammenhenger, noe som viser fargens dype historie.<\/p><p>Svart er fargen til natt, m\u00f8rke og sorg. Den ble i mange kulturer forbundet med d\u00f8den, men samtidig ogs\u00e5 brukt i beskyttelsesskikker, noe som viser dens dobbelte betydning.<\/p><p>Samlet sett viser dette at den avvergende tolkningen av farger strekker seg over lange tidsrom og mange kulturer. Hvilken farge som ble regnet som beskyttende, varierte etter region.<\/p><p>Med oppfinnelsen av kunstige fargestoffer p\u00e5 1800-tallet ble farge allment tilgjengelig og tapte en del av sin tidligere kostbarhet. Denne endringen p\u00e5virket ogs\u00e5 omgangen med farger i <span class=\"iwg-fachbegriff\" data-tooltip=\"Summen av overleverte skikker i et samfunn.\" tabindex=\"0\">skikk og bruk<\/span>. Den gamle verdsettelsen av sjeldne fargetoner kan i dag i hovedsak spores i eldre kilder.<\/p>\t\t\t\t\t\t\t\t<\/div>\n\t\t\t\t<\/div>\n\t\t\t\t\t<\/div>\n\t\t\t\t<\/div>\n\t\t<div class=\"elementor-element elementor-element-iwgs-schutzfarben-s2 e-flex e-con-boxed e-con e-parent\" data-id=\"iwgs-schutzfarben-s2\" data-element_type=\"container\" data-e-type=\"container\">\n\t\t\t\t\t<div class=\"e-con-inner\">\n\t\t\t\t<div class=\"elementor-element elementor-element-iwgs-schutzfarben-s2h elementor-widget elementor-widget-heading\" data-id=\"iwgs-schutzfarben-s2h\" data-element_type=\"widget\" data-e-type=\"widget\" data-widget_type=\"heading.default\">\n\t\t\t\t\t<h2 class=\"elementor-heading-title elementor-size-default\">Den underliggende forestillingen om den beskyttende fargen<\/h2>\t\t\t\t<\/div>\n\t\t<div class=\"elementor-element elementor-element-iwgs-schutzfarben-s2box e-con-full e-flex e-con e-parent\" data-id=\"iwgs-schutzfarben-s2box\" data-element_type=\"container\" data-e-type=\"container\">\n\t\t\t\t<div class=\"elementor-element elementor-element-iwgs-schutzfarben-s2t elementor-widget elementor-widget-text-editor\" data-id=\"iwgs-schutzfarben-s2t\" data-element_type=\"widget\" data-e-type=\"widget\" data-widget_type=\"text-editor.default\">\n\t\t\t\t\t\t\t\t\t<p>For bl\u00e5tt er en viktig tanke tilknytningen til himmelen og vannet. Bl\u00e5tt ble forbundet med vidde, klarhet og renhet. Denne forbindelsen gjorde fargen til en foretrukket beskyttelsesfarge i flere kulturer.<\/p><p>I Midt\u00f8sten og Middelhavsomr\u00e5det er bl\u00e5tt n\u00e6rt knyttet til avvergingen av det onde \u00f8yet. Den bl\u00e5 \u00f8yeperlen, <a href=\"https:\/\/iwell-guard.com\/no\/nazar-boncugu-beskyttelsesoye-onde-oyet\/\">Nazar Boncu\u011fu<\/a>, er det mest kjente eksempelet p\u00e5 denne forbindelsen.<\/p><p>For r\u00f8dt er forbindelsen til blod og liv sentral. R\u00f8dt ble regnet som livskraftens farge. Noen overleveringer forsto en r\u00f8d farge som et middel til \u00e5 avlede eller binde skadelige krefter fra en person.<\/p><p>R\u00f8dt ble ogs\u00e5 forbundet med ilden, som selv ble regnet som rensende og avvergende. En r\u00f8d farge kunne derfor forst\u00e5s som en del av denne ildens kraft.<\/p><p>For svart er en utbredt tanke det \u00e5 skjule seg. En svart farge regnes som uanselig og kan etter noen forestillinger fjerne en b\u00e6rer fra det onde \u00f8yet.<\/p><p>Forestillingene som er skildret her, er kulturhistoriske forklaringer. De beskriver hvorfor visse farger ble tilskrevet en avvergende betydning, og dokumenterer en tro. De er ikke belegg for en virkning. Forskningen beskriver forestillingen uten \u00e5 bekrefte den.<\/p><p>For bl\u00e5tt spiller i flere overleveringer ogs\u00e5 forestillingen en rolle at denne fargen sjelden forekommer i den levende naturen. Nettopp uvanligheten ved en dyp bl\u00e5farge kunne bidra til at den ble tilskrevet en s\u00e6rlig betydning. Fargen ble dermed oppfattet som b\u00e5de p\u00e5fallende og betydningsfull.<\/p>\t\t\t\t\t\t\t\t<\/div>\n\t\t\t\t<\/div>\n\t\t\t\t\t<\/div>\n\t\t\t\t<\/div>\n\t\t<div class=\"elementor-element elementor-element-iwgs-schutzfarben-s3 e-flex e-con-boxed e-con e-parent\" data-id=\"iwgs-schutzfarben-s3\" data-element_type=\"container\" data-e-type=\"container\">\n\t\t\t\t\t<div class=\"e-con-inner\">\n\t\t\t\t<div class=\"elementor-element elementor-element-iwgs-schutzfarben-s3h elementor-widget elementor-widget-heading\" data-id=\"iwgs-schutzfarben-s3h\" data-element_type=\"widget\" data-e-type=\"widget\" data-widget_type=\"heading.default\">\n\t\t\t\t\t<h2 class=\"elementor-heading-title elementor-size-default\">Eksempler fra antikken og Midt\u00f8sten<\/h2>\t\t\t\t<\/div>\n\t\t<div class=\"elementor-element elementor-element-iwgs-schutzfarben-s3box e-con-full e-flex e-con e-parent\" data-id=\"iwgs-schutzfarben-s3box\" data-element_type=\"container\" data-e-type=\"container\">\n\t\t\t\t<div class=\"elementor-element elementor-element-iwgs-schutzfarben-s3t elementor-widget elementor-widget-text-editor\" data-id=\"iwgs-schutzfarben-s3t\" data-element_type=\"widget\" data-e-type=\"widget\" data-widget_type=\"text-editor.default\">\n\t\t\t\t\t\t\t\t\t<p>I det faraoniske Egypt var farger n\u00e6rt knyttet til bestemte betydninger. Bl\u00e5 og gr\u00f8nne nyanser ble forbundet med himmelen, vannet og fornyelse, og bl\u00e5 amuletter og perler er godt dokumentert.<\/p><p>I Egypt ble bl\u00e5tt glassflod og den bl\u00e5 steinen lapis lazuli brukt til smykker og amuletter. Begge materialene hadde en s\u00e6rskilt betydning p\u00e5 grunn av sin farge og sin kostbarhet.<\/p><p>I Mesopotamia ble fargede steiner og glassfloder brukt til amuletter. Steinens farge var ofte en del av den betydningen som ble tillagt den, og ikke bare et dekorativt trekk.<\/p><p>I Midt\u00f8sten er den bl\u00e5 \u00f8yeperlen mot det onde blikket sv\u00e6rt utbredt. Forbindelsen mellom bl\u00e5 farge og \u00f8yemotivet g\u00e5r langt tilbake i regionen.<\/p><p>R\u00f8de fargestoffer ble brukt i <span class=\"iwg-fachbegriff\" data-tooltip=\"Epoken for den greske og romerske kulturen, omtrent 800 f.Kr. til 600 e.Kr.\" tabindex=\"0\">antikken<\/span> til kl\u00e6r, smykker og bemaling. I noen sammenhenger fikk en r\u00f8d snor eller et r\u00f8dt b\u00e5nd en betydning som gikk utover selve utsmykningen.<\/p><p>Disse eksemplene viser at farger i det antikke Middelhavsomr\u00e5det og i Midt\u00f8sten ikke bare ble forst\u00e5tt som dekorasjon. De var del av et betydningsnett som beskyttelsestolkningen bygde videre p\u00e5.<\/p><p>Ogs\u00e5 i den greske og romerske verden var r\u00f8dt n\u00e6rt knyttet til livets omr\u00e5de og til overgangsriter. Ved bryllup finner man r\u00f8de tekstiler og r\u00f8de sl\u00f8r, og r\u00f8de fargestoffer ble brukt til kl\u00e6r med betydning. Fargen bar der en mening som gikk utover det rent dekorative.<\/p>\t\t\t\t\t\t\t\t<\/div>\n\t\t\t\t<\/div>\n\t\t\t\t\t<\/div>\n\t\t\t\t<\/div>\n\t\t<div class=\"elementor-element elementor-element-iwgs-schutzfarben-s4 e-flex e-con-boxed e-con e-parent\" data-id=\"iwgs-schutzfarben-s4\" data-element_type=\"container\" data-e-type=\"container\">\n\t\t\t\t\t<div class=\"e-con-inner\">\n\t\t\t\t<div class=\"elementor-element elementor-element-iwgs-schutzfarben-s4h elementor-widget elementor-widget-heading\" data-id=\"iwgs-schutzfarben-s4h\" data-element_type=\"widget\" data-e-type=\"widget\" data-widget_type=\"heading.default\">\n\t\t\t\t\t<h2 class=\"elementor-heading-title elementor-size-default\">Eksempler fra europeisk folkemagi<\/h2>\t\t\t\t<\/div>\n\t\t<div class=\"elementor-element elementor-element-iwgs-schutzfarben-s4box e-con-full e-flex e-con e-parent\" data-id=\"iwgs-schutzfarben-s4box\" data-element_type=\"container\" data-e-type=\"container\">\n\t\t\t\t<div class=\"elementor-element elementor-element-iwgs-schutzfarben-s4t elementor-widget elementor-widget-text-editor\" data-id=\"iwgs-schutzfarben-s4t\" data-element_type=\"widget\" data-e-type=\"widget\" data-widget_type=\"text-editor.default\">\n\t\t\t\t\t\t\t\t\t<p>I den europeiske folkemagien spiller den r\u00f8de fargen en fremtredende rolle. Folkeminnesamlinger forteller om r\u00f8de b\u00e5nd og r\u00f8de snorer som ble bundet p\u00e5 barn, dyr og brudepar.<\/p><p>Et r\u00f8dt b\u00e5nd ble bundet om h\u00e5ndleddet p\u00e5 nyf\u00f8dte eller festet til vuggen. Ogs\u00e5 kveget fikk r\u00f8de b\u00e5nd. Slike skikker er dokumentert i mange deler av Europa.<\/p><p>Bl\u00e5tt finnes i den europeiske folkemagien blant annet i form av bl\u00e5 perler og bl\u00e5 glasselementer. De ble festet p\u00e5 kl\u00e6r og smykker og ble forbundet med avvergelse av det onde blikket.<\/p><p>Svart er i Europa sterkt knyttet til sorg. I noen skikker ble sorte kl\u00e6r eller et sort element brukt samtidig med en beskyttende tolkning, for eksempel ved begravelser.<\/p><p>Beretninger om fargebundne skikker dokumenterer brukernes forventninger, ikke en p\u00e5vist virkning. De viser at farger ble forst\u00e5tt som b\u00e6rere av en trygghetsskapende mening.<\/p><p>Med nedgangen i den magiske husskikken tapte mange av disse tradisjonene sin daglige rolle. Det r\u00f8de bandet for nyf\u00f8dte holdt seg lenger som <span class=\"iwg-fachbegriff\" data-tooltip=\"En overlevert handling som gjentas regelmessig i et samfunn.\" tabindex=\"0\">skikk<\/span> i noen omr\u00e5der.<\/p><p>Folkeminnesamlinger nevner ogs\u00e5 bruk av gr\u00f8nne og hvite elementer i enkelte beskyttelsesskikker. Gr\u00f8nt ble forbundet med vekst og livskraft, hvitt med renhet. Disse eksemplene viser at den europeiske folkemagien la mening i flere farger utover bl\u00e5tt, r\u00f8dt og svart.<\/p>\t\t\t\t\t\t\t\t<\/div>\n\t\t\t\t<\/div>\n\t\t\t\t\t<\/div>\n\t\t\t\t<\/div>\n\t\t<div class=\"elementor-element elementor-element-iwgs-schutzfarben-s5 e-flex e-con-boxed e-con e-parent\" data-id=\"iwgs-schutzfarben-s5\" data-element_type=\"container\" data-e-type=\"container\">\n\t\t\t\t\t<div class=\"e-con-inner\">\n\t\t\t\t<div class=\"elementor-element elementor-element-iwgs-schutzfarben-s5h elementor-widget elementor-widget-heading\" data-id=\"iwgs-schutzfarben-s5h\" data-element_type=\"widget\" data-e-type=\"widget\" data-widget_type=\"heading.default\">\n\t\t\t\t\t<h2 class=\"elementor-heading-title elementor-size-default\">Eksempler fra Asia og andre kulturer<\/h2>\t\t\t\t<\/div>\n\t\t<div class=\"elementor-element elementor-element-iwgs-schutzfarben-s5box e-con-full e-flex e-con e-parent\" data-id=\"iwgs-schutzfarben-s5box\" data-element_type=\"container\" data-e-type=\"container\">\n\t\t\t\t<div class=\"elementor-element elementor-element-iwgs-schutzfarben-s5t elementor-widget elementor-widget-text-editor\" data-id=\"iwgs-schutzfarben-s5t\" data-element_type=\"widget\" data-e-type=\"widget\" data-widget_type=\"text-editor.default\">\n\t\t\t\t\t\t\t\t\t<p>I Kina er r\u00f8dt den viktigste beskyttelses- og lykkefargen. R\u00f8de konvolutter, r\u00f8de snorer og r\u00f8de b\u00e5nd brukes ved fester og livsoverganger. Ogs\u00e5 r\u00f8de tegn p\u00e5 d\u00f8rer h\u00f8rer til <span class=\"iwg-fachbegriff\" data-tooltip=\"En overlevert handling som gjentas regelmessig i et samfunn.\" tabindex=\"0\">skikken<\/span>.<\/p><p>I S\u00f8rasia tillegges en r\u00f8d snor som bindes om h\u00e5ndleddet en beskyttende betydning. Ogs\u00e5 r\u00f8de merker p\u00e5 pannen og r\u00f8dt pulver h\u00f8rer til det rituelle omr\u00e5det.<\/p><p>I Midt\u00f8sten og i Tyrkia er den bl\u00e5 \u00f8yeperlen sv\u00e6rt utbredt. Fargen bl\u00e5tt er der n\u00e6rt knyttet til avvergelsen av det onde blikket og kjennetegner mange beskyttelsesobjekter.<\/p><p>I ulike kulturer gis en sort markering, for eksempel en sort prikk i ansiktet p\u00e5 et barn, en avledende betydning. Den skal lede blikket bort fra barnet.<\/p><p>Sett samlet viser dette at flere farger i mange kulturer har blitt forbundet med avvergelse. Hvilken farge som spiller denne rollen, varierer etter tradisjon.<\/p><p>Mangfoldet av eksempler viser at beskyttelsesfargen b\u00f8r forst\u00e5s som et prinsipp. Det oppst\u00e5r der hvor en farge, p\u00e5 grunn av sine assosiasjoner, tillegges en s\u00e6rlig betydning.<\/p><p>I den \u00f8stasiatiske fargeordningen har ogs\u00e5 gult en h\u00f8y betydning, siden det lenge var forbeholdt den herskende sf\u00e6ren i Kina. I rituelle sammenhenger finnes gule papirer og gule skriftremser som ble tillagt en beskyttende tolkning. Fargeordningen var dermed n\u00e6rt knyttet til samfunnsmessige og kosmologiske forestillinger.<\/p>\t\t\t\t\t\t\t\t<\/div>\n\t\t\t\t<\/div>\n\t\t\t\t\t<\/div>\n\t\t\t\t<\/div>\n\t\t<div class=\"elementor-element elementor-element-iwgs-schutzfarben-s6 e-flex e-con-boxed e-con e-parent\" data-id=\"iwgs-schutzfarben-s6\" data-element_type=\"container\" data-e-type=\"container\">\n\t\t\t\t\t<div class=\"e-con-inner\">\n\t\t\t\t<div class=\"elementor-element elementor-element-iwgs-schutzfarben-s6h elementor-widget elementor-widget-heading\" data-id=\"iwgs-schutzfarben-s6h\" data-element_type=\"widget\" data-e-type=\"widget\" data-widget_type=\"heading.default\">\n\t\t\t\t\t<h2 class=\"elementor-heading-title elementor-size-default\">Anvendelse i ritual og hverdag<\/h2>\t\t\t\t<\/div>\n\t\t<div class=\"elementor-element elementor-element-iwgs-schutzfarben-s6box e-con-full e-flex e-con e-parent\" data-id=\"iwgs-schutzfarben-s6box\" data-element_type=\"container\" data-e-type=\"container\">\n\t\t\t\t<div class=\"elementor-element elementor-element-iwgs-schutzfarben-s6t elementor-widget elementor-widget-text-editor\" data-id=\"iwgs-schutzfarben-s6t\" data-element_type=\"widget\" data-e-type=\"widget\" data-widget_type=\"text-editor.default\">\n\t\t\t\t\t\t\t\t\t<p>Beskyttelsesfarger ble i dagliglivet oftest brukt gjennom gjenstander. Et farget b\u00e5nd, en farget perle eller et farget t\u00f8ystykke bar fargen, og dermed den tillagte betydningen.<\/p><p>Ofte var fargebundne skikker knyttet til livshendelser. Ved f\u00f8dsel, bryllup og i barne\u00e5rene ble fargede b\u00e5nd og perler tatt p\u00e5, fordi disse livsfasene ble regnet som s\u00e6rlig s\u00e5rbare.<\/p><p>Beskyttelsesfargen ble ofte b\u00e5ret p\u00e5 kroppen. Et r\u00f8dt b\u00e5nd om h\u00e5ndleddet eller en bl\u00e5 perle om halsen fulgte b\u00e6reren p\u00e5 ulike steder og skulle f\u00f8lge vedkommende varig.<\/p><p>P\u00e5 bygninger finnes beskyttelsesfarger i form av farget maling, fargede d\u00f8rer og fargede elementer p\u00e5 vinduer. I noen omr\u00e5der er bl\u00e5malte d\u00f8rer og vindusrammer forbundet med en beskyttende tolkning.<\/p><p>Noen skikker knyttet det \u00e5 ta p\u00e5 en beskyttelsesfarge til talte ord eller til et bestemt tidspunkt. Fargen var da del av en st\u00f8rre handling.<\/p><p>Det finnes ikke noe enhetlig ritualsystem for beskyttelsesfarger. Hvilken farge som ble brukt n\u00e5r og hvordan, avhang av region og tradisjon, noe folkeminneforskningen har p\u00e5vist flere ganger.<\/p><p>Ogs\u00e5 ved selve fargingen spilte forestillinger en rolle. I noen overleveringer ble tidspunktet for fargingen eller opprinnelsen til fargestoffet regnet som betydningsfull. Slike forskrifter viser at ikke bare den ferdige fargen, men ogs\u00e5 fremstillingen av den, kunne v\u00e6re innbundet i <span class=\"iwg-fachbegriff\" data-tooltip=\"En overlevert handling som gjentas regelmessig i et samfunn.\" tabindex=\"0\">skikken<\/span>.<\/p>\t\t\t\t\t\t\t\t<\/div>\n\t\t\t\t<\/div>\n\t\t\t\t\t<\/div>\n\t\t\t\t<\/div>\n\t\t<div class=\"elementor-element elementor-element-iwgs-schutzfarben-s7 e-flex e-con-boxed e-con e-parent\" data-id=\"iwgs-schutzfarben-s7\" data-element_type=\"container\" data-e-type=\"container\">\n\t\t\t\t\t<div class=\"e-con-inner\">\n\t\t\t\t<div class=\"elementor-element elementor-element-iwgs-schutzfarben-s7h elementor-widget elementor-widget-heading\" data-id=\"iwgs-schutzfarben-s7h\" data-element_type=\"widget\" data-e-type=\"widget\" data-widget_type=\"heading.default\">\n\t\t\t\t\t<h2 class=\"elementor-heading-title elementor-size-default\">Beslektede beskyttelsesformer og avgrensning<\/h2>\t\t\t\t<\/div>\n\t\t<div class=\"elementor-element elementor-element-iwgs-schutzfarben-s7box e-con-full e-flex e-con e-parent\" data-id=\"iwgs-schutzfarben-s7box\" data-element_type=\"container\" data-e-type=\"container\">\n\t\t\t\t<div class=\"elementor-element elementor-element-iwgs-schutzfarben-s7t elementor-widget elementor-widget-text-editor\" data-id=\"iwgs-schutzfarben-s7t\" data-element_type=\"widget\" data-e-type=\"widget\" data-widget_type=\"text-editor.default\">\n\t\t\t\t\t\t\t\t\t<p>Skj\u00e6rgumsfargen st\u00e5r i n\u00e6r forbindelse med bildeamulettene. Mange <a href=\"https:\/\/iwell-guard.com\/no\/amulett-talisman-beskyttelsestegn-grunnlag\/\">amuletter og talismaner<\/a> b\u00e6rer en bestemt farge som h\u00f8rer til deres tilskrevne betydning. Farge og <span class=\"iwg-fachbegriff\" data-tooltip=\"Et gjentakende innholdselement i kunst eller fortelling.\" tabindex=\"0\">motiv<\/span> virker da sammen.<\/p><p>N\u00e6rt knyttet er skj\u00e6rgumsfargen til den bl\u00e5 \u00f8yeperlen. Ved Nazar Boncu\u011fu er den bl\u00e5 fargen og \u00f8yemotivet uatskillelige. Perlen viser hvordan farge og bilde kan smelte sammen til et skj\u00e6rgumstegn.<\/p><p>Fra det apotropeiske stoffet skiller skj\u00e6rgumsfargen seg. Ved salt og jern gjelder betydningen materialet. Ved skj\u00e6rgumsfargen gjelder den fargen, som kan v\u00e6re p\u00e5f\u00f8rt sv\u00e6rt ulike materialer.<\/p><p>Det finnes en grense mot den rent dekorative fargebruken. Fargede kl\u00e6r eller en farget maling b\u00e6rer ikke n\u00f8dvendigvis en beskyttende tolkning. Avgj\u00f8rende er om fargen tilskrives en avvergende funksjon.<\/p><p>Skj\u00e6rgumsfargen skal videre skilles fra farge som rent stands- eller s\u00f8rgetegn. Svart som s\u00f8rgefarge f\u00f8lger for eksempel f\u00f8rst og fremst en samfunnsmessig konvensjon og ikke en avvergende tolkning.<\/p><p>Denne plasseringen i n\u00e6rheten av andre begreper hjelper til \u00e5 avgrense skj\u00e6rgumsfargen n\u00f8yaktig. Den er en egenskap som kan gj\u00f8re gjenstander til skj\u00e6rgumstegn, og den skiller seg fra stoff, <span class=\"iwg-fachbegriff\" data-tooltip=\"Et gjentakende innholdselement i kunst eller fortelling.\" tabindex=\"0\">motiv<\/span> og ren utsmykning.<\/p><p>Innenfor skj\u00e6rgumsfargene finnes ogs\u00e5 en forbindelse til formen fargen b\u00e6res i. Et b\u00e5nd, en snor og en perle er selv b\u00e6rere av en betydning. Ved skj\u00e6rgumsfargen virker fargen og den valgte formen sammen og kan ikke alltid skilles klart fra hverandre.<\/p>\t\t\t\t\t\t\t\t<\/div>\n\t\t\t\t<\/div>\n\t\t\t\t\t<\/div>\n\t\t\t\t<\/div>\n\t\t<div class=\"elementor-element elementor-element-iwgs-schutzfarben-s8 e-flex e-con-boxed e-con e-parent\" data-id=\"iwgs-schutzfarben-s8\" data-element_type=\"container\" data-e-type=\"container\">\n\t\t\t\t\t<div class=\"e-con-inner\">\n\t\t\t\t<div class=\"elementor-element elementor-element-iwgs-schutzfarben-s8h elementor-widget elementor-widget-heading\" data-id=\"iwgs-schutzfarben-s8h\" data-element_type=\"widget\" data-e-type=\"widget\" data-widget_type=\"heading.default\">\n\t\t\t\t\t<h2 class=\"elementor-heading-title elementor-size-default\">Dagens mottakelse av skj\u00e6rgumsfargene<\/h2>\t\t\t\t<\/div>\n\t\t<div class=\"elementor-element elementor-element-iwgs-schutzfarben-s8box e-con-full e-flex e-con e-parent\" data-id=\"iwgs-schutzfarben-s8box\" data-element_type=\"container\" data-e-type=\"container\">\n\t\t\t\t<div class=\"elementor-element elementor-element-iwgs-schutzfarben-s8t elementor-widget elementor-widget-text-editor\" data-id=\"iwgs-schutzfarben-s8t\" data-element_type=\"widget\" data-e-type=\"widget\" data-widget_type=\"text-editor.default\">\n\t\t\t\t\t\t\t\t\t<p>Noen fargebundne skikker er levende den dag i dag. Den bl\u00e5 \u00f8yeperlen er utbredt i Middelhavsomr\u00e5det og langt utover det. R\u00f8de b\u00e5nd bindes fortsatt p\u00e5 barn i flere kulturer.<\/p><p>I moderne <span class=\"iwg-fachbegriff\" data-tooltip=\"Samlebegrep for l\u00e6resetninger som hevder \u00e5 inneholde en skjult kunnskap, kun tilgjengelig for innvidde.\" tabindex=\"0\">esoterikk<\/span> knyttes farger ofte til egenskaper og virkninger. Det finnes tallrike fargel\u00e6rer som tilskriver enkelte farger bestemte krefter. Slike tilskrivninger er ikke dokumentert.<\/p><p>Disse moderne fargel\u00e6rene b\u00f8r betraktes kritisk. Farger b\u00f8r forst\u00e5s som kulturelle symboler med en lang betydningshistorie, ikke som b\u00e6rere av etterpr\u00f8vbare virkninger.<\/p><p>I reklame og design brukes fargevirkninger, men da i betydningen persepsjon og stemning. Denne psykologisk beskrevne virkningen m\u00e5 skilles fra den magiske skj\u00e6rgumstolkningen.<\/p><p>For <span class=\"iwg-fachbegriff\" data-tooltip=\"Vitenskapen som utforsker religioner sammenlignende og uten trosbinding.\" tabindex=\"0\">religionsvitenskapen<\/span> er skj\u00e6rgumsfargene et l\u00e6rerikt eksempel. De viser hvordan synlige egenskaper i verden, fargene til himmel, blod og natt, kunne bli grunnlag for avvergende tolkninger.<\/p><p>Den som i dag beskjeftiger seg med skj\u00e6rgumsfargene, finner der f\u00f8rst og fremst et kulturhistorisk tema. En saklig tiln\u00e6rming skiller den dokumenterte historien til skikkene fra moderne virkningsl\u00f8fter som ikke holder m\u00e5l ved n\u00e6rmere pr\u00f8ving.<\/p><p>Ogs\u00e5 spr\u00e5kforskningen har beskjeftiget seg med fargebetegnelsene og vist at kulturer deler inn sine farger forskjellig. Hvilke toner som regnes som en farge, og hvilken betydning de b\u00e6rer, er kulturelt betinget. Dette funnet st\u00f8tter observasjonen at valget av en skj\u00e6rgumsfarge varierer fra region til region.<\/p>\t\t\t\t\t\t\t\t<\/div>\n\t\t\t\t<\/div>\n\t\t\t\t\t<\/div>\n\t\t\t\t<\/div>\n\t\t<div class=\"elementor-element elementor-element-iwgs-schutzfarben-lit e-flex e-con-boxed e-con e-parent\" data-id=\"iwgs-schutzfarben-lit\" data-element_type=\"container\" data-e-type=\"container\">\n\t\t\t\t\t<div class=\"e-con-inner\">\n\t\t\t\t<div class=\"elementor-element elementor-element-iwgs-schutzfarben-lith elementor-widget elementor-widget-heading\" data-id=\"iwgs-schutzfarben-lith\" data-element_type=\"widget\" data-e-type=\"widget\" data-widget_type=\"heading.default\">\n\t\t\t\t\t<h2 class=\"elementor-heading-title elementor-size-default\">Litteratur (utvalg)<\/h2>\t\t\t\t<\/div>\n\t\t<div class=\"elementor-element elementor-element-iwgs-schutzfarben-litbox e-con-full e-flex e-con e-parent\" data-id=\"iwgs-schutzfarben-litbox\" data-element_type=\"container\" data-e-type=\"container\">\n\t\t\t\t<div class=\"elementor-element elementor-element-iwgs-schutzfarben-litt elementor-widget elementor-widget-html\" data-id=\"iwgs-schutzfarben-litt\" data-element_type=\"widget\" data-e-type=\"widget\" data-widget_type=\"html.default\">\n\t\t\t\t\t<footer data-nosnippet=\"true\"><ul><li>Michel Pastoureau: <em>Bl\u00e5tt. Historien om en farge<\/em> (2000)<\/li><li>Michel Pastoureau: <em>Svart. Historien om en farge<\/em> (2008)<\/li><li>Liselotte Hansmann, Lenz Kriss-Rettenbeck: <em>Amulett og talisman. Fremtredelsesform og historie<\/em> (1966)<\/li><li>Hanns B\u00e4chtold-St\u00e4ubli (red.): <em>Handw\u00f6rterbuch des deutschen Aberglaubens<\/em> (1927-1942)<\/li><li>Wolfram Eberhard: <em>Leksikon over kinesiske symboler<\/em> (1983)<\/li><\/ul><\/footer>\t\t\t\t<\/div>\n\t\t\t\t<\/div>\n\t\t\t\t\t<\/div>\n\t\t\t\t<\/div>\n\t\t<div class=\"elementor-element elementor-element-iwgs-schutzfarben-kwd e-flex e-con-boxed e-con e-parent\" data-id=\"iwgs-schutzfarben-kwd\" data-element_type=\"container\" data-e-type=\"container\">\n\t\t\t\t\t<div class=\"e-con-inner\">\n\t\t\t\t<div class=\"elementor-element elementor-element-iwgs-schutzfarben-kwdt elementor-widget elementor-widget-text-editor\" data-id=\"iwgs-schutzfarben-kwdt\" data-element_type=\"widget\" data-e-type=\"widget\" data-widget_type=\"text-editor.default\">\n\t\t\t\t\t\t\t\t\t<p><em>Relaterte n\u00f8kkelbegreper: skj\u00e6rgumsfarger fargesymbolikk bl\u00e5 r\u00f8d svart r\u00f8dt b\u00e5nd bl\u00e5 perle farge avvergelse <span class=\"iwg-fachbegriff\" data-tooltip=\"Uhell avvergende: om tegn og objekter som skal holde skadelige innflytelser p\u00e5 avstand.\" tabindex=\"0\">apotropeisk<\/span>.<\/em><\/p>\t\t\t\t\t\t\t\t<\/div>\n\t\t\t\t\t<\/div>\n\t\t\t\t<\/div>\n\t\t<div class=\"elementor-element elementor-element-iwgs-schutzfarben-cc e-flex e-con-boxed e-con e-parent\" data-id=\"iwgs-schutzfarben-cc\" data-element_type=\"container\" data-e-type=\"container\" id=\"iwg-cc-schutzfarben\">\n\t\t\t\t\t<div class=\"e-con-inner\">\n\t\t<div class=\"elementor-element elementor-element-iwgs-schutzfarben-ccinner e-flex e-con-boxed e-con e-parent\" data-id=\"iwgs-schutzfarben-ccinner\" data-element_type=\"container\" data-e-type=\"container\" data-settings=\"{&quot;background_background&quot;:&quot;classic&quot;}\">\n\t\t\t\t\t<div class=\"e-con-inner\">\n\t\t\t\t<div class=\"elementor-element elementor-element-iwgs-schutzfarben-cch elementor-widget elementor-widget-heading\" data-id=\"iwgs-schutzfarben-cch\" data-element_type=\"widget\" data-e-type=\"widget\" data-widget_type=\"heading.default\">\n\t\t\t\t\t<h2 class=\"elementor-heading-title elementor-size-default\">iWell Guard og beskyttelsestradisjoner<\/h2>\t\t\t\t<\/div>\n\t\t\t\t<div class=\"elementor-element elementor-element-iwgs-schutzfarben-cct elementor-widget elementor-widget-text-editor\" data-id=\"iwgs-schutzfarben-cct\" data-element_type=\"widget\" data-e-type=\"widget\" data-widget_type=\"text-editor.default\">\n\t\t\t\t\t\t\t\t\t<p>iWell Guard st\u00e5r i den kulturhistoriske linjen av b\u00e6rbare skj\u00e6rgumsobjekter, som ogs\u00e5 skj\u00e6rgumsfargen tilh\u00f8rer. En moderne f\u00f8lgesvenn for mennesker som lever med skj\u00e6rgumssymboler: h\u00e5ndverket i Tyskland, 41 lag av ekte gull, platina og silver, med 30 dagers returrett.<\/p>\t\t\t\t\t\t\t\t<\/div>\n\t\t\t\t<div class=\"elementor-element elementor-element-iwgs-schutzfarben-ccb iwg-cc-button iwg-cc-cta-2026-05-13 elementor-widget elementor-widget-jet-button\" data-id=\"iwgs-schutzfarben-ccb\" data-element_type=\"widget\" data-e-type=\"widget\" data-widget_type=\"jet-button.default\">\n\t\t\t\t<div class=\"elementor-widget-container\">\n\t\t\t\t\t<div class=\"elementor-jet-button jet-elements\"><div class=\"jet-button__container\"><a class=\"jet-button__instance jet-button__instance--icon-left hover-effect-1\" href=\"\/schutzanhaenger-iwell-guard-kaufen\/?utm_source=iwell-guard.com&amp;utm_medium=info-box&amp;utm_campaign=schutzsymbole\"><div class=\"jet-button__plane jet-button__plane-normal\"><\/div><div class=\"jet-button__plane jet-button__plane-hover\"><\/div><div class=\"jet-button__state jet-button__state-normal\"><span class=\"jet-button__label\">Mer om iWell Guard<\/span><\/div><div class=\"jet-button__state jet-button__state-hover\"><span class=\"jet-button__label\">Mer om iWell Guard<\/span><\/div><\/a><\/div><\/div><style>.elementor-element.elementor-element-iwgs-schutzfarben-ccb .jet-button__instance{width:320px;height:56px;}.elementor-element.elementor-element-iwgs-schutzfarben-ccb .jet-button__state-normal .jet-button__label{text-align:center;margin:0px 0px 0px 0px;color:#1a1b20;font-family:Montserrat,sans-serif;font-size:13px;font-weight:400;letter-spacing:4px;line-height:1.714em;text-transform:uppercase;}.elementor-element.elementor-element-iwgs-schutzfarben-ccb .jet-button__state-hover .jet-button__label{text-align:center;margin:0px 0px 0px 0px;color:#FECC76;font-family:Montserrat,sans-serif;font-size:13px;font-weight:400;letter-spacing:4px;line-height:1.714em;text-transform:uppercase;}.elementor-element.elementor-element-iwgs-schutzfarben-ccb .jet-button__plane-normal{background-color:#FECC76;border-style:solid;border-color:#C99540;border-width:2px 2px 2px 2px;}.elementor-element.elementor-element-iwgs-schutzfarben-ccb .jet-button__plane-hover{background-color:rgba(0,0,0,0.55);border-style:solid;border-color:#FECC76;border-width:2px 2px 2px 2px;}<\/style>\t\t\t\t<\/div>\n\t\t\t\t<\/div>\n\t\t\t\t<div class=\"elementor-element elementor-element-iwgs-schutzfarben-ccd elementor-widget elementor-widget-text-editor\" data-id=\"iwgs-schutzfarben-ccd\" data-element_type=\"widget\" data-e-type=\"widget\" data-widget_type=\"text-editor.default\">\n\t\t\t\t\t\t\t\t\t<p style=\"text-align:center;font-size:13px;opacity:0.7;margin-top:14px\" data-nosnippet=\"true\">Personlige erfaringer kan variere. Ikke et medisinsk produkt. Ingen garanti for helbredelse.<\/p>\t\t\t\t\t\t\t\t<\/div>\n\t\t\t\t\t<\/div>\n\t\t\t\t<\/div>\n\t\t\t\t\t<\/div>\n\t\t\t\t<\/div>\n\t\t<div class=\"elementor-element elementor-element-iwgs-schutzfarben-disc e-flex e-con-boxed e-con e-parent\" data-id=\"iwgs-schutzfarben-disc\" data-element_type=\"container\" data-e-type=\"container\">\n\t\t\t\t\t<div class=\"e-con-inner\">\n\t\t\t\t<div class=\"elementor-element elementor-element-iwgs-schutzfarben-discw elementor-widget elementor-widget-html\" data-id=\"iwgs-schutzfarben-discw\" data-element_type=\"widget\" data-e-type=\"widget\" data-widget_type=\"html.default\">\n\t\t\t\t\t<footer data-nosnippet=\"true\" class=\"iwg-disclaimer-block\"><p data-nosnippet=\"true\">iWell Guard er <strong>ikke et medisinsk produkt<\/strong> og erstatter ikke medisinsk eller psykoterapeutisk behandling. Innholdet som presenteres her, er en religionsvitenskapelig og kulturhistorisk kontekstualisering, ikke et l\u00f8fte om spirituell virkning.<\/p><\/footer>\t\t\t\t<\/div>\n\t\t\t\t\t<\/div>\n\t\t\t\t<\/div>\n\t\t\t\t<\/div>\n\t\t","protected":false},"excerpt":{"rendered":"","protected":false},"author":3,"featured_media":3582,"parent":0,"menu_order":0,"comment_status":"closed","ping_status":"closed","template":"elementor_header_footer","meta":{"_yoast_wpseo_focuskw":"Beskyttelsesfarger","_yoast_wpseo_title":"Beskyttelsesfarger: bl\u00e5tt, r\u00f8dt og svart","_yoast_wpseo_metadesc":"Beskyttelsesfarger med avvergende betydning: hvorfor bl\u00e5tt, r\u00f8dt og svart regnes som beskyttelsesfarger, med eksempler fra antikken, folkemagi og Asia.","_yoast_wpseo_meta-robots-noindex":"","_yoast_wpseo_canonical":"","_angie_page":false,"gefaehrdungsstufe":"","wesen_kultur":"","wesen_klasse":"","footnotes":""},"categories":[],"class_list":["post-141467","page","type-page","status-publish","has-post-thumbnail","hentry"],"yoast_head":"<!-- This site is optimized with the Yoast SEO Premium plugin v27.7 (Yoast SEO v28.3) - https:\/\/yoast.com\/product\/yoast-seo-premium-wordpress\/ -->\n<title>Beskyttelsesfarger: bl\u00e5tt, r\u00f8dt og svart<\/title>\n<meta name=\"description\" content=\"Beskyttelsesfarger med avvergende betydning: hvorfor bl\u00e5tt, r\u00f8dt og svart regnes som beskyttelsesfarger, med eksempler fra antikken, folkemagi og Asia.\" \/>\n<meta name=\"robots\" content=\"index, follow, max-snippet:-1, max-image-preview:large, max-video-preview:-1\" \/>\n<link rel=\"canonical\" href=\"https:\/\/iwell-guard.com\/no\/beskyttelsesfarger-blatt-rodt-svart\/\" \/>\n<meta property=\"og:locale\" content=\"nb_NO\" \/>\n<meta property=\"og:type\" content=\"article\" \/>\n<meta property=\"og:title\" content=\"Beskyttelsesfarger \u2013 bl\u00e5tt, r\u00f8dt og svart som avvergingsmiddel\" \/>\n<meta property=\"og:description\" content=\"Beskyttelsesfarger med avvergende betydning: hvorfor bl\u00e5tt, r\u00f8dt og svart regnes som beskyttelsesfarger, med eksempler fra antikken, folkemagi og Asia.\" \/>\n<meta property=\"og:url\" content=\"https:\/\/iwell-guard.com\/no\/beskyttelsesfarger-blatt-rodt-svart\/\" \/>\n<meta property=\"og:site_name\" content=\"iWell Guard\" \/>\n<meta property=\"article:modified_time\" content=\"2026-09-03T09:52:44+00:00\" \/>\n<meta property=\"og:image\" content=\"https:\/\/iwell-guard.com\/wp-content\/uploads\/2026\/05\/schutzsymbol_universell_schutzfarben.webp\" \/>\n\t<meta property=\"og:image:width\" content=\"1024\" \/>\n\t<meta property=\"og:image:height\" content=\"1536\" \/>\n\t<meta property=\"og:image:type\" content=\"image\/webp\" \/>\n<meta name=\"twitter:card\" content=\"summary_large_image\" \/>\n<script type=\"application\/ld+json\" class=\"yoast-schema-graph\">{\"@context\":\"https:\\\/\\\/schema.org\",\"@graph\":[{\"@type\":\"WebPage\",\"@id\":\"https:\\\/\\\/iwell-guard.com\\\/no\\\/beskyttelsesfarger-blatt-rodt-svart\\\/\",\"url\":\"https:\\\/\\\/iwell-guard.com\\\/no\\\/beskyttelsesfarger-blatt-rodt-svart\\\/\",\"name\":\"Beskyttelsesfarger: bl\u00e5tt, r\u00f8dt og svart\",\"isPartOf\":{\"@id\":\"https:\\\/\\\/iwell-guard.com\\\/no\\\/#website\"},\"primaryImageOfPage\":{\"@id\":\"https:\\\/\\\/iwell-guard.com\\\/no\\\/beskyttelsesfarger-blatt-rodt-svart\\\/#primaryimage\"},\"image\":{\"@id\":\"https:\\\/\\\/iwell-guard.com\\\/no\\\/beskyttelsesfarger-blatt-rodt-svart\\\/#primaryimage\"},\"thumbnailUrl\":\"https:\\\/\\\/iwell-guard.com\\\/wp-content\\\/uploads\\\/2026\\\/05\\\/schutzsymbol_universell_schutzfarben.webp\",\"datePublished\":\"2026-09-03T09:21:18+00:00\",\"dateModified\":\"2026-09-03T09:52:44+00:00\",\"description\":\"Beskyttelsesfarger med avvergende betydning: hvorfor bl\u00e5tt, r\u00f8dt og svart regnes som beskyttelsesfarger, med eksempler fra antikken, folkemagi og Asia.\",\"breadcrumb\":{\"@id\":\"https:\\\/\\\/iwell-guard.com\\\/no\\\/beskyttelsesfarger-blatt-rodt-svart\\\/#breadcrumb\"},\"inLanguage\":\"nb-NO\",\"potentialAction\":[{\"@type\":\"ReadAction\",\"target\":[\"https:\\\/\\\/iwell-guard.com\\\/no\\\/beskyttelsesfarger-blatt-rodt-svart\\\/\"]}]},{\"@type\":\"ImageObject\",\"inLanguage\":\"nb-NO\",\"@id\":\"https:\\\/\\\/iwell-guard.com\\\/no\\\/beskyttelsesfarger-blatt-rodt-svart\\\/#primaryimage\",\"url\":\"https:\\\/\\\/iwell-guard.com\\\/wp-content\\\/uploads\\\/2026\\\/05\\\/schutzsymbol_universell_schutzfarben.webp\",\"contentUrl\":\"https:\\\/\\\/iwell-guard.com\\\/wp-content\\\/uploads\\\/2026\\\/05\\\/schutzsymbol_universell_schutzfarben.webp\",\"width\":1024,\"height\":1536,\"caption\":\"Beskyttelsessymbol. Museal stilleben-illustrasjon.\"},{\"@type\":\"BreadcrumbList\",\"@id\":\"https:\\\/\\\/iwell-guard.com\\\/no\\\/beskyttelsesfarger-blatt-rodt-svart\\\/#breadcrumb\",\"itemListElement\":[{\"@type\":\"ListItem\",\"position\":1,\"name\":\"Start\",\"item\":\"https:\\\/\\\/iwell-guard.com\\\/no\\\/?page_id=140795\"},{\"@type\":\"ListItem\",\"position\":2,\"name\":\"Beskyttelsesfarger \u2013 bl\u00e5tt, r\u00f8dt og svart som avvergingsmiddel\"}]},{\"@type\":\"WebSite\",\"@id\":\"https:\\\/\\\/iwell-guard.com\\\/no\\\/#website\",\"url\":\"https:\\\/\\\/iwell-guard.com\\\/no\\\/\",\"name\":\"iWell Guard\",\"description\":\"Schutz vor dunklen Einfl\u00fcssen\",\"publisher\":{\"@id\":\"https:\\\/\\\/iwell-guard.com\\\/no\\\/#organization\"},\"potentialAction\":[{\"@type\":\"SearchAction\",\"target\":{\"@type\":\"EntryPoint\",\"urlTemplate\":\"https:\\\/\\\/iwell-guard.com\\\/no\\\/?s={search_term_string}\"},\"query-input\":{\"@type\":\"PropertyValueSpecification\",\"valueRequired\":true,\"valueName\":\"search_term_string\"}}],\"inLanguage\":\"nb-NO\"},{\"@type\":\"Organization\",\"@id\":\"https:\\\/\\\/iwell-guard.com\\\/no\\\/#organization\",\"name\":\"Ittermann electronic GmbH\",\"url\":\"https:\\\/\\\/iwell-guard.com\\\/no\\\/\",\"logo\":{\"@type\":\"ImageObject\",\"inLanguage\":\"nb-NO\",\"@id\":\"https:\\\/\\\/iwell-guard.com\\\/no\\\/#\\\/schema\\\/logo\\\/image\\\/\",\"url\":\"https:\\\/\\\/iwell-guard.com\\\/wp-content\\\/uploads\\\/2026\\\/05\\\/Ittermann-Logo-1182x237-1.png\",\"contentUrl\":\"https:\\\/\\\/iwell-guard.com\\\/wp-content\\\/uploads\\\/2026\\\/05\\\/Ittermann-Logo-1182x237-1.png\",\"width\":1182,\"height\":237,\"caption\":\"Ittermann electronic GmbH\"},\"image\":{\"@id\":\"https:\\\/\\\/iwell-guard.com\\\/no\\\/#\\\/schema\\\/logo\\\/image\\\/\"},\"sameAs\":[\"https:\\\/\\\/pantip.com\\\/profile\\\/9367242\",\"https:\\\/\\\/micro.blog\\\/iwellguard\",\"https:\\\/\\\/www.diggerslist.com\\\/iwellguard\\\/about\",\"https:\\\/\\\/skitterphoto.com\\\/photographers\\\/2870314\\\/iwell-guard\",\"https:\\\/\\\/iwellguard.wordpress.com\\\/2026\\\/06\\\/06\\\/iwell-guard\\\/\",\"https:\\\/\\\/hub.docker.com\\\/u\\\/iwellguard\",\"https:\\\/\\\/www.pinterest.com\\\/iwellguard\\\/\",\"https:\\\/\\\/bit.ly\\\/m\\\/iwellguard\",\"https:\\\/\\\/entre-vos-mains.alsace.eu\\\/profiles\\\/iwellguard\\\/activity\",\"https:\\\/\\\/gravatar.com\\\/reallybeded8fd34\",\"https:\\\/\\\/naijamatta.com\\\/iwellguard\",\"https:\\\/\\\/www.goodreads.com\\\/iwellguard\",\"https:\\\/\\\/profile.hatena.ne.jp\\\/iwellguard\\\/\",\"https:\\\/\\\/experiment.com\\\/users\\\/iwellguard\",\"https:\\\/\\\/wakelet.com\\\/@iWellGuard82270\",\"https:\\\/\\\/www.chordie.com\\\/forum\\\/profile.php?id=2555664\",\"https:\\\/\\\/www.instapaper.com\\\/p\\\/17757966\",\"https:\\\/\\\/www.mapleprimes.com\\\/users\\\/iwellguard\",\"https:\\\/\\\/businesslistingplus.com\\\/profile\\\/iwell-guard\\\/\",\"https:\\\/\\\/telegra.ph\\\/iWell-Guard-06-06\",\"https:\\\/\\\/pbase.com\\\/iwellguard\\\/iwellguard\",\"https:\\\/\\\/b.hatena.ne.jp\\\/iwellguard\\\/20260607#bookmark-4788405196491818882\",\"https:\\\/\\\/fliphtml5.com\\\/home\\\/iwellguard\",\"https:\\\/\\\/anyflip.com\\\/homepage\\\/cmiwl#About\",\"https:\\\/\\\/transfur.com\\\/Users\\\/iwellguard\",\"http:\\\/\\\/delphi.larsbo.org\\\/user\\\/iwellguard\",\"https:\\\/\\\/jobs.lajobsportal.org\\\/profiles\\\/8380803-iwell-guard\",\"https:\\\/\\\/md.chaosdorf.de\\\/s\\\/jfbe5SBdJD\",\"https:\\\/\\\/www.lingvolive.com\\\/en-us\\\/profile\\\/9ecaeaca-ce11-4e51-9e71-01d55e2bff36\\\/translations\",\"https:\\\/\\\/www.fitday.com\\\/fitness\\\/forums\\\/members\\\/iwellguard.html\",\"https:\\\/\\\/www.mymeetbook.com\\\/iwellguard\",\"https:\\\/\\\/pxhere.com\\\/en\\\/photographer-me\\\/5040798\",\"https:\\\/\\\/disqus.com\\\/by\\\/iwellguard\\\/about\\\/\",\"https:\\\/\\\/pastelink.net\\\/hjwciqwq\",\"https:\\\/\\\/pubhtml5.com\\\/homepage\\\/scjhn\\\/\",\"https:\\\/\\\/www.bitchute.com\\\/channel\\\/2O2eOKzNqujT\",\"https:\\\/\\\/audiomack.com\\\/iwellguard\"]}]}<\/script>\n<!-- \/ Yoast SEO Premium plugin. -->","yoast_head_json":{"title":"Beskyttelsesfarger: bl\u00e5tt, r\u00f8dt og svart","description":"Beskyttelsesfarger med avvergende betydning: hvorfor bl\u00e5tt, r\u00f8dt og svart regnes som beskyttelsesfarger, med eksempler fra antikken, folkemagi og Asia.","robots":{"index":"index","follow":"follow","max-snippet":"max-snippet:-1","max-image-preview":"max-image-preview:large","max-video-preview":"max-video-preview:-1"},"canonical":"https:\/\/iwell-guard.com\/no\/beskyttelsesfarger-blatt-rodt-svart\/","og_locale":"nb_NO","og_type":"article","og_title":"Beskyttelsesfarger \u2013 bl\u00e5tt, r\u00f8dt og svart som avvergingsmiddel","og_description":"Beskyttelsesfarger med avvergende betydning: hvorfor bl\u00e5tt, r\u00f8dt og svart regnes som beskyttelsesfarger, med eksempler fra antikken, folkemagi og Asia.","og_url":"https:\/\/iwell-guard.com\/no\/beskyttelsesfarger-blatt-rodt-svart\/","og_site_name":"iWell Guard","article_modified_time":"2026-09-03T09:52:44+00:00","og_image":[{"width":1024,"height":1536,"url":"https:\/\/iwell-guard.com\/wp-content\/uploads\/2026\/05\/schutzsymbol_universell_schutzfarben.webp","type":"image\/webp"}],"twitter_card":"summary_large_image","schema":{"@context":"https:\/\/schema.org","@graph":[{"@type":"WebPage","@id":"https:\/\/iwell-guard.com\/no\/beskyttelsesfarger-blatt-rodt-svart\/","url":"https:\/\/iwell-guard.com\/no\/beskyttelsesfarger-blatt-rodt-svart\/","name":"Beskyttelsesfarger: bl\u00e5tt, r\u00f8dt og svart","isPartOf":{"@id":"https:\/\/iwell-guard.com\/no\/#website"},"primaryImageOfPage":{"@id":"https:\/\/iwell-guard.com\/no\/beskyttelsesfarger-blatt-rodt-svart\/#primaryimage"},"image":{"@id":"https:\/\/iwell-guard.com\/no\/beskyttelsesfarger-blatt-rodt-svart\/#primaryimage"},"thumbnailUrl":"https:\/\/iwell-guard.com\/wp-content\/uploads\/2026\/05\/schutzsymbol_universell_schutzfarben.webp","datePublished":"2026-09-03T09:21:18+00:00","dateModified":"2026-09-03T09:52:44+00:00","description":"Beskyttelsesfarger med avvergende betydning: hvorfor bl\u00e5tt, r\u00f8dt og svart regnes som beskyttelsesfarger, med eksempler fra antikken, folkemagi og Asia.","breadcrumb":{"@id":"https:\/\/iwell-guard.com\/no\/beskyttelsesfarger-blatt-rodt-svart\/#breadcrumb"},"inLanguage":"nb-NO","potentialAction":[{"@type":"ReadAction","target":["https:\/\/iwell-guard.com\/no\/beskyttelsesfarger-blatt-rodt-svart\/"]}]},{"@type":"ImageObject","inLanguage":"nb-NO","@id":"https:\/\/iwell-guard.com\/no\/beskyttelsesfarger-blatt-rodt-svart\/#primaryimage","url":"https:\/\/iwell-guard.com\/wp-content\/uploads\/2026\/05\/schutzsymbol_universell_schutzfarben.webp","contentUrl":"https:\/\/iwell-guard.com\/wp-content\/uploads\/2026\/05\/schutzsymbol_universell_schutzfarben.webp","width":1024,"height":1536,"caption":"Beskyttelsessymbol. Museal stilleben-illustrasjon."},{"@type":"BreadcrumbList","@id":"https:\/\/iwell-guard.com\/no\/beskyttelsesfarger-blatt-rodt-svart\/#breadcrumb","itemListElement":[{"@type":"ListItem","position":1,"name":"Start","item":"https:\/\/iwell-guard.com\/no\/?page_id=140795"},{"@type":"ListItem","position":2,"name":"Beskyttelsesfarger \u2013 bl\u00e5tt, r\u00f8dt og svart som avvergingsmiddel"}]},{"@type":"WebSite","@id":"https:\/\/iwell-guard.com\/no\/#website","url":"https:\/\/iwell-guard.com\/no\/","name":"iWell Guard","description":"Schutz vor dunklen Einfl\u00fcssen","publisher":{"@id":"https:\/\/iwell-guard.com\/no\/#organization"},"potentialAction":[{"@type":"SearchAction","target":{"@type":"EntryPoint","urlTemplate":"https:\/\/iwell-guard.com\/no\/?s={search_term_string}"},"query-input":{"@type":"PropertyValueSpecification","valueRequired":true,"valueName":"search_term_string"}}],"inLanguage":"nb-NO"},{"@type":"Organization","@id":"https:\/\/iwell-guard.com\/no\/#organization","name":"Ittermann electronic GmbH","url":"https:\/\/iwell-guard.com\/no\/","logo":{"@type":"ImageObject","inLanguage":"nb-NO","@id":"https:\/\/iwell-guard.com\/no\/#\/schema\/logo\/image\/","url":"https:\/\/iwell-guard.com\/wp-content\/uploads\/2026\/05\/Ittermann-Logo-1182x237-1.png","contentUrl":"https:\/\/iwell-guard.com\/wp-content\/uploads\/2026\/05\/Ittermann-Logo-1182x237-1.png","width":1182,"height":237,"caption":"Ittermann electronic GmbH"},"image":{"@id":"https:\/\/iwell-guard.com\/no\/#\/schema\/logo\/image\/"},"sameAs":["https:\/\/pantip.com\/profile\/9367242","https:\/\/micro.blog\/iwellguard","https:\/\/www.diggerslist.com\/iwellguard\/about","https:\/\/skitterphoto.com\/photographers\/2870314\/iwell-guard","https:\/\/iwellguard.wordpress.com\/2026\/06\/06\/iwell-guard\/","https:\/\/hub.docker.com\/u\/iwellguard","https:\/\/www.pinterest.com\/iwellguard\/","https:\/\/bit.ly\/m\/iwellguard","https:\/\/entre-vos-mains.alsace.eu\/profiles\/iwellguard\/activity","https:\/\/gravatar.com\/reallybeded8fd34","https:\/\/naijamatta.com\/iwellguard","https:\/\/www.goodreads.com\/iwellguard","https:\/\/profile.hatena.ne.jp\/iwellguard\/","https:\/\/experiment.com\/users\/iwellguard","https:\/\/wakelet.com\/@iWellGuard82270","https:\/\/www.chordie.com\/forum\/profile.php?id=2555664","https:\/\/www.instapaper.com\/p\/17757966","https:\/\/www.mapleprimes.com\/users\/iwellguard","https:\/\/businesslistingplus.com\/profile\/iwell-guard\/","https:\/\/telegra.ph\/iWell-Guard-06-06","https:\/\/pbase.com\/iwellguard\/iwellguard","https:\/\/b.hatena.ne.jp\/iwellguard\/20260607#bookmark-4788405196491818882","https:\/\/fliphtml5.com\/home\/iwellguard","https:\/\/anyflip.com\/homepage\/cmiwl#About","https:\/\/transfur.com\/Users\/iwellguard","http:\/\/delphi.larsbo.org\/user\/iwellguard","https:\/\/jobs.lajobsportal.org\/profiles\/8380803-iwell-guard","https:\/\/md.chaosdorf.de\/s\/jfbe5SBdJD","https:\/\/www.lingvolive.com\/en-us\/profile\/9ecaeaca-ce11-4e51-9e71-01d55e2bff36\/translations","https:\/\/www.fitday.com\/fitness\/forums\/members\/iwellguard.html","https:\/\/www.mymeetbook.com\/iwellguard","https:\/\/pxhere.com\/en\/photographer-me\/5040798","https:\/\/disqus.com\/by\/iwellguard\/about\/","https:\/\/pastelink.net\/hjwciqwq","https:\/\/pubhtml5.com\/homepage\/scjhn\/","https:\/\/www.bitchute.com\/channel\/2O2eOKzNqujT","https:\/\/audiomack.com\/iwellguard"]}]}},"_links":{"self":[{"href":"https:\/\/iwell-guard.com\/no\/wp-json\/wp\/v2\/pages\/141467","targetHints":{"allow":["GET"]}}],"collection":[{"href":"https:\/\/iwell-guard.com\/no\/wp-json\/wp\/v2\/pages"}],"about":[{"href":"https:\/\/iwell-guard.com\/no\/wp-json\/wp\/v2\/types\/page"}],"author":[{"embeddable":true,"href":"https:\/\/iwell-guard.com\/no\/wp-json\/wp\/v2\/users\/3"}],"replies":[{"embeddable":true,"href":"https:\/\/iwell-guard.com\/no\/wp-json\/wp\/v2\/comments?post=141467"}],"version-history":[{"count":0,"href":"https:\/\/iwell-guard.com\/no\/wp-json\/wp\/v2\/pages\/141467\/revisions"}],"wp:featuredmedia":[{"embeddable":true,"href":"https:\/\/iwell-guard.com\/no\/wp-json\/wp\/v2\/media\/3582"}],"wp:attachment":[{"href":"https:\/\/iwell-guard.com\/no\/wp-json\/wp\/v2\/media?parent=141467"}],"wp:term":[{"taxonomy":"category","embeddable":true,"href":"https:\/\/iwell-guard.com\/no\/wp-json\/wp\/v2\/categories?post=141467"}],"curies":[{"name":"wp","href":"https:\/\/api.w.org\/{rel}","templated":true}]}}