{"id":141427,"date":"2026-09-03T09:20:42","date_gmt":"2026-09-03T09:20:42","guid":{"rendered":"https:\/\/iwell-guard.com\/?page_id=141427"},"modified":"2026-09-03T09:51:38","modified_gmt":"2026-09-03T09:51:38","slug":"keltisk-knute-det-endelose-knutemonsteret","status":"publish","type":"page","link":"https:\/\/iwell-guard.com\/no\/keltisk-knute-det-endelose-knutemonsteret\/","title":{"rendered":"Den keltiske knuten \u2013 det endel\u00f8se knutem\u00f8nsteret"},"content":{"rendered":"\t\t<div data-elementor-type=\"wp-page\" data-elementor-id=\"141427\" class=\"elementor elementor-141427 elementor-3705 elementor-bc-flex-widget\" data-elementor-post-type=\"page\">\n\t\t\t\t<div class=\"elementor-element elementor-element-iwgs-keltischerkn-hero e-flex e-con-boxed e-con e-parent\" data-id=\"iwgs-keltischerkn-hero\" data-element_type=\"container\" data-e-type=\"container\">\n\t\t\t\t\t<div class=\"e-con-inner\">\n\t\t<div class=\"elementor-element elementor-element-iwgs-keltischerkn-hl e-flex e-con-boxed e-con e-parent\" data-id=\"iwgs-keltischerkn-hl\" data-element_type=\"container\" data-e-type=\"container\">\n\t\t\t\t\t<div class=\"e-con-inner\">\n\t\t<div class=\"elementor-element elementor-element-iwgs-keltischerkn-hlbox e-con-full e-flex e-con e-parent\" data-id=\"iwgs-keltischerkn-hlbox\" data-element_type=\"container\" data-e-type=\"container\">\n\t\t\t\t<div class=\"elementor-element elementor-element-iwgs-keltischerkn-h1 elementor-widget elementor-widget-heading\" data-id=\"iwgs-keltischerkn-h1\" data-element_type=\"widget\" data-e-type=\"widget\" data-widget_type=\"heading.default\">\n\t\t\t\t\t<h1 class=\"elementor-heading-title elementor-size-default\">Den keltiske knuten \u2013 de endel\u00f8se m\u00f8nstrene i den insul\u00e6re kunsten<\/h1>\t\t\t\t<\/div>\n\t\t\t\t<div class=\"elementor-element elementor-element-iwgs-keltischerkn-lead elementor-widget elementor-widget-text-editor\" data-id=\"iwgs-keltischerkn-lead\" data-element_type=\"widget\" data-e-type=\"widget\" data-widget_type=\"text-editor.default\">\n\t\t\t\t\t\t\t\t\t<p>Den keltiske knuten betegner de flettede m\u00f8nstrene i den insul\u00e6re kunsten. Formet av ett enkelt, ubrutt b\u00e5nd pryder de h\u00e5ndskrifter, steinkors og metallarbeider fra middelalderen.<\/p>\t\t\t\t\t\t\t\t<\/div>\n\t\t\t\t<\/div>\n\t\t\t\t<div class=\"elementor-element elementor-element-iwgs-keltischerkn-pills elementor-widget elementor-widget-html\" data-id=\"iwgs-keltischerkn-pills\" data-element_type=\"widget\" data-e-type=\"widget\" data-widget_type=\"html.default\">\n\t\t\t\t\t<div class=\"iwg-pill-row\"><span class=\"iwg-klasse-badge\" tabindex=\"0\" data-tooltip=\"Beskyttelsessymbol, amulett eller apotropeisk objekt.\">Beskyttelsessymbol<\/span><a href=\"https:\/\/iwell-guard.com\/no\/keltisk\/\" class=\"iwg-kultur-badge\" tabindex=\"0\" data-tooltip=\"Beskyttelsestradisjon: Keltisk\">Keltisk<\/a><span class=\"iwg-tradition-badge\" tabindex=\"0\" data-tooltip=\"Et beskyttelsestegn i form av en sammenflettet knute.\">Knutetegn<\/span><\/div>\t\t\t\t<\/div>\n\t\t\t\t\t<\/div>\n\t\t\t\t<\/div>\n\t\t<div class=\"elementor-element elementor-element-iwgs-keltischerkn-hr e-con-full e-flex e-con e-parent\" data-id=\"iwgs-keltischerkn-hr\" data-element_type=\"container\" data-e-type=\"container\">\n\t\t\t\t<div class=\"elementor-element elementor-element-iwgs-keltischerkn-himg iwg-hero-image elementor-widget elementor-widget-image\" data-id=\"iwgs-keltischerkn-himg\" data-element_type=\"widget\" data-e-type=\"widget\" data-widget_type=\"image.default\">\n\t\t\t\t\t\t\t\t\t\t\t\t\t\t\t<img fetchpriority=\"high\" decoding=\"async\" width=\"683\" height=\"1024\" src=\"https:\/\/iwell-guard.com\/wp-content\/uploads\/2026\/05\/schutzsymbol_keltisch_keltischer-knoten-683x1024.webp\" class=\"attachment-large size-large wp-image-142782\" alt=\"Keltisk knute - beskyttelsessymbol, museal illustrasjon\" srcset=\"https:\/\/iwell-guard.com\/wp-content\/uploads\/2026\/05\/schutzsymbol_keltisch_keltischer-knoten-683x1024.webp 683w, https:\/\/iwell-guard.com\/wp-content\/uploads\/2026\/05\/schutzsymbol_keltisch_keltischer-knoten-200x300.webp 200w, https:\/\/iwell-guard.com\/wp-content\/uploads\/2026\/05\/schutzsymbol_keltisch_keltischer-knoten-768x1152.webp 768w, https:\/\/iwell-guard.com\/wp-content\/uploads\/2026\/05\/schutzsymbol_keltisch_keltischer-knoten.webp 1024w\" sizes=\"(max-width: 683px) 100vw, 683px\" \/>\t\t\t\t\t\t\t\t\t\t\t\t\t\t\t<\/div>\n\t\t\t\t<\/div>\n\t\t\t\t\t<\/div>\n\t\t\t\t<\/div>\n\t\t<div class=\"elementor-element elementor-element-iwgs-keltischerkn-s0 e-flex e-con-boxed e-con e-parent\" data-id=\"iwgs-keltischerkn-s0\" data-element_type=\"container\" data-e-type=\"container\">\n\t\t\t\t\t<div class=\"e-con-inner\">\n\t\t\t\t<div class=\"elementor-element elementor-element-iwgs-keltischerkn-s0h elementor-widget elementor-widget-heading\" data-id=\"iwgs-keltischerkn-s0h\" data-element_type=\"widget\" data-e-type=\"widget\" data-widget_type=\"heading.default\">\n\t\t\t\t\t<h2 class=\"elementor-heading-title elementor-size-default\">Innplassering<\/h2>\t\t\t\t<\/div>\n\t\t<div class=\"elementor-element elementor-element-iwgs-keltischerkn-s0box e-con-full e-flex e-con e-parent\" data-id=\"iwgs-keltischerkn-s0box\" data-element_type=\"container\" data-e-type=\"container\">\n\t\t\t\t<div class=\"elementor-element elementor-element-iwgs-keltischerkn-s0t elementor-widget elementor-widget-text-editor\" data-id=\"iwgs-keltischerkn-s0t\" data-element_type=\"widget\" data-e-type=\"widget\" data-widget_type=\"text-editor.default\">\n\t\t\t\t\t\t\t\t\t<p>Den keltiske knuten er et ornamentalt m\u00f8nster som forbindes med den <a href=\"https:\/\/iwell-guard.com\/no\/keltisk\/\">keltiske<\/a> verden, og mer n\u00f8yaktig med den insul\u00e6re kunsten i Irland og Britannia. Det er en av de mest kjente ornamentformene i denne kunsten.<\/p><p>M\u00f8nsteret best\u00e5r av b\u00e5nd som fletter seg, kryssvis over hverandre og vevet inn i hverandre. Ofte er hele flettverket formet av ett enkelt, ubrutt b\u00e5nd som ikke lar seg spore til noen begynnelse eller ende.<\/p><p>Slike knutem\u00f8nstre pryder de store h\u00e5ndskriftene fra tidlig middelalder, de steinsatte h\u00f8ykorsene, smykker og metallarbeider. De h\u00f8rer til kjernen av den insul\u00e6re ornamentkunsten.<\/p><p>Den keltiske knuten er f\u00f8rst og fremst et ornamentalt m\u00f8nster. En fastlagt religi\u00f8s betydning kan som regel ikke belegges for de enkelte knutene. I dagens tolkning blir det endel\u00f8se b\u00e5ndet ofte lest som et <span class=\"iwg-fachbegriff\" data-tooltip=\"Et anskuelig bilde som st\u00e5r for en abstrakt tanke.\" tabindex=\"0\">sinnbilde<\/span>.<\/p><p>I <span class=\"iwg-fachbegriff\" data-tooltip=\"Vitenskapen som utforsker religioner sammenlignende og uten trosbinding.\" tabindex=\"0\">religionsvitenskapen<\/span> og kunsthistorien er den keltiske knuten et godt eksempel p\u00e5 hvordan en ren ornamentform senere blir tillagt betydninger den opprinnelig ikke hadde.<\/p><p>Denne siden fremstiller den keltiske knuten med henblikk p\u00e5 beskyttelse og betydning. Den beskriver m\u00f8nstrene, deres opprinnelse, deres bruk og dagens tolkning av det endel\u00f8se b\u00e5ndet.<\/p>\t\t\t\t\t\t\t\t<\/div>\n\t\t\t\t<\/div>\n\t\t\t\t\t<\/div>\n\t\t\t\t<\/div>\n\t\t<div class=\"elementor-element elementor-element-iwgs-keltischerkn-s1 e-flex e-con-boxed e-con e-parent\" data-id=\"iwgs-keltischerkn-s1\" data-element_type=\"container\" data-e-type=\"container\">\n\t\t\t\t\t<div class=\"e-con-inner\">\n\t\t\t\t<div class=\"elementor-element elementor-element-iwgs-keltischerkn-s1h elementor-widget elementor-widget-heading\" data-id=\"iwgs-keltischerkn-s1h\" data-element_type=\"widget\" data-e-type=\"widget\" data-widget_type=\"heading.default\">\n\t\t\t\t\t<h2 class=\"elementor-heading-title elementor-size-default\">Det endel\u00f8se b\u00e5ndet<\/h2>\t\t\t\t<\/div>\n\t\t<div class=\"elementor-element elementor-element-iwgs-keltischerkn-s1box e-con-full e-flex e-con e-parent\" data-id=\"iwgs-keltischerkn-s1box\" data-element_type=\"container\" data-e-type=\"container\">\n\t\t\t\t<div class=\"elementor-element elementor-element-iwgs-keltischerkn-s1t elementor-widget elementor-widget-text-editor\" data-id=\"iwgs-keltischerkn-s1t\" data-element_type=\"widget\" data-e-type=\"widget\" data-widget_type=\"text-editor.default\">\n\t\t\t\t\t\t\t\t\t<p>Det viktigste kjennetegnet ved den keltiske knuten er det endel\u00f8se b\u00e5ndet. Mange av disse m\u00f8nstrene er utformet slik at det flettede b\u00e5ndet ikke har noen begynnelse eller ende.<\/p><p>Den som f\u00f8lger et slikt m\u00f8nster med blikket, kan f\u00f8lge b\u00e5ndet videre og videre uten \u00e5 komme til noen ende. B\u00e5ndet vender alltid tilbake til seg selv og danner et sluttet flettverk.<\/p><p>Denne sluttetheten er resultatet av n\u00f8ye planlegging. Kunstneren m\u00e5tte f\u00f8re b\u00e5ndet slik at det fletter seg helt, men likevel forblir en enkelt, ubrutt linje.<\/p><p>M\u00f8nstrene f\u00f8lger dermed strenge regler. Det finnes faste fremgangsm\u00e5ter for hvordan et b\u00e5nd f\u00f8res over og under andre b\u00e5nd, slik at det oppst\u00e5r et jevnt, ordnet flettverk.<\/p><p>Til tross for disse reglene er mangfoldet av m\u00f8nstre stort. Fra f\u00e5 grunnleggende fremgangsm\u00e5ter kan det formes utallige forskjellige knuter, enkle og sv\u00e6rt innviklede.<\/p><p>Det endel\u00f8se b\u00e5ndet er dermed kjennetegnet p\u00e5 den keltiske knuten. Det er samtidig utgangspunktet for dagens tolkning, som i endel\u00f8sheten ser et <span class=\"iwg-fachbegriff\" data-tooltip=\"Et anskuelig bilde som st\u00e5r for en abstrakt tanke.\" tabindex=\"0\">sinnbilde<\/span> p\u00e5 uendelighet og varighet.<\/p>\t\t\t\t\t\t\t\t<\/div>\n\t\t\t\t<\/div>\n\t\t\t\t\t<\/div>\n\t\t\t\t<\/div>\n\t\t<div class=\"elementor-element elementor-element-iwgs-keltischerkn-s2 e-flex e-con-boxed e-con e-parent\" data-id=\"iwgs-keltischerkn-s2\" data-element_type=\"container\" data-e-type=\"container\">\n\t\t\t\t\t<div class=\"e-con-inner\">\n\t\t\t\t<div class=\"elementor-element elementor-element-iwgs-keltischerkn-s2h elementor-widget elementor-widget-heading\" data-id=\"iwgs-keltischerkn-s2h\" data-element_type=\"widget\" data-e-type=\"widget\" data-widget_type=\"heading.default\">\n\t\t\t\t\t<h2 class=\"elementor-heading-title elementor-size-default\">Opprinnelse i den insul\u00e6re kunsten<\/h2>\t\t\t\t<\/div>\n\t\t<div class=\"elementor-element elementor-element-iwgs-keltischerkn-s2box e-con-full e-flex e-con e-parent\" data-id=\"iwgs-keltischerkn-s2box\" data-element_type=\"container\" data-e-type=\"container\">\n\t\t\t\t<div class=\"elementor-element elementor-element-iwgs-keltischerkn-s2t elementor-widget elementor-widget-text-editor\" data-id=\"iwgs-keltischerkn-s2t\" data-element_type=\"widget\" data-e-type=\"widget\" data-widget_type=\"text-editor.default\">\n\t\t\t\t\t\t\t\t\t<p>Den keltiske knuten har sin mest kjente form i den insul\u00e6re kunsten. Dette er kunsten som oppstod i tidlig middelalder i Irland og Britannia.<\/p><p>Den insul\u00e6re kunsten forener flere r\u00f8tter. Inn i den flyt eldre keltiske ornamentformer, sammen med impulser fra andre kunsttradisjoner. Av denne forbindelsen oppstod en egen, rik stil.<\/p><p>Fletteb\u00e5ndet i seg selv er ikke et rent keltisk <span class=\"iwg-fachbegriff\" data-tooltip=\"Et gjentagende innholdselement i kunst eller fortelling.\" tabindex=\"0\">motiv<\/span>. Flettede b\u00e5nd finnes i flere kunsttradisjoner fra <span class=\"iwg-fachbegriff\" data-tooltip=\"Epoken for den greske og romerske kulturen, ca. 800 f.Kr. til 600 e.Kr.\" tabindex=\"0\">antikken<\/span> og <span class=\"iwg-fachbegriff\" data-tooltip=\"Overgangsepoke mellom antikken og middelalderen, ca. 3. til 7. \u00e5rhundre.\" tabindex=\"0\">senantikken<\/span>. Den insul\u00e6re kunsten har tatt opp dette <span class=\"iwg-fachbegriff\" data-tooltip=\"Et gjentagende innholdselement i kunst eller fortelling.\" tabindex=\"0\">motivet<\/span> og utviklet det p\u00e5 en s\u00e6rlig rik m\u00e5te.<\/p><p>Den insul\u00e6re knutekunsten opplevde sin blomstringstid i tidlig middelalder, i tiden da kristendommen fikk fotfeste i Irland og Britannia. Mange av de ber\u00f8mte verkene ble skapt i klostre.<\/p><p>Betegnelsen keltisk knute er derfor ikke helt n\u00f8yaktig. M\u00f8nstrene er mer et verk av den insul\u00e6re kunsten i den kristne middelalderen enn av den f\u00f8rkristne keltiske verden.<\/p><p>En \u00e6rlig fremstilling nevner dette forholdet. Den keltiske knuten er forbundet med den keltiske verden, men dens kjente form h\u00f8rer til den insul\u00e6re kunsten i tidlig middelalder.<\/p>\t\t\t\t\t\t\t\t<\/div>\n\t\t\t\t<\/div>\n\t\t\t\t\t<\/div>\n\t\t\t\t<\/div>\n\t\t<div class=\"elementor-element elementor-element-iwgs-keltischerkn-s3 e-flex e-con-boxed e-con e-parent\" data-id=\"iwgs-keltischerkn-s3\" data-element_type=\"container\" data-e-type=\"container\">\n\t\t\t\t\t<div class=\"e-con-inner\">\n\t\t\t\t<div class=\"elementor-element elementor-element-iwgs-keltischerkn-s3h elementor-widget elementor-widget-heading\" data-id=\"iwgs-keltischerkn-s3h\" data-element_type=\"widget\" data-e-type=\"widget\" data-widget_type=\"heading.default\">\n\t\t\t\t\t<h2 class=\"elementor-heading-title elementor-size-default\">Knuter i h\u00e5ndskrifter og p\u00e5 stein<\/h2>\t\t\t\t<\/div>\n\t\t<div class=\"elementor-element elementor-element-iwgs-keltischerkn-s3box e-con-full e-flex e-con e-parent\" data-id=\"iwgs-keltischerkn-s3box\" data-element_type=\"container\" data-e-type=\"container\">\n\t\t\t\t<div class=\"elementor-element elementor-element-iwgs-keltischerkn-s3t elementor-widget elementor-widget-text-editor\" data-id=\"iwgs-keltischerkn-s3t\" data-element_type=\"widget\" data-e-type=\"widget\" data-widget_type=\"text-editor.default\">\n\t\t\t\t\t\t\t\t\t<p>Den keltiske knuten m\u00f8ter vi f\u00f8rst og fremst p\u00e5 tre steder: i de store h\u00e5ndskriftene, p\u00e5 de steinsatte h\u00f8ykorsene og p\u00e5 metallarbeider.<\/p><p>De ber\u00f8mte h\u00e5ndskriftene fra insul\u00e6r middelalder er rikt utsmykket med knutem\u00f8nstre. Hele sider er dekket av flettede b\u00e5nd, og selv de store initialbokstavene er innfattet i knutearbeid.<\/p><p>De steinsatte h\u00f8ykorsene b\u00e6rer ogs\u00e5 knutem\u00f8nstre. P\u00e5 disse store, frittst\u00e5ende korsene fyller de flettede b\u00e5ndene flatene og innrammer bildescenene. Det <a href=\"https:\/\/iwell-guard.com\/no\/keltisk-kors-hoykors-og-skjermetegn\/\">keltiske korset<\/a> er n\u00f8ye forbundet med denne kunsten.<\/p><p>Ogs\u00e5 metallarbeider, smykker og liturgiske redskaper er utsmykket med knutearbeid. Gullsmedenes fine arbeid f\u00f8rte flettverket ut i liten skala.<\/p><p>P\u00e5 alle disse stedene fyller knuten i utgangspunktet en dekorativ funksjon. Den fyller flater, innrammer og strukturerer. Den insul\u00e6re kunsten har utviklet et rikt ornamentsystem ut av denne oppgaven.<\/p><p>Den keltiske knuten er dermed f\u00f8rst og fremst en ornamentform i den kristne insul\u00e6re kunsten. H\u00e5ndskrifter, h\u00f8ykors og metallarbeider er verkene der den har n\u00e5dd sin st\u00f8rste utfoldelse.<\/p>\t\t\t\t\t\t\t\t<\/div>\n\t\t\t\t<\/div>\n\t\t\t\t\t<\/div>\n\t\t\t\t<\/div>\n\t\t<div class=\"elementor-element elementor-element-iwgs-keltischerkn-s4 e-flex e-con-boxed e-con e-parent\" data-id=\"iwgs-keltischerkn-s4\" data-element_type=\"container\" data-e-type=\"container\">\n\t\t\t\t\t<div class=\"e-con-inner\">\n\t\t\t\t<div class=\"elementor-element elementor-element-iwgs-keltischerkn-s4h elementor-widget elementor-widget-heading\" data-id=\"iwgs-keltischerkn-s4h\" data-element_type=\"widget\" data-e-type=\"widget\" data-widget_type=\"heading.default\">\n\t\t\t\t\t<h2 class=\"elementor-heading-title elementor-size-default\">Knute ved siden av spiral og triquetra<\/h2>\t\t\t\t<\/div>\n\t\t<div class=\"elementor-element elementor-element-iwgs-keltischerkn-s4box e-con-full e-flex e-con e-parent\" data-id=\"iwgs-keltischerkn-s4box\" data-element_type=\"container\" data-e-type=\"container\">\n\t\t\t\t<div class=\"elementor-element elementor-element-iwgs-keltischerkn-s4t elementor-widget elementor-widget-text-editor\" data-id=\"iwgs-keltischerkn-s4t\" data-element_type=\"widget\" data-e-type=\"widget\" data-widget_type=\"text-editor.default\">\n\t\t\t\t\t\t\t\t\t<p>Den keltiske knuten st\u00e5r ikke alene. Den h\u00f8rer til en gruppe m\u00f8nstre og tegn som sammen utgj\u00f8r den insulare ornamentikken.<\/p><p>Foruten flettknuten er spiralen et viktig <span class=\"iwg-fachbegriff\" data-tooltip=\"Et gjentakende innholdselement i kunst eller fortelling.\" tabindex=\"0\">motiv<\/span>. Spiralm\u00f8nstre er blant de eldste ornamentformene i den insulare verden og g\u00e5r langt tilbake til f\u00f8rkristen tid.<\/p><p>Et eget, n\u00e6rt beslektet tegn er triquetraen, en trekantknute av tre buer flettet inn i hverandre. Den er p\u00e5 sett og vis en enkel, klart avgrenset knute og er beskrevet p\u00e5 siden om <a href=\"https:\/\/iwell-guard.com\/no\/triquetra-den-keltiske-treenighetsknuten\/\">triquetra<\/a>.<\/p><p>Ogs\u00e5 flettede dyremotiver h\u00f8rer til den insulare kunsten. Her er dyrenes kropper, halser og lemmer flettet sammen til et vevm\u00f8nster som er beslektet med knutem\u00f8nstrene.<\/p><p>Disse ulike motivene, flettknuten, spiralen, triquetraen og dyreflettverket, forekommer ofte sammen. Sammen utgj\u00f8r de det rike ornamentsystemet i de insulare h\u00e5ndskriftene og steinverkene.<\/p><p>Den keltiske knuten er dermed en del av en hel ornamentverden. Den er det mest innviklede og trolig mest kjente elementet i denne verden, men den st\u00e5r alltid i sammenheng med spiral, triquetra og dyreflettverk.<\/p>\t\t\t\t\t\t\t\t<\/div>\n\t\t\t\t<\/div>\n\t\t\t\t\t<\/div>\n\t\t\t\t<\/div>\n\t\t<div class=\"elementor-element elementor-element-iwgs-keltischerkn-s5 e-flex e-con-boxed e-con e-parent\" data-id=\"iwgs-keltischerkn-s5\" data-element_type=\"container\" data-e-type=\"container\">\n\t\t\t\t\t<div class=\"e-con-inner\">\n\t\t\t\t<div class=\"elementor-element elementor-element-iwgs-keltischerkn-s5h elementor-widget elementor-widget-heading\" data-id=\"iwgs-keltischerkn-s5h\" data-element_type=\"widget\" data-e-type=\"widget\" data-widget_type=\"heading.default\">\n\t\t\t\t\t<h2 class=\"elementor-heading-title elementor-size-default\">Sp\u00f8rsm\u00e5let om den opprinnelige betydningen<\/h2>\t\t\t\t<\/div>\n\t\t<div class=\"elementor-element elementor-element-iwgs-keltischerkn-s5box e-con-full e-flex e-con e-parent\" data-id=\"iwgs-keltischerkn-s5box\" data-element_type=\"container\" data-e-type=\"container\">\n\t\t\t\t<div class=\"elementor-element elementor-element-iwgs-keltischerkn-s5t elementor-widget elementor-widget-text-editor\" data-id=\"iwgs-keltischerkn-s5t\" data-element_type=\"widget\" data-e-type=\"widget\" data-widget_type=\"text-editor.default\">\n\t\t\t\t\t\t\t\t\t<p>Et viktig og ofte stilt sp\u00f8rsm\u00e5l er hva den opprinnelige betydningen av den keltiske knuten var. Hadde m\u00f8nsteret en fastsatt religi\u00f8s betydning for skaperne?<\/p><p>Det \u00e6rlige svaret er at en slik fastsatt betydning for de enkelte knutene som regel ikke kan dokumenteres. Kunstnerne har ikke overlevert noen tolkning av sine m\u00f8nstre.<\/p><p>Mye tyder p\u00e5 at knuten f\u00f8rst og fremst var en ornamentform. Den fylte flater, prydet og strukturerte. Verdien l\u00e5 i skj\u00f8nnheten og i den kunstferdigheten den krevde.<\/p><p>Noen forskere har antatt at det flettede b\u00e5ndet ogs\u00e5 hadde en avvergende betydning. Tanken om at et vevm\u00f8nster forvirrer og binder det onde, er kjent fra andre kulturer.<\/p><p>En slik avvergende betydning kan imidlertid ikke sikkert dokumenteres for den keltiske knuten. Den forblir en antakelse som bygger p\u00e5 sammenligninger, ikke p\u00e5 overleverte utsagn.<\/p><p>En saklig fremstilling gj\u00f8r denne situasjonen tydelig. Den keltiske knuten er dokumentert som ornamentform. En fastsatt religi\u00f8s eller vergende betydning kan ikke dokumenteres for dens opprinnelsestid.<\/p>\t\t\t\t\t\t\t\t<\/div>\n\t\t\t\t<\/div>\n\t\t\t\t\t<\/div>\n\t\t\t\t<\/div>\n\t\t<div class=\"elementor-element elementor-element-iwgs-keltischerkn-s6 e-flex e-con-boxed e-con e-parent\" data-id=\"iwgs-keltischerkn-s6\" data-element_type=\"container\" data-e-type=\"container\">\n\t\t\t\t\t<div class=\"e-con-inner\">\n\t\t\t\t<div class=\"elementor-element elementor-element-iwgs-keltischerkn-s6h elementor-widget elementor-widget-heading\" data-id=\"iwgs-keltischerkn-s6h\" data-element_type=\"widget\" data-e-type=\"widget\" data-widget_type=\"heading.default\">\n\t\t\t\t\t<h2 class=\"elementor-heading-title elementor-size-default\">Knutemotivet og beskyttelsestanken<\/h2>\t\t\t\t<\/div>\n\t\t<div class=\"elementor-element elementor-element-iwgs-keltischerkn-s6box e-con-full e-flex e-con e-parent\" data-id=\"iwgs-keltischerkn-s6box\" data-element_type=\"container\" data-e-type=\"container\">\n\t\t\t\t<div class=\"elementor-element elementor-element-iwgs-keltischerkn-s6t elementor-widget elementor-widget-text-editor\" data-id=\"iwgs-keltischerkn-s6t\" data-element_type=\"widget\" data-e-type=\"widget\" data-widget_type=\"text-editor.default\">\n\t\t\t\t\t\t\t\t\t<p>Selv om det ikke kan dokumenteres en sikker beskyttelsesbetydning for den keltiske knuten selv, er tanken om den beskyttende knuten godt bevitnet i andre kulturer.<\/p><p>I mange tradisjoner ble knuten ansett som et beskyttelsesmiddel. Tanken bak dette er anskuelig. Et innviklet vevm\u00f8nster holder fast, binder og forvirrer.<\/p><p>Etter denne forestillingen setter det onde seg fast i knutens vindinger. Det kan ikke f\u00f8lge de flettede stiene og n\u00e5r ikke det som knuten omgir.<\/p><p>Et endel\u00f8st, ubrutt b\u00e5nd forsterker denne tanken. Det danner en sammenhengende linje uten \u00e5pning som det onde kan trenge gjennom.<\/p><p>Det er mulig at ogs\u00e5 den insulare knutekunsten var ber\u00f8rt av slike forestillinger. Dette kan imidlertid ikke sikkert dokumenteres. Beskyttelsestanken forblir en velbegrunnet antakelse.<\/p><p>Den keltiske knuten er dermed et godt eksempel p\u00e5 den forsiktigheten en saklig fremstilling krever. Knutemotivet er andre steder forbundet med beskyttelse. For den keltiske knuten selv er dette ikke dokumentert.<\/p>\t\t\t\t\t\t\t\t<\/div>\n\t\t\t\t<\/div>\n\t\t\t\t\t<\/div>\n\t\t\t\t<\/div>\n\t\t<div class=\"elementor-element elementor-element-iwgs-keltischerkn-s7 e-flex e-con-boxed e-con e-parent\" data-id=\"iwgs-keltischerkn-s7\" data-element_type=\"container\" data-e-type=\"container\">\n\t\t\t\t\t<div class=\"e-con-inner\">\n\t\t\t\t<div class=\"elementor-element elementor-element-iwgs-keltischerkn-s7h elementor-widget elementor-widget-heading\" data-id=\"iwgs-keltischerkn-s7h\" data-element_type=\"widget\" data-e-type=\"widget\" data-widget_type=\"heading.default\">\n\t\t\t\t\t<h2 class=\"elementor-heading-title elementor-size-default\">Den moderne tolkningen av knuten<\/h2>\t\t\t\t<\/div>\n\t\t<div class=\"elementor-element elementor-element-iwgs-keltischerkn-s7box e-con-full e-flex e-con e-parent\" data-id=\"iwgs-keltischerkn-s7box\" data-element_type=\"container\" data-e-type=\"container\">\n\t\t\t\t<div class=\"elementor-element elementor-element-iwgs-keltischerkn-s7t elementor-widget elementor-widget-text-editor\" data-id=\"iwgs-keltischerkn-s7t\" data-element_type=\"widget\" data-e-type=\"widget\" data-widget_type=\"text-editor.default\">\n\t\t\t\t\t\t\t\t\t<p>Utover den dokumenterbare historien har den keltiske knuten f\u00e5tt en rik tolkning i nyere tid. Denne moderne tolkningen m\u00e5 skilles fra den middelalderske kunsten.<\/p><p>I den moderne forst\u00e5elsen leses det endel\u00f8se b\u00e5ndet ofte som et <span class=\"iwg-fachbegriff\" data-tooltip=\"Et anskuelig bilde som st\u00e5r for en abstrakt tanke.\" tabindex=\"0\">sinnbilde<\/span> p\u00e5 det uendelige. Knuten uten begynnelse og slutt st\u00e5r da for det evige, for det varige og for det som aldri tar slutt.<\/p><p>Vanlig er ogs\u00e5 tolkningen som tegn p\u00e5 samh\u00f8righet. Det flettede b\u00e5ndet blir forst\u00e5tt som et bilde p\u00e5 en ul\u00f8selig binding mellom mennesker, for eksempel mellom to elskende.<\/p><p>I denne tolkningen har den keltiske knuten blitt et popul\u00e6rt tegn ved bryllup og i forhold. Det endel\u00f8se b\u00e5ndet st\u00e5r for den varige, ubrutte forbindelsen.<\/p><p>Disse tolkningene er ikke feil, men de er moderne. De tolker det endel\u00f8se b\u00e5ndet p\u00e5 en m\u00e5te som ikke kan dokumenteres for de middelalderske kunstnerne.<\/p><p>En \u00e6rlig fremstilling skiller derfor mellom to niv\u00e5er. Den keltiske knuten er en middelaldersk ornamentform. Tolkningen som tegn p\u00e5 det uendelige og p\u00e5 samh\u00f8righet er en senere, moderne tilskrivning.<\/p>\t\t\t\t\t\t\t\t<\/div>\n\t\t\t\t<\/div>\n\t\t\t\t\t<\/div>\n\t\t\t\t<\/div>\n\t\t<div class=\"elementor-element elementor-element-iwgs-keltischerkn-s8 e-flex e-con-boxed e-con e-parent\" data-id=\"iwgs-keltischerkn-s8\" data-element_type=\"container\" data-e-type=\"container\">\n\t\t\t\t\t<div class=\"e-con-inner\">\n\t\t\t\t<div class=\"elementor-element elementor-element-iwgs-keltischerkn-s8h elementor-widget elementor-widget-heading\" data-id=\"iwgs-keltischerkn-s8h\" data-element_type=\"widget\" data-e-type=\"widget\" data-widget_type=\"heading.default\">\n\t\t\t\t\t<h2 class=\"elementor-heading-title elementor-size-default\">Dagens resepsjon<\/h2>\t\t\t\t<\/div>\n\t\t<div class=\"elementor-element elementor-element-iwgs-keltischerkn-s8box e-con-full e-flex e-con e-parent\" data-id=\"iwgs-keltischerkn-s8box\" data-element_type=\"container\" data-e-type=\"container\">\n\t\t\t\t<div class=\"elementor-element elementor-element-iwgs-keltischerkn-s8t elementor-widget elementor-widget-text-editor\" data-id=\"iwgs-keltischerkn-s8t\" data-element_type=\"widget\" data-e-type=\"widget\" data-widget_type=\"text-editor.default\">\n\t\t\t\t\t\t\t\t\t<p>Den keltiske knuten er i dag ett av de mest kjente og popul\u00e6re tegnene fra det keltiske milj\u00f8et. Den er utbredt langt utover Irland og Britannia.<\/p><p>Som smykke er den keltiske knuten s\u00e6rlig popul\u00e6r. Ringer, anheng og armb\u00e5nd med knutem\u00f8nstre fremstilles og brukes i stort antall.<\/p><p>Ogs\u00e5 som opphavstegn har den keltiske knuten betydning. I irske milj\u00f8er verden over er den et gjenkjennelsestegn som uttrykker tilknytningen til hjemregionen.<\/p><p>I den moderne bruken st\u00e5r tolkningen som tegn p\u00e5 det uendelige og p\u00e5 samh\u00f8righet oftest i forgrunnen. Den keltiske knuten har blitt et popul\u00e6rt tegn ved bryllup.<\/p><p>For kunsthistorien og <span class=\"iwg-fachbegriff\" data-tooltip=\"Vitenskapen som utforsker religioner sammenlignende og uten trosbinding.\" tabindex=\"0\">religionsvitenskapen<\/span> er den keltiske knuten fortsatt interessant. Den viser hvordan en middelaldersk ornamentform i nyere tid har blitt tilf\u00f8rt nye betydninger.<\/p><p>Den keltiske knuten er dermed et sl\u00e5ende eksempel p\u00e5 et tegn med to historier. Den er en rik ornamentform i den insulare kunsten, og den er et moderne <span class=\"iwg-fachbegriff\" data-tooltip=\"Et anskuelig bilde som st\u00e5r for en abstrakt tanke.\" tabindex=\"0\">sinnbilde<\/span> p\u00e5 det uendelige og p\u00e5 samh\u00f8righet.<\/p>\t\t\t\t\t\t\t\t<\/div>\n\t\t\t\t<\/div>\n\t\t\t\t\t<\/div>\n\t\t\t\t<\/div>\n\t\t<div class=\"elementor-element elementor-element-iwgs-keltischerkn-lit e-flex e-con-boxed e-con e-parent\" data-id=\"iwgs-keltischerkn-lit\" data-element_type=\"container\" data-e-type=\"container\">\n\t\t\t\t\t<div class=\"e-con-inner\">\n\t\t\t\t<div class=\"elementor-element elementor-element-iwgs-keltischerkn-lith elementor-widget elementor-widget-heading\" data-id=\"iwgs-keltischerkn-lith\" data-element_type=\"widget\" data-e-type=\"widget\" data-widget_type=\"heading.default\">\n\t\t\t\t\t<h2 class=\"elementor-heading-title elementor-size-default\">Litteratur (utvalg)<\/h2>\t\t\t\t<\/div>\n\t\t<div class=\"elementor-element elementor-element-iwgs-keltischerkn-litbox e-con-full e-flex e-con e-parent\" data-id=\"iwgs-keltischerkn-litbox\" data-element_type=\"container\" data-e-type=\"container\">\n\t\t\t\t<div class=\"elementor-element elementor-element-iwgs-keltischerkn-litt elementor-widget elementor-widget-html\" data-id=\"iwgs-keltischerkn-litt\" data-element_type=\"widget\" data-e-type=\"widget\" data-widget_type=\"html.default\">\n\t\t\t\t\t<footer data-nosnippet=\"true\"><ul><li>George Bain: <em>Celtic Art. The Methods of Construction<\/em> (1951)<\/li><li>Ruth Megaw, Vincent Megaw: <em>Celtic Art. From its Beginnings to the Book of Kells<\/em> (1989)<\/li><li>Bernard Meehan: <em>The Book of Kells<\/em> (1994)<\/li><li>Hilary Richardson: <em>Celtic Art<\/em> (1996)<\/li><li>Nancy Edwards: <em>The Archaeology of Early Medieval Ireland<\/em> (1990)<\/li><\/ul><\/footer>\t\t\t\t<\/div>\n\t\t\t\t<\/div>\n\t\t\t\t\t<\/div>\n\t\t\t\t<\/div>\n\t\t<div class=\"elementor-element elementor-element-iwgs-keltischerkn-kwd e-flex e-con-boxed e-con e-parent\" data-id=\"iwgs-keltischerkn-kwd\" data-element_type=\"container\" data-e-type=\"container\">\n\t\t\t\t\t<div class=\"e-con-inner\">\n\t\t\t\t<div class=\"elementor-element elementor-element-iwgs-keltischerkn-kwdt elementor-widget elementor-widget-text-editor\" data-id=\"iwgs-keltischerkn-kwdt\" data-element_type=\"widget\" data-e-type=\"widget\" data-widget_type=\"text-editor.default\">\n\t\t\t\t\t\t\t\t\t<p><em>Relaterte n\u00f8kkelbegreper: keltisk knute knutem\u00f8nster insul\u00e6r kunst endel\u00f8st b\u00e5nd flettverk h\u00f8ykors triquetra spiral knutetegn middelalderen.<\/em><\/p>\t\t\t\t\t\t\t\t<\/div>\n\t\t\t\t\t<\/div>\n\t\t\t\t<\/div>\n\t\t<div class=\"elementor-element elementor-element-iwgs-keltischerkn-cc e-flex e-con-boxed e-con e-parent\" data-id=\"iwgs-keltischerkn-cc\" data-element_type=\"container\" data-e-type=\"container\" id=\"iwg-cc-keltischer-knoten\">\n\t\t\t\t\t<div class=\"e-con-inner\">\n\t\t<div class=\"elementor-element elementor-element-iwgs-keltischerkn-ccinner e-flex e-con-boxed e-con e-parent\" data-id=\"iwgs-keltischerkn-ccinner\" data-element_type=\"container\" data-e-type=\"container\" data-settings=\"{&quot;background_background&quot;:&quot;classic&quot;}\">\n\t\t\t\t\t<div class=\"e-con-inner\">\n\t\t\t\t<div class=\"elementor-element elementor-element-iwgs-keltischerkn-cch elementor-widget elementor-widget-heading\" data-id=\"iwgs-keltischerkn-cch\" data-element_type=\"widget\" data-e-type=\"widget\" data-widget_type=\"heading.default\">\n\t\t\t\t\t<h2 class=\"elementor-heading-title elementor-size-default\">iWell Guard og beskyttelsestradisjoner<\/h2>\t\t\t\t<\/div>\n\t\t\t\t<div class=\"elementor-element elementor-element-iwgs-keltischerkn-cct elementor-widget elementor-widget-text-editor\" data-id=\"iwgs-keltischerkn-cct\" data-element_type=\"widget\" data-e-type=\"widget\" data-widget_type=\"text-editor.default\">\n\t\t\t\t\t\t\t\t\t<p>iWell Guard st\u00e5r i den kulturhistoriske linjen av b\u00e6rbare beskyttelsesgjenstander, som ogs\u00e5 den keltiske knuten tilh\u00f8rer. En moderne f\u00f8lgesvenn for mennesker som lever med beskyttelsessymboler: fremstilt i Tyskland, 41 lag av ekte gull, platina og silver, med 30 dagers returrett.<\/p>\t\t\t\t\t\t\t\t<\/div>\n\t\t\t\t<div class=\"elementor-element elementor-element-iwgs-keltischerkn-ccb iwg-cc-button iwg-cc-cta-2026-05-13 elementor-widget elementor-widget-jet-button\" data-id=\"iwgs-keltischerkn-ccb\" data-element_type=\"widget\" data-e-type=\"widget\" data-widget_type=\"jet-button.default\">\n\t\t\t\t<div class=\"elementor-widget-container\">\n\t\t\t\t\t<div class=\"elementor-jet-button jet-elements\"><div class=\"jet-button__container\"><a class=\"jet-button__instance jet-button__instance--icon-left hover-effect-1\" href=\"\/schutzanhaenger-iwell-guard-kaufen\/?utm_source=iwell-guard.com&amp;utm_medium=info-box&amp;utm_campaign=schutzsymbole\"><div class=\"jet-button__plane jet-button__plane-normal\"><\/div><div class=\"jet-button__plane jet-button__plane-hover\"><\/div><div class=\"jet-button__state jet-button__state-normal\"><span class=\"jet-button__label\">Mer om iWell Guard<\/span><\/div><div class=\"jet-button__state jet-button__state-hover\"><span class=\"jet-button__label\">Mer om iWell Guard<\/span><\/div><\/a><\/div><\/div><style>.elementor-element.elementor-element-iwgs-keltischerkn-ccb .jet-button__instance{width:320px;height:56px;}.elementor-element.elementor-element-iwgs-keltischerkn-ccb .jet-button__state-normal .jet-button__label{text-align:center;margin:0px 0px 0px 0px;color:#1a1b20;font-family:Montserrat,sans-serif;font-size:13px;font-weight:400;letter-spacing:4px;line-height:1.714em;text-transform:uppercase;}.elementor-element.elementor-element-iwgs-keltischerkn-ccb .jet-button__state-hover .jet-button__label{text-align:center;margin:0px 0px 0px 0px;color:#FECC76;font-family:Montserrat,sans-serif;font-size:13px;font-weight:400;letter-spacing:4px;line-height:1.714em;text-transform:uppercase;}.elementor-element.elementor-element-iwgs-keltischerkn-ccb .jet-button__plane-normal{background-color:#FECC76;border-style:solid;border-color:#C99540;border-width:2px 2px 2px 2px;}.elementor-element.elementor-element-iwgs-keltischerkn-ccb .jet-button__plane-hover{background-color:rgba(0,0,0,0.55);border-style:solid;border-color:#FECC76;border-width:2px 2px 2px 2px;}<\/style>\t\t\t\t<\/div>\n\t\t\t\t<\/div>\n\t\t\t\t<div class=\"elementor-element elementor-element-iwgs-keltischerkn-ccd elementor-widget elementor-widget-text-editor\" data-id=\"iwgs-keltischerkn-ccd\" data-element_type=\"widget\" data-e-type=\"widget\" data-widget_type=\"text-editor.default\">\n\t\t\t\t\t\t\t\t\t<p style=\"text-align:center;font-size:13px;opacity:0.7;margin-top:14px\" data-nosnippet=\"true\">Personlige erfaringer kan variere. Ikke et medisinsk produkt. Ingen garanti for helbredelse.<\/p>\t\t\t\t\t\t\t\t<\/div>\n\t\t\t\t\t<\/div>\n\t\t\t\t<\/div>\n\t\t\t\t\t<\/div>\n\t\t\t\t<\/div>\n\t\t<div class=\"elementor-element elementor-element-iwgs-keltischerkn-disc e-flex e-con-boxed e-con e-parent\" data-id=\"iwgs-keltischerkn-disc\" data-element_type=\"container\" data-e-type=\"container\">\n\t\t\t\t\t<div class=\"e-con-inner\">\n\t\t\t\t<div class=\"elementor-element elementor-element-iwgs-keltischerkn-discw elementor-widget elementor-widget-html\" data-id=\"iwgs-keltischerkn-discw\" data-element_type=\"widget\" data-e-type=\"widget\" data-widget_type=\"html.default\">\n\t\t\t\t\t<footer data-nosnippet=\"true\" class=\"iwg-disclaimer-block\"><p data-nosnippet=\"true\">iWell Guard er <strong>ikke et medisinsk produkt<\/strong> og erstatter ikke medisinsk eller psykoterapeutisk behandling. Innholdet som presenteres her, er en religionsvitenskapelig og kulturhistorisk kontekstualisering, ikke et l\u00f8fte om spirituell virkning.<\/p><\/footer>\t\t\t\t<\/div>\n\t\t\t\t\t<\/div>\n\t\t\t\t<\/div>\n\t\t\t\t<\/div>\n\t\t","protected":false},"excerpt":{"rendered":"","protected":false},"author":3,"featured_media":3484,"parent":0,"menu_order":0,"comment_status":"closed","ping_status":"closed","template":"elementor_header_footer","meta":{"_yoast_wpseo_focuskw":"keltisk knute","_yoast_wpseo_title":"Keltisk knute \u2013 det endel\u00f8se m\u00f8nsteret","_yoast_wpseo_metadesc":"Den keltiske knuten er det endel\u00f8se, flettede knutem\u00f8nsteret i den insul\u00e6re kunsten. Opprinnelse og betydning forklart p\u00e5 en forst\u00e5elig m\u00e5te.","_yoast_wpseo_meta-robots-noindex":"","_yoast_wpseo_canonical":"","_angie_page":false,"gefaehrdungsstufe":"","wesen_kultur":"","wesen_klasse":"","footnotes":""},"categories":[],"class_list":["post-141427","page","type-page","status-publish","has-post-thumbnail","hentry"],"yoast_head":"<!-- This site is optimized with the Yoast SEO Premium plugin v27.7 (Yoast SEO v28.3) - https:\/\/yoast.com\/product\/yoast-seo-premium-wordpress\/ -->\n<title>Keltisk knute \u2013 det endel\u00f8se m\u00f8nsteret<\/title>\n<meta name=\"description\" content=\"Den keltiske knuten er det endel\u00f8se, flettede knutem\u00f8nsteret i den insul\u00e6re kunsten. Opprinnelse og betydning forklart p\u00e5 en forst\u00e5elig m\u00e5te.\" \/>\n<meta name=\"robots\" content=\"index, follow, max-snippet:-1, max-image-preview:large, max-video-preview:-1\" \/>\n<link rel=\"canonical\" href=\"https:\/\/iwell-guard.com\/no\/keltisk-knute-det-endelose-knutemonsteret\/\" \/>\n<meta property=\"og:locale\" content=\"nb_NO\" \/>\n<meta property=\"og:type\" content=\"article\" \/>\n<meta property=\"og:title\" content=\"Den keltiske knuten \u2013 det endel\u00f8se knutem\u00f8nsteret\" \/>\n<meta property=\"og:description\" content=\"Den keltiske knuten er det endel\u00f8se, flettede knutem\u00f8nsteret i den insul\u00e6re kunsten. Opprinnelse og betydning forklart p\u00e5 en forst\u00e5elig m\u00e5te.\" \/>\n<meta property=\"og:url\" content=\"https:\/\/iwell-guard.com\/no\/keltisk-knute-det-endelose-knutemonsteret\/\" \/>\n<meta property=\"og:site_name\" content=\"iWell Guard\" \/>\n<meta property=\"article:modified_time\" content=\"2026-09-03T09:51:38+00:00\" \/>\n<meta property=\"og:image\" content=\"https:\/\/iwell-guard.com\/wp-content\/uploads\/2026\/05\/schutzsymbol_keltisch_keltischer-knoten.webp\" \/>\n\t<meta property=\"og:image:width\" content=\"1024\" \/>\n\t<meta property=\"og:image:height\" content=\"1536\" \/>\n\t<meta property=\"og:image:type\" content=\"image\/webp\" \/>\n<meta name=\"twitter:card\" content=\"summary_large_image\" \/>\n<script type=\"application\/ld+json\" class=\"yoast-schema-graph\">{\"@context\":\"https:\\\/\\\/schema.org\",\"@graph\":[{\"@type\":\"WebPage\",\"@id\":\"https:\\\/\\\/iwell-guard.com\\\/no\\\/keltisk-knute-det-endelose-knutemonsteret\\\/\",\"url\":\"https:\\\/\\\/iwell-guard.com\\\/no\\\/keltisk-knute-det-endelose-knutemonsteret\\\/\",\"name\":\"Keltisk knute \u2013 det endel\u00f8se m\u00f8nsteret\",\"isPartOf\":{\"@id\":\"https:\\\/\\\/iwell-guard.com\\\/no\\\/#website\"},\"primaryImageOfPage\":{\"@id\":\"https:\\\/\\\/iwell-guard.com\\\/no\\\/keltisk-knute-det-endelose-knutemonsteret\\\/#primaryimage\"},\"image\":{\"@id\":\"https:\\\/\\\/iwell-guard.com\\\/no\\\/keltisk-knute-det-endelose-knutemonsteret\\\/#primaryimage\"},\"thumbnailUrl\":\"https:\\\/\\\/iwell-guard.com\\\/wp-content\\\/uploads\\\/2026\\\/05\\\/schutzsymbol_keltisch_keltischer-knoten.webp\",\"datePublished\":\"2026-09-03T09:20:42+00:00\",\"dateModified\":\"2026-09-03T09:51:38+00:00\",\"description\":\"Den keltiske knuten er det endel\u00f8se, flettede knutem\u00f8nsteret i den insul\u00e6re kunsten. Opprinnelse og betydning forklart p\u00e5 en forst\u00e5elig m\u00e5te.\",\"breadcrumb\":{\"@id\":\"https:\\\/\\\/iwell-guard.com\\\/no\\\/keltisk-knute-det-endelose-knutemonsteret\\\/#breadcrumb\"},\"inLanguage\":\"nb-NO\",\"potentialAction\":[{\"@type\":\"ReadAction\",\"target\":[\"https:\\\/\\\/iwell-guard.com\\\/no\\\/keltisk-knute-det-endelose-knutemonsteret\\\/\"]}]},{\"@type\":\"ImageObject\",\"inLanguage\":\"nb-NO\",\"@id\":\"https:\\\/\\\/iwell-guard.com\\\/no\\\/keltisk-knute-det-endelose-knutemonsteret\\\/#primaryimage\",\"url\":\"https:\\\/\\\/iwell-guard.com\\\/wp-content\\\/uploads\\\/2026\\\/05\\\/schutzsymbol_keltisch_keltischer-knoten.webp\",\"contentUrl\":\"https:\\\/\\\/iwell-guard.com\\\/wp-content\\\/uploads\\\/2026\\\/05\\\/schutzsymbol_keltisch_keltischer-knoten.webp\",\"width\":1024,\"height\":1536,\"caption\":\"Beskyttelsessymbol. Museal stilleben-illustrasjon.\"},{\"@type\":\"BreadcrumbList\",\"@id\":\"https:\\\/\\\/iwell-guard.com\\\/no\\\/keltisk-knute-det-endelose-knutemonsteret\\\/#breadcrumb\",\"itemListElement\":[{\"@type\":\"ListItem\",\"position\":1,\"name\":\"Start\",\"item\":\"https:\\\/\\\/iwell-guard.com\\\/no\\\/?page_id=140795\"},{\"@type\":\"ListItem\",\"position\":2,\"name\":\"Den keltiske knuten \u2013 det endel\u00f8se knutem\u00f8nsteret\"}]},{\"@type\":\"WebSite\",\"@id\":\"https:\\\/\\\/iwell-guard.com\\\/no\\\/#website\",\"url\":\"https:\\\/\\\/iwell-guard.com\\\/no\\\/\",\"name\":\"iWell Guard\",\"description\":\"Schutz vor dunklen Einfl\u00fcssen\",\"publisher\":{\"@id\":\"https:\\\/\\\/iwell-guard.com\\\/no\\\/#organization\"},\"potentialAction\":[{\"@type\":\"SearchAction\",\"target\":{\"@type\":\"EntryPoint\",\"urlTemplate\":\"https:\\\/\\\/iwell-guard.com\\\/no\\\/?s={search_term_string}\"},\"query-input\":{\"@type\":\"PropertyValueSpecification\",\"valueRequired\":true,\"valueName\":\"search_term_string\"}}],\"inLanguage\":\"nb-NO\"},{\"@type\":\"Organization\",\"@id\":\"https:\\\/\\\/iwell-guard.com\\\/no\\\/#organization\",\"name\":\"Ittermann electronic GmbH\",\"url\":\"https:\\\/\\\/iwell-guard.com\\\/no\\\/\",\"logo\":{\"@type\":\"ImageObject\",\"inLanguage\":\"nb-NO\",\"@id\":\"https:\\\/\\\/iwell-guard.com\\\/no\\\/#\\\/schema\\\/logo\\\/image\\\/\",\"url\":\"https:\\\/\\\/iwell-guard.com\\\/wp-content\\\/uploads\\\/2026\\\/05\\\/Ittermann-Logo-1182x237-1.png\",\"contentUrl\":\"https:\\\/\\\/iwell-guard.com\\\/wp-content\\\/uploads\\\/2026\\\/05\\\/Ittermann-Logo-1182x237-1.png\",\"width\":1182,\"height\":237,\"caption\":\"Ittermann electronic GmbH\"},\"image\":{\"@id\":\"https:\\\/\\\/iwell-guard.com\\\/no\\\/#\\\/schema\\\/logo\\\/image\\\/\"},\"sameAs\":[\"https:\\\/\\\/pantip.com\\\/profile\\\/9367242\",\"https:\\\/\\\/micro.blog\\\/iwellguard\",\"https:\\\/\\\/www.diggerslist.com\\\/iwellguard\\\/about\",\"https:\\\/\\\/skitterphoto.com\\\/photographers\\\/2870314\\\/iwell-guard\",\"https:\\\/\\\/iwellguard.wordpress.com\\\/2026\\\/06\\\/06\\\/iwell-guard\\\/\",\"https:\\\/\\\/hub.docker.com\\\/u\\\/iwellguard\",\"https:\\\/\\\/www.pinterest.com\\\/iwellguard\\\/\",\"https:\\\/\\\/bit.ly\\\/m\\\/iwellguard\",\"https:\\\/\\\/entre-vos-mains.alsace.eu\\\/profiles\\\/iwellguard\\\/activity\",\"https:\\\/\\\/gravatar.com\\\/reallybeded8fd34\",\"https:\\\/\\\/naijamatta.com\\\/iwellguard\",\"https:\\\/\\\/www.goodreads.com\\\/iwellguard\",\"https:\\\/\\\/profile.hatena.ne.jp\\\/iwellguard\\\/\",\"https:\\\/\\\/experiment.com\\\/users\\\/iwellguard\",\"https:\\\/\\\/wakelet.com\\\/@iWellGuard82270\",\"https:\\\/\\\/www.chordie.com\\\/forum\\\/profile.php?id=2555664\",\"https:\\\/\\\/www.instapaper.com\\\/p\\\/17757966\",\"https:\\\/\\\/www.mapleprimes.com\\\/users\\\/iwellguard\",\"https:\\\/\\\/businesslistingplus.com\\\/profile\\\/iwell-guard\\\/\",\"https:\\\/\\\/telegra.ph\\\/iWell-Guard-06-06\",\"https:\\\/\\\/pbase.com\\\/iwellguard\\\/iwellguard\",\"https:\\\/\\\/b.hatena.ne.jp\\\/iwellguard\\\/20260607#bookmark-4788405196491818882\",\"https:\\\/\\\/fliphtml5.com\\\/home\\\/iwellguard\",\"https:\\\/\\\/anyflip.com\\\/homepage\\\/cmiwl#About\",\"https:\\\/\\\/transfur.com\\\/Users\\\/iwellguard\",\"http:\\\/\\\/delphi.larsbo.org\\\/user\\\/iwellguard\",\"https:\\\/\\\/jobs.lajobsportal.org\\\/profiles\\\/8380803-iwell-guard\",\"https:\\\/\\\/md.chaosdorf.de\\\/s\\\/jfbe5SBdJD\",\"https:\\\/\\\/www.lingvolive.com\\\/en-us\\\/profile\\\/9ecaeaca-ce11-4e51-9e71-01d55e2bff36\\\/translations\",\"https:\\\/\\\/www.fitday.com\\\/fitness\\\/forums\\\/members\\\/iwellguard.html\",\"https:\\\/\\\/www.mymeetbook.com\\\/iwellguard\",\"https:\\\/\\\/pxhere.com\\\/en\\\/photographer-me\\\/5040798\",\"https:\\\/\\\/disqus.com\\\/by\\\/iwellguard\\\/about\\\/\",\"https:\\\/\\\/pastelink.net\\\/hjwciqwq\",\"https:\\\/\\\/pubhtml5.com\\\/homepage\\\/scjhn\\\/\",\"https:\\\/\\\/www.bitchute.com\\\/channel\\\/2O2eOKzNqujT\",\"https:\\\/\\\/audiomack.com\\\/iwellguard\"]}]}<\/script>\n<!-- \/ Yoast SEO Premium plugin. -->","yoast_head_json":{"title":"Keltisk knute \u2013 det endel\u00f8se m\u00f8nsteret","description":"Den keltiske knuten er det endel\u00f8se, flettede knutem\u00f8nsteret i den insul\u00e6re kunsten. Opprinnelse og betydning forklart p\u00e5 en forst\u00e5elig m\u00e5te.","robots":{"index":"index","follow":"follow","max-snippet":"max-snippet:-1","max-image-preview":"max-image-preview:large","max-video-preview":"max-video-preview:-1"},"canonical":"https:\/\/iwell-guard.com\/no\/keltisk-knute-det-endelose-knutemonsteret\/","og_locale":"nb_NO","og_type":"article","og_title":"Den keltiske knuten \u2013 det endel\u00f8se knutem\u00f8nsteret","og_description":"Den keltiske knuten er det endel\u00f8se, flettede knutem\u00f8nsteret i den insul\u00e6re kunsten. Opprinnelse og betydning forklart p\u00e5 en forst\u00e5elig m\u00e5te.","og_url":"https:\/\/iwell-guard.com\/no\/keltisk-knute-det-endelose-knutemonsteret\/","og_site_name":"iWell Guard","article_modified_time":"2026-09-03T09:51:38+00:00","og_image":[{"width":1024,"height":1536,"url":"https:\/\/iwell-guard.com\/wp-content\/uploads\/2026\/05\/schutzsymbol_keltisch_keltischer-knoten.webp","type":"image\/webp"}],"twitter_card":"summary_large_image","schema":{"@context":"https:\/\/schema.org","@graph":[{"@type":"WebPage","@id":"https:\/\/iwell-guard.com\/no\/keltisk-knute-det-endelose-knutemonsteret\/","url":"https:\/\/iwell-guard.com\/no\/keltisk-knute-det-endelose-knutemonsteret\/","name":"Keltisk knute \u2013 det endel\u00f8se m\u00f8nsteret","isPartOf":{"@id":"https:\/\/iwell-guard.com\/no\/#website"},"primaryImageOfPage":{"@id":"https:\/\/iwell-guard.com\/no\/keltisk-knute-det-endelose-knutemonsteret\/#primaryimage"},"image":{"@id":"https:\/\/iwell-guard.com\/no\/keltisk-knute-det-endelose-knutemonsteret\/#primaryimage"},"thumbnailUrl":"https:\/\/iwell-guard.com\/wp-content\/uploads\/2026\/05\/schutzsymbol_keltisch_keltischer-knoten.webp","datePublished":"2026-09-03T09:20:42+00:00","dateModified":"2026-09-03T09:51:38+00:00","description":"Den keltiske knuten er det endel\u00f8se, flettede knutem\u00f8nsteret i den insul\u00e6re kunsten. Opprinnelse og betydning forklart p\u00e5 en forst\u00e5elig m\u00e5te.","breadcrumb":{"@id":"https:\/\/iwell-guard.com\/no\/keltisk-knute-det-endelose-knutemonsteret\/#breadcrumb"},"inLanguage":"nb-NO","potentialAction":[{"@type":"ReadAction","target":["https:\/\/iwell-guard.com\/no\/keltisk-knute-det-endelose-knutemonsteret\/"]}]},{"@type":"ImageObject","inLanguage":"nb-NO","@id":"https:\/\/iwell-guard.com\/no\/keltisk-knute-det-endelose-knutemonsteret\/#primaryimage","url":"https:\/\/iwell-guard.com\/wp-content\/uploads\/2026\/05\/schutzsymbol_keltisch_keltischer-knoten.webp","contentUrl":"https:\/\/iwell-guard.com\/wp-content\/uploads\/2026\/05\/schutzsymbol_keltisch_keltischer-knoten.webp","width":1024,"height":1536,"caption":"Beskyttelsessymbol. Museal stilleben-illustrasjon."},{"@type":"BreadcrumbList","@id":"https:\/\/iwell-guard.com\/no\/keltisk-knute-det-endelose-knutemonsteret\/#breadcrumb","itemListElement":[{"@type":"ListItem","position":1,"name":"Start","item":"https:\/\/iwell-guard.com\/no\/?page_id=140795"},{"@type":"ListItem","position":2,"name":"Den keltiske knuten \u2013 det endel\u00f8se knutem\u00f8nsteret"}]},{"@type":"WebSite","@id":"https:\/\/iwell-guard.com\/no\/#website","url":"https:\/\/iwell-guard.com\/no\/","name":"iWell Guard","description":"Schutz vor dunklen Einfl\u00fcssen","publisher":{"@id":"https:\/\/iwell-guard.com\/no\/#organization"},"potentialAction":[{"@type":"SearchAction","target":{"@type":"EntryPoint","urlTemplate":"https:\/\/iwell-guard.com\/no\/?s={search_term_string}"},"query-input":{"@type":"PropertyValueSpecification","valueRequired":true,"valueName":"search_term_string"}}],"inLanguage":"nb-NO"},{"@type":"Organization","@id":"https:\/\/iwell-guard.com\/no\/#organization","name":"Ittermann electronic GmbH","url":"https:\/\/iwell-guard.com\/no\/","logo":{"@type":"ImageObject","inLanguage":"nb-NO","@id":"https:\/\/iwell-guard.com\/no\/#\/schema\/logo\/image\/","url":"https:\/\/iwell-guard.com\/wp-content\/uploads\/2026\/05\/Ittermann-Logo-1182x237-1.png","contentUrl":"https:\/\/iwell-guard.com\/wp-content\/uploads\/2026\/05\/Ittermann-Logo-1182x237-1.png","width":1182,"height":237,"caption":"Ittermann electronic GmbH"},"image":{"@id":"https:\/\/iwell-guard.com\/no\/#\/schema\/logo\/image\/"},"sameAs":["https:\/\/pantip.com\/profile\/9367242","https:\/\/micro.blog\/iwellguard","https:\/\/www.diggerslist.com\/iwellguard\/about","https:\/\/skitterphoto.com\/photographers\/2870314\/iwell-guard","https:\/\/iwellguard.wordpress.com\/2026\/06\/06\/iwell-guard\/","https:\/\/hub.docker.com\/u\/iwellguard","https:\/\/www.pinterest.com\/iwellguard\/","https:\/\/bit.ly\/m\/iwellguard","https:\/\/entre-vos-mains.alsace.eu\/profiles\/iwellguard\/activity","https:\/\/gravatar.com\/reallybeded8fd34","https:\/\/naijamatta.com\/iwellguard","https:\/\/www.goodreads.com\/iwellguard","https:\/\/profile.hatena.ne.jp\/iwellguard\/","https:\/\/experiment.com\/users\/iwellguard","https:\/\/wakelet.com\/@iWellGuard82270","https:\/\/www.chordie.com\/forum\/profile.php?id=2555664","https:\/\/www.instapaper.com\/p\/17757966","https:\/\/www.mapleprimes.com\/users\/iwellguard","https:\/\/businesslistingplus.com\/profile\/iwell-guard\/","https:\/\/telegra.ph\/iWell-Guard-06-06","https:\/\/pbase.com\/iwellguard\/iwellguard","https:\/\/b.hatena.ne.jp\/iwellguard\/20260607#bookmark-4788405196491818882","https:\/\/fliphtml5.com\/home\/iwellguard","https:\/\/anyflip.com\/homepage\/cmiwl#About","https:\/\/transfur.com\/Users\/iwellguard","http:\/\/delphi.larsbo.org\/user\/iwellguard","https:\/\/jobs.lajobsportal.org\/profiles\/8380803-iwell-guard","https:\/\/md.chaosdorf.de\/s\/jfbe5SBdJD","https:\/\/www.lingvolive.com\/en-us\/profile\/9ecaeaca-ce11-4e51-9e71-01d55e2bff36\/translations","https:\/\/www.fitday.com\/fitness\/forums\/members\/iwellguard.html","https:\/\/www.mymeetbook.com\/iwellguard","https:\/\/pxhere.com\/en\/photographer-me\/5040798","https:\/\/disqus.com\/by\/iwellguard\/about\/","https:\/\/pastelink.net\/hjwciqwq","https:\/\/pubhtml5.com\/homepage\/scjhn\/","https:\/\/www.bitchute.com\/channel\/2O2eOKzNqujT","https:\/\/audiomack.com\/iwellguard"]}]}},"_links":{"self":[{"href":"https:\/\/iwell-guard.com\/no\/wp-json\/wp\/v2\/pages\/141427","targetHints":{"allow":["GET"]}}],"collection":[{"href":"https:\/\/iwell-guard.com\/no\/wp-json\/wp\/v2\/pages"}],"about":[{"href":"https:\/\/iwell-guard.com\/no\/wp-json\/wp\/v2\/types\/page"}],"author":[{"embeddable":true,"href":"https:\/\/iwell-guard.com\/no\/wp-json\/wp\/v2\/users\/3"}],"replies":[{"embeddable":true,"href":"https:\/\/iwell-guard.com\/no\/wp-json\/wp\/v2\/comments?post=141427"}],"version-history":[{"count":0,"href":"https:\/\/iwell-guard.com\/no\/wp-json\/wp\/v2\/pages\/141427\/revisions"}],"wp:featuredmedia":[{"embeddable":true,"href":"https:\/\/iwell-guard.com\/no\/wp-json\/wp\/v2\/media\/3484"}],"wp:attachment":[{"href":"https:\/\/iwell-guard.com\/no\/wp-json\/wp\/v2\/media?parent=141427"}],"wp:term":[{"taxonomy":"category","embeddable":true,"href":"https:\/\/iwell-guard.com\/no\/wp-json\/wp\/v2\/categories?post=141427"}],"curies":[{"name":"wp","href":"https:\/\/api.w.org\/{rel}","templated":true}]}}