{"id":141400,"date":"2026-09-03T09:20:24","date_gmt":"2026-09-03T09:20:24","guid":{"rendered":"https:\/\/iwell-guard.com\/?page_id=141400"},"modified":"2026-09-03T09:50:47","modified_gmt":"2026-09-03T09:50:47","slug":"zulfiqar-alis-sverd-som-beskyttelsestegn","status":"publish","type":"page","link":"https:\/\/iwell-guard.com\/no\/zulfiqar-alis-sverd-som-beskyttelsestegn\/","title":{"rendered":"Zulfiqar \u2013 Alis sverd som beskyttelsestegn"},"content":{"rendered":"\t\t<div data-elementor-type=\"wp-page\" data-elementor-id=\"141400\" class=\"elementor elementor-141400 elementor-3676 elementor-bc-flex-widget\" data-elementor-post-type=\"page\">\n\t\t\t\t<div class=\"elementor-element elementor-element-iwgs-zulfiqar-hero e-flex e-con-boxed e-con e-parent\" data-id=\"iwgs-zulfiqar-hero\" data-element_type=\"container\" data-e-type=\"container\">\n\t\t\t\t\t<div class=\"e-con-inner\">\n\t\t<div class=\"elementor-element elementor-element-iwgs-zulfiqar-hl e-flex e-con-boxed e-con e-parent\" data-id=\"iwgs-zulfiqar-hl\" data-element_type=\"container\" data-e-type=\"container\">\n\t\t\t\t\t<div class=\"e-con-inner\">\n\t\t<div class=\"elementor-element elementor-element-iwgs-zulfiqar-hlbox e-con-full e-flex e-con e-parent\" data-id=\"iwgs-zulfiqar-hlbox\" data-element_type=\"container\" data-e-type=\"container\">\n\t\t\t\t<div class=\"elementor-element elementor-element-iwgs-zulfiqar-h1 elementor-widget elementor-widget-heading\" data-id=\"iwgs-zulfiqar-h1\" data-element_type=\"widget\" data-e-type=\"widget\" data-widget_type=\"heading.default\">\n\t\t\t\t\t<h1 class=\"elementor-heading-title elementor-size-default\">Zulfiqar \u2013 Alis sverd som tegn og beskyttelse<\/h1>\t\t\t\t<\/div>\n\t\t\t\t<div class=\"elementor-element elementor-element-iwgs-zulfiqar-lead elementor-widget elementor-widget-text-editor\" data-id=\"iwgs-zulfiqar-lead\" data-element_type=\"widget\" data-e-type=\"widget\" data-widget_type=\"text-editor.default\">\n\t\t\t\t\t\t\t\t\t<p>Zulfiqar er det legendariske sverdet til Ali, profetens fetter og svigers\u00f8nn. Med sin karakteristiske kl\u00f8yvde klinge er det et viktig tegn, s\u00e6rlig i sjiaislam.<\/p>\t\t\t\t\t\t\t\t<\/div>\n\t\t\t\t<\/div>\n\t\t\t\t<div class=\"elementor-element elementor-element-iwgs-zulfiqar-pills elementor-widget elementor-widget-html\" data-id=\"iwgs-zulfiqar-pills\" data-element_type=\"widget\" data-e-type=\"widget\" data-widget_type=\"html.default\">\n\t\t\t\t\t<div class=\"iwg-pill-row\"><span class=\"iwg-klasse-badge\" tabindex=\"0\" data-tooltip=\"Beskyttelsessymbol, amulett eller apotropeisk gjenstand.\">Beskyttelsessymbol<\/span><a href=\"https:\/\/iwell-guard.com\/no\/islam\/\" class=\"iwg-kultur-badge\" tabindex=\"0\" data-tooltip=\"Beskyttelsestradisjon: islam\">Islam<\/a><span class=\"iwg-tradition-badge\" tabindex=\"0\" data-tooltip=\"Et symbol med beskyttende eller betydningsb\u00e6rende funksjon.\">Tegn<\/span><\/div>\t\t\t\t<\/div>\n\t\t\t\t\t<\/div>\n\t\t\t\t<\/div>\n\t\t<div class=\"elementor-element elementor-element-iwgs-zulfiqar-hr e-con-full e-flex e-con e-parent\" data-id=\"iwgs-zulfiqar-hr\" data-element_type=\"container\" data-e-type=\"container\">\n\t\t\t\t<div class=\"elementor-element elementor-element-iwgs-zulfiqar-himg iwg-hero-image elementor-widget elementor-widget-image\" data-id=\"iwgs-zulfiqar-himg\" data-element_type=\"widget\" data-e-type=\"widget\" data-widget_type=\"image.default\">\n\t\t\t\t\t\t\t\t\t\t\t\t\t\t\t<img fetchpriority=\"high\" decoding=\"async\" width=\"683\" height=\"1024\" src=\"https:\/\/iwell-guard.com\/wp-content\/uploads\/2026\/05\/schutzsymbol_islam_zulfiqar-683x1024.webp\" class=\"attachment-large size-large wp-image-142749\" alt=\"Zulfiqar - beskyttelsessymbol, museumsillustrasjon\" srcset=\"https:\/\/iwell-guard.com\/wp-content\/uploads\/2026\/05\/schutzsymbol_islam_zulfiqar-683x1024.webp 683w, https:\/\/iwell-guard.com\/wp-content\/uploads\/2026\/05\/schutzsymbol_islam_zulfiqar-200x300.webp 200w, https:\/\/iwell-guard.com\/wp-content\/uploads\/2026\/05\/schutzsymbol_islam_zulfiqar-768x1152.webp 768w, https:\/\/iwell-guard.com\/wp-content\/uploads\/2026\/05\/schutzsymbol_islam_zulfiqar.webp 1024w\" sizes=\"(max-width: 683px) 100vw, 683px\" \/>\t\t\t\t\t\t\t\t\t\t\t\t\t\t\t<\/div>\n\t\t\t\t<\/div>\n\t\t\t\t\t<\/div>\n\t\t\t\t<\/div>\n\t\t<div class=\"elementor-element elementor-element-iwgs-zulfiqar-s0 e-flex e-con-boxed e-con e-parent\" data-id=\"iwgs-zulfiqar-s0\" data-element_type=\"container\" data-e-type=\"container\">\n\t\t\t\t\t<div class=\"e-con-inner\">\n\t\t\t\t<div class=\"elementor-element elementor-element-iwgs-zulfiqar-s0h elementor-widget elementor-widget-heading\" data-id=\"iwgs-zulfiqar-s0h\" data-element_type=\"widget\" data-e-type=\"widget\" data-widget_type=\"heading.default\">\n\t\t\t\t\t<h2 class=\"elementor-heading-title elementor-size-default\">Innplassering<\/h2>\t\t\t\t<\/div>\n\t\t<div class=\"elementor-element elementor-element-iwgs-zulfiqar-s0box e-con-full e-flex e-con e-parent\" data-id=\"iwgs-zulfiqar-s0box\" data-element_type=\"container\" data-e-type=\"container\">\n\t\t\t\t<div class=\"elementor-element elementor-element-iwgs-zulfiqar-s0t elementor-widget elementor-widget-text-editor\" data-id=\"iwgs-zulfiqar-s0t\" data-element_type=\"widget\" data-e-type=\"widget\" data-widget_type=\"text-editor.default\">\n\t\t\t\t\t\t\t\t\t<p>Zulfiqar er navnet p\u00e5 et sverd. Det er det legendariske sverdet til Ali, en av de viktigste skikkelsene i den tidlige historien til <a href=\"https:\/\/iwell-guard.com\/no\/islam\/\">islam<\/a>.<\/p><p>Som tegn fremstilles Zulfiqar i form av et sverd med en klinge som er kl\u00f8yvd ved spissen. Denne kl\u00f8yvde, tvetungede klingen er det uforvekslelige kjennetegnet ved Zulfiqar.<\/p><p>Zulfiqar er f\u00f8rst og fremst et tegn p\u00e5 \u00e6rb\u00f8dighet og identitet. Det st\u00e5r for Ali, for hans tapperhet og for de verdiene som er knyttet til ham.<\/p><p>S\u00e6rlig i sjiaislam og beslektede retninger har Zulfiqar h\u00f8y rang. Der er det et viktig religi\u00f8st og fellesskapelig tegn.<\/p><p>Utover betydningen som identitetstegn har Zulfiqar ogs\u00e5 et beskyttende trekk. Som et tegn p\u00e5 Ali og hans gudgitte styrke brukes det p\u00e5 amuletter og faner.<\/p><p>I <span class=\"iwg-fachbegriff\" data-tooltip=\"Vitenskapen som utforsker religioner sammenlignende og uten trosbinding.\" tabindex=\"0\">religionsvitenskapen<\/span> er Zulfiqar et godt eksempel p\u00e5 et tegn som springer ut av en legendarisk gjenstand, og som forener \u00e6rb\u00f8dighet, identitet og beskyttelse.<\/p>\t\t\t\t\t\t\t\t<\/div>\n\t\t\t\t<\/div>\n\t\t\t\t\t<\/div>\n\t\t\t\t<\/div>\n\t\t<div class=\"elementor-element elementor-element-iwgs-zulfiqar-s1 e-flex e-con-boxed e-con e-parent\" data-id=\"iwgs-zulfiqar-s1\" data-element_type=\"container\" data-e-type=\"container\">\n\t\t\t\t\t<div class=\"e-con-inner\">\n\t\t\t\t<div class=\"elementor-element elementor-element-iwgs-zulfiqar-s1h elementor-widget elementor-widget-heading\" data-id=\"iwgs-zulfiqar-s1h\" data-element_type=\"widget\" data-e-type=\"widget\" data-widget_type=\"heading.default\">\n\t\t\t\t\t<h2 class=\"elementor-heading-title elementor-size-default\">Ali, sverdets b\u00e6rer<\/h2>\t\t\t\t<\/div>\n\t\t<div class=\"elementor-element elementor-element-iwgs-zulfiqar-s1box e-con-full e-flex e-con e-parent\" data-id=\"iwgs-zulfiqar-s1box\" data-element_type=\"container\" data-e-type=\"container\">\n\t\t\t\t<div class=\"elementor-element elementor-element-iwgs-zulfiqar-s1t elementor-widget elementor-widget-text-editor\" data-id=\"iwgs-zulfiqar-s1t\" data-element_type=\"widget\" data-e-type=\"widget\" data-widget_type=\"text-editor.default\">\n\t\t\t\t\t\t\t\t\t<p>Zulfiqar er ul\u00f8selig knyttet til Ali. Ali ibn Abi Talib var fetteren til profeten Muhammed og samtidig hans svigers\u00f8nn, for han var gift med profetens datter.<\/p><p>Ali er en av de sentrale skikkelsene i den tidlige islamske historien. Han var en av de f\u00f8rste som sluttet seg til islam, og han stod profeten s\u00e6rlig n\u00e6r.<\/p><p>Etter profetens d\u00f8d ble Ali senere den fjerde kalifen, alts\u00e5 en av etterf\u00f8lgerne i ledelsen av det islamske fellesskapet.<\/p><p>For sjiaislam har Ali en fremtredende betydning. Sjiamuslimene ser i ham og hans etterkommere de rettmessige lederne av det islamske fellesskapet.<\/p><p>Ali regnes som et forbilde i tapperhet, rettferdighet og <span class=\"iwg-fachbegriff\" data-tooltip=\"Den levde religi\u00f8se holdningen og praksisen til et menneske.\" tabindex=\"0\">fromhet<\/span>. Tallrike fortellinger hyller hans mot og oppriktighet.<\/p><p>Sverdet Zulfiqar h\u00f8rer til dette bildet av Ali. Det er hans sverd, og dermed et tegn p\u00e5 hans tapperhet og hans rolle i den tidlige historien til islam.<\/p>\t\t\t\t\t\t\t\t<\/div>\n\t\t\t\t<\/div>\n\t\t\t\t\t<\/div>\n\t\t\t\t<\/div>\n\t\t<div class=\"elementor-element elementor-element-iwgs-zulfiqar-s2 e-flex e-con-boxed e-con e-parent\" data-id=\"iwgs-zulfiqar-s2\" data-element_type=\"container\" data-e-type=\"container\">\n\t\t\t\t\t<div class=\"e-con-inner\">\n\t\t\t\t<div class=\"elementor-element elementor-element-iwgs-zulfiqar-s2h elementor-widget elementor-widget-heading\" data-id=\"iwgs-zulfiqar-s2h\" data-element_type=\"widget\" data-e-type=\"widget\" data-widget_type=\"heading.default\">\n\t\t\t\t\t<h2 class=\"elementor-heading-title elementor-size-default\">Legenden om sverdet<\/h2>\t\t\t\t<\/div>\n\t\t<div class=\"elementor-element elementor-element-iwgs-zulfiqar-s2box e-con-full e-flex e-con e-parent\" data-id=\"iwgs-zulfiqar-s2box\" data-element_type=\"container\" data-e-type=\"container\">\n\t\t\t\t<div class=\"elementor-element elementor-element-iwgs-zulfiqar-s2t elementor-widget elementor-widget-text-editor\" data-id=\"iwgs-zulfiqar-s2t\" data-element_type=\"widget\" data-e-type=\"widget\" data-widget_type=\"text-editor.default\">\n\t\t\t\t\t\t\t\t\t<p>Rundt sverdet Zulfiqar finnes det fortellinger. De beretter om hvordan sverdet kom i Alis eie, og hvilken betydning det fikk.<\/p><p>If\u00f8lge <span class=\"iwg-fachbegriff\" data-tooltip=\"Videref\u00f8ringen av kunnskap og fortellinger gjennom generasjoner.\" tabindex=\"0\">overleveringen<\/span> fikk Ali sverdet i islams tidlige tid. En utbredt fortelling knytter det til et av de tidlige slagene der det unge islamske fellesskapet m\u00e5tte hevde seg.<\/p><p>Sverdet skildres i fortellingene som usedvanlig. Det ble ansett som s\u00e6rlig kraftfullt, og navnet ble selve sinnbildet p\u00e5 det overlegne sverdet.<\/p><p>Kjent er et ordtak som hyller b\u00e5de sverdet og dets b\u00e6rer. Det sier i grove trekk at det ikke finnes noen helt som Ali og intet sverd som Zulfiqar.<\/p><p>Dette ordtaket knytter sverdet ul\u00f8selig til Ali. Zulfiqar er ikke et hvilket som helst sverd, men nettopp denne ene heltens sverd.<\/p><p>Den <span class=\"iwg-fachbegriff\" data-tooltip=\"En oppbyggelig fortelling, som oftest om helgeners liv.\" tabindex=\"0\">legenden<\/span> gir tegnet dets betydning. Zulfiqar er sverdet til en forbilledlig helt, forbundet med guddommelig bistand. I denne forbindelsen ligger dets kraft som tegn.<\/p>\t\t\t\t\t\t\t\t<\/div>\n\t\t\t\t<\/div>\n\t\t\t\t\t<\/div>\n\t\t\t\t<\/div>\n\t\t<div class=\"elementor-element elementor-element-iwgs-zulfiqar-s3 e-flex e-con-boxed e-con e-parent\" data-id=\"iwgs-zulfiqar-s3\" data-element_type=\"container\" data-e-type=\"container\">\n\t\t\t\t\t<div class=\"e-con-inner\">\n\t\t\t\t<div class=\"elementor-element elementor-element-iwgs-zulfiqar-s3h elementor-widget elementor-widget-heading\" data-id=\"iwgs-zulfiqar-s3h\" data-element_type=\"widget\" data-e-type=\"widget\" data-widget_type=\"heading.default\">\n\t\t\t\t\t<h2 class=\"elementor-heading-title elementor-size-default\">Form: den kl\u00f8yvde klingen<\/h2>\t\t\t\t<\/div>\n\t\t<div class=\"elementor-element elementor-element-iwgs-zulfiqar-s3box e-con-full e-flex e-con e-parent\" data-id=\"iwgs-zulfiqar-s3box\" data-element_type=\"container\" data-e-type=\"container\">\n\t\t\t\t<div class=\"elementor-element elementor-element-iwgs-zulfiqar-s3t elementor-widget elementor-widget-text-editor\" data-id=\"iwgs-zulfiqar-s3t\" data-element_type=\"widget\" data-e-type=\"widget\" data-widget_type=\"text-editor.default\">\n\t\t\t\t\t\t\t\t\t<p>Tegnet Zulfiqar fremstilles i form av et sverd. Dets kjennetegn er klingen, som er kl\u00f8yvd ved spissen.<\/p><p>I stedet for \u00e5 ende i \u00e9n enkelt spiss, ender klingen til Zulfiqar i to spisser. Den er s\u00e5 \u00e5 si tvetunget. Denne kl\u00f8yvde klingen skiller Zulfiqar fra ethvert vanlig sverd.<\/p><p>Om opphavet til denne uvanlige formen finnes det ulike betraktninger. Sverdets navn settes i forbindelse med et ord som viser til riller eller innsnitt.<\/p><p>I den billedlige fremstillingen ble dette kjennetegnet til den tydelig kl\u00f8yvde, tvetungede klingen. Det er formen som gj\u00f8r Zulfiqar umiddelbart gjenkjennelig i kunsten og p\u00e5 tegn.<\/p><p>Den kl\u00f8yvde klingen gir Zulfiqar en imponerende, uforvekslelig skikkelse. Den hever sverdet over rekken av vanlige v\u00e5pen og kjennetegner det som Alis s\u00e6regne sverd.<\/p><p>I fremstillingen opptrer Zulfiqar ofte alene, av og til sammen med det hyllende ordtaket om Ali og hans sverd. Den kl\u00f8yvde klingen forblir alltid det avgj\u00f8rende kjennetegnet.<\/p>\t\t\t\t\t\t\t\t<\/div>\n\t\t\t\t<\/div>\n\t\t\t\t\t<\/div>\n\t\t\t\t<\/div>\n\t\t<div class=\"elementor-element elementor-element-iwgs-zulfiqar-s4 e-flex e-con-boxed e-con e-parent\" data-id=\"iwgs-zulfiqar-s4\" data-element_type=\"container\" data-e-type=\"container\">\n\t\t\t\t\t<div class=\"e-con-inner\">\n\t\t\t\t<div class=\"elementor-element elementor-element-iwgs-zulfiqar-s4h elementor-widget elementor-widget-heading\" data-id=\"iwgs-zulfiqar-s4h\" data-element_type=\"widget\" data-e-type=\"widget\" data-widget_type=\"heading.default\">\n\t\t\t\t\t<h2 class=\"elementor-heading-title elementor-size-default\">Zulfiqar i sjiaislam<\/h2>\t\t\t\t<\/div>\n\t\t<div class=\"elementor-element elementor-element-iwgs-zulfiqar-s4box e-con-full e-flex e-con e-parent\" data-id=\"iwgs-zulfiqar-s4box\" data-element_type=\"container\" data-e-type=\"container\">\n\t\t\t\t<div class=\"elementor-element elementor-element-iwgs-zulfiqar-s4t elementor-widget elementor-widget-text-editor\" data-id=\"iwgs-zulfiqar-s4t\" data-element_type=\"widget\" data-e-type=\"widget\" data-widget_type=\"text-editor.default\">\n\t\t\t\t\t\t\t\t\t<p>Zulfiqar har en s\u00e6rlig betydning i sjiaislam. Siden Ali er en fremst\u00e5ende skikkelse for sjiaene, er ogs\u00e5 hans sverd et viktig tegn.<\/p><p>I sjiapregede omr\u00e5der finner man Zulfiqar p\u00e5 flagg, p\u00e5 bilder og p\u00e5 gjenstander knyttet til <span class=\"iwg-fachbegriff\" data-tooltip=\"Den levde religi\u00f8se holdningen og praksisen til et menneske.\" tabindex=\"0\">fr\u00f8mhet<\/span>. Det er et synlig tegn p\u00e5 Ali-forering.<\/p><p>Ogs\u00e5 i tilknyttede retninger, som blant alevittene og i bektashi-tradisjonen, har Zulfiqar en h\u00f8y stilling. I disse samfunnene er Ali-foreringen s\u00e6rlig sterk.<\/p><p>Zulfiqar er i disse sammenhengene et identitetstegn. Den som viser eller b\u00e6rer det, bekjenner seg til foreringen av Ali og til det samfunnet som ser ham som sitt forbilde.<\/p><p>Tegnet forbinder dermed foreringen av en person med tilh\u00f8righeten til et samfunn. Det er b\u00e5de et foreringstegn og et samfunnstegn.<\/p><p>I denne stillingen ligner Zulfiqar andre identitetstegn i religionene. Som korset eller Davidsstjernen synliggj\u00f8r det en tilh\u00f8righet, her tilh\u00f8righeten til Ali-foreringen.<\/p>\t\t\t\t\t\t\t\t<\/div>\n\t\t\t\t<\/div>\n\t\t\t\t\t<\/div>\n\t\t\t\t<\/div>\n\t\t<div class=\"elementor-element elementor-element-iwgs-zulfiqar-s5 e-flex e-con-boxed e-con e-parent\" data-id=\"iwgs-zulfiqar-s5\" data-element_type=\"container\" data-e-type=\"container\">\n\t\t\t\t\t<div class=\"e-con-inner\">\n\t\t\t\t<div class=\"elementor-element elementor-element-iwgs-zulfiqar-s5h elementor-widget elementor-widget-heading\" data-id=\"iwgs-zulfiqar-s5h\" data-element_type=\"widget\" data-e-type=\"widget\" data-widget_type=\"heading.default\">\n\t\t\t\t\t<h2 class=\"elementor-heading-title elementor-size-default\">Zulfiqar som beskyttelsestegn<\/h2>\t\t\t\t<\/div>\n\t\t<div class=\"elementor-element elementor-element-iwgs-zulfiqar-s5box e-con-full e-flex e-con e-parent\" data-id=\"iwgs-zulfiqar-s5box\" data-element_type=\"container\" data-e-type=\"container\">\n\t\t\t\t<div class=\"elementor-element elementor-element-iwgs-zulfiqar-s5t elementor-widget elementor-widget-text-editor\" data-id=\"iwgs-zulfiqar-s5t\" data-element_type=\"widget\" data-e-type=\"widget\" data-widget_type=\"text-editor.default\">\n\t\t\t\t\t\t\t\t\t<p>Utover betydningen som identitetstegn har Zulfiqar ogs\u00e5 et beskyttende trekk. Det brukes p\u00e5 amuletter og p\u00e5 beskyttelsesgjenstander.<\/p><p>Beskyttelsesbetydningen kommer av det sverdet st\u00e5r for. Zulfiqar er sverdet til en forbilledlig helt, forbundet med tapperhet, rettferdighet og guddommelig bistand.<\/p><p>Den som b\u00e6rer tegnet Zulfiqar, stiller seg under dette forbildet. Tegnet skal gi mot, styrke og den bistanden som er forbundet med Ali og hans sverd.<\/p><p>Et sverd er dessuten et v\u00e5pen, et forsvarsmiddel. Som tegn kan sverdet st\u00e5 for beskyttelse og avvergelse, uten at det oppfattes som et virkelig v\u00e5pen.<\/p><p>Zulfiqar h\u00f8rer dermed til de tegnene som beskytter gjennom forbindelsen med en for\u00e6rt skikkelse. Beskyttelsen ligger i tilslutningen til Ali og til den styrken som tilskrives ham.<\/p><p>Dermed er Zulfiqar mindre et avvergende <span class=\"iwg-fachbegriff\" data-tooltip=\"En gjenstand som b\u00e6res, og som tilskrives en beskyttende, ondavvergende virkning.\" tabindex=\"0\">amulett<\/span> enn et tegn som virker gjennom forering og forbilde. Det beskytter ved \u00e5 knytte b\u00e6reren til tapperheten og bistanden fra Ali.<\/p>\t\t\t\t\t\t\t\t<\/div>\n\t\t\t\t<\/div>\n\t\t\t\t\t<\/div>\n\t\t\t\t<\/div>\n\t\t<div class=\"elementor-element elementor-element-iwgs-zulfiqar-s6 e-flex e-con-boxed e-con e-parent\" data-id=\"iwgs-zulfiqar-s6\" data-element_type=\"container\" data-e-type=\"container\">\n\t\t\t\t\t<div class=\"e-con-inner\">\n\t\t\t\t<div class=\"elementor-element elementor-element-iwgs-zulfiqar-s6h elementor-widget elementor-widget-heading\" data-id=\"iwgs-zulfiqar-s6h\" data-element_type=\"widget\" data-e-type=\"widget\" data-widget_type=\"heading.default\">\n\t\t\t\t\t<h2 class=\"elementor-heading-title elementor-size-default\">Sverdet som tegn i kulturene<\/h2>\t\t\t\t<\/div>\n\t\t<div class=\"elementor-element elementor-element-iwgs-zulfiqar-s6box e-con-full e-flex e-con e-parent\" data-id=\"iwgs-zulfiqar-s6box\" data-element_type=\"container\" data-e-type=\"container\">\n\t\t\t\t<div class=\"elementor-element elementor-element-iwgs-zulfiqar-s6t elementor-widget elementor-widget-text-editor\" data-id=\"iwgs-zulfiqar-s6t\" data-element_type=\"widget\" data-e-type=\"widget\" data-widget_type=\"text-editor.default\">\n\t\t\t\t\t\t\t\t\t<p>Zulfiqar kan betraktes i den st\u00f8rre sammenhengen av sverdtegn. Sverdet som tegn har betydning i mange kulturer.<\/p><p>I tallrike tradisjoner st\u00e5r sverdet for styrke, rettferdighet og forsvaret av ordenen. Det er et tegn p\u00e5 en forsvarsdyktig, beskyttende makt.<\/p><p>Ofte er sverdet forbundet med en bestemt skikkelse, en helt, en helgen eller en gud. Sverdet blir da et tegn p\u00e5 denne skikkelsen og de verdiene den st\u00e5r for.<\/p><p>Zulfiqar h\u00f8rer til denne gruppen. Det er Alis sverd, og som s\u00e5dan et tegn p\u00e5 tapperhet, rettferdighet og guddommelig bistand.<\/p><p>Det s\u00e6regne ved Zulfiqar er den kl\u00f8yvde klingen. Den gj\u00f8r sverdet uforvekslelig og skiller det ut fra de vanlige sverdtegnene.<\/p><p>Zulfiqar er dermed den islamske, s\u00e6rlig den sjiapregede utformingen av sverdtegnet. Det forener det utbredte bildet av sverdet som tegn p\u00e5 forsvarsdyktig dyd med foreringen av en bestemt, for\u00e6rt skikkelse.<\/p>\t\t\t\t\t\t\t\t<\/div>\n\t\t\t\t<\/div>\n\t\t\t\t\t<\/div>\n\t\t\t\t<\/div>\n\t\t<div class=\"elementor-element elementor-element-iwgs-zulfiqar-s7 e-flex e-con-boxed e-con e-parent\" data-id=\"iwgs-zulfiqar-s7\" data-element_type=\"container\" data-e-type=\"container\">\n\t\t\t\t\t<div class=\"e-con-inner\">\n\t\t\t\t<div class=\"elementor-element elementor-element-iwgs-zulfiqar-s7h elementor-widget elementor-widget-heading\" data-id=\"iwgs-zulfiqar-s7h\" data-element_type=\"widget\" data-e-type=\"widget\" data-widget_type=\"heading.default\">\n\t\t\t\t\t<h2 class=\"elementor-heading-title elementor-size-default\">Forering, identitet og beskyttelse<\/h2>\t\t\t\t<\/div>\n\t\t<div class=\"elementor-element elementor-element-iwgs-zulfiqar-s7box e-con-full e-flex e-con e-parent\" data-id=\"iwgs-zulfiqar-s7box\" data-element_type=\"container\" data-e-type=\"container\">\n\t\t\t\t<div class=\"elementor-element elementor-element-iwgs-zulfiqar-s7t elementor-widget elementor-widget-text-editor\" data-id=\"iwgs-zulfiqar-s7t\" data-element_type=\"widget\" data-e-type=\"widget\" data-widget_type=\"text-editor.default\">\n\t\t\t\t\t\t\t\t\t<p>Zulfiqar forener tre betydninger som h\u00f8rer n\u00e6rt sammen: foreringen, identiteten og beskyttelsen.<\/p><p>Foreringen gjelder Ali. Zulfiqar er hans sverd, og \u00e5 vise det betyr \u00e5 hedre Ali og hans tapperhet.<\/p><p>Identiteten gjelder samfunnet. Zulfiqar er et tegn for de sjiapregede og de tilknyttede samfunnene. \u00c5 b\u00e6re det betyr \u00e5 bekjenne seg til dette samfunnet.<\/p><p>Beskyttelsen f\u00f8lger av begge deler. Den som stiller seg under Alis tegn, s\u00f8ker den bistanden og styrken som er forbundet med ham.<\/p><p>Disse tre betydningene kan ikke skilles helt fra hverandre. De h\u00f8rer sammen og gir sammen tegnets mening.<\/p><p>Zulfiqar er dermed et flersidig tegn. Det er foreringstegn, identitetstegn og beskyttelsestegn i ett, og alle tre sidene stammer fra forbindelsen med Ali og hans sverd.<\/p>\t\t\t\t\t\t\t\t<\/div>\n\t\t\t\t<\/div>\n\t\t\t\t\t<\/div>\n\t\t\t\t<\/div>\n\t\t<div class=\"elementor-element elementor-element-iwgs-zulfiqar-s8 e-flex e-con-boxed e-con e-parent\" data-id=\"iwgs-zulfiqar-s8\" data-element_type=\"container\" data-e-type=\"container\">\n\t\t\t\t\t<div class=\"e-con-inner\">\n\t\t\t\t<div class=\"elementor-element elementor-element-iwgs-zulfiqar-s8h elementor-widget elementor-widget-heading\" data-id=\"iwgs-zulfiqar-s8h\" data-element_type=\"widget\" data-e-type=\"widget\" data-widget_type=\"heading.default\">\n\t\t\t\t\t<h2 class=\"elementor-heading-title elementor-size-default\">Dagens resepsjon<\/h2>\t\t\t\t<\/div>\n\t\t<div class=\"elementor-element elementor-element-iwgs-zulfiqar-s8box e-con-full e-flex e-con e-parent\" data-id=\"iwgs-zulfiqar-s8box\" data-element_type=\"container\" data-e-type=\"container\">\n\t\t\t\t<div class=\"elementor-element elementor-element-iwgs-zulfiqar-s8t elementor-widget elementor-widget-text-editor\" data-id=\"iwgs-zulfiqar-s8t\" data-element_type=\"widget\" data-e-type=\"widget\" data-widget_type=\"text-editor.default\">\n\t\t\t\t\t\t\t\t\t<p>Zulfiqar er i den islamske verden, s\u00e6rlig i de sjiapregede omr\u00e5dene, fortsatt et aktuelt tegn i dag. Det finnes p\u00e5 flagg, p\u00e5 bilder og p\u00e5 gjenstander knyttet til <span class=\"iwg-fachbegriff\" data-tooltip=\"Den levde religi\u00f8se holdningen og praksisen til et menneske.\" tabindex=\"0\">fr\u00f8mhet<\/span>.<\/p><p>Som anheng og smykke b\u00e6res Zulfiqar av mange mennesker. I denne formen er det et bekjennelse til foreringen av Ali og et tegn p\u00e5 den beskyttelsen man ber om.<\/p><p>Ogs\u00e5 i kunsten og formgivningen er Zulfiqar til stede. Den uforvekslelige kl\u00f8yvde klingen gj\u00f8r det til et lett gjenkjennelig <span class=\"iwg-fachbegriff\" data-tooltip=\"Et gjentakende innholdselement i kunst eller fortelling.\" tabindex=\"0\">motiv<\/span>.<\/p><p>For islamforskningen er Zulfiqar et opplysende tegn. Det viser hvor n\u00e6rt foreringen av en skikkelse, identiteten til et samfunn og \u00f8nsket om beskyttelse kan v\u00e6re forbundet med hverandre.<\/p><p>Zulfiqar forblir dermed et sterkt eksempel p\u00e5 et tegn som har vokst frem fra en legendarisk gjenstand. Fra sverdet til en for\u00e6rt helt ble det et tegn som uttrykker forering, tilh\u00f8righet og beskyttelse p\u00e5 samme tid.<\/p><p>I det forenes minnet om Ali, den uforvekslelige formen p\u00e5 den kl\u00f8yvde klingen og \u00f8nsket om \u00e5 ta del i den tapperheten og bistanden som er forbundet med sverdet Zulfiqar.<\/p>\t\t\t\t\t\t\t\t<\/div>\n\t\t\t\t<\/div>\n\t\t\t\t\t<\/div>\n\t\t\t\t<\/div>\n\t\t<div class=\"elementor-element elementor-element-iwgs-zulfiqar-lit e-flex e-con-boxed e-con e-parent\" data-id=\"iwgs-zulfiqar-lit\" data-element_type=\"container\" data-e-type=\"container\">\n\t\t\t\t\t<div class=\"e-con-inner\">\n\t\t\t\t<div class=\"elementor-element elementor-element-iwgs-zulfiqar-lith elementor-widget elementor-widget-heading\" data-id=\"iwgs-zulfiqar-lith\" data-element_type=\"widget\" data-e-type=\"widget\" data-widget_type=\"heading.default\">\n\t\t\t\t\t<h2 class=\"elementor-heading-title elementor-size-default\">Litteratur (utvalg)<\/h2>\t\t\t\t<\/div>\n\t\t<div class=\"elementor-element elementor-element-iwgs-zulfiqar-litbox e-con-full e-flex e-con e-parent\" data-id=\"iwgs-zulfiqar-litbox\" data-element_type=\"container\" data-e-type=\"container\">\n\t\t\t\t<div class=\"elementor-element elementor-element-iwgs-zulfiqar-litt elementor-widget elementor-widget-html\" data-id=\"iwgs-zulfiqar-litt\" data-element_type=\"widget\" data-e-type=\"widget\" data-widget_type=\"html.default\">\n\t\t\t\t\t<footer data-nosnippet=\"true\"><ul><li>Annemarie Schimmel: <em>Die Religion des Islam. Eine Einf\u00fchrung<\/em> (1990)<\/li><li>Heinz Halm: <em>Die Schia<\/em> (1988)<\/li><li>Heinz Halm: <em>Der schiitische Islam<\/em> (1994)<\/li><li>Annemarie Schimmel: <em>Die Zeichen Gottes<\/em> (1995)<\/li><li>Maria Vittoria Fontana: Studier i islamsk ikonografi<\/li><\/ul><\/footer>\t\t\t\t<\/div>\n\t\t\t\t<\/div>\n\t\t\t\t\t<\/div>\n\t\t\t\t<\/div>\n\t\t<div class=\"elementor-element elementor-element-iwgs-zulfiqar-kwd e-flex e-con-boxed e-con e-parent\" data-id=\"iwgs-zulfiqar-kwd\" data-element_type=\"container\" data-e-type=\"container\">\n\t\t\t\t\t<div class=\"e-con-inner\">\n\t\t\t\t<div class=\"elementor-element elementor-element-iwgs-zulfiqar-kwdt elementor-widget elementor-widget-text-editor\" data-id=\"iwgs-zulfiqar-kwdt\" data-element_type=\"widget\" data-e-type=\"widget\" data-widget_type=\"text-editor.default\">\n\t\t\t\t\t\t\t\t\t<p><em>Relaterte n\u00f8kkelbegreper: Zulfiqar Ali sverd sjiaislam kl\u00f8yvd klinge forering identitetstegn.<\/em><\/p>\t\t\t\t\t\t\t\t<\/div>\n\t\t\t\t\t<\/div>\n\t\t\t\t<\/div>\n\t\t<div class=\"elementor-element elementor-element-iwgs-zulfiqar-cc e-flex e-con-boxed e-con e-parent\" data-id=\"iwgs-zulfiqar-cc\" data-element_type=\"container\" data-e-type=\"container\" id=\"iwg-cc-zulfiqar\">\n\t\t\t\t\t<div class=\"e-con-inner\">\n\t\t<div class=\"elementor-element elementor-element-iwgs-zulfiqar-ccinner e-flex e-con-boxed e-con e-parent\" data-id=\"iwgs-zulfiqar-ccinner\" data-element_type=\"container\" data-e-type=\"container\" data-settings=\"{&quot;background_background&quot;:&quot;classic&quot;}\">\n\t\t\t\t\t<div class=\"e-con-inner\">\n\t\t\t\t<div class=\"elementor-element elementor-element-iwgs-zulfiqar-cch elementor-widget elementor-widget-heading\" data-id=\"iwgs-zulfiqar-cch\" data-element_type=\"widget\" data-e-type=\"widget\" data-widget_type=\"heading.default\">\n\t\t\t\t\t<h2 class=\"elementor-heading-title elementor-size-default\">iWell Guard og beskyttelsestradisjoner<\/h2>\t\t\t\t<\/div>\n\t\t\t\t<div class=\"elementor-element elementor-element-iwgs-zulfiqar-cct elementor-widget elementor-widget-text-editor\" data-id=\"iwgs-zulfiqar-cct\" data-element_type=\"widget\" data-e-type=\"widget\" data-widget_type=\"text-editor.default\">\n\t\t\t\t\t\t\t\t\t<p>iWell Guard st\u00e5r i den kulturhistoriske linjen av b\u00e6rbare beskyttelsesgjenstander, som ogs\u00e5 Zulfiqar h\u00f8rer til. En moderne f\u00f8lgesvenn for mennesker som lever med beskyttelsessymboler: fremstilt i Tyskland, 41 lag av ekte gull, platina og silver, med 30 dagers returrett.<\/p>\t\t\t\t\t\t\t\t<\/div>\n\t\t\t\t<div class=\"elementor-element elementor-element-iwgs-zulfiqar-ccb iwg-cc-button iwg-cc-cta-2026-05-13 elementor-widget elementor-widget-jet-button\" data-id=\"iwgs-zulfiqar-ccb\" data-element_type=\"widget\" data-e-type=\"widget\" data-widget_type=\"jet-button.default\">\n\t\t\t\t<div class=\"elementor-widget-container\">\n\t\t\t\t\t<div class=\"elementor-jet-button jet-elements\"><div class=\"jet-button__container\"><a class=\"jet-button__instance jet-button__instance--icon-left hover-effect-1\" href=\"\/schutzanhaenger-iwell-guard-kaufen\/?utm_source=iwell-guard.com&amp;utm_medium=info-box&amp;utm_campaign=schutzsymbole\"><div class=\"jet-button__plane jet-button__plane-normal\"><\/div><div class=\"jet-button__plane jet-button__plane-hover\"><\/div><div class=\"jet-button__state jet-button__state-normal\"><span class=\"jet-button__label\">Mer om iWell Guard<\/span><\/div><div class=\"jet-button__state jet-button__state-hover\"><span class=\"jet-button__label\">Mer om iWell Guard<\/span><\/div><\/a><\/div><\/div><style>.elementor-element.elementor-element-iwgs-zulfiqar-ccb .jet-button__instance{width:320px;height:56px;}.elementor-element.elementor-element-iwgs-zulfiqar-ccb .jet-button__state-normal .jet-button__label{text-align:center;margin:0px 0px 0px 0px;color:#1a1b20;font-family:Montserrat,sans-serif;font-size:13px;font-weight:400;letter-spacing:4px;line-height:1.714em;text-transform:uppercase;}.elementor-element.elementor-element-iwgs-zulfiqar-ccb .jet-button__state-hover .jet-button__label{text-align:center;margin:0px 0px 0px 0px;color:#FECC76;font-family:Montserrat,sans-serif;font-size:13px;font-weight:400;letter-spacing:4px;line-height:1.714em;text-transform:uppercase;}.elementor-element.elementor-element-iwgs-zulfiqar-ccb .jet-button__plane-normal{background-color:#FECC76;border-style:solid;border-color:#C99540;border-width:2px 2px 2px 2px;}.elementor-element.elementor-element-iwgs-zulfiqar-ccb .jet-button__plane-hover{background-color:rgba(0,0,0,0.55);border-style:solid;border-color:#FECC76;border-width:2px 2px 2px 2px;}<\/style>\t\t\t\t<\/div>\n\t\t\t\t<\/div>\n\t\t\t\t<div class=\"elementor-element elementor-element-iwgs-zulfiqar-ccd elementor-widget elementor-widget-text-editor\" data-id=\"iwgs-zulfiqar-ccd\" data-element_type=\"widget\" data-e-type=\"widget\" data-widget_type=\"text-editor.default\">\n\t\t\t\t\t\t\t\t\t<p style=\"text-align:center;font-size:13px;opacity:0.7;margin-top:14px\" data-nosnippet=\"true\">Personlige erfaringer kan variere. Ikke et medisinsk produkt. Ingen garanti for helbredelse.<\/p>\t\t\t\t\t\t\t\t<\/div>\n\t\t\t\t\t<\/div>\n\t\t\t\t<\/div>\n\t\t\t\t\t<\/div>\n\t\t\t\t<\/div>\n\t\t<div class=\"elementor-element elementor-element-iwgs-zulfiqar-disc e-flex e-con-boxed e-con e-parent\" data-id=\"iwgs-zulfiqar-disc\" data-element_type=\"container\" data-e-type=\"container\">\n\t\t\t\t\t<div class=\"e-con-inner\">\n\t\t\t\t<div class=\"elementor-element elementor-element-iwgs-zulfiqar-discw elementor-widget elementor-widget-html\" data-id=\"iwgs-zulfiqar-discw\" data-element_type=\"widget\" data-e-type=\"widget\" data-widget_type=\"html.default\">\n\t\t\t\t\t<footer data-nosnippet=\"true\" class=\"iwg-disclaimer-block\"><p data-nosnippet=\"true\">iWell Guard er <strong>ikke et medisinsk produkt<\/strong> og erstatter ikke medisinsk eller psykoterapeutisk behandling. Innholdet som presenteres her, er en religionsvitenskapelig og kulturhistorisk kontekstualisering, ikke et l\u00f8fte om spirituell virkning.<\/p><\/footer>\t\t\t\t<\/div>\n\t\t\t\t\t<\/div>\n\t\t\t\t<\/div>\n\t\t\t\t<\/div>\n\t\t","protected":false},"excerpt":{"rendered":"","protected":false},"author":3,"featured_media":3517,"parent":0,"menu_order":0,"comment_status":"closed","ping_status":"closed","template":"elementor_header_footer","meta":{"_yoast_wpseo_focuskw":"Zulfiqar","_yoast_wpseo_title":"Zulfiqar \u2013 Alis sverd som beskyttelsestegn","_yoast_wpseo_metadesc":"Zulfiqar er Alis legendariske sverd og et viktig tegn, s\u00e6rlig i sjiaislam. Opprinnelse og betydning forklart.","_yoast_wpseo_meta-robots-noindex":"","_yoast_wpseo_canonical":"","_angie_page":false,"gefaehrdungsstufe":"","wesen_kultur":"","wesen_klasse":"","footnotes":""},"categories":[],"class_list":["post-141400","page","type-page","status-publish","has-post-thumbnail","hentry"],"yoast_head":"<!-- This site is optimized with the Yoast SEO Premium plugin v27.7 (Yoast SEO v28.3) - https:\/\/yoast.com\/product\/yoast-seo-premium-wordpress\/ -->\n<title>Zulfiqar \u2013 Alis sverd som beskyttelsestegn<\/title>\n<meta name=\"description\" content=\"Zulfiqar er Alis legendariske sverd og et viktig tegn, s\u00e6rlig i sjiaislam. Opprinnelse og betydning forklart.\" \/>\n<meta name=\"robots\" content=\"index, follow, max-snippet:-1, max-image-preview:large, max-video-preview:-1\" \/>\n<link rel=\"canonical\" href=\"https:\/\/iwell-guard.com\/no\/zulfiqar-alis-sverd-som-beskyttelsestegn\/\" \/>\n<meta property=\"og:locale\" content=\"nb_NO\" \/>\n<meta property=\"og:type\" content=\"article\" \/>\n<meta property=\"og:title\" content=\"Zulfiqar \u2013 Alis sverd som beskyttelsestegn\" \/>\n<meta property=\"og:description\" content=\"Zulfiqar er Alis legendariske sverd og et viktig tegn, s\u00e6rlig i sjiaislam. Opprinnelse og betydning forklart.\" \/>\n<meta property=\"og:url\" content=\"https:\/\/iwell-guard.com\/no\/zulfiqar-alis-sverd-som-beskyttelsestegn\/\" \/>\n<meta property=\"og:site_name\" content=\"iWell Guard\" \/>\n<meta property=\"article:modified_time\" content=\"2026-09-03T09:50:47+00:00\" \/>\n<meta property=\"og:image\" content=\"https:\/\/iwell-guard.com\/wp-content\/uploads\/2026\/05\/schutzsymbol_islam_zulfiqar.webp\" \/>\n\t<meta property=\"og:image:width\" content=\"1024\" \/>\n\t<meta property=\"og:image:height\" content=\"1536\" \/>\n\t<meta property=\"og:image:type\" content=\"image\/webp\" \/>\n<meta name=\"twitter:card\" content=\"summary_large_image\" \/>\n<script type=\"application\/ld+json\" class=\"yoast-schema-graph\">{\"@context\":\"https:\\\/\\\/schema.org\",\"@graph\":[{\"@type\":\"WebPage\",\"@id\":\"https:\\\/\\\/iwell-guard.com\\\/no\\\/zulfiqar-alis-sverd-som-beskyttelsestegn\\\/\",\"url\":\"https:\\\/\\\/iwell-guard.com\\\/no\\\/zulfiqar-alis-sverd-som-beskyttelsestegn\\\/\",\"name\":\"Zulfiqar \u2013 Alis sverd som beskyttelsestegn\",\"isPartOf\":{\"@id\":\"https:\\\/\\\/iwell-guard.com\\\/no\\\/#website\"},\"primaryImageOfPage\":{\"@id\":\"https:\\\/\\\/iwell-guard.com\\\/no\\\/zulfiqar-alis-sverd-som-beskyttelsestegn\\\/#primaryimage\"},\"image\":{\"@id\":\"https:\\\/\\\/iwell-guard.com\\\/no\\\/zulfiqar-alis-sverd-som-beskyttelsestegn\\\/#primaryimage\"},\"thumbnailUrl\":\"https:\\\/\\\/iwell-guard.com\\\/wp-content\\\/uploads\\\/2026\\\/05\\\/schutzsymbol_islam_zulfiqar.webp\",\"datePublished\":\"2026-09-03T09:20:24+00:00\",\"dateModified\":\"2026-09-03T09:50:47+00:00\",\"description\":\"Zulfiqar er Alis legendariske sverd og et viktig tegn, s\u00e6rlig i sjiaislam. Opprinnelse og betydning forklart.\",\"breadcrumb\":{\"@id\":\"https:\\\/\\\/iwell-guard.com\\\/no\\\/zulfiqar-alis-sverd-som-beskyttelsestegn\\\/#breadcrumb\"},\"inLanguage\":\"nb-NO\",\"potentialAction\":[{\"@type\":\"ReadAction\",\"target\":[\"https:\\\/\\\/iwell-guard.com\\\/no\\\/zulfiqar-alis-sverd-som-beskyttelsestegn\\\/\"]}]},{\"@type\":\"ImageObject\",\"inLanguage\":\"nb-NO\",\"@id\":\"https:\\\/\\\/iwell-guard.com\\\/no\\\/zulfiqar-alis-sverd-som-beskyttelsestegn\\\/#primaryimage\",\"url\":\"https:\\\/\\\/iwell-guard.com\\\/wp-content\\\/uploads\\\/2026\\\/05\\\/schutzsymbol_islam_zulfiqar.webp\",\"contentUrl\":\"https:\\\/\\\/iwell-guard.com\\\/wp-content\\\/uploads\\\/2026\\\/05\\\/schutzsymbol_islam_zulfiqar.webp\",\"width\":1024,\"height\":1536,\"caption\":\"Beskyttelsessymbol. Museal stilleben-illustrasjon.\"},{\"@type\":\"BreadcrumbList\",\"@id\":\"https:\\\/\\\/iwell-guard.com\\\/no\\\/zulfiqar-alis-sverd-som-beskyttelsestegn\\\/#breadcrumb\",\"itemListElement\":[{\"@type\":\"ListItem\",\"position\":1,\"name\":\"Start\",\"item\":\"https:\\\/\\\/iwell-guard.com\\\/no\\\/?page_id=140795\"},{\"@type\":\"ListItem\",\"position\":2,\"name\":\"Zulfiqar \u2013 Alis sverd som beskyttelsestegn\"}]},{\"@type\":\"WebSite\",\"@id\":\"https:\\\/\\\/iwell-guard.com\\\/no\\\/#website\",\"url\":\"https:\\\/\\\/iwell-guard.com\\\/no\\\/\",\"name\":\"iWell Guard\",\"description\":\"Schutz vor dunklen Einfl\u00fcssen\",\"publisher\":{\"@id\":\"https:\\\/\\\/iwell-guard.com\\\/no\\\/#organization\"},\"potentialAction\":[{\"@type\":\"SearchAction\",\"target\":{\"@type\":\"EntryPoint\",\"urlTemplate\":\"https:\\\/\\\/iwell-guard.com\\\/no\\\/?s={search_term_string}\"},\"query-input\":{\"@type\":\"PropertyValueSpecification\",\"valueRequired\":true,\"valueName\":\"search_term_string\"}}],\"inLanguage\":\"nb-NO\"},{\"@type\":\"Organization\",\"@id\":\"https:\\\/\\\/iwell-guard.com\\\/no\\\/#organization\",\"name\":\"Ittermann electronic GmbH\",\"url\":\"https:\\\/\\\/iwell-guard.com\\\/no\\\/\",\"logo\":{\"@type\":\"ImageObject\",\"inLanguage\":\"nb-NO\",\"@id\":\"https:\\\/\\\/iwell-guard.com\\\/no\\\/#\\\/schema\\\/logo\\\/image\\\/\",\"url\":\"https:\\\/\\\/iwell-guard.com\\\/wp-content\\\/uploads\\\/2026\\\/05\\\/Ittermann-Logo-1182x237-1.png\",\"contentUrl\":\"https:\\\/\\\/iwell-guard.com\\\/wp-content\\\/uploads\\\/2026\\\/05\\\/Ittermann-Logo-1182x237-1.png\",\"width\":1182,\"height\":237,\"caption\":\"Ittermann electronic GmbH\"},\"image\":{\"@id\":\"https:\\\/\\\/iwell-guard.com\\\/no\\\/#\\\/schema\\\/logo\\\/image\\\/\"},\"sameAs\":[\"https:\\\/\\\/pantip.com\\\/profile\\\/9367242\",\"https:\\\/\\\/micro.blog\\\/iwellguard\",\"https:\\\/\\\/www.diggerslist.com\\\/iwellguard\\\/about\",\"https:\\\/\\\/skitterphoto.com\\\/photographers\\\/2870314\\\/iwell-guard\",\"https:\\\/\\\/iwellguard.wordpress.com\\\/2026\\\/06\\\/06\\\/iwell-guard\\\/\",\"https:\\\/\\\/hub.docker.com\\\/u\\\/iwellguard\",\"https:\\\/\\\/www.pinterest.com\\\/iwellguard\\\/\",\"https:\\\/\\\/bit.ly\\\/m\\\/iwellguard\",\"https:\\\/\\\/entre-vos-mains.alsace.eu\\\/profiles\\\/iwellguard\\\/activity\",\"https:\\\/\\\/gravatar.com\\\/reallybeded8fd34\",\"https:\\\/\\\/naijamatta.com\\\/iwellguard\",\"https:\\\/\\\/www.goodreads.com\\\/iwellguard\",\"https:\\\/\\\/profile.hatena.ne.jp\\\/iwellguard\\\/\",\"https:\\\/\\\/experiment.com\\\/users\\\/iwellguard\",\"https:\\\/\\\/wakelet.com\\\/@iWellGuard82270\",\"https:\\\/\\\/www.chordie.com\\\/forum\\\/profile.php?id=2555664\",\"https:\\\/\\\/www.instapaper.com\\\/p\\\/17757966\",\"https:\\\/\\\/www.mapleprimes.com\\\/users\\\/iwellguard\",\"https:\\\/\\\/businesslistingplus.com\\\/profile\\\/iwell-guard\\\/\",\"https:\\\/\\\/telegra.ph\\\/iWell-Guard-06-06\",\"https:\\\/\\\/pbase.com\\\/iwellguard\\\/iwellguard\",\"https:\\\/\\\/b.hatena.ne.jp\\\/iwellguard\\\/20260607#bookmark-4788405196491818882\",\"https:\\\/\\\/fliphtml5.com\\\/home\\\/iwellguard\",\"https:\\\/\\\/anyflip.com\\\/homepage\\\/cmiwl#About\",\"https:\\\/\\\/transfur.com\\\/Users\\\/iwellguard\",\"http:\\\/\\\/delphi.larsbo.org\\\/user\\\/iwellguard\",\"https:\\\/\\\/jobs.lajobsportal.org\\\/profiles\\\/8380803-iwell-guard\",\"https:\\\/\\\/md.chaosdorf.de\\\/s\\\/jfbe5SBdJD\",\"https:\\\/\\\/www.lingvolive.com\\\/en-us\\\/profile\\\/9ecaeaca-ce11-4e51-9e71-01d55e2bff36\\\/translations\",\"https:\\\/\\\/www.fitday.com\\\/fitness\\\/forums\\\/members\\\/iwellguard.html\",\"https:\\\/\\\/www.mymeetbook.com\\\/iwellguard\",\"https:\\\/\\\/pxhere.com\\\/en\\\/photographer-me\\\/5040798\",\"https:\\\/\\\/disqus.com\\\/by\\\/iwellguard\\\/about\\\/\",\"https:\\\/\\\/pastelink.net\\\/hjwciqwq\",\"https:\\\/\\\/pubhtml5.com\\\/homepage\\\/scjhn\\\/\",\"https:\\\/\\\/www.bitchute.com\\\/channel\\\/2O2eOKzNqujT\",\"https:\\\/\\\/audiomack.com\\\/iwellguard\"]}]}<\/script>\n<!-- \/ Yoast SEO Premium plugin. -->","yoast_head_json":{"title":"Zulfiqar \u2013 Alis sverd som beskyttelsestegn","description":"Zulfiqar er Alis legendariske sverd og et viktig tegn, s\u00e6rlig i sjiaislam. Opprinnelse og betydning forklart.","robots":{"index":"index","follow":"follow","max-snippet":"max-snippet:-1","max-image-preview":"max-image-preview:large","max-video-preview":"max-video-preview:-1"},"canonical":"https:\/\/iwell-guard.com\/no\/zulfiqar-alis-sverd-som-beskyttelsestegn\/","og_locale":"nb_NO","og_type":"article","og_title":"Zulfiqar \u2013 Alis sverd som beskyttelsestegn","og_description":"Zulfiqar er Alis legendariske sverd og et viktig tegn, s\u00e6rlig i sjiaislam. Opprinnelse og betydning forklart.","og_url":"https:\/\/iwell-guard.com\/no\/zulfiqar-alis-sverd-som-beskyttelsestegn\/","og_site_name":"iWell Guard","article_modified_time":"2026-09-03T09:50:47+00:00","og_image":[{"width":1024,"height":1536,"url":"https:\/\/iwell-guard.com\/wp-content\/uploads\/2026\/05\/schutzsymbol_islam_zulfiqar.webp","type":"image\/webp"}],"twitter_card":"summary_large_image","schema":{"@context":"https:\/\/schema.org","@graph":[{"@type":"WebPage","@id":"https:\/\/iwell-guard.com\/no\/zulfiqar-alis-sverd-som-beskyttelsestegn\/","url":"https:\/\/iwell-guard.com\/no\/zulfiqar-alis-sverd-som-beskyttelsestegn\/","name":"Zulfiqar \u2013 Alis sverd som beskyttelsestegn","isPartOf":{"@id":"https:\/\/iwell-guard.com\/no\/#website"},"primaryImageOfPage":{"@id":"https:\/\/iwell-guard.com\/no\/zulfiqar-alis-sverd-som-beskyttelsestegn\/#primaryimage"},"image":{"@id":"https:\/\/iwell-guard.com\/no\/zulfiqar-alis-sverd-som-beskyttelsestegn\/#primaryimage"},"thumbnailUrl":"https:\/\/iwell-guard.com\/wp-content\/uploads\/2026\/05\/schutzsymbol_islam_zulfiqar.webp","datePublished":"2026-09-03T09:20:24+00:00","dateModified":"2026-09-03T09:50:47+00:00","description":"Zulfiqar er Alis legendariske sverd og et viktig tegn, s\u00e6rlig i sjiaislam. Opprinnelse og betydning forklart.","breadcrumb":{"@id":"https:\/\/iwell-guard.com\/no\/zulfiqar-alis-sverd-som-beskyttelsestegn\/#breadcrumb"},"inLanguage":"nb-NO","potentialAction":[{"@type":"ReadAction","target":["https:\/\/iwell-guard.com\/no\/zulfiqar-alis-sverd-som-beskyttelsestegn\/"]}]},{"@type":"ImageObject","inLanguage":"nb-NO","@id":"https:\/\/iwell-guard.com\/no\/zulfiqar-alis-sverd-som-beskyttelsestegn\/#primaryimage","url":"https:\/\/iwell-guard.com\/wp-content\/uploads\/2026\/05\/schutzsymbol_islam_zulfiqar.webp","contentUrl":"https:\/\/iwell-guard.com\/wp-content\/uploads\/2026\/05\/schutzsymbol_islam_zulfiqar.webp","width":1024,"height":1536,"caption":"Beskyttelsessymbol. Museal stilleben-illustrasjon."},{"@type":"BreadcrumbList","@id":"https:\/\/iwell-guard.com\/no\/zulfiqar-alis-sverd-som-beskyttelsestegn\/#breadcrumb","itemListElement":[{"@type":"ListItem","position":1,"name":"Start","item":"https:\/\/iwell-guard.com\/no\/?page_id=140795"},{"@type":"ListItem","position":2,"name":"Zulfiqar \u2013 Alis sverd som beskyttelsestegn"}]},{"@type":"WebSite","@id":"https:\/\/iwell-guard.com\/no\/#website","url":"https:\/\/iwell-guard.com\/no\/","name":"iWell Guard","description":"Schutz vor dunklen Einfl\u00fcssen","publisher":{"@id":"https:\/\/iwell-guard.com\/no\/#organization"},"potentialAction":[{"@type":"SearchAction","target":{"@type":"EntryPoint","urlTemplate":"https:\/\/iwell-guard.com\/no\/?s={search_term_string}"},"query-input":{"@type":"PropertyValueSpecification","valueRequired":true,"valueName":"search_term_string"}}],"inLanguage":"nb-NO"},{"@type":"Organization","@id":"https:\/\/iwell-guard.com\/no\/#organization","name":"Ittermann electronic GmbH","url":"https:\/\/iwell-guard.com\/no\/","logo":{"@type":"ImageObject","inLanguage":"nb-NO","@id":"https:\/\/iwell-guard.com\/no\/#\/schema\/logo\/image\/","url":"https:\/\/iwell-guard.com\/wp-content\/uploads\/2026\/05\/Ittermann-Logo-1182x237-1.png","contentUrl":"https:\/\/iwell-guard.com\/wp-content\/uploads\/2026\/05\/Ittermann-Logo-1182x237-1.png","width":1182,"height":237,"caption":"Ittermann electronic GmbH"},"image":{"@id":"https:\/\/iwell-guard.com\/no\/#\/schema\/logo\/image\/"},"sameAs":["https:\/\/pantip.com\/profile\/9367242","https:\/\/micro.blog\/iwellguard","https:\/\/www.diggerslist.com\/iwellguard\/about","https:\/\/skitterphoto.com\/photographers\/2870314\/iwell-guard","https:\/\/iwellguard.wordpress.com\/2026\/06\/06\/iwell-guard\/","https:\/\/hub.docker.com\/u\/iwellguard","https:\/\/www.pinterest.com\/iwellguard\/","https:\/\/bit.ly\/m\/iwellguard","https:\/\/entre-vos-mains.alsace.eu\/profiles\/iwellguard\/activity","https:\/\/gravatar.com\/reallybeded8fd34","https:\/\/naijamatta.com\/iwellguard","https:\/\/www.goodreads.com\/iwellguard","https:\/\/profile.hatena.ne.jp\/iwellguard\/","https:\/\/experiment.com\/users\/iwellguard","https:\/\/wakelet.com\/@iWellGuard82270","https:\/\/www.chordie.com\/forum\/profile.php?id=2555664","https:\/\/www.instapaper.com\/p\/17757966","https:\/\/www.mapleprimes.com\/users\/iwellguard","https:\/\/businesslistingplus.com\/profile\/iwell-guard\/","https:\/\/telegra.ph\/iWell-Guard-06-06","https:\/\/pbase.com\/iwellguard\/iwellguard","https:\/\/b.hatena.ne.jp\/iwellguard\/20260607#bookmark-4788405196491818882","https:\/\/fliphtml5.com\/home\/iwellguard","https:\/\/anyflip.com\/homepage\/cmiwl#About","https:\/\/transfur.com\/Users\/iwellguard","http:\/\/delphi.larsbo.org\/user\/iwellguard","https:\/\/jobs.lajobsportal.org\/profiles\/8380803-iwell-guard","https:\/\/md.chaosdorf.de\/s\/jfbe5SBdJD","https:\/\/www.lingvolive.com\/en-us\/profile\/9ecaeaca-ce11-4e51-9e71-01d55e2bff36\/translations","https:\/\/www.fitday.com\/fitness\/forums\/members\/iwellguard.html","https:\/\/www.mymeetbook.com\/iwellguard","https:\/\/pxhere.com\/en\/photographer-me\/5040798","https:\/\/disqus.com\/by\/iwellguard\/about\/","https:\/\/pastelink.net\/hjwciqwq","https:\/\/pubhtml5.com\/homepage\/scjhn\/","https:\/\/www.bitchute.com\/channel\/2O2eOKzNqujT","https:\/\/audiomack.com\/iwellguard"]}]}},"_links":{"self":[{"href":"https:\/\/iwell-guard.com\/no\/wp-json\/wp\/v2\/pages\/141400","targetHints":{"allow":["GET"]}}],"collection":[{"href":"https:\/\/iwell-guard.com\/no\/wp-json\/wp\/v2\/pages"}],"about":[{"href":"https:\/\/iwell-guard.com\/no\/wp-json\/wp\/v2\/types\/page"}],"author":[{"embeddable":true,"href":"https:\/\/iwell-guard.com\/no\/wp-json\/wp\/v2\/users\/3"}],"replies":[{"embeddable":true,"href":"https:\/\/iwell-guard.com\/no\/wp-json\/wp\/v2\/comments?post=141400"}],"version-history":[{"count":0,"href":"https:\/\/iwell-guard.com\/no\/wp-json\/wp\/v2\/pages\/141400\/revisions"}],"wp:featuredmedia":[{"embeddable":true,"href":"https:\/\/iwell-guard.com\/no\/wp-json\/wp\/v2\/media\/3517"}],"wp:attachment":[{"href":"https:\/\/iwell-guard.com\/no\/wp-json\/wp\/v2\/media?parent=141400"}],"wp:term":[{"taxonomy":"category","embeddable":true,"href":"https:\/\/iwell-guard.com\/no\/wp-json\/wp\/v2\/categories?post=141400"}],"curies":[{"name":"wp","href":"https:\/\/api.w.org\/{rel}","templated":true}]}}