{"id":141389,"date":"2026-09-03T09:20:17","date_gmt":"2026-09-03T09:20:17","guid":{"rendered":"https:\/\/iwell-guard.com\/?page_id=141389"},"modified":"2026-09-03T09:50:28","modified_gmt":"2026-09-03T09:50:28","slug":"awen-tegnet-for-inspirasjon","status":"publish","type":"page","link":"https:\/\/iwell-guard.com\/no\/awen-tegnet-for-inspirasjon\/","title":{"rendered":"Awen \u2013 tegnet for inspirasjon"},"content":{"rendered":"\t\t<div data-elementor-type=\"wp-page\" data-elementor-id=\"141389\" class=\"elementor elementor-141389 elementor-3665 elementor-bc-flex-widget\" data-elementor-post-type=\"page\">\n\t\t\t\t<div class=\"elementor-element elementor-element-iwgs-awen-hero e-flex e-con-boxed e-con e-parent\" data-id=\"iwgs-awen-hero\" data-element_type=\"container\" data-e-type=\"container\">\n\t\t\t\t\t<div class=\"e-con-inner\">\n\t\t<div class=\"elementor-element elementor-element-iwgs-awen-hl e-flex e-con-boxed e-con e-parent\" data-id=\"iwgs-awen-hl\" data-element_type=\"container\" data-e-type=\"container\">\n\t\t\t\t\t<div class=\"e-con-inner\">\n\t\t<div class=\"elementor-element elementor-element-iwgs-awen-hlbox e-con-full e-flex e-con e-parent\" data-id=\"iwgs-awen-hlbox\" data-element_type=\"container\" data-e-type=\"container\">\n\t\t\t\t<div class=\"elementor-element elementor-element-iwgs-awen-h1 elementor-widget elementor-widget-heading\" data-id=\"iwgs-awen-h1\" data-element_type=\"widget\" data-e-type=\"widget\" data-widget_type=\"heading.default\">\n\t\t\t\t\t<h1 class=\"elementor-heading-title elementor-size-default\">Awen \u2013 tegnet for den dikteriske inspirasjonen<\/h1>\t\t\t\t<\/div>\n\t\t\t\t<div class=\"elementor-element elementor-element-iwgs-awen-lead elementor-widget elementor-widget-text-editor\" data-id=\"iwgs-awen-lead\" data-element_type=\"widget\" data-e-type=\"widget\" data-widget_type=\"text-editor.default\">\n\t\t\t\t\t\t\t\t\t<p>Awen er et tegn med tre str\u00e5ler, ofte med tre punkter over. Det st\u00e5r for den dikteriske inspirasjonen. Ordet er gammelt, mens <span class=\"iwg-fachbegriff\" data-tooltip=\"Et tegn som representerer en forestilling eller betydning.\" tabindex=\"0\">symbolet<\/span> selv ble til s\u00e5 sent som p\u00e5 1700-tallet.<\/p>\t\t\t\t\t\t\t\t<\/div>\n\t\t\t\t<\/div>\n\t\t\t\t<div class=\"elementor-element elementor-element-iwgs-awen-pills elementor-widget elementor-widget-html\" data-id=\"iwgs-awen-pills\" data-element_type=\"widget\" data-e-type=\"widget\" data-widget_type=\"html.default\">\n\t\t\t\t\t<div class=\"iwg-pill-row\"><span class=\"iwg-klasse-badge\" tabindex=\"0\" data-tooltip=\"Beskyttelsessymbol, amulett eller apotropeisk objekt.\">Beskyttelsessymbol<\/span><a href=\"https:\/\/iwell-guard.com\/no\/keltisk\/\" class=\"iwg-kultur-badge\" tabindex=\"0\" data-tooltip=\"Beskyttelsestradisjon: Keltisk\">Keltisk<\/a><span class=\"iwg-tradition-badge\" tabindex=\"0\" data-tooltip=\"Et tegn som st\u00e5r som representant for en betydning.\">Symbol<\/span><\/div>\t\t\t\t<\/div>\n\t\t\t\t\t<\/div>\n\t\t\t\t<\/div>\n\t\t<div class=\"elementor-element elementor-element-iwgs-awen-hr e-con-full e-flex e-con e-parent\" data-id=\"iwgs-awen-hr\" data-element_type=\"container\" data-e-type=\"container\">\n\t\t\t\t<div class=\"elementor-element elementor-element-iwgs-awen-himg iwg-hero-image elementor-widget elementor-widget-image\" data-id=\"iwgs-awen-himg\" data-element_type=\"widget\" data-e-type=\"widget\" data-widget_type=\"image.default\">\n\t\t\t\t\t\t\t\t\t\t\t\t\t\t\t<img fetchpriority=\"high\" decoding=\"async\" width=\"683\" height=\"1024\" src=\"https:\/\/iwell-guard.com\/wp-content\/uploads\/2026\/05\/schutzsymbol_keltisch_awen-683x1024.webp\" class=\"attachment-large size-large wp-image-142777\" alt=\"Awen - beskyttelsessymbol, museal illustrasjon\" srcset=\"https:\/\/iwell-guard.com\/wp-content\/uploads\/2026\/05\/schutzsymbol_keltisch_awen-683x1024.webp 683w, https:\/\/iwell-guard.com\/wp-content\/uploads\/2026\/05\/schutzsymbol_keltisch_awen-200x300.webp 200w, https:\/\/iwell-guard.com\/wp-content\/uploads\/2026\/05\/schutzsymbol_keltisch_awen-768x1152.webp 768w, https:\/\/iwell-guard.com\/wp-content\/uploads\/2026\/05\/schutzsymbol_keltisch_awen.webp 1024w\" sizes=\"(max-width: 683px) 100vw, 683px\" \/>\t\t\t\t\t\t\t\t\t\t\t\t\t\t\t<\/div>\n\t\t\t\t<\/div>\n\t\t\t\t\t<\/div>\n\t\t\t\t<\/div>\n\t\t<div class=\"elementor-element elementor-element-iwgs-awen-s0 e-flex e-con-boxed e-con e-parent\" data-id=\"iwgs-awen-s0\" data-element_type=\"container\" data-e-type=\"container\">\n\t\t\t\t\t<div class=\"e-con-inner\">\n\t\t\t\t<div class=\"elementor-element elementor-element-iwgs-awen-s0h elementor-widget elementor-widget-heading\" data-id=\"iwgs-awen-s0h\" data-element_type=\"widget\" data-e-type=\"widget\" data-widget_type=\"heading.default\">\n\t\t\t\t\t<h2 class=\"elementor-heading-title elementor-size-default\">Innplassering<\/h2>\t\t\t\t<\/div>\n\t\t<div class=\"elementor-element elementor-element-iwgs-awen-s0box e-con-full e-flex e-con e-parent\" data-id=\"iwgs-awen-s0box\" data-element_type=\"container\" data-e-type=\"container\">\n\t\t\t\t<div class=\"elementor-element elementor-element-iwgs-awen-s0t elementor-widget elementor-widget-text-editor\" data-id=\"iwgs-awen-s0t\" data-element_type=\"widget\" data-e-type=\"widget\" data-widget_type=\"text-editor.default\">\n\t\t\t\t\t\t\t\t\t<p>Awen er et tegn fra den <a href=\"https:\/\/iwell-guard.com\/no\/keltisk\/\">keltiske<\/a> tradisjonen, n\u00e6rmere bestemt fra den walisiske <span class=\"iwg-fachbegriff\" data-tooltip=\"Overf\u00f8ring av kunnskap og fortellinger gjennom generasjoner.\" tabindex=\"0\">muntlige overleveringen<\/span>. Det best\u00e5r av tre str\u00e5ler eller linjer som sprer seg nedover, og oftest av tre punkter over dem.<\/p><p>Ordet Awen kommer fra walisisk. Det betegner den dikteriske inspirasjonen, den skapende innskytelsen, p\u00e5 sett og vis \u00e5ndedraget eller pusten som diktning og erkjennelse springer ut av.<\/p><p>Awen er dermed f\u00f8rst og fremst et tegn for inspirasjon og skapende kraft. Det er ikke et avvergende beskyttelsesamulett i egentlig forstand, men et betydningstegn.<\/p><p>I dagens bruk b\u00e6rer Awen likevel ogs\u00e5 en beskyttende og velsignende betydning. I moderne druidiske bevegelser er det et tegn p\u00e5 spirituell samh\u00f8righet, som ogs\u00e5 b\u00e6res som et beskyttelses- og velsignelsestegn.<\/p><p>N\u00e5r man skal plassere Awen historisk, er det viktig \u00e5 skille n\u00f8ye. Ordet Awen er gammelt og g\u00e5r tilbake til den middelalderske walisiske <span class=\"iwg-fachbegriff\" data-tooltip=\"Overf\u00f8ring av kunnskap og fortellinger gjennom generasjoner.\" tabindex=\"0\">overleveringen<\/span>. <span class=\"iwg-fachbegriff\" data-tooltip=\"Et tegn som representerer en forestilling eller betydning.\" tabindex=\"0\">Symbolet<\/span> med tre str\u00e5ler er derimot langt yngre.<\/p><p>Dette skillet mellom det gamle ordet og det unge <span class=\"iwg-fachbegriff\" data-tooltip=\"Et tegn som representerer en forestilling eller betydning.\" tabindex=\"0\">symbolet<\/span> g\u00e5r gjennom hele fremstillingen. Det er s\u00e6rlig viktig fordi Awen ofte fremstilles noks\u00e5 generelt som et gammelt keltisk tegn.<\/p>\t\t\t\t\t\t\t\t<\/div>\n\t\t\t\t<\/div>\n\t\t\t\t\t<\/div>\n\t\t\t\t<\/div>\n\t\t<div class=\"elementor-element elementor-element-iwgs-awen-s1 e-flex e-con-boxed e-con e-parent\" data-id=\"iwgs-awen-s1\" data-element_type=\"container\" data-e-type=\"container\">\n\t\t\t\t\t<div class=\"e-con-inner\">\n\t\t\t\t<div class=\"elementor-element elementor-element-iwgs-awen-s1h elementor-widget elementor-widget-heading\" data-id=\"iwgs-awen-s1h\" data-element_type=\"widget\" data-e-type=\"widget\" data-widget_type=\"heading.default\">\n\t\t\t\t\t<h2 class=\"elementor-heading-title elementor-size-default\">Ordet Awen<\/h2>\t\t\t\t<\/div>\n\t\t<div class=\"elementor-element elementor-element-iwgs-awen-s1box e-con-full e-flex e-con e-parent\" data-id=\"iwgs-awen-s1box\" data-element_type=\"container\" data-e-type=\"container\">\n\t\t\t\t<div class=\"elementor-element elementor-element-iwgs-awen-s1t elementor-widget elementor-widget-text-editor\" data-id=\"iwgs-awen-s1t\" data-element_type=\"widget\" data-e-type=\"widget\" data-widget_type=\"text-editor.default\">\n\t\t\t\t\t\t\t\t\t<p>Begrepet Awen er gammelt. Det er belagt i den middelalderske walisiske litteraturen og betegner der den dikteriske inspirasjonen.<\/p><p>Den walisiske <span class=\"iwg-fachbegriff\" data-tooltip=\"Overf\u00f8ring av kunnskap og fortellinger gjennom generasjoner.\" tabindex=\"0\">overleveringen<\/span> kjente skikkelsen bard, dikter og sanger. Diktekunsten ble ikke betraktet som et rent h\u00e5ndverk, men som en gave som str\u00f8mmet til dikteren. Denne tilstr\u00f8mmende gaven er Awen.<\/p><p>Awen ble dermed forst\u00e5tt som en kraft som kommer fra utenfor eller ovenfra. Dikteren mottok den, han skapte den ikke selv av seg selv. Den var p\u00e5 sett og vis et \u00e5ndedrag som fylte ham.<\/p><p>I de walisiske fortellingene knyttes Awen til bestemte skikkelser. Kjent er fortellingen om en kjele som inspirasjonen utvinnes fra, og om en dikter som gjennom den blir seer og sanger.<\/p><p>Ordet Awen h\u00f8rer dermed til en ekte og gammel tradisjon. Den walisiske kulturen kjente begrepet og forestillingen om den tilstr\u00f8mmende dikteriske inspirasjonen.<\/p><p>Det den gamle <span class=\"iwg-fachbegriff\" data-tooltip=\"Overf\u00f8ring av kunnskap og fortellinger gjennom generasjoner.\" tabindex=\"0\">overleveringen<\/span> derimot ikke kjenner, er et bestemt tegnet <span class=\"iwg-fachbegriff\" data-tooltip=\"Et tegn som representerer en forestilling eller betydning.\" tabindex=\"0\">symbol<\/span> for Awen. Ordet er gammelt, tegnet med tre str\u00e5ler er det ikke.<\/p>\t\t\t\t\t\t\t\t<\/div>\n\t\t\t\t<\/div>\n\t\t\t\t\t<\/div>\n\t\t\t\t<\/div>\n\t\t<div class=\"elementor-element elementor-element-iwgs-awen-s2 e-flex e-con-boxed e-con e-parent\" data-id=\"iwgs-awen-s2\" data-element_type=\"container\" data-e-type=\"container\">\n\t\t\t\t\t<div class=\"e-con-inner\">\n\t\t\t\t<div class=\"elementor-element elementor-element-iwgs-awen-s2h elementor-widget elementor-widget-heading\" data-id=\"iwgs-awen-s2h\" data-element_type=\"widget\" data-e-type=\"widget\" data-widget_type=\"heading.default\">\n\t\t\t\t\t<h2 class=\"elementor-heading-title elementor-size-default\">Symbolet med de tre str\u00e5lene<\/h2>\t\t\t\t<\/div>\n\t\t<div class=\"elementor-element elementor-element-iwgs-awen-s2box e-con-full e-flex e-con e-parent\" data-id=\"iwgs-awen-s2box\" data-element_type=\"container\" data-e-type=\"container\">\n\t\t\t\t<div class=\"elementor-element elementor-element-iwgs-awen-s2t elementor-widget elementor-widget-text-editor\" data-id=\"iwgs-awen-s2t\" data-element_type=\"widget\" data-e-type=\"widget\" data-widget_type=\"text-editor.default\">\n\t\t\t\t\t\t\t\t\t<p>Det tegnede Awen-<span class=\"iwg-fachbegriff\" data-tooltip=\"Et tegn som representerer en forestilling eller betydning.\" tabindex=\"0\">symbolet<\/span> best\u00e5r av tre str\u00e5ler. De sprer seg fra oppe og ned, og over dem st\u00e5r det vanligvis tre punkter. Ofte er hele figuren omsluttet av en eller flere sirkler.<\/p><p>Dette <span class=\"iwg-fachbegriff\" data-tooltip=\"Et tegn som representerer en forestilling eller betydning.\" tabindex=\"0\">symbolet<\/span> er ikke gammelt. Det ble til p\u00e5 slutten av 1700-tallet. Skaperen var waliseren Edward Williams, som ble kjent under navnet Iolo Morganwg.<\/p><p>Iolo Morganwg var en dikter og samler som engasjerte seg lidenskapelig for den walisiske arven. Han grunnla en forsamling av walisiske diktere og utviklet en egen symbolverden for denne bevegelsen.<\/p><p>For denne moderne druidiske bevegelsen skapte Iolo Morganwg Awen-<span class=\"iwg-fachbegriff\" data-tooltip=\"Et tegn som representerer en forestilling eller betydning.\" tabindex=\"0\">symbolet<\/span> med de tre str\u00e5lene. Det var en nyskapning, selv om den knyttet til gamle begreper og forestillinger.<\/p><p>Iolo Morganwg ga ut mange ting som gamle, som han selv hadde skapt eller utformet. Forskningen har senere klarlagt dette. Awen-<span class=\"iwg-fachbegriff\" data-tooltip=\"Et tegn som representerer en forestilling eller betydning.\" tabindex=\"0\">symbolet<\/span> h\u00f8rer til disse skapelsene fra 1700-tallet.<\/p><p>Dermed er det klart \u00e5 skille. Ordet Awen er middelaldersk og ekte. Det tegnede <span class=\"iwg-fachbegriff\" data-tooltip=\"Et tegn som representerer en forestilling eller betydning.\" tabindex=\"0\">symbolet<\/span> med tre str\u00e5ler er en skapelse fra slutten av 1700-tallet. Begge h\u00f8rer sammen, men de har forskjellig alder.<\/p>\t\t\t\t\t\t\t\t<\/div>\n\t\t\t\t<\/div>\n\t\t\t\t\t<\/div>\n\t\t\t\t<\/div>\n\t\t<div class=\"elementor-element elementor-element-iwgs-awen-s3 e-flex e-con-boxed e-con e-parent\" data-id=\"iwgs-awen-s3\" data-element_type=\"container\" data-e-type=\"container\">\n\t\t\t\t\t<div class=\"e-con-inner\">\n\t\t\t\t<div class=\"elementor-element elementor-element-iwgs-awen-s3h elementor-widget elementor-widget-heading\" data-id=\"iwgs-awen-s3h\" data-element_type=\"widget\" data-e-type=\"widget\" data-widget_type=\"heading.default\">\n\t\t\t\t\t<h2 class=\"elementor-heading-title elementor-size-default\">Iolo Morganwg og den walisiske gjenf\u00f8delsen<\/h2>\t\t\t\t<\/div>\n\t\t<div class=\"elementor-element elementor-element-iwgs-awen-s3box e-con-full e-flex e-con e-parent\" data-id=\"iwgs-awen-s3box\" data-element_type=\"container\" data-e-type=\"container\">\n\t\t\t\t<div class=\"elementor-element elementor-element-iwgs-awen-s3t elementor-widget elementor-widget-text-editor\" data-id=\"iwgs-awen-s3t\" data-element_type=\"widget\" data-e-type=\"widget\" data-widget_type=\"text-editor.default\">\n\t\t\t\t\t\t\t\t\t<p>For \u00e5 forst\u00e5 Awen-<span class=\"iwg-fachbegriff\" data-tooltip=\"Et tegn som representerer en forestilling eller betydning.\" tabindex=\"0\">symbolet<\/span> er det verdt \u00e5 se p\u00e5 tiden det ble til. Slutten av 1700-tallet var en tid da interessen for de gamle kulturene p\u00e5 De britiske \u00f8yer \u00f8kte kraftig.<\/p><p>I Wales oppstod en bevegelse som ville pleie og gjenopplive den walisiske arven, det walisiske spr\u00e5ket og den walisiske diktekunsten. Iolo Morganwg var en av drivkreftene i denne bevegelsen.<\/p><p>Han grunnla en h\u00f8ytidelig forsamling av diktere som knyttet an til gamle forestillinger om barder og druider. For denne forsamlingen skapte han skikker, ritualer og tegn.<\/p><p>Awen-<span class=\"iwg-fachbegriff\" data-tooltip=\"Et tegn som representerer en forestilling eller betydning.\" tabindex=\"0\">symbolet<\/span> h\u00f8rer til denne skapelsen. Det var fra begynnelsen av et tegn for den moderne druidiske bevegelsen, ikke et overlevert gammelt <span class=\"iwg-fachbegriff\" data-tooltip=\"Et tegn som representerer en forestilling eller betydning.\" tabindex=\"0\">symbol<\/span>.<\/p><p>Denne bevegelsen var ikke bare et bedrageri. Den var b\u00e5ret av ekte begeistring for den walisiske arven, og den har bidratt mye til \u00e5 pleie den walisiske kulturen. Enkelte av dens skikker lever videre den dag i dag.<\/p><p>Men den var en nytidens bevegelse som ville gjenopplive det gamle og ogs\u00e5 skape noe nytt. Awen-<span class=\"iwg-fachbegriff\" data-tooltip=\"Et tegn som representerer en forestilling eller betydning.\" tabindex=\"0\">symbolet<\/span> er et produkt av denne bevegelsen, og det er redelig \u00e5 betegne det som nettopp det.<\/p>\t\t\t\t\t\t\t\t<\/div>\n\t\t\t\t<\/div>\n\t\t\t\t\t<\/div>\n\t\t\t\t<\/div>\n\t\t<div class=\"elementor-element elementor-element-iwgs-awen-s4 e-flex e-con-boxed e-con e-parent\" data-id=\"iwgs-awen-s4\" data-element_type=\"container\" data-e-type=\"container\">\n\t\t\t\t\t<div class=\"e-con-inner\">\n\t\t\t\t<div class=\"elementor-element elementor-element-iwgs-awen-s4h elementor-widget elementor-widget-heading\" data-id=\"iwgs-awen-s4h\" data-element_type=\"widget\" data-e-type=\"widget\" data-widget_type=\"heading.default\">\n\t\t\t\t\t<h2 class=\"elementor-heading-title elementor-size-default\">Tydning av tegnet<\/h2>\t\t\t\t<\/div>\n\t\t<div class=\"elementor-element elementor-element-iwgs-awen-s4box e-con-full e-flex e-con e-parent\" data-id=\"iwgs-awen-s4box\" data-element_type=\"container\" data-e-type=\"container\">\n\t\t\t\t<div class=\"elementor-element elementor-element-iwgs-awen-s4t elementor-widget elementor-widget-text-editor\" data-id=\"iwgs-awen-s4t\" data-element_type=\"widget\" data-e-type=\"widget\" data-widget_type=\"text-editor.default\">\n\t\t\t\t\t\t\t\t\t<p>Awen-<span class=\"iwg-fachbegriff\" data-tooltip=\"Et tegn som representerer en forestilling eller betydning.\" tabindex=\"0\">symbolet<\/span> med tre str\u00e5ler er forbundet med en tydning som tolker bestanddelene. Denne tydningen h\u00f8rer til den moderne druidiske tradisjonen.<\/p><p>De tre str\u00e5lene tolkes p\u00e5 forskjellige m\u00e5ter. En vanlig tydning oppfatter dem som tre lysstr\u00e5ler eller som tre aspekter av det guddommelige virket.<\/p><p>De tre punktene over str\u00e5lene tolkes ogs\u00e5, for eksempel som punkter lyset str\u00e5ler ut fra, eller som symboler for grunnleggende krefter. Ogs\u00e5 sirklene som omslutter tegnet, har en betydning.<\/p><p>Samlet st\u00e5r Awen-<span class=\"iwg-fachbegriff\" data-tooltip=\"Et tegn som representerer en forestilling eller betydning.\" tabindex=\"0\">symbolet<\/span> for inspirasjonen, for den skapende inngivelsen og for det harmoniske samspillet mellom krefter. Det er et tegn p\u00e5 den \u00e5ndelige skaperkraften.<\/p><p>Disse tydningene er gjennomtenkte og betydningsfulle for tilhengerne av den druidiske bevegelsen. De h\u00f8rer til tegnets levende n\u00e5tid.<\/p><p>Det er likevel viktig \u00e5 vite at disse tydningene er en del av den moderne druidiske tradisjonen. De er ikke gammel, overlevert kunnskap, men h\u00f8rer til den symbolverdenen som er blitt utarbeidet siden 1700-tallet.<\/p>\t\t\t\t\t\t\t\t<\/div>\n\t\t\t\t<\/div>\n\t\t\t\t\t<\/div>\n\t\t\t\t<\/div>\n\t\t<div class=\"elementor-element elementor-element-iwgs-awen-s5 e-flex e-con-boxed e-con e-parent\" data-id=\"iwgs-awen-s5\" data-element_type=\"container\" data-e-type=\"container\">\n\t\t\t\t\t<div class=\"e-con-inner\">\n\t\t\t\t<div class=\"elementor-element elementor-element-iwgs-awen-s5h elementor-widget elementor-widget-heading\" data-id=\"iwgs-awen-s5h\" data-element_type=\"widget\" data-e-type=\"widget\" data-widget_type=\"heading.default\">\n\t\t\t\t\t<h2 class=\"elementor-heading-title elementor-size-default\">Awen som beskyttelses- og velsignelsestegn<\/h2>\t\t\t\t<\/div>\n\t\t<div class=\"elementor-element elementor-element-iwgs-awen-s5box e-con-full e-flex e-con e-parent\" data-id=\"iwgs-awen-s5box\" data-element_type=\"container\" data-e-type=\"container\">\n\t\t\t\t<div class=\"elementor-element elementor-element-iwgs-awen-s5t elementor-widget elementor-widget-text-editor\" data-id=\"iwgs-awen-s5t\" data-element_type=\"widget\" data-e-type=\"widget\" data-widget_type=\"text-editor.default\">\n\t\t\t\t\t\t\t\t\t<p>Awen er f\u00f8rst og fremst et tegn p\u00e5 inspirasjon, ikke et avvergende beskyttelsesamulett. I dagens bruk b\u00e6rer det likevel ogs\u00e5 en beskyttende og velsignende betydning.<\/p><p>I de moderne druidiske bevegelsene brukes Awen som et sentralt tros- og kjennetegn. Den som b\u00e6rer det, bekjenner seg til denne spirituelle tradisjonen.<\/p><p>I denne sammenhengen f\u00e5r Awen en tilknytning til beskyttelse. Det stiller b\u00e6reren under tegnet for inspirasjon og \u00e5ndelig samh\u00f8righet, og gjelder som et tegn p\u00e5 velsignelse og god kraft.<\/p><p>Dermed h\u00f8rer Awen mindre til de avvergende <span class=\"iwg-fachbegriff\" data-tooltip=\"Flertall av apotropaikon: gjenstander og tegn som skal avverge ulykke.\" tabindex=\"0\">apotropeiske gjenstandene<\/span> og mer til velsignelsestegnene. Det avverger ikke ved skrekk og fanger ikke opp et blikk, men det stiller under en god, skapende kraft.<\/p><p>I denne henseende likner Awen andre velsignelsestegn som ikke avverger, men <span class=\"iwg-fachbegriff\" data-tooltip=\"\u00c5 overgi en gjenstand, et sted eller mennesker til det hellige gjennom en religi\u00f8s handling.\" tabindex=\"0\">innvier<\/span> og stiller under et godt forvarsel. Beskyttelsen dets ligger i forbindelsen med den inspirerende kraften.<\/p><p>For en riktig fremstilling er det viktig \u00e5 plassere Awen riktig. Det er et moderne tegn p\u00e5 inspirasjon og \u00e5ndelig velsignelse, som i den druidiske bevegelsen ogs\u00e5 har f\u00e5tt en beskyttende betydning.<\/p>\t\t\t\t\t\t\t\t<\/div>\n\t\t\t\t<\/div>\n\t\t\t\t\t<\/div>\n\t\t\t\t<\/div>\n\t\t<div class=\"elementor-element elementor-element-iwgs-awen-s6 e-flex e-con-boxed e-con e-parent\" data-id=\"iwgs-awen-s6\" data-element_type=\"container\" data-e-type=\"container\">\n\t\t\t\t\t<div class=\"e-con-inner\">\n\t\t\t\t<div class=\"elementor-element elementor-element-iwgs-awen-s6h elementor-widget elementor-widget-heading\" data-id=\"iwgs-awen-s6h\" data-element_type=\"widget\" data-e-type=\"widget\" data-widget_type=\"heading.default\">\n\t\t\t\t\t<h2 class=\"elementor-heading-title elementor-size-default\">Den moderne druidebevegelsen<\/h2>\t\t\t\t<\/div>\n\t\t<div class=\"elementor-element elementor-element-iwgs-awen-s6box e-con-full e-flex e-con e-parent\" data-id=\"iwgs-awen-s6box\" data-element_type=\"container\" data-e-type=\"container\">\n\t\t\t\t<div class=\"elementor-element elementor-element-iwgs-awen-s6t elementor-widget elementor-widget-text-editor\" data-id=\"iwgs-awen-s6t\" data-element_type=\"widget\" data-e-type=\"widget\" data-widget_type=\"text-editor.default\">\n\t\t\t\t\t\t\t\t\t<p>Awen-<span class=\"iwg-fachbegriff\" data-tooltip=\"Et tegn som representerer en forestilling eller betydning.\" tabindex=\"0\">symbolet<\/span> er n\u00e6rt forbundet med den moderne druidebevegelsen. Denne bevegelsen viser til de gamle druidene, prestene og de l\u00e6rde i den keltiske verden.<\/p><p>Om de historiske druidene er det bare lite som er sikkert kjent. De etterlot ingen egne skrifter. Kunnskapen om dem bygger p\u00e5 f\u00e5 rapporter utenfra, f\u00f8rst og fremst fra den antikke litteraturen.<\/p><p>Den moderne druidebevegelsen oppstod f\u00f8rst i nyere tid, fra 1700-tallet. Den er ingen ubrutt fortsettelse av de gamle druidene, men en nyere skapelse som viser til denne gamle skikkelsen.<\/p><p>Innenfor denne bevegelsen finnes det forskjellige retninger. Noen forst\u00e5r seg som en kulturell bevegelse for pleie av den keltiske arven, andre som et religi\u00f8st eller spirituelt fellesskap.<\/p><p>I alle disse retningene er Awen et forbindende tegn. Det er s\u00e5 \u00e5 si kjennemerket for den moderne druidebevegelsen, p\u00e5 samme m\u00e5te som korset er for kristendommen.<\/p><p>Awen er dermed et godt eksempel p\u00e5 et tegn som er skapt av en moderne bevegelse og som har en sentral plass innenfor denne bevegelsen. Det er ungt, men fast forankret i sin egen tradisjon.<\/p>\t\t\t\t\t\t\t\t<\/div>\n\t\t\t\t<\/div>\n\t\t\t\t\t<\/div>\n\t\t\t\t<\/div>\n\t\t<div class=\"elementor-element elementor-element-iwgs-awen-s7 e-flex e-con-boxed e-con e-parent\" data-id=\"iwgs-awen-s7\" data-element_type=\"container\" data-e-type=\"container\">\n\t\t\t\t\t<div class=\"e-con-inner\">\n\t\t\t\t<div class=\"elementor-element elementor-element-iwgs-awen-s7h elementor-widget elementor-widget-heading\" data-id=\"iwgs-awen-s7h\" data-element_type=\"widget\" data-e-type=\"widget\" data-widget_type=\"heading.default\">\n\t\t\t\t\t<h2 class=\"elementor-heading-title elementor-size-default\">Gammelt ord, ungt tegn<\/h2>\t\t\t\t<\/div>\n\t\t<div class=\"elementor-element elementor-element-iwgs-awen-s7box e-con-full e-flex e-con e-parent\" data-id=\"iwgs-awen-s7box\" data-element_type=\"container\" data-e-type=\"container\">\n\t\t\t\t<div class=\"elementor-element elementor-element-iwgs-awen-s7t elementor-widget elementor-widget-text-editor\" data-id=\"iwgs-awen-s7t\" data-element_type=\"widget\" data-e-type=\"widget\" data-widget_type=\"text-editor.default\">\n\t\t\t\t\t\t\t\t\t<p>Ved Awen er skillet mellom det gamle ordet og det unge tegnet det avgj\u00f8rende punktet. De h\u00f8rer sammen, men er av forskjellig alder, og det b\u00f8r sies klart.<\/p><p>Ordet Awen er gammelt. Det er belagt i middelaldersk walisisk litteratur og betegner der den diktkunstneriske inspirasjonen. Forestillingen om den tilstr\u00f8mmende skapende gaven er ekte og overlevert.<\/p><p>Det tegnede <span class=\"iwg-fachbegriff\" data-tooltip=\"Et tegn som representerer en forestilling eller betydning.\" tabindex=\"0\">symbolet<\/span> med tre str\u00e5ler er derimot ungt. Det ble skapt i sent 18. \u00e5rhundre av Iolo Morganwg for den moderne druidebevegelsen.<\/p><p>Dette skillet er ikke en bisak. I dagens bilde blir Awen-<span class=\"iwg-fachbegriff\" data-tooltip=\"Et tegn som representerer en forestilling eller betydning.\" tabindex=\"0\">symbolet<\/span> ofte fremstilt som et urgammelt keltisk eller druidisk tegn. Denne fremstillingen er saklig sett ikke holdbar.<\/p><p>Riktig er derimot: Et gammelt ord og en gammel forestilling ble p\u00e5 1700-tallet forbundet med et nyskapt <span class=\"iwg-fachbegriff\" data-tooltip=\"Et tegn som representerer en forestilling eller betydning.\" tabindex=\"0\">symbol<\/span>. <span class=\"iwg-fachbegriff\" data-tooltip=\"Et tegn som representerer en forestilling eller betydning.\" tabindex=\"0\">Symbolet<\/span> knytter seg til det gamle, men er selv en nyskapning.<\/p><p>En \u00e6rlig fremstilling av Awen belyser begge sider. Den hedrer det gamle ordet og den gamle forestillingen om inspirasjon, og den plasserer <span class=\"iwg-fachbegriff\" data-tooltip=\"Et tegn som representerer en forestilling eller betydning.\" tabindex=\"0\">symbolet<\/span> tydelig som en skapelse fra nyere tid. Slik blir Awen verken kunstig eldet eller forkortet i sin betydning.<\/p>\t\t\t\t\t\t\t\t<\/div>\n\t\t\t\t<\/div>\n\t\t\t\t\t<\/div>\n\t\t\t\t<\/div>\n\t\t<div class=\"elementor-element elementor-element-iwgs-awen-s8 e-flex e-con-boxed e-con e-parent\" data-id=\"iwgs-awen-s8\" data-element_type=\"container\" data-e-type=\"container\">\n\t\t\t\t\t<div class=\"e-con-inner\">\n\t\t\t\t<div class=\"elementor-element elementor-element-iwgs-awen-s8h elementor-widget elementor-widget-heading\" data-id=\"iwgs-awen-s8h\" data-element_type=\"widget\" data-e-type=\"widget\" data-widget_type=\"heading.default\">\n\t\t\t\t\t<h2 class=\"elementor-heading-title elementor-size-default\">Dagens resepsjon<\/h2>\t\t\t\t<\/div>\n\t\t<div class=\"elementor-element elementor-element-iwgs-awen-s8box e-con-full e-flex e-con e-parent\" data-id=\"iwgs-awen-s8box\" data-element_type=\"container\" data-e-type=\"container\">\n\t\t\t\t<div class=\"elementor-element elementor-element-iwgs-awen-s8t elementor-widget elementor-widget-text-editor\" data-id=\"iwgs-awen-s8t\" data-element_type=\"widget\" data-e-type=\"widget\" data-widget_type=\"text-editor.default\">\n\t\t\t\t\t\t\t\t\t<p>Awen-<span class=\"iwg-fachbegriff\" data-tooltip=\"Et tegn som representerer en forestilling eller betydning.\" tabindex=\"0\">symbolet<\/span> er i dag sv\u00e6rt utbredt. Det finnes som smykkeanheng, som tatovering og som <span class=\"iwg-fachbegriff\" data-tooltip=\"Et gjentagende innholdselement i kunst eller fortelling.\" tabindex=\"0\">motiv<\/span> i design. Det er s\u00e6rlig popul\u00e6rt i forbindelse med keltisk kultur og spiritualitet.<\/p><p>I den moderne druidebevegelsen har Awen sin faste plass som et sentralt tegn. Der st\u00e5r det for inspirasjonen, den \u00e5ndelige samh\u00f8righeten og bekjennelsen til denne tradisjonen.<\/p><p>Utover druidebevegelsen b\u00e6res Awen som et generelt tegn p\u00e5 inspirasjon, kreativitet og en naturforbundet spiritualitet. I denne bruken er den n\u00f8yaktige opprinnelsen ofte ikke kjent.<\/p><p>Som med mange tegn er den saklige plasseringen viktig ogs\u00e5 for Awen. Ordet er gammelt, tegnet er ungt. Den som fremstiller Awen, b\u00f8r kjenne og nevne denne forskjellen.<\/p><p>Denne plasseringen forringer ikke Awen. Det forblir et sterkt tegn med en vakker, klar form og en gripende betydning: den skapende inspirasjonen.<\/p><p>Awen er dermed et l\u00e6rerikt eksempel. Det viser hvordan en moderne bevegelse kan knytte seg til et gammelt ord og skape et nytt, levende tegn av det, som i dag b\u00e6res vidt og bredt.<\/p>\t\t\t\t\t\t\t\t<\/div>\n\t\t\t\t<\/div>\n\t\t\t\t\t<\/div>\n\t\t\t\t<\/div>\n\t\t<div class=\"elementor-element elementor-element-iwgs-awen-lit e-flex e-con-boxed e-con e-parent\" data-id=\"iwgs-awen-lit\" data-element_type=\"container\" data-e-type=\"container\">\n\t\t\t\t\t<div class=\"e-con-inner\">\n\t\t\t\t<div class=\"elementor-element elementor-element-iwgs-awen-lith elementor-widget elementor-widget-heading\" data-id=\"iwgs-awen-lith\" data-element_type=\"widget\" data-e-type=\"widget\" data-widget_type=\"heading.default\">\n\t\t\t\t\t<h2 class=\"elementor-heading-title elementor-size-default\">Litteratur (utvalg)<\/h2>\t\t\t\t<\/div>\n\t\t<div class=\"elementor-element elementor-element-iwgs-awen-litbox e-con-full e-flex e-con e-parent\" data-id=\"iwgs-awen-litbox\" data-element_type=\"container\" data-e-type=\"container\">\n\t\t\t\t<div class=\"elementor-element elementor-element-iwgs-awen-litt elementor-widget elementor-widget-html\" data-id=\"iwgs-awen-litt\" data-element_type=\"widget\" data-e-type=\"widget\" data-widget_type=\"html.default\">\n\t\t\t\t\t<footer data-nosnippet=\"true\"><ul><li>Ronald Hutton: <em>Blood and Mistletoe. The History of the Druids in Britain<\/em> (2009)<\/li><li>Ronald Hutton: <em>The Druids<\/em> (2007)<\/li><li>Bernhard Maier: <em>Die Religion der Kelten<\/em> (2001)<\/li><li>Geraint H. Jenkins (red.): <em>A Rattleskull Genius. The Many Faces of Iolo Morganwg<\/em> (2005)<\/li><li>Juliette Wood: studier av walisisk overlevering<\/li><\/ul><\/footer>\t\t\t\t<\/div>\n\t\t\t\t<\/div>\n\t\t\t\t\t<\/div>\n\t\t\t\t<\/div>\n\t\t<div class=\"elementor-element elementor-element-iwgs-awen-kwd e-flex e-con-boxed e-con e-parent\" data-id=\"iwgs-awen-kwd\" data-element_type=\"container\" data-e-type=\"container\">\n\t\t\t\t\t<div class=\"e-con-inner\">\n\t\t\t\t<div class=\"elementor-element elementor-element-iwgs-awen-kwdt elementor-widget elementor-widget-text-editor\" data-id=\"iwgs-awen-kwdt\" data-element_type=\"widget\" data-e-type=\"widget\" data-widget_type=\"text-editor.default\">\n\t\t\t\t\t\t\t\t\t<p><em>Relaterte n\u00f8kkelbegreper: Awen inspirasjon Iolo Morganwg druider Wales tre str\u00e5ler bard Gorsedd.<\/em><\/p>\t\t\t\t\t\t\t\t<\/div>\n\t\t\t\t\t<\/div>\n\t\t\t\t<\/div>\n\t\t<div class=\"elementor-element elementor-element-iwgs-awen-cc e-flex e-con-boxed e-con e-parent\" data-id=\"iwgs-awen-cc\" data-element_type=\"container\" data-e-type=\"container\" id=\"iwg-cc-awen\">\n\t\t\t\t\t<div class=\"e-con-inner\">\n\t\t<div class=\"elementor-element elementor-element-iwgs-awen-ccinner e-flex e-con-boxed e-con e-parent\" data-id=\"iwgs-awen-ccinner\" data-element_type=\"container\" data-e-type=\"container\" data-settings=\"{&quot;background_background&quot;:&quot;classic&quot;}\">\n\t\t\t\t\t<div class=\"e-con-inner\">\n\t\t\t\t<div class=\"elementor-element elementor-element-iwgs-awen-cch elementor-widget elementor-widget-heading\" data-id=\"iwgs-awen-cch\" data-element_type=\"widget\" data-e-type=\"widget\" data-widget_type=\"heading.default\">\n\t\t\t\t\t<h2 class=\"elementor-heading-title elementor-size-default\">iWell Guard og beskyttelsestradisjoner<\/h2>\t\t\t\t<\/div>\n\t\t\t\t<div class=\"elementor-element elementor-element-iwgs-awen-cct elementor-widget elementor-widget-text-editor\" data-id=\"iwgs-awen-cct\" data-element_type=\"widget\" data-e-type=\"widget\" data-widget_type=\"text-editor.default\">\n\t\t\t\t\t\t\t\t\t<p>iWell Guard st\u00e5r i den kulturhistoriske linjen av b\u00e6rbare beskyttelsesobjekter, som ogs\u00e5 Awen tilh\u00f8rer. En moderne f\u00f8lgesvenn for mennesker som lever med beskyttelsessymboler: laget i Tyskland, 41 lag av ekte gull, platina og silver, med 30 dagers returrett.<\/p>\t\t\t\t\t\t\t\t<\/div>\n\t\t\t\t<div class=\"elementor-element elementor-element-iwgs-awen-ccb iwg-cc-button iwg-cc-cta-2026-05-13 elementor-widget elementor-widget-jet-button\" data-id=\"iwgs-awen-ccb\" data-element_type=\"widget\" data-e-type=\"widget\" data-widget_type=\"jet-button.default\">\n\t\t\t\t<div class=\"elementor-widget-container\">\n\t\t\t\t\t<div class=\"elementor-jet-button jet-elements\"><div class=\"jet-button__container\"><a class=\"jet-button__instance jet-button__instance--icon-left hover-effect-1\" href=\"\/schutzanhaenger-iwell-guard-kaufen\/?utm_source=iwell-guard.com&amp;utm_medium=info-box&amp;utm_campaign=schutzsymbole\"><div class=\"jet-button__plane jet-button__plane-normal\"><\/div><div class=\"jet-button__plane jet-button__plane-hover\"><\/div><div class=\"jet-button__state jet-button__state-normal\"><span class=\"jet-button__label\">Mer om iWell Guard<\/span><\/div><div class=\"jet-button__state jet-button__state-hover\"><span class=\"jet-button__label\">Mer om iWell Guard<\/span><\/div><\/a><\/div><\/div><style>.elementor-element.elementor-element-iwgs-awen-ccb .jet-button__instance{width:320px;height:56px;}.elementor-element.elementor-element-iwgs-awen-ccb .jet-button__state-normal .jet-button__label{text-align:center;margin:0px 0px 0px 0px;color:#1a1b20;font-family:Montserrat,sans-serif;font-size:13px;font-weight:400;letter-spacing:4px;line-height:1.714em;text-transform:uppercase;}.elementor-element.elementor-element-iwgs-awen-ccb .jet-button__state-hover .jet-button__label{text-align:center;margin:0px 0px 0px 0px;color:#FECC76;font-family:Montserrat,sans-serif;font-size:13px;font-weight:400;letter-spacing:4px;line-height:1.714em;text-transform:uppercase;}.elementor-element.elementor-element-iwgs-awen-ccb .jet-button__plane-normal{background-color:#FECC76;border-style:solid;border-color:#C99540;border-width:2px 2px 2px 2px;}.elementor-element.elementor-element-iwgs-awen-ccb .jet-button__plane-hover{background-color:rgba(0,0,0,0.55);border-style:solid;border-color:#FECC76;border-width:2px 2px 2px 2px;}<\/style>\t\t\t\t<\/div>\n\t\t\t\t<\/div>\n\t\t\t\t<div class=\"elementor-element elementor-element-iwgs-awen-ccd elementor-widget elementor-widget-text-editor\" data-id=\"iwgs-awen-ccd\" data-element_type=\"widget\" data-e-type=\"widget\" data-widget_type=\"text-editor.default\">\n\t\t\t\t\t\t\t\t\t<p style=\"text-align:center;font-size:13px;opacity:0.7;margin-top:14px\" data-nosnippet=\"true\">Personlige erfaringer kan variere. Ikke et medisinsk produkt. Ingen garanti for helbredelse.<\/p>\t\t\t\t\t\t\t\t<\/div>\n\t\t\t\t\t<\/div>\n\t\t\t\t<\/div>\n\t\t\t\t\t<\/div>\n\t\t\t\t<\/div>\n\t\t<div class=\"elementor-element elementor-element-iwgs-awen-disc e-flex e-con-boxed e-con e-parent\" data-id=\"iwgs-awen-disc\" data-element_type=\"container\" data-e-type=\"container\">\n\t\t\t\t\t<div class=\"e-con-inner\">\n\t\t\t\t<div class=\"elementor-element elementor-element-iwgs-awen-discw elementor-widget elementor-widget-html\" data-id=\"iwgs-awen-discw\" data-element_type=\"widget\" data-e-type=\"widget\" data-widget_type=\"html.default\">\n\t\t\t\t\t<footer data-nosnippet=\"true\" class=\"iwg-disclaimer-block\"><p data-nosnippet=\"true\">iWell Guard er <strong>ikke et medisinsk produkt<\/strong> og erstatter ikke medisinsk eller psykoterapeutisk behandling. Innholdet som presenteres her, er en religionsvitenskapelig og kulturhistorisk kontekstualisering, ikke et l\u00f8fte om spirituell virkning.<\/p><\/footer>\t\t\t\t<\/div>\n\t\t\t\t\t<\/div>\n\t\t\t\t<\/div>\n\t\t\t\t<\/div>\n\t\t","protected":false},"excerpt":{"rendered":"","protected":false},"author":3,"featured_media":3489,"parent":0,"menu_order":0,"comment_status":"closed","ping_status":"closed","template":"elementor_header_footer","meta":{"_yoast_wpseo_focuskw":"Awen","_yoast_wpseo_title":"Awen \u2013 keltisk tegn for inspirasjon","_yoast_wpseo_metadesc":"Awen er et tegn med tre str\u00e5ler som st\u00e5r for inspirasjon. Opphavet til ordet og symbolet forklart p\u00e5 en lettfattelig m\u00e5te.","_yoast_wpseo_meta-robots-noindex":"","_yoast_wpseo_canonical":"","_angie_page":false,"gefaehrdungsstufe":"","wesen_kultur":"","wesen_klasse":"","footnotes":""},"categories":[],"class_list":["post-141389","page","type-page","status-publish","has-post-thumbnail","hentry"],"yoast_head":"<!-- This site is optimized with the Yoast SEO Premium plugin v27.7 (Yoast SEO v28.3) - https:\/\/yoast.com\/product\/yoast-seo-premium-wordpress\/ -->\n<title>Awen \u2013 keltisk tegn for inspirasjon<\/title>\n<meta name=\"description\" content=\"Awen er et tegn med tre str\u00e5ler som st\u00e5r for inspirasjon. Opphavet til ordet og symbolet forklart p\u00e5 en lettfattelig m\u00e5te.\" \/>\n<meta name=\"robots\" content=\"index, follow, max-snippet:-1, max-image-preview:large, max-video-preview:-1\" \/>\n<link rel=\"canonical\" href=\"https:\/\/iwell-guard.com\/no\/awen-tegnet-for-inspirasjon\/\" \/>\n<meta property=\"og:locale\" content=\"nb_NO\" \/>\n<meta property=\"og:type\" content=\"article\" \/>\n<meta property=\"og:title\" content=\"Awen \u2013 tegnet for inspirasjon\" \/>\n<meta property=\"og:description\" content=\"Awen er et tegn med tre str\u00e5ler som st\u00e5r for inspirasjon. Opphavet til ordet og symbolet forklart p\u00e5 en lettfattelig m\u00e5te.\" \/>\n<meta property=\"og:url\" content=\"https:\/\/iwell-guard.com\/no\/awen-tegnet-for-inspirasjon\/\" \/>\n<meta property=\"og:site_name\" content=\"iWell Guard\" \/>\n<meta property=\"article:modified_time\" content=\"2026-09-03T09:50:28+00:00\" \/>\n<meta property=\"og:image\" content=\"https:\/\/iwell-guard.com\/wp-content\/uploads\/2026\/05\/schutzsymbol_keltisch_awen.webp\" \/>\n\t<meta property=\"og:image:width\" content=\"1024\" \/>\n\t<meta property=\"og:image:height\" content=\"1536\" \/>\n\t<meta property=\"og:image:type\" content=\"image\/webp\" \/>\n<meta name=\"twitter:card\" content=\"summary_large_image\" \/>\n<script type=\"application\/ld+json\" class=\"yoast-schema-graph\">{\"@context\":\"https:\\\/\\\/schema.org\",\"@graph\":[{\"@type\":\"WebPage\",\"@id\":\"https:\\\/\\\/iwell-guard.com\\\/no\\\/awen-tegnet-for-inspirasjon\\\/\",\"url\":\"https:\\\/\\\/iwell-guard.com\\\/no\\\/awen-tegnet-for-inspirasjon\\\/\",\"name\":\"Awen \u2013 keltisk tegn for inspirasjon\",\"isPartOf\":{\"@id\":\"https:\\\/\\\/iwell-guard.com\\\/no\\\/#website\"},\"primaryImageOfPage\":{\"@id\":\"https:\\\/\\\/iwell-guard.com\\\/no\\\/awen-tegnet-for-inspirasjon\\\/#primaryimage\"},\"image\":{\"@id\":\"https:\\\/\\\/iwell-guard.com\\\/no\\\/awen-tegnet-for-inspirasjon\\\/#primaryimage\"},\"thumbnailUrl\":\"https:\\\/\\\/iwell-guard.com\\\/wp-content\\\/uploads\\\/2026\\\/05\\\/schutzsymbol_keltisch_awen.webp\",\"datePublished\":\"2026-09-03T09:20:17+00:00\",\"dateModified\":\"2026-09-03T09:50:28+00:00\",\"description\":\"Awen er et tegn med tre str\u00e5ler som st\u00e5r for inspirasjon. Opphavet til ordet og symbolet forklart p\u00e5 en lettfattelig m\u00e5te.\",\"breadcrumb\":{\"@id\":\"https:\\\/\\\/iwell-guard.com\\\/no\\\/awen-tegnet-for-inspirasjon\\\/#breadcrumb\"},\"inLanguage\":\"nb-NO\",\"potentialAction\":[{\"@type\":\"ReadAction\",\"target\":[\"https:\\\/\\\/iwell-guard.com\\\/no\\\/awen-tegnet-for-inspirasjon\\\/\"]}]},{\"@type\":\"ImageObject\",\"inLanguage\":\"nb-NO\",\"@id\":\"https:\\\/\\\/iwell-guard.com\\\/no\\\/awen-tegnet-for-inspirasjon\\\/#primaryimage\",\"url\":\"https:\\\/\\\/iwell-guard.com\\\/wp-content\\\/uploads\\\/2026\\\/05\\\/schutzsymbol_keltisch_awen.webp\",\"contentUrl\":\"https:\\\/\\\/iwell-guard.com\\\/wp-content\\\/uploads\\\/2026\\\/05\\\/schutzsymbol_keltisch_awen.webp\",\"width\":1024,\"height\":1536,\"caption\":\"Beskyttelsessymbol. Museal stilleben-illustrasjon.\"},{\"@type\":\"BreadcrumbList\",\"@id\":\"https:\\\/\\\/iwell-guard.com\\\/no\\\/awen-tegnet-for-inspirasjon\\\/#breadcrumb\",\"itemListElement\":[{\"@type\":\"ListItem\",\"position\":1,\"name\":\"Start\",\"item\":\"https:\\\/\\\/iwell-guard.com\\\/no\\\/?page_id=140795\"},{\"@type\":\"ListItem\",\"position\":2,\"name\":\"Awen \u2013 tegnet for inspirasjon\"}]},{\"@type\":\"WebSite\",\"@id\":\"https:\\\/\\\/iwell-guard.com\\\/no\\\/#website\",\"url\":\"https:\\\/\\\/iwell-guard.com\\\/no\\\/\",\"name\":\"iWell Guard\",\"description\":\"Schutz vor dunklen Einfl\u00fcssen\",\"publisher\":{\"@id\":\"https:\\\/\\\/iwell-guard.com\\\/no\\\/#organization\"},\"potentialAction\":[{\"@type\":\"SearchAction\",\"target\":{\"@type\":\"EntryPoint\",\"urlTemplate\":\"https:\\\/\\\/iwell-guard.com\\\/no\\\/?s={search_term_string}\"},\"query-input\":{\"@type\":\"PropertyValueSpecification\",\"valueRequired\":true,\"valueName\":\"search_term_string\"}}],\"inLanguage\":\"nb-NO\"},{\"@type\":\"Organization\",\"@id\":\"https:\\\/\\\/iwell-guard.com\\\/no\\\/#organization\",\"name\":\"Ittermann electronic GmbH\",\"url\":\"https:\\\/\\\/iwell-guard.com\\\/no\\\/\",\"logo\":{\"@type\":\"ImageObject\",\"inLanguage\":\"nb-NO\",\"@id\":\"https:\\\/\\\/iwell-guard.com\\\/no\\\/#\\\/schema\\\/logo\\\/image\\\/\",\"url\":\"https:\\\/\\\/iwell-guard.com\\\/wp-content\\\/uploads\\\/2026\\\/05\\\/Ittermann-Logo-1182x237-1.png\",\"contentUrl\":\"https:\\\/\\\/iwell-guard.com\\\/wp-content\\\/uploads\\\/2026\\\/05\\\/Ittermann-Logo-1182x237-1.png\",\"width\":1182,\"height\":237,\"caption\":\"Ittermann electronic GmbH\"},\"image\":{\"@id\":\"https:\\\/\\\/iwell-guard.com\\\/no\\\/#\\\/schema\\\/logo\\\/image\\\/\"},\"sameAs\":[\"https:\\\/\\\/pantip.com\\\/profile\\\/9367242\",\"https:\\\/\\\/micro.blog\\\/iwellguard\",\"https:\\\/\\\/www.diggerslist.com\\\/iwellguard\\\/about\",\"https:\\\/\\\/skitterphoto.com\\\/photographers\\\/2870314\\\/iwell-guard\",\"https:\\\/\\\/iwellguard.wordpress.com\\\/2026\\\/06\\\/06\\\/iwell-guard\\\/\",\"https:\\\/\\\/hub.docker.com\\\/u\\\/iwellguard\",\"https:\\\/\\\/www.pinterest.com\\\/iwellguard\\\/\",\"https:\\\/\\\/bit.ly\\\/m\\\/iwellguard\",\"https:\\\/\\\/entre-vos-mains.alsace.eu\\\/profiles\\\/iwellguard\\\/activity\",\"https:\\\/\\\/gravatar.com\\\/reallybeded8fd34\",\"https:\\\/\\\/naijamatta.com\\\/iwellguard\",\"https:\\\/\\\/www.goodreads.com\\\/iwellguard\",\"https:\\\/\\\/profile.hatena.ne.jp\\\/iwellguard\\\/\",\"https:\\\/\\\/experiment.com\\\/users\\\/iwellguard\",\"https:\\\/\\\/wakelet.com\\\/@iWellGuard82270\",\"https:\\\/\\\/www.chordie.com\\\/forum\\\/profile.php?id=2555664\",\"https:\\\/\\\/www.instapaper.com\\\/p\\\/17757966\",\"https:\\\/\\\/www.mapleprimes.com\\\/users\\\/iwellguard\",\"https:\\\/\\\/businesslistingplus.com\\\/profile\\\/iwell-guard\\\/\",\"https:\\\/\\\/telegra.ph\\\/iWell-Guard-06-06\",\"https:\\\/\\\/pbase.com\\\/iwellguard\\\/iwellguard\",\"https:\\\/\\\/b.hatena.ne.jp\\\/iwellguard\\\/20260607#bookmark-4788405196491818882\",\"https:\\\/\\\/fliphtml5.com\\\/home\\\/iwellguard\",\"https:\\\/\\\/anyflip.com\\\/homepage\\\/cmiwl#About\",\"https:\\\/\\\/transfur.com\\\/Users\\\/iwellguard\",\"http:\\\/\\\/delphi.larsbo.org\\\/user\\\/iwellguard\",\"https:\\\/\\\/jobs.lajobsportal.org\\\/profiles\\\/8380803-iwell-guard\",\"https:\\\/\\\/md.chaosdorf.de\\\/s\\\/jfbe5SBdJD\",\"https:\\\/\\\/www.lingvolive.com\\\/en-us\\\/profile\\\/9ecaeaca-ce11-4e51-9e71-01d55e2bff36\\\/translations\",\"https:\\\/\\\/www.fitday.com\\\/fitness\\\/forums\\\/members\\\/iwellguard.html\",\"https:\\\/\\\/www.mymeetbook.com\\\/iwellguard\",\"https:\\\/\\\/pxhere.com\\\/en\\\/photographer-me\\\/5040798\",\"https:\\\/\\\/disqus.com\\\/by\\\/iwellguard\\\/about\\\/\",\"https:\\\/\\\/pastelink.net\\\/hjwciqwq\",\"https:\\\/\\\/pubhtml5.com\\\/homepage\\\/scjhn\\\/\",\"https:\\\/\\\/www.bitchute.com\\\/channel\\\/2O2eOKzNqujT\",\"https:\\\/\\\/audiomack.com\\\/iwellguard\"]}]}<\/script>\n<!-- \/ Yoast SEO Premium plugin. -->","yoast_head_json":{"title":"Awen \u2013 keltisk tegn for inspirasjon","description":"Awen er et tegn med tre str\u00e5ler som st\u00e5r for inspirasjon. Opphavet til ordet og symbolet forklart p\u00e5 en lettfattelig m\u00e5te.","robots":{"index":"index","follow":"follow","max-snippet":"max-snippet:-1","max-image-preview":"max-image-preview:large","max-video-preview":"max-video-preview:-1"},"canonical":"https:\/\/iwell-guard.com\/no\/awen-tegnet-for-inspirasjon\/","og_locale":"nb_NO","og_type":"article","og_title":"Awen \u2013 tegnet for inspirasjon","og_description":"Awen er et tegn med tre str\u00e5ler som st\u00e5r for inspirasjon. Opphavet til ordet og symbolet forklart p\u00e5 en lettfattelig m\u00e5te.","og_url":"https:\/\/iwell-guard.com\/no\/awen-tegnet-for-inspirasjon\/","og_site_name":"iWell Guard","article_modified_time":"2026-09-03T09:50:28+00:00","og_image":[{"width":1024,"height":1536,"url":"https:\/\/iwell-guard.com\/wp-content\/uploads\/2026\/05\/schutzsymbol_keltisch_awen.webp","type":"image\/webp"}],"twitter_card":"summary_large_image","schema":{"@context":"https:\/\/schema.org","@graph":[{"@type":"WebPage","@id":"https:\/\/iwell-guard.com\/no\/awen-tegnet-for-inspirasjon\/","url":"https:\/\/iwell-guard.com\/no\/awen-tegnet-for-inspirasjon\/","name":"Awen \u2013 keltisk tegn for inspirasjon","isPartOf":{"@id":"https:\/\/iwell-guard.com\/no\/#website"},"primaryImageOfPage":{"@id":"https:\/\/iwell-guard.com\/no\/awen-tegnet-for-inspirasjon\/#primaryimage"},"image":{"@id":"https:\/\/iwell-guard.com\/no\/awen-tegnet-for-inspirasjon\/#primaryimage"},"thumbnailUrl":"https:\/\/iwell-guard.com\/wp-content\/uploads\/2026\/05\/schutzsymbol_keltisch_awen.webp","datePublished":"2026-09-03T09:20:17+00:00","dateModified":"2026-09-03T09:50:28+00:00","description":"Awen er et tegn med tre str\u00e5ler som st\u00e5r for inspirasjon. Opphavet til ordet og symbolet forklart p\u00e5 en lettfattelig m\u00e5te.","breadcrumb":{"@id":"https:\/\/iwell-guard.com\/no\/awen-tegnet-for-inspirasjon\/#breadcrumb"},"inLanguage":"nb-NO","potentialAction":[{"@type":"ReadAction","target":["https:\/\/iwell-guard.com\/no\/awen-tegnet-for-inspirasjon\/"]}]},{"@type":"ImageObject","inLanguage":"nb-NO","@id":"https:\/\/iwell-guard.com\/no\/awen-tegnet-for-inspirasjon\/#primaryimage","url":"https:\/\/iwell-guard.com\/wp-content\/uploads\/2026\/05\/schutzsymbol_keltisch_awen.webp","contentUrl":"https:\/\/iwell-guard.com\/wp-content\/uploads\/2026\/05\/schutzsymbol_keltisch_awen.webp","width":1024,"height":1536,"caption":"Beskyttelsessymbol. Museal stilleben-illustrasjon."},{"@type":"BreadcrumbList","@id":"https:\/\/iwell-guard.com\/no\/awen-tegnet-for-inspirasjon\/#breadcrumb","itemListElement":[{"@type":"ListItem","position":1,"name":"Start","item":"https:\/\/iwell-guard.com\/no\/?page_id=140795"},{"@type":"ListItem","position":2,"name":"Awen \u2013 tegnet for inspirasjon"}]},{"@type":"WebSite","@id":"https:\/\/iwell-guard.com\/no\/#website","url":"https:\/\/iwell-guard.com\/no\/","name":"iWell Guard","description":"Schutz vor dunklen Einfl\u00fcssen","publisher":{"@id":"https:\/\/iwell-guard.com\/no\/#organization"},"potentialAction":[{"@type":"SearchAction","target":{"@type":"EntryPoint","urlTemplate":"https:\/\/iwell-guard.com\/no\/?s={search_term_string}"},"query-input":{"@type":"PropertyValueSpecification","valueRequired":true,"valueName":"search_term_string"}}],"inLanguage":"nb-NO"},{"@type":"Organization","@id":"https:\/\/iwell-guard.com\/no\/#organization","name":"Ittermann electronic GmbH","url":"https:\/\/iwell-guard.com\/no\/","logo":{"@type":"ImageObject","inLanguage":"nb-NO","@id":"https:\/\/iwell-guard.com\/no\/#\/schema\/logo\/image\/","url":"https:\/\/iwell-guard.com\/wp-content\/uploads\/2026\/05\/Ittermann-Logo-1182x237-1.png","contentUrl":"https:\/\/iwell-guard.com\/wp-content\/uploads\/2026\/05\/Ittermann-Logo-1182x237-1.png","width":1182,"height":237,"caption":"Ittermann electronic GmbH"},"image":{"@id":"https:\/\/iwell-guard.com\/no\/#\/schema\/logo\/image\/"},"sameAs":["https:\/\/pantip.com\/profile\/9367242","https:\/\/micro.blog\/iwellguard","https:\/\/www.diggerslist.com\/iwellguard\/about","https:\/\/skitterphoto.com\/photographers\/2870314\/iwell-guard","https:\/\/iwellguard.wordpress.com\/2026\/06\/06\/iwell-guard\/","https:\/\/hub.docker.com\/u\/iwellguard","https:\/\/www.pinterest.com\/iwellguard\/","https:\/\/bit.ly\/m\/iwellguard","https:\/\/entre-vos-mains.alsace.eu\/profiles\/iwellguard\/activity","https:\/\/gravatar.com\/reallybeded8fd34","https:\/\/naijamatta.com\/iwellguard","https:\/\/www.goodreads.com\/iwellguard","https:\/\/profile.hatena.ne.jp\/iwellguard\/","https:\/\/experiment.com\/users\/iwellguard","https:\/\/wakelet.com\/@iWellGuard82270","https:\/\/www.chordie.com\/forum\/profile.php?id=2555664","https:\/\/www.instapaper.com\/p\/17757966","https:\/\/www.mapleprimes.com\/users\/iwellguard","https:\/\/businesslistingplus.com\/profile\/iwell-guard\/","https:\/\/telegra.ph\/iWell-Guard-06-06","https:\/\/pbase.com\/iwellguard\/iwellguard","https:\/\/b.hatena.ne.jp\/iwellguard\/20260607#bookmark-4788405196491818882","https:\/\/fliphtml5.com\/home\/iwellguard","https:\/\/anyflip.com\/homepage\/cmiwl#About","https:\/\/transfur.com\/Users\/iwellguard","http:\/\/delphi.larsbo.org\/user\/iwellguard","https:\/\/jobs.lajobsportal.org\/profiles\/8380803-iwell-guard","https:\/\/md.chaosdorf.de\/s\/jfbe5SBdJD","https:\/\/www.lingvolive.com\/en-us\/profile\/9ecaeaca-ce11-4e51-9e71-01d55e2bff36\/translations","https:\/\/www.fitday.com\/fitness\/forums\/members\/iwellguard.html","https:\/\/www.mymeetbook.com\/iwellguard","https:\/\/pxhere.com\/en\/photographer-me\/5040798","https:\/\/disqus.com\/by\/iwellguard\/about\/","https:\/\/pastelink.net\/hjwciqwq","https:\/\/pubhtml5.com\/homepage\/scjhn\/","https:\/\/www.bitchute.com\/channel\/2O2eOKzNqujT","https:\/\/audiomack.com\/iwellguard"]}]}},"_links":{"self":[{"href":"https:\/\/iwell-guard.com\/no\/wp-json\/wp\/v2\/pages\/141389","targetHints":{"allow":["GET"]}}],"collection":[{"href":"https:\/\/iwell-guard.com\/no\/wp-json\/wp\/v2\/pages"}],"about":[{"href":"https:\/\/iwell-guard.com\/no\/wp-json\/wp\/v2\/types\/page"}],"author":[{"embeddable":true,"href":"https:\/\/iwell-guard.com\/no\/wp-json\/wp\/v2\/users\/3"}],"replies":[{"embeddable":true,"href":"https:\/\/iwell-guard.com\/no\/wp-json\/wp\/v2\/comments?post=141389"}],"version-history":[{"count":0,"href":"https:\/\/iwell-guard.com\/no\/wp-json\/wp\/v2\/pages\/141389\/revisions"}],"wp:featuredmedia":[{"embeddable":true,"href":"https:\/\/iwell-guard.com\/no\/wp-json\/wp\/v2\/media\/3489"}],"wp:attachment":[{"href":"https:\/\/iwell-guard.com\/no\/wp-json\/wp\/v2\/media?parent=141389"}],"wp:term":[{"taxonomy":"category","embeddable":true,"href":"https:\/\/iwell-guard.com\/no\/wp-json\/wp\/v2\/categories?post=141389"}],"curies":[{"name":"wp","href":"https:\/\/api.w.org\/{rel}","templated":true}]}}