{"id":141357,"date":"2026-09-03T09:19:50","date_gmt":"2026-09-03T09:19:50","guid":{"rendered":"https:\/\/iwell-guard.com\/?page_id=141357"},"modified":"2026-09-03T09:49:37","modified_gmt":"2026-09-03T09:49:37","slug":"rod-trad-beskyttelsesband-mot-det-onde-oyet","status":"publish","type":"page","link":"https:\/\/iwell-guard.com\/no\/rod-trad-beskyttelsesband-mot-det-onde-oyet\/","title":{"rendered":"R\u00f8d tr\u00e5d \u2013 beskyttelsesb\u00e5ndet mot det onde \u00f8yet"},"content":{"rendered":"\t\t<div data-elementor-type=\"wp-page\" data-elementor-id=\"141357\" class=\"elementor elementor-141357 elementor-3621 elementor-bc-flex-widget\" data-elementor-post-type=\"page\">\n\t\t\t\t<div class=\"elementor-element elementor-element-iwgs-roterfaden-hero e-flex e-con-boxed e-con e-parent\" data-id=\"iwgs-roterfaden-hero\" data-element_type=\"container\" data-e-type=\"container\">\n\t\t\t\t\t<div class=\"e-con-inner\">\n\t\t<div class=\"elementor-element elementor-element-iwgs-roterfaden-hl e-flex e-con-boxed e-con e-parent\" data-id=\"iwgs-roterfaden-hl\" data-element_type=\"container\" data-e-type=\"container\">\n\t\t\t\t\t<div class=\"e-con-inner\">\n\t\t<div class=\"elementor-element elementor-element-iwgs-roterfaden-hlbox e-con-full e-flex e-con e-parent\" data-id=\"iwgs-roterfaden-hlbox\" data-element_type=\"container\" data-e-type=\"container\">\n\t\t\t\t<div class=\"elementor-element elementor-element-iwgs-roterfaden-h1 elementor-widget elementor-widget-heading\" data-id=\"iwgs-roterfaden-h1\" data-element_type=\"widget\" data-e-type=\"widget\" data-widget_type=\"heading.default\">\n\t\t\t\t\t<h1 class=\"elementor-heading-title elementor-size-default\">Den r\u00f8de tr\u00e5den \u2013 det kabbalistiske beskyttelsesb\u00e5ndet mot det onde \u00f8yet<\/h1>\t\t\t\t<\/div>\n\t\t\t\t<div class=\"elementor-element elementor-element-iwgs-roterfaden-lead elementor-widget elementor-widget-text-editor\" data-id=\"iwgs-roterfaden-lead\" data-element_type=\"widget\" data-e-type=\"widget\" data-widget_type=\"text-editor.default\">\n\t\t\t\t\t\t\t\t\t<p>Den r\u00f8de tr\u00e5den er det kabbalistiske beskyttelsesb\u00e5ndet i den j\u00f8diske <span class=\"iwg-fachbegriff\" data-tooltip=\"Videref\u00f8ringen av kunnskap og fortellinger gjennom generasjoner.\" tabindex=\"0\">overleveringen<\/span>, som b\u00e6res rundt h\u00e5ndleddet mot det onde \u00f8yet. Den r\u00f8de tr\u00e5den rundt h\u00e5ndleddet regnes som beskyttelse mot det onde \u00f8yet.<\/p><p>Den ble s\u00e6rlig kjent gjennom den folkelige <span class=\"iwg-fachbegriff\" data-tooltip=\"Str\u00f8mning innen j\u00f8disk mystikk med hovedverk som Sefer Jezira og Sohar.\" tabindex=\"0\">kabbalaen<\/span>, men tanken om \u00e5 avverge ulykke med den r\u00f8de fargen er langt eldre og finnes i mange kulturer.<\/p>\t\t\t\t\t\t\t\t<\/div>\n\t\t\t\t<\/div>\n\t\t\t\t<div class=\"elementor-element elementor-element-iwgs-roterfaden-pills elementor-widget elementor-widget-html\" data-id=\"iwgs-roterfaden-pills\" data-element_type=\"widget\" data-e-type=\"widget\" data-widget_type=\"html.default\">\n\t\t\t\t\t<div class=\"iwg-pill-row\"><span class=\"iwg-klasse-badge\" tabindex=\"0\" data-tooltip=\"Beskyttelsessymbol, amulett eller apotropeisk objekt.\">Beskyttelsessymbol<\/span><a href=\"https:\/\/iwell-guard.com\/no\/judaisme\/\" class=\"iwg-kultur-badge\" tabindex=\"0\" data-tooltip=\"Beskyttelsestradisjon: Judaisme\">Judaisme<\/a><span class=\"iwg-tradition-badge\" tabindex=\"0\" data-tooltip=\"Et b\u00e5nd som det tilskrives en beskyttende virkning.\">Beskyttelsesb\u00e5nd<\/span><\/div>\t\t\t\t<\/div>\n\t\t\t\t\t<\/div>\n\t\t\t\t<\/div>\n\t\t<div class=\"elementor-element elementor-element-iwgs-roterfaden-hr e-con-full e-flex e-con e-parent\" data-id=\"iwgs-roterfaden-hr\" data-element_type=\"container\" data-e-type=\"container\">\n\t\t\t\t<div class=\"elementor-element elementor-element-iwgs-roterfaden-himg iwg-hero-image elementor-widget elementor-widget-image\" data-id=\"iwgs-roterfaden-himg\" data-element_type=\"widget\" data-e-type=\"widget\" data-widget_type=\"image.default\">\n\t\t\t\t\t\t\t\t\t\t\t\t\t\t\t<img fetchpriority=\"high\" decoding=\"async\" width=\"683\" height=\"1024\" src=\"https:\/\/iwell-guard.com\/wp-content\/uploads\/2026\/05\/schutzsymbol_judentum_roter-faden-683x1024.webp\" class=\"attachment-large size-large wp-image-3511\" alt=\"R\u00f8d tr\u00e5d \u2013 beskyttelsesb\u00e5ndet mot det onde \u00f8yet\" srcset=\"https:\/\/iwell-guard.com\/wp-content\/uploads\/2026\/05\/schutzsymbol_judentum_roter-faden-683x1024.webp 683w, https:\/\/iwell-guard.com\/wp-content\/uploads\/2026\/05\/schutzsymbol_judentum_roter-faden-200x300.webp 200w, https:\/\/iwell-guard.com\/wp-content\/uploads\/2026\/05\/schutzsymbol_judentum_roter-faden-768x1152.webp 768w, https:\/\/iwell-guard.com\/wp-content\/uploads\/2026\/05\/schutzsymbol_judentum_roter-faden.webp 1024w\" sizes=\"(max-width: 683px) 100vw, 683px\" \/>\t\t\t\t\t\t\t\t\t\t\t\t\t\t\t<\/div>\n\t\t\t\t<\/div>\n\t\t\t\t\t<\/div>\n\t\t\t\t<\/div>\n\t\t<div class=\"elementor-element elementor-element-iwgs-roterfaden-s0 e-flex e-con-boxed e-con e-parent\" data-id=\"iwgs-roterfaden-s0\" data-element_type=\"container\" data-e-type=\"container\">\n\t\t\t\t\t<div class=\"e-con-inner\">\n\t\t\t\t<div class=\"elementor-element elementor-element-iwgs-roterfaden-s0h elementor-widget elementor-widget-heading\" data-id=\"iwgs-roterfaden-s0h\" data-element_type=\"widget\" data-e-type=\"widget\" data-widget_type=\"heading.default\">\n\t\t\t\t\t<h2 class=\"elementor-heading-title elementor-size-default\">Innplassering<\/h2>\t\t\t\t<\/div>\n\t\t<div class=\"elementor-element elementor-element-iwgs-roterfaden-s0box e-con-full e-flex e-con e-parent\" data-id=\"iwgs-roterfaden-s0box\" data-element_type=\"container\" data-e-type=\"container\">\n\t\t\t\t<div class=\"elementor-element elementor-element-iwgs-roterfaden-s0t elementor-widget elementor-widget-text-editor\" data-id=\"iwgs-roterfaden-s0t\" data-element_type=\"widget\" data-e-type=\"widget\" data-widget_type=\"text-editor.default\">\n\t\t\t\t\t\t\t\t\t<p>Den r\u00f8de tr\u00e5den er et enkelt beskyttelsesobjekt. Det er et tynt b\u00e5nd av r\u00f8d ull som b\u00e6res rundt h\u00e5ndleddet. Til tross for sin enkelhet er den r\u00f8de tr\u00e5den ett av de mest kjente beskyttelsestegnene som forbindes med den j\u00f8diske tradisjonen og s\u00e6rlig med den folkelige <span class=\"iwg-fachbegriff\" data-tooltip=\"Str\u00f8mning innen j\u00f8disk mystikk med hovedverk som Sefer Jezira og Sohar.\" tabindex=\"0\">kabbalaen<\/span>.<\/p><p>Dens oppgave er klart avgrenset. Den r\u00f8de tr\u00e5den skal bevare den som b\u00e6rer den fra det onde \u00f8yet. Den er dermed rettet mot den skadelige virkningen av blikket som beskrives i <a href=\"https:\/\/iwell-guard.com\/no\/?page_id=141115\">troen p\u00e5 det onde \u00f8yet<\/a>. Tr\u00e5den er et hverdagslig middel til avverging.<\/p><p>Innen <span class=\"iwg-fachbegriff\" data-tooltip=\"Vitenskapen som forsker p\u00e5 religioner sammenlignende og uten trosbinding.\" tabindex=\"0\">religionsvitenskapen<\/span> plasseres den r\u00f8de tr\u00e5den med varsomhet. Den formen som er utbredt i dag, b\u00e5ndet fra Rakels grav, er et forholdsvis nytt fenomen. Men tanken som ligger til grunn, at r\u00f8d farge kan avverge ulykke, er sv\u00e6rt gammel. Begge lag h\u00f8rer til en fullstendig fremstilling.<\/p><p>Den r\u00f8de tr\u00e5den er dessuten et godt eksempel p\u00e5 hvordan en beskyttelsesskikk kan strekke seg utover grensene til en enkelt kultur. R\u00f8de beskyttelsestr\u00e5der er ikke bare kjent i j\u00f8disk sammenheng. De finnes i mange deler av verden og peker mot en vidt utbredt forestilling om den r\u00f8de fargen.<\/p><p>Den r\u00f8de tr\u00e5den er blant de enkleste beskyttelsesobjektene som finnes. Den b\u00e6rer ingen <span class=\"iwg-fachbegriff\" data-tooltip=\"En tekst som er risset eller hugget inn i et fast underlag.\" tabindex=\"0\">innskrift<\/span> og intet bilde, den best\u00e5r alene av farge og form. Nettopp denne enkelheten er en av dens styrker. Et beskyttelsestegn som krever s\u00e5 lite, er tilgjengelig for alle og lar seg lett gi videre.<\/p>\t\t\t\t\t\t\t\t<\/div>\n\t\t\t\t<\/div>\n\t\t\t\t\t<\/div>\n\t\t\t\t<\/div>\n\t\t<div class=\"elementor-element elementor-element-iwgs-roterfaden-s1 e-flex e-con-boxed e-con e-parent\" data-id=\"iwgs-roterfaden-s1\" data-element_type=\"container\" data-e-type=\"container\">\n\t\t\t\t\t<div class=\"e-con-inner\">\n\t\t\t\t<div class=\"elementor-element elementor-element-iwgs-roterfaden-s1h elementor-widget elementor-widget-heading\" data-id=\"iwgs-roterfaden-s1h\" data-element_type=\"widget\" data-e-type=\"widget\" data-widget_type=\"heading.default\">\n\t\t\t\t\t<h2 class=\"elementor-heading-title elementor-size-default\">Den r\u00f8de fargen som beskyttelsesfarge<\/h2>\t\t\t\t<\/div>\n\t\t<div class=\"elementor-element elementor-element-iwgs-roterfaden-s1box e-con-full e-flex e-con e-parent\" data-id=\"iwgs-roterfaden-s1box\" data-element_type=\"container\" data-e-type=\"container\">\n\t\t\t\t<div class=\"elementor-element elementor-element-iwgs-roterfaden-s1t elementor-widget elementor-widget-text-editor\" data-id=\"iwgs-roterfaden-s1t\" data-element_type=\"widget\" data-e-type=\"widget\" data-widget_type=\"text-editor.default\">\n\t\t\t\t\t\t\t\t\t<p>I kjernen av betydningen til den r\u00f8de tr\u00e5den st\u00e5r fargen. R\u00f8dt ble i mange kulturer regnet som en farge med s\u00e6rskilt kraft. Den ble forbundet med blodet, med livet og med ilden. Fra denne forbindelsen vokste forestillingen om at r\u00f8dt har en beskyttende og avvergende virkning.<\/p><p>Denne forestillingen kan spores langt tilbake. Allerede i tidlige tider ble graver og gjenstander forsynt med r\u00f8dt fargestoff, og mye tyder p\u00e5 at dette hadde en beskyttende betydning. Den r\u00f8de fargen var dermed fra gammelt av mer enn bare en farging.<\/p><p>R\u00f8dt er dessuten en p\u00e5fallende farge som fanger blikket. Denne egenskapen passer godt til \u00e5 avverge det onde \u00f8yet. Et lysende r\u00f8dt tegn trekker oppmerksomheten til seg. Det kan fange opp det skadelige blikket f\u00f8r det n\u00e5r den beskyttede personen. Farge og funksjon virker her sammen.<\/p><p>Den r\u00f8de tr\u00e5den er dermed f\u00f8rst og fremst et fargerikt beskyttelsestegn. Virkningen tilskrives fargen, ikke materialet i seg selv. Ull var et utbredt og lett tilgjengelig materiale. Det avgj\u00f8rende var at tr\u00e5den var r\u00f8d, for det var i fargen, etter utbredt forestilling, den beskyttende kraften l\u00e5.<\/p><p>Den beskyttende betydningen av den r\u00f8de fargen kan spores tilbake til forhistorisk tid. Allerede i gamle graver ble det brukt r\u00f8dt fargestoff, og mye tyder p\u00e5 en beskyttende hensikt. Ogs\u00e5 r\u00f8de klesplagg for barn er overlevert som beskyttelsesskikk fra mange europeiske regioner. Fargen bar betydningen videre over lang tid.<\/p>\t\t\t\t\t\t\t\t<\/div>\n\t\t\t\t<\/div>\n\t\t\t\t\t<\/div>\n\t\t\t\t<\/div>\n\t\t<div class=\"elementor-element elementor-element-iwgs-roterfaden-s2 e-flex e-con-boxed e-con e-parent\" data-id=\"iwgs-roterfaden-s2\" data-element_type=\"container\" data-e-type=\"container\">\n\t\t\t\t\t<div class=\"e-con-inner\">\n\t\t\t\t<div class=\"elementor-element elementor-element-iwgs-roterfaden-s2h elementor-widget elementor-widget-heading\" data-id=\"iwgs-roterfaden-s2h\" data-element_type=\"widget\" data-e-type=\"widget\" data-widget_type=\"heading.default\">\n\t\t\t\t\t<h2 class=\"elementor-heading-title elementor-size-default\">Den r\u00f8de tr\u00e5den og kabbalaen<\/h2>\t\t\t\t<\/div>\n\t\t<div class=\"elementor-element elementor-element-iwgs-roterfaden-s2box e-con-full e-flex e-con e-parent\" data-id=\"iwgs-roterfaden-s2box\" data-element_type=\"container\" data-e-type=\"container\">\n\t\t\t\t<div class=\"elementor-element elementor-element-iwgs-roterfaden-s2t elementor-widget elementor-widget-text-editor\" data-id=\"iwgs-roterfaden-s2t\" data-element_type=\"widget\" data-e-type=\"widget\" data-widget_type=\"text-editor.default\">\n\t\t\t\t\t\t\t\t\t<p>Den r\u00f8de tr\u00e5den ble kjent f\u00f8rst og fremst i forbindelse med <span class=\"iwg-fachbegriff\" data-tooltip=\"Retning innen j\u00f8disk mystikk med hovedverker som Sefer Jesira og Sohar.\" tabindex=\"0\">kabbala<\/span>. <span class=\"iwg-fachbegriff\" data-tooltip=\"Retning innen j\u00f8disk mystikk med hovedverker som Sefer Jesira og Sohar.\" tabindex=\"0\">Kabbala<\/span> er den mystiske retningen innen j\u00f8dedommen som beskjeftiger seg med de skjulte betydningene i de hellige tekstene og med Guds vesen. I dens folkelige milj\u00f8 oppstod en rekke skikker for beskyttelse.<\/p><p>Den r\u00f8de tr\u00e5den h\u00f8rer til disse folkelige, kabbalistisk pregede skikkene. Den er ikke en l\u00e6re i den l\u00e6rde <span class=\"iwg-fachbegriff\" data-tooltip=\"Retning innen j\u00f8disk mystikk med hovedverker som Sefer Jesira og Sohar.\" tabindex=\"0\">kabbala<\/span>, men en praksis som utviklet seg i milj\u00f8et rundt denne retningen. Slike skikker forbinder mystiske forestillinger med hverdagslivets anliggender, blant annet \u00f8nsket om beskyttelse.<\/p><p>I de siste ti\u00e5rene har den r\u00f8de tr\u00e5den f\u00e5tt stor utbredelse. Institusjoner som formidlet kabbalistisk tankegods til et bredt publikum, gjorde <span class=\"iwg-fachbegriff\" data-tooltip=\"En overlevert handling som gjentas regelmessig i et fellesskap.\" tabindex=\"0\">skikken<\/span> internasjonalt kjent. Kjente personer som bar den r\u00f8de tr\u00e5den, bidro ogs\u00e5 til dens utbredelse.<\/p><p>Denne moderne kjentheten b\u00f8r likevel ikke villede oss om skikkens alder. Den formen for den r\u00f8de tr\u00e5den som er utbredt i dag, er et ungt fenomen. <span class=\"iwg-fachbegriff\" data-tooltip=\"En overlevert handling som gjentas regelmessig i et fellesskap.\" tabindex=\"0\">Skikken<\/span> i sin n\u00e5v\u00e6rende form har f\u00f8rst i nyere tid blitt allment synlig, selv om den knytter an til eldre forestillinger.<\/p><p><span class=\"iwg-fachbegriff\" data-tooltip=\"Retning innen j\u00f8disk mystikk med hovedverker som Sefer Jesira og Sohar.\" tabindex=\"0\">Kabbala<\/span> beskjeftiger seg blant annet med de skjulte veiene som guddommelig <span class=\"iwg-fachbegriff\" data-tooltip=\"Tilsagn om heil og beskyttelse, ofte i fast spr\u00e5klig form.\" tabindex=\"0\">velsignelse<\/span> n\u00e5r verden gjennom. I dens folkelige milj\u00f8 oppstod mange skikker som \u00f8nsket \u00e5 gj\u00f8re denne <span class=\"iwg-fachbegriff\" data-tooltip=\"Tilsagn om heil og beskyttelse, ofte i fast spr\u00e5klig form.\" tabindex=\"0\">velsignelsen<\/span> nyttig for hverdagen. Den r\u00f8de tr\u00e5den er en slik <span class=\"iwg-fachbegriff\" data-tooltip=\"En overlevert handling som gjentas regelmessig i et fellesskap.\" tabindex=\"0\">skikk<\/span>, som forener mystisk forestilling og praktisk behov for beskyttelse.<\/p>\t\t\t\t\t\t\t\t<\/div>\n\t\t\t\t<\/div>\n\t\t\t\t\t<\/div>\n\t\t\t\t<\/div>\n\t\t<div class=\"elementor-element elementor-element-iwgs-roterfaden-s3 e-flex e-con-boxed e-con e-parent\" data-id=\"iwgs-roterfaden-s3\" data-element_type=\"container\" data-e-type=\"container\">\n\t\t\t\t\t<div class=\"e-con-inner\">\n\t\t\t\t<div class=\"elementor-element elementor-element-iwgs-roterfaden-s3h elementor-widget elementor-widget-heading\" data-id=\"iwgs-roterfaden-s3h\" data-element_type=\"widget\" data-e-type=\"widget\" data-widget_type=\"heading.default\">\n\t\t\t\t\t<h2 class=\"elementor-heading-title elementor-size-default\">Rakels grav<\/h2>\t\t\t\t<\/div>\n\t\t<div class=\"elementor-element elementor-element-iwgs-roterfaden-s3box e-con-full e-flex e-con e-parent\" data-id=\"iwgs-roterfaden-s3box\" data-element_type=\"container\" data-e-type=\"container\">\n\t\t\t\t<div class=\"elementor-element elementor-element-iwgs-roterfaden-s3t elementor-widget elementor-widget-text-editor\" data-id=\"iwgs-roterfaden-s3t\" data-element_type=\"widget\" data-e-type=\"widget\" data-widget_type=\"text-editor.default\">\n\t\t\t\t\t\t\t\t\t<p>Den i dag mest kjente formen for den r\u00f8de tr\u00e5den er knyttet til et bestemt sted, Rakels grav. Rakel er en av Israels stamm\u00f8dre, og hennes overleverte grav ligger i n\u00e6rheten av Betlehem. Det er et betydningsfullt sted for j\u00f8disk <span class=\"iwg-fachbegriff\" data-tooltip=\"Et menneskes levde religi\u00f8se holdning og praksis.\" tabindex=\"0\">fromhet<\/span>.<\/p><p>If\u00f8lge den utbredte <span class=\"iwg-fachbegriff\" data-tooltip=\"En overlevert handling som gjentas regelmessig i et fellesskap.\" tabindex=\"0\">skikken<\/span> vindes en r\u00f8d tr\u00e5d rundt denne graven. Gjennom denne ber\u00f8ringen med det hellige stedet skal tr\u00e5den f\u00e5 en beskyttende kraft. Deretter kuttes den lange tr\u00e5den i korte biter, som brukes som enkeltst\u00e5ende beskyttelsesb\u00e5nd.<\/p><p>Disse enkeltstykkene b\u00e6res deretter som armb\u00e5nd eller gis videre. Tilknytningen til Rakels grav gir tr\u00e5den dens spesielle betydning. Den er ikke lenger bare en r\u00f8d ulltr\u00e5d, men et b\u00e5nd som forbindes med et \u00e6ret sted.<\/p><p>Denne <span class=\"iwg-fachbegriff\" data-tooltip=\"En overlevert handling som gjentas regelmessig i et fellesskap.\" tabindex=\"0\">skikken<\/span> viser et gjentakende m\u00f8nster innen amulettkunnskapen. Et objekt f\u00e5r sin kraft gjennom ber\u00f8ring med et hellig sted eller en hellig person. Ogs\u00e5 i andre tradisjoner blir b\u00e5nd, t\u00f8rkl\u00e6r og sm\u00e5 gjenstander <span class=\"iwg-fachbegriff\" data-tooltip=\"Overgitt til det hellige gjennom en religi\u00f8s handling og dermed hevet ut av det dagligdagse.\" tabindex=\"0\">viet<\/span> ved graver og helligsteder. Den r\u00f8de tr\u00e5den fra Rakels grav f\u00f8lger dette m\u00f8nsteret.<\/p><p>Rakel regnes i j\u00f8disk <span class=\"iwg-fachbegriff\" data-tooltip=\"Videref\u00f8ringen av kunnskap og fortellinger gjennom generasjoner.\" tabindex=\"0\">overlevering<\/span> som den gr\u00e5tende moren som g\u00e5r i forb\u00f8nn for sine barn. Denne forestillingen gj\u00f8r graven hennes til et sted for tr\u00f8st og b\u00f8nn. Den r\u00f8de tr\u00e5den som forbindes med dette stedet, tar opp i seg noe av denne morlige omsorgen.<\/p>\t\t\t\t\t\t\t\t<\/div>\n\t\t\t\t<\/div>\n\t\t\t\t\t<\/div>\n\t\t\t\t<\/div>\n\t\t<div class=\"elementor-element elementor-element-iwgs-roterfaden-s4 e-flex e-con-boxed e-con e-parent\" data-id=\"iwgs-roterfaden-s4\" data-element_type=\"container\" data-e-type=\"container\">\n\t\t\t\t\t<div class=\"e-con-inner\">\n\t\t\t\t<div class=\"elementor-element elementor-element-iwgs-roterfaden-s4h elementor-widget elementor-widget-heading\" data-id=\"iwgs-roterfaden-s4h\" data-element_type=\"widget\" data-e-type=\"widget\" data-widget_type=\"heading.default\">\n\t\t\t\t\t<h2 class=\"elementor-heading-title elementor-size-default\">B\u00e5ret p\u00e5 venstre h\u00e5ndledd<\/h2>\t\t\t\t<\/div>\n\t\t<div class=\"elementor-element elementor-element-iwgs-roterfaden-s4box e-con-full e-flex e-con e-parent\" data-id=\"iwgs-roterfaden-s4box\" data-element_type=\"container\" data-e-type=\"container\">\n\t\t\t\t<div class=\"elementor-element elementor-element-iwgs-roterfaden-s4t elementor-widget elementor-widget-text-editor\" data-id=\"iwgs-roterfaden-s4t\" data-element_type=\"widget\" data-e-type=\"widget\" data-widget_type=\"text-editor.default\">\n\t\t\t\t\t\t\t\t\t<p>Den r\u00f8de tr\u00e5den b\u00e6res etter utbredt forestilling p\u00e5 venstre h\u00e5ndledd. Denne fastsettelsen er ikke tilfeldig. I den kabbalistiske forestillingsverdenen er venstre side menneskets mottakende side.<\/p><p>H\u00f8yre og venstre side har i denne tenkningen ulike betydninger. H\u00f8yre side regnes som den givende, venstre som den mottakende. Den som vil motta beskyttelse og <span class=\"iwg-fachbegriff\" data-tooltip=\"Tilsagn om heil og beskyttelse, ofte i fast spr\u00e5klig form.\" tabindex=\"0\">velsignelse<\/span>, b\u00e6rer derfor tegnet p\u00e5 den siden som er tilordnet dette mottaket.<\/p><p>Med det \u00e5 ta p\u00e5 seg tr\u00e5den f\u00f8lger ofte korte b\u00f8nner eller velsignelsesord. B\u00e5ndet lukkes deretter som regel med flere knuter. Ogs\u00e5 knutene har en betydning, for knyting og binding h\u00f8rer i mange tradisjoner til de handlingene som fester beskyttelsen.<\/p><p>Disse n\u00f8yaktige forskriftene, siden, knutene, de ledsagende ordene, viser at den r\u00f8de tr\u00e5den er mer enn bare et b\u00e5nd. Den er del av en ordnet praksis. Riktig p\u00e5f\u00f8ring h\u00f8rer if\u00f8lge forestillingen om skikken med til beskyttelsens virkning.<\/p><p>Ved p\u00e5f\u00f8ring av den r\u00f8de tr\u00e5den knyttes ofte sju knuter, og til hver knute kan det uttales et velsignelsesord. Tallet sju regnes i mange tradisjoner som betydningsfullt. Knyting av knutene er ikke uvesentlig, for binding og festing h\u00f8rer til de utbredte handlingene i beskyttelsespraksisen.<\/p>\t\t\t\t\t\t\t\t<\/div>\n\t\t\t\t<\/div>\n\t\t\t\t\t<\/div>\n\t\t\t\t<\/div>\n\t\t<div class=\"elementor-element elementor-element-iwgs-roterfaden-s5 e-flex e-con-boxed e-con e-parent\" data-id=\"iwgs-roterfaden-s5\" data-element_type=\"container\" data-e-type=\"container\">\n\t\t\t\t\t<div class=\"e-con-inner\">\n\t\t\t\t<div class=\"elementor-element elementor-element-iwgs-roterfaden-s5h elementor-widget elementor-widget-heading\" data-id=\"iwgs-roterfaden-s5h\" data-element_type=\"widget\" data-e-type=\"widget\" data-widget_type=\"heading.default\">\n\t\t\t\t\t<h2 class=\"elementor-heading-title elementor-size-default\">Beskyttelse mot det onde \u00f8yet<\/h2>\t\t\t\t<\/div>\n\t\t<div class=\"elementor-element elementor-element-iwgs-roterfaden-s5box e-con-full e-flex e-con e-parent\" data-id=\"iwgs-roterfaden-s5box\" data-element_type=\"container\" data-e-type=\"container\">\n\t\t\t\t<div class=\"elementor-element elementor-element-iwgs-roterfaden-s5t elementor-widget elementor-widget-text-editor\" data-id=\"iwgs-roterfaden-s5t\" data-element_type=\"widget\" data-e-type=\"widget\" data-widget_type=\"text-editor.default\">\n\t\t\t\t\t\t\t\t\t<p>Hovedoppgaven til den r\u00f8de tr\u00e5den er \u00e5 avverge det onde \u00f8yet. Det onde \u00f8yet er forestillingen om at et blikk kan for\u00e5rsake skade, ofte drevet av misunnelse. Den som betrakter noe vakkert, sunt eller vellykket med ondskapsfullhet, kan if\u00f8lge denne forestillingen skade det.<\/p><p>Den r\u00f8de tr\u00e5den virker mot denne skaden. Som et p\u00e5fallende r\u00f8dt tegn p\u00e5 h\u00e5ndleddet skal den trekke blikket til seg og fange opp dens skadelige kraft. I stedet for at den beskyttede personen blir truffet, rettes oppmerksomheten mot det r\u00f8de bandet.<\/p><p>Dette virkningsprinsippet deler den r\u00f8de tr\u00e5den med andre beskyttelsesobjekter mot det onde \u00f8yet. Ogs\u00e5 den bl\u00e5 <a href=\"https:\/\/iwell-guard.com\/no\/?page_id=141339\">Nazar Boncu\u011fu<\/a> arbeider med \u00e5 trekke til seg blikket. Begge objektene f\u00f8lger tanken om \u00e5 stille et p\u00e5fallende objekt mot det skadelige blikket, som distraherer og binder det.<\/p><p>Den r\u00f8de tr\u00e5den h\u00f8rer dermed til en stor, kulturovergripende familie. Troen p\u00e5 det onde \u00f8yet er utbredt i hele Middelhavsomr\u00e5det og Midt\u00f8sten, i det j\u00f8diske, det kristne og det islamske milj\u00f8et. Den r\u00f8de tr\u00e5den er ett av de enkleste og samtidig mest utbredte svarene p\u00e5 denne gamle bekymringen.<\/p><p>Det onde \u00f8yet knyttes i folketroen ofte til misunnelse. S\u00e6rlig utsatt anses derfor de som trekker til seg oppmerksomhet og beundring. Den r\u00f8de tr\u00e5den bindes derfor gjerne nettopp p\u00e5 sm\u00e5 barn, gravide og mennesker i lykkelige livsfaser, fordi de anses som spesielt synlige.<\/p>\t\t\t\t\t\t\t\t<\/div>\n\t\t\t\t<\/div>\n\t\t\t\t\t<\/div>\n\t\t\t\t<\/div>\n\t\t<div class=\"elementor-element elementor-element-iwgs-roterfaden-s6 e-flex e-con-boxed e-con e-parent\" data-id=\"iwgs-roterfaden-s6\" data-element_type=\"container\" data-e-type=\"container\">\n\t\t\t\t\t<div class=\"e-con-inner\">\n\t\t\t\t<div class=\"elementor-element elementor-element-iwgs-roterfaden-s6h elementor-widget elementor-widget-heading\" data-id=\"iwgs-roterfaden-s6h\" data-element_type=\"widget\" data-e-type=\"widget\" data-widget_type=\"heading.default\">\n\t\t\t\t\t<h2 class=\"elementor-heading-title elementor-size-default\">R\u00f8de tr\u00e5der i andre kulturer<\/h2>\t\t\t\t<\/div>\n\t\t<div class=\"elementor-element elementor-element-iwgs-roterfaden-s6box e-con-full e-flex e-con e-parent\" data-id=\"iwgs-roterfaden-s6box\" data-element_type=\"container\" data-e-type=\"container\">\n\t\t\t\t<div class=\"elementor-element elementor-element-iwgs-roterfaden-s6t elementor-widget elementor-widget-text-editor\" data-id=\"iwgs-roterfaden-s6t\" data-element_type=\"widget\" data-e-type=\"widget\" data-widget_type=\"text-editor.default\">\n\t\t\t\t\t\t\t\t\t<p>Den r\u00f8de beskyttelsestr\u00e5den er p\u00e5 ingen m\u00e5te begrenset til det j\u00f8diske milj\u00f8et. I sv\u00e6rt mange kulturer brukes r\u00f8de tr\u00e5der og b\u00e5nd som beskyttelse. Denne brede utbredelsen er et viktig tegn p\u00e5 tankegangens alder og allmennhet.<\/p><p>I hinduistisk tradisjon bindes innviede tr\u00e5der rundt h\u00e5ndleddet, ofte i r\u00f8de og gule fargetoner. De bindes ved religi\u00f8se handlinger og gjelder som tegn p\u00e5 velsignelse og beskyttelse. Ogs\u00e5 her er tr\u00e5den et enkelt, kroppsb\u00e5ret beskyttelsesobjekt.<\/p><p>I slaviske og andre europeiske tradisjoner er r\u00f8de tr\u00e5der ogs\u00e5 kjent som beskyttelse for barn og for husdyr. I deler av \u00d8stasia spiller r\u00f8de snorer en rolle i egne forestillinger. Enkelthetene skiller seg fra hverandre, men grunntanken ligner p\u00e5fallende mye.<\/p><p>Denne kulturovergripende utbredelsen viser at den r\u00f8de tr\u00e5den bygger p\u00e5 en sv\u00e6rt grunnleggende tankegang. Forbindelsen mellom r\u00f8d farge og beskyttelse er ikke en enkelt kulturs eiendom. Den r\u00f8de tr\u00e5den i den kabbalistiske tradisjonen er en s\u00e6regen utforming av en verdensomspennende beskyttelsesskikk.<\/p><p>Et illustrerende eksempel p\u00e5 slektskapet mellom skikkene er den hinduistiske beskyttelsestr\u00e5den, som bindes rundt h\u00e5ndleddet ved religi\u00f8se handlinger. Den er oftest r\u00f8d eller r\u00f8d-gul og f\u00f8lger en lignende tankegang. Slike paralleller viser at den r\u00f8de beskyttelsestr\u00e5den har et sv\u00e6rt bredt, kulturovergripende grunnlag.<\/p>\t\t\t\t\t\t\t\t<\/div>\n\t\t\t\t<\/div>\n\t\t\t\t\t<\/div>\n\t\t\t\t<\/div>\n\t\t<div class=\"elementor-element elementor-element-iwgs-roterfaden-s7 e-flex e-con-boxed e-con e-parent\" data-id=\"iwgs-roterfaden-s7\" data-element_type=\"container\" data-e-type=\"container\">\n\t\t\t\t\t<div class=\"e-con-inner\">\n\t\t\t\t<div class=\"elementor-element elementor-element-iwgs-roterfaden-s7h elementor-widget elementor-widget-heading\" data-id=\"iwgs-roterfaden-s7h\" data-element_type=\"widget\" data-e-type=\"widget\" data-widget_type=\"heading.default\">\n\t\t\t\t\t<h2 class=\"elementor-heading-title elementor-size-default\">Gamle r\u00f8tter og moderne utbredelse<\/h2>\t\t\t\t<\/div>\n\t\t<div class=\"elementor-element elementor-element-iwgs-roterfaden-s7box e-con-full e-flex e-con e-parent\" data-id=\"iwgs-roterfaden-s7box\" data-element_type=\"container\" data-e-type=\"container\">\n\t\t\t\t<div class=\"elementor-element elementor-element-iwgs-roterfaden-s7t elementor-widget elementor-widget-text-editor\" data-id=\"iwgs-roterfaden-s7t\" data-element_type=\"widget\" data-e-type=\"widget\" data-widget_type=\"text-editor.default\">\n\t\t\t\t\t\t\t\t\t<p>Ved fremstillingen av den r\u00f8de tr\u00e5den er det viktig \u00e5 skille mellom to niv\u00e5er. Det ene gjelder de gamle r\u00f8ttene, det andre den moderne utbredelsen. Begge h\u00f8rer sammen, men er ikke det samme.<\/p><p>De gamle r\u00f8ttene ligger i forestillingen om beskyttelseskraften i den r\u00f8de fargen og i de overleverte skikkene med \u00e5 avverge ulykke med r\u00f8de tr\u00e5der. Ogs\u00e5 den hebraiske Bibelen kjenner den r\u00f8de eller skarlagenr\u00f8de tr\u00e5den i enkelte sammenhenger. Grunntanken er dermed gammel og godt dokumentert.<\/p><p>Den moderne utbredelsen gjelder derimot den i dag kjente formen, armb\u00e5ndet fra Rakels grav. Denne bestemte utformingen av skikken har f\u00f8rst i de siste ti\u00e5rene blitt bredt synlig. Den skylder mye til formidlingen av kabbalistisk tankegods til et bredt, internasjonalt publikum.<\/p><p>En n\u00f8yaktig fremstilling holder de to niv\u00e5ene fra hverandre. Den anerkjenner de gamle r\u00f8ttene til den r\u00f8de beskyttelsestr\u00e5den og angir samtidig at dagens allment kjente form er ung. Slik blir den r\u00f8de tr\u00e5den verken kunstig eldet eller forkortet i sin betydning.<\/p><p>Ogs\u00e5 den hebraiske Bibelen kjenner den skarlagenr\u00f8de tr\u00e5den i enkelte fortellinger, blant annet som et kjennetegn p\u00e5 et vindu eller p\u00e5 en h\u00e5nd. Disse stedene viser at den r\u00f8de tr\u00e5den som betydningsfullt tegn er gammelt. De m\u00e5 likevel ikke likestilles med dagens beskyttelsesarmb\u00e5nd, som er en senere utforming.<\/p>\t\t\t\t\t\t\t\t<\/div>\n\t\t\t\t<\/div>\n\t\t\t\t\t<\/div>\n\t\t\t\t<\/div>\n\t\t<div class=\"elementor-element elementor-element-iwgs-roterfaden-s8 e-flex e-con-boxed e-con e-parent\" data-id=\"iwgs-roterfaden-s8\" data-element_type=\"container\" data-e-type=\"container\">\n\t\t\t\t\t<div class=\"e-con-inner\">\n\t\t\t\t<div class=\"elementor-element elementor-element-iwgs-roterfaden-s8h elementor-widget elementor-widget-heading\" data-id=\"iwgs-roterfaden-s8h\" data-element_type=\"widget\" data-e-type=\"widget\" data-widget_type=\"heading.default\">\n\t\t\t\t\t<h2 class=\"elementor-heading-title elementor-size-default\">Dagens resepsjon<\/h2>\t\t\t\t<\/div>\n\t\t<div class=\"elementor-element elementor-element-iwgs-roterfaden-s8box e-con-full e-flex e-con e-parent\" data-id=\"iwgs-roterfaden-s8box\" data-element_type=\"container\" data-e-type=\"container\">\n\t\t\t\t<div class=\"elementor-element elementor-element-iwgs-roterfaden-s8t elementor-widget elementor-widget-text-editor\" data-id=\"iwgs-roterfaden-s8t\" data-element_type=\"widget\" data-e-type=\"widget\" data-widget_type=\"text-editor.default\">\n\t\t\t\t\t\t\t\t\t<p>Den r\u00f8de tr\u00e5den er i dag utbredt over hele verden. Som et enkelt r\u00f8dt armb\u00e5nd er den lett \u00e5 fremstille, lett \u00e5 b\u00e6re og forst\u00e5elig over kulturelle grenser. Denne enkelheten har i vesentlig grad bidratt til dens raske utbredelse.<\/p><p>For noen er den r\u00f8de tr\u00e5den et tegn med en klar religi\u00f8s og kabbalistisk bakgrunn. For andre har den blitt et generelt beskyttelses- og lykkeb\u00e5nd som b\u00e6res uten n\u00e6rmere kunnskap om dens opphav. I moten fremst\u00e5r det r\u00f8de bandet ofte som enkel smykke.<\/p><p>Denne betydningsforskyvningen kan man ofte se ved utbredte beskyttelsestegn. Fra et tegn med fast religi\u00f8s betydning blir det et generelt tegn for beskyttelse, lykke eller en spirituell holdning. Den r\u00f8de tr\u00e5den har tilbakelagt denne veien p\u00e5 kort tid.<\/p><p>I sin kjerne forblir den r\u00f8de tr\u00e5den likevel det den alltid har v\u00e6rt, et enkelt farget beskyttelsesb\u00e5nd. Den p\u00e5minner om at beskyttelsestegn ikke beh\u00f8ver \u00e5 v\u00e6re kostbare eller kunstferdige. En tynn r\u00f8d tr\u00e5d rundt h\u00e5ndleddet er nok til \u00e5 synliggj\u00f8re en sv\u00e6rt gammel og vidt utbredt forestilling.<\/p><p>Et fortrinn ved den r\u00f8de tr\u00e5den i v\u00e5r tid er dens diskrethet. Den ligger uanselig rundt h\u00e5ndleddet og passer dermed ogs\u00e5 inn i en moderne hverdag der p\u00e5fallende smykker ikke overalt er \u00f8nsket. Denne stille tilstedev\u00e6relsen har bidratt til det enkle bandets varige popularitet.<\/p>\t\t\t\t\t\t\t\t<\/div>\n\t\t\t\t<\/div>\n\t\t\t\t\t<\/div>\n\t\t\t\t<\/div>\n\t\t<div class=\"elementor-element elementor-element-iwgs-roterfaden-lit e-flex e-con-boxed e-con e-parent\" data-id=\"iwgs-roterfaden-lit\" data-element_type=\"container\" data-e-type=\"container\">\n\t\t\t\t\t<div class=\"e-con-inner\">\n\t\t\t\t<div class=\"elementor-element elementor-element-iwgs-roterfaden-lith elementor-widget elementor-widget-heading\" data-id=\"iwgs-roterfaden-lith\" data-element_type=\"widget\" data-e-type=\"widget\" data-widget_type=\"heading.default\">\n\t\t\t\t\t<h2 class=\"elementor-heading-title elementor-size-default\">Litteratur (utvalg)<\/h2>\t\t\t\t<\/div>\n\t\t<div class=\"elementor-element elementor-element-iwgs-roterfaden-litbox e-con-full e-flex e-con e-parent\" data-id=\"iwgs-roterfaden-litbox\" data-element_type=\"container\" data-e-type=\"container\">\n\t\t\t\t<div class=\"elementor-element elementor-element-iwgs-roterfaden-litt elementor-widget elementor-widget-html\" data-id=\"iwgs-roterfaden-litt\" data-element_type=\"widget\" data-e-type=\"widget\" data-widget_type=\"html.default\">\n\t\t\t\t\t<footer data-nosnippet=\"true\"><ul><li>Joshua Trachtenberg: <em>Jewish Magic and Superstition<\/em> (1939)<\/li><li>Alan Dundes (Hrsg.): <em>The Evil Eye. A Casebook<\/em> (1981)<\/li><li>T. Schrire: <em>Hebrew Amulets<\/em> (1966)<\/li><li>Siegfried Seligmann: <em>Der b\u00f6se Blick und Verwandtes<\/em> (1910)<\/li><li>Lexikon des Judentums, artikkel om folkeskikk og amulett<\/li><\/ul><\/footer>\t\t\t\t<\/div>\n\t\t\t\t<\/div>\n\t\t\t\t\t<\/div>\n\t\t\t\t<\/div>\n\t\t<div class=\"elementor-element elementor-element-iwgs-roterfaden-kwd e-flex e-con-boxed e-con e-parent\" data-id=\"iwgs-roterfaden-kwd\" data-element_type=\"container\" data-e-type=\"container\">\n\t\t\t\t\t<div class=\"e-con-inner\">\n\t\t\t\t<div class=\"elementor-element elementor-element-iwgs-roterfaden-kwdt elementor-widget elementor-widget-text-editor\" data-id=\"iwgs-roterfaden-kwdt\" data-element_type=\"widget\" data-e-type=\"widget\" data-widget_type=\"text-editor.default\">\n\t\t\t\t\t\t\t\t\t<p><em>Relaterte n\u00f8kkelbegreper: r\u00f8d tr\u00e5d beskyttelsesb\u00e5nd <span class=\"iwg-fachbegriff\" data-tooltip=\"Utbredt forestilling om at et misunnelig blikk fra en annen person kan for\u00e5rsake skade.\" tabindex=\"0\">det onde \u00f8yet<\/span> <span class=\"iwg-fachbegriff\" data-tooltip=\"Str\u00f8mning innen j\u00f8disk mystikk med hovedverk som Sefer Jezira og Sohar.\" tabindex=\"0\">Kabbala<\/span> Rakel h\u00e5ndledd ull beskyttelsesfarge r\u00f8dt.<\/em><\/p>\t\t\t\t\t\t\t\t<\/div>\n\t\t\t\t\t<\/div>\n\t\t\t\t<\/div>\n\t\t<div class=\"elementor-element elementor-element-iwgs-roterfaden-cc e-flex e-con-boxed e-con e-parent\" data-id=\"iwgs-roterfaden-cc\" data-element_type=\"container\" data-e-type=\"container\" id=\"iwg-cc-roter-faden\">\n\t\t\t\t\t<div class=\"e-con-inner\">\n\t\t<div class=\"elementor-element elementor-element-iwgs-roterfaden-ccinner e-flex e-con-boxed e-con e-parent\" data-id=\"iwgs-roterfaden-ccinner\" data-element_type=\"container\" data-e-type=\"container\" data-settings=\"{&quot;background_background&quot;:&quot;classic&quot;}\">\n\t\t\t\t\t<div class=\"e-con-inner\">\n\t\t\t\t<div class=\"elementor-element elementor-element-iwgs-roterfaden-cch elementor-widget elementor-widget-heading\" data-id=\"iwgs-roterfaden-cch\" data-element_type=\"widget\" data-e-type=\"widget\" data-widget_type=\"heading.default\">\n\t\t\t\t\t<h2 class=\"elementor-heading-title elementor-size-default\">iWell Guard og beskyttelsestradisjoner<\/h2>\t\t\t\t<\/div>\n\t\t\t\t<div class=\"elementor-element elementor-element-iwgs-roterfaden-cct elementor-widget elementor-widget-text-editor\" data-id=\"iwgs-roterfaden-cct\" data-element_type=\"widget\" data-e-type=\"widget\" data-widget_type=\"text-editor.default\">\n\t\t\t\t\t\t\t\t\t<p>iWell Guard st\u00e5r i den kulturhistoriske tradisjonen av b\u00e6rbare beskyttelsesobjekter, som ogs\u00e5 den r\u00f8de tr\u00e5den er en del av. En moderne f\u00f8lgesvenn for mennesker som lever med beskyttelsessymboler: fremstilt i Tyskland, 41 lag av ekte gull, platina og s\u00f8lv, med 30 dagers returrett.<\/p>\t\t\t\t\t\t\t\t<\/div>\n\t\t\t\t<div class=\"elementor-element elementor-element-iwgs-roterfaden-ccb iwg-cc-button iwg-cc-cta-2026-05-13 elementor-widget elementor-widget-jet-button\" data-id=\"iwgs-roterfaden-ccb\" data-element_type=\"widget\" data-e-type=\"widget\" data-widget_type=\"jet-button.default\">\n\t\t\t\t<div class=\"elementor-widget-container\">\n\t\t\t\t\t<div class=\"elementor-jet-button jet-elements\"><div class=\"jet-button__container\"><a class=\"jet-button__instance jet-button__instance--icon-left hover-effect-1\" href=\"\/schutzanhaenger-iwell-guard-kaufen\/?utm_source=iwell-guard.com&amp;utm_medium=info-box&amp;utm_campaign=schutzsymbole\"><div class=\"jet-button__plane jet-button__plane-normal\"><\/div><div class=\"jet-button__plane jet-button__plane-hover\"><\/div><div class=\"jet-button__state jet-button__state-normal\"><span class=\"jet-button__label\">Mer om iWell Guard<\/span><\/div><div class=\"jet-button__state jet-button__state-hover\"><span class=\"jet-button__label\">Mer om iWell Guard<\/span><\/div><\/a><\/div><\/div><style>.elementor-element.elementor-element-iwgs-roterfaden-ccb .jet-button__instance{width:320px;height:56px;}.elementor-element.elementor-element-iwgs-roterfaden-ccb .jet-button__state-normal .jet-button__label{text-align:center;margin:0px 0px 0px 0px;color:#1a1b20;font-family:Montserrat,sans-serif;font-size:13px;font-weight:400;letter-spacing:4px;line-height:1.714em;text-transform:uppercase;}.elementor-element.elementor-element-iwgs-roterfaden-ccb .jet-button__state-hover .jet-button__label{text-align:center;margin:0px 0px 0px 0px;color:#FECC76;font-family:Montserrat,sans-serif;font-size:13px;font-weight:400;letter-spacing:4px;line-height:1.714em;text-transform:uppercase;}.elementor-element.elementor-element-iwgs-roterfaden-ccb .jet-button__plane-normal{background-color:#FECC76;border-style:solid;border-color:#C99540;border-width:2px 2px 2px 2px;}.elementor-element.elementor-element-iwgs-roterfaden-ccb .jet-button__plane-hover{background-color:rgba(0,0,0,0.55);border-style:solid;border-color:#FECC76;border-width:2px 2px 2px 2px;}<\/style>\t\t\t\t<\/div>\n\t\t\t\t<\/div>\n\t\t\t\t<div class=\"elementor-element elementor-element-iwgs-roterfaden-ccd elementor-widget elementor-widget-text-editor\" data-id=\"iwgs-roterfaden-ccd\" data-element_type=\"widget\" data-e-type=\"widget\" data-widget_type=\"text-editor.default\">\n\t\t\t\t\t\t\t\t\t<p style=\"text-align:center;font-size:13px;opacity:0.7;margin-top:14px\" data-nosnippet=\"true\">Personlige erfaringer kan variere. Ikke et medisinsk produkt. Ingen garanti for helbredelse.<\/p>\t\t\t\t\t\t\t\t<\/div>\n\t\t\t\t\t<\/div>\n\t\t\t\t<\/div>\n\t\t\t\t\t<\/div>\n\t\t\t\t<\/div>\n\t\t<div class=\"elementor-element elementor-element-iwgs-roterfaden-disc e-flex e-con-boxed e-con e-parent\" data-id=\"iwgs-roterfaden-disc\" data-element_type=\"container\" data-e-type=\"container\">\n\t\t\t\t\t<div class=\"e-con-inner\">\n\t\t\t\t<div class=\"elementor-element elementor-element-iwgs-roterfaden-discw elementor-widget elementor-widget-html\" data-id=\"iwgs-roterfaden-discw\" data-element_type=\"widget\" data-e-type=\"widget\" data-widget_type=\"html.default\">\n\t\t\t\t\t<footer data-nosnippet=\"true\" class=\"iwg-disclaimer-block\"><p data-nosnippet=\"true\">iWell Guard er <strong>ikke et medisinsk produkt<\/strong> og erstatter ikke medisinsk eller psykoterapeutisk behandling. Innholdet som presenteres her, er en religionsvitenskapelig og kulturhistorisk kontekstualisering, ikke et l\u00f8fte om spirituell virkning.<\/p><\/footer>\t\t\t\t<\/div>\n\t\t\t\t\t<\/div>\n\t\t\t\t<\/div>\n\t\t\t\t<\/div>\n\t\t","protected":false},"excerpt":{"rendered":"","protected":false},"author":3,"featured_media":3511,"parent":0,"menu_order":0,"comment_status":"closed","ping_status":"closed","template":"elementor_header_footer","meta":{"_yoast_wpseo_focuskw":"r\u00f8d tr\u00e5d","_yoast_wpseo_title":"R\u00f8d tr\u00e5d \u2013 kabbalaens beskyttelsesb\u00e5nd","_yoast_wpseo_metadesc":"Den r\u00f8de tr\u00e5den rundt h\u00e5ndleddet regnes som beskyttelse mot det onde \u00f8yet. Opprinnelse, kabbalistisk bakgrunn og betydning forklart.","_yoast_wpseo_meta-robots-noindex":"","_yoast_wpseo_canonical":"","_angie_page":false,"gefaehrdungsstufe":"","wesen_kultur":"","wesen_klasse":"","footnotes":""},"categories":[],"class_list":["post-141357","page","type-page","status-publish","has-post-thumbnail","hentry"],"yoast_head":"<!-- This site is optimized with the Yoast SEO Premium plugin v27.7 (Yoast SEO v28.3) - https:\/\/yoast.com\/product\/yoast-seo-premium-wordpress\/ -->\n<title>R\u00f8d tr\u00e5d \u2013 kabbalaens beskyttelsesb\u00e5nd<\/title>\n<meta name=\"description\" content=\"Den r\u00f8de tr\u00e5den rundt h\u00e5ndleddet regnes som beskyttelse mot det onde \u00f8yet. Opprinnelse, kabbalistisk bakgrunn og betydning forklart.\" \/>\n<meta name=\"robots\" content=\"index, follow, max-snippet:-1, max-image-preview:large, max-video-preview:-1\" \/>\n<link rel=\"canonical\" href=\"https:\/\/iwell-guard.com\/no\/rod-trad-beskyttelsesband-mot-det-onde-oyet\/\" \/>\n<meta property=\"og:locale\" content=\"nb_NO\" \/>\n<meta property=\"og:type\" content=\"article\" \/>\n<meta property=\"og:title\" content=\"R\u00f8d tr\u00e5d \u2013 beskyttelsesb\u00e5ndet mot det onde \u00f8yet\" \/>\n<meta property=\"og:description\" content=\"Den r\u00f8de tr\u00e5den rundt h\u00e5ndleddet regnes som beskyttelse mot det onde \u00f8yet. Opprinnelse, kabbalistisk bakgrunn og betydning forklart.\" \/>\n<meta property=\"og:url\" content=\"https:\/\/iwell-guard.com\/no\/rod-trad-beskyttelsesband-mot-det-onde-oyet\/\" \/>\n<meta property=\"og:site_name\" content=\"iWell Guard\" \/>\n<meta property=\"article:modified_time\" content=\"2026-09-03T09:49:37+00:00\" \/>\n<meta property=\"og:image\" content=\"https:\/\/iwell-guard.com\/wp-content\/uploads\/2026\/05\/schutzsymbol_judentum_roter-faden.webp\" \/>\n\t<meta property=\"og:image:width\" content=\"1024\" \/>\n\t<meta property=\"og:image:height\" content=\"1536\" \/>\n\t<meta property=\"og:image:type\" content=\"image\/webp\" \/>\n<meta name=\"twitter:card\" content=\"summary_large_image\" \/>\n<script type=\"application\/ld+json\" class=\"yoast-schema-graph\">{\"@context\":\"https:\\\/\\\/schema.org\",\"@graph\":[{\"@type\":\"WebPage\",\"@id\":\"https:\\\/\\\/iwell-guard.com\\\/no\\\/rod-trad-beskyttelsesband-mot-det-onde-oyet\\\/\",\"url\":\"https:\\\/\\\/iwell-guard.com\\\/no\\\/rod-trad-beskyttelsesband-mot-det-onde-oyet\\\/\",\"name\":\"R\u00f8d tr\u00e5d \u2013 kabbalaens beskyttelsesb\u00e5nd\",\"isPartOf\":{\"@id\":\"https:\\\/\\\/iwell-guard.com\\\/no\\\/#website\"},\"primaryImageOfPage\":{\"@id\":\"https:\\\/\\\/iwell-guard.com\\\/no\\\/rod-trad-beskyttelsesband-mot-det-onde-oyet\\\/#primaryimage\"},\"image\":{\"@id\":\"https:\\\/\\\/iwell-guard.com\\\/no\\\/rod-trad-beskyttelsesband-mot-det-onde-oyet\\\/#primaryimage\"},\"thumbnailUrl\":\"https:\\\/\\\/iwell-guard.com\\\/wp-content\\\/uploads\\\/2026\\\/05\\\/schutzsymbol_judentum_roter-faden.webp\",\"datePublished\":\"2026-09-03T09:19:50+00:00\",\"dateModified\":\"2026-09-03T09:49:37+00:00\",\"description\":\"Den r\u00f8de tr\u00e5den rundt h\u00e5ndleddet regnes som beskyttelse mot det onde \u00f8yet. Opprinnelse, kabbalistisk bakgrunn og betydning forklart.\",\"breadcrumb\":{\"@id\":\"https:\\\/\\\/iwell-guard.com\\\/no\\\/rod-trad-beskyttelsesband-mot-det-onde-oyet\\\/#breadcrumb\"},\"inLanguage\":\"nb-NO\",\"potentialAction\":[{\"@type\":\"ReadAction\",\"target\":[\"https:\\\/\\\/iwell-guard.com\\\/no\\\/rod-trad-beskyttelsesband-mot-det-onde-oyet\\\/\"]}]},{\"@type\":\"ImageObject\",\"inLanguage\":\"nb-NO\",\"@id\":\"https:\\\/\\\/iwell-guard.com\\\/no\\\/rod-trad-beskyttelsesband-mot-det-onde-oyet\\\/#primaryimage\",\"url\":\"https:\\\/\\\/iwell-guard.com\\\/wp-content\\\/uploads\\\/2026\\\/05\\\/schutzsymbol_judentum_roter-faden.webp\",\"contentUrl\":\"https:\\\/\\\/iwell-guard.com\\\/wp-content\\\/uploads\\\/2026\\\/05\\\/schutzsymbol_judentum_roter-faden.webp\",\"width\":1024,\"height\":1536,\"caption\":\"Beskyttelsessymbol. Museal stilleben-illustrasjon.\"},{\"@type\":\"BreadcrumbList\",\"@id\":\"https:\\\/\\\/iwell-guard.com\\\/no\\\/rod-trad-beskyttelsesband-mot-det-onde-oyet\\\/#breadcrumb\",\"itemListElement\":[{\"@type\":\"ListItem\",\"position\":1,\"name\":\"Start\",\"item\":\"https:\\\/\\\/iwell-guard.com\\\/no\\\/?page_id=140795\"},{\"@type\":\"ListItem\",\"position\":2,\"name\":\"R\u00f8d tr\u00e5d \u2013 beskyttelsesb\u00e5ndet mot det onde \u00f8yet\"}]},{\"@type\":\"WebSite\",\"@id\":\"https:\\\/\\\/iwell-guard.com\\\/no\\\/#website\",\"url\":\"https:\\\/\\\/iwell-guard.com\\\/no\\\/\",\"name\":\"iWell Guard\",\"description\":\"Schutz vor dunklen Einfl\u00fcssen\",\"publisher\":{\"@id\":\"https:\\\/\\\/iwell-guard.com\\\/no\\\/#organization\"},\"potentialAction\":[{\"@type\":\"SearchAction\",\"target\":{\"@type\":\"EntryPoint\",\"urlTemplate\":\"https:\\\/\\\/iwell-guard.com\\\/no\\\/?s={search_term_string}\"},\"query-input\":{\"@type\":\"PropertyValueSpecification\",\"valueRequired\":true,\"valueName\":\"search_term_string\"}}],\"inLanguage\":\"nb-NO\"},{\"@type\":\"Organization\",\"@id\":\"https:\\\/\\\/iwell-guard.com\\\/no\\\/#organization\",\"name\":\"Ittermann electronic GmbH\",\"url\":\"https:\\\/\\\/iwell-guard.com\\\/no\\\/\",\"logo\":{\"@type\":\"ImageObject\",\"inLanguage\":\"nb-NO\",\"@id\":\"https:\\\/\\\/iwell-guard.com\\\/no\\\/#\\\/schema\\\/logo\\\/image\\\/\",\"url\":\"https:\\\/\\\/iwell-guard.com\\\/wp-content\\\/uploads\\\/2026\\\/05\\\/Ittermann-Logo-1182x237-1.png\",\"contentUrl\":\"https:\\\/\\\/iwell-guard.com\\\/wp-content\\\/uploads\\\/2026\\\/05\\\/Ittermann-Logo-1182x237-1.png\",\"width\":1182,\"height\":237,\"caption\":\"Ittermann electronic GmbH\"},\"image\":{\"@id\":\"https:\\\/\\\/iwell-guard.com\\\/no\\\/#\\\/schema\\\/logo\\\/image\\\/\"},\"sameAs\":[\"https:\\\/\\\/pantip.com\\\/profile\\\/9367242\",\"https:\\\/\\\/micro.blog\\\/iwellguard\",\"https:\\\/\\\/www.diggerslist.com\\\/iwellguard\\\/about\",\"https:\\\/\\\/skitterphoto.com\\\/photographers\\\/2870314\\\/iwell-guard\",\"https:\\\/\\\/iwellguard.wordpress.com\\\/2026\\\/06\\\/06\\\/iwell-guard\\\/\",\"https:\\\/\\\/hub.docker.com\\\/u\\\/iwellguard\",\"https:\\\/\\\/www.pinterest.com\\\/iwellguard\\\/\",\"https:\\\/\\\/bit.ly\\\/m\\\/iwellguard\",\"https:\\\/\\\/entre-vos-mains.alsace.eu\\\/profiles\\\/iwellguard\\\/activity\",\"https:\\\/\\\/gravatar.com\\\/reallybeded8fd34\",\"https:\\\/\\\/naijamatta.com\\\/iwellguard\",\"https:\\\/\\\/www.goodreads.com\\\/iwellguard\",\"https:\\\/\\\/profile.hatena.ne.jp\\\/iwellguard\\\/\",\"https:\\\/\\\/experiment.com\\\/users\\\/iwellguard\",\"https:\\\/\\\/wakelet.com\\\/@iWellGuard82270\",\"https:\\\/\\\/www.chordie.com\\\/forum\\\/profile.php?id=2555664\",\"https:\\\/\\\/www.instapaper.com\\\/p\\\/17757966\",\"https:\\\/\\\/www.mapleprimes.com\\\/users\\\/iwellguard\",\"https:\\\/\\\/businesslistingplus.com\\\/profile\\\/iwell-guard\\\/\",\"https:\\\/\\\/telegra.ph\\\/iWell-Guard-06-06\",\"https:\\\/\\\/pbase.com\\\/iwellguard\\\/iwellguard\",\"https:\\\/\\\/b.hatena.ne.jp\\\/iwellguard\\\/20260607#bookmark-4788405196491818882\",\"https:\\\/\\\/fliphtml5.com\\\/home\\\/iwellguard\",\"https:\\\/\\\/anyflip.com\\\/homepage\\\/cmiwl#About\",\"https:\\\/\\\/transfur.com\\\/Users\\\/iwellguard\",\"http:\\\/\\\/delphi.larsbo.org\\\/user\\\/iwellguard\",\"https:\\\/\\\/jobs.lajobsportal.org\\\/profiles\\\/8380803-iwell-guard\",\"https:\\\/\\\/md.chaosdorf.de\\\/s\\\/jfbe5SBdJD\",\"https:\\\/\\\/www.lingvolive.com\\\/en-us\\\/profile\\\/9ecaeaca-ce11-4e51-9e71-01d55e2bff36\\\/translations\",\"https:\\\/\\\/www.fitday.com\\\/fitness\\\/forums\\\/members\\\/iwellguard.html\",\"https:\\\/\\\/www.mymeetbook.com\\\/iwellguard\",\"https:\\\/\\\/pxhere.com\\\/en\\\/photographer-me\\\/5040798\",\"https:\\\/\\\/disqus.com\\\/by\\\/iwellguard\\\/about\\\/\",\"https:\\\/\\\/pastelink.net\\\/hjwciqwq\",\"https:\\\/\\\/pubhtml5.com\\\/homepage\\\/scjhn\\\/\",\"https:\\\/\\\/www.bitchute.com\\\/channel\\\/2O2eOKzNqujT\",\"https:\\\/\\\/audiomack.com\\\/iwellguard\"]}]}<\/script>\n<!-- \/ Yoast SEO Premium plugin. -->","yoast_head_json":{"title":"R\u00f8d tr\u00e5d \u2013 kabbalaens beskyttelsesb\u00e5nd","description":"Den r\u00f8de tr\u00e5den rundt h\u00e5ndleddet regnes som beskyttelse mot det onde \u00f8yet. Opprinnelse, kabbalistisk bakgrunn og betydning forklart.","robots":{"index":"index","follow":"follow","max-snippet":"max-snippet:-1","max-image-preview":"max-image-preview:large","max-video-preview":"max-video-preview:-1"},"canonical":"https:\/\/iwell-guard.com\/no\/rod-trad-beskyttelsesband-mot-det-onde-oyet\/","og_locale":"nb_NO","og_type":"article","og_title":"R\u00f8d tr\u00e5d \u2013 beskyttelsesb\u00e5ndet mot det onde \u00f8yet","og_description":"Den r\u00f8de tr\u00e5den rundt h\u00e5ndleddet regnes som beskyttelse mot det onde \u00f8yet. Opprinnelse, kabbalistisk bakgrunn og betydning forklart.","og_url":"https:\/\/iwell-guard.com\/no\/rod-trad-beskyttelsesband-mot-det-onde-oyet\/","og_site_name":"iWell Guard","article_modified_time":"2026-09-03T09:49:37+00:00","og_image":[{"width":1024,"height":1536,"url":"https:\/\/iwell-guard.com\/wp-content\/uploads\/2026\/05\/schutzsymbol_judentum_roter-faden.webp","type":"image\/webp"}],"twitter_card":"summary_large_image","schema":{"@context":"https:\/\/schema.org","@graph":[{"@type":"WebPage","@id":"https:\/\/iwell-guard.com\/no\/rod-trad-beskyttelsesband-mot-det-onde-oyet\/","url":"https:\/\/iwell-guard.com\/no\/rod-trad-beskyttelsesband-mot-det-onde-oyet\/","name":"R\u00f8d tr\u00e5d \u2013 kabbalaens beskyttelsesb\u00e5nd","isPartOf":{"@id":"https:\/\/iwell-guard.com\/no\/#website"},"primaryImageOfPage":{"@id":"https:\/\/iwell-guard.com\/no\/rod-trad-beskyttelsesband-mot-det-onde-oyet\/#primaryimage"},"image":{"@id":"https:\/\/iwell-guard.com\/no\/rod-trad-beskyttelsesband-mot-det-onde-oyet\/#primaryimage"},"thumbnailUrl":"https:\/\/iwell-guard.com\/wp-content\/uploads\/2026\/05\/schutzsymbol_judentum_roter-faden.webp","datePublished":"2026-09-03T09:19:50+00:00","dateModified":"2026-09-03T09:49:37+00:00","description":"Den r\u00f8de tr\u00e5den rundt h\u00e5ndleddet regnes som beskyttelse mot det onde \u00f8yet. Opprinnelse, kabbalistisk bakgrunn og betydning forklart.","breadcrumb":{"@id":"https:\/\/iwell-guard.com\/no\/rod-trad-beskyttelsesband-mot-det-onde-oyet\/#breadcrumb"},"inLanguage":"nb-NO","potentialAction":[{"@type":"ReadAction","target":["https:\/\/iwell-guard.com\/no\/rod-trad-beskyttelsesband-mot-det-onde-oyet\/"]}]},{"@type":"ImageObject","inLanguage":"nb-NO","@id":"https:\/\/iwell-guard.com\/no\/rod-trad-beskyttelsesband-mot-det-onde-oyet\/#primaryimage","url":"https:\/\/iwell-guard.com\/wp-content\/uploads\/2026\/05\/schutzsymbol_judentum_roter-faden.webp","contentUrl":"https:\/\/iwell-guard.com\/wp-content\/uploads\/2026\/05\/schutzsymbol_judentum_roter-faden.webp","width":1024,"height":1536,"caption":"Beskyttelsessymbol. Museal stilleben-illustrasjon."},{"@type":"BreadcrumbList","@id":"https:\/\/iwell-guard.com\/no\/rod-trad-beskyttelsesband-mot-det-onde-oyet\/#breadcrumb","itemListElement":[{"@type":"ListItem","position":1,"name":"Start","item":"https:\/\/iwell-guard.com\/no\/?page_id=140795"},{"@type":"ListItem","position":2,"name":"R\u00f8d tr\u00e5d \u2013 beskyttelsesb\u00e5ndet mot det onde \u00f8yet"}]},{"@type":"WebSite","@id":"https:\/\/iwell-guard.com\/no\/#website","url":"https:\/\/iwell-guard.com\/no\/","name":"iWell Guard","description":"Schutz vor dunklen Einfl\u00fcssen","publisher":{"@id":"https:\/\/iwell-guard.com\/no\/#organization"},"potentialAction":[{"@type":"SearchAction","target":{"@type":"EntryPoint","urlTemplate":"https:\/\/iwell-guard.com\/no\/?s={search_term_string}"},"query-input":{"@type":"PropertyValueSpecification","valueRequired":true,"valueName":"search_term_string"}}],"inLanguage":"nb-NO"},{"@type":"Organization","@id":"https:\/\/iwell-guard.com\/no\/#organization","name":"Ittermann electronic GmbH","url":"https:\/\/iwell-guard.com\/no\/","logo":{"@type":"ImageObject","inLanguage":"nb-NO","@id":"https:\/\/iwell-guard.com\/no\/#\/schema\/logo\/image\/","url":"https:\/\/iwell-guard.com\/wp-content\/uploads\/2026\/05\/Ittermann-Logo-1182x237-1.png","contentUrl":"https:\/\/iwell-guard.com\/wp-content\/uploads\/2026\/05\/Ittermann-Logo-1182x237-1.png","width":1182,"height":237,"caption":"Ittermann electronic GmbH"},"image":{"@id":"https:\/\/iwell-guard.com\/no\/#\/schema\/logo\/image\/"},"sameAs":["https:\/\/pantip.com\/profile\/9367242","https:\/\/micro.blog\/iwellguard","https:\/\/www.diggerslist.com\/iwellguard\/about","https:\/\/skitterphoto.com\/photographers\/2870314\/iwell-guard","https:\/\/iwellguard.wordpress.com\/2026\/06\/06\/iwell-guard\/","https:\/\/hub.docker.com\/u\/iwellguard","https:\/\/www.pinterest.com\/iwellguard\/","https:\/\/bit.ly\/m\/iwellguard","https:\/\/entre-vos-mains.alsace.eu\/profiles\/iwellguard\/activity","https:\/\/gravatar.com\/reallybeded8fd34","https:\/\/naijamatta.com\/iwellguard","https:\/\/www.goodreads.com\/iwellguard","https:\/\/profile.hatena.ne.jp\/iwellguard\/","https:\/\/experiment.com\/users\/iwellguard","https:\/\/wakelet.com\/@iWellGuard82270","https:\/\/www.chordie.com\/forum\/profile.php?id=2555664","https:\/\/www.instapaper.com\/p\/17757966","https:\/\/www.mapleprimes.com\/users\/iwellguard","https:\/\/businesslistingplus.com\/profile\/iwell-guard\/","https:\/\/telegra.ph\/iWell-Guard-06-06","https:\/\/pbase.com\/iwellguard\/iwellguard","https:\/\/b.hatena.ne.jp\/iwellguard\/20260607#bookmark-4788405196491818882","https:\/\/fliphtml5.com\/home\/iwellguard","https:\/\/anyflip.com\/homepage\/cmiwl#About","https:\/\/transfur.com\/Users\/iwellguard","http:\/\/delphi.larsbo.org\/user\/iwellguard","https:\/\/jobs.lajobsportal.org\/profiles\/8380803-iwell-guard","https:\/\/md.chaosdorf.de\/s\/jfbe5SBdJD","https:\/\/www.lingvolive.com\/en-us\/profile\/9ecaeaca-ce11-4e51-9e71-01d55e2bff36\/translations","https:\/\/www.fitday.com\/fitness\/forums\/members\/iwellguard.html","https:\/\/www.mymeetbook.com\/iwellguard","https:\/\/pxhere.com\/en\/photographer-me\/5040798","https:\/\/disqus.com\/by\/iwellguard\/about\/","https:\/\/pastelink.net\/hjwciqwq","https:\/\/pubhtml5.com\/homepage\/scjhn\/","https:\/\/www.bitchute.com\/channel\/2O2eOKzNqujT","https:\/\/audiomack.com\/iwellguard"]}]}},"_links":{"self":[{"href":"https:\/\/iwell-guard.com\/no\/wp-json\/wp\/v2\/pages\/141357","targetHints":{"allow":["GET"]}}],"collection":[{"href":"https:\/\/iwell-guard.com\/no\/wp-json\/wp\/v2\/pages"}],"about":[{"href":"https:\/\/iwell-guard.com\/no\/wp-json\/wp\/v2\/types\/page"}],"author":[{"embeddable":true,"href":"https:\/\/iwell-guard.com\/no\/wp-json\/wp\/v2\/users\/3"}],"replies":[{"embeddable":true,"href":"https:\/\/iwell-guard.com\/no\/wp-json\/wp\/v2\/comments?post=141357"}],"version-history":[{"count":0,"href":"https:\/\/iwell-guard.com\/no\/wp-json\/wp\/v2\/pages\/141357\/revisions"}],"wp:featuredmedia":[{"embeddable":true,"href":"https:\/\/iwell-guard.com\/no\/wp-json\/wp\/v2\/media\/3511"}],"wp:attachment":[{"href":"https:\/\/iwell-guard.com\/no\/wp-json\/wp\/v2\/media?parent=141357"}],"wp:term":[{"taxonomy":"category","embeddable":true,"href":"https:\/\/iwell-guard.com\/no\/wp-json\/wp\/v2\/categories?post=141357"}],"curies":[{"name":"wp","href":"https:\/\/api.w.org\/{rel}","templated":true}]}}