{"id":141249,"date":"2026-09-03T09:18:19","date_gmt":"2026-09-03T09:18:19","guid":{"rendered":"https:\/\/iwell-guard.com\/?page_id=141249"},"modified":"2026-09-03T09:46:25","modified_gmt":"2026-09-03T09:46:25","slug":"sin-manegud-fra-ur-og-harran","status":"publish","type":"page","link":"https:\/\/iwell-guard.com\/no\/sin-manegud-fra-ur-og-harran\/","title":{"rendered":"Sin \u2013 m\u00e5negud fra Ur og Harran"},"content":{"rendered":"\t\t<div data-elementor-type=\"wp-page\" data-elementor-id=\"141249\" class=\"elementor elementor-141249 elementor-2921 elementor-bc-flex-widget\" data-elementor-post-type=\"page\">\n\t\t\t\t<div class=\"elementor-element elementor-element-hero2b91e78 e-flex e-con-boxed e-con e-parent\" data-id=\"hero2b91e78\" data-element_type=\"container\" data-e-type=\"container\">\n\t\t\t\t\t<div class=\"e-con-inner\">\n\t\t\t\t<div class=\"elementor-element elementor-element-heroimg44d3a7a iwg-hero-image elementor-widget elementor-widget-image\" data-id=\"heroimg44d3a7a\" data-element_type=\"widget\" data-e-type=\"widget\" data-widget_type=\"image.default\">\n\t\t\t\t\t\t\t\t\t\t\t\t\t\t\t<img fetchpriority=\"high\" decoding=\"async\" width=\"683\" height=\"1024\" src=\"https:\/\/iwell-guard.com\/wp-content\/uploads\/2026\/05\/goetter_mesopotamien_sin-683x1024.webp\" class=\"attachment-large size-large wp-image-3382\" alt=\"Sin \u2013 m\u00e5negud fra Ur og Harran\" srcset=\"https:\/\/iwell-guard.com\/wp-content\/uploads\/2026\/05\/goetter_mesopotamien_sin-683x1024.webp 683w, https:\/\/iwell-guard.com\/wp-content\/uploads\/2026\/05\/goetter_mesopotamien_sin-200x300.webp 200w, https:\/\/iwell-guard.com\/wp-content\/uploads\/2026\/05\/goetter_mesopotamien_sin-768x1152.webp 768w, https:\/\/iwell-guard.com\/wp-content\/uploads\/2026\/05\/goetter_mesopotamien_sin.webp 1024w\" sizes=\"(max-width: 683px) 100vw, 683px\" \/>\t\t\t\t\t\t\t\t\t\t\t\t\t\t\t<\/div>\n\t\t\t\t\t<\/div>\n\t\t\t\t<\/div>\n\t\t<div class=\"elementor-element elementor-element-iwgw-sin-hero e-flex e-con-boxed e-con e-parent\" data-id=\"iwgw-sin-hero\" data-element_type=\"container\" data-e-type=\"container\">\n\t\t\t\t\t<div class=\"e-con-inner\">\n\t\t\t\t<div class=\"elementor-element elementor-element-iwgw-sin-h1 elementor-widget elementor-widget-heading\" data-id=\"iwgw-sin-h1\" data-element_type=\"widget\" data-e-type=\"widget\" data-widget_type=\"heading.default\">\n\t\t\t\t\t<h1 class=\"elementor-heading-title elementor-size-default\">Sin \u2013 mesopotamisk m\u00e5negud og nattens herre<\/h1>\t\t\t\t<\/div>\n\t\t\t\t<div class=\"elementor-element elementor-element-iwgw-sin-pills elementor-widget elementor-widget-html\" data-id=\"iwgw-sin-pills\" data-element_type=\"widget\" data-e-type=\"widget\" data-widget_type=\"html.default\">\n\t\t\t\t\t<div class=\"iwg-pill-row\"><span class=\"iwg-klasse-badge\" tabindex=\"0\" data-tooltip=\"Gud av tradisjonen Mesopotamia.\">Gud<\/span><a href=\"https:\/\/iwell-guard.com\/no\/mesopotamien\/\" class=\"iwg-kultur-badge\" tabindex=\"0\" data-tooltip=\"Mytologi fra tradisjonen Mesopotamia.\">Mesopotamia<\/a><span class=\"iwg-tradition-badge\" tabindex=\"0\" data-tooltip=\"M\u00e5negudom.\">M\u00e5negudom<\/span><\/div>\t\t\t\t<\/div>\n\t\t\t\t<div class=\"elementor-element elementor-element-iwgw-sin-lead elementor-widget elementor-widget-text-editor\" data-id=\"iwgw-sin-lead\" data-element_type=\"widget\" data-e-type=\"widget\" data-widget_type=\"text-editor.default\">\n\t\t\t\t\t\t\t\t\t\nSin (ogs\u00e5 kalt m\u00e5negud Nanna i det sumeriske <span class=\"iwg-fachbegriff\" data-tooltip=\"Helheten av guder i en religion eller kultur.\" tabindex=\"0\">pantheon<\/span>) representerte m\u00e5nen og dermed tidens orden. Som herre over nattehimmelen regulerte han m\u00e5neder og h\u00f8ytider, ble regnet som en vis teller av dager og som far til viktige guder i det babylonske pantheon. I Ur og Harran holdt tempelkultene hans seg helt til langt inn i den islamske <span class=\"iwg-fachbegriff\" data-tooltip=\"Overgangsepoke mellom antikken og middelalderen, om lag 3. til 7. \u00e5rhundre.\" tabindex=\"0\">senantikken<\/span>.\t\t\t\t\t\t\t\t<\/div>\n\t\t\t\t\t<\/div>\n\t\t\t\t<\/div>\n\t\t<div class=\"elementor-element elementor-element-iwgw-sin-s0 e-flex e-con-boxed e-con e-parent\" data-id=\"iwgw-sin-s0\" data-element_type=\"container\" data-e-type=\"container\">\n\t\t\t\t\t<div class=\"e-con-inner\">\n\t\t\t\t<div class=\"elementor-element elementor-element-iwgw-sin-s0h elementor-widget elementor-widget-heading\" data-id=\"iwgw-sin-s0h\" data-element_type=\"widget\" data-e-type=\"widget\" data-widget_type=\"heading.default\">\n\t\t\t\t\t<h2 class=\"elementor-heading-title elementor-size-default\">Innplassering<\/h2>\t\t\t\t<\/div>\n\t\t\t\t<div class=\"elementor-element elementor-element-iwgw-sin-s0t elementor-widget elementor-widget-text-editor\" data-id=\"iwgw-sin-s0t\" data-element_type=\"widget\" data-e-type=\"widget\" data-widget_type=\"text-editor.default\">\n\t\t\t\t\t\t\t\t\t<p>Sin, p\u00e5 sumerisk kalt Nanna eller Suen, h\u00f8rer til de eldste og mest varige gudene i <a href=\"https:\/\/iwell-guard.com\/no\/mesopotamien\/\">Mesopotamia<\/a>. Som m\u00e5negud hadde han en fremst\u00e5ende posisjon innenfor pantheonet, ettersom m\u00e5nen strukturerte kalenderen og dermed hele det religi\u00f8se og \u00f8konomiske livet.<\/p><p>I den teologiske systematikken ble Sin regnet som s\u00f8nn av Enlil og Ninlil, og var dermed fast forankret i den h\u00f8yeste gudefamilien.<\/p><p>Fra Sin utgikk flere betydelige guder. Hans barn var solguden Shamash, og videre gudinnen Ishtar i hennes skikkelse som Venus-stjernen.<\/p><p>Dermed stod Sin ved opprinnelsen til de himmelgudene som var sentrale for den mesopotamiske astralreligionen. M\u00e5nen som far til sol og Venus gjenspeiler den h\u00f8ye aktelsen nattehimmelen hadde i denne kulturen.<\/p><p>Religionshistorisk er levedyktigheten til Sin-kulten bemerkelsesverdig. Mens andre guder tapte betydning, hadde Sin en trofast tilhengerskare gjennom \u00e5rtusener. S\u00e6rlig <span class=\"iwg-fachbegriff\" data-tooltip=\"Et hellig sted viet dyrkelsen av en gudom.\" tabindex=\"0\">helligdommen<\/span> i Harran nord i Mesopotamia forble et levende sentrum for m\u00e5nedyrkelse helt til <span class=\"iwg-fachbegriff\" data-tooltip=\"Overgangsepoke mellom antikken og middelalderen, om lag 3. til 7. \u00e5rhundre.\" tabindex=\"0\">senantikken<\/span>.<\/p>\t\t\t\t\t\t\t\t<\/div>\n\t\t\t\t\t<\/div>\n\t\t\t\t<\/div>\n\t\t<div class=\"elementor-element elementor-element-iwgw-sin-s1 e-flex e-con-boxed e-con e-parent\" data-id=\"iwgw-sin-s1\" data-element_type=\"container\" data-e-type=\"container\">\n\t\t\t\t\t<div class=\"e-con-inner\">\n\t\t\t\t<div class=\"elementor-element elementor-element-iwgw-sin-s1h elementor-widget elementor-widget-heading\" data-id=\"iwgw-sin-s1h\" data-element_type=\"widget\" data-e-type=\"widget\" data-widget_type=\"heading.default\">\n\t\t\t\t\t<h2 class=\"elementor-heading-title elementor-size-default\">Navn og etymologi<\/h2>\t\t\t\t<\/div>\n\t\t\t\t<div class=\"elementor-element elementor-element-iwgw-sin-s1t elementor-widget elementor-widget-text-editor\" data-id=\"iwgw-sin-s1t\" data-element_type=\"widget\" data-e-type=\"widget\" data-widget_type=\"text-editor.default\">\n\t\t\t\t\t\t\t\t\t<p>Guden har to hovednavn, og forholdet mellom disse har lenge v\u00e6rt et tema for forskningen. Det sumeriske navnet Nanna er det eldste; ved siden av det finnes formen Suen, som gjennom lydutvikling p\u00e5 akkadisk ga navnet Sin. I mange tekster forekommer skrivem\u00e5ten som en sammensetning av tegnene som gjengir Nanna og Suen.<\/p><p>Den n\u00f8yaktige betydningen av navnet Nanna er ikke fullstendig klarlagt. Det er foresl\u00e5tt tolkninger som forbinder det med det lysende himmellegemet eller med begreper for glans og opph\u00f8yethet. For Suen er etymologien ogs\u00e5 usikker. Viktigere enn den spr\u00e5khistoriske avledningen er observasjonen at begge navnene ble brukt gjennom hele den mesopotamiske historien, ofte side ved side.<\/p><p>Sin bar mange tilnavn som beskrev hans funksjoner. Han ble kalt den lysende tyren, kronens herre, den vise herre eller dagenes teller. Forbindelsen til tyren stammer fra m\u00e5nesigden, hvis form minnet om tyrehorn. Disse bildene g\u00e5r igjennom hymner og b\u00f8nner og preger den religi\u00f8se forst\u00e5elsen av guden.<\/p>\t\t\t\t\t\t\t\t<\/div>\n\t\t\t\t\t<\/div>\n\t\t\t\t<\/div>\n\t\t<div class=\"elementor-element elementor-element-iwgw-sin-s2 e-flex e-con-boxed e-con e-parent\" data-id=\"iwgw-sin-s2\" data-element_type=\"container\" data-e-type=\"container\">\n\t\t\t\t\t<div class=\"e-con-inner\">\n\t\t\t\t<div class=\"elementor-element elementor-element-iwgw-sin-s2h elementor-widget elementor-widget-heading\" data-id=\"iwgw-sin-s2h\" data-element_type=\"widget\" data-e-type=\"widget\" data-widget_type=\"heading.default\">\n\t\t\t\t\t<h2 class=\"elementor-heading-title elementor-size-default\">Beskrivelse og ikonografi<\/h2>\t\t\t\t<\/div>\n\t\t\t\t<div class=\"elementor-element elementor-element-iwgw-sin-s2t elementor-widget elementor-widget-text-editor\" data-id=\"iwgw-sin-s2t\" data-element_type=\"widget\" data-e-type=\"widget\" data-widget_type=\"text-editor.default\">\n\t\t\t\t\t\t\t\t\t<p>Sins tydelige og gjennom \u00e5rhundrene stabile <span class=\"iwg-fachbegriff\" data-tooltip=\"Et tegn som representerer en forestilling eller betydning.\" tabindex=\"0\">symbol<\/span> er den liggende m\u00e5nesigden. Den fremst\u00e5r p\u00e5 rullesegl, grensesteiner, steler og i tempelkunst. Ofte er sigden fremstilt slik at den minner om en b\u00e5t, noe som stemmer med forestillingen om at m\u00e5negudens gjennomkrysser himmelen om natten som p\u00e5 et fart\u00f8y.<\/p><p>I antropomorfe fremstillinger vises Sin som en skjegget, tronende gud med hornkrone. Noen bilder viser ham med en halvm\u00e5ne over hodet eller i h\u00e5nden.<\/p><p>P\u00e5 de babylonske grensesteinene, de s\u00e5kalte kudurruene, h\u00f8rer m\u00e5nesigden til de mest hyppig avbildede guddommelige symbolene, og der st\u00e5r den vanligvis ved siden av solstjernen til Shamash og Venus-stjernen til Ishtar.<\/p><p>Den litter\u00e6re beskrivelsen fremhever lyset til Sin. Skinnet hans beskrives som mildt, men ogs\u00e5 gjennomtrengende. Han opplyser natten uten \u00e5 fordrive den, og gj\u00f8r det mulig \u00e5 orientere seg i m\u00f8rket.<\/p><p>M\u00e5nens tiltagen og avtagen ble tolket mytisk og forbundet med gudens jevnlige framtreden og forsvinning. Denne sykliske naturen gjorde Sin til et bilde p\u00e5 den p\u00e5litelige, selvfornyende ordenen.<\/p>\t\t\t\t\t\t\t\t<\/div>\n\t\t\t\t\t<\/div>\n\t\t\t\t<\/div>\n\t\t<div class=\"elementor-element elementor-element-iwgw-sin-s3 e-flex e-con-boxed e-con e-parent\" data-id=\"iwgw-sin-s3\" data-element_type=\"container\" data-e-type=\"container\">\n\t\t\t\t\t<div class=\"e-con-inner\">\n\t\t\t\t<div class=\"elementor-element elementor-element-iwgw-sin-s3h elementor-widget elementor-widget-heading\" data-id=\"iwgw-sin-s3h\" data-element_type=\"widget\" data-e-type=\"widget\" data-widget_type=\"heading.default\">\n\t\t\t\t\t<h2 class=\"elementor-heading-title elementor-size-default\">Mytologiske fortellinger<\/h2>\t\t\t\t<\/div>\n\t\t\t\t<div class=\"elementor-element elementor-element-iwgw-sin-s3t elementor-widget elementor-widget-text-editor\" data-id=\"iwgw-sin-s3t\" data-element_type=\"widget\" data-e-type=\"widget\" data-widget_type=\"text-editor.default\">\n\t\t\t\t\t\t\t\t\t<p>Sins f\u00f8dsel skildres i fortellingen om Enlil og Ninlil. Etter at Enlil har forgrepet seg p\u00e5 gudinnen Ninlil, blir han av gudeforsamlingen forvist til underverdenen. Ninlil, som har blitt gravid med m\u00e5negudens barn av ham, f\u00f8lger ham dit.<\/p><p>For at barnet, som skal tilh\u00f8re den lyse himmelen, ikke skal forbli i underverdenen, gir Enlil og Ninlil gjennom flere nye m\u00f8ter erstatningsguder til underverdenen. Slik kommer Sin til himmelen, mens de underjordiske gudene bebor dypet.<\/p><p>Sin trer ogs\u00e5 fram i myter der han blir angrepet av demoner. En besvergelsesfortelling skildrer hvordan onde makter form\u00f8rker m\u00e5nen. I en overlevert fortelling forbinder sju onde demoner seg for \u00e5 omringe Sin p\u00e5 himmelen og slokke hans lys.<\/p><p>En m\u00e5neform\u00f8rkelse ble sett p\u00e5 som et ulykkesbringende tegn, som et angrep fra fiendtlige vesener p\u00e5 guden. I slike tilfeller kalte besvergelsesprestene p\u00e5 andre guder for \u00e5 hjelpe Sin med \u00e5 gjenvinne sitt lys. Dette fortellermotivet knytter <span class=\"iwg-fachbegriff\" data-tooltip=\"En overlevert fortelling om guder, opphav og verdens ordning.\" tabindex=\"0\">myte<\/span> og <span class=\"iwg-fachbegriff\" data-tooltip=\"En fastlagt rekke symbolske handlinger med religi\u00f8s eller kulturell betydning.\" tabindex=\"0\">ritual<\/span> direkte sammen.<\/p><p>I hymner skildres Sin som en vis r\u00e5dgiver som sammen med sin s\u00f8nn Shamash v\u00e5ker over rett og sannhet. Mens Shamash som solgud ser alt om dagen, gjennomlyser Sin natten.<\/p><p>Av denne konstellasjonen springer forestillingen om et fullstendig gudeblikk som ikke lar noe forbli skjult. M\u00e5nedens skjebne, heter det, bestemmes av Sin, og derfor ble hans m\u00e5nedlige framtreden fulgt med s\u00e6rlig oppmerksomhet.<\/p><p>Et eget fortellermotiv gjelder dr\u00f8mmen, der Sin \u00e5penbarer seg for menneskene. Den siste babylonske kongen Nabonid forteller i sine innskrifter at m\u00e5negudens skikkelse viste seg for ham i en dr\u00f8m og ga ham i oppdrag \u00e5 gjenoppbygge sitt forfalne <span class=\"iwg-fachbegriff\" data-tooltip=\"En bygning som brukes til tilbedelse av en eller flere guder.\" tabindex=\"0\">tempel<\/span> i Harran.<\/p><p>Slike tekster er ikke myter i streng forstand, men de viser hvordan mytiske forestillinger om den talende, veiledende guden virket helt inn i kongens egen selvframstilling.<\/p><p>Ogs\u00e5 i hymner som tilskrives Enheduanna, og i b\u00f8nner fra h\u00f8yprestinnene, framst\u00e5r Sin som en gud som h\u00f8rer b\u00f8nner og sender tegn. Tydningen av disse tegnene, s\u00e6rlig m\u00e5nefasene og m\u00e5nesigdens stilling, var gjenstand for en utviklet observasjons- og tolkningspraksis.<\/p>\t\t\t\t\t\t\t\t<\/div>\n\t\t\t\t\t<\/div>\n\t\t\t\t<\/div>\n\t\t<div class=\"elementor-element elementor-element-iwgw-sin-s4 e-flex e-con-boxed e-con e-parent\" data-id=\"iwgw-sin-s4\" data-element_type=\"container\" data-e-type=\"container\">\n\t\t\t\t\t<div class=\"e-con-inner\">\n\t\t\t\t<div class=\"elementor-element elementor-element-iwgw-sin-s4h elementor-widget elementor-widget-heading\" data-id=\"iwgw-sin-s4h\" data-element_type=\"widget\" data-e-type=\"widget\" data-widget_type=\"heading.default\">\n\t\t\t\t\t<h2 class=\"elementor-heading-title elementor-size-default\">Kult og tilbedelse<\/h2>\t\t\t\t<\/div>\n\t\t\t\t<div class=\"elementor-element elementor-element-iwgw-sin-s4t elementor-widget elementor-widget-text-editor\" data-id=\"iwgw-sin-s4t\" data-element_type=\"widget\" data-e-type=\"widget\" data-widget_type=\"text-editor.default\">\n\t\t\t\t\t\t\t\t\t<p>Det viktigste kultsenteret for Sin i S\u00f8r-Mesopotamia var byen Ur. Der l\u00e5 <span class=\"iwg-fachbegriff\" data-tooltip=\"En bygning som brukes til tilbedelse av en eller flere guder.\" tabindex=\"0\">tempelet<\/span> Ekishnugal, og den ber\u00f8mte zigguraten i Ur, en trappeformet tempelplattform, var <span class=\"iwg-fachbegriff\" data-tooltip=\"Overgitt til det hellige gjennom en religi\u00f8s handling, og dermed hevet over det alminnelige.\" tabindex=\"0\">viet<\/span> til m\u00e5negudens \u00e6re. Kong Ur-Nammu og hans s\u00f8nn Shulgi lot den monumentale zigguraten oppf\u00f8re i den formen som ruinene fortsatt viser i dag.<\/p><p>Under den tredje dynastiet i Ur opplevde <span class=\"iwg-fachbegriff\" data-tooltip=\"Summen av alle religi\u00f8se tilbedelseshandlinger for en gud eller hellig skikkelse.\" tabindex=\"0\">kulten<\/span> en s\u00e6rlig blomstring.<\/p><p>Embetet som h\u00f8yprestinne for m\u00e5negudens kult spilte en fremtredende rolle, og det ble ofte besatt av konged\u00f8tre. Den mest kjente innehaveren av dette embetet var Enheduanna, en datter av kong Sargon av Akkad, som blir tilskrevet litter\u00e6re hymner.<\/p><p>Embetet besto i flere \u00e5rhundrer, og selv kong Nabonid innsatte sin datter som prestinne i Ur, med henvisning til et gudommelig valg vist gjennom et m\u00e5neomen.<\/p><p>I Nord-Mesopotamia var Harran det andre store senteret for m\u00e5neforgudelsen. Sins <span class=\"iwg-fachbegriff\" data-tooltip=\"En bygning som brukes til tilbedelse av en eller flere guder.\" tabindex=\"0\">tempel<\/span> der, kalt Ehulhul, hadde anseelse over en usedvanlig lang tidsperiode.<\/p><p>S\u00e5 sent som i det f\u00f8rste \u00e5rtusenet f\u00f8r v\u00e5r tidsregning viste nyassyriske og nybabylonske herskere stor interesse for dette <span class=\"iwg-fachbegriff\" data-tooltip=\"Et hellig sted viet til tilbedelse av en gud.\" tabindex=\"0\">helligstedet<\/span>. Den siste babylonske kongen Nabonid viet Sin av Harran s\u00e6rlig oppmerksomhet, lot <span class=\"iwg-fachbegriff\" data-tooltip=\"En bygning som brukes til tilbedelse av en eller flere guder.\" tabindex=\"0\">tempelet<\/span> gjenoppbygge og tilbrakte flere \u00e5r borte fra Babylon, noe som m\u00f8tte motstand blant prestene til andre guder, s\u00e6rlig Marduk.<\/p><p>Ogs\u00e5 Nabonids mor, hvis lange levetid en egen <span class=\"iwg-fachbegriff\" data-tooltip=\"En tekst risset eller hugget inn i et fast materiale.\" tabindex=\"0\">innskrift<\/span> minnes, var n\u00e6rt knyttet til Sin-<span class=\"iwg-fachbegriff\" data-tooltip=\"Summen av alle religi\u00f8se tilbedelseshandlinger for en gud eller hellig skikkelse.\" tabindex=\"0\">kulten<\/span> i Harran.<\/p><p><span class=\"iwg-fachbegriff\" data-tooltip=\"Summen av alle religi\u00f8se tilbedelseshandlinger for en gud eller hellig skikkelse.\" tabindex=\"0\">Kulten<\/span> omfattet daglige <span class=\"iwg-fachbegriff\" data-tooltip=\"Gave til en gud for \u00e5 uttrykke takk, b\u00f8nn eller tilbedelse.\" tabindex=\"0\">offer<\/span>, m\u00e5nedlige fester knyttet til m\u00e5nefasene og b\u00f8nner. Nym\u00e5ne, fullm\u00e5ne og m\u00e5nens forsvinning var <span class=\"iwg-fachbegriff\" data-tooltip=\"Tilh\u00f8rende et fastlagt religi\u00f8st handlingsforl\u00f8p.\" tabindex=\"0\">rituelt<\/span> betydningsfulle tidspunkt, der spesielle riter ble utf\u00f8rt. Dagen for den forsvinnende m\u00e5nen ble ansett som betent og var forbundet med klage- og botsriter.<\/p><p><span class=\"iwg-fachbegriff\" data-tooltip=\"En bygning som brukes til tilbedelse av en eller flere guder.\" tabindex=\"0\">Templene<\/span> hadde omfattende jordeiendom og et hierarkisk oppbygd presteskap med sangere, klageprester og administrativt personell. Fra Ur stammer rike arkeologiske funn, blant annet <span class=\"iwg-fachbegriff\" data-tooltip=\"Et hellig sted viet til tilbedelse av en gud.\" tabindex=\"0\">helligstedet<\/span> for h\u00f8yprestinneembetet, Giparu, som gir et innblikk i den materielle kulturen knyttet til Sin-kulten.<\/p>\t\t\t\t\t\t\t\t<\/div>\n\t\t\t\t\t<\/div>\n\t\t\t\t<\/div>\n\t\t<div class=\"elementor-element elementor-element-iwgw-sin-s5 e-flex e-con-boxed e-con e-parent\" data-id=\"iwgw-sin-s5\" data-element_type=\"container\" data-e-type=\"container\">\n\t\t\t\t\t<div class=\"e-con-inner\">\n\t\t\t\t<div class=\"elementor-element elementor-element-iwgw-sin-s5h elementor-widget elementor-widget-heading\" data-id=\"iwgw-sin-s5h\" data-element_type=\"widget\" data-e-type=\"widget\" data-widget_type=\"heading.default\">\n\t\t\t\t\t<h2 class=\"elementor-heading-title elementor-size-default\">Beskyttelsespraksis og apotropeiske trekk<\/h2>\t\t\t\t<\/div>\n\t\t\t\t<div class=\"elementor-element elementor-element-iwgw-sin-s5t elementor-widget elementor-widget-text-editor\" data-id=\"iwgw-sin-s5t\" data-element_type=\"widget\" data-e-type=\"widget\" data-widget_type=\"text-editor.default\">\n\t\t\t\t\t\t\t\t\t<p>Sin var n\u00e6rt forbundet med beskyttelse og avverging av ulykke, fordi hans lys opplyste nattens m\u00f8rke, der man mente at demoniske krefter var s\u00e6rlig aktive.<\/p><p>B\u00f8nner til Sin ba om hans lys som hjelp og ledsagelse. Siden m\u00e5nen ordnet kalenderen, var hans p\u00e5litelighet samtidig en beskyttelse mot den utalte tidens kaos.<\/p><p>Sin spilte en spesiell rolle i forbindelse med m\u00e5neform\u00f8rkelser. En form\u00f8rkelse ble oppfattet som et angrep fra fiendtlige vesener p\u00e5 guden og som et ulykkesbringende forvarsel, s\u00e6rlig for kongen.<\/p><p>Det fantes egne ritualtekster med sikte p\u00e5 \u00e5 avverge de skadelige f\u00f8lgene av en form\u00f8rkelse. En kjent metode var erstatningskongens ritual, der en stedfortreder symbolsk tok p\u00e5 seg ulykken som omenet varslet, mens den egentlige kongen ble beskyttet.<\/p><p>I besvergelser ble Sin p\u00e5kalt sammen med andre gudeskikkelser for \u00e5 helbrede sykdom og fordrive onde \u00e5nder. M\u00e5negudens rolle her fremst\u00e5r ikke som en isolert beskyttelsesmakt, men som del av en st\u00f8rre gudommelig bistand.<\/p><p>Fordi Sin ble ansett som en vis og rettferdig gud, satte man sin lit til at han st\u00f8ttet dem som ble utsatt for urett. Hans milde, men stadige lys var et <span class=\"iwg-fachbegriff\" data-tooltip=\"Et anskuelig bilde som st\u00e5r for en abstrakt tanke.\" tabindex=\"0\">sinnbilde<\/span> p\u00e5 h\u00e5pet om at selv den m\u00f8rkeste natten tar en ende.<\/p>\t\t\t\t\t\t\t\t<\/div>\n\t\t\t\t\t<\/div>\n\t\t\t\t<\/div>\n\t\t<div class=\"elementor-element elementor-element-iwgw-sin-s6 e-flex e-con-boxed e-con e-parent\" data-id=\"iwgw-sin-s6\" data-element_type=\"container\" data-e-type=\"container\">\n\t\t\t\t\t<div class=\"e-con-inner\">\n\t\t\t\t<div class=\"elementor-element elementor-element-iwgw-sin-s6h elementor-widget elementor-widget-heading\" data-id=\"iwgw-sin-s6h\" data-element_type=\"widget\" data-e-type=\"widget\" data-widget_type=\"heading.default\">\n\t\t\t\t\t<h2 class=\"elementor-heading-title elementor-size-default\">Paralleller i andre kulturer<\/h2>\t\t\t\t<\/div>\n\t\t\t\t<div class=\"elementor-element elementor-element-iwgw-sin-s6t elementor-widget elementor-widget-text-editor\" data-id=\"iwgw-sin-s6t\" data-element_type=\"widget\" data-e-type=\"widget\" data-widget_type=\"text-editor.default\">\n\t\t\t\t\t\t\t\t\t<p>M\u00e5negudheter finnes belagt i mange kulturer i det gamle Orienten og utover. I det vestsemittiske omr\u00e5det fantes egne m\u00e5negudheter, og ogs\u00e5 i S\u00f8r-Arabia stod m\u00e5nen i sentrum for viktige kulter. Forbindelsen mellom m\u00e5ne, kalender og tidsordning er et gjennomg\u00e5ende m\u00f8nster, siden m\u00e5nesyklusen for f\u00f8rmoderne samfunn dannet det mest naturlige grunnlaget for tidsregningen.<\/p><p>Det er p\u00e5fallende at i det mesopotamiske systemet gjelder m\u00e5negud Sin som far til solguden. I mange andre mytologiske systemer, for eksempel det greske, er forholdet omvendt eller vektlagt annerledes, og solen har en fremskutt posisjon. Den mesopotamiske h\u00f8yere verdsettingen av m\u00e5nen speiler betydningen av nattens himmelobservasjon og den lunare kalenderen.<\/p><p>Sin-<span class=\"iwg-fachbegriff\" data-tooltip=\"Summen av religi\u00f8se \u00e6resbevisningshandlinger for en gudeskikkelse eller hellig gestalt.\" tabindex=\"0\">kulten<\/span> i Harran er et s\u00e6rtilfelle av religi\u00f8s kontinuitet. Mens den gammelmesopotamiske religionen for lengst var utd\u00f8dd andre steder, holdt formene for stjernedyrkelse seg i Harran til inn i <span class=\"iwg-fachbegriff\" data-tooltip=\"Overgangsepoke mellom antikken og middelalderen, omtrent 3. til 7. \u00e5rhundre.\" tabindex=\"0\">senantikken<\/span>. Senere kilder forteller om et samfunn i Harran som holdt fast ved astrale kulter.<\/p><p>Vurderingen av disse opplysningene er omstridt i forskningen, men de viser hvor vedvarende m\u00e5nedyrkelsen virket p\u00e5 dette stedet.<\/p>\t\t\t\t\t\t\t\t<\/div>\n\t\t\t\t\t<\/div>\n\t\t\t\t<\/div>\n\t\t<div class=\"elementor-element elementor-element-iwgw-sin-s7 e-flex e-con-boxed e-con e-parent\" data-id=\"iwgw-sin-s7\" data-element_type=\"container\" data-e-type=\"container\">\n\t\t\t\t\t<div class=\"e-con-inner\">\n\t\t\t\t<div class=\"elementor-element elementor-element-iwgw-sin-s7h elementor-widget elementor-widget-heading\" data-id=\"iwgw-sin-s7h\" data-element_type=\"widget\" data-e-type=\"widget\" data-widget_type=\"heading.default\">\n\t\t\t\t\t<h2 class=\"elementor-heading-title elementor-size-default\">Dagens mottakelse og forskning<\/h2>\t\t\t\t<\/div>\n\t\t\t\t<div class=\"elementor-element elementor-element-iwgw-sin-s7t elementor-widget elementor-widget-text-editor\" data-id=\"iwgw-sin-s7t\" data-element_type=\"widget\" data-e-type=\"widget\" data-widget_type=\"text-editor.default\">\n\t\t\t\t\t\t\t\t\t<p>Utforskningen av Sin-kulten bygger p\u00e5 et bredt kildegrunnlag. Utgravningene i Ur, s\u00e6rlig arbeidene til Leonard Woolley i f\u00f8rste halvdel av det tjuende \u00e5rhundre, avdekket <span class=\"iwg-fachbegriff\" data-tooltip=\"Et byggverk som er bestemt til dyrkelse av en eller flere gudeskikkelser.\" tabindex=\"0\">templer<\/span>, ziggurraten, giparuen og en mengde funn.<\/p><p>I tillegg kommer kileskrifttekster, blant annet hymner, b\u00f8nner, ritualtekster og forvaltningsdokumenter, som dokumenterer <span class=\"iwg-fachbegriff\" data-tooltip=\"Summen av religi\u00f8se \u00e6resbevisningshandlinger for en gudeskikkelse eller hellig gestalt.\" tabindex=\"0\">kulten<\/span> i dens ulike epoker. Innskriftene til Nabonid utgj\u00f8r et eget, mye unders\u00f8kt kildekompleks til den sene fasen av m\u00e5nedyrkelsen.<\/p><p>Et stadig diskutert tema er Nabonids religionspolitikk. Hans favorisering av Sin fremfor Marduk ble i senere, fiendtlig innstilte tekster fremstilt som en fors\u00f8mmelse. Forskningen fors\u00f8ker \u00e5 skille disse tendensi\u00f8se kildene fra kongens egne utsagn og \u00e5 rekonstruere bakgrunnen for konflikten mellom presteskapene.<\/p><p>Et viktig forskningstema er den astrale dimensjonen av den mesopotamiske religionen. Sin st\u00e5r i sentrum for sp\u00f8rsm\u00e5let om hvordan himmelobservasjon, kalendervesen og religi\u00f8s tydning virket sammen.<\/p><p>De mesopotamiske l\u00e6rde utviklet en gjennomarbeidet omentydning der m\u00e5nefenomener spilte en sentral rolle. Disse tekstene er ikke bare religionshistorisk, men ogs\u00e5 vitenskapshistorisk interessante, siden de h\u00f8rer til r\u00f8ttene til den senere astronomien.<\/p><p>Ogs\u00e5 skikkelsen Enheduanna har f\u00e5tt mye oppmerksomhet de siste ti\u00e5rene. Som h\u00f8ypriestinne for m\u00e5negudens og antatt forfatter av hymner, gjelder hun som en av de tidligste forfatterne i litteraturhistorien som kan identifiseres med navn.<\/p><p>Tilskrivningen av tekstene diskuteres nyansert i fagmilj\u00f8et. Samlet sett forblir Sin en skikkelse som lar sentrale temaer i den mesopotamiske religionshistorien studeres eksemplarisk.<\/p>\t\t\t\t\t\t\t\t<\/div>\n\t\t\t\t\t<\/div>\n\t\t\t\t<\/div>\n\t\t<div class=\"elementor-element elementor-element-iwgw-sin-lit e-flex e-con-boxed e-con e-parent\" data-id=\"iwgw-sin-lit\" data-element_type=\"container\" data-e-type=\"container\">\n\t\t\t\t\t<div class=\"e-con-inner\">\n\t\t\t\t<div class=\"elementor-element elementor-element-iwgw-sin-lith elementor-widget elementor-widget-heading\" data-id=\"iwgw-sin-lith\" data-element_type=\"widget\" data-e-type=\"widget\" data-widget_type=\"heading.default\">\n\t\t\t\t\t<h2 class=\"elementor-heading-title elementor-size-default\">Litteratur (utvalg)<\/h2>\t\t\t\t<\/div>\n\t\t\t\t<div class=\"elementor-element elementor-element-iwgw-sin-litt elementor-widget elementor-widget-text-editor\" data-id=\"iwgw-sin-litt\" data-element_type=\"widget\" data-e-type=\"widget\" data-widget_type=\"text-editor.default\">\n\t\t\t\t\t\t\t\t\t<ul><li><span data-nosnippet>Jeremy Black, Anthony Green: <em>Gods, Demons and Symbols of Ancient Mesopotamia<\/em> (1992)<\/span><\/li><li>Jean Bott\u00e9ro: <em>Die \u00e4lteste Religion. Mesopotamien<\/em> (2001)<\/li><li>Thorkild Jacobsen: <em>The Treasures of Darkness. A History of Mesopotamian Religion<\/em> (1976)<\/li><li>Mark E. Cohen: <em>The Cultic Calendars of the Ancient Near East<\/em> (1993)<\/li><li>Wilfred G. Lambert: <em>Babylonian Oracle Questions<\/em> (2007)<\/li><\/ul>\t\t\t\t\t\t\t\t<\/div>\n\t\t\t\t\t<\/div>\n\t\t\t\t<\/div>\n\t\t<div class=\"elementor-element elementor-element-iwgkw2-add-sin e-flex e-con-boxed e-con e-parent\" data-id=\"iwgkw2-add-sin\" data-element_type=\"container\" data-e-type=\"container\">\n\t\t\t\t\t<div class=\"e-con-inner\">\n\t\t\t\t<div class=\"elementor-element elementor-element-iwgkw2-add-sin-t elementor-widget elementor-widget-text-editor\" data-id=\"iwgkw2-add-sin-t\" data-element_type=\"widget\" data-e-type=\"widget\" data-widget_type=\"text-editor.default\">\n\t\t\t\t\t\t\t\t\t<p>Sin gjelder som <em>mesopotamisk<\/em> m\u00e5negud fra Ur og Harran, hvis hornkrone og halvm\u00e5ne-symbolikk ble overlevert fra det gammelsumeriske Nanna og videre inn i den senbabylonske kongeideologien.<\/p>\t\t\t\t\t\t\t\t<\/div>\n\t\t\t\t\t<\/div>\n\t\t\t\t<\/div>\n\t\t<div class=\"elementor-element elementor-element-iwgw-sin-kwd e-flex e-con-boxed e-con e-parent\" data-id=\"iwgw-sin-kwd\" data-element_type=\"container\" data-e-type=\"container\">\n\t\t\t\t\t<div class=\"e-con-inner\">\n\t\t\t\t<div class=\"elementor-element elementor-element-iwgw-sin-kwdt elementor-widget elementor-widget-text-editor\" data-id=\"iwgw-sin-kwdt\" data-element_type=\"widget\" data-e-type=\"widget\" data-widget_type=\"text-editor.default\">\n\t\t\t\t\t\t\t\t\t<p><em>Relaterte n\u00f8kkelbegreper: Sin Nanna Suen Ur Harran M\u00e5negud Ziggurat Enheduanna Shamash.<\/em><\/p>\t\t\t\t\t\t\t\t<\/div>\n\t\t\t\t\t<\/div>\n\t\t\t\t<\/div>\n\t\t<div class=\"elementor-element elementor-element-iwgw-sin-cc e-flex e-con-boxed e-con e-parent\" data-id=\"iwgw-sin-cc\" data-element_type=\"container\" data-e-type=\"container\" id=\"iwg-cc-sin\">\n\t\t\t\t\t<div class=\"e-con-inner\">\n\t\t<div class=\"elementor-element elementor-element-iwgw-sin-ccinner e-flex e-con-boxed e-con e-parent\" data-id=\"iwgw-sin-ccinner\" data-element_type=\"container\" data-e-type=\"container\" data-settings=\"{&quot;background_background&quot;:&quot;classic&quot;}\">\n\t\t\t\t\t<div class=\"e-con-inner\">\n\t\t\t\t<div class=\"elementor-element elementor-element-iwgw-sin-cch elementor-widget elementor-widget-heading\" data-id=\"iwgw-sin-cch\" data-element_type=\"widget\" data-e-type=\"widget\" data-widget_type=\"heading.default\">\n\t\t\t\t\t<h2 class=\"elementor-heading-title elementor-size-default\">iWell Guard og beskyttelsestradisjoner<\/h2>\t\t\t\t<\/div>\n\t\t\t\t<div class=\"elementor-element elementor-element-iwgw-sin-cct elementor-widget elementor-widget-text-editor\" data-id=\"iwgw-sin-cct\" data-element_type=\"widget\" data-e-type=\"widget\" data-widget_type=\"text-editor.default\">\n\t\t\t\t\t\t\t\t\t<div data-nosnippet=\"true\"><p>iWell Guard knytter an til den kulturhistoriske tradisjonen for b\u00e6rbare beskyttelsesobjekter, i tradisjonen fra <a href=\"https:\/\/iwell-guard.com\/no\/mesopotamien\/\">Mesopotamia<\/a> og mange andre kulturer verden over. 41 lag, ekte gull, platina, s\u00f8lv, produsert i Tyskland. 30 dagers returrett.<\/p><\/div>\t\t\t\t\t\t\t\t<\/div>\n\t\t\t\t<div class=\"elementor-element elementor-element-iwgw-sin-ccb iwg-cc-button iwg-cc-cta-2026-05-13 elementor-widget elementor-widget-jet-button\" data-id=\"iwgw-sin-ccb\" data-element_type=\"widget\" data-e-type=\"widget\" data-widget_type=\"jet-button.default\">\n\t\t\t\t<div class=\"elementor-widget-container\">\n\t\t\t\t\t<div class=\"elementor-jet-button jet-elements\"><div class=\"jet-button__container\"><a class=\"jet-button__instance jet-button__instance--icon-left hover-effect-1\" href=\"\/ueber-iwell-guard\/?utm_source=iwell-guard.com&amp;utm_medium=info-box&amp;utm_campaign=wesen-tradition\"><div class=\"jet-button__plane jet-button__plane-normal\"><\/div><div class=\"jet-button__plane jet-button__plane-hover\"><\/div><div class=\"jet-button__state jet-button__state-normal\"><span class=\"jet-button__label\">Mer om iWell Guard<\/span><\/div><div class=\"jet-button__state jet-button__state-hover\"><span class=\"jet-button__label\">Mer om iWell Guard<\/span><\/div><\/a><\/div><\/div><style>.elementor-element.elementor-element-iwgw-sin-ccb .jet-button__instance{width:320px;height:56px;}.elementor-element.elementor-element-iwgw-sin-ccb .jet-button__state-normal .jet-button__label{text-align:center;margin:0px 0px 0px 0px;color:#1a1b20;font-family:Montserrat,sans-serif;font-size:13px;font-weight:400;letter-spacing:4px;line-height:1.714em;text-transform:uppercase;}.elementor-element.elementor-element-iwgw-sin-ccb .jet-button__state-hover .jet-button__label{text-align:center;margin:0px 0px 0px 0px;color:#FECC76;font-family:Montserrat,sans-serif;font-size:13px;font-weight:400;letter-spacing:4px;line-height:1.714em;text-transform:uppercase;}.elementor-element.elementor-element-iwgw-sin-ccb .jet-button__plane-normal{background-color:#FECC76;border-style:solid;border-color:#C99540;border-width:2px 2px 2px 2px;}.elementor-element.elementor-element-iwgw-sin-ccb .jet-button__plane-hover{background-color:rgba(0,0,0,0.55);border-style:solid;border-color:#FECC76;border-width:2px 2px 2px 2px;}<\/style>\t\t\t\t<\/div>\n\t\t\t\t<\/div>\n\t\t\t\t<div class=\"elementor-element elementor-element-iwgw-sin-ccd elementor-widget elementor-widget-text-editor\" data-id=\"iwgw-sin-ccd\" data-element_type=\"widget\" data-e-type=\"widget\" data-widget_type=\"text-editor.default\">\n\t\t\t\t\t\t\t\t\t<div data-nosnippet=\"true\"><p style=\"text-align:center;font-size:13px;opacity:0.7;margin-top:14px\" data-nosnippet=\"true\">Personlige erfaringer kan variere. Ikke et medisinsk produkt. Ingen garanti for helbredelse.<\/p><\/div>\t\t\t\t\t\t\t\t<\/div>\n\t\t\t\t\t<\/div>\n\t\t\t\t<\/div>\n\t\t\t\t\t<\/div>\n\t\t\t\t<\/div>\n\t\t<div class=\"elementor-element elementor-element-iwgw-sin-disc e-flex e-con-boxed e-con e-parent\" data-id=\"iwgw-sin-disc\" data-element_type=\"container\" data-e-type=\"container\">\n\t\t\t\t\t<div class=\"e-con-inner\">\n\t\t\t\t<div class=\"elementor-element elementor-element-iwgw-sin-discw elementor-widget elementor-widget-html\" data-id=\"iwgw-sin-discw\" data-element_type=\"widget\" data-e-type=\"widget\" data-widget_type=\"html.default\">\n\t\t\t\t\t<footer data-nosnippet=\"true\" class=\"iwg-disclaimer-block\"><p data-nosnippet=\"true\">iWell Guard er <strong>ikke et medisinsk produkt<\/strong> og erstatter ingen medisinsk eller psykoterapeutisk behandling. Det religionsvitenskapelige innholdet er kulturhistorisk plassering, ikke en anbefaling om spirituell praksis.<\/p><\/footer>\t\t\t\t<\/div>\n\t\t\t\t\t<\/div>\n\t\t\t\t<\/div>\n\t\t\t\t<\/div>\n\t\t","protected":false},"excerpt":{"rendered":"","protected":false},"author":3,"featured_media":3382,"parent":0,"menu_order":0,"comment_status":"closed","ping_status":"closed","template":"elementor_header_footer","meta":{"_yoast_wpseo_focuskw":"Sin mesopotamisk m\u00e5negud","_yoast_wpseo_title":"Sin \u2013 mesopotamisk m\u00e5negud fra Ur og Harran","_yoast_wpseo_metadesc":"Sin, p\u00e5 sumerisk Nanna, var den mesopotamiske m\u00e5negudens med kultsentre i Ur og Harran, vokter av tid og kalender.","_yoast_wpseo_meta-robots-noindex":"","_yoast_wpseo_canonical":"","_angie_page":false,"gefaehrdungsstufe":"2","wesen_kultur":"mesopotamien","wesen_klasse":"goetter","footnotes":""},"categories":[],"class_list":["post-141249","page","type-page","status-publish","has-post-thumbnail","hentry"],"yoast_head":"<!-- This site is optimized with the Yoast SEO Premium plugin v27.7 (Yoast SEO v28.3) - https:\/\/yoast.com\/product\/yoast-seo-premium-wordpress\/ -->\n<title>Sin \u2013 mesopotamisk m\u00e5negud fra Ur og Harran<\/title>\n<meta name=\"description\" content=\"Sin, p\u00e5 sumerisk Nanna, var den mesopotamiske m\u00e5negudens med kultsentre i Ur og Harran, vokter av tid og kalender.\" \/>\n<meta name=\"robots\" content=\"index, follow, max-snippet:-1, max-image-preview:large, max-video-preview:-1\" \/>\n<link rel=\"canonical\" href=\"https:\/\/iwell-guard.com\/no\/sin-manegud-fra-ur-og-harran\/\" \/>\n<meta property=\"og:locale\" content=\"nb_NO\" \/>\n<meta property=\"og:type\" content=\"article\" \/>\n<meta property=\"og:title\" content=\"Sin \u2013 m\u00e5negud fra Ur og Harran\" \/>\n<meta property=\"og:description\" content=\"Sin, p\u00e5 sumerisk Nanna, var den mesopotamiske m\u00e5negudens med kultsentre i Ur og Harran, vokter av tid og kalender.\" \/>\n<meta property=\"og:url\" content=\"https:\/\/iwell-guard.com\/no\/sin-manegud-fra-ur-og-harran\/\" \/>\n<meta property=\"og:site_name\" content=\"iWell Guard\" \/>\n<meta property=\"article:modified_time\" content=\"2026-09-03T09:46:25+00:00\" \/>\n<meta property=\"og:image\" content=\"https:\/\/iwell-guard.com\/wp-content\/uploads\/2026\/05\/goetter_mesopotamien_sin.webp\" \/>\n\t<meta property=\"og:image:width\" content=\"1024\" \/>\n\t<meta property=\"og:image:height\" content=\"1536\" \/>\n\t<meta property=\"og:image:type\" content=\"image\/webp\" \/>\n<meta name=\"twitter:card\" content=\"summary_large_image\" \/>\n<script type=\"application\/ld+json\" class=\"yoast-schema-graph\">{\"@context\":\"https:\\\/\\\/schema.org\",\"@graph\":[{\"@type\":\"WebPage\",\"@id\":\"https:\\\/\\\/iwell-guard.com\\\/no\\\/sin-manegud-fra-ur-og-harran\\\/\",\"url\":\"https:\\\/\\\/iwell-guard.com\\\/no\\\/sin-manegud-fra-ur-og-harran\\\/\",\"name\":\"Sin \u2013 mesopotamisk m\u00e5negud fra Ur og Harran\",\"isPartOf\":{\"@id\":\"https:\\\/\\\/iwell-guard.com\\\/no\\\/#website\"},\"primaryImageOfPage\":{\"@id\":\"https:\\\/\\\/iwell-guard.com\\\/no\\\/sin-manegud-fra-ur-og-harran\\\/#primaryimage\"},\"image\":{\"@id\":\"https:\\\/\\\/iwell-guard.com\\\/no\\\/sin-manegud-fra-ur-og-harran\\\/#primaryimage\"},\"thumbnailUrl\":\"https:\\\/\\\/iwell-guard.com\\\/wp-content\\\/uploads\\\/2026\\\/05\\\/goetter_mesopotamien_sin.webp\",\"datePublished\":\"2026-09-03T09:18:19+00:00\",\"dateModified\":\"2026-09-03T09:46:25+00:00\",\"description\":\"Sin, p\u00e5 sumerisk Nanna, var den mesopotamiske m\u00e5negudens med kultsentre i Ur og Harran, vokter av tid og kalender.\",\"breadcrumb\":{\"@id\":\"https:\\\/\\\/iwell-guard.com\\\/no\\\/sin-manegud-fra-ur-og-harran\\\/#breadcrumb\"},\"inLanguage\":\"nb-NO\",\"potentialAction\":[{\"@type\":\"ReadAction\",\"target\":[\"https:\\\/\\\/iwell-guard.com\\\/no\\\/sin-manegud-fra-ur-og-harran\\\/\"]}]},{\"@type\":\"ImageObject\",\"inLanguage\":\"nb-NO\",\"@id\":\"https:\\\/\\\/iwell-guard.com\\\/no\\\/sin-manegud-fra-ur-og-harran\\\/#primaryimage\",\"url\":\"https:\\\/\\\/iwell-guard.com\\\/wp-content\\\/uploads\\\/2026\\\/05\\\/goetter_mesopotamien_sin.webp\",\"contentUrl\":\"https:\\\/\\\/iwell-guard.com\\\/wp-content\\\/uploads\\\/2026\\\/05\\\/goetter_mesopotamien_sin.webp\",\"width\":1024,\"height\":1536,\"caption\":\"Guder fra den mesopotamiske tradisjonen.\"},{\"@type\":\"BreadcrumbList\",\"@id\":\"https:\\\/\\\/iwell-guard.com\\\/no\\\/sin-manegud-fra-ur-og-harran\\\/#breadcrumb\",\"itemListElement\":[{\"@type\":\"ListItem\",\"position\":1,\"name\":\"Start\",\"item\":\"https:\\\/\\\/iwell-guard.com\\\/no\\\/?page_id=140795\"},{\"@type\":\"ListItem\",\"position\":2,\"name\":\"Sin \u2013 m\u00e5negud fra Ur og Harran\"}]},{\"@type\":\"WebSite\",\"@id\":\"https:\\\/\\\/iwell-guard.com\\\/no\\\/#website\",\"url\":\"https:\\\/\\\/iwell-guard.com\\\/no\\\/\",\"name\":\"iWell Guard\",\"description\":\"Schutz vor dunklen Einfl\u00fcssen\",\"publisher\":{\"@id\":\"https:\\\/\\\/iwell-guard.com\\\/no\\\/#organization\"},\"potentialAction\":[{\"@type\":\"SearchAction\",\"target\":{\"@type\":\"EntryPoint\",\"urlTemplate\":\"https:\\\/\\\/iwell-guard.com\\\/no\\\/?s={search_term_string}\"},\"query-input\":{\"@type\":\"PropertyValueSpecification\",\"valueRequired\":true,\"valueName\":\"search_term_string\"}}],\"inLanguage\":\"nb-NO\"},{\"@type\":\"Organization\",\"@id\":\"https:\\\/\\\/iwell-guard.com\\\/no\\\/#organization\",\"name\":\"Ittermann electronic GmbH\",\"url\":\"https:\\\/\\\/iwell-guard.com\\\/no\\\/\",\"logo\":{\"@type\":\"ImageObject\",\"inLanguage\":\"nb-NO\",\"@id\":\"https:\\\/\\\/iwell-guard.com\\\/no\\\/#\\\/schema\\\/logo\\\/image\\\/\",\"url\":\"https:\\\/\\\/iwell-guard.com\\\/wp-content\\\/uploads\\\/2026\\\/05\\\/Ittermann-Logo-1182x237-1.png\",\"contentUrl\":\"https:\\\/\\\/iwell-guard.com\\\/wp-content\\\/uploads\\\/2026\\\/05\\\/Ittermann-Logo-1182x237-1.png\",\"width\":1182,\"height\":237,\"caption\":\"Ittermann electronic GmbH\"},\"image\":{\"@id\":\"https:\\\/\\\/iwell-guard.com\\\/no\\\/#\\\/schema\\\/logo\\\/image\\\/\"},\"sameAs\":[\"https:\\\/\\\/pantip.com\\\/profile\\\/9367242\",\"https:\\\/\\\/micro.blog\\\/iwellguard\",\"https:\\\/\\\/www.diggerslist.com\\\/iwellguard\\\/about\",\"https:\\\/\\\/skitterphoto.com\\\/photographers\\\/2870314\\\/iwell-guard\",\"https:\\\/\\\/iwellguard.wordpress.com\\\/2026\\\/06\\\/06\\\/iwell-guard\\\/\",\"https:\\\/\\\/hub.docker.com\\\/u\\\/iwellguard\",\"https:\\\/\\\/www.pinterest.com\\\/iwellguard\\\/\",\"https:\\\/\\\/bit.ly\\\/m\\\/iwellguard\",\"https:\\\/\\\/entre-vos-mains.alsace.eu\\\/profiles\\\/iwellguard\\\/activity\",\"https:\\\/\\\/gravatar.com\\\/reallybeded8fd34\",\"https:\\\/\\\/naijamatta.com\\\/iwellguard\",\"https:\\\/\\\/www.goodreads.com\\\/iwellguard\",\"https:\\\/\\\/profile.hatena.ne.jp\\\/iwellguard\\\/\",\"https:\\\/\\\/experiment.com\\\/users\\\/iwellguard\",\"https:\\\/\\\/wakelet.com\\\/@iWellGuard82270\",\"https:\\\/\\\/www.chordie.com\\\/forum\\\/profile.php?id=2555664\",\"https:\\\/\\\/www.instapaper.com\\\/p\\\/17757966\",\"https:\\\/\\\/www.mapleprimes.com\\\/users\\\/iwellguard\",\"https:\\\/\\\/businesslistingplus.com\\\/profile\\\/iwell-guard\\\/\",\"https:\\\/\\\/telegra.ph\\\/iWell-Guard-06-06\",\"https:\\\/\\\/pbase.com\\\/iwellguard\\\/iwellguard\",\"https:\\\/\\\/b.hatena.ne.jp\\\/iwellguard\\\/20260607#bookmark-4788405196491818882\",\"https:\\\/\\\/fliphtml5.com\\\/home\\\/iwellguard\",\"https:\\\/\\\/anyflip.com\\\/homepage\\\/cmiwl#About\",\"https:\\\/\\\/transfur.com\\\/Users\\\/iwellguard\",\"http:\\\/\\\/delphi.larsbo.org\\\/user\\\/iwellguard\",\"https:\\\/\\\/jobs.lajobsportal.org\\\/profiles\\\/8380803-iwell-guard\",\"https:\\\/\\\/md.chaosdorf.de\\\/s\\\/jfbe5SBdJD\",\"https:\\\/\\\/www.lingvolive.com\\\/en-us\\\/profile\\\/9ecaeaca-ce11-4e51-9e71-01d55e2bff36\\\/translations\",\"https:\\\/\\\/www.fitday.com\\\/fitness\\\/forums\\\/members\\\/iwellguard.html\",\"https:\\\/\\\/www.mymeetbook.com\\\/iwellguard\",\"https:\\\/\\\/pxhere.com\\\/en\\\/photographer-me\\\/5040798\",\"https:\\\/\\\/disqus.com\\\/by\\\/iwellguard\\\/about\\\/\",\"https:\\\/\\\/pastelink.net\\\/hjwciqwq\",\"https:\\\/\\\/pubhtml5.com\\\/homepage\\\/scjhn\\\/\",\"https:\\\/\\\/www.bitchute.com\\\/channel\\\/2O2eOKzNqujT\",\"https:\\\/\\\/audiomack.com\\\/iwellguard\"]},{\"@type\":\"Article\",\"@id\":\"https:\\\/\\\/iwell-guard.com\\\/no\\\/sin-manegud-fra-ur-og-harran\\\/#article\",\"isPartOf\":{\"@id\":\"https:\\\/\\\/iwell-guard.com\\\/no\\\/sin-manegud-fra-ur-og-harran\\\/\"},\"author\":{\"name\":\"Ralf Ittermann\",\"@id\":\"https:\\\/\\\/iwell-guard.com\\\/no\\\/#\\\/schema\\\/person\\\/ee2a27f1cac3406c7c6fb5820cb7349f\"},\"headline\":\"Sin \u2013 m\u00e5negud fra Ur og Harran\",\"datePublished\":\"2026-09-03T09:18:19+00:00\",\"dateModified\":\"2026-09-03T09:46:25+00:00\",\"mainEntityOfPage\":{\"@id\":\"https:\\\/\\\/iwell-guard.com\\\/no\\\/sin-manegud-fra-ur-og-harran\\\/\"},\"publisher\":{\"@id\":\"https:\\\/\\\/iwell-guard.com\\\/no\\\/#organization\"},\"image\":{\"@id\":\"https:\\\/\\\/iwell-guard.com\\\/no\\\/sin-manegud-fra-ur-og-harran\\\/#primaryimage\"},\"thumbnailUrl\":\"https:\\\/\\\/iwell-guard.com\\\/wp-content\\\/uploads\\\/2026\\\/05\\\/goetter_mesopotamien_sin.webp\",\"inLanguage\":\"nb-NO\",\"description\":\"Sin, p\u00e5 sumerisk Nanna, var den mesopotamiske m\u00e5negudens med kultsentre i Ur og Harran, vokter av tid og kalender.\"}]}<\/script>\n<!-- \/ Yoast SEO Premium plugin. -->","yoast_head_json":{"title":"Sin \u2013 mesopotamisk m\u00e5negud fra Ur og Harran","description":"Sin, p\u00e5 sumerisk Nanna, var den mesopotamiske m\u00e5negudens med kultsentre i Ur og Harran, vokter av tid og kalender.","robots":{"index":"index","follow":"follow","max-snippet":"max-snippet:-1","max-image-preview":"max-image-preview:large","max-video-preview":"max-video-preview:-1"},"canonical":"https:\/\/iwell-guard.com\/no\/sin-manegud-fra-ur-og-harran\/","og_locale":"nb_NO","og_type":"article","og_title":"Sin \u2013 m\u00e5negud fra Ur og Harran","og_description":"Sin, p\u00e5 sumerisk Nanna, var den mesopotamiske m\u00e5negudens med kultsentre i Ur og Harran, vokter av tid og kalender.","og_url":"https:\/\/iwell-guard.com\/no\/sin-manegud-fra-ur-og-harran\/","og_site_name":"iWell Guard","article_modified_time":"2026-09-03T09:46:25+00:00","og_image":[{"width":1024,"height":1536,"url":"https:\/\/iwell-guard.com\/wp-content\/uploads\/2026\/05\/goetter_mesopotamien_sin.webp","type":"image\/webp"}],"twitter_card":"summary_large_image","schema":{"@context":"https:\/\/schema.org","@graph":[{"@type":"Article","@id":"https:\/\/iwell-guard.com\/no\/sin-manegud-fra-ur-og-harran\/#article","isPartOf":{"@id":"https:\/\/iwell-guard.com\/no\/sin-manegud-fra-ur-og-harran\/"},"author":{"name":"Ralf Ittermann","@id":"https:\/\/iwell-guard.com\/no\/#\/schema\/person\/ee2a27f1cac3406c7c6fb5820cb7349f"},"headline":"Sin \u2013 m\u00e5negud fra Ur og Harran","datePublished":"2026-09-03T09:18:19+00:00","dateModified":"2026-09-03T09:46:25+00:00","mainEntityOfPage":{"@id":"https:\/\/iwell-guard.com\/no\/sin-manegud-fra-ur-og-harran\/"},"publisher":{"@id":"https:\/\/iwell-guard.com\/no\/#organization"},"image":{"@id":"https:\/\/iwell-guard.com\/no\/sin-manegud-fra-ur-og-harran\/#primaryimage"},"thumbnailUrl":"https:\/\/iwell-guard.com\/wp-content\/uploads\/2026\/05\/goetter_mesopotamien_sin.webp","inLanguage":"nb-NO","description":"Sin, p\u00e5 sumerisk Nanna, var den mesopotamiske m\u00e5negudens med kultsentre i Ur og Harran, vokter av tid og kalender."},{"@type":"WebPage","@id":"https:\/\/iwell-guard.com\/no\/sin-manegud-fra-ur-og-harran\/","url":"https:\/\/iwell-guard.com\/no\/sin-manegud-fra-ur-og-harran\/","name":"Sin \u2013 mesopotamisk m\u00e5negud fra Ur og Harran","isPartOf":{"@id":"https:\/\/iwell-guard.com\/no\/#website"},"primaryImageOfPage":{"@id":"https:\/\/iwell-guard.com\/no\/sin-manegud-fra-ur-og-harran\/#primaryimage"},"image":{"@id":"https:\/\/iwell-guard.com\/no\/sin-manegud-fra-ur-og-harran\/#primaryimage"},"thumbnailUrl":"https:\/\/iwell-guard.com\/wp-content\/uploads\/2026\/05\/goetter_mesopotamien_sin.webp","datePublished":"2026-09-03T09:18:19+00:00","dateModified":"2026-09-03T09:46:25+00:00","description":"Sin, p\u00e5 sumerisk Nanna, var den mesopotamiske m\u00e5negudens med kultsentre i Ur og Harran, vokter av tid og kalender.","breadcrumb":{"@id":"https:\/\/iwell-guard.com\/no\/sin-manegud-fra-ur-og-harran\/#breadcrumb"},"inLanguage":"nb-NO","potentialAction":[{"@type":"ReadAction","target":["https:\/\/iwell-guard.com\/no\/sin-manegud-fra-ur-og-harran\/"]}]},{"@type":"ImageObject","inLanguage":"nb-NO","@id":"https:\/\/iwell-guard.com\/no\/sin-manegud-fra-ur-og-harran\/#primaryimage","url":"https:\/\/iwell-guard.com\/wp-content\/uploads\/2026\/05\/goetter_mesopotamien_sin.webp","contentUrl":"https:\/\/iwell-guard.com\/wp-content\/uploads\/2026\/05\/goetter_mesopotamien_sin.webp","width":1024,"height":1536,"caption":"Guder fra den mesopotamiske tradisjonen."},{"@type":"BreadcrumbList","@id":"https:\/\/iwell-guard.com\/no\/sin-manegud-fra-ur-og-harran\/#breadcrumb","itemListElement":[{"@type":"ListItem","position":1,"name":"Start","item":"https:\/\/iwell-guard.com\/no\/?page_id=140795"},{"@type":"ListItem","position":2,"name":"Sin \u2013 m\u00e5negud fra Ur og Harran"}]},{"@type":"WebSite","@id":"https:\/\/iwell-guard.com\/no\/#website","url":"https:\/\/iwell-guard.com\/no\/","name":"iWell Guard","description":"Schutz vor dunklen Einfl\u00fcssen","publisher":{"@id":"https:\/\/iwell-guard.com\/no\/#organization"},"potentialAction":[{"@type":"SearchAction","target":{"@type":"EntryPoint","urlTemplate":"https:\/\/iwell-guard.com\/no\/?s={search_term_string}"},"query-input":{"@type":"PropertyValueSpecification","valueRequired":true,"valueName":"search_term_string"}}],"inLanguage":"nb-NO"},{"@type":"Organization","@id":"https:\/\/iwell-guard.com\/no\/#organization","name":"Ittermann electronic GmbH","url":"https:\/\/iwell-guard.com\/no\/","logo":{"@type":"ImageObject","inLanguage":"nb-NO","@id":"https:\/\/iwell-guard.com\/no\/#\/schema\/logo\/image\/","url":"https:\/\/iwell-guard.com\/wp-content\/uploads\/2026\/05\/Ittermann-Logo-1182x237-1.png","contentUrl":"https:\/\/iwell-guard.com\/wp-content\/uploads\/2026\/05\/Ittermann-Logo-1182x237-1.png","width":1182,"height":237,"caption":"Ittermann electronic GmbH"},"image":{"@id":"https:\/\/iwell-guard.com\/no\/#\/schema\/logo\/image\/"},"sameAs":["https:\/\/pantip.com\/profile\/9367242","https:\/\/micro.blog\/iwellguard","https:\/\/www.diggerslist.com\/iwellguard\/about","https:\/\/skitterphoto.com\/photographers\/2870314\/iwell-guard","https:\/\/iwellguard.wordpress.com\/2026\/06\/06\/iwell-guard\/","https:\/\/hub.docker.com\/u\/iwellguard","https:\/\/www.pinterest.com\/iwellguard\/","https:\/\/bit.ly\/m\/iwellguard","https:\/\/entre-vos-mains.alsace.eu\/profiles\/iwellguard\/activity","https:\/\/gravatar.com\/reallybeded8fd34","https:\/\/naijamatta.com\/iwellguard","https:\/\/www.goodreads.com\/iwellguard","https:\/\/profile.hatena.ne.jp\/iwellguard\/","https:\/\/experiment.com\/users\/iwellguard","https:\/\/wakelet.com\/@iWellGuard82270","https:\/\/www.chordie.com\/forum\/profile.php?id=2555664","https:\/\/www.instapaper.com\/p\/17757966","https:\/\/www.mapleprimes.com\/users\/iwellguard","https:\/\/businesslistingplus.com\/profile\/iwell-guard\/","https:\/\/telegra.ph\/iWell-Guard-06-06","https:\/\/pbase.com\/iwellguard\/iwellguard","https:\/\/b.hatena.ne.jp\/iwellguard\/20260607#bookmark-4788405196491818882","https:\/\/fliphtml5.com\/home\/iwellguard","https:\/\/anyflip.com\/homepage\/cmiwl#About","https:\/\/transfur.com\/Users\/iwellguard","http:\/\/delphi.larsbo.org\/user\/iwellguard","https:\/\/jobs.lajobsportal.org\/profiles\/8380803-iwell-guard","https:\/\/md.chaosdorf.de\/s\/jfbe5SBdJD","https:\/\/www.lingvolive.com\/en-us\/profile\/9ecaeaca-ce11-4e51-9e71-01d55e2bff36\/translations","https:\/\/www.fitday.com\/fitness\/forums\/members\/iwellguard.html","https:\/\/www.mymeetbook.com\/iwellguard","https:\/\/pxhere.com\/en\/photographer-me\/5040798","https:\/\/disqus.com\/by\/iwellguard\/about\/","https:\/\/pastelink.net\/hjwciqwq","https:\/\/pubhtml5.com\/homepage\/scjhn\/","https:\/\/www.bitchute.com\/channel\/2O2eOKzNqujT","https:\/\/audiomack.com\/iwellguard"]},{"@type":"Person","@id":"https:\/\/iwell-guard.com\/no\/#\/schema\/person\/ee2a27f1cac3406c7c6fb5820cb7349f","name":"Ralf Ittermann","image":{"@type":"ImageObject","inLanguage":"nb-NO","@id":"https:\/\/secure.gravatar.com\/avatar\/073c0153e350a5005b68eb752b445fea71f6b24a26da9449ad7e155e6b446c9d?s=96&d=mm&r=g","url":"https:\/\/secure.gravatar.com\/avatar\/073c0153e350a5005b68eb752b445fea71f6b24a26da9449ad7e155e6b446c9d?s=96&d=mm&r=g","contentUrl":"https:\/\/secure.gravatar.com\/avatar\/073c0153e350a5005b68eb752b445fea71f6b24a26da9449ad7e155e6b446c9d?s=96&d=mm&r=g","caption":"Ralf Ittermann"},"givenName":"Ralf","familyName":"Ittermann","jobTitle":"Gesch\u00e4ftsf\u00fchrer und redaktioneller Verantwortlicher","url":"https:\/\/iwell-guard.com\/no\/author\/claude\/","description":"Ralf Ittermann ist Gesch\u00e4ftsf\u00fchrer der Ittermann electronic GmbH und redaktioneller Verantwortlicher des iWell-Guard-Lexikons. Er verbindet langj\u00e4hrige Erfahrung in der Pr\u00e4zisionsfertigung mit medialer Praxis und religionsgeschichtlicher Quellenarbeit.","worksFor":{"@type":"Organization","name":"Ittermann electronic GmbH","url":"https:\/\/ittermann.de\/","address":{"@type":"PostalAddress","streetAddress":"K\u00f6hlergasse 16-18","postalCode":"99842","addressLocality":"Ruhla","addressCountry":"DE"}},"knowsAbout":["Religionsgeschichte","Mythologie","Mediale Praxis","Energetische Diagnostik","Schutzpraxis","Volksglauben","Westliche Esoterik"]},{"@type":"Article","@id":"https:\/\/iwell-guard.com\/no\/sin-manegud-fra-ur-og-harran\/#article","isPartOf":{"@id":"https:\/\/iwell-guard.com\/no\/sin-manegud-fra-ur-og-harran\/"},"author":{"name":"Ralf Ittermann","@id":"https:\/\/iwell-guard.com\/no\/#\/schema\/person\/ee2a27f1cac3406c7c6fb5820cb7349f"},"headline":"Sin \u2013 m\u00e5negud fra Ur og Harran","datePublished":"2026-09-03T09:18:19+00:00","dateModified":"2026-09-03T09:46:25+00:00","mainEntityOfPage":{"@id":"https:\/\/iwell-guard.com\/no\/sin-manegud-fra-ur-og-harran\/"},"publisher":{"@id":"https:\/\/iwell-guard.com\/no\/#organization"},"image":{"@id":"https:\/\/iwell-guard.com\/no\/sin-manegud-fra-ur-og-harran\/#primaryimage"},"thumbnailUrl":"https:\/\/iwell-guard.com\/wp-content\/uploads\/2026\/05\/goetter_mesopotamien_sin.webp","inLanguage":"nb-NO","description":"Sin, p\u00e5 sumerisk Nanna, var den mesopotamiske m\u00e5negudens med kultsentre i Ur og Harran, vokter av tid og kalender."}]}},"_links":{"self":[{"href":"https:\/\/iwell-guard.com\/no\/wp-json\/wp\/v2\/pages\/141249","targetHints":{"allow":["GET"]}}],"collection":[{"href":"https:\/\/iwell-guard.com\/no\/wp-json\/wp\/v2\/pages"}],"about":[{"href":"https:\/\/iwell-guard.com\/no\/wp-json\/wp\/v2\/types\/page"}],"author":[{"embeddable":true,"href":"https:\/\/iwell-guard.com\/no\/wp-json\/wp\/v2\/users\/3"}],"replies":[{"embeddable":true,"href":"https:\/\/iwell-guard.com\/no\/wp-json\/wp\/v2\/comments?post=141249"}],"version-history":[{"count":0,"href":"https:\/\/iwell-guard.com\/no\/wp-json\/wp\/v2\/pages\/141249\/revisions"}],"wp:featuredmedia":[{"embeddable":true,"href":"https:\/\/iwell-guard.com\/no\/wp-json\/wp\/v2\/media\/3382"}],"wp:attachment":[{"href":"https:\/\/iwell-guard.com\/no\/wp-json\/wp\/v2\/media?parent=141249"}],"wp:term":[{"taxonomy":"category","embeddable":true,"href":"https:\/\/iwell-guard.com\/no\/wp-json\/wp\/v2\/categories?post=141249"}],"curies":[{"name":"wp","href":"https:\/\/api.w.org\/{rel}","templated":true}]}}