{"id":141246,"date":"2026-09-03T09:18:17","date_gmt":"2026-09-03T09:18:17","guid":{"rendered":"https:\/\/iwell-guard.com\/?page_id=141246"},"modified":"2026-09-03T09:46:18","modified_gmt":"2026-09-03T09:46:18","slug":"kronos-titan-den-gylne-tidsalder","status":"publish","type":"page","link":"https:\/\/iwell-guard.com\/no\/kronos-titan-den-gylne-tidsalder\/","title":{"rendered":"Kronos \u2013 titan og herskeren over den gylne tidsalder"},"content":{"rendered":"\t\t<div data-elementor-type=\"wp-page\" data-elementor-id=\"141246\" class=\"elementor elementor-141246 elementor-2918 elementor-bc-flex-widget\" data-elementor-post-type=\"page\">\n\t\t\t\t<div class=\"elementor-element elementor-element-herof597b9c e-flex e-con-boxed e-con e-parent\" data-id=\"herof597b9c\" data-element_type=\"container\" data-e-type=\"container\">\n\t\t\t\t\t<div class=\"e-con-inner\">\n\t\t\t\t<div class=\"elementor-element elementor-element-heroimg20a558e iwg-hero-image elementor-widget elementor-widget-image\" data-id=\"heroimg20a558e\" data-element_type=\"widget\" data-e-type=\"widget\" data-widget_type=\"image.default\">\n\t\t\t\t\t\t\t\t\t\t\t\t\t\t\t<img fetchpriority=\"high\" decoding=\"async\" width=\"683\" height=\"1024\" src=\"https:\/\/iwell-guard.com\/wp-content\/uploads\/2026\/05\/goetter_griechenland_kronos-683x1024.webp\" class=\"attachment-large size-large wp-image-142876\" alt=\"Kronos \u2013 guder fra den greske tradisjonen, historisk-illustrativt\" srcset=\"https:\/\/iwell-guard.com\/wp-content\/uploads\/2026\/05\/goetter_griechenland_kronos-683x1024.webp 683w, https:\/\/iwell-guard.com\/wp-content\/uploads\/2026\/05\/goetter_griechenland_kronos-200x300.webp 200w, https:\/\/iwell-guard.com\/wp-content\/uploads\/2026\/05\/goetter_griechenland_kronos-768x1152.webp 768w, https:\/\/iwell-guard.com\/wp-content\/uploads\/2026\/05\/goetter_griechenland_kronos.webp 1024w\" sizes=\"(max-width: 683px) 100vw, 683px\" \/>\t\t\t\t\t\t\t\t\t\t\t\t\t\t\t<\/div>\n\t\t\t\t\t<\/div>\n\t\t\t\t<\/div>\n\t\t<div class=\"elementor-element elementor-element-iwgw-kronos-hero e-flex e-con-boxed e-con e-parent\" data-id=\"iwgw-kronos-hero\" data-element_type=\"container\" data-e-type=\"container\">\n\t\t\t\t\t<div class=\"e-con-inner\">\n\t\t\t\t<div class=\"elementor-element elementor-element-iwgw-kronos-h1 elementor-widget elementor-widget-heading\" data-id=\"iwgw-kronos-h1\" data-element_type=\"widget\" data-e-type=\"widget\" data-widget_type=\"heading.default\">\n\t\t\t\t\t<h1 class=\"elementor-heading-title elementor-size-default\">Kronos \u2013 titan, far til Zevs og styrtet herskeren<\/h1>\t\t\t\t<\/div>\n\t\t\t\t<div class=\"elementor-element elementor-element-iwgw-kronos-pills elementor-widget elementor-widget-html\" data-id=\"iwgw-kronos-pills\" data-element_type=\"widget\" data-e-type=\"widget\" data-widget_type=\"html.default\">\n\t\t\t\t\t<div class=\"iwg-pill-row\"><span class=\"iwg-klasse-badge\" tabindex=\"0\" data-tooltip=\"Titan i tradisjonen Grekenland.\">Titan<\/span><a href=\"https:\/\/iwell-guard.com\/no\/grekenland\/\" class=\"iwg-kultur-badge\" tabindex=\"0\" data-tooltip=\"Mytologi i tradisjonen Grekenland.\">Grekenland<\/a><span class=\"iwg-tradition-badge\" tabindex=\"0\" data-tooltip=\"Urtidsgudom.\">Urtidsgudom<\/span><\/div>\t\t\t\t<\/div>\n\t\t\t\t<div class=\"elementor-element elementor-element-iwgw-kronos-lead elementor-widget elementor-widget-text-editor\" data-id=\"iwgw-kronos-lead\" data-element_type=\"widget\" data-e-type=\"widget\" data-widget_type=\"text-editor.default\">\n\t\t\t\t\t\t\t\t\t<p>Kronos er den yngste av titanene, s\u00f8nn av Uranos og Gaia, far til Zevs. Han kastrerer sin far, sluker sine egne barn og blir til slutt styrtet av Zevs. Samtidig regnes hans herred\u00f8mme som den gylne tidsalder.<\/p>\t\t\t\t\t\t\t\t<\/div>\n\t\t\t\t\t<\/div>\n\t\t\t\t<\/div>\n\t\t<div class=\"elementor-element elementor-element-iwgw-kronos-s0 e-flex e-con-boxed e-con e-parent\" data-id=\"iwgw-kronos-s0\" data-element_type=\"container\" data-e-type=\"container\">\n\t\t\t\t\t<div class=\"e-con-inner\">\n\t\t\t\t<div class=\"elementor-element elementor-element-iwgw-kronos-s0h elementor-widget elementor-widget-heading\" data-id=\"iwgw-kronos-s0h\" data-element_type=\"widget\" data-e-type=\"widget\" data-widget_type=\"heading.default\">\n\t\t\t\t\t<h2 class=\"elementor-heading-title elementor-size-default\">Innplassering<\/h2>\t\t\t\t<\/div>\n\t\t\t\t<div class=\"elementor-element elementor-element-iwgw-kronos-s0t elementor-widget elementor-widget-text-editor\" data-id=\"iwgw-kronos-s0t\" data-element_type=\"widget\" data-e-type=\"widget\" data-widget_type=\"text-editor.default\">\n\t\t\t\t\t\t\t\t\t<p>Kronos tilh\u00f8rer titanenes generasjon, de gudeslektene som i den <a href=\"https:\/\/iwell-guard.com\/no\/grekenland\/\">greske<\/a> <span class=\"iwg-fachbegriff\" data-tooltip=\"Den samlede mengden av overleverte gudefortellinger i en kultur.\" tabindex=\"0\">mytologien<\/span> st\u00e5r mellom de eldste urmaktene og de olympiske gudene. Han er den yngste s\u00f8nnen til himmelguden Uranos og jordgudinnen Gaia, og han tar over herred\u00f8mmet over verden etter at faren blir styrtet.<\/p><p>Dermed er Kronos den sentrale skikkelsen i den midterste fasen av den greske skapelsesmyten, den s\u00e5kalte suksesjonsmytologien, der verdensherred\u00f8mmet gis videre gjennom tre generasjoner.<\/p><p>Religionsvitenskapelig sett er Kronos en dobbeltfigur. P\u00e5 den ene siden st\u00e5r den grusomme herskeren som lemlester sin far og sluker sine egne barn for \u00e5 sikre sin makt.<\/p><p>P\u00e5 den andre siden st\u00e5r kongen av den gylne tidsalder, under hvis herred\u00f8mme menneskene levde bekymringsl\u00f8st og uten slit. Denne spenningen mellom skrekkfigur og fredskonge gj\u00f8r Kronos til en s\u00e6rlig opplysende figur for \u00e5 forst\u00e5 greske forestillinger om historie og tid.<\/p><p>Den viktigste kilden er Hesiods <em>Theogonien<\/em>, som utf\u00f8rlig forteller <span class=\"iwg-fachbegriff\" data-tooltip=\"En overlevert fortelling om guder, opphav og verdens orden.\" tabindex=\"0\">myten<\/span> om rekkef\u00f8lgen av verdensherskerne. Dertil kommer en rekke senere overleveringer, mytografiske verk og likestillingen med den romerske Saturn, som videreutviklet bildet av Kronos i <span class=\"iwg-fachbegriff\" data-tooltip=\"Epoken for den greske og romerske kulturen, ca. 800 f.Kr. til 600 e.Kr.\" tabindex=\"0\">antikken<\/span>. Den orfiske diktningen ga en egen versjon av gudenes rekkef\u00f8lge som avvek fra Hesiod.<\/p>\t\t\t\t\t\t\t\t<\/div>\n\t\t\t\t\t<\/div>\n\t\t\t\t<\/div>\n\t\t<div class=\"elementor-element elementor-element-iwgw-kronos-s1 e-flex e-con-boxed e-con e-parent\" data-id=\"iwgw-kronos-s1\" data-element_type=\"container\" data-e-type=\"container\">\n\t\t\t\t\t<div class=\"e-con-inner\">\n\t\t\t\t<div class=\"elementor-element elementor-element-iwgw-kronos-s1h elementor-widget elementor-widget-heading\" data-id=\"iwgw-kronos-s1h\" data-element_type=\"widget\" data-e-type=\"widget\" data-widget_type=\"heading.default\">\n\t\t\t\t\t<h2 class=\"elementor-heading-title elementor-size-default\">Navn og etymologi<\/h2>\t\t\t\t<\/div>\n\t\t\t\t<div class=\"elementor-element elementor-element-iwgw-kronos-s1t elementor-widget elementor-widget-text-editor\" data-id=\"iwgw-kronos-s1t\" data-element_type=\"widget\" data-e-type=\"widget\" data-widget_type=\"text-editor.default\">\n\t\t\t\t\t\t\t\t\t<p>Navnet Kronos er ikke sikkert tolket spr\u00e5klig. I <span class=\"iwg-fachbegriff\" data-tooltip=\"Epoken for den greske og romerske kulturen, ca. 800 f.Kr. til 600 e.Kr.\" tabindex=\"0\">antikken<\/span> selv ble det ofte forbundet med det greske ordet for tid, Chronos. Denne likestillingen er ikke spr\u00e5kvitenskapelig holdbar, siden de to navnene skrives og betones forskjellig.<\/p><p>Likevel hadde den stor virkning: Allerede i <span class=\"iwg-fachbegriff\" data-tooltip=\"Epoken for den greske og romerske kulturen, ca. 800 f.Kr. til 600 e.Kr.\" tabindex=\"0\">antikken<\/span>, s\u00e6rlig i den stoiske og orfiske spekulasjonen, ble Kronos tolket som en personifisering av tiden, som sluker sine egne barn, alts\u00e5 alt som er blitt til.<\/p><p>Andre <span class=\"iwg-fachbegriff\" data-tooltip=\"Epoken for den greske og romerske kulturen, ca. 800 f.Kr. til 600 e.Kr.\" tabindex=\"0\">antikke<\/span> tolkninger knyttet navnet til verbet for \u00e5 h\u00f8ste eller til begreper fra landbruket, noe som passet med hans attributt, sigden. Ogs\u00e5 disse forklaringene er folkeetymologiske og ikke sikre.<\/p><p>Den moderne forskningen har en tendens til \u00e5 anse navnet Kronos som f\u00f8rgresk, alts\u00e5 et arveord fra et spr\u00e5klag som ble talt f\u00f8r den gresktalende befolkningen kom til Egeerhavet. En sikker etymologi finnes ikke.<\/p><p>I den romerske <span class=\"iwg-fachbegriff\" data-tooltip=\"Overf\u00f8ringen av kunnskap og fortellinger gjennom generasjoner.\" tabindex=\"0\">overleveringen<\/span> ble Kronos likestilt med Saturn. Denne identifikasjonen var s\u00e5 virkningsfull at mange trekk ved Kronos levde videre i den latinske kulturkretsen under navnet Saturn, blant annet forestillingen om den gylne tidsalder og festen saturnaliene.<\/p><p>Skillet mellom den greske Kronos og den romerske Saturn er viktig i forskningen, fordi begge skikkelsene fikk sin egen utvikling.<\/p>\t\t\t\t\t\t\t\t<\/div>\n\t\t\t\t\t<\/div>\n\t\t\t\t<\/div>\n\t\t<div class=\"elementor-element elementor-element-iwgw-kronos-s2 e-flex e-con-boxed e-con e-parent\" data-id=\"iwgw-kronos-s2\" data-element_type=\"container\" data-e-type=\"container\">\n\t\t\t\t\t<div class=\"e-con-inner\">\n\t\t\t\t<div class=\"elementor-element elementor-element-iwgw-kronos-s2h elementor-widget elementor-widget-heading\" data-id=\"iwgw-kronos-s2h\" data-element_type=\"widget\" data-e-type=\"widget\" data-widget_type=\"heading.default\">\n\t\t\t\t\t<h2 class=\"elementor-heading-title elementor-size-default\">Beskrivelse og ikonografi<\/h2>\t\t\t\t<\/div>\n\t\t\t\t<div class=\"elementor-element elementor-element-iwgw-kronos-s2t elementor-widget elementor-widget-text-editor\" data-id=\"iwgw-kronos-s2t\" data-element_type=\"widget\" data-e-type=\"widget\" data-widget_type=\"text-editor.default\">\n\t\t\t\t\t\t\t\t\t<p>Kronos avbildes i den billedlige kunsten fra <span class=\"iwg-fachbegriff\" data-tooltip=\"Epoke i den greske og romerske kulturen, omtrent 800 f.Kr. til 600 e.Kr.\" tabindex=\"0\">antikken<\/span> sjeldnere og mindre enhetlig enn de olympiske gudene. Der han opptrer, fremstilles han oftest som en skjegget, aldrende mann, verdig, men uten den ungdommelige kraften som for eksempel kjennetegner Zevs.<\/p><p>Hans mest fremtredende attributt er sigden, det krumme skj\u00e6reverkt\u00f8yet han if\u00f8lge <span class=\"iwg-fachbegriff\" data-tooltip=\"En overlevert fortelling om guder, opphav og verdens ordning.\" tabindex=\"0\">mytologien<\/span> brukte for \u00e5 kastrere sin far Uranos. Dette redskapet, kalt harpe i kildene, er hans faste kjennetegn.<\/p><p>Kronos avbildes ofte med tildekket hode, med kappen dratt over bakhodet. Denne tildekningen ble tolket som et tegn p\u00e5 hans forbindelse til den skjulte, uhyggelige siden av verden, eller som en henvisning til hans status som en styrtet hersker forvist til dypet. I den romerske ikonografien av Saturn fortsatte dette kjennetegnet.<\/p><p>Scener som illustrerer <span class=\"iwg-fachbegriff\" data-tooltip=\"En overlevert fortelling om guder, opphav og verdens ordning.\" tabindex=\"0\">mytologien<\/span> viser Kronos f\u00f8rst og fremst i to \u00f8yeblikk: under kastreringen av Uranos og mens han fort\u00e6rer sine barn.<\/p><p>Sistnevnte scene, der Kronos f\u00f8rer en spedbarn til munnen eller mottar en stein sv\u00f8pt i bleier, ble s\u00e6rlig tatt opp i kunsten etter antikken og h\u00f8rer til de mest gripende bildene i hele <span class=\"iwg-fachbegriff\" data-tooltip=\"Helheten av overleverte gudefortellinger i en kultur.\" tabindex=\"0\">mytologien<\/span>. I <span class=\"iwg-fachbegriff\" data-tooltip=\"Epoke i den greske og romerske kulturen, omtrent 800 f.Kr. til 600 e.Kr.\" tabindex=\"0\">antikken<\/span> selv dominerer imidlertid den rolige, herskerlige fremstillingen. Som konge av den gyldne tidsalder ble han av og til vist tronende.<\/p>\t\t\t\t\t\t\t\t<\/div>\n\t\t\t\t\t<\/div>\n\t\t\t\t<\/div>\n\t\t<div class=\"elementor-element elementor-element-iwgw-kronos-s3 e-flex e-con-boxed e-con e-parent\" data-id=\"iwgw-kronos-s3\" data-element_type=\"container\" data-e-type=\"container\">\n\t\t\t\t\t<div class=\"e-con-inner\">\n\t\t\t\t<div class=\"elementor-element elementor-element-iwgw-kronos-s3h elementor-widget elementor-widget-heading\" data-id=\"iwgw-kronos-s3h\" data-element_type=\"widget\" data-e-type=\"widget\" data-widget_type=\"heading.default\">\n\t\t\t\t\t<h2 class=\"elementor-heading-title elementor-size-default\">Mytologiske fortellinger<\/h2>\t\t\t\t<\/div>\n\t\t\t\t<div class=\"elementor-element elementor-element-iwgw-kronos-s3t elementor-widget elementor-widget-text-editor\" data-id=\"iwgw-kronos-s3t\" data-element_type=\"widget\" data-e-type=\"widget\" data-widget_type=\"text-editor.default\">\n\t\t\t\t\t\t\t\t\t<p>Historien om Kronos begynner med en konflikt mellom urkreftene. Uranos, himmelen, forente seg med Gaia, jorden, men holdt deres felles barn, blant dem titanene, tilbake i jordens indre. Gaia, tynget av denne belastningen, smidde en plan og laget en sigd av hard stein.<\/p><p>Av alle hennes barn var det bare Kronos, den yngste av titanene, som erkl\u00e6rte seg villig til \u00e5 g\u00e5 til angrep p\u00e5 faren. Da Uranos igjen n\u00e6rmet seg Gaia, skar Kronos av hans kj\u00f8nnsorgan og kastet det i havet.<\/p><p>Fra blodet og delene som falt i havet, oppstod flere vesener, blant dem Afrodite if\u00f8lge \u00e9n <span class=\"iwg-fachbegriff\" data-tooltip=\"Videref\u00f8ringen av kunnskap og fortellinger gjennom generasjoner.\" tabindex=\"0\">tradisjon<\/span>, samt erinyene og giganterne.<\/p><p>Med dette slaget ble Kronos hersker over verden. Han tok sin s\u00f8ster Rhea til hustru og fikk med henne en rekke barn, som ble den f\u00f8rste generasjonen av de olympiske gudene.<\/p><p>Men Uranos og Gaia hadde sp\u00e5dd Kronos at ogs\u00e5 han skulle bli styrtet av en egen s\u00f8nn. For \u00e5 unng\u00e5 denne profetien slukte Kronos hvert av sine barn like etter f\u00f8dselen: Hestia, Demeter, Hera, Hades og Poseidon.<\/p><p>Da det sjette barnet, Zevs, skulle f\u00f8des, fant Rhea p\u00e5 et lurendreieri. Hun f\u00f8dte spedbarnet i hemmelighet p\u00e5 Kreta og gav Kronos en stein sv\u00f8pt i bleier i stedet for barnet, som han uvitende slukte. Zevs vokste opp i det skjulte.<\/p><p>Da han var blitt voksen, tvang han Kronos til \u00e5 spy opp de oppslukte s\u00f8sknene igjen, f\u00f8rst steinen, deretter gudene. Det fulgte den store krigen mellom titanene under Kronos og de yngre gudene under <a href=\"https:\/\/iwell-guard.com\/no\/zeus\/\">Zevs<\/a>, titanomakiet.<\/p><p>Den endte med olympiernes seier. De beseirede titanene ble forvist til Tartaros, det dypeste omr\u00e5det i underverdenen.<\/p><p>Om Kronos&#8217; senere skjebne finnes avvikende overleveringer. If\u00f8lge \u00e9n versjon forblir han fanget i Tartaros.<\/p><p>Etter en annen, mildere tradisjon blir han etter sin forsoning hersker over de saliges \u00f8yer, hvor de rettferdige d\u00f8de lever et lykkelig liv. Denne andre linjen forbindes med forestillingen om den gyldne tidsalder, som skal ha herred\u00f8mme under hans styre.<\/p>\t\t\t\t\t\t\t\t<\/div>\n\t\t\t\t\t<\/div>\n\t\t\t\t<\/div>\n\t\t<div class=\"elementor-element elementor-element-iwgw-kronos-s4 e-flex e-con-boxed e-con e-parent\" data-id=\"iwgw-kronos-s4\" data-element_type=\"container\" data-e-type=\"container\">\n\t\t\t\t\t<div class=\"e-con-inner\">\n\t\t\t\t<div class=\"elementor-element elementor-element-iwgw-kronos-s4h elementor-widget elementor-widget-heading\" data-id=\"iwgw-kronos-s4h\" data-element_type=\"widget\" data-e-type=\"widget\" data-widget_type=\"heading.default\">\n\t\t\t\t\t<h2 class=\"elementor-heading-title elementor-size-default\">Kult og tilbedelse<\/h2>\t\t\t\t<\/div>\n\t\t\t\t<div class=\"elementor-element elementor-element-iwgw-kronos-s4t elementor-widget elementor-widget-text-editor\" data-id=\"iwgw-kronos-s4t\" data-element_type=\"widget\" data-e-type=\"widget\" data-widget_type=\"text-editor.default\">\n\t\t\t\t\t\t\t\t\t<p>Sammenlignet med de olympiske gudene var <span class=\"iwg-fachbegriff\" data-tooltip=\"Helheten av religi\u00f8se \u00e6resbevisninger for en gud eller hellig skikkelse.\" tabindex=\"0\">kulten<\/span> av Kronos i Grekenland av mindre omfang, men den fantes. Den viktigste festen tilegnet ham var kronia, som ble feiret i Athen og andre steder.<\/p><p>De falt i tiden etter innh\u00f8stingen og hadde en s\u00e6regen karakter: P\u00e5 denne dagen ble den sosiale ordenen midlertidig opphevet eller lettet. Herrer og slaver deltok sammen i m\u00e5ltidet, og p\u00e5 enkelte steder ble slavene betjent av sine herrer.<\/p><p>Religionsvitenskapelig er denne rituelle omveltningen av stor betydning. Festen gjenopprettet for en begrenset periode tilstanden fra den gyldne tidsalder, hvor det if\u00f8lge <span class=\"iwg-fachbegriff\" data-tooltip=\"En overlevert fortelling om guder, opphav og verdens ordning.\" tabindex=\"0\">mytologien<\/span> ikke hadde eksistert herred\u00f8mme, slit eller sosiale forskjeller.<\/p><p>Festen var dermed en rituell p\u00e5minnelse om en tapt urtid med likhet. De romerske saturnaliene, festen for Saturn som ble likestilt med Kronos, hadde samme karakter og ble feiret enda mer utpreget.<\/p><p>Helligdommer for Kronos er bevitnet for flere steder, blant dem Olympia, hvor h\u00f8yden over <span class=\"iwg-fachbegriff\" data-tooltip=\"Et sted innviet til \u00e6resbevisning av en gud.\" tabindex=\"0\">helligdommen<\/span> bar titanens navn. I Athen fantes et felles omr\u00e5de for Kronos og Rhea.<\/p><p><span class=\"iwg-fachbegriff\" data-tooltip=\"Helheten av religi\u00f8se \u00e6resbevisninger for en gud eller hellig skikkelse.\" tabindex=\"0\">Kulten<\/span> forble likevel i skyggen av de store olympiske gudene. Kronos var en <span class=\"iwg-fachbegriff\" data-tooltip=\"Et vesen som \u00e6res som gudommelig innenfor en religion.\" tabindex=\"0\">guddom<\/span> fra fortiden, fra den avl\u00f8ste verdensordenen, og denne stillingen gjenspeiles i den begrensede, men betydningsfulle kultiske tilstedev\u00e6relsen.<\/p>\t\t\t\t\t\t\t\t<\/div>\n\t\t\t\t\t<\/div>\n\t\t\t\t<\/div>\n\t\t<div class=\"elementor-element elementor-element-iwgw-kronos-s5 e-flex e-con-boxed e-con e-parent\" data-id=\"iwgw-kronos-s5\" data-element_type=\"container\" data-e-type=\"container\">\n\t\t\t\t\t<div class=\"e-con-inner\">\n\t\t\t\t<div class=\"elementor-element elementor-element-iwgw-kronos-s5h elementor-widget elementor-widget-heading\" data-id=\"iwgw-kronos-s5h\" data-element_type=\"widget\" data-e-type=\"widget\" data-widget_type=\"heading.default\">\n\t\t\t\t\t<h2 class=\"elementor-heading-title elementor-size-default\">Beskyttelsespraksis og apotropeiske trekk<\/h2>\t\t\t\t<\/div>\n\t\t\t\t<div class=\"elementor-element elementor-element-iwgw-kronos-s5t elementor-widget elementor-widget-text-editor\" data-id=\"iwgw-kronos-s5t\" data-element_type=\"widget\" data-e-type=\"widget\" data-widget_type=\"text-editor.default\">\n\t\t\t\t\t\t\t\t\t<p>Kronos var ikke en gestalt som en utbredt avvergingspraksis rettet seg mot, slik som mot demoner eller skadelige \u00e5nder. Som styrtet og forvist til Tartaros var han fjernet fra verdens aktive virkeomr\u00e5de. Det er ikke overlevert noen egentlig apotropeisk praksis mot Kronos.<\/p><p>Likevel bar figuren Kronos et uhyggelig, truende trekk som levde videre i forestillingsverdenen. Den barneslukende faren var et bilde p\u00e5 skrekk.<\/p><p>I senere tid, s\u00e6rlig i den romerske og senantikke tolkningen, der Kronos ble likestilt med Chronos, tiden, fikk denne siden st\u00f8rre vekt: Tiden, som frembringer alt og igjen tilintetgj\u00f8r alt, ble et sinnbilde p\u00e5 forgjengelighet. Denne tolkningen var imidlertid filosofisk og litter\u00e6r, ikke kultisk.<\/p><p>P\u00e5 det rituelle omr\u00e5det kan man snarere observere det motsatte av en avvergingspraksis. Kronia-festen hadde ikke som m\u00e5l \u00e5 holde titanen p\u00e5 avstand, men \u00e5 hente tilbake hans tid, den gylne tidsalder, for en kort stund. Den festlige oppl\u00f8sningen av ordenen var en kontrollert tiln\u00e6rming til Kronos&#8217; sf\u00e6re.<\/p><p>Der apotropeiske forestillinger ble knyttet til Saturn, for eksempel i senantikkens astrologi, hvor planeten Saturn ble ansett som ulykkebringende, er det tale om en utvikling som g\u00e5r langt utover den greske Kronos, og som h\u00f8rer til den romersk-orientalske stjernetydningen.<\/p>\t\t\t\t\t\t\t\t<\/div>\n\t\t\t\t\t<\/div>\n\t\t\t\t<\/div>\n\t\t<div class=\"elementor-element elementor-element-iwgw-kronos-s6 e-flex e-con-boxed e-con e-parent\" data-id=\"iwgw-kronos-s6\" data-element_type=\"container\" data-e-type=\"container\">\n\t\t\t\t\t<div class=\"e-con-inner\">\n\t\t\t\t<div class=\"elementor-element elementor-element-iwgw-kronos-s6h elementor-widget elementor-widget-heading\" data-id=\"iwgw-kronos-s6h\" data-element_type=\"widget\" data-e-type=\"widget\" data-widget_type=\"heading.default\">\n\t\t\t\t\t<h2 class=\"elementor-heading-title elementor-size-default\">Paralleller i andre kulturer<\/h2>\t\t\t\t<\/div>\n\t\t\t\t<div class=\"elementor-element elementor-element-iwgw-kronos-s6t elementor-widget elementor-widget-text-editor\" data-id=\"iwgw-kronos-s6t\" data-element_type=\"widget\" data-e-type=\"widget\" data-widget_type=\"text-editor.default\">\n\t\t\t\t\t\t\t\t\t<p><span class=\"iwg-fachbegriff\" data-tooltip=\"En overlevert fortelling om guder, opphav og verdens ordning.\" tabindex=\"0\">Myten<\/span> om himmelfaderens fall og rekkef\u00f8lgen av verdensherskere har n\u00e6re paralleller i kulturene i det gamle Orienten og Lilleasia. Den komparative forskningen har siden det tjuende \u00e5rhundre avdekket omfattende sammenhenger her.<\/p><p>Den tydeligste tilsvarigheten finner man i den hettittiske <span class=\"iwg-fachbegriff\" data-tooltip=\"En overlevert fortelling om guder, opphav og verdens ordning.\" tabindex=\"0\">myten<\/span> om konged\u00f8mmet i himmelen, overlevert p\u00e5 kileskrifttavler fra Lilleasia. Der kastrerer guden Kumarbi sin forgjenger Anu ved \u00e5 bite av hans manndom, og blir selv styrtet av en senere gudegenerasjon.<\/p><p>Overensstemmelsen med Kronos-fortellingen i rekkef\u00f8lgen av herskergenerasjoner og i <span class=\"iwg-fachbegriff\" data-tooltip=\"Et gjentagende innholdselement i kunst eller fortelling.\" tabindex=\"0\">motivet<\/span> kastrering anses som s\u00e5 n\u00e6r at en historisk forbindelse, en overtakelse eller en felles \u00f8stlig arv, allment antas.<\/p><p>Ogs\u00e5 i den babylonske skapelsesdiktningen finnes en generasjonsf\u00f8lge av guder med voldelig maktskifte. I den nordiske <span class=\"iwg-fachbegriff\" data-tooltip=\"Summen av de overleverte gudefortellingene i en kultur.\" tabindex=\"0\">mytologien<\/span> st\u00e5r konflikten mellom urjotner og yngre guder i en fjern tematisk n\u00e6rhet til dette.<\/p><p><span class=\"iwg-fachbegriff\" data-tooltip=\"Et gjentagende innholdselement i kunst eller fortelling.\" tabindex=\"0\">Motivet<\/span> om den gylne tidsalder, den bekymringsl\u00f8se urtiden under en godhjertet hersk\u0435r, har derimot tilsvarigheter i mange kulturer, fra den gammelorientalske forestillingen om en paradisisk begynnelsestilstand til indiske tidsalderforestillinger.<\/p><p>Kronos forener dermed to motivkretser som begge er vidt utbredt: gudenes voldelige suksesjon og den tapte urtiden av lykksalighet. Forskningen ser i den greske teogonien en selvstendig bearbeidelse av stoff som i betydelig grad stammer fra N\u00e6r\u00f8sten.<\/p>\t\t\t\t\t\t\t\t<\/div>\n\t\t\t\t\t<\/div>\n\t\t\t\t<\/div>\n\t\t<div class=\"elementor-element elementor-element-iwgw-kronos-s7 e-flex e-con-boxed e-con e-parent\" data-id=\"iwgw-kronos-s7\" data-element_type=\"container\" data-e-type=\"container\">\n\t\t\t\t\t<div class=\"e-con-inner\">\n\t\t\t\t<div class=\"elementor-element elementor-element-iwgw-kronos-s7h elementor-widget elementor-widget-heading\" data-id=\"iwgw-kronos-s7h\" data-element_type=\"widget\" data-e-type=\"widget\" data-widget_type=\"heading.default\">\n\t\t\t\t\t<h2 class=\"elementor-heading-title elementor-size-default\">Dagens mottakelse og forskning<\/h2>\t\t\t\t<\/div>\n\t\t\t\t<div class=\"elementor-element elementor-element-iwgw-kronos-s7t elementor-widget elementor-widget-text-editor\" data-id=\"iwgw-kronos-s7t\" data-element_type=\"widget\" data-e-type=\"widget\" data-widget_type=\"text-editor.default\">\n\t\t\t\t\t\t\t\t\t<p>Kronos er fremfor alt fortsatt til stede gjennom to virkningslinjer. Den f\u00f8rste er likestillingen med tiden. Gjennom den <span class=\"iwg-fachbegriff\" data-tooltip=\"Epoken for den greske og romerske kulturen, omkring 800 f.Kr. til 600 e.Kr.\" tabindex=\"0\">antikke<\/span> spekulasjonen, middelalderens allegori og nyere tids kunst oppstod figuren av den gamle Fader Tid med lj\u00e5 og timeglass, en sammensmelting av Kronos, Chronos og Saturn.<\/p><p>Den andre linjen er bildet av den barneslukende titanen, som fikk kraftfulle uttrykk i nyere tids billedkunst og ble et fast <span class=\"iwg-fachbegriff\" data-tooltip=\"Et gjentagende innholdselement i kunst eller fortelling.\" tabindex=\"0\">motiv<\/span> i europeisk kunsthistorie.<\/p><p>I popul\u00e6rkulturen dukker Kronos ofte opp, som regel i rollen som en overmektig, truende urgud, ofte sammensmeltet med trekk fra andre titaner eller blandet sammen med navnet Chronos. Ogs\u00e5 begrepet saturnalier har g\u00e5tt inn i allmennspr\u00e5ket som betegnelse p\u00e5 lystige festligheter.<\/p><p>Den vitenskapelige forskningen har behandlet Kronos p\u00e5 flere plan. I sentrum har lenge st\u00e5tt sp\u00f8rsm\u00e5let om suksesjonsmytologiens orientalske r\u00f8tter.<\/p><p>Martin Litchfield West og andre har utarbeidet forbindelsene til den hettittiske og babylonske <span class=\"iwg-fachbegriff\" data-tooltip=\"Overf\u00f8ring av kunnskap og fortellinger over generasjoner.\" tabindex=\"0\">overleveringen<\/span>. Ved siden av dette st\u00e5r unders\u00f8kelsen av Kronos-kulten og Kronia-festen, som som eksempel p\u00e5 rituell omvending har f\u00e5tt stor interesse.<\/p><p>Walter Burkert har plassert Kronos innenfor den greske religionshistorien, Fritz Graf innenfor mytteforskningen, Timothy Gantz har samlet kildene. Kronos forblir et n\u00f8kkeleksempel p\u00e5 hvordan grekerne tenkte over verdens opphav, over ordenens tilblivelse og over en tapt bedre tid.<\/p>\t\t\t\t\t\t\t\t<\/div>\n\t\t\t\t\t<\/div>\n\t\t\t\t<\/div>\n\t\t<div class=\"elementor-element elementor-element-iwgw-kronos-lit e-flex e-con-boxed e-con e-parent\" data-id=\"iwgw-kronos-lit\" data-element_type=\"container\" data-e-type=\"container\">\n\t\t\t\t\t<div class=\"e-con-inner\">\n\t\t\t\t<div class=\"elementor-element elementor-element-iwgw-kronos-lith elementor-widget elementor-widget-heading\" data-id=\"iwgw-kronos-lith\" data-element_type=\"widget\" data-e-type=\"widget\" data-widget_type=\"heading.default\">\n\t\t\t\t\t<h2 class=\"elementor-heading-title elementor-size-default\">Litteratur (utvalg)<\/h2>\t\t\t\t<\/div>\n\t\t\t\t<div class=\"elementor-element elementor-element-iwgw-kronos-litt elementor-widget elementor-widget-text-editor\" data-id=\"iwgw-kronos-litt\" data-element_type=\"widget\" data-e-type=\"widget\" data-widget_type=\"text-editor.default\">\n\t\t\t\t\t\t\t\t\t<ul><li>Martin Litchfield West: <em>The East Face of Helicon. West Asiatic Elements in Greek Poetry and Myth<\/em> (1997)<\/li><li>Walter Burkert: <em>Griechische Religion der archaischen und klassischen Epoche<\/em> (1977)<\/li><li>Martin Persson Nilsson: <em>Geschichte der griechischen Religion<\/em> (1941\u20131950)<\/li><li>Timothy Gantz: <em>Early Greek Myth. A Guide to Literary and Artistic Sources<\/em> (1993)<\/li><li>Fritz Graf: <em>Griechische <span class=\"iwg-fachbegriff\" data-tooltip=\"Summen av de overleverte gudefortellingene i en kultur.\" tabindex=\"0\">Mythologie<\/span>. Eine Einf\u00fchrung<\/em> (1985)<\/li><li>Walter Burkert: <em>Die orientalisierende Epoche in der griechischen Religion und Literatur<\/em> (1984)<\/li><\/ul>\t\t\t\t\t\t\t\t<\/div>\n\t\t\t\t\t<\/div>\n\t\t\t\t<\/div>\n\t\t<div class=\"elementor-element elementor-element-iwgw-kronos-kwd e-flex e-con-boxed e-con e-parent\" data-id=\"iwgw-kronos-kwd\" data-element_type=\"container\" data-e-type=\"container\">\n\t\t\t\t\t<div class=\"e-con-inner\">\n\t\t\t\t<div class=\"elementor-element elementor-element-iwgw-kronos-kwdt elementor-widget elementor-widget-text-editor\" data-id=\"iwgw-kronos-kwdt\" data-element_type=\"widget\" data-e-type=\"widget\" data-widget_type=\"text-editor.default\">\n\t\t\t\t\t\t\t\t\t<p><em>Relaterte n\u00f8kkelbegreper: Kronos Titan Zevs Rhea Uranos Titanomachi Den gylne tidsalder Tartaros.<\/em><\/p>\t\t\t\t\t\t\t\t<\/div>\n\t\t\t\t\t<\/div>\n\t\t\t\t<\/div>\n\t\t<div class=\"elementor-element elementor-element-iwgw-kronos-cc e-flex e-con-boxed e-con e-parent\" data-id=\"iwgw-kronos-cc\" data-element_type=\"container\" data-e-type=\"container\" id=\"iwg-cc-kronos\">\n\t\t\t\t\t<div class=\"e-con-inner\">\n\t\t<div class=\"elementor-element elementor-element-iwgw-kronos-ccinner e-flex e-con-boxed e-con e-parent\" data-id=\"iwgw-kronos-ccinner\" data-element_type=\"container\" data-e-type=\"container\" data-settings=\"{&quot;background_background&quot;:&quot;classic&quot;}\">\n\t\t\t\t\t<div class=\"e-con-inner\">\n\t\t\t\t<div class=\"elementor-element elementor-element-iwgw-kronos-cch elementor-widget elementor-widget-heading\" data-id=\"iwgw-kronos-cch\" data-element_type=\"widget\" data-e-type=\"widget\" data-widget_type=\"heading.default\">\n\t\t\t\t\t<h2 class=\"elementor-heading-title elementor-size-default\">iWell Guard og beskyttelsestradisjoner<\/h2>\t\t\t\t<\/div>\n\t\t\t\t<div class=\"elementor-element elementor-element-iwgw-kronos-cct elementor-widget elementor-widget-text-editor\" data-id=\"iwgw-kronos-cct\" data-element_type=\"widget\" data-e-type=\"widget\" data-widget_type=\"text-editor.default\">\n\t\t\t\t\t\t\t\t\t<div data-nosnippet=\"true\"><p>iWell Guard bygger videre p\u00e5 den kulturhistoriske tradisjonen med b\u00e6rbare beskyttelsesobjekter, i tradisjonen fra <a href=\"https:\/\/iwell-guard.com\/no\/grekenland\/\">Hellas<\/a> og mange andre kulturer verden over. 41 lag, ekte gull, platina, s\u00f8lv, produsert i Tyskland. 30 dagers returrett.<\/p><\/div>\t\t\t\t\t\t\t\t<\/div>\n\t\t\t\t<div class=\"elementor-element elementor-element-iwgw-kronos-ccb iwg-cc-button iwg-cc-cta-2026-05-13 elementor-widget elementor-widget-jet-button\" data-id=\"iwgw-kronos-ccb\" data-element_type=\"widget\" data-e-type=\"widget\" data-widget_type=\"jet-button.default\">\n\t\t\t\t<div class=\"elementor-widget-container\">\n\t\t\t\t\t<div class=\"elementor-jet-button jet-elements\"><div class=\"jet-button__container\"><a class=\"jet-button__instance jet-button__instance--icon-left hover-effect-1\" href=\"\/ueber-iwell-guard\/?utm_source=iwell-guard.com&amp;utm_medium=info-box&amp;utm_campaign=wesen-tradition\"><div class=\"jet-button__plane jet-button__plane-normal\"><\/div><div class=\"jet-button__plane jet-button__plane-hover\"><\/div><div class=\"jet-button__state jet-button__state-normal\"><span class=\"jet-button__label\">Mer om iWell Guard<\/span><\/div><div class=\"jet-button__state jet-button__state-hover\"><span class=\"jet-button__label\">Mer om iWell Guard<\/span><\/div><\/a><\/div><\/div><style>.elementor-element.elementor-element-iwgw-kronos-ccb .jet-button__instance{width:320px;height:56px;}.elementor-element.elementor-element-iwgw-kronos-ccb .jet-button__state-normal .jet-button__label{text-align:center;margin:0px 0px 0px 0px;color:#1a1b20;font-family:Montserrat,sans-serif;font-size:13px;font-weight:400;letter-spacing:4px;line-height:1.714em;text-transform:uppercase;}.elementor-element.elementor-element-iwgw-kronos-ccb .jet-button__state-hover .jet-button__label{text-align:center;margin:0px 0px 0px 0px;color:#FECC76;font-family:Montserrat,sans-serif;font-size:13px;font-weight:400;letter-spacing:4px;line-height:1.714em;text-transform:uppercase;}.elementor-element.elementor-element-iwgw-kronos-ccb .jet-button__plane-normal{background-color:#FECC76;border-style:solid;border-color:#C99540;border-width:2px 2px 2px 2px;}.elementor-element.elementor-element-iwgw-kronos-ccb .jet-button__plane-hover{background-color:rgba(0,0,0,0.55);border-style:solid;border-color:#FECC76;border-width:2px 2px 2px 2px;}<\/style>\t\t\t\t<\/div>\n\t\t\t\t<\/div>\n\t\t\t\t<div class=\"elementor-element elementor-element-iwgw-kronos-ccd elementor-widget elementor-widget-text-editor\" data-id=\"iwgw-kronos-ccd\" data-element_type=\"widget\" data-e-type=\"widget\" data-widget_type=\"text-editor.default\">\n\t\t\t\t\t\t\t\t\t<div data-nosnippet=\"true\"><p style=\"text-align:center;font-size:13px;opacity:0.7;margin-top:14px\" data-nosnippet=\"true\">Personlige erfaringer kan variere. Ikke et medisinsk produkt. Ingen garanti for helbredelse.<\/p><\/div>\t\t\t\t\t\t\t\t<\/div>\n\t\t\t\t\t<\/div>\n\t\t\t\t<\/div>\n\t\t\t\t\t<\/div>\n\t\t\t\t<\/div>\n\t\t<div class=\"elementor-element elementor-element-iwgw-kronos-disc e-flex e-con-boxed e-con e-parent\" data-id=\"iwgw-kronos-disc\" data-element_type=\"container\" data-e-type=\"container\">\n\t\t\t\t\t<div class=\"e-con-inner\">\n\t\t\t\t<div class=\"elementor-element elementor-element-iwgw-kronos-discw elementor-widget elementor-widget-html\" data-id=\"iwgw-kronos-discw\" data-element_type=\"widget\" data-e-type=\"widget\" data-widget_type=\"html.default\">\n\t\t\t\t\t<footer data-nosnippet=\"true\" class=\"iwg-disclaimer-block\"><p data-nosnippet=\"true\">iWell Guard er <strong>ikke et medisinsk produkt<\/strong> og erstatter ingen medisinsk eller psykoterapeutisk behandling. Det religionsvitenskapelige innholdet er kulturhistorisk plassering, ikke en anbefaling om spirituell praksis.<\/p><\/footer>\t\t\t\t<\/div>\n\t\t\t\t\t<\/div>\n\t\t\t\t<\/div>\n\t\t\t\t<\/div>\n\t\t","protected":false},"excerpt":{"rendered":"","protected":false},"author":3,"featured_media":3374,"parent":0,"menu_order":0,"comment_status":"closed","ping_status":"closed","template":"elementor_header_footer","meta":{"_yoast_wpseo_focuskw":"Kronos Titan","_yoast_wpseo_title":"Kronos \u2013 titan og far til Zevs","_yoast_wpseo_metadesc":"Kronos, titanen fra den greske mytologien, far til Zevs og herskeren over den gylne tidsalder.","_yoast_wpseo_meta-robots-noindex":"","_yoast_wpseo_canonical":"","_angie_page":false,"gefaehrdungsstufe":"","wesen_kultur":"","wesen_klasse":"","footnotes":""},"categories":[],"class_list":["post-141246","page","type-page","status-publish","has-post-thumbnail","hentry"],"yoast_head":"<!-- This site is optimized with the Yoast SEO Premium plugin v27.7 (Yoast SEO v28.3) - https:\/\/yoast.com\/product\/yoast-seo-premium-wordpress\/ -->\n<title>Kronos \u2013 titan og far til Zevs<\/title>\n<meta name=\"description\" content=\"Kronos, titanen fra den greske mytologien, far til Zevs og herskeren over den gylne tidsalder.\" \/>\n<meta name=\"robots\" content=\"index, follow, max-snippet:-1, max-image-preview:large, max-video-preview:-1\" \/>\n<link rel=\"canonical\" href=\"https:\/\/iwell-guard.com\/no\/kronos-titan-den-gylne-tidsalder\/\" \/>\n<meta property=\"og:locale\" content=\"nb_NO\" \/>\n<meta property=\"og:type\" content=\"article\" \/>\n<meta property=\"og:title\" content=\"Kronos \u2013 titan og herskeren over den gylne tidsalder\" \/>\n<meta property=\"og:description\" content=\"Kronos, titanen fra den greske mytologien, far til Zevs og herskeren over den gylne tidsalder.\" \/>\n<meta property=\"og:url\" content=\"https:\/\/iwell-guard.com\/no\/kronos-titan-den-gylne-tidsalder\/\" \/>\n<meta property=\"og:site_name\" content=\"iWell Guard\" \/>\n<meta property=\"article:modified_time\" content=\"2026-09-03T09:46:18+00:00\" \/>\n<meta property=\"og:image\" content=\"https:\/\/iwell-guard.com\/wp-content\/uploads\/2026\/05\/goetter_griechenland_kronos.webp\" \/>\n\t<meta property=\"og:image:width\" content=\"1024\" \/>\n\t<meta property=\"og:image:height\" content=\"1536\" \/>\n\t<meta property=\"og:image:type\" content=\"image\/webp\" \/>\n<meta name=\"twitter:card\" content=\"summary_large_image\" \/>\n<script type=\"application\/ld+json\" class=\"yoast-schema-graph\">{\"@context\":\"https:\\\/\\\/schema.org\",\"@graph\":[{\"@type\":\"WebPage\",\"@id\":\"https:\\\/\\\/iwell-guard.com\\\/no\\\/kronos-titan-den-gylne-tidsalder\\\/\",\"url\":\"https:\\\/\\\/iwell-guard.com\\\/no\\\/kronos-titan-den-gylne-tidsalder\\\/\",\"name\":\"Kronos \u2013 titan og far til Zevs\",\"isPartOf\":{\"@id\":\"https:\\\/\\\/iwell-guard.com\\\/no\\\/#website\"},\"primaryImageOfPage\":{\"@id\":\"https:\\\/\\\/iwell-guard.com\\\/no\\\/kronos-titan-den-gylne-tidsalder\\\/#primaryimage\"},\"image\":{\"@id\":\"https:\\\/\\\/iwell-guard.com\\\/no\\\/kronos-titan-den-gylne-tidsalder\\\/#primaryimage\"},\"thumbnailUrl\":\"https:\\\/\\\/iwell-guard.com\\\/wp-content\\\/uploads\\\/2026\\\/05\\\/goetter_griechenland_kronos.webp\",\"datePublished\":\"2026-09-03T09:18:17+00:00\",\"dateModified\":\"2026-09-03T09:46:18+00:00\",\"description\":\"Kronos, titanen fra den greske mytologien, far til Zevs og herskeren over den gylne tidsalder.\",\"breadcrumb\":{\"@id\":\"https:\\\/\\\/iwell-guard.com\\\/no\\\/kronos-titan-den-gylne-tidsalder\\\/#breadcrumb\"},\"inLanguage\":\"nb-NO\",\"potentialAction\":[{\"@type\":\"ReadAction\",\"target\":[\"https:\\\/\\\/iwell-guard.com\\\/no\\\/kronos-titan-den-gylne-tidsalder\\\/\"]}]},{\"@type\":\"ImageObject\",\"inLanguage\":\"nb-NO\",\"@id\":\"https:\\\/\\\/iwell-guard.com\\\/no\\\/kronos-titan-den-gylne-tidsalder\\\/#primaryimage\",\"url\":\"https:\\\/\\\/iwell-guard.com\\\/wp-content\\\/uploads\\\/2026\\\/05\\\/goetter_griechenland_kronos.webp\",\"contentUrl\":\"https:\\\/\\\/iwell-guard.com\\\/wp-content\\\/uploads\\\/2026\\\/05\\\/goetter_griechenland_kronos.webp\",\"width\":1024,\"height\":1536,\"caption\":\"Guder fra den greske tradisjonen.\"},{\"@type\":\"BreadcrumbList\",\"@id\":\"https:\\\/\\\/iwell-guard.com\\\/no\\\/kronos-titan-den-gylne-tidsalder\\\/#breadcrumb\",\"itemListElement\":[{\"@type\":\"ListItem\",\"position\":1,\"name\":\"Start\",\"item\":\"https:\\\/\\\/iwell-guard.com\\\/no\\\/?page_id=140795\"},{\"@type\":\"ListItem\",\"position\":2,\"name\":\"Kronos \u2013 titan og herskeren over den gylne tidsalder\"}]},{\"@type\":\"WebSite\",\"@id\":\"https:\\\/\\\/iwell-guard.com\\\/no\\\/#website\",\"url\":\"https:\\\/\\\/iwell-guard.com\\\/no\\\/\",\"name\":\"iWell Guard\",\"description\":\"Schutz vor dunklen Einfl\u00fcssen\",\"publisher\":{\"@id\":\"https:\\\/\\\/iwell-guard.com\\\/no\\\/#organization\"},\"potentialAction\":[{\"@type\":\"SearchAction\",\"target\":{\"@type\":\"EntryPoint\",\"urlTemplate\":\"https:\\\/\\\/iwell-guard.com\\\/no\\\/?s={search_term_string}\"},\"query-input\":{\"@type\":\"PropertyValueSpecification\",\"valueRequired\":true,\"valueName\":\"search_term_string\"}}],\"inLanguage\":\"nb-NO\"},{\"@type\":\"Organization\",\"@id\":\"https:\\\/\\\/iwell-guard.com\\\/no\\\/#organization\",\"name\":\"Ittermann electronic GmbH\",\"url\":\"https:\\\/\\\/iwell-guard.com\\\/no\\\/\",\"logo\":{\"@type\":\"ImageObject\",\"inLanguage\":\"nb-NO\",\"@id\":\"https:\\\/\\\/iwell-guard.com\\\/no\\\/#\\\/schema\\\/logo\\\/image\\\/\",\"url\":\"https:\\\/\\\/iwell-guard.com\\\/wp-content\\\/uploads\\\/2026\\\/05\\\/Ittermann-Logo-1182x237-1.png\",\"contentUrl\":\"https:\\\/\\\/iwell-guard.com\\\/wp-content\\\/uploads\\\/2026\\\/05\\\/Ittermann-Logo-1182x237-1.png\",\"width\":1182,\"height\":237,\"caption\":\"Ittermann electronic GmbH\"},\"image\":{\"@id\":\"https:\\\/\\\/iwell-guard.com\\\/no\\\/#\\\/schema\\\/logo\\\/image\\\/\"},\"sameAs\":[\"https:\\\/\\\/pantip.com\\\/profile\\\/9367242\",\"https:\\\/\\\/micro.blog\\\/iwellguard\",\"https:\\\/\\\/www.diggerslist.com\\\/iwellguard\\\/about\",\"https:\\\/\\\/skitterphoto.com\\\/photographers\\\/2870314\\\/iwell-guard\",\"https:\\\/\\\/iwellguard.wordpress.com\\\/2026\\\/06\\\/06\\\/iwell-guard\\\/\",\"https:\\\/\\\/hub.docker.com\\\/u\\\/iwellguard\",\"https:\\\/\\\/www.pinterest.com\\\/iwellguard\\\/\",\"https:\\\/\\\/bit.ly\\\/m\\\/iwellguard\",\"https:\\\/\\\/entre-vos-mains.alsace.eu\\\/profiles\\\/iwellguard\\\/activity\",\"https:\\\/\\\/gravatar.com\\\/reallybeded8fd34\",\"https:\\\/\\\/naijamatta.com\\\/iwellguard\",\"https:\\\/\\\/www.goodreads.com\\\/iwellguard\",\"https:\\\/\\\/profile.hatena.ne.jp\\\/iwellguard\\\/\",\"https:\\\/\\\/experiment.com\\\/users\\\/iwellguard\",\"https:\\\/\\\/wakelet.com\\\/@iWellGuard82270\",\"https:\\\/\\\/www.chordie.com\\\/forum\\\/profile.php?id=2555664\",\"https:\\\/\\\/www.instapaper.com\\\/p\\\/17757966\",\"https:\\\/\\\/www.mapleprimes.com\\\/users\\\/iwellguard\",\"https:\\\/\\\/businesslistingplus.com\\\/profile\\\/iwell-guard\\\/\",\"https:\\\/\\\/telegra.ph\\\/iWell-Guard-06-06\",\"https:\\\/\\\/pbase.com\\\/iwellguard\\\/iwellguard\",\"https:\\\/\\\/b.hatena.ne.jp\\\/iwellguard\\\/20260607#bookmark-4788405196491818882\",\"https:\\\/\\\/fliphtml5.com\\\/home\\\/iwellguard\",\"https:\\\/\\\/anyflip.com\\\/homepage\\\/cmiwl#About\",\"https:\\\/\\\/transfur.com\\\/Users\\\/iwellguard\",\"http:\\\/\\\/delphi.larsbo.org\\\/user\\\/iwellguard\",\"https:\\\/\\\/jobs.lajobsportal.org\\\/profiles\\\/8380803-iwell-guard\",\"https:\\\/\\\/md.chaosdorf.de\\\/s\\\/jfbe5SBdJD\",\"https:\\\/\\\/www.lingvolive.com\\\/en-us\\\/profile\\\/9ecaeaca-ce11-4e51-9e71-01d55e2bff36\\\/translations\",\"https:\\\/\\\/www.fitday.com\\\/fitness\\\/forums\\\/members\\\/iwellguard.html\",\"https:\\\/\\\/www.mymeetbook.com\\\/iwellguard\",\"https:\\\/\\\/pxhere.com\\\/en\\\/photographer-me\\\/5040798\",\"https:\\\/\\\/disqus.com\\\/by\\\/iwellguard\\\/about\\\/\",\"https:\\\/\\\/pastelink.net\\\/hjwciqwq\",\"https:\\\/\\\/pubhtml5.com\\\/homepage\\\/scjhn\\\/\",\"https:\\\/\\\/www.bitchute.com\\\/channel\\\/2O2eOKzNqujT\",\"https:\\\/\\\/audiomack.com\\\/iwellguard\"]}]}<\/script>\n<!-- \/ Yoast SEO Premium plugin. -->","yoast_head_json":{"title":"Kronos \u2013 titan og far til Zevs","description":"Kronos, titanen fra den greske mytologien, far til Zevs og herskeren over den gylne tidsalder.","robots":{"index":"index","follow":"follow","max-snippet":"max-snippet:-1","max-image-preview":"max-image-preview:large","max-video-preview":"max-video-preview:-1"},"canonical":"https:\/\/iwell-guard.com\/no\/kronos-titan-den-gylne-tidsalder\/","og_locale":"nb_NO","og_type":"article","og_title":"Kronos \u2013 titan og herskeren over den gylne tidsalder","og_description":"Kronos, titanen fra den greske mytologien, far til Zevs og herskeren over den gylne tidsalder.","og_url":"https:\/\/iwell-guard.com\/no\/kronos-titan-den-gylne-tidsalder\/","og_site_name":"iWell Guard","article_modified_time":"2026-09-03T09:46:18+00:00","og_image":[{"width":1024,"height":1536,"url":"https:\/\/iwell-guard.com\/wp-content\/uploads\/2026\/05\/goetter_griechenland_kronos.webp","type":"image\/webp"}],"twitter_card":"summary_large_image","schema":{"@context":"https:\/\/schema.org","@graph":[{"@type":"WebPage","@id":"https:\/\/iwell-guard.com\/no\/kronos-titan-den-gylne-tidsalder\/","url":"https:\/\/iwell-guard.com\/no\/kronos-titan-den-gylne-tidsalder\/","name":"Kronos \u2013 titan og far til Zevs","isPartOf":{"@id":"https:\/\/iwell-guard.com\/no\/#website"},"primaryImageOfPage":{"@id":"https:\/\/iwell-guard.com\/no\/kronos-titan-den-gylne-tidsalder\/#primaryimage"},"image":{"@id":"https:\/\/iwell-guard.com\/no\/kronos-titan-den-gylne-tidsalder\/#primaryimage"},"thumbnailUrl":"https:\/\/iwell-guard.com\/wp-content\/uploads\/2026\/05\/goetter_griechenland_kronos.webp","datePublished":"2026-09-03T09:18:17+00:00","dateModified":"2026-09-03T09:46:18+00:00","description":"Kronos, titanen fra den greske mytologien, far til Zevs og herskeren over den gylne tidsalder.","breadcrumb":{"@id":"https:\/\/iwell-guard.com\/no\/kronos-titan-den-gylne-tidsalder\/#breadcrumb"},"inLanguage":"nb-NO","potentialAction":[{"@type":"ReadAction","target":["https:\/\/iwell-guard.com\/no\/kronos-titan-den-gylne-tidsalder\/"]}]},{"@type":"ImageObject","inLanguage":"nb-NO","@id":"https:\/\/iwell-guard.com\/no\/kronos-titan-den-gylne-tidsalder\/#primaryimage","url":"https:\/\/iwell-guard.com\/wp-content\/uploads\/2026\/05\/goetter_griechenland_kronos.webp","contentUrl":"https:\/\/iwell-guard.com\/wp-content\/uploads\/2026\/05\/goetter_griechenland_kronos.webp","width":1024,"height":1536,"caption":"Guder fra den greske tradisjonen."},{"@type":"BreadcrumbList","@id":"https:\/\/iwell-guard.com\/no\/kronos-titan-den-gylne-tidsalder\/#breadcrumb","itemListElement":[{"@type":"ListItem","position":1,"name":"Start","item":"https:\/\/iwell-guard.com\/no\/?page_id=140795"},{"@type":"ListItem","position":2,"name":"Kronos \u2013 titan og herskeren over den gylne tidsalder"}]},{"@type":"WebSite","@id":"https:\/\/iwell-guard.com\/no\/#website","url":"https:\/\/iwell-guard.com\/no\/","name":"iWell Guard","description":"Schutz vor dunklen Einfl\u00fcssen","publisher":{"@id":"https:\/\/iwell-guard.com\/no\/#organization"},"potentialAction":[{"@type":"SearchAction","target":{"@type":"EntryPoint","urlTemplate":"https:\/\/iwell-guard.com\/no\/?s={search_term_string}"},"query-input":{"@type":"PropertyValueSpecification","valueRequired":true,"valueName":"search_term_string"}}],"inLanguage":"nb-NO"},{"@type":"Organization","@id":"https:\/\/iwell-guard.com\/no\/#organization","name":"Ittermann electronic GmbH","url":"https:\/\/iwell-guard.com\/no\/","logo":{"@type":"ImageObject","inLanguage":"nb-NO","@id":"https:\/\/iwell-guard.com\/no\/#\/schema\/logo\/image\/","url":"https:\/\/iwell-guard.com\/wp-content\/uploads\/2026\/05\/Ittermann-Logo-1182x237-1.png","contentUrl":"https:\/\/iwell-guard.com\/wp-content\/uploads\/2026\/05\/Ittermann-Logo-1182x237-1.png","width":1182,"height":237,"caption":"Ittermann electronic GmbH"},"image":{"@id":"https:\/\/iwell-guard.com\/no\/#\/schema\/logo\/image\/"},"sameAs":["https:\/\/pantip.com\/profile\/9367242","https:\/\/micro.blog\/iwellguard","https:\/\/www.diggerslist.com\/iwellguard\/about","https:\/\/skitterphoto.com\/photographers\/2870314\/iwell-guard","https:\/\/iwellguard.wordpress.com\/2026\/06\/06\/iwell-guard\/","https:\/\/hub.docker.com\/u\/iwellguard","https:\/\/www.pinterest.com\/iwellguard\/","https:\/\/bit.ly\/m\/iwellguard","https:\/\/entre-vos-mains.alsace.eu\/profiles\/iwellguard\/activity","https:\/\/gravatar.com\/reallybeded8fd34","https:\/\/naijamatta.com\/iwellguard","https:\/\/www.goodreads.com\/iwellguard","https:\/\/profile.hatena.ne.jp\/iwellguard\/","https:\/\/experiment.com\/users\/iwellguard","https:\/\/wakelet.com\/@iWellGuard82270","https:\/\/www.chordie.com\/forum\/profile.php?id=2555664","https:\/\/www.instapaper.com\/p\/17757966","https:\/\/www.mapleprimes.com\/users\/iwellguard","https:\/\/businesslistingplus.com\/profile\/iwell-guard\/","https:\/\/telegra.ph\/iWell-Guard-06-06","https:\/\/pbase.com\/iwellguard\/iwellguard","https:\/\/b.hatena.ne.jp\/iwellguard\/20260607#bookmark-4788405196491818882","https:\/\/fliphtml5.com\/home\/iwellguard","https:\/\/anyflip.com\/homepage\/cmiwl#About","https:\/\/transfur.com\/Users\/iwellguard","http:\/\/delphi.larsbo.org\/user\/iwellguard","https:\/\/jobs.lajobsportal.org\/profiles\/8380803-iwell-guard","https:\/\/md.chaosdorf.de\/s\/jfbe5SBdJD","https:\/\/www.lingvolive.com\/en-us\/profile\/9ecaeaca-ce11-4e51-9e71-01d55e2bff36\/translations","https:\/\/www.fitday.com\/fitness\/forums\/members\/iwellguard.html","https:\/\/www.mymeetbook.com\/iwellguard","https:\/\/pxhere.com\/en\/photographer-me\/5040798","https:\/\/disqus.com\/by\/iwellguard\/about\/","https:\/\/pastelink.net\/hjwciqwq","https:\/\/pubhtml5.com\/homepage\/scjhn\/","https:\/\/www.bitchute.com\/channel\/2O2eOKzNqujT","https:\/\/audiomack.com\/iwellguard"]}]}},"_links":{"self":[{"href":"https:\/\/iwell-guard.com\/no\/wp-json\/wp\/v2\/pages\/141246","targetHints":{"allow":["GET"]}}],"collection":[{"href":"https:\/\/iwell-guard.com\/no\/wp-json\/wp\/v2\/pages"}],"about":[{"href":"https:\/\/iwell-guard.com\/no\/wp-json\/wp\/v2\/types\/page"}],"author":[{"embeddable":true,"href":"https:\/\/iwell-guard.com\/no\/wp-json\/wp\/v2\/users\/3"}],"replies":[{"embeddable":true,"href":"https:\/\/iwell-guard.com\/no\/wp-json\/wp\/v2\/comments?post=141246"}],"version-history":[{"count":0,"href":"https:\/\/iwell-guard.com\/no\/wp-json\/wp\/v2\/pages\/141246\/revisions"}],"wp:featuredmedia":[{"embeddable":true,"href":"https:\/\/iwell-guard.com\/no\/wp-json\/wp\/v2\/media\/3374"}],"wp:attachment":[{"href":"https:\/\/iwell-guard.com\/no\/wp-json\/wp\/v2\/media?parent=141246"}],"wp:term":[{"taxonomy":"category","embeddable":true,"href":"https:\/\/iwell-guard.com\/no\/wp-json\/wp\/v2\/categories?post=141246"}],"curies":[{"name":"wp","href":"https:\/\/api.w.org\/{rel}","templated":true}]}}