{"id":141221,"date":"2026-09-03T09:17:59","date_gmt":"2026-09-03T09:17:59","guid":{"rendered":"https:\/\/iwell-guard.com\/?page_id=141221"},"modified":"2026-09-03T09:45:30","modified_gmt":"2026-09-03T09:45:30","slug":"malina-inuittenes-solgudinne","status":"publish","type":"page","link":"https:\/\/iwell-guard.com\/no\/malina-inuittenes-solgudinne\/","title":{"rendered":"Malina &#8211; Sonnengudinnen til inuittene"},"content":{"rendered":"\t\t<div data-elementor-type=\"wp-page\" data-elementor-id=\"141221\" class=\"elementor elementor-141221 elementor-2662 elementor-bc-flex-widget\" data-elementor-post-type=\"page\">\n\t\t\t\t<div class=\"elementor-element elementor-element-iwgw-malinainui-hero e-flex e-con-boxed e-con e-parent\" data-id=\"iwgw-malinainui-hero\" data-element_type=\"container\" data-e-type=\"container\" data-settings=\"{&quot;background_background&quot;:&quot;classic&quot;}\">\n\t\t\t\t\t<div class=\"e-con-inner\">\n\t\t<div class=\"elementor-element elementor-element-iwgw-malinainui-hl e-flex e-con-boxed e-con e-child\" data-id=\"iwgw-malinainui-hl\" data-element_type=\"container\" data-e-type=\"container\">\n\t\t\t\t\t<div class=\"e-con-inner\">\n\t\t<div class=\"elementor-element elementor-element-iwgw-malinainui-htxt e-con-full e-flex e-con e-child\" data-id=\"iwgw-malinainui-htxt\" data-element_type=\"container\" data-e-type=\"container\">\n\t\t\t\t<div class=\"elementor-element elementor-element-iwgw-malinainui-h1 elementor-widget elementor-widget-heading\" data-id=\"iwgw-malinainui-h1\" data-element_type=\"widget\" data-e-type=\"widget\" data-widget_type=\"heading.default\">\n\t\t\t\t\t<h1 class=\"elementor-heading-title elementor-size-default\">Malina - solgudinne og s\u00f8ster til m\u00e5nen i inuitt-tradisjonen<\/h1>\t\t\t\t<\/div>\n\t\t\t\t<div class=\"elementor-element elementor-element-iwgw-malinainui-lead elementor-widget elementor-widget-text-editor\" data-id=\"iwgw-malinainui-lead\" data-element_type=\"widget\" data-e-type=\"widget\" data-widget_type=\"text-editor.default\">\n\t\t\t\t\t\t\t\t\t<p>Malina er i den sentralarktiske <a href=\"https:\/\/iwell-guard.com\/no\/?page_id=141131\">inuitt<\/a>-tradisjonen solgudinnen, s\u00f8ster til m\u00e5nen <a href=\"https:\/\/iwell-guard.com\/no\/?page_id=141220\">Igaluk<\/a>, og hovedperson i en av de sentrale inuittmytene. Flukten hennes fra broren forklarer skillet mellom dag og natt. Religionsvitenskapelig er hun den paradigmatiske kvinnelige solgudinnen i den sirkumpolare regionen.<\/p>\t\t\t\t\t\t\t\t<\/div>\n\t\t\t\t<\/div>\n\t\t<div class=\"elementor-element elementor-element-iwgw-malinainui-pillc e-con-full e-flex e-con e-child\" data-id=\"iwgw-malinainui-pillc\" data-element_type=\"container\" data-e-type=\"container\">\n\t\t\t\t<div class=\"elementor-element elementor-element-iwgw-malinainui-pills elementor-widget elementor-widget-html\" data-id=\"iwgw-malinainui-pills\" data-element_type=\"widget\" data-e-type=\"widget\" data-widget_type=\"html.default\">\n\t\t\t\t\t<div class=\"iwg-pill-row\"><span class=\"iwg-klasse-badge\" tabindex=\"0\" data-tooltip=\"Gudinne av inuitt-tradisjonen.\">Gudinne<\/span><a href=\"https:\/\/iwell-guard.com\/no\/?page_id=141131\" class=\"iwg-kultur-badge\" tabindex=\"0\" data-tooltip=\"Mytologi i inuitt-tradisjonen.\">Inuitt<\/a><span class=\"iwg-tradition-badge\" tabindex=\"0\" data-tooltip=\"Solgudinne.\">Solgudinne<\/span><\/div>\t\t\t\t<\/div>\n\t\t\t\t<\/div>\n\t\t<div class=\"elementor-element elementor-element-iwgw-malinainui-tocc e-con-full e-flex e-con e-child\" data-id=\"iwgw-malinainui-tocc\" data-element_type=\"container\" data-e-type=\"container\">\n\t\t\t\t<div class=\"elementor-element elementor-element-iwgw-malinainui-toc elementor-toc--minimized-on-tablet elementor-widget elementor-widget-table-of-contents\" data-id=\"iwgw-malinainui-toc\" data-element_type=\"widget\" data-e-type=\"widget\" data-settings=\"{&quot;headings_by_tags&quot;:[&quot;h2&quot;,&quot;h3&quot;],&quot;minimize_box&quot;:&quot;yes&quot;,&quot;marker_view&quot;:&quot;bullets&quot;,&quot;no_headings_message&quot;:&quot;Det ble ikke funnet noen overskrifter p\\u00e5 denne siden.&quot;,&quot;exclude_headings_by_selector&quot;:[],&quot;icon&quot;:{&quot;value&quot;:&quot;fas fa-circle&quot;,&quot;library&quot;:&quot;fa-solid&quot;,&quot;rendered_tag&quot;:&quot;&lt;svg class=\\&quot;e-font-icon-svg e-fas-circle\\&quot; viewBox=\\&quot;0 0 512 512\\&quot; xmlns=\\&quot;http:\\\/\\\/www.w3.org\\\/2000\\\/svg\\&quot;&gt;&lt;path d=\\&quot;M256 8C119 8 8 119 8 256s111 248 248 248 248-111 248-248S393 8 256 8z\\&quot;&gt;&lt;\\\/path&gt;&lt;\\\/svg&gt;&quot;},&quot;minimized_on&quot;:&quot;tablet&quot;,&quot;hierarchical_view&quot;:&quot;yes&quot;,&quot;min_height&quot;:{&quot;unit&quot;:&quot;px&quot;,&quot;size&quot;:&quot;&quot;,&quot;sizes&quot;:[]},&quot;min_height_tablet&quot;:{&quot;unit&quot;:&quot;px&quot;,&quot;size&quot;:&quot;&quot;,&quot;sizes&quot;:[]},&quot;min_height_mobile&quot;:{&quot;unit&quot;:&quot;px&quot;,&quot;size&quot;:&quot;&quot;,&quot;sizes&quot;:[]}}\" data-widget_type=\"table-of-contents.default\">\n\t\t\t\t\t\t\t\t\t<div class=\"elementor-toc__header\">\n\t\t\t\t\t\t<h2 class=\"elementor-toc__header-title\">\n\t\t\t\tInnholdsfortegnelse\t\t\t<\/h2>\n\t\t\t\t\t\t\t\t\t\t<div class=\"elementor-toc__toggle-button elementor-toc__toggle-button--expand\" role=\"button\" tabindex=\"0\" aria-controls=\"elementor-toc__iwgw-malinainui-toc\" aria-expanded=\"true\" aria-label=\"Open table of contents\"><svg aria-hidden=\"true\" class=\"e-font-icon-svg e-fas-chevron-down\" viewBox=\"0 0 448 512\" xmlns=\"http:\/\/www.w3.org\/2000\/svg\"><path d=\"M207.029 381.476L12.686 187.132c-9.373-9.373-9.373-24.569 0-33.941l22.667-22.667c9.357-9.357 24.522-9.375 33.901-.04L224 284.505l154.745-154.021c9.379-9.335 24.544-9.317 33.901.04l22.667 22.667c9.373 9.373 9.373 24.569 0 33.941L240.971 381.476c-9.373 9.372-24.569 9.372-33.942 0z\"><\/path><\/svg><\/div>\n\t\t\t\t<div class=\"elementor-toc__toggle-button elementor-toc__toggle-button--collapse\" role=\"button\" tabindex=\"0\" aria-controls=\"elementor-toc__iwgw-malinainui-toc\" aria-expanded=\"true\" aria-label=\"Close table of contents\"><svg aria-hidden=\"true\" class=\"e-font-icon-svg e-fas-chevron-up\" viewBox=\"0 0 448 512\" xmlns=\"http:\/\/www.w3.org\/2000\/svg\"><path d=\"M240.971 130.524l194.343 194.343c9.373 9.373 9.373 24.569 0 33.941l-22.667 22.667c-9.357 9.357-24.522 9.375-33.901.04L224 227.495 69.255 381.516c-9.379 9.335-24.544 9.317-33.901-.04l-22.667-22.667c-9.373-9.373-9.373-24.569 0-33.941L207.03 130.525c9.372-9.373 24.568-9.373 33.941-.001z\"><\/path><\/svg><\/div>\n\t\t\t\t\t<\/div>\n\t\t\t\t<div id=\"elementor-toc__iwgw-malinainui-toc\" class=\"elementor-toc__body\">\n\t\t\t<div class=\"elementor-toc__spinner-container\">\n\t\t\t\t<svg class=\"elementor-toc__spinner eicon-animation-spin e-font-icon-svg e-eicon-loading\" aria-hidden=\"true\" viewBox=\"0 0 1000 1000\" xmlns=\"http:\/\/www.w3.org\/2000\/svg\"><path d=\"M500 975V858C696 858 858 696 858 500S696 142 500 142 142 304 142 500H25C25 237 238 25 500 25S975 237 975 500 763 975 500 975Z\"><\/path><\/svg>\t\t\t<\/div>\n\t\t<\/div>\n\t\t\t\t\t\t<\/div>\n\t\t\t\t<\/div>\n\t\t\t\t\t<\/div>\n\t\t\t\t<\/div>\n\t\t<div class=\"elementor-element elementor-element-iwgw-malinainui-hr e-con-full e-flex e-con e-child\" data-id=\"iwgw-malinainui-hr\" data-element_type=\"container\" data-e-type=\"container\">\n\t\t\t\t<div class=\"elementor-element elementor-element-iwgw-malinainui-heroimg iwg-hero-image elementor-widget elementor-widget-image\" data-id=\"iwgw-malinainui-heroimg\" data-element_type=\"widget\" data-e-type=\"widget\" data-widget_type=\"image.default\">\n\t\t\t\t\t\t\t\t\t\t\t\t\t\t\t<img fetchpriority=\"high\" decoding=\"async\" width=\"683\" height=\"1024\" src=\"https:\/\/iwell-guard.com\/wp-content\/uploads\/2026\/05\/goetter_inuit_malina-inuit-683x1024.webp\" class=\"attachment-large size-large wp-image-142987\" alt=\"Malina Inuit \u2013 guder fra inuittisk tradisjon, historisk-illustrativt\" srcset=\"https:\/\/iwell-guard.com\/wp-content\/uploads\/2026\/05\/goetter_inuit_malina-inuit-683x1024.webp 683w, https:\/\/iwell-guard.com\/wp-content\/uploads\/2026\/05\/goetter_inuit_malina-inuit-200x300.webp 200w, https:\/\/iwell-guard.com\/wp-content\/uploads\/2026\/05\/goetter_inuit_malina-inuit-768x1152.webp 768w, https:\/\/iwell-guard.com\/wp-content\/uploads\/2026\/05\/goetter_inuit_malina-inuit.webp 1024w\" sizes=\"(max-width: 683px) 100vw, 683px\" \/>\t\t\t\t\t\t\t\t\t\t\t\t\t\t\t<\/div>\n\t\t\t\t<\/div>\n\t\t\t\t\t<\/div>\n\t\t\t\t<\/div>\n\t\t\t\t<section class=\"elementor-section elementor-top-section elementor-element elementor-element-sec-iwgcomp-malina-inuit elementor-section-boxed elementor-section-height-default elementor-section-height-default\" data-id=\"sec-iwgcomp-malina-inuit\" data-element_type=\"section\" data-e-type=\"section\">\n\t\t\t\t\t\t<div class=\"elementor-container elementor-column-gap-default\">\n\t\t\t\t\t<div class=\"elementor-column elementor-col-100 elementor-top-column elementor-element elementor-element-col-iwgcomp-malina-inuit\" data-id=\"col-iwgcomp-malina-inuit\" data-element_type=\"column\" data-e-type=\"column\">\n\t\t\t<div class=\"elementor-widget-wrap elementor-element-populated\">\n\t\t\t\t\t\t<div class=\"elementor-element elementor-element-iwgcomp-malina-inuit elementor-widget elementor-widget-text-editor\" data-id=\"iwgcomp-malina-inuit\" data-element_type=\"widget\" data-e-type=\"widget\" data-widget_type=\"text-editor.default\">\n\t\t\t\t\t\t\t\t\t<p>Malina er <strong>inuittenes solgudinne<\/strong> og s\u00f8ster til m\u00e5negud Igaluk i den arktiske <span class=\"iwg-fachbegriff\" data-tooltip=\"Summen av de overleverte gudefortellingene i en kultur.\" tabindex=\"0\">mytologien<\/span>.<\/p>\t\t\t\t\t\t\t\t<\/div>\n\t\t\t\t\t<\/div>\n\t\t<\/div>\n\t\t\t\t\t<\/div>\n\t\t<\/section>\n\t\t<div class=\"elementor-element elementor-element-iwgw-malinainui-s0 e-flex e-con-boxed e-con e-parent\" data-id=\"iwgw-malinainui-s0\" data-element_type=\"container\" data-e-type=\"container\">\n\t\t\t\t\t<div class=\"e-con-inner\">\n\t\t\t\t<div class=\"elementor-element elementor-element-iwgw-malinainui-s0h elementor-widget elementor-widget-heading\" data-id=\"iwgw-malinainui-s0h\" data-element_type=\"widget\" data-e-type=\"widget\" data-widget_type=\"heading.default\">\n\t\t\t\t\t<h2 class=\"elementor-heading-title elementor-size-default\">Innordning og kortprofil<\/h2>\t\t\t\t<\/div>\n\t\t<div class=\"elementor-element elementor-element-iwgw-malinainui-s0c e-con-full e-flex e-con e-child\" data-id=\"iwgw-malinainui-s0c\" data-element_type=\"container\" data-e-type=\"container\">\n\t\t\t\t<div class=\"elementor-element elementor-element-iwgw-malinainui-s0t elementor-widget elementor-widget-text-editor\" data-id=\"iwgw-malinainui-s0t\" data-element_type=\"widget\" data-e-type=\"widget\" data-widget_type=\"text-editor.default\">\n\t\t\t\t\t\t\t\t\t<p>Malina er solen i personifisert kvinnelig form i det inuittiske <span class=\"iwg-fachbegriff\" data-tooltip=\"Summen av gudene i en religion eller kultur.\" tabindex=\"0\">pantheon<\/span>. Religionsvitenskapelig er det bemerkelsesverdig at inuitt-tradisjonen, i likhet med de fleste sirkumpolare og nordeuropeiske tradisjoner, forestiller seg solen som kvinnelig og m\u00e5nen som mannlig, i motsetning til mange mediterrane tradisjoner der polariteten er omvendt. Denne kj\u00f8nnstildelingen er et viktig religionsfenomenologisk kjennetegn.<\/p><p>Malina er ikke en selvstendig <span class=\"iwg-fachbegriff\" data-tooltip=\"Et vesen som blir tilbedt som gudommelig innenfor en religion.\" tabindex=\"0\">gudom<\/span>, men nevnes alltid i forbindelse med <span class=\"iwg-fachbegriff\" data-tooltip=\"En overlevert fortelling om guder, opphav og verdens ordning.\" tabindex=\"0\">myten<\/span> om broren Igaluk. Flukten hennes til himmelen og den stadige forf\u00f8lgelsen fra Igaluk strukturerer d\u00f8gnets kretsl\u00f8p og dermed tidens grunnordning. Denne narrative bindingen til Igaluk er religionsfenomenologisk et eget fenomen.<\/p><p>Til tross for denne narrative bindingen har Malina egne rituelle funksjoner, s\u00e6rlig innenfor kvinnepraksiser, renhet, f\u00f8dsel og den kalde vinteren, hvis slutt markeres av hennes tilbakekomst etter polarnatten. Den religi\u00f8se betydningen hennes er tett knyttet til den arktiske \u00e5rssyklusen og gj\u00f8r henne til en n\u00f8kkelfigur i inuittenes sykliske tidsforst\u00e5else.<\/p><p>Solgudinnen Malina, som alltid overleveres i forbindelse med <span class=\"iwg-fachbegriff\" data-tooltip=\"En overlevert fortelling om guder, opphav og verdens ordning.\" tabindex=\"0\">myten<\/span> om broren Igaluk, har i nyere forskning blitt belyst med utvidede metodiske tiln\u00e6rminger som forener etnografisk n\u00f8yaktighet, spr\u00e5klig kildekritikk og komparativt perspektiv. I dag er inuittenes eget kunnskapsmilj\u00f8 selv en del av denne forskningen og korrigerer eldre, delvis kolonialt pregede vestlige tolkninger.<\/p><p>Ytterligere innsikt gir det religionssosiologiske sp\u00f8rsm\u00e5let om Malinas funksjon i den sosiale ordningen til det tradisjonelle inuittsamfunnet. Siden hennes rituelle betydning var knyttet til kvinnepraksiser, f\u00f8dsel og \u00e5rssyklusen, viser det seg at den religi\u00f8se strukturen ikke var l\u00f8srevet fra den samfunnsmessige praksisen, men tett sammenvevd med den.<\/p><p>Denne sammenvevingen utgj\u00f8r et eget religionsantropologisk forskningsfelt, som s\u00e6rlig Fr\u00e9d\u00e9ric Laugrand og Jarich Oosten har unders\u00f8kt systematisk.<\/p>\t\t\t\t\t\t\t\t<\/div>\n\t\t\t\t<\/div>\n\t\t\t\t\t<\/div>\n\t\t\t\t<\/div>\n\t\t<div class=\"elementor-element elementor-element-iwgw-malinainui-s1 e-flex e-con-boxed e-con e-parent\" data-id=\"iwgw-malinainui-s1\" data-element_type=\"container\" data-e-type=\"container\">\n\t\t\t\t\t<div class=\"e-con-inner\">\n\t\t\t\t<div class=\"elementor-element elementor-element-iwgw-malinainui-s1h elementor-widget elementor-widget-heading\" data-id=\"iwgw-malinainui-s1h\" data-element_type=\"widget\" data-e-type=\"widget\" data-widget_type=\"heading.default\">\n\t\t\t\t\t<h2 class=\"elementor-heading-title elementor-size-default\">Navn og etymologi<\/h2>\t\t\t\t<\/div>\n\t\t<div class=\"elementor-element elementor-element-iwgw-malinainui-s1c e-con-full e-flex e-con e-child\" data-id=\"iwgw-malinainui-s1c\" data-element_type=\"container\" data-e-type=\"container\">\n\t\t\t\t<div class=\"elementor-element elementor-element-iwgw-malinainui-s1t elementor-widget elementor-widget-text-editor\" data-id=\"iwgw-malinainui-s1t\" data-element_type=\"widget\" data-e-type=\"widget\" data-widget_type=\"text-editor.default\">\n\t\t\t\t\t\t\t\t\t<p>Navnet Malina er hyppigst belagt i den vestgr\u00f8nlandske dialekten. Etymologisk er det ikke endelig klarlagt, men kan v\u00e6re beslektet med stammen <em>mali\u014b\u014buq<\/em>, som betegner det \u00e5 forf\u00f8lge. Vitenskapelig passer dette med fortellingen, der forf\u00f8lgelsesstrukturen er det sentrale <span class=\"iwg-fachbegriff\" data-tooltip=\"Et gjentagende innholdselement i kunst eller fortelling.\" tabindex=\"0\">motivet<\/span>.<\/p><p>Andre navn p\u00e5 solen i de inuittiske spr\u00e5kene er <em>seqineq<\/em>, <em>siqiniq<\/em> eller <em>siqinniq<\/em>. Disse navnene betegner imidlertid prim\u00e6rt himmelobjektet, ikke den personifiserte gudinnen. Denne forskjellen er vitenskapelig viktig: ikke hver solbenevnelse b\u00e6rer den teologiske skikkelsen Malina. Metodisk n\u00f8yaktighet i kildearbeidet er avgj\u00f8rende her.<\/p><p>I Iglulik forekommer formen Akycha eller Malik, i \u00d8stgr\u00f8nland Naajaa. Den regionale variasjonen svarer til den generelle spr\u00e5klige mangfoldigheten i den inuittiske verden og b\u00f8r tas i betraktning i den vitenskapelige bearbeidingen. En systematisk spr\u00e5klig syntese gjenst\u00e5r fortsatt.<\/p><p>I den komparative <span class=\"iwg-fachbegriff\" data-tooltip=\"Vitenskapen som forsker p\u00e5 religioner sammenlignende og uten trosbinding.\" tabindex=\"0\">religionsvitenskapen<\/span> passer Malina inn i m\u00f8nsteret av den sirkumpolare religi\u00f8se topografien, som bevares i en forbl\u00f8ffende jevn struktur over tusener av kilometer. Denne strukturelle stabiliteten er blant de mest bemerkelsesverdige funnene i disiplinen religionsfenomenologisk sett og diskuteres fortsatt i dag.<\/p>\t\t\t\t\t\t\t\t<\/div>\n\t\t\t\t<\/div>\n\t\t\t\t\t<\/div>\n\t\t\t\t<\/div>\n\t\t<div class=\"elementor-element elementor-element-iwgw-malinainui-s2 e-flex e-con-boxed e-con e-parent\" data-id=\"iwgw-malinainui-s2\" data-element_type=\"container\" data-e-type=\"container\">\n\t\t\t\t\t<div class=\"e-con-inner\">\n\t\t\t\t<div class=\"elementor-element elementor-element-iwgw-malinainui-s2h elementor-widget elementor-widget-heading\" data-id=\"iwgw-malinainui-s2h\" data-element_type=\"widget\" data-e-type=\"widget\" data-widget_type=\"heading.default\">\n\t\t\t\t\t<h2 class=\"elementor-heading-title elementor-size-default\">Inkest-flukt-myten<\/h2>\t\t\t\t<\/div>\n\t\t<div class=\"elementor-element elementor-element-iwgw-malinainui-s2c e-con-full e-flex e-con e-child\" data-id=\"iwgw-malinainui-s2c\" data-element_type=\"container\" data-e-type=\"container\">\n\t\t\t\t<div class=\"elementor-element elementor-element-iwgw-malinainui-s2t elementor-widget elementor-widget-text-editor\" data-id=\"iwgw-malinainui-s2t\" data-element_type=\"widget\" data-e-type=\"widget\" data-widget_type=\"text-editor.default\">\n\t\t\t\t\t\t\t\t\t<p>Kjernemyten om Malina er identisk med Igaluk-<span class=\"iwg-fachbegriff\" data-tooltip=\"En overlevert fortelling om guder, opprinnelse og verdens ordning.\" tabindex=\"0\">myten<\/span> og er allerede beskrevet der. Fra Malinas perspektiv er den en fortelling om kvinnelig selvhevdelse og skapelsen av kosmisk ordning gjennom egen flukt. Dette perspektivet er vitenskapelig fruktbart og er blitt tydeliggjort av Birgitte Sonne og Pamela Stern.<\/p><p>Malina merker sin bror med sot, gjenkjenner hans identitet, skj\u00e6rer av seg brystene av skam, kaster dem etter ham og flykter med en lysende fakkel opp i himmelen. Hennes lysstyrke overg\u00e5r broderens, fordi hun flyktet f\u00f8rst og rev til seg den lyseste fakkelen. Igaluk f\u00f8lger etter, men blir hengende etter.<\/p><p>Vitenskapelig sett er dette ingen passiv <span class=\"iwg-fachbegriff\" data-tooltip=\"Gave til en gudom for \u00e5 uttrykke takk, b\u00f8nn eller \u00e6rb\u00f8dighet.\" tabindex=\"0\">offer<\/span>-fortelling, men en handling: Malina handler ved \u00e5 merke seg selv, ved \u00e5 kastrere seg selv, ved \u00e5 flykte. Hun blir solen gjennom sitt eget initiativ, ikke gjennom et gudommelig inngrep. Denne aktive komponenten fortjener s\u00e6rlig oppmerksomhet i religionsfenomenologien og skiller seg fra rent offerorienterte solmyter.<\/p>\t\t\t\t\t\t\t\t<\/div>\n\t\t\t\t<\/div>\n\t\t\t\t\t<\/div>\n\t\t\t\t<\/div>\n\t\t<div class=\"elementor-element elementor-element-iwgw-malinainui-s3 e-flex e-con-boxed e-con e-parent\" data-id=\"iwgw-malinainui-s3\" data-element_type=\"container\" data-e-type=\"container\">\n\t\t\t\t\t<div class=\"e-con-inner\">\n\t\t\t\t<div class=\"elementor-element elementor-element-iwgw-malinainui-s3h elementor-widget elementor-widget-heading\" data-id=\"iwgw-malinainui-s3h\" data-element_type=\"widget\" data-e-type=\"widget\" data-widget_type=\"heading.default\">\n\t\t\t\t\t<h2 class=\"elementor-heading-title elementor-size-default\">Sol, m\u00f8rke og arktisk \u00e5rssyklus<\/h2>\t\t\t\t<\/div>\n\t\t<div class=\"elementor-element elementor-element-iwgw-malinainui-s3c e-con-full e-flex e-con e-child\" data-id=\"iwgw-malinainui-s3c\" data-element_type=\"container\" data-e-type=\"container\">\n\t\t\t\t<div class=\"elementor-element elementor-element-iwgw-malinainui-s3t elementor-widget elementor-widget-text-editor\" data-id=\"iwgw-malinainui-s3t\" data-element_type=\"widget\" data-e-type=\"widget\" data-widget_type=\"text-editor.default\">\n\t\t\t\t\t\t\t\t\t<p>Malinas religi\u00f8se betydning er formet av den arktiske \u00e5rssyklusen. Polarnatten, der solen i flere uker ikke kommer over horisonten, var en religi\u00f8st ladet tilstand. Malinas tilbakekomst om v\u00e5ren ble <span class=\"iwg-fachbegriff\" data-tooltip=\"Som f\u00f8lger et fastlagt religi\u00f8st handlingsforl\u00f8p.\" tabindex=\"0\">rituelt<\/span> hilst velkommen, i noen regioner med sm\u00e5 fester, i andre med spesielle tabuer.<\/p><p>Rasmussen forteller fra Iglulik at barn sang spesielle sanger ved det f\u00f8rste synet av solen etter polarnatten, for \u00e5 hilse den tilbakevendende solgudinnen velkommen. Denne praksisen var ikke sammenlignbar med den intensive festkulturen i s\u00f8rlige solkulter, men hadde sin egen rituelle dybde og vitenskapelige betydning som et arktisk solvelkomstritual.<\/p><p>Om sommeren, n\u00e5r solen ikke g\u00e5r ned, var Malina en annen slags n\u00e6rv\u00e6r: stadig synlig, lys, p\u00e5 sett og vis overveldende. Denne dobbeltheten av frav\u00e6r og allestedsn\u00e6rv\u00e6r er en religionsfenomenologisk s\u00e6regenhet ved arktisk soldyrkelse, og skaper en religi\u00f8s erfaringsrytme som ikke er mulig i tempererte klimasoner.<\/p>\t\t\t\t\t\t\t\t<\/div>\n\t\t\t\t<\/div>\n\t\t\t\t\t<\/div>\n\t\t\t\t<\/div>\n\t\t<div class=\"elementor-element elementor-element-iwgw-malinainui-s4 e-flex e-con-boxed e-con e-parent\" data-id=\"iwgw-malinainui-s4\" data-element_type=\"container\" data-e-type=\"container\">\n\t\t\t\t\t<div class=\"e-con-inner\">\n\t\t\t\t<div class=\"elementor-element elementor-element-iwgw-malinainui-s4h elementor-widget elementor-widget-heading\" data-id=\"iwgw-malinainui-s4h\" data-element_type=\"widget\" data-e-type=\"widget\" data-widget_type=\"heading.default\">\n\t\t\t\t\t<h2 class=\"elementor-heading-title elementor-size-default\">Malina og kvinnepraksisen<\/h2>\t\t\t\t<\/div>\n\t\t<div class=\"elementor-element elementor-element-iwgw-malinainui-s4c e-con-full e-flex e-con e-child\" data-id=\"iwgw-malinainui-s4c\" data-element_type=\"container\" data-e-type=\"container\">\n\t\t\t\t<div class=\"elementor-element elementor-element-iwgw-malinainui-s4t elementor-widget elementor-widget-text-editor\" data-id=\"iwgw-malinainui-s4t\" data-element_type=\"widget\" data-e-type=\"widget\" data-widget_type=\"text-editor.default\">\n\t\t\t\t\t\t\t\t\t<p>Malina st\u00e5r religionspraktisk s\u00e6rlig n\u00e6r kvinner. Ved f\u00f8dsel, menstruasjon og i de tabufasene som preger kvinners liv, ble hun tilkalt. Den religi\u00f8se forestillingen var at solen, som en eldre og pr\u00f8vet kvinne, var mottakelig for de erfaringene menneskelige kvinner gjorde. Denne empati-konstellasjonen er et eget fenomen religionsfenomenologisk sett.<\/p><p>Bestemte ritualer, som renselsesbad i sn\u00f8 eller b\u00e6ring av bestemte amuletter, var knyttet til Malina. Vitenskapelig h\u00f8rer dette til den videre klassen av kvinnelig soldyrkelse, som er belagt i variasjoner i det sirkumpolare omr\u00e5det og utgj\u00f8r et eget komparativt forskningsfelt.<\/p><p>Hos caribou-inuittene var denne forbindelsen mindre uttalt enn hos iglulik-folket. Den regionale variasjonen er betydelig og b\u00f8r ikke sammenfattes til en enhetlig Malina-<span class=\"iwg-fachbegriff\" data-tooltip=\"Den vitenskapelige l\u00e6ren om gud og troen i en religion.\" tabindex=\"0\">teologi<\/span>. Den vitenskapelige oppgaven best\u00e5r i en differensiert regional beskrivelse i stedet for en harmoniserende syntese.<\/p>\t\t\t\t\t\t\t\t<\/div>\n\t\t\t\t<\/div>\n\t\t\t\t\t<\/div>\n\t\t\t\t<\/div>\n\t\t<div class=\"elementor-element elementor-element-iwgw-malinainui-s5 e-flex e-con-boxed e-con e-parent\" data-id=\"iwgw-malinainui-s5\" data-element_type=\"container\" data-e-type=\"container\">\n\t\t\t\t\t<div class=\"e-con-inner\">\n\t\t\t\t<div class=\"elementor-element elementor-element-iwgw-malinainui-s5h elementor-widget elementor-widget-heading\" data-id=\"iwgw-malinainui-s5h\" data-element_type=\"widget\" data-e-type=\"widget\" data-widget_type=\"heading.default\">\n\t\t\t\t\t<h2 class=\"elementor-heading-title elementor-size-default\">Solen som symbol p\u00e5 h\u00e5p og tid<\/h2>\t\t\t\t<\/div>\n\t\t<div class=\"elementor-element elementor-element-iwgw-malinainui-s5c e-con-full e-flex e-con e-child\" data-id=\"iwgw-malinainui-s5c\" data-element_type=\"container\" data-e-type=\"container\">\n\t\t\t\t<div class=\"elementor-element elementor-element-iwgw-malinainui-s5t elementor-widget elementor-widget-text-editor\" data-id=\"iwgw-malinainui-s5t\" data-element_type=\"widget\" data-e-type=\"widget\" data-widget_type=\"text-editor.default\">\n\t\t\t\t\t\t\t\t\t<p>I den sjamanistiske praksisen kunne Malina tilkalles som h\u00e5pssymbol. Ved sykdom, hunger eller fortvilelse ble hennes tilbakekomst fra polarnatten tolket som et forbilde for et oppsving. Sjamaner reiste i transe ikke prim\u00e6rt til solen slik som til m\u00e5nen, men de kunne kreve hennes kraft som st\u00f8tte.<\/p><p>Malina strukturerer tidsmessig dagens kretsl\u00f8p. Mens m\u00e5nesyklusene bestemmer m\u00e5nedene, gir solen dagen og \u00e5rstiden. Vitenskapelig er denne komplement\u00e6re tidsstrukturen et viktig element i den inuittiske <span class=\"iwg-fachbegriff\" data-tooltip=\"Forestilling om verdens oppbygning og ordning innenfor en kultur.\" tabindex=\"0\">kosmologien<\/span>, og gj\u00f8r s\u00f8skenparet Malina-Igaluk til en kalendarisk-religi\u00f8s diade.<\/p><p>I samtidig inuittisk kunst er Malina til stede, ofte i diptyk med Igaluk. Asymmetrien mellom de to s\u00f8sknene, deres konflikt og forf\u00f8lgelsen, blir gjort kunstnerisk fruktbar. Religionsfenomenologisk viser dette den fortsatte levendegj\u00f8ringen av <span class=\"iwg-fachbegriff\" data-tooltip=\"En overlevert fortelling om guder, opprinnelse og verdens ordning.\" tabindex=\"0\">myten<\/span> og dens b\u00e6reevne som kunstnerisk inspirasjon.<\/p>\t\t\t\t\t\t\t\t<\/div>\n\t\t\t\t<\/div>\n\t\t\t\t\t<\/div>\n\t\t\t\t<\/div>\n\t\t<div class=\"elementor-element elementor-element-iwgw-malinainui-s6 e-flex e-con-boxed e-con e-parent\" data-id=\"iwgw-malinainui-s6\" data-element_type=\"container\" data-e-type=\"container\">\n\t\t\t\t\t<div class=\"e-con-inner\">\n\t\t\t\t<div class=\"elementor-element elementor-element-iwgw-malinainui-s6h elementor-widget elementor-widget-heading\" data-id=\"iwgw-malinainui-s6h\" data-element_type=\"widget\" data-e-type=\"widget\" data-widget_type=\"heading.default\">\n\t\t\t\t\t<h2 class=\"elementor-heading-title elementor-size-default\">Sammenligning med andre solgudinner<\/h2>\t\t\t\t<\/div>\n\t\t<div class=\"elementor-element elementor-element-iwgw-malinainui-s6c e-con-full e-flex e-con e-child\" data-id=\"iwgw-malinainui-s6c\" data-element_type=\"container\" data-e-type=\"container\">\n\t\t\t\t<div class=\"elementor-element elementor-element-iwgw-malinainui-s6t elementor-widget elementor-widget-text-editor\" data-id=\"iwgw-malinainui-s6t\" data-element_type=\"widget\" data-e-type=\"widget\" data-widget_type=\"text-editor.default\">\n\t\t\t\t\t\t\t\t\t<p>Kvinnelige solguder er vidt utbredt i det sirkumpolare og nordeuropeiske omr\u00e5det. Den <a href=\"https:\/\/iwell-guard.com\/no\/?page_id=141133\">samiske<\/a> Beaivi, den finsk-ugriske P\u00e4iv\u00e4t\u00e4r, den germanske Sol, den baltiske Saul\u0117 og den japanske Amaterasu utgj\u00f8r en sammenlignbar klasse av solgudinner.<\/p><p>Denne utbredelsen er ikke tilfeldig vitenskapelig sett. Den reflekterer en bred nordlig kj\u00f8nnstilskrivning av himmellegemene, som utgj\u00f8r en egen region i det globale sammenligningsperspektivet. Den religionshistoriske dybden i dette laget er gjenstand for l\u00f8pende forskning og b\u00f8r ikke lede til forhastede universalistiske konstruksjoner.<\/p><p>Innenfor inuittisk tradisjon st\u00e5r Malina i et komplement\u00e6rt forhold til Igaluk, p\u00e5 samme m\u00e5te som <a href=\"https:\/\/iwell-guard.com\/no\/?page_id=141213\">Sedna<\/a> til <a href=\"https:\/\/iwell-guard.com\/no\/?page_id=141217\">Anguta<\/a>. S\u00f8skenparene utgj\u00f8r et gjenkommende religi\u00f8st m\u00f8nster og er religionsfenomenologisk et eget strukturm\u00f8nster i den inuittiske <span class=\"iwg-fachbegriff\" data-tooltip=\"Den vitenskapelige l\u00e6ren om gud og troen i en religion.\" tabindex=\"0\">teologien<\/span>.<\/p>\t\t\t\t\t\t\t\t<\/div>\n\t\t\t\t<\/div>\n\t\t\t\t\t<\/div>\n\t\t\t\t<\/div>\n\t\t<div class=\"elementor-element elementor-element-iwgw-malinainui-s7 e-flex e-con-boxed e-con e-parent\" data-id=\"iwgw-malinainui-s7\" data-element_type=\"container\" data-e-type=\"container\">\n\t\t\t\t\t<div class=\"e-con-inner\">\n\t\t\t\t<div class=\"elementor-element elementor-element-iwgw-malinainui-s7h elementor-widget elementor-widget-heading\" data-id=\"iwgw-malinainui-s7h\" data-element_type=\"widget\" data-e-type=\"widget\" data-widget_type=\"heading.default\">\n\t\t\t\t\t<h2 class=\"elementor-heading-title elementor-size-default\">Misjon og moderne mottakelse<\/h2>\t\t\t\t<\/div>\n\t\t<div class=\"elementor-element elementor-element-iwgw-malinainui-s7c e-con-full e-flex e-con e-child\" data-id=\"iwgw-malinainui-s7c\" data-element_type=\"container\" data-e-type=\"container\">\n\t\t\t\t<div class=\"elementor-element elementor-element-iwgw-malinainui-s7t elementor-widget elementor-widget-text-editor\" data-id=\"iwgw-malinainui-s7t\" data-element_type=\"widget\" data-e-type=\"widget\" data-widget_type=\"text-editor.default\">\n\t\t\t\t\t\t\t\t\t<p>Misjonen angrep Malina mindre enn Sedna eller Tornarssuk, fordi hennes funksjon ikke var direkte knyttet til <span class=\"iwg-fachbegriff\" data-tooltip=\"Religi\u00f8st system der spesialister har kontakt med \u00e5ndeverdenen.\" tabindex=\"0\">sjamanisme<\/span> eller tabustrukturer. Likevel ble incest-<span class=\"iwg-fachbegriff\" data-tooltip=\"En overlevert fortelling om guder, opphav og verdens ordning.\" tabindex=\"0\">myten<\/span> til dels oppfattet som st\u00f8tende og holdt tilbake i den offentlige fortellingen.<\/p><p>I samtidens inuittkultur er Malina til stede som en symbolsk figur, ofte i en feministisk tolkning som eksempel p\u00e5 kvinnelig selvhevdelse mot seksualisert vold. Denne moderne tilegnelsen kan ikke historisk dokumenteres vitenskapelig, men er kulturelt relevant og et eksempel p\u00e5 hvordan tradisjonelle fortellinger aktiveres i dagens diskurser.<\/p><p>I l\u00e6reb\u00f8ker og museer formidles Malina med varsomhet. Den historiske dybden i hennes gestalt anerkjennes stadig mer, uten at det rekonstrueres en systematisk <span class=\"iwg-fachbegriff\" data-tooltip=\"Den vitenskapelige l\u00e6ren om Gud og troen i en religion.\" tabindex=\"0\">teologi<\/span>. Denne forsiktigheten er religionsdidaktisk hensiktsmessig, fordi kildematerialet ikke tillater en harmoniserende syntese.<\/p>\t\t\t\t\t\t\t\t<\/div>\n\t\t\t\t<\/div>\n\t\t\t\t\t<\/div>\n\t\t\t\t<\/div>\n\t\t<div class=\"elementor-element elementor-element-iwgw-malinainui-s8 e-flex e-con-boxed e-con e-parent\" data-id=\"iwgw-malinainui-s8\" data-element_type=\"container\" data-e-type=\"container\">\n\t\t\t\t\t<div class=\"e-con-inner\">\n\t\t\t\t<div class=\"elementor-element elementor-element-iwgw-malinainui-s8h elementor-widget elementor-widget-heading\" data-id=\"iwgw-malinainui-s8h\" data-element_type=\"widget\" data-e-type=\"widget\" data-widget_type=\"heading.default\">\n\t\t\t\t\t<h2 class=\"elementor-heading-title elementor-size-default\">Forskning og dagens status<\/h2>\t\t\t\t<\/div>\n\t\t<div class=\"elementor-element elementor-element-iwgw-malinainui-s8c e-con-full e-flex e-con e-child\" data-id=\"iwgw-malinainui-s8c\" data-element_type=\"container\" data-e-type=\"container\">\n\t\t\t\t<div class=\"elementor-element elementor-element-iwgw-malinainui-s8t elementor-widget elementor-widget-text-editor\" data-id=\"iwgw-malinainui-s8t\" data-element_type=\"widget\" data-e-type=\"widget\" data-widget_type=\"text-editor.default\">\n\t\t\t\t\t\t\t\t\t<p>Forskningen om Malina er sammenvevd med forskningen om Igaluk. Rasmussen, Boas, Birket-Smith og Merkur er hovedkildene. Det finnes ingen egen Malina-monografi, noe som i seg selv speiler forskningshistorien: Den mannlige siden av <span class=\"iwg-fachbegriff\" data-tooltip=\"En overlevert fortelling om guder, opphav og verdens ordning.\" tabindex=\"0\">myten<\/span> har f\u00e5tt mer oppmerksomhet enn den kvinnelige gjennom lengre tid.<\/p><p>Nyere forskning, s\u00e6rlig hos Birgitte Sonne og Pamela Stern, fremhever Malinas egen religi\u00f8se funksjon sterkere og fremstiller henne ikke bare som brorens offer. Denne perspektivforskyvningen er vitenskapelig produktiv og svarer til en bredere feministisk nyformulering av urfolkskulturers religionshistorie.<\/p><p>I framtidens inuittiske religionsforskning ville en grundigere gjennomgang av kvinneritualene knyttet til Malina v\u00e6rt \u00f8nskelig, i den grad kildene tillater det. En slik gjennomgang ville gi et vesentlig tilskudd til det samlede bildet av det inuittiske panteonet og korrigere en forskningssituasjon som ensidig har v\u00e6rt mannsdominert.<\/p>\t\t\t\t\t\t\t\t<\/div>\n\t\t\t\t<\/div>\n\t\t\t\t\t<\/div>\n\t\t\t\t<\/div>\n\t\t<div class=\"elementor-element elementor-element-iwgw-malinainui-s9 e-flex e-con-boxed e-con e-parent\" data-id=\"iwgw-malinainui-s9\" data-element_type=\"container\" data-e-type=\"container\">\n\t\t\t\t\t<div class=\"e-con-inner\">\n\t\t\t\t<div class=\"elementor-element elementor-element-iwgw-malinainui-s9h elementor-widget elementor-widget-heading\" data-id=\"iwgw-malinainui-s9h\" data-element_type=\"widget\" data-e-type=\"widget\" data-widget_type=\"heading.default\">\n\t\t\t\t\t<h2 class=\"elementor-heading-title elementor-size-default\">Leksikon-kryssreferanser<\/h2>\t\t\t\t<\/div>\n\t\t<div class=\"elementor-element elementor-element-iwgw-malinainui-s9c e-con-full e-flex e-con e-child\" data-id=\"iwgw-malinainui-s9c\" data-element_type=\"container\" data-e-type=\"container\">\n\t\t\t\t<div class=\"elementor-element elementor-element-iwgw-malinainui-s9t elementor-widget elementor-widget-text-editor\" data-id=\"iwgw-malinainui-s9t\" data-element_type=\"widget\" data-e-type=\"widget\" data-widget_type=\"text-editor.default\">\n\t\t\t\t\t\t\t\t\t<p>Malina forbindes med <a href=\"https:\/\/iwell-guard.com\/no\/?page_id=141220\">Igaluk<\/a>, <a href=\"https:\/\/iwell-guard.com\/no\/?page_id=141213\">Sedna<\/a>, <a href=\"https:\/\/iwell-guard.com\/no\/?page_id=141214\">Sila<\/a>, <a href=\"https:\/\/iwell-guard.com\/no\/?page_id=141218\">Pinga<\/a>, <a href=\"https:\/\/iwell-guard.com\/no\/?page_id=141217\">Anguta<\/a>, <a href=\"https:\/\/iwell-guard.com\/no\/?page_id=141219\">Nanook<\/a>, <a href=\"https:\/\/iwell-guard.com\/no\/?page_id=141215\">Tornarssuk<\/a>, <a href=\"https:\/\/iwell-guard.com\/no\/?page_id=141216\">Tupilak<\/a> og <a href=\"https:\/\/iwell-guard.com\/no\/?page_id=141222\">Qailertetang<\/a>. Kulturnavet <a href=\"https:\/\/iwell-guard.com\/no\/?page_id=141131\">Inuit-tradisjon<\/a> rammer inn sol-<span class=\"iwg-fachbegriff\" data-tooltip=\"Den vitenskapelige l\u00e6ren om Gud og troen i en religion.\" tabindex=\"0\">teologien<\/span>. Strukturelt like solgudinner finnes i den <a href=\"https:\/\/iwell-guard.com\/no\/?page_id=141133\">samiske<\/a> rekken av lemmaer hos <em>Beaivi<\/em>.<\/p>\t\t\t\t\t\t\t\t<\/div>\n\t\t\t\t<\/div>\n\t\t\t\t\t<\/div>\n\t\t\t\t<\/div>\n\t\t<div class=\"elementor-element elementor-element-cp2f9cc2de e-flex e-con-boxed e-con e-parent\" data-id=\"cp2f9cc2de\" data-element_type=\"container\" data-e-type=\"container\">\n\t\t\t\t\t<div class=\"e-con-inner\">\n\t\t\t\t<div class=\"elementor-element elementor-element-cp2aefe3ab elementor-widget elementor-widget-heading\" data-id=\"cp2aefe3ab\" data-element_type=\"widget\" data-e-type=\"widget\" data-widget_type=\"heading.default\">\n\t\t\t\t\t<h2 class=\"elementor-heading-title elementor-size-default\">Forf\u00f8lgelsesfortellingen om sol og m\u00e5ne<\/h2>\t\t\t\t<\/div>\n\t\t<div class=\"elementor-element elementor-element-cp24aa4a16 e-flex e-con-boxed e-con e-child\" data-id=\"cp24aa4a16\" data-element_type=\"container\" data-e-type=\"container\">\n\t\t\t\t\t<div class=\"e-con-inner\">\n\t\t\t\t<div class=\"elementor-element elementor-element-cp2de6ed82 elementor-widget elementor-widget-text-editor\" data-id=\"cp2de6ed82\" data-element_type=\"widget\" data-e-type=\"widget\" data-widget_type=\"text-editor.default\">\n\t\t\t\t\t\t\t\t\t<p>Den mest kjente <span class=\"iwg-fachbegriff\" data-tooltip=\"Overf\u00f8ring av kunnskap og fortellinger gjennom generasjoner.\" tabindex=\"0\">overleveringen<\/span> om Malina, den kvinnelige gestalten som ofte kalles <em>Sun Sister<\/em> i den engelskspr\u00e5klige etnografien, er fortellingen om s\u00f8sken som blir sol og m\u00e5ne etter \u00e5 ha brutt et sosialt tabu.<\/p><p>I versjonene som Knud Rasmussen nedskrev under den femte Thule-ekspedisjonen (1921 til 1924), blant annet i <em>Intellectual Culture of the Iglulik Eskimos<\/em>, forteller fortellingen hvordan en bror i m\u00f8rket i et forsamlingshus i det skjulte forgriper seg p\u00e5 sin s\u00f8ster.<\/p><p>S\u00f8steren sm\u00f8rer hendene med sot for \u00e5 merke den ukjente overgriperen. Da hun neste dag oppdager sotspor i ansiktet til broren, griper hun en brennende fakkel og flykter.<\/p><p>Broren forf\u00f8lger henne, men fakkelen hans slukner delvis og gl\u00f8der bare svakt videre. Begge stiger opp i himmelen: S\u00f8steren blir til den lyssterke solen, broren til den svakere skinnende m\u00e5nen, som siden jager etter henne uten \u00e5 n\u00e5 henne.<\/p><p>Fortellingen forklarer samtidig flere iakttakelser: hvorfor sol og m\u00e5ne f\u00f8lger hverandre over himmelen, hvorfor m\u00e5nen lyser svakere enn solen, og i noen versjoner hvorfor det finnes flekker p\u00e5 m\u00e5nens overflate, tolket som sotspor. Vitenskapelig kan den leses som en etiologisk <span class=\"iwg-fachbegriff\" data-tooltip=\"En overlevert fortelling om guder, opphav og verdens ordning.\" tabindex=\"0\">myte<\/span>, som samtidig markerer den mest alvorlige sosiale overtredelsen, incest, som opphavet til den kosmiske ordningen. Fortellingens geografiske utbredelse strekker seg fra Gr\u00f8nland over den kanadiske arktis til Alaska, med betydelige forskjeller i navn og enkeltheter. Selve navnet Malina er f\u00f8rst og fremst dokumentert i gr\u00f8nlandske overleveringer, mens andre inuittgrupper kaller sols\u00f8steren noe annet eller ikke gir henne et fast navn.\t\t\t\t\t\t\t\t<\/div>\n\t\t\t\t\t<\/div>\n\t\t\t\t<\/div>\n\t\t\t\t\t<\/div>\n\t\t\t\t<\/div>\n\t\t<div class=\"elementor-element elementor-element-cp2a334bb7 e-flex e-con-boxed e-con e-parent\" data-id=\"cp2a334bb7\" data-element_type=\"container\" data-e-type=\"container\">\n\t\t\t\t\t<div class=\"e-con-inner\">\n\t\t\t\t<div class=\"elementor-element elementor-element-cp26328bea elementor-widget elementor-widget-heading\" data-id=\"cp26328bea\" data-element_type=\"widget\" data-e-type=\"widget\" data-widget_type=\"heading.default\">\n\t\t\t\t\t<h2 class=\"elementor-heading-title elementor-size-default\">Kildesituasjon og faren for generalisering<\/h2>\t\t\t\t<\/div>\n\t\t<div class=\"elementor-element elementor-element-cp2ded0565 e-flex e-con-boxed e-con e-child\" data-id=\"cp2ded0565\" data-element_type=\"container\" data-e-type=\"container\">\n\t\t\t\t\t<div class=\"e-con-inner\">\n\t\t\t\t<div class=\"elementor-element elementor-element-cp2d14b225 elementor-widget elementor-widget-text-editor\" data-id=\"cp2d14b225\" data-element_type=\"widget\" data-e-type=\"widget\" data-widget_type=\"text-editor.default\">\n\t\t\t\t\t\t\t\t\t<p>Den <span class=\"iwg-fachbegriff\" data-tooltip=\"Videref\u00f8ring av kunnskap og fortellinger gjennom generasjoner.\" tabindex=\"0\">overleveringen<\/span> om Malina er kildekritisk problematisk, og enhver fremstilling m\u00e5 gj\u00f8re denne begrensningen tydelig. Det finnes ingen f\u00f8rkoloniale skriftlige kilder; all kunnskap stammer fra opptegnelser som ble gjort fra 1800-tallet av misjon\u00e6rer, hvalfangere, handelsmenn og etnografer.<\/p><p>Den viktigste samlingen skyldes Knud Rasmussen, som som s\u00f8nn av en delvis inuit-slektet familie talte gr\u00f8nlandsk og derfor hadde mer direkte tilgang til fortellerne enn mange andre forskere.<\/p><p>Likevel er materialet fragmentarisk. Inuitene utgj\u00f8r ingen enhetlig kultur, men en gruppe regionalt selvstendige samfunn spredt over hele den sirkumpolare arktis, med forskjellige dialekter og tradisjoner.<\/p><p>Navnet Malina og den tilh\u00f8rende fortellingen om sols\u00f8steren er ikke like godt belagt overalt. I Vest-Gr\u00f8nland er formen bedre dokumentert enn andre steder, og det er metodisk uholdbart \u00e5 slutte fra en gr\u00f8nlandsk versjon til en pan-inuittisk solgudinne.<\/p><p>I tillegg rev mange tidlige samlere fortellingene ut av den sammenhengen de ble fremf\u00f8rt i. Inuit-fortellinger var bundet til \u00e5rstid, anledning og forteller; den skriftlige nedtegnelsen gjorde dem til statiske tekster. Vitenskapelig b\u00f8r Malina derfor snarere forst\u00e5s som en regionalt bundet figur i et utbredt fortellermotiv enn som en klart avgrenset gudinne i middelhavspantheonenes forstand. Forskningen, blant annet Daniel Merkur i <em>Becoming Half Hidden<\/em> (1985), har fremhevet at inuittenes <span class=\"iwg-fachbegriff\" data-tooltip=\"Forestilling om verdens oppbygning og orden innenfor en kultur.\" tabindex=\"0\">kosmologi<\/span> i mindre grad var bestemt av navngitte h\u00f8yguder enn av vesener som sj\u00f8kvinnen og av sjamanistiske praksiser.\t\t\t\t\t\t\t\t<\/div>\n\t\t\t\t\t<\/div>\n\t\t\t\t<\/div>\n\t\t\t\t\t<\/div>\n\t\t\t\t<\/div>\n\t\t<div class=\"elementor-element elementor-element-iwgw-malinainui-lit e-flex e-con-boxed e-con e-parent\" data-id=\"iwgw-malinainui-lit\" data-element_type=\"container\" data-e-type=\"container\">\n\t\t\t\t\t<div class=\"e-con-inner\">\n\t\t\t\t<div class=\"elementor-element elementor-element-iwgw-malinainui-lith elementor-widget elementor-widget-heading\" data-id=\"iwgw-malinainui-lith\" data-element_type=\"widget\" data-e-type=\"widget\" data-widget_type=\"heading.default\">\n\t\t\t\t\t<h2 class=\"elementor-heading-title elementor-size-default\">Litteratur (utvalg)<\/h2>\t\t\t\t<\/div>\n\t\t<div class=\"elementor-element elementor-element-iwgw-malinainui-litc e-con-full e-flex e-con e-child\" data-id=\"iwgw-malinainui-litc\" data-element_type=\"container\" data-e-type=\"container\">\n\t\t\t\t<div class=\"elementor-element elementor-element-iwgw-malinainui-litt elementor-widget elementor-widget-text-editor\" data-id=\"iwgw-malinainui-litt\" data-element_type=\"widget\" data-e-type=\"widget\" data-widget_type=\"text-editor.default\">\n\t\t\t\t\t\t\t\t\t<ul><li>Knud Rasmussen: <em>Intellectual Culture of the Iglulik Eskimos<\/em> (Kopenhagen 1929)<\/li><li>Franz Boas: <em>The Central Eskimo<\/em> (Washington 1888)<\/li><li>Daniel Merkur: <em>Becoming Half Hidden<\/em> (Stockholm 1985)<\/li><li>Birgitte Sonne: <em>Heaven Negotiated. Hell Imagined<\/em> (Kopenhagen 2017)<\/li><li>Pamela Stern: <em>Historical Dictionary of the Inuit<\/em> (Lanham 2013)<\/li><li>Hinrich Rink: <em>Tales and Traditions of the Eskimo<\/em> (Edinburgh 1875)<\/li><\/ul>\t\t\t\t\t\t\t\t<\/div>\n\t\t\t\t<\/div>\n\t\t\t\t\t<\/div>\n\t\t\t\t<\/div>\n\t\t<div class=\"elementor-element elementor-element-iwgkw2-add-malinainuit e-flex e-con-boxed e-con e-parent\" data-id=\"iwgkw2-add-malinainuit\" data-element_type=\"container\" data-e-type=\"container\">\n\t\t\t\t\t<div class=\"e-con-inner\">\n\t\t\t\t<div class=\"elementor-element elementor-element-iwgkw2-add-malinainuit-t elementor-widget elementor-widget-text-editor\" data-id=\"iwgkw2-add-malinainuit-t\" data-element_type=\"widget\" data-e-type=\"widget\" data-widget_type=\"text-editor.default\">\n\t\t\t\t\t\t\t\t\t<p>I inuittenes fortellinger er Malina s\u00f8steren til <strong>Igaluk<\/strong>, m\u00e5nen, som hun flykter fra opp til himmelen etter hans tiln\u00e6rmelser, og siden den tid f\u00f8lger hun sin bane som sol.<\/p>\t\t\t\t\t\t\t\t<\/div>\n\t\t\t\t\t<\/div>\n\t\t\t\t<\/div>\n\t\t<div class=\"elementor-element elementor-element-iwgw-malinainui-kwd e-flex e-con-boxed e-con e-parent\" data-id=\"iwgw-malinainui-kwd\" data-element_type=\"container\" data-e-type=\"container\">\n\t\t\t\t\t<div class=\"e-con-inner\">\n\t\t<div class=\"elementor-element elementor-element-iwgw-malinainui-kwdc e-con-full e-flex e-con e-child\" data-id=\"iwgw-malinainui-kwdc\" data-element_type=\"container\" data-e-type=\"container\">\n\t\t\t\t<div class=\"elementor-element elementor-element-iwgw-malinainui-kwdt elementor-widget elementor-widget-text-editor\" data-id=\"iwgw-malinainui-kwdt\" data-element_type=\"widget\" data-e-type=\"widget\" data-widget_type=\"text-editor.default\">\n\t\t\t\t\t\t\t\t\t<p><em>Relaterte n\u00f8kkelbegreper: Malina inuitt solgudinne Akycha Iglulik polarnatt m\u00e5ne-sol-<span class=\"iwg-fachbegriff\" data-tooltip=\"En overlevert fortelling om guder, opprinnelser og verdens orden.\" tabindex=\"0\">myte<\/span> incest-flukt.<\/em><\/p>\t\t\t\t\t\t\t\t<\/div>\n\t\t\t\t<\/div>\n\t\t\t\t\t<\/div>\n\t\t\t\t<\/div>\n\t\t<div class=\"elementor-element elementor-element-iwgw-malinainui-cc e-flex e-con-boxed e-con e-parent\" data-id=\"iwgw-malinainui-cc\" data-element_type=\"container\" data-e-type=\"container\" id=\"iwg-cc-malina-inuit\">\n\t\t\t\t\t<div class=\"e-con-inner\">\n\t\t<div class=\"elementor-element elementor-element-iwgw-malinainui-ccinner e-flex e-con-boxed e-con e-parent\" data-id=\"iwgw-malinainui-ccinner\" data-element_type=\"container\" data-e-type=\"container\" data-settings=\"{&quot;background_background&quot;:&quot;classic&quot;}\">\n\t\t\t\t\t<div class=\"e-con-inner\">\n\t\t\t\t<div class=\"elementor-element elementor-element-iwgw-malinainui-cch elementor-widget elementor-widget-heading\" data-id=\"iwgw-malinainui-cch\" data-element_type=\"widget\" data-e-type=\"widget\" data-widget_type=\"heading.default\">\n\t\t\t\t\t<h2 class=\"elementor-heading-title elementor-size-default\">iWell Guard og beskyttelsestradisjoner<\/h2>\t\t\t\t<\/div>\n\t\t\t\t<div class=\"elementor-element elementor-element-iwgw-malinainui-cct elementor-widget elementor-widget-text-editor\" data-id=\"iwgw-malinainui-cct\" data-element_type=\"widget\" data-e-type=\"widget\" data-widget_type=\"text-editor.default\">\n\t\t\t\t\t\t\t\t\t<div data-nosnippet=\"true\"><p>iWell Guard bygger videre p\u00e5 den kulturhistoriske tradisjonen med b\u00e6rbare beskyttelsesobjekter, i tradisjonen fra <a href=\"https:\/\/iwell-guard.com\/no\/?page_id=141131\">inuitter<\/a> og mange andre kulturer verden over. 41 lag, ekte gull, platina, s\u00f8lv, produsert i Tyskland. 30 dagers returrett.<\/p><\/div>\t\t\t\t\t\t\t\t<\/div>\n\t\t\t\t<div class=\"elementor-element elementor-element-iwgw-malinainui-ccb iwg-cc-button iwg-cc-cta-2026-05-13 elementor-widget elementor-widget-jet-button\" data-id=\"iwgw-malinainui-ccb\" data-element_type=\"widget\" data-e-type=\"widget\" data-widget_type=\"jet-button.default\">\n\t\t\t\t<div class=\"elementor-widget-container\">\n\t\t\t\t\t<div class=\"elementor-jet-button jet-elements\"><div class=\"jet-button__container\"><a class=\"jet-button__instance jet-button__instance--icon-left hover-effect-1\" href=\"\/ueber-iwell-guard\/?utm_source=iwell-guard.com&amp;utm_medium=info-box&amp;utm_campaign=wesen-tradition\"><div class=\"jet-button__plane jet-button__plane-normal\"><\/div><div class=\"jet-button__plane jet-button__plane-hover\"><\/div><div class=\"jet-button__state jet-button__state-normal\"><span class=\"jet-button__label\">Mer om iWell Guard<\/span><\/div><div class=\"jet-button__state jet-button__state-hover\"><span class=\"jet-button__label\">Mer om iWell Guard<\/span><\/div><\/a><\/div><\/div><style>.elementor-element.elementor-element-iwgw-malinainui-ccb .jet-button__instance{width:320px;height:56px;}.elementor-element.elementor-element-iwgw-malinainui-ccb .jet-button__state-normal .jet-button__label{text-align:center;margin:0px 0px 0px 0px;color:#1a1b20;font-family:Montserrat,sans-serif;font-size:13px;font-weight:400;letter-spacing:4px;line-height:1.714em;text-transform:uppercase;}.elementor-element.elementor-element-iwgw-malinainui-ccb .jet-button__state-hover .jet-button__label{text-align:center;margin:0px 0px 0px 0px;color:#FECC76;font-family:Montserrat,sans-serif;font-size:13px;font-weight:400;letter-spacing:4px;line-height:1.714em;text-transform:uppercase;}.elementor-element.elementor-element-iwgw-malinainui-ccb .jet-button__plane-normal{background-color:#FECC76;border-style:solid;border-color:#C99540;border-width:2px 2px 2px 2px;}.elementor-element.elementor-element-iwgw-malinainui-ccb .jet-button__plane-hover{background-color:rgba(0,0,0,0.55);border-style:solid;border-color:#FECC76;border-width:2px 2px 2px 2px;}<\/style>\t\t\t\t<\/div>\n\t\t\t\t<\/div>\n\t\t\t\t<div class=\"elementor-element elementor-element-iwgw-malinainui-ccd elementor-widget elementor-widget-text-editor\" data-id=\"iwgw-malinainui-ccd\" data-element_type=\"widget\" data-e-type=\"widget\" data-widget_type=\"text-editor.default\">\n\t\t\t\t\t\t\t\t\t<div data-nosnippet=\"true\"><p style=\"text-align:center;font-size:13px;opacity:0.7;margin-top:14px\" data-nosnippet=\"true\">Personlige erfaringer kan variere. Ikke et medisinsk produkt. Ingen garanti for helbredelse.<\/p><\/div>\t\t\t\t\t\t\t\t<\/div>\n\t\t\t\t\t<\/div>\n\t\t\t\t<\/div>\n\t\t\t\t\t<\/div>\n\t\t\t\t<\/div>\n\t\t<div class=\"elementor-element elementor-element-iwgw-malinainui-disc e-flex e-con-boxed e-con e-parent\" data-id=\"iwgw-malinainui-disc\" data-element_type=\"container\" data-e-type=\"container\">\n\t\t\t\t\t<div class=\"e-con-inner\">\n\t\t\t\t<div class=\"elementor-element elementor-element-iwgw-malinainui-discw elementor-widget elementor-widget-html\" data-id=\"iwgw-malinainui-discw\" data-element_type=\"widget\" data-e-type=\"widget\" data-widget_type=\"html.default\">\n\t\t\t\t\t<footer data-nosnippet=\"true\" class=\"iwg-disclaimer-block\"><p data-nosnippet=\"true\">iWell Guard er <strong>ikke et medisinsk produkt<\/strong> og erstatter ingen medisinsk eller psykoterapeutisk behandling. Det religionsvitenskapelige innholdet er kulturhistorisk plassering, ikke en anbefaling om spirituell praksis.<\/p><\/footer>\t\t\t\t<\/div>\n\t\t\t\t\t<\/div>\n\t\t\t\t<\/div>\n\t\t\t\t<\/div>\n\t\t","protected":false},"excerpt":{"rendered":"","protected":false},"author":3,"featured_media":2883,"parent":0,"menu_order":0,"comment_status":"closed","ping_status":"closed","template":"elementor_header_footer","meta":{"_yoast_wpseo_focuskw":"Malina inuittisk solgudinne","_yoast_wpseo_title":"Malina - inuittenes solgudinne og s\u00f8ster til Igaluk","_yoast_wpseo_metadesc":"Malina er inuittenes solgudinne, s\u00f8ster og den forfulgte av m\u00e5nen Igaluk. Religionsvitenskapelig innordning med myte og kilder.","_yoast_wpseo_meta-robots-noindex":"","_yoast_wpseo_canonical":"","_angie_page":false,"gefaehrdungsstufe":"1","wesen_kultur":"inuit","wesen_klasse":"goetter","footnotes":""},"categories":[],"class_list":["post-141221","page","type-page","status-publish","has-post-thumbnail","hentry"],"yoast_head":"<!-- This site is optimized with the Yoast SEO Premium plugin v27.7 (Yoast SEO v28.3) - https:\/\/yoast.com\/product\/yoast-seo-premium-wordpress\/ -->\n<title>Malina - inuittenes solgudinne og s\u00f8ster til Igaluk<\/title>\n<meta name=\"description\" content=\"Malina er inuittenes solgudinne, s\u00f8ster og den forfulgte av m\u00e5nen Igaluk. Religionsvitenskapelig innordning med myte og kilder.\" \/>\n<meta name=\"robots\" content=\"index, follow, max-snippet:-1, max-image-preview:large, max-video-preview:-1\" \/>\n<link rel=\"canonical\" href=\"https:\/\/iwell-guard.com\/no\/malina-inuittenes-solgudinne\/\" \/>\n<meta property=\"og:locale\" content=\"nb_NO\" \/>\n<meta property=\"og:type\" content=\"article\" \/>\n<meta property=\"og:title\" content=\"Malina - Sonnengudinnen til inuittene\" \/>\n<meta property=\"og:description\" content=\"Malina er inuittenes solgudinne, s\u00f8ster og den forfulgte av m\u00e5nen Igaluk. Religionsvitenskapelig innordning med myte og kilder.\" \/>\n<meta property=\"og:url\" content=\"https:\/\/iwell-guard.com\/no\/malina-inuittenes-solgudinne\/\" \/>\n<meta property=\"og:site_name\" content=\"iWell Guard\" \/>\n<meta property=\"article:modified_time\" content=\"2026-09-03T09:45:30+00:00\" \/>\n<meta property=\"og:image\" content=\"https:\/\/iwell-guard.com\/wp-content\/uploads\/2026\/05\/goetter_inuit_malina-inuit.webp\" \/>\n\t<meta property=\"og:image:width\" content=\"1024\" \/>\n\t<meta property=\"og:image:height\" content=\"1536\" \/>\n\t<meta property=\"og:image:type\" content=\"image\/webp\" \/>\n<meta name=\"twitter:card\" content=\"summary_large_image\" \/>\n<script type=\"application\/ld+json\" class=\"yoast-schema-graph\">{\"@context\":\"https:\\\/\\\/schema.org\",\"@graph\":[{\"@type\":\"WebPage\",\"@id\":\"https:\\\/\\\/iwell-guard.com\\\/no\\\/malina-inuittenes-solgudinne\\\/\",\"url\":\"https:\\\/\\\/iwell-guard.com\\\/no\\\/malina-inuittenes-solgudinne\\\/\",\"name\":\"Malina - inuittenes solgudinne og s\u00f8ster til Igaluk\",\"isPartOf\":{\"@id\":\"https:\\\/\\\/iwell-guard.com\\\/no\\\/#website\"},\"primaryImageOfPage\":{\"@id\":\"https:\\\/\\\/iwell-guard.com\\\/no\\\/malina-inuittenes-solgudinne\\\/#primaryimage\"},\"image\":{\"@id\":\"https:\\\/\\\/iwell-guard.com\\\/no\\\/malina-inuittenes-solgudinne\\\/#primaryimage\"},\"thumbnailUrl\":\"https:\\\/\\\/iwell-guard.com\\\/wp-content\\\/uploads\\\/2026\\\/05\\\/goetter_inuit_malina-inuit.webp\",\"datePublished\":\"2026-09-03T09:17:59+00:00\",\"dateModified\":\"2026-09-03T09:45:30+00:00\",\"description\":\"Malina er inuittenes solgudinne, s\u00f8ster og den forfulgte av m\u00e5nen Igaluk. Religionsvitenskapelig innordning med myte og kilder.\",\"breadcrumb\":{\"@id\":\"https:\\\/\\\/iwell-guard.com\\\/no\\\/malina-inuittenes-solgudinne\\\/#breadcrumb\"},\"inLanguage\":\"nb-NO\",\"potentialAction\":[{\"@type\":\"ReadAction\",\"target\":[\"https:\\\/\\\/iwell-guard.com\\\/no\\\/malina-inuittenes-solgudinne\\\/\"]}]},{\"@type\":\"ImageObject\",\"inLanguage\":\"nb-NO\",\"@id\":\"https:\\\/\\\/iwell-guard.com\\\/no\\\/malina-inuittenes-solgudinne\\\/#primaryimage\",\"url\":\"https:\\\/\\\/iwell-guard.com\\\/wp-content\\\/uploads\\\/2026\\\/05\\\/goetter_inuit_malina-inuit.webp\",\"contentUrl\":\"https:\\\/\\\/iwell-guard.com\\\/wp-content\\\/uploads\\\/2026\\\/05\\\/goetter_inuit_malina-inuit.webp\",\"width\":1024,\"height\":1536,\"caption\":\"Guder fra inuittisk tradisjon.\"},{\"@type\":\"BreadcrumbList\",\"@id\":\"https:\\\/\\\/iwell-guard.com\\\/no\\\/malina-inuittenes-solgudinne\\\/#breadcrumb\",\"itemListElement\":[{\"@type\":\"ListItem\",\"position\":1,\"name\":\"Start\",\"item\":\"https:\\\/\\\/iwell-guard.com\\\/no\\\/?page_id=140795\"},{\"@type\":\"ListItem\",\"position\":2,\"name\":\"Malina &#8211; Sonnengudinnen til inuittene\"}]},{\"@type\":\"WebSite\",\"@id\":\"https:\\\/\\\/iwell-guard.com\\\/no\\\/#website\",\"url\":\"https:\\\/\\\/iwell-guard.com\\\/no\\\/\",\"name\":\"iWell Guard\",\"description\":\"Schutz vor dunklen Einfl\u00fcssen\",\"publisher\":{\"@id\":\"https:\\\/\\\/iwell-guard.com\\\/no\\\/#organization\"},\"potentialAction\":[{\"@type\":\"SearchAction\",\"target\":{\"@type\":\"EntryPoint\",\"urlTemplate\":\"https:\\\/\\\/iwell-guard.com\\\/no\\\/?s={search_term_string}\"},\"query-input\":{\"@type\":\"PropertyValueSpecification\",\"valueRequired\":true,\"valueName\":\"search_term_string\"}}],\"inLanguage\":\"nb-NO\"},{\"@type\":\"Organization\",\"@id\":\"https:\\\/\\\/iwell-guard.com\\\/no\\\/#organization\",\"name\":\"Ittermann electronic GmbH\",\"url\":\"https:\\\/\\\/iwell-guard.com\\\/no\\\/\",\"logo\":{\"@type\":\"ImageObject\",\"inLanguage\":\"nb-NO\",\"@id\":\"https:\\\/\\\/iwell-guard.com\\\/no\\\/#\\\/schema\\\/logo\\\/image\\\/\",\"url\":\"https:\\\/\\\/iwell-guard.com\\\/wp-content\\\/uploads\\\/2026\\\/05\\\/Ittermann-Logo-1182x237-1.png\",\"contentUrl\":\"https:\\\/\\\/iwell-guard.com\\\/wp-content\\\/uploads\\\/2026\\\/05\\\/Ittermann-Logo-1182x237-1.png\",\"width\":1182,\"height\":237,\"caption\":\"Ittermann electronic GmbH\"},\"image\":{\"@id\":\"https:\\\/\\\/iwell-guard.com\\\/no\\\/#\\\/schema\\\/logo\\\/image\\\/\"},\"sameAs\":[\"https:\\\/\\\/pantip.com\\\/profile\\\/9367242\",\"https:\\\/\\\/micro.blog\\\/iwellguard\",\"https:\\\/\\\/www.diggerslist.com\\\/iwellguard\\\/about\",\"https:\\\/\\\/skitterphoto.com\\\/photographers\\\/2870314\\\/iwell-guard\",\"https:\\\/\\\/iwellguard.wordpress.com\\\/2026\\\/06\\\/06\\\/iwell-guard\\\/\",\"https:\\\/\\\/hub.docker.com\\\/u\\\/iwellguard\",\"https:\\\/\\\/www.pinterest.com\\\/iwellguard\\\/\",\"https:\\\/\\\/bit.ly\\\/m\\\/iwellguard\",\"https:\\\/\\\/entre-vos-mains.alsace.eu\\\/profiles\\\/iwellguard\\\/activity\",\"https:\\\/\\\/gravatar.com\\\/reallybeded8fd34\",\"https:\\\/\\\/naijamatta.com\\\/iwellguard\",\"https:\\\/\\\/www.goodreads.com\\\/iwellguard\",\"https:\\\/\\\/profile.hatena.ne.jp\\\/iwellguard\\\/\",\"https:\\\/\\\/experiment.com\\\/users\\\/iwellguard\",\"https:\\\/\\\/wakelet.com\\\/@iWellGuard82270\",\"https:\\\/\\\/www.chordie.com\\\/forum\\\/profile.php?id=2555664\",\"https:\\\/\\\/www.instapaper.com\\\/p\\\/17757966\",\"https:\\\/\\\/www.mapleprimes.com\\\/users\\\/iwellguard\",\"https:\\\/\\\/businesslistingplus.com\\\/profile\\\/iwell-guard\\\/\",\"https:\\\/\\\/telegra.ph\\\/iWell-Guard-06-06\",\"https:\\\/\\\/pbase.com\\\/iwellguard\\\/iwellguard\",\"https:\\\/\\\/b.hatena.ne.jp\\\/iwellguard\\\/20260607#bookmark-4788405196491818882\",\"https:\\\/\\\/fliphtml5.com\\\/home\\\/iwellguard\",\"https:\\\/\\\/anyflip.com\\\/homepage\\\/cmiwl#About\",\"https:\\\/\\\/transfur.com\\\/Users\\\/iwellguard\",\"http:\\\/\\\/delphi.larsbo.org\\\/user\\\/iwellguard\",\"https:\\\/\\\/jobs.lajobsportal.org\\\/profiles\\\/8380803-iwell-guard\",\"https:\\\/\\\/md.chaosdorf.de\\\/s\\\/jfbe5SBdJD\",\"https:\\\/\\\/www.lingvolive.com\\\/en-us\\\/profile\\\/9ecaeaca-ce11-4e51-9e71-01d55e2bff36\\\/translations\",\"https:\\\/\\\/www.fitday.com\\\/fitness\\\/forums\\\/members\\\/iwellguard.html\",\"https:\\\/\\\/www.mymeetbook.com\\\/iwellguard\",\"https:\\\/\\\/pxhere.com\\\/en\\\/photographer-me\\\/5040798\",\"https:\\\/\\\/disqus.com\\\/by\\\/iwellguard\\\/about\\\/\",\"https:\\\/\\\/pastelink.net\\\/hjwciqwq\",\"https:\\\/\\\/pubhtml5.com\\\/homepage\\\/scjhn\\\/\",\"https:\\\/\\\/www.bitchute.com\\\/channel\\\/2O2eOKzNqujT\",\"https:\\\/\\\/audiomack.com\\\/iwellguard\"]},{\"@type\":\"Article\",\"@id\":\"https:\\\/\\\/iwell-guard.com\\\/no\\\/malina-inuittenes-solgudinne\\\/#article\",\"isPartOf\":{\"@id\":\"https:\\\/\\\/iwell-guard.com\\\/no\\\/malina-inuittenes-solgudinne\\\/\"},\"author\":{\"name\":\"Ralf Ittermann\",\"@id\":\"https:\\\/\\\/iwell-guard.com\\\/no\\\/#\\\/schema\\\/person\\\/ee2a27f1cac3406c7c6fb5820cb7349f\"},\"headline\":\"Malina &#8211; Sonnengudinnen til inuittene\",\"datePublished\":\"2026-09-03T09:17:59+00:00\",\"dateModified\":\"2026-09-03T09:45:30+00:00\",\"mainEntityOfPage\":{\"@id\":\"https:\\\/\\\/iwell-guard.com\\\/no\\\/malina-inuittenes-solgudinne\\\/\"},\"publisher\":{\"@id\":\"https:\\\/\\\/iwell-guard.com\\\/no\\\/#organization\"},\"image\":{\"@id\":\"https:\\\/\\\/iwell-guard.com\\\/no\\\/malina-inuittenes-solgudinne\\\/#primaryimage\"},\"thumbnailUrl\":\"https:\\\/\\\/iwell-guard.com\\\/wp-content\\\/uploads\\\/2026\\\/05\\\/goetter_inuit_malina-inuit.webp\",\"inLanguage\":\"nb-NO\",\"description\":\"Malina er inuittenes solgudinne, s\u00f8ster og den forfulgte av m\u00e5nen Igaluk. Religionsvitenskapelig innordning med myte og kilder.\"}]}<\/script>\n<!-- \/ Yoast SEO Premium plugin. -->","yoast_head_json":{"title":"Malina - inuittenes solgudinne og s\u00f8ster til Igaluk","description":"Malina er inuittenes solgudinne, s\u00f8ster og den forfulgte av m\u00e5nen Igaluk. Religionsvitenskapelig innordning med myte og kilder.","robots":{"index":"index","follow":"follow","max-snippet":"max-snippet:-1","max-image-preview":"max-image-preview:large","max-video-preview":"max-video-preview:-1"},"canonical":"https:\/\/iwell-guard.com\/no\/malina-inuittenes-solgudinne\/","og_locale":"nb_NO","og_type":"article","og_title":"Malina - Sonnengudinnen til inuittene","og_description":"Malina er inuittenes solgudinne, s\u00f8ster og den forfulgte av m\u00e5nen Igaluk. Religionsvitenskapelig innordning med myte og kilder.","og_url":"https:\/\/iwell-guard.com\/no\/malina-inuittenes-solgudinne\/","og_site_name":"iWell Guard","article_modified_time":"2026-09-03T09:45:30+00:00","og_image":[{"width":1024,"height":1536,"url":"https:\/\/iwell-guard.com\/wp-content\/uploads\/2026\/05\/goetter_inuit_malina-inuit.webp","type":"image\/webp"}],"twitter_card":"summary_large_image","schema":{"@context":"https:\/\/schema.org","@graph":[{"@type":"Article","@id":"https:\/\/iwell-guard.com\/no\/malina-inuittenes-solgudinne\/#article","isPartOf":{"@id":"https:\/\/iwell-guard.com\/no\/malina-inuittenes-solgudinne\/"},"author":{"name":"Ralf Ittermann","@id":"https:\/\/iwell-guard.com\/no\/#\/schema\/person\/ee2a27f1cac3406c7c6fb5820cb7349f"},"headline":"Malina &#8211; Sonnengudinnen til inuittene","datePublished":"2026-09-03T09:17:59+00:00","dateModified":"2026-09-03T09:45:30+00:00","mainEntityOfPage":{"@id":"https:\/\/iwell-guard.com\/no\/malina-inuittenes-solgudinne\/"},"publisher":{"@id":"https:\/\/iwell-guard.com\/no\/#organization"},"image":{"@id":"https:\/\/iwell-guard.com\/no\/malina-inuittenes-solgudinne\/#primaryimage"},"thumbnailUrl":"https:\/\/iwell-guard.com\/wp-content\/uploads\/2026\/05\/goetter_inuit_malina-inuit.webp","inLanguage":"nb-NO","description":"Malina er inuittenes solgudinne, s\u00f8ster og den forfulgte av m\u00e5nen Igaluk. Religionsvitenskapelig innordning med myte og kilder."},{"@type":"WebPage","@id":"https:\/\/iwell-guard.com\/no\/malina-inuittenes-solgudinne\/","url":"https:\/\/iwell-guard.com\/no\/malina-inuittenes-solgudinne\/","name":"Malina - inuittenes solgudinne og s\u00f8ster til Igaluk","isPartOf":{"@id":"https:\/\/iwell-guard.com\/no\/#website"},"primaryImageOfPage":{"@id":"https:\/\/iwell-guard.com\/no\/malina-inuittenes-solgudinne\/#primaryimage"},"image":{"@id":"https:\/\/iwell-guard.com\/no\/malina-inuittenes-solgudinne\/#primaryimage"},"thumbnailUrl":"https:\/\/iwell-guard.com\/wp-content\/uploads\/2026\/05\/goetter_inuit_malina-inuit.webp","datePublished":"2026-09-03T09:17:59+00:00","dateModified":"2026-09-03T09:45:30+00:00","description":"Malina er inuittenes solgudinne, s\u00f8ster og den forfulgte av m\u00e5nen Igaluk. Religionsvitenskapelig innordning med myte og kilder.","breadcrumb":{"@id":"https:\/\/iwell-guard.com\/no\/malina-inuittenes-solgudinne\/#breadcrumb"},"inLanguage":"nb-NO","potentialAction":[{"@type":"ReadAction","target":["https:\/\/iwell-guard.com\/no\/malina-inuittenes-solgudinne\/"]}]},{"@type":"ImageObject","inLanguage":"nb-NO","@id":"https:\/\/iwell-guard.com\/no\/malina-inuittenes-solgudinne\/#primaryimage","url":"https:\/\/iwell-guard.com\/wp-content\/uploads\/2026\/05\/goetter_inuit_malina-inuit.webp","contentUrl":"https:\/\/iwell-guard.com\/wp-content\/uploads\/2026\/05\/goetter_inuit_malina-inuit.webp","width":1024,"height":1536,"caption":"Guder fra inuittisk tradisjon."},{"@type":"BreadcrumbList","@id":"https:\/\/iwell-guard.com\/no\/malina-inuittenes-solgudinne\/#breadcrumb","itemListElement":[{"@type":"ListItem","position":1,"name":"Start","item":"https:\/\/iwell-guard.com\/no\/?page_id=140795"},{"@type":"ListItem","position":2,"name":"Malina &#8211; Sonnengudinnen til inuittene"}]},{"@type":"WebSite","@id":"https:\/\/iwell-guard.com\/no\/#website","url":"https:\/\/iwell-guard.com\/no\/","name":"iWell Guard","description":"Schutz vor dunklen Einfl\u00fcssen","publisher":{"@id":"https:\/\/iwell-guard.com\/no\/#organization"},"potentialAction":[{"@type":"SearchAction","target":{"@type":"EntryPoint","urlTemplate":"https:\/\/iwell-guard.com\/no\/?s={search_term_string}"},"query-input":{"@type":"PropertyValueSpecification","valueRequired":true,"valueName":"search_term_string"}}],"inLanguage":"nb-NO"},{"@type":"Organization","@id":"https:\/\/iwell-guard.com\/no\/#organization","name":"Ittermann electronic GmbH","url":"https:\/\/iwell-guard.com\/no\/","logo":{"@type":"ImageObject","inLanguage":"nb-NO","@id":"https:\/\/iwell-guard.com\/no\/#\/schema\/logo\/image\/","url":"https:\/\/iwell-guard.com\/wp-content\/uploads\/2026\/05\/Ittermann-Logo-1182x237-1.png","contentUrl":"https:\/\/iwell-guard.com\/wp-content\/uploads\/2026\/05\/Ittermann-Logo-1182x237-1.png","width":1182,"height":237,"caption":"Ittermann electronic GmbH"},"image":{"@id":"https:\/\/iwell-guard.com\/no\/#\/schema\/logo\/image\/"},"sameAs":["https:\/\/pantip.com\/profile\/9367242","https:\/\/micro.blog\/iwellguard","https:\/\/www.diggerslist.com\/iwellguard\/about","https:\/\/skitterphoto.com\/photographers\/2870314\/iwell-guard","https:\/\/iwellguard.wordpress.com\/2026\/06\/06\/iwell-guard\/","https:\/\/hub.docker.com\/u\/iwellguard","https:\/\/www.pinterest.com\/iwellguard\/","https:\/\/bit.ly\/m\/iwellguard","https:\/\/entre-vos-mains.alsace.eu\/profiles\/iwellguard\/activity","https:\/\/gravatar.com\/reallybeded8fd34","https:\/\/naijamatta.com\/iwellguard","https:\/\/www.goodreads.com\/iwellguard","https:\/\/profile.hatena.ne.jp\/iwellguard\/","https:\/\/experiment.com\/users\/iwellguard","https:\/\/wakelet.com\/@iWellGuard82270","https:\/\/www.chordie.com\/forum\/profile.php?id=2555664","https:\/\/www.instapaper.com\/p\/17757966","https:\/\/www.mapleprimes.com\/users\/iwellguard","https:\/\/businesslistingplus.com\/profile\/iwell-guard\/","https:\/\/telegra.ph\/iWell-Guard-06-06","https:\/\/pbase.com\/iwellguard\/iwellguard","https:\/\/b.hatena.ne.jp\/iwellguard\/20260607#bookmark-4788405196491818882","https:\/\/fliphtml5.com\/home\/iwellguard","https:\/\/anyflip.com\/homepage\/cmiwl#About","https:\/\/transfur.com\/Users\/iwellguard","http:\/\/delphi.larsbo.org\/user\/iwellguard","https:\/\/jobs.lajobsportal.org\/profiles\/8380803-iwell-guard","https:\/\/md.chaosdorf.de\/s\/jfbe5SBdJD","https:\/\/www.lingvolive.com\/en-us\/profile\/9ecaeaca-ce11-4e51-9e71-01d55e2bff36\/translations","https:\/\/www.fitday.com\/fitness\/forums\/members\/iwellguard.html","https:\/\/www.mymeetbook.com\/iwellguard","https:\/\/pxhere.com\/en\/photographer-me\/5040798","https:\/\/disqus.com\/by\/iwellguard\/about\/","https:\/\/pastelink.net\/hjwciqwq","https:\/\/pubhtml5.com\/homepage\/scjhn\/","https:\/\/www.bitchute.com\/channel\/2O2eOKzNqujT","https:\/\/audiomack.com\/iwellguard"]},{"@type":"Person","@id":"https:\/\/iwell-guard.com\/no\/#\/schema\/person\/ee2a27f1cac3406c7c6fb5820cb7349f","name":"Ralf Ittermann","image":{"@type":"ImageObject","inLanguage":"nb-NO","@id":"https:\/\/secure.gravatar.com\/avatar\/073c0153e350a5005b68eb752b445fea71f6b24a26da9449ad7e155e6b446c9d?s=96&d=mm&r=g","url":"https:\/\/secure.gravatar.com\/avatar\/073c0153e350a5005b68eb752b445fea71f6b24a26da9449ad7e155e6b446c9d?s=96&d=mm&r=g","contentUrl":"https:\/\/secure.gravatar.com\/avatar\/073c0153e350a5005b68eb752b445fea71f6b24a26da9449ad7e155e6b446c9d?s=96&d=mm&r=g","caption":"Ralf Ittermann"},"givenName":"Ralf","familyName":"Ittermann","jobTitle":"Gesch\u00e4ftsf\u00fchrer und redaktioneller Verantwortlicher","url":"https:\/\/iwell-guard.com\/no\/author\/claude\/","description":"Ralf Ittermann ist Gesch\u00e4ftsf\u00fchrer der Ittermann electronic GmbH und redaktioneller Verantwortlicher des iWell-Guard-Lexikons. Er verbindet langj\u00e4hrige Erfahrung in der Pr\u00e4zisionsfertigung mit medialer Praxis und religionsgeschichtlicher Quellenarbeit.","worksFor":{"@type":"Organization","name":"Ittermann electronic GmbH","url":"https:\/\/ittermann.de\/","address":{"@type":"PostalAddress","streetAddress":"K\u00f6hlergasse 16-18","postalCode":"99842","addressLocality":"Ruhla","addressCountry":"DE"}},"knowsAbout":["Religionsgeschichte","Mythologie","Mediale Praxis","Energetische Diagnostik","Schutzpraxis","Volksglauben","Westliche Esoterik"]},{"@type":"Article","@id":"https:\/\/iwell-guard.com\/no\/malina-inuittenes-solgudinne\/#article","isPartOf":{"@id":"https:\/\/iwell-guard.com\/no\/malina-inuittenes-solgudinne\/"},"author":{"name":"Ralf Ittermann","@id":"https:\/\/iwell-guard.com\/no\/#\/schema\/person\/ee2a27f1cac3406c7c6fb5820cb7349f"},"headline":"Malina &#8211; Sonnengudinnen til inuittene","datePublished":"2026-09-03T09:17:59+00:00","dateModified":"2026-09-03T09:45:30+00:00","mainEntityOfPage":{"@id":"https:\/\/iwell-guard.com\/no\/malina-inuittenes-solgudinne\/"},"publisher":{"@id":"https:\/\/iwell-guard.com\/no\/#organization"},"image":{"@id":"https:\/\/iwell-guard.com\/no\/malina-inuittenes-solgudinne\/#primaryimage"},"thumbnailUrl":"https:\/\/iwell-guard.com\/wp-content\/uploads\/2026\/05\/goetter_inuit_malina-inuit.webp","inLanguage":"nb-NO","description":"Malina er inuittenes solgudinne, s\u00f8ster og den forfulgte av m\u00e5nen Igaluk. Religionsvitenskapelig innordning med myte og kilder."}]}},"_links":{"self":[{"href":"https:\/\/iwell-guard.com\/no\/wp-json\/wp\/v2\/pages\/141221","targetHints":{"allow":["GET"]}}],"collection":[{"href":"https:\/\/iwell-guard.com\/no\/wp-json\/wp\/v2\/pages"}],"about":[{"href":"https:\/\/iwell-guard.com\/no\/wp-json\/wp\/v2\/types\/page"}],"author":[{"embeddable":true,"href":"https:\/\/iwell-guard.com\/no\/wp-json\/wp\/v2\/users\/3"}],"replies":[{"embeddable":true,"href":"https:\/\/iwell-guard.com\/no\/wp-json\/wp\/v2\/comments?post=141221"}],"version-history":[{"count":0,"href":"https:\/\/iwell-guard.com\/no\/wp-json\/wp\/v2\/pages\/141221\/revisions"}],"wp:featuredmedia":[{"embeddable":true,"href":"https:\/\/iwell-guard.com\/no\/wp-json\/wp\/v2\/media\/2883"}],"wp:attachment":[{"href":"https:\/\/iwell-guard.com\/no\/wp-json\/wp\/v2\/media?parent=141221"}],"wp:term":[{"taxonomy":"category","embeddable":true,"href":"https:\/\/iwell-guard.com\/no\/wp-json\/wp\/v2\/categories?post=141221"}],"curies":[{"name":"wp","href":"https:\/\/api.w.org\/{rel}","templated":true}]}}