{"id":141214,"date":"2026-09-03T09:17:52","date_gmt":"2026-09-03T09:17:52","guid":{"rendered":"https:\/\/iwell-guard.com\/?page_id=141214"},"modified":"2026-09-03T09:45:17","modified_gmt":"2026-09-03T09:45:17","slug":"sila-verdensande-vaerherre-inuitter","status":"publish","type":"page","link":"https:\/\/iwell-guard.com\/no\/sila-verdensande-vaerherre-inuitter\/","title":{"rendered":"Sila &#8211; Verdens\u00e5nde og v\u00e6rherre hos inuittene"},"content":{"rendered":"\t\t<div data-elementor-type=\"wp-page\" data-elementor-id=\"141214\" class=\"elementor elementor-141214 elementor-2655 elementor-bc-flex-widget\" data-elementor-post-type=\"page\">\n\t\t\t\t<div class=\"elementor-element elementor-element-iwgw-sila-hero e-flex e-con-boxed e-con e-parent\" data-id=\"iwgw-sila-hero\" data-element_type=\"container\" data-e-type=\"container\" data-settings=\"{&quot;background_background&quot;:&quot;classic&quot;}\">\n\t\t\t\t\t<div class=\"e-con-inner\">\n\t\t<div class=\"elementor-element elementor-element-iwgw-sila-hl e-flex e-con-boxed e-con e-child\" data-id=\"iwgw-sila-hl\" data-element_type=\"container\" data-e-type=\"container\">\n\t\t\t\t\t<div class=\"e-con-inner\">\n\t\t<div class=\"elementor-element elementor-element-iwgw-sila-htxt e-con-full e-flex e-con e-child\" data-id=\"iwgw-sila-htxt\" data-element_type=\"container\" data-e-type=\"container\">\n\t\t\t\t<div class=\"elementor-element elementor-element-iwgw-sila-h1 elementor-widget elementor-widget-heading\" data-id=\"iwgw-sila-h1\" data-element_type=\"widget\" data-e-type=\"widget\" data-widget_type=\"heading.default\">\n\t\t\t\t\t<h1 class=\"elementor-heading-title elementor-size-default\">Sila - Verdens\u00e5nde, v\u00e6r og bevissthet i inuittisk tenkning<\/h1>\t\t\t\t<\/div>\n\t\t\t\t<div class=\"elementor-element elementor-element-iwgw-sila-lead elementor-widget elementor-widget-text-editor\" data-id=\"iwgw-sila-lead\" data-element_type=\"widget\" data-e-type=\"widget\" data-widget_type=\"text-editor.default\">\n\t\t\t\t\t\t\t\t\t<p>I forestillingen til de sentralarktiske <a href=\"https:\/\/iwell-guard.com\/no\/?page_id=141131\">inuittene<\/a> er Sila ikke en personlig gud i egentlig forstand, men det ordnende prinsippet for luft, v\u00e6r, \u00e5nde og forstand.<\/p><p>Den som kjenner Sila, kjenner samtidig v\u00e6ret, tanken og verdens orden, ettersom det inuittiske spr\u00e5ket samler disse sf\u00e6rene i ett enkelt begrep. Religionsvitenskapelig er Sila et av de mest konseptuelt dyptgripende begrepene i hele den sirkumpolare religionshistorien.<\/p>\t\t\t\t\t\t\t\t<\/div>\n\t\t\t\t<\/div>\n\t\t<div class=\"elementor-element elementor-element-iwgw-sila-pillc e-con-full e-flex e-con e-child\" data-id=\"iwgw-sila-pillc\" data-element_type=\"container\" data-e-type=\"container\">\n\t\t\t\t<div class=\"elementor-element elementor-element-iwgw-sila-pills elementor-widget elementor-widget-html\" data-id=\"iwgw-sila-pills\" data-element_type=\"widget\" data-e-type=\"widget\" data-widget_type=\"html.default\">\n\t\t\t\t\t<div class=\"iwg-pill-row\"><span class=\"iwg-klasse-badge\" tabindex=\"0\" data-tooltip=\"V\u00e6rgeist i inuittisk tradisjon.\">V\u00e6rgeist<\/span><a href=\"https:\/\/iwell-guard.com\/no\/?page_id=141131\" class=\"iwg-kultur-badge\" tabindex=\"0\" data-tooltip=\"Mytologi i inuittisk tradisjon.\">Inuitt<\/a><span class=\"iwg-tradition-badge\" tabindex=\"0\" data-tooltip=\"Verdens- og v\u00e6rprinsipp.\">Verdens- og v\u00e6rprinsipp<\/span><\/div>\t\t\t\t<\/div>\n\t\t\t\t<\/div>\n\t\t<div class=\"elementor-element elementor-element-iwgw-sila-tocc e-con-full e-flex e-con e-child\" data-id=\"iwgw-sila-tocc\" data-element_type=\"container\" data-e-type=\"container\">\n\t\t\t\t<div class=\"elementor-element elementor-element-iwgw-sila-toc elementor-toc--minimized-on-tablet elementor-widget elementor-widget-table-of-contents\" data-id=\"iwgw-sila-toc\" data-element_type=\"widget\" data-e-type=\"widget\" data-settings=\"{&quot;headings_by_tags&quot;:[&quot;h2&quot;,&quot;h3&quot;],&quot;minimize_box&quot;:&quot;yes&quot;,&quot;marker_view&quot;:&quot;bullets&quot;,&quot;no_headings_message&quot;:&quot;Det ble ikke funnet noen overskrifter p\\u00e5 denne siden.&quot;,&quot;exclude_headings_by_selector&quot;:[],&quot;icon&quot;:{&quot;value&quot;:&quot;fas fa-circle&quot;,&quot;library&quot;:&quot;fa-solid&quot;,&quot;rendered_tag&quot;:&quot;&lt;svg class=\\&quot;e-font-icon-svg e-fas-circle\\&quot; viewBox=\\&quot;0 0 512 512\\&quot; xmlns=\\&quot;http:\\\/\\\/www.w3.org\\\/2000\\\/svg\\&quot;&gt;&lt;path d=\\&quot;M256 8C119 8 8 119 8 256s111 248 248 248 248-111 248-248S393 8 256 8z\\&quot;&gt;&lt;\\\/path&gt;&lt;\\\/svg&gt;&quot;},&quot;minimized_on&quot;:&quot;tablet&quot;,&quot;hierarchical_view&quot;:&quot;yes&quot;,&quot;min_height&quot;:{&quot;unit&quot;:&quot;px&quot;,&quot;size&quot;:&quot;&quot;,&quot;sizes&quot;:[]},&quot;min_height_tablet&quot;:{&quot;unit&quot;:&quot;px&quot;,&quot;size&quot;:&quot;&quot;,&quot;sizes&quot;:[]},&quot;min_height_mobile&quot;:{&quot;unit&quot;:&quot;px&quot;,&quot;size&quot;:&quot;&quot;,&quot;sizes&quot;:[]}}\" data-widget_type=\"table-of-contents.default\">\n\t\t\t\t\t\t\t\t\t<div class=\"elementor-toc__header\">\n\t\t\t\t\t\t<h2 class=\"elementor-toc__header-title\">\n\t\t\t\tInnholdsfortegnelse\t\t\t<\/h2>\n\t\t\t\t\t\t\t\t\t\t<div class=\"elementor-toc__toggle-button elementor-toc__toggle-button--expand\" role=\"button\" tabindex=\"0\" aria-controls=\"elementor-toc__iwgw-sila-toc\" aria-expanded=\"true\" aria-label=\"Open table of contents\"><svg aria-hidden=\"true\" class=\"e-font-icon-svg e-fas-chevron-down\" viewBox=\"0 0 448 512\" xmlns=\"http:\/\/www.w3.org\/2000\/svg\"><path d=\"M207.029 381.476L12.686 187.132c-9.373-9.373-9.373-24.569 0-33.941l22.667-22.667c9.357-9.357 24.522-9.375 33.901-.04L224 284.505l154.745-154.021c9.379-9.335 24.544-9.317 33.901.04l22.667 22.667c9.373 9.373 9.373 24.569 0 33.941L240.971 381.476c-9.373 9.372-24.569 9.372-33.942 0z\"><\/path><\/svg><\/div>\n\t\t\t\t<div class=\"elementor-toc__toggle-button elementor-toc__toggle-button--collapse\" role=\"button\" tabindex=\"0\" aria-controls=\"elementor-toc__iwgw-sila-toc\" aria-expanded=\"true\" aria-label=\"Close table of contents\"><svg aria-hidden=\"true\" class=\"e-font-icon-svg e-fas-chevron-up\" viewBox=\"0 0 448 512\" xmlns=\"http:\/\/www.w3.org\/2000\/svg\"><path d=\"M240.971 130.524l194.343 194.343c9.373 9.373 9.373 24.569 0 33.941l-22.667 22.667c-9.357 9.357-24.522 9.375-33.901.04L224 227.495 69.255 381.516c-9.379 9.335-24.544 9.317-33.901-.04l-22.667-22.667c-9.373-9.373-9.373-24.569 0-33.941L207.03 130.525c9.372-9.373 24.568-9.373 33.941-.001z\"><\/path><\/svg><\/div>\n\t\t\t\t\t<\/div>\n\t\t\t\t<div id=\"elementor-toc__iwgw-sila-toc\" class=\"elementor-toc__body\">\n\t\t\t<div class=\"elementor-toc__spinner-container\">\n\t\t\t\t<svg class=\"elementor-toc__spinner eicon-animation-spin e-font-icon-svg e-eicon-loading\" aria-hidden=\"true\" viewBox=\"0 0 1000 1000\" xmlns=\"http:\/\/www.w3.org\/2000\/svg\"><path d=\"M500 975V858C696 858 858 696 858 500S696 142 500 142 142 304 142 500H25C25 237 238 25 500 25S975 237 975 500 763 975 500 975Z\"><\/path><\/svg>\t\t\t<\/div>\n\t\t<\/div>\n\t\t\t\t\t\t<\/div>\n\t\t\t\t<\/div>\n\t\t\t\t\t<\/div>\n\t\t\t\t<\/div>\n\t\t<div class=\"elementor-element elementor-element-iwgw-sila-hr e-con-full e-flex e-con e-child\" data-id=\"iwgw-sila-hr\" data-element_type=\"container\" data-e-type=\"container\">\n\t\t\t\t<div class=\"elementor-element elementor-element-iwgw-sila-heroimg iwg-hero-image elementor-widget elementor-widget-image\" data-id=\"iwgw-sila-heroimg\" data-element_type=\"widget\" data-e-type=\"widget\" data-widget_type=\"image.default\">\n\t\t\t\t\t\t\t\t\t\t\t\t\t\t\t<img fetchpriority=\"high\" decoding=\"async\" width=\"683\" height=\"1024\" src=\"https:\/\/iwell-guard.com\/wp-content\/uploads\/2026\/05\/geister_inuit_sila-683x1024.webp\" class=\"attachment-large size-large wp-image-142991\" alt=\"Sila \u2013 \u00e5nder fra inuit-tradisjonen, historisk-illustrativt\" srcset=\"https:\/\/iwell-guard.com\/wp-content\/uploads\/2026\/05\/geister_inuit_sila-683x1024.webp 683w, https:\/\/iwell-guard.com\/wp-content\/uploads\/2026\/05\/geister_inuit_sila-200x300.webp 200w, https:\/\/iwell-guard.com\/wp-content\/uploads\/2026\/05\/geister_inuit_sila-768x1152.webp 768w, https:\/\/iwell-guard.com\/wp-content\/uploads\/2026\/05\/geister_inuit_sila.webp 1024w\" sizes=\"(max-width: 683px) 100vw, 683px\" \/>\t\t\t\t\t\t\t\t\t\t\t\t\t\t\t<\/div>\n\t\t\t\t<\/div>\n\t\t\t\t\t<\/div>\n\t\t\t\t<\/div>\n\t\t<div class=\"elementor-element elementor-element-iwgw-sila-s0 e-flex e-con-boxed e-con e-parent\" data-id=\"iwgw-sila-s0\" data-element_type=\"container\" data-e-type=\"container\">\n\t\t\t\t\t<div class=\"e-con-inner\">\n\t\t\t\t<div class=\"elementor-element elementor-element-iwgw-sila-s0h elementor-widget elementor-widget-heading\" data-id=\"iwgw-sila-s0h\" data-element_type=\"widget\" data-e-type=\"widget\" data-widget_type=\"heading.default\">\n\t\t\t\t\t<h2 class=\"elementor-heading-title elementor-size-default\">Innordning og kortprofil<\/h2>\t\t\t\t<\/div>\n\t\t<div class=\"elementor-element elementor-element-iwgw-sila-s0c e-con-full e-flex e-con e-child\" data-id=\"iwgw-sila-s0c\" data-element_type=\"container\" data-e-type=\"container\">\n\t\t\t\t<div class=\"elementor-element elementor-element-iwgw-sila-s0t elementor-widget elementor-widget-text-editor\" data-id=\"iwgw-sila-s0t\" data-element_type=\"widget\" data-e-type=\"widget\" data-widget_type=\"text-editor.default\">\n\t\t\t\t\t\t\t\t\t<p>I religionsvitenskapelig klassifikasjon er Sila et av de sjeldne begrepene som samtidig betegner et kosmologisk, meteorologisk og epistemisk prinsipp. Knud Rasmussen, som i sine opptegnelser fra den 5. Thule-ekspedisjonen tolket begrepet som en religi\u00f8s n\u00f8kkel hos de sentralarktiske inuittene, oversatte det med verdensfornuft, mens andre forfattere som Daniel Merkur og Fr\u00e9d\u00e9ric Laugrand taler om verdens\u00e5nde.<\/p><p>Dette spennet i oversettelser er ikke et uttrykk for uklarhet, men gjenspeiler den semantiske dybden i selve ordet, som ikke har noen direkte motsvarighet i det vestlige vokabularet.<\/p><p>I motsetning til <a href=\"https:\/\/iwell-guard.com\/no\/?page_id=141213\">Sedna<\/a> er Sila ikke innskrevet i en fortellende biografi. Sila har ingen fingerledd, ingen b\u00e5t, ingen far, ingen forlovede. Sila er den usynlige, alt gjennomtrengende betingelsen som dyr og mennesker beveger seg i.<\/p><p>Nettopp derfor betrakter inuittene v\u00e6ret som manifestasjonen av en gjennomtenkt, iakttakende og til tider straffende instans. Formidlingen mellom menneske og verden skjer gjennom verdens egen \u00e5ndedrett, uten at det trengs en gud som representant.<\/p><p>Denne dobbeltbetydningen som v\u00e6r og som fornuft gj\u00f8r Sila til et brobegrep mellom naturoppfatning og religi\u00f8s refleksjon. Dagens klimadebatt har tatt begrepet i bruk: N\u00e5r inuittiske eldste sier at Sila har forandret seg, mener de langt mer enn v\u00e6ret, nemlig en verdensorden i krise.<\/p><p>Denne aktualiteten gj\u00f8r Sila til kanskje det mest levende begrepet i inuittisk religionshistorie og skiller det fra rent historiske konsepter i andre religioner.<\/p>\t\t\t\t\t\t\t\t<\/div>\n\t\t\t\t<\/div>\n\t\t\t\t\t<\/div>\n\t\t\t\t<\/div>\n\t\t<div class=\"elementor-element elementor-element-iwgw-sila-s1 e-flex e-con-boxed e-con e-parent\" data-id=\"iwgw-sila-s1\" data-element_type=\"container\" data-e-type=\"container\">\n\t\t\t\t\t<div class=\"e-con-inner\">\n\t\t\t\t<div class=\"elementor-element elementor-element-iwgw-sila-s1h elementor-widget elementor-widget-heading\" data-id=\"iwgw-sila-s1h\" data-element_type=\"widget\" data-e-type=\"widget\" data-widget_type=\"heading.default\">\n\t\t\t\t\t<h2 class=\"elementor-heading-title elementor-size-default\">Etymologi og spr\u00e5klig mangesidighet<\/h2>\t\t\t\t<\/div>\n\t\t<div class=\"elementor-element elementor-element-iwgw-sila-s1c e-con-full e-flex e-con e-child\" data-id=\"iwgw-sila-s1c\" data-element_type=\"container\" data-e-type=\"container\">\n\t\t\t\t<div class=\"elementor-element elementor-element-iwgw-sila-s1t elementor-widget elementor-widget-text-editor\" data-id=\"iwgw-sila-s1t\" data-element_type=\"widget\" data-e-type=\"widget\" data-widget_type=\"text-editor.default\">\n\t\t\t\t\t\t\t\t\t<p>Ordet <em>sila<\/em> er belagt i nesten identisk form i hele det inuittiske spr\u00e5komr\u00e5det, fra Tsjukotka til Gr\u00f8nland, noe som tyder p\u00e5 stor dybde i forestillingen. Betydningene omfatter: v\u00e6ret utenfor, den ytre verden, himmelen, forstanden, fornuften, klokskapen og den rette vurderingen av en situasjon.<\/p><p>Avledet av dette betegner <em>silatujuq<\/em> et klokt, vist menneske, ordrett en som har sila. Denne orddannelsen er religionsfenomenologisk sentral, ettersom den viser at klokskap her f\u00f8rst og fremst forst\u00e5s som en form for besittelse av sila, snarere enn som en kognitiv prestasjon.<\/p><p>At samme rot b\u00e6rer b\u00e5de meteorologisk og intellektuell betydning, er ikke en spr\u00e5khistorisk tilfeldighet. Vitenskapelig blir dette sett p\u00e5 som en urfolks erkjennelsesteori, der riktig bed\u00f8mmelse av omgivelsene og riktig tenkning utgj\u00f8r en enhet.<\/p><p>Den som ikke kan lese v\u00e6ret, er ikke klok, og omvendt: Den som ikke er klok, overser tegnene i v\u00e6ret. Denne sammenkoblingen er religionsfenomenologisk et selvstendig fenomen uten direkte parallell i europeiske spr\u00e5k.<\/p><p>I religi\u00f8st spr\u00e5kbruk forekommer ogs\u00e5 sammensetningen <em>sila inua<\/em>, ordrett Silas person eller v\u00e6rets mann. Dette betegner en kvasi-personlig instans som kan tiltales i den sjamanske diskursen, uten at det dermed oppst\u00e5r en fullt utviklet gudefigur.<\/p><p>Denne svevende tilstanden mellom prinsipp og person er vitenskapelig s\u00e6rlig opplysende og svarer til en form for modal-<span class=\"iwg-fachbegriff\" data-tooltip=\"Den vitenskapelige l\u00e6ren om Gud og troen i en religion.\" tabindex=\"0\">teologi<\/span>: Sila tiltales mer eller mindre personlig avhengig av konteksten.<\/p>\t\t\t\t\t\t\t\t<\/div>\n\t\t\t\t<\/div>\n\t\t\t\t\t<\/div>\n\t\t\t\t<\/div>\n\t\t<div class=\"elementor-element elementor-element-iwgw-sila-s2 e-flex e-con-boxed e-con e-parent\" data-id=\"iwgw-sila-s2\" data-element_type=\"container\" data-e-type=\"container\">\n\t\t\t\t\t<div class=\"e-con-inner\">\n\t\t\t\t<div class=\"elementor-element elementor-element-iwgw-sila-s2h elementor-widget elementor-widget-heading\" data-id=\"iwgw-sila-s2h\" data-element_type=\"widget\" data-e-type=\"widget\" data-widget_type=\"heading.default\">\n\t\t\t\t\t<h2 class=\"elementor-heading-title elementor-size-default\">Beskrivelse i de etnografiske kildene<\/h2>\t\t\t\t<\/div>\n\t\t<div class=\"elementor-element elementor-element-iwgw-sila-s2c e-con-full e-flex e-con e-child\" data-id=\"iwgw-sila-s2c\" data-element_type=\"container\" data-e-type=\"container\">\n\t\t\t\t<div class=\"elementor-element elementor-element-iwgw-sila-s2t elementor-widget elementor-widget-text-editor\" data-id=\"iwgw-sila-s2t\" data-element_type=\"widget\" data-e-type=\"widget\" data-widget_type=\"text-editor.default\">\n\t\t\t\t\t\t\t\t\t<p>De eldste og mest omfattende beskrivelsene av Sila stammer fra Rasmussens samtaler med iglulik-sjamanene Aua, Ivaluardjuk og Kibkarjuk p\u00e5 1920-tallet.<\/p><p>Aua forklarte Rasmussen at Sila var en makt hvis stemme var s\u00e5 stille at bare barn kunne h\u00f8re den, og hvis budskap, n\u00e5r det gjorde seg gjeldende, kunne sl\u00e5 om i storm, sn\u00f8kave og hunger. Denne uttalelsen har blitt et klassisk referansepunkt i det vitenskapelige standardrepertoaret om arktisk religion.<\/p><p>Sila var dermed i alle henseender samtidig det omgivende v\u00e6ret og den vaktsomme instansen som registrerte menneskelig atferd. En annen iglulik-<span class=\"iwg-fachbegriff\" data-tooltip=\"Religi\u00f8s spesialist som tilskrives formidlingen mellom mennesker og \u00e5ndeverdenen.\" tabindex=\"0\">sjaman<\/span> sa: De d\u00f8de og solen og m\u00e5nen, de h\u00f8rer alle til Sila, for alt som skjer, er Sila.<\/p><p>Av dette trekker Merkur den slutning at Sila i iglulik-<span class=\"iwg-fachbegriff\" data-tooltip=\"Den vitenskapelige l\u00e6ren om Gud og troen i en religion.\" tabindex=\"0\">teologien<\/span> er en slags monistisk bakgrunnsprinsipp som omfatter de personlige gudene uten \u00e5 oppl\u00f8se dem. Denne tolkningen er vitenskapelig omdiskutert, men har f\u00e5tt betydelig innflytelse i den etterf\u00f8lgende forskningen.<\/p><p>P\u00e5 Gr\u00f8nland overleverer Hinrich Rink begrepet i formen <em>silap inua<\/em>, i den sentralkanadiske tundraen som <em>sila<\/em>, og hos Mackenzie-inuittene delvis som <em>hila<\/em>. Til tross for dialektal variasjon er den religi\u00f8se funksjonen gjennomg\u00e5ende.<\/p><p>Begrepets stabilitet over tusener av kilometer er vitenskapelig p\u00e5fallende og tyder p\u00e5 et sv\u00e6rt gammelt konseptuelt lag, som sannsynligvis g\u00e5r tilbake til det proto-eskimo-aleutiske spr\u00e5ktrinnet og dermed kan v\u00e6re flere tusen \u00e5r gammelt.<\/p>\t\t\t\t\t\t\t\t<\/div>\n\t\t\t\t<\/div>\n\t\t\t\t\t<\/div>\n\t\t\t\t<\/div>\n\t\t<div class=\"elementor-element elementor-element-iwgw-sila-s3 e-flex e-con-boxed e-con e-parent\" data-id=\"iwgw-sila-s3\" data-element_type=\"container\" data-e-type=\"container\">\n\t\t\t\t\t<div class=\"e-con-inner\">\n\t\t\t\t<div class=\"elementor-element elementor-element-iwgw-sila-s3h elementor-widget elementor-widget-heading\" data-id=\"iwgw-sila-s3h\" data-element_type=\"widget\" data-e-type=\"widget\" data-widget_type=\"heading.default\">\n\t\t\t\t\t<h2 class=\"elementor-heading-title elementor-size-default\">Sila som v\u00e6r og kosmologisk prinsipp<\/h2>\t\t\t\t<\/div>\n\t\t<div class=\"elementor-element elementor-element-iwgw-sila-s3c e-con-full e-flex e-con e-child\" data-id=\"iwgw-sila-s3c\" data-element_type=\"container\" data-e-type=\"container\">\n\t\t\t\t<div class=\"elementor-element elementor-element-iwgw-sila-s3t elementor-widget elementor-widget-text-editor\" data-id=\"iwgw-sila-s3t\" data-element_type=\"widget\" data-e-type=\"widget\" data-widget_type=\"text-editor.default\">\n\t\t\t\t\t\t\t\t\t<p>I den arktiske hverdagen avgj\u00f8r Sila som v\u00e6r liv og d\u00f8d. Plutselig hvitmulm, sn\u00f8stormer og oppbrytingen av havisen oppfattes som uttrykk for en instans som reagerer p\u00e5 menneskelig atferd, og p\u00e5 ingen m\u00e5te som tilfeldige naturhendelser.<\/p><p>Vitenskapelig sett er dette ingen <span class=\"iwg-fachbegriff\" data-tooltip=\"Forestilling om at ogs\u00e5 dyr, planter og ting har en sjel.\" tabindex=\"0\">animisme<\/span> i klassisk forstand, men en \u00f8kologisk <span class=\"iwg-fachbegriff\" data-tooltip=\"Den vitenskapelige l\u00e6ren om Gud og om troen i en religion.\" tabindex=\"0\">teologi<\/span>, der v\u00e6ret framst\u00e5r som en personhaft st\u00f8rrelse man kan henvende seg til. Denne forskjellen fra <span class=\"iwg-fachbegriff\" data-tooltip=\"Forestilling om at ogs\u00e5 dyr, planter og ting har en sjel.\" tabindex=\"0\">animisme<\/span> i eldre forskningsdefinisjoner er analytisk viktig.<\/p><p>Kosmologisk beskrives Sila i noen iglulik-fortellinger som den tidligere jotnen som etter sin d\u00f8d ble spredt ut over verden, og hvis \u00e5ndedrett n\u00e5 driver vinden.<\/p><p>Andre fortellinger kjenner Sila bare som det omgivende elementet, uten noen slektshistorie. Denne variasjonen er vitenskapelig sett ikke en motsigelse, men et speilbilde av at inuittisk religion ikke er et dogmatisk system, men lever i muntlig tradisjon og formes ulikt etter kontekst.<\/p><p>Viktig er sammenhengen med andre instanser. Sila st\u00e5r side om side med <a href=\"https:\/\/iwell-guard.com\/no\/?page_id=141213\">Sedna<\/a> som herskerinne over havdyrene, med <a href=\"https:\/\/iwell-guard.com\/no\/?page_id=141220\">Igaluk<\/a>, m\u00e5nen, og med <a href=\"https:\/\/iwell-guard.com\/no\/?page_id=141218\">Pinga<\/a>, som v\u00e5ker over landdyrene.<\/p><p>Makten er fordelt, og Sila utgj\u00f8r den allomfattende rammen. Denne fordelingen er et eget m\u00f8nster religionsfenomenologisk sett og gj\u00f8r inuittisk religion til en relasjonsteologi snarere enn et hierarki. Gudeverdenen er nettverksbasert organisert, og det er ikke tale om noen pyramidal ordning.<\/p>\t\t\t\t\t\t\t\t<\/div>\n\t\t\t\t<\/div>\n\t\t\t\t\t<\/div>\n\t\t\t\t<\/div>\n\t\t<div class=\"elementor-element elementor-element-iwgw-sila-s4 e-flex e-con-boxed e-con e-parent\" data-id=\"iwgw-sila-s4\" data-element_type=\"container\" data-e-type=\"container\">\n\t\t\t\t\t<div class=\"e-con-inner\">\n\t\t\t\t<div class=\"elementor-element elementor-element-iwgw-sila-s4h elementor-widget elementor-widget-heading\" data-id=\"iwgw-sila-s4h\" data-element_type=\"widget\" data-e-type=\"widget\" data-widget_type=\"heading.default\">\n\t\t\t\t\t<h2 class=\"elementor-heading-title elementor-size-default\">Sila som forstand og etisk instans<\/h2>\t\t\t\t<\/div>\n\t\t<div class=\"elementor-element elementor-element-iwgw-sila-s4c e-con-full e-flex e-con e-child\" data-id=\"iwgw-sila-s4c\" data-element_type=\"container\" data-e-type=\"container\">\n\t\t\t\t<div class=\"elementor-element elementor-element-iwgw-sila-s4t elementor-widget elementor-widget-text-editor\" data-id=\"iwgw-sila-s4t\" data-element_type=\"widget\" data-e-type=\"widget\" data-widget_type=\"text-editor.default\">\n\t\t\t\t\t\t\t\t\t<p>Den semantiske dobbeltbetydningen gj\u00f8r Sila til en etisk st\u00f8rrelse. Den som bryter <em>pittailiniq<\/em>, tabuene, vil miste dyrene og i tillegg sin sila, alts\u00e5 bli ukyndig, vurdere v\u00e6ret feil, g\u00e5 seg bort og fryse til d\u00f8de.<\/p><p>Forstandsfeil og veruhell er dermed to uttrykk for samme brudd p\u00e5 verdensordenen. Denne sammenhengen er vitenskapelig sett dyptgripende, fordi den viser at inuittisk etikk fungerer gjennom klokskapskategorier snarere enn skyldkategorier.<\/p><p>Hos iglulik-folket beskriver Rasmussen et begrep han kaller inuittisk stoisisme: Den rette holdningen i stormen er den t\u00e5lmodige, klare, sila-samstemte utholdenheten, ikke det desperate motangrepet.<\/p><p>Den som g\u00e5r gjennom uveret uten \u00e5 miste sin sila, vil ikke fryse til d\u00f8de. Disiplinen til \u00e5 beherske affektene er religi\u00f8st en form for hengivelse til Sila. Denne affektkontrollen har f\u00e5tt betydelig oppmerksomhet i den etnopsykologiske forskningen.<\/p><p>Denne forbindelsen mellom v\u00e6r, forstand og etisk selvdisiplin har f\u00e5tt stor oppmerksomhet i religionsfilosofien i andre halvdel av 1900-tallet, blant annet i arbeidene til Merkur og diskusjonen om arktisk <span class=\"iwg-fachbegriff\" data-tooltip=\"Et legeml\u00f8st vesen som det tilskrives virkning i verden.\" tabindex=\"0\">\u00e5nde<\/span>-\u00f8kologi hos Tim Ingold.<\/p><p>Den strukturelle n\u00e6rheten til antikke stoiske etikker er p\u00e5fallende, men b\u00f8r ikke f\u00f8re til forhastet identifikasjon, ettersom de kulturhistoriske kontekstene er forskjellige og inuittisk etikk har vokst fram fra en annen historisk situasjon.<\/p>\t\t\t\t\t\t\t\t<\/div>\n\t\t\t\t<\/div>\n\t\t\t\t\t<\/div>\n\t\t\t\t<\/div>\n\t\t<div class=\"elementor-element elementor-element-iwgw-sila-s5 e-flex e-con-boxed e-con e-parent\" data-id=\"iwgw-sila-s5\" data-element_type=\"container\" data-e-type=\"container\">\n\t\t\t\t\t<div class=\"e-con-inner\">\n\t\t\t\t<div class=\"elementor-element elementor-element-iwgw-sila-s5h elementor-widget elementor-widget-heading\" data-id=\"iwgw-sila-s5h\" data-element_type=\"widget\" data-e-type=\"widget\" data-widget_type=\"heading.default\">\n\t\t\t\t\t<h2 class=\"elementor-heading-title elementor-size-default\">Sjamansk praksis og v\u00e6rritual<\/h2>\t\t\t\t<\/div>\n\t\t<div class=\"elementor-element elementor-element-iwgw-sila-s5c e-con-full e-flex e-con e-child\" data-id=\"iwgw-sila-s5c\" data-element_type=\"container\" data-e-type=\"container\">\n\t\t\t\t<div class=\"elementor-element elementor-element-iwgw-sila-s5t elementor-widget elementor-widget-text-editor\" data-id=\"iwgw-sila-s5t\" data-element_type=\"widget\" data-e-type=\"widget\" data-widget_type=\"text-editor.default\">\n\t\t\t\t\t\t\t\t\t<p>Angakkuit, sjamanene, hadde ved siden av reisen til Sedna en annen, mindre dramatisk, men mer hverdagsn\u00e6r oppgave: \u00e5 berolige eller p\u00e5virke v\u00e6ret. Denne praksisen var rettet mot Sila.<\/p><p>Ved truende storm kunne en <span class=\"iwg-fachbegriff\" data-tooltip=\"Religi\u00f8s spesialist som tilskrives evnen til \u00e5 formidle mellom mennesker og \u00e5ndeverdenen.\" tabindex=\"0\">sjaman<\/span> g\u00e5 i transe og p\u00e5kalle Sila, noen ganger ved \u00e5 holde igjen \u00e5ndedrettet, noen ganger ved \u00e5 sl\u00e5 i luften med en pisk av selskinn. Disse praksisene er mindre dramatisk dokumentert enn Sedna-reisene, men de var like betydningsfulle i den religi\u00f8se hverdagspraksisen.<\/p><p>Andre praksiser bestod i \u00e5 tegne sm\u00e5 bilder eller framf\u00f8re gamle ord som ble ansett som Sila-formende. Det avgj\u00f8rende var holdningen: man ba ikke Sila om noe, man innstilte seg riktig i forhold til Sila.<\/p><p>Forskjellen fra den magisk-instrumentelle <span class=\"iwg-fachbegriff\" data-tooltip=\"Et spr\u00e5klig ritual som skal p\u00e5kalle eller binde en makt.\" tabindex=\"0\">besvergelsen<\/span> er vitenskapelig avgj\u00f8rende og skiller inuittisk praksis fra beslektede sibirske tradisjoner, der v\u00e6rbesvergelse ofte var mer konkret og manipulativ utformet.<\/p><p><span class=\"iwg-fachbegriff\" data-tooltip=\"Ulykkeavvergende: om tegn og gjenstander som skal holde skadelige innflytelser borte.\" tabindex=\"0\">Apotropeisk<\/span> arbeidet inuittene ogs\u00e5 med spr\u00e5ket. Bestemte ord om Sila var tabu, andre m\u00e5tte sies. Den som klandret et barn, gjorde det ikke for hardt, fordi Sila kunne registrere det og la v\u00e6ret vende seg mot den som klandret.<\/p><p>Denne fintf\u00f8lende konstellasjonen viser hvordan religi\u00f8s ordning, oppdragelse og v\u00e6rregulering var sammenflettet. Vitenskapelig sett er dette et paradigmatisk eksempel p\u00e5 en gjennomgripende religi\u00f8sitet som ikke er begrenset til rituelle \u00f8yer.<\/p>\t\t\t\t\t\t\t\t<\/div>\n\t\t\t\t<\/div>\n\t\t\t\t\t<\/div>\n\t\t\t\t<\/div>\n\t\t<div class=\"elementor-element elementor-element-iwgw-sila-s6 e-flex e-con-boxed e-con e-parent\" data-id=\"iwgw-sila-s6\" data-element_type=\"container\" data-e-type=\"container\">\n\t\t\t\t\t<div class=\"e-con-inner\">\n\t\t\t\t<div class=\"elementor-element elementor-element-iwgw-sila-s6h elementor-widget elementor-widget-heading\" data-id=\"iwgw-sila-s6h\" data-element_type=\"widget\" data-e-type=\"widget\" data-widget_type=\"heading.default\">\n\t\t\t\t\t<h2 class=\"elementor-heading-title elementor-size-default\">Sila i sammenligning med andre v\u00e6rbegreper<\/h2>\t\t\t\t<\/div>\n\t\t<div class=\"elementor-element elementor-element-iwgw-sila-s6c e-con-full e-flex e-con e-child\" data-id=\"iwgw-sila-s6c\" data-element_type=\"container\" data-e-type=\"container\">\n\t\t\t\t<div class=\"elementor-element elementor-element-iwgw-sila-s6t elementor-widget elementor-widget-text-editor\" data-id=\"iwgw-sila-s6t\" data-element_type=\"widget\" data-e-type=\"widget\" data-widget_type=\"text-editor.default\">\n\t\t\t\t\t\t\t\t\t<p>Vitenskapelig sett er Sila spesiell fordi det verken kan sammenlignes med den mediterrane Zevs-typen eller den indoeuropeiske tordengud-modellen. Det er snarere beslektet med det kinesiske <em><span class=\"iwg-fachbegriff\" data-tooltip=\"I den kinesiske forestillingen den virkende livskraften som str\u00f8mmer gjennom alt.\" tabindex=\"0\">qi<\/span><\/em>, det stoiske <em>pneuma<\/em> og det polynesiske <em>mana<\/em>, men er likevel spesifikt arktisk forankret i jegersamfunnets avhengighet av v\u00e6r. Denne sammenlignbarheten er religionsfenomenologisk fruktbar, men b\u00f8r ikke f\u00f8re til forhastede universalismekonstruksjoner.<\/p><p>Innenfor den sirkumpolare regionen finnes den mest n\u00e6rliggende parallellen i den samiske forestillingen om <em>Ilmaris<\/em> eller i den nenetsiske <em>Num<\/em>, som ogs\u00e5 omfatter v\u00e6r og himmel som et monistisk prinsipp.<\/p><p>Ogs\u00e5 her er personifiseringen svak, mens begrepets rekkevidde er stor. Denne overensstemmelsen antyder et gammelt sirkumpolart lag av religi\u00f8s begrepsdanning, hvis n\u00f8yaktige historie enn\u00e5 ikke er kartlagt.<\/p><p>Broen til europeisk naturfilosofi er trukket flere ganger. Hugh Brody og Tim Ingold har argumentert for at Sila kan leses som en urfolksvariant av et vidtrekkende begrep om det atmosf\u00e6riske, som ogs\u00e5 dukker opp i vestlig fenomenologi hos blant andre Hermann Schmitz og Gernot B\u00f6hme.<\/p><p>Silas religi\u00f8se dybde g\u00e5r imidlertid ut over enhver vestlig atmosf\u00e6refilosofi, fordi den er handlingsrelevant p\u00e5 et vis som g\u00e5r utover det deskriptive.<\/p>\t\t\t\t\t\t\t\t<\/div>\n\t\t\t\t<\/div>\n\t\t\t\t\t<\/div>\n\t\t\t\t<\/div>\n\t\t<div class=\"elementor-element elementor-element-iwgw-sila-s7 e-flex e-con-boxed e-con e-parent\" data-id=\"iwgw-sila-s7\" data-element_type=\"container\" data-e-type=\"container\">\n\t\t\t\t\t<div class=\"e-con-inner\">\n\t\t\t\t<div class=\"elementor-element elementor-element-iwgw-sila-s7h elementor-widget elementor-widget-heading\" data-id=\"iwgw-sila-s7h\" data-element_type=\"widget\" data-e-type=\"widget\" data-widget_type=\"heading.default\">\n\t\t\t\t\t<h2 class=\"elementor-heading-title elementor-size-default\">Sila og klimaendringene<\/h2>\t\t\t\t<\/div>\n\t\t<div class=\"elementor-element elementor-element-iwgw-sila-s7c e-con-full e-flex e-con e-child\" data-id=\"iwgw-sila-s7c\" data-element_type=\"container\" data-e-type=\"container\">\n\t\t\t\t<div class=\"elementor-element elementor-element-iwgw-sila-s7t elementor-widget elementor-widget-text-editor\" data-id=\"iwgw-sila-s7t\" data-element_type=\"widget\" data-e-type=\"widget\" data-widget_type=\"text-editor.default\">\n\t\t\t\t\t\t\t\t\t<p>Siden 1990-tallet har Sila blitt et sentralt begrep i inuittenes klimadiskurs. Inuit-eldste, blant annet i rapportene fra Inuit Tapiriit Kanatami og Inuit Circumpolar Council, beskriver klimaendringene f\u00f8rst og fremst som et tap av forutsigbarhet i Sila, snarere enn som en temperaturstigning. V\u00e6ret blir uforutsigbart, noe som samtidig betyr at det ikke lenger stemmer med den overleverte fornuften.<\/p><p>Vitenskapelig sett er dette bemerkelsesverdig, fordi et tradisjonelt religi\u00f8st begrep blir spr\u00e5ket for den \u00f8kologiske krisen, uten \u00e5 ende i en fundamentalistisk restitusjon. Forskeren Sheila Watt-Cloutier har i <em>The Right to Be Cold<\/em> brukt Sila som et oversettelsesbegrep i den folkerettslige klimadebatten, og har med det vist hvordan urfolks religi\u00f8se begreper kan bli globalt politisk virkningsfulle.<\/p><p>Denne aktualiteten viser at Sila ikke er et forgangent religionsfenomen, men et levende begrep i stadig forandring. Den inuittiske l\u00e6ren om v\u00e6retikk m\u00f8ter her globale vitenskapelige og politiske diskurser, uten \u00e5 miste sin egen dybde.<\/p><p>Vitenskapelig sett er dette et paradigmatisk eksempel p\u00e5 hvordan tradisjonelle begreper aktiveres i dagens globale diskurser, med metodisk betydning som g\u00e5r langt utover inuit-tradisjonen.<\/p>\t\t\t\t\t\t\t\t<\/div>\n\t\t\t\t<\/div>\n\t\t\t\t\t<\/div>\n\t\t\t\t<\/div>\n\t\t<div class=\"elementor-element elementor-element-iwgw-sila-s8 e-flex e-con-boxed e-con e-parent\" data-id=\"iwgw-sila-s8\" data-element_type=\"container\" data-e-type=\"container\">\n\t\t\t\t\t<div class=\"e-con-inner\">\n\t\t\t\t<div class=\"elementor-element elementor-element-iwgw-sila-s8h elementor-widget elementor-widget-heading\" data-id=\"iwgw-sila-s8h\" data-element_type=\"widget\" data-e-type=\"widget\" data-widget_type=\"heading.default\">\n\t\t\t\t\t<h2 class=\"elementor-heading-title elementor-size-default\">Forskningshistorie og resepsjon<\/h2>\t\t\t\t<\/div>\n\t\t<div class=\"elementor-element elementor-element-iwgw-sila-s8c e-con-full e-flex e-con e-child\" data-id=\"iwgw-sila-s8c\" data-element_type=\"container\" data-e-type=\"container\">\n\t\t\t\t<div class=\"elementor-element elementor-element-iwgw-sila-s8t elementor-widget elementor-widget-text-editor\" data-id=\"iwgw-sila-s8t\" data-element_type=\"widget\" data-e-type=\"widget\" data-widget_type=\"text-editor.default\">\n\t\t\t\t\t\t\t\t\t<p>Forskningen p\u00e5 Sila har g\u00e5tt gjennom tre faser. F\u00f8rst dokumenterte polarforskerne fra slutten av 1800-tallet og begynnelsen av 1900-tallet begrepet fragmentarisk (Boas, Rink, Birket-Smith). Rasmussen la i 1929 grunnlaget som forble uomtvistet i flere ti\u00e5r. Daniel Merkur og Mircea Eliade bygde deretter den vitenskapelige syntesen som var <span class=\"iwg-fachbegriff\" data-tooltip=\"Tilh\u00f8rende den offisielt anerkjente skriftsamlingen i en religion.\" tabindex=\"0\">kanonisk<\/span> i andre halvdel av 1900-tallet.<\/p><p>Siden 1990-tallet har Fr\u00e9d\u00e9ric Laugrand og Jarich Oosten arbeidet med en mer n\u00f8yaktig regional differensiering av Sila-begrepet. De viser at Iglulik, Netsilik, Baffin og Gr\u00f8nland utvikler lett forskjellige konnotasjoner, uten at grunnstrukturen l\u00f8ses opp.<\/p><p>En fjerde fase markerer den \u00f8kologiske og politiske aktualiseringen fra 2000-tallet og fremover, der inuittiske forfattere selv publiserer om Sila og med det endrer forskningssituasjonen p\u00e5 avgj\u00f8rende vis.<\/p><p>Innenfor det inuittiske kulturomr\u00e5det selv har Sila f\u00e5tt innpass i skole- og h\u00f8yere utdanning. Formidlingen av begrepet til den yngre generasjonen er i dag en del av en bevisst bevaring av spr\u00e5k og kunnskap, som f\u00f8lges vitenskapelig, men ikke erstattes av den.<\/p><p>Denne dobbeltheten mellom det urfolkslige kunnskapsfellesskapet og den akademiske forskningen er religionsfenomenologisk et eget punkt, og et eksempel p\u00e5 den postkoloniale nyformateringen av <span class=\"iwg-fachbegriff\" data-tooltip=\"Vitenskapen som studerer religioner sammenlignende og uten trosbinding.\" tabindex=\"0\">religionsvitenskapen<\/span>.<\/p>\t\t\t\t\t\t\t\t<\/div>\n\t\t\t\t<\/div>\n\t\t\t\t\t<\/div>\n\t\t\t\t<\/div>\n\t\t<div class=\"elementor-element elementor-element-iwgw-sila-s9 e-flex e-con-boxed e-con e-parent\" data-id=\"iwgw-sila-s9\" data-element_type=\"container\" data-e-type=\"container\">\n\t\t\t\t\t<div class=\"e-con-inner\">\n\t\t\t\t<div class=\"elementor-element elementor-element-iwgw-sila-s9h elementor-widget elementor-widget-heading\" data-id=\"iwgw-sila-s9h\" data-element_type=\"widget\" data-e-type=\"widget\" data-widget_type=\"heading.default\">\n\t\t\t\t\t<h2 class=\"elementor-heading-title elementor-size-default\">Kryssreferanser i inuitt-leksikonet<\/h2>\t\t\t\t<\/div>\n\t\t<div class=\"elementor-element elementor-element-iwgw-sila-s9c e-con-full e-flex e-con e-child\" data-id=\"iwgw-sila-s9c\" data-element_type=\"container\" data-e-type=\"container\">\n\t\t\t\t<div class=\"elementor-element elementor-element-iwgw-sila-s9t elementor-widget elementor-widget-text-editor\" data-id=\"iwgw-sila-s9t\" data-element_type=\"widget\" data-e-type=\"widget\" data-widget_type=\"text-editor.default\">\n\t\t\t\t\t\t\t\t\t<p>Den som vil fordype seg i Silas sammenveving med andre instanser, finner i leksikonet oppslagene om <a href=\"https:\/\/iwell-guard.com\/no\/?page_id=141213\">Sedna<\/a>, <a href=\"https:\/\/iwell-guard.com\/no\/?page_id=141220\">Igaluk<\/a>, <a href=\"https:\/\/iwell-guard.com\/no\/?page_id=141218\">Pinga<\/a>, <a href=\"https:\/\/iwell-guard.com\/no\/?page_id=141215\">Tornarssuk<\/a>, <a href=\"https:\/\/iwell-guard.com\/no\/?page_id=141219\">Nanook<\/a>, <a href=\"https:\/\/iwell-guard.com\/no\/?page_id=141216\">Tupilak<\/a>, <a href=\"https:\/\/iwell-guard.com\/no\/?page_id=141217\">Anguta<\/a>, <a href=\"https:\/\/iwell-guard.com\/no\/?page_id=141221\">Malina<\/a> og <a href=\"https:\/\/iwell-guard.com\/no\/?page_id=141222\">Qailertetang<\/a>. Overordnet rammer kulturhuben <a href=\"https:\/\/iwell-guard.com\/no\/?page_id=141131\">Inuitt-tradisjon<\/a> den religi\u00f8se topografien i den sentrale Arktis.<\/p><p>Den som vil forst\u00e5 Sila i en videre sirkumpolar sammenheng, finner viktige paralleller i de <a href=\"https:\/\/iwell-guard.com\/no\/?page_id=141133\">samiske<\/a> v\u00e6r- og atmosf\u00e6rebegrepene, s\u00e6rlig i Beaivi-Sara-konstellasjonen.<\/p>\t\t\t\t\t\t\t\t<\/div>\n\t\t\t\t<\/div>\n\t\t\t\t\t<\/div>\n\t\t\t\t<\/div>\n\t\t<div class=\"elementor-element elementor-element-cp2cd38ede e-flex e-con-boxed e-con e-parent\" data-id=\"cp2cd38ede\" data-element_type=\"container\" data-e-type=\"container\">\n\t\t\t\t\t<div class=\"e-con-inner\">\n\t\t\t\t<div class=\"elementor-element elementor-element-cp20442d65 elementor-widget elementor-widget-heading\" data-id=\"cp20442d65\" data-element_type=\"widget\" data-e-type=\"widget\" data-widget_type=\"heading.default\">\n\t\t\t\t\t<h2 class=\"elementor-heading-title elementor-size-default\">Luft, forstand og v\u00e6r: vanskeligheten med \u00e5 oversette Sila<\/h2>\t\t\t\t<\/div>\n\t\t<div class=\"elementor-element elementor-element-cp2b5f2985 e-flex e-con-boxed e-con e-child\" data-id=\"cp2b5f2985\" data-element_type=\"container\" data-e-type=\"container\">\n\t\t\t\t\t<div class=\"e-con-inner\">\n\t\t\t\t<div class=\"elementor-element elementor-element-cp266dd50f elementor-widget elementor-widget-text-editor\" data-id=\"cp266dd50f\" data-element_type=\"widget\" data-e-type=\"widget\" data-widget_type=\"text-editor.default\">\n\t\t\t\t\t\t\t\t\t<p>Begrepet <em>Sila<\/em>, som er dokumentert i ulike skrivem\u00e5ter som <em>Silap Inua<\/em> eller <em>Sila Inua<\/em>, h\u00f8rer til forestillingene i inuittiske tradisjoner som er s\u00e6rlig vanskelige \u00e5 innordne i vestlige oversettelseskategorier. Ordet dekker et betydningsfelt som p\u00e5 norsk fordeler seg p\u00e5 flere ulike begreper.<\/p><p><em>Sila<\/em> kan betegne den ytre verden i betydningen v\u00e6r og klima, det kan bety luft og himmel, og det kan samtidig bety forstand, fornuft eller bevissthet. Et barn som begynner \u00e5 bli fornuftig, kan beskrives med en vending som inneholder Sila.<\/p><p>Denne betydningsbredden er ikke en svakhet i spr\u00e5ket, men uttrykk for en annen m\u00e5te \u00e5 dele opp verden p\u00e5. Sila forbinder det omfattende der ute med forst\u00e5elsen der inne. Forestillingen om <em>Silap Inua<\/em>, Inua eller eieren av Sila, tenker denne forbindelsen som en personifisert makt.<\/p><p>Inua, ofte oversatt med eier eller innbygger, betegner i inuittiske tradisjoner den bebodde personen i et sted, et dyr eller en fremtoning. Silap Inua er alts\u00e5 den personifiserte innsiden av hele den omgivende ordenen, ikke en v\u00e6rgud i europeisk forstand.<\/p><p>Knud Rasmussen, som under den femte Thule-ekspedisjonen skrev ned samtaler med sjamaner, har dokumentert enkelte uttalelser der Sila fremst\u00e5r som en stor, ugripelig makt som ikke kan tiltales med vanlige ord, og som gir seg til kjenne gjennom v\u00e6ret, gjennom storm og gjennom dyrenes oppf\u00f8rsel.<\/p><p>Rasmussens gjengivelser er verdifulle, men de er oversettelser av oversettelser, formidlet gjennom tolker og gjennom hans egen s\u00f8ken etter en fattbar <span class=\"iwg-fachbegriff\" data-tooltip=\"Den vitenskapelige l\u00e6ren om Gud og om troen i en religion.\" tabindex=\"0\">teologi<\/span>. Noen forskere antar at den lukkede formen Sila f\u00e5r i deler av sekund\u00e6rlitteraturen som en h\u00f8ygud, delvis er en effekt av denne nedskrivningssituasjonen.<\/p><p>For en n\u00f8yaktig fremstilling f\u00f8lger det to ting av dette. F\u00f8rst b\u00f8r Sila ikke for raskt reduseres til en v\u00e6rgud, for da ville forbindelsen til forstand og livsordning g\u00e5 tapt, en forbindelse som er vesentlig for den inuittiske forestillingen.<\/p><p>For det andre m\u00e5 den koloniale formidlingen alltid tas med i betraktningen n\u00e5r man sier noe om Sila. Kildene er f\u00e5, vanskelige \u00e5 kontrollere fordi de er enspr\u00e5klige, og fargelagt av samlernes interesse for et ordnet religi\u00f8st system.<\/p>\t\t\t\t\t\t\t\t<\/div>\n\t\t\t\t\t<\/div>\n\t\t\t\t<\/div>\n\t\t\t\t\t<\/div>\n\t\t\t\t<\/div>\n\t\t<div class=\"elementor-element elementor-element-iwgw-sila-lit e-flex e-con-boxed e-con e-parent\" data-id=\"iwgw-sila-lit\" data-element_type=\"container\" data-e-type=\"container\">\n\t\t\t\t\t<div class=\"e-con-inner\">\n\t\t\t\t<div class=\"elementor-element elementor-element-iwgw-sila-lith elementor-widget elementor-widget-heading\" data-id=\"iwgw-sila-lith\" data-element_type=\"widget\" data-e-type=\"widget\" data-widget_type=\"heading.default\">\n\t\t\t\t\t<h2 class=\"elementor-heading-title elementor-size-default\">Litteratur (utvalg)<\/h2>\t\t\t\t<\/div>\n\t\t<div class=\"elementor-element elementor-element-iwgw-sila-litc e-con-full e-flex e-con e-child\" data-id=\"iwgw-sila-litc\" data-element_type=\"container\" data-e-type=\"container\">\n\t\t\t\t<div class=\"elementor-element elementor-element-iwgw-sila-litt elementor-widget elementor-widget-text-editor\" data-id=\"iwgw-sila-litt\" data-element_type=\"widget\" data-e-type=\"widget\" data-widget_type=\"text-editor.default\">\n\t\t\t\t\t\t\t\t\t<ul><li>Knud Rasmussen: <em>Intellectual Culture of the Iglulik Eskimos<\/em> (Kopenhagen 1929)<\/li><li>Daniel Merkur: <em>Powers Which We Do Not Know<\/em> (Moscow ID 1991)<\/li><li>Fr\u00e9d\u00e9ric Laugrand og Jarich Oosten: <em>Inuit Shamanism and Christianity<\/em> (Montreal 2010)<\/li><li>Hinrich Rink: <em>Tales and Traditions of the Eskimo<\/em> (Edinburgh 1875)<\/li><li>Sheila Watt-Cloutier: <em>The Right to Be Cold<\/em> (Toronto 2015)<\/li><li>Tim Ingold: <em>The Perception of the Environment<\/em> (London 2000)<\/li><\/ul>\t\t\t\t\t\t\t\t<\/div>\n\t\t\t\t<\/div>\n\t\t\t\t\t<\/div>\n\t\t\t\t<\/div>\n\t\t<div class=\"elementor-element elementor-element-iwgw-sila-kwd e-flex e-con-boxed e-con e-parent\" data-id=\"iwgw-sila-kwd\" data-element_type=\"container\" data-e-type=\"container\">\n\t\t\t\t\t<div class=\"e-con-inner\">\n\t\t<div class=\"elementor-element elementor-element-iwgw-sila-kwdc e-con-full e-flex e-con e-child\" data-id=\"iwgw-sila-kwdc\" data-element_type=\"container\" data-e-type=\"container\">\n\t\t\t\t<div class=\"elementor-element elementor-element-iwgw-sila-kwdt elementor-widget elementor-widget-text-editor\" data-id=\"iwgw-sila-kwdt\" data-element_type=\"widget\" data-e-type=\"widget\" data-widget_type=\"text-editor.default\">\n\t\t\t\t\t\t\t\t\t<p><em>Relaterte n\u00f8kkelbegreper: Sila Silap Inua Verdens\u00e5nde V\u00e6rprinsipp Inuittisk fornuft Pittailiniq Iglulik.<\/em><\/p>\t\t\t\t\t\t\t\t<\/div>\n\t\t\t\t<\/div>\n\t\t\t\t\t<\/div>\n\t\t\t\t<\/div>\n\t\t<div class=\"elementor-element elementor-element-iwgw-sila-cc e-flex e-con-boxed e-con e-parent\" data-id=\"iwgw-sila-cc\" data-element_type=\"container\" data-e-type=\"container\" id=\"iwg-cc-sila\">\n\t\t\t\t\t<div class=\"e-con-inner\">\n\t\t<div class=\"elementor-element elementor-element-iwgw-sila-ccinner e-flex e-con-boxed e-con e-parent\" data-id=\"iwgw-sila-ccinner\" data-element_type=\"container\" data-e-type=\"container\" data-settings=\"{&quot;background_background&quot;:&quot;classic&quot;}\">\n\t\t\t\t\t<div class=\"e-con-inner\">\n\t\t\t\t<div class=\"elementor-element elementor-element-iwgw-sila-cch elementor-widget elementor-widget-heading\" data-id=\"iwgw-sila-cch\" data-element_type=\"widget\" data-e-type=\"widget\" data-widget_type=\"heading.default\">\n\t\t\t\t\t<h2 class=\"elementor-heading-title elementor-size-default\">iWell Guard og beskyttelsestradisjoner<\/h2>\t\t\t\t<\/div>\n\t\t\t\t<div class=\"elementor-element elementor-element-iwgw-sila-cct elementor-widget elementor-widget-text-editor\" data-id=\"iwgw-sila-cct\" data-element_type=\"widget\" data-e-type=\"widget\" data-widget_type=\"text-editor.default\">\n\t\t\t\t\t\t\t\t\t<div data-nosnippet=\"true\"><p>iWell Guard bygger videre p\u00e5 den kulturhistoriske tradisjonen med b\u00e6rbare beskyttelsesobjekter, i tradisjonen fra <a href=\"https:\/\/iwell-guard.com\/no\/?page_id=141131\">inuitter<\/a> og mange andre kulturer verden over. 41 lag, ekte gull, platina, s\u00f8lv, produsert i Tyskland. 30 dagers returrett.<\/p><\/div>\t\t\t\t\t\t\t\t<\/div>\n\t\t\t\t<div class=\"elementor-element elementor-element-iwgw-sila-ccb iwg-cc-button iwg-cc-cta-2026-05-13 elementor-widget elementor-widget-jet-button\" data-id=\"iwgw-sila-ccb\" data-element_type=\"widget\" data-e-type=\"widget\" data-widget_type=\"jet-button.default\">\n\t\t\t\t<div class=\"elementor-widget-container\">\n\t\t\t\t\t<div class=\"elementor-jet-button jet-elements\"><div class=\"jet-button__container\"><a class=\"jet-button__instance jet-button__instance--icon-left hover-effect-1\" href=\"\/ueber-iwell-guard\/?utm_source=iwell-guard.com&amp;utm_medium=info-box&amp;utm_campaign=wesen-tradition\"><div class=\"jet-button__plane jet-button__plane-normal\"><\/div><div class=\"jet-button__plane jet-button__plane-hover\"><\/div><div class=\"jet-button__state jet-button__state-normal\"><span class=\"jet-button__label\">Mer om iWell Guard<\/span><\/div><div class=\"jet-button__state jet-button__state-hover\"><span class=\"jet-button__label\">Mer om iWell Guard<\/span><\/div><\/a><\/div><\/div><style>.elementor-element.elementor-element-iwgw-sila-ccb .jet-button__instance{width:320px;height:56px;}.elementor-element.elementor-element-iwgw-sila-ccb .jet-button__state-normal .jet-button__label{text-align:center;margin:0px 0px 0px 0px;color:#1a1b20;font-family:Montserrat,sans-serif;font-size:13px;font-weight:400;letter-spacing:4px;line-height:1.714em;text-transform:uppercase;}.elementor-element.elementor-element-iwgw-sila-ccb .jet-button__state-hover .jet-button__label{text-align:center;margin:0px 0px 0px 0px;color:#FECC76;font-family:Montserrat,sans-serif;font-size:13px;font-weight:400;letter-spacing:4px;line-height:1.714em;text-transform:uppercase;}.elementor-element.elementor-element-iwgw-sila-ccb .jet-button__plane-normal{background-color:#FECC76;border-style:solid;border-color:#C99540;border-width:2px 2px 2px 2px;}.elementor-element.elementor-element-iwgw-sila-ccb .jet-button__plane-hover{background-color:rgba(0,0,0,0.55);border-style:solid;border-color:#FECC76;border-width:2px 2px 2px 2px;}<\/style>\t\t\t\t<\/div>\n\t\t\t\t<\/div>\n\t\t\t\t<div class=\"elementor-element elementor-element-iwgw-sila-ccd elementor-widget elementor-widget-text-editor\" data-id=\"iwgw-sila-ccd\" data-element_type=\"widget\" data-e-type=\"widget\" data-widget_type=\"text-editor.default\">\n\t\t\t\t\t\t\t\t\t<div data-nosnippet=\"true\"><p style=\"text-align:center;font-size:13px;opacity:0.7;margin-top:14px\" data-nosnippet=\"true\">Personlige erfaringer kan variere. Ikke et medisinsk produkt. Ingen garanti for helbredelse.<\/p><\/div>\t\t\t\t\t\t\t\t<\/div>\n\t\t\t\t\t<\/div>\n\t\t\t\t<\/div>\n\t\t\t\t\t<\/div>\n\t\t\t\t<\/div>\n\t\t<div class=\"elementor-element elementor-element-iwgw-sila-disc e-flex e-con-boxed e-con e-parent\" data-id=\"iwgw-sila-disc\" data-element_type=\"container\" data-e-type=\"container\">\n\t\t\t\t\t<div class=\"e-con-inner\">\n\t\t\t\t<div class=\"elementor-element elementor-element-iwgw-sila-discw elementor-widget elementor-widget-html\" data-id=\"iwgw-sila-discw\" data-element_type=\"widget\" data-e-type=\"widget\" data-widget_type=\"html.default\">\n\t\t\t\t\t<footer data-nosnippet=\"true\" class=\"iwg-disclaimer-block\"><p data-nosnippet=\"true\">iWell Guard er <strong>ikke et medisinsk produkt<\/strong> og erstatter ingen medisinsk eller psykoterapeutisk behandling. Det religionsvitenskapelige innholdet er kulturhistorisk plassering, ikke en anbefaling om spirituell praksis.<\/p><\/footer>\t\t\t\t<\/div>\n\t\t\t\t\t<\/div>\n\t\t\t\t<\/div>\n\t\t\t\t<\/div>\n\t\t","protected":false},"excerpt":{"rendered":"","protected":false},"author":3,"featured_media":2879,"parent":0,"menu_order":0,"comment_status":"closed","ping_status":"closed","template":"elementor_header_footer","meta":{"_yoast_wpseo_focuskw":"Sila inuittisk verdens\u00e5nde","_yoast_wpseo_title":"Sila - Verdens\u00e5nde hos inuittene, v\u00e6r og fornuft","_yoast_wpseo_metadesc":"Sila er det arktiske verdensprinsippet for v\u00e6r, luft og fornuft. Religionsvitenskapelig innf\u00f8ring med myte, sjamanpraksis, kilder og tabu.","_yoast_wpseo_meta-robots-noindex":"","_yoast_wpseo_canonical":"","_angie_page":false,"gefaehrdungsstufe":"2","wesen_kultur":"inuit","wesen_klasse":"geister","footnotes":""},"categories":[],"class_list":["post-141214","page","type-page","status-publish","has-post-thumbnail","hentry"],"yoast_head":"<!-- This site is optimized with the Yoast SEO Premium plugin v27.7 (Yoast SEO v28.3) - https:\/\/yoast.com\/product\/yoast-seo-premium-wordpress\/ -->\n<title>Sila - Verdens\u00e5nde hos inuittene, v\u00e6r og fornuft<\/title>\n<meta name=\"description\" content=\"Sila er det arktiske verdensprinsippet for v\u00e6r, luft og fornuft. Religionsvitenskapelig innf\u00f8ring med myte, sjamanpraksis, kilder og tabu.\" \/>\n<meta name=\"robots\" content=\"index, follow, max-snippet:-1, max-image-preview:large, max-video-preview:-1\" \/>\n<link rel=\"canonical\" href=\"https:\/\/iwell-guard.com\/no\/sila-verdensande-vaerherre-inuitter\/\" \/>\n<meta property=\"og:locale\" content=\"nb_NO\" \/>\n<meta property=\"og:type\" content=\"article\" \/>\n<meta property=\"og:title\" content=\"Sila - Verdens\u00e5nde og v\u00e6rherre hos inuittene\" \/>\n<meta property=\"og:description\" content=\"Sila er det arktiske verdensprinsippet for v\u00e6r, luft og fornuft. Religionsvitenskapelig innf\u00f8ring med myte, sjamanpraksis, kilder og tabu.\" \/>\n<meta property=\"og:url\" content=\"https:\/\/iwell-guard.com\/no\/sila-verdensande-vaerherre-inuitter\/\" \/>\n<meta property=\"og:site_name\" content=\"iWell Guard\" \/>\n<meta property=\"article:modified_time\" content=\"2026-09-03T09:45:17+00:00\" \/>\n<meta property=\"og:image\" content=\"https:\/\/iwell-guard.com\/wp-content\/uploads\/2026\/05\/geister_inuit_sila.webp\" \/>\n\t<meta property=\"og:image:width\" content=\"1024\" \/>\n\t<meta property=\"og:image:height\" content=\"1536\" \/>\n\t<meta property=\"og:image:type\" content=\"image\/webp\" \/>\n<meta name=\"twitter:card\" content=\"summary_large_image\" \/>\n<script type=\"application\/ld+json\" class=\"yoast-schema-graph\">{\"@context\":\"https:\\\/\\\/schema.org\",\"@graph\":[{\"@type\":\"WebPage\",\"@id\":\"https:\\\/\\\/iwell-guard.com\\\/no\\\/sila-verdensande-vaerherre-inuitter\\\/\",\"url\":\"https:\\\/\\\/iwell-guard.com\\\/no\\\/sila-verdensande-vaerherre-inuitter\\\/\",\"name\":\"Sila - Verdens\u00e5nde hos inuittene, v\u00e6r og fornuft\",\"isPartOf\":{\"@id\":\"https:\\\/\\\/iwell-guard.com\\\/no\\\/#website\"},\"primaryImageOfPage\":{\"@id\":\"https:\\\/\\\/iwell-guard.com\\\/no\\\/sila-verdensande-vaerherre-inuitter\\\/#primaryimage\"},\"image\":{\"@id\":\"https:\\\/\\\/iwell-guard.com\\\/no\\\/sila-verdensande-vaerherre-inuitter\\\/#primaryimage\"},\"thumbnailUrl\":\"https:\\\/\\\/iwell-guard.com\\\/wp-content\\\/uploads\\\/2026\\\/05\\\/geister_inuit_sila.webp\",\"datePublished\":\"2026-09-03T09:17:52+00:00\",\"dateModified\":\"2026-09-03T09:45:17+00:00\",\"description\":\"Sila er det arktiske verdensprinsippet for v\u00e6r, luft og fornuft. Religionsvitenskapelig innf\u00f8ring med myte, sjamanpraksis, kilder og tabu.\",\"breadcrumb\":{\"@id\":\"https:\\\/\\\/iwell-guard.com\\\/no\\\/sila-verdensande-vaerherre-inuitter\\\/#breadcrumb\"},\"inLanguage\":\"nb-NO\",\"potentialAction\":[{\"@type\":\"ReadAction\",\"target\":[\"https:\\\/\\\/iwell-guard.com\\\/no\\\/sila-verdensande-vaerherre-inuitter\\\/\"]}]},{\"@type\":\"ImageObject\",\"inLanguage\":\"nb-NO\",\"@id\":\"https:\\\/\\\/iwell-guard.com\\\/no\\\/sila-verdensande-vaerherre-inuitter\\\/#primaryimage\",\"url\":\"https:\\\/\\\/iwell-guard.com\\\/wp-content\\\/uploads\\\/2026\\\/05\\\/geister_inuit_sila.webp\",\"contentUrl\":\"https:\\\/\\\/iwell-guard.com\\\/wp-content\\\/uploads\\\/2026\\\/05\\\/geister_inuit_sila.webp\",\"width\":1024,\"height\":1536,\"caption\":\"\u00c5nder fra inuittisk tradisjon.\"},{\"@type\":\"BreadcrumbList\",\"@id\":\"https:\\\/\\\/iwell-guard.com\\\/no\\\/sila-verdensande-vaerherre-inuitter\\\/#breadcrumb\",\"itemListElement\":[{\"@type\":\"ListItem\",\"position\":1,\"name\":\"Start\",\"item\":\"https:\\\/\\\/iwell-guard.com\\\/no\\\/?page_id=140795\"},{\"@type\":\"ListItem\",\"position\":2,\"name\":\"Sila &#8211; Verdens\u00e5nde og v\u00e6rherre hos inuittene\"}]},{\"@type\":\"WebSite\",\"@id\":\"https:\\\/\\\/iwell-guard.com\\\/no\\\/#website\",\"url\":\"https:\\\/\\\/iwell-guard.com\\\/no\\\/\",\"name\":\"iWell Guard\",\"description\":\"Schutz vor dunklen Einfl\u00fcssen\",\"publisher\":{\"@id\":\"https:\\\/\\\/iwell-guard.com\\\/no\\\/#organization\"},\"potentialAction\":[{\"@type\":\"SearchAction\",\"target\":{\"@type\":\"EntryPoint\",\"urlTemplate\":\"https:\\\/\\\/iwell-guard.com\\\/no\\\/?s={search_term_string}\"},\"query-input\":{\"@type\":\"PropertyValueSpecification\",\"valueRequired\":true,\"valueName\":\"search_term_string\"}}],\"inLanguage\":\"nb-NO\"},{\"@type\":\"Organization\",\"@id\":\"https:\\\/\\\/iwell-guard.com\\\/no\\\/#organization\",\"name\":\"Ittermann electronic GmbH\",\"url\":\"https:\\\/\\\/iwell-guard.com\\\/no\\\/\",\"logo\":{\"@type\":\"ImageObject\",\"inLanguage\":\"nb-NO\",\"@id\":\"https:\\\/\\\/iwell-guard.com\\\/no\\\/#\\\/schema\\\/logo\\\/image\\\/\",\"url\":\"https:\\\/\\\/iwell-guard.com\\\/wp-content\\\/uploads\\\/2026\\\/05\\\/Ittermann-Logo-1182x237-1.png\",\"contentUrl\":\"https:\\\/\\\/iwell-guard.com\\\/wp-content\\\/uploads\\\/2026\\\/05\\\/Ittermann-Logo-1182x237-1.png\",\"width\":1182,\"height\":237,\"caption\":\"Ittermann electronic GmbH\"},\"image\":{\"@id\":\"https:\\\/\\\/iwell-guard.com\\\/no\\\/#\\\/schema\\\/logo\\\/image\\\/\"},\"sameAs\":[\"https:\\\/\\\/pantip.com\\\/profile\\\/9367242\",\"https:\\\/\\\/micro.blog\\\/iwellguard\",\"https:\\\/\\\/www.diggerslist.com\\\/iwellguard\\\/about\",\"https:\\\/\\\/skitterphoto.com\\\/photographers\\\/2870314\\\/iwell-guard\",\"https:\\\/\\\/iwellguard.wordpress.com\\\/2026\\\/06\\\/06\\\/iwell-guard\\\/\",\"https:\\\/\\\/hub.docker.com\\\/u\\\/iwellguard\",\"https:\\\/\\\/www.pinterest.com\\\/iwellguard\\\/\",\"https:\\\/\\\/bit.ly\\\/m\\\/iwellguard\",\"https:\\\/\\\/entre-vos-mains.alsace.eu\\\/profiles\\\/iwellguard\\\/activity\",\"https:\\\/\\\/gravatar.com\\\/reallybeded8fd34\",\"https:\\\/\\\/naijamatta.com\\\/iwellguard\",\"https:\\\/\\\/www.goodreads.com\\\/iwellguard\",\"https:\\\/\\\/profile.hatena.ne.jp\\\/iwellguard\\\/\",\"https:\\\/\\\/experiment.com\\\/users\\\/iwellguard\",\"https:\\\/\\\/wakelet.com\\\/@iWellGuard82270\",\"https:\\\/\\\/www.chordie.com\\\/forum\\\/profile.php?id=2555664\",\"https:\\\/\\\/www.instapaper.com\\\/p\\\/17757966\",\"https:\\\/\\\/www.mapleprimes.com\\\/users\\\/iwellguard\",\"https:\\\/\\\/businesslistingplus.com\\\/profile\\\/iwell-guard\\\/\",\"https:\\\/\\\/telegra.ph\\\/iWell-Guard-06-06\",\"https:\\\/\\\/pbase.com\\\/iwellguard\\\/iwellguard\",\"https:\\\/\\\/b.hatena.ne.jp\\\/iwellguard\\\/20260607#bookmark-4788405196491818882\",\"https:\\\/\\\/fliphtml5.com\\\/home\\\/iwellguard\",\"https:\\\/\\\/anyflip.com\\\/homepage\\\/cmiwl#About\",\"https:\\\/\\\/transfur.com\\\/Users\\\/iwellguard\",\"http:\\\/\\\/delphi.larsbo.org\\\/user\\\/iwellguard\",\"https:\\\/\\\/jobs.lajobsportal.org\\\/profiles\\\/8380803-iwell-guard\",\"https:\\\/\\\/md.chaosdorf.de\\\/s\\\/jfbe5SBdJD\",\"https:\\\/\\\/www.lingvolive.com\\\/en-us\\\/profile\\\/9ecaeaca-ce11-4e51-9e71-01d55e2bff36\\\/translations\",\"https:\\\/\\\/www.fitday.com\\\/fitness\\\/forums\\\/members\\\/iwellguard.html\",\"https:\\\/\\\/www.mymeetbook.com\\\/iwellguard\",\"https:\\\/\\\/pxhere.com\\\/en\\\/photographer-me\\\/5040798\",\"https:\\\/\\\/disqus.com\\\/by\\\/iwellguard\\\/about\\\/\",\"https:\\\/\\\/pastelink.net\\\/hjwciqwq\",\"https:\\\/\\\/pubhtml5.com\\\/homepage\\\/scjhn\\\/\",\"https:\\\/\\\/www.bitchute.com\\\/channel\\\/2O2eOKzNqujT\",\"https:\\\/\\\/audiomack.com\\\/iwellguard\"]},{\"@type\":\"Article\",\"@id\":\"https:\\\/\\\/iwell-guard.com\\\/no\\\/sila-verdensande-vaerherre-inuitter\\\/#article\",\"isPartOf\":{\"@id\":\"https:\\\/\\\/iwell-guard.com\\\/no\\\/sila-verdensande-vaerherre-inuitter\\\/\"},\"author\":{\"name\":\"Ralf Ittermann\",\"@id\":\"https:\\\/\\\/iwell-guard.com\\\/no\\\/#\\\/schema\\\/person\\\/ee2a27f1cac3406c7c6fb5820cb7349f\"},\"headline\":\"Sila &#8211; Verdens\u00e5nde og v\u00e6rherre hos inuittene\",\"datePublished\":\"2026-09-03T09:17:52+00:00\",\"dateModified\":\"2026-09-03T09:45:17+00:00\",\"mainEntityOfPage\":{\"@id\":\"https:\\\/\\\/iwell-guard.com\\\/no\\\/sila-verdensande-vaerherre-inuitter\\\/\"},\"publisher\":{\"@id\":\"https:\\\/\\\/iwell-guard.com\\\/no\\\/#organization\"},\"image\":{\"@id\":\"https:\\\/\\\/iwell-guard.com\\\/no\\\/sila-verdensande-vaerherre-inuitter\\\/#primaryimage\"},\"thumbnailUrl\":\"https:\\\/\\\/iwell-guard.com\\\/wp-content\\\/uploads\\\/2026\\\/05\\\/geister_inuit_sila.webp\",\"inLanguage\":\"nb-NO\",\"description\":\"Sila er det arktiske verdensprinsippet for v\u00e6r, luft og fornuft. Religionsvitenskapelig innf\u00f8ring med myte, sjamanpraksis, kilder og tabu.\"}]}<\/script>\n<!-- \/ Yoast SEO Premium plugin. -->","yoast_head_json":{"title":"Sila - Verdens\u00e5nde hos inuittene, v\u00e6r og fornuft","description":"Sila er det arktiske verdensprinsippet for v\u00e6r, luft og fornuft. Religionsvitenskapelig innf\u00f8ring med myte, sjamanpraksis, kilder og tabu.","robots":{"index":"index","follow":"follow","max-snippet":"max-snippet:-1","max-image-preview":"max-image-preview:large","max-video-preview":"max-video-preview:-1"},"canonical":"https:\/\/iwell-guard.com\/no\/sila-verdensande-vaerherre-inuitter\/","og_locale":"nb_NO","og_type":"article","og_title":"Sila - Verdens\u00e5nde og v\u00e6rherre hos inuittene","og_description":"Sila er det arktiske verdensprinsippet for v\u00e6r, luft og fornuft. Religionsvitenskapelig innf\u00f8ring med myte, sjamanpraksis, kilder og tabu.","og_url":"https:\/\/iwell-guard.com\/no\/sila-verdensande-vaerherre-inuitter\/","og_site_name":"iWell Guard","article_modified_time":"2026-09-03T09:45:17+00:00","og_image":[{"width":1024,"height":1536,"url":"https:\/\/iwell-guard.com\/wp-content\/uploads\/2026\/05\/geister_inuit_sila.webp","type":"image\/webp"}],"twitter_card":"summary_large_image","schema":{"@context":"https:\/\/schema.org","@graph":[{"@type":"Article","@id":"https:\/\/iwell-guard.com\/no\/sila-verdensande-vaerherre-inuitter\/#article","isPartOf":{"@id":"https:\/\/iwell-guard.com\/no\/sila-verdensande-vaerherre-inuitter\/"},"author":{"name":"Ralf Ittermann","@id":"https:\/\/iwell-guard.com\/no\/#\/schema\/person\/ee2a27f1cac3406c7c6fb5820cb7349f"},"headline":"Sila &#8211; Verdens\u00e5nde og v\u00e6rherre hos inuittene","datePublished":"2026-09-03T09:17:52+00:00","dateModified":"2026-09-03T09:45:17+00:00","mainEntityOfPage":{"@id":"https:\/\/iwell-guard.com\/no\/sila-verdensande-vaerherre-inuitter\/"},"publisher":{"@id":"https:\/\/iwell-guard.com\/no\/#organization"},"image":{"@id":"https:\/\/iwell-guard.com\/no\/sila-verdensande-vaerherre-inuitter\/#primaryimage"},"thumbnailUrl":"https:\/\/iwell-guard.com\/wp-content\/uploads\/2026\/05\/geister_inuit_sila.webp","inLanguage":"nb-NO","description":"Sila er det arktiske verdensprinsippet for v\u00e6r, luft og fornuft. Religionsvitenskapelig innf\u00f8ring med myte, sjamanpraksis, kilder og tabu."},{"@type":"WebPage","@id":"https:\/\/iwell-guard.com\/no\/sila-verdensande-vaerherre-inuitter\/","url":"https:\/\/iwell-guard.com\/no\/sila-verdensande-vaerherre-inuitter\/","name":"Sila - Verdens\u00e5nde hos inuittene, v\u00e6r og fornuft","isPartOf":{"@id":"https:\/\/iwell-guard.com\/no\/#website"},"primaryImageOfPage":{"@id":"https:\/\/iwell-guard.com\/no\/sila-verdensande-vaerherre-inuitter\/#primaryimage"},"image":{"@id":"https:\/\/iwell-guard.com\/no\/sila-verdensande-vaerherre-inuitter\/#primaryimage"},"thumbnailUrl":"https:\/\/iwell-guard.com\/wp-content\/uploads\/2026\/05\/geister_inuit_sila.webp","datePublished":"2026-09-03T09:17:52+00:00","dateModified":"2026-09-03T09:45:17+00:00","description":"Sila er det arktiske verdensprinsippet for v\u00e6r, luft og fornuft. Religionsvitenskapelig innf\u00f8ring med myte, sjamanpraksis, kilder og tabu.","breadcrumb":{"@id":"https:\/\/iwell-guard.com\/no\/sila-verdensande-vaerherre-inuitter\/#breadcrumb"},"inLanguage":"nb-NO","potentialAction":[{"@type":"ReadAction","target":["https:\/\/iwell-guard.com\/no\/sila-verdensande-vaerherre-inuitter\/"]}]},{"@type":"ImageObject","inLanguage":"nb-NO","@id":"https:\/\/iwell-guard.com\/no\/sila-verdensande-vaerherre-inuitter\/#primaryimage","url":"https:\/\/iwell-guard.com\/wp-content\/uploads\/2026\/05\/geister_inuit_sila.webp","contentUrl":"https:\/\/iwell-guard.com\/wp-content\/uploads\/2026\/05\/geister_inuit_sila.webp","width":1024,"height":1536,"caption":"\u00c5nder fra inuittisk tradisjon."},{"@type":"BreadcrumbList","@id":"https:\/\/iwell-guard.com\/no\/sila-verdensande-vaerherre-inuitter\/#breadcrumb","itemListElement":[{"@type":"ListItem","position":1,"name":"Start","item":"https:\/\/iwell-guard.com\/no\/?page_id=140795"},{"@type":"ListItem","position":2,"name":"Sila &#8211; Verdens\u00e5nde og v\u00e6rherre hos inuittene"}]},{"@type":"WebSite","@id":"https:\/\/iwell-guard.com\/no\/#website","url":"https:\/\/iwell-guard.com\/no\/","name":"iWell Guard","description":"Schutz vor dunklen Einfl\u00fcssen","publisher":{"@id":"https:\/\/iwell-guard.com\/no\/#organization"},"potentialAction":[{"@type":"SearchAction","target":{"@type":"EntryPoint","urlTemplate":"https:\/\/iwell-guard.com\/no\/?s={search_term_string}"},"query-input":{"@type":"PropertyValueSpecification","valueRequired":true,"valueName":"search_term_string"}}],"inLanguage":"nb-NO"},{"@type":"Organization","@id":"https:\/\/iwell-guard.com\/no\/#organization","name":"Ittermann electronic GmbH","url":"https:\/\/iwell-guard.com\/no\/","logo":{"@type":"ImageObject","inLanguage":"nb-NO","@id":"https:\/\/iwell-guard.com\/no\/#\/schema\/logo\/image\/","url":"https:\/\/iwell-guard.com\/wp-content\/uploads\/2026\/05\/Ittermann-Logo-1182x237-1.png","contentUrl":"https:\/\/iwell-guard.com\/wp-content\/uploads\/2026\/05\/Ittermann-Logo-1182x237-1.png","width":1182,"height":237,"caption":"Ittermann electronic GmbH"},"image":{"@id":"https:\/\/iwell-guard.com\/no\/#\/schema\/logo\/image\/"},"sameAs":["https:\/\/pantip.com\/profile\/9367242","https:\/\/micro.blog\/iwellguard","https:\/\/www.diggerslist.com\/iwellguard\/about","https:\/\/skitterphoto.com\/photographers\/2870314\/iwell-guard","https:\/\/iwellguard.wordpress.com\/2026\/06\/06\/iwell-guard\/","https:\/\/hub.docker.com\/u\/iwellguard","https:\/\/www.pinterest.com\/iwellguard\/","https:\/\/bit.ly\/m\/iwellguard","https:\/\/entre-vos-mains.alsace.eu\/profiles\/iwellguard\/activity","https:\/\/gravatar.com\/reallybeded8fd34","https:\/\/naijamatta.com\/iwellguard","https:\/\/www.goodreads.com\/iwellguard","https:\/\/profile.hatena.ne.jp\/iwellguard\/","https:\/\/experiment.com\/users\/iwellguard","https:\/\/wakelet.com\/@iWellGuard82270","https:\/\/www.chordie.com\/forum\/profile.php?id=2555664","https:\/\/www.instapaper.com\/p\/17757966","https:\/\/www.mapleprimes.com\/users\/iwellguard","https:\/\/businesslistingplus.com\/profile\/iwell-guard\/","https:\/\/telegra.ph\/iWell-Guard-06-06","https:\/\/pbase.com\/iwellguard\/iwellguard","https:\/\/b.hatena.ne.jp\/iwellguard\/20260607#bookmark-4788405196491818882","https:\/\/fliphtml5.com\/home\/iwellguard","https:\/\/anyflip.com\/homepage\/cmiwl#About","https:\/\/transfur.com\/Users\/iwellguard","http:\/\/delphi.larsbo.org\/user\/iwellguard","https:\/\/jobs.lajobsportal.org\/profiles\/8380803-iwell-guard","https:\/\/md.chaosdorf.de\/s\/jfbe5SBdJD","https:\/\/www.lingvolive.com\/en-us\/profile\/9ecaeaca-ce11-4e51-9e71-01d55e2bff36\/translations","https:\/\/www.fitday.com\/fitness\/forums\/members\/iwellguard.html","https:\/\/www.mymeetbook.com\/iwellguard","https:\/\/pxhere.com\/en\/photographer-me\/5040798","https:\/\/disqus.com\/by\/iwellguard\/about\/","https:\/\/pastelink.net\/hjwciqwq","https:\/\/pubhtml5.com\/homepage\/scjhn\/","https:\/\/www.bitchute.com\/channel\/2O2eOKzNqujT","https:\/\/audiomack.com\/iwellguard"]},{"@type":"Person","@id":"https:\/\/iwell-guard.com\/no\/#\/schema\/person\/ee2a27f1cac3406c7c6fb5820cb7349f","name":"Ralf Ittermann","image":{"@type":"ImageObject","inLanguage":"nb-NO","@id":"https:\/\/secure.gravatar.com\/avatar\/073c0153e350a5005b68eb752b445fea71f6b24a26da9449ad7e155e6b446c9d?s=96&d=mm&r=g","url":"https:\/\/secure.gravatar.com\/avatar\/073c0153e350a5005b68eb752b445fea71f6b24a26da9449ad7e155e6b446c9d?s=96&d=mm&r=g","contentUrl":"https:\/\/secure.gravatar.com\/avatar\/073c0153e350a5005b68eb752b445fea71f6b24a26da9449ad7e155e6b446c9d?s=96&d=mm&r=g","caption":"Ralf Ittermann"},"givenName":"Ralf","familyName":"Ittermann","jobTitle":"Gesch\u00e4ftsf\u00fchrer und redaktioneller Verantwortlicher","url":"https:\/\/iwell-guard.com\/no\/author\/claude\/","description":"Ralf Ittermann ist Gesch\u00e4ftsf\u00fchrer der Ittermann electronic GmbH und redaktioneller Verantwortlicher des iWell-Guard-Lexikons. Er verbindet langj\u00e4hrige Erfahrung in der Pr\u00e4zisionsfertigung mit medialer Praxis und religionsgeschichtlicher Quellenarbeit.","worksFor":{"@type":"Organization","name":"Ittermann electronic GmbH","url":"https:\/\/ittermann.de\/","address":{"@type":"PostalAddress","streetAddress":"K\u00f6hlergasse 16-18","postalCode":"99842","addressLocality":"Ruhla","addressCountry":"DE"}},"knowsAbout":["Religionsgeschichte","Mythologie","Mediale Praxis","Energetische Diagnostik","Schutzpraxis","Volksglauben","Westliche Esoterik"]},{"@type":"Article","@id":"https:\/\/iwell-guard.com\/no\/sila-verdensande-vaerherre-inuitter\/#article","isPartOf":{"@id":"https:\/\/iwell-guard.com\/no\/sila-verdensande-vaerherre-inuitter\/"},"author":{"name":"Ralf Ittermann","@id":"https:\/\/iwell-guard.com\/no\/#\/schema\/person\/ee2a27f1cac3406c7c6fb5820cb7349f"},"headline":"Sila &#8211; Verdens\u00e5nde og v\u00e6rherre hos inuittene","datePublished":"2026-09-03T09:17:52+00:00","dateModified":"2026-09-03T09:45:17+00:00","mainEntityOfPage":{"@id":"https:\/\/iwell-guard.com\/no\/sila-verdensande-vaerherre-inuitter\/"},"publisher":{"@id":"https:\/\/iwell-guard.com\/no\/#organization"},"image":{"@id":"https:\/\/iwell-guard.com\/no\/sila-verdensande-vaerherre-inuitter\/#primaryimage"},"thumbnailUrl":"https:\/\/iwell-guard.com\/wp-content\/uploads\/2026\/05\/geister_inuit_sila.webp","inLanguage":"nb-NO","description":"Sila er det arktiske verdensprinsippet for v\u00e6r, luft og fornuft. Religionsvitenskapelig innf\u00f8ring med myte, sjamanpraksis, kilder og tabu."}]}},"_links":{"self":[{"href":"https:\/\/iwell-guard.com\/no\/wp-json\/wp\/v2\/pages\/141214","targetHints":{"allow":["GET"]}}],"collection":[{"href":"https:\/\/iwell-guard.com\/no\/wp-json\/wp\/v2\/pages"}],"about":[{"href":"https:\/\/iwell-guard.com\/no\/wp-json\/wp\/v2\/types\/page"}],"author":[{"embeddable":true,"href":"https:\/\/iwell-guard.com\/no\/wp-json\/wp\/v2\/users\/3"}],"replies":[{"embeddable":true,"href":"https:\/\/iwell-guard.com\/no\/wp-json\/wp\/v2\/comments?post=141214"}],"version-history":[{"count":0,"href":"https:\/\/iwell-guard.com\/no\/wp-json\/wp\/v2\/pages\/141214\/revisions"}],"wp:featuredmedia":[{"embeddable":true,"href":"https:\/\/iwell-guard.com\/no\/wp-json\/wp\/v2\/media\/2879"}],"wp:attachment":[{"href":"https:\/\/iwell-guard.com\/no\/wp-json\/wp\/v2\/media?parent=141214"}],"wp:term":[{"taxonomy":"category","embeddable":true,"href":"https:\/\/iwell-guard.com\/no\/wp-json\/wp\/v2\/categories?post=141214"}],"curies":[{"name":"wp","href":"https:\/\/api.w.org\/{rel}","templated":true}]}}