{"id":141197,"date":"2026-09-03T09:17:41","date_gmt":"2026-09-03T09:17:41","guid":{"rendered":"https:\/\/iwell-guard.com\/?page_id=141197"},"modified":"2026-09-03T09:44:39","modified_gmt":"2026-09-03T09:44:39","slug":"yer-sub-jord-og-vannand","status":"publish","type":"page","link":"https:\/\/iwell-guard.com\/no\/yer-sub-jord-og-vannand\/","title":{"rendered":"Yer-Sub \u2013 jord- og vann\u00e5nd hos tyrkerne"},"content":{"rendered":"\t\t<div data-elementor-type=\"wp-page\" data-elementor-id=\"141197\" class=\"elementor elementor-141197 elementor-2638 elementor-bc-flex-widget\" data-elementor-post-type=\"page\">\n\t\t\t\t<div class=\"elementor-element elementor-element-iwgw-yersub-hero e-flex e-con-boxed e-con e-parent\" data-id=\"iwgw-yersub-hero\" data-element_type=\"container\" data-e-type=\"container\" data-settings=\"{&quot;background_background&quot;:&quot;classic&quot;}\">\n\t\t\t\t\t<div class=\"e-con-inner\">\n\t\t<div class=\"elementor-element elementor-element-iwgw-yersub-hl e-flex e-con-boxed e-con e-child\" data-id=\"iwgw-yersub-hl\" data-element_type=\"container\" data-e-type=\"container\">\n\t\t\t\t\t<div class=\"e-con-inner\">\n\t\t<div class=\"elementor-element elementor-element-iwgw-yersub-htxt e-con-full e-flex e-con e-child\" data-id=\"iwgw-yersub-htxt\" data-element_type=\"container\" data-e-type=\"container\">\n\t\t\t\t<div class=\"elementor-element elementor-element-iwgw-yersub-h1 elementor-widget elementor-widget-heading\" data-id=\"iwgw-yersub-h1\" data-element_type=\"widget\" data-e-type=\"widget\" data-widget_type=\"heading.default\">\n\t\t\t\t\t<h1 class=\"elementor-heading-title elementor-size-default\">Yer-Sub, gammeltyrkisk jord- og vannmakt til den hellige grunnen<\/h1>\t\t\t\t<\/div>\n\t\t\t\t<div class=\"elementor-element elementor-element-iwgw-yersub-lead elementor-widget elementor-widget-text-editor\" data-id=\"iwgw-yersub-lead\" data-element_type=\"widget\" data-e-type=\"widget\" data-widget_type=\"text-editor.default\">\n\t\t\t\t\t\t\t\t\t<p>Yer-Sub (gammeltyrkisk <em>Yer-Sub<\/em>, \u00abjord-vann\u00bb) er den samlede numin\u00f8se makten til den hellige jorden og de hellige vannene i det gammeltyrkiske og sibirsk-tengristiske religionssystemet. Den utfyller Tengri-oppe og Umai-imellom til en kosmologisk triade. Tyrkiske og sibirsk-tengristiske kilder beskriver Yer-Sub som jord- og vannmakten til den hellige jorden.<\/p>\t\t\t\t\t\t\t\t<\/div>\n\t\t\t\t<\/div>\n\t\t<div class=\"elementor-element elementor-element-iwgw-yersub-pillc e-con-full e-flex e-con e-child\" data-id=\"iwgw-yersub-pillc\" data-element_type=\"container\" data-e-type=\"container\">\n\t\t\t\t<div class=\"elementor-element elementor-element-iwgw-yersub-pills elementor-widget elementor-widget-html\" data-id=\"iwgw-yersub-pills\" data-element_type=\"widget\" data-e-type=\"widget\" data-widget_type=\"html.default\">\n\t\t\t\t\t<div class=\"iwg-pill-row\"><span class=\"iwg-klasse-badge\" tabindex=\"0\" data-tooltip=\"Natur\u00e5nd i tradisjonen Sibir \/ tengrisme.\">Natur\u00e5nd<\/span><a href=\"https:\/\/iwell-guard.com\/no\/?page_id=141129\" class=\"iwg-kultur-badge\" tabindex=\"0\" data-tooltip=\"Mytologi i tradisjonen Sibir \/ tengrisme.\">Sibir \/ tengrisme<\/a><span class=\"iwg-tradition-badge\" tabindex=\"0\" data-tooltip=\"Jord- og vannmakt.\">Jord- og vannmakt<\/span><\/div>\t\t\t\t<\/div>\n\t\t\t\t<\/div>\n\t\t<div class=\"elementor-element elementor-element-iwgw-yersub-tocc e-con-full e-flex e-con e-child\" data-id=\"iwgw-yersub-tocc\" data-element_type=\"container\" data-e-type=\"container\">\n\t\t\t\t<div class=\"elementor-element elementor-element-iwgw-yersub-toc elementor-toc--minimized-on-tablet elementor-widget elementor-widget-table-of-contents\" data-id=\"iwgw-yersub-toc\" data-element_type=\"widget\" data-e-type=\"widget\" data-settings=\"{&quot;headings_by_tags&quot;:[&quot;h2&quot;,&quot;h3&quot;],&quot;minimize_box&quot;:&quot;yes&quot;,&quot;marker_view&quot;:&quot;bullets&quot;,&quot;no_headings_message&quot;:&quot;Det ble ikke funnet noen overskrifter p\\u00e5 denne siden.&quot;,&quot;exclude_headings_by_selector&quot;:[],&quot;icon&quot;:{&quot;value&quot;:&quot;fas fa-circle&quot;,&quot;library&quot;:&quot;fa-solid&quot;,&quot;rendered_tag&quot;:&quot;&lt;svg class=\\&quot;e-font-icon-svg e-fas-circle\\&quot; viewBox=\\&quot;0 0 512 512\\&quot; xmlns=\\&quot;http:\\\/\\\/www.w3.org\\\/2000\\\/svg\\&quot;&gt;&lt;path d=\\&quot;M256 8C119 8 8 119 8 256s111 248 248 248 248-111 248-248S393 8 256 8z\\&quot;&gt;&lt;\\\/path&gt;&lt;\\\/svg&gt;&quot;},&quot;minimized_on&quot;:&quot;tablet&quot;,&quot;hierarchical_view&quot;:&quot;yes&quot;,&quot;min_height&quot;:{&quot;unit&quot;:&quot;px&quot;,&quot;size&quot;:&quot;&quot;,&quot;sizes&quot;:[]},&quot;min_height_tablet&quot;:{&quot;unit&quot;:&quot;px&quot;,&quot;size&quot;:&quot;&quot;,&quot;sizes&quot;:[]},&quot;min_height_mobile&quot;:{&quot;unit&quot;:&quot;px&quot;,&quot;size&quot;:&quot;&quot;,&quot;sizes&quot;:[]}}\" data-widget_type=\"table-of-contents.default\">\n\t\t\t\t\t\t\t\t\t<div class=\"elementor-toc__header\">\n\t\t\t\t\t\t<h2 class=\"elementor-toc__header-title\">\n\t\t\t\tInnholdsfortegnelse\t\t\t<\/h2>\n\t\t\t\t\t\t\t\t\t\t<div class=\"elementor-toc__toggle-button elementor-toc__toggle-button--expand\" role=\"button\" tabindex=\"0\" aria-controls=\"elementor-toc__iwgw-yersub-toc\" aria-expanded=\"true\" aria-label=\"Open table of contents\"><svg aria-hidden=\"true\" class=\"e-font-icon-svg e-fas-chevron-down\" viewBox=\"0 0 448 512\" xmlns=\"http:\/\/www.w3.org\/2000\/svg\"><path d=\"M207.029 381.476L12.686 187.132c-9.373-9.373-9.373-24.569 0-33.941l22.667-22.667c9.357-9.357 24.522-9.375 33.901-.04L224 284.505l154.745-154.021c9.379-9.335 24.544-9.317 33.901.04l22.667 22.667c9.373 9.373 9.373 24.569 0 33.941L240.971 381.476c-9.373 9.372-24.569 9.372-33.942 0z\"><\/path><\/svg><\/div>\n\t\t\t\t<div class=\"elementor-toc__toggle-button elementor-toc__toggle-button--collapse\" role=\"button\" tabindex=\"0\" aria-controls=\"elementor-toc__iwgw-yersub-toc\" aria-expanded=\"true\" aria-label=\"Close table of contents\"><svg aria-hidden=\"true\" class=\"e-font-icon-svg e-fas-chevron-up\" viewBox=\"0 0 448 512\" xmlns=\"http:\/\/www.w3.org\/2000\/svg\"><path d=\"M240.971 130.524l194.343 194.343c9.373 9.373 9.373 24.569 0 33.941l-22.667 22.667c-9.357 9.357-24.522 9.375-33.901.04L224 227.495 69.255 381.516c-9.379 9.335-24.544 9.317-33.901-.04l-22.667-22.667c-9.373-9.373-9.373-24.569 0-33.941L207.03 130.525c9.372-9.373 24.568-9.373 33.941-.001z\"><\/path><\/svg><\/div>\n\t\t\t\t\t<\/div>\n\t\t\t\t<div id=\"elementor-toc__iwgw-yersub-toc\" class=\"elementor-toc__body\">\n\t\t\t<div class=\"elementor-toc__spinner-container\">\n\t\t\t\t<svg class=\"elementor-toc__spinner eicon-animation-spin e-font-icon-svg e-eicon-loading\" aria-hidden=\"true\" viewBox=\"0 0 1000 1000\" xmlns=\"http:\/\/www.w3.org\/2000\/svg\"><path d=\"M500 975V858C696 858 858 696 858 500S696 142 500 142 142 304 142 500H25C25 237 238 25 500 25S975 237 975 500 763 975 500 975Z\"><\/path><\/svg>\t\t\t<\/div>\n\t\t<\/div>\n\t\t\t\t\t\t<\/div>\n\t\t\t\t<\/div>\n\t\t\t\t\t<\/div>\n\t\t\t\t<\/div>\n\t\t<div class=\"elementor-element elementor-element-iwgw-yersub-hr e-con-full e-flex e-con e-child\" data-id=\"iwgw-yersub-hr\" data-element_type=\"container\" data-e-type=\"container\">\n\t\t\t\t<div class=\"elementor-element elementor-element-iwgw-yersub-heroimg iwg-hero-image elementor-widget elementor-widget-image\" data-id=\"iwgw-yersub-heroimg\" data-element_type=\"widget\" data-e-type=\"widget\" data-widget_type=\"image.default\">\n\t\t\t\t\t\t\t\t\t\t\t\t\t\t\t<img fetchpriority=\"high\" decoding=\"async\" width=\"683\" height=\"1024\" src=\"https:\/\/iwell-guard.com\/wp-content\/uploads\/2026\/05\/geister_sibirisch-tengrismus_yer-sub-683x1024.webp\" class=\"attachment-large size-large wp-image-143014\" alt=\"Yer Sub - \u00e5nder fra den sibirisk-tengristiske tradisjonen, historisk-illustrativt\" srcset=\"https:\/\/iwell-guard.com\/wp-content\/uploads\/2026\/05\/geister_sibirisch-tengrismus_yer-sub-683x1024.webp 683w, https:\/\/iwell-guard.com\/wp-content\/uploads\/2026\/05\/geister_sibirisch-tengrismus_yer-sub-200x300.webp 200w, https:\/\/iwell-guard.com\/wp-content\/uploads\/2026\/05\/geister_sibirisch-tengrismus_yer-sub-768x1152.webp 768w, https:\/\/iwell-guard.com\/wp-content\/uploads\/2026\/05\/geister_sibirisch-tengrismus_yer-sub.webp 1024w\" sizes=\"(max-width: 683px) 100vw, 683px\" \/>\t\t\t\t\t\t\t\t\t\t\t\t\t\t\t<\/div>\n\t\t\t\t<\/div>\n\t\t\t\t\t<\/div>\n\t\t\t\t<\/div>\n\t\t\t\t<section class=\"elementor-section elementor-top-section elementor-element elementor-element-sec-iwgcomp-yer-sub elementor-section-boxed elementor-section-height-default elementor-section-height-default\" data-id=\"sec-iwgcomp-yer-sub\" data-element_type=\"section\" data-e-type=\"section\">\n\t\t\t\t\t\t<div class=\"elementor-container elementor-column-gap-default\">\n\t\t\t\t\t<div class=\"elementor-column elementor-col-100 elementor-top-column elementor-element elementor-element-col-iwgcomp-yer-sub\" data-id=\"col-iwgcomp-yer-sub\" data-element_type=\"column\" data-e-type=\"column\">\n\t\t\t<div class=\"elementor-widget-wrap elementor-element-populated\">\n\t\t\t\t\t\t<div class=\"elementor-element elementor-element-iwgcomp-yer-sub elementor-widget elementor-widget-text-editor\" data-id=\"iwgcomp-yer-sub\" data-element_type=\"widget\" data-e-type=\"widget\" data-widget_type=\"text-editor.default\">\n\t\t\t\t\t\t\t\t\t<p>Yer-Sub, <strong>jord-vann-makten<\/strong>, forener i den gammeltyrkiske tradisjonen den hellige jorden og det flytende elementet.<\/p>\t\t\t\t\t\t\t\t<\/div>\n\t\t\t\t\t<\/div>\n\t\t<\/div>\n\t\t\t\t\t<\/div>\n\t\t<\/section>\n\t\t<div class=\"elementor-element elementor-element-iwgw-yersub-s0 e-flex e-con-boxed e-con e-parent\" data-id=\"iwgw-yersub-s0\" data-element_type=\"container\" data-e-type=\"container\">\n\t\t\t\t\t<div class=\"e-con-inner\">\n\t\t\t\t<div class=\"elementor-element elementor-element-iwgw-yersub-s0h elementor-widget elementor-widget-heading\" data-id=\"iwgw-yersub-s0h\" data-element_type=\"widget\" data-e-type=\"widget\" data-widget_type=\"heading.default\">\n\t\t\t\t\t<h2 class=\"elementor-heading-title elementor-size-default\">Innordning og kortprofil<\/h2>\t\t\t\t<\/div>\n\t\t<div class=\"elementor-element elementor-element-iwgw-yersub-s0c e-con-full e-flex e-con e-child\" data-id=\"iwgw-yersub-s0c\" data-element_type=\"container\" data-e-type=\"container\">\n\t\t\t\t<div class=\"elementor-element elementor-element-iwgw-yersub-s0t elementor-widget elementor-widget-text-editor\" data-id=\"iwgw-yersub-s0t\" data-element_type=\"widget\" data-e-type=\"widget\" data-widget_type=\"text-editor.default\">\n\t\t\t\t\t\t\t\t\t<p>I motsetning til de personlige gudene <a href=\"https:\/\/iwell-guard.com\/no\/?page_id=141193\">Tengri<\/a>, <a href=\"https:\/\/iwell-guard.com\/no\/?page_id=141194\">Umai<\/a> og <a href=\"https:\/\/iwell-guard.com\/no\/?page_id=141196\">\u00dclgen<\/a> er Yer-Sub ikke et individ, men en kollektiv, stedbundet makt.<\/p><p>I orkhon-inskripsjonene fra 700-tallet (K\u00fcl-Tigin, Bilge Kagan, Tonyukuk) forekommer Yer-Sub regelmessig i en treformel: \u00abTengri (himmelen), Umai (moren) og Yer-Sub (jord-vann) har gitt oss seier.\u00bb Denne formelen er en av de viktigste kildene til den kosmologiske strukturen i den gammeltyrkiske tengrismen.<\/p><p>Innenfor den <a href=\"https:\/\/iwell-guard.com\/no\/?page_id=141129\">sibirsk-tengristiske tradisjonen<\/a> overtar yngre spesialfigurer, bergherrer, kilde\u00e5nder, flod\u00e5nder, de konkrete funksjonene som opprinnelig ble tilskrevet Yer-Sub kollektivt. Dermed fortettes Yer-Sub i den senere religionshistorien til et mangfold av navngitte enkelt\u00e5nder, uten \u00e5 forsvinne som begrep.<\/p><p>Religionsfenomenologisk er Yer-Sub et l\u00e6reeksempel p\u00e5 \u00ablokal numinositet\u00bb: I motsetning til de universelle h\u00f8ygudene er denne makten stedbundet og samler seg p\u00e5 konkrete steder, bergpass, kilder, elvemunninger, klipper. Den st\u00e5r dermed i en linje med de romerske <em>genii loci<\/em> og de japanske <em>jinushigami<\/em>.<\/p>\t\t\t\t\t\t\t\t<\/div>\n\t\t\t\t<\/div>\n\t\t\t\t\t<\/div>\n\t\t\t\t<\/div>\n\t\t<div class=\"elementor-element elementor-element-iwgw-yersub-s1 e-flex e-con-boxed e-con e-parent\" data-id=\"iwgw-yersub-s1\" data-element_type=\"container\" data-e-type=\"container\">\n\t\t\t\t\t<div class=\"e-con-inner\">\n\t\t\t\t<div class=\"elementor-element elementor-element-iwgw-yersub-s1h elementor-widget elementor-widget-heading\" data-id=\"iwgw-yersub-s1h\" data-element_type=\"widget\" data-e-type=\"widget\" data-widget_type=\"heading.default\">\n\t\t\t\t\t<h2 class=\"elementor-heading-title elementor-size-default\">Navn og etymologi<\/h2>\t\t\t\t<\/div>\n\t\t<div class=\"elementor-element elementor-element-iwgw-yersub-s1c e-con-full e-flex e-con e-child\" data-id=\"iwgw-yersub-s1c\" data-element_type=\"container\" data-e-type=\"container\">\n\t\t\t\t<div class=\"elementor-element elementor-element-iwgw-yersub-s1t elementor-widget elementor-widget-text-editor\" data-id=\"iwgw-yersub-s1t\" data-element_type=\"widget\" data-e-type=\"widget\" data-widget_type=\"text-editor.default\">\n\t\t\t\t\t\t\t\t\t<p>Navnet er et klassisk gammeltyrkisk dvandva-kompositum: <em>yer<\/em> (\u00abjord, land, sted\u00bb) og <em>sub<\/em> (\u00abvann, kilde, elv\u00bb). Lignende dannelser finnes i mange indoeuropeiske og altaiske spr\u00e5k; de uttrykker at jord og vann her ikke oppfattes som to separate ting, men som et sammenh\u00f8rende par av livsgrunnlag.<\/p><p>I den mongolske verden svarer begrepet delvis til <em>gazar usu<\/em> (\u00abland-vann\u00bb) eller <em>Et\u00fcgen Eke<\/em> (\u00abmor jord\u00bb). I Sibirien selv kjenner burjatene <em>lus<\/em> (kilde\u00e5nder), og jakutene kjenner <em>Aar Tojons<\/em> jorddiener <em>Aan Alakhchyn<\/em>.<\/p><p>Talat Tekin (1968) klarla den grammatiske statusen til <em>yer sub<\/em> som kompositum: Det er ikke tale om to guder nevnt etter hverandre, men om \u00e9n enkelt makt med et todelt navn. Denne spr\u00e5klige observasjonen har religionsvitenskapelige konsekvenser, siden den inneb\u00e6rer en integrert forestilling om jord-vann-makt.<\/p>\t\t\t\t\t\t\t\t<\/div>\n\t\t\t\t<\/div>\n\t\t\t\t\t<\/div>\n\t\t\t\t<\/div>\n\t\t<div class=\"elementor-element elementor-element-iwgw-yersub-s2 e-flex e-con-boxed e-con e-parent\" data-id=\"iwgw-yersub-s2\" data-element_type=\"container\" data-e-type=\"container\">\n\t\t\t\t\t<div class=\"e-con-inner\">\n\t\t\t\t<div class=\"elementor-element elementor-element-iwgw-yersub-s2h elementor-widget elementor-widget-heading\" data-id=\"iwgw-yersub-s2h\" data-element_type=\"widget\" data-e-type=\"widget\" data-widget_type=\"heading.default\">\n\t\t\t\t\t<h2 class=\"elementor-heading-title elementor-size-default\">Beskrivelse og ikonografi<\/h2>\t\t\t\t<\/div>\n\t\t<div class=\"elementor-element elementor-element-iwgw-yersub-s2c e-con-full e-flex e-con e-child\" data-id=\"iwgw-yersub-s2c\" data-element_type=\"container\" data-e-type=\"container\">\n\t\t\t\t<div class=\"elementor-element elementor-element-iwgw-yersub-s2t elementor-widget elementor-widget-text-editor\" data-id=\"iwgw-yersub-s2t\" data-element_type=\"widget\" data-e-type=\"widget\" data-widget_type=\"text-editor.default\">\n\t\t\t\t\t\t\t\t\t<p>Yer-Sub har ingen egen ikonografi. Der de stedbundne spesial\u00e5ndene gis en billedlig form, skjer det gjennom steinr\u00f8yser (<em>obo<\/em>), inskriberte trestolper (<em>serge<\/em>), t\u00f8yb\u00e5nd p\u00e5 lerketr\u00e6r (<em>kyira<\/em>) og sm\u00e5 trefigurer ved kildekanten. Yer-Sub som helhet forblir usynlig; selve materien er dens kropp.<\/p><p>Denne bildel\u00f8sheten deler Yer-Sub med den fjerne <a href=\"https:\/\/iwell-guard.com\/no\/?page_id=141193\">Tengri<\/a>, i motsetning til de personlig-antropomorfe <a href=\"https:\/\/iwell-guard.com\/no\/?page_id=141196\">\u00dclgen<\/a>, <a href=\"https:\/\/iwell-guard.com\/no\/?page_id=141194\">Umai<\/a> eller <a href=\"https:\/\/iwell-guard.com\/no\/?page_id=141195\">Erlik Khan<\/a>. Religionsfenomenologisk markerer den en forskjell mellom kollektivt-numin\u00f8se og individuelt-personifiserte makter i et <span class=\"iwg-fachbegriff\" data-tooltip=\"Alle gudene i en religion eller kultur samlet.\" tabindex=\"0\">panteon<\/span>.<\/p><p>I moderne mongolsk praksis blir Yer-Sub delvis legemliggjort gjennom ovoo-steinr\u00f8ysene; ved st\u00f8rre fester spennes lange bl\u00e5 <em>khadag<\/em>-t\u00f8rkler rundt ovoene, der bl\u00e5fargen bevisst viser til <em>M\u00f6ngke K\u00f6ke Tengri<\/em>, mens steinene selv representerer Yer-Sub.<\/p>\t\t\t\t\t\t\t\t<\/div>\n\t\t\t\t<\/div>\n\t\t\t\t\t<\/div>\n\t\t\t\t<\/div>\n\t\t<div class=\"elementor-element elementor-element-iwgw-yersub-s3 e-flex e-con-boxed e-con e-parent\" data-id=\"iwgw-yersub-s3\" data-element_type=\"container\" data-e-type=\"container\">\n\t\t\t\t\t<div class=\"e-con-inner\">\n\t\t\t\t<div class=\"elementor-element elementor-element-iwgw-yersub-s3h elementor-widget elementor-widget-heading\" data-id=\"iwgw-yersub-s3h\" data-element_type=\"widget\" data-e-type=\"widget\" data-widget_type=\"heading.default\">\n\t\t\t\t\t<h2 class=\"elementor-heading-title elementor-size-default\">Mytologiske fortellinger<\/h2>\t\t\t\t<\/div>\n\t\t<div class=\"elementor-element elementor-element-iwgw-yersub-s3c e-con-full e-flex e-con e-child\" data-id=\"iwgw-yersub-s3c\" data-element_type=\"container\" data-e-type=\"container\">\n\t\t\t\t<div class=\"elementor-element elementor-element-iwgw-yersub-s3t elementor-widget elementor-widget-text-editor\" data-id=\"iwgw-yersub-s3t\" data-element_type=\"widget\" data-e-type=\"widget\" data-widget_type=\"text-editor.default\">\n\t\t\t\t\t\t\t\t\t<p>K\u00f6kt\u00fcrk-inskripsjonene inneholder ingen fortellinger om Yer-Sub, men p\u00e5kallelser. F\u00f8rst i de etnografiske opptegnelsene fra 1800-tallet (Radloff, Anokhin, Verbickij) dukker det opp fortellinger om enkelte berg- og flodherrer, som samlet fyller ut Yer-Sub-spekteret.<\/p><p>Hos burjatene blir for eksempel Bajkalsj\u00f8en tiltalt som \u00abfar\u00bb, de omliggende bergene som \u00abbr\u00f8dre\u00bb, et familieskjema som l\u00f8ser opp Yer-Sub-makten i slektskapsmetaforer.<\/p><p>En spesifikk altaisk fortelling beretter hvordan bergene oppstod da Yer-Sub gjorde oppr\u00f8r mot et fors\u00f8k fra Erlik p\u00e5 \u00e5 ta jorden til eget bruk: Bergene er stivnede b\u00f8lger fra en kosmisk konflikt. Denne fortellingen befinner seg mellom skapelses- og opphavsmyter.<\/p><p>I de jakutiske olonkho-eposene legemliggj\u00f8r jordgudinnen <em>Aan Alakhchyn Khotun<\/em> et aspekt av Yer-Sub-funksjonen. Hun bor i det hellige treet i verdens sentrum og gir alle levende vesener en del av sitt livsvann, et <span class=\"iwg-fachbegriff\" data-tooltip=\"Et gjentagende innholdselement i kunst eller fortelling.\" tabindex=\"0\">motiv<\/span> som gir det integrerte jord-vann-konseptet en episk utforming.<\/p>\t\t\t\t\t\t\t\t<\/div>\n\t\t\t\t<\/div>\n\t\t\t\t\t<\/div>\n\t\t\t\t<\/div>\n\t\t<div class=\"elementor-element elementor-element-iwgw-yersub-s4 e-flex e-con-boxed e-con e-parent\" data-id=\"iwgw-yersub-s4\" data-element_type=\"container\" data-e-type=\"container\">\n\t\t\t\t\t<div class=\"e-con-inner\">\n\t\t\t\t<div class=\"elementor-element elementor-element-iwgw-yersub-s4h elementor-widget elementor-widget-heading\" data-id=\"iwgw-yersub-s4h\" data-element_type=\"widget\" data-e-type=\"widget\" data-widget_type=\"heading.default\">\n\t\t\t\t\t<h2 class=\"elementor-heading-title elementor-size-default\">Kult og tilbedelse<\/h2>\t\t\t\t<\/div>\n\t\t<div class=\"elementor-element elementor-element-iwgw-yersub-s4c e-con-full e-flex e-con e-child\" data-id=\"iwgw-yersub-s4c\" data-element_type=\"container\" data-e-type=\"container\">\n\t\t\t\t<div class=\"elementor-element elementor-element-iwgw-yersub-s4t elementor-widget elementor-widget-text-editor\" data-id=\"iwgw-yersub-s4t\" data-element_type=\"widget\" data-e-type=\"widget\" data-widget_type=\"text-editor.default\">\n\t\t\t\t\t\t\t\t\t<p>Den viktigste kultformen er <em>Ovoo<\/em>&#8211;<span class=\"iwg-fachbegriff\" data-tooltip=\"En regelmessig rekke symbolske handlinger med religi\u00f8s eller kulturell betydning.\" tabindex=\"0\">ritualet<\/span>: P\u00e5 et fjellpass eller ved en markant kilde stables en steinr\u00f8ys, som prydes med t\u00f8yb\u00e5nd og \u00e6res ved \u00e5 g\u00e5 tre ganger rundt den med klokken. Reisende legger til en stein, mens gjetere heller litt melk eller kumys p\u00e5 jorden.<\/p><p>P\u00e5 statlig niv\u00e5 var Yer-Sub en del av khanenes eder: Den som bedrar khanen, \u00abskader Yer-Sub\u00bb og faller utenfor ordenen. Denne politiske funksjonen er til og med indirekte overlevert i den bysantinske skildringen av Theophylaktos Simokattes (tidlig 600-tall), n\u00e5r han beretter om tyrkiske edspraksiser.<\/p><p>I dagens Mongolia har Ovoo-<span class=\"iwg-fachbegriff\" data-tooltip=\"En regelmessig rekke symbolske handlinger med religi\u00f8s eller kulturell betydning.\" tabindex=\"0\">ritualet<\/span> opplevd en p\u00e5fallende renessanse; etter 1990 har tusenvis av nye Ovoo-er blitt reist eller restaurert. Caroline Humphrey har dokumentert denne renessansen utfyllende i <em>The Marxist Anthropology of Mongolia<\/em> og <em>Inside and Outside the Mongol Tent<\/em> (2002).<\/p>\t\t\t\t\t\t\t\t<\/div>\n\t\t\t\t<\/div>\n\t\t\t\t\t<\/div>\n\t\t\t\t<\/div>\n\t\t<div class=\"elementor-element elementor-element-iwgw-yersub-s5 e-flex e-con-boxed e-con e-parent\" data-id=\"iwgw-yersub-s5\" data-element_type=\"container\" data-e-type=\"container\">\n\t\t\t\t\t<div class=\"e-con-inner\">\n\t\t\t\t<div class=\"elementor-element elementor-element-iwgw-yersub-s5h elementor-widget elementor-widget-heading\" data-id=\"iwgw-yersub-s5h\" data-element_type=\"widget\" data-e-type=\"widget\" data-widget_type=\"heading.default\">\n\t\t\t\t\t<h2 class=\"elementor-heading-title elementor-size-default\">Beskyttelsespraksis og apotropeiske trekk<\/h2>\t\t\t\t<\/div>\n\t\t<div class=\"elementor-element elementor-element-iwgw-yersub-s5c e-con-full e-flex e-con e-child\" data-id=\"iwgw-yersub-s5c\" data-element_type=\"container\" data-e-type=\"container\">\n\t\t\t\t<div class=\"elementor-element elementor-element-iwgw-yersub-s5t elementor-widget elementor-widget-text-editor\" data-id=\"iwgw-yersub-s5t\" data-element_type=\"widget\" data-e-type=\"widget\" data-widget_type=\"text-editor.default\">\n\t\t\t\t\t\t\t\t\t<p>Religionsvitenskapelig beskrevet: Beskyttelsespraksiser i Yer-Sub-komplekset retter seg mindre mot \u00e5 avverge skade enn mot \u00e5 bevare stedets renhet.<\/p><p>Forbudt var blant annet \u00e5 spytte i en kilde, \u00e5 brekke hellige tr\u00e6r og \u00e5 forrette naturens n\u00f8dvendigheter p\u00e5 en <em>obo<\/em>. \u00c5 bryte disse tabuene ble ansett som en \u00abskade p\u00e5 Yer-Sub\u00bb og kunne, innenfor tradisjonen, bli besvart med mislykket jakt eller sykdom.<\/p><p><span class=\"iwg-fachbegriff\" data-tooltip=\"Flertall av apotropaikon: gjenstander og tegn som skal avverge ulykke.\" tabindex=\"0\">Apotropaika<\/span> i snevrere forstand var \u00e5 b\u00e6re sm\u00e5 steiner fra det hellige fjellet, \u00e5 risse inn beskyttelsesformler p\u00e5 kildep\u00e5ler og \u00e5 feste hesteh\u00e5rdotter ved terskler. Disse praksisene er levende i Mongolia og Tuva den dag i dag.<\/p><p>Et interessant detalj fra den jakutiske tradisjonen: F\u00f8r man forlater et hellig sted, \u00abber\u00bb man det formelt om tillatelse, ofte med ordene \u00ab<em>Bahyy bolokhtuun<\/em>\u00bb (\u00abv\u00e6r n\u00e5dig, slipp meg fri\u00bb). Denne h\u00f8flighetsformen mot landskapet er religionsfenomenologisk et klassisk eksempel p\u00e5 animistisk etikette.<\/p>\t\t\t\t\t\t\t\t<\/div>\n\t\t\t\t<\/div>\n\t\t\t\t\t<\/div>\n\t\t\t\t<\/div>\n\t\t<div class=\"elementor-element elementor-element-iwgw-yersub-s6 e-flex e-con-boxed e-con e-parent\" data-id=\"iwgw-yersub-s6\" data-element_type=\"container\" data-e-type=\"container\">\n\t\t\t\t\t<div class=\"e-con-inner\">\n\t\t\t\t<div class=\"elementor-element elementor-element-iwgw-yersub-s6h elementor-widget elementor-widget-heading\" data-id=\"iwgw-yersub-s6h\" data-element_type=\"widget\" data-e-type=\"widget\" data-widget_type=\"heading.default\">\n\t\t\t\t\t<h2 class=\"elementor-heading-title elementor-size-default\">Paralleller i andre kulturer<\/h2>\t\t\t\t<\/div>\n\t\t<div class=\"elementor-element elementor-element-iwgw-yersub-s6c e-con-full e-flex e-con e-child\" data-id=\"iwgw-yersub-s6c\" data-element_type=\"container\" data-e-type=\"container\">\n\t\t\t\t<div class=\"elementor-element elementor-element-iwgw-yersub-s6t elementor-widget elementor-widget-text-editor\" data-id=\"iwgw-yersub-s6t\" data-element_type=\"widget\" data-e-type=\"widget\" data-widget_type=\"text-editor.default\">\n\t\t\t\t\t\t\t\t\t<p>Strukturelt sammenlignbar med de romerske <em>genius loci<\/em>, de germanske landvettene, de keltiske innbyggerne i <em>s\u00eddh<\/em>, i Japan <em>jinushigami<\/em> i <span class=\"iwg-fachbegriff\" data-tooltip=\"Japans opprinnelige religion, kjennetegnet ved dyrkingen av kami.\" tabindex=\"0\">shinto<\/span>-tradisjonen, og i Latin-Amerika de andinske <em>apus<\/em> og <em>huacas<\/em>. I alle disse tilfellene handler det om en stedbunden, kollektiv makt som \u00e6res gjennom renhetstabuer heller enn gjennom personlige myter.<\/p><p>S\u00e6rlig n\u00e6r er den typologiske slektskapen med det kinesiske <em>tudi gong<\/em>-systemet av lokale jordguder og de tibetanske <em>sa-bdag<\/em> (\u00abjordherrer\u00bb). Her viser seg kulturelle broer innenfor Innerasia, uten at en direkte historisk avledning kan sikres.<\/p><p>Religionsfenomenologisk markerer Yer-Sub det Mircea Eliade i <em>Le sacr\u00e9 et le profane<\/em> (1957) kalte \u00abstedets hierofani\u00bb: Bestemte steder blir gjennom sin rituelle markering til sakrale sentre, uten at en personlig gud trenger \u00e5 bo der.<\/p>\t\t\t\t\t\t\t\t<\/div>\n\t\t\t\t<\/div>\n\t\t\t\t\t<\/div>\n\t\t\t\t<\/div>\n\t\t<div class=\"elementor-element elementor-element-iwgw-yersub-s7 e-flex e-con-boxed e-con e-parent\" data-id=\"iwgw-yersub-s7\" data-element_type=\"container\" data-e-type=\"container\">\n\t\t\t\t\t<div class=\"e-con-inner\">\n\t\t\t\t<div class=\"elementor-element elementor-element-iwgw-yersub-s7h elementor-widget elementor-widget-heading\" data-id=\"iwgw-yersub-s7h\" data-element_type=\"widget\" data-e-type=\"widget\" data-widget_type=\"heading.default\">\n\t\t\t\t\t<h2 class=\"elementor-heading-title elementor-size-default\">Dagens mottakelse og forskning<\/h2>\t\t\t\t<\/div>\n\t\t<div class=\"elementor-element elementor-element-iwgw-yersub-s7c e-con-full e-flex e-con e-child\" data-id=\"iwgw-yersub-s7c\" data-element_type=\"container\" data-e-type=\"container\">\n\t\t\t\t<div class=\"elementor-element elementor-element-iwgw-yersub-s7t elementor-widget elementor-widget-text-editor\" data-id=\"iwgw-yersub-s7t\" data-element_type=\"widget\" data-e-type=\"widget\" data-widget_type=\"text-editor.default\">\n\t\t\t\t\t\t\t\t\t<p>I dagens mongolsk-tuvinske virkelighet har Yer-Sub (som <em>gazar usu<\/em> eller <em>cher-sug<\/em>) blitt en sentral st\u00f8rrelse i milj\u00f8etikken. Flere \u00f8kologisk orienterte NGO-er viser til det tradisjonelle Ovoo-komplekset som argumentasjonsgrunnlag. Akademiske referanseverk: Caroline Humphrey (<em>The Marxist Anthropology of Mongolia<\/em>, 1983; <em>Inside and Outside the Mongol Tent<\/em>, 2002), Roberte Hamayon, Sergei Neklyudov.<\/p><p>En egen forskningslinje kobler Yer-Sub-praksisen til dagens konflikter om gruvedrift og vannrettigheter i Mongolia: Urfolksgrupper viser til den religi\u00f8se ukrenkeligheten til Yer-Sub-steder for \u00e5 blokkere storprosjekter. Denne politiske dimensjonen har vitenskapelige implikasjoner som Caroline Humphrey diskuterer utfyllende.<\/p><p>I Tuva har det siden 1990 blitt formet en <em>D\u00fcng\u00fcr<\/em>-forening av sjamanistiske ut\u00f8vere, som offentlig kodifiserer Yer-Sub-ritualer. Fra et vitenskapelig perspektiv er denne kodifiseringen et interessant eksempel p\u00e5 \u00abinventarisering\u00bb av en opprinnelig diffus praksis gjennom moderne foreningsstrukturer.<\/p>\t\t\t\t\t\t\t\t<\/div>\n\t\t\t\t<\/div>\n\t\t\t\t\t<\/div>\n\t\t\t\t<\/div>\n\t\t<div class=\"elementor-element elementor-element-iwgw-yersub-s8 e-flex e-con-boxed e-con e-parent\" data-id=\"iwgw-yersub-s8\" data-element_type=\"container\" data-e-type=\"container\">\n\t\t\t\t\t<div class=\"e-con-inner\">\n\t\t\t\t<div class=\"elementor-element elementor-element-iwgw-yersub-s8h elementor-widget elementor-widget-heading\" data-id=\"iwgw-yersub-s8h\" data-element_type=\"widget\" data-e-type=\"widget\" data-widget_type=\"heading.default\">\n\t\t\t\t\t<h2 class=\"elementor-heading-title elementor-size-default\">Forskningsdebatter og \u00e5pne sp\u00f8rsm\u00e5l<\/h2>\t\t\t\t<\/div>\n\t\t<div class=\"elementor-element elementor-element-iwgw-yersub-s8c e-con-full e-flex e-con e-child\" data-id=\"iwgw-yersub-s8c\" data-element_type=\"container\" data-e-type=\"container\">\n\t\t\t\t<div class=\"elementor-element elementor-element-iwgw-yersub-s8t elementor-widget elementor-widget-text-editor\" data-id=\"iwgw-yersub-s8t\" data-element_type=\"widget\" data-e-type=\"widget\" data-widget_type=\"text-editor.default\">\n\t\t\t\t\t\t\t\t\t<p>En sentral debatt handler om hvorvidt Yer-Sub er et <em>enkelt<\/em> begrep eller et <em>samlebegrep<\/em>. Talat Tekin og Sergei Neklyudov argumenterte for en integrert lesning; nyere forskning (blant annet B. Kellner-Heinkele) tenderer mot \u00e5 anta regionalt forskjellige personifiseringer.<\/p><p>Et annet \u00e5pent sp\u00f8rsm\u00e5l gjelder forholdet mellom Yer-Sub og den buddhistiske forestillingen om lokal-<span class=\"iwg-fachbegriff\" data-tooltip=\"Et ubodig vesen man tilskriver virkning i verden.\" tabindex=\"0\">\u00e5nder<\/span> i Mongolia: Hvor mye av dagens Ovoo-praksis er f\u00f8rbuddhistisk, og hvor mye er buddhistisk omformulert? Walther Heissig har foresl\u00e5tt en lagteori her, som i nyere forskning blir kritisk pr\u00f8vd.<\/p><p>Til slutt, og dette er det viktigste praktiske sp\u00f8rsm\u00e5let: hvordan forholder det levende Yer-Sub-komplekset i dag seg til \u00f8kologiske bevegelser, uten \u00e5 bli instrumentalisert av dem? Den innermongolske borgerinitiativet <em>Onggi River Movement<\/em> tar selv opp dette sp\u00f8rsm\u00e5let og gir et forskningsfelt for religionsetnologien i 2020-\u00e5rene.<\/p>\t\t\t\t\t\t\t\t<\/div>\n\t\t\t\t<\/div>\n\t\t\t\t\t<\/div>\n\t\t\t\t<\/div>\n\t\t<div class=\"elementor-element elementor-element-iwgw-yersub-s9 e-flex e-con-boxed e-con e-parent\" data-id=\"iwgw-yersub-s9\" data-element_type=\"container\" data-e-type=\"container\">\n\t\t\t\t\t<div class=\"e-con-inner\">\n\t\t\t\t<div class=\"elementor-element elementor-element-iwgw-yersub-s9h elementor-widget elementor-widget-heading\" data-id=\"iwgw-yersub-s9h\" data-element_type=\"widget\" data-e-type=\"widget\" data-widget_type=\"heading.default\">\n\t\t\t\t\t<h2 class=\"elementor-heading-title elementor-size-default\">Yer-Sub i den moderne milj\u00f8debatten<\/h2>\t\t\t\t<\/div>\n\t\t<div class=\"elementor-element elementor-element-iwgw-yersub-s9c e-con-full e-flex e-con e-child\" data-id=\"iwgw-yersub-s9c\" data-element_type=\"container\" data-e-type=\"container\">\n\t\t\t\t<div class=\"elementor-element elementor-element-iwgw-yersub-s9t elementor-widget elementor-widget-text-editor\" data-id=\"iwgw-yersub-s9t\" data-element_type=\"widget\" data-e-type=\"widget\" data-widget_type=\"text-editor.default\">\n\t\t\t\t\t\t\t\t\t<p>En av de mest overraskende vendingene i nyere tengrisme-forskning er gjenoppdagelsen av Yer-Sub som referansepunkt for samtidens milj\u00f8bevegelser. Den mongolske borgerinitiativet <em>Onggi River Movement<\/em> (grunnlagt 2001) protesterer mot gullgruver som \u00f8delegger hellige kilder og vassdrag, og henviser eksplisitt til den tradisjonelle Yer-Sub-dyrkingen. Caroline Humphrey har dokumentert denne bevegelsen i flere artikler.<\/p><p>Vitenskapelig sett er denne vendingen ambivalent. P\u00e5 den ene siden viser den den fortsatte vitaliteten til et angivelig \u00abarkaisk\u00bb religi\u00f8st konsept; p\u00e5 den andre siden inneb\u00e6rer den en risiko for at religi\u00f8st innhold mobiliseres selektivt for politiske form\u00e5l. Begge aspekter b\u00f8r tas i betraktning i en differensiert analyse.<\/p><p>I Tuva og Sakha-republikken kan man se lignende bevegelser; de skaper et nytt grenseland mellom religionsetnologi og politisk \u00f8kologi. Religionsfenomenologer som Bron Taylor (<em>Dark Green Religion<\/em>, 2010) har analysert denne konstellasjonen som \u00abgr\u00f8nn religion\u00bb og har brukt Yer-Sub som eksempel p\u00e5 dette.<\/p>\t\t\t\t\t\t\t\t<\/div>\n\t\t\t\t<\/div>\n\t\t\t\t\t<\/div>\n\t\t\t\t<\/div>\n\t\t<div class=\"elementor-element elementor-element-iwgw-yersub-s10 e-flex e-con-boxed e-con e-parent\" data-id=\"iwgw-yersub-s10\" data-element_type=\"container\" data-e-type=\"container\">\n\t\t\t\t\t<div class=\"e-con-inner\">\n\t\t\t\t<div class=\"elementor-element elementor-element-iwgw-yersub-s10h elementor-widget elementor-widget-heading\" data-id=\"iwgw-yersub-s10h\" data-element_type=\"widget\" data-e-type=\"widget\" data-widget_type=\"heading.default\">\n\t\t\t\t\t<h2 class=\"elementor-heading-title elementor-size-default\">Kilder og tilknytning til kulturhuben<\/h2>\t\t\t\t<\/div>\n\t\t<div class=\"elementor-element elementor-element-iwgw-yersub-s10c e-con-full e-flex e-con e-child\" data-id=\"iwgw-yersub-s10c\" data-element_type=\"container\" data-e-type=\"container\">\n\t\t\t\t<div class=\"elementor-element elementor-element-iwgw-yersub-s10t elementor-widget elementor-widget-text-editor\" data-id=\"iwgw-yersub-s10t\" data-element_type=\"widget\" data-e-type=\"widget\" data-widget_type=\"text-editor.default\">\n\t\t\t\t\t\t\t\t\t<p>Den som vil studere Yer-Sub-komplekset i sin fulle bredde, finner p\u00e5 oversiktssiden <a href=\"https:\/\/iwell-guard.com\/no\/?page_id=141129\">Sibirsk-tengristisk tradisjon<\/a> de viktigste kryssreferansene til beslektede figurer som <a href=\"https:\/\/iwell-guard.com\/no\/?page_id=141193\">Tengri<\/a>, <a href=\"https:\/\/iwell-guard.com\/no\/?page_id=141194\">Umai<\/a> (i Tonyukuk-treformelen) og de stedbundne \u00e5ndeverdenene.<\/p><p>Talat Tekins <em>A Grammar of Orkhon Turkic<\/em> (1968) er fortsatt det viktigste filologiske grunnlaget for det gammelturkiske laget. Caroline Humphreys <em>Inside and Outside the Mongol Tent<\/em> (2002) og <em>Marx Went Away, But Karl Stayed Behind<\/em> (med Frank Pieke, 1998) gir samtidens etnografiske dybde.<\/p><p>Sergei Neklyudovs <em>Mify narodov mira<\/em>, bd. 2 (Moskva 1992), inneholder det mest kompakte russiske standardverket om Yer-Sub-komplekset og b\u00f8r nevnes i enhver seri\u00f8s bibliografi.<\/p>\t\t\t\t\t\t\t\t<\/div>\n\t\t\t\t<\/div>\n\t\t\t\t\t<\/div>\n\t\t\t\t<\/div>\n\t\t<div class=\"elementor-element elementor-element-iwgw-yersub-s11 e-flex e-con-boxed e-con e-parent\" data-id=\"iwgw-yersub-s11\" data-element_type=\"container\" data-e-type=\"container\">\n\t\t\t\t\t<div class=\"e-con-inner\">\n\t\t\t\t<div class=\"elementor-element elementor-element-iwgw-yersub-s11h elementor-widget elementor-widget-heading\" data-id=\"iwgw-yersub-s11h\" data-element_type=\"widget\" data-e-type=\"widget\" data-widget_type=\"heading.default\">\n\t\t\t\t\t<h2 class=\"elementor-heading-title elementor-size-default\">Religionsfenomenologi og stedbinding<\/h2>\t\t\t\t<\/div>\n\t\t<div class=\"elementor-element elementor-element-iwgw-yersub-s11c e-con-full e-flex e-con e-child\" data-id=\"iwgw-yersub-s11c\" data-element_type=\"container\" data-e-type=\"container\">\n\t\t\t\t<div class=\"elementor-element elementor-element-iwgw-yersub-s11t elementor-widget elementor-widget-text-editor\" data-id=\"iwgw-yersub-s11t\" data-element_type=\"widget\" data-e-type=\"widget\" data-widget_type=\"text-editor.default\">\n\t\t\t\t\t\t\t\t\t<p>Yer-Sub illustrerer religionsfenomenologisk kategorien \u00abstedbundet numinositet\u00bb, som Mircea Eliade i <em>Le sacr\u00e9 et le profane<\/em> (1957) utarbeidet som \u00abstedets hierofani\u00bb. I motsetning til universelle h\u00f8ygudheter er denne formen for numinositet romlig bundet og konkret.<\/p><p>Den rituelle markeringen av et sted (gjennom steinr\u00f8yser, stoffb\u00e5nd, trep\u00e5ler) er et klassisk eksempel p\u00e5 det van Gennep kalte \u00absakralisering av landskapet\u00bb. Yer-Sub er her ikke en person som bor p\u00e5 stedet, men selve den blivende makten i stedet, en distinksjon som er viktig religionsfenomenologisk.<\/p><p>Sammenlignet med det japanske <em><span class=\"iwg-fachbegriff\" data-tooltip=\"I japansk shinto, de dyrkede \u00e5ndevesenene og gudommelige kreftene.\" tabindex=\"0\">kami<\/span><\/em>-konseptet og den romerske <em>genius loci<\/em> viser det seg at stedbundet numinositet er et globalt utbredt konsept som likevel formuleres spesifikt i hver tradisjon. Yer-Sub er en spesielt kompakt og godt dokumentert variant.<\/p>\t\t\t\t\t\t\t\t<\/div>\n\t\t\t\t<\/div>\n\t\t\t\t\t<\/div>\n\t\t\t\t<\/div>\n\t\t<div class=\"elementor-element elementor-element-iwgw-yersub-s12 e-flex e-con-boxed e-con e-parent\" data-id=\"iwgw-yersub-s12\" data-element_type=\"container\" data-e-type=\"container\">\n\t\t\t\t\t<div class=\"e-con-inner\">\n\t\t\t\t<div class=\"elementor-element elementor-element-iwgw-yersub-s12h elementor-widget elementor-widget-heading\" data-id=\"iwgw-yersub-s12h\" data-element_type=\"widget\" data-e-type=\"widget\" data-widget_type=\"heading.default\">\n\t\t\t\t\t<h2 class=\"elementor-heading-title elementor-size-default\">Metodisk refleksjon<\/h2>\t\t\t\t<\/div>\n\t\t<div class=\"elementor-element elementor-element-iwgw-yersub-s12c e-con-full e-flex e-con e-child\" data-id=\"iwgw-yersub-s12c\" data-element_type=\"container\" data-e-type=\"container\">\n\t\t\t\t<div class=\"elementor-element elementor-element-iwgw-yersub-s12t elementor-widget elementor-widget-text-editor\" data-id=\"iwgw-yersub-s12t\" data-element_type=\"widget\" data-e-type=\"widget\" data-widget_type=\"text-editor.default\">\n\t\t\t\t\t\t\t\t\t<p>Yer-Sub-forskningen st\u00e5r foran flere metodiske problemer. F\u00f8rst: Ordet selv er et kompositum, hvis n\u00f8yaktige grammatiske behandling i det gammelturkiske spr\u00e5ket er omdiskutert. Talat Tekins definisjon som \u00aben enkelt makt med et todelt navn\u00bb er akseptert av majoriteten, men ikke uomstridt.<\/p><p>For det andre: Identifikasjonen av Tonyukuk-<span class=\"iwg-fachbegriff\" data-tooltip=\"En tekst risset eller hugget inn i et fast underlag.\" tabindex=\"0\">innskriftens<\/span> Yer-Sub med den etnografisk belagte berg- og kilde-<span class=\"iwg-fachbegriff\" data-tooltip=\"Et kroppsl\u00f8st vesen som tilskrives virkning i verden.\" tabindex=\"0\">\u00e5ndeverdenen<\/span> fra 1800-\/1900-tallet er en hypotese; forskningen har blitt mer forsiktig her.<\/p><p>For det tredje: Den samtidige mobiliseringen av Yer-Sub for \u00f8kologiske bevegelser er vitenskapelig utfordrende. Caroline Humphrey og Bron Taylor har gitt viktige bidrag her, uten \u00e5 avslutte diskusjonen.<\/p>\t\t\t\t\t\t\t\t<\/div>\n\t\t\t\t<\/div>\n\t\t\t\t\t<\/div>\n\t\t\t\t<\/div>\n\t\t<div class=\"elementor-element elementor-element-iwgw-yersub-s13 e-flex e-con-boxed e-con e-parent\" data-id=\"iwgw-yersub-s13\" data-element_type=\"container\" data-e-type=\"container\">\n\t\t\t\t\t<div class=\"e-con-inner\">\n\t\t\t\t<div class=\"elementor-element elementor-element-iwgw-yersub-s13h elementor-widget elementor-widget-heading\" data-id=\"iwgw-yersub-s13h\" data-element_type=\"widget\" data-e-type=\"widget\" data-widget_type=\"heading.default\">\n\t\t\t\t\t<h2 class=\"elementor-heading-title elementor-size-default\">Yer-Sub og den mongolske Naadam<\/h2>\t\t\t\t<\/div>\n\t\t<div class=\"elementor-element elementor-element-iwgw-yersub-s13c e-con-full e-flex e-con e-child\" data-id=\"iwgw-yersub-s13c\" data-element_type=\"container\" data-e-type=\"container\">\n\t\t\t\t<div class=\"elementor-element elementor-element-iwgw-yersub-s13t elementor-widget elementor-widget-text-editor\" data-id=\"iwgw-yersub-s13t\" data-element_type=\"widget\" data-e-type=\"widget\" data-widget_type=\"text-editor.default\">\n\t\t\t\t\t\t\t\t\t<p>En fordypning er verdt forholdet mellom Yer-Sub og den mongolske sommerfesten <em>Naadam<\/em>. Naadam, som feires \u00e5rlig i juli, har sin opprinnelse i tilbedelsene av berg- og kildegudheter og er dermed historisk knyttet til Yer-Sub-komplekset.<\/p><p>De tre klassiske \u00abmannlige spillene\u00bb i Naadam, hesteveddel\u00f8p, bueskyting, bryting, var opprinnelig rituelle demonstrasjoner av stammens styrke foran fjellets beskytter og foran Yer-Sub. Christopher Atwood har beskrevet denne rituelle forankringen i detalj i sin Encyclopedia (2004).<\/p><p>I dagens Mongolia er Naadam en stor nasjonal festival som samtidig er statlig-sekul\u00e6r og religi\u00f8st-tradisjonell ladet. Ovoo-ritualene ved festens begynnelse gj\u00f8r Yer-Sub-laget fortsatt synlig.<\/p>\t\t\t\t\t\t\t\t<\/div>\n\t\t\t\t<\/div>\n\t\t\t\t\t<\/div>\n\t\t\t\t<\/div>\n\t\t<div class=\"elementor-element elementor-element-iwgw-yersub-s14 e-flex e-con-boxed e-con e-parent\" data-id=\"iwgw-yersub-s14\" data-element_type=\"container\" data-e-type=\"container\">\n\t\t\t\t\t<div class=\"e-con-inner\">\n\t\t\t\t<div class=\"elementor-element elementor-element-iwgw-yersub-s14h elementor-widget elementor-widget-heading\" data-id=\"iwgw-yersub-s14h\" data-element_type=\"widget\" data-e-type=\"widget\" data-widget_type=\"heading.default\">\n\t\t\t\t\t<h2 class=\"elementor-heading-title elementor-size-default\">Yer-Sub og de arkeologiske funnene<\/h2>\t\t\t\t<\/div>\n\t\t<div class=\"elementor-element elementor-element-iwgw-yersub-s14c e-con-full e-flex e-con e-child\" data-id=\"iwgw-yersub-s14c\" data-element_type=\"container\" data-e-type=\"container\">\n\t\t\t\t<div class=\"elementor-element elementor-element-iwgw-yersub-s14t elementor-widget elementor-widget-text-editor\" data-id=\"iwgw-yersub-s14t\" data-element_type=\"widget\" data-e-type=\"widget\" data-widget_type=\"text-editor.default\">\n\t\t\t\t\t\t\t\t\t<p>Den arkeologiske funnsituasjonen for Yer-Sub er begrenset, men opplysende. I de s\u00f8rsibirske h\u00f8ysteppene (Tuva, Altai) er <em>kurgan<\/em>-hauger og oppreiste steinp\u00e5ler fra skyter- og hunnertiden bevart, og de tolkes som rituell markering av \u00abhellige steder\u00bb. Om disse markeringene er identiske med det senere Yer-Sub-konseptet, er ikke sikkert fastsl\u00e5tt.<\/p><p>Et spesielt viktig arkeologisk materiale er <em>balbal<\/em>-steinp\u00e5lene fra k\u00f6kt\u00fcrk-tiden, som ble stilt opp i rekker ved kongegraver. Sergei Klyashtorny har diskutert det religi\u00f8se innholdet i disse p\u00e5lene i <em>Drevnetjurkskie pis&#8217;mennye pamjatniki<\/em> (1964).<\/p><p>En forbindelsestese knytter de arkeologiske steinp\u00e5lene til de etnografisk belagte <em>serge<\/em>-p\u00e5lene hos sakha-folket: Begge kan v\u00e6re refleks av en sammenhengende Yer-Sub-markering av steder, med lange kontinuiteter og transformasjoner over to \u00e5rtusener.<\/p>\t\t\t\t\t\t\t\t<\/div>\n\t\t\t\t<\/div>\n\t\t\t\t\t<\/div>\n\t\t\t\t<\/div>\n\t\t<div class=\"elementor-element elementor-element-cp21aa3e2d e-flex e-con-boxed e-con e-parent\" data-id=\"cp21aa3e2d\" data-element_type=\"container\" data-e-type=\"container\">\n\t\t\t\t\t<div class=\"e-con-inner\">\n\t\t\t\t<div class=\"elementor-element elementor-element-cp2524783c elementor-widget elementor-widget-heading\" data-id=\"cp2524783c\" data-element_type=\"widget\" data-e-type=\"widget\" data-widget_type=\"heading.default\">\n\t\t\t\t\t<h2 class=\"elementor-heading-title elementor-size-default\">Yer-Sub som dobbeltbegrep: jord og vann i tengrismen<\/h2>\t\t\t\t<\/div>\n\t\t<div class=\"elementor-element elementor-element-cp274b5427 e-flex e-con-boxed e-con e-child\" data-id=\"cp274b5427\" data-element_type=\"container\" data-e-type=\"container\">\n\t\t\t\t\t<div class=\"e-con-inner\">\n\t\t\t\t<div class=\"elementor-element elementor-element-cp2c867c66 elementor-widget elementor-widget-text-editor\" data-id=\"cp2c867c66\" data-element_type=\"widget\" data-e-type=\"widget\" data-widget_type=\"text-editor.default\">\n\t\t\t\t\t\t\t\t\t<p>Navnet <em>Yer-Sub<\/em>, som p\u00e5 tyrkiske spr\u00e5k ordrett betyr jord-vann, betegner ikke en enkelt klart avgrenset <span class=\"iwg-fachbegriff\" data-tooltip=\"Et vesen som blir tilbedt som gudommelig innenfor en religion.\" tabindex=\"0\">gudom<\/span>, men en samlest\u00f8rrelse: helheten av den midtre verden med sine fjell, elver, kilder og skoger, tenkt som en besjelet, tilbedelsesverdig makt.<\/p><p>Allerede de gammeltyrkiske innskriftene fra Orkhon-dalen fra 700-tallet, de eldste sammenhengende tekstene p\u00e5 et tyrkisk spr\u00e5k, nevner <em>yer sub<\/em> sammen med himmelguden <em>Tengri<\/em> som en instans som v\u00e5ker over folkets skjebne.<\/p><p>Denne tidlige belegging er viktig, fordi den viser at det er tale om en gammel, skriftlig sikret forestilling, og ikke en senere konstruksjon fra etnografien. I Orkhon-innskriftene fremst\u00e5r <em>yer sub<\/em> i samme \u00e5ndedrag som <em>Tengri<\/em>, som makter som griper inn n\u00e5r folket er i n\u00f8d.<\/p><p>Den n\u00f8yaktige teologiske stillingen forblir imidlertid \u00e5pen: Om <em>Yer-Sub<\/em> ble tenkt som en enhet, som en mengde lokal\u00e5nder eller som begge deler samtidig, kan ikke fastsl\u00e5s entydig fra de knappe innskriftstekstene.<\/p><p>I de senere, etnografisk dokumenterte tradisjonene til de s\u00f8rsibirske tyrkfolkene, blant annet altaierne og khakasserne, fremst\u00e5r <em>Yer-Sub<\/em> ofte i flertall som en mengde herrer over bestemte fjell, elver og pass, som reisende bar frem sm\u00e5 offergaver til.<\/p><p>Her viser seg den samme vekslingen mellom enhet og mangfold som ved mange tengristiske begreper. Forskningen, blant annet om altaisk religion, tolker dette som et uttrykk for en religi\u00f8sitet som ikke strengt skiller mellom det lokale og det overgripende. Beslektede forestillinger behandles i artikkelen om <a href=\"https:\/\/iwell-guard.com\/no\/?page_id=141201\">Buga<\/a>.<\/p>\t\t\t\t\t\t\t\t<\/div>\n\t\t\t\t\t<\/div>\n\t\t\t\t<\/div>\n\t\t\t\t\t<\/div>\n\t\t\t\t<\/div>\n\t\t<div class=\"elementor-element elementor-element-iwgw-yersub-lit e-flex e-con-boxed e-con e-parent\" data-id=\"iwgw-yersub-lit\" data-element_type=\"container\" data-e-type=\"container\">\n\t\t\t\t\t<div class=\"e-con-inner\">\n\t\t\t\t<div class=\"elementor-element elementor-element-iwgw-yersub-lith elementor-widget elementor-widget-heading\" data-id=\"iwgw-yersub-lith\" data-element_type=\"widget\" data-e-type=\"widget\" data-widget_type=\"heading.default\">\n\t\t\t\t\t<h2 class=\"elementor-heading-title elementor-size-default\">Litteratur (utvalg)<\/h2>\t\t\t\t<\/div>\n\t\t<div class=\"elementor-element elementor-element-iwgw-yersub-litc e-con-full e-flex e-con e-child\" data-id=\"iwgw-yersub-litc\" data-element_type=\"container\" data-e-type=\"container\">\n\t\t\t\t<div class=\"elementor-element elementor-element-iwgw-yersub-litt elementor-widget elementor-widget-text-editor\" data-id=\"iwgw-yersub-litt\" data-element_type=\"widget\" data-e-type=\"widget\" data-widget_type=\"text-editor.default\">\n\t\t\t\t\t\t\t\t\t<ul><li>Talat Tekin: <em>A Grammar of Orkhon Turkic<\/em> (1968)<\/li><li>Caroline Humphrey: <em>Inside and Outside the Mongol Tent<\/em> (2002)<\/li><li>Jean-Paul Roux: <em>La religion des Turcs et des Mongols<\/em> (1984)<\/li><li>Wilhelm Radloff: <em>Aus Sibirien<\/em> (1893)<\/li><li>Roberte Hamayon: <em>La chasse \u00e0 l&#8217;\u00e2me<\/em> (1990)<\/li><li>Sergei Neklyudov: <em>Mify narodov mira<\/em>, bd. 2 (Moskva 1992)<\/li><li>Vladimir Basilov: <em>Shamanism in Siberia<\/em> (1984)<\/li><\/ul>\t\t\t\t\t\t\t\t<\/div>\n\t\t\t\t<\/div>\n\t\t\t\t\t<\/div>\n\t\t\t\t<\/div>\n\t\t<div class=\"elementor-element elementor-element-iwgkw2-add-yersub e-flex e-con-boxed e-con e-parent\" data-id=\"iwgkw2-add-yersub\" data-element_type=\"container\" data-e-type=\"container\">\n\t\t\t\t\t<div class=\"e-con-inner\">\n\t\t\t\t<div class=\"elementor-element elementor-element-iwgkw2-add-yersub-t elementor-widget elementor-widget-text-editor\" data-id=\"iwgkw2-add-yersub-t\" data-element_type=\"widget\" data-e-type=\"widget\" data-widget_type=\"text-editor.default\">\n\t\t\t\t\t\t\t\t\t<p>Den old<em>tyrkiske<\/em> <em><span class=\"iwg-fachbegriff\" data-tooltip=\"En overlevert fortelling om guder, opphav og verdens ordning.\" tabindex=\"0\">myten<\/span><\/em> i Orkhon-innskriftene fra det \u00e5ttende \u00e5rhundre nevner Yer-Sub som en hellig dobbeltmakt av jord og vann, som sammen med himmelguden Tengri garanterte for herskerens og folkets vel.<\/p>\t\t\t\t\t\t\t\t<\/div>\n\t\t\t\t\t<\/div>\n\t\t\t\t<\/div>\n\t\t<div class=\"elementor-element elementor-element-iwgw-yersub-kwd e-flex e-con-boxed e-con e-parent\" data-id=\"iwgw-yersub-kwd\" data-element_type=\"container\" data-e-type=\"container\">\n\t\t\t\t\t<div class=\"e-con-inner\">\n\t\t<div class=\"elementor-element elementor-element-iwgw-yersub-kwdc e-con-full e-flex e-con e-child\" data-id=\"iwgw-yersub-kwdc\" data-element_type=\"container\" data-e-type=\"container\">\n\t\t\t\t<div class=\"elementor-element elementor-element-iwgw-yersub-kwdt elementor-widget elementor-widget-text-editor\" data-id=\"iwgw-yersub-kwdt\" data-element_type=\"widget\" data-e-type=\"widget\" data-widget_type=\"text-editor.default\">\n\t\t\t\t\t\t\t\t\t<p><em>Beslektede n\u00f8kkelbegreper: Yer-Sub Orkhon Bilge Kagan obo ovoo gazar usu Et\u00fcgen Eke.<\/em><\/p>\t\t\t\t\t\t\t\t<\/div>\n\t\t\t\t<\/div>\n\t\t\t\t\t<\/div>\n\t\t\t\t<\/div>\n\t\t<div class=\"elementor-element elementor-element-iwgw-yersub-cc e-flex e-con-boxed e-con e-parent\" data-id=\"iwgw-yersub-cc\" data-element_type=\"container\" data-e-type=\"container\" id=\"iwg-cc-yer-sub\">\n\t\t\t\t\t<div class=\"e-con-inner\">\n\t\t<div class=\"elementor-element elementor-element-iwgw-yersub-ccinner e-flex e-con-boxed e-con e-parent\" data-id=\"iwgw-yersub-ccinner\" data-element_type=\"container\" data-e-type=\"container\" data-settings=\"{&quot;background_background&quot;:&quot;classic&quot;}\">\n\t\t\t\t\t<div class=\"e-con-inner\">\n\t\t\t\t<div class=\"elementor-element elementor-element-iwgw-yersub-cch elementor-widget elementor-widget-heading\" data-id=\"iwgw-yersub-cch\" data-element_type=\"widget\" data-e-type=\"widget\" data-widget_type=\"heading.default\">\n\t\t\t\t\t<h2 class=\"elementor-heading-title elementor-size-default\">iWell Guard og beskyttelsestradisjoner<\/h2>\t\t\t\t<\/div>\n\t\t\t\t<div class=\"elementor-element elementor-element-iwgw-yersub-cct elementor-widget elementor-widget-text-editor\" data-id=\"iwgw-yersub-cct\" data-element_type=\"widget\" data-e-type=\"widget\" data-widget_type=\"text-editor.default\">\n\t\t\t\t\t\t\t\t\t<div data-nosnippet=\"true\"><p>iWell Guard knytter seg til den kulturhistoriske tradisjonen med b\u00e6rbare beskyttelsesobjekter, i tradisjonen fra <a href=\"https:\/\/iwell-guard.com\/no\/?page_id=141129\">Sibir \/ tengrisme<\/a> og mange andre kulturer verden over. 41 lag, ekte gull, platina, s\u00f8lv, fremstilt i Tyskland. 30 dagers returrett.<\/p><\/div>\t\t\t\t\t\t\t\t<\/div>\n\t\t\t\t<div class=\"elementor-element elementor-element-iwgw-yersub-ccb iwg-cc-button iwg-cc-cta-2026-05-13 elementor-widget elementor-widget-jet-button\" data-id=\"iwgw-yersub-ccb\" data-element_type=\"widget\" data-e-type=\"widget\" data-widget_type=\"jet-button.default\">\n\t\t\t\t<div class=\"elementor-widget-container\">\n\t\t\t\t\t<div class=\"elementor-jet-button jet-elements\"><div class=\"jet-button__container\"><a class=\"jet-button__instance jet-button__instance--icon-left hover-effect-1\" href=\"\/ueber-iwell-guard\/?utm_source=iwell-guard.com&amp;utm_medium=info-box&amp;utm_campaign=wesen-tradition\"><div class=\"jet-button__plane jet-button__plane-normal\"><\/div><div class=\"jet-button__plane jet-button__plane-hover\"><\/div><div class=\"jet-button__state jet-button__state-normal\"><span class=\"jet-button__label\">Mer om iWell Guard<\/span><\/div><div class=\"jet-button__state jet-button__state-hover\"><span class=\"jet-button__label\">Mer om iWell Guard<\/span><\/div><\/a><\/div><\/div><style>.elementor-element.elementor-element-iwgw-yersub-ccb .jet-button__instance{width:320px;height:56px;}.elementor-element.elementor-element-iwgw-yersub-ccb .jet-button__state-normal .jet-button__label{text-align:center;margin:0px 0px 0px 0px;color:#1a1b20;font-family:Montserrat,sans-serif;font-size:13px;font-weight:400;letter-spacing:4px;line-height:1.714em;text-transform:uppercase;}.elementor-element.elementor-element-iwgw-yersub-ccb .jet-button__state-hover .jet-button__label{text-align:center;margin:0px 0px 0px 0px;color:#FECC76;font-family:Montserrat,sans-serif;font-size:13px;font-weight:400;letter-spacing:4px;line-height:1.714em;text-transform:uppercase;}.elementor-element.elementor-element-iwgw-yersub-ccb .jet-button__plane-normal{background-color:#FECC76;border-style:solid;border-color:#C99540;border-width:2px 2px 2px 2px;}.elementor-element.elementor-element-iwgw-yersub-ccb .jet-button__plane-hover{background-color:rgba(0,0,0,0.55);border-style:solid;border-color:#FECC76;border-width:2px 2px 2px 2px;}<\/style>\t\t\t\t<\/div>\n\t\t\t\t<\/div>\n\t\t\t\t<div class=\"elementor-element elementor-element-iwgw-yersub-ccd elementor-widget elementor-widget-text-editor\" data-id=\"iwgw-yersub-ccd\" data-element_type=\"widget\" data-e-type=\"widget\" data-widget_type=\"text-editor.default\">\n\t\t\t\t\t\t\t\t\t<div data-nosnippet=\"true\"><p style=\"text-align:center;font-size:13px;opacity:0.7;margin-top:14px\" data-nosnippet=\"true\">Personlige erfaringer kan variere. Ikke et medisinsk produkt. Ingen garanti for helbredelse.<\/p><\/div>\t\t\t\t\t\t\t\t<\/div>\n\t\t\t\t\t<\/div>\n\t\t\t\t<\/div>\n\t\t\t\t\t<\/div>\n\t\t\t\t<\/div>\n\t\t<div class=\"elementor-element elementor-element-iwgw-yersub-disc e-flex e-con-boxed e-con e-parent\" data-id=\"iwgw-yersub-disc\" data-element_type=\"container\" data-e-type=\"container\">\n\t\t\t\t\t<div class=\"e-con-inner\">\n\t\t\t\t<div class=\"elementor-element elementor-element-iwgw-yersub-discw elementor-widget elementor-widget-html\" data-id=\"iwgw-yersub-discw\" data-element_type=\"widget\" data-e-type=\"widget\" data-widget_type=\"html.default\">\n\t\t\t\t\t<footer data-nosnippet=\"true\" class=\"iwg-disclaimer-block\"><p data-nosnippet=\"true\">iWell Guard er <strong>ikke et medisinsk produkt<\/strong> og erstatter ingen medisinsk eller psykoterapeutisk behandling. Det religionsvitenskapelige innholdet er kulturhistorisk plassering, ikke en anbefaling om spirituell praksis.<\/p><\/footer>\t\t\t\t<\/div>\n\t\t\t\t\t<\/div>\n\t\t\t\t<\/div>\n\t\t\t\t<\/div>\n\t\t","protected":false},"excerpt":{"rendered":"","protected":false},"author":3,"featured_media":2856,"parent":0,"menu_order":0,"comment_status":"closed","ping_status":"closed","template":"elementor_header_footer","meta":{"_yoast_wpseo_focuskw":"Yer-Sub jord vann tengrisme","_yoast_wpseo_title":"Yer-Sub \u2013 tyrkisk jord-vann-makt, mytologi og kilder","_yoast_wpseo_metadesc":"Yer-Sub betegner i den gammeltyrkisk-tengristiske troen den hellige makten til jord og vann. Religionsvitenskapelig plassering med kilder.","_yoast_wpseo_meta-robots-noindex":"","_yoast_wpseo_canonical":"","_angie_page":false,"gefaehrdungsstufe":"2","wesen_kultur":"sibirisch-tengrismus","wesen_klasse":"geister","footnotes":""},"categories":[],"class_list":["post-141197","page","type-page","status-publish","has-post-thumbnail","hentry"],"yoast_head":"<!-- This site is optimized with the Yoast SEO Premium plugin v27.7 (Yoast SEO v28.3) - https:\/\/yoast.com\/product\/yoast-seo-premium-wordpress\/ -->\n<title>Yer-Sub \u2013 tyrkisk jord-vann-makt, mytologi og kilder<\/title>\n<meta name=\"description\" content=\"Yer-Sub betegner i den gammeltyrkisk-tengristiske troen den hellige makten til jord og vann. Religionsvitenskapelig plassering med kilder.\" \/>\n<meta name=\"robots\" content=\"index, follow, max-snippet:-1, max-image-preview:large, max-video-preview:-1\" \/>\n<link rel=\"canonical\" href=\"https:\/\/iwell-guard.com\/no\/yer-sub-jord-og-vannand\/\" \/>\n<meta property=\"og:locale\" content=\"nb_NO\" \/>\n<meta property=\"og:type\" content=\"article\" \/>\n<meta property=\"og:title\" content=\"Yer-Sub \u2013 jord- og vann\u00e5nd hos tyrkerne\" \/>\n<meta property=\"og:description\" content=\"Yer-Sub betegner i den gammeltyrkisk-tengristiske troen den hellige makten til jord og vann. Religionsvitenskapelig plassering med kilder.\" \/>\n<meta property=\"og:url\" content=\"https:\/\/iwell-guard.com\/no\/yer-sub-jord-og-vannand\/\" \/>\n<meta property=\"og:site_name\" content=\"iWell Guard\" \/>\n<meta property=\"article:modified_time\" content=\"2026-09-03T09:44:39+00:00\" \/>\n<meta property=\"og:image\" content=\"https:\/\/iwell-guard.com\/wp-content\/uploads\/2026\/05\/geister_sibirisch-tengrismus_yer-sub.webp\" \/>\n\t<meta property=\"og:image:width\" content=\"1024\" \/>\n\t<meta property=\"og:image:height\" content=\"1536\" \/>\n\t<meta property=\"og:image:type\" content=\"image\/webp\" \/>\n<meta name=\"twitter:card\" content=\"summary_large_image\" \/>\n<script type=\"application\/ld+json\" class=\"yoast-schema-graph\">{\"@context\":\"https:\\\/\\\/schema.org\",\"@graph\":[{\"@type\":\"WebPage\",\"@id\":\"https:\\\/\\\/iwell-guard.com\\\/no\\\/yer-sub-jord-og-vannand\\\/\",\"url\":\"https:\\\/\\\/iwell-guard.com\\\/no\\\/yer-sub-jord-og-vannand\\\/\",\"name\":\"Yer-Sub \u2013 tyrkisk jord-vann-makt, mytologi og kilder\",\"isPartOf\":{\"@id\":\"https:\\\/\\\/iwell-guard.com\\\/no\\\/#website\"},\"primaryImageOfPage\":{\"@id\":\"https:\\\/\\\/iwell-guard.com\\\/no\\\/yer-sub-jord-og-vannand\\\/#primaryimage\"},\"image\":{\"@id\":\"https:\\\/\\\/iwell-guard.com\\\/no\\\/yer-sub-jord-og-vannand\\\/#primaryimage\"},\"thumbnailUrl\":\"https:\\\/\\\/iwell-guard.com\\\/wp-content\\\/uploads\\\/2026\\\/05\\\/geister_sibirisch-tengrismus_yer-sub.webp\",\"datePublished\":\"2026-09-03T09:17:41+00:00\",\"dateModified\":\"2026-09-03T09:44:39+00:00\",\"description\":\"Yer-Sub betegner i den gammeltyrkisk-tengristiske troen den hellige makten til jord og vann. Religionsvitenskapelig plassering med kilder.\",\"breadcrumb\":{\"@id\":\"https:\\\/\\\/iwell-guard.com\\\/no\\\/yer-sub-jord-og-vannand\\\/#breadcrumb\"},\"inLanguage\":\"nb-NO\",\"potentialAction\":[{\"@type\":\"ReadAction\",\"target\":[\"https:\\\/\\\/iwell-guard.com\\\/no\\\/yer-sub-jord-og-vannand\\\/\"]}]},{\"@type\":\"ImageObject\",\"inLanguage\":\"nb-NO\",\"@id\":\"https:\\\/\\\/iwell-guard.com\\\/no\\\/yer-sub-jord-og-vannand\\\/#primaryimage\",\"url\":\"https:\\\/\\\/iwell-guard.com\\\/wp-content\\\/uploads\\\/2026\\\/05\\\/geister_sibirisch-tengrismus_yer-sub.webp\",\"contentUrl\":\"https:\\\/\\\/iwell-guard.com\\\/wp-content\\\/uploads\\\/2026\\\/05\\\/geister_sibirisch-tengrismus_yer-sub.webp\",\"width\":1024,\"height\":1536,\"caption\":\"\u00c5nder fra den sibirisk-tengristiske tradisjonen.\"},{\"@type\":\"BreadcrumbList\",\"@id\":\"https:\\\/\\\/iwell-guard.com\\\/no\\\/yer-sub-jord-og-vannand\\\/#breadcrumb\",\"itemListElement\":[{\"@type\":\"ListItem\",\"position\":1,\"name\":\"Start\",\"item\":\"https:\\\/\\\/iwell-guard.com\\\/no\\\/?page_id=140795\"},{\"@type\":\"ListItem\",\"position\":2,\"name\":\"Yer-Sub \u2013 jord- og vann\u00e5nd hos tyrkerne\"}]},{\"@type\":\"WebSite\",\"@id\":\"https:\\\/\\\/iwell-guard.com\\\/no\\\/#website\",\"url\":\"https:\\\/\\\/iwell-guard.com\\\/no\\\/\",\"name\":\"iWell Guard\",\"description\":\"Schutz vor dunklen Einfl\u00fcssen\",\"publisher\":{\"@id\":\"https:\\\/\\\/iwell-guard.com\\\/no\\\/#organization\"},\"potentialAction\":[{\"@type\":\"SearchAction\",\"target\":{\"@type\":\"EntryPoint\",\"urlTemplate\":\"https:\\\/\\\/iwell-guard.com\\\/no\\\/?s={search_term_string}\"},\"query-input\":{\"@type\":\"PropertyValueSpecification\",\"valueRequired\":true,\"valueName\":\"search_term_string\"}}],\"inLanguage\":\"nb-NO\"},{\"@type\":\"Organization\",\"@id\":\"https:\\\/\\\/iwell-guard.com\\\/no\\\/#organization\",\"name\":\"Ittermann electronic GmbH\",\"url\":\"https:\\\/\\\/iwell-guard.com\\\/no\\\/\",\"logo\":{\"@type\":\"ImageObject\",\"inLanguage\":\"nb-NO\",\"@id\":\"https:\\\/\\\/iwell-guard.com\\\/no\\\/#\\\/schema\\\/logo\\\/image\\\/\",\"url\":\"https:\\\/\\\/iwell-guard.com\\\/wp-content\\\/uploads\\\/2026\\\/05\\\/Ittermann-Logo-1182x237-1.png\",\"contentUrl\":\"https:\\\/\\\/iwell-guard.com\\\/wp-content\\\/uploads\\\/2026\\\/05\\\/Ittermann-Logo-1182x237-1.png\",\"width\":1182,\"height\":237,\"caption\":\"Ittermann electronic GmbH\"},\"image\":{\"@id\":\"https:\\\/\\\/iwell-guard.com\\\/no\\\/#\\\/schema\\\/logo\\\/image\\\/\"},\"sameAs\":[\"https:\\\/\\\/pantip.com\\\/profile\\\/9367242\",\"https:\\\/\\\/micro.blog\\\/iwellguard\",\"https:\\\/\\\/www.diggerslist.com\\\/iwellguard\\\/about\",\"https:\\\/\\\/skitterphoto.com\\\/photographers\\\/2870314\\\/iwell-guard\",\"https:\\\/\\\/iwellguard.wordpress.com\\\/2026\\\/06\\\/06\\\/iwell-guard\\\/\",\"https:\\\/\\\/hub.docker.com\\\/u\\\/iwellguard\",\"https:\\\/\\\/www.pinterest.com\\\/iwellguard\\\/\",\"https:\\\/\\\/bit.ly\\\/m\\\/iwellguard\",\"https:\\\/\\\/entre-vos-mains.alsace.eu\\\/profiles\\\/iwellguard\\\/activity\",\"https:\\\/\\\/gravatar.com\\\/reallybeded8fd34\",\"https:\\\/\\\/naijamatta.com\\\/iwellguard\",\"https:\\\/\\\/www.goodreads.com\\\/iwellguard\",\"https:\\\/\\\/profile.hatena.ne.jp\\\/iwellguard\\\/\",\"https:\\\/\\\/experiment.com\\\/users\\\/iwellguard\",\"https:\\\/\\\/wakelet.com\\\/@iWellGuard82270\",\"https:\\\/\\\/www.chordie.com\\\/forum\\\/profile.php?id=2555664\",\"https:\\\/\\\/www.instapaper.com\\\/p\\\/17757966\",\"https:\\\/\\\/www.mapleprimes.com\\\/users\\\/iwellguard\",\"https:\\\/\\\/businesslistingplus.com\\\/profile\\\/iwell-guard\\\/\",\"https:\\\/\\\/telegra.ph\\\/iWell-Guard-06-06\",\"https:\\\/\\\/pbase.com\\\/iwellguard\\\/iwellguard\",\"https:\\\/\\\/b.hatena.ne.jp\\\/iwellguard\\\/20260607#bookmark-4788405196491818882\",\"https:\\\/\\\/fliphtml5.com\\\/home\\\/iwellguard\",\"https:\\\/\\\/anyflip.com\\\/homepage\\\/cmiwl#About\",\"https:\\\/\\\/transfur.com\\\/Users\\\/iwellguard\",\"http:\\\/\\\/delphi.larsbo.org\\\/user\\\/iwellguard\",\"https:\\\/\\\/jobs.lajobsportal.org\\\/profiles\\\/8380803-iwell-guard\",\"https:\\\/\\\/md.chaosdorf.de\\\/s\\\/jfbe5SBdJD\",\"https:\\\/\\\/www.lingvolive.com\\\/en-us\\\/profile\\\/9ecaeaca-ce11-4e51-9e71-01d55e2bff36\\\/translations\",\"https:\\\/\\\/www.fitday.com\\\/fitness\\\/forums\\\/members\\\/iwellguard.html\",\"https:\\\/\\\/www.mymeetbook.com\\\/iwellguard\",\"https:\\\/\\\/pxhere.com\\\/en\\\/photographer-me\\\/5040798\",\"https:\\\/\\\/disqus.com\\\/by\\\/iwellguard\\\/about\\\/\",\"https:\\\/\\\/pastelink.net\\\/hjwciqwq\",\"https:\\\/\\\/pubhtml5.com\\\/homepage\\\/scjhn\\\/\",\"https:\\\/\\\/www.bitchute.com\\\/channel\\\/2O2eOKzNqujT\",\"https:\\\/\\\/audiomack.com\\\/iwellguard\"]},{\"@type\":\"Article\",\"@id\":\"https:\\\/\\\/iwell-guard.com\\\/no\\\/yer-sub-jord-og-vannand\\\/#article\",\"isPartOf\":{\"@id\":\"https:\\\/\\\/iwell-guard.com\\\/no\\\/yer-sub-jord-og-vannand\\\/\"},\"author\":{\"name\":\"Ralf Ittermann\",\"@id\":\"https:\\\/\\\/iwell-guard.com\\\/no\\\/#\\\/schema\\\/person\\\/ee2a27f1cac3406c7c6fb5820cb7349f\"},\"headline\":\"Yer-Sub \u2013 jord- og vann\u00e5nd hos tyrkerne\",\"datePublished\":\"2026-09-03T09:17:41+00:00\",\"dateModified\":\"2026-09-03T09:44:39+00:00\",\"mainEntityOfPage\":{\"@id\":\"https:\\\/\\\/iwell-guard.com\\\/no\\\/yer-sub-jord-og-vannand\\\/\"},\"publisher\":{\"@id\":\"https:\\\/\\\/iwell-guard.com\\\/no\\\/#organization\"},\"image\":{\"@id\":\"https:\\\/\\\/iwell-guard.com\\\/no\\\/yer-sub-jord-og-vannand\\\/#primaryimage\"},\"thumbnailUrl\":\"https:\\\/\\\/iwell-guard.com\\\/wp-content\\\/uploads\\\/2026\\\/05\\\/geister_sibirisch-tengrismus_yer-sub.webp\",\"inLanguage\":\"nb-NO\",\"description\":\"Yer-Sub betegner i den gammeltyrkisk-tengristiske troen den hellige makten til jord og vann. Religionsvitenskapelig plassering med kilder.\"}]}<\/script>\n<!-- \/ Yoast SEO Premium plugin. -->","yoast_head_json":{"title":"Yer-Sub \u2013 tyrkisk jord-vann-makt, mytologi og kilder","description":"Yer-Sub betegner i den gammeltyrkisk-tengristiske troen den hellige makten til jord og vann. Religionsvitenskapelig plassering med kilder.","robots":{"index":"index","follow":"follow","max-snippet":"max-snippet:-1","max-image-preview":"max-image-preview:large","max-video-preview":"max-video-preview:-1"},"canonical":"https:\/\/iwell-guard.com\/no\/yer-sub-jord-og-vannand\/","og_locale":"nb_NO","og_type":"article","og_title":"Yer-Sub \u2013 jord- og vann\u00e5nd hos tyrkerne","og_description":"Yer-Sub betegner i den gammeltyrkisk-tengristiske troen den hellige makten til jord og vann. Religionsvitenskapelig plassering med kilder.","og_url":"https:\/\/iwell-guard.com\/no\/yer-sub-jord-og-vannand\/","og_site_name":"iWell Guard","article_modified_time":"2026-09-03T09:44:39+00:00","og_image":[{"width":1024,"height":1536,"url":"https:\/\/iwell-guard.com\/wp-content\/uploads\/2026\/05\/geister_sibirisch-tengrismus_yer-sub.webp","type":"image\/webp"}],"twitter_card":"summary_large_image","schema":{"@context":"https:\/\/schema.org","@graph":[{"@type":"Article","@id":"https:\/\/iwell-guard.com\/no\/yer-sub-jord-og-vannand\/#article","isPartOf":{"@id":"https:\/\/iwell-guard.com\/no\/yer-sub-jord-og-vannand\/"},"author":{"name":"Ralf Ittermann","@id":"https:\/\/iwell-guard.com\/no\/#\/schema\/person\/ee2a27f1cac3406c7c6fb5820cb7349f"},"headline":"Yer-Sub \u2013 jord- og vann\u00e5nd hos tyrkerne","datePublished":"2026-09-03T09:17:41+00:00","dateModified":"2026-09-03T09:44:39+00:00","mainEntityOfPage":{"@id":"https:\/\/iwell-guard.com\/no\/yer-sub-jord-og-vannand\/"},"publisher":{"@id":"https:\/\/iwell-guard.com\/no\/#organization"},"image":{"@id":"https:\/\/iwell-guard.com\/no\/yer-sub-jord-og-vannand\/#primaryimage"},"thumbnailUrl":"https:\/\/iwell-guard.com\/wp-content\/uploads\/2026\/05\/geister_sibirisch-tengrismus_yer-sub.webp","inLanguage":"nb-NO","description":"Yer-Sub betegner i den gammeltyrkisk-tengristiske troen den hellige makten til jord og vann. Religionsvitenskapelig plassering med kilder."},{"@type":"WebPage","@id":"https:\/\/iwell-guard.com\/no\/yer-sub-jord-og-vannand\/","url":"https:\/\/iwell-guard.com\/no\/yer-sub-jord-og-vannand\/","name":"Yer-Sub \u2013 tyrkisk jord-vann-makt, mytologi og kilder","isPartOf":{"@id":"https:\/\/iwell-guard.com\/no\/#website"},"primaryImageOfPage":{"@id":"https:\/\/iwell-guard.com\/no\/yer-sub-jord-og-vannand\/#primaryimage"},"image":{"@id":"https:\/\/iwell-guard.com\/no\/yer-sub-jord-og-vannand\/#primaryimage"},"thumbnailUrl":"https:\/\/iwell-guard.com\/wp-content\/uploads\/2026\/05\/geister_sibirisch-tengrismus_yer-sub.webp","datePublished":"2026-09-03T09:17:41+00:00","dateModified":"2026-09-03T09:44:39+00:00","description":"Yer-Sub betegner i den gammeltyrkisk-tengristiske troen den hellige makten til jord og vann. Religionsvitenskapelig plassering med kilder.","breadcrumb":{"@id":"https:\/\/iwell-guard.com\/no\/yer-sub-jord-og-vannand\/#breadcrumb"},"inLanguage":"nb-NO","potentialAction":[{"@type":"ReadAction","target":["https:\/\/iwell-guard.com\/no\/yer-sub-jord-og-vannand\/"]}]},{"@type":"ImageObject","inLanguage":"nb-NO","@id":"https:\/\/iwell-guard.com\/no\/yer-sub-jord-og-vannand\/#primaryimage","url":"https:\/\/iwell-guard.com\/wp-content\/uploads\/2026\/05\/geister_sibirisch-tengrismus_yer-sub.webp","contentUrl":"https:\/\/iwell-guard.com\/wp-content\/uploads\/2026\/05\/geister_sibirisch-tengrismus_yer-sub.webp","width":1024,"height":1536,"caption":"\u00c5nder fra den sibirisk-tengristiske tradisjonen."},{"@type":"BreadcrumbList","@id":"https:\/\/iwell-guard.com\/no\/yer-sub-jord-og-vannand\/#breadcrumb","itemListElement":[{"@type":"ListItem","position":1,"name":"Start","item":"https:\/\/iwell-guard.com\/no\/?page_id=140795"},{"@type":"ListItem","position":2,"name":"Yer-Sub \u2013 jord- og vann\u00e5nd hos tyrkerne"}]},{"@type":"WebSite","@id":"https:\/\/iwell-guard.com\/no\/#website","url":"https:\/\/iwell-guard.com\/no\/","name":"iWell Guard","description":"Schutz vor dunklen Einfl\u00fcssen","publisher":{"@id":"https:\/\/iwell-guard.com\/no\/#organization"},"potentialAction":[{"@type":"SearchAction","target":{"@type":"EntryPoint","urlTemplate":"https:\/\/iwell-guard.com\/no\/?s={search_term_string}"},"query-input":{"@type":"PropertyValueSpecification","valueRequired":true,"valueName":"search_term_string"}}],"inLanguage":"nb-NO"},{"@type":"Organization","@id":"https:\/\/iwell-guard.com\/no\/#organization","name":"Ittermann electronic GmbH","url":"https:\/\/iwell-guard.com\/no\/","logo":{"@type":"ImageObject","inLanguage":"nb-NO","@id":"https:\/\/iwell-guard.com\/no\/#\/schema\/logo\/image\/","url":"https:\/\/iwell-guard.com\/wp-content\/uploads\/2026\/05\/Ittermann-Logo-1182x237-1.png","contentUrl":"https:\/\/iwell-guard.com\/wp-content\/uploads\/2026\/05\/Ittermann-Logo-1182x237-1.png","width":1182,"height":237,"caption":"Ittermann electronic GmbH"},"image":{"@id":"https:\/\/iwell-guard.com\/no\/#\/schema\/logo\/image\/"},"sameAs":["https:\/\/pantip.com\/profile\/9367242","https:\/\/micro.blog\/iwellguard","https:\/\/www.diggerslist.com\/iwellguard\/about","https:\/\/skitterphoto.com\/photographers\/2870314\/iwell-guard","https:\/\/iwellguard.wordpress.com\/2026\/06\/06\/iwell-guard\/","https:\/\/hub.docker.com\/u\/iwellguard","https:\/\/www.pinterest.com\/iwellguard\/","https:\/\/bit.ly\/m\/iwellguard","https:\/\/entre-vos-mains.alsace.eu\/profiles\/iwellguard\/activity","https:\/\/gravatar.com\/reallybeded8fd34","https:\/\/naijamatta.com\/iwellguard","https:\/\/www.goodreads.com\/iwellguard","https:\/\/profile.hatena.ne.jp\/iwellguard\/","https:\/\/experiment.com\/users\/iwellguard","https:\/\/wakelet.com\/@iWellGuard82270","https:\/\/www.chordie.com\/forum\/profile.php?id=2555664","https:\/\/www.instapaper.com\/p\/17757966","https:\/\/www.mapleprimes.com\/users\/iwellguard","https:\/\/businesslistingplus.com\/profile\/iwell-guard\/","https:\/\/telegra.ph\/iWell-Guard-06-06","https:\/\/pbase.com\/iwellguard\/iwellguard","https:\/\/b.hatena.ne.jp\/iwellguard\/20260607#bookmark-4788405196491818882","https:\/\/fliphtml5.com\/home\/iwellguard","https:\/\/anyflip.com\/homepage\/cmiwl#About","https:\/\/transfur.com\/Users\/iwellguard","http:\/\/delphi.larsbo.org\/user\/iwellguard","https:\/\/jobs.lajobsportal.org\/profiles\/8380803-iwell-guard","https:\/\/md.chaosdorf.de\/s\/jfbe5SBdJD","https:\/\/www.lingvolive.com\/en-us\/profile\/9ecaeaca-ce11-4e51-9e71-01d55e2bff36\/translations","https:\/\/www.fitday.com\/fitness\/forums\/members\/iwellguard.html","https:\/\/www.mymeetbook.com\/iwellguard","https:\/\/pxhere.com\/en\/photographer-me\/5040798","https:\/\/disqus.com\/by\/iwellguard\/about\/","https:\/\/pastelink.net\/hjwciqwq","https:\/\/pubhtml5.com\/homepage\/scjhn\/","https:\/\/www.bitchute.com\/channel\/2O2eOKzNqujT","https:\/\/audiomack.com\/iwellguard"]},{"@type":"Person","@id":"https:\/\/iwell-guard.com\/no\/#\/schema\/person\/ee2a27f1cac3406c7c6fb5820cb7349f","name":"Ralf Ittermann","image":{"@type":"ImageObject","inLanguage":"nb-NO","@id":"https:\/\/secure.gravatar.com\/avatar\/073c0153e350a5005b68eb752b445fea71f6b24a26da9449ad7e155e6b446c9d?s=96&d=mm&r=g","url":"https:\/\/secure.gravatar.com\/avatar\/073c0153e350a5005b68eb752b445fea71f6b24a26da9449ad7e155e6b446c9d?s=96&d=mm&r=g","contentUrl":"https:\/\/secure.gravatar.com\/avatar\/073c0153e350a5005b68eb752b445fea71f6b24a26da9449ad7e155e6b446c9d?s=96&d=mm&r=g","caption":"Ralf Ittermann"},"givenName":"Ralf","familyName":"Ittermann","jobTitle":"Gesch\u00e4ftsf\u00fchrer und redaktioneller Verantwortlicher","url":"https:\/\/iwell-guard.com\/no\/author\/claude\/","description":"Ralf Ittermann ist Gesch\u00e4ftsf\u00fchrer der Ittermann electronic GmbH und redaktioneller Verantwortlicher des iWell-Guard-Lexikons. Er verbindet langj\u00e4hrige Erfahrung in der Pr\u00e4zisionsfertigung mit medialer Praxis und religionsgeschichtlicher Quellenarbeit.","worksFor":{"@type":"Organization","name":"Ittermann electronic GmbH","url":"https:\/\/ittermann.de\/","address":{"@type":"PostalAddress","streetAddress":"K\u00f6hlergasse 16-18","postalCode":"99842","addressLocality":"Ruhla","addressCountry":"DE"}},"knowsAbout":["Religionsgeschichte","Mythologie","Mediale Praxis","Energetische Diagnostik","Schutzpraxis","Volksglauben","Westliche Esoterik"]},{"@type":"Article","@id":"https:\/\/iwell-guard.com\/no\/yer-sub-jord-og-vannand\/#article","isPartOf":{"@id":"https:\/\/iwell-guard.com\/no\/yer-sub-jord-og-vannand\/"},"author":{"name":"Ralf Ittermann","@id":"https:\/\/iwell-guard.com\/no\/#\/schema\/person\/ee2a27f1cac3406c7c6fb5820cb7349f"},"headline":"Yer-Sub \u2013 jord- og vann\u00e5nd hos tyrkerne","datePublished":"2026-09-03T09:17:41+00:00","dateModified":"2026-09-03T09:44:39+00:00","mainEntityOfPage":{"@id":"https:\/\/iwell-guard.com\/no\/yer-sub-jord-og-vannand\/"},"publisher":{"@id":"https:\/\/iwell-guard.com\/no\/#organization"},"image":{"@id":"https:\/\/iwell-guard.com\/no\/yer-sub-jord-og-vannand\/#primaryimage"},"thumbnailUrl":"https:\/\/iwell-guard.com\/wp-content\/uploads\/2026\/05\/geister_sibirisch-tengrismus_yer-sub.webp","inLanguage":"nb-NO","description":"Yer-Sub betegner i den gammeltyrkisk-tengristiske troen den hellige makten til jord og vann. Religionsvitenskapelig plassering med kilder."}]}},"_links":{"self":[{"href":"https:\/\/iwell-guard.com\/no\/wp-json\/wp\/v2\/pages\/141197","targetHints":{"allow":["GET"]}}],"collection":[{"href":"https:\/\/iwell-guard.com\/no\/wp-json\/wp\/v2\/pages"}],"about":[{"href":"https:\/\/iwell-guard.com\/no\/wp-json\/wp\/v2\/types\/page"}],"author":[{"embeddable":true,"href":"https:\/\/iwell-guard.com\/no\/wp-json\/wp\/v2\/users\/3"}],"replies":[{"embeddable":true,"href":"https:\/\/iwell-guard.com\/no\/wp-json\/wp\/v2\/comments?post=141197"}],"version-history":[{"count":0,"href":"https:\/\/iwell-guard.com\/no\/wp-json\/wp\/v2\/pages\/141197\/revisions"}],"wp:featuredmedia":[{"embeddable":true,"href":"https:\/\/iwell-guard.com\/no\/wp-json\/wp\/v2\/media\/2856"}],"wp:attachment":[{"href":"https:\/\/iwell-guard.com\/no\/wp-json\/wp\/v2\/media?parent=141197"}],"wp:term":[{"taxonomy":"category","embeddable":true,"href":"https:\/\/iwell-guard.com\/no\/wp-json\/wp\/v2\/categories?post=141197"}],"curies":[{"name":"wp","href":"https:\/\/api.w.org\/{rel}","templated":true}]}}