{"id":141192,"date":"2026-09-03T09:17:38","date_gmt":"2026-09-03T09:17:38","guid":{"rendered":"https:\/\/iwell-guard.com\/?page_id=141192"},"modified":"2026-09-03T09:44:28","modified_gmt":"2026-09-03T09:44:28","slug":"reshef-fonikisk-pest-og-krigsgud","status":"publish","type":"page","link":"https:\/\/iwell-guard.com\/no\/reshef-fonikisk-pest-og-krigsgud\/","title":{"rendered":"Reshef \u2013 f\u00f8nikisk pest- og krigsgud"},"content":{"rendered":"\t\t<div data-elementor-type=\"wp-page\" data-elementor-id=\"141192\" class=\"elementor elementor-141192 elementor-2633 elementor-bc-flex-widget\" data-elementor-post-type=\"page\">\n\t\t\t\t<div class=\"elementor-element elementor-element-iwgw-reshef-hero e-flex e-con-boxed e-con e-parent\" data-id=\"iwgw-reshef-hero\" data-element_type=\"container\" data-e-type=\"container\" data-settings=\"{&quot;background_background&quot;:&quot;classic&quot;}\">\n\t\t\t\t\t<div class=\"e-con-inner\">\n\t\t<div class=\"elementor-element elementor-element-iwgw-reshef-hl e-flex e-con-boxed e-con e-child\" data-id=\"iwgw-reshef-hl\" data-element_type=\"container\" data-e-type=\"container\">\n\t\t\t\t\t<div class=\"e-con-inner\">\n\t\t<div class=\"elementor-element elementor-element-iwgw-reshef-htxt e-con-full e-flex e-con e-child\" data-id=\"iwgw-reshef-htxt\" data-element_type=\"container\" data-e-type=\"container\">\n\t\t\t\t<div class=\"elementor-element elementor-element-iwgw-reshef-h1 elementor-widget elementor-widget-heading\" data-id=\"iwgw-reshef-h1\" data-element_type=\"widget\" data-e-type=\"widget\" data-widget_type=\"heading.default\">\n\t\t\t\t\t<h1 class=\"elementor-heading-title elementor-size-default\">Reshef, f\u00f8nikisk-kanaaneisk pest- og krigsgud<\/h1>\t\t\t\t<\/div>\n\t\t\t\t<div class=\"elementor-element elementor-element-iwgw-reshef-lead elementor-widget elementor-widget-text-editor\" data-id=\"iwgw-reshef-lead\" data-element_type=\"widget\" data-e-type=\"widget\" data-widget_type=\"text-editor.default\">\n\t\t\t\t\t\t\t\t\t<p>Reshef (f\u00f8nikisk <em>r\u0161p<\/em>, ugaritisk <em>r\u0161p<\/em>) er den f\u00f8nikisk-kanaaneiske guden for pest, krig og buen. Han ble tilbedt i Midt\u00f8sten og i det faraoniske Egypt som en ambivalent makt: bringer av sykdom og d\u00f8d, samtidig som han var vernegud mot disse onder.<\/p>\t\t\t\t\t\t\t\t<\/div>\n\t\t\t\t<\/div>\n\t\t<div class=\"elementor-element elementor-element-iwgw-reshef-pillc e-con-full e-flex e-con e-child\" data-id=\"iwgw-reshef-pillc\" data-element_type=\"container\" data-e-type=\"container\">\n\t\t\t\t<div class=\"elementor-element elementor-element-iwgw-reshef-pills elementor-widget elementor-widget-html\" data-id=\"iwgw-reshef-pills\" data-element_type=\"widget\" data-e-type=\"widget\" data-widget_type=\"html.default\">\n\t\t\t\t\t<div class=\"iwg-pill-row\"><span class=\"iwg-klasse-badge\" tabindex=\"0\" data-tooltip=\"Gud fra den f\u00f8nikiske tradisjonen.\">Gud<\/span><a href=\"https:\/\/iwell-guard.com\/no\/?page_id=141128\" class=\"iwg-kultur-badge\" tabindex=\"0\" data-tooltip=\"Mytologi fra den f\u00f8nikiske tradisjonen.\">F\u00f8nikisk<\/a><span class=\"iwg-tradition-badge\" tabindex=\"0\" data-tooltip=\"Pest- og krigsgud.\">Pest- og krigsgud<\/span><\/div>\t\t\t\t<\/div>\n\t\t\t\t<\/div>\n\t\t<div class=\"elementor-element elementor-element-iwgw-reshef-tocc e-con-full e-flex e-con e-child\" data-id=\"iwgw-reshef-tocc\" data-element_type=\"container\" data-e-type=\"container\">\n\t\t\t\t<div class=\"elementor-element elementor-element-iwgw-reshef-toc elementor-toc--minimized-on-tablet elementor-widget elementor-widget-table-of-contents\" data-id=\"iwgw-reshef-toc\" data-element_type=\"widget\" data-e-type=\"widget\" data-settings=\"{&quot;headings_by_tags&quot;:[&quot;h2&quot;,&quot;h3&quot;],&quot;minimize_box&quot;:&quot;yes&quot;,&quot;marker_view&quot;:&quot;bullets&quot;,&quot;no_headings_message&quot;:&quot;Det ble ikke funnet noen overskrifter p\\u00e5 denne siden.&quot;,&quot;exclude_headings_by_selector&quot;:[],&quot;icon&quot;:{&quot;value&quot;:&quot;fas fa-circle&quot;,&quot;library&quot;:&quot;fa-solid&quot;,&quot;rendered_tag&quot;:&quot;&lt;svg class=\\&quot;e-font-icon-svg e-fas-circle\\&quot; viewBox=\\&quot;0 0 512 512\\&quot; xmlns=\\&quot;http:\\\/\\\/www.w3.org\\\/2000\\\/svg\\&quot;&gt;&lt;path d=\\&quot;M256 8C119 8 8 119 8 256s111 248 248 248 248-111 248-248S393 8 256 8z\\&quot;&gt;&lt;\\\/path&gt;&lt;\\\/svg&gt;&quot;},&quot;minimized_on&quot;:&quot;tablet&quot;,&quot;hierarchical_view&quot;:&quot;yes&quot;,&quot;min_height&quot;:{&quot;unit&quot;:&quot;px&quot;,&quot;size&quot;:&quot;&quot;,&quot;sizes&quot;:[]},&quot;min_height_tablet&quot;:{&quot;unit&quot;:&quot;px&quot;,&quot;size&quot;:&quot;&quot;,&quot;sizes&quot;:[]},&quot;min_height_mobile&quot;:{&quot;unit&quot;:&quot;px&quot;,&quot;size&quot;:&quot;&quot;,&quot;sizes&quot;:[]}}\" data-widget_type=\"table-of-contents.default\">\n\t\t\t\t\t\t\t\t\t<div class=\"elementor-toc__header\">\n\t\t\t\t\t\t<h2 class=\"elementor-toc__header-title\">\n\t\t\t\tInnholdsfortegnelse\t\t\t<\/h2>\n\t\t\t\t\t\t\t\t\t\t<div class=\"elementor-toc__toggle-button elementor-toc__toggle-button--expand\" role=\"button\" tabindex=\"0\" aria-controls=\"elementor-toc__iwgw-reshef-toc\" aria-expanded=\"true\" aria-label=\"Open table of contents\"><svg aria-hidden=\"true\" class=\"e-font-icon-svg e-fas-chevron-down\" viewBox=\"0 0 448 512\" xmlns=\"http:\/\/www.w3.org\/2000\/svg\"><path d=\"M207.029 381.476L12.686 187.132c-9.373-9.373-9.373-24.569 0-33.941l22.667-22.667c9.357-9.357 24.522-9.375 33.901-.04L224 284.505l154.745-154.021c9.379-9.335 24.544-9.317 33.901.04l22.667 22.667c9.373 9.373 9.373 24.569 0 33.941L240.971 381.476c-9.373 9.372-24.569 9.372-33.942 0z\"><\/path><\/svg><\/div>\n\t\t\t\t<div class=\"elementor-toc__toggle-button elementor-toc__toggle-button--collapse\" role=\"button\" tabindex=\"0\" aria-controls=\"elementor-toc__iwgw-reshef-toc\" aria-expanded=\"true\" aria-label=\"Close table of contents\"><svg aria-hidden=\"true\" class=\"e-font-icon-svg e-fas-chevron-up\" viewBox=\"0 0 448 512\" xmlns=\"http:\/\/www.w3.org\/2000\/svg\"><path d=\"M240.971 130.524l194.343 194.343c9.373 9.373 9.373 24.569 0 33.941l-22.667 22.667c-9.357 9.357-24.522 9.375-33.901.04L224 227.495 69.255 381.516c-9.379 9.335-24.544 9.317-33.901-.04l-22.667-22.667c-9.373-9.373-9.373-24.569 0-33.941L207.03 130.525c9.372-9.373 24.568-9.373 33.941-.001z\"><\/path><\/svg><\/div>\n\t\t\t\t\t<\/div>\n\t\t\t\t<div id=\"elementor-toc__iwgw-reshef-toc\" class=\"elementor-toc__body\">\n\t\t\t<div class=\"elementor-toc__spinner-container\">\n\t\t\t\t<svg class=\"elementor-toc__spinner eicon-animation-spin e-font-icon-svg e-eicon-loading\" aria-hidden=\"true\" viewBox=\"0 0 1000 1000\" xmlns=\"http:\/\/www.w3.org\/2000\/svg\"><path d=\"M500 975V858C696 858 858 696 858 500S696 142 500 142 142 304 142 500H25C25 237 238 25 500 25S975 237 975 500 763 975 500 975Z\"><\/path><\/svg>\t\t\t<\/div>\n\t\t<\/div>\n\t\t\t\t\t\t<\/div>\n\t\t\t\t<\/div>\n\t\t\t\t\t<\/div>\n\t\t\t\t<\/div>\n\t\t<div class=\"elementor-element elementor-element-iwgw-reshef-hr e-con-full e-flex e-con e-child\" data-id=\"iwgw-reshef-hr\" data-element_type=\"container\" data-e-type=\"container\">\n\t\t\t\t<div class=\"elementor-element elementor-element-iwgw-reshef-heroimg iwg-hero-image elementor-widget elementor-widget-image\" data-id=\"iwgw-reshef-heroimg\" data-element_type=\"widget\" data-e-type=\"widget\" data-widget_type=\"image.default\">\n\t\t\t\t\t\t\t\t\t\t\t\t\t\t\t<img fetchpriority=\"high\" decoding=\"async\" width=\"683\" height=\"1024\" src=\"https:\/\/iwell-guard.com\/wp-content\/uploads\/2026\/05\/goetter_phoenizisch_reshef-683x1024.webp\" class=\"attachment-large size-large wp-image-143018\" alt=\"Reshef \u2013 guder fra den f\u00f8nikiske tradisjonen, historisk-illustrativt\" srcset=\"https:\/\/iwell-guard.com\/wp-content\/uploads\/2026\/05\/goetter_phoenizisch_reshef-683x1024.webp 683w, https:\/\/iwell-guard.com\/wp-content\/uploads\/2026\/05\/goetter_phoenizisch_reshef-200x300.webp 200w, https:\/\/iwell-guard.com\/wp-content\/uploads\/2026\/05\/goetter_phoenizisch_reshef-768x1152.webp 768w, https:\/\/iwell-guard.com\/wp-content\/uploads\/2026\/05\/goetter_phoenizisch_reshef.webp 1024w\" sizes=\"(max-width: 683px) 100vw, 683px\" \/>\t\t\t\t\t\t\t\t\t\t\t\t\t\t\t<\/div>\n\t\t\t\t<\/div>\n\t\t\t\t\t<\/div>\n\t\t\t\t<\/div>\n\t\t\t\t<section class=\"elementor-section elementor-top-section elementor-element elementor-element-sec-iwgcomp2-reshef elementor-section-boxed elementor-section-height-default elementor-section-height-default\" data-id=\"sec-iwgcomp2-reshef\" data-element_type=\"section\" data-e-type=\"section\">\n\t\t\t\t\t\t<div class=\"elementor-container elementor-column-gap-default\">\n\t\t\t\t\t<div class=\"elementor-column elementor-col-100 elementor-top-column elementor-element elementor-element-col-iwgcomp2-reshef\" data-id=\"col-iwgcomp2-reshef\" data-element_type=\"column\" data-e-type=\"column\">\n\t\t\t<div class=\"elementor-widget-wrap elementor-element-populated\">\n\t\t\t\t\t\t<div class=\"elementor-element elementor-element-iwgcomp2-reshef elementor-widget elementor-widget-text-editor\" data-id=\"iwgcomp2-reshef\" data-element_type=\"widget\" data-e-type=\"widget\" data-widget_type=\"text-editor.default\">\n\t\t\t\t\t\t\t\t\t<p>Reshef fremst\u00e5r som <strong>f\u00f8nikisk-kanaaneisk<\/strong> pest- og krigsgud i tekstene fra Ugarit og Levanten.<\/p>\t\t\t\t\t\t\t\t<\/div>\n\t\t\t\t\t<\/div>\n\t\t<\/div>\n\t\t\t\t\t<\/div>\n\t\t<\/section>\n\t\t<div class=\"elementor-element elementor-element-iwgw-reshef-s0 e-flex e-con-boxed e-con e-parent\" data-id=\"iwgw-reshef-s0\" data-element_type=\"container\" data-e-type=\"container\">\n\t\t\t\t\t<div class=\"e-con-inner\">\n\t\t\t\t<div class=\"elementor-element elementor-element-iwgw-reshef-s0h elementor-widget elementor-widget-heading\" data-id=\"iwgw-reshef-s0h\" data-element_type=\"widget\" data-e-type=\"widget\" data-widget_type=\"heading.default\">\n\t\t\t\t\t<h2 class=\"elementor-heading-title elementor-size-default\">Innordning og kortprofil<\/h2>\t\t\t\t<\/div>\n\t\t<div class=\"elementor-element elementor-element-iwgw-reshef-s0c e-con-full e-flex e-con e-child\" data-id=\"iwgw-reshef-s0c\" data-element_type=\"container\" data-e-type=\"container\">\n\t\t\t\t<div class=\"elementor-element elementor-element-iwgw-reshef-s0t elementor-widget elementor-widget-text-editor\" data-id=\"iwgw-reshef-s0t\" data-element_type=\"widget\" data-e-type=\"widget\" data-widget_type=\"text-editor.default\">\n\t\t\t\t\t\t\t\t\t<p>Reshef er en av de eldste gudene i den vestsemittiske tradisjonen; han er belagt i Ebla fra den gammelsyriske perioden (slutten av det 3. \u00e5rtusen f.Kr.) og forblir aktiv fram til den hellenistisk-romerske perioden.<\/p><p>Sabatino Moscati har i <em>Die Ph\u00f6niker<\/em> (1966) vist at Reshef spiller en viktig rolle i nesten hver f\u00f8nikisk bystat; hans profil som pestgud og krigsgud gj\u00f8r ham ambivalent, fryktet og samtidig tilkalt om hjelp.<\/p><p>Paolo Xella har i <em>I testi rituali di Ugarit<\/em> (1981) og Maciej M\u00fcnnich i <em>The God Resheph<\/em> (2013) unders\u00f8kt Reshef-tekstene grundig. M\u00fcnnichs monografi er den mest omfattende moderne studien av denne guden og fungerer som standardreferanse. Innenfor <a href=\"https:\/\/iwell-guard.com\/no\/?page_id=141128\">den f\u00f8nikiske tradisjonen<\/a> er Reshef den prototypiske ambivalente guden for sykdom og voldelig d\u00f8d.<\/p><p>Religionshistorisk h\u00f8rer Reshef til den internasjonale familien av &#8216;pestpil&#8217;-guder som forekommer i nesten alle vestasiatiske mytologier: Erra\/Nergal i Mesopotamia, pestgud-aspekter av den greske Apollon, den hettittiske Yarri og flere andre. Disse gudene sender piler som bringer sykdom og d\u00f8d, men kan ogs\u00e5 tilkalles for \u00e5 beskytte mot disse ondene. Denne ambivalensen er kjennetegnet ved Reshef-profilen.<\/p><p>En bemerkelsesverdig egenhet ved Reshef er forbindelsen til hesten: i ugaritiske tekster kalles han av og til &#8216;Reshef av hestene&#8217;, noe som muligens peker p\u00e5 en funksjon som vernegud for stridsvogntroppene. Denne funksjonsbredden, pest, krig, hest, bue, gj\u00f8r Reshef til en kompleks gud med flere aspekter.<\/p>\t\t\t\t\t\t\t\t<\/div>\n\t\t\t\t<\/div>\n\t\t\t\t\t<\/div>\n\t\t\t\t<\/div>\n\t\t<div class=\"elementor-element elementor-element-iwgw-reshef-s1 e-flex e-con-boxed e-con e-parent\" data-id=\"iwgw-reshef-s1\" data-element_type=\"container\" data-e-type=\"container\">\n\t\t\t\t\t<div class=\"e-con-inner\">\n\t\t\t\t<div class=\"elementor-element elementor-element-iwgw-reshef-s1h elementor-widget elementor-widget-heading\" data-id=\"iwgw-reshef-s1h\" data-element_type=\"widget\" data-e-type=\"widget\" data-widget_type=\"heading.default\">\n\t\t\t\t\t<h2 class=\"elementor-heading-title elementor-size-default\">Navn og etymologi<\/h2>\t\t\t\t<\/div>\n\t\t<div class=\"elementor-element elementor-element-iwgw-reshef-s1c e-con-full e-flex e-con e-child\" data-id=\"iwgw-reshef-s1c\" data-element_type=\"container\" data-e-type=\"container\">\n\t\t\t\t<div class=\"elementor-element elementor-element-iwgw-reshef-s1t elementor-widget elementor-widget-text-editor\" data-id=\"iwgw-reshef-s1t\" data-element_type=\"widget\" data-e-type=\"widget\" data-widget_type=\"text-editor.default\">\n\t\t\t\t\t\t\t\t\t<p>Navnet <em>r\u0161p<\/em> er vestsemittisk; etymologien er ikke endelig klarlagt. En plausibel tolkning knytter det til roten <em>r\u0161p<\/em> &#8216;flamme, lyn, gnist&#8217;, noe som ville passe med hans pil- og pest-ikonografi. P\u00e5 hebraisk forekommer <em>re\u0161ef<\/em> som substantiv for &#8216;pil&#8217; eller &#8216;feberaktig sykdom&#8217; (5 Mos 32,24; Job 5,7; H\u00f8ys 8,6), en direkte semantisk arv.<\/p><p>I innskrifter forekommer han som <em>r\u0161p<\/em>, ofte med tilnavn: Reshef-Hagab (&#8216;Reshef av gresshoppen&#8217;), Reshef-Mlk (&#8216;Reshef kongen&#8217;), Reshef-\u0160uluman (&#8216;Reshef av fred&#8217;). Denne mangfoldigheten av tilnavn gjenspeiler hans mange hypostaser i ulike lokale kontekster. I Ebla forekommer han allerede p\u00e5 2400-tallet f.Kr.; i Ugarit er han en fremtredende gud.<\/p><p>I Egypt forekommer han fra Det nye rike som &#8216;Reshep&#8217;, importert til det egyptiske <span class=\"iwg-fachbegriff\" data-tooltip=\"Helheten av gudene i en religion eller kultur.\" tabindex=\"0\">pantheon<\/span>. Farao Amenhotep II (1400-tallet f.Kr.) tilbad ham som krigs- og bueguden; p\u00e5 tallrike steler fra Theben-omr\u00e5det fremstilles han som en skjegget kriger med hjelm og bue.<\/p><p>Den egyptiske Reshef-dyrkingen er en bemerkelsesverdig religionshistorisk importbedrift og er utf\u00f8rlig behandlet i studiene av Izak Cornelius (<em>The Iconography of the Canaanite Gods Reshef and Ba\u02bfal<\/em>, 1994).<\/p><p>Ogs\u00e5 i det arameiske materialet fra det 1. \u00e5rtusen f.Kr. forekommer Reshef i flere innskrifter, blant annet p\u00e5 <span class=\"iwg-fachbegriff\" data-tooltip=\"En oppreist, innskrevet eller avbildet stein- eller treplate.\" tabindex=\"0\">stelen<\/span> til Bar-Rakib fra Sam&#8217;al (700-tallet f.Kr.). Denne arameiske Reshef-tradisjonen viser hvor vedvarende dyrkingen av ham var i den \u00f8stsemittiske <span class=\"iwg-fachbegriff\" data-tooltip=\"Forhistorisk epoke etter bronsealderen, kjennetegnet av jernbearbeiding.\" tabindex=\"0\">jernalderen<\/span>.<\/p>\t\t\t\t\t\t\t\t<\/div>\n\t\t\t\t<\/div>\n\t\t\t\t\t<\/div>\n\t\t\t\t<\/div>\n\t\t<div class=\"elementor-element elementor-element-iwgw-reshef-s2 e-flex e-con-boxed e-con e-parent\" data-id=\"iwgw-reshef-s2\" data-element_type=\"container\" data-e-type=\"container\">\n\t\t\t\t\t<div class=\"e-con-inner\">\n\t\t\t\t<div class=\"elementor-element elementor-element-iwgw-reshef-s2h elementor-widget elementor-widget-heading\" data-id=\"iwgw-reshef-s2h\" data-element_type=\"widget\" data-e-type=\"widget\" data-widget_type=\"heading.default\">\n\t\t\t\t\t<h2 class=\"elementor-heading-title elementor-size-default\">Beskrivelse og ikonografi<\/h2>\t\t\t\t<\/div>\n\t\t<div class=\"elementor-element elementor-element-iwgw-reshef-s2c e-con-full e-flex e-con e-child\" data-id=\"iwgw-reshef-s2c\" data-element_type=\"container\" data-e-type=\"container\">\n\t\t\t\t<div class=\"elementor-element elementor-element-iwgw-reshef-s2t elementor-widget elementor-widget-text-editor\" data-id=\"iwgw-reshef-s2t\" data-element_type=\"widget\" data-e-type=\"widget\" data-widget_type=\"text-editor.default\">\n\t\t\t\t\t\t\t\t\t<p>Reshef fremst\u00e5r i den vestsemittiske og egyptiske ikonografien som en skjegget mann i kort skj\u00f8rt, med hjelm eller en h\u00f8y spisshette, med bue eller strids\u00f8ks i den ene h\u00e5nden og spyd eller skjold i den andre.<\/p><p>En karakteristisk billedtradisjon viser ham med en pil i hevet h\u00e5nd, klar til \u00e5 skyte; en annen billedtype viser ham med et gasellehode p\u00e5 pannen.<\/p><p>Hans hellige dyr er gasellen; i noen fremstillinger rir han p\u00e5 en gaselle eller holder en gaselle i gevirene. Gasellen er religionshistorisk avsl\u00f8rende: den representerer pestpilenes fart og sykdommens flyktighet. Ogs\u00e5 hest og okse forekommer av og til som hans f\u00f8lgedyr.<\/p><p>I Egypt ble Reshef ofte fremstilt sammen med Min (egyptisk fruktbarhetsgud) og Qadeshet (semittisk kj\u00e6rlighetsgudinne, beslektet med Astarte) som en triade; denne &#8216;Reshef-Min-Qadeshet&#8217;-triaden forekommer p\u00e5 flere steler fra Memphis og Tanis. Denne egyptiske triaden er en selvstendig historisk utvikling som ikke er belagt p\u00e5 samme m\u00e5te i moderlandet F\u00f8nikia.<\/p><p>En spesiell egyptisk billedtradisjon viser Reshef med den karakteristiske &#8216;\u0160sm&#8217;-kronen av ringer eller spisshetter, en konvensjon som skiller ham fra egyptiske guder og markerer hans semittiske opphav.<\/p>\t\t\t\t\t\t\t\t<\/div>\n\t\t\t\t<\/div>\n\t\t\t\t\t<\/div>\n\t\t\t\t<\/div>\n\t\t<div class=\"elementor-element elementor-element-iwgw-reshef-s3 e-flex e-con-boxed e-con e-parent\" data-id=\"iwgw-reshef-s3\" data-element_type=\"container\" data-e-type=\"container\">\n\t\t\t\t\t<div class=\"e-con-inner\">\n\t\t\t\t<div class=\"elementor-element elementor-element-iwgw-reshef-s3h elementor-widget elementor-widget-heading\" data-id=\"iwgw-reshef-s3h\" data-element_type=\"widget\" data-e-type=\"widget\" data-widget_type=\"heading.default\">\n\t\t\t\t\t<h2 class=\"elementor-heading-title elementor-size-default\">Mytologiske fortellinger<\/h2>\t\t\t\t<\/div>\n\t\t<div class=\"elementor-element elementor-element-iwgw-reshef-s3c e-con-full e-flex e-con e-child\" data-id=\"iwgw-reshef-s3c\" data-element_type=\"container\" data-e-type=\"container\">\n\t\t\t\t<div class=\"elementor-element elementor-element-iwgw-reshef-s3t elementor-widget elementor-widget-text-editor\" data-id=\"iwgw-reshef-s3t\" data-element_type=\"widget\" data-e-type=\"widget\" data-widget_type=\"text-editor.default\">\n\t\t\t\t\t\t\t\t\t<p>Egentlige myter om Reshef er nesten ikke overlevert; han er prim\u00e6rt en kultisk-rituell gestalt. I ugarittiske tekster fremst\u00e5r han av og til som bud- eller sykdomsgud, uten egen narrativ sekvens. I f\u00f8nikiske innskrifter blir han tilkalt som pest- og krigsgud, uten mytologisk fundament.<\/p><p>En fragmentarisk fortelling forbinder Reshef med de &#8216;sju pilene&#8217; som han sender mot Israels fiender (slik det st\u00e5r i det hebraiske materialet) eller mot f\u00f8nikernes fiender (i vestsemittiske tekster).<\/p><p>I den hebraiske Habakuk-boken (Hab 3,5) fremst\u00e5r Reshef som Jahves f\u00f8lgesvenn, som g\u00e5r foran den gudommelige krigeren: &#8216;Foran ham g\u00e5r pesten, og Resef f\u00f8lger i hans fotspor.&#8217; Denne dobbeltfremtredenen er religionshistorisk opplysende og viser hvor vedvarende Reshef-forestillingene var i den hebraiske poetiske tradisjonen.<\/p><p>I Aqhat-eposet og Keret-eposet blir Reshef av og til tilkalt, uten at han fremst\u00e5r som en handlende figur. Maciej M\u00fcnnich har i <em>The God Resheph<\/em> (2013) gjennomg\u00e5tt og kommentert hele tekstmaterialet; Reshefs mytefattigdom er et funn, ikke en mangel i <span class=\"iwg-fachbegriff\" data-tooltip=\"Overf\u00f8ringen av kunnskap og fortellinger over generasjoner.\" tabindex=\"0\">overleveringen<\/span>.<\/p><p>I Habakuks teofani-visjon (Hab 3,3, 6) fremst\u00e5r Reshef i en imponerende konstellasjon: Foran Jahve g\u00e5r &#8216;Pest&#8217; (Deber) og &#8216;Reshef&#8217; som kosmiske forl\u00f8pere.<\/p><p>Dette sene hebraiske funnet er historisk sv\u00e6rt opplysende, fordi det dokumenterer hvor vedvarende Reshef-forestillingene var i den monoteistiske <span class=\"iwg-fachbegriff\" data-tooltip=\"Den vitenskapelige l\u00e6ren om Gud og om troen i en religion.\" tabindex=\"0\">teologien<\/span>; av den selvstendige guden blir det her en &#8216;gudommelig budbringer&#8217; eller en personifikasjon av Jahves straffemidler.<\/p>\t\t\t\t\t\t\t\t<\/div>\n\t\t\t\t<\/div>\n\t\t\t\t\t<\/div>\n\t\t\t\t<\/div>\n\t\t<div class=\"elementor-element elementor-element-iwgw-reshef-s4 e-flex e-con-boxed e-con e-parent\" data-id=\"iwgw-reshef-s4\" data-element_type=\"container\" data-e-type=\"container\">\n\t\t\t\t\t<div class=\"e-con-inner\">\n\t\t\t\t<div class=\"elementor-element elementor-element-iwgw-reshef-s4h elementor-widget elementor-widget-heading\" data-id=\"iwgw-reshef-s4h\" data-element_type=\"widget\" data-e-type=\"widget\" data-widget_type=\"heading.default\">\n\t\t\t\t\t<h2 class=\"elementor-heading-title elementor-size-default\">Kult og tilbedelse<\/h2>\t\t\t\t<\/div>\n\t\t<div class=\"elementor-element elementor-element-iwgw-reshef-s4c e-con-full e-flex e-con e-child\" data-id=\"iwgw-reshef-s4c\" data-element_type=\"container\" data-e-type=\"container\">\n\t\t\t\t<div class=\"elementor-element elementor-element-iwgw-reshef-s4t elementor-widget elementor-widget-text-editor\" data-id=\"iwgw-reshef-s4t\" data-element_type=\"widget\" data-e-type=\"widget\" data-widget_type=\"text-editor.default\">\n\t\t\t\t\t\t\t\t\t<p>Reshefs viktigste kultsteder i F\u00f8nikia var Byblos, Tyros, Sidon, Beirut, Idalion p\u00e5 Kypros og Sarepta. I det faraoniske Egypt ble han tilbedt i Memphis og Tanis; en egen &#8216;Reshef-by&#8217; (dagens Tell Reshef i F\u00f8nikia?) er nevnt i noen tekster, men er ikke arkeologisk entydig identifisert.<\/p><p>Den viktigste kildebasen er steler og innvielsesinnskrifter; i Karthago, Motya og Sulcis fremst\u00e5r Reshef regelmessig som mottaker av offergaver, ofte sammen med <a href=\"https:\/\/iwell-guard.com\/no\/?page_id=141187\">Baal-Hammon<\/a>, <a href=\"https:\/\/iwell-guard.com\/no\/?page_id=141186\">Tanit<\/a> eller <a href=\"https:\/\/iwell-guard.com\/no\/?page_id=141188\">Eshmun<\/a>. Charles Krahmalkov har i <em>A Phoenician-Punic Grammar<\/em> (2001) og Wolfgang R\u00f6llig i <em>Kanaan\u00e4ischen und aram\u00e4ischen Inschriften<\/em> samlet de viktigste epigrafiske belegg.<\/p><p>I det faraoniske Egypt tilh\u00f8rte Reshef kategorien &#8216;asiatiske guder&#8217;, som ble aktivt fremmet i Det nye riket.<\/p><p>Farao Amenhotep II og hans etterf\u00f8lgere tilbad ham som bue- og krigsgud; Reshef-steler forekommer til og med i den kongelige sf\u00e6ren, blant annet i de tebanske kongegravene. Faraoene identifiserte seg med Reshef som krigerfigur og overf\u00f8rte hans beskyttende kraft til den kongelige personen.<\/p><p>I det faraoniske Egypt ble Reshef ogs\u00e5 tilbedt av privatpersoner; en ber\u00f8mt <span class=\"iwg-fachbegriff\" data-tooltip=\"En oppreist, innskrevet eller avbildet stein- eller treplate.\" tabindex=\"0\">stele<\/span> fra Tanis viser en privatmann kalt &#8216;Pa-Aper-Reshef&#8217;, som retter en b\u00f8nn om helbredelse fra en \u00f8yesykdom til guden. Denne private frommheten er et viktig tegn p\u00e5 kultens folkelige utbredelse i det egyptiske Nye riket.<\/p>\t\t\t\t\t\t\t\t<\/div>\n\t\t\t\t<\/div>\n\t\t\t\t\t<\/div>\n\t\t\t\t<\/div>\n\t\t<div class=\"elementor-element elementor-element-iwgw-reshef-s5 e-flex e-con-boxed e-con e-parent\" data-id=\"iwgw-reshef-s5\" data-element_type=\"container\" data-e-type=\"container\">\n\t\t\t\t\t<div class=\"e-con-inner\">\n\t\t\t\t<div class=\"elementor-element elementor-element-iwgw-reshef-s5h elementor-widget elementor-widget-heading\" data-id=\"iwgw-reshef-s5h\" data-element_type=\"widget\" data-e-type=\"widget\" data-widget_type=\"heading.default\">\n\t\t\t\t\t<h2 class=\"elementor-heading-title elementor-size-default\">Beskyttelsespraksis og apotropeiske trekk<\/h2>\t\t\t\t<\/div>\n\t\t<div class=\"elementor-element elementor-element-iwgw-reshef-s5c e-con-full e-flex e-con e-child\" data-id=\"iwgw-reshef-s5c\" data-element_type=\"container\" data-e-type=\"container\">\n\t\t\t\t<div class=\"elementor-element elementor-element-iwgw-reshef-s5t elementor-widget elementor-widget-text-editor\" data-id=\"iwgw-reshef-s5t\" data-element_type=\"widget\" data-e-type=\"widget\" data-widget_type=\"text-editor.default\">\n\t\t\t\t\t\t\t\t\t<p>Reshefs beskyttende funksjon var dobbelt orientert: beskyttelse mot sykdommer (s\u00e6rlig epidemier, feber, pest) og beskyttelse i krig. I pesttider ble han tilkalt for \u00e5 f\u00e5 slutt p\u00e5 epidemien; i krigstider for \u00e5 f\u00e5 seier over fiendene. Denne ambivalente funksjonen gj\u00f8r ham til en prototypisk apotropeisk gud.<\/p><p><span class=\"iwg-fachbegriff\" data-tooltip=\"Ondt avvergende: om tegn og objekter som skal holde skadelige innflytelser p\u00e5 avstand.\" tabindex=\"0\">Apotropeisk<\/span> ble Reshef-statuetter og amuletter satt opp i hus; sm\u00e5 bronsefigurer av en skridende kriger med hevet strids\u00f8ks er funnet p\u00e5 mange f\u00f8nikiske steder. Skarabeer med Reshef-bue-motiver ble b\u00e5ret som personlige beskyttelsesamuletter. I Ugarit var Reshef-piler utbredt som &#8216;pilamuletter&#8217;.<\/p><p data-nosnippet=\"true\">I f\u00f8nikiske personnavn er Reshef-teofore navn vanlige: Bod-Reshef, Reshef-Bar, Reshef-Jaton (&#8216;Reshef har gitt&#8217;). Denne utbredelsen viser den intense private frommheten. Fra et vitenskapelig perspektiv er Reshefs ambivalente beskyttende funksjon et eksempel p\u00e5 den gammelorientalske oppfatningen at den destruktive og den beskyttende kraften kan ligge i samme h\u00e5nd. iWell Guard f\u00f8rer Reshef som en historisk-religionshistorisk figur uten aktuelle helbredelsesl\u00f8fter.<\/p><p>Reshefs bueamuletter var blant de mest utbredte f\u00f8nikisk-egyptiske beskyttelsesobjektene. De ble lagt i gravgaver, i boliger og i templer. Formen er for det meste en spent bue eller en bue med pil; noen er innskrevet med Reshefs navn eller med f\u00f8nikiske beskyttelsesformularer.<\/p>\t\t\t\t\t\t\t\t<\/div>\n\t\t\t\t<\/div>\n\t\t\t\t\t<\/div>\n\t\t\t\t<\/div>\n\t\t<div class=\"elementor-element elementor-element-iwgw-reshef-s6 e-flex e-con-boxed e-con e-parent\" data-id=\"iwgw-reshef-s6\" data-element_type=\"container\" data-e-type=\"container\">\n\t\t\t\t\t<div class=\"e-con-inner\">\n\t\t\t\t<div class=\"elementor-element elementor-element-iwgw-reshef-s6h elementor-widget elementor-widget-heading\" data-id=\"iwgw-reshef-s6h\" data-element_type=\"widget\" data-e-type=\"widget\" data-widget_type=\"heading.default\">\n\t\t\t\t\t<h2 class=\"elementor-heading-title elementor-size-default\">Paralleller i andre kulturer<\/h2>\t\t\t\t<\/div>\n\t\t<div class=\"elementor-element elementor-element-iwgw-reshef-s6c e-con-full e-flex e-con e-child\" data-id=\"iwgw-reshef-s6c\" data-element_type=\"container\" data-e-type=\"container\">\n\t\t\t\t<div class=\"elementor-element elementor-element-iwgw-reshef-s6t elementor-widget elementor-widget-text-editor\" data-id=\"iwgw-reshef-s6t\" data-element_type=\"widget\" data-e-type=\"widget\" data-widget_type=\"text-editor.default\">\n\t\t\t\t\t\t\t\t\t<p>Reshef er historisk n\u00e6rt knyttet til Nergal og Erra i Mesopotamia, begge guder for pest og krig. Med Erra deler han pil-pest-<span class=\"iwg-fachbegriff\" data-tooltip=\"Et gjentakende innholdselement i kunst eller fortelling.\" tabindex=\"0\">motivet<\/span>; med Nergal underverdenskomponenten i noen senere tekster.<\/p><p>Ogs\u00e5 den hettittiske Yarri, en bue-pestgud, er funksjonelt n\u00e6rt knyttet til ham; Volkert Haas har i <em>Materia Magica et Medica Hethitica<\/em> (2003) behandlet den <a href=\"https:\/\/iwell-guard.com\/no\/?page_id=141127\">hettittiske<\/a> pestgudetradisjonen.<\/p><p>Med den greske Apollon deler Reshef bue- og pestkomponenten; i Iliaden skyter Apollon pestpiler mot den akaiske h\u00e6ren, en direkte parallell til Reshef-ikonografien. Walter Burkert har i <em>Die orientalisierende Epoche<\/em> (1984) p\u00e5pekt at pestpil-motivet sannsynligvis ble overf\u00f8rt fra det vestsemittiske omr\u00e5det til den greske Apollon-tradisjonen.<\/p><p>I det hebraiske materialet er Reshef fortsatt til stede som &#8216;re\u0161ef&#8217; for pil og pest; i Hab 3,5 fremst\u00e5r han til og med som en gudommelig f\u00f8lgesvenn. Denne vedholdende tilstedev\u00e6relsen av Reshef-forestillinger er religionshistorisk bemerkelsesverdig. I den senere j\u00f8diske og kristne tradisjonen blir han deretter redusert til &#8216;Guds pil&#8217; eller &#8216;plage&#8217;, uten selvstendig gudommelighet.<\/p><p>Ogs\u00e5 p\u00e5 det kypriotiske Idalion ble Reshef fremtredende tilbedt; en tospr\u00e5klig <span class=\"iwg-fachbegriff\" data-tooltip=\"En tekst som er risset eller hugget inn i et fast underlag.\" tabindex=\"0\">innskrift<\/span> fra Idalion (5. \u00e5rhundre f.Kr., f\u00f8nikisk-gresk) identifiserer Reshef-Mikal med den greske Apollon Amyklaios. Denne identifiseringen er historisk h\u00f8yst opplysende.<\/p>\t\t\t\t\t\t\t\t<\/div>\n\t\t\t\t<\/div>\n\t\t\t\t\t<\/div>\n\t\t\t\t<\/div>\n\t\t<div class=\"elementor-element elementor-element-iwgw-reshef-s7 e-flex e-con-boxed e-con e-parent\" data-id=\"iwgw-reshef-s7\" data-element_type=\"container\" data-e-type=\"container\">\n\t\t\t\t\t<div class=\"e-con-inner\">\n\t\t\t\t<div class=\"elementor-element elementor-element-iwgw-reshef-s7h elementor-widget elementor-widget-heading\" data-id=\"iwgw-reshef-s7h\" data-element_type=\"widget\" data-e-type=\"widget\" data-widget_type=\"heading.default\">\n\t\t\t\t\t<h2 class=\"elementor-heading-title elementor-size-default\">Dagens mottakelse og forskning<\/h2>\t\t\t\t<\/div>\n\t\t<div class=\"elementor-element elementor-element-iwgw-reshef-s7c e-con-full e-flex e-con e-child\" data-id=\"iwgw-reshef-s7c\" data-element_type=\"container\" data-e-type=\"container\">\n\t\t\t\t<div class=\"elementor-element elementor-element-iwgw-reshef-s7t elementor-widget elementor-widget-text-editor\" data-id=\"iwgw-reshef-s7t\" data-element_type=\"widget\" data-e-type=\"widget\" data-widget_type=\"text-editor.default\">\n\t\t\t\t\t\t\t\t\t<p>Reshef-forskningen er i dag p\u00e5 et h\u00f8yt niv\u00e5. Maciej M\u00fcnnichs monografi <em>The God Resheph<\/em> (2013) er standardreferansen; Izak Cornelius&#8217; ikonografiske studie (1994) gir den egyptiske billedhistorien; Paolo Xella har utgitt de rituelle tekstene fra Ugarit. Sabatino Moscati og H\u00e9l\u00e8ne Sader har lagt frem viktige bidrag til den f\u00f8nikiske Reshef-dyrkelsen.<\/p><p>I den popul\u00e6re oppfatningen er Reshef f\u00f8rst og fremst kjent gjennom sin egyptiske dyrkelse og gjennom de hebraisk-bibelske hentydningene. En spirituell gjenoppvekking i nyhedensk forstand mangler; den ambivalente pest- og krigsguden er for fremmed og teologisk problematisk for moderne fromhetsformer.<\/p><p>Vitenskapelig regnes Reshef i dag som et sentralt studieobjekt for den gamle orientalske pest- og krigsteologien. Aktuelle forskningsfokus ligger p\u00e5 differensieringen av lokale Reshef-hypostaser, p\u00e5 den egyptiske Reshef-Min-Qadeshet-triaden og p\u00e5 sp\u00f8rsm\u00e5let om overf\u00f8ringsveiene til den greske Apollon-tradisjonen. iWell Guard registrerer Reshef som et religionshistorisk eksempel uten praktisk skjermende funksjon.<\/p><p>Aktuell forskning fra Maciej M\u00fcnnich og H\u00e9l\u00e8ne Sader plasserer Reshef i en utvidet historisk kontekst: som representant for en gammelsyrisk-vestsemittisk gudefamilie, hvis vedholdenhet fra det 3. \u00e5rtusen f.Kr. til <span class=\"iwg-fachbegriff\" data-tooltip=\"Forhistorisk epoke etter bronsealderen, kjennetegnet av jernbearbeiding.\" tabindex=\"0\">jernalderen<\/span> utgj\u00f8r et bemerkelsesverdig religionshistorisk fenomen.<\/p>\t\t\t\t\t\t\t\t<\/div>\n\t\t\t\t<\/div>\n\t\t\t\t\t<\/div>\n\t\t\t\t<\/div>\n\t\t<div class=\"elementor-element elementor-element-iwgw-reshef-s8 e-flex e-con-boxed e-con e-parent\" data-id=\"iwgw-reshef-s8\" data-element_type=\"container\" data-e-type=\"container\">\n\t\t\t\t\t<div class=\"e-con-inner\">\n\t\t\t\t<div class=\"elementor-element elementor-element-iwgw-reshef-s8h elementor-widget elementor-widget-heading\" data-id=\"iwgw-reshef-s8h\" data-element_type=\"widget\" data-e-type=\"widget\" data-widget_type=\"heading.default\">\n\t\t\t\t\t<h2 class=\"elementor-heading-title elementor-size-default\">Litteratur og kilder<\/h2>\t\t\t\t<\/div>\n\t\t<div class=\"elementor-element elementor-element-iwgw-reshef-s8c e-con-full e-flex e-con e-child\" data-id=\"iwgw-reshef-s8c\" data-element_type=\"container\" data-e-type=\"container\">\n\t\t\t\t<div class=\"elementor-element elementor-element-iwgw-reshef-s8t elementor-widget elementor-widget-text-editor\" data-id=\"iwgw-reshef-s8t\" data-element_type=\"widget\" data-e-type=\"widget\" data-widget_type=\"text-editor.default\">\n\t\t\t\t\t\t\t\t\t<p>F\u00f8lgende utvalg samler de viktigste standardverkene innen Reshef-forskningen. Det omfatter monografier, ikonografiske studier, tekstutgivelser og historiske synteser. M\u00fcnnichs monografi er den mest omfattende moderne studien; Cornelius gir det ikonografiske perspektivet; Xella det rituelle tekstgrunnlaget; Moscati det kulturhistoriske rammeverket.<\/p>\t\t\t\t\t\t\t\t<\/div>\n\t\t\t\t<\/div>\n\t\t\t\t\t<\/div>\n\t\t\t\t<\/div>\n\t\t<div class=\"elementor-element elementor-element-cp21744d88 e-flex e-con-boxed e-con e-parent\" data-id=\"cp21744d88\" data-element_type=\"container\" data-e-type=\"container\">\n\t\t\t\t\t<div class=\"e-con-inner\">\n\t\t\t\t<div class=\"elementor-element elementor-element-cp2be1cbf0 elementor-widget elementor-widget-heading\" data-id=\"cp2be1cbf0\" data-element_type=\"widget\" data-e-type=\"widget\" data-widget_type=\"heading.default\">\n\t\t\t\t\t<h2 class=\"elementor-heading-title elementor-size-default\">Reschef i den egyptiske overleveringen fra Det nye riket<\/h2>\t\t\t\t<\/div>\n\t\t<div class=\"elementor-element elementor-element-cp2c20c806 e-flex e-con-boxed e-con e-child\" data-id=\"cp2c20c806\" data-element_type=\"container\" data-e-type=\"container\">\n\t\t\t\t\t<div class=\"e-con-inner\">\n\t\t\t\t<div class=\"elementor-element elementor-element-cp2f07db72 elementor-widget elementor-widget-text-editor\" data-id=\"cp2f07db72\" data-element_type=\"widget\" data-e-type=\"widget\" data-widget_type=\"text-editor.default\">\n\t\t\t\t\t\t\t\t\t<p>En s\u00e6regenhet ved <em>Reschef<\/em> er at han opptrer i to separate kildesamlinger: i de vestsemittiske tekstene fra hjemregionen og, meget utfyllende, i egyptiske monumenter fra Det nye riket.<\/p><p>Senest under det 18. dynasti ble Reschef tatt opp i Egypt, sannsynligvis gjennom den n\u00e6re milit\u00e6re og politiske forbindelsen med Levanten. Faraoer fra ramessidetiden lot seg gjerne fremstille i n\u00e6rheten av Reschef, fordi han ble regnet som en krigersk og kraftfull gud.<\/p><p>P\u00e5 egyptiske steler, ofte stiftet av privatpersoner, opptrer Reschef med en fast ikonografi: en skridende gud med hevet arm som svinger en klubbe eller \u00f8ks, ofte med et skjold og et spyd, p\u00e5 hodet den oberegyptiske kronen, hvor det p\u00e5 pannen ofte sitter et gasellehode i stedet for uraeus-slangen.<\/p><p>Dette gasellehodet regnes som et av de mest p\u00e5litelige kjennetegnene.<\/p><p>I Egypt endret hans funksjon seg. Fra guden som bringer pest og plutselig d\u00f8d, ble han samtidig en gud man vendte seg til for beskyttelse og helbredelse. Dette skjedde delvis i en gruppe med gudinnen Qadeschu og guden Min. Dette egyptiske laget er rikere p\u00e5 kilder enn en del av den levantinske overleveringen, men det viser Reschef allerede i et fremmed milj\u00f8.<\/p><p>Den som s\u00f8ker den \u00abopprinnelige\u00bb Reschef, m\u00e5 lese de egyptiske vitnesbyrdene som en tilegnelse, ikke som et uforstyrret speilbilde.<\/p>\t\t\t\t\t\t\t\t<\/div>\n\t\t\t\t\t<\/div>\n\t\t\t\t<\/div>\n\t\t\t\t\t<\/div>\n\t\t\t\t<\/div>\n\t\t<div class=\"elementor-element elementor-element-cp2858e9e2 e-flex e-con-boxed e-con e-parent\" data-id=\"cp2858e9e2\" data-element_type=\"container\" data-e-type=\"container\">\n\t\t\t\t\t<div class=\"e-con-inner\">\n\t\t\t\t<div class=\"elementor-element elementor-element-cp2c2fb1d4 elementor-widget elementor-widget-heading\" data-id=\"cp2c2fb1d4\" data-element_type=\"widget\" data-e-type=\"widget\" data-widget_type=\"heading.default\">\n\t\t\t\t\t<h2 class=\"elementor-heading-title elementor-size-default\">Pil og pest: Reschef som pestens herre<\/h2>\t\t\t\t<\/div>\n\t\t<div class=\"elementor-element elementor-element-cp2d0acbb6 e-flex e-con-boxed e-con e-child\" data-id=\"cp2d0acbb6\" data-element_type=\"container\" data-e-type=\"container\">\n\t\t\t\t\t<div class=\"e-con-inner\">\n\t\t\t\t<div class=\"elementor-element elementor-element-cp28af87e0 elementor-widget elementor-widget-text-editor\" data-id=\"cp28af87e0\" data-element_type=\"widget\" data-e-type=\"widget\" data-widget_type=\"text-editor.default\">\n\t\t\t\t\t\t\t\t\t<p>Kjernen i Reschef-forestillingen i de vestsemittiske kildene er forbindelsen mellom bue, pil og pest. Reschef bringer sykdom og massed\u00f8d, tenkt som piler han skyter mot mennesker og husdyr.<\/p><p>Denne forestillingen kan spores gjennom flere kulturer: I ugarittiske tekster fremst\u00e5r <em>Rashap<\/em> i gudelister og rituelle tekster, mens han i mesopotamiske kilder forbindes med pest- og underverdensguden Nergal.<\/p><p>S\u00e6rlig opplysende er den hebraiske bibelen. Der er <em>reschef<\/em> ikke lenger en tilbedt gud, men et fellesnavn eller en avgudeliggjort makt. I Habakuk 3,5 drar Gud ut, og <em>Reschef<\/em> f\u00f8lger ham som en slags f\u00f8lgesvenn, sammen med pesten.<\/p><p>Andre steder betyr ordet \u00abglo\u00bb, \u00abgnist\u00bb eller nettopp den hissige pestsykdommen. Denne bibelske ettertiden er et klassisk eksempel p\u00e5 hvordan en nabogud blir nedgradert av forfatterne av de hebraiske tekstene til en ren naturmakt eller et poetisk bilde.<\/p><p>Pil-symbolikken knytter Reschef til en bred gruppe pestguddommer, som den fjernskytende Apollon i den tidlige greske diktningen, som i begynnelsen av Illiaden sender pesten inn i grekernes leir. Denne parallellen nevnes ofte i forskningen, men b\u00f8r forst\u00e5s som en typologisk likhet, ikke som en direkte avhengighet. Standardmonografien om Reschef er skrevet av William J. Fulco; viktige tillegg er levert av arbeider av Paolo Xella og Maciej M\u00fcnnich, hvis omfattende studie kritisk g\u00e5r gjennom kildematerialet.\t\t\t\t\t\t\t\t<\/div>\n\t\t\t\t\t<\/div>\n\t\t\t\t<\/div>\n\t\t\t\t\t<\/div>\n\t\t\t\t<\/div>\n\t\t<div class=\"elementor-element elementor-element-iwgw-reshef-lit e-flex e-con-boxed e-con e-parent\" data-id=\"iwgw-reshef-lit\" data-element_type=\"container\" data-e-type=\"container\">\n\t\t\t\t\t<div class=\"e-con-inner\">\n\t\t\t\t<div class=\"elementor-element elementor-element-iwgw-reshef-lith elementor-widget elementor-widget-heading\" data-id=\"iwgw-reshef-lith\" data-element_type=\"widget\" data-e-type=\"widget\" data-widget_type=\"heading.default\">\n\t\t\t\t\t<h2 class=\"elementor-heading-title elementor-size-default\">Litteratur (utvalg)<\/h2>\t\t\t\t<\/div>\n\t\t<div class=\"elementor-element elementor-element-iwgw-reshef-litc e-con-full e-flex e-con e-child\" data-id=\"iwgw-reshef-litc\" data-element_type=\"container\" data-e-type=\"container\">\n\t\t\t\t<div class=\"elementor-element elementor-element-iwgw-reshef-litt elementor-widget elementor-widget-text-editor\" data-id=\"iwgw-reshef-litt\" data-element_type=\"widget\" data-e-type=\"widget\" data-widget_type=\"text-editor.default\">\n\t\t\t\t\t\t\t\t\t<div data-nosnippet=\"true\"><ul><li>Maciej M\u00fcnnich: <em>The God Resheph in the Ancient Near East<\/em> (T\u00fcbingen 2013)<\/li><li>Izak Cornelius: <em>The Iconography of the Canaanite Gods Reshef and Ba\u02bfal<\/em> (Fribourg 1994)<\/li><li>Paolo Xella: <em>I testi rituali di Ugarit<\/em> (Roma 1981)<\/li><li>Sabatino Moscati: <em>Die Ph\u00f6niker<\/em> (Stuttgart 1966)<\/li><li>H\u00e9l\u00e8ne Sader: <em>The History and Archaeology of Phoenicia<\/em> (Atlanta 2019)<\/li><li>Wolfgang R\u00f6llig: <em>Kanaan\u00e4ische und aram\u00e4ische Inschriften<\/em> (Wiesbaden, med Donner)<\/li><\/ul><\/div>\t\t\t\t\t\t\t\t<\/div>\n\t\t\t\t<\/div>\n\t\t\t\t\t<\/div>\n\t\t\t\t<\/div>\n\t\t<div class=\"elementor-element elementor-element-iwgkw-add-reshef e-flex e-con-boxed e-con e-parent\" data-id=\"iwgkw-add-reshef\" data-element_type=\"container\" data-e-type=\"container\">\n\t\t\t\t\t<div class=\"e-con-inner\">\n\t\t\t\t<div class=\"elementor-element elementor-element-iwgkw-add-reshef-t elementor-widget elementor-widget-text-editor\" data-id=\"iwgkw-add-reshef-t\" data-element_type=\"widget\" data-e-type=\"widget\" data-widget_type=\"text-editor.default\">\n\t\t\t\t\t\t\t\t\t<p><em><span class=\"iwg-fachbegriff\" data-tooltip=\"Summen av religi\u00f8se \u00e6resbevisninger for en gud eller en hellig skikkelse.\" tabindex=\"0\">Kulten<\/span><\/em> av Reshef er belagt fra det tredje \u00e5rtusen f\u00f8r v\u00e5r tidsregning, f\u00f8rst i Ebla og senere i Ugarit, Byblos og p\u00e5 Kypros. Som pest- og krigsgud ble han avbildet med pil og skjold, og han ble ansett b\u00e5de som utbreder av sykdom og som beskytter av krigere. I Egypt ble Reshef under Amenhotep II opptatt i det offisielle <span class=\"iwg-fachbegriff\" data-tooltip=\"Summen av gudene i en religion eller kultur.\" tabindex=\"0\">pantheon<\/span>.<\/p>\t\t\t\t\t\t\t\t<\/div>\n\t\t\t\t\t<\/div>\n\t\t\t\t<\/div>\n\t\t<div class=\"elementor-element elementor-element-iwgkw2-add-reshef e-flex e-con-boxed e-con e-parent\" data-id=\"iwgkw2-add-reshef\" data-element_type=\"container\" data-e-type=\"container\">\n\t\t\t\t\t<div class=\"e-con-inner\">\n\t\t\t\t<div class=\"elementor-element elementor-element-iwgkw2-add-reshef-t elementor-widget elementor-widget-text-editor\" data-id=\"iwgkw2-add-reshef-t\" data-element_type=\"widget\" data-e-type=\"widget\" data-widget_type=\"text-editor.default\">\n\t\t\t\t\t\t\t\t\t<p>I kildene fra Ugarit og Karthago fremst\u00e5r Reshef som en <em>kanaaneisk<\/em> og <em>f\u00f8nikisk<\/em> gud for pest og bueskyting, og <span class=\"iwg-fachbegriff\" data-tooltip=\"Summen av religi\u00f8se \u00e6resbevisninger for en gud eller en hellig skikkelse.\" tabindex=\"0\">kulten<\/span> hans spredte seg langs Levant-kysten og via Kypros til Egypt.<\/p>\t\t\t\t\t\t\t\t<\/div>\n\t\t\t\t\t<\/div>\n\t\t\t\t<\/div>\n\t\t<div class=\"elementor-element elementor-element-iwgw-reshef-kwd e-flex e-con-boxed e-con e-parent\" data-id=\"iwgw-reshef-kwd\" data-element_type=\"container\" data-e-type=\"container\">\n\t\t\t\t\t<div class=\"e-con-inner\">\n\t\t<div class=\"elementor-element elementor-element-iwgw-reshef-kwdc e-con-full e-flex e-con e-child\" data-id=\"iwgw-reshef-kwdc\" data-element_type=\"container\" data-e-type=\"container\">\n\t\t\t\t<div class=\"elementor-element elementor-element-iwgw-reshef-kwdt elementor-widget elementor-widget-text-editor\" data-id=\"iwgw-reshef-kwdt\" data-element_type=\"widget\" data-e-type=\"widget\" data-widget_type=\"text-editor.default\">\n\t\t\t\t\t\t\t\t\t<p><em>Relaterte n\u00f8kkelbegreper: Reshef f\u00f8nikere pestgud buegud krig gaselle Apollon Yarri.<\/em><\/p>\t\t\t\t\t\t\t\t<\/div>\n\t\t\t\t<\/div>\n\t\t\t\t\t<\/div>\n\t\t\t\t<\/div>\n\t\t<div class=\"elementor-element elementor-element-iwgw-reshef-cc e-flex e-con-boxed e-con e-parent\" data-id=\"iwgw-reshef-cc\" data-element_type=\"container\" data-e-type=\"container\" id=\"iwg-cc-reshef\">\n\t\t\t\t\t<div class=\"e-con-inner\">\n\t\t<div class=\"elementor-element elementor-element-iwgw-reshef-ccinner e-flex e-con-boxed e-con e-parent\" data-id=\"iwgw-reshef-ccinner\" data-element_type=\"container\" data-e-type=\"container\" data-settings=\"{&quot;background_background&quot;:&quot;classic&quot;}\">\n\t\t\t\t\t<div class=\"e-con-inner\">\n\t\t\t\t<div class=\"elementor-element elementor-element-iwgw-reshef-cch elementor-widget elementor-widget-heading\" data-id=\"iwgw-reshef-cch\" data-element_type=\"widget\" data-e-type=\"widget\" data-widget_type=\"heading.default\">\n\t\t\t\t\t<h2 class=\"elementor-heading-title elementor-size-default\">iWell Guard og beskyttelsestradisjoner<\/h2>\t\t\t\t<\/div>\n\t\t\t\t<div class=\"elementor-element elementor-element-iwgw-reshef-cct elementor-widget elementor-widget-text-editor\" data-id=\"iwgw-reshef-cct\" data-element_type=\"widget\" data-e-type=\"widget\" data-widget_type=\"text-editor.default\">\n\t\t\t\t\t\t\t\t\t<div data-nosnippet=\"true\"><p>iWell Guard knytter seg til den kulturhistoriske tradisjonen for b\u00e6rbare skjenkeobjekter, i tradisjonen fra <a href=\"https:\/\/iwell-guard.com\/no\/?page_id=141128\">F\u00f8nikisk<\/a> og mange andre kulturer verden over. 41 lag, ekte gull, platina, s\u00f8lv, produsert i Tyskland. 30 dagers returrett.<\/p><\/div>\t\t\t\t\t\t\t\t<\/div>\n\t\t\t\t<div class=\"elementor-element elementor-element-iwgw-reshef-ccb iwg-cc-button iwg-cc-cta-2026-05-13 elementor-widget elementor-widget-jet-button\" data-id=\"iwgw-reshef-ccb\" data-element_type=\"widget\" data-e-type=\"widget\" data-widget_type=\"jet-button.default\">\n\t\t\t\t<div class=\"elementor-widget-container\">\n\t\t\t\t\t<div class=\"elementor-jet-button jet-elements\"><div class=\"jet-button__container\"><a class=\"jet-button__instance jet-button__instance--icon-left hover-effect-1\" href=\"\/ueber-iwell-guard\/?utm_source=iwell-guard.com&amp;utm_medium=info-box&amp;utm_campaign=wesen-tradition\"><div class=\"jet-button__plane jet-button__plane-normal\"><\/div><div class=\"jet-button__plane jet-button__plane-hover\"><\/div><div class=\"jet-button__state jet-button__state-normal\"><span class=\"jet-button__label\">Mer om iWell Guard<\/span><\/div><div class=\"jet-button__state jet-button__state-hover\"><span class=\"jet-button__label\">Mer om iWell Guard<\/span><\/div><\/a><\/div><\/div><style>.elementor-element.elementor-element-iwgw-reshef-ccb .jet-button__instance{width:320px;height:56px;}.elementor-element.elementor-element-iwgw-reshef-ccb .jet-button__state-normal .jet-button__label{text-align:center;margin:0px 0px 0px 0px;color:#1a1b20;font-family:Montserrat,sans-serif;font-size:13px;font-weight:400;letter-spacing:4px;line-height:1.714em;text-transform:uppercase;}.elementor-element.elementor-element-iwgw-reshef-ccb .jet-button__state-hover .jet-button__label{text-align:center;margin:0px 0px 0px 0px;color:#FECC76;font-family:Montserrat,sans-serif;font-size:13px;font-weight:400;letter-spacing:4px;line-height:1.714em;text-transform:uppercase;}.elementor-element.elementor-element-iwgw-reshef-ccb .jet-button__plane-normal{background-color:#FECC76;border-style:solid;border-color:#C99540;border-width:2px 2px 2px 2px;}.elementor-element.elementor-element-iwgw-reshef-ccb .jet-button__plane-hover{background-color:rgba(0,0,0,0.55);border-style:solid;border-color:#FECC76;border-width:2px 2px 2px 2px;}<\/style>\t\t\t\t<\/div>\n\t\t\t\t<\/div>\n\t\t\t\t<div class=\"elementor-element elementor-element-iwgw-reshef-ccd elementor-widget elementor-widget-text-editor\" data-id=\"iwgw-reshef-ccd\" data-element_type=\"widget\" data-e-type=\"widget\" data-widget_type=\"text-editor.default\">\n\t\t\t\t\t\t\t\t\t<div data-nosnippet=\"true\"><p style=\"text-align:center;font-size:13px;opacity:0.7;margin-top:14px\" data-nosnippet=\"true\">Personlige erfaringer kan variere. Ikke et medisinsk produkt. Ingen garanti for helbredelse.<\/p><\/div>\t\t\t\t\t\t\t\t<\/div>\n\t\t\t\t\t<\/div>\n\t\t\t\t<\/div>\n\t\t\t\t\t<\/div>\n\t\t\t\t<\/div>\n\t\t<div class=\"elementor-element elementor-element-iwgw-reshef-disc e-flex e-con-boxed e-con e-parent\" data-id=\"iwgw-reshef-disc\" data-element_type=\"container\" data-e-type=\"container\">\n\t\t\t\t\t<div class=\"e-con-inner\">\n\t\t\t\t<div class=\"elementor-element elementor-element-iwgw-reshef-discw elementor-widget elementor-widget-html\" data-id=\"iwgw-reshef-discw\" data-element_type=\"widget\" data-e-type=\"widget\" data-widget_type=\"html.default\">\n\t\t\t\t\t<footer data-nosnippet=\"true\" class=\"iwg-disclaimer-block\"><p data-nosnippet=\"true\">iWell Guard er <strong>ikke et medisinsk produkt<\/strong> og erstatter ingen medisinsk eller psykoterapeutisk behandling. Det religionsvitenskapelige innholdet er kulturhistorisk plassering, ikke en anbefaling om spirituell praksis.<\/p><\/footer>\t\t\t\t<\/div>\n\t\t\t\t\t<\/div>\n\t\t\t\t<\/div>\n\t\t\t\t<\/div>\n\t\t","protected":false},"excerpt":{"rendered":"","protected":false},"author":3,"featured_media":2852,"parent":0,"menu_order":0,"comment_status":"closed","ping_status":"closed","template":"elementor_header_footer","meta":{"_yoast_wpseo_focuskw":"Reshef f\u00f8nikere pestgud bueguden","_yoast_wpseo_title":"Reshef \u2013 f\u00f8nikisk pestgud, krigsgud, kult","_yoast_wpseo_metadesc":"Reshef er den f\u00f8nikisk-kanaaneiske pest- og krigsguden, bueguden og vernegud. Religionsvitenskapelig innordning med kilder.","_yoast_wpseo_meta-robots-noindex":"","_yoast_wpseo_canonical":"","_angie_page":false,"gefaehrdungsstufe":"4","wesen_kultur":"phoenizisch","wesen_klasse":"goetter","footnotes":""},"categories":[],"class_list":["post-141192","page","type-page","status-publish","has-post-thumbnail","hentry"],"yoast_head":"<!-- This site is optimized with the Yoast SEO Premium plugin v27.7 (Yoast SEO v28.3) - https:\/\/yoast.com\/product\/yoast-seo-premium-wordpress\/ -->\n<title>Reshef \u2013 f\u00f8nikisk pestgud, krigsgud, kult<\/title>\n<meta name=\"description\" content=\"Reshef er den f\u00f8nikisk-kanaaneiske pest- og krigsguden, bueguden og vernegud. Religionsvitenskapelig innordning med kilder.\" \/>\n<meta name=\"robots\" content=\"index, follow, max-snippet:-1, max-image-preview:large, max-video-preview:-1\" \/>\n<link rel=\"canonical\" href=\"https:\/\/iwell-guard.com\/no\/reshef-fonikisk-pest-og-krigsgud\/\" \/>\n<meta property=\"og:locale\" content=\"nb_NO\" \/>\n<meta property=\"og:type\" content=\"article\" \/>\n<meta property=\"og:title\" content=\"Reshef \u2013 f\u00f8nikisk pest- og krigsgud\" \/>\n<meta property=\"og:description\" content=\"Reshef er den f\u00f8nikisk-kanaaneiske pest- og krigsguden, bueguden og vernegud. Religionsvitenskapelig innordning med kilder.\" \/>\n<meta property=\"og:url\" content=\"https:\/\/iwell-guard.com\/no\/reshef-fonikisk-pest-og-krigsgud\/\" \/>\n<meta property=\"og:site_name\" content=\"iWell Guard\" \/>\n<meta property=\"article:modified_time\" content=\"2026-09-03T09:44:28+00:00\" \/>\n<meta property=\"og:image\" content=\"https:\/\/iwell-guard.com\/wp-content\/uploads\/2026\/05\/goetter_phoenizisch_reshef.webp\" \/>\n\t<meta property=\"og:image:width\" content=\"1024\" \/>\n\t<meta property=\"og:image:height\" content=\"1536\" \/>\n\t<meta property=\"og:image:type\" content=\"image\/webp\" \/>\n<meta name=\"twitter:card\" content=\"summary_large_image\" \/>\n<script type=\"application\/ld+json\" class=\"yoast-schema-graph\">{\"@context\":\"https:\\\/\\\/schema.org\",\"@graph\":[{\"@type\":\"WebPage\",\"@id\":\"https:\\\/\\\/iwell-guard.com\\\/no\\\/reshef-fonikisk-pest-og-krigsgud\\\/\",\"url\":\"https:\\\/\\\/iwell-guard.com\\\/no\\\/reshef-fonikisk-pest-og-krigsgud\\\/\",\"name\":\"Reshef \u2013 f\u00f8nikisk pestgud, krigsgud, kult\",\"isPartOf\":{\"@id\":\"https:\\\/\\\/iwell-guard.com\\\/no\\\/#website\"},\"primaryImageOfPage\":{\"@id\":\"https:\\\/\\\/iwell-guard.com\\\/no\\\/reshef-fonikisk-pest-og-krigsgud\\\/#primaryimage\"},\"image\":{\"@id\":\"https:\\\/\\\/iwell-guard.com\\\/no\\\/reshef-fonikisk-pest-og-krigsgud\\\/#primaryimage\"},\"thumbnailUrl\":\"https:\\\/\\\/iwell-guard.com\\\/wp-content\\\/uploads\\\/2026\\\/05\\\/goetter_phoenizisch_reshef.webp\",\"datePublished\":\"2026-09-03T09:17:38+00:00\",\"dateModified\":\"2026-09-03T09:44:28+00:00\",\"description\":\"Reshef er den f\u00f8nikisk-kanaaneiske pest- og krigsguden, bueguden og vernegud. Religionsvitenskapelig innordning med kilder.\",\"breadcrumb\":{\"@id\":\"https:\\\/\\\/iwell-guard.com\\\/no\\\/reshef-fonikisk-pest-og-krigsgud\\\/#breadcrumb\"},\"inLanguage\":\"nb-NO\",\"potentialAction\":[{\"@type\":\"ReadAction\",\"target\":[\"https:\\\/\\\/iwell-guard.com\\\/no\\\/reshef-fonikisk-pest-og-krigsgud\\\/\"]}]},{\"@type\":\"ImageObject\",\"inLanguage\":\"nb-NO\",\"@id\":\"https:\\\/\\\/iwell-guard.com\\\/no\\\/reshef-fonikisk-pest-og-krigsgud\\\/#primaryimage\",\"url\":\"https:\\\/\\\/iwell-guard.com\\\/wp-content\\\/uploads\\\/2026\\\/05\\\/goetter_phoenizisch_reshef.webp\",\"contentUrl\":\"https:\\\/\\\/iwell-guard.com\\\/wp-content\\\/uploads\\\/2026\\\/05\\\/goetter_phoenizisch_reshef.webp\",\"width\":1024,\"height\":1536,\"caption\":\"Guder fra den f\u00f8nikiske tradisjonen.\"},{\"@type\":\"BreadcrumbList\",\"@id\":\"https:\\\/\\\/iwell-guard.com\\\/no\\\/reshef-fonikisk-pest-og-krigsgud\\\/#breadcrumb\",\"itemListElement\":[{\"@type\":\"ListItem\",\"position\":1,\"name\":\"Start\",\"item\":\"https:\\\/\\\/iwell-guard.com\\\/no\\\/?page_id=140795\"},{\"@type\":\"ListItem\",\"position\":2,\"name\":\"Reshef \u2013 f\u00f8nikisk pest- og krigsgud\"}]},{\"@type\":\"WebSite\",\"@id\":\"https:\\\/\\\/iwell-guard.com\\\/no\\\/#website\",\"url\":\"https:\\\/\\\/iwell-guard.com\\\/no\\\/\",\"name\":\"iWell Guard\",\"description\":\"Schutz vor dunklen Einfl\u00fcssen\",\"publisher\":{\"@id\":\"https:\\\/\\\/iwell-guard.com\\\/no\\\/#organization\"},\"potentialAction\":[{\"@type\":\"SearchAction\",\"target\":{\"@type\":\"EntryPoint\",\"urlTemplate\":\"https:\\\/\\\/iwell-guard.com\\\/no\\\/?s={search_term_string}\"},\"query-input\":{\"@type\":\"PropertyValueSpecification\",\"valueRequired\":true,\"valueName\":\"search_term_string\"}}],\"inLanguage\":\"nb-NO\"},{\"@type\":\"Organization\",\"@id\":\"https:\\\/\\\/iwell-guard.com\\\/no\\\/#organization\",\"name\":\"Ittermann electronic GmbH\",\"url\":\"https:\\\/\\\/iwell-guard.com\\\/no\\\/\",\"logo\":{\"@type\":\"ImageObject\",\"inLanguage\":\"nb-NO\",\"@id\":\"https:\\\/\\\/iwell-guard.com\\\/no\\\/#\\\/schema\\\/logo\\\/image\\\/\",\"url\":\"https:\\\/\\\/iwell-guard.com\\\/wp-content\\\/uploads\\\/2026\\\/05\\\/Ittermann-Logo-1182x237-1.png\",\"contentUrl\":\"https:\\\/\\\/iwell-guard.com\\\/wp-content\\\/uploads\\\/2026\\\/05\\\/Ittermann-Logo-1182x237-1.png\",\"width\":1182,\"height\":237,\"caption\":\"Ittermann electronic GmbH\"},\"image\":{\"@id\":\"https:\\\/\\\/iwell-guard.com\\\/no\\\/#\\\/schema\\\/logo\\\/image\\\/\"},\"sameAs\":[\"https:\\\/\\\/pantip.com\\\/profile\\\/9367242\",\"https:\\\/\\\/micro.blog\\\/iwellguard\",\"https:\\\/\\\/www.diggerslist.com\\\/iwellguard\\\/about\",\"https:\\\/\\\/skitterphoto.com\\\/photographers\\\/2870314\\\/iwell-guard\",\"https:\\\/\\\/iwellguard.wordpress.com\\\/2026\\\/06\\\/06\\\/iwell-guard\\\/\",\"https:\\\/\\\/hub.docker.com\\\/u\\\/iwellguard\",\"https:\\\/\\\/www.pinterest.com\\\/iwellguard\\\/\",\"https:\\\/\\\/bit.ly\\\/m\\\/iwellguard\",\"https:\\\/\\\/entre-vos-mains.alsace.eu\\\/profiles\\\/iwellguard\\\/activity\",\"https:\\\/\\\/gravatar.com\\\/reallybeded8fd34\",\"https:\\\/\\\/naijamatta.com\\\/iwellguard\",\"https:\\\/\\\/www.goodreads.com\\\/iwellguard\",\"https:\\\/\\\/profile.hatena.ne.jp\\\/iwellguard\\\/\",\"https:\\\/\\\/experiment.com\\\/users\\\/iwellguard\",\"https:\\\/\\\/wakelet.com\\\/@iWellGuard82270\",\"https:\\\/\\\/www.chordie.com\\\/forum\\\/profile.php?id=2555664\",\"https:\\\/\\\/www.instapaper.com\\\/p\\\/17757966\",\"https:\\\/\\\/www.mapleprimes.com\\\/users\\\/iwellguard\",\"https:\\\/\\\/businesslistingplus.com\\\/profile\\\/iwell-guard\\\/\",\"https:\\\/\\\/telegra.ph\\\/iWell-Guard-06-06\",\"https:\\\/\\\/pbase.com\\\/iwellguard\\\/iwellguard\",\"https:\\\/\\\/b.hatena.ne.jp\\\/iwellguard\\\/20260607#bookmark-4788405196491818882\",\"https:\\\/\\\/fliphtml5.com\\\/home\\\/iwellguard\",\"https:\\\/\\\/anyflip.com\\\/homepage\\\/cmiwl#About\",\"https:\\\/\\\/transfur.com\\\/Users\\\/iwellguard\",\"http:\\\/\\\/delphi.larsbo.org\\\/user\\\/iwellguard\",\"https:\\\/\\\/jobs.lajobsportal.org\\\/profiles\\\/8380803-iwell-guard\",\"https:\\\/\\\/md.chaosdorf.de\\\/s\\\/jfbe5SBdJD\",\"https:\\\/\\\/www.lingvolive.com\\\/en-us\\\/profile\\\/9ecaeaca-ce11-4e51-9e71-01d55e2bff36\\\/translations\",\"https:\\\/\\\/www.fitday.com\\\/fitness\\\/forums\\\/members\\\/iwellguard.html\",\"https:\\\/\\\/www.mymeetbook.com\\\/iwellguard\",\"https:\\\/\\\/pxhere.com\\\/en\\\/photographer-me\\\/5040798\",\"https:\\\/\\\/disqus.com\\\/by\\\/iwellguard\\\/about\\\/\",\"https:\\\/\\\/pastelink.net\\\/hjwciqwq\",\"https:\\\/\\\/pubhtml5.com\\\/homepage\\\/scjhn\\\/\",\"https:\\\/\\\/www.bitchute.com\\\/channel\\\/2O2eOKzNqujT\",\"https:\\\/\\\/audiomack.com\\\/iwellguard\"]},{\"@type\":\"Article\",\"@id\":\"https:\\\/\\\/iwell-guard.com\\\/no\\\/reshef-fonikisk-pest-og-krigsgud\\\/#article\",\"isPartOf\":{\"@id\":\"https:\\\/\\\/iwell-guard.com\\\/no\\\/reshef-fonikisk-pest-og-krigsgud\\\/\"},\"author\":{\"name\":\"Ralf Ittermann\",\"@id\":\"https:\\\/\\\/iwell-guard.com\\\/no\\\/#\\\/schema\\\/person\\\/ee2a27f1cac3406c7c6fb5820cb7349f\"},\"headline\":\"Reshef \u2013 f\u00f8nikisk pest- og krigsgud\",\"datePublished\":\"2026-09-03T09:17:38+00:00\",\"dateModified\":\"2026-09-03T09:44:28+00:00\",\"mainEntityOfPage\":{\"@id\":\"https:\\\/\\\/iwell-guard.com\\\/no\\\/reshef-fonikisk-pest-og-krigsgud\\\/\"},\"publisher\":{\"@id\":\"https:\\\/\\\/iwell-guard.com\\\/no\\\/#organization\"},\"image\":{\"@id\":\"https:\\\/\\\/iwell-guard.com\\\/no\\\/reshef-fonikisk-pest-og-krigsgud\\\/#primaryimage\"},\"thumbnailUrl\":\"https:\\\/\\\/iwell-guard.com\\\/wp-content\\\/uploads\\\/2026\\\/05\\\/goetter_phoenizisch_reshef.webp\",\"inLanguage\":\"nb-NO\",\"description\":\"Reshef er den f\u00f8nikisk-kanaaneiske pest- og krigsguden, bueguden og vernegud. Religionsvitenskapelig innordning med kilder.\"}]}<\/script>\n<!-- \/ Yoast SEO Premium plugin. -->","yoast_head_json":{"title":"Reshef \u2013 f\u00f8nikisk pestgud, krigsgud, kult","description":"Reshef er den f\u00f8nikisk-kanaaneiske pest- og krigsguden, bueguden og vernegud. Religionsvitenskapelig innordning med kilder.","robots":{"index":"index","follow":"follow","max-snippet":"max-snippet:-1","max-image-preview":"max-image-preview:large","max-video-preview":"max-video-preview:-1"},"canonical":"https:\/\/iwell-guard.com\/no\/reshef-fonikisk-pest-og-krigsgud\/","og_locale":"nb_NO","og_type":"article","og_title":"Reshef \u2013 f\u00f8nikisk pest- og krigsgud","og_description":"Reshef er den f\u00f8nikisk-kanaaneiske pest- og krigsguden, bueguden og vernegud. Religionsvitenskapelig innordning med kilder.","og_url":"https:\/\/iwell-guard.com\/no\/reshef-fonikisk-pest-og-krigsgud\/","og_site_name":"iWell Guard","article_modified_time":"2026-09-03T09:44:28+00:00","og_image":[{"width":1024,"height":1536,"url":"https:\/\/iwell-guard.com\/wp-content\/uploads\/2026\/05\/goetter_phoenizisch_reshef.webp","type":"image\/webp"}],"twitter_card":"summary_large_image","schema":{"@context":"https:\/\/schema.org","@graph":[{"@type":"Article","@id":"https:\/\/iwell-guard.com\/no\/reshef-fonikisk-pest-og-krigsgud\/#article","isPartOf":{"@id":"https:\/\/iwell-guard.com\/no\/reshef-fonikisk-pest-og-krigsgud\/"},"author":{"name":"Ralf Ittermann","@id":"https:\/\/iwell-guard.com\/no\/#\/schema\/person\/ee2a27f1cac3406c7c6fb5820cb7349f"},"headline":"Reshef \u2013 f\u00f8nikisk pest- og krigsgud","datePublished":"2026-09-03T09:17:38+00:00","dateModified":"2026-09-03T09:44:28+00:00","mainEntityOfPage":{"@id":"https:\/\/iwell-guard.com\/no\/reshef-fonikisk-pest-og-krigsgud\/"},"publisher":{"@id":"https:\/\/iwell-guard.com\/no\/#organization"},"image":{"@id":"https:\/\/iwell-guard.com\/no\/reshef-fonikisk-pest-og-krigsgud\/#primaryimage"},"thumbnailUrl":"https:\/\/iwell-guard.com\/wp-content\/uploads\/2026\/05\/goetter_phoenizisch_reshef.webp","inLanguage":"nb-NO","description":"Reshef er den f\u00f8nikisk-kanaaneiske pest- og krigsguden, bueguden og vernegud. Religionsvitenskapelig innordning med kilder."},{"@type":"WebPage","@id":"https:\/\/iwell-guard.com\/no\/reshef-fonikisk-pest-og-krigsgud\/","url":"https:\/\/iwell-guard.com\/no\/reshef-fonikisk-pest-og-krigsgud\/","name":"Reshef \u2013 f\u00f8nikisk pestgud, krigsgud, kult","isPartOf":{"@id":"https:\/\/iwell-guard.com\/no\/#website"},"primaryImageOfPage":{"@id":"https:\/\/iwell-guard.com\/no\/reshef-fonikisk-pest-og-krigsgud\/#primaryimage"},"image":{"@id":"https:\/\/iwell-guard.com\/no\/reshef-fonikisk-pest-og-krigsgud\/#primaryimage"},"thumbnailUrl":"https:\/\/iwell-guard.com\/wp-content\/uploads\/2026\/05\/goetter_phoenizisch_reshef.webp","datePublished":"2026-09-03T09:17:38+00:00","dateModified":"2026-09-03T09:44:28+00:00","description":"Reshef er den f\u00f8nikisk-kanaaneiske pest- og krigsguden, bueguden og vernegud. Religionsvitenskapelig innordning med kilder.","breadcrumb":{"@id":"https:\/\/iwell-guard.com\/no\/reshef-fonikisk-pest-og-krigsgud\/#breadcrumb"},"inLanguage":"nb-NO","potentialAction":[{"@type":"ReadAction","target":["https:\/\/iwell-guard.com\/no\/reshef-fonikisk-pest-og-krigsgud\/"]}]},{"@type":"ImageObject","inLanguage":"nb-NO","@id":"https:\/\/iwell-guard.com\/no\/reshef-fonikisk-pest-og-krigsgud\/#primaryimage","url":"https:\/\/iwell-guard.com\/wp-content\/uploads\/2026\/05\/goetter_phoenizisch_reshef.webp","contentUrl":"https:\/\/iwell-guard.com\/wp-content\/uploads\/2026\/05\/goetter_phoenizisch_reshef.webp","width":1024,"height":1536,"caption":"Guder fra den f\u00f8nikiske tradisjonen."},{"@type":"BreadcrumbList","@id":"https:\/\/iwell-guard.com\/no\/reshef-fonikisk-pest-og-krigsgud\/#breadcrumb","itemListElement":[{"@type":"ListItem","position":1,"name":"Start","item":"https:\/\/iwell-guard.com\/no\/?page_id=140795"},{"@type":"ListItem","position":2,"name":"Reshef \u2013 f\u00f8nikisk pest- og krigsgud"}]},{"@type":"WebSite","@id":"https:\/\/iwell-guard.com\/no\/#website","url":"https:\/\/iwell-guard.com\/no\/","name":"iWell Guard","description":"Schutz vor dunklen Einfl\u00fcssen","publisher":{"@id":"https:\/\/iwell-guard.com\/no\/#organization"},"potentialAction":[{"@type":"SearchAction","target":{"@type":"EntryPoint","urlTemplate":"https:\/\/iwell-guard.com\/no\/?s={search_term_string}"},"query-input":{"@type":"PropertyValueSpecification","valueRequired":true,"valueName":"search_term_string"}}],"inLanguage":"nb-NO"},{"@type":"Organization","@id":"https:\/\/iwell-guard.com\/no\/#organization","name":"Ittermann electronic GmbH","url":"https:\/\/iwell-guard.com\/no\/","logo":{"@type":"ImageObject","inLanguage":"nb-NO","@id":"https:\/\/iwell-guard.com\/no\/#\/schema\/logo\/image\/","url":"https:\/\/iwell-guard.com\/wp-content\/uploads\/2026\/05\/Ittermann-Logo-1182x237-1.png","contentUrl":"https:\/\/iwell-guard.com\/wp-content\/uploads\/2026\/05\/Ittermann-Logo-1182x237-1.png","width":1182,"height":237,"caption":"Ittermann electronic GmbH"},"image":{"@id":"https:\/\/iwell-guard.com\/no\/#\/schema\/logo\/image\/"},"sameAs":["https:\/\/pantip.com\/profile\/9367242","https:\/\/micro.blog\/iwellguard","https:\/\/www.diggerslist.com\/iwellguard\/about","https:\/\/skitterphoto.com\/photographers\/2870314\/iwell-guard","https:\/\/iwellguard.wordpress.com\/2026\/06\/06\/iwell-guard\/","https:\/\/hub.docker.com\/u\/iwellguard","https:\/\/www.pinterest.com\/iwellguard\/","https:\/\/bit.ly\/m\/iwellguard","https:\/\/entre-vos-mains.alsace.eu\/profiles\/iwellguard\/activity","https:\/\/gravatar.com\/reallybeded8fd34","https:\/\/naijamatta.com\/iwellguard","https:\/\/www.goodreads.com\/iwellguard","https:\/\/profile.hatena.ne.jp\/iwellguard\/","https:\/\/experiment.com\/users\/iwellguard","https:\/\/wakelet.com\/@iWellGuard82270","https:\/\/www.chordie.com\/forum\/profile.php?id=2555664","https:\/\/www.instapaper.com\/p\/17757966","https:\/\/www.mapleprimes.com\/users\/iwellguard","https:\/\/businesslistingplus.com\/profile\/iwell-guard\/","https:\/\/telegra.ph\/iWell-Guard-06-06","https:\/\/pbase.com\/iwellguard\/iwellguard","https:\/\/b.hatena.ne.jp\/iwellguard\/20260607#bookmark-4788405196491818882","https:\/\/fliphtml5.com\/home\/iwellguard","https:\/\/anyflip.com\/homepage\/cmiwl#About","https:\/\/transfur.com\/Users\/iwellguard","http:\/\/delphi.larsbo.org\/user\/iwellguard","https:\/\/jobs.lajobsportal.org\/profiles\/8380803-iwell-guard","https:\/\/md.chaosdorf.de\/s\/jfbe5SBdJD","https:\/\/www.lingvolive.com\/en-us\/profile\/9ecaeaca-ce11-4e51-9e71-01d55e2bff36\/translations","https:\/\/www.fitday.com\/fitness\/forums\/members\/iwellguard.html","https:\/\/www.mymeetbook.com\/iwellguard","https:\/\/pxhere.com\/en\/photographer-me\/5040798","https:\/\/disqus.com\/by\/iwellguard\/about\/","https:\/\/pastelink.net\/hjwciqwq","https:\/\/pubhtml5.com\/homepage\/scjhn\/","https:\/\/www.bitchute.com\/channel\/2O2eOKzNqujT","https:\/\/audiomack.com\/iwellguard"]},{"@type":"Person","@id":"https:\/\/iwell-guard.com\/no\/#\/schema\/person\/ee2a27f1cac3406c7c6fb5820cb7349f","name":"Ralf Ittermann","image":{"@type":"ImageObject","inLanguage":"nb-NO","@id":"https:\/\/secure.gravatar.com\/avatar\/073c0153e350a5005b68eb752b445fea71f6b24a26da9449ad7e155e6b446c9d?s=96&d=mm&r=g","url":"https:\/\/secure.gravatar.com\/avatar\/073c0153e350a5005b68eb752b445fea71f6b24a26da9449ad7e155e6b446c9d?s=96&d=mm&r=g","contentUrl":"https:\/\/secure.gravatar.com\/avatar\/073c0153e350a5005b68eb752b445fea71f6b24a26da9449ad7e155e6b446c9d?s=96&d=mm&r=g","caption":"Ralf Ittermann"},"givenName":"Ralf","familyName":"Ittermann","jobTitle":"Gesch\u00e4ftsf\u00fchrer und redaktioneller Verantwortlicher","url":"https:\/\/iwell-guard.com\/no\/author\/claude\/","description":"Ralf Ittermann ist Gesch\u00e4ftsf\u00fchrer der Ittermann electronic GmbH und redaktioneller Verantwortlicher des iWell-Guard-Lexikons. Er verbindet langj\u00e4hrige Erfahrung in der Pr\u00e4zisionsfertigung mit medialer Praxis und religionsgeschichtlicher Quellenarbeit.","worksFor":{"@type":"Organization","name":"Ittermann electronic GmbH","url":"https:\/\/ittermann.de\/","address":{"@type":"PostalAddress","streetAddress":"K\u00f6hlergasse 16-18","postalCode":"99842","addressLocality":"Ruhla","addressCountry":"DE"}},"knowsAbout":["Religionsgeschichte","Mythologie","Mediale Praxis","Energetische Diagnostik","Schutzpraxis","Volksglauben","Westliche Esoterik"]},{"@type":"Article","@id":"https:\/\/iwell-guard.com\/no\/reshef-fonikisk-pest-og-krigsgud\/#article","isPartOf":{"@id":"https:\/\/iwell-guard.com\/no\/reshef-fonikisk-pest-og-krigsgud\/"},"author":{"name":"Ralf Ittermann","@id":"https:\/\/iwell-guard.com\/no\/#\/schema\/person\/ee2a27f1cac3406c7c6fb5820cb7349f"},"headline":"Reshef \u2013 f\u00f8nikisk pest- og krigsgud","datePublished":"2026-09-03T09:17:38+00:00","dateModified":"2026-09-03T09:44:28+00:00","mainEntityOfPage":{"@id":"https:\/\/iwell-guard.com\/no\/reshef-fonikisk-pest-og-krigsgud\/"},"publisher":{"@id":"https:\/\/iwell-guard.com\/no\/#organization"},"image":{"@id":"https:\/\/iwell-guard.com\/no\/reshef-fonikisk-pest-og-krigsgud\/#primaryimage"},"thumbnailUrl":"https:\/\/iwell-guard.com\/wp-content\/uploads\/2026\/05\/goetter_phoenizisch_reshef.webp","inLanguage":"nb-NO","description":"Reshef er den f\u00f8nikisk-kanaaneiske pest- og krigsguden, bueguden og vernegud. Religionsvitenskapelig innordning med kilder."}]}},"_links":{"self":[{"href":"https:\/\/iwell-guard.com\/no\/wp-json\/wp\/v2\/pages\/141192","targetHints":{"allow":["GET"]}}],"collection":[{"href":"https:\/\/iwell-guard.com\/no\/wp-json\/wp\/v2\/pages"}],"about":[{"href":"https:\/\/iwell-guard.com\/no\/wp-json\/wp\/v2\/types\/page"}],"author":[{"embeddable":true,"href":"https:\/\/iwell-guard.com\/no\/wp-json\/wp\/v2\/users\/3"}],"replies":[{"embeddable":true,"href":"https:\/\/iwell-guard.com\/no\/wp-json\/wp\/v2\/comments?post=141192"}],"version-history":[{"count":0,"href":"https:\/\/iwell-guard.com\/no\/wp-json\/wp\/v2\/pages\/141192\/revisions"}],"wp:featuredmedia":[{"embeddable":true,"href":"https:\/\/iwell-guard.com\/no\/wp-json\/wp\/v2\/media\/2852"}],"wp:attachment":[{"href":"https:\/\/iwell-guard.com\/no\/wp-json\/wp\/v2\/media?parent=141192"}],"wp:term":[{"taxonomy":"category","embeddable":true,"href":"https:\/\/iwell-guard.com\/no\/wp-json\/wp\/v2\/categories?post=141192"}],"curies":[{"name":"wp","href":"https:\/\/api.w.org\/{rel}","templated":true}]}}