{"id":141185,"date":"2026-09-03T09:17:34","date_gmt":"2026-09-03T09:17:34","guid":{"rendered":"https:\/\/iwell-guard.com\/?page_id=141185"},"modified":"2026-09-03T09:44:15","modified_gmt":"2026-09-03T09:44:15","slug":"melqart-bygud-i-tyros","status":"publish","type":"page","link":"https:\/\/iwell-guard.com\/no\/melqart-bygud-i-tyros\/","title":{"rendered":"Melqart \u2013 bygud i Tyros"},"content":{"rendered":"\t\t<div data-elementor-type=\"wp-page\" data-elementor-id=\"141185\" class=\"elementor elementor-141185 elementor-2626 elementor-bc-flex-widget\" data-elementor-post-type=\"page\">\n\t\t\t\t<div class=\"elementor-element elementor-element-iwgw-melqart-hero e-flex e-con-boxed e-con e-parent\" data-id=\"iwgw-melqart-hero\" data-element_type=\"container\" data-e-type=\"container\" data-settings=\"{&quot;background_background&quot;:&quot;classic&quot;}\">\n\t\t\t\t\t<div class=\"e-con-inner\">\n\t\t<div class=\"elementor-element elementor-element-iwgw-melqart-hl e-flex e-con-boxed e-con e-child\" data-id=\"iwgw-melqart-hl\" data-element_type=\"container\" data-e-type=\"container\">\n\t\t\t\t\t<div class=\"e-con-inner\">\n\t\t<div class=\"elementor-element elementor-element-iwgw-melqart-htxt e-con-full e-flex e-con e-child\" data-id=\"iwgw-melqart-htxt\" data-element_type=\"container\" data-e-type=\"container\">\n\t\t\t\t<div class=\"elementor-element elementor-element-iwgw-melqart-h1 elementor-widget elementor-widget-heading\" data-id=\"iwgw-melqart-h1\" data-element_type=\"widget\" data-e-type=\"widget\" data-widget_type=\"heading.default\">\n\t\t\t\t\t<h1 class=\"elementor-heading-title elementor-size-default\">Melqart, f\u00f8nikisk bygud i Tyros og f\u00f8nikernes 'Herakles'<\/h1>\t\t\t\t<\/div>\n\t\t\t\t<div class=\"elementor-element elementor-element-iwgw-melqart-lead elementor-widget elementor-widget-text-editor\" data-id=\"iwgw-melqart-lead\" data-element_type=\"widget\" data-e-type=\"widget\" data-widget_type=\"text-editor.default\">\n\t\t\t\t\t\t\t\t\t<p>Melqart (f\u00f8nikisk <em>mlqrt<\/em>, bokstavelig &#8216;byens konge&#8217;) er den \u00f8verste byguden i Tyros og en av de viktigste f\u00f8nikiske gudene i det hele. Grekerne identifiserte ham med Herakles (&#8216;Herakles-Melqart&#8217;), og han ble tilbedt mange steder i den hellenistisk-romerske verden.<\/p>\t\t\t\t\t\t\t\t<\/div>\n\t\t\t\t<\/div>\n\t\t<div class=\"elementor-element elementor-element-iwgw-melqart-pillc e-con-full e-flex e-con e-child\" data-id=\"iwgw-melqart-pillc\" data-element_type=\"container\" data-e-type=\"container\">\n\t\t\t\t<div class=\"elementor-element elementor-element-iwgw-melqart-pills elementor-widget elementor-widget-html\" data-id=\"iwgw-melqart-pills\" data-element_type=\"widget\" data-e-type=\"widget\" data-widget_type=\"html.default\">\n\t\t\t\t\t<div class=\"iwg-pill-row\"><span class=\"iwg-klasse-badge\" tabindex=\"0\" data-tooltip=\"Gud i den f\u00f8nikiske tradisjonen.\">Gud<\/span><a href=\"https:\/\/iwell-guard.com\/no\/?page_id=141128\" class=\"iwg-kultur-badge\" tabindex=\"0\" data-tooltip=\"Mytologien i den f\u00f8nikiske tradisjonen.\">F\u00f8nikisk<\/a><span class=\"iwg-tradition-badge\" tabindex=\"0\" data-tooltip=\"Bygud.\">Bygud<\/span><\/div>\t\t\t\t<\/div>\n\t\t\t\t<\/div>\n\t\t<div class=\"elementor-element elementor-element-iwgw-melqart-tocc e-con-full e-flex e-con e-child\" data-id=\"iwgw-melqart-tocc\" data-element_type=\"container\" data-e-type=\"container\">\n\t\t\t\t<div class=\"elementor-element elementor-element-iwgw-melqart-toc elementor-toc--minimized-on-tablet elementor-widget elementor-widget-table-of-contents\" data-id=\"iwgw-melqart-toc\" data-element_type=\"widget\" data-e-type=\"widget\" data-settings=\"{&quot;headings_by_tags&quot;:[&quot;h2&quot;,&quot;h3&quot;],&quot;minimize_box&quot;:&quot;yes&quot;,&quot;marker_view&quot;:&quot;bullets&quot;,&quot;no_headings_message&quot;:&quot;Det ble ikke funnet noen overskrifter p\\u00e5 denne siden.&quot;,&quot;exclude_headings_by_selector&quot;:[],&quot;icon&quot;:{&quot;value&quot;:&quot;fas fa-circle&quot;,&quot;library&quot;:&quot;fa-solid&quot;,&quot;rendered_tag&quot;:&quot;&lt;svg class=\\&quot;e-font-icon-svg e-fas-circle\\&quot; viewBox=\\&quot;0 0 512 512\\&quot; xmlns=\\&quot;http:\\\/\\\/www.w3.org\\\/2000\\\/svg\\&quot;&gt;&lt;path d=\\&quot;M256 8C119 8 8 119 8 256s111 248 248 248 248-111 248-248S393 8 256 8z\\&quot;&gt;&lt;\\\/path&gt;&lt;\\\/svg&gt;&quot;},&quot;minimized_on&quot;:&quot;tablet&quot;,&quot;hierarchical_view&quot;:&quot;yes&quot;,&quot;min_height&quot;:{&quot;unit&quot;:&quot;px&quot;,&quot;size&quot;:&quot;&quot;,&quot;sizes&quot;:[]},&quot;min_height_tablet&quot;:{&quot;unit&quot;:&quot;px&quot;,&quot;size&quot;:&quot;&quot;,&quot;sizes&quot;:[]},&quot;min_height_mobile&quot;:{&quot;unit&quot;:&quot;px&quot;,&quot;size&quot;:&quot;&quot;,&quot;sizes&quot;:[]}}\" data-widget_type=\"table-of-contents.default\">\n\t\t\t\t\t\t\t\t\t<div class=\"elementor-toc__header\">\n\t\t\t\t\t\t<h2 class=\"elementor-toc__header-title\">\n\t\t\t\tInnholdsfortegnelse\t\t\t<\/h2>\n\t\t\t\t\t\t\t\t\t\t<div class=\"elementor-toc__toggle-button elementor-toc__toggle-button--expand\" role=\"button\" tabindex=\"0\" aria-controls=\"elementor-toc__iwgw-melqart-toc\" aria-expanded=\"true\" aria-label=\"Open table of contents\"><svg aria-hidden=\"true\" class=\"e-font-icon-svg e-fas-chevron-down\" viewBox=\"0 0 448 512\" xmlns=\"http:\/\/www.w3.org\/2000\/svg\"><path d=\"M207.029 381.476L12.686 187.132c-9.373-9.373-9.373-24.569 0-33.941l22.667-22.667c9.357-9.357 24.522-9.375 33.901-.04L224 284.505l154.745-154.021c9.379-9.335 24.544-9.317 33.901.04l22.667 22.667c9.373 9.373 9.373 24.569 0 33.941L240.971 381.476c-9.373 9.372-24.569 9.372-33.942 0z\"><\/path><\/svg><\/div>\n\t\t\t\t<div class=\"elementor-toc__toggle-button elementor-toc__toggle-button--collapse\" role=\"button\" tabindex=\"0\" aria-controls=\"elementor-toc__iwgw-melqart-toc\" aria-expanded=\"true\" aria-label=\"Close table of contents\"><svg aria-hidden=\"true\" class=\"e-font-icon-svg e-fas-chevron-up\" viewBox=\"0 0 448 512\" xmlns=\"http:\/\/www.w3.org\/2000\/svg\"><path d=\"M240.971 130.524l194.343 194.343c9.373 9.373 9.373 24.569 0 33.941l-22.667 22.667c-9.357 9.357-24.522 9.375-33.901.04L224 227.495 69.255 381.516c-9.379 9.335-24.544 9.317-33.901-.04l-22.667-22.667c-9.373-9.373-9.373-24.569 0-33.941L207.03 130.525c9.372-9.373 24.568-9.373 33.941-.001z\"><\/path><\/svg><\/div>\n\t\t\t\t\t<\/div>\n\t\t\t\t<div id=\"elementor-toc__iwgw-melqart-toc\" class=\"elementor-toc__body\">\n\t\t\t<div class=\"elementor-toc__spinner-container\">\n\t\t\t\t<svg class=\"elementor-toc__spinner eicon-animation-spin e-font-icon-svg e-eicon-loading\" aria-hidden=\"true\" viewBox=\"0 0 1000 1000\" xmlns=\"http:\/\/www.w3.org\/2000\/svg\"><path d=\"M500 975V858C696 858 858 696 858 500S696 142 500 142 142 304 142 500H25C25 237 238 25 500 25S975 237 975 500 763 975 500 975Z\"><\/path><\/svg>\t\t\t<\/div>\n\t\t<\/div>\n\t\t\t\t\t\t<\/div>\n\t\t\t\t<\/div>\n\t\t\t\t\t<\/div>\n\t\t\t\t<\/div>\n\t\t<div class=\"elementor-element elementor-element-iwgw-melqart-hr e-con-full e-flex e-con e-child\" data-id=\"iwgw-melqart-hr\" data-element_type=\"container\" data-e-type=\"container\">\n\t\t\t\t<div class=\"elementor-element elementor-element-iwgw-melqart-heroimg iwg-hero-image elementor-widget elementor-widget-image\" data-id=\"iwgw-melqart-heroimg\" data-element_type=\"widget\" data-e-type=\"widget\" data-widget_type=\"image.default\">\n\t\t\t\t\t\t\t\t\t\t\t\t\t\t\t<img fetchpriority=\"high\" decoding=\"async\" width=\"683\" height=\"1024\" src=\"https:\/\/iwell-guard.com\/wp-content\/uploads\/2026\/05\/goetter_phoenizisch_melqart-683x1024.webp\" class=\"attachment-large size-large wp-image-143020\" alt=\"Melqart - Guder fra den f\u00f8nikiske tradisjonen, historisk-illustrativt\" srcset=\"https:\/\/iwell-guard.com\/wp-content\/uploads\/2026\/05\/goetter_phoenizisch_melqart-683x1024.webp 683w, https:\/\/iwell-guard.com\/wp-content\/uploads\/2026\/05\/goetter_phoenizisch_melqart-200x300.webp 200w, https:\/\/iwell-guard.com\/wp-content\/uploads\/2026\/05\/goetter_phoenizisch_melqart-768x1152.webp 768w, https:\/\/iwell-guard.com\/wp-content\/uploads\/2026\/05\/goetter_phoenizisch_melqart.webp 1024w\" sizes=\"(max-width: 683px) 100vw, 683px\" \/>\t\t\t\t\t\t\t\t\t\t\t\t\t\t\t<\/div>\n\t\t\t\t<\/div>\n\t\t\t\t\t<\/div>\n\t\t\t\t<\/div>\n\t\t<div class=\"elementor-element elementor-element-iwgw-melqart-s0 e-flex e-con-boxed e-con e-parent\" data-id=\"iwgw-melqart-s0\" data-element_type=\"container\" data-e-type=\"container\">\n\t\t\t\t\t<div class=\"e-con-inner\">\n\t\t\t\t<div class=\"elementor-element elementor-element-iwgw-melqart-s0h elementor-widget elementor-widget-heading\" data-id=\"iwgw-melqart-s0h\" data-element_type=\"widget\" data-e-type=\"widget\" data-widget_type=\"heading.default\">\n\t\t\t\t\t<h2 class=\"elementor-heading-title elementor-size-default\">Innordning og kortprofil<\/h2>\t\t\t\t<\/div>\n\t\t<div class=\"elementor-element elementor-element-iwgw-melqart-s0c e-con-full e-flex e-con e-child\" data-id=\"iwgw-melqart-s0c\" data-element_type=\"container\" data-e-type=\"container\">\n\t\t\t\t<div class=\"elementor-element elementor-element-iwgw-melqart-s0t elementor-widget elementor-widget-text-editor\" data-id=\"iwgw-melqart-s0t\" data-element_type=\"widget\" data-e-type=\"widget\" data-widget_type=\"text-editor.default\">\n\t\t\t\t\t\t\t\t\t<p>Melqart er hovedguden i den f\u00f8nikiske moderbyen Tyros og har dermed en n\u00f8kkelposisjon i middelhavsreligionens historie.<\/p><p>Corinne Bonnet har i sin monografi <em>Melqart<\/em> (1988) lagt fram den mest omfattende studien av denne guden; hun viser at Melqart samtidig var bygud, kongens beskyttelsesgud, heros og en ktonisk, oppstandende gud. Innenfor <a href=\"https:\/\/iwell-guard.com\/no\/?page_id=141128\">den f\u00f8nikiske tradisjonen<\/a> er han den sentrale mannlige hovedguden i den tyriske tradisjonen.<\/p><p>Hans <span class=\"iwg-fachbegriff\" data-tooltip=\"Summen av religi\u00f8se tilbedelseshandlinger for en gud eller en hellig gestalt.\" tabindex=\"0\">kult<\/span> ble spredt sammen med de tyriske koloniene over hele Middelhavet. I Gades (dagens C\u00e1diz i Spania) l\u00e5 det viktigste Melqart-<span class=\"iwg-fachbegriff\" data-tooltip=\"En bygning som brukes til tilbedelse av en eller flere guder.\" tabindex=\"0\">tempelet<\/span> vest for selve Tyros; han var ogs\u00e5 til stede i Karthago. Maria Eugenia Aubet har i <em>The Phoenicians and the West<\/em> (2001) dokumentert den middelhavsomfattende utbredelsen i detalj.<\/p><p>Religionshistorisk representerer Melqart typen av by- og kongegud som blir sesongmessig aktualisert gjennom en \u00e5rlig &#8216;oppvekking&#8217; (<em>egersis<\/em>) hver v\u00e5r. Denne oppvekkingsfesten er ett av de karakteristiske religionshistoriske trekkene ved Melqart og skiller ham fra andre byguder. Forbindelsen til den greske Herakles oppstod p\u00e5 grunn av funksjonelle likheter og intensiv gresk-f\u00f8nikisk kontakt siden det 8. \u00e5rhundre f.Kr.<\/p><p>En markant egenskap ved Melqart er den n\u00e6re sammenknytningen med det tyriske kongehuset: Kongen av Tyros var samtidig Melqarts \u00f8verste prest, og den \u00e5rlige oppvekkingsfesten ble utf\u00f8rt av kongen personlig. Dette sammenfallet mellom politisk og religi\u00f8s toppstilling er religionshistorisk sammenlignbart med den egyptiske farao eller den romerske <em>pontifex maximus<\/em>.<\/p><p>Ogs\u00e5 <a href=\"https:\/\/iwell-guard.com\/no\/?page_id=141127\">den hettittiske tradisjonen<\/a> kjente til sammenlignbare by- og kongebeskyttelsesguder; den n\u00e6re sammenligningen med <a href=\"https:\/\/iwell-guard.com\/no\/?page_id=141182\">Sarruma<\/a> gir strukturanalytisk viktige innsikter i senbronsealderens kongeteologi i den \u00f8stlige middelhavsverdenen.<\/p>\t\t\t\t\t\t\t\t<\/div>\n\t\t\t\t<\/div>\n\t\t\t\t\t<\/div>\n\t\t\t\t<\/div>\n\t\t<div class=\"elementor-element elementor-element-iwgw-melqart-s1 e-flex e-con-boxed e-con e-parent\" data-id=\"iwgw-melqart-s1\" data-element_type=\"container\" data-e-type=\"container\">\n\t\t\t\t\t<div class=\"e-con-inner\">\n\t\t\t\t<div class=\"elementor-element elementor-element-iwgw-melqart-s1h elementor-widget elementor-widget-heading\" data-id=\"iwgw-melqart-s1h\" data-element_type=\"widget\" data-e-type=\"widget\" data-widget_type=\"heading.default\">\n\t\t\t\t\t<h2 class=\"elementor-heading-title elementor-size-default\">Navn og etymologi<\/h2>\t\t\t\t<\/div>\n\t\t<div class=\"elementor-element elementor-element-iwgw-melqart-s1c e-con-full e-flex e-con e-child\" data-id=\"iwgw-melqart-s1c\" data-element_type=\"container\" data-e-type=\"container\">\n\t\t\t\t<div class=\"elementor-element elementor-element-iwgw-melqart-s1t elementor-widget elementor-widget-text-editor\" data-id=\"iwgw-melqart-s1t\" data-element_type=\"widget\" data-e-type=\"widget\" data-widget_type=\"text-editor.default\">\n\t\t\t\t\t\t\t\t\t<p>Navnet Melqart er en sammensetning av <em>mlk<\/em> &#8216;konge&#8217; og <em>qrt<\/em> &#8216;by&#8217;, alts\u00e5 bokstavelig &#8216;byens konge&#8217;. Byen er Tyros, og Melqart er &#8216;kongen av Tyros&#8217; i gudommelig forstand.<\/p><p>Denne etymologien er ubestridt og klart dokumentert i innskriftene. I kileskrifttekster forekommer han som <em>Milqartu<\/em>, i greske kilder som Melqart eller Melkart, og i hellenistiske synkretismer som Herakles-Melqart.<\/p><p>En alternativ tolkning ser i <em>mlk<\/em> ikke bare &#8216;konge&#8217; i verdslig forstand, men ogs\u00e5 &#8216;<span class=\"iwg-fachbegriff\" data-tooltip=\"Gave til en gud for \u00e5 uttrykke takk, b\u00f8nn eller tilbedelse.\" tabindex=\"0\">offer<\/span>&#8216; (molk-<span class=\"iwg-fachbegriff\" data-tooltip=\"Gave til en gud for \u00e5 uttrykke takk, b\u00f8nn eller tilbedelse.\" tabindex=\"0\">offer<\/span>), en dobbeltbetydning av den samme roten p\u00e5 f\u00f8nikisk. Denne tolkningen har imidlertid mindre st\u00f8tte i forskningen.<\/p><p>P\u00e5 gresk side forekommer navnet hans som &#8216;Herakles-Tyrios&#8217;, &#8216;Herakles&#8217; eller under det teofore navneelementet &#8216;Melikartos&#8217;. Identifiseringen med Herakles er litter\u00e6rt belagt fra det 5. \u00e5rhundre f.Kr. (Herodot 2.44). Den greske mytefiguren Herakles b\u00e6rer trekk fra den f\u00f8nikiske Melqart, s\u00e6rlig i mytene om reisen til &#8216;vesten&#8217; og drapet p\u00e5 Geryon.<\/p><p>Det teofore personnavnet Hamilkar var vidt utbredt i Karthago; flere betydningsfulle karthagiske h\u00e6rf\u00f8rere bar det, blant dem Hamilkar Barkas, Hannibals far. Denne navnetradisjonen vitner om Melqarts fortsatte betydning i den puniske statens politiske liv.<\/p>\t\t\t\t\t\t\t\t<\/div>\n\t\t\t\t<\/div>\n\t\t\t\t\t<\/div>\n\t\t\t\t<\/div>\n\t\t<div class=\"elementor-element elementor-element-iwgw-melqart-s2 e-flex e-con-boxed e-con e-parent\" data-id=\"iwgw-melqart-s2\" data-element_type=\"container\" data-e-type=\"container\">\n\t\t\t\t\t<div class=\"e-con-inner\">\n\t\t\t\t<div class=\"elementor-element elementor-element-iwgw-melqart-s2h elementor-widget elementor-widget-heading\" data-id=\"iwgw-melqart-s2h\" data-element_type=\"widget\" data-e-type=\"widget\" data-widget_type=\"heading.default\">\n\t\t\t\t\t<h2 class=\"elementor-heading-title elementor-size-default\">Beskrivelse og ikonografi<\/h2>\t\t\t\t<\/div>\n\t\t<div class=\"elementor-element elementor-element-iwgw-melqart-s2c e-con-full e-flex e-con e-child\" data-id=\"iwgw-melqart-s2c\" data-element_type=\"container\" data-e-type=\"container\">\n\t\t\t\t<div class=\"elementor-element elementor-element-iwgw-melqart-s2t elementor-widget elementor-widget-text-editor\" data-id=\"iwgw-melqart-s2t\" data-element_type=\"widget\" data-e-type=\"widget\" data-widget_type=\"text-editor.default\">\n\t\t\t\t\t\t\t\t\t<p>I den f\u00f8nikiske ikonografien framstilles Melqart oftest som en skjegget mann i kort lendeklede, med hevet strids\u00f8ks eller klubbe, noen ganger med bue, ofte kl\u00e6dd i et l\u00f8veskinn. Denne l\u00f8veskinn-ikonografien er historisk betydningsfull, fordi den gikk direkte over i den greske Herakles-tradisjonen med l\u00f8veskinn og klubbe.<\/p><p>P\u00e5 de hellenistiske Tyros-myntene forekommer Melqart-Herakles ofte med klubbe og l\u00f8veskinn; p\u00e5 de karthagiske stelene fra Tofet st\u00e5r han enkelte ganger sammen med <a href=\"https:\/\/iwell-guard.com\/no\/?page_id=141187\">Baal-Hammon<\/a>. En viktig ikonografisk tradisjon er &#8216;Melqart p\u00e5 sj\u00f8hesten&#8217;, som dokumenterer hans forbindelse til skipsfart og havet.<\/p><p>Hans hellige dyr er l\u00f8ven; i enkelte relieffer framstilles han skridende p\u00e5 en l\u00f8ve eller kvelende en l\u00f8ve. Ogs\u00e5 \u00f8rnen forekommer som hans f\u00f8lgedyr i noen senere framstillinger. Aphakide Bonnet har dokumentert den ikonografiske variasjonen i detalj; hun viser at Melqart utviklet litt forskjellige bildetradisjoner i hver middelhavskontekst.<\/p><p>P\u00e5 den ber\u00f8mte &#8216;<span class=\"iwg-fachbegriff\" data-tooltip=\"En oppreist, innskrevet eller utsmykket stein- eller treplate.\" tabindex=\"0\">stelen<\/span> til Ye\u1e25awmilk&#8217;, konge av Byblos (5. \u00e5rhundre f.Kr.), forekommer riktignok ikke Melqart selv, men bildeformelen for det kongelig-gudommelige m\u00f8tet, som er formende for den f\u00f8nikiske kongegud-tradisjonen. Denne ikonografiske konvensjonen strekker seg fra Tyros via Byblos til Karthago.<\/p>\t\t\t\t\t\t\t\t<\/div>\n\t\t\t\t<\/div>\n\t\t\t\t\t<\/div>\n\t\t\t\t<\/div>\n\t\t<div class=\"elementor-element elementor-element-iwgw-melqart-s3 e-flex e-con-boxed e-con e-parent\" data-id=\"iwgw-melqart-s3\" data-element_type=\"container\" data-e-type=\"container\">\n\t\t\t\t\t<div class=\"e-con-inner\">\n\t\t\t\t<div class=\"elementor-element elementor-element-iwgw-melqart-s3h elementor-widget elementor-widget-heading\" data-id=\"iwgw-melqart-s3h\" data-element_type=\"widget\" data-e-type=\"widget\" data-widget_type=\"heading.default\">\n\t\t\t\t\t<h2 class=\"elementor-heading-title elementor-size-default\">Mytologiske fortellinger<\/h2>\t\t\t\t<\/div>\n\t\t<div class=\"elementor-element elementor-element-iwgw-melqart-s3c e-con-full e-flex e-con e-child\" data-id=\"iwgw-melqart-s3c\" data-element_type=\"container\" data-e-type=\"container\">\n\t\t\t\t<div class=\"elementor-element elementor-element-iwgw-melqart-s3t elementor-widget elementor-widget-text-editor\" data-id=\"iwgw-melqart-s3t\" data-element_type=\"widget\" data-e-type=\"widget\" data-widget_type=\"text-editor.default\">\n\t\t\t\t\t\t\t\t\t<p>F\u00f8nikiske Melqart-myter er bare bevart fragmentarisk. Eusebius av C\u00e6sarea siterer en fortelling fra Filon av Byblos (Praeparatio Evangelica 1.10), der Melqart fremstilles som en helt og gjenoppvekker. Ogs\u00e5 if\u00f8lge antikke skildringer vekkes Melqart hvert \u00e5r til live i en oppvekkelsesfest (<em>egersis<\/em>), og han st\u00e5r dermed i tradisjonen med de \u00e5rlig d\u00f8ende og oppstandne vegetasjons- og bygudene.<\/p><p>En viktig fortelling knytter Melqart til selve grunnleggelsen av Tyros: Han skal ha festet de flytende klippene som Tyros ble bygget p\u00e5, ved hjelp av et fugleoffer. En annen fortelling knytter ham til oppfinnelsen av purpurfargingen, en \u00f8konomisk n\u00f8kkelvirksomhet for f\u00f8nikerne: En hund som tilh\u00f8rte Melqart, skal ved et uhell ha bitt i stykker en purpursnegl og dermed oppdaget det purpurfargede fargestoffet.<\/p><p>I den greske overtakelsen som Herakles-Melqart arver han fortellingene fra Herakles-<span class=\"iwg-fachbegriff\" data-tooltip=\"Summen av de overleverte gudefortellingene i en kultur.\" tabindex=\"0\">mytologien<\/span>, s\u00e6rlig Geryon-episoden, der Herakles i det vestlige Middelhavet (p\u00e5 stedet der Gades senere ble grunnlagt) r\u00f8ver kveg fra den trehodede jotnen Geryon. Denne forbindelsen er religionshistorisk opplysende, fordi Gades faktisk var en f\u00f8nikisk grunnleggelse og Melqarts viktigste vestlige <span class=\"iwg-fachbegriff\" data-tooltip=\"Et hellig sted viet til tilbedelse av en gudom.\" tabindex=\"0\">helligdom<\/span>.<\/p><p>En viktig pseudepigraf er &#8216;Sanchunjaton&#8217; (Sankuniathon), en angivelig f\u00f8nikisk prest hvis verk skal v\u00e6re overlevert gjennom Filon av Byblos. Albert Baumgartens kritiske utgave viser at materialet for en stor del er sen hellenistisk oppfinnelse, men likevel inneholder ekte rester av f\u00f8nikisk mytetradisjon, s\u00e6rlig med hensyn til Melqart og gudeslektstavlen.<\/p>\t\t\t\t\t\t\t\t<\/div>\n\t\t\t\t<\/div>\n\t\t\t\t\t<\/div>\n\t\t\t\t<\/div>\n\t\t<div class=\"elementor-element elementor-element-iwgw-melqart-s4 e-flex e-con-boxed e-con e-parent\" data-id=\"iwgw-melqart-s4\" data-element_type=\"container\" data-e-type=\"container\">\n\t\t\t\t\t<div class=\"e-con-inner\">\n\t\t\t\t<div class=\"elementor-element elementor-element-iwgw-melqart-s4h elementor-widget elementor-widget-heading\" data-id=\"iwgw-melqart-s4h\" data-element_type=\"widget\" data-e-type=\"widget\" data-widget_type=\"heading.default\">\n\t\t\t\t\t<h2 class=\"elementor-heading-title elementor-size-default\">Kult og tilbedelse<\/h2>\t\t\t\t<\/div>\n\t\t<div class=\"elementor-element elementor-element-iwgw-melqart-s4c e-con-full e-flex e-con e-child\" data-id=\"iwgw-melqart-s4c\" data-element_type=\"container\" data-e-type=\"container\">\n\t\t\t\t<div class=\"elementor-element elementor-element-iwgw-melqart-s4t elementor-widget elementor-widget-text-editor\" data-id=\"iwgw-melqart-s4t\" data-element_type=\"widget\" data-e-type=\"widget\" data-widget_type=\"text-editor.default\">\n\t\t\t\t\t\t\t\t\t<p>Melqarts hovedkult var i Tyros, byens eldste og mest praktfulle <span class=\"iwg-fachbegriff\" data-tooltip=\"Et byggverk som brukes til tilbedelse av en eller flere gudommer.\" tabindex=\"0\">tempel<\/span>. Herodot beskriver dette <span class=\"iwg-fachbegriff\" data-tooltip=\"Et byggverk som brukes til tilbedelse av en eller flere gudommer.\" tabindex=\"0\">tempelet<\/span> utf\u00f8rlig (2.44) og nevner to s\u00f8yler, en av gull og en av smaragd, som lyste om natten, antagelig det ber\u00f8mte &#8216;s\u00eew\u00e2n&#8217;-fenomenet med fosforescerende mineraler.<\/p><p>Hiram I av Tyros (10. \u00e5rhundre f.Kr.) er n\u00e6rt forbundet med Melqart-<span class=\"iwg-fachbegriff\" data-tooltip=\"Et byggverk som brukes til tilbedelse av en eller flere gudommer.\" tabindex=\"0\">tempelet<\/span>; if\u00f8lge Josefus bygde han det opp av gull og bronse.<\/p><p>Den \u00e5rlige oppvekkelsesfesten var kultens h\u00f8ydepunkt; en &#8216;oppvekker&#8217; (<em>mqm-\u02belm<\/em>, &#8216;han som reiser guden opp&#8217;) utf\u00f8rte <span class=\"iwg-fachbegriff\" data-tooltip=\"En fastlagt rekkef\u00f8lge av symbolske handlinger med religi\u00f8s eller kulturell betydning.\" tabindex=\"0\">ritualet<\/span>. Kongen av Tyros var den sentrale ritualpersonen. Lignende oppvekkelsesfester er belagt i Karthago og i Gades; de knytter Melqart historisk til Tammuz\/Dumuzi og til Adonis.<\/p><p>Ogs\u00e5 i Karthago var Melqart n\u00e6rv\u00e6rende; den \u00e5rlige tributten til Melqart-<span class=\"iwg-fachbegriff\" data-tooltip=\"Et byggverk som brukes til tilbedelse av en eller flere gudommer.\" tabindex=\"0\">tempelet<\/span> i Tyros ble opprettholdt av Karthago s\u00e5 sent som i den sene republikktiden, noe som er en indikasjon p\u00e5 den n\u00e6re forbindelsen til moderstaten.<\/p><p>I Gades l\u00e5 Melqarts <span class=\"iwg-fachbegriff\" data-tooltip=\"Et byggverk som brukes til tilbedelse av en eller flere gudommer.\" tabindex=\"0\">tempel<\/span> p\u00e5 en liten \u00f8y; Polybios, Strabo og Silius Italicus har beskrevet det. Selv etter den romerske erobringen forble Gades-Melqart aktiv som Herkules-<span class=\"iwg-fachbegriff\" data-tooltip=\"Et hellig sted viet til tilbedelse av en gudom.\" tabindex=\"0\">helligdom<\/span>, og ble bes\u00f8kt av Hannibal, C\u00e6sar og Hadrian.<\/p><p>Den arkeologiske utforskningen av Melqart-tempelet i Tyros er vanskeliggjort av moderne bebyggelse; i Gades derimot er restene av helligdommen p\u00e5 dagens Sancti Petri-\u00f8y lettere tilgjengelige. De p\u00e5g\u00e5ende undervannsutgravningene under ledelse av Antonio S\u00e1ez Romero har de siste \u00e5rene gitt viktige nye funn.<\/p>\t\t\t\t\t\t\t\t<\/div>\n\t\t\t\t<\/div>\n\t\t\t\t\t<\/div>\n\t\t\t\t<\/div>\n\t\t<div class=\"elementor-element elementor-element-iwgw-melqart-s5 e-flex e-con-boxed e-con e-parent\" data-id=\"iwgw-melqart-s5\" data-element_type=\"container\" data-e-type=\"container\">\n\t\t\t\t\t<div class=\"e-con-inner\">\n\t\t\t\t<div class=\"elementor-element elementor-element-iwgw-melqart-s5h elementor-widget elementor-widget-heading\" data-id=\"iwgw-melqart-s5h\" data-element_type=\"widget\" data-e-type=\"widget\" data-widget_type=\"heading.default\">\n\t\t\t\t\t<h2 class=\"elementor-heading-title elementor-size-default\">Beskyttelsespraksis og apotropeiske trekk<\/h2>\t\t\t\t<\/div>\n\t\t<div class=\"elementor-element elementor-element-iwgw-melqart-s5c e-con-full e-flex e-con e-child\" data-id=\"iwgw-melqart-s5c\" data-element_type=\"container\" data-e-type=\"container\">\n\t\t\t\t<div class=\"elementor-element elementor-element-iwgw-melqart-s5t elementor-widget elementor-widget-text-editor\" data-id=\"iwgw-melqart-s5t\" data-element_type=\"widget\" data-e-type=\"widget\" data-widget_type=\"text-editor.default\">\n\t\t\t\t\t\t\t\t\t<p>Melqart var beskyttelsesgud for kongehuset, byen og sj\u00f8farten. P\u00e5 kongesegl fra Tyros fremst\u00e5r han som beskytter; i f\u00f8nikiske personnavn er teonymet hans hyppig (Hamilkar = &#8216;Melqarts tjener&#8217;, Bomilkar = &#8216;ved Melqarts h\u00e5nd&#8217;). Hyppigheten av teofore navn med Melqart-bestanddel er et tegn p\u00e5 intens privat gudsfrykt.<\/p><p><span class=\"iwg-fachbegriff\" data-tooltip=\"Uheldavvergende: om tegn og gjenstander som skal holde skadelige innflytelser borte.\" tabindex=\"0\">Apotropeisk<\/span> ble Melqart-skarab\u00e9er og sm\u00e5 bronsefigurer b\u00e5ret eller plassert i hjemmet. Den ber\u00f8mte &#8216;Melqart-<span class=\"iwg-fachbegriff\" data-tooltip=\"En oppreist stein- eller treplate med inskripsjon eller billedfremstilling.\" tabindex=\"0\">stelen<\/span>&#8216; fra Bredsch (Bredja) i Nord-Syria, en innskrevet vigsel fra den arameiske kongen Bar-Hadad til Melqart, er et av de viktigste epigrafiske vitnesbyrdene om Melqart-kulten utenfor Tyros.<\/p><p data-nosnippet=\"true\">I sj\u00f8fartens gudsfrykt var Melqart den \u00f8verste beskytteren; f\u00f8nikiske skipsf\u00f8rere og kolonister satte opp offergaver til ham ved avreise og ankomst. Denne reisefr\u00f8mheten er et viktig religionshistorisk kjennetegn ved den f\u00f8nikiske mobiliteten. iWell Guard registrerer Melqart som en historisk-historisk figur uten noen aktuelle helbredelsesl\u00f8fte-referanser.<\/p><p>I de karthagiske templene fra det 5. og 4. \u00e5rhundre f.Kr. fremst\u00e5r Melqart som den andre eller tredje guden etter <a href=\"https:\/\/iwell-guard.com\/no\/?page_id=141187\">Baal-Hammon<\/a> og <a href=\"https:\/\/iwell-guard.com\/no\/?page_id=141186\">Tanit<\/a>. Triaden av f\u00f8nikiske moderstadsgudene (Baal-\u0160amem, Astarte, Melqart) ble i Karthago omformet til en ny konfigurasjon, uten at Melqart ble fullstendig fortrengt.<\/p>\t\t\t\t\t\t\t\t<\/div>\n\t\t\t\t<\/div>\n\t\t\t\t\t<\/div>\n\t\t\t\t<\/div>\n\t\t<div class=\"elementor-element elementor-element-iwgw-melqart-s6 e-flex e-con-boxed e-con e-parent\" data-id=\"iwgw-melqart-s6\" data-element_type=\"container\" data-e-type=\"container\">\n\t\t\t\t\t<div class=\"e-con-inner\">\n\t\t\t\t<div class=\"elementor-element elementor-element-iwgw-melqart-s6h elementor-widget elementor-widget-heading\" data-id=\"iwgw-melqart-s6h\" data-element_type=\"widget\" data-e-type=\"widget\" data-widget_type=\"heading.default\">\n\t\t\t\t\t<h2 class=\"elementor-heading-title elementor-size-default\">Paralleller i andre kulturer<\/h2>\t\t\t\t<\/div>\n\t\t<div class=\"elementor-element elementor-element-iwgw-melqart-s6c e-con-full e-flex e-con e-child\" data-id=\"iwgw-melqart-s6c\" data-element_type=\"container\" data-e-type=\"container\">\n\t\t\t\t<div class=\"elementor-element elementor-element-iwgw-melqart-s6t elementor-widget elementor-widget-text-editor\" data-id=\"iwgw-melqart-s6t\" data-element_type=\"widget\" data-e-type=\"widget\" data-widget_type=\"text-editor.default\">\n\t\t\t\t\t\t\t\t\t<p>Den religionshistorisk viktigste parallellen er identifikasjonen med den greske Herakles. Walter Burkert har i <em>Die orientalisierende Epoche<\/em> (1984) og i flere senere studier vist at den greske Herakles-figuren er sterkt p\u00e5virket av den f\u00f8nikiske Melqart, s\u00e6rlig i Geryon-episoden og i \u00abHerakles&#8217; s\u00f8yler\u00bb (Gibraltarstredet), som opprinnelig var \u00abMelqarts s\u00f8yler\u00bb.<\/p><p>Med den mesopotamiske Gilgamesh deler Melqart <span class=\"iwg-fachbegriff\" data-tooltip=\"Et gjentakende innholdselement i kunst eller fortelling.\" tabindex=\"0\">motivet<\/span> om den d\u00f8delig-ud\u00f8delige heltekongen med kongelig funksjon. I Karthago utvikler det seg ingen selvstendig hovedgud ut av hans tradisjon, fordi den karthagiske religionen bygde opp en egen gudetopp med <a href=\"https:\/\/iwell-guard.com\/no\/?page_id=141187\">Baal-Hammon<\/a> og <a href=\"https:\/\/iwell-guard.com\/no\/?page_id=141186\">Tanit<\/a>; Melqart forble likevel alltid n\u00e6rv\u00e6rende.<\/p><p>Historisk er Melqart den prototypiske f\u00f8nikiske by- og kongegud. Med <a href=\"https:\/\/iwell-guard.com\/no\/?page_id=141182\">Sarruma<\/a> i <a href=\"https:\/\/iwell-guard.com\/no\/?page_id=141127\">den hettittiske tradisjonen<\/a> deler han funksjonen som personlig kongebeskytter; med den mesopotamiske Marduk funksjonen som oppvakt bygud etter sesongmessig nederlag. I den hellenistiske <span class=\"iwg-fachbegriff\" data-tooltip=\"Sammensmelting av forestillinger eller guder fra forskjellige religi\u00f8se tradisjoner.\" tabindex=\"0\">synkretismen<\/span> blir han den prototypiske \u00aboversettelsesguddommen\u00bb mellom f\u00f8nikisk og gresk religion, en <span class=\"iwg-fachbegriff\" data-tooltip=\"Et vesen som blir tilbedt som guddommelig innenfor en religion.\" tabindex=\"0\">guddom<\/span> som formidler mellom de to tradisjonene.<\/p><p>I det vestlige Middelhavet er Melqart til stede under det greske navnet Herakles i utallige innskrifter og mynter; overgangene mellom \u00abMelqart\u00bb og \u00abHerakles\u00bb er ofte flytende i hellenistisk spr\u00e5kbruk. I Karthago ble denne dobbeltbenevnelsen brukt politisk for \u00e5 \u00e5pne den f\u00f8nikiske religionen for greske allianse-partnere.<\/p>\t\t\t\t\t\t\t\t<\/div>\n\t\t\t\t<\/div>\n\t\t\t\t\t<\/div>\n\t\t\t\t<\/div>\n\t\t<div class=\"elementor-element elementor-element-iwgw-melqart-s7 e-flex e-con-boxed e-con e-parent\" data-id=\"iwgw-melqart-s7\" data-element_type=\"container\" data-e-type=\"container\">\n\t\t\t\t\t<div class=\"e-con-inner\">\n\t\t\t\t<div class=\"elementor-element elementor-element-iwgw-melqart-s7h elementor-widget elementor-widget-heading\" data-id=\"iwgw-melqart-s7h\" data-element_type=\"widget\" data-e-type=\"widget\" data-widget_type=\"heading.default\">\n\t\t\t\t\t<h2 class=\"elementor-heading-title elementor-size-default\">Dagens mottakelse og forskning<\/h2>\t\t\t\t<\/div>\n\t\t<div class=\"elementor-element elementor-element-iwgw-melqart-s7c e-con-full e-flex e-con e-child\" data-id=\"iwgw-melqart-s7c\" data-element_type=\"container\" data-e-type=\"container\">\n\t\t\t\t<div class=\"elementor-element elementor-element-iwgw-melqart-s7t elementor-widget elementor-widget-text-editor\" data-id=\"iwgw-melqart-s7t\" data-element_type=\"widget\" data-e-type=\"widget\" data-widget_type=\"text-editor.default\">\n\t\t\t\t\t\t\t\t\t<p>Melqart-forskningen st\u00e5r i dag p\u00e5 et h\u00f8yt niv\u00e5. Corinne Bonnets monografi <em>Melqart<\/em> (1988) og hennes senere studier er standardreferanser; Maria Eugenia Aubet, Sabatino Moscati og H\u00e9l\u00e8ne Sader har levert viktige bidrag til den arkeologiske siden. Innskriftene er tilgjengelige i utgavene til Charles Krahmalkov og Wolfgang R\u00f6llig.<\/p><p>I den popul\u00e6re mottakelsen er Melqart f\u00f8rst og fremst kjent gjennom sin Herakles-identifikasjon og gjennom Tartessos-sagnene (knyttet til Karambolo-skatten, \u00abHesperidenes gylne eple\u00bb). I dagens Libanon har Tyros siden 1990-tallet rehabilitert Melqart som et kulturelt <span class=\"iwg-fachbegriff\" data-tooltip=\"Et tegn som st\u00e5r for en forestilling eller betydning.\" tabindex=\"0\">symbol<\/span> i forbindelse med gjenoppbyggingen av sine arkeologiske steder.<\/p><p>Vitenskapelig sett gjelder Melqart i dag som et sentralt studieobjekt for f\u00f8nikisk religion, for by-gud-<span class=\"iwg-fachbegriff\" data-tooltip=\"Den vitenskapelige l\u00e6ren om Gud og troen i en religion.\" tabindex=\"0\">teologien<\/span> og for den mediterrane religionsdynamikken. Aktuelle forskningsfokus ligger p\u00e5 differensieringen av lokale Melqart-hypostaser, p\u00e5 den ikonografiske overf\u00f8ringen til den greske Herakles-tradisjonen og p\u00e5 den arkeologiske utforskningen av Gades-helligdommen. iWell Guard f\u00f8rer opp Melqart som et historisk <span class=\"iwg-fachbegriff\" data-tooltip=\"Helheten av gudene i en religion eller kultur.\" tabindex=\"0\">pantheon<\/span>-medlem.<\/p><p>Ogs\u00e5 de hellenistiske myntene fra Tyros og Karthago viser bilder av Melqart, ofte med klubbe, bue eller skipsbaug. Denne myntkunsten er en viktig kilde til Melqarts ikonografiske historie.<\/p><p>Nyere studier av Josephine Quinn og Brian Doak har unders\u00f8kt Melqarts rolle i den punisk identitetskonstruksjonen og i den romersk-f\u00f8nikiske kontaktzonen p\u00e5 nytt.<\/p>\t\t\t\t\t\t\t\t<\/div>\n\t\t\t\t<\/div>\n\t\t\t\t\t<\/div>\n\t\t\t\t<\/div>\n\t\t<div class=\"elementor-element elementor-element-iwgw-melqart-s8 e-flex e-con-boxed e-con e-parent\" data-id=\"iwgw-melqart-s8\" data-element_type=\"container\" data-e-type=\"container\">\n\t\t\t\t\t<div class=\"e-con-inner\">\n\t\t\t\t<div class=\"elementor-element elementor-element-iwgw-melqart-s8h elementor-widget elementor-widget-heading\" data-id=\"iwgw-melqart-s8h\" data-element_type=\"widget\" data-e-type=\"widget\" data-widget_type=\"heading.default\">\n\t\t\t\t\t<h2 class=\"elementor-heading-title elementor-size-default\">Litteratur og kilder<\/h2>\t\t\t\t<\/div>\n\t\t<div class=\"elementor-element elementor-element-iwgw-melqart-s8c e-con-full e-flex e-con e-child\" data-id=\"iwgw-melqart-s8c\" data-element_type=\"container\" data-e-type=\"container\">\n\t\t\t\t<div class=\"elementor-element elementor-element-iwgw-melqart-s8t elementor-widget elementor-widget-text-editor\" data-id=\"iwgw-melqart-s8t\" data-element_type=\"widget\" data-e-type=\"widget\" data-widget_type=\"text-editor.default\">\n\t\t\t\t\t\t\t\t\t<p>F\u00f8lgende utvalg omfatter de viktigste standardverkene innen Melqart-forskningen. Det samler monografier, innskriftutgaver og religionshistoriske synteser. Corinne Bonnets <em>Melqart<\/em> er den beste inngangen; Burkert behandler den greske linjen; Aubet den mediterrane utbredelsen; Krahmalkov det spr\u00e5khistoriske materialet. H\u00e9l\u00e8ne Saders nyeste monografi gir den arkeologiske syntesen.<\/p>\t\t\t\t\t\t\t\t<\/div>\n\t\t\t\t<\/div>\n\t\t\t\t\t<\/div>\n\t\t\t\t<\/div>\n\t\t<div class=\"elementor-element elementor-element-cp2ff50c6c e-flex e-con-boxed e-con e-parent\" data-id=\"cp2ff50c6c\" data-element_type=\"container\" data-e-type=\"container\">\n\t\t\t\t\t<div class=\"e-con-inner\">\n\t\t\t\t<div class=\"elementor-element elementor-element-cp202ddb76 elementor-widget elementor-widget-heading\" data-id=\"cp202ddb76\" data-element_type=\"widget\" data-e-type=\"widget\" data-widget_type=\"heading.default\">\n\t\t\t\t\t<h2 class=\"elementor-heading-title elementor-size-default\">Egersis, Melqarts oppvekkelsesfest<\/h2>\t\t\t\t<\/div>\n\t\t<div class=\"elementor-element elementor-element-cp2683cd7c e-flex e-con-boxed e-con e-child\" data-id=\"cp2683cd7c\" data-element_type=\"container\" data-e-type=\"container\">\n\t\t\t\t\t<div class=\"e-con-inner\">\n\t\t\t\t<div class=\"elementor-element elementor-element-cp27bc6d8a elementor-widget elementor-widget-text-editor\" data-id=\"cp27bc6d8a\" data-element_type=\"widget\" data-e-type=\"widget\" data-widget_type=\"text-editor.default\">\n\t\t\t\t\t\t\t\t\t<p>En s\u00e6regenhet ved Melqart-kulten i Tyros var en \u00e5rlig fest som de greske kildene kaller <em>egersis<\/em>, oppvekkingen eller oppstandelsen av guden. Begrepet antyder at festen bygde p\u00e5 forestillingen om at Melqart d\u00f8de og vendte tilbake til livet.<\/p><p>Dermed h\u00f8rer Melqart til blant gudene i det gamle Orienten hvis <span class=\"iwg-fachbegriff\" data-tooltip=\"Helheten av religi\u00f8se \u00e6resbevisninger for en gud eller en hellig skikkelse.\" tabindex=\"0\">kult<\/span> var knyttet til en sykel av d\u00f8d og gjenkomst, sammenlignbart med Adonis eller den mesopotamiske Dumuzi.<\/p><p>De n\u00f8yaktige ritene til egersis er bare fragmentarisk kjent. <span class=\"iwg-fachbegriff\" data-tooltip=\"Epoke i den greske og romerske kulturen, om lag 800 f.Kr. til 600 e.Kr.\" tabindex=\"0\">Antikke<\/span> forfattere nevner brenningen av et bilde eller en figur av guden, og de taler om en person som bar titelen oppvekker av guden.<\/p><p>Festen var trolig knyttet til en v\u00e5rtid og dermed til naturens gjenoppv\u00e5kning, men kildene tillater ingen sikker rekonstruksjon. En viktig <span class=\"iwg-fachbegriff\" data-tooltip=\"En tekst risset eller hugget inn i et fast underlag.\" tabindex=\"0\">innskrift<\/span> fra det kypriotiske Kition nevner en <em>mqm \u02belm<\/em>, en oppvekker av guden, som et kultisk embete, og bekrefter dermed indirekte at en slik fest fantes.<\/p><p>Historisk er egersis betydningsfull fordi den skiller Melqart fra en ren by- og kongegud og gir ham en frelseshistorisk, syklisk karakter. Corinne Bonnet har i sin monografi om Melqart kritisk gjennomg\u00e5tt det tilgjengelige materialet om egersis og advart mot en for rask plassering i det eldre skjemaet om de d\u00f8ende og gjenoppst\u00e5ende gudene.<\/p><p>Forskningen er enig om at festen fantes, men uenig om dens n\u00f8yaktige form. Den er fremdeles et av de mest intenst diskuterte elementene i den f\u00f8nikiske festkalenderen.<\/p>\t\t\t\t\t\t\t\t<\/div>\n\t\t\t\t\t<\/div>\n\t\t\t\t<\/div>\n\t\t\t\t\t<\/div>\n\t\t\t\t<\/div>\n\t\t<div class=\"elementor-element elementor-element-cp25186adb e-flex e-con-boxed e-con e-parent\" data-id=\"cp25186adb\" data-element_type=\"container\" data-e-type=\"container\">\n\t\t\t\t\t<div class=\"e-con-inner\">\n\t\t\t\t<div class=\"elementor-element elementor-element-cp2e3a4f25 elementor-widget elementor-widget-heading\" data-id=\"cp2e3a4f25\" data-element_type=\"widget\" data-e-type=\"widget\" data-widget_type=\"heading.default\">\n\t\t\t\t\t<h2 class=\"elementor-heading-title elementor-size-default\">Melqart og Herakles, en dobbel identitet<\/h2>\t\t\t\t<\/div>\n\t\t<div class=\"elementor-element elementor-element-cp226fa5a4 e-flex e-con-boxed e-con e-child\" data-id=\"cp226fa5a4\" data-element_type=\"container\" data-e-type=\"container\">\n\t\t\t\t\t<div class=\"e-con-inner\">\n\t\t\t\t<div class=\"elementor-element elementor-element-cp243726bf elementor-widget elementor-widget-text-editor\" data-id=\"cp243726bf\" data-element_type=\"widget\" data-e-type=\"widget\" data-widget_type=\"text-editor.default\">\n\t\t\t\t\t\t\t\t\t<p>Grekerne satte konsekvent Melqart lik sin heros Herakles. Denne likestillingen var s\u00e5 fast forankret at det ber\u00f8mte <span class=\"iwg-fachbegriff\" data-tooltip=\"Et hellig sted viet til tilbedelsen av en gud.\" tabindex=\"0\">helligdommen<\/span> for Melqart i Gadir, dagens C\u00e1diz ved den spanske atlanterhavskysten, framst\u00e5r som et Herakles-tempel i de antikke kildene.<\/p><p>Herakles-s\u00f8ylene, Gibraltarstredet, er navngitt etter denne forbindelsen; opprinnelig skal det ha v\u00e6rt Melqarts s\u00f8yler.<\/p><p>Grunnene til likestillingen ligger i de fellestrekkene begge gestaltene har. Begge regnes som heroer som foretar lange reiser, n\u00e5r ytterkanten av den kjente verden og sprer kultur og ordning.<\/p><p>Melqart ble ansett som skytshelgen for tyrisk kolonisasjon; hvor enn Tyros grunnla en dotterby, fra Karthago til Gadir, reiste man et <span class=\"iwg-fachbegriff\" data-tooltip=\"Et hellig sted viet til tilbedelsen av en gud.\" tabindex=\"0\">helligdom<\/span> for ham. Herakles vandrer p\u00e5 sin side gjennom hele Middelhavsomr\u00e5det i den greske <span class=\"iwg-fachbegriff\" data-tooltip=\"En overlevert fortelling med ofte historisk kjerne og underfulle trekk.\" tabindex=\"0\">sagnet<\/span>. Begge forbinder d\u00f8d og overvinnelse av d\u00f8den, Melqart gjennom egersis, Herakles gjennom sin opptakelse blant gudene etter b\u00e5let.<\/p><p>Forskningen taler om en identifikasjon som virket i begge retninger. Enkelte trekk ved den greske Herakles, s\u00e6rlig b\u00e5lepisoden, kan ha v\u00e6rt preget av den f\u00f8nikiske Melqart. Omvendt framst\u00e5r Melqart i tospr\u00e5klige innskrifter, for eksempel p\u00e5 en ber\u00f8mt f\u00f8nikisk-gresk bilingue fra Malta, direkte likestilt med Herakles.<\/p><p>Denne maltesiske <span class=\"iwg-fachbegriff\" data-tooltip=\"En tekst risset eller hugget inn i et fast underlag.\" tabindex=\"0\">innskriften<\/span> var for \u00f8vrig p\u00e5 1700-tallet en av n\u00f8klene til tydningen av den f\u00f8nikiske skriften. Dobbeltidentiteten Melqart-Herakles er dermed et m\u00f8nstereksempel p\u00e5 hvordan to kulturer kunne kjenne igjen en <span class=\"iwg-fachbegriff\" data-tooltip=\"Et vesen som tilbes som gud innenfor en religion.\" tabindex=\"0\">gud<\/span> som den samme og flette sammen sine overleveringer.<\/p>\t\t\t\t\t\t\t\t<\/div>\n\t\t\t\t\t<\/div>\n\t\t\t\t<\/div>\n\t\t\t\t\t<\/div>\n\t\t\t\t<\/div>\n\t\t<div class=\"elementor-element elementor-element-cp22fd1a8d e-flex e-con-boxed e-con e-parent\" data-id=\"cp22fd1a8d\" data-element_type=\"container\" data-e-type=\"container\">\n\t\t\t\t\t<div class=\"e-con-inner\">\n\t\t\t\t<div class=\"elementor-element elementor-element-cp2fd95ae4 elementor-widget elementor-widget-heading\" data-id=\"cp2fd95ae4\" data-element_type=\"widget\" data-e-type=\"widget\" data-widget_type=\"heading.default\">\n\t\t\t\t\t<h2 class=\"elementor-heading-title elementor-size-default\">Melqart i historien fra Karthago til Tyros<\/h2>\t\t\t\t<\/div>\n\t\t<div class=\"elementor-element elementor-element-cp274edf27 e-flex e-con-boxed e-con e-child\" data-id=\"cp274edf27\" data-element_type=\"container\" data-e-type=\"container\">\n\t\t\t\t\t<div class=\"e-con-inner\">\n\t\t\t\t<div class=\"elementor-element elementor-element-cp27b9f300 elementor-widget elementor-widget-text-editor\" data-id=\"cp27b9f300\" data-element_type=\"widget\" data-e-type=\"widget\" data-widget_type=\"text-editor.default\">\n\t\t\t\t\t\t\t\t\t<p>Melqart var byguden i Tyros, og hans betydning strekker seg langt utover religionen og inn i den politiske historien til det f\u00f8nikiske vesten. Da Tyros grunnla Karthago i det niende \u00e5rhundre f\u00f8r v\u00e5r tidsregning, forble den nye byen forpliktet til morbyens gud.<\/p><p>De karthagiske kildene og <span class=\"iwg-fachbegriff\" data-tooltip=\"Epoken for den greske og romerske kulturen, omkring 800 f.Kr. til 600 e.Kr.\" tabindex=\"0\">antikke<\/span> beretninger forteller at Karthago \u00e5rlig sendte en tiendedel av sine inntekter til Melqart-<span class=\"iwg-fachbegriff\" data-tooltip=\"Et hellig sted viet til tilbedelsen av en gud.\" tabindex=\"0\">helligdommen<\/span> i Tyros, en <span class=\"iwg-fachbegriff\" data-tooltip=\"En overlevert handling som gjentas regelmessig i et samfunn.\" tabindex=\"0\">skikk<\/span> som gjorde den religi\u00f8se og politiske forbindelsen mellom koloni og morby synlig gjennom flere \u00e5rhundrer.<\/p><p>Beleiringen av Tyros av Aleksander den store i \u00e5r 332 f\u00f8r v\u00e5r tidsregning er tett knyttet til Melqart. Aleksander \u00f8nsket \u00e5 offre i <span class=\"iwg-fachbegriff\" data-tooltip=\"Et hellig sted viet til tilbedelsen av en gud.\" tabindex=\"0\">helligdommen<\/span> til guden, som han oppfattet som Herakles, og som han hevdet \u00e5 nedstamme fra.<\/p><p>Tyrerne nektet ham tilgang, noe som ble utl\u00f8sende for den flere m\u00e5neder lange, til slutt vellykkede beleiringen. Episoden viser hvilken politisk sprengkraft tilgangen til en bys helligdom kunne ha.<\/p><p>Ogs\u00e5 i romertiden forble Melqart-<span class=\"iwg-fachbegriff\" data-tooltip=\"Summen av de religi\u00f8se tilbedelseshandlingene for en gud eller hellig gestalt.\" tabindex=\"0\">kulten<\/span> levende. Septimius Severus stammet fra den nordafrikanske byen Lepcis Magna, en opprinnelig f\u00f8nikisk grunnleggelse med sin egen Melqart-<span class=\"iwg-fachbegriff\" data-tooltip=\"Summen av de religi\u00f8se tilbedelseshandlingene for en gud eller hellig gestalt.\" tabindex=\"0\">kult<\/span>, og hans dynasti fremmet f\u00f8nikiske tradisjoner.<\/p><p>Corinne Bonnet har kartlagt denne lange historien fra den tidlige <span class=\"iwg-fachbegriff\" data-tooltip=\"Forhistorisk epoke etter bronsealderen, preget av jernbearbeiding.\" tabindex=\"0\">jernalderen<\/span> til keisertiden og vist at Melqart gjennomg\u00e5ende forble en gud for byen, herred\u00f8mmet og koloniseringen. Hans historie er dermed ogs\u00e5 et stykke av historien om den f\u00f8nikiske ekspansjonen over hele Middelhavet.<\/p>\t\t\t\t\t\t\t\t<\/div>\n\t\t\t\t\t<\/div>\n\t\t\t\t<\/div>\n\t\t\t\t\t<\/div>\n\t\t\t\t<\/div>\n\t\t<div class=\"elementor-element elementor-element-iwgw-melqart-lit e-flex e-con-boxed e-con e-parent\" data-id=\"iwgw-melqart-lit\" data-element_type=\"container\" data-e-type=\"container\">\n\t\t\t\t\t<div class=\"e-con-inner\">\n\t\t\t\t<div class=\"elementor-element elementor-element-iwgw-melqart-lith elementor-widget elementor-widget-heading\" data-id=\"iwgw-melqart-lith\" data-element_type=\"widget\" data-e-type=\"widget\" data-widget_type=\"heading.default\">\n\t\t\t\t\t<h2 class=\"elementor-heading-title elementor-size-default\">Litteratur (utvalg)<\/h2>\t\t\t\t<\/div>\n\t\t<div class=\"elementor-element elementor-element-iwgw-melqart-litc e-con-full e-flex e-con e-child\" data-id=\"iwgw-melqart-litc\" data-element_type=\"container\" data-e-type=\"container\">\n\t\t\t\t<div class=\"elementor-element elementor-element-iwgw-melqart-litt elementor-widget elementor-widget-text-editor\" data-id=\"iwgw-melqart-litt\" data-element_type=\"widget\" data-e-type=\"widget\" data-widget_type=\"text-editor.default\">\n\t\t\t\t\t\t\t\t\t<div data-nosnippet=\"true\"><ul><li>Corinne Bonnet: <em>Melqart<\/em> (Leuven\/Namur 1988)<\/li><li>Sabatino Moscati: <em>Die Ph\u00f6niker<\/em> (Stuttgart 1966)<\/li><li>Maria Eugenia Aubet: <em>The Phoenicians and the West<\/em> (Cambridge 2001)<\/li><li>Walter Burkert: <em>Die orientalisierende Epoche<\/em> (Heidelberg 1984)<\/li><li>H\u00e9l\u00e8ne Sader: <em>The History and Archaeology of Phoenicia<\/em> (Atlanta 2019)<\/li><li>Charles Krahmalkov: <em>A Phoenician-Punic Grammar<\/em> (Leiden 2001)<\/li><\/ul><\/div>\t\t\t\t\t\t\t\t<\/div>\n\t\t\t\t<\/div>\n\t\t\t\t\t<\/div>\n\t\t\t\t<\/div>\n\t\t<div class=\"elementor-element elementor-element-iwgkw2-add-melqart e-flex e-con-boxed e-con e-parent\" data-id=\"iwgkw2-add-melqart\" data-element_type=\"container\" data-e-type=\"container\">\n\t\t\t\t\t<div class=\"e-con-inner\">\n\t\t\t\t<div class=\"elementor-element elementor-element-iwgkw2-add-melqart-t elementor-widget elementor-widget-text-editor\" data-id=\"iwgkw2-add-melqart-t\" data-element_type=\"widget\" data-e-type=\"widget\" data-widget_type=\"text-editor.default\">\n\t\t\t\t\t\t\t\t\t<p><em><span class=\"iwg-fachbegriff\" data-tooltip=\"En overlevert fortelling om guder, opprinnelser og verdens ordning.\" tabindex=\"0\">mytos<\/span><\/em> om Melqart knytter hans \u00e5rlige d\u00f8d i flammene og hans oppvekkelse til <span class=\"iwg-fachbegriff\" data-tooltip=\"Summen av de religi\u00f8se tilbedelseshandlingene for en gud eller hellig gestalt.\" tabindex=\"0\">kulten<\/span> i Tyros og preget f\u00f8nikiske helligdommer fra Gades til Karthago.<\/p>\t\t\t\t\t\t\t\t<\/div>\n\t\t\t\t\t<\/div>\n\t\t\t\t<\/div>\n\t\t<div class=\"elementor-element elementor-element-iwgw-melqart-kwd e-flex e-con-boxed e-con e-parent\" data-id=\"iwgw-melqart-kwd\" data-element_type=\"container\" data-e-type=\"container\">\n\t\t\t\t\t<div class=\"e-con-inner\">\n\t\t<div class=\"elementor-element elementor-element-iwgw-melqart-kwdc e-con-full e-flex e-con e-child\" data-id=\"iwgw-melqart-kwdc\" data-element_type=\"container\" data-e-type=\"container\">\n\t\t\t\t<div class=\"elementor-element elementor-element-iwgw-melqart-kwdt elementor-widget elementor-widget-text-editor\" data-id=\"iwgw-melqart-kwdt\" data-element_type=\"widget\" data-e-type=\"widget\" data-widget_type=\"text-editor.default\">\n\t\t\t\t\t\t\t\t\t<p><em>Relaterte n\u00f8kkelbegreper: Melqart Tyros f\u00f8nikere Herakles Gades bygud egersis oppvekkelse.<\/em><\/p>\t\t\t\t\t\t\t\t<\/div>\n\t\t\t\t<\/div>\n\t\t\t\t\t<\/div>\n\t\t\t\t<\/div>\n\t\t<div class=\"elementor-element elementor-element-iwgw-melqart-cc e-flex e-con-boxed e-con e-parent\" data-id=\"iwgw-melqart-cc\" data-element_type=\"container\" data-e-type=\"container\" id=\"iwg-cc-melqart\">\n\t\t\t\t\t<div class=\"e-con-inner\">\n\t\t<div class=\"elementor-element elementor-element-iwgw-melqart-ccinner e-flex e-con-boxed e-con e-parent\" data-id=\"iwgw-melqart-ccinner\" data-element_type=\"container\" data-e-type=\"container\" data-settings=\"{&quot;background_background&quot;:&quot;classic&quot;}\">\n\t\t\t\t\t<div class=\"e-con-inner\">\n\t\t\t\t<div class=\"elementor-element elementor-element-iwgw-melqart-cch elementor-widget elementor-widget-heading\" data-id=\"iwgw-melqart-cch\" data-element_type=\"widget\" data-e-type=\"widget\" data-widget_type=\"heading.default\">\n\t\t\t\t\t<h2 class=\"elementor-heading-title elementor-size-default\">iWell Guard og beskyttelsestradisjoner<\/h2>\t\t\t\t<\/div>\n\t\t\t\t<div class=\"elementor-element elementor-element-iwgw-melqart-cct elementor-widget elementor-widget-text-editor\" data-id=\"iwgw-melqart-cct\" data-element_type=\"widget\" data-e-type=\"widget\" data-widget_type=\"text-editor.default\">\n\t\t\t\t\t\t\t\t\t<div data-nosnippet=\"true\"><p>iWell Guard knytter seg til den kulturhistoriske tradisjonen for b\u00e6rbare skjenkeobjekter, i tradisjonen fra <a href=\"https:\/\/iwell-guard.com\/no\/?page_id=141128\">F\u00f8nikisk<\/a> og mange andre kulturer verden over. 41 lag, ekte gull, platina, s\u00f8lv, produsert i Tyskland. 30 dagers returrett.<\/p><\/div>\t\t\t\t\t\t\t\t<\/div>\n\t\t\t\t<div class=\"elementor-element elementor-element-iwgw-melqart-ccb iwg-cc-button iwg-cc-cta-2026-05-13 elementor-widget elementor-widget-jet-button\" data-id=\"iwgw-melqart-ccb\" data-element_type=\"widget\" data-e-type=\"widget\" data-widget_type=\"jet-button.default\">\n\t\t\t\t<div class=\"elementor-widget-container\">\n\t\t\t\t\t<div class=\"elementor-jet-button jet-elements\"><div class=\"jet-button__container\"><a class=\"jet-button__instance jet-button__instance--icon-left hover-effect-1\" href=\"\/ueber-iwell-guard\/?utm_source=iwell-guard.com&amp;utm_medium=info-box&amp;utm_campaign=wesen-tradition\"><div class=\"jet-button__plane jet-button__plane-normal\"><\/div><div class=\"jet-button__plane jet-button__plane-hover\"><\/div><div class=\"jet-button__state jet-button__state-normal\"><span class=\"jet-button__label\">Mer om iWell Guard<\/span><\/div><div class=\"jet-button__state jet-button__state-hover\"><span class=\"jet-button__label\">Mer om iWell Guard<\/span><\/div><\/a><\/div><\/div><style>.elementor-element.elementor-element-iwgw-melqart-ccb .jet-button__instance{width:320px;height:56px;}.elementor-element.elementor-element-iwgw-melqart-ccb .jet-button__state-normal .jet-button__label{text-align:center;margin:0px 0px 0px 0px;color:#1a1b20;font-family:Montserrat,sans-serif;font-size:13px;font-weight:400;letter-spacing:4px;line-height:1.714em;text-transform:uppercase;}.elementor-element.elementor-element-iwgw-melqart-ccb .jet-button__state-hover .jet-button__label{text-align:center;margin:0px 0px 0px 0px;color:#FECC76;font-family:Montserrat,sans-serif;font-size:13px;font-weight:400;letter-spacing:4px;line-height:1.714em;text-transform:uppercase;}.elementor-element.elementor-element-iwgw-melqart-ccb .jet-button__plane-normal{background-color:#FECC76;border-style:solid;border-color:#C99540;border-width:2px 2px 2px 2px;}.elementor-element.elementor-element-iwgw-melqart-ccb .jet-button__plane-hover{background-color:rgba(0,0,0,0.55);border-style:solid;border-color:#FECC76;border-width:2px 2px 2px 2px;}<\/style>\t\t\t\t<\/div>\n\t\t\t\t<\/div>\n\t\t\t\t<div class=\"elementor-element elementor-element-iwgw-melqart-ccd elementor-widget elementor-widget-text-editor\" data-id=\"iwgw-melqart-ccd\" data-element_type=\"widget\" data-e-type=\"widget\" data-widget_type=\"text-editor.default\">\n\t\t\t\t\t\t\t\t\t<div data-nosnippet=\"true\"><p style=\"text-align:center;font-size:13px;opacity:0.7;margin-top:14px\" data-nosnippet=\"true\">Personlige erfaringer kan variere. Ikke et medisinsk produkt. Ingen garanti for helbredelse.<\/p><\/div>\t\t\t\t\t\t\t\t<\/div>\n\t\t\t\t\t<\/div>\n\t\t\t\t<\/div>\n\t\t\t\t\t<\/div>\n\t\t\t\t<\/div>\n\t\t<div class=\"elementor-element elementor-element-iwgw-melqart-disc e-flex e-con-boxed e-con e-parent\" data-id=\"iwgw-melqart-disc\" data-element_type=\"container\" data-e-type=\"container\">\n\t\t\t\t\t<div class=\"e-con-inner\">\n\t\t\t\t<div class=\"elementor-element elementor-element-iwgw-melqart-discw elementor-widget elementor-widget-html\" data-id=\"iwgw-melqart-discw\" data-element_type=\"widget\" data-e-type=\"widget\" data-widget_type=\"html.default\">\n\t\t\t\t\t<footer data-nosnippet=\"true\" class=\"iwg-disclaimer-block\"><p data-nosnippet=\"true\">iWell Guard er <strong>ikke et medisinsk produkt<\/strong> og erstatter ingen medisinsk eller psykoterapeutisk behandling. Det religionsvitenskapelige innholdet er kulturhistorisk plassering, ikke en anbefaling om spirituell praksis.<\/p><\/footer>\t\t\t\t<\/div>\n\t\t\t\t\t<\/div>\n\t\t\t\t<\/div>\n\t\t\t\t<\/div>\n\t\t","protected":false},"excerpt":{"rendered":"","protected":false},"author":3,"featured_media":2850,"parent":0,"menu_order":0,"comment_status":"closed","ping_status":"closed","template":"elementor_header_footer","meta":{"_yoast_wpseo_focuskw":"Melqart Tyros f\u00f8nikere","_yoast_wpseo_title":"Melqart \u2013 bygud Tyros, myte, kult, Herakles","_yoast_wpseo_metadesc":"Melqart, 'byens konge', er den f\u00f8nikiske byguden i Tyros, som grekerne identifiserte med Herakles. Myte, kult og kulturhistorisk plassering.","_yoast_wpseo_meta-robots-noindex":"","_yoast_wpseo_canonical":"","_angie_page":false,"gefaehrdungsstufe":"2","wesen_kultur":"phoenizisch","wesen_klasse":"goetter","footnotes":""},"categories":[],"class_list":["post-141185","page","type-page","status-publish","has-post-thumbnail","hentry"],"yoast_head":"<!-- This site is optimized with the Yoast SEO Premium plugin v27.7 (Yoast SEO v28.3) - https:\/\/yoast.com\/product\/yoast-seo-premium-wordpress\/ -->\n<title>Melqart \u2013 bygud Tyros, myte, kult, Herakles<\/title>\n<meta name=\"description\" content=\"Melqart, &#039;byens konge&#039;, er den f\u00f8nikiske byguden i Tyros, som grekerne identifiserte med Herakles. Myte, kult og kulturhistorisk plassering.\" \/>\n<meta name=\"robots\" content=\"index, follow, max-snippet:-1, max-image-preview:large, max-video-preview:-1\" \/>\n<link rel=\"canonical\" href=\"https:\/\/iwell-guard.com\/no\/melqart-bygud-i-tyros\/\" \/>\n<meta property=\"og:locale\" content=\"nb_NO\" \/>\n<meta property=\"og:type\" content=\"article\" \/>\n<meta property=\"og:title\" content=\"Melqart \u2013 bygud i Tyros\" \/>\n<meta property=\"og:description\" content=\"Melqart, &#039;byens konge&#039;, er den f\u00f8nikiske byguden i Tyros, som grekerne identifiserte med Herakles. Myte, kult og kulturhistorisk plassering.\" \/>\n<meta property=\"og:url\" content=\"https:\/\/iwell-guard.com\/no\/melqart-bygud-i-tyros\/\" \/>\n<meta property=\"og:site_name\" content=\"iWell Guard\" \/>\n<meta property=\"article:modified_time\" content=\"2026-09-03T09:44:15+00:00\" \/>\n<meta property=\"og:image\" content=\"https:\/\/iwell-guard.com\/wp-content\/uploads\/2026\/05\/goetter_phoenizisch_melqart.webp\" \/>\n\t<meta property=\"og:image:width\" content=\"1024\" \/>\n\t<meta property=\"og:image:height\" content=\"1536\" \/>\n\t<meta property=\"og:image:type\" content=\"image\/webp\" \/>\n<meta name=\"twitter:card\" content=\"summary_large_image\" \/>\n<script type=\"application\/ld+json\" class=\"yoast-schema-graph\">{\"@context\":\"https:\\\/\\\/schema.org\",\"@graph\":[{\"@type\":\"WebPage\",\"@id\":\"https:\\\/\\\/iwell-guard.com\\\/no\\\/melqart-bygud-i-tyros\\\/\",\"url\":\"https:\\\/\\\/iwell-guard.com\\\/no\\\/melqart-bygud-i-tyros\\\/\",\"name\":\"Melqart \u2013 bygud Tyros, myte, kult, Herakles\",\"isPartOf\":{\"@id\":\"https:\\\/\\\/iwell-guard.com\\\/no\\\/#website\"},\"primaryImageOfPage\":{\"@id\":\"https:\\\/\\\/iwell-guard.com\\\/no\\\/melqart-bygud-i-tyros\\\/#primaryimage\"},\"image\":{\"@id\":\"https:\\\/\\\/iwell-guard.com\\\/no\\\/melqart-bygud-i-tyros\\\/#primaryimage\"},\"thumbnailUrl\":\"https:\\\/\\\/iwell-guard.com\\\/wp-content\\\/uploads\\\/2026\\\/05\\\/goetter_phoenizisch_melqart.webp\",\"datePublished\":\"2026-09-03T09:17:34+00:00\",\"dateModified\":\"2026-09-03T09:44:15+00:00\",\"description\":\"Melqart, 'byens konge', er den f\u00f8nikiske byguden i Tyros, som grekerne identifiserte med Herakles. Myte, kult og kulturhistorisk plassering.\",\"breadcrumb\":{\"@id\":\"https:\\\/\\\/iwell-guard.com\\\/no\\\/melqart-bygud-i-tyros\\\/#breadcrumb\"},\"inLanguage\":\"nb-NO\",\"potentialAction\":[{\"@type\":\"ReadAction\",\"target\":[\"https:\\\/\\\/iwell-guard.com\\\/no\\\/melqart-bygud-i-tyros\\\/\"]}]},{\"@type\":\"ImageObject\",\"inLanguage\":\"nb-NO\",\"@id\":\"https:\\\/\\\/iwell-guard.com\\\/no\\\/melqart-bygud-i-tyros\\\/#primaryimage\",\"url\":\"https:\\\/\\\/iwell-guard.com\\\/wp-content\\\/uploads\\\/2026\\\/05\\\/goetter_phoenizisch_melqart.webp\",\"contentUrl\":\"https:\\\/\\\/iwell-guard.com\\\/wp-content\\\/uploads\\\/2026\\\/05\\\/goetter_phoenizisch_melqart.webp\",\"width\":1024,\"height\":1536,\"caption\":\"Guder fra den f\u00f8nikiske tradisjonen.\"},{\"@type\":\"BreadcrumbList\",\"@id\":\"https:\\\/\\\/iwell-guard.com\\\/no\\\/melqart-bygud-i-tyros\\\/#breadcrumb\",\"itemListElement\":[{\"@type\":\"ListItem\",\"position\":1,\"name\":\"Start\",\"item\":\"https:\\\/\\\/iwell-guard.com\\\/no\\\/?page_id=140795\"},{\"@type\":\"ListItem\",\"position\":2,\"name\":\"Melqart \u2013 bygud i Tyros\"}]},{\"@type\":\"WebSite\",\"@id\":\"https:\\\/\\\/iwell-guard.com\\\/no\\\/#website\",\"url\":\"https:\\\/\\\/iwell-guard.com\\\/no\\\/\",\"name\":\"iWell Guard\",\"description\":\"Schutz vor dunklen Einfl\u00fcssen\",\"publisher\":{\"@id\":\"https:\\\/\\\/iwell-guard.com\\\/no\\\/#organization\"},\"potentialAction\":[{\"@type\":\"SearchAction\",\"target\":{\"@type\":\"EntryPoint\",\"urlTemplate\":\"https:\\\/\\\/iwell-guard.com\\\/no\\\/?s={search_term_string}\"},\"query-input\":{\"@type\":\"PropertyValueSpecification\",\"valueRequired\":true,\"valueName\":\"search_term_string\"}}],\"inLanguage\":\"nb-NO\"},{\"@type\":\"Organization\",\"@id\":\"https:\\\/\\\/iwell-guard.com\\\/no\\\/#organization\",\"name\":\"Ittermann electronic GmbH\",\"url\":\"https:\\\/\\\/iwell-guard.com\\\/no\\\/\",\"logo\":{\"@type\":\"ImageObject\",\"inLanguage\":\"nb-NO\",\"@id\":\"https:\\\/\\\/iwell-guard.com\\\/no\\\/#\\\/schema\\\/logo\\\/image\\\/\",\"url\":\"https:\\\/\\\/iwell-guard.com\\\/wp-content\\\/uploads\\\/2026\\\/05\\\/Ittermann-Logo-1182x237-1.png\",\"contentUrl\":\"https:\\\/\\\/iwell-guard.com\\\/wp-content\\\/uploads\\\/2026\\\/05\\\/Ittermann-Logo-1182x237-1.png\",\"width\":1182,\"height\":237,\"caption\":\"Ittermann electronic GmbH\"},\"image\":{\"@id\":\"https:\\\/\\\/iwell-guard.com\\\/no\\\/#\\\/schema\\\/logo\\\/image\\\/\"},\"sameAs\":[\"https:\\\/\\\/pantip.com\\\/profile\\\/9367242\",\"https:\\\/\\\/micro.blog\\\/iwellguard\",\"https:\\\/\\\/www.diggerslist.com\\\/iwellguard\\\/about\",\"https:\\\/\\\/skitterphoto.com\\\/photographers\\\/2870314\\\/iwell-guard\",\"https:\\\/\\\/iwellguard.wordpress.com\\\/2026\\\/06\\\/06\\\/iwell-guard\\\/\",\"https:\\\/\\\/hub.docker.com\\\/u\\\/iwellguard\",\"https:\\\/\\\/www.pinterest.com\\\/iwellguard\\\/\",\"https:\\\/\\\/bit.ly\\\/m\\\/iwellguard\",\"https:\\\/\\\/entre-vos-mains.alsace.eu\\\/profiles\\\/iwellguard\\\/activity\",\"https:\\\/\\\/gravatar.com\\\/reallybeded8fd34\",\"https:\\\/\\\/naijamatta.com\\\/iwellguard\",\"https:\\\/\\\/www.goodreads.com\\\/iwellguard\",\"https:\\\/\\\/profile.hatena.ne.jp\\\/iwellguard\\\/\",\"https:\\\/\\\/experiment.com\\\/users\\\/iwellguard\",\"https:\\\/\\\/wakelet.com\\\/@iWellGuard82270\",\"https:\\\/\\\/www.chordie.com\\\/forum\\\/profile.php?id=2555664\",\"https:\\\/\\\/www.instapaper.com\\\/p\\\/17757966\",\"https:\\\/\\\/www.mapleprimes.com\\\/users\\\/iwellguard\",\"https:\\\/\\\/businesslistingplus.com\\\/profile\\\/iwell-guard\\\/\",\"https:\\\/\\\/telegra.ph\\\/iWell-Guard-06-06\",\"https:\\\/\\\/pbase.com\\\/iwellguard\\\/iwellguard\",\"https:\\\/\\\/b.hatena.ne.jp\\\/iwellguard\\\/20260607#bookmark-4788405196491818882\",\"https:\\\/\\\/fliphtml5.com\\\/home\\\/iwellguard\",\"https:\\\/\\\/anyflip.com\\\/homepage\\\/cmiwl#About\",\"https:\\\/\\\/transfur.com\\\/Users\\\/iwellguard\",\"http:\\\/\\\/delphi.larsbo.org\\\/user\\\/iwellguard\",\"https:\\\/\\\/jobs.lajobsportal.org\\\/profiles\\\/8380803-iwell-guard\",\"https:\\\/\\\/md.chaosdorf.de\\\/s\\\/jfbe5SBdJD\",\"https:\\\/\\\/www.lingvolive.com\\\/en-us\\\/profile\\\/9ecaeaca-ce11-4e51-9e71-01d55e2bff36\\\/translations\",\"https:\\\/\\\/www.fitday.com\\\/fitness\\\/forums\\\/members\\\/iwellguard.html\",\"https:\\\/\\\/www.mymeetbook.com\\\/iwellguard\",\"https:\\\/\\\/pxhere.com\\\/en\\\/photographer-me\\\/5040798\",\"https:\\\/\\\/disqus.com\\\/by\\\/iwellguard\\\/about\\\/\",\"https:\\\/\\\/pastelink.net\\\/hjwciqwq\",\"https:\\\/\\\/pubhtml5.com\\\/homepage\\\/scjhn\\\/\",\"https:\\\/\\\/www.bitchute.com\\\/channel\\\/2O2eOKzNqujT\",\"https:\\\/\\\/audiomack.com\\\/iwellguard\"]},{\"@type\":\"Article\",\"@id\":\"https:\\\/\\\/iwell-guard.com\\\/no\\\/melqart-bygud-i-tyros\\\/#article\",\"isPartOf\":{\"@id\":\"https:\\\/\\\/iwell-guard.com\\\/no\\\/melqart-bygud-i-tyros\\\/\"},\"author\":{\"name\":\"Ralf Ittermann\",\"@id\":\"https:\\\/\\\/iwell-guard.com\\\/no\\\/#\\\/schema\\\/person\\\/ee2a27f1cac3406c7c6fb5820cb7349f\"},\"headline\":\"Melqart \u2013 bygud i Tyros\",\"datePublished\":\"2026-09-03T09:17:34+00:00\",\"dateModified\":\"2026-09-03T09:44:15+00:00\",\"mainEntityOfPage\":{\"@id\":\"https:\\\/\\\/iwell-guard.com\\\/no\\\/melqart-bygud-i-tyros\\\/\"},\"publisher\":{\"@id\":\"https:\\\/\\\/iwell-guard.com\\\/no\\\/#organization\"},\"image\":{\"@id\":\"https:\\\/\\\/iwell-guard.com\\\/no\\\/melqart-bygud-i-tyros\\\/#primaryimage\"},\"thumbnailUrl\":\"https:\\\/\\\/iwell-guard.com\\\/wp-content\\\/uploads\\\/2026\\\/05\\\/goetter_phoenizisch_melqart.webp\",\"inLanguage\":\"nb-NO\",\"description\":\"Melqart, 'byens konge', er den f\u00f8nikiske byguden i Tyros, som grekerne identifiserte med Herakles. Myte, kult og kulturhistorisk plassering.\"}]}<\/script>\n<!-- \/ Yoast SEO Premium plugin. -->","yoast_head_json":{"title":"Melqart \u2013 bygud Tyros, myte, kult, Herakles","description":"Melqart, 'byens konge', er den f\u00f8nikiske byguden i Tyros, som grekerne identifiserte med Herakles. Myte, kult og kulturhistorisk plassering.","robots":{"index":"index","follow":"follow","max-snippet":"max-snippet:-1","max-image-preview":"max-image-preview:large","max-video-preview":"max-video-preview:-1"},"canonical":"https:\/\/iwell-guard.com\/no\/melqart-bygud-i-tyros\/","og_locale":"nb_NO","og_type":"article","og_title":"Melqart \u2013 bygud i Tyros","og_description":"Melqart, 'byens konge', er den f\u00f8nikiske byguden i Tyros, som grekerne identifiserte med Herakles. Myte, kult og kulturhistorisk plassering.","og_url":"https:\/\/iwell-guard.com\/no\/melqart-bygud-i-tyros\/","og_site_name":"iWell Guard","article_modified_time":"2026-09-03T09:44:15+00:00","og_image":[{"width":1024,"height":1536,"url":"https:\/\/iwell-guard.com\/wp-content\/uploads\/2026\/05\/goetter_phoenizisch_melqart.webp","type":"image\/webp"}],"twitter_card":"summary_large_image","schema":{"@context":"https:\/\/schema.org","@graph":[{"@type":"Article","@id":"https:\/\/iwell-guard.com\/no\/melqart-bygud-i-tyros\/#article","isPartOf":{"@id":"https:\/\/iwell-guard.com\/no\/melqart-bygud-i-tyros\/"},"author":{"name":"Ralf Ittermann","@id":"https:\/\/iwell-guard.com\/no\/#\/schema\/person\/ee2a27f1cac3406c7c6fb5820cb7349f"},"headline":"Melqart \u2013 bygud i Tyros","datePublished":"2026-09-03T09:17:34+00:00","dateModified":"2026-09-03T09:44:15+00:00","mainEntityOfPage":{"@id":"https:\/\/iwell-guard.com\/no\/melqart-bygud-i-tyros\/"},"publisher":{"@id":"https:\/\/iwell-guard.com\/no\/#organization"},"image":{"@id":"https:\/\/iwell-guard.com\/no\/melqart-bygud-i-tyros\/#primaryimage"},"thumbnailUrl":"https:\/\/iwell-guard.com\/wp-content\/uploads\/2026\/05\/goetter_phoenizisch_melqart.webp","inLanguage":"nb-NO","description":"Melqart, 'byens konge', er den f\u00f8nikiske byguden i Tyros, som grekerne identifiserte med Herakles. Myte, kult og kulturhistorisk plassering."},{"@type":"WebPage","@id":"https:\/\/iwell-guard.com\/no\/melqart-bygud-i-tyros\/","url":"https:\/\/iwell-guard.com\/no\/melqart-bygud-i-tyros\/","name":"Melqart \u2013 bygud Tyros, myte, kult, Herakles","isPartOf":{"@id":"https:\/\/iwell-guard.com\/no\/#website"},"primaryImageOfPage":{"@id":"https:\/\/iwell-guard.com\/no\/melqart-bygud-i-tyros\/#primaryimage"},"image":{"@id":"https:\/\/iwell-guard.com\/no\/melqart-bygud-i-tyros\/#primaryimage"},"thumbnailUrl":"https:\/\/iwell-guard.com\/wp-content\/uploads\/2026\/05\/goetter_phoenizisch_melqart.webp","datePublished":"2026-09-03T09:17:34+00:00","dateModified":"2026-09-03T09:44:15+00:00","description":"Melqart, 'byens konge', er den f\u00f8nikiske byguden i Tyros, som grekerne identifiserte med Herakles. Myte, kult og kulturhistorisk plassering.","breadcrumb":{"@id":"https:\/\/iwell-guard.com\/no\/melqart-bygud-i-tyros\/#breadcrumb"},"inLanguage":"nb-NO","potentialAction":[{"@type":"ReadAction","target":["https:\/\/iwell-guard.com\/no\/melqart-bygud-i-tyros\/"]}]},{"@type":"ImageObject","inLanguage":"nb-NO","@id":"https:\/\/iwell-guard.com\/no\/melqart-bygud-i-tyros\/#primaryimage","url":"https:\/\/iwell-guard.com\/wp-content\/uploads\/2026\/05\/goetter_phoenizisch_melqart.webp","contentUrl":"https:\/\/iwell-guard.com\/wp-content\/uploads\/2026\/05\/goetter_phoenizisch_melqart.webp","width":1024,"height":1536,"caption":"Guder fra den f\u00f8nikiske tradisjonen."},{"@type":"BreadcrumbList","@id":"https:\/\/iwell-guard.com\/no\/melqart-bygud-i-tyros\/#breadcrumb","itemListElement":[{"@type":"ListItem","position":1,"name":"Start","item":"https:\/\/iwell-guard.com\/no\/?page_id=140795"},{"@type":"ListItem","position":2,"name":"Melqart \u2013 bygud i Tyros"}]},{"@type":"WebSite","@id":"https:\/\/iwell-guard.com\/no\/#website","url":"https:\/\/iwell-guard.com\/no\/","name":"iWell Guard","description":"Schutz vor dunklen Einfl\u00fcssen","publisher":{"@id":"https:\/\/iwell-guard.com\/no\/#organization"},"potentialAction":[{"@type":"SearchAction","target":{"@type":"EntryPoint","urlTemplate":"https:\/\/iwell-guard.com\/no\/?s={search_term_string}"},"query-input":{"@type":"PropertyValueSpecification","valueRequired":true,"valueName":"search_term_string"}}],"inLanguage":"nb-NO"},{"@type":"Organization","@id":"https:\/\/iwell-guard.com\/no\/#organization","name":"Ittermann electronic GmbH","url":"https:\/\/iwell-guard.com\/no\/","logo":{"@type":"ImageObject","inLanguage":"nb-NO","@id":"https:\/\/iwell-guard.com\/no\/#\/schema\/logo\/image\/","url":"https:\/\/iwell-guard.com\/wp-content\/uploads\/2026\/05\/Ittermann-Logo-1182x237-1.png","contentUrl":"https:\/\/iwell-guard.com\/wp-content\/uploads\/2026\/05\/Ittermann-Logo-1182x237-1.png","width":1182,"height":237,"caption":"Ittermann electronic GmbH"},"image":{"@id":"https:\/\/iwell-guard.com\/no\/#\/schema\/logo\/image\/"},"sameAs":["https:\/\/pantip.com\/profile\/9367242","https:\/\/micro.blog\/iwellguard","https:\/\/www.diggerslist.com\/iwellguard\/about","https:\/\/skitterphoto.com\/photographers\/2870314\/iwell-guard","https:\/\/iwellguard.wordpress.com\/2026\/06\/06\/iwell-guard\/","https:\/\/hub.docker.com\/u\/iwellguard","https:\/\/www.pinterest.com\/iwellguard\/","https:\/\/bit.ly\/m\/iwellguard","https:\/\/entre-vos-mains.alsace.eu\/profiles\/iwellguard\/activity","https:\/\/gravatar.com\/reallybeded8fd34","https:\/\/naijamatta.com\/iwellguard","https:\/\/www.goodreads.com\/iwellguard","https:\/\/profile.hatena.ne.jp\/iwellguard\/","https:\/\/experiment.com\/users\/iwellguard","https:\/\/wakelet.com\/@iWellGuard82270","https:\/\/www.chordie.com\/forum\/profile.php?id=2555664","https:\/\/www.instapaper.com\/p\/17757966","https:\/\/www.mapleprimes.com\/users\/iwellguard","https:\/\/businesslistingplus.com\/profile\/iwell-guard\/","https:\/\/telegra.ph\/iWell-Guard-06-06","https:\/\/pbase.com\/iwellguard\/iwellguard","https:\/\/b.hatena.ne.jp\/iwellguard\/20260607#bookmark-4788405196491818882","https:\/\/fliphtml5.com\/home\/iwellguard","https:\/\/anyflip.com\/homepage\/cmiwl#About","https:\/\/transfur.com\/Users\/iwellguard","http:\/\/delphi.larsbo.org\/user\/iwellguard","https:\/\/jobs.lajobsportal.org\/profiles\/8380803-iwell-guard","https:\/\/md.chaosdorf.de\/s\/jfbe5SBdJD","https:\/\/www.lingvolive.com\/en-us\/profile\/9ecaeaca-ce11-4e51-9e71-01d55e2bff36\/translations","https:\/\/www.fitday.com\/fitness\/forums\/members\/iwellguard.html","https:\/\/www.mymeetbook.com\/iwellguard","https:\/\/pxhere.com\/en\/photographer-me\/5040798","https:\/\/disqus.com\/by\/iwellguard\/about\/","https:\/\/pastelink.net\/hjwciqwq","https:\/\/pubhtml5.com\/homepage\/scjhn\/","https:\/\/www.bitchute.com\/channel\/2O2eOKzNqujT","https:\/\/audiomack.com\/iwellguard"]},{"@type":"Person","@id":"https:\/\/iwell-guard.com\/no\/#\/schema\/person\/ee2a27f1cac3406c7c6fb5820cb7349f","name":"Ralf Ittermann","image":{"@type":"ImageObject","inLanguage":"nb-NO","@id":"https:\/\/secure.gravatar.com\/avatar\/073c0153e350a5005b68eb752b445fea71f6b24a26da9449ad7e155e6b446c9d?s=96&d=mm&r=g","url":"https:\/\/secure.gravatar.com\/avatar\/073c0153e350a5005b68eb752b445fea71f6b24a26da9449ad7e155e6b446c9d?s=96&d=mm&r=g","contentUrl":"https:\/\/secure.gravatar.com\/avatar\/073c0153e350a5005b68eb752b445fea71f6b24a26da9449ad7e155e6b446c9d?s=96&d=mm&r=g","caption":"Ralf Ittermann"},"givenName":"Ralf","familyName":"Ittermann","jobTitle":"Gesch\u00e4ftsf\u00fchrer und redaktioneller Verantwortlicher","url":"https:\/\/iwell-guard.com\/no\/author\/claude\/","description":"Ralf Ittermann ist Gesch\u00e4ftsf\u00fchrer der Ittermann electronic GmbH und redaktioneller Verantwortlicher des iWell-Guard-Lexikons. Er verbindet langj\u00e4hrige Erfahrung in der Pr\u00e4zisionsfertigung mit medialer Praxis und religionsgeschichtlicher Quellenarbeit.","worksFor":{"@type":"Organization","name":"Ittermann electronic GmbH","url":"https:\/\/ittermann.de\/","address":{"@type":"PostalAddress","streetAddress":"K\u00f6hlergasse 16-18","postalCode":"99842","addressLocality":"Ruhla","addressCountry":"DE"}},"knowsAbout":["Religionsgeschichte","Mythologie","Mediale Praxis","Energetische Diagnostik","Schutzpraxis","Volksglauben","Westliche Esoterik"]},{"@type":"Article","@id":"https:\/\/iwell-guard.com\/no\/melqart-bygud-i-tyros\/#article","isPartOf":{"@id":"https:\/\/iwell-guard.com\/no\/melqart-bygud-i-tyros\/"},"author":{"name":"Ralf Ittermann","@id":"https:\/\/iwell-guard.com\/no\/#\/schema\/person\/ee2a27f1cac3406c7c6fb5820cb7349f"},"headline":"Melqart \u2013 bygud i Tyros","datePublished":"2026-09-03T09:17:34+00:00","dateModified":"2026-09-03T09:44:15+00:00","mainEntityOfPage":{"@id":"https:\/\/iwell-guard.com\/no\/melqart-bygud-i-tyros\/"},"publisher":{"@id":"https:\/\/iwell-guard.com\/no\/#organization"},"image":{"@id":"https:\/\/iwell-guard.com\/no\/melqart-bygud-i-tyros\/#primaryimage"},"thumbnailUrl":"https:\/\/iwell-guard.com\/wp-content\/uploads\/2026\/05\/goetter_phoenizisch_melqart.webp","inLanguage":"nb-NO","description":"Melqart, 'byens konge', er den f\u00f8nikiske byguden i Tyros, som grekerne identifiserte med Herakles. Myte, kult og kulturhistorisk plassering."}]}},"_links":{"self":[{"href":"https:\/\/iwell-guard.com\/no\/wp-json\/wp\/v2\/pages\/141185","targetHints":{"allow":["GET"]}}],"collection":[{"href":"https:\/\/iwell-guard.com\/no\/wp-json\/wp\/v2\/pages"}],"about":[{"href":"https:\/\/iwell-guard.com\/no\/wp-json\/wp\/v2\/types\/page"}],"author":[{"embeddable":true,"href":"https:\/\/iwell-guard.com\/no\/wp-json\/wp\/v2\/users\/3"}],"replies":[{"embeddable":true,"href":"https:\/\/iwell-guard.com\/no\/wp-json\/wp\/v2\/comments?post=141185"}],"version-history":[{"count":0,"href":"https:\/\/iwell-guard.com\/no\/wp-json\/wp\/v2\/pages\/141185\/revisions"}],"wp:featuredmedia":[{"embeddable":true,"href":"https:\/\/iwell-guard.com\/no\/wp-json\/wp\/v2\/media\/2850"}],"wp:attachment":[{"href":"https:\/\/iwell-guard.com\/no\/wp-json\/wp\/v2\/media?parent=141185"}],"wp:term":[{"taxonomy":"category","embeddable":true,"href":"https:\/\/iwell-guard.com\/no\/wp-json\/wp\/v2\/categories?post=141185"}],"curies":[{"name":"wp","href":"https:\/\/api.w.org\/{rel}","templated":true}]}}