{"id":141136,"date":"2026-09-03T09:17:01","date_gmt":"2026-09-03T09:17:01","guid":{"rendered":"https:\/\/iwell-guard.com\/?page_id=141136"},"modified":"2026-09-03T09:42:40","modified_gmt":"2026-09-03T09:42:40","slug":"viracocha-skapergud-andesfjellene","status":"publish","type":"page","link":"https:\/\/iwell-guard.com\/no\/viracocha-skapergud-andesfjellene\/","title":{"rendered":"Viracocha \u2013 skapergud i Andesfjellene"},"content":{"rendered":"\t\t<div data-elementor-type=\"wp-page\" data-elementor-id=\"141136\" class=\"elementor elementor-141136 elementor-2576 elementor-bc-flex-widget\" data-elementor-post-type=\"page\">\n\t\t\t\t<div class=\"elementor-element elementor-element-iwgw-viracocha-hero e-flex e-con-boxed e-con e-parent\" data-id=\"iwgw-viracocha-hero\" data-element_type=\"container\" data-e-type=\"container\" data-settings=\"{&quot;background_background&quot;:&quot;classic&quot;}\">\n\t\t\t\t\t<div class=\"e-con-inner\">\n\t\t<div class=\"elementor-element elementor-element-iwgw-viracocha-hl e-flex e-con-boxed e-con e-child\" data-id=\"iwgw-viracocha-hl\" data-element_type=\"container\" data-e-type=\"container\">\n\t\t\t\t\t<div class=\"e-con-inner\">\n\t\t<div class=\"elementor-element elementor-element-iwgw-viracocha-htxt e-con-full e-flex e-con e-child\" data-id=\"iwgw-viracocha-htxt\" data-element_type=\"container\" data-e-type=\"container\">\n\t\t\t\t<div class=\"elementor-element elementor-element-iwgw-viracocha-h1 elementor-widget elementor-widget-heading\" data-id=\"iwgw-viracocha-h1\" data-element_type=\"widget\" data-e-type=\"widget\" data-widget_type=\"heading.default\">\n\t\t\t\t\t<h1 class=\"elementor-heading-title elementor-size-default\">Viracocha, skapergud og kosmisk ordensstifter i den andinske verden<\/h1>\t\t\t\t<\/div>\n\t\t\t\t<div class=\"elementor-element elementor-element-iwgw-viracocha-lead elementor-widget elementor-widget-text-editor\" data-id=\"iwgw-viracocha-lead\" data-element_type=\"widget\" data-e-type=\"widget\" data-widget_type=\"text-editor.default\">\n\t\t\t\t\t\t\t\t\t<p>Viracocha (quechua: <em>Wiraqucha<\/em>) er i de tidlige kr\u00f8nikene fra det spanske Peru den h\u00f8yeste skapergud i Andesfjellene, som skaper verden ut fra Titicaca-sj\u00f8en og former menneskeheten av stein. I den statlige <span class=\"iwg-fachbegriff\" data-tooltip=\"Den vitenskapelige l\u00e6ren om Gud og om troen i en religion.\" tabindex=\"0\">teologien<\/span> i det sene inkariket tr\u00e5dte han i bakgrunnen for <a href=\"https:\/\/iwell-guard.com\/no\/?page_id=141132\">Inti<\/a>, men forble et fremtredende kosmologisk prinsipp.<\/p>\t\t\t\t\t\t\t\t<\/div>\n\t\t\t\t<\/div>\n\t\t<div class=\"elementor-element elementor-element-iwgw-viracocha-pillc e-con-full e-flex e-con e-child\" data-id=\"iwgw-viracocha-pillc\" data-element_type=\"container\" data-e-type=\"container\">\n\t\t\t\t<div class=\"elementor-element elementor-element-iwgw-viracocha-pills elementor-widget elementor-widget-html\" data-id=\"iwgw-viracocha-pills\" data-element_type=\"widget\" data-e-type=\"widget\" data-widget_type=\"html.default\">\n\t\t\t\t\t<div class=\"iwg-pill-row\"><span class=\"iwg-klasse-badge\" tabindex=\"0\" data-tooltip=\"Skaper i tradisjonen Andesfjellene \/ Inka.\">Skaper<\/span><a href=\"https:\/\/iwell-guard.com\/no\/?page_id=141123\" class=\"iwg-kultur-badge\" tabindex=\"0\" data-tooltip=\"Mytologi i tradisjonen Andesfjellene \/ Inka.\">Andesfjellene \/ Inka<\/a><span class=\"iwg-tradition-badge\" tabindex=\"0\" data-tooltip=\"Skapergud.\">Skapergud<\/span><\/div>\t\t\t\t<\/div>\n\t\t\t\t<\/div>\n\t\t<div class=\"elementor-element elementor-element-iwgw-viracocha-tocc e-con-full e-flex e-con e-child\" data-id=\"iwgw-viracocha-tocc\" data-element_type=\"container\" data-e-type=\"container\">\n\t\t\t\t<div class=\"elementor-element elementor-element-iwgw-viracocha-toc elementor-toc--minimized-on-tablet elementor-widget elementor-widget-table-of-contents\" data-id=\"iwgw-viracocha-toc\" data-element_type=\"widget\" data-e-type=\"widget\" data-settings=\"{&quot;headings_by_tags&quot;:[&quot;h2&quot;,&quot;h3&quot;],&quot;minimize_box&quot;:&quot;yes&quot;,&quot;marker_view&quot;:&quot;bullets&quot;,&quot;no_headings_message&quot;:&quot;Det ble ikke funnet noen overskrifter p\\u00e5 denne siden.&quot;,&quot;exclude_headings_by_selector&quot;:[],&quot;icon&quot;:{&quot;value&quot;:&quot;fas fa-circle&quot;,&quot;library&quot;:&quot;fa-solid&quot;,&quot;rendered_tag&quot;:&quot;&lt;svg class=\\&quot;e-font-icon-svg e-fas-circle\\&quot; viewBox=\\&quot;0 0 512 512\\&quot; xmlns=\\&quot;http:\\\/\\\/www.w3.org\\\/2000\\\/svg\\&quot;&gt;&lt;path d=\\&quot;M256 8C119 8 8 119 8 256s111 248 248 248 248-111 248-248S393 8 256 8z\\&quot;&gt;&lt;\\\/path&gt;&lt;\\\/svg&gt;&quot;},&quot;minimized_on&quot;:&quot;tablet&quot;,&quot;hierarchical_view&quot;:&quot;yes&quot;,&quot;min_height&quot;:{&quot;unit&quot;:&quot;px&quot;,&quot;size&quot;:&quot;&quot;,&quot;sizes&quot;:[]},&quot;min_height_tablet&quot;:{&quot;unit&quot;:&quot;px&quot;,&quot;size&quot;:&quot;&quot;,&quot;sizes&quot;:[]},&quot;min_height_mobile&quot;:{&quot;unit&quot;:&quot;px&quot;,&quot;size&quot;:&quot;&quot;,&quot;sizes&quot;:[]}}\" data-widget_type=\"table-of-contents.default\">\n\t\t\t\t\t\t\t\t\t<div class=\"elementor-toc__header\">\n\t\t\t\t\t\t<h2 class=\"elementor-toc__header-title\">\n\t\t\t\tInnholdsfortegnelse\t\t\t<\/h2>\n\t\t\t\t\t\t\t\t\t\t<div class=\"elementor-toc__toggle-button elementor-toc__toggle-button--expand\" role=\"button\" tabindex=\"0\" aria-controls=\"elementor-toc__iwgw-viracocha-toc\" aria-expanded=\"true\" aria-label=\"Open table of contents\"><svg aria-hidden=\"true\" class=\"e-font-icon-svg e-fas-chevron-down\" viewBox=\"0 0 448 512\" xmlns=\"http:\/\/www.w3.org\/2000\/svg\"><path d=\"M207.029 381.476L12.686 187.132c-9.373-9.373-9.373-24.569 0-33.941l22.667-22.667c9.357-9.357 24.522-9.375 33.901-.04L224 284.505l154.745-154.021c9.379-9.335 24.544-9.317 33.901.04l22.667 22.667c9.373 9.373 9.373 24.569 0 33.941L240.971 381.476c-9.373 9.372-24.569 9.372-33.942 0z\"><\/path><\/svg><\/div>\n\t\t\t\t<div class=\"elementor-toc__toggle-button elementor-toc__toggle-button--collapse\" role=\"button\" tabindex=\"0\" aria-controls=\"elementor-toc__iwgw-viracocha-toc\" aria-expanded=\"true\" aria-label=\"Close table of contents\"><svg aria-hidden=\"true\" class=\"e-font-icon-svg e-fas-chevron-up\" viewBox=\"0 0 448 512\" xmlns=\"http:\/\/www.w3.org\/2000\/svg\"><path d=\"M240.971 130.524l194.343 194.343c9.373 9.373 9.373 24.569 0 33.941l-22.667 22.667c-9.357 9.357-24.522 9.375-33.901.04L224 227.495 69.255 381.516c-9.379 9.335-24.544 9.317-33.901-.04l-22.667-22.667c-9.373-9.373-9.373-24.569 0-33.941L207.03 130.525c9.372-9.373 24.568-9.373 33.941-.001z\"><\/path><\/svg><\/div>\n\t\t\t\t\t<\/div>\n\t\t\t\t<div id=\"elementor-toc__iwgw-viracocha-toc\" class=\"elementor-toc__body\">\n\t\t\t<div class=\"elementor-toc__spinner-container\">\n\t\t\t\t<svg class=\"elementor-toc__spinner eicon-animation-spin e-font-icon-svg e-eicon-loading\" aria-hidden=\"true\" viewBox=\"0 0 1000 1000\" xmlns=\"http:\/\/www.w3.org\/2000\/svg\"><path d=\"M500 975V858C696 858 858 696 858 500S696 142 500 142 142 304 142 500H25C25 237 238 25 500 25S975 237 975 500 763 975 500 975Z\"><\/path><\/svg>\t\t\t<\/div>\n\t\t<\/div>\n\t\t\t\t\t\t<\/div>\n\t\t\t\t<\/div>\n\t\t\t\t\t<\/div>\n\t\t\t\t<\/div>\n\t\t<div class=\"elementor-element elementor-element-iwgw-viracocha-hr e-con-full e-flex e-con e-child\" data-id=\"iwgw-viracocha-hr\" data-element_type=\"container\" data-e-type=\"container\">\n\t\t\t\t<div class=\"elementor-element elementor-element-iwgw-viracocha-heroimg iwg-hero-image elementor-widget elementor-widget-image\" data-id=\"iwgw-viracocha-heroimg\" data-element_type=\"widget\" data-e-type=\"widget\" data-widget_type=\"image.default\">\n\t\t\t\t\t\t\t\t\t\t\t\t\t\t\t<img fetchpriority=\"high\" decoding=\"async\" width=\"683\" height=\"1024\" src=\"https:\/\/iwell-guard.com\/wp-content\/uploads\/2026\/05\/goetter_anden-inka_viracocha-683x1024.webp\" class=\"attachment-large size-large wp-image-2684\" alt=\"Viracocha \u2013 skapergud i Andesfjellene\" srcset=\"https:\/\/iwell-guard.com\/wp-content\/uploads\/2026\/05\/goetter_anden-inka_viracocha-683x1024.webp 683w, https:\/\/iwell-guard.com\/wp-content\/uploads\/2026\/05\/goetter_anden-inka_viracocha-200x300.webp 200w, https:\/\/iwell-guard.com\/wp-content\/uploads\/2026\/05\/goetter_anden-inka_viracocha-768x1152.webp 768w, https:\/\/iwell-guard.com\/wp-content\/uploads\/2026\/05\/goetter_anden-inka_viracocha.webp 1024w\" sizes=\"(max-width: 683px) 100vw, 683px\" \/>\t\t\t\t\t\t\t\t\t\t\t\t\t\t\t<\/div>\n\t\t\t\t<\/div>\n\t\t\t\t\t<\/div>\n\t\t\t\t<\/div>\n\t\t\t\t<section class=\"elementor-section elementor-top-section elementor-element elementor-element-sec-iwgcomp-viracocha elementor-section-boxed elementor-section-height-default elementor-section-height-default\" data-id=\"sec-iwgcomp-viracocha\" data-element_type=\"section\" data-e-type=\"section\">\n\t\t\t\t\t\t<div class=\"elementor-container elementor-column-gap-default\">\n\t\t\t\t\t<div class=\"elementor-column elementor-col-100 elementor-top-column elementor-element elementor-element-col-iwgcomp-viracocha\" data-id=\"col-iwgcomp-viracocha\" data-element_type=\"column\" data-e-type=\"column\">\n\t\t\t<div class=\"elementor-widget-wrap elementor-element-populated\">\n\t\t\t\t\t\t<div class=\"elementor-element elementor-element-iwgcomp-viracocha elementor-widget elementor-widget-text-editor\" data-id=\"iwgcomp-viracocha\" data-element_type=\"widget\" data-e-type=\"widget\" data-widget_type=\"text-editor.default\">\n\t\t\t\t\t\t\t\t\t<p>Viracocha, <strong>inkaenes skapergud<\/strong>, regnes som den eldste og h\u00f8yeste hovedgudheten i inkaenes <span class=\"iwg-fachbegriff\" data-tooltip=\"Forestillingen om verdens oppbygning og orden innenfor en kultur.\" tabindex=\"0\">kosmologi<\/span>.<\/p>\t\t\t\t\t\t\t\t<\/div>\n\t\t\t\t\t<\/div>\n\t\t<\/div>\n\t\t\t\t\t<\/div>\n\t\t<\/section>\n\t\t<div class=\"elementor-element elementor-element-iwgw-viracocha-s0 e-flex e-con-boxed e-con e-parent\" data-id=\"iwgw-viracocha-s0\" data-element_type=\"container\" data-e-type=\"container\">\n\t\t\t\t\t<div class=\"e-con-inner\">\n\t\t\t\t<div class=\"elementor-element elementor-element-iwgw-viracocha-s0h elementor-widget elementor-widget-heading\" data-id=\"iwgw-viracocha-s0h\" data-element_type=\"widget\" data-e-type=\"widget\" data-widget_type=\"heading.default\">\n\t\t\t\t\t<h2 class=\"elementor-heading-title elementor-size-default\">Plassering i det andiske pantheonet<\/h2>\t\t\t\t<\/div>\n\t\t<div class=\"elementor-element elementor-element-iwgw-viracocha-s0c e-con-full e-flex e-con e-child\" data-id=\"iwgw-viracocha-s0c\" data-element_type=\"container\" data-e-type=\"container\">\n\t\t\t\t<div class=\"elementor-element elementor-element-iwgw-viracocha-s0t elementor-widget elementor-widget-text-editor\" data-id=\"iwgw-viracocha-s0t\" data-element_type=\"widget\" data-e-type=\"widget\" data-widget_type=\"text-editor.default\">\n\t\t\t\t\t\t\t\t\t<p>Viracocha er en teologisk kompleks skikkelse som i kr\u00f8nikene forekommer under en rekke tilnavn: <em>Apu Qun Tiqsi Wiraqucha<\/em>, <em>Pachayachachiq<\/em> (verdensl\u00e6rer), <em>Illa Tiqsi Wiraqucha<\/em> (lysgrunn-Wiraqucha). Disse aspekt-navnene skal, etter Pierre Duviols p\u00e5pekning, leses som uttrykk for en genuint andinsk, filosofisk-spekulativ <span class=\"iwg-fachbegriff\" data-tooltip=\"Den vitenskapelige l\u00e6ren om Gud og om troen i en religion.\" tabindex=\"0\">teologi<\/span> som virket under overflaten av den personguddaktige h\u00f8ykulturen.<\/p><p>De tidlige kr\u00f8nikene (Cieza de Leon, Sarmiento de Gamboa, Cristobal de Molina) fremstiller Viracocha som det h\u00f8yeste vesen framfor alle andre gudheter.<\/p><p>Garcilaso de la Vega, som skriver senere og er mer orientert mot Intis senere fremtredende posisjon i inkatiden, beskriver forholdet mer komplisert: Inti var den synlige herskeren, Viracocha den usynlige skaperen. Religionsvitenskapelig kan man her se en teologisk lagdeling, der en eldre skapergudstro og en yngre imperial sol-<span class=\"iwg-fachbegriff\" data-tooltip=\"Den vitenskapelige l\u00e6ren om Gud og om troen i en religion.\" tabindex=\"0\">teologi<\/span> eksisterer side om side.<\/p><p>Bemerkelsesverdig er det at Viracocha i aymara-omr\u00e5det ble kalt <em>Tunupa<\/em> eller <em>Tonopa<\/em>, en figur med egne mytologiske fortellinger, som religionsetnologen Therese Bouysse-Cassagne har unders\u00f8kt grundig i <em>Lluvias y cenizas<\/em> (1988).<\/p><p>Hos aymara-folket er Tunupa mindre entydig skaper enn inkaenes Viracocha, han har ogs\u00e5 trickster-lignende trekk og er n\u00e6rt knyttet til vulkanismen i regionen.<\/p>\t\t\t\t\t\t\t\t<\/div>\n\t\t\t\t<\/div>\n\t\t\t\t\t<\/div>\n\t\t\t\t<\/div>\n\t\t<div class=\"elementor-element elementor-element-iwgw-viracocha-s1 e-flex e-con-boxed e-con e-parent\" data-id=\"iwgw-viracocha-s1\" data-element_type=\"container\" data-e-type=\"container\">\n\t\t\t\t\t<div class=\"e-con-inner\">\n\t\t\t\t<div class=\"elementor-element elementor-element-iwgw-viracocha-s1h elementor-widget elementor-widget-heading\" data-id=\"iwgw-viracocha-s1h\" data-element_type=\"widget\" data-e-type=\"widget\" data-widget_type=\"heading.default\">\n\t\t\t\t\t<h2 class=\"elementor-heading-title elementor-size-default\">Navn og etymologi<\/h2>\t\t\t\t<\/div>\n\t\t<div class=\"elementor-element elementor-element-iwgw-viracocha-s1c e-con-full e-flex e-con e-child\" data-id=\"iwgw-viracocha-s1c\" data-element_type=\"container\" data-e-type=\"container\">\n\t\t\t\t<div class=\"elementor-element elementor-element-iwgw-viracocha-s1t elementor-widget elementor-widget-text-editor\" data-id=\"iwgw-viracocha-s1t\" data-element_type=\"widget\" data-e-type=\"widget\" data-widget_type=\"text-editor.default\">\n\t\t\t\t\t\t\t\t\t<p>Etymologien til navnet <em>Wiraqucha<\/em> har lenge v\u00e6rt omstridt. Garcilaso de la Vega avleder det fra <em>wira<\/em> (fett, fl\u00f8te) og <em>qucha<\/em> (sj\u00f8) og oversetter det med <em>sj\u00f8ens fett<\/em> eller <em>skum p\u00e5 vannet<\/em>. Denne etymologien passer godt til <span class=\"iwg-fachbegriff\" data-tooltip=\"En overlevert fortelling om guder, opphav og verdens orden.\" tabindex=\"0\">myten<\/span> om vann-skaperen fra Titicaca, men er spr\u00e5kvitenskapelig ikke uomtvistelig.<\/p><p>En alternativ tolkning forbinder f\u00f8rste stavelse med <em>wila<\/em> (aymara: blod) og kommer til <em>sj\u00f8ens blod<\/em> eller forestillingen om et r\u00f8dt, vulkanisk vann.<\/p><p>Cesar Itier har i sine spr\u00e5kvitenskapelige arbeider (2008, 2013) pekt p\u00e5 en mulig tredje tolkning, der <em>wira<\/em> kan g\u00e5 tilbake til en eldgammel rot <em>wir-<\/em> med betydningen <em>glans<\/em> eller <em>lysskinn<\/em>, slik at Wiraqucha ville v\u00e6re <em>sj\u00f8ens lysglans<\/em>.<\/p><p>I kolonial spr\u00e5kbruk ble <em>wiraqucha<\/em> sv\u00e6rt raskt brukt som tiltaleform for spanjolene, f\u00f8rst fordi inkaene trodde de skjeggete erobrerne var manifestasjoner av den skjeggete skapergud, deretter som en generell \u00e6resbetegnelse, som fremdeles i dag brukes i noen quechua-talende regioner for <em>herre<\/em> eller <em>se\u00f1or<\/em>.<\/p>\t\t\t\t\t\t\t\t<\/div>\n\t\t\t\t<\/div>\n\t\t\t\t\t<\/div>\n\t\t\t\t<\/div>\n\t\t<div class=\"elementor-element elementor-element-iwgw-viracocha-s2 e-flex e-con-boxed e-con e-parent\" data-id=\"iwgw-viracocha-s2\" data-element_type=\"container\" data-e-type=\"container\">\n\t\t\t\t\t<div class=\"e-con-inner\">\n\t\t\t\t<div class=\"elementor-element elementor-element-iwgw-viracocha-s2h elementor-widget elementor-widget-heading\" data-id=\"iwgw-viracocha-s2h\" data-element_type=\"widget\" data-e-type=\"widget\" data-widget_type=\"heading.default\">\n\t\t\t\t\t<h2 class=\"elementor-heading-title elementor-size-default\">Beskrivelse og ikonografi<\/h2>\t\t\t\t<\/div>\n\t\t<div class=\"elementor-element elementor-element-iwgw-viracocha-s2c e-con-full e-flex e-con e-child\" data-id=\"iwgw-viracocha-s2c\" data-element_type=\"container\" data-e-type=\"container\">\n\t\t\t\t<div class=\"elementor-element elementor-element-iwgw-viracocha-s2t elementor-widget elementor-widget-text-editor\" data-id=\"iwgw-viracocha-s2t\" data-element_type=\"widget\" data-e-type=\"widget\" data-widget_type=\"text-editor.default\">\n\t\t\t\t\t\t\t\t\t<p>Viracocha beskrives i kildene uvanlig ofte som en skjegget gammel mann som vandrer gjennom Andesfjellene med lang kappe, stav og solkrone.<\/p><p>Denne beskrivelsen avviker fra den typiske urfolksikonografien i Andesfjellene, der skjeggete menn praktisk talt er ukjent, og har f\u00f8rt til den tidligere spekulasjonen om at Viracocha var et historisk ekko av en f\u00f8r-columbiansk bes\u00f8kende fra Eurasia. Denne spekulasjonen er blitt avvist av moderne forskning.<\/p><p>Den viktigste ikonografiske kilden er den ber\u00f8mte <em>Solporten i Tiwanaku<\/em> (ca. 600\u20131000 e.Kr.), der en sentral figur med str\u00e5lekrone og symmetrisk utstrakte armer st\u00e5r i midten og holder to staver (ofte tolket som spydkastere).<\/p><p>Denne s\u00e5kalte <em>Staffgod<\/em>-figuren identifiseres regelmessig med Viracocha i den arkeologiske litteraturen, selv om den emiske betegnelsen Tiwanaku-kulturen brukte for denne figuren, ikke er overlevert. Karen Wise og John Janusek har i sin Tiwanaku-forskning gjentatte ganger advart mot en for rask identifikasjon.<\/p><p>Utbredt er ogs\u00e5 forbindelsen mellom Viracocha og inkaenes hovedstad Cusco med dens sentrale <span class=\"iwg-fachbegriff\" data-tooltip=\"Et byggverk som brukes til \u00e5 tilbe en eller flere guddommer.\" tabindex=\"0\">tempel<\/span>, Coricancha. Inka-herskeren Pachacuti skal, if\u00f8lge Sarmiento, ha satt opp en egen statue av Wiraqucha i Coricancha, et komplett gullbilde som spanjolene fortsatt fant der i 1532.<\/p>\t\t\t\t\t\t\t\t<\/div>\n\t\t\t\t<\/div>\n\t\t\t\t\t<\/div>\n\t\t\t\t<\/div>\n\t\t<div class=\"elementor-element elementor-element-iwgw-viracocha-s3 e-flex e-con-boxed e-con e-parent\" data-id=\"iwgw-viracocha-s3\" data-element_type=\"container\" data-e-type=\"container\">\n\t\t\t\t\t<div class=\"e-con-inner\">\n\t\t\t\t<div class=\"elementor-element elementor-element-iwgw-viracocha-s3h elementor-widget elementor-widget-heading\" data-id=\"iwgw-viracocha-s3h\" data-element_type=\"widget\" data-e-type=\"widget\" data-widget_type=\"heading.default\">\n\t\t\t\t\t<h2 class=\"elementor-heading-title elementor-size-default\">Mytologiske fortellinger<\/h2>\t\t\t\t<\/div>\n\t\t<div class=\"elementor-element elementor-element-iwgw-viracocha-s3c e-con-full e-flex e-con e-child\" data-id=\"iwgw-viracocha-s3c\" data-element_type=\"container\" data-e-type=\"container\">\n\t\t\t\t<div class=\"elementor-element elementor-element-iwgw-viracocha-s3t elementor-widget elementor-widget-text-editor\" data-id=\"iwgw-viracocha-s3t\" data-element_type=\"widget\" data-e-type=\"widget\" data-widget_type=\"text-editor.default\">\n\t\t\t\t\t\t\t\t\t<p>Hovedmyten begynner i en fase av verdensm\u00f8rke. Viracocha viser seg p\u00e5 <em>Isla del Sol<\/em> i Titicacasj\u00f8en og skaper f\u00f8rst en menneskehet av stein, som han imidlertid tilintetgj\u00f8r i den store flommen p\u00e5 grunn av ulydighet.<\/p><p>Etter Cristobal de Molina former han deretter en annen menneskehet av leire i <em>Tiwanaku<\/em>, gir hver folkegruppe sitt eget spr\u00e5k, sin egen drakt og sitt eget hjemsted, og sender dem ut for \u00e5 vandre over Andesfjellene.<\/p><p>Deretter vandrer Viracocha selv nordover gjennom Andesfjellene, l\u00e6rer menneskene jordbruk, veving og religion, og forlater til slutt verden ved Stillehavskysten ved \u00e5 g\u00e5 over vannet og forsvinne i vestlig retning.<\/p><p>Denne siste episoden ble av enkelte inkateologer tolket slik at Viracocha en dag skulle komme tilbake fra vesten, en messiansk forventning som i de tidlige \u00e5rene av den spanske erobringen kortvarig ble projisert p\u00e5 conquistadorene, noe som er en av forklaringene p\u00e5 inkarikets raske milit\u00e6re nederlag.<\/p><p>Viracochas s\u00f8nn framst\u00e5r i noen kilder som <em>Imaymana Viracocha<\/em> eller som <em>Tocapo Viracocha<\/em>, som br\u00f8dre eller f\u00f8lgesvenner av skaperen som drar gjennom Andesfjellene og skaper kosmisk orden.<\/p><p>Denne triaden av de tre wiraquchaene fikk de spanske kr\u00f8nikeskriverne til \u00e5 tenke p\u00e5 den kristne treenigheten, noe som har f\u00f8rt til diskusjoner om en mulig f\u00f8rkristen Andes-misjon, som historisk sett ikke kan dokumenteres.<\/p><p>En s\u00e6rlig viktig kilde er <span class=\"iwg-fachbegriff\" data-tooltip=\"En overlevert fortelling om guder, opphav og verdens orden.\" tabindex=\"0\">myten<\/span> om <em>Cacha-vulkanen<\/em>, overlevert av Cieza de Leon (1553): If\u00f8lge denne kom Viracocha til Cacha, hvor innbyggerne p\u00e5 grunn av hans fremmede utseende ikke ville tro p\u00e5 ham og angrep ham.<\/p><p>Deretter lot skaperen ild falle fra himmelen og brente ut landet, til Cacha-innbyggerne inns\u00e5 sin skyld og ba om hans tilgivelse.<\/p><p>Det arkeologiske funnet av et vulkanisk lavaleie ved Raqchi\/Cacha har gitt <span class=\"iwg-fachbegriff\" data-tooltip=\"En overlevert fortelling om guder, opphav og verdens orden.\" tabindex=\"0\">myten<\/span> en forklarlig geologisk bakgrunn. Sarmiento de Gamboa forteller at inkaene senere reiste det store dobbeltempelet med de h\u00f8ye adobeskip-murene p\u00e5 dette stedet, hvis rester fremdeles dominerer dalen i dag.<\/p>\t\t\t\t\t\t\t\t<\/div>\n\t\t\t\t<\/div>\n\t\t\t\t\t<\/div>\n\t\t\t\t<\/div>\n\t\t<div class=\"elementor-element elementor-element-iwgw-viracocha-s4 e-flex e-con-boxed e-con e-parent\" data-id=\"iwgw-viracocha-s4\" data-element_type=\"container\" data-e-type=\"container\">\n\t\t\t\t\t<div class=\"e-con-inner\">\n\t\t\t\t<div class=\"elementor-element elementor-element-iwgw-viracocha-s4h elementor-widget elementor-widget-heading\" data-id=\"iwgw-viracocha-s4h\" data-element_type=\"widget\" data-e-type=\"widget\" data-widget_type=\"heading.default\">\n\t\t\t\t\t<h2 class=\"elementor-heading-title elementor-size-default\">Kult og tilbedelse<\/h2>\t\t\t\t<\/div>\n\t\t<div class=\"elementor-element elementor-element-iwgw-viracocha-s4c e-con-full e-flex e-con e-child\" data-id=\"iwgw-viracocha-s4c\" data-element_type=\"container\" data-e-type=\"container\">\n\t\t\t\t<div class=\"elementor-element elementor-element-iwgw-viracocha-s4t elementor-widget elementor-widget-text-editor\" data-id=\"iwgw-viracocha-s4t\" data-element_type=\"widget\" data-e-type=\"widget\" data-widget_type=\"text-editor.default\">\n\t\t\t\t\t\t\t\t\t<p>Den spesifikke Viracocha-<span class=\"iwg-fachbegriff\" data-tooltip=\"Summen av de religi\u00f8se tilbedelseshandlingene for en gud eller hellig gestalt.\" tabindex=\"0\">kulten<\/span> var mindre institusjonelt utviklet enn Inti-<span class=\"iwg-fachbegriff\" data-tooltip=\"Summen av de religi\u00f8se tilbedelseshandlingene for en gud eller hellig gestalt.\" tabindex=\"0\">kulten<\/span>. Hovedkultstedene l\u00e5 i Coricancha i Cusco, hvor det fantes et eget Viracocha-kammer, samt i de f\u00f8r-inkaiske helligdommene i Pacaritambo, Tiwanaku og Isla del Sol.<\/p><p>Ogs\u00e5 det store kultkomplekset i Pachacamac ved den peruanske Stillehavskysten ble av enkelte kr\u00f8nikeskrivere tilskrevet Viracocha, selv om det der f\u00f8rst og fremst var den orakelaktige h\u00f8yguden <a href=\"https:\/\/iwell-guard.com\/no\/?page_id=141137\">Pachakamak<\/a> som ble tilbedt.<\/p><p>Inkaen Pachacuti (reg. 1438, 1471) regnes if\u00f8lge Sarmiento de Gamboa som en stor fremmer av Viracocha-kulten. Pachacuti skal i et syn ha h\u00f8rt skaperens stemme og deretter ha reist <span class=\"iwg-fachbegriff\" data-tooltip=\"Et byggverk som brukes til tilbedelse av en eller flere guder.\" tabindex=\"0\">templer<\/span> b\u00e5de i Cusco og i Cacha-regionen.<\/p><p>Det arkeologiske komplekset <em>Raqchi<\/em> ved San Pedro de Cacha, med sine monumentale adobeskip-murer, blir tradisjonelt identifisert som Pachacutis store Viracocha-<span class=\"iwg-fachbegriff\" data-tooltip=\"Et byggverk som brukes til tilbedelse av en eller flere guder.\" tabindex=\"0\">tempel<\/span>.<\/p><p>Den rituelle offerpraksisen for Viracocha omfattet lamaoffer (vanligvis en hvit lamahoppe, i motsetning til den brune hoppen for Inti), forbrenning av mais- og kokablader samt chicha-libasjoner. I motsetning til Inti-<span class=\"iwg-fachbegriff\" data-tooltip=\"Summen av de religi\u00f8se tilbedelseshandlingene for en gud eller hellig gestalt.\" tabindex=\"0\">kulten<\/span> var tidspunktet p\u00e5 dagen ikke fastsatt, siden Viracocha ble tenkt \u00e5 st\u00e5 over himmellegemene.<\/p>\t\t\t\t\t\t\t\t<\/div>\n\t\t\t\t<\/div>\n\t\t\t\t\t<\/div>\n\t\t\t\t<\/div>\n\t\t<div class=\"elementor-element elementor-element-iwgw-viracocha-s5 e-flex e-con-boxed e-con e-parent\" data-id=\"iwgw-viracocha-s5\" data-element_type=\"container\" data-e-type=\"container\">\n\t\t\t\t\t<div class=\"e-con-inner\">\n\t\t\t\t<div class=\"elementor-element elementor-element-iwgw-viracocha-s5h elementor-widget elementor-widget-heading\" data-id=\"iwgw-viracocha-s5h\" data-element_type=\"widget\" data-e-type=\"widget\" data-widget_type=\"heading.default\">\n\t\t\t\t\t<h2 class=\"elementor-heading-title elementor-size-default\">Beskyttelsespraksis og apotropeiske trekk<\/h2>\t\t\t\t<\/div>\n\t\t<div class=\"elementor-element elementor-element-iwgw-viracocha-s5c e-con-full e-flex e-con e-child\" data-id=\"iwgw-viracocha-s5c\" data-element_type=\"container\" data-e-type=\"container\">\n\t\t\t\t<div class=\"elementor-element elementor-element-iwgw-viracocha-s5t elementor-widget elementor-widget-text-editor\" data-id=\"iwgw-viracocha-s5t\" data-element_type=\"widget\" data-e-type=\"widget\" data-widget_type=\"text-editor.default\">\n\t\t\t\t\t\t\t\t\t<p>En spesifikk beskyttelsespraksis knyttet til Viracocha lar seg knapt p\u00e5vise i kildene. Skaperguden var i den inkatidsalige <span class=\"iwg-fachbegriff\" data-tooltip=\"Den vitenskapelige l\u00e6ren om Gud og om troen i en religion.\" tabindex=\"0\">teologien<\/span> for fjern og for allmenn til \u00e5 bli p\u00e5kalt direkte i enkeltsituasjoner i livet. Den beskyttelsesrettede tilbedelsen var mer rettet mot mellommannsfigurene, Inti, <a href=\"https:\/\/iwell-guard.com\/no\/?page_id=141138\">Illapa<\/a> og de lokale fjellherrene <em>Apu<\/em>, mens Viracocha virket som et bakenforliggende ordensprinsipp.<\/p><p>I dokumentene fra <em>extirpaci\u00f3n de idolatr\u00edas<\/em> (1600-tallet) nevnes det likevel gjentatte ganger husamuletter i form av sm\u00e5 steinfigurer, kalt <em>conopa<\/em> eller <em>illa<\/em>, som viser forbindelser til Viracocha-<span class=\"iwg-fachbegriff\" data-tooltip=\"Den vitenskapelige l\u00e6ren om Gud og om troen i en religion.\" tabindex=\"0\">teologien<\/span>.<\/p><p>Disse steinfigurinene, oftest utformet som sm\u00e5 lamaer, maiskolber eller menneskeskikkelser, ble ansett som legemliggj\u00f8relser av skaperkraften som skulle flytte inn i husholdningen og beskytte den. De ble oppbevart i de nedre lagene av veggkledningen eller under ildstedet, og ble p\u00e5 festdager over\u00f8st med lamafett og chicha.<\/p><p>Religionsvitenskapelig sett er det interessant at denne conopa-praksisen ikke ble oppfattet som magisk-tvingende, men som pleie av en relasjon til den skapende verdenssubstansen som levde i huset, \u00e5keren og flokken. iWell Guard-konteksten beskriver denne praksisen som et historisk fenomen, ikke som en anbefaling om virkning.<\/p><p>I dagens folkereligi\u00f8se praksis i h\u00f8ylandssamfunnene i Peru og Bolivia er conopa-steinfigurinene fortsatt i bruk mange steder, n\u00e5 under det nyere navnet <em>illa<\/em>.<\/p><p>De brukes s\u00e6rlig av gjetere, som oppbevarer sm\u00e5 lamaer av stein eller utsk\u00e5rne alpakkafigurer under d\u00f8rterskelen eller p\u00e5 soverommet for \u00e5 sikre flokkens helse. Olivia Harris har i <em>Of Bread and Blood<\/em> (2000) dokumentert denne praksisens vedvarende tilstedev\u00e6relse i aymara-landsbyene i Bolivia.<\/p>\t\t\t\t\t\t\t\t<\/div>\n\t\t\t\t<\/div>\n\t\t\t\t\t<\/div>\n\t\t\t\t<\/div>\n\t\t<div class=\"elementor-element elementor-element-iwgw-viracocha-s6 e-flex e-con-boxed e-con e-parent\" data-id=\"iwgw-viracocha-s6\" data-element_type=\"container\" data-e-type=\"container\">\n\t\t\t\t\t<div class=\"e-con-inner\">\n\t\t\t\t<div class=\"elementor-element elementor-element-iwgw-viracocha-s6h elementor-widget elementor-widget-heading\" data-id=\"iwgw-viracocha-s6h\" data-element_type=\"widget\" data-e-type=\"widget\" data-widget_type=\"heading.default\">\n\t\t\t\t\t<h2 class=\"elementor-heading-title elementor-size-default\">Paralleller i andre kulturer<\/h2>\t\t\t\t<\/div>\n\t\t<div class=\"elementor-element elementor-element-iwgw-viracocha-s6c e-con-full e-flex e-con e-child\" data-id=\"iwgw-viracocha-s6c\" data-element_type=\"container\" data-e-type=\"container\">\n\t\t\t\t<div class=\"elementor-element elementor-element-iwgw-viracocha-s6t elementor-widget elementor-widget-text-editor\" data-id=\"iwgw-viracocha-s6t\" data-element_type=\"widget\" data-e-type=\"widget\" data-widget_type=\"text-editor.default\">\n\t\t\t\t\t\t\t\t\t<p>Strukturelt kan Viracocha sammenlignes med andre <em>deus otiosus<\/em>-figurer i religionshistorien, med skapergudinner og skapergudder som trekker seg tilbake etter skapelsen og mottar mindre direkte <span class=\"iwg-fachbegriff\" data-tooltip=\"Summen av de religi\u00f8se \u00e6resbevisningene for en gud eller hellig gestalt.\" tabindex=\"0\">kult<\/span> enn de yngre spesialgudene. Mircea Eliade har beskrevet dette m\u00f8nsteret for afrikanske og sibirske religioner; Pierre Duviols og Henrique Urbano har anvendt det p\u00e5 Viracocha.<\/p><p>Beslektede skikkelser er blant annet den gamle afrikanske h\u00f8ygudet <em>Nyame<\/em> hos akanfolket, den polynesiske h\u00f8ygudet <em>Io<\/em> hos maoriene eller den australsk-aboriginske <em>Baiame<\/em>. I alle disse tilfellene m\u00f8ter vi en skaper som hviler tilbaketrukket p\u00e5 himmelen, mens den hverdagsn\u00e6re religi\u00f8se praksisen retter seg mot yngre, n\u00e6rmere guddommer.<\/p><p>Innenfor Andesregionen er Viracocha n\u00e6rt knyttet til kystguden Pachakamak; i noen kr\u00f8niker beskrives de to som far og s\u00f8nn eller som br\u00f8dre.<\/p><p>Mary Eyzaguirre har i sitt arbeid om Pachakamak-<span class=\"iwg-fachbegriff\" data-tooltip=\"Summen av de religi\u00f8se \u00e6resbevisningene for en gud eller hellig gestalt.\" tabindex=\"0\">kulten<\/span> (2003) grundig unders\u00f8kt den teologiske sammenflettingen av de to h\u00f8ygudene. Sammenlignbare skapergudfigurer finnes i nordamerikansk sammenheng blant annet i <a href=\"https:\/\/iwell-guard.com\/no\/?page_id=141143\">Wakan Tanka<\/a> hos lakotaene og i storfaren <a href=\"https:\/\/iwell-guard.com\/no\/?page_id=141146\">Tunkasila<\/a>.<\/p><p>Den vitenskapelige spesialdiskusjonen om Viracocha har dessuten stilt sp\u00f8rsm\u00e5let om hvorvidt Andesregionens skaperteologi b\u00f8r klassifiseres som monoteistisk eller polyteistisk.<\/p><p>Pierre Duviols har i <em>Cultura andina y represion<\/em> (1986) argumentert for at inkatidens <span class=\"iwg-fachbegriff\" data-tooltip=\"Den vitenskapelige l\u00e6ren om Gud og om troen i en religion.\" tabindex=\"0\">teologi<\/span> verken svarer til klassisk <span class=\"iwg-fachbegriff\" data-tooltip=\"Troen p\u00e5 \u00e9n enkelt gud.\" tabindex=\"0\">monoteisme<\/span> eller klassisk <span class=\"iwg-fachbegriff\" data-tooltip=\"Troen p\u00e5 flere guder.\" tabindex=\"0\">polyteisme<\/span>, men snarere en form for <em>henoteisme<\/em>, der en h\u00f8ygud forblir i bakgrunnen mens et stort antall lavere vesener tilbes.<\/p><p>Denne kategorien ble innf\u00f8rt av Max Mueller p\u00e5 1800-tallet for den vediske hinduismen, og er overf\u00f8rbar til andinske forhold.<\/p><p>Ogs\u00e5 sammenligningen med den gammelpersiske <em>Ahura Mazda<\/em>, den mesopotamiske <em>An<\/em> eller den gammelgreske <em>Ouranos<\/em> har satt spor i den vitenskapelige litteraturen. I alle tre tilfeller er det tale om skapergestalter som strukturelt trekker seg tilbake for yngre hovedguder (Mithra, Marduk, Zevs), men som likevel forblir sentrale i den teologisk-filosofiske reflekjonen.<\/p>\t\t\t\t\t\t\t\t<\/div>\n\t\t\t\t<\/div>\n\t\t\t\t\t<\/div>\n\t\t\t\t<\/div>\n\t\t<div class=\"elementor-element elementor-element-iwgw-viracocha-s7 e-flex e-con-boxed e-con e-parent\" data-id=\"iwgw-viracocha-s7\" data-element_type=\"container\" data-e-type=\"container\">\n\t\t\t\t\t<div class=\"e-con-inner\">\n\t\t\t\t<div class=\"elementor-element elementor-element-iwgw-viracocha-s7h elementor-widget elementor-widget-heading\" data-id=\"iwgw-viracocha-s7h\" data-element_type=\"widget\" data-e-type=\"widget\" data-widget_type=\"heading.default\">\n\t\t\t\t\t<h2 class=\"elementor-heading-title elementor-size-default\">Dagens mottakelse og forskning<\/h2>\t\t\t\t<\/div>\n\t\t<div class=\"elementor-element elementor-element-iwgw-viracocha-s7c e-con-full e-flex e-con e-child\" data-id=\"iwgw-viracocha-s7c\" data-element_type=\"container\" data-e-type=\"container\">\n\t\t\t\t<div class=\"elementor-element elementor-element-iwgw-viracocha-s7t elementor-widget elementor-widget-text-editor\" data-id=\"iwgw-viracocha-s7t\" data-element_type=\"widget\" data-e-type=\"widget\" data-widget_type=\"text-editor.default\">\n\t\t\t\t\t\t\t\t\t<p>Viracocha-<span class=\"iwg-fachbegriff\" data-tooltip=\"Summen av de religi\u00f8se \u00e6resbevisningene for en gud eller hellig gestalt.\" tabindex=\"0\">kulten<\/span> er i stor grad opph\u00f8rt etter erobringen. Den spanske misjonen identifiserte raskt skapergudet med den kristne Gud, noe som lettet kristningen, men samtidig lot den selvstendige Viracocha-dyrkelsen falme.<\/p><p>I dagens quechuatalende samfunn i h\u00f8ylandet er <em>Wiraqucha<\/em> ikke lenger et selvstendig kultobjekt, men en betegnelse p\u00e5 den katolsk-kristne Gud (<em>Dios Wiraqucha<\/em>) eller p\u00e5 en \u00e6rverdig, gammel mann.<\/p><p>I akademisk forskning har Viracocha fortsatt betydning som figur i en pre-imperial skaperteologi. Henrique Urbano (<em>Wiraqocha y Ayar<\/em>, 1981), Pierre Duviols, Therese Bouysse-Cassagne og Cesar Itier har i de siste ti\u00e5rene vist hvordan de spanske kr\u00f8nikeskriverne leste og delvis omformet de andinske <span class=\"iwg-fachbegriff\" data-tooltip=\"Den vitenskapelige l\u00e6ren om Gud og om troen i en religion.\" tabindex=\"0\">teologi<\/span>begrepene gjennom kristne briller.<\/p><p>Det er derfor metodisk vanskelig \u00e5 rekonstruere den genuine pre-inka- og inkatidens Viracocha bak kr\u00f8nikekildene.<\/p><p>Arkeologisk har <em>Staffgod<\/em>-forskningen ved Tiwanaku, Chav\u00edn (med det ber\u00f8mte Raimondi-<span class=\"iwg-fachbegriff\" data-tooltip=\"En oppreist, innskrevet eller utsmykket stein- eller treplate.\" tabindex=\"0\">stele<\/span>-billedverket) og Wari gitt nye holdepunkter for en muligens langt tilbakestrekkende, kontinuerlig skapergudtradisjon.<\/p><p>Buen fra Chav\u00edn (ca. 900 f.Kr.) via Tiwanaku\/Wari (ca. 500, 1000 e.Kr.) til inkaene (1438, 1532) vil, dersom den bekreftes, v\u00e6re en av de lange buene i den latinamerikanske religionshistorien.<\/p><p>En viktig nyere forskningslinje er den arkeoastronomiske unders\u00f8kelsen av forholdet mellom Viracocha og stjernehimmelen. Gary Urton har i <em>At the Crossroads of the Earth and the Sky<\/em> (1981) vist at inkaene forsto <em>Melkeveien<\/em> (Mayu) som en kosmisk flod som styres gjennom himmelen av Wiraqucha.<\/p><p>Denne kosmologiske dybdestrukturen forble under radaren under den spanske misjonen, og har f\u00f8rst blitt tilgjengelig gjennom moderne etno-astronomi.<\/p>\t\t\t\t\t\t\t\t<\/div>\n\t\t\t\t<\/div>\n\t\t\t\t\t<\/div>\n\t\t\t\t<\/div>\n\t\t<div class=\"elementor-element elementor-element-iwgw-viracocha-s8 e-flex e-con-boxed e-con e-parent\" data-id=\"iwgw-viracocha-s8\" data-element_type=\"container\" data-e-type=\"container\">\n\t\t\t\t\t<div class=\"e-con-inner\">\n\t\t\t\t<div class=\"elementor-element elementor-element-iwgw-viracocha-s8h elementor-widget elementor-widget-heading\" data-id=\"iwgw-viracocha-s8h\" data-element_type=\"widget\" data-e-type=\"widget\" data-widget_type=\"heading.default\">\n\t\t\t\t\t<h2 class=\"elementor-heading-title elementor-size-default\">Litteratur og kilder<\/h2>\t\t\t\t<\/div>\n\t\t<div class=\"elementor-element elementor-element-iwgw-viracocha-s8c e-con-full e-flex e-con e-child\" data-id=\"iwgw-viracocha-s8c\" data-element_type=\"container\" data-e-type=\"container\">\n\t\t\t\t<div class=\"elementor-element elementor-element-iwgw-viracocha-s8t elementor-widget elementor-widget-text-editor\" data-id=\"iwgw-viracocha-s8t\" data-element_type=\"widget\" data-e-type=\"widget\" data-widget_type=\"text-editor.default\">\n\t\t\t\t\t\t\t\t\t<p>Det f\u00f8lgende utvalget lister sentrale verk innen andesetnologi og religionshistorie om Viracocha-sp\u00f8rsm\u00e5let, med s\u00e6rlig vekt p\u00e5 det teologisk-filosofiske dybdelaget i inkatidens religion.<\/p>\t\t\t\t\t\t\t\t<\/div>\n\t\t\t\t<\/div>\n\t\t\t\t\t<\/div>\n\t\t\t\t<\/div>\n\t\t<div class=\"elementor-element elementor-element-cp20b19ce8 e-flex e-con-boxed e-con e-parent\" data-id=\"cp20b19ce8\" data-element_type=\"container\" data-e-type=\"container\">\n\t\t\t\t\t<div class=\"e-con-inner\">\n\t\t\t\t<div class=\"elementor-element elementor-element-cp2cd2ff6b elementor-widget elementor-widget-heading\" data-id=\"cp2cd2ff6b\" data-element_type=\"widget\" data-e-type=\"widget\" data-widget_type=\"heading.default\">\n\t\t\t\t\t<h2 class=\"elementor-heading-title elementor-size-default\">Viracocha i kr\u00f8nikene fra 1500-tallet<\/h2>\t\t\t\t<\/div>\n\t\t<div class=\"elementor-element elementor-element-cp270124ee e-flex e-con-boxed e-con e-child\" data-id=\"cp270124ee\" data-element_type=\"container\" data-e-type=\"container\">\n\t\t\t\t\t<div class=\"e-con-inner\">\n\t\t\t\t<div class=\"elementor-element elementor-element-cp2c92af90 elementor-widget elementor-widget-text-editor\" data-id=\"cp2c92af90\" data-element_type=\"widget\" data-e-type=\"widget\" data-widget_type=\"text-editor.default\">\n\t\t\t\t\t\t\t\t\t<p>Nesten alt som er kjent om Viracocha, stammer fra spanske og mestisiske kr\u00f8niker som ble skrevet etter erobringen av Inkariket.<\/p><p>Blant de viktigste kildene er verkene til Juan de Betanzos, som var gift med en kvinne fra inkaadelen og skrev omkring 1551, Pedro Cieza de Le\u00f3n, Crist\u00f3bal de Molina fra Cusco samt det omfattende verket til Bernab\u00e9 Cobo fra 1600-tallet.<\/p><p>Disse tekstene stemmer overens i hovedtrekkene, men avviker vesentlig fra hverandre i detaljene.<\/p><p>I kr\u00f8nikene fremst\u00e5r Viracocha som en skapergestalt som ved Titicacasj\u00f8en frembringer verden, solen, m\u00e5nen og de f\u00f8rste menneskene, og som deretter drar gjennom landet f\u00f8r han til slutt forsvinner over havet.<\/p><p>Forskningen har tidlig lagt merke til at denne fortellingen kan v\u00e6re sterkt tilpasset europeiske forestillinger. Mange kr\u00f8nikeskrivere hadde en tendens til \u00e5 tiln\u00e6rme Viracocha til en h\u00f8yeste, n\u00e6rmest monoteistisk gud, noe som passet godt med misjon\u00e6renes \u00f8nske om \u00e5 finne et tilknytningspunkt for den kristne skapergud.<\/p><p>Sabine MacCormack og andre har vist at kr\u00f8nikene delvis stiliserte Viracocha til et abstrakt h\u00f8yeste vesen, som muligens ikke stod i sentrum av den f\u00f8rkoloniale <span class=\"iwg-fachbegriff\" data-tooltip=\"Summen av religi\u00f8se \u00e6resbevisninger for en gudom eller hellig gestalt.\" tabindex=\"0\">kulten<\/span>. Det gj\u00f8r saken enda mer komplisert at Viracocha ogs\u00e5 var navnet p\u00e5 en historisk inkahersker, og at spanske observat\u00f8rer ikke alltid skilte klart mellom de to.<\/p><p>Den seri\u00f8se fremstillingen m\u00e5 derfor understreke at det overleverte Viracocha-bildet inneholder et kolonialt konstrukt, hvis f\u00f8rkoloniale grunnlag bare kan rekonstrueres med usikkerhet. Se ogs\u00e5 <a href=\"https:\/\/iwell-guard.com\/no\/?page_id=141132\">Inti<\/a> for den regionale religi\u00f8se praksisen til inkaene.<\/p>\t\t\t\t\t\t\t\t<\/div>\n\t\t\t\t\t<\/div>\n\t\t\t\t<\/div>\n\t\t\t\t\t<\/div>\n\t\t\t\t<\/div>\n\t\t<div class=\"elementor-element elementor-element-cp287f08ac e-flex e-con-boxed e-con e-parent\" data-id=\"cp287f08ac\" data-element_type=\"container\" data-e-type=\"container\">\n\t\t\t\t\t<div class=\"e-con-inner\">\n\t\t\t\t<div class=\"elementor-element elementor-element-cp286b8694 elementor-widget elementor-widget-heading\" data-id=\"cp286b8694\" data-element_type=\"widget\" data-e-type=\"widget\" data-widget_type=\"heading.default\">\n\t\t\t\t\t<h2 class=\"elementor-heading-title elementor-size-default\">Striden om Viracocha som h\u00f8ygud<\/h2>\t\t\t\t<\/div>\n\t\t<div class=\"elementor-element elementor-element-cp2779dfd9 e-flex e-con-boxed e-con e-child\" data-id=\"cp2779dfd9\" data-element_type=\"container\" data-e-type=\"container\">\n\t\t\t\t\t<div class=\"e-con-inner\">\n\t\t\t\t<div class=\"elementor-element elementor-element-cp27b87720 elementor-widget elementor-widget-text-editor\" data-id=\"cp27b87720\" data-element_type=\"widget\" data-e-type=\"widget\" data-widget_type=\"text-editor.default\">\n\t\t\t\t\t\t\t\t\t<p>En seiglivet debatt i andesforskningen handler om hvorvidt Viracocha i det f\u00f8rkoloniale Inkariket var en h\u00f8ygud som stod over de andre gudene.<\/p><p>P\u00e5 slutten av 1800-tallet og begynnelsen av 1900-tallet mente enkelte forskere at inkaene under overflaten av solkulten tilbad en abstrakt skapergud som l\u00e5 n\u00e6r den kristne gudsforestillingen. Dette synet passet med teorier som s\u00f8kte en tendens til <span class=\"iwg-fachbegriff\" data-tooltip=\"Troen p\u00e5 \u00e9n enkelt gud.\" tabindex=\"0\">monoteisme<\/span> i h\u00f8ykulturer.<\/p><p>Senere forskning har i betydelig grad nyansert denne tolkningen. Kritikere som Pierre Duviols og R. T. Zuidema har p\u00e5pekt at kildene som fremstiller Viracocha som den h\u00f8yeste guden, nesten alle er p\u00e5virket av misjon\u00e6rinteresser.<\/p><p>I den faktisk dokumenterte <span class=\"iwg-fachbegriff\" data-tooltip=\"Summen av religi\u00f8se \u00e6resbevisninger for en gudom eller hellig gestalt.\" tabindex=\"0\">kulten<\/span> til inkaene stod solguden i sentrum for den statlige \u00e6resbevisningen, med Coricancha i Cusco som det viktigste <span class=\"iwg-fachbegriff\" data-tooltip=\"Et hellig sted som er viet \u00e6resbevisning for en gudom.\" tabindex=\"0\">helligstedet<\/span>. Viracocha hadde riktignok et <span class=\"iwg-fachbegriff\" data-tooltip=\"Et byggverk som tjener til \u00e6resbevisning for en eller flere gudommer.\" tabindex=\"0\">tempel<\/span> og en <span class=\"iwg-fachbegriff\" data-tooltip=\"Summen av religi\u00f8se \u00e6resbevisninger for en gudom eller hellig gestalt.\" tabindex=\"0\">kult<\/span>, men hans p\u00e5st\u00e5tte overordnede stilling over alle andre gudommer er vanskelig \u00e5 belegge i kildene.<\/p><p>Dagens forskning tenderer mot en mellomposisjon. Viracocha var en betydelig skaper- og opphavsgestalt hvis \u00e6resbevisning var viktig regionalt og i bestemte sammenhenger, men ikke sentrum for et monoteistisk tenkt system.<\/p><p>Forestillingen om h\u00f8yguden Viracocha regnes i dag i stor grad som et produkt av den koloniale <span class=\"iwg-fachbegriff\" data-tooltip=\"Den vitenskapelige l\u00e6ren om Gud og troen i en religion.\" tabindex=\"0\">teologien<\/span>, som s\u00f8kte en motpart til sitt eget gudsbilde i den andinske religionen.<\/p><p>Tilfellet er i <span class=\"iwg-fachbegriff\" data-tooltip=\"Vitenskapen som utforsker religioner sammenlignende og uten trosbinding.\" tabindex=\"0\">religionsvitenskapen<\/span> et ofte nevnt eksempel p\u00e5 hvordan misjon\u00e6rinteresser kan prege rekonstruksjonen av en forsvunnet religion. For fremstillingen av Viracocha betyr det at hver p\u00e5stand om hans rang i <span class=\"iwg-fachbegriff\" data-tooltip=\"Summen av gudene i en religion eller kultur.\" tabindex=\"0\">pantheonet<\/span> m\u00e5 gis et forbehold.<\/p>\t\t\t\t\t\t\t\t<\/div>\n\t\t\t\t\t<\/div>\n\t\t\t\t<\/div>\n\t\t\t\t\t<\/div>\n\t\t\t\t<\/div>\n\t\t<div class=\"elementor-element elementor-element-iwgw-viracocha-lit e-flex e-con-boxed e-con e-parent\" data-id=\"iwgw-viracocha-lit\" data-element_type=\"container\" data-e-type=\"container\">\n\t\t\t\t\t<div class=\"e-con-inner\">\n\t\t\t\t<div class=\"elementor-element elementor-element-iwgw-viracocha-lith elementor-widget elementor-widget-heading\" data-id=\"iwgw-viracocha-lith\" data-element_type=\"widget\" data-e-type=\"widget\" data-widget_type=\"heading.default\">\n\t\t\t\t\t<h2 class=\"elementor-heading-title elementor-size-default\">Litteratur (utvalg)<\/h2>\t\t\t\t<\/div>\n\t\t<div class=\"elementor-element elementor-element-iwgw-viracocha-litc e-con-full e-flex e-con e-child\" data-id=\"iwgw-viracocha-litc\" data-element_type=\"container\" data-e-type=\"container\">\n\t\t\t\t<div class=\"elementor-element elementor-element-iwgw-viracocha-litt elementor-widget elementor-widget-text-editor\" data-id=\"iwgw-viracocha-litt\" data-element_type=\"widget\" data-e-type=\"widget\" data-widget_type=\"text-editor.default\">\n\t\t\t\t\t\t\t\t\t<ul><li>Henrique Urbano: <em>Wiraqocha y Ayar<\/em> (1981)<\/li><li>Pierre Duviols: <em>La lutte contre les religions autochtones<\/em> (1971)<\/li><li>Therese Bouysse-Cassagne: <em>Lluvias y cenizas<\/em> (1988)<\/li><li>Cesar Itier: <em>Les Incas<\/em> (2008)<\/li><li>Pedro Sarmiento de Gamboa: <em>Historia indica<\/em> (1572)<\/li><li>Cristobal de Molina: <em>Relacion de las fabulas y ritos de los Incas<\/em> (1575)<\/li><li>John Janusek: <em>Ancient Tiwanaku<\/em> (2008)<\/li><\/ul>\t\t\t\t\t\t\t\t<\/div>\n\t\t\t\t<\/div>\n\t\t\t\t\t<\/div>\n\t\t\t\t<\/div>\n\t\t<div class=\"elementor-element elementor-element-iwgkw2-add-viracocha e-flex e-con-boxed e-con e-parent\" data-id=\"iwgkw2-add-viracocha\" data-element_type=\"container\" data-e-type=\"container\">\n\t\t\t\t\t<div class=\"e-con-inner\">\n\t\t\t\t<div class=\"elementor-element elementor-element-iwgkw2-add-viracocha-t elementor-widget elementor-widget-text-editor\" data-id=\"iwgkw2-add-viracocha-t\" data-element_type=\"widget\" data-e-type=\"widget\" data-widget_type=\"text-editor.default\">\n\t\t\t\t\t\t\t\t\t<p>I de andinske overleveringene regnes Viracocha som en <em>kosmisk<\/em> <em>ordensstifter<\/em> som satte solen, m\u00e5nen og stjernene p\u00e5 plass og frembrakte menneskene fra vannene i Titicacasj\u00f8en; de spanske kr\u00f8nikeskriverne Cieza de Le\u00f3n og Betanzos dokumenterer <span class=\"iwg-fachbegriff\" data-tooltip=\"Summen av gudene i en religion eller kultur.\" tabindex=\"0\">pantheonet<\/span>.<\/p>\t\t\t\t\t\t\t\t<\/div>\n\t\t\t\t\t<\/div>\n\t\t\t\t<\/div>\n\t\t<div class=\"elementor-element elementor-element-iwgw-viracocha-kwd e-flex e-con-boxed e-con e-parent\" data-id=\"iwgw-viracocha-kwd\" data-element_type=\"container\" data-e-type=\"container\">\n\t\t\t\t\t<div class=\"e-con-inner\">\n\t\t<div class=\"elementor-element elementor-element-iwgw-viracocha-kwdc e-con-full e-flex e-con e-child\" data-id=\"iwgw-viracocha-kwdc\" data-element_type=\"container\" data-e-type=\"container\">\n\t\t\t\t<div class=\"elementor-element elementor-element-iwgw-viracocha-kwdt elementor-widget elementor-widget-text-editor\" data-id=\"iwgw-viracocha-kwdt\" data-element_type=\"widget\" data-e-type=\"widget\" data-widget_type=\"text-editor.default\">\n\t\t\t\t\t\t\t\t\t<p><em>Relaterte n\u00f8kkelbegreper: Viracocha Wiraqucha Tunupa Pachayachachiq Tiwanaku Staffgod Pacaritambo Raqchi Cacha.<\/em><\/p>\t\t\t\t\t\t\t\t<\/div>\n\t\t\t\t<\/div>\n\t\t\t\t\t<\/div>\n\t\t\t\t<\/div>\n\t\t<div class=\"elementor-element elementor-element-iwgw-viracocha-cc e-flex e-con-boxed e-con e-parent\" data-id=\"iwgw-viracocha-cc\" data-element_type=\"container\" data-e-type=\"container\" id=\"iwg-cc-viracocha\">\n\t\t\t\t\t<div class=\"e-con-inner\">\n\t\t<div class=\"elementor-element elementor-element-iwgw-viracocha-ccinner e-flex e-con-boxed e-con e-parent\" data-id=\"iwgw-viracocha-ccinner\" data-element_type=\"container\" data-e-type=\"container\" data-settings=\"{&quot;background_background&quot;:&quot;classic&quot;}\">\n\t\t\t\t\t<div class=\"e-con-inner\">\n\t\t\t\t<div class=\"elementor-element elementor-element-iwgw-viracocha-cch elementor-widget elementor-widget-heading\" data-id=\"iwgw-viracocha-cch\" data-element_type=\"widget\" data-e-type=\"widget\" data-widget_type=\"heading.default\">\n\t\t\t\t\t<h2 class=\"elementor-heading-title elementor-size-default\">iWell Guard og beskyttelsestradisjoner<\/h2>\t\t\t\t<\/div>\n\t\t\t\t<div class=\"elementor-element elementor-element-iwgw-viracocha-cct elementor-widget elementor-widget-text-editor\" data-id=\"iwgw-viracocha-cct\" data-element_type=\"widget\" data-e-type=\"widget\" data-widget_type=\"text-editor.default\">\n\t\t\t\t\t\t\t\t\t<div data-nosnippet=\"true\"><p>iWell Guard bygger p\u00e5 den kulturhistoriske tradisjonen med b\u00e6rbare beskyttelsesobjekter, i tradisjonen fra <a href=\"https:\/\/iwell-guard.com\/no\/?page_id=141123\">Andesregionen \/ Inka<\/a> og mange andre kulturer verden over. 41 lag, ekte gull, platina, s\u00f8lv, fremstilt i Tyskland. 30 dagers returrett.<\/p><\/div>\t\t\t\t\t\t\t\t<\/div>\n\t\t\t\t<div class=\"elementor-element elementor-element-iwgw-viracocha-ccb iwg-cc-button iwg-cc-cta-2026-05-13 elementor-widget elementor-widget-jet-button\" data-id=\"iwgw-viracocha-ccb\" data-element_type=\"widget\" data-e-type=\"widget\" data-widget_type=\"jet-button.default\">\n\t\t\t\t<div class=\"elementor-widget-container\">\n\t\t\t\t\t<div class=\"elementor-jet-button jet-elements\"><div class=\"jet-button__container\"><a class=\"jet-button__instance jet-button__instance--icon-left hover-effect-1\" href=\"\/ueber-iwell-guard\/?utm_source=iwell-guard.com&amp;utm_medium=info-box&amp;utm_campaign=wesen-tradition\"><div class=\"jet-button__plane jet-button__plane-normal\"><\/div><div class=\"jet-button__plane jet-button__plane-hover\"><\/div><div class=\"jet-button__state jet-button__state-normal\"><span class=\"jet-button__label\">Mer om iWell Guard<\/span><\/div><div class=\"jet-button__state jet-button__state-hover\"><span class=\"jet-button__label\">Mer om iWell Guard<\/span><\/div><\/a><\/div><\/div><style>.elementor-element.elementor-element-iwgw-viracocha-ccb .jet-button__instance{width:320px;height:56px;}.elementor-element.elementor-element-iwgw-viracocha-ccb .jet-button__state-normal .jet-button__label{text-align:center;margin:0px 0px 0px 0px;color:#1a1b20;font-family:Montserrat,sans-serif;font-size:13px;font-weight:400;letter-spacing:4px;line-height:1.714em;text-transform:uppercase;}.elementor-element.elementor-element-iwgw-viracocha-ccb .jet-button__state-hover .jet-button__label{text-align:center;margin:0px 0px 0px 0px;color:#FECC76;font-family:Montserrat,sans-serif;font-size:13px;font-weight:400;letter-spacing:4px;line-height:1.714em;text-transform:uppercase;}.elementor-element.elementor-element-iwgw-viracocha-ccb .jet-button__plane-normal{background-color:#FECC76;border-style:solid;border-color:#C99540;border-width:2px 2px 2px 2px;}.elementor-element.elementor-element-iwgw-viracocha-ccb .jet-button__plane-hover{background-color:rgba(0,0,0,0.55);border-style:solid;border-color:#FECC76;border-width:2px 2px 2px 2px;}<\/style>\t\t\t\t<\/div>\n\t\t\t\t<\/div>\n\t\t\t\t<div class=\"elementor-element elementor-element-iwgw-viracocha-ccd elementor-widget elementor-widget-text-editor\" data-id=\"iwgw-viracocha-ccd\" data-element_type=\"widget\" data-e-type=\"widget\" data-widget_type=\"text-editor.default\">\n\t\t\t\t\t\t\t\t\t<div data-nosnippet=\"true\"><p style=\"text-align:center;font-size:13px;opacity:0.7;margin-top:14px\" data-nosnippet=\"true\">Personlige erfaringer kan variere. Ikke et medisinsk produkt. Ingen garanti for helbredelse.<\/p><\/div>\t\t\t\t\t\t\t\t<\/div>\n\t\t\t\t\t<\/div>\n\t\t\t\t<\/div>\n\t\t\t\t\t<\/div>\n\t\t\t\t<\/div>\n\t\t<div class=\"elementor-element elementor-element-iwgw-viracocha-disc e-flex e-con-boxed e-con e-parent\" data-id=\"iwgw-viracocha-disc\" data-element_type=\"container\" data-e-type=\"container\">\n\t\t\t\t\t<div class=\"e-con-inner\">\n\t\t\t\t<div class=\"elementor-element elementor-element-iwgw-viracocha-discw elementor-widget elementor-widget-html\" data-id=\"iwgw-viracocha-discw\" data-element_type=\"widget\" data-e-type=\"widget\" data-widget_type=\"html.default\">\n\t\t\t\t\t<footer data-nosnippet=\"true\" class=\"iwg-disclaimer-block\"><p data-nosnippet=\"true\">iWell Guard er <strong>ikke et medisinsk produkt<\/strong> og erstatter ingen medisinsk eller psykoterapeutisk behandling. Det religionsvitenskapelige innholdet er kulturhistorisk plassering, ikke en anbefaling om spirituell praksis.<\/p><\/footer>\t\t\t\t<\/div>\n\t\t\t\t\t<\/div>\n\t\t\t\t<\/div>\n\t\t\t\t<\/div>\n\t\t","protected":false},"excerpt":{"rendered":"","protected":false},"author":3,"featured_media":2684,"parent":0,"menu_order":0,"comment_status":"closed","ping_status":"closed","template":"elementor_header_footer","meta":{"_yoast_wpseo_focuskw":"Viracocha skapergud inka","_yoast_wpseo_title":"Viracocha \u2013 inkaenes skapergud og myte","_yoast_wpseo_metadesc":"Viracocha, skapergud i Andesfjellene, regnes i de tidlige kr\u00f8nikene som det h\u00f8yeste vesenet f\u00f8r Inti. Religionsvitenskapelig innf\u00f8ring med kult.","_yoast_wpseo_meta-robots-noindex":"","_yoast_wpseo_canonical":"","_angie_page":false,"gefaehrdungsstufe":"1","wesen_kultur":"anden-inka","wesen_klasse":"goetter","footnotes":""},"categories":[],"class_list":["post-141136","page","type-page","status-publish","has-post-thumbnail","hentry"],"yoast_head":"<!-- This site is optimized with the Yoast SEO Premium plugin v27.7 (Yoast SEO v28.3) - https:\/\/yoast.com\/product\/yoast-seo-premium-wordpress\/ -->\n<title>Viracocha \u2013 inkaenes skapergud og myte<\/title>\n<meta name=\"description\" content=\"Viracocha, skapergud i Andesfjellene, regnes i de tidlige kr\u00f8nikene som det h\u00f8yeste vesenet f\u00f8r Inti. Religionsvitenskapelig innf\u00f8ring med kult.\" \/>\n<meta name=\"robots\" content=\"index, follow, max-snippet:-1, max-image-preview:large, max-video-preview:-1\" \/>\n<link rel=\"canonical\" href=\"https:\/\/iwell-guard.com\/no\/viracocha-skapergud-andesfjellene\/\" \/>\n<meta property=\"og:locale\" content=\"nb_NO\" \/>\n<meta property=\"og:type\" content=\"article\" \/>\n<meta property=\"og:title\" content=\"Viracocha \u2013 skapergud i Andesfjellene\" \/>\n<meta property=\"og:description\" content=\"Viracocha, skapergud i Andesfjellene, regnes i de tidlige kr\u00f8nikene som det h\u00f8yeste vesenet f\u00f8r Inti. Religionsvitenskapelig innf\u00f8ring med kult.\" \/>\n<meta property=\"og:url\" content=\"https:\/\/iwell-guard.com\/no\/viracocha-skapergud-andesfjellene\/\" \/>\n<meta property=\"og:site_name\" content=\"iWell Guard\" \/>\n<meta property=\"article:modified_time\" content=\"2026-09-03T09:42:40+00:00\" \/>\n<meta property=\"og:image\" content=\"https:\/\/iwell-guard.com\/wp-content\/uploads\/2026\/05\/goetter_anden-inka_viracocha.webp\" \/>\n\t<meta property=\"og:image:width\" content=\"1024\" \/>\n\t<meta property=\"og:image:height\" content=\"1536\" \/>\n\t<meta property=\"og:image:type\" content=\"image\/webp\" \/>\n<meta name=\"twitter:card\" content=\"summary_large_image\" \/>\n<script type=\"application\/ld+json\" class=\"yoast-schema-graph\">{\"@context\":\"https:\\\/\\\/schema.org\",\"@graph\":[{\"@type\":\"WebPage\",\"@id\":\"https:\\\/\\\/iwell-guard.com\\\/no\\\/viracocha-skapergud-andesfjellene\\\/\",\"url\":\"https:\\\/\\\/iwell-guard.com\\\/no\\\/viracocha-skapergud-andesfjellene\\\/\",\"name\":\"Viracocha \u2013 inkaenes skapergud og myte\",\"isPartOf\":{\"@id\":\"https:\\\/\\\/iwell-guard.com\\\/no\\\/#website\"},\"primaryImageOfPage\":{\"@id\":\"https:\\\/\\\/iwell-guard.com\\\/no\\\/viracocha-skapergud-andesfjellene\\\/#primaryimage\"},\"image\":{\"@id\":\"https:\\\/\\\/iwell-guard.com\\\/no\\\/viracocha-skapergud-andesfjellene\\\/#primaryimage\"},\"thumbnailUrl\":\"https:\\\/\\\/iwell-guard.com\\\/wp-content\\\/uploads\\\/2026\\\/05\\\/goetter_anden-inka_viracocha.webp\",\"datePublished\":\"2026-09-03T09:17:01+00:00\",\"dateModified\":\"2026-09-03T09:42:40+00:00\",\"description\":\"Viracocha, skapergud i Andesfjellene, regnes i de tidlige kr\u00f8nikene som det h\u00f8yeste vesenet f\u00f8r Inti. Religionsvitenskapelig innf\u00f8ring med kult.\",\"breadcrumb\":{\"@id\":\"https:\\\/\\\/iwell-guard.com\\\/no\\\/viracocha-skapergud-andesfjellene\\\/#breadcrumb\"},\"inLanguage\":\"nb-NO\",\"potentialAction\":[{\"@type\":\"ReadAction\",\"target\":[\"https:\\\/\\\/iwell-guard.com\\\/no\\\/viracocha-skapergud-andesfjellene\\\/\"]}]},{\"@type\":\"ImageObject\",\"inLanguage\":\"nb-NO\",\"@id\":\"https:\\\/\\\/iwell-guard.com\\\/no\\\/viracocha-skapergud-andesfjellene\\\/#primaryimage\",\"url\":\"https:\\\/\\\/iwell-guard.com\\\/wp-content\\\/uploads\\\/2026\\\/05\\\/goetter_anden-inka_viracocha.webp\",\"contentUrl\":\"https:\\\/\\\/iwell-guard.com\\\/wp-content\\\/uploads\\\/2026\\\/05\\\/goetter_anden-inka_viracocha.webp\",\"width\":1024,\"height\":1536,\"caption\":\"Guder fra andisk-inkaisk tradisjon.\"},{\"@type\":\"BreadcrumbList\",\"@id\":\"https:\\\/\\\/iwell-guard.com\\\/no\\\/viracocha-skapergud-andesfjellene\\\/#breadcrumb\",\"itemListElement\":[{\"@type\":\"ListItem\",\"position\":1,\"name\":\"Start\",\"item\":\"https:\\\/\\\/iwell-guard.com\\\/no\\\/?page_id=140795\"},{\"@type\":\"ListItem\",\"position\":2,\"name\":\"Viracocha \u2013 skapergud i Andesfjellene\"}]},{\"@type\":\"WebSite\",\"@id\":\"https:\\\/\\\/iwell-guard.com\\\/no\\\/#website\",\"url\":\"https:\\\/\\\/iwell-guard.com\\\/no\\\/\",\"name\":\"iWell Guard\",\"description\":\"Schutz vor dunklen Einfl\u00fcssen\",\"publisher\":{\"@id\":\"https:\\\/\\\/iwell-guard.com\\\/no\\\/#organization\"},\"potentialAction\":[{\"@type\":\"SearchAction\",\"target\":{\"@type\":\"EntryPoint\",\"urlTemplate\":\"https:\\\/\\\/iwell-guard.com\\\/no\\\/?s={search_term_string}\"},\"query-input\":{\"@type\":\"PropertyValueSpecification\",\"valueRequired\":true,\"valueName\":\"search_term_string\"}}],\"inLanguage\":\"nb-NO\"},{\"@type\":\"Organization\",\"@id\":\"https:\\\/\\\/iwell-guard.com\\\/no\\\/#organization\",\"name\":\"Ittermann electronic GmbH\",\"url\":\"https:\\\/\\\/iwell-guard.com\\\/no\\\/\",\"logo\":{\"@type\":\"ImageObject\",\"inLanguage\":\"nb-NO\",\"@id\":\"https:\\\/\\\/iwell-guard.com\\\/no\\\/#\\\/schema\\\/logo\\\/image\\\/\",\"url\":\"https:\\\/\\\/iwell-guard.com\\\/wp-content\\\/uploads\\\/2026\\\/05\\\/Ittermann-Logo-1182x237-1.png\",\"contentUrl\":\"https:\\\/\\\/iwell-guard.com\\\/wp-content\\\/uploads\\\/2026\\\/05\\\/Ittermann-Logo-1182x237-1.png\",\"width\":1182,\"height\":237,\"caption\":\"Ittermann electronic GmbH\"},\"image\":{\"@id\":\"https:\\\/\\\/iwell-guard.com\\\/no\\\/#\\\/schema\\\/logo\\\/image\\\/\"},\"sameAs\":[\"https:\\\/\\\/pantip.com\\\/profile\\\/9367242\",\"https:\\\/\\\/micro.blog\\\/iwellguard\",\"https:\\\/\\\/www.diggerslist.com\\\/iwellguard\\\/about\",\"https:\\\/\\\/skitterphoto.com\\\/photographers\\\/2870314\\\/iwell-guard\",\"https:\\\/\\\/iwellguard.wordpress.com\\\/2026\\\/06\\\/06\\\/iwell-guard\\\/\",\"https:\\\/\\\/hub.docker.com\\\/u\\\/iwellguard\",\"https:\\\/\\\/www.pinterest.com\\\/iwellguard\\\/\",\"https:\\\/\\\/bit.ly\\\/m\\\/iwellguard\",\"https:\\\/\\\/entre-vos-mains.alsace.eu\\\/profiles\\\/iwellguard\\\/activity\",\"https:\\\/\\\/gravatar.com\\\/reallybeded8fd34\",\"https:\\\/\\\/naijamatta.com\\\/iwellguard\",\"https:\\\/\\\/www.goodreads.com\\\/iwellguard\",\"https:\\\/\\\/profile.hatena.ne.jp\\\/iwellguard\\\/\",\"https:\\\/\\\/experiment.com\\\/users\\\/iwellguard\",\"https:\\\/\\\/wakelet.com\\\/@iWellGuard82270\",\"https:\\\/\\\/www.chordie.com\\\/forum\\\/profile.php?id=2555664\",\"https:\\\/\\\/www.instapaper.com\\\/p\\\/17757966\",\"https:\\\/\\\/www.mapleprimes.com\\\/users\\\/iwellguard\",\"https:\\\/\\\/businesslistingplus.com\\\/profile\\\/iwell-guard\\\/\",\"https:\\\/\\\/telegra.ph\\\/iWell-Guard-06-06\",\"https:\\\/\\\/pbase.com\\\/iwellguard\\\/iwellguard\",\"https:\\\/\\\/b.hatena.ne.jp\\\/iwellguard\\\/20260607#bookmark-4788405196491818882\",\"https:\\\/\\\/fliphtml5.com\\\/home\\\/iwellguard\",\"https:\\\/\\\/anyflip.com\\\/homepage\\\/cmiwl#About\",\"https:\\\/\\\/transfur.com\\\/Users\\\/iwellguard\",\"http:\\\/\\\/delphi.larsbo.org\\\/user\\\/iwellguard\",\"https:\\\/\\\/jobs.lajobsportal.org\\\/profiles\\\/8380803-iwell-guard\",\"https:\\\/\\\/md.chaosdorf.de\\\/s\\\/jfbe5SBdJD\",\"https:\\\/\\\/www.lingvolive.com\\\/en-us\\\/profile\\\/9ecaeaca-ce11-4e51-9e71-01d55e2bff36\\\/translations\",\"https:\\\/\\\/www.fitday.com\\\/fitness\\\/forums\\\/members\\\/iwellguard.html\",\"https:\\\/\\\/www.mymeetbook.com\\\/iwellguard\",\"https:\\\/\\\/pxhere.com\\\/en\\\/photographer-me\\\/5040798\",\"https:\\\/\\\/disqus.com\\\/by\\\/iwellguard\\\/about\\\/\",\"https:\\\/\\\/pastelink.net\\\/hjwciqwq\",\"https:\\\/\\\/pubhtml5.com\\\/homepage\\\/scjhn\\\/\",\"https:\\\/\\\/www.bitchute.com\\\/channel\\\/2O2eOKzNqujT\",\"https:\\\/\\\/audiomack.com\\\/iwellguard\"]},{\"@type\":\"Article\",\"@id\":\"https:\\\/\\\/iwell-guard.com\\\/no\\\/viracocha-skapergud-andesfjellene\\\/#article\",\"isPartOf\":{\"@id\":\"https:\\\/\\\/iwell-guard.com\\\/no\\\/viracocha-skapergud-andesfjellene\\\/\"},\"author\":{\"name\":\"Ralf Ittermann\",\"@id\":\"https:\\\/\\\/iwell-guard.com\\\/no\\\/#\\\/schema\\\/person\\\/ee2a27f1cac3406c7c6fb5820cb7349f\"},\"headline\":\"Viracocha \u2013 skapergud i Andesfjellene\",\"datePublished\":\"2026-09-03T09:17:01+00:00\",\"dateModified\":\"2026-09-03T09:42:40+00:00\",\"mainEntityOfPage\":{\"@id\":\"https:\\\/\\\/iwell-guard.com\\\/no\\\/viracocha-skapergud-andesfjellene\\\/\"},\"publisher\":{\"@id\":\"https:\\\/\\\/iwell-guard.com\\\/no\\\/#organization\"},\"image\":{\"@id\":\"https:\\\/\\\/iwell-guard.com\\\/no\\\/viracocha-skapergud-andesfjellene\\\/#primaryimage\"},\"thumbnailUrl\":\"https:\\\/\\\/iwell-guard.com\\\/wp-content\\\/uploads\\\/2026\\\/05\\\/goetter_anden-inka_viracocha.webp\",\"inLanguage\":\"nb-NO\",\"description\":\"Viracocha, skapergud i Andesfjellene, regnes i de tidlige kr\u00f8nikene som det h\u00f8yeste vesenet f\u00f8r Inti. Religionsvitenskapelig innf\u00f8ring med kult.\"}]}<\/script>\n<!-- \/ Yoast SEO Premium plugin. -->","yoast_head_json":{"title":"Viracocha \u2013 inkaenes skapergud og myte","description":"Viracocha, skapergud i Andesfjellene, regnes i de tidlige kr\u00f8nikene som det h\u00f8yeste vesenet f\u00f8r Inti. Religionsvitenskapelig innf\u00f8ring med kult.","robots":{"index":"index","follow":"follow","max-snippet":"max-snippet:-1","max-image-preview":"max-image-preview:large","max-video-preview":"max-video-preview:-1"},"canonical":"https:\/\/iwell-guard.com\/no\/viracocha-skapergud-andesfjellene\/","og_locale":"nb_NO","og_type":"article","og_title":"Viracocha \u2013 skapergud i Andesfjellene","og_description":"Viracocha, skapergud i Andesfjellene, regnes i de tidlige kr\u00f8nikene som det h\u00f8yeste vesenet f\u00f8r Inti. Religionsvitenskapelig innf\u00f8ring med kult.","og_url":"https:\/\/iwell-guard.com\/no\/viracocha-skapergud-andesfjellene\/","og_site_name":"iWell Guard","article_modified_time":"2026-09-03T09:42:40+00:00","og_image":[{"width":1024,"height":1536,"url":"https:\/\/iwell-guard.com\/wp-content\/uploads\/2026\/05\/goetter_anden-inka_viracocha.webp","type":"image\/webp"}],"twitter_card":"summary_large_image","schema":{"@context":"https:\/\/schema.org","@graph":[{"@type":"Article","@id":"https:\/\/iwell-guard.com\/no\/viracocha-skapergud-andesfjellene\/#article","isPartOf":{"@id":"https:\/\/iwell-guard.com\/no\/viracocha-skapergud-andesfjellene\/"},"author":{"name":"Ralf Ittermann","@id":"https:\/\/iwell-guard.com\/no\/#\/schema\/person\/ee2a27f1cac3406c7c6fb5820cb7349f"},"headline":"Viracocha \u2013 skapergud i Andesfjellene","datePublished":"2026-09-03T09:17:01+00:00","dateModified":"2026-09-03T09:42:40+00:00","mainEntityOfPage":{"@id":"https:\/\/iwell-guard.com\/no\/viracocha-skapergud-andesfjellene\/"},"publisher":{"@id":"https:\/\/iwell-guard.com\/no\/#organization"},"image":{"@id":"https:\/\/iwell-guard.com\/no\/viracocha-skapergud-andesfjellene\/#primaryimage"},"thumbnailUrl":"https:\/\/iwell-guard.com\/wp-content\/uploads\/2026\/05\/goetter_anden-inka_viracocha.webp","inLanguage":"nb-NO","description":"Viracocha, skapergud i Andesfjellene, regnes i de tidlige kr\u00f8nikene som det h\u00f8yeste vesenet f\u00f8r Inti. Religionsvitenskapelig innf\u00f8ring med kult."},{"@type":"WebPage","@id":"https:\/\/iwell-guard.com\/no\/viracocha-skapergud-andesfjellene\/","url":"https:\/\/iwell-guard.com\/no\/viracocha-skapergud-andesfjellene\/","name":"Viracocha \u2013 inkaenes skapergud og myte","isPartOf":{"@id":"https:\/\/iwell-guard.com\/no\/#website"},"primaryImageOfPage":{"@id":"https:\/\/iwell-guard.com\/no\/viracocha-skapergud-andesfjellene\/#primaryimage"},"image":{"@id":"https:\/\/iwell-guard.com\/no\/viracocha-skapergud-andesfjellene\/#primaryimage"},"thumbnailUrl":"https:\/\/iwell-guard.com\/wp-content\/uploads\/2026\/05\/goetter_anden-inka_viracocha.webp","datePublished":"2026-09-03T09:17:01+00:00","dateModified":"2026-09-03T09:42:40+00:00","description":"Viracocha, skapergud i Andesfjellene, regnes i de tidlige kr\u00f8nikene som det h\u00f8yeste vesenet f\u00f8r Inti. Religionsvitenskapelig innf\u00f8ring med kult.","breadcrumb":{"@id":"https:\/\/iwell-guard.com\/no\/viracocha-skapergud-andesfjellene\/#breadcrumb"},"inLanguage":"nb-NO","potentialAction":[{"@type":"ReadAction","target":["https:\/\/iwell-guard.com\/no\/viracocha-skapergud-andesfjellene\/"]}]},{"@type":"ImageObject","inLanguage":"nb-NO","@id":"https:\/\/iwell-guard.com\/no\/viracocha-skapergud-andesfjellene\/#primaryimage","url":"https:\/\/iwell-guard.com\/wp-content\/uploads\/2026\/05\/goetter_anden-inka_viracocha.webp","contentUrl":"https:\/\/iwell-guard.com\/wp-content\/uploads\/2026\/05\/goetter_anden-inka_viracocha.webp","width":1024,"height":1536,"caption":"Guder fra andisk-inkaisk tradisjon."},{"@type":"BreadcrumbList","@id":"https:\/\/iwell-guard.com\/no\/viracocha-skapergud-andesfjellene\/#breadcrumb","itemListElement":[{"@type":"ListItem","position":1,"name":"Start","item":"https:\/\/iwell-guard.com\/no\/?page_id=140795"},{"@type":"ListItem","position":2,"name":"Viracocha \u2013 skapergud i Andesfjellene"}]},{"@type":"WebSite","@id":"https:\/\/iwell-guard.com\/no\/#website","url":"https:\/\/iwell-guard.com\/no\/","name":"iWell Guard","description":"Schutz vor dunklen Einfl\u00fcssen","publisher":{"@id":"https:\/\/iwell-guard.com\/no\/#organization"},"potentialAction":[{"@type":"SearchAction","target":{"@type":"EntryPoint","urlTemplate":"https:\/\/iwell-guard.com\/no\/?s={search_term_string}"},"query-input":{"@type":"PropertyValueSpecification","valueRequired":true,"valueName":"search_term_string"}}],"inLanguage":"nb-NO"},{"@type":"Organization","@id":"https:\/\/iwell-guard.com\/no\/#organization","name":"Ittermann electronic GmbH","url":"https:\/\/iwell-guard.com\/no\/","logo":{"@type":"ImageObject","inLanguage":"nb-NO","@id":"https:\/\/iwell-guard.com\/no\/#\/schema\/logo\/image\/","url":"https:\/\/iwell-guard.com\/wp-content\/uploads\/2026\/05\/Ittermann-Logo-1182x237-1.png","contentUrl":"https:\/\/iwell-guard.com\/wp-content\/uploads\/2026\/05\/Ittermann-Logo-1182x237-1.png","width":1182,"height":237,"caption":"Ittermann electronic GmbH"},"image":{"@id":"https:\/\/iwell-guard.com\/no\/#\/schema\/logo\/image\/"},"sameAs":["https:\/\/pantip.com\/profile\/9367242","https:\/\/micro.blog\/iwellguard","https:\/\/www.diggerslist.com\/iwellguard\/about","https:\/\/skitterphoto.com\/photographers\/2870314\/iwell-guard","https:\/\/iwellguard.wordpress.com\/2026\/06\/06\/iwell-guard\/","https:\/\/hub.docker.com\/u\/iwellguard","https:\/\/www.pinterest.com\/iwellguard\/","https:\/\/bit.ly\/m\/iwellguard","https:\/\/entre-vos-mains.alsace.eu\/profiles\/iwellguard\/activity","https:\/\/gravatar.com\/reallybeded8fd34","https:\/\/naijamatta.com\/iwellguard","https:\/\/www.goodreads.com\/iwellguard","https:\/\/profile.hatena.ne.jp\/iwellguard\/","https:\/\/experiment.com\/users\/iwellguard","https:\/\/wakelet.com\/@iWellGuard82270","https:\/\/www.chordie.com\/forum\/profile.php?id=2555664","https:\/\/www.instapaper.com\/p\/17757966","https:\/\/www.mapleprimes.com\/users\/iwellguard","https:\/\/businesslistingplus.com\/profile\/iwell-guard\/","https:\/\/telegra.ph\/iWell-Guard-06-06","https:\/\/pbase.com\/iwellguard\/iwellguard","https:\/\/b.hatena.ne.jp\/iwellguard\/20260607#bookmark-4788405196491818882","https:\/\/fliphtml5.com\/home\/iwellguard","https:\/\/anyflip.com\/homepage\/cmiwl#About","https:\/\/transfur.com\/Users\/iwellguard","http:\/\/delphi.larsbo.org\/user\/iwellguard","https:\/\/jobs.lajobsportal.org\/profiles\/8380803-iwell-guard","https:\/\/md.chaosdorf.de\/s\/jfbe5SBdJD","https:\/\/www.lingvolive.com\/en-us\/profile\/9ecaeaca-ce11-4e51-9e71-01d55e2bff36\/translations","https:\/\/www.fitday.com\/fitness\/forums\/members\/iwellguard.html","https:\/\/www.mymeetbook.com\/iwellguard","https:\/\/pxhere.com\/en\/photographer-me\/5040798","https:\/\/disqus.com\/by\/iwellguard\/about\/","https:\/\/pastelink.net\/hjwciqwq","https:\/\/pubhtml5.com\/homepage\/scjhn\/","https:\/\/www.bitchute.com\/channel\/2O2eOKzNqujT","https:\/\/audiomack.com\/iwellguard"]},{"@type":"Person","@id":"https:\/\/iwell-guard.com\/no\/#\/schema\/person\/ee2a27f1cac3406c7c6fb5820cb7349f","name":"Ralf Ittermann","image":{"@type":"ImageObject","inLanguage":"nb-NO","@id":"https:\/\/secure.gravatar.com\/avatar\/073c0153e350a5005b68eb752b445fea71f6b24a26da9449ad7e155e6b446c9d?s=96&d=mm&r=g","url":"https:\/\/secure.gravatar.com\/avatar\/073c0153e350a5005b68eb752b445fea71f6b24a26da9449ad7e155e6b446c9d?s=96&d=mm&r=g","contentUrl":"https:\/\/secure.gravatar.com\/avatar\/073c0153e350a5005b68eb752b445fea71f6b24a26da9449ad7e155e6b446c9d?s=96&d=mm&r=g","caption":"Ralf Ittermann"},"givenName":"Ralf","familyName":"Ittermann","jobTitle":"Gesch\u00e4ftsf\u00fchrer und redaktioneller Verantwortlicher","url":"https:\/\/iwell-guard.com\/no\/author\/claude\/","description":"Ralf Ittermann ist Gesch\u00e4ftsf\u00fchrer der Ittermann electronic GmbH und redaktioneller Verantwortlicher des iWell-Guard-Lexikons. Er verbindet langj\u00e4hrige Erfahrung in der Pr\u00e4zisionsfertigung mit medialer Praxis und religionsgeschichtlicher Quellenarbeit.","worksFor":{"@type":"Organization","name":"Ittermann electronic GmbH","url":"https:\/\/ittermann.de\/","address":{"@type":"PostalAddress","streetAddress":"K\u00f6hlergasse 16-18","postalCode":"99842","addressLocality":"Ruhla","addressCountry":"DE"}},"knowsAbout":["Religionsgeschichte","Mythologie","Mediale Praxis","Energetische Diagnostik","Schutzpraxis","Volksglauben","Westliche Esoterik"]},{"@type":"Article","@id":"https:\/\/iwell-guard.com\/no\/viracocha-skapergud-andesfjellene\/#article","isPartOf":{"@id":"https:\/\/iwell-guard.com\/no\/viracocha-skapergud-andesfjellene\/"},"author":{"name":"Ralf Ittermann","@id":"https:\/\/iwell-guard.com\/no\/#\/schema\/person\/ee2a27f1cac3406c7c6fb5820cb7349f"},"headline":"Viracocha \u2013 skapergud i Andesfjellene","datePublished":"2026-09-03T09:17:01+00:00","dateModified":"2026-09-03T09:42:40+00:00","mainEntityOfPage":{"@id":"https:\/\/iwell-guard.com\/no\/viracocha-skapergud-andesfjellene\/"},"publisher":{"@id":"https:\/\/iwell-guard.com\/no\/#organization"},"image":{"@id":"https:\/\/iwell-guard.com\/no\/viracocha-skapergud-andesfjellene\/#primaryimage"},"thumbnailUrl":"https:\/\/iwell-guard.com\/wp-content\/uploads\/2026\/05\/goetter_anden-inka_viracocha.webp","inLanguage":"nb-NO","description":"Viracocha, skapergud i Andesfjellene, regnes i de tidlige kr\u00f8nikene som det h\u00f8yeste vesenet f\u00f8r Inti. Religionsvitenskapelig innf\u00f8ring med kult."}]}},"_links":{"self":[{"href":"https:\/\/iwell-guard.com\/no\/wp-json\/wp\/v2\/pages\/141136","targetHints":{"allow":["GET"]}}],"collection":[{"href":"https:\/\/iwell-guard.com\/no\/wp-json\/wp\/v2\/pages"}],"about":[{"href":"https:\/\/iwell-guard.com\/no\/wp-json\/wp\/v2\/types\/page"}],"author":[{"embeddable":true,"href":"https:\/\/iwell-guard.com\/no\/wp-json\/wp\/v2\/users\/3"}],"replies":[{"embeddable":true,"href":"https:\/\/iwell-guard.com\/no\/wp-json\/wp\/v2\/comments?post=141136"}],"version-history":[{"count":0,"href":"https:\/\/iwell-guard.com\/no\/wp-json\/wp\/v2\/pages\/141136\/revisions"}],"wp:featuredmedia":[{"embeddable":true,"href":"https:\/\/iwell-guard.com\/no\/wp-json\/wp\/v2\/media\/2684"}],"wp:attachment":[{"href":"https:\/\/iwell-guard.com\/no\/wp-json\/wp\/v2\/media?parent=141136"}],"wp:term":[{"taxonomy":"category","embeddable":true,"href":"https:\/\/iwell-guard.com\/no\/wp-json\/wp\/v2\/categories?post=141136"}],"curies":[{"name":"wp","href":"https:\/\/api.w.org\/{rel}","templated":true}]}}