{"id":141132,"date":"2026-09-03T09:16:59","date_gmt":"2026-09-03T09:16:59","guid":{"rendered":"https:\/\/iwell-guard.com\/?page_id=141132"},"modified":"2026-09-03T09:42:34","modified_gmt":"2026-09-03T09:42:34","slug":"inti-solguden-til-inkaene","status":"publish","type":"page","link":"https:\/\/iwell-guard.com\/no\/inti-solguden-til-inkaene\/","title":{"rendered":"Inti \u2013 solguden til inkaene"},"content":{"rendered":"\t\t<div data-elementor-type=\"wp-page\" data-elementor-id=\"141132\" class=\"elementor elementor-141132 elementor-2574 elementor-bc-flex-widget\" data-elementor-post-type=\"page\">\n\t\t\t\t<div class=\"elementor-element elementor-element-iwgw-inti-hero e-flex e-con-boxed e-con e-parent\" data-id=\"iwgw-inti-hero\" data-element_type=\"container\" data-e-type=\"container\" data-settings=\"{&quot;background_background&quot;:&quot;classic&quot;}\">\n\t\t\t\t\t<div class=\"e-con-inner\">\n\t\t<div class=\"elementor-element elementor-element-iwgw-inti-hl e-flex e-con-boxed e-con e-child\" data-id=\"iwgw-inti-hl\" data-element_type=\"container\" data-e-type=\"container\">\n\t\t\t\t\t<div class=\"e-con-inner\">\n\t\t<div class=\"elementor-element elementor-element-iwgw-inti-htxt e-con-full e-flex e-con e-child\" data-id=\"iwgw-inti-htxt\" data-element_type=\"container\" data-e-type=\"container\">\n\t\t\t\t<div class=\"elementor-element elementor-element-iwgw-inti-h1 elementor-widget elementor-widget-heading\" data-id=\"iwgw-inti-h1\" data-element_type=\"widget\" data-e-type=\"widget\" data-widget_type=\"heading.default\">\n\t\t\t\t\t<h1 class=\"elementor-heading-title elementor-size-default\">Inti, solguden til inkaene og stamfar til herskerdynastiet<\/h1>\t\t\t\t<\/div>\n\t\t\t\t<div class=\"elementor-element elementor-element-iwgw-inti-lead elementor-widget elementor-widget-text-editor\" data-id=\"iwgw-inti-lead\" data-element_type=\"widget\" data-e-type=\"widget\" data-widget_type=\"text-editor.default\">\n\t\t\t\t\t\t\t\t\t<p>Inti, solguden til inkaene, gjelder som far til herskerdynastiet og st\u00e5r i sentrum av den store solfesten Inti Raymi. Hans <span class=\"iwg-fachbegriff\" data-tooltip=\"Helheten av religi\u00f8se \u00e6resbevisninger for en gud eller hellig gestalt.\" tabindex=\"0\">kult<\/span> er en sentral del av andisk religionshistorie og ble offisielt hevet til statsreligion av inkariket.<\/p>\t\t\t\t\t\t\t\t<\/div>\n\t\t\t\t<\/div>\n\t\t<div class=\"elementor-element elementor-element-iwgw-inti-pillc e-con-full e-flex e-con e-child\" data-id=\"iwgw-inti-pillc\" data-element_type=\"container\" data-e-type=\"container\">\n\t\t\t\t<div class=\"elementor-element elementor-element-iwgw-inti-pills elementor-widget elementor-widget-html\" data-id=\"iwgw-inti-pills\" data-element_type=\"widget\" data-e-type=\"widget\" data-widget_type=\"html.default\">\n\t\t\t\t\t<div class=\"iwg-pill-row\"><span class=\"iwg-klasse-badge\" tabindex=\"0\" data-tooltip=\"Gud i tradisjonen Andesregionen \/ inka.\">Gud<\/span><a href=\"https:\/\/iwell-guard.com\/no\/?page_id=141123\" class=\"iwg-kultur-badge\" tabindex=\"0\" data-tooltip=\"Mytologi i tradisjonen Andesregionen \/ inka.\">Andesregionen \/ inka<\/a><span class=\"iwg-tradition-badge\" tabindex=\"0\" data-tooltip=\"H\u00f8ygudom.\">H\u00f8ygudom<\/span><\/div>\t\t\t\t<\/div>\n\t\t\t\t<\/div>\n\t\t<div class=\"elementor-element elementor-element-iwgw-inti-tocc e-con-full e-flex e-con e-child\" data-id=\"iwgw-inti-tocc\" data-element_type=\"container\" data-e-type=\"container\">\n\t\t\t\t<div class=\"elementor-element elementor-element-iwgw-inti-toc elementor-toc--minimized-on-tablet elementor-widget elementor-widget-table-of-contents\" data-id=\"iwgw-inti-toc\" data-element_type=\"widget\" data-e-type=\"widget\" data-settings=\"{&quot;headings_by_tags&quot;:[&quot;h2&quot;,&quot;h3&quot;],&quot;minimize_box&quot;:&quot;yes&quot;,&quot;marker_view&quot;:&quot;bullets&quot;,&quot;no_headings_message&quot;:&quot;Det ble ikke funnet noen overskrifter p\\u00e5 denne siden.&quot;,&quot;exclude_headings_by_selector&quot;:[],&quot;icon&quot;:{&quot;value&quot;:&quot;fas fa-circle&quot;,&quot;library&quot;:&quot;fa-solid&quot;,&quot;rendered_tag&quot;:&quot;&lt;svg class=\\&quot;e-font-icon-svg e-fas-circle\\&quot; viewBox=\\&quot;0 0 512 512\\&quot; xmlns=\\&quot;http:\\\/\\\/www.w3.org\\\/2000\\\/svg\\&quot;&gt;&lt;path d=\\&quot;M256 8C119 8 8 119 8 256s111 248 248 248 248-111 248-248S393 8 256 8z\\&quot;&gt;&lt;\\\/path&gt;&lt;\\\/svg&gt;&quot;},&quot;minimized_on&quot;:&quot;tablet&quot;,&quot;hierarchical_view&quot;:&quot;yes&quot;,&quot;min_height&quot;:{&quot;unit&quot;:&quot;px&quot;,&quot;size&quot;:&quot;&quot;,&quot;sizes&quot;:[]},&quot;min_height_tablet&quot;:{&quot;unit&quot;:&quot;px&quot;,&quot;size&quot;:&quot;&quot;,&quot;sizes&quot;:[]},&quot;min_height_mobile&quot;:{&quot;unit&quot;:&quot;px&quot;,&quot;size&quot;:&quot;&quot;,&quot;sizes&quot;:[]}}\" data-widget_type=\"table-of-contents.default\">\n\t\t\t\t\t\t\t\t\t<div class=\"elementor-toc__header\">\n\t\t\t\t\t\t<h2 class=\"elementor-toc__header-title\">\n\t\t\t\tInnholdsfortegnelse\t\t\t<\/h2>\n\t\t\t\t\t\t\t\t\t\t<div class=\"elementor-toc__toggle-button elementor-toc__toggle-button--expand\" role=\"button\" tabindex=\"0\" aria-controls=\"elementor-toc__iwgw-inti-toc\" aria-expanded=\"true\" aria-label=\"Open table of contents\"><svg aria-hidden=\"true\" class=\"e-font-icon-svg e-fas-chevron-down\" viewBox=\"0 0 448 512\" xmlns=\"http:\/\/www.w3.org\/2000\/svg\"><path d=\"M207.029 381.476L12.686 187.132c-9.373-9.373-9.373-24.569 0-33.941l22.667-22.667c9.357-9.357 24.522-9.375 33.901-.04L224 284.505l154.745-154.021c9.379-9.335 24.544-9.317 33.901.04l22.667 22.667c9.373 9.373 9.373 24.569 0 33.941L240.971 381.476c-9.373 9.372-24.569 9.372-33.942 0z\"><\/path><\/svg><\/div>\n\t\t\t\t<div class=\"elementor-toc__toggle-button elementor-toc__toggle-button--collapse\" role=\"button\" tabindex=\"0\" aria-controls=\"elementor-toc__iwgw-inti-toc\" aria-expanded=\"true\" aria-label=\"Close table of contents\"><svg aria-hidden=\"true\" class=\"e-font-icon-svg e-fas-chevron-up\" viewBox=\"0 0 448 512\" xmlns=\"http:\/\/www.w3.org\/2000\/svg\"><path d=\"M240.971 130.524l194.343 194.343c9.373 9.373 9.373 24.569 0 33.941l-22.667 22.667c-9.357 9.357-24.522 9.375-33.901.04L224 227.495 69.255 381.516c-9.379 9.335-24.544 9.317-33.901-.04l-22.667-22.667c-9.373-9.373-9.373-24.569 0-33.941L207.03 130.525c9.372-9.373 24.568-9.373 33.941-.001z\"><\/path><\/svg><\/div>\n\t\t\t\t\t<\/div>\n\t\t\t\t<div id=\"elementor-toc__iwgw-inti-toc\" class=\"elementor-toc__body\">\n\t\t\t<div class=\"elementor-toc__spinner-container\">\n\t\t\t\t<svg class=\"elementor-toc__spinner eicon-animation-spin e-font-icon-svg e-eicon-loading\" aria-hidden=\"true\" viewBox=\"0 0 1000 1000\" xmlns=\"http:\/\/www.w3.org\/2000\/svg\"><path d=\"M500 975V858C696 858 858 696 858 500S696 142 500 142 142 304 142 500H25C25 237 238 25 500 25S975 237 975 500 763 975 500 975Z\"><\/path><\/svg>\t\t\t<\/div>\n\t\t<\/div>\n\t\t\t\t\t\t<\/div>\n\t\t\t\t<\/div>\n\t\t\t\t\t<\/div>\n\t\t\t\t<\/div>\n\t\t<div class=\"elementor-element elementor-element-iwgw-inti-hr e-con-full e-flex e-con e-child\" data-id=\"iwgw-inti-hr\" data-element_type=\"container\" data-e-type=\"container\">\n\t\t\t\t<div class=\"elementor-element elementor-element-iwgw-inti-heroimg iwg-hero-image elementor-widget elementor-widget-image\" data-id=\"iwgw-inti-heroimg\" data-element_type=\"widget\" data-e-type=\"widget\" data-widget_type=\"image.default\">\n\t\t\t\t\t\t\t\t\t\t\t\t\t\t\t<img fetchpriority=\"high\" decoding=\"async\" width=\"683\" height=\"1024\" src=\"https:\/\/iwell-guard.com\/wp-content\/uploads\/2026\/05\/goetter_anden-inka_inti-683x1024.webp\" class=\"attachment-large size-large wp-image-2678\" alt=\"Inti \u2013 solguden til inkaene\" srcset=\"https:\/\/iwell-guard.com\/wp-content\/uploads\/2026\/05\/goetter_anden-inka_inti-683x1024.webp 683w, https:\/\/iwell-guard.com\/wp-content\/uploads\/2026\/05\/goetter_anden-inka_inti-200x300.webp 200w, https:\/\/iwell-guard.com\/wp-content\/uploads\/2026\/05\/goetter_anden-inka_inti-768x1152.webp 768w, https:\/\/iwell-guard.com\/wp-content\/uploads\/2026\/05\/goetter_anden-inka_inti.webp 1024w\" sizes=\"(max-width: 683px) 100vw, 683px\" \/>\t\t\t\t\t\t\t\t\t\t\t\t\t\t\t<\/div>\n\t\t\t\t<\/div>\n\t\t\t\t\t<\/div>\n\t\t\t\t<\/div>\n\t\t\t\t<section class=\"elementor-section elementor-top-section elementor-element elementor-element-sec-iwgcomp-inti elementor-section-boxed elementor-section-height-default elementor-section-height-default\" data-id=\"sec-iwgcomp-inti\" data-element_type=\"section\" data-e-type=\"section\">\n\t\t\t\t\t\t<div class=\"elementor-container elementor-column-gap-default\">\n\t\t\t\t\t<div class=\"elementor-column elementor-col-100 elementor-top-column elementor-element elementor-element-col-iwgcomp-inti\" data-id=\"col-iwgcomp-inti\" data-element_type=\"column\" data-e-type=\"column\">\n\t\t\t<div class=\"elementor-widget-wrap elementor-element-populated\">\n\t\t\t\t\t\t<div class=\"elementor-element elementor-element-iwgcomp-inti elementor-widget elementor-widget-text-editor\" data-id=\"iwgcomp-inti\" data-element_type=\"widget\" data-e-type=\"widget\" data-widget_type=\"text-editor.default\">\n\t\t\t\t\t\t\t\t\t<p>Inti er <strong>inkaenes solgud<\/strong> og st\u00e5r som en sentral gestalt i <span class=\"iwg-fachbegriff\" data-tooltip=\"Helheten av gudene i en religion eller kultur.\" tabindex=\"0\">pantheonet<\/span> til den andiske h\u00f8ykulturen.<\/p>\t\t\t\t\t\t\t\t<\/div>\n\t\t\t\t\t<\/div>\n\t\t<\/div>\n\t\t\t\t\t<\/div>\n\t\t<\/section>\n\t\t<div class=\"elementor-element elementor-element-iwgw-inti-s0 e-flex e-con-boxed e-con e-parent\" data-id=\"iwgw-inti-s0\" data-element_type=\"container\" data-e-type=\"container\">\n\t\t\t\t\t<div class=\"e-con-inner\">\n\t\t\t\t<div class=\"elementor-element elementor-element-iwgw-inti-s0h elementor-widget elementor-widget-heading\" data-id=\"iwgw-inti-s0h\" data-element_type=\"widget\" data-e-type=\"widget\" data-widget_type=\"heading.default\">\n\t\t\t\t\t<h2 class=\"elementor-heading-title elementor-size-default\">Plassering i det andiske pantheonet<\/h2>\t\t\t\t<\/div>\n\t\t<div class=\"elementor-element elementor-element-iwgw-inti-s0c e-con-full e-flex e-con e-child\" data-id=\"iwgw-inti-s0c\" data-element_type=\"container\" data-e-type=\"container\">\n\t\t\t\t<div class=\"elementor-element elementor-element-iwgw-inti-s0t elementor-widget elementor-widget-text-editor\" data-id=\"iwgw-inti-s0t\" data-element_type=\"widget\" data-e-type=\"widget\" data-widget_type=\"text-editor.default\">\n\t\t\t\t\t\t\t\t\t<p>Inti (quechua: <em>inti<\/em>, sol) utgj\u00f8r i det offisielle <span class=\"iwg-fachbegriff\" data-tooltip=\"Helheten av gudene i en religion eller kultur.\" tabindex=\"0\">pantheonet<\/span> til inkariket (Tawantinsuyu, ca. 1438\u20131533) en av de sentrale h\u00f8ygudommene og forekommer regelmessig i koloniale kr\u00f8niker sammen med skapergudens <a href=\"https:\/\/iwell-guard.com\/no\/?page_id=141136\">Viracocha<\/a> og m\u00e5negudinnen <a href=\"https:\/\/iwell-guard.com\/no\/?page_id=141135\">Mama Killa<\/a>.<\/p><p>Den peruanske kr\u00f8nikeskriveren Garcilaso de la Vega omtaler ham i sine <em>Comentarios Reales de los Incas<\/em> (1609) som det synlige ansiktet til det h\u00f8yeste vesenet, som legitimerte inkaherskerne og organiserte riket b\u00e5de \u00f8konomisk og kalendermessig.<\/p><p>Religionsvitenskapelig h\u00f8rer Inti til gruppen av dynastiske soltoerlogier, slik man kjenner dem i sammenlignbar form fra den gammelegyptiske Re-<span class=\"iwg-fachbegriff\" data-tooltip=\"Helheten av religi\u00f8se \u00e6resbevisninger for en gud eller hellig gestalt.\" tabindex=\"0\">kulten<\/span>, den japanske Amaterasu-<span class=\"iwg-fachbegriff\" data-tooltip=\"Helheten av religi\u00f8se \u00e6resbevisninger for en gud eller hellig gestalt.\" tabindex=\"0\">kulten<\/span> eller de vestasiatiske solkultene.<\/p><p>Mircea Eliade beskriver i sin <em>Geschichte der religi\u00f6sen Ideen<\/em> tendensen hos senere h\u00f8ykulturer til \u00e5 opph\u00f8ye en solgudom til garant for politisk orden; Inti passer inn i dette m\u00f8nsteret. Inkaherskerne bar titelen <em>Intip Churin<\/em> (Solens s\u00f8nn) og avledet derfra sitt universelle herskerkrav over det andiske h\u00f8ylandet og <a href=\"https:\/\/iwell-guard.com\/no\/?page_id=141123\">Andes-inka<\/a>-verdenen.<\/p><p>Det er verdt \u00e5 merke seg at Inti ikke hadde en tilsvarende fremtredende posisjon i de f\u00f8rinkaiske h\u00f8ykulturene i Andesregionen (Chav\u00edn, Moche, Tiwanaku, Wari). Det var f\u00f8rst den statsb\u00e6rende <span class=\"iwg-fachbegriff\" data-tooltip=\"Den vitenskapelige l\u00e6ren om gud og troen i en religion.\" tabindex=\"0\">teologien<\/span> til inkariket som satte ham i toppen av det synlige pantheonet.<\/p><p>Catherine Allen p\u00e5peker i <em>The Hold Life Has<\/em> (2002) at \u00e6ringen av jordmoren <a href=\"https:\/\/iwell-guard.com\/no\/?page_id=141134\">Pachamama<\/a> og de lokale fjell\u00e5ndene apu i mange samfunn fortsatt er praktisk viktigere enn Intis h\u00f8yere soltoerlogi, noe som tyder p\u00e5 at Inti prim\u00e6rt fungerte som en imperial <span class=\"iwg-fachbegriff\" data-tooltip=\"Et vesen som \u00e6res som gudommelig innenfor en religion.\" tabindex=\"0\">gudom<\/span>, mens den konkrete andiske hverdagsreligiositeten heller ble bestemt av jordmoren og de lokale fjellherrene.<\/p>\t\t\t\t\t\t\t\t<\/div>\n\t\t\t\t<\/div>\n\t\t\t\t\t<\/div>\n\t\t\t\t<\/div>\n\t\t<div class=\"elementor-element elementor-element-iwgw-inti-s1 e-flex e-con-boxed e-con e-parent\" data-id=\"iwgw-inti-s1\" data-element_type=\"container\" data-e-type=\"container\">\n\t\t\t\t\t<div class=\"e-con-inner\">\n\t\t\t\t<div class=\"elementor-element elementor-element-iwgw-inti-s1h elementor-widget elementor-widget-heading\" data-id=\"iwgw-inti-s1h\" data-element_type=\"widget\" data-e-type=\"widget\" data-widget_type=\"heading.default\">\n\t\t\t\t\t<h2 class=\"elementor-heading-title elementor-size-default\">Navn og etymologi<\/h2>\t\t\t\t<\/div>\n\t\t<div class=\"elementor-element elementor-element-iwgw-inti-s1c e-con-full e-flex e-con e-child\" data-id=\"iwgw-inti-s1c\" data-element_type=\"container\" data-e-type=\"container\">\n\t\t\t\t<div class=\"elementor-element elementor-element-iwgw-inti-s1t elementor-widget elementor-widget-text-editor\" data-id=\"iwgw-inti-s1t\" data-element_type=\"widget\" data-e-type=\"widget\" data-widget_type=\"text-editor.default\">\n\t\t\t\t\t\t\t\t\t<p>Navnet <em>Inti<\/em> er belagt siden de tidligste koloniale quechua-ordb\u00f8kene (Domingo de Santo Thomas 1560, Diego Gonzalez Holguin 1608) som en generisk betegnelse b\u00e5de for solen som himmellegeme og for den personifiserte <span class=\"iwg-fachbegriff\" data-tooltip=\"Et vesen som \u00e6res som gudommelig innenfor en religion.\" tabindex=\"0\">gudommen<\/span>.<\/p><p>Den doble betydningen, fysisk himmellegeme og gudommelig person, er typisk for andisk religi\u00f8s tenkning, der skillet mellom natur- og numin\u00f8s-niv\u00e5 er mindre skarpt trukket enn i europeiske teologier.<\/p><p>Inti forekommer i kildene under flere aspektnavn: <em>Apu Inti<\/em> (Herre Sol), <em>Churi Inti<\/em> (S\u00f8nn-Sol), <em>Wayna Inti<\/em> (Unge-Sol) og <em>Inti Illapa<\/em> (Torden-Sol) betegner hver sin fremtoningsform, som kr\u00f8nikeskriveren Juan de Betanzos i sin <em>Suma y narracion de los Incas<\/em> (1551) beskriver som tre personer i en triadisk soltoerlogi.<\/p><p>Denne triaden har f\u00e5tt religionsetnologer som Pierre Duviols til \u00e5 mane til forsiktighet: den kristne treenighetsl\u00e6ren til de spanske kr\u00f8nikeskriverne kan her ha overlagret en genuin urfolkslig mangfoldighet.<\/p><p>Det h\u00f8yeste festnavnet <em>Inti Raymi<\/em> er en quechua-danning av <em>inti<\/em> og <em>raymi<\/em> (fest, festforsamling). Det betegner solvendefesten i den s\u00f8rlige vinteren (juni) og har siden 1944 blitt satt opp \u00e5rlig i Cusco som en rekonstruert folklorefest, riktignok uten den historiske dyreofferpraksisen.<\/p><p>Festnavnet har dessuten etablert seg som betegnelse for en egen andisk tidsregning, der \u00e5r telles fra rikets mytiske begynnelse.<\/p>\t\t\t\t\t\t\t\t<\/div>\n\t\t\t\t<\/div>\n\t\t\t\t\t<\/div>\n\t\t\t\t<\/div>\n\t\t<div class=\"elementor-element elementor-element-iwgw-inti-s2 e-flex e-con-boxed e-con e-parent\" data-id=\"iwgw-inti-s2\" data-element_type=\"container\" data-e-type=\"container\">\n\t\t\t\t\t<div class=\"e-con-inner\">\n\t\t\t\t<div class=\"elementor-element elementor-element-iwgw-inti-s2h elementor-widget elementor-widget-heading\" data-id=\"iwgw-inti-s2h\" data-element_type=\"widget\" data-e-type=\"widget\" data-widget_type=\"heading.default\">\n\t\t\t\t\t<h2 class=\"elementor-heading-title elementor-size-default\">Beskrivelse og ikonografi<\/h2>\t\t\t\t<\/div>\n\t\t<div class=\"elementor-element elementor-element-iwgw-inti-s2c e-con-full e-flex e-con e-child\" data-id=\"iwgw-inti-s2c\" data-element_type=\"container\" data-e-type=\"container\">\n\t\t\t\t<div class=\"elementor-element elementor-element-iwgw-inti-s2t elementor-widget elementor-widget-text-editor\" data-id=\"iwgw-inti-s2t\" data-element_type=\"widget\" data-e-type=\"widget\" data-widget_type=\"text-editor.default\">\n\t\t\t\t\t\t\t\t\t<p>Den ikonografiske fremstillingen av Inti er bare fragmentarisk dokumentert i f\u00f8rspanske kilder, ettersom Inka-riket ikke hadde noen skriftlig billedtradisjon i egentlig forstand.<\/p><p>Hovedkilden er den koloniale sekund\u00e6roverleveringen samt den ber\u00f8mte gullplaten som skal ha st\u00e5tt i solguden tempel <em>Coricancha<\/em> i Cusco: en rund, str\u00e5lekranset skive med et antropomorft ansikt, den s\u00e5kalte <em>Punchao<\/em>. Dette <span class=\"iwg-fachbegriff\" data-tooltip=\"Billedlig fremstilling av en guddom som dyrkes i et tempel eller en helligdom.\" tabindex=\"0\">kultbildet<\/span> ble konfiskert av spanjolene ved erobringen av Vilcabamba i 1572 og fraktet til Spania, men har siden v\u00e6rt forsvunnet.<\/p><p>Garcilaso de la Vega beskriver Coricancha-<span class=\"iwg-fachbegriff\" data-tooltip=\"Et hellig sted viet til dyrkelsen av en guddom.\" tabindex=\"0\">helligdommen<\/span> som et innvendig rom fullstendig bekl\u00e6dt med gullplater. I midten stod Punchao, flankert av de mumifiserte kroppene til de avd\u00f8de inkaherskerne (<em>mallqui<\/em>), som ble ansett som en evig levende inkarnasjon av Intis stamtre.<\/p><p>De spanske kr\u00f8nikeskriverne Polo de Ondegardo og Cristobal de Albornoz bekrefter denne oppstillingen i sine inspeksjonsrapporter fra 1560-tallet. Inkaens hoffmenn bar p\u00e5 festdager gyldne str\u00e5lekroner som formmessig gjenspeilte Punchao.<\/p><p>P\u00e5 bevarte inkatekstiler, keros (drikkekar) og koloniale veggmalerier (blant annet fra skolen i Cusco) fremstilles Inti oftest som et gyllent ansikt med takkete str\u00e5ler, noen ganger med en krans av mais- eller quinoaaks.<\/p><p>I de \u00f8vre billedplanene i koloniale andesmalerier (f.eks. <em>Erkeengelen Mikaels triumf<\/em>, Cusque\u00f1a-skolen, 1600-tallet) overlapper Inti-ikonografien med kristne <span class=\"iwg-fachbegriff\" data-tooltip=\"I de abrahamittiske religionene et himmelsk sendebud fra Gud.\" tabindex=\"0\">engle<\/span>&#8211; og Sol Iustitiae-motiver, en ikonografisk synkretiseringsspor som kunsthistorikeren Teresa Gisbert har kartlagt systematisk i <em>Iconografia y mitos indigenas en el arte<\/em> (1980).<\/p>\t\t\t\t\t\t\t\t<\/div>\n\t\t\t\t<\/div>\n\t\t\t\t\t<\/div>\n\t\t\t\t<\/div>\n\t\t<div class=\"elementor-element elementor-element-iwgw-inti-s3 e-flex e-con-boxed e-con e-parent\" data-id=\"iwgw-inti-s3\" data-element_type=\"container\" data-e-type=\"container\">\n\t\t\t\t\t<div class=\"e-con-inner\">\n\t\t\t\t<div class=\"elementor-element elementor-element-iwgw-inti-s3h elementor-widget elementor-widget-heading\" data-id=\"iwgw-inti-s3h\" data-element_type=\"widget\" data-e-type=\"widget\" data-widget_type=\"heading.default\">\n\t\t\t\t\t<h2 class=\"elementor-heading-title elementor-size-default\">Mytologiske fortellinger<\/h2>\t\t\t\t<\/div>\n\t\t<div class=\"elementor-element elementor-element-iwgw-inti-s3c e-con-full e-flex e-con e-child\" data-id=\"iwgw-inti-s3c\" data-element_type=\"container\" data-e-type=\"container\">\n\t\t\t\t<div class=\"elementor-element elementor-element-iwgw-inti-s3t elementor-widget elementor-widget-text-editor\" data-id=\"iwgw-inti-s3t\" data-element_type=\"widget\" data-e-type=\"widget\" data-widget_type=\"text-editor.default\">\n\t\t\t\t\t\t\t\t\t<p>Den viktigste <span class=\"iwg-fachbegriff\" data-tooltip=\"En overlevert fortelling om guder, opphav og verdens orden.\" tabindex=\"0\">myten<\/span> om Inti er inka-opprinnelsesmyten fra Titicaca-sj\u00f8en, overlevert f\u00f8rst og fremst av Garcilaso de la Vega og Juan de Betanzos. If\u00f8lge denne stiger Inti opp fra Titicaca-sj\u00f8en etter en periode med verdensm\u00f8rke og sender ut sine barn <em>Manco Capac<\/em> og <em>Mama Ocllo<\/em> for \u00e5 l\u00e6re menneskene jordbruk, veving og religi\u00f8s orden.<\/p><p>P\u00e5 det stedet der Mancos gyldne stav trenger ned i jorden, skal byen Cusco grunnlegges, som senere ble hovedstaden i Tawantinsuyu.<\/p><p>I en parallell tradisjon, nedtegnet av Pedro Sarmiento de Gamboa i <em>Historia indica<\/em> (1572), fremst\u00e5r derimot Manco Capac og hans s\u00f8sken fra hulesystemet ved Pacaritambo n\u00e6r Cusco. Disse to opprinnelsestradisjonene ble allerede i inkatidens <span class=\"iwg-fachbegriff\" data-tooltip=\"Den vitenskapelige l\u00e6ren om Gud og om troen i en religion.\" tabindex=\"0\">teologi<\/span> forenet ved at Titicaca-hendelsen ble tolket som en kosmisk fase og Pacaritambo-hendelsen som en jordisk fase av samme sendingsoppdrag.<\/p><p>En annen mytetr\u00e5d knytter Inti til skapergud <a href=\"https:\/\/iwell-guard.com\/no\/?page_id=141136\">Viracocha<\/a>. If\u00f8lge Cristobal de Molina (<em>Relacion de las fabulas y ritos de los Incas<\/em>, 1575) skaper Viracocha solen, m\u00e5nen og stjernene ved Titicaca og befaler dem \u00e5 innta sine baner p\u00e5 himmelen.<\/p><p>Inti fremst\u00e5r her som et sekund\u00e6rt produkt av det h\u00f8yere skaperprinsippet. Dette kosmogoniske hierarkiet ble av enkelte inkaherskere, s\u00e6rlig <em>Pachacuti<\/em> (regjerte 1438, 1471), omtolket til fordel for en sterkere posisjon for Inti, noe som senere kom til \u00e5 prege statsteologien.<\/p><p>Mytologisk knyttet til Inti er videre hans s\u00f8ster og hustru <a href=\"https:\/\/iwell-guard.com\/no\/?page_id=141135\">Mama Killa<\/a> (m\u00e5nen) samt tordenguden <a href=\"https:\/\/iwell-guard.com\/no\/?page_id=141138\">Illapa<\/a>, som i enkelte kilder oppfattes som en aspekt av eller bror til Inti. M\u00e5neform\u00f8rkelser ble av inkaprester tolket som et angrep fra et kosmisk dyr p\u00e5 Mama Killa, noe man m\u00f8tte med larm og pilskudd.<\/p>\t\t\t\t\t\t\t\t<\/div>\n\t\t\t\t<\/div>\n\t\t\t\t\t<\/div>\n\t\t\t\t<\/div>\n\t\t<div class=\"elementor-element elementor-element-iwgw-inti-s4 e-flex e-con-boxed e-con e-parent\" data-id=\"iwgw-inti-s4\" data-element_type=\"container\" data-e-type=\"container\">\n\t\t\t\t\t<div class=\"e-con-inner\">\n\t\t\t\t<div class=\"elementor-element elementor-element-iwgw-inti-s4h elementor-widget elementor-widget-heading\" data-id=\"iwgw-inti-s4h\" data-element_type=\"widget\" data-e-type=\"widget\" data-widget_type=\"heading.default\">\n\t\t\t\t\t<h2 class=\"elementor-heading-title elementor-size-default\">Kult og tilbedelse i Tawantinsuyu<\/h2>\t\t\t\t<\/div>\n\t\t<div class=\"elementor-element elementor-element-iwgw-inti-s4c e-con-full e-flex e-con e-child\" data-id=\"iwgw-inti-s4c\" data-element_type=\"container\" data-e-type=\"container\">\n\t\t\t\t<div class=\"elementor-element elementor-element-iwgw-inti-s4t elementor-widget elementor-widget-text-editor\" data-id=\"iwgw-inti-s4t\" data-element_type=\"widget\" data-e-type=\"widget\" data-widget_type=\"text-editor.default\">\n\t\t\t\t\t\t\t\t\t<p>Den statlige Inti-<span class=\"iwg-fachbegriff\" data-tooltip=\"Summen av de religi\u00f8se \u00e6resbevisningene for en gudom eller hellig skikkelse.\" tabindex=\"0\">kulten<\/span> var sv\u00e6rt institusjonalisert i inkariket. I sentrum stod soltempelet <em>Coricancha<\/em> (quechua <em>quri kancha<\/em>, gyllen sone) i Cusco, hvis grunnmurer i dag utgj\u00f8r fundamentet for dominikanerklosteret Santo Domingo.<\/p><p>Her ble mumiene av inkaherskerne pleiet som levende forfedre, matet daglig og f\u00f8rt i prosesjon over hovedplassen <em>Huacaypata<\/em> p\u00e5 festdager.<\/p><p>Til <span class=\"iwg-fachbegriff\" data-tooltip=\"Et byggverk som brukes til tilbedelse av en eller flere gudommer.\" tabindex=\"0\">tempelet<\/span> var over 4 000 prester og <em>Acllacuna<\/em>, de utvalgte soljomfruene, knyttet.<\/p><p>De sistnevnte levde i lukkede kvinnehus (<em>acllahuasi<\/em>), vevde de fineste tekstiler (<em>cumbi<\/em>) for <span class=\"iwg-fachbegriff\" data-tooltip=\"Summen av de religi\u00f8se \u00e6resbevisningene for en gudom eller hellig skikkelse.\" tabindex=\"0\">kulten<\/span> og brygget den rituelle mais\u00f8llen <em>chicha<\/em>. De sparsomme restene av Acllahuasi i Cusco (i dag Santa Catalina) samt inka-innskriftene fra Choquequirao gir et inntrykk av den materielle dimensjonen ved dette kvinnepresteskapet.<\/p><p>H\u00f8ydepunktet i kult\u00e5ret var <em>Inti Raymi<\/em>, solvendefesten 21.\/24. juni. Inkaen selv offret lamaer og marsvin p\u00e5 hovedplassen i Cusco, hellet chicha fra en gullsk\u00e5l og rettet sin <span class=\"iwg-fachbegriff\" data-tooltip=\"Menneskets spr\u00e5klige henvendelse til en gudom.\" tabindex=\"0\">b\u00f8nn<\/span> mot den oppg\u00e5ende solen.<\/p><p>Polo de Ondegardo forteller om prosesjoner langs <em>ceque<\/em>-linjene, et radialt system av linjer som str\u00e5lte ut fra Coricancha, best\u00e5ende av 41 rette linjer og 328 s\u00e5kalte huaca-<span class=\"iwg-fachbegriff\" data-tooltip=\"Et hellig sted forbundet med tilbedelsen av en gudom.\" tabindex=\"0\">helligsteder<\/span>, som Tom Zuidema for f\u00f8rste gang systematisk rekonstruerte i <em>The Ceque System of Cuzco<\/em> (1964).<\/p><p>Foruten hovedkulten i Cusco fantes regionale soltempler blant annet i Vilcashuaman, Pachacamac (i synkretisme med den eldre orakelguden <a href=\"https:\/\/iwell-guard.com\/no\/?page_id=141137\">Pachakamak<\/a>), p\u00e5 <em>Isla del Sol<\/em> i Titicacasj\u00f8en samt i den nordperuanske provinsen Cajamarca.<\/p><p>Disse regionale helligstedene var forbundet med hverandre gjennom veinettet <em>Qhapaq Nan<\/em> og utgjorde et imperialt kommunikasjonsnettverk der sol-<span class=\"iwg-fachbegriff\" data-tooltip=\"Den vitenskapelige l\u00e6ren om Gud og troen i en religion.\" tabindex=\"0\">teologi<\/span> og administrativ kontroll var ul\u00f8selig sammenvevd.<\/p>\t\t\t\t\t\t\t\t<\/div>\n\t\t\t\t<\/div>\n\t\t\t\t\t<\/div>\n\t\t\t\t<\/div>\n\t\t<div class=\"elementor-element elementor-element-iwgw-inti-s5 e-flex e-con-boxed e-con e-parent\" data-id=\"iwgw-inti-s5\" data-element_type=\"container\" data-e-type=\"container\">\n\t\t\t\t\t<div class=\"e-con-inner\">\n\t\t\t\t<div class=\"elementor-element elementor-element-iwgw-inti-s5h elementor-widget elementor-widget-heading\" data-id=\"iwgw-inti-s5h\" data-element_type=\"widget\" data-e-type=\"widget\" data-widget_type=\"heading.default\">\n\t\t\t\t\t<h2 class=\"elementor-heading-title elementor-size-default\">Beskyttelsespraksis og apotropeiske trekk<\/h2>\t\t\t\t<\/div>\n\t\t<div class=\"elementor-element elementor-element-iwgw-inti-s5c e-con-full e-flex e-con e-child\" data-id=\"iwgw-inti-s5c\" data-element_type=\"container\" data-e-type=\"container\">\n\t\t\t\t<div class=\"elementor-element elementor-element-iwgw-inti-s5t elementor-widget elementor-widget-text-editor\" data-id=\"iwgw-inti-s5t\" data-element_type=\"widget\" data-e-type=\"widget\" data-widget_type=\"text-editor.default\">\n\t\t\t\t\t\t\t\t\t<p>Der Inti fungerte som en imperial h\u00f8ygud, fantes det samtidig en dagligdags solpraksis som delvis lever videre i dag i landsbyene i h\u00f8ylandet i Cusco- og Bolivia-regionen. Den kan ikke forst\u00e5s som moderne virkningsl\u00f8fter, men dokumenterer en bestemt religi\u00f8s oppfatningspraksis.<\/p><p>Catherine Allen (<em>The Hold Life Has<\/em>, 2002) beskriver for landsbyen Sonqo hvordan eldre kvinner om morgenen \u00e5pner d\u00f8ren mot \u00f8st og lar det f\u00f8rste sollyset stryke over hodet, ledsaget av en quechua-messing som ber Inti om <em>samay<\/em> (livs\u00e5nde).<\/p><p>I inkatidens praksis brukte prestene gyldne speil for \u00e5 fokusere sollyset og tenne det rituelle b\u00e5let ved Coricancha-<span class=\"iwg-fachbegriff\" data-tooltip=\"Opph\u00f8yet sted eller bord for offer og religi\u00f8se handlinger.\" tabindex=\"0\">alteret<\/span>. Cobo beretter om en tilsvarende innretning med polerte konkave speil.<\/p><p><span class=\"iwg-fachbegriff\" data-tooltip=\"Ondt avvergende: om tegn og gjenstander som skal holde skadelige krefter unna.\" tabindex=\"0\">Apotropeiske<\/span> mot nattens farer, s\u00e6rlig mot de skadelige \u00e5ndene som i <span class=\"iwg-fachbegriff\" data-tooltip=\"En overlevert fortelling om guder, opprinnelser og verdens orden.\" tabindex=\"0\">myten<\/span> kalles <em>supay<\/em> (se <a href=\"https:\/\/iwell-guard.com\/no\/?page_id=141139\">Supay<\/a>), var solamuletter av gullfolie, som ble b\u00e5ret som <em>chacana<\/em> eller som runde Punchao-kopier p\u00e5 brystet.<\/p><p>Religionsvitenskapelig sett er det viktig at disse praksisene ikke ble forst\u00e5tt som magisk beherskelse, men som <em>ayni<\/em>, et gjensidig forpliktelsesforhold. Den som hilser solen om morgenen, plasserer seg i det gjensidige nettverket som etter andinsk oppfatning binder sammen mennesker, forfedre, fjell og himmellegemer.<\/p><p>Religionsetnologen Frank Salomon har i <em>The Cord Keepers<\/em> (2004) vist hvordan denne gjensidige logikken strekker seg helt inn i moderne quechua-samfunn.<\/p>\t\t\t\t\t\t\t\t<\/div>\n\t\t\t\t<\/div>\n\t\t\t\t\t<\/div>\n\t\t\t\t<\/div>\n\t\t<div class=\"elementor-element elementor-element-iwgw-inti-s6 e-flex e-con-boxed e-con e-parent\" data-id=\"iwgw-inti-s6\" data-element_type=\"container\" data-e-type=\"container\">\n\t\t\t\t\t<div class=\"e-con-inner\">\n\t\t\t\t<div class=\"elementor-element elementor-element-iwgw-inti-s6h elementor-widget elementor-widget-heading\" data-id=\"iwgw-inti-s6h\" data-element_type=\"widget\" data-e-type=\"widget\" data-widget_type=\"heading.default\">\n\t\t\t\t\t<h2 class=\"elementor-heading-title elementor-size-default\">Paralleller i andre kulturer<\/h2>\t\t\t\t<\/div>\n\t\t<div class=\"elementor-element elementor-element-iwgw-inti-s6c e-con-full e-flex e-con e-child\" data-id=\"iwgw-inti-s6c\" data-element_type=\"container\" data-e-type=\"container\">\n\t\t\t\t<div class=\"elementor-element elementor-element-iwgw-inti-s6t elementor-widget elementor-widget-text-editor\" data-id=\"iwgw-inti-s6t\" data-element_type=\"widget\" data-e-type=\"widget\" data-widget_type=\"text-editor.default\">\n\t\t\t\t\t\t\t\t\t<p>Den vitenskapelig-komparative forskningen har siden Eduard Seler og Konrad Theodor Preuss gjentatte ganger utarbeidet paralleller mellom Inti og andre dynastiske soltteologier. S\u00e6rlig p\u00e5fallende er de strukturelle likhetene med den gammelegyptiske Re- eller Aton-<span class=\"iwg-fachbegriff\" data-tooltip=\"Summen av de religi\u00f8se \u00e6resbevisningene for en gudom eller hellig skikkelse.\" tabindex=\"0\">kulten<\/span>, den japanske Amaterasu-<span class=\"iwg-fachbegriff\" data-tooltip=\"Summen av de religi\u00f8se \u00e6resbevisningene for en gudom eller hellig skikkelse.\" tabindex=\"0\">kulten<\/span> til Yamato-dynastiet og den romerske <em>Sol Invictus<\/em>&#8211;<span class=\"iwg-fachbegriff\" data-tooltip=\"Den vitenskapelige l\u00e6ren om Gud og troen i en religion.\" tabindex=\"0\">teologien<\/span> fra 300-tallet.<\/p><p>I alle disse tilfellene fremst\u00e5r solen som garant for en herskerdynasti, som et kalendarisk sentralprinsipp og som et ikonografisk dominerende element i statskunsten. Den franske religionshistorikeren Henri Frankfort har i <em>Kingship and the Gods<\/em> (1948) beskrevet det strukturelle m\u00f8nsteret for et gudommelig konged\u00f8mme, der Inti, Re og Amaterasu inntar funksjonelt sammenlignbare posisjoner.<\/p><p>Det er imidlertid viktig \u00e5 merke seg at Frankforts m\u00f8nster ikke inneb\u00e6rer en genealogisk forbindelse mellom soltteologiene. Det handler om konvergente utviklinger under lignende sosialstrukturelle forhold i en jordbruksbasert h\u00f8ykultur.<\/p><p>Innenfor Amerika viser Inti klare paralleller til den aztekiske Huitzilopochtli og til Tonatiuh, solguden i Mesoamerika, uten at det kan p\u00e5vises noen direkte kontakt mellom kulturene f\u00f8r 1532. De andinske kulturkompleksene forble i stor grad isolerte. I det bredere amerikanske omr\u00e5det er den solare hovedfiguren mindre fremtredende: Hos de nordamerikanske lakotaene utgj\u00f8r <a href=\"https:\/\/iwell-guard.com\/no\/?page_id=141143\">Wakan Tanka<\/a> et mer omfattende, men mindre spesifikt solart h\u00f8yvesen.<\/p>\t\t\t\t\t\t\t\t<\/div>\n\t\t\t\t<\/div>\n\t\t\t\t\t<\/div>\n\t\t\t\t<\/div>\n\t\t<div class=\"elementor-element elementor-element-iwgw-inti-s7 e-flex e-con-boxed e-con e-parent\" data-id=\"iwgw-inti-s7\" data-element_type=\"container\" data-e-type=\"container\">\n\t\t\t\t\t<div class=\"e-con-inner\">\n\t\t\t\t<div class=\"elementor-element elementor-element-iwgw-inti-s7h elementor-widget elementor-widget-heading\" data-id=\"iwgw-inti-s7h\" data-element_type=\"widget\" data-e-type=\"widget\" data-widget_type=\"heading.default\">\n\t\t\t\t\t<h2 class=\"elementor-heading-title elementor-size-default\">Dagens mottakelse og forskning<\/h2>\t\t\t\t<\/div>\n\t\t<div class=\"elementor-element elementor-element-iwgw-inti-s7c e-con-full e-flex e-con e-child\" data-id=\"iwgw-inti-s7c\" data-element_type=\"container\" data-e-type=\"container\">\n\t\t\t\t<div class=\"elementor-element elementor-element-iwgw-inti-s7t elementor-widget elementor-widget-text-editor\" data-id=\"iwgw-inti-s7t\" data-element_type=\"widget\" data-e-type=\"widget\" data-widget_type=\"text-editor.default\">\n\t\t\t\t\t\t\t\t\t<p>Etter erobringen i 1532 ble den statlige Inti-<span class=\"iwg-fachbegriff\" data-tooltip=\"Summen av de religi\u00f8se dyrkelseshandlingene for en gud eller hellig gestalt.\" tabindex=\"0\">kulten<\/span> fra 1572 systematisk undertrykt av den spanske kolonialforvaltningen. Erkebiskop Bartolom\u00e9 Lobo Guerrero og hans visitator Francisco de \u00c1vila gjennomf\u00f8rte p\u00e5 1610- og 1620-tallet store <em>extirpaci\u00f3n de idolatr\u00edas<\/em>-kampanjer, som f\u00f8rte til at tusenvis av huaca-helligsteder ble \u00f8delagt.<\/p><p>Likevel overlevde solkulten i folkereligi\u00f8se former, blant annet i fjellprosesjonene til <em>Qoyllur Rit&#8217;i<\/em> ved Cusco, hvor den siste morgenisen fra breen (i dag kraftig tilbaketrukket p\u00e5 grunn av klimaendringer) forst\u00e5s som en manifestasjon av Inti.<\/p><p>Siden 1944 har festen <em>Inti Raymi<\/em> blitt oppf\u00f8rt \u00e5rlig 24. juni i Cusco, som en rekonstruert folkloristisk fest ved festningen Sacsayhuam\u00e1n.<\/p><p>Oppsetningen g\u00e5r tilbake til den peruanske forfatteren Faustino Espinoza Navarro og bygger f\u00f8rst og fremst p\u00e5 beskrivelsene til Garcilaso de la Vega. Den har en betydelig turistisk karakter, men er samtidig et forankringspunkt for en gjenoppdaget urfolksidentitet (<em>movimiento indigenista<\/em>).<\/p><p>I den akademiske forskningen st\u00e5r i dag ikke lenger den monolittiske Inti-<span class=\"iwg-fachbegriff\" data-tooltip=\"Summen av de religi\u00f8se dyrkelseshandlingene for en gud eller hellig gestalt.\" tabindex=\"0\">kulten<\/span>, men sp\u00f8rsm\u00e5let om lokal religi\u00f8sitet i forgrunnen.<\/p><p>Frank Salomon, Tom Zuidema, Catherine Allen, Sabine MacCormack (<em>Religion in the Andes<\/em>, 1991) og Brian Bauer (<em>The Sacred Landscape of the Inca<\/em>, 1998) har vist hvordan den statlige solkulten ble podet p\u00e5 et tett nettverk av lokale huaca-helligsteder og apu-fjelldyrkelse, og fortsatte \u00e5 virke i synkretistisk form etter 1532.<\/p><p>Aktuelle arkeoastronomiske studier av steinhelligdommer som Machu Picchu (Reinhard 2007, Ziegler 2015) forfiner stadig dette bildet.<\/p>\t\t\t\t\t\t\t\t<\/div>\n\t\t\t\t<\/div>\n\t\t\t\t\t<\/div>\n\t\t\t\t<\/div>\n\t\t<div class=\"elementor-element elementor-element-iwgw-inti-s8 e-flex e-con-boxed e-con e-parent\" data-id=\"iwgw-inti-s8\" data-element_type=\"container\" data-e-type=\"container\">\n\t\t\t\t\t<div class=\"e-con-inner\">\n\t\t\t\t<div class=\"elementor-element elementor-element-iwgw-inti-s8h elementor-widget elementor-widget-heading\" data-id=\"iwgw-inti-s8h\" data-element_type=\"widget\" data-e-type=\"widget\" data-widget_type=\"heading.default\">\n\t\t\t\t\t<h2 class=\"elementor-heading-title elementor-size-default\">Litteratur og kilder<\/h2>\t\t\t\t<\/div>\n\t\t<div class=\"elementor-element elementor-element-iwgw-inti-s8c e-con-full e-flex e-con e-child\" data-id=\"iwgw-inti-s8c\" data-element_type=\"container\" data-e-type=\"container\">\n\t\t\t\t<div class=\"elementor-element elementor-element-iwgw-inti-s8t elementor-widget elementor-widget-text-editor\" data-id=\"iwgw-inti-s8t\" data-element_type=\"widget\" data-e-type=\"widget\" data-widget_type=\"text-editor.default\">\n\t\t\t\t\t\t\t\t\t<p>F\u00f8lgende utvalg lister sentrale historiske kilder og moderne vitenskapelige unders\u00f8kelser om Inti-<span class=\"iwg-fachbegriff\" data-tooltip=\"Summen av de religi\u00f8se dyrkelseshandlingene for en gud eller hellig gestalt.\" tabindex=\"0\">kulten<\/span> i Inkariket. Utvalget spenner fra kolonitidens kr\u00f8niker fra 1500- og 1600-tallet til verker innen moderne andesetnologi og <span class=\"iwg-fachbegriff\" data-tooltip=\"Vitenskapen som utforsker tidligere kulturer gjennom materielle funn.\" tabindex=\"0\">arkeologi<\/span>.<\/p>\t\t\t\t\t\t\t\t<\/div>\n\t\t\t\t<\/div>\n\t\t\t\t\t<\/div>\n\t\t\t\t<\/div>\n\t\t<div class=\"elementor-element elementor-element-cp2e221a20 e-flex e-con-boxed e-con e-parent\" data-id=\"cp2e221a20\" data-element_type=\"container\" data-e-type=\"container\">\n\t\t\t\t\t<div class=\"e-con-inner\">\n\t\t\t\t<div class=\"elementor-element elementor-element-cp28758ced elementor-widget elementor-widget-heading\" data-id=\"cp28758ced\" data-element_type=\"widget\" data-e-type=\"widget\" data-widget_type=\"heading.default\">\n\t\t\t\t\t<h2 class=\"elementor-heading-title elementor-size-default\">Inti Raymi som statsfest i Inkariket<\/h2>\t\t\t\t<\/div>\n\t\t<div class=\"elementor-element elementor-element-cp264cc543 e-flex e-con-boxed e-con e-child\" data-id=\"cp264cc543\" data-element_type=\"container\" data-e-type=\"container\">\n\t\t\t\t\t<div class=\"e-con-inner\">\n\t\t\t\t<div class=\"elementor-element elementor-element-cp2c0825f5 elementor-widget elementor-widget-text-editor\" data-id=\"cp2c0825f5\" data-element_type=\"widget\" data-e-type=\"widget\" data-widget_type=\"text-editor.default\">\n\t\t\t\t\t\t\t\t\t<p>Den viktigste overleverte festen i solkulten var <em>Inti Raymi<\/em>, som ble holdt i Cusco p\u00e5 tiden for vintersolverv i juni.<\/p><p>Den er f\u00f8rst og fremst kjent gjennom beskrivelsen fra kr\u00f8nikeskriveren Crist\u00f3bal de Molina fra Cusco, som dokumenterte inkafestene p\u00e5 1570-tallet, samt gjennom opplysninger hos Garcilaso de la Vega og Bernab\u00e9 Cobo. Festen markerte begynnelsen p\u00e5 en ny \u00e5rssyklus og forbandt solen, landets fruktbarhet og inkaens herskerskap.<\/p><p>If\u00f8lge kr\u00f8nikene samlet adelen seg p\u00e5 det sentrale torget i Cusco. Det ble ofret lamaer, fremb\u00e5ret mais og mais\u00f8l, og solen ble hyllet i en <span class=\"iwg-fachbegriff\" data-tooltip=\"En h\u00f8ytidelig handling som f\u00f8lger fastsatte regler.\" tabindex=\"0\">seremoni<\/span> der inkaen som solens s\u00f8nn spilte en fremtredende rolle.<\/p><p>Festen tjente dermed b\u00e5de den religi\u00f8se dyrkelsen og bekreftelsen av den politiske ordenen. Den spanske kolonialforvaltningen forb\u00f8d festen p\u00e5 slutten av 1500-tallet som avgudsdyrkelse.<\/p><p>Dagens <em>Inti Raymi<\/em>, som har blitt oppf\u00f8rt \u00e5rlig i Cusco siden 1944, er ikke en ubrutt videref\u00f8ring, men en moderne rekonstruksjon. Den g\u00e5r tilbake til et initiativ fra forfatteren og indigenisten Faustino Espinoza Navarro og bygger f\u00f8rst og fremst p\u00e5 teksten til Garcilaso.<\/p><p>Forskningen plasserer den moderne festen innenfor den peruanske indigenismo-bevegelsen p\u00e5 1900-tallet, en bevegelse som fremhevet inkaarven som grunnlag for nasjonal identitet. Det er dermed et godt dokumentert eksempel p\u00e5 hvordan et f\u00f8rkolonialt <span class=\"iwg-fachbegriff\" data-tooltip=\"En regelmessig rekke av symbolske handlinger med religi\u00f8s eller kulturell betydning.\" tabindex=\"0\">ritual<\/span> ble skapt p\u00e5 nytt fra kr\u00f8niker og gjort til et element i moderne identitet, uten at det finnes en sammenhengende kultisk <span class=\"iwg-fachbegriff\" data-tooltip=\"Overf\u00f8ringen av kunnskap og fortellinger gjennom generasjoner.\" tabindex=\"0\">overlevering<\/span>.<\/p>\t\t\t\t\t\t\t\t<\/div>\n\t\t\t\t\t<\/div>\n\t\t\t\t<\/div>\n\t\t\t\t\t<\/div>\n\t\t\t\t<\/div>\n\t\t<div class=\"elementor-element elementor-element-cp220ba088 e-flex e-con-boxed e-con e-parent\" data-id=\"cp220ba088\" data-element_type=\"container\" data-e-type=\"container\">\n\t\t\t\t\t<div class=\"e-con-inner\">\n\t\t\t\t<div class=\"elementor-element elementor-element-cp2dc475fc elementor-widget elementor-widget-heading\" data-id=\"cp2dc475fc\" data-element_type=\"widget\" data-e-type=\"widget\" data-widget_type=\"heading.default\">\n\t\t\t\t\t<h2 class=\"elementor-heading-title elementor-size-default\">Coricancha og den materielle overleveringen av solkulten<\/h2>\t\t\t\t<\/div>\n\t\t<div class=\"elementor-element elementor-element-cp259331e8 e-flex e-con-boxed e-con e-child\" data-id=\"cp259331e8\" data-element_type=\"container\" data-e-type=\"container\">\n\t\t\t\t\t<div class=\"e-con-inner\">\n\t\t\t\t<div class=\"elementor-element elementor-element-cp2dcafdd8 elementor-widget elementor-widget-text-editor\" data-id=\"cp2dcafdd8\" data-element_type=\"widget\" data-e-type=\"widget\" data-widget_type=\"text-editor.default\">\n\t\t\t\t\t\t\t\t\t<p>Det sentrale <span class=\"iwg-fachbegriff\" data-tooltip=\"Et hellig sted viet dyrkelsen av en gud.\" tabindex=\"0\">helligstedet<\/span> for solguden var <em>Coricancha<\/em> i Cusco, hvis navn kan oversettes med gullg\u00e5rd eller gyllen innhegning. De spanske kildene beskriver det som rikt utsmykket med gull, med vegger som delvis skal ha v\u00e6rt dekket med gullplater.<\/p><p>Etter erobringen ble gullet smeltet om, og spanjolene bygde klosteret Santo Domingo p\u00e5 grunnmurene til helligstedet. Den massive inkasteinmuren er bevart til i dag og synlig i bybildet i Cusco.<\/p><p>For den vitenskapelige tolkningen er <em>Coricancha<\/em> betydningsfull fordi det utgj\u00f8r et sjeldent tilfelle der skriftlige kilder og bygningsrester kommer sammen. Den bevarte arkitekturen gir grunnlag for slutninger om romfordelingen, selv om den n\u00f8yaktige funksjonen til enkelte omr\u00e5der fortsatt er omdiskutert.<\/p><p>Blant annet diskuteres det hvorvidt <em>Coricancha<\/em> ikke bare huset solen, men ogs\u00e5 flere guddommer og de balsamerte kroppene til avd\u00f8de herskere.<\/p><p>Astronomen og antropologen R. T. Zuidema har i en rekke arbeider fremmet tesen om at det fra <em>Coricancha<\/em> gikk ut et system av tenkte linjer, de s\u00e5kalte <em>ceque<\/em>-linjene, som en mengde helligsteder i omgivelsene rundt Cusco l\u00e5 langs. Disse linjene skal ha hatt b\u00e5de rituelle og kalendariske funksjoner.<\/p><p>Tesen er innflytelsesrik, men ikke uomstridt, ettersom den i stor grad bygger p\u00e5 listen over helligsteder hos Bernab\u00e9 Cobo, og tolkningen av denne er omdiskutert. <em>Coricancha<\/em> forblir dermed et sentralt, men bare delvis utforsket referansepunkt for forst\u00e5elsen av solkulten.<\/p>\t\t\t\t\t\t\t\t<\/div>\n\t\t\t\t\t<\/div>\n\t\t\t\t<\/div>\n\t\t\t\t\t<\/div>\n\t\t\t\t<\/div>\n\t\t<div class=\"elementor-element elementor-element-iwgw-inti-lit e-flex e-con-boxed e-con e-parent\" data-id=\"iwgw-inti-lit\" data-element_type=\"container\" data-e-type=\"container\">\n\t\t\t\t\t<div class=\"e-con-inner\">\n\t\t\t\t<div class=\"elementor-element elementor-element-iwgw-inti-lith elementor-widget elementor-widget-heading\" data-id=\"iwgw-inti-lith\" data-element_type=\"widget\" data-e-type=\"widget\" data-widget_type=\"heading.default\">\n\t\t\t\t\t<h2 class=\"elementor-heading-title elementor-size-default\">Litteratur (utvalg)<\/h2>\t\t\t\t<\/div>\n\t\t<div class=\"elementor-element elementor-element-iwgw-inti-litc e-con-full e-flex e-con e-child\" data-id=\"iwgw-inti-litc\" data-element_type=\"container\" data-e-type=\"container\">\n\t\t\t\t<div class=\"elementor-element elementor-element-iwgw-inti-litt elementor-widget elementor-widget-text-editor\" data-id=\"iwgw-inti-litt\" data-element_type=\"widget\" data-e-type=\"widget\" data-widget_type=\"text-editor.default\">\n\t\t\t\t\t\t\t\t\t<ul><li>Garcilaso de la Vega: <em>Comentarios Reales de los Incas<\/em> (1609)<\/li><li>Bernabe Cobo: <em>Historia del Nuevo Mundo<\/em> (1653)<\/li><li>Catherine Allen: <em>The Hold Life Has<\/em> (2002)<\/li><li>Tom Zuidema: <em>The Ceque System of Cuzco<\/em> (1964)<\/li><li>Sabine MacCormack: <em>Religion in the Andes<\/em> (1991)<\/li><li>Brian Bauer: <em>The Sacred Landscape of the Inca<\/em> (1998)<\/li><li>Teresa Gisbert: <em>Iconografia y mitos indigenas en el arte<\/em> (1980)<\/li><\/ul>\t\t\t\t\t\t\t\t<\/div>\n\t\t\t\t<\/div>\n\t\t\t\t\t<\/div>\n\t\t\t\t<\/div>\n\t\t<div class=\"elementor-element elementor-element-iwgkw2-add-inti e-flex e-con-boxed e-con e-parent\" data-id=\"iwgkw2-add-inti\" data-element_type=\"container\" data-e-type=\"container\">\n\t\t\t\t\t<div class=\"e-con-inner\">\n\t\t\t\t<div class=\"elementor-element elementor-element-iwgkw2-add-inti-t elementor-widget elementor-widget-text-editor\" data-id=\"iwgkw2-add-inti-t\" data-element_type=\"widget\" data-e-type=\"widget\" data-widget_type=\"text-editor.default\">\n\t\t\t\t\t\t\t\t\t<p>Som <strong>stamfar<\/strong> for inkaherskerne legitimerte Inti den kongelige linjen fra Cusco og knyttet rikets politiske sentrum til en kosmisk avstamningsfortelling.<\/p>\t\t\t\t\t\t\t\t<\/div>\n\t\t\t\t\t<\/div>\n\t\t\t\t<\/div>\n\t\t<div class=\"elementor-element elementor-element-iwgw-inti-kwd e-flex e-con-boxed e-con e-parent\" data-id=\"iwgw-inti-kwd\" data-element_type=\"container\" data-e-type=\"container\">\n\t\t\t\t\t<div class=\"e-con-inner\">\n\t\t<div class=\"elementor-element elementor-element-iwgw-inti-kwdc e-con-full e-flex e-con e-child\" data-id=\"iwgw-inti-kwdc\" data-element_type=\"container\" data-e-type=\"container\">\n\t\t\t\t<div class=\"elementor-element elementor-element-iwgw-inti-kwdt elementor-widget elementor-widget-text-editor\" data-id=\"iwgw-inti-kwdt\" data-element_type=\"widget\" data-e-type=\"widget\" data-widget_type=\"text-editor.default\">\n\t\t\t\t\t\t\t\t\t<p><em>Relaterte n\u00f8kkelbegreper: Inti Quechua Capac Inti Raymi Cusco Coricancha Pachakuti Punchao Tawantinsuyu.<\/em><\/p>\t\t\t\t\t\t\t\t<\/div>\n\t\t\t\t<\/div>\n\t\t\t\t\t<\/div>\n\t\t\t\t<\/div>\n\t\t<div class=\"elementor-element elementor-element-iwgw-inti-cc e-flex e-con-boxed e-con e-parent\" data-id=\"iwgw-inti-cc\" data-element_type=\"container\" data-e-type=\"container\" id=\"iwg-cc-inti\">\n\t\t\t\t\t<div class=\"e-con-inner\">\n\t\t<div class=\"elementor-element elementor-element-iwgw-inti-ccinner e-flex e-con-boxed e-con e-parent\" data-id=\"iwgw-inti-ccinner\" data-element_type=\"container\" data-e-type=\"container\" data-settings=\"{&quot;background_background&quot;:&quot;classic&quot;}\">\n\t\t\t\t\t<div class=\"e-con-inner\">\n\t\t\t\t<div class=\"elementor-element elementor-element-iwgw-inti-cch elementor-widget elementor-widget-heading\" data-id=\"iwgw-inti-cch\" data-element_type=\"widget\" data-e-type=\"widget\" data-widget_type=\"heading.default\">\n\t\t\t\t\t<h2 class=\"elementor-heading-title elementor-size-default\">iWell Guard og beskyttelsestradisjoner<\/h2>\t\t\t\t<\/div>\n\t\t\t\t<div class=\"elementor-element elementor-element-iwgw-inti-cct elementor-widget elementor-widget-text-editor\" data-id=\"iwgw-inti-cct\" data-element_type=\"widget\" data-e-type=\"widget\" data-widget_type=\"text-editor.default\">\n\t\t\t\t\t\t\t\t\t<div data-nosnippet=\"true\"><p>iWell Guard bygger p\u00e5 den kulturhistoriske tradisjonen med b\u00e6rbare beskyttelsesobjekter, i tradisjonen fra <a href=\"https:\/\/iwell-guard.com\/no\/?page_id=141123\">Andesregionen \/ Inka<\/a> og mange andre kulturer verden over. 41 lag, ekte gull, platina, s\u00f8lv, fremstilt i Tyskland. 30 dagers returrett.<\/p><\/div>\t\t\t\t\t\t\t\t<\/div>\n\t\t\t\t<div class=\"elementor-element elementor-element-iwgw-inti-ccb iwg-cc-button iwg-cc-cta-2026-05-13 elementor-widget elementor-widget-jet-button\" data-id=\"iwgw-inti-ccb\" data-element_type=\"widget\" data-e-type=\"widget\" data-widget_type=\"jet-button.default\">\n\t\t\t\t<div class=\"elementor-widget-container\">\n\t\t\t\t\t<div class=\"elementor-jet-button jet-elements\"><div class=\"jet-button__container\"><a class=\"jet-button__instance jet-button__instance--icon-left hover-effect-1\" href=\"\/ueber-iwell-guard\/?utm_source=iwell-guard.com&amp;utm_medium=info-box&amp;utm_campaign=wesen-tradition\"><div class=\"jet-button__plane jet-button__plane-normal\"><\/div><div class=\"jet-button__plane jet-button__plane-hover\"><\/div><div class=\"jet-button__state jet-button__state-normal\"><span class=\"jet-button__label\">Mer om iWell Guard<\/span><\/div><div class=\"jet-button__state jet-button__state-hover\"><span class=\"jet-button__label\">Mer om iWell Guard<\/span><\/div><\/a><\/div><\/div><style>.elementor-element.elementor-element-iwgw-inti-ccb .jet-button__instance{width:320px;height:56px;}.elementor-element.elementor-element-iwgw-inti-ccb .jet-button__state-normal .jet-button__label{text-align:center;margin:0px 0px 0px 0px;color:#1a1b20;font-family:Montserrat,sans-serif;font-size:13px;font-weight:400;letter-spacing:4px;line-height:1.714em;text-transform:uppercase;}.elementor-element.elementor-element-iwgw-inti-ccb .jet-button__state-hover .jet-button__label{text-align:center;margin:0px 0px 0px 0px;color:#FECC76;font-family:Montserrat,sans-serif;font-size:13px;font-weight:400;letter-spacing:4px;line-height:1.714em;text-transform:uppercase;}.elementor-element.elementor-element-iwgw-inti-ccb .jet-button__plane-normal{background-color:#FECC76;border-style:solid;border-color:#C99540;border-width:2px 2px 2px 2px;}.elementor-element.elementor-element-iwgw-inti-ccb .jet-button__plane-hover{background-color:rgba(0,0,0,0.55);border-style:solid;border-color:#FECC76;border-width:2px 2px 2px 2px;}<\/style>\t\t\t\t<\/div>\n\t\t\t\t<\/div>\n\t\t\t\t<div class=\"elementor-element elementor-element-iwgw-inti-ccd elementor-widget elementor-widget-text-editor\" data-id=\"iwgw-inti-ccd\" data-element_type=\"widget\" data-e-type=\"widget\" data-widget_type=\"text-editor.default\">\n\t\t\t\t\t\t\t\t\t<div data-nosnippet=\"true\"><p style=\"text-align:center;font-size:13px;opacity:0.7;margin-top:14px\" data-nosnippet=\"true\">Personlige erfaringer kan variere. Ikke et medisinsk produkt. Ingen garanti for helbredelse.<\/p><\/div>\t\t\t\t\t\t\t\t<\/div>\n\t\t\t\t\t<\/div>\n\t\t\t\t<\/div>\n\t\t\t\t\t<\/div>\n\t\t\t\t<\/div>\n\t\t<div class=\"elementor-element elementor-element-iwgw-inti-disc e-flex e-con-boxed e-con e-parent\" data-id=\"iwgw-inti-disc\" data-element_type=\"container\" data-e-type=\"container\">\n\t\t\t\t\t<div class=\"e-con-inner\">\n\t\t\t\t<div class=\"elementor-element elementor-element-iwgw-inti-discw elementor-widget elementor-widget-html\" data-id=\"iwgw-inti-discw\" data-element_type=\"widget\" data-e-type=\"widget\" data-widget_type=\"html.default\">\n\t\t\t\t\t<footer data-nosnippet=\"true\" class=\"iwg-disclaimer-block\"><p data-nosnippet=\"true\">iWell Guard er <strong>ikke et medisinsk produkt<\/strong> og erstatter ingen medisinsk eller psykoterapeutisk behandling. Det religionsvitenskapelige innholdet er kulturhistorisk plassering, ikke en anbefaling om spirituell praksis.<\/p><\/footer>\t\t\t\t<\/div>\n\t\t\t\t\t<\/div>\n\t\t\t\t<\/div>\n\t\t\t\t<\/div>\n\t\t","protected":false},"excerpt":{"rendered":"","protected":false},"author":3,"featured_media":2678,"parent":0,"menu_order":0,"comment_status":"closed","ping_status":"closed","template":"elementor_header_footer","meta":{"_yoast_wpseo_focuskw":"Inti inka solgud","_yoast_wpseo_title":"Inti \u2013 inka-solgud og pantheon","_yoast_wpseo_metadesc":"Inti, solguden til inkaene, gjelder som far til herskerdynastiet og er midtpunktet i Inti Raymi, statskult sammen med Viracocha og Mama Killa.","_yoast_wpseo_meta-robots-noindex":"","_yoast_wpseo_canonical":"","_angie_page":false,"gefaehrdungsstufe":"2","wesen_kultur":"anden-inka","wesen_klasse":"goetter","footnotes":""},"categories":[],"class_list":["post-141132","page","type-page","status-publish","has-post-thumbnail","hentry"],"yoast_head":"<!-- This site is optimized with the Yoast SEO Premium plugin v27.7 (Yoast SEO v28.3) - https:\/\/yoast.com\/product\/yoast-seo-premium-wordpress\/ -->\n<title>Inti \u2013 inka-solgud og pantheon<\/title>\n<meta name=\"description\" content=\"Inti, solguden til inkaene, gjelder som far til herskerdynastiet og er midtpunktet i Inti Raymi, statskult sammen med Viracocha og Mama Killa.\" \/>\n<meta name=\"robots\" content=\"index, follow, max-snippet:-1, max-image-preview:large, max-video-preview:-1\" \/>\n<link rel=\"canonical\" href=\"https:\/\/iwell-guard.com\/no\/inti-solguden-til-inkaene\/\" \/>\n<meta property=\"og:locale\" content=\"nb_NO\" \/>\n<meta property=\"og:type\" content=\"article\" \/>\n<meta property=\"og:title\" content=\"Inti \u2013 solguden til inkaene\" \/>\n<meta property=\"og:description\" content=\"Inti, solguden til inkaene, gjelder som far til herskerdynastiet og er midtpunktet i Inti Raymi, statskult sammen med Viracocha og Mama Killa.\" \/>\n<meta property=\"og:url\" content=\"https:\/\/iwell-guard.com\/no\/inti-solguden-til-inkaene\/\" \/>\n<meta property=\"og:site_name\" content=\"iWell Guard\" \/>\n<meta property=\"article:modified_time\" content=\"2026-09-03T09:42:34+00:00\" \/>\n<meta property=\"og:image\" content=\"https:\/\/iwell-guard.com\/wp-content\/uploads\/2026\/05\/goetter_anden-inka_inti.webp\" \/>\n\t<meta property=\"og:image:width\" content=\"1024\" \/>\n\t<meta property=\"og:image:height\" content=\"1536\" \/>\n\t<meta property=\"og:image:type\" content=\"image\/webp\" \/>\n<meta name=\"twitter:card\" content=\"summary_large_image\" \/>\n<script type=\"application\/ld+json\" class=\"yoast-schema-graph\">{\"@context\":\"https:\\\/\\\/schema.org\",\"@graph\":[{\"@type\":\"WebPage\",\"@id\":\"https:\\\/\\\/iwell-guard.com\\\/no\\\/inti-solguden-til-inkaene\\\/\",\"url\":\"https:\\\/\\\/iwell-guard.com\\\/no\\\/inti-solguden-til-inkaene\\\/\",\"name\":\"Inti \u2013 inka-solgud og pantheon\",\"isPartOf\":{\"@id\":\"https:\\\/\\\/iwell-guard.com\\\/no\\\/#website\"},\"primaryImageOfPage\":{\"@id\":\"https:\\\/\\\/iwell-guard.com\\\/no\\\/inti-solguden-til-inkaene\\\/#primaryimage\"},\"image\":{\"@id\":\"https:\\\/\\\/iwell-guard.com\\\/no\\\/inti-solguden-til-inkaene\\\/#primaryimage\"},\"thumbnailUrl\":\"https:\\\/\\\/iwell-guard.com\\\/wp-content\\\/uploads\\\/2026\\\/05\\\/goetter_anden-inka_inti.webp\",\"datePublished\":\"2026-09-03T09:16:59+00:00\",\"dateModified\":\"2026-09-03T09:42:34+00:00\",\"description\":\"Inti, solguden til inkaene, gjelder som far til herskerdynastiet og er midtpunktet i Inti Raymi, statskult sammen med Viracocha og Mama Killa.\",\"breadcrumb\":{\"@id\":\"https:\\\/\\\/iwell-guard.com\\\/no\\\/inti-solguden-til-inkaene\\\/#breadcrumb\"},\"inLanguage\":\"nb-NO\",\"potentialAction\":[{\"@type\":\"ReadAction\",\"target\":[\"https:\\\/\\\/iwell-guard.com\\\/no\\\/inti-solguden-til-inkaene\\\/\"]}]},{\"@type\":\"ImageObject\",\"inLanguage\":\"nb-NO\",\"@id\":\"https:\\\/\\\/iwell-guard.com\\\/no\\\/inti-solguden-til-inkaene\\\/#primaryimage\",\"url\":\"https:\\\/\\\/iwell-guard.com\\\/wp-content\\\/uploads\\\/2026\\\/05\\\/goetter_anden-inka_inti.webp\",\"contentUrl\":\"https:\\\/\\\/iwell-guard.com\\\/wp-content\\\/uploads\\\/2026\\\/05\\\/goetter_anden-inka_inti.webp\",\"width\":1024,\"height\":1536,\"caption\":\"Guder fra andisk-inkaisk tradisjon.\"},{\"@type\":\"BreadcrumbList\",\"@id\":\"https:\\\/\\\/iwell-guard.com\\\/no\\\/inti-solguden-til-inkaene\\\/#breadcrumb\",\"itemListElement\":[{\"@type\":\"ListItem\",\"position\":1,\"name\":\"Start\",\"item\":\"https:\\\/\\\/iwell-guard.com\\\/no\\\/?page_id=140795\"},{\"@type\":\"ListItem\",\"position\":2,\"name\":\"Inti \u2013 solguden til inkaene\"}]},{\"@type\":\"WebSite\",\"@id\":\"https:\\\/\\\/iwell-guard.com\\\/no\\\/#website\",\"url\":\"https:\\\/\\\/iwell-guard.com\\\/no\\\/\",\"name\":\"iWell Guard\",\"description\":\"Schutz vor dunklen Einfl\u00fcssen\",\"publisher\":{\"@id\":\"https:\\\/\\\/iwell-guard.com\\\/no\\\/#organization\"},\"potentialAction\":[{\"@type\":\"SearchAction\",\"target\":{\"@type\":\"EntryPoint\",\"urlTemplate\":\"https:\\\/\\\/iwell-guard.com\\\/no\\\/?s={search_term_string}\"},\"query-input\":{\"@type\":\"PropertyValueSpecification\",\"valueRequired\":true,\"valueName\":\"search_term_string\"}}],\"inLanguage\":\"nb-NO\"},{\"@type\":\"Organization\",\"@id\":\"https:\\\/\\\/iwell-guard.com\\\/no\\\/#organization\",\"name\":\"Ittermann electronic GmbH\",\"url\":\"https:\\\/\\\/iwell-guard.com\\\/no\\\/\",\"logo\":{\"@type\":\"ImageObject\",\"inLanguage\":\"nb-NO\",\"@id\":\"https:\\\/\\\/iwell-guard.com\\\/no\\\/#\\\/schema\\\/logo\\\/image\\\/\",\"url\":\"https:\\\/\\\/iwell-guard.com\\\/wp-content\\\/uploads\\\/2026\\\/05\\\/Ittermann-Logo-1182x237-1.png\",\"contentUrl\":\"https:\\\/\\\/iwell-guard.com\\\/wp-content\\\/uploads\\\/2026\\\/05\\\/Ittermann-Logo-1182x237-1.png\",\"width\":1182,\"height\":237,\"caption\":\"Ittermann electronic GmbH\"},\"image\":{\"@id\":\"https:\\\/\\\/iwell-guard.com\\\/no\\\/#\\\/schema\\\/logo\\\/image\\\/\"},\"sameAs\":[\"https:\\\/\\\/pantip.com\\\/profile\\\/9367242\",\"https:\\\/\\\/micro.blog\\\/iwellguard\",\"https:\\\/\\\/www.diggerslist.com\\\/iwellguard\\\/about\",\"https:\\\/\\\/skitterphoto.com\\\/photographers\\\/2870314\\\/iwell-guard\",\"https:\\\/\\\/iwellguard.wordpress.com\\\/2026\\\/06\\\/06\\\/iwell-guard\\\/\",\"https:\\\/\\\/hub.docker.com\\\/u\\\/iwellguard\",\"https:\\\/\\\/www.pinterest.com\\\/iwellguard\\\/\",\"https:\\\/\\\/bit.ly\\\/m\\\/iwellguard\",\"https:\\\/\\\/entre-vos-mains.alsace.eu\\\/profiles\\\/iwellguard\\\/activity\",\"https:\\\/\\\/gravatar.com\\\/reallybeded8fd34\",\"https:\\\/\\\/naijamatta.com\\\/iwellguard\",\"https:\\\/\\\/www.goodreads.com\\\/iwellguard\",\"https:\\\/\\\/profile.hatena.ne.jp\\\/iwellguard\\\/\",\"https:\\\/\\\/experiment.com\\\/users\\\/iwellguard\",\"https:\\\/\\\/wakelet.com\\\/@iWellGuard82270\",\"https:\\\/\\\/www.chordie.com\\\/forum\\\/profile.php?id=2555664\",\"https:\\\/\\\/www.instapaper.com\\\/p\\\/17757966\",\"https:\\\/\\\/www.mapleprimes.com\\\/users\\\/iwellguard\",\"https:\\\/\\\/businesslistingplus.com\\\/profile\\\/iwell-guard\\\/\",\"https:\\\/\\\/telegra.ph\\\/iWell-Guard-06-06\",\"https:\\\/\\\/pbase.com\\\/iwellguard\\\/iwellguard\",\"https:\\\/\\\/b.hatena.ne.jp\\\/iwellguard\\\/20260607#bookmark-4788405196491818882\",\"https:\\\/\\\/fliphtml5.com\\\/home\\\/iwellguard\",\"https:\\\/\\\/anyflip.com\\\/homepage\\\/cmiwl#About\",\"https:\\\/\\\/transfur.com\\\/Users\\\/iwellguard\",\"http:\\\/\\\/delphi.larsbo.org\\\/user\\\/iwellguard\",\"https:\\\/\\\/jobs.lajobsportal.org\\\/profiles\\\/8380803-iwell-guard\",\"https:\\\/\\\/md.chaosdorf.de\\\/s\\\/jfbe5SBdJD\",\"https:\\\/\\\/www.lingvolive.com\\\/en-us\\\/profile\\\/9ecaeaca-ce11-4e51-9e71-01d55e2bff36\\\/translations\",\"https:\\\/\\\/www.fitday.com\\\/fitness\\\/forums\\\/members\\\/iwellguard.html\",\"https:\\\/\\\/www.mymeetbook.com\\\/iwellguard\",\"https:\\\/\\\/pxhere.com\\\/en\\\/photographer-me\\\/5040798\",\"https:\\\/\\\/disqus.com\\\/by\\\/iwellguard\\\/about\\\/\",\"https:\\\/\\\/pastelink.net\\\/hjwciqwq\",\"https:\\\/\\\/pubhtml5.com\\\/homepage\\\/scjhn\\\/\",\"https:\\\/\\\/www.bitchute.com\\\/channel\\\/2O2eOKzNqujT\",\"https:\\\/\\\/audiomack.com\\\/iwellguard\"]},{\"@type\":\"Article\",\"@id\":\"https:\\\/\\\/iwell-guard.com\\\/no\\\/inti-solguden-til-inkaene\\\/#article\",\"isPartOf\":{\"@id\":\"https:\\\/\\\/iwell-guard.com\\\/no\\\/inti-solguden-til-inkaene\\\/\"},\"author\":{\"name\":\"Ralf Ittermann\",\"@id\":\"https:\\\/\\\/iwell-guard.com\\\/no\\\/#\\\/schema\\\/person\\\/ee2a27f1cac3406c7c6fb5820cb7349f\"},\"headline\":\"Inti \u2013 solguden til inkaene\",\"datePublished\":\"2026-09-03T09:16:59+00:00\",\"dateModified\":\"2026-09-03T09:42:34+00:00\",\"mainEntityOfPage\":{\"@id\":\"https:\\\/\\\/iwell-guard.com\\\/no\\\/inti-solguden-til-inkaene\\\/\"},\"publisher\":{\"@id\":\"https:\\\/\\\/iwell-guard.com\\\/no\\\/#organization\"},\"image\":{\"@id\":\"https:\\\/\\\/iwell-guard.com\\\/no\\\/inti-solguden-til-inkaene\\\/#primaryimage\"},\"thumbnailUrl\":\"https:\\\/\\\/iwell-guard.com\\\/wp-content\\\/uploads\\\/2026\\\/05\\\/goetter_anden-inka_inti.webp\",\"inLanguage\":\"nb-NO\",\"description\":\"Inti, solguden til inkaene, gjelder som far til herskerdynastiet og er midtpunktet i Inti Raymi, statskult sammen med Viracocha og Mama Killa.\"}]}<\/script>\n<!-- \/ Yoast SEO Premium plugin. -->","yoast_head_json":{"title":"Inti \u2013 inka-solgud og pantheon","description":"Inti, solguden til inkaene, gjelder som far til herskerdynastiet og er midtpunktet i Inti Raymi, statskult sammen med Viracocha og Mama Killa.","robots":{"index":"index","follow":"follow","max-snippet":"max-snippet:-1","max-image-preview":"max-image-preview:large","max-video-preview":"max-video-preview:-1"},"canonical":"https:\/\/iwell-guard.com\/no\/inti-solguden-til-inkaene\/","og_locale":"nb_NO","og_type":"article","og_title":"Inti \u2013 solguden til inkaene","og_description":"Inti, solguden til inkaene, gjelder som far til herskerdynastiet og er midtpunktet i Inti Raymi, statskult sammen med Viracocha og Mama Killa.","og_url":"https:\/\/iwell-guard.com\/no\/inti-solguden-til-inkaene\/","og_site_name":"iWell Guard","article_modified_time":"2026-09-03T09:42:34+00:00","og_image":[{"width":1024,"height":1536,"url":"https:\/\/iwell-guard.com\/wp-content\/uploads\/2026\/05\/goetter_anden-inka_inti.webp","type":"image\/webp"}],"twitter_card":"summary_large_image","schema":{"@context":"https:\/\/schema.org","@graph":[{"@type":"Article","@id":"https:\/\/iwell-guard.com\/no\/inti-solguden-til-inkaene\/#article","isPartOf":{"@id":"https:\/\/iwell-guard.com\/no\/inti-solguden-til-inkaene\/"},"author":{"name":"Ralf Ittermann","@id":"https:\/\/iwell-guard.com\/no\/#\/schema\/person\/ee2a27f1cac3406c7c6fb5820cb7349f"},"headline":"Inti \u2013 solguden til inkaene","datePublished":"2026-09-03T09:16:59+00:00","dateModified":"2026-09-03T09:42:34+00:00","mainEntityOfPage":{"@id":"https:\/\/iwell-guard.com\/no\/inti-solguden-til-inkaene\/"},"publisher":{"@id":"https:\/\/iwell-guard.com\/no\/#organization"},"image":{"@id":"https:\/\/iwell-guard.com\/no\/inti-solguden-til-inkaene\/#primaryimage"},"thumbnailUrl":"https:\/\/iwell-guard.com\/wp-content\/uploads\/2026\/05\/goetter_anden-inka_inti.webp","inLanguage":"nb-NO","description":"Inti, solguden til inkaene, gjelder som far til herskerdynastiet og er midtpunktet i Inti Raymi, statskult sammen med Viracocha og Mama Killa."},{"@type":"WebPage","@id":"https:\/\/iwell-guard.com\/no\/inti-solguden-til-inkaene\/","url":"https:\/\/iwell-guard.com\/no\/inti-solguden-til-inkaene\/","name":"Inti \u2013 inka-solgud og pantheon","isPartOf":{"@id":"https:\/\/iwell-guard.com\/no\/#website"},"primaryImageOfPage":{"@id":"https:\/\/iwell-guard.com\/no\/inti-solguden-til-inkaene\/#primaryimage"},"image":{"@id":"https:\/\/iwell-guard.com\/no\/inti-solguden-til-inkaene\/#primaryimage"},"thumbnailUrl":"https:\/\/iwell-guard.com\/wp-content\/uploads\/2026\/05\/goetter_anden-inka_inti.webp","datePublished":"2026-09-03T09:16:59+00:00","dateModified":"2026-09-03T09:42:34+00:00","description":"Inti, solguden til inkaene, gjelder som far til herskerdynastiet og er midtpunktet i Inti Raymi, statskult sammen med Viracocha og Mama Killa.","breadcrumb":{"@id":"https:\/\/iwell-guard.com\/no\/inti-solguden-til-inkaene\/#breadcrumb"},"inLanguage":"nb-NO","potentialAction":[{"@type":"ReadAction","target":["https:\/\/iwell-guard.com\/no\/inti-solguden-til-inkaene\/"]}]},{"@type":"ImageObject","inLanguage":"nb-NO","@id":"https:\/\/iwell-guard.com\/no\/inti-solguden-til-inkaene\/#primaryimage","url":"https:\/\/iwell-guard.com\/wp-content\/uploads\/2026\/05\/goetter_anden-inka_inti.webp","contentUrl":"https:\/\/iwell-guard.com\/wp-content\/uploads\/2026\/05\/goetter_anden-inka_inti.webp","width":1024,"height":1536,"caption":"Guder fra andisk-inkaisk tradisjon."},{"@type":"BreadcrumbList","@id":"https:\/\/iwell-guard.com\/no\/inti-solguden-til-inkaene\/#breadcrumb","itemListElement":[{"@type":"ListItem","position":1,"name":"Start","item":"https:\/\/iwell-guard.com\/no\/?page_id=140795"},{"@type":"ListItem","position":2,"name":"Inti \u2013 solguden til inkaene"}]},{"@type":"WebSite","@id":"https:\/\/iwell-guard.com\/no\/#website","url":"https:\/\/iwell-guard.com\/no\/","name":"iWell Guard","description":"Schutz vor dunklen Einfl\u00fcssen","publisher":{"@id":"https:\/\/iwell-guard.com\/no\/#organization"},"potentialAction":[{"@type":"SearchAction","target":{"@type":"EntryPoint","urlTemplate":"https:\/\/iwell-guard.com\/no\/?s={search_term_string}"},"query-input":{"@type":"PropertyValueSpecification","valueRequired":true,"valueName":"search_term_string"}}],"inLanguage":"nb-NO"},{"@type":"Organization","@id":"https:\/\/iwell-guard.com\/no\/#organization","name":"Ittermann electronic GmbH","url":"https:\/\/iwell-guard.com\/no\/","logo":{"@type":"ImageObject","inLanguage":"nb-NO","@id":"https:\/\/iwell-guard.com\/no\/#\/schema\/logo\/image\/","url":"https:\/\/iwell-guard.com\/wp-content\/uploads\/2026\/05\/Ittermann-Logo-1182x237-1.png","contentUrl":"https:\/\/iwell-guard.com\/wp-content\/uploads\/2026\/05\/Ittermann-Logo-1182x237-1.png","width":1182,"height":237,"caption":"Ittermann electronic GmbH"},"image":{"@id":"https:\/\/iwell-guard.com\/no\/#\/schema\/logo\/image\/"},"sameAs":["https:\/\/pantip.com\/profile\/9367242","https:\/\/micro.blog\/iwellguard","https:\/\/www.diggerslist.com\/iwellguard\/about","https:\/\/skitterphoto.com\/photographers\/2870314\/iwell-guard","https:\/\/iwellguard.wordpress.com\/2026\/06\/06\/iwell-guard\/","https:\/\/hub.docker.com\/u\/iwellguard","https:\/\/www.pinterest.com\/iwellguard\/","https:\/\/bit.ly\/m\/iwellguard","https:\/\/entre-vos-mains.alsace.eu\/profiles\/iwellguard\/activity","https:\/\/gravatar.com\/reallybeded8fd34","https:\/\/naijamatta.com\/iwellguard","https:\/\/www.goodreads.com\/iwellguard","https:\/\/profile.hatena.ne.jp\/iwellguard\/","https:\/\/experiment.com\/users\/iwellguard","https:\/\/wakelet.com\/@iWellGuard82270","https:\/\/www.chordie.com\/forum\/profile.php?id=2555664","https:\/\/www.instapaper.com\/p\/17757966","https:\/\/www.mapleprimes.com\/users\/iwellguard","https:\/\/businesslistingplus.com\/profile\/iwell-guard\/","https:\/\/telegra.ph\/iWell-Guard-06-06","https:\/\/pbase.com\/iwellguard\/iwellguard","https:\/\/b.hatena.ne.jp\/iwellguard\/20260607#bookmark-4788405196491818882","https:\/\/fliphtml5.com\/home\/iwellguard","https:\/\/anyflip.com\/homepage\/cmiwl#About","https:\/\/transfur.com\/Users\/iwellguard","http:\/\/delphi.larsbo.org\/user\/iwellguard","https:\/\/jobs.lajobsportal.org\/profiles\/8380803-iwell-guard","https:\/\/md.chaosdorf.de\/s\/jfbe5SBdJD","https:\/\/www.lingvolive.com\/en-us\/profile\/9ecaeaca-ce11-4e51-9e71-01d55e2bff36\/translations","https:\/\/www.fitday.com\/fitness\/forums\/members\/iwellguard.html","https:\/\/www.mymeetbook.com\/iwellguard","https:\/\/pxhere.com\/en\/photographer-me\/5040798","https:\/\/disqus.com\/by\/iwellguard\/about\/","https:\/\/pastelink.net\/hjwciqwq","https:\/\/pubhtml5.com\/homepage\/scjhn\/","https:\/\/www.bitchute.com\/channel\/2O2eOKzNqujT","https:\/\/audiomack.com\/iwellguard"]},{"@type":"Person","@id":"https:\/\/iwell-guard.com\/no\/#\/schema\/person\/ee2a27f1cac3406c7c6fb5820cb7349f","name":"Ralf Ittermann","image":{"@type":"ImageObject","inLanguage":"nb-NO","@id":"https:\/\/secure.gravatar.com\/avatar\/073c0153e350a5005b68eb752b445fea71f6b24a26da9449ad7e155e6b446c9d?s=96&d=mm&r=g","url":"https:\/\/secure.gravatar.com\/avatar\/073c0153e350a5005b68eb752b445fea71f6b24a26da9449ad7e155e6b446c9d?s=96&d=mm&r=g","contentUrl":"https:\/\/secure.gravatar.com\/avatar\/073c0153e350a5005b68eb752b445fea71f6b24a26da9449ad7e155e6b446c9d?s=96&d=mm&r=g","caption":"Ralf Ittermann"},"givenName":"Ralf","familyName":"Ittermann","jobTitle":"Gesch\u00e4ftsf\u00fchrer und redaktioneller Verantwortlicher","url":"https:\/\/iwell-guard.com\/no\/author\/claude\/","description":"Ralf Ittermann ist Gesch\u00e4ftsf\u00fchrer der Ittermann electronic GmbH und redaktioneller Verantwortlicher des iWell-Guard-Lexikons. Er verbindet langj\u00e4hrige Erfahrung in der Pr\u00e4zisionsfertigung mit medialer Praxis und religionsgeschichtlicher Quellenarbeit.","worksFor":{"@type":"Organization","name":"Ittermann electronic GmbH","url":"https:\/\/ittermann.de\/","address":{"@type":"PostalAddress","streetAddress":"K\u00f6hlergasse 16-18","postalCode":"99842","addressLocality":"Ruhla","addressCountry":"DE"}},"knowsAbout":["Religionsgeschichte","Mythologie","Mediale Praxis","Energetische Diagnostik","Schutzpraxis","Volksglauben","Westliche Esoterik"]},{"@type":"Article","@id":"https:\/\/iwell-guard.com\/no\/inti-solguden-til-inkaene\/#article","isPartOf":{"@id":"https:\/\/iwell-guard.com\/no\/inti-solguden-til-inkaene\/"},"author":{"name":"Ralf Ittermann","@id":"https:\/\/iwell-guard.com\/no\/#\/schema\/person\/ee2a27f1cac3406c7c6fb5820cb7349f"},"headline":"Inti \u2013 solguden til inkaene","datePublished":"2026-09-03T09:16:59+00:00","dateModified":"2026-09-03T09:42:34+00:00","mainEntityOfPage":{"@id":"https:\/\/iwell-guard.com\/no\/inti-solguden-til-inkaene\/"},"publisher":{"@id":"https:\/\/iwell-guard.com\/no\/#organization"},"image":{"@id":"https:\/\/iwell-guard.com\/no\/inti-solguden-til-inkaene\/#primaryimage"},"thumbnailUrl":"https:\/\/iwell-guard.com\/wp-content\/uploads\/2026\/05\/goetter_anden-inka_inti.webp","inLanguage":"nb-NO","description":"Inti, solguden til inkaene, gjelder som far til herskerdynastiet og er midtpunktet i Inti Raymi, statskult sammen med Viracocha og Mama Killa."}]}},"_links":{"self":[{"href":"https:\/\/iwell-guard.com\/no\/wp-json\/wp\/v2\/pages\/141132","targetHints":{"allow":["GET"]}}],"collection":[{"href":"https:\/\/iwell-guard.com\/no\/wp-json\/wp\/v2\/pages"}],"about":[{"href":"https:\/\/iwell-guard.com\/no\/wp-json\/wp\/v2\/types\/page"}],"author":[{"embeddable":true,"href":"https:\/\/iwell-guard.com\/no\/wp-json\/wp\/v2\/users\/3"}],"replies":[{"embeddable":true,"href":"https:\/\/iwell-guard.com\/no\/wp-json\/wp\/v2\/comments?post=141132"}],"version-history":[{"count":0,"href":"https:\/\/iwell-guard.com\/no\/wp-json\/wp\/v2\/pages\/141132\/revisions"}],"wp:featuredmedia":[{"embeddable":true,"href":"https:\/\/iwell-guard.com\/no\/wp-json\/wp\/v2\/media\/2678"}],"wp:attachment":[{"href":"https:\/\/iwell-guard.com\/no\/wp-json\/wp\/v2\/media?parent=141132"}],"wp:term":[{"taxonomy":"category","embeddable":true,"href":"https:\/\/iwell-guard.com\/no\/wp-json\/wp\/v2\/categories?post=141132"}],"curies":[{"name":"wp","href":"https:\/\/api.w.org\/{rel}","templated":true}]}}