{"id":141115,"date":"2026-09-03T09:16:47","date_gmt":"2026-09-03T09:16:47","guid":{"rendered":"https:\/\/iwell-guard.com\/?page_id=141115"},"modified":"2026-09-03T09:42:02","modified_gmt":"2026-09-03T09:42:02","slug":"det-onde-oyet","status":"publish","type":"page","link":"https:\/\/iwell-guard.com\/no\/det-onde-oyet\/","title":{"rendered":"Det onde \u00f8yet"},"content":{"rendered":"\t\t<div data-elementor-type=\"wp-page\" data-elementor-id=\"141115\" class=\"elementor elementor-141115 elementor-2466 elementor-bc-flex-widget\" data-elementor-post-type=\"page\">\n\t\t\t\t<div class=\"elementor-element elementor-element-azboehero e-flex e-con-boxed e-con e-parent\" data-id=\"azboehero\" data-element_type=\"container\" data-e-type=\"container\" data-settings=\"{&quot;background_background&quot;:&quot;classic&quot;}\">\n\t\t\t\t\t<div class=\"e-con-inner\">\n\t\t<div class=\"elementor-element elementor-element-azboelft e-flex e-con-boxed e-con e-parent\" data-id=\"azboelft\" data-element_type=\"container\" data-e-type=\"container\">\n\t\t\t\t\t<div class=\"e-con-inner\">\n\t\t<div class=\"elementor-element elementor-element-azboeh1c e-con-full e-flex e-con e-parent\" data-id=\"azboeh1c\" data-element_type=\"container\" data-e-type=\"container\">\n\t\t\t\t<div class=\"elementor-element elementor-element-azboeh1 elementor-widget elementor-widget-heading\" data-id=\"azboeh1\" data-element_type=\"widget\" data-e-type=\"widget\" data-widget_type=\"heading.default\">\n\t\t\t\t\t<h1 class=\"elementor-heading-title elementor-size-default\">Det onde \u00f8yet som en misunnelig tro i ulike kulturer<\/h1>\t\t\t\t<\/div>\n\t\t\t\t<div class=\"elementor-element elementor-element-azboelead elementor-widget elementor-widget-text-editor\" data-id=\"azboelead\" data-element_type=\"widget\" data-e-type=\"widget\" data-widget_type=\"text-editor.default\">\n\t\t\t\t\t\t\t\t\t<p>Det onde \u00f8yet, p\u00e5 hebraisk ayin hara, p\u00e5 arabisk al-ayn, p\u00e5 tyrkisk nazar, p\u00e5 italiensk malocchio, er forestillingen om at et enkelt misunnelig blikk kan p\u00e5f\u00f8re et annet menneske skade. Troen er dokumentert i mer enn seksti kulturer og har frembrakt et rikt repertoar av beskyttelsesgjenstander.<\/p>\t\t\t\t\t\t\t\t<\/div>\n\t\t\t\t<\/div>\n\t\t<div class=\"elementor-element elementor-element-azboeplc e-con-full e-flex e-con e-parent\" data-id=\"azboeplc\" data-element_type=\"container\" data-e-type=\"container\">\n\t\t\t\t<div class=\"elementor-element elementor-element-azboepl elementor-widget elementor-widget-html\" data-id=\"azboepl\" data-element_type=\"widget\" data-e-type=\"widget\" data-widget_type=\"html.default\">\n\t\t\t\t\t<div class=\"iwg-pill-row\"><span class=\"iwg-klasse-badge\" tabindex=\"0\" data-tooltip=\"Skadetro: Forestillingen om at en person kan p\u00e5f\u00f8re andre skade gjennom blikk, ord eller handling. Antropologisk dokumentert i over seksti kulturer, med eget beskyttelsesrepertoar.\">Skadetro<\/span><span class=\"iwg-kultur-badge\" tabindex=\"0\" data-tooltip=\"Troen p\u00e5 det onde \u00f8yet er dokumentert globalt, med tyngdepunkt i Middelhavsomr\u00e5det, Midt\u00f8sten, S\u00f8r-Asia og Latin-Amerika. De eldste belegg g\u00e5r tilbake til det 3. \u00e5rtusen f.Kr.\">Middelhavsomr\u00e5det<\/span><\/div>\t\t\t\t<\/div>\n\t\t\t\t<\/div>\n\t\t<div class=\"elementor-element elementor-element-azboetoc e-con-full e-flex e-con e-parent\" data-id=\"azboetoc\" data-element_type=\"container\" data-e-type=\"container\">\n\t\t\t\t<div class=\"elementor-element elementor-element-azboet elementor-toc--minimized-on-tablet elementor-widget elementor-widget-table-of-contents\" data-id=\"azboet\" data-element_type=\"widget\" data-e-type=\"widget\" data-settings=\"{&quot;exclude_headings_by_selector&quot;:[],&quot;no_headings_message&quot;:&quot;Det ble ikke funnet noen overskrifter p\\u00e5 denne siden.&quot;,&quot;headings_by_tags&quot;:[&quot;h2&quot;,&quot;h3&quot;],&quot;marker_view&quot;:&quot;bullets&quot;,&quot;icon&quot;:{&quot;value&quot;:&quot;fas fa-circle&quot;,&quot;library&quot;:&quot;fa-solid&quot;,&quot;rendered_tag&quot;:&quot;&lt;svg class=\\&quot;e-font-icon-svg e-fas-circle\\&quot; viewBox=\\&quot;0 0 512 512\\&quot; xmlns=\\&quot;http:\\\/\\\/www.w3.org\\\/2000\\\/svg\\&quot;&gt;&lt;path d=\\&quot;M256 8C119 8 8 119 8 256s111 248 248 248 248-111 248-248S393 8 256 8z\\&quot;&gt;&lt;\\\/path&gt;&lt;\\\/svg&gt;&quot;},&quot;minimize_box&quot;:&quot;yes&quot;,&quot;minimized_on&quot;:&quot;tablet&quot;,&quot;hierarchical_view&quot;:&quot;yes&quot;,&quot;min_height&quot;:{&quot;unit&quot;:&quot;px&quot;,&quot;size&quot;:&quot;&quot;,&quot;sizes&quot;:[]},&quot;min_height_tablet&quot;:{&quot;unit&quot;:&quot;px&quot;,&quot;size&quot;:&quot;&quot;,&quot;sizes&quot;:[]},&quot;min_height_mobile&quot;:{&quot;unit&quot;:&quot;px&quot;,&quot;size&quot;:&quot;&quot;,&quot;sizes&quot;:[]}}\" data-widget_type=\"table-of-contents.default\">\n\t\t\t\t\t\t\t\t\t<div class=\"elementor-toc__header\">\n\t\t\t\t\t\t<h2 class=\"elementor-toc__header-title\">\n\t\t\t\tInnholdsfortegnelse\t\t\t<\/h2>\n\t\t\t\t\t\t\t\t\t\t<div class=\"elementor-toc__toggle-button elementor-toc__toggle-button--expand\" role=\"button\" tabindex=\"0\" aria-controls=\"elementor-toc__azboet\" aria-expanded=\"true\" aria-label=\"Open table of contents\"><svg aria-hidden=\"true\" class=\"e-font-icon-svg e-fas-chevron-down\" viewBox=\"0 0 448 512\" xmlns=\"http:\/\/www.w3.org\/2000\/svg\"><path d=\"M207.029 381.476L12.686 187.132c-9.373-9.373-9.373-24.569 0-33.941l22.667-22.667c9.357-9.357 24.522-9.375 33.901-.04L224 284.505l154.745-154.021c9.379-9.335 24.544-9.317 33.901.04l22.667 22.667c9.373 9.373 9.373 24.569 0 33.941L240.971 381.476c-9.373 9.372-24.569 9.372-33.942 0z\"><\/path><\/svg><\/div>\n\t\t\t\t<div class=\"elementor-toc__toggle-button elementor-toc__toggle-button--collapse\" role=\"button\" tabindex=\"0\" aria-controls=\"elementor-toc__azboet\" aria-expanded=\"true\" aria-label=\"Close table of contents\"><svg aria-hidden=\"true\" class=\"e-font-icon-svg e-fas-chevron-up\" viewBox=\"0 0 448 512\" xmlns=\"http:\/\/www.w3.org\/2000\/svg\"><path d=\"M240.971 130.524l194.343 194.343c9.373 9.373 9.373 24.569 0 33.941l-22.667 22.667c-9.357 9.357-24.522 9.375-33.901.04L224 227.495 69.255 381.516c-9.379 9.335-24.544 9.317-33.901-.04l-22.667-22.667c-9.373-9.373-9.373-24.569 0-33.941L207.03 130.525c9.372-9.373 24.568-9.373 33.941-.001z\"><\/path><\/svg><\/div>\n\t\t\t\t\t<\/div>\n\t\t\t\t<div id=\"elementor-toc__azboet\" class=\"elementor-toc__body\">\n\t\t\t<div class=\"elementor-toc__spinner-container\">\n\t\t\t\t<svg class=\"elementor-toc__spinner eicon-animation-spin e-font-icon-svg e-eicon-loading\" aria-hidden=\"true\" viewBox=\"0 0 1000 1000\" xmlns=\"http:\/\/www.w3.org\/2000\/svg\"><path d=\"M500 975V858C696 858 858 696 858 500S696 142 500 142 142 304 142 500H25C25 237 238 25 500 25S975 237 975 500 763 975 500 975Z\"><\/path><\/svg>\t\t\t<\/div>\n\t\t<\/div>\n\t\t\t\t\t\t<\/div>\n\t\t\t\t<\/div>\n\t\t\t\t\t<\/div>\n\t\t\t\t<\/div>\n\t\t<div class=\"elementor-element elementor-element-azboergt e-flex e-con-boxed e-con e-parent\" data-id=\"azboergt\" data-element_type=\"container\" data-e-type=\"container\" data-settings=\"{&quot;background_background&quot;:&quot;classic&quot;}\">\n\t\t\t\t\t<div class=\"e-con-inner\">\n\t\t\t\t<div class=\"elementor-element elementor-element-azboeimg iwg-hero-image elementor-widget elementor-widget-image\" data-id=\"azboeimg\" data-element_type=\"widget\" data-e-type=\"widget\" data-widget_type=\"image.default\">\n\t\t\t\t\t\t\t\t\t\t\t\t\t\t\t<img fetchpriority=\"high\" decoding=\"async\" width=\"683\" height=\"1024\" src=\"https:\/\/iwell-guard.com\/wp-content\/uploads\/2026\/05\/schutzsymbol_mediterran_boeser-blick-683x1024.webp\" class=\"attachment-large size-large wp-image-143085\" alt=\"Tre tradisjonelle tyrkiske nazar boncu\u011fu-beskyttelses\u00f8yne av bl\u00e5tt glass med konsentriske ringer mot m\u00f8rk bakgrunn\" srcset=\"https:\/\/iwell-guard.com\/wp-content\/uploads\/2026\/05\/schutzsymbol_mediterran_boeser-blick-683x1024.webp 683w, https:\/\/iwell-guard.com\/wp-content\/uploads\/2026\/05\/schutzsymbol_mediterran_boeser-blick-200x300.webp 200w, https:\/\/iwell-guard.com\/wp-content\/uploads\/2026\/05\/schutzsymbol_mediterran_boeser-blick-768x1152.webp 768w, https:\/\/iwell-guard.com\/wp-content\/uploads\/2026\/05\/schutzsymbol_mediterran_boeser-blick.webp 1024w\" sizes=\"(max-width: 683px) 100vw, 683px\" \/>\t\t\t\t\t\t\t\t\t\t\t\t\t\t\t<\/div>\n\t\t\t\t\t<\/div>\n\t\t\t\t<\/div>\n\t\t\t\t\t<\/div>\n\t\t\t\t<\/div>\n\t\t<div class=\"elementor-element elementor-element-azboes1 e-flex e-con-boxed e-con e-parent\" data-id=\"azboes1\" data-element_type=\"container\" data-e-type=\"container\">\n\t\t\t\t\t<div class=\"e-con-inner\">\n\t\t\t\t<div class=\"elementor-element elementor-element-azboes1h elementor-widget elementor-widget-heading\" data-id=\"azboes1h\" data-element_type=\"widget\" data-e-type=\"widget\" data-widget_type=\"heading.default\">\n\t\t\t\t\t<h2 class=\"elementor-heading-title elementor-size-default\">Hva det onde \u00f8yet er<\/h2>\t\t\t\t<\/div>\n\t\t<div class=\"elementor-element elementor-element-azboes1b e-con-full e-flex e-con e-parent\" data-id=\"azboes1b\" data-element_type=\"container\" data-e-type=\"container\">\n\t\t\t\t<div class=\"elementor-element elementor-element-azboes1t elementor-widget elementor-widget-text-editor\" data-id=\"azboes1t\" data-element_type=\"widget\" data-e-type=\"widget\" data-widget_type=\"text-editor.default\">\n\t\t\t\t\t\t\t\t\t<p>Det onde \u00f8yet er forestillingen om at et menneske kan p\u00e5f\u00f8re et annet menneske skade gjennom et enkelt, ofte misunnelig eller ondsinnet blikk. I de overleverte fortellingene spenner skaden fra sykdom og ulykke til d\u00f8d, fra en velt melkekrukke til et spedbarn som faktisk d\u00f8r.<\/p><p>Troen p\u00e5 det onde \u00f8yet er en av menneskehetens mest utbredte og samtidig eldste forestillinger om skade. Den amerikanske folkloristen Alan Dundes har dokumentert den i mer enn seksti kulturer, fra Irland til India, fra Marokko til Mexico, i et omfang som f\u00e5 andre folketro-forestillinger n\u00e5r opp til.<\/p><p>I kjernen ligger en forklaringsmodell for uspesifikk ulykke. N\u00e5r et barn plutselig blir sykt, en ku ikke lenger gir melk, eller et bryllup skjer under d\u00e5rlige forvarsler, s\u00f8ker folketradisjonen i mange kulturer ikke f\u00f8rst etter en naturlig \u00e5rsak, men etter en sosial.<\/p><p>Hvem har sett? Hvem har ber\u00f8mmet? Hvem var misunnelig? Ut fra denne spors\u00f8kingen utvikler det seg et helt kompleks av beskyttelsesgjenstander, avvergende gester og forebyggende praksiser.<\/p>\t\t\t\t\t\t\t\t<\/div>\n\t\t\t\t<\/div>\n\t\t\t\t\t<\/div>\n\t\t\t\t<\/div>\n\t\t<div class=\"elementor-element elementor-element-azboes2 e-flex e-con-boxed e-con e-parent\" data-id=\"azboes2\" data-element_type=\"container\" data-e-type=\"container\">\n\t\t\t\t\t<div class=\"e-con-inner\">\n\t\t\t\t<div class=\"elementor-element elementor-element-azboes2h elementor-widget elementor-widget-heading\" data-id=\"azboes2h\" data-element_type=\"widget\" data-e-type=\"widget\" data-widget_type=\"heading.default\">\n\t\t\t\t\t<h2 class=\"elementor-heading-title elementor-size-default\">Navn i de forskjellige kulturene<\/h2>\t\t\t\t<\/div>\n\t\t<div class=\"elementor-element elementor-element-azboes2b e-con-full e-flex e-con e-parent\" data-id=\"azboes2b\" data-element_type=\"container\" data-e-type=\"container\">\n\t\t\t\t<div class=\"elementor-element elementor-element-azboes2t elementor-widget elementor-widget-text-editor\" data-id=\"azboes2t\" data-element_type=\"widget\" data-e-type=\"widget\" data-widget_type=\"text-editor.default\">\n\t\t\t\t\t\t\t\t\t<p>I det hebraiske spr\u00e5komr\u00e5det kalles det onde \u00f8yet ayin hara, som enkelt oversatt betyr \u00abondt \u00f8ye\u00bb. I det arabiske omr\u00e5det er det al-ayn, ofte forkortelse for al-ayn al-hasud, det misunnelige \u00f8yet. I det tyrkiske og persiske spr\u00e5komr\u00e5det er det nazar eller nazar boncu\u011fu, ordrett \u00abblikk-perle\u00bb, et ord som betegner b\u00e5de troen og beskyttelsesgjenstanden.<\/p><p>I det greske kulturomr\u00e5det er det mati, p\u00e5 italiensk malocchio, p\u00e5 spansk mal de ojo, p\u00e5 rumensk deochi. I det s\u00f8rasiatiske omr\u00e5det er det drishti dosha i sanskrit-arven, nazar p\u00e5 hindi-urdu.<\/p><p>Dette spr\u00e5klige mangfoldet viser at det ikke er tale om \u00e9n enkelt tradisjon, men om en konvergent forestilling som har oppst\u00e5tt uavhengig eller gjennom utveksling i mange religioner og folkegrupper.<\/p>\t\t\t\t\t\t\t\t<\/div>\n\t\t\t\t<\/div>\n\t\t\t\t\t<\/div>\n\t\t\t\t<\/div>\n\t\t<div class=\"elementor-element elementor-element-azboes3 e-flex e-con-boxed e-con e-parent\" data-id=\"azboes3\" data-element_type=\"container\" data-e-type=\"container\">\n\t\t\t\t\t<div class=\"e-con-inner\">\n\t\t\t\t<div class=\"elementor-element elementor-element-azboes3h elementor-widget elementor-widget-heading\" data-id=\"azboes3h\" data-element_type=\"widget\" data-e-type=\"widget\" data-widget_type=\"heading.default\">\n\t\t\t\t\t<h2 class=\"elementor-heading-title elementor-size-default\">Tidlige belegg<\/h2>\t\t\t\t<\/div>\n\t\t<div class=\"elementor-element elementor-element-azboes3b e-con-full e-flex e-con e-parent\" data-id=\"azboes3b\" data-element_type=\"container\" data-e-type=\"container\">\n\t\t\t\t<div class=\"elementor-element elementor-element-azboes3t elementor-widget elementor-widget-text-editor\" data-id=\"azboes3t\" data-element_type=\"widget\" data-e-type=\"widget\" data-widget_type=\"text-editor.default\">\n\t\t\t\t\t\t\t\t\t<p>De eldste dokumenterte omtalene av det onde \u00f8yet g\u00e5r tilbake til det tredje \u00e5rtusen f\u00f8r v\u00e5r tidsregning. Fra det gamle Sumer og fra Akkad er det bevart besvergelsestekster som navngir det skadelige \u00f8yet og uttaler beskyttelsesformler mot det.<\/p><p>I det gamle Egypt er Horus-\u00f8yet wadjet en av de eldste beskyttelsessymbolene rettet mot et farlig \u00f8ye. Wadjet-amuletter av fajanse og halvedelstein finnes i graver og boplasser fra flere dynastier.<\/p><p>I den hebraiske Bibelen forekommer begrepet ayin hara flere ganger, blant annet i Ordspr\u00e5kene 23,6 og 28,22. I <span class=\"iwg-fachbegriff\" data-tooltip=\"Hovedverk i den rabbinske j\u00f8dedommen med tolkning av den religi\u00f8se overleveringen.\" tabindex=\"0\">Talmud<\/span> diskuteres det onde \u00f8yet utf\u00f8rlig i Bava Metzia 107b.<\/p><p>Rabbi Yochanan, en ledende skikkelse i den palestinske <span class=\"iwg-fachbegriff\" data-tooltip=\"Hovedverk i den rabbinske j\u00f8dedommen med tolkning av den religi\u00f8se overleveringen.\" tabindex=\"0\">Talmud<\/span>, sier der at av hundre d\u00f8de d\u00f8r nittini av det onde \u00f8yet og bare \u00e9n av naturlig \u00e5rsak, en p\u00e5stand som i senere tolkning forst\u00e5s som en retorisk overdrivelse, men som viser hvilken plass temaet har.<\/p><p>I Koranen finnes vern mot misunnelige vesener i sure 113 Al-Falaq og sure 114 An-Nas, begge beskyttelsessurer resiteres i islamsk dagligliv mot al-ayn.<\/p>\t\t\t\t\t\t\t\t<\/div>\n\t\t\t\t<\/div>\n\t\t\t\t\t<\/div>\n\t\t\t\t<\/div>\n\t\t<div class=\"elementor-element elementor-element-azboes4 e-flex e-con-boxed e-con e-parent\" data-id=\"azboes4\" data-element_type=\"container\" data-e-type=\"container\">\n\t\t\t\t\t<div class=\"e-con-inner\">\n\t\t\t\t<div class=\"elementor-element elementor-element-azboes4h elementor-widget elementor-widget-heading\" data-id=\"azboes4h\" data-element_type=\"widget\" data-e-type=\"widget\" data-widget_type=\"heading.default\">\n\t\t\t\t\t<h2 class=\"elementor-heading-title elementor-size-default\">Antikke skriftlige kilder<\/h2>\t\t\t\t<\/div>\n\t\t<div class=\"elementor-element elementor-element-azboes4b e-con-full e-flex e-con e-parent\" data-id=\"azboes4b\" data-element_type=\"container\" data-e-type=\"container\">\n\t\t\t\t<div class=\"elementor-element elementor-element-azboes4t elementor-widget elementor-widget-text-editor\" data-id=\"azboes4t\" data-element_type=\"widget\" data-e-type=\"widget\" data-widget_type=\"text-editor.default\">\n\t\t\t\t\t\t\t\t\t<p>I den gresk-romerske <span class=\"iwg-fachbegriff\" data-tooltip=\"Epoke i den greske og romerske kulturen, fra omtrent 800 f.Kr. til 600 e.Kr.\" tabindex=\"0\">antikken<\/span> beskriver Plinius den eldre i sitt verk Naturalis Historia og Plutark i sine Quaestiones Convivales det onde \u00f8yet som et fenomen man b\u00f8r ta p\u00e5 alvor.<\/p><p>Plutark vier det en hel avhandling, hvor han diskuterer teorier om hvordan et blikk kan virke fysisk, blant annet gjennom fine partikler som \u00f8yet skal sende ut. Disse antikke diskusjonene er kulturhistorisk viktige, fordi de viser at ogs\u00e5 l\u00e6rde iakttakere tok troen p\u00e5 alvor.<\/p>\t\t\t\t\t\t\t\t<\/div>\n\t\t\t\t<\/div>\n\t\t\t\t\t<\/div>\n\t\t\t\t<\/div>\n\t\t<div class=\"elementor-element elementor-element-azboes5 e-flex e-con-boxed e-con e-parent\" data-id=\"azboes5\" data-element_type=\"container\" data-e-type=\"container\">\n\t\t\t\t\t<div class=\"e-con-inner\">\n\t\t\t\t<div class=\"elementor-element elementor-element-azboes5h elementor-widget elementor-widget-heading\" data-id=\"azboes5h\" data-element_type=\"widget\" data-e-type=\"widget\" data-widget_type=\"heading.default\">\n\t\t\t\t\t<h2 class=\"elementor-heading-title elementor-size-default\">Middelalderen og folketro<\/h2>\t\t\t\t<\/div>\n\t\t<div class=\"elementor-element elementor-element-azboes5b e-con-full e-flex e-con e-parent\" data-id=\"azboes5b\" data-element_type=\"container\" data-e-type=\"container\">\n\t\t\t\t<div class=\"elementor-element elementor-element-azboes5t elementor-widget elementor-widget-text-editor\" data-id=\"azboes5t\" data-element_type=\"widget\" data-e-type=\"widget\" data-widget_type=\"text-editor.default\">\n\t\t\t\t\t\t\t\t\t<p>I middelalderens Europa ble det onde \u00f8yet en faktor i heksesaker. Kvinner som ble mistenkt for hekseri, ble ofte konfrontert med anklagen om \u00e5 ha for\u00e5rsaket skade gjennom blikket, enten det gjaldt husdyr, spedbarn eller menn.<\/p><p>I Heksehammeren fra 1486 diskuteres det onde \u00f8yet som bevismiddel. Denne forbindelsen mellom <span class=\"iwg-fachbegriff\" data-tooltip=\"Religi\u00f8se forestillinger og skikker som er utbredt i dagliglivet.\" tabindex=\"0\">folketro<\/span> og strafferett f\u00f8rte til mange domfellelser i tidlig nytid.<\/p><p>I den j\u00f8diske folketradisjonen utviklet det seg parallelt omfattende beskyttelsespraksiser, som \u00e5 legge til formelen \u00abbli ayin hara\u00bb, p\u00e5 norsk omtrent \u00abuten det onde \u00f8yet\u00bb, etter hver positiv uttalelse om et barn eller et forehavende.<\/p><p>I det arabiske omr\u00e5det ble det vanlig \u00e5 legge til \u00abmashallah\u00bb n\u00e5r man ber\u00f8mmet noe, noe som stiller lovprisningen under Guds beskyttelse og dermed skal verne mot hasud, den misunnelige iakttakeren.<\/p>\t\t\t\t\t\t\t\t<\/div>\n\t\t\t\t<\/div>\n\t\t\t\t\t<\/div>\n\t\t\t\t<\/div>\n\t\t<div class=\"elementor-element elementor-element-azboes6 e-flex e-con-boxed e-con e-parent\" data-id=\"azboes6\" data-element_type=\"container\" data-e-type=\"container\">\n\t\t\t\t\t<div class=\"e-con-inner\">\n\t\t\t\t<div class=\"elementor-element elementor-element-azboes6h elementor-widget elementor-widget-heading\" data-id=\"azboes6h\" data-element_type=\"widget\" data-e-type=\"widget\" data-widget_type=\"heading.default\">\n\t\t\t\t\t<h2 class=\"elementor-heading-title elementor-size-default\">Beskyttelsesgjenstander mot det onde \u00f8yet<\/h2>\t\t\t\t<\/div>\n\t\t<div class=\"elementor-element elementor-element-azboes6b e-con-full e-flex e-con e-parent\" data-id=\"azboes6b\" data-element_type=\"container\" data-e-type=\"container\">\n\t\t\t\t<div class=\"elementor-element elementor-element-azboes6t elementor-widget elementor-widget-text-editor\" data-id=\"azboes6t\" data-element_type=\"widget\" data-e-type=\"widget\" data-widget_type=\"text-editor.default\">\n\t\t\t\t\t\t\t\t\t<p>Mot det onde \u00f8yet har det gjennom \u00e5rtusener utviklet seg en hel rekke beskyttelsesobjekter. Det mest kjente i dag er nazar boncu\u011fu, det tyrkiske bl\u00e5 \u00f8yet av glass, med konsentriske sirkler i bl\u00e5tt, hvitt og svart.<\/p><p>Det gjelder som selve bildet av det onde \u00f8yet, som gjennom speiling sender skaden tilbake. I det greske kulturomr\u00e5det kalles det mati, ofte som et lite bl\u00e5tt \u00f8ye p\u00e5 en kjede eller et armband.<\/p><p>Den <a href=\"https:\/\/iwell-guard.com\/no\/?page_id=141114\" data-tooltip=\"Beskyttelsesh\u00e5nd med fem fingre, j\u00f8disk-arabisk beskyttelsessymbol, samme beskyttelsesfamilie.\">Hamsa<\/a>, Fatimas h\u00e5nd eller Chamsa, h\u00f8rer til samme beskyttelsesfamilie. Den fremstilles ofte med et \u00f8ye i midten, noe som dobler beskyttelsesvirkningen. I tillegg finnes regionalt spesifikke objekter som det italienske cornicello, et vridd lite horn av korall eller gull, som b\u00e6res i S\u00f8r-Italia mot malocchio.<\/p><p>I j\u00f8disk folketradisjon kommer r\u00f8de tr\u00e5der i tillegg, som b\u00e6res p\u00e5 h\u00e5ndleddet eller festes p\u00e5 babyvogner. I S\u00f8r-Asia er det svarte prikker av kull som m\u00f8dre maler p\u00e5 pannen til babyen sin, sm\u00e5 bevisste vansirninger som skal fjerne grunnen for misunnelse fra betrakterens \u00f8ye.<\/p>\t\t\t\t\t\t\t\t<\/div>\n\t\t\t\t<\/div>\n\t\t\t\t\t<\/div>\n\t\t\t\t<\/div>\n\t\t<div class=\"elementor-element elementor-element-azboes7 e-flex e-con-boxed e-con e-parent\" data-id=\"azboes7\" data-element_type=\"container\" data-e-type=\"container\">\n\t\t\t\t\t<div class=\"e-con-inner\">\n\t\t\t\t<div class=\"elementor-element elementor-element-azboes7h elementor-widget elementor-widget-heading\" data-id=\"azboes7h\" data-element_type=\"widget\" data-e-type=\"widget\" data-widget_type=\"heading.default\">\n\t\t\t\t\t<h2 class=\"elementor-heading-title elementor-size-default\">Ikonografi av beskyttelses\u00f8yet<\/h2>\t\t\t\t<\/div>\n\t\t<div class=\"elementor-element elementor-element-azboes7b e-con-full e-flex e-con e-parent\" data-id=\"azboes7b\" data-element_type=\"container\" data-e-type=\"container\">\n\t\t\t\t<div class=\"elementor-element elementor-element-azboes7t elementor-widget elementor-widget-text-editor\" data-id=\"azboes7t\" data-element_type=\"widget\" data-e-type=\"widget\" data-widget_type=\"text-editor.default\">\n\t\t\t\t\t\t\t\t\t<p>Nazar boncu\u011fu har sitt eget billedspr\u00e5k. De konsentriske sirklene i bl\u00e5tt, lysebl\u00e5tt, hvitt og en svart prikk i sentrum danner et \u00f8ye som speiler betrakteren tilbake.<\/p><p>Glassbl\u00e5serverksteder i den tyrkiske byen \u0130zmir og i innlandet har finslipt formen gjennom \u00e5rhundrer. Lignende \u00f8yeobjekter finnes i det persiske, greske og armenske omr\u00e5det, alle deler grunntanken om et apotropeisk speil.<\/p><p>I moderne smykkedesign har \u00f8yet utviklet seg til et universelt <span class=\"iwg-fachbegriff\" data-tooltip=\"Et gjentakende innholdselement i kunst eller fortelling.\" tabindex=\"0\">motiv<\/span> som dukker opp i kolleksjoner fra Amerika til Australia, ofte uten at b\u00e6rerne kjenner den opprinnelige troens bakgrunn.<\/p>\t\t\t\t\t\t\t\t<\/div>\n\t\t\t\t<\/div>\n\t\t\t\t\t<\/div>\n\t\t\t\t<\/div>\n\t\t<div class=\"elementor-element elementor-element-azboes8 e-flex e-con-boxed e-con e-parent\" data-id=\"azboes8\" data-element_type=\"container\" data-e-type=\"container\">\n\t\t\t\t\t<div class=\"e-con-inner\">\n\t\t\t\t<div class=\"elementor-element elementor-element-azboes8h elementor-widget elementor-widget-heading\" data-id=\"azboes8h\" data-element_type=\"widget\" data-e-type=\"widget\" data-widget_type=\"heading.default\">\n\t\t\t\t\t<h2 class=\"elementor-heading-title elementor-size-default\">Avvergende gester<\/h2>\t\t\t\t<\/div>\n\t\t<div class=\"elementor-element elementor-element-azboes8b e-con-full e-flex e-con e-parent\" data-id=\"azboes8b\" data-element_type=\"container\" data-e-type=\"container\">\n\t\t\t\t<div class=\"elementor-element elementor-element-azboes8t elementor-widget elementor-widget-text-editor\" data-id=\"azboes8t\" data-element_type=\"widget\" data-e-type=\"widget\" data-widget_type=\"text-editor.default\">\n\t\t\t\t\t\t\t\t\t<p>I tillegg til objekter kjenner mange kulturer avvergende gester. I det s\u00f8reuropeiske omr\u00e5det er mano fica en knyttet h\u00e5nd med tommelen stukket mellom pekefinger og langfinger, i S\u00f8r-Italia ogs\u00e5 kalt mano cornuta med utstrakt pekefinger og lillefinger og b\u00f8yde langfingre.<\/p><p>Begge gestene gjelder som beskyttelsesformler. I j\u00f8diske og islamske tradisjoner er det \u00e5 spytte, ofte tre ganger som symbolsk antydning, en avvergende handling etter en u\u00f8nsket lovprisning. Salt p\u00e5 d\u00f8rstokken h\u00f8rer til beskyttelsesgester b\u00e5de i Middelhavsomr\u00e5det og i Nord-Europa.<\/p>\t\t\t\t\t\t\t\t<\/div>\n\t\t\t\t<\/div>\n\t\t\t\t\t<\/div>\n\t\t\t\t<\/div>\n\t\t<div class=\"elementor-element elementor-element-azboes9 e-flex e-con-boxed e-con e-parent\" data-id=\"azboes9\" data-element_type=\"container\" data-e-type=\"container\">\n\t\t\t\t\t<div class=\"e-con-inner\">\n\t\t\t\t<div class=\"elementor-element elementor-element-azboes9h elementor-widget elementor-widget-heading\" data-id=\"azboes9h\" data-element_type=\"widget\" data-e-type=\"widget\" data-widget_type=\"heading.default\">\n\t\t\t\t\t<h2 class=\"elementor-heading-title elementor-size-default\">Religionsvitenskapelig plassering<\/h2>\t\t\t\t<\/div>\n\t\t<div class=\"elementor-element elementor-element-azboes9b e-con-full e-flex e-con e-parent\" data-id=\"azboes9b\" data-element_type=\"container\" data-e-type=\"container\">\n\t\t\t\t<div class=\"elementor-element elementor-element-azboes9t elementor-widget elementor-widget-text-editor\" data-id=\"azboes9t\" data-element_type=\"widget\" data-e-type=\"widget\" data-widget_type=\"text-editor.default\">\n\t\t\t\t\t\t\t\t\t<p><span data-nosnippet>Den vitenskapelige beskjeftigelsen med det onde \u00f8yet begynner p\u00e5 1800-tallet med etnologiske reisebeskrivelser, men etablerte seg f\u00f8rst som et seri\u00f8st <span class=\"iwg-fachbegriff\" data-tooltip=\"Den overleverte folkekulturen med skikker, fortellinger og sanger.\" tabindex=\"0\">folklore<\/span>-felt gjennom Alan Dundes&#8217; studier p\u00e5 1980-tallet. Hans samleverk The Evil Eye, A <span class=\"iwg-fachbegriff\" data-tooltip=\"Den overleverte folkekulturen med skikker, fortellinger og sanger.\" tabindex=\"0\">Folklore<\/span> Casebook fra 1981 samler tretti artikler fra forskjellige kulturkretser.<\/span><\/p><p>Clarence Maloney leverte i 1976 med The Evil Eye en omfattende etnologisk syntese.<\/p><p>John H. Elliott unders\u00f8kte fenomenet i den bibelske verden i sin firebindsserie Beware the Evil Eye. Denne forskningen avviser ikke troen som overtro, men ser den som et koherent kulturelt system som fyller sosiale funksjoner, s\u00e6rlig h\u00e5ndtering av misunnelse i samfunn med begrensede ressurser.<\/p>\t\t\t\t\t\t\t\t<\/div>\n\t\t\t\t<\/div>\n\t\t\t\t\t<\/div>\n\t\t\t\t<\/div>\n\t\t<div class=\"elementor-element elementor-element-azboes10 e-flex e-con-boxed e-con e-parent\" data-id=\"azboes10\" data-element_type=\"container\" data-e-type=\"container\">\n\t\t\t\t\t<div class=\"e-con-inner\">\n\t\t\t\t<div class=\"elementor-element elementor-element-azboes10h elementor-widget elementor-widget-heading\" data-id=\"azboes10h\" data-element_type=\"widget\" data-e-type=\"widget\" data-widget_type=\"heading.default\">\n\t\t\t\t\t<h2 class=\"elementor-heading-title elementor-size-default\">Popul\u00e6rkultur og mote<\/h2>\t\t\t\t<\/div>\n\t\t<div class=\"elementor-element elementor-element-azboes10b e-con-full e-flex e-con e-parent\" data-id=\"azboes10b\" data-element_type=\"container\" data-e-type=\"container\">\n\t\t\t\t<div class=\"elementor-element elementor-element-azboes10t elementor-widget elementor-widget-text-editor\" data-id=\"azboes10t\" data-element_type=\"widget\" data-e-type=\"widget\" data-widget_type=\"text-editor.default\">\n\t\t\t\t\t\t\t\t\t<p>Siden 2010-tallet har det bl\u00e5 \u00f8yet v\u00e6rt et av de mest suksessrike smykkemotivene i den vestlige mainstreamen. Kim Kardashian viser det regelmessig offentlig, Gigi Hadid b\u00e6rer det, unge merker fra Istanbul, Athen og Tel Aviv eksporterer det verden over.<\/p><p>Forbindelsen mellom mote og den opprinnelige beskyttelsesbetydningen har ofte g\u00e5tt tapt, noe som har utl\u00f8st kritikk fra noen kulturhistorikere og representanter for de respektive opprinnelseskulturene.<\/p><p>Trenden viser samtidig at <span class=\"iwg-fachbegriff\" data-tooltip=\"Et tegn som representerer en forestilling eller betydning.\" tabindex=\"0\">symbolet<\/span> har en betydning for moderne b\u00e6rere som ligger utenfor rene motehensyn. \u00d8yet som en p\u00e5minnelse om muligheten for misunnelse og om \u00f8nsket om en beskyttende gest er tydeligvis en forestilling som ikke forsvinner selv i en sekul\u00e6r-vitenskapelig preget verden.<\/p>\t\t\t\t\t\t\t\t<\/div>\n\t\t\t\t<\/div>\n\t\t\t\t\t<\/div>\n\t\t\t\t<\/div>\n\t\t<div class=\"elementor-element elementor-element-azboes11 e-flex e-con-boxed e-con e-parent\" data-id=\"azboes11\" data-element_type=\"container\" data-e-type=\"container\">\n\t\t\t\t\t<div class=\"e-con-inner\">\n\t\t\t\t<div class=\"elementor-element elementor-element-azboes11h elementor-widget elementor-widget-heading\" data-id=\"azboes11h\" data-element_type=\"widget\" data-e-type=\"widget\" data-widget_type=\"heading.default\">\n\t\t\t\t\t<h2 class=\"elementor-heading-title elementor-size-default\">Plassering i iwell-guard-leksikonet<\/h2>\t\t\t\t<\/div>\n\t\t<div class=\"elementor-element elementor-element-azboes11b e-con-full e-flex e-con e-parent\" data-id=\"azboes11b\" data-element_type=\"container\" data-e-type=\"container\">\n\t\t\t\t<div class=\"elementor-element elementor-element-azboes11t elementor-widget elementor-widget-text-editor\" data-id=\"azboes11t\" data-element_type=\"widget\" data-e-type=\"widget\" data-widget_type=\"text-editor.default\">\n\t\t\t\t\t\t\t\t\t<p>Det onde \u00f8yet er et tverrg\u00e5ende lemma i iwell-guard-leksikonet.<\/p><p>Det knytter sammen beskyttelsesobjekter fra flere kulturer og gir den felles funksjonsbakgrunnen for mange b\u00e6rbare beskyttelsesgjenstander, fra <a href=\"https:\/\/iwell-guard.com\/no\/pazuzu\/\" data-tooltip=\"Mesopotamisk beskyttelsesdemon, hvis anheng skulle beskytte gravide kvinner mot Lamashtu.\">Pazuzu<\/a>-anheng via <a href=\"https:\/\/iwell-guard.com\/no\/bes\/\" data-tooltip=\"Egyptisk beskyttelsesgud for familier, barn og gravide.\">Bes<\/a>-statuetter til <a href=\"https:\/\/iwell-guard.com\/no\/?page_id=141114\" data-tooltip=\"Beskyttelsesh\u00e5nd med fem fingre, j\u00f8disk-arabisk beskyttelsessymbol, samme beskyttelsesfamilie.\">Hamsa<\/a> og <a href=\"https:\/\/iwell-guard.com\/no\/?page_id=141113\" data-tooltip=\"J\u00f8disk skriftrull ved d\u00f8rstolpen, et beslektet beskyttelsesobjekt.\">Mezuzah<\/a>. Den som forst\u00e5r det onde \u00f8yet som begrep, forst\u00e5r ogs\u00e5 bedre hvorfor disse beskyttelsesobjektene har blitt b\u00e5ret i s\u00e5 mange kulturer over s\u00e5 lang tid.<\/p>\t\t\t\t\t\t\t\t<\/div>\n\t\t\t\t<\/div>\n\t\t\t\t\t<\/div>\n\t\t\t\t<\/div>\n\t\t<div class=\"elementor-element elementor-element-azboes12 e-flex e-con-boxed e-con e-parent\" data-id=\"azboes12\" data-element_type=\"container\" data-e-type=\"container\">\n\t\t\t\t\t<div class=\"e-con-inner\">\n\t\t\t\t<div class=\"elementor-element elementor-element-azboes12h elementor-widget elementor-widget-heading\" data-id=\"azboes12h\" data-element_type=\"widget\" data-e-type=\"widget\" data-widget_type=\"heading.default\">\n\t\t\t\t\t<h2 class=\"elementor-heading-title elementor-size-default\">Litteratur og kilder<\/h2>\t\t\t\t<\/div>\n\t\t<div class=\"elementor-element elementor-element-azboes12b e-con-full e-flex e-con e-parent\" data-id=\"azboes12b\" data-element_type=\"container\" data-e-type=\"container\">\n\t\t\t\t<div class=\"elementor-element elementor-element-azboes12t elementor-widget elementor-widget-text-editor\" data-id=\"azboes12t\" data-element_type=\"widget\" data-e-type=\"widget\" data-widget_type=\"text-editor.default\">\n\t\t\t\t\t\t\t\t\t<footer class=\"iwg-literatur\"><ul><li><span data-nosnippet>Alan Dundes (red.): The Evil Eye, A <span class=\"iwg-fachbegriff\" data-tooltip=\"Den overleverte folkekulturen med skikker, fortellinger og sanger.\" tabindex=\"0\">Folklore<\/span> Casebook. Garland Publishing, New York 1981.<\/span><\/li><li><span data-nosnippet>Clarence Maloney (red.): The Evil Eye. Columbia University Press, New York 1976.<\/span><\/li><li><span data-nosnippet>John H. Elliott: Beware the Evil Eye, The Evil Eye in the Bible and the Ancient World. 4 bind, Cascade Books 2015 til 2017.<\/span><\/li><li>Plutark: Quaestiones Convivales 5,7. Diskusjon fra <span class=\"iwg-fachbegriff\" data-tooltip=\"Epoken for den greske og romerske kulturen, omtrent 800 f.Kr. til 600 e.Kr.\" tabindex=\"0\">antikken<\/span> om virkningsm\u00e5ten.<\/li><li>Plinius den eldre: Naturalis Historia 7,16. Beretninger fra <span class=\"iwg-fachbegriff\" data-tooltip=\"Epoken for den greske og romerske kulturen, omtrent 800 f.Kr. til 600 e.Kr.\" tabindex=\"0\">antikken<\/span> om \u00f8yeskader.<\/li><li>Babylonsk <span class=\"iwg-fachbegriff\" data-tooltip=\"Hovedverket i rabbinsk j\u00f8dedom med tolkning av den religi\u00f8se overleveringen.\" tabindex=\"0\">Talmud<\/span>, Bava Metzia 107b. Rabbinsk diskusjon om ayin hara.<\/li><li><span data-nosnippet>Edward Westermarck: <span class=\"iwg-fachbegriff\" data-tooltip=\"En regelbundet rekke av symbolske handlinger med religi\u00f8s eller kulturell betydning.\" tabindex=\"0\">Ritual<\/span> and Belief in Morocco. Macmillan, London 1926. Tidlig studie av Maghreb.<\/span><\/li><li><span data-nosnippet>Salim al-Hassani: The Evil Eye in Islamic Tradition. Foundation for Science, Technology and Civilisation 2010.<\/span><\/li><\/ul><p>Eksterne lenker for detaljsiden:<\/p><ul><li>JSTOR-oppf\u00f8ring Dundes 1981<\/li><li>Encyclopaedia Iranica-oppf\u00f8ring \u00abCheshm-zakhm\u00bb om det persiske begrepet<\/li><li>Encyclopaedia Judaica-oppf\u00f8ring \u00abEvil Eye\u00bb<\/li><li>British Museum, samling av apotropeiske \u00f8yeamuletter<\/li><li>Mus\u00e9e du Quai Branly Paris, samling av vernegjenstander fra Middelhavsomr\u00e5det<\/li><\/ul><\/footer>\t\t\t\t\t\t\t\t<\/div>\n\t\t\t\t<\/div>\n\t\t\t\t\t<\/div>\n\t\t\t\t<\/div>\n\t\t<div class=\"elementor-element elementor-element-azboes13 e-flex e-con-boxed e-con e-parent\" data-id=\"azboes13\" data-element_type=\"container\" data-e-type=\"container\">\n\t\t\t\t\t<div class=\"e-con-inner\">\n\t\t\t\t<div class=\"elementor-element elementor-element-azboes13h elementor-widget elementor-widget-heading\" data-id=\"azboes13h\" data-element_type=\"widget\" data-e-type=\"widget\" data-widget_type=\"heading.default\">\n\t\t\t\t\t<div class=\"elementor-heading-title elementor-size-default\">Disclaimer p\u00e5 slutten av siden<\/div>\t\t\t\t<\/div>\n\t\t<div class=\"elementor-element elementor-element-azboes13b e-con-full e-flex e-con e-parent\" data-id=\"azboes13b\" data-element_type=\"container\" data-e-type=\"container\">\n\t\t\t\t<div class=\"elementor-element elementor-element-azboes13t elementor-widget elementor-widget-text-editor\" data-id=\"azboes13t\" data-element_type=\"widget\" data-e-type=\"widget\" data-widget_type=\"text-editor.default\">\n\t\t\t\t\t\t\t\t\t<footer data-nosnippet=\"true\" class=\"iwg-disclaimer-block\"><p data-nosnippet=\"true\">Innholdet p\u00e5 denne siden er en religionsvitenskapelig og kulturhistorisk innordning. iwell-guard er ikke et medisinsk produkt og erstatter ikke medisinsk eller psykoterapeutisk behandling. Personlige opplevelser kan variere. Ingen garanti for helbredelse.<\/p><\/footer>\t\t\t\t\t\t\t\t<\/div>\n\t\t\t\t<\/div>\n\t\t\t\t\t<\/div>\n\t\t\t\t<\/div>\n\t\t<div class=\"elementor-element elementor-element-azboecta e-flex e-con-boxed e-con e-parent\" data-id=\"azboecta\" data-element_type=\"container\" data-e-type=\"container\">\n\t\t\t\t\t<div class=\"e-con-inner\">\n\t\t\t\t<div class=\"elementor-element elementor-element-azboectab elementor-align-center elementor-widget elementor-widget-button\" data-id=\"azboectab\" data-element_type=\"widget\" data-e-type=\"widget\" data-widget_type=\"button.default\">\n\t\t\t\t\t\t\t\t\t\t<a class=\"elementor-button elementor-button-link elementor-size-md\" href=\"\/ueber-iwell-guard\/\">\n\t\t\t\t\t\t<span class=\"elementor-button-content-wrapper\">\n\t\t\t\t\t\t\t\t\t<span class=\"elementor-button-text\">Mer om iWell Guard<\/span>\n\t\t\t\t\t<\/span>\n\t\t\t\t\t<\/a>\n\t\t\t\t\t\t\t\t<\/div>\n\t\t\t\t\t<\/div>\n\t\t\t\t<\/div>\n\t\t<div class=\"elementor-element elementor-element-iwgkw-add-boeserblick e-flex e-con-boxed e-con e-parent\" data-id=\"iwgkw-add-boeserblick\" data-element_type=\"container\" data-e-type=\"container\">\n\t\t\t\t\t<div class=\"e-con-inner\">\n\t\t\t\t<div class=\"elementor-element elementor-element-iwgkw-add-boeserblick-t elementor-widget elementor-widget-text-editor\" data-id=\"iwgkw-add-boeserblick-t\" data-element_type=\"widget\" data-e-type=\"widget\" data-widget_type=\"text-editor.default\">\n\t\t\t\t\t\t\t\t\t<p>Sammenligningen av begrepene <em>ayin hara<\/em>, <em>mati<\/em>, <em>malocchio<\/em> og <em>nazar<\/em> viser at <span class=\"iwg-fachbegriff\" data-tooltip=\"Utbredt forestilling om at et misunnelig blikk fra en annen person kan p\u00e5f\u00f8re skade.\" tabindex=\"0\">det onde \u00f8yet<\/span> ikke er en isolert forestilling i \u00e9n kultur, men et tolkningsm\u00f8nster for misunnelse, skade og ulykke som er utbredt i Middelhavsomr\u00e5det, Vest-Asia og S\u00f8r-Europa.<\/p><p>I sammenligningen kommer det til syne ulike vernepraksiser, <span class=\"iwg-fachbegriff\" data-tooltip=\"Et gjenstand som b\u00e6res p\u00e5 kroppen, og som tilskrives en beskyttende, ondskapsavvergende virkning.\" tabindex=\"0\">amulett<\/span>-former og rituelle motmidler, som hver for seg er forankret i religions- og spr\u00e5khistorien.<\/p>\t\t\t\t\t\t\t\t<\/div>\n\t\t\t\t\t<\/div>\n\t\t\t\t<\/div>\n\t\t\t\t<\/div>\n\t\t","protected":false},"excerpt":{"rendered":"","protected":false},"author":3,"featured_media":2472,"parent":0,"menu_order":0,"comment_status":"closed","ping_status":"closed","template":"elementor_header_footer","meta":{"_yoast_wpseo_focuskw":"det onde \u00f8yet","_yoast_wpseo_title":"Det onde \u00f8yet, ayin hara, mati, malocchio, nazar","_yoast_wpseo_metadesc":"Det onde \u00f8yet er en av de eldste og mest utbredte forestillingene om skade. Historie, beskyttelsesgjenstander","_yoast_wpseo_meta-robots-noindex":"","_yoast_wpseo_canonical":"","_angie_page":false,"gefaehrdungsstufe":"","wesen_kultur":"","wesen_klasse":"","footnotes":""},"categories":[],"class_list":["post-141115","page","type-page","status-publish","has-post-thumbnail","hentry"],"yoast_head":"<!-- This site is optimized with the Yoast SEO Premium plugin v27.7 (Yoast SEO v28.3) - https:\/\/yoast.com\/product\/yoast-seo-premium-wordpress\/ -->\n<title>Det onde \u00f8yet, ayin hara, mati, malocchio, nazar<\/title>\n<meta name=\"description\" content=\"Det onde \u00f8yet er en av de eldste og mest utbredte forestillingene om skade. Historie, beskyttelsesgjenstander\" \/>\n<meta name=\"robots\" content=\"index, follow, max-snippet:-1, max-image-preview:large, max-video-preview:-1\" \/>\n<link rel=\"canonical\" href=\"https:\/\/iwell-guard.com\/no\/det-onde-oyet\/\" \/>\n<meta property=\"og:locale\" content=\"nb_NO\" \/>\n<meta property=\"og:type\" content=\"article\" \/>\n<meta property=\"og:title\" content=\"Det onde \u00f8yet\" \/>\n<meta property=\"og:description\" content=\"Det onde \u00f8yet er en av de eldste og mest utbredte forestillingene om skade. Historie, beskyttelsesgjenstander\" \/>\n<meta property=\"og:url\" content=\"https:\/\/iwell-guard.com\/no\/det-onde-oyet\/\" \/>\n<meta property=\"og:site_name\" content=\"iWell Guard\" \/>\n<meta property=\"article:modified_time\" content=\"2026-09-03T09:42:02+00:00\" \/>\n<meta property=\"og:image\" content=\"https:\/\/iwell-guard.com\/wp-content\/uploads\/2026\/05\/schutzsymbol_mediterran_boeser-blick.webp\" \/>\n\t<meta property=\"og:image:width\" content=\"1024\" \/>\n\t<meta property=\"og:image:height\" content=\"1536\" \/>\n\t<meta property=\"og:image:type\" content=\"image\/webp\" \/>\n<meta name=\"twitter:card\" content=\"summary_large_image\" \/>\n<script type=\"application\/ld+json\" class=\"yoast-schema-graph\">{\"@context\":\"https:\\\/\\\/schema.org\",\"@graph\":[{\"@type\":\"WebPage\",\"@id\":\"https:\\\/\\\/iwell-guard.com\\\/no\\\/det-onde-oyet\\\/\",\"url\":\"https:\\\/\\\/iwell-guard.com\\\/no\\\/det-onde-oyet\\\/\",\"name\":\"Det onde \u00f8yet, ayin hara, mati, malocchio, nazar\",\"isPartOf\":{\"@id\":\"https:\\\/\\\/iwell-guard.com\\\/no\\\/#website\"},\"primaryImageOfPage\":{\"@id\":\"https:\\\/\\\/iwell-guard.com\\\/no\\\/det-onde-oyet\\\/#primaryimage\"},\"image\":{\"@id\":\"https:\\\/\\\/iwell-guard.com\\\/no\\\/det-onde-oyet\\\/#primaryimage\"},\"thumbnailUrl\":\"https:\\\/\\\/iwell-guard.com\\\/wp-content\\\/uploads\\\/2026\\\/05\\\/schutzsymbol_mediterran_boeser-blick.webp\",\"datePublished\":\"2026-09-03T09:16:47+00:00\",\"dateModified\":\"2026-09-03T09:42:02+00:00\",\"description\":\"Det onde \u00f8yet er en av de eldste og mest utbredte forestillingene om skade. Historie, beskyttelsesgjenstander\",\"breadcrumb\":{\"@id\":\"https:\\\/\\\/iwell-guard.com\\\/no\\\/det-onde-oyet\\\/#breadcrumb\"},\"inLanguage\":\"nb-NO\",\"potentialAction\":[{\"@type\":\"ReadAction\",\"target\":[\"https:\\\/\\\/iwell-guard.com\\\/no\\\/det-onde-oyet\\\/\"]}]},{\"@type\":\"ImageObject\",\"inLanguage\":\"nb-NO\",\"@id\":\"https:\\\/\\\/iwell-guard.com\\\/no\\\/det-onde-oyet\\\/#primaryimage\",\"url\":\"https:\\\/\\\/iwell-guard.com\\\/wp-content\\\/uploads\\\/2026\\\/05\\\/schutzsymbol_mediterran_boeser-blick.webp\",\"contentUrl\":\"https:\\\/\\\/iwell-guard.com\\\/wp-content\\\/uploads\\\/2026\\\/05\\\/schutzsymbol_mediterran_boeser-blick.webp\",\"width\":1024,\"height\":1536,\"caption\":\"Tre tradisjonelle tyrkiske nazar boncu\u011fu-beskyttelses\u00f8yne av bl\u00e5tt glass med konsentriske ringer mot m\u00f8rk bakgrunn\"},{\"@type\":\"BreadcrumbList\",\"@id\":\"https:\\\/\\\/iwell-guard.com\\\/no\\\/det-onde-oyet\\\/#breadcrumb\",\"itemListElement\":[{\"@type\":\"ListItem\",\"position\":1,\"name\":\"Start\",\"item\":\"https:\\\/\\\/iwell-guard.com\\\/no\\\/?page_id=140795\"},{\"@type\":\"ListItem\",\"position\":2,\"name\":\"Det onde \u00f8yet\"}]},{\"@type\":\"WebSite\",\"@id\":\"https:\\\/\\\/iwell-guard.com\\\/no\\\/#website\",\"url\":\"https:\\\/\\\/iwell-guard.com\\\/no\\\/\",\"name\":\"iWell Guard\",\"description\":\"Schutz vor dunklen Einfl\u00fcssen\",\"publisher\":{\"@id\":\"https:\\\/\\\/iwell-guard.com\\\/no\\\/#organization\"},\"potentialAction\":[{\"@type\":\"SearchAction\",\"target\":{\"@type\":\"EntryPoint\",\"urlTemplate\":\"https:\\\/\\\/iwell-guard.com\\\/no\\\/?s={search_term_string}\"},\"query-input\":{\"@type\":\"PropertyValueSpecification\",\"valueRequired\":true,\"valueName\":\"search_term_string\"}}],\"inLanguage\":\"nb-NO\"},{\"@type\":\"Organization\",\"@id\":\"https:\\\/\\\/iwell-guard.com\\\/no\\\/#organization\",\"name\":\"Ittermann electronic GmbH\",\"url\":\"https:\\\/\\\/iwell-guard.com\\\/no\\\/\",\"logo\":{\"@type\":\"ImageObject\",\"inLanguage\":\"nb-NO\",\"@id\":\"https:\\\/\\\/iwell-guard.com\\\/no\\\/#\\\/schema\\\/logo\\\/image\\\/\",\"url\":\"https:\\\/\\\/iwell-guard.com\\\/wp-content\\\/uploads\\\/2026\\\/05\\\/Ittermann-Logo-1182x237-1.png\",\"contentUrl\":\"https:\\\/\\\/iwell-guard.com\\\/wp-content\\\/uploads\\\/2026\\\/05\\\/Ittermann-Logo-1182x237-1.png\",\"width\":1182,\"height\":237,\"caption\":\"Ittermann electronic GmbH\"},\"image\":{\"@id\":\"https:\\\/\\\/iwell-guard.com\\\/no\\\/#\\\/schema\\\/logo\\\/image\\\/\"},\"sameAs\":[\"https:\\\/\\\/pantip.com\\\/profile\\\/9367242\",\"https:\\\/\\\/micro.blog\\\/iwellguard\",\"https:\\\/\\\/www.diggerslist.com\\\/iwellguard\\\/about\",\"https:\\\/\\\/skitterphoto.com\\\/photographers\\\/2870314\\\/iwell-guard\",\"https:\\\/\\\/iwellguard.wordpress.com\\\/2026\\\/06\\\/06\\\/iwell-guard\\\/\",\"https:\\\/\\\/hub.docker.com\\\/u\\\/iwellguard\",\"https:\\\/\\\/www.pinterest.com\\\/iwellguard\\\/\",\"https:\\\/\\\/bit.ly\\\/m\\\/iwellguard\",\"https:\\\/\\\/entre-vos-mains.alsace.eu\\\/profiles\\\/iwellguard\\\/activity\",\"https:\\\/\\\/gravatar.com\\\/reallybeded8fd34\",\"https:\\\/\\\/naijamatta.com\\\/iwellguard\",\"https:\\\/\\\/www.goodreads.com\\\/iwellguard\",\"https:\\\/\\\/profile.hatena.ne.jp\\\/iwellguard\\\/\",\"https:\\\/\\\/experiment.com\\\/users\\\/iwellguard\",\"https:\\\/\\\/wakelet.com\\\/@iWellGuard82270\",\"https:\\\/\\\/www.chordie.com\\\/forum\\\/profile.php?id=2555664\",\"https:\\\/\\\/www.instapaper.com\\\/p\\\/17757966\",\"https:\\\/\\\/www.mapleprimes.com\\\/users\\\/iwellguard\",\"https:\\\/\\\/businesslistingplus.com\\\/profile\\\/iwell-guard\\\/\",\"https:\\\/\\\/telegra.ph\\\/iWell-Guard-06-06\",\"https:\\\/\\\/pbase.com\\\/iwellguard\\\/iwellguard\",\"https:\\\/\\\/b.hatena.ne.jp\\\/iwellguard\\\/20260607#bookmark-4788405196491818882\",\"https:\\\/\\\/fliphtml5.com\\\/home\\\/iwellguard\",\"https:\\\/\\\/anyflip.com\\\/homepage\\\/cmiwl#About\",\"https:\\\/\\\/transfur.com\\\/Users\\\/iwellguard\",\"http:\\\/\\\/delphi.larsbo.org\\\/user\\\/iwellguard\",\"https:\\\/\\\/jobs.lajobsportal.org\\\/profiles\\\/8380803-iwell-guard\",\"https:\\\/\\\/md.chaosdorf.de\\\/s\\\/jfbe5SBdJD\",\"https:\\\/\\\/www.lingvolive.com\\\/en-us\\\/profile\\\/9ecaeaca-ce11-4e51-9e71-01d55e2bff36\\\/translations\",\"https:\\\/\\\/www.fitday.com\\\/fitness\\\/forums\\\/members\\\/iwellguard.html\",\"https:\\\/\\\/www.mymeetbook.com\\\/iwellguard\",\"https:\\\/\\\/pxhere.com\\\/en\\\/photographer-me\\\/5040798\",\"https:\\\/\\\/disqus.com\\\/by\\\/iwellguard\\\/about\\\/\",\"https:\\\/\\\/pastelink.net\\\/hjwciqwq\",\"https:\\\/\\\/pubhtml5.com\\\/homepage\\\/scjhn\\\/\",\"https:\\\/\\\/www.bitchute.com\\\/channel\\\/2O2eOKzNqujT\",\"https:\\\/\\\/audiomack.com\\\/iwellguard\"]}]}<\/script>\n<!-- \/ Yoast SEO Premium plugin. -->","yoast_head_json":{"title":"Det onde \u00f8yet, ayin hara, mati, malocchio, nazar","description":"Det onde \u00f8yet er en av de eldste og mest utbredte forestillingene om skade. Historie, beskyttelsesgjenstander","robots":{"index":"index","follow":"follow","max-snippet":"max-snippet:-1","max-image-preview":"max-image-preview:large","max-video-preview":"max-video-preview:-1"},"canonical":"https:\/\/iwell-guard.com\/no\/det-onde-oyet\/","og_locale":"nb_NO","og_type":"article","og_title":"Det onde \u00f8yet","og_description":"Det onde \u00f8yet er en av de eldste og mest utbredte forestillingene om skade. Historie, beskyttelsesgjenstander","og_url":"https:\/\/iwell-guard.com\/no\/det-onde-oyet\/","og_site_name":"iWell Guard","article_modified_time":"2026-09-03T09:42:02+00:00","og_image":[{"width":1024,"height":1536,"url":"https:\/\/iwell-guard.com\/wp-content\/uploads\/2026\/05\/schutzsymbol_mediterran_boeser-blick.webp","type":"image\/webp"}],"twitter_card":"summary_large_image","schema":{"@context":"https:\/\/schema.org","@graph":[{"@type":"WebPage","@id":"https:\/\/iwell-guard.com\/no\/det-onde-oyet\/","url":"https:\/\/iwell-guard.com\/no\/det-onde-oyet\/","name":"Det onde \u00f8yet, ayin hara, mati, malocchio, nazar","isPartOf":{"@id":"https:\/\/iwell-guard.com\/no\/#website"},"primaryImageOfPage":{"@id":"https:\/\/iwell-guard.com\/no\/det-onde-oyet\/#primaryimage"},"image":{"@id":"https:\/\/iwell-guard.com\/no\/det-onde-oyet\/#primaryimage"},"thumbnailUrl":"https:\/\/iwell-guard.com\/wp-content\/uploads\/2026\/05\/schutzsymbol_mediterran_boeser-blick.webp","datePublished":"2026-09-03T09:16:47+00:00","dateModified":"2026-09-03T09:42:02+00:00","description":"Det onde \u00f8yet er en av de eldste og mest utbredte forestillingene om skade. Historie, beskyttelsesgjenstander","breadcrumb":{"@id":"https:\/\/iwell-guard.com\/no\/det-onde-oyet\/#breadcrumb"},"inLanguage":"nb-NO","potentialAction":[{"@type":"ReadAction","target":["https:\/\/iwell-guard.com\/no\/det-onde-oyet\/"]}]},{"@type":"ImageObject","inLanguage":"nb-NO","@id":"https:\/\/iwell-guard.com\/no\/det-onde-oyet\/#primaryimage","url":"https:\/\/iwell-guard.com\/wp-content\/uploads\/2026\/05\/schutzsymbol_mediterran_boeser-blick.webp","contentUrl":"https:\/\/iwell-guard.com\/wp-content\/uploads\/2026\/05\/schutzsymbol_mediterran_boeser-blick.webp","width":1024,"height":1536,"caption":"Tre tradisjonelle tyrkiske nazar boncu\u011fu-beskyttelses\u00f8yne av bl\u00e5tt glass med konsentriske ringer mot m\u00f8rk bakgrunn"},{"@type":"BreadcrumbList","@id":"https:\/\/iwell-guard.com\/no\/det-onde-oyet\/#breadcrumb","itemListElement":[{"@type":"ListItem","position":1,"name":"Start","item":"https:\/\/iwell-guard.com\/no\/?page_id=140795"},{"@type":"ListItem","position":2,"name":"Det onde \u00f8yet"}]},{"@type":"WebSite","@id":"https:\/\/iwell-guard.com\/no\/#website","url":"https:\/\/iwell-guard.com\/no\/","name":"iWell Guard","description":"Schutz vor dunklen Einfl\u00fcssen","publisher":{"@id":"https:\/\/iwell-guard.com\/no\/#organization"},"potentialAction":[{"@type":"SearchAction","target":{"@type":"EntryPoint","urlTemplate":"https:\/\/iwell-guard.com\/no\/?s={search_term_string}"},"query-input":{"@type":"PropertyValueSpecification","valueRequired":true,"valueName":"search_term_string"}}],"inLanguage":"nb-NO"},{"@type":"Organization","@id":"https:\/\/iwell-guard.com\/no\/#organization","name":"Ittermann electronic GmbH","url":"https:\/\/iwell-guard.com\/no\/","logo":{"@type":"ImageObject","inLanguage":"nb-NO","@id":"https:\/\/iwell-guard.com\/no\/#\/schema\/logo\/image\/","url":"https:\/\/iwell-guard.com\/wp-content\/uploads\/2026\/05\/Ittermann-Logo-1182x237-1.png","contentUrl":"https:\/\/iwell-guard.com\/wp-content\/uploads\/2026\/05\/Ittermann-Logo-1182x237-1.png","width":1182,"height":237,"caption":"Ittermann electronic GmbH"},"image":{"@id":"https:\/\/iwell-guard.com\/no\/#\/schema\/logo\/image\/"},"sameAs":["https:\/\/pantip.com\/profile\/9367242","https:\/\/micro.blog\/iwellguard","https:\/\/www.diggerslist.com\/iwellguard\/about","https:\/\/skitterphoto.com\/photographers\/2870314\/iwell-guard","https:\/\/iwellguard.wordpress.com\/2026\/06\/06\/iwell-guard\/","https:\/\/hub.docker.com\/u\/iwellguard","https:\/\/www.pinterest.com\/iwellguard\/","https:\/\/bit.ly\/m\/iwellguard","https:\/\/entre-vos-mains.alsace.eu\/profiles\/iwellguard\/activity","https:\/\/gravatar.com\/reallybeded8fd34","https:\/\/naijamatta.com\/iwellguard","https:\/\/www.goodreads.com\/iwellguard","https:\/\/profile.hatena.ne.jp\/iwellguard\/","https:\/\/experiment.com\/users\/iwellguard","https:\/\/wakelet.com\/@iWellGuard82270","https:\/\/www.chordie.com\/forum\/profile.php?id=2555664","https:\/\/www.instapaper.com\/p\/17757966","https:\/\/www.mapleprimes.com\/users\/iwellguard","https:\/\/businesslistingplus.com\/profile\/iwell-guard\/","https:\/\/telegra.ph\/iWell-Guard-06-06","https:\/\/pbase.com\/iwellguard\/iwellguard","https:\/\/b.hatena.ne.jp\/iwellguard\/20260607#bookmark-4788405196491818882","https:\/\/fliphtml5.com\/home\/iwellguard","https:\/\/anyflip.com\/homepage\/cmiwl#About","https:\/\/transfur.com\/Users\/iwellguard","http:\/\/delphi.larsbo.org\/user\/iwellguard","https:\/\/jobs.lajobsportal.org\/profiles\/8380803-iwell-guard","https:\/\/md.chaosdorf.de\/s\/jfbe5SBdJD","https:\/\/www.lingvolive.com\/en-us\/profile\/9ecaeaca-ce11-4e51-9e71-01d55e2bff36\/translations","https:\/\/www.fitday.com\/fitness\/forums\/members\/iwellguard.html","https:\/\/www.mymeetbook.com\/iwellguard","https:\/\/pxhere.com\/en\/photographer-me\/5040798","https:\/\/disqus.com\/by\/iwellguard\/about\/","https:\/\/pastelink.net\/hjwciqwq","https:\/\/pubhtml5.com\/homepage\/scjhn\/","https:\/\/www.bitchute.com\/channel\/2O2eOKzNqujT","https:\/\/audiomack.com\/iwellguard"]}]}},"_links":{"self":[{"href":"https:\/\/iwell-guard.com\/no\/wp-json\/wp\/v2\/pages\/141115","targetHints":{"allow":["GET"]}}],"collection":[{"href":"https:\/\/iwell-guard.com\/no\/wp-json\/wp\/v2\/pages"}],"about":[{"href":"https:\/\/iwell-guard.com\/no\/wp-json\/wp\/v2\/types\/page"}],"author":[{"embeddable":true,"href":"https:\/\/iwell-guard.com\/no\/wp-json\/wp\/v2\/users\/3"}],"replies":[{"embeddable":true,"href":"https:\/\/iwell-guard.com\/no\/wp-json\/wp\/v2\/comments?post=141115"}],"version-history":[{"count":0,"href":"https:\/\/iwell-guard.com\/no\/wp-json\/wp\/v2\/pages\/141115\/revisions"}],"wp:featuredmedia":[{"embeddable":true,"href":"https:\/\/iwell-guard.com\/no\/wp-json\/wp\/v2\/media\/2472"}],"wp:attachment":[{"href":"https:\/\/iwell-guard.com\/no\/wp-json\/wp\/v2\/media?parent=141115"}],"wp:term":[{"taxonomy":"category","embeddable":true,"href":"https:\/\/iwell-guard.com\/no\/wp-json\/wp\/v2\/categories?post=141115"}],"curies":[{"name":"wp","href":"https:\/\/api.w.org\/{rel}","templated":true}]}}