{"id":141033,"date":"2026-09-03T09:15:57","date_gmt":"2026-09-03T09:15:57","guid":{"rendered":"https:\/\/iwell-guard.com\/?page_id=141033"},"modified":"2026-09-03T09:38:30","modified_gmt":"2026-09-03T09:38:30","slug":"marena","status":"publish","type":"page","link":"https:\/\/iwell-guard.com\/no\/marena\/","title":{"rendered":"Marena"},"content":{"rendered":"\t\t<div data-elementor-type=\"wp-page\" data-elementor-id=\"141033\" class=\"elementor elementor-141033 elementor-2099 elementor-bc-flex-widget\" data-elementor-post-type=\"page\">\n\t\t\t\t<div class=\"elementor-element elementor-element-10fdade e-flex e-con-boxed e-con e-parent\" data-id=\"10fdade\" data-element_type=\"container\" data-e-type=\"container\" data-settings=\"{&quot;background_background&quot;:&quot;classic&quot;}\">\n\t\t\t\t\t<div class=\"e-con-inner\">\n\t\t<div class=\"elementor-element elementor-element-herohlft0 e-flex e-con-boxed e-con e-child\" data-id=\"herohlft0\" data-element_type=\"container\" data-e-type=\"container\">\n\t\t\t\t\t<div class=\"e-con-inner\">\n\t\t<div class=\"elementor-element elementor-element-c3ceb64 e-con-full e-flex e-con e-child\" data-id=\"c3ceb64\" data-element_type=\"container\" data-e-type=\"container\">\n\t\t\t\t<div class=\"elementor-element elementor-element-96ae5e1 elementor-widget elementor-widget-heading\" data-id=\"96ae5e1\" data-element_type=\"widget\" data-e-type=\"widget\" data-widget_type=\"heading.default\">\n\t\t\t\t\t<h1 class=\"elementor-heading-title elementor-size-default\">Marena, gudinne i den slaviske tradisjonen<\/h1>\t\t\t\t<\/div>\n\t\t\t\t<div class=\"elementor-element elementor-element-e45238a elementor-widget elementor-widget-text-editor\" data-id=\"e45238a\" data-element_type=\"widget\" data-e-type=\"widget\" data-widget_type=\"text-editor.default\">\n\t\t\t\t\t\t\t\t\t<p>Marena (\u041c\u043e\u0440\u0435\u043d\u0430, ogs\u00e5 Morana eller Marzanna) er den slaviske gudinnen for vinter, d\u00f8d og gjenf\u00f8delse. Hun symboliserer den m\u00f8rke \u00e5rstiden og d\u00f8den som en del av den naturlige syklusen, og hun dyrkes gjennom ritualer som forbinder liv og d\u00f8d.\t\t\t\t\t\t\t\t<\/div>\n\t\t\t\t<\/div>\n\t\t<div class=\"elementor-element elementor-element-klsbdg01 e-con-full e-flex e-con e-parent\" data-id=\"klsbdg01\" data-element_type=\"container\" data-e-type=\"container\">\n\t\t\t\t<div class=\"elementor-element elementor-element-klshtm01 elementor-widget elementor-widget-html\" data-id=\"klshtm01\" data-element_type=\"widget\" data-e-type=\"widget\" data-widget_type=\"html.default\">\n\t\t\t\t\t<div class=\"iwg-pill-row\"><span class=\"iwg-klasse-badge\" tabindex=\"0\" data-tooltip=\"Gud\/gudinne: Personifisert h\u00f8yeste makt i en kulturs pantheon, med klare ansvarsomr\u00e5der som naturkrefter, skjebne, krig og fruktbarhet. Dyrket gjennom kulter, offer og tempelinstitusjoner.\">Gudinne<\/span><a href=\"https:\/\/iwell-guard.com\/no\/?page_id=140830\" class=\"iwg-kultur-badge\" tabindex=\"0\" data-tooltip=\"Slavisk mytologi og folkereligion, kristent overlagt fra 900-tallet.\">Slavisk<\/a><a href=\"https:\/\/iwell-guard.com\/no\/?page_id=140923\" class=\"iwg-tradition-badge\" tabindex=\"0\" data-tooltip=\"Guder for underverdenen og d\u00f8den, herskere over det hinsidige, d\u00f8dsdommere, sjeleledsagere.\">D\u00f8dsgudom<\/a><\/div>\t\t\t\t<\/div>\n\t\t\t\t<\/div>\n\t\t<div class=\"elementor-element elementor-element-3f74855 e-con-full e-flex e-con e-child\" data-id=\"3f74855\" data-element_type=\"container\" data-e-type=\"container\">\n\t\t\t\t<div class=\"elementor-element elementor-element-1c30362 elementor-toc--minimized-on-tablet elementor-widget elementor-widget-table-of-contents\" data-id=\"1c30362\" data-element_type=\"widget\" data-e-type=\"widget\" data-settings=\"{&quot;exclude_headings_by_selector&quot;:[],&quot;no_headings_message&quot;:&quot;Det ble ikke funnet noen overskrifter p\\u00e5 denne siden.&quot;,&quot;headings_by_tags&quot;:[&quot;h2&quot;,&quot;h3&quot;],&quot;marker_view&quot;:&quot;bullets&quot;,&quot;minimize_box&quot;:&quot;yes&quot;,&quot;icon&quot;:{&quot;value&quot;:&quot;fas fa-circle&quot;,&quot;library&quot;:&quot;fa-solid&quot;,&quot;rendered_tag&quot;:&quot;&lt;svg class=\\&quot;e-font-icon-svg e-fas-circle\\&quot; viewBox=\\&quot;0 0 512 512\\&quot; xmlns=\\&quot;http:\\\/\\\/www.w3.org\\\/2000\\\/svg\\&quot;&gt;&lt;path d=\\&quot;M256 8C119 8 8 119 8 256s111 248 248 248 248-111 248-248S393 8 256 8z\\&quot;&gt;&lt;\\\/path&gt;&lt;\\\/svg&gt;&quot;},&quot;minimized_on&quot;:&quot;tablet&quot;,&quot;hierarchical_view&quot;:&quot;yes&quot;,&quot;min_height&quot;:{&quot;unit&quot;:&quot;px&quot;,&quot;size&quot;:&quot;&quot;,&quot;sizes&quot;:[]},&quot;min_height_tablet&quot;:{&quot;unit&quot;:&quot;px&quot;,&quot;size&quot;:&quot;&quot;,&quot;sizes&quot;:[]},&quot;min_height_mobile&quot;:{&quot;unit&quot;:&quot;px&quot;,&quot;size&quot;:&quot;&quot;,&quot;sizes&quot;:[]}}\" data-widget_type=\"table-of-contents.default\">\n\t\t\t\t\t\t\t\t\t<div class=\"elementor-toc__header\">\n\t\t\t\t\t\t<h2 class=\"elementor-toc__header-title\">\n\t\t\t\tInnholdsfortegnelse\t\t\t<\/h2>\n\t\t\t\t\t\t\t\t\t\t<div class=\"elementor-toc__toggle-button elementor-toc__toggle-button--expand\" role=\"button\" tabindex=\"0\" aria-controls=\"elementor-toc__1c30362\" aria-expanded=\"true\" aria-label=\"Open table of contents\"><svg aria-hidden=\"true\" class=\"e-font-icon-svg e-fas-chevron-down\" viewBox=\"0 0 448 512\" xmlns=\"http:\/\/www.w3.org\/2000\/svg\"><path d=\"M207.029 381.476L12.686 187.132c-9.373-9.373-9.373-24.569 0-33.941l22.667-22.667c9.357-9.357 24.522-9.375 33.901-.04L224 284.505l154.745-154.021c9.379-9.335 24.544-9.317 33.901.04l22.667 22.667c9.373 9.373 9.373 24.569 0 33.941L240.971 381.476c-9.373 9.372-24.569 9.372-33.942 0z\"><\/path><\/svg><\/div>\n\t\t\t\t<div class=\"elementor-toc__toggle-button elementor-toc__toggle-button--collapse\" role=\"button\" tabindex=\"0\" aria-controls=\"elementor-toc__1c30362\" aria-expanded=\"true\" aria-label=\"Close table of contents\"><svg aria-hidden=\"true\" class=\"e-font-icon-svg e-fas-chevron-up\" viewBox=\"0 0 448 512\" xmlns=\"http:\/\/www.w3.org\/2000\/svg\"><path d=\"M240.971 130.524l194.343 194.343c9.373 9.373 9.373 24.569 0 33.941l-22.667 22.667c-9.357 9.357-24.522 9.375-33.901.04L224 227.495 69.255 381.516c-9.379 9.335-24.544 9.317-33.901-.04l-22.667-22.667c-9.373-9.373-9.373-24.569 0-33.941L207.03 130.525c9.372-9.373 24.568-9.373 33.941-.001z\"><\/path><\/svg><\/div>\n\t\t\t\t\t<\/div>\n\t\t\t\t<div id=\"elementor-toc__1c30362\" class=\"elementor-toc__body\">\n\t\t\t<div class=\"elementor-toc__spinner-container\">\n\t\t\t\t<svg class=\"elementor-toc__spinner eicon-animation-spin e-font-icon-svg e-eicon-loading\" aria-hidden=\"true\" viewBox=\"0 0 1000 1000\" xmlns=\"http:\/\/www.w3.org\/2000\/svg\"><path d=\"M500 975V858C696 858 858 696 858 500S696 142 500 142 142 304 142 500H25C25 237 238 25 500 25S975 237 975 500 763 975 500 975Z\"><\/path><\/svg>\t\t\t<\/div>\n\t\t<\/div>\n\t\t\t\t\t\t<\/div>\n\t\t\t\t<\/div>\n\t\t\t\t\t<\/div>\n\t\t\t\t<\/div>\n\t\t<div class=\"elementor-element elementor-element-herorght0 e-con-full e-flex e-con e-child\" data-id=\"herorght0\" data-element_type=\"container\" data-e-type=\"container\">\n\t\t\t\t<div class=\"elementor-element elementor-element-heroimg00 iwg-hero-image elementor-widget elementor-widget-image\" data-id=\"heroimg00\" data-element_type=\"widget\" data-e-type=\"widget\" data-widget_type=\"image.default\">\n\t\t\t\t\t\t\t\t\t\t\t\t\t\t\t<img fetchpriority=\"high\" decoding=\"async\" width=\"683\" height=\"1024\" src=\"https:\/\/iwell-guard.com\/wp-content\/uploads\/2026\/04\/goetter_slawisch_marena-683x1024.webp\" class=\"attachment-large size-large wp-image-143265\" alt=\"Marena - guder fra den slaviske tradisjonen, historisk-illustrativt\" srcset=\"https:\/\/iwell-guard.com\/wp-content\/uploads\/2026\/04\/goetter_slawisch_marena-683x1024.webp 683w, https:\/\/iwell-guard.com\/wp-content\/uploads\/2026\/04\/goetter_slawisch_marena-200x300.webp 200w, https:\/\/iwell-guard.com\/wp-content\/uploads\/2026\/04\/goetter_slawisch_marena-768x1152.webp 768w, https:\/\/iwell-guard.com\/wp-content\/uploads\/2026\/04\/goetter_slawisch_marena.webp 1024w\" sizes=\"(max-width: 683px) 100vw, 683px\" \/>\t\t\t\t\t\t\t\t\t\t\t\t\t\t\t<\/div>\n\t\t\t\t<\/div>\n\t\t\t\t\t<\/div>\n\t\t\t\t<\/div>\n\t\t<div class=\"elementor-element elementor-element-32917199 e-flex e-con-boxed e-con e-parent\" data-id=\"32917199\" data-element_type=\"container\" data-e-type=\"container\">\n\t\t\t\t\t<div class=\"e-con-inner\">\n\t\t<div class=\"elementor-element elementor-element-26e916cb e-flex e-con-boxed e-con e-child\" data-id=\"26e916cb\" data-element_type=\"container\" data-e-type=\"container\">\n\t\t\t\t\t<div class=\"e-con-inner\">\n\t\t<div class=\"elementor-element elementor-element-253a40d4 e-flex e-con-boxed e-con e-child\" data-id=\"253a40d4\" data-element_type=\"container\" data-e-type=\"container\">\n\t\t\t\t\t<div class=\"e-con-inner\">\n\t\t\t\t<div class=\"elementor-element elementor-element-1200c304 elementor-widget elementor-widget-heading\" data-id=\"1200c304\" data-element_type=\"widget\" data-e-type=\"widget\" data-widget_type=\"heading.default\">\n\t\t\t\t\t<h2 class=\"elementor-heading-title elementor-size-default\">Marena<\/h2>\t\t\t\t<\/div>\n\t\t\t\t<div class=\"elementor-element elementor-element-11758e7f elementor-widget elementor-widget-text-editor\" data-id=\"11758e7f\" data-element_type=\"widget\" data-e-type=\"widget\" data-widget_type=\"text-editor.default\">\n\t\t\t\t\t\t\t\t\t<p>Marena fremstilles som en m\u00f8rk, vakker kvinne, ofte med symboler for vinter (sn\u00f8, is, bare tr\u00e6r) og d\u00f8d (knokler, hodeskaller, ild). I motsetning til onde demoner er Marena en kosmisk gudinne som symboliserer n\u00f8dvendige, men samtidig fryktede krefter.<\/p><p>Hun r\u00e5r over vinterm\u00e5nedene og dyrkes som opphav til sn\u00f8, frost og \u00f8delagte avlinger. Motstykket hennes er Vesna (v\u00e5rgudinnen). Marena er ambivalent, destruktiv, men ogs\u00e5 regenererende, vinteren dreper for at v\u00e5ren skal kunne vekkes til live igjen.<\/p>\t\t\t\t\t\t\t\t<\/div>\n\t\t\t\t\t<\/div>\n\t\t\t\t<\/div>\n\t\t<div class=\"elementor-element elementor-element-159dcf9a e-flex e-con-boxed e-con e-child\" data-id=\"159dcf9a\" data-element_type=\"container\" data-e-type=\"container\">\n\t\t\t\t\t<div class=\"e-con-inner\">\n\t\t\t\t<div class=\"elementor-element elementor-element-48cee66f elementor-widget elementor-widget-heading\" data-id=\"48cee66f\" data-element_type=\"widget\" data-e-type=\"widget\" data-widget_type=\"heading.default\">\n\t\t\t\t\t<h2 class=\"elementor-heading-title elementor-size-default\">Rask oversikt: Marena<\/h2>\t\t\t\t<\/div>\n\t\t\t\t<div class=\"elementor-element elementor-element-3f50d82c elementor-widget elementor-widget-text-editor\" data-id=\"3f50d82c\" data-element_type=\"widget\" data-e-type=\"widget\" data-widget_type=\"text-editor.default\">\n\t\t\t\t\t\t\t\t\t<p>Marena er dokumentert i etnografiske samlinger av slavisk folkereligion (Afanasjew, Rybnikow, S\u00e9chan), men i mindre grad i tidlige skriftlige kilder. Prim\u00e6rkilder er <span class=\"iwg-fachbegriff\" data-tooltip=\"Den overleverte folkekulturen med skikker, fortellinger og sanger.\" tabindex=\"0\">folklore<\/span>-nedtegnelser fra 1800- og 1900-tallet samt etnografiske studier.<\/p><p>Utbredelsen er panslavisk: Russland, Hviterussland, Ukraina, Polen, Serbia. Religionshistorikere som Nora Chadwick og Mathieu-Colas dokumenterer Marena-kulter i sesongbaserte ritualer. Figuren blir rekonstruert i moderne nypaganisme.<\/p>\t\t\t\t\t\t\t\t<\/div>\n\t\t\t\t\t<\/div>\n\t\t\t\t<\/div>\n\t\t\t\t\t<\/div>\n\t\t\t\t<\/div>\n\t\t\t\t\t<\/div>\n\t\t\t\t<\/div>\n\t\t<div class=\"elementor-element elementor-element-18613602 e-flex e-con-boxed e-con e-parent\" data-id=\"18613602\" data-element_type=\"container\" data-e-type=\"container\">\n\t\t\t\t\t<div class=\"e-con-inner\">\n\t\t\t\t<div class=\"elementor-element elementor-element-262b8a9f elementor-widget elementor-widget-heading\" data-id=\"262b8a9f\" data-element_type=\"widget\" data-e-type=\"widget\" data-widget_type=\"heading.default\">\n\t\t\t\t\t<h2 class=\"elementor-heading-title elementor-size-default\">Historisk innordning<\/h2>\t\t\t\t<\/div>\n\t\t<div class=\"elementor-element elementor-element-46dcb7d e-con-full e-flex e-con e-child\" data-id=\"46dcb7d\" data-element_type=\"container\" data-e-type=\"container\">\n\t\t<div class=\"elementor-element elementor-element-61d3ab3 e-flex e-con-boxed e-con e-child\" data-id=\"61d3ab3\" data-element_type=\"container\" data-e-type=\"container\">\n\t\t\t\t\t<div class=\"e-con-inner\">\n\t\t\t\t<div class=\"elementor-element elementor-element-117c166 elementor-widget elementor-widget-heading\" data-id=\"117c166\" data-element_type=\"widget\" data-e-type=\"widget\" data-widget_type=\"heading.default\">\n\t\t\t\t\t<h3 class=\"elementor-heading-title elementor-size-default\">Tidsrom for tekstene<\/h3>\t\t\t\t<\/div>\n\t\t\t\t<div class=\"elementor-element elementor-element-73997a0 elementor-widget elementor-widget-text-editor\" data-id=\"73997a0\" data-element_type=\"widget\" data-e-type=\"widget\" data-widget_type=\"text-editor.default\">\n\t\t\t\t\t\t\t\t\t<p>Marzanna-skikken er levende frem til i dag, s\u00e6rlig i Polen, Tsjekkia, Slovakia og deler av andre slaviske land. Mange steder utf\u00f8rer skoleklasser og foreninger i dag b\u00e6ringen og brenningen eller drukningen av dukken rundt 21. mars som markering av v\u00e5rens begynnelse.<\/p><p>Formen har endret seg over tid, fra et alvorlig sesongritual til en folkelig, delvis turistisk preget skikk. Kjernen, avskjeden med vinteren gjennom fjerningen av en Marzanna-figur, er likevel bevart og fortsatt synlig i den regionale festkulturen.<\/p><h3>Mytologisk plassering<\/h3><p>Marena er en gudinne for vinterkulde og d\u00f8d i den slaviske <span class=\"iwg-fachbegriff\" data-tooltip=\"Summen av en kulturs overleverte gudefortellinger.\" tabindex=\"0\">mytologien<\/span>. Hun symboliserer den m\u00f8rke halvdelen av \u00e5ret og grenseomr\u00e5dene mellom liv og d\u00f8d. Hun er ikke en ond gudinne, men en n\u00f8dvendig kraft i kretsl\u00f8pet.<\/p>\t\t\t\t\t\t\t\t<\/div>\n\t\t\t\t\t<\/div>\n\t\t\t\t<\/div>\n\t\t<div class=\"elementor-element elementor-element-d47b156 e-flex e-con-boxed e-con e-child\" data-id=\"d47b156\" data-element_type=\"container\" data-e-type=\"container\">\n\t\t\t\t\t<div class=\"e-con-inner\">\n\t\t\t\t<div class=\"elementor-element elementor-element-ff38c2b elementor-widget elementor-widget-heading\" data-id=\"ff38c2b\" data-element_type=\"widget\" data-e-type=\"widget\" data-widget_type=\"heading.default\">\n\t\t\t\t\t<h3 class=\"elementor-heading-title elementor-size-default\">Utbredelsesomr\u00e5de<\/h3>\t\t\t\t<\/div>\n\t\t\t\t<div class=\"elementor-element elementor-element-4e49fcc elementor-widget elementor-widget-text-editor\" data-id=\"4e49fcc\" data-element_type=\"widget\" data-e-type=\"widget\" data-widget_type=\"text-editor.default\">\n\t\t\t\t\t\t\t\t\t<p>Marena var ikke begrenset til bestemte regioner, men var universelt kjent og dyrket i den slaviske verden. Enten i urbane sentre eller landlige omr\u00e5der, blant eliten eller vanlige mennesker, var den spirituelle betydningen konsekvent anerkjent og respektert.<\/p><p>Dyrkingen av, eller snarere utdrivelsen av, Marena var utbredt over hele det slavisk bosatte omr\u00e5det, selv om navnet varierer regionalt: Marzanna i Polen, Morana i Tsjekkia og Slovakia, Mara eller Morena i andre omr\u00e5der.<\/p><p>Dette spr\u00e5klige mangfoldet peker p\u00e5 en felles eldre opprinnelse. Gjennom naboskap, vandring og utveksling mellom de slaviske samfunnene spredte v\u00e5rritualet seg over store omr\u00e5der, samtidig som forl\u00f8pet, det \u00e5 b\u00e6re og tilintetgj\u00f8re dukken, forble sammenlignbart tvers over regionene.<\/p>\t\t\t\t\t\t\t\t<\/div>\n\t\t\t\t\t<\/div>\n\t\t\t\t<\/div>\n\t\t\t\t<\/div>\n\t\t<div class=\"elementor-element elementor-element-db03c39 e-con-full e-flex e-con e-child\" data-id=\"db03c39\" data-element_type=\"container\" data-e-type=\"container\">\n\t\t<div class=\"elementor-element elementor-element-229a87b e-flex e-con-boxed e-con e-child\" data-id=\"229a87b\" data-element_type=\"container\" data-e-type=\"container\">\n\t\t\t\t\t<div class=\"e-con-inner\">\n\t\t\t\t<div class=\"elementor-element elementor-element-1f471fc elementor-widget elementor-widget-heading\" data-id=\"1f471fc\" data-element_type=\"widget\" data-e-type=\"widget\" data-widget_type=\"heading.default\">\n\t\t\t\t\t<h3 class=\"elementor-heading-title elementor-size-default\">Kildesituasjon<\/h3>\t\t\t\t<\/div>\n\t\t\t\t<div class=\"elementor-element elementor-element-36b1201 elementor-widget elementor-widget-text-editor\" data-id=\"36b1201\" data-element_type=\"widget\" data-e-type=\"widget\" data-widget_type=\"text-editor.default\">\n\t\t\t\t\t\t\t\t\t<p>Marena er dokumentert i <span class=\"iwg-fachbegriff\" data-tooltip=\"Den overleverte folkekulturen med skikker, fortellinger og sanger.\" tabindex=\"0\">folklore<\/span>-prim\u00e6rkilder, s\u00e6rlig i slaviske eventyr og folkeviser (Sbornik russkich narodnych pesen, samlinger av russiske folkeviser). Direkte litter\u00e6re prim\u00e6rkilder er sene og usystematiske.<\/p><p>Sekund\u00e6rlitteratur: Nora Chadwick (The Slavic Peoples), Mathieu-Colas (Dictionnaire de <span class=\"iwg-fachbegriff\" data-tooltip=\"Helheten av overleverte fortellinger om guder i en kultur.\" tabindex=\"0\">mytologi<\/span> Slave), Linda J. Ivanits (Russian Folk Belief), Vladimir Toporov og Vjatsjeslav Ivanov (Toporov-Ivanov-skolen for indoeuropeisk <span class=\"iwg-fachbegriff\" data-tooltip=\"Helheten av overleverte fortellinger om guder i en kultur.\" tabindex=\"0\">mytologi<\/span>-rekonstruksjon). Konseptet Marena er rekonstruert ut fra folkeskikker og planteritualer, ikke fra kanoniske tekster slik som de kinesiske gudene.<\/p>\t\t\t\t\t\t\t\t<\/div>\n\t\t\t\t\t<\/div>\n\t\t\t\t<\/div>\n\t\t\t\t<\/div>\n\t\t\t\t\t<\/div>\n\t\t\t\t<\/div>\n\t\t<div class=\"elementor-element elementor-element-3ae0637c e-flex e-con-boxed e-con e-parent\" data-id=\"3ae0637c\" data-element_type=\"container\" data-e-type=\"container\">\n\t\t\t\t\t<div class=\"e-con-inner\">\n\t\t\t\t<div class=\"elementor-element elementor-element-31d07739 elementor-widget elementor-widget-heading\" data-id=\"31d07739\" data-element_type=\"widget\" data-e-type=\"widget\" data-widget_type=\"heading.default\">\n\t\t\t\t\t<h2 class=\"elementor-heading-title elementor-size-default\">Betegnelse og skrivem\u00e5ter<\/h2>\t\t\t\t<\/div>\n\t\t<div class=\"elementor-element elementor-element-b7642947 e-con-full e-flex e-con e-child\" data-id=\"b7642947\" data-element_type=\"container\" data-e-type=\"container\">\n\t\t\t\t<div class=\"elementor-element elementor-element-a086266 elementor-widget elementor-widget-text-editor\" data-id=\"a086266\" data-element_type=\"widget\" data-e-type=\"widget\" data-widget_type=\"text-editor.default\">\n\t\t\t\t\t\t\t\t\t<p>Marena fremstilles med bestemte ikonografiske elementer som er symbolsk kodet og b\u00e6rer dyp betydning. Disse elementene formidler sentralt funksjonene, maktkildene, ansvarsomr\u00e5det og den kosmiske rollen til denne entiteten. Det visuelle systemet gj\u00f8r det mulig for innvidde og kulturelt kunnskapsrike \u00e5 forst\u00e5 den dypere betydningen.<\/p><p>Marena, ogs\u00e5 kalt Morana eller Marzanna, blir f\u00f8rst og fremst h\u00e5ndgripelig gjennom ritualet med hennes dukke. Denne flettes av str\u00e5, kl\u00e6des med t\u00f8yrester og b\u00e5nd, og utstyres med hvite t\u00f8rkl\u00e6r eller en lys kappe som symbolsk representerer d\u00f8d og vinter. I noen regioner b\u00e6rer figuren en krans eller kjeder av eggeskall.<\/p><p>I motsetning til en fast gudefremstilling er det her den \u00e5rlig nylagede dukken som st\u00e5r i sentrum, og hvis utseende varierer lokalt, men gjentar seg i grunntrekkene. Forbindelsen mellom str\u00e5, lyst t\u00f8y og vintertegn viser til hennes rolle som en inkarnasjon av den avd\u00f8de, kalde \u00e5rstiden.<\/p>\t\t\t\t\t\t\t\t<\/div>\n\t\t\t\t<\/div>\n\t\t\t\t\t<\/div>\n\t\t\t\t<\/div>\n\t\t<div class=\"elementor-element elementor-element-709a44a8 e-flex e-con-boxed e-con e-parent\" data-id=\"709a44a8\" data-element_type=\"container\" data-e-type=\"container\">\n\t\t\t\t\t<div class=\"e-con-inner\">\n\t\t\t\t<div class=\"elementor-element elementor-element-2f585873 elementor-widget elementor-widget-heading\" data-id=\"2f585873\" data-element_type=\"widget\" data-e-type=\"widget\" data-widget_type=\"heading.default\">\n\t\t\t\t\t<h2 class=\"elementor-heading-title elementor-size-default\">Kjennetegn<\/h2>\t\t\t\t<\/div>\n\t\t<div class=\"elementor-element elementor-element-70621c12 e-con-full e-flex e-con e-child\" data-id=\"70621c12\" data-element_type=\"container\" data-e-type=\"container\">\n\t\t\t\t<div class=\"elementor-element elementor-element-4296eb49 elementor-widget elementor-widget-text-editor\" data-id=\"4296eb49\" data-element_type=\"widget\" data-e-type=\"widget\" data-widget_type=\"text-editor.default\">\n\t\t\t\t\t\t\t\t\t<p>Marena stod sentralt i den religi\u00f8se praksisen og den daglige forst\u00e5elsen hos de slaviske folkene. Menneskene vendte seg til denne skikkelsen i kritiske situasjoner eller p\u00e5 bestemte rituelle tider i \u00e5ret, med strukturerte ritualer, b\u00f8nner eller offergaver. Praksisen ble overlevert n\u00f8yaktig og ble ofte ledet av prester eller spesialister.<\/p><p>Skikkene knyttet til Marena hadde en klar \u00e5rstidsfunksjon. Ved slutten av vinteren, tradisjonelt rundt v\u00e5rjevnd\u00f8gn, ble Marzanna-dukken b\u00e5ret gjennom landsbyen i en prosesjon, deretter brent eller kastet i rennende vann, noen ganger begge deler etter hverandre.<\/p><p>Dette skulle symbolisk drive bort vinteren og fremme v\u00e5rens og fruktbarhetens komme. Skikken ble videref\u00f8rt gjennom lang tid i slaviske omr\u00e5der fordi den markerte overgangen til vekstsesongen og ble feiret i fellesskap.<\/p><h3>Erscheinung und Symbolik<\/h3><p>Marena fremst\u00e5r som en tynn, gammel kvinne, kledd i hvitt eller i likkl\u00e6r. Hun assosieres med frost og sn\u00f8. I noen fremstillinger b\u00e6rer hun en lj\u00e5. Hvitt og gr\u00e5tt er hennes farger.<\/p>\t\t\t\t\t\t\t\t<\/div>\n\t\t\t\t<\/div>\n\t\t\t\t\t<\/div>\n\t\t\t\t<\/div>\n\t\t<div class=\"elementor-element elementor-element-44e71476 e-flex e-con-boxed e-con e-parent\" data-id=\"44e71476\" data-element_type=\"container\" data-e-type=\"container\">\n\t\t\t\t\t<div class=\"e-con-inner\">\n\t\t\t\t<div class=\"elementor-element elementor-element-3c1fc3f0 elementor-widget elementor-widget-heading\" data-id=\"3c1fc3f0\" data-element_type=\"widget\" data-e-type=\"widget\" data-widget_type=\"heading.default\">\n\t\t\t\t\t<h2 class=\"elementor-heading-title elementor-size-default\">Steckbrief: Marena<\/h2>\t\t\t\t<\/div>\n\t\t<div class=\"elementor-element elementor-element-84f33b8e e-con-full e-flex e-con e-child\" data-id=\"84f33b8e\" data-element_type=\"container\" data-e-type=\"container\">\n\t\t\t\t<div class=\"elementor-element elementor-element-hqkdc67p elementor-widget elementor-widget-text-editor\" data-id=\"hqkdc67p\" data-element_type=\"widget\" data-e-type=\"widget\" data-widget_type=\"text-editor.default\">\n\t\t\t\t\t\t\t\t\t<p>Steckbrief behandler Marena fra seks perspektiver: hennes kosmologiske opphav som vinter- og d\u00f8dsgudinne, gruppene bak hennes rituelle tilbedelse (b\u00f8nder, sesongbasert), hennes ikonografi og m\u00f8rke fremtoning, hennes rolle i d\u00f8dsritualer og bekreftelse av \u00e5rssyklusen, samt paralleller i n\u00e6rst\u00e5ende kulturer. Disse dimensjonene viser hennes sentrale rolle i det slaviske \u00e5rshjul-systemet.<\/p>\t\t\t\t\t\t\t\t<\/div>\n\t\t\t\t<\/div>\n\t\t<div class=\"elementor-element elementor-element-pemmx7c5 e-con-full e-flex e-con e-child\" data-id=\"pemmx7c5\" data-element_type=\"container\" data-e-type=\"container\">\n\t\t<div class=\"elementor-element elementor-element-pemmx7c1 e-con-full e-flex e-con e-child\" data-id=\"pemmx7c1\" data-element_type=\"container\" data-e-type=\"container\">\n\t\t<div class=\"elementor-element elementor-element-qh9oavvu iwg-steckbrief-card e-flex e-con-boxed e-con e-child\" data-id=\"qh9oavvu\" data-element_type=\"container\" data-e-type=\"container\">\n\t\t\t\t\t<div class=\"e-con-inner\">\n\t\t\t\t<div class=\"elementor-element elementor-element-awzx8k2k elementor-widget elementor-widget-heading\" data-id=\"awzx8k2k\" data-element_type=\"widget\" data-e-type=\"widget\" data-widget_type=\"heading.default\">\n\t\t\t\t\t<div class=\"elementor-heading-title elementor-size-default\">Marenas opphav<\/div>\t\t\t\t<\/div>\n\t\t\t\t<div class=\"elementor-element elementor-element-x6rowhv0 elementor-widget elementor-widget-text-editor\" data-id=\"x6rowhv0\" data-element_type=\"widget\" data-e-type=\"widget\" data-widget_type=\"text-editor.default\">\n\t\t\t\t\t\t\t\t\t<p>Marena knyttes geografisk og kosmologisk til vinteren og nord. Hennes kulturelle opphav er proto-slavisk, sannsynligvis forhistorisk, siden vintergudinner finnes i mange indoeuropeiske kulturer. Skriftlige belegg er sene og ofte kristent forvrengt.<\/p><p>Religionshistorisk forst\u00e5s Marena som en spesialisering av en generell d\u00f8dsog gjenf\u00f8delsesgudinne, hvis funksjon ble befestet gjennom sesongbaserte landbrukssykluser. Hennes navn kan stamme fra slavisk-indoeuropeisk *mer (d\u00f8).<\/p>\t\t\t\t\t\t\t\t<\/div>\n\t\t\t\t\t<\/div>\n\t\t\t\t<\/div>\n\t\t<div class=\"elementor-element elementor-element-8e3o4kxs iwg-steckbrief-card e-flex e-con-boxed e-con e-child\" data-id=\"8e3o4kxs\" data-element_type=\"container\" data-e-type=\"container\">\n\t\t\t\t\t<div class=\"e-con-inner\">\n\t\t\t\t<div class=\"elementor-element elementor-element-08rkdgov elementor-widget elementor-widget-heading\" data-id=\"08rkdgov\" data-element_type=\"widget\" data-e-type=\"widget\" data-widget_type=\"heading.default\">\n\t\t\t\t\t<div class=\"elementor-heading-title elementor-size-default\">Rettet mot<\/div>\t\t\t\t<\/div>\n\t\t\t\t<div class=\"elementor-element elementor-element-uwjelx8s elementor-widget elementor-widget-text-editor\" data-id=\"uwjelx8s\" data-element_type=\"widget\" data-e-type=\"widget\" data-widget_type=\"text-editor.default\">\n\t\t\t\t\t\t\t\t\t<p>Marena ble f\u00f8rst og fremst dyrket av b\u00f8nder og gjetere i vinterritualer, s\u00e6rlig i overgangsfaser (f\u00f8rste sn\u00f8fall, vintersolverv, vinterens slutt). Fester og ritualer som Maslenica (sm\u00f8rfesten, vinteravskjeds-<span class=\"iwg-fachbegriff\" data-tooltip=\"En regelbundet rekke symbolske handlinger med religi\u00f8s eller kulturell betydning.\" tabindex=\"0\">ritual<\/span>) var anledninger knyttet til Marena.<\/p><p>Kvinner hadde spesielle roller i Marena-ritualene: \u00e5 tenne b\u00e5l eller lage Marena-figurer (dukker) som deretter ble brent eller kastet i elver (\u00e5 jage bort Marena). Dyrkelsen var sesongbasert og syklisk, ikke hel\u00e5rlig som med Domovoi.<\/p>\t\t\t\t\t\t\t\t<\/div>\n\t\t\t\t\t<\/div>\n\t\t\t\t<\/div>\n\t\t<div class=\"elementor-element elementor-element-jm2n74ec iwg-steckbrief-card e-flex e-con-boxed e-con e-child\" data-id=\"jm2n74ec\" data-element_type=\"container\" data-e-type=\"container\">\n\t\t\t\t\t<div class=\"e-con-inner\">\n\t\t\t\t<div class=\"elementor-element elementor-element-8vufse4c elementor-widget elementor-widget-heading\" data-id=\"8vufse4c\" data-element_type=\"widget\" data-e-type=\"widget\" data-widget_type=\"heading.default\">\n\t\t\t\t\t<div class=\"elementor-heading-title elementor-size-default\">Erscheinungsbild<\/div>\t\t\t\t<\/div>\n\t\t\t\t<div class=\"elementor-element elementor-element-mwb9u015 elementor-widget elementor-widget-text-editor\" data-id=\"mwb9u015\" data-element_type=\"widget\" data-e-type=\"widget\" data-widget_type=\"text-editor.default\">\n\t\t\t\t\t\t\t\t\t<p>Marena fremstilles som en skj\u00f8nn, men m\u00f8rk kvinne, ofte i m\u00f8rke kl\u00e6r med hvitt eller gr\u00e5tt h\u00e5r. Attributter er sn\u00f8, is, knokler, en sigd (skj\u00e6rer som Parcerne) eller et flamme<span class=\"iwg-fachbegriff\" data-tooltip=\"Ett tegn som representerer en forestilling eller betydning.\" tabindex=\"0\">symbol<\/span>. Hun vises noen ganger med vinger, for \u00e5 antyde hennes hurtighet og uunng\u00e5elighet.<\/p><p>I folkekunst fremstilles hun som skremmende og fascinerende p\u00e5 samme tid. Farger er hvitt (sn\u00f8), svart (m\u00f8rke) og r\u00f8dt (liv og ild). Ikonografien er skremmende, men ikke overdrevent ond, snarere melankolsk-<span class=\"iwg-fachbegriff\" data-tooltip=\"Tilh\u00f8rende det guddommelige og derved unntatt fra daglig bruk.\" tabindex=\"0\">hellig<\/span>.<\/p>\t\t\t\t\t\t\t\t<\/div>\n\t\t\t\t\t<\/div>\n\t\t\t\t<\/div>\n\t\t\t\t<\/div>\n\t\t<div class=\"elementor-element elementor-element-pemmx7c2 e-con-full e-flex e-con e-child\" data-id=\"pemmx7c2\" data-element_type=\"container\" data-e-type=\"container\">\n\t\t<div class=\"elementor-element elementor-element-37ss2yr6 iwg-steckbrief-card e-flex e-con-boxed e-con e-child\" data-id=\"37ss2yr6\" data-element_type=\"container\" data-e-type=\"container\">\n\t\t\t\t\t<div class=\"e-con-inner\">\n\t\t\t\t<div class=\"elementor-element elementor-element-3v0wp3wx elementor-widget elementor-widget-heading\" data-id=\"3v0wp3wx\" data-element_type=\"widget\" data-e-type=\"widget\" data-widget_type=\"heading.default\">\n\t\t\t\t\t<div class=\"elementor-heading-title elementor-size-default\">Virksomhet<\/div>\t\t\t\t<\/div>\n\t\t\t\t<div class=\"elementor-element elementor-element-w3247g2m elementor-widget elementor-widget-text-editor\" data-id=\"w3247g2m\" data-element_type=\"widget\" data-e-type=\"widget\" data-widget_type=\"text-editor.default\">\n\t\t\t\t\t\t\t\t\t<p><strong>Wirkungsbereich:<\/strong> Marena (ogs\u00e5 Morena, Mara) symboliserer vinteren, d\u00f8den og grensen mellom livet og det hinsidige. Hun er gudinne for forr\u00e5tnelse og gjenf\u00f8delse, hvert \u00e5r brennes dukken hennes (brenneritualet) for \u00e5 drive bort vinteren og hente v\u00e5ren.<\/p><p>Hun rir p\u00e5 hvite hester over sn\u00f8 og is. Hun er ikke ondsinnet, men n\u00f8dvendig, kraften som lar alt eldes og bli f\u00f8dt p\u00e5 ny.<\/p>\t\t\t\t\t\t\t\t<\/div>\n\t\t\t\t\t<\/div>\n\t\t\t\t<\/div>\n\t\t<div class=\"elementor-element elementor-element-0qpjal9w iwg-steckbrief-card e-flex e-con-boxed e-con e-child\" data-id=\"0qpjal9w\" data-element_type=\"container\" data-e-type=\"container\">\n\t\t\t\t\t<div class=\"e-con-inner\">\n\t\t\t\t<div class=\"elementor-element elementor-element-6ndoih0o elementor-widget elementor-widget-heading\" data-id=\"6ndoih0o\" data-element_type=\"widget\" data-e-type=\"widget\" data-widget_type=\"heading.default\">\n\t\t\t\t\t<div class=\"elementor-heading-title elementor-size-default\">Marenas Abwehr<\/div>\t\t\t\t<\/div>\n\t\t\t\t<div class=\"elementor-element elementor-element-6684tyh9 elementor-widget elementor-widget-text-editor\" data-id=\"6684tyh9\" data-element_type=\"widget\" data-e-type=\"widget\" data-widget_type=\"text-editor.default\">\n\t\t\t\t\t\t\t\t\t<p>Marena er en kosmisk gudinne, verken god eller ond, men n\u00f8dvendig. Tilbedelsen skjer gjennom sesongbaserte ritualer for \u00e5 anerkjenne hennes makt og be om en mild vinter eller en rask v\u00e5r.<\/p><p>Marena-dukke<span class=\"iwg-fachbegriff\" data-tooltip=\"Eine geregelte Abfolge symbolischer Handlungen mit religi\u00f6ser oder kultureller Bedeutung.\" tabindex=\"0\">ritualet<\/span> (fastelavnsfesten) var en blanding av tilbedelse og symbolsk fordrivelse: Dukken (Marena) ble brent eller kastet i vannet for \u00e5 avslutte vinteren og fremkalle v\u00e5ren. Beskyttelsesritualer bestod av flammesymboler og b\u00f8nner. Tilbedelsen var kosmisk-syklisk og anerkjente Marena som en n\u00f8dvendig kraft i \u00e5rets gang, ikke som en fiendtlig skikkelse man skulle bekjempe.<\/p>\t\t\t\t\t\t\t\t<\/div>\n\t\t\t\t\t<\/div>\n\t\t\t\t<\/div>\n\t\t<div class=\"elementor-element elementor-element-3lfi7x32 iwg-steckbrief-card e-flex e-con-boxed e-con e-child\" data-id=\"3lfi7x32\" data-element_type=\"container\" data-e-type=\"container\">\n\t\t\t\t\t<div class=\"e-con-inner\">\n\t\t\t\t<div class=\"elementor-element elementor-element-0kg99ga1 elementor-widget elementor-widget-heading\" data-id=\"0kg99ga1\" data-element_type=\"widget\" data-e-type=\"widget\" data-widget_type=\"heading.default\">\n\t\t\t\t\t<div class=\"elementor-heading-title elementor-size-default\">Beslektede vesener<\/div>\t\t\t\t<\/div>\n\t\t\t\t<div class=\"elementor-element elementor-element-n0fum6kp elementor-widget elementor-widget-text-editor\" data-id=\"n0fum6kp\" data-element_type=\"widget\" data-e-type=\"widget\" data-widget_type=\"text-editor.default\">\n\t\t\t\t\t\t\t\t\t<p>Sammenlignbare er andre guder for vinter og d\u00f8d: Hades eller Persefone i den greskromerske tradisjonen (d\u00f8dsguder), den norr\u00f8ne Hel (d\u00f8dsrikets gudinne), Hekate i den greske <span class=\"iwg-fachbegriff\" data-tooltip=\"Samlingen av overleverte gudefortellinger i en kultur.\" tabindex=\"0\">mytologien<\/span> (gudinne for terskler og d\u00f8d), og Kali i hinduismen (gudinne for \u00f8deleggelse og gjenf\u00f8delse). Alle har til felles den ambivalente naturen mellom \u00f8deleggelse og fornyelse samt syklusaspektet.<\/p>\t\t\t\t\t\t\t\t<\/div>\n\t\t\t\t\t<\/div>\n\t\t\t\t<\/div>\n\t\t\t\t<\/div>\n\t\t\t\t<\/div>\n\t\t\t\t\t<\/div>\n\t\t\t\t<\/div>\n\t\t<div class=\"elementor-element elementor-element-5a584676 e-flex e-con-boxed e-con e-parent\" data-id=\"5a584676\" data-element_type=\"container\" data-e-type=\"container\">\n\t\t\t\t\t<div class=\"e-con-inner\">\n\t\t\t\t<div class=\"elementor-element elementor-element-6d0757bf elementor-widget elementor-widget-heading\" data-id=\"6d0757bf\" data-element_type=\"widget\" data-e-type=\"widget\" data-widget_type=\"heading.default\">\n\t\t\t\t\t<h2 class=\"elementor-heading-title elementor-size-default\">Marena, paralleller i andre kulturer<\/h2>\t\t\t\t<\/div>\n\t\t<div class=\"elementor-element elementor-element-60563f68 e-con-full e-flex e-con e-child\" data-id=\"60563f68\" data-element_type=\"container\" data-e-type=\"container\">\n\t\t\t\t<div class=\"elementor-element elementor-element-5a93fdd6 elementor-widget elementor-widget-text-editor\" data-id=\"5a93fdd6\" data-element_type=\"widget\" data-e-type=\"widget\" data-widget_type=\"text-editor.default\">\n\t\t\t\t\t\t\t\t\t<p>Marena tilh\u00f8rer rekken av sesongbaserte d\u00f8dsgudinner og fornyelsesgudinner, og hun paralleliserer komposisjonelt den hellenistiske Persefone og den egyptiske s\u00f8rgende Isis. Hennes vinter-v\u00e5r-syklus blir i slavisk <span class=\"iwg-fachbegriff\" data-tooltip=\"Summen av overleverte skikker i et samfunn.\" tabindex=\"0\">skikk<\/span> konkret satt om i <span class=\"iwg-fachbegriff\" data-tooltip=\"Tilh\u00f8rende et fastlagt religi\u00f8st handlingsforl\u00f8p.\" tabindex=\"0\">ritualisert<\/span> form gjennom brenning eller drukning av en halmdukke, en praksis som i denne formen ikke har noen direkte motsvarighet i Middelhavsomr\u00e5det.<\/p>\n<p><strong>J\u00f8disk tradisjon:<\/strong> I j\u00f8dedommen finnes ingen direkte gudinne for vinter eller d\u00f8d slik som Marena. Guden JHVH kontrollerer \u00e5rstider og d\u00f8d, men blir ikke antropomorfisert som en kvinnelig gudinne. Kabbalahen kjenner imidlertid Binah som \u00abmor\u00bb og kosmisk motmakt (Gevurah\/Rigor som destruktiv side), noe som gir en fjern begrepsmessig parallell.<\/p><p><strong>Den gresk-romerske verden:<\/strong> Persefone som underverdenens dronning og <span class=\"iwg-fachbegriff\" data-tooltip=\"Et tegn som representerer en forestilling eller betydning.\" tabindex=\"0\">symbol<\/span> p\u00e5 vinteren (et halvt \u00e5r under jorden) ligner p\u00e5 Marena. Ogs\u00e5 Hekate er en gudinne for m\u00f8rke og overganger. Forskjellen er at Persefone og Hekate i st\u00f8rre grad er mytologiske figurer med stabile roller enn kosmiske sykliske gudinner som Marena. Hekate er trollkvinne og vokter, ikke en \u00e5rstidsgudinne.<\/p><p><strong>Mesopotamia:<\/strong> Gudinnen Ereshkigal hersker over underverdenen (Kur), p\u00e5 liknende vis som Marenas herred\u00f8mme over vinteren. Men Ereshkigal er ikke sesongbasert; hun er statisk i sitt underverdensdomene. Det finnes ingen \u00e5rstidssyklus-aspekt som hos Marena.<\/p><p><strong>India\/Asia:<\/strong> Kali eller Durga i hinduismen personifiserer en destruktiv-regenererende kvinnelighet som ligner Marena. I taoismen finnes Yin (m\u00f8rkt, kj\u00f8lig) som et prinsipp som svarer til vinteren, men ikke som en personifisert gudinne. I japansk <span class=\"iwg-fachbegriff\" data-tooltip=\"Religi\u00f8st system der spesialister kommuniserer med \u00e5ndeverdenen.\" tabindex=\"0\">sjamanisme<\/span> finnes underverdensguder som Izanami, som er forbundet med d\u00f8d. Fellestrekket for alle disse tradisjonene er d\u00f8dens kvinnelighet og syklisk regenerasjon.<\/p>\t\t\t\t\t\t\t\t<\/div>\n\t\t\t\t<\/div>\n\t\t\t\t\t<\/div>\n\t\t\t\t<\/div>\n\t\t<div class=\"elementor-element elementor-element-cpd5d54a1 e-flex e-con-boxed e-con e-parent\" data-id=\"cpd5d54a1\" data-element_type=\"container\" data-e-type=\"container\">\n\t\t\t\t\t<div class=\"e-con-inner\">\n\t\t\t\t<div class=\"elementor-element elementor-element-cpe274c99 elementor-widget elementor-widget-heading\" data-id=\"cpe274c99\" data-element_type=\"widget\" data-e-type=\"widget\" data-widget_type=\"heading.default\">\n\t\t\t\t\t<h2 class=\"elementor-heading-title elementor-size-default\">Problemet med kildene til den slaviske gudeverdenen<\/h2>\t\t\t\t<\/div>\n\t\t<div class=\"elementor-element elementor-element-cp7d012d9 e-con-full e-flex e-con e-child\" data-id=\"cp7d012d9\" data-element_type=\"container\" data-e-type=\"container\">\n\t\t\t\t<div class=\"elementor-element elementor-element-cp0032283 elementor-widget elementor-widget-text-editor\" data-id=\"cp0032283\" data-element_type=\"widget\" data-e-type=\"widget\" data-widget_type=\"text-editor.default\">\n\t\t\t\t\t\t\t\t\t<p>Den som n\u00e6rmer seg Marena, ogs\u00e5 kalt Morana, Mara eller Marzanna, m\u00e5 f\u00f8rst ta i betraktning den vanskelige kildesituasjonen omkring slavisk religion.<\/p><p>De hedenske slaverne etterlot seg ingen egne religi\u00f8se tekster, kristningen skjedde over flere hundre \u00e5r, og det vi vet om deres guder, stammer i hovedsak fra tre typer kilder: rapporter fra kristne kr\u00f8nikeskrivere, senere kirkelige forbudsskrifter mot hedenske skikker, og den folkeminnevitenskapelige <span class=\"iwg-fachbegriff\" data-tooltip=\"Overf\u00f8ring av kunnskap og fortellinger gjennom generasjoner.\" tabindex=\"0\">overleveringen<\/span> fra nyere tid.<\/p><p>N\u00e5r det gjelder Marena, er den middelalderske dokumentasjonen tynn. I motsetning til for eksempel den \u00f8stslaviske Perun opptrer hun sjelden i de tidlige kr\u00f8nikene som en dyrket <span class=\"iwg-fachbegriff\" data-tooltip=\"Et vesen som blir tilbedt som gudommelig innenfor en religion.\" tabindex=\"0\">gudom<\/span>.<\/p><p>Det som er kjent om henne, bygger f\u00f8rst og fremst p\u00e5 sene kilder fra det vestslaviske omr\u00e5det, s\u00e6rlig fra Polen, Tsjekkia og Slovakia, samt p\u00e5 v\u00e5rskikkene som levde videre langt inn i nyere tid.<\/p><p>En viktig og ofte sitert kilde er den polske kr\u00f8nikeskriveren Jan D\u0142ugosz fra det femtende \u00e5rhundre, som i sin historie om Polen fors\u00f8kte \u00e5 likestille de gamle slaviske gudene med romerske gudeskikkelser. Slike l\u00e6rde konstruksjoner m\u00e5 behandles med varsomhet, ettersom de tolker det slaviske materialet gjennom en <span class=\"iwg-fachbegriff\" data-tooltip=\"Epoke i gresk og romersk kultur, ca. 800 f.Kr. til 600 e.Kr.\" tabindex=\"0\">antikk<\/span> linse.<\/p><p>Den religionsvitenskapelige konsekvensen er klar. Det finnes ikke noe sikkert, enhetlig bilde av en gudinne Marena fra hedensk tid. Sikkert holdbart er f\u00f8rst og fremst den ritualiserte figuren i v\u00e5rskikken, en halmdukke kalt Marzanna eller Morena, som b\u00e6res ut og tilintetgj\u00f8res.<\/p><p>Om og i hvilken form det bak dette st\u00e5r en virkelig tilbedt <span class=\"iwg-fachbegriff\" data-tooltip=\"Et vesen som blir tilbedt som gudommelig innenfor en religion.\" tabindex=\"0\">gudom<\/span> hos de hedenske slaverne, er omstridt i forskningen. Denne usikkerheten er en del av en \u00e6rlig fremstilling av figuren.<\/p>\t\t\t\t\t\t\t\t<\/div>\n\t\t\t\t<\/div>\n\t\t\t\t\t<\/div>\n\t\t\t\t<\/div>\n\t\t<div class=\"elementor-element elementor-element-cpd610a66 e-flex e-con-boxed e-con e-parent\" data-id=\"cpd610a66\" data-element_type=\"container\" data-e-type=\"container\">\n\t\t\t\t\t<div class=\"e-con-inner\">\n\t\t\t\t<div class=\"elementor-element elementor-element-cp75c7cd5 elementor-widget elementor-widget-heading\" data-id=\"cp75c7cd5\" data-element_type=\"widget\" data-e-type=\"widget\" data-widget_type=\"heading.default\">\n\t\t\t\t\t<h2 class=\"elementor-heading-title elementor-size-default\">Utb\u00e6ringen av Marzanna som v\u00e5rritual<\/h2>\t\t\t\t<\/div>\n\t\t<div class=\"elementor-element elementor-element-cp5897b73 e-con-full e-flex e-con e-child\" data-id=\"cp5897b73\" data-element_type=\"container\" data-e-type=\"container\">\n\t\t\t\t<div class=\"elementor-element elementor-element-cpb48ef19 elementor-widget elementor-widget-text-editor\" data-id=\"cpb48ef19\" data-element_type=\"widget\" data-e-type=\"widget\" data-widget_type=\"text-editor.default\">\n\t\t\t\t\t\t\t\t\t<p>Marena er sikrest \u00e5 belegge i den vidt utbredte vestslaviske <span class=\"iwg-fachbegriff\" data-tooltip=\"En overlevert handling som gjentas regelmessig i et samfunn.\" tabindex=\"0\">skikken<\/span> ved v\u00e5rens begynnelse, som fremdeles ut\u00f8ves i Polen, Tsjekkia, Slovakia og tilst\u00f8tende omr\u00e5der i dag.<\/p><p>I sentrum st\u00e5r en dukke av str\u00e5, ofte kl\u00e6dd i kvinnelige kl\u00e6r, som kalles Marzanna, Morena eller lignende navn. Hun symboliserer vinteren, d\u00f8den og den kalde \u00e5rstidens stivhet.<\/p><p>Denne <span class=\"iwg-fachbegriff\" data-tooltip=\"En overlevert handling som gjentas regelmessig i et samfunn.\" tabindex=\"0\">skikken<\/span> ut\u00f8ves tradisjonelt omkring den astronomiske v\u00e5rjevnd\u00f8gn eller p\u00e5 den fjerde fastes\u00f8ndagen. Samfunnet, ofte barn og ungdom, b\u00e6rer dukken i et opptog gjennom landsbyen og deretter ut av den, ofte mens de synger.<\/p><p>Til slutt blir Marzanna \u00f8delagt: hun brennes, kastes i et rennende vann, eller begge deler etter hverandre. P\u00e5 mange steder anses det som farlig \u00e5 r\u00f8re den forsvinnende dukken eller \u00e5 se seg tilbake mot henne mens man g\u00e5r bort.<\/p><p>Ofte f\u00f8lges bortb\u00e6ringen av Marzanna av en motsatt handling: \u00e5 hente inn v\u00e5ren eller sommeren, symbolisert ved en gr\u00f8nn kvist, et pyntet lite tre eller en annen dukke. <span class=\"iwg-fachbegriff\" data-tooltip=\"En overlevert handling som gjentas regelmessig i et samfunn.\" tabindex=\"0\">Skikken<\/span> er dermed et todelt <span class=\"iwg-fachbegriff\" data-tooltip=\"En regelfastsatt rekke symbolske handlinger med religi\u00f8s eller kulturell betydning.\" tabindex=\"0\">ritual<\/span>: d\u00f8den og den kalde vinteren drives ut, livet og den varme \u00e5rstiden hentes inn.<\/p><p>Folkloristisk tolkes denne <span class=\"iwg-fachbegriff\" data-tooltip=\"En overlevert handling som gjentas regelmessig i et samfunn.\" tabindex=\"0\">skikken<\/span> som et overgangs- og renselsesritual som f\u00f8lger \u00e5rstidsskiftet og hjelper det p\u00e5 vei <span class=\"iwg-fachbegriff\" data-tooltip=\"Tilh\u00f8rende et fastsatt religi\u00f8st handlingsforl\u00f8p.\" tabindex=\"0\">rituelt<\/span>. Den middelalderske kirken kjempet mot bortb\u00e6ringen av slike dukker, noe som viser at <span class=\"iwg-fachbegriff\" data-tooltip=\"En overlevert handling som gjentas regelmessig i et samfunn.\" tabindex=\"0\">skikken<\/span> ble opplevd som <span class=\"iwg-fachbegriff\" data-tooltip=\"Fra et kristent synspunkt: tilh\u00f8rende en f\u00f8rkristen eller ikke-kristen religion.\" tabindex=\"0\">hedensk<\/span>, og nettopp denne kirkelige motstanden er en av de viktigste kildene til dens alder.<\/p><p>Om dukken opprinnelig forestilte en gudinne, eller om hun fra begynnelsen var en personifisering av vinteren, kan ikke avgj\u00f8res av <span class=\"iwg-fachbegriff\" data-tooltip=\"En overlevert handling som gjentas regelmessig i et samfunn.\" tabindex=\"0\">skikken<\/span> alene.<\/p>\t\t\t\t\t\t\t\t<\/div>\n\t\t\t\t<\/div>\n\t\t\t\t\t<\/div>\n\t\t\t\t<\/div>\n\t\t<div class=\"elementor-element elementor-element-cp212838e e-flex e-con-boxed e-con e-parent\" data-id=\"cp212838e\" data-element_type=\"container\" data-e-type=\"container\">\n\t\t\t\t\t<div class=\"e-con-inner\">\n\t\t\t\t<div class=\"elementor-element elementor-element-cp6060732 elementor-widget elementor-widget-heading\" data-id=\"cp6060732\" data-element_type=\"widget\" data-e-type=\"widget\" data-widget_type=\"heading.default\">\n\t\t\t\t\t<h2 class=\"elementor-heading-title elementor-size-default\">Marena som d\u00f8dens og vinterens gudinne<\/h2>\t\t\t\t<\/div>\n\t\t<div class=\"elementor-element elementor-element-cp0bac407 e-con-full e-flex e-con e-child\" data-id=\"cp0bac407\" data-element_type=\"container\" data-e-type=\"container\">\n\t\t\t\t<div class=\"elementor-element elementor-element-cpc986f3f elementor-widget elementor-widget-text-editor\" data-id=\"cpc986f3f\" data-element_type=\"widget\" data-e-type=\"widget\" data-widget_type=\"text-editor.default\">\n\t\t\t\t\t\t\t\t\t<p>Ut fra v\u00e5rskikken og ut fra spr\u00e5klige spor har forskningen rekonstruert bildet av en slavisk gudinne for d\u00f8d, vinter og stivhet, samtidig som denne rekonstruksjonens hypotetiske karakter alltid m\u00e5 understrekes.<\/p><p>Selve navnet gir et holdepunkt: det tilh\u00f8rer en ordfamilie knyttet til en indoeuropeisk rot med betydningen d\u00f8, som ogs\u00e5 latinsk <em>mors<\/em>, d\u00f8den, og ord for mord og de d\u00f8de i ulike spr\u00e5k h\u00f8rer til. Ogs\u00e5 forbindelsen til det nattlige marevesenet, den slaviske <em>mara<\/em> og den germanske maren, diskuteres.<\/p><p>Herav f\u00f8lger en tolkning av Marena som en personifisering av de livsfiendtlige kreftene: kulden, m\u00f8rket, vegetasjonens stillstand og d\u00f8den. I denne tolkningen er hun vinterens motstykke til v\u00e5rens og fruktbarhetens krefter.<\/p><p>Noen forskere, s\u00e6rlig innen polsk og tsjekkisk tradisjon, har tolket henne som en ambivalent gudinne som ikke bare bringer skrekk, men ogs\u00e5 h\u00f8rer til den n\u00f8dvendige kretsen: uten vinter ingen v\u00e5r, uten d\u00f8d ingen fornyelse.<\/p><p>Senere, s\u00e6rlig popul\u00e6rvitenskapelige og nyhedenske framstillinger, har bygget Marena ut til en gjennomarbeidet d\u00f8dsgudinne med fast biografi, slektskap og funksjon. Disse bildene er tiltalende, men kildekritisk ikke godt underbygget; de b\u00e6rer ofte mer med seg fra den moderne forestillingsverdenen enn fra den middelalderske <span class=\"iwg-fachbegriff\" data-tooltip=\"Overf\u00f8ringen av kunnskap og fortellinger gjennom generasjoner.\" tabindex=\"0\">overleveringen<\/span> inn i figuren.<\/p><p>Den seri\u00f8se vitenskapelige posisjonen forblir tilbakeholden. Det finnes gode grunner til \u00e5 anta at det bak <span class=\"iwg-fachbegriff\" data-tooltip=\"En overlevert handling som gjentas regelmessig i et samfunn.\" tabindex=\"0\">skikken<\/span> og navnet st\u00e5r en forestilling om en personifisert vinterlig-d\u00f8delig kraft.<\/p><p>En gudinne Marena som ble tilbedt i en gjennomarbeidet <span class=\"iwg-fachbegriff\" data-tooltip=\"Summen av religi\u00f8se \u00e6resbevisninger til en gudom eller hellig figur.\" tabindex=\"0\">kult<\/span> med en utformet <span class=\"iwg-fachbegriff\" data-tooltip=\"En overlevert fortelling om guder, opphav og verdens orden.\" tabindex=\"0\">mytologi<\/span> kan imidlertid ikke sikkert belegges fra de bevarte kildene. Marena er dermed et m\u00f8nstereksempel p\u00e5 grensene for v\u00e5r kunnskap om den slaviske religionen.<\/p>\t\t\t\t\t\t\t\t<\/div>\n\t\t\t\t<\/div>\n\t\t\t\t\t<\/div>\n\t\t\t\t<\/div>\n\t\t<div class=\"elementor-element elementor-element-36dd7469 e-flex e-con-boxed e-con e-parent\" data-id=\"36dd7469\" data-element_type=\"container\" data-e-type=\"container\">\n\t\t\t\t\t<div class=\"e-con-inner\">\n\t\t\t\t<div class=\"elementor-element elementor-element-13760ab4 elementor-widget elementor-widget-heading\" data-id=\"13760ab4\" data-element_type=\"widget\" data-e-type=\"widget\" data-widget_type=\"heading.default\">\n\t\t\t\t\t<h2 class=\"elementor-heading-title elementor-size-default\">Videre lenker<\/h2>\t\t\t\t<\/div>\n\t\t<div class=\"elementor-element elementor-element-28c87796 e-con-full e-flex e-con e-child\" data-id=\"28c87796\" data-element_type=\"container\" data-e-type=\"container\">\n\t\t\t\t<div class=\"elementor-element elementor-element-5d6538df elementor-widget elementor-widget-text-editor\" data-id=\"5d6538df\" data-element_type=\"widget\" data-e-type=\"widget\" data-widget_type=\"text-editor.default\">\n\t\t\t\t\t\t\t\t\t<ul><li><a href=\"https:\/\/iwell-guard.com\/no\/?page_id=140830\">Slaviske kulturer<\/a><\/li><li><a href=\"https:\/\/iwell-guard.com\/no\/?page_id=140978\">Perun, tordenens og gjenoppst\u00e5elsens gud<\/a><\/li><li><a href=\"https:\/\/iwell-guard.com\/no\/?page_id=140934\">Hel, germansk d\u00f8dsrikegudinne<\/a><\/li><li><a href=\"https:\/\/iwell-guard.com\/no\/?page_id=140930\">Hades, gresk d\u00f8dsrikegud<\/a><\/li><\/ul>\t\t\t\t\t\t\t\t<\/div>\n\t\t\t\t<\/div>\n\t\t\t\t\t<\/div>\n\t\t\t\t<\/div>\n\t\t<div class=\"elementor-element elementor-element-grl4kl40 e-flex e-con-boxed e-con e-parent\" data-id=\"grl4kl40\" data-element_type=\"container\" data-e-type=\"container\">\n\t\t\t\t\t<div class=\"e-con-inner\">\n\t\t\t\t<div class=\"elementor-element elementor-element-bzsbfrmh elementor-widget elementor-widget-heading\" data-id=\"bzsbfrmh\" data-element_type=\"widget\" data-e-type=\"widget\" data-widget_type=\"heading.default\">\n\t\t\t\t\t<h2 class=\"elementor-heading-title elementor-size-default\">Forskningslitteratur<\/h2>\t\t\t\t<\/div>\n\t\t<div class=\"elementor-element elementor-element-2c13224a e-con-full e-flex e-con e-child\" data-id=\"2c13224a\" data-element_type=\"container\" data-e-type=\"container\">\n\t\t\t\t<div class=\"elementor-element elementor-element-0eymh9ub elementor-widget elementor-widget-text-editor\" data-id=\"0eymh9ub\" data-element_type=\"widget\" data-e-type=\"widget\" data-widget_type=\"text-editor.default\">\n\t\t\t\t\t\t\t\t\t<footer class=\"iwg-literatur\" data-nosnippet=\"true\"><ul><li><span data-nosnippet>Ivanits, Linda: <em>Russian Folk Belief<\/em>. M.E. Sharpe, 1989.<\/span><\/li><li><span data-nosnippet>Hubbs, Joanna: <em>Mother Russia. The Feminine Myth in Russian Culture<\/em>. Indiana University Press, 1988.<\/span><\/li><li><span data-nosnippet>Gimbutas, Marija: <em>The Goddesses and Gods of Old Europe<\/em>. Thames and Hudson, 1982.<\/span><\/li><li><span data-nosnippet>Roux, Valentina: <em>Ancient Slavic Religion<\/em>. Routledge, 1999.<\/span><\/li><\/ul><\/footer>\t\t\t\t\t\t\t\t<\/div>\n\t\t\t\t<\/div>\n\t\t\t\t\t<\/div>\n\t\t\t\t<\/div>\n\t\t\t\t<\/div>\n\t\t","protected":false},"excerpt":{"rendered":"","protected":false},"author":3,"featured_media":1649,"parent":0,"menu_order":0,"comment_status":"closed","ping_status":"closed","template":"elementor_header_footer","meta":{"_yoast_wpseo_focuskw":"Marena","_yoast_wpseo_title":"Marena - Hun symboliserer den m\u00f8rke \u00e5rstiden og d\u00f8den","_yoast_wpseo_metadesc":"Marena, slavisk gudinne for vinter og d\u00f8d. Smelteritual mot v\u00e5ren, brenningen hennes som Maslenitsa-skikk og slektskap med Morana.","_yoast_wpseo_meta-robots-noindex":"","_yoast_wpseo_canonical":"","_angie_page":false,"gefaehrdungsstufe":"3","wesen_kultur":"slawisch","wesen_klasse":"goetter","footnotes":""},"categories":[],"class_list":["post-141033","page","type-page","status-publish","has-post-thumbnail","hentry"],"yoast_head":"<!-- This site is optimized with the Yoast SEO Premium plugin v27.7 (Yoast SEO v28.3) - https:\/\/yoast.com\/product\/yoast-seo-premium-wordpress\/ -->\n<title>Marena - Hun symboliserer den m\u00f8rke \u00e5rstiden og d\u00f8den<\/title>\n<meta name=\"description\" content=\"Marena, slavisk gudinne for vinter og d\u00f8d. Smelteritual mot v\u00e5ren, brenningen hennes som Maslenitsa-skikk og slektskap med Morana.\" \/>\n<meta name=\"robots\" content=\"index, follow, max-snippet:-1, max-image-preview:large, max-video-preview:-1\" \/>\n<link rel=\"canonical\" href=\"https:\/\/iwell-guard.com\/no\/marena\/\" \/>\n<meta property=\"og:locale\" content=\"nb_NO\" \/>\n<meta property=\"og:type\" content=\"article\" \/>\n<meta property=\"og:title\" content=\"Marena\" \/>\n<meta property=\"og:description\" content=\"Marena, slavisk gudinne for vinter og d\u00f8d. Smelteritual mot v\u00e5ren, brenningen hennes som Maslenitsa-skikk og slektskap med Morana.\" \/>\n<meta property=\"og:url\" content=\"https:\/\/iwell-guard.com\/no\/marena\/\" \/>\n<meta property=\"og:site_name\" content=\"iWell Guard\" \/>\n<meta property=\"article:modified_time\" content=\"2026-09-03T09:38:30+00:00\" \/>\n<meta property=\"og:image\" content=\"https:\/\/iwell-guard.com\/wp-content\/uploads\/2026\/04\/goetter_slawisch_marena.webp\" \/>\n\t<meta property=\"og:image:width\" content=\"1024\" \/>\n\t<meta property=\"og:image:height\" content=\"1536\" \/>\n\t<meta property=\"og:image:type\" content=\"image\/webp\" \/>\n<meta name=\"twitter:card\" content=\"summary_large_image\" \/>\n<script type=\"application\/ld+json\" class=\"yoast-schema-graph\">{\"@context\":\"https:\\\/\\\/schema.org\",\"@graph\":[{\"@type\":\"WebPage\",\"@id\":\"https:\\\/\\\/iwell-guard.com\\\/no\\\/marena\\\/\",\"url\":\"https:\\\/\\\/iwell-guard.com\\\/no\\\/marena\\\/\",\"name\":\"Marena - Hun symboliserer den m\u00f8rke \u00e5rstiden og d\u00f8den\",\"isPartOf\":{\"@id\":\"https:\\\/\\\/iwell-guard.com\\\/no\\\/#website\"},\"primaryImageOfPage\":{\"@id\":\"https:\\\/\\\/iwell-guard.com\\\/no\\\/marena\\\/#primaryimage\"},\"image\":{\"@id\":\"https:\\\/\\\/iwell-guard.com\\\/no\\\/marena\\\/#primaryimage\"},\"thumbnailUrl\":\"https:\\\/\\\/iwell-guard.com\\\/wp-content\\\/uploads\\\/2026\\\/04\\\/goetter_slawisch_marena.webp\",\"datePublished\":\"2026-09-03T09:15:57+00:00\",\"dateModified\":\"2026-09-03T09:38:30+00:00\",\"description\":\"Marena, slavisk gudinne for vinter og d\u00f8d. Smelteritual mot v\u00e5ren, brenningen hennes som Maslenitsa-skikk og slektskap med Morana.\",\"breadcrumb\":{\"@id\":\"https:\\\/\\\/iwell-guard.com\\\/no\\\/marena\\\/#breadcrumb\"},\"inLanguage\":\"nb-NO\",\"potentialAction\":[{\"@type\":\"ReadAction\",\"target\":[\"https:\\\/\\\/iwell-guard.com\\\/no\\\/marena\\\/\"]}]},{\"@type\":\"ImageObject\",\"inLanguage\":\"nb-NO\",\"@id\":\"https:\\\/\\\/iwell-guard.com\\\/no\\\/marena\\\/#primaryimage\",\"url\":\"https:\\\/\\\/iwell-guard.com\\\/wp-content\\\/uploads\\\/2026\\\/04\\\/goetter_slawisch_marena.webp\",\"contentUrl\":\"https:\\\/\\\/iwell-guard.com\\\/wp-content\\\/uploads\\\/2026\\\/04\\\/goetter_slawisch_marena.webp\",\"width\":1024,\"height\":1536,\"caption\":\"Guder fra den slaviske tradisjonen.\"},{\"@type\":\"BreadcrumbList\",\"@id\":\"https:\\\/\\\/iwell-guard.com\\\/no\\\/marena\\\/#breadcrumb\",\"itemListElement\":[{\"@type\":\"ListItem\",\"position\":1,\"name\":\"Start\",\"item\":\"https:\\\/\\\/iwell-guard.com\\\/no\\\/?page_id=140795\"},{\"@type\":\"ListItem\",\"position\":2,\"name\":\"Marena\"}]},{\"@type\":\"WebSite\",\"@id\":\"https:\\\/\\\/iwell-guard.com\\\/no\\\/#website\",\"url\":\"https:\\\/\\\/iwell-guard.com\\\/no\\\/\",\"name\":\"iWell Guard\",\"description\":\"Schutz vor dunklen Einfl\u00fcssen\",\"publisher\":{\"@id\":\"https:\\\/\\\/iwell-guard.com\\\/no\\\/#organization\"},\"potentialAction\":[{\"@type\":\"SearchAction\",\"target\":{\"@type\":\"EntryPoint\",\"urlTemplate\":\"https:\\\/\\\/iwell-guard.com\\\/no\\\/?s={search_term_string}\"},\"query-input\":{\"@type\":\"PropertyValueSpecification\",\"valueRequired\":true,\"valueName\":\"search_term_string\"}}],\"inLanguage\":\"nb-NO\"},{\"@type\":\"Organization\",\"@id\":\"https:\\\/\\\/iwell-guard.com\\\/no\\\/#organization\",\"name\":\"Ittermann electronic GmbH\",\"url\":\"https:\\\/\\\/iwell-guard.com\\\/no\\\/\",\"logo\":{\"@type\":\"ImageObject\",\"inLanguage\":\"nb-NO\",\"@id\":\"https:\\\/\\\/iwell-guard.com\\\/no\\\/#\\\/schema\\\/logo\\\/image\\\/\",\"url\":\"https:\\\/\\\/iwell-guard.com\\\/wp-content\\\/uploads\\\/2026\\\/05\\\/Ittermann-Logo-1182x237-1.png\",\"contentUrl\":\"https:\\\/\\\/iwell-guard.com\\\/wp-content\\\/uploads\\\/2026\\\/05\\\/Ittermann-Logo-1182x237-1.png\",\"width\":1182,\"height\":237,\"caption\":\"Ittermann electronic GmbH\"},\"image\":{\"@id\":\"https:\\\/\\\/iwell-guard.com\\\/no\\\/#\\\/schema\\\/logo\\\/image\\\/\"},\"sameAs\":[\"https:\\\/\\\/pantip.com\\\/profile\\\/9367242\",\"https:\\\/\\\/micro.blog\\\/iwellguard\",\"https:\\\/\\\/www.diggerslist.com\\\/iwellguard\\\/about\",\"https:\\\/\\\/skitterphoto.com\\\/photographers\\\/2870314\\\/iwell-guard\",\"https:\\\/\\\/iwellguard.wordpress.com\\\/2026\\\/06\\\/06\\\/iwell-guard\\\/\",\"https:\\\/\\\/hub.docker.com\\\/u\\\/iwellguard\",\"https:\\\/\\\/www.pinterest.com\\\/iwellguard\\\/\",\"https:\\\/\\\/bit.ly\\\/m\\\/iwellguard\",\"https:\\\/\\\/entre-vos-mains.alsace.eu\\\/profiles\\\/iwellguard\\\/activity\",\"https:\\\/\\\/gravatar.com\\\/reallybeded8fd34\",\"https:\\\/\\\/naijamatta.com\\\/iwellguard\",\"https:\\\/\\\/www.goodreads.com\\\/iwellguard\",\"https:\\\/\\\/profile.hatena.ne.jp\\\/iwellguard\\\/\",\"https:\\\/\\\/experiment.com\\\/users\\\/iwellguard\",\"https:\\\/\\\/wakelet.com\\\/@iWellGuard82270\",\"https:\\\/\\\/www.chordie.com\\\/forum\\\/profile.php?id=2555664\",\"https:\\\/\\\/www.instapaper.com\\\/p\\\/17757966\",\"https:\\\/\\\/www.mapleprimes.com\\\/users\\\/iwellguard\",\"https:\\\/\\\/businesslistingplus.com\\\/profile\\\/iwell-guard\\\/\",\"https:\\\/\\\/telegra.ph\\\/iWell-Guard-06-06\",\"https:\\\/\\\/pbase.com\\\/iwellguard\\\/iwellguard\",\"https:\\\/\\\/b.hatena.ne.jp\\\/iwellguard\\\/20260607#bookmark-4788405196491818882\",\"https:\\\/\\\/fliphtml5.com\\\/home\\\/iwellguard\",\"https:\\\/\\\/anyflip.com\\\/homepage\\\/cmiwl#About\",\"https:\\\/\\\/transfur.com\\\/Users\\\/iwellguard\",\"http:\\\/\\\/delphi.larsbo.org\\\/user\\\/iwellguard\",\"https:\\\/\\\/jobs.lajobsportal.org\\\/profiles\\\/8380803-iwell-guard\",\"https:\\\/\\\/md.chaosdorf.de\\\/s\\\/jfbe5SBdJD\",\"https:\\\/\\\/www.lingvolive.com\\\/en-us\\\/profile\\\/9ecaeaca-ce11-4e51-9e71-01d55e2bff36\\\/translations\",\"https:\\\/\\\/www.fitday.com\\\/fitness\\\/forums\\\/members\\\/iwellguard.html\",\"https:\\\/\\\/www.mymeetbook.com\\\/iwellguard\",\"https:\\\/\\\/pxhere.com\\\/en\\\/photographer-me\\\/5040798\",\"https:\\\/\\\/disqus.com\\\/by\\\/iwellguard\\\/about\\\/\",\"https:\\\/\\\/pastelink.net\\\/hjwciqwq\",\"https:\\\/\\\/pubhtml5.com\\\/homepage\\\/scjhn\\\/\",\"https:\\\/\\\/www.bitchute.com\\\/channel\\\/2O2eOKzNqujT\",\"https:\\\/\\\/audiomack.com\\\/iwellguard\"]},{\"@type\":\"Article\",\"@id\":\"https:\\\/\\\/iwell-guard.com\\\/no\\\/marena\\\/#article\",\"isPartOf\":{\"@id\":\"https:\\\/\\\/iwell-guard.com\\\/no\\\/marena\\\/\"},\"author\":{\"name\":\"Ralf Ittermann\",\"@id\":\"https:\\\/\\\/iwell-guard.com\\\/no\\\/#\\\/schema\\\/person\\\/ee2a27f1cac3406c7c6fb5820cb7349f\"},\"headline\":\"Marena\",\"datePublished\":\"2026-09-03T09:15:57+00:00\",\"dateModified\":\"2026-09-03T09:38:30+00:00\",\"mainEntityOfPage\":{\"@id\":\"https:\\\/\\\/iwell-guard.com\\\/no\\\/marena\\\/\"},\"publisher\":{\"@id\":\"https:\\\/\\\/iwell-guard.com\\\/no\\\/#organization\"},\"image\":{\"@id\":\"https:\\\/\\\/iwell-guard.com\\\/no\\\/marena\\\/#primaryimage\"},\"thumbnailUrl\":\"https:\\\/\\\/iwell-guard.com\\\/wp-content\\\/uploads\\\/2026\\\/04\\\/goetter_slawisch_marena.webp\",\"inLanguage\":\"nb-NO\",\"description\":\"Marena, slavisk gudinne for vinter og d\u00f8d. Smelteritual mot v\u00e5ren, brenningen hennes som Maslenitsa-skikk og slektskap med Morana.\"}]}<\/script>\n<!-- \/ Yoast SEO Premium plugin. -->","yoast_head_json":{"title":"Marena - Hun symboliserer den m\u00f8rke \u00e5rstiden og d\u00f8den","description":"Marena, slavisk gudinne for vinter og d\u00f8d. Smelteritual mot v\u00e5ren, brenningen hennes som Maslenitsa-skikk og slektskap med Morana.","robots":{"index":"index","follow":"follow","max-snippet":"max-snippet:-1","max-image-preview":"max-image-preview:large","max-video-preview":"max-video-preview:-1"},"canonical":"https:\/\/iwell-guard.com\/no\/marena\/","og_locale":"nb_NO","og_type":"article","og_title":"Marena","og_description":"Marena, slavisk gudinne for vinter og d\u00f8d. Smelteritual mot v\u00e5ren, brenningen hennes som Maslenitsa-skikk og slektskap med Morana.","og_url":"https:\/\/iwell-guard.com\/no\/marena\/","og_site_name":"iWell Guard","article_modified_time":"2026-09-03T09:38:30+00:00","og_image":[{"width":1024,"height":1536,"url":"https:\/\/iwell-guard.com\/wp-content\/uploads\/2026\/04\/goetter_slawisch_marena.webp","type":"image\/webp"}],"twitter_card":"summary_large_image","schema":{"@context":"https:\/\/schema.org","@graph":[{"@type":"Article","@id":"https:\/\/iwell-guard.com\/no\/marena\/#article","isPartOf":{"@id":"https:\/\/iwell-guard.com\/no\/marena\/"},"author":{"name":"Ralf Ittermann","@id":"https:\/\/iwell-guard.com\/no\/#\/schema\/person\/ee2a27f1cac3406c7c6fb5820cb7349f"},"headline":"Marena","datePublished":"2026-09-03T09:15:57+00:00","dateModified":"2026-09-03T09:38:30+00:00","mainEntityOfPage":{"@id":"https:\/\/iwell-guard.com\/no\/marena\/"},"publisher":{"@id":"https:\/\/iwell-guard.com\/no\/#organization"},"image":{"@id":"https:\/\/iwell-guard.com\/no\/marena\/#primaryimage"},"thumbnailUrl":"https:\/\/iwell-guard.com\/wp-content\/uploads\/2026\/04\/goetter_slawisch_marena.webp","inLanguage":"nb-NO","description":"Marena, slavisk gudinne for vinter og d\u00f8d. Smelteritual mot v\u00e5ren, brenningen hennes som Maslenitsa-skikk og slektskap med Morana."},{"@type":"WebPage","@id":"https:\/\/iwell-guard.com\/no\/marena\/","url":"https:\/\/iwell-guard.com\/no\/marena\/","name":"Marena - Hun symboliserer den m\u00f8rke \u00e5rstiden og d\u00f8den","isPartOf":{"@id":"https:\/\/iwell-guard.com\/no\/#website"},"primaryImageOfPage":{"@id":"https:\/\/iwell-guard.com\/no\/marena\/#primaryimage"},"image":{"@id":"https:\/\/iwell-guard.com\/no\/marena\/#primaryimage"},"thumbnailUrl":"https:\/\/iwell-guard.com\/wp-content\/uploads\/2026\/04\/goetter_slawisch_marena.webp","datePublished":"2026-09-03T09:15:57+00:00","dateModified":"2026-09-03T09:38:30+00:00","description":"Marena, slavisk gudinne for vinter og d\u00f8d. Smelteritual mot v\u00e5ren, brenningen hennes som Maslenitsa-skikk og slektskap med Morana.","breadcrumb":{"@id":"https:\/\/iwell-guard.com\/no\/marena\/#breadcrumb"},"inLanguage":"nb-NO","potentialAction":[{"@type":"ReadAction","target":["https:\/\/iwell-guard.com\/no\/marena\/"]}]},{"@type":"ImageObject","inLanguage":"nb-NO","@id":"https:\/\/iwell-guard.com\/no\/marena\/#primaryimage","url":"https:\/\/iwell-guard.com\/wp-content\/uploads\/2026\/04\/goetter_slawisch_marena.webp","contentUrl":"https:\/\/iwell-guard.com\/wp-content\/uploads\/2026\/04\/goetter_slawisch_marena.webp","width":1024,"height":1536,"caption":"Guder fra den slaviske tradisjonen."},{"@type":"BreadcrumbList","@id":"https:\/\/iwell-guard.com\/no\/marena\/#breadcrumb","itemListElement":[{"@type":"ListItem","position":1,"name":"Start","item":"https:\/\/iwell-guard.com\/no\/?page_id=140795"},{"@type":"ListItem","position":2,"name":"Marena"}]},{"@type":"WebSite","@id":"https:\/\/iwell-guard.com\/no\/#website","url":"https:\/\/iwell-guard.com\/no\/","name":"iWell Guard","description":"Schutz vor dunklen Einfl\u00fcssen","publisher":{"@id":"https:\/\/iwell-guard.com\/no\/#organization"},"potentialAction":[{"@type":"SearchAction","target":{"@type":"EntryPoint","urlTemplate":"https:\/\/iwell-guard.com\/no\/?s={search_term_string}"},"query-input":{"@type":"PropertyValueSpecification","valueRequired":true,"valueName":"search_term_string"}}],"inLanguage":"nb-NO"},{"@type":"Organization","@id":"https:\/\/iwell-guard.com\/no\/#organization","name":"Ittermann electronic GmbH","url":"https:\/\/iwell-guard.com\/no\/","logo":{"@type":"ImageObject","inLanguage":"nb-NO","@id":"https:\/\/iwell-guard.com\/no\/#\/schema\/logo\/image\/","url":"https:\/\/iwell-guard.com\/wp-content\/uploads\/2026\/05\/Ittermann-Logo-1182x237-1.png","contentUrl":"https:\/\/iwell-guard.com\/wp-content\/uploads\/2026\/05\/Ittermann-Logo-1182x237-1.png","width":1182,"height":237,"caption":"Ittermann electronic GmbH"},"image":{"@id":"https:\/\/iwell-guard.com\/no\/#\/schema\/logo\/image\/"},"sameAs":["https:\/\/pantip.com\/profile\/9367242","https:\/\/micro.blog\/iwellguard","https:\/\/www.diggerslist.com\/iwellguard\/about","https:\/\/skitterphoto.com\/photographers\/2870314\/iwell-guard","https:\/\/iwellguard.wordpress.com\/2026\/06\/06\/iwell-guard\/","https:\/\/hub.docker.com\/u\/iwellguard","https:\/\/www.pinterest.com\/iwellguard\/","https:\/\/bit.ly\/m\/iwellguard","https:\/\/entre-vos-mains.alsace.eu\/profiles\/iwellguard\/activity","https:\/\/gravatar.com\/reallybeded8fd34","https:\/\/naijamatta.com\/iwellguard","https:\/\/www.goodreads.com\/iwellguard","https:\/\/profile.hatena.ne.jp\/iwellguard\/","https:\/\/experiment.com\/users\/iwellguard","https:\/\/wakelet.com\/@iWellGuard82270","https:\/\/www.chordie.com\/forum\/profile.php?id=2555664","https:\/\/www.instapaper.com\/p\/17757966","https:\/\/www.mapleprimes.com\/users\/iwellguard","https:\/\/businesslistingplus.com\/profile\/iwell-guard\/","https:\/\/telegra.ph\/iWell-Guard-06-06","https:\/\/pbase.com\/iwellguard\/iwellguard","https:\/\/b.hatena.ne.jp\/iwellguard\/20260607#bookmark-4788405196491818882","https:\/\/fliphtml5.com\/home\/iwellguard","https:\/\/anyflip.com\/homepage\/cmiwl#About","https:\/\/transfur.com\/Users\/iwellguard","http:\/\/delphi.larsbo.org\/user\/iwellguard","https:\/\/jobs.lajobsportal.org\/profiles\/8380803-iwell-guard","https:\/\/md.chaosdorf.de\/s\/jfbe5SBdJD","https:\/\/www.lingvolive.com\/en-us\/profile\/9ecaeaca-ce11-4e51-9e71-01d55e2bff36\/translations","https:\/\/www.fitday.com\/fitness\/forums\/members\/iwellguard.html","https:\/\/www.mymeetbook.com\/iwellguard","https:\/\/pxhere.com\/en\/photographer-me\/5040798","https:\/\/disqus.com\/by\/iwellguard\/about\/","https:\/\/pastelink.net\/hjwciqwq","https:\/\/pubhtml5.com\/homepage\/scjhn\/","https:\/\/www.bitchute.com\/channel\/2O2eOKzNqujT","https:\/\/audiomack.com\/iwellguard"]},{"@type":"Person","@id":"https:\/\/iwell-guard.com\/no\/#\/schema\/person\/ee2a27f1cac3406c7c6fb5820cb7349f","name":"Ralf Ittermann","image":{"@type":"ImageObject","inLanguage":"nb-NO","@id":"https:\/\/secure.gravatar.com\/avatar\/073c0153e350a5005b68eb752b445fea71f6b24a26da9449ad7e155e6b446c9d?s=96&d=mm&r=g","url":"https:\/\/secure.gravatar.com\/avatar\/073c0153e350a5005b68eb752b445fea71f6b24a26da9449ad7e155e6b446c9d?s=96&d=mm&r=g","contentUrl":"https:\/\/secure.gravatar.com\/avatar\/073c0153e350a5005b68eb752b445fea71f6b24a26da9449ad7e155e6b446c9d?s=96&d=mm&r=g","caption":"Ralf Ittermann"},"givenName":"Ralf","familyName":"Ittermann","jobTitle":"Gesch\u00e4ftsf\u00fchrer und redaktioneller Verantwortlicher","url":"https:\/\/iwell-guard.com\/no\/author\/claude\/","description":"Ralf Ittermann ist Gesch\u00e4ftsf\u00fchrer der Ittermann electronic GmbH und redaktioneller Verantwortlicher des iWell-Guard-Lexikons. Er verbindet langj\u00e4hrige Erfahrung in der Pr\u00e4zisionsfertigung mit medialer Praxis und religionsgeschichtlicher Quellenarbeit.","worksFor":{"@type":"Organization","name":"Ittermann electronic GmbH","url":"https:\/\/ittermann.de\/","address":{"@type":"PostalAddress","streetAddress":"K\u00f6hlergasse 16-18","postalCode":"99842","addressLocality":"Ruhla","addressCountry":"DE"}},"knowsAbout":["Religionsgeschichte","Mythologie","Mediale Praxis","Energetische Diagnostik","Schutzpraxis","Volksglauben","Westliche Esoterik"]},{"@type":"Article","@id":"https:\/\/iwell-guard.com\/no\/marena\/#article","isPartOf":{"@id":"https:\/\/iwell-guard.com\/no\/marena\/"},"author":{"name":"Ralf Ittermann","@id":"https:\/\/iwell-guard.com\/no\/#\/schema\/person\/ee2a27f1cac3406c7c6fb5820cb7349f"},"headline":"Marena","datePublished":"2026-09-03T09:15:57+00:00","dateModified":"2026-09-03T09:38:30+00:00","mainEntityOfPage":{"@id":"https:\/\/iwell-guard.com\/no\/marena\/"},"publisher":{"@id":"https:\/\/iwell-guard.com\/no\/#organization"},"image":{"@id":"https:\/\/iwell-guard.com\/no\/marena\/#primaryimage"},"thumbnailUrl":"https:\/\/iwell-guard.com\/wp-content\/uploads\/2026\/04\/goetter_slawisch_marena.webp","inLanguage":"nb-NO","description":"Marena, slavisk gudinne for vinter og d\u00f8d. Smelteritual mot v\u00e5ren, brenningen hennes som Maslenitsa-skikk og slektskap med Morana."}]}},"_links":{"self":[{"href":"https:\/\/iwell-guard.com\/no\/wp-json\/wp\/v2\/pages\/141033","targetHints":{"allow":["GET"]}}],"collection":[{"href":"https:\/\/iwell-guard.com\/no\/wp-json\/wp\/v2\/pages"}],"about":[{"href":"https:\/\/iwell-guard.com\/no\/wp-json\/wp\/v2\/types\/page"}],"author":[{"embeddable":true,"href":"https:\/\/iwell-guard.com\/no\/wp-json\/wp\/v2\/users\/3"}],"replies":[{"embeddable":true,"href":"https:\/\/iwell-guard.com\/no\/wp-json\/wp\/v2\/comments?post=141033"}],"version-history":[{"count":0,"href":"https:\/\/iwell-guard.com\/no\/wp-json\/wp\/v2\/pages\/141033\/revisions"}],"wp:featuredmedia":[{"embeddable":true,"href":"https:\/\/iwell-guard.com\/no\/wp-json\/wp\/v2\/media\/1649"}],"wp:attachment":[{"href":"https:\/\/iwell-guard.com\/no\/wp-json\/wp\/v2\/media?parent=141033"}],"wp:term":[{"taxonomy":"category","embeddable":true,"href":"https:\/\/iwell-guard.com\/no\/wp-json\/wp\/v2\/categories?post=141033"}],"curies":[{"name":"wp","href":"https:\/\/api.w.org\/{rel}","templated":true}]}}