{"id":141032,"date":"2026-09-03T09:15:57","date_gmt":"2026-09-03T09:15:57","guid":{"rendered":"https:\/\/iwell-guard.com\/?page_id=141032"},"modified":"2026-09-03T09:38:25","modified_gmt":"2026-09-03T09:38:25","slug":"frigg","status":"publish","type":"page","link":"https:\/\/iwell-guard.com\/no\/frigg\/","title":{"rendered":"Frigg"},"content":{"rendered":"\t\t<div data-elementor-type=\"wp-page\" data-elementor-id=\"141032\" class=\"elementor elementor-141032 elementor-2098 elementor-bc-flex-widget\" data-elementor-post-type=\"page\">\n\t\t\t\t<div class=\"elementor-element elementor-element-10fdade e-flex e-con-boxed e-con e-parent\" data-id=\"10fdade\" data-element_type=\"container\" data-e-type=\"container\" data-settings=\"{&quot;background_background&quot;:&quot;classic&quot;}\">\n\t\t\t\t\t<div class=\"e-con-inner\">\n\t\t<div class=\"elementor-element elementor-element-herohlft0 e-flex e-con-boxed e-con e-child\" data-id=\"herohlft0\" data-element_type=\"container\" data-e-type=\"container\">\n\t\t\t\t\t<div class=\"e-con-inner\">\n\t\t<div class=\"elementor-element elementor-element-c3ceb64 e-con-full e-flex e-con e-child\" data-id=\"c3ceb64\" data-element_type=\"container\" data-e-type=\"container\">\n\t\t\t\t<div class=\"elementor-element elementor-element-96ae5e1 elementor-widget elementor-widget-heading\" data-id=\"96ae5e1\" data-element_type=\"widget\" data-e-type=\"widget\" data-widget_type=\"heading.default\">\n\t\t\t\t\t<h1 class=\"elementor-heading-title elementor-size-default\">Frigg, gudinne i den germanske tradisjonen<\/h1>\t\t\t\t<\/div>\n\t\t\t\t<div class=\"elementor-element elementor-element-e45238a elementor-widget elementor-widget-text-editor\" data-id=\"e45238a\" data-element_type=\"widget\" data-e-type=\"widget\" data-widget_type=\"text-editor.default\">\n\t\t\t\t\t\t\t\t\t<p>H\u00f8ygudinne i den germanske <span class=\"iwg-fachbegriff\" data-tooltip=\"Alle overleverte gudefortellinger i en kultur.\" tabindex=\"0\">mytologien<\/span>, Odins hustru og mor til Balder. Frigg regnes i de norr\u00f8ne kildene som den h\u00f8yeste gudinnen i \u00e6seslekten og herskerinne over Fensalir. Hun st\u00e5r for ekteskap, moderskap og den ordnede husholdningen, og har samtidig gaven til \u00e5 se skjebnen uten \u00e5 tale om den.<\/p>\t\t\t\t\t\t\t\t<\/div>\n\t\t\t\t<\/div>\n\t\t<div class=\"elementor-element elementor-element-klsbdg01 e-con-full e-flex e-con e-parent\" data-id=\"klsbdg01\" data-element_type=\"container\" data-e-type=\"container\">\n\t\t\t\t<div class=\"elementor-element elementor-element-klshtm01 elementor-widget elementor-widget-html\" data-id=\"klshtm01\" data-element_type=\"widget\" data-e-type=\"widget\" data-widget_type=\"html.default\">\n\t\t\t\t\t<div class=\"iwg-pill-row\"><span class=\"iwg-klasse-badge\" tabindex=\"0\" data-tooltip=\"Gud\/gudinne: Personifisert h\u00f8yeste makt i en kulturs pantheon, med klare ansvarsomr\u00e5der som naturkrefter, skjebne, krig og fruktbarhet. Tilbedt gjennom kulter, offer og tempelinstitusjoner.\">Gudinne<\/span><a href=\"https:\/\/iwell-guard.com\/no\/?page_id=140828\" class=\"iwg-kultur-badge\" tabindex=\"0\" data-tooltip=\"F\u00f8rkristen guder- og \u00e5ndeverden i Nord- og Mellom-Europa.\">Germansk<\/a><a href=\"https:\/\/iwell-guard.com\/no\/?page_id=140922\" class=\"iwg-tradition-badge\" tabindex=\"0\" data-tooltip=\"Beskyttende gudeskikkelser, voktere av hus, by, f\u00f8dsler, reiser eller livsfaser.\">Beskyttelsesgudom<\/a><\/div>\t\t\t\t<\/div>\n\t\t\t\t<\/div>\n\t\t<div class=\"elementor-element elementor-element-3f74855 e-con-full e-flex e-con e-child\" data-id=\"3f74855\" data-element_type=\"container\" data-e-type=\"container\">\n\t\t\t\t<div class=\"elementor-element elementor-element-1c30362 elementor-toc--minimized-on-tablet elementor-widget elementor-widget-table-of-contents\" data-id=\"1c30362\" data-element_type=\"widget\" data-e-type=\"widget\" data-settings=\"{&quot;exclude_headings_by_selector&quot;:[],&quot;no_headings_message&quot;:&quot;Det ble ikke funnet noen overskrifter p\\u00e5 denne siden.&quot;,&quot;headings_by_tags&quot;:[&quot;h2&quot;,&quot;h3&quot;],&quot;marker_view&quot;:&quot;bullets&quot;,&quot;minimize_box&quot;:&quot;yes&quot;,&quot;icon&quot;:{&quot;value&quot;:&quot;fas fa-circle&quot;,&quot;library&quot;:&quot;fa-solid&quot;,&quot;rendered_tag&quot;:&quot;&lt;svg class=\\&quot;e-font-icon-svg e-fas-circle\\&quot; viewBox=\\&quot;0 0 512 512\\&quot; xmlns=\\&quot;http:\\\/\\\/www.w3.org\\\/2000\\\/svg\\&quot;&gt;&lt;path d=\\&quot;M256 8C119 8 8 119 8 256s111 248 248 248 248-111 248-248S393 8 256 8z\\&quot;&gt;&lt;\\\/path&gt;&lt;\\\/svg&gt;&quot;},&quot;minimized_on&quot;:&quot;tablet&quot;,&quot;hierarchical_view&quot;:&quot;yes&quot;,&quot;min_height&quot;:{&quot;unit&quot;:&quot;px&quot;,&quot;size&quot;:&quot;&quot;,&quot;sizes&quot;:[]},&quot;min_height_tablet&quot;:{&quot;unit&quot;:&quot;px&quot;,&quot;size&quot;:&quot;&quot;,&quot;sizes&quot;:[]},&quot;min_height_mobile&quot;:{&quot;unit&quot;:&quot;px&quot;,&quot;size&quot;:&quot;&quot;,&quot;sizes&quot;:[]}}\" data-widget_type=\"table-of-contents.default\">\n\t\t\t\t\t\t\t\t\t<div class=\"elementor-toc__header\">\n\t\t\t\t\t\t<h2 class=\"elementor-toc__header-title\">\n\t\t\t\tInnholdsfortegnelse\t\t\t<\/h2>\n\t\t\t\t\t\t\t\t\t\t<div class=\"elementor-toc__toggle-button elementor-toc__toggle-button--expand\" role=\"button\" tabindex=\"0\" aria-controls=\"elementor-toc__1c30362\" aria-expanded=\"true\" aria-label=\"Open table of contents\"><svg aria-hidden=\"true\" class=\"e-font-icon-svg e-fas-chevron-down\" viewBox=\"0 0 448 512\" xmlns=\"http:\/\/www.w3.org\/2000\/svg\"><path d=\"M207.029 381.476L12.686 187.132c-9.373-9.373-9.373-24.569 0-33.941l22.667-22.667c9.357-9.357 24.522-9.375 33.901-.04L224 284.505l154.745-154.021c9.379-9.335 24.544-9.317 33.901.04l22.667 22.667c9.373 9.373 9.373 24.569 0 33.941L240.971 381.476c-9.373 9.372-24.569 9.372-33.942 0z\"><\/path><\/svg><\/div>\n\t\t\t\t<div class=\"elementor-toc__toggle-button elementor-toc__toggle-button--collapse\" role=\"button\" tabindex=\"0\" aria-controls=\"elementor-toc__1c30362\" aria-expanded=\"true\" aria-label=\"Close table of contents\"><svg aria-hidden=\"true\" class=\"e-font-icon-svg e-fas-chevron-up\" viewBox=\"0 0 448 512\" xmlns=\"http:\/\/www.w3.org\/2000\/svg\"><path d=\"M240.971 130.524l194.343 194.343c9.373 9.373 9.373 24.569 0 33.941l-22.667 22.667c-9.357 9.357-24.522 9.375-33.901.04L224 227.495 69.255 381.516c-9.379 9.335-24.544 9.317-33.901-.04l-22.667-22.667c-9.373-9.373-9.373-24.569 0-33.941L207.03 130.525c9.372-9.373 24.568-9.373 33.941-.001z\"><\/path><\/svg><\/div>\n\t\t\t\t\t<\/div>\n\t\t\t\t<div id=\"elementor-toc__1c30362\" class=\"elementor-toc__body\">\n\t\t\t<div class=\"elementor-toc__spinner-container\">\n\t\t\t\t<svg class=\"elementor-toc__spinner eicon-animation-spin e-font-icon-svg e-eicon-loading\" aria-hidden=\"true\" viewBox=\"0 0 1000 1000\" xmlns=\"http:\/\/www.w3.org\/2000\/svg\"><path d=\"M500 975V858C696 858 858 696 858 500S696 142 500 142 142 304 142 500H25C25 237 238 25 500 25S975 237 975 500 763 975 500 975Z\"><\/path><\/svg>\t\t\t<\/div>\n\t\t<\/div>\n\t\t\t\t\t\t<\/div>\n\t\t\t\t<\/div>\n\t\t\t\t\t<\/div>\n\t\t\t\t<\/div>\n\t\t<div class=\"elementor-element elementor-element-herorght0 e-con-full e-flex e-con e-child\" data-id=\"herorght0\" data-element_type=\"container\" data-e-type=\"container\">\n\t\t\t\t<div class=\"elementor-element elementor-element-heroimg00 iwg-hero-image elementor-widget elementor-widget-image\" data-id=\"heroimg00\" data-element_type=\"widget\" data-e-type=\"widget\" data-widget_type=\"image.default\">\n\t\t\t\t\t\t\t\t\t\t\t\t\t\t\t<img fetchpriority=\"high\" decoding=\"async\" width=\"683\" height=\"1024\" src=\"https:\/\/iwell-guard.com\/wp-content\/uploads\/2026\/04\/goetter_germanisch_frigg-683x1024.webp\" class=\"attachment-large size-large wp-image-143341\" alt=\"Frigg - guder fra den germanske tradisjonen, historisk-illustrativt\" srcset=\"https:\/\/iwell-guard.com\/wp-content\/uploads\/2026\/04\/goetter_germanisch_frigg-683x1024.webp 683w, https:\/\/iwell-guard.com\/wp-content\/uploads\/2026\/04\/goetter_germanisch_frigg-200x300.webp 200w, https:\/\/iwell-guard.com\/wp-content\/uploads\/2026\/04\/goetter_germanisch_frigg-768x1152.webp 768w, https:\/\/iwell-guard.com\/wp-content\/uploads\/2026\/04\/goetter_germanisch_frigg.webp 1024w\" sizes=\"(max-width: 683px) 100vw, 683px\" \/>\t\t\t\t\t\t\t\t\t\t\t\t\t\t\t<\/div>\n\t\t\t\t<\/div>\n\t\t\t\t\t<\/div>\n\t\t\t\t<\/div>\n\t\t<div class=\"elementor-element elementor-element-32917199 e-flex e-con-boxed e-con e-parent\" data-id=\"32917199\" data-element_type=\"container\" data-e-type=\"container\">\n\t\t\t\t\t<div class=\"e-con-inner\">\n\t\t<div class=\"elementor-element elementor-element-26e916cb e-flex e-con-boxed e-con e-child\" data-id=\"26e916cb\" data-element_type=\"container\" data-e-type=\"container\">\n\t\t\t\t\t<div class=\"e-con-inner\">\n\t\t<div class=\"elementor-element elementor-element-253a40d4 e-flex e-con-boxed e-con e-child\" data-id=\"253a40d4\" data-element_type=\"container\" data-e-type=\"container\">\n\t\t\t\t\t<div class=\"e-con-inner\">\n\t\t\t\t<div class=\"elementor-element elementor-element-1200c304 elementor-widget elementor-widget-heading\" data-id=\"1200c304\" data-element_type=\"widget\" data-e-type=\"widget\" data-widget_type=\"heading.default\">\n\t\t\t\t\t<h2 class=\"elementor-heading-title elementor-size-default\">Frigg<\/h2>\t\t\t\t<\/div>\n\t\t\t\t\t<\/div>\n\t\t\t\t<\/div>\n\t\t<div class=\"elementor-element elementor-element-159dcf9a e-flex e-con-boxed e-con e-child\" data-id=\"159dcf9a\" data-element_type=\"container\" data-e-type=\"container\">\n\t\t\t\t\t<div class=\"e-con-inner\">\n\t\t\t\t<div class=\"elementor-element elementor-element-48cee66f elementor-widget elementor-widget-heading\" data-id=\"48cee66f\" data-element_type=\"widget\" data-e-type=\"widget\" data-widget_type=\"heading.default\">\n\t\t\t\t\t<h3 class=\"elementor-heading-title elementor-size-default\">Oversikt: Frigg<\/h3>\t\t\t\t<\/div>\n\t\t\t\t<div class=\"elementor-element elementor-element-3f50d82c elementor-widget elementor-widget-text-editor\" data-id=\"3f50d82c\" data-element_type=\"widget\" data-e-type=\"widget\" data-widget_type=\"text-editor.default\">\n\t\t\t\t\t\t\t\t\t<p><strong>Type:<\/strong> Germansk hovedgudinne, \u00e5synje, Odins hustru, mor-gudinne<br><span class=\"iwg-fachbegriff\" data-tooltip=\"Den samlede mengden guder i en religion eller kultur.\" tabindex=\"0\">Panteon<\/span>: Germansk \/ nordisk (\u00e6seslekten)<br>Funksjon: Morskap, husvern, visdom (taushetens visdom), evne til \u00e5 se fremtiden (allvitende, uten \u00e5 tale om det)<br>Hovedattributter: Rokk, n\u00f8kkelknippe (husvern), falkedraktkappe, hoffkledning<br>Hovedkultsteder: Ingen egne <span class=\"iwg-fachbegriff\" data-tooltip=\"En bygning som brukes til tilbedelse av en eller flere guddommer.\" tabindex=\"0\">templer<\/span> dokumentert, i Sachsen og Niedersachsen <span class=\"iwg-fachbegriff\" data-tooltip=\"Fra tiden f\u00f8r kristendommens utbredelse.\" tabindex=\"0\">f\u00f8rkristen<\/span> utbredt<br>Romersk identifikasjon: Venus (i ukedagstradisjonen: fredag = Friggs dag, parallelt med Veneris dies)<\/p>\t\t\t\t\t\t\t\t<\/div>\n\t\t\t\t\t<\/div>\n\t\t\t\t<\/div>\n\t\t\t\t\t<\/div>\n\t\t\t\t<\/div>\n\t\t\t\t\t<\/div>\n\t\t\t\t<\/div>\n\t\t<div class=\"elementor-element elementor-element-18613602 e-flex e-con-boxed e-con e-parent\" data-id=\"18613602\" data-element_type=\"container\" data-e-type=\"container\">\n\t\t\t\t\t<div class=\"e-con-inner\">\n\t\t\t\t<div class=\"elementor-element elementor-element-262b8a9f elementor-widget elementor-widget-heading\" data-id=\"262b8a9f\" data-element_type=\"widget\" data-e-type=\"widget\" data-widget_type=\"heading.default\">\n\t\t\t\t\t<h2 class=\"elementor-heading-title elementor-size-default\">Historisk innordning<\/h2>\t\t\t\t<\/div>\n\t\t<div class=\"elementor-element elementor-element-46dcb7d e-con-full e-flex e-con e-child\" data-id=\"46dcb7d\" data-element_type=\"container\" data-e-type=\"container\">\n\t\t<div class=\"elementor-element elementor-element-61d3ab3 e-flex e-con-boxed e-con e-child\" data-id=\"61d3ab3\" data-element_type=\"container\" data-e-type=\"container\">\n\t\t\t\t\t<div class=\"e-con-inner\">\n\t\t\t\t<div class=\"elementor-element elementor-element-117c166 elementor-widget elementor-widget-heading\" data-id=\"117c166\" data-element_type=\"widget\" data-e-type=\"widget\" data-widget_type=\"heading.default\">\n\t\t\t\t\t<h3 class=\"elementor-heading-title elementor-size-default\">Tidsrom for tekstene<\/h3>\t\t\t\t<\/div>\n\t\t\t\t<div class=\"elementor-element elementor-element-73997a0 elementor-widget elementor-widget-text-editor\" data-id=\"73997a0\" data-element_type=\"widget\" data-e-type=\"widget\" data-widget_type=\"text-editor.default\">\n\t\t\t\t\t\t\t\t\t<p>Frigg er sentral helt fra de tidligste germanske kildene (den romerske Tacitus, 1. \u00e5rh. e.Kr., senere Snorri Sturlusons <em>Edda<\/em>, 1200-tallet). Den viktigste litter\u00e6re kilden er <em>Snorre-Edda<\/em> (1220) og <em>Edda-diktene<\/em> (samlet p\u00e5 1200-tallet, inneholder eldre mytologiske dikt).<\/p><p>I det germanske ukedagssystemet er <em>fredag<\/em> oppkalt etter Frigg (germansk <em>Frij\u0101dagaz<\/em>, parallelt med det latinske <em>dies Veneris<\/em>). Kristningen av Skandinavia (900\u20131100-tallet) avbr\u00f8t <span class=\"iwg-fachbegriff\" data-tooltip=\"Summen av religi\u00f8se tilbedelseshandlinger for en guddom eller hellig skikkelse.\" tabindex=\"0\">kulten<\/span>, men den ble bevart i ukedagsnavnet, i folkeskikker og i den litter\u00e6re tradisjonen. P\u00e5 1800-\/1900-tallet fulgte en germansk-romantisk og nyhedensk (asatru) gjenoppliving.<\/p>\t\t\t\t\t\t\t\t<\/div>\n\t\t\t\t\t<\/div>\n\t\t\t\t<\/div>\n\t\t<div class=\"elementor-element elementor-element-d47b156 e-flex e-con-boxed e-con e-child\" data-id=\"d47b156\" data-element_type=\"container\" data-e-type=\"container\">\n\t\t\t\t\t<div class=\"e-con-inner\">\n\t\t\t\t<div class=\"elementor-element elementor-element-ff38c2b elementor-widget elementor-widget-heading\" data-id=\"ff38c2b\" data-element_type=\"widget\" data-e-type=\"widget\" data-widget_type=\"heading.default\">\n\t\t\t\t\t<h3 class=\"elementor-heading-title elementor-size-default\">Utbredelsesomr\u00e5de<\/h3>\t\t\t\t<\/div>\n\t\t\t\t<div class=\"elementor-element elementor-element-4e49fcc elementor-widget elementor-widget-text-editor\" data-id=\"4e49fcc\" data-element_type=\"widget\" data-e-type=\"widget\" data-widget_type=\"text-editor.default\">\n\t\t\t\t\t\t\t\t\t<p>Direkte Frigg-<span class=\"iwg-fachbegriff\" data-tooltip=\"En bygning som brukes til tilbedelse av en eller flere guddommer.\" tabindex=\"0\">templer<\/span> er ikke entydig dokumentert. Den gammelgermanske dyrkelsen var i hovedsak huskult og <span class=\"iwg-fachbegriff\" data-tooltip=\"Religi\u00f8se forestillinger og skikker som er utbredt i hverdagslivet.\" tabindex=\"0\">folketro<\/span>. Tacitus nevner en <span class=\"iwg-fachbegriff\" data-tooltip=\"En hellig lund som tjente som kultsted.\" tabindex=\"0\">lund<\/span> i Schwarzwald som hellig sted.<\/p><p>I den skandinaviske middelalderen domineres omtalene av henne av litteraturen (Edda, skaldediktning). I den moderne <em>asatru<\/em>-tradisjonen (germansk-hedensk religion siden 1970-tallet) dyrkes hun igjen aktivt; i Tyskland, USA og Skandinavia finnes i dag asatru-blot-sammenkomster.<\/p>\t\t\t\t\t\t\t\t<\/div>\n\t\t\t\t\t<\/div>\n\t\t\t\t<\/div>\n\t\t\t\t<\/div>\n\t\t<div class=\"elementor-element elementor-element-db03c39 e-con-full e-flex e-con e-child\" data-id=\"db03c39\" data-element_type=\"container\" data-e-type=\"container\">\n\t\t<div class=\"elementor-element elementor-element-229a87b e-flex e-con-boxed e-con e-child\" data-id=\"229a87b\" data-element_type=\"container\" data-e-type=\"container\">\n\t\t\t\t\t<div class=\"e-con-inner\">\n\t\t\t\t<div class=\"elementor-element elementor-element-1f471fc elementor-widget elementor-widget-heading\" data-id=\"1f471fc\" data-element_type=\"widget\" data-e-type=\"widget\" data-widget_type=\"heading.default\">\n\t\t\t\t\t<h3 class=\"elementor-heading-title elementor-size-default\">Kildesituasjon<\/h3>\t\t\t\t<\/div>\n\t\t\t\t<div class=\"elementor-element elementor-element-36b1201 elementor-widget elementor-widget-text-editor\" data-id=\"36b1201\" data-element_type=\"widget\" data-e-type=\"widget\" data-widget_type=\"text-editor.default\">\n\t\t\t\t\t\t\t\t\t<p>Sentrale kilder: <span class=\"iwg-fachbegriff\" tabindex=\"0\" data-tooltip=\"Islandsk l\u00e6rd (1179\u20131241); forfatter av Prosa-Edda og Heimskringla.\">Snorri Sturluson<\/span> <em>Snorra-Edda<\/em> (Gylfaginning, Skaldskaparmal); <em>Lieder-Edda<\/em> (Vafthrudnismal, Lokasenna med Friggs forsvarstale); Saxo Grammaticus <em>Gesta Danorum<\/em> (1100-tallet, euhemeriserte germanske myter); Tacitus <em>Germania<\/em> (1. \u00e5rhundre).<\/p><p>Sekund\u00e6rlitteratur: Simek, <em>Lexikon der germanischen <span class=\"iwg-fachbegriff\" data-tooltip=\"Alle overleverte gudefortellinger i en kultur.\" tabindex=\"0\">Mythologie<\/span><\/em>; de Vries, <em>Altgermanische Religionsgeschichte<\/em>; Lindow, <em>Norse Mythology. A Guide to the Gods, Heroes, Rituals, and Beliefs<\/em>; Davidson, <em>Roles of the Northern Goddess<\/em>.<\/p>\t\t\t\t\t\t\t\t<\/div>\n\t\t\t\t\t<\/div>\n\t\t\t\t<\/div>\n\t\t\t\t<\/div>\n\t\t\t\t\t<\/div>\n\t\t\t\t<\/div>\n\t\t<div class=\"elementor-element elementor-element-3ae0637c e-flex e-con-boxed e-con e-parent\" data-id=\"3ae0637c\" data-element_type=\"container\" data-e-type=\"container\">\n\t\t\t\t\t<div class=\"e-con-inner\">\n\t\t\t\t<div class=\"elementor-element elementor-element-31d07739 elementor-widget elementor-widget-heading\" data-id=\"31d07739\" data-element_type=\"widget\" data-e-type=\"widget\" data-widget_type=\"heading.default\">\n\t\t\t\t\t<h2 class=\"elementor-heading-title elementor-size-default\">Navn<\/h2>\t\t\t\t<\/div>\n\t\t<div class=\"elementor-element elementor-element-b7642947 e-con-full e-flex e-con e-child\" data-id=\"b7642947\" data-element_type=\"container\" data-e-type=\"container\">\n\t\t\t\t<div class=\"elementor-element elementor-element-a086266 elementor-widget elementor-widget-text-editor\" data-id=\"a086266\" data-element_type=\"widget\" data-e-type=\"widget\" data-widget_type=\"text-editor.default\">\n\t\t\t\t\t\t\t\t\t<p>Frigg fremstilles som en moden, verdig kvinne, ofte med rokk eller n\u00f8kkelknippe, begge symboler p\u00e5 husholdningsmakt i det vikingtidens Norden. Falkekappen hennes gir henne, og av og til guder som l\u00e5ner den, som Loki, evnen til \u00e5 fly.<\/p><p>De tolv asynjene, underordnede gudinner, regnes som hennes tjenerinner. Fargene hennes er hvitt, s\u00f8lv og blekbl\u00e5tt; dyret hennes er falken.<\/p>\t\t\t\t\t\t\t\t<\/div>\n\t\t\t\t<\/div>\n\t\t\t\t\t<\/div>\n\t\t\t\t<\/div>\n\t\t<div class=\"elementor-element elementor-element-709a44a8 e-flex e-con-boxed e-con e-parent\" data-id=\"709a44a8\" data-element_type=\"container\" data-e-type=\"container\">\n\t\t\t\t\t<div class=\"e-con-inner\">\n\t\t\t\t<div class=\"elementor-element elementor-element-2f585873 elementor-widget elementor-widget-heading\" data-id=\"2f585873\" data-element_type=\"widget\" data-e-type=\"widget\" data-widget_type=\"heading.default\">\n\t\t\t\t\t<h2 class=\"elementor-heading-title elementor-size-default\">Beskrivelse<\/h2>\t\t\t\t<\/div>\n\t\t<div class=\"elementor-element elementor-element-70621c12 e-con-full e-flex e-con e-child\" data-id=\"70621c12\" data-element_type=\"container\" data-e-type=\"container\">\n\t\t\t\t<div class=\"elementor-element elementor-element-4296eb49 elementor-widget elementor-widget-text-editor\" data-id=\"4296eb49\" data-element_type=\"widget\" data-e-type=\"widget\" data-widget_type=\"text-editor.default\">\n\t\t\t\t\t\t\t\t\t<p>Frigg garanterer ordenen i husholdningen og slektskapet. Hun kjenner alle veseners skjebne, men taler ikke om det. Denne gaven gj\u00f8r henne til en tragisk mor: hun vet om sin s\u00f8nn Balders d\u00f8d, men kan ikke forhindre den.<\/p><p>I <span class=\"iwg-fachbegriff\" data-tooltip=\"En overlevert fortelling om guder, opphav og verdens orden.\" tabindex=\"0\">mytene<\/span> om Balders d\u00f8d fors\u00f8ker hun \u00e5 forplikte alle ting i kosmos ved ed til aldri \u00e5 skade s\u00f8nnen hennes, men overser dermed den unge misteltein-kvisten som Loki til slutt bruker for \u00e5 drepe ham.<\/p>\t\t\t\t\t\t\t\t<\/div>\n\t\t\t\t<\/div>\n\t\t\t\t\t<\/div>\n\t\t\t\t<\/div>\n\t\t<div class=\"elementor-element elementor-element-44e71476 e-flex e-con-boxed e-con e-parent\" data-id=\"44e71476\" data-element_type=\"container\" data-e-type=\"container\">\n\t\t\t\t\t<div class=\"e-con-inner\">\n\t\t\t\t<div class=\"elementor-element elementor-element-3c1fc3f0 elementor-widget elementor-widget-heading\" data-id=\"3c1fc3f0\" data-element_type=\"widget\" data-e-type=\"widget\" data-widget_type=\"heading.default\">\n\t\t\t\t\t<h2 class=\"elementor-heading-title elementor-size-default\">Profil: Frigg<\/h2>\t\t\t\t<\/div>\n\t\t<div class=\"elementor-element elementor-element-84f33b8e e-con-full e-flex e-con e-child\" data-id=\"84f33b8e\" data-element_type=\"container\" data-e-type=\"container\">\n\t\t\t\t<div class=\"elementor-element elementor-element-hqkdc67p elementor-widget elementor-widget-text-editor\" data-id=\"hqkdc67p\" data-element_type=\"widget\" data-e-type=\"widget\" data-widget_type=\"text-editor.default\">\n\t\t\t\t\t\t\t\t\t<p>De viktigste aspektene ved Frigg i korte trekk. Feltene nedenfor oppsummerer opphav, funksjon, fremtoning, tilbedelse, symboler og kulturelle paralleller.<\/p>\t\t\t\t\t\t\t\t<\/div>\n\t\t\t\t<\/div>\n\t\t<div class=\"elementor-element elementor-element-pemmx7c5 e-con-full e-flex e-con e-child\" data-id=\"pemmx7c5\" data-element_type=\"container\" data-e-type=\"container\">\n\t\t<div class=\"elementor-element elementor-element-pemmx7c1 e-con-full e-flex e-con e-child\" data-id=\"pemmx7c1\" data-element_type=\"container\" data-e-type=\"container\">\n\t\t<div class=\"elementor-element elementor-element-qh9oavvu iwg-steckbrief-card e-flex e-con-boxed e-con e-child\" data-id=\"qh9oavvu\" data-element_type=\"container\" data-e-type=\"container\">\n\t\t\t\t\t<div class=\"e-con-inner\">\n\t\t\t\t<div class=\"elementor-element elementor-element-awzx8k2k elementor-widget elementor-widget-heading\" data-id=\"awzx8k2k\" data-element_type=\"widget\" data-e-type=\"widget\" data-widget_type=\"heading.default\">\n\t\t\t\t\t<h3 class=\"elementor-heading-title elementor-size-default\">Tradisjon<\/h3>\t\t\t\t<\/div>\n\t\t\t\t<div class=\"elementor-element elementor-element-x6rowhv0 elementor-widget elementor-widget-text-editor\" data-id=\"x6rowhv0\" data-element_type=\"widget\" data-e-type=\"widget\" data-widget_type=\"text-editor.default\">\n\t\t\t\t\t\t\t\t\t<p>Frigg er Odins (germ. Wodan) hustru og mor til den lysende guden <em>Balder<\/em>. Datter av Fj\u00f8rgyn (i \u00e9n tradisjon; slektskapet er uklart). Leder for <em>\u00e5synjene<\/em> (Asynjur).<\/p><p>Hennes hovedmyte er fremsynet og det mislykkede fors\u00f8ket p\u00e5 \u00e5 redde s\u00f8nnen Balder fra d\u00f8den: hun lar alle ting i verden sverge p\u00e5 ikke \u00e5 skade ham, men overser misteltein, som Loke senere bruker til \u00e5 drepe Balder.<\/p>\t\t\t\t\t\t\t\t<\/div>\n\t\t\t\t\t<\/div>\n\t\t\t\t<\/div>\n\t\t<div class=\"elementor-element elementor-element-8e3o4kxs iwg-steckbrief-card e-flex e-con-boxed e-con e-child\" data-id=\"8e3o4kxs\" data-element_type=\"container\" data-e-type=\"container\">\n\t\t\t\t\t<div class=\"e-con-inner\">\n\t\t\t\t<div class=\"elementor-element elementor-element-08rkdgov elementor-widget elementor-widget-heading\" data-id=\"08rkdgov\" data-element_type=\"widget\" data-e-type=\"widget\" data-widget_type=\"heading.default\">\n\t\t\t\t\t<h3 class=\"elementor-heading-title elementor-size-default\">Virkningsgjenstand<\/h3>\t\t\t\t<\/div>\n\t\t\t\t<div class=\"elementor-element elementor-element-uwjelx8s elementor-widget elementor-widget-text-editor\" data-id=\"uwjelx8s\" data-element_type=\"widget\" data-e-type=\"widget\" data-widget_type=\"text-editor.default\">\n\t\t\t\t\t\t\t\t\t<p>Modergudinne, beskytter av ekteskapet og husholdningen. Vokter av husets n\u00f8kler (<span class=\"iwg-fachbegriff\" data-tooltip=\"Et tegn som representerer en forestilling eller betydning.\" tabindex=\"0\">symbol<\/span> p\u00e5 husherred\u00f8mme, i gammelgermansk tradisjon bar husfruen n\u00f8kkelknippe i beltet).<\/p><p>Allvitende seerske som likevel bevarer tausheten (i motsetning til Odin, som taler). I den personlige folketroen ble hun <span class=\"iwg-fachbegriff\" data-tooltip=\"Den bedende eller besvergende tiltalen til en gudom eller makt.\" tabindex=\"0\">tilbedt<\/span> under f\u00f8dselsveer, ved bryllup og for husvern. I \u00c5satru-bevegelsen er hun beskytter av kvinners <span class=\"iwg-fachbegriff\" data-tooltip=\"Rituell overgang der noen tas opp i en ny status eller et fellesskap.\" tabindex=\"0\">initiasjon<\/span> og familie-blot.<\/p>\t\t\t\t\t\t\t\t<\/div>\n\t\t\t\t\t<\/div>\n\t\t\t\t<\/div>\n\t\t<div class=\"elementor-element elementor-element-jm2n74ec iwg-steckbrief-card e-flex e-con-boxed e-con e-child\" data-id=\"jm2n74ec\" data-element_type=\"container\" data-e-type=\"container\">\n\t\t\t\t\t<div class=\"e-con-inner\">\n\t\t\t\t<div class=\"elementor-element elementor-element-8vufse4c elementor-widget elementor-widget-heading\" data-id=\"8vufse4c\" data-element_type=\"widget\" data-e-type=\"widget\" data-widget_type=\"heading.default\">\n\t\t\t\t\t<h3 class=\"elementor-heading-title elementor-size-default\">Friggs skikkelse<\/h3>\t\t\t\t<\/div>\n\t\t\t\t<div class=\"elementor-element elementor-element-mwb9u015 elementor-widget elementor-widget-text-editor\" data-id=\"mwb9u015\" data-element_type=\"widget\" data-e-type=\"widget\" data-widget_type=\"text-editor.default\">\n\t\t\t\t\t\t\t\t\t<p>Frigg har ingen fastlagt ikonografisk form fra vikingtiden (det finnes sv\u00e6rt f\u00e5 billedlige fremstillinger av germanske gudinner). I den litter\u00e6re tradisjonen: en verdig kvinneskikkelse med langt, lyst h\u00e5r, i h\u00f8ytidelig hoffkjole, med n\u00f8kkelknippe i beltet, ofte sittende ved rokken (hun spinner skjebnen).<\/p><p>I folketradisjonen forbindes hun med stjernebildet Orions belte (i Nord-Tyskland kalt <em>Friggerock<\/em>, Friggs rokk). I moderne \u00e5satru-billedkunst fremstilles hun typisk som en verdig, kongelig kvinne med krone og smykker.<\/p>\t\t\t\t\t\t\t\t<\/div>\n\t\t\t\t\t<\/div>\n\t\t\t\t<\/div>\n\t\t\t\t<\/div>\n\t\t<div class=\"elementor-element elementor-element-pemmx7c2 e-con-full e-flex e-con e-child\" data-id=\"pemmx7c2\" data-element_type=\"container\" data-e-type=\"container\">\n\t\t<div class=\"elementor-element elementor-element-37ss2yr6 iwg-steckbrief-card e-flex e-con-boxed e-con e-child\" data-id=\"37ss2yr6\" data-element_type=\"container\" data-e-type=\"container\">\n\t\t\t\t\t<div class=\"e-con-inner\">\n\t\t\t\t<div class=\"elementor-element elementor-element-3v0wp3wx elementor-widget elementor-widget-heading\" data-id=\"3v0wp3wx\" data-element_type=\"widget\" data-e-type=\"widget\" data-widget_type=\"heading.default\">\n\t\t\t\t\t<h3 class=\"elementor-heading-title elementor-size-default\">Friggs virkefelt<\/h3>\t\t\t\t<\/div>\n\t\t\t\t<div class=\"elementor-element elementor-element-w3247g2m elementor-widget elementor-widget-text-editor\" data-id=\"w3247g2m\" data-element_type=\"widget\" data-e-type=\"widget\" data-widget_type=\"text-editor.default\">\n\t\t\t\t\t\t\t\t\t<p><strong>Virkeomr\u00e5de:<\/strong> I den gammelgermanske huskulten <span class=\"iwg-fachbegriff\" data-tooltip=\"Den bedende eller p\u00e5kallende henvendelsen til en guddom eller makt.\" tabindex=\"0\">p\u00e5kallelse<\/span> ved f\u00f8dsler, f\u00f8r ekteskapsinng\u00e5elser, for husvern. <em>Friggs rokk<\/em> (stjernebildet) ble i den norddyske folketradisjonen knyttet til v\u00e6rvarsling og vern av spinnerkoner. I kristen tid ble den omtydet til Maria (Maria-spinnerske).<\/p><p>I den moderne asatru-tradisjonen (igjen aktiv i Tyskland, Skandinavia, USA og Storbritannia siden 1970-tallet) p\u00e5kalles hun ved kvinnelige initiasjonsblot og familiefester. Ingen sentral festdag er dokumentert, men <em>fredag<\/em> (Friggs dag) regnes tradisjonelt som hennes ukedag.<\/p>\t\t\t\t\t\t\t\t<\/div>\n\t\t\t\t\t<\/div>\n\t\t\t\t<\/div>\n\t\t<div class=\"elementor-element elementor-element-0qpjal9w iwg-steckbrief-card e-flex e-con-boxed e-con e-child\" data-id=\"0qpjal9w\" data-element_type=\"container\" data-e-type=\"container\">\n\t\t\t\t\t<div class=\"e-con-inner\">\n\t\t\t\t<div class=\"elementor-element elementor-element-6ndoih0o elementor-widget elementor-widget-heading\" data-id=\"6ndoih0o\" data-element_type=\"widget\" data-e-type=\"widget\" data-widget_type=\"heading.default\">\n\t\t\t\t\t<h3 class=\"elementor-heading-title elementor-size-default\">Beskyttelsesmidler<\/h3>\t\t\t\t<\/div>\n\t\t\t\t<div class=\"elementor-element elementor-element-6684tyh9 elementor-widget elementor-widget-text-editor\" data-id=\"6684tyh9\" data-element_type=\"widget\" data-e-type=\"widget\" data-widget_type=\"text-editor.default\">\n\t\t\t\t\t\t\t\t\t<p>N\u00f8kkelknippe (husherred\u00f8mme), rokk\/spinnerok, falkefj\u00e6rkappe (som hun l\u00e5ner ut til Loki), h\u00f8ytidelig hoffkjole, krone. Hellige planter: mistelten (sentral i Balder-<span class=\"iwg-fachbegriff\" data-tooltip=\"En overlevert fortelling om guder, opprinnelse og verdens orden.\" tabindex=\"0\">myten<\/span>, paradoksalt nok som f\u00f8lge av hennes forglemmelse), marik\u00e5pe (folkelig kalt Frigg-planten). Hellige dyr: falk (gjennom fj\u00e6rkappen), gj\u00f8k (i folketradisjonen), stork (bringer barna, f\u00f8dselssymbolikk). Hellig ukedag: fredag.<\/p>\t\t\t\t\t\t\t\t<\/div>\n\t\t\t\t\t<\/div>\n\t\t\t\t<\/div>\n\t\t<div class=\"elementor-element elementor-element-3lfi7x32 iwg-steckbrief-card e-flex e-con-boxed e-con e-child\" data-id=\"3lfi7x32\" data-element_type=\"container\" data-e-type=\"container\">\n\t\t\t\t\t<div class=\"e-con-inner\">\n\t\t\t\t<div class=\"elementor-element elementor-element-0kg99ga1 elementor-widget elementor-widget-heading\" data-id=\"0kg99ga1\" data-element_type=\"widget\" data-e-type=\"widget\" data-widget_type=\"heading.default\">\n\t\t\t\t\t<h3 class=\"elementor-heading-title elementor-size-default\">Paralleller<\/h3>\t\t\t\t<\/div>\n\t\t\t\t<div class=\"elementor-element elementor-element-n0fum6kp elementor-widget elementor-widget-text-editor\" data-id=\"n0fum6kp\" data-element_type=\"widget\" data-e-type=\"widget\" data-widget_type=\"text-editor.default\">\n\t\t\t\t\t\t\t\t\t<p><em>Fr\u00f8ya<\/em> (germansk, vaneras gudinne for kj\u00e6rlighet; i noen forskningsteorier identisk med eller n\u00e6rt beslektet med Frigg, men i Edda-tradisjonen klart skilt fra henne), <em>Fricka<\/em> (h\u00f8ytysk, senere variant), <em>Hera<\/em> (Hellas, Zevs&#8217; hustru, ekteskapets beskytter), <em>Iuno<\/em> (Roma), <em>Inanna\/Ishtar<\/em> (Mesopotamia, men mer erotisk betont). Tyske spr\u00e5kslektninger: <em>Friede<\/em>, <em>Frigerich<\/em>. Funksjonelt sammenlignes hun som \u00abmodergudinne og husholdningens beskytter\u00bb med Hera\/Iuno.<\/p>\t\t\t\t\t\t\t\t<\/div>\n\t\t\t\t\t<\/div>\n\t\t\t\t<\/div>\n\t\t\t\t<\/div>\n\t\t\t\t<\/div>\n\t\t\t\t\t<\/div>\n\t\t\t\t<\/div>\n\t\t<div class=\"elementor-element elementor-element-5a584676 e-flex e-con-boxed e-con e-parent\" data-id=\"5a584676\" data-element_type=\"container\" data-e-type=\"container\">\n\t\t\t\t\t<div class=\"e-con-inner\">\n\t\t\t\t<div class=\"elementor-element elementor-element-6d0757bf elementor-widget elementor-widget-heading\" data-id=\"6d0757bf\" data-element_type=\"widget\" data-e-type=\"widget\" data-widget_type=\"heading.default\">\n\t\t\t\t\t<h2 class=\"elementor-heading-title elementor-size-default\">Frigg, paralleller i andre kulturer<\/h2>\t\t\t\t<\/div>\n\t\t<div class=\"elementor-element elementor-element-60563f68 e-con-full e-flex e-con e-child\" data-id=\"60563f68\" data-element_type=\"container\" data-e-type=\"container\">\n\t\t\t\t<div class=\"elementor-element elementor-element-5a93fdd6 elementor-widget elementor-widget-text-editor\" data-id=\"5a93fdd6\" data-element_type=\"widget\" data-e-type=\"widget\" data-widget_type=\"text-editor.default\">\n\t\t\t\t\t\t\t\t\t<p>Funksjonelt sammenlignbare er Iuno (Roma) som ekteskapets og statens gudinne, Hera (Hellas) som hovedgudinne og hustru til den \u00f8verste guden, samt Frigga som s\u00f8rtysk variant. Etymologisk er hun beslektet med Fr\u00f8ya &#8211; begge navnene g\u00e5r tilbake til det indoeuropeiske *priH-jaH (den elskede). I den angelsaksiske tradisjonen fremst\u00e5r hun som Frige.<\/p>\n<p><strong>Indoeuropeiske sammenligningsgudinner:<\/strong> I religionsvitenskapelig forskning forst\u00e5s Frigg som representant for et indoeuropeisk gudinnelag som strekker seg gjennom flere kulturer. Den strukturelle likheten med Hera i den greske religionen (som hustru til gudekongen, beskytter av ekteskap og familie) peker mot en felles indoeuropeisk arv.<\/p><p>Likeledes finnes paralleller til den romerske Iuno (latinisert Juno), som stod i den kapitolinske triaden sammen med Jupiter og Minerva. Begge gudinnene deler med Frigg egenskapene som ektefellegudinne, fruktbarhet og husvern. Den vediske Saraswati representerer derimot mer aspekter av visdom og kunnskap, men ogs\u00e5 hos henne finnes spor av modergudinnefunksjonen.<\/p><p><strong>Slaviske og baltiske paralleller:<\/strong> I de slaviske tradisjonene fremst\u00e5r Mokosj som en jord- og modergudinne forbundet med fruktbarhet, h\u00e5ndverk og kvinners skjebne. Den baltiske Laumaen har liknende trekk som skjebnegudinne og familiens beskytter.<\/p><p>Begge viser strukturell slektskap med Frigg: de fungerer som formidlere mellom guders og menneskers verden, vever de d\u00f8deliges skjebne og former det huslige og kultiske. Friggs rolle som vever og spinnerske, hun kjenner alles skjebne men avsl\u00f8rer den ikke, gjenklinger direkte med disse \u00f8steuropeiske gudinnene.<\/p><p><strong>Keltisk-skandinaviske synkretismer:<\/strong> Den irske Brigit har likheter med Frigg i sin rolle som beskytter av h\u00e5ndverk (s\u00e6rlig smedkunst og veving) og som gudinne for hellige steder. Den krigerske Macha deler med Frigg autoriteten over krigeres og herskeres skjebne.<\/p><p>I den nordiske <span class=\"iwg-fachbegriff\" tabindex=\"0\" data-tooltip=\"Sammensmelting av elementer fra ulike religioner eller kulter til blandingsformer, som i haitisk vodou.\">synkretisme<\/span>-prosessen, s\u00e6rlig der vanene (fruktbarhets- og husholdningsguder som Fr\u00f8ya) ble sammenvevd med \u00e6sene (herskende guder som Odin og Frigg), oppstod hybridformer der Friggas kjennetegn (beskyttelse, veving, ekteskap) ble blandet med Fr\u00f8yas kjennetegn (kj\u00e6rlighet, seksualitet, krigersk oppl\u00e6ring).<\/p><p>Disse synkretistiske prosessene tyder p\u00e5 en felles indoeuropeisk kjerne som utviklet seg forskjellig i de ulike kulturene.<\/p>\t\t\t\t\t\t\t\t<\/div>\n\t\t\t\t<\/div>\n\t\t\t\t\t<\/div>\n\t\t\t\t<\/div>\n\t\t<div class=\"elementor-element elementor-element-cp0bf895f e-flex e-con-boxed e-con e-parent\" data-id=\"cp0bf895f\" data-element_type=\"container\" data-e-type=\"container\">\n\t\t\t\t\t<div class=\"e-con-inner\">\n\t\t\t\t<div class=\"elementor-element elementor-element-cp56cc4ad elementor-widget elementor-widget-heading\" data-id=\"cp56cc4ad\" data-element_type=\"widget\" data-e-type=\"widget\" data-widget_type=\"heading.default\">\n\t\t\t\t\t<h2 class=\"elementor-heading-title elementor-size-default\">Frigg i Lieder-Edda og Snorre-Edda<\/h2>\t\t\t\t<\/div>\n\t\t<div class=\"elementor-element elementor-element-cp29e9373 e-con-full e-flex e-con e-child\" data-id=\"cp29e9373\" data-element_type=\"container\" data-e-type=\"container\">\n\t\t\t\t<div class=\"elementor-element elementor-element-cp8315ca5 elementor-widget elementor-widget-text-editor\" data-id=\"cp8315ca5\" data-element_type=\"widget\" data-e-type=\"widget\" data-widget_type=\"text-editor.default\">\n\t\t\t\t\t\t\t\t\t<p>De viktigste vitnesbyrdene om Frigg stammer fra de to middelalderske samlingene som er kjent under navnet <em>Edda<\/em>. Den eldre, Edda-diktene, gir et anskuelig bilde s\u00e6rlig i diktet <em>Lokasenna<\/em>: Der kommer gudene i strid, og Loki anklager Frigg for \u00e5 ha v\u00e6rt utro mens Odin var borte.<\/p><p>Frigg svarer tilbakeholdent, og Fr\u00f8ya forsvarer henne med at Frigg kjenner alles skjebne, selv om hun ikke uttaler den. Dette stedet er sentralt fordi det tilskriver Frigg en skjebnekunnskap hun holder for seg selv.<\/p><p>Mer utfyllende er Snorre-Edda, l\u00e6reboken i diktekunst som Snorre Sturlason skrev p\u00e5 1200-tallet. Snorre kaller Frigg den fremste av \u00e5synjene, Odins hustru og Balders mor.<\/p><p>Hos ham finner vi ogs\u00e5 den mest utfyllende <span class=\"iwg-fachbegriff\" data-tooltip=\"En overlevert fortelling om guder, opphav og verdens ordning.\" tabindex=\"0\">myten<\/span> om Frigg, forhistorien til Balders d\u00f8d. Frigg lar alle ting i verden avlegge ed om \u00e5 ikke skade Balder, men overser den unge misteltein, som hun anser for ubetydelig. Loki utnytter nettopp dette hullet.<\/p><p>Snorre er en verdifull, men ikke uproblematisk kilde. Han skrev godt to \u00e5rhundrer etter kristningen av Island og ordnet det overleverte materialet inn i et system som delvis er preget av l\u00e6rde og kristne forestillinger.<\/p><p>Religionshistorisk forskning leser derfor Snorre som bearbeider, ikke som direkte vitne til en hedensk religion. Likevel bevarer hans fremstilling fortellingskjerner som til dels ogs\u00e5 finnes i den eldre diktningen, og som derfor anses som forholdsvis gamle.<\/p>\t\t\t\t\t\t\t\t<\/div>\n\t\t\t\t<\/div>\n\t\t\t\t\t<\/div>\n\t\t\t\t<\/div>\n\t\t<div class=\"elementor-element elementor-element-cpc3f2470 e-flex e-con-boxed e-con e-parent\" data-id=\"cpc3f2470\" data-element_type=\"container\" data-e-type=\"container\">\n\t\t\t\t\t<div class=\"e-con-inner\">\n\t\t\t\t<div class=\"elementor-element elementor-element-cpab01758 elementor-widget elementor-widget-heading\" data-id=\"cpab01758\" data-element_type=\"widget\" data-e-type=\"widget\" data-widget_type=\"heading.default\">\n\t\t\t\t\t<h2 class=\"elementor-heading-title elementor-size-default\">Balder-myten og Friggs forgjeves forsorg<\/h2>\t\t\t\t<\/div>\n\t\t<div class=\"elementor-element elementor-element-cpadb449b e-con-full e-flex e-con e-child\" data-id=\"cpadb449b\" data-element_type=\"container\" data-e-type=\"container\">\n\t\t\t\t<div class=\"elementor-element elementor-element-cp1c6dfe0 elementor-widget elementor-widget-text-editor\" data-id=\"cp1c6dfe0\" data-element_type=\"widget\" data-e-type=\"widget\" data-widget_type=\"text-editor.default\">\n\t\t\t\t\t\t\t\t\t<p>Den mest kjente <span class=\"iwg-fachbegriff\" data-tooltip=\"En overlevert fortelling om guder, opphav og verdens ordning.\" tabindex=\"0\">myten<\/span> der Frigg spiller en avgj\u00f8rende rolle, er d\u00f8dsfallet til hennes s\u00f8nn Balder. Fortellingen forbinder flere temaer som er viktige for det nordiske gudebildet: skjebnens uunng\u00e5elighet, grensene for gudenes makt og Lokis \u00f8deleggende virkning. Frigg st\u00e5r i sentrum av fors\u00f8ket p\u00e5 \u00e5 avverge den forutsette ulykken.<\/p><p>Da Balder plages av onde dr\u00f8mmer, reiser Frigg gjennom verden og lar alle ting, ilden, vannet, jernet, steinene, dyrene, sykdommene, avlegge l\u00f8fte om ikke \u00e5 skade s\u00f8nnen hennes.<\/p><p>Bare misteltein overser hun. Loki f\u00e5r kjennskap til dette, former en pil av misteltein og f\u00e5r den blinde H\u00f6der til \u00e5 kaste den mot Balder. Balder d\u00f8r, og Friggs omhyggelige forsorg viser seg utilstrekkelig.<\/p><p>I forskningen tolkes denne <span class=\"iwg-fachbegriff\" data-tooltip=\"En overlevert fortelling om guder, opphav og verdens ordning.\" tabindex=\"0\">myten<\/span> forskjellig. Noen ser i den en gammel fortelling om den d\u00f8ende og ikke tilbakevendende guden, andre betoner det litter\u00e6re <span class=\"iwg-fachbegriff\" data-tooltip=\"Et gjentagende innholdselement i kunst eller fortelling.\" tabindex=\"0\">motivet<\/span> med den ene oversette muligheten som gj\u00f8r hele planen om intet. Viktig er Friggs dobbeltrolle: Hun er den som kjenner skjebnen, og samtidig den som ikke kan avverge den.<\/p><p>Etter Balders d\u00f8d sender hun et bud til d\u00f8dsriket, og gjenopphentingen lykkes nesten, men igjen forhindrer Loki at det g\u00e5r bra. <span class=\"iwg-fachbegriff\" data-tooltip=\"En overlevert fortelling om guder, opphav og verdens ordning.\" tabindex=\"0\">Myten<\/span> viser Frigg som en handlende, forutseende skikkelse, hvis makt likevel finner sin grense i skjebnens ordning. Videre forbindelser f\u00f8rer til andre skikkelser i det <a href=\"https:\/\/iwell-guard.com\/no\/?page_id=140828\">germanske pantheonet<\/a>.<\/p>\t\t\t\t\t\t\t\t<\/div>\n\t\t\t\t<\/div>\n\t\t\t\t\t<\/div>\n\t\t\t\t<\/div>\n\t\t<div class=\"elementor-element elementor-element-cp7ba8148 e-flex e-con-boxed e-con e-parent\" data-id=\"cp7ba8148\" data-element_type=\"container\" data-e-type=\"container\">\n\t\t\t\t\t<div class=\"e-con-inner\">\n\t\t\t\t<div class=\"elementor-element elementor-element-cpeaa0648 elementor-widget elementor-widget-heading\" data-id=\"cpeaa0648\" data-element_type=\"widget\" data-e-type=\"widget\" data-widget_type=\"heading.default\">\n\t\t\t\t\t<h2 class=\"elementor-heading-title elementor-size-default\">Frigg, Fr\u00f8ya og problemet med den doble gudinnen<\/h2>\t\t\t\t<\/div>\n\t\t<div class=\"elementor-element elementor-element-cpdbeb154 e-con-full e-flex e-con e-child\" data-id=\"cpdbeb154\" data-element_type=\"container\" data-e-type=\"container\">\n\t\t\t\t<div class=\"elementor-element elementor-element-cpda43d24 elementor-widget elementor-widget-text-editor\" data-id=\"cpda43d24\" data-element_type=\"widget\" data-e-type=\"widget\" data-widget_type=\"text-editor.default\">\n\t\t\t\t\t\t\t\t\t<p>Et av de eldste og mest diskuterte sp\u00f8rsm\u00e5lene i nordisk religionshistorie er forholdet mellom Frigg og Fr\u00f8ya. Begge gudinnene viser markante likheter. Begge tilskrives en fj\u00e6rkledning som gj\u00f8r det mulig \u00e5 flyge.<\/p><p>Begge forbindes med kj\u00e6rlighet, ekteskap og fruktbarhet. Navnene deres kan spr\u00e5klig f\u00f8res tilbake til lignende rotord, der <em>Frigg<\/em> settes i forbindelse med et ord for \u00abkj\u00e6rlighet\u00bb og <em>Fr\u00f8ya<\/em> med \u00abfrue\u00bb eller \u00abherskerinne\u00bb.<\/p><p>En del av den eldre forskningen, blant annet i regi av Jan de Vries, antok derfor at Frigg og Fr\u00f8ya opprinnelig var \u00e9n og samme gudinne, som f\u00f8rst i l\u00f8pet av <span class=\"iwg-fachbegriff\" data-tooltip=\"Overf\u00f8ringen av kunnskap og fortellinger gjennom generasjoner.\" tabindex=\"0\">overleveringen<\/span> ble delt i to skikkelser.<\/p><p>Andre forskere, blant annet i nyere arbeider om vikingtiden, hevder derimot at de to gudinnene i kildene skilles klart fra hverandre: Frigg tilh\u00f8rer \u00e6sene, Fr\u00f8ya vanene, de har forskjellige ektefeller og forskjellige tyngdepunkter i sine funksjoner.<\/p><p>Frigg er sterkere forbundet med ekteskap, husholdning og moderskap, Fr\u00f8ya med begj\u00e6r, krig og en egen form for trolldomskunst, <em>seid<\/em>.<\/p><p>Diskusjonen er fremdeles ikke avsluttet, fordi kildene ikke tillater et entydig svar. Det som kan fastholdes, er at begge gudinnene i den overleverte religionen fra vikingtiden ble tilbedt som separate skikkelser, men at likheten mellom dem kan tyde p\u00e5 en felles forhistorie eller en gjensidig p\u00e5virkning.<\/p><p>For forst\u00e5elsen av Frigg er denne avgrensningen viktig: Hun er ikke kj\u00e6rlighetsgudinnen i betydningen begj\u00e6r, men husets, ekteskapets og den forutseende omsorgens frue. En sammenligning med <a href=\"https:\/\/iwell-guard.com\/no\/?page_id=140828\">beslektede kvinnelige skikkelser<\/a> i <span class=\"iwg-fachbegriff\" data-tooltip=\"Overf\u00f8ringen av kunnskap og fortellinger gjennom generasjoner.\" tabindex=\"0\">overleveringen<\/span> skjerper dette bildet.<\/p>\t\t\t\t\t\t\t\t<\/div>\n\t\t\t\t<\/div>\n\t\t\t\t\t<\/div>\n\t\t\t\t<\/div>\n\t\t<div class=\"elementor-element elementor-element-cp967972e e-flex e-con-boxed e-con e-parent\" data-id=\"cp967972e\" data-element_type=\"container\" data-e-type=\"container\">\n\t\t\t\t\t<div class=\"e-con-inner\">\n\t\t\t\t<div class=\"elementor-element elementor-element-cp4b21c27 elementor-widget elementor-widget-heading\" data-id=\"cp4b21c27\" data-element_type=\"widget\" data-e-type=\"widget\" data-widget_type=\"heading.default\">\n\t\t\t\t\t<h2 class=\"elementor-heading-title elementor-size-default\">Spor p\u00e5 fastlandet, i stedsnavn og i ukedagen<\/h2>\t\t\t\t<\/div>\n\t\t<div class=\"elementor-element elementor-element-cp7a1b465 e-con-full e-flex e-con e-child\" data-id=\"cp7a1b465\" data-element_type=\"container\" data-e-type=\"container\">\n\t\t\t\t<div class=\"elementor-element elementor-element-cp193b30a elementor-widget elementor-widget-text-editor\" data-id=\"cp193b30a\" data-element_type=\"widget\" data-e-type=\"widget\" data-widget_type=\"text-editor.default\">\n\t\t\t\t\t\t\t\t\t<p>Frigg er ikke bare en skikkelse i den norr\u00f8ne diktningen, men har satt spor i hele det germanske spr\u00e5komr\u00e5det. Det klareste beviset er ukedagen fredag. Den romerske ukedagsbenevnelsen tildelte hver dag en planetgud, og dagen for Venus ble ved overf\u00f8ringen til germansk tilskrevet en egen gudinne.<\/p><p>P\u00e5 engelsk <em>Friday<\/em>, p\u00e5 tysk <em>Freitag<\/em>, og i de nordiske spr\u00e5kene p\u00e5 liknende vis, ligger denne likestillingen. Hvilken gudinne som egentlig var ment, Frigg eller Fr\u00f8ya, er omstridt p\u00e5 grunn av det allerede nevnte slektskapet, men de fleste spr\u00e5khistorikere heller mot Frigg eller hennes kontinentale motstykke.<\/p><p>P\u00e5 kontinentet fremst\u00e5r en gudinne som er beslektet med Frigg i langobardisk <span class=\"iwg-fachbegriff\" data-tooltip=\"Overleveringen av kunnskap og fortellinger gjennom generasjoner.\" tabindex=\"0\">overlevering<\/span> under navnet <em>Frea<\/em>. Paulus Diaconus fortolker i sin <em>Historia Langobardorum<\/em> fra det \u00e5ttende \u00e5rhundre en fortelling der Frea hjelper sin mann Godan, alts\u00e5 Odin, til seier ved list.<\/p><p>Denne episoden anses som et viktig vitnesbyrd om at dyrkelsen av en Frigg-lignende skikkelse ikke var begrenset til Skandinavia, men var kjent blant flere germanske folk.<\/p><p>Stedsnavn som viser til Frigg er sjeldnere og mer usikre enn for enkelte andre gudeskikkelser, noe forskningen delvis forklarer med den huslige, mindre offentlig-kultiske karakteren av hennes dyrkelse. En gammel benevnelse p\u00e5 stjernebildet som i dag kalles Orions belte, ble i Skandinavia delvis knyttet til Frigg, men denne <span class=\"iwg-fachbegriff\" data-tooltip=\"Overleveringen av kunnskap og fortellinger gjennom generasjoner.\" tabindex=\"0\">overleveringen<\/span> er sen og usikker.<\/p><p>Samlet viser sporene at Frigg var en bredt forankret skikkelse utover de islandske tekstene, men at dyrkelsen av henne fant sted mer i det huslige enn i det monumentale, og derfor har etterlatt seg f\u00e6rre synlige arkeologiske spor.<\/p>\t\t\t\t\t\t\t\t<\/div>\n\t\t\t\t<\/div>\n\t\t\t\t\t<\/div>\n\t\t\t\t<\/div>\n\t\t<div class=\"elementor-element elementor-element-36dd7469 e-flex e-con-boxed e-con e-parent\" data-id=\"36dd7469\" data-element_type=\"container\" data-e-type=\"container\">\n\t\t\t\t\t<div class=\"e-con-inner\">\n\t\t\t\t<div class=\"elementor-element elementor-element-13760ab4 elementor-widget elementor-widget-heading\" data-id=\"13760ab4\" data-element_type=\"widget\" data-e-type=\"widget\" data-widget_type=\"heading.default\">\n\t\t\t\t\t<h2 class=\"elementor-heading-title elementor-size-default\">Videre lenker<\/h2>\t\t\t\t<\/div>\n\t\t<div class=\"elementor-element elementor-element-28c87796 e-con-full e-flex e-con e-child\" data-id=\"28c87796\" data-element_type=\"container\" data-e-type=\"container\">\n\t\t\t\t<div class=\"elementor-element elementor-element-5d6538df elementor-widget elementor-widget-text-editor\" data-id=\"5d6538df\" data-element_type=\"widget\" data-e-type=\"widget\" data-widget_type=\"text-editor.default\">\n\t\t\t\t\t\t\t\t\t<ul><li><a href=\"https:\/\/iwell-guard.com\/no\/?page_id=140927\">Odin, ektemann<\/a><\/li><li><a href=\"https:\/\/iwell-guard.com\/no\/?page_id=141028\">Fr\u00f8ya, beslektet germansk gudinne<\/a><\/li><li><a href=\"https:\/\/iwell-guard.com\/no\/?page_id=140977\">Loki, antagonist i Balder-mytologien<\/a><\/li><li><a href=\"https:\/\/iwell-guard.com\/no\/?page_id=140828\">Germansk, oversikt over pantheon<\/a><\/li><li><a href=\"https:\/\/iwell-guard.com\/no\/?page_id=140921\">H\u00f8ygudinner, underkategori<\/a><\/li><li><a href=\"https:\/\/iwell-guard.com\/no\/?page_id=140892\">Guder, oversikt over klasser<\/a><\/li><\/ul>\t\t\t\t\t\t\t\t<\/div>\n\t\t\t\t<\/div>\n\t\t\t\t\t<\/div>\n\t\t\t\t<\/div>\n\t\t<div class=\"elementor-element elementor-element-grl4kl40 e-flex e-con-boxed e-con e-parent\" data-id=\"grl4kl40\" data-element_type=\"container\" data-e-type=\"container\">\n\t\t\t\t\t<div class=\"e-con-inner\">\n\t\t\t\t<div class=\"elementor-element elementor-element-bzsbfrmh elementor-widget elementor-widget-heading\" data-id=\"bzsbfrmh\" data-element_type=\"widget\" data-e-type=\"widget\" data-widget_type=\"heading.default\">\n\t\t\t\t\t<h2 class=\"elementor-heading-title elementor-size-default\">Litteratur (utvalg)<\/h2>\t\t\t\t<\/div>\n\t\t<div class=\"elementor-element elementor-element-2c13224a e-con-full e-flex e-con e-child\" data-id=\"2c13224a\" data-element_type=\"container\" data-e-type=\"container\">\n\t\t\t\t<div class=\"elementor-element elementor-element-0eymh9ub elementor-widget elementor-widget-text-editor\" data-id=\"0eymh9ub\" data-element_type=\"widget\" data-e-type=\"widget\" data-widget_type=\"text-editor.default\">\n\t\t\t\t\t\t\t\t\t<footer class=\"iwg-literatur\" data-nosnippet=\"true\"><ul><li><span data-nosnippet>Simek, Rudolf: <em>Lexikon der germanischen <span class=\"iwg-fachbegriff\" data-tooltip=\"Den samlede overleveringen av en kulturs gudefortellinger.\" tabindex=\"0\">Mythologie<\/span><\/em>. Stuttgart 2006.<\/span><\/li><li><span data-nosnippet>de Vries, Jan: <em>Altgermanische Religionsgeschichte<\/em>. 2 bind, Berlin 1956\/57.<\/span><\/li><li><span data-nosnippet>Lindow, John: <em>Norse Mythology. A Guide to the Gods, Heroes, Rituals, and Beliefs<\/em>. Oxford 2001.<\/span><\/li><li><span data-nosnippet>Davidson, Hilda Ellis: <em>Roles of the Northern Goddess<\/em>. London 1998.<\/span><\/li><li><span class=\"iwg-fachbegriff\" tabindex=\"0\" data-tooltip=\"Islandsk l\u00e6rd (1179\u20131241); forfatter av Prosa-Edda og Heimskringla.\">Snorri Sturluson<\/span>: <em>Snorra-Edda<\/em> (mange oversettelser).<\/li><li>Walde, Christine (red.): <em>Der Neue Pauly<\/em> (oppslagsordet \u00abFrigg\u00bb).<\/li><\/ul><\/footer>\t\t\t\t\t\t\t\t<\/div>\n\t\t\t\t<\/div>\n\t\t\t\t\t<\/div>\n\t\t\t\t<\/div>\n\t\t<div class=\"elementor-element elementor-element-iwgkw2-add-frigg e-flex e-con-boxed e-con e-parent\" data-id=\"iwgkw2-add-frigg\" data-element_type=\"container\" data-e-type=\"container\">\n\t\t\t\t\t<div class=\"e-con-inner\">\n\t\t\t\t<div class=\"elementor-element elementor-element-iwgkw2-add-frigg-t elementor-widget elementor-widget-text-editor\" data-id=\"iwgkw2-add-frigg-t\" data-element_type=\"widget\" data-e-type=\"widget\" data-widget_type=\"text-editor.default\">\n\t\t\t\t\t\t\t\t\t<p>Frigg regnes i den norr\u00f8ne <span class=\"iwg-fachbegriff\" data-tooltip=\"Overleveringen av kunnskap og fortellinger gjennom generasjoner.\" tabindex=\"0\">overleveringen<\/span> som <em>h\u00f8ygudinne<\/em> blant \u00e6sene, Odins hustru og Balders mor; Edda skildrer henne som vokteren av skjebnetr\u00e5dene og forvalteren av edene.<\/p>\t\t\t\t\t\t\t\t<\/div>\n\t\t\t\t\t<\/div>\n\t\t\t\t<\/div>\n\t\t\t\t<\/div>\n\t\t","protected":false},"excerpt":{"rendered":"","protected":false},"author":3,"featured_media":1572,"parent":0,"menu_order":0,"comment_status":"closed","ping_status":"closed","template":"elementor_header_footer","meta":{"_yoast_wpseo_focuskw":"frigg","_yoast_wpseo_title":"Frigg - H\u00f8ygudinne blant asene, mor til Balder","_yoast_wpseo_metadesc":"Frigg, h\u00f8ygudinne blant asene og mor til Balder. Skjebnegave, moderskap, husstyre. Kilder i Edda, Saxo og spor i germanske kulter.","_yoast_wpseo_meta-robots-noindex":"","_yoast_wpseo_canonical":"","_angie_page":false,"gefaehrdungsstufe":"1","wesen_kultur":"germanisch","wesen_klasse":"goetter","footnotes":""},"categories":[],"class_list":["post-141032","page","type-page","status-publish","has-post-thumbnail","hentry"],"yoast_head":"<!-- This site is optimized with the Yoast SEO Premium plugin v27.7 (Yoast SEO v28.3) - https:\/\/yoast.com\/product\/yoast-seo-premium-wordpress\/ -->\n<title>Frigg - H\u00f8ygudinne blant asene, mor til Balder<\/title>\n<meta name=\"description\" content=\"Frigg, h\u00f8ygudinne blant asene og mor til Balder. Skjebnegave, moderskap, husstyre. Kilder i Edda, Saxo og spor i germanske kulter.\" \/>\n<meta name=\"robots\" content=\"index, follow, max-snippet:-1, max-image-preview:large, max-video-preview:-1\" \/>\n<link rel=\"canonical\" href=\"https:\/\/iwell-guard.com\/no\/frigg\/\" \/>\n<meta property=\"og:locale\" content=\"nb_NO\" \/>\n<meta property=\"og:type\" content=\"article\" \/>\n<meta property=\"og:title\" content=\"Frigg\" \/>\n<meta property=\"og:description\" content=\"Frigg, h\u00f8ygudinne blant asene og mor til Balder. Skjebnegave, moderskap, husstyre. Kilder i Edda, Saxo og spor i germanske kulter.\" \/>\n<meta property=\"og:url\" content=\"https:\/\/iwell-guard.com\/no\/frigg\/\" \/>\n<meta property=\"og:site_name\" content=\"iWell Guard\" \/>\n<meta property=\"article:modified_time\" content=\"2026-09-03T09:38:25+00:00\" \/>\n<meta property=\"og:image\" content=\"https:\/\/iwell-guard.com\/wp-content\/uploads\/2026\/04\/goetter_germanisch_frigg.webp\" \/>\n\t<meta property=\"og:image:width\" content=\"1024\" \/>\n\t<meta property=\"og:image:height\" content=\"1536\" \/>\n\t<meta property=\"og:image:type\" content=\"image\/webp\" \/>\n<meta name=\"twitter:card\" content=\"summary_large_image\" \/>\n<script type=\"application\/ld+json\" class=\"yoast-schema-graph\">{\"@context\":\"https:\\\/\\\/schema.org\",\"@graph\":[{\"@type\":\"WebPage\",\"@id\":\"https:\\\/\\\/iwell-guard.com\\\/no\\\/frigg\\\/\",\"url\":\"https:\\\/\\\/iwell-guard.com\\\/no\\\/frigg\\\/\",\"name\":\"Frigg - H\u00f8ygudinne blant asene, mor til Balder\",\"isPartOf\":{\"@id\":\"https:\\\/\\\/iwell-guard.com\\\/no\\\/#website\"},\"primaryImageOfPage\":{\"@id\":\"https:\\\/\\\/iwell-guard.com\\\/no\\\/frigg\\\/#primaryimage\"},\"image\":{\"@id\":\"https:\\\/\\\/iwell-guard.com\\\/no\\\/frigg\\\/#primaryimage\"},\"thumbnailUrl\":\"https:\\\/\\\/iwell-guard.com\\\/wp-content\\\/uploads\\\/2026\\\/04\\\/goetter_germanisch_frigg.webp\",\"datePublished\":\"2026-09-03T09:15:57+00:00\",\"dateModified\":\"2026-09-03T09:38:25+00:00\",\"description\":\"Frigg, h\u00f8ygudinne blant asene og mor til Balder. Skjebnegave, moderskap, husstyre. Kilder i Edda, Saxo og spor i germanske kulter.\",\"breadcrumb\":{\"@id\":\"https:\\\/\\\/iwell-guard.com\\\/no\\\/frigg\\\/#breadcrumb\"},\"inLanguage\":\"nb-NO\",\"potentialAction\":[{\"@type\":\"ReadAction\",\"target\":[\"https:\\\/\\\/iwell-guard.com\\\/no\\\/frigg\\\/\"]}]},{\"@type\":\"ImageObject\",\"inLanguage\":\"nb-NO\",\"@id\":\"https:\\\/\\\/iwell-guard.com\\\/no\\\/frigg\\\/#primaryimage\",\"url\":\"https:\\\/\\\/iwell-guard.com\\\/wp-content\\\/uploads\\\/2026\\\/04\\\/goetter_germanisch_frigg.webp\",\"contentUrl\":\"https:\\\/\\\/iwell-guard.com\\\/wp-content\\\/uploads\\\/2026\\\/04\\\/goetter_germanisch_frigg.webp\",\"width\":1024,\"height\":1536,\"caption\":\"Guder fra den germanske tradisjonen.\"},{\"@type\":\"BreadcrumbList\",\"@id\":\"https:\\\/\\\/iwell-guard.com\\\/no\\\/frigg\\\/#breadcrumb\",\"itemListElement\":[{\"@type\":\"ListItem\",\"position\":1,\"name\":\"Start\",\"item\":\"https:\\\/\\\/iwell-guard.com\\\/no\\\/?page_id=140795\"},{\"@type\":\"ListItem\",\"position\":2,\"name\":\"Frigg\"}]},{\"@type\":\"WebSite\",\"@id\":\"https:\\\/\\\/iwell-guard.com\\\/no\\\/#website\",\"url\":\"https:\\\/\\\/iwell-guard.com\\\/no\\\/\",\"name\":\"iWell Guard\",\"description\":\"Schutz vor dunklen Einfl\u00fcssen\",\"publisher\":{\"@id\":\"https:\\\/\\\/iwell-guard.com\\\/no\\\/#organization\"},\"potentialAction\":[{\"@type\":\"SearchAction\",\"target\":{\"@type\":\"EntryPoint\",\"urlTemplate\":\"https:\\\/\\\/iwell-guard.com\\\/no\\\/?s={search_term_string}\"},\"query-input\":{\"@type\":\"PropertyValueSpecification\",\"valueRequired\":true,\"valueName\":\"search_term_string\"}}],\"inLanguage\":\"nb-NO\"},{\"@type\":\"Organization\",\"@id\":\"https:\\\/\\\/iwell-guard.com\\\/no\\\/#organization\",\"name\":\"Ittermann electronic GmbH\",\"url\":\"https:\\\/\\\/iwell-guard.com\\\/no\\\/\",\"logo\":{\"@type\":\"ImageObject\",\"inLanguage\":\"nb-NO\",\"@id\":\"https:\\\/\\\/iwell-guard.com\\\/no\\\/#\\\/schema\\\/logo\\\/image\\\/\",\"url\":\"https:\\\/\\\/iwell-guard.com\\\/wp-content\\\/uploads\\\/2026\\\/05\\\/Ittermann-Logo-1182x237-1.png\",\"contentUrl\":\"https:\\\/\\\/iwell-guard.com\\\/wp-content\\\/uploads\\\/2026\\\/05\\\/Ittermann-Logo-1182x237-1.png\",\"width\":1182,\"height\":237,\"caption\":\"Ittermann electronic GmbH\"},\"image\":{\"@id\":\"https:\\\/\\\/iwell-guard.com\\\/no\\\/#\\\/schema\\\/logo\\\/image\\\/\"},\"sameAs\":[\"https:\\\/\\\/pantip.com\\\/profile\\\/9367242\",\"https:\\\/\\\/micro.blog\\\/iwellguard\",\"https:\\\/\\\/www.diggerslist.com\\\/iwellguard\\\/about\",\"https:\\\/\\\/skitterphoto.com\\\/photographers\\\/2870314\\\/iwell-guard\",\"https:\\\/\\\/iwellguard.wordpress.com\\\/2026\\\/06\\\/06\\\/iwell-guard\\\/\",\"https:\\\/\\\/hub.docker.com\\\/u\\\/iwellguard\",\"https:\\\/\\\/www.pinterest.com\\\/iwellguard\\\/\",\"https:\\\/\\\/bit.ly\\\/m\\\/iwellguard\",\"https:\\\/\\\/entre-vos-mains.alsace.eu\\\/profiles\\\/iwellguard\\\/activity\",\"https:\\\/\\\/gravatar.com\\\/reallybeded8fd34\",\"https:\\\/\\\/naijamatta.com\\\/iwellguard\",\"https:\\\/\\\/www.goodreads.com\\\/iwellguard\",\"https:\\\/\\\/profile.hatena.ne.jp\\\/iwellguard\\\/\",\"https:\\\/\\\/experiment.com\\\/users\\\/iwellguard\",\"https:\\\/\\\/wakelet.com\\\/@iWellGuard82270\",\"https:\\\/\\\/www.chordie.com\\\/forum\\\/profile.php?id=2555664\",\"https:\\\/\\\/www.instapaper.com\\\/p\\\/17757966\",\"https:\\\/\\\/www.mapleprimes.com\\\/users\\\/iwellguard\",\"https:\\\/\\\/businesslistingplus.com\\\/profile\\\/iwell-guard\\\/\",\"https:\\\/\\\/telegra.ph\\\/iWell-Guard-06-06\",\"https:\\\/\\\/pbase.com\\\/iwellguard\\\/iwellguard\",\"https:\\\/\\\/b.hatena.ne.jp\\\/iwellguard\\\/20260607#bookmark-4788405196491818882\",\"https:\\\/\\\/fliphtml5.com\\\/home\\\/iwellguard\",\"https:\\\/\\\/anyflip.com\\\/homepage\\\/cmiwl#About\",\"https:\\\/\\\/transfur.com\\\/Users\\\/iwellguard\",\"http:\\\/\\\/delphi.larsbo.org\\\/user\\\/iwellguard\",\"https:\\\/\\\/jobs.lajobsportal.org\\\/profiles\\\/8380803-iwell-guard\",\"https:\\\/\\\/md.chaosdorf.de\\\/s\\\/jfbe5SBdJD\",\"https:\\\/\\\/www.lingvolive.com\\\/en-us\\\/profile\\\/9ecaeaca-ce11-4e51-9e71-01d55e2bff36\\\/translations\",\"https:\\\/\\\/www.fitday.com\\\/fitness\\\/forums\\\/members\\\/iwellguard.html\",\"https:\\\/\\\/www.mymeetbook.com\\\/iwellguard\",\"https:\\\/\\\/pxhere.com\\\/en\\\/photographer-me\\\/5040798\",\"https:\\\/\\\/disqus.com\\\/by\\\/iwellguard\\\/about\\\/\",\"https:\\\/\\\/pastelink.net\\\/hjwciqwq\",\"https:\\\/\\\/pubhtml5.com\\\/homepage\\\/scjhn\\\/\",\"https:\\\/\\\/www.bitchute.com\\\/channel\\\/2O2eOKzNqujT\",\"https:\\\/\\\/audiomack.com\\\/iwellguard\"]},{\"@type\":\"Article\",\"@id\":\"https:\\\/\\\/iwell-guard.com\\\/no\\\/frigg\\\/#article\",\"isPartOf\":{\"@id\":\"https:\\\/\\\/iwell-guard.com\\\/no\\\/frigg\\\/\"},\"author\":{\"name\":\"Ralf Ittermann\",\"@id\":\"https:\\\/\\\/iwell-guard.com\\\/no\\\/#\\\/schema\\\/person\\\/ee2a27f1cac3406c7c6fb5820cb7349f\"},\"headline\":\"Frigg\",\"datePublished\":\"2026-09-03T09:15:57+00:00\",\"dateModified\":\"2026-09-03T09:38:25+00:00\",\"mainEntityOfPage\":{\"@id\":\"https:\\\/\\\/iwell-guard.com\\\/no\\\/frigg\\\/\"},\"publisher\":{\"@id\":\"https:\\\/\\\/iwell-guard.com\\\/no\\\/#organization\"},\"image\":{\"@id\":\"https:\\\/\\\/iwell-guard.com\\\/no\\\/frigg\\\/#primaryimage\"},\"thumbnailUrl\":\"https:\\\/\\\/iwell-guard.com\\\/wp-content\\\/uploads\\\/2026\\\/04\\\/goetter_germanisch_frigg.webp\",\"inLanguage\":\"nb-NO\",\"description\":\"Frigg, h\u00f8ygudinne blant asene og mor til Balder. Skjebnegave, moderskap, husstyre. Kilder i Edda, Saxo og spor i germanske kulter.\"}]}<\/script>\n<!-- \/ Yoast SEO Premium plugin. -->","yoast_head_json":{"title":"Frigg - H\u00f8ygudinne blant asene, mor til Balder","description":"Frigg, h\u00f8ygudinne blant asene og mor til Balder. Skjebnegave, moderskap, husstyre. Kilder i Edda, Saxo og spor i germanske kulter.","robots":{"index":"index","follow":"follow","max-snippet":"max-snippet:-1","max-image-preview":"max-image-preview:large","max-video-preview":"max-video-preview:-1"},"canonical":"https:\/\/iwell-guard.com\/no\/frigg\/","og_locale":"nb_NO","og_type":"article","og_title":"Frigg","og_description":"Frigg, h\u00f8ygudinne blant asene og mor til Balder. Skjebnegave, moderskap, husstyre. Kilder i Edda, Saxo og spor i germanske kulter.","og_url":"https:\/\/iwell-guard.com\/no\/frigg\/","og_site_name":"iWell Guard","article_modified_time":"2026-09-03T09:38:25+00:00","og_image":[{"width":1024,"height":1536,"url":"https:\/\/iwell-guard.com\/wp-content\/uploads\/2026\/04\/goetter_germanisch_frigg.webp","type":"image\/webp"}],"twitter_card":"summary_large_image","schema":{"@context":"https:\/\/schema.org","@graph":[{"@type":"Article","@id":"https:\/\/iwell-guard.com\/no\/frigg\/#article","isPartOf":{"@id":"https:\/\/iwell-guard.com\/no\/frigg\/"},"author":{"name":"Ralf Ittermann","@id":"https:\/\/iwell-guard.com\/no\/#\/schema\/person\/ee2a27f1cac3406c7c6fb5820cb7349f"},"headline":"Frigg","datePublished":"2026-09-03T09:15:57+00:00","dateModified":"2026-09-03T09:38:25+00:00","mainEntityOfPage":{"@id":"https:\/\/iwell-guard.com\/no\/frigg\/"},"publisher":{"@id":"https:\/\/iwell-guard.com\/no\/#organization"},"image":{"@id":"https:\/\/iwell-guard.com\/no\/frigg\/#primaryimage"},"thumbnailUrl":"https:\/\/iwell-guard.com\/wp-content\/uploads\/2026\/04\/goetter_germanisch_frigg.webp","inLanguage":"nb-NO","description":"Frigg, h\u00f8ygudinne blant asene og mor til Balder. Skjebnegave, moderskap, husstyre. Kilder i Edda, Saxo og spor i germanske kulter."},{"@type":"WebPage","@id":"https:\/\/iwell-guard.com\/no\/frigg\/","url":"https:\/\/iwell-guard.com\/no\/frigg\/","name":"Frigg - H\u00f8ygudinne blant asene, mor til Balder","isPartOf":{"@id":"https:\/\/iwell-guard.com\/no\/#website"},"primaryImageOfPage":{"@id":"https:\/\/iwell-guard.com\/no\/frigg\/#primaryimage"},"image":{"@id":"https:\/\/iwell-guard.com\/no\/frigg\/#primaryimage"},"thumbnailUrl":"https:\/\/iwell-guard.com\/wp-content\/uploads\/2026\/04\/goetter_germanisch_frigg.webp","datePublished":"2026-09-03T09:15:57+00:00","dateModified":"2026-09-03T09:38:25+00:00","description":"Frigg, h\u00f8ygudinne blant asene og mor til Balder. Skjebnegave, moderskap, husstyre. Kilder i Edda, Saxo og spor i germanske kulter.","breadcrumb":{"@id":"https:\/\/iwell-guard.com\/no\/frigg\/#breadcrumb"},"inLanguage":"nb-NO","potentialAction":[{"@type":"ReadAction","target":["https:\/\/iwell-guard.com\/no\/frigg\/"]}]},{"@type":"ImageObject","inLanguage":"nb-NO","@id":"https:\/\/iwell-guard.com\/no\/frigg\/#primaryimage","url":"https:\/\/iwell-guard.com\/wp-content\/uploads\/2026\/04\/goetter_germanisch_frigg.webp","contentUrl":"https:\/\/iwell-guard.com\/wp-content\/uploads\/2026\/04\/goetter_germanisch_frigg.webp","width":1024,"height":1536,"caption":"Guder fra den germanske tradisjonen."},{"@type":"BreadcrumbList","@id":"https:\/\/iwell-guard.com\/no\/frigg\/#breadcrumb","itemListElement":[{"@type":"ListItem","position":1,"name":"Start","item":"https:\/\/iwell-guard.com\/no\/?page_id=140795"},{"@type":"ListItem","position":2,"name":"Frigg"}]},{"@type":"WebSite","@id":"https:\/\/iwell-guard.com\/no\/#website","url":"https:\/\/iwell-guard.com\/no\/","name":"iWell Guard","description":"Schutz vor dunklen Einfl\u00fcssen","publisher":{"@id":"https:\/\/iwell-guard.com\/no\/#organization"},"potentialAction":[{"@type":"SearchAction","target":{"@type":"EntryPoint","urlTemplate":"https:\/\/iwell-guard.com\/no\/?s={search_term_string}"},"query-input":{"@type":"PropertyValueSpecification","valueRequired":true,"valueName":"search_term_string"}}],"inLanguage":"nb-NO"},{"@type":"Organization","@id":"https:\/\/iwell-guard.com\/no\/#organization","name":"Ittermann electronic GmbH","url":"https:\/\/iwell-guard.com\/no\/","logo":{"@type":"ImageObject","inLanguage":"nb-NO","@id":"https:\/\/iwell-guard.com\/no\/#\/schema\/logo\/image\/","url":"https:\/\/iwell-guard.com\/wp-content\/uploads\/2026\/05\/Ittermann-Logo-1182x237-1.png","contentUrl":"https:\/\/iwell-guard.com\/wp-content\/uploads\/2026\/05\/Ittermann-Logo-1182x237-1.png","width":1182,"height":237,"caption":"Ittermann electronic GmbH"},"image":{"@id":"https:\/\/iwell-guard.com\/no\/#\/schema\/logo\/image\/"},"sameAs":["https:\/\/pantip.com\/profile\/9367242","https:\/\/micro.blog\/iwellguard","https:\/\/www.diggerslist.com\/iwellguard\/about","https:\/\/skitterphoto.com\/photographers\/2870314\/iwell-guard","https:\/\/iwellguard.wordpress.com\/2026\/06\/06\/iwell-guard\/","https:\/\/hub.docker.com\/u\/iwellguard","https:\/\/www.pinterest.com\/iwellguard\/","https:\/\/bit.ly\/m\/iwellguard","https:\/\/entre-vos-mains.alsace.eu\/profiles\/iwellguard\/activity","https:\/\/gravatar.com\/reallybeded8fd34","https:\/\/naijamatta.com\/iwellguard","https:\/\/www.goodreads.com\/iwellguard","https:\/\/profile.hatena.ne.jp\/iwellguard\/","https:\/\/experiment.com\/users\/iwellguard","https:\/\/wakelet.com\/@iWellGuard82270","https:\/\/www.chordie.com\/forum\/profile.php?id=2555664","https:\/\/www.instapaper.com\/p\/17757966","https:\/\/www.mapleprimes.com\/users\/iwellguard","https:\/\/businesslistingplus.com\/profile\/iwell-guard\/","https:\/\/telegra.ph\/iWell-Guard-06-06","https:\/\/pbase.com\/iwellguard\/iwellguard","https:\/\/b.hatena.ne.jp\/iwellguard\/20260607#bookmark-4788405196491818882","https:\/\/fliphtml5.com\/home\/iwellguard","https:\/\/anyflip.com\/homepage\/cmiwl#About","https:\/\/transfur.com\/Users\/iwellguard","http:\/\/delphi.larsbo.org\/user\/iwellguard","https:\/\/jobs.lajobsportal.org\/profiles\/8380803-iwell-guard","https:\/\/md.chaosdorf.de\/s\/jfbe5SBdJD","https:\/\/www.lingvolive.com\/en-us\/profile\/9ecaeaca-ce11-4e51-9e71-01d55e2bff36\/translations","https:\/\/www.fitday.com\/fitness\/forums\/members\/iwellguard.html","https:\/\/www.mymeetbook.com\/iwellguard","https:\/\/pxhere.com\/en\/photographer-me\/5040798","https:\/\/disqus.com\/by\/iwellguard\/about\/","https:\/\/pastelink.net\/hjwciqwq","https:\/\/pubhtml5.com\/homepage\/scjhn\/","https:\/\/www.bitchute.com\/channel\/2O2eOKzNqujT","https:\/\/audiomack.com\/iwellguard"]},{"@type":"Person","@id":"https:\/\/iwell-guard.com\/no\/#\/schema\/person\/ee2a27f1cac3406c7c6fb5820cb7349f","name":"Ralf Ittermann","image":{"@type":"ImageObject","inLanguage":"nb-NO","@id":"https:\/\/secure.gravatar.com\/avatar\/073c0153e350a5005b68eb752b445fea71f6b24a26da9449ad7e155e6b446c9d?s=96&d=mm&r=g","url":"https:\/\/secure.gravatar.com\/avatar\/073c0153e350a5005b68eb752b445fea71f6b24a26da9449ad7e155e6b446c9d?s=96&d=mm&r=g","contentUrl":"https:\/\/secure.gravatar.com\/avatar\/073c0153e350a5005b68eb752b445fea71f6b24a26da9449ad7e155e6b446c9d?s=96&d=mm&r=g","caption":"Ralf Ittermann"},"givenName":"Ralf","familyName":"Ittermann","jobTitle":"Gesch\u00e4ftsf\u00fchrer und redaktioneller Verantwortlicher","url":"https:\/\/iwell-guard.com\/no\/author\/claude\/","description":"Ralf Ittermann ist Gesch\u00e4ftsf\u00fchrer der Ittermann electronic GmbH und redaktioneller Verantwortlicher des iWell-Guard-Lexikons. Er verbindet langj\u00e4hrige Erfahrung in der Pr\u00e4zisionsfertigung mit medialer Praxis und religionsgeschichtlicher Quellenarbeit.","worksFor":{"@type":"Organization","name":"Ittermann electronic GmbH","url":"https:\/\/ittermann.de\/","address":{"@type":"PostalAddress","streetAddress":"K\u00f6hlergasse 16-18","postalCode":"99842","addressLocality":"Ruhla","addressCountry":"DE"}},"knowsAbout":["Religionsgeschichte","Mythologie","Mediale Praxis","Energetische Diagnostik","Schutzpraxis","Volksglauben","Westliche Esoterik"]},{"@type":"Article","@id":"https:\/\/iwell-guard.com\/no\/frigg\/#article","isPartOf":{"@id":"https:\/\/iwell-guard.com\/no\/frigg\/"},"author":{"name":"Ralf Ittermann","@id":"https:\/\/iwell-guard.com\/no\/#\/schema\/person\/ee2a27f1cac3406c7c6fb5820cb7349f"},"headline":"Frigg","datePublished":"2026-09-03T09:15:57+00:00","dateModified":"2026-09-03T09:38:25+00:00","mainEntityOfPage":{"@id":"https:\/\/iwell-guard.com\/no\/frigg\/"},"publisher":{"@id":"https:\/\/iwell-guard.com\/no\/#organization"},"image":{"@id":"https:\/\/iwell-guard.com\/no\/frigg\/#primaryimage"},"thumbnailUrl":"https:\/\/iwell-guard.com\/wp-content\/uploads\/2026\/04\/goetter_germanisch_frigg.webp","inLanguage":"nb-NO","description":"Frigg, h\u00f8ygudinne blant asene og mor til Balder. Skjebnegave, moderskap, husstyre. Kilder i Edda, Saxo og spor i germanske kulter."}]}},"_links":{"self":[{"href":"https:\/\/iwell-guard.com\/no\/wp-json\/wp\/v2\/pages\/141032","targetHints":{"allow":["GET"]}}],"collection":[{"href":"https:\/\/iwell-guard.com\/no\/wp-json\/wp\/v2\/pages"}],"about":[{"href":"https:\/\/iwell-guard.com\/no\/wp-json\/wp\/v2\/types\/page"}],"author":[{"embeddable":true,"href":"https:\/\/iwell-guard.com\/no\/wp-json\/wp\/v2\/users\/3"}],"replies":[{"embeddable":true,"href":"https:\/\/iwell-guard.com\/no\/wp-json\/wp\/v2\/comments?post=141032"}],"version-history":[{"count":0,"href":"https:\/\/iwell-guard.com\/no\/wp-json\/wp\/v2\/pages\/141032\/revisions"}],"wp:featuredmedia":[{"embeddable":true,"href":"https:\/\/iwell-guard.com\/no\/wp-json\/wp\/v2\/media\/1572"}],"wp:attachment":[{"href":"https:\/\/iwell-guard.com\/no\/wp-json\/wp\/v2\/media?parent=141032"}],"wp:term":[{"taxonomy":"category","embeddable":true,"href":"https:\/\/iwell-guard.com\/no\/wp-json\/wp\/v2\/categories?post=141032"}],"curies":[{"name":"wp","href":"https:\/\/api.w.org\/{rel}","templated":true}]}}