{"id":140937,"date":"2026-09-03T09:14:57","date_gmt":"2026-09-03T09:14:57","guid":{"rendered":"https:\/\/iwell-guard.com\/?page_id=140937"},"modified":"2026-09-03T09:35:34","modified_gmt":"2026-09-03T09:35:34","slug":"personvern","status":"publish","type":"page","link":"https:\/\/iwell-guard.com\/no\/personvern\/","title":{"rendered":"Personvern"},"content":{"rendered":"\t\t<div data-elementor-type=\"wp-page\" data-elementor-id=\"140937\" class=\"elementor elementor-140937 elementor-1908 elementor-bc-flex-widget\" data-elementor-post-type=\"page\">\n\t\t\t\t<div class=\"elementor-element elementor-element-x-h1-1908 e-con-boxed e-flex e-con e-parent\" data-id=\"x-h1-1908\" data-element_type=\"container\" data-e-type=\"container\">\n\t\t\t\t\t<div class=\"e-con-inner\">\n\t\t\t\t<div class=\"elementor-element elementor-element-x-h1w-1908 elementor-widget elementor-widget-heading\" data-id=\"x-h1w-1908\" data-element_type=\"widget\" data-e-type=\"widget\" data-widget_type=\"heading.default\">\n\t\t\t\t\t<h1 class=\"elementor-heading-title elementor-size-default\">Personvern, pliktig informasjon i henhold til GDPR<\/h1>\t\t\t\t<\/div>\n\t\t\t\t\t<\/div>\n\t\t\t\t<\/div>\n\t\t\t\t<section class=\"elementor-section elementor-top-section elementor-element elementor-element-sec-iwgcomp2-datenschutz elementor-section-boxed elementor-section-height-default elementor-section-height-default\" data-id=\"sec-iwgcomp2-datenschutz\" data-element_type=\"section\" data-e-type=\"section\">\n\t\t\t\t\t\t<div class=\"elementor-container elementor-column-gap-default\">\n\t\t\t\t\t<div class=\"elementor-column elementor-col-100 elementor-top-column elementor-element elementor-element-col-iwgcomp2-datenschutz\" data-id=\"col-iwgcomp2-datenschutz\" data-element_type=\"column\" data-e-type=\"column\">\n\t\t\t<div class=\"elementor-widget-wrap elementor-element-populated\">\n\t\t\t\t\t\t<div class=\"elementor-element elementor-element-iwgcomp2-datenschutz elementor-widget elementor-widget-text-editor\" data-id=\"iwgcomp2-datenschutz\" data-element_type=\"widget\" data-e-type=\"widget\" data-widget_type=\"text-editor.default\">\n\t\t\t\t\t\t\t\t\t<p><strong>Personvern<\/strong>bestemmelser i henhold til GDPR fra Ittermann electronic GmbH.<\/p>\t\t\t\t\t\t\t\t<\/div>\n\t\t\t\t\t<\/div>\n\t\t<\/div>\n\t\t\t\t\t<\/div>\n\t\t<\/section>\n\t\t<div class=\"elementor-element elementor-element-restoreh-datenschutz e-con-boxed e-flex e-con e-parent\" data-id=\"restoreh-datenschutz\" data-element_type=\"container\" data-e-type=\"container\">\n\t\t\t\t\t<div class=\"e-con-inner\">\n\t\t\t\t<div class=\"elementor-element elementor-element-restorei-datenschutz elementor-widget elementor-widget-image\" data-id=\"restorei-datenschutz\" data-element_type=\"widget\" data-e-type=\"widget\" data-widget_type=\"image.default\">\n\t\t\t\t\t\t\t\t\t\t\t\t\t\t\t<img fetchpriority=\"high\" decoding=\"async\" width=\"800\" height=\"441\" src=\"https:\/\/iwell-guard.com\/wp-content\/uploads\/2026\/05\/Praktiken-1200x661-Hintergrund-sym-1024x564.webp\" class=\"attachment-large size-large wp-image-143121\" alt=\"Bakgrunnsflis for Praksis-sider, 1200x661 som flis\" srcset=\"https:\/\/iwell-guard.com\/wp-content\/uploads\/2026\/05\/Praktiken-1200x661-Hintergrund-sym-1024x564.webp 1024w, https:\/\/iwell-guard.com\/wp-content\/uploads\/2026\/05\/Praktiken-1200x661-Hintergrund-sym-300x165.webp 300w, https:\/\/iwell-guard.com\/wp-content\/uploads\/2026\/05\/Praktiken-1200x661-Hintergrund-sym-768x423.webp 768w, https:\/\/iwell-guard.com\/wp-content\/uploads\/2026\/05\/Praktiken-1200x661-Hintergrund-sym.webp 1200w\" sizes=\"(max-width: 800px) 100vw, 800px\" \/>\t\t\t\t\t\t\t\t\t\t\t\t\t\t\t<\/div>\n\t\t\t\t\t<\/div>\n\t\t\t\t<\/div>\n\t\t<div class=\"elementor-element elementor-element-ds-s0 e-con-boxed e-flex e-con e-parent\" data-id=\"ds-s0\" data-element_type=\"container\" data-e-type=\"container\">\n\t\t\t\t\t<div class=\"e-con-inner\">\n\t\t\t\t<div class=\"elementor-element elementor-element-ds-h0 elementor-widget elementor-widget-heading\" data-id=\"ds-h0\" data-element_type=\"widget\" data-e-type=\"widget\" data-widget_type=\"heading.default\">\n\t\t\t\t\t<h2 class=\"elementor-heading-title elementor-size-default\">Generell informasjon og pliktig informasjon<\/h2>\t\t\t\t<\/div>\n\t\t<div class=\"elementor-element elementor-element-ds-s0-bw e-flex e-con-boxed e-con e-parent\" data-id=\"ds-s0-bw\" data-element_type=\"container\" data-e-type=\"container\" data-settings=\"{&quot;background_background&quot;:&quot;classic&quot;}\">\n\t\t\t\t\t<div class=\"e-con-inner\">\n\t\t\t\t<div class=\"elementor-element elementor-element-ds-t0 elementor-widget elementor-widget-text-editor\" data-id=\"ds-t0\" data-element_type=\"widget\" data-e-type=\"widget\" data-widget_type=\"text-editor.default\">\n\t\t\t\t\t\t\t\t\t<p><strong>Angivelse av den ansvarlige instansen<\/strong><\/p><p>Den ansvarlige instansen for databehandlingen p\u00e5 denne nettsiden er:<\/p><p>Ittermann electronic GmbH<br>Ralf Ittermann<br>K\u00f6hlergasse 16, 18<br>99842 Ruhla<\/p><p>Den ansvarlige instansen bestemmer, alene eller sammen med andre, over form\u00e5lene med og midlene for behandlingen av personopplysninger (f.&nbsp;eks. navn, kontaktopplysninger o.&nbsp;l.).<\/p><p><strong>Tilbakekalling av samtykket ditt til databehandling<\/strong><\/p><p>Enkelte databehandlingsprosesser er kun mulig med ditt uttrykkelige samtykke. Du kan n\u00e5r som helst tilbakekalle et allerede gitt samtykke. En uformell melding via e-post er tilstrekkelig for tilbakekallingen. Lovligheten av databehandlingen som er utf\u00f8rt frem til tilbakekallingen, p\u00e5virkes ikke av tilbakekallingen.<\/p><p><strong>Rett til \u00e5 klage til ansvarlig tilsynsmyndighet<\/strong><\/p><p>Som ber\u00f8rt person har du rett til \u00e5 klage til ansvarlig tilsynsmyndighet dersom det foreligger et brudd p\u00e5 personvernreglene. Ansvarlig tilsynsmyndighet for personvernsp\u00f8rsm\u00e5l er delstatens datatilsynsansvarlige i den delstaten hvor v\u00e5r virksomhet har sitt sete. F\u00f8lgende lenke gir kontaktinformasjon: <a href=\"https:\/\/www.bfdi.bund.de\" rel=\"noopener\" target=\"_blank\">https:\/\/www.bfdi.bund.de<\/a>.<\/p><p><strong>Rett til dataportabilitet<\/strong><\/p><p>Du har rett til \u00e5 f\u00e5 utlevert data som vi behandler automatisk p\u00e5 grunnlag av ditt samtykke eller i forbindelse med oppfyllelse av en avtale, til deg selv eller til tredjeparter. Utleveringen skjer i et maskinlesbart format. Dersom du ber om direkte overf\u00f8ring av dataene til en annen ansvarlig instans, skjer dette bare i den grad det er teknisk mulig.<\/p><p><strong>Rett til innsyn, rettelse, sperring, sletting<\/strong><\/p><p>Du har innenfor rammen av gjeldende lovbestemmelser til enhver tid rett til gratis innsyn i dine lagrede personopplysninger, opprinnelsen til disse dataene, mottakerne av dem og form\u00e5let med databehandlingen, samt eventuelt rett til rettelse, sperring eller sletting av disse dataene.<\/p><p>I den forbindelse, og ogs\u00e5 ved andre sp\u00f8rsm\u00e5l om personopplysninger, kan du n\u00e5r som helst kontakte oss via kontaktmulighetene som er angitt i v\u00e5rt impressum.<\/p>\t\t\t\t\t\t\t\t<\/div>\n\t\t\t\t\t<\/div>\n\t\t\t\t<\/div>\n\t\t\t\t\t<\/div>\n\t\t\t\t<\/div>\n\t\t<div class=\"elementor-element elementor-element-ds-s1 e-con-boxed e-flex e-con e-parent\" data-id=\"ds-s1\" data-element_type=\"container\" data-e-type=\"container\">\n\t\t\t\t\t<div class=\"e-con-inner\">\n\t\t\t\t<div class=\"elementor-element elementor-element-ds-h1 elementor-widget elementor-widget-heading\" data-id=\"ds-h1\" data-element_type=\"widget\" data-e-type=\"widget\" data-widget_type=\"heading.default\">\n\t\t\t\t\t<h2 class=\"elementor-heading-title elementor-size-default\">SSL- eller TLS-kryptering<\/h2>\t\t\t\t<\/div>\n\t\t<div class=\"elementor-element elementor-element-ds-s1-bw e-flex e-con-boxed e-con e-parent\" data-id=\"ds-s1-bw\" data-element_type=\"container\" data-e-type=\"container\" data-settings=\"{&quot;background_background&quot;:&quot;classic&quot;}\">\n\t\t\t\t\t<div class=\"e-con-inner\">\n\t\t\t\t<div class=\"elementor-element elementor-element-ds-t1 elementor-widget elementor-widget-text-editor\" data-id=\"ds-t1\" data-element_type=\"widget\" data-e-type=\"widget\" data-widget_type=\"text-editor.default\">\n\t\t\t\t\t\t\t\t\t<p>Av sikkerhetsgrunner og for \u00e5 beskytte overf\u00f8ringen av konfidensielt innhold som du sender til oss som sideansvarlig, bruker v\u00e5r nettside SSL- eller TLS-kryptering. Dermed kan ikke data som du overf\u00f8rer via denne nettsiden, leses av tredjeparter. Du kjenner igjen en kryptert forbindelse ved \\&bdquo;https:\/\/\\&ldquo;-adresselinjen i nettleseren din og ved hengel\u00e5s-symbolet i adressefeltet.<\/p>\t\t\t\t\t\t\t\t<\/div>\n\t\t\t\t\t<\/div>\n\t\t\t\t<\/div>\n\t\t\t\t\t<\/div>\n\t\t\t\t<\/div>\n\t\t<div class=\"elementor-element elementor-element-ds-s2 e-con-boxed e-flex e-con e-parent\" data-id=\"ds-s2\" data-element_type=\"container\" data-e-type=\"container\">\n\t\t\t\t\t<div class=\"e-con-inner\">\n\t\t\t\t<div class=\"elementor-element elementor-element-ds-h2 elementor-widget elementor-widget-heading\" data-id=\"ds-h2\" data-element_type=\"widget\" data-e-type=\"widget\" data-widget_type=\"heading.default\">\n\t\t\t\t\t<h2 class=\"elementor-heading-title elementor-size-default\">Server-loggfiler<\/h2>\t\t\t\t<\/div>\n\t\t<div class=\"elementor-element elementor-element-ds-s2-bw e-flex e-con-boxed e-con e-parent\" data-id=\"ds-s2-bw\" data-element_type=\"container\" data-e-type=\"container\" data-settings=\"{&quot;background_background&quot;:&quot;classic&quot;}\">\n\t\t\t\t\t<div class=\"e-con-inner\">\n\t\t\t\t<div class=\"elementor-element elementor-element-ds-t2 elementor-widget elementor-widget-text-editor\" data-id=\"ds-t2\" data-element_type=\"widget\" data-e-type=\"widget\" data-widget_type=\"text-editor.default\">\n\t\t\t\t\t\t\t\t\t<p>I server-loggfiler samler og lagrer leverand\u00f8ren av nettsiden automatisk informasjon som nettleseren din automatisk sender til oss. Dette er:<\/p><ul><li>Bes\u00f8kt side p\u00e5 v\u00e5rt domene<\/li><li>Dato og klokkeslett for serverforesp\u00f8rselen<\/li><li>Nettlesertype og nettleserversjon<\/li><li>Operativsystem som brukes<\/li><li>Referrer-URL<\/li><li>Vertsnavn til den tilkoblede datamaskinen<\/li><li>IP-adresse<\/li><\/ul><p>Disse dataene sammenstilles ikke med andre datakilder. Grunnlaget for databehandlingen er art. 6 nr. 1 bokstav b GDPR, som tillater behandling av data for \u00e5 oppfylle en avtale eller forh\u00e5ndsavtalte tiltak.<\/p>\t\t\t\t\t\t\t\t<\/div>\n\t\t\t\t\t<\/div>\n\t\t\t\t<\/div>\n\t\t\t\t\t<\/div>\n\t\t\t\t<\/div>\n\t\t<div class=\"elementor-element elementor-element-ds-s3 e-con-boxed e-flex e-con e-parent\" data-id=\"ds-s3\" data-element_type=\"container\" data-e-type=\"container\">\n\t\t\t\t\t<div class=\"e-con-inner\">\n\t\t\t\t<div class=\"elementor-element elementor-element-ds-h3 elementor-widget elementor-widget-heading\" data-id=\"ds-h3\" data-element_type=\"widget\" data-e-type=\"widget\" data-widget_type=\"heading.default\">\n\t\t\t\t\t<h2 class=\"elementor-heading-title elementor-size-default\">Kontaktformular<\/h2>\t\t\t\t<\/div>\n\t\t<div class=\"elementor-element elementor-element-ds-s3-bw e-flex e-con-boxed e-con e-parent\" data-id=\"ds-s3-bw\" data-element_type=\"container\" data-e-type=\"container\" data-settings=\"{&quot;background_background&quot;:&quot;classic&quot;}\">\n\t\t\t\t\t<div class=\"e-con-inner\">\n\t\t\t\t<div class=\"elementor-element elementor-element-ds-t3 elementor-widget elementor-widget-text-editor\" data-id=\"ds-t3\" data-element_type=\"widget\" data-e-type=\"widget\" data-widget_type=\"text-editor.default\">\n\t\t\t\t\t\t\t\t\t<p>Data som sendes via kontaktformularen, inkludert kontaktopplysningene dine, lagres for \u00e5 kunne behandle foresp\u00f8rselen din eller for \u00e5 kunne svare p\u00e5 oppf\u00f8lgingssp\u00f8rsm\u00e5l. Disse dataene videreformidles ikke uten ditt samtykke.<\/p><p>Behandlingen av dataene som er lagt inn i kontaktformularen skjer utelukkende p\u00e5 grunnlag av ditt samtykke (art. 6 nr. 1 bokstav a GDPR). Du kan n\u00e5r som helst tilbakekalle et allerede gitt samtykke. En uformell melding via e-post er tilstrekkelig for tilbakekallingen. Lovligheten av databehandlingen som er utf\u00f8rt frem til tilbakekallingen, p\u00e5virkes ikke av tilbakekallingen.<\/p><p>Data som sendes via kontaktformularen, forblir hos oss til du ber oss om \u00e5 slette dem, tilbakekaller samtykket til lagringen, eller det ikke lenger er n\u00f8dvendig \u00e5 lagre dataene. Bindende lovbestemmelser, s\u00e6rlig oppbevaringsfrister, ber\u00f8res ikke av dette.<\/p>\t\t\t\t\t\t\t\t<\/div>\n\t\t\t\t\t<\/div>\n\t\t\t\t<\/div>\n\t\t\t\t\t<\/div>\n\t\t\t\t<\/div>\n\t\t<div class=\"elementor-element elementor-element-ds-s4 e-con-boxed e-flex e-con e-parent\" data-id=\"ds-s4\" data-element_type=\"container\" data-e-type=\"container\">\n\t\t\t\t\t<div class=\"e-con-inner\">\n\t\t\t\t<div class=\"elementor-element elementor-element-ds-h4 elementor-widget elementor-widget-heading\" data-id=\"ds-h4\" data-element_type=\"widget\" data-e-type=\"widget\" data-widget_type=\"heading.default\">\n\t\t\t\t\t<h2 class=\"elementor-heading-title elementor-size-default\">Abonnere p\u00e5 kommentarer<\/h2>\t\t\t\t<\/div>\n\t\t<div class=\"elementor-element elementor-element-ds-s4-bw e-flex e-con-boxed e-con e-parent\" data-id=\"ds-s4-bw\" data-element_type=\"container\" data-e-type=\"container\" data-settings=\"{&quot;background_background&quot;:&quot;classic&quot;}\">\n\t\t\t\t\t<div class=\"e-con-inner\">\n\t\t\t\t<div class=\"elementor-element elementor-element-ds-t4 elementor-widget elementor-widget-text-editor\" data-id=\"ds-t4\" data-element_type=\"widget\" data-e-type=\"widget\" data-widget_type=\"text-editor.default\">\n\t\t\t\t\t\t\t\t\t<p>Som bruker av v\u00e5r nettside kan du, etter \u00e5 ha registrert deg, abonnere p\u00e5 kommentarer. Vi kontrollerer ved hjelp av en bekreftelses-e-post om du er innehaver av den angitte e-postadressen. Du kan n\u00e5r som helst avslutte abonnementsfunksjonen for kommentarer via en lenke som finnes i en abonnements-e-post.<\/p><p>Data som er lagt inn for \u00e5 opprette abonnementet, slettes ved avmelding. Dersom disse dataene er blitt sendt til oss for andre form\u00e5l og p\u00e5 annet sted, forblir de fortsatt hos oss.<\/p>\t\t\t\t\t\t\t\t<\/div>\n\t\t\t\t\t<\/div>\n\t\t\t\t<\/div>\n\t\t\t\t\t<\/div>\n\t\t\t\t<\/div>\n\t\t<div class=\"elementor-element elementor-element-ds-s5 e-con-boxed e-flex e-con e-parent\" data-id=\"ds-s5\" data-element_type=\"container\" data-e-type=\"container\">\n\t\t\t\t\t<div class=\"e-con-inner\">\n\t\t\t\t<div class=\"elementor-element elementor-element-ds-h5 elementor-widget elementor-widget-heading\" data-id=\"ds-h5\" data-element_type=\"widget\" data-e-type=\"widget\" data-widget_type=\"heading.default\">\n\t\t\t\t\t<h2 class=\"elementor-heading-title elementor-size-default\">Nyhetsbrevdata<\/h2>\t\t\t\t<\/div>\n\t\t<div class=\"elementor-element elementor-element-ds-s5-bw e-flex e-con-boxed e-con e-parent\" data-id=\"ds-s5-bw\" data-element_type=\"container\" data-e-type=\"container\" data-settings=\"{&quot;background_background&quot;:&quot;classic&quot;}\">\n\t\t\t\t\t<div class=\"e-con-inner\">\n\t\t\t\t<div class=\"elementor-element elementor-element-ds-t5 elementor-widget elementor-widget-text-editor\" data-id=\"ds-t5\" data-element_type=\"widget\" data-e-type=\"widget\" data-widget_type=\"text-editor.default\">\n\t\t\t\t\t\t\t\t\t<p>For \u00e5 sende ut v\u00e5rt nyhetsbrev trenger vi en e-postadresse fra deg. Det er n\u00f8dvendig \u00e5 bekrefte den angitte e-postadressen, og du m\u00e5 samtykke i \u00e5 motta nyhetsbrevet. Ytterligere data samles ikke inn eller er frivillige. Dataene brukes utelukkende for utsendelse av nyhetsbrevet.<\/p><p>Dataene som oppgis ved p\u00e5melding til nyhetsbrevet, behandles utelukkende p\u00e5 grunnlag av ditt samtykke (art. 6 nr. 1 bokstav a GDPR). Du kan n\u00e5r som helst tilbakekalle et allerede gitt samtykke.<\/p><p>En uformell melding via e-post er tilstrekkelig for tilbakekallingen, eller du kan melde deg av via \\&bdquo;Avmelding\\&ldquo;-lenken i nyhetsbrevet. Lovligheten av databehandlingen som allerede er utf\u00f8rt, p\u00e5virkes ikke av tilbakekallingen.<\/p><p>Data som er lagt inn for \u00e5 opprette abonnementet, slettes ved avmelding. Dersom disse dataene er blitt sendt til oss for andre form\u00e5l og p\u00e5 annet sted, forblir de fortsatt hos oss.<\/p>\t\t\t\t\t\t\t\t<\/div>\n\t\t\t\t\t<\/div>\n\t\t\t\t<\/div>\n\t\t\t\t\t<\/div>\n\t\t\t\t<\/div>\n\t\t<div class=\"elementor-element elementor-element-ds-s6 e-con-boxed e-flex e-con e-parent\" data-id=\"ds-s6\" data-element_type=\"container\" data-e-type=\"container\">\n\t\t\t\t\t<div class=\"e-con-inner\">\n\t\t\t\t<div class=\"elementor-element elementor-element-ds-h6 elementor-widget elementor-widget-heading\" data-id=\"ds-h6\" data-element_type=\"widget\" data-e-type=\"widget\" data-widget_type=\"heading.default\">\n\t\t\t\t\t<h2 class=\"elementor-heading-title elementor-size-default\">YouTube<\/h2>\t\t\t\t<\/div>\n\t\t<div class=\"elementor-element elementor-element-ds-s6-bw e-flex e-con-boxed e-con e-parent\" data-id=\"ds-s6-bw\" data-element_type=\"container\" data-e-type=\"container\" data-settings=\"{&quot;background_background&quot;:&quot;classic&quot;}\">\n\t\t\t\t\t<div class=\"e-con-inner\">\n\t\t\t\t<div class=\"elementor-element elementor-element-ds-t6 elementor-widget elementor-widget-text-editor\" data-id=\"ds-t6\" data-element_type=\"widget\" data-e-type=\"widget\" data-widget_type=\"text-editor.default\">\n\t\t\t\t\t\t\t\t\t<p>For integrasjon og visning av videoinnhold bruker v\u00e5r hjemmeside programtillegg (plugins) fra YouTube. Tilbyder av videoportalen er YouTube, LLC, 901 Cherry Ave. San Bruno, CA 94066, USA.<\/p><p>N\u00e5r du bes\u00f8ker en side med et integrert YouTube-programtillegg, opprettes en forbindelse til YouTubes servere. Dermed f\u00e5r YouTube vite hvilke av v\u00e5re sider du har bes\u00f8kt.<\/p><p>YouTube kan koble din surfeatferd direkte til din personlige profil hvis du er logget inn p\u00e5 din YouTube-konto. Ved \u00e5 logge deg ut p\u00e5 forh\u00e5nd kan du forhindre dette.<\/p><p>Bruken av YouTube skjer i interesse av en tiltalende presentasjon av v\u00e5re nettbaserte tilbud. Dette utgj\u00f8r en berettiget interesse i henhold til Art. 6 avsn. 1 lit. f i GDPR.<\/p><p>Detaljer om behandlingen av brukerdata finner du i YouTubes personvernerkl\u00e6ring under: <a href=\"https:\/\/www.google.de\/intl\/de\/policies\/privacy\" rel=\"noopener\" target=\"_blank\">https:\/\/www.google.de\/intl\/de\/policies\/privacy<\/a>.<\/p>\t\t\t\t\t\t\t\t<\/div>\n\t\t\t\t\t<\/div>\n\t\t\t\t<\/div>\n\t\t\t\t\t<\/div>\n\t\t\t\t<\/div>\n\t\t<div class=\"elementor-element elementor-element-ds-s7 e-con-boxed e-flex e-con e-parent\" data-id=\"ds-s7\" data-element_type=\"container\" data-e-type=\"container\">\n\t\t\t\t\t<div class=\"e-con-inner\">\n\t\t\t\t<div class=\"elementor-element elementor-element-ds-h7 elementor-widget elementor-widget-heading\" data-id=\"ds-h7\" data-element_type=\"widget\" data-e-type=\"widget\" data-widget_type=\"heading.default\">\n\t\t\t\t\t<h2 class=\"elementor-heading-title elementor-size-default\">Vimeo<\/h2>\t\t\t\t<\/div>\n\t\t<div class=\"elementor-element elementor-element-ds-s7-bw e-flex e-con-boxed e-con e-parent\" data-id=\"ds-s7-bw\" data-element_type=\"container\" data-e-type=\"container\" data-settings=\"{&quot;background_background&quot;:&quot;classic&quot;}\">\n\t\t\t\t\t<div class=\"e-con-inner\">\n\t\t\t\t<div class=\"elementor-element elementor-element-ds-t7 elementor-widget elementor-widget-text-editor\" data-id=\"ds-t7\" data-element_type=\"widget\" data-e-type=\"widget\" data-widget_type=\"text-editor.default\">\n\t\t\t\t\t\t\t\t\t<p>For integrasjon og visning av videoinnhold bruker v\u00e5r hjemmeside programtillegg (plugins) fra Vimeo. Tilbyder av videoportalen er Vimeo Inc. 555 West 18th Street, New York, New York 10011, USA.<\/p><p>N\u00e5r du bes\u00f8ker en side med et integrert Vimeo-programtillegg, opprettes en forbindelse til Vimeos servere. Dermed f\u00e5r Vimeo vite hvilke av v\u00e5re sider du har bes\u00f8kt.<\/p><p>Vimeo f\u00e5r kjennskap til din IP-adresse selv om du ikke er logget inn p\u00e5 videoportalen eller ikke har en konto der. Informasjonen som samles inn av Vimeo overf\u00f8res til videoportalens servere i USA.<\/p><p>Vimeo kan koble din surfeatferd direkte til din personlige profil. Ved \u00e5 logge deg ut p\u00e5 forh\u00e5nd kan du forhindre dette.<\/p><p>Detaljer om behandlingen av brukerdata finner du i Vimeos personvernerkl\u00e6ring under: <a href=\"https:\/\/vimeo.com\/privacy\" rel=\"noopener\" target=\"_blank\">https:\/\/vimeo.com\/privacy<\/a>.<\/p>\t\t\t\t\t\t\t\t<\/div>\n\t\t\t\t\t<\/div>\n\t\t\t\t<\/div>\n\t\t\t\t\t<\/div>\n\t\t\t\t<\/div>\n\t\t<div class=\"elementor-element elementor-element-ds-s8 e-con-boxed e-flex e-con e-parent\" data-id=\"ds-s8\" data-element_type=\"container\" data-e-type=\"container\">\n\t\t\t\t\t<div class=\"e-con-inner\">\n\t\t\t\t<div class=\"elementor-element elementor-element-ds-h8 elementor-widget elementor-widget-heading\" data-id=\"ds-h8\" data-element_type=\"widget\" data-e-type=\"widget\" data-widget_type=\"heading.default\">\n\t\t\t\t\t<h2 class=\"elementor-heading-title elementor-size-default\">Cookies<\/h2>\t\t\t\t<\/div>\n\t\t<div class=\"elementor-element elementor-element-ds-s8-bw e-flex e-con-boxed e-con e-parent\" data-id=\"ds-s8-bw\" data-element_type=\"container\" data-e-type=\"container\" data-settings=\"{&quot;background_background&quot;:&quot;classic&quot;}\">\n\t\t\t\t\t<div class=\"e-con-inner\">\n\t\t\t\t<div class=\"elementor-element elementor-element-ds-t8 elementor-widget elementor-widget-text-editor\" data-id=\"ds-t8\" data-element_type=\"widget\" data-e-type=\"widget\" data-widget_type=\"text-editor.default\">\n\t\t\t\t\t\t\t\t\t<p>V\u00e5r hjemmeside bruker cookies. Dette er sm\u00e5 tekstfiler som nettleseren din lagrer p\u00e5 enheten din. Cookies hjelper oss med \u00e5 gj\u00f8re tilbudet v\u00e5rt mer brukervennlig, effektivt og sikkert.<\/p><p>Noen cookies er \\&bdquo;sesjonscookies.\\&ldquo; Slike cookies slettes automatisk n\u00e5r nettleser\u00f8kten din avsluttes. Andre cookies forblir derimot p\u00e5 enheten din til du selv sletter dem. Slike cookies hjelper oss med \u00e5 gjenkjenne deg n\u00e5r du kommer tilbake til v\u00e5r hjemmeside.<\/p><p>Med en moderne nettleser kan du overv\u00e5ke, begrense eller forhindre lagring av cookies. Mange nettlesere er konfigurert slik at cookies slettes automatisk n\u00e5r programmet avsluttes. Deaktivering av cookies kan medf\u00f8re begrenset funksjonalitet p\u00e5 v\u00e5r hjemmeside.<\/p><p>Lagring av cookies som er n\u00f8dvendige for utf\u00f8relse av elektroniske kommunikasjonsprosesser eller for \u00e5 tilby visse funksjoner du \u00f8nsker (f.&nbsp;eks. handlekurv), skjer p\u00e5 grunnlag av Art. 6 avsn. 1 lit. f i GDPR. Som operat\u00f8r av denne hjemmesiden har vi en berettiget interesse i lagring av cookies for en teknisk feilfri og problemfri levering av v\u00e5re tjenester.<\/p><p>Dersom andre cookies settes (f.&nbsp;eks. for analysefunksjoner), behandles disse separat i denne personvernerkl\u00e6ringen.<\/p>\t\t\t\t\t\t\t\t<\/div>\n\t\t\t\t\t<\/div>\n\t\t\t\t<\/div>\n\t\t\t\t\t<\/div>\n\t\t\t\t<\/div>\n\t\t<div class=\"elementor-element elementor-element-ds-s9 e-con-boxed e-flex e-con e-parent\" data-id=\"ds-s9\" data-element_type=\"container\" data-e-type=\"container\">\n\t\t\t\t\t<div class=\"e-con-inner\">\n\t\t\t\t<div class=\"elementor-element elementor-element-ds-h9 elementor-widget elementor-widget-heading\" data-id=\"ds-h9\" data-element_type=\"widget\" data-e-type=\"widget\" data-widget_type=\"heading.default\">\n\t\t\t\t\t<h2 class=\"elementor-heading-title elementor-size-default\">Google Analytics<\/h2>\t\t\t\t<\/div>\n\t\t<div class=\"elementor-element elementor-element-ds-s9-bw e-flex e-con-boxed e-con e-parent\" data-id=\"ds-s9-bw\" data-element_type=\"container\" data-e-type=\"container\" data-settings=\"{&quot;background_background&quot;:&quot;classic&quot;}\">\n\t\t\t\t\t<div class=\"e-con-inner\">\n\t\t\t\t<div class=\"elementor-element elementor-element-ds-t9 elementor-widget elementor-widget-text-editor\" data-id=\"ds-t9\" data-element_type=\"widget\" data-e-type=\"widget\" data-widget_type=\"text-editor.default\">\n\t\t\t\t\t\t\t\t\t<p>V\u00e5r nettside bruker funksjoner fra nettanalysetjenesten Google Analytics. Leverand\u00f8r av nettanalysetjenesten er Google Inc. 1600 Amphitheatre Parkway, Mountain View, CA 94043, USA.<\/p><p>Google Analytics bruker \\&bdquo;cookies.\\&ldquo; Dette er sm\u00e5 tekstfiler som nettleseren din lagrer p\u00e5 enheten din, og som gj\u00f8r det mulig \u00e5 analysere bruken av nettsiden. Informasjon om din bruk av v\u00e5r nettside som genereres via cookien, overf\u00f8res til og lagres p\u00e5 en server hos Google. Serveren befinner seg som regel i USA.<\/p><p>Bruken av Google Analytics-cookies skjer p\u00e5 grunnlag av art. 6 nr. 1 bokstav f GDPR. Som operat\u00f8r av denne nettsiden har vi en berettiget interesse i \u00e5 analysere brukeratferd for \u00e5 optimalisere v\u00e5rt nettilbud og eventuelt ogs\u00e5 reklame.<\/p><p><strong>IP-anonymisering<\/strong><\/p><p>Vi bruker Google Analytics i kombinasjon med funksjonen IP-anonymisering. Den s\u00f8rger for at Google forkorter din IP-adresse innenfor medlemsstater i Den europeiske union eller andre parter i avtalen om Det europeiske \u00f8konomiske samarbeidsomr\u00e5de f\u00f8r overf\u00f8ring til USA.<\/p><p>Det kan finnes unntakstilfeller der Google overf\u00f8rer hele IP-adressen til en server i USA og forkorter den der.<\/p><p>P\u00e5 v\u00e5rt oppdrag vil Google bruke denne informasjonen til \u00e5 evaluere din bruk av nettsiden, for \u00e5 utarbeide rapporter om nettsideaktiviteter og for \u00e5 levere andre tjenester knyttet til bruken av nettsiden og internett til oss. Google Analytics sammenstiller ikke den overf\u00f8rte IP-adressen med andre data fra Google.<\/p><p><strong>Nettleserplugin<\/strong><\/p><p>Det er mulig \u00e5 forhindre at nettleseren din setter cookies. Dette kan imidlertid begrense enkelte funksjoner p\u00e5 nettsiden v\u00e5r. Du kan ogs\u00e5 forhindre registrering av data om din bruk av nettsiden, inkludert din IP-adresse, samt Googles etterf\u00f8lgende behandling av disse dataene. Dette er mulig ved \u00e5 laste ned og installere nettleserpluginen som er tilgjengelig via f\u00f8lgende lenke: <a href=\"https:\/\/tools.google.com\/dlpage\/gaoptout?hl=de\" rel=\"noopener\" target=\"_blank\">https:\/\/tools.google.com\/dlpage\/gaoptout?hl=de<\/a>.<\/p><p><strong>Innsigelse mot dataregistrering<\/strong><\/p><p>Du kan forhindre at Google Analytics registrerer dine data ved \u00e5 klikke p\u00e5 f\u00f8lgende lenke. Det settes en opt-out-cookie som forhindrer registrering av dine data ved fremtidige bes\u00f8k p\u00e5 v\u00e5r nettside: Deaktiver Google Analytics.<\/p><p>Detaljer om hvordan Google Analytics behandler brukerdata finner du i Googles personvernerkl\u00e6ring: <a href=\"https:\/\/support.google.com\/analytics\/answer\/6004245?hl=de\" rel=\"noopener\" target=\"_blank\">https:\/\/support.google.com\/analytics\/answer\/6004245?hl=de<\/a>.<\/p><p><strong>Databehandleravtale<\/strong><\/p><p>For \u00e5 fullstendig oppfylle lovens krav til databeskyttelse har vi inng\u00e5tt en databehandleravtale med Google.<\/p><p><strong>Demografiske kjennetegn i Google Analytics<\/strong><\/p><p>V\u00e5r nettside bruker funksjonen \\&bdquo;demografiske kjennetegn\\&ldquo; i Google Analytics. Med denne kan det opprettes rapporter som inneholder informasjon om alder, kj\u00f8nn og interesser til bes\u00f8kende p\u00e5 siden. Disse dataene stammer fra interessebasert reklame fra Google samt fra bes\u00f8ksdata fra tredjepartsleverand\u00f8rer.<\/p><p>Det er ikke mulig \u00e5 tilordne dataene til en bestemt person. Du kan deaktivere denne funksjonen n\u00e5r som helst. Dette er mulig via annonseinnstillingene i din Google-konto eller ved \u00e5 forby generell registrering av dine data av Google Analytics, som beskrevet under punktet \\&bdquo;Innsigelse mot dataregistrering\\&ldquo;.<\/p>\t\t\t\t\t\t\t\t<\/div>\n\t\t\t\t\t<\/div>\n\t\t\t\t<\/div>\n\t\t\t\t\t<\/div>\n\t\t\t\t<\/div>\n\t\t<div class=\"elementor-element elementor-element-ds-s10 e-con-boxed e-flex e-con e-parent\" data-id=\"ds-s10\" data-element_type=\"container\" data-e-type=\"container\">\n\t\t\t\t\t<div class=\"e-con-inner\">\n\t\t\t\t<div class=\"elementor-element elementor-element-ds-h10 elementor-widget elementor-widget-heading\" data-id=\"ds-h10\" data-element_type=\"widget\" data-e-type=\"widget\" data-widget_type=\"heading.default\">\n\t\t\t\t\t<h2 class=\"elementor-heading-title elementor-size-default\">Google AdWords og Google Conversion-Tracking<\/h2>\t\t\t\t<\/div>\n\t\t<div class=\"elementor-element elementor-element-ds-s10-bw e-flex e-con-boxed e-con e-parent\" data-id=\"ds-s10-bw\" data-element_type=\"container\" data-e-type=\"container\" data-settings=\"{&quot;background_background&quot;:&quot;classic&quot;}\">\n\t\t\t\t\t<div class=\"e-con-inner\">\n\t\t\t\t<div class=\"elementor-element elementor-element-ds-t10 elementor-widget elementor-widget-text-editor\" data-id=\"ds-t10\" data-element_type=\"widget\" data-e-type=\"widget\" data-widget_type=\"text-editor.default\">\n\t\t\t\t\t\t\t\t\t<p>V\u00e5r nettside bruker Google AdWords. Leverand\u00f8r er Google Inc. 1600 Amphitheatre Parkway, Mountain View, CA 94043, United States.<\/p><p>AdWords er et nettreklameprogram. Innenfor rammen av dette nettreklameprogrammet arbeider vi med conversion-tracking. Etter et klikk p\u00e5 en annonse vist av Google settes en cookie for conversion-tracking. Cookies er sm\u00e5 tekstfiler som nettleseren din lagrer p\u00e5 enheten din.<\/p><p>Google AdWords-cookies opph\u00f8rer \u00e5 v\u00e6re gyldige etter 30 dager og brukes ikke til personlig identifisering av brukerne. Ved hjelp av cookien kan Google og vi se at du har klikket p\u00e5 en annonse og blitt videresendt til v\u00e5r nettside.<\/p><p>Hver Google AdWords-kunde f\u00e5r en annen cookie. Cookiene kan ikke spores over nettsider til AdWords-kunder. Med conversion-cookies opprettes conversion-statistikk for AdWords-kunder som bruker conversion-tracking. AdWords-kunder f\u00e5r vite hvor mange brukere som har klikket p\u00e5 annonsen deres og blitt videresendt til sider med conversion-tracking-tag.<\/p><p>AdWords-kunder f\u00e5r imidlertid ingen informasjon som gj\u00f8r det mulig \u00e5 identifisere brukerne personlig. Hvis du ikke vil delta i trackingen, kan du protestere mot bruken. Da m\u00e5 conversion-cookien deaktiveres i brukerinnstillingene i nettleseren. P\u00e5 den m\u00e5ten vil det heller ikke bli registrert i conversion-tracking-statistikken.<\/p><p>Lagringen av \\&bdquo;conversion-cookies\\&ldquo; skjer p\u00e5 grunnlag av art. 6 nr. 1 bokstav f GDPR. Vi som operat\u00f8r av nettsiden har en berettiget interesse i \u00e5 analysere brukeratferd for \u00e5 optimalisere v\u00e5rt nettilbud og v\u00e5r reklame.<\/p><p>Detaljer om Google AdWords og Google Conversion-Tracking finner du i Googles personvernbestemmelser: <a href=\"https:\/\/www.google.de\/policies\/privacy\/\" rel=\"noopener\" target=\"_blank\">https:\/\/www.google.de\/policies\/privacy\/<\/a>.<\/p><p>Med en moderne nettleser kan du overv\u00e5ke, begrense eller forhindre setting av cookies. Deaktivering av cookies kan medf\u00f8re begrenset funksjonalitet p\u00e5 v\u00e5r nettside.<\/p>\t\t\t\t\t\t\t\t<\/div>\n\t\t\t\t\t<\/div>\n\t\t\t\t<\/div>\n\t\t\t\t\t<\/div>\n\t\t\t\t<\/div>\n\t\t<div class=\"elementor-element elementor-element-ds-s11 e-con-boxed e-flex e-con e-parent\" data-id=\"ds-s11\" data-element_type=\"container\" data-e-type=\"container\">\n\t\t\t\t\t<div class=\"e-con-inner\">\n\t\t\t\t<div class=\"elementor-element elementor-element-ds-h11 elementor-widget elementor-widget-heading\" data-id=\"ds-h11\" data-element_type=\"widget\" data-e-type=\"widget\" data-widget_type=\"heading.default\">\n\t\t\t\t\t<h2 class=\"elementor-heading-title elementor-size-default\">Google Web Fonts<\/h2>\t\t\t\t<\/div>\n\t\t<div class=\"elementor-element elementor-element-ds-s11-bw e-flex e-con-boxed e-con e-parent\" data-id=\"ds-s11-bw\" data-element_type=\"container\" data-e-type=\"container\" data-settings=\"{&quot;background_background&quot;:&quot;classic&quot;}\">\n\t\t\t\t\t<div class=\"e-con-inner\">\n\t\t\t\t<div class=\"elementor-element elementor-element-ds-t11 elementor-widget elementor-widget-text-editor\" data-id=\"ds-t11\" data-element_type=\"widget\" data-e-type=\"widget\" data-widget_type=\"text-editor.default\">\n\t\t\t\t\t\t\t\t\t<p>V\u00e5r nettside bruker webskrifter fra Google. Leverand\u00f8r er Google Inc. 1600 Amphitheatre Parkway, Mountain View, CA 94043, USA.<\/p><p>Ved bruk av disse webskriftene er det mulig \u00e5 presentere v\u00e5r nettside slik vi \u00f8nsker, uavhengig av hvilke skrifttyper som er lokalt tilgjengelige for deg. Dette skjer ved at Google Web Fonts hentes fra en server fra Google i USA, noe som inneb\u00e6rer at dine data overf\u00f8res til Google.<\/p><p>Dette gjelder din IP-adresse og hvilken side du har bes\u00f8kt hos oss. Bruken av Google Web Fonts skjer p\u00e5 grunnlag av art. 6 nr. 1 bokstav f i GDPR. Som ansvarlig for denne nettsiden har vi en berettiget interesse i optimal fremstilling og overf\u00f8ring av v\u00e5r nettside.<\/p><p>Selskapet Google er sertifisert under den amerikansk-europeiske databeskyttelsesavtalen \\&bdquo;Privacy Shield\\&ldquo;. Denne databeskyttelsesavtalen skal sikre etterlevelse av det databeskyttelsesniv\u00e5et som gjelder i EU.<\/p><p>Detaljer om Google Web Fonts finner du p\u00e5: <a href=\"https:\/\/www.google.com\/fonts#AboutPlace:about\" rel=\"noopener\" target=\"_blank\">https:\/\/www.google.com\/fonts#AboutPlace:about<\/a> og mer informasjon i Googles personvernbestemmelser: <a href=\"https:\/\/policies.google.com\/privacy\/partners?hl=de\" rel=\"noopener\" target=\"_blank\">https:\/\/policies.google.com\/privacy\/partners?hl=de<\/a>.<\/p>\t\t\t\t\t\t\t\t<\/div>\n\t\t\t\t\t<\/div>\n\t\t\t\t<\/div>\n\t\t\t\t\t<\/div>\n\t\t\t\t<\/div>\n\t\t<div class=\"elementor-element elementor-element-ds-s12 e-con-boxed e-flex e-con e-parent\" data-id=\"ds-s12\" data-element_type=\"container\" data-e-type=\"container\">\n\t\t\t\t\t<div class=\"e-con-inner\">\n\t\t\t\t<div class=\"elementor-element elementor-element-ds-h12 elementor-widget elementor-widget-heading\" data-id=\"ds-h12\" data-element_type=\"widget\" data-e-type=\"widget\" data-widget_type=\"heading.default\">\n\t\t\t\t\t<h2 class=\"elementor-heading-title elementor-size-default\">Kilde<\/h2>\t\t\t\t<\/div>\n\t\t<div class=\"elementor-element elementor-element-ds-s12-bw e-flex e-con-boxed e-con e-parent\" data-id=\"ds-s12-bw\" data-element_type=\"container\" data-e-type=\"container\" data-settings=\"{&quot;background_background&quot;:&quot;classic&quot;}\">\n\t\t\t\t\t<div class=\"e-con-inner\">\n\t\t\t\t<div class=\"elementor-element elementor-element-ds-t12 elementor-widget elementor-widget-text-editor\" data-id=\"ds-t12\" data-element_type=\"widget\" data-e-type=\"widget\" data-widget_type=\"text-editor.default\">\n\t\t\t\t\t\t\t\t\t<p>Kilde frem til her: Personvernkonfigurator fra mein-datenschutzbeauftragter.de.<\/p>\t\t\t\t\t\t\t\t<\/div>\n\t\t\t\t\t<\/div>\n\t\t\t\t<\/div>\n\t\t\t\t\t<\/div>\n\t\t\t\t<\/div>\n\t\t<div class=\"elementor-element elementor-element-ds-s13 e-con-boxed e-flex e-con e-parent\" data-id=\"ds-s13\" data-element_type=\"container\" data-e-type=\"container\">\n\t\t\t\t\t<div class=\"e-con-inner\">\n\t\t\t\t<div class=\"elementor-element elementor-element-ds-h13 elementor-widget elementor-widget-heading\" data-id=\"ds-h13\" data-element_type=\"widget\" data-e-type=\"widget\" data-widget_type=\"heading.default\">\n\t\t\t\t\t<h2 class=\"elementor-heading-title elementor-size-default\">Facebook<\/h2>\t\t\t\t<\/div>\n\t\t<div class=\"elementor-element elementor-element-ds-s13-bw e-flex e-con-boxed e-con e-parent\" data-id=\"ds-s13-bw\" data-element_type=\"container\" data-e-type=\"container\" data-settings=\"{&quot;background_background&quot;:&quot;classic&quot;}\">\n\t\t\t\t\t<div class=\"e-con-inner\">\n\t\t\t\t<div class=\"elementor-element elementor-element-ds-t13 elementor-widget elementor-widget-text-editor\" data-id=\"ds-t13\" data-element_type=\"widget\" data-e-type=\"widget\" data-widget_type=\"text-editor.default\">\n\t\t\t\t\t\t\t\t\t<p>Vi hadde en periode fjernet Facebook helt, fordi sensuren ble uutholdelig. N\u00e5 ser det ut til at selskapet igjen legger seg mer p\u00e5 brukernes side, s\u00e5 vi pr\u00f8ver p\u00e5 nytt:<\/p><p>Vi bruker p\u00e5 v\u00e5r nettside den s\u00e5kalte \\&bdquo;Facebook-pikselen\\&ldquo; fra Meta Platforms Ireland Ltd. (Facebook Ireland Ltd.), 4 Grand Canal Square, Grand Canal Harbour, Dublin 2, Irland.<\/p><p>Denne brukes til \u00e5 f\u00f8lge brukernes atferd n\u00e5r de er blitt videresendt til v\u00e5r nettside ved \u00e5 klikke p\u00e5 en Facebook-annonse. Dermed kan vi m\u00e5le effektiviteten av Facebook-annonser for statistikk- og markedsunders\u00f8kelsesform\u00e5l og optimalisere fremtidige reklametiltak.<\/p><p>Dataene som samles inn her, er anonyme for oss og gir ingen mulighet til \u00e5 identifisere enkeltpersoner. Facebook lagrer og behandler imidlertid dataene slik at en forbindelse til den respektive brukerprofilen er mulig, og Facebook kan bruke dataene i henhold til sine egne databruksretningslinjer til egne reklameform\u00e5l.<\/p><p>Rettslig grunnlag for bruken er som regel ditt samtykke etter art. 6 nr. 1 bokstav a i GDPR eller v\u00e5r berettigede interesse etter art. 6 nr. 1 bokstav f i GDPR.<\/p>\t\t\t\t\t\t\t\t<\/div>\n\t\t\t\t\t<\/div>\n\t\t\t\t<\/div>\n\t\t\t\t\t<\/div>\n\t\t\t\t<\/div>\n\t\t<div class=\"elementor-element elementor-element-iwgkw-add-datenschutz e-flex e-con-boxed e-con e-parent\" data-id=\"iwgkw-add-datenschutz\" data-element_type=\"container\" data-e-type=\"container\">\n\t\t\t\t\t<div class=\"e-con-inner\">\n\t\t\t\t<div class=\"elementor-element elementor-element-iwgkw-add-datenschutz-t elementor-widget elementor-widget-text-editor\" data-id=\"iwgkw-add-datenschutz-t\" data-element_type=\"widget\" data-e-type=\"widget\" data-widget_type=\"text-editor.default\">\n\t\t\t\t\t\t\t\t\t<p>F\u00f8lgende opplysninger tjener som pliktig informasjon i henhold til artikkel 13 og 14 i personvernforordningen (GDPR). De informerer om behandlingen av personopplysninger ved bes\u00f8k p\u00e5 denne nettsiden, om ansvarlige, form\u00e5l, rettslige grunnlag samt om de rettighetene som tilkommer de ber\u00f8rte personene. Fremstillingen er begrenset til det pliktige innholdet og erstatter ikke juridisk r\u00e5dgivning i enkelttilfeller.<\/p>\t\t\t\t\t\t\t\t<\/div>\n\t\t\t\t\t<\/div>\n\t\t\t\t<\/div>\n\t\t\t\t<\/div>\n\t\t","protected":false},"excerpt":{"rendered":"","protected":false},"author":3,"featured_media":2259,"parent":0,"menu_order":0,"comment_status":"closed","ping_status":"closed","template":"elementor_header_footer","meta":{"_yoast_wpseo_focuskw":"","_yoast_wpseo_title":"Personvern \u2013 iWell Guard","_yoast_wpseo_metadesc":"Personvernerkl\u00e6ring fra Ittermann electronic GmbH for iWell Guard: pliktig informasjon, cookies, analyse, integrerte tjenester.","_yoast_wpseo_meta-robots-noindex":"1","_yoast_wpseo_canonical":"","_angie_page":false,"gefaehrdungsstufe":"","wesen_kultur":"","wesen_klasse":"","footnotes":""},"categories":[],"class_list":["post-140937","page","type-page","status-publish","has-post-thumbnail","hentry"],"yoast_head":"<!-- This site is optimized with the Yoast SEO Premium plugin v27.7 (Yoast SEO v28.3) - https:\/\/yoast.com\/product\/yoast-seo-premium-wordpress\/ -->\n<title>Personvern \u2013 iWell Guard<\/title>\n<meta name=\"description\" content=\"Personvernerkl\u00e6ring fra Ittermann electronic GmbH for iWell Guard: pliktig informasjon, cookies, analyse, integrerte tjenester.\" \/>\n<meta name=\"robots\" content=\"noindex, follow\" \/>\n<meta property=\"og:locale\" content=\"nb_NO\" \/>\n<meta property=\"og:type\" content=\"article\" \/>\n<meta property=\"og:title\" content=\"Personvern\" \/>\n<meta property=\"og:description\" content=\"Personvernerkl\u00e6ring fra Ittermann electronic GmbH for iWell Guard: pliktig informasjon, cookies, analyse, integrerte tjenester.\" \/>\n<meta property=\"og:url\" content=\"https:\/\/iwell-guard.com\/no\/personvern\/\" \/>\n<meta property=\"og:site_name\" content=\"iWell Guard\" \/>\n<meta property=\"article:modified_time\" content=\"2026-09-03T09:35:34+00:00\" \/>\n<meta property=\"og:image\" content=\"https:\/\/iwell-guard.com\/wp-content\/uploads\/2026\/05\/Lava-1200x661-Hintergrund-sym.webp\" \/>\n\t<meta property=\"og:image:width\" content=\"1200\" \/>\n\t<meta property=\"og:image:height\" content=\"661\" \/>\n\t<meta property=\"og:image:type\" content=\"image\/webp\" \/>\n<meta name=\"twitter:card\" content=\"summary_large_image\" \/>\n<script type=\"application\/ld+json\" class=\"yoast-schema-graph\">{\"@context\":\"https:\\\/\\\/schema.org\",\"@graph\":[{\"@type\":\"WebPage\",\"@id\":\"https:\\\/\\\/iwell-guard.com\\\/no\\\/personvern\\\/\",\"url\":\"https:\\\/\\\/iwell-guard.com\\\/no\\\/personvern\\\/\",\"name\":\"Personvern \u2013 iWell Guard\",\"isPartOf\":{\"@id\":\"https:\\\/\\\/iwell-guard.com\\\/no\\\/#website\"},\"primaryImageOfPage\":{\"@id\":\"https:\\\/\\\/iwell-guard.com\\\/no\\\/personvern\\\/#primaryimage\"},\"image\":{\"@id\":\"https:\\\/\\\/iwell-guard.com\\\/no\\\/personvern\\\/#primaryimage\"},\"thumbnailUrl\":\"https:\\\/\\\/iwell-guard.com\\\/wp-content\\\/uploads\\\/2026\\\/05\\\/Lava-1200x661-Hintergrund-sym.webp\",\"datePublished\":\"2026-09-03T09:14:57+00:00\",\"dateModified\":\"2026-09-03T09:35:34+00:00\",\"description\":\"Personvernerkl\u00e6ring fra Ittermann electronic GmbH for iWell Guard: pliktig informasjon, cookies, analyse, integrerte tjenester.\",\"breadcrumb\":{\"@id\":\"https:\\\/\\\/iwell-guard.com\\\/no\\\/personvern\\\/#breadcrumb\"},\"inLanguage\":\"nb-NO\",\"potentialAction\":[{\"@type\":\"ReadAction\",\"target\":[\"https:\\\/\\\/iwell-guard.com\\\/no\\\/personvern\\\/\"]}]},{\"@type\":\"ImageObject\",\"inLanguage\":\"nb-NO\",\"@id\":\"https:\\\/\\\/iwell-guard.com\\\/no\\\/personvern\\\/#primaryimage\",\"url\":\"https:\\\/\\\/iwell-guard.com\\\/wp-content\\\/uploads\\\/2026\\\/05\\\/Lava-1200x661-Hintergrund-sym.webp\",\"contentUrl\":\"https:\\\/\\\/iwell-guard.com\\\/wp-content\\\/uploads\\\/2026\\\/05\\\/Lava-1200x661-Hintergrund-sym.webp\",\"width\":1200,\"height\":661,\"caption\":\"iWell Guard beskyttelsesanheng, svart karbonfiber-chip med gullfargede detaljer\"},{\"@type\":\"BreadcrumbList\",\"@id\":\"https:\\\/\\\/iwell-guard.com\\\/no\\\/personvern\\\/#breadcrumb\",\"itemListElement\":[{\"@type\":\"ListItem\",\"position\":1,\"name\":\"Start\",\"item\":\"https:\\\/\\\/iwell-guard.com\\\/no\\\/?page_id=140795\"},{\"@type\":\"ListItem\",\"position\":2,\"name\":\"Personvern\"}]},{\"@type\":\"WebSite\",\"@id\":\"https:\\\/\\\/iwell-guard.com\\\/no\\\/#website\",\"url\":\"https:\\\/\\\/iwell-guard.com\\\/no\\\/\",\"name\":\"iWell Guard\",\"description\":\"Schutz vor dunklen Einfl\u00fcssen\",\"publisher\":{\"@id\":\"https:\\\/\\\/iwell-guard.com\\\/no\\\/#organization\"},\"potentialAction\":[{\"@type\":\"SearchAction\",\"target\":{\"@type\":\"EntryPoint\",\"urlTemplate\":\"https:\\\/\\\/iwell-guard.com\\\/no\\\/?s={search_term_string}\"},\"query-input\":{\"@type\":\"PropertyValueSpecification\",\"valueRequired\":true,\"valueName\":\"search_term_string\"}}],\"inLanguage\":\"nb-NO\"},{\"@type\":\"Organization\",\"@id\":\"https:\\\/\\\/iwell-guard.com\\\/no\\\/#organization\",\"name\":\"Ittermann electronic GmbH\",\"url\":\"https:\\\/\\\/iwell-guard.com\\\/no\\\/\",\"logo\":{\"@type\":\"ImageObject\",\"inLanguage\":\"nb-NO\",\"@id\":\"https:\\\/\\\/iwell-guard.com\\\/no\\\/#\\\/schema\\\/logo\\\/image\\\/\",\"url\":\"https:\\\/\\\/iwell-guard.com\\\/wp-content\\\/uploads\\\/2026\\\/05\\\/Ittermann-Logo-1182x237-1.png\",\"contentUrl\":\"https:\\\/\\\/iwell-guard.com\\\/wp-content\\\/uploads\\\/2026\\\/05\\\/Ittermann-Logo-1182x237-1.png\",\"width\":1182,\"height\":237,\"caption\":\"Ittermann electronic GmbH\"},\"image\":{\"@id\":\"https:\\\/\\\/iwell-guard.com\\\/no\\\/#\\\/schema\\\/logo\\\/image\\\/\"},\"sameAs\":[\"https:\\\/\\\/pantip.com\\\/profile\\\/9367242\",\"https:\\\/\\\/micro.blog\\\/iwellguard\",\"https:\\\/\\\/www.diggerslist.com\\\/iwellguard\\\/about\",\"https:\\\/\\\/skitterphoto.com\\\/photographers\\\/2870314\\\/iwell-guard\",\"https:\\\/\\\/iwellguard.wordpress.com\\\/2026\\\/06\\\/06\\\/iwell-guard\\\/\",\"https:\\\/\\\/hub.docker.com\\\/u\\\/iwellguard\",\"https:\\\/\\\/www.pinterest.com\\\/iwellguard\\\/\",\"https:\\\/\\\/bit.ly\\\/m\\\/iwellguard\",\"https:\\\/\\\/entre-vos-mains.alsace.eu\\\/profiles\\\/iwellguard\\\/activity\",\"https:\\\/\\\/gravatar.com\\\/reallybeded8fd34\",\"https:\\\/\\\/naijamatta.com\\\/iwellguard\",\"https:\\\/\\\/www.goodreads.com\\\/iwellguard\",\"https:\\\/\\\/profile.hatena.ne.jp\\\/iwellguard\\\/\",\"https:\\\/\\\/experiment.com\\\/users\\\/iwellguard\",\"https:\\\/\\\/wakelet.com\\\/@iWellGuard82270\",\"https:\\\/\\\/www.chordie.com\\\/forum\\\/profile.php?id=2555664\",\"https:\\\/\\\/www.instapaper.com\\\/p\\\/17757966\",\"https:\\\/\\\/www.mapleprimes.com\\\/users\\\/iwellguard\",\"https:\\\/\\\/businesslistingplus.com\\\/profile\\\/iwell-guard\\\/\",\"https:\\\/\\\/telegra.ph\\\/iWell-Guard-06-06\",\"https:\\\/\\\/pbase.com\\\/iwellguard\\\/iwellguard\",\"https:\\\/\\\/b.hatena.ne.jp\\\/iwellguard\\\/20260607#bookmark-4788405196491818882\",\"https:\\\/\\\/fliphtml5.com\\\/home\\\/iwellguard\",\"https:\\\/\\\/anyflip.com\\\/homepage\\\/cmiwl#About\",\"https:\\\/\\\/transfur.com\\\/Users\\\/iwellguard\",\"http:\\\/\\\/delphi.larsbo.org\\\/user\\\/iwellguard\",\"https:\\\/\\\/jobs.lajobsportal.org\\\/profiles\\\/8380803-iwell-guard\",\"https:\\\/\\\/md.chaosdorf.de\\\/s\\\/jfbe5SBdJD\",\"https:\\\/\\\/www.lingvolive.com\\\/en-us\\\/profile\\\/9ecaeaca-ce11-4e51-9e71-01d55e2bff36\\\/translations\",\"https:\\\/\\\/www.fitday.com\\\/fitness\\\/forums\\\/members\\\/iwellguard.html\",\"https:\\\/\\\/www.mymeetbook.com\\\/iwellguard\",\"https:\\\/\\\/pxhere.com\\\/en\\\/photographer-me\\\/5040798\",\"https:\\\/\\\/disqus.com\\\/by\\\/iwellguard\\\/about\\\/\",\"https:\\\/\\\/pastelink.net\\\/hjwciqwq\",\"https:\\\/\\\/pubhtml5.com\\\/homepage\\\/scjhn\\\/\",\"https:\\\/\\\/www.bitchute.com\\\/channel\\\/2O2eOKzNqujT\",\"https:\\\/\\\/audiomack.com\\\/iwellguard\"]}]}<\/script>\n<!-- \/ Yoast SEO Premium plugin. -->","yoast_head_json":{"title":"Personvern \u2013 iWell Guard","description":"Personvernerkl\u00e6ring fra Ittermann electronic GmbH for iWell Guard: pliktig informasjon, cookies, analyse, integrerte tjenester.","robots":{"index":"noindex","follow":"follow"},"og_locale":"nb_NO","og_type":"article","og_title":"Personvern","og_description":"Personvernerkl\u00e6ring fra Ittermann electronic GmbH for iWell Guard: pliktig informasjon, cookies, analyse, integrerte tjenester.","og_url":"https:\/\/iwell-guard.com\/no\/personvern\/","og_site_name":"iWell Guard","article_modified_time":"2026-09-03T09:35:34+00:00","og_image":[{"width":1200,"height":661,"url":"https:\/\/iwell-guard.com\/wp-content\/uploads\/2026\/05\/Lava-1200x661-Hintergrund-sym.webp","type":"image\/webp"}],"twitter_card":"summary_large_image","schema":{"@context":"https:\/\/schema.org","@graph":[{"@type":"WebPage","@id":"https:\/\/iwell-guard.com\/no\/personvern\/","url":"https:\/\/iwell-guard.com\/no\/personvern\/","name":"Personvern \u2013 iWell Guard","isPartOf":{"@id":"https:\/\/iwell-guard.com\/no\/#website"},"primaryImageOfPage":{"@id":"https:\/\/iwell-guard.com\/no\/personvern\/#primaryimage"},"image":{"@id":"https:\/\/iwell-guard.com\/no\/personvern\/#primaryimage"},"thumbnailUrl":"https:\/\/iwell-guard.com\/wp-content\/uploads\/2026\/05\/Lava-1200x661-Hintergrund-sym.webp","datePublished":"2026-09-03T09:14:57+00:00","dateModified":"2026-09-03T09:35:34+00:00","description":"Personvernerkl\u00e6ring fra Ittermann electronic GmbH for iWell Guard: pliktig informasjon, cookies, analyse, integrerte tjenester.","breadcrumb":{"@id":"https:\/\/iwell-guard.com\/no\/personvern\/#breadcrumb"},"inLanguage":"nb-NO","potentialAction":[{"@type":"ReadAction","target":["https:\/\/iwell-guard.com\/no\/personvern\/"]}]},{"@type":"ImageObject","inLanguage":"nb-NO","@id":"https:\/\/iwell-guard.com\/no\/personvern\/#primaryimage","url":"https:\/\/iwell-guard.com\/wp-content\/uploads\/2026\/05\/Lava-1200x661-Hintergrund-sym.webp","contentUrl":"https:\/\/iwell-guard.com\/wp-content\/uploads\/2026\/05\/Lava-1200x661-Hintergrund-sym.webp","width":1200,"height":661,"caption":"iWell Guard beskyttelsesanheng, svart karbonfiber-chip med gullfargede detaljer"},{"@type":"BreadcrumbList","@id":"https:\/\/iwell-guard.com\/no\/personvern\/#breadcrumb","itemListElement":[{"@type":"ListItem","position":1,"name":"Start","item":"https:\/\/iwell-guard.com\/no\/?page_id=140795"},{"@type":"ListItem","position":2,"name":"Personvern"}]},{"@type":"WebSite","@id":"https:\/\/iwell-guard.com\/no\/#website","url":"https:\/\/iwell-guard.com\/no\/","name":"iWell Guard","description":"Schutz vor dunklen Einfl\u00fcssen","publisher":{"@id":"https:\/\/iwell-guard.com\/no\/#organization"},"potentialAction":[{"@type":"SearchAction","target":{"@type":"EntryPoint","urlTemplate":"https:\/\/iwell-guard.com\/no\/?s={search_term_string}"},"query-input":{"@type":"PropertyValueSpecification","valueRequired":true,"valueName":"search_term_string"}}],"inLanguage":"nb-NO"},{"@type":"Organization","@id":"https:\/\/iwell-guard.com\/no\/#organization","name":"Ittermann electronic GmbH","url":"https:\/\/iwell-guard.com\/no\/","logo":{"@type":"ImageObject","inLanguage":"nb-NO","@id":"https:\/\/iwell-guard.com\/no\/#\/schema\/logo\/image\/","url":"https:\/\/iwell-guard.com\/wp-content\/uploads\/2026\/05\/Ittermann-Logo-1182x237-1.png","contentUrl":"https:\/\/iwell-guard.com\/wp-content\/uploads\/2026\/05\/Ittermann-Logo-1182x237-1.png","width":1182,"height":237,"caption":"Ittermann electronic GmbH"},"image":{"@id":"https:\/\/iwell-guard.com\/no\/#\/schema\/logo\/image\/"},"sameAs":["https:\/\/pantip.com\/profile\/9367242","https:\/\/micro.blog\/iwellguard","https:\/\/www.diggerslist.com\/iwellguard\/about","https:\/\/skitterphoto.com\/photographers\/2870314\/iwell-guard","https:\/\/iwellguard.wordpress.com\/2026\/06\/06\/iwell-guard\/","https:\/\/hub.docker.com\/u\/iwellguard","https:\/\/www.pinterest.com\/iwellguard\/","https:\/\/bit.ly\/m\/iwellguard","https:\/\/entre-vos-mains.alsace.eu\/profiles\/iwellguard\/activity","https:\/\/gravatar.com\/reallybeded8fd34","https:\/\/naijamatta.com\/iwellguard","https:\/\/www.goodreads.com\/iwellguard","https:\/\/profile.hatena.ne.jp\/iwellguard\/","https:\/\/experiment.com\/users\/iwellguard","https:\/\/wakelet.com\/@iWellGuard82270","https:\/\/www.chordie.com\/forum\/profile.php?id=2555664","https:\/\/www.instapaper.com\/p\/17757966","https:\/\/www.mapleprimes.com\/users\/iwellguard","https:\/\/businesslistingplus.com\/profile\/iwell-guard\/","https:\/\/telegra.ph\/iWell-Guard-06-06","https:\/\/pbase.com\/iwellguard\/iwellguard","https:\/\/b.hatena.ne.jp\/iwellguard\/20260607#bookmark-4788405196491818882","https:\/\/fliphtml5.com\/home\/iwellguard","https:\/\/anyflip.com\/homepage\/cmiwl#About","https:\/\/transfur.com\/Users\/iwellguard","http:\/\/delphi.larsbo.org\/user\/iwellguard","https:\/\/jobs.lajobsportal.org\/profiles\/8380803-iwell-guard","https:\/\/md.chaosdorf.de\/s\/jfbe5SBdJD","https:\/\/www.lingvolive.com\/en-us\/profile\/9ecaeaca-ce11-4e51-9e71-01d55e2bff36\/translations","https:\/\/www.fitday.com\/fitness\/forums\/members\/iwellguard.html","https:\/\/www.mymeetbook.com\/iwellguard","https:\/\/pxhere.com\/en\/photographer-me\/5040798","https:\/\/disqus.com\/by\/iwellguard\/about\/","https:\/\/pastelink.net\/hjwciqwq","https:\/\/pubhtml5.com\/homepage\/scjhn\/","https:\/\/www.bitchute.com\/channel\/2O2eOKzNqujT","https:\/\/audiomack.com\/iwellguard"]}]}},"_links":{"self":[{"href":"https:\/\/iwell-guard.com\/no\/wp-json\/wp\/v2\/pages\/140937","targetHints":{"allow":["GET"]}}],"collection":[{"href":"https:\/\/iwell-guard.com\/no\/wp-json\/wp\/v2\/pages"}],"about":[{"href":"https:\/\/iwell-guard.com\/no\/wp-json\/wp\/v2\/types\/page"}],"author":[{"embeddable":true,"href":"https:\/\/iwell-guard.com\/no\/wp-json\/wp\/v2\/users\/3"}],"replies":[{"embeddable":true,"href":"https:\/\/iwell-guard.com\/no\/wp-json\/wp\/v2\/comments?post=140937"}],"version-history":[{"count":0,"href":"https:\/\/iwell-guard.com\/no\/wp-json\/wp\/v2\/pages\/140937\/revisions"}],"wp:featuredmedia":[{"embeddable":true,"href":"https:\/\/iwell-guard.com\/no\/wp-json\/wp\/v2\/media\/2259"}],"wp:attachment":[{"href":"https:\/\/iwell-guard.com\/no\/wp-json\/wp\/v2\/media?parent=140937"}],"wp:term":[{"taxonomy":"category","embeddable":true,"href":"https:\/\/iwell-guard.com\/no\/wp-json\/wp\/v2\/categories?post=140937"}],"curies":[{"name":"wp","href":"https:\/\/api.w.org\/{rel}","templated":true}]}}