{"id":140841,"date":"2026-09-03T09:13:57","date_gmt":"2026-09-03T09:13:57","guid":{"rendered":"https:\/\/iwell-guard.com\/?page_id=140841"},"modified":"2026-09-03T09:32:49","modified_gmt":"2026-09-03T09:32:49","slug":"alp","status":"publish","type":"page","link":"https:\/\/iwell-guard.com\/no\/alp\/","title":{"rendered":"Alp"},"content":{"rendered":"\t\t<div data-elementor-type=\"wp-page\" data-elementor-id=\"140841\" class=\"elementor elementor-140841 elementor-1028\" data-elementor-post-type=\"page\">\n\t\t\t\t<div class=\"elementor-element elementor-element-10fdade e-flex e-con-boxed e-con e-parent\" data-id=\"10fdade\" data-element_type=\"container\" data-e-type=\"container\" data-settings=\"{&quot;background_background&quot;:&quot;classic&quot;}\">\n\t\t\t\t\t<div class=\"e-con-inner\">\n\t\t<div class=\"elementor-element elementor-element-herohlft0 e-flex e-con-boxed e-con e-child\" data-id=\"herohlft0\" data-element_type=\"container\" data-e-type=\"container\">\n\t\t\t\t\t<div class=\"e-con-inner\">\n\t\t<div class=\"elementor-element elementor-element-c3ceb64 e-con-full e-flex e-con e-child\" data-id=\"c3ceb64\" data-element_type=\"container\" data-e-type=\"container\">\n\t\t\t\t<div class=\"elementor-element elementor-element-96ae5e1 elementor-widget elementor-widget-heading\" data-id=\"96ae5e1\" data-element_type=\"widget\" data-e-type=\"widget\" data-widget_type=\"heading.default\">\n\t\t\t\t\t<h1 class=\"elementor-heading-title elementor-size-default\">Alp, geist i den germanske tradisjonen<\/h1>\t\t\t\t<\/div>\n\t\t\t\t<div class=\"elementor-element elementor-element-e45238a elementor-widget elementor-widget-text-editor\" data-id=\"e45238a\" data-element_type=\"widget\" data-e-type=\"widget\" data-widget_type=\"text-editor.default\">\n\t\t\t\t\t\t\t\t\t<p><strong>Den nattlige mareridtsgeisten fra tysk folketro.<\/strong><\/p>\t\t\t\t\t\t\t\t<\/div>\n\t\t\t\t<\/div>\n\t\t<div class=\"elementor-element elementor-element-klsbdg01 e-con-full e-flex e-con e-parent\" data-id=\"klsbdg01\" data-element_type=\"container\" data-e-type=\"container\">\n\t\t\t\t<div class=\"elementor-element elementor-element-klshtm01 elementor-widget elementor-widget-html\" data-id=\"klshtm01\" data-element_type=\"widget\" data-e-type=\"widget\" data-widget_type=\"html.default\">\n\t\t\t\t\t<div class=\"iwg-pill-row\"><span class=\"iwg-klasse-badge\" tabindex=\"0\" data-tooltip=\"Geist: Ukroppslig eller halvkroppslig vesenhet, avd\u00f8de, naturvesener, husgeister eller terskelvoktere. Virker i dagliglivet, ofte knyttet til steder eller familier.\">Geist<\/span><a href=\"https:\/\/iwell-guard.com\/no\/?page_id=140828\" class=\"iwg-kultur-badge\" tabindex=\"0\" data-tooltip=\"F\u00f8rkristen gude- og geisterverden i Nord- og Mellom-Europa.\">Germansk<\/a><\/div>\t\t\t\t<\/div>\n\t\t\t\t<\/div>\n\t\t<div class=\"elementor-element elementor-element-3f74855 e-con-full e-flex e-con e-child\" data-id=\"3f74855\" data-element_type=\"container\" data-e-type=\"container\">\n\t\t\t\t<div class=\"elementor-element elementor-element-1c30362 elementor-toc--minimized-on-tablet elementor-widget elementor-widget-table-of-contents\" data-id=\"1c30362\" data-element_type=\"widget\" data-e-type=\"widget\" data-settings=\"{&quot;exclude_headings_by_selector&quot;:[],&quot;no_headings_message&quot;:&quot;Det ble ikke funnet noen overskrifter p\\u00e5 denne siden.&quot;,&quot;headings_by_tags&quot;:[&quot;h2&quot;,&quot;h3&quot;],&quot;marker_view&quot;:&quot;bullets&quot;,&quot;icon&quot;:{&quot;value&quot;:&quot;fas fa-circle&quot;,&quot;library&quot;:&quot;fa-solid&quot;,&quot;rendered_tag&quot;:&quot;&lt;svg class=\\&quot;e-font-icon-svg e-fas-circle\\&quot; viewBox=\\&quot;0 0 512 512\\&quot; xmlns=\\&quot;http:\\\/\\\/www.w3.org\\\/2000\\\/svg\\&quot;&gt;&lt;path d=\\&quot;M256 8C119 8 8 119 8 256s111 248 248 248 248-111 248-248S393 8 256 8z\\&quot;&gt;&lt;\\\/path&gt;&lt;\\\/svg&gt;&quot;},&quot;minimize_box&quot;:&quot;yes&quot;,&quot;minimized_on&quot;:&quot;tablet&quot;,&quot;hierarchical_view&quot;:&quot;yes&quot;,&quot;min_height&quot;:{&quot;unit&quot;:&quot;px&quot;,&quot;size&quot;:&quot;&quot;,&quot;sizes&quot;:[]},&quot;min_height_tablet&quot;:{&quot;unit&quot;:&quot;px&quot;,&quot;size&quot;:&quot;&quot;,&quot;sizes&quot;:[]},&quot;min_height_mobile&quot;:{&quot;unit&quot;:&quot;px&quot;,&quot;size&quot;:&quot;&quot;,&quot;sizes&quot;:[]}}\" data-widget_type=\"table-of-contents.default\">\n\t\t\t\t\t\t\t\t\t<div class=\"elementor-toc__header\">\n\t\t\t\t\t\t<h2 class=\"elementor-toc__header-title\">\n\t\t\t\tInnholdsfortegnelse\t\t\t<\/h2>\n\t\t\t\t\t\t\t\t\t\t<div class=\"elementor-toc__toggle-button elementor-toc__toggle-button--expand\" role=\"button\" tabindex=\"0\" aria-controls=\"elementor-toc__1c30362\" aria-expanded=\"true\" aria-label=\"Open table of contents\"><svg aria-hidden=\"true\" class=\"e-font-icon-svg e-fas-chevron-down\" viewBox=\"0 0 448 512\" xmlns=\"http:\/\/www.w3.org\/2000\/svg\"><path d=\"M207.029 381.476L12.686 187.132c-9.373-9.373-9.373-24.569 0-33.941l22.667-22.667c9.357-9.357 24.522-9.375 33.901-.04L224 284.505l154.745-154.021c9.379-9.335 24.544-9.317 33.901.04l22.667 22.667c9.373 9.373 9.373 24.569 0 33.941L240.971 381.476c-9.373 9.372-24.569 9.372-33.942 0z\"><\/path><\/svg><\/div>\n\t\t\t\t<div class=\"elementor-toc__toggle-button elementor-toc__toggle-button--collapse\" role=\"button\" tabindex=\"0\" aria-controls=\"elementor-toc__1c30362\" aria-expanded=\"true\" aria-label=\"Close table of contents\"><svg aria-hidden=\"true\" class=\"e-font-icon-svg e-fas-chevron-up\" viewBox=\"0 0 448 512\" xmlns=\"http:\/\/www.w3.org\/2000\/svg\"><path d=\"M240.971 130.524l194.343 194.343c9.373 9.373 9.373 24.569 0 33.941l-22.667 22.667c-9.357 9.357-24.522 9.375-33.901.04L224 227.495 69.255 381.516c-9.379 9.335-24.544 9.317-33.901-.04l-22.667-22.667c-9.373-9.373-9.373-24.569 0-33.941L207.03 130.525c9.372-9.373 24.568-9.373 33.941-.001z\"><\/path><\/svg><\/div>\n\t\t\t\t\t<\/div>\n\t\t\t\t<div id=\"elementor-toc__1c30362\" class=\"elementor-toc__body\">\n\t\t\t<div class=\"elementor-toc__spinner-container\">\n\t\t\t\t<svg class=\"elementor-toc__spinner eicon-animation-spin e-font-icon-svg e-eicon-loading\" aria-hidden=\"true\" viewBox=\"0 0 1000 1000\" xmlns=\"http:\/\/www.w3.org\/2000\/svg\"><path d=\"M500 975V858C696 858 858 696 858 500S696 142 500 142 142 304 142 500H25C25 237 238 25 500 25S975 237 975 500 763 975 500 975Z\"><\/path><\/svg>\t\t\t<\/div>\n\t\t<\/div>\n\t\t\t\t\t\t<\/div>\n\t\t\t\t<\/div>\n\t\t\t\t\t<\/div>\n\t\t\t\t<\/div>\n\t\t<div class=\"elementor-element elementor-element-herorght0 e-con-full e-flex e-con e-child\" data-id=\"herorght0\" data-element_type=\"container\" data-e-type=\"container\">\n\t\t\t\t<div class=\"elementor-element elementor-element-heroimg00 iwg-hero-image elementor-widget elementor-widget-image\" data-id=\"heroimg00\" data-element_type=\"widget\" data-e-type=\"widget\" data-widget_type=\"image.default\">\n\t\t\t\t\t\t\t\t\t\t\t\t\t\t\t<img fetchpriority=\"high\" decoding=\"async\" width=\"683\" height=\"1024\" src=\"https:\/\/iwell-guard.com\/wp-content\/uploads\/2026\/04\/geister_germanisch_alp-683x1024.webp\" class=\"attachment-large size-large wp-image-143254\" alt=\"Alp - Geister fra den germanske tradisjonen, historisk-illustrativ\" srcset=\"https:\/\/iwell-guard.com\/wp-content\/uploads\/2026\/04\/geister_germanisch_alp-683x1024.webp 683w, https:\/\/iwell-guard.com\/wp-content\/uploads\/2026\/04\/geister_germanisch_alp-200x300.webp 200w, https:\/\/iwell-guard.com\/wp-content\/uploads\/2026\/04\/geister_germanisch_alp-768x1152.webp 768w, https:\/\/iwell-guard.com\/wp-content\/uploads\/2026\/04\/geister_germanisch_alp.webp 1024w\" sizes=\"(max-width: 683px) 100vw, 683px\" \/>\t\t\t\t\t\t\t\t\t\t\t\t\t\t\t<\/div>\n\t\t\t\t<\/div>\n\t\t\t\t\t<\/div>\n\t\t\t\t<\/div>\n\t\t<div class=\"elementor-element elementor-element-32917199 e-flex e-con-boxed e-con e-parent\" data-id=\"32917199\" data-element_type=\"container\" data-e-type=\"container\">\n\t\t\t\t\t<div class=\"e-con-inner\">\n\t\t<div class=\"elementor-element elementor-element-26e916cb e-flex e-con-boxed e-con e-child\" data-id=\"26e916cb\" data-element_type=\"container\" data-e-type=\"container\">\n\t\t\t\t\t<div class=\"e-con-inner\">\n\t\t<div class=\"elementor-element elementor-element-253a40d4 e-flex e-con-boxed e-con e-child\" data-id=\"253a40d4\" data-element_type=\"container\" data-e-type=\"container\">\n\t\t\t\t\t<div class=\"e-con-inner\">\n\t\t\t\t<div class=\"elementor-element elementor-element-1200c304 elementor-widget elementor-widget-heading\" data-id=\"1200c304\" data-element_type=\"widget\" data-e-type=\"widget\" data-widget_type=\"heading.default\">\n\t\t\t\t\t<h2 class=\"elementor-heading-title elementor-size-default\">Alp<\/h2>\t\t\t\t<\/div>\n\t\t\t\t<div class=\"elementor-element elementor-element-11758e7f elementor-widget elementor-widget-text-editor\" data-id=\"11758e7f\" data-element_type=\"widget\" data-e-type=\"widget\" data-widget_type=\"text-editor.default\">\n\t\t\t\t\t\t\t\t\t<p>Alp er en <span class=\"iwg-fachbegriff\" data-tooltip=\"Et kroppsl\u00f8st vesen som tillegges virkning i verden.\" tabindex=\"0\">geist<\/span> i den germanske tradisjonen.<\/p><p>Alp er den klassiske skikkelsen for <a class=\"iwg-fachbegriff\" href=\"https:\/\/iwell-guard.com\/no\/?page_id=141102\" tabindex=\"0\" data-tooltip=\"En bevissthetstilstand der man er vekket, men kroppen fortsatt er lammet p\u00e5 grunn av REM-atoni; ofte forbundet med hallusinasjoner.\" style=\"color:inherit;text-decoration:none\">s\u00f8vnparalyse<\/a> i mellomeuropeisk folketro. En liten, tung <span class=\"iwg-fachbegriff\" data-tooltip=\"Et kroppsl\u00f8st vesen som tillegges virkning i verden.\" tabindex=\"0\">geist<\/span> setter seg om natten p\u00e5 brystet til den sovende, tar fra ham \u00e5ndedrettet og fremkaller mareridtsopplevelser. Det tyske ordet \u00abAlbtraum\u00bb (mareridt) b\u00e6rer skikkelsen med seg i spr\u00e5ket fram til i dag, som et av de f\u00e5 middelalderske demonnavn som fortsatt lever uforminsket videre i spr\u00e5ket.<\/p><p><span class=\"iwg-fachbegriff\" data-tooltip=\"Overf\u00f8ring av kunnskap og fortellinger gjennom generasjoner.\" tabindex=\"0\">Overleveringen<\/span> strekker seg fra mellomh\u00f8ytysk litteratur og rettskilder, via Grimm-samlingene, til moderne folkeminnearkiver. Alp er kulturelt n\u00e6rt knyttet til Mahr (opprinnelig kvinnelig) og den engelske <em>mare<\/em> i ordet <em>nightmare<\/em>. Den avverges med tegn p\u00e5 d\u00f8rstokken, kniv under hovedkudden, b\u00f8nner og folkelige avvergingsformler.<\/p><div><p><strong>Mellomh\u00f8ytyske belegg og Malleus Maleficarum<\/strong><\/p><p>Alp-tradisjonene kan spores tilbake til mellomh\u00f8ytysk tid. Wilhelm Grimm dokumenterte i sine samlinger fortellinger om mareridt og nattlige bes\u00f8k, der et demonisk vesen satte seg p\u00e5 brystet til den sovende og truet med \u00e5 kvele ham.<\/p><p>Selve begrepet forekommer i ulike regionale varianter: <em>Alb<\/em> i Schwaben, <em>Alp<\/em> i Bayern, <em>Elf<\/em> i Holstein. Denne variasjonen tyder p\u00e5 en folketradisjon spredt over flere \u00e5rhundrer, der selve vesensformen forble stabil, mens navngivingen varierte fra region til region.<\/p><p>I <em>Malleus Maleficarum<\/em> (Heinrich Kramer og Jacob Sprenger, 1487) beskrives tilfeller av nattlig plage fra demoniske krefter.<\/p><p>Selv om Alp ikke nevnes ved navn der, stemmer de beskrevne symptomene (lammelse, \u00e5nden\u00f8d, syner av tyngende vekt) med senere beretninger fra <span class=\"iwg-fachbegriff\" data-tooltip=\"Den overleverte folkekulturen med skikker, fortellinger og sanger.\" tabindex=\"0\">folkloren<\/span>. Heksejegerne tolket disse fenomenene som demonisk innblanding, ikke som en fysiologisk s\u00f8vnforstyrrelse slik 1800-tallets medisin senere forklarte det.<\/p><\/div>\t\t\t\t\t\t\t\t<\/div>\n\t\t\t\t\t<\/div>\n\t\t\t\t<\/div>\n\t\t<div class=\"elementor-element elementor-element-159dcf9a e-flex e-con-boxed e-con e-child\" data-id=\"159dcf9a\" data-element_type=\"container\" data-e-type=\"container\">\n\t\t\t\t\t<div class=\"e-con-inner\">\n\t\t\t\t<div class=\"elementor-element elementor-element-48cee66f elementor-widget elementor-widget-heading\" data-id=\"48cee66f\" data-element_type=\"widget\" data-e-type=\"widget\" data-widget_type=\"heading.default\">\n\t\t\t\t\t<h2 class=\"elementor-heading-title elementor-size-default\">Rask oversikt: Alp<\/h2>\t\t\t\t<\/div>\n\t\t\t\t<div class=\"elementor-element elementor-element-3f50d82c elementor-widget elementor-widget-text-editor\" data-id=\"3f50d82c\" data-element_type=\"widget\" data-e-type=\"widget\" data-widget_type=\"text-editor.default\">\n\t\t\t\t\t\t\t\t\t<p><strong>Type:<\/strong> Nattlig mareridtsgeist, bringer av mareridt<br>Opprinnelse: Liten <span class=\"iwg-fachbegriff\" data-tooltip=\"Et kroppsl\u00f8st vesen som tillegges virkning i verden.\" tabindex=\"0\">geist<\/span>, ofte forbundet med de d\u00f8de eller hekser<br>Tekster: mellomh\u00f8ytyske rettskilder, Grimm, folkeminnesamlinger<br>Tidsperiode: Tidlig middelalder til i dag (spr\u00e5klig fortsatt levende)<br>Avvergelse: Drudefot, sko vendt bakvendt, kniv under hovedkudden<\/p>\t\t\t\t\t\t\t\t<\/div>\n\t\t\t\t\t<\/div>\n\t\t\t\t<\/div>\n\t\t\t\t\t<\/div>\n\t\t\t\t<\/div>\n\t\t\t\t\t<\/div>\n\t\t\t\t<\/div>\n\t\t<div class=\"elementor-element elementor-element-18613602 e-flex e-con-boxed e-con e-parent\" data-id=\"18613602\" data-element_type=\"container\" data-e-type=\"container\">\n\t\t\t\t\t<div class=\"e-con-inner\">\n\t\t\t\t<div class=\"elementor-element elementor-element-262b8a9f elementor-widget elementor-widget-heading\" data-id=\"262b8a9f\" data-element_type=\"widget\" data-e-type=\"widget\" data-widget_type=\"heading.default\">\n\t\t\t\t\t<h2 class=\"elementor-heading-title elementor-size-default\">Historisk innordning<\/h2>\t\t\t\t<\/div>\n\t\t<div class=\"elementor-element elementor-element-46dcb7d e-con-full e-flex e-con e-child\" data-id=\"46dcb7d\" data-element_type=\"container\" data-e-type=\"container\">\n\t\t<div class=\"elementor-element elementor-element-61d3ab3 e-flex e-con-boxed e-con e-child\" data-id=\"61d3ab3\" data-element_type=\"container\" data-e-type=\"container\">\n\t\t\t\t\t<div class=\"e-con-inner\">\n\t\t\t\t<div class=\"elementor-element elementor-element-117c166 elementor-widget elementor-widget-heading\" data-id=\"117c166\" data-element_type=\"widget\" data-e-type=\"widget\" data-widget_type=\"heading.default\">\n\t\t\t\t\t<div class=\"elementor-heading-title elementor-size-default\">Tidsrom for tekstene<\/div>\t\t\t\t<\/div>\n\t\t\t\t<div class=\"elementor-element elementor-element-73997a0 elementor-widget elementor-widget-text-editor\" data-id=\"73997a0\" data-element_type=\"widget\" data-e-type=\"widget\" data-widget_type=\"text-editor.default\">\n\t\t\t\t\t\t\t\t\t<p>Tidlig belagt i mellomh\u00f8ytysk litteratur (Nibelungenlied, Walther) og i rettskilder (skadetrolldom). Rikt dokumentert i samlinger fra 1800- og 1900-tallet (Grimm, Wolf, M\u00fcller-Bergstr\u00f6m). Som ord fortsatt levende i \u00abAlbtraum\u00bb (mareridt) i dag.<\/p>\t\t\t\t\t\t\t\t<\/div>\n\t\t\t\t\t<\/div>\n\t\t\t\t<\/div>\n\t\t<div class=\"elementor-element elementor-element-d47b156 e-flex e-con-boxed e-con e-child\" data-id=\"d47b156\" data-element_type=\"container\" data-e-type=\"container\">\n\t\t\t\t\t<div class=\"e-con-inner\">\n\t\t\t\t<div class=\"elementor-element elementor-element-ff38c2b elementor-widget elementor-widget-heading\" data-id=\"ff38c2b\" data-element_type=\"widget\" data-e-type=\"widget\" data-widget_type=\"heading.default\">\n\t\t\t\t\t<div class=\"elementor-heading-title elementor-size-default\">Utbredelsesomr\u00e5de<\/div>\t\t\t\t<\/div>\n\t\t\t\t<div class=\"elementor-element elementor-element-4e49fcc elementor-widget elementor-widget-text-editor\" data-id=\"4e49fcc\" data-element_type=\"widget\" data-e-type=\"widget\" data-widget_type=\"text-editor.default\">\n\t\t\t\t\t\t\t\t\t<p>Tysktalende omr\u00e5der; lignende skikkelser med andre navn (Nachtmahr, Drude, Trud) i omkringliggende regioner. Den engelske ordbildningen <em>nightmare<\/em> g\u00e5r tilbake til Mahr-varianten.<\/p>\t\t\t\t\t\t\t\t<\/div>\n\t\t\t\t\t<\/div>\n\t\t\t\t<\/div>\n\t\t\t\t<\/div>\n\t\t<div class=\"elementor-element elementor-element-db03c39 e-con-full e-flex e-con e-child\" data-id=\"db03c39\" data-element_type=\"container\" data-e-type=\"container\">\n\t\t<div class=\"elementor-element elementor-element-229a87b e-flex e-con-boxed e-con e-child\" data-id=\"229a87b\" data-element_type=\"container\" data-e-type=\"container\">\n\t\t\t\t\t<div class=\"e-con-inner\">\n\t\t\t\t<div class=\"elementor-element elementor-element-1f471fc elementor-widget elementor-widget-heading\" data-id=\"1f471fc\" data-element_type=\"widget\" data-e-type=\"widget\" data-widget_type=\"heading.default\">\n\t\t\t\t\t<div class=\"elementor-heading-title elementor-size-default\">Kildesituasjon<\/div>\t\t\t\t<\/div>\n\t\t\t\t<div class=\"elementor-element elementor-element-36b1201 elementor-widget elementor-widget-text-editor\" data-id=\"36b1201\" data-element_type=\"widget\" data-e-type=\"widget\" data-widget_type=\"text-editor.default\">\n\t\t\t\t\t\t\t\t\t<p>Mellomh\u00f8ytyske tekster, rettskilder (trolldomsprosesser), Grimms tyske <span class=\"iwg-fachbegriff\" data-tooltip=\"Helheten av overleverte fortellinger om guder i en kultur.\" tabindex=\"0\">mytologi<\/span>, folkeminnearkiver fra 1800-\/1900-tallet, samt moderne s\u00f8vnforskning som en sekul\u00e6r videref\u00f8ring.<\/p>\t\t\t\t\t\t\t\t<\/div>\n\t\t\t\t\t<\/div>\n\t\t\t\t<\/div>\n\t\t\t\t<\/div>\n\t\t\t\t\t<\/div>\n\t\t\t\t<\/div>\n\t\t<div class=\"elementor-element elementor-element-3ae0637c e-flex e-con-boxed e-con e-parent\" data-id=\"3ae0637c\" data-element_type=\"container\" data-e-type=\"container\">\n\t\t\t\t\t<div class=\"e-con-inner\">\n\t\t\t\t<div class=\"elementor-element elementor-element-31d07739 elementor-widget elementor-widget-heading\" data-id=\"31d07739\" data-element_type=\"widget\" data-e-type=\"widget\" data-widget_type=\"heading.default\">\n\t\t\t\t\t<h2 class=\"elementor-heading-title elementor-size-default\">Navn og varianter<\/h2>\t\t\t\t<\/div>\n\t\t<div class=\"elementor-element elementor-element-b7642947 e-con-full e-flex e-con e-child\" data-id=\"b7642947\" data-element_type=\"container\" data-e-type=\"container\">\n\t\t\t\t<div class=\"elementor-element elementor-element-a086266 elementor-widget elementor-widget-text-editor\" data-id=\"a086266\" data-element_type=\"widget\" data-e-type=\"widget\" data-widget_type=\"text-editor.default\">\n\t\t\t\t\t\t\t\t\t<p><strong>Mellomh\u00f8ytysk:<\/strong> <em>alp<\/em>, <em>alb<\/em>. Etymologisk beslektet med \u00abalv\u00bb; Alp er opprinnelig en alv i negativ funksjon.<br>Regionale varianter: Trud\/Drud (bayersk), Nachtmahr (utbredt), Walrider, Doggeli (sveitsisk), Mart (nedertysk).<br>Engelsk: <em>mare<\/em> i <em>nightmare<\/em>.<\/p><p>Likestillingen Alp = alv overrasker bare ved f\u00f8rste blikk: I den eldre germanske forestillingsverdenen var alver ambivalente vesener, ikke de vennlige skikkelsene fra senere <span class=\"iwg-fachbegriff\" data-tooltip=\"Den overleverte folkekulturen med skikker, fortellinger og sanger.\" tabindex=\"0\">folklore<\/span>. \u00abAlveskudd\u00bb for plutselig sykdom h\u00f8rer til samme forestillingskompleks.<\/p>\t\t\t\t\t\t\t\t<\/div>\n\t\t\t\t<\/div>\n\t\t\t\t\t<\/div>\n\t\t\t\t<\/div>\n\t\t<div class=\"elementor-element elementor-element-709a44a8 e-flex e-con-boxed e-con e-parent\" data-id=\"709a44a8\" data-element_type=\"container\" data-e-type=\"container\">\n\t\t\t\t\t<div class=\"e-con-inner\">\n\t\t\t\t<div class=\"elementor-element elementor-element-2f585873 elementor-widget elementor-widget-heading\" data-id=\"2f585873\" data-element_type=\"widget\" data-e-type=\"widget\" data-widget_type=\"heading.default\">\n\t\t\t\t\t<h2 class=\"elementor-heading-title elementor-size-default\">Kjennetegn<\/h2>\t\t\t\t<\/div>\n\t\t<div class=\"elementor-element elementor-element-70621c12 e-con-full e-flex e-con e-child\" data-id=\"70621c12\" data-element_type=\"container\" data-e-type=\"container\">\n\t\t\t\t<div class=\"elementor-element elementor-element-4296eb49 elementor-widget elementor-widget-text-editor\" data-id=\"4296eb49\" data-element_type=\"widget\" data-e-type=\"widget\" data-widget_type=\"text-editor.default\">\n\t\t\t\t\t\t\t\t\t<p><strong>Utseende<\/strong><\/p><p>Liten, tung, ofte lite prangende. I noen fortellinger som dyreskikkelse, katt, spinner, sn\u00f8mus, noen ganger som et forvridd barn. Sjelden fastlagt i bilder, oftere oppfattet som trykk og tyngde.<\/p><p><strong>Oppf\u00f8rsel<\/strong><\/p><p>Kommer om natten gjennom n\u00f8kkelhull, skorstein, d\u00f8rsprekk. Setter seg p\u00e5 brystet til den sovende, tar fra vedkommende \u00e5nde og bevegelse. <span class=\"iwg-fachbegriff\" data-tooltip=\"Gave til en gudom for \u00e5 uttrykke takk, b\u00f8nn eller tilbedelse.\" tabindex=\"0\">Offeret<\/span> kan ikke skrike, ikke flykte. If\u00f8lge dagens s\u00f8vnforskning: klassisk <a class=\"iwg-fachbegriff\" href=\"https:\/\/iwell-guard.com\/no\/?page_id=141102\" tabindex=\"0\" data-tooltip=\"Bevissthetstilstand der bevisstheten er v\u00e5ken, men kroppen fortsatt er lammet p\u00e5 grunn av REM-atoni.\" style=\"color:inherit;text-decoration:none\">s\u00f8vnparalyse<\/a>-symptomatikk.<\/p><p><strong>Virkeomr\u00e5de<\/strong><\/p><p>Soverommet, spesielt visse netter (grensedager, fullm\u00e5ne). I landlige tradisjoner ogs\u00e5 hester: Alpen \u00abrir\u00bb hesten om natten, om morgenen finner man manen forvirret.<\/p><p><strong>Mytologisk plassering<\/strong><\/p><p>Opprinnelig en alveskikkelse, i folketroen forskj\u00f8vet til en truende trykkgeist. I kristen omtolkning delvis forst\u00e5tt som <span class=\"iwg-fachbegriff\" data-tooltip=\"\u00c5ndelig vesen som tilskrives skadelig eller motstridende virkning.\" tabindex=\"0\">demon<\/span> eller som en heks sin sjel. I moderne tolkning forklares <a class=\"iwg-fachbegriff\" href=\"https:\/\/iwell-guard.com\/no\/?page_id=141102\" tabindex=\"0\" data-tooltip=\"V\u00e5ken tilstand med muskul\u00e6r REM-atoni; tolket verden over som en sp\u00f8kelsesopplevelse (Mahr, Old Hag, Kanashibari) \u2013 nevrologisk forklarlig.\" style=\"color:inherit;text-decoration:none\">s\u00f8vnparalyse<\/a> som et nevrologisk fenomen.<\/p><div><p><strong>S\u00f8vnparalyse og kulturell tolkning<\/strong><\/p><p>Moderne medisin kjenner tilstanden som <a class=\"iwg-fachbegriff\" href=\"https:\/\/iwell-guard.com\/no\/?page_id=141102\" tabindex=\"0\" data-tooltip=\"V\u00e5ken tilstand med muskul\u00e6r REM-atoni; tolket verden over som en sp\u00f8kelsesopplevelse (Mahr, Old Hag, Kanashibari) \u2013 nevrologisk forklarlig.\" style=\"color:inherit;text-decoration:none\">s\u00f8vnparalyse<\/a> eller <em>isolated sleep paralysis<\/em>. Den oppst\u00e5r n\u00e5r bevisstheten vekkes under REM-s\u00f8vnen, mens kroppen fortsatt er lammet av dr\u00f8mmens naturlige muskeltonus-vern. Pasienter rapporterer om hallusinasjoner, \u00e5nden\u00f8d og f\u00f8lelsen av en trykkende tyngde p\u00e5 brystet.<\/p><p>Den kulturelle tolkningen svingte mellom det overnaturlige og det medisinske, avhengig av epoke og region. I det tyskspr\u00e5klige omr\u00e5det var Alpen lenge den gjeldende forklaringen p\u00e5 disse fenomenene. David Hufford dokumenterte i <em>The Terror that Comes in the Night<\/em> (1982) den fenomenologiske konstansen i disse opplevelsene tvers over kulturer.<\/p><p>Alp-tradisjonslinjene forsvant ikke med sekulariseringen, men ble reinterpretert. Psykologisk og terapeutisk litteratur fra det 20. \u00e5rhundret viste delvis til <span class=\"iwg-fachbegriff\" data-tooltip=\"Vitenskap som utforsker hverdagskultur, skikker og overleverte forestillinger.\" tabindex=\"0\">folkeminnevitenskap<\/span>ens samlinger for \u00e5 sette s\u00f8vnforstyrrelser i en historisk sammenheng. Alpen ble st\u00e5ende som et kulturelt arkiv for det ukjente, som i utgangspunktet unnslapp den rasjonelle forklaringen.<\/p><\/div>\t\t\t\t\t\t\t\t<\/div>\n\t\t\t\t<\/div>\n\t\t\t\t\t<\/div>\n\t\t\t\t<\/div>\n\t\t<div class=\"elementor-element elementor-element-44e71476 e-flex e-con-boxed e-con e-parent\" data-id=\"44e71476\" data-element_type=\"container\" data-e-type=\"container\">\n\t\t\t\t\t<div class=\"e-con-inner\">\n\t\t\t\t<div class=\"elementor-element elementor-element-3c1fc3f0 elementor-widget elementor-widget-heading\" data-id=\"3c1fc3f0\" data-element_type=\"widget\" data-e-type=\"widget\" data-widget_type=\"heading.default\">\n\t\t\t\t\t<h2 class=\"elementor-heading-title elementor-size-default\">Vesenskort: Alp<\/h2>\t\t\t\t<\/div>\n\t\t<div class=\"elementor-element elementor-element-84f33b8e e-con-full e-flex e-con e-child\" data-id=\"84f33b8e\" data-element_type=\"container\" data-e-type=\"container\">\n\t\t\t\t<div class=\"elementor-element elementor-element-hqkdc67p elementor-widget elementor-widget-text-editor\" data-id=\"hqkdc67p\" data-element_type=\"widget\" data-e-type=\"widget\" data-widget_type=\"text-editor.default\">\n\t\t\t\t\t\t\t\t\t<p>De viktigste sidene ved Alpen p\u00e5 et blikk.<\/p>\t\t\t\t\t\t\t\t<\/div>\n\t\t\t\t<\/div>\n\t\t<div class=\"elementor-element elementor-element-pemmx7c5 e-con-full e-flex e-con e-child\" data-id=\"pemmx7c5\" data-element_type=\"container\" data-e-type=\"container\">\n\t\t<div class=\"elementor-element elementor-element-pemmx7c1 e-con-full e-flex e-con e-child\" data-id=\"pemmx7c1\" data-element_type=\"container\" data-e-type=\"container\">\n\t\t<div class=\"elementor-element elementor-element-qh9oavvu iwg-steckbrief-card e-flex e-con-boxed e-con e-child\" data-id=\"qh9oavvu\" data-element_type=\"container\" data-e-type=\"container\">\n\t\t\t\t\t<div class=\"e-con-inner\">\n\t\t\t\t<div class=\"elementor-element elementor-element-awzx8k2k elementor-widget elementor-widget-heading\" data-id=\"awzx8k2k\" data-element_type=\"widget\" data-e-type=\"widget\" data-widget_type=\"heading.default\">\n\t\t\t\t\t<div class=\"elementor-heading-title elementor-size-default\">Tradisjon<\/div>\t\t\t\t<\/div>\n\t\t\t\t<div class=\"elementor-element elementor-element-x6rowhv0 elementor-widget elementor-widget-text-editor\" data-id=\"x6rowhv0\" data-element_type=\"widget\" data-e-type=\"widget\" data-widget_type=\"text-editor.default\">\n\t\t\t\t\t\t\t\t\t<p>Fra germansk alveforestilling, i folketroen ble den til en truende trykkgeist. I kristen omtolkning delvis forst\u00e5tt som <span class=\"iwg-fachbegriff\" data-tooltip=\"\u00c5ndelig vesen som tilskrives skadelig eller motstridende virkning.\" tabindex=\"0\">demon<\/span>, delvis som en heks sin sjel.<\/p>\t\t\t\t\t\t\t\t<\/div>\n\t\t\t\t\t<\/div>\n\t\t\t\t<\/div>\n\t\t<div class=\"elementor-element elementor-element-8e3o4kxs iwg-steckbrief-card e-flex e-con-boxed e-con e-child\" data-id=\"8e3o4kxs\" data-element_type=\"container\" data-e-type=\"container\">\n\t\t\t\t\t<div class=\"e-con-inner\">\n\t\t\t\t<div class=\"elementor-element elementor-element-08rkdgov elementor-widget elementor-widget-heading\" data-id=\"08rkdgov\" data-element_type=\"widget\" data-e-type=\"widget\" data-widget_type=\"heading.default\">\n\t\t\t\t\t<div class=\"elementor-heading-title elementor-size-default\">Alpens m\u00e5lgruppe<\/div>\t\t\t\t<\/div>\n\t\t\t\t<div class=\"elementor-element elementor-element-uwjelx8s elementor-widget elementor-widget-text-editor\" data-id=\"uwjelx8s\" data-element_type=\"widget\" data-e-type=\"widget\" data-widget_type=\"text-editor.default\">\n\t\t\t\t\t\t\t\t\t<p>Sovende mennesker, s\u00e6rlig i ryggliggende stilling. I landlig tradisjon ogs\u00e5 hester i stallen.<\/p>\t\t\t\t\t\t\t\t<\/div>\n\t\t\t\t\t<\/div>\n\t\t\t\t<\/div>\n\t\t<div class=\"elementor-element elementor-element-jm2n74ec iwg-steckbrief-card e-flex e-con-boxed e-con e-child\" data-id=\"jm2n74ec\" data-element_type=\"container\" data-e-type=\"container\">\n\t\t\t\t\t<div class=\"e-con-inner\">\n\t\t\t\t<div class=\"elementor-element elementor-element-8vufse4c elementor-widget elementor-widget-heading\" data-id=\"8vufse4c\" data-element_type=\"widget\" data-e-type=\"widget\" data-widget_type=\"heading.default\">\n\t\t\t\t\t<div class=\"elementor-heading-title elementor-size-default\">Form<\/div>\t\t\t\t<\/div>\n\t\t\t\t<div class=\"elementor-element elementor-element-mwb9u015 elementor-widget elementor-widget-text-editor\" data-id=\"mwb9u015\" data-element_type=\"widget\" data-e-type=\"widget\" data-widget_type=\"text-editor.default\">\n\t\t\t\t\t\t\t\t\t<p>Liten, tung, uformelig. Kan ta dyreskikkelse (katt, spinner, sn\u00f8mus). Ofte oppfattet som trykk snarere enn sett.<\/p>\t\t\t\t\t\t\t\t<\/div>\n\t\t\t\t\t<\/div>\n\t\t\t\t<\/div>\n\t\t\t\t<\/div>\n\t\t<div class=\"elementor-element elementor-element-pemmx7c2 e-con-full e-flex e-con e-child\" data-id=\"pemmx7c2\" data-element_type=\"container\" data-e-type=\"container\">\n\t\t<div class=\"elementor-element elementor-element-37ss2yr6 iwg-steckbrief-card e-flex e-con-boxed e-con e-child\" data-id=\"37ss2yr6\" data-element_type=\"container\" data-e-type=\"container\">\n\t\t\t\t\t<div class=\"e-con-inner\">\n\t\t\t\t<div class=\"elementor-element elementor-element-3v0wp3wx elementor-widget elementor-widget-heading\" data-id=\"3v0wp3wx\" data-element_type=\"widget\" data-e-type=\"widget\" data-widget_type=\"heading.default\">\n\t\t\t\t\t<div class=\"elementor-heading-title elementor-size-default\">Virksomhet<\/div>\t\t\t\t<\/div>\n\t\t\t\t<div class=\"elementor-element elementor-element-w3247g2m elementor-widget elementor-widget-text-editor\" data-id=\"w3247g2m\" data-element_type=\"widget\" data-e-type=\"widget\" data-widget_type=\"text-editor.default\">\n\t\t\t\t\t\t\t\t\t<p>Trykk p\u00e5 brystet, bevegelsesudugelighet, \u00e5nden\u00f8d, intense mareritt. Moderne tolkning: <a class=\"iwg-fachbegriff\" href=\"https:\/\/iwell-guard.com\/no\/?page_id=141102\" tabindex=\"0\" data-tooltip=\"V\u00e5ken tilstand med muskul\u00e6r REM-atoni; tolket verden over som en sp\u00f8kelsesopplevelse (Mahr, Old Hag, Kanashibari) \u2013 nevrologisk forklarlig.\" style=\"color:inherit;text-decoration:none\">s\u00f8vnparalyse<\/a>.<\/p>\t\t\t\t\t\t\t\t<\/div>\n\t\t\t\t\t<\/div>\n\t\t\t\t<\/div>\n\t\t<div class=\"elementor-element elementor-element-0qpjal9w iwg-steckbrief-card e-flex e-con-boxed e-con e-child\" data-id=\"0qpjal9w\" data-element_type=\"container\" data-e-type=\"container\">\n\t\t\t\t\t<div class=\"e-con-inner\">\n\t\t\t\t<div class=\"elementor-element elementor-element-6ndoih0o elementor-widget elementor-widget-heading\" data-id=\"6ndoih0o\" data-element_type=\"widget\" data-e-type=\"widget\" data-widget_type=\"heading.default\">\n\t\t\t\t\t<div class=\"elementor-heading-title elementor-size-default\">Avvergende midler<\/div>\t\t\t\t<\/div>\n\t\t\t\t<div class=\"elementor-element elementor-element-6684tyh9 elementor-widget elementor-widget-text-editor\" data-id=\"6684tyh9\" data-element_type=\"widget\" data-e-type=\"widget\" data-widget_type=\"text-editor.default\">\n\t\t\t\t\t\t\t\t\t<p>Drudefot (pentagram) p\u00e5 d\u00f8r og seng, skoene opp og ned foran sengen, kniv med eggen opp under hovedkuddet, johannesurt under sengen, b\u00f8nner.<\/p>\t\t\t\t\t\t\t\t<\/div>\n\t\t\t\t\t<\/div>\n\t\t\t\t<\/div>\n\t\t<div class=\"elementor-element elementor-element-3lfi7x32 iwg-steckbrief-card e-flex e-con-boxed e-con e-child\" data-id=\"3lfi7x32\" data-element_type=\"container\" data-e-type=\"container\">\n\t\t\t\t\t<div class=\"e-con-inner\">\n\t\t\t\t<div class=\"elementor-element elementor-element-0kg99ga1 elementor-widget elementor-widget-heading\" data-id=\"0kg99ga1\" data-element_type=\"widget\" data-e-type=\"widget\" data-widget_type=\"heading.default\">\n\t\t\t\t\t<div class=\"elementor-heading-title elementor-size-default\">Alpens paralleller<\/div>\t\t\t\t<\/div>\n\t\t\t\t<div class=\"elementor-element elementor-element-n0fum6kp elementor-widget elementor-widget-text-editor\" data-id=\"n0fum6kp\" data-element_type=\"widget\" data-e-type=\"widget\" data-widget_type=\"text-editor.default\">\n\t\t\t\t\t\t\t\t\t<p>Mahr, <a href=\"https:\/\/iwell-guard.com\/no\/?page_id=140799\">Lil\u016b og Lil\u012btu<\/a>, Empusa, Strix, den slaviske Kikimora, moderne <a class=\"iwg-fachbegriff\" href=\"https:\/\/iwell-guard.com\/no\/?page_id=141102\" tabindex=\"0\" data-tooltip=\"V\u00e5ken tilstand med muskul\u00e6r REM-atoni; tolket verden over som en sp\u00f8kelsesopplevelse (Mahr, Old Hag, Kanashibari) \u2013 nevrologisk forklarlig.\" style=\"color:inherit;text-decoration:none\">s\u00f8vnparalyse<\/a>-forskning.<\/p>\t\t\t\t\t\t\t\t<\/div>\n\t\t\t\t\t<\/div>\n\t\t\t\t<\/div>\n\t\t\t\t<\/div>\n\t\t\t\t<\/div>\n\t\t\t\t\t<\/div>\n\t\t\t\t<\/div>\n\t\t<div class=\"elementor-element elementor-element-7533bc7a e-flex e-con-boxed e-con e-parent\" data-id=\"7533bc7a\" data-element_type=\"container\" data-e-type=\"container\">\n\t\t\t\t\t<div class=\"e-con-inner\">\n\t\t\t\t<div class=\"elementor-element elementor-element-2447d18d elementor-widget elementor-widget-heading\" data-id=\"2447d18d\" data-element_type=\"widget\" data-e-type=\"widget\" data-widget_type=\"heading.default\">\n\t\t\t\t\t<h2 class=\"elementor-heading-title elementor-size-default\">Beskyttelsespraksis<\/h2>\t\t\t\t<\/div>\n\t\t<div class=\"elementor-element elementor-element-d5d0260c e-con-full e-flex e-con e-child\" data-id=\"d5d0260c\" data-element_type=\"container\" data-e-type=\"container\">\n\t\t\t\t<div class=\"elementor-element elementor-element-341be2ac elementor-widget elementor-widget-text-editor\" data-id=\"341be2ac\" data-element_type=\"widget\" data-e-type=\"widget\" data-widget_type=\"text-editor.default\">\n\t\t\t\t\t\t\t\t\t<p><strong>Terskel- og sengevern<\/strong><\/p><p>Drudefot (pentagram med \u00e9n spiss opp) p\u00e5 d\u00f8ren eller over sengen. Skoene opp og ned foran sengen forvirrer Alpen. Kniv med eggen opp under hovedkuddet, tradisjonelt bevitnet i hele Mellom-Europa.<\/p><p><strong>Talerformler<\/strong><\/p><p>Korte folkelige vers ved sengetid. Alpen skal kalles ved navn, da m\u00e5 den nevne sitt eget navn for den ropende og forsvinner. Folketroen kjenner \u00abalperoping\u00bb som en avvergingspraksis.<\/p><p><strong>Hestevern<\/strong><\/p><p>I stallen: hesteskoer, alpspegel (et reflekterende metallstykke), brennende lykter. I noen regioner f\u00e5r hesten et halsb\u00e5nd med bjeller p\u00e5, ettersom Alpen fryktar klangen.<\/p>\t\t\t\t\t\t\t\t<\/div>\n\t\t\t\t<\/div>\n\t\t\t\t\t<\/div>\n\t\t\t\t<\/div>\n\t\t<div class=\"elementor-element elementor-element-5a584676 e-flex e-con-boxed e-con e-parent\" data-id=\"5a584676\" data-element_type=\"container\" data-e-type=\"container\">\n\t\t\t\t\t<div class=\"e-con-inner\">\n\t\t\t\t<div class=\"elementor-element elementor-element-6d0757bf elementor-widget elementor-widget-heading\" data-id=\"6d0757bf\" data-element_type=\"widget\" data-e-type=\"widget\" data-widget_type=\"heading.default\">\n\t\t\t\t\t<h2 class=\"elementor-heading-title elementor-size-default\">Paralleller og moderne tolkning<\/h2>\t\t\t\t<\/div>\n\t\t<div class=\"elementor-element elementor-element-60563f68 e-con-full e-flex e-con e-child\" data-id=\"60563f68\" data-element_type=\"container\" data-e-type=\"container\">\n\t\t\t\t<div class=\"elementor-element elementor-element-5a93fdd6 elementor-widget elementor-widget-text-editor\" data-id=\"5a93fdd6\" data-element_type=\"widget\" data-e-type=\"widget\" data-widget_type=\"text-editor.default\">\n\t\t\t\t\t\t\t\t\t<p><strong>Verdensomspennende paralleller:<\/strong> Lil\u016b\/Lil\u012btu i Mesopotamia, Empusa i Grekenland, Strix i Roma, Kikimora i det slaviske omr\u00e5det, Baba Jaga i noen nattlige former. Overalt samme struktur: en kvinnelig eller liten natt\u00e5nd som plager sovende mennesker.<\/p><p><strong>S\u00f8vnforskning:<\/strong> Moderne s\u00f8vnlaboratorieforskning identifiserer symptombildet som <a class=\"iwg-fachbegriff\" href=\"https:\/\/iwell-guard.com\/no\/?page_id=141102\" tabindex=\"0\" data-tooltip=\"Vaken tilstand med muskul\u00e6r REM-atoni; tolkes over hele verden som sp\u00f8kelsesopplevelse (mare, Old Hag, kanashibari) \u2013 nevrologisk forklarbar.\" style=\"color:inherit;text-decoration:none\">s\u00f8vnparalyse<\/a>, en overgang fra REM-s\u00f8vn der muskelatoni og bevissthet overlapper. Folkloristisk forskning viser samme opplevelsesbeskrivelser tvers over kulturer.<\/p><p><strong>Resepsjon:<\/strong> Alpen lever fortsatt videre i spr\u00e5ket i ordet \u00abmarerittdr\u00f8m\u00bb (albtraum). F\u00fcsslis ber\u00f8mte maleri \u00abNattmaren\u00bb (1781) er den mest kjente kunstneriske fremstillingen. Moderne skrekklitteratur og film benytter seg av <span class=\"iwg-fachbegriff\" data-tooltip=\"Et gjentakende innholdselement i kunst eller fortelling.\" tabindex=\"0\">motivet<\/span>.<\/p><div><p><strong>Slektskap med Mahr og andre natt\u00e5nder<\/strong><\/p><p>Alpen er n\u00e6rt beslektet med <em>Mahr<\/em>; begge er natt\u00e5nder som setter seg p\u00e5 sovende mennesker og for\u00e5rsaker en f\u00f8lelse av \u00e5 bli klemt. Forskjellen ligger ofte bare i kj\u00f8nn og regional variasjon: Der Alpen (hankj\u00f8nn eller intetkj\u00f8nn) forekommer, kan Mahr (hunkj\u00f8nn) i nabodistrikter forklare samme fenomen.<\/p><p>Skandinaviske motstykker som det norske <em>mareritt<\/em> og det islandske <em>mara<\/em> tyder p\u00e5 en germansk rot som har spredt seg over Nord- og Mellom-Europa.<\/p><p>I den komparative <span class=\"iwg-fachbegriff\" data-tooltip=\"Vitenskapen som forsker p\u00e5 religioner sammenlignende og uten trosbinding.\" tabindex=\"0\">religionsvitenskapen<\/span> klassifiseres Alpen noen ganger som en underart av demonene, men ofte behandles den ogs\u00e5 som en egen vesensklasse, fordi lokaliteten og gjentakelsen i opplevelsene virker mer karakteristisk enn den abstrakte ondskapen til en klassisk demon. Denne avgrensningen er fortsatt debattert i faglitteraturen.<\/p><\/div>\t\t\t\t\t\t\t\t<\/div>\n\t\t\t\t<\/div>\n\t\t\t\t\t<\/div>\n\t\t\t\t<\/div>\n\t\t<div class=\"elementor-element elementor-element-cp9cdd254 e-flex e-con-boxed e-con e-parent\" data-id=\"cp9cdd254\" data-element_type=\"container\" data-e-type=\"container\">\n\t\t\t\t\t<div class=\"e-con-inner\">\n\t\t\t\t<div class=\"elementor-element elementor-element-cpebbec9d elementor-widget elementor-widget-heading\" data-id=\"cpebbec9d\" data-element_type=\"widget\" data-e-type=\"widget\" data-widget_type=\"heading.default\">\n\t\t\t\t\t<h2 class=\"elementor-heading-title elementor-size-default\">Alpen og ordet mareritt<\/h2>\t\t\t\t<\/div>\n\t\t<div class=\"elementor-element elementor-element-cpfab36f7 e-con-full e-flex e-con e-child\" data-id=\"cpfab36f7\" data-element_type=\"container\" data-e-type=\"container\">\n\t\t\t\t<div class=\"elementor-element elementor-element-cpac5f837 elementor-widget elementor-widget-text-editor\" data-id=\"cpac5f837\" data-element_type=\"widget\" data-e-type=\"widget\" data-widget_type=\"text-editor.default\">\n\t\t\t\t\t\t\t\t\t<p>Det tydeligste sporet <em>Alpen<\/em> har satt i dagens spr\u00e5k, er ordet <em>Albtraum<\/em> (mareritt), ved siden av den eldre skrivem\u00e5ten <em>Alptraum<\/em>. Det betegner ordrett dr\u00f8mmen som Alpen for\u00e5rsaker.<\/p><p>Dette spr\u00e5klige funnet f\u00f8rer rett til kjernen av Alp-forestillingen: Alpen er f\u00f8rst og fremst en trykk\u00e5nd, et vesen som setter seg p\u00e5 den sovende om natten, tynger brystet hans og p\u00e5 den m\u00e5ten fremkaller tunge, skremmende dr\u00f8mmer samt en f\u00f8lelse av kvelning og lammelse.<\/p><p>Ordfamilien g\u00e5r langt tilbake. Den er beslektet med det norr\u00f8ne <em>alfr<\/em>, som betegner alvene, og med det engelske <em>elf<\/em>.<\/p><p>P\u00e5 engelsk lever den gamle forestillingen videre i ordet <em>nightmare<\/em>, der andre delen <em>mare<\/em> h\u00f8rer til samme rotomr\u00e5de som den tyske <a href=\"https:\/\/iwell-guard.com\/no\/?page_id=140845\">Mahr<\/a>. Disse spr\u00e5kovergripende forbindelsene viser at forestillingen om et nattlig trykkvesen var sv\u00e6rt gammel og utbredt i det germanske spr\u00e5komr\u00e5det.<\/p><p>Spr\u00e5khistorisk interessant er det at Alpen opprinnelig tilh\u00f8rte alvene, alts\u00e5 en hel klasse naturvesener, og f\u00f8rst senere ble avgrenset til den spesielle funksjonen som nattlig plage\u00e5nd.<\/p><p>Forskningen p\u00e5 germansk <span class=\"iwg-fachbegriff\" data-tooltip=\"Helheten av overleverte gudefortellinger i en kultur.\" tabindex=\"0\">mytologi<\/span> og historisk <span class=\"iwg-fachbegriff\" data-tooltip=\"Vitenskapen som forsker p\u00e5 dagliglivets kultur, skikker og overleverte forestillinger.\" tabindex=\"0\">folkeminnevitenskap<\/span> har vist at betydningen av ordet skiftet flere ganger, fra et allment \u00e5ndevesen via trykk\u00e5nden til den nesten bare overf\u00f8rte betydningen som ordet <em>Albtraum<\/em> har i dag.<\/p><p>Alpen er dermed et eksempel p\u00e5 hvordan en mytologisk forestilling overlever i spr\u00e5ket, lenge etter at troen p\u00e5 vesenet selv har visnet bort.<\/p>\t\t\t\t\t\t\t\t<\/div>\n\t\t\t\t<\/div>\n\t\t\t\t\t<\/div>\n\t\t\t\t<\/div>\n\t\t<div class=\"elementor-element elementor-element-cp383e27c e-flex e-con-boxed e-con e-parent\" data-id=\"cp383e27c\" data-element_type=\"container\" data-e-type=\"container\">\n\t\t\t\t\t<div class=\"e-con-inner\">\n\t\t\t\t<div class=\"elementor-element elementor-element-cpd33fc94 elementor-widget elementor-widget-heading\" data-id=\"cpd33fc94\" data-element_type=\"widget\" data-e-type=\"widget\" data-widget_type=\"heading.default\">\n\t\t\t\t\t<h2 class=\"elementor-heading-title elementor-size-default\">S\u00f8vnparalyse: den medisinske kjernen i en gammel forestilling<\/h2>\t\t\t\t<\/div>\n\t\t<div class=\"elementor-element elementor-element-cp488d917 e-con-full e-flex e-con e-child\" data-id=\"cp488d917\" data-element_type=\"container\" data-e-type=\"container\">\n\t\t\t\t<div class=\"elementor-element elementor-element-cp1274817 elementor-widget elementor-widget-text-editor\" data-id=\"cp1274817\" data-element_type=\"widget\" data-e-type=\"widget\" data-widget_type=\"text-editor.default\">\n\t\t\t\t\t\t\t\t\t<p>Alp-forestillingen er et mye unders\u00f8kt eksempel p\u00e5 hvordan en reell kroppslig erfaring blir kulturelt tolket. Opplevelsen som ligger til grunn for Alp-fortellingen, svarer i mange trekk til det dagens s\u00f8vnmedisin beskriver som s\u00f8vnparalyse.<\/p><p>Da vekkes bevisstheten mens muskelslappheten fra dr\u00f8mmes\u00f8vnen fortsatt varer. Den ber\u00f8rte er v\u00e5ken, men kan ikke bevege seg, opplever ofte et press p\u00e5 brystet, \u00e5nden\u00f8d og angst, og ikke sjelden kommer opplevelsen av en truende tilstedev\u00e6relse i rommet i tillegg.<\/p><p>Denne erfaringen er dokumentert i alle kulturer og epoker, og nesten overalt ble den forklart med et angripende vesen. Den tyske folketradisjonen tolket den som Alpens verk, andre kulturer har lignende trykk\u00e5nder.<\/p><p>Den kulturelt sammenlignende forskningen p\u00e5 s\u00f8vnparalyse har vist at de kroppslige grunnsymptomene er p\u00e5fallende stabile, mens tolkningen varierer fra kultur til kultur. Vesenet man tror man opplever, b\u00e6rer alltid de trekkene som den lokale <span class=\"iwg-fachbegriff\" data-tooltip=\"Overf\u00f8ringen av kunnskap og fortellinger gjennom generasjoner.\" tabindex=\"0\">tradisjonen<\/span> gir det.<\/p><p>Denne innsikten devaluerer ikke Alp-forestillingen, men gj\u00f8r den nettopp forst\u00e5elig. Den forklarer hvorfor troen p\u00e5 Alpen var s\u00e5 utbredt og s\u00e5 bestandig: Den bygde p\u00e5 en gjentakende, sterk erfaring som det f\u00f8r moderne s\u00f8vnforskning ikke fantes noen annen forklaring p\u00e5.<\/p><p>Den folkloristiske og religionsvitenskapelige betraktningen ser derfor i Alpen et m\u00f8nstereksempel p\u00e5 sammenvevingen av kroppslig erfaring og kulturell tolkning. Erfaringen var reell, det forklarende vesenet var en kulturell konstruksjon, og sammen utgjorde de et trosfellesskap som var stabilt gjennom \u00e5rhundrer.<\/p>\t\t\t\t\t\t\t\t<\/div>\n\t\t\t\t<\/div>\n\t\t\t\t\t<\/div>\n\t\t\t\t<\/div>\n\t\t<div class=\"elementor-element elementor-element-cp58c2f6a e-flex e-con-boxed e-con e-parent\" data-id=\"cp58c2f6a\" data-element_type=\"container\" data-e-type=\"container\">\n\t\t\t\t\t<div class=\"e-con-inner\">\n\t\t\t\t<div class=\"elementor-element elementor-element-cpf7a02cc elementor-widget elementor-widget-heading\" data-id=\"cpf7a02cc\" data-element_type=\"widget\" data-e-type=\"widget\" data-widget_type=\"heading.default\">\n\t\t\t\t\t<h2 class=\"elementor-heading-title elementor-size-default\">Beslektede forestillinger og Mahr<\/h2>\t\t\t\t<\/div>\n\t\t<div class=\"elementor-element elementor-element-cp5e6a3ee e-con-full e-flex e-con e-child\" data-id=\"cp5e6a3ee\" data-element_type=\"container\" data-e-type=\"container\">\n\t\t\t\t<div class=\"elementor-element elementor-element-cpdb6f9e5 elementor-widget elementor-widget-text-editor\" data-id=\"cpdb6f9e5\" data-element_type=\"widget\" data-e-type=\"widget\" data-widget_type=\"text-editor.default\">\n\t\t\t\t\t\t\t\t\t<p>Alpen st\u00e5r ikke alene, men h\u00f8rer til en gruppe n\u00e6rt beslektede forestillinger om den nattlige trykke\u00e5ndens vesen. Den viktigste slektningen er <a href=\"https:\/\/iwell-guard.com\/no\/?page_id=140845\">Mahren<\/a>, som i store deler av det tyske spr\u00e5komr\u00e5det har samme funksjon: Hun trykker den sovende, rir vedkommende og legger seg tungt over brystet.<\/p><p>I noen regioner ble begrepene brukt side om side, i andre var det ene eller det andre dominerende. Denne regionale fordelingen er et godt dokumentert felt innen historisk <span class=\"iwg-fachbegriff\" data-tooltip=\"Vitenskap som utforsker folkekultur, skikker og overleverte forestillinger.\" tabindex=\"0\">folkeminnevitenskap<\/span>.<\/p><p>Karakteristisk for hele denne forestillingskretsen er sammenblandingen av flere bilder. Trykke\u00e5nden ble tidvis tenkt p\u00e5 som et eget \u00e5ndevesen, tidvis som den utsendte sjelen til et levende menneske som bevisst eller ubevisst plaget andre.<\/p><p>I denne andre tolkningen forbinder alp-forestillingen seg med heksetroen: En bestemt person i landsbyen kunne bli mistenkt for \u00e5 komme som en alp til andre. Dermed ble en nattlig opplevelse til et sosialt problem som kunne utl\u00f8se mistanke og skyldtillegging i lokalsamfunnet.<\/p><p>Fra denne forestillingsverdenen kan man ogs\u00e5 forklare de overleverte beskyttelsesmidlene og deres logikk. Siden alpen trengte inn gjennom en \u00e5pning, et kvisthull eller en sprekk, skulle man tette igjen slike \u00e5pninger.<\/p><p>Siden den kunne telles, hjalp det \u00e5 gi den en tellbar oppgave. Siden den m\u00e5tte forlate rommet samme vei den kom, kunne man fange den ved \u00e5 tette igjen inngangen.<\/p><p>Disse midlene gir bare mening i lys av en bestemt forestilling om hvordan alpen virker. Religionsvitenskapelig forskning leser derfor slike beskyttelsespraksiser som en n\u00f8kkel til den underliggende forestillingen: Av det man gjorde mot alpen, kan man rekonstruere hva man trodde om den.<\/p>\t\t\t\t\t\t\t\t<\/div>\n\t\t\t\t<\/div>\n\t\t\t\t\t<\/div>\n\t\t\t\t<\/div>\n\t\t<div class=\"elementor-element elementor-element-36dd7469 e-flex e-con-boxed e-con e-parent\" data-id=\"36dd7469\" data-element_type=\"container\" data-e-type=\"container\">\n\t\t\t\t\t<div class=\"e-con-inner\">\n\t\t\t\t<div class=\"elementor-element elementor-element-13760ab4 elementor-widget elementor-widget-heading\" data-id=\"13760ab4\" data-element_type=\"widget\" data-e-type=\"widget\" data-widget_type=\"heading.default\">\n\t\t\t\t\t<h2 class=\"elementor-heading-title elementor-size-default\">Videre lenker<\/h2>\t\t\t\t<\/div>\n\t\t<div class=\"elementor-element elementor-element-28c87796 e-con-full e-flex e-con e-child\" data-id=\"28c87796\" data-element_type=\"container\" data-e-type=\"container\">\n\t\t\t\t<div class=\"elementor-element elementor-element-5d6538df elementor-widget elementor-widget-text-editor\" data-id=\"5d6538df\" data-element_type=\"widget\" data-e-type=\"widget\" data-widget_type=\"text-editor.default\">\n\t\t\t\t\t\t\t\t\t<p>Anbefalte interne lenker:<\/p><ul><li><a href=\"https:\/\/iwell-guard.com\/no\/?page_id=140828\">Germansk<\/a><\/li><li><a href=\"https:\/\/iwell-guard.com\/no\/?page_id=140845\">Mahr<\/a> (n\u00e6rt beslektet), <a href=\"https:\/\/iwell-guard.com\/no\/?page_id=140843\">Draugr<\/a>, <a href=\"https:\/\/iwell-guard.com\/no\/?page_id=140842\">Nix<\/a>, <a href=\"https:\/\/iwell-guard.com\/no\/?page_id=140844\">Troll<\/a><\/li><li><a href=\"https:\/\/iwell-guard.com\/no\/?page_id=140799\">Lilu og Lilitu<\/a>, <a href=\"https:\/\/iwell-guard.com\/no\/?page_id=140812\">Empusa<\/a><\/li><li><a class=\"iwg-fachbegriff\" href=\"https:\/\/iwell-guard.com\/no\/?page_id=141102\" tabindex=\"0\" data-tooltip=\"V\u00e5ken tilstand med muskul\u00e6r REM-atoni; over hele verden tolket som en m\u00f8te med \u00e5nder (Mahr, Old Hag, Kanashibari) \u2013 nevrologisk forklarbar.\" style=\"color:inherit;text-decoration:none\">S\u00f8vnparalyse<\/a>-forskning<\/li><li>F\u00fcssli, \u00abNattmareritet\u00bb<\/li><\/ul>\t\t\t\t\t\t\t\t<\/div>\n\t\t\t\t<\/div>\n\t\t\t\t\t<\/div>\n\t\t\t\t<\/div>\n\t\t<div class=\"elementor-element elementor-element-grl4kl40 e-flex e-con-boxed e-con e-parent\" data-id=\"grl4kl40\" data-element_type=\"container\" data-e-type=\"container\">\n\t\t\t\t\t<div class=\"e-con-inner\">\n\t\t\t\t<div class=\"elementor-element elementor-element-bzsbfrmh elementor-widget elementor-widget-heading\" data-id=\"bzsbfrmh\" data-element_type=\"widget\" data-e-type=\"widget\" data-widget_type=\"heading.default\">\n\t\t\t\t\t<h2 class=\"elementor-heading-title elementor-size-default\">Forskningslitteratur<\/h2>\t\t\t\t<\/div>\n\t\t<div class=\"elementor-element elementor-element-2c13224a e-con-full e-flex e-con e-child\" data-id=\"2c13224a\" data-element_type=\"container\" data-e-type=\"container\">\n\t\t\t\t<div class=\"elementor-element elementor-element-0eymh9ub elementor-widget elementor-widget-text-editor\" data-id=\"0eymh9ub\" data-element_type=\"widget\" data-e-type=\"widget\" data-widget_type=\"text-editor.default\">\n\t\t\t\t\t\t\t\t\t<footer class=\"iwg-literatur\"><p>Et utvalg sentrale arbeider om Alp\/Mahr:<\/p><ul><li><span data-nosnippet>Grimm, Jacob: <em>Deutsche Mythologie<\/em>. 4. Aufl. Berlin 1875, 1878.<\/span><\/li><li><span data-nosnippet>Hufford, David J.: <em>The Terror That Comes in the Night: An Experience-Centered Study of Supernatural Assault Traditions<\/em>. Philadelphia 1982 (<a class=\"iwg-fachbegriff\" href=\"https:\/\/iwell-guard.com\/no\/?page_id=141102\" tabindex=\"0\" data-tooltip=\"V\u00e5ken tilstand med muskul\u00e6r REM-atoni; over hele verden tolket som en m\u00f8te med \u00e5nder (Mahr, Old Hag, Kanashibari) \u2013 nevrologisk forklarbar.\" style=\"color:inherit;text-decoration:none\">S\u00f8vnparalyse<\/a> og <span class=\"iwg-fachbegriff\" data-tooltip=\"Den overleverte folkekulturen med skikker, fortellinger og sanger.\" tabindex=\"0\">folklore<\/span>).<\/span><\/li><li><span data-nosnippet>Roscher, Wilhelm Heinrich: <em>Ephialtes. Eine pathologisch-mythologische Abhandlung<\/em>. Leipzig 1900.<\/span><\/li><li><span data-nosnippet>Ranft, Michael: <em>Tractat von dem Kauen und Schmatzen der Todten<\/em>. Leipzig 1734 (historisk).<\/span><\/li><\/ul><div data-nosnippet=\"true\" class=\"iwg-litliste\"><\/div><\/footer>\n<p class=\"iwg-bib-more\"><span data-nosnippet>Flere standardverk i <a href=\"https:\/\/iwell-guard.com\/no\/?page_id=140944\">litteraturlisten<\/a>.<\/span><\/p>\t\t\t\t\t\t\t\t<\/div>\n\t\t\t\t<\/div>\n\t\t\t\t\t<\/div>\n\t\t\t\t<\/div>\n\t\t<div class=\"elementor-element elementor-element-iwgca-alp-sec e-flex e-con-boxed e-con e-parent\" data-id=\"iwgca-alp-sec\" data-element_type=\"container\" data-e-type=\"container\" id=\"iwg-ca-alp\">\n\t\t\t\t\t<div class=\"e-con-inner\">\n\t\t\t\t<div class=\"elementor-element elementor-element-iwgca-alp-te iwg-ca-textwrap elementor-widget elementor-widget-text-editor\" data-id=\"iwgca-alp-te\" data-element_type=\"widget\" data-e-type=\"widget\" data-widget_type=\"text-editor.default\">\n\t\t\t\t\t\t\t\t\t<div data-nosnippet=\"true\"><p class=\"iwg-ca-bridge\">Skadevernpraksisen som beskrives her, er en vitenskapelig innordning av historiske tradisjoner. iWell Guard knytter seg til denne kulturhistoriske linjen av b\u00e6rbare skadevernobjekter og representerer en samtidig form av dette. <a href=\"\/ueber-iwell-guard\/?utm_source=iwell-guard.com&#038;utm_medium=text-link&#038;utm_campaign=schadwesen-tradition\">Mer om iWell Guard \u2192<\/a><\/p><\/div>\t\t\t\t\t\t\t\t<\/div>\n\t\t\t\t\t<\/div>\n\t\t\t\t<\/div>\n\t\t<div class=\"elementor-element elementor-element-a453185 e-con-boxed e-flex e-con e-parent\" data-id=\"a453185\" data-element_type=\"container\" data-e-type=\"container\">\n\t\t\t\t\t<div class=\"e-con-inner\">\n\t\t\t\t<div class=\"elementor-element elementor-element-5511186 elementor-widget elementor-widget-text-editor\" data-id=\"5511186\" data-element_type=\"widget\" data-e-type=\"widget\" data-widget_type=\"text-editor.default\">\n\t\t\t\t\t\t\t\t\t\n<h2>Ofte stilte sp\u00f8rsm\u00e5l om Alp<\/h2>\n<div class=\"iwg-faq-q\"><h3>Hva er en alp i den germanske <span class=\"iwg-fachbegriff\" data-tooltip=\"Helheten av overleverte gudefortellinger i en kultur.\" tabindex=\"0\">mytologien<\/span>?<\/h3><p>Alpen er en nattlig skade\u00e5nd fra den germansk-tyske tradisjonen som legger seg p\u00e5 brystet til sovende mennesker og for\u00e5rsaker mareritt.<\/p><p>Fra alpen stammer ogs\u00e5 ordet &#8216;mareritt&#8217; (eldre belegg: &#8216;alpetrykk&#8217;). I moderne s\u00f8vnforskning kalles fenomenet s\u00f8vnparalyse, den midlertidige bevegelsesstansen ved overgangen til REM-s\u00f8vn, ofte ledsaget av trykkf\u00f8lelse, \u00e5nden\u00f8d og sv\u00e6rt levende hallusinasjoner.<\/p><\/div>\n<div class=\"iwg-faq-q\"><h3>Hvordan beskyttet man seg mot alpen i folketroen?<\/h3><p>Den klassiske folkemedisinen kjente til mange beskyttelsespraksiser: sette skoene omvendt foran sengen, legge en \u00e5pen kniv under kudden, stikke en jernn\u00e5l i sengen, be Faderv\u00e5r f\u00f8r man sovnet, tegne et pentagram p\u00e5 d\u00f8ren.<\/p><p>I Nord-Tyskland ble alpen ogs\u00e5 drevet ut med en formel (&#8216;Alb, Alb, g\u00e5 bort, du h\u00f8rer ikke hjemme her&#8217;). Svartskog-tradisjonen (Schwarzwald) kjente til alp-stein-<span class=\"iwg-fachbegriff\" data-tooltip=\"En fast rekke symbolske handlinger med religi\u00f8s eller kulturell betydning.\" tabindex=\"0\">ritualet<\/span>: en steinboret hyllepinne ved sengestolpen.<\/p><\/div>\n<script type=\"application\/ld+json\">{\"@context\":\"https:\/\/schema.org\",\"@type\":\"FAQPage\",\"mainEntity\":[{\"@type\":\"Question\",\"name\":\"Hva er en alp i den germanske mytologien?\",\"acceptedAnswer\":{\"@type\":\"Answer\",\"text\":\"Alpen er en nattlig skade\u00e5nd fra den germansk-tyske tradisjonen som legger seg p\u00e5 brystet til sovende mennesker og for\u00e5rsaker mareritt.Fra alpen stammer ogs\u00e5 ordet 'mareritt' (eldre belegg: 'alpetrykk'). I moderne s\u00f8vnforskning kalles fenomenet s\u00f8vnparalyse, den midlertidige bevegelsesstansen ved overgangen til REM-s\u00f8vn, ofte ledsaget av trykkf\u00f8lelse, \u00e5nden\u00f8d og sv\u00e6rt levende hallusinasjoner.\"}},{\"@type\":\"Question\",\"name\":\"Hvordan beskyttet man seg mot alpen i folketroen?\",\"acceptedAnswer\":{\"@type\":\"Answer\",\"text\":\"Den klassiske folkemedisinen kjente til mange beskyttelsespraksiser: sette skoene omvendt foran sengen, legge en \u00e5pen kniv under kudden, stikke en jernn\u00e5l i sengen, be Faderv\u00e5r f\u00f8r man sovnet, tegne et pentagram p\u00e5 d\u00f8ren.I Nord-Tyskland ble alpen ogs\u00e5 drevet ut med en formel ('Alb, Alb, g\u00e5 bort, du h\u00f8rer ikke hjemme her'). Svartskog-tradisjonen kjente til alp-stein-ritualet: en steinboret hyllepinne ved sengestolpen.\"}}]}<\/script>\t\t\t\t\t\t\t\t<\/div>\n\t\t\t\t\t<\/div>\n\t\t\t\t<\/div>\n\t\t\t\t<\/div>\n\t\t","protected":false},"excerpt":{"rendered":"","protected":false},"author":3,"featured_media":1660,"parent":0,"menu_order":0,"comment_status":"closed","ping_status":"closed","template":"elementor_header_footer","meta":{"_yoast_wpseo_focuskw":"Alp","_yoast_wpseo_title":"Alp - Den nattlige mareridtsgeisten fra tysk folketro","_yoast_wpseo_metadesc":"Alp er den klassiske skikkelsen for s\u00f8vnparalyse i mellomeuropeisk folketro: en liten, tung geist som setter seg p\u00e5 brystet om natten.","_yoast_wpseo_meta-robots-noindex":"","_yoast_wpseo_canonical":"","_angie_page":false,"gefaehrdungsstufe":"3","wesen_kultur":"germanisch","wesen_klasse":"geister","footnotes":""},"categories":[],"class_list":["post-140841","page","type-page","status-publish","has-post-thumbnail","hentry"],"yoast_head":"<!-- This site is optimized with the Yoast SEO Premium plugin v27.7 (Yoast SEO v28.3) - https:\/\/yoast.com\/product\/yoast-seo-premium-wordpress\/ -->\n<title>Alp - Den nattlige mareridtsgeisten fra tysk folketro<\/title>\n<meta name=\"description\" content=\"Alp er den klassiske skikkelsen for s\u00f8vnparalyse i mellomeuropeisk folketro: en liten, tung geist som setter seg p\u00e5 brystet om natten.\" \/>\n<meta name=\"robots\" content=\"index, follow, max-snippet:-1, max-image-preview:large, max-video-preview:-1\" \/>\n<link rel=\"canonical\" href=\"https:\/\/iwell-guard.com\/no\/alp\/\" \/>\n<meta property=\"og:locale\" content=\"nb_NO\" \/>\n<meta property=\"og:type\" content=\"article\" \/>\n<meta property=\"og:title\" content=\"Alp\" \/>\n<meta property=\"og:description\" content=\"Alp er den klassiske skikkelsen for s\u00f8vnparalyse i mellomeuropeisk folketro: en liten, tung geist som setter seg p\u00e5 brystet om natten.\" \/>\n<meta property=\"og:url\" content=\"https:\/\/iwell-guard.com\/no\/alp\/\" \/>\n<meta property=\"og:site_name\" content=\"iWell Guard\" \/>\n<meta property=\"article:modified_time\" content=\"2026-09-03T09:32:49+00:00\" \/>\n<meta property=\"og:image\" content=\"https:\/\/iwell-guard.com\/wp-content\/uploads\/2026\/04\/geister_germanisch_alp.webp\" \/>\n\t<meta property=\"og:image:width\" content=\"1024\" \/>\n\t<meta property=\"og:image:height\" content=\"1536\" \/>\n\t<meta property=\"og:image:type\" content=\"image\/webp\" \/>\n<meta name=\"twitter:card\" content=\"summary_large_image\" \/>\n<script type=\"application\/ld+json\" class=\"yoast-schema-graph\">{\"@context\":\"https:\\\/\\\/schema.org\",\"@graph\":[{\"@type\":\"WebPage\",\"@id\":\"https:\\\/\\\/iwell-guard.com\\\/no\\\/alp\\\/\",\"url\":\"https:\\\/\\\/iwell-guard.com\\\/no\\\/alp\\\/\",\"name\":\"Alp - Den nattlige mareridtsgeisten fra tysk folketro\",\"isPartOf\":{\"@id\":\"https:\\\/\\\/iwell-guard.com\\\/no\\\/#website\"},\"primaryImageOfPage\":{\"@id\":\"https:\\\/\\\/iwell-guard.com\\\/no\\\/alp\\\/#primaryimage\"},\"image\":{\"@id\":\"https:\\\/\\\/iwell-guard.com\\\/no\\\/alp\\\/#primaryimage\"},\"thumbnailUrl\":\"https:\\\/\\\/iwell-guard.com\\\/wp-content\\\/uploads\\\/2026\\\/04\\\/geister_germanisch_alp.webp\",\"datePublished\":\"2026-09-03T09:13:57+00:00\",\"dateModified\":\"2026-09-03T09:32:49+00:00\",\"description\":\"Alp er den klassiske skikkelsen for s\u00f8vnparalyse i mellomeuropeisk folketro: en liten, tung geist som setter seg p\u00e5 brystet om natten.\",\"breadcrumb\":{\"@id\":\"https:\\\/\\\/iwell-guard.com\\\/no\\\/alp\\\/#breadcrumb\"},\"inLanguage\":\"nb-NO\",\"potentialAction\":[{\"@type\":\"ReadAction\",\"target\":[\"https:\\\/\\\/iwell-guard.com\\\/no\\\/alp\\\/\"]}]},{\"@type\":\"ImageObject\",\"inLanguage\":\"nb-NO\",\"@id\":\"https:\\\/\\\/iwell-guard.com\\\/no\\\/alp\\\/#primaryimage\",\"url\":\"https:\\\/\\\/iwell-guard.com\\\/wp-content\\\/uploads\\\/2026\\\/04\\\/geister_germanisch_alp.webp\",\"contentUrl\":\"https:\\\/\\\/iwell-guard.com\\\/wp-content\\\/uploads\\\/2026\\\/04\\\/geister_germanisch_alp.webp\",\"width\":1024,\"height\":1536,\"caption\":\"\u00c5nder fra den germanske tradisjonen.\"},{\"@type\":\"BreadcrumbList\",\"@id\":\"https:\\\/\\\/iwell-guard.com\\\/no\\\/alp\\\/#breadcrumb\",\"itemListElement\":[{\"@type\":\"ListItem\",\"position\":1,\"name\":\"Start\",\"item\":\"https:\\\/\\\/iwell-guard.com\\\/no\\\/?page_id=140795\"},{\"@type\":\"ListItem\",\"position\":2,\"name\":\"Alp\"}]},{\"@type\":\"WebSite\",\"@id\":\"https:\\\/\\\/iwell-guard.com\\\/no\\\/#website\",\"url\":\"https:\\\/\\\/iwell-guard.com\\\/no\\\/\",\"name\":\"iWell Guard\",\"description\":\"Schutz vor dunklen Einfl\u00fcssen\",\"publisher\":{\"@id\":\"https:\\\/\\\/iwell-guard.com\\\/no\\\/#organization\"},\"potentialAction\":[{\"@type\":\"SearchAction\",\"target\":{\"@type\":\"EntryPoint\",\"urlTemplate\":\"https:\\\/\\\/iwell-guard.com\\\/no\\\/?s={search_term_string}\"},\"query-input\":{\"@type\":\"PropertyValueSpecification\",\"valueRequired\":true,\"valueName\":\"search_term_string\"}}],\"inLanguage\":\"nb-NO\"},{\"@type\":\"Organization\",\"@id\":\"https:\\\/\\\/iwell-guard.com\\\/no\\\/#organization\",\"name\":\"Ittermann electronic GmbH\",\"url\":\"https:\\\/\\\/iwell-guard.com\\\/no\\\/\",\"logo\":{\"@type\":\"ImageObject\",\"inLanguage\":\"nb-NO\",\"@id\":\"https:\\\/\\\/iwell-guard.com\\\/no\\\/#\\\/schema\\\/logo\\\/image\\\/\",\"url\":\"https:\\\/\\\/iwell-guard.com\\\/wp-content\\\/uploads\\\/2026\\\/05\\\/Ittermann-Logo-1182x237-1.png\",\"contentUrl\":\"https:\\\/\\\/iwell-guard.com\\\/wp-content\\\/uploads\\\/2026\\\/05\\\/Ittermann-Logo-1182x237-1.png\",\"width\":1182,\"height\":237,\"caption\":\"Ittermann electronic GmbH\"},\"image\":{\"@id\":\"https:\\\/\\\/iwell-guard.com\\\/no\\\/#\\\/schema\\\/logo\\\/image\\\/\"},\"sameAs\":[\"https:\\\/\\\/pantip.com\\\/profile\\\/9367242\",\"https:\\\/\\\/micro.blog\\\/iwellguard\",\"https:\\\/\\\/www.diggerslist.com\\\/iwellguard\\\/about\",\"https:\\\/\\\/skitterphoto.com\\\/photographers\\\/2870314\\\/iwell-guard\",\"https:\\\/\\\/iwellguard.wordpress.com\\\/2026\\\/06\\\/06\\\/iwell-guard\\\/\",\"https:\\\/\\\/hub.docker.com\\\/u\\\/iwellguard\",\"https:\\\/\\\/www.pinterest.com\\\/iwellguard\\\/\",\"https:\\\/\\\/bit.ly\\\/m\\\/iwellguard\",\"https:\\\/\\\/entre-vos-mains.alsace.eu\\\/profiles\\\/iwellguard\\\/activity\",\"https:\\\/\\\/gravatar.com\\\/reallybeded8fd34\",\"https:\\\/\\\/naijamatta.com\\\/iwellguard\",\"https:\\\/\\\/www.goodreads.com\\\/iwellguard\",\"https:\\\/\\\/profile.hatena.ne.jp\\\/iwellguard\\\/\",\"https:\\\/\\\/experiment.com\\\/users\\\/iwellguard\",\"https:\\\/\\\/wakelet.com\\\/@iWellGuard82270\",\"https:\\\/\\\/www.chordie.com\\\/forum\\\/profile.php?id=2555664\",\"https:\\\/\\\/www.instapaper.com\\\/p\\\/17757966\",\"https:\\\/\\\/www.mapleprimes.com\\\/users\\\/iwellguard\",\"https:\\\/\\\/businesslistingplus.com\\\/profile\\\/iwell-guard\\\/\",\"https:\\\/\\\/telegra.ph\\\/iWell-Guard-06-06\",\"https:\\\/\\\/pbase.com\\\/iwellguard\\\/iwellguard\",\"https:\\\/\\\/b.hatena.ne.jp\\\/iwellguard\\\/20260607#bookmark-4788405196491818882\",\"https:\\\/\\\/fliphtml5.com\\\/home\\\/iwellguard\",\"https:\\\/\\\/anyflip.com\\\/homepage\\\/cmiwl#About\",\"https:\\\/\\\/transfur.com\\\/Users\\\/iwellguard\",\"http:\\\/\\\/delphi.larsbo.org\\\/user\\\/iwellguard\",\"https:\\\/\\\/jobs.lajobsportal.org\\\/profiles\\\/8380803-iwell-guard\",\"https:\\\/\\\/md.chaosdorf.de\\\/s\\\/jfbe5SBdJD\",\"https:\\\/\\\/www.lingvolive.com\\\/en-us\\\/profile\\\/9ecaeaca-ce11-4e51-9e71-01d55e2bff36\\\/translations\",\"https:\\\/\\\/www.fitday.com\\\/fitness\\\/forums\\\/members\\\/iwellguard.html\",\"https:\\\/\\\/www.mymeetbook.com\\\/iwellguard\",\"https:\\\/\\\/pxhere.com\\\/en\\\/photographer-me\\\/5040798\",\"https:\\\/\\\/disqus.com\\\/by\\\/iwellguard\\\/about\\\/\",\"https:\\\/\\\/pastelink.net\\\/hjwciqwq\",\"https:\\\/\\\/pubhtml5.com\\\/homepage\\\/scjhn\\\/\",\"https:\\\/\\\/www.bitchute.com\\\/channel\\\/2O2eOKzNqujT\",\"https:\\\/\\\/audiomack.com\\\/iwellguard\"]},{\"@type\":\"Article\",\"@id\":\"https:\\\/\\\/iwell-guard.com\\\/no\\\/alp\\\/#article\",\"isPartOf\":{\"@id\":\"https:\\\/\\\/iwell-guard.com\\\/no\\\/alp\\\/\"},\"author\":{\"name\":\"Ralf Ittermann\",\"@id\":\"https:\\\/\\\/iwell-guard.com\\\/no\\\/#\\\/schema\\\/person\\\/ee2a27f1cac3406c7c6fb5820cb7349f\"},\"headline\":\"Alp\",\"datePublished\":\"2026-09-03T09:13:57+00:00\",\"dateModified\":\"2026-09-03T09:32:49+00:00\",\"mainEntityOfPage\":{\"@id\":\"https:\\\/\\\/iwell-guard.com\\\/no\\\/alp\\\/\"},\"publisher\":{\"@id\":\"https:\\\/\\\/iwell-guard.com\\\/no\\\/#organization\"},\"image\":{\"@id\":\"https:\\\/\\\/iwell-guard.com\\\/no\\\/alp\\\/#primaryimage\"},\"thumbnailUrl\":\"https:\\\/\\\/iwell-guard.com\\\/wp-content\\\/uploads\\\/2026\\\/04\\\/geister_germanisch_alp.webp\",\"inLanguage\":\"nb-NO\",\"description\":\"Alp er den klassiske skikkelsen for s\u00f8vnparalyse i mellomeuropeisk folketro: en liten, tung geist som setter seg p\u00e5 brystet om natten.\"}]}<\/script>\n<!-- \/ Yoast SEO Premium plugin. -->","yoast_head_json":{"title":"Alp - Den nattlige mareridtsgeisten fra tysk folketro","description":"Alp er den klassiske skikkelsen for s\u00f8vnparalyse i mellomeuropeisk folketro: en liten, tung geist som setter seg p\u00e5 brystet om natten.","robots":{"index":"index","follow":"follow","max-snippet":"max-snippet:-1","max-image-preview":"max-image-preview:large","max-video-preview":"max-video-preview:-1"},"canonical":"https:\/\/iwell-guard.com\/no\/alp\/","og_locale":"nb_NO","og_type":"article","og_title":"Alp","og_description":"Alp er den klassiske skikkelsen for s\u00f8vnparalyse i mellomeuropeisk folketro: en liten, tung geist som setter seg p\u00e5 brystet om natten.","og_url":"https:\/\/iwell-guard.com\/no\/alp\/","og_site_name":"iWell Guard","article_modified_time":"2026-09-03T09:32:49+00:00","og_image":[{"width":1024,"height":1536,"url":"https:\/\/iwell-guard.com\/wp-content\/uploads\/2026\/04\/geister_germanisch_alp.webp","type":"image\/webp"}],"twitter_card":"summary_large_image","schema":{"@context":"https:\/\/schema.org","@graph":[{"@type":"Article","@id":"https:\/\/iwell-guard.com\/no\/alp\/#article","isPartOf":{"@id":"https:\/\/iwell-guard.com\/no\/alp\/"},"author":{"name":"Ralf Ittermann","@id":"https:\/\/iwell-guard.com\/no\/#\/schema\/person\/ee2a27f1cac3406c7c6fb5820cb7349f"},"headline":"Alp","datePublished":"2026-09-03T09:13:57+00:00","dateModified":"2026-09-03T09:32:49+00:00","mainEntityOfPage":{"@id":"https:\/\/iwell-guard.com\/no\/alp\/"},"publisher":{"@id":"https:\/\/iwell-guard.com\/no\/#organization"},"image":{"@id":"https:\/\/iwell-guard.com\/no\/alp\/#primaryimage"},"thumbnailUrl":"https:\/\/iwell-guard.com\/wp-content\/uploads\/2026\/04\/geister_germanisch_alp.webp","inLanguage":"nb-NO","description":"Alp er den klassiske skikkelsen for s\u00f8vnparalyse i mellomeuropeisk folketro: en liten, tung geist som setter seg p\u00e5 brystet om natten."},{"@type":"WebPage","@id":"https:\/\/iwell-guard.com\/no\/alp\/","url":"https:\/\/iwell-guard.com\/no\/alp\/","name":"Alp - Den nattlige mareridtsgeisten fra tysk folketro","isPartOf":{"@id":"https:\/\/iwell-guard.com\/no\/#website"},"primaryImageOfPage":{"@id":"https:\/\/iwell-guard.com\/no\/alp\/#primaryimage"},"image":{"@id":"https:\/\/iwell-guard.com\/no\/alp\/#primaryimage"},"thumbnailUrl":"https:\/\/iwell-guard.com\/wp-content\/uploads\/2026\/04\/geister_germanisch_alp.webp","datePublished":"2026-09-03T09:13:57+00:00","dateModified":"2026-09-03T09:32:49+00:00","description":"Alp er den klassiske skikkelsen for s\u00f8vnparalyse i mellomeuropeisk folketro: en liten, tung geist som setter seg p\u00e5 brystet om natten.","breadcrumb":{"@id":"https:\/\/iwell-guard.com\/no\/alp\/#breadcrumb"},"inLanguage":"nb-NO","potentialAction":[{"@type":"ReadAction","target":["https:\/\/iwell-guard.com\/no\/alp\/"]}]},{"@type":"ImageObject","inLanguage":"nb-NO","@id":"https:\/\/iwell-guard.com\/no\/alp\/#primaryimage","url":"https:\/\/iwell-guard.com\/wp-content\/uploads\/2026\/04\/geister_germanisch_alp.webp","contentUrl":"https:\/\/iwell-guard.com\/wp-content\/uploads\/2026\/04\/geister_germanisch_alp.webp","width":1024,"height":1536,"caption":"\u00c5nder fra den germanske tradisjonen."},{"@type":"BreadcrumbList","@id":"https:\/\/iwell-guard.com\/no\/alp\/#breadcrumb","itemListElement":[{"@type":"ListItem","position":1,"name":"Start","item":"https:\/\/iwell-guard.com\/no\/?page_id=140795"},{"@type":"ListItem","position":2,"name":"Alp"}]},{"@type":"WebSite","@id":"https:\/\/iwell-guard.com\/no\/#website","url":"https:\/\/iwell-guard.com\/no\/","name":"iWell Guard","description":"Schutz vor dunklen Einfl\u00fcssen","publisher":{"@id":"https:\/\/iwell-guard.com\/no\/#organization"},"potentialAction":[{"@type":"SearchAction","target":{"@type":"EntryPoint","urlTemplate":"https:\/\/iwell-guard.com\/no\/?s={search_term_string}"},"query-input":{"@type":"PropertyValueSpecification","valueRequired":true,"valueName":"search_term_string"}}],"inLanguage":"nb-NO"},{"@type":"Organization","@id":"https:\/\/iwell-guard.com\/no\/#organization","name":"Ittermann electronic GmbH","url":"https:\/\/iwell-guard.com\/no\/","logo":{"@type":"ImageObject","inLanguage":"nb-NO","@id":"https:\/\/iwell-guard.com\/no\/#\/schema\/logo\/image\/","url":"https:\/\/iwell-guard.com\/wp-content\/uploads\/2026\/05\/Ittermann-Logo-1182x237-1.png","contentUrl":"https:\/\/iwell-guard.com\/wp-content\/uploads\/2026\/05\/Ittermann-Logo-1182x237-1.png","width":1182,"height":237,"caption":"Ittermann electronic GmbH"},"image":{"@id":"https:\/\/iwell-guard.com\/no\/#\/schema\/logo\/image\/"},"sameAs":["https:\/\/pantip.com\/profile\/9367242","https:\/\/micro.blog\/iwellguard","https:\/\/www.diggerslist.com\/iwellguard\/about","https:\/\/skitterphoto.com\/photographers\/2870314\/iwell-guard","https:\/\/iwellguard.wordpress.com\/2026\/06\/06\/iwell-guard\/","https:\/\/hub.docker.com\/u\/iwellguard","https:\/\/www.pinterest.com\/iwellguard\/","https:\/\/bit.ly\/m\/iwellguard","https:\/\/entre-vos-mains.alsace.eu\/profiles\/iwellguard\/activity","https:\/\/gravatar.com\/reallybeded8fd34","https:\/\/naijamatta.com\/iwellguard","https:\/\/www.goodreads.com\/iwellguard","https:\/\/profile.hatena.ne.jp\/iwellguard\/","https:\/\/experiment.com\/users\/iwellguard","https:\/\/wakelet.com\/@iWellGuard82270","https:\/\/www.chordie.com\/forum\/profile.php?id=2555664","https:\/\/www.instapaper.com\/p\/17757966","https:\/\/www.mapleprimes.com\/users\/iwellguard","https:\/\/businesslistingplus.com\/profile\/iwell-guard\/","https:\/\/telegra.ph\/iWell-Guard-06-06","https:\/\/pbase.com\/iwellguard\/iwellguard","https:\/\/b.hatena.ne.jp\/iwellguard\/20260607#bookmark-4788405196491818882","https:\/\/fliphtml5.com\/home\/iwellguard","https:\/\/anyflip.com\/homepage\/cmiwl#About","https:\/\/transfur.com\/Users\/iwellguard","http:\/\/delphi.larsbo.org\/user\/iwellguard","https:\/\/jobs.lajobsportal.org\/profiles\/8380803-iwell-guard","https:\/\/md.chaosdorf.de\/s\/jfbe5SBdJD","https:\/\/www.lingvolive.com\/en-us\/profile\/9ecaeaca-ce11-4e51-9e71-01d55e2bff36\/translations","https:\/\/www.fitday.com\/fitness\/forums\/members\/iwellguard.html","https:\/\/www.mymeetbook.com\/iwellguard","https:\/\/pxhere.com\/en\/photographer-me\/5040798","https:\/\/disqus.com\/by\/iwellguard\/about\/","https:\/\/pastelink.net\/hjwciqwq","https:\/\/pubhtml5.com\/homepage\/scjhn\/","https:\/\/www.bitchute.com\/channel\/2O2eOKzNqujT","https:\/\/audiomack.com\/iwellguard"]},{"@type":"Person","@id":"https:\/\/iwell-guard.com\/no\/#\/schema\/person\/ee2a27f1cac3406c7c6fb5820cb7349f","name":"Ralf Ittermann","image":{"@type":"ImageObject","inLanguage":"nb-NO","@id":"https:\/\/secure.gravatar.com\/avatar\/073c0153e350a5005b68eb752b445fea71f6b24a26da9449ad7e155e6b446c9d?s=96&d=mm&r=g","url":"https:\/\/secure.gravatar.com\/avatar\/073c0153e350a5005b68eb752b445fea71f6b24a26da9449ad7e155e6b446c9d?s=96&d=mm&r=g","contentUrl":"https:\/\/secure.gravatar.com\/avatar\/073c0153e350a5005b68eb752b445fea71f6b24a26da9449ad7e155e6b446c9d?s=96&d=mm&r=g","caption":"Ralf Ittermann"},"givenName":"Ralf","familyName":"Ittermann","jobTitle":"Gesch\u00e4ftsf\u00fchrer und redaktioneller Verantwortlicher","url":"https:\/\/iwell-guard.com\/no\/author\/claude\/","description":"Ralf Ittermann ist Gesch\u00e4ftsf\u00fchrer der Ittermann electronic GmbH und redaktioneller Verantwortlicher des iWell-Guard-Lexikons. Er verbindet langj\u00e4hrige Erfahrung in der Pr\u00e4zisionsfertigung mit medialer Praxis und religionsgeschichtlicher Quellenarbeit.","worksFor":{"@type":"Organization","name":"Ittermann electronic GmbH","url":"https:\/\/ittermann.de\/","address":{"@type":"PostalAddress","streetAddress":"K\u00f6hlergasse 16-18","postalCode":"99842","addressLocality":"Ruhla","addressCountry":"DE"}},"knowsAbout":["Religionsgeschichte","Mythologie","Mediale Praxis","Energetische Diagnostik","Schutzpraxis","Volksglauben","Westliche Esoterik"]},{"@type":"Article","@id":"https:\/\/iwell-guard.com\/no\/alp\/#article","isPartOf":{"@id":"https:\/\/iwell-guard.com\/no\/alp\/"},"author":{"name":"Ralf Ittermann","@id":"https:\/\/iwell-guard.com\/no\/#\/schema\/person\/ee2a27f1cac3406c7c6fb5820cb7349f"},"headline":"Alp","datePublished":"2026-09-03T09:13:57+00:00","dateModified":"2026-09-03T09:32:49+00:00","mainEntityOfPage":{"@id":"https:\/\/iwell-guard.com\/no\/alp\/"},"publisher":{"@id":"https:\/\/iwell-guard.com\/no\/#organization"},"image":{"@id":"https:\/\/iwell-guard.com\/no\/alp\/#primaryimage"},"thumbnailUrl":"https:\/\/iwell-guard.com\/wp-content\/uploads\/2026\/04\/geister_germanisch_alp.webp","inLanguage":"nb-NO","description":"Alp er den klassiske skikkelsen for s\u00f8vnparalyse i mellomeuropeisk folketro: en liten, tung geist som setter seg p\u00e5 brystet om natten."}]}},"_links":{"self":[{"href":"https:\/\/iwell-guard.com\/no\/wp-json\/wp\/v2\/pages\/140841","targetHints":{"allow":["GET"]}}],"collection":[{"href":"https:\/\/iwell-guard.com\/no\/wp-json\/wp\/v2\/pages"}],"about":[{"href":"https:\/\/iwell-guard.com\/no\/wp-json\/wp\/v2\/types\/page"}],"author":[{"embeddable":true,"href":"https:\/\/iwell-guard.com\/no\/wp-json\/wp\/v2\/users\/3"}],"replies":[{"embeddable":true,"href":"https:\/\/iwell-guard.com\/no\/wp-json\/wp\/v2\/comments?post=140841"}],"version-history":[{"count":0,"href":"https:\/\/iwell-guard.com\/no\/wp-json\/wp\/v2\/pages\/140841\/revisions"}],"wp:featuredmedia":[{"embeddable":true,"href":"https:\/\/iwell-guard.com\/no\/wp-json\/wp\/v2\/media\/1660"}],"wp:attachment":[{"href":"https:\/\/iwell-guard.com\/no\/wp-json\/wp\/v2\/media?parent=140841"}],"wp:term":[{"taxonomy":"category","embeddable":true,"href":"https:\/\/iwell-guard.com\/no\/wp-json\/wp\/v2\/categories?post=140841"}],"curies":[{"name":"wp","href":"https:\/\/api.w.org\/{rel}","templated":true}]}}