{"id":21239,"date":"2026-07-16T10:32:42","date_gmt":"2026-07-16T10:32:42","guid":{"rendered":"https:\/\/iwell-guard.com\/frau-perchta\/"},"modified":"2026-08-26T10:49:33","modified_gmt":"2026-08-26T10:49:33","slug":"frau-perchta","status":"publish","type":"page","link":"https:\/\/iwell-guard.com\/nl\/frau-perchta\/","title":{"rendered":"Frau Perchta"},"content":{"rendered":"\t\t<div data-elementor-type=\"wp-page\" data-elementor-id=\"21239\" class=\"elementor elementor-21239 elementor-20476\" data-elementor-post-type=\"page\">\n\t\t\t\t<div class=\"elementor-element elementor-element-10fdade e-flex e-con-boxed e-con e-parent\" data-id=\"10fdade\" data-element_type=\"container\" data-e-type=\"container\" data-settings=\"{&quot;background_background&quot;:&quot;classic&quot;}\">\n\t\t\t\t\t<div class=\"e-con-inner\">\n\t\t<div class=\"elementor-element elementor-element-herohlft0 e-flex e-con-boxed e-con e-child\" data-id=\"herohlft0\" data-element_type=\"container\" data-e-type=\"container\">\n\t\t\t\t\t<div class=\"e-con-inner\">\n\t\t<div class=\"elementor-element elementor-element-c3ceb64 e-con-full e-flex e-con e-child\" data-id=\"c3ceb64\" data-element_type=\"container\" data-e-type=\"container\">\n\t\t\t\t<div class=\"elementor-element elementor-element-96ae5e1 elementor-widget elementor-widget-heading\" data-id=\"96ae5e1\" data-element_type=\"widget\" data-e-type=\"widget\" data-widget_type=\"heading.default\">\n\t\t\t\t\t<h1 class=\"elementor-heading-title elementor-size-default\">Frau Perchta, beproefster van vlijt en orde<\/h1>\t\t\t\t<\/div>\n\t\t\t\t<div class=\"elementor-element elementor-element-e45238a elementor-widget elementor-widget-text-editor\" data-id=\"e45238a\" data-element_type=\"widget\" data-e-type=\"widget\" data-widget_type=\"text-editor.default\">\n\t\t\t\t\t\t\t\t\t<p>Frau Perchta is <span class=\"iwg-fachbegriff\" tabindex=\"0\" data-tooltip=\"Een lichaamloos wezen, waaraan werking in de wereld wordt toegeschreven.\">geest<\/span> van de alpine traditie.<\/p>\n<p><strong>Hoedster van vlijt en orde in de twaalf Rauhn\u00e4chte.<\/strong><\/p>\n\t\t\t\t\t\t\t\t<\/div>\n\t\t\t\t<\/div>\n\t\t<div class=\"elementor-element elementor-element-klsbdg01 e-con-full e-flex e-con e-child\" data-id=\"klsbdg01\" data-element_type=\"container\" data-e-type=\"container\">\n\t\t\t\t<div class=\"elementor-element elementor-element-klshtm01 elementor-widget elementor-widget-html\" data-id=\"klshtm01\" data-element_type=\"widget\" data-e-type=\"widget\" data-widget_type=\"html.default\">\n\t\t\t\t\t<div class=\"iwg-pill-row\"><span class=\"iwg-klasse-badge\" tabindex=\"0\" data-tooltip=\"Geest: Onlichamelijke of halflichamelijke wezenheid, overledenen, natuurwezens, huisgeesten of drempelbewakers. Werkt in het dagelijks leven, vaak gebonden aan plaatsen of families.\">Geest<\/span><a href=\"https:\/\/iwell-guard.com\/nl\/alpensagen\/\" class=\"iwg-kultur-badge\" tabindex=\"0\" data-tooltip=\"Sagenwereld van het Alpengebied: Beieren, Oostenrijk, Zwitserland en Zuid-Tirol, van almgeesten tot de gestalten van de Raun\u00e4chte.\">Alpengebied<\/a><\/div>\t\t\t\t<\/div>\n\t\t\t\t<\/div>\n\t\t<div class=\"elementor-element elementor-element-3f74855 e-con-full e-flex e-con e-child\" data-id=\"3f74855\" data-element_type=\"container\" data-e-type=\"container\">\n\t\t\t\t<div class=\"elementor-element elementor-element-1c30362 elementor-toc--minimized-on-tablet elementor-widget elementor-widget-table-of-contents\" data-id=\"1c30362\" data-element_type=\"widget\" data-e-type=\"widget\" data-settings=\"{&quot;exclude_headings_by_selector&quot;:[],&quot;no_headings_message&quot;:&quot;Es wurden keine \\u00dcberschriften auf dieser Seite gefunden.&quot;,&quot;headings_by_tags&quot;:[&quot;h2&quot;,&quot;h3&quot;],&quot;marker_view&quot;:&quot;bullets&quot;,&quot;icon&quot;:{&quot;value&quot;:&quot;fas fa-circle&quot;,&quot;library&quot;:&quot;fa-solid&quot;,&quot;rendered_tag&quot;:&quot;&lt;svg class=\\&quot;e-font-icon-svg e-fas-circle\\&quot; viewBox=\\&quot;0 0 512 512\\&quot; xmlns=\\&quot;http:\\\/\\\/www.w3.org\\\/2000\\\/svg\\&quot;&gt;&lt;path d=\\&quot;M256 8C119 8 8 119 8 256s111 248 248 248 248-111 248-248S393 8 256 8z\\&quot;&gt;&lt;\\\/path&gt;&lt;\\\/svg&gt;&quot;},&quot;minimize_box&quot;:&quot;yes&quot;,&quot;minimized_on&quot;:&quot;tablet&quot;,&quot;hierarchical_view&quot;:&quot;yes&quot;,&quot;min_height&quot;:{&quot;unit&quot;:&quot;px&quot;,&quot;size&quot;:&quot;&quot;,&quot;sizes&quot;:[]},&quot;min_height_tablet&quot;:{&quot;unit&quot;:&quot;px&quot;,&quot;size&quot;:&quot;&quot;,&quot;sizes&quot;:[]},&quot;min_height_mobile&quot;:{&quot;unit&quot;:&quot;px&quot;,&quot;size&quot;:&quot;&quot;,&quot;sizes&quot;:[]}}\" data-widget_type=\"table-of-contents.default\">\n\t\t\t\t\t\t\t\t\t<div class=\"elementor-toc__header\">\n\t\t\t\t\t\t<h2 class=\"elementor-toc__header-title\">\n\t\t\t\tInhoudsopgave\t\t\t<\/h2>\n\t\t\t\t\t\t\t\t\t\t<div class=\"elementor-toc__toggle-button elementor-toc__toggle-button--expand\" role=\"button\" tabindex=\"0\" aria-controls=\"elementor-toc__1c30362\" aria-expanded=\"true\" aria-label=\"Open inhoudsopgave\"><svg aria-hidden=\"true\" class=\"e-font-icon-svg e-fas-chevron-down\" viewBox=\"0 0 448 512\" xmlns=\"http:\/\/www.w3.org\/2000\/svg\"><path d=\"M207.029 381.476L12.686 187.132c-9.373-9.373-9.373-24.569 0-33.941l22.667-22.667c9.357-9.357 24.522-9.375 33.901-.04L224 284.505l154.745-154.021c9.379-9.335 24.544-9.317 33.901.04l22.667 22.667c9.373 9.373 9.373 24.569 0 33.941L240.971 381.476c-9.373 9.372-24.569 9.372-33.942 0z\"><\/path><\/svg><\/div>\n\t\t\t\t<div class=\"elementor-toc__toggle-button elementor-toc__toggle-button--collapse\" role=\"button\" tabindex=\"0\" aria-controls=\"elementor-toc__1c30362\" aria-expanded=\"true\" aria-label=\"Sluit inhoudsopgave\"><svg aria-hidden=\"true\" class=\"e-font-icon-svg e-fas-chevron-up\" viewBox=\"0 0 448 512\" xmlns=\"http:\/\/www.w3.org\/2000\/svg\"><path d=\"M240.971 130.524l194.343 194.343c9.373 9.373 9.373 24.569 0 33.941l-22.667 22.667c-9.357 9.357-24.522 9.375-33.901.04L224 227.495 69.255 381.516c-9.379 9.335-24.544 9.317-33.901-.04l-22.667-22.667c-9.373-9.373-9.373-24.569 0-33.941L207.03 130.525c9.372-9.373 24.568-9.373 33.941-.001z\"><\/path><\/svg><\/div>\n\t\t\t\t\t<\/div>\n\t\t\t\t<div id=\"elementor-toc__1c30362\" class=\"elementor-toc__body\">\n\t\t\t<div class=\"elementor-toc__spinner-container\">\n\t\t\t\t<svg class=\"elementor-toc__spinner eicon-animation-spin e-font-icon-svg e-eicon-loading\" aria-hidden=\"true\" viewBox=\"0 0 1000 1000\" xmlns=\"http:\/\/www.w3.org\/2000\/svg\"><path d=\"M500 975V858C696 858 858 696 858 500S696 142 500 142 142 304 142 500H25C25 237 238 25 500 25S975 237 975 500 763 975 500 975Z\"><\/path><\/svg>\t\t\t<\/div>\n\t\t<\/div>\n\t\t\t\t\t\t<\/div>\n\t\t\t\t<\/div>\n\t\t\t\t\t<\/div>\n\t\t\t\t<\/div>\n\t\t<div class=\"elementor-element elementor-element-herorght0 e-con-full e-flex e-con e-child\" data-id=\"herorght0\" data-element_type=\"container\" data-e-type=\"container\">\n\t\t\t\t<div class=\"elementor-element elementor-element-heroimg00 iwg-hero-image elementor-widget elementor-widget-image\" data-id=\"heroimg00\" data-element_type=\"widget\" data-e-type=\"widget\" data-widget_type=\"image.default\">\n\t\t\t\t\t\t\t\t\t\t\t\t\t\t\t<img fetchpriority=\"high\" decoding=\"async\" width=\"682\" height=\"1024\" src=\"https:\/\/iwell-guard.com\/wp-content\/uploads\/2026\/07\/geister_alpin_perchta-682x1024.webp\" class=\"attachment-large size-large wp-image-21240\" alt=\"Frau Perchta\" srcset=\"https:\/\/iwell-guard.com\/wp-content\/uploads\/2026\/07\/geister_alpin_perchta-682x1024.webp 682w, https:\/\/iwell-guard.com\/wp-content\/uploads\/2026\/07\/geister_alpin_perchta-200x300.webp 200w, https:\/\/iwell-guard.com\/wp-content\/uploads\/2026\/07\/geister_alpin_perchta-768x1154.webp 768w, https:\/\/iwell-guard.com\/wp-content\/uploads\/2026\/07\/geister_alpin_perchta.webp 1023w\" sizes=\"(max-width: 682px) 100vw, 682px\" \/>\t\t\t\t\t\t\t\t\t\t\t\t\t\t\t<\/div>\n\t\t\t\t<\/div>\n\t\t\t\t\t<\/div>\n\t\t\t\t<\/div>\n\t\t<div class=\"elementor-element elementor-element-32917199 e-flex e-con-boxed e-con e-parent\" data-id=\"32917199\" data-element_type=\"container\" data-e-type=\"container\">\n\t\t\t\t\t<div class=\"e-con-inner\">\n\t\t<div class=\"elementor-element elementor-element-26e916cb e-flex e-con-boxed e-con e-child\" data-id=\"26e916cb\" data-element_type=\"container\" data-e-type=\"container\">\n\t\t\t\t\t<div class=\"e-con-inner\">\n\t\t<div class=\"elementor-element elementor-element-253a40d4 e-flex e-con-boxed e-con e-child\" data-id=\"253a40d4\" data-element_type=\"container\" data-e-type=\"container\">\n\t\t\t\t\t<div class=\"e-con-inner\">\n\t\t\t\t<div class=\"elementor-element elementor-element-1200c304 elementor-widget elementor-widget-heading\" data-id=\"1200c304\" data-element_type=\"widget\" data-e-type=\"widget\" data-widget_type=\"heading.default\">\n\t\t\t\t\t<div class=\"elementor-heading-title elementor-size-default\">Frau Perchta<\/div>\t\t\t\t<\/div>\n\t\t\t\t<div class=\"elementor-element elementor-element-11758e7f elementor-widget elementor-widget-text-editor\" data-id=\"11758e7f\" data-element_type=\"widget\" data-e-type=\"widget\" data-widget_type=\"text-editor.default\">\n\t\t\t\t\t\t\t\t\t<p>Frau Perchta geldt in de Alpen en in Beieren als hoedster van orde en vlijt: wie in het jaar heeft gewerkt en gesponnen, wordt beloond, wie nalatig was, moet rekenen op haar afkeuring. Literair is zij voor het eerst vastgelegd in de 15e eeuw bij Thomas Ebendorfer von Haselbach.<\/p>\n<p>In de Rauhn\u00e4chte trekt zij door huizen en straten, nu eens als mooie vrouw in licht gewaad, dan weer als magere gestalte met ganzenpoot. De tot vandaag levende Perchtenloop vertaalt deze dubbele gedaante in een zichtbaar winters ritueel.<\/p>\n\t\t\t\t\t\t\t\t<\/div>\n\t\t\t\t\t<\/div>\n\t\t\t\t<\/div>\n\t\t<div class=\"elementor-element elementor-element-159dcf9a e-flex e-con-boxed e-con e-child\" data-id=\"159dcf9a\" data-element_type=\"container\" data-e-type=\"container\">\n\t\t\t\t\t<div class=\"e-con-inner\">\n\t\t\t\t<div class=\"elementor-element elementor-element-48cee66f elementor-widget elementor-widget-heading\" data-id=\"48cee66f\" data-element_type=\"widget\" data-e-type=\"widget\" data-widget_type=\"heading.default\">\n\t\t\t\t\t<div class=\"elementor-heading-title elementor-size-default\">In overzicht: Frau Perchta<\/div>\t\t\t\t<\/div>\n\t\t\t\t<div class=\"elementor-element elementor-element-3f50d82c elementor-widget elementor-widget-text-editor\" data-id=\"3f50d82c\" data-element_type=\"widget\" data-e-type=\"widget\" data-widget_type=\"text-editor.default\">\n\t\t\t\t\t\t\t\t\t<p><strong>Type:<\/strong> jaargetijdengeest en beproefster van vlijt en orde<br \/>Herkomst: alpine oostelijk gebied, literair sinds de 15e eeuw (Thomas Ebendorfer, 1439)<br \/>Teksten: middeleeuwse boetepredicaties, Handw\u00f6rterbuch des deutschen Aberglaubens, sagenverzamelingen uit de 19e eeuw<br \/>Periode: de twaalf Rauhn\u00e4chte tussen Kerstmis en Driekoningen<br \/>Verschijning: mooie, wit geklede vrouw of magere, langneuzige oude vrouw met ganzenpoot<\/p>\n\t\t\t\t\t\t\t\t<\/div>\n\t\t\t\t\t<\/div>\n\t\t\t\t<\/div>\n\t\t\t\t\t<\/div>\n\t\t\t\t<\/div>\n\t\t\t\t\t<\/div>\n\t\t\t\t<\/div>\n\t\t<div class=\"elementor-element elementor-element-18613602 e-flex e-con-boxed e-con e-parent\" data-id=\"18613602\" data-element_type=\"container\" data-e-type=\"container\">\n\t\t\t\t\t<div class=\"e-con-inner\">\n\t\t\t\t<div class=\"elementor-element elementor-element-262b8a9f elementor-widget elementor-widget-heading\" data-id=\"262b8a9f\" data-element_type=\"widget\" data-e-type=\"widget\" data-widget_type=\"heading.default\">\n\t\t\t\t\t<h2 class=\"elementor-heading-title elementor-size-default\">Bronnencontext<\/h2>\t\t\t\t<\/div>\n\t\t<div class=\"elementor-element elementor-element-46dcb7d e-con-full e-flex e-con e-child\" data-id=\"46dcb7d\" data-element_type=\"container\" data-e-type=\"container\">\n\t\t<div class=\"elementor-element elementor-element-61d3ab3 e-flex e-con-boxed e-con e-child\" data-id=\"61d3ab3\" data-element_type=\"container\" data-e-type=\"container\">\n\t\t\t\t\t<div class=\"e-con-inner\">\n\t\t\t\t<div class=\"elementor-element elementor-element-117c166 elementor-widget elementor-widget-heading\" data-id=\"117c166\" data-element_type=\"widget\" data-e-type=\"widget\" data-widget_type=\"heading.default\">\n\t\t\t\t\t<h3 class=\"elementor-heading-title elementor-size-default\">Periode van de teksten<\/h3>\t\t\t\t<\/div>\n\t\t\t\t<div class=\"elementor-element elementor-element-73997a0 elementor-widget elementor-widget-text-editor\" data-id=\"73997a0\" data-element_type=\"widget\" data-e-type=\"widget\" data-widget_type=\"text-editor.default\">\n\t\t\t\t\t\t\t\t\t<p>Literair aantoonbaar sinds de 15e eeuw, met Thomas Ebendorfer in 1439 als vroeg bewijs; volkskundig rijk gedocumenteerd in de 19e en vroege 20e eeuw.<\/p>\n\t\t\t\t\t\t\t\t<\/div>\n\t\t\t\t\t<\/div>\n\t\t\t\t<\/div>\n\t\t<div class=\"elementor-element elementor-element-d47b156 e-flex e-con-boxed e-con e-child\" data-id=\"d47b156\" data-element_type=\"container\" data-e-type=\"container\">\n\t\t\t\t\t<div class=\"e-con-inner\">\n\t\t\t\t<div class=\"elementor-element elementor-element-ff38c2b elementor-widget elementor-widget-heading\" data-id=\"ff38c2b\" data-element_type=\"widget\" data-e-type=\"widget\" data-widget_type=\"heading.default\">\n\t\t\t\t\t<h3 class=\"elementor-heading-title elementor-size-default\">Verspreidingsgebied<\/h3>\t\t\t\t<\/div>\n\t\t\t\t<div class=\"elementor-element elementor-element-4e49fcc elementor-widget elementor-widget-text-editor\" data-id=\"4e49fcc\" data-element_type=\"widget\" data-e-type=\"widget\" data-widget_type=\"text-editor.default\">\n\t\t\t\t\t\t\t\t\t<p>Beieren, Oostenrijk, Zuid-Tirol en het alpine oostelijk gebied, met noordelijke parallelfiguren tot in Midden-Duitsland.<\/p>\n\t\t\t\t\t\t\t\t<\/div>\n\t\t\t\t\t<\/div>\n\t\t\t\t<\/div>\n\t\t\t\t<\/div>\n\t\t<div class=\"elementor-element elementor-element-db03c39 e-con-full e-flex e-con e-child\" data-id=\"db03c39\" data-element_type=\"container\" data-e-type=\"container\">\n\t\t<div class=\"elementor-element elementor-element-229a87b e-flex e-con-boxed e-con e-child\" data-id=\"229a87b\" data-element_type=\"container\" data-e-type=\"container\">\n\t\t\t\t\t<div class=\"e-con-inner\">\n\t\t\t\t<div class=\"elementor-element elementor-element-1f471fc elementor-widget elementor-widget-heading\" data-id=\"1f471fc\" data-element_type=\"widget\" data-e-type=\"widget\" data-widget_type=\"heading.default\">\n\t\t\t\t\t<h3 class=\"elementor-heading-title elementor-size-default\">Bronnensituatie<\/h3>\t\t\t\t<\/div>\n\t\t\t\t<div class=\"elementor-element elementor-element-36b1201 elementor-widget elementor-widget-text-editor\" data-id=\"36b1201\" data-element_type=\"widget\" data-e-type=\"widget\" data-widget_type=\"text-editor.default\">\n\t\t\t\t\t\t\t\t\t<p>Middeleeuwse boetepredicaties, het Handw\u00f6rterbuch des deutschen Aberglaubens en de sagenverzamelingen uit de 19e eeuw vormen de bronbasis.<\/p>\n\t\t\t\t\t\t\t\t<\/div>\n\t\t\t\t\t<\/div>\n\t\t\t\t<\/div>\n\t\t\t\t<\/div>\n\t\t\t\t\t<\/div>\n\t\t\t\t<\/div>\n\t\t<div class=\"elementor-element elementor-element-3ae0637c e-flex e-con-boxed e-con e-parent\" data-id=\"3ae0637c\" data-element_type=\"container\" data-e-type=\"container\">\n\t\t\t\t\t<div class=\"e-con-inner\">\n\t\t\t\t<div class=\"elementor-element elementor-element-31d07739 elementor-widget elementor-widget-heading\" data-id=\"31d07739\" data-element_type=\"widget\" data-e-type=\"widget\" data-widget_type=\"heading.default\">\n\t\t\t\t\t<h2 class=\"elementor-heading-title elementor-size-default\">Naam en varianten<\/h2>\t\t\t\t<\/div>\n\t\t<div class=\"elementor-element elementor-element-b7642947 e-con-full e-flex e-con e-child\" data-id=\"b7642947\" data-element_type=\"container\" data-e-type=\"container\">\n\t\t\t\t<div class=\"elementor-element elementor-element-a086266 elementor-widget elementor-widget-text-editor\" data-id=\"a086266\" data-element_type=\"widget\" data-e-type=\"widget\" data-widget_type=\"text-editor.default\">\n\t\t\t\t\t\t\t\t\t<p><strong>Oudhoogduits:<\/strong> De naam wordt gewoonlijk in verband gebracht met beraht, de glanzende, minder vaak met pergan, de verborgene; het onderzoek heeft de vraag niet afdoende opgehelderd. De naam staat bovendien in verband met de Berchtentag, het Epifaniefeest op 6 januari.<\/p>\n\t\t\t\t\t\t\t\t<\/div>\n\t\t\t\t<\/div>\n\t\t\t\t\t<\/div>\n\t\t\t\t<\/div>\n\t\t<div class=\"elementor-element elementor-element-709a44a8 e-flex e-con-boxed e-con e-parent\" data-id=\"709a44a8\" data-element_type=\"container\" data-e-type=\"container\">\n\t\t\t\t\t<div class=\"e-con-inner\">\n\t\t\t\t<div class=\"elementor-element elementor-element-2f585873 elementor-widget elementor-widget-heading\" data-id=\"2f585873\" data-element_type=\"widget\" data-e-type=\"widget\" data-widget_type=\"heading.default\">\n\t\t\t\t\t<h2 class=\"elementor-heading-title elementor-size-default\">Gestalte en werking<\/h2>\t\t\t\t<\/div>\n\t\t<div class=\"elementor-element elementor-element-70621c12 e-con-full e-flex e-con e-child\" data-id=\"70621c12\" data-element_type=\"container\" data-e-type=\"container\">\n\t\t\t\t<div class=\"elementor-element elementor-element-4296eb49 elementor-widget elementor-widget-text-editor\" data-id=\"4296eb49\" data-element_type=\"widget\" data-e-type=\"widget\" data-widget_type=\"text-editor.default\">\n\t\t\t\t\t\t\t\t\t<p><strong>Verschijning<\/strong><\/p>\n<p>Perchta verschijnt in twee tegengestelde gedaanten: als mooie vrouw in een licht, vaak wit gewaad, verbonden met licht, reinheid en vruchtbaarheid, of als een magere gedaante met een lange neus, verwarde haren en de naamgevende ganzenvoet of zwanenvoet.<\/p>\n<p><strong>Werking<\/strong><\/p>\n<p>Beide vormen controleren of spinrokken opgeruimd, huizen schoongemaakt en het jaarlijkse werk netjes afgesloten zijn. In de Perchtenlauf van de Oostelijke Alpen weerspiegelt deze dubbele gedaante zich tot vandaag in de mooie en de schiche Perchtenmaskers.<\/p>\n\t\t\t\t\t\t\t\t<\/div>\n\t\t\t\t<\/div>\n\t\t\t\t\t<\/div>\n\t\t\t\t<\/div>\n\t\t<div class=\"elementor-element elementor-element-44e71476 e-flex e-con-boxed e-con e-parent\" data-id=\"44e71476\" data-element_type=\"container\" data-e-type=\"container\">\n\t\t\t\t\t<div class=\"e-con-inner\">\n\t\t\t\t<div class=\"elementor-element elementor-element-3c1fc3f0 elementor-widget elementor-widget-heading\" data-id=\"3c1fc3f0\" data-element_type=\"widget\" data-e-type=\"widget\" data-widget_type=\"heading.default\">\n\t\t\t\t\t<h2 class=\"elementor-heading-title elementor-size-default\">Profiel: Frau Perchta<\/h2>\t\t\t\t<\/div>\n\t\t<div class=\"elementor-element elementor-element-84f33b8e e-con-full e-flex e-con e-child\" data-id=\"84f33b8e\" data-element_type=\"container\" data-e-type=\"container\">\n\t\t\t\t<div class=\"elementor-element elementor-element-hqkdc67p elementor-widget elementor-widget-text-editor\" data-id=\"hqkdc67p\" data-element_type=\"widget\" data-e-type=\"widget\" data-widget_type=\"text-editor.default\">\n\t\t\t\t\t\t\t\t\t<p>De belangrijkste aspecten van de bewaakster van de Raun\u00e4chte op een rij.<\/p>\n\t\t\t\t\t\t\t\t<\/div>\n\t\t\t\t<\/div>\n\t\t<div class=\"elementor-element elementor-element-pemmx7c5 e-con-full e-flex e-con e-child\" data-id=\"pemmx7c5\" data-element_type=\"container\" data-e-type=\"container\">\n\t\t<div class=\"elementor-element elementor-element-pemmx7c1 e-con-full e-flex e-con e-child\" data-id=\"pemmx7c1\" data-element_type=\"container\" data-e-type=\"container\">\n\t\t<div class=\"elementor-element elementor-element-qh9oavvu iwg-steckbrief-card e-flex e-con-boxed e-con e-child\" data-id=\"qh9oavvu\" data-element_type=\"container\" data-e-type=\"container\">\n\t\t\t\t\t<div class=\"e-con-inner\">\n\t\t\t\t<div class=\"elementor-element elementor-element-awzx8k2k elementor-widget elementor-widget-heading\" data-id=\"awzx8k2k\" data-element_type=\"widget\" data-e-type=\"widget\" data-widget_type=\"heading.default\">\n\t\t\t\t\t<div class=\"elementor-heading-title elementor-size-default\">Culturele context<\/div>\t\t\t\t<\/div>\n\t\t\t\t<div class=\"elementor-element elementor-element-x6rowhv0 elementor-widget elementor-widget-text-editor\" data-id=\"x6rowhv0\" data-element_type=\"widget\" data-e-type=\"widget\" data-widget_type=\"text-editor.default\">\n\t\t\t\t\t\t\t\t\t<p>Seizoensgeest van het alpine oostelijke gebied, sinds de 15e eeuw kerkelijk gedocumenteerd en door Jacob Grimm ingedeeld als zuidelijke verwante van Frau Holle.<\/p>\n\t\t\t\t\t\t\t\t<\/div>\n\t\t\t\t\t<\/div>\n\t\t\t\t<\/div>\n\t\t<div class=\"elementor-element elementor-element-8e3o4kxs iwg-steckbrief-card e-flex e-con-boxed e-con e-child\" data-id=\"8e3o4kxs\" data-element_type=\"container\" data-e-type=\"container\">\n\t\t\t\t\t<div class=\"e-con-inner\">\n\t\t\t\t<div class=\"elementor-element elementor-element-08rkdgov elementor-widget elementor-widget-heading\" data-id=\"08rkdgov\" data-element_type=\"widget\" data-e-type=\"widget\" data-widget_type=\"heading.default\">\n\t\t\t\t\t<div class=\"elementor-heading-title elementor-size-default\">Verantwoordelijk voor<\/div>\t\t\t\t<\/div>\n\t\t\t\t<div class=\"elementor-element elementor-element-uwjelx8s elementor-widget elementor-widget-text-editor\" data-id=\"uwjelx8s\" data-element_type=\"widget\" data-e-type=\"widget\" data-widget_type=\"text-editor.default\">\n\t\t\t\t\t\t\t\t\t<p>Spinsters, huispersoneel en kinderen: Perchta controleert de vlijt en de orde in huis en waakt over de overgang van het oude naar het nieuwe jaar.<\/p>\n\t\t\t\t\t\t\t\t<\/div>\n\t\t\t\t\t<\/div>\n\t\t\t\t<\/div>\n\t\t<div class=\"elementor-element elementor-element-jm2n74ec iwg-steckbrief-card e-flex e-con-boxed e-con e-child\" data-id=\"jm2n74ec\" data-element_type=\"container\" data-e-type=\"container\">\n\t\t\t\t\t<div class=\"e-con-inner\">\n\t\t\t\t<div class=\"elementor-element elementor-element-8vufse4c elementor-widget elementor-widget-heading\" data-id=\"8vufse4c\" data-element_type=\"widget\" data-e-type=\"widget\" data-widget_type=\"heading.default\">\n\t\t\t\t\t<div class=\"elementor-heading-title elementor-size-default\">Verbeelding<\/div>\t\t\t\t<\/div>\n\t\t\t\t<div class=\"elementor-element elementor-element-mwb9u015 elementor-widget elementor-widget-text-editor\" data-id=\"mwb9u015\" data-element_type=\"widget\" data-e-type=\"widget\" data-widget_type=\"text-editor.default\">\n\t\t\t\t\t\t\t\t\t<p>Mooie, wit geklede vrouw of magere, langneuzige oude vrouw met ganzenvoet; in de Perchtenlauf weergegeven als mooi en schich masker.<\/p>\n\t\t\t\t\t\t\t\t<\/div>\n\t\t\t\t\t<\/div>\n\t\t\t\t<\/div>\n\t\t\t\t<\/div>\n\t\t<div class=\"elementor-element elementor-element-pemmx7c2 e-con-full e-flex e-con e-child\" data-id=\"pemmx7c2\" data-element_type=\"container\" data-e-type=\"container\">\n\t\t<div class=\"elementor-element elementor-element-37ss2yr6 iwg-steckbrief-card e-flex e-con-boxed e-con e-child\" data-id=\"37ss2yr6\" data-element_type=\"container\" data-e-type=\"container\">\n\t\t\t\t\t<div class=\"e-con-inner\">\n\t\t\t\t<div class=\"elementor-element elementor-element-3v0wp3wx elementor-widget elementor-widget-heading\" data-id=\"3v0wp3wx\" data-element_type=\"widget\" data-e-type=\"widget\" data-widget_type=\"heading.default\">\n\t\t\t\t\t<div class=\"elementor-heading-title elementor-size-default\">Werkingsgebied<\/div>\t\t\t\t<\/div>\n\t\t\t\t<div class=\"elementor-element elementor-element-w3247g2m elementor-widget elementor-widget-text-editor\" data-id=\"w3247g2m\" data-element_type=\"widget\" data-e-type=\"widget\" data-widget_type=\"text-editor.default\">\n\t\t\t\t\t\t\t\t\t<p>Beloning van vlijt met zegen en een goede oogst, terechtwijzing en in oudere verhalen zwaardere straffen bij nalatigheid.<\/p>\n\t\t\t\t\t\t\t\t<\/div>\n\t\t\t\t\t<\/div>\n\t\t\t\t<\/div>\n\t\t<div class=\"elementor-element elementor-element-0qpjal9w iwg-steckbrief-card e-flex e-con-boxed e-con e-child\" data-id=\"0qpjal9w\" data-element_type=\"container\" data-e-type=\"container\">\n\t\t\t\t\t<div class=\"e-con-inner\">\n\t\t\t\t<div class=\"elementor-element elementor-element-6ndoih0o elementor-widget elementor-widget-heading\" data-id=\"6ndoih0o\" data-element_type=\"widget\" data-e-type=\"widget\" data-widget_type=\"heading.default\">\n\t\t\t\t\t<div class=\"elementor-heading-title elementor-size-default\">Omgang<\/div>\t\t\t\t<\/div>\n\t\t\t\t<div class=\"elementor-element elementor-element-6684tyh9 elementor-widget elementor-widget-text-editor\" data-id=\"6684tyh9\" data-element_type=\"widget\" data-e-type=\"widget\" data-widget_type=\"text-editor.default\">\n\t\t\t\t\t\t\t\t\t<p>Opgeruimde spinrokken en netjes opgeruimde kamers v\u00f3\u00f3r de kritieke nacht, daarnaast reukwerk, banspreuken en gebeden op de drempel.<\/p>\n\t\t\t\t\t\t\t\t<\/div>\n\t\t\t\t\t<\/div>\n\t\t\t\t<\/div>\n\t\t<div class=\"elementor-element elementor-element-3lfi7x32 iwg-steckbrief-card e-flex e-con-boxed e-con e-child\" data-id=\"3lfi7x32\" data-element_type=\"container\" data-e-type=\"container\">\n\t\t\t\t\t<div class=\"e-con-inner\">\n\t\t\t\t<div class=\"elementor-element elementor-element-0kg99ga1 elementor-widget elementor-widget-heading\" data-id=\"0kg99ga1\" data-element_type=\"widget\" data-e-type=\"widget\" data-widget_type=\"heading.default\">\n\t\t\t\t\t<div class=\"elementor-heading-title elementor-size-default\">Verwant<\/div>\t\t\t\t<\/div>\n\t\t\t\t<div class=\"elementor-element elementor-element-n0fum6kp elementor-widget elementor-widget-text-editor\" data-id=\"n0fum6kp\" data-element_type=\"widget\" data-e-type=\"widget\" data-widget_type=\"text-editor.default\">\n\t\t\t\t\t\t\t\t\t<p>De oostslavische <a href=\"https:\/\/iwell-guard.com\/nl\/kikimora\/\">Kikimora<\/a> als verwante, straffende huisgeest, daarnaast de nachtelijke vrouwenstoeten rond <a href=\"https:\/\/iwell-guard.com\/nl\/diana\/\">Diana<\/a> uit de Canon Episcopi.<\/p>\n\t\t\t\t\t\t\t\t<\/div>\n\t\t\t\t\t<\/div>\n\t\t\t\t<\/div>\n\t\t\t\t<\/div>\n\t\t\t\t<\/div>\n\t\t\t\t\t<\/div>\n\t\t\t\t<\/div>\n\t\t<div class=\"elementor-element elementor-element-7533bc7a e-flex e-con-boxed e-con e-parent\" data-id=\"7533bc7a\" data-element_type=\"container\" data-e-type=\"container\">\n\t\t\t\t\t<div class=\"e-con-inner\">\n\t\t\t\t<div class=\"elementor-element elementor-element-2447d18d elementor-widget elementor-widget-heading\" data-id=\"2447d18d\" data-element_type=\"widget\" data-e-type=\"widget\" data-widget_type=\"heading.default\">\n\t\t\t\t\t<h2 class=\"elementor-heading-title elementor-size-default\">Van bu\u00dfpredikatie tot Berchtentag<\/h2>\t\t\t\t<\/div>\n\t\t<div class=\"elementor-element elementor-element-d5d0260c e-con-full e-flex e-con e-child\" data-id=\"d5d0260c\" data-element_type=\"container\" data-e-type=\"container\">\n\t\t\t\t<div class=\"elementor-element elementor-element-341be2ac elementor-widget elementor-widget-text-editor\" data-id=\"341be2ac\" data-element_type=\"widget\" data-e-type=\"widget\" data-widget_type=\"text-editor.default\">\n\t\t\t\t\t\t\t\t\t<p>De naam Perchta wordt gewoonlijk in verband gebracht met het Oudhoogduitse beraht, de glanzende, minder vaak met pergan, de verborgene. De vroegste literaire sporen zijn te vinden in de 15e eeuw bij Thomas Ebendorfer van Haselbach, die in zijn preekverzameling De decem praeceptis de Perchta-cultus als bijgeloof veroordeelde, en in de Thesaurus pauperum van 1468. De naam staat in verband met de Berchtentag, het Epifaniefeest op 6 januari, waarop de gedaante bijzondere aandacht kreeg.<\/p>\n<p>Jacob Grimm ordende Perchta in zijn Deutsche Mythologie als zuidelijke verwante van de Noord-Duitse Frau Holle, met wie zij de rollen van toezichthoudster op de spinstube en beschermster van dieren deelt; of het gaat om een gemeenschappelijke oudere gedaante of om parallel ontstane, regionaal gescheiden tradities, wordt in het onderzoek bediscussieerd. Oudere sagenlagen kennen een drastisch strafmotief, waarbij Perchta de buik openrijt en met stro of hakselstro vult; in de tegenwoordig verteld en beleefde traditie van de Alpen komt echter de rol als milde, zij het strenge beoordelaar duidelijk op de voorgrond te staan.<\/p>\n\t\t\t\t\t\t\t\t<\/div>\n\t\t\t\t<\/div>\n\t\t\t\t\t<\/div>\n\t\t\t\t<\/div>\n\t\t<div class=\"elementor-element elementor-element-cf9ff8f e-flex e-con-boxed e-con e-parent\" data-id=\"cf9ff8f\" data-element_type=\"container\" data-e-type=\"container\">\n\t\t\t\t\t<div class=\"e-con-inner\">\n\t\t\t\t<div class=\"elementor-element elementor-element- elementor-widget elementor-widget-heading\" data-id=\"\" data-element_type=\"widget\" data-e-type=\"widget\" data-widget_type=\"heading.default\">\n\t\t\t\t\t<h2 class=\"elementor-heading-title elementor-size-default\">Vroege bronnen: Giperchtennacht, 1393 en 1411<\/h2>\t\t\t\t<\/div>\n\t\t<div class=\"elementor-element elementor-element- e-con-full e-flex e-con e-child\" data-id=\"\" data-element_type=\"container\" data-e-type=\"container\">\n\t\t\t\t<div class=\"elementor-element elementor-element- elementor-widget elementor-widget-text-editor\" data-id=\"\" data-element_type=\"widget\" data-e-type=\"widget\" data-widget_type=\"text-editor.default\">\n\t\t\t\t\t\t\t\t\t<p>De naam gaat terug op de kerktaal van de middeleeuwen. Middelhoogduits bercht betekent glanzend of stralend. De glanzende nacht was de vooravond van 6 januari, het feest van de Openbaring des Heren. In de Mondseer Glossen uit de 11e eeuw is daarvoor de aanduiding Giperchtennacht overgeleverd.<\/p><p>De sagengestalte Perchta is sinds de late middeleeuwen traceerbaar. Een Tirools gedicht uit 1393 noemt de Berchten met de lange neus. Hans Vintler spot in 1411 in de Pluemen der Tugent met het geloof in de Perchten met de ijzeren neus.<\/p><p>Maskeradeoptochten rond de jaarwisseling zijn echter ouder dan de naam. Al rond 500 preekte Caesarius van Arles tegen lawaaierige verkleedgebruiken bij het begin van het jaar. Of er continu\u00efteit bestaat tussen zulke laatantieke optochten en de Alpiene Perchten, is in het onderzoek omstreden.<\/p><p>De volkskundige Marianne Rumpf verklaarde de gedaante vooral vanuit het kerkelijke onderricht, niet vanuit heidense overlevering. Een aantoonbare voorchristelijke godin Perchta komt in de bronnen niet voor.<\/p>\t\t\t\t\t\t\t\t<\/div>\n\t\t\t\t<\/div>\n\t\t\t\t\t<\/div>\n\t\t\t\t<\/div>\n\t\t<div class=\"elementor-element elementor-element-5a584676 e-flex e-con-boxed e-con e-parent\" data-id=\"5a584676\" data-element_type=\"container\" data-e-type=\"container\">\n\t\t\t\t\t<div class=\"e-con-inner\">\n\t\t\t\t<div class=\"elementor-element elementor-element-6d0757bf elementor-widget elementor-widget-heading\" data-id=\"6d0757bf\" data-element_type=\"widget\" data-e-type=\"widget\" data-widget_type=\"heading.default\">\n\t\t\t\t\t<h2 class=\"elementor-heading-title elementor-size-default\">Perchtenlauf en moderne herinterpretatie<\/h2>\t\t\t\t<\/div>\n\t\t<div class=\"elementor-element elementor-element-60563f68 e-con-full e-flex e-con e-child\" data-id=\"60563f68\" data-element_type=\"container\" data-e-type=\"container\">\n\t\t\t\t<div class=\"elementor-element elementor-element-5a93fdd6 elementor-widget elementor-widget-text-editor\" data-id=\"5a93fdd6\" data-element_type=\"widget\" data-e-type=\"widget\" data-widget_type=\"text-editor.default\">\n\t\t\t\t\t\t\t\t\t<p>Perchta bleef in het Alpengebied vooral levend door de Perchtenlauf, die tot vandaag met oudjaar en rond 6 januari plaatsvindt in Salzburg, Tirol en aangrenzende regio&#8217;s. In de volkse en esoterische literatuur van vandaag wordt zij vaak herinterpreteerd tot een Rauhn\u00e4chte- en seizoensgodin, een lezing die afwijkt van de oudere, strengere volkssage.<\/p>\n<p>Perchta behoort tot de zogenoemde seizoensdemonen, wier optreden gebonden is aan de overgang tussen de jaren en die tegelijk controle en vruchtbaarheid verbeelden. De dubbele gedaante van mooie en lelijke verschijning laat zich lezen als personificatie van loon en straf, ingebed in een economie van het huiswerk, waarin spinnen en orde centrale waarden waren. De kerkelijke veroordeling van de Perchta-cultus sinds de 15e eeuw laat zien dat de gedaante lange tijd werd waargenomen als een overblijfsel van voorchristelijke voorstellingen, ook al kan een ononderbroken cultuscontinu\u00efteit uit de late bronnen niet worden bewezen.<\/p>\n\t\t\t\t\t\t\t\t<\/div>\n\t\t\t\t<\/div>\n\t\t\t\t\t<\/div>\n\t\t\t\t<\/div>\n\t\t<div class=\"elementor-element elementor-element-337f328 e-flex e-con-boxed e-con e-parent\" data-id=\"337f328\" data-element_type=\"container\" data-e-type=\"container\">\n\t\t\t\t\t<div class=\"e-con-inner\">\n\t\t\t\t<div class=\"elementor-element elementor-element- elementor-widget elementor-widget-heading\" data-id=\"\" data-element_type=\"widget\" data-e-type=\"widget\" data-widget_type=\"heading.default\">\n\t\t\t\t\t<h2 class=\"elementor-heading-title elementor-size-default\">Sch\u00f6nperchten en Schiachperchten<\/h2>\t\t\t\t<\/div>\n\t\t<div class=\"elementor-element elementor-element- e-con-full e-flex e-con e-child\" data-id=\"\" data-element_type=\"container\" data-e-type=\"container\">\n\t\t\t\t<div class=\"elementor-element elementor-element- elementor-widget elementor-widget-text-editor\" data-id=\"\" data-element_type=\"widget\" data-e-type=\"widget\" data-widget_type=\"text-editor.default\">\n\t\t\t\t\t\t\t\t\t<p>Het gebruik kent twee gezichten, en beide horen bij elkaar.<\/p><p>De Sch\u00f6nperchten treden overdag op. Ze dragen praalvolle, vaak torenhoge opzetstukken met spiegels, bloemen en linten en wensen de huizen geluk en zegen voor het nieuwe jaar.<\/p><p>De Schiachperchten vormen de nachtzijde van het gebruik. Het Opperduitse woord schiach betekent lelijk. Ze dragen demonische houten Larven (maskers) met hoorns en tanden, bont en bellen. Met veel lawaai trekken ze door de straten. Volgens een verbreide uitleg verdrijven ze zo het onheil van het oude jaar, voordat de zegen zijn intrede kan doen.<\/p>\t\t\t\t\t\t\t\t<\/div>\n\t\t\t\t<\/div>\n\t\t\t\t\t<\/div>\n\t\t\t\t<\/div>\n\t\t<div class=\"elementor-element elementor-element-e89e661 e-flex e-con-boxed e-con e-parent\" data-id=\"e89e661\" data-element_type=\"container\" data-e-type=\"container\">\n\t\t\t\t\t<div class=\"e-con-inner\">\n\t\t\t\t<div class=\"elementor-element elementor-element- elementor-widget elementor-widget-heading\" data-id=\"\" data-element_type=\"widget\" data-e-type=\"widget\" data-widget_type=\"heading.default\">\n\t\t\t\t\t<h2 class=\"elementor-heading-title elementor-size-default\">De Perchtentijd: Raun\u00e4chte en Perchtennacht<\/h2>\t\t\t\t<\/div>\n\t\t<div class=\"elementor-element elementor-element- e-con-full e-flex e-con e-child\" data-id=\"\" data-element_type=\"container\" data-e-type=\"container\">\n\t\t\t\t<div class=\"elementor-element elementor-element- elementor-widget elementor-widget-text-editor\" data-id=\"\" data-element_type=\"widget\" data-e-type=\"widget\" data-widget_type=\"text-editor.default\">\n\t\t\t\t\t\t\t\t\t<p>De eigenlijke tijd van de Perchten zijn de <a href=\"https:\/\/iwell-guard.com\/rauhnaechte\/\">Raun\u00e4chte<\/a>, van kerstavond tot Driekoningen. In deze nachten gold de orde van de wereld als doorlaatbaar. Optochten, lawaai en zegenwensen moesten huis en erf door de jaarwisseling heen brengen.<\/p><p>Het besluit vormt 5 januari, op sommige plaatsen Gl\u00f6ckeltag genoemd, gevolgd door de Perchtennacht op Driekoningen. Op deze datum houden de traditiebewuste plaatsen tot op heden hun optochten.<\/p>\t\t\t\t\t\t\t\t<\/div>\n\t\t\t\t<\/div>\n\t\t\t\t\t<\/div>\n\t\t\t\t<\/div>\n\t\t<div class=\"elementor-element elementor-element-de94d99 e-flex e-con-boxed e-con e-parent\" data-id=\"de94d99\" data-element_type=\"container\" data-e-type=\"container\">\n\t\t\t\t\t<div class=\"e-con-inner\">\n\t\t\t\t<div class=\"elementor-element elementor-element- elementor-widget elementor-widget-heading\" data-id=\"\" data-element_type=\"widget\" data-e-type=\"widget\" data-widget_type=\"heading.default\">\n\t\t\t\t\t<h2 class=\"elementor-heading-title elementor-size-default\">Perchtenoptochten: van de Pongau tot het Salzkammergut<\/h2>\t\t\t\t<\/div>\n\t\t<div class=\"elementor-element elementor-element- e-con-full e-flex e-con e-child\" data-id=\"\" data-element_type=\"container\" data-e-type=\"container\">\n\t\t\t\t<div class=\"elementor-element elementor-element- elementor-widget elementor-widget-text-editor\" data-id=\"\" data-element_type=\"widget\" data-e-type=\"widget\" data-widget_type=\"text-editor.default\">\n\t\t\t\t\t\t\t\t\t<p>De bekendste traditionele optocht is de Pongauer Perchtenlauf in het Salzburger Land, aantoonbaar al v\u00f3\u00f3r 1850 ontstaan. Hij wisselt bij toerbeurt tussen de gemeenten St. Johann, Altenmarkt, Bischofshofen, Bad Gastein en Bad Hofgastein, telkens rond Driekoningen. In het Gasteinertal horen Tafelperchten en Kappenperchten met hun metershoge opzetstukken bij de stoet, evenals begeleidende figuren zoals de <a href=\"https:\/\/iwell-guard.com\/habergeiss\/\">Habergei\u00df<\/a> of de beer met zijn drijver.<\/p><p>Daarnaast bestaan zelfstandige bijzondere vormen. In Rauris gaan de Schnabelperchten rond, gedaanten met lange snavels van stof, die volgens de overlevering orde en netheid in huis controleren. In het Salzkammergut lopen op 5 januari de Gl\u00f6ckler, witgeklede gedaanten met een stralende kap vol lichtjes. In de Pinzgau springen de Tresterer hun oude stapdans, in het Ennstal treedt de Vogelpercht op.<\/p>\t\t\t\t\t\t\t\t<\/div>\n\t\t\t\t<\/div>\n\t\t\t\t\t<\/div>\n\t\t\t\t<\/div>\n\t\t<div class=\"elementor-element elementor-element-16c1f9d e-flex e-con-boxed e-con e-parent\" data-id=\"16c1f9d\" data-element_type=\"container\" data-e-type=\"container\">\n\t\t\t\t\t<div class=\"e-con-inner\">\n\t\t\t\t<div class=\"elementor-element elementor-element- elementor-widget elementor-widget-heading\" data-id=\"\" data-element_type=\"widget\" data-e-type=\"widget\" data-widget_type=\"heading.default\">\n\t\t\t\t\t<h2 class=\"elementor-heading-title elementor-size-default\">Hoe worden Perchten nog genoemd? Regionale namen<\/h2>\t\t\t\t<\/div>\n\t\t<div class=\"elementor-element elementor-element- e-con-full e-flex e-con e-child\" data-id=\"\" data-element_type=\"container\" data-e-type=\"container\">\n\t\t\t\t<div class=\"elementor-element elementor-element- elementor-widget elementor-widget-text-editor\" data-id=\"\" data-element_type=\"widget\" data-e-type=\"widget\" data-widget_type=\"text-editor.default\">\n\t\t\t\t\t\t\t\t\t<p>Al naargelang de streek draagt de gedaante verschillende namen. In Neder-Oostenrijk heette ze Bechtra, in het Ausseerland B\u00e4rigl, in Oost-Stiermarken en het Burgenland Rauweib of Pudelfrau. In Opper-Beieren kent men verwante gedaanten als Holzmandl of Moosmann, in Noordoost-Beieren als Specht. In het Midden-Duitse taalgebied neemt <a href=\"https:\/\/iwell-guard.com\/holla\/\">Frau Holle<\/a> de rol van de winterse vrouwengestalte over.<\/p><p>Ook de schrijfwijzen wisselen: Percht, Bercht, Berchta, Perchta. Bedoeld wordt steeds dezelfde figuur van de Raun\u00e4chte.<\/p>\t\t\t\t\t\t\t\t<\/div>\n\t\t\t\t<\/div>\n\t\t\t\t\t<\/div>\n\t\t\t\t<\/div>\n\t\t<div class=\"elementor-element elementor-element-61aefbe e-flex e-con-boxed e-con e-parent\" data-id=\"61aefbe\" data-element_type=\"container\" data-e-type=\"container\">\n\t\t\t\t\t<div class=\"e-con-inner\">\n\t\t\t\t<div class=\"elementor-element elementor-element- elementor-widget elementor-widget-heading\" data-id=\"\" data-element_type=\"widget\" data-e-type=\"widget\" data-widget_type=\"heading.default\">\n\t\t\t\t\t<h2 class=\"elementor-heading-title elementor-size-default\">Maskers, verenigingen en het gebruik vandaag<\/h2>\t\t\t\t<\/div>\n\t\t<div class=\"elementor-element elementor-element- e-con-full e-flex e-con e-child\" data-id=\"\" data-element_type=\"container\" data-e-type=\"container\">\n\t\t\t\t<div class=\"elementor-element elementor-element- elementor-widget elementor-widget-text-editor\" data-id=\"\" data-element_type=\"widget\" data-e-type=\"widget\" data-widget_type=\"text-editor.default\">\n\t\t\t\t\t\t\t\t\t<p>Perchtenmaskers, in het Alpengebied Larven genoemd, zijn snijwerk van arvenhout of lindehout, vaak met echte hoorns en bontbezetting. Veel Passen, dat wil zeggen optochtgroepen, vervaardigen hun Larven zelf of laten ze maken door gespecialiseerde houtsnijders. Oude Larven zijn gewilde verzamelstukken en staan in heemkundemusea van het Alpengebied.<\/p><p>Het gebruik leeft vandaag in twee vormen voort. De traditionele plaatsen houden vast aan datum en verloop. Daarnaast is een evenementensc\u00e8ne ontstaan, met grote showoptochten, vuurshows en honderden deelnemers die de adventstijd vullen. De spanning tussen traditiebehoud en evenement hoort inmiddels zelf bij het onderwerp Perchten.<\/p>\t\t\t\t\t\t\t\t<\/div>\n\t\t\t\t<\/div>\n\t\t\t\t\t<\/div>\n\t\t\t\t<\/div>\n\t\t<div class=\"elementor-element elementor-element-7ec5e0e e-flex e-con-boxed e-con e-parent\" data-id=\"7ec5e0e\" data-element_type=\"container\" data-e-type=\"container\">\n\t\t\t\t\t<div class=\"e-con-inner\">\n\t\t\t\t<div class=\"elementor-element elementor-element- elementor-widget elementor-widget-heading\" data-id=\"\" data-element_type=\"widget\" data-e-type=\"widget\" data-widget_type=\"heading.default\">\n\t\t\t\t\t<h2 class=\"elementor-heading-title elementor-size-default\">Perchten en Krampus: het verschil<\/h2>\t\t\t\t<\/div>\n\t\t<div class=\"elementor-element elementor-element- e-con-full e-flex e-con e-child\" data-id=\"\" data-element_type=\"container\" data-e-type=\"container\">\n\t\t\t\t<div class=\"elementor-element elementor-element- elementor-widget elementor-widget-text-editor\" data-id=\"\" data-element_type=\"widget\" data-e-type=\"widget\" data-widget_type=\"text-editor.default\">\n\t\t\t\t\t\t\t\t\t<p>Beide gedaanten worden vaak met elkaar verward, maar moeten los van elkaar worden gehouden.<\/p><p>De <a href=\"https:\/\/iwell-guard.com\/krampus\/\">Krampus<\/a> hoort bij Sint-Nicolaas en daarmee bij de adventstijd. Hij trekt rond op 5 en 6 december, als straffende begeleider van de heilige. De Perchten horen aan het andere eind van de kersttijd thuis, in de Raun\u00e4chte rond 6 januari, en zij begeleiden niemand. Ze treden op als zelfstandige schare.<\/p><p>Tegenwoordig lopen beide gebruiken door elkaar. Veel evenementen in de adventstijd heten Perchtenlauf, maar tonen Krampusfiguren, en moderne showoptochten combineren beide maskertypen. Volkskundigen en oude, gevestigde Passen onderscheiden daarentegen strikt naar datum en rol.<\/p>\t\t\t\t\t\t\t\t<\/div>\n\t\t\t\t<\/div>\n\t\t\t\t\t<\/div>\n\t\t\t\t<\/div>\n\t\t<div class=\"elementor-element elementor-element-cp9a031aa e-flex e-con-boxed e-con e-parent\" data-id=\"cp9a031aa\" data-element_type=\"container\" data-e-type=\"container\">\n\t\t\t\t\t<div class=\"e-con-inner\">\n\t\t\t\t<div class=\"elementor-element elementor-element-cp9193514 elementor-widget elementor-widget-heading\" data-id=\"cp9193514\" data-element_type=\"widget\" data-e-type=\"widget\" data-widget_type=\"heading.default\">\n\t\t\t\t\t<h2 class=\"elementor-heading-title elementor-size-default\">Vlijt, orde en de bescherming van de drempel<\/h2>\t\t\t\t<\/div>\n\t\t<div class=\"elementor-element elementor-element-cp02ca0ee e-con-full e-flex e-con e-child\" data-id=\"cp02ca0ee\" data-element_type=\"container\" data-e-type=\"container\">\n\t\t\t\t<div class=\"elementor-element elementor-element-cp444e0f1 elementor-widget elementor-widget-text-editor\" data-id=\"cp444e0f1\" data-element_type=\"widget\" data-e-type=\"widget\" data-widget_type=\"text-editor.default\">\n\t\t\t\t\t\t\t\t\t<p>Wie de beoordeling van Perchta vreesde, kon zich volgens de overlevering vooral door vlijt en orde beschermen: opgeruimde spinrokken, netjes opgeruimde kamers en stallen v\u00f3\u00f3r de kritieke nacht golden als de meest doeltreffende preventie. Daarnaast kende men in de Raun\u00e4chte het reukwerk van de ruimtes met wierook, om de lucht te reinigen van rondtrekkende geesten, evenals banspreuken en gebeden die op de drempel werden uitgesproken. Ook het besprechen, het rituele opzeggen van vaste formules door ervaren personen, behoorde tot de overgeleverde afweermiddelen tegen de onheilspellender verschijningsvorm van de Percht.<\/p>\n\t\t\t\t\t\t\t\t<\/div>\n\t\t\t\t<\/div>\n\t\t\t\t\t<\/div>\n\t\t\t\t<\/div>\n\t\t<div class=\"elementor-element elementor-element-258586c e-flex e-con-boxed e-con e-parent\" data-id=\"258586c\" data-element_type=\"container\" data-e-type=\"container\">\n\t\t\t\t\t<div class=\"e-con-inner\">\n\t\t\t\t<div class=\"elementor-element elementor-element- elementor-widget elementor-widget-heading\" data-id=\"\" data-element_type=\"widget\" data-e-type=\"widget\" data-widget_type=\"heading.default\">\n\t\t\t\t\t<h2 class=\"elementor-heading-title elementor-size-default\">Schrik die moet beschermen<\/h2>\t\t\t\t<\/div>\n\t\t<div class=\"elementor-element elementor-element- e-con-full e-flex e-con e-child\" data-id=\"\" data-element_type=\"container\" data-e-type=\"container\">\n\t\t\t\t<div class=\"elementor-element elementor-element- elementor-widget elementor-widget-text-editor\" data-id=\"\" data-element_type=\"widget\" data-e-type=\"widget\" data-widget_type=\"text-editor.default\">\n\t\t\t\t\t\t\t\t\t<p>De Perchten laten een patroon zien dat in veel culturen terugkeert: de angstaanjagende gedaante is tegelijk de beschermende. Het lawaai van de bellen, de demonische Larve, de nachtelijke optocht richten zich niet tegen de mensen, maar tegen wat hun zou kunnen schaden. Wie de schrikgestalte aan zijn zijde heeft, gaat gesterkt het nieuwe jaar in.<\/p><p>Daarmee staan de Perchten in het lexicon naast gedaanten als de <a href=\"https:\/\/iwell-guard.com\/krampus\/\">Krampus<\/a>, de nachtelijke drukgeesten zoals de <a href=\"https:\/\/iwell-guard.com\/alp\/\">Alp<\/a>, of de wachtersfiguren van andere culturen: schrik wordt omgezet in bescherming.<\/p>\t\t\t\t\t\t\t\t<\/div>\n\t\t\t\t<\/div>\n\t\t\t\t\t<\/div>\n\t\t\t\t<\/div>\n\t\t<div class=\"elementor-element elementor-element-cp11de5b2 e-flex e-con-boxed e-con e-parent\" data-id=\"cp11de5b2\" data-element_type=\"container\" data-e-type=\"container\">\n\t\t\t\t\t<div class=\"e-con-inner\">\n\t\t\t\t<div class=\"elementor-element elementor-element-cp8d35271 elementor-widget elementor-widget-heading\" data-id=\"cp8d35271\" data-element_type=\"widget\" data-e-type=\"widget\" data-widget_type=\"heading.default\">\n\t\t\t\t\t<h2 class=\"elementor-heading-title elementor-size-default\">Straffende huisgeesten en nachtelijke vrouwenstoeten<\/h2>\t\t\t\t<\/div>\n\t\t<div class=\"elementor-element elementor-element-cp02f26b8 e-con-full e-flex e-con e-child\" data-id=\"cp02f26b8\" data-element_type=\"container\" data-e-type=\"container\">\n\t\t\t\t<div class=\"elementor-element elementor-element-cp58c4390 elementor-widget elementor-widget-text-editor\" data-id=\"cp58c4390\" data-element_type=\"widget\" data-e-type=\"widget\" data-widget_type=\"text-editor.default\">\n\t\t\t\t\t\t\t\t\t<p>In de oostslavische traditie vervult de <a href=\"https:\/\/iwell-guard.com\/nl\/kikimora\/\">Kikimora<\/a> een verwante rol als huisgeest, die nalatigheid bij het spinnen en de huishouding straft, zij het met een duidelijk onheilspellender grondtoon dan de alpine Percht. Een oudere, kerkelijk overgeleverde parallel is te vinden in de Canon Episcopi uit de 10e eeuw, die verhaalt van vrouwen die geloofden &#8217;s nachts met de Romeinse godin <a href=\"https:\/\/iwell-guard.com\/nl\/diana\/\">Diana<\/a> te rijden; deze voorstelling van een nachtelijke vrouwenstoet wordt in het onderzoek vaak in verband gebracht met de latere sagen rond Perchta en Holda. Binnen het Alpengebied geldt de <a href=\"https:\/\/iwell-guard.com\/nl\/salige-frau\/\">Salige Frau<\/a> als een andere verwante beschermende en natuurgedaante.<\/p>\n\t\t\t\t\t\t\t\t<\/div>\n\t\t\t\t<\/div>\n\t\t\t\t\t<\/div>\n\t\t\t\t<\/div>\n\t\t<div class=\"elementor-element elementor-element-cp406577c e-flex e-con-boxed e-con e-parent\" data-id=\"cp406577c\" data-element_type=\"container\" data-e-type=\"container\">\n\t\t\t\t\t<div class=\"e-con-inner\">\n\t\t\t\t<div class=\"elementor-element elementor-element-cpdd9c543 elementor-widget elementor-widget-heading\" data-id=\"cpdd9c543\" data-element_type=\"widget\" data-e-type=\"widget\" data-widget_type=\"heading.default\">\n\t\t\t\t\t<h2 class=\"elementor-heading-title elementor-size-default\">Veelgestelde vragen over Frau Perchta<\/h2>\t\t\t\t<\/div>\n\t\t<div class=\"elementor-element elementor-element-cp9e731bb e-con-full e-flex e-con e-child\" data-id=\"cp9e731bb\" data-element_type=\"container\" data-e-type=\"container\">\n\t\t\t\t<div class=\"elementor-element elementor-element-cpa7c898c elementor-widget elementor-widget-text-editor\" data-id=\"cpa7c898c\" data-element_type=\"widget\" data-e-type=\"widget\" data-widget_type=\"text-editor.default\">\n\t\t\t\t\t\t\t\t\t<p><strong>Is Frau Perchta dezelfde als Frau Holle?<\/strong><\/p>\n<p>Beide gedaanten delen belangrijke functies zoals het toezicht op spinwerk en de binding aan de Raun\u00e4chte. Jacob Grimm beschreef Perchta als zuidelijke verwante van Holle; of er een gemeenschappelijke oergedaante of twee zelfstandige regionale tradities aan ten grondslag liggen, is in het onderzoek niet afdoende opgehelderd.<\/p>\n<p><strong>Waarom heeft Perchta twee zo verschillende verschijningsvormen?<\/strong><\/p>\n<p>De mooie en de magere gedaante staan voor de twee zijden van haar functie: beloning van vlijt en vermaning bij nalatigheid. Deze dubbeling leeft in de Perchtenlauf tot vandaag verder in de mooie en de schiche maskers.<\/p>\n<p><strong>Wanneer precies treedt Perchta op?<\/strong><\/p>\n<p>Het zwaartepunt ligt op de twaalf Raun\u00e4chte tussen Kerstmis en Driekoningen, met bijzondere klemtoon op de nacht v\u00f3\u00f3r 6 januari, de oude Berchtentag. In deze tijd moesten volgens de sage spinwerkzaamheden rusten en huis en erf in orde zijn gebracht.<\/p>\n<p><strong>Wat betekenen de Perchten?<\/strong><\/p>\n<p>Perchten zijn maskergedaanten van de Raun\u00e4chte in het Alpengebied. Ze belichamen het dubbele karakter van de jaarwisseling: Schiachperchten verjagen met lawaai en schrik het onheil van het oude jaar, Sch\u00f6nperchten brengen geluk en zegen voor het nieuwe. De naam gaat terug op de Giperchtennacht, de glanzende nacht v\u00f3\u00f3r Driekoningen.<\/p>\n<p><strong>Wat is het verschil tussen Perchten en Krampus?<\/strong><\/p>\n<p>De Krampus is de straffende begeleider van Sint-Nicolaas en trekt rond op 5 en 6 december. De Perchten treden zelfstandig op en horen bij de Raun\u00e4chte rond 6 januari. Tegenwoordig lopen beide gebruiken door elkaar in commerci\u00eble optochten; traditioneel zijn datum en rol strikt gescheiden.<\/p>\n<p><strong>Waar komt het gebruik Perchten vandaan?<\/strong><\/p>\n<p>Het gebruik stamt uit het Alpengebied, vooral uit Oostenrijk, Altbeieren en Zuid-Tirol. De gedaante van de Percht is sinds de late middeleeuwen aantoonbaar, de naam al in de 11e eeuw. Of hier voorchristelijke optochtgebruiken aan ten grondslag liggen, is in het onderzoek omstreden. De Pongauer Perchtenlauf is aantoonbaar sinds de tijd v\u00f3\u00f3r 1850.<\/p>\n<p><strong>Hoe worden Perchten nog genoemd?<\/strong><\/p>\n<p>Naar hun verschijningsvorm onderscheidt men Sch\u00f6nperchten en Schiachperchten. Regionale namen van de gedaante zijn onder meer Bechtra, B\u00e4rigl, Rauweib en Pudelfrau. Verwante bijzondere vormen zijn de Gl\u00f6ckler in het Salzkammergut, de Tresterer in de Pinzgau en de Schnabelperchten in Rauris.<\/p>\t\t\t\t\t\t\t\t<\/div>\n\t\t\t\t<div class=\"elementor-element elementor-element-78e8854 elementor-widget elementor-widget-html\" data-id=\"78e8854\" data-element_type=\"widget\" data-e-type=\"widget\" data-widget_type=\"html.default\">\n\t\t\t\t\t<script type=\"application\/ld+json\">{\"@context\":\"https:\/\/schema.org\",\"@type\":\"FAQPage\",\"mainEntity\":[{\"@type\":\"Question\",\"name\":\"Is Frau Perchta dezelfde als Frau Holle?\",\"acceptedAnswer\":{\"@type\":\"Answer\",\"text\":\"Beide gedaanten delen belangrijke functies zoals het toezicht op spinwerk en de binding aan de Raun\u00e4chte. Jacob Grimm beschreef Perchta als zuidelijke verwante van Holle; of er een gemeenschappelijke oergedaante of twee zelfstandige regionale tradities aan ten grondslag liggen, is in het onderzoek niet afdoende opgehelderd.\"}},{\"@type\":\"Question\",\"name\":\"Waarom heeft Perchta twee zo verschillende verschijningsvormen?\",\"acceptedAnswer\":{\"@type\":\"Answer\",\"text\":\"De mooie en de magere gedaante staan voor de twee zijden van haar functie: beloning van vlijt en vermaning bij nalatigheid. Deze dubbeling leeft in de Perchtenlauf tot vandaag verder in de mooie en de schiche maskers.\"}},{\"@type\":\"Question\",\"name\":\"Wanneer precies treedt Perchta op?\",\"acceptedAnswer\":{\"@type\":\"Answer\",\"text\":\"Het zwaartepunt ligt op de twaalf Raun\u00e4chte tussen Kerstmis en Driekoningen, met bijzondere klemtoon op de nacht v\u00f3\u00f3r 6 januari, de oude Berchtentag. In deze tijd moesten volgens de sage spinwerkzaamheden rusten en huis en erf in orde zijn gebracht.\"}},{\"@type\":\"Question\",\"name\":\"Wat betekenen de Perchten?\",\"acceptedAnswer\":{\"@type\":\"Answer\",\"text\":\"Perchten zijn maskergedaanten van de Raun\u00e4chte in het Alpengebied. Ze belichamen het dubbele karakter van de jaarwisseling: Schiachperchten verjagen met lawaai en schrik het onheil van het oude jaar, Sch\u00f6nperchten brengen geluk en zegen voor het nieuwe. De naam gaat terug op de Giperchtennacht, de glanzende nacht v\u00f3\u00f3r Driekoningen.\"}},{\"@type\":\"Question\",\"name\":\"Wat is het verschil tussen Perchten en Krampus?\",\"acceptedAnswer\":{\"@type\":\"Answer\",\"text\":\"De Krampus is de straffende begeleider van Sint-Nicolaas en trekt rond op 5 en 6 december. De Perchten treden zelfstandig op en horen bij de Raun\u00e4chte rond 6 januari. Tegenwoordig lopen beide gebruiken door elkaar in commerci\u00eble optochten; traditioneel zijn datum en rol strikt gescheiden.\"}},{\"@type\":\"Question\",\"name\":\"Waar komt het gebruik Perchten vandaan?\",\"acceptedAnswer\":{\"@type\":\"Answer\",\"text\":\"Het gebruik stamt uit het Alpengebied, vooral uit Oostenrijk, Altbeieren en Zuid-Tirol. De gedaante van de Percht is sinds de late middeleeuwen aantoonbaar, de naam al in de 11e eeuw. Of hier voorchristelijke optochtgebruiken aan ten grondslag liggen, is in het onderzoek omstreden. De Pongauer Perchtenlauf is aantoonbaar sinds de tijd v\u00f3\u00f3r 1850.\"}},{\"@type\":\"Question\",\"name\":\"Hoe worden Perchten nog genoemd?\",\"acceptedAnswer\":{\"@type\":\"Answer\",\"text\":\"Naar hun verschijningsvorm onderscheidt men Sch\u00f6nperchten en Schiachperchten. Regionale namen van de gedaante zijn onder meer Bechtra, B\u00e4rigl, Rauweib en Pudelfrau. Verwante bijzondere vormen zijn de Gl\u00f6ckler in het Salzkammergut, de Tresterer in de Pinzgau en de Schnabelperchten in Rauris.\"}}]}<\/script>\t\t\t\t<\/div>\n\t\t\t\t<\/div>\n\t\t\t\t\t<\/div>\n\t\t\t\t<\/div>\n\t\t<div class=\"elementor-element elementor-element-36dd7469 e-flex e-con-boxed e-con e-parent\" data-id=\"36dd7469\" data-element_type=\"container\" data-e-type=\"container\">\n\t\t\t\t\t<div class=\"e-con-inner\">\n\t\t\t\t<div class=\"elementor-element elementor-element-13760ab4 elementor-widget elementor-widget-heading\" data-id=\"13760ab4\" data-element_type=\"widget\" data-e-type=\"widget\" data-widget_type=\"heading.default\">\n\t\t\t\t\t<h2 class=\"elementor-heading-title elementor-size-default\">Verdere verwijzingen<\/h2>\t\t\t\t<\/div>\n\t\t<div class=\"elementor-element elementor-element-28c87796 e-con-full e-flex e-con e-child\" data-id=\"28c87796\" data-element_type=\"container\" data-e-type=\"container\">\n\t\t\t\t<div class=\"elementor-element elementor-element-5d6538df elementor-widget elementor-widget-text-editor\" data-id=\"5d6538df\" data-element_type=\"widget\" data-e-type=\"widget\" data-widget_type=\"text-editor.default\">\n\t\t\t\t\t\t\t\t\t<p>Aanbevolen interne links:<\/p>\n<ul>\n<li><a href=\"https:\/\/iwell-guard.com\/nl\/alpensagen\/\">Alpengebied<\/a> \u2013 alle wezens van de alpine sagenwereld<\/li>\n<li><a href=\"https:\/\/iwell-guard.com\/nl\/holla-frau-holle\/\">Frau Holle<\/a>, <a href=\"https:\/\/iwell-guard.com\/nl\/habergeiss\/\">Habergei\u00df<\/a> \u2013 verwante gedaanten van de Raun\u00e4chte<\/li>\n<li><a href=\"https:\/\/iwell-guard.com\/nl\/wierook\/\">Wierook<\/a>, <a href=\"https:\/\/iwell-guard.com\/nl\/banspreuk\/\">Banspreuk<\/a>, <a href=\"https:\/\/iwell-guard.com\/nl\/inspreken\/\">Besprechen<\/a>, <a href=\"https:\/\/iwell-guard.com\/nl\/gebeden-als-bescherming\/\">Gebeden<\/a>, <a href=\"https:\/\/iwell-guard.com\/nl\/magische-beschermingstekens\/\">Beschermingstekens<\/a> \u2013 overgeleverde beschermingsvormen<\/li>\n<li><a href=\"https:\/\/iwell-guard.com\/nl\/beschermingskompas\/\">Beschermingskompas<\/a> \u2013 beschermingsmiddelen in overzicht<\/li>\n<\/ul>\n\t\t\t\t\t\t\t\t<\/div>\n\t\t\t\t<\/div>\n\t\t\t\t\t<\/div>\n\t\t\t\t<\/div>\n\t\t<div class=\"elementor-element elementor-element-grl4kl40 e-flex e-con-boxed e-con e-parent\" data-id=\"grl4kl40\" data-element_type=\"container\" data-e-type=\"container\">\n\t\t\t\t\t<div class=\"e-con-inner\">\n\t\t\t\t<div class=\"elementor-element elementor-element-bzsbfrmh elementor-widget elementor-widget-heading\" data-id=\"bzsbfrmh\" data-element_type=\"widget\" data-e-type=\"widget\" data-widget_type=\"heading.default\">\n\t\t\t\t\t<h2 class=\"elementor-heading-title elementor-size-default\">Literatuur (selectie)<\/h2>\t\t\t\t<\/div>\n\t\t<div class=\"elementor-element elementor-element-2c13224a e-con-full e-flex e-con e-child\" data-id=\"2c13224a\" data-element_type=\"container\" data-e-type=\"container\">\n\t\t\t\t<div class=\"elementor-element elementor-element-0eymh9ub elementor-widget elementor-widget-text-editor\" data-id=\"0eymh9ub\" data-element_type=\"widget\" data-e-type=\"widget\" data-widget_type=\"text-editor.default\">\n\t\t\t\t\t\t\t\t\t<footer class=\"iwg-literatur\" data-nosnippet=\"true\">Een selectie van centrale bronnen en studies:\r\n<ul>\r\n \t<li><span data-nosnippet=\"\">Waschnitius, Viktor: <em>Perht, Holda und verwandte Gestalten. Ein Beitrag zur deutschen Religionsgeschichte<\/em>. Wien 1913.<\/span><\/li>\r\n \t<li><span data-nosnippet=\"\">B\u00e4chtold-St\u00e4ubli, Hanns (Hg.): <em>Handw\u00f6rterbuch des deutschen Aberglaubens<\/em>, Bd. 6 (artikel Perchta). Berlin\/Leipzig 1934\/35.<\/span><\/li>\r\n \t<li><span data-nosnippet=\"\">Smith, John B.: <em>Perchta the Belly-Slitter and Her Kin: A View of Some Traditional Threatening Figures, Threats and Punishments<\/em>. In: Folklore, Bd. 115, 2004.<\/span><\/li>\r\n \t<li><span data-nosnippet=\"\">Grimm, Jacob: <em>Deutsche Mythologie<\/em>. G\u00f6ttingen 1835.<\/span><\/li>\r\n \t<li><span data-nosnippet=\"\">Zingerle, Ignaz Vinzenz: <em>Sitten, Br\u00e4uche und Meinungen des Tiroler Volkes<\/em>. 2. Auflage, Innsbruck 1871.<\/span><\/li>\r\n<\/ul>\r\n<\/footer><br><p class=\"iwg-bib-more\"><span data-nosnippet=\"\">Meer standaardwerken in de <a href=\"https:\/\/iwell-guard.com\/nl\/literatuur\/\">literatuurlijst<\/a>.<\/span><\/p>\t\t\t\t\t\t\t\t<\/div>\n\t\t\t\t<\/div>\n\t\t\t\t\t<\/div>\n\t\t\t\t<\/div>\n\t\t<div class=\"elementor-element elementor-element-iwgkw2-add-hulijing e-flex e-con-boxed e-con e-parent\" data-id=\"iwgkw2-add-hulijing\" data-element_type=\"container\" data-e-type=\"container\">\n\t\t\t\t\t<div class=\"e-con-inner\">\n\t\t\t\t<div class=\"elementor-element elementor-element-iwgkw2-add-hulijing-t elementor-widget elementor-widget-text-editor\" data-id=\"iwgkw2-add-hulijing-t\" data-element_type=\"widget\" data-e-type=\"widget\" data-widget_type=\"text-editor.default\">\n\t\t\t\t\t\t\t\t\t<p>Ook bekend als Percht sagengedaante Alpen, blijft zij nauw verbonden met de Perchta Raun\u00e4chte, die twaalf nachten tussen Kerstmis en Driekoningen, waarin vlijt beloond en nalatigheid gestraft wordt.<\/p>\n\t\t\t\t\t\t\t\t<\/div>\n\t\t\t\t\t<\/div>\n\t\t\t\t<\/div>\n\t\t\t\t<\/div>\n\t\t","protected":false},"excerpt":{"rendered":"<p>Frau Perchta, beproefster van vlijt en orde Frau Perchta is geest van de alpine traditie. Hoedster van vlijt en orde in de twaalf Rauhn\u00e4chte. GeestAlpengebied Inhoudsopgave Frau Perchta Frau Perchta geldt in de Alpen en in Beieren als hoedster van orde en vlijt: wie in het jaar heeft gewerkt en gesponnen, wordt beloond, wie nalatig [&hellip;]<\/p>\n","protected":false},"author":3,"featured_media":21240,"parent":0,"menu_order":0,"comment_status":"closed","ping_status":"closed","template":"elementor_header_footer","meta":{"_yoast_wpseo_focuskw":"frau perchta","_yoast_wpseo_title":"Frau Perchta \u2013 hoedster van de Rauhn\u00e4chte","_yoast_wpseo_metadesc":"Frau Perchta: hoedster van orde en vlijt in de Rauhn\u00e4chte. Herkomst, verschijning en overgeleverde beschermingsvormen van de Alpensagen in overzicht.","_yoast_wpseo_meta-robots-noindex":"","_yoast_wpseo_canonical":"","_angie_page":false,"gefaehrdungsstufe":"","wesen_kultur":"","wesen_klasse":"","footnotes":""},"categories":[316,314,315],"class_list":["post-21239","page","type-page","status-publish","has-post-thumbnail","hentry","category-alpin","category-culturen","category-geesten"],"yoast_head":"<!-- This site is optimized with the Yoast SEO Premium plugin v27.7 (Yoast SEO v28.3) - https:\/\/yoast.com\/product\/yoast-seo-premium-wordpress\/ -->\n<title>Frau Perchta \u2013 hoedster van de Rauhn\u00e4chte<\/title>\n<meta name=\"description\" content=\"Frau Perchta: hoedster van orde en vlijt in de Rauhn\u00e4chte. Herkomst, verschijning en overgeleverde beschermingsvormen van de Alpensagen in overzicht.\" \/>\n<meta name=\"robots\" content=\"index, follow, max-snippet:-1, max-image-preview:large, max-video-preview:-1\" \/>\n<link rel=\"canonical\" href=\"https:\/\/iwell-guard.com\/nl\/frau-perchta\/\" \/>\n<meta property=\"og:locale\" content=\"nl_NL\" \/>\n<meta property=\"og:type\" content=\"article\" \/>\n<meta property=\"og:title\" content=\"Frau Perchta\" \/>\n<meta property=\"og:description\" content=\"Frau Perchta: hoedster van orde en vlijt in de Rauhn\u00e4chte. Herkomst, verschijning en overgeleverde beschermingsvormen van de Alpensagen in overzicht.\" \/>\n<meta property=\"og:url\" content=\"https:\/\/iwell-guard.com\/nl\/frau-perchta\/\" \/>\n<meta property=\"og:site_name\" content=\"iWell Guard\" \/>\n<meta property=\"article:modified_time\" content=\"2026-08-26T10:49:33+00:00\" \/>\n<meta property=\"og:image\" content=\"https:\/\/iwell-guard.com\/wp-content\/uploads\/2026\/07\/geister_alpin_perchta.webp\" \/>\n\t<meta property=\"og:image:width\" content=\"1023\" \/>\n\t<meta property=\"og:image:height\" content=\"1537\" \/>\n\t<meta property=\"og:image:type\" content=\"image\/webp\" \/>\n<meta name=\"twitter:card\" content=\"summary_large_image\" \/>\n<meta name=\"twitter:label1\" content=\"Geschatte leestijd\" \/>\n\t<meta name=\"twitter:data1\" content=\"11 minuten\" \/>\n<script type=\"application\/ld+json\" class=\"yoast-schema-graph\">{\"@context\":\"https:\\\/\\\/schema.org\",\"@graph\":[{\"@type\":\"WebPage\",\"@id\":\"https:\\\/\\\/iwell-guard.com\\\/nl\\\/frau-perchta\\\/\",\"url\":\"https:\\\/\\\/iwell-guard.com\\\/nl\\\/frau-perchta\\\/\",\"name\":\"Frau Perchta \u2013 hoedster van de Rauhn\u00e4chte\",\"isPartOf\":{\"@id\":\"https:\\\/\\\/iwell-guard.com\\\/nl\\\/#website\"},\"primaryImageOfPage\":{\"@id\":\"https:\\\/\\\/iwell-guard.com\\\/nl\\\/frau-perchta\\\/#primaryimage\"},\"image\":{\"@id\":\"https:\\\/\\\/iwell-guard.com\\\/nl\\\/frau-perchta\\\/#primaryimage\"},\"thumbnailUrl\":\"https:\\\/\\\/iwell-guard.com\\\/wp-content\\\/uploads\\\/2026\\\/07\\\/geister_alpin_perchta.webp\",\"datePublished\":\"2026-07-16T10:32:42+00:00\",\"dateModified\":\"2026-08-26T10:49:33+00:00\",\"description\":\"Frau Perchta: hoedster van orde en vlijt in de Rauhn\u00e4chte. Herkomst, verschijning en overgeleverde beschermingsvormen van de Alpensagen in overzicht.\",\"breadcrumb\":{\"@id\":\"https:\\\/\\\/iwell-guard.com\\\/nl\\\/frau-perchta\\\/#breadcrumb\"},\"inLanguage\":\"nl-NL\",\"potentialAction\":[{\"@type\":\"ReadAction\",\"target\":[\"https:\\\/\\\/iwell-guard.com\\\/nl\\\/frau-perchta\\\/\"]}]},{\"@type\":\"ImageObject\",\"inLanguage\":\"nl-NL\",\"@id\":\"https:\\\/\\\/iwell-guard.com\\\/nl\\\/frau-perchta\\\/#primaryimage\",\"url\":\"https:\\\/\\\/iwell-guard.com\\\/wp-content\\\/uploads\\\/2026\\\/07\\\/geister_alpin_perchta.webp\",\"contentUrl\":\"https:\\\/\\\/iwell-guard.com\\\/wp-content\\\/uploads\\\/2026\\\/07\\\/geister_alpin_perchta.webp\",\"width\":1023,\"height\":1537,\"caption\":\"Frau Perchta - Geesten uit de alpine traditie, historisch-illustratief\"},{\"@type\":\"BreadcrumbList\",\"@id\":\"https:\\\/\\\/iwell-guard.com\\\/nl\\\/frau-perchta\\\/#breadcrumb\",\"itemListElement\":[{\"@type\":\"ListItem\",\"position\":1,\"name\":\"Start\",\"item\":\"https:\\\/\\\/iwell-guard.com\\\/nl\\\/home\\\/\"},{\"@type\":\"ListItem\",\"position\":2,\"name\":\"Frau Perchta\"}]},{\"@type\":\"WebSite\",\"@id\":\"https:\\\/\\\/iwell-guard.com\\\/nl\\\/#website\",\"url\":\"https:\\\/\\\/iwell-guard.com\\\/nl\\\/\",\"name\":\"iWell Guard\",\"description\":\"Schutz vor dunklen Einfl\u00fcssen\",\"publisher\":{\"@id\":\"https:\\\/\\\/iwell-guard.com\\\/nl\\\/#organization\"},\"potentialAction\":[{\"@type\":\"SearchAction\",\"target\":{\"@type\":\"EntryPoint\",\"urlTemplate\":\"https:\\\/\\\/iwell-guard.com\\\/nl\\\/?s={search_term_string}\"},\"query-input\":{\"@type\":\"PropertyValueSpecification\",\"valueRequired\":true,\"valueName\":\"search_term_string\"}}],\"inLanguage\":\"nl-NL\"},{\"@type\":\"Organization\",\"@id\":\"https:\\\/\\\/iwell-guard.com\\\/nl\\\/#organization\",\"name\":\"Ittermann electronic GmbH\",\"url\":\"https:\\\/\\\/iwell-guard.com\\\/nl\\\/\",\"logo\":{\"@type\":\"ImageObject\",\"inLanguage\":\"nl-NL\",\"@id\":\"https:\\\/\\\/iwell-guard.com\\\/nl\\\/#\\\/schema\\\/logo\\\/image\\\/\",\"url\":\"https:\\\/\\\/iwell-guard.com\\\/wp-content\\\/uploads\\\/2026\\\/05\\\/Ittermann-Logo-1182x237-1.png\",\"contentUrl\":\"https:\\\/\\\/iwell-guard.com\\\/wp-content\\\/uploads\\\/2026\\\/05\\\/Ittermann-Logo-1182x237-1.png\",\"width\":1182,\"height\":237,\"caption\":\"Ittermann electronic GmbH\"},\"image\":{\"@id\":\"https:\\\/\\\/iwell-guard.com\\\/nl\\\/#\\\/schema\\\/logo\\\/image\\\/\"},\"sameAs\":[\"https:\\\/\\\/pantip.com\\\/profile\\\/9367242\",\"https:\\\/\\\/micro.blog\\\/iwellguard\",\"https:\\\/\\\/www.diggerslist.com\\\/iwellguard\\\/about\",\"https:\\\/\\\/skitterphoto.com\\\/photographers\\\/2870314\\\/iwell-guard\",\"https:\\\/\\\/iwellguard.wordpress.com\\\/2026\\\/06\\\/06\\\/iwell-guard\\\/\",\"https:\\\/\\\/hub.docker.com\\\/u\\\/iwellguard\",\"https:\\\/\\\/www.pinterest.com\\\/iwellguard\\\/\",\"https:\\\/\\\/bit.ly\\\/m\\\/iwellguard\",\"https:\\\/\\\/entre-vos-mains.alsace.eu\\\/profiles\\\/iwellguard\\\/activity\",\"https:\\\/\\\/gravatar.com\\\/reallybeded8fd34\",\"https:\\\/\\\/naijamatta.com\\\/iwellguard\",\"https:\\\/\\\/www.goodreads.com\\\/iwellguard\",\"https:\\\/\\\/profile.hatena.ne.jp\\\/iwellguard\\\/\",\"https:\\\/\\\/experiment.com\\\/users\\\/iwellguard\",\"https:\\\/\\\/wakelet.com\\\/@iWellGuard82270\",\"https:\\\/\\\/www.chordie.com\\\/forum\\\/profile.php?id=2555664\",\"https:\\\/\\\/www.instapaper.com\\\/p\\\/17757966\",\"https:\\\/\\\/www.mapleprimes.com\\\/users\\\/iwellguard\",\"https:\\\/\\\/businesslistingplus.com\\\/profile\\\/iwell-guard\\\/\",\"https:\\\/\\\/telegra.ph\\\/iWell-Guard-06-06\",\"https:\\\/\\\/pbase.com\\\/iwellguard\\\/iwellguard\",\"https:\\\/\\\/b.hatena.ne.jp\\\/iwellguard\\\/20260607#bookmark-4788405196491818882\",\"https:\\\/\\\/fliphtml5.com\\\/home\\\/iwellguard\",\"https:\\\/\\\/anyflip.com\\\/homepage\\\/cmiwl#About\",\"https:\\\/\\\/transfur.com\\\/Users\\\/iwellguard\",\"http:\\\/\\\/delphi.larsbo.org\\\/user\\\/iwellguard\",\"https:\\\/\\\/jobs.lajobsportal.org\\\/profiles\\\/8380803-iwell-guard\",\"https:\\\/\\\/md.chaosdorf.de\\\/s\\\/jfbe5SBdJD\",\"https:\\\/\\\/www.lingvolive.com\\\/en-us\\\/profile\\\/9ecaeaca-ce11-4e51-9e71-01d55e2bff36\\\/translations\",\"https:\\\/\\\/www.fitday.com\\\/fitness\\\/forums\\\/members\\\/iwellguard.html\",\"https:\\\/\\\/www.mymeetbook.com\\\/iwellguard\",\"https:\\\/\\\/pxhere.com\\\/en\\\/photographer-me\\\/5040798\",\"https:\\\/\\\/disqus.com\\\/by\\\/iwellguard\\\/about\\\/\",\"https:\\\/\\\/pastelink.net\\\/hjwciqwq\",\"https:\\\/\\\/pubhtml5.com\\\/homepage\\\/scjhn\\\/\",\"https:\\\/\\\/www.bitchute.com\\\/channel\\\/2O2eOKzNqujT\",\"https:\\\/\\\/audiomack.com\\\/iwellguard\"]},{\"@type\":\"Article\",\"@id\":\"https:\\\/\\\/iwell-guard.com\\\/nl\\\/frau-perchta\\\/#article\",\"isPartOf\":{\"@id\":\"https:\\\/\\\/iwell-guard.com\\\/nl\\\/frau-perchta\\\/\"},\"author\":{\"name\":\"Ralf Ittermann\",\"@id\":\"https:\\\/\\\/iwell-guard.com\\\/nl\\\/#\\\/schema\\\/person\\\/ee2a27f1cac3406c7c6fb5820cb7349f\"},\"headline\":\"Frau Perchta\",\"datePublished\":\"2026-07-16T10:32:42+00:00\",\"dateModified\":\"2026-08-26T10:49:33+00:00\",\"mainEntityOfPage\":{\"@id\":\"https:\\\/\\\/iwell-guard.com\\\/nl\\\/frau-perchta\\\/\"},\"wordCount\":2140,\"publisher\":{\"@id\":\"https:\\\/\\\/iwell-guard.com\\\/nl\\\/#organization\"},\"image\":{\"@id\":\"https:\\\/\\\/iwell-guard.com\\\/nl\\\/frau-perchta\\\/#primaryimage\"},\"thumbnailUrl\":\"https:\\\/\\\/iwell-guard.com\\\/wp-content\\\/uploads\\\/2026\\\/07\\\/geister_alpin_perchta.webp\",\"articleSection\":[\"Alpin\",\"Culturen\",\"Geesten\"],\"inLanguage\":\"nl-NL\",\"description\":\"Frau Perchta: hoedster van orde en vlijt in de Rauhn\u00e4chte. Herkomst, verschijning en overgeleverde beschermingsvormen van de Alpensagen in overzicht.\"}]}<\/script>\n<!-- \/ Yoast SEO Premium plugin. -->","yoast_head_json":{"title":"Frau Perchta \u2013 hoedster van de Rauhn\u00e4chte","description":"Frau Perchta: hoedster van orde en vlijt in de Rauhn\u00e4chte. Herkomst, verschijning en overgeleverde beschermingsvormen van de Alpensagen in overzicht.","robots":{"index":"index","follow":"follow","max-snippet":"max-snippet:-1","max-image-preview":"max-image-preview:large","max-video-preview":"max-video-preview:-1"},"canonical":"https:\/\/iwell-guard.com\/nl\/frau-perchta\/","og_locale":"nl_NL","og_type":"article","og_title":"Frau Perchta","og_description":"Frau Perchta: hoedster van orde en vlijt in de Rauhn\u00e4chte. Herkomst, verschijning en overgeleverde beschermingsvormen van de Alpensagen in overzicht.","og_url":"https:\/\/iwell-guard.com\/nl\/frau-perchta\/","og_site_name":"iWell Guard","article_modified_time":"2026-08-26T10:49:33+00:00","og_image":[{"width":1023,"height":1537,"url":"https:\/\/iwell-guard.com\/wp-content\/uploads\/2026\/07\/geister_alpin_perchta.webp","type":"image\/webp"}],"twitter_card":"summary_large_image","twitter_misc":{"Geschatte leestijd":"11 minuten"},"schema":{"@context":"https:\/\/schema.org","@graph":[{"@type":"Article","@id":"https:\/\/iwell-guard.com\/nl\/frau-perchta\/#article","isPartOf":{"@id":"https:\/\/iwell-guard.com\/nl\/frau-perchta\/"},"author":{"name":"Ralf Ittermann","@id":"https:\/\/iwell-guard.com\/nl\/#\/schema\/person\/ee2a27f1cac3406c7c6fb5820cb7349f"},"headline":"Frau Perchta","datePublished":"2026-07-16T10:32:42+00:00","dateModified":"2026-08-26T10:49:33+00:00","mainEntityOfPage":{"@id":"https:\/\/iwell-guard.com\/nl\/frau-perchta\/"},"wordCount":2140,"publisher":{"@id":"https:\/\/iwell-guard.com\/nl\/#organization"},"image":{"@id":"https:\/\/iwell-guard.com\/nl\/frau-perchta\/#primaryimage"},"thumbnailUrl":"https:\/\/iwell-guard.com\/wp-content\/uploads\/2026\/07\/geister_alpin_perchta.webp","articleSection":["Alpin","Culturen","Geesten"],"inLanguage":"nl-NL","description":"Frau Perchta: hoedster van orde en vlijt in de Rauhn\u00e4chte. Herkomst, verschijning en overgeleverde beschermingsvormen van de Alpensagen in overzicht."},{"@type":"WebPage","@id":"https:\/\/iwell-guard.com\/nl\/frau-perchta\/","url":"https:\/\/iwell-guard.com\/nl\/frau-perchta\/","name":"Frau Perchta \u2013 hoedster van de Rauhn\u00e4chte","isPartOf":{"@id":"https:\/\/iwell-guard.com\/nl\/#website"},"primaryImageOfPage":{"@id":"https:\/\/iwell-guard.com\/nl\/frau-perchta\/#primaryimage"},"image":{"@id":"https:\/\/iwell-guard.com\/nl\/frau-perchta\/#primaryimage"},"thumbnailUrl":"https:\/\/iwell-guard.com\/wp-content\/uploads\/2026\/07\/geister_alpin_perchta.webp","datePublished":"2026-07-16T10:32:42+00:00","dateModified":"2026-08-26T10:49:33+00:00","description":"Frau Perchta: hoedster van orde en vlijt in de Rauhn\u00e4chte. Herkomst, verschijning en overgeleverde beschermingsvormen van de Alpensagen in overzicht.","breadcrumb":{"@id":"https:\/\/iwell-guard.com\/nl\/frau-perchta\/#breadcrumb"},"inLanguage":"nl-NL","potentialAction":[{"@type":"ReadAction","target":["https:\/\/iwell-guard.com\/nl\/frau-perchta\/"]}]},{"@type":"ImageObject","inLanguage":"nl-NL","@id":"https:\/\/iwell-guard.com\/nl\/frau-perchta\/#primaryimage","url":"https:\/\/iwell-guard.com\/wp-content\/uploads\/2026\/07\/geister_alpin_perchta.webp","contentUrl":"https:\/\/iwell-guard.com\/wp-content\/uploads\/2026\/07\/geister_alpin_perchta.webp","width":1023,"height":1537,"caption":"Frau Perchta - Geesten uit de alpine traditie, historisch-illustratief"},{"@type":"BreadcrumbList","@id":"https:\/\/iwell-guard.com\/nl\/frau-perchta\/#breadcrumb","itemListElement":[{"@type":"ListItem","position":1,"name":"Start","item":"https:\/\/iwell-guard.com\/nl\/home\/"},{"@type":"ListItem","position":2,"name":"Frau Perchta"}]},{"@type":"WebSite","@id":"https:\/\/iwell-guard.com\/nl\/#website","url":"https:\/\/iwell-guard.com\/nl\/","name":"iWell Guard","description":"Schutz vor dunklen Einfl\u00fcssen","publisher":{"@id":"https:\/\/iwell-guard.com\/nl\/#organization"},"potentialAction":[{"@type":"SearchAction","target":{"@type":"EntryPoint","urlTemplate":"https:\/\/iwell-guard.com\/nl\/?s={search_term_string}"},"query-input":{"@type":"PropertyValueSpecification","valueRequired":true,"valueName":"search_term_string"}}],"inLanguage":"nl-NL"},{"@type":"Organization","@id":"https:\/\/iwell-guard.com\/nl\/#organization","name":"Ittermann electronic GmbH","url":"https:\/\/iwell-guard.com\/nl\/","logo":{"@type":"ImageObject","inLanguage":"nl-NL","@id":"https:\/\/iwell-guard.com\/nl\/#\/schema\/logo\/image\/","url":"https:\/\/iwell-guard.com\/wp-content\/uploads\/2026\/05\/Ittermann-Logo-1182x237-1.png","contentUrl":"https:\/\/iwell-guard.com\/wp-content\/uploads\/2026\/05\/Ittermann-Logo-1182x237-1.png","width":1182,"height":237,"caption":"Ittermann electronic GmbH"},"image":{"@id":"https:\/\/iwell-guard.com\/nl\/#\/schema\/logo\/image\/"},"sameAs":["https:\/\/pantip.com\/profile\/9367242","https:\/\/micro.blog\/iwellguard","https:\/\/www.diggerslist.com\/iwellguard\/about","https:\/\/skitterphoto.com\/photographers\/2870314\/iwell-guard","https:\/\/iwellguard.wordpress.com\/2026\/06\/06\/iwell-guard\/","https:\/\/hub.docker.com\/u\/iwellguard","https:\/\/www.pinterest.com\/iwellguard\/","https:\/\/bit.ly\/m\/iwellguard","https:\/\/entre-vos-mains.alsace.eu\/profiles\/iwellguard\/activity","https:\/\/gravatar.com\/reallybeded8fd34","https:\/\/naijamatta.com\/iwellguard","https:\/\/www.goodreads.com\/iwellguard","https:\/\/profile.hatena.ne.jp\/iwellguard\/","https:\/\/experiment.com\/users\/iwellguard","https:\/\/wakelet.com\/@iWellGuard82270","https:\/\/www.chordie.com\/forum\/profile.php?id=2555664","https:\/\/www.instapaper.com\/p\/17757966","https:\/\/www.mapleprimes.com\/users\/iwellguard","https:\/\/businesslistingplus.com\/profile\/iwell-guard\/","https:\/\/telegra.ph\/iWell-Guard-06-06","https:\/\/pbase.com\/iwellguard\/iwellguard","https:\/\/b.hatena.ne.jp\/iwellguard\/20260607#bookmark-4788405196491818882","https:\/\/fliphtml5.com\/home\/iwellguard","https:\/\/anyflip.com\/homepage\/cmiwl#About","https:\/\/transfur.com\/Users\/iwellguard","http:\/\/delphi.larsbo.org\/user\/iwellguard","https:\/\/jobs.lajobsportal.org\/profiles\/8380803-iwell-guard","https:\/\/md.chaosdorf.de\/s\/jfbe5SBdJD","https:\/\/www.lingvolive.com\/en-us\/profile\/9ecaeaca-ce11-4e51-9e71-01d55e2bff36\/translations","https:\/\/www.fitday.com\/fitness\/forums\/members\/iwellguard.html","https:\/\/www.mymeetbook.com\/iwellguard","https:\/\/pxhere.com\/en\/photographer-me\/5040798","https:\/\/disqus.com\/by\/iwellguard\/about\/","https:\/\/pastelink.net\/hjwciqwq","https:\/\/pubhtml5.com\/homepage\/scjhn\/","https:\/\/www.bitchute.com\/channel\/2O2eOKzNqujT","https:\/\/audiomack.com\/iwellguard"]},{"@type":"Person","@id":"https:\/\/iwell-guard.com\/nl\/#\/schema\/person\/ee2a27f1cac3406c7c6fb5820cb7349f","name":"Ralf Ittermann","image":{"@type":"ImageObject","inLanguage":"nl-NL","@id":"https:\/\/secure.gravatar.com\/avatar\/073c0153e350a5005b68eb752b445fea71f6b24a26da9449ad7e155e6b446c9d?s=96&d=mm&r=g","url":"https:\/\/secure.gravatar.com\/avatar\/073c0153e350a5005b68eb752b445fea71f6b24a26da9449ad7e155e6b446c9d?s=96&d=mm&r=g","contentUrl":"https:\/\/secure.gravatar.com\/avatar\/073c0153e350a5005b68eb752b445fea71f6b24a26da9449ad7e155e6b446c9d?s=96&d=mm&r=g","caption":"Ralf Ittermann"},"givenName":"Ralf","familyName":"Ittermann","jobTitle":"Gesch\u00e4ftsf\u00fchrer und redaktioneller Verantwortlicher","url":"https:\/\/iwell-guard.com\/nl\/author\/claude\/","description":"Ralf Ittermann ist Gesch\u00e4ftsf\u00fchrer der Ittermann electronic GmbH und redaktioneller Verantwortlicher des iWell-Guard-Lexikons. Er verbindet langj\u00e4hrige Erfahrung in der Pr\u00e4zisionsfertigung mit medialer Praxis und religionsgeschichtlicher Quellenarbeit.","worksFor":{"@type":"Organization","name":"Ittermann electronic GmbH","url":"https:\/\/ittermann.de\/","address":{"@type":"PostalAddress","streetAddress":"K\u00f6hlergasse 16-18","postalCode":"99842","addressLocality":"Ruhla","addressCountry":"DE"}},"knowsAbout":["Religionsgeschichte","Mythologie","Mediale Praxis","Energetische Diagnostik","Schutzpraxis","Volksglauben","Westliche Esoterik"]},{"@type":"Article","@id":"https:\/\/iwell-guard.com\/nl\/frau-perchta\/#article","isPartOf":{"@id":"https:\/\/iwell-guard.com\/nl\/frau-perchta\/"},"author":{"name":"Ralf Ittermann","@id":"https:\/\/iwell-guard.com\/nl\/#\/schema\/person\/ee2a27f1cac3406c7c6fb5820cb7349f"},"headline":"Frau Perchta","datePublished":"2026-07-16T10:32:42+00:00","dateModified":"2026-08-26T10:49:33+00:00","mainEntityOfPage":{"@id":"https:\/\/iwell-guard.com\/nl\/frau-perchta\/"},"wordCount":2140,"publisher":{"@id":"https:\/\/iwell-guard.com\/nl\/#organization"},"image":{"@id":"https:\/\/iwell-guard.com\/nl\/frau-perchta\/#primaryimage"},"thumbnailUrl":"https:\/\/iwell-guard.com\/wp-content\/uploads\/2026\/07\/geister_alpin_perchta.webp","articleSection":["Alpin","Culturen","Geesten"],"inLanguage":"nl-NL","description":"Frau Perchta: hoedster van orde en vlijt in de Rauhn\u00e4chte. Herkomst, verschijning en overgeleverde beschermingsvormen van de Alpensagen in overzicht."}]}},"_links":{"self":[{"href":"https:\/\/iwell-guard.com\/nl\/wp-json\/wp\/v2\/pages\/21239","targetHints":{"allow":["GET"]}}],"collection":[{"href":"https:\/\/iwell-guard.com\/nl\/wp-json\/wp\/v2\/pages"}],"about":[{"href":"https:\/\/iwell-guard.com\/nl\/wp-json\/wp\/v2\/types\/page"}],"author":[{"embeddable":true,"href":"https:\/\/iwell-guard.com\/nl\/wp-json\/wp\/v2\/users\/3"}],"replies":[{"embeddable":true,"href":"https:\/\/iwell-guard.com\/nl\/wp-json\/wp\/v2\/comments?post=21239"}],"version-history":[{"count":1,"href":"https:\/\/iwell-guard.com\/nl\/wp-json\/wp\/v2\/pages\/21239\/revisions"}],"predecessor-version":[{"id":107135,"href":"https:\/\/iwell-guard.com\/nl\/wp-json\/wp\/v2\/pages\/21239\/revisions\/107135"}],"wp:featuredmedia":[{"embeddable":true,"href":"https:\/\/iwell-guard.com\/nl\/wp-json\/wp\/v2\/media\/21240"}],"wp:attachment":[{"href":"https:\/\/iwell-guard.com\/nl\/wp-json\/wp\/v2\/media?parent=21239"}],"wp:term":[{"taxonomy":"category","embeddable":true,"href":"https:\/\/iwell-guard.com\/nl\/wp-json\/wp\/v2\/categories?post=21239"}],"curies":[{"name":"wp","href":"https:\/\/api.w.org\/{rel}","templated":true}]}}