{"id":20928,"date":"2026-07-16T10:32:42","date_gmt":"2026-07-16T10:32:42","guid":{"rendered":"https:\/\/iwell-guard.com\/frau-perchta\/"},"modified":"2026-08-26T09:09:15","modified_gmt":"2026-08-26T09:09:15","slug":"frau-perchta","status":"publish","type":"page","link":"https:\/\/iwell-guard.com\/it\/frau-perchta\/","title":{"rendered":"Frau Perchta"},"content":{"rendered":"\t\t<div data-elementor-type=\"wp-page\" data-elementor-id=\"20928\" class=\"elementor elementor-20928 elementor-20476\" data-elementor-post-type=\"page\">\n\t\t\t\t<div class=\"elementor-element elementor-element-10fdade e-flex e-con-boxed e-con e-parent\" data-id=\"10fdade\" data-element_type=\"container\" data-e-type=\"container\" data-settings=\"{&quot;background_background&quot;:&quot;classic&quot;}\">\n\t\t\t\t\t<div class=\"e-con-inner\">\n\t\t<div class=\"elementor-element elementor-element-herohlft0 e-flex e-con-boxed e-con e-child\" data-id=\"herohlft0\" data-element_type=\"container\" data-e-type=\"container\">\n\t\t\t\t\t<div class=\"e-con-inner\">\n\t\t<div class=\"elementor-element elementor-element-c3ceb64 e-con-full e-flex e-con e-child\" data-id=\"c3ceb64\" data-element_type=\"container\" data-e-type=\"container\">\n\t\t\t\t<div class=\"elementor-element elementor-element-96ae5e1 elementor-widget elementor-widget-heading\" data-id=\"96ae5e1\" data-element_type=\"widget\" data-e-type=\"widget\" data-widget_type=\"heading.default\">\n\t\t\t\t\t<h1 class=\"elementor-heading-title elementor-size-default\">Frau Perchta, giudice della laboriosit\u00e0 e dell'ordine<\/h1>\t\t\t\t<\/div>\n\t\t\t\t<div class=\"elementor-element elementor-element-e45238a elementor-widget elementor-widget-text-editor\" data-id=\"e45238a\" data-element_type=\"widget\" data-e-type=\"widget\" data-widget_type=\"text-editor.default\">\n\t\t\t\t\t\t\t\t\t<p>Frau Perchta \u00e8 <span class=\"iwg-fachbegriff\" tabindex=\"0\" data-tooltip=\"Un essere incorporeo al quale viene attribuita un'azione nel mondo.\">spirito<\/span> della tradizione alpina.<\/p>\n<p><strong>Custode della laboriosit\u00e0 e dell&#8217;ordine nelle dodici Raun\u00e4chte.<\/strong><\/p>\n\t\t\t\t\t\t\t\t<\/div>\n\t\t\t\t<\/div>\n\t\t<div class=\"elementor-element elementor-element-klsbdg01 e-con-full e-flex e-con e-child\" data-id=\"klsbdg01\" data-element_type=\"container\" data-e-type=\"container\">\n\t\t\t\t<div class=\"elementor-element elementor-element-klshtm01 elementor-widget elementor-widget-html\" data-id=\"klshtm01\" data-element_type=\"widget\" data-e-type=\"widget\" data-widget_type=\"html.default\">\n\t\t\t\t\t<div class=\"iwg-pill-row\"><span class=\"iwg-klasse-badge\" tabindex=\"0\" data-tooltip=\"Geist: Unk\u00f6rperliche oder halbk\u00f6rperliche Wesenheit, Verstorbene, Naturwesen, Hausgeister oder Schwellen-W\u00e4chter. Wirkt im Alltagsleben, oft an Orte oder Familien gebunden.\">Spirito<\/span><a href=\"https:\/\/iwell-guard.com\/it\/leggende-alpine\/\" class=\"iwg-kultur-badge\" tabindex=\"0\" data-tooltip=\"Sagenwelt des Alpenraums: Bayern, \u00d6sterreich, Schweiz und S\u00fcdtirol, von Almgeistern bis zu den Gestalten der Raun\u00e4chte.\">Alpenraum<\/a><\/div>\t\t\t\t<\/div>\n\t\t\t\t<\/div>\n\t\t<div class=\"elementor-element elementor-element-3f74855 e-con-full e-flex e-con e-child\" data-id=\"3f74855\" data-element_type=\"container\" data-e-type=\"container\">\n\t\t\t\t<div class=\"elementor-element elementor-element-1c30362 elementor-toc--minimized-on-tablet elementor-widget elementor-widget-table-of-contents\" data-id=\"1c30362\" data-element_type=\"widget\" data-e-type=\"widget\" data-settings=\"{&quot;exclude_headings_by_selector&quot;:[],&quot;no_headings_message&quot;:&quot;Es wurden keine \\u00dcberschriften auf dieser Seite gefunden.&quot;,&quot;headings_by_tags&quot;:[&quot;h2&quot;,&quot;h3&quot;],&quot;marker_view&quot;:&quot;bullets&quot;,&quot;icon&quot;:{&quot;value&quot;:&quot;fas fa-circle&quot;,&quot;library&quot;:&quot;fa-solid&quot;,&quot;rendered_tag&quot;:&quot;&lt;svg class=\\&quot;e-font-icon-svg e-fas-circle\\&quot; viewBox=\\&quot;0 0 512 512\\&quot; xmlns=\\&quot;http:\\\/\\\/www.w3.org\\\/2000\\\/svg\\&quot;&gt;&lt;path d=\\&quot;M256 8C119 8 8 119 8 256s111 248 248 248 248-111 248-248S393 8 256 8z\\&quot;&gt;&lt;\\\/path&gt;&lt;\\\/svg&gt;&quot;},&quot;minimize_box&quot;:&quot;yes&quot;,&quot;minimized_on&quot;:&quot;tablet&quot;,&quot;hierarchical_view&quot;:&quot;yes&quot;,&quot;min_height&quot;:{&quot;unit&quot;:&quot;px&quot;,&quot;size&quot;:&quot;&quot;,&quot;sizes&quot;:[]},&quot;min_height_tablet&quot;:{&quot;unit&quot;:&quot;px&quot;,&quot;size&quot;:&quot;&quot;,&quot;sizes&quot;:[]},&quot;min_height_mobile&quot;:{&quot;unit&quot;:&quot;px&quot;,&quot;size&quot;:&quot;&quot;,&quot;sizes&quot;:[]}}\" data-widget_type=\"table-of-contents.default\">\n\t\t\t\t\t\t\t\t\t<div class=\"elementor-toc__header\">\n\t\t\t\t\t\t<h2 class=\"elementor-toc__header-title\">\n\t\t\t\tIndice dei contenuti\t\t\t<\/h2>\n\t\t\t\t\t\t\t\t\t\t<div class=\"elementor-toc__toggle-button elementor-toc__toggle-button--expand\" role=\"button\" tabindex=\"0\" aria-controls=\"elementor-toc__1c30362\" aria-expanded=\"true\" aria-label=\"Apri l&#039;indice dei contenuti\"><svg aria-hidden=\"true\" class=\"e-font-icon-svg e-fas-chevron-down\" viewBox=\"0 0 448 512\" xmlns=\"http:\/\/www.w3.org\/2000\/svg\"><path d=\"M207.029 381.476L12.686 187.132c-9.373-9.373-9.373-24.569 0-33.941l22.667-22.667c9.357-9.357 24.522-9.375 33.901-.04L224 284.505l154.745-154.021c9.379-9.335 24.544-9.317 33.901.04l22.667 22.667c9.373 9.373 9.373 24.569 0 33.941L240.971 381.476c-9.373 9.372-24.569 9.372-33.942 0z\"><\/path><\/svg><\/div>\n\t\t\t\t<div class=\"elementor-toc__toggle-button elementor-toc__toggle-button--collapse\" role=\"button\" tabindex=\"0\" aria-controls=\"elementor-toc__1c30362\" aria-expanded=\"true\" aria-label=\"Chiudi l&#039;indice dei contenuti\"><svg aria-hidden=\"true\" class=\"e-font-icon-svg e-fas-chevron-up\" viewBox=\"0 0 448 512\" xmlns=\"http:\/\/www.w3.org\/2000\/svg\"><path d=\"M240.971 130.524l194.343 194.343c9.373 9.373 9.373 24.569 0 33.941l-22.667 22.667c-9.357 9.357-24.522 9.375-33.901.04L224 227.495 69.255 381.516c-9.379 9.335-24.544 9.317-33.901-.04l-22.667-22.667c-9.373-9.373-9.373-24.569 0-33.941L207.03 130.525c9.372-9.373 24.568-9.373 33.941-.001z\"><\/path><\/svg><\/div>\n\t\t\t\t\t<\/div>\n\t\t\t\t<div id=\"elementor-toc__1c30362\" class=\"elementor-toc__body\">\n\t\t\t<div class=\"elementor-toc__spinner-container\">\n\t\t\t\t<svg class=\"elementor-toc__spinner eicon-animation-spin e-font-icon-svg e-eicon-loading\" aria-hidden=\"true\" viewBox=\"0 0 1000 1000\" xmlns=\"http:\/\/www.w3.org\/2000\/svg\"><path d=\"M500 975V858C696 858 858 696 858 500S696 142 500 142 142 304 142 500H25C25 237 238 25 500 25S975 237 975 500 763 975 500 975Z\"><\/path><\/svg>\t\t\t<\/div>\n\t\t<\/div>\n\t\t\t\t\t\t<\/div>\n\t\t\t\t<\/div>\n\t\t\t\t\t<\/div>\n\t\t\t\t<\/div>\n\t\t<div class=\"elementor-element elementor-element-herorght0 e-con-full e-flex e-con e-child\" data-id=\"herorght0\" data-element_type=\"container\" data-e-type=\"container\">\n\t\t\t\t<div class=\"elementor-element elementor-element-heroimg00 iwg-hero-image elementor-widget elementor-widget-image\" data-id=\"heroimg00\" data-element_type=\"widget\" data-e-type=\"widget\" data-widget_type=\"image.default\">\n\t\t\t\t\t\t\t\t\t\t\t\t\t\t\t<img fetchpriority=\"high\" decoding=\"async\" width=\"682\" height=\"1024\" src=\"https:\/\/iwell-guard.com\/wp-content\/uploads\/2026\/07\/geister_alpin_perchta-682x1024.webp\" class=\"attachment-large size-large wp-image-20929\" alt=\"Frau Perchta, spiriti della tradizione alpina, storico-illustrativo\" srcset=\"https:\/\/iwell-guard.com\/wp-content\/uploads\/2026\/07\/geister_alpin_perchta-682x1024.webp 682w, https:\/\/iwell-guard.com\/wp-content\/uploads\/2026\/07\/geister_alpin_perchta-200x300.webp 200w, https:\/\/iwell-guard.com\/wp-content\/uploads\/2026\/07\/geister_alpin_perchta-768x1154.webp 768w, https:\/\/iwell-guard.com\/wp-content\/uploads\/2026\/07\/geister_alpin_perchta.webp 1023w\" sizes=\"(max-width: 682px) 100vw, 682px\" \/>\t\t\t\t\t\t\t\t\t\t\t\t\t\t\t<\/div>\n\t\t\t\t<\/div>\n\t\t\t\t\t<\/div>\n\t\t\t\t<\/div>\n\t\t<div class=\"elementor-element elementor-element-32917199 e-flex e-con-boxed e-con e-parent\" data-id=\"32917199\" data-element_type=\"container\" data-e-type=\"container\">\n\t\t\t\t\t<div class=\"e-con-inner\">\n\t\t<div class=\"elementor-element elementor-element-26e916cb e-flex e-con-boxed e-con e-child\" data-id=\"26e916cb\" data-element_type=\"container\" data-e-type=\"container\">\n\t\t\t\t\t<div class=\"e-con-inner\">\n\t\t<div class=\"elementor-element elementor-element-253a40d4 e-flex e-con-boxed e-con e-child\" data-id=\"253a40d4\" data-element_type=\"container\" data-e-type=\"container\">\n\t\t\t\t\t<div class=\"e-con-inner\">\n\t\t\t\t<div class=\"elementor-element elementor-element-1200c304 elementor-widget elementor-widget-heading\" data-id=\"1200c304\" data-element_type=\"widget\" data-e-type=\"widget\" data-widget_type=\"heading.default\">\n\t\t\t\t\t<div class=\"elementor-heading-title elementor-size-default\">Frau Perchta<\/div>\t\t\t\t<\/div>\n\t\t\t\t<div class=\"elementor-element elementor-element-11758e7f elementor-widget elementor-widget-text-editor\" data-id=\"11758e7f\" data-element_type=\"widget\" data-e-type=\"widget\" data-widget_type=\"text-editor.default\">\n\t\t\t\t\t\t\t\t\t<p>Frau Perchta \u00e8 considerata, nelle Alpi e in Baviera, custode dell&#8217;ordine e della laboriosit\u00e0: chi durante l&#8217;anno ha lavorato e filato viene premiato, chi \u00e8 stato negligente deve aspettarsi il suo biasimo. Diventa documentabile letterariamente per la prima volta nel XV secolo, con Thomas Ebendorfer von Haselbach.<\/p>\n<p>Nelle Raun\u00e4chte attraversa case e vicoli, ora come bella donna in veste chiara, ora come figura scarna con il piede d&#8217;oca. La sfilata dei Perchten, ancora oggi viva, traduce questa duplice figura in un rituale invernale visibile.<\/p>\n\t\t\t\t\t\t\t\t<\/div>\n\t\t\t\t\t<\/div>\n\t\t\t\t<\/div>\n\t\t<div class=\"elementor-element elementor-element-159dcf9a e-flex e-con-boxed e-con e-child\" data-id=\"159dcf9a\" data-element_type=\"container\" data-e-type=\"container\">\n\t\t\t\t\t<div class=\"e-con-inner\">\n\t\t\t\t<div class=\"elementor-element elementor-element-48cee66f elementor-widget elementor-widget-heading\" data-id=\"48cee66f\" data-element_type=\"widget\" data-e-type=\"widget\" data-widget_type=\"heading.default\">\n\t\t\t\t\t<div class=\"elementor-heading-title elementor-size-default\">In sintesi: Frau Perchta<\/div>\t\t\t\t<\/div>\n\t\t\t\t<div class=\"elementor-element elementor-element-3f50d82c elementor-widget elementor-widget-text-editor\" data-id=\"3f50d82c\" data-element_type=\"widget\" data-e-type=\"widget\" data-widget_type=\"text-editor.default\">\n\t\t\t\t\t\t\t\t\t<p><strong>Tipo:<\/strong> spirito stagionale e giudice della laboriosit\u00e0 e dell&#8217;ordine<br \/>Origine: area alpina orientale, letterariamente attestata dal XV secolo (Thomas Ebendorfer, 1439)<br \/>Testi: prediche penitenziali medievali, Handw\u00f6rterbuch des deutschen Aberglaubens, raccolte di leggende del XIX secolo<br \/>Periodo: le dodici Raun\u00e4chte tra Natale e l&#8217;Epifania<br \/>Aspetto: bella donna vestita di bianco oppure vecchia scarna e dal naso lungo con il piede d&#8217;oca<\/p>\n\t\t\t\t\t\t\t\t<\/div>\n\t\t\t\t\t<\/div>\n\t\t\t\t<\/div>\n\t\t\t\t\t<\/div>\n\t\t\t\t<\/div>\n\t\t\t\t\t<\/div>\n\t\t\t\t<\/div>\n\t\t<div class=\"elementor-element elementor-element-18613602 e-flex e-con-boxed e-con e-parent\" data-id=\"18613602\" data-element_type=\"container\" data-e-type=\"container\">\n\t\t\t\t\t<div class=\"e-con-inner\">\n\t\t\t\t<div class=\"elementor-element elementor-element-262b8a9f elementor-widget elementor-widget-heading\" data-id=\"262b8a9f\" data-element_type=\"widget\" data-e-type=\"widget\" data-widget_type=\"heading.default\">\n\t\t\t\t\t<h2 class=\"elementor-heading-title elementor-size-default\">Contesto delle fonti<\/h2>\t\t\t\t<\/div>\n\t\t<div class=\"elementor-element elementor-element-46dcb7d e-con-full e-flex e-con e-child\" data-id=\"46dcb7d\" data-element_type=\"container\" data-e-type=\"container\">\n\t\t<div class=\"elementor-element elementor-element-61d3ab3 e-flex e-con-boxed e-con e-child\" data-id=\"61d3ab3\" data-element_type=\"container\" data-e-type=\"container\">\n\t\t\t\t\t<div class=\"e-con-inner\">\n\t\t\t\t<div class=\"elementor-element elementor-element-117c166 elementor-widget elementor-widget-heading\" data-id=\"117c166\" data-element_type=\"widget\" data-e-type=\"widget\" data-widget_type=\"heading.default\">\n\t\t\t\t\t<h3 class=\"elementor-heading-title elementor-size-default\">Periodo dei testi<\/h3>\t\t\t\t<\/div>\n\t\t\t\t<div class=\"elementor-element elementor-element-73997a0 elementor-widget elementor-widget-text-editor\" data-id=\"73997a0\" data-element_type=\"widget\" data-e-type=\"widget\" data-widget_type=\"text-editor.default\">\n\t\t\t\t\t\t\t\t\t<p>Attestata letterariamente dal XV secolo, con Thomas Ebendorfer nel 1439 come prima testimonianza; ampiamente documentata dal punto di vista etnografico nel XIX e all&#8217;inizio del XX secolo.<\/p>\n\t\t\t\t\t\t\t\t<\/div>\n\t\t\t\t\t<\/div>\n\t\t\t\t<\/div>\n\t\t<div class=\"elementor-element elementor-element-d47b156 e-flex e-con-boxed e-con e-child\" data-id=\"d47b156\" data-element_type=\"container\" data-e-type=\"container\">\n\t\t\t\t\t<div class=\"e-con-inner\">\n\t\t\t\t<div class=\"elementor-element elementor-element-ff38c2b elementor-widget elementor-widget-heading\" data-id=\"ff38c2b\" data-element_type=\"widget\" data-e-type=\"widget\" data-widget_type=\"heading.default\">\n\t\t\t\t\t<h3 class=\"elementor-heading-title elementor-size-default\">Area di diffusione<\/h3>\t\t\t\t<\/div>\n\t\t\t\t<div class=\"elementor-element elementor-element-4e49fcc elementor-widget elementor-widget-text-editor\" data-id=\"4e49fcc\" data-element_type=\"widget\" data-e-type=\"widget\" data-widget_type=\"text-editor.default\">\n\t\t\t\t\t\t\t\t\t<p>Baviera, Austria, Alto Adige e area alpina orientale, con figure parallele settentrionali fino alla Germania centrale.<\/p>\n\t\t\t\t\t\t\t\t<\/div>\n\t\t\t\t\t<\/div>\n\t\t\t\t<\/div>\n\t\t\t\t<\/div>\n\t\t<div class=\"elementor-element elementor-element-db03c39 e-con-full e-flex e-con e-child\" data-id=\"db03c39\" data-element_type=\"container\" data-e-type=\"container\">\n\t\t<div class=\"elementor-element elementor-element-229a87b e-flex e-con-boxed e-con e-child\" data-id=\"229a87b\" data-element_type=\"container\" data-e-type=\"container\">\n\t\t\t\t\t<div class=\"e-con-inner\">\n\t\t\t\t<div class=\"elementor-element elementor-element-1f471fc elementor-widget elementor-widget-heading\" data-id=\"1f471fc\" data-element_type=\"widget\" data-e-type=\"widget\" data-widget_type=\"heading.default\">\n\t\t\t\t\t<h3 class=\"elementor-heading-title elementor-size-default\">Situazione delle fonti<\/h3>\t\t\t\t<\/div>\n\t\t\t\t<div class=\"elementor-element elementor-element-36b1201 elementor-widget elementor-widget-text-editor\" data-id=\"36b1201\" data-element_type=\"widget\" data-e-type=\"widget\" data-widget_type=\"text-editor.default\">\n\t\t\t\t\t\t\t\t\t<p>Le prediche penitenziali medievali, il Handw\u00f6rterbuch des deutschen Aberglaubens e le raccolte di leggende del XIX secolo costituiscono la base delle fonti.<\/p>\n\t\t\t\t\t\t\t\t<\/div>\n\t\t\t\t\t<\/div>\n\t\t\t\t<\/div>\n\t\t\t\t<\/div>\n\t\t\t\t\t<\/div>\n\t\t\t\t<\/div>\n\t\t<div class=\"elementor-element elementor-element-3ae0637c e-flex e-con-boxed e-con e-parent\" data-id=\"3ae0637c\" data-element_type=\"container\" data-e-type=\"container\">\n\t\t\t\t\t<div class=\"e-con-inner\">\n\t\t\t\t<div class=\"elementor-element elementor-element-31d07739 elementor-widget elementor-widget-heading\" data-id=\"31d07739\" data-element_type=\"widget\" data-e-type=\"widget\" data-widget_type=\"heading.default\">\n\t\t\t\t\t<h2 class=\"elementor-heading-title elementor-size-default\">Nome e varianti<\/h2>\t\t\t\t<\/div>\n\t\t<div class=\"elementor-element elementor-element-b7642947 e-con-full e-flex e-con e-child\" data-id=\"b7642947\" data-element_type=\"container\" data-e-type=\"container\">\n\t\t\t\t<div class=\"elementor-element elementor-element-a086266 elementor-widget elementor-widget-text-editor\" data-id=\"a086266\" data-element_type=\"widget\" data-e-type=\"widget\" data-widget_type=\"text-editor.default\">\n\t\t\t\t\t\t\t\t\t<p><strong>Alto tedesco antico:<\/strong> il nome viene generalmente ricondotto a beraht, \u00abla splendente\u00bb, pi\u00f9 raramente a pergan, \u00abla nascosta\u00bb; la ricerca non ha chiarito la questione in modo definitivo. Il nome \u00e8 inoltre collegato al Berchtentag, la festa dell&#8217;Epifania del 6 gennaio.<\/p>\n\t\t\t\t\t\t\t\t<\/div>\n\t\t\t\t<\/div>\n\t\t\t\t\t<\/div>\n\t\t\t\t<\/div>\n\t\t<div class=\"elementor-element elementor-element-709a44a8 e-flex e-con-boxed e-con e-parent\" data-id=\"709a44a8\" data-element_type=\"container\" data-e-type=\"container\">\n\t\t\t\t\t<div class=\"e-con-inner\">\n\t\t\t\t<div class=\"elementor-element elementor-element-2f585873 elementor-widget elementor-widget-heading\" data-id=\"2f585873\" data-element_type=\"widget\" data-e-type=\"widget\" data-widget_type=\"heading.default\">\n\t\t\t\t\t<h2 class=\"elementor-heading-title elementor-size-default\">Forma e azione<\/h2>\t\t\t\t<\/div>\n\t\t<div class=\"elementor-element elementor-element-70621c12 e-con-full e-flex e-con e-child\" data-id=\"70621c12\" data-element_type=\"container\" data-e-type=\"container\">\n\t\t\t\t<div class=\"elementor-element elementor-element-4296eb49 elementor-widget elementor-widget-text-editor\" data-id=\"4296eb49\" data-element_type=\"widget\" data-e-type=\"widget\" data-widget_type=\"text-editor.default\">\n\t\t\t\t\t\t\t\t\t<p><strong>Aspetto<\/strong><\/p>\n<p>Perchta appare in due forme opposte: come bella donna con una veste chiara, spesso bianca, associata alla luce, alla purezza e alla fertilit\u00e0, oppure come figura scarna con naso lungo, capelli arruffati e il piede d&#8217;oca o di cigno che le d\u00e0 il nome.<\/p>\n<p><strong>Effetto<\/strong><\/p>\n<p>Entrambe le forme controllano se le rocche da filare sono state riposte, le case sono state riordinate e il lavoro dell&#8217;anno \u00e8 stato concluso in modo ordinato. Nel Perchtenlauf delle Alpi orientali questa doppia natura si riflette ancora oggi nelle maschere \u00abbelle\u00bb e \u00abbrutte\u00bb dei Perchten.<\/p>\n\t\t\t\t\t\t\t\t<\/div>\n\t\t\t\t<\/div>\n\t\t\t\t\t<\/div>\n\t\t\t\t<\/div>\n\t\t<div class=\"elementor-element elementor-element-44e71476 e-flex e-con-boxed e-con e-parent\" data-id=\"44e71476\" data-element_type=\"container\" data-e-type=\"container\">\n\t\t\t\t\t<div class=\"e-con-inner\">\n\t\t\t\t<div class=\"elementor-element elementor-element-3c1fc3f0 elementor-widget elementor-widget-heading\" data-id=\"3c1fc3f0\" data-element_type=\"widget\" data-e-type=\"widget\" data-widget_type=\"heading.default\">\n\t\t\t\t\t<h2 class=\"elementor-heading-title elementor-size-default\">Profilo: Frau Perchta<\/h2>\t\t\t\t<\/div>\n\t\t<div class=\"elementor-element elementor-element-84f33b8e e-con-full e-flex e-con e-child\" data-id=\"84f33b8e\" data-element_type=\"container\" data-e-type=\"container\">\n\t\t\t\t<div class=\"elementor-element elementor-element-hqkdc67p elementor-widget elementor-widget-text-editor\" data-id=\"hqkdc67p\" data-element_type=\"widget\" data-e-type=\"widget\" data-widget_type=\"text-editor.default\">\n\t\t\t\t\t\t\t\t\t<p>Gli aspetti principali della guardiana delle Notti di Rauhnacht in sintesi.<\/p>\n\t\t\t\t\t\t\t\t<\/div>\n\t\t\t\t<\/div>\n\t\t<div class=\"elementor-element elementor-element-pemmx7c5 e-con-full e-flex e-con e-child\" data-id=\"pemmx7c5\" data-element_type=\"container\" data-e-type=\"container\">\n\t\t<div class=\"elementor-element elementor-element-pemmx7c1 e-con-full e-flex e-con e-child\" data-id=\"pemmx7c1\" data-element_type=\"container\" data-e-type=\"container\">\n\t\t<div class=\"elementor-element elementor-element-qh9oavvu iwg-steckbrief-card e-flex e-con-boxed e-con e-child\" data-id=\"qh9oavvu\" data-element_type=\"container\" data-e-type=\"container\">\n\t\t\t\t\t<div class=\"e-con-inner\">\n\t\t\t\t<div class=\"elementor-element elementor-element-awzx8k2k elementor-widget elementor-widget-heading\" data-id=\"awzx8k2k\" data-element_type=\"widget\" data-e-type=\"widget\" data-widget_type=\"heading.default\">\n\t\t\t\t\t<div class=\"elementor-heading-title elementor-size-default\">Contesto culturale<\/div>\t\t\t\t<\/div>\n\t\t\t\t<div class=\"elementor-element elementor-element-x6rowhv0 elementor-widget elementor-widget-text-editor\" data-id=\"x6rowhv0\" data-element_type=\"widget\" data-e-type=\"widget\" data-widget_type=\"text-editor.default\">\n\t\t\t\t\t\t\t\t\t<p>Spirito stagionale dell&#8217;area alpina orientale, attestato in ambito ecclesiastico dal XV secolo e classificato da Jacob Grimm come parente meridionale di Frau Holle.<\/p>\n\t\t\t\t\t\t\t\t<\/div>\n\t\t\t\t\t<\/div>\n\t\t\t\t<\/div>\n\t\t<div class=\"elementor-element elementor-element-8e3o4kxs iwg-steckbrief-card e-flex e-con-boxed e-con e-child\" data-id=\"8e3o4kxs\" data-element_type=\"container\" data-e-type=\"container\">\n\t\t\t\t\t<div class=\"e-con-inner\">\n\t\t\t\t<div class=\"elementor-element elementor-element-08rkdgov elementor-widget elementor-widget-heading\" data-id=\"08rkdgov\" data-element_type=\"widget\" data-e-type=\"widget\" data-widget_type=\"heading.default\">\n\t\t\t\t\t<div class=\"elementor-heading-title elementor-size-default\">Competenze<\/div>\t\t\t\t<\/div>\n\t\t\t\t<div class=\"elementor-element elementor-element-uwjelx8s elementor-widget elementor-widget-text-editor\" data-id=\"uwjelx8s\" data-element_type=\"widget\" data-e-type=\"widget\" data-widget_type=\"text-editor.default\">\n\t\t\t\t\t\t\t\t\t<p>Filatrici, servit\u00f9 e bambini: Perchta controlla la diligenza e l&#8217;ordine nella casa e vigila sul passaggio dall&#8217;anno vecchio a quello nuovo.<\/p>\n\t\t\t\t\t\t\t\t<\/div>\n\t\t\t\t\t<\/div>\n\t\t\t\t<\/div>\n\t\t<div class=\"elementor-element elementor-element-jm2n74ec iwg-steckbrief-card e-flex e-con-boxed e-con e-child\" data-id=\"jm2n74ec\" data-element_type=\"container\" data-e-type=\"container\">\n\t\t\t\t\t<div class=\"e-con-inner\">\n\t\t\t\t<div class=\"elementor-element elementor-element-8vufse4c elementor-widget elementor-widget-heading\" data-id=\"8vufse4c\" data-element_type=\"widget\" data-e-type=\"widget\" data-widget_type=\"heading.default\">\n\t\t\t\t\t<div class=\"elementor-heading-title elementor-size-default\">Rappresentazione<\/div>\t\t\t\t<\/div>\n\t\t\t\t<div class=\"elementor-element elementor-element-mwb9u015 elementor-widget elementor-widget-text-editor\" data-id=\"mwb9u015\" data-element_type=\"widget\" data-e-type=\"widget\" data-widget_type=\"text-editor.default\">\n\t\t\t\t\t\t\t\t\t<p>Bella donna vestita di bianco oppure vecchia scarna con naso lungo e piede d&#8217;oca; nel Perchtenlauf rappresentata con maschere \u00abbelle\u00bb e \u00abbrutte\u00bb.<\/p>\n\t\t\t\t\t\t\t\t<\/div>\n\t\t\t\t\t<\/div>\n\t\t\t\t<\/div>\n\t\t\t\t<\/div>\n\t\t<div class=\"elementor-element elementor-element-pemmx7c2 e-con-full e-flex e-con e-child\" data-id=\"pemmx7c2\" data-element_type=\"container\" data-e-type=\"container\">\n\t\t<div class=\"elementor-element elementor-element-37ss2yr6 iwg-steckbrief-card e-flex e-con-boxed e-con e-child\" data-id=\"37ss2yr6\" data-element_type=\"container\" data-e-type=\"container\">\n\t\t\t\t\t<div class=\"e-con-inner\">\n\t\t\t\t<div class=\"elementor-element elementor-element-3v0wp3wx elementor-widget elementor-widget-heading\" data-id=\"3v0wp3wx\" data-element_type=\"widget\" data-e-type=\"widget\" data-widget_type=\"heading.default\">\n\t\t\t\t\t<div class=\"elementor-heading-title elementor-size-default\">Ambito d'azione<\/div>\t\t\t\t<\/div>\n\t\t\t\t<div class=\"elementor-element elementor-element-w3247g2m elementor-widget elementor-widget-text-editor\" data-id=\"w3247g2m\" data-element_type=\"widget\" data-e-type=\"widget\" data-widget_type=\"text-editor.default\">\n\t\t\t\t\t\t\t\t\t<p>Ricompensa la diligenza con benedizioni e un buon raccolto, rimprovero e, nei racconti pi\u00f9 antichi, punizioni pi\u00f9 severe in caso di negligenza.<\/p>\n\t\t\t\t\t\t\t\t<\/div>\n\t\t\t\t\t<\/div>\n\t\t\t\t<\/div>\n\t\t<div class=\"elementor-element elementor-element-0qpjal9w iwg-steckbrief-card e-flex e-con-boxed e-con e-child\" data-id=\"0qpjal9w\" data-element_type=\"container\" data-e-type=\"container\">\n\t\t\t\t\t<div class=\"e-con-inner\">\n\t\t\t\t<div class=\"elementor-element elementor-element-6ndoih0o elementor-widget elementor-widget-heading\" data-id=\"6ndoih0o\" data-element_type=\"widget\" data-e-type=\"widget\" data-widget_type=\"heading.default\">\n\t\t\t\t\t<div class=\"elementor-heading-title elementor-size-default\">Comportamento<\/div>\t\t\t\t<\/div>\n\t\t\t\t<div class=\"elementor-element elementor-element-6684tyh9 elementor-widget elementor-widget-text-editor\" data-id=\"6684tyh9\" data-element_type=\"widget\" data-e-type=\"widget\" data-widget_type=\"text-editor.default\">\n\t\t\t\t\t\t\t\t\t<p>Rocche da filare riposte e stanze riordinate prima della notte critica, oltre a fumigazioni, formule di scongiuro e preghiere sulla soglia.<\/p>\n\t\t\t\t\t\t\t\t<\/div>\n\t\t\t\t\t<\/div>\n\t\t\t\t<\/div>\n\t\t<div class=\"elementor-element elementor-element-3lfi7x32 iwg-steckbrief-card e-flex e-con-boxed e-con e-child\" data-id=\"3lfi7x32\" data-element_type=\"container\" data-e-type=\"container\">\n\t\t\t\t\t<div class=\"e-con-inner\">\n\t\t\t\t<div class=\"elementor-element elementor-element-0kg99ga1 elementor-widget elementor-widget-heading\" data-id=\"0kg99ga1\" data-element_type=\"widget\" data-e-type=\"widget\" data-widget_type=\"heading.default\">\n\t\t\t\t\t<div class=\"elementor-heading-title elementor-size-default\">Figure correlate<\/div>\t\t\t\t<\/div>\n\t\t\t\t<div class=\"elementor-element elementor-element-n0fum6kp elementor-widget elementor-widget-text-editor\" data-id=\"n0fum6kp\" data-element_type=\"widget\" data-e-type=\"widget\" data-widget_type=\"text-editor.default\">\n\t\t\t\t\t\t\t\t\t<p>La <a href=\"https:\/\/iwell-guard.com\/it\/kikimora\/\">Kikimora<\/a> slava orientale come spirito domestico punitivo affine, oltre ai cortei notturni di donne attorno a <a href=\"https:\/\/iwell-guard.com\/it\/diana\/\">Diana<\/a> tratti dal Canon Episcopi.<\/p>\n\t\t\t\t\t\t\t\t<\/div>\n\t\t\t\t\t<\/div>\n\t\t\t\t<\/div>\n\t\t\t\t<\/div>\n\t\t\t\t<\/div>\n\t\t\t\t\t<\/div>\n\t\t\t\t<\/div>\n\t\t<div class=\"elementor-element elementor-element-7533bc7a e-flex e-con-boxed e-con e-parent\" data-id=\"7533bc7a\" data-element_type=\"container\" data-e-type=\"container\">\n\t\t\t\t\t<div class=\"e-con-inner\">\n\t\t\t\t<div class=\"elementor-element elementor-element-2447d18d elementor-widget elementor-widget-heading\" data-id=\"2447d18d\" data-element_type=\"widget\" data-e-type=\"widget\" data-widget_type=\"heading.default\">\n\t\t\t\t\t<h2 class=\"elementor-heading-title elementor-size-default\">Dalla predica penitenziale al Berchtentag<\/h2>\t\t\t\t<\/div>\n\t\t<div class=\"elementor-element elementor-element-d5d0260c e-con-full e-flex e-con e-child\" data-id=\"d5d0260c\" data-element_type=\"container\" data-e-type=\"container\">\n\t\t\t\t<div class=\"elementor-element elementor-element-341be2ac elementor-widget elementor-widget-text-editor\" data-id=\"341be2ac\" data-element_type=\"widget\" data-e-type=\"widget\" data-widget_type=\"text-editor.default\">\n\t\t\t\t\t\t\t\t\t<p>Il nome Perchta viene comunemente ricondotto all&#8217;antico alto tedesco beraht, \u00abla splendente\u00bb, pi\u00f9 raramente a pergan, \u00abla nascosta\u00bb. Le tracce letterarie pi\u00f9 antiche si trovano nel XV secolo in Thomas Ebendorfer von Haselbach, che nella sua raccolta di predicazioni De decem praeceptis condanna il culto di Perchta come superstizione, e nel Thesaurus pauperum del 1468. Il nome \u00e8 collegato al Berchtentag, la festa dell&#8217;Epifania del 6 gennaio, giorno in cui alla figura veniva dedicata particolare attenzione.<\/p>\n<p>Jacob Grimm, nella sua Deutsche Mythologie, classific\u00f2 Perchta come parente meridionale della nordtedesca Frau Holle, con la quale condivide i ruoli di sorvegliante delle stanze da filo e protettrice degli animali; se si tratti di un&#8217;unica figura pi\u00f9 antica comune o di tradizioni parallele sviluppate in modo separato nelle diverse regioni \u00e8 oggetto di discussione nella ricerca. Gli strati pi\u00f9 antichi delle leggende conoscono un motivo punitivo drastico, in cui Perchta squarcia il ventre e lo riempie di paglia o trucioli; nella tradizione oggi raccontata e vissuta nelle Alpi, tuttavia, emerge chiaramente il ruolo di esaminatrice mite, seppur severa.<\/p>\n\t\t\t\t\t\t\t\t<\/div>\n\t\t\t\t<\/div>\n\t\t\t\t\t<\/div>\n\t\t\t\t<\/div>\n\t\t<div class=\"elementor-element elementor-element-cf9ff8f e-flex e-con-boxed e-con e-parent\" data-id=\"cf9ff8f\" data-element_type=\"container\" data-e-type=\"container\">\n\t\t\t\t\t<div class=\"e-con-inner\">\n\t\t\t\t<div class=\"elementor-element elementor-element- elementor-widget elementor-widget-heading\" data-id=\"\" data-element_type=\"widget\" data-e-type=\"widget\" data-widget_type=\"heading.default\">\n\t\t\t\t\t<h2 class=\"elementor-heading-title elementor-size-default\">Prime attestazioni: Giperchtennacht, 1393 e 1411<\/h2>\t\t\t\t<\/div>\n\t\t<div class=\"elementor-element elementor-element- e-con-full e-flex e-con e-child\" data-id=\"\" data-element_type=\"container\" data-e-type=\"container\">\n\t\t\t\t<div class=\"elementor-element elementor-element- elementor-widget elementor-widget-text-editor\" data-id=\"\" data-element_type=\"widget\" data-e-type=\"widget\" data-widget_type=\"text-editor.default\">\n\t\t\t\t\t\t\t\t\t<p>Il nome rimanda al linguaggio ecclesiastico del medioevo. In alto tedesco medio bercht significa splendente o luminoso. La notte splendente era la vigilia del 6 gennaio, festa dell&#8217;Epifania del Signore. Nelle Mondseer Glossen, dell&#8217;XI secolo, \u00e8 attestata per questa notte la denominazione Giperchtennacht.<\/p><p>La figura leggendaria di Perchta \u00e8 documentabile a partire dal tardo medioevo. Un poema tirolese del 1393 menziona le Berchten dal naso lungo. Nel 1411 Hans Vintler, nei Pluemen der Tugent, deride la credenza nelle Perchten dal naso di ferro.<\/p><p>Le sfilate mascherate al cambio d&#8217;anno sono tuttavia pi\u00f9 antiche del nome. Gi\u00e0 verso il 500 Cesario di Arles predicava contro i rumorosi costumi di travestimento a inizio anno. Se tra queste sfilate della tarda antichit\u00e0 e le Perchten alpine esista una continuit\u00e0 \u00e8 questione controversa nella ricerca.<\/p><p>La folclorista Marianne Rumpf ha interpretato la figura soprattutto a partire dall&#8217;insegnamento ecclesiastico, non dalla tradizione pagana. Una dea precristiana Perchta attestata dalle fonti non esiste.<\/p>\t\t\t\t\t\t\t\t<\/div>\n\t\t\t\t<\/div>\n\t\t\t\t\t<\/div>\n\t\t\t\t<\/div>\n\t\t<div class=\"elementor-element elementor-element-5a584676 e-flex e-con-boxed e-con e-parent\" data-id=\"5a584676\" data-element_type=\"container\" data-e-type=\"container\">\n\t\t\t\t\t<div class=\"e-con-inner\">\n\t\t\t\t<div class=\"elementor-element elementor-element-6d0757bf elementor-widget elementor-widget-heading\" data-id=\"6d0757bf\" data-element_type=\"widget\" data-e-type=\"widget\" data-widget_type=\"heading.default\">\n\t\t\t\t\t<h2 class=\"elementor-heading-title elementor-size-default\">Perchtenlauf e reinterpretazione moderna<\/h2>\t\t\t\t<\/div>\n\t\t<div class=\"elementor-element elementor-element-60563f68 e-con-full e-flex e-con e-child\" data-id=\"60563f68\" data-element_type=\"container\" data-e-type=\"container\">\n\t\t\t\t<div class=\"elementor-element elementor-element-5a93fdd6 elementor-widget elementor-widget-text-editor\" data-id=\"5a93fdd6\" data-element_type=\"widget\" data-e-type=\"widget\" data-widget_type=\"text-editor.default\">\n\t\t\t\t\t\t\t\t\t<p>Perchta \u00e8 rimasta viva nell&#8217;area alpina soprattutto attraverso il Perchtenlauf, che ancora oggi si svolge a Capodanno e intorno al 6 gennaio in Salisburghese, Tirolo e nelle regioni confinanti. Nella letteratura popolare ed esoterica contemporanea viene spesso reinterpretata come dea delle Rauhn\u00e4chte e delle stagioni, una lettura che si discosta dalla leggenda popolare pi\u00f9 antica e severa.<\/p>\n<p>Perchta appartiene alle cosiddette demoni stagionali femminili, la cui apparizione \u00e8 legata al passaggio tra un anno e l&#8217;altro e che incarnano insieme controllo e fertilit\u00e0. La doppia forma, bella e brutta, pu\u00f2 essere letta come personificazione di premio e punizione, inserita in un&#8217;economia del lavoro domestico in cui filare e ordine erano valori centrali. La condanna ecclesiastica del culto di Perchta a partire dal XV secolo mostra come la figura sia stata per lungo tempo percepita come residuo di concezioni precristiane, anche se dalle fonti tardive non si pu\u00f2 dimostrare una continuit\u00e0 di culto ininterrotta.<\/p>\n\t\t\t\t\t\t\t\t<\/div>\n\t\t\t\t<\/div>\n\t\t\t\t\t<\/div>\n\t\t\t\t<\/div>\n\t\t<div class=\"elementor-element elementor-element-337f328 e-flex e-con-boxed e-con e-parent\" data-id=\"337f328\" data-element_type=\"container\" data-e-type=\"container\">\n\t\t\t\t\t<div class=\"e-con-inner\">\n\t\t\t\t<div class=\"elementor-element elementor-element- elementor-widget elementor-widget-heading\" data-id=\"\" data-element_type=\"widget\" data-e-type=\"widget\" data-widget_type=\"heading.default\">\n\t\t\t\t\t<h2 class=\"elementor-heading-title elementor-size-default\">Sch\u00f6nperchten e Schiachperchten<\/h2>\t\t\t\t<\/div>\n\t\t<div class=\"elementor-element elementor-element- e-con-full e-flex e-con e-child\" data-id=\"\" data-element_type=\"container\" data-e-type=\"container\">\n\t\t\t\t<div class=\"elementor-element elementor-element- elementor-widget elementor-widget-text-editor\" data-id=\"\" data-element_type=\"widget\" data-e-type=\"widget\" data-widget_type=\"text-editor.default\">\n\t\t\t\t\t\t\t\t\t<p>L&#8217;usanza ha due volti, che formano un tutt&#8217;uno.<\/p><p>Le Sch\u00f6nperchten (Perchten belle) sfilano di giorno. Indossano sontuose strutture, spesso alte come torri, ornate di specchi, fiori e nastri, e augurano alle case fortuna e benedizione per l&#8217;anno nuovo.<\/p><p>Le Schiachperchten (Perchten brutte) sono il lato notturno dell&#8217;usanza. Il termine altotedesco schiach significa brutto. Indossano larve di legno demoniache con corna e denti, pelliccia e campanacci. Sfilano rumorosamente per le vie. Secondo un&#8217;interpretazione diffusa, scacciano cos\u00ec le disgrazie dell&#8217;anno vecchio prima che possa arrivare la benedizione.<\/p>\t\t\t\t\t\t\t\t<\/div>\n\t\t\t\t<\/div>\n\t\t\t\t\t<\/div>\n\t\t\t\t<\/div>\n\t\t<div class=\"elementor-element elementor-element-e89e661 e-flex e-con-boxed e-con e-parent\" data-id=\"e89e661\" data-element_type=\"container\" data-e-type=\"container\">\n\t\t\t\t\t<div class=\"e-con-inner\">\n\t\t\t\t<div class=\"elementor-element elementor-element- elementor-widget elementor-widget-heading\" data-id=\"\" data-element_type=\"widget\" data-e-type=\"widget\" data-widget_type=\"heading.default\">\n\t\t\t\t\t<h2 class=\"elementor-heading-title elementor-size-default\">Il tempo delle Perchten: Rauhn\u00e4chte e Perchtennacht<\/h2>\t\t\t\t<\/div>\n\t\t<div class=\"elementor-element elementor-element- e-con-full e-flex e-con e-child\" data-id=\"\" data-element_type=\"container\" data-e-type=\"container\">\n\t\t\t\t<div class=\"elementor-element elementor-element- elementor-widget elementor-widget-text-editor\" data-id=\"\" data-element_type=\"widget\" data-e-type=\"widget\" data-widget_type=\"text-editor.default\">\n\t\t\t\t\t\t\t\t\t<p>Il vero tempo delle Perchten sono le <a href=\"https:\/\/iwell-guard.com\/rauhnaechte\/\">Rauhn\u00e4chte<\/a>, dalla vigilia di Natale all&#8217;Epifania. In queste notti l&#8217;ordine del mondo era considerato permeabile. Sfilate, rumore e auguri di benedizione dovevano accompagnare casa e podere attraverso il cambio d&#8217;anno.<\/p><p>La conclusione \u00e8 segnata dal 5 gennaio, in alcuni luoghi chiamato Gl\u00f6ckeltag, seguito dalla Perchtennacht nella notte dell&#8217;Epifania. In questa data le localit\u00e0 pi\u00f9 legate alla tradizione tengono ancora oggi le loro sfilate.<\/p>\t\t\t\t\t\t\t\t<\/div>\n\t\t\t\t<\/div>\n\t\t\t\t\t<\/div>\n\t\t\t\t<\/div>\n\t\t<div class=\"elementor-element elementor-element-de94d99 e-flex e-con-boxed e-con e-parent\" data-id=\"de94d99\" data-element_type=\"container\" data-e-type=\"container\">\n\t\t\t\t\t<div class=\"e-con-inner\">\n\t\t\t\t<div class=\"elementor-element elementor-element- elementor-widget elementor-widget-heading\" data-id=\"\" data-element_type=\"widget\" data-e-type=\"widget\" data-widget_type=\"heading.default\">\n\t\t\t\t\t<h2 class=\"elementor-heading-title elementor-size-default\">Perchtenl\u00e4ufe: dal Pongau al Salzkammergut<\/h2>\t\t\t\t<\/div>\n\t\t<div class=\"elementor-element elementor-element- e-con-full e-flex e-con e-child\" data-id=\"\" data-element_type=\"container\" data-e-type=\"container\">\n\t\t\t\t<div class=\"elementor-element elementor-element- elementor-widget elementor-widget-text-editor\" data-id=\"\" data-element_type=\"widget\" data-e-type=\"widget\" data-widget_type=\"text-editor.default\">\n\t\t\t\t\t\t\t\t\t<p>La sfilata tradizionale pi\u00f9 nota \u00e8 il Pongauer Perchtenlauf nel Salisburghese, documentato gi\u00e0 prima del 1850. Si svolge a turno nei comuni di St. Johann, Altenmarkt, Bischofshofen, Bad Gastein e Bad Hofgastein, sempre intorno all&#8217;Epifania. Nella valle di Gastein sfilano anche le Tafelperchten e le Kappenperchten, con le loro strutture alte diversi metri, accompagnate da figure come la <a href=\"https:\/\/iwell-guard.com\/habergeiss\/\">Habergei\u00df<\/a> o l&#8217;orso con il suo domatore.<\/p><p>Accanto a queste esistono forme particolari autonome. A Rauris sfilano le Schnabelperchten, figure con lunghi becchi di stoffa che, secondo la leggenda, controllano l&#8217;ordine e la pulizia delle case. Nel Salzkammergut, il 5 gennaio, sfilano i Gl\u00f6ckler, figure vestite di bianco con copricapi luminosi. Nel Pinzgau i Tresterer eseguono la loro antica danza a passi, mentre nell&#8217;Ennstal compare la Vogelpercht.<\/p>\t\t\t\t\t\t\t\t<\/div>\n\t\t\t\t<\/div>\n\t\t\t\t\t<\/div>\n\t\t\t\t<\/div>\n\t\t<div class=\"elementor-element elementor-element-16c1f9d e-flex e-con-boxed e-con e-parent\" data-id=\"16c1f9d\" data-element_type=\"container\" data-e-type=\"container\">\n\t\t\t\t\t<div class=\"e-con-inner\">\n\t\t\t\t<div class=\"elementor-element elementor-element- elementor-widget elementor-widget-heading\" data-id=\"\" data-element_type=\"widget\" data-e-type=\"widget\" data-widget_type=\"heading.default\">\n\t\t\t\t\t<h2 class=\"elementor-heading-title elementor-size-default\">Come si chiamano ancora le Perchten? Nomi regionali<\/h2>\t\t\t\t<\/div>\n\t\t<div class=\"elementor-element elementor-element- e-con-full e-flex e-con e-child\" data-id=\"\" data-element_type=\"container\" data-e-type=\"container\">\n\t\t\t\t<div class=\"elementor-element elementor-element- elementor-widget elementor-widget-text-editor\" data-id=\"\" data-element_type=\"widget\" data-e-type=\"widget\" data-widget_type=\"text-editor.default\">\n\t\t\t\t\t\t\t\t\t<p>A seconda della regione, la figura porta nomi diversi. Nella Bassa Austria si chiamava Bechtra, nell&#8217;Ausseerland B\u00e4rigl, nella Stiria orientale e nel Burgenland Rauweib o Pudelfrau. Nell&#8217;Alta Baviera figure affini sono note come Holzmandl o Moosmann, nella Baviera nordorientale come Specht. Nell&#8217;area della Germania centrale \u00e8 <a href=\"https:\/\/iwell-guard.com\/holla\/\">Frau Holle<\/a> ad assumere il ruolo della figura femminile invernale.<\/p><p>Cambiano anche le grafie: Percht, Bercht, Berchta, Perchta. Si intende sempre la stessa figura delle Rauhn\u00e4chte.<\/p>\t\t\t\t\t\t\t\t<\/div>\n\t\t\t\t<\/div>\n\t\t\t\t\t<\/div>\n\t\t\t\t<\/div>\n\t\t<div class=\"elementor-element elementor-element-61aefbe e-flex e-con-boxed e-con e-parent\" data-id=\"61aefbe\" data-element_type=\"container\" data-e-type=\"container\">\n\t\t\t\t\t<div class=\"e-con-inner\">\n\t\t\t\t<div class=\"elementor-element elementor-element- elementor-widget elementor-widget-heading\" data-id=\"\" data-element_type=\"widget\" data-e-type=\"widget\" data-widget_type=\"heading.default\">\n\t\t\t\t\t<h2 class=\"elementor-heading-title elementor-size-default\">Maschere, associazioni e l'usanza oggi<\/h2>\t\t\t\t<\/div>\n\t\t<div class=\"elementor-element elementor-element- e-con-full e-flex e-con e-child\" data-id=\"\" data-element_type=\"container\" data-e-type=\"container\">\n\t\t\t\t<div class=\"elementor-element elementor-element- elementor-widget elementor-widget-text-editor\" data-id=\"\" data-element_type=\"widget\" data-e-type=\"widget\" data-widget_type=\"text-editor.default\">\n\t\t\t\t\t\t\t\t\t<p>Le maschere delle Perchten, chiamate Larven nell&#8217;arco alpino, sono lavori di intaglio in legno di cirmolo o di tiglio, spesso con corna vere e bordature di pelliccia. Molte Passen, cio\u00e8 i gruppi che sfilano, realizzano da sole le proprie Larven o le commissionano a intagliatori specializzati. Le Larven antiche sono ambiti pezzi da collezione e si trovano nei musei etnografici locali dell&#8217;arco alpino.<\/p><p>Oggi l&#8217;usanza vive in due forme. Le localit\u00e0 legate alla tradizione mantengono data e svolgimento originari. Accanto a esse \u00e8 nata una scena di eventi, con grandi sfilate spettacolari, spettacoli di fuoco e centinaia di partecipanti che animano l&#8217;Avvento. La tensione tra conservazione della tradizione ed evento fa ormai essa stessa parte del tema Perchten.<\/p>\t\t\t\t\t\t\t\t<\/div>\n\t\t\t\t<\/div>\n\t\t\t\t\t<\/div>\n\t\t\t\t<\/div>\n\t\t<div class=\"elementor-element elementor-element-7ec5e0e e-flex e-con-boxed e-con e-parent\" data-id=\"7ec5e0e\" data-element_type=\"container\" data-e-type=\"container\">\n\t\t\t\t\t<div class=\"e-con-inner\">\n\t\t\t\t<div class=\"elementor-element elementor-element- elementor-widget elementor-widget-heading\" data-id=\"\" data-element_type=\"widget\" data-e-type=\"widget\" data-widget_type=\"heading.default\">\n\t\t\t\t\t<h2 class=\"elementor-heading-title elementor-size-default\">Perchten e Krampus: la differenza<\/h2>\t\t\t\t<\/div>\n\t\t<div class=\"elementor-element elementor-element- e-con-full e-flex e-con e-child\" data-id=\"\" data-element_type=\"container\" data-e-type=\"container\">\n\t\t\t\t<div class=\"elementor-element elementor-element- elementor-widget elementor-widget-text-editor\" data-id=\"\" data-element_type=\"widget\" data-e-type=\"widget\" data-widget_type=\"text-editor.default\">\n\t\t\t\t\t\t\t\t\t<p>Le due figure vengono spesso confuse tra loro, ma vanno tenute distinte.<\/p><p>Il <a href=\"https:\/\/iwell-guard.com\/krampus\/\">Krampus<\/a> appartiene a San Nicola e quindi all&#8217;Avvento. Sfila il 5 e il 6 dicembre, come accompagnatore punitivo del santo. Le Perchten appartengono invece all&#8217;altro estremo del periodo natalizio, alle Rauhn\u00e4chte intorno al 6 gennaio, e non accompagnano nessuno. Si presentano come schiera autonoma.<\/p><p>Al giorno d&#8217;oggi le due usanze si mescolano. Molte manifestazioni d&#8217;Avvento si chiamano Perchtenlauf ma mostrano figure di Krampus, e le moderne sfilate spettacolari uniscono entrambi i tipi di maschera. Gli studiosi del folclore e le Passen di antica tradizione distinguono invece rigorosamente in base a data e ruolo.<\/p>\t\t\t\t\t\t\t\t<\/div>\n\t\t\t\t<\/div>\n\t\t\t\t\t<\/div>\n\t\t\t\t<\/div>\n\t\t<div class=\"elementor-element elementor-element-cp9a031aa e-flex e-con-boxed e-con e-parent\" data-id=\"cp9a031aa\" data-element_type=\"container\" data-e-type=\"container\">\n\t\t\t\t\t<div class=\"e-con-inner\">\n\t\t\t\t<div class=\"elementor-element elementor-element-cp9193514 elementor-widget elementor-widget-heading\" data-id=\"cp9193514\" data-element_type=\"widget\" data-e-type=\"widget\" data-widget_type=\"heading.default\">\n\t\t\t\t\t<h2 class=\"elementor-heading-title elementor-size-default\">Diligenza, ordine e la protezione della soglia<\/h2>\t\t\t\t<\/div>\n\t\t<div class=\"elementor-element elementor-element-cp02ca0ee e-con-full e-flex e-con e-child\" data-id=\"cp02ca0ee\" data-element_type=\"container\" data-e-type=\"container\">\n\t\t\t\t<div class=\"elementor-element elementor-element-cp444e0f1 elementor-widget elementor-widget-text-editor\" data-id=\"cp444e0f1\" data-element_type=\"widget\" data-e-type=\"widget\" data-widget_type=\"text-editor.default\">\n\t\t\t\t\t\t\t\t\t<p>Chi temeva l&#8217;esame di Perchta poteva, secondo la tradizione, proteggersi soprattutto con diligenza e ordine: rocche da filare riposte, stanze e stalle riordinate prima della notte critica erano considerate la prevenzione pi\u00f9 efficace. Inoltre, durante le Rauhn\u00e4chte si praticava la fumigazione degli ambienti con incenso, per purificare l&#8217;aria dagli spiriti vaganti, insieme a formule di scongiuro e preghiere recitate sulla soglia. Anche il \u00abbesprechen\u00bb, la recitazione rituale di formule fisse da parte di persone esperte, rientrava tra i mezzi di difesa tramandati contro la forma d&#8217;apparizione pi\u00f9 inquietante della Percht.<\/p>\n\t\t\t\t\t\t\t\t<\/div>\n\t\t\t\t<\/div>\n\t\t\t\t\t<\/div>\n\t\t\t\t<\/div>\n\t\t<div class=\"elementor-element elementor-element-258586c e-flex e-con-boxed e-con e-parent\" data-id=\"258586c\" data-element_type=\"container\" data-e-type=\"container\">\n\t\t\t\t\t<div class=\"e-con-inner\">\n\t\t\t\t<div class=\"elementor-element elementor-element- elementor-widget elementor-widget-heading\" data-id=\"\" data-element_type=\"widget\" data-e-type=\"widget\" data-widget_type=\"heading.default\">\n\t\t\t\t\t<h2 class=\"elementor-heading-title elementor-size-default\">Il terrore come protezione<\/h2>\t\t\t\t<\/div>\n\t\t<div class=\"elementor-element elementor-element- e-con-full e-flex e-con e-child\" data-id=\"\" data-element_type=\"container\" data-e-type=\"container\">\n\t\t\t\t<div class=\"elementor-element elementor-element- elementor-widget elementor-widget-text-editor\" data-id=\"\" data-element_type=\"widget\" data-e-type=\"widget\" data-widget_type=\"text-editor.default\">\n\t\t\t\t\t\t\t\t\t<p>Le Perchten mostrano uno schema che ricorre in molte culture: la figura terrificante \u00e8 al tempo stesso quella protettrice. Il frastuono dei campanacci, la larva demoniaca, la sfilata notturna non sono rivolti contro le persone, ma contro ci\u00f2 che potrebbe nuocere loro. Chi ha dalla propria parte la figura spaventosa entra rafforzato nell&#8217;anno nuovo.<\/p><p>Nell&#8217;enciclopedia, le Perchten si affiancano cos\u00ec a figure come il <a href=\"https:\/\/iwell-guard.com\/krampus\/\">Krampus<\/a>, agli spiriti oppressori notturni come l&#8217;<a href=\"https:\/\/iwell-guard.com\/alp\/\">Alp<\/a> o alle figure guardiane di altre culture: il terrore si trasforma in protezione.<\/p>\t\t\t\t\t\t\t\t<\/div>\n\t\t\t\t<\/div>\n\t\t\t\t\t<\/div>\n\t\t\t\t<\/div>\n\t\t<div class=\"elementor-element elementor-element-cp11de5b2 e-flex e-con-boxed e-con e-parent\" data-id=\"cp11de5b2\" data-element_type=\"container\" data-e-type=\"container\">\n\t\t\t\t\t<div class=\"e-con-inner\">\n\t\t\t\t<div class=\"elementor-element elementor-element-cp8d35271 elementor-widget elementor-widget-heading\" data-id=\"cp8d35271\" data-element_type=\"widget\" data-e-type=\"widget\" data-widget_type=\"heading.default\">\n\t\t\t\t\t<h2 class=\"elementor-heading-title elementor-size-default\">Spiriti domestici punitivi e cortei notturni di donne<\/h2>\t\t\t\t<\/div>\n\t\t<div class=\"elementor-element elementor-element-cp02f26b8 e-con-full e-flex e-con e-child\" data-id=\"cp02f26b8\" data-element_type=\"container\" data-e-type=\"container\">\n\t\t\t\t<div class=\"elementor-element elementor-element-cp58c4390 elementor-widget elementor-widget-text-editor\" data-id=\"cp58c4390\" data-element_type=\"widget\" data-e-type=\"widget\" data-widget_type=\"text-editor.default\">\n\t\t\t\t\t\t\t\t\t<p>Nella tradizione slava orientale, la <a href=\"https:\/\/iwell-guard.com\/it\/kikimora\/\">Kikimora<\/a> svolge un ruolo affine di spirito domestico, che punisce la negligenza nel filare e nella conduzione della casa, anche se con una tonalit\u00e0 di fondo decisamente pi\u00f9 inquietante rispetto alla Percht alpina. Un parallelo pi\u00f9 antico, tramandato in ambito ecclesiastico, si trova nel Canon Episcopi del X secolo, che racconta di donne convinte di cavalcare di notte con la dea romana <a href=\"https:\/\/iwell-guard.com\/it\/diana\/\">Diana<\/a>; questa idea di un corteo notturno di donne viene spesso collegata dalla ricerca alle leggende successive su Perchta e Holda. Nell&#8217;area alpina, la <a href=\"https:\/\/iwell-guard.com\/it\/salige-frau\/\">Salige Frau<\/a> \u00e8 considerata un&#8217;ulteriore figura affine di protezione e natura.<\/p>\n\t\t\t\t\t\t\t\t<\/div>\n\t\t\t\t<\/div>\n\t\t\t\t\t<\/div>\n\t\t\t\t<\/div>\n\t\t<div class=\"elementor-element elementor-element-cp406577c e-flex e-con-boxed e-con e-parent\" data-id=\"cp406577c\" data-element_type=\"container\" data-e-type=\"container\">\n\t\t\t\t\t<div class=\"e-con-inner\">\n\t\t\t\t<div class=\"elementor-element elementor-element-cpdd9c543 elementor-widget elementor-widget-heading\" data-id=\"cpdd9c543\" data-element_type=\"widget\" data-e-type=\"widget\" data-widget_type=\"heading.default\">\n\t\t\t\t\t<h2 class=\"elementor-heading-title elementor-size-default\">Domande frequenti su Frau Perchta<\/h2>\t\t\t\t<\/div>\n\t\t<div class=\"elementor-element elementor-element-cp9e731bb e-con-full e-flex e-con e-child\" data-id=\"cp9e731bb\" data-element_type=\"container\" data-e-type=\"container\">\n\t\t\t\t<div class=\"elementor-element elementor-element-cpa7c898c elementor-widget elementor-widget-text-editor\" data-id=\"cpa7c898c\" data-element_type=\"widget\" data-e-type=\"widget\" data-widget_type=\"text-editor.default\">\n\t\t\t\t\t\t\t\t\t<p><strong>Frau Perchta \u00e8 la stessa cosa di Frau Holle?<\/strong><\/p>\n<p>Entrambe le figure condividono funzioni essenziali, come la sorveglianza sul lavoro di filatura e il legame con le Rauhn\u00e4chte. Jacob Grimm descrisse Perchta come parente meridionale di Holle; se alla base vi sia una figura originaria comune o due tradizioni regionali autonome non \u00e8 chiarito in modo definitivo dalla ricerca.<\/p>\n<p><strong>Perch\u00e9 Perchta ha due forme d&#8217;apparizione cos\u00ec diverse?<\/strong><\/p>\n<p>La figura bella e quella scarna rappresentano i due aspetti della sua funzione: ricompensa per la diligenza e ammonimento per la negligenza. Questa duplicit\u00e0 continua a vivere oggi nel Perchtenlauf nelle maschere \u00abbelle\u00bb e \u00abbrutte\u00bb.<\/p>\n<p><strong>Quando esattamente appare Perchta?<\/strong><\/p>\n<p>Il periodo principale sono le dodici Rauhn\u00e4chte tra Natale e l&#8217;Epifania, con particolare enfasi sulla notte prima del 6 gennaio, l&#8217;antico Berchtentag. In questo periodo, secondo la leggenda, i lavori di filatura dovevano fermarsi e casa e podere dovevano essere in ordine.<\/p>\n<p><strong>Cosa significano le Perchten?<\/strong><\/p>\n<p>Le Perchten sono figure mascherate delle Rauhn\u00e4chte nell&#8217;arco alpino. Incarnano il duplice carattere del cambio d&#8217;anno: le Schiachperchten scacciano con rumore e terrore le disgrazie dell&#8217;anno vecchio, le Sch\u00f6nperchten portano fortuna e benedizione per quello nuovo. Il nome risale alla Giperchtennacht, la notte splendente prima dell&#8217;Epifania.<\/p>\n<p><strong>Qual \u00e8 la differenza tra Perchten e Krampus?<\/strong><\/p>\n<p>Il Krampus \u00e8 l&#8217;accompagnatore punitivo di San Nicola e sfila il 5 e il 6 dicembre. Le Perchten si presentano in modo autonomo e appartengono alle Rauhn\u00e4chte intorno al 6 gennaio. Oggi le due usanze si mescolano nelle sfilate commerciali, ma tradizionalmente data e ruolo sono nettamente distinti.<\/p>\n<p><strong>Da dove viene l&#8217;usanza delle Perchten?<\/strong><\/p>\n<p>L&#8217;usanza proviene dall&#8217;arco alpino, soprattutto da Austria, Altbayern e Alto Adige. La figura della Percht \u00e8 documentata dal tardo medioevo, il nome gi\u00e0 dall&#8217;XI secolo. Se dietro vi siano usanze processionali precristiane \u00e8 questione controversa nella ricerca. Il Pongauer Perchtenlauf \u00e8 attestato gi\u00e0 prima del 1850.<\/p>\n<p><strong>Come si chiamano ancora le Perchten?<\/strong><\/p>\n<p>In base al loro aspetto si distinguono Sch\u00f6nperchten e Schiachperchten. Nomi regionali della figura sono, tra gli altri, Bechtra, B\u00e4rigl, Rauweib e Pudelfrau. Forme particolari affini sono i Gl\u00f6ckler nel Salzkammergut, i Tresterer nel Pinzgau e le Schnabelperchten a Rauris.<\/p>\t\t\t\t\t\t\t\t<\/div>\n\t\t\t\t<div class=\"elementor-element elementor-element-78e8854 elementor-widget elementor-widget-html\" data-id=\"78e8854\" data-element_type=\"widget\" data-e-type=\"widget\" data-widget_type=\"html.default\">\n\t\t\t\t\t<script type=\"application\/ld+json\">{\"@context\":\"https:\/\/schema.org\",\"@type\":\"FAQPage\",\"mainEntity\":[{\"@type\":\"Question\",\"name\":\"Frau Perchta \u00e8 la stessa cosa di Frau Holle?\",\"acceptedAnswer\":{\"@type\":\"Answer\",\"text\":\"Entrambe le figure condividono funzioni essenziali, come la sorveglianza sul lavoro di filatura e il legame con le Rauhn\u00e4chte. Jacob Grimm descrisse Perchta come parente meridionale di Holle; se alla base vi sia una figura originaria comune o due tradizioni regionali autonome non \u00e8 chiarito in modo definitivo dalla ricerca.\"}},{\"@type\":\"Question\",\"name\":\"Perch\u00e9 Perchta ha due forme d'apparizione cos\u00ec diverse?\",\"acceptedAnswer\":{\"@type\":\"Answer\",\"text\":\"La figura bella e quella scarna rappresentano i due aspetti della sua funzione: ricompensa per la diligenza e ammonimento per la negligenza. Questa duplicit\u00e0 continua a vivere oggi nel Perchtenlauf nelle maschere \u00abbelle\u00bb e \u00abbrutte\u00bb.\"}},{\"@type\":\"Question\",\"name\":\"Quando esattamente appare Perchta?\",\"acceptedAnswer\":{\"@type\":\"Answer\",\"text\":\"Il periodo principale sono le dodici Rauhn\u00e4chte tra Natale e l'Epifania, con particolare enfasi sulla notte prima del 6 gennaio, l'antico Berchtentag. In questo periodo, secondo la leggenda, i lavori di filatura dovevano fermarsi e casa e podere dovevano essere in ordine.\"}},{\"@type\":\"Question\",\"name\":\"Cosa significano le Perchten?\",\"acceptedAnswer\":{\"@type\":\"Answer\",\"text\":\"Le Perchten sono figure mascherate delle Rauhn\u00e4chte nell'arco alpino. Incarnano il duplice carattere del cambio d'anno: le Schiachperchten scacciano con rumore e terrore le disgrazie dell'anno vecchio, le Sch\u00f6nperchten portano fortuna e benedizione per quello nuovo. Il nome risale alla Giperchtennacht, la notte splendente prima dell'Epifania.\"}},{\"@type\":\"Question\",\"name\":\"Qual \u00e8 la differenza tra Perchten e Krampus?\",\"acceptedAnswer\":{\"@type\":\"Answer\",\"text\":\"Il Krampus \u00e8 l'accompagnatore punitivo di San Nicola e sfila il 5 e il 6 dicembre. Le Perchten si presentano in modo autonomo e appartengono alle Rauhn\u00e4chte intorno al 6 gennaio. Oggi le due usanze si mescolano nelle sfilate commerciali, ma tradizionalmente data e ruolo sono nettamente distinti.\"}},{\"@type\":\"Question\",\"name\":\"Da dove viene l'usanza delle Perchten?\",\"acceptedAnswer\":{\"@type\":\"Answer\",\"text\":\"L'usanza proviene dall'arco alpino, soprattutto da Austria, Altbayern e Alto Adige. La figura della Percht \u00e8 documentata dal tardo medioevo, il nome gi\u00e0 dall'XI secolo. Se dietro vi siano usanze processionali precristiane \u00e8 questione controversa nella ricerca. Il Pongauer Perchtenlauf \u00e8 attestato gi\u00e0 prima del 1850.\"}},{\"@type\":\"Question\",\"name\":\"Come si chiamano ancora le Perchten?\",\"acceptedAnswer\":{\"@type\":\"Answer\",\"text\":\"In base al loro aspetto si distinguono Sch\u00f6nperchten e Schiachperchten. Nomi regionali della figura sono, tra gli altri, Bechtra, B\u00e4rigl, Rauweib e Pudelfrau. Forme particolari affini sono i Gl\u00f6ckler nel Salzkammergut, i Tresterer nel Pinzgau e le Schnabelperchten a Rauris.\"}}]}<\/script>\t\t\t\t<\/div>\n\t\t\t\t<\/div>\n\t\t\t\t\t<\/div>\n\t\t\t\t<\/div>\n\t\t<div class=\"elementor-element elementor-element-36dd7469 e-flex e-con-boxed e-con e-parent\" data-id=\"36dd7469\" data-element_type=\"container\" data-e-type=\"container\">\n\t\t\t\t\t<div class=\"e-con-inner\">\n\t\t\t\t<div class=\"elementor-element elementor-element-13760ab4 elementor-widget elementor-widget-heading\" data-id=\"13760ab4\" data-element_type=\"widget\" data-e-type=\"widget\" data-widget_type=\"heading.default\">\n\t\t\t\t\t<h2 class=\"elementor-heading-title elementor-size-default\">Collegamenti di approfondimento<\/h2>\t\t\t\t<\/div>\n\t\t<div class=\"elementor-element elementor-element-28c87796 e-con-full e-flex e-con e-child\" data-id=\"28c87796\" data-element_type=\"container\" data-e-type=\"container\">\n\t\t\t\t<div class=\"elementor-element elementor-element-5d6538df elementor-widget elementor-widget-text-editor\" data-id=\"5d6538df\" data-element_type=\"widget\" data-e-type=\"widget\" data-widget_type=\"text-editor.default\">\n\t\t\t\t\t\t\t\t\t<p>Link interni consigliati:<\/p>\n<ul>\n<li><a href=\"https:\/\/iwell-guard.com\/it\/leggende-alpine\/\">Area alpina<\/a> \u2013 tutti gli esseri del mondo leggendario alpino<\/li>\n<li><a href=\"https:\/\/iwell-guard.com\/it\/holla-frau-holle\/\">Frau Holle<\/a>, <a href=\"https:\/\/iwell-guard.com\/it\/habergeiss\/\">Habergei\u00df<\/a> \u2013 figure affini delle Rauhn\u00e4chte<\/li>\n<li><a href=\"https:\/\/iwell-guard.com\/it\/incenso\/\">Incenso<\/a>, <a href=\"https:\/\/iwell-guard.com\/it\/scongiuro-e-rituale-di-bando\/\">Formula di scongiuro<\/a>, <a href=\"https:\/\/iwell-guard.com\/it\/besprechen\/\">Besprechen<\/a>, <a href=\"https:\/\/iwell-guard.com\/it\/le-preghiere-come-protezione\/\">Preghiere<\/a>, <a href=\"https:\/\/iwell-guard.com\/it\/simboli-magici-di-protezione\/\">Simboli di protezione<\/a> \u2013 forme di protezione tramandate<\/li>\n<li><a href=\"https:\/\/iwell-guard.com\/it\/bussola-di-protezione\/\">Bussola di protezione<\/a> \u2013 panoramica dei mezzi di protezione<\/li>\n<\/ul>\n\t\t\t\t\t\t\t\t<\/div>\n\t\t\t\t<\/div>\n\t\t\t\t\t<\/div>\n\t\t\t\t<\/div>\n\t\t<div class=\"elementor-element elementor-element-grl4kl40 e-flex e-con-boxed e-con e-parent\" data-id=\"grl4kl40\" data-element_type=\"container\" data-e-type=\"container\">\n\t\t\t\t\t<div class=\"e-con-inner\">\n\t\t\t\t<div class=\"elementor-element elementor-element-bzsbfrmh elementor-widget elementor-widget-heading\" data-id=\"bzsbfrmh\" data-element_type=\"widget\" data-e-type=\"widget\" data-widget_type=\"heading.default\">\n\t\t\t\t\t<h2 class=\"elementor-heading-title elementor-size-default\">Letteratura (selezione)<\/h2>\t\t\t\t<\/div>\n\t\t<div class=\"elementor-element elementor-element-2c13224a e-con-full e-flex e-con e-child\" data-id=\"2c13224a\" data-element_type=\"container\" data-e-type=\"container\">\n\t\t\t\t<div class=\"elementor-element elementor-element-0eymh9ub elementor-widget elementor-widget-text-editor\" data-id=\"0eymh9ub\" data-element_type=\"widget\" data-e-type=\"widget\" data-widget_type=\"text-editor.default\">\n\t\t\t\t\t\t\t\t\t<footer class=\"iwg-literatur\" data-nosnippet=\"true\">Una selezione di fonti e studi principali:\r\n<ul>\r\n \t<li><span data-nosnippet=\"\">Waschnitius, Viktor: <em>Perht, Holda und verwandte Gestalten. Ein Beitrag zur deutschen Religionsgeschichte<\/em>. Wien 1913.<\/span><\/li>\r\n \t<li><span data-nosnippet=\"\">B\u00e4chtold-St\u00e4ubli, Hanns (Hg.): <em>Handw\u00f6rterbuch des deutschen Aberglaubens<\/em>, Bd. 6 (Artikel Perchta). Berlin\/Leipzig 1934\/35.<\/span><\/li>\r\n \t<li><span data-nosnippet=\"\">Smith, John B.: <em>Perchta the Belly-Slitter and Her Kin: A View of Some Traditional Threatening Figures, Threats and Punishments<\/em>. In: Folklore, Bd. 115, 2004.<\/span><\/li>\r\n \t<li><span data-nosnippet=\"\">Grimm, Jacob: <em>Deutsche Mythologie<\/em>. G\u00f6ttingen 1835.<\/span><\/li>\r\n \t<li><span data-nosnippet=\"\">Zingerle, Ignaz Vinzenz: <em>Sitten, Br\u00e4uche und Meinungen des Tiroler Volkes<\/em>. 2. Auflage, Innsbruck 1871.<\/span><\/li>\r\n<\/ul>\r\n<\/footer><br><p class=\"iwg-bib-more\"><span data-nosnippet=\"\">Ulteriori opere di riferimento nella <a href=\"https:\/\/iwell-guard.com\/it\/letteratura\/\">bibliografia<\/a>.<\/span><\/p>\t\t\t\t\t\t\t\t<\/div>\n\t\t\t\t<\/div>\n\t\t\t\t\t<\/div>\n\t\t\t\t<\/div>\n\t\t<div class=\"elementor-element elementor-element-iwgkw2-add-hulijing e-flex e-con-boxed e-con e-parent\" data-id=\"iwgkw2-add-hulijing\" data-element_type=\"container\" data-e-type=\"container\">\n\t\t\t\t\t<div class=\"e-con-inner\">\n\t\t\t\t<div class=\"elementor-element elementor-element-iwgkw2-add-hulijing-t elementor-widget elementor-widget-text-editor\" data-id=\"iwgkw2-add-hulijing-t\" data-element_type=\"widget\" data-e-type=\"widget\" data-widget_type=\"text-editor.default\">\n\t\t\t\t\t\t\t\t\t<p>Conosciuta anche come Percht, figura leggendaria delle Alpi, rimane strettamente legata alle Rauhn\u00e4chte di Perchta, quelle dodici notti tra Natale e l&#8217;Epifania in cui la diligenza viene premiata e la negligenza rimproverata.<\/p>\n\t\t\t\t\t\t\t\t<\/div>\n\t\t\t\t\t<\/div>\n\t\t\t\t<\/div>\n\t\t\t\t<\/div>\n\t\t","protected":false},"excerpt":{"rendered":"<p>Frau Perchta, giudice della laboriosit\u00e0 e dell&#8217;ordine Frau Perchta \u00e8 spirito della tradizione alpina. Custode della laboriosit\u00e0 e dell&#8217;ordine nelle dodici Raun\u00e4chte. SpiritoAlpenraum Indice dei contenuti Frau Perchta Frau Perchta \u00e8 considerata, nelle Alpi e in Baviera, custode dell&#8217;ordine e della laboriosit\u00e0: chi durante l&#8217;anno ha lavorato e filato viene premiato, chi \u00e8 stato negligente [&hellip;]<\/p>\n","protected":false},"author":3,"featured_media":20929,"parent":0,"menu_order":0,"comment_status":"closed","ping_status":"closed","template":"elementor_header_footer","meta":{"_yoast_wpseo_focuskw":"frau perchta","_yoast_wpseo_title":"Frau Perchta \u2013 custode delle Raun\u00e4chte","_yoast_wpseo_metadesc":"Frau Perchta: custode dell'ordine e della laboriosit\u00e0 nelle Raun\u00e4chte. Origine, aspetto e forme di protezione tradizionali delle leggende alpine in sintesi.","_yoast_wpseo_meta-robots-noindex":"","_yoast_wpseo_canonical":"","_angie_page":false,"gefaehrdungsstufe":"","wesen_kultur":"","wesen_klasse":"","footnotes":""},"categories":[311,131,140],"class_list":["post-20928","page","type-page","status-publish","has-post-thumbnail","hentry","category-alpino","category-culture","category-spiriti"],"yoast_head":"<!-- This site is optimized with the Yoast SEO Premium plugin v27.7 (Yoast SEO v28.3) - https:\/\/yoast.com\/product\/yoast-seo-premium-wordpress\/ -->\n<title>Frau Perchta \u2013 custode delle Raun\u00e4chte<\/title>\n<meta name=\"description\" content=\"Frau Perchta: custode dell&#039;ordine e della laboriosit\u00e0 nelle Raun\u00e4chte. Origine, aspetto e forme di protezione tradizionali delle leggende alpine in sintesi.\" \/>\n<meta name=\"robots\" content=\"index, follow, max-snippet:-1, max-image-preview:large, max-video-preview:-1\" \/>\n<link rel=\"canonical\" href=\"https:\/\/iwell-guard.com\/it\/frau-perchta\/\" \/>\n<meta property=\"og:locale\" content=\"it_IT\" \/>\n<meta property=\"og:type\" content=\"article\" \/>\n<meta property=\"og:title\" content=\"Frau Perchta\" \/>\n<meta property=\"og:description\" content=\"Frau Perchta: custode dell&#039;ordine e della laboriosit\u00e0 nelle Raun\u00e4chte. Origine, aspetto e forme di protezione tradizionali delle leggende alpine in sintesi.\" \/>\n<meta property=\"og:url\" content=\"https:\/\/iwell-guard.com\/it\/frau-perchta\/\" \/>\n<meta property=\"og:site_name\" content=\"iWell Guard\" \/>\n<meta property=\"article:modified_time\" content=\"2026-08-26T09:09:15+00:00\" \/>\n<meta property=\"og:image\" content=\"https:\/\/iwell-guard.com\/wp-content\/uploads\/2026\/07\/geister_alpin_perchta.webp\" \/>\n\t<meta property=\"og:image:width\" content=\"1023\" \/>\n\t<meta property=\"og:image:height\" content=\"1537\" \/>\n\t<meta property=\"og:image:type\" content=\"image\/webp\" \/>\n<meta name=\"twitter:card\" content=\"summary_large_image\" \/>\n<meta name=\"twitter:label1\" content=\"Tempo di lettura stimato\" \/>\n\t<meta name=\"twitter:data1\" content=\"11 minuti\" \/>\n<script type=\"application\/ld+json\" class=\"yoast-schema-graph\">{\"@context\":\"https:\\\/\\\/schema.org\",\"@graph\":[{\"@type\":\"WebPage\",\"@id\":\"https:\\\/\\\/iwell-guard.com\\\/it\\\/frau-perchta\\\/\",\"url\":\"https:\\\/\\\/iwell-guard.com\\\/it\\\/frau-perchta\\\/\",\"name\":\"Frau Perchta \u2013 custode delle Raun\u00e4chte\",\"isPartOf\":{\"@id\":\"https:\\\/\\\/iwell-guard.com\\\/it\\\/#website\"},\"primaryImageOfPage\":{\"@id\":\"https:\\\/\\\/iwell-guard.com\\\/it\\\/frau-perchta\\\/#primaryimage\"},\"image\":{\"@id\":\"https:\\\/\\\/iwell-guard.com\\\/it\\\/frau-perchta\\\/#primaryimage\"},\"thumbnailUrl\":\"https:\\\/\\\/iwell-guard.com\\\/wp-content\\\/uploads\\\/2026\\\/07\\\/geister_alpin_perchta.webp\",\"datePublished\":\"2026-07-16T10:32:42+00:00\",\"dateModified\":\"2026-08-26T09:09:15+00:00\",\"description\":\"Frau Perchta: custode dell'ordine e della laboriosit\u00e0 nelle Raun\u00e4chte. Origine, aspetto e forme di protezione tradizionali delle leggende alpine in sintesi.\",\"breadcrumb\":{\"@id\":\"https:\\\/\\\/iwell-guard.com\\\/it\\\/frau-perchta\\\/#breadcrumb\"},\"inLanguage\":\"it-IT\",\"potentialAction\":[{\"@type\":\"ReadAction\",\"target\":[\"https:\\\/\\\/iwell-guard.com\\\/it\\\/frau-perchta\\\/\"]}]},{\"@type\":\"ImageObject\",\"inLanguage\":\"it-IT\",\"@id\":\"https:\\\/\\\/iwell-guard.com\\\/it\\\/frau-perchta\\\/#primaryimage\",\"url\":\"https:\\\/\\\/iwell-guard.com\\\/wp-content\\\/uploads\\\/2026\\\/07\\\/geister_alpin_perchta.webp\",\"contentUrl\":\"https:\\\/\\\/iwell-guard.com\\\/wp-content\\\/uploads\\\/2026\\\/07\\\/geister_alpin_perchta.webp\",\"width\":1023,\"height\":1537,\"caption\":\"Frau Perchta, spiriti della tradizione alpina, storico-illustrativo\"},{\"@type\":\"BreadcrumbList\",\"@id\":\"https:\\\/\\\/iwell-guard.com\\\/it\\\/frau-perchta\\\/#breadcrumb\",\"itemListElement\":[{\"@type\":\"ListItem\",\"position\":1,\"name\":\"Start\",\"item\":\"https:\\\/\\\/iwell-guard.com\\\/it\\\/home\\\/\"},{\"@type\":\"ListItem\",\"position\":2,\"name\":\"Frau Perchta\"}]},{\"@type\":\"WebSite\",\"@id\":\"https:\\\/\\\/iwell-guard.com\\\/it\\\/#website\",\"url\":\"https:\\\/\\\/iwell-guard.com\\\/it\\\/\",\"name\":\"iWell Guard\",\"description\":\"Schutz vor dunklen Einfl\u00fcssen\",\"publisher\":{\"@id\":\"https:\\\/\\\/iwell-guard.com\\\/it\\\/#organization\"},\"potentialAction\":[{\"@type\":\"SearchAction\",\"target\":{\"@type\":\"EntryPoint\",\"urlTemplate\":\"https:\\\/\\\/iwell-guard.com\\\/it\\\/?s={search_term_string}\"},\"query-input\":{\"@type\":\"PropertyValueSpecification\",\"valueRequired\":true,\"valueName\":\"search_term_string\"}}],\"inLanguage\":\"it-IT\"},{\"@type\":\"Organization\",\"@id\":\"https:\\\/\\\/iwell-guard.com\\\/it\\\/#organization\",\"name\":\"Ittermann electronic GmbH\",\"url\":\"https:\\\/\\\/iwell-guard.com\\\/it\\\/\",\"logo\":{\"@type\":\"ImageObject\",\"inLanguage\":\"it-IT\",\"@id\":\"https:\\\/\\\/iwell-guard.com\\\/it\\\/#\\\/schema\\\/logo\\\/image\\\/\",\"url\":\"https:\\\/\\\/iwell-guard.com\\\/wp-content\\\/uploads\\\/2026\\\/05\\\/Ittermann-Logo-1182x237-1.png\",\"contentUrl\":\"https:\\\/\\\/iwell-guard.com\\\/wp-content\\\/uploads\\\/2026\\\/05\\\/Ittermann-Logo-1182x237-1.png\",\"width\":1182,\"height\":237,\"caption\":\"Ittermann electronic GmbH\"},\"image\":{\"@id\":\"https:\\\/\\\/iwell-guard.com\\\/it\\\/#\\\/schema\\\/logo\\\/image\\\/\"},\"sameAs\":[\"https:\\\/\\\/pantip.com\\\/profile\\\/9367242\",\"https:\\\/\\\/micro.blog\\\/iwellguard\",\"https:\\\/\\\/www.diggerslist.com\\\/iwellguard\\\/about\",\"https:\\\/\\\/skitterphoto.com\\\/photographers\\\/2870314\\\/iwell-guard\",\"https:\\\/\\\/iwellguard.wordpress.com\\\/2026\\\/06\\\/06\\\/iwell-guard\\\/\",\"https:\\\/\\\/hub.docker.com\\\/u\\\/iwellguard\",\"https:\\\/\\\/www.pinterest.com\\\/iwellguard\\\/\",\"https:\\\/\\\/bit.ly\\\/m\\\/iwellguard\",\"https:\\\/\\\/entre-vos-mains.alsace.eu\\\/profiles\\\/iwellguard\\\/activity\",\"https:\\\/\\\/gravatar.com\\\/reallybeded8fd34\",\"https:\\\/\\\/naijamatta.com\\\/iwellguard\",\"https:\\\/\\\/www.goodreads.com\\\/iwellguard\",\"https:\\\/\\\/profile.hatena.ne.jp\\\/iwellguard\\\/\",\"https:\\\/\\\/experiment.com\\\/users\\\/iwellguard\",\"https:\\\/\\\/wakelet.com\\\/@iWellGuard82270\",\"https:\\\/\\\/www.chordie.com\\\/forum\\\/profile.php?id=2555664\",\"https:\\\/\\\/www.instapaper.com\\\/p\\\/17757966\",\"https:\\\/\\\/www.mapleprimes.com\\\/users\\\/iwellguard\",\"https:\\\/\\\/businesslistingplus.com\\\/profile\\\/iwell-guard\\\/\",\"https:\\\/\\\/telegra.ph\\\/iWell-Guard-06-06\",\"https:\\\/\\\/pbase.com\\\/iwellguard\\\/iwellguard\",\"https:\\\/\\\/b.hatena.ne.jp\\\/iwellguard\\\/20260607#bookmark-4788405196491818882\",\"https:\\\/\\\/fliphtml5.com\\\/home\\\/iwellguard\",\"https:\\\/\\\/anyflip.com\\\/homepage\\\/cmiwl#About\",\"https:\\\/\\\/transfur.com\\\/Users\\\/iwellguard\",\"http:\\\/\\\/delphi.larsbo.org\\\/user\\\/iwellguard\",\"https:\\\/\\\/jobs.lajobsportal.org\\\/profiles\\\/8380803-iwell-guard\",\"https:\\\/\\\/md.chaosdorf.de\\\/s\\\/jfbe5SBdJD\",\"https:\\\/\\\/www.lingvolive.com\\\/en-us\\\/profile\\\/9ecaeaca-ce11-4e51-9e71-01d55e2bff36\\\/translations\",\"https:\\\/\\\/www.fitday.com\\\/fitness\\\/forums\\\/members\\\/iwellguard.html\",\"https:\\\/\\\/www.mymeetbook.com\\\/iwellguard\",\"https:\\\/\\\/pxhere.com\\\/en\\\/photographer-me\\\/5040798\",\"https:\\\/\\\/disqus.com\\\/by\\\/iwellguard\\\/about\\\/\",\"https:\\\/\\\/pastelink.net\\\/hjwciqwq\",\"https:\\\/\\\/pubhtml5.com\\\/homepage\\\/scjhn\\\/\",\"https:\\\/\\\/www.bitchute.com\\\/channel\\\/2O2eOKzNqujT\",\"https:\\\/\\\/audiomack.com\\\/iwellguard\"]},{\"@type\":\"Article\",\"@id\":\"https:\\\/\\\/iwell-guard.com\\\/it\\\/frau-perchta\\\/#article\",\"isPartOf\":{\"@id\":\"https:\\\/\\\/iwell-guard.com\\\/it\\\/frau-perchta\\\/\"},\"author\":{\"name\":\"Ralf Ittermann\",\"@id\":\"https:\\\/\\\/iwell-guard.com\\\/it\\\/#\\\/schema\\\/person\\\/ee2a27f1cac3406c7c6fb5820cb7349f\"},\"headline\":\"Frau Perchta\",\"datePublished\":\"2026-07-16T10:32:42+00:00\",\"dateModified\":\"2026-08-26T09:09:15+00:00\",\"mainEntityOfPage\":{\"@id\":\"https:\\\/\\\/iwell-guard.com\\\/it\\\/frau-perchta\\\/\"},\"wordCount\":2246,\"publisher\":{\"@id\":\"https:\\\/\\\/iwell-guard.com\\\/it\\\/#organization\"},\"image\":{\"@id\":\"https:\\\/\\\/iwell-guard.com\\\/it\\\/frau-perchta\\\/#primaryimage\"},\"thumbnailUrl\":\"https:\\\/\\\/iwell-guard.com\\\/wp-content\\\/uploads\\\/2026\\\/07\\\/geister_alpin_perchta.webp\",\"articleSection\":[\"Alpino\",\"Culture\",\"Spiriti\"],\"inLanguage\":\"it-IT\",\"description\":\"Frau Perchta: custode dell'ordine e della laboriosit\u00e0 nelle Raun\u00e4chte. Origine, aspetto e forme di protezione tradizionali delle leggende alpine in sintesi.\"}]}<\/script>\n<!-- \/ Yoast SEO Premium plugin. -->","yoast_head_json":{"title":"Frau Perchta \u2013 custode delle Raun\u00e4chte","description":"Frau Perchta: custode dell'ordine e della laboriosit\u00e0 nelle Raun\u00e4chte. Origine, aspetto e forme di protezione tradizionali delle leggende alpine in sintesi.","robots":{"index":"index","follow":"follow","max-snippet":"max-snippet:-1","max-image-preview":"max-image-preview:large","max-video-preview":"max-video-preview:-1"},"canonical":"https:\/\/iwell-guard.com\/it\/frau-perchta\/","og_locale":"it_IT","og_type":"article","og_title":"Frau Perchta","og_description":"Frau Perchta: custode dell'ordine e della laboriosit\u00e0 nelle Raun\u00e4chte. Origine, aspetto e forme di protezione tradizionali delle leggende alpine in sintesi.","og_url":"https:\/\/iwell-guard.com\/it\/frau-perchta\/","og_site_name":"iWell Guard","article_modified_time":"2026-08-26T09:09:15+00:00","og_image":[{"width":1023,"height":1537,"url":"https:\/\/iwell-guard.com\/wp-content\/uploads\/2026\/07\/geister_alpin_perchta.webp","type":"image\/webp"}],"twitter_card":"summary_large_image","twitter_misc":{"Tempo di lettura stimato":"11 minuti"},"schema":{"@context":"https:\/\/schema.org","@graph":[{"@type":"Article","@id":"https:\/\/iwell-guard.com\/it\/frau-perchta\/#article","isPartOf":{"@id":"https:\/\/iwell-guard.com\/it\/frau-perchta\/"},"author":{"name":"Ralf Ittermann","@id":"https:\/\/iwell-guard.com\/it\/#\/schema\/person\/ee2a27f1cac3406c7c6fb5820cb7349f"},"headline":"Frau Perchta","datePublished":"2026-07-16T10:32:42+00:00","dateModified":"2026-08-26T09:09:15+00:00","mainEntityOfPage":{"@id":"https:\/\/iwell-guard.com\/it\/frau-perchta\/"},"wordCount":2246,"publisher":{"@id":"https:\/\/iwell-guard.com\/it\/#organization"},"image":{"@id":"https:\/\/iwell-guard.com\/it\/frau-perchta\/#primaryimage"},"thumbnailUrl":"https:\/\/iwell-guard.com\/wp-content\/uploads\/2026\/07\/geister_alpin_perchta.webp","articleSection":["Alpino","Culture","Spiriti"],"inLanguage":"it-IT","description":"Frau Perchta: custode dell'ordine e della laboriosit\u00e0 nelle Raun\u00e4chte. Origine, aspetto e forme di protezione tradizionali delle leggende alpine in sintesi."},{"@type":"WebPage","@id":"https:\/\/iwell-guard.com\/it\/frau-perchta\/","url":"https:\/\/iwell-guard.com\/it\/frau-perchta\/","name":"Frau Perchta \u2013 custode delle Raun\u00e4chte","isPartOf":{"@id":"https:\/\/iwell-guard.com\/it\/#website"},"primaryImageOfPage":{"@id":"https:\/\/iwell-guard.com\/it\/frau-perchta\/#primaryimage"},"image":{"@id":"https:\/\/iwell-guard.com\/it\/frau-perchta\/#primaryimage"},"thumbnailUrl":"https:\/\/iwell-guard.com\/wp-content\/uploads\/2026\/07\/geister_alpin_perchta.webp","datePublished":"2026-07-16T10:32:42+00:00","dateModified":"2026-08-26T09:09:15+00:00","description":"Frau Perchta: custode dell'ordine e della laboriosit\u00e0 nelle Raun\u00e4chte. Origine, aspetto e forme di protezione tradizionali delle leggende alpine in sintesi.","breadcrumb":{"@id":"https:\/\/iwell-guard.com\/it\/frau-perchta\/#breadcrumb"},"inLanguage":"it-IT","potentialAction":[{"@type":"ReadAction","target":["https:\/\/iwell-guard.com\/it\/frau-perchta\/"]}]},{"@type":"ImageObject","inLanguage":"it-IT","@id":"https:\/\/iwell-guard.com\/it\/frau-perchta\/#primaryimage","url":"https:\/\/iwell-guard.com\/wp-content\/uploads\/2026\/07\/geister_alpin_perchta.webp","contentUrl":"https:\/\/iwell-guard.com\/wp-content\/uploads\/2026\/07\/geister_alpin_perchta.webp","width":1023,"height":1537,"caption":"Frau Perchta, spiriti della tradizione alpina, storico-illustrativo"},{"@type":"BreadcrumbList","@id":"https:\/\/iwell-guard.com\/it\/frau-perchta\/#breadcrumb","itemListElement":[{"@type":"ListItem","position":1,"name":"Start","item":"https:\/\/iwell-guard.com\/it\/home\/"},{"@type":"ListItem","position":2,"name":"Frau Perchta"}]},{"@type":"WebSite","@id":"https:\/\/iwell-guard.com\/it\/#website","url":"https:\/\/iwell-guard.com\/it\/","name":"iWell Guard","description":"Schutz vor dunklen Einfl\u00fcssen","publisher":{"@id":"https:\/\/iwell-guard.com\/it\/#organization"},"potentialAction":[{"@type":"SearchAction","target":{"@type":"EntryPoint","urlTemplate":"https:\/\/iwell-guard.com\/it\/?s={search_term_string}"},"query-input":{"@type":"PropertyValueSpecification","valueRequired":true,"valueName":"search_term_string"}}],"inLanguage":"it-IT"},{"@type":"Organization","@id":"https:\/\/iwell-guard.com\/it\/#organization","name":"Ittermann electronic GmbH","url":"https:\/\/iwell-guard.com\/it\/","logo":{"@type":"ImageObject","inLanguage":"it-IT","@id":"https:\/\/iwell-guard.com\/it\/#\/schema\/logo\/image\/","url":"https:\/\/iwell-guard.com\/wp-content\/uploads\/2026\/05\/Ittermann-Logo-1182x237-1.png","contentUrl":"https:\/\/iwell-guard.com\/wp-content\/uploads\/2026\/05\/Ittermann-Logo-1182x237-1.png","width":1182,"height":237,"caption":"Ittermann electronic GmbH"},"image":{"@id":"https:\/\/iwell-guard.com\/it\/#\/schema\/logo\/image\/"},"sameAs":["https:\/\/pantip.com\/profile\/9367242","https:\/\/micro.blog\/iwellguard","https:\/\/www.diggerslist.com\/iwellguard\/about","https:\/\/skitterphoto.com\/photographers\/2870314\/iwell-guard","https:\/\/iwellguard.wordpress.com\/2026\/06\/06\/iwell-guard\/","https:\/\/hub.docker.com\/u\/iwellguard","https:\/\/www.pinterest.com\/iwellguard\/","https:\/\/bit.ly\/m\/iwellguard","https:\/\/entre-vos-mains.alsace.eu\/profiles\/iwellguard\/activity","https:\/\/gravatar.com\/reallybeded8fd34","https:\/\/naijamatta.com\/iwellguard","https:\/\/www.goodreads.com\/iwellguard","https:\/\/profile.hatena.ne.jp\/iwellguard\/","https:\/\/experiment.com\/users\/iwellguard","https:\/\/wakelet.com\/@iWellGuard82270","https:\/\/www.chordie.com\/forum\/profile.php?id=2555664","https:\/\/www.instapaper.com\/p\/17757966","https:\/\/www.mapleprimes.com\/users\/iwellguard","https:\/\/businesslistingplus.com\/profile\/iwell-guard\/","https:\/\/telegra.ph\/iWell-Guard-06-06","https:\/\/pbase.com\/iwellguard\/iwellguard","https:\/\/b.hatena.ne.jp\/iwellguard\/20260607#bookmark-4788405196491818882","https:\/\/fliphtml5.com\/home\/iwellguard","https:\/\/anyflip.com\/homepage\/cmiwl#About","https:\/\/transfur.com\/Users\/iwellguard","http:\/\/delphi.larsbo.org\/user\/iwellguard","https:\/\/jobs.lajobsportal.org\/profiles\/8380803-iwell-guard","https:\/\/md.chaosdorf.de\/s\/jfbe5SBdJD","https:\/\/www.lingvolive.com\/en-us\/profile\/9ecaeaca-ce11-4e51-9e71-01d55e2bff36\/translations","https:\/\/www.fitday.com\/fitness\/forums\/members\/iwellguard.html","https:\/\/www.mymeetbook.com\/iwellguard","https:\/\/pxhere.com\/en\/photographer-me\/5040798","https:\/\/disqus.com\/by\/iwellguard\/about\/","https:\/\/pastelink.net\/hjwciqwq","https:\/\/pubhtml5.com\/homepage\/scjhn\/","https:\/\/www.bitchute.com\/channel\/2O2eOKzNqujT","https:\/\/audiomack.com\/iwellguard"]},{"@type":"Person","@id":"https:\/\/iwell-guard.com\/it\/#\/schema\/person\/ee2a27f1cac3406c7c6fb5820cb7349f","name":"Ralf Ittermann","image":{"@type":"ImageObject","inLanguage":"it-IT","@id":"https:\/\/secure.gravatar.com\/avatar\/073c0153e350a5005b68eb752b445fea71f6b24a26da9449ad7e155e6b446c9d?s=96&d=mm&r=g","url":"https:\/\/secure.gravatar.com\/avatar\/073c0153e350a5005b68eb752b445fea71f6b24a26da9449ad7e155e6b446c9d?s=96&d=mm&r=g","contentUrl":"https:\/\/secure.gravatar.com\/avatar\/073c0153e350a5005b68eb752b445fea71f6b24a26da9449ad7e155e6b446c9d?s=96&d=mm&r=g","caption":"Ralf Ittermann"},"givenName":"Ralf","familyName":"Ittermann","jobTitle":"Gesch\u00e4ftsf\u00fchrer und redaktioneller Verantwortlicher","url":"https:\/\/iwell-guard.com\/it\/author\/claude\/","description":"Ralf Ittermann ist Gesch\u00e4ftsf\u00fchrer der Ittermann electronic GmbH und redaktioneller Verantwortlicher des iWell-Guard-Lexikons. Er verbindet langj\u00e4hrige Erfahrung in der Pr\u00e4zisionsfertigung mit medialer Praxis und religionsgeschichtlicher Quellenarbeit.","worksFor":{"@type":"Organization","name":"Ittermann electronic GmbH","url":"https:\/\/ittermann.de\/","address":{"@type":"PostalAddress","streetAddress":"K\u00f6hlergasse 16-18","postalCode":"99842","addressLocality":"Ruhla","addressCountry":"DE"}},"knowsAbout":["Religionsgeschichte","Mythologie","Mediale Praxis","Energetische Diagnostik","Schutzpraxis","Volksglauben","Westliche Esoterik"]},{"@type":"Article","@id":"https:\/\/iwell-guard.com\/it\/frau-perchta\/#article","isPartOf":{"@id":"https:\/\/iwell-guard.com\/it\/frau-perchta\/"},"author":{"name":"Ralf Ittermann","@id":"https:\/\/iwell-guard.com\/it\/#\/schema\/person\/ee2a27f1cac3406c7c6fb5820cb7349f"},"headline":"Frau Perchta","datePublished":"2026-07-16T10:32:42+00:00","dateModified":"2026-08-26T09:09:15+00:00","mainEntityOfPage":{"@id":"https:\/\/iwell-guard.com\/it\/frau-perchta\/"},"wordCount":2246,"publisher":{"@id":"https:\/\/iwell-guard.com\/it\/#organization"},"image":{"@id":"https:\/\/iwell-guard.com\/it\/frau-perchta\/#primaryimage"},"thumbnailUrl":"https:\/\/iwell-guard.com\/wp-content\/uploads\/2026\/07\/geister_alpin_perchta.webp","articleSection":["Alpino","Culture","Spiriti"],"inLanguage":"it-IT","description":"Frau Perchta: custode dell'ordine e della laboriosit\u00e0 nelle Raun\u00e4chte. Origine, aspetto e forme di protezione tradizionali delle leggende alpine in sintesi."}]}},"_links":{"self":[{"href":"https:\/\/iwell-guard.com\/it\/wp-json\/wp\/v2\/pages\/20928","targetHints":{"allow":["GET"]}}],"collection":[{"href":"https:\/\/iwell-guard.com\/it\/wp-json\/wp\/v2\/pages"}],"about":[{"href":"https:\/\/iwell-guard.com\/it\/wp-json\/wp\/v2\/types\/page"}],"author":[{"embeddable":true,"href":"https:\/\/iwell-guard.com\/it\/wp-json\/wp\/v2\/users\/3"}],"replies":[{"embeddable":true,"href":"https:\/\/iwell-guard.com\/it\/wp-json\/wp\/v2\/comments?post=20928"}],"version-history":[{"count":2,"href":"https:\/\/iwell-guard.com\/it\/wp-json\/wp\/v2\/pages\/20928\/revisions"}],"predecessor-version":[{"id":107173,"href":"https:\/\/iwell-guard.com\/it\/wp-json\/wp\/v2\/pages\/20928\/revisions\/107173"}],"wp:featuredmedia":[{"embeddable":true,"href":"https:\/\/iwell-guard.com\/it\/wp-json\/wp\/v2\/media\/20929"}],"wp:attachment":[{"href":"https:\/\/iwell-guard.com\/it\/wp-json\/wp\/v2\/media?parent=20928"}],"wp:term":[{"taxonomy":"category","embeddable":true,"href":"https:\/\/iwell-guard.com\/it\/wp-json\/wp\/v2\/categories?post=20928"}],"curies":[{"name":"wp","href":"https:\/\/api.w.org\/{rel}","templated":true}]}}