{"id":169870,"date":"2026-09-05T14:12:25","date_gmt":"2026-09-05T14:12:25","guid":{"rendered":"https:\/\/iwell-guard.com\/?page_id=169870"},"modified":"2026-09-05T14:58:43","modified_gmt":"2026-09-05T14:58:43","slug":"rauhnaechte","status":"publish","type":"page","link":"https:\/\/iwell-guard.com\/is\/rauhnaechte\/","title":{"rendered":"Rauhn\u00e4chte"},"content":{"rendered":"\t\t<div data-elementor-type=\"wp-page\" data-elementor-id=\"169870\" class=\"elementor elementor-169870 elementor-107038\" data-elementor-post-type=\"page\">\n\t\t\t\t<div class=\"elementor-element elementor-element-iwgs-raeuchern-hero e-flex e-con-boxed e-con e-parent\" data-id=\"iwgs-raeuchern-hero\" data-element_type=\"container\" data-e-type=\"container\">\n\t\t\t\t\t<div class=\"e-con-inner\">\n\t\t<div class=\"elementor-element elementor-element-iw-raeuchern-hero-left e-con-full e-flex e-con e-child\" data-id=\"iw-raeuchern-hero-left\" data-element_type=\"container\" data-e-type=\"container\">\n\t\t\t\t<div class=\"elementor-element elementor-element-iwgs-raeuchern-h1 elementor-widget elementor-widget-heading\" data-id=\"iwgs-raeuchern-h1\" data-element_type=\"widget\" data-e-type=\"widget\" data-widget_type=\"heading.default\">\n\t\t\t\t\t<h1 class=\"elementor-heading-title elementor-size-default\">Rauhn\u00e4chte: t\u00f3lf n\u00e6turnar milli j\u00f3lanna<\/h1>\t\t\t\t<\/div>\n\t\t<div class=\"elementor-element elementor-element-iw-raeuchern-hero-bw e-con-full e-flex e-con e-child\" data-id=\"iw-raeuchern-hero-bw\" data-element_type=\"container\" data-e-type=\"container\">\n\t\t\t\t<div class=\"elementor-element elementor-element-iwgs-raeuchern-pills elementor-widget elementor-widget-html\" data-id=\"iwgs-raeuchern-pills\" data-element_type=\"widget\" data-e-type=\"widget\" data-widget_type=\"html.default\">\n\t\t\t\t\t<div class=\"iwg-pill-row\"><span class=\"iwg-klasse-badge\" tabindex=\"0\" data-tooltip=\"T\u00edmabil me\u00f0 eigin si\u00f0um.\">Si\u00f0ir<\/span><a href=\"https:\/\/iwell-guard.com\/is\/germonsk\/\" class=\"iwg-kultur-badge\" tabindex=\"0\" data-tooltip=\"Til yfirlits um germanska arfleif\u00f0.\">Germanskt sv\u00e6\u00f0i<\/a><\/div>\t\t\t\t<\/div>\n\t\t\t\t<div class=\"elementor-element elementor-element-iwgs-raeuchern-lead elementor-widget elementor-widget-text-editor\" data-id=\"iwgs-raeuchern-lead\" data-element_type=\"widget\" data-e-type=\"widget\" data-widget_type=\"text-editor.default\">\n\t\t\t\t\t\t\t\t\t<p>Milli j\u00f3la og \u00ferett\u00e1ndans er t\u00edmabil sem haf\u00f0i s\u00ednar eigin reglur \u00e1 \u00fe\u00fdskum\u00e6landi sv\u00e6\u00f0um. \u00dea\u00f0 var kalla\u00f0 \u201ehinar t\u00f3lf\u201c, Rauhn\u00e4chte, sem eru t\u00f3lf n\u00e6turnar milli j\u00f3lanna. \u00cd \u00feessum n\u00f3ttum var tali\u00f0 a\u00f0 skilin milli hins s\u00fdnilega og hins \u00f3s\u00fdnilega heims yr\u00f0u gagns\u00e6.<\/p><p>Fyrir or\u00f0ab\u00f3kina eru \u00feessar n\u00e6tur \u00fe\u00e9ttasta verndart\u00edmabil \u00e1rsins. N\u00e1nast allt sem hef\u00f0in \u00feekkir af v\u00f6rnum kemur saman h\u00e9r: reykur, h\u00e1va\u00f0i, v\u00edgt vatn, \u00fer\u00f6skuldsmerki og fj\u00f6ldi banna. \u00c1 sama t\u00edma safnast h\u00e9r saman \u00fe\u00e6r verur sem eiga s\u00ednar eigin s\u00ed\u00f0ur annars sta\u00f0ar \u00ed or\u00f0ab\u00f3kinni.<\/p>\t\t\t\t\t\t\t\t<\/div>\n\t\t\t\t<\/div>\n\t\t\t\t<\/div>\n\t\t<div class=\"elementor-element elementor-element-iw-raeuchern-hero-img e-con-full e-flex e-con e-child\" data-id=\"iw-raeuchern-hero-img\" data-element_type=\"container\" data-e-type=\"container\">\n\t\t\t\t<div class=\"elementor-element elementor-element-iwgs-raeuchern-himg iwg-hero-image elementor-widget elementor-widget-image\" data-id=\"iwgs-raeuchern-himg\" data-element_type=\"widget\" data-e-type=\"widget\" data-widget_type=\"image.default\">\n\t\t\t\t\t\t\t\t\t\t\t\t\t\t\t<img fetchpriority=\"high\" decoding=\"async\" width=\"683\" height=\"1024\" src=\"https:\/\/iwell-guard.com\/wp-content\/uploads\/2026\/05\/schutzsymbol_universell_raeuchern-683x1024.png\" class=\"attachment-large size-large wp-image-170440\" alt=\"Reykhreinsun \u2013 st\u00edgandi reykur sem t\u00e1kn hreinsunar\" srcset=\"https:\/\/iwell-guard.com\/wp-content\/uploads\/2026\/05\/schutzsymbol_universell_raeuchern-683x1024.png 683w, https:\/\/iwell-guard.com\/wp-content\/uploads\/2026\/05\/schutzsymbol_universell_raeuchern-200x300.png 200w, https:\/\/iwell-guard.com\/wp-content\/uploads\/2026\/05\/schutzsymbol_universell_raeuchern-768x1152.png 768w, https:\/\/iwell-guard.com\/wp-content\/uploads\/2026\/05\/schutzsymbol_universell_raeuchern.png 1024w\" sizes=\"(max-width: 683px) 100vw, 683px\" \/>\t\t\t\t\t\t\t\t\t\t\t\t\t\t\t<\/div>\n\t\t\t\t<\/div>\n\t\t\t\t\t<\/div>\n\t\t\t\t<\/div>\n\t\t<div class=\"elementor-element elementor-element-iwgs-raeuchern-s0 e-flex e-con-boxed e-con e-parent\" data-id=\"iwgs-raeuchern-s0\" data-element_type=\"container\" data-e-type=\"container\">\n\t\t\t\t\t<div class=\"e-con-inner\">\n\t\t\t\t<div class=\"elementor-element elementor-element-iwgs-raeuchern-s0h elementor-widget elementor-widget-heading\" data-id=\"iwgs-raeuchern-s0h\" data-element_type=\"widget\" data-e-type=\"widget\" data-widget_type=\"heading.default\">\n\t\t\t\t\t<h2 class=\"elementor-heading-title elementor-size-default\">Hva\u00f0 eru Rauhn\u00e4chte?<\/h2>\t\t\t\t<\/div>\n\t\t<div class=\"elementor-element elementor-element-iw-raeuchern-s0-bw e-con-full e-flex e-con e-child\" data-id=\"iw-raeuchern-s0-bw\" data-element_type=\"container\" data-e-type=\"container\">\n\t\t\t\t<div class=\"elementor-element elementor-element-iwgs-raeuchern-s0t elementor-widget elementor-widget-text-editor\" data-id=\"iwgs-raeuchern-s0t\" data-element_type=\"widget\" data-e-type=\"widget\" data-widget_type=\"text-editor.default\">\n\t\t\t\t\t\t\t\t\t<p>Rauhn\u00e4chte eru t\u00f3lf n\u00e6turnar milli j\u00f3la og \u00ferett\u00e1ndans, h\u00e1t\u00ed\u00f0ar heilagrar birtingar drottins, 6. jan\u00faar. Eldra heiti\u00f0 \u00e1 \u00feeim er \u201ehinar t\u00f3lf\u201c e\u00f0a t\u00f3lfn\u00e6turnar. \u00c1 einst\u00f6kum sv\u00e6\u00f0um finnast einnig heiti eins og innri n\u00e6tur, undirn\u00e6tur e\u00f0a klukkun\u00e6tur.<\/p><p>Al\u00fe\u00fd\u00f0utr\u00fa eigna\u00f0i \u00feessu t\u00edmabili s\u00e9rstakt \u00e1stand. Regla \u00e1rsins var loki\u00f0, hin n\u00fdja haf\u00f0i ekki enn hafist, og \u00ed \u00feessu millibili fer\u00f0u\u00f0ust, samkv\u00e6mt s\u00f6gninni, andar og sagnapers\u00f3nur um. \u00dear m\u00e1 finna \u00fatsk\u00fdringu \u00e1 \u00feeirri fj\u00f6lbreytni verndarsi\u00f0a sem sta\u00f0festir eru fyrir \u00feessar n\u00e6tur.<\/p><p>Mikilv\u00e6gt er a\u00f0 skilja: Rauhn\u00e4chte er ekki vera og ekki einn si\u00f0ur, heldur t\u00edmabil sem margir si\u00f0ir hafa fest sig vi\u00f0. \u00dea\u00f0 sem gert var og ekki gert \u00ed \u00feessum n\u00f3ttum var mj\u00f6g misjafnt milli dala.<\/p>\t\t\t\t\t\t\t\t<\/div>\n\t\t\t\t<\/div>\n\t\t\t\t\t<\/div>\n\t\t\t\t<\/div>\n\t\t<div class=\"elementor-element elementor-element-82e1f70 e-flex e-con-boxed e-con e-parent\" data-id=\"82e1f70\" data-element_type=\"container\" data-e-type=\"container\">\n\t\t\t\t\t<div class=\"e-con-inner\">\n\t\t\t\t<div class=\"elementor-element elementor-element- elementor-widget elementor-widget-heading\" data-id=\"\" data-element_type=\"widget\" data-e-type=\"widget\" data-widget_type=\"heading.default\">\n\t\t\t\t\t<h2 class=\"elementor-heading-title elementor-size-default\">Tengdar verur og efni<\/h2>\t\t\t\t<\/div>\n\t\t<div class=\"elementor-element elementor-element- e-con-full e-flex e-con e-child\" data-id=\"\" data-element_type=\"container\" data-e-type=\"container\">\n\t\t\t\t<div class=\"elementor-element elementor-element- elementor-widget elementor-widget-text-editor\" data-id=\"\" data-element_type=\"widget\" data-e-type=\"widget\" data-widget_type=\"text-editor.default\">\n\t\t\t\t\t\t\t\t\t<p>Verurnar og si\u00f0irnir \u00feessara n\u00e1tta eru l\u00fdstar hver fyrir sig \u00ed or\u00f0ab\u00f3kinni: <a href=\"https:\/\/iwell-guard.com\/is\/?page_id=169826\">Frau Perchta og Perchtarnir<\/a> sem pr\u00f3fari t\u00f3lf n\u00e1ttanna, <a href=\"https:\/\/iwell-guard.com\/is\/?page_id=169828\">Frau Holle<\/a> sem hennar mi\u00f0-\u00fe\u00fdska hli\u00f0st\u00e6\u00f0a, <a href=\"https:\/\/iwell-guard.com\/is\/odin\/\">\u00d3\u00f0inn<\/a> \u00ed tengslum vi\u00f0 Wilde Jagd og <a href=\"https:\/\/iwell-guard.com\/is\/?page_id=169825\">Krampus<\/a> sem \u00f3gnvekjandi vera a\u00f0ventunnar. Yfirlit hef\u00f0arins er \u00e1 s\u00ed\u00f0unni um <a href=\"https:\/\/iwell-guard.com\/is\/germonsk\/\">germanska arfleif\u00f0<\/a>, og var\u00f0veittar varnarlei\u00f0ir \u00feessa t\u00edma eru l\u00fdstar undir <a href=\"https:\/\/iwell-guard.com\/is\/reykhreinsun\/\">Reykhreinsun<\/a> og <a href=\"https:\/\/iwell-guard.com\/is\/reykelsi\/\">Reykelsi<\/a>.<\/p>\t\t\t\t\t\t\t\t<\/div>\n\t\t\t\t<\/div>\n\t\t\t\t\t<\/div>\n\t\t\t\t<\/div>\n\t\t<div class=\"elementor-element elementor-element-188289f e-flex e-con-boxed e-con e-parent\" data-id=\"188289f\" data-element_type=\"container\" data-e-type=\"container\">\n\t\t\t\t\t<div class=\"e-con-inner\">\n\t\t\t\t<div class=\"elementor-element elementor-element- elementor-widget elementor-widget-heading\" data-id=\"\" data-element_type=\"widget\" data-e-type=\"widget\" data-widget_type=\"heading.default\">\n\t\t\t\t\t<h2 class=\"elementor-heading-title elementor-size-default\">Tengdar verur og efni<\/h2>\t\t\t\t<\/div>\n\t\t<div class=\"elementor-element elementor-element- e-con-full e-flex e-con e-child\" data-id=\"\" data-element_type=\"container\" data-e-type=\"container\">\n\t\t\t\t<div class=\"elementor-element elementor-element- elementor-widget elementor-widget-text-editor\" data-id=\"\" data-element_type=\"widget\" data-e-type=\"widget\" data-widget_type=\"text-editor.default\">\n\t\t\t\t\t\t\t\t\t<p>Verurnar og si\u00f0irnir \u00feessara n\u00e1tta eru l\u00fdstar hver fyrir sig \u00ed or\u00f0ab\u00f3kinni: <a href=\"https:\/\/iwell-guard.com\/is\/?page_id=169826\">Frau Perchta og Perchtarnir<\/a> sem pr\u00f3fari t\u00f3lf n\u00e1ttanna, <a href=\"https:\/\/iwell-guard.com\/is\/?page_id=169828\">Frau Holle<\/a> sem hennar mi\u00f0-\u00fe\u00fdska hli\u00f0st\u00e6\u00f0a, <a href=\"https:\/\/iwell-guard.com\/is\/odin\/\">\u00d3\u00f0inn<\/a> \u00ed tengslum vi\u00f0 Wilde Jagd og <a href=\"https:\/\/iwell-guard.com\/is\/?page_id=169825\">Krampus<\/a> sem \u00f3gnvekjandi vera a\u00f0ventunnar. Yfirlit hef\u00f0arins er \u00e1 s\u00ed\u00f0unni um <a href=\"https:\/\/iwell-guard.com\/is\/germonsk\/\">germanska arfleif\u00f0<\/a>, og var\u00f0veittar varnarlei\u00f0ir \u00feessa t\u00edma eru l\u00fdstar undir <a href=\"https:\/\/iwell-guard.com\/is\/reykhreinsun\/\">Reykhreinsun<\/a> og <a href=\"https:\/\/iwell-guard.com\/is\/reykelsi\/\">Reykelsi<\/a>.<\/p>\t\t\t\t\t\t\t\t<\/div>\n\t\t\t\t<\/div>\n\t\t\t\t\t<\/div>\n\t\t\t\t<\/div>\n\t\t<div class=\"elementor-element elementor-element-2256a9e e-flex e-con-boxed e-con e-parent\" data-id=\"2256a9e\" data-element_type=\"container\" data-e-type=\"container\">\n\t\t\t\t\t<div class=\"e-con-inner\">\n\t\t\t\t<div class=\"elementor-element elementor-element- elementor-widget elementor-widget-heading\" data-id=\"\" data-element_type=\"widget\" data-e-type=\"widget\" data-widget_type=\"heading.default\">\n\t\t\t\t\t<h2 class=\"elementor-heading-title elementor-size-default\">Tengdar verur og efni<\/h2>\t\t\t\t<\/div>\n\t\t<div class=\"elementor-element elementor-element- e-con-full e-flex e-con e-child\" data-id=\"\" data-element_type=\"container\" data-e-type=\"container\">\n\t\t\t\t<div class=\"elementor-element elementor-element- elementor-widget elementor-widget-text-editor\" data-id=\"\" data-element_type=\"widget\" data-e-type=\"widget\" data-widget_type=\"text-editor.default\">\n\t\t\t\t\t\t\t\t\t<p>Verurnar og si\u00f0irnir \u00feessara n\u00e1tta eru l\u00fdstar hver fyrir sig \u00ed or\u00f0ab\u00f3kinni: <a href=\"https:\/\/iwell-guard.com\/is\/?page_id=169826\">Frau Perchta og Perchtarnir<\/a> sem pr\u00f3fari t\u00f3lf n\u00e1ttanna, <a href=\"https:\/\/iwell-guard.com\/is\/?page_id=169828\">Frau Holle<\/a> sem hennar mi\u00f0-\u00fe\u00fdska hli\u00f0st\u00e6\u00f0a, <a href=\"https:\/\/iwell-guard.com\/is\/odin\/\">\u00d3\u00f0inn<\/a> \u00ed tengslum vi\u00f0 Wilde Jagd og <a href=\"https:\/\/iwell-guard.com\/is\/?page_id=169825\">Krampus<\/a> sem \u00f3gnvekjandi vera a\u00f0ventunnar. Yfirlit hef\u00f0arins er \u00e1 s\u00ed\u00f0unni um <a href=\"https:\/\/iwell-guard.com\/is\/germonsk\/\">germanska arfleif\u00f0<\/a>, og var\u00f0veittar varnarlei\u00f0ir \u00feessa t\u00edma eru l\u00fdstar undir <a href=\"https:\/\/iwell-guard.com\/is\/reykhreinsun\/\">Reykhreinsun<\/a> og <a href=\"https:\/\/iwell-guard.com\/is\/reykelsi\/\">Reykelsi<\/a>.<\/p>\t\t\t\t\t\t\t\t<\/div>\n\t\t\t\t<\/div>\n\t\t\t\t\t<\/div>\n\t\t\t\t<\/div>\n\t\t<div class=\"elementor-element elementor-element-0678d93 e-flex e-con-boxed e-con e-parent\" data-id=\"0678d93\" data-element_type=\"container\" data-e-type=\"container\">\n\t\t\t\t\t<div class=\"e-con-inner\">\n\t\t\t\t<div class=\"elementor-element elementor-element- elementor-widget elementor-widget-heading\" data-id=\"\" data-element_type=\"widget\" data-e-type=\"widget\" data-widget_type=\"heading.default\">\n\t\t\t\t\t<h2 class=\"elementor-heading-title elementor-size-default\">Tengdar verur og efni<\/h2>\t\t\t\t<\/div>\n\t\t<div class=\"elementor-element elementor-element- e-con-full e-flex e-con e-child\" data-id=\"\" data-element_type=\"container\" data-e-type=\"container\">\n\t\t\t\t<div class=\"elementor-element elementor-element- elementor-widget elementor-widget-text-editor\" data-id=\"\" data-element_type=\"widget\" data-e-type=\"widget\" data-widget_type=\"text-editor.default\">\n\t\t\t\t\t\t\t\t\t<p>Verurnar og si\u00f0irnir \u00feessara n\u00e1tta eru l\u00fdstar hver fyrir sig \u00ed or\u00f0ab\u00f3kinni: <a href=\"https:\/\/iwell-guard.com\/is\/?page_id=169826\">Frau Perchta og Perchtarnir<\/a> sem pr\u00f3fari t\u00f3lf n\u00e1ttanna, <a href=\"https:\/\/iwell-guard.com\/is\/?page_id=169828\">Frau Holle<\/a> sem hennar mi\u00f0-\u00fe\u00fdska hli\u00f0st\u00e6\u00f0a, <a href=\"https:\/\/iwell-guard.com\/is\/odin\/\">\u00d3\u00f0inn<\/a> \u00ed tengslum vi\u00f0 Wilde Jagd og <a href=\"https:\/\/iwell-guard.com\/is\/?page_id=169825\">Krampus<\/a> sem \u00f3gnvekjandi vera a\u00f0ventunnar. Yfirlit hef\u00f0arins er \u00e1 s\u00ed\u00f0unni um <a href=\"https:\/\/iwell-guard.com\/is\/germonsk\/\">germanska arfleif\u00f0<\/a>, og var\u00f0veittar varnarlei\u00f0ir \u00feessa t\u00edma eru l\u00fdstar undir <a href=\"https:\/\/iwell-guard.com\/is\/reykhreinsun\/\">Reykhreinsun<\/a> og <a href=\"https:\/\/iwell-guard.com\/is\/reykelsi\/\">Reykelsi<\/a>.<\/p>\t\t\t\t\t\t\t\t<\/div>\n\t\t\t\t<\/div>\n\t\t\t\t\t<\/div>\n\t\t\t\t<\/div>\n\t\t<div class=\"elementor-element elementor-element-df2669e e-flex e-con-boxed e-con e-parent\" data-id=\"df2669e\" data-element_type=\"container\" data-e-type=\"container\">\n\t\t\t\t\t<div class=\"e-con-inner\">\n\t\t\t\t<div class=\"elementor-element elementor-element- elementor-widget elementor-widget-heading\" data-id=\"\" data-element_type=\"widget\" data-e-type=\"widget\" data-widget_type=\"heading.default\">\n\t\t\t\t\t<h2 class=\"elementor-heading-title elementor-size-default\">Tengdar verur og efni<\/h2>\t\t\t\t<\/div>\n\t\t<div class=\"elementor-element elementor-element- e-con-full e-flex e-con e-child\" data-id=\"\" data-element_type=\"container\" data-e-type=\"container\">\n\t\t\t\t<div class=\"elementor-element elementor-element- elementor-widget elementor-widget-text-editor\" data-id=\"\" data-element_type=\"widget\" data-e-type=\"widget\" data-widget_type=\"text-editor.default\">\n\t\t\t\t\t\t\t\t\t<p>Verurnar og si\u00f0irnir \u00feessara n\u00e1tta eru l\u00fdstar hver fyrir sig \u00ed or\u00f0ab\u00f3kinni: <a href=\"https:\/\/iwell-guard.com\/is\/?page_id=169826\">Frau Perchta og Perchtarnir<\/a> sem pr\u00f3fari t\u00f3lf n\u00e1ttanna, <a href=\"https:\/\/iwell-guard.com\/is\/?page_id=169828\">Frau Holle<\/a> sem hennar mi\u00f0-\u00fe\u00fdska hli\u00f0st\u00e6\u00f0a, <a href=\"https:\/\/iwell-guard.com\/is\/odin\/\">\u00d3\u00f0inn<\/a> \u00ed tengslum vi\u00f0 Wilde Jagd og <a href=\"https:\/\/iwell-guard.com\/is\/?page_id=169825\">Krampus<\/a> sem \u00f3gnvekjandi vera a\u00f0ventunnar. Yfirlit hef\u00f0arins er \u00e1 s\u00ed\u00f0unni um <a href=\"https:\/\/iwell-guard.com\/is\/germonsk\/\">germanska arfleif\u00f0<\/a>, og var\u00f0veittar varnarlei\u00f0ir \u00feessa t\u00edma eru l\u00fdstar undir <a href=\"https:\/\/iwell-guard.com\/is\/reykhreinsun\/\">Reykhreinsun<\/a> og <a href=\"https:\/\/iwell-guard.com\/is\/reykelsi\/\">Reykelsi<\/a>.<\/p>\t\t\t\t\t\t\t\t<\/div>\n\t\t\t\t<\/div>\n\t\t\t\t\t<\/div>\n\t\t\t\t<\/div>\n\t\t<div class=\"elementor-element elementor-element-79fba3f e-flex e-con-boxed e-con e-parent\" data-id=\"79fba3f\" data-element_type=\"container\" data-e-type=\"container\">\n\t\t\t\t\t<div class=\"e-con-inner\">\n\t\t\t\t<div class=\"elementor-element elementor-element- elementor-widget elementor-widget-heading\" data-id=\"\" data-element_type=\"widget\" data-e-type=\"widget\" data-widget_type=\"heading.default\">\n\t\t\t\t\t<h2 class=\"elementor-heading-title elementor-size-default\">Tengdar verur og efni<\/h2>\t\t\t\t<\/div>\n\t\t<div class=\"elementor-element elementor-element- e-con-full e-flex e-con e-child\" data-id=\"\" data-element_type=\"container\" data-e-type=\"container\">\n\t\t\t\t<div class=\"elementor-element elementor-element- elementor-widget elementor-widget-text-editor\" data-id=\"\" data-element_type=\"widget\" data-e-type=\"widget\" data-widget_type=\"text-editor.default\">\n\t\t\t\t\t\t\t\t\t<p>Verurnar og si\u00f0irnir \u00feessara n\u00e1tta eru l\u00fdstar hver fyrir sig \u00ed or\u00f0ab\u00f3kinni: <a href=\"https:\/\/iwell-guard.com\/is\/?page_id=169826\">Frau Perchta og Perchtarnir<\/a> sem pr\u00f3fari t\u00f3lf n\u00e1ttanna, <a href=\"https:\/\/iwell-guard.com\/is\/?page_id=169828\">Frau Holle<\/a> sem hennar mi\u00f0-\u00fe\u00fdska hli\u00f0st\u00e6\u00f0a, <a href=\"https:\/\/iwell-guard.com\/is\/odin\/\">\u00d3\u00f0inn<\/a> \u00ed tengslum vi\u00f0 Wilde Jagd og <a href=\"https:\/\/iwell-guard.com\/is\/?page_id=169825\">Krampus<\/a> sem \u00f3gnvekjandi vera a\u00f0ventunnar. Yfirlit hef\u00f0arins er \u00e1 s\u00ed\u00f0unni um <a href=\"https:\/\/iwell-guard.com\/is\/germonsk\/\">germanska arfleif\u00f0<\/a>, og var\u00f0veittar varnarlei\u00f0ir \u00feessa t\u00edma eru l\u00fdstar undir <a href=\"https:\/\/iwell-guard.com\/is\/reykhreinsun\/\">Reykhreinsun<\/a> og <a href=\"https:\/\/iwell-guard.com\/is\/reykelsi\/\">Reykelsi<\/a>.<\/p>\t\t\t\t\t\t\t\t<\/div>\n\t\t\t\t<\/div>\n\t\t\t\t\t<\/div>\n\t\t\t\t<\/div>\n\t\t<div class=\"elementor-element elementor-element-92ffc6f e-flex e-con-boxed e-con e-parent\" data-id=\"92ffc6f\" data-element_type=\"container\" data-e-type=\"container\">\n\t\t\t\t\t<div class=\"e-con-inner\">\n\t\t\t\t<div class=\"elementor-element elementor-element- elementor-widget elementor-widget-heading\" data-id=\"\" data-element_type=\"widget\" data-e-type=\"widget\" data-widget_type=\"heading.default\">\n\t\t\t\t\t<h2 class=\"elementor-heading-title elementor-size-default\">Tengdar verur og efni<\/h2>\t\t\t\t<\/div>\n\t\t<div class=\"elementor-element elementor-element- e-con-full e-flex e-con e-child\" data-id=\"\" data-element_type=\"container\" data-e-type=\"container\">\n\t\t\t\t<div class=\"elementor-element elementor-element- elementor-widget elementor-widget-text-editor\" data-id=\"\" data-element_type=\"widget\" data-e-type=\"widget\" data-widget_type=\"text-editor.default\">\n\t\t\t\t\t\t\t\t\t<p>Verurnar og si\u00f0irnir \u00feessara n\u00e1tta eru l\u00fdstar hver fyrir sig \u00ed or\u00f0ab\u00f3kinni: <a href=\"https:\/\/iwell-guard.com\/is\/?page_id=169826\">Frau Perchta og Perchtarnir<\/a> sem pr\u00f3fari t\u00f3lf n\u00e1ttanna, <a href=\"https:\/\/iwell-guard.com\/is\/?page_id=169828\">Frau Holle<\/a> sem hennar mi\u00f0-\u00fe\u00fdska hli\u00f0st\u00e6\u00f0a, <a href=\"https:\/\/iwell-guard.com\/is\/odin\/\">\u00d3\u00f0inn<\/a> \u00ed tengslum vi\u00f0 Wilde Jagd og <a href=\"https:\/\/iwell-guard.com\/is\/?page_id=169825\">Krampus<\/a> sem \u00f3gnvekjandi vera a\u00f0ventunnar. Yfirlit hef\u00f0arins er \u00e1 s\u00ed\u00f0unni um <a href=\"https:\/\/iwell-guard.com\/is\/germonsk\/\">germanska arfleif\u00f0<\/a>, og var\u00f0veittar varnarlei\u00f0ir \u00feessa t\u00edma eru l\u00fdstar undir <a href=\"https:\/\/iwell-guard.com\/is\/reykhreinsun\/\">Reykhreinsun<\/a> og <a href=\"https:\/\/iwell-guard.com\/is\/reykelsi\/\">Reykelsi<\/a>.<\/p>\t\t\t\t\t\t\t\t<\/div>\n\t\t\t\t<\/div>\n\t\t\t\t\t<\/div>\n\t\t\t\t<\/div>\n\t\t<div class=\"elementor-element elementor-element-19277ab e-flex e-con-boxed e-con e-parent\" data-id=\"19277ab\" data-element_type=\"container\" data-e-type=\"container\">\n\t\t\t\t\t<div class=\"e-con-inner\">\n\t\t\t\t<div class=\"elementor-element elementor-element- elementor-widget elementor-widget-heading\" data-id=\"\" data-element_type=\"widget\" data-e-type=\"widget\" data-widget_type=\"heading.default\">\n\t\t\t\t\t<h2 class=\"elementor-heading-title elementor-size-default\">Tengdar verur og efni<\/h2>\t\t\t\t<\/div>\n\t\t<div class=\"elementor-element elementor-element- e-con-full e-flex e-con e-child\" data-id=\"\" data-element_type=\"container\" data-e-type=\"container\">\n\t\t\t\t<div class=\"elementor-element elementor-element- elementor-widget elementor-widget-text-editor\" data-id=\"\" data-element_type=\"widget\" data-e-type=\"widget\" data-widget_type=\"text-editor.default\">\n\t\t\t\t\t\t\t\t\t<p>Verurnar og si\u00f0irnir \u00feessara n\u00e1tta eru l\u00fdstar hver fyrir sig \u00ed or\u00f0ab\u00f3kinni: <a href=\"https:\/\/iwell-guard.com\/is\/?page_id=169826\">Frau Perchta og Perchtarnir<\/a> sem pr\u00f3fari t\u00f3lf n\u00e1ttanna, <a href=\"https:\/\/iwell-guard.com\/is\/?page_id=169828\">Frau Holle<\/a> sem hennar mi\u00f0-\u00fe\u00fdska hli\u00f0st\u00e6\u00f0a, <a href=\"https:\/\/iwell-guard.com\/is\/odin\/\">\u00d3\u00f0inn<\/a> \u00ed tengslum vi\u00f0 Wilde Jagd og <a href=\"https:\/\/iwell-guard.com\/is\/?page_id=169825\">Krampus<\/a> sem \u00f3gnvekjandi vera a\u00f0ventunnar. Yfirlit hef\u00f0arins er \u00e1 s\u00ed\u00f0unni um <a href=\"https:\/\/iwell-guard.com\/is\/germonsk\/\">germanska arfleif\u00f0<\/a>, og var\u00f0veittar varnarlei\u00f0ir \u00feessa t\u00edma eru l\u00fdstar undir <a href=\"https:\/\/iwell-guard.com\/is\/reykhreinsun\/\">Reykhreinsun<\/a> og <a href=\"https:\/\/iwell-guard.com\/is\/reykelsi\/\">Reykelsi<\/a>.<\/p>\t\t\t\t\t\t\t\t<\/div>\n\t\t\t\t<\/div>\n\t\t\t\t\t<\/div>\n\t\t\t\t<\/div>\n\t\t<div class=\"elementor-element elementor-element-0493a62 e-flex e-con-boxed e-con e-parent\" data-id=\"0493a62\" data-element_type=\"container\" data-e-type=\"container\">\n\t\t\t\t\t<div class=\"e-con-inner\">\n\t\t\t\t<div class=\"elementor-element elementor-element- elementor-widget elementor-widget-heading\" data-id=\"\" data-element_type=\"widget\" data-e-type=\"widget\" data-widget_type=\"heading.default\">\n\t\t\t\t\t<h2 class=\"elementor-heading-title elementor-size-default\">Tengdar verur og efni<\/h2>\t\t\t\t<\/div>\n\t\t<div class=\"elementor-element elementor-element- e-con-full e-flex e-con e-child\" data-id=\"\" data-element_type=\"container\" data-e-type=\"container\">\n\t\t\t\t<div class=\"elementor-element elementor-element- elementor-widget elementor-widget-text-editor\" data-id=\"\" data-element_type=\"widget\" data-e-type=\"widget\" data-widget_type=\"text-editor.default\">\n\t\t\t\t\t\t\t\t\t<p>Verurnar og si\u00f0irnir \u00feessara n\u00e1tta eru l\u00fdstar hver fyrir sig \u00ed or\u00f0ab\u00f3kinni: <a href=\"https:\/\/iwell-guard.com\/is\/?page_id=169826\">Frau Perchta og Perchtarnir<\/a> sem pr\u00f3fari t\u00f3lf n\u00e1ttanna, <a href=\"https:\/\/iwell-guard.com\/is\/?page_id=169828\">Frau Holle<\/a> sem hennar mi\u00f0-\u00fe\u00fdska hli\u00f0st\u00e6\u00f0a, <a href=\"https:\/\/iwell-guard.com\/is\/odin\/\">\u00d3\u00f0inn<\/a> \u00ed tengslum vi\u00f0 Wilde Jagd og <a href=\"https:\/\/iwell-guard.com\/is\/?page_id=169825\">Krampus<\/a> sem \u00f3gnvekjandi vera a\u00f0ventunnar. Yfirlit hef\u00f0arins er \u00e1 s\u00ed\u00f0unni um <a href=\"https:\/\/iwell-guard.com\/is\/germonsk\/\">germanska arfleif\u00f0<\/a>, og var\u00f0veittar varnarlei\u00f0ir \u00feessa t\u00edma eru l\u00fdstar undir <a href=\"https:\/\/iwell-guard.com\/is\/reykhreinsun\/\">Reykhreinsun<\/a> og <a href=\"https:\/\/iwell-guard.com\/is\/reykelsi\/\">Reykelsi<\/a>.<\/p>\t\t\t\t\t\t\t\t<\/div>\n\t\t\t\t<\/div>\n\t\t\t\t\t<\/div>\n\t\t\t\t<\/div>\n\t\t<div class=\"elementor-element elementor-element-87a8df2 e-flex e-con-boxed e-con e-parent\" data-id=\"87a8df2\" data-element_type=\"container\" data-e-type=\"container\">\n\t\t\t\t\t<div class=\"e-con-inner\">\n\t\t\t\t<div class=\"elementor-element elementor-element- elementor-widget elementor-widget-heading\" data-id=\"\" data-element_type=\"widget\" data-e-type=\"widget\" data-widget_type=\"heading.default\">\n\t\t\t\t\t<h2 class=\"elementor-heading-title elementor-size-default\">Tengdar verur og efni<\/h2>\t\t\t\t<\/div>\n\t\t<div class=\"elementor-element elementor-element- e-con-full e-flex e-con e-child\" data-id=\"\" data-element_type=\"container\" data-e-type=\"container\">\n\t\t\t\t<div class=\"elementor-element elementor-element- elementor-widget elementor-widget-text-editor\" data-id=\"\" data-element_type=\"widget\" data-e-type=\"widget\" data-widget_type=\"text-editor.default\">\n\t\t\t\t\t\t\t\t\t<p>Verurnar og si\u00f0irnir \u00feessara n\u00e1tta eru l\u00fdstar hver fyrir sig \u00ed or\u00f0ab\u00f3kinni: <a href=\"https:\/\/iwell-guard.com\/is\/?page_id=169826\">Frau Perchta og Perchtarnir<\/a> sem pr\u00f3fari t\u00f3lf n\u00e1ttanna, <a href=\"https:\/\/iwell-guard.com\/is\/?page_id=169828\">Frau Holle<\/a> sem hennar mi\u00f0-\u00fe\u00fdska hli\u00f0st\u00e6\u00f0a, <a href=\"https:\/\/iwell-guard.com\/is\/odin\/\">\u00d3\u00f0inn<\/a> \u00ed tengslum vi\u00f0 Wilde Jagd og <a href=\"https:\/\/iwell-guard.com\/is\/?page_id=169825\">Krampus<\/a> sem \u00f3gnvekjandi vera a\u00f0ventunnar. Yfirlit hef\u00f0arins er \u00e1 s\u00ed\u00f0unni um <a href=\"https:\/\/iwell-guard.com\/is\/germonsk\/\">germanska arfleif\u00f0<\/a>, og var\u00f0veittar varnarlei\u00f0ir \u00feessa t\u00edma eru l\u00fdstar undir <a href=\"https:\/\/iwell-guard.com\/is\/reykhreinsun\/\">Reykhreinsun<\/a> og <a href=\"https:\/\/iwell-guard.com\/is\/reykelsi\/\">Reykelsi<\/a>.<\/p>\t\t\t\t\t\t\t\t<\/div>\n\t\t\t\t<\/div>\n\t\t\t\t\t<\/div>\n\t\t\t\t<\/div>\n\t\t<div class=\"elementor-element elementor-element-9000290 e-flex e-con-boxed e-con e-parent\" data-id=\"9000290\" data-element_type=\"container\" data-e-type=\"container\">\n\t\t\t\t\t<div class=\"e-con-inner\">\n\t\t\t\t<div class=\"elementor-element elementor-element- elementor-widget elementor-widget-heading\" data-id=\"\" data-element_type=\"widget\" data-e-type=\"widget\" data-widget_type=\"heading.default\">\n\t\t\t\t\t<h2 class=\"elementor-heading-title elementor-size-default\">Tengdar verur og efni<\/h2>\t\t\t\t<\/div>\n\t\t<div class=\"elementor-element elementor-element- e-con-full e-flex e-con e-child\" data-id=\"\" data-element_type=\"container\" data-e-type=\"container\">\n\t\t\t\t<div class=\"elementor-element elementor-element- elementor-widget elementor-widget-text-editor\" data-id=\"\" data-element_type=\"widget\" data-e-type=\"widget\" data-widget_type=\"text-editor.default\">\n\t\t\t\t\t\t\t\t\t<p>Verurnar og si\u00f0irnir \u00feessara n\u00e1tta eru l\u00fdstar hver fyrir sig \u00ed or\u00f0ab\u00f3kinni: <a href=\"https:\/\/iwell-guard.com\/is\/?page_id=169826\">Frau Perchta og Perchtarnir<\/a> sem pr\u00f3fari t\u00f3lf n\u00e1ttanna, <a href=\"https:\/\/iwell-guard.com\/is\/?page_id=169828\">Frau Holle<\/a> sem hennar mi\u00f0-\u00fe\u00fdska hli\u00f0st\u00e6\u00f0a, <a href=\"https:\/\/iwell-guard.com\/is\/odin\/\">\u00d3\u00f0inn<\/a> \u00ed tengslum vi\u00f0 Wilde Jagd og <a href=\"https:\/\/iwell-guard.com\/is\/?page_id=169825\">Krampus<\/a> sem \u00f3gnvekjandi vera a\u00f0ventunnar. Yfirlit hef\u00f0arins er \u00e1 s\u00ed\u00f0unni um <a href=\"https:\/\/iwell-guard.com\/is\/germonsk\/\">germanska arfleif\u00f0<\/a>, og var\u00f0veittar varnarlei\u00f0ir \u00feessa t\u00edma eru l\u00fdstar undir <a href=\"https:\/\/iwell-guard.com\/is\/reykhreinsun\/\">Reykhreinsun<\/a> og <a href=\"https:\/\/iwell-guard.com\/is\/reykelsi\/\">Reykelsi<\/a>.<\/p>\t\t\t\t\t\t\t\t<\/div>\n\t\t\t\t<\/div>\n\t\t\t\t\t<\/div>\n\t\t\t\t<\/div>\n\t\t<div class=\"elementor-element elementor-element-918fb03 e-flex e-con-boxed e-con e-parent\" data-id=\"918fb03\" data-element_type=\"container\" data-e-type=\"container\">\n\t\t\t\t\t<div class=\"e-con-inner\">\n\t\t\t\t<div class=\"elementor-element elementor-element- elementor-widget elementor-widget-heading\" data-id=\"\" data-element_type=\"widget\" data-e-type=\"widget\" data-widget_type=\"heading.default\">\n\t\t\t\t\t<h2 class=\"elementor-heading-title elementor-size-default\">Tengdar verur og efni<\/h2>\t\t\t\t<\/div>\n\t\t<div class=\"elementor-element elementor-element- e-con-full e-flex e-con e-child\" data-id=\"\" data-element_type=\"container\" data-e-type=\"container\">\n\t\t\t\t<div class=\"elementor-element elementor-element- elementor-widget elementor-widget-text-editor\" data-id=\"\" data-element_type=\"widget\" data-e-type=\"widget\" data-widget_type=\"text-editor.default\">\n\t\t\t\t\t\t\t\t\t<p>Verurnar og si\u00f0irnir \u00feessara n\u00e1tta eru l\u00fdstar hver fyrir sig \u00ed or\u00f0ab\u00f3kinni: <a href=\"https:\/\/iwell-guard.com\/is\/?page_id=169826\">Frau Perchta og Perchtarnir<\/a> sem pr\u00f3fari t\u00f3lf n\u00e1ttanna, <a href=\"https:\/\/iwell-guard.com\/is\/?page_id=169828\">Frau Holle<\/a> sem hennar mi\u00f0-\u00fe\u00fdska hli\u00f0st\u00e6\u00f0a, <a href=\"https:\/\/iwell-guard.com\/is\/odin\/\">\u00d3\u00f0inn<\/a> \u00ed tengslum vi\u00f0 Wilde Jagd og <a href=\"https:\/\/iwell-guard.com\/is\/?page_id=169825\">Krampus<\/a> sem \u00f3gnvekjandi vera a\u00f0ventunnar. Yfirlit hef\u00f0arins er \u00e1 s\u00ed\u00f0unni um <a href=\"https:\/\/iwell-guard.com\/is\/germonsk\/\">germanska arfleif\u00f0<\/a>, og var\u00f0veittar varnarlei\u00f0ir \u00feessa t\u00edma eru l\u00fdstar undir <a href=\"https:\/\/iwell-guard.com\/is\/reykhreinsun\/\">Reykhreinsun<\/a> og <a href=\"https:\/\/iwell-guard.com\/is\/reykelsi\/\">Reykelsi<\/a>.<\/p>\t\t\t\t\t\t\t\t<\/div>\n\t\t\t\t<div class=\"elementor-element elementor-element-8ab5043 elementor-widget elementor-widget-html\" data-id=\"8ab5043\" data-element_type=\"widget\" data-e-type=\"widget\" data-widget_type=\"html.default\">\n\t\t\t\t\t<script type=\"application\/ld+json\">{\"@context\": \"https:\/\/schema.org\", \"@type\": \"FAQPage\", \"mainEntity\": [{\"@type\": \"Question\", \"name\": \"Hva\u00f0 m\u00e1 ekki gera \u00e1 Rauhn\u00e4chte?\", \"acceptedAnswer\": {\"@type\": \"Answer\", \"text\": \"Hef\u00f0in nefnir a\u00f0allega \u00ferj\u00fa b\u00f6nn. Ekki \u00e1tti a\u00f0 \u00fevo \u00fevott e\u00f0a hengja hann \u00fat yfir n\u00f3tt, \u00fev\u00ed sagt var a\u00f0 Wilde Jagd (villtu vei\u00f0in) festist \u00ed honum. Verk sem hafin voru \u00e1tti a\u00f0 lj\u00faka og rokkar til spuna \u00e1tti a\u00f0 taka ni\u00f0ur. L\u00e1na\u00f0ir hlutir voru s\u00f3ttir til baka og \u00e1 \u00feessum t\u00edma var ekkert l\u00e1ti\u00f0 \u00far h\u00fasinu. \u00deetta eru si\u00f0areglur fyrri t\u00edma sem lifa \u00ed dag fyrst og fremst \u00e1fram sem sagnaefni.\"}}, {\"@type\": \"Question\", \"name\": \"Hva\u00f0 gerir f\u00f3lk n\u00e1kv\u00e6mlega \u00e1 Rauhn\u00e4chte?\", \"acceptedAnswer\": {\"@type\": \"Answer\", \"text\": \"Fj\u00f6gur athafnasvi\u00f0 eru var\u00f0veitt: reykhreinsun h\u00fass og gripah\u00fasa me\u00f0 reykelsi og jurtum, blessun vi\u00f0 \u00fer\u00f6skuldinn me\u00f0 helgu\u00f0u vatni og kr\u00edtarmerki stj\u00f6rnus\u00f6ngvara, t\u00falkun ve\u00f0urs og drauma sem fyrirbo\u00f0a fyrir t\u00f3lf m\u00e1nu\u00f0i \u00e1ri\u00f0, og gr\u00edmug\u00f6ngur \u00e1 Alpasv\u00e6\u00f0inu. \u00cd n\u00fat\u00edmaframkv\u00e6md b\u00e6tist vi\u00f0 \u00e1rsuppgj\u00f6r me\u00f0 minnisb\u00f3k og ath\u00f6fnin me\u00f0 \u00ferett\u00e1n \u00f3skum, sem telst n\u00fdlegur si\u00f0ur.\"}}, {\"@type\": \"Question\", \"name\": \"Hverjar eru 12 Rauhn\u00e4chte?\", \"acceptedAnswer\": {\"@type\": \"Answer\", \"text\": \"T\u00f3lf Rauhn\u00e4chte eru n\u00e6turnar milli j\u00f3la og \u00ferett\u00e1ndans, samkv\u00e6mt algengustu talningunni fr\u00e1 25. desember til 6. jan\u00faar. Eldri talningar hefjast me\u00f0 T\u00f3masarn\u00f3tt 21. desember e\u00f0a me\u00f0 j\u00f3lan\u00f3tt. Hver hinna t\u00f3lf n\u00e1tta telst \u00ed hef\u00f0inni fyrirbo\u00f0i fyrir einn m\u00e1nu\u00f0 komandi \u00e1rs.\"}}, {\"@type\": \"Question\", \"name\": \"Hverjar eru 4 mikilv\u00e6gustu Rauhn\u00e4chte?\", \"acceptedAnswer\": {\"@type\": \"Answer\", \"text\": \"\u00cd flestum l\u00fdsingum er l\u00f6g\u00f0 \u00e1hersla \u00e1 T\u00f3masarn\u00f3tt, fr\u00e1 20. til 21. desember, sem lengstu n\u00f3tt gamla t\u00edmatalsins, j\u00f3lan\u00f3ttina fr\u00e1 24. til 25. desember, n\u00fd\u00e1rsn\u00f3ttina sem klass\u00edska v\u00e9fr\u00e9ttarn\u00f3tt og Perchtenn\u00f3tt fr\u00e1 5. til 6. jan\u00faar sem lokahnykk ra\u00f0arinnar.\"}}]}<\/script>\t\t\t\t<\/div>\n\t\t\t\t<\/div>\n\t\t\t\t\t<\/div>\n\t\t\t\t<\/div>\n\t\t<div class=\"elementor-element elementor-element-7b4a206 e-flex e-con-boxed e-con e-parent\" data-id=\"7b4a206\" data-element_type=\"container\" data-e-type=\"container\">\n\t\t\t\t\t<div class=\"e-con-inner\">\n\t\t\t\t<div class=\"elementor-element elementor-element- elementor-widget elementor-widget-heading\" data-id=\"\" data-element_type=\"widget\" data-e-type=\"widget\" data-widget_type=\"heading.default\">\n\t\t\t\t\t<h2 class=\"elementor-heading-title elementor-size-default\">Tengdar verur og efni<\/h2>\t\t\t\t<\/div>\n\t\t<div class=\"elementor-element elementor-element- e-con-full e-flex e-con e-child\" data-id=\"\" data-element_type=\"container\" data-e-type=\"container\">\n\t\t\t\t<div class=\"elementor-element elementor-element- elementor-widget elementor-widget-text-editor\" data-id=\"\" data-element_type=\"widget\" data-e-type=\"widget\" data-widget_type=\"text-editor.default\">\n\t\t\t\t\t\t\t\t\t<p>Verurnar og si\u00f0irnir \u00feessara n\u00e1tta eru l\u00fdstar hver fyrir sig \u00ed or\u00f0ab\u00f3kinni: <a href=\"https:\/\/iwell-guard.com\/is\/?page_id=169826\">Frau Perchta og Perchtarnir<\/a> sem pr\u00f3fari t\u00f3lf n\u00e1ttanna, <a href=\"https:\/\/iwell-guard.com\/is\/?page_id=169828\">Frau Holle<\/a> sem hennar mi\u00f0-\u00fe\u00fdska hli\u00f0st\u00e6\u00f0a, <a href=\"https:\/\/iwell-guard.com\/is\/odin\/\">\u00d3\u00f0inn<\/a> \u00ed tengslum vi\u00f0 Wilde Jagd og <a href=\"https:\/\/iwell-guard.com\/is\/?page_id=169825\">Krampus<\/a> sem \u00f3gnvekjandi vera a\u00f0ventunnar. Yfirlit hef\u00f0arins er \u00e1 s\u00ed\u00f0unni um <a href=\"https:\/\/iwell-guard.com\/is\/germonsk\/\">germanska arfleif\u00f0<\/a>, og var\u00f0veittar varnarlei\u00f0ir \u00feessa t\u00edma eru l\u00fdstar undir <a href=\"https:\/\/iwell-guard.com\/is\/reykhreinsun\/\">Reykhreinsun<\/a> og <a href=\"https:\/\/iwell-guard.com\/is\/reykelsi\/\">Reykelsi<\/a>.<\/p>\t\t\t\t\t\t\t\t<\/div>\n\t\t\t\t<\/div>\n\t\t\t\t\t<\/div>\n\t\t\t\t<\/div>\n\t\t<div class=\"elementor-element elementor-element-iwgs-raeuchern-lit e-flex e-con-boxed e-con e-parent\" data-id=\"iwgs-raeuchern-lit\" data-element_type=\"container\" data-e-type=\"container\">\n\t\t\t\t\t<div class=\"e-con-inner\">\n\t\t\t\t<div class=\"elementor-element elementor-element-iwgs-raeuchern-lith elementor-widget elementor-widget-heading\" data-id=\"iwgs-raeuchern-lith\" data-element_type=\"widget\" data-e-type=\"widget\" data-widget_type=\"heading.default\">\n\t\t\t\t\t<h2 class=\"elementor-heading-title elementor-size-default\">Heimildir (\u00farval)<\/h2>\t\t\t\t<\/div>\n\t\t<div class=\"elementor-element elementor-element-iw-raeuchern-lit-bw e-con-full e-flex e-con e-child\" data-id=\"iw-raeuchern-lit-bw\" data-element_type=\"container\" data-e-type=\"container\">\n\t\t\t\t<div class=\"elementor-element elementor-element-iwgs-raeuchern-litt elementor-widget elementor-widget-html\" data-id=\"iwgs-raeuchern-litt\" data-element_type=\"widget\" data-e-type=\"widget\" data-widget_type=\"html.default\">\n\t\t\t\t\t<footer data-nosnippet=\"true\"><ul><li>Handw\u00f6rterbuch des deutschen Aberglaubens. Hrsg. von Hanns B\u00e4chtold-St\u00e4ubli. Bd. 9, Artikel \u201eZw\u00f6lften\". Berlin: de Gruyter, 1938-1941.<\/li><li>Dietz-R\u00fcdiger Moser: Br\u00e4uche und Feste im christlichen Jahreslauf. Brauchformen der Gegenwart in kulturgeschichtlichen Zusammenh\u00e4ngen. Graz: Styria, 1993.<\/li><li>Manfred Becker-Huberti: Feiern, Feste, Jahreszeiten. Lebendige Br\u00e4uche im ganzen Jahr. Freiburg: Herder, 2001.<\/li><li>Marianne Rumpf: Perchten. Popul\u00e4re Glaubensgestalten zwischen Mythos und Katechese. W\u00fcrzburg: K\u00f6nigshausen und Neumann, 1991.<\/li><\/ul><\/footer>\t\t\t\t<\/div>\n\t\t\t\t<\/div>\n\t\t\t\t\t<\/div>\n\t\t\t\t<\/div>\n\t\t<div class=\"elementor-element elementor-element-iwgs-raeuchern-kwd e-flex e-con-boxed e-con e-parent\" data-id=\"iwgs-raeuchern-kwd\" data-element_type=\"container\" data-e-type=\"container\">\n\t\t\t\t\t<div class=\"e-con-inner\">\n\t\t<div class=\"elementor-element elementor-element-iw-raeuchern-kwd-bw e-con-full e-flex e-con e-child\" data-id=\"iw-raeuchern-kwd-bw\" data-element_type=\"container\" data-e-type=\"container\">\n\t\t\t\t<div class=\"elementor-element elementor-element-iwgs-raeuchern-kwdt elementor-widget elementor-widget-text-editor\" data-id=\"iwgs-raeuchern-kwdt\" data-element_type=\"widget\" data-e-type=\"widget\" data-widget_type=\"text-editor.default\">\n\t\t\t\t\t\t\t\t\t<p><em>Tengd leitaror\u00f0: rauhnaechte raunaechte zwoelften raeuchern losnaechte perchtennacht.<\/em><\/p>\t\t\t\t\t\t\t\t<\/div>\n\t\t\t\t<\/div>\n\t\t\t\t\t<\/div>\n\t\t\t\t<\/div>\n\t\t<div class=\"elementor-element elementor-element-iwgs-raeuchern-cc e-flex e-con-boxed e-con e-parent\" data-id=\"iwgs-raeuchern-cc\" data-element_type=\"container\" data-e-type=\"container\" id=\"iwg-cc-raeuchern\">\n\t\t\t\t\t<div class=\"e-con-inner\">\n\t\t<div class=\"elementor-element elementor-element-iwgs-raeuchern-ccinner e-flex e-con-boxed e-con e-child\" data-id=\"iwgs-raeuchern-ccinner\" data-element_type=\"container\" data-e-type=\"container\" data-settings=\"{&quot;background_background&quot;:&quot;classic&quot;}\">\n\t\t\t\t\t<div class=\"e-con-inner\">\n\t\t\t\t<div class=\"elementor-element elementor-element-iwgs-raeuchern-cch elementor-widget elementor-widget-heading\" data-id=\"iwgs-raeuchern-cch\" data-element_type=\"widget\" data-e-type=\"widget\" data-widget_type=\"heading.default\">\n\t\t\t\t\t<h2 class=\"elementor-heading-title elementor-size-default\">iWell Guard og verndarhef\u00f0ir<\/h2>\t\t\t\t<\/div>\n\t\t\t\t<div class=\"elementor-element elementor-element-iwgs-raeuchern-cct elementor-widget elementor-widget-text-editor\" data-id=\"iwgs-raeuchern-cct\" data-element_type=\"widget\" data-e-type=\"widget\" data-widget_type=\"text-editor.default\">\n\t\t\t\t\t\t\t\t\t<p>Fj\u00f6lbreytni reykelsishef\u00f0a s\u00fdnir a\u00f0 f\u00f3lk \u00e1 mismunandi heims\u00e1lfum komst a\u00f0 svipu\u00f0um ni\u00f0urst\u00f6\u00f0um: Herbergi e\u00f0a manneskju er unnt a\u00f0 koma \u00ed \u00e1stand, me\u00f0 markvissum ath\u00f6fnum, sem gerir utana\u00f0komandi \u00e1hrif erfi\u00f0ari e\u00f0a kemur \u00ed veg fyrir \u00feau.<\/p><p><a href=\"https:\/\/iwell-guard.com\/is\/verndargripur-iwell-guard-kaupa\/\">iWell Guard<\/a> tekur \u00feessar hef\u00f0ir og \u00fe\u00e9ttir \u00fe\u00e6r \u00ed eitt verndart\u00e1kn sem bori\u00f0 er \u00e1 l\u00edkamanum. \u00dea\u00f0 sem menningarheimar n\u00e1\u00f0u fram fyrir r\u00fdmi\u00f0 me\u00f0 reykelsisbrennslu, er \u00e6tla\u00f0 a\u00f0 hengi\u00f0 n\u00e1i fram fyrir einstaklinginn: varanleg, me\u00f0fer\u00f0arh\u00e6f \u00e1minning um verndarvilja, sprottin \u00far hef\u00f0um \u00fevert \u00e1 menningarheima.<\/p>\t\t\t\t\t\t\t\t<\/div>\n\t\t\t\t<div class=\"elementor-element elementor-element-iwgs-raeuchern-ccb iwg-cc-button iwg-cc-cta-2026-05-13 elementor-widget elementor-widget-jet-button\" data-id=\"iwgs-raeuchern-ccb\" data-element_type=\"widget\" data-e-type=\"widget\" data-widget_type=\"jet-button.default\">\n\t\t\t\t<div class=\"elementor-widget-container\">\n\t\t\t\t\t<div class=\"elementor-jet-button jet-elements\"><div class=\"jet-button__container\"><a class=\"jet-button__instance jet-button__instance--icon-left hover-effect-1\" href=\"\/schutzanhaenger-iwell-guard-kaufen\/?utm_source=iwell-guard.com&amp;utm_medium=info-box&amp;utm_campaign=schutzsymbole\"><div class=\"jet-button__plane jet-button__plane-normal\"><\/div><div class=\"jet-button__plane jet-button__plane-hover\"><\/div><div class=\"jet-button__state jet-button__state-normal\"><span class=\"jet-button__label\">Meira um iWell Guard<\/span><\/div><div class=\"jet-button__state jet-button__state-hover\"><span class=\"jet-button__label\">Meira um iWell Guard<\/span><\/div><\/a><\/div><\/div><style>.elementor-element.elementor-element-iwgs-raeuchern-ccb .jet-button__instance{width:320px;height:56px;}.elementor-element.elementor-element-iwgs-raeuchern-ccb .jet-button__state-normal .jet-button__label{text-align:center;margin:0px 0px 0px 0px;color:#1a1b20;font-family:Montserrat,sans-serif;font-size:13px;font-weight:400;letter-spacing:4px;line-height:1.714em;text-transform:uppercase;}.elementor-element.elementor-element-iwgs-raeuchern-ccb .jet-button__state-hover .jet-button__label{text-align:center;margin:0px 0px 0px 0px;color:#FECC76;font-family:Montserrat,sans-serif;font-size:13px;font-weight:400;letter-spacing:4px;line-height:1.714em;text-transform:uppercase;}.elementor-element.elementor-element-iwgs-raeuchern-ccb .jet-button__plane-normal{background-color:#FECC76;border-style:solid;border-color:#C99540;border-width:2px 2px 2px 2px;}.elementor-element.elementor-element-iwgs-raeuchern-ccb .jet-button__plane-hover{background-color:rgba(0,0,0,0.55);border-style:solid;border-color:#FECC76;border-width:2px 2px 2px 2px;}<\/style>\t\t\t\t<\/div>\n\t\t\t\t<\/div>\n\t\t\t\t<div class=\"elementor-element elementor-element-iwgs-raeuchern-ccd elementor-widget elementor-widget-text-editor\" data-id=\"iwgs-raeuchern-ccd\" data-element_type=\"widget\" data-e-type=\"widget\" data-widget_type=\"text-editor.default\">\n\t\t\t\t\t\t\t\t\t<p style=\"text-align:center;font-size:13px;opacity:0.7;margin-top:14px\" data-nosnippet=\"true\">Pers\u00f3nuleg reynsla getur veri\u00f0 mismunandi. Ekki l\u00e6kningat\u00e6ki. Engin lofor\u00f0 um l\u00e6kningu.<\/p>\t\t\t\t\t\t\t\t<\/div>\n\t\t\t\t\t<\/div>\n\t\t\t\t<\/div>\n\t\t\t\t\t<\/div>\n\t\t\t\t<\/div>\n\t\t<div class=\"elementor-element elementor-element-iwgs-raeuchern-disc e-flex e-con-boxed e-con e-parent\" data-id=\"iwgs-raeuchern-disc\" data-element_type=\"container\" data-e-type=\"container\">\n\t\t\t\t\t<div class=\"e-con-inner\">\n\t\t<div class=\"elementor-element elementor-element-iw-raeuchern-disc-bw e-con-full e-flex e-con e-child\" data-id=\"iw-raeuchern-disc-bw\" data-element_type=\"container\" data-e-type=\"container\">\n\t\t\t\t<div class=\"elementor-element elementor-element-iwgs-raeuchern-discw elementor-widget elementor-widget-html\" data-id=\"iwgs-raeuchern-discw\" data-element_type=\"widget\" data-e-type=\"widget\" data-widget_type=\"html.default\">\n\t\t\t\t\t<footer data-nosnippet=\"true\" class=\"iwg-disclaimer-block\"><p data-nosnippet=\"true\">iWell Guard er <strong>ekki l\u00e6kningat\u00e6ki<\/strong> og kemur ekki \u00ed sta\u00f0 l\u00e6knis- e\u00f0a s\u00e1lfr\u00e6\u00f0ime\u00f0fer\u00f0ar. Innihaldi\u00f0 sem h\u00e9r er sett fram er tr\u00faarbrag\u00f0afr\u00e6\u00f0ileg og menningars\u00f6gulega greining, ekki lofor\u00f0 um andlega virkni.<\/p><\/footer>\t\t\t\t<\/div>\n\t\t\t\t<\/div>\n\t\t\t\t\t<\/div>\n\t\t\t\t<\/div>\n\t\t\t\t<\/div>\n\t\t","protected":false},"excerpt":{"rendered":"","protected":false},"author":1,"featured_media":4143,"parent":0,"menu_order":0,"comment_status":"closed","ping_status":"closed","template":"elementor_header_footer","meta":{"_yoast_wpseo_focuskw":"rauhn\u00e4chte","_yoast_wpseo_title":"Rauhn\u00e4chte: merking, si\u00f0ir og t\u00edmasetningar","_yoast_wpseo_metadesc":"Hva\u00f0 eru Rauhn\u00e4chte? Merking \u00feessara t\u00f3lf n\u00f3tta milli j\u00f3lanna, si\u00f0ir og b\u00f6nn, reykingar og v\u00e9fr\u00e9ttir, fr\u00e1 Frau Perchta til Wilde Jagd.","_yoast_wpseo_meta-robots-noindex":"","_yoast_wpseo_canonical":"","_angie_page":false,"gefaehrdungsstufe":"","wesen_kultur":"","wesen_klasse":"","footnotes":""},"categories":[],"class_list":["post-169870","page","type-page","status-publish","has-post-thumbnail","hentry"],"yoast_head":"<!-- This site is optimized with the Yoast SEO Premium plugin v27.7 (Yoast SEO v28.3) - https:\/\/yoast.com\/product\/yoast-seo-premium-wordpress\/ -->\n<title>Rauhn\u00e4chte: merking, si\u00f0ir og t\u00edmasetningar<\/title>\n<meta name=\"description\" content=\"Hva\u00f0 eru Rauhn\u00e4chte? Merking \u00feessara t\u00f3lf n\u00f3tta milli j\u00f3lanna, si\u00f0ir og b\u00f6nn, reykingar og v\u00e9fr\u00e9ttir, fr\u00e1 Frau Perchta til Wilde Jagd.\" \/>\n<meta name=\"robots\" content=\"index, follow, max-snippet:-1, max-image-preview:large, max-video-preview:-1\" \/>\n<link rel=\"canonical\" href=\"https:\/\/iwell-guard.com\/is\/rauhnaechte\/\" \/>\n<meta property=\"og:locale\" content=\"is_IS\" \/>\n<meta property=\"og:type\" content=\"article\" \/>\n<meta property=\"og:title\" content=\"Rauhn\u00e4chte\" \/>\n<meta property=\"og:description\" content=\"Hva\u00f0 eru Rauhn\u00e4chte? Merking \u00feessara t\u00f3lf n\u00f3tta milli j\u00f3lanna, si\u00f0ir og b\u00f6nn, reykingar og v\u00e9fr\u00e9ttir, fr\u00e1 Frau Perchta til Wilde Jagd.\" \/>\n<meta property=\"og:url\" content=\"https:\/\/iwell-guard.com\/is\/rauhnaechte\/\" \/>\n<meta property=\"og:site_name\" content=\"iWell Guard\" \/>\n<meta property=\"article:modified_time\" content=\"2026-09-05T14:58:43+00:00\" \/>\n<meta property=\"og:image\" content=\"https:\/\/iwell-guard.com\/wp-content\/uploads\/2026\/05\/schutzsymbol_universell_raeuchern-683x1024.png\" \/>\n\t<meta property=\"og:image:width\" content=\"683\" \/>\n\t<meta property=\"og:image:height\" content=\"1024\" \/>\n\t<meta property=\"og:image:type\" content=\"image\/png\" \/>\n<meta name=\"twitter:card\" content=\"summary_large_image\" \/>\n<script type=\"application\/ld+json\" class=\"yoast-schema-graph\">{\"@context\":\"https:\\\/\\\/schema.org\",\"@graph\":[{\"@type\":\"WebPage\",\"@id\":\"https:\\\/\\\/iwell-guard.com\\\/is\\\/rauhnaechte\\\/\",\"url\":\"https:\\\/\\\/iwell-guard.com\\\/is\\\/rauhnaechte\\\/\",\"name\":\"Rauhn\u00e4chte: merking, si\u00f0ir og t\u00edmasetningar\",\"isPartOf\":{\"@id\":\"https:\\\/\\\/iwell-guard.com\\\/is\\\/#website\"},\"primaryImageOfPage\":{\"@id\":\"https:\\\/\\\/iwell-guard.com\\\/is\\\/rauhnaechte\\\/#primaryimage\"},\"image\":{\"@id\":\"https:\\\/\\\/iwell-guard.com\\\/is\\\/rauhnaechte\\\/#primaryimage\"},\"thumbnailUrl\":\"https:\\\/\\\/iwell-guard.com\\\/wp-content\\\/uploads\\\/2026\\\/05\\\/schutzsymbol_universell_raeuchern.png\",\"datePublished\":\"2026-09-05T14:12:25+00:00\",\"dateModified\":\"2026-09-05T14:58:43+00:00\",\"description\":\"Hva\u00f0 eru Rauhn\u00e4chte? Merking \u00feessara t\u00f3lf n\u00f3tta milli j\u00f3lanna, si\u00f0ir og b\u00f6nn, reykingar og v\u00e9fr\u00e9ttir, fr\u00e1 Frau Perchta til Wilde Jagd.\",\"breadcrumb\":{\"@id\":\"https:\\\/\\\/iwell-guard.com\\\/is\\\/rauhnaechte\\\/#breadcrumb\"},\"inLanguage\":\"is\",\"potentialAction\":[{\"@type\":\"ReadAction\",\"target\":[\"https:\\\/\\\/iwell-guard.com\\\/is\\\/rauhnaechte\\\/\"]}]},{\"@type\":\"ImageObject\",\"inLanguage\":\"is\",\"@id\":\"https:\\\/\\\/iwell-guard.com\\\/is\\\/rauhnaechte\\\/#primaryimage\",\"url\":\"https:\\\/\\\/iwell-guard.com\\\/wp-content\\\/uploads\\\/2026\\\/05\\\/schutzsymbol_universell_raeuchern.png\",\"contentUrl\":\"https:\\\/\\\/iwell-guard.com\\\/wp-content\\\/uploads\\\/2026\\\/05\\\/schutzsymbol_universell_raeuchern.png\",\"width\":1024,\"height\":1536,\"caption\":\"Reykhreinsun \u2013 st\u00edgandi reykur sem t\u00e1kn hreinsunar\"},{\"@type\":\"BreadcrumbList\",\"@id\":\"https:\\\/\\\/iwell-guard.com\\\/is\\\/rauhnaechte\\\/#breadcrumb\",\"itemListElement\":[{\"@type\":\"ListItem\",\"position\":1,\"name\":\"Start\",\"item\":\"https:\\\/\\\/iwell-guard.com\\\/is\\\/?page_id=168580\"},{\"@type\":\"ListItem\",\"position\":2,\"name\":\"Rauhn\u00e4chte\"}]},{\"@type\":\"WebSite\",\"@id\":\"https:\\\/\\\/iwell-guard.com\\\/is\\\/#website\",\"url\":\"https:\\\/\\\/iwell-guard.com\\\/is\\\/\",\"name\":\"iWell Guard\",\"description\":\"Schutz vor dunklen Einfl\u00fcssen\",\"publisher\":{\"@id\":\"https:\\\/\\\/iwell-guard.com\\\/is\\\/#organization\"},\"potentialAction\":[{\"@type\":\"SearchAction\",\"target\":{\"@type\":\"EntryPoint\",\"urlTemplate\":\"https:\\\/\\\/iwell-guard.com\\\/is\\\/?s={search_term_string}\"},\"query-input\":{\"@type\":\"PropertyValueSpecification\",\"valueRequired\":true,\"valueName\":\"search_term_string\"}}],\"inLanguage\":\"is\"},{\"@type\":\"Organization\",\"@id\":\"https:\\\/\\\/iwell-guard.com\\\/is\\\/#organization\",\"name\":\"Ittermann electronic GmbH\",\"url\":\"https:\\\/\\\/iwell-guard.com\\\/is\\\/\",\"logo\":{\"@type\":\"ImageObject\",\"inLanguage\":\"is\",\"@id\":\"https:\\\/\\\/iwell-guard.com\\\/is\\\/#\\\/schema\\\/logo\\\/image\\\/\",\"url\":\"https:\\\/\\\/iwell-guard.com\\\/wp-content\\\/uploads\\\/2026\\\/05\\\/Ittermann-Logo-1182x237-1.png\",\"contentUrl\":\"https:\\\/\\\/iwell-guard.com\\\/wp-content\\\/uploads\\\/2026\\\/05\\\/Ittermann-Logo-1182x237-1.png\",\"width\":1182,\"height\":237,\"caption\":\"Ittermann electronic GmbH\"},\"image\":{\"@id\":\"https:\\\/\\\/iwell-guard.com\\\/is\\\/#\\\/schema\\\/logo\\\/image\\\/\"},\"sameAs\":[\"https:\\\/\\\/pantip.com\\\/profile\\\/9367242\",\"https:\\\/\\\/micro.blog\\\/iwellguard\",\"https:\\\/\\\/www.diggerslist.com\\\/iwellguard\\\/about\",\"https:\\\/\\\/skitterphoto.com\\\/photographers\\\/2870314\\\/iwell-guard\",\"https:\\\/\\\/iwellguard.wordpress.com\\\/2026\\\/06\\\/06\\\/iwell-guard\\\/\",\"https:\\\/\\\/hub.docker.com\\\/u\\\/iwellguard\",\"https:\\\/\\\/www.pinterest.com\\\/iwellguard\\\/\",\"https:\\\/\\\/bit.ly\\\/m\\\/iwellguard\",\"https:\\\/\\\/entre-vos-mains.alsace.eu\\\/profiles\\\/iwellguard\\\/activity\",\"https:\\\/\\\/gravatar.com\\\/reallybeded8fd34\",\"https:\\\/\\\/naijamatta.com\\\/iwellguard\",\"https:\\\/\\\/www.goodreads.com\\\/iwellguard\",\"https:\\\/\\\/profile.hatena.ne.jp\\\/iwellguard\\\/\",\"https:\\\/\\\/experiment.com\\\/users\\\/iwellguard\",\"https:\\\/\\\/wakelet.com\\\/@iWellGuard82270\",\"https:\\\/\\\/www.chordie.com\\\/forum\\\/profile.php?id=2555664\",\"https:\\\/\\\/www.instapaper.com\\\/p\\\/17757966\",\"https:\\\/\\\/www.mapleprimes.com\\\/users\\\/iwellguard\",\"https:\\\/\\\/businesslistingplus.com\\\/profile\\\/iwell-guard\\\/\",\"https:\\\/\\\/telegra.ph\\\/iWell-Guard-06-06\",\"https:\\\/\\\/pbase.com\\\/iwellguard\\\/iwellguard\",\"https:\\\/\\\/b.hatena.ne.jp\\\/iwellguard\\\/20260607#bookmark-4788405196491818882\",\"https:\\\/\\\/fliphtml5.com\\\/home\\\/iwellguard\",\"https:\\\/\\\/anyflip.com\\\/homepage\\\/cmiwl#About\",\"https:\\\/\\\/transfur.com\\\/Users\\\/iwellguard\",\"http:\\\/\\\/delphi.larsbo.org\\\/user\\\/iwellguard\",\"https:\\\/\\\/jobs.lajobsportal.org\\\/profiles\\\/8380803-iwell-guard\",\"https:\\\/\\\/md.chaosdorf.de\\\/s\\\/jfbe5SBdJD\",\"https:\\\/\\\/www.lingvolive.com\\\/en-us\\\/profile\\\/9ecaeaca-ce11-4e51-9e71-01d55e2bff36\\\/translations\",\"https:\\\/\\\/www.fitday.com\\\/fitness\\\/forums\\\/members\\\/iwellguard.html\",\"https:\\\/\\\/www.mymeetbook.com\\\/iwellguard\",\"https:\\\/\\\/pxhere.com\\\/en\\\/photographer-me\\\/5040798\",\"https:\\\/\\\/disqus.com\\\/by\\\/iwellguard\\\/about\\\/\",\"https:\\\/\\\/pastelink.net\\\/hjwciqwq\",\"https:\\\/\\\/pubhtml5.com\\\/homepage\\\/scjhn\\\/\",\"https:\\\/\\\/www.bitchute.com\\\/channel\\\/2O2eOKzNqujT\",\"https:\\\/\\\/audiomack.com\\\/iwellguard\"]}]}<\/script>\n<!-- \/ Yoast SEO Premium plugin. -->","yoast_head_json":{"title":"Rauhn\u00e4chte: merking, si\u00f0ir og t\u00edmasetningar","description":"Hva\u00f0 eru Rauhn\u00e4chte? Merking \u00feessara t\u00f3lf n\u00f3tta milli j\u00f3lanna, si\u00f0ir og b\u00f6nn, reykingar og v\u00e9fr\u00e9ttir, fr\u00e1 Frau Perchta til Wilde Jagd.","robots":{"index":"index","follow":"follow","max-snippet":"max-snippet:-1","max-image-preview":"max-image-preview:large","max-video-preview":"max-video-preview:-1"},"canonical":"https:\/\/iwell-guard.com\/is\/rauhnaechte\/","og_locale":"is_IS","og_type":"article","og_title":"Rauhn\u00e4chte","og_description":"Hva\u00f0 eru Rauhn\u00e4chte? Merking \u00feessara t\u00f3lf n\u00f3tta milli j\u00f3lanna, si\u00f0ir og b\u00f6nn, reykingar og v\u00e9fr\u00e9ttir, fr\u00e1 Frau Perchta til Wilde Jagd.","og_url":"https:\/\/iwell-guard.com\/is\/rauhnaechte\/","og_site_name":"iWell Guard","article_modified_time":"2026-09-05T14:58:43+00:00","og_image":[{"width":683,"height":1024,"url":"https:\/\/iwell-guard.com\/wp-content\/uploads\/2026\/05\/schutzsymbol_universell_raeuchern-683x1024.png","type":"image\/png"}],"twitter_card":"summary_large_image","schema":{"@context":"https:\/\/schema.org","@graph":[{"@type":"WebPage","@id":"https:\/\/iwell-guard.com\/is\/rauhnaechte\/","url":"https:\/\/iwell-guard.com\/is\/rauhnaechte\/","name":"Rauhn\u00e4chte: merking, si\u00f0ir og t\u00edmasetningar","isPartOf":{"@id":"https:\/\/iwell-guard.com\/is\/#website"},"primaryImageOfPage":{"@id":"https:\/\/iwell-guard.com\/is\/rauhnaechte\/#primaryimage"},"image":{"@id":"https:\/\/iwell-guard.com\/is\/rauhnaechte\/#primaryimage"},"thumbnailUrl":"https:\/\/iwell-guard.com\/wp-content\/uploads\/2026\/05\/schutzsymbol_universell_raeuchern.png","datePublished":"2026-09-05T14:12:25+00:00","dateModified":"2026-09-05T14:58:43+00:00","description":"Hva\u00f0 eru Rauhn\u00e4chte? Merking \u00feessara t\u00f3lf n\u00f3tta milli j\u00f3lanna, si\u00f0ir og b\u00f6nn, reykingar og v\u00e9fr\u00e9ttir, fr\u00e1 Frau Perchta til Wilde Jagd.","breadcrumb":{"@id":"https:\/\/iwell-guard.com\/is\/rauhnaechte\/#breadcrumb"},"inLanguage":"is","potentialAction":[{"@type":"ReadAction","target":["https:\/\/iwell-guard.com\/is\/rauhnaechte\/"]}]},{"@type":"ImageObject","inLanguage":"is","@id":"https:\/\/iwell-guard.com\/is\/rauhnaechte\/#primaryimage","url":"https:\/\/iwell-guard.com\/wp-content\/uploads\/2026\/05\/schutzsymbol_universell_raeuchern.png","contentUrl":"https:\/\/iwell-guard.com\/wp-content\/uploads\/2026\/05\/schutzsymbol_universell_raeuchern.png","width":1024,"height":1536,"caption":"Reykhreinsun \u2013 st\u00edgandi reykur sem t\u00e1kn hreinsunar"},{"@type":"BreadcrumbList","@id":"https:\/\/iwell-guard.com\/is\/rauhnaechte\/#breadcrumb","itemListElement":[{"@type":"ListItem","position":1,"name":"Start","item":"https:\/\/iwell-guard.com\/is\/?page_id=168580"},{"@type":"ListItem","position":2,"name":"Rauhn\u00e4chte"}]},{"@type":"WebSite","@id":"https:\/\/iwell-guard.com\/is\/#website","url":"https:\/\/iwell-guard.com\/is\/","name":"iWell Guard","description":"Schutz vor dunklen Einfl\u00fcssen","publisher":{"@id":"https:\/\/iwell-guard.com\/is\/#organization"},"potentialAction":[{"@type":"SearchAction","target":{"@type":"EntryPoint","urlTemplate":"https:\/\/iwell-guard.com\/is\/?s={search_term_string}"},"query-input":{"@type":"PropertyValueSpecification","valueRequired":true,"valueName":"search_term_string"}}],"inLanguage":"is"},{"@type":"Organization","@id":"https:\/\/iwell-guard.com\/is\/#organization","name":"Ittermann electronic GmbH","url":"https:\/\/iwell-guard.com\/is\/","logo":{"@type":"ImageObject","inLanguage":"is","@id":"https:\/\/iwell-guard.com\/is\/#\/schema\/logo\/image\/","url":"https:\/\/iwell-guard.com\/wp-content\/uploads\/2026\/05\/Ittermann-Logo-1182x237-1.png","contentUrl":"https:\/\/iwell-guard.com\/wp-content\/uploads\/2026\/05\/Ittermann-Logo-1182x237-1.png","width":1182,"height":237,"caption":"Ittermann electronic GmbH"},"image":{"@id":"https:\/\/iwell-guard.com\/is\/#\/schema\/logo\/image\/"},"sameAs":["https:\/\/pantip.com\/profile\/9367242","https:\/\/micro.blog\/iwellguard","https:\/\/www.diggerslist.com\/iwellguard\/about","https:\/\/skitterphoto.com\/photographers\/2870314\/iwell-guard","https:\/\/iwellguard.wordpress.com\/2026\/06\/06\/iwell-guard\/","https:\/\/hub.docker.com\/u\/iwellguard","https:\/\/www.pinterest.com\/iwellguard\/","https:\/\/bit.ly\/m\/iwellguard","https:\/\/entre-vos-mains.alsace.eu\/profiles\/iwellguard\/activity","https:\/\/gravatar.com\/reallybeded8fd34","https:\/\/naijamatta.com\/iwellguard","https:\/\/www.goodreads.com\/iwellguard","https:\/\/profile.hatena.ne.jp\/iwellguard\/","https:\/\/experiment.com\/users\/iwellguard","https:\/\/wakelet.com\/@iWellGuard82270","https:\/\/www.chordie.com\/forum\/profile.php?id=2555664","https:\/\/www.instapaper.com\/p\/17757966","https:\/\/www.mapleprimes.com\/users\/iwellguard","https:\/\/businesslistingplus.com\/profile\/iwell-guard\/","https:\/\/telegra.ph\/iWell-Guard-06-06","https:\/\/pbase.com\/iwellguard\/iwellguard","https:\/\/b.hatena.ne.jp\/iwellguard\/20260607#bookmark-4788405196491818882","https:\/\/fliphtml5.com\/home\/iwellguard","https:\/\/anyflip.com\/homepage\/cmiwl#About","https:\/\/transfur.com\/Users\/iwellguard","http:\/\/delphi.larsbo.org\/user\/iwellguard","https:\/\/jobs.lajobsportal.org\/profiles\/8380803-iwell-guard","https:\/\/md.chaosdorf.de\/s\/jfbe5SBdJD","https:\/\/www.lingvolive.com\/en-us\/profile\/9ecaeaca-ce11-4e51-9e71-01d55e2bff36\/translations","https:\/\/www.fitday.com\/fitness\/forums\/members\/iwellguard.html","https:\/\/www.mymeetbook.com\/iwellguard","https:\/\/pxhere.com\/en\/photographer-me\/5040798","https:\/\/disqus.com\/by\/iwellguard\/about\/","https:\/\/pastelink.net\/hjwciqwq","https:\/\/pubhtml5.com\/homepage\/scjhn\/","https:\/\/www.bitchute.com\/channel\/2O2eOKzNqujT","https:\/\/audiomack.com\/iwellguard"]}]}},"_links":{"self":[{"href":"https:\/\/iwell-guard.com\/is\/wp-json\/wp\/v2\/pages\/169870","targetHints":{"allow":["GET"]}}],"collection":[{"href":"https:\/\/iwell-guard.com\/is\/wp-json\/wp\/v2\/pages"}],"about":[{"href":"https:\/\/iwell-guard.com\/is\/wp-json\/wp\/v2\/types\/page"}],"author":[{"embeddable":true,"href":"https:\/\/iwell-guard.com\/is\/wp-json\/wp\/v2\/users\/1"}],"replies":[{"embeddable":true,"href":"https:\/\/iwell-guard.com\/is\/wp-json\/wp\/v2\/comments?post=169870"}],"version-history":[{"count":0,"href":"https:\/\/iwell-guard.com\/is\/wp-json\/wp\/v2\/pages\/169870\/revisions"}],"wp:featuredmedia":[{"embeddable":true,"href":"https:\/\/iwell-guard.com\/is\/wp-json\/wp\/v2\/media\/4143"}],"wp:attachment":[{"href":"https:\/\/iwell-guard.com\/is\/wp-json\/wp\/v2\/media?parent=169870"}],"wp:term":[{"taxonomy":"category","embeddable":true,"href":"https:\/\/iwell-guard.com\/is\/wp-json\/wp\/v2\/categories?post=169870"}],"curies":[{"name":"wp","href":"https:\/\/api.w.org\/{rel}","templated":true}]}}