{"id":169862,"date":"2026-09-05T14:12:21","date_gmt":"2026-09-05T14:12:21","guid":{"rendered":"https:\/\/iwell-guard.com\/?page_id=169862"},"modified":"2026-09-05T14:58:29","modified_gmt":"2026-09-05T14:58:29","slug":"alpasagnir","status":"publish","type":"page","link":"https:\/\/iwell-guard.com\/is\/alpasagnir\/","title":{"rendered":"Alpasagnir"},"content":{"rendered":"\t\t<div data-elementor-type=\"wp-page\" data-elementor-id=\"169862\" class=\"elementor elementor-169862 elementor-20578 elementor-bc-flex-widget\" data-elementor-post-type=\"page\">\n\t\t\t\t<div class=\"elementor-element elementor-element-iwgcn-sami-hero iwg-kultur-hero e-flex e-con-boxed e-con e-parent\" data-id=\"iwgcn-sami-hero\" data-element_type=\"container\" data-e-type=\"container\">\n\t\t\t\t\t<div class=\"e-con-inner\">\n\t\t<div class=\"elementor-element elementor-element-iwgcn-sami-hl iwg-kultur-hero-left e-flex e-con-boxed e-con e-child\" data-id=\"iwgcn-sami-hl\" data-element_type=\"container\" data-e-type=\"container\">\n\t\t\t\t\t<div class=\"e-con-inner\">\n\t\t\t\t<div class=\"elementor-element elementor-element-iwgcn-sami-h1 elementor-widget elementor-widget-heading\" data-id=\"iwgcn-sami-h1\" data-element_type=\"widget\" data-e-type=\"widget\" data-widget_type=\"heading.default\">\n\t\t\t\t\t<h1 class=\"elementor-heading-title elementor-size-default\">Perchta, Krampus og sagnaheimur Alpanna<\/h1>\t\t\t\t<\/div>\n\t\t<div class=\"elementor-element elementor-element-iwgcn-sami-leadc e-con-full e-flex e-con e-child\" data-id=\"iwgcn-sami-leadc\" data-element_type=\"container\" data-e-type=\"container\">\n\t\t\t\t<div class=\"elementor-element elementor-element-iwgcn-sami-lead elementor-widget elementor-widget-text-editor\" data-id=\"iwgcn-sami-lead\" data-element_type=\"widget\" data-e-type=\"widget\" data-widget_type=\"text-editor.default\">\n\t\t\t\t\t\t\t\t\t<p>Sagnaheimur Alpasv\u00e6\u00f0isins, fr\u00e1 B\u00e6jaralandi um Austurr\u00edki og Sviss til Su\u00f0ur-T\u00fdr\u00f3l, tengir vetrarsi\u00f0ahringinn \u00ed kringum Rauhn\u00e4chte (\u00fe\u00e6r t\u00f3lf n\u00e6tur milli j\u00f3la og \u00ferett\u00e1ndans sem \u00fej\u00f3\u00f0tr\u00fain eignar s\u00e9rstakan kraft) vi\u00f0 Perchtu og Krampus, fjallsanda \u00e1 bor\u00f0 vi\u00f0 Kasermandl, n\u00e1tthrelliv\u00e6tti eins og Drud og Toggeli, og fjallsagnir um Tatzelwurm. \u00deessar sagnir eru samofnar sveitab\u00faskap \u00e1 fjallabeitum, ka\u00fe\u00f3lsku kirkju\u00e1rinu og sta\u00f0bundnum si\u00f0um eins og Perchtenlauf.<\/p>\n<p class=\"iwg-kwfix\">Alpasagnir spanna fj\u00f6lbreytt safn v\u00e6tta sem eru mismunandi eftir sv\u00e6\u00f0um, allt fr\u00e1 sk\u00f3garkonunni til fjalladverga, og lifa enn \u00ed si\u00f0um, s\u00f6gum og fer\u00f0amannai\u00f0na\u00f0i Alpasv\u00e6\u00f0anna.<\/p>\t\t\t\t\t\t\t\t<\/div>\n\t\t\t\t<\/div>\n\t\t\t\t\t<\/div>\n\t\t\t\t<\/div>\n\t\t<div class=\"elementor-element elementor-element-iwgcn-sami-hr iwg-kultur-hero-right e-flex e-con-boxed e-con e-child\" data-id=\"iwgcn-sami-hr\" data-element_type=\"container\" data-e-type=\"container\">\n\t\t\t\t\t<div class=\"e-con-inner\">\n\t\t\t\t<div class=\"elementor-element elementor-element-iwgcn-sami-himg iwg-hero-image elementor-widget elementor-widget-image\" data-id=\"iwgcn-sami-himg\" data-element_type=\"widget\" data-e-type=\"widget\" data-widget_type=\"image.default\">\n\t\t\t\t\t\t\t\t\t\t\t\t\t\t\t<img fetchpriority=\"high\" decoding=\"async\" width=\"683\" height=\"1024\" src=\"https:\/\/iwell-guard.com\/wp-content\/uploads\/2026\/05\/goetter_sami_beaivi-683x1024.webp\" class=\"attachment-large size-large wp-image-170769\" alt=\"Beaivi - gu\u00f0ir \u00far sam\u00edskri hef\u00f0, s\u00f6guleg myndskreyting\" srcset=\"https:\/\/iwell-guard.com\/wp-content\/uploads\/2026\/05\/goetter_sami_beaivi-683x1024.webp 683w, https:\/\/iwell-guard.com\/wp-content\/uploads\/2026\/05\/goetter_sami_beaivi-200x300.webp 200w, https:\/\/iwell-guard.com\/wp-content\/uploads\/2026\/05\/goetter_sami_beaivi-768x1152.webp 768w, https:\/\/iwell-guard.com\/wp-content\/uploads\/2026\/05\/goetter_sami_beaivi.webp 1024w\" sizes=\"(max-width: 683px) 100vw, 683px\" \/>\t\t\t\t\t\t\t\t\t\t\t\t\t\t\t<\/div>\n\t\t\t\t\t<\/div>\n\t\t\t\t<\/div>\n\t\t\t\t\t<\/div>\n\t\t\t\t<\/div>\n\t\t\t\t<section class=\"elementor-section elementor-top-section elementor-element elementor-element-sec-iwgcomp-sami elementor-section-boxed elementor-section-height-default elementor-section-height-default\" data-id=\"sec-iwgcomp-sami\" data-element_type=\"section\" data-e-type=\"section\">\n\t\t\t\t\t\t<div class=\"elementor-container elementor-column-gap-default\">\n\t\t\t\t\t<div class=\"elementor-column elementor-col-100 elementor-top-column elementor-element elementor-element-col-iwgcomp-sami\" data-id=\"col-iwgcomp-sami\" data-element_type=\"column\" data-e-type=\"column\">\n\t\t\t<div class=\"elementor-widget-wrap elementor-element-populated\">\n\t\t\t\t\t\t<div class=\"elementor-element elementor-element-iwgcomp-sami elementor-widget elementor-widget-text-editor\" data-id=\"iwgcomp-sami\" data-element_type=\"widget\" data-e-type=\"widget\" data-widget_type=\"text-editor.default\">\n\t\t\t\t\t\t\t\t\t<p>Alpaskur <strong><span class=\"iwg-fachbegriff\" data-tooltip=\"T\u00f3lf n\u00e6tur milli j\u00f3la og \u00ferett\u00e1ndans sem \u00fej\u00f3\u00f0tr\u00fain eignar s\u00e9rstakan kraft.\" tabindex=\"0\">Rauhn\u00e4chte-si\u00f0ur<\/span><\/strong> myndar rammann utan um mikinn hluta vetrarsagnapers\u00f3na Alpasv\u00e6\u00f0isins.<\/p>\n<p class=\"iwg-kwfix\">Alpasagnir skiptast \u00ed Rauhn\u00e4chte-v\u00e6tti eins og <a href=\"https:\/\/iwell-guard.com\/is\/?page_id=169826\">Perchtu<\/a> og <a href=\"https:\/\/iwell-guard.com\/is\/?page_id=169825\">Krampus<\/a>, fjallsanda eins og <a href=\"https:\/\/iwell-guard.com\/is\/?page_id=169775\">Kasermandl<\/a> og <a href=\"https:\/\/iwell-guard.com\/is\/?page_id=169837\">Venedigermandl<\/a>, n\u00e1tthrelliv\u00e6tti eins og <a href=\"https:\/\/iwell-guard.com\/is\/?page_id=169829\">Drud<\/a> og <a href=\"https:\/\/iwell-guard.com\/is\/?page_id=169831\">Toggeli<\/a>, og fjallsagnir um <a href=\"https:\/\/iwell-guard.com\/is\/tatzelwurm\/\">Tatzelwurm<\/a>. \u00deeim er enn sagt fr\u00e1 \u00ed B\u00e6jaralandi, Austurr\u00edki, Sviss og Su\u00f0ur-T\u00fdr\u00f3l.<\/p>\t\t\t\t\t\t\t\t<\/div>\n\t\t\t\t\t<\/div>\n\t\t<\/div>\n\t\t\t\t\t<\/div>\n\t\t<\/section>\n\t\t<div class=\"elementor-element elementor-element-iwgcn-sami-s0 e-flex e-con-boxed e-con e-parent\" data-id=\"iwgcn-sami-s0\" data-element_type=\"container\" data-e-type=\"container\">\n\t\t\t\t\t<div class=\"e-con-inner\">\n\t\t\t\t<div class=\"elementor-element elementor-element-iwgcn-sami-s0h elementor-widget elementor-widget-heading\" data-id=\"iwgcn-sami-s0h\" data-element_type=\"widget\" data-e-type=\"widget\" data-widget_type=\"heading.default\">\n\t\t\t\t\t<h2 class=\"elementor-heading-title elementor-size-default\">B\u00e6jaraland, Austurr\u00edki, Sviss, Su\u00f0ur-T\u00fdr\u00f3l: tr\u00faarlandslag Alpanna<\/h2>\t\t\t\t<\/div>\n\t\t<div class=\"elementor-element elementor-element-iwgcn-sami-s0-c e-con-full e-flex e-con e-child\" data-id=\"iwgcn-sami-s0-c\" data-element_type=\"container\" data-e-type=\"container\">\n\t\t\t\t<div class=\"elementor-element elementor-element-iwgcn-sami-s0t elementor-widget elementor-widget-text-editor\" data-id=\"iwgcn-sami-s0t\" data-element_type=\"widget\" data-e-type=\"widget\" data-widget_type=\"text-editor.default\">\n\t\t\t\t\t\t\t\t\t<p>Alpasv\u00e6\u00f0i\u00f0 er a\u00f0 mestu r\u00f3mversk-ka\u00fe\u00f3lskt, me\u00f0 si\u00f0b\u00f3tarmeirihluta \u00e1 hluta Sviss. Sagnaheimurinn \u00fer\u00f3a\u00f0ist um aldir \u00ed togstreitunni milli kirkjulegrar tr\u00far\u00e6kni og eldri, fyrirkristinna hugmynda um n\u00e1tt\u00faru- og fjallav\u00e6tti sem h\u00f6f\u00f0u hagn\u00fdtt gildi \u00ed sveitab\u00faskap \u00e1 fjallabeitum.<\/p>\n<p>Fr\u00e1 B\u00e6jaralandi um T\u00fdr\u00f3l, Vorarlberg og Sviss til Su\u00f0ur-T\u00fdr\u00f3l er talsver\u00f0ur munur \u00e1 n\u00f6fnum og birtingarmyndum sagnapers\u00f3na; Kasermandl \u00ed T\u00fdr\u00f3l er ekki nau\u00f0synlega sama v\u00e6tti\u00f0 og samb\u00e6rileg vera \u00ed Bernar\u00f3berlandi. \u00deessi fj\u00f6lbreytni endurspeglar sm\u00e6\u00f0 og einangrun alpadaladalanna, \u00fear sem sagnahef\u00f0ir g\u00e1tu \u00fer\u00f3ast tilt\u00f6lulega afskekktar um aldir.<\/p>\n<p class=\"iwg-kwfix\">Meginl\u00ednur \u00feessarar arfleif\u00f0ar: \u00e1rlegt t\u00edmatal me\u00f0 Rauhn\u00e4chte sem umskiptat\u00edma, fjallsanda sem verndara beitilands og b\u00faf\u00e9na\u00f0ar, n\u00e1tthrelliv\u00e6tti sem sk\u00fdring \u00e1 martr\u00f6\u00f0um, og fjallsagnir sem t\u00falkun \u00f3\u00fatsk\u00fdr\u00f0ra n\u00e1tt\u00farufyrirb\u00e6ra \u00e1 h\u00e1fj\u00f6llum.<\/p>\t\t\t\t\t\t\t\t<\/div>\n\t\t\t\t<\/div>\n\t\t\t\t\t<\/div>\n\t\t\t\t<\/div>\n\t\t<div class=\"elementor-element elementor-element-iwgcn-sami-s1 e-flex e-con-boxed e-con e-parent\" data-id=\"iwgcn-sami-s1\" data-element_type=\"container\" data-e-type=\"container\">\n\t\t\t\t\t<div class=\"e-con-inner\">\n\t\t\t\t<div class=\"elementor-element elementor-element-iwgcn-sami-s1h elementor-widget elementor-widget-heading\" data-id=\"iwgcn-sami-s1h\" data-element_type=\"widget\" data-e-type=\"widget\" data-widget_type=\"heading.default\">\n\t\t\t\t\t<h2 class=\"elementor-heading-title elementor-size-default\">Perchta og Rauhn\u00e4chte<\/h2>\t\t\t\t<\/div>\n\t\t<div class=\"elementor-element elementor-element-iwgcn-sami-s1-c e-con-full e-flex e-con e-child\" data-id=\"iwgcn-sami-s1-c\" data-element_type=\"container\" data-e-type=\"container\">\n\t\t\t\t<div class=\"elementor-element elementor-element-iwgcn-sami-s1t elementor-widget elementor-widget-text-editor\" data-id=\"iwgcn-sami-s1t\" data-element_type=\"widget\" data-e-type=\"widget\" data-widget_type=\"text-editor.default\">\n\t\t\t\t\t\t\t\t\t<p><a href=\"https:\/\/iwell-guard.com\/is\/?page_id=169826\">Perchta<\/a>, einnig k\u00f6llu\u00f0 Frau Percht e\u00f0a Berchta, er ein af a\u00f0alpers\u00f3num vetrarsi\u00f0a Alpasv\u00e6\u00f0isins, d\u00fdrku\u00f0 og hr\u00e6\u00f0st \u00ed senn sem h\u00fasfreyja yfir vei\u00f0id\u00fdrum, heimili og hj\u00faum. S\u00f6gnin segir a\u00f0 \u00e1 Rauhn\u00e4chte, milli j\u00f3la og \u00ferett\u00e1ndans, fari h\u00fan me\u00f0 f\u00f6runeyti s\u00ednu um \u00feorp og b\u00e6i, kanni i\u00f0jusemi og reglu og straffi vanr\u00e6kslu.<\/p>\n<p>\u00cd Perchtenlauf koma enn fram Schiachperchten, \u00fea\u00f0 er lj\u00f3tar v\u00e6ttir me\u00f0 \u00f3gnvekjandi gr\u00edmum og skinnum, og Sch\u00f6nperchten \u00ed gl\u00e6silegum b\u00faningum. \u00deessi si\u00f0ur er \u00ed h\u00e1vegum haf\u00f0ur s\u00e9rstaklega \u00ed Salzburg, T\u00fdr\u00f3l og n\u00e1l\u00e6gum sv\u00e6\u00f0um og \u00e1 a\u00f0 hrekja illa anda \u00e1 brott me\u00f0 h\u00e1va\u00f0a.<\/p>\t\t\t\t\t\t\t\t<\/div>\n\t\t\t\t<\/div>\n\t\t\t\t\t<\/div>\n\t\t\t\t<\/div>\n\t\t<div class=\"elementor-element elementor-element-iwgcn-sami-s2 e-flex e-con-boxed e-con e-parent\" data-id=\"iwgcn-sami-s2\" data-element_type=\"container\" data-e-type=\"container\">\n\t\t\t\t\t<div class=\"e-con-inner\">\n\t\t\t\t<div class=\"elementor-element elementor-element-iwgcn-sami-s2h elementor-widget elementor-widget-heading\" data-id=\"iwgcn-sami-s2h\" data-element_type=\"widget\" data-e-type=\"widget\" data-widget_type=\"heading.default\">\n\t\t\t\t\t<h2 class=\"elementor-heading-title elementor-size-default\">Krampus: f\u00f6runautur heilags Nikul\u00e1ss<\/h2>\t\t\t\t<\/div>\n\t\t<div class=\"elementor-element elementor-element-iwgcn-sami-s2-c e-con-full e-flex e-con e-child\" data-id=\"iwgcn-sami-s2-c\" data-element_type=\"container\" data-e-type=\"container\">\n\t\t\t\t<div class=\"elementor-element elementor-element-iwgcn-sami-s2t elementor-widget elementor-widget-text-editor\" data-id=\"iwgcn-sami-s2t\" data-element_type=\"widget\" data-e-type=\"widget\" data-widget_type=\"text-editor.default\">\n\t\t\t\t\t\t\t\t\t<p><a href=\"https:\/\/iwell-guard.com\/is\/?page_id=169825\">Krampus<\/a> kemur fram \u00e1 Alpasv\u00e6\u00f0inu kv\u00f6ldi\u00f0 fyrir Nikul\u00e1sardag, 5. desember, sem d\u00f6kk hli\u00f0st\u00e6\u00f0a heilags Nikul\u00e1ss, me\u00f0 horn, skinn, ke\u00f0ju og v\u00f6ndul til a\u00f0 hr\u00e6\u00f0a \u00f3\u00feekk b\u00f6rn. Uppruni \u00feessarar pers\u00f3nu er ekki fullkomlega \u00fatsk\u00fdr\u00f0ur af tr\u00faarbrag\u00f0afr\u00e6\u00f0ingum; tali\u00f0 er a\u00f0 fyrirkristnar hugmyndir um vetrardj\u00f6fla hafi blandast kirkjulegum Nikul\u00e1sarsi\u00f0um.<\/p>\n<p>Krampuslauf, sem \u00e1 sumum sv\u00e6\u00f0um kallast einnig Perchtenlauf og blandast honum a\u00f0 hluta, telst n\u00fa til fr\u00e6gustu vetrarsi\u00f0a Austurr\u00edkis, B\u00e6jaralands og Su\u00f0ur-T\u00fdr\u00f3l og vekur s\u00edfellt meiri \u00e1huga fer\u00f0amanna.<\/p>\t\t\t\t\t\t\t\t<\/div>\n\t\t\t\t<\/div>\n\t\t\t\t\t<\/div>\n\t\t\t\t<\/div>\n\t\t<div class=\"elementor-element elementor-element-iwgcn-sami-s3 e-flex e-con-boxed e-con e-parent\" data-id=\"iwgcn-sami-s3\" data-element_type=\"container\" data-e-type=\"container\">\n\t\t\t\t\t<div class=\"e-con-inner\">\n\t\t\t\t<div class=\"elementor-element elementor-element-iwgcn-sami-s3h elementor-widget elementor-widget-heading\" data-id=\"iwgcn-sami-s3h\" data-element_type=\"widget\" data-e-type=\"widget\" data-widget_type=\"heading.default\">\n\t\t\t\t\t<h2 class=\"elementor-heading-title elementor-size-default\">Fjallsandar: Kasermandl, Venedigermandl og Barbegazi<\/h2>\t\t\t\t<\/div>\n\t\t<div class=\"elementor-element elementor-element-iwgcn-sami-s3-c e-con-full e-flex e-con e-child\" data-id=\"iwgcn-sami-s3-c\" data-element_type=\"container\" data-e-type=\"container\">\n\t\t\t\t<div class=\"elementor-element elementor-element-iwgcn-sami-s3t elementor-widget elementor-widget-text-editor\" data-id=\"iwgcn-sami-s3t\" data-element_type=\"widget\" data-e-type=\"widget\" data-widget_type=\"text-editor.default\">\n\t\t\t\t\t\t\t\t\t<p><a href=\"https:\/\/iwell-guard.com\/is\/?page_id=169775\">Kasermandl<\/a> er talinn sm\u00e1vaxinn, oftast g\u00f3\u00f0lyndur andi sem b\u00fdr \u00ed afskekktum fjallask\u00e1lum (Kasern), vaktar b\u00faf\u00e9na\u00f0 og sk\u00e1la \u00e1 n\u00f3ttunni og hj\u00e1lpar mjaltakonunni vi\u00f0 vinnuna, svo lengi sem h\u00fan s\u00fdnir honum vir\u00f0ingu og l\u00e6tur eftir sm\u00e1vegis mj\u00f3lk e\u00f0a mat; van\u00feakkl\u00e6ti e\u00f0a h\u00e1\u00f0 er sagt ver\u00f0a goldi\u00f0 me\u00f0 hrekkjum e\u00f0a \u00f3l\u00e1ni.<\/p>\n<p><a href=\"https:\/\/iwell-guard.com\/is\/?page_id=169837\">Venedigermandl<\/a> er l\u00e1gvaxin v\u00e6ttur \u00far fjallas\u00f6gnum T\u00fdr\u00f3ls og Salzburg sem er tengd hinum svok\u00f6llu\u00f0u Venedigern, erlendum fj\u00e1rsj\u00f3\u00f0aleitarm\u00f6nnum \u00far su\u00f0ri; tali\u00f0 er a\u00f0 h\u00fan hafi vitneskju um falda m\u00e1lm- og gull\u00e6\u00f0 og gefi hjar\u00f0m\u00f6nnum e\u00f0a n\u00e1mum\u00f6nnum v\u00edsbendingar \u00e1 stundum. <a href=\"https:\/\/iwell-guard.com\/is\/?page_id=169836\">Barbegazi<\/a> er snj\u00f3andav\u00e6ttur \u00far fr\u00f6nsk-svissnesku \u00d6lpunum, me\u00f0 risast\u00f3rum, sk\u00ed\u00f0al\u00edkum f\u00f3tum og \u00edskl\u00e6dda h\u00f6kuskegg, sem varar vi\u00f0 snj\u00f3fl\u00f3\u00f0um og hverfur \u00e1 sumrin \u00ed fjallask\u00f6r\u00f0.<\/p>\t\t\t\t\t\t\t\t<\/div>\n\t\t\t\t<\/div>\n\t\t\t\t\t<\/div>\n\t\t\t\t<\/div>\n\t\t<div class=\"elementor-element elementor-element-x-sami-s-faq e-flex e-con-boxed e-con e-parent\" data-id=\"x-sami-s-faq\" data-element_type=\"container\" data-e-type=\"container\">\n\t\t\t\t\t<div class=\"e-con-inner\">\n\t\t\t\t<div class=\"elementor-element elementor-element-x-sami-h-faq elementor-widget elementor-widget-heading\" data-id=\"x-sami-h-faq\" data-element_type=\"widget\" data-e-type=\"widget\" data-widget_type=\"heading.default\">\n\t\t\t\t\t<h2 class=\"elementor-heading-title elementor-size-default\">Algengar spurningar um alpasagnir<\/h2>\t\t\t\t<\/div>\n\t\t<div class=\"elementor-element elementor-element-iwgcn-sami-s3-c e-con-full e-flex e-con e-child\" data-id=\"iwgcn-sami-s3-c\" data-element_type=\"container\" data-e-type=\"container\">\n\t\t\t\t<div class=\"elementor-element elementor-element-x-sami-t-faq elementor-widget elementor-widget-text-editor\" data-id=\"x-sami-t-faq\" data-element_type=\"widget\" data-e-type=\"widget\" data-widget_type=\"text-editor.default\">\n\t\t\t\t\t\t\t\t\t<h3>Hva\u00f0 eru Rauhn\u00e4chte?<\/h3>\n<p>Rauhn\u00e4chte eru \u00fe\u00e6r t\u00f3lf n\u00e6tur milli j\u00f3la og \u00ferett\u00e1ndans sem \u00e1 Alpasv\u00e6\u00f0inu eru taldar vera skilam\u00f6rk milli \u00e1ranna, \u00feegar Perchta og a\u00f0rar draugav\u00e6ttir eiga a\u00f0 ganga um. Til si\u00f0arins teljast reykingar (r\u00e4uchern) og \u00fdmis v\u00e9fr\u00e9tt.<\/p>\n<h3>Hver er munurinn \u00e1 Perchtu og Krampus?<\/h3>\n<p>Perchta er Rauhn\u00e4chte-v\u00e6ttur sem pr\u00f3far i\u00f0jusemi og reglu og fer me\u00f0 fylgdarli\u00f0i s\u00ednu um b\u00e6ina, en Krampus kemur fram sem d\u00f6kkur fylgdarma\u00f0ur hins heilaga Nikol\u00e1sar 5. desember og hr\u00e6\u00f0ir \u00f3\u00feekk b\u00f6rn. \u00cd sumum h\u00e9ru\u00f0um blandast \u00feessir si\u00f0ir saman e\u00f0a ruglast hvor vi\u00f0 annan.<\/p>\n<h3>Hva\u00f0 er Kasermandl?<\/h3>\n<p>Kasermandl er fjallaandi (Almgeist) sem b\u00fdr \u00ed afskekktum fjallakofum, vakir \u00e1 n\u00e6turnar yfir b\u00faf\u00e9 og h\u00fasi og hj\u00e1lpar smalanum, svo lengi sem hann f\u00e6r vir\u00f0ingu og litla gj\u00f6f, eins og mj\u00f3lk, \u00ed sta\u00f0inn.<\/p>\n<h3>Er Tatzelwurm til \u00ed raun?<\/h3>\n<p>Enga d\u00fdrafr\u00e6\u00f0ilega sta\u00f0festingu er a\u00f0 finna fyrir Tatzelwurm. Hann telst vera fjallasagnaminni Alpasv\u00e6\u00f0isins, sem fj\u00f6lmargar sj\u00f3narfr\u00e1sagnir, sumar allt fram \u00e1 20. \u00f6ld, hafa veri\u00f0 tengdar vi\u00f0, \u00e1n \u00feess a\u00f0 af \u00fev\u00ed ver\u00f0i dregi\u00f0 nokkurt sta\u00f0fest d\u00fdr.<\/p>\n<script type=\"application\/ld+json\">{\"@context\": \"https:\/\/schema.org\", \"@type\": \"FAQPage\", \"mainEntity\": [{\"@type\": \"Question\", \"name\": \"Hva\u00f0 eru Rauhn\u00e4chte?\", \"acceptedAnswer\": {\"@type\": \"Answer\", \"text\": \"Rauhn\u00e4chte eru \u00fe\u00e6r t\u00f3lf n\u00e6tur milli j\u00f3la og \u00ferett\u00e1ndans sem \u00e1 Alpasv\u00e6\u00f0inu eru taldar vera skilam\u00f6rk milli \u00e1ranna, \u00feegar Perchta og a\u00f0rar draugav\u00e6ttir eiga a\u00f0 ganga um. Til si\u00f0arins teljast reykingar (r\u00e4uchern) og \u00fdmis v\u00e9fr\u00e9tt.\"}}, {\"@type\": \"Question\", \"name\": \"Hver er munurinn \u00e1 Perchtu og Krampus?\", \"acceptedAnswer\": {\"@type\": \"Answer\", \"text\": \"Perchta er Rauhn\u00e4chte-v\u00e6ttur sem pr\u00f3far i\u00f0jusemi og reglu og fer me\u00f0 fylgdarli\u00f0i s\u00ednu um b\u00e6ina, en Krampus kemur fram sem d\u00f6kkur fylgdarma\u00f0ur hins heilaga Nikol\u00e1sar 5. desember og hr\u00e6\u00f0ir \u00f3\u00feekk b\u00f6rn. \u00cd sumum h\u00e9ru\u00f0um blandast \u00feessir si\u00f0ir saman e\u00f0a ruglast hvor vi\u00f0 annan.\"}}, {\"@type\": \"Question\", \"name\": \"Hva\u00f0 er Kasermandl?\", \"acceptedAnswer\": {\"@type\": \"Answer\", \"text\": \"Kasermandl er fjallaandi (Almgeist) sem b\u00fdr \u00ed afskekktum fjallakofum, vakir \u00e1 n\u00e6turnar yfir b\u00faf\u00e9 og h\u00fasi og hj\u00e1lpar smalanum, svo lengi sem hann f\u00e6r vir\u00f0ingu og litla gj\u00f6f, eins og mj\u00f3lk, \u00ed sta\u00f0inn.\"}}, {\"@type\": \"Question\", \"name\": \"Er Tatzelwurm til \u00ed raun?\", \"acceptedAnswer\": {\"@type\": \"Answer\", \"text\": \"Enga d\u00fdrafr\u00e6\u00f0ilega sta\u00f0festingu er a\u00f0 finna fyrir Tatzelwurm. Hann telst vera fjallasagnaminni Alpasv\u00e6\u00f0isins, sem fj\u00f6lmargar sj\u00f3narfr\u00e1sagnir, sumar allt fram \u00e1 20. \u00f6ld, hafa veri\u00f0 tengdar vi\u00f0, \u00e1n \u00feess a\u00f0 af \u00fev\u00ed ver\u00f0i dregi\u00f0 nokkurt sta\u00f0fest d\u00fdr.\"}}]}<\/script>\t\t\t\t\t\t\t\t<\/div>\n\t\t\t\t<\/div>\n\t\t\t\t\t<\/div>\n\t\t\t\t<\/div>\n\t\t<div class=\"elementor-element elementor-element-iwgcn-sami-s4 e-flex e-con-boxed e-con e-parent\" data-id=\"iwgcn-sami-s4\" data-element_type=\"container\" data-e-type=\"container\">\n\t\t\t\t\t<div class=\"e-con-inner\">\n\t\t\t\t<div class=\"elementor-element elementor-element-iwgcn-sami-s4h elementor-widget elementor-widget-heading\" data-id=\"iwgcn-sami-s4h\" data-element_type=\"widget\" data-e-type=\"widget\" data-widget_type=\"heading.default\">\n\t\t\t\t\t<h2 class=\"elementor-heading-title elementor-size-default\">Martra\u00f0arv\u00e6ttir: Drud, Toggeli og martra\u00f0ar\u00feungi<\/h2>\t\t\t\t<\/div>\n\t\t<div class=\"elementor-element elementor-element-iwgcn-sami-s4-c e-con-full e-flex e-con e-child\" data-id=\"iwgcn-sami-s4-c\" data-element_type=\"container\" data-e-type=\"container\">\n\t\t\t\t<div class=\"elementor-element elementor-element-iwgcn-sami-s4t elementor-widget elementor-widget-text-editor\" data-id=\"iwgcn-sami-s4t\" data-element_type=\"widget\" data-e-type=\"widget\" data-widget_type=\"text-editor.default\">\n\t\t\t\t\t\t\t\t\t<p><a href=\"https:\/\/iwell-guard.com\/is\/?page_id=169829\">Drud<\/a>, einnig kalla\u00f0ur Trud, er ba\u00edrsk-austurr\u00edsk hugmynd um n\u00e6turpl\u00e1gu sem leggst \u00e1 brj\u00f3st sofandi f\u00f3lks og veldur martr\u00f6\u00f0um, hinum svokalla\u00f0a martra\u00f0ar\u00feunga (Alpdruck). Verndart\u00e1kni\u00f0 var Drudenfu\u00df, fimmarma stjarna sem sett var yfir dyr og r\u00fam.<\/p>\n<p>\u00cd Sviss er samsvarandi v\u00e6ttur k\u00f6llu\u00f0 <a href=\"https:\/\/iwell-guard.com\/is\/?page_id=169831\">Toggeli<\/a>, n\u00e6turvera sem kemst inn \u00ed svefnherbergi \u00ed kattar- e\u00f0a d\u00fdrsl\u00edki og \u00e1 einnig a\u00f0 valda martr\u00f6\u00f0um og l\u00f6munartilfinningu. B\u00e1\u00f0ar \u00feessar hugmyndir tilheyra hinu v\u00ed\u00f0t\u00e6ka evr\u00f3pska sk\u00fdringarmynstri martra\u00f0ar\u00feungans, sem \u00fatsk\u00fdr\u00f0i svefnl\u00edfe\u00f0lisfr\u00e6\u00f0ileg fyrirb\u00e6ri eins og svefnl\u00f6mun \u00e1 \u00fej\u00f3\u00f0legan h\u00e1tt.<\/p>\t\t\t\t\t\t\t\t<\/div>\n\t\t\t\t<\/div>\n\t\t\t\t\t<\/div>\n\t\t\t\t<\/div>\n\t\t<div class=\"elementor-element elementor-element-iwgcn-sami-s5 e-flex e-con-boxed e-con e-parent\" data-id=\"iwgcn-sami-s5\" data-element_type=\"container\" data-e-type=\"container\">\n\t\t\t\t\t<div class=\"e-con-inner\">\n\t\t\t\t<div class=\"elementor-element elementor-element-iwgcn-sami-s5h elementor-widget elementor-widget-heading\" data-id=\"iwgcn-sami-s5h\" data-element_type=\"widget\" data-e-type=\"widget\" data-widget_type=\"heading.default\">\n\t\t\t\t\t<h2 class=\"elementor-heading-title elementor-size-default\">Fjallas\u00f6gur: Tatzelwurm, Habergeiss og Nachtkrapp<\/h2>\t\t\t\t<\/div>\n\t\t<div class=\"elementor-element elementor-element-iwgcn-sami-s5-c e-con-full e-flex e-con e-child\" data-id=\"iwgcn-sami-s5-c\" data-element_type=\"container\" data-e-type=\"container\">\n\t\t\t\t<div class=\"elementor-element elementor-element-iwgcn-sami-s5t elementor-widget elementor-widget-text-editor\" data-id=\"iwgcn-sami-s5t\" data-element_type=\"widget\" data-e-type=\"widget\" data-widget_type=\"text-editor.default\">\n\t\t\t\t\t\t\t\t\t<p><a href=\"https:\/\/iwell-guard.com\/is\/tatzelwurm\/\">Tatzelwurm<\/a> er ein kunnasta fjallasaga Alpasv\u00e6\u00f0isins, kattarh\u00f6fu\u00f0sl\u00edkt, orma- e\u00f0a e\u00f0lul\u00edkt v\u00e6ttur me\u00f0 stuttum framf\u00f3tum, sem fj\u00f6lmargar sj\u00f3narfr\u00e1sagnir, sumar allt fram \u00e1 20. \u00f6ld, fr\u00e1 Sviss, B\u00e6jaralandi og Austurr\u00edki hafa veri\u00f0 tengdar vi\u00f0. N\u00e1tt\u00farufr\u00e6\u00f0ilega telst Tatzelwurm \u00f3sk\u00fdrt sagnaminni \u00e1n sta\u00f0fests d\u00fdrafr\u00e6\u00f0ilegs bakgrunns, en dulverufr\u00e6\u00f0ilega er hann af og til tengdur vi\u00f0 \u00f3uppl\u00fdstar skri\u00f0d\u00fdrategundir.<\/p>\n<p><a href=\"https:\/\/iwell-guard.com\/is\/?page_id=169827\">Habergeiss<\/a>, draugaleg, geitarl\u00edk blendingsvera, kemur fyrst og fremst fram \u00ed Perchten-si\u00f0um sem h\u00e1va\u00f0as\u00f6m \u00f3gnvekjandi vera. <a href=\"https:\/\/iwell-guard.com\/is\/?page_id=169835\">Nachtkrapp<\/a>, risavaxinn kr\u00e1kufugl, og <a href=\"https:\/\/iwell-guard.com\/is\/?page_id=169832\">Butz<\/a>, einnig kalla\u00f0ur Butzemann, \u00e1 alemannsk-sv\u00e6f\u00edska sv\u00e6\u00f0inu voru fyrir b\u00f6rn n\u00e6turskr\u00edmsli sem f\u00f3ru ekki n\u00f3gu t\u00edmanlega \u00ed r\u00fami\u00f0, fr\u00e1sagnarpers\u00f3nur me\u00f0 uppeldislegu hlutverki, l\u00edkar \u00feeim sem \u00feekkjast \u00ed svipu\u00f0u formi v\u00ed\u00f0a um Mi\u00f0-Evr\u00f3pu.<\/p>\t\t\t\t\t\t\t\t<\/div>\n\t\t\t\t<\/div>\n\t\t\t\t\t<\/div>\n\t\t\t\t<\/div>\n\t\t<div class=\"elementor-element elementor-element-iwgcn-sami-s6 e-flex e-con-boxed e-con e-parent\" data-id=\"iwgcn-sami-s6\" data-element_type=\"container\" data-e-type=\"container\">\n\t\t\t\t\t<div class=\"e-con-inner\">\n\t\t\t\t<div class=\"elementor-element elementor-element-iwgcn-sami-s6h elementor-widget elementor-widget-heading\" data-id=\"iwgcn-sami-s6h\" data-element_type=\"widget\" data-e-type=\"widget\" data-widget_type=\"heading.default\">\n\t\t\t\t\t<h2 class=\"elementor-heading-title elementor-size-default\">Rauhn\u00e4chte-si\u00f0ir: reykingar, Drudenfu\u00df og verndarsi\u00f0ir<\/h2>\t\t\t\t<\/div>\n\t\t<div class=\"elementor-element elementor-element-iwgcn-sami-s6-c e-con-full e-flex e-con e-child\" data-id=\"iwgcn-sami-s6-c\" data-element_type=\"container\" data-e-type=\"container\">\n\t\t\t\t<div class=\"elementor-element elementor-element-iwgcn-sami-s6t elementor-widget elementor-widget-text-editor\" data-id=\"iwgcn-sami-s6t\" data-element_type=\"widget\" data-e-type=\"widget\" data-widget_type=\"text-editor.default\">\n\t\t\t\t\t\t\t\t\t<p>Til vetrarsi\u00f0ar Alpasv\u00e6\u00f0isins telst reyking (r\u00e4uchern) h\u00fass, fj\u00e1rh\u00fass og fjallakofa me\u00f0 reykelsi og blessu\u00f0um jurtum \u00ed Rauhn\u00e4chte, til a\u00f0 halda illum \u00f6ndum og sj\u00fakd\u00f3mum fr\u00e1 komandi \u00e1ri. Drudenfu\u00df, fimmarma stjarna, var sett yfir dyr, fj\u00e1rh\u00fas og r\u00fam til a\u00f0 halda Drud og Toggeli fr\u00e1 n\u00e6turmartra\u00f0ar\u00feunganum.<\/p>\n<p>\u00c1 Mar\u00edu uppt\u00f6kudegi (Mari\u00e4 Himmelfahrt) 15. \u00e1g\u00fast eru \u00ed ka\u00fe\u00f3lskum h\u00e9ru\u00f0um Alpasv\u00e6\u00f0isins bundnir jurtavendir \u00far sj\u00f6, n\u00edu e\u00f0a fleiri pl\u00f6ntutegundum og blessa\u00f0ir \u00ed kirkjunni, s\u00ed\u00f0an var\u00f0veittir \u00ed h\u00fasinu og a\u00f0 hluta brenndir sem reykelsi \u00ed \u00ferumuve\u00f0rum e\u00f0a sj\u00fakd\u00f3mum. \u00deungar bj\u00f6llur og keflar Perchten- og Krampus-g\u00f6ngunna \u00fej\u00f3na sama grunnminni: a\u00f0 f\u00e6la vetrardj\u00f6fla og illa anda burt me\u00f0 h\u00e1va\u00f0a.<\/p>\t\t\t\t\t\t\t\t<\/div>\n\t\t\t\t<\/div>\n\t\t\t\t\t<\/div>\n\t\t\t\t<\/div>\n\t\t<div class=\"elementor-element elementor-element-cp2d9a92a3 e-flex e-con-boxed e-con e-parent\" data-id=\"cp2d9a92a3\" data-element_type=\"container\" data-e-type=\"container\">\n\t\t\t\t\t<div class=\"e-con-inner\">\n\t\t\t\t<div class=\"elementor-element elementor-element-cp2515827f elementor-widget elementor-widget-heading\" data-id=\"cp2515827f\" data-element_type=\"widget\" data-e-type=\"widget\" data-widget_type=\"heading.default\">\n\t\t\t\t\t<h2 class=\"elementor-heading-title elementor-size-default\">Sv\u00e6\u00f0isbundin fj\u00f6lbreytni: fr\u00e1 B\u00e6jaralandi til Su\u00f0ur-T\u00fdrols<\/h2>\t\t\t\t<\/div>\n\t\t<div class=\"elementor-element elementor-element-cp25cbddf2 e-flex e-con-boxed e-con e-child\" data-id=\"cp25cbddf2\" data-element_type=\"container\" data-e-type=\"container\">\n\t\t\t\t\t<div class=\"e-con-inner\">\n\t\t\t\t<div class=\"elementor-element elementor-element-cp240cdc6c elementor-widget elementor-widget-text-editor\" data-id=\"cp240cdc6c\" data-element_type=\"widget\" data-e-type=\"widget\" data-widget_type=\"text-editor.default\">\n\t\t\t\t\t\t\t\t\t<p>Alpasagnir eru ekki einn samfelldur safnkjarni, heldur samheiti yfir sagnahef\u00f0ir sv\u00e6\u00f0is sem n\u00e6r yfir B\u00e6jaraland, Austurr\u00edki, Sviss, Liechtenstein og Su\u00f0ur-T\u00fdrol, me\u00f0 eigin m\u00e1ll\u00fdskum, landslagi og s\u00f6gu\u00fer\u00f3un.<\/p>\n<p>Verur eins og <a href=\"https:\/\/iwell-guard.com\/is\/noergel\/\">N\u00f6rgel<\/a> (N\u00f6rggele) og <a href=\"https:\/\/iwell-guard.com\/is\/fanggen\/\">F\u00e4nggen<\/a> eru fyrst og fremst kunnar fr\u00e1 Su\u00f0ur-T\u00fdrol og hlutum T\u00fdrol, n\u00e1skyldar <a href=\"https:\/\/iwell-guard.com\/is\/salige-frau\/\">Salige Frau<\/a>, feimnu en hj\u00e1lps\u00f6mu fjallkvendi sem sagnir segja hafi kennt hjar\u00f0m\u00f6nnum vefna\u00f0 og akuryrkju. <a href=\"https:\/\/iwell-guard.com\/is\/dellermannle\/\">Dellerm\u00e4nnle<\/a> kemur \u00far Vorarlberg-hef\u00f0inni, <a href=\"https:\/\/iwell-guard.com\/is\/?page_id=169833\">Isarnixe<\/a> er bundin b\u00e6verska flj\u00f3tinu Isar, og <a href=\"https:\/\/iwell-guard.com\/is\/?page_id=169834\">Wolpertinger<\/a>, \u00e6vint\u00fdravera samsett \u00far \u00fdmsum d\u00fdrahlutum, telst s\u00e9rstaklega b\u00e6versk sagnavera me\u00f0 gamans\u00f6mum, vei\u00f0imannaskr\u00f6kssvip.<\/p>\n<p>Sum minni \u00feessara vetrarlegu skr\u00fa\u00f0g\u00f6ngu gr\u00edmukl\u00e6ddra vera s\u00fdna fjarl\u00e6g l\u00edkindi vi\u00f0 <a href=\"https:\/\/iwell-guard.com\/is\/germonsk\/\">germanska go\u00f0afr\u00e6\u00f0i<\/a>, me\u00f0al annars hugmyndir um villtar n\u00e1ttlegar skr\u00fa\u00f0g\u00f6ngur, \u00e1n \u00feess a\u00f0 af \u00fev\u00ed megi draga \u00f3rofa, sta\u00f0festa samfellu.<\/p>\n<p>\u00deessi sm\u00e1h\u00f3lfa\u00f0a dreifing gerir almennar fullyr\u00f0ingar um alpasagnir erfi\u00f0ar; n\u00e1kv\u00e6mara er a\u00f0 tala um net sta\u00f0bundinna og sv\u00e6\u00f0isbundinna hef\u00f0a sem tengja sameiginleg grunnmynstur, fjallageistir, martra\u00f0arverur, fjallaskr\u00edmsli, hvert me\u00f0 s\u00ednum eigin n\u00f6fnum og einkennum.<\/p>\t\t\t\t\t\t\t\t<\/div>\n\t\t\t\t\t<\/div>\n\t\t\t\t<\/div>\n\t\t\t\t\t<\/div>\n\t\t\t\t<\/div>\n\t\t<div class=\"elementor-element elementor-element-cp2b1a3dae e-flex e-con-boxed e-con e-parent\" data-id=\"cp2b1a3dae\" data-element_type=\"container\" data-e-type=\"container\">\n\t\t\t\t\t<div class=\"e-con-inner\">\n\t\t\t\t<div class=\"elementor-element elementor-element-cp282c06ff elementor-widget elementor-widget-heading\" data-id=\"cp282c06ff\" data-element_type=\"widget\" data-e-type=\"widget\" data-widget_type=\"heading.default\">\n\t\t\t\t\t<h2 class=\"elementor-heading-title elementor-size-default\">Almanak Rauhn\u00e4chte<\/h2>\t\t\t\t<\/div>\n\t\t<div class=\"elementor-element elementor-element-cp228b4522 e-flex e-con-boxed e-con e-child\" data-id=\"cp228b4522\" data-element_type=\"container\" data-e-type=\"container\">\n\t\t\t\t\t<div class=\"e-con-inner\">\n\t\t\t\t<div class=\"elementor-element elementor-element-cp261454c5 elementor-widget elementor-widget-text-editor\" data-id=\"cp261454c5\" data-element_type=\"widget\" data-e-type=\"widget\" data-widget_type=\"text-editor.default\">\n\t\t\t\t\t\t\t\t\t<p>T\u00f3lf Rauhn\u00e4chte-n\u00e6turnar milli j\u00f3la, 24.\/25. desember, og \u00ferett\u00e1ndans, 6. jan\u00faar, teljast \u00ed Alpasv\u00e6\u00f0inu a\u00f0 hef\u00f0 til vera skilam\u00f6rk milli \u00e1ra, \u00fear sem m\u00f6rkin milli hins jar\u00f0neska og andaheimsins eru s\u00f6g\u00f0 ver\u00f0a gagns\u00e6. \u00c1 \u00feessum t\u00edma er sagt a\u00f0 Perchta og fylgd hennar, en einnig a\u00f0rar anda- og dj\u00f6flaverur, fari um.<\/p>\n<p>Til si\u00f0anna \u00e1 Rauhn\u00e4chte-n\u00f3ttunum heyrir a\u00f0 reykja h\u00fas og fj\u00e1rh\u00fas me\u00f0 jurtum og reykelsi til a\u00f0 halda illum \u00f6ndum \u00ed fjarl\u00e6g\u00f0 og blessa komandi \u00e1r, auk \u00fdmiss konar hlutkestis- og ve\u00f0ursp\u00e1d\u00f3ma. Perchtenlauf-skr\u00fa\u00f0g\u00f6ngur marka oft skilin milli Rauhn\u00e4chte og hins hversdagslega t\u00edma, me\u00f0 h\u00e1va\u00f0as\u00f6mum g\u00f6ngum sem \u00e1 a\u00f0 reka vetrardj\u00f6fla burt me\u00f0 t\u00e1knr\u00e6num h\u00e6tti.<\/p>\n<p>Krampus-si\u00f0urinn \u00e1 a\u00f0fangadagskv\u00f6ld heilags Nikul\u00e1sar er t\u00edmalega \u00e1 undan hinum eiginlegu Rauhn\u00e4chte-n\u00f3ttum, en er \u00ed almennri skynjun oft talinn til \u00feeirra sem hluti af v\u00ed\u00f0t\u00e6kara vetrarlegu <span class=\"iwg-fachbegriff\" data-tooltip=\"Dagar e\u00f0a n\u00e6tur sem \u00fej\u00f3\u00f0tr\u00fa eignar s\u00e9rst\u00f6k, oft h\u00e6ttuleg \u00f6fl.\" tabindex=\"0\">skilamarka<\/span>-heild.<\/p>\t\t\t\t\t\t\t\t<\/div>\n\t\t\t\t\t<\/div>\n\t\t\t\t<\/div>\n\t\t\t\t\t<\/div>\n\t\t\t\t<\/div>\n\t\t<div class=\"elementor-element elementor-element-cp295547c2 e-flex e-con-boxed e-con e-parent\" data-id=\"cp295547c2\" data-element_type=\"container\" data-e-type=\"container\">\n\t\t\t\t\t<div class=\"e-con-inner\">\n\t\t\t\t<div class=\"elementor-element elementor-element-cp28944fb0 elementor-widget elementor-widget-heading\" data-id=\"cp28944fb0\" data-element_type=\"widget\" data-e-type=\"widget\" data-widget_type=\"heading.default\">\n\t\t\t\t\t<h2 class=\"elementor-heading-title elementor-size-default\">Heimildir: sagnas\u00f6fn 19. og 20. aldar<\/h2>\t\t\t\t<\/div>\n\t\t<div class=\"elementor-element elementor-element-cp23d59da4 e-flex e-con-boxed e-con e-child\" data-id=\"cp23d59da4\" data-element_type=\"container\" data-e-type=\"container\">\n\t\t\t\t\t<div class=\"e-con-inner\">\n\t\t\t\t<div class=\"elementor-element elementor-element-cp2ce157b6 elementor-widget elementor-widget-text-editor\" data-id=\"cp2ce157b6\" data-element_type=\"widget\" data-e-type=\"widget\" data-widget_type=\"text-editor.default\">\n\t\t\t\t\t\t\t\t\t<p>St\u00f3r hluti \u00feeirra alpasagna sem n\u00fa eru \u00feekktar var skr\u00e1\u00f0ur \u00e1 19. og fram \u00e1 20. \u00f6ld af sv\u00e6\u00f0isbundnum sagnas\u00f6fnurum, \u00ed anda hinnar r\u00f3mant\u00edsku \u00fej\u00f3\u00f0fr\u00e6\u00f0i eftir fyrirmynd Grimm-br\u00e6\u00f0ra. Fyrir T\u00fdrol m\u00e1 nefna s\u00f6fn Ignaz Vinzenz Zingerle, og fyrir a\u00f0rar sv\u00e6\u00f0i ur\u00f0u til samb\u00e6rileg verk sta\u00f0bundinna heimildafr\u00e6\u00f0inga.<\/p>\n<p>\u00deessi fyrstu s\u00f6fn eru mikilv\u00e6gar en ekki \u00f3umdeildar heimildir: \u00feau voru oft endurunnin \u00ed b\u00f3kmenntalegum st\u00edl s\u00ed\u00f0ar, dregin saman sv\u00e6\u00f0isbundi\u00f0 og f\u00e1gu\u00f0 \u00ed samr\u00e6mi vi\u00f0 fagurfr\u00e6\u00f0ilegar hugmyndir \u00feess t\u00edma, \u00feannig a\u00f0 munnlegar afbrig\u00f0i og upprunalegar fr\u00e1sagnara\u00f0st\u00e6\u00f0ur \u00feeirra er a\u00f0eins a\u00f0 takm\u00f6rku\u00f0u leyti m\u00f6gulegt a\u00f0 endurgera.<\/p>\n<p>N\u00fat\u00edma \u00fej\u00f3\u00f0fr\u00e6\u00f0i- og tr\u00faarbrag\u00f0afr\u00e6\u00f0iranns\u00f3knir setja \u00feessar sagnapers\u00f3nur \u00ed st\u00e6rra samhengi, me\u00f0al annars evr\u00f3pska flokk martra\u00f0ar-hugmynda, Drud og Toggeli, \u00fatsk\u00fdringar \u00e1 \u00f3\u00fatsk\u00fdr\u00f0um n\u00e1tt\u00farufyrirb\u00e6rum, Tatzelwurm, e\u00f0a hr\u00e6\u00f0sluverum fyrir b\u00f6rn me\u00f0 uppeldislegu hlutverki, Nachtkrapp og Habergeiss. Stafr\u00e6n sagnas\u00f6fn hafa \u00e1 s\u00ed\u00f0ustu \u00e1ratugum gert a\u00f0gengi a\u00f0 \u00feessu dreif\u00f0a efni au\u00f0veldara.<\/p>\t\t\t\t\t\t\t\t<\/div>\n\t\t\t\t\t<\/div>\n\t\t\t\t<\/div>\n\t\t\t\t\t<\/div>\n\t\t\t\t<\/div>\n\t\t<div class=\"elementor-element elementor-element-cp2c009332 e-flex e-con-boxed e-con e-parent\" data-id=\"cp2c009332\" data-element_type=\"container\" data-e-type=\"container\">\n\t\t\t\t\t<div class=\"e-con-inner\">\n\t\t\t\t<div class=\"elementor-element elementor-element-cp225c94da elementor-widget elementor-widget-heading\" data-id=\"cp225c94da\" data-element_type=\"widget\" data-e-type=\"widget\" data-widget_type=\"heading.default\">\n\t\t\t\t\t<h2 class=\"elementor-heading-title elementor-size-default\">Fr\u00e1 heyhl\u00f6\u00f0unni til Perchtenlauf-svi\u00f0sins: si\u00f0ir \u00ed m\u00f3tun<\/h2>\t\t\t\t<\/div>\n\t\t<div class=\"elementor-element elementor-element-cp2c7191ab e-flex e-con-boxed e-con e-child\" data-id=\"cp2c7191ab\" data-element_type=\"container\" data-e-type=\"container\">\n\t\t\t\t\t<div class=\"e-con-inner\">\n\t\t\t\t<div class=\"elementor-element elementor-element-cp23f4061d elementor-widget elementor-widget-text-editor\" data-id=\"cp23f4061d\" data-element_type=\"widget\" data-e-type=\"widget\" data-widget_type=\"text-editor.default\">\n\t\t\t\t\t\t\t\t\t<p>Margar alpasagnir eru n\u00e1i\u00f0 tengdar \u00e1\u00fereifanlegum b\u00e6ndast\u00f6rfum: fjallageistir eins og Kasermandl e\u00f0a Barbegazi ur\u00f0u til \u00ed samhengi fjalla- og beitarb\u00faskapar, martra\u00f0arverur eins og Drud og Toggeli \u00fatsk\u00fdr\u00f0u n\u00e6turlegar kv\u00ed\u00f0ak\u00f6st, og fjallasagnir eins og Tatzelwurm t\u00falku\u00f0u \u00f3sk\u00fdranlegar athuganir \u00ed h\u00e1tindum.<\/p>\n<p>\u00c1 20. og 21. \u00f6ld hefur hluti \u00feessara si\u00f0a, s\u00e9rstaklega Perchtenlauf- og Krampusg\u00f6ngur, losast fr\u00e1 upprunalegri b\u00e6ndatengingu og or\u00f0i\u00f0 a\u00f0 opinberri, fer\u00f0amannalega marka\u00f0ssettri vi\u00f0bur\u00f0adagskr\u00e1, me\u00f0 vandlega \u00fatskornum gr\u00edmum, skipul\u00f6g\u00f0um f\u00e9l\u00f6gum og a\u00f0 hluta til \u00e1horfendah\u00f3pi utan sv\u00e6\u00f0isins.<\/p>\n<p>Verur eins og <a href=\"https:\/\/iwell-guard.com\/is\/?page_id=169830\">Sennentuntschi<\/a>, s\u00f6gn um alpard\u00fakku \u00far h\u00e1lmi og efni sem lifnar vi\u00f0 og hefnir sig \u00e1 skapara s\u00ednum, s\u00fdna \u00e1 sama t\u00edma a\u00f0 heimur alpasagna felur einnig \u00ed s\u00e9r d\u00f6kkar, si\u00f0fer\u00f0ilega hla\u00f0nar fr\u00e1sagnir um einsemd, einangrun og m\u00f6rkin sem fari\u00f0 er yfir \u00e1 fjallabeitinni, sem eru mj\u00f6g fr\u00e1brug\u00f0nar hinum verndandi fjallageistum.<\/p>\n<p>Tr\u00faarbrag\u00f0afr\u00e6\u00f0ilega m\u00e1 l\u00fdsa \u00feessari breytingu sem umskiptum fr\u00e1 l\u00edfsheimslega bundinni <span class=\"iwg-fachbegriff\" data-tooltip=\"Mi\u00f0lun \u00feekkingar og fr\u00e1sagna milli kynsl\u00f3\u00f0a.\" tabindex=\"0\">munnm\u00e6lahef\u00f0<\/span> til me\u00f0vita\u00f0 r\u00e6kta\u00f0rar menningararfleif\u00f0ar, \u00e1n \u00feess a\u00f0 hin eldri verndar- og \u00fatsk\u00fdringarhlutverk sagnanna hafi me\u00f0 \u00fev\u00ed horfi\u00f0 a\u00f0 fullu.<\/p>\t\t\t\t\t\t\t\t<\/div>\n\t\t\t\t\t<\/div>\n\t\t\t\t<\/div>\n\t\t\t\t\t<\/div>\n\t\t\t\t<\/div>\n\t\t<div class=\"elementor-element elementor-element-iwgha-sami-sec e-flex e-con-boxed e-con e-parent\" data-id=\"iwgha-sami-sec\" data-element_type=\"container\" data-e-type=\"container\">\n\t\t\t\t\t<div class=\"e-con-inner\">\n\t\t\t\t<div class=\"elementor-element elementor-element-iwgha-sami-h elementor-widget elementor-widget-heading\" data-id=\"iwgha-sami-h\" data-element_type=\"widget\" data-e-type=\"widget\" data-widget_type=\"heading.default\">\n\t\t\t\t\t<h2 class=\"elementor-heading-title elementor-size-default\">Verur \u00feessarar hef\u00f0ar (18)<\/h2>\t\t\t\t<\/div>\n\t\t<div class=\"elementor-element elementor-element-iwgha-sami-gc e-flex e-con-boxed e-con e-parent\" data-id=\"iwgha-sami-gc\" data-element_type=\"container\" data-e-type=\"container\">\n\t\t\t\t\t<div class=\"e-con-inner\">\n\t\t\t\t<div class=\"elementor-element elementor-element-iwgha-sami-grid elementor-widget elementor-widget-text-editor\" data-id=\"iwgha-sami-grid\" data-element_type=\"widget\" data-e-type=\"widget\" data-widget_type=\"text-editor.default\">\n\t\t\t\t\t\t\t\t\t<div class=\"iwg-wesen-grid\"><a class=\"iwg-wesen-card\" href=\"https:\/\/iwell-guard.com\/is\/venedigermandl\/\" aria-label=\"Venedigermandl\"><div class=\"iwg-wesen-card-imgwrap\"><img decoding=\"async\" src=\"https:\/\/iwell-guard.com\/wp-content\/uploads\/2026\/07\/geister_alpin_venedigermandl-200x300.webp\" alt=\"Venedigermandl\" loading=\"lazy\"><\/div><div class=\"iwg-wesen-card-body\"><div class=\"iwg-wesen-card-name\">Venedigermandl<\/div><div class=\"iwg-wesen-card-arrow\">\u2192 \u00c1 v\u00e6ttina<\/div><\/div><\/a><a class=\"iwg-wesen-card\" href=\"https:\/\/iwell-guard.com\/is\/kasermandl\/\" aria-label=\"Kasermandl\"><div class=\"iwg-wesen-card-imgwrap\"><img decoding=\"async\" src=\"https:\/\/iwell-guard.com\/wp-content\/uploads\/2026\/07\/geister_alpin_kasermandl-200x300.webp\" alt=\"Kasermandl\" loading=\"lazy\"><\/div><div class=\"iwg-wesen-card-body\"><div class=\"iwg-wesen-card-name\">Kasermandl<\/div><div class=\"iwg-wesen-card-arrow\">\u2192 \u00c1 v\u00e6ttina<\/div><\/div><\/a><a class=\"iwg-wesen-card\" href=\"https:\/\/iwell-guard.com\/is\/barbegazi\/\" aria-label=\"Barbegazi\"><div class=\"iwg-wesen-card-imgwrap\"><img decoding=\"async\" src=\"https:\/\/iwell-guard.com\/wp-content\/uploads\/2026\/07\/geister_alpin_barbegazi-200x300.webp\" alt=\"Barbegazi\" loading=\"lazy\"><\/div><div class=\"iwg-wesen-card-body\"><div class=\"iwg-wesen-card-name\">Barbegazi<\/div><div class=\"iwg-wesen-card-arrow\">\u2192 \u00c1 v\u00e6ttina<\/div><\/div><\/a><a class=\"iwg-wesen-card\" href=\"https:\/\/iwell-guard.com\/is\/nachtkrapp\/\" aria-label=\"Nachtkrapp\"><div class=\"iwg-wesen-card-imgwrap\"><img decoding=\"async\" src=\"https:\/\/iwell-guard.com\/wp-content\/uploads\/2026\/07\/geister_alpin_nachtkrapp-200x300.webp\" alt=\"Nachtkrapp\" loading=\"lazy\"><\/div><div class=\"iwg-wesen-card-body\"><div class=\"iwg-wesen-card-name\">Nachtkrapp<\/div><div class=\"iwg-wesen-card-arrow\">\u2192 \u00c1 v\u00e6ttina<\/div><\/div><\/a><a class=\"iwg-wesen-card\" href=\"https:\/\/iwell-guard.com\/is\/wolpertinger\/\" aria-label=\"Wolpertinger\"><div class=\"iwg-wesen-card-imgwrap\"><img decoding=\"async\" src=\"https:\/\/iwell-guard.com\/wp-content\/uploads\/2026\/07\/geister_alpin_wolpertinger-200x300.webp\" alt=\"Wolpertinger\" loading=\"lazy\"><\/div><div class=\"iwg-wesen-card-body\"><div class=\"iwg-wesen-card-name\">Wolpertinger<\/div><div class=\"iwg-wesen-card-arrow\">\u2192 \u00c1 v\u00e6ttina<\/div><\/div><\/a><a class=\"iwg-wesen-card\" href=\"https:\/\/iwell-guard.com\/is\/isarnixe\/\" aria-label=\"Isarnixe\"><div class=\"iwg-wesen-card-imgwrap\"><img decoding=\"async\" src=\"https:\/\/iwell-guard.com\/wp-content\/uploads\/2026\/07\/geister_alpin_isarnixe-200x300.webp\" alt=\"Isarnixe\" loading=\"lazy\"><\/div><div class=\"iwg-wesen-card-body\"><div class=\"iwg-wesen-card-name\">Isarnixe<\/div><div class=\"iwg-wesen-card-arrow\">\u2192 \u00c1 v\u00e6ttina<\/div><\/div><\/a><a class=\"iwg-wesen-card\" href=\"https:\/\/iwell-guard.com\/is\/butz\/\" aria-label=\"Butz\"><div class=\"iwg-wesen-card-imgwrap\"><img decoding=\"async\" src=\"https:\/\/iwell-guard.com\/wp-content\/uploads\/2026\/07\/geister_alpin_butz-200x300.webp\" alt=\"Butz\" loading=\"lazy\"><\/div><div class=\"iwg-wesen-card-body\"><div class=\"iwg-wesen-card-name\">Butz<\/div><div class=\"iwg-wesen-card-arrow\">\u2192 \u00c1 v\u00e6ttina<\/div><\/div><\/a><a class=\"iwg-wesen-card\" href=\"https:\/\/iwell-guard.com\/is\/toggeli\/\" aria-label=\"Toggeli\"><div class=\"iwg-wesen-card-imgwrap\"><img decoding=\"async\" src=\"https:\/\/iwell-guard.com\/wp-content\/uploads\/2026\/07\/daemonen_alpin_toggeli-200x300.webp\" alt=\"Toggeli\" loading=\"lazy\"><\/div><div class=\"iwg-wesen-card-body\"><div class=\"iwg-wesen-card-name\">Toggeli<\/div><div class=\"iwg-wesen-card-arrow\">\u2192 \u00c1 v\u00e6ttina<\/div><\/div><\/a><a class=\"iwg-wesen-card\" href=\"https:\/\/iwell-guard.com\/is\/sennentuntschi\/\" aria-label=\"Sennentuntschi\"><div class=\"iwg-wesen-card-imgwrap\"><img decoding=\"async\" src=\"https:\/\/iwell-guard.com\/wp-content\/uploads\/2026\/07\/daemonen_alpin_sennentuntschi-200x300.webp\" alt=\"Sennentuntschi\" loading=\"lazy\"><\/div><div class=\"iwg-wesen-card-body\"><div class=\"iwg-wesen-card-name\">Sennentuntschi<\/div><div class=\"iwg-wesen-card-arrow\">\u2192 \u00c1 v\u00e6ttina<\/div><\/div><\/a><a class=\"iwg-wesen-card\" href=\"https:\/\/iwell-guard.com\/is\/drud\/\" aria-label=\"Drud\"><div class=\"iwg-wesen-card-imgwrap\"><img decoding=\"async\" src=\"https:\/\/iwell-guard.com\/wp-content\/uploads\/2026\/07\/daemonen_alpin_drud-200x300.webp\" alt=\"Drud\" loading=\"lazy\"><\/div><div class=\"iwg-wesen-card-body\"><div class=\"iwg-wesen-card-name\">Drud<\/div><div class=\"iwg-wesen-card-arrow\">\u2192 \u00c1 v\u00e6ttina<\/div><\/div><\/a><a class=\"iwg-wesen-card\" href=\"https:\/\/iwell-guard.com\/is\/habergeiss\/\" aria-label=\"Habergei\u00df\"><div class=\"iwg-wesen-card-imgwrap\"><img decoding=\"async\" src=\"https:\/\/iwell-guard.com\/wp-content\/uploads\/2026\/07\/daemonen_alpin_habergeiss-200x300.webp\" alt=\"Habergei\u00df\" loading=\"lazy\"><\/div><div class=\"iwg-wesen-card-body\"><div class=\"iwg-wesen-card-name\">Habergei\u00df<\/div><div class=\"iwg-wesen-card-arrow\">\u2192 \u00c1 v\u00e6ttina<\/div><\/div><\/a><a class=\"iwg-wesen-card\" href=\"https:\/\/iwell-guard.com\/is\/frau-perchta\/\" aria-label=\"Frau Perchta\"><div class=\"iwg-wesen-card-imgwrap\"><img decoding=\"async\" src=\"https:\/\/iwell-guard.com\/wp-content\/uploads\/2026\/07\/geister_alpin_perchta-200x300.webp\" alt=\"Frau Perchta\" loading=\"lazy\"><\/div><div class=\"iwg-wesen-card-body\"><div class=\"iwg-wesen-card-name\">Frau Perchta<\/div><div class=\"iwg-wesen-card-arrow\">\u2192 \u00c1 v\u00e6ttina<\/div><\/div><\/a><a class=\"iwg-wesen-card\" href=\"https:\/\/iwell-guard.com\/is\/krampus\/\" aria-label=\"Krampus\"><div class=\"iwg-wesen-card-imgwrap\"><img decoding=\"async\" src=\"https:\/\/iwell-guard.com\/wp-content\/uploads\/2026\/07\/daemonen_alpin_krampus-200x300.webp\" alt=\"Krampus\" loading=\"lazy\"><\/div><div class=\"iwg-wesen-card-body\"><div class=\"iwg-wesen-card-name\">Krampus<\/div><div class=\"iwg-wesen-card-arrow\">\u2192 \u00c1 v\u00e6ttina<\/div><\/div><\/a><a class=\"iwg-wesen-card\" href=\"https:\/\/iwell-guard.com\/is\/tatzelwurm\/\" aria-label=\"Tatzelwurm\"><div class=\"iwg-wesen-card-imgwrap\"><img decoding=\"async\" src=\"https:\/\/iwell-guard.com\/wp-content\/uploads\/2026\/07\/daemonen_alpin_tatzelwurm-200x300.webp\" alt=\"Tatzelwurm\" loading=\"lazy\"><\/div><div class=\"iwg-wesen-card-body\"><div class=\"iwg-wesen-card-name\">Tatzelwurm<\/div><div class=\"iwg-wesen-card-arrow\">\u2192 \u00c1 v\u00e6ttina<\/div><\/div><\/a><a class=\"iwg-wesen-card\" href=\"https:\/\/iwell-guard.com\/is\/salige-frau\/\" aria-label=\"Salige Frau\"><div class=\"iwg-wesen-card-imgwrap\"><img decoding=\"async\" src=\"https:\/\/iwell-guard.com\/wp-content\/uploads\/2026\/07\/geister_alpin_salige-frau-200x300.webp\" alt=\"Salige Frau\" loading=\"lazy\"><\/div><div class=\"iwg-wesen-card-body\"><div class=\"iwg-wesen-card-name\">Salige Frau<\/div><div class=\"iwg-wesen-card-arrow\">\u2192 \u00c1 v\u00e6ttina<\/div><\/div><\/a><a class=\"iwg-wesen-card\" href=\"https:\/\/iwell-guard.com\/is\/noergel\/\" aria-label=\"N\u00f6rgel\"><div class=\"iwg-wesen-card-imgwrap\"><img decoding=\"async\" src=\"https:\/\/iwell-guard.com\/wp-content\/uploads\/2026\/07\/geister_alpin_noergel-200x300.webp\" alt=\"N\u00f6rgel\" loading=\"lazy\"><\/div><div class=\"iwg-wesen-card-body\"><div class=\"iwg-wesen-card-name\">N\u00f6rgel<\/div><div class=\"iwg-wesen-card-arrow\">\u2192 \u00c1 v\u00e6ttina<\/div><\/div><\/a><a class=\"iwg-wesen-card\" href=\"https:\/\/iwell-guard.com\/is\/fanggen\/\" aria-label=\"F\u00e4nggen\"><div class=\"iwg-wesen-card-imgwrap\"><img decoding=\"async\" src=\"https:\/\/iwell-guard.com\/wp-content\/uploads\/2026\/07\/geister_alpin_faenggen-200x300.webp\" alt=\"F\u00e4nggen\" loading=\"lazy\"><\/div><div class=\"iwg-wesen-card-body\"><div class=\"iwg-wesen-card-name\">F\u00e4nggen<\/div><div class=\"iwg-wesen-card-arrow\">\u2192 \u00c1 v\u00e6ttina<\/div><\/div><\/a><a class=\"iwg-wesen-card\" href=\"https:\/\/iwell-guard.com\/is\/dellermannle\/\" aria-label=\"Dellerm\u00e4nnle\"><div class=\"iwg-wesen-card-imgwrap\"><img decoding=\"async\" src=\"https:\/\/iwell-guard.com\/wp-content\/uploads\/2026\/07\/geister_alpin_dellermaennle-200x300.webp\" alt=\"Dellerm\u00e4nnle\" loading=\"lazy\"><\/div><div class=\"iwg-wesen-card-body\"><div class=\"iwg-wesen-card-name\">Dellerm\u00e4nnle<\/div><div class=\"iwg-wesen-card-arrow\">\u2192 \u00c1 v\u00e6ttina<\/div><\/div><\/a><\/div>\t\t\t\t\t\t\t\t<\/div>\n\t\t\t\t\t<\/div>\n\t\t\t\t<\/div>\n\t\t\t\t\t<\/div>\n\t\t\t\t<\/div>\n\t\t<div class=\"elementor-element elementor-element-iwgkw2-add-sami e-flex e-con-boxed e-con e-parent\" data-id=\"iwgkw2-add-sami\" data-element_type=\"container\" data-e-type=\"container\">\n\t\t\t\t\t<div class=\"e-con-inner\">\n\t\t\t\t<div class=\"elementor-element elementor-element-iwgkw2-add-sami-t elementor-widget elementor-widget-text-editor\" data-id=\"iwgkw2-add-sami-t\" data-element_type=\"widget\" data-e-type=\"widget\" data-widget_type=\"text-editor.default\">\n\t\t\t\t\t\t\t\t\t<p><em>Perchtenlauf brauchtum<\/em> og a\u00f0rar <em>almgeister alpen<\/em> um Kasermandl, Venedigermandl og Barbegazi tengja Rauhn\u00e4chte-reykingar, Drudenfu\u00df og blessa\u00f0a jurtakvista \u00ed sj\u00e1lfst\u00e6\u00f0a verndari\u00f0ju sem \u00e1tti a\u00f0 vernda h\u00fas, b\u00e6 og fjallabeit fyrir vetrardj\u00f6flum og martra\u00f0arverum.<\/p>\t\t\t\t\t\t\t\t<\/div>\n\t\t\t\t\t<\/div>\n\t\t\t\t<\/div>\n\t\t<div class=\"elementor-element elementor-element-iwgcn-sami-kwd e-flex e-con-boxed e-con e-parent\" data-id=\"iwgcn-sami-kwd\" data-element_type=\"container\" data-e-type=\"container\">\n\t\t\t\t\t<div class=\"e-con-inner\">\n\t\t<div class=\"elementor-element elementor-element-iwgcn-sami-kwd-c e-con-full e-flex e-con e-child\" data-id=\"iwgcn-sami-kwd-c\" data-element_type=\"container\" data-e-type=\"container\">\n\t\t\t\t<div class=\"elementor-element elementor-element-iwgcn-sami-kwdt elementor-widget elementor-widget-text-editor\" data-id=\"iwgcn-sami-kwdt\" data-element_type=\"widget\" data-e-type=\"widget\" data-widget_type=\"text-editor.default\">\n\t\t\t\t\t\t\t\t\t<p><em>Tengd lykilor\u00f0: Perchta Krampus Rauhn\u00e4chte Kasermandl Drud Toggeli Tatzelwurm Habergeiss Salige Frau Alpasv\u00e6\u00f0i Su\u00f0ur-T\u00fdrol T\u00fdrol.<\/em><\/p>\t\t\t\t\t\t\t\t<\/div>\n\t\t\t\t<\/div>\n\t\t\t\t\t<\/div>\n\t\t\t\t<\/div>\n\t\t<div class=\"elementor-element elementor-element-iwgcn-sami-cc e-flex e-con-boxed e-con e-parent\" data-id=\"iwgcn-sami-cc\" data-element_type=\"container\" data-e-type=\"container\" id=\"iwg-cc-sami\">\n\t\t\t\t\t<div class=\"e-con-inner\">\n\t\t<div class=\"elementor-element elementor-element-iwgcn-sami-ccinner e-flex e-con-boxed e-con e-parent\" data-id=\"iwgcn-sami-ccinner\" data-element_type=\"container\" data-e-type=\"container\" data-settings=\"{&quot;background_background&quot;:&quot;classic&quot;}\">\n\t\t\t\t\t<div class=\"e-con-inner\">\n\t\t\t\t<div class=\"elementor-element elementor-element-iwgcn-sami-cch elementor-widget elementor-widget-heading\" data-id=\"iwgcn-sami-cch\" data-element_type=\"widget\" data-e-type=\"widget\" data-widget_type=\"heading.default\">\n\t\t\t\t\t<h2 class=\"elementor-heading-title elementor-size-default\">Verndargripir \u00ed \u00feessari menningarhef\u00f0<\/h2>\t\t\t\t<\/div>\n\t\t\t\t<div class=\"elementor-element elementor-element-iwgcn-sami-cct elementor-widget elementor-widget-text-editor\" data-id=\"iwgcn-sami-cct\" data-element_type=\"widget\" data-e-type=\"widget\" data-widget_type=\"text-editor.default\">\n\t\t\t\t\t\t\t\t\t<p>Alpahef\u00f0in \u00feekkir <a href=\"https:\/\/iwell-guard.com\/is\/drudenfuss-pentagramma\/\">Drudenfu\u00df<\/a>-merki\u00f0 yfir dyrum og r\u00famum, blessa\u00f0a <a href=\"https:\/\/iwell-guard.com\/is\/?page_id=169838\">jurtakvista<\/a> \u00e1 Mar\u00edu himnaf\u00f6rardag, <a href=\"https:\/\/iwell-guard.com\/is\/reykhreinsun\/\">Rauhn\u00e4chte-reykingar<\/a> h\u00fasa og fj\u00e1rh\u00fasa me\u00f0 <a href=\"https:\/\/iwell-guard.com\/is\/reykelsi\/\">reykelsi<\/a>, auk \u00feungra <a href=\"https:\/\/iwell-guard.com\/is\/bjollur-og-skellur-havaer-vorn\/\">bjalla<\/a> \u00ed Perchten- og Krampusg\u00f6ngum, en h\u00e1va\u00f0i \u00feeirra \u00e1tti a\u00f0 reka vetrardj\u00f6fla burt. \u00deverk\u00falt\u00farlegt yfirlit m\u00e1 finna \u00ed <a href=\"https:\/\/iwell-guard.com\/is\/verndarleidarvisir\/\">Verndarkomp\u00e1snum<\/a>.<\/p>\n<div data-nosnippet=\"true\"><p>iWell Guard fellur inn \u00ed \u00feessa menningars\u00f6gulegu hef\u00f0 verndargripa sem bornir eru \u00e1 l\u00edkamanum, \u00ed samt\u00edmalegri efnisarkitekt\u00far, framleitt \u00ed \u00de\u00fdskalandi. 41 lag, ekta gull, plat\u00edna, silfur. 30 daga skilar\u00e9ttur.<\/p><\/div>\t\t\t\t\t\t\t\t<\/div>\n\t\t\t\t<div class=\"elementor-element elementor-element-iwgcn-sami-ccb iwg-cc-button iwg-cc-cta-2026-05-13 elementor-widget elementor-widget-jet-button\" data-id=\"iwgcn-sami-ccb\" data-element_type=\"widget\" data-e-type=\"widget\" data-widget_type=\"jet-button.default\">\n\t\t\t\t<div class=\"elementor-widget-container\">\n\t\t\t\t\t<div class=\"elementor-jet-button jet-elements\"><div class=\"jet-button__container\"><a class=\"jet-button__instance jet-button__instance--icon-left hover-effect-1\" href=\"\/ueber-iwell-guard\/?utm_source=iwell-guard.com&amp;utm_medium=info-box&amp;utm_campaign=kultur-tradition\"><div class=\"jet-button__plane jet-button__plane-normal\"><\/div><div class=\"jet-button__plane jet-button__plane-hover\"><\/div><div class=\"jet-button__state jet-button__state-normal\"><span class=\"jet-button__label\">Meira um iWell Guard<\/span><\/div><div class=\"jet-button__state jet-button__state-hover\"><span class=\"jet-button__label\">Meira um iWell Guard<\/span><\/div><\/a><\/div><\/div><style>.elementor-element.elementor-element-iwgcn-sami-ccb .jet-button__instance{width:320px;height:56px;}.elementor-element.elementor-element-iwgcn-sami-ccb .jet-button__state-normal .jet-button__label{text-align:center;margin:0px 0px 0px 0px;color:#1a1b20;font-family:Montserrat,sans-serif;font-size:13px;font-weight:400;letter-spacing:4px;line-height:1.714em;text-transform:uppercase;}.elementor-element.elementor-element-iwgcn-sami-ccb .jet-button__state-hover .jet-button__label{text-align:center;margin:0px 0px 0px 0px;color:#FECC76;font-family:Montserrat,sans-serif;font-size:13px;font-weight:400;letter-spacing:4px;line-height:1.714em;text-transform:uppercase;}.elementor-element.elementor-element-iwgcn-sami-ccb .jet-button__plane-normal{background-color:#FECC76;border-style:solid;border-color:#C99540;border-width:2px 2px 2px 2px;}.elementor-element.elementor-element-iwgcn-sami-ccb .jet-button__plane-hover{background-color:rgba(0,0,0,0.55);border-style:solid;border-color:#FECC76;border-width:2px 2px 2px 2px;}<\/style>\t\t\t\t<\/div>\n\t\t\t\t<\/div>\n\t\t\t\t<div class=\"elementor-element elementor-element-iwgcn-sami-ccd elementor-widget elementor-widget-text-editor\" data-id=\"iwgcn-sami-ccd\" data-element_type=\"widget\" data-e-type=\"widget\" data-widget_type=\"text-editor.default\">\n\t\t\t\t\t\t\t\t\t<div data-nosnippet=\"true\"><p style=\"text-align:center;font-size:13px;opacity:0.7;margin-top:14px\" data-nosnippet=\"true\">Pers\u00f3nuleg reynsla getur veri\u00f0 mismunandi. Ekki l\u00e6kningat\u00e6ki. Engin lofor\u00f0 um l\u00e6kningu.<\/p><\/div>\t\t\t\t\t\t\t\t<\/div>\n\t\t\t\t\t<\/div>\n\t\t\t\t<\/div>\n\t\t\t\t\t<\/div>\n\t\t\t\t<\/div>\n\t\t<div class=\"elementor-element elementor-element-iwgcn-sami-disc e-flex e-con-boxed e-con e-parent\" data-id=\"iwgcn-sami-disc\" data-element_type=\"container\" data-e-type=\"container\">\n\t\t\t\t\t<div class=\"e-con-inner\">\n\t\t\t\t<div class=\"elementor-element elementor-element-iwgcn-sami-discw elementor-widget elementor-widget-html\" data-id=\"iwgcn-sami-discw\" data-element_type=\"widget\" data-e-type=\"widget\" data-widget_type=\"html.default\">\n\t\t\t\t\t<footer data-nosnippet=\"true\" class=\"iwg-disclaimer-block\"><p data-nosnippet=\"true\">iWell Guard er <strong>ekki l\u00e6kningat\u00e6ki<\/strong> og kemur ekki \u00ed sta\u00f0inn fyrir l\u00e6knis- e\u00f0a s\u00e1lfr\u00e6\u00f0ime\u00f0fer\u00f0. Tr\u00faarfr\u00e6\u00f0ilegt efni er menningars\u00f6gulegt samhengi, ekki r\u00e1\u00f0legging um andlega i\u00f0kun.<\/p><\/footer>\t\t\t\t<\/div>\n\t\t\t\t\t<\/div>\n\t\t\t\t<\/div>\n\t\t\t\t<\/div>\n\t\t","protected":false},"excerpt":{"rendered":"","protected":false},"author":3,"featured_media":20516,"parent":0,"menu_order":0,"comment_status":"closed","ping_status":"closed","template":"elementor_header_footer","meta":{"_yoast_wpseo_focuskw":"alpasagnir","_yoast_wpseo_title":"Alpasagnir: Perchta, Krampus og Tatzelwurm","_yoast_wpseo_metadesc":"Perchta, Krampus, Kasermandl og Tatzelwurm: sagnaheimur Alpanna \u00fatsk\u00fdr\u00f0ur \u00e1 tr\u00faarbrag\u00f0afr\u00e6\u00f0ilegum forsendum, me\u00f0 Rauhn\u00e4chte-si\u00f0um fr\u00e1 B\u00e6jaralandi og Su\u00f0ur-T\u00fdr\u00f3l.","_yoast_wpseo_meta-robots-noindex":"","_yoast_wpseo_canonical":"","_angie_page":false,"gefaehrdungsstufe":"","wesen_kultur":"","wesen_klasse":"","footnotes":""},"categories":[],"class_list":["post-169862","page","type-page","status-publish","has-post-thumbnail","hentry"],"yoast_head":"<!-- This site is optimized with the Yoast SEO Premium plugin v27.7 (Yoast SEO v28.3) - https:\/\/yoast.com\/product\/yoast-seo-premium-wordpress\/ -->\n<title>Alpasagnir: Perchta, Krampus og Tatzelwurm<\/title>\n<meta name=\"description\" content=\"Perchta, Krampus, Kasermandl og Tatzelwurm: sagnaheimur Alpanna \u00fatsk\u00fdr\u00f0ur \u00e1 tr\u00faarbrag\u00f0afr\u00e6\u00f0ilegum forsendum, me\u00f0 Rauhn\u00e4chte-si\u00f0um fr\u00e1 B\u00e6jaralandi og Su\u00f0ur-T\u00fdr\u00f3l.\" \/>\n<meta name=\"robots\" content=\"index, follow, max-snippet:-1, max-image-preview:large, max-video-preview:-1\" \/>\n<link rel=\"canonical\" href=\"https:\/\/iwell-guard.com\/is\/alpasagnir\/\" \/>\n<meta property=\"og:locale\" content=\"is_IS\" \/>\n<meta property=\"og:type\" content=\"article\" \/>\n<meta property=\"og:title\" content=\"Alpasagnir\" \/>\n<meta property=\"og:description\" content=\"Perchta, Krampus, Kasermandl og Tatzelwurm: sagnaheimur Alpanna \u00fatsk\u00fdr\u00f0ur \u00e1 tr\u00faarbrag\u00f0afr\u00e6\u00f0ilegum forsendum, me\u00f0 Rauhn\u00e4chte-si\u00f0um fr\u00e1 B\u00e6jaralandi og Su\u00f0ur-T\u00fdr\u00f3l.\" \/>\n<meta property=\"og:url\" content=\"https:\/\/iwell-guard.com\/is\/alpasagnir\/\" \/>\n<meta property=\"og:site_name\" content=\"iWell Guard\" \/>\n<meta property=\"article:modified_time\" content=\"2026-09-05T14:58:29+00:00\" \/>\n<meta property=\"og:image\" content=\"https:\/\/iwell-guard.com\/wp-content\/uploads\/2026\/07\/daemonen_alpin_krampus.webp\" \/>\n\t<meta property=\"og:image:width\" content=\"1024\" \/>\n\t<meta property=\"og:image:height\" content=\"1536\" \/>\n\t<meta property=\"og:image:type\" content=\"image\/webp\" \/>\n<meta name=\"twitter:card\" content=\"summary_large_image\" \/>\n<script type=\"application\/ld+json\" class=\"yoast-schema-graph\">{\"@context\":\"https:\\\/\\\/schema.org\",\"@graph\":[{\"@type\":\"WebPage\",\"@id\":\"https:\\\/\\\/iwell-guard.com\\\/is\\\/alpasagnir\\\/\",\"url\":\"https:\\\/\\\/iwell-guard.com\\\/is\\\/alpasagnir\\\/\",\"name\":\"Alpasagnir: Perchta, Krampus og Tatzelwurm\",\"isPartOf\":{\"@id\":\"https:\\\/\\\/iwell-guard.com\\\/is\\\/#website\"},\"primaryImageOfPage\":{\"@id\":\"https:\\\/\\\/iwell-guard.com\\\/is\\\/alpasagnir\\\/#primaryimage\"},\"image\":{\"@id\":\"https:\\\/\\\/iwell-guard.com\\\/is\\\/alpasagnir\\\/#primaryimage\"},\"thumbnailUrl\":\"https:\\\/\\\/iwell-guard.com\\\/wp-content\\\/uploads\\\/2026\\\/07\\\/daemonen_alpin_krampus.webp\",\"datePublished\":\"2026-09-05T14:12:21+00:00\",\"dateModified\":\"2026-09-05T14:58:29+00:00\",\"description\":\"Perchta, Krampus, Kasermandl og Tatzelwurm: sagnaheimur Alpanna \u00fatsk\u00fdr\u00f0ur \u00e1 tr\u00faarbrag\u00f0afr\u00e6\u00f0ilegum forsendum, me\u00f0 Rauhn\u00e4chte-si\u00f0um fr\u00e1 B\u00e6jaralandi og Su\u00f0ur-T\u00fdr\u00f3l.\",\"breadcrumb\":{\"@id\":\"https:\\\/\\\/iwell-guard.com\\\/is\\\/alpasagnir\\\/#breadcrumb\"},\"inLanguage\":\"is\",\"potentialAction\":[{\"@type\":\"ReadAction\",\"target\":[\"https:\\\/\\\/iwell-guard.com\\\/is\\\/alpasagnir\\\/\"]}]},{\"@type\":\"ImageObject\",\"inLanguage\":\"is\",\"@id\":\"https:\\\/\\\/iwell-guard.com\\\/is\\\/alpasagnir\\\/#primaryimage\",\"url\":\"https:\\\/\\\/iwell-guard.com\\\/wp-content\\\/uploads\\\/2026\\\/07\\\/daemonen_alpin_krampus.webp\",\"contentUrl\":\"https:\\\/\\\/iwell-guard.com\\\/wp-content\\\/uploads\\\/2026\\\/07\\\/daemonen_alpin_krampus.webp\",\"width\":1024,\"height\":1536,\"caption\":\"Krampus - Dj\u00f6flar \u00far alpaskri hef\u00f0, s\u00f6guleg myndskreyting\"},{\"@type\":\"BreadcrumbList\",\"@id\":\"https:\\\/\\\/iwell-guard.com\\\/is\\\/alpasagnir\\\/#breadcrumb\",\"itemListElement\":[{\"@type\":\"ListItem\",\"position\":1,\"name\":\"Start\",\"item\":\"https:\\\/\\\/iwell-guard.com\\\/is\\\/?page_id=168580\"},{\"@type\":\"ListItem\",\"position\":2,\"name\":\"Alpasagnir\"}]},{\"@type\":\"WebSite\",\"@id\":\"https:\\\/\\\/iwell-guard.com\\\/is\\\/#website\",\"url\":\"https:\\\/\\\/iwell-guard.com\\\/is\\\/\",\"name\":\"iWell Guard\",\"description\":\"Schutz vor dunklen Einfl\u00fcssen\",\"publisher\":{\"@id\":\"https:\\\/\\\/iwell-guard.com\\\/is\\\/#organization\"},\"potentialAction\":[{\"@type\":\"SearchAction\",\"target\":{\"@type\":\"EntryPoint\",\"urlTemplate\":\"https:\\\/\\\/iwell-guard.com\\\/is\\\/?s={search_term_string}\"},\"query-input\":{\"@type\":\"PropertyValueSpecification\",\"valueRequired\":true,\"valueName\":\"search_term_string\"}}],\"inLanguage\":\"is\"},{\"@type\":\"Organization\",\"@id\":\"https:\\\/\\\/iwell-guard.com\\\/is\\\/#organization\",\"name\":\"Ittermann electronic GmbH\",\"url\":\"https:\\\/\\\/iwell-guard.com\\\/is\\\/\",\"logo\":{\"@type\":\"ImageObject\",\"inLanguage\":\"is\",\"@id\":\"https:\\\/\\\/iwell-guard.com\\\/is\\\/#\\\/schema\\\/logo\\\/image\\\/\",\"url\":\"https:\\\/\\\/iwell-guard.com\\\/wp-content\\\/uploads\\\/2026\\\/05\\\/Ittermann-Logo-1182x237-1.png\",\"contentUrl\":\"https:\\\/\\\/iwell-guard.com\\\/wp-content\\\/uploads\\\/2026\\\/05\\\/Ittermann-Logo-1182x237-1.png\",\"width\":1182,\"height\":237,\"caption\":\"Ittermann electronic GmbH\"},\"image\":{\"@id\":\"https:\\\/\\\/iwell-guard.com\\\/is\\\/#\\\/schema\\\/logo\\\/image\\\/\"},\"sameAs\":[\"https:\\\/\\\/pantip.com\\\/profile\\\/9367242\",\"https:\\\/\\\/micro.blog\\\/iwellguard\",\"https:\\\/\\\/www.diggerslist.com\\\/iwellguard\\\/about\",\"https:\\\/\\\/skitterphoto.com\\\/photographers\\\/2870314\\\/iwell-guard\",\"https:\\\/\\\/iwellguard.wordpress.com\\\/2026\\\/06\\\/06\\\/iwell-guard\\\/\",\"https:\\\/\\\/hub.docker.com\\\/u\\\/iwellguard\",\"https:\\\/\\\/www.pinterest.com\\\/iwellguard\\\/\",\"https:\\\/\\\/bit.ly\\\/m\\\/iwellguard\",\"https:\\\/\\\/entre-vos-mains.alsace.eu\\\/profiles\\\/iwellguard\\\/activity\",\"https:\\\/\\\/gravatar.com\\\/reallybeded8fd34\",\"https:\\\/\\\/naijamatta.com\\\/iwellguard\",\"https:\\\/\\\/www.goodreads.com\\\/iwellguard\",\"https:\\\/\\\/profile.hatena.ne.jp\\\/iwellguard\\\/\",\"https:\\\/\\\/experiment.com\\\/users\\\/iwellguard\",\"https:\\\/\\\/wakelet.com\\\/@iWellGuard82270\",\"https:\\\/\\\/www.chordie.com\\\/forum\\\/profile.php?id=2555664\",\"https:\\\/\\\/www.instapaper.com\\\/p\\\/17757966\",\"https:\\\/\\\/www.mapleprimes.com\\\/users\\\/iwellguard\",\"https:\\\/\\\/businesslistingplus.com\\\/profile\\\/iwell-guard\\\/\",\"https:\\\/\\\/telegra.ph\\\/iWell-Guard-06-06\",\"https:\\\/\\\/pbase.com\\\/iwellguard\\\/iwellguard\",\"https:\\\/\\\/b.hatena.ne.jp\\\/iwellguard\\\/20260607#bookmark-4788405196491818882\",\"https:\\\/\\\/fliphtml5.com\\\/home\\\/iwellguard\",\"https:\\\/\\\/anyflip.com\\\/homepage\\\/cmiwl#About\",\"https:\\\/\\\/transfur.com\\\/Users\\\/iwellguard\",\"http:\\\/\\\/delphi.larsbo.org\\\/user\\\/iwellguard\",\"https:\\\/\\\/jobs.lajobsportal.org\\\/profiles\\\/8380803-iwell-guard\",\"https:\\\/\\\/md.chaosdorf.de\\\/s\\\/jfbe5SBdJD\",\"https:\\\/\\\/www.lingvolive.com\\\/en-us\\\/profile\\\/9ecaeaca-ce11-4e51-9e71-01d55e2bff36\\\/translations\",\"https:\\\/\\\/www.fitday.com\\\/fitness\\\/forums\\\/members\\\/iwellguard.html\",\"https:\\\/\\\/www.mymeetbook.com\\\/iwellguard\",\"https:\\\/\\\/pxhere.com\\\/en\\\/photographer-me\\\/5040798\",\"https:\\\/\\\/disqus.com\\\/by\\\/iwellguard\\\/about\\\/\",\"https:\\\/\\\/pastelink.net\\\/hjwciqwq\",\"https:\\\/\\\/pubhtml5.com\\\/homepage\\\/scjhn\\\/\",\"https:\\\/\\\/www.bitchute.com\\\/channel\\\/2O2eOKzNqujT\",\"https:\\\/\\\/audiomack.com\\\/iwellguard\"]}]}<\/script>\n<!-- \/ Yoast SEO Premium plugin. -->","yoast_head_json":{"title":"Alpasagnir: Perchta, Krampus og Tatzelwurm","description":"Perchta, Krampus, Kasermandl og Tatzelwurm: sagnaheimur Alpanna \u00fatsk\u00fdr\u00f0ur \u00e1 tr\u00faarbrag\u00f0afr\u00e6\u00f0ilegum forsendum, me\u00f0 Rauhn\u00e4chte-si\u00f0um fr\u00e1 B\u00e6jaralandi og Su\u00f0ur-T\u00fdr\u00f3l.","robots":{"index":"index","follow":"follow","max-snippet":"max-snippet:-1","max-image-preview":"max-image-preview:large","max-video-preview":"max-video-preview:-1"},"canonical":"https:\/\/iwell-guard.com\/is\/alpasagnir\/","og_locale":"is_IS","og_type":"article","og_title":"Alpasagnir","og_description":"Perchta, Krampus, Kasermandl og Tatzelwurm: sagnaheimur Alpanna \u00fatsk\u00fdr\u00f0ur \u00e1 tr\u00faarbrag\u00f0afr\u00e6\u00f0ilegum forsendum, me\u00f0 Rauhn\u00e4chte-si\u00f0um fr\u00e1 B\u00e6jaralandi og Su\u00f0ur-T\u00fdr\u00f3l.","og_url":"https:\/\/iwell-guard.com\/is\/alpasagnir\/","og_site_name":"iWell Guard","article_modified_time":"2026-09-05T14:58:29+00:00","og_image":[{"width":1024,"height":1536,"url":"https:\/\/iwell-guard.com\/wp-content\/uploads\/2026\/07\/daemonen_alpin_krampus.webp","type":"image\/webp"}],"twitter_card":"summary_large_image","schema":{"@context":"https:\/\/schema.org","@graph":[{"@type":"WebPage","@id":"https:\/\/iwell-guard.com\/is\/alpasagnir\/","url":"https:\/\/iwell-guard.com\/is\/alpasagnir\/","name":"Alpasagnir: Perchta, Krampus og Tatzelwurm","isPartOf":{"@id":"https:\/\/iwell-guard.com\/is\/#website"},"primaryImageOfPage":{"@id":"https:\/\/iwell-guard.com\/is\/alpasagnir\/#primaryimage"},"image":{"@id":"https:\/\/iwell-guard.com\/is\/alpasagnir\/#primaryimage"},"thumbnailUrl":"https:\/\/iwell-guard.com\/wp-content\/uploads\/2026\/07\/daemonen_alpin_krampus.webp","datePublished":"2026-09-05T14:12:21+00:00","dateModified":"2026-09-05T14:58:29+00:00","description":"Perchta, Krampus, Kasermandl og Tatzelwurm: sagnaheimur Alpanna \u00fatsk\u00fdr\u00f0ur \u00e1 tr\u00faarbrag\u00f0afr\u00e6\u00f0ilegum forsendum, me\u00f0 Rauhn\u00e4chte-si\u00f0um fr\u00e1 B\u00e6jaralandi og Su\u00f0ur-T\u00fdr\u00f3l.","breadcrumb":{"@id":"https:\/\/iwell-guard.com\/is\/alpasagnir\/#breadcrumb"},"inLanguage":"is","potentialAction":[{"@type":"ReadAction","target":["https:\/\/iwell-guard.com\/is\/alpasagnir\/"]}]},{"@type":"ImageObject","inLanguage":"is","@id":"https:\/\/iwell-guard.com\/is\/alpasagnir\/#primaryimage","url":"https:\/\/iwell-guard.com\/wp-content\/uploads\/2026\/07\/daemonen_alpin_krampus.webp","contentUrl":"https:\/\/iwell-guard.com\/wp-content\/uploads\/2026\/07\/daemonen_alpin_krampus.webp","width":1024,"height":1536,"caption":"Krampus - Dj\u00f6flar \u00far alpaskri hef\u00f0, s\u00f6guleg myndskreyting"},{"@type":"BreadcrumbList","@id":"https:\/\/iwell-guard.com\/is\/alpasagnir\/#breadcrumb","itemListElement":[{"@type":"ListItem","position":1,"name":"Start","item":"https:\/\/iwell-guard.com\/is\/?page_id=168580"},{"@type":"ListItem","position":2,"name":"Alpasagnir"}]},{"@type":"WebSite","@id":"https:\/\/iwell-guard.com\/is\/#website","url":"https:\/\/iwell-guard.com\/is\/","name":"iWell Guard","description":"Schutz vor dunklen Einfl\u00fcssen","publisher":{"@id":"https:\/\/iwell-guard.com\/is\/#organization"},"potentialAction":[{"@type":"SearchAction","target":{"@type":"EntryPoint","urlTemplate":"https:\/\/iwell-guard.com\/is\/?s={search_term_string}"},"query-input":{"@type":"PropertyValueSpecification","valueRequired":true,"valueName":"search_term_string"}}],"inLanguage":"is"},{"@type":"Organization","@id":"https:\/\/iwell-guard.com\/is\/#organization","name":"Ittermann electronic GmbH","url":"https:\/\/iwell-guard.com\/is\/","logo":{"@type":"ImageObject","inLanguage":"is","@id":"https:\/\/iwell-guard.com\/is\/#\/schema\/logo\/image\/","url":"https:\/\/iwell-guard.com\/wp-content\/uploads\/2026\/05\/Ittermann-Logo-1182x237-1.png","contentUrl":"https:\/\/iwell-guard.com\/wp-content\/uploads\/2026\/05\/Ittermann-Logo-1182x237-1.png","width":1182,"height":237,"caption":"Ittermann electronic GmbH"},"image":{"@id":"https:\/\/iwell-guard.com\/is\/#\/schema\/logo\/image\/"},"sameAs":["https:\/\/pantip.com\/profile\/9367242","https:\/\/micro.blog\/iwellguard","https:\/\/www.diggerslist.com\/iwellguard\/about","https:\/\/skitterphoto.com\/photographers\/2870314\/iwell-guard","https:\/\/iwellguard.wordpress.com\/2026\/06\/06\/iwell-guard\/","https:\/\/hub.docker.com\/u\/iwellguard","https:\/\/www.pinterest.com\/iwellguard\/","https:\/\/bit.ly\/m\/iwellguard","https:\/\/entre-vos-mains.alsace.eu\/profiles\/iwellguard\/activity","https:\/\/gravatar.com\/reallybeded8fd34","https:\/\/naijamatta.com\/iwellguard","https:\/\/www.goodreads.com\/iwellguard","https:\/\/profile.hatena.ne.jp\/iwellguard\/","https:\/\/experiment.com\/users\/iwellguard","https:\/\/wakelet.com\/@iWellGuard82270","https:\/\/www.chordie.com\/forum\/profile.php?id=2555664","https:\/\/www.instapaper.com\/p\/17757966","https:\/\/www.mapleprimes.com\/users\/iwellguard","https:\/\/businesslistingplus.com\/profile\/iwell-guard\/","https:\/\/telegra.ph\/iWell-Guard-06-06","https:\/\/pbase.com\/iwellguard\/iwellguard","https:\/\/b.hatena.ne.jp\/iwellguard\/20260607#bookmark-4788405196491818882","https:\/\/fliphtml5.com\/home\/iwellguard","https:\/\/anyflip.com\/homepage\/cmiwl#About","https:\/\/transfur.com\/Users\/iwellguard","http:\/\/delphi.larsbo.org\/user\/iwellguard","https:\/\/jobs.lajobsportal.org\/profiles\/8380803-iwell-guard","https:\/\/md.chaosdorf.de\/s\/jfbe5SBdJD","https:\/\/www.lingvolive.com\/en-us\/profile\/9ecaeaca-ce11-4e51-9e71-01d55e2bff36\/translations","https:\/\/www.fitday.com\/fitness\/forums\/members\/iwellguard.html","https:\/\/www.mymeetbook.com\/iwellguard","https:\/\/pxhere.com\/en\/photographer-me\/5040798","https:\/\/disqus.com\/by\/iwellguard\/about\/","https:\/\/pastelink.net\/hjwciqwq","https:\/\/pubhtml5.com\/homepage\/scjhn\/","https:\/\/www.bitchute.com\/channel\/2O2eOKzNqujT","https:\/\/audiomack.com\/iwellguard"]}]}},"_links":{"self":[{"href":"https:\/\/iwell-guard.com\/is\/wp-json\/wp\/v2\/pages\/169862","targetHints":{"allow":["GET"]}}],"collection":[{"href":"https:\/\/iwell-guard.com\/is\/wp-json\/wp\/v2\/pages"}],"about":[{"href":"https:\/\/iwell-guard.com\/is\/wp-json\/wp\/v2\/types\/page"}],"author":[{"embeddable":true,"href":"https:\/\/iwell-guard.com\/is\/wp-json\/wp\/v2\/users\/3"}],"replies":[{"embeddable":true,"href":"https:\/\/iwell-guard.com\/is\/wp-json\/wp\/v2\/comments?post=169862"}],"version-history":[{"count":0,"href":"https:\/\/iwell-guard.com\/is\/wp-json\/wp\/v2\/pages\/169862\/revisions"}],"wp:featuredmedia":[{"embeddable":true,"href":"https:\/\/iwell-guard.com\/is\/wp-json\/wp\/v2\/media\/20516"}],"wp:attachment":[{"href":"https:\/\/iwell-guard.com\/is\/wp-json\/wp\/v2\/media?parent=169862"}],"wp:term":[{"taxonomy":"category","embeddable":true,"href":"https:\/\/iwell-guard.com\/is\/wp-json\/wp\/v2\/categories?post=169862"}],"curies":[{"name":"wp","href":"https:\/\/api.w.org\/{rel}","templated":true}]}}