{"id":169860,"date":"2026-09-05T14:12:21","date_gmt":"2026-09-05T14:12:21","guid":{"rendered":"https:\/\/iwell-guard.com\/?page_id=169860"},"modified":"2026-09-05T14:58:26","modified_gmt":"2026-09-05T14:58:26","slug":"malaiski-andaheimurinn","status":"publish","type":"page","link":"https:\/\/iwell-guard.com\/is\/malaiski-andaheimurinn\/","title":{"rendered":"Mala\u00edski andaheimurinn"},"content":{"rendered":"\t\t<div data-elementor-type=\"wp-page\" data-elementor-id=\"169860\" class=\"elementor elementor-169860 elementor-20576 elementor-bc-flex-widget\" data-elementor-post-type=\"page\">\n\t\t\t\t<div class=\"elementor-element elementor-element-iwgcn-sami-hero iwg-kultur-hero e-flex e-con-boxed e-con e-parent\" data-id=\"iwgcn-sami-hero\" data-element_type=\"container\" data-e-type=\"container\">\n\t\t\t\t\t<div class=\"e-con-inner\">\n\t\t<div class=\"elementor-element elementor-element-iwgcn-sami-hl iwg-kultur-hero-left e-flex e-con-boxed e-con e-child\" data-id=\"iwgcn-sami-hl\" data-element_type=\"container\" data-e-type=\"container\">\n\t\t\t\t\t<div class=\"e-con-inner\">\n\t\t\t\t<div class=\"elementor-element elementor-element-iwgcn-sami-h1 elementor-widget elementor-widget-heading\" data-id=\"iwgcn-sami-h1\" data-element_type=\"widget\" data-e-type=\"widget\" data-widget_type=\"heading.default\">\n\t\t\t\t\t<h1 class=\"elementor-heading-title elementor-size-default\">Hantu-tr\u00fa: Pontianak, Toyol og mala\u00edski andaheimurinn<\/h1>\t\t\t\t<\/div>\n\t\t<div class=\"elementor-element elementor-element-iwgcn-sami-leadc e-con-full e-flex e-con e-child\" data-id=\"iwgcn-sami-leadc\" data-element_type=\"container\" data-e-type=\"container\">\n\t\t\t\t<div class=\"elementor-element elementor-element-iwgcn-sami-lead elementor-widget elementor-widget-text-editor\" data-id=\"iwgcn-sami-lead\" data-element_type=\"widget\" data-e-type=\"widget\" data-widget_type=\"text-editor.default\">\n\t\t\t\t\t\t\t\t\t<p>Hantu-tr\u00fa Malas\u00edu og Ind\u00f3nes\u00edu sameinar for-\u00edslamskar, anim\u00edsk hugmyndir um anda og n\u00e1tt\u00faruv\u00e6tti vi\u00f0 \u00edslamska heimsmynd djinna. Pontianak og Langsuir sem kvenkyns hefndarandar, barnaandinn Toyol, flj\u00fagandi h\u00f6fu\u00f0i\u00f0 Penanggalan og hi\u00f0 hulda f\u00f3lk Orang Bunian eru me\u00f0al \u00feekktustu v\u00e6tta \u00feessarar sagnaarfleif\u00f0ar, sem lifir enn \u00ed dag \u00ed fr\u00e1s\u00f6gnum, kvikmyndum og sta\u00f0bundnum si\u00f0um \u00ed Malas\u00edu, Ind\u00f3nes\u00edu, Singap\u00far og Br\u00fanei.<\/p>\n<p class=\"iwg-kwfix\">Mala\u00edski andaheimurinn er \u00ed spennu\u00e1standi gagnvart hinum opinbera \u00edslam, sem l\u00edtur \u00e1 andatr\u00fa \u00fdmist sem hj\u00e1tr\u00fa (khurafat) e\u00f0a fellir hana inn \u00ed \u00edsl\u00f6msku hugmyndina um djinna.<\/p>\t\t\t\t\t\t\t\t<\/div>\n\t\t\t\t<\/div>\n\t\t\t\t\t<\/div>\n\t\t\t\t<\/div>\n\t\t<div class=\"elementor-element elementor-element-iwgcn-sami-hr iwg-kultur-hero-right e-flex e-con-boxed e-con e-child\" data-id=\"iwgcn-sami-hr\" data-element_type=\"container\" data-e-type=\"container\">\n\t\t\t\t\t<div class=\"e-con-inner\">\n\t\t\t\t<div class=\"elementor-element elementor-element-iwgcn-sami-himg iwg-hero-image elementor-widget elementor-widget-image\" data-id=\"iwgcn-sami-himg\" data-element_type=\"widget\" data-e-type=\"widget\" data-widget_type=\"image.default\">\n\t\t\t\t\t\t\t\t\t\t\t\t\t\t\t<img fetchpriority=\"high\" decoding=\"async\" width=\"683\" height=\"1024\" src=\"https:\/\/iwell-guard.com\/wp-content\/uploads\/2026\/05\/goetter_sami_beaivi-683x1024.webp\" class=\"attachment-large size-large wp-image-170769\" alt=\"Beaivi - gu\u00f0ir \u00far sam\u00edskri hef\u00f0, s\u00f6guleg myndskreyting\" srcset=\"https:\/\/iwell-guard.com\/wp-content\/uploads\/2026\/05\/goetter_sami_beaivi-683x1024.webp 683w, https:\/\/iwell-guard.com\/wp-content\/uploads\/2026\/05\/goetter_sami_beaivi-200x300.webp 200w, https:\/\/iwell-guard.com\/wp-content\/uploads\/2026\/05\/goetter_sami_beaivi-768x1152.webp 768w, https:\/\/iwell-guard.com\/wp-content\/uploads\/2026\/05\/goetter_sami_beaivi.webp 1024w\" sizes=\"(max-width: 683px) 100vw, 683px\" \/>\t\t\t\t\t\t\t\t\t\t\t\t\t\t\t<\/div>\n\t\t\t\t\t<\/div>\n\t\t\t\t<\/div>\n\t\t\t\t\t<\/div>\n\t\t\t\t<\/div>\n\t\t\t\t<section class=\"elementor-section elementor-top-section elementor-element elementor-element-sec-iwgcomp-sami elementor-section-boxed elementor-section-height-default elementor-section-height-default\" data-id=\"sec-iwgcomp-sami\" data-element_type=\"section\" data-e-type=\"section\">\n\t\t\t\t\t\t<div class=\"elementor-container elementor-column-gap-default\">\n\t\t\t\t\t<div class=\"elementor-column elementor-col-100 elementor-top-column elementor-element elementor-element-col-iwgcomp-sami\" data-id=\"col-iwgcomp-sami\" data-element_type=\"column\" data-e-type=\"column\">\n\t\t\t<div class=\"elementor-widget-wrap elementor-element-populated\">\n\t\t\t\t\t\t<div class=\"elementor-element elementor-element-iwgcomp-sami elementor-widget elementor-widget-text-editor\" data-id=\"iwgcomp-sami\" data-element_type=\"widget\" data-e-type=\"widget\" data-widget_type=\"text-editor.default\">\n\t\t\t\t\t\t\t\t\t<p>Mala\u00edska <strong><span class=\"iwg-fachbegriff\" data-tooltip=\"Samheiti fyrir anda, uppvakninga og n\u00e1tt\u00faruv\u00e6tti \u00ed mala\u00edskri og ind\u00f3nes\u00edskri \u00fej\u00f3\u00f0tr\u00fa.\" tabindex=\"0\">Hantu-tr\u00fa<\/span><\/strong> myndar sj\u00e1lfst\u00e6tt lag undir hinni opinberu \u00edsl\u00f6msku tr\u00faari\u00f0kun sv\u00e6\u00f0isins.<\/p>\n<p class=\"iwg-kwfix\">Mala\u00edski andaheimurinn skiptist \u00ed kvenkyns hefndaranda \u00e1 bor\u00f0 vi\u00f0 <a href=\"https:\/\/iwell-guard.com\/is\/pontianak\/\">Pontianak<\/a> og <a href=\"https:\/\/iwell-guard.com\/is\/langsuir\/\">Langsuir<\/a>, barnaandann <a href=\"https:\/\/iwell-guard.com\/is\/toyol\/\">Toyol<\/a>, flj\u00fagandi h\u00f6fu\u00f0i\u00f0 <a href=\"https:\/\/iwell-guard.com\/is\/penanggalan\/\">Penanggalan<\/a> og hi\u00f0 hulda f\u00f3lk <a href=\"https:\/\/iwell-guard.com\/is\/orang-bunian\/\">Orang Bunian<\/a>. \u00deessar hugmyndir eru enn \u00ed dag mi\u00f0la\u00f0ar munnlega og \u00ed fj\u00f6lmi\u00f0lum \u00ed Malas\u00edu, Ind\u00f3nes\u00edu og Singap\u00far.<\/p>\t\t\t\t\t\t\t\t<\/div>\n\t\t\t\t\t<\/div>\n\t\t<\/div>\n\t\t\t\t\t<\/div>\n\t\t<\/section>\n\t\t<div class=\"elementor-element elementor-element-iwgcn-sami-s0 e-flex e-con-boxed e-con e-parent\" data-id=\"iwgcn-sami-s0\" data-element_type=\"container\" data-e-type=\"container\">\n\t\t\t\t\t<div class=\"e-con-inner\">\n\t\t\t\t<div class=\"elementor-element elementor-element-iwgcn-sami-s0h elementor-widget elementor-widget-heading\" data-id=\"iwgcn-sami-s0h\" data-element_type=\"widget\" data-e-type=\"widget\" data-widget_type=\"heading.default\">\n\t\t\t\t\t<h2 class=\"elementor-heading-title elementor-size-default\">Malas\u00eda, Ind\u00f3nes\u00eda, Singap\u00far: tr\u00faarlegt landslag mala\u00edska heimsins<\/h2>\t\t\t\t<\/div>\n\t\t<div class=\"elementor-element elementor-element-iwgcn-sami-s0-c e-con-full e-flex e-con e-child\" data-id=\"iwgcn-sami-s0-c\" data-element_type=\"container\" data-e-type=\"container\">\n\t\t\t\t<div class=\"elementor-element elementor-element-iwgcn-sami-s0t elementor-widget elementor-widget-text-editor\" data-id=\"iwgcn-sami-s0t\" data-element_type=\"widget\" data-e-type=\"widget\" data-widget_type=\"text-editor.default\">\n\t\t\t\t\t\t\t\t\t<p>\u00cdslam er r\u00edkistr\u00fa Malas\u00edu og meirihlutatr\u00fa Ind\u00f3nes\u00edu, m\u00f3tu\u00f0 af s\u00fann\u00ed-l\u00f6gspeki og mismikilli \u00e1herslu \u00e1 hreinleika og bar\u00e1ttu gegn hj\u00e1tr\u00fa eftir sv\u00e6\u00f0um. Fyrir \u00edslamsv\u00e6\u00f0ingu, sem h\u00f3fst \u00e1 13.\u201314. \u00f6ld, m\u00f3tu\u00f0u anim\u00edsk, hind\u00fa\u00edsk og b\u00fadd\u00edsk hugmyndakerfi sv\u00e6\u00f0i\u00f0, og spor \u00feeirra lifa enn \u00ed Hantu-tr\u00fanni.<\/p>\n<p>Mala\u00edski skaginn, S\u00famatra, Borne\u00f3 og eyjarnar \u00fear fyrir utan myndu ekki eitt samfellt sagnasv\u00e6\u00f0i; n\u00f6fn og eiginleikar anda eru mj\u00f6g breytilegir milli Malas\u00edu, Ind\u00f3nes\u00edu, Singap\u00far og Br\u00fanei, og einnig milli einstakra sv\u00e6\u00f0a og tungum\u00e1lah\u00f3pa.<\/p>\n<p class=\"iwg-kwfix\">Meginl\u00ednur \u00feessarar arfleif\u00f0ar eru: andatr\u00fa tengd konum sem d\u00f3u \u00ed barnsbur\u00f0i e\u00f0a \u00e1 me\u00f0g\u00f6ngu, dagatal helgisi\u00f0abundinna verndarr\u00e1\u00f0stafana vi\u00f0 f\u00e6\u00f0ingar og \u00fatfarir, og samhli\u00f0a tilvist al\u00fe\u00fd\u00f0u\u00edslams og eldri, for-\u00edslamskra hugmynda.<\/p>\t\t\t\t\t\t\t\t<\/div>\n\t\t\t\t<\/div>\n\t\t\t\t\t<\/div>\n\t\t\t\t<\/div>\n\t\t<div class=\"elementor-element elementor-element-iwgcn-sami-s1 e-flex e-con-boxed e-con e-parent\" data-id=\"iwgcn-sami-s1\" data-element_type=\"container\" data-e-type=\"container\">\n\t\t\t\t\t<div class=\"e-con-inner\">\n\t\t\t\t<div class=\"elementor-element elementor-element-iwgcn-sami-s1h elementor-widget elementor-widget-heading\" data-id=\"iwgcn-sami-s1h\" data-element_type=\"widget\" data-e-type=\"widget\" data-widget_type=\"heading.default\">\n\t\t\t\t\t<h2 class=\"elementor-heading-title elementor-size-default\">Pontianak og Langsuir: kvenkyns hefndarandar<\/h2>\t\t\t\t<\/div>\n\t\t<div class=\"elementor-element elementor-element-iwgcn-sami-s1-c e-con-full e-flex e-con e-child\" data-id=\"iwgcn-sami-s1-c\" data-element_type=\"container\" data-e-type=\"container\">\n\t\t\t\t<div class=\"elementor-element elementor-element-iwgcn-sami-s1t elementor-widget elementor-widget-text-editor\" data-id=\"iwgcn-sami-s1t\" data-element_type=\"widget\" data-e-type=\"widget\" data-widget_type=\"text-editor.default\">\n\t\t\t\t\t\t\t\t\t<p><a href=\"https:\/\/iwell-guard.com\/is\/pontianak\/\">Pontianak<\/a> er talinn andi konu e\u00f0a st\u00falku sem d\u00f3 \u00ed f\u00e6\u00f0ingu e\u00f0a \u00ed m\u00f3\u00f0urkvi\u00f0i; h\u00fan birtist sem f\u00f6gur kona \u00ed hv\u00edtum kl\u00e6\u00f0um, oft \u00e1samt ilmi frangipani-bl\u00f3msins, e\u00f0a breytist \u00ed n\u00e1ttfugl. <a href=\"https:\/\/iwell-guard.com\/is\/langsuir\/\">Langsuir<\/a> myndast aftur \u00e1 m\u00f3ti \u00far m\u00f3\u00f0ur sem l\u00e9st sj\u00e1lf \u00e1 me\u00f0g\u00f6ngu e\u00f0a \u00ed f\u00e6\u00f0ingu; henni er l\u00fdst sem s\u00e9rstaklega fagurri konu me\u00f0 h\u00e1r ni\u00f0ur \u00e1 h\u00e6la og langar neglur, sumssta\u00f0ar l\u00edka sem flj\u00fagandi h\u00f6fu\u00f0 me\u00f0 hangandi innyfli.<\/p>\n<p>B\u00e6\u00f0i v\u00e6ttin eru talin h\u00e6ttuleg n\u00fdburum og s\u00e6ngurkonum. Til varnar var l\u00e1tnum konum \u00e1\u00f0ur fyrr komi\u00f0 fyrir glerperlum \u00ed munni, eggi undir handarkrikum og n\u00e1lum \u00ed l\u00f3fum, svo \u00fe\u00e6r g\u00e6tu ekki hr\u00f3pa\u00f0 e\u00f0a lyft \u00f6rmunum \u00ed gr\u00f6finni.<\/p>\t\t\t\t\t\t\t\t<\/div>\n\t\t\t\t<\/div>\n\t\t\t\t\t<\/div>\n\t\t\t\t<\/div>\n\t\t<div class=\"elementor-element elementor-element-iwgcn-sami-s2 e-flex e-con-boxed e-con e-parent\" data-id=\"iwgcn-sami-s2\" data-element_type=\"container\" data-e-type=\"container\">\n\t\t\t\t\t<div class=\"e-con-inner\">\n\t\t\t\t<div class=\"elementor-element elementor-element-iwgcn-sami-s2h elementor-widget elementor-widget-heading\" data-id=\"iwgcn-sami-s2h\" data-element_type=\"widget\" data-e-type=\"widget\" data-widget_type=\"heading.default\">\n\t\t\t\t\t<h2 class=\"elementor-heading-title elementor-size-default\">Toyol: barnaandinn sem kalla\u00f0ur er fram<\/h2>\t\t\t\t<\/div>\n\t\t<div class=\"elementor-element elementor-element-iwgcn-sami-s2-c e-con-full e-flex e-con e-child\" data-id=\"iwgcn-sami-s2-c\" data-element_type=\"container\" data-e-type=\"container\">\n\t\t\t\t<div class=\"elementor-element elementor-element-iwgcn-sami-s2t elementor-widget elementor-widget-text-editor\" data-id=\"iwgcn-sami-s2t\" data-element_type=\"widget\" data-e-type=\"widget\" data-widget_type=\"text-editor.default\">\n\t\t\t\t\t\t\t\t\t<p><a href=\"https:\/\/iwell-guard.com\/is\/toyol\/\">Toyol<\/a> er talinn l\u00edtill, gr\u00e6nleitur barnaandi sem Bomoh, helgisi\u00f0afr\u00e6\u00f0ingur, kallar fram og bindur vi\u00f0 \u00feann sem l\u00e6tur framkv\u00e6ma ath\u00f6fnina, til a\u00f0 stela e\u00f0a valda \u00f3heillum. Tr\u00fain \u00e1 hann er n\u00e1tengd hugmyndum um svartagaldur (ilmu hitam) og er af h\u00e1lfu hins opinbera \u00edslam yfirleitt ford\u00e6md sem b\u00f6nnu\u00f0 i\u00f0kun (khurafat, syirik).<\/p>\n<p>\u00cd hversdagsmenningu \u00fej\u00f3nar Toyol enn \u00ed dag sem sk\u00fdring \u00e1 \u00f3\u00fatsk\u00fdr\u00f0um peninga- e\u00f0a skartgripamissi og er vins\u00e6lt minni \u00ed kvikmyndum og sj\u00f3nvarpi Malas\u00edu og Ind\u00f3nes\u00edu.<\/p>\t\t\t\t\t\t\t\t<\/div>\n\t\t\t\t<\/div>\n\t\t\t\t\t<\/div>\n\t\t\t\t<\/div>\n\t\t<div class=\"elementor-element elementor-element-iwgcn-sami-s3 e-flex e-con-boxed e-con e-parent\" data-id=\"iwgcn-sami-s3\" data-element_type=\"container\" data-e-type=\"container\">\n\t\t\t\t\t<div class=\"e-con-inner\">\n\t\t\t\t<div class=\"elementor-element elementor-element-iwgcn-sami-s3h elementor-widget elementor-widget-heading\" data-id=\"iwgcn-sami-s3h\" data-element_type=\"widget\" data-e-type=\"widget\" data-widget_type=\"heading.default\">\n\t\t\t\t\t<h2 class=\"elementor-heading-title elementor-size-default\">Penanggalan: flj\u00fagandi h\u00f6fu\u00f0i\u00f0<\/h2>\t\t\t\t<\/div>\n\t\t<div class=\"elementor-element elementor-element-iwgcn-sami-s3-c e-con-full e-flex e-con e-child\" data-id=\"iwgcn-sami-s3-c\" data-element_type=\"container\" data-e-type=\"container\">\n\t\t\t\t<div class=\"elementor-element elementor-element-iwgcn-sami-s3t elementor-widget elementor-widget-text-editor\" data-id=\"iwgcn-sami-s3t\" data-element_type=\"widget\" data-e-type=\"widget\" data-widget_type=\"text-editor.default\">\n\t\t\t\t\t\t\t\t\t<p><a href=\"https:\/\/iwell-guard.com\/is\/penanggalan\/\">Penanggalan<\/a> er andavera \u00ed mynd afh\u00f6ggvins kvenmannsh\u00f6fu\u00f0s, me\u00f0 h\u00e1ls og innyfli hangandi ni\u00f0ur \u00far \u00fev\u00ed; \u00e1 n\u00f3ttunni losnar \u00fea\u00f0 fr\u00e1 l\u00edkamanum og fl\u00fdgur \u00e1 vald s\u00ednum \u00ed leit a\u00f0 bl\u00f3\u00f0i, s\u00e9rstaklega fr\u00e1 s\u00e6ngurkonum og n\u00fdburum. \u00c1 daginn er b\u00faknum sagt vera haldi\u00f0 \u00ed keri me\u00f0 ediki, svo innyflin skreppi saman \u00feegar h\u00f6fu\u00f0i\u00f0 sameinast honum aftur.<\/p>\n<p>\u00c1\u00f0ur fyrr voru h\u00fas me\u00f0 n\u00fdburum varin me\u00f0 \u00feyrnigreinum, me\u00f0al annars af jeruju-pl\u00f6ntunni, vi\u00f0 glugga og dyr, \u00fear sem innyfli Penanggalan eiga a\u00f0 festast \u00ed \u00feeim.<\/p>\t\t\t\t\t\t\t\t<\/div>\n\t\t\t\t<\/div>\n\t\t\t\t\t<\/div>\n\t\t\t\t<\/div>\n\t\t<div class=\"elementor-element elementor-element-x-sami-s-faq e-flex e-con-boxed e-con e-parent\" data-id=\"x-sami-s-faq\" data-element_type=\"container\" data-e-type=\"container\">\n\t\t\t\t\t<div class=\"e-con-inner\">\n\t\t\t\t<div class=\"elementor-element elementor-element-x-sami-h-faq elementor-widget elementor-widget-heading\" data-id=\"x-sami-h-faq\" data-element_type=\"widget\" data-e-type=\"widget\" data-widget_type=\"heading.default\">\n\t\t\t\t\t<h2 class=\"elementor-heading-title elementor-size-default\">Algengar spurningar um mala\u00edska andaheiminn<\/h2>\t\t\t\t<\/div>\n\t\t<div class=\"elementor-element elementor-element-iwgcn-sami-s3-c e-con-full e-flex e-con e-child\" data-id=\"iwgcn-sami-s3-c\" data-element_type=\"container\" data-e-type=\"container\">\n\t\t\t\t<div class=\"elementor-element elementor-element-x-sami-t-faq elementor-widget elementor-widget-text-editor\" data-id=\"x-sami-t-faq\" data-element_type=\"widget\" data-e-type=\"widget\" data-widget_type=\"text-editor.default\">\n\t\t\t\t\t\t\t\t\t<h3>Hva\u00f0 er hantu?<\/h3>\n<p>Hantu er mala\u00edskt samheiti yfir anda, uppvakninga og n\u00e1tt\u00faruv\u00e6tti, sem sameinar form\u00faslamskar andatr\u00faarhugmyndir vi\u00f0 s\u00ed\u00f0ari \u00e1hrif fr\u00e1 hind\u00faisma, b\u00faddisma og \u00edslam.<\/p>\n<h3>Hver er munurinn \u00e1 Pontianak og Langsuir?<\/h3>\n<p>Pontianak er talinn andi st\u00falku e\u00f0a barns sem l\u00e9st vi\u00f0 f\u00e6\u00f0ingu, en Langsuir er talinn andi m\u00f3\u00f0ur sem l\u00e9st sj\u00e1lf \u00e1 me\u00f0g\u00f6ngu e\u00f0a \u00ed f\u00e6\u00f0ingu. B\u00e1\u00f0ar birtast sem fagrar en h\u00e6ttulegar kvenverur.<\/p>\n<h3>Hvernig l\u00edtur \u00edslam \u00e1 tr\u00fana \u00e1 hantu?<\/h3>\n<p>Opinberir \u00edslamskir a\u00f0ilar \u00ed Malas\u00edu og Ind\u00f3nes\u00edu ford\u00e6ma yfirleitt andatr\u00fa og athafnir eins og \u00e1kall Toyol sem hj\u00e1tr\u00fa (khurafat) e\u00f0a fj\u00f6lgy\u00f0istengingu (syirik), en sumar hantu-hugmyndir eru tengdar hinni k\u00f3ran\u00edsku hugmynd um jinn.<\/p>\n<h3>Hva\u00f0 eru Orang Bunian?<\/h3>\n<p>Orang Bunian eru taldir \u00f3s\u00fdnileg, manneskjul\u00edk falin \u00fej\u00f3\u00f0 sem lifir \u00ed hli\u00f0arver\u00f6ld ofan \u00e1 hinum s\u00fdnilega heimi, og \u00feau breg\u00f0ast vi\u00f0 kurteisi e\u00f0a broti \u00e1 tab\u00faum eftir gagnkv\u00e6mnisl\u00f6gm\u00e1li.<\/p>\n<script type=\"application\/ld+json\">{\"@context\": \"https:\/\/schema.org\", \"@type\": \"FAQPage\", \"mainEntity\": [{\"@type\": \"Question\", \"name\": \"Hva\u00f0 er hantu?\", \"acceptedAnswer\": {\"@type\": \"Answer\", \"text\": \"Hantu er mala\u00edskt samheiti yfir anda, uppvakninga og n\u00e1tt\u00faruv\u00e6tti, sem sameinar form\u00faslamskar andatr\u00faarhugmyndir vi\u00f0 s\u00ed\u00f0ari \u00e1hrif fr\u00e1 hind\u00faisma, b\u00faddisma og \u00edslam.\"}}, {\"@type\": \"Question\", \"name\": \"Hver er munurinn \u00e1 Pontianak og Langsuir?\", \"acceptedAnswer\": {\"@type\": \"Answer\", \"text\": \"Pontianak er talinn andi st\u00falku e\u00f0a barns sem l\u00e9st vi\u00f0 f\u00e6\u00f0ingu, en Langsuir er talinn andi m\u00f3\u00f0ur sem l\u00e9st sj\u00e1lf \u00e1 me\u00f0g\u00f6ngu e\u00f0a \u00ed f\u00e6\u00f0ingu. B\u00e1\u00f0ar birtast sem fagrar en h\u00e6ttulegar kvenverur.\"}}, {\"@type\": \"Question\", \"name\": \"Hvernig l\u00edtur \u00edslam \u00e1 tr\u00fana \u00e1 hantu?\", \"acceptedAnswer\": {\"@type\": \"Answer\", \"text\": \"Opinberir \u00edslamskir a\u00f0ilar \u00ed Malas\u00edu og Ind\u00f3nes\u00edu ford\u00e6ma yfirleitt andatr\u00fa og athafnir eins og \u00e1kall Toyol sem hj\u00e1tr\u00fa (khurafat) e\u00f0a fj\u00f6lgy\u00f0istengingu (syirik), en sumar hantu-hugmyndir eru tengdar hinni k\u00f3ran\u00edsku hugmynd um jinn.\"}}, {\"@type\": \"Question\", \"name\": \"Hva\u00f0 eru Orang Bunian?\", \"acceptedAnswer\": {\"@type\": \"Answer\", \"text\": \"Orang Bunian eru taldir \u00f3s\u00fdnileg, manneskjul\u00edk falin \u00fej\u00f3\u00f0 sem lifir \u00ed hli\u00f0arver\u00f6ld ofan \u00e1 hinum s\u00fdnilega heimi, og \u00feau breg\u00f0ast vi\u00f0 kurteisi e\u00f0a broti \u00e1 tab\u00faum eftir gagnkv\u00e6mnisl\u00f6gm\u00e1li.\"}}]}<\/script>\t\t\t\t\t\t\t\t<\/div>\n\t\t\t\t<\/div>\n\t\t\t\t\t<\/div>\n\t\t\t\t<\/div>\n\t\t<div class=\"elementor-element elementor-element-iwgcn-sami-s4 e-flex e-con-boxed e-con e-parent\" data-id=\"iwgcn-sami-s4\" data-element_type=\"container\" data-e-type=\"container\">\n\t\t\t\t\t<div class=\"e-con-inner\">\n\t\t\t\t<div class=\"elementor-element elementor-element-iwgcn-sami-s4h elementor-widget elementor-widget-heading\" data-id=\"iwgcn-sami-s4h\" data-element_type=\"widget\" data-e-type=\"widget\" data-widget_type=\"heading.default\">\n\t\t\t\t\t<h2 class=\"elementor-heading-title elementor-size-default\">Orang Bunian: hin falda \u00fej\u00f3\u00f0<\/h2>\t\t\t\t<\/div>\n\t\t<div class=\"elementor-element elementor-element-iwgcn-sami-s4-c e-con-full e-flex e-con e-child\" data-id=\"iwgcn-sami-s4-c\" data-element_type=\"container\" data-e-type=\"container\">\n\t\t\t\t<div class=\"elementor-element elementor-element-iwgcn-sami-s4t elementor-widget elementor-widget-text-editor\" data-id=\"iwgcn-sami-s4t\" data-element_type=\"widget\" data-e-type=\"widget\" data-widget_type=\"text-editor.default\">\n\t\t\t\t\t\t\t\t\t<p><a href=\"https:\/\/iwell-guard.com\/is\/orang-bunian\/\">Orang Bunian<\/a>, sem \u00fe\u00fd\u00f0ir b\u00f3kstaflega hin falda \u00fej\u00f3\u00f0, eru taldar \u00f3s\u00fdnilegar, manneskjul\u00edkar v\u00e6ttir sem lifa \u00ed hli\u00f0arver\u00f6ld ofan \u00e1 hinum s\u00fdnilega heimi, oft me\u00f0 s\u00edn eigin \u00feorp (kampung bunian) dj\u00fapt \u00ed regnsk\u00f3ginum. \u00d3l\u00edkt m\u00f6rgum \u00f6\u00f0rum hantu eru \u00feau ekki talin illv\u00edg \u00ed e\u00f0li s\u00ednu; heg\u00f0un \u00feeirra fylgir l\u00f6gm\u00e1li gagnkv\u00e6mni, kurteisi og vir\u00f0ingu fyrir sta\u00f0bundnum si\u00f0um (adat) er oft svara\u00f0 me\u00f0 velvild, en brot \u00e1 tab\u00faum me\u00f0 villu e\u00f0a r\u00e1\u00f0leysi.<\/p>\n<p>\u00cd sumum t\u00falkunum eru Orang Bunian tengd jinn \u00ed \u00edsl\u00f6mskum heimsskilningi, d\u00e6mi um samruna form\u00faslamskra og \u00edslamskra hugmyndaheima \u00ed mala\u00edskri menningu.<\/p>\t\t\t\t\t\t\t\t<\/div>\n\t\t\t\t<\/div>\n\t\t\t\t\t<\/div>\n\t\t\t\t<\/div>\n\t\t<div class=\"elementor-element elementor-element-iwgcn-sami-s5 e-flex e-con-boxed e-con e-parent\" data-id=\"iwgcn-sami-s5\" data-element_type=\"container\" data-e-type=\"container\">\n\t\t\t\t\t<div class=\"e-con-inner\">\n\t\t\t\t<div class=\"elementor-element elementor-element-iwgcn-sami-s5h elementor-widget elementor-widget-heading\" data-id=\"iwgcn-sami-s5h\" data-element_type=\"widget\" data-e-type=\"widget\" data-widget_type=\"heading.default\">\n\t\t\t\t\t<h2 class=\"elementor-heading-title elementor-size-default\">Bomoh og Dukun: hef\u00f0bundin verndarath\u00f6fn<\/h2>\t\t\t\t<\/div>\n\t\t<div class=\"elementor-element elementor-element-iwgcn-sami-s5-c e-con-full e-flex e-con e-child\" data-id=\"iwgcn-sami-s5-c\" data-element_type=\"container\" data-e-type=\"container\">\n\t\t\t\t<div class=\"elementor-element elementor-element-iwgcn-sami-s5t elementor-widget elementor-widget-text-editor\" data-id=\"iwgcn-sami-s5t\" data-element_type=\"widget\" data-e-type=\"widget\" data-widget_type=\"text-editor.default\">\n\t\t\t\t\t\t\t\t\t<p>Bomoh (\u00e1 Malajaskaganum) e\u00f0a Dukun (\u00ed Ind\u00f3nes\u00edu) er hinn hef\u00f0bundni athafna- og l\u00e6kningas\u00e9rfr\u00e6\u00f0ingur sem beitir andav\u00f6rnum, \u00e1kallsform\u00falum, reykelsi og jurtalyfjum gegn hantu og \u00e1hrifum \u00feeirra. Hlutverk hans spannar allt fr\u00e1 me\u00f0fer\u00f0 kvilla sem taldir eru af v\u00f6ldum anda til athafna sem tryggja f\u00e6\u00f0ingar, br\u00fa\u00f0kaup og h\u00fasbyggingar.<\/p>\n<p>Verndarform\u00falur (jampi, mantera) og blessa\u00f0ir hlutir eru hluti af \u00feessari i\u00f0kun, sem er mismunandi eftir sv\u00e6\u00f0i og \u00fej\u00e1lfun hvers bomoh. Fr\u00e6\u00f0ilega er \u00feessi pers\u00f3na oft l\u00fdst sem framhaldi form\u00faslamskrar, sjaman\u00edskrar i\u00f0kunar \u00ed \u00edsl\u00f6mskum b\u00faningi, greining sem starfandi bomoh sj\u00e1lfir deila ekki alltaf.<\/p>\t\t\t\t\t\t\t\t<\/div>\n\t\t\t\t<\/div>\n\t\t\t\t\t<\/div>\n\t\t\t\t<\/div>\n\t\t<div class=\"elementor-element elementor-element-iwgcn-sami-s6 e-flex e-con-boxed e-con e-parent\" data-id=\"iwgcn-sami-s6\" data-element_type=\"container\" data-e-type=\"container\">\n\t\t\t\t\t<div class=\"e-con-inner\">\n\t\t\t\t<div class=\"elementor-element elementor-element-iwgcn-sami-s6h elementor-widget elementor-widget-heading\" data-id=\"iwgcn-sami-s6h\" data-element_type=\"widget\" data-e-type=\"widget\" data-widget_type=\"heading.default\">\n\t\t\t\t\t<h2 class=\"elementor-heading-title elementor-size-default\">\u00cdslam, jinn og vi\u00f0horf til tr\u00faarins \u00e1 hantu<\/h2>\t\t\t\t<\/div>\n\t\t<div class=\"elementor-element elementor-element-iwgcn-sami-s6-c e-con-full e-flex e-con e-child\" data-id=\"iwgcn-sami-s6-c\" data-element_type=\"container\" data-e-type=\"container\">\n\t\t\t\t<div class=\"elementor-element elementor-element-iwgcn-sami-s6t elementor-widget elementor-widget-text-editor\" data-id=\"iwgcn-sami-s6t\" data-element_type=\"widget\" data-e-type=\"widget\" data-widget_type=\"text-editor.default\">\n\t\t\t\t\t\t\t\t\t<p>\u00cdslam hefur fr\u00e1 13.\u201314. \u00f6ld veri\u00f0 hin lei\u00f0andi tr\u00fa \u00ed mala\u00edska heiminum, en hefur ekki \u00fatr\u00fdmt eldri andatr\u00faar- og hind\u00faa-b\u00fadd\u00edskum hugmyndum a\u00f0 fullu. K\u00f3raninn kennir jinn, s\u00e9rstakar v\u00e6ttir skapa\u00f0ar \u00far eldi sem lifa hli\u00f0st\u00e6tt m\u00f6nnum og eru vi\u00f0urkenndar sem raunverulegar \u00ed \u00edsl\u00f6mskum r\u00e9tti; \u00feessi hugmynd bau\u00f0 tengipunkt sem hluti eldri hantu-tr\u00faar m\u00e1tti tengja vi\u00f0.<\/p>\n<p>\u00d6nnur atri\u00f0i, s\u00e9rstaklega \u00e1kall anda til eigin \u00e1vinnings eins og hj\u00e1 Toyol e\u00f0a i\u00f0kun svartagaldurs (ilmu hitam), eru oft ford\u00e6md af opinberri \u00edsl\u00f6mskri hli\u00f0 sem khurafat (hj\u00e1tr\u00fa) e\u00f0a syirik (fj\u00f6lgy\u00f0istenging). Tr\u00faarleg yfirv\u00f6ld eins og JAKIM \u00ed Malas\u00edu gefa reglulega \u00fat fatwas og yfirl\u00fdsingar um \u00feetta.<\/p>\n<p>Tr\u00fain \u00e1 hantu er \u00feannig \u00e1fram d\u00e6mi um samspil, sem enn er \u00ed deiglu, milli \u00fej\u00f3\u00f0legs \u00edslams og opinberrar kenningar, hvorki alfari\u00f0 ford\u00e6md n\u00e9 fullkomlega saml\u00f6gu\u00f0 tr\u00faari\u00f0kuninni.<\/p>\t\t\t\t\t\t\t\t<\/div>\n\t\t\t\t<\/div>\n\t\t\t\t\t<\/div>\n\t\t\t\t<\/div>\n\t\t<div class=\"elementor-element elementor-element-cp2d9a92a3 e-flex e-con-boxed e-con e-parent\" data-id=\"cp2d9a92a3\" data-element_type=\"container\" data-e-type=\"container\">\n\t\t\t\t\t<div class=\"e-con-inner\">\n\t\t\t\t<div class=\"elementor-element elementor-element-cp2515827f elementor-widget elementor-widget-heading\" data-id=\"cp2515827f\" data-element_type=\"widget\" data-e-type=\"widget\" data-widget_type=\"heading.default\">\n\t\t\t\t\t<h2 class=\"elementor-heading-title elementor-size-default\">Eitt tungum\u00e1lasv\u00e6\u00f0i, margir andaheimar<\/h2>\t\t\t\t<\/div>\n\t\t<div class=\"elementor-element elementor-element-cp25cbddf2 e-flex e-con-boxed e-con e-child\" data-id=\"cp25cbddf2\" data-element_type=\"container\" data-e-type=\"container\">\n\t\t\t\t\t<div class=\"e-con-inner\">\n\t\t\t\t<div class=\"elementor-element elementor-element-cp240cdc6c elementor-widget elementor-widget-text-editor\" data-id=\"cp240cdc6c\" data-element_type=\"widget\" data-e-type=\"widget\" data-widget_type=\"text-editor.default\">\n\t\t\t\t\t\t\t\t\t<p>Mala\u00edski andaheimurinn er samheiti yfir tungum\u00e1lalega og menningarlega v\u00ed\u00f0fe\u00f0mt sv\u00e6\u00f0i sem n\u00e6r yfir Malajaskagann, st\u00f3ra hluta S\u00fam\u00f6tru, Borne\u00f3 og fleiri ind\u00f3nes\u00edskra eyja, auk Singap\u00far og Br\u00fanei. S\u00e1 sem talar h\u00e9r um samr\u00e6mda go\u00f0afr\u00e6\u00f0i felur verulegan sv\u00e6\u00f0ismun.<\/p>\n<p>N\u00f6fn eins og Pontianak, Kuntilanak (ind\u00f3nes\u00edska hli\u00f0st\u00e6\u00f0an), Langsuir e\u00f0a Toyol koma fram \u00ed l\u00edtillega breyttri mynd og me\u00f0 mismunandi eiginleikum \u00e1 \u00fdmsum sv\u00e6\u00f0um. Einnig er mismunandi fr\u00e1 \u00feorpi til \u00feorps og eyju til eyju hva\u00f0a v\u00e6ttir eru taldar s\u00e9rstaklega h\u00e6ttulegar og hva\u00f0a verndarr\u00e1\u00f0stafanir eru algengar.<\/p>\n<p>Vi\u00f0 \u00feetta b\u00e6tist fj\u00f6lbreytileiki form\u00faslamskra undirlaga: austr\u00f3nes\u00edsk andatr\u00fa, hind\u00faa-b\u00fadd\u00edsk \u00e1hrif fr\u00e1 t\u00edmum Srivijaya- og Majapahit-r\u00edkjanna og s\u00ed\u00f0ar \u00edsl\u00f6msk t\u00falkunarmynstur skarast \u00ed mismiklum m\u00e6li. Almennar fullyr\u00f0ingar um tr\u00fana \u00e1 hantu l\u00edta framhj\u00e1 \u00feessari lagskiptingu.<\/p>\t\t\t\t\t\t\t\t<\/div>\n\t\t\t\t\t<\/div>\n\t\t\t\t<\/div>\n\t\t\t\t\t<\/div>\n\t\t\t\t<\/div>\n\t\t<div class=\"elementor-element elementor-element-cp2b1a3dae e-flex e-con-boxed e-con e-parent\" data-id=\"cp2b1a3dae\" data-element_type=\"container\" data-e-type=\"container\">\n\t\t\t\t\t<div class=\"e-con-inner\">\n\t\t\t\t<div class=\"elementor-element elementor-element-cp282c06ff elementor-widget elementor-widget-heading\" data-id=\"cp282c06ff\" data-element_type=\"widget\" data-e-type=\"widget\" data-widget_type=\"heading.default\">\n\t\t\t\t\t<h2 class=\"elementor-heading-title elementor-size-default\">F\u00e6\u00f0ing, dau\u00f0i og h\u00e6ttudagatali\u00f0<\/h2>\t\t\t\t<\/div>\n\t\t<div class=\"elementor-element elementor-element-cp228b4522 e-flex e-con-boxed e-con e-child\" data-id=\"cp228b4522\" data-element_type=\"container\" data-e-type=\"container\">\n\t\t\t\t\t<div class=\"e-con-inner\">\n\t\t\t\t<div class=\"elementor-element elementor-element-cp261454c5 elementor-widget elementor-widget-text-editor\" data-id=\"cp261454c5\" data-element_type=\"widget\" data-e-type=\"widget\" data-widget_type=\"text-editor.default\">\n\t\t\t\t\t\t\t\t\t<p>Endurteki\u00f0 minni \u00ed mala\u00edsku andaver\u00f6ldinni er s\u00e9rst\u00f6k h\u00e6tta sem tengist f\u00e6\u00f0ingu og s\u00e6ngurlegu. Margar af \u00feekktustu kvenkyns v\u00e6ttunum, Pontianak, Langsuir, Penanggalan, ur\u00f0u samkv\u00e6mt s\u00f6gninni til \u00far konum sem d\u00f3u \u00e1 me\u00f0g\u00f6ngu, \u00ed f\u00e6\u00f0ingu e\u00f0a \u00ed s\u00e6ngurlegu.<\/p>\n<p>\u00cd samr\u00e6mi vi\u00f0 \u00feetta einbeittu hef\u00f0bundnar verndarathafnir s\u00e9r a\u00f0 \u00feessari <span class=\"iwg-fachbegriff\" data-tooltip=\"T\u00edmar e\u00f0a a\u00f0st\u00e6\u00f0ur sem samkv\u00e6mt \u00fej\u00f3\u00f0tr\u00fa eru taldar s\u00e9rstaklega vi\u00f0kv\u00e6mar fyrir yfirn\u00e1tt\u00farulegri h\u00e6ttu.\" tabindex=\"0\">ja\u00f0ara\u00f0st\u00f6\u00f0u<\/span>: \u00feyrnigreinar \u00e1 gluggum, verndargripir vi\u00f0 rekkju s\u00e6ngurkonunnar, a\u00f0 for\u00f0ast tiltekin or\u00f0 og athafnir fyrstu vikurnar eftir f\u00e6\u00f0ingu. Einnig vi\u00f0 \u00fatfarir voru vi\u00f0haf\u00f0ar s\u00e9rstakar var\u00fa\u00f0arr\u00e1\u00f0stafanir, svo sem a\u00f0 leggja glerperlur, egg og n\u00e1lar me\u00f0 konum sem d\u00f3u undir \u00f3heppilegum kringumst\u00e6\u00f0um.<\/p>\n<p>\u00deetta mynstur tengir mala\u00edsku andaver\u00f6ldina vi\u00f0 v\u00ed\u00f0t\u00e6kt tr\u00faars\u00f6gulegt minni \u00fear sem umbreytingarskei\u00f0 l\u00edfsins, f\u00e6\u00f0ing, hj\u00faskapur, dau\u00f0i, eru talin s\u00e9rstaklega gegndr\u00e6p fyrir yfirn\u00e1tt\u00farulegum \u00e1hrifum.<\/p>\t\t\t\t\t\t\t\t<\/div>\n\t\t\t\t\t<\/div>\n\t\t\t\t<\/div>\n\t\t\t\t\t<\/div>\n\t\t\t\t<\/div>\n\t\t<div class=\"elementor-element elementor-element-cp295547c2 e-flex e-con-boxed e-con e-parent\" data-id=\"cp295547c2\" data-element_type=\"container\" data-e-type=\"container\">\n\t\t\t\t\t<div class=\"e-con-inner\">\n\t\t\t\t<div class=\"elementor-element elementor-element-cp28944fb0 elementor-widget elementor-widget-heading\" data-id=\"cp28944fb0\" data-element_type=\"widget\" data-e-type=\"widget\" data-widget_type=\"heading.default\">\n\t\t\t\t\t<h2 class=\"elementor-heading-title elementor-size-default\">Heimildir: N\u00fdlendu\u00fej\u00f3\u00f0fr\u00e6\u00f0i og n\u00fat\u00edmaranns\u00f3knir<\/h2>\t\t\t\t<\/div>\n\t\t<div class=\"elementor-element elementor-element-cp23d59da4 e-flex e-con-boxed e-con e-child\" data-id=\"cp23d59da4\" data-element_type=\"container\" data-e-type=\"container\">\n\t\t\t\t\t<div class=\"e-con-inner\">\n\t\t\t\t<div class=\"elementor-element elementor-element-cp2ce157b6 elementor-widget elementor-widget-text-editor\" data-id=\"cp2ce157b6\" data-element_type=\"widget\" data-e-type=\"widget\" data-widget_type=\"text-editor.default\">\n\t\t\t\t\t\t\t\t\t<p>St\u00f3r hluti fyrstu skriflegu skr\u00e1ninga um mala\u00edsku andaver\u00f6ldina er fr\u00e1 n\u00fdlendut\u00edmanum. Breskir og hollenskir emb\u00e6ttismenn, tr\u00fabo\u00f0ar og \u00fej\u00f3\u00f0fr\u00e6\u00f0ingar \u00e1 19. \u00f6ld og fram \u00e1 \u00f6ndver\u00f0a 20. \u00f6ld s\u00f6fnu\u00f0u s\u00f6gnum um Hantu, oft me\u00f0 fjarl\u00e6gri, a\u00f0 nokkru ni\u00f0randi s\u00fdn \u00e1 sta\u00f0bundnar hugmyndir sem hj\u00e1tr\u00fa.<\/p>\n<p>Me\u00f0al \u00e1hrifamestu verkanna er ranns\u00f3kn Walter William Skeats <em>Malay Magic<\/em> fr\u00e1 1900, sem \u00fer\u00e1tt fyrir n\u00fdlendusj\u00f3narhorn telst enn \u00ed dag mikilv\u00e6g heimild um galdraform\u00falur, rit\u00faalframkv\u00e6md og flokkun anda \u00e1 Malajaskaganum.<\/p>\n<p>\u00c1 s\u00ed\u00f0ari t\u00edmum hafa malas\u00edskir og ind\u00f3nes\u00edskir fr\u00e6\u00f0imenn, \u00fdmist fr\u00e1 tr\u00faarbrag\u00f0afr\u00e6\u00f0ilegu e\u00f0a \u00edslamfr\u00e6\u00f0ilegu sj\u00f3narhorni, endursko\u00f0a\u00f0 Hantu-tr\u00fana, me\u00f0al annars me\u00f0 tilliti til samr\u00e6mis hennar vi\u00f0 \u00edslamska kenningu. \u00deessi verk s\u00fdna a\u00f0 umgengni vi\u00f0 Hantu-tr\u00fana innan mala\u00edska heimsins sj\u00e1lfs er umdeild, \u00e1 milli \u00feess a\u00f0 vera hafna\u00f0 sem tr\u00faarlega \u00f3heimilt og li\u00f0i\u00f0 sem menningararfleif\u00f0.<\/p>\t\t\t\t\t\t\t\t<\/div>\n\t\t\t\t\t<\/div>\n\t\t\t\t<\/div>\n\t\t\t\t\t<\/div>\n\t\t\t\t<\/div>\n\t\t<div class=\"elementor-element elementor-element-cp2c009332 e-flex e-con-boxed e-con e-parent\" data-id=\"cp2c009332\" data-element_type=\"container\" data-e-type=\"container\">\n\t\t\t\t\t<div class=\"e-con-inner\">\n\t\t\t\t<div class=\"elementor-element elementor-element-cp225c94da elementor-widget elementor-widget-heading\" data-id=\"cp225c94da\" data-element_type=\"widget\" data-e-type=\"widget\" data-widget_type=\"heading.default\">\n\t\t\t\t\t<h2 class=\"elementor-heading-title elementor-size-default\">\u00cdslam, jinn og umgengni vi\u00f0 forislamska arfleif\u00f0<\/h2>\t\t\t\t<\/div>\n\t\t<div class=\"elementor-element elementor-element-cp2c7191ab e-flex e-con-boxed e-con e-child\" data-id=\"cp2c7191ab\" data-element_type=\"container\" data-e-type=\"container\">\n\t\t\t\t\t<div class=\"e-con-inner\">\n\t\t\t\t<div class=\"elementor-element elementor-element-cp23f4061d elementor-widget elementor-widget-text-editor\" data-id=\"cp23f4061d\" data-element_type=\"widget\" data-e-type=\"widget\" data-widget_type=\"text-editor.default\">\n\t\t\t\t\t\t\t\t\t<p>\u00cdslamsv\u00e6\u00f0ing mala\u00edska heimsins f\u00f3r fram a\u00f0allega \u00e1 milli 13. og 15. aldar \u00ed gegnum verslunartengsl og sold\u00e1nsr\u00edki, \u00e1n \u00feess a\u00f0 \u00fatr\u00fdma eldri anda- og hind\u00fa-b\u00fadd\u00edskum hugmyndum a\u00f0 fullu. Margar Hantu-v\u00e6ttir lif\u00f0u \u00feessi umskipti af, a\u00f0 nokkru \u00f3breyttar, a\u00f0 nokkru endurt\u00falka\u00f0ar.<\/p>\n<p>K\u00f3raninn kannast vi\u00f0 jinn, s\u00e9rstakar andav\u00e6ttir skapa\u00f0ar af eldi, sem eru til hli\u00f0ar vi\u00f0 menn, geta breytt vel e\u00f0a illt og eru vi\u00f0urkenndar sem raunverulegar \u00ed \u00edsl\u00f6mskum r\u00e9tti. \u00deessi hugmynd bau\u00f0 upp \u00e1 tengingarpunkt sem hluti af eldri Hantu-tr\u00fanni gat veri\u00f0 felldur inn \u00ed \u00edslamska heimsmynd \u00ed gegnum, til d\u00e6mis me\u00f0 \u00fev\u00ed a\u00f0 t\u00falka Orang Bunian e\u00f0a tiltekna Hantu-ger\u00f0ir sem eina birtingarmynd jinna.<\/p>\n<p>\u00d6nnur atri\u00f0i, s\u00e9rstaklega \u00fea\u00f0 a\u00f0 kalla fram anda \u00ed eigin \u00fe\u00e1gu eins og hj\u00e1 Toyol, e\u00f0a i\u00f0kun svartagaldurs, eru af h\u00e1lfu opinberra \u00edslamskra yfirvalda sk\u00fdrt hafna\u00f0 sem syirik (fj\u00f6lgy\u00f0istr\u00fa) e\u00f0a khurafat (hj\u00e1tr\u00fa). Tr\u00faaryfirv\u00f6ld \u00ed Malas\u00edu, me\u00f0al annars JAKIM, gefa reglulega \u00fat yfirl\u00fdsingar og fatwur um \u00feetta efni.<\/p>\n<p>Hantu-tr\u00fain er \u00feannig \u00e1fram d\u00e6mi um hvernig <span class=\"iwg-fachbegriff\" data-tooltip=\"Mi\u00f0lun \u00feekkingar og sagna kynsl\u00f3\u00f0 eftir kynsl\u00f3\u00f0.\" tabindex=\"0\">munnleg arfleif\u00f0<\/span> og opinber tr\u00fa geta sta\u00f0i\u00f0 \u00ed spennu sem hvorki lei\u00f0ir til fullkominnar h\u00f6fnunar n\u00e9 fullkominnar saml\u00f6gunar, heldur til samvistar sem er enn til umr\u00e6\u00f0u \u00ed dag.<\/p>\t\t\t\t\t\t\t\t<\/div>\n\t\t\t\t\t<\/div>\n\t\t\t\t<\/div>\n\t\t\t\t\t<\/div>\n\t\t\t\t<\/div>\n\t\t<div class=\"elementor-element elementor-element-iwgha-sami-sec e-flex e-con-boxed e-con e-parent\" data-id=\"iwgha-sami-sec\" data-element_type=\"container\" data-e-type=\"container\">\n\t\t\t\t\t<div class=\"e-con-inner\">\n\t\t\t\t<div class=\"elementor-element elementor-element-iwgha-sami-h elementor-widget elementor-widget-heading\" data-id=\"iwgha-sami-h\" data-element_type=\"widget\" data-e-type=\"widget\" data-widget_type=\"heading.default\">\n\t\t\t\t\t<h2 class=\"elementor-heading-title elementor-size-default\">Verur \u00feessarar hef\u00f0ar (5)<\/h2>\t\t\t\t<\/div>\n\t\t<div class=\"elementor-element elementor-element-iwgha-sami-gc e-flex e-con-boxed e-con e-parent\" data-id=\"iwgha-sami-gc\" data-element_type=\"container\" data-e-type=\"container\">\n\t\t\t\t\t<div class=\"e-con-inner\">\n\t\t\t\t<div class=\"elementor-element elementor-element-iwgha-sami-grid elementor-widget elementor-widget-text-editor\" data-id=\"iwgha-sami-grid\" data-element_type=\"widget\" data-e-type=\"widget\" data-widget_type=\"text-editor.default\">\n\t\t\t\t\t\t\t\t\t<div class=\"iwg-wesen-grid\"><a class=\"iwg-wesen-card\" href=\"https:\/\/iwell-guard.com\/is\/orang-bunian\/\" aria-label=\"Orang Bunian\"><div class=\"iwg-wesen-card-imgwrap\"><img decoding=\"async\" src=\"https:\/\/iwell-guard.com\/wp-content\/uploads\/2026\/07\/geister_malaiisch_orang-bunian-200x300.webp\" alt=\"Orang Bunian\" loading=\"lazy\"><\/div><div class=\"iwg-wesen-card-body\"><div class=\"iwg-wesen-card-name\">Orang Bunian<\/div><div class=\"iwg-wesen-card-arrow\">\u2192 \u00c1 v\u00e6ttina<\/div><\/div><\/a><a class=\"iwg-wesen-card\" href=\"https:\/\/iwell-guard.com\/is\/toyol\/\" aria-label=\"Toyol\"><div class=\"iwg-wesen-card-imgwrap\"><img decoding=\"async\" src=\"https:\/\/iwell-guard.com\/wp-content\/uploads\/2026\/07\/daemonen_malaiisch_toyol-200x300.webp\" alt=\"Toyol\" loading=\"lazy\"><\/div><div class=\"iwg-wesen-card-body\"><div class=\"iwg-wesen-card-name\">Toyol<\/div><div class=\"iwg-wesen-card-arrow\">\u2192 \u00c1 v\u00e6ttina<\/div><\/div><\/a><a class=\"iwg-wesen-card\" href=\"https:\/\/iwell-guard.com\/is\/pontianak\/\" aria-label=\"Pontianak\"><div class=\"iwg-wesen-card-imgwrap\"><img decoding=\"async\" src=\"https:\/\/iwell-guard.com\/wp-content\/uploads\/2026\/07\/daemonen_malaiisch_pontianak-200x300.webp\" alt=\"Pontianak\" loading=\"lazy\"><\/div><div class=\"iwg-wesen-card-body\"><div class=\"iwg-wesen-card-name\">Pontianak<\/div><div class=\"iwg-wesen-card-arrow\">\u2192 \u00c1 v\u00e6ttina<\/div><\/div><\/a><a class=\"iwg-wesen-card\" href=\"https:\/\/iwell-guard.com\/is\/penanggalan\/\" aria-label=\"Penanggalan\"><div class=\"iwg-wesen-card-imgwrap\"><img decoding=\"async\" src=\"https:\/\/iwell-guard.com\/wp-content\/uploads\/2026\/07\/daemonen_malaiisch_penanggalan-200x300.webp\" alt=\"Penanggalan\" loading=\"lazy\"><\/div><div class=\"iwg-wesen-card-body\"><div class=\"iwg-wesen-card-name\">Penanggalan<\/div><div class=\"iwg-wesen-card-arrow\">\u2192 \u00c1 v\u00e6ttina<\/div><\/div><\/a><a class=\"iwg-wesen-card\" href=\"https:\/\/iwell-guard.com\/is\/langsuir\/\" aria-label=\"Langsuir\"><div class=\"iwg-wesen-card-imgwrap\"><img decoding=\"async\" src=\"https:\/\/iwell-guard.com\/wp-content\/uploads\/2026\/07\/daemonen_malaiisch_langsuir-200x300.webp\" alt=\"Langsuir\" loading=\"lazy\"><\/div><div class=\"iwg-wesen-card-body\"><div class=\"iwg-wesen-card-name\">Langsuir<\/div><div class=\"iwg-wesen-card-arrow\">\u2192 \u00c1 v\u00e6ttina<\/div><\/div><\/a><\/div>\t\t\t\t\t\t\t\t<\/div>\n\t\t\t\t\t<\/div>\n\t\t\t\t<\/div>\n\t\t\t\t\t<\/div>\n\t\t\t\t<\/div>\n\t\t<div class=\"elementor-element elementor-element-iwgkw2-add-sami e-flex e-con-boxed e-con e-parent\" data-id=\"iwgkw2-add-sami\" data-element_type=\"container\" data-e-type=\"container\">\n\t\t\t\t\t<div class=\"e-con-inner\">\n\t\t\t\t<div class=\"elementor-element elementor-element-iwgkw2-add-sami-t elementor-widget elementor-widget-text-editor\" data-id=\"iwgkw2-add-sami-t\" data-element_type=\"widget\" data-e-type=\"widget\" data-widget_type=\"text-editor.default\">\n\t\t\t\t\t\t\t\t\t<p>Mala\u00edska <em>hantu-tr\u00fain<\/em> tengir saman Pontianak, Langsuir, Toyol og <em>orang bunian<\/em> \u00ed sj\u00e1lfst\u00e6\u00f0a verndarhef\u00f0 \u00far \u00feyrnigreinum, verndargripum og rit\u00faalform\u00falum sem \u00e1tti a\u00f0 verja fj\u00f6lskyldur og n\u00fdf\u00e6dd b\u00f6rn fr\u00e1 \u00f6ndum og n\u00e1tt\u00faruv\u00e6ttum.<\/p>\t\t\t\t\t\t\t\t<\/div>\n\t\t\t\t\t<\/div>\n\t\t\t\t<\/div>\n\t\t<div class=\"elementor-element elementor-element-iwgcn-sami-kwd e-flex e-con-boxed e-con e-parent\" data-id=\"iwgcn-sami-kwd\" data-element_type=\"container\" data-e-type=\"container\">\n\t\t\t\t\t<div class=\"e-con-inner\">\n\t\t<div class=\"elementor-element elementor-element-iwgcn-sami-kwd-c e-con-full e-flex e-con e-child\" data-id=\"iwgcn-sami-kwd-c\" data-element_type=\"container\" data-e-type=\"container\">\n\t\t\t\t<div class=\"elementor-element elementor-element-iwgcn-sami-kwdt elementor-widget elementor-widget-text-editor\" data-id=\"iwgcn-sami-kwdt\" data-element_type=\"widget\" data-e-type=\"widget\" data-widget_type=\"text-editor.default\">\n\t\t\t\t\t\t\t\t\t<p><em>Tengd kjarnahugt\u00f6k: Hantu Pontianak Langsuir Toyol Penanggalan Orang Bunian Bomoh Jinn Malas\u00eda Ind\u00f3nes\u00eda.<\/em><\/p>\t\t\t\t\t\t\t\t<\/div>\n\t\t\t\t<\/div>\n\t\t\t\t\t<\/div>\n\t\t\t\t<\/div>\n\t\t<div class=\"elementor-element elementor-element-iwgcn-sami-cc e-flex e-con-boxed e-con e-parent\" data-id=\"iwgcn-sami-cc\" data-element_type=\"container\" data-e-type=\"container\" id=\"iwg-cc-sami\">\n\t\t\t\t\t<div class=\"e-con-inner\">\n\t\t<div class=\"elementor-element elementor-element-iwgcn-sami-ccinner e-flex e-con-boxed e-con e-parent\" data-id=\"iwgcn-sami-ccinner\" data-element_type=\"container\" data-e-type=\"container\" data-settings=\"{&quot;background_background&quot;:&quot;classic&quot;}\">\n\t\t\t\t\t<div class=\"e-con-inner\">\n\t\t\t\t<div class=\"elementor-element elementor-element-iwgcn-sami-cch elementor-widget elementor-widget-heading\" data-id=\"iwgcn-sami-cch\" data-element_type=\"widget\" data-e-type=\"widget\" data-widget_type=\"heading.default\">\n\t\t\t\t\t<h2 class=\"elementor-heading-title elementor-size-default\">Verndargripir \u00ed \u00feessari menningarhef\u00f0<\/h2>\t\t\t\t<\/div>\n\t\t\t\t<div class=\"elementor-element elementor-element-iwgcn-sami-cct elementor-widget elementor-widget-text-editor\" data-id=\"iwgcn-sami-cct\" data-element_type=\"widget\" data-e-type=\"widget\" data-widget_type=\"text-editor.default\">\n\t\t\t\t\t\t\t\t\t<p>Mala\u00edska hef\u00f0in kannast vi\u00f0 \u00feyrnigreinar af Jeruju-pl\u00f6ntunni \u00e1 gluggum, blessa\u00f0a <a href=\"https:\/\/iwell-guard.com\/is\/amulett\/\">verndargripi<\/a> (azimat) me\u00f0 K\u00f3ranversum e\u00f0a galdraform\u00falum, n\u00e1lar og glerperlur sem grafgjafir auk reykelsis Bomoh til a\u00f0 hrekja burt anda; fars\u00edmir verndarhlutir eru h\u00e9r n\u00e1tengdir tr\u00faarlegum form\u00falum og rit\u00faals\u00e9rfr\u00e6\u00f0ingum. Yfirgripsmiki\u00f0 yfirlit yfir menningarheima veitir <a href=\"https:\/\/iwell-guard.com\/is\/verndarleidarvisir\/\">Verndarkomp\u00e1sinn<\/a>.<\/p>\n<div data-nosnippet=\"true\"><p>iWell Guard fellur inn \u00ed \u00feessa menningars\u00f6gulegu hef\u00f0 fars\u00edmra verndargripa, \u00ed samt\u00edmalegri efnis\u00fatf\u00e6rslu, framleitt \u00ed \u00de\u00fdskalandi. 41 l\u00f6g, alv\u00f6ru gull, plat\u00edna, silfur. 30 daga skilar\u00e9ttur.<\/p><\/div>\t\t\t\t\t\t\t\t<\/div>\n\t\t\t\t<div class=\"elementor-element elementor-element-iwgcn-sami-ccb iwg-cc-button iwg-cc-cta-2026-05-13 elementor-widget elementor-widget-jet-button\" data-id=\"iwgcn-sami-ccb\" data-element_type=\"widget\" data-e-type=\"widget\" data-widget_type=\"jet-button.default\">\n\t\t\t\t<div class=\"elementor-widget-container\">\n\t\t\t\t\t<div class=\"elementor-jet-button jet-elements\"><div class=\"jet-button__container\"><a class=\"jet-button__instance jet-button__instance--icon-left hover-effect-1\" href=\"\/ueber-iwell-guard\/?utm_source=iwell-guard.com&amp;utm_medium=info-box&amp;utm_campaign=kultur-tradition\"><div class=\"jet-button__plane jet-button__plane-normal\"><\/div><div class=\"jet-button__plane jet-button__plane-hover\"><\/div><div class=\"jet-button__state jet-button__state-normal\"><span class=\"jet-button__label\">Meira um iWell Guard<\/span><\/div><div class=\"jet-button__state jet-button__state-hover\"><span class=\"jet-button__label\">Meira um iWell Guard<\/span><\/div><\/a><\/div><\/div><style>.elementor-element.elementor-element-iwgcn-sami-ccb .jet-button__instance{width:320px;height:56px;}.elementor-element.elementor-element-iwgcn-sami-ccb .jet-button__state-normal .jet-button__label{text-align:center;margin:0px 0px 0px 0px;color:#1a1b20;font-family:Montserrat,sans-serif;font-size:13px;font-weight:400;letter-spacing:4px;line-height:1.714em;text-transform:uppercase;}.elementor-element.elementor-element-iwgcn-sami-ccb .jet-button__state-hover .jet-button__label{text-align:center;margin:0px 0px 0px 0px;color:#FECC76;font-family:Montserrat,sans-serif;font-size:13px;font-weight:400;letter-spacing:4px;line-height:1.714em;text-transform:uppercase;}.elementor-element.elementor-element-iwgcn-sami-ccb .jet-button__plane-normal{background-color:#FECC76;border-style:solid;border-color:#C99540;border-width:2px 2px 2px 2px;}.elementor-element.elementor-element-iwgcn-sami-ccb .jet-button__plane-hover{background-color:rgba(0,0,0,0.55);border-style:solid;border-color:#FECC76;border-width:2px 2px 2px 2px;}<\/style>\t\t\t\t<\/div>\n\t\t\t\t<\/div>\n\t\t\t\t<div class=\"elementor-element elementor-element-iwgcn-sami-ccd elementor-widget elementor-widget-text-editor\" data-id=\"iwgcn-sami-ccd\" data-element_type=\"widget\" data-e-type=\"widget\" data-widget_type=\"text-editor.default\">\n\t\t\t\t\t\t\t\t\t<div data-nosnippet=\"true\"><p style=\"text-align:center;font-size:13px;opacity:0.7;margin-top:14px\" data-nosnippet=\"true\">Pers\u00f3nuleg reynsla getur veri\u00f0 mismunandi. Ekki l\u00e6kningat\u00e6ki. Engin lofor\u00f0 um l\u00e6kningu.<\/p><\/div>\t\t\t\t\t\t\t\t<\/div>\n\t\t\t\t\t<\/div>\n\t\t\t\t<\/div>\n\t\t\t\t\t<\/div>\n\t\t\t\t<\/div>\n\t\t<div class=\"elementor-element elementor-element-iwgcn-sami-disc e-flex e-con-boxed e-con e-parent\" data-id=\"iwgcn-sami-disc\" data-element_type=\"container\" data-e-type=\"container\">\n\t\t\t\t\t<div class=\"e-con-inner\">\n\t\t\t\t<div class=\"elementor-element elementor-element-iwgcn-sami-discw elementor-widget elementor-widget-html\" data-id=\"iwgcn-sami-discw\" data-element_type=\"widget\" data-e-type=\"widget\" data-widget_type=\"html.default\">\n\t\t\t\t\t<footer data-nosnippet=\"true\" class=\"iwg-disclaimer-block\"><p data-nosnippet=\"true\">iWell Guard er <strong>ekki l\u00e6kningat\u00e6ki<\/strong> og kemur ekki \u00ed sta\u00f0inn fyrir l\u00e6knis- e\u00f0a s\u00e1lfr\u00e6\u00f0ime\u00f0fer\u00f0. Tr\u00faarfr\u00e6\u00f0ilegt efni er menningars\u00f6gulegt samhengi, ekki r\u00e1\u00f0legging um andlega i\u00f0kun.<\/p><\/footer>\t\t\t\t<\/div>\n\t\t\t\t\t<\/div>\n\t\t\t\t<\/div>\n\t\t\t\t<\/div>\n\t\t","protected":false},"excerpt":{"rendered":"","protected":false},"author":3,"featured_media":20246,"parent":0,"menu_order":0,"comment_status":"closed","ping_status":"closed","template":"elementor_header_footer","meta":{"_yoast_wpseo_focuskw":"mala\u00edsk andatr\u00fa","_yoast_wpseo_title":"Mala\u00edski andaheimurinn: Hantu, Pontianak og Toyol","_yoast_wpseo_metadesc":"Pontianak, Langsuir, Toyol og Orang Bunian: mala\u00edski andaheimurinn \u00fatsk\u00fdr\u00f0ur \u00fat fr\u00e1 tr\u00faarbrag\u00f0afr\u00e6\u00f0i, \u00ed samhengi vi\u00f0 \u00edslamskt umhverfi Malas\u00edu.","_yoast_wpseo_meta-robots-noindex":"","_yoast_wpseo_canonical":"","_angie_page":false,"gefaehrdungsstufe":"","wesen_kultur":"","wesen_klasse":"","footnotes":""},"categories":[],"class_list":["post-169860","page","type-page","status-publish","has-post-thumbnail","hentry"],"yoast_head":"<!-- This site is optimized with the Yoast SEO Premium plugin v27.7 (Yoast SEO v28.3) - https:\/\/yoast.com\/product\/yoast-seo-premium-wordpress\/ -->\n<title>Mala\u00edski andaheimurinn: Hantu, Pontianak og Toyol<\/title>\n<meta name=\"description\" content=\"Pontianak, Langsuir, Toyol og Orang Bunian: mala\u00edski andaheimurinn \u00fatsk\u00fdr\u00f0ur \u00fat fr\u00e1 tr\u00faarbrag\u00f0afr\u00e6\u00f0i, \u00ed samhengi vi\u00f0 \u00edslamskt umhverfi Malas\u00edu.\" \/>\n<meta name=\"robots\" content=\"index, follow, max-snippet:-1, max-image-preview:large, max-video-preview:-1\" \/>\n<link rel=\"canonical\" href=\"https:\/\/iwell-guard.com\/is\/malaiski-andaheimurinn\/\" \/>\n<meta property=\"og:locale\" content=\"is_IS\" \/>\n<meta property=\"og:type\" content=\"article\" \/>\n<meta property=\"og:title\" content=\"Mala\u00edski andaheimurinn\" \/>\n<meta property=\"og:description\" content=\"Pontianak, Langsuir, Toyol og Orang Bunian: mala\u00edski andaheimurinn \u00fatsk\u00fdr\u00f0ur \u00fat fr\u00e1 tr\u00faarbrag\u00f0afr\u00e6\u00f0i, \u00ed samhengi vi\u00f0 \u00edslamskt umhverfi Malas\u00edu.\" \/>\n<meta property=\"og:url\" content=\"https:\/\/iwell-guard.com\/is\/malaiski-andaheimurinn\/\" \/>\n<meta property=\"og:site_name\" content=\"iWell Guard\" \/>\n<meta property=\"article:modified_time\" content=\"2026-09-05T14:58:26+00:00\" \/>\n<meta property=\"og:image\" content=\"https:\/\/iwell-guard.com\/wp-content\/uploads\/2026\/07\/daemonen_malaiisch_pontianak.webp\" \/>\n\t<meta property=\"og:image:width\" content=\"1024\" \/>\n\t<meta property=\"og:image:height\" content=\"1536\" \/>\n\t<meta property=\"og:image:type\" content=\"image\/webp\" \/>\n<meta name=\"twitter:card\" content=\"summary_large_image\" \/>\n<script type=\"application\/ld+json\" class=\"yoast-schema-graph\">{\"@context\":\"https:\\\/\\\/schema.org\",\"@graph\":[{\"@type\":\"WebPage\",\"@id\":\"https:\\\/\\\/iwell-guard.com\\\/is\\\/malaiski-andaheimurinn\\\/\",\"url\":\"https:\\\/\\\/iwell-guard.com\\\/is\\\/malaiski-andaheimurinn\\\/\",\"name\":\"Mala\u00edski andaheimurinn: Hantu, Pontianak og Toyol\",\"isPartOf\":{\"@id\":\"https:\\\/\\\/iwell-guard.com\\\/is\\\/#website\"},\"primaryImageOfPage\":{\"@id\":\"https:\\\/\\\/iwell-guard.com\\\/is\\\/malaiski-andaheimurinn\\\/#primaryimage\"},\"image\":{\"@id\":\"https:\\\/\\\/iwell-guard.com\\\/is\\\/malaiski-andaheimurinn\\\/#primaryimage\"},\"thumbnailUrl\":\"https:\\\/\\\/iwell-guard.com\\\/wp-content\\\/uploads\\\/2026\\\/07\\\/daemonen_malaiisch_pontianak.webp\",\"datePublished\":\"2026-09-05T14:12:21+00:00\",\"dateModified\":\"2026-09-05T14:58:26+00:00\",\"description\":\"Pontianak, Langsuir, Toyol og Orang Bunian: mala\u00edski andaheimurinn \u00fatsk\u00fdr\u00f0ur \u00fat fr\u00e1 tr\u00faarbrag\u00f0afr\u00e6\u00f0i, \u00ed samhengi vi\u00f0 \u00edslamskt umhverfi Malas\u00edu.\",\"breadcrumb\":{\"@id\":\"https:\\\/\\\/iwell-guard.com\\\/is\\\/malaiski-andaheimurinn\\\/#breadcrumb\"},\"inLanguage\":\"is\",\"potentialAction\":[{\"@type\":\"ReadAction\",\"target\":[\"https:\\\/\\\/iwell-guard.com\\\/is\\\/malaiski-andaheimurinn\\\/\"]}]},{\"@type\":\"ImageObject\",\"inLanguage\":\"is\",\"@id\":\"https:\\\/\\\/iwell-guard.com\\\/is\\\/malaiski-andaheimurinn\\\/#primaryimage\",\"url\":\"https:\\\/\\\/iwell-guard.com\\\/wp-content\\\/uploads\\\/2026\\\/07\\\/daemonen_malaiisch_pontianak.webp\",\"contentUrl\":\"https:\\\/\\\/iwell-guard.com\\\/wp-content\\\/uploads\\\/2026\\\/07\\\/daemonen_malaiisch_pontianak.webp\",\"width\":1024,\"height\":1536,\"caption\":\"Pontianak, dj\u00f6full \u00far mala\u00edskri arfs\u00f6gn\"},{\"@type\":\"BreadcrumbList\",\"@id\":\"https:\\\/\\\/iwell-guard.com\\\/is\\\/malaiski-andaheimurinn\\\/#breadcrumb\",\"itemListElement\":[{\"@type\":\"ListItem\",\"position\":1,\"name\":\"Start\",\"item\":\"https:\\\/\\\/iwell-guard.com\\\/is\\\/?page_id=168580\"},{\"@type\":\"ListItem\",\"position\":2,\"name\":\"Mala\u00edski andaheimurinn\"}]},{\"@type\":\"WebSite\",\"@id\":\"https:\\\/\\\/iwell-guard.com\\\/is\\\/#website\",\"url\":\"https:\\\/\\\/iwell-guard.com\\\/is\\\/\",\"name\":\"iWell Guard\",\"description\":\"Schutz vor dunklen Einfl\u00fcssen\",\"publisher\":{\"@id\":\"https:\\\/\\\/iwell-guard.com\\\/is\\\/#organization\"},\"potentialAction\":[{\"@type\":\"SearchAction\",\"target\":{\"@type\":\"EntryPoint\",\"urlTemplate\":\"https:\\\/\\\/iwell-guard.com\\\/is\\\/?s={search_term_string}\"},\"query-input\":{\"@type\":\"PropertyValueSpecification\",\"valueRequired\":true,\"valueName\":\"search_term_string\"}}],\"inLanguage\":\"is\"},{\"@type\":\"Organization\",\"@id\":\"https:\\\/\\\/iwell-guard.com\\\/is\\\/#organization\",\"name\":\"Ittermann electronic GmbH\",\"url\":\"https:\\\/\\\/iwell-guard.com\\\/is\\\/\",\"logo\":{\"@type\":\"ImageObject\",\"inLanguage\":\"is\",\"@id\":\"https:\\\/\\\/iwell-guard.com\\\/is\\\/#\\\/schema\\\/logo\\\/image\\\/\",\"url\":\"https:\\\/\\\/iwell-guard.com\\\/wp-content\\\/uploads\\\/2026\\\/05\\\/Ittermann-Logo-1182x237-1.png\",\"contentUrl\":\"https:\\\/\\\/iwell-guard.com\\\/wp-content\\\/uploads\\\/2026\\\/05\\\/Ittermann-Logo-1182x237-1.png\",\"width\":1182,\"height\":237,\"caption\":\"Ittermann electronic GmbH\"},\"image\":{\"@id\":\"https:\\\/\\\/iwell-guard.com\\\/is\\\/#\\\/schema\\\/logo\\\/image\\\/\"},\"sameAs\":[\"https:\\\/\\\/pantip.com\\\/profile\\\/9367242\",\"https:\\\/\\\/micro.blog\\\/iwellguard\",\"https:\\\/\\\/www.diggerslist.com\\\/iwellguard\\\/about\",\"https:\\\/\\\/skitterphoto.com\\\/photographers\\\/2870314\\\/iwell-guard\",\"https:\\\/\\\/iwellguard.wordpress.com\\\/2026\\\/06\\\/06\\\/iwell-guard\\\/\",\"https:\\\/\\\/hub.docker.com\\\/u\\\/iwellguard\",\"https:\\\/\\\/www.pinterest.com\\\/iwellguard\\\/\",\"https:\\\/\\\/bit.ly\\\/m\\\/iwellguard\",\"https:\\\/\\\/entre-vos-mains.alsace.eu\\\/profiles\\\/iwellguard\\\/activity\",\"https:\\\/\\\/gravatar.com\\\/reallybeded8fd34\",\"https:\\\/\\\/naijamatta.com\\\/iwellguard\",\"https:\\\/\\\/www.goodreads.com\\\/iwellguard\",\"https:\\\/\\\/profile.hatena.ne.jp\\\/iwellguard\\\/\",\"https:\\\/\\\/experiment.com\\\/users\\\/iwellguard\",\"https:\\\/\\\/wakelet.com\\\/@iWellGuard82270\",\"https:\\\/\\\/www.chordie.com\\\/forum\\\/profile.php?id=2555664\",\"https:\\\/\\\/www.instapaper.com\\\/p\\\/17757966\",\"https:\\\/\\\/www.mapleprimes.com\\\/users\\\/iwellguard\",\"https:\\\/\\\/businesslistingplus.com\\\/profile\\\/iwell-guard\\\/\",\"https:\\\/\\\/telegra.ph\\\/iWell-Guard-06-06\",\"https:\\\/\\\/pbase.com\\\/iwellguard\\\/iwellguard\",\"https:\\\/\\\/b.hatena.ne.jp\\\/iwellguard\\\/20260607#bookmark-4788405196491818882\",\"https:\\\/\\\/fliphtml5.com\\\/home\\\/iwellguard\",\"https:\\\/\\\/anyflip.com\\\/homepage\\\/cmiwl#About\",\"https:\\\/\\\/transfur.com\\\/Users\\\/iwellguard\",\"http:\\\/\\\/delphi.larsbo.org\\\/user\\\/iwellguard\",\"https:\\\/\\\/jobs.lajobsportal.org\\\/profiles\\\/8380803-iwell-guard\",\"https:\\\/\\\/md.chaosdorf.de\\\/s\\\/jfbe5SBdJD\",\"https:\\\/\\\/www.lingvolive.com\\\/en-us\\\/profile\\\/9ecaeaca-ce11-4e51-9e71-01d55e2bff36\\\/translations\",\"https:\\\/\\\/www.fitday.com\\\/fitness\\\/forums\\\/members\\\/iwellguard.html\",\"https:\\\/\\\/www.mymeetbook.com\\\/iwellguard\",\"https:\\\/\\\/pxhere.com\\\/en\\\/photographer-me\\\/5040798\",\"https:\\\/\\\/disqus.com\\\/by\\\/iwellguard\\\/about\\\/\",\"https:\\\/\\\/pastelink.net\\\/hjwciqwq\",\"https:\\\/\\\/pubhtml5.com\\\/homepage\\\/scjhn\\\/\",\"https:\\\/\\\/www.bitchute.com\\\/channel\\\/2O2eOKzNqujT\",\"https:\\\/\\\/audiomack.com\\\/iwellguard\"]}]}<\/script>\n<!-- \/ Yoast SEO Premium plugin. -->","yoast_head_json":{"title":"Mala\u00edski andaheimurinn: Hantu, Pontianak og Toyol","description":"Pontianak, Langsuir, Toyol og Orang Bunian: mala\u00edski andaheimurinn \u00fatsk\u00fdr\u00f0ur \u00fat fr\u00e1 tr\u00faarbrag\u00f0afr\u00e6\u00f0i, \u00ed samhengi vi\u00f0 \u00edslamskt umhverfi Malas\u00edu.","robots":{"index":"index","follow":"follow","max-snippet":"max-snippet:-1","max-image-preview":"max-image-preview:large","max-video-preview":"max-video-preview:-1"},"canonical":"https:\/\/iwell-guard.com\/is\/malaiski-andaheimurinn\/","og_locale":"is_IS","og_type":"article","og_title":"Mala\u00edski andaheimurinn","og_description":"Pontianak, Langsuir, Toyol og Orang Bunian: mala\u00edski andaheimurinn \u00fatsk\u00fdr\u00f0ur \u00fat fr\u00e1 tr\u00faarbrag\u00f0afr\u00e6\u00f0i, \u00ed samhengi vi\u00f0 \u00edslamskt umhverfi Malas\u00edu.","og_url":"https:\/\/iwell-guard.com\/is\/malaiski-andaheimurinn\/","og_site_name":"iWell Guard","article_modified_time":"2026-09-05T14:58:26+00:00","og_image":[{"width":1024,"height":1536,"url":"https:\/\/iwell-guard.com\/wp-content\/uploads\/2026\/07\/daemonen_malaiisch_pontianak.webp","type":"image\/webp"}],"twitter_card":"summary_large_image","schema":{"@context":"https:\/\/schema.org","@graph":[{"@type":"WebPage","@id":"https:\/\/iwell-guard.com\/is\/malaiski-andaheimurinn\/","url":"https:\/\/iwell-guard.com\/is\/malaiski-andaheimurinn\/","name":"Mala\u00edski andaheimurinn: Hantu, Pontianak og Toyol","isPartOf":{"@id":"https:\/\/iwell-guard.com\/is\/#website"},"primaryImageOfPage":{"@id":"https:\/\/iwell-guard.com\/is\/malaiski-andaheimurinn\/#primaryimage"},"image":{"@id":"https:\/\/iwell-guard.com\/is\/malaiski-andaheimurinn\/#primaryimage"},"thumbnailUrl":"https:\/\/iwell-guard.com\/wp-content\/uploads\/2026\/07\/daemonen_malaiisch_pontianak.webp","datePublished":"2026-09-05T14:12:21+00:00","dateModified":"2026-09-05T14:58:26+00:00","description":"Pontianak, Langsuir, Toyol og Orang Bunian: mala\u00edski andaheimurinn \u00fatsk\u00fdr\u00f0ur \u00fat fr\u00e1 tr\u00faarbrag\u00f0afr\u00e6\u00f0i, \u00ed samhengi vi\u00f0 \u00edslamskt umhverfi Malas\u00edu.","breadcrumb":{"@id":"https:\/\/iwell-guard.com\/is\/malaiski-andaheimurinn\/#breadcrumb"},"inLanguage":"is","potentialAction":[{"@type":"ReadAction","target":["https:\/\/iwell-guard.com\/is\/malaiski-andaheimurinn\/"]}]},{"@type":"ImageObject","inLanguage":"is","@id":"https:\/\/iwell-guard.com\/is\/malaiski-andaheimurinn\/#primaryimage","url":"https:\/\/iwell-guard.com\/wp-content\/uploads\/2026\/07\/daemonen_malaiisch_pontianak.webp","contentUrl":"https:\/\/iwell-guard.com\/wp-content\/uploads\/2026\/07\/daemonen_malaiisch_pontianak.webp","width":1024,"height":1536,"caption":"Pontianak, dj\u00f6full \u00far mala\u00edskri arfs\u00f6gn"},{"@type":"BreadcrumbList","@id":"https:\/\/iwell-guard.com\/is\/malaiski-andaheimurinn\/#breadcrumb","itemListElement":[{"@type":"ListItem","position":1,"name":"Start","item":"https:\/\/iwell-guard.com\/is\/?page_id=168580"},{"@type":"ListItem","position":2,"name":"Mala\u00edski andaheimurinn"}]},{"@type":"WebSite","@id":"https:\/\/iwell-guard.com\/is\/#website","url":"https:\/\/iwell-guard.com\/is\/","name":"iWell Guard","description":"Schutz vor dunklen Einfl\u00fcssen","publisher":{"@id":"https:\/\/iwell-guard.com\/is\/#organization"},"potentialAction":[{"@type":"SearchAction","target":{"@type":"EntryPoint","urlTemplate":"https:\/\/iwell-guard.com\/is\/?s={search_term_string}"},"query-input":{"@type":"PropertyValueSpecification","valueRequired":true,"valueName":"search_term_string"}}],"inLanguage":"is"},{"@type":"Organization","@id":"https:\/\/iwell-guard.com\/is\/#organization","name":"Ittermann electronic GmbH","url":"https:\/\/iwell-guard.com\/is\/","logo":{"@type":"ImageObject","inLanguage":"is","@id":"https:\/\/iwell-guard.com\/is\/#\/schema\/logo\/image\/","url":"https:\/\/iwell-guard.com\/wp-content\/uploads\/2026\/05\/Ittermann-Logo-1182x237-1.png","contentUrl":"https:\/\/iwell-guard.com\/wp-content\/uploads\/2026\/05\/Ittermann-Logo-1182x237-1.png","width":1182,"height":237,"caption":"Ittermann electronic GmbH"},"image":{"@id":"https:\/\/iwell-guard.com\/is\/#\/schema\/logo\/image\/"},"sameAs":["https:\/\/pantip.com\/profile\/9367242","https:\/\/micro.blog\/iwellguard","https:\/\/www.diggerslist.com\/iwellguard\/about","https:\/\/skitterphoto.com\/photographers\/2870314\/iwell-guard","https:\/\/iwellguard.wordpress.com\/2026\/06\/06\/iwell-guard\/","https:\/\/hub.docker.com\/u\/iwellguard","https:\/\/www.pinterest.com\/iwellguard\/","https:\/\/bit.ly\/m\/iwellguard","https:\/\/entre-vos-mains.alsace.eu\/profiles\/iwellguard\/activity","https:\/\/gravatar.com\/reallybeded8fd34","https:\/\/naijamatta.com\/iwellguard","https:\/\/www.goodreads.com\/iwellguard","https:\/\/profile.hatena.ne.jp\/iwellguard\/","https:\/\/experiment.com\/users\/iwellguard","https:\/\/wakelet.com\/@iWellGuard82270","https:\/\/www.chordie.com\/forum\/profile.php?id=2555664","https:\/\/www.instapaper.com\/p\/17757966","https:\/\/www.mapleprimes.com\/users\/iwellguard","https:\/\/businesslistingplus.com\/profile\/iwell-guard\/","https:\/\/telegra.ph\/iWell-Guard-06-06","https:\/\/pbase.com\/iwellguard\/iwellguard","https:\/\/b.hatena.ne.jp\/iwellguard\/20260607#bookmark-4788405196491818882","https:\/\/fliphtml5.com\/home\/iwellguard","https:\/\/anyflip.com\/homepage\/cmiwl#About","https:\/\/transfur.com\/Users\/iwellguard","http:\/\/delphi.larsbo.org\/user\/iwellguard","https:\/\/jobs.lajobsportal.org\/profiles\/8380803-iwell-guard","https:\/\/md.chaosdorf.de\/s\/jfbe5SBdJD","https:\/\/www.lingvolive.com\/en-us\/profile\/9ecaeaca-ce11-4e51-9e71-01d55e2bff36\/translations","https:\/\/www.fitday.com\/fitness\/forums\/members\/iwellguard.html","https:\/\/www.mymeetbook.com\/iwellguard","https:\/\/pxhere.com\/en\/photographer-me\/5040798","https:\/\/disqus.com\/by\/iwellguard\/about\/","https:\/\/pastelink.net\/hjwciqwq","https:\/\/pubhtml5.com\/homepage\/scjhn\/","https:\/\/www.bitchute.com\/channel\/2O2eOKzNqujT","https:\/\/audiomack.com\/iwellguard"]}]}},"_links":{"self":[{"href":"https:\/\/iwell-guard.com\/is\/wp-json\/wp\/v2\/pages\/169860","targetHints":{"allow":["GET"]}}],"collection":[{"href":"https:\/\/iwell-guard.com\/is\/wp-json\/wp\/v2\/pages"}],"about":[{"href":"https:\/\/iwell-guard.com\/is\/wp-json\/wp\/v2\/types\/page"}],"author":[{"embeddable":true,"href":"https:\/\/iwell-guard.com\/is\/wp-json\/wp\/v2\/users\/3"}],"replies":[{"embeddable":true,"href":"https:\/\/iwell-guard.com\/is\/wp-json\/wp\/v2\/comments?post=169860"}],"version-history":[{"count":0,"href":"https:\/\/iwell-guard.com\/is\/wp-json\/wp\/v2\/pages\/169860\/revisions"}],"wp:featuredmedia":[{"embeddable":true,"href":"https:\/\/iwell-guard.com\/is\/wp-json\/wp\/v2\/media\/20246"}],"wp:attachment":[{"href":"https:\/\/iwell-guard.com\/is\/wp-json\/wp\/v2\/media?parent=169860"}],"wp:term":[{"taxonomy":"category","embeddable":true,"href":"https:\/\/iwell-guard.com\/is\/wp-json\/wp\/v2\/categories?post=169860"}],"curies":[{"name":"wp","href":"https:\/\/api.w.org\/{rel}","templated":true}]}}