{"id":169859,"date":"2026-09-05T14:12:19","date_gmt":"2026-09-05T14:12:19","guid":{"rendered":"https:\/\/iwell-guard.com\/?page_id=169859"},"modified":"2026-09-05T14:58:25","modified_gmt":"2026-09-05T14:58:25","slug":"rumensk-godafraedi","status":"publish","type":"page","link":"https:\/\/iwell-guard.com\/is\/rumensk-godafraedi\/","title":{"rendered":"R\u00famensk go\u00f0afr\u00e6\u00f0i"},"content":{"rendered":"\t\t<div data-elementor-type=\"wp-page\" data-elementor-id=\"169859\" class=\"elementor elementor-169859 elementor-20574 elementor-bc-flex-widget\" data-elementor-post-type=\"page\">\n\t\t\t\t<div class=\"elementor-element elementor-element-iwgcn-sami-hero iwg-kultur-hero e-flex e-con-boxed e-con e-parent\" data-id=\"iwgcn-sami-hero\" data-element_type=\"container\" data-e-type=\"container\">\n\t\t\t\t\t<div class=\"e-con-inner\">\n\t\t<div class=\"elementor-element elementor-element-iwgcn-sami-hl iwg-kultur-hero-left e-flex e-con-boxed e-con e-child\" data-id=\"iwgcn-sami-hl\" data-element_type=\"container\" data-e-type=\"container\">\n\t\t\t\t\t<div class=\"e-con-inner\">\n\t\t\t\t<div class=\"elementor-element elementor-element-iwgcn-sami-h1 elementor-widget elementor-widget-heading\" data-id=\"iwgcn-sami-h1\" data-element_type=\"widget\" data-e-type=\"widget\" data-widget_type=\"heading.default\">\n\t\t\t\t\t<h1 class=\"elementor-heading-title elementor-size-default\">Strigoi, Iele og andaheimur r\u00famenska Karpatafjallanna<\/h1>\t\t\t\t<\/div>\n\t\t<div class=\"elementor-element elementor-element-iwgcn-sami-leadc e-con-full e-flex e-con e-child\" data-id=\"iwgcn-sami-leadc\" data-element_type=\"container\" data-e-type=\"container\">\n\t\t\t\t<div class=\"elementor-element elementor-element-iwgcn-sami-lead elementor-widget elementor-widget-text-editor\" data-id=\"iwgcn-sami-lead\" data-element_type=\"widget\" data-e-type=\"widget\" data-widget_type=\"text-editor.default\">\n\t\t\t\t\t\t\t\t\t<p>R\u00famensk \u00fej\u00f3\u00f0tr\u00fa tengir saman \u00f6flugan tr\u00faararf um hina l\u00e1tnu, me\u00f0 Strigoi og Moroi, og n\u00e1tt\u00faruv\u00e6ttir eins og hinar dansandi Iele, sk\u00f3garm\u00f3\u00f0urina Muma P\u0103durii og var\u00falfstr\u00fana um Pricolici. \u00deessar hugmyndir myndu\u00f0ust \u00ed dreifb\u00fdlissamf\u00e9lagi sem h\u00e9lt, samhli\u00f0a r\u00famensk-or\u00fe\u00f3doxu kirkjunni, eigin si\u00f0um til varnar gegn afturg\u00f6ngum og \u00f6ndum um aldir, s\u00e9rstaklega \u00ed Transylvan\u00edu, Moldav\u00edu og Valak\u00edu.<\/p>\n<p class=\"iwg-kwfix\">R\u00famensk go\u00f0afr\u00e6\u00f0i er verulega fr\u00e1brug\u00f0in b\u00f3kmenntago\u00f0s\u00f6gninni um Drak\u00fala, sem rekur uppruna sinn til sk\u00e1lds\u00f6gu Bram Stokers fr\u00e1 1897 og tengist raunverulegri r\u00famenskri \u00fej\u00f3\u00f0tr\u00fa a\u00f0eins me\u00f0 lausum b\u00f6ndum. Greinin fjallar um andaheim r\u00famenska Karpatafjallanna, sem er greinilega \u00f3l\u00edkur b\u00f3kmenntago\u00f0s\u00f6gninni um Drak\u00fala.<\/p>\t\t\t\t\t\t\t\t<\/div>\n\t\t\t\t<\/div>\n\t\t\t\t\t<\/div>\n\t\t\t\t<\/div>\n\t\t<div class=\"elementor-element elementor-element-iwgcn-sami-hr iwg-kultur-hero-right e-flex e-con-boxed e-con e-child\" data-id=\"iwgcn-sami-hr\" data-element_type=\"container\" data-e-type=\"container\">\n\t\t\t\t\t<div class=\"e-con-inner\">\n\t\t\t\t<div class=\"elementor-element elementor-element-iwgcn-sami-himg iwg-hero-image elementor-widget elementor-widget-image\" data-id=\"iwgcn-sami-himg\" data-element_type=\"widget\" data-e-type=\"widget\" data-widget_type=\"image.default\">\n\t\t\t\t\t\t\t\t\t\t\t\t\t\t\t<img fetchpriority=\"high\" decoding=\"async\" width=\"683\" height=\"1024\" src=\"https:\/\/iwell-guard.com\/wp-content\/uploads\/2026\/05\/goetter_sami_beaivi-683x1024.webp\" class=\"attachment-large size-large wp-image-170769\" alt=\"Beaivi - gu\u00f0ir \u00far sam\u00edskri hef\u00f0, s\u00f6guleg myndskreyting\" srcset=\"https:\/\/iwell-guard.com\/wp-content\/uploads\/2026\/05\/goetter_sami_beaivi-683x1024.webp 683w, https:\/\/iwell-guard.com\/wp-content\/uploads\/2026\/05\/goetter_sami_beaivi-200x300.webp 200w, https:\/\/iwell-guard.com\/wp-content\/uploads\/2026\/05\/goetter_sami_beaivi-768x1152.webp 768w, https:\/\/iwell-guard.com\/wp-content\/uploads\/2026\/05\/goetter_sami_beaivi.webp 1024w\" sizes=\"(max-width: 683px) 100vw, 683px\" \/>\t\t\t\t\t\t\t\t\t\t\t\t\t\t\t<\/div>\n\t\t\t\t\t<\/div>\n\t\t\t\t<\/div>\n\t\t\t\t\t<\/div>\n\t\t\t\t<\/div>\n\t\t\t\t<section class=\"elementor-section elementor-top-section elementor-element elementor-element-sec-iwgcomp-sami elementor-section-boxed elementor-section-height-default elementor-section-height-default\" data-id=\"sec-iwgcomp-sami\" data-element_type=\"section\" data-e-type=\"section\">\n\t\t\t\t\t\t<div class=\"elementor-container elementor-column-gap-default\">\n\t\t\t\t\t<div class=\"elementor-column elementor-col-100 elementor-top-column elementor-element elementor-element-col-iwgcomp-sami\" data-id=\"col-iwgcomp-sami\" data-element_type=\"column\" data-e-type=\"column\">\n\t\t\t<div class=\"elementor-widget-wrap elementor-element-populated\">\n\t\t\t\t\t\t<div class=\"elementor-element elementor-element-iwgcomp-sami elementor-widget elementor-widget-text-editor\" data-id=\"iwgcomp-sami\" data-element_type=\"widget\" data-e-type=\"widget\" data-widget_type=\"text-editor.default\">\n\t\t\t\t\t\t\t\t\t<p>R\u00famenska <strong><span class=\"iwg-fachbegriff\" data-tooltip=\"Hugmyndin um a\u00f0 hinir l\u00e1tnu sn\u00fai undir tilteknum skilyr\u00f0um aftur til heims lifenda sem afturg\u00f6ngur.\" tabindex=\"0\">tr\u00fain \u00e1 endurkomu hinna l\u00e1tnu<\/span><\/strong> um <a href=\"https:\/\/iwell-guard.com\/is\/strigoi\/\">Strigoi<\/a> og <a href=\"https:\/\/iwell-guard.com\/is\/moroi\/\">Moroi<\/a> myndar kjarna \u00fej\u00f3\u00f0tr\u00faarins \u00ed \u00feorpum Karpatafjallanna.<\/p>\n<p class=\"iwg-kwfix\">R\u00famensk go\u00f0afr\u00e6\u00f0i skiptist \u00ed \u00e1tr\u00fana\u00f0inn \u00e1 forfe\u00f0ur og hina l\u00e1tnu, loftkonurnar <a href=\"https:\/\/iwell-guard.com\/is\/iele\/\">Iele<\/a>, sk\u00f3garv\u00e6tturinn <a href=\"https:\/\/iwell-guard.com\/is\/muma-padurii\/\">Muma P\u0103durii<\/a> og var\u00falfstr\u00fana um <a href=\"https:\/\/iwell-guard.com\/is\/pricolici\/\">Pricolici<\/a>. \u00deessar sagnir eru enn \u00ed dag sag\u00f0ar, fyrst og fremst \u00ed dreifb\u00fdlishlutum Transylvan\u00edu og Moldav\u00edu.<\/p>\t\t\t\t\t\t\t\t<\/div>\n\t\t\t\t\t<\/div>\n\t\t<\/div>\n\t\t\t\t\t<\/div>\n\t\t<\/section>\n\t\t<div class=\"elementor-element elementor-element-iwgcn-sami-s0 e-flex e-con-boxed e-con e-parent\" data-id=\"iwgcn-sami-s0\" data-element_type=\"container\" data-e-type=\"container\">\n\t\t\t\t\t<div class=\"e-con-inner\">\n\t\t\t\t<div class=\"elementor-element elementor-element-iwgcn-sami-s0h elementor-widget elementor-widget-heading\" data-id=\"iwgcn-sami-s0h\" data-element_type=\"widget\" data-e-type=\"widget\" data-widget_type=\"heading.default\">\n\t\t\t\t\t<h2 class=\"elementor-heading-title elementor-size-default\">Transylvan\u00eda, Moldav\u00eda, Valak\u00eda: tr\u00faarlegt landslag R\u00famen\u00edu<\/h2>\t\t\t\t<\/div>\n\t\t<div class=\"elementor-element elementor-element-iwgcn-sami-s0-c e-con-full e-flex e-con e-child\" data-id=\"iwgcn-sami-s0-c\" data-element_type=\"container\" data-e-type=\"container\">\n\t\t\t\t<div class=\"elementor-element elementor-element-iwgcn-sami-s0t elementor-widget elementor-widget-text-editor\" data-id=\"iwgcn-sami-s0t\" data-element_type=\"widget\" data-e-type=\"widget\" data-widget_type=\"text-editor.default\">\n\t\t\t\t\t\t\t\t\t<p>R\u00famen\u00eda er a\u00f0 mestu leyti r\u00famensk-or\u00fe\u00f3dox, me\u00f0 ka\u00fe\u00f3lskum og si\u00f0b\u00f3tarminnihlutum, s\u00e9rstaklega \u00ed Transylvan\u00edu, \u00fear sem r\u00famenskir, ungverskir og \u00fe\u00fdskum\u00e6landi, transylvan\u00edsk-saxneskir \u00edb\u00faah\u00f3par bjuggu hli\u00f0 vi\u00f0 hli\u00f0 um aldir. \u00dej\u00f3\u00f0tr\u00fain um Strigoi, Iele og tengdar v\u00e6ttir \u00fer\u00f3a\u00f0ist samhli\u00f0a kirkjulegri tr\u00faari\u00f0kun, oft samofin kristnum h\u00e1t\u00ed\u00f0um og d\u00fdrlingadagat\u00f6lum.<\/p>\n<p>S\u00e9rstaklega \u00e1 afskekktum sv\u00e6\u00f0um eins og Maramure\u0219, d\u00f6lum Karpatafjallanna \u00ed Moldav\u00edu og hlutum Valak\u00edu h\u00e9ldust fornar greftrunar- og verndarhef\u00f0ir lifandi allt fram \u00e1 20. \u00f6ld. \u00dej\u00f3\u00f0h\u00e1ttafr\u00e6\u00f0ingar skr\u00e1\u00f0u \u00feessar sagnir fr\u00e1 lokum 19. aldar, \u00feegar r\u00famensk \u00fej\u00f3\u00f0fr\u00e6\u00f0i m\u00f3ta\u00f0ist sem sj\u00e1lfst\u00e6\u00f0 fr\u00e6\u00f0igrein.<\/p>\n<p class=\"iwg-kwfix\">Meginl\u00ednur \u00feessarar hef\u00f0ar eru: \u00e1tr\u00fana\u00f0ur \u00e1 forfe\u00f0ur og hina l\u00e1tnu \u00ed kringum Strigoi og Moroi, t\u00edmatal h\u00e6ttulegra n\u00e1tta \u00fear sem Iele og andar ganga um, og verndarsi\u00f0ir sem enn \u00ed dag berast \u00e1fram \u00ed dreifb\u00fdlum R\u00famen\u00edu.<\/p>\t\t\t\t\t\t\t\t<\/div>\n\t\t\t\t<\/div>\n\t\t\t\t\t<\/div>\n\t\t\t\t<\/div>\n\t\t<div class=\"elementor-element elementor-element-iwgcn-sami-s1 e-flex e-con-boxed e-con e-parent\" data-id=\"iwgcn-sami-s1\" data-element_type=\"container\" data-e-type=\"container\">\n\t\t\t\t\t<div class=\"e-con-inner\">\n\t\t\t\t<div class=\"elementor-element elementor-element-iwgcn-sami-s1h elementor-widget elementor-widget-heading\" data-id=\"iwgcn-sami-s1h\" data-element_type=\"widget\" data-e-type=\"widget\" data-widget_type=\"heading.default\">\n\t\t\t\t\t<h2 class=\"elementor-heading-title elementor-size-default\">Strigoi og Moroi: tv\u00e6r myndir r\u00famenskrar endurkomu hinna l\u00e1tnu<\/h2>\t\t\t\t<\/div>\n\t\t<div class=\"elementor-element elementor-element-iwgcn-sami-s1-c e-con-full e-flex e-con e-child\" data-id=\"iwgcn-sami-s1-c\" data-element_type=\"container\" data-e-type=\"container\">\n\t\t\t\t<div class=\"elementor-element elementor-element-iwgcn-sami-s1t elementor-widget elementor-widget-text-editor\" data-id=\"iwgcn-sami-s1t\" data-element_type=\"widget\" data-e-type=\"widget\" data-widget_type=\"text-editor.default\">\n\t\t\t\t\t\t\t\t\t<p>Samkv\u00e6mt r\u00famenskri \u00fej\u00f3\u00f0tr\u00fa er <a href=\"https:\/\/iwell-guard.com\/is\/strigoi\/\">Strigoi<\/a> hinn l\u00e1tni sem sn\u00fdr aftur \u00far gr\u00f6finni til a\u00f0 draga kraft e\u00f0a bl\u00f3\u00f0 \u00far lifendum. Sagnirnar gera greinarmun \u00e1 strigoi vii, lifandi f\u00f3lki me\u00f0 \u00feessa tilhneigingu, til d\u00e6mis sj\u00f6unda barni af sama kyni \u00ed fj\u00f6lskyldu e\u00f0a b\u00f6rnum sem f\u00e6\u00f0ast utan hj\u00f3nabands, og strigoi mor\u021bi, hinum l\u00e1tnu sem sn\u00faa aftur eftir dau\u00f0ann, oft vegna \u00feess a\u00f0 greftrunarsi\u00f0ir voru ekki r\u00e9ttilega framkv\u00e6mdir.<\/p>\n<p><a href=\"https:\/\/iwell-guard.com\/is\/moroi\/\">Moroi<\/a> telst \u00e1 m\u00f6rgum sv\u00e6\u00f0um vera mildari, minna \u00e1r\u00e1sargj\u00f6rn mynd endurkomu hinna l\u00e1tnu, en \u00ed \u00f6\u00f0rum sagnahef\u00f0um er hugtaki\u00f0 n\u00e1nast samnota\u00f0 me\u00f0 Strigoi; \u00ed munnlegri hef\u00f0 er engin samr\u00e6md, landsheildarleg flokkun til. Or\u00f0aflokkurinn er rakinn til latnesku strix\/striga, sem upphaflega tengdist n\u00e6turuglum og nornav\u00e6ttum, og er skylt \u00edtalska strega og hugmyndaheimi nornarinnar.<\/p>\n<p>Til varnar var tali\u00f0 gagnlegt a\u00f0 hengja hv\u00edtlauk \u00e1 dyr og glugga, reka j\u00e1rnnagla \u00ed kistu, keyra staur \u00far eik e\u00f0a \u00fdvi\u00f0arvi\u00f0i gegnum hjarta\u00f0 og \u00ed \u00fer\u00e1l\u00e1tum tilvikum a\u00f0 h\u00f6ggva h\u00f6fu\u00f0i\u00f0 af og endurgrafa l\u00edki\u00f0 \u00e1 gr\u00fafu.<\/p>\t\t\t\t\t\t\t\t<\/div>\n\t\t\t\t<\/div>\n\t\t\t\t\t<\/div>\n\t\t\t\t<\/div>\n\t\t<div class=\"elementor-element elementor-element-iwgcn-sami-s2 e-flex e-con-boxed e-con e-parent\" data-id=\"iwgcn-sami-s2\" data-element_type=\"container\" data-e-type=\"container\">\n\t\t\t\t\t<div class=\"e-con-inner\">\n\t\t\t\t<div class=\"elementor-element elementor-element-iwgcn-sami-s2h elementor-widget elementor-widget-heading\" data-id=\"iwgcn-sami-s2h\" data-element_type=\"widget\" data-e-type=\"widget\" data-widget_type=\"heading.default\">\n\t\t\t\t\t<h2 class=\"elementor-heading-title elementor-size-default\">Iele: dansandi loftkonurnar<\/h2>\t\t\t\t<\/div>\n\t\t<div class=\"elementor-element elementor-element-iwgcn-sami-s2-c e-con-full e-flex e-con e-child\" data-id=\"iwgcn-sami-s2-c\" data-element_type=\"container\" data-e-type=\"container\">\n\t\t\t\t<div class=\"elementor-element elementor-element-iwgcn-sami-s2t elementor-widget elementor-widget-text-editor\" data-id=\"iwgcn-sami-s2t\" data-element_type=\"widget\" data-e-type=\"widget\" data-widget_type=\"text-editor.default\">\n\t\t\t\t\t\t\t\t\t<p><a href=\"https:\/\/iwell-guard.com\/is\/iele\/\">Iele<\/a> eru taldar fagrar en h\u00e6ttulegar loftkonur sem dansa \u00e1 einmanalegum st\u00f6\u00f0um a\u00f0 n\u00f3ttu til. H\u00e1t\u00ed\u00f0 \u00feeirra fellur a\u00f0 hef\u00f0 saman vi\u00f0 S\u00e2nziene, r\u00famenska sumars\u00f3lst\u00f6\u00f0uh\u00e1t\u00ed\u00f0 um 24. j\u00fan\u00ed, sem sameinar forkristna s\u00f3lst\u00f6\u00f0usi\u00f0i og J\u00f3nsmessu. \u00deessa n\u00f3tt er himinninn talinn s\u00e9rstaklega opinn fyrir t\u00f6frum.<\/p>\n<p>S\u00e1 sem fylgist me\u00f0 dansi Iele h\u00e6ttir samkv\u00e6mt s\u00f6gninni \u00e1 l\u00f6mun, m\u00e1lleysi, heyrnarleysi e\u00f0a ge\u00f0veiki; karlmenn t\u00f6ldust \u00ed s\u00e9rstakri h\u00e6ttu. V\u00f6rn f\u00f3lst \u00ed eldsi\u00f0um eins og a\u00f0 hlaupa yfir s\u00f3lst\u00f6\u00f0ub\u00e1l og \u00ed \u00fev\u00ed a\u00f0 for\u00f0ast tiltekna rj\u00f3\u00f0ur og vegam\u00f3t \u00e1 S\u00e2nziene-n\u00f3ttunum.<\/p>\t\t\t\t\t\t\t\t<\/div>\n\t\t\t\t<\/div>\n\t\t\t\t\t<\/div>\n\t\t\t\t<\/div>\n\t\t<div class=\"elementor-element elementor-element-iwgcn-sami-s3 e-flex e-con-boxed e-con e-parent\" data-id=\"iwgcn-sami-s3\" data-element_type=\"container\" data-e-type=\"container\">\n\t\t\t\t\t<div class=\"e-con-inner\">\n\t\t\t\t<div class=\"elementor-element elementor-element-iwgcn-sami-s3h elementor-widget elementor-widget-heading\" data-id=\"iwgcn-sami-s3h\" data-element_type=\"widget\" data-e-type=\"widget\" data-widget_type=\"heading.default\">\n\t\t\t\t\t<h2 class=\"elementor-heading-title elementor-size-default\">Muma P\u0103durii, sk\u00f3garm\u00f3\u00f0irin<\/h2>\t\t\t\t<\/div>\n\t\t<div class=\"elementor-element elementor-element-iwgcn-sami-s3-c e-con-full e-flex e-con e-child\" data-id=\"iwgcn-sami-s3-c\" data-element_type=\"container\" data-e-type=\"container\">\n\t\t\t\t<div class=\"elementor-element elementor-element-iwgcn-sami-s3t elementor-widget elementor-widget-text-editor\" data-id=\"iwgcn-sami-s3t\" data-element_type=\"widget\" data-e-type=\"widget\" data-widget_type=\"text-editor.default\">\n\t\t\t\t\t\t\t\t\t<p><a href=\"https:\/\/iwell-guard.com\/is\/muma-padurii\/\">Muma P\u0103durii<\/a>, sem \u00fe\u00fd\u00f0ir b\u00f3kstaflega sk\u00f3garm\u00f3\u00f0irin, er g\u00f6mul, \u00f3fr\u00ed\u00f0 kvenvera sem b\u00fdr dj\u00fapt \u00ed sk\u00f3ginum, \u00ed hreysi e\u00f0a holum trj\u00e1bol. H\u00fan telst tv\u00edbent: annars vegar verndar h\u00fan d\u00fdr og gr\u00f3\u00f0ur og l\u00e6knar sj\u00faka sk\u00f3garbletti, hins vegar rekur h\u00fan burt a\u00f0skotamenn me\u00f0 \u00fev\u00ed a\u00f0 gera \u00fe\u00e1 ge\u00f0veika, og gildir gagnvart b\u00f6rnum sem hr\u00e6\u00f0sluvera sem lokkar \u00f3\u00feekk b\u00f6rn \u00fat \u00ed sk\u00f3ginn.<\/p>\n<p>\u00cd s\u00f6gnum sem l\u00edkjast munstri Hans og Gr\u00e9tu leikur barn \u00e1 sk\u00f3garm\u00f3\u00f0urina og hrindir henni \u00ed hennar eigin bakarofn. Muma P\u0103durii er \u00ed fr\u00e6\u00f0unum borin saman vi\u00f0 a\u00f0rar evr\u00f3pskar sk\u00f3garm\u00f3\u00f0ur- og barnahr\u00e6\u00f0sluv\u00e6ttir eins og Baba Jaga, \u00e1n \u00feess a\u00f0 vera s\u00fa sama.<\/p>\t\t\t\t\t\t\t\t<\/div>\n\t\t\t\t<\/div>\n\t\t\t\t\t<\/div>\n\t\t\t\t<\/div>\n\t\t<div class=\"elementor-element elementor-element-x-sami-s-faq e-flex e-con-boxed e-con e-parent\" data-id=\"x-sami-s-faq\" data-element_type=\"container\" data-e-type=\"container\">\n\t\t\t\t\t<div class=\"e-con-inner\">\n\t\t\t\t<div class=\"elementor-element elementor-element-x-sami-h-faq elementor-widget elementor-widget-heading\" data-id=\"x-sami-h-faq\" data-element_type=\"widget\" data-e-type=\"widget\" data-widget_type=\"heading.default\">\n\t\t\t\t\t<h2 class=\"elementor-heading-title elementor-size-default\">Algengar spurningar um r\u00famenska go\u00f0afr\u00e6\u00f0i<\/h2>\t\t\t\t<\/div>\n\t\t<div class=\"elementor-element elementor-element-iwgcn-sami-s3-c e-con-full e-flex e-con e-child\" data-id=\"iwgcn-sami-s3-c\" data-element_type=\"container\" data-e-type=\"container\">\n\t\t\t\t<div class=\"elementor-element elementor-element-x-sami-t-faq elementor-widget elementor-widget-text-editor\" data-id=\"x-sami-t-faq\" data-element_type=\"widget\" data-e-type=\"widget\" data-widget_type=\"text-editor.default\">\n\t\t\t\t\t\t\t\t\t<h3>Hver er munurinn \u00e1 Strigoi og Moroi?<\/h3>\n<p>\u00cd r\u00famenskri \u00fej\u00f3\u00f0tr\u00fa er Strigoi \u00e1litinn hinn l\u00e1tni sem sn\u00fdr til baka \u00far gr\u00f6finni, me\u00f0an Moroi er \u00ed m\u00f6rgum sv\u00e6\u00f0um l\u00fdst sem mildari, minna \u00e1r\u00e1sargjarnri mynd af endurkomu hinna d\u00e1nu. Hins vegar er ekki til neinn samr\u00e6mdur, landsdekkjandi greinarmunur \u00ed munnlegri hef\u00f0.<\/p>\n<h3>Hver er Muma P\u0103durii?<\/h3>\n<p>Muma P\u0103durii, Sk\u00f3garm\u00f3\u00f0irin, er tv\u00edr\u00e6\u00f0 vera \u00ed r\u00famenskri \u00fej\u00f3\u00f0tr\u00fa: H\u00fan verndar sk\u00f3ginn og d\u00fdrin, en er einnig \u00e1litin hr\u00e6\u00f0sluvera gagnvart b\u00f6rnum, sem lokkar \u00f3\u00feekk b\u00f6rn inn \u00ed sk\u00f3ginn.<\/p>\n<h3>Er Dracula hluti af r\u00famenskri \u00fej\u00f3\u00f0tr\u00fa?<\/h3>\n<p>Nei. Dracula er b\u00f3kmenntaleg pers\u00f3na sem Bram Stoker skapa\u00f0i 1897 og t\u00f3k a\u00f0eins nafni\u00f0 af hinum s\u00f6gulega Vlad III. Hin \u00fej\u00f3\u00f0lega Strigoi-tr\u00fa R\u00famen\u00edu er talsvert eldri og er \u00ed grundvallaratri\u00f0um \u00f3l\u00edk vestr\u00e6nni sta\u00f0al\u00edmynd af vamp\u00edrum.<\/p>\n<h3>Hverjar eru Iele?<\/h3>\n<p>Iele eru dansandi loftkonur \u00ed r\u00famenskri go\u00f0afr\u00e6\u00f0i, en tilkomu \u00feeirra er hef\u00f0bundi\u00f0 tengt vi\u00f0 S\u00e2nziene-sumars\u00f3lst\u00f6\u00f0uh\u00e1t\u00ed\u00f0ina. S\u00e1 sem fylgist me\u00f0 n\u00e6turdansi \u00feeirra \u00e1 a\u00f0 hafa \u00e1 h\u00e6ttu l\u00f6mun e\u00f0a ge\u00f0veiki samkv\u00e6mt hef\u00f0inni.<\/p>\n<script type=\"application\/ld+json\">{\"@context\": \"https:\/\/schema.org\", \"@type\": \"FAQPage\", \"mainEntity\": [{\"@type\": \"Question\", \"name\": \"Hver er munurinn \u00e1 Strigoi og Moroi?\", \"acceptedAnswer\": {\"@type\": \"Answer\", \"text\": \"\u00cd r\u00famenskri \u00fej\u00f3\u00f0tr\u00fa er Strigoi \u00e1litinn hinn l\u00e1tni sem sn\u00fdr til baka \u00far gr\u00f6finni, me\u00f0an Moroi er \u00ed m\u00f6rgum sv\u00e6\u00f0um l\u00fdst sem mildari, minna \u00e1r\u00e1sargjarnri mynd af endurkomu hinna d\u00e1nu. Hins vegar er ekki til neinn samr\u00e6mdur, landsdekkjandi greinarmunur \u00ed munnlegri hef\u00f0.\"}}, {\"@type\": \"Question\", \"name\": \"Hver er Muma P\u0103durii?\", \"acceptedAnswer\": {\"@type\": \"Answer\", \"text\": \"Muma P\u0103durii, Sk\u00f3garm\u00f3\u00f0irin, er tv\u00edr\u00e6\u00f0 vera \u00ed r\u00famenskri \u00fej\u00f3\u00f0tr\u00fa: H\u00fan verndar sk\u00f3ginn og d\u00fdrin, en er einnig \u00e1litin hr\u00e6\u00f0sluvera gagnvart b\u00f6rnum, sem lokkar \u00f3\u00feekk b\u00f6rn inn \u00ed sk\u00f3ginn.\"}}, {\"@type\": \"Question\", \"name\": \"Er Dracula hluti af r\u00famenskri \u00fej\u00f3\u00f0tr\u00fa?\", \"acceptedAnswer\": {\"@type\": \"Answer\", \"text\": \"Nei. Dracula er b\u00f3kmenntaleg pers\u00f3na sem Bram Stoker skapa\u00f0i 1897 og t\u00f3k a\u00f0eins nafni\u00f0 af hinum s\u00f6gulega Vlad III. Hin \u00fej\u00f3\u00f0lega Strigoi-tr\u00fa R\u00famen\u00edu er talsvert eldri og er \u00ed grundvallaratri\u00f0um \u00f3l\u00edk vestr\u00e6nni sta\u00f0al\u00edmynd af vamp\u00edrum.\"}}, {\"@type\": \"Question\", \"name\": \"Hverjar eru Iele?\", \"acceptedAnswer\": {\"@type\": \"Answer\", \"text\": \"Iele eru dansandi loftkonur \u00ed r\u00famenskri go\u00f0afr\u00e6\u00f0i, en tilkomu \u00feeirra er hef\u00f0bundi\u00f0 tengt vi\u00f0 S\u00e2nziene-sumars\u00f3lst\u00f6\u00f0uh\u00e1t\u00ed\u00f0ina. S\u00e1 sem fylgist me\u00f0 n\u00e6turdansi \u00feeirra \u00e1 a\u00f0 hafa \u00e1 h\u00e6ttu l\u00f6mun e\u00f0a ge\u00f0veiki samkv\u00e6mt hef\u00f0inni.\"}}]}<\/script>\t\t\t\t\t\t\t\t<\/div>\n\t\t\t\t<\/div>\n\t\t\t\t\t<\/div>\n\t\t\t\t<\/div>\n\t\t<div class=\"elementor-element elementor-element-iwgcn-sami-s4 e-flex e-con-boxed e-con e-parent\" data-id=\"iwgcn-sami-s4\" data-element_type=\"container\" data-e-type=\"container\">\n\t\t\t\t\t<div class=\"e-con-inner\">\n\t\t\t\t<div class=\"elementor-element elementor-element-iwgcn-sami-s4h elementor-widget elementor-widget-heading\" data-id=\"iwgcn-sami-s4h\" data-element_type=\"widget\" data-e-type=\"widget\" data-widget_type=\"heading.default\">\n\t\t\t\t\t<h2 class=\"elementor-heading-title elementor-size-default\">Pricolici og V\u00e2rcolac: r\u00famensk var\u00falfstr\u00fa<\/h2>\t\t\t\t<\/div>\n\t\t<div class=\"elementor-element elementor-element-iwgcn-sami-s4-c e-con-full e-flex e-con e-child\" data-id=\"iwgcn-sami-s4-c\" data-element_type=\"container\" data-e-type=\"container\">\n\t\t\t\t<div class=\"elementor-element elementor-element-iwgcn-sami-s4t elementor-widget elementor-widget-text-editor\" data-id=\"iwgcn-sami-s4t\" data-element_type=\"widget\" data-e-type=\"widget\" data-widget_type=\"text-editor.default\">\n\t\t\t\t\t\t\t\t\t<p><a href=\"https:\/\/iwell-guard.com\/is\/pricolici\/\">Pricolici<\/a> er \u00e1litinn var\u00falfsl\u00edkur uppvakningur: manneskja, oft ofbeldisfullur karlma\u00f0ur, sem breytist \u00ed \u00falf e\u00f0a hund \u00e1 l\u00edfslei\u00f0inni e\u00f0a eftir dau\u00f0ann. \u00d3l\u00edkt Strigoi heldur Pricolici alltaf \u00falfsl\u00edkum eiginleikum; n\u00e1skyldur en ekki samsvarandi er V\u00e2rcolac, sem \u00e1 sumum sv\u00e6\u00f0um er einnig eigna\u00f0ir dvergsl\u00edkir eiginleikar e\u00f0a h\u00e6fileikinn til a\u00f0 gleypa s\u00f3lina og tungli\u00f0 og \u00feannig valda s\u00f3lmyrkva og tunglmyrkva.<\/p>\n<p>\u00cd dreifb\u00fdlishlutum R\u00famen\u00edu eru \u00f3venju st\u00f3rir e\u00f0a \u00e1r\u00e1sargjarnir \u00falfar enn \u00feann dag \u00ed dag st\u00f6ku sinnum tengdir Pricolici \u00ed \u00fej\u00f3\u00f0tr\u00fa. Varnarhef\u00f0ir l\u00edkjast \u00feeim sem t\u00ed\u00f0kast gegn Strigoi: hv\u00edtlaukur, j\u00e1rn og vandlega framkv\u00e6mdar greftrunarathafnir.<\/p>\t\t\t\t\t\t\t\t<\/div>\n\t\t\t\t<\/div>\n\t\t\t\t\t<\/div>\n\t\t\t\t<\/div>\n\t\t<div class=\"elementor-element elementor-element-iwgcn-sami-s5 e-flex e-con-boxed e-con e-parent\" data-id=\"iwgcn-sami-s5\" data-element_type=\"container\" data-e-type=\"container\">\n\t\t\t\t\t<div class=\"e-con-inner\">\n\t\t\t\t<div class=\"elementor-element elementor-element-iwgcn-sami-s5h elementor-widget elementor-widget-heading\" data-id=\"iwgcn-sami-s5h\" data-element_type=\"widget\" data-e-type=\"widget\" data-widget_type=\"heading.default\">\n\t\t\t\t\t<h2 class=\"elementor-heading-title elementor-size-default\">Sf\u00e2ntul Andrei: dagatal varnarhef\u00f0a<\/h2>\t\t\t\t<\/div>\n\t\t<div class=\"elementor-element elementor-element-iwgcn-sami-s5-c e-con-full e-flex e-con e-child\" data-id=\"iwgcn-sami-s5-c\" data-element_type=\"container\" data-e-type=\"container\">\n\t\t\t\t<div class=\"elementor-element elementor-element-iwgcn-sami-s5t elementor-widget elementor-widget-text-editor\" data-id=\"iwgcn-sami-s5t\" data-element_type=\"widget\" data-e-type=\"widget\" data-widget_type=\"text-editor.default\">\n\t\t\t\t\t\t\t\t\t<p>N\u00f3tt heilags Andr\u00e9sar (Sf\u00e2ntul Andrei) 29.\/30. n\u00f3vember er \u00ed m\u00f6rgum h\u00e9ru\u00f0um R\u00famen\u00edu talin s\u00fa n\u00f3tt \u00feegar Strigoi og \u00falfar eru s\u00e9rstaklega virkir. B\u00e6ndur hengdu \u00fev\u00ed hv\u00edtlauk \u00e1 dyr og gluggakarma, merktu h\u00fasd\u00fdr me\u00f0 hv\u00edtlaukst\u00e1knum og for\u00f0u\u00f0ust einmana vegi eftir fremsta megni.<\/p>\n<p>A\u00f0rar var\u00fa\u00f0arr\u00e1\u00f0stafanir sneru a\u00f0 greftruninni sj\u00e1lfri: j\u00e1rnnaglar \u00ed kistunni, a\u00f0 stinga \u00ed gegnum gr\u00f6fina me\u00f0 \u00feyrnigrein e\u00f0a a\u00f0 \u00feyngja l\u00edki\u00f0 \u00e1tti a\u00f0 koma \u00ed veg fyrir a\u00f0 hinn l\u00e1tni breyttist \u00ed Strigoi. \u00deessar hef\u00f0ir voru me\u00f0h\u00f6ndla\u00f0ar \u00e1 mismunandi h\u00e1tt af r\u00famensku r\u00e9tttr\u00fana\u00f0arkirkjunni, opinberlega misl\u00edka\u00f0ar, en \u00ed \u00feorpsl\u00edfinu haldi\u00f0 \u00e1fram kynsl\u00f3\u00f0 eftir kynsl\u00f3\u00f0.<\/p>\t\t\t\t\t\t\t\t<\/div>\n\t\t\t\t<\/div>\n\t\t\t\t\t<\/div>\n\t\t\t\t<\/div>\n\t\t<div class=\"elementor-element elementor-element-iwgcn-sami-s6 e-flex e-con-boxed e-con e-parent\" data-id=\"iwgcn-sami-s6\" data-element_type=\"container\" data-e-type=\"container\">\n\t\t\t\t\t<div class=\"e-con-inner\">\n\t\t\t\t<div class=\"elementor-element elementor-element-iwgcn-sami-s6h elementor-widget elementor-widget-heading\" data-id=\"iwgcn-sami-s6h\" data-element_type=\"widget\" data-e-type=\"widget\" data-widget_type=\"heading.default\">\n\t\t\t\t\t<h2 class=\"elementor-heading-title elementor-size-default\">Fr\u00e1 \u00fej\u00f3\u00f0tr\u00fa til b\u00f3kmenntalegrar Dracula-go\u00f0sagnar<\/h2>\t\t\t\t<\/div>\n\t\t<div class=\"elementor-element elementor-element-iwgcn-sami-s6-c e-con-full e-flex e-con e-child\" data-id=\"iwgcn-sami-s6-c\" data-element_type=\"container\" data-e-type=\"container\">\n\t\t\t\t<div class=\"elementor-element elementor-element-iwgcn-sami-s6t elementor-widget elementor-widget-text-editor\" data-id=\"iwgcn-sami-s6t\" data-element_type=\"widget\" data-e-type=\"widget\" data-widget_type=\"text-editor.default\">\n\t\t\t\t\t\t\t\t\t<p>Hinn s\u00f6gulegi Vlad III. (Vlad \u021aepe\u0219, Stjaksetjarinn), valak\u00edski hertoginn (voivode) \u00e1 15. \u00f6ld, tengist Strigoi-tr\u00fanni ekki upprunalega. Vi\u00f0urnefni hans, Dracul, v\u00edsar til a\u00f0ildar f\u00f6\u00f0ur hans a\u00f0 Drekaor\u00f0unni, ekki til dj\u00f6fla e\u00f0a vamp\u00edra. Bram Stoker t\u00f3k 1897 einungis nafni\u00f0 fyrir sk\u00e1lds\u00f6gu s\u00edna <em>Dracula<\/em>, byggt fyrst og fremst \u00e1 fer\u00f0ask\u00fdrslum eins og Emily Gerard&#8217;s <em>The Land Beyond the Forest<\/em> fr\u00e1 1888, ekki \u00e1 fer\u00f0 til R\u00famen\u00edu e\u00f0a kerfisbundinni \u00feekkingu \u00e1 r\u00famenskri \u00fej\u00f3\u00f0tr\u00fa.<\/p>\n<p>B\u00f3kmenntalega vamp\u00edrupers\u00f3nan er \u00ed grundvallaratri\u00f0um \u00f3l\u00edk hinum \u00fej\u00f3\u00f0lega Strigoi: Kross-f\u00e6lni, k\u00e1pa og a\u00f0alsmannslegt yfirbrag\u00f0 eru uppfinningar vestr\u00e6nnar af\u00fereyingarmenningar 19. og 20. aldar. Strigoi munnlegrar hef\u00f0ar er aftur \u00e1 m\u00f3ti oftast \u00feorpsb\u00fai, \u00fear sem endurkoma hans er \u00fatsk\u00fdr\u00f0 me\u00f0 \u00e1\u00fereifanlegum greftrunarmist\u00f6kum e\u00f0a l\u00edfsa\u00f0st\u00e6\u00f0um. Fr\u00e1 sj\u00f3narh\u00f3li tr\u00faarbrag\u00f0afr\u00e6\u00f0a er tali\u00f0 nau\u00f0synlegt a\u00f0 skilja \u00e1 milli \u00fej\u00f3\u00f0legrar tr\u00faar \u00e1 hina d\u00e1nu og b\u00f3kmenntalegrar Dracula-go\u00f0sagnar til a\u00f0 meta b\u00e1\u00f0ar hef\u00f0irnar \u00e1 r\u00e9ttan h\u00e1tt.<\/p>\t\t\t\t\t\t\t\t<\/div>\n\t\t\t\t<\/div>\n\t\t\t\t\t<\/div>\n\t\t\t\t<\/div>\n\t\t<div class=\"elementor-element elementor-element-cp2d9a92a3 e-flex e-con-boxed e-con e-parent\" data-id=\"cp2d9a92a3\" data-element_type=\"container\" data-e-type=\"container\">\n\t\t\t\t\t<div class=\"e-con-inner\">\n\t\t\t\t<div class=\"elementor-element elementor-element-cp2515827f elementor-widget elementor-widget-heading\" data-id=\"cp2515827f\" data-element_type=\"widget\" data-e-type=\"widget\" data-widget_type=\"heading.default\">\n\t\t\t\t\t<h2 class=\"elementor-heading-title elementor-size-default\">Sv\u00e6\u00f0isbundin fj\u00f6lbreytni: Transylvan\u00eda, Moldav\u00eda og Valak\u00eda<\/h2>\t\t\t\t<\/div>\n\t\t<div class=\"elementor-element elementor-element-cp25cbddf2 e-flex e-con-boxed e-con e-child\" data-id=\"cp25cbddf2\" data-element_type=\"container\" data-e-type=\"container\">\n\t\t\t\t\t<div class=\"e-con-inner\">\n\t\t\t\t<div class=\"elementor-element elementor-element-cp240cdc6c elementor-widget elementor-widget-text-editor\" data-id=\"cp240cdc6c\" data-element_type=\"widget\" data-e-type=\"widget\" data-widget_type=\"text-editor.default\">\n\t\t\t\t\t\t\t\t\t<p>R\u00famen\u00eda er ekki tr\u00faarlega og \u00fej\u00f3\u00f0h\u00e1ttafr\u00e6\u00f0ilega samr\u00e6mt landsv\u00e6\u00f0i. Transylvan\u00eda (Ardeal), Moldav\u00eda og Valak\u00eda hafa gengi\u00f0 \u00ed gegnum eigin s\u00f6gulegar \u00fer\u00f3anir, me\u00f0 mismunandi n\u00e1gr\u00f6nnum, stj\u00f3rnarformum og \u00edb\u00faabl\u00f6ndum. \u00deessi fj\u00f6lbreytni endurspeglast einnig \u00ed \u00fej\u00f3\u00f0tr\u00fanni.<\/p>\n<p>\u00cd Transylvan\u00edu bjuggu R\u00famenar um aldir vi\u00f0 hli\u00f0 ungverskum\u00e6landi Szekler og siebenb\u00fcrgen-saxneskra landnema af \u00fe\u00fdskum uppruna. Samskipti \u00feessara h\u00f3pa m\u00f3tu\u00f0u sta\u00f0bundin sagnam\u00f3t\u00edf, \u00e1n \u00feess a\u00f0 samr\u00e6md fr\u00e1sagnarhef\u00f0 myndi \u00fer\u00f3ast. \u00cd Moldav\u00edu og Valak\u00edu \u00fer\u00f3u\u00f0ust \u00e1 sama t\u00edma eigin \u00fatg\u00e1fur af Strigoi- og Iele-tr\u00fanni, sem g\u00e1tu veri\u00f0 mismunandi fr\u00e1 dal til dals.<\/p>\n<p>S\u00e9rstaklega \u00ed afskekktum fjallah\u00e9ru\u00f0um eins og Maramure\u0219 e\u00f0a Apuseni-fj\u00f6llunum voru eldri greftrunar- og varnarhef\u00f0ir lengur lifandi en \u00ed \u00fe\u00e9ttb\u00fdliskj\u00f6rnum. Fer\u00f0alangar og \u00fej\u00f3\u00f0h\u00e1ttafr\u00e6\u00f0ingar 19. aldar l\u00fdstu \u00feessum sv\u00e6\u00f0um \u00edtreka\u00f0 sem var\u00f0veislust\u00f6\u00f0um forneskjulegra hugmynda, mat sem fr\u00e1 sj\u00f3narh\u00f3li n\u00fat\u00edma tr\u00faarbrag\u00f0afr\u00e6\u00f0a \u00fearf a\u00f0 lesa me\u00f0 var\u00fa\u00f0, \u00fear sem \u00fea\u00f0 gerir r\u00e1\u00f0 fyrir n\u00fat\u00edmav\u00e6\u00f0ingarmun sem er ekki alltaf sta\u00f0festur.<\/p>\n<p>Almennar fullyr\u00f0ingar um r\u00famenska go\u00f0afr\u00e6\u00f0i hylja \u00fev\u00ed sv\u00e6\u00f0isbundinn mismun sem er mikilv\u00e6gur fyrir n\u00e1kv\u00e6mari skilning.<\/p>\t\t\t\t\t\t\t\t<\/div>\n\t\t\t\t\t<\/div>\n\t\t\t\t<\/div>\n\t\t\t\t\t<\/div>\n\t\t\t\t<\/div>\n\t\t<div class=\"elementor-element elementor-element-cp2b1a3dae e-flex e-con-boxed e-con e-parent\" data-id=\"cp2b1a3dae\" data-element_type=\"container\" data-e-type=\"container\">\n\t\t\t\t\t<div class=\"e-con-inner\">\n\t\t\t\t<div class=\"elementor-element elementor-element-cp282c06ff elementor-widget elementor-widget-heading\" data-id=\"cp282c06ff\" data-element_type=\"widget\" data-e-type=\"widget\" data-widget_type=\"heading.default\">\n\t\t\t\t\t<h2 class=\"elementor-heading-title elementor-size-default\">Andaganda dagatal: Sf\u00e2ntul Andrei og Rusalii<\/h2>\t\t\t\t<\/div>\n\t\t<div class=\"elementor-element elementor-element-cp228b4522 e-flex e-con-boxed e-con e-child\" data-id=\"cp228b4522\" data-element_type=\"container\" data-e-type=\"container\">\n\t\t\t\t\t<div class=\"e-con-inner\">\n\t\t\t\t<div class=\"elementor-element elementor-element-cp261454c5 elementor-widget elementor-widget-text-editor\" data-id=\"cp261454c5\" data-element_type=\"widget\" data-e-type=\"widget\" data-widget_type=\"text-editor.default\">\n\t\t\t\t\t\t\t\t\t<p>R\u00famenskur \u00fej\u00f3\u00f0tr\u00fa ra\u00f0ar h\u00e6ttulegum andat\u00edmum inn \u00ed kirkjulega \u00e1rtali\u00f0. N\u00f3tt heilags Andr\u00e9sar, 29.\/30. n\u00f3vember, telst \u00ed m\u00f6rgum h\u00e9ru\u00f0um s\u00fa n\u00f3tt \u00feegar Strigoi og \u00falfar eru s\u00e9rstaklega virk; b\u00e6ndur hengdu \u00fev\u00ed hv\u00edtlauk \u00e1 dyr og gluggaumb\u00fana\u00f0ir og merktu h\u00fasd\u00fdr me\u00f0 hv\u00edtlauksmerkjum.<\/p>\n<p>Vikan \u00ed kringum Rusalii, or\u00fe\u00f3doxa hv\u00edtasunnuh\u00e1t\u00ed\u00f0in, er hef\u00f0bundi\u00f0 tengd <a href=\"https:\/\/iwell-guard.com\/is\/iele\/\">Iele<\/a>; \u00e1 \u00feessum t\u00edma ber a\u00f0 for\u00f0ast tiltekin verk, eins og a\u00f0 \u00fevo \u00fevott utandyra, til a\u00f0 reita ekki loftkonurnar til rei\u00f0i. S\u00e2nziene-n\u00f3ttin \u00ed lok j\u00fan\u00ed, r\u00famenska j\u00f3nsmessuh\u00e1t\u00ed\u00f0in, telst einnig me\u00f0al \u00feeirra <span class=\"iwg-fachbegriff\" data-tooltip=\"Dagar e\u00f0a n\u00e6tur sem \u00fej\u00f3\u00f0tr\u00fa eignar s\u00e9rst\u00f6k, oft h\u00e6ttuleg \u00f6fl.\" tabindex=\"0\">markat\u00edmabila<\/span> \u00e1rsins sem talin eru g\u00e6dd yfirn\u00e1tt\u00farulegum krafti.<\/p>\n<p>\u00deetta dagatal h\u00e6ttulegra n\u00e1tta tengir saman fornar hugmyndir um \u00e1rst\u00ed\u00f0askipti og h\u00e1t\u00ed\u00f0arhring or\u00fe\u00f3doxu kirkjunnar, mynstur sem finnst \u00ed svipu\u00f0u formi v\u00ed\u00f0ar \u00ed su\u00f0austur- og Mi\u00f0-Evr\u00f3pu.<\/p>\t\t\t\t\t\t\t\t<\/div>\n\t\t\t\t\t<\/div>\n\t\t\t\t<\/div>\n\t\t\t\t\t<\/div>\n\t\t\t\t<\/div>\n\t\t<div class=\"elementor-element elementor-element-cp295547c2 e-flex e-con-boxed e-con e-parent\" data-id=\"cp295547c2\" data-element_type=\"container\" data-e-type=\"container\">\n\t\t\t\t\t<div class=\"e-con-inner\">\n\t\t\t\t<div class=\"elementor-element elementor-element-cp28944fb0 elementor-widget elementor-widget-heading\" data-id=\"cp28944fb0\" data-element_type=\"widget\" data-e-type=\"widget\" data-widget_type=\"heading.default\">\n\t\t\t\t\t<h2 class=\"elementor-heading-title elementor-size-default\">Heimildir: \u00dej\u00f3\u00f0h\u00e1ttas\u00f6fn og vettvangsranns\u00f3knir<\/h2>\t\t\t\t<\/div>\n\t\t<div class=\"elementor-element elementor-element-cp23d59da4 e-flex e-con-boxed e-con e-child\" data-id=\"cp23d59da4\" data-element_type=\"container\" data-e-type=\"container\">\n\t\t\t\t\t<div class=\"e-con-inner\">\n\t\t\t\t<div class=\"elementor-element elementor-element-cp2ce157b6 elementor-widget elementor-widget-text-editor\" data-id=\"cp2ce157b6\" data-element_type=\"widget\" data-e-type=\"widget\" data-widget_type=\"text-editor.default\">\n\t\t\t\t\t\t\t\t\t<p>Skriflegar heimildir um r\u00famenska \u00fej\u00f3\u00f0tr\u00fa koma a\u00f0 mestu \u00far \u00fej\u00f3\u00f0h\u00e1ttas\u00f6fnum fr\u00e1 s\u00ed\u00f0ari hluta 19. aldar og upphafi 20. aldar. R\u00famenskir \u00fej\u00f3\u00f0fr\u00e6\u00f0ingar eins og Simion Florea Marian, Tudor Pamfile og Elena Niculi\u021b\u0103-Voronca skr\u00e1\u00f0u s\u00f6gur, si\u00f0i og venjur \u00ed \u00feorpum, oft \u00ed n\u00e1inni samvinnu vi\u00f0 sagnamenn \u00e1 sta\u00f0num.<\/p>\n<p>Heimild sem hefur n\u00e1\u00f0 mikilli \u00fatbrei\u00f0slu utan R\u00famen\u00edu er ranns\u00f3knin <em>The Vampire in Roumania<\/em> eftir bresku \u00fej\u00f3\u00f0fr\u00e6\u00f0inginn Agnes Murgoci, sem \u00e1ri\u00f0 1926 l\u00fdsti Strigoi-tr\u00fanni fyrir enskum\u00e6landi fr\u00e6\u00f0imenn \u00e1 grundvelli eigin vettvangsn\u00f3ta og r\u00famenskra fyrirvinnu. H\u00fan greindi \u00fear me\u00f0 kerfisbundnum h\u00e6tti \u00e1 milli \u00feeirra skilyr\u00f0a sem ger\u00f0u \u00fea\u00f0 m\u00f6gulegt a\u00f0 einstaklingur yr\u00f0i Strigoi, hvort sem \u00fea\u00f0 var \u00ed lifanda l\u00edfi e\u00f0a eftir dau\u00f0ann.<\/p>\n<p>N\u00fat\u00edma r\u00famensk \u00fej\u00f3\u00f0fr\u00e6\u00f0i, me\u00f0al annars verk Ion Ghinoiu og Ion Talo\u0219, setur \u00feessi eldri s\u00f6fn \u00ed v\u00ed\u00f0ara samhengi su\u00f0austur-evr\u00f3psks b\u00e6ndadagatals og d\u00e1nard\u00fdrkunar. Eins og me\u00f0 margar munnlegar <span class=\"iwg-fachbegriff\" data-tooltip=\"Mi\u00f0lun \u00feekkingar og sagna kynsl\u00f3\u00f0 eftir kynsl\u00f3\u00f0.\" tabindex=\"0\">arfleif\u00f0ir<\/span> er heimildasta\u00f0an glopp\u00f3tt, misj\u00f6fn milli sv\u00e6\u00f0a og m\u00f6rku\u00f0 af sj\u00f3narhorni \u00feeirra fr\u00e6\u00f0imanna sem s\u00f6fnu\u00f0u efninu.<\/p>\t\t\t\t\t\t\t\t<\/div>\n\t\t\t\t\t<\/div>\n\t\t\t\t<\/div>\n\t\t\t\t\t<\/div>\n\t\t\t\t<\/div>\n\t\t<div class=\"elementor-element elementor-element-cp2c009332 e-flex e-con-boxed e-con e-parent\" data-id=\"cp2c009332\" data-element_type=\"container\" data-e-type=\"container\">\n\t\t\t\t\t<div class=\"e-con-inner\">\n\t\t\t\t<div class=\"elementor-element elementor-element-cp225c94da elementor-widget elementor-widget-heading\" data-id=\"cp225c94da\" data-element_type=\"widget\" data-e-type=\"widget\" data-widget_type=\"heading.default\">\n\t\t\t\t\t<h2 class=\"elementor-heading-title elementor-size-default\">Dracula, Vlad \u021aepe\u0219 og a\u00f0skilna\u00f0ur go\u00f0sagnanna<\/h2>\t\t\t\t<\/div>\n\t\t<div class=\"elementor-element elementor-element-cp2c7191ab e-flex e-con-boxed e-con e-child\" data-id=\"cp2c7191ab\" data-element_type=\"container\" data-e-type=\"container\">\n\t\t\t\t\t<div class=\"e-con-inner\">\n\t\t\t\t<div class=\"elementor-element elementor-element-cp23f4061d elementor-widget elementor-widget-text-editor\" data-id=\"cp23f4061d\" data-element_type=\"widget\" data-e-type=\"widget\" data-widget_type=\"text-editor.default\">\n\t\t\t\t\t\t\t\t\t<p>F\u00e1ar pers\u00f3nur hafa m\u00f3ta\u00f0 al\u00fej\u00f3\u00f0lega mynd R\u00famen\u00edu svo miki\u00f0 sem Dracula, \u00fe\u00f3tt sk\u00e1ldsagnapers\u00f3nan tengist eiginlegri \u00fej\u00f3\u00f0tr\u00fa a\u00f0eins lauslega. Bram Stoker samdi sk\u00e1lds\u00f6guna 1897 \u00ed London \u00e1n \u00feess a\u00f0 hafa sj\u00e1lfur fer\u00f0ast til R\u00famen\u00edu. Sem heimildir nota\u00f0i hann fyrst og fremst fer\u00f0afr\u00e1sagnir, eins og \u00fe\u00e6r sem Emily Gerard skrifa\u00f0i, auk eldri vestr\u00e6nna vamp\u00edrub\u00f3kmennta fr\u00e1 18. og 19. \u00f6ld.<\/p>\n<p>Nafni\u00f0 Dracula er dregi\u00f0 af hinum s\u00f6gulega valak\u00edska vojv\u00f3da Vlad III., kalla\u00f0ur Vlad \u021aepe\u0219, hlekkjarinn, eftir hina illr\u00e6mdu aft\u00f6kua\u00f0fer\u00f0 hans. Vi\u00f0urnefni hans, Dracul, v\u00edsa\u00f0i til \u00feess a\u00f0 fa\u00f0ir hans var f\u00e9lagi \u00ed Drekaor\u00f0unni (lat\u00edna: draco), riddararegli til varnar gegn Ott\u00f3m\u00f6num, ekki til neinna tengsla vi\u00f0 vamp\u00edrur e\u00f0a dj\u00f6fulinn.<\/p>\n<p>R\u00famenski <a href=\"https:\/\/iwell-guard.com\/is\/strigoi\/\">Strigoi<\/a> munnlegrar arfleif\u00f0ar er verulega fr\u00e1brug\u00f0inn vestr\u00e6na vamp\u00edrunni \u00far af\u00fereyingarmenningu: hann kl\u00e6\u00f0ist ekki k\u00e1pu, for\u00f0ast upphaflega ekki kross e\u00f0a kirkju me\u00f0 nau\u00f0syn, og heimkoma hans er venjulega \u00fatsk\u00fdr\u00f0 me\u00f0 \u00e1\u00fereifanlegum brotum \u00e1 greftrunarsi\u00f0um, ekki me\u00f0 yfirn\u00e1tt\u00farulegri b\u00f6lvun a\u00f0als\u00e6ttar.<\/p>\n<p>Fr\u00e1 tr\u00faarbrag\u00f0afr\u00e6\u00f0ilegu sj\u00f3narhorni telst \u00fev\u00ed mikilv\u00e6gt a\u00f0 a\u00f0skilja b\u00f3kmenntalega Dracula-go\u00f0s\u00f6gnina, sem s\u00e9rstakt fyrirb\u00e6ri vestr\u00e6nnar <span class=\"iwg-fachbegriff\" data-tooltip=\"Mi\u00f0lun \u00feekkingar og sagna kynsl\u00f3\u00f0 eftir kynsl\u00f3\u00f0.\" tabindex=\"0\">arfleif\u00f0ar<\/span>, fr\u00e1 hinni eiginlegu r\u00famensku \u00fej\u00f3\u00f0tr\u00fa um Strigoi og Moroi. B\u00e1\u00f0ar hef\u00f0irnar hafa eigin heimildir, eigin hlutverk og eigin uppruna.<\/p>\t\t\t\t\t\t\t\t<\/div>\n\t\t\t\t\t<\/div>\n\t\t\t\t<\/div>\n\t\t\t\t\t<\/div>\n\t\t\t\t<\/div>\n\t\t<div class=\"elementor-element elementor-element-iwgha-sami-sec e-flex e-con-boxed e-con e-parent\" data-id=\"iwgha-sami-sec\" data-element_type=\"container\" data-e-type=\"container\">\n\t\t\t\t\t<div class=\"e-con-inner\">\n\t\t\t\t<div class=\"elementor-element elementor-element-iwgha-sami-h elementor-widget elementor-widget-heading\" data-id=\"iwgha-sami-h\" data-element_type=\"widget\" data-e-type=\"widget\" data-widget_type=\"heading.default\">\n\t\t\t\t\t<h2 class=\"elementor-heading-title elementor-size-default\">Verur \u00feessarar hef\u00f0ar (5)<\/h2>\t\t\t\t<\/div>\n\t\t<div class=\"elementor-element elementor-element-iwgha-sami-gc e-flex e-con-boxed e-con e-parent\" data-id=\"iwgha-sami-gc\" data-element_type=\"container\" data-e-type=\"container\">\n\t\t\t\t\t<div class=\"e-con-inner\">\n\t\t\t\t<div class=\"elementor-element elementor-element-iwgha-sami-grid elementor-widget elementor-widget-text-editor\" data-id=\"iwgha-sami-grid\" data-element_type=\"widget\" data-e-type=\"widget\" data-widget_type=\"text-editor.default\">\n\t\t\t\t\t\t\t\t\t<div class=\"iwg-wesen-grid\"><a class=\"iwg-wesen-card\" href=\"https:\/\/iwell-guard.com\/is\/muma-padurii\/\" aria-label=\"Muma P\u0103durii\"><div class=\"iwg-wesen-card-imgwrap\"><img decoding=\"async\" src=\"https:\/\/iwell-guard.com\/wp-content\/uploads\/2026\/07\/geister_rumaenisch_muma-padurii-200x300.webp\" alt=\"Muma P\u0103durii\" loading=\"lazy\"><\/div><div class=\"iwg-wesen-card-body\"><div class=\"iwg-wesen-card-name\">Muma P\u0103durii<\/div><div class=\"iwg-wesen-card-arrow\">\u2192 \u00c1 v\u00e6ttina<\/div><\/div><\/a><a class=\"iwg-wesen-card\" href=\"https:\/\/iwell-guard.com\/is\/iele\/\" aria-label=\"Iele\"><div class=\"iwg-wesen-card-imgwrap\"><img decoding=\"async\" src=\"https:\/\/iwell-guard.com\/wp-content\/uploads\/2026\/07\/geister_rumaenisch_iele-200x300.webp\" alt=\"Iele\" loading=\"lazy\"><\/div><div class=\"iwg-wesen-card-body\"><div class=\"iwg-wesen-card-name\">Iele<\/div><div class=\"iwg-wesen-card-arrow\">\u2192 \u00c1 v\u00e6ttina<\/div><\/div><\/a><a class=\"iwg-wesen-card\" href=\"https:\/\/iwell-guard.com\/is\/strigoi\/\" aria-label=\"Strigoi\"><div class=\"iwg-wesen-card-imgwrap\"><img decoding=\"async\" src=\"https:\/\/iwell-guard.com\/wp-content\/uploads\/2026\/07\/daemonen_rumaenisch_strigoi-200x300.webp\" alt=\"Strigoi\" loading=\"lazy\"><\/div><div class=\"iwg-wesen-card-body\"><div class=\"iwg-wesen-card-name\">Strigoi<\/div><div class=\"iwg-wesen-card-arrow\">\u2192 \u00c1 v\u00e6ttina<\/div><\/div><\/a><a class=\"iwg-wesen-card\" href=\"https:\/\/iwell-guard.com\/is\/pricolici\/\" aria-label=\"Pricolici\"><div class=\"iwg-wesen-card-imgwrap\"><img decoding=\"async\" src=\"https:\/\/iwell-guard.com\/wp-content\/uploads\/2026\/07\/daemonen_rumaenisch_pricolici-200x300.webp\" alt=\"Pricolici\" loading=\"lazy\"><\/div><div class=\"iwg-wesen-card-body\"><div class=\"iwg-wesen-card-name\">Pricolici<\/div><div class=\"iwg-wesen-card-arrow\">\u2192 \u00c1 v\u00e6ttina<\/div><\/div><\/a><a class=\"iwg-wesen-card\" href=\"https:\/\/iwell-guard.com\/is\/moroi\/\" aria-label=\"Moroi\"><div class=\"iwg-wesen-card-imgwrap\"><img decoding=\"async\" src=\"https:\/\/iwell-guard.com\/wp-content\/uploads\/2026\/07\/daemonen_rumaenisch_moroi-200x300.webp\" alt=\"Moroi\" loading=\"lazy\"><\/div><div class=\"iwg-wesen-card-body\"><div class=\"iwg-wesen-card-name\">Moroi<\/div><div class=\"iwg-wesen-card-arrow\">\u2192 \u00c1 v\u00e6ttina<\/div><\/div><\/a><\/div>\t\t\t\t\t\t\t\t<\/div>\n\t\t\t\t\t<\/div>\n\t\t\t\t<\/div>\n\t\t\t\t\t<\/div>\n\t\t\t\t<\/div>\n\t\t<div class=\"elementor-element elementor-element-iwgkw2-add-sami e-flex e-con-boxed e-con e-parent\" data-id=\"iwgkw2-add-sami\" data-element_type=\"container\" data-e-type=\"container\">\n\t\t\t\t\t<div class=\"e-con-inner\">\n\t\t\t\t<div class=\"elementor-element elementor-element-iwgkw2-add-sami-t elementor-widget elementor-widget-text-editor\" data-id=\"iwgkw2-add-sami-t\" data-element_type=\"widget\" data-e-type=\"widget\" data-widget_type=\"text-editor.default\">\n\t\t\t\t\t\t\t\t\t<p><em>Strigoi-tr\u00fain<\/em> og hin v\u00ed\u00f0ari <em>r\u00famenska \u00fej\u00f3\u00f0tr\u00fa<\/em> um Iele, Muma P\u0103durii og Pricolici tengja saman forfe\u00f0rad\u00fdrkun, greftrunarsi\u00f0i og verndarathafnir \u00ed sj\u00e1lfst\u00e6\u00f0a verndari\u00f0ju sem \u00e6tla\u00f0 var a\u00f0 vernda fj\u00f6lskyldur og \u00feorp fyrir uppvakningum og n\u00e1tt\u00faru\u00f6ndum.<\/p>\t\t\t\t\t\t\t\t<\/div>\n\t\t\t\t\t<\/div>\n\t\t\t\t<\/div>\n\t\t<div class=\"elementor-element elementor-element-iwgcn-sami-kwd e-flex e-con-boxed e-con e-parent\" data-id=\"iwgcn-sami-kwd\" data-element_type=\"container\" data-e-type=\"container\">\n\t\t\t\t\t<div class=\"e-con-inner\">\n\t\t<div class=\"elementor-element elementor-element-iwgcn-sami-kwd-c e-con-full e-flex e-con e-child\" data-id=\"iwgcn-sami-kwd-c\" data-element_type=\"container\" data-e-type=\"container\">\n\t\t\t\t<div class=\"elementor-element elementor-element-iwgcn-sami-kwdt elementor-widget elementor-widget-text-editor\" data-id=\"iwgcn-sami-kwdt\" data-element_type=\"widget\" data-e-type=\"widget\" data-widget_type=\"text-editor.default\">\n\t\t\t\t\t\t\t\t\t<p><em>Tengd leitaror\u00f0: Strigoi Moroi Iele Pricolici Muma Padurii S\u00e2nziene V\u00e2rcolac Transylvan\u00eda Karpatafj\u00f6ll Valak\u00eda.<\/em><\/p>\t\t\t\t\t\t\t\t<\/div>\n\t\t\t\t<\/div>\n\t\t\t\t\t<\/div>\n\t\t\t\t<\/div>\n\t\t<div class=\"elementor-element elementor-element-iwgcn-sami-cc e-flex e-con-boxed e-con e-parent\" data-id=\"iwgcn-sami-cc\" data-element_type=\"container\" data-e-type=\"container\" id=\"iwg-cc-sami\">\n\t\t\t\t\t<div class=\"e-con-inner\">\n\t\t<div class=\"elementor-element elementor-element-iwgcn-sami-ccinner e-flex e-con-boxed e-con e-parent\" data-id=\"iwgcn-sami-ccinner\" data-element_type=\"container\" data-e-type=\"container\" data-settings=\"{&quot;background_background&quot;:&quot;classic&quot;}\">\n\t\t\t\t\t<div class=\"e-con-inner\">\n\t\t\t\t<div class=\"elementor-element elementor-element-iwgcn-sami-cch elementor-widget elementor-widget-heading\" data-id=\"iwgcn-sami-cch\" data-element_type=\"widget\" data-e-type=\"widget\" data-widget_type=\"heading.default\">\n\t\t\t\t\t<h2 class=\"elementor-heading-title elementor-size-default\">Verndargripir \u00ed \u00feessari menningarhef\u00f0<\/h2>\t\t\t\t<\/div>\n\t\t\t\t<div class=\"elementor-element elementor-element-iwgcn-sami-cct elementor-widget elementor-widget-text-editor\" data-id=\"iwgcn-sami-cct\" data-element_type=\"widget\" data-e-type=\"widget\" data-widget_type=\"text-editor.default\">\n\t\t\t\t\t\t\t\t\t<p>R\u00famensk hef\u00f0 \u00feekkir <a href=\"https:\/\/iwell-guard.com\/is\/hvitlaukur-sem-vernd\/\">hv\u00edtlauk<\/a> \u00e1 dyrum og gluggaumb\u00fana\u00f0i, <a href=\"https:\/\/iwell-guard.com\/is\/jarn-og-kalt-jarn\/\">j\u00e1rn<\/a>naglar og hn\u00edfa \u00ed kistum, blessa\u00f0ar \u00feyrni- og hag\u00feyrnigreinar auk \u00feess a\u00f0 hringja <a href=\"https:\/\/iwell-guard.com\/is\/bjollur-og-skellur-havaer-vorn\/\">kirkjuklukkum<\/a> til a\u00f0 verjast Strigoi og illum \u00f6ndum; pers\u00f3nuleg am\u00falett til a\u00f0 bera \u00e1 s\u00e9r eru mun sjaldnar skjalfest \u00ed \u00fej\u00f3\u00f0legri arfleif\u00f0 en h\u00fas- og grafarvernd. Yfirgripsmiki\u00f0 yfirlit menningarheima m\u00e1 finna \u00ed <a href=\"https:\/\/iwell-guard.com\/is\/verndarleidarvisir\/\">Verndarkomp\u00e1sinum<\/a>.<\/p>\n<div data-nosnippet=\"true\"><p>iWell Guard fellur inn \u00ed \u00feessa menningars\u00f6gulegu hef\u00f0 verndargripa sem bornir eru \u00e1 s\u00e9r, \u00ed n\u00fat\u00edmalegri efnisger\u00f0, framleitt \u00ed \u00de\u00fdskalandi. 41 l\u00f6g, ekta gull, plat\u00edna, silfur. 30 daga skilar\u00e9ttur.<\/p><\/div>\t\t\t\t\t\t\t\t<\/div>\n\t\t\t\t<div class=\"elementor-element elementor-element-iwgcn-sami-ccb iwg-cc-button iwg-cc-cta-2026-05-13 elementor-widget elementor-widget-jet-button\" data-id=\"iwgcn-sami-ccb\" data-element_type=\"widget\" data-e-type=\"widget\" data-widget_type=\"jet-button.default\">\n\t\t\t\t<div class=\"elementor-widget-container\">\n\t\t\t\t\t<div class=\"elementor-jet-button jet-elements\"><div class=\"jet-button__container\"><a class=\"jet-button__instance jet-button__instance--icon-left hover-effect-1\" href=\"\/ueber-iwell-guard\/?utm_source=iwell-guard.com&amp;utm_medium=info-box&amp;utm_campaign=kultur-tradition\"><div class=\"jet-button__plane jet-button__plane-normal\"><\/div><div class=\"jet-button__plane jet-button__plane-hover\"><\/div><div class=\"jet-button__state jet-button__state-normal\"><span class=\"jet-button__label\">Meira um iWell Guard<\/span><\/div><div class=\"jet-button__state jet-button__state-hover\"><span class=\"jet-button__label\">Meira um iWell Guard<\/span><\/div><\/a><\/div><\/div><style>.elementor-element.elementor-element-iwgcn-sami-ccb .jet-button__instance{width:320px;height:56px;}.elementor-element.elementor-element-iwgcn-sami-ccb .jet-button__state-normal .jet-button__label{text-align:center;margin:0px 0px 0px 0px;color:#1a1b20;font-family:Montserrat,sans-serif;font-size:13px;font-weight:400;letter-spacing:4px;line-height:1.714em;text-transform:uppercase;}.elementor-element.elementor-element-iwgcn-sami-ccb .jet-button__state-hover .jet-button__label{text-align:center;margin:0px 0px 0px 0px;color:#FECC76;font-family:Montserrat,sans-serif;font-size:13px;font-weight:400;letter-spacing:4px;line-height:1.714em;text-transform:uppercase;}.elementor-element.elementor-element-iwgcn-sami-ccb .jet-button__plane-normal{background-color:#FECC76;border-style:solid;border-color:#C99540;border-width:2px 2px 2px 2px;}.elementor-element.elementor-element-iwgcn-sami-ccb .jet-button__plane-hover{background-color:rgba(0,0,0,0.55);border-style:solid;border-color:#FECC76;border-width:2px 2px 2px 2px;}<\/style>\t\t\t\t<\/div>\n\t\t\t\t<\/div>\n\t\t\t\t<div class=\"elementor-element elementor-element-iwgcn-sami-ccd elementor-widget elementor-widget-text-editor\" data-id=\"iwgcn-sami-ccd\" data-element_type=\"widget\" data-e-type=\"widget\" data-widget_type=\"text-editor.default\">\n\t\t\t\t\t\t\t\t\t<div data-nosnippet=\"true\"><p style=\"text-align:center;font-size:13px;opacity:0.7;margin-top:14px\" data-nosnippet=\"true\">Pers\u00f3nuleg reynsla getur veri\u00f0 mismunandi. Ekki l\u00e6kningat\u00e6ki. Engin lofor\u00f0 um l\u00e6kningu.<\/p><\/div>\t\t\t\t\t\t\t\t<\/div>\n\t\t\t\t\t<\/div>\n\t\t\t\t<\/div>\n\t\t\t\t\t<\/div>\n\t\t\t\t<\/div>\n\t\t<div class=\"elementor-element elementor-element-iwgcn-sami-disc e-flex e-con-boxed e-con e-parent\" data-id=\"iwgcn-sami-disc\" data-element_type=\"container\" data-e-type=\"container\">\n\t\t\t\t\t<div class=\"e-con-inner\">\n\t\t\t\t<div class=\"elementor-element elementor-element-iwgcn-sami-discw elementor-widget elementor-widget-html\" data-id=\"iwgcn-sami-discw\" data-element_type=\"widget\" data-e-type=\"widget\" data-widget_type=\"html.default\">\n\t\t\t\t\t<footer data-nosnippet=\"true\" class=\"iwg-disclaimer-block\"><p data-nosnippet=\"true\">iWell Guard er <strong>ekki l\u00e6kningat\u00e6ki<\/strong> og kemur ekki \u00ed sta\u00f0inn fyrir l\u00e6knis- e\u00f0a s\u00e1lfr\u00e6\u00f0ime\u00f0fer\u00f0. Tr\u00faarfr\u00e6\u00f0ilegt efni er menningars\u00f6gulegt samhengi, ekki r\u00e1\u00f0legging um andlega i\u00f0kun.<\/p><\/footer>\t\t\t\t<\/div>\n\t\t\t\t\t<\/div>\n\t\t\t\t<\/div>\n\t\t\t\t<\/div>\n\t\t","protected":false},"excerpt":{"rendered":"","protected":false},"author":3,"featured_media":20175,"parent":0,"menu_order":0,"comment_status":"closed","ping_status":"closed","template":"elementor_header_footer","meta":{"_yoast_wpseo_focuskw":"r\u00famensk go\u00f0afr\u00e6\u00f0i","_yoast_wpseo_title":"R\u00famensk go\u00f0afr\u00e6\u00f0i: Strigoi, Iele og Moroi","_yoast_wpseo_metadesc":"Strigoi, Moroi, Iele og Pricolici: r\u00famensk \u00fej\u00f3\u00f0tr\u00fa \u00fatsk\u00fdr\u00f0 \u00e1 fr\u00e6\u00f0ilegum grunni, me\u00f0 a\u00f0greiningu fr\u00e1 b\u00f3kmenntago\u00f0s\u00f6gninni um Drak\u00fala.","_yoast_wpseo_meta-robots-noindex":"","_yoast_wpseo_canonical":"","_angie_page":false,"gefaehrdungsstufe":"","wesen_kultur":"","wesen_klasse":"","footnotes":""},"categories":[],"class_list":["post-169859","page","type-page","status-publish","has-post-thumbnail","hentry"],"yoast_head":"<!-- This site is optimized with the Yoast SEO Premium plugin v27.7 (Yoast SEO v28.3) - https:\/\/yoast.com\/product\/yoast-seo-premium-wordpress\/ -->\n<title>R\u00famensk go\u00f0afr\u00e6\u00f0i: Strigoi, Iele og Moroi<\/title>\n<meta name=\"description\" content=\"Strigoi, Moroi, Iele og Pricolici: r\u00famensk \u00fej\u00f3\u00f0tr\u00fa \u00fatsk\u00fdr\u00f0 \u00e1 fr\u00e6\u00f0ilegum grunni, me\u00f0 a\u00f0greiningu fr\u00e1 b\u00f3kmenntago\u00f0s\u00f6gninni um Drak\u00fala.\" \/>\n<meta name=\"robots\" content=\"index, follow, max-snippet:-1, max-image-preview:large, max-video-preview:-1\" \/>\n<link rel=\"canonical\" href=\"https:\/\/iwell-guard.com\/is\/rumensk-godafraedi\/\" \/>\n<meta property=\"og:locale\" content=\"is_IS\" \/>\n<meta property=\"og:type\" content=\"article\" \/>\n<meta property=\"og:title\" content=\"R\u00famensk go\u00f0afr\u00e6\u00f0i\" \/>\n<meta property=\"og:description\" content=\"Strigoi, Moroi, Iele og Pricolici: r\u00famensk \u00fej\u00f3\u00f0tr\u00fa \u00fatsk\u00fdr\u00f0 \u00e1 fr\u00e6\u00f0ilegum grunni, me\u00f0 a\u00f0greiningu fr\u00e1 b\u00f3kmenntago\u00f0s\u00f6gninni um Drak\u00fala.\" \/>\n<meta property=\"og:url\" content=\"https:\/\/iwell-guard.com\/is\/rumensk-godafraedi\/\" \/>\n<meta property=\"og:site_name\" content=\"iWell Guard\" \/>\n<meta property=\"article:modified_time\" content=\"2026-09-05T14:58:25+00:00\" \/>\n<meta property=\"og:image\" content=\"https:\/\/iwell-guard.com\/wp-content\/uploads\/2026\/07\/daemonen_rumaenisch_strigoi.webp\" \/>\n\t<meta property=\"og:image:width\" content=\"1024\" \/>\n\t<meta property=\"og:image:height\" content=\"1536\" \/>\n\t<meta property=\"og:image:type\" content=\"image\/webp\" \/>\n<meta name=\"twitter:card\" content=\"summary_large_image\" \/>\n<script type=\"application\/ld+json\" class=\"yoast-schema-graph\">{\"@context\":\"https:\\\/\\\/schema.org\",\"@graph\":[{\"@type\":\"WebPage\",\"@id\":\"https:\\\/\\\/iwell-guard.com\\\/is\\\/rumensk-godafraedi\\\/\",\"url\":\"https:\\\/\\\/iwell-guard.com\\\/is\\\/rumensk-godafraedi\\\/\",\"name\":\"R\u00famensk go\u00f0afr\u00e6\u00f0i: Strigoi, Iele og Moroi\",\"isPartOf\":{\"@id\":\"https:\\\/\\\/iwell-guard.com\\\/is\\\/#website\"},\"primaryImageOfPage\":{\"@id\":\"https:\\\/\\\/iwell-guard.com\\\/is\\\/rumensk-godafraedi\\\/#primaryimage\"},\"image\":{\"@id\":\"https:\\\/\\\/iwell-guard.com\\\/is\\\/rumensk-godafraedi\\\/#primaryimage\"},\"thumbnailUrl\":\"https:\\\/\\\/iwell-guard.com\\\/wp-content\\\/uploads\\\/2026\\\/07\\\/daemonen_rumaenisch_strigoi.webp\",\"datePublished\":\"2026-09-05T14:12:19+00:00\",\"dateModified\":\"2026-09-05T14:58:25+00:00\",\"description\":\"Strigoi, Moroi, Iele og Pricolici: r\u00famensk \u00fej\u00f3\u00f0tr\u00fa \u00fatsk\u00fdr\u00f0 \u00e1 fr\u00e6\u00f0ilegum grunni, me\u00f0 a\u00f0greiningu fr\u00e1 b\u00f3kmenntago\u00f0s\u00f6gninni um Drak\u00fala.\",\"breadcrumb\":{\"@id\":\"https:\\\/\\\/iwell-guard.com\\\/is\\\/rumensk-godafraedi\\\/#breadcrumb\"},\"inLanguage\":\"is\",\"potentialAction\":[{\"@type\":\"ReadAction\",\"target\":[\"https:\\\/\\\/iwell-guard.com\\\/is\\\/rumensk-godafraedi\\\/\"]}]},{\"@type\":\"ImageObject\",\"inLanguage\":\"is\",\"@id\":\"https:\\\/\\\/iwell-guard.com\\\/is\\\/rumensk-godafraedi\\\/#primaryimage\",\"url\":\"https:\\\/\\\/iwell-guard.com\\\/wp-content\\\/uploads\\\/2026\\\/07\\\/daemonen_rumaenisch_strigoi.webp\",\"contentUrl\":\"https:\\\/\\\/iwell-guard.com\\\/wp-content\\\/uploads\\\/2026\\\/07\\\/daemonen_rumaenisch_strigoi.webp\",\"width\":1024,\"height\":1536,\"caption\":\"Strigoi, dj\u00f6full \u00far r\u00famenskri \u00fej\u00f3\u00f0tr\u00fa\"},{\"@type\":\"BreadcrumbList\",\"@id\":\"https:\\\/\\\/iwell-guard.com\\\/is\\\/rumensk-godafraedi\\\/#breadcrumb\",\"itemListElement\":[{\"@type\":\"ListItem\",\"position\":1,\"name\":\"Start\",\"item\":\"https:\\\/\\\/iwell-guard.com\\\/is\\\/?page_id=168580\"},{\"@type\":\"ListItem\",\"position\":2,\"name\":\"R\u00famensk go\u00f0afr\u00e6\u00f0i\"}]},{\"@type\":\"WebSite\",\"@id\":\"https:\\\/\\\/iwell-guard.com\\\/is\\\/#website\",\"url\":\"https:\\\/\\\/iwell-guard.com\\\/is\\\/\",\"name\":\"iWell Guard\",\"description\":\"Schutz vor dunklen Einfl\u00fcssen\",\"publisher\":{\"@id\":\"https:\\\/\\\/iwell-guard.com\\\/is\\\/#organization\"},\"potentialAction\":[{\"@type\":\"SearchAction\",\"target\":{\"@type\":\"EntryPoint\",\"urlTemplate\":\"https:\\\/\\\/iwell-guard.com\\\/is\\\/?s={search_term_string}\"},\"query-input\":{\"@type\":\"PropertyValueSpecification\",\"valueRequired\":true,\"valueName\":\"search_term_string\"}}],\"inLanguage\":\"is\"},{\"@type\":\"Organization\",\"@id\":\"https:\\\/\\\/iwell-guard.com\\\/is\\\/#organization\",\"name\":\"Ittermann electronic GmbH\",\"url\":\"https:\\\/\\\/iwell-guard.com\\\/is\\\/\",\"logo\":{\"@type\":\"ImageObject\",\"inLanguage\":\"is\",\"@id\":\"https:\\\/\\\/iwell-guard.com\\\/is\\\/#\\\/schema\\\/logo\\\/image\\\/\",\"url\":\"https:\\\/\\\/iwell-guard.com\\\/wp-content\\\/uploads\\\/2026\\\/05\\\/Ittermann-Logo-1182x237-1.png\",\"contentUrl\":\"https:\\\/\\\/iwell-guard.com\\\/wp-content\\\/uploads\\\/2026\\\/05\\\/Ittermann-Logo-1182x237-1.png\",\"width\":1182,\"height\":237,\"caption\":\"Ittermann electronic GmbH\"},\"image\":{\"@id\":\"https:\\\/\\\/iwell-guard.com\\\/is\\\/#\\\/schema\\\/logo\\\/image\\\/\"},\"sameAs\":[\"https:\\\/\\\/pantip.com\\\/profile\\\/9367242\",\"https:\\\/\\\/micro.blog\\\/iwellguard\",\"https:\\\/\\\/www.diggerslist.com\\\/iwellguard\\\/about\",\"https:\\\/\\\/skitterphoto.com\\\/photographers\\\/2870314\\\/iwell-guard\",\"https:\\\/\\\/iwellguard.wordpress.com\\\/2026\\\/06\\\/06\\\/iwell-guard\\\/\",\"https:\\\/\\\/hub.docker.com\\\/u\\\/iwellguard\",\"https:\\\/\\\/www.pinterest.com\\\/iwellguard\\\/\",\"https:\\\/\\\/bit.ly\\\/m\\\/iwellguard\",\"https:\\\/\\\/entre-vos-mains.alsace.eu\\\/profiles\\\/iwellguard\\\/activity\",\"https:\\\/\\\/gravatar.com\\\/reallybeded8fd34\",\"https:\\\/\\\/naijamatta.com\\\/iwellguard\",\"https:\\\/\\\/www.goodreads.com\\\/iwellguard\",\"https:\\\/\\\/profile.hatena.ne.jp\\\/iwellguard\\\/\",\"https:\\\/\\\/experiment.com\\\/users\\\/iwellguard\",\"https:\\\/\\\/wakelet.com\\\/@iWellGuard82270\",\"https:\\\/\\\/www.chordie.com\\\/forum\\\/profile.php?id=2555664\",\"https:\\\/\\\/www.instapaper.com\\\/p\\\/17757966\",\"https:\\\/\\\/www.mapleprimes.com\\\/users\\\/iwellguard\",\"https:\\\/\\\/businesslistingplus.com\\\/profile\\\/iwell-guard\\\/\",\"https:\\\/\\\/telegra.ph\\\/iWell-Guard-06-06\",\"https:\\\/\\\/pbase.com\\\/iwellguard\\\/iwellguard\",\"https:\\\/\\\/b.hatena.ne.jp\\\/iwellguard\\\/20260607#bookmark-4788405196491818882\",\"https:\\\/\\\/fliphtml5.com\\\/home\\\/iwellguard\",\"https:\\\/\\\/anyflip.com\\\/homepage\\\/cmiwl#About\",\"https:\\\/\\\/transfur.com\\\/Users\\\/iwellguard\",\"http:\\\/\\\/delphi.larsbo.org\\\/user\\\/iwellguard\",\"https:\\\/\\\/jobs.lajobsportal.org\\\/profiles\\\/8380803-iwell-guard\",\"https:\\\/\\\/md.chaosdorf.de\\\/s\\\/jfbe5SBdJD\",\"https:\\\/\\\/www.lingvolive.com\\\/en-us\\\/profile\\\/9ecaeaca-ce11-4e51-9e71-01d55e2bff36\\\/translations\",\"https:\\\/\\\/www.fitday.com\\\/fitness\\\/forums\\\/members\\\/iwellguard.html\",\"https:\\\/\\\/www.mymeetbook.com\\\/iwellguard\",\"https:\\\/\\\/pxhere.com\\\/en\\\/photographer-me\\\/5040798\",\"https:\\\/\\\/disqus.com\\\/by\\\/iwellguard\\\/about\\\/\",\"https:\\\/\\\/pastelink.net\\\/hjwciqwq\",\"https:\\\/\\\/pubhtml5.com\\\/homepage\\\/scjhn\\\/\",\"https:\\\/\\\/www.bitchute.com\\\/channel\\\/2O2eOKzNqujT\",\"https:\\\/\\\/audiomack.com\\\/iwellguard\"]}]}<\/script>\n<!-- \/ Yoast SEO Premium plugin. -->","yoast_head_json":{"title":"R\u00famensk go\u00f0afr\u00e6\u00f0i: Strigoi, Iele og Moroi","description":"Strigoi, Moroi, Iele og Pricolici: r\u00famensk \u00fej\u00f3\u00f0tr\u00fa \u00fatsk\u00fdr\u00f0 \u00e1 fr\u00e6\u00f0ilegum grunni, me\u00f0 a\u00f0greiningu fr\u00e1 b\u00f3kmenntago\u00f0s\u00f6gninni um Drak\u00fala.","robots":{"index":"index","follow":"follow","max-snippet":"max-snippet:-1","max-image-preview":"max-image-preview:large","max-video-preview":"max-video-preview:-1"},"canonical":"https:\/\/iwell-guard.com\/is\/rumensk-godafraedi\/","og_locale":"is_IS","og_type":"article","og_title":"R\u00famensk go\u00f0afr\u00e6\u00f0i","og_description":"Strigoi, Moroi, Iele og Pricolici: r\u00famensk \u00fej\u00f3\u00f0tr\u00fa \u00fatsk\u00fdr\u00f0 \u00e1 fr\u00e6\u00f0ilegum grunni, me\u00f0 a\u00f0greiningu fr\u00e1 b\u00f3kmenntago\u00f0s\u00f6gninni um Drak\u00fala.","og_url":"https:\/\/iwell-guard.com\/is\/rumensk-godafraedi\/","og_site_name":"iWell Guard","article_modified_time":"2026-09-05T14:58:25+00:00","og_image":[{"width":1024,"height":1536,"url":"https:\/\/iwell-guard.com\/wp-content\/uploads\/2026\/07\/daemonen_rumaenisch_strigoi.webp","type":"image\/webp"}],"twitter_card":"summary_large_image","schema":{"@context":"https:\/\/schema.org","@graph":[{"@type":"WebPage","@id":"https:\/\/iwell-guard.com\/is\/rumensk-godafraedi\/","url":"https:\/\/iwell-guard.com\/is\/rumensk-godafraedi\/","name":"R\u00famensk go\u00f0afr\u00e6\u00f0i: Strigoi, Iele og Moroi","isPartOf":{"@id":"https:\/\/iwell-guard.com\/is\/#website"},"primaryImageOfPage":{"@id":"https:\/\/iwell-guard.com\/is\/rumensk-godafraedi\/#primaryimage"},"image":{"@id":"https:\/\/iwell-guard.com\/is\/rumensk-godafraedi\/#primaryimage"},"thumbnailUrl":"https:\/\/iwell-guard.com\/wp-content\/uploads\/2026\/07\/daemonen_rumaenisch_strigoi.webp","datePublished":"2026-09-05T14:12:19+00:00","dateModified":"2026-09-05T14:58:25+00:00","description":"Strigoi, Moroi, Iele og Pricolici: r\u00famensk \u00fej\u00f3\u00f0tr\u00fa \u00fatsk\u00fdr\u00f0 \u00e1 fr\u00e6\u00f0ilegum grunni, me\u00f0 a\u00f0greiningu fr\u00e1 b\u00f3kmenntago\u00f0s\u00f6gninni um Drak\u00fala.","breadcrumb":{"@id":"https:\/\/iwell-guard.com\/is\/rumensk-godafraedi\/#breadcrumb"},"inLanguage":"is","potentialAction":[{"@type":"ReadAction","target":["https:\/\/iwell-guard.com\/is\/rumensk-godafraedi\/"]}]},{"@type":"ImageObject","inLanguage":"is","@id":"https:\/\/iwell-guard.com\/is\/rumensk-godafraedi\/#primaryimage","url":"https:\/\/iwell-guard.com\/wp-content\/uploads\/2026\/07\/daemonen_rumaenisch_strigoi.webp","contentUrl":"https:\/\/iwell-guard.com\/wp-content\/uploads\/2026\/07\/daemonen_rumaenisch_strigoi.webp","width":1024,"height":1536,"caption":"Strigoi, dj\u00f6full \u00far r\u00famenskri \u00fej\u00f3\u00f0tr\u00fa"},{"@type":"BreadcrumbList","@id":"https:\/\/iwell-guard.com\/is\/rumensk-godafraedi\/#breadcrumb","itemListElement":[{"@type":"ListItem","position":1,"name":"Start","item":"https:\/\/iwell-guard.com\/is\/?page_id=168580"},{"@type":"ListItem","position":2,"name":"R\u00famensk go\u00f0afr\u00e6\u00f0i"}]},{"@type":"WebSite","@id":"https:\/\/iwell-guard.com\/is\/#website","url":"https:\/\/iwell-guard.com\/is\/","name":"iWell Guard","description":"Schutz vor dunklen Einfl\u00fcssen","publisher":{"@id":"https:\/\/iwell-guard.com\/is\/#organization"},"potentialAction":[{"@type":"SearchAction","target":{"@type":"EntryPoint","urlTemplate":"https:\/\/iwell-guard.com\/is\/?s={search_term_string}"},"query-input":{"@type":"PropertyValueSpecification","valueRequired":true,"valueName":"search_term_string"}}],"inLanguage":"is"},{"@type":"Organization","@id":"https:\/\/iwell-guard.com\/is\/#organization","name":"Ittermann electronic GmbH","url":"https:\/\/iwell-guard.com\/is\/","logo":{"@type":"ImageObject","inLanguage":"is","@id":"https:\/\/iwell-guard.com\/is\/#\/schema\/logo\/image\/","url":"https:\/\/iwell-guard.com\/wp-content\/uploads\/2026\/05\/Ittermann-Logo-1182x237-1.png","contentUrl":"https:\/\/iwell-guard.com\/wp-content\/uploads\/2026\/05\/Ittermann-Logo-1182x237-1.png","width":1182,"height":237,"caption":"Ittermann electronic GmbH"},"image":{"@id":"https:\/\/iwell-guard.com\/is\/#\/schema\/logo\/image\/"},"sameAs":["https:\/\/pantip.com\/profile\/9367242","https:\/\/micro.blog\/iwellguard","https:\/\/www.diggerslist.com\/iwellguard\/about","https:\/\/skitterphoto.com\/photographers\/2870314\/iwell-guard","https:\/\/iwellguard.wordpress.com\/2026\/06\/06\/iwell-guard\/","https:\/\/hub.docker.com\/u\/iwellguard","https:\/\/www.pinterest.com\/iwellguard\/","https:\/\/bit.ly\/m\/iwellguard","https:\/\/entre-vos-mains.alsace.eu\/profiles\/iwellguard\/activity","https:\/\/gravatar.com\/reallybeded8fd34","https:\/\/naijamatta.com\/iwellguard","https:\/\/www.goodreads.com\/iwellguard","https:\/\/profile.hatena.ne.jp\/iwellguard\/","https:\/\/experiment.com\/users\/iwellguard","https:\/\/wakelet.com\/@iWellGuard82270","https:\/\/www.chordie.com\/forum\/profile.php?id=2555664","https:\/\/www.instapaper.com\/p\/17757966","https:\/\/www.mapleprimes.com\/users\/iwellguard","https:\/\/businesslistingplus.com\/profile\/iwell-guard\/","https:\/\/telegra.ph\/iWell-Guard-06-06","https:\/\/pbase.com\/iwellguard\/iwellguard","https:\/\/b.hatena.ne.jp\/iwellguard\/20260607#bookmark-4788405196491818882","https:\/\/fliphtml5.com\/home\/iwellguard","https:\/\/anyflip.com\/homepage\/cmiwl#About","https:\/\/transfur.com\/Users\/iwellguard","http:\/\/delphi.larsbo.org\/user\/iwellguard","https:\/\/jobs.lajobsportal.org\/profiles\/8380803-iwell-guard","https:\/\/md.chaosdorf.de\/s\/jfbe5SBdJD","https:\/\/www.lingvolive.com\/en-us\/profile\/9ecaeaca-ce11-4e51-9e71-01d55e2bff36\/translations","https:\/\/www.fitday.com\/fitness\/forums\/members\/iwellguard.html","https:\/\/www.mymeetbook.com\/iwellguard","https:\/\/pxhere.com\/en\/photographer-me\/5040798","https:\/\/disqus.com\/by\/iwellguard\/about\/","https:\/\/pastelink.net\/hjwciqwq","https:\/\/pubhtml5.com\/homepage\/scjhn\/","https:\/\/www.bitchute.com\/channel\/2O2eOKzNqujT","https:\/\/audiomack.com\/iwellguard"]}]}},"_links":{"self":[{"href":"https:\/\/iwell-guard.com\/is\/wp-json\/wp\/v2\/pages\/169859","targetHints":{"allow":["GET"]}}],"collection":[{"href":"https:\/\/iwell-guard.com\/is\/wp-json\/wp\/v2\/pages"}],"about":[{"href":"https:\/\/iwell-guard.com\/is\/wp-json\/wp\/v2\/types\/page"}],"author":[{"embeddable":true,"href":"https:\/\/iwell-guard.com\/is\/wp-json\/wp\/v2\/users\/3"}],"replies":[{"embeddable":true,"href":"https:\/\/iwell-guard.com\/is\/wp-json\/wp\/v2\/comments?post=169859"}],"version-history":[{"count":0,"href":"https:\/\/iwell-guard.com\/is\/wp-json\/wp\/v2\/pages\/169859\/revisions"}],"wp:featuredmedia":[{"embeddable":true,"href":"https:\/\/iwell-guard.com\/is\/wp-json\/wp\/v2\/media\/20175"}],"wp:attachment":[{"href":"https:\/\/iwell-guard.com\/is\/wp-json\/wp\/v2\/media?parent=169859"}],"wp:term":[{"taxonomy":"category","embeddable":true,"href":"https:\/\/iwell-guard.com\/is\/wp-json\/wp\/v2\/categories?post=169859"}],"curies":[{"name":"wp","href":"https:\/\/api.w.org\/{rel}","templated":true}]}}