{"id":169857,"date":"2026-09-05T14:12:19","date_gmt":"2026-09-05T14:12:19","guid":{"rendered":"https:\/\/iwell-guard.com\/?page_id=169857"},"modified":"2026-09-05T14:58:22","modified_gmt":"2026-09-05T14:58:22","slug":"mapuche-godafraedi","status":"publish","type":"page","link":"https:\/\/iwell-guard.com\/is\/mapuche-godafraedi\/","title":{"rendered":"Map\u00fak-go\u00f0afr\u00e6\u00f0i"},"content":{"rendered":"\t\t<div data-elementor-type=\"wp-page\" data-elementor-id=\"169857\" class=\"elementor elementor-169857 elementor-20570 elementor-bc-flex-widget\" data-elementor-post-type=\"page\">\n\t\t\t\t<div class=\"elementor-element elementor-element-iwgcn-sami-hero iwg-kultur-hero e-flex e-con-boxed e-con e-parent\" data-id=\"iwgcn-sami-hero\" data-element_type=\"container\" data-e-type=\"container\">\n\t\t\t\t\t<div class=\"e-con-inner\">\n\t\t<div class=\"elementor-element elementor-element-iwgcn-sami-hl iwg-kultur-hero-left e-flex e-con-boxed e-con e-child\" data-id=\"iwgcn-sami-hl\" data-element_type=\"container\" data-e-type=\"container\">\n\t\t\t\t\t<div class=\"e-con-inner\">\n\t\t\t\t<div class=\"elementor-element elementor-element-iwgcn-sami-h1 elementor-widget elementor-widget-heading\" data-id=\"iwgcn-sami-h1\" data-element_type=\"widget\" data-e-type=\"widget\" data-widget_type=\"heading.default\">\n\t\t\t\t\t<h1 class=\"elementor-heading-title elementor-size-default\">Map\u00fak-go\u00f0afr\u00e6\u00f0i, Pill\u00e1n og andaheimur Chile<\/h1>\t\t\t\t<\/div>\n\t\t<div class=\"elementor-element elementor-element-iwgcn-sami-leadc e-con-full e-flex e-con e-child\" data-id=\"iwgcn-sami-leadc\" data-element_type=\"container\" data-e-type=\"container\">\n\t\t\t\t<div class=\"elementor-element elementor-element-iwgcn-sami-lead elementor-widget elementor-widget-text-editor\" data-id=\"iwgcn-sami-lead\" data-element_type=\"widget\" data-e-type=\"widget\" data-widget_type=\"text-editor.default\">\n\t\t\t\t\t\t\t\t\t<p>Map\u00fak-f\u00f3lki\u00f0, me\u00f0 um 1,75 millj\u00f3nir manna st\u00e6rsti frumbyggjah\u00f3pur Chile og me\u00f0 um 200.000 manns til vi\u00f0b\u00f3tar b\u00fasettur \u00ed Argent\u00ednu, var\u00f0veitir \u00ed h\u00e9ra\u00f0inu Araucan\u00eda og a\u00f0liggjandi Patag\u00f3n\u00edu lifandi tr\u00faarhef\u00f0. Machi-sjamanakonur me\u00f0 trommu s\u00edna Kultrun, Pill\u00e1n-andar eldfjallanna og fl\u00f3\u00f0sagan um sn\u00e1ka Caicai og Trentren eru me\u00f0al \u00feekktustu \u00fe\u00e1tta \u00feessarar hef\u00f0ar sem enn er i\u00f0ku\u00f0 \u00ed dag.<\/p>\n<p class=\"iwg-kwfix\">Andaheimur Map\u00fak-f\u00f3lksins er n\u00e1tengdur sj\u00f3, eldfjalli og kr\u00f6ftum landslagsins.<\/p>\t\t\t\t\t\t\t\t<\/div>\n\t\t\t\t<\/div>\n\t\t\t\t\t<\/div>\n\t\t\t\t<\/div>\n\t\t<div class=\"elementor-element elementor-element-iwgcn-sami-hr iwg-kultur-hero-right e-flex e-con-boxed e-con e-child\" data-id=\"iwgcn-sami-hr\" data-element_type=\"container\" data-e-type=\"container\">\n\t\t\t\t\t<div class=\"e-con-inner\">\n\t\t\t\t<div class=\"elementor-element elementor-element-iwgcn-sami-himg iwg-hero-image elementor-widget elementor-widget-image\" data-id=\"iwgcn-sami-himg\" data-element_type=\"widget\" data-e-type=\"widget\" data-widget_type=\"image.default\">\n\t\t\t\t\t\t\t\t\t\t\t\t\t\t\t<img fetchpriority=\"high\" decoding=\"async\" width=\"683\" height=\"1024\" src=\"https:\/\/iwell-guard.com\/wp-content\/uploads\/2026\/05\/goetter_sami_beaivi-683x1024.webp\" class=\"attachment-large size-large wp-image-170769\" alt=\"Beaivi - gu\u00f0ir \u00far sam\u00edskri hef\u00f0, s\u00f6guleg myndskreyting\" srcset=\"https:\/\/iwell-guard.com\/wp-content\/uploads\/2026\/05\/goetter_sami_beaivi-683x1024.webp 683w, https:\/\/iwell-guard.com\/wp-content\/uploads\/2026\/05\/goetter_sami_beaivi-200x300.webp 200w, https:\/\/iwell-guard.com\/wp-content\/uploads\/2026\/05\/goetter_sami_beaivi-768x1152.webp 768w, https:\/\/iwell-guard.com\/wp-content\/uploads\/2026\/05\/goetter_sami_beaivi.webp 1024w\" sizes=\"(max-width: 683px) 100vw, 683px\" \/>\t\t\t\t\t\t\t\t\t\t\t\t\t\t\t<\/div>\n\t\t\t\t\t<\/div>\n\t\t\t\t<\/div>\n\t\t\t\t\t<\/div>\n\t\t\t\t<\/div>\n\t\t\t\t<section class=\"elementor-section elementor-top-section elementor-element elementor-element-sec-iwgcomp-sami elementor-section-boxed elementor-section-height-default elementor-section-height-default\" data-id=\"sec-iwgcomp-sami\" data-element_type=\"section\" data-e-type=\"section\">\n\t\t\t\t\t\t<div class=\"elementor-container elementor-column-gap-default\">\n\t\t\t\t\t<div class=\"elementor-column elementor-col-100 elementor-top-column elementor-element elementor-element-col-iwgcomp-sami\" data-id=\"col-iwgcomp-sami\" data-element_type=\"column\" data-e-type=\"column\">\n\t\t\t<div class=\"elementor-widget-wrap elementor-element-populated\">\n\t\t\t\t\t\t<div class=\"elementor-element elementor-element-iwgcomp-sami elementor-widget elementor-widget-text-editor\" data-id=\"iwgcomp-sami\" data-element_type=\"widget\" data-e-type=\"widget\" data-widget_type=\"text-editor.default\">\n\t\t\t\t\t\t\t\t\t<p><strong><span class=\"iwg-fachbegriff\" data-tooltip=\"Sjaman\u00edsk helgisi\u00f0as\u00e9rfr\u00e6\u00f0ingur Map\u00fak-f\u00f3lksins, oftast kona, \u00e1byrg fyrir l\u00e6kningu og samskiptum vi\u00f0 andaheiminn.\" tabindex=\"0\">Machi<\/span>-hef\u00f0in<\/strong> myndar bur\u00f0ar\u00e1s tr\u00faarlegrar i\u00f0kunar \u00ed Wallmapu.<\/p>\n<p class=\"iwg-kwfix\">Andaheimur Map\u00fak-f\u00f3lksins skiptist \u00ed forfe\u00f0ra- og eldfjallaanda \u00ed kringum Pill\u00e1n, sj\u00e1varv\u00e6ttir eins og Sumpall og Pincoya, auk tv\u00edr\u00e6\u00f0ra Kalku-anda. Enn \u00ed dag er \u00feessi vitneskja var\u00f0veitt \u00ed Machi-hef\u00f0 Chile og Argent\u00ednu.<\/p>\t\t\t\t\t\t\t\t<\/div>\n\t\t\t\t\t<\/div>\n\t\t<\/div>\n\t\t\t\t\t<\/div>\n\t\t<\/section>\n\t\t<div class=\"elementor-element elementor-element-iwgcn-sami-s0 e-flex e-con-boxed e-con e-parent\" data-id=\"iwgcn-sami-s0\" data-element_type=\"container\" data-e-type=\"container\">\n\t\t\t\t\t<div class=\"e-con-inner\">\n\t\t\t\t<div class=\"elementor-element elementor-element-iwgcn-sami-s0h elementor-widget elementor-widget-heading\" data-id=\"iwgcn-sami-s0h\" data-element_type=\"widget\" data-e-type=\"widget\" data-widget_type=\"heading.default\">\n\t\t\t\t\t<h2 class=\"elementor-heading-title elementor-size-default\">Map\u00fak-f\u00f3lki\u00f0, tungum\u00e1l og b\u00fasv\u00e6\u00f0i<\/h2>\t\t\t\t<\/div>\n\t\t<div class=\"elementor-element elementor-element-iwgcn-sami-s0-c e-con-full e-flex e-con e-child\" data-id=\"iwgcn-sami-s0-c\" data-element_type=\"container\" data-e-type=\"container\">\n\t\t\t\t<div class=\"elementor-element elementor-element-iwgcn-sami-s0t elementor-widget elementor-widget-text-editor\" data-id=\"iwgcn-sami-s0t\" data-element_type=\"widget\" data-e-type=\"widget\" data-widget_type=\"text-editor.default\">\n\t\t\t\t\t\t\t\t\t<p>Map\u00fak-f\u00f3lki\u00f0 talar mapudungun, einangra\u00f0 tungum\u00e1l sem tali\u00f0 er \u00ed h\u00e6ttu, en \u00fea\u00f0 er n\u00fa stutt af tv\u00edtyngdum sk\u00f3lum og eigin \u00fatvarpsdagskr\u00e1m. Samkv\u00e6mt manntalinu 2017 telja um 1,75 millj\u00f3nir manna, t\u00e6plega 10 pr\u00f3sent \u00edb\u00faa, sig til Map\u00fak-f\u00f3lksins \u00ed Chile, og \u00ed Argent\u00ednu um 200.000 samkv\u00e6mt manntalinu 2010.<\/p><p>Meginb\u00fasv\u00e6\u00f0i\u00f0 er \u00ed Araucan\u00eda-h\u00e9ra\u00f0i \u00ed Chile og a\u00f0liggjandi Patag\u00f3n\u00edu \u00ed Argent\u00ednu, oft nefnt Wallmapu af p\u00f3lit\u00edskum fulltr\u00faum. \u00c1 15. \u00f6ld veitti Map\u00fak-f\u00f3lki\u00f0 Inkaveldinu vi\u00f0n\u00e1m gegn \u00fat\u00feenslu \u00feess, og fr\u00e1 um 1550 st\u00f3\u00f0st \u00fea\u00f0 \u00f6ldum saman sp\u00e6nska n\u00fdlenduveldi\u00f0 \u00ed hinu svokalla\u00f0a Arauco-str\u00ed\u00f0i; B\u00edo-B\u00edo-\u00e1in var lengi vi\u00f0urkennd landam\u00e6ral\u00edna. Enn \u00ed dag eru deilur um landr\u00e9ttindi \u00ed h\u00e9ra\u00f0inu.<\/p>\n<p class=\"iwg-kwfix\">Eldfjall og sj\u00f3r skipuleggja andaheim Map\u00fak-f\u00f3lksins, \u00fear sem Pill\u00e1n-forfe\u00f0raandar b\u00faa \u00ed j\u00f6r\u00f0u og eldfj\u00f6llum, og v\u00e6ttir eins og Sumpall og Pincoya \u00ed vatninu. Machi-hef\u00f0 Chile og Argent\u00ednu heldur \u00feessari vitneskju lifandi til \u00feessa dags.<\/p>\t\t\t\t\t\t\t\t<\/div>\n\t\t\t\t<\/div>\n\t\t\t\t\t<\/div>\n\t\t\t\t<\/div>\n\t\t<div class=\"elementor-element elementor-element-iwgcn-sami-s1 e-flex e-con-boxed e-con e-parent\" data-id=\"iwgcn-sami-s1\" data-element_type=\"container\" data-e-type=\"container\">\n\t\t\t\t\t<div class=\"e-con-inner\">\n\t\t\t\t<div class=\"elementor-element elementor-element-iwgcn-sami-s1h elementor-widget elementor-widget-heading\" data-id=\"iwgcn-sami-s1h\" data-element_type=\"widget\" data-e-type=\"widget\" data-widget_type=\"heading.default\">\n\t\t\t\t\t<h2 class=\"elementor-heading-title elementor-size-default\">Pill\u00e1n, Ng\u00fcnechen og forfe\u00f0raandar eldfjallanna<\/h2>\t\t\t\t<\/div>\n\t\t<div class=\"elementor-element elementor-element-iwgcn-sami-s1-c e-con-full e-flex e-con e-child\" data-id=\"iwgcn-sami-s1-c\" data-element_type=\"container\" data-e-type=\"container\">\n\t\t\t\t<div class=\"elementor-element elementor-element-iwgcn-sami-s1t elementor-widget elementor-widget-text-editor\" data-id=\"iwgcn-sami-s1t\" data-element_type=\"widget\" data-e-type=\"widget\" data-widget_type=\"text-editor.default\">\n\t\t\t\t\t\t\t\t\t<p><a href=\"https:\/\/iwell-guard.com\/is\/pillan\/\">Pill\u00e1n<\/a> t\u00e1knar forfe\u00f0ra- og n\u00e1tt\u00faruanda sem oft eru tengdir eldfj\u00f6llum, me\u00f0al annars eldfjallinu Villarrica, \u00fear sem gos \u00feess hafa hef\u00f0bundi\u00f0 veri\u00f0 t\u00falku\u00f0 sem verk Pill\u00e1n. Sumar sagnir rekja Pill\u00e1n til gu\u00f0ger\u00f0ra voldugra forfe\u00f0ra, svo sem l\u00e1tinna lei\u00f0toga (lonko).<\/p><p>Ng\u00fcnechen, skapandi frumregluger\u00f0 e\u00f0a skapandi gu\u00f0d\u00f3mur, er \u00ed sumum l\u00fdsingum hugsa\u00f0ur sem fj\u00f3r\u00fe\u00e6tt heild og talinn yfirgripsmiki\u00f0 skipulagsvald, en Pill\u00e1n starfa sem mi\u00f0landi, tv\u00edr\u00e6\u00f0ir n\u00e1tt\u00farukraftar, me\u00f0al annars \u00ed eldingum og eldgosum. N\u00e1kv\u00e6mt skipulag \u00feessa sambands er ekki l\u00fdst \u00e1 samr\u00e6mdan h\u00e1tt \u00ed \u00fej\u00f3\u00f0fr\u00e6\u00f0ilegum ritum.<\/p>\t\t\t\t\t\t\t\t<\/div>\n\t\t\t\t<\/div>\n\t\t\t\t\t<\/div>\n\t\t\t\t<\/div>\n\t\t<div class=\"elementor-element elementor-element-iwgcn-sami-s2 e-flex e-con-boxed e-con e-parent\" data-id=\"iwgcn-sami-s2\" data-element_type=\"container\" data-e-type=\"container\">\n\t\t\t\t\t<div class=\"e-con-inner\">\n\t\t\t\t<div class=\"elementor-element elementor-element-iwgcn-sami-s2h elementor-widget elementor-widget-heading\" data-id=\"iwgcn-sami-s2h\" data-element_type=\"widget\" data-e-type=\"widget\" data-widget_type=\"heading.default\">\n\t\t\t\t\t<h2 class=\"elementor-heading-title elementor-size-default\">Machi, Kultrun og Ngillatun<\/h2>\t\t\t\t<\/div>\n\t\t<div class=\"elementor-element elementor-element-iwgcn-sami-s2-c e-con-full e-flex e-con e-child\" data-id=\"iwgcn-sami-s2-c\" data-element_type=\"container\" data-e-type=\"container\">\n\t\t\t\t<div class=\"elementor-element elementor-element-iwgcn-sami-s2t elementor-widget elementor-widget-text-editor\" data-id=\"iwgcn-sami-s2t\" data-element_type=\"widget\" data-e-type=\"widget\" data-widget_type=\"text-editor.default\">\n\t\t\t\t\t\t\t\t\t<p>Machi er mi\u00f0l\u00e6gt tr\u00faarlegt og l\u00e6kningalegt yfirvald Map\u00fak-f\u00f3lksins, oftast en ekki einungis kona; kalli\u00f0 kemur oft \u00ed gegnum draum e\u00f0a veikindi, \u00ed kj\u00f6lfari\u00f0 fylgir v\u00edgsla (machiluw\u00fcn) undir lei\u00f0s\u00f6gn reyndrar machi. Mikilv\u00e6gasta verkf\u00e6ri hennar er Kultrun, heil\u00f6g trumba m\u00e1lu\u00f0 me\u00f0 heimsmynd, sem er notu\u00f0 vi\u00f0 sj\u00fakd\u00f3msgreiningu og trans\u00e1stand.<\/p><p>Fyrir framan h\u00fas machi stendur rewe, \u00ferepaskiptur heilagur stafur e\u00f0a tr\u00e9, talinn \u00e1s milli jar\u00f0neska og efri heimsins. \u00cd ngillatun, reglubundinni samf\u00e9lagslegri helgiath\u00f6fn fyrir frj\u00f3semi og velfer\u00f0, lei\u00f0ir machi me\u00f0 dansi, s\u00f6ng og kultrun samankomi\u00f0 samf\u00e9lagi\u00f0. \u00dej\u00f3\u00f0fr\u00e6\u00f0ingurinn Ana Mariella Bacigalupo hefur skjalfest \u00edtarlega \u00e1framhaldandi samf\u00e9lagslega mikilv\u00e6gi \u00feessarar i\u00f0kunar sem enn er virk \u00ed dag.<\/p>\t\t\t\t\t\t\t\t<\/div>\n\t\t\t\t<\/div>\n\t\t\t\t\t<\/div>\n\t\t\t\t<\/div>\n\t\t<div class=\"elementor-element elementor-element-iwgcn-sami-s3 e-flex e-con-boxed e-con e-parent\" data-id=\"iwgcn-sami-s3\" data-element_type=\"container\" data-e-type=\"container\">\n\t\t\t\t\t<div class=\"e-con-inner\">\n\t\t\t\t<div class=\"elementor-element elementor-element-iwgcn-sami-s3h elementor-widget elementor-widget-heading\" data-id=\"iwgcn-sami-s3h\" data-element_type=\"widget\" data-e-type=\"widget\" data-widget_type=\"heading.default\">\n\t\t\t\t\t<h2 class=\"elementor-heading-title elementor-size-default\">Fl\u00f3\u00f0sagan af Caicai-Vilu og Trentren-Vilu<\/h2>\t\t\t\t<\/div>\n\t\t<div class=\"elementor-element elementor-element-iwgcn-sami-s3-c e-con-full e-flex e-con e-child\" data-id=\"iwgcn-sami-s3-c\" data-element_type=\"container\" data-e-type=\"container\">\n\t\t\t\t<div class=\"elementor-element elementor-element-iwgcn-sami-s3t elementor-widget elementor-widget-text-editor\" data-id=\"iwgcn-sami-s3t\" data-element_type=\"widget\" data-e-type=\"widget\" data-widget_type=\"text-editor.default\">\n\t\t\t\t\t\t\t\t\t<p>\u00cd mi\u00f0ju einnar \u00feekktustu go\u00f0sagna Map\u00fak-f\u00f3lksins er \u00e1t\u00f6kin milli sj\u00e1varsl\u00f6ngunnar <a href=\"https:\/\/iwell-guard.com\/is\/?page_id=169793\">Caicai-Vilu<\/a>, sem kallar fram miki\u00f0 fl\u00f3\u00f0, og jar\u00f0- og fjallsl\u00f6ngunnar Trentren-Vilu, sem lyftir landinu upp til a\u00f0 bjarga mannf\u00f3lkinu. S\u00e1 sem ekki n\u00e6r t\u00edmanlega upp \u00e1 fjallstinda breytist samkv\u00e6mt s\u00f6gninni \u00ed fisk e\u00f0a anna\u00f0 sj\u00e1vard\u00fdr.<\/p><p>S\u00e9rstaklega \u00ed fr\u00e1sagnarhef\u00f0 Chilo\u00e9-eyju er \u00feessi go\u00f0s\u00f6gn talin upprunasaga hins \u00fafna eyjaheims sv\u00e6\u00f0isins; h\u00fan er lifandi hluti munnlegrar hef\u00f0ar \u00e1n nokkurrar einnar hef\u00f0bundinnar \u00fatg\u00e1fu.<\/p>\t\t\t\t\t\t\t\t<\/div>\n\t\t\t\t<\/div>\n\t\t\t\t\t<\/div>\n\t\t\t\t<\/div>\n\t\t<div class=\"elementor-element elementor-element-x-sami-s-faq e-flex e-con-boxed e-con e-parent\" data-id=\"x-sami-s-faq\" data-element_type=\"container\" data-e-type=\"container\">\n\t\t\t\t\t<div class=\"e-con-inner\">\n\t\t\t\t<div class=\"elementor-element elementor-element-x-sami-h-faq elementor-widget elementor-widget-heading\" data-id=\"x-sami-h-faq\" data-element_type=\"widget\" data-e-type=\"widget\" data-widget_type=\"heading.default\">\n\t\t\t\t\t<h2 class=\"elementor-heading-title elementor-size-default\">Algengar spurningar um go\u00f0afr\u00e6\u00f0i Map\u00fak-f\u00f3lksins<\/h2>\t\t\t\t<\/div>\n\t\t<div class=\"elementor-element elementor-element-iwgcn-sami-s3-c e-con-full e-flex e-con e-child\" data-id=\"iwgcn-sami-s3-c\" data-element_type=\"container\" data-e-type=\"container\">\n\t\t\t\t<div class=\"elementor-element elementor-element-x-sami-t-faq elementor-widget elementor-widget-text-editor\" data-id=\"x-sami-t-faq\" data-element_type=\"widget\" data-e-type=\"widget\" data-widget_type=\"text-editor.default\">\n\t\t\t\t\t\t\t\t\t<h3>Hverjir eru Mapuche?<\/h3>\n<p>Mapuche eru st\u00e6rsti frumbyggjah\u00f3pur Chile, um 1,75 millj\u00f3nir manna, auk um 200.000 manna til vi\u00f0b\u00f3tar \u00ed Argent\u00ednu. \u00deeir tala mapudungun og b\u00faa fyrst og fremst \u00ed h\u00e9ra\u00f0inu Araucan\u00eda og a\u00f0liggjandi Patag\u00f3n\u00edu.<\/p>\n<h3>Hva\u00f0 er machi?<\/h3>\n<p>Machi er sjaman\u00edskur helgisi\u00f0as\u00e9rfr\u00e6\u00f0ingur me\u00f0al Mapuche, oftast kona, sem s\u00e9r um l\u00e6kningar, sp\u00e1d\u00f3ma og stj\u00f3rnun samf\u00e9lagslegra athafna \u00e1 bor\u00f0 vi\u00f0 ngillatun. Mikilv\u00e6gasta verkf\u00e6ri hennar er hin heilaga trumba kultrun. Machi-hef\u00f0in er raunveruleiki sem enn er i\u00f0ka\u00f0ur \u00ed dag, ekki s\u00f6gulegt minni.<\/p>\n<h3>Hva\u00f0 er pill\u00e1n?<\/h3>\n<p>Pill\u00e1n eru forfe\u00f0ra- og n\u00e1tt\u00faruandar sem oft eru tengdir eldfj\u00f6llum. \u00c1hrif \u00feeirra birtast samkv\u00e6mt munnm\u00e6lum \u00ed eldingum, \u00ferumum og eldgosum.<\/p>\n<h3>Hva\u00f0 segir go\u00f0s\u00f6gnin um Caicai og Trentren?<\/h3>\n<p>Go\u00f0s\u00f6gnin l\u00fdsir bardaganum milli sj\u00e1varsl\u00f6ngunnar Caicai-Vilu, sem kallar fram fl\u00f3\u00f0, og fjallsl\u00f6ngunnar Trentren-Vilu, sem bjargar landinu. H\u00fan er talin, s\u00e9rstaklega \u00e1 eyjunni Chilo\u00e9, upprunasaga eyjaheimsins.<\/p>\n<script type=\"application\/ld+json\">{\"@context\": \"https:\/\/schema.org\", \"@type\": \"FAQPage\", \"mainEntity\": [{\"@type\": \"Question\", \"name\": \"Wer sind die Mapuche?\", \"acceptedAnswer\": {\"@type\": \"Answer\", \"text\": \"Die Mapuche sind die gr\u00f6\u00dfte indigene Bev\u00f6lkerungsgruppe Chiles, rund 1,75 Millionen Menschen, mit weiteren rund 200.000 Menschen in Argentinien. Sie sprechen Mapudungun und leben vor allem in der Region Araucan\u00eda und im angrenzenden Patagonien.\"}}, {\"@type\": \"Question\", \"name\": \"Was ist eine Machi?\", \"acceptedAnswer\": {\"@type\": \"Answer\", \"text\": \"Die Machi ist eine schamanische Ritualspezialistin der Mapuche, \u00fcberwiegend eine Frau, zust\u00e4ndig f\u00fcr Heilung, Divination und die Leitung von Gemeinschaftsritualen wie dem Ngillatun. Ihr wichtigstes Werkzeug ist die heilige Trommel Kultrun. Die Machi-Tradition ist bis heute aktiv praktizierte Realit\u00e4t, keine historische Erinnerung.\"}}, {\"@type\": \"Question\", \"name\": \"Was sind Pill\u00e1n?\", \"acceptedAnswer\": {\"@type\": \"Answer\", \"text\": \"Pill\u00e1n sind Ahnen- und Naturgeister, die oft mit Vulkanen in Verbindung gebracht werden. Ihre Wirkung zeigt sich der \u00dcberlieferung nach in Blitz, Donner und Vulkanausbruch.\"}}, {\"@type\": \"Question\", \"name\": \"Was erz\u00e4hlt der Mythos von Caicai und Trentren?\", \"acceptedAnswer\": {\"@type\": \"Answer\", \"text\": \"Der Mythos schildert den Kampf zwischen der Meeresschlange Caicai-Vilu, die eine Flut heraufbeschw\u00f6rt, und der Bergschlange Trentren-Vilu, die das Land rettet. Er gilt vor allem auf der Insel Chilo\u00e9 als Ursprungserz\u00e4hlung der Inselwelt.\"}}]}<\/script>\t\t\t\t\t\t\t\t<\/div>\n\t\t\t\t<\/div>\n\t\t\t\t\t<\/div>\n\t\t\t\t<\/div>\n\t\t<div class=\"elementor-element elementor-element-iwgcn-sami-s4 e-flex e-con-boxed e-con e-parent\" data-id=\"iwgcn-sami-s4\" data-element_type=\"container\" data-e-type=\"container\">\n\t\t\t\t\t<div class=\"e-con-inner\">\n\t\t\t\t<div class=\"elementor-element elementor-element-iwgcn-sami-s4h elementor-widget elementor-widget-heading\" data-id=\"iwgcn-sami-s4h\" data-element_type=\"widget\" data-e-type=\"widget\" data-widget_type=\"heading.default\">\n\t\t\t\t\t<h2 class=\"elementor-heading-title elementor-size-default\">Kalku, anchimayen og tv\u00edr\u00e6\u00f0ni galdrans<\/h2>\t\t\t\t<\/div>\n\t\t<div class=\"elementor-element elementor-element-iwgcn-sami-s4-c e-con-full e-flex e-con e-child\" data-id=\"iwgcn-sami-s4-c\" data-element_type=\"container\" data-e-type=\"container\">\n\t\t\t\t<div class=\"elementor-element elementor-element-iwgcn-sami-s4t elementor-widget elementor-widget-text-editor\" data-id=\"iwgcn-sami-s4t\" data-element_type=\"widget\" data-e-type=\"widget\" data-widget_type=\"text-editor.default\">\n\t\t\t\t\t\t\t\t\t<p><a href=\"https:\/\/iwell-guard.com\/is\/kalku\/\">Kalku<\/a> v\u00edsar til einstaklings sem talinn er beita ska\u00f0legum g\u00f6ldrum, \u00ed rauninni andst\u00e6\u00f0an vi\u00f0 hina heilandi machi. S\u00f6guleg m\u00f6rk milli \u00feessara tveggja hlutverka voru \u00f3lj\u00f3s og voru a\u00f0 miklu leyti m\u00f3tu\u00f0 af \u00fev\u00ed hvernig \u00e1sakandi samf\u00e9lagi\u00f0 skilgreindi vi\u00f0komandi; hugtaki\u00f0 \u00fej\u00f3na\u00f0i fyrst og fremst sem sk\u00fdringarm\u00f3del fyrir \u00f3\u00fatsk\u00fdr\u00f0a \u00f3heppni, sj\u00fakd\u00f3ma e\u00f0a dau\u00f0sf\u00f6ll.<\/p><p><a href=\"https:\/\/iwell-guard.com\/is\/anchimayen\/\">Anchimayen<\/a> er eldsandi sem samkv\u00e6mt munnm\u00e6lum er oft talinn vera s\u00e1l l\u00e1tins barns og hugsa\u00f0ur sem \u00fej\u00f3nn e\u00f0a f\u00f6runautur kalku. Ranns\u00f3knir, me\u00f0al annars \u00e1 kalku-\u00e1s\u00f6kunum \u00e1 17. og 18. \u00f6ld, s\u00fdna a\u00f0 sl\u00edkar \u00e1sakanir voru n\u00e1tengdar f\u00e9lagslegum \u00e1t\u00f6kum.<\/p>\t\t\t\t\t\t\t\t<\/div>\n\t\t\t\t<\/div>\n\t\t\t\t\t<\/div>\n\t\t\t\t<\/div>\n\t\t<div class=\"elementor-element elementor-element-iwgcn-sami-s5 e-flex e-con-boxed e-con e-parent\" data-id=\"iwgcn-sami-s5\" data-element_type=\"container\" data-e-type=\"container\">\n\t\t\t\t\t<div class=\"e-con-inner\">\n\t\t\t\t<div class=\"elementor-element elementor-element-iwgcn-sami-s5h elementor-widget elementor-widget-heading\" data-id=\"iwgcn-sami-s5h\" data-element_type=\"widget\" data-e-type=\"widget\" data-widget_type=\"heading.default\">\n\t\t\t\t\t<h2 class=\"elementor-heading-title elementor-size-default\">Sj\u00e1varv\u00e6ttir \u00ed go\u00f0afr\u00e6\u00f0i Chilo\u00e9: Pincoya og Sumpall<\/h2>\t\t\t\t<\/div>\n\t\t<div class=\"elementor-element elementor-element-iwgcn-sami-s5-c e-con-full e-flex e-con e-child\" data-id=\"iwgcn-sami-s5-c\" data-element_type=\"container\" data-e-type=\"container\">\n\t\t\t\t<div class=\"elementor-element elementor-element-iwgcn-sami-s5t elementor-widget elementor-widget-text-editor\" data-id=\"iwgcn-sami-s5t\" data-element_type=\"widget\" data-e-type=\"widget\" data-widget_type=\"text-editor.default\">\n\t\t\t\t\t\t\t\t\t<p><a href=\"https:\/\/iwell-guard.com\/is\/?page_id=169796\">Sumpall<\/a> er talinn vatns- og fiskiandi, mannfiskblendingur sem sem \u201eherra fiskanna&#8220; r\u00e6\u00f0ur \u00f6rl\u00f6gum vei\u00f0imanna \u00ed fiskvei\u00f0um. <a href=\"https:\/\/iwell-guard.com\/is\/?page_id=169795\">Pincoya<\/a>, sj\u00e1var\u00e1lfynja \u00far go\u00f0afr\u00e6\u00f0i Chilo\u00e9, dansar samkv\u00e6mt munnm\u00e6lum \u00e1 str\u00f6ndinni, og \u00e1tt dansins, \u00ed \u00e1tt a\u00f0 hafinu e\u00f0a \u00ed \u00e1tt a\u00f0 landinu, r\u00e6\u00f0ur tali\u00f0 er hvort fiskur ver\u00f0i n\u00e6gur e\u00f0a af skorti.<\/p><p>Hins vegar er <a href=\"https:\/\/iwell-guard.com\/is\/?page_id=169794\">Nguruvilu<\/a> talinn h\u00e6ttulegur, sl\u00f6ngulaga flj\u00f3tsmonstur sem leggst \u00e1 fer\u00f0amenn og b\u00faf\u00e9na\u00f0 vi\u00f0 flj\u00f3tsyfirfer\u00f0ir. <a href=\"https:\/\/iwell-guard.com\/is\/cherufe\/\">Cherufe<\/a>, eldlegt v\u00e6tti sem lifir undir eldfj\u00f6llum og \u00ed j\u00f6r\u00f0inni, er \u00ed yngri, b\u00f3kmenntalega m\u00f3tu\u00f0um \u00fatg\u00e1fum tengt hugmyndinni um manneskjuf\u00f3rnir.<\/p>\t\t\t\t\t\t\t\t<\/div>\n\t\t\t\t<\/div>\n\t\t\t\t\t<\/div>\n\t\t\t\t<\/div>\n\t\t<div class=\"elementor-element elementor-element-iwgcn-sami-s6 e-flex e-con-boxed e-con e-parent\" data-id=\"iwgcn-sami-s6\" data-element_type=\"container\" data-e-type=\"container\">\n\t\t\t\t\t<div class=\"e-con-inner\">\n\t\t\t\t<div class=\"elementor-element elementor-element-iwgcn-sami-s6h elementor-widget elementor-widget-heading\" data-id=\"iwgcn-sami-s6h\" data-element_type=\"widget\" data-e-type=\"widget\" data-widget_type=\"heading.default\">\n\t\t\t\t\t<h2 class=\"elementor-heading-title elementor-size-default\">Landvinningar, andspyrna og Mapuche-hef\u00f0in \u00ed dag<\/h2>\t\t\t\t<\/div>\n\t\t<div class=\"elementor-element elementor-element-iwgcn-sami-s6-c e-con-full e-flex e-con e-child\" data-id=\"iwgcn-sami-s6-c\" data-element_type=\"container\" data-e-type=\"container\">\n\t\t\t\t<div class=\"elementor-element elementor-element-iwgcn-sami-s6t elementor-widget elementor-widget-text-editor\" data-id=\"iwgcn-sami-s6t\" data-element_type=\"widget\" data-e-type=\"widget\" data-widget_type=\"text-editor.default\">\n\t\t\t\t\t\t\t\t\t<p>Mapuche veittu \u00e1 15. \u00f6ld Inkaveldinu fars\u00e6la m\u00f3tspyrnu og h\u00e9ldu, fr\u00e1 um 1550, \u00ed margar aldir uppi herv\u00f6rn gegn sp\u00e6nsku n\u00fdlenduvaldinu, kennt vi\u00f0 Arauco-str\u00ed\u00f0i\u00f0. Ekki fyrr en \u00e1 19. \u00f6ld innlima\u00f0i chileska r\u00edki\u00f0 h\u00e9ra\u00f0i\u00f0 Araucan\u00eda me\u00f0 valdi, \u00ed ferli sem kalla\u00f0 var Pacificaci\u00f3n de la Araucan\u00eda, samhli\u00f0a landtapi og tr\u00fabo\u00f0i.<\/p><p>Enn \u00feann dag \u00ed dag eru \u00e1t\u00f6k um landr\u00e9ttindi milli Mapuche-samf\u00e9laga, sk\u00f3gar- og landb\u00fana\u00f0arfyrirt\u00e6kja og chileska r\u00edkisins. \u00c1 sama t\u00edma hefur machi-hef\u00f0in haldist lifandi og vi\u00f0urkennd tr\u00faarleg i\u00f0kun, oft \u00ed samspili vi\u00f0 l\u00edfl\u00e6knisfr\u00e6\u00f0ilega um\u00f6nnun, og er efni \u00ed \u00e1framhaldandi \u00fej\u00f3\u00f0fr\u00e6\u00f0iranns\u00f3knir, me\u00f0al annars \u00e1 vegum Ana Mariella Bacigalupo og fornleifafr\u00e6\u00f0ingsins Tom Dillehay.<\/p>\t\t\t\t\t\t\t\t<\/div>\n\t\t\t\t<\/div>\n\t\t\t\t\t<\/div>\n\t\t\t\t<\/div>\n\t\t<div class=\"elementor-element elementor-element-cp2d9a92a3 e-flex e-con-boxed e-con e-parent\" data-id=\"cp2d9a92a3\" data-element_type=\"container\" data-e-type=\"container\">\n\t\t\t\t\t<div class=\"e-con-inner\">\n\t\t\t\t<div class=\"elementor-element elementor-element-cp2515827f elementor-widget elementor-widget-heading\" data-id=\"cp2515827f\" data-element_type=\"widget\" data-e-type=\"widget\" data-widget_type=\"heading.default\">\n\t\t\t\t\t<h2 class=\"elementor-heading-title elementor-size-default\">\u00dej\u00f3\u00f0 tveggja r\u00edkja og fj\u00f6lbreytni hennar eftir sv\u00e6\u00f0um<\/h2>\t\t\t\t<\/div>\n\t\t<div class=\"elementor-element elementor-element-cp25cbddf2 e-flex e-con-boxed e-con e-child\" data-id=\"cp25cbddf2\" data-element_type=\"container\" data-e-type=\"container\">\n\t\t\t\t\t<div class=\"e-con-inner\">\n\t\t\t\t<div class=\"elementor-element elementor-element-cp240cdc6c elementor-widget elementor-widget-text-editor\" data-id=\"cp240cdc6c\" data-element_type=\"widget\" data-e-type=\"widget\" data-widget_type=\"text-editor.default\">\n\t\t\t\t\t\t\t\t\t<p>Mapuche b\u00faa \u00ed dag fyrst og fremst \u00ed chileska h\u00e9ra\u00f0inu Araucan\u00eda og \u00ed a\u00f0liggjandi Patag\u00f3n\u00edu \u00ed Argent\u00ednu, sv\u00e6\u00f0i sem stj\u00f3rnm\u00e1lafulltr\u00faar kalla oft \u00ed heild Wallmapu. \u00cd s\u00f6gulegu samhengi skiptust Mapuche \u00ed nokkra sv\u00e6\u00f0isbundna h\u00f3pa, me\u00f0al annars strandb\u00faa (Lafkenche), \u00edb\u00faa Andesfjalla (Pewenche) og \u00edb\u00faa sl\u00e9ttna og vatnalandslags, en l\u00edfsh\u00e6ttir og sta\u00f0bundnar hef\u00f0ir \u00feeirra voru mismunandi.<\/p><p>\u00c1 eyjunni Chilo\u00e9, sem fr\u00e1 16. \u00f6ld hefur veri\u00f0 mj\u00f6g m\u00f3tu\u00f0 af sp\u00e6nskri landn\u00e1mi og ka\u00fe\u00f3lskri tr\u00fabo\u00f0sstarfsemi, \u00fer\u00f3a\u00f0ist s\u00e9rlega r\u00edk sagnahef\u00f0, a\u00f0 nokkru leyti samofin evr\u00f3pskum \u00fe\u00e1ttum, um sj\u00e1varv\u00e6ttir eins og Pincoya, Sumpall og fl\u00f3\u00f0go\u00f0s\u00f6gnina um Caicai og Trentren, en h\u00fan er ekki jafn \u00feekkt \u00e1 \u00f6llu Mapuche-sv\u00e6\u00f0inu \u00ed \u00feessari mynd.<\/p><p>Einnig i\u00f0kun machi og mikilv\u00e6gi einstakra andav\u00e6tta \u00e1 bor\u00f0 vi\u00f0 Pill\u00e1n e\u00f0a Nguruvilu er breytileg milli sv\u00e6\u00f0a. Almennar fullyr\u00f0ingar um \u201ego\u00f0afr\u00e6\u00f0i Mapuche&#8220; hylja \u00fev\u00ed verulega innri fj\u00f6lbreytni milli Andesfjalla, strandar og eyjaheims.<\/p><p>Flestir h\u00f3parnir eiga \u00fea\u00f0 sameiginlegt a\u00f0 machi gegnir lykilhlutverki sem mi\u00f0ill vi\u00f0 andaheiminn, a\u00f0 forfe\u00f0raandarnir pill\u00e1n eru virtir og a\u00f0 landslagi\u00f0 er tali\u00f0 lifandi og byggt fj\u00f6lda v\u00e6tta. Einnig \u00feessi sameiginlegu einkenni eru misvel skjalfest \u00ed heimildum eftir sv\u00e6\u00f0um.<\/p>\t\t\t\t\t\t\t\t<\/div>\n\t\t\t\t\t<\/div>\n\t\t\t\t<\/div>\n\t\t\t\t\t<\/div>\n\t\t\t\t<\/div>\n\t\t<div class=\"elementor-element elementor-element-cp2b1a3dae e-flex e-con-boxed e-con e-parent\" data-id=\"cp2b1a3dae\" data-element_type=\"container\" data-e-type=\"container\">\n\t\t\t\t\t<div class=\"e-con-inner\">\n\t\t\t\t<div class=\"elementor-element elementor-element-cp282c06ff elementor-widget elementor-widget-heading\" data-id=\"cp282c06ff\" data-element_type=\"widget\" data-e-type=\"widget\" data-widget_type=\"heading.default\">\n\t\t\t\t\t<h2 class=\"elementor-heading-title elementor-size-default\">Kultrun, rewe og m\u00e1ttarv\u00f6ld \u00ed heimsmynd Mapuche<\/h2>\t\t\t\t<\/div>\n\t\t<div class=\"elementor-element elementor-element-cp228b4522 e-flex e-con-boxed e-con e-child\" data-id=\"cp228b4522\" data-element_type=\"container\" data-e-type=\"container\">\n\t\t\t\t\t<div class=\"e-con-inner\">\n\t\t\t\t<div class=\"elementor-element elementor-element-cp261454c5 elementor-widget elementor-widget-text-editor\" data-id=\"cp261454c5\" data-element_type=\"widget\" data-e-type=\"widget\" data-widget_type=\"text-editor.default\">\n\t\t\t\t\t\t\t\t\t<p>Fr\u00e6gasti tr\u00faarlegi gripur Mapuche-f\u00f3lksins er kultrun, hin helga tromma Machi-anda. \u00c1 skinnhimnu hennar er oft m\u00e1la\u00f0 heimsmynd sem s\u00fdnir h\u00f6fu\u00f0\u00e1ttirnar fj\u00f3rar og hin \u00fdmsu svi\u00f0 heimsins, og er \u00feannig spegilmynd heimsfr\u00e6\u00f0innar.<\/p><p>Machi notar kultrun vi\u00f0 sj\u00fakd\u00f3msgreiningu, l\u00e6kningaath\u00f6fn og trans\u00e1stand, \u00fear sem s\u00e1l hennar kemst \u00ed samband vi\u00f0 anda og forfe\u00f0ur. Fyrir framan h\u00fas hennar stendur rewe, \u00ferepaskiptur helgur stafur e\u00f0a tr\u00e9 sem tali\u00f0 er vera \u00e1s milli hins jar\u00f0neska heims og hins efri, og er mi\u00f0st\u00f6\u00f0 helstu athafna.<\/p><p>\u00cd heimsmynd Mapuche-f\u00f3lksins er Ng\u00fcnechen \u00e6\u00f0sta sk\u00f6punarreglan, auk fj\u00f6lda <a href=\"https:\/\/iwell-guard.com\/is\/pillan\/\">Pill\u00e1n<\/a>, forfe\u00f0ra- og n\u00e1tt\u00faruanda sem tengjast fyrst og fremst eldfj\u00f6llum. Auk \u00feess byggja landi\u00f0 \u00fdmsar v\u00e6ttir, vatnav\u00e6ttir eins og <a href=\"https:\/\/iwell-guard.com\/is\/?page_id=169796\">Sumpall<\/a> og <a href=\"https:\/\/iwell-guard.com\/is\/?page_id=169794\">Nguruvilu<\/a>, hafmeyjar eins og <a href=\"https:\/\/iwell-guard.com\/is\/?page_id=169795\">Pincoya<\/a>, eldverur eins og <a href=\"https:\/\/iwell-guard.com\/is\/cherufe\/\">Cherufe<\/a> og <a href=\"https:\/\/iwell-guard.com\/is\/anchimayen\/\">Anchimayen<\/a>, og einnig sl\u00f6nguna <a href=\"https:\/\/iwell-guard.com\/is\/?page_id=169793\">Caicai-Vilu<\/a> \u00far fl\u00f3\u00f0s\u00f6gunni.<\/p><p><a href=\"https:\/\/iwell-guard.com\/is\/kalku\/\">Kalku<\/a>, manneskju sem stundar ska\u00f0legan galdur, er stillt upp \u00e1 m\u00f3ti Machi, hinni l\u00e6knandi m\u00f3tv\u00e6gi, en m\u00f6rkin milli hlutverkanna tveggja hafa \u00ed gegnum t\u00ed\u00f0ina veri\u00f0 \u00e1 reiki og veri\u00f0 mj\u00f6g h\u00e1\u00f0 f\u00e9lagslegri t\u00falkun.<\/p><p>Ekki er full samsta\u00f0a um n\u00e1kv\u00e6ma kerfisbindingu \u00feessarar heimsmyndar, \u00fev\u00ed munnleg hef\u00f0 er breytileg eftir sv\u00e6\u00f0um og margar fr\u00e1sagnir voru fyrst skr\u00e1\u00f0ar skriflega \u00e1 19. og 20. \u00f6ld. \u00c1framhaldandi i\u00f0kun Machi og Ngillatun-athafnarinnar er mikilv\u00e6g, lifandi uppspretta sem ver\u00f0ur ekki einungis sk\u00fdr\u00f0 me\u00f0 s\u00f6gulegri endurger\u00f0.<\/p>\t\t\t\t\t\t\t\t<\/div>\n\t\t\t\t\t<\/div>\n\t\t\t\t<\/div>\n\t\t\t\t\t<\/div>\n\t\t\t\t<\/div>\n\t\t<div class=\"elementor-element elementor-element-cp295547c2 e-flex e-con-boxed e-con e-parent\" data-id=\"cp295547c2\" data-element_type=\"container\" data-e-type=\"container\">\n\t\t\t\t\t<div class=\"e-con-inner\">\n\t\t\t\t<div class=\"elementor-element elementor-element-cp28944fb0 elementor-widget elementor-widget-heading\" data-id=\"cp28944fb0\" data-element_type=\"widget\" data-e-type=\"widget\" data-widget_type=\"heading.default\">\n\t\t\t\t\t<h2 class=\"elementor-heading-title elementor-size-default\">Heimildirnar: n\u00fdlendusk\u00fdrslur, \u00fej\u00f3\u00f0h\u00e1ttafr\u00e6\u00f0i og munnleg fr\u00e1sagnarhef\u00f0<\/h2>\t\t\t\t<\/div>\n\t\t<div class=\"elementor-element elementor-element-cp23d59da4 e-flex e-con-boxed e-con e-child\" data-id=\"cp23d59da4\" data-element_type=\"container\" data-e-type=\"container\">\n\t\t\t\t\t<div class=\"e-con-inner\">\n\t\t\t\t<div class=\"elementor-element elementor-element-cp2ce157b6 elementor-widget elementor-widget-text-editor\" data-id=\"cp2ce157b6\" data-element_type=\"widget\" data-e-type=\"widget\" data-widget_type=\"text-editor.default\">\n\t\t\t\t\t\t\t\t\t<p>Fyrstu skriflegu vitnisbur\u00f0irnir um tr\u00faarbr\u00f6g\u00f0 Mapuche koma fr\u00e1 sp\u00e6nskum sagnaritum og tr\u00fabo\u00f0um \u00e1 16. og 17. \u00f6ld, sem s\u00f6g\u00f0u fr\u00e1 si\u00f0um Mapuche-f\u00f3lksins \u00ed samhengi vi\u00f0 Arauco-str\u00ed\u00f0i\u00f0 og litu \u00e1 \u00fe\u00e1 sem framandi. \u00deessir textar eru, eins og v\u00ed\u00f0a annars sta\u00f0ar, mj\u00f6g m\u00f3ta\u00f0ir af sj\u00f3narhorni n\u00fdlenduveldisins.<\/p><p>\u00c1 s\u00ed\u00f0ari hluta 19. aldar og fram \u00e1 20. \u00f6ld lag\u00f0i \u00fe\u00fdsk-s\u00edleski m\u00e1lfr\u00e6\u00f0ingurinn Rodolfo Lenz grunn a\u00f0 fyrstu kerfisbundnu v\u00edsindalegu ranns\u00f3kninni me\u00f0 ranns\u00f3knum s\u00ednum \u00e1 mapudungun-m\u00e1linu og munnlegri fr\u00e1sagnarhef\u00f0, sem s\u00ed\u00f0ari \u00fej\u00f3\u00f0h\u00e1ttafr\u00e6\u00f0ingar bygg\u00f0u \u00e1.<\/p><p>Fornleifafr\u00e6\u00f0ingurinn Tom Dillehay, \u00feekktastur fyrir uppgr\u00f6ft sinn \u00ed Monte Verde, hefur lagt mikilv\u00e6gt af m\u00f6rkum til s\u00f6gulegrar greiningar me\u00f0 langt\u00edmaranns\u00f3knum \u00e1 s\u00f6gu og andst\u00f6\u00f0u Mapuche-f\u00f3lksins. Fyrir samt\u00edmalega tr\u00faari\u00f0kun er \u00fej\u00f3\u00f0h\u00e1ttafr\u00e6\u00f0ingurinn Ana Mariella Bacigalupo mikilv\u00e6g heimild, verk hennar um kyn, v\u00f6ld og l\u00e6kningu me\u00f0al s\u00edleskra Machi eru talin til grundvallarrita.<\/p><p>Munnleg fr\u00e1sagnarhef\u00f0 er sj\u00e1lf s\u00e9rst\u00f6k tegund heimildar, go\u00f0s\u00f6gur um Pill\u00e1n, Caicai-Vilu og Trentren-Vilu, e\u00f0a sj\u00e1varv\u00e6ttir Chilo\u00e9-sv\u00e6\u00f0isins, sem sag\u00f0ar eru enn \u00feann dag \u00ed dag og m\u00f3tast \u00e1fram \u00ed s\u00edfellu. \u00de\u00e6r eru ekki festar \u00ed einni vi\u00f0urkenndri \u00fatg\u00e1fu, sem gerir tr\u00faars\u00f6gulega greiningu erfi\u00f0ari, en er \u00e1 sama t\u00edma vitnisbur\u00f0ur um lifandi hef\u00f0.<\/p><p>Fr\u00e6\u00f0imenn benda \u00e1 a\u00f0 tr\u00faarbr\u00f6g\u00f0 Mapuche eru ekki afm\u00f6rku\u00f0, s\u00f6guleg st\u00e6r\u00f0, heldur st\u00f6\u00f0ugt breytileg hef\u00f0 sem er i\u00f0ku\u00f0 \u00ed dag, og v\u00edsindaleg l\u00fdsing \u00feeirra \u00fearf a\u00f0 taka tillit til \u00feessa lifandi e\u00f0lis.<\/p>\t\t\t\t\t\t\t\t<\/div>\n\t\t\t\t\t<\/div>\n\t\t\t\t<\/div>\n\t\t\t\t\t<\/div>\n\t\t\t\t<\/div>\n\t\t<div class=\"elementor-element elementor-element-cp2c009332 e-flex e-con-boxed e-con e-parent\" data-id=\"cp2c009332\" data-element_type=\"container\" data-e-type=\"container\">\n\t\t\t\t\t<div class=\"e-con-inner\">\n\t\t\t\t<div class=\"elementor-element elementor-element-cp225c94da elementor-widget elementor-widget-heading\" data-id=\"cp225c94da\" data-element_type=\"widget\" data-e-type=\"widget\" data-widget_type=\"heading.default\">\n\t\t\t\t\t<h2 class=\"elementor-heading-title elementor-size-default\">Landvinningar, deilur um land og lifandi hef\u00f0 \u00ed dag<\/h2>\t\t\t\t<\/div>\n\t\t<div class=\"elementor-element elementor-element-cp2c7191ab e-flex e-con-boxed e-con e-child\" data-id=\"cp2c7191ab\" data-element_type=\"container\" data-e-type=\"container\">\n\t\t\t\t\t<div class=\"e-con-inner\">\n\t\t\t\t<div class=\"elementor-element elementor-element-cp23f4061d elementor-widget elementor-widget-text-editor\" data-id=\"cp23f4061d\" data-element_type=\"widget\" data-e-type=\"widget\" data-widget_type=\"text-editor.default\">\n\t\t\t\t\t\t\t\t\t<p>Mapuche-f\u00f3lki\u00f0 var\u00f0ist me\u00f0 g\u00f3\u00f0um \u00e1rangri \u00fat\u00feenslu Inkaveldisins \u00e1 15. \u00f6ld og veitti fr\u00e1 um 1550 m\u00f3tspyrnu gegn sp\u00e6nska n\u00fdlenduveldinu \u00ed svok\u00f6llu\u00f0u Arauco-str\u00ed\u00f0i um aldir, en B\u00edo-B\u00edo-flj\u00f3ti\u00f0 mynda\u00f0i lengi vi\u00f0urkennd landam\u00e6ri gagnvart sv\u00e6\u00f0um undir sp\u00e6nskum yfirr\u00e1\u00f0um.<\/p><p>Ekki fyrr en \u00e1 s\u00ed\u00f0ari hluta 19. aldar innlima\u00f0i s\u00edleska r\u00edki\u00f0 Araucan\u00eda-h\u00e9ra\u00f0i\u00f0 me\u00f0 valdi \u00ed herna\u00f0ara\u00f0ger\u00f0um sem kalla\u00f0ar voru Pacificaci\u00f3n de la Araucan\u00eda, sem fylgdi landtaka, flutningur \u00ed svokalla\u00f0ar reducciones og aukin kristnibo\u00f0sstarfsemi. Svipu\u00f0 \u00fer\u00f3un \u00e1tti s\u00e9r sta\u00f0 \u00e1 sama t\u00edma \u00ed Argent\u00ednu.<\/p><p>\u00der\u00e1tt fyrir \u00feessa \u00fer\u00fdsting h\u00e9lst tr\u00faari\u00f0kun Machi, Ngillatun-athafnarinnar og tilbei\u00f0slu \u00e1 Pill\u00e1n og \u00f6\u00f0rum andaverum \u00e1fram, oft \u00ed n\u00e1inni tengingu vi\u00f0 f\u00e9lagslegt og p\u00f3lit\u00edskt sj\u00e1lfsskipulag samf\u00e9laganna.<\/p><p>Enn \u00feann dag \u00ed dag eru miklar deilur um landr\u00e9ttindi \u00ed Araucan\u00eda milli samf\u00e9laga Mapuche-f\u00f3lks, sk\u00f3gar- og landb\u00fana\u00f0arfyrirt\u00e6kja og s\u00edleska r\u00edkisins, \u00e1samt p\u00f3lit\u00edskum \u00e1t\u00f6kum um vi\u00f0urkenningu og sj\u00e1lfstj\u00f3rn.<\/p><p>\u00d3l\u00edkt m\u00f6rgum s\u00f6gulega k\u00fagu\u00f0um hef\u00f0um er tr\u00faarhef\u00f0 Mapuche-f\u00f3lksins ekki minningarmenning, heldur hef\u00f0 sem er virkt i\u00f0ku\u00f0 \u00ed dag. Machi starfa \u00ed dag sem vi\u00f0urkenndar s\u00e9rfr\u00e6\u00f0ingar \u00ed helgiath\u00f6fnum, Ngillatun er enn haldi\u00f0, og munnlegar fr\u00e1sagnir um Pill\u00e1n, Caicai-Vilu, Trentren-Vilu og v\u00e6ttir Chilo\u00e9-go\u00f0afr\u00e6\u00f0innar eru enn \u00ed dag l\u00e1tnar ganga \u00e1fram.<\/p><p>V\u00edsindaleg l\u00fdsing og opinber skynjun \u00feurfa \u00fev\u00ed a\u00f0 taka tillit til \u00feess a\u00f0 um er a\u00f0 r\u00e6\u00f0a lifandi tr\u00faari\u00f0kun \u00fej\u00f3\u00f0ar sem er til \u00ed dag, ekki afmarka\u00f0, s\u00f6gulegt umfj\u00f6llunarefni.<\/p>\t\t\t\t\t\t\t\t<\/div>\n\t\t\t\t\t<\/div>\n\t\t\t\t<\/div>\n\t\t\t\t\t<\/div>\n\t\t\t\t<\/div>\n\t\t<div class=\"elementor-element elementor-element-iwgha-sami-sec e-flex e-con-boxed e-con e-parent\" data-id=\"iwgha-sami-sec\" data-element_type=\"container\" data-e-type=\"container\">\n\t\t\t\t\t<div class=\"e-con-inner\">\n\t\t\t\t<div class=\"elementor-element elementor-element-iwgha-sami-h elementor-widget elementor-widget-heading\" data-id=\"iwgha-sami-h\" data-element_type=\"widget\" data-e-type=\"widget\" data-widget_type=\"heading.default\">\n\t\t\t\t\t<h2 class=\"elementor-heading-title elementor-size-default\">V\u00e6ttir \u00feessarar hef\u00f0ar (8)<\/h2>\t\t\t\t<\/div>\n\t\t<div class=\"elementor-element elementor-element-iwgha-sami-gc e-flex e-con-boxed e-con e-parent\" data-id=\"iwgha-sami-gc\" data-element_type=\"container\" data-e-type=\"container\">\n\t\t\t\t\t<div class=\"e-con-inner\">\n\t\t\t\t<div class=\"elementor-element elementor-element-iwgha-sami-grid elementor-widget elementor-widget-text-editor\" data-id=\"iwgha-sami-grid\" data-element_type=\"widget\" data-e-type=\"widget\" data-widget_type=\"text-editor.default\">\n\t\t\t\t\t\t\t\t\t<div class=\"iwg-wesen-grid\"><a class=\"iwg-wesen-card\" href=\"https:\/\/iwell-guard.com\/is\/sumpall\/\" aria-label=\"Sumpall\"><div class=\"iwg-wesen-card-imgwrap\"><img decoding=\"async\" src=\"https:\/\/iwell-guard.com\/wp-content\/uploads\/2026\/07\/geister_mapuche_sumpall-200x300.webp\" alt=\"Sumpall\" loading=\"lazy\"><\/div><div class=\"iwg-wesen-card-body\"><div class=\"iwg-wesen-card-name\">Sumpall<\/div><div class=\"iwg-wesen-card-arrow\">\u2192 \u00c1 v\u00e6ttina<\/div><\/div><\/a><a class=\"iwg-wesen-card\" href=\"https:\/\/iwell-guard.com\/is\/pincoya\/\" aria-label=\"Pincoya\"><div class=\"iwg-wesen-card-imgwrap\"><img decoding=\"async\" src=\"https:\/\/iwell-guard.com\/wp-content\/uploads\/2026\/07\/goetter_mapuche_pincoya-200x300.webp\" alt=\"Pincoya\" loading=\"lazy\"><\/div><div class=\"iwg-wesen-card-body\"><div class=\"iwg-wesen-card-name\">Pincoya<\/div><div class=\"iwg-wesen-card-arrow\">\u2192 \u00c1 v\u00e6ttina<\/div><\/div><\/a><a class=\"iwg-wesen-card\" href=\"https:\/\/iwell-guard.com\/is\/nguruvilu\/\" aria-label=\"Nguruvilu\"><div class=\"iwg-wesen-card-imgwrap\"><img decoding=\"async\" src=\"https:\/\/iwell-guard.com\/wp-content\/uploads\/2026\/07\/daemonen_mapuche_nguruvilu-200x300.webp\" alt=\"Nguruvilu\" loading=\"lazy\"><\/div><div class=\"iwg-wesen-card-body\"><div class=\"iwg-wesen-card-name\">Nguruvilu<\/div><div class=\"iwg-wesen-card-arrow\">\u2192 \u00c1 v\u00e6ttina<\/div><\/div><\/a><a class=\"iwg-wesen-card\" href=\"https:\/\/iwell-guard.com\/is\/caicai-vilu\/\" aria-label=\"Caicai-Vilu\"><div class=\"iwg-wesen-card-imgwrap\"><img decoding=\"async\" src=\"https:\/\/iwell-guard.com\/wp-content\/uploads\/2026\/07\/goetter_mapuche_caicai-vilu-200x300.webp\" alt=\"Caicai-Vilu\" loading=\"lazy\"><\/div><div class=\"iwg-wesen-card-body\"><div class=\"iwg-wesen-card-name\">Caicai-Vilu<\/div><div class=\"iwg-wesen-card-arrow\">\u2192 \u00c1 v\u00e6ttina<\/div><\/div><\/a><a class=\"iwg-wesen-card\" href=\"https:\/\/iwell-guard.com\/is\/kalku\/\" aria-label=\"Kalku\"><div class=\"iwg-wesen-card-imgwrap\"><img decoding=\"async\" src=\"https:\/\/iwell-guard.com\/wp-content\/uploads\/2026\/07\/daemonen_mapuche_calku-200x300.webp\" alt=\"Kalku\" loading=\"lazy\"><\/div><div class=\"iwg-wesen-card-body\"><div class=\"iwg-wesen-card-name\">Kalku<\/div><div class=\"iwg-wesen-card-arrow\">\u2192 \u00c1 v\u00e6ttina<\/div><\/div><\/a><a class=\"iwg-wesen-card\" href=\"https:\/\/iwell-guard.com\/is\/anchimayen\/\" aria-label=\"Anchimayen\"><div class=\"iwg-wesen-card-imgwrap\"><img decoding=\"async\" src=\"https:\/\/iwell-guard.com\/wp-content\/uploads\/2026\/07\/geister_mapuche_anchimayen-200x300.webp\" alt=\"Anchimayen\" loading=\"lazy\"><\/div><div class=\"iwg-wesen-card-body\"><div class=\"iwg-wesen-card-name\">Anchimayen<\/div><div class=\"iwg-wesen-card-arrow\">\u2192 \u00c1 v\u00e6ttina<\/div><\/div><\/a><a class=\"iwg-wesen-card\" href=\"https:\/\/iwell-guard.com\/is\/pillan\/\" aria-label=\"Pill\u00e1n\"><div class=\"iwg-wesen-card-imgwrap\"><img decoding=\"async\" src=\"https:\/\/iwell-guard.com\/wp-content\/uploads\/2026\/07\/geister_mapuche_pillan-200x300.webp\" alt=\"Pill\u00e1n\" loading=\"lazy\"><\/div><div class=\"iwg-wesen-card-body\"><div class=\"iwg-wesen-card-name\">Pill\u00e1n<\/div><div class=\"iwg-wesen-card-arrow\">\u2192 \u00c1 v\u00e6ttina<\/div><\/div><\/a><a class=\"iwg-wesen-card\" href=\"https:\/\/iwell-guard.com\/is\/cherufe\/\" aria-label=\"Cherufe\"><div class=\"iwg-wesen-card-imgwrap\"><img decoding=\"async\" src=\"https:\/\/iwell-guard.com\/wp-content\/uploads\/2026\/07\/daemonen_mapuche_cherufe-200x300.webp\" alt=\"Cherufe\" loading=\"lazy\"><\/div><div class=\"iwg-wesen-card-body\"><div class=\"iwg-wesen-card-name\">Cherufe<\/div><div class=\"iwg-wesen-card-arrow\">\u2192 \u00c1 v\u00e6ttina<\/div><\/div><\/a><\/div>\t\t\t\t\t\t\t\t<\/div>\n\t\t\t\t\t<\/div>\n\t\t\t\t<\/div>\n\t\t\t\t\t<\/div>\n\t\t\t\t<\/div>\n\t\t<div class=\"elementor-element elementor-element-iwgkw2-add-sami e-flex e-con-boxed e-con e-parent\" data-id=\"iwgkw2-add-sami\" data-element_type=\"container\" data-e-type=\"container\">\n\t\t\t\t\t<div class=\"e-con-inner\">\n\t\t\t\t<div class=\"elementor-element elementor-element-iwgkw2-add-sami-t elementor-widget elementor-widget-text-editor\" data-id=\"iwgkw2-add-sami-t\" data-element_type=\"widget\" data-e-type=\"widget\" data-widget_type=\"text-editor.default\">\n\t\t\t\t\t\t\t\t\t<p><em>Machi-sjamanar<\/em> Mapuche-f\u00f3lksins tengja saman kultrun, rewe og Ngillatun-ath\u00f6fnina \u00ed hef\u00f0 sem enn \u00feann dag \u00ed dag er virkt i\u00f0ku\u00f0 til verndar og l\u00e6kninga, \u00fear sem hinir svok\u00f6llu\u00f0u <em>Pill\u00e1n-andar<\/em>, forfe\u00f0ra- og eldfjallam\u00e1ttarv\u00f6ld, eru samofnir fj\u00f6lskyldu og samf\u00e9lagi.<\/p>\t\t\t\t\t\t\t\t<\/div>\n\t\t\t\t\t<\/div>\n\t\t\t\t<\/div>\n\t\t<div class=\"elementor-element elementor-element-iwgcn-sami-kwd e-flex e-con-boxed e-con e-parent\" data-id=\"iwgcn-sami-kwd\" data-element_type=\"container\" data-e-type=\"container\">\n\t\t\t\t\t<div class=\"e-con-inner\">\n\t\t<div class=\"elementor-element elementor-element-iwgcn-sami-kwd-c e-con-full e-flex e-con e-child\" data-id=\"iwgcn-sami-kwd-c\" data-element_type=\"container\" data-e-type=\"container\">\n\t\t\t\t<div class=\"elementor-element elementor-element-iwgcn-sami-kwdt elementor-widget elementor-widget-text-editor\" data-id=\"iwgcn-sami-kwdt\" data-element_type=\"widget\" data-e-type=\"widget\" data-widget_type=\"text-editor.default\">\n\t\t\t\t\t\t\t\t\t<p><em>Tengd leitaror\u00f0: Mapuche Machi Kultrun Rewe Ngillatun Pill\u00e1n Wallmapu Araucan\u00eda Chilo\u00e9 Chile.<\/em><\/p>\t\t\t\t\t\t\t\t<\/div>\n\t\t\t\t<\/div>\n\t\t\t\t\t<\/div>\n\t\t\t\t<\/div>\n\t\t<div class=\"elementor-element elementor-element-iwgcn-sami-cc e-flex e-con-boxed e-con e-parent\" data-id=\"iwgcn-sami-cc\" data-element_type=\"container\" data-e-type=\"container\" id=\"iwg-cc-sami\">\n\t\t\t\t\t<div class=\"e-con-inner\">\n\t\t<div class=\"elementor-element elementor-element-iwgcn-sami-ccinner e-flex e-con-boxed e-con e-parent\" data-id=\"iwgcn-sami-ccinner\" data-element_type=\"container\" data-e-type=\"container\" data-settings=\"{&quot;background_background&quot;:&quot;classic&quot;}\">\n\t\t\t\t\t<div class=\"e-con-inner\">\n\t\t\t\t<div class=\"elementor-element elementor-element-iwgcn-sami-cch elementor-widget elementor-widget-heading\" data-id=\"iwgcn-sami-cch\" data-element_type=\"widget\" data-e-type=\"widget\" data-widget_type=\"heading.default\">\n\t\t\t\t\t<h2 class=\"elementor-heading-title elementor-size-default\">Verndargripir \u00ed \u00feessari menningarhef\u00f0<\/h2>\t\t\t\t<\/div>\n\t\t\t\t<div class=\"elementor-element elementor-element-iwgcn-sami-cct elementor-widget elementor-widget-text-editor\" data-id=\"iwgcn-sami-cct\" data-element_type=\"widget\" data-e-type=\"widget\" data-widget_type=\"text-editor.default\">\n\t\t\t\t\t\t\t\t\t<p>\u00cd hef\u00f0 Mapuche-f\u00f3lksins er kultrun heil\u00f6g tromma Machi, rewe er \u00ferepaskipt helgista\u00f0ur fyrir framan h\u00fas \u00feeirra, auk silfurskartgripa (plater\u00eda mapuche) me\u00f0 verndandi og st\u00f6\u00f0ut\u00e1knandi virkni; pers\u00f3nuleg, me\u00f0f\u00e6rileg verndargripir \u00ed \u00ferengri merkingu eru sjaldnar sta\u00f0festir en \u00feessi tr\u00faarlegu og samf\u00e9lagslegu verndarform, samb\u00e6rileg \u00ed mesta lagi vi\u00f0 <a href=\"https:\/\/iwell-guard.com\/is\/?page_id=169838\">verndarjurtir<\/a> e\u00f0a <a href=\"https:\/\/iwell-guard.com\/is\/?page_id=169851\">verndart\u00e1kn<\/a> annarra menningarheima. Yfirlit yfir verndargripi \u00fdmissa hef\u00f0a m\u00e1 finna \u00e1 <a href=\"https:\/\/iwell-guard.com\/is\/verndarleidarvisir\/\">Verndarkomp\u00e1snum<\/a>.<\/p><div data-nosnippet=\"true\"><p>iWell Guard fellur inn \u00ed \u00feessa menningars\u00f6gulegu hef\u00f0 me\u00f0f\u00e6rilegra verndargripa, \u00ed n\u00fat\u00edmalegri efnisger\u00f0, framleitt \u00ed \u00de\u00fdskalandi. 41 lag, alv\u00f6ru gull, plat\u00edna, silfur. 30 daga skilar\u00e9ttur.<\/p><\/div>\t\t\t\t\t\t\t\t<\/div>\n\t\t\t\t<div class=\"elementor-element elementor-element-iwgcn-sami-ccb iwg-cc-button iwg-cc-cta-2026-05-13 elementor-widget elementor-widget-jet-button\" data-id=\"iwgcn-sami-ccb\" data-element_type=\"widget\" data-e-type=\"widget\" data-widget_type=\"jet-button.default\">\n\t\t\t\t<div class=\"elementor-widget-container\">\n\t\t\t\t\t<div class=\"elementor-jet-button jet-elements\"><div class=\"jet-button__container\"><a class=\"jet-button__instance jet-button__instance--icon-left hover-effect-1\" href=\"\/ueber-iwell-guard\/?utm_source=iwell-guard.com&amp;utm_medium=info-box&amp;utm_campaign=kultur-tradition\"><div class=\"jet-button__plane jet-button__plane-normal\"><\/div><div class=\"jet-button__plane jet-button__plane-hover\"><\/div><div class=\"jet-button__state jet-button__state-normal\"><span class=\"jet-button__label\">Meira um iWell Guard<\/span><\/div><div class=\"jet-button__state jet-button__state-hover\"><span class=\"jet-button__label\">Meira um iWell Guard<\/span><\/div><\/a><\/div><\/div><style>.elementor-element.elementor-element-iwgcn-sami-ccb .jet-button__instance{width:320px;height:56px;}.elementor-element.elementor-element-iwgcn-sami-ccb .jet-button__state-normal .jet-button__label{text-align:center;margin:0px 0px 0px 0px;color:#1a1b20;font-family:Montserrat,sans-serif;font-size:13px;font-weight:400;letter-spacing:4px;line-height:1.714em;text-transform:uppercase;}.elementor-element.elementor-element-iwgcn-sami-ccb .jet-button__state-hover .jet-button__label{text-align:center;margin:0px 0px 0px 0px;color:#FECC76;font-family:Montserrat,sans-serif;font-size:13px;font-weight:400;letter-spacing:4px;line-height:1.714em;text-transform:uppercase;}.elementor-element.elementor-element-iwgcn-sami-ccb .jet-button__plane-normal{background-color:#FECC76;border-style:solid;border-color:#C99540;border-width:2px 2px 2px 2px;}.elementor-element.elementor-element-iwgcn-sami-ccb .jet-button__plane-hover{background-color:rgba(0,0,0,0.55);border-style:solid;border-color:#FECC76;border-width:2px 2px 2px 2px;}<\/style>\t\t\t\t<\/div>\n\t\t\t\t<\/div>\n\t\t\t\t<div class=\"elementor-element elementor-element-iwgcn-sami-ccd elementor-widget elementor-widget-text-editor\" data-id=\"iwgcn-sami-ccd\" data-element_type=\"widget\" data-e-type=\"widget\" data-widget_type=\"text-editor.default\">\n\t\t\t\t\t\t\t\t\t<div data-nosnippet=\"true\"><p style=\"text-align:center;font-size:13px;opacity:0.7;margin-top:14px\" data-nosnippet=\"true\">Pers\u00f3nuleg reynsla getur veri\u00f0 mismunandi. Ekki l\u00e6kningat\u00e6ki. Engin lofor\u00f0 um l\u00e6kningu.<\/p><\/div>\t\t\t\t\t\t\t\t<\/div>\n\t\t\t\t\t<\/div>\n\t\t\t\t<\/div>\n\t\t\t\t\t<\/div>\n\t\t\t\t<\/div>\n\t\t<div class=\"elementor-element elementor-element-iwgcn-sami-disc e-flex e-con-boxed e-con e-parent\" data-id=\"iwgcn-sami-disc\" data-element_type=\"container\" data-e-type=\"container\">\n\t\t\t\t\t<div class=\"e-con-inner\">\n\t\t\t\t<div class=\"elementor-element elementor-element-iwgcn-sami-discw elementor-widget elementor-widget-html\" data-id=\"iwgcn-sami-discw\" data-element_type=\"widget\" data-e-type=\"widget\" data-widget_type=\"html.default\">\n\t\t\t\t\t<footer data-nosnippet=\"true\" class=\"iwg-disclaimer-block\"><p data-nosnippet=\"true\">iWell Guard er <strong>ekki l\u00e6kningat\u00e6ki<\/strong> og kemur ekki \u00ed sta\u00f0inn fyrir l\u00e6knis- e\u00f0a s\u00e1lfr\u00e6\u00f0ime\u00f0fer\u00f0. Tr\u00faarfr\u00e6\u00f0ilegt efni er menningars\u00f6gulegt samhengi, ekki r\u00e1\u00f0legging um andlega i\u00f0kun.<\/p><\/footer>\t\t\t\t<\/div>\n\t\t\t\t\t<\/div>\n\t\t\t\t<\/div>\n\t\t\t\t<\/div>\n\t\t","protected":false},"excerpt":{"rendered":"","protected":false},"author":3,"featured_media":20159,"parent":0,"menu_order":0,"comment_status":"closed","ping_status":"closed","template":"elementor_header_footer","meta":{"_yoast_wpseo_focuskw":"mapuche godafraedi","_yoast_wpseo_title":"Map\u00fak-go\u00f0afr\u00e6\u00f0i: Pill\u00e1n, Machi og andaheimur","_yoast_wpseo_metadesc":"Machi-sjamanakonur, Pill\u00e1n-andar og fl\u00f3\u00f0sagan af Caicai og Trentren: go\u00f0afr\u00e6\u00f0i Map\u00fak-f\u00f3lksins \u00ed Chile og Argent\u00ednu sk\u00fdr\u00f0 \u00e1 fr\u00e6\u00f0ilegan h\u00e1tt.","_yoast_wpseo_meta-robots-noindex":"","_yoast_wpseo_canonical":"","_angie_page":false,"gefaehrdungsstufe":"","wesen_kultur":"","wesen_klasse":"","footnotes":""},"categories":[],"class_list":["post-169857","page","type-page","status-publish","has-post-thumbnail","hentry"],"yoast_head":"<!-- This site is optimized with the Yoast SEO Premium plugin v27.7 (Yoast SEO v28.3) - https:\/\/yoast.com\/product\/yoast-seo-premium-wordpress\/ -->\n<title>Map\u00fak-go\u00f0afr\u00e6\u00f0i: Pill\u00e1n, Machi og andaheimur<\/title>\n<meta name=\"description\" content=\"Machi-sjamanakonur, Pill\u00e1n-andar og fl\u00f3\u00f0sagan af Caicai og Trentren: go\u00f0afr\u00e6\u00f0i Map\u00fak-f\u00f3lksins \u00ed Chile og Argent\u00ednu sk\u00fdr\u00f0 \u00e1 fr\u00e6\u00f0ilegan h\u00e1tt.\" \/>\n<meta name=\"robots\" content=\"index, follow, max-snippet:-1, max-image-preview:large, max-video-preview:-1\" \/>\n<link rel=\"canonical\" href=\"https:\/\/iwell-guard.com\/is\/mapuche-godafraedi\/\" \/>\n<meta property=\"og:locale\" content=\"is_IS\" \/>\n<meta property=\"og:type\" content=\"article\" \/>\n<meta property=\"og:title\" content=\"Map\u00fak-go\u00f0afr\u00e6\u00f0i\" \/>\n<meta property=\"og:description\" content=\"Machi-sjamanakonur, Pill\u00e1n-andar og fl\u00f3\u00f0sagan af Caicai og Trentren: go\u00f0afr\u00e6\u00f0i Map\u00fak-f\u00f3lksins \u00ed Chile og Argent\u00ednu sk\u00fdr\u00f0 \u00e1 fr\u00e6\u00f0ilegan h\u00e1tt.\" \/>\n<meta property=\"og:url\" content=\"https:\/\/iwell-guard.com\/is\/mapuche-godafraedi\/\" \/>\n<meta property=\"og:site_name\" content=\"iWell Guard\" \/>\n<meta property=\"article:modified_time\" content=\"2026-09-05T14:58:22+00:00\" \/>\n<meta property=\"og:image\" content=\"https:\/\/iwell-guard.com\/wp-content\/uploads\/2026\/07\/geister_mapuche_pillan.webp\" \/>\n\t<meta property=\"og:image:width\" content=\"1024\" \/>\n\t<meta property=\"og:image:height\" content=\"1536\" \/>\n\t<meta property=\"og:image:type\" content=\"image\/webp\" \/>\n<meta name=\"twitter:card\" content=\"summary_large_image\" \/>\n<script type=\"application\/ld+json\" class=\"yoast-schema-graph\">{\"@context\":\"https:\\\/\\\/schema.org\",\"@graph\":[{\"@type\":\"WebPage\",\"@id\":\"https:\\\/\\\/iwell-guard.com\\\/is\\\/mapuche-godafraedi\\\/\",\"url\":\"https:\\\/\\\/iwell-guard.com\\\/is\\\/mapuche-godafraedi\\\/\",\"name\":\"Map\u00fak-go\u00f0afr\u00e6\u00f0i: Pill\u00e1n, Machi og andaheimur\",\"isPartOf\":{\"@id\":\"https:\\\/\\\/iwell-guard.com\\\/is\\\/#website\"},\"primaryImageOfPage\":{\"@id\":\"https:\\\/\\\/iwell-guard.com\\\/is\\\/mapuche-godafraedi\\\/#primaryimage\"},\"image\":{\"@id\":\"https:\\\/\\\/iwell-guard.com\\\/is\\\/mapuche-godafraedi\\\/#primaryimage\"},\"thumbnailUrl\":\"https:\\\/\\\/iwell-guard.com\\\/wp-content\\\/uploads\\\/2026\\\/07\\\/geister_mapuche_pillan.webp\",\"datePublished\":\"2026-09-05T14:12:19+00:00\",\"dateModified\":\"2026-09-05T14:58:22+00:00\",\"description\":\"Machi-sjamanakonur, Pill\u00e1n-andar og fl\u00f3\u00f0sagan af Caicai og Trentren: go\u00f0afr\u00e6\u00f0i Map\u00fak-f\u00f3lksins \u00ed Chile og Argent\u00ednu sk\u00fdr\u00f0 \u00e1 fr\u00e6\u00f0ilegan h\u00e1tt.\",\"breadcrumb\":{\"@id\":\"https:\\\/\\\/iwell-guard.com\\\/is\\\/mapuche-godafraedi\\\/#breadcrumb\"},\"inLanguage\":\"is\",\"potentialAction\":[{\"@type\":\"ReadAction\",\"target\":[\"https:\\\/\\\/iwell-guard.com\\\/is\\\/mapuche-godafraedi\\\/\"]}]},{\"@type\":\"ImageObject\",\"inLanguage\":\"is\",\"@id\":\"https:\\\/\\\/iwell-guard.com\\\/is\\\/mapuche-godafraedi\\\/#primaryimage\",\"url\":\"https:\\\/\\\/iwell-guard.com\\\/wp-content\\\/uploads\\\/2026\\\/07\\\/geister_mapuche_pillan.webp\",\"contentUrl\":\"https:\\\/\\\/iwell-guard.com\\\/wp-content\\\/uploads\\\/2026\\\/07\\\/geister_mapuche_pillan.webp\",\"width\":1024,\"height\":1536,\"caption\":\"Pill\u00e1n, eldar- og \u00ferumuandi Mapuche-f\u00f3lksins\"},{\"@type\":\"BreadcrumbList\",\"@id\":\"https:\\\/\\\/iwell-guard.com\\\/is\\\/mapuche-godafraedi\\\/#breadcrumb\",\"itemListElement\":[{\"@type\":\"ListItem\",\"position\":1,\"name\":\"Start\",\"item\":\"https:\\\/\\\/iwell-guard.com\\\/is\\\/?page_id=168580\"},{\"@type\":\"ListItem\",\"position\":2,\"name\":\"Map\u00fak-go\u00f0afr\u00e6\u00f0i\"}]},{\"@type\":\"WebSite\",\"@id\":\"https:\\\/\\\/iwell-guard.com\\\/is\\\/#website\",\"url\":\"https:\\\/\\\/iwell-guard.com\\\/is\\\/\",\"name\":\"iWell Guard\",\"description\":\"Schutz vor dunklen Einfl\u00fcssen\",\"publisher\":{\"@id\":\"https:\\\/\\\/iwell-guard.com\\\/is\\\/#organization\"},\"potentialAction\":[{\"@type\":\"SearchAction\",\"target\":{\"@type\":\"EntryPoint\",\"urlTemplate\":\"https:\\\/\\\/iwell-guard.com\\\/is\\\/?s={search_term_string}\"},\"query-input\":{\"@type\":\"PropertyValueSpecification\",\"valueRequired\":true,\"valueName\":\"search_term_string\"}}],\"inLanguage\":\"is\"},{\"@type\":\"Organization\",\"@id\":\"https:\\\/\\\/iwell-guard.com\\\/is\\\/#organization\",\"name\":\"Ittermann electronic GmbH\",\"url\":\"https:\\\/\\\/iwell-guard.com\\\/is\\\/\",\"logo\":{\"@type\":\"ImageObject\",\"inLanguage\":\"is\",\"@id\":\"https:\\\/\\\/iwell-guard.com\\\/is\\\/#\\\/schema\\\/logo\\\/image\\\/\",\"url\":\"https:\\\/\\\/iwell-guard.com\\\/wp-content\\\/uploads\\\/2026\\\/05\\\/Ittermann-Logo-1182x237-1.png\",\"contentUrl\":\"https:\\\/\\\/iwell-guard.com\\\/wp-content\\\/uploads\\\/2026\\\/05\\\/Ittermann-Logo-1182x237-1.png\",\"width\":1182,\"height\":237,\"caption\":\"Ittermann electronic GmbH\"},\"image\":{\"@id\":\"https:\\\/\\\/iwell-guard.com\\\/is\\\/#\\\/schema\\\/logo\\\/image\\\/\"},\"sameAs\":[\"https:\\\/\\\/pantip.com\\\/profile\\\/9367242\",\"https:\\\/\\\/micro.blog\\\/iwellguard\",\"https:\\\/\\\/www.diggerslist.com\\\/iwellguard\\\/about\",\"https:\\\/\\\/skitterphoto.com\\\/photographers\\\/2870314\\\/iwell-guard\",\"https:\\\/\\\/iwellguard.wordpress.com\\\/2026\\\/06\\\/06\\\/iwell-guard\\\/\",\"https:\\\/\\\/hub.docker.com\\\/u\\\/iwellguard\",\"https:\\\/\\\/www.pinterest.com\\\/iwellguard\\\/\",\"https:\\\/\\\/bit.ly\\\/m\\\/iwellguard\",\"https:\\\/\\\/entre-vos-mains.alsace.eu\\\/profiles\\\/iwellguard\\\/activity\",\"https:\\\/\\\/gravatar.com\\\/reallybeded8fd34\",\"https:\\\/\\\/naijamatta.com\\\/iwellguard\",\"https:\\\/\\\/www.goodreads.com\\\/iwellguard\",\"https:\\\/\\\/profile.hatena.ne.jp\\\/iwellguard\\\/\",\"https:\\\/\\\/experiment.com\\\/users\\\/iwellguard\",\"https:\\\/\\\/wakelet.com\\\/@iWellGuard82270\",\"https:\\\/\\\/www.chordie.com\\\/forum\\\/profile.php?id=2555664\",\"https:\\\/\\\/www.instapaper.com\\\/p\\\/17757966\",\"https:\\\/\\\/www.mapleprimes.com\\\/users\\\/iwellguard\",\"https:\\\/\\\/businesslistingplus.com\\\/profile\\\/iwell-guard\\\/\",\"https:\\\/\\\/telegra.ph\\\/iWell-Guard-06-06\",\"https:\\\/\\\/pbase.com\\\/iwellguard\\\/iwellguard\",\"https:\\\/\\\/b.hatena.ne.jp\\\/iwellguard\\\/20260607#bookmark-4788405196491818882\",\"https:\\\/\\\/fliphtml5.com\\\/home\\\/iwellguard\",\"https:\\\/\\\/anyflip.com\\\/homepage\\\/cmiwl#About\",\"https:\\\/\\\/transfur.com\\\/Users\\\/iwellguard\",\"http:\\\/\\\/delphi.larsbo.org\\\/user\\\/iwellguard\",\"https:\\\/\\\/jobs.lajobsportal.org\\\/profiles\\\/8380803-iwell-guard\",\"https:\\\/\\\/md.chaosdorf.de\\\/s\\\/jfbe5SBdJD\",\"https:\\\/\\\/www.lingvolive.com\\\/en-us\\\/profile\\\/9ecaeaca-ce11-4e51-9e71-01d55e2bff36\\\/translations\",\"https:\\\/\\\/www.fitday.com\\\/fitness\\\/forums\\\/members\\\/iwellguard.html\",\"https:\\\/\\\/www.mymeetbook.com\\\/iwellguard\",\"https:\\\/\\\/pxhere.com\\\/en\\\/photographer-me\\\/5040798\",\"https:\\\/\\\/disqus.com\\\/by\\\/iwellguard\\\/about\\\/\",\"https:\\\/\\\/pastelink.net\\\/hjwciqwq\",\"https:\\\/\\\/pubhtml5.com\\\/homepage\\\/scjhn\\\/\",\"https:\\\/\\\/www.bitchute.com\\\/channel\\\/2O2eOKzNqujT\",\"https:\\\/\\\/audiomack.com\\\/iwellguard\"]}]}<\/script>\n<!-- \/ Yoast SEO Premium plugin. -->","yoast_head_json":{"title":"Map\u00fak-go\u00f0afr\u00e6\u00f0i: Pill\u00e1n, Machi og andaheimur","description":"Machi-sjamanakonur, Pill\u00e1n-andar og fl\u00f3\u00f0sagan af Caicai og Trentren: go\u00f0afr\u00e6\u00f0i Map\u00fak-f\u00f3lksins \u00ed Chile og Argent\u00ednu sk\u00fdr\u00f0 \u00e1 fr\u00e6\u00f0ilegan h\u00e1tt.","robots":{"index":"index","follow":"follow","max-snippet":"max-snippet:-1","max-image-preview":"max-image-preview:large","max-video-preview":"max-video-preview:-1"},"canonical":"https:\/\/iwell-guard.com\/is\/mapuche-godafraedi\/","og_locale":"is_IS","og_type":"article","og_title":"Map\u00fak-go\u00f0afr\u00e6\u00f0i","og_description":"Machi-sjamanakonur, Pill\u00e1n-andar og fl\u00f3\u00f0sagan af Caicai og Trentren: go\u00f0afr\u00e6\u00f0i Map\u00fak-f\u00f3lksins \u00ed Chile og Argent\u00ednu sk\u00fdr\u00f0 \u00e1 fr\u00e6\u00f0ilegan h\u00e1tt.","og_url":"https:\/\/iwell-guard.com\/is\/mapuche-godafraedi\/","og_site_name":"iWell Guard","article_modified_time":"2026-09-05T14:58:22+00:00","og_image":[{"width":1024,"height":1536,"url":"https:\/\/iwell-guard.com\/wp-content\/uploads\/2026\/07\/geister_mapuche_pillan.webp","type":"image\/webp"}],"twitter_card":"summary_large_image","schema":{"@context":"https:\/\/schema.org","@graph":[{"@type":"WebPage","@id":"https:\/\/iwell-guard.com\/is\/mapuche-godafraedi\/","url":"https:\/\/iwell-guard.com\/is\/mapuche-godafraedi\/","name":"Map\u00fak-go\u00f0afr\u00e6\u00f0i: Pill\u00e1n, Machi og andaheimur","isPartOf":{"@id":"https:\/\/iwell-guard.com\/is\/#website"},"primaryImageOfPage":{"@id":"https:\/\/iwell-guard.com\/is\/mapuche-godafraedi\/#primaryimage"},"image":{"@id":"https:\/\/iwell-guard.com\/is\/mapuche-godafraedi\/#primaryimage"},"thumbnailUrl":"https:\/\/iwell-guard.com\/wp-content\/uploads\/2026\/07\/geister_mapuche_pillan.webp","datePublished":"2026-09-05T14:12:19+00:00","dateModified":"2026-09-05T14:58:22+00:00","description":"Machi-sjamanakonur, Pill\u00e1n-andar og fl\u00f3\u00f0sagan af Caicai og Trentren: go\u00f0afr\u00e6\u00f0i Map\u00fak-f\u00f3lksins \u00ed Chile og Argent\u00ednu sk\u00fdr\u00f0 \u00e1 fr\u00e6\u00f0ilegan h\u00e1tt.","breadcrumb":{"@id":"https:\/\/iwell-guard.com\/is\/mapuche-godafraedi\/#breadcrumb"},"inLanguage":"is","potentialAction":[{"@type":"ReadAction","target":["https:\/\/iwell-guard.com\/is\/mapuche-godafraedi\/"]}]},{"@type":"ImageObject","inLanguage":"is","@id":"https:\/\/iwell-guard.com\/is\/mapuche-godafraedi\/#primaryimage","url":"https:\/\/iwell-guard.com\/wp-content\/uploads\/2026\/07\/geister_mapuche_pillan.webp","contentUrl":"https:\/\/iwell-guard.com\/wp-content\/uploads\/2026\/07\/geister_mapuche_pillan.webp","width":1024,"height":1536,"caption":"Pill\u00e1n, eldar- og \u00ferumuandi Mapuche-f\u00f3lksins"},{"@type":"BreadcrumbList","@id":"https:\/\/iwell-guard.com\/is\/mapuche-godafraedi\/#breadcrumb","itemListElement":[{"@type":"ListItem","position":1,"name":"Start","item":"https:\/\/iwell-guard.com\/is\/?page_id=168580"},{"@type":"ListItem","position":2,"name":"Map\u00fak-go\u00f0afr\u00e6\u00f0i"}]},{"@type":"WebSite","@id":"https:\/\/iwell-guard.com\/is\/#website","url":"https:\/\/iwell-guard.com\/is\/","name":"iWell Guard","description":"Schutz vor dunklen Einfl\u00fcssen","publisher":{"@id":"https:\/\/iwell-guard.com\/is\/#organization"},"potentialAction":[{"@type":"SearchAction","target":{"@type":"EntryPoint","urlTemplate":"https:\/\/iwell-guard.com\/is\/?s={search_term_string}"},"query-input":{"@type":"PropertyValueSpecification","valueRequired":true,"valueName":"search_term_string"}}],"inLanguage":"is"},{"@type":"Organization","@id":"https:\/\/iwell-guard.com\/is\/#organization","name":"Ittermann electronic GmbH","url":"https:\/\/iwell-guard.com\/is\/","logo":{"@type":"ImageObject","inLanguage":"is","@id":"https:\/\/iwell-guard.com\/is\/#\/schema\/logo\/image\/","url":"https:\/\/iwell-guard.com\/wp-content\/uploads\/2026\/05\/Ittermann-Logo-1182x237-1.png","contentUrl":"https:\/\/iwell-guard.com\/wp-content\/uploads\/2026\/05\/Ittermann-Logo-1182x237-1.png","width":1182,"height":237,"caption":"Ittermann electronic GmbH"},"image":{"@id":"https:\/\/iwell-guard.com\/is\/#\/schema\/logo\/image\/"},"sameAs":["https:\/\/pantip.com\/profile\/9367242","https:\/\/micro.blog\/iwellguard","https:\/\/www.diggerslist.com\/iwellguard\/about","https:\/\/skitterphoto.com\/photographers\/2870314\/iwell-guard","https:\/\/iwellguard.wordpress.com\/2026\/06\/06\/iwell-guard\/","https:\/\/hub.docker.com\/u\/iwellguard","https:\/\/www.pinterest.com\/iwellguard\/","https:\/\/bit.ly\/m\/iwellguard","https:\/\/entre-vos-mains.alsace.eu\/profiles\/iwellguard\/activity","https:\/\/gravatar.com\/reallybeded8fd34","https:\/\/naijamatta.com\/iwellguard","https:\/\/www.goodreads.com\/iwellguard","https:\/\/profile.hatena.ne.jp\/iwellguard\/","https:\/\/experiment.com\/users\/iwellguard","https:\/\/wakelet.com\/@iWellGuard82270","https:\/\/www.chordie.com\/forum\/profile.php?id=2555664","https:\/\/www.instapaper.com\/p\/17757966","https:\/\/www.mapleprimes.com\/users\/iwellguard","https:\/\/businesslistingplus.com\/profile\/iwell-guard\/","https:\/\/telegra.ph\/iWell-Guard-06-06","https:\/\/pbase.com\/iwellguard\/iwellguard","https:\/\/b.hatena.ne.jp\/iwellguard\/20260607#bookmark-4788405196491818882","https:\/\/fliphtml5.com\/home\/iwellguard","https:\/\/anyflip.com\/homepage\/cmiwl#About","https:\/\/transfur.com\/Users\/iwellguard","http:\/\/delphi.larsbo.org\/user\/iwellguard","https:\/\/jobs.lajobsportal.org\/profiles\/8380803-iwell-guard","https:\/\/md.chaosdorf.de\/s\/jfbe5SBdJD","https:\/\/www.lingvolive.com\/en-us\/profile\/9ecaeaca-ce11-4e51-9e71-01d55e2bff36\/translations","https:\/\/www.fitday.com\/fitness\/forums\/members\/iwellguard.html","https:\/\/www.mymeetbook.com\/iwellguard","https:\/\/pxhere.com\/en\/photographer-me\/5040798","https:\/\/disqus.com\/by\/iwellguard\/about\/","https:\/\/pastelink.net\/hjwciqwq","https:\/\/pubhtml5.com\/homepage\/scjhn\/","https:\/\/www.bitchute.com\/channel\/2O2eOKzNqujT","https:\/\/audiomack.com\/iwellguard"]}]}},"_links":{"self":[{"href":"https:\/\/iwell-guard.com\/is\/wp-json\/wp\/v2\/pages\/169857","targetHints":{"allow":["GET"]}}],"collection":[{"href":"https:\/\/iwell-guard.com\/is\/wp-json\/wp\/v2\/pages"}],"about":[{"href":"https:\/\/iwell-guard.com\/is\/wp-json\/wp\/v2\/types\/page"}],"author":[{"embeddable":true,"href":"https:\/\/iwell-guard.com\/is\/wp-json\/wp\/v2\/users\/3"}],"replies":[{"embeddable":true,"href":"https:\/\/iwell-guard.com\/is\/wp-json\/wp\/v2\/comments?post=169857"}],"version-history":[{"count":0,"href":"https:\/\/iwell-guard.com\/is\/wp-json\/wp\/v2\/pages\/169857\/revisions"}],"wp:featuredmedia":[{"embeddable":true,"href":"https:\/\/iwell-guard.com\/is\/wp-json\/wp\/v2\/media\/20159"}],"wp:attachment":[{"href":"https:\/\/iwell-guard.com\/is\/wp-json\/wp\/v2\/media?parent=169857"}],"wp:term":[{"taxonomy":"category","embeddable":true,"href":"https:\/\/iwell-guard.com\/is\/wp-json\/wp\/v2\/categories?post=169857"}],"curies":[{"name":"wp","href":"https:\/\/api.w.org\/{rel}","templated":true}]}}