{"id":169856,"date":"2026-09-05T14:12:18","date_gmt":"2026-09-05T14:12:18","guid":{"rendered":"https:\/\/iwell-guard.com\/?page_id=169856"},"modified":"2026-09-05T14:58:21","modified_gmt":"2026-09-05T14:58:21","slug":"baltnesk-godafraedi","status":"publish","type":"page","link":"https:\/\/iwell-guard.com\/is\/baltnesk-godafraedi\/","title":{"rendered":"Baltnesk go\u00f0afr\u00e6\u00f0i"},"content":{"rendered":"\t\t<div data-elementor-type=\"wp-page\" data-elementor-id=\"169856\" class=\"elementor elementor-169856 elementor-20568 elementor-bc-flex-widget\" data-elementor-post-type=\"page\">\n\t\t\t\t<div class=\"elementor-element elementor-element-iwgcn-sami-hero iwg-kultur-hero e-flex e-con-boxed e-con e-parent\" data-id=\"iwgcn-sami-hero\" data-element_type=\"container\" data-e-type=\"container\">\n\t\t\t\t\t<div class=\"e-con-inner\">\n\t\t<div class=\"elementor-element elementor-element-iwgcn-sami-hl iwg-kultur-hero-left e-flex e-con-boxed e-con e-child\" data-id=\"iwgcn-sami-hl\" data-element_type=\"container\" data-e-type=\"container\">\n\t\t\t\t\t<div class=\"e-con-inner\">\n\t\t\t\t<div class=\"elementor-element elementor-element-iwgcn-sami-h1 elementor-widget elementor-widget-heading\" data-id=\"iwgcn-sami-h1\" data-element_type=\"widget\" data-e-type=\"widget\" data-widget_type=\"heading.default\">\n\t\t\t\t\t<h1 class=\"elementor-heading-title elementor-size-default\">Baltneskir gu\u00f0ir, Perk\u016bnas og go\u00f0afr\u00e6\u00f0i Lith\u00e1ens og Lettlands<\/h1>\t\t\t\t<\/div>\n\t\t<div class=\"elementor-element elementor-element-iwgcn-sami-leadc e-con-full e-flex e-con e-child\" data-id=\"iwgcn-sami-leadc\" data-element_type=\"container\" data-e-type=\"container\">\n\t\t\t\t<div class=\"elementor-element elementor-element-iwgcn-sami-lead elementor-widget elementor-widget-text-editor\" data-id=\"iwgcn-sami-lead\" data-element_type=\"widget\" data-e-type=\"widget\" data-widget_type=\"text-editor.default\">\n\t\t\t\t\t\t\t\t\t<p>Baltar, Lith\u00e1ar og Lettar, sem b\u00faa \u00ed n\u00faverandi Lith\u00e1en og Lettlandi, var\u00f0veittu lengst allra \u00fej\u00f3\u00f0a Evr\u00f3pu forkristna tr\u00fa s\u00edna, kristnitakan lauk ekki fyrr en 1387 og \u00e1 \u017demaitija-sv\u00e6\u00f0inu jafnvel ekki fyrr en 1413. \u00dej\u00f3\u00f0kv\u00e6\u00f0in sem kallast Dainas, eldst\u00e6\u00f0issi\u00f0urinn \u00ed kringum gy\u00f0juna Gabiju og tilbei\u00f0sla heimilissl\u00f6ngunnar Zaltys myndu s\u00e9rst\u00e6tt, ind\u00f3evr\u00f3pskt og s\u00e9rlega fornlegt tr\u00faarlag.<\/p>\n<p class=\"iwg-kwfix\">Baltneski gu\u00f0aheimurinn er n\u00e1tengdur heimili, eldst\u00e6\u00f0i og m\u00e1ttarv\u00f6ldum landslagsins.<\/p>\t\t\t\t\t\t\t\t<\/div>\n\t\t\t\t<\/div>\n\t\t\t\t\t<\/div>\n\t\t\t\t<\/div>\n\t\t<div class=\"elementor-element elementor-element-iwgcn-sami-hr iwg-kultur-hero-right e-flex e-con-boxed e-con e-child\" data-id=\"iwgcn-sami-hr\" data-element_type=\"container\" data-e-type=\"container\">\n\t\t\t\t\t<div class=\"e-con-inner\">\n\t\t\t\t<div class=\"elementor-element elementor-element-iwgcn-sami-himg iwg-hero-image elementor-widget elementor-widget-image\" data-id=\"iwgcn-sami-himg\" data-element_type=\"widget\" data-e-type=\"widget\" data-widget_type=\"image.default\">\n\t\t\t\t\t\t\t\t\t\t\t\t\t\t\t<img fetchpriority=\"high\" decoding=\"async\" width=\"683\" height=\"1024\" src=\"https:\/\/iwell-guard.com\/wp-content\/uploads\/2026\/05\/goetter_sami_beaivi-683x1024.webp\" class=\"attachment-large size-large wp-image-170769\" alt=\"Beaivi - gu\u00f0ir \u00far sam\u00edskri hef\u00f0, s\u00f6guleg myndskreyting\" srcset=\"https:\/\/iwell-guard.com\/wp-content\/uploads\/2026\/05\/goetter_sami_beaivi-683x1024.webp 683w, https:\/\/iwell-guard.com\/wp-content\/uploads\/2026\/05\/goetter_sami_beaivi-200x300.webp 200w, https:\/\/iwell-guard.com\/wp-content\/uploads\/2026\/05\/goetter_sami_beaivi-768x1152.webp 768w, https:\/\/iwell-guard.com\/wp-content\/uploads\/2026\/05\/goetter_sami_beaivi.webp 1024w\" sizes=\"(max-width: 683px) 100vw, 683px\" \/>\t\t\t\t\t\t\t\t\t\t\t\t\t\t\t<\/div>\n\t\t\t\t\t<\/div>\n\t\t\t\t<\/div>\n\t\t\t\t\t<\/div>\n\t\t\t\t<\/div>\n\t\t\t\t<section class=\"elementor-section elementor-top-section elementor-element elementor-element-sec-iwgcomp-sami elementor-section-boxed elementor-section-height-default elementor-section-height-default\" data-id=\"sec-iwgcomp-sami\" data-element_type=\"section\" data-e-type=\"section\">\n\t\t\t\t\t\t<div class=\"elementor-container elementor-column-gap-default\">\n\t\t\t\t\t<div class=\"elementor-column elementor-col-100 elementor-top-column elementor-element elementor-element-col-iwgcomp-sami\" data-id=\"col-iwgcomp-sami\" data-element_type=\"column\" data-e-type=\"column\">\n\t\t\t<div class=\"elementor-widget-wrap elementor-element-populated\">\n\t\t\t\t\t\t<div class=\"elementor-element elementor-element-iwgcomp-sami elementor-widget elementor-widget-text-editor\" data-id=\"iwgcomp-sami\" data-element_type=\"widget\" data-e-type=\"widget\" data-widget_type=\"text-editor.default\">\n\t\t\t\t\t\t\t\t\t<p>Baltneska <strong><span class=\"iwg-fachbegriff\" data-tooltip=\"Stutt, munnlega var\u00f0veitt \u00fej\u00f3\u00f0kv\u00e6\u00f0i fr\u00e1 Lith\u00e1en og Lettlandi, mikilv\u00e6gasta heimildin um forkristnar hugmyndir.\" tabindex=\"0\">Dainas<\/span>-hef\u00f0in<\/strong> er hornsteinn \u00feeirrar endursk\u00f6punar sem ger\u00f0 hefur veri\u00f0 \u00e1 forkristinni tr\u00fa \u00e1 Baltnesku sv\u00e6\u00f0unum.<\/p>\n<p class=\"iwg-kwfix\">Baltneskum gu\u00f0um er skipt \u00ed himin- og ve\u00f0urm\u00e1ttarv\u00f6ld \u00ed kringum \u00ferumugu\u00f0inn Perk\u016bnas, heimilisv\u00e6tti eins og Kaukas og Aitvaras, auk fj\u00f6lda m\u00f3\u00f0urgy\u00f0ja sem r\u00e1\u00f0a yfir sk\u00f3gi, eldi og vatni. Enn \u00feann dag \u00ed dag er \u00feessum minnum haldi\u00f0 \u00e1 l\u00edfi \u00ed Lith\u00e1en og Lettlandi.<\/p>\t\t\t\t\t\t\t\t<\/div>\n\t\t\t\t\t<\/div>\n\t\t<\/div>\n\t\t\t\t\t<\/div>\n\t\t<\/section>\n\t\t<div class=\"elementor-element elementor-element-iwgcn-sami-s0 e-flex e-con-boxed e-con e-parent\" data-id=\"iwgcn-sami-s0\" data-element_type=\"container\" data-e-type=\"container\">\n\t\t\t\t\t<div class=\"e-con-inner\">\n\t\t\t\t<div class=\"elementor-element elementor-element-iwgcn-sami-s0h elementor-widget elementor-widget-heading\" data-id=\"iwgcn-sami-s0h\" data-element_type=\"widget\" data-e-type=\"widget\" data-widget_type=\"heading.default\">\n\t\t\t\t\t<h2 class=\"elementor-heading-title elementor-size-default\">Baltar, tungum\u00e1l og b\u00fasv\u00e6\u00f0i<\/h2>\t\t\t\t<\/div>\n\t\t<div class=\"elementor-element elementor-element-iwgcn-sami-s0-c e-con-full e-flex e-con e-child\" data-id=\"iwgcn-sami-s0-c\" data-element_type=\"container\" data-e-type=\"container\">\n\t\t\t\t<div class=\"elementor-element elementor-element-iwgcn-sami-s0t elementor-widget elementor-widget-text-editor\" data-id=\"iwgcn-sami-s0t\" data-element_type=\"widget\" data-e-type=\"widget\" data-widget_type=\"text-editor.default\">\n\t\t\t\t\t\t\t\t\t<p>Baltneska tungum\u00e1lafj\u00f6lskyldan, s\u00e9rst\u00f6k grein ind\u00f3evr\u00f3psku tungum\u00e1lanna, n\u00e6r yfir lifandi tungum\u00e1lin lith\u00e1\u00edsku og lett\u00edsku, auk vestur-baltneska tungum\u00e1ls Pr\u00fassa sem d\u00f3 \u00fat \u00e1 17. \u00f6ld. Fr\u00e1 m\u00e1lfr\u00e6\u00f0ilegu sj\u00f3narhorni eru baltnesk tungum\u00e1l talin s\u00e9rlega fornleg og \u00fev\u00ed mikilv\u00e6g fyrir endursk\u00f6pun ind\u00f3evr\u00f3pskra a\u00f0st\u00e6\u00f0na.<\/p><p>B\u00fasv\u00e6\u00f0i\u00f0 n\u00e6r yfir n\u00faverandi r\u00edki Lith\u00e1en og Lettland vi\u00f0 Eystrasalt. Kristnitaka Lith\u00e1ens f\u00f3r formlega fram \u00e1ri\u00f0 1387 undir st\u00f3rfurstanum Jogaila, sv\u00e6\u00f0i\u00f0 \u017demaitija (Ne\u00f0ur-Lith\u00e1en) fylgdi 1413 sem eitt af s\u00ed\u00f0ustu hei\u00f0nu sv\u00e6\u00f0um Evr\u00f3pu; fr\u00e1sagnir af forkristnum si\u00f0um n\u00e1 st\u00f6ku sinnum allt fram \u00e1 18. \u00f6ld.<\/p>\n<p class=\"iwg-kwfix\">Himinn og eldst\u00e6\u00f0i skipuleggja gu\u00f0aheim Balta, \u00ferumugu\u00f0inn Perk\u016bnas efst, eldgy\u00f0jan Gabija \u00ed h\u00fasinu og fj\u00f6ldi m\u00f3\u00f0urgy\u00f0ja \u00ed landslaginu. Dainas-hef\u00f0 Lith\u00e1ens og Lettlands hefur haldi\u00f0 \u00feessari vitneskju \u00e1 l\u00edfi allt til dagsins \u00ed dag.<\/p>\t\t\t\t\t\t\t\t<\/div>\n\t\t\t\t<\/div>\n\t\t\t\t\t<\/div>\n\t\t\t\t<\/div>\n\t\t<div class=\"elementor-element elementor-element-iwgcn-sami-s1 e-flex e-con-boxed e-con e-parent\" data-id=\"iwgcn-sami-s1\" data-element_type=\"container\" data-e-type=\"container\">\n\t\t\t\t\t<div class=\"e-con-inner\">\n\t\t\t\t<div class=\"elementor-element elementor-element-iwgcn-sami-s1h elementor-widget elementor-widget-heading\" data-id=\"iwgcn-sami-s1h\" data-element_type=\"widget\" data-e-type=\"widget\" data-widget_type=\"heading.default\">\n\t\t\t\t\t<h2 class=\"elementor-heading-title elementor-size-default\">Gu\u00f0heimur: Dievas, Perk\u016bnas, Laima, Saul\u0117<\/h2>\t\t\t\t<\/div>\n\t\t<div class=\"elementor-element elementor-element-iwgcn-sami-s1-c e-con-full e-flex e-con e-child\" data-id=\"iwgcn-sami-s1-c\" data-element_type=\"container\" data-e-type=\"container\">\n\t\t\t\t<div class=\"elementor-element elementor-element-iwgcn-sami-s1t elementor-widget elementor-widget-text-editor\" data-id=\"iwgcn-sami-s1t\" data-element_type=\"widget\" data-e-type=\"widget\" data-widget_type=\"text-editor.default\">\n\t\t\t\t\t\t\t\t\t<p>Dievas, \u00e1 lith\u00e1\u00edsku, e\u00f0a Dievs \u00e1 lett\u00edsku, t\u00e1knar himingu\u00f0inn, fjarl\u00e6gan, skipandi pers\u00f3nugerving. Perk\u016bnas, \u00e1 lith\u00e1\u00edsku, og P\u0113rkons \u00e1 lett\u00edsku, er \u00ferumugu\u00f0inn, \u00e1byrgur fyrir \u00ferumuve\u00f0rum, gr\u00f3\u00f0urs\u00e6ld og r\u00e9ttl\u00e6ti. Laima er \u00f6rlaga- og heillagy\u00f0ja sem vakir yfir f\u00e6\u00f0ingu og l\u00edfshlaupi, Saul\u0117, \u00e1 lith\u00e1\u00edsku, e\u00f0a Saule \u00e1 lett\u00edsku, er kvenkyns s\u00f3largy\u00f0jan. \u00cd Lettlandi kemur auk \u00feess M\u0101ra fram sem jar\u00f0- og m\u00f3\u00f0urgy\u00f0ja vi\u00f0 hli\u00f0 Dievs og Laima.<\/p><p>Velinas, \u00e1 lith\u00e1\u00edsku, e\u00f0a Velns \u00e1 lett\u00edsku, er undirheima- og d\u00e1narvera sem eftir kristnit\u00f6kuna rann \u00ed s\u00edauknum m\u00e6li saman vi\u00f0 kristna dj\u00f6fulinn. Auk \u00feessara st\u00f3ru vera \u00feekkir hef\u00f0in einnig s\u00e9rstakar gy\u00f0jur og gu\u00f0i fyrir tiltekin svi\u00f0, svo sem vindagu\u00f0inn <a href=\"https:\/\/iwell-guard.com\/is\/vejopatis\/\">V\u0117jopatis<\/a> e\u00f0a lettneska heimilisv\u00e6tti <a href=\"https:\/\/iwell-guard.com\/is\/majas-gars\/\">M\u0101jas gars<\/a>, sem vakir yfir h\u00fasi og b\u00e6. Lettneska hef\u00f0in \u00feekkir auk \u00feess umfangsmiki\u00f0 kerfi af um sj\u00f6t\u00edu \u201em\u00e6\u00f0rum&#8220; (m\u0101tes), pers\u00f3nugervingum sem stj\u00f3rna einst\u00f6kum svi\u00f0um n\u00e1tt\u00farunnar \u00e1 bor\u00f0 vi\u00f0 sk\u00f3g, haf, vind e\u00f0a eld.<\/p>\t\t\t\t\t\t\t\t<\/div>\n\t\t\t\t<\/div>\n\t\t\t\t\t<\/div>\n\t\t\t\t<\/div>\n\t\t<div class=\"elementor-element elementor-element-iwgcn-sami-s2 e-flex e-con-boxed e-con e-parent\" data-id=\"iwgcn-sami-s2\" data-element_type=\"container\" data-e-type=\"container\">\n\t\t\t\t\t<div class=\"e-con-inner\">\n\t\t\t\t<div class=\"elementor-element elementor-element-iwgcn-sami-s2h elementor-widget elementor-widget-heading\" data-id=\"iwgcn-sami-s2h\" data-element_type=\"widget\" data-e-type=\"widget\" data-widget_type=\"heading.default\">\n\t\t\t\t\t<h2 class=\"elementor-heading-title elementor-size-default\">Dainas sem tr\u00faars\u00f6gulegar heimildir<\/h2>\t\t\t\t<\/div>\n\t\t<div class=\"elementor-element elementor-element-iwgcn-sami-s2-c e-con-full e-flex e-con e-child\" data-id=\"iwgcn-sami-s2-c\" data-element_type=\"container\" data-e-type=\"container\">\n\t\t\t\t<div class=\"elementor-element elementor-element-iwgcn-sami-s2t elementor-widget elementor-widget-text-editor\" data-id=\"iwgcn-sami-s2t\" data-element_type=\"widget\" data-e-type=\"widget\" data-widget_type=\"text-editor.default\">\n\t\t\t\t\t\t\t\t\t<p>Dainas eru stutt, oftast fj\u00f6gurra l\u00edna, lith\u00e1\u00edsk og lettnesk \u00fej\u00f3\u00f0kv\u00e6\u00f0i sem gengu munnlega mann fram af manni og eru talin gluggi inn \u00ed forkristnar hugmyndir, l\u00edtt m\u00f3ta\u00f0ur af kristnum \u00e1hrifum. Lettneski l\u00f6gfr\u00e6\u00f0ingurinn og \u00fej\u00f3\u00f0fr\u00e6\u00f0ingurinn Kri\u0161j\u0101nis Barons safna\u00f0i \u00e1 \u00e1runum 1894 til 1915 t\u00e6plega 218.000 Dainas \u00ed sex bindum, og heildarsafn allra lettneskra safnara er tali\u00f0 innihalda meira en eina millj\u00f3n texta.<\/p><p>Daina-sk\u00e1purinn, ger\u00f0ur um 1880 eftir teikningu Barons og me\u00f0 yfir 350.000 se\u00f0lum, hefur fr\u00e1 \u00e1rinu 2001 veri\u00f0 hluti af heimsminjaskr\u00e1 UNESCO um skjalaarfleif\u00f0 og er n\u00fa var\u00f0veittur \u00ed Lettnesku \u00fej\u00f3\u00f0b\u00f3kasafninu. Einnig \u00ed Lith\u00e1en mynda s\u00f6fnu\u00f0 \u00fej\u00f3\u00f0kv\u00e6\u00f0i, \u00e6vint\u00fdri og \u00f6rnefni mikilv\u00e6ga heimild fyrir tr\u00faars\u00f6gulega endursk\u00f6pun.<\/p>\t\t\t\t\t\t\t\t<\/div>\n\t\t\t\t<\/div>\n\t\t\t\t\t<\/div>\n\t\t\t\t<\/div>\n\t\t<div class=\"elementor-element elementor-element-iwgcn-sami-s3 e-flex e-con-boxed e-con e-parent\" data-id=\"iwgcn-sami-s3\" data-element_type=\"container\" data-e-type=\"container\">\n\t\t\t\t\t<div class=\"e-con-inner\">\n\t\t\t\t<div class=\"elementor-element elementor-element-iwgcn-sami-s3h elementor-widget elementor-widget-heading\" data-id=\"iwgcn-sami-s3h\" data-element_type=\"widget\" data-e-type=\"widget\" data-widget_type=\"heading.default\">\n\t\t\t\t\t<h2 class=\"elementor-heading-title elementor-size-default\">Eldsi\u00f0urinn \u00ed kringum Gabiju<\/h2>\t\t\t\t<\/div>\n\t\t<div class=\"elementor-element elementor-element-iwgcn-sami-s3-c e-con-full e-flex e-con e-child\" data-id=\"iwgcn-sami-s3-c\" data-element_type=\"container\" data-e-type=\"container\">\n\t\t\t\t<div class=\"elementor-element elementor-element-iwgcn-sami-s3t elementor-widget elementor-widget-text-editor\" data-id=\"iwgcn-sami-s3t\" data-element_type=\"widget\" data-e-type=\"widget\" data-widget_type=\"text-editor.default\">\n\t\t\t\t\t\t\t\t\t<p><a href=\"https:\/\/iwell-guard.com\/is\/gabija\/\">Gabija<\/a> er lith\u00e1\u00edska eldst\u00e6\u00f0isgy\u00f0jan, verndari heimilis og fj\u00f6lskyldu, sem var \u00edmynda\u00f0 sem d\u00fdr, k\u00f6ttur, storkur e\u00f0a hani, e\u00f0a sem rau\u00f0kl\u00e6dd kona. Tilbei\u00f0sla hennar kraf\u00f0ist vir\u00f0ulegrar umgengni vi\u00f0 eldinn, ekki m\u00e1tti hr\u00e6kja \u00e1 hann e\u00f0a tra\u00f0ka \u00e1 honum, gl\u00f3\u00f0in var vandlega hulin \u00e1 n\u00f3ttunni \u00ed sta\u00f0 \u00feess a\u00f0 vera sl\u00f6kkt, og brau\u00f0 og salt voru talin vi\u00f0eigandi <span class=\"iwg-fachbegriff\" data-tooltip=\"Gj\u00f6f til gu\u00f0s e\u00f0a gy\u00f0ju til a\u00f0 tj\u00e1 \u00feakkl\u00e6ti, b\u00f3n e\u00f0a lotning.\" tabindex=\"0\">f\u00f3rnargjafir<\/span>.<\/p><p>Meginheimild um \u00feessa tilbei\u00f0slu er riti\u00f0 De diis Samagitarum fr\u00e1 1615 eftir p\u00f3lska fr\u00e6\u00f0imanninn Jan \u0141asicki. \u00cd Lettlandi kemur fram Uguns m\u0101te, eldm\u00f3\u00f0irin, sem er tengd vera innan lettneska m\u00f3\u00f0urgy\u00f0jakerfisins.<\/p>\t\t\t\t\t\t\t\t<\/div>\n\t\t\t\t<\/div>\n\t\t\t\t\t<\/div>\n\t\t\t\t<\/div>\n\t\t<div class=\"elementor-element elementor-element-x-sami-s-faq e-flex e-con-boxed e-con e-parent\" data-id=\"x-sami-s-faq\" data-element_type=\"container\" data-e-type=\"container\">\n\t\t\t\t\t<div class=\"e-con-inner\">\n\t\t\t\t<div class=\"elementor-element elementor-element-x-sami-h-faq elementor-widget elementor-widget-heading\" data-id=\"x-sami-h-faq\" data-element_type=\"widget\" data-e-type=\"widget\" data-widget_type=\"heading.default\">\n\t\t\t\t\t<h2 class=\"elementor-heading-title elementor-size-default\">Algengar spurningar um baltneska go\u00f0afr\u00e6\u00f0i<\/h2>\t\t\t\t<\/div>\n\t\t<div class=\"elementor-element elementor-element-iwgcn-sami-s3-c e-con-full e-flex e-con e-child\" data-id=\"iwgcn-sami-s3-c\" data-element_type=\"container\" data-e-type=\"container\">\n\t\t\t\t<div class=\"elementor-element elementor-element-x-sami-t-faq elementor-widget elementor-widget-text-editor\" data-id=\"x-sami-t-faq\" data-element_type=\"widget\" data-e-type=\"widget\" data-widget_type=\"text-editor.default\">\n\t\t\t\t\t\t\t\t\t<h3>Hverjir eru Baltar?<\/h3>\n<p>Til Balta teljast Lith\u00e1ar og Lettar, auk Pr\u00fassa sem d\u00f3u \u00fat \u00e1 17. \u00f6ld. \u00deeir tala tungum\u00e1l s\u00e9rstakrar, s\u00e9rlega fornlegrar greinar ind\u00f3evr\u00f3psku tungum\u00e1lafj\u00f6lskyldunnar og b\u00faa \u00e1 n\u00faverandi Lith\u00e1en og Lettlandi vi\u00f0 Eystrasalt.<\/p>\n<h3>Hvers vegna var Lith\u00e1en kristna\u00f0 svo seint?<\/h3>\n<p>Lith\u00e1en t\u00f3k formlega kristni \u00e1ri\u00f0 1387, en h\u00e9ra\u00f0i\u00f0 \u017demaitija (Ne\u00f0ra Lith\u00e1en) fylgdi ekki fyrr en 1413. \u00dear me\u00f0 telst Lith\u00e1en \u00fea\u00f0 sv\u00e6\u00f0i \u00ed Evr\u00f3pu sem lengst h\u00e9lst hei\u00f0i\u00f0, sem m\u00e1 rekja til styrks \u00feess sem st\u00f3rfurstad\u00e6mis og legu \u00feess \u00e1 ja\u00f0ri kristninnar.<\/p>\n<h3>Hva\u00f0 eru dainas?<\/h3>\n<p>Dainas eru stutt lith\u00e1\u00edsk og lett\u00edsk \u00fej\u00f3\u00f0kv\u00e6\u00f0i sem var\u00f0veittust \u00ed munnlegri geymd og teljast me\u00f0al mikilv\u00e6gustu heimilda um tr\u00faarbr\u00f6g\u00f0 fyrir kristni. Kri\u0161j\u0101nis Barons safna\u00f0i einn og s\u00e9r um \u00fea\u00f0 bil 218.000 sl\u00edkum kv\u00e6\u00f0um \u00ed Lettlandi, sem var\u00f0veitt eru \u00ed svok\u00f6llu\u00f0um dainask\u00e1p Lettneska \u00fej\u00f3\u00f0arb\u00f3kasafnsins.<\/p>\n<h3>Hva\u00f0 er heimilisslangan Zaltys?<\/h3>\n<p>Zaltys, \u00e1 lith\u00e1\u00edsku, e\u00f0a Zalktis, \u00e1 lett\u00edsku, er hringorm sem var haldinn sem heilagt h\u00fasd\u00fdr, gefinn mj\u00f3lk og m\u00e1tti ekki dey\u00f0a. H\u00fan var talin verndari heimilis og b\u00faf\u00e9na\u00f0ar og var a\u00f0 nokkru leyti tengd lettnesku mj\u00f3lkurm\u00f3\u00f0urinni Piena m\u0101te.<\/p>\n<script type=\"application\/ld+json\">{\"@context\": \"https:\/\/schema.org\", \"@type\": \"FAQPage\", \"mainEntity\": [{\"@type\": \"Question\", \"name\": \"Hverjir eru Baltar?\", \"acceptedAnswer\": {\"@type\": \"Answer\", \"text\": \"Til Balta teljast Lith\u00e1ar og Lettar, auk Pr\u00fassa sem d\u00f3u \u00fat \u00e1 17. \u00f6ld. \u00deeir tala tungum\u00e1l s\u00e9rstakrar, s\u00e9rlega fornlegrar greinar ind\u00f3evr\u00f3psku tungum\u00e1lafj\u00f6lskyldunnar og b\u00faa \u00e1 n\u00faverandi Lith\u00e1en og Lettlandi vi\u00f0 Eystrasalt.\"}}, {\"@type\": \"Question\", \"name\": \"Hvers vegna var Lith\u00e1en kristna\u00f0 svo seint?\", \"acceptedAnswer\": {\"@type\": \"Answer\", \"text\": \"Lith\u00e1en t\u00f3k formlega kristni \u00e1ri\u00f0 1387, en h\u00e9ra\u00f0i\u00f0 \u017demaitija (Ne\u00f0ra Lith\u00e1en) fylgdi ekki fyrr en 1413. \u00dear me\u00f0 telst Lith\u00e1en \u00fea\u00f0 sv\u00e6\u00f0i \u00ed Evr\u00f3pu sem lengst h\u00e9lst hei\u00f0i\u00f0, sem m\u00e1 rekja til styrks \u00feess sem st\u00f3rfurstad\u00e6mis og legu \u00feess \u00e1 ja\u00f0ri kristninnar.\"}}, {\"@type\": \"Question\", \"name\": \"Hva\u00f0 eru dainas?\", \"acceptedAnswer\": {\"@type\": \"Answer\", \"text\": \"Dainas eru stutt lith\u00e1\u00edsk og lett\u00edsk \u00fej\u00f3\u00f0kv\u00e6\u00f0i sem var\u00f0veittust \u00ed munnlegri geymd og teljast me\u00f0al mikilv\u00e6gustu heimilda um tr\u00faarbr\u00f6g\u00f0 fyrir kristni. Kri\u0161j\u0101nis Barons safna\u00f0i einn og s\u00e9r um \u00fea\u00f0 bil 218.000 sl\u00edkum kv\u00e6\u00f0um \u00ed Lettlandi, sem var\u00f0veitt eru \u00ed svok\u00f6llu\u00f0um dainask\u00e1p Lettneska \u00fej\u00f3\u00f0arb\u00f3kasafnsins.\"}}, {\"@type\": \"Question\", \"name\": \"Hva\u00f0 er heimilisslangan Zaltys?\", \"acceptedAnswer\": {\"@type\": \"Answer\", \"text\": \"Zaltys, \u00e1 lith\u00e1\u00edsku, e\u00f0a Zalktis, \u00e1 lett\u00edsku, er hringorm sem var haldinn sem heilagt h\u00fasd\u00fdr, gefinn mj\u00f3lk og m\u00e1tti ekki dey\u00f0a. H\u00fan var talin verndari heimilis og b\u00faf\u00e9na\u00f0ar og var a\u00f0 nokkru leyti tengd lettnesku mj\u00f3lkurm\u00f3\u00f0urinni Piena m\u0101te.\"}}]}<\/script>\t\t\t\t\t\t\t\t<\/div>\n\t\t\t\t<\/div>\n\t\t\t\t\t<\/div>\n\t\t\t\t<\/div>\n\t\t<div class=\"elementor-element elementor-element-iwgcn-sami-s4 e-flex e-con-boxed e-con e-parent\" data-id=\"iwgcn-sami-s4\" data-element_type=\"container\" data-e-type=\"container\">\n\t\t\t\t\t<div class=\"e-con-inner\">\n\t\t\t\t<div class=\"elementor-element elementor-element-iwgcn-sami-s4h elementor-widget elementor-widget-heading\" data-id=\"iwgcn-sami-s4h\" data-element_type=\"widget\" data-e-type=\"widget\" data-widget_type=\"heading.default\">\n\t\t\t\t\t<h2 class=\"elementor-heading-title elementor-size-default\">Heimilisslangan Zaltys og tilbei\u00f0sla hennar<\/h2>\t\t\t\t<\/div>\n\t\t<div class=\"elementor-element elementor-element-iwgcn-sami-s4-c e-con-full e-flex e-con e-child\" data-id=\"iwgcn-sami-s4-c\" data-element_type=\"container\" data-e-type=\"container\">\n\t\t\t\t<div class=\"elementor-element elementor-element-iwgcn-sami-s4t elementor-widget elementor-widget-text-editor\" data-id=\"iwgcn-sami-s4t\" data-element_type=\"widget\" data-e-type=\"widget\" data-widget_type=\"text-editor.default\">\n\t\t\t\t\t\t\t\t\t<p><a href=\"https:\/\/iwell-guard.com\/is\/zaltys\/\">\u017daltys<\/a>, \u00e1 lith\u00e1\u00edsku, e\u00f0a Zalktis, \u00e1 lett\u00edsku, er hringormur sem \u00ed baltneskri hef\u00f0 var talinn heilagt og g\u00e6fur\u00edkt h\u00fasd\u00fdr. Hann var reglulega gefinn mj\u00f3lk og vera hans \u00ed h\u00fasi e\u00f0a fj\u00f3si \u00fe\u00fdddi verndun fyrir \u00edb\u00faa og b\u00faf\u00e9na\u00f0; \u00fatbreitt or\u00f0atilt\u00e6ki segir a\u00f0 s\u00f3lin gr\u00e1ti \u00feegar s\u00e9\u00f0 er dau\u00f0 Zaltys.<\/p><p>Banni\u00f0 gegn \u00fev\u00ed a\u00f0 dey\u00f0a hringorma er \u00fej\u00f3\u00f0fr\u00e6\u00f0ilega sta\u00f0fest allt fram \u00e1 n\u00fat\u00edma, me\u00f0al annars l\u00fdst af tr\u00faarbrag\u00f0afr\u00e6\u00f0ingunum Jonas Balys og Haralds Biezais, og af Marija Gimbutas. \u00cd einst\u00f6kum tilvikum var tilbei\u00f0sla \u00e1 Zaltys einnig sta\u00f0fest me\u00f0al Pr\u00fassa.<\/p>\t\t\t\t\t\t\t\t<\/div>\n\t\t\t\t<\/div>\n\t\t\t\t\t<\/div>\n\t\t\t\t<\/div>\n\t\t<div class=\"elementor-element elementor-element-iwgcn-sami-s5 e-flex e-con-boxed e-con e-parent\" data-id=\"iwgcn-sami-s5\" data-element_type=\"container\" data-e-type=\"container\">\n\t\t\t\t\t<div class=\"e-con-inner\">\n\t\t\t\t<div class=\"elementor-element elementor-element-iwgcn-sami-s5h elementor-widget elementor-widget-heading\" data-id=\"iwgcn-sami-s5h\" data-element_type=\"widget\" data-e-type=\"widget\" data-widget_type=\"heading.default\">\n\t\t\t\t\t<h2 class=\"elementor-heading-title elementor-size-default\">Sk\u00f3garm\u00e6\u00f0ur: Me\u017ea m\u0101te og Medeina<\/h2>\t\t\t\t<\/div>\n\t\t<div class=\"elementor-element elementor-element-iwgcn-sami-s5-c e-con-full e-flex e-con e-child\" data-id=\"iwgcn-sami-s5-c\" data-element_type=\"container\" data-e-type=\"container\">\n\t\t\t\t<div class=\"elementor-element elementor-element-iwgcn-sami-s5t elementor-widget elementor-widget-text-editor\" data-id=\"iwgcn-sami-s5t\" data-element_type=\"widget\" data-e-type=\"widget\" data-widget_type=\"text-editor.default\">\n\t\t\t\t\t\t\t\t\t<p><a href=\"https:\/\/iwell-guard.com\/is\/meza-mate\/\">Me\u017ea m\u0101te<\/a>, lettneska sk\u00f3garm\u00f3\u00f0irin, tilheyrir umfangsmiklu kerfi lettneskra m\u00f3\u00f0urgy\u00f0ja (m\u0101tes) og verndar vei\u00f0imenn, sk\u00f3garverkamenn og fj\u00e1rhir\u00f0a; henni er stundum stillt upp vi\u00f0 hli\u00f0 Me\u017eat\u0113vs, sk\u00f3garf\u00f6\u00f0ur. \u00cd Lith\u00e1en sinnir <a href=\"https:\/\/iwell-guard.com\/is\/medeina\/\">Medeina<\/a> samb\u00e6rilegu hlutverki sem drottnandi yfir sk\u00f3gi og villtum d\u00fdrum, me\u00f0 h\u00e9ra sem einkennisd\u00fdr.<\/p><p>\u00deegar \u00ed Hypatius-ann\u00e1lnum fr\u00e1 1252 og s\u00ed\u00f0ar hj\u00e1 p\u00f3lska ann\u00e1laritaranum Jan D\u0142ugosz \u00e1 15. \u00f6ld var Medeina borin saman vi\u00f0 r\u00f3mverska vei\u00f0igy\u00f0juna D\u00ed\u00f6nu. Lith\u00e1\u00edsku-fr\u00e6\u00f0ingurinn Algirdas Julien Greimas t\u00falka\u00f0i hana sem meyd\u00f3msfulla, vei\u00f0ikonulega gervi, sem a\u00f0 hluta var einnig hugsu\u00f0 sem \u00falfynja.<\/p>\t\t\t\t\t\t\t\t<\/div>\n\t\t\t\t<\/div>\n\t\t\t\t\t<\/div>\n\t\t\t\t<\/div>\n\t\t<div class=\"elementor-element elementor-element-iwgcn-sami-s6 e-flex e-con-boxed e-con e-parent\" data-id=\"iwgcn-sami-s6\" data-element_type=\"container\" data-e-type=\"container\">\n\t\t\t\t\t<div class=\"e-con-inner\">\n\t\t\t\t<div class=\"elementor-element elementor-element-iwgcn-sami-s6h elementor-widget elementor-widget-heading\" data-id=\"iwgcn-sami-s6h\" data-element_type=\"widget\" data-e-type=\"widget\" data-widget_type=\"heading.default\">\n\t\t\t\t\t<h2 class=\"elementor-heading-title elementor-size-default\">\u00devingu\u00f0 kristnitaka og endurheimt menningar \u00ed dag<\/h2>\t\t\t\t<\/div>\n\t\t<div class=\"elementor-element elementor-element-iwgcn-sami-s6-c e-con-full e-flex e-con e-child\" data-id=\"iwgcn-sami-s6-c\" data-element_type=\"container\" data-e-type=\"container\">\n\t\t\t\t<div class=\"elementor-element elementor-element-iwgcn-sami-s6t elementor-widget elementor-widget-text-editor\" data-id=\"iwgcn-sami-s6t\" data-element_type=\"widget\" data-e-type=\"widget\" data-widget_type=\"text-editor.default\">\n\t\t\t\t\t\t\t\t\t<p>Kristnitaka Baltanna var s\u00e9rlega langt og a\u00f0 hluta ofbeldisfullt ferli. Reglurnara\u00f0ir \u00de\u00fdsku reglunnar og Sver\u00f0br\u00e6\u00f0rareglunnar reyndu a\u00f0 tr\u00fabo\u00f0a fr\u00e1 13. \u00f6ld me\u00f0 hervaldi, me\u00f0an Lith\u00e1en sem sj\u00e1lfst\u00e6tt st\u00f3rfurstad\u00e6mi t\u00f3k sk\u00edrn ekki fyrr en 1387, af p\u00f3lit\u00edskum \u00e1st\u00e6\u00f0um. Fregnir af b\u00f6nnu\u00f0um f\u00f3rnum til elds, trj\u00e1a og orma n\u00e1 allt fram \u00e1 18. \u00f6ld.<\/p><p>Fr\u00e1 lokum 20. aldar, og enn meira eftir sj\u00e1lfst\u00e6\u00f0i Lith\u00e1ens og Lettlands \u00e1rin 1990 og 1991, hefur \u00e1tt s\u00e9r sta\u00f0 menningarleg endurheimt, sem s\u00e9st \u00ed n\u00fdhei\u00f0nu hreyfingunni Romuva \u00ed Lith\u00e1en og Dievtur\u012bba-hreyfingunni \u00ed Lettlandi, auk var\u00f0veislu dainas, \u00fej\u00f3\u00f0kv\u00e6\u00f0ah\u00e1t\u00ed\u00f0a og si\u00f0a um heimilisv\u00e6tti eins og <a href=\"https:\/\/iwell-guard.com\/is\/kaukas\/\">Kaukas<\/a> og <a href=\"https:\/\/iwell-guard.com\/is\/aitvaras\/\">Aitvaras<\/a>. Meginheimildir tr\u00faarbrag\u00f0afr\u00e6\u00f0innar eru fr\u00e1 Marija Gimbutas, Algirdas Julien Greimas, Haralds Biezais og Norbertas V\u0117lius.<\/p>\t\t\t\t\t\t\t\t<\/div>\n\t\t\t\t<\/div>\n\t\t\t\t\t<\/div>\n\t\t\t\t<\/div>\n\t\t<div class=\"elementor-element elementor-element-cp2d9a92a3 e-flex e-con-boxed e-con e-parent\" data-id=\"cp2d9a92a3\" data-element_type=\"container\" data-e-type=\"container\">\n\t\t\t\t\t<div class=\"e-con-inner\">\n\t\t\t\t<div class=\"elementor-element elementor-element-cp2515827f elementor-widget elementor-widget-heading\" data-id=\"cp2515827f\" data-element_type=\"widget\" data-e-type=\"widget\" data-widget_type=\"heading.default\">\n\t\t\t\t\t<h2 class=\"elementor-heading-title elementor-size-default\">Tv\u00f6 tungum\u00e1l, eitt menningarsv\u00e6\u00f0i og innri munur \u00feess<\/h2>\t\t\t\t<\/div>\n\t\t<div class=\"elementor-element elementor-element-cp25cbddf2 e-flex e-con-boxed e-con e-child\" data-id=\"cp25cbddf2\" data-element_type=\"container\" data-e-type=\"container\">\n\t\t\t\t\t<div class=\"e-con-inner\">\n\t\t\t\t<div class=\"elementor-element elementor-element-cp240cdc6c elementor-widget elementor-widget-text-editor\" data-id=\"cp240cdc6c\" data-element_type=\"widget\" data-e-type=\"widget\" data-widget_type=\"text-editor.default\">\n\t\t\t\t\t\t\t\t\t<p>Til baltnesks menningarsv\u00e6\u00f0is teljast Lith\u00e1ar og Lettar, auk Pr\u00fassa sem d\u00f3u \u00fat \u00e1 17. \u00f6ld og hvers tungum\u00e1l er a\u00f0eins var\u00f0veitt \u00ed brotum. Lith\u00e1\u00edska og lett\u00edska eru n\u00e1i\u00f0 tengd en hafa lengi veri\u00f0 sj\u00e1lfst\u00e6\u00f0 tungum\u00e1l, og tr\u00faarlegar hugmyndir b\u00e1\u00f0ra \u00fej\u00f3\u00f0anna eru einnig verulega \u00f3l\u00edkar \u00ed sm\u00e1atri\u00f0um.<\/p><p>S\u00e9rstaklega \u00e1berandi er munurinn \u00ed lettneska m\u00f3\u00f0urkerfinu, sem me\u00f0 \u00e1\u00e6tla\u00f0um sj\u00f6t\u00edu pers\u00f3nuger\u00f0um n\u00e1tt\u00farum\u00e6\u00f0rum (m\u0101tes) er greinilega fj\u00f6lbreyttara en lith\u00e1\u00edska arflei\u00f0in, \u00fear sem \u00ed sta\u00f0 \u00feess standa einstakar, sk\u00fdrt afmarka\u00f0ar gervi eins og Medeina e\u00f0a Gabija \u00ed forgrunni.<\/p><p>Einnig voru si\u00f0irnir mismunandi eftir landsv\u00e6\u00f0um, hvort sem um var a\u00f0 r\u00e6\u00f0a str\u00f6nd e\u00f0a inntil lands og efnahagslega \u00e1herslu, svo sem akuryrkju, fiskvei\u00f0ar e\u00f0a sk\u00f3garn\u00fdtingu. Almennar fullyr\u00f0ingar um \u201ebaltnesk tr\u00faarbr\u00f6g\u00f0&#8220; fela \u00feennan innri fj\u00f6lbreytileika milli og innan b\u00e1\u00f0ra \u00fej\u00f3\u00f0anna.<\/p><p>B\u00e1\u00f0um hef\u00f0um er sameiginleg mi\u00f0l\u00e6g sta\u00f0a \u00ferumugu\u00f0sins, \u00e1 lith\u00e1\u00edsku Perk\u016bnas, \u00e1 lett\u00edsku P\u0113rkons, mikilv\u00e6gi arineldsins, tilbei\u00f0sla heimilissl\u00f6ngunnar Zaltys og dainas sem mikilv\u00e6gasta munnlega heimildagreinin. \u00deessi sameiginlegu einkenni eru \u00fe\u00f3 einnig sta\u00f0fest \u00e1 mismunandi h\u00e1tt eftir sv\u00e6\u00f0um.<\/p>\t\t\t\t\t\t\t\t<\/div>\n\t\t\t\t\t<\/div>\n\t\t\t\t<\/div>\n\t\t\t\t\t<\/div>\n\t\t\t\t<\/div>\n\t\t<div class=\"elementor-element elementor-element-cp2b1a3dae e-flex e-con-boxed e-con e-parent\" data-id=\"cp2b1a3dae\" data-element_type=\"container\" data-e-type=\"container\">\n\t\t\t\t\t<div class=\"e-con-inner\">\n\t\t\t\t<div class=\"elementor-element elementor-element-cp282c06ff elementor-widget elementor-widget-heading\" data-id=\"cp282c06ff\" data-element_type=\"widget\" data-e-type=\"widget\" data-widget_type=\"heading.default\">\n\t\t\t\t\t<h2 class=\"elementor-heading-title elementor-size-default\">Dainas, m\u00f3\u00f0urgy\u00f0jur og m\u00e1ttarv\u00f6ld baltnesku heimsmyndarins<\/h2>\t\t\t\t<\/div>\n\t\t<div class=\"elementor-element elementor-element-cp228b4522 e-flex e-con-boxed e-con e-child\" data-id=\"cp228b4522\" data-element_type=\"container\" data-e-type=\"container\">\n\t\t\t\t\t<div class=\"e-con-inner\">\n\t\t\t\t<div class=\"elementor-element elementor-element-cp261454c5 elementor-widget elementor-widget-text-editor\" data-id=\"cp261454c5\" data-element_type=\"widget\" data-e-type=\"widget\" data-widget_type=\"text-editor.default\">\n\t\t\t\t\t\t\t\t\t<p>\u00deekktasta tr\u00faarlega arfleif\u00f0 Baltnesku \u00fej\u00f3\u00f0anna eru dainas, stuttar, oftast fj\u00f6gurra l\u00edna \u00fej\u00f3\u00f0kv\u00e6\u00f0i sem var\u00f0veita tr\u00faarlegar hugmyndir \u00ed \u00fe\u00e9ttu, form\u00falukenndu m\u00e1li. \u00deau syngja um daglegt l\u00edf heimilis, akurs og fj\u00f6lskyldu ekki s\u00ed\u00f0ur en um hinar miklu go\u00f0averur, og eru talin bera minni merki kristinnar m\u00f3tunar en margt anna\u00f0 efni af sama toga.<\/p><p>Lettneski \u00fej\u00f3\u00f0fr\u00e6\u00f0ingurinn Kri\u0161j\u0101nis Barons safna\u00f0i milli 1894 og 1915 t\u00e6plega 218.000 dainas og skipa\u00f0i \u00feeim \u00ed sex bindi; kerfi hans er enn \u00ed dag grundv\u00f6llur lettneskra \u00fej\u00f3\u00f0kv\u00e6\u00f0afr\u00e6\u00f0a. Allt lettneska safni\u00f0, a\u00f0 me\u00f0t\u00f6ldum s\u00ed\u00f0ari s\u00f6fnunum, er tali\u00f0 telja meira en eina millj\u00f3n texta, og \u00ed Lith\u00e1en liggja fyrir s\u00f6fn af samb\u00e6rilegri st\u00e6r\u00f0argr\u00e1\u00f0u.<\/p><p>Baltneska heimsmyndin \u00feekkir fjarl\u00e6gan himnagu\u00f0, Dievas e\u00f0a Dievs, mi\u00f0l\u00e6gan \u00ferumugu\u00f0, Perk\u016bnas e\u00f0a P\u0113rkons, og \u00f6rlaga-, s\u00f3lar- og jar\u00f0argo\u00f0m\u00f6gn eins og Laimu, Saul\u0117 og, \u00ed Lettlandi, M\u0101ru. Auk \u00feess er \u00ed Lettlandi umfangskerfi um sj\u00f6t\u00edu m\u00f3\u00f0urgo\u00f0magna sem r\u00e1\u00f0a yfir einst\u00f6kum svi\u00f0um landslags og l\u00edfs, allt fr\u00e1 sk\u00f3garm\u00f3\u00f0urinni <a href=\"https:\/\/iwell-guard.com\/is\/meza-mate\/\">Me\u017ea m\u0101te<\/a> til eldsm\u00f3\u00f0urinnar Uguns m\u0101te og hafm\u00f3\u00f0urinnar J\u016bras m\u0101te.<\/p><p>Heimili og b\u00e6r hafa s\u00edn eigin verndarm\u00f6gn, eldgy\u00f0juna <a href=\"https:\/\/iwell-guard.com\/is\/gabija\/\">Gabija<\/a>, h\u00fasn\u00f6\u00f0runa <a href=\"https:\/\/iwell-guard.com\/is\/zaltys\/\">Zaltys<\/a> og tv\u00edr\u00e6\u00f0a h\u00fasv\u00e6tti eins og <a href=\"https:\/\/iwell-guard.com\/is\/kaukas\/\">Kaukas<\/a> og eldlega <a href=\"https:\/\/iwell-guard.com\/is\/aitvaras\/\">Aitvaras<\/a>, sem f\u00e6ra au\u00f0leg\u00f0 en einnig \u00f3g\u00e6fu ef \u00feeirra er vanr\u00e6kt. Fyrir einst\u00f6k svi\u00f0 n\u00e1tt\u00farunnar eru enn fleiri verur, svo sem lith\u00e1\u00edski vindgu\u00f0inn <a href=\"https:\/\/iwell-guard.com\/is\/vejopatis\/\">V\u0117jopatis<\/a>, lettneska h\u00fasv\u00e6tti\u00f0 <a href=\"https:\/\/iwell-guard.com\/is\/majas-gars\/\">M\u0101jas gars<\/a> og go\u00f0magni\u00f0 <a href=\"https:\/\/iwell-guard.com\/is\/jagaubis\/\">Jagaubis<\/a>, sem nefnt er \u00ed frumn\u00fdaldarheimildum.<\/p><p>Um n\u00e1kv\u00e6mt skipulag \u00feessa go\u00f0heims er ekki fullkomi\u00f0 samr\u00e6mi me\u00f0al fr\u00e6\u00f0imanna, enda stafa fyrstu ritheimildirnar fr\u00e1 kristnum sagnaritum og tr\u00fabo\u00f0um, og s\u00f6fnun \u00fej\u00f3\u00f0kv\u00e6\u00f0anna h\u00f3fst ekki fyrr en \u00e1 19. \u00f6ld. Marija Gimbutas, Algirdas Julien Greimas og Haralds Biezais hafa lagt fram \u00f3l\u00edkar, a\u00f0 hluta til andst\u00e6\u00f0ar t\u00falkanir \u00e1 \u00feessu efni.<\/p>\t\t\t\t\t\t\t\t<\/div>\n\t\t\t\t\t<\/div>\n\t\t\t\t<\/div>\n\t\t\t\t\t<\/div>\n\t\t\t\t<\/div>\n\t\t<div class=\"elementor-element elementor-element-cp295547c2 e-flex e-con-boxed e-con e-parent\" data-id=\"cp295547c2\" data-element_type=\"container\" data-e-type=\"container\">\n\t\t\t\t\t<div class=\"e-con-inner\">\n\t\t\t\t<div class=\"elementor-element elementor-element-cp28944fb0 elementor-widget elementor-widget-heading\" data-id=\"cp28944fb0\" data-element_type=\"widget\" data-e-type=\"widget\" data-widget_type=\"heading.default\">\n\t\t\t\t\t<h2 class=\"elementor-heading-title elementor-size-default\">Heimildirnar: Ann\u00e1lar, tr\u00fabo\u00f0ssk\u00fdrslur og \u00fej\u00f3\u00f0kv\u00e6\u00f0as\u00f6fn<\/h2>\t\t\t\t<\/div>\n\t\t<div class=\"elementor-element elementor-element-cp23d59da4 e-flex e-con-boxed e-con e-child\" data-id=\"cp23d59da4\" data-element_type=\"container\" data-e-type=\"container\">\n\t\t\t\t\t<div class=\"e-con-inner\">\n\t\t\t\t<div class=\"elementor-element elementor-element-cp2ce157b6 elementor-widget elementor-widget-text-editor\" data-id=\"cp2ce157b6\" data-element_type=\"widget\" data-e-type=\"widget\" data-widget_type=\"text-editor.default\">\n\t\t\t\t\t\t\t\t\t<p>Elstu ritu\u00f0u <span class=\"iwg-fachbegriff\" data-tooltip=\"\u00c1framhaldandi mi\u00f0lun \u00feekkingar og sagna milli kynsl\u00f3\u00f0a.\" tabindex=\"0\">munnm\u00e6lin<\/span> um baltneska tr\u00fa koma utan fr\u00e1, fyrst og fremst fr\u00e1 kristnum sagnaritum og tr\u00fabo\u00f0um \u00ed tengslum vi\u00f0 krossfer\u00f0ir \u00de\u00fdsku reglunnar og Sver\u00f0br\u00e6\u00f0rareglunnar \u00e1 Baltnesku sv\u00e6\u00f0unum. Me\u00f0al elstu heimilda er Ann\u00e1ll Hinriks fr\u00e1 Lettlandi fr\u00e1 \u00e1runum 1225 til 1227, auk Livlandska r\u00edmann\u00e1lsins.<\/p><p>\u00c1 14. \u00f6ld greindi reglusagnaritarinn Peter von Dusburg (1326) fr\u00e1 si\u00f0um Pr\u00fassa; \u00e1 16. \u00f6ld fylgdu umdeildar skr\u00e1ningar Simon Grunaus (1519 til 1529). Eitt helsta frumn\u00fdaldarriti\u00f0 er tali\u00f0 vera De diis Samagitarum, prenta\u00f0 1615, eftir p\u00f3lska fr\u00e6\u00f0imanninn Jan \u0141asicki, sem t\u00edundar fj\u00f6lda go\u00f0magna og si\u00f0a \u00ed Lith\u00e1en og \u017demaitija, \u00fear \u00e1 me\u00f0al nefningar \u00e1 go\u00f0magninu <a href=\"https:\/\/iwell-guard.com\/is\/jagaubis\/\">Jagaubis<\/a>, en n\u00e1kv\u00e6mt hlutverk \u00feess er ekki samhlj\u00f3\u00f0a \u00ed heimildum.<\/p><p>\u00deessir fornu textar eru efnismiklir en gegns\u00fdr\u00f0ir af hlutdr\u00e6gni, enda var markmi\u00f0 \u00feeirra fyrst og fremst a\u00f0 r\u00e9ttl\u00e6ta tr\u00fabo\u00f0i\u00f0 e\u00f0a berjast gegn si\u00f0um sem taldir voru <span class=\"iwg-fachbegriff\" data-tooltip=\"Fr\u00e1 kristnu sj\u00f3narhorni: heyrandi til fortr\u00faa\u00f0ri e\u00f0a \u00f3kristinni tr\u00fa.\" tabindex=\"0\">hei\u00f0nir<\/span>, ekki a\u00f0 l\u00fdsa \u00feeim \u00e1 hlutlausan h\u00e1tt.<\/p><p>Annar, yngri heimildah\u00f3pur eru dainas, \u00e6vint\u00fdri og \u00f6rnefni sem safna\u00f0 var \u00e1 19. og fram \u00e1 20. \u00f6ld. Lettneski l\u00f6gfr\u00e6\u00f0ingurinn Kri\u0161j\u0101nis Barons og s\u00ed\u00f0ar fr\u00e6\u00f0imenn eins og Jonas Balys \u00ed Lith\u00e1en skilu\u00f0u \u00feannig umfangsmiklu, a\u00f0 mestu munnlegu efni sem er mun minna m\u00f3ta\u00f0 af kristinni t\u00falkunarvi\u00f0leitni en fyrri ann\u00e1lar.<\/p><p>\u00c1 20. \u00f6ld b\u00e6ttust vi\u00f0 kerfisbundnar v\u00edsindalegar greiningar, me\u00f0al annars hj\u00e1 Mariju Gimbutas, sem tengdi saman fornleifafr\u00e6\u00f0ilegar og m\u00e1lfr\u00e6\u00f0ilegar ni\u00f0urst\u00f6\u00f0ur, hj\u00e1 Algirdas Julien Greimas, sem greindi go\u00f0sagnirnar \u00e1 formger\u00f0arfr\u00e6\u00f0ilegan h\u00e1tt, og hj\u00e1 Haralds Biezais, sem \u00ed s\u00e6nskri \u00fatleg\u00f0 vann fyrst og fremst \u00far lettnesku efni og rannsaka\u00f0i gagnr\u00fdni\u00f0 kenningar um m\u00e6\u00f0raveldi. Norbertas V\u0117lius lag\u00f0i me\u00f0 margbinda heimildasafni mikilv\u00e6gan grundv\u00f6ll fyrir frekari ranns\u00f3knir.<\/p><p>Fr\u00e6\u00f0imenn benda almennt \u00e1 a\u00f0 heimildasta\u00f0a baltneskrar tr\u00faar s\u00e9 \u00f3samst\u00e6\u00f0 og dreif\u00f0 yfir margar aldir, og \u00fev\u00ed ver\u00f0i hver heildarl\u00fdsing a\u00f0 b\u00faa vi\u00f0 t\u00f6luver\u00f0a \u00f3vissu og sv\u00e6\u00f0isbundnar ey\u00f0ur.<\/p>\t\t\t\t\t\t\t\t<\/div>\n\t\t\t\t\t<\/div>\n\t\t\t\t<\/div>\n\t\t\t\t\t<\/div>\n\t\t\t\t<\/div>\n\t\t<div class=\"elementor-element elementor-element-cp2c009332 e-flex e-con-boxed e-con e-parent\" data-id=\"cp2c009332\" data-element_type=\"container\" data-e-type=\"container\">\n\t\t\t\t\t<div class=\"e-con-inner\">\n\t\t\t\t<div class=\"elementor-element elementor-element-cp225c94da elementor-widget elementor-widget-heading\" data-id=\"cp225c94da\" data-element_type=\"widget\" data-e-type=\"widget\" data-widget_type=\"heading.default\">\n\t\t\t\t\t<h2 class=\"elementor-heading-title elementor-size-default\">\u00devingu\u00f0 kristnitaka, k\u00fagun og n\u00fat\u00edma endurheimt<\/h2>\t\t\t\t<\/div>\n\t\t<div class=\"elementor-element elementor-element-cp2c7191ab e-flex e-con-boxed e-con e-child\" data-id=\"cp2c7191ab\" data-element_type=\"container\" data-e-type=\"container\">\n\t\t\t\t\t<div class=\"e-con-inner\">\n\t\t\t\t<div class=\"elementor-element elementor-element-cp23f4061d elementor-widget elementor-widget-text-editor\" data-id=\"cp23f4061d\" data-element_type=\"widget\" data-e-type=\"widget\" data-widget_type=\"text-editor.default\">\n\t\t\t\t\t\t\t\t\t<p>Kristnitaka Baltverja var langt og a\u00f0 hluta til ofbeldisfullt ferli. \u00de\u00fdska riddarareglan og Sver\u00f0br\u00e6\u00f0rareglan stundu\u00f0u tr\u00fabo\u00f0 me\u00f0al Pr\u00fassa og \u00edb\u00faa Lettlands og Eistlands fr\u00e1 13. \u00f6ld undir hervaldi, me\u00f0 miklu manntj\u00f3ni og hnignun sj\u00e1lfst\u00e6\u00f0rar menningar. Tunga Pr\u00fassa d\u00f3 \u00fat \u00e1 17. \u00f6ld.<\/p><p>Lith\u00e1en sem sj\u00e1lfst\u00e6tt st\u00f3rfurstad\u00e6mi t\u00f3k kristni \u00e1ri\u00f0 1387 undir st\u00f3rfurstanum Jogaila af p\u00f3lit\u00edskum \u00e1st\u00e6\u00f0um, til a\u00f0 treysta tengslin vi\u00f0 P\u00f3lland og svipta \u00de\u00fdsku riddararegluna forsendum fyrir krossfer\u00f0um s\u00ednum. Sv\u00e6\u00f0i\u00f0 \u017demaitija (Ne\u00f0ra Lith\u00e1en) fylgdi ekki fyrr en 1413, eftir sigurinn \u00e1 reglunni vi\u00f0 Tannenberg 1410. Fr\u00e1sagnir af \u00e1framhaldandi f\u00f3rnum til elds, trj\u00e1a, sn\u00e1ka og annarra heilagra hluta m\u00e1 rekja \u00ed einst\u00f6kum tilvikum allt fram \u00e1 18. \u00f6ld.<\/p><p>\u00c1 19. og 20. \u00f6ld blanda\u00f0ist tr\u00faarlegur \u00fer\u00fdstingur saman vi\u00f0 \u00fer\u00fdsting \u00e1 tungum\u00e1l og menningu. Undir keisarastj\u00f3rn R\u00fassa og s\u00ed\u00f0ar sov\u00e9skri stj\u00f3rn voru lith\u00e1\u00edsk og lett\u00edsk tunga og menning t\u00edmabundi\u00f0 mj\u00f6g takm\u00f6rku\u00f0.<\/p><p>Fr\u00e1 lokum 20. aldar, s\u00e9rstaklega eftir a\u00f0 Lith\u00e1en og Lettland endurheimtu sj\u00e1lfst\u00e6\u00f0i sitt 1990 og 1991, m\u00e1 greina n\u00fdjan \u00e1huga \u00e1 <span class=\"iwg-fachbegriff\" data-tooltip=\"\u00dea\u00f0 a\u00f0 mi\u00f0la \u00feekkingu og s\u00f6gum milli kynsl\u00f3\u00f0a.\" tabindex=\"0\">munnm\u00e6lahef\u00f0inni<\/span> fr\u00e1 t\u00edmanum fyrir kristni. \u00deetta kemur fram \u00ed n\u00fdhei\u00f0nu hreyfingunni Romuva \u00ed Lith\u00e1en, sem gekk \u00fear \u00ed gegnum formlegt vi\u00f0urkenningarferli \u00e1ri\u00f0 2015, og \u00ed Dievtur\u012bba-hreyfingunni \u00ed Lettlandi, sem var\u00f0 til \u00feegar \u00e1 millistr\u00ed\u00f0s\u00e1runum.<\/p><p>\u00deessi \u00e1hugi s\u00e9st einnig \u00ed var\u00f0veislu Dainas-kv\u00e6\u00f0anna, \u00ed \u00fej\u00f3\u00f0lagah\u00e1t\u00ed\u00f0um sem eru \u00e1 fulltr\u00faaskr\u00e1 UNESCO um \u00f3\u00e1\u00fereifanlegan menningararf, og \u00ed vaxandi fr\u00e6\u00f0ilegri og listr\u00e6nni umfj\u00f6llun um efni fr\u00e1 t\u00edmanum fyrir kristni.<\/p><p>\u00de\u00f3 er ekki unnt a\u00f0 tala um v\u00ed\u00f0t\u00e6ka endurl\u00edfgun hinnar fornu tr\u00faar sem lifandi meirihlutaath\u00f6fn. Flestir Lith\u00e1ar og Lettar eru kristnir \u00ed tr\u00faari\u00f0kun, og umfj\u00f6llunin um forkristna fort\u00ed\u00f0 er fyrst og fremst lei\u00f0 til menningarlegrar sj\u00e1lfsvitundar og s\u00f6guuppgj\u00f6rs.<\/p>\t\t\t\t\t\t\t\t<\/div>\n\t\t\t\t\t<\/div>\n\t\t\t\t<\/div>\n\t\t\t\t\t<\/div>\n\t\t\t\t<\/div>\n\t\t<div class=\"elementor-element elementor-element-iwgha-sami-sec e-flex e-con-boxed e-con e-parent\" data-id=\"iwgha-sami-sec\" data-element_type=\"container\" data-e-type=\"container\">\n\t\t\t\t\t<div class=\"e-con-inner\">\n\t\t\t\t<div class=\"elementor-element elementor-element-iwgha-sami-h elementor-widget elementor-widget-heading\" data-id=\"iwgha-sami-h\" data-element_type=\"widget\" data-e-type=\"widget\" data-widget_type=\"heading.default\">\n\t\t\t\t\t<h2 class=\"elementor-heading-title elementor-size-default\">V\u00e6ttir \u00feessarar hef\u00f0ar (9)<\/h2>\t\t\t\t<\/div>\n\t\t<div class=\"elementor-element elementor-element-iwgha-sami-gc e-flex e-con-boxed e-con e-parent\" data-id=\"iwgha-sami-gc\" data-element_type=\"container\" data-e-type=\"container\">\n\t\t\t\t\t<div class=\"e-con-inner\">\n\t\t\t\t<div class=\"elementor-element elementor-element-iwgha-sami-grid elementor-widget elementor-widget-text-editor\" data-id=\"iwgha-sami-grid\" data-element_type=\"widget\" data-e-type=\"widget\" data-widget_type=\"text-editor.default\">\n\t\t\t\t\t\t\t\t\t<div class=\"iwg-wesen-grid\"><a class=\"iwg-wesen-card\" href=\"https:\/\/iwell-guard.com\/is\/meza-mate\/\" aria-label=\"Me\u017ea m\u0101te\"><div class=\"iwg-wesen-card-imgwrap\"><img decoding=\"async\" src=\"https:\/\/iwell-guard.com\/wp-content\/uploads\/2026\/07\/goetter_baltikum_meza-mate-200x300.webp\" alt=\"Me\u017ea m\u0101te\" loading=\"lazy\"><\/div><div class=\"iwg-wesen-card-body\"><div class=\"iwg-wesen-card-name\">Me\u017ea m\u0101te<\/div><div class=\"iwg-wesen-card-arrow\">\u2192 \u00c1 v\u00e6ttina<\/div><\/div><\/a><a class=\"iwg-wesen-card\" href=\"https:\/\/iwell-guard.com\/is\/medeina\/\" aria-label=\"Medeina\"><div class=\"iwg-wesen-card-imgwrap\"><img decoding=\"async\" src=\"https:\/\/iwell-guard.com\/wp-content\/uploads\/2026\/07\/goetter_baltikum_medeina-200x300.webp\" alt=\"Medeina\" loading=\"lazy\"><\/div><div class=\"iwg-wesen-card-body\"><div class=\"iwg-wesen-card-name\">Medeina<\/div><div class=\"iwg-wesen-card-arrow\">\u2192 \u00c1 v\u00e6ttina<\/div><\/div><\/a><a class=\"iwg-wesen-card\" href=\"https:\/\/iwell-guard.com\/is\/jagaubis\/\" aria-label=\"Jagaubis\"><div class=\"iwg-wesen-card-imgwrap\"><img decoding=\"async\" src=\"https:\/\/iwell-guard.com\/wp-content\/uploads\/2026\/07\/geister_baltisch_jagaubis-200x300.webp\" alt=\"Jagaubis\" loading=\"lazy\"><\/div><div class=\"iwg-wesen-card-body\"><div class=\"iwg-wesen-card-name\">Jagaubis<\/div><div class=\"iwg-wesen-card-arrow\">\u2192 \u00c1 v\u00e6ttina<\/div><\/div><\/a><a class=\"iwg-wesen-card\" href=\"https:\/\/iwell-guard.com\/is\/gabija\/\" aria-label=\"Gabija\"><div class=\"iwg-wesen-card-imgwrap\"><img decoding=\"async\" src=\"https:\/\/iwell-guard.com\/wp-content\/uploads\/2026\/07\/goetter_baltisch_gabija-200x300.webp\" alt=\"Gabija\" loading=\"lazy\"><\/div><div class=\"iwg-wesen-card-body\"><div class=\"iwg-wesen-card-name\">Gabija<\/div><div class=\"iwg-wesen-card-arrow\">\u2192 \u00c1 v\u00e6ttina<\/div><\/div><\/a><a class=\"iwg-wesen-card\" href=\"https:\/\/iwell-guard.com\/is\/vejopatis\/\" aria-label=\"Vejopatis\"><div class=\"iwg-wesen-card-imgwrap\"><img decoding=\"async\" src=\"https:\/\/iwell-guard.com\/wp-content\/uploads\/2026\/07\/goetter_baltisch_vejopatis-200x300.webp\" alt=\"Vejopatis\" loading=\"lazy\"><\/div><div class=\"iwg-wesen-card-body\"><div class=\"iwg-wesen-card-name\">Vejopatis<\/div><div class=\"iwg-wesen-card-arrow\">\u2192 \u00c1 v\u00e6ttina<\/div><\/div><\/a><a class=\"iwg-wesen-card\" href=\"https:\/\/iwell-guard.com\/is\/zaltys\/\" aria-label=\"\u017daltys\"><div class=\"iwg-wesen-card-imgwrap\"><img decoding=\"async\" src=\"https:\/\/iwell-guard.com\/wp-content\/uploads\/2026\/07\/geister_baltisch_zaltys-200x300.webp\" alt=\"\u017daltys\" loading=\"lazy\"><\/div><div class=\"iwg-wesen-card-body\"><div class=\"iwg-wesen-card-name\">\u017daltys<\/div><div class=\"iwg-wesen-card-arrow\">\u2192 \u00c1 v\u00e6ttina<\/div><\/div><\/a><a class=\"iwg-wesen-card\" href=\"https:\/\/iwell-guard.com\/is\/majas-gars\/\" aria-label=\"M\u0101jas gars\"><div class=\"iwg-wesen-card-imgwrap\"><img decoding=\"async\" src=\"https:\/\/iwell-guard.com\/wp-content\/uploads\/2026\/07\/geister_baltisch_majas-gars-200x300.webp\" alt=\"M\u0101jas gars\" loading=\"lazy\"><\/div><div class=\"iwg-wesen-card-body\"><div class=\"iwg-wesen-card-name\">M\u0101jas gars<\/div><div class=\"iwg-wesen-card-arrow\">\u2192 \u00c1 v\u00e6ttina<\/div><\/div><\/a><a class=\"iwg-wesen-card\" href=\"https:\/\/iwell-guard.com\/is\/kaukas\/\" aria-label=\"Kaukas\"><div class=\"iwg-wesen-card-imgwrap\"><img decoding=\"async\" src=\"https:\/\/iwell-guard.com\/wp-content\/uploads\/2026\/07\/geister_baltisch_kaukas-200x300.webp\" alt=\"Kaukas\" loading=\"lazy\"><\/div><div class=\"iwg-wesen-card-body\"><div class=\"iwg-wesen-card-name\">Kaukas<\/div><div class=\"iwg-wesen-card-arrow\">\u2192 \u00c1 v\u00e6ttina<\/div><\/div><\/a><a class=\"iwg-wesen-card\" href=\"https:\/\/iwell-guard.com\/is\/aitvaras\/\" aria-label=\"Aitvaras\"><div class=\"iwg-wesen-card-imgwrap\"><img decoding=\"async\" src=\"https:\/\/iwell-guard.com\/wp-content\/uploads\/2026\/07\/geister_baltisch_aitvaras-200x300.webp\" alt=\"Aitvaras\" loading=\"lazy\"><\/div><div class=\"iwg-wesen-card-body\"><div class=\"iwg-wesen-card-name\">Aitvaras<\/div><div class=\"iwg-wesen-card-arrow\">\u2192 \u00c1 v\u00e6ttina<\/div><\/div><\/a><\/div>\t\t\t\t\t\t\t\t<\/div>\n\t\t\t\t\t<\/div>\n\t\t\t\t<\/div>\n\t\t\t\t\t<\/div>\n\t\t\t\t<\/div>\n\t\t<div class=\"elementor-element elementor-element-iwgkw2-add-sami e-flex e-con-boxed e-con e-parent\" data-id=\"iwgkw2-add-sami\" data-element_type=\"container\" data-e-type=\"container\">\n\t\t\t\t\t<div class=\"e-con-inner\">\n\t\t\t\t<div class=\"elementor-element elementor-element-iwgkw2-add-sami-t elementor-widget elementor-widget-text-editor\" data-id=\"iwgkw2-add-sami-t\" data-element_type=\"widget\" data-e-type=\"widget\" data-widget_type=\"text-editor.default\">\n\t\t\t\t\t\t\t\t\t<p>Lith\u00e1\u00edsk-lettneska <em>eldsd\u00fdrkun Gabija<\/em> tengir saman arineld, f\u00f3rnargjafir og hreinleikabo\u00f0or\u00f0 \u00ed s\u00e9rstakt verndarform fyrir h\u00fas og fj\u00f6lskyldu, me\u00f0an <em>heimilissn\u00e1kurinn Zaltys<\/em> var lifandi verndard\u00fdr fyrir vels\u00e6ld og \u00f6ryggi b\u00e6jar og b\u00faf\u00e9na\u00f0ar.<\/p>\t\t\t\t\t\t\t\t<\/div>\n\t\t\t\t\t<\/div>\n\t\t\t\t<\/div>\n\t\t<div class=\"elementor-element elementor-element-iwgcn-sami-kwd e-flex e-con-boxed e-con e-parent\" data-id=\"iwgcn-sami-kwd\" data-element_type=\"container\" data-e-type=\"container\">\n\t\t\t\t\t<div class=\"e-con-inner\">\n\t\t<div class=\"elementor-element elementor-element-iwgcn-sami-kwd-c e-con-full e-flex e-con e-child\" data-id=\"iwgcn-sami-kwd-c\" data-element_type=\"container\" data-e-type=\"container\">\n\t\t\t\t<div class=\"elementor-element elementor-element-iwgcn-sami-kwdt elementor-widget elementor-widget-text-editor\" data-id=\"iwgcn-sami-kwdt\" data-element_type=\"widget\" data-e-type=\"widget\" data-widget_type=\"text-editor.default\">\n\t\t\t\t\t\t\t\t\t<p><em>Tengd kjarnahugt\u00f6k: Perk\u016bnas P\u0113rkons Dievas Dievs Laima Saul\u0117 Gabija Zaltys Dainas Lith\u00e1en Lettland.<\/em><\/p>\t\t\t\t\t\t\t\t<\/div>\n\t\t\t\t<\/div>\n\t\t\t\t\t<\/div>\n\t\t\t\t<\/div>\n\t\t<div class=\"elementor-element elementor-element-iwgcn-sami-cc e-flex e-con-boxed e-con e-parent\" data-id=\"iwgcn-sami-cc\" data-element_type=\"container\" data-e-type=\"container\" id=\"iwg-cc-sami\">\n\t\t\t\t\t<div class=\"e-con-inner\">\n\t\t<div class=\"elementor-element elementor-element-iwgcn-sami-ccinner e-flex e-con-boxed e-con e-parent\" data-id=\"iwgcn-sami-ccinner\" data-element_type=\"container\" data-e-type=\"container\" data-settings=\"{&quot;background_background&quot;:&quot;classic&quot;}\">\n\t\t\t\t\t<div class=\"e-con-inner\">\n\t\t\t\t<div class=\"elementor-element elementor-element-iwgcn-sami-cch elementor-widget elementor-widget-heading\" data-id=\"iwgcn-sami-cch\" data-element_type=\"widget\" data-e-type=\"widget\" data-widget_type=\"heading.default\">\n\t\t\t\t\t<h2 class=\"elementor-heading-title elementor-size-default\">Verndargripir \u00ed \u00feessari menningarhef\u00f0<\/h2>\t\t\t\t<\/div>\n\t\t\t\t<div class=\"elementor-element elementor-element-iwgcn-sami-cct elementor-widget elementor-widget-text-editor\" data-id=\"iwgcn-sami-cct\" data-element_type=\"widget\" data-e-type=\"widget\" data-widget_type=\"text-editor.default\">\n\t\t\t\t\t\t\t\t\t<p>Baltnesk hef\u00f0 \u00feekkir vandlega var\u00f0veitt arineld Gabija, heimilissn\u00e1kinn Zaltys sem f\u00f3\u00f0ra\u00f0ur var mj\u00f3lk og gegndi hlutverki lifandi verndard\u00fdrs, og tv\u00edr\u00e6\u00f0a heimilisandra \u00e1 bor\u00f0 vi\u00f0 Kaukas og hinn eldlega Aitvaras, sem f\u00e6ra vels\u00e6ld en einnig \u00f3g\u00e6fu ef vanvirtir eru. B\u00e6rileg am\u00falett eru sjaldnar sta\u00f0fest \u00ed heimildum en \u00feessi h\u00fas- og b\u00e6jarbundnu verndarform, samb\u00e6rileg \u00ed mesta lagi vi\u00f0 <a href=\"https:\/\/iwell-guard.com\/is\/jarn-og-kalt-jarn\/\">j\u00e1rn<\/a> e\u00f0a <a href=\"https:\/\/iwell-guard.com\/is\/verndarpokar-og-breverl\/\">verndarpoka<\/a> annarra menningarheima. Yfirlit yfir verndargripi \u00fdmissa hef\u00f0a m\u00e1 finna \u00ed <a href=\"https:\/\/iwell-guard.com\/is\/verndarleidarvisir\/\">Schutz-Kompass<\/a> (verndarlei\u00f0arv\u00edsi).<\/p><div data-nosnippet=\"true\"><p>iWell Guard fellur inn \u00ed \u00feessa menningars\u00f6gulegu hef\u00f0 b\u00e6rilegra verndargripa, hanna\u00f0ur \u00ed n\u00fat\u00edmalegri efnisarkitekt\u00far, framleiddur \u00ed \u00de\u00fdskalandi. 41 lag, ekta gull, plat\u00edna, silfur. 30 daga skilar\u00e9ttur.<\/p><\/div>\t\t\t\t\t\t\t\t<\/div>\n\t\t\t\t<div class=\"elementor-element elementor-element-iwgcn-sami-ccb iwg-cc-button iwg-cc-cta-2026-05-13 elementor-widget elementor-widget-jet-button\" data-id=\"iwgcn-sami-ccb\" data-element_type=\"widget\" data-e-type=\"widget\" data-widget_type=\"jet-button.default\">\n\t\t\t\t<div class=\"elementor-widget-container\">\n\t\t\t\t\t<div class=\"elementor-jet-button jet-elements\"><div class=\"jet-button__container\"><a class=\"jet-button__instance jet-button__instance--icon-left hover-effect-1\" href=\"\/ueber-iwell-guard\/?utm_source=iwell-guard.com&amp;utm_medium=info-box&amp;utm_campaign=kultur-tradition\"><div class=\"jet-button__plane jet-button__plane-normal\"><\/div><div class=\"jet-button__plane jet-button__plane-hover\"><\/div><div class=\"jet-button__state jet-button__state-normal\"><span class=\"jet-button__label\">Meira um iWell Guard<\/span><\/div><div class=\"jet-button__state jet-button__state-hover\"><span class=\"jet-button__label\">Meira um iWell Guard<\/span><\/div><\/a><\/div><\/div><style>.elementor-element.elementor-element-iwgcn-sami-ccb .jet-button__instance{width:320px;height:56px;}.elementor-element.elementor-element-iwgcn-sami-ccb .jet-button__state-normal .jet-button__label{text-align:center;margin:0px 0px 0px 0px;color:#1a1b20;font-family:Montserrat,sans-serif;font-size:13px;font-weight:400;letter-spacing:4px;line-height:1.714em;text-transform:uppercase;}.elementor-element.elementor-element-iwgcn-sami-ccb .jet-button__state-hover .jet-button__label{text-align:center;margin:0px 0px 0px 0px;color:#FECC76;font-family:Montserrat,sans-serif;font-size:13px;font-weight:400;letter-spacing:4px;line-height:1.714em;text-transform:uppercase;}.elementor-element.elementor-element-iwgcn-sami-ccb .jet-button__plane-normal{background-color:#FECC76;border-style:solid;border-color:#C99540;border-width:2px 2px 2px 2px;}.elementor-element.elementor-element-iwgcn-sami-ccb .jet-button__plane-hover{background-color:rgba(0,0,0,0.55);border-style:solid;border-color:#FECC76;border-width:2px 2px 2px 2px;}<\/style>\t\t\t\t<\/div>\n\t\t\t\t<\/div>\n\t\t\t\t<div class=\"elementor-element elementor-element-iwgcn-sami-ccd elementor-widget elementor-widget-text-editor\" data-id=\"iwgcn-sami-ccd\" data-element_type=\"widget\" data-e-type=\"widget\" data-widget_type=\"text-editor.default\">\n\t\t\t\t\t\t\t\t\t<div data-nosnippet=\"true\"><p style=\"text-align:center;font-size:13px;opacity:0.7;margin-top:14px\" data-nosnippet=\"true\">Pers\u00f3nuleg reynsla getur veri\u00f0 mismunandi. Ekki l\u00e6kningat\u00e6ki. Engin lofor\u00f0 um l\u00e6kningu.<\/p><\/div>\t\t\t\t\t\t\t\t<\/div>\n\t\t\t\t\t<\/div>\n\t\t\t\t<\/div>\n\t\t\t\t\t<\/div>\n\t\t\t\t<\/div>\n\t\t<div class=\"elementor-element elementor-element-iwgcn-sami-disc e-flex e-con-boxed e-con e-parent\" data-id=\"iwgcn-sami-disc\" data-element_type=\"container\" data-e-type=\"container\">\n\t\t\t\t\t<div class=\"e-con-inner\">\n\t\t\t\t<div class=\"elementor-element elementor-element-iwgcn-sami-discw elementor-widget elementor-widget-html\" data-id=\"iwgcn-sami-discw\" data-element_type=\"widget\" data-e-type=\"widget\" data-widget_type=\"html.default\">\n\t\t\t\t\t<footer data-nosnippet=\"true\" class=\"iwg-disclaimer-block\"><p data-nosnippet=\"true\">iWell Guard er <strong>ekki l\u00e6kningat\u00e6ki<\/strong> og kemur ekki \u00ed sta\u00f0inn fyrir l\u00e6knis- e\u00f0a s\u00e1lfr\u00e6\u00f0ime\u00f0fer\u00f0. Tr\u00faarfr\u00e6\u00f0ilegt efni er menningars\u00f6gulegt samhengi, ekki r\u00e1\u00f0legging um andlega i\u00f0kun.<\/p><\/footer>\t\t\t\t<\/div>\n\t\t\t\t\t<\/div>\n\t\t\t\t<\/div>\n\t\t\t\t<\/div>\n\t\t","protected":false},"excerpt":{"rendered":"","protected":false},"author":3,"featured_media":20404,"parent":0,"menu_order":0,"comment_status":"closed","ping_status":"closed","template":"elementor_header_footer","meta":{"_yoast_wpseo_focuskw":"baltnesk go\u00f0afr\u00e6\u00f0i","_yoast_wpseo_title":"Baltnesk go\u00f0afr\u00e6\u00f0i: gu\u00f0ir Lith\u00e1ens og Lettlands","_yoast_wpseo_metadesc":"Perk\u016bnas, Gabija og heimilisslangan Zaltys: baltnesk go\u00f0afr\u00e6\u00f0i Lith\u00e1ens og Lettlands \u00fatsk\u00fdr\u00f0 \u00e1 tr\u00faars\u00f6guv\u00edsindalegan h\u00e1tt.","_yoast_wpseo_meta-robots-noindex":"","_yoast_wpseo_canonical":"","_angie_page":false,"gefaehrdungsstufe":"","wesen_kultur":"","wesen_klasse":"","footnotes":""},"categories":[],"class_list":["post-169856","page","type-page","status-publish","has-post-thumbnail","hentry"],"yoast_head":"<!-- This site is optimized with the Yoast SEO Premium plugin v27.7 (Yoast SEO v28.3) - https:\/\/yoast.com\/product\/yoast-seo-premium-wordpress\/ -->\n<title>Baltnesk go\u00f0afr\u00e6\u00f0i: gu\u00f0ir Lith\u00e1ens og Lettlands<\/title>\n<meta name=\"description\" content=\"Perk\u016bnas, Gabija og heimilisslangan Zaltys: baltnesk go\u00f0afr\u00e6\u00f0i Lith\u00e1ens og Lettlands \u00fatsk\u00fdr\u00f0 \u00e1 tr\u00faars\u00f6guv\u00edsindalegan h\u00e1tt.\" \/>\n<meta name=\"robots\" content=\"index, follow, max-snippet:-1, max-image-preview:large, max-video-preview:-1\" \/>\n<link rel=\"canonical\" href=\"https:\/\/iwell-guard.com\/is\/baltnesk-godafraedi\/\" \/>\n<meta property=\"og:locale\" content=\"is_IS\" \/>\n<meta property=\"og:type\" content=\"article\" \/>\n<meta property=\"og:title\" content=\"Baltnesk go\u00f0afr\u00e6\u00f0i\" \/>\n<meta property=\"og:description\" content=\"Perk\u016bnas, Gabija og heimilisslangan Zaltys: baltnesk go\u00f0afr\u00e6\u00f0i Lith\u00e1ens og Lettlands \u00fatsk\u00fdr\u00f0 \u00e1 tr\u00faars\u00f6guv\u00edsindalegan h\u00e1tt.\" \/>\n<meta property=\"og:url\" content=\"https:\/\/iwell-guard.com\/is\/baltnesk-godafraedi\/\" \/>\n<meta property=\"og:site_name\" content=\"iWell Guard\" \/>\n<meta property=\"article:modified_time\" content=\"2026-09-05T14:58:21+00:00\" \/>\n<meta property=\"og:image\" content=\"https:\/\/iwell-guard.com\/wp-content\/uploads\/2026\/07\/goetter_baltikum_medeina.webp\" \/>\n\t<meta property=\"og:image:width\" content=\"1024\" \/>\n\t<meta property=\"og:image:height\" content=\"1536\" \/>\n\t<meta property=\"og:image:type\" content=\"image\/webp\" \/>\n<meta name=\"twitter:card\" content=\"summary_large_image\" \/>\n<script type=\"application\/ld+json\" class=\"yoast-schema-graph\">{\"@context\":\"https:\\\/\\\/schema.org\",\"@graph\":[{\"@type\":\"WebPage\",\"@id\":\"https:\\\/\\\/iwell-guard.com\\\/is\\\/baltnesk-godafraedi\\\/\",\"url\":\"https:\\\/\\\/iwell-guard.com\\\/is\\\/baltnesk-godafraedi\\\/\",\"name\":\"Baltnesk go\u00f0afr\u00e6\u00f0i: gu\u00f0ir Lith\u00e1ens og Lettlands\",\"isPartOf\":{\"@id\":\"https:\\\/\\\/iwell-guard.com\\\/is\\\/#website\"},\"primaryImageOfPage\":{\"@id\":\"https:\\\/\\\/iwell-guard.com\\\/is\\\/baltnesk-godafraedi\\\/#primaryimage\"},\"image\":{\"@id\":\"https:\\\/\\\/iwell-guard.com\\\/is\\\/baltnesk-godafraedi\\\/#primaryimage\"},\"thumbnailUrl\":\"https:\\\/\\\/iwell-guard.com\\\/wp-content\\\/uploads\\\/2026\\\/07\\\/goetter_baltikum_medeina.webp\",\"datePublished\":\"2026-09-05T14:12:18+00:00\",\"dateModified\":\"2026-09-05T14:58:21+00:00\",\"description\":\"Perk\u016bnas, Gabija og heimilisslangan Zaltys: baltnesk go\u00f0afr\u00e6\u00f0i Lith\u00e1ens og Lettlands \u00fatsk\u00fdr\u00f0 \u00e1 tr\u00faars\u00f6guv\u00edsindalegan h\u00e1tt.\",\"breadcrumb\":{\"@id\":\"https:\\\/\\\/iwell-guard.com\\\/is\\\/baltnesk-godafraedi\\\/#breadcrumb\"},\"inLanguage\":\"is\",\"potentialAction\":[{\"@type\":\"ReadAction\",\"target\":[\"https:\\\/\\\/iwell-guard.com\\\/is\\\/baltnesk-godafraedi\\\/\"]}]},{\"@type\":\"ImageObject\",\"inLanguage\":\"is\",\"@id\":\"https:\\\/\\\/iwell-guard.com\\\/is\\\/baltnesk-godafraedi\\\/#primaryimage\",\"url\":\"https:\\\/\\\/iwell-guard.com\\\/wp-content\\\/uploads\\\/2026\\\/07\\\/goetter_baltikum_medeina.webp\",\"contentUrl\":\"https:\\\/\\\/iwell-guard.com\\\/wp-content\\\/uploads\\\/2026\\\/07\\\/goetter_baltikum_medeina.webp\",\"width\":1024,\"height\":1536,\"caption\":\"Medeina, gy\u00f0ja baltneskrar arfsagnar\"},{\"@type\":\"BreadcrumbList\",\"@id\":\"https:\\\/\\\/iwell-guard.com\\\/is\\\/baltnesk-godafraedi\\\/#breadcrumb\",\"itemListElement\":[{\"@type\":\"ListItem\",\"position\":1,\"name\":\"Start\",\"item\":\"https:\\\/\\\/iwell-guard.com\\\/is\\\/?page_id=168580\"},{\"@type\":\"ListItem\",\"position\":2,\"name\":\"Baltnesk go\u00f0afr\u00e6\u00f0i\"}]},{\"@type\":\"WebSite\",\"@id\":\"https:\\\/\\\/iwell-guard.com\\\/is\\\/#website\",\"url\":\"https:\\\/\\\/iwell-guard.com\\\/is\\\/\",\"name\":\"iWell Guard\",\"description\":\"Schutz vor dunklen Einfl\u00fcssen\",\"publisher\":{\"@id\":\"https:\\\/\\\/iwell-guard.com\\\/is\\\/#organization\"},\"potentialAction\":[{\"@type\":\"SearchAction\",\"target\":{\"@type\":\"EntryPoint\",\"urlTemplate\":\"https:\\\/\\\/iwell-guard.com\\\/is\\\/?s={search_term_string}\"},\"query-input\":{\"@type\":\"PropertyValueSpecification\",\"valueRequired\":true,\"valueName\":\"search_term_string\"}}],\"inLanguage\":\"is\"},{\"@type\":\"Organization\",\"@id\":\"https:\\\/\\\/iwell-guard.com\\\/is\\\/#organization\",\"name\":\"Ittermann electronic GmbH\",\"url\":\"https:\\\/\\\/iwell-guard.com\\\/is\\\/\",\"logo\":{\"@type\":\"ImageObject\",\"inLanguage\":\"is\",\"@id\":\"https:\\\/\\\/iwell-guard.com\\\/is\\\/#\\\/schema\\\/logo\\\/image\\\/\",\"url\":\"https:\\\/\\\/iwell-guard.com\\\/wp-content\\\/uploads\\\/2026\\\/05\\\/Ittermann-Logo-1182x237-1.png\",\"contentUrl\":\"https:\\\/\\\/iwell-guard.com\\\/wp-content\\\/uploads\\\/2026\\\/05\\\/Ittermann-Logo-1182x237-1.png\",\"width\":1182,\"height\":237,\"caption\":\"Ittermann electronic GmbH\"},\"image\":{\"@id\":\"https:\\\/\\\/iwell-guard.com\\\/is\\\/#\\\/schema\\\/logo\\\/image\\\/\"},\"sameAs\":[\"https:\\\/\\\/pantip.com\\\/profile\\\/9367242\",\"https:\\\/\\\/micro.blog\\\/iwellguard\",\"https:\\\/\\\/www.diggerslist.com\\\/iwellguard\\\/about\",\"https:\\\/\\\/skitterphoto.com\\\/photographers\\\/2870314\\\/iwell-guard\",\"https:\\\/\\\/iwellguard.wordpress.com\\\/2026\\\/06\\\/06\\\/iwell-guard\\\/\",\"https:\\\/\\\/hub.docker.com\\\/u\\\/iwellguard\",\"https:\\\/\\\/www.pinterest.com\\\/iwellguard\\\/\",\"https:\\\/\\\/bit.ly\\\/m\\\/iwellguard\",\"https:\\\/\\\/entre-vos-mains.alsace.eu\\\/profiles\\\/iwellguard\\\/activity\",\"https:\\\/\\\/gravatar.com\\\/reallybeded8fd34\",\"https:\\\/\\\/naijamatta.com\\\/iwellguard\",\"https:\\\/\\\/www.goodreads.com\\\/iwellguard\",\"https:\\\/\\\/profile.hatena.ne.jp\\\/iwellguard\\\/\",\"https:\\\/\\\/experiment.com\\\/users\\\/iwellguard\",\"https:\\\/\\\/wakelet.com\\\/@iWellGuard82270\",\"https:\\\/\\\/www.chordie.com\\\/forum\\\/profile.php?id=2555664\",\"https:\\\/\\\/www.instapaper.com\\\/p\\\/17757966\",\"https:\\\/\\\/www.mapleprimes.com\\\/users\\\/iwellguard\",\"https:\\\/\\\/businesslistingplus.com\\\/profile\\\/iwell-guard\\\/\",\"https:\\\/\\\/telegra.ph\\\/iWell-Guard-06-06\",\"https:\\\/\\\/pbase.com\\\/iwellguard\\\/iwellguard\",\"https:\\\/\\\/b.hatena.ne.jp\\\/iwellguard\\\/20260607#bookmark-4788405196491818882\",\"https:\\\/\\\/fliphtml5.com\\\/home\\\/iwellguard\",\"https:\\\/\\\/anyflip.com\\\/homepage\\\/cmiwl#About\",\"https:\\\/\\\/transfur.com\\\/Users\\\/iwellguard\",\"http:\\\/\\\/delphi.larsbo.org\\\/user\\\/iwellguard\",\"https:\\\/\\\/jobs.lajobsportal.org\\\/profiles\\\/8380803-iwell-guard\",\"https:\\\/\\\/md.chaosdorf.de\\\/s\\\/jfbe5SBdJD\",\"https:\\\/\\\/www.lingvolive.com\\\/en-us\\\/profile\\\/9ecaeaca-ce11-4e51-9e71-01d55e2bff36\\\/translations\",\"https:\\\/\\\/www.fitday.com\\\/fitness\\\/forums\\\/members\\\/iwellguard.html\",\"https:\\\/\\\/www.mymeetbook.com\\\/iwellguard\",\"https:\\\/\\\/pxhere.com\\\/en\\\/photographer-me\\\/5040798\",\"https:\\\/\\\/disqus.com\\\/by\\\/iwellguard\\\/about\\\/\",\"https:\\\/\\\/pastelink.net\\\/hjwciqwq\",\"https:\\\/\\\/pubhtml5.com\\\/homepage\\\/scjhn\\\/\",\"https:\\\/\\\/www.bitchute.com\\\/channel\\\/2O2eOKzNqujT\",\"https:\\\/\\\/audiomack.com\\\/iwellguard\"]}]}<\/script>\n<!-- \/ Yoast SEO Premium plugin. -->","yoast_head_json":{"title":"Baltnesk go\u00f0afr\u00e6\u00f0i: gu\u00f0ir Lith\u00e1ens og Lettlands","description":"Perk\u016bnas, Gabija og heimilisslangan Zaltys: baltnesk go\u00f0afr\u00e6\u00f0i Lith\u00e1ens og Lettlands \u00fatsk\u00fdr\u00f0 \u00e1 tr\u00faars\u00f6guv\u00edsindalegan h\u00e1tt.","robots":{"index":"index","follow":"follow","max-snippet":"max-snippet:-1","max-image-preview":"max-image-preview:large","max-video-preview":"max-video-preview:-1"},"canonical":"https:\/\/iwell-guard.com\/is\/baltnesk-godafraedi\/","og_locale":"is_IS","og_type":"article","og_title":"Baltnesk go\u00f0afr\u00e6\u00f0i","og_description":"Perk\u016bnas, Gabija og heimilisslangan Zaltys: baltnesk go\u00f0afr\u00e6\u00f0i Lith\u00e1ens og Lettlands \u00fatsk\u00fdr\u00f0 \u00e1 tr\u00faars\u00f6guv\u00edsindalegan h\u00e1tt.","og_url":"https:\/\/iwell-guard.com\/is\/baltnesk-godafraedi\/","og_site_name":"iWell Guard","article_modified_time":"2026-09-05T14:58:21+00:00","og_image":[{"width":1024,"height":1536,"url":"https:\/\/iwell-guard.com\/wp-content\/uploads\/2026\/07\/goetter_baltikum_medeina.webp","type":"image\/webp"}],"twitter_card":"summary_large_image","schema":{"@context":"https:\/\/schema.org","@graph":[{"@type":"WebPage","@id":"https:\/\/iwell-guard.com\/is\/baltnesk-godafraedi\/","url":"https:\/\/iwell-guard.com\/is\/baltnesk-godafraedi\/","name":"Baltnesk go\u00f0afr\u00e6\u00f0i: gu\u00f0ir Lith\u00e1ens og Lettlands","isPartOf":{"@id":"https:\/\/iwell-guard.com\/is\/#website"},"primaryImageOfPage":{"@id":"https:\/\/iwell-guard.com\/is\/baltnesk-godafraedi\/#primaryimage"},"image":{"@id":"https:\/\/iwell-guard.com\/is\/baltnesk-godafraedi\/#primaryimage"},"thumbnailUrl":"https:\/\/iwell-guard.com\/wp-content\/uploads\/2026\/07\/goetter_baltikum_medeina.webp","datePublished":"2026-09-05T14:12:18+00:00","dateModified":"2026-09-05T14:58:21+00:00","description":"Perk\u016bnas, Gabija og heimilisslangan Zaltys: baltnesk go\u00f0afr\u00e6\u00f0i Lith\u00e1ens og Lettlands \u00fatsk\u00fdr\u00f0 \u00e1 tr\u00faars\u00f6guv\u00edsindalegan h\u00e1tt.","breadcrumb":{"@id":"https:\/\/iwell-guard.com\/is\/baltnesk-godafraedi\/#breadcrumb"},"inLanguage":"is","potentialAction":[{"@type":"ReadAction","target":["https:\/\/iwell-guard.com\/is\/baltnesk-godafraedi\/"]}]},{"@type":"ImageObject","inLanguage":"is","@id":"https:\/\/iwell-guard.com\/is\/baltnesk-godafraedi\/#primaryimage","url":"https:\/\/iwell-guard.com\/wp-content\/uploads\/2026\/07\/goetter_baltikum_medeina.webp","contentUrl":"https:\/\/iwell-guard.com\/wp-content\/uploads\/2026\/07\/goetter_baltikum_medeina.webp","width":1024,"height":1536,"caption":"Medeina, gy\u00f0ja baltneskrar arfsagnar"},{"@type":"BreadcrumbList","@id":"https:\/\/iwell-guard.com\/is\/baltnesk-godafraedi\/#breadcrumb","itemListElement":[{"@type":"ListItem","position":1,"name":"Start","item":"https:\/\/iwell-guard.com\/is\/?page_id=168580"},{"@type":"ListItem","position":2,"name":"Baltnesk go\u00f0afr\u00e6\u00f0i"}]},{"@type":"WebSite","@id":"https:\/\/iwell-guard.com\/is\/#website","url":"https:\/\/iwell-guard.com\/is\/","name":"iWell Guard","description":"Schutz vor dunklen Einfl\u00fcssen","publisher":{"@id":"https:\/\/iwell-guard.com\/is\/#organization"},"potentialAction":[{"@type":"SearchAction","target":{"@type":"EntryPoint","urlTemplate":"https:\/\/iwell-guard.com\/is\/?s={search_term_string}"},"query-input":{"@type":"PropertyValueSpecification","valueRequired":true,"valueName":"search_term_string"}}],"inLanguage":"is"},{"@type":"Organization","@id":"https:\/\/iwell-guard.com\/is\/#organization","name":"Ittermann electronic GmbH","url":"https:\/\/iwell-guard.com\/is\/","logo":{"@type":"ImageObject","inLanguage":"is","@id":"https:\/\/iwell-guard.com\/is\/#\/schema\/logo\/image\/","url":"https:\/\/iwell-guard.com\/wp-content\/uploads\/2026\/05\/Ittermann-Logo-1182x237-1.png","contentUrl":"https:\/\/iwell-guard.com\/wp-content\/uploads\/2026\/05\/Ittermann-Logo-1182x237-1.png","width":1182,"height":237,"caption":"Ittermann electronic GmbH"},"image":{"@id":"https:\/\/iwell-guard.com\/is\/#\/schema\/logo\/image\/"},"sameAs":["https:\/\/pantip.com\/profile\/9367242","https:\/\/micro.blog\/iwellguard","https:\/\/www.diggerslist.com\/iwellguard\/about","https:\/\/skitterphoto.com\/photographers\/2870314\/iwell-guard","https:\/\/iwellguard.wordpress.com\/2026\/06\/06\/iwell-guard\/","https:\/\/hub.docker.com\/u\/iwellguard","https:\/\/www.pinterest.com\/iwellguard\/","https:\/\/bit.ly\/m\/iwellguard","https:\/\/entre-vos-mains.alsace.eu\/profiles\/iwellguard\/activity","https:\/\/gravatar.com\/reallybeded8fd34","https:\/\/naijamatta.com\/iwellguard","https:\/\/www.goodreads.com\/iwellguard","https:\/\/profile.hatena.ne.jp\/iwellguard\/","https:\/\/experiment.com\/users\/iwellguard","https:\/\/wakelet.com\/@iWellGuard82270","https:\/\/www.chordie.com\/forum\/profile.php?id=2555664","https:\/\/www.instapaper.com\/p\/17757966","https:\/\/www.mapleprimes.com\/users\/iwellguard","https:\/\/businesslistingplus.com\/profile\/iwell-guard\/","https:\/\/telegra.ph\/iWell-Guard-06-06","https:\/\/pbase.com\/iwellguard\/iwellguard","https:\/\/b.hatena.ne.jp\/iwellguard\/20260607#bookmark-4788405196491818882","https:\/\/fliphtml5.com\/home\/iwellguard","https:\/\/anyflip.com\/homepage\/cmiwl#About","https:\/\/transfur.com\/Users\/iwellguard","http:\/\/delphi.larsbo.org\/user\/iwellguard","https:\/\/jobs.lajobsportal.org\/profiles\/8380803-iwell-guard","https:\/\/md.chaosdorf.de\/s\/jfbe5SBdJD","https:\/\/www.lingvolive.com\/en-us\/profile\/9ecaeaca-ce11-4e51-9e71-01d55e2bff36\/translations","https:\/\/www.fitday.com\/fitness\/forums\/members\/iwellguard.html","https:\/\/www.mymeetbook.com\/iwellguard","https:\/\/pxhere.com\/en\/photographer-me\/5040798","https:\/\/disqus.com\/by\/iwellguard\/about\/","https:\/\/pastelink.net\/hjwciqwq","https:\/\/pubhtml5.com\/homepage\/scjhn\/","https:\/\/www.bitchute.com\/channel\/2O2eOKzNqujT","https:\/\/audiomack.com\/iwellguard"]}]}},"_links":{"self":[{"href":"https:\/\/iwell-guard.com\/is\/wp-json\/wp\/v2\/pages\/169856","targetHints":{"allow":["GET"]}}],"collection":[{"href":"https:\/\/iwell-guard.com\/is\/wp-json\/wp\/v2\/pages"}],"about":[{"href":"https:\/\/iwell-guard.com\/is\/wp-json\/wp\/v2\/types\/page"}],"author":[{"embeddable":true,"href":"https:\/\/iwell-guard.com\/is\/wp-json\/wp\/v2\/users\/3"}],"replies":[{"embeddable":true,"href":"https:\/\/iwell-guard.com\/is\/wp-json\/wp\/v2\/comments?post=169856"}],"version-history":[{"count":0,"href":"https:\/\/iwell-guard.com\/is\/wp-json\/wp\/v2\/pages\/169856\/revisions"}],"wp:featuredmedia":[{"embeddable":true,"href":"https:\/\/iwell-guard.com\/is\/wp-json\/wp\/v2\/media\/20404"}],"wp:attachment":[{"href":"https:\/\/iwell-guard.com\/is\/wp-json\/wp\/v2\/media?parent=169856"}],"wp:term":[{"taxonomy":"category","embeddable":true,"href":"https:\/\/iwell-guard.com\/is\/wp-json\/wp\/v2\/categories?post=169856"}],"curies":[{"name":"wp","href":"https:\/\/api.w.org\/{rel}","templated":true}]}}